{"id":168849,"date":"2026-09-05T14:03:29","date_gmt":"2026-09-05T14:03:29","guid":{"rendered":"https:\/\/iwell-guard.com\/?page_id=168849"},"modified":"2026-09-05T14:21:03","modified_gmt":"2026-09-05T14:21:03","slug":"astaroth","status":"publish","type":"page","link":"https:\/\/iwell-guard.com\/is\/astaroth\/","title":{"rendered":"Astaroth"},"content":{"rendered":"\t\t<div data-elementor-type=\"wp-page\" data-elementor-id=\"168849\" class=\"elementor elementor-168849 elementor-2162 elementor-bc-flex-widget\" data-elementor-post-type=\"page\">\n\t\t\t\t<div class=\"elementor-element elementor-element-10fdade e-flex e-con-boxed e-con e-parent\" data-id=\"10fdade\" data-element_type=\"container\" data-e-type=\"container\" data-settings=\"{&quot;background_background&quot;:&quot;classic&quot;}\">\n\t\t\t\t\t<div class=\"e-con-inner\">\n\t\t<div class=\"elementor-element elementor-element-herohlft0 e-flex e-con-boxed e-con e-child\" data-id=\"herohlft0\" data-element_type=\"container\" data-e-type=\"container\">\n\t\t\t\t\t<div class=\"e-con-inner\">\n\t\t<div class=\"elementor-element elementor-element-c3ceb64 e-con-full e-flex e-con e-child\" data-id=\"c3ceb64\" data-element_type=\"container\" data-e-type=\"container\">\n\t\t\t\t<div class=\"elementor-element elementor-element-96ae5e1 elementor-widget elementor-widget-heading\" data-id=\"96ae5e1\" data-element_type=\"widget\" data-e-type=\"widget\" data-widget_type=\"heading.default\">\n\t\t\t\t\t<h1 class=\"elementor-heading-title elementor-size-default\">Astaroth, dj\u00f6full kristinnar hef\u00f0ar<\/h1>\t\t\t\t<\/div>\n\t\t\t\t<div class=\"elementor-element elementor-element-e45238a elementor-widget elementor-widget-text-editor\" data-id=\"e45238a\" data-element_type=\"widget\" data-e-type=\"widget\" data-widget_type=\"text-editor.default\">\n\t\t\t\t\t\t\t\t\t<p>Astaroth er \u00ed kristinni vestr\u00e6nni dj\u00f6flafr\u00e6\u00f0i voldugur <span class=\"iwg-fachbegriff\" data-tooltip=\"Andlegt vera sem talin er valda ska\u00f0legum e\u00f0a tv\u00edr\u00e6\u00f0um \u00e1hrifum.\" tabindex=\"0\">dj\u00f6full<\/span> e\u00f0a dj\u00f6flafursti, oft s\u00fdndur sem kvenkyns e\u00f0a kynlaus vera. Tr\u00faarfr\u00e6\u00f0ilega s\u00e9\u00f0 s\u00fdnir Astaroth hvernig forn austurlensk gu\u00f0veldi (s\u00e9rstaklega ass\u00fdr\u00edsk-f\u00f6nik\u00edska Astarte) voru breytt \u00ed dj\u00f6fullegar f\u00edg\u00farur af kristnum villutr\u00faarfr\u00e6\u00f0ingum.<\/p>\t\t\t\t\t\t\t\t<\/div>\n\t\t\t\t<\/div>\n\t\t<div class=\"elementor-element elementor-element-klsbdg01 e-con-full e-flex e-con e-parent\" data-id=\"klsbdg01\" data-element_type=\"container\" data-e-type=\"container\">\n\t\t\t\t<div class=\"elementor-element elementor-element-klshtm01 elementor-widget elementor-widget-html\" data-id=\"klshtm01\" data-element_type=\"widget\" data-e-type=\"widget\" data-widget_type=\"html.default\">\n\t\t\t\t\t<div class=\"iwg-pill-row\"><span class=\"iwg-klasse-badge\" tabindex=\"0\" data-tooltip=\"Dj\u00f6full \/ dj\u00f6flynja: Yfirn\u00e1tt\u00faruleg vera sem oftast hefur ska\u00f0lega e\u00f0a tv\u00edr\u00e6\u00f0a verkun. Stendur milli gu\u00f0a og manna, veldur sj\u00fakd\u00f3mum, freistingum e\u00f0a \u00f3heillum og er hrakin \u00e1 brott me\u00f0 \u00e1kalli, verndargripum og ath\u00f6fnum.\">Dj\u00f6full<\/span><a href=\"https:\/\/iwell-guard.com\/is\/?page_id=168612\" class=\"iwg-kultur-badge\" tabindex=\"0\" data-tooltip=\"Kristin hef\u00f0 me\u00f0 englum s\u00ednum, dj\u00f6flum og dul\u00fa\u00f0ugum verum.\">Kristni<\/a><a href=\"https:\/\/iwell-guard.com\/is\/?page_id=168869\" class=\"iwg-tradition-badge\" tabindex=\"0\" data-tooltip=\"Dj\u00f6flafr\u00e6\u00f0i s\u00ed\u00f0mi\u00f0alda og upphafs n\u00fdaldar \u00ed hef\u00f0 Lemegeton.\">Goetia<\/a><\/div>\t\t\t\t<\/div>\n\t\t\t\t<\/div>\n\t\t<div class=\"elementor-element elementor-element-3f74855 e-con-full e-flex e-con e-child\" data-id=\"3f74855\" data-element_type=\"container\" data-e-type=\"container\">\n\t\t\t\t<div class=\"elementor-element elementor-element-1c30362 elementor-toc--minimized-on-tablet elementor-widget elementor-widget-table-of-contents\" data-id=\"1c30362\" data-element_type=\"widget\" data-e-type=\"widget\" data-settings=\"{&quot;exclude_headings_by_selector&quot;:[],&quot;no_headings_message&quot;:&quot;Engar undirfyrirsagnir fundust \\u00e1 \\u00feessari s\\u00ed\\u00f0u.&quot;,&quot;headings_by_tags&quot;:[&quot;h2&quot;,&quot;h3&quot;],&quot;marker_view&quot;:&quot;bullets&quot;,&quot;minimize_box&quot;:&quot;yes&quot;,&quot;icon&quot;:{&quot;value&quot;:&quot;fas fa-circle&quot;,&quot;library&quot;:&quot;fa-solid&quot;,&quot;rendered_tag&quot;:&quot;&lt;svg class=\\&quot;e-font-icon-svg e-fas-circle\\&quot; viewBox=\\&quot;0 0 512 512\\&quot; xmlns=\\&quot;http:\\\/\\\/www.w3.org\\\/2000\\\/svg\\&quot;&gt;&lt;path d=\\&quot;M256 8C119 8 8 119 8 256s111 248 248 248 248-111 248-248S393 8 256 8z\\&quot;&gt;&lt;\\\/path&gt;&lt;\\\/svg&gt;&quot;},&quot;minimized_on&quot;:&quot;tablet&quot;,&quot;hierarchical_view&quot;:&quot;yes&quot;,&quot;min_height&quot;:{&quot;unit&quot;:&quot;px&quot;,&quot;size&quot;:&quot;&quot;,&quot;sizes&quot;:[]},&quot;min_height_tablet&quot;:{&quot;unit&quot;:&quot;px&quot;,&quot;size&quot;:&quot;&quot;,&quot;sizes&quot;:[]},&quot;min_height_mobile&quot;:{&quot;unit&quot;:&quot;px&quot;,&quot;size&quot;:&quot;&quot;,&quot;sizes&quot;:[]}}\" data-widget_type=\"table-of-contents.default\">\n\t\t\t\t\t\t\t\t\t<div class=\"elementor-toc__header\">\n\t\t\t\t\t\t<h2 class=\"elementor-toc__header-title\">\n\t\t\t\tEfnisyfirlit\t\t\t<\/h2>\n\t\t\t\t\t\t\t\t\t\t<div class=\"elementor-toc__toggle-button elementor-toc__toggle-button--expand\" role=\"button\" tabindex=\"0\" aria-controls=\"elementor-toc__1c30362\" aria-expanded=\"true\" aria-label=\"Open table of contents\"><svg aria-hidden=\"true\" class=\"e-font-icon-svg e-fas-chevron-down\" viewBox=\"0 0 448 512\" xmlns=\"http:\/\/www.w3.org\/2000\/svg\"><path d=\"M207.029 381.476L12.686 187.132c-9.373-9.373-9.373-24.569 0-33.941l22.667-22.667c9.357-9.357 24.522-9.375 33.901-.04L224 284.505l154.745-154.021c9.379-9.335 24.544-9.317 33.901.04l22.667 22.667c9.373 9.373 9.373 24.569 0 33.941L240.971 381.476c-9.373 9.372-24.569 9.372-33.942 0z\"><\/path><\/svg><\/div>\n\t\t\t\t<div class=\"elementor-toc__toggle-button elementor-toc__toggle-button--collapse\" role=\"button\" tabindex=\"0\" aria-controls=\"elementor-toc__1c30362\" aria-expanded=\"true\" aria-label=\"Close table of contents\"><svg aria-hidden=\"true\" class=\"e-font-icon-svg e-fas-chevron-up\" viewBox=\"0 0 448 512\" xmlns=\"http:\/\/www.w3.org\/2000\/svg\"><path d=\"M240.971 130.524l194.343 194.343c9.373 9.373 9.373 24.569 0 33.941l-22.667 22.667c-9.357 9.357-24.522 9.375-33.901.04L224 227.495 69.255 381.516c-9.379 9.335-24.544 9.317-33.901-.04l-22.667-22.667c-9.373-9.373-9.373-24.569 0-33.941L207.03 130.525c9.372-9.373 24.568-9.373 33.941-.001z\"><\/path><\/svg><\/div>\n\t\t\t\t\t<\/div>\n\t\t\t\t<div id=\"elementor-toc__1c30362\" class=\"elementor-toc__body\">\n\t\t\t<div class=\"elementor-toc__spinner-container\">\n\t\t\t\t<svg class=\"elementor-toc__spinner eicon-animation-spin e-font-icon-svg e-eicon-loading\" aria-hidden=\"true\" viewBox=\"0 0 1000 1000\" xmlns=\"http:\/\/www.w3.org\/2000\/svg\"><path d=\"M500 975V858C696 858 858 696 858 500S696 142 500 142 142 304 142 500H25C25 237 238 25 500 25S975 237 975 500 763 975 500 975Z\"><\/path><\/svg>\t\t\t<\/div>\n\t\t<\/div>\n\t\t\t\t\t\t<\/div>\n\t\t\t\t<\/div>\n\t\t\t\t\t<\/div>\n\t\t\t\t<\/div>\n\t\t<div class=\"elementor-element elementor-element-herorght0 e-con-full e-flex e-con e-child\" data-id=\"herorght0\" data-element_type=\"container\" data-e-type=\"container\">\n\t\t\t\t<div class=\"elementor-element elementor-element-heroimg00 iwg-hero-image elementor-widget elementor-widget-image\" data-id=\"heroimg00\" data-element_type=\"widget\" data-e-type=\"widget\" data-widget_type=\"image.default\">\n\t\t\t\t\t\t\t\t\t\t\t\t\t\t\t<img fetchpriority=\"high\" decoding=\"async\" width=\"683\" height=\"1024\" src=\"https:\/\/iwell-guard.com\/wp-content\/uploads\/2026\/04\/daemonen_christentum_astaroth-683x1024.webp\" class=\"attachment-large size-large wp-image-171140\" alt=\"Astaroth - Dj\u00f6full \u00far kristinni hef\u00f0, s\u00f6gulega myndskreytt\" srcset=\"https:\/\/iwell-guard.com\/wp-content\/uploads\/2026\/04\/daemonen_christentum_astaroth-683x1024.webp 683w, https:\/\/iwell-guard.com\/wp-content\/uploads\/2026\/04\/daemonen_christentum_astaroth-200x300.webp 200w, https:\/\/iwell-guard.com\/wp-content\/uploads\/2026\/04\/daemonen_christentum_astaroth-768x1152.webp 768w, https:\/\/iwell-guard.com\/wp-content\/uploads\/2026\/04\/daemonen_christentum_astaroth.webp 1024w\" sizes=\"(max-width: 683px) 100vw, 683px\" \/>\t\t\t\t\t\t\t\t\t\t\t\t\t\t\t<\/div>\n\t\t\t\t<\/div>\n\t\t\t\t\t<\/div>\n\t\t\t\t<\/div>\n\t\t<div class=\"elementor-element elementor-element-32917199 e-flex e-con-boxed e-con e-parent\" data-id=\"32917199\" data-element_type=\"container\" data-e-type=\"container\">\n\t\t\t\t\t<div class=\"e-con-inner\">\n\t\t<div class=\"elementor-element elementor-element-26e916cb e-flex e-con-boxed e-con e-child\" data-id=\"26e916cb\" data-element_type=\"container\" data-e-type=\"container\">\n\t\t\t\t\t<div class=\"e-con-inner\">\n\t\t<div class=\"elementor-element elementor-element-253a40d4 e-flex e-con-boxed e-con e-child\" data-id=\"253a40d4\" data-element_type=\"container\" data-e-type=\"container\">\n\t\t\t\t\t<div class=\"e-con-inner\">\n\t\t\t\t<div class=\"elementor-element elementor-element-1200c304 elementor-widget elementor-widget-heading\" data-id=\"1200c304\" data-element_type=\"widget\" data-e-type=\"widget\" data-widget_type=\"heading.default\">\n\t\t\t\t\t<h2 class=\"elementor-heading-title elementor-size-default\">Astaroth<\/h2>\t\t\t\t<\/div>\n\t\t\t\t<div class=\"elementor-element elementor-element-11758e7f elementor-widget elementor-widget-text-editor\" data-id=\"11758e7f\" data-element_type=\"widget\" data-e-type=\"widget\" data-widget_type=\"text-editor.default\">\n\t\t\t\t\t\t\t\t\t<p>Astaroth er \u00ed Goet\u00edunni (<span class=\"iwg-fachbegriff\" tabindex=\"0\" data-tooltip=\"Safnrit frumn\u00fdaldar helgisi\u00f0agaldurs, fimm b\u00e6kur (Goetia, Theurgia-Goetia, Ars Paulina, Ars Almadel, Ars Notoria); 17. \u00f6ld.\">Lemegeton<\/span>) einn af 72 \u00f6ndum hins heilaga nafns, oft l\u00fdst sem stoltum, l\u00e6r\u00f0um <span class=\"iwg-fachbegriff\" data-tooltip=\"Andlegt vera sem talin er valda ska\u00f0legum e\u00f0a tv\u00edr\u00e6\u00f0um \u00e1hrifum.\" tabindex=\"0\">dj\u00f6fli<\/span>. Sagt er a\u00f0 hann mi\u00f0li leyndri \u00feekkingu um fort\u00ed\u00f0, n\u00fat\u00ed\u00f0 og framt\u00ed\u00f0 og geti \u00e1tt \u00ed samr\u00e6\u00f0um vi\u00f0 galdramenn.<\/p><p>Framsetning: oft manneskjuleg-kvenkyns, stundum me\u00f0 dj\u00f6fullegum einkennum (v\u00e6ngi, horn). Mi\u00f0l\u00e6gar go\u00f0sagnir: Sal\u00f3m\u00f3nskur galdur (<span class=\"iwg-fachbegriff\" tabindex=\"0\" data-tooltip=\"Safnrit frumn\u00fdaldar helgisi\u00f0agaldurs, fimm b\u00e6kur (Goetia, Theurgia-Goetia, Ars Paulina, Ars Almadel, Ars Notoria); 17. \u00f6ld.\">Lemegeton<\/span>), s\u00ed\u00f0ar dulspekilegar hef\u00f0ir (MacGregor <span class=\"iwg-fachbegriff\" tabindex=\"0\" data-tooltip=\"Samuel Liddell MacGregor Mathers (1854\u20131918); annar stofnandi Gullnu d\u00f6gunarinnar, \u00fe\u00fd\u00f0andi Goet\u00edunnar.\">Mathers<\/span>), n\u00fat\u00edma t\u00f6frareglur. Hlutverk: uppspretta banna\u00f0rar \u00feekkingar, t\u00e6landi (nautn, l\u00f6stur), en einnig samningsa\u00f0ili fyrir galdramenn.<\/p>\t\t\t\t\t\t\t\t<\/div>\n\t\t\t\t\t<\/div>\n\t\t\t\t<\/div>\n\t\t<div class=\"elementor-element elementor-element-159dcf9a e-flex e-con-boxed e-con e-child\" data-id=\"159dcf9a\" data-element_type=\"container\" data-e-type=\"container\">\n\t\t\t\t\t<div class=\"e-con-inner\">\n\t\t\t\t<div class=\"elementor-element elementor-element-48cee66f elementor-widget elementor-widget-heading\" data-id=\"48cee66f\" data-element_type=\"widget\" data-e-type=\"widget\" data-widget_type=\"heading.default\">\n\t\t\t\t\t<h2 class=\"elementor-heading-title elementor-size-default\">Skammgreining: Astaroth<\/h2>\t\t\t\t<\/div>\n\t\t\t\t<div class=\"elementor-element elementor-element-3f50d82c elementor-widget elementor-widget-text-editor\" data-id=\"3f50d82c\" data-element_type=\"widget\" data-e-type=\"widget\" data-widget_type=\"text-editor.default\">\n\t\t\t\t\t\t\t\t\t<p>Astaroth var\u00f0 til sem dj\u00f6fullegt hugtak \u00ed frumkristnum <span class=\"iwg-fachbegriff\" tabindex=\"0\" data-tooltip=\"\u00cd kristinni hef\u00f0, kenning sem v\u00edkur fr\u00e1 r\u00e9tttr\u00fana\u00f0arst\u00f6\u00f0u; \u00ed forn\u00f6ld og mi\u00f0\u00f6ldum var h\u00fan beitt vi\u00f0url\u00f6gum.\">villutr\u00faar<\/span>-textum (u.\u00fe.b. 4. 8. \u00f6ld), byggt \u00e1 eldri gu\u00f0veldisdj\u00f6fulger\u00f0. Mi\u00f0l\u00e6gar heimildir: De Doctrina Apostolorum, fyrstu kirkjulegar dj\u00f6flaskr\u00e1r, s\u00ed\u00f0ar <span class=\"iwg-fachbegriff\" tabindex=\"0\" data-tooltip=\"Safnrit frumn\u00fdaldar helgisi\u00f0agaldurs, fimm b\u00e6kur (Goetia, Theurgia-Goetia, Ars Paulina, Ars Almadel, Ars Notoria); 17. \u00f6ld.\">Lemegeton<\/span> (Litli lykill Sal\u00f3mons, 16. 17. \u00f6ld).<\/p><p>\u00datbrei\u00f0sla: vestur-evr\u00f3psk, s\u00ed\u00f0ar hnattr\u00e6n \u00ed gegnum dulspekihreyfingar. Ranns\u00f3knarsta\u00f0a: Joseph Dan (Jewish Magic and Superstition), <span class=\"iwg-fachbegriff\" tabindex=\"0\" data-tooltip=\"Breskur sagnfr\u00e6\u00f0ingur (f. 1969); h\u00f6fu\u00f0verk Grimoires (2009) og Paranormal (2009).\">Owen Davies<\/span> (Grimoires), Steven Flowers (<span class=\"iwg-fachbegriff\" data-tooltip=\"Skriftmerki germanskra \u00fej\u00f3\u00f0a, einnig notu\u00f0 \u00ed verndar- og galdraform\u00falum.\" tabindex=\"0\">r\u00fanir<\/span> Primer), S. L. MacGregor <span class=\"iwg-fachbegriff\" tabindex=\"0\" data-tooltip=\"Samuel Liddell MacGregor Mathers (1854\u20131918); annar stofnandi Gullnu d\u00f6gunarinnar, \u00fe\u00fd\u00f0andi Goet\u00edunnar.\">Mathers<\/span> (galdrasagnfr\u00e6\u00f0ingur og \u00fatgefandi <span class=\"iwg-fachbegriff\" tabindex=\"0\" data-tooltip=\"Safnrit frumn\u00fdaldar helgisi\u00f0agaldurs, fimm b\u00e6kur (Goetia, Theurgia-Goetia, Ars Paulina, Ars Almadel, Ars Notoria); 17. \u00f6ld.\">Lemegeton<\/span>).<\/p>\t\t\t\t\t\t\t\t<\/div>\n\t\t\t\t\t<\/div>\n\t\t\t\t<\/div>\n\t\t\t\t\t<\/div>\n\t\t\t\t<\/div>\n\t\t\t\t\t<\/div>\n\t\t\t\t<\/div>\n\t\t<div class=\"elementor-element elementor-element-18613602 e-flex e-con-boxed e-con e-parent\" data-id=\"18613602\" data-element_type=\"container\" data-e-type=\"container\">\n\t\t\t\t\t<div class=\"e-con-inner\">\n\t\t\t\t<div class=\"elementor-element elementor-element-262b8a9f elementor-widget elementor-widget-heading\" data-id=\"262b8a9f\" data-element_type=\"widget\" data-e-type=\"widget\" data-widget_type=\"heading.default\">\n\t\t\t\t\t<h2 class=\"elementor-heading-title elementor-size-default\">Yfirlit<\/h2>\t\t\t\t<\/div>\n\t\t<div class=\"elementor-element elementor-element-46dcb7d e-con-full e-flex e-con e-child\" data-id=\"46dcb7d\" data-element_type=\"container\" data-e-type=\"container\">\n\t\t<div class=\"elementor-element elementor-element-61d3ab3 e-flex e-con-boxed e-con e-child\" data-id=\"61d3ab3\" data-element_type=\"container\" data-e-type=\"container\">\n\t\t\t\t\t<div class=\"e-con-inner\">\n\t\t\t\t<div class=\"elementor-element elementor-element-117c166 elementor-widget elementor-widget-heading\" data-id=\"117c166\" data-element_type=\"widget\" data-e-type=\"widget\" data-widget_type=\"heading.default\">\n\t\t\t\t\t<div class=\"elementor-heading-title elementor-size-default\">T\u00edmabil textanna<\/div>\t\t\t\t<\/div>\n\t\t\t\t<div class=\"elementor-element elementor-element-73997a0 elementor-widget elementor-widget-text-editor\" data-id=\"73997a0\" data-element_type=\"widget\" data-e-type=\"widget\" data-widget_type=\"text-editor.default\">\n\t\t\t\t\t\t\t\t\t<p>Nafnas\u00f6gunni m\u00e1 rekja \u00ed gegnum heimildir: \u00dar vestursem\u00edt\u00edsku gy\u00f0junni Astarte var\u00f0, me\u00f0 hj\u00e1lp hebreska afskr\u00e6mingarins Aschtoret, karlkyns helv\u00edtisfursti \u00ed dj\u00f6flafr\u00e6\u00f0iritum mi\u00f0alda og frumn\u00fdaldar. \u00deessi endurt\u00falkun h\u00e9lst st\u00f6\u00f0ug: fr\u00e1 Weyer \u00ed gegnum Lemegeton til Collin de Plancys Dictionnaire Infernal (1818) birtist Astaroth samfellt sem dj\u00f6full. \u00cd dulspeki og d\u00e6gurmenningu n\u00fat\u00edmans er nafni\u00f0 enn nota\u00f0, a\u00f0 mestu \u00ed beinum tengslum vi\u00f0 goet\u00edsku l\u00fdsingarnar.<\/p>\t\t\t\t\t\t\t\t<\/div>\n\t\t\t\t\t<\/div>\n\t\t\t\t<\/div>\n\t\t<div class=\"elementor-element elementor-element-d47b156 e-flex e-con-boxed e-con e-child\" data-id=\"d47b156\" data-element_type=\"container\" data-e-type=\"container\">\n\t\t\t\t\t<div class=\"e-con-inner\">\n\t\t\t\t<div class=\"elementor-element elementor-element-ff38c2b elementor-widget elementor-widget-heading\" data-id=\"ff38c2b\" data-element_type=\"widget\" data-e-type=\"widget\" data-widget_type=\"heading.default\">\n\t\t\t\t\t<div class=\"elementor-heading-title elementor-size-default\">\u00datbrei\u00f0slusv\u00e6\u00f0i<\/div>\t\t\t\t<\/div>\n\t\t\t\t<div class=\"elementor-element elementor-element-4e49fcc elementor-widget elementor-widget-text-editor\" data-id=\"4e49fcc\" data-element_type=\"widget\" data-e-type=\"widget\" data-widget_type=\"text-editor.default\">\n\t\t\t\t\t\t\t\t\t<p>Astaroth var ekki bundinn vi\u00f0 \u00e1kve\u00f0i\u00f0 sv\u00e6\u00f0i e\u00f0a sta\u00f0setningar, heldur var alkunnur um allan hinn kristna heim og var virtur e\u00f0a af vir\u00f0ingu hr\u00e6ddur. Hvort sem \u00fea\u00f0 var \u00ed st\u00f3rum borgarmi\u00f0st\u00f6\u00f0vum e\u00f0a \u00ed dreifb\u00fdlum sv\u00e6\u00f0um, hvort me\u00f0al samf\u00e9lagslegrar el\u00edtu e\u00f0a me\u00f0al almennings, var andleg e\u00f0a menningarleg merking \u00feessarar veru vi\u00f0urkennd og alkunn.<\/p><p>\u00datbrei\u00f0sla Astaroth-f\u00edg\u00farunnar f\u00f3r fram gegnum b\u00e6kur, ekki gegnum \u00fej\u00f3\u00f0legar d\u00fdrkanir: dj\u00f6flaskr\u00e1 Weyers var \u00fe\u00fddd \u00e1 ensku og unnin \u00e1fram af Reginald Scot 1584, Lemegeton dreif\u00f0ist sem handrit me\u00f0al safnara og fr\u00e6\u00f0imanna, og prent\u00fatg\u00e1fur 19. aldar ger\u00f0u efni\u00f0 a\u00f0gengilegt brei\u00f0ari lesendah\u00f3pi. \u00deannig var\u00f0 til fur\u00f0u samr\u00e6md l\u00fdsing \u00e1 st\u00f3rhertoganum yfir tungum\u00e1lam\u00f6rk, bygg\u00f0 \u00e1 sameiginlegum textafyrirmyndum, ekki \u00e1 sprottinni sv\u00e6\u00f0isbundinni d\u00fdrkun.<\/p>\t\t\t\t\t\t\t\t<\/div>\n\t\t\t\t\t<\/div>\n\t\t\t\t<\/div>\n\t\t\t\t<\/div>\n\t\t<div class=\"elementor-element elementor-element-db03c39 e-con-full e-flex e-con e-child\" data-id=\"db03c39\" data-element_type=\"container\" data-e-type=\"container\">\n\t\t<div class=\"elementor-element elementor-element-229a87b e-flex e-con-boxed e-con e-child\" data-id=\"229a87b\" data-element_type=\"container\" data-e-type=\"container\">\n\t\t\t\t\t<div class=\"e-con-inner\">\n\t\t\t\t<div class=\"elementor-element elementor-element-1f471fc elementor-widget elementor-widget-heading\" data-id=\"1f471fc\" data-element_type=\"widget\" data-e-type=\"widget\" data-widget_type=\"heading.default\">\n\t\t\t\t\t<div class=\"elementor-heading-title elementor-size-default\">Heimildasta\u00f0a<\/div>\t\t\t\t<\/div>\n\t\t\t\t<div class=\"elementor-element elementor-element-36b1201 elementor-widget elementor-widget-text-editor\" data-id=\"36b1201\" data-element_type=\"widget\" data-e-type=\"widget\" data-widget_type=\"text-editor.default\">\n\t\t\t\t\t\t\t\t\t<p>Frumheimildir eru <span class=\"iwg-fachbegriff\" tabindex=\"0\" data-tooltip=\"Safnrit frumn\u00fdaldar helgisi\u00f0agaldurs, fimm b\u00e6kur (Goetia, Theurgia-Goetia, Ars Paulina, Ars Almadel, Ars Notoria); 17. \u00f6ld.\">Lemegeton<\/span> (gr\u00edsk-\/latneskur galdratexti, u.\u00fe.b. 16. 17. \u00f6ld, \u00fdmis handrit), Sal\u00f3mons-taflan (hebresk-kristnar galdrahef\u00f0ir), Goet\u00edu-textar (kva\u00f0ning anda). T\u00edmabil: 4. 17. \u00f6ld (hugtakalagskipting). Tungum\u00e1lasv\u00e6\u00f0i: lat\u00edna, gr\u00edska, hebreska, s\u00ed\u00f0ar \u00fe\u00fdska, enska.<\/p><p>Landfr\u00e6\u00f0ilega: Mi\u00f0-Evr\u00f3pa, Mi\u00f0jar\u00f0arhaf (upprunalega Astarte-<span class=\"iwg-fachbegriff\" data-tooltip=\"Heild tr\u00faarlegra d\u00fdrkunarathafna fyrir gu\u00f0veldi e\u00f0a heilaga veru.\" tabindex=\"0\">d\u00fdrkun<\/span>). Fr\u00e6\u00f0imenn: <span class=\"iwg-fachbegriff\" tabindex=\"0\" data-tooltip=\"Breskur sagnfr\u00e6\u00f0ingur (f. 1969); h\u00f6fu\u00f0verk Grimoires (2009) og Paranormal (2009).\">Owen Davies<\/span> (Cunning-Folk and Grimoires), Joseph Dan (Jewish Mysticism and Magic), Darcy Kuntz (Lemegeton-\u00fatg\u00e1fur), <span class=\"iwg-fachbegriff\" tabindex=\"0\" data-tooltip=\"Breskur m\u00e1lari og dulspekingur (1886\u20131956); h\u00f6fundur seglagaldurs.\">Austin Osman Spare<\/span> (t\u00f6frastefna n\u00fat\u00edmans). \u00c1rei\u00f0anleiki heimilda: s\u00f6gulega umdeilt; Lemegeton er l\u00edklega s\u00ed\u00f0ari samantekt (16. 18. \u00f6ld), ekki sal\u00f3m\u00f3nsk-forn.<\/p>\t\t\t\t\t\t\t\t<\/div>\n\t\t\t\t\t<\/div>\n\t\t\t\t<\/div>\n\t\t\t\t<\/div>\n\t\t\t\t\t<\/div>\n\t\t\t\t<\/div>\n\t\t<div class=\"elementor-element elementor-element-3ae0637c e-flex e-con-boxed e-con e-parent\" data-id=\"3ae0637c\" data-element_type=\"container\" data-e-type=\"container\">\n\t\t\t\t\t<div class=\"e-con-inner\">\n\t\t\t\t<div class=\"elementor-element elementor-element-31d07739 elementor-widget elementor-widget-heading\" data-id=\"31d07739\" data-element_type=\"widget\" data-e-type=\"widget\" data-widget_type=\"heading.default\">\n\t\t\t\t\t<h2 class=\"elementor-heading-title elementor-size-default\">Nafn og heiti<\/h2>\t\t\t\t<\/div>\n\t\t<div class=\"elementor-element elementor-element-b7642947 e-con-full e-flex e-con e-child\" data-id=\"b7642947\" data-element_type=\"container\" data-e-type=\"container\">\n\t\t\t\t<div class=\"elementor-element elementor-element-a086266 elementor-widget elementor-widget-text-editor\" data-id=\"a086266\" data-element_type=\"widget\" data-e-type=\"widget\" data-widget_type=\"text-editor.default\">\n\t\t\t\t\t\t\t\t\t<p>Astaroth er \u00ed \u00fdmsum heimildum og listr\u00e6num hef\u00f0um s\u00fdndur me\u00f0 \u00e1kve\u00f0num endurteknum \u00edmyndarfr\u00e6\u00f0ilegum atri\u00f0um sem hafa haldist tilt\u00f6lulega st\u00f6\u00f0ug yfir \u00e1ratugi og landfr\u00e6\u00f0ileg sv\u00e6\u00f0i. \u00deessi atri\u00f0i eru ekki hrein skreyting e\u00f0a handah\u00f3fskennd, heldur dj\u00fapt t\u00e1knr\u00e6nt k\u00f3\u00f0u\u00f0 og bera mikla merkingu.<\/p><p>Goetia l\u00fdsir Astaroth me\u00f0 fastri r\u00f6\u00f0 einkenna: hann birtist sem engill sem r\u00ed\u00f0ur helv\u00edskum dreka, heldur na\u00f0ru \u00ed h\u00e6gri hendi og st\u00fdrir 40 herdeildum. Hvert sm\u00e1atri\u00f0i hefur \u00e1kve\u00f0i\u00f0 hlutverk \u00ed grimoire-b\u00f3kmenntunum. T\u00e1kni\u00f0 (sigli\u00f0) \u00fej\u00f3nar til a\u00f0 sta\u00f0festa og binda andann, drekinn og na\u00f0ran gefa til kynna st\u00f6\u00f0u hans og h\u00e6ttueiginleika, en \u00feau \u00feekkingarsvi\u00f0 sem honum eru eignu\u00f0 (fort\u00ed\u00f0, n\u00fat\u00ed\u00f0, framt\u00ed\u00f0, frj\u00e1lsar listir) skilgreina \u00ed hva\u00f0a tilgangi \u00e6tti a\u00f0 kalla hann fram. S\u00e1 sem \u00feekkti hef\u00f0ir \u00feessara b\u00f3kmennta gat lesi\u00f0 \u00fat fr\u00e1 \u00fatliti og innsigli hvert svi\u00f0 andans var.<\/p>\t\t\t\t\t\t\t\t<\/div>\n\t\t\t\t<\/div>\n\t\t\t\t\t<\/div>\n\t\t\t\t<\/div>\n\t\t<div class=\"elementor-element elementor-element-709a44a8 e-flex e-con-boxed e-con e-parent\" data-id=\"709a44a8\" data-element_type=\"container\" data-e-type=\"container\">\n\t\t\t\t\t<div class=\"e-con-inner\">\n\t\t\t\t<div class=\"elementor-element elementor-element-2f585873 elementor-widget elementor-widget-heading\" data-id=\"2f585873\" data-element_type=\"widget\" data-e-type=\"widget\" data-widget_type=\"heading.default\">\n\t\t\t\t\t<h2 class=\"elementor-heading-title elementor-size-default\">Einkenni<\/h2>\t\t\t\t<\/div>\n\t\t<div class=\"elementor-element elementor-element-70621c12 e-con-full e-flex e-con e-child\" data-id=\"70621c12\" data-element_type=\"container\" data-e-type=\"container\">\n\t\t\t\t<div class=\"elementor-element elementor-element-4296eb49 elementor-widget elementor-widget-text-editor\" data-id=\"4296eb49\" data-element_type=\"widget\" data-e-type=\"widget\" data-widget_type=\"text-editor.default\">\n\t\t\t\t\t\t\t\t\t<p>Astaroth var mikilv\u00e6gur \u00ed tr\u00faarlegri i\u00f0kun, hversdagslegum rit\u00fa\u00f6lum og almennum skilningi kristninnar. F\u00f3lk leita\u00f0i til \u00feessarar vera \u00ed erfi\u00f0um e\u00f0a s\u00e9rst\u00f6kum l\u00edfsa\u00f0st\u00e6\u00f0um, e\u00f0a \u00e1 tilteknum rit\u00fa\u00f6lskum \u00e1rst\u00edmum, me\u00f0 skipul\u00f6g\u00f0um, oft fl\u00f3knum rit\u00fa\u00f6lum, b\u00e6num e\u00f0a f\u00f3rnargj\u00f6fum.<\/p><p>Me\u00f0fer\u00f0 Astaroth fylgdi \u00ed grimoire-ritum \u00e1rn\u00fdaldar f\u00f6stum reglum: Lemegeton (Goetia) tilgreinir fyrir kva\u00f0ning st\u00f3rhertogans innsigli, verndarhring og fyrirskrifa\u00f0ar \u00e1kallsform\u00falur, auk vi\u00f0varana um eitra\u00f0an anda hans, sem galdrama\u00f0urinn \u00e1tti a\u00f0 verjast me\u00f0 \u00fev\u00ed a\u00f0 halda \u00e1 silfurhring. Sl\u00edkar lei\u00f0beiningar voru skrifa\u00f0ar ni\u00f0ur og \u00e6tla\u00f0ar l\u00e6r\u00f0um i\u00f0kendum me\u00f0 lat\u00ednu- og bibl\u00edu\u00feekkingu, ekki almenningi.<\/p><p>A\u00f0 Astaroth-kva\u00f0ningin hafi veri\u00f0 afskrifu\u00f0 og endur\u00fatgefin \u00f6ldum saman, fr\u00e1 Pseudomonarchia Daemonum Weyers (1577) yfir \u00ed Lemegeton-handrit 17. aldar og allt til prenta\u00f0ra \u00fatg\u00e1fa 19. og 20. aldar, s\u00fdnir varanlegan \u00e1huga \u00e1 \u00feessari i\u00f0kun. Tilgangurinn var sk\u00fdrt afmarka\u00f0ur: Astaroth \u00e1tti a\u00f0 opinbera falda \u00feekkingu, veita uppl\u00fdsingar um fort\u00ed\u00f0 og framt\u00ed\u00f0 og fr\u00e6\u00f0a um frj\u00e1lsar listir. \u00dear snerist m\u00e1li\u00f0 um \u00feekkingar\u00f6flun og v\u00e9fr\u00e9tt, ekki l\u00e6kningu e\u00f0a v\u00f6rn.<\/p>\t\t\t\t\t\t\t\t<\/div>\n\t\t\t\t<\/div>\n\t\t\t\t\t<\/div>\n\t\t\t\t<\/div>\n\t\t<div class=\"elementor-element elementor-element-44e71476 e-flex e-con-boxed e-con e-parent\" data-id=\"44e71476\" data-element_type=\"container\" data-e-type=\"container\">\n\t\t\t\t\t<div class=\"e-con-inner\">\n\t\t\t\t<div class=\"elementor-element elementor-element-3c1fc3f0 elementor-widget elementor-widget-heading\" data-id=\"3c1fc3f0\" data-element_type=\"widget\" data-e-type=\"widget\" data-widget_type=\"heading.default\">\n\t\t\t\t\t<h2 class=\"elementor-heading-title elementor-size-default\">Yfirlit: Astaroth<\/h2>\t\t\t\t<\/div>\n\t\t<div class=\"elementor-element elementor-element-84f33b8e e-con-full e-flex e-con e-child\" data-id=\"84f33b8e\" data-element_type=\"container\" data-e-type=\"container\">\n\t\t\t\t<div class=\"elementor-element elementor-element-hqkdc67p elementor-widget elementor-widget-text-editor\" data-id=\"hqkdc67p\" data-element_type=\"widget\" data-e-type=\"widget\" data-widget_type=\"text-editor.default\">\n\t\t\t\t\t\t\t\t\t<p>Yfirliti\u00f0 um Astaroth fjallar um dj\u00f6fulfr\u00e6\u00f0ilega flokkun hennar, uppruna hennar \u00far eldri gu\u00f0um, t\u00f6frahlutverk hennar \u00ed Goetia-i\u00f0kun, \u00fatlit hennar (kvenkyns, dj\u00f6fullega gl\u00e6sileg), hlutverk hennar \u00ed freistinga- og \u00feekkingarmi\u00f0lunargo\u00f0s\u00f6gnum, verndara\u00f0fer\u00f0ir gegn t\u00e6lingu hennar og menningarlega hli\u00f0st\u00e6\u00f0u vi\u00f0 eldri gy\u00f0jumyndir.<\/p>\t\t\t\t\t\t\t\t<\/div>\n\t\t\t\t<\/div>\n\t\t<div class=\"elementor-element elementor-element-pemmx7c5 e-con-full e-flex e-con e-child\" data-id=\"pemmx7c5\" data-element_type=\"container\" data-e-type=\"container\">\n\t\t<div class=\"elementor-element elementor-element-pemmx7c1 e-con-full e-flex e-con e-child\" data-id=\"pemmx7c1\" data-element_type=\"container\" data-e-type=\"container\">\n\t\t<div class=\"elementor-element elementor-element-qh9oavvu iwg-steckbrief-card e-flex e-con-boxed e-con e-child\" data-id=\"qh9oavvu\" data-element_type=\"container\" data-e-type=\"container\">\n\t\t\t\t\t<div class=\"e-con-inner\">\n\t\t\t\t<div class=\"elementor-element elementor-element-awzx8k2k elementor-widget elementor-widget-heading\" data-id=\"awzx8k2k\" data-element_type=\"widget\" data-e-type=\"widget\" data-widget_type=\"heading.default\">\n\t\t\t\t\t<div class=\"elementor-heading-title elementor-size-default\">Hef\u00f0<\/div>\t\t\t\t<\/div>\n\t\t\t\t<div class=\"elementor-element elementor-element-x6rowhv0 elementor-widget elementor-widget-text-editor\" data-id=\"x6rowhv0\" data-element_type=\"widget\" data-e-type=\"widget\" data-widget_type=\"text-editor.default\">\n\t\t\t\t\t\t\t\t\t<p>Astaroth var\u00f0 til \u00ed t\u00edma \u00ed frumkristnum mi\u00f0aldaferlum \u00fear sem hei\u00f0nir gu\u00f0ir voru ger\u00f0ir dj\u00f6fullegir (4. 8. \u00f6ld), me\u00f0 s\u00ed\u00f0ari fastsetningu \u00ed Goetia og hlutkerfum yfirn\u00e1tt\u00faru (16. 17. \u00f6ld). Landfr\u00e6\u00f0ilegur uppruni: Mi\u00f0-Austurl\u00f6nd (upprunalega gy\u00f0jan Astarte, f\u00f6nik\u00edsk-ass\u00fdr\u00edsk), sem s\u00ed\u00f0ar var Evr\u00f3puv\u00e6dd.<\/p><p>Menningarlegur uppruni: <span class=\"iwg-fachbegriff\" tabindex=\"0\" data-tooltip=\"Samruni \u00fe\u00e1tta \u00far mismunandi tr\u00faarbr\u00f6g\u00f0um e\u00f0a d\u00fdrkun \u00ed blanda\u00f0ar myndir, til d\u00e6mis \u00ed ha\u00edt\u00edskum vodou.\">Sambl\u00f6ndun (Syncretism)<\/span> \u00far fornri m\u00f3\u00f0urgy\u00f0jud\u00fdrkun, kristinni dj\u00f6flafr\u00e6\u00f0i og n\u00fat\u00edma-hlutr\u00e6nni hyggju. Fyrstu heimildir: kirkjufa\u00f0ertextar (Origenes, H\u00eder\u00f3n\u00fdmus) nefna Astaroth sem dj\u00f6fullegt afl; Goetia-heimildir eru fr\u00e1 s\u00ed\u00f0mi\u00f0\u00f6ldum (14. 15. \u00f6ld) e\u00f0a s\u00ed\u00f0ar.<\/p>\t\t\t\t\t\t\t\t<\/div>\n\t\t\t\t\t<\/div>\n\t\t\t\t<\/div>\n\t\t<div class=\"elementor-element elementor-element-8e3o4kxs iwg-steckbrief-card e-flex e-con-boxed e-con e-child\" data-id=\"8e3o4kxs\" data-element_type=\"container\" data-e-type=\"container\">\n\t\t\t\t\t<div class=\"e-con-inner\">\n\t\t\t\t<div class=\"elementor-element elementor-element-08rkdgov elementor-widget elementor-widget-heading\" data-id=\"08rkdgov\" data-element_type=\"widget\" data-e-type=\"widget\" data-widget_type=\"heading.default\">\n\t\t\t\t\t<div class=\"elementor-heading-title elementor-size-default\">Tengt vi\u00f0<\/div>\t\t\t\t<\/div>\n\t\t\t\t<div class=\"elementor-element elementor-element-uwjelx8s elementor-widget elementor-widget-text-editor\" data-id=\"uwjelx8s\" data-element_type=\"widget\" data-e-type=\"widget\" data-widget_type=\"text-editor.default\">\n\t\t\t\t\t\t\t\t\t<p>Astaroth-<span class=\"iwg-fachbegriff\" data-tooltip=\"I\u00f0kanir sem reyna a\u00f0 hafa \u00e1hrif \u00e1 gang atbur\u00f0a me\u00f0 s\u00e9rst\u00f6kum ath\u00f6fnum e\u00f0a form\u00falum.\" tabindex=\"0\">galdur<\/span> var stunda\u00f0ur af galdram\u00f6nnum, gullger\u00f0arm\u00f6nnum, l\u00e6r\u00f0um yfirn\u00e1tt\u00farufr\u00e6\u00f0ingum, \u00fatv\u00f6ldum i\u00f0kendum Goetia og ceremonial magic. Tilefni: leit a\u00f0 \u00feekkingu, yfirn\u00e1tt\u00faruleg <span class=\"iwg-fachbegriff\" tabindex=\"0\" data-tooltip=\"Rit\u00faal\u00edsk upptaka \u00ed tr\u00faarlega e\u00f0a dulspekilega reglu; oft tengd t\u00e1knr\u00e6num dau\u00f0a og endurf\u00e6\u00f0ingu.\">innv\u00edgsla<\/span>, samningager\u00f0 vi\u00f0 yfirn\u00e1tt\u00farulegar \u00f6fl, og stundum \u00e1n\u00e6gju e\u00f0a dj\u00f6fullegri t\u00e6lingu (t\u00falku\u00f0 fr\u00e6\u00f0ilega sem synd).<\/p><p>F\u00e9lagslegt samhengi: mi\u00f0aldir og s\u00ed\u00f0mi\u00f0aldir (ranns\u00f3knarr\u00e9ttur, ofs\u00f3knir gegn <span class=\"iwg-fachbegriff\" data-tooltip=\"I\u00f0kanir sem reyna a\u00f0 hafa \u00e1hrif \u00e1 gang atbur\u00f0a me\u00f0 s\u00e9rst\u00f6kum ath\u00f6fnum e\u00f0a form\u00falum.\" tabindex=\"0\">galdri<\/span>), \u00e1rn\u00fd\u00f6ld (hlutr\u00e6nar hreyfingar, <span class=\"iwg-fachbegriff\" tabindex=\"0\" data-tooltip=\"Fornt samspil n\u00e1tt\u00faruspeki og t\u00e1knfr\u00e6\u00f0i; vinnur me\u00f0 efnisbreytingu sem innri umbreytingu.\">gullger\u00f0arlist<\/span>), n\u00fat\u00edmi (t\u00f6frareglur, \u00feelemisminn). I\u00f0kanirnar voru \u00f3l\u00f6glegar og gl\u00e6psamlegar; a\u00f0 kalla fram Astaroth var t\u00f6fraleg dirfska.<\/p>\t\t\t\t\t\t\t\t<\/div>\n\t\t\t\t\t<\/div>\n\t\t\t\t<\/div>\n\t\t<div class=\"elementor-element elementor-element-jm2n74ec iwg-steckbrief-card e-flex e-con-boxed e-con e-child\" data-id=\"jm2n74ec\" data-element_type=\"container\" data-e-type=\"container\">\n\t\t\t\t\t<div class=\"e-con-inner\">\n\t\t\t\t<div class=\"elementor-element elementor-element-8vufse4c elementor-widget elementor-widget-heading\" data-id=\"8vufse4c\" data-element_type=\"widget\" data-e-type=\"widget\" data-widget_type=\"heading.default\">\n\t\t\t\t\t<div class=\"elementor-heading-title elementor-size-default\">\u00datlit Astaroth<\/div>\t\t\t\t<\/div>\n\t\t\t\t<div class=\"elementor-element elementor-element-mwb9u015 elementor-widget elementor-widget-text-editor\" data-id=\"mwb9u015\" data-element_type=\"widget\" data-e-type=\"widget\" data-widget_type=\"text-editor.default\">\n\t\t\t\t\t\t\t\t\t<p>Astaroth er \u00ed myndlist oft s\u00fdnd kvenkyns e\u00f0a kynlaus, gl\u00e6sileg og t\u00e6landi, sums sta\u00f0ar me\u00f0 v\u00e6ngi, horn e\u00f0a eldbjarma. Litir: purpurrau\u00f0ur, rau\u00f0ur, gr\u00e1r (breytilegt eftir heimild).<\/p><p>\u00cd myndskreytingum Lemegeton: mennskt-dj\u00f6fulleg, oft r\u00ed\u00f0andi \u00e1 dreka e\u00f0a me\u00f0 t\u00e1knum (pentagr\u00f6mmum, t\u00f6frainnsiglum). Einkenni: kyndill, b\u00f3k (\u00feekking), stundum sn\u00e1kur e\u00f0a spor\u00f0dreki (eiturh\u00e6tta). \u00cd n\u00fat\u00edma dulspekilistum: fremur gl\u00e6sileg en \u00f3freskjuleg; framsetning er mj\u00f6g breytileg eftir t\u00f6frahef\u00f0.<\/p>\t\t\t\t\t\t\t\t<\/div>\n\t\t\t\t\t<\/div>\n\t\t\t\t<\/div>\n\t\t\t\t<\/div>\n\t\t<div class=\"elementor-element elementor-element-pemmx7c2 e-con-full e-flex e-con e-child\" data-id=\"pemmx7c2\" data-element_type=\"container\" data-e-type=\"container\">\n\t\t<div class=\"elementor-element elementor-element-37ss2yr6 iwg-steckbrief-card e-flex e-con-boxed e-con e-child\" data-id=\"37ss2yr6\" data-element_type=\"container\" data-e-type=\"container\">\n\t\t\t\t\t<div class=\"e-con-inner\">\n\t\t\t\t<div class=\"elementor-element elementor-element-3v0wp3wx elementor-widget elementor-widget-heading\" data-id=\"3v0wp3wx\" data-element_type=\"widget\" data-e-type=\"widget\" data-widget_type=\"heading.default\">\n\t\t\t\t\t<div class=\"elementor-heading-title elementor-size-default\">Hlutverk<\/div>\t\t\t\t<\/div>\n\t\t\t\t<div class=\"elementor-element elementor-element-w3247g2m elementor-widget elementor-widget-text-editor\" data-id=\"w3247g2m\" data-element_type=\"widget\" data-e-type=\"widget\" data-widget_type=\"text-editor.default\">\n\t\t\t\t\t\t\t\t\t<strong>Wirkungsbereich:<\/strong><p>Astaroth er \u00ed Lemegeton (Lesser Key of Solomon) 29. <span class=\"iwg-fachbegriff\" data-tooltip=\"Andleg vera sem eignu\u00f0 er ska\u00f0leg e\u00f0a tv\u00edbent \u00e1hrif.\" tabindex=\"0\">dj\u00f6full<\/span> \u00ed hinni goet\u00edsku stigveldi.<\/p>\t\t\t\t\t\t\t\t<\/div>\n\t\t\t\t\t<\/div>\n\t\t\t\t<\/div>\n\t\t<div class=\"elementor-element elementor-element-0qpjal9w iwg-steckbrief-card e-flex e-con-boxed e-con e-child\" data-id=\"0qpjal9w\" data-element_type=\"container\" data-e-type=\"container\">\n\t\t\t\t\t<div class=\"e-con-inner\">\n\t\t\t\t<div class=\"elementor-element elementor-element-6ndoih0o elementor-widget elementor-widget-heading\" data-id=\"6ndoih0o\" data-element_type=\"widget\" data-e-type=\"widget\" data-widget_type=\"heading.default\">\n\t\t\t\t\t<div class=\"elementor-heading-title elementor-size-default\">Varnarform<\/div>\t\t\t\t<\/div>\n\t\t\t\t<div class=\"elementor-element elementor-element-6684tyh9 elementor-widget elementor-widget-text-editor\" data-id=\"6684tyh9\" data-element_type=\"widget\" data-e-type=\"widget\" data-widget_type=\"text-editor.default\">\n\t\t\t\t\t\t\t\t\t<p>Verndara\u00f0fer\u00f0ir gegn Astaroth: <span class=\"iwg-fachbegriff\" data-tooltip=\"Rit\u00faal\u00edsk brottrekstur andar e\u00f0a dj\u00f6fuls sem talinn er ska\u00f0legur.\" tabindex=\"0\">dj\u00f6flabrottrekstur (exorsismi)<\/span> me\u00f0 kristinni <span class=\"iwg-fachbegriff\" data-tooltip=\"M\u00e1lleg \u00e1v\u00f6rp manns til gu\u00f0d\u00f3ms.\" tabindex=\"0\">b\u00e6n<\/span> og nafni Jes\u00fa, t\u00f6frainnsigli og pentagr\u00f6mm (verndart\u00e1kn \u00far Lemegeton), \u00e1kall verndarv\u00e6tta (erkiengillinn M\u00edkael til a\u00f0 berjast vi\u00f0 dj\u00f6fla), rit\u00fa\u00f6lsk m\u00f6rk og hringir (t\u00f6fralegt verndarsv\u00e6\u00f0i), og si\u00f0fer\u00f0ilegur hreinleiki (sem forsenda til a\u00f0 verjast Astaroth).<\/p><p>S\u00f6gulega: kirkjan leggur \u00e1herslu \u00e1 i\u00f0run og j\u00e1tningu; dulspekihef\u00f0ir leggja \u00e1herslu \u00e1 <span class=\"iwg-fachbegriff\" data-tooltip=\"I\u00f0kanir sem reyna a\u00f0 hafa \u00e1hrif \u00e1 gang atbur\u00f0a me\u00f0 s\u00e9rst\u00f6kum ath\u00f6fnum e\u00f0a form\u00falum.\" tabindex=\"0\">galdur<\/span> og viljastyrk. N\u00fat\u00edmaleg n\u00e1lgun: s\u00e1lfr\u00e6\u00f0ileg fjarl\u00e6g\u00f0 fr\u00e1 t\u00e6lingarfr\u00e1s\u00f6gnum e\u00f0a greinandi (discernment) i\u00f0kun.<\/p>\t\t\t\t\t\t\t\t<\/div>\n\t\t\t\t\t<\/div>\n\t\t\t\t<\/div>\n\t\t<div class=\"elementor-element elementor-element-3lfi7x32 iwg-steckbrief-card e-flex e-con-boxed e-con e-child\" data-id=\"3lfi7x32\" data-element_type=\"container\" data-e-type=\"container\">\n\t\t\t\t\t<div class=\"e-con-inner\">\n\t\t\t\t<div class=\"elementor-element elementor-element-0kg99ga1 elementor-widget elementor-widget-heading\" data-id=\"0kg99ga1\" data-element_type=\"widget\" data-e-type=\"widget\" data-widget_type=\"heading.default\">\n\t\t\t\t\t<div class=\"elementor-heading-title elementor-size-default\">Hli\u00f0st\u00e6\u00f0ur<\/div>\t\t\t\t<\/div>\n\t\t\t\t<div class=\"elementor-element elementor-element-n0fum6kp elementor-widget elementor-widget-text-editor\" data-id=\"n0fum6kp\" data-element_type=\"widget\" data-e-type=\"widget\" data-widget_type=\"text-editor.default\">\n\t\t\t\t\t\t\t\t\t<p>Samb\u00e6rilegar pers\u00f3nur eru Lilith (j\u00fad\u00edsk dem\u00f3nago\u00f0in), Hekate (gr\u00edsk undirheimagy\u00f0ja, s\u00ed\u00f0ar ger\u00f0 a\u00f0 dem\u00f3ni), Ishtar\/Inanna (mes\u00f3p\u00f3tam\u00edsk \u00e1star- og str\u00ed\u00f0sgy\u00f0ja, tv\u00edr\u00e6\u00f0), keltnesk M\u00f3r-R\u00edghan (\u00f6rlagagy\u00f0ja, ger\u00f0 a\u00f0 dem\u00f3ni) og Baphomet (su\u00f0urfr\u00f6nsk <span class=\"iwg-fachbegriff\" data-tooltip=\"Ein Bauwerk, das der Verehrung einer oder mehrerer Gottheiten dient.\" tabindex=\"0\">musteris<\/span>&#8211;<span class=\"iwg-fachbegriff\" data-tooltip=\"Eine erbauliche Erz\u00e4hlung, meist \u00fcber das Leben von Heiligen.\" tabindex=\"0\">helgis\u00f6gn<\/span>, tv\u00edr\u00e6\u00f0-dem\u00f3n\u00edsk). Allar deila: go\u00f0in uppruna, ger\u00f0 a\u00f0 dem\u00f3num af fe\u00f0raveldi\/kristni, tengsl vi\u00f0 t\u00e6lingu e\u00f0a villt v\u00edsd\u00f3m.<\/p>\t\t\t\t\t\t\t\t<\/div>\n\t\t\t\t\t<\/div>\n\t\t\t\t<\/div>\n\t\t\t\t<\/div>\n\t\t\t\t<\/div>\n\t\t\t\t\t<\/div>\n\t\t\t\t<\/div>\n\t\t<div class=\"elementor-element elementor-element-7533bc7a e-flex e-con-boxed e-con e-parent\" data-id=\"7533bc7a\" data-element_type=\"container\" data-e-type=\"container\">\n\t\t\t\t\t<div class=\"e-con-inner\">\n\t\t\t\t<div class=\"elementor-element elementor-element-2447d18d elementor-widget elementor-widget-heading\" data-id=\"2447d18d\" data-element_type=\"widget\" data-e-type=\"widget\" data-widget_type=\"heading.default\">\n\t\t\t\t\t<h2 class=\"elementor-heading-title elementor-size-default\">Varnir \u00ed daglegu l\u00edfi<\/h2>\t\t\t\t<\/div>\n\t\t<div class=\"elementor-element elementor-element-d5d0260c e-con-full e-flex e-con e-child\" data-id=\"d5d0260c\" data-element_type=\"container\" data-e-type=\"container\">\n\t\t\t\t<div class=\"elementor-element elementor-element-341be2ac elementor-widget elementor-widget-text-editor\" data-id=\"341be2ac\" data-element_type=\"widget\" data-e-type=\"widget\" data-widget_type=\"text-editor.default\">\n\t\t\t\t\t\t\t\t\t<p><strong>\u00c1kallanir og bindiform\u00falur<\/strong><\/p><p>Lemegeton-hef\u00f0in notar 72 n\u00f6fn Gu\u00f0s (Shem ha-Meforasch) sem gagn\u00feulur.<\/p><p><strong>Pent\u00f6klar og innsigli<\/strong><\/p><p>Innsigli Astaroths er skr\u00e1\u00f0 \u00ed Lemegeton sem r\u00fanfr\u00e6\u00f0ilegt t\u00e1kn.<\/p><p><strong>Var\u00fa\u00f0arr\u00e1\u00f0stafanir gegn svikum<\/strong><\/p><p>\u00cd galdrahef\u00f0inni er l\u00f6g\u00f0 \u00e1hersla \u00e1 a\u00f0 Astaroth l\u00fdgur og a\u00f0 \u00fev\u00ed s\u00e9 \u00fe\u00f6rf \u00e1 strangri bindingu.<\/p>\t\t\t\t\t\t\t\t<\/div>\n\t\t\t\t<\/div>\n\t\t\t\t\t<\/div>\n\t\t\t\t<\/div>\n\t\t<div class=\"elementor-element elementor-element-5a584676 e-flex e-con-boxed e-con e-parent\" data-id=\"5a584676\" data-element_type=\"container\" data-e-type=\"container\">\n\t\t\t\t\t<div class=\"e-con-inner\">\n\t\t\t\t<div class=\"elementor-element elementor-element-6d0757bf elementor-widget elementor-widget-heading\" data-id=\"6d0757bf\" data-element_type=\"widget\" data-e-type=\"widget\" data-widget_type=\"heading.default\">\n\t\t\t\t\t<h2 class=\"elementor-heading-title elementor-size-default\">Astaroth, hli\u00f0st\u00e6\u00f0ur \u00ed \u00f6\u00f0rum menningarheimum<\/h2>\t\t\t\t<\/div>\n\t\t<div class=\"elementor-element elementor-element-60563f68 e-con-full e-flex e-con e-child\" data-id=\"60563f68\" data-element_type=\"container\" data-e-type=\"container\">\n\t\t\t\t<div class=\"elementor-element elementor-element-5a93fdd6 elementor-widget elementor-widget-text-editor\" data-id=\"5a93fdd6\" data-element_type=\"widget\" data-e-type=\"widget\" data-widget_type=\"text-editor.default\">\n\t\t\t\t\t\t\t\t\t<p><strong>J\u00fad\u00edsk hef\u00f0:<\/strong> Astaroth er tilbrig\u00f0i af dem\u00f3nager\u00f0 Astarte. J\u00fad\u00edsk dem\u00f3nafr\u00e6\u00f0i \u00feekkir Asmodeus (konungur dem\u00f3na, en me\u00f0 tv\u00edr\u00e6\u00f0ni, stundum hj\u00e1lpari). \u00cd <span class=\"iwg-fachbegriff\" tabindex=\"0\" data-tooltip=\"J\u00fcdische Mystik mit Hauptwerken Sefer Yetzira, Sohar und der lurianischen Schule.\">Kabbala<\/span> eru \u00f3hreinar Kelipot (sk\u00e1lar hins illa) oft kvenlegar og t\u00e6landi.<\/p><p>Lilith er mikilv\u00e6gasta kvendem\u00f3na-go\u00f0in \u00ed j\u00fadatr\u00fa. Astaroth er ekki miki\u00f0 til umr\u00e6\u00f0u, en er byggingarlega \u00e1\u00feekk: kvenkyns dem\u00f3n\u00edskt vald, t\u00e6ling, gremja gagnvart Gu\u00f0i\/m\u00f6nnum.<\/p><p><strong>Gr\u00edsk-r\u00f3mverski heimurinn:<\/strong> Hekate er undirheimagy\u00f0ja og verndari <span class=\"iwg-fachbegriff\" data-tooltip=\"Praktiken, die durch besondere Handlungen oder Formeln in den Lauf der Dinge eingreifen wollen.\" tabindex=\"0\">galdra<\/span>, l\u00edkt og mi\u00f0lun Astaroths \u00e1 v\u00edsd\u00f3mi. Hera\/J\u00fan\u00f3 er hj\u00f3nabandsgy\u00f0ja, en einnig hefndargy\u00f0ja. Afr\u00f3d\u00edta\/Venus er t\u00e6lingargy\u00f0ja (s\u00ed\u00f0ar ger\u00f0 a\u00f0 dem\u00f3ni \u00ed kristni sem Luxuria\/losti). Graiai (gr\u00e1 systurnar) eru fornar v\u00edsar konur me\u00f0 galdrav\u00edsd\u00f3m. Byggingarlega: kvenkyns go\u00f0m\u00f6gn sem ver\u00f0ir v\u00edsd\u00f3ms e\u00f0a \u00feess sem er banna\u00f0.<\/p><p><strong>Mes\u00f3p\u00f3tam\u00eda:<\/strong> Ishtar\/Inanna er bein forrennari Astarte (f\u00f6nik\u00edsku). H\u00fan er \u00e1st, str\u00ed\u00f0, h\u00e6fni, tv\u00edr\u00e6\u00f0, m\u00e1ttug, t\u00e6landi. Ni\u00f0urf\u00f6r hennar \u00ed undirheima s\u00fdnir myrku hli\u00f0ina. Ereshkigal er undirheimagy\u00f0ja og dem\u00f3n\u00edsk-g\u00e1tukennd. B\u00e1\u00f0ar eru samningsf\u00e6rar, ekki illar \u00ed kristnum skilningi, heldur kosm\u00edskt nau\u00f0synlegar.<\/p><p><strong>Indland\/As\u00eda:<\/strong> Kali er Shakti \u00ed myrkri mynd: ey\u00f0andi, en einnig frelsandi (\u00feversagnarkennt). Durga er dem\u00f3nabani, en einnig kynlaust kraftverkefni. K\u00ednversk ta\u00f3ismi: kvenkyns \u00f3dau\u00f0legar (Xiwangmu, drottning vestursins) eru vitrar og t\u00e6landi. T\u00edbetskur b\u00faddismi: rei\u00f0ar kvengo\u00f0m\u00f6gn (t.d. dakini) eru \u00f3gnvekjandi-fagrar. Allar s\u00fdna: kvenkyns yfirn\u00e1tt\u00farulegt vald \u00e1n vestr\u00e6ns dem\u00f3n\u00edsks si\u00f0fer\u00f0islitunar.<\/p>\t\t\t\t\t\t\t\t<\/div>\n\t\t\t\t<\/div>\n\t\t\t\t\t<\/div>\n\t\t\t\t<\/div>\n\t\t<div class=\"elementor-element elementor-element-cp0aab0ff e-flex e-con-boxed e-con e-parent\" data-id=\"cp0aab0ff\" data-element_type=\"container\" data-e-type=\"container\">\n\t\t\t\t\t<div class=\"e-con-inner\">\n\t\t\t\t<div class=\"elementor-element elementor-element-cpe9923b0 elementor-widget elementor-widget-heading\" data-id=\"cpe9923b0\" data-element_type=\"widget\" data-e-type=\"widget\" data-widget_type=\"heading.default\">\n\t\t\t\t\t<h2 class=\"elementor-heading-title elementor-size-default\">Fr\u00e1 gy\u00f0junni Astarte til dem\u00f3nsins Astaroth<\/h2>\t\t\t\t<\/div>\n\t\t<div class=\"elementor-element elementor-element-cp9f02c04 e-con-full e-flex e-con e-child\" data-id=\"cp9f02c04\" data-element_type=\"container\" data-e-type=\"container\">\n\t\t\t\t<div class=\"elementor-element elementor-element-cp67748df elementor-widget elementor-widget-text-editor\" data-id=\"cp67748df\" data-element_type=\"widget\" data-e-type=\"widget\" data-widget_type=\"text-editor.default\">\n\t\t\t\t\t\t\t\t\t<p><span class=\"iwg-fachbegriff\" data-tooltip=\"Geistiges Wesen, dem sch\u00e4dliche oder zwiesp\u00e4ltige Wirkung zugeschrieben wird.\" tabindex=\"0\">Dem\u00f3nurinn<\/span> Astaroth \u00ed kristinni hef\u00f0 m\u00e1 rekja til <span class=\"iwg-fachbegriff\" data-tooltip=\"Ein als g\u00f6ttlich verehrtes Wesen innerhalb einer Religion.\" tabindex=\"0\">go\u00f0magns<\/span> sem d\u00fdrka\u00f0 var \u00ed hinu forna Austurl\u00f6ndum n\u00e6r. Astarte, \u00e1 hebresku <em>Aschtoret<\/em>, var mikilv\u00e6g gy\u00f0ja \u00ed kanaanskri og f\u00f6nik\u00edskri tr\u00fa, tengd frj\u00f3semi, \u00e1st og a\u00f0 hluta til str\u00ed\u00f0i.<\/p><p>H\u00fan samsvarar mes\u00f3p\u00f3tam\u00edsku Ishtar og s\u00famersku Inn\u00f6nnu og var me\u00f0al v\u00ed\u00f0ast d\u00fdrku\u00f0u go\u00f0magna sv\u00e6\u00f0isins.<\/p><p>Hebreska bibl\u00edan nefnir \u00feessa gy\u00f0ju nokkrum sinnum, \u00e1vallt \u00e1 neikv\u00e6\u00f0an h\u00e1tt. \u00dear birtist h\u00fan sem <em>Aschtoret<\/em> e\u00f0a \u00ed fleirt\u00f6lu <em>Aschtarot<\/em> og er s\u00fdnd sem framandi <span class=\"iwg-fachbegriff\" data-tooltip=\"Die Gesamtheit der religi\u00f6sen Verehrungshandlungen f\u00fcr eine Gottheit oder heilige Gestalt.\" tabindex=\"0\">d\u00fdrkun<\/span> sem \u00cdsrael \u00e6tti a\u00f0 halda sig fr\u00e1.<\/p><p>M\u00e1lfr\u00e6\u00f0ilega telja margir fr\u00e6\u00f0imenn a\u00f0 hlj\u00f3\u00f0setning hebreska nafnsins hafi veri\u00f0 breytt af \u00e1settu r\u00e1\u00f0i, me\u00f0 \u00fev\u00ed a\u00f0 nota s\u00e9rhlj\u00f3\u00f0a or\u00f0sins <em>boschet<\/em>, \u201esk\u00f6mm\u201c. \u00deannig var\u00f0 gy\u00f0jan \u00ed bibl\u00edum\u00e1li a\u00f0 sk\u00f6mmartengdri pers\u00f3nu.<\/p><p>\u00cd frekari kristinni <span class=\"iwg-fachbegriff\" data-tooltip=\"Die Weitergabe von Wissen und Erz\u00e4hlungen \u00fcber Generationen.\" tabindex=\"0\">munnm\u00e6lahef\u00f0<\/span> f\u00f3r umbreytingin fr\u00e1 hafna\u00f0a <span class=\"iwg-fachbegriff\" data-tooltip=\"Ein als g\u00f6ttlich verehrtes Wesen innerhalb einer Religion.\" tabindex=\"0\">go\u00f0magninu<\/span> til <span class=\"iwg-fachbegriff\" data-tooltip=\"Geistiges Wesen, dem sch\u00e4dliche oder zwiesp\u00e4ltige Wirkung zugeschrieben wird.\" tabindex=\"0\">dem\u00f3nsins<\/span>. Endurtekin hugmynd \u00ed s\u00ed\u00f0fornaldar- og mi\u00f0aldar<span class=\"iwg-fachbegriff\" data-tooltip=\"Die wissenschaftliche Lehre von Gott und vom Glauben einer Religion.\" tabindex=\"0\">gu\u00f0fr\u00e6\u00f0i<\/span> h\u00e9lt \u00fev\u00ed fram a\u00f0 gu\u00f0ir hei\u00f0ingjanna v\u00e6ru \u00ed raun dem\u00f3nar. Me\u00f0 \u00feessari t\u00falkun var\u00f0 gy\u00f0jan Astarte a\u00f0 karlkynshugsu\u00f0um <span class=\"iwg-fachbegriff\" data-tooltip=\"Geistiges Wesen, dem sch\u00e4dliche oder zwiesp\u00e4ltige Wirkung zugeschrieben wird.\" tabindex=\"0\">dem\u00f3ninum<\/span> Astaroth.<\/p><p>Tr\u00faarbrag\u00f0afr\u00e6\u00f0ileg ranns\u00f3kn l\u00edtur \u00e1 \u00feetta ferli sem gott d\u00e6mi um svokalla\u00f0a dem\u00f3nisering framandi go\u00f0magna, \u00fear sem virt vera einnar tr\u00faar er endurt\u00falku\u00f0 sem illt vald \u00ed s\u00ed\u00f0ari e\u00f0a samkeppnistr\u00fa. Kynskiptin eru einnig hluti af \u00feessari endurt\u00falkun og eru vel skjalfest \u00ed fr\u00e6\u00f0unum.<\/p>\t\t\t\t\t\t\t\t<\/div>\n\t\t\t\t<\/div>\n\t\t\t\t\t<\/div>\n\t\t\t\t<\/div>\n\t\t<div class=\"elementor-element elementor-element-cp8ff6d74 e-flex e-con-boxed e-con e-parent\" data-id=\"cp8ff6d74\" data-element_type=\"container\" data-e-type=\"container\">\n\t\t\t\t\t<div class=\"e-con-inner\">\n\t\t\t\t<div class=\"elementor-element elementor-element-cpd52d439 elementor-widget elementor-widget-heading\" data-id=\"cpd52d439\" data-element_type=\"widget\" data-e-type=\"widget\" data-widget_type=\"heading.default\">\n\t\t\t\t\t<h2 class=\"elementor-heading-title elementor-size-default\">Astaroth \u00ed dem\u00f3nafr\u00e6\u00f0i \u00e1rn\u00fdaldar<\/h2>\t\t\t\t<\/div>\n\t\t<div class=\"elementor-element elementor-element-cpbb54379 e-con-full e-flex e-con e-child\" data-id=\"cpbb54379\" data-element_type=\"container\" data-e-type=\"container\">\n\t\t\t\t<div class=\"elementor-element elementor-element-cpce71b4f elementor-widget elementor-widget-text-editor\" data-id=\"cpce71b4f\" data-element_type=\"widget\" data-e-type=\"widget\" data-widget_type=\"text-editor.default\">\n\t\t\t\t\t\t\t\t\t<p>Astaroth f\u00e9kk s\u00edna \u00fatf\u00e6r\u00f0u mynd \u00ed dj\u00f6flafr\u00e6\u00f0iritum s\u00ed\u00f0mi\u00f0alda og upphafs n\u00fdaldar. \u00c1 \u00feessu t\u00edmabili ur\u00f0u til fj\u00f6lmargir ritverk sem skipu\u00f0u helv\u00edti eftir fyrirmynd jar\u00f0nesks hir\u00f0ar e\u00f0a r\u00edkis og \u00fathlutu\u00f0u dj\u00f6flum stigveldi, emb\u00e6ttum og valdsvi\u00f0um. Astaroth telst \u00ed \u00feessum verkum reglulega til efsta valdastigsins.<\/p><p><span data-nosnippet>\u00cd hinni \u00e1hrifamiklu <em>Pseudomonarchia daemonum<\/em>, sem Johann Weyer gaf \u00fat 1577 sem vi\u00f0auka vi\u00f0 rit sitt gegn galdraf\u00e1ri, birtist Astaroth sem voldugur st\u00f3rhertogi helv\u00edtis.<\/span><\/p><p>Weyer l\u00fdsir honum sem veru sem r\u00ed\u00f0ur helv\u00edtisd\u00fdri og heldur \u00e1 h\u00f6ggormi; s\u00e1 sem framkallar hann eigi a\u00f0 g\u00e6ta s\u00edn \u00e1 illum anda hans.<\/p><p>Honum er eigna\u00f0 a\u00f0 veita uppl\u00fdsingar um fort\u00ed\u00f0 og framt\u00ed\u00f0 og a\u00f0 kenna leyndarm\u00e1l frj\u00e1lsra lista. Hi\u00f0 s\u00ed\u00f0ar afsprottna rit <em>Lemegeton<\/em>, einnig kalla\u00f0 <em>Goetia<\/em>, t\u00f3k Astaroth upp \u00e1 lista sinn yfir sj\u00f6t\u00edu og tvo dj\u00f6fla.<\/p><p>V\u00edsindaleg ranns\u00f3kn bendir \u00e1 a\u00f0 \u00feessi ritverk s\u00e9u ekki fr\u00e1sagnir af raunverulega stunda\u00f0ri tilbei\u00f0slu, heldur fr\u00e6\u00f0ilegar sm\u00ed\u00f0ar. \u00deau vinna \u00far eldri nafnalistum, bibl\u00edulegum tilv\u00edsunum og b\u00f3kmenntahef\u00f0um og m\u00f3ta \u00far \u00fev\u00ed kerfi sem segir meira um hugmyndaheim h\u00f6funda sinna en um raunverulegar dj\u00f6flaverur.<\/p><p>Astaroth er \u00ed \u00feessu kerfi fastur li\u00f0ur, ein af f\u00e1um verum sem koma fyrir \u00ed n\u00e6r \u00f6llum vi\u00f0eigandi ritum. Sta\u00f0a hans sem st\u00f3rhertogi gerir hann a\u00f0 einum af \u00e6\u00f0stu dj\u00f6flum vestr\u00e6nnar dj\u00f6flafr\u00e6\u00f0i. \u00deeir sem hafa \u00e1huga \u00e1 r\u00f6kfr\u00e6\u00f0i \u00feessara helv\u00edtisstigveldis finna fleiri d\u00e6mi \u00e1 svi\u00f0i <a href=\"https:\/\/iwell-guard.com\/is\/?page_id=168612\">kristinnar dj\u00f6flafr\u00e6\u00f0i<\/a>.<\/p>\t\t\t\t\t\t\t\t<\/div>\n\t\t\t\t<\/div>\n\t\t\t\t\t<\/div>\n\t\t\t\t<\/div>\n\t\t<div class=\"elementor-element elementor-element-cpdc4e9fa e-flex e-con-boxed e-con e-parent\" data-id=\"cpdc4e9fa\" data-element_type=\"container\" data-e-type=\"container\">\n\t\t\t\t\t<div class=\"e-con-inner\">\n\t\t\t\t<div class=\"elementor-element elementor-element-cp4f407c7 elementor-widget elementor-widget-heading\" data-id=\"cp4f407c7\" data-element_type=\"widget\" data-e-type=\"widget\" data-widget_type=\"heading.default\">\n\t\t\t\t\t<h2 class=\"elementor-heading-title elementor-size-default\">Astaroth \u00ed galdram\u00e1lum, b\u00f3kmenntum og d\u00e6gurmenningu<\/h2>\t\t\t\t<\/div>\n\t\t<div class=\"elementor-element elementor-element-cpa8cf15c e-con-full e-flex e-con e-child\" data-id=\"cpa8cf15c\" data-element_type=\"container\" data-e-type=\"container\">\n\t\t\t\t<div class=\"elementor-element elementor-element-cp3002f7a elementor-widget elementor-widget-text-editor\" data-id=\"cp3002f7a\" data-element_type=\"widget\" data-e-type=\"widget\" data-widget_type=\"text-editor.default\">\n\t\t\t\t\t\t\t\t\t<p>Auk hinna fr\u00e6\u00f0ilegu dj\u00f6flafr\u00e6\u00f0irita kom nafni\u00f0 Astaroth einnig fram \u00ed galdram\u00e1lum upphafs n\u00fdaldar. \u00cd yfirheyrsluskj\u00f6lum birtist hann \u00f6\u00f0ru hverju sem einn af \u00feeim dj\u00f6flum sem sakborningar s\u00f6g\u00f0ust hafa gert samning vi\u00f0.<\/p><p>\u00deessar j\u00e1tningar eru gagnslausar sem heimildir um raunverulega dj\u00f6flatilbei\u00f0slu, \u00fear sem \u00fe\u00e6r ur\u00f0u til undir \u00fer\u00fdstingi, oft undir pyntingum, og eftir lei\u00f0andi spurningum ranns\u00f3knard\u00f3mara. \u00de\u00e6r s\u00fdna \u00fe\u00f3 a\u00f0 n\u00f6fnin \u00far dj\u00f6flafr\u00e6\u00f0ihandb\u00f3kunum h\u00f6f\u00f0u s\u00edast inn \u00ed hugarheim ofs\u00f3knarmannanna og m\u00f3tu\u00f0u mynd \u00feeirra af helv\u00edti.<\/p><p>\u00cd b\u00f3kmenntum var Astaroth einnig nota\u00f0ur. Nafn hans birtist \u00feegar \u00ed textum mi\u00f0alda og upphafs n\u00fdaldar, og s\u00ed\u00f0an hafa h\u00f6fundar sem l\u00fdstu helv\u00edti e\u00f0a hinu dj\u00f6fullega \u00edtreka\u00f0 gripi\u00f0 til hans.<\/p><p>\u00dear sem nafni\u00f0 er hlj\u00f3mfagurt og skr\u00e1\u00f0 \u00ed sta\u00f0alritum dj\u00f6flafr\u00e6\u00f0innar, henta\u00f0i \u00fea\u00f0 vel sem vel sta\u00f0fest vera fyrir b\u00f3kmenntalega notkun.<\/p><p>N\u00fa \u00e1 d\u00f6gum er Astaroth fyrst og fremst s\u00fdnilegur \u00ed d\u00e6gurmenningu. Hann birtist \u00ed t\u00f6lvuleikjum, hlutverkaleikjum, kvikmyndum, myndas\u00f6gum og t\u00f3nlist, oft sem voldugur helv\u00edtisfursti e\u00f0a andst\u00e6\u00f0ingur sem \u00fearf a\u00f0 sigra. \u00deessi n\u00fat\u00edmanotkun tengist n\u00e6r undantekningarlaust dj\u00f6flafr\u00e6\u00f0ihandb\u00f3kunum, \u00e1n \u00feess a\u00f0 vita af langri s\u00f6gu hans fr\u00e1 gy\u00f0junni Astarte.<\/p><p>V\u00edsindalega s\u00e9\u00f0 er Astaroth \u00fev\u00ed l\u00e6rd\u00f3msr\u00edkt d\u00e6mi: vera sem rekur sl\u00f3\u00f0 s\u00edna fr\u00e1 virtri fornaustr\u00e6nni gy\u00f0ju, \u00ed gegnum bibl\u00edulega h\u00f6fnun og fr\u00e6\u00f0ilega dj\u00f6flav\u00e6\u00f0ingu, allt til sta\u00f0aldj\u00f6fuls n\u00fat\u00edma af\u00fereyingar. \u00c1 f\u00e1um \u00f6\u00f0rum pers\u00f3num m\u00e1 rekja dj\u00f6flav\u00e6\u00f0ingarferli\u00f0 svo samfellt \u00ed gegnum tv\u00f6 \u00e1r\u00fe\u00fasund.<\/p>\t\t\t\t\t\t\t\t<\/div>\n\t\t\t\t<\/div>\n\t\t\t\t\t<\/div>\n\t\t\t\t<\/div>\n\t\t<div class=\"elementor-element elementor-element-36dd7469 e-flex e-con-boxed e-con e-parent\" data-id=\"36dd7469\" data-element_type=\"container\" data-e-type=\"container\">\n\t\t\t\t\t<div class=\"e-con-inner\">\n\t\t\t\t<div class=\"elementor-element elementor-element-13760ab4 elementor-widget elementor-widget-heading\" data-id=\"13760ab4\" data-element_type=\"widget\" data-e-type=\"widget\" data-widget_type=\"heading.default\">\n\t\t\t\t\t<h2 class=\"elementor-heading-title elementor-size-default\">\u00cdtarefni og tenglar<\/h2>\t\t\t\t<\/div>\n\t\t<div class=\"elementor-element elementor-element-28c87796 e-con-full e-flex e-con e-child\" data-id=\"28c87796\" data-element_type=\"container\" data-e-type=\"container\">\n\t\t\t\t<div class=\"elementor-element elementor-element-5d6538df elementor-widget elementor-widget-text-editor\" data-id=\"5d6538df\" data-element_type=\"widget\" data-e-type=\"widget\" data-widget_type=\"text-editor.default\">\n\t\t\t\t\t\t\t\t\t<ul><\/ul>\t\t\t\t\t\t\t\t<\/div>\n\t\t\t\t<\/div>\n\t\t\t\t\t<\/div>\n\t\t\t\t<\/div>\n\t\t<div class=\"elementor-element elementor-element-grl4kl40 e-flex e-con-boxed e-con e-parent\" data-id=\"grl4kl40\" data-element_type=\"container\" data-e-type=\"container\">\n\t\t\t\t\t<div class=\"e-con-inner\">\n\t\t\t\t<div class=\"elementor-element elementor-element-bzsbfrmh elementor-widget elementor-widget-heading\" data-id=\"bzsbfrmh\" data-element_type=\"widget\" data-e-type=\"widget\" data-widget_type=\"heading.default\">\n\t\t\t\t\t<h2 class=\"elementor-heading-title elementor-size-default\">Heimildir (\u00farval)<\/h2>\t\t\t\t<\/div>\n\t\t<div class=\"elementor-element elementor-element-2c13224a e-con-full e-flex e-con e-child\" data-id=\"2c13224a\" data-element_type=\"container\" data-e-type=\"container\">\n\t\t\t\t<div class=\"elementor-element elementor-element-0eymh9ub elementor-widget elementor-widget-text-editor\" data-id=\"0eymh9ub\" data-element_type=\"widget\" data-e-type=\"widget\" data-widget_type=\"text-editor.default\">\n\t\t\t\t\t\t\t\t\t<ul><li><span data-nosnippet>Joseph H. Peterson (ed. &#038; trans.): <em>The Lesser Key of Solomon: The Goetia<\/em>. Weiser Books, 2001.<\/span><\/li><\/ul>\t\t\t\t\t\t\t\t<\/div>\n\t\t\t\t<\/div>\n\t\t\t\t\t<\/div>\n\t\t\t\t<\/div>\n\t\t<div class=\"elementor-element elementor-element-iwgca-astaroth-sec e-flex e-con-boxed e-con e-parent\" data-id=\"iwgca-astaroth-sec\" data-element_type=\"container\" data-e-type=\"container\" id=\"iwg-ca-astaroth\">\n\t\t\t\t\t<div class=\"e-con-inner\">\n\t\t\t\t<div class=\"elementor-element elementor-element-iwgca-astaroth-te iwg-ca-textwrap elementor-widget elementor-widget-text-editor\" data-id=\"iwgca-astaroth-te\" data-element_type=\"widget\" data-e-type=\"widget\" data-widget_type=\"text-editor.default\">\n\t\t\t\t\t\t\t\t\t<div data-nosnippet=\"true\"><p class=\"iwg-ca-bridge\">Verndarhef\u00f0in sem h\u00e9r er l\u00fdst er v\u00edsindaleg \u00fattekt \u00e1 s\u00f6guhef\u00f0um. iWell Guard tengist \u00feessari menningars\u00f6gulegu hef\u00f0 verndargripa sem borin eru \u00e1 l\u00edkamanum og er n\u00fat\u00edmaleg \u00fatf\u00e6rsla \u00e1 henni. <a href=\"\/ueber-iwell-guard\/?utm_source=iwell-guard.com&#038;utm_medium=text-link&#038;utm_campaign=schadwesen-tradition\">Meira um iWell Guard \u2192<\/a><\/p><\/div>\t\t\t\t\t\t\t\t<\/div>\n\t\t\t\t\t<\/div>\n\t\t\t\t<\/div>\n\t\t\t\t<\/div>\n\t\t","protected":false},"excerpt":{"rendered":"","protected":false},"author":3,"featured_media":1560,"parent":0,"menu_order":0,"comment_status":"closed","ping_status":"closed","template":"elementor_header_footer","meta":{"_yoast_wpseo_focuskw":"Astaroth","_yoast_wpseo_title":"Astaroth \u2013 gu\u00f0veldi kristninnar","_yoast_wpseo_metadesc":"Astaroth, dj\u00f6flafursti kristinnar dj\u00f6flafr\u00e6\u00f0i og einn af 72 \u00f6ndum Goet\u00edu, talinn dj\u00f6fulger\u00f0 \u00fatg\u00e1fa af f\u00f6nik\u00edsku gy\u00f0junni Astarte.","_yoast_wpseo_meta-robots-noindex":"","_yoast_wpseo_canonical":"","_angie_page":false,"gefaehrdungsstufe":"4","wesen_kultur":"christentum","wesen_klasse":"daemonen","footnotes":""},"categories":[],"class_list":["post-168849","page","type-page","status-publish","has-post-thumbnail","hentry"],"yoast_head":"<!-- This site is optimized with the Yoast SEO Premium plugin v27.7 (Yoast SEO v28.3) - https:\/\/yoast.com\/product\/yoast-seo-premium-wordpress\/ -->\n<title>Astaroth \u2013 gu\u00f0veldi kristninnar<\/title>\n<meta name=\"description\" content=\"Astaroth, dj\u00f6flafursti kristinnar dj\u00f6flafr\u00e6\u00f0i og einn af 72 \u00f6ndum Goet\u00edu, talinn dj\u00f6fulger\u00f0 \u00fatg\u00e1fa af f\u00f6nik\u00edsku gy\u00f0junni Astarte.\" \/>\n<meta name=\"robots\" content=\"index, follow, max-snippet:-1, max-image-preview:large, max-video-preview:-1\" \/>\n<link rel=\"canonical\" href=\"https:\/\/iwell-guard.com\/is\/astaroth\/\" \/>\n<meta property=\"og:locale\" content=\"is_IS\" \/>\n<meta property=\"og:type\" content=\"article\" \/>\n<meta property=\"og:title\" content=\"Astaroth\" \/>\n<meta property=\"og:description\" content=\"Astaroth, dj\u00f6flafursti kristinnar dj\u00f6flafr\u00e6\u00f0i og einn af 72 \u00f6ndum Goet\u00edu, talinn dj\u00f6fulger\u00f0 \u00fatg\u00e1fa af f\u00f6nik\u00edsku gy\u00f0junni Astarte.\" \/>\n<meta property=\"og:url\" content=\"https:\/\/iwell-guard.com\/is\/astaroth\/\" \/>\n<meta property=\"og:site_name\" content=\"iWell Guard\" \/>\n<meta property=\"article:modified_time\" content=\"2026-09-05T14:21:03+00:00\" \/>\n<meta property=\"og:image\" content=\"https:\/\/iwell-guard.com\/wp-content\/uploads\/2026\/04\/daemonen_christentum_astaroth.webp\" \/>\n\t<meta property=\"og:image:width\" content=\"1024\" \/>\n\t<meta property=\"og:image:height\" content=\"1536\" \/>\n\t<meta property=\"og:image:type\" content=\"image\/webp\" \/>\n<meta name=\"twitter:card\" content=\"summary_large_image\" \/>\n<script type=\"application\/ld+json\" class=\"yoast-schema-graph\">{\"@context\":\"https:\\\/\\\/schema.org\",\"@graph\":[{\"@type\":\"WebPage\",\"@id\":\"https:\\\/\\\/iwell-guard.com\\\/is\\\/astaroth\\\/\",\"url\":\"https:\\\/\\\/iwell-guard.com\\\/is\\\/astaroth\\\/\",\"name\":\"Astaroth \u2013 gu\u00f0veldi kristninnar\",\"isPartOf\":{\"@id\":\"https:\\\/\\\/iwell-guard.com\\\/is\\\/#website\"},\"primaryImageOfPage\":{\"@id\":\"https:\\\/\\\/iwell-guard.com\\\/is\\\/astaroth\\\/#primaryimage\"},\"image\":{\"@id\":\"https:\\\/\\\/iwell-guard.com\\\/is\\\/astaroth\\\/#primaryimage\"},\"thumbnailUrl\":\"https:\\\/\\\/iwell-guard.com\\\/wp-content\\\/uploads\\\/2026\\\/04\\\/daemonen_christentum_astaroth.webp\",\"datePublished\":\"2026-09-05T14:03:29+00:00\",\"dateModified\":\"2026-09-05T14:21:03+00:00\",\"description\":\"Astaroth, dj\u00f6flafursti kristinnar dj\u00f6flafr\u00e6\u00f0i og einn af 72 \u00f6ndum Goet\u00edu, talinn dj\u00f6fulger\u00f0 \u00fatg\u00e1fa af f\u00f6nik\u00edsku gy\u00f0junni Astarte.\",\"breadcrumb\":{\"@id\":\"https:\\\/\\\/iwell-guard.com\\\/is\\\/astaroth\\\/#breadcrumb\"},\"inLanguage\":\"is\",\"potentialAction\":[{\"@type\":\"ReadAction\",\"target\":[\"https:\\\/\\\/iwell-guard.com\\\/is\\\/astaroth\\\/\"]}]},{\"@type\":\"ImageObject\",\"inLanguage\":\"is\",\"@id\":\"https:\\\/\\\/iwell-guard.com\\\/is\\\/astaroth\\\/#primaryimage\",\"url\":\"https:\\\/\\\/iwell-guard.com\\\/wp-content\\\/uploads\\\/2026\\\/04\\\/daemonen_christentum_astaroth.webp\",\"contentUrl\":\"https:\\\/\\\/iwell-guard.com\\\/wp-content\\\/uploads\\\/2026\\\/04\\\/daemonen_christentum_astaroth.webp\",\"width\":1024,\"height\":1536,\"caption\":\"Dj\u00f6flar \u00far kristinni hef\u00f0.\"},{\"@type\":\"BreadcrumbList\",\"@id\":\"https:\\\/\\\/iwell-guard.com\\\/is\\\/astaroth\\\/#breadcrumb\",\"itemListElement\":[{\"@type\":\"ListItem\",\"position\":1,\"name\":\"Start\",\"item\":\"https:\\\/\\\/iwell-guard.com\\\/is\\\/?page_id=168580\"},{\"@type\":\"ListItem\",\"position\":2,\"name\":\"Astaroth\"}]},{\"@type\":\"WebSite\",\"@id\":\"https:\\\/\\\/iwell-guard.com\\\/is\\\/#website\",\"url\":\"https:\\\/\\\/iwell-guard.com\\\/is\\\/\",\"name\":\"iWell Guard\",\"description\":\"Schutz vor dunklen Einfl\u00fcssen\",\"publisher\":{\"@id\":\"https:\\\/\\\/iwell-guard.com\\\/is\\\/#organization\"},\"potentialAction\":[{\"@type\":\"SearchAction\",\"target\":{\"@type\":\"EntryPoint\",\"urlTemplate\":\"https:\\\/\\\/iwell-guard.com\\\/is\\\/?s={search_term_string}\"},\"query-input\":{\"@type\":\"PropertyValueSpecification\",\"valueRequired\":true,\"valueName\":\"search_term_string\"}}],\"inLanguage\":\"is\"},{\"@type\":\"Organization\",\"@id\":\"https:\\\/\\\/iwell-guard.com\\\/is\\\/#organization\",\"name\":\"Ittermann electronic GmbH\",\"url\":\"https:\\\/\\\/iwell-guard.com\\\/is\\\/\",\"logo\":{\"@type\":\"ImageObject\",\"inLanguage\":\"is\",\"@id\":\"https:\\\/\\\/iwell-guard.com\\\/is\\\/#\\\/schema\\\/logo\\\/image\\\/\",\"url\":\"https:\\\/\\\/iwell-guard.com\\\/wp-content\\\/uploads\\\/2026\\\/05\\\/Ittermann-Logo-1182x237-1.png\",\"contentUrl\":\"https:\\\/\\\/iwell-guard.com\\\/wp-content\\\/uploads\\\/2026\\\/05\\\/Ittermann-Logo-1182x237-1.png\",\"width\":1182,\"height\":237,\"caption\":\"Ittermann electronic GmbH\"},\"image\":{\"@id\":\"https:\\\/\\\/iwell-guard.com\\\/is\\\/#\\\/schema\\\/logo\\\/image\\\/\"},\"sameAs\":[\"https:\\\/\\\/pantip.com\\\/profile\\\/9367242\",\"https:\\\/\\\/micro.blog\\\/iwellguard\",\"https:\\\/\\\/www.diggerslist.com\\\/iwellguard\\\/about\",\"https:\\\/\\\/skitterphoto.com\\\/photographers\\\/2870314\\\/iwell-guard\",\"https:\\\/\\\/iwellguard.wordpress.com\\\/2026\\\/06\\\/06\\\/iwell-guard\\\/\",\"https:\\\/\\\/hub.docker.com\\\/u\\\/iwellguard\",\"https:\\\/\\\/www.pinterest.com\\\/iwellguard\\\/\",\"https:\\\/\\\/bit.ly\\\/m\\\/iwellguard\",\"https:\\\/\\\/entre-vos-mains.alsace.eu\\\/profiles\\\/iwellguard\\\/activity\",\"https:\\\/\\\/gravatar.com\\\/reallybeded8fd34\",\"https:\\\/\\\/naijamatta.com\\\/iwellguard\",\"https:\\\/\\\/www.goodreads.com\\\/iwellguard\",\"https:\\\/\\\/profile.hatena.ne.jp\\\/iwellguard\\\/\",\"https:\\\/\\\/experiment.com\\\/users\\\/iwellguard\",\"https:\\\/\\\/wakelet.com\\\/@iWellGuard82270\",\"https:\\\/\\\/www.chordie.com\\\/forum\\\/profile.php?id=2555664\",\"https:\\\/\\\/www.instapaper.com\\\/p\\\/17757966\",\"https:\\\/\\\/www.mapleprimes.com\\\/users\\\/iwellguard\",\"https:\\\/\\\/businesslistingplus.com\\\/profile\\\/iwell-guard\\\/\",\"https:\\\/\\\/telegra.ph\\\/iWell-Guard-06-06\",\"https:\\\/\\\/pbase.com\\\/iwellguard\\\/iwellguard\",\"https:\\\/\\\/b.hatena.ne.jp\\\/iwellguard\\\/20260607#bookmark-4788405196491818882\",\"https:\\\/\\\/fliphtml5.com\\\/home\\\/iwellguard\",\"https:\\\/\\\/anyflip.com\\\/homepage\\\/cmiwl#About\",\"https:\\\/\\\/transfur.com\\\/Users\\\/iwellguard\",\"http:\\\/\\\/delphi.larsbo.org\\\/user\\\/iwellguard\",\"https:\\\/\\\/jobs.lajobsportal.org\\\/profiles\\\/8380803-iwell-guard\",\"https:\\\/\\\/md.chaosdorf.de\\\/s\\\/jfbe5SBdJD\",\"https:\\\/\\\/www.lingvolive.com\\\/en-us\\\/profile\\\/9ecaeaca-ce11-4e51-9e71-01d55e2bff36\\\/translations\",\"https:\\\/\\\/www.fitday.com\\\/fitness\\\/forums\\\/members\\\/iwellguard.html\",\"https:\\\/\\\/www.mymeetbook.com\\\/iwellguard\",\"https:\\\/\\\/pxhere.com\\\/en\\\/photographer-me\\\/5040798\",\"https:\\\/\\\/disqus.com\\\/by\\\/iwellguard\\\/about\\\/\",\"https:\\\/\\\/pastelink.net\\\/hjwciqwq\",\"https:\\\/\\\/pubhtml5.com\\\/homepage\\\/scjhn\\\/\",\"https:\\\/\\\/www.bitchute.com\\\/channel\\\/2O2eOKzNqujT\",\"https:\\\/\\\/audiomack.com\\\/iwellguard\"]},{\"@type\":\"Article\",\"@id\":\"https:\\\/\\\/iwell-guard.com\\\/is\\\/astaroth\\\/#article\",\"isPartOf\":{\"@id\":\"https:\\\/\\\/iwell-guard.com\\\/is\\\/astaroth\\\/\"},\"author\":{\"name\":\"Ralf Ittermann\",\"@id\":\"https:\\\/\\\/iwell-guard.com\\\/is\\\/#\\\/schema\\\/person\\\/ee2a27f1cac3406c7c6fb5820cb7349f\"},\"headline\":\"Astaroth\",\"datePublished\":\"2026-09-05T14:03:29+00:00\",\"dateModified\":\"2026-09-05T14:21:03+00:00\",\"mainEntityOfPage\":{\"@id\":\"https:\\\/\\\/iwell-guard.com\\\/is\\\/astaroth\\\/\"},\"publisher\":{\"@id\":\"https:\\\/\\\/iwell-guard.com\\\/is\\\/#organization\"},\"image\":{\"@id\":\"https:\\\/\\\/iwell-guard.com\\\/is\\\/astaroth\\\/#primaryimage\"},\"thumbnailUrl\":\"https:\\\/\\\/iwell-guard.com\\\/wp-content\\\/uploads\\\/2026\\\/04\\\/daemonen_christentum_astaroth.webp\",\"inLanguage\":\"is\",\"description\":\"Astaroth, dj\u00f6flafursti kristinnar dj\u00f6flafr\u00e6\u00f0i og einn af 72 \u00f6ndum Goet\u00edu, talinn dj\u00f6fulger\u00f0 \u00fatg\u00e1fa af f\u00f6nik\u00edsku gy\u00f0junni Astarte.\"}]}<\/script>\n<!-- \/ Yoast SEO Premium plugin. -->","yoast_head_json":{"title":"Astaroth \u2013 gu\u00f0veldi kristninnar","description":"Astaroth, dj\u00f6flafursti kristinnar dj\u00f6flafr\u00e6\u00f0i og einn af 72 \u00f6ndum Goet\u00edu, talinn dj\u00f6fulger\u00f0 \u00fatg\u00e1fa af f\u00f6nik\u00edsku gy\u00f0junni Astarte.","robots":{"index":"index","follow":"follow","max-snippet":"max-snippet:-1","max-image-preview":"max-image-preview:large","max-video-preview":"max-video-preview:-1"},"canonical":"https:\/\/iwell-guard.com\/is\/astaroth\/","og_locale":"is_IS","og_type":"article","og_title":"Astaroth","og_description":"Astaroth, dj\u00f6flafursti kristinnar dj\u00f6flafr\u00e6\u00f0i og einn af 72 \u00f6ndum Goet\u00edu, talinn dj\u00f6fulger\u00f0 \u00fatg\u00e1fa af f\u00f6nik\u00edsku gy\u00f0junni Astarte.","og_url":"https:\/\/iwell-guard.com\/is\/astaroth\/","og_site_name":"iWell Guard","article_modified_time":"2026-09-05T14:21:03+00:00","og_image":[{"width":1024,"height":1536,"url":"https:\/\/iwell-guard.com\/wp-content\/uploads\/2026\/04\/daemonen_christentum_astaroth.webp","type":"image\/webp"}],"twitter_card":"summary_large_image","schema":{"@context":"https:\/\/schema.org","@graph":[{"@type":"Article","@id":"https:\/\/iwell-guard.com\/is\/astaroth\/#article","isPartOf":{"@id":"https:\/\/iwell-guard.com\/is\/astaroth\/"},"author":{"name":"Ralf Ittermann","@id":"https:\/\/iwell-guard.com\/is\/#\/schema\/person\/ee2a27f1cac3406c7c6fb5820cb7349f"},"headline":"Astaroth","datePublished":"2026-09-05T14:03:29+00:00","dateModified":"2026-09-05T14:21:03+00:00","mainEntityOfPage":{"@id":"https:\/\/iwell-guard.com\/is\/astaroth\/"},"publisher":{"@id":"https:\/\/iwell-guard.com\/is\/#organization"},"image":{"@id":"https:\/\/iwell-guard.com\/is\/astaroth\/#primaryimage"},"thumbnailUrl":"https:\/\/iwell-guard.com\/wp-content\/uploads\/2026\/04\/daemonen_christentum_astaroth.webp","inLanguage":"is","description":"Astaroth, dj\u00f6flafursti kristinnar dj\u00f6flafr\u00e6\u00f0i og einn af 72 \u00f6ndum Goet\u00edu, talinn dj\u00f6fulger\u00f0 \u00fatg\u00e1fa af f\u00f6nik\u00edsku gy\u00f0junni Astarte."},{"@type":"WebPage","@id":"https:\/\/iwell-guard.com\/is\/astaroth\/","url":"https:\/\/iwell-guard.com\/is\/astaroth\/","name":"Astaroth \u2013 gu\u00f0veldi kristninnar","isPartOf":{"@id":"https:\/\/iwell-guard.com\/is\/#website"},"primaryImageOfPage":{"@id":"https:\/\/iwell-guard.com\/is\/astaroth\/#primaryimage"},"image":{"@id":"https:\/\/iwell-guard.com\/is\/astaroth\/#primaryimage"},"thumbnailUrl":"https:\/\/iwell-guard.com\/wp-content\/uploads\/2026\/04\/daemonen_christentum_astaroth.webp","datePublished":"2026-09-05T14:03:29+00:00","dateModified":"2026-09-05T14:21:03+00:00","description":"Astaroth, dj\u00f6flafursti kristinnar dj\u00f6flafr\u00e6\u00f0i og einn af 72 \u00f6ndum Goet\u00edu, talinn dj\u00f6fulger\u00f0 \u00fatg\u00e1fa af f\u00f6nik\u00edsku gy\u00f0junni Astarte.","breadcrumb":{"@id":"https:\/\/iwell-guard.com\/is\/astaroth\/#breadcrumb"},"inLanguage":"is","potentialAction":[{"@type":"ReadAction","target":["https:\/\/iwell-guard.com\/is\/astaroth\/"]}]},{"@type":"ImageObject","inLanguage":"is","@id":"https:\/\/iwell-guard.com\/is\/astaroth\/#primaryimage","url":"https:\/\/iwell-guard.com\/wp-content\/uploads\/2026\/04\/daemonen_christentum_astaroth.webp","contentUrl":"https:\/\/iwell-guard.com\/wp-content\/uploads\/2026\/04\/daemonen_christentum_astaroth.webp","width":1024,"height":1536,"caption":"Dj\u00f6flar \u00far kristinni hef\u00f0."},{"@type":"BreadcrumbList","@id":"https:\/\/iwell-guard.com\/is\/astaroth\/#breadcrumb","itemListElement":[{"@type":"ListItem","position":1,"name":"Start","item":"https:\/\/iwell-guard.com\/is\/?page_id=168580"},{"@type":"ListItem","position":2,"name":"Astaroth"}]},{"@type":"WebSite","@id":"https:\/\/iwell-guard.com\/is\/#website","url":"https:\/\/iwell-guard.com\/is\/","name":"iWell Guard","description":"Schutz vor dunklen Einfl\u00fcssen","publisher":{"@id":"https:\/\/iwell-guard.com\/is\/#organization"},"potentialAction":[{"@type":"SearchAction","target":{"@type":"EntryPoint","urlTemplate":"https:\/\/iwell-guard.com\/is\/?s={search_term_string}"},"query-input":{"@type":"PropertyValueSpecification","valueRequired":true,"valueName":"search_term_string"}}],"inLanguage":"is"},{"@type":"Organization","@id":"https:\/\/iwell-guard.com\/is\/#organization","name":"Ittermann electronic GmbH","url":"https:\/\/iwell-guard.com\/is\/","logo":{"@type":"ImageObject","inLanguage":"is","@id":"https:\/\/iwell-guard.com\/is\/#\/schema\/logo\/image\/","url":"https:\/\/iwell-guard.com\/wp-content\/uploads\/2026\/05\/Ittermann-Logo-1182x237-1.png","contentUrl":"https:\/\/iwell-guard.com\/wp-content\/uploads\/2026\/05\/Ittermann-Logo-1182x237-1.png","width":1182,"height":237,"caption":"Ittermann electronic GmbH"},"image":{"@id":"https:\/\/iwell-guard.com\/is\/#\/schema\/logo\/image\/"},"sameAs":["https:\/\/pantip.com\/profile\/9367242","https:\/\/micro.blog\/iwellguard","https:\/\/www.diggerslist.com\/iwellguard\/about","https:\/\/skitterphoto.com\/photographers\/2870314\/iwell-guard","https:\/\/iwellguard.wordpress.com\/2026\/06\/06\/iwell-guard\/","https:\/\/hub.docker.com\/u\/iwellguard","https:\/\/www.pinterest.com\/iwellguard\/","https:\/\/bit.ly\/m\/iwellguard","https:\/\/entre-vos-mains.alsace.eu\/profiles\/iwellguard\/activity","https:\/\/gravatar.com\/reallybeded8fd34","https:\/\/naijamatta.com\/iwellguard","https:\/\/www.goodreads.com\/iwellguard","https:\/\/profile.hatena.ne.jp\/iwellguard\/","https:\/\/experiment.com\/users\/iwellguard","https:\/\/wakelet.com\/@iWellGuard82270","https:\/\/www.chordie.com\/forum\/profile.php?id=2555664","https:\/\/www.instapaper.com\/p\/17757966","https:\/\/www.mapleprimes.com\/users\/iwellguard","https:\/\/businesslistingplus.com\/profile\/iwell-guard\/","https:\/\/telegra.ph\/iWell-Guard-06-06","https:\/\/pbase.com\/iwellguard\/iwellguard","https:\/\/b.hatena.ne.jp\/iwellguard\/20260607#bookmark-4788405196491818882","https:\/\/fliphtml5.com\/home\/iwellguard","https:\/\/anyflip.com\/homepage\/cmiwl#About","https:\/\/transfur.com\/Users\/iwellguard","http:\/\/delphi.larsbo.org\/user\/iwellguard","https:\/\/jobs.lajobsportal.org\/profiles\/8380803-iwell-guard","https:\/\/md.chaosdorf.de\/s\/jfbe5SBdJD","https:\/\/www.lingvolive.com\/en-us\/profile\/9ecaeaca-ce11-4e51-9e71-01d55e2bff36\/translations","https:\/\/www.fitday.com\/fitness\/forums\/members\/iwellguard.html","https:\/\/www.mymeetbook.com\/iwellguard","https:\/\/pxhere.com\/en\/photographer-me\/5040798","https:\/\/disqus.com\/by\/iwellguard\/about\/","https:\/\/pastelink.net\/hjwciqwq","https:\/\/pubhtml5.com\/homepage\/scjhn\/","https:\/\/www.bitchute.com\/channel\/2O2eOKzNqujT","https:\/\/audiomack.com\/iwellguard"]},{"@type":"Person","@id":"https:\/\/iwell-guard.com\/is\/#\/schema\/person\/ee2a27f1cac3406c7c6fb5820cb7349f","name":"Ralf Ittermann","image":{"@type":"ImageObject","inLanguage":"is","@id":"https:\/\/secure.gravatar.com\/avatar\/073c0153e350a5005b68eb752b445fea71f6b24a26da9449ad7e155e6b446c9d?s=96&d=mm&r=g","url":"https:\/\/secure.gravatar.com\/avatar\/073c0153e350a5005b68eb752b445fea71f6b24a26da9449ad7e155e6b446c9d?s=96&d=mm&r=g","contentUrl":"https:\/\/secure.gravatar.com\/avatar\/073c0153e350a5005b68eb752b445fea71f6b24a26da9449ad7e155e6b446c9d?s=96&d=mm&r=g","caption":"Ralf Ittermann"},"givenName":"Ralf","familyName":"Ittermann","jobTitle":"Gesch\u00e4ftsf\u00fchrer und redaktioneller Verantwortlicher","url":"https:\/\/iwell-guard.com\/is\/author\/claude\/","description":"Ralf Ittermann ist Gesch\u00e4ftsf\u00fchrer der Ittermann electronic GmbH und redaktioneller Verantwortlicher des iWell-Guard-Lexikons. Er verbindet langj\u00e4hrige Erfahrung in der Pr\u00e4zisionsfertigung mit medialer Praxis und religionsgeschichtlicher Quellenarbeit.","worksFor":{"@type":"Organization","name":"Ittermann electronic GmbH","url":"https:\/\/ittermann.de\/","address":{"@type":"PostalAddress","streetAddress":"K\u00f6hlergasse 16-18","postalCode":"99842","addressLocality":"Ruhla","addressCountry":"DE"}},"knowsAbout":["Religionsgeschichte","Mythologie","Mediale Praxis","Energetische Diagnostik","Schutzpraxis","Volksglauben","Westliche Esoterik"]},{"@type":"Article","@id":"https:\/\/iwell-guard.com\/is\/astaroth\/#article","isPartOf":{"@id":"https:\/\/iwell-guard.com\/is\/astaroth\/"},"author":{"name":"Ralf Ittermann","@id":"https:\/\/iwell-guard.com\/is\/#\/schema\/person\/ee2a27f1cac3406c7c6fb5820cb7349f"},"headline":"Astaroth","datePublished":"2026-09-05T14:03:29+00:00","dateModified":"2026-09-05T14:21:03+00:00","mainEntityOfPage":{"@id":"https:\/\/iwell-guard.com\/is\/astaroth\/"},"publisher":{"@id":"https:\/\/iwell-guard.com\/is\/#organization"},"image":{"@id":"https:\/\/iwell-guard.com\/is\/astaroth\/#primaryimage"},"thumbnailUrl":"https:\/\/iwell-guard.com\/wp-content\/uploads\/2026\/04\/daemonen_christentum_astaroth.webp","inLanguage":"is","description":"Astaroth, dj\u00f6flafursti kristinnar dj\u00f6flafr\u00e6\u00f0i og einn af 72 \u00f6ndum Goet\u00edu, talinn dj\u00f6fulger\u00f0 \u00fatg\u00e1fa af f\u00f6nik\u00edsku gy\u00f0junni Astarte."}]}},"_links":{"self":[{"href":"https:\/\/iwell-guard.com\/is\/wp-json\/wp\/v2\/pages\/168849","targetHints":{"allow":["GET"]}}],"collection":[{"href":"https:\/\/iwell-guard.com\/is\/wp-json\/wp\/v2\/pages"}],"about":[{"href":"https:\/\/iwell-guard.com\/is\/wp-json\/wp\/v2\/types\/page"}],"author":[{"embeddable":true,"href":"https:\/\/iwell-guard.com\/is\/wp-json\/wp\/v2\/users\/3"}],"replies":[{"embeddable":true,"href":"https:\/\/iwell-guard.com\/is\/wp-json\/wp\/v2\/comments?post=168849"}],"version-history":[{"count":0,"href":"https:\/\/iwell-guard.com\/is\/wp-json\/wp\/v2\/pages\/168849\/revisions"}],"wp:featuredmedia":[{"embeddable":true,"href":"https:\/\/iwell-guard.com\/is\/wp-json\/wp\/v2\/media\/1560"}],"wp:attachment":[{"href":"https:\/\/iwell-guard.com\/is\/wp-json\/wp\/v2\/media?parent=168849"}],"wp:term":[{"taxonomy":"category","embeddable":true,"href":"https:\/\/iwell-guard.com\/is\/wp-json\/wp\/v2\/categories?post=168849"}],"curies":[{"name":"wp","href":"https:\/\/api.w.org\/{rel}","templated":true}]}}