{"id":168848,"date":"2026-09-05T14:03:29","date_gmt":"2026-09-05T14:03:29","guid":{"rendered":"https:\/\/iwell-guard.com\/?page_id=168848"},"modified":"2026-09-05T14:21:03","modified_gmt":"2026-09-05T14:21:03","slug":"bafomet","status":"publish","type":"page","link":"https:\/\/iwell-guard.com\/is\/bafomet\/","title":{"rendered":"Baf\u00f3met"},"content":{"rendered":"\t\t<div data-elementor-type=\"wp-page\" data-elementor-id=\"168848\" class=\"elementor elementor-168848 elementor-2159 elementor-bc-flex-widget\" data-elementor-post-type=\"page\">\n\t\t\t\t<div class=\"elementor-element elementor-element-10fdade e-flex e-con-boxed e-con e-parent\" data-id=\"10fdade\" data-element_type=\"container\" data-e-type=\"container\" data-settings=\"{&quot;background_background&quot;:&quot;classic&quot;}\">\n\t\t\t\t\t<div class=\"e-con-inner\">\n\t\t<div class=\"elementor-element elementor-element-herohlft0 e-flex e-con-boxed e-con e-child\" data-id=\"herohlft0\" data-element_type=\"container\" data-e-type=\"container\">\n\t\t\t\t\t<div class=\"e-con-inner\">\n\t\t<div class=\"elementor-element elementor-element-c3ceb64 e-con-full e-flex e-con e-child\" data-id=\"c3ceb64\" data-element_type=\"container\" data-e-type=\"container\">\n\t\t\t\t<div class=\"elementor-element elementor-element-96ae5e1 elementor-widget elementor-widget-heading\" data-id=\"96ae5e1\" data-element_type=\"widget\" data-e-type=\"widget\" data-widget_type=\"heading.default\">\n\t\t\t\t\t<h1 class=\"elementor-heading-title elementor-size-default\">Baf\u00f3met, d\u00e6mon kristinnar hef\u00f0ar<\/h1>\t\t\t\t<\/div>\n\t\t\t\t<div class=\"elementor-element elementor-element-e45238a elementor-widget elementor-widget-text-editor\" data-id=\"e45238a\" data-element_type=\"widget\" data-e-type=\"widget\" data-widget_type=\"text-editor.default\">\n\t\t\t\t\t\t\t\t\t<p>Baf\u00f3met er <span class=\"iwg-fachbegriff\" data-tooltip=\"Andleg vera sem eignu\u00f0 er ska\u00f0leg e\u00f0a tv\u00edbent \u00e1hrif.\" tabindex=\"0\">d\u00e6mon<\/span> kristinnar hef\u00f0ar, vera af fl\u00f3kinni tr\u00faars\u00f6gulegri merkingu. \u00de\u00fd\u00f0ing hans felst \u00ed \u00fev\u00ed a\u00f0 hann er \u00edmynd kirkjulegs \u00f3tta vi\u00f0 <span class=\"iwg-fachbegriff\" tabindex=\"0\" data-tooltip=\"\u00cd kristinni hef\u00f0 kenning sem v\u00edkur fr\u00e1 r\u00e9tttr\u00fana\u00f0arafst\u00f6\u00f0u; \u00e1 forn\u00f6ld og mi\u00f0\u00f6ldum s\u00e6tti h\u00fan vi\u00f0url\u00f6gum.\">villutr\u00fa<\/span>, <span class=\"iwg-fachbegriff\" data-tooltip=\"Athafnir sem \u00e6tla\u00f0 er a\u00f0 hafa \u00e1hrif \u00e1 gang hlutanna me\u00f0 s\u00e9rst\u00f6kum gj\u00f6rningum e\u00f0a form\u00falum.\" tabindex=\"0\">galdur<\/span> og tv\u00edhyggjuvillutr\u00faarmenn, s\u00e9rstaklega templara, og endurspeglar hugmyndir mi\u00f0alda um illt handan mannlegs veruleika.<\/p>\t\t\t\t\t\t\t\t<\/div>\n\t\t\t\t<\/div>\n\t\t<div class=\"elementor-element elementor-element-klsbdg01 e-con-full e-flex e-con e-parent\" data-id=\"klsbdg01\" data-element_type=\"container\" data-e-type=\"container\">\n\t\t\t\t<div class=\"elementor-element elementor-element-klshtm01 elementor-widget elementor-widget-html\" data-id=\"klshtm01\" data-element_type=\"widget\" data-e-type=\"widget\" data-widget_type=\"html.default\">\n\t\t\t\t\t<div class=\"iwg-pill-row\"><span class=\"iwg-klasse-badge\" tabindex=\"0\" data-tooltip=\"Dj\u00f6full \/ dj\u00f6flynja: Yfirn\u00e1tt\u00faruleg vera sem oftast hefur ska\u00f0lega e\u00f0a tv\u00edr\u00e6\u00f0a verkun. Stendur milli gu\u00f0a og manna, veldur sj\u00fakd\u00f3mum, freistingum e\u00f0a \u00f3heillum og er hrakin \u00e1 brott me\u00f0 \u00e1kalli, verndargripum og ath\u00f6fnum.\">Dj\u00f6full<\/span><a href=\"https:\/\/iwell-guard.com\/is\/?page_id=168612\" class=\"iwg-kultur-badge\" tabindex=\"0\" data-tooltip=\"Kristin hef\u00f0 me\u00f0 englum s\u00ednum, dj\u00f6flum og dul\u00fa\u00f0ugum verum.\">Kristni<\/a><a href=\"https:\/\/iwell-guard.com\/is\/?page_id=168869\" class=\"iwg-tradition-badge\" tabindex=\"0\" data-tooltip=\"Dj\u00f6flafr\u00e6\u00f0i s\u00ed\u00f0mi\u00f0alda og upphafs n\u00fdaldar \u00ed hef\u00f0 Lemegeton.\">Goetia<\/a><\/div>\t\t\t\t<\/div>\n\t\t\t\t<\/div>\n\t\t<div class=\"elementor-element elementor-element-3f74855 e-con-full e-flex e-con e-child\" data-id=\"3f74855\" data-element_type=\"container\" data-e-type=\"container\">\n\t\t\t\t<div class=\"elementor-element elementor-element-1c30362 elementor-toc--minimized-on-tablet elementor-widget elementor-widget-table-of-contents\" data-id=\"1c30362\" data-element_type=\"widget\" data-e-type=\"widget\" data-settings=\"{&quot;exclude_headings_by_selector&quot;:[],&quot;no_headings_message&quot;:&quot;Engar undirfyrirsagnir fundust \\u00e1 \\u00feessari s\\u00ed\\u00f0u.&quot;,&quot;headings_by_tags&quot;:[&quot;h2&quot;,&quot;h3&quot;],&quot;marker_view&quot;:&quot;bullets&quot;,&quot;minimize_box&quot;:&quot;yes&quot;,&quot;icon&quot;:{&quot;value&quot;:&quot;fas fa-circle&quot;,&quot;library&quot;:&quot;fa-solid&quot;,&quot;rendered_tag&quot;:&quot;&lt;svg class=\\&quot;e-font-icon-svg e-fas-circle\\&quot; viewBox=\\&quot;0 0 512 512\\&quot; xmlns=\\&quot;http:\\\/\\\/www.w3.org\\\/2000\\\/svg\\&quot;&gt;&lt;path d=\\&quot;M256 8C119 8 8 119 8 256s111 248 248 248 248-111 248-248S393 8 256 8z\\&quot;&gt;&lt;\\\/path&gt;&lt;\\\/svg&gt;&quot;},&quot;minimized_on&quot;:&quot;tablet&quot;,&quot;hierarchical_view&quot;:&quot;yes&quot;,&quot;min_height&quot;:{&quot;unit&quot;:&quot;px&quot;,&quot;size&quot;:&quot;&quot;,&quot;sizes&quot;:[]},&quot;min_height_tablet&quot;:{&quot;unit&quot;:&quot;px&quot;,&quot;size&quot;:&quot;&quot;,&quot;sizes&quot;:[]},&quot;min_height_mobile&quot;:{&quot;unit&quot;:&quot;px&quot;,&quot;size&quot;:&quot;&quot;,&quot;sizes&quot;:[]}}\" data-widget_type=\"table-of-contents.default\">\n\t\t\t\t\t\t\t\t\t<div class=\"elementor-toc__header\">\n\t\t\t\t\t\t<h2 class=\"elementor-toc__header-title\">\n\t\t\t\tEfnisyfirlit\t\t\t<\/h2>\n\t\t\t\t\t\t\t\t\t\t<div class=\"elementor-toc__toggle-button elementor-toc__toggle-button--expand\" role=\"button\" tabindex=\"0\" aria-controls=\"elementor-toc__1c30362\" aria-expanded=\"true\" aria-label=\"Open table of contents\"><svg aria-hidden=\"true\" class=\"e-font-icon-svg e-fas-chevron-down\" viewBox=\"0 0 448 512\" xmlns=\"http:\/\/www.w3.org\/2000\/svg\"><path d=\"M207.029 381.476L12.686 187.132c-9.373-9.373-9.373-24.569 0-33.941l22.667-22.667c9.357-9.357 24.522-9.375 33.901-.04L224 284.505l154.745-154.021c9.379-9.335 24.544-9.317 33.901.04l22.667 22.667c9.373 9.373 9.373 24.569 0 33.941L240.971 381.476c-9.373 9.372-24.569 9.372-33.942 0z\"><\/path><\/svg><\/div>\n\t\t\t\t<div class=\"elementor-toc__toggle-button elementor-toc__toggle-button--collapse\" role=\"button\" tabindex=\"0\" aria-controls=\"elementor-toc__1c30362\" aria-expanded=\"true\" aria-label=\"Close table of contents\"><svg aria-hidden=\"true\" class=\"e-font-icon-svg e-fas-chevron-up\" viewBox=\"0 0 448 512\" xmlns=\"http:\/\/www.w3.org\/2000\/svg\"><path d=\"M240.971 130.524l194.343 194.343c9.373 9.373 9.373 24.569 0 33.941l-22.667 22.667c-9.357 9.357-24.522 9.375-33.901.04L224 227.495 69.255 381.516c-9.379 9.335-24.544 9.317-33.901-.04l-22.667-22.667c-9.373-9.373-9.373-24.569 0-33.941L207.03 130.525c9.372-9.373 24.568-9.373 33.941-.001z\"><\/path><\/svg><\/div>\n\t\t\t\t\t<\/div>\n\t\t\t\t<div id=\"elementor-toc__1c30362\" class=\"elementor-toc__body\">\n\t\t\t<div class=\"elementor-toc__spinner-container\">\n\t\t\t\t<svg class=\"elementor-toc__spinner eicon-animation-spin e-font-icon-svg e-eicon-loading\" aria-hidden=\"true\" viewBox=\"0 0 1000 1000\" xmlns=\"http:\/\/www.w3.org\/2000\/svg\"><path d=\"M500 975V858C696 858 858 696 858 500S696 142 500 142 142 304 142 500H25C25 237 238 25 500 25S975 237 975 500 763 975 500 975Z\"><\/path><\/svg>\t\t\t<\/div>\n\t\t<\/div>\n\t\t\t\t\t\t<\/div>\n\t\t\t\t<\/div>\n\t\t\t\t\t<\/div>\n\t\t\t\t<\/div>\n\t\t<div class=\"elementor-element elementor-element-herorght0 e-con-full e-flex e-con e-child\" data-id=\"herorght0\" data-element_type=\"container\" data-e-type=\"container\">\n\t\t\t\t<div class=\"elementor-element elementor-element-heroimg00 iwg-hero-image elementor-widget elementor-widget-image\" data-id=\"heroimg00\" data-element_type=\"widget\" data-e-type=\"widget\" data-widget_type=\"image.default\">\n\t\t\t\t\t\t\t\t\t\t\t\t\t\t\t<img fetchpriority=\"high\" decoding=\"async\" width=\"683\" height=\"1024\" src=\"https:\/\/iwell-guard.com\/wp-content\/uploads\/2026\/04\/daemonen_christentum_baphomet-683x1024.webp\" class=\"attachment-large size-large wp-image-171139\" alt=\"Baphomet - Dj\u00f6flar \u00far kristinni hef\u00f0, s\u00f6gulega myndr\u00e6nt\" srcset=\"https:\/\/iwell-guard.com\/wp-content\/uploads\/2026\/04\/daemonen_christentum_baphomet-683x1024.webp 683w, https:\/\/iwell-guard.com\/wp-content\/uploads\/2026\/04\/daemonen_christentum_baphomet-200x300.webp 200w, https:\/\/iwell-guard.com\/wp-content\/uploads\/2026\/04\/daemonen_christentum_baphomet-768x1152.webp 768w, https:\/\/iwell-guard.com\/wp-content\/uploads\/2026\/04\/daemonen_christentum_baphomet.webp 1024w\" sizes=\"(max-width: 683px) 100vw, 683px\" \/>\t\t\t\t\t\t\t\t\t\t\t\t\t\t\t<\/div>\n\t\t\t\t<\/div>\n\t\t\t\t\t<\/div>\n\t\t\t\t<\/div>\n\t\t<div class=\"elementor-element elementor-element-32917199 e-flex e-con-boxed e-con e-parent\" data-id=\"32917199\" data-element_type=\"container\" data-e-type=\"container\">\n\t\t\t\t\t<div class=\"e-con-inner\">\n\t\t<div class=\"elementor-element elementor-element-26e916cb e-flex e-con-boxed e-con e-child\" data-id=\"26e916cb\" data-element_type=\"container\" data-e-type=\"container\">\n\t\t\t\t\t<div class=\"e-con-inner\">\n\t\t<div class=\"elementor-element elementor-element-253a40d4 e-flex e-con-boxed e-con e-child\" data-id=\"253a40d4\" data-element_type=\"container\" data-e-type=\"container\">\n\t\t\t\t\t<div class=\"e-con-inner\">\n\t\t\t\t<div class=\"elementor-element elementor-element-1200c304 elementor-widget elementor-widget-heading\" data-id=\"1200c304\" data-element_type=\"widget\" data-e-type=\"widget\" data-widget_type=\"heading.default\">\n\t\t\t\t\t<h2 class=\"elementor-heading-title elementor-size-default\">Baf\u00f3met<\/h2>\t\t\t\t<\/div>\n\t\t\t\t<div class=\"elementor-element elementor-element-11758e7f elementor-widget elementor-widget-text-editor\" data-id=\"11758e7f\" data-element_type=\"widget\" data-e-type=\"widget\" data-widget_type=\"text-editor.default\">\n\t\t\t\t\t\t\t\t\t<p>Baf\u00f3met var s\u00fdndur sem h\u00f6fu\u00f0laus e\u00f0a geith\u00f6f\u00f0u\u00f0 vera sem frumkristin d\u00e6mona<span class=\"iwg-fachbegriff\" data-tooltip=\"Fr\u00e6\u00f0ileg kenning um Gu\u00f0 og tr\u00fa tiltekinna tr\u00faarbrag\u00f0a.\" tabindex=\"0\">fr\u00e6\u00f0i<\/span> eigna\u00f0i d\u00e6monlegt vald. Meginsagnirnar tengja hann vi\u00f0 templarr\u00e9ttarh\u00f6ldin \u00e1 14. \u00f6ld, \u00fear sem \u00e1k\u00e6rendur h\u00e9ldu \u00fev\u00ed fram a\u00f0 templarar hef\u00f0u tilbe\u00f0i\u00f0 veruna. S\u00ed\u00f0ar t\u00f3k huldur\u00f3tt\u00e6k stefna 19. aldar Baf\u00f3met upp sem <span class=\"iwg-fachbegriff\" data-tooltip=\"T\u00e1kn sem stendur fyrir hugmynd e\u00f0a merkingu.\" tabindex=\"0\">t\u00e1kn<\/span>, sem festi d\u00e6monlega mynd hans \u00ed vestr\u00e6nni <span class=\"iwg-fachbegriff\" data-tooltip=\"Fr\u00e6\u00f0i um myndefni og merkingu \u00feeirra.\" tabindex=\"0\">helgimyndafr\u00e6\u00f0i<\/span>.<\/p>\t\t\t\t\t\t\t\t<\/div>\n\t\t\t\t\t<\/div>\n\t\t\t\t<\/div>\n\t\t<div class=\"elementor-element elementor-element-159dcf9a e-flex e-con-boxed e-con e-child\" data-id=\"159dcf9a\" data-element_type=\"container\" data-e-type=\"container\">\n\t\t\t\t\t<div class=\"e-con-inner\">\n\t\t\t\t<div class=\"elementor-element elementor-element-48cee66f elementor-widget elementor-widget-heading\" data-id=\"48cee66f\" data-element_type=\"widget\" data-e-type=\"widget\" data-widget_type=\"heading.default\">\n\t\t\t\t\t<h2 class=\"elementor-heading-title elementor-size-default\">Skj\u00f3tt yfirlit: Baf\u00f3met<\/h2>\t\t\t\t<\/div>\n\t\t\t\t<div class=\"elementor-element elementor-element-3f50d82c elementor-widget elementor-widget-text-editor\" data-id=\"3f50d82c\" data-element_type=\"widget\" data-e-type=\"widget\" data-widget_type=\"text-editor.default\">\n\t\t\t\t\t\t\t\t\t<p>Frumheimildir eru templarr\u00e9ttarh\u00f6ldin (1307, 1314), s\u00e9rstaklega frambur\u00f0ir fyrir p\u00e1fanefndinni. Til vi\u00f0b\u00f3tar skjalfesta br\u00e9f Jacques de Molay og s\u00f6guleg gagnr\u00fdni \u00e1 eldri helgis\u00f6gur templara upphaf Baf\u00f3met-<span class=\"iwg-fachbegriff\" data-tooltip=\"S\u00f6gn sem var\u00f0veist hefur um gu\u00f0i, uppruna og skipan heimsins.\" tabindex=\"0\">go\u00f0s\u00f6gunnar<\/span>. Ranns\u00f3knarsta\u00f0a s\u00fdnir mikla tortryggni gagnvart s\u00f6gulegri tilbei\u00f0slu templara \u00e1 skur\u00f0go\u00f0um; fr\u00e6\u00f0imenn (Finke, Barber, Selwood) telja Baf\u00f3met fremur uppbyggingu \u00e1k\u00e6renda en raunverulega tilbei\u00f0slu.<\/p>\t\t\t\t\t\t\t\t<\/div>\n\t\t\t\t\t<\/div>\n\t\t\t\t<\/div>\n\t\t\t\t\t<\/div>\n\t\t\t\t<\/div>\n\t\t\t\t\t<\/div>\n\t\t\t\t<\/div>\n\t\t<div class=\"elementor-element elementor-element-18613602 e-flex e-con-boxed e-con e-parent\" data-id=\"18613602\" data-element_type=\"container\" data-e-type=\"container\">\n\t\t\t\t\t<div class=\"e-con-inner\">\n\t\t\t\t<div class=\"elementor-element elementor-element-262b8a9f elementor-widget elementor-widget-heading\" data-id=\"262b8a9f\" data-element_type=\"widget\" data-e-type=\"widget\" data-widget_type=\"heading.default\">\n\t\t\t\t\t<h2 class=\"elementor-heading-title elementor-size-default\">S\u00f6guleg sta\u00f0setning<\/h2>\t\t\t\t<\/div>\n\t\t<div class=\"elementor-element elementor-element-46dcb7d e-con-full e-flex e-con e-child\" data-id=\"46dcb7d\" data-element_type=\"container\" data-e-type=\"container\">\n\t\t<div class=\"elementor-element elementor-element-61d3ab3 e-flex e-con-boxed e-con e-child\" data-id=\"61d3ab3\" data-element_type=\"container\" data-e-type=\"container\">\n\t\t\t\t\t<div class=\"e-con-inner\">\n\t\t\t\t<div class=\"elementor-element elementor-element-117c166 elementor-widget elementor-widget-heading\" data-id=\"117c166\" data-element_type=\"widget\" data-e-type=\"widget\" data-widget_type=\"heading.default\">\n\t\t\t\t\t<div class=\"elementor-heading-title elementor-size-default\">T\u00edmabil textanna<\/div>\t\t\t\t<\/div>\n\t\t\t\t<div class=\"elementor-element elementor-element-73997a0 elementor-widget elementor-widget-text-editor\" data-id=\"73997a0\" data-element_type=\"widget\" data-e-type=\"widget\" data-widget_type=\"text-editor.default\">\n\t\t\t\t\t\t\t\t\t<p>Milli heimildalaga er um 550 \u00e1ra rof: Eftir templarr\u00e9ttarh\u00f6ldin \u00ed upphafi 14. aldar hverfur Baf\u00f3met a\u00f0 mestu \u00far heimildum, \u00fear til fr\u00e6\u00f0imenn og hulduspekingar 18. og 19. aldar t\u00f3ku efni\u00f0 upp \u00e1 n\u00fd.<\/p><p>Hin geith\u00f6f\u00f0a\u00f0a mynd sem n\u00fa er \u00feekkt er algerlega sk\u00f6pun L\u00e9vis fr\u00e1 1856 og engin framhald mi\u00f0aldad\u00fdrkunar. \u00der\u00e1tt fyrir \u00fea\u00f0 er myndin lifandi: sem t\u00e1kn \u00ed huldufr\u00e6\u00f0ah\u00f3pum, sem \u00f6grun \u00ed t\u00f3nlist og myndlist og sem stytta Satanic Temple \u00ed n\u00fat\u00edmadeilum um tr\u00fafrelsi \u00ed Bandar\u00edkjunum.<\/p>\t\t\t\t\t\t\t\t<\/div>\n\t\t\t\t\t<\/div>\n\t\t\t\t<\/div>\n\t\t<div class=\"elementor-element elementor-element-d47b156 e-flex e-con-boxed e-con e-child\" data-id=\"d47b156\" data-element_type=\"container\" data-e-type=\"container\">\n\t\t\t\t\t<div class=\"e-con-inner\">\n\t\t\t\t<div class=\"elementor-element elementor-element-ff38c2b elementor-widget elementor-widget-heading\" data-id=\"ff38c2b\" data-element_type=\"widget\" data-e-type=\"widget\" data-widget_type=\"heading.default\">\n\t\t\t\t\t<div class=\"elementor-heading-title elementor-size-default\">\u00datbrei\u00f0slusv\u00e6\u00f0i<\/div>\t\t\t\t<\/div>\n\t\t\t\t<div class=\"elementor-element elementor-element-4e49fcc elementor-widget elementor-widget-text-editor\" data-id=\"4e49fcc\" data-element_type=\"widget\" data-e-type=\"widget\" data-widget_type=\"text-editor.default\">\n\t\t\t\t\t\t\t\t\t<p>Baf\u00f3met var ekki bundinn vi\u00f0 \u00e1kve\u00f0i\u00f0 sv\u00e6\u00f0i e\u00f0a sta\u00f0setningar, heldur var hann \u00feekktur og tilbe\u00f0inn, e\u00f0a virtur og hr\u00e6ddur, um allan hinn kristna heim. Hvort sem var \u00ed st\u00f3rum borgarmi\u00f0st\u00f6\u00f0um e\u00f0a \u00e1 f\u00e1mennum sveitasv\u00e6\u00f0um, hj\u00e1 samf\u00e9lagslegri el\u00edtu e\u00f0a me\u00f0al almennings, var andleg e\u00f0a menningarleg merking \u00feessarar veru vi\u00f0urkennd og alhli\u00f0a.<\/p><p>\u00datbrei\u00f0sla Baf\u00f3mets byggist ekki \u00e1 verslun e\u00f0a flutningi tiltekinnar d\u00fdrkunar, heldur \u00e1 \u00fatbrei\u00f0slu texta og mynda: R\u00e9ttarskj\u00f6lin ger\u00f0u nafni\u00f0 kunnugt um alla Evr\u00f3pu, b\u00f3k L\u00e9vis var \u00fe\u00fddd og eirstungumynd hans margendurger\u00f0, og \u00e1 20. \u00f6ld trygg\u00f0u huldusamt\u00f6k, pl\u00f6tuumsl\u00f6g og a\u00f0 lokum interneti\u00f0 samr\u00e6mda mynd af verunni um allan heim.<\/p><p>N\u00e1kv\u00e6mlega vegna \u00feess a\u00f0 n\u00e6r allar n\u00fat\u00edmal\u00fdsingar m\u00e1 rekja til s\u00f6mu fyrirmyndar fr\u00e1 1856 er myndin svo samst\u00e6\u00f0 yfir landam\u00e6ri.<\/p>\t\t\t\t\t\t\t\t<\/div>\n\t\t\t\t\t<\/div>\n\t\t\t\t<\/div>\n\t\t\t\t<\/div>\n\t\t<div class=\"elementor-element elementor-element-db03c39 e-con-full e-flex e-con e-child\" data-id=\"db03c39\" data-element_type=\"container\" data-e-type=\"container\">\n\t\t<div class=\"elementor-element elementor-element-229a87b e-flex e-con-boxed e-con e-child\" data-id=\"229a87b\" data-element_type=\"container\" data-e-type=\"container\">\n\t\t\t\t\t<div class=\"e-con-inner\">\n\t\t\t\t<div class=\"elementor-element elementor-element-1f471fc elementor-widget elementor-widget-heading\" data-id=\"1f471fc\" data-element_type=\"widget\" data-e-type=\"widget\" data-widget_type=\"heading.default\">\n\t\t\t\t\t<div class=\"elementor-heading-title elementor-size-default\">Heimildasta\u00f0a<\/div>\t\t\t\t<\/div>\n\t\t\t\t<div class=\"elementor-element elementor-element-36b1201 elementor-widget elementor-widget-text-editor\" data-id=\"36b1201\" data-element_type=\"widget\" data-e-type=\"widget\" data-widget_type=\"text-editor.default\">\n\t\t\t\t\t\t\t\t\t<p>Heimildasta\u00f0a um Baf\u00f3met er \u00f3samst\u00e6\u00f0: Templarr\u00e9ttarskj\u00f6lin (1307, 1314, fr\u00f6nsk skjalas\u00f6fn og Vat\u00edkani\u00f0) eru frumheimildir, en lita\u00f0ar af l\u00f6gfr\u00e6\u00f0ilegum pyntingasamhengi.<\/p><p>Fleiri tilv\u00edsanir finnast \u00ed d\u00e6monafr\u00e6\u00f0i s\u00ed\u00f0mi\u00f0alda (15.\u201316. \u00f6ld) og \u00ed Mabinogion-hef\u00f0inni (Wales), en \u00fe\u00e6r eru brotakenndar. Til vi\u00f0b\u00f3tar fj\u00f6llu\u00f0u Scholem (kabbala-samhengi), Barber (saga templara), Finke og Selwood (gagnr\u00fdni \u00e1 templarr\u00e9ttarh\u00f6ldin) og L\u00e9vi (19. \u00f6ld: enduruppreisn Baf\u00f3mets \u00ed <span class=\"iwg-fachbegriff\" data-tooltip=\"Fr\u00e6\u00f0i um hulda krafta og athafnir handan vi\u00f0urkenndra v\u00edsinda.\" tabindex=\"0\">hulduspeki<\/span>) um veruna.<\/p>\t\t\t\t\t\t\t\t<\/div>\n\t\t\t\t\t<\/div>\n\t\t\t\t<\/div>\n\t\t\t\t<\/div>\n\t\t\t\t\t<\/div>\n\t\t\t\t<\/div>\n\t\t<div class=\"elementor-element elementor-element-3ae0637c e-flex e-con-boxed e-con e-parent\" data-id=\"3ae0637c\" data-element_type=\"container\" data-e-type=\"container\">\n\t\t\t\t\t<div class=\"e-con-inner\">\n\t\t\t\t<div class=\"elementor-element elementor-element-31d07739 elementor-widget elementor-widget-heading\" data-id=\"31d07739\" data-element_type=\"widget\" data-e-type=\"widget\" data-widget_type=\"heading.default\">\n\t\t\t\t\t<h2 class=\"elementor-heading-title elementor-size-default\">Nafn og heiti<\/h2>\t\t\t\t<\/div>\n\t\t<div class=\"elementor-element elementor-element-b7642947 e-con-full e-flex e-con e-child\" data-id=\"b7642947\" data-element_type=\"container\" data-e-type=\"container\">\n\t\t\t\t<div class=\"elementor-element elementor-element-a086266 elementor-widget elementor-widget-text-editor\" data-id=\"a086266\" data-element_type=\"widget\" data-e-type=\"widget\" data-widget_type=\"text-editor.default\">\n\t\t\t\t\t\t\t\t\t<p>Baf\u00f3met er s\u00fdndur \u00ed \u00fdmsum heimildum og listahef\u00f0um me\u00f0 \u00e1kve\u00f0num endurteknum helgimynda\u00fe\u00e1ttum sem haldast nokku\u00f0 st\u00f6\u00f0ugir yfir \u00e1ratugi og milli mismunandi landsv\u00e6\u00f0a. \u00deessir \u00fe\u00e6ttir eru ekki hreint skrautlegir e\u00f0a valdir af tilviljun, heldur dj\u00fapt t\u00e1knger\u00f0ir og hla\u00f0nir mikilli merkingu.<\/p><p>Teikning L\u00e9vis af Baf\u00f3met fr\u00e1 1856 er v\u00edsvitandi sm\u00ed\u00f0u\u00f0 t\u00e1knmynd sem hann sk\u00fdr\u00f0i sj\u00e1lfur. Me\u00f0al \u00fe\u00e1tta hennar eru geitarhausinn, blysi\u00f0 milli hornanna, kvenbrj\u00f3stin, kad\u00fakinn, \u00e1letra\u00f0ir armar me\u00f0 Solve og Coagula og handahreyfingin upp og ni\u00f0ur. \u00deeir eiga a\u00f0 t\u00e1kna sameiningu andst\u00e6\u00f0na, \u00fea\u00f0 er anda og efnis, karlkyns og kvenkyns, ofar og ne\u00f0ar.<\/p><p>\u00deeim sem kunna skrif L\u00e9vis er unnt a\u00f0 r\u00e1\u00f0a hvern \u00fe\u00e1tt myndarinnar sem yfirl\u00fdsingu \u00far hulduspekikerfi hans. S\u00ed\u00f0ari notkun, svo sem innsigli Baf\u00f3mets hj\u00e1 Church of Satan (1966), tekur upp \u00feessa myndm\u00e1l og endurt\u00falkar \u00fea\u00f0.<\/p>\t\t\t\t\t\t\t\t<\/div>\n\t\t\t\t<\/div>\n\t\t\t\t\t<\/div>\n\t\t\t\t<\/div>\n\t\t<div class=\"elementor-element elementor-element-709a44a8 e-flex e-con-boxed e-con e-parent\" data-id=\"709a44a8\" data-element_type=\"container\" data-e-type=\"container\">\n\t\t\t\t\t<div class=\"e-con-inner\">\n\t\t\t\t<div class=\"elementor-element elementor-element-2f585873 elementor-widget elementor-widget-heading\" data-id=\"2f585873\" data-element_type=\"widget\" data-e-type=\"widget\" data-widget_type=\"heading.default\">\n\t\t\t\t\t<h2 class=\"elementor-heading-title elementor-size-default\">L\u00fdsing<\/h2>\t\t\t\t<\/div>\n\t\t<div class=\"elementor-element elementor-element-70621c12 e-con-full e-flex e-con e-child\" data-id=\"70621c12\" data-element_type=\"container\" data-e-type=\"container\">\n\t\t\t\t<div class=\"elementor-element elementor-element-4296eb49 elementor-widget elementor-widget-text-editor\" data-id=\"4296eb49\" data-element_type=\"widget\" data-e-type=\"widget\" data-widget_type=\"text-editor.default\">\n\t\t\t\t\t\t\t\t\t<p>Baphomet var mikilv\u00e6gur \u00ed tr\u00faarlegri i\u00f0kun, hversdagslegum ath\u00f6fnum og hversdagslegum skilningi innan kristninnar. F\u00f3lk leita\u00f0i til \u00feessarar veru \u00ed erfi\u00f0um e\u00f0a s\u00e9rst\u00f6kum l\u00edfsa\u00f0st\u00e6\u00f0um e\u00f0a \u00e1 \u00e1kve\u00f0num \u00e1rst\u00ed\u00f0um tengdum tr\u00faarath\u00f6fnum, me\u00f0 skipul\u00f6g\u00f0um, oft umfangsmiklum ath\u00f6fnum, b\u00e6num e\u00f0a f\u00f3rnargj\u00f6fum.<\/p><p>Skipul\u00f6g\u00f0 Baphomet-d\u00fdrkun hefur samkv\u00e6mt n\u00faverandi ranns\u00f3knarst\u00f6\u00f0u aldrei veri\u00f0 til: Nafni\u00f0 kemur fyrst fram \u00ed yfirheyrsluskj\u00f6lum Tempelriddara-r\u00e9ttarhaldanna fr\u00e1 1307, \u00fear sem j\u00e1tningar um d\u00fdrkun skur\u00f0go\u00f0s voru fengnar me\u00f0 pyntingum og stangast \u00e1 innbyr\u00f0is.<\/p><p>\u00dea\u00f0 var ekki fyrr en Eliphas L\u00e9vi m\u00f3ta\u00f0i fullb\u00fana mynd me\u00f0 fastri t\u00e1knmynd \u00ed riti s\u00ednu um galdra \u00e1ri\u00f0 1856, og fyrst n\u00fat\u00edma dulspekih\u00f3par ger\u00f0u hana a\u00f0 kerfisbundi\u00f0 n\u00fdttu t\u00e1kni me\u00f0 eigin notkunarreglum.<\/p><p>Ferill nafnsins \u00fer\u00f3a\u00f0ist \u00ed sk\u00fdrt a\u00f0greinanlegum \u00e1f\u00f6ngum, hver me\u00f0 s\u00edna eigin virkni: \u00cd Tempelriddara-r\u00e9ttarh\u00f6ldunum \u00fej\u00f3na\u00f0i \u00e1s\u00f6kunin um Baphomet-d\u00fdrkun \u00e1k\u00e6ru og \u00fatr\u00fdmingu reglunnar, \u00e1 19. \u00f6ld n\u00fdtti L\u00e9vi myndina sem kennslut\u00e1kn fyrir galdrakerfi sitt, og \u00e1 20. \u00f6ld var\u00f0 h\u00fan a\u00f0 au\u00f0kennist\u00e1kni satan\u00edskra og dulspekilegra hreyfinga.<\/p><p>\u00deetta er \u00fev\u00ed ekki samfelld i\u00f0kun, heldur endurtekin n\u00fd notkun sama nafns \u00ed gj\u00f6r\u00f3l\u00edkum tilgangi: l\u00f6gfr\u00e6\u00f0ileg \u00e1k\u00e6ra, dulspekileg kennsla og heimssko\u00f0unarleg sj\u00e1lfsmynd.<\/p>\t\t\t\t\t\t\t\t<\/div>\n\t\t\t\t<\/div>\n\t\t\t\t\t<\/div>\n\t\t\t\t<\/div>\n\t\t<div class=\"elementor-element elementor-element-44e71476 e-flex e-con-boxed e-con e-parent\" data-id=\"44e71476\" data-element_type=\"container\" data-e-type=\"container\">\n\t\t\t\t\t<div class=\"e-con-inner\">\n\t\t\t\t<div class=\"elementor-element elementor-element-3c1fc3f0 elementor-widget elementor-widget-heading\" data-id=\"3c1fc3f0\" data-element_type=\"widget\" data-e-type=\"widget\" data-widget_type=\"heading.default\">\n\t\t\t\t\t<h2 class=\"elementor-heading-title elementor-size-default\">Skr\u00e1ningarbla\u00f0: Baphomet<\/h2>\t\t\t\t<\/div>\n\t\t<div class=\"elementor-element elementor-element-84f33b8e e-con-full e-flex e-con e-child\" data-id=\"84f33b8e\" data-element_type=\"container\" data-e-type=\"container\">\n\t\t\t\t<div class=\"elementor-element elementor-element-hqkdc67p elementor-widget elementor-widget-text-editor\" data-id=\"hqkdc67p\" data-element_type=\"widget\" data-e-type=\"widget\" data-widget_type=\"text-editor.default\">\n\t\t\t\t\t\t\t\t\t<p>Skr\u00e1ningarbla\u00f0i\u00f0 skr\u00e1ir tr\u00faarlega flokkun Baphomets \u00fat fr\u00e1 sex v\u00edddum: uppruna \u00e1 mi\u00f0\u00f6ldum, markh\u00f3p ranns\u00f3knard\u00f3mara og s\u00ed\u00f0ari t\u00edma dulspekinga, t\u00e1knmyndaeinkenni, varnarsamhengi \u00ed kristinni i\u00f0kun, og a\u00f0 lokum hli\u00f0st\u00e6\u00f0ur vi\u00f0 a\u00f0rar dj\u00f6fullegar verur \u00ed judaisma og \u00edslam. \u00deetta yfirlit skipuleggur hin misleitu heimildir.<\/p>\t\t\t\t\t\t\t\t<\/div>\n\t\t\t\t<\/div>\n\t\t<div class=\"elementor-element elementor-element-pemmx7c5 e-con-full e-flex e-con e-child\" data-id=\"pemmx7c5\" data-element_type=\"container\" data-e-type=\"container\">\n\t\t<div class=\"elementor-element elementor-element-pemmx7c1 e-con-full e-flex e-con e-child\" data-id=\"pemmx7c1\" data-element_type=\"container\" data-e-type=\"container\">\n\t\t<div class=\"elementor-element elementor-element-qh9oavvu iwg-steckbrief-card e-flex e-con-boxed e-con e-child\" data-id=\"qh9oavvu\" data-element_type=\"container\" data-e-type=\"container\">\n\t\t\t\t\t<div class=\"e-con-inner\">\n\t\t\t\t<div class=\"elementor-element elementor-element-awzx8k2k elementor-widget elementor-widget-heading\" data-id=\"awzx8k2k\" data-element_type=\"widget\" data-e-type=\"widget\" data-widget_type=\"heading.default\">\n\t\t\t\t\t<div class=\"elementor-heading-title elementor-size-default\">Menningarsamhengi<\/div>\t\t\t\t<\/div>\n\t\t\t\t<div class=\"elementor-element elementor-element-x6rowhv0 elementor-widget elementor-widget-text-editor\" data-id=\"x6rowhv0\" data-element_type=\"widget\" data-e-type=\"widget\" data-widget_type=\"text-editor.default\">\n\t\t\t\t\t\t\t\t\t<p>Baphomet er upprunninn \u00e1 fr\u00f6nskum mi\u00f0\u00f6ldum, n\u00e1nar tilteki\u00f0 \u00far Tempelriddara-r\u00e9ttarh\u00f6ldunum undir stj\u00f3rn konungs Filippusar IV. (1307, 1314). Fyrsta skjalfesta umtali\u00f0 er \u00ed yfirheyrsluskj\u00f6lum fr\u00e1 1307. Landfr\u00e6\u00f0ilegur uppruni er \u00ed Frakklandi, me\u00f0 aukaheimildum fr\u00e1 K\u00fdpur (mi\u00f0st\u00f6\u00f0 Tempelriddaranna) og R\u00f3m (p\u00e1fahir\u00f0). T\u00edmasetningin er n\u00e1kv\u00e6m: vori\u00f0 1307 sem fyrsta ofs\u00f3knarbylgja.<\/p>\t\t\t\t\t\t\t\t<\/div>\n\t\t\t\t\t<\/div>\n\t\t\t\t<\/div>\n\t\t<div class=\"elementor-element elementor-element-8e3o4kxs iwg-steckbrief-card e-flex e-con-boxed e-con e-child\" data-id=\"8e3o4kxs\" data-element_type=\"container\" data-e-type=\"container\">\n\t\t\t\t\t<div class=\"e-con-inner\">\n\t\t\t\t<div class=\"elementor-element elementor-element-08rkdgov elementor-widget elementor-widget-heading\" data-id=\"08rkdgov\" data-element_type=\"widget\" data-e-type=\"widget\" data-widget_type=\"heading.default\">\n\t\t\t\t\t<div class=\"elementor-heading-title elementor-size-default\">Verkunarsvi\u00f0<\/div>\t\t\t\t<\/div>\n\t\t\t\t<div class=\"elementor-element elementor-element-uwjelx8s elementor-widget elementor-widget-text-editor\" data-id=\"uwjelx8s\" data-element_type=\"widget\" data-e-type=\"widget\" data-widget_type=\"text-editor.default\">\n\t\t\t\t\t\t\t\t\t<p>Baphomet var upphaflega \u00e6tla\u00f0 ranns\u00f3knaryfirv\u00f6ldum og \u00e1k\u00e6rendum sem \u00e1s\u00f6kun gegn Tempelriddararegluni. Markh\u00f3purinn samanst\u00f3\u00f0 af r\u00edkum landeigendum sem \u00e1tti a\u00f0 \u00fatr\u00fdma sem villutr\u00faarm\u00f6nnum.<\/p><p>S\u00ed\u00f0ar t\u00f3k h\u00f3pur r\u00f3mant\u00edskra dulspekinga \u00e1 19. \u00f6ld (L\u00e9vi, Blavatsky) upp Baphomet sem <span class=\"iwg-fachbegriff\" data-tooltip=\"Merki sem t\u00e1knar hugmynd e\u00f0a merkingu.\" tabindex=\"0\">t\u00e1kn<\/span> m\u00f3tmenningar gegn kirkjulegri <span class=\"iwg-fachbegriff\" data-tooltip=\"S\u00fa sko\u00f0un sem vi\u00f0urkennd er sem r\u00e9tttr\u00fana\u00f0ur.\" tabindex=\"0\">r\u00e9tttr\u00fana\u00f0i<\/span>. Tilefni\u00f0 var s\u00ed\u00f0ur <span class=\"iwg-fachbegriff\" data-tooltip=\"Heildarsafn tr\u00faarlegra d\u00fdrkunarathafna fyrir go\u00f0 e\u00f0a heilaga veru.\" tabindex=\"0\">d\u00fdrkun<\/span> en l\u00f6gfr\u00e6\u00f0ileg \u00e1s\u00f6kun og listr\u00e6n framsetning.<\/p>\t\t\t\t\t\t\t\t<\/div>\n\t\t\t\t\t<\/div>\n\t\t\t\t<\/div>\n\t\t<div class=\"elementor-element elementor-element-jm2n74ec iwg-steckbrief-card e-flex e-con-boxed e-con e-child\" data-id=\"jm2n74ec\" data-element_type=\"container\" data-e-type=\"container\">\n\t\t\t\t\t<div class=\"e-con-inner\">\n\t\t\t\t<div class=\"elementor-element elementor-element-8vufse4c elementor-widget elementor-widget-heading\" data-id=\"8vufse4c\" data-element_type=\"widget\" data-e-type=\"widget\" data-widget_type=\"heading.default\">\n\t\t\t\t\t<div class=\"elementor-heading-title elementor-size-default\">Form<\/div>\t\t\t\t<\/div>\n\t\t\t\t<div class=\"elementor-element elementor-element-mwb9u015 elementor-widget elementor-widget-text-editor\" data-id=\"mwb9u015\" data-element_type=\"widget\" data-e-type=\"widget\" data-widget_type=\"text-editor.default\">\n\t\t\t\t\t\t\t\t\t<p>T\u00e1knmyndaeinkenni Baphomets eru breytileg: \u00cd Tempelriddara-skj\u00f6lunum er honum l\u00fdst sem h\u00f6f\u00f0i, hausk\u00fapu e\u00f0a steinandliti. \u00cd r\u00f3mant\u00edskri dulspeki 19. aldar (Eliphas L\u00e9vi) ver\u00f0ur Baphomet a\u00f0 tv\u00edkynja, mannl\u00edkri veru me\u00f0 geitareinkennum, pentagrammi \u00e1 enni, v\u00e6ngjum og dulspekilegum t\u00e1knum. Einkennist\u00e1kn eru stafur, logi og tv\u00ede\u00f0li kynfer\u00f0is. Hin d\u00e6miger\u00f0a mynd byggir \u00e1 L\u00e9vi (1854, Dogme et Rituel).<\/p>\t\t\t\t\t\t\t\t<\/div>\n\t\t\t\t\t<\/div>\n\t\t\t\t<\/div>\n\t\t\t\t<\/div>\n\t\t<div class=\"elementor-element elementor-element-pemmx7c2 e-con-full e-flex e-con e-child\" data-id=\"pemmx7c2\" data-element_type=\"container\" data-e-type=\"container\">\n\t\t<div class=\"elementor-element elementor-element-37ss2yr6 iwg-steckbrief-card e-flex e-con-boxed e-con e-child\" data-id=\"37ss2yr6\" data-element_type=\"container\" data-e-type=\"container\">\n\t\t\t\t\t<div class=\"e-con-inner\">\n\t\t\t\t<div class=\"elementor-element elementor-element-3v0wp3wx elementor-widget elementor-widget-heading\" data-id=\"3v0wp3wx\" data-element_type=\"widget\" data-e-type=\"widget\" data-widget_type=\"heading.default\">\n\t\t\t\t\t<div class=\"elementor-heading-title elementor-size-default\">\u00c1hrif Baphomets<\/div>\t\t\t\t<\/div>\n\t\t\t\t<div class=\"elementor-element elementor-element-w3247g2m elementor-widget elementor-widget-text-editor\" data-id=\"w3247g2m\" data-element_type=\"widget\" data-e-type=\"widget\" data-widget_type=\"text-editor.default\">\n\t\t\t\t\t\t\t\t\t<strong>Verkunarsvi\u00f0:<\/strong><p>Baphomet er samruna-mynd me\u00f0 tv\u00f6 megin l\u00f6g: (1) Tempelriddara-ranns\u00f3knarr\u00e9ttinn \u00e1 14. \u00f6ld og (2) n\u00fat\u00edma r\u00f3mant\u00edsk-dulspekilega m\u00f3tt\u00f6ku hj\u00e1 Eliphas L\u00e9vi (1856).<\/p>\t\t\t\t\t\t\t\t<\/div>\n\t\t\t\t\t<\/div>\n\t\t\t\t<\/div>\n\t\t<div class=\"elementor-element elementor-element-0qpjal9w iwg-steckbrief-card e-flex e-con-boxed e-con e-child\" data-id=\"0qpjal9w\" data-element_type=\"container\" data-e-type=\"container\">\n\t\t\t\t\t<div class=\"e-con-inner\">\n\t\t\t\t<div class=\"elementor-element elementor-element-6ndoih0o elementor-widget elementor-widget-heading\" data-id=\"6ndoih0o\" data-element_type=\"widget\" data-e-type=\"widget\" data-widget_type=\"heading.default\">\n\t\t\t\t\t<div class=\"elementor-heading-title elementor-size-default\">Verndargripir<\/div>\t\t\t\t<\/div>\n\t\t\t\t<div class=\"elementor-element elementor-element-6684tyh9 elementor-widget elementor-widget-text-editor\" data-id=\"6684tyh9\" data-element_type=\"widget\" data-e-type=\"widget\" data-widget_type=\"text-editor.default\">\n\t\t\t\t\t\t\t\t\t<p>\u00cd kristnu samhengi var Baphomet talinn dj\u00f6fullega d\u00fdrku\u00f0 vera sem r\u00e9ttl\u00e6tti varnara\u00f0ger\u00f0ir: fylgjendur Tempelriddara ur\u00f0u a\u00f0 afneita honum formlega og ranns\u00f3knarr\u00e9ttir framkv\u00e6mdu dj\u00f6fla\u00fatrekstra me\u00f0 formlegum h\u00e6tti. Fyrir s\u00ed\u00f0ari t\u00edma dulspekinga var Baphomet vir\u00f0ingart\u00e1kn heitr\u00fana\u00f0ar andlegheitar, ekki ska\u00f0legur <span class=\"iwg-fachbegriff\" data-tooltip=\"Andleg vera sem eignu\u00f0 er ska\u00f0leg e\u00f0a tv\u00edbent \u00e1hrif.\" tabindex=\"0\">dj\u00f6full<\/span>. V\u00f6rnin f\u00f3lst \u00ed r\u00e9tttr\u00fana\u00f0arlegri tr\u00faarj\u00e1tningu og kirkjulegri <span class=\"iwg-fachbegriff\" tabindex=\"0\" data-tooltip=\"Kirkjulegt bann e\u00f0a formleg ford\u00e6ming; \u00ed kristinni hef\u00f0 fr\u00e1 3. \u00f6ld nota\u00f0 sem \u00fatsk\u00fafunarath\u00f6fn \u00far samf\u00e9laginu.\">bannf\u00e6ringu<\/span>.<\/p>\t\t\t\t\t\t\t\t<\/div>\n\t\t\t\t\t<\/div>\n\t\t\t\t<\/div>\n\t\t<div class=\"elementor-element elementor-element-3lfi7x32 iwg-steckbrief-card e-flex e-con-boxed e-con e-child\" data-id=\"3lfi7x32\" data-element_type=\"container\" data-e-type=\"container\">\n\t\t\t\t\t<div class=\"e-con-inner\">\n\t\t\t\t<div class=\"elementor-element elementor-element-0kg99ga1 elementor-widget elementor-widget-heading\" data-id=\"0kg99ga1\" data-element_type=\"widget\" data-e-type=\"widget\" data-widget_type=\"heading.default\">\n\t\t\t\t\t<div class=\"elementor-heading-title elementor-size-default\">Hli\u00f0st\u00e6\u00f0ur Baphomets<\/div>\t\t\t\t<\/div>\n\t\t\t\t<div class=\"elementor-element elementor-element-n0fum6kp elementor-widget elementor-widget-text-editor\" data-id=\"n0fum6kp\" data-element_type=\"widget\" data-e-type=\"widget\" data-widget_type=\"text-editor.default\">\n\t\t\t\t\t\t\t\t\t<p>Svipa\u00f0ar verur m\u00e1 finna \u00ed hef\u00f0 Judaismans (Azazel, dj\u00f6fullegur syndahafur \u00far 3. M\u00f3seb\u00f3k 16), \u00ed \u00edslamskri dj\u00f6flafr\u00e6\u00f0i (Iblis, m\u00f3therji Gu\u00f0s), og me\u00f0al mes\u00f3p\u00f3tam\u00edskra ska\u00f0legra anda (Shedu, Lamia-ger\u00f0ir).<\/p><p>Hli\u00f0st\u00e6\u00f0ar eru kristnar dj\u00f6fullegar verur eins og Belseb\u00fab, Mammon e\u00f0a dj\u00f6flalegir andar \u00ed <span class=\"iwg-fachbegriff\" tabindex=\"0\" data-tooltip=\"Tr\u00faarleg rit utan hins bibl\u00edulega kanons; \u00ed hef\u00f0 Judaisma og kristni sta\u00f0sett \u00e1 milli kanon\u00edsks og \u00f3kanon\u00edsks.\">ap\u00f3kr\u00fdfum<\/span> ritum (Enok, T\u00f3b\u00edt). Skyldleikinn liggur \u00ed hlutverkinu sem birtingarmynd <span class=\"iwg-fachbegriff\" tabindex=\"0\" data-tooltip=\"\u00cd kristinni hef\u00f0, kenning sem v\u00edkur fr\u00e1 r\u00e9tttr\u00fana\u00f0arst\u00f6\u00f0u; \u00ed forn\u00f6ld og \u00e1 mi\u00f0\u00f6ldum beitt vi\u00f0url\u00f6gum.\">villutr\u00faar<\/span>, andst\u00f6\u00f0u vi\u00f0 hi\u00f0 yfirskilvitlega og \u00f6fugsn\u00faningi r\u00e9tttr\u00fana\u00f0arskipulags.<\/p>\t\t\t\t\t\t\t\t<\/div>\n\t\t\t\t\t<\/div>\n\t\t\t\t<\/div>\n\t\t\t\t<\/div>\n\t\t\t\t<\/div>\n\t\t\t\t\t<\/div>\n\t\t\t\t<\/div>\n\t\t<div class=\"elementor-element elementor-element-7533bc7a e-flex e-con-boxed e-con e-parent\" data-id=\"7533bc7a\" data-element_type=\"container\" data-e-type=\"container\">\n\t\t\t\t\t<div class=\"e-con-inner\">\n\t\t\t\t<div class=\"elementor-element elementor-element-2447d18d elementor-widget elementor-widget-heading\" data-id=\"2447d18d\" data-element_type=\"widget\" data-e-type=\"widget\" data-widget_type=\"heading.default\">\n\t\t\t\t\t<h2 class=\"elementor-heading-title elementor-size-default\">Varnir \u00ed daglegu l\u00edfi<\/h2>\t\t\t\t<\/div>\n\t\t<div class=\"elementor-element elementor-element-d5d0260c e-con-full e-flex e-con e-child\" data-id=\"d5d0260c\" data-element_type=\"container\" data-e-type=\"container\">\n\t\t\t\t<div class=\"elementor-element elementor-element-341be2ac elementor-widget elementor-widget-text-editor\" data-id=\"341be2ac\" data-element_type=\"widget\" data-e-type=\"widget\" data-widget_type=\"text-editor.default\">\n\t\t\t\t\t\t\t\t\t<p><strong>Tempelriddara-athafnir og galdraleg endurger\u00f0<\/strong><\/p><p>Tempelriddara-r\u00e9ttarh\u00f6ldin (1307, 1314) skjala \u00e1sakanir um Baphomet-d\u00fdrkun.<\/p><p><strong>Pentagrammat\u00edsk t\u00e1knmynd<\/strong><\/p><p>Baphomet L\u00e9vis ber pentagr\u00f6mm \u00e1 enninu.<\/p><p><strong>Verndargripir og and-dulspekileg stigmatisering<\/strong><\/p><p>\u00cd kristnu samhengi var\u00f0 Baphomet a\u00f0 and-<span class=\"iwg-fachbegriff\" data-tooltip=\"Gripur sem borinn er \u00e1 l\u00edkamanum og talinn hafa verndandi, \u00f3g\u00e6fuvarnandi \u00e1hrif.\" tabindex=\"0\">verndargrip<\/span>.<\/p>\t\t\t\t\t\t\t\t<\/div>\n\t\t\t\t<\/div>\n\t\t\t\t\t<\/div>\n\t\t\t\t<\/div>\n\t\t<div class=\"elementor-element elementor-element-5a584676 e-flex e-con-boxed e-con e-parent\" data-id=\"5a584676\" data-element_type=\"container\" data-e-type=\"container\">\n\t\t\t\t\t<div class=\"e-con-inner\">\n\t\t\t\t<div class=\"elementor-element elementor-element-6d0757bf elementor-widget elementor-widget-heading\" data-id=\"6d0757bf\" data-element_type=\"widget\" data-e-type=\"widget\" data-widget_type=\"heading.default\">\n\t\t\t\t\t<h2 class=\"elementor-heading-title elementor-size-default\">Baphomet, hli\u00f0st\u00e6\u00f0ur \u00ed \u00f6\u00f0rum menningarheimum<\/h2>\t\t\t\t<\/div>\n\t\t<div class=\"elementor-element elementor-element-60563f68 e-con-full e-flex e-con e-child\" data-id=\"60563f68\" data-element_type=\"container\" data-e-type=\"container\">\n\t\t\t\t<div class=\"elementor-element elementor-element-5a93fdd6 elementor-widget elementor-widget-text-editor\" data-id=\"5a93fdd6\" data-element_type=\"widget\" data-e-type=\"widget\" data-widget_type=\"text-editor.default\">\n\t\t\t\t\t\t\t\t\t<p><p><strong>J\u00fad\u00edsk hef\u00f0:<\/strong> Baphomet hefur enga bein hli\u00f0st\u00e6\u00f0u \u00ed j\u00fad\u00edskri hef\u00f0. Fjarskyld er Azazel (3. M\u00f3seb\u00f3k 16), syndahafurs-<span class=\"iwg-fachbegriff\" data-tooltip=\"Andleg vera sem eignu\u00f0 er ska\u00f0leg e\u00f0a tv\u00edbent \u00e1hrif.\" tabindex=\"0\">dj\u00f6fullinn<\/span> sem \u00cdsrael leggur helgar syndir \u00e1, e\u00f0a Samael-pers\u00f3nan \u00far <span class=\"iwg-fachbegriff\" tabindex=\"0\" data-tooltip=\"J\u00fad\u00edsk dulspeki me\u00f0 h\u00f6fu\u00f0ritum eins og Sefer Yetzira, S\u00f3har og l\u00far\u00ed\u00f6nsku sk\u00f3lanum.\">kabbalanum<\/span> (Scholem, Sefer ha-Bahir), tv\u00edhyggjufursti hinna dj\u00f6fullegu svi\u00f0a. Hlutverki\u00f0 sem hi\u00f0 \u00fatsk\u00fafa\u00f0a t\u00e1kn heilunar me\u00f0 \u00fatleg\u00f0 tengir \u00feau saman.<\/p><p><strong>Gr\u00edsk-r\u00f3mverski heimurinn:<\/strong> \u00c1 <span class=\"iwg-fachbegriff\" data-tooltip=\"T\u00edmabil gr\u00edskrar og r\u00f3mverskrar menningar, um 800 f.Kr. til 600 e.Kr.\" tabindex=\"0\">forn\u00f6ld<\/span> svarar Baphomet fjarl\u00e6gt til Pans, hins dj\u00f6fulv\u00e6dda sk\u00f3gargu\u00f0s me\u00f0 hafursmerki, e\u00f0a Lamiae-dj\u00f6flanna \u00ed s\u00ed\u00f0ari dj\u00f6flatalinu. Hin t\u00e1knr\u00e6na <span class=\"iwg-fachbegriff\" data-tooltip=\"Andleg vera sem eignu\u00f0 er ska\u00f0leg e\u00f0a tv\u00edbent \u00e1hrif.\" tabindex=\"0\">dj\u00f6fulsvera<\/span> Typhon ber einnig \u00ed s\u00e9r heimsv\u00ed\u00f0a andst\u00f6\u00f0u gegn skipulagi. Hafursh\u00f6fu\u00f0-<span class=\"iwg-fachbegriff\" data-tooltip=\"Fr\u00e6\u00f0in um myndefni og merkingu \u00feess.\" tabindex=\"0\">myndm\u00e1li\u00f0<\/span> tengir Pan og Baphomet me\u00f0 <span class=\"iwg-fachbegriff\" data-tooltip=\"T\u00edmabil gr\u00edskrar og r\u00f3mverskrar menningar, um 800 f.Kr. til 600 e.Kr.\" tabindex=\"0\">forn<\/span>ger\u00f0 sat\u00fdra.<\/p><p><strong>Mes\u00f3p\u00f3tam\u00eda:<\/strong> Mes\u00f3p\u00f3tam\u00edsk dj\u00f6flafr\u00e6\u00f0i \u00e1 s\u00e9r enga n\u00e1kv\u00e6ma hli\u00f0st\u00e6\u00f0u. Fjarskyldir eru Shedu-<span class=\"iwg-fachbegriff\" data-tooltip=\"Andleg vera sem eignu\u00f0 er ska\u00f0leg e\u00f0a tv\u00edbent \u00e1hrif.\" tabindex=\"0\">dj\u00f6flarnir<\/span> e\u00f0a \u00f3rei\u00f0uverurnar \u00ed Marduk-Enuma-Elis-<span class=\"iwg-fachbegriff\" data-tooltip=\"Heild var\u00f0veittra go\u00f0sagna um gu\u00f0i \u00ed \u00e1kve\u00f0inni menningu.\" tabindex=\"0\">go\u00f0afr\u00e6\u00f0inni<\/span> (T\u00edamat, Kingu). \u00deessar birta, l\u00edkt og Baphomet, heimsv\u00ed\u00f0a andst\u00f6\u00f0u gegn gu\u00f0legri skipan. Hin si\u00f0bundna bar\u00e1tta gegn \u00feeim minnir \u00e1 kristnar <span class=\"iwg-fachbegriff\" data-tooltip=\"Helgiath\u00f6fn til a\u00f0 reka \u00fat vonda anda e\u00f0a dj\u00f6fla.\" tabindex=\"0\">dj\u00f6flarekstrar<\/span>-athafnir.<\/p><p><strong>Indland\/As\u00eda:<\/strong> Engin bein hli\u00f0st\u00e6\u00f0a. Fjarskyldir eru As\u00farar (hind\u00faasi\u00f0ur), dj\u00f6fullegar andst\u00f6\u00f0uverur gegn Devum, e\u00f0a Yaksar me\u00f0 \u00f3lj\u00f3su e\u00f0li (Schmoldt, <span class=\"iwg-fachbegriff\" data-tooltip=\"Heild var\u00f0veittra go\u00f0sagna um gu\u00f0i \u00ed \u00e1kve\u00f0inni menningu.\" tabindex=\"0\">go\u00f0afr\u00e6\u00f0i<\/span>). Hlutverki\u00f0 sem tv\u00edhyggjuleg andst\u00e6\u00f0a skipulags deila \u00feessar verur me\u00f0 Baphomet, en ekki \u00fe\u00e1 s\u00e9rst\u00f6ku birtingarmynd villutr\u00faarmanns sem vesturl\u00f6nd hafa skapa\u00f0.<\/p>\t\t\t\t\t\t\t\t<\/div>\n\t\t\t\t<\/div>\n\t\t\t\t\t<\/div>\n\t\t\t\t<\/div>\n\t\t<div class=\"elementor-element elementor-element-cpde59e76 e-flex e-con-boxed e-con e-parent\" data-id=\"cpde59e76\" data-element_type=\"container\" data-e-type=\"container\">\n\t\t\t\t\t<div class=\"e-con-inner\">\n\t\t\t\t<div class=\"elementor-element elementor-element-cp60e5be8 elementor-widget elementor-widget-heading\" data-id=\"cp60e5be8\" data-element_type=\"widget\" data-e-type=\"widget\" data-widget_type=\"heading.default\">\n\t\t\t\t\t<h2 class=\"elementor-heading-title elementor-size-default\">Templarar\u00e9ttarh\u00f6ldin og uppruni nafnsins<\/h2>\t\t\t\t<\/div>\n\t\t<div class=\"elementor-element elementor-element-cp47d1295 e-con-full e-flex e-con e-child\" data-id=\"cp47d1295\" data-element_type=\"container\" data-e-type=\"container\">\n\t\t\t\t<div class=\"elementor-element elementor-element-cp395f0e7 elementor-widget elementor-widget-text-editor\" data-id=\"cp395f0e7\" data-element_type=\"widget\" data-e-type=\"widget\" data-widget_type=\"text-editor.default\">\n\t\t\t\t\t\t\t\t\t<p>Nafni\u00f0 Baphomet kemur fyrst fram \u00ed upphafi fj\u00f3rt\u00e1ndu aldar, \u00ed tengslum vi\u00f0 r\u00e9ttarh\u00f6ldin yfir Templarareglunni. Eftir handt\u00f6ku Templaranna \u00ed Frakklandi \u00ed okt\u00f3ber 1307 b\u00e1ru ranns\u00f3knaryfirv\u00f6ld fram fj\u00f6lda \u00e1sakana, me\u00f0al annars \u00fe\u00e1 a\u00f0 riddararnir hef\u00f0u d\u00fdrka\u00f0 skur\u00f0go\u00f0. \u00cd yfirheyrsluskj\u00f6lunum kemur nafni\u00f0 <em>Baphometh<\/em> e\u00f0a svipa\u00f0ar stafsetningar \u00edtreka\u00f0 fram.<\/p><p>Sagnfr\u00e6\u00f0ingar eru a\u00f0 mestu samm\u00e1la um a\u00f0 \u00feetta meinta skur\u00f0go\u00f0 hafi ekki veri\u00f0 raunverulega d\u00fdrka\u00f0ur <span class=\"iwg-fachbegriff\" data-tooltip=\"Heild tr\u00faarlegra tilbei\u00f0sluathafna fyrir gu\u00f0 e\u00f0a heilaga veru.\" tabindex=\"0\">helgisi\u00f0ur<\/span>. Frambur\u00f0ir Templaranna voru a\u00f0 mestu leyti gefnir undir pyntingum e\u00f0a h\u00f3tun um pyntingar og stangast \u00e1 \u00ed n\u00e6r \u00f6llum sm\u00e1atri\u00f0um.<\/p><p>\u00ddmist er tala\u00f0 um skeggja\u00f0 h\u00f6fu\u00f0, \u00fdmist um k\u00f6tt, \u00fdmist um mynd me\u00f0 m\u00f6rgum andlitum. \u00deessi \u00f3samr\u00e6mi \u00feykir sterk v\u00edsbending um a\u00f0 \u00e1sakanirnar hafi veri\u00f0 tilb\u00fanar til a\u00f0 leysa upp regluna, sem var p\u00f3lit\u00edskt og fj\u00e1rhagslega \u00f3\u00fe\u00e6gileg.<\/p><p>Um uppruna nafnsins eru til nokkrar tilg\u00e1tur. Algengasta sk\u00fdringin, sem sagnfr\u00e6\u00f0ingar \u00e1 bor\u00f0 vi\u00f0 Malcolm Barber setja fram \u00ed <em>The Trial of the Templars<\/em> (1978), s\u00e9r \u00ed <em>Baphomet<\/em> fornfranska afb\u00f6kun \u00e1 <em>Mahomet<\/em>, mi\u00f0aldaformi nafns sp\u00e1mannsins M\u00fahame\u00f0s.<\/p><p>\u00dear sem Templararnir voru \u00ed samskiptum vi\u00f0 hinn \u00edslamska heim \u00ed Landinu helga l\u00e1 \u00e1s\u00f6kun um leynilegan tr\u00faskipti til \u00edslam n\u00e6rri fyrir sakborningana. A\u00f0rar tilg\u00e1tur, me\u00f0al annars gr\u00edsk aflei\u00f0sla, eru taldar \u00f3l\u00edklegri. \u00dea\u00f0 sem stendur upp \u00far er a\u00f0 saga Baphomets hefst ekki sem d\u00fdrku\u00f0 vera, heldur sem atri\u00f0i \u00ed \u00e1k\u00e6ruskjali.<\/p>\t\t\t\t\t\t\t\t<\/div>\n\t\t\t\t<\/div>\n\t\t\t\t\t<\/div>\n\t\t\t\t<\/div>\n\t\t<div class=\"elementor-element elementor-element-cp34483ef e-flex e-con-boxed e-con e-parent\" data-id=\"cp34483ef\" data-element_type=\"container\" data-e-type=\"container\">\n\t\t\t\t\t<div class=\"e-con-inner\">\n\t\t\t\t<div class=\"elementor-element elementor-element-cpee2e04a elementor-widget elementor-widget-heading\" data-id=\"cpee2e04a\" data-element_type=\"widget\" data-e-type=\"widget\" data-widget_type=\"heading.default\">\n\t\t\t\t\t<h2 class=\"elementor-heading-title elementor-size-default\">Eliphas Levi og tilb\u00faningur hafursins<\/h2>\t\t\t\t<\/div>\n\t\t<div class=\"elementor-element elementor-element-cp8c12779 e-con-full e-flex e-con e-child\" data-id=\"cp8c12779\" data-element_type=\"container\" data-e-type=\"container\">\n\t\t\t\t<div class=\"elementor-element elementor-element-cp28f939e elementor-widget elementor-widget-text-editor\" data-id=\"cp28f939e\" data-element_type=\"widget\" data-e-type=\"widget\" data-widget_type=\"text-editor.default\">\n\t\t\t\t\t\t\t\t\t<p>\u00deekktasta mynd Baphomets n\u00fa \u00e1 d\u00f6gum, sitjandi vera me\u00f0 geitarh\u00f6fu\u00f0, v\u00e6ngi, kvenbrj\u00f3st og blys milli hornanna, er ekki mi\u00f0aldaleg <span class=\"iwg-fachbegriff\" data-tooltip=\"Mi\u00f0lun \u00feekkingar og fr\u00e1sagna milli kynsl\u00f3\u00f0a.\" tabindex=\"0\">munnm\u00e6lahef\u00f0<\/span>.<\/p><p>H\u00fan er fr\u00e1 n\u00edtj\u00e1ndu \u00f6ld og var teiknu\u00f0 og h\u00f6nnu\u00f0 \u00e1ri\u00f0 1854 af franska dulspekingnum Eliphas Levi, sem h\u00e9t r\u00e9ttu nafni Alphonse Louis Constant, \u00ed verki hans <em>Dogme et rituel de la haute <span class=\"iwg-fachbegriff\" data-tooltip=\"Athafnir sem reyna a\u00f0 hafa \u00e1hrif \u00e1 framvindu hlutanna me\u00f0 s\u00e9rst\u00f6kum gj\u00f6r\u00f0um e\u00f0a form\u00falum.\" tabindex=\"0\">magie<\/span><\/em>.<\/p><p>Levi kalla\u00f0i f\u00edg\u00faru s\u00edna <em>Baphomet af Mendes<\/em> e\u00f0a <em>Geithafurinn fr\u00e1 sabbatinu<\/em>. Fyrir honum var myndin ekki <span class=\"iwg-fachbegriff\" data-tooltip=\"Andleg vera sem s\u00f6g\u00f0 er hafa ska\u00f0leg e\u00f0a tv\u00edbent \u00e1hrif.\" tabindex=\"0\">dj\u00f6full<\/span>, heldur <span class=\"iwg-fachbegriff\" data-tooltip=\"T\u00e1kn sem stendur fyrir hugmynd e\u00f0a merkingu.\" tabindex=\"0\">t\u00e1kn<\/span>. Hann t\u00falka\u00f0i einst\u00f6k atri\u00f0i myndarinnar sem tj\u00e1ning \u00e1 alheimslegu jafnv\u00e6gi: hi\u00f0 d\u00fdrslega og hi\u00f0 mannlega, hi\u00f0 karllega og hi\u00f0 kvenlega, hi\u00f0 efra og hi\u00f0 ne\u00f0ra.<\/p><p>Handahreyfinguna, \u00f6nnur h\u00f6ndin upp og \u00f6nnur ni\u00f0ur, t\u00f3k hann \u00far hinni hermet\u00edsku form\u00falu \u201eeins og fyrir ofan, svo fyrir ne\u00f0an\u201c. Baphomet Levis var \u00feannig markvisst sm\u00ed\u00f0u\u00f0 saml\u00edking um samruna andst\u00e6\u00f0na, ekki hlutur til tilbei\u00f0slu.<\/p><p>Seinni stefnur innan <span class=\"iwg-fachbegriff\" data-tooltip=\"I\u00f0kun sem fjallar um dulda krafta og a\u00f0fer\u00f0ir utan vi\u00f0urkenndra v\u00edsinda.\" tabindex=\"0\">dulhyggjunnar<\/span> t\u00f3ku myndina upp og breyttu merkingu hennar \u00e1 n\u00fd. \u00c1 stofnunart\u00edma n\u00fat\u00edma t\u00f6frareglna var Baphomet \u00e1 t\u00edmum nota\u00f0ur sem dulm\u00e1l fyrir dulda \u00feekkingu.<\/p><p>Ranns\u00f3knir \u00e1 tr\u00faarbrag\u00f0as\u00f6gu n\u00fat\u00edmans, me\u00f0al annars verk Wouter Hanegraaff um vestr\u00e6na <span class=\"iwg-fachbegriff\" data-tooltip=\"Samheiti yfir kenningar sem gera kr\u00f6fu um dulda \u00feekkingu sem a\u00f0eins er a\u00f0gengileg innv\u00edg\u00f0um.\" tabindex=\"0\">launspeki<\/span>, benda \u00e1 a\u00f0 \u00feessi eignun tengist s\u00ed\u00f0ur hinum s\u00f6gulegu templurum en \u00fe\u00f6rf n\u00edtj\u00e1ndu aldarins til a\u00f0 skapa s\u00e9r eigin t\u00e1knr\u00e6na gagnhef\u00f0.<\/p><p>L\u00ednan fr\u00e1 templarar\u00e9ttarh\u00f6ldunum til teikningar Levis er \u00feannig ekki samfelld <span class=\"iwg-fachbegriff\" data-tooltip=\"Mi\u00f0lun \u00feekkingar og fr\u00e1sagna milli kynsl\u00f3\u00f0a.\" tabindex=\"0\">munnm\u00e6lahef\u00f0<\/span>, heldur eftirfarandi tenging \u00e1 tveimur mj\u00f6g \u00f3l\u00edkum atbur\u00f0um.<\/p>\t\t\t\t\t\t\t\t<\/div>\n\t\t\t\t<\/div>\n\t\t\t\t\t<\/div>\n\t\t\t\t<\/div>\n\t\t<div class=\"elementor-element elementor-element-cp5e66469 e-flex e-con-boxed e-con e-parent\" data-id=\"cp5e66469\" data-element_type=\"container\" data-e-type=\"container\">\n\t\t\t\t\t<div class=\"e-con-inner\">\n\t\t\t\t<div class=\"elementor-element elementor-element-cp677a7f3 elementor-widget elementor-widget-heading\" data-id=\"cp677a7f3\" data-element_type=\"widget\" data-e-type=\"widget\" data-widget_type=\"heading.default\">\n\t\t\t\t\t<h2 class=\"elementor-heading-title elementor-size-default\">Baphomet \u00ed n\u00fat\u00edma tr\u00faarbrag\u00f0as\u00f6gu<\/h2>\t\t\t\t<\/div>\n\t\t<div class=\"elementor-element elementor-element-cp71ba9e9 e-con-full e-flex e-con e-child\" data-id=\"cp71ba9e9\" data-element_type=\"container\" data-e-type=\"container\">\n\t\t\t\t<div class=\"elementor-element elementor-element-cp252dc65 elementor-widget elementor-widget-text-editor\" data-id=\"cp252dc65\" data-element_type=\"widget\" data-e-type=\"widget\" data-widget_type=\"text-editor.default\">\n\t\t\t\t\t\t\t\t\t<p>\u00c1 tuttugustu og tuttugustu og fyrstu \u00f6ld hefur Baphomet or\u00f0i\u00f0 fastur hluti af t\u00e1knmyndum n\u00fat\u00edma valkosta-tr\u00faarhreyfinga og undirmenningar. <em>Church of Satan<\/em>, sem var stofnu\u00f0 1966, nota\u00f0i st\u00edlf\u00e6r\u00f0a mynd af geitarh\u00f6f\u00f0i innan \u00ed fimmstirni sem merki sitt, hi\u00f0 svokalla\u00f0a Sigil of Baphomet.<\/p><p>H\u00e9r er f\u00edg\u00faran endurt\u00falku\u00f0, \u00ed \u00feetta sinn sem t\u00e1kn markvissrar andklerklegrar, l\u00edfsj\u00e1tandi afst\u00f6\u00f0u sem fjarl\u00e6gir sig fr\u00e1 hinum kristna syndarhugtaki.<\/p><p>Baphomet f\u00e9kk s\u00e9rstaka athygli almennings \u00ed gegnum <em>Satanic Temple<\/em>, bandar\u00edsk samt\u00f6k sem hafa fr\u00e1 2010-\u00e1ratugnum nota\u00f0 st\u00f3ra bronsstyttu af Baphomet sem t\u00e6ki \u00ed p\u00f3lit\u00edskri bar\u00e1ttu.<\/p><p>Styttan var me\u00f0al annars notu\u00f0 til a\u00f0 varpa fram lagalegri spurningu \u00ed Bandar\u00edkjunum um hvort tr\u00faarleg minnismerki m\u00e6tti setja upp \u00e1 opinberu landi. \u00cd \u00feessu samhengi er Baphomet s\u00ed\u00f0ur tr\u00fau\u00f0 vera en lagalegt og m\u00e1lflutningslegt vopn til varnar a\u00f0skilna\u00f0ar r\u00edkis og tr\u00faarbrag\u00f0a.<\/p><p>Samhli\u00f0a \u00feessu birtist Baphomet oft \u00ed kvikmyndum, t\u00f3nlist og t\u00f6lvuleikjum, oft sem hr\u00e6\u00f0slumynd hins illa. \u00deessi notkun \u00ed d\u00e6gurmenningu tengist varla lengur t\u00e1knm\u00e1li Levis, heldur \u00f3lj\u00f3sri hugmynd um hi\u00f0 dj\u00f6fullega.<\/p><p>Tr\u00faarbrag\u00f0afr\u00e6\u00f0ilega s\u00e9\u00f0 er Baphomet \u00feannig kennslug\u00f3\u00f0 fyrirmynd: vera sem var\u00f0 til \u00far \u00e1s\u00f6kun \u00e1 mi\u00f0\u00f6ldum, var endurskapu\u00f0 \u00e1 n\u00edtj\u00e1ndu \u00f6ld sem heimspekilegt <span class=\"iwg-fachbegriff\" data-tooltip=\"T\u00e1kn sem stendur fyrir hugmynd e\u00f0a merkingu.\" tabindex=\"0\">t\u00e1kn<\/span> og \u00fej\u00f3nar n\u00fa, eftir \u00fev\u00ed hva\u00f0a h\u00f3pur \u00e1 \u00ed hlut, sem \u00e1reiti, j\u00e1tning e\u00f0a einfaldlega hryllingsminni.<\/p><p>Samanbur\u00f0ur vi\u00f0 a\u00f0rar <a href=\"https:\/\/iwell-guard.com\/is\/?page_id=168612\">kristinlega m\u00f3ta\u00f0ar dj\u00f6flaf\u00edg\u00farur<\/a> s\u00fdnir hversu miki\u00f0 merkingar geta fer\u00f0ast og breyst \u00ed gegnum aldirnar.<\/p>\t\t\t\t\t\t\t\t<\/div>\n\t\t\t\t<\/div>\n\t\t\t\t\t<\/div>\n\t\t\t\t<\/div>\n\t\t<div class=\"elementor-element elementor-element-cpccc6b8a e-flex e-con-boxed e-con e-parent\" data-id=\"cpccc6b8a\" data-element_type=\"container\" data-e-type=\"container\">\n\t\t\t\t\t<div class=\"e-con-inner\">\n\t\t\t\t<div class=\"elementor-element elementor-element-cpac75a79 elementor-widget elementor-widget-heading\" data-id=\"cpac75a79\" data-element_type=\"widget\" data-e-type=\"widget\" data-widget_type=\"heading.default\">\n\t\t\t\t\t<h2 class=\"elementor-heading-title elementor-size-default\">Ranns\u00f3knarsta\u00f0a og \u00fer\u00e1l\u00e1tir misskilningar<\/h2>\t\t\t\t<\/div>\n\t\t<div class=\"elementor-element elementor-element-cpedf85df e-con-full e-flex e-con e-child\" data-id=\"cpedf85df\" data-element_type=\"container\" data-e-type=\"container\">\n\t\t\t\t<div class=\"elementor-element elementor-element-cp4156def elementor-widget elementor-widget-text-editor\" data-id=\"cp4156def\" data-element_type=\"widget\" data-e-type=\"widget\" data-widget_type=\"text-editor.default\">\n\t\t\t\t\t\t\t\t\t<p>V\u00edsindalegt mat \u00e1 Baphomet er \u00ed grunninn sk\u00fdrt, en er st\u00f6\u00f0ugt skyggt \u00e1 \u00ed almennri skynjun. \u00derj\u00fa atri\u00f0i eru talin sta\u00f0fest. \u00cd fyrsta lagi: Engar sannanir eru fyrir raunverulegri Baphomet-<span class=\"iwg-fachbegriff\" data-tooltip=\"\u00d6ll tr\u00faarleg tilbei\u00f0sluath\u00f6fn tileinku\u00f0 gu\u00f0i e\u00f0a heilagri veru.\" tabindex=\"0\">tilbei\u00f0slu<\/span> hj\u00e1 templurum.<\/p><p>\u00c1sakanirnar komu fram \u00ed tengslum vi\u00f0 p\u00f3lit\u00edskt hvatta r\u00e9ttarh\u00f6ld. \u00cd \u00f6\u00f0ru lagi: \u00deekkta geitarmyndin er verk Eliphas Levi og er um fimm hundru\u00f0 \u00e1rum yngri en templarar\u00e9ttarh\u00f6ldin. \u00cd \u00feri\u00f0ja lagi: N\u00faverandi notkun \u00ed valkosta-tr\u00faarh\u00f3pum er markviss, n\u00fat\u00edmaleg eignun.<\/p><p>\u00der\u00e1tt fyrir \u00feessa sk\u00fdrleika lifa nokkrir misskilningar \u00e1fram. Algeng er s\u00fa tr\u00fa a\u00f0 mynd Levis s\u00e9 mi\u00f0aldaleg e\u00f0a jafnvel mynd af hinum raunverulega templaraskur\u00f0go\u00f0i.<\/p><p>S\u00f6mulei\u00f0is lifir s\u00fa hugmynd a\u00f0 Baphomet s\u00e9 sj\u00e1lfst\u00e6\u00f0ur <span class=\"iwg-fachbegriff\" data-tooltip=\"Andleg vera sem s\u00f6g\u00f0 er hafa ska\u00f0leg e\u00f0a tv\u00edbent \u00e1hrif.\" tabindex=\"0\">dj\u00f6full<\/span> \u00ed kristinni <span class=\"iwg-fachbegriff\" data-tooltip=\"V\u00edsindaleg fr\u00e6\u00f0igrein um Gu\u00f0 og tr\u00fa tiltekinnar tr\u00faarbrag\u00f0ahef\u00f0ar.\" tabindex=\"0\">gu\u00f0fr\u00e6\u00f0i<\/span>, \u00fe\u00f3tt hann komi ekki fram \u00ed hef\u00f0bundnum dj\u00f6flaskr\u00e1m mi\u00f0alda og upphafs n\u00fdaldar. Tilraunir til a\u00f0 lei\u00f0a nafni\u00f0 af dulm\u00e1lsst\u00f6fum eru einnig taldar vera vangaveltur \u00e1n fastrar v\u00edsindalegrar undirst\u00f6\u00f0u.<\/p><p>Enn er opin spurning \u00ed fr\u00e6\u00f0ilegri ranns\u00f3kn hvernig nafni\u00f0 kom fram \u00ed yfirheyrsluskj\u00f6lum fr\u00e1 1307 og hvort einstakir templarar hafi \u00feekkt \u00fea\u00f0 \u00e1\u00f0ur en r\u00e9ttarh\u00f6ldin f\u00f3ru fram. Heimildirnar leyfa ekki lokani\u00f0urst\u00f6\u00f0u h\u00e9r.<\/p><p>V\u00edsindalega s\u00e9\u00f0 er Baphomet s\u00ed\u00f0ur \u00e1hugaver\u00f0ur sem tr\u00fau\u00f0 vera en sem d\u00e6mi um hvernig nafn hefur veri\u00f0 hla\u00f0i\u00f0 n\u00fdrri merkingu \u00edtreka\u00f0 \u00ed gegnum sj\u00f6 aldir, me\u00f0 \u00e1s\u00f6kunum, listr\u00e6nni sk\u00f6pun og eignun undirmenningar, \u00e1n \u00feess a\u00f0 hafa nokkurn t\u00edma haft samfellda tilbei\u00f0sluveruleika.<\/p>\t\t\t\t\t\t\t\t<\/div>\n\t\t\t\t<\/div>\n\t\t\t\t\t<\/div>\n\t\t\t\t<\/div>\n\t\t<div class=\"elementor-element elementor-element-36dd7469 e-flex e-con-boxed e-con e-parent\" data-id=\"36dd7469\" data-element_type=\"container\" data-e-type=\"container\">\n\t\t\t\t\t<div class=\"e-con-inner\">\n\t\t\t\t<div class=\"elementor-element elementor-element-13760ab4 elementor-widget elementor-widget-heading\" data-id=\"13760ab4\" data-element_type=\"widget\" data-e-type=\"widget\" data-widget_type=\"heading.default\">\n\t\t\t\t\t<h2 class=\"elementor-heading-title elementor-size-default\">\u00cdtarefni og tenglar<\/h2>\t\t\t\t<\/div>\n\t\t<div class=\"elementor-element elementor-element-28c87796 e-con-full e-flex e-con e-child\" data-id=\"28c87796\" data-element_type=\"container\" data-e-type=\"container\">\n\t\t\t\t<div class=\"elementor-element elementor-element-5d6538df elementor-widget elementor-widget-text-editor\" data-id=\"5d6538df\" data-element_type=\"widget\" data-e-type=\"widget\" data-widget_type=\"text-editor.default\">\n\t\t\t\t\t\t\t\t\t<ul><\/ul>\t\t\t\t\t\t\t\t<\/div>\n\t\t\t\t<\/div>\n\t\t\t\t\t<\/div>\n\t\t\t\t<\/div>\n\t\t<div class=\"elementor-element elementor-element-grl4kl40 e-flex e-con-boxed e-con e-parent\" data-id=\"grl4kl40\" data-element_type=\"container\" data-e-type=\"container\">\n\t\t\t\t\t<div class=\"e-con-inner\">\n\t\t\t\t<div class=\"elementor-element elementor-element-bzsbfrmh elementor-widget elementor-widget-heading\" data-id=\"bzsbfrmh\" data-element_type=\"widget\" data-e-type=\"widget\" data-widget_type=\"heading.default\">\n\t\t\t\t\t<h2 class=\"elementor-heading-title elementor-size-default\">Fr\u00e6\u00f0irit<\/h2>\t\t\t\t<\/div>\n\t\t<div class=\"elementor-element elementor-element-2c13224a e-con-full e-flex e-con e-child\" data-id=\"2c13224a\" data-element_type=\"container\" data-e-type=\"container\">\n\t\t\t\t<div class=\"elementor-element elementor-element-0eymh9ub elementor-widget elementor-widget-text-editor\" data-id=\"0eymh9ub\" data-element_type=\"widget\" data-e-type=\"widget\" data-widget_type=\"text-editor.default\">\n\t\t\t\t\t\t\t\t\t<ul><li>Eliphas L\u00e9vi: <em>Le Dogme et le Rituel de la Haute <span class=\"iwg-fachbegriff\" data-tooltip=\"Athafnir sem reyna me\u00f0 s\u00e9rst\u00f6kum a\u00f0ger\u00f0um e\u00f0a form\u00falum a\u00f0 hafa \u00e1hrif \u00e1 framvindu hlutanna.\" tabindex=\"0\">Magie<\/span><\/em>. Paperback, 1856.<\/li><\/ul>\t\t\t\t\t\t\t\t<\/div>\n\t\t\t\t<\/div>\n\t\t\t\t\t<\/div>\n\t\t\t\t<\/div>\n\t\t<div class=\"elementor-element elementor-element-iwgca-baphomet-sec e-flex e-con-boxed e-con e-parent\" data-id=\"iwgca-baphomet-sec\" data-element_type=\"container\" data-e-type=\"container\" id=\"iwg-ca-baphomet\">\n\t\t\t\t\t<div class=\"e-con-inner\">\n\t\t\t\t<div class=\"elementor-element elementor-element-iwgca-baphomet-te iwg-ca-textwrap elementor-widget elementor-widget-text-editor\" data-id=\"iwgca-baphomet-te\" data-element_type=\"widget\" data-e-type=\"widget\" data-widget_type=\"text-editor.default\">\n\t\t\t\t\t\t\t\t\t<div data-nosnippet=\"true\"><p class=\"iwg-ca-bridge\">Verndarhef\u00f0in sem h\u00e9r er l\u00fdst er v\u00edsindaleg \u00fattekt \u00e1 s\u00f6guhef\u00f0um. iWell Guard tengist \u00feessari menningars\u00f6gulegu hef\u00f0 verndargripa sem borin eru \u00e1 l\u00edkamanum og er n\u00fat\u00edmaleg \u00fatf\u00e6rsla \u00e1 henni. <a href=\"\/ueber-iwell-guard\/?utm_source=iwell-guard.com&#038;utm_medium=text-link&#038;utm_campaign=schadwesen-tradition\">Meira um iWell Guard \u2192<\/a><\/p><\/div>\t\t\t\t\t\t\t\t<\/div>\n\t\t\t\t\t<\/div>\n\t\t\t\t<\/div>\n\t\t\t\t<\/div>\n\t\t","protected":false},"excerpt":{"rendered":"","protected":false},"author":3,"featured_media":1561,"parent":0,"menu_order":0,"comment_status":"closed","ping_status":"closed","template":"elementor_header_footer","meta":{"_yoast_wpseo_focuskw":"Baf\u00f3met","_yoast_wpseo_title":"Baf\u00f3met \u2013 D\u00e6mon kristinnar hef\u00f0ar","_yoast_wpseo_metadesc":"Baf\u00f3met, d\u00e6mon kristinnar hef\u00f0ar: geith\u00f6f\u00f0u\u00f0 vera \u00far templarr\u00e9ttarh\u00f6ldunum \u00e1 14. \u00f6ld, notu\u00f0 af huldufr\u00e6\u00f0um 19. aldar.","_yoast_wpseo_meta-robots-noindex":"","_yoast_wpseo_canonical":"","_angie_page":false,"gefaehrdungsstufe":"2","wesen_kultur":"christentum","wesen_klasse":"daemonen","footnotes":""},"categories":[],"class_list":["post-168848","page","type-page","status-publish","has-post-thumbnail","hentry"],"yoast_head":"<!-- This site is optimized with the Yoast SEO Premium plugin v27.7 (Yoast SEO v28.3) - https:\/\/yoast.com\/product\/yoast-seo-premium-wordpress\/ -->\n<title>Baf\u00f3met \u2013 D\u00e6mon kristinnar hef\u00f0ar<\/title>\n<meta name=\"description\" content=\"Baf\u00f3met, d\u00e6mon kristinnar hef\u00f0ar: geith\u00f6f\u00f0u\u00f0 vera \u00far templarr\u00e9ttarh\u00f6ldunum \u00e1 14. \u00f6ld, notu\u00f0 af huldufr\u00e6\u00f0um 19. aldar.\" \/>\n<meta name=\"robots\" content=\"index, follow, max-snippet:-1, max-image-preview:large, max-video-preview:-1\" \/>\n<link rel=\"canonical\" href=\"https:\/\/iwell-guard.com\/is\/bafomet\/\" \/>\n<meta property=\"og:locale\" content=\"is_IS\" \/>\n<meta property=\"og:type\" content=\"article\" \/>\n<meta property=\"og:title\" content=\"Baf\u00f3met\" \/>\n<meta property=\"og:description\" content=\"Baf\u00f3met, d\u00e6mon kristinnar hef\u00f0ar: geith\u00f6f\u00f0u\u00f0 vera \u00far templarr\u00e9ttarh\u00f6ldunum \u00e1 14. \u00f6ld, notu\u00f0 af huldufr\u00e6\u00f0um 19. aldar.\" \/>\n<meta property=\"og:url\" content=\"https:\/\/iwell-guard.com\/is\/bafomet\/\" \/>\n<meta property=\"og:site_name\" content=\"iWell Guard\" \/>\n<meta property=\"article:modified_time\" content=\"2026-09-05T14:21:03+00:00\" \/>\n<meta property=\"og:image\" content=\"https:\/\/iwell-guard.com\/wp-content\/uploads\/2026\/04\/daemonen_christentum_baphomet.webp\" \/>\n\t<meta property=\"og:image:width\" content=\"1024\" \/>\n\t<meta property=\"og:image:height\" content=\"1536\" \/>\n\t<meta property=\"og:image:type\" content=\"image\/webp\" \/>\n<meta name=\"twitter:card\" content=\"summary_large_image\" \/>\n<script type=\"application\/ld+json\" class=\"yoast-schema-graph\">{\"@context\":\"https:\\\/\\\/schema.org\",\"@graph\":[{\"@type\":\"WebPage\",\"@id\":\"https:\\\/\\\/iwell-guard.com\\\/is\\\/bafomet\\\/\",\"url\":\"https:\\\/\\\/iwell-guard.com\\\/is\\\/bafomet\\\/\",\"name\":\"Baf\u00f3met \u2013 D\u00e6mon kristinnar hef\u00f0ar\",\"isPartOf\":{\"@id\":\"https:\\\/\\\/iwell-guard.com\\\/is\\\/#website\"},\"primaryImageOfPage\":{\"@id\":\"https:\\\/\\\/iwell-guard.com\\\/is\\\/bafomet\\\/#primaryimage\"},\"image\":{\"@id\":\"https:\\\/\\\/iwell-guard.com\\\/is\\\/bafomet\\\/#primaryimage\"},\"thumbnailUrl\":\"https:\\\/\\\/iwell-guard.com\\\/wp-content\\\/uploads\\\/2026\\\/04\\\/daemonen_christentum_baphomet.webp\",\"datePublished\":\"2026-09-05T14:03:29+00:00\",\"dateModified\":\"2026-09-05T14:21:03+00:00\",\"description\":\"Baf\u00f3met, d\u00e6mon kristinnar hef\u00f0ar: geith\u00f6f\u00f0u\u00f0 vera \u00far templarr\u00e9ttarh\u00f6ldunum \u00e1 14. \u00f6ld, notu\u00f0 af huldufr\u00e6\u00f0um 19. aldar.\",\"breadcrumb\":{\"@id\":\"https:\\\/\\\/iwell-guard.com\\\/is\\\/bafomet\\\/#breadcrumb\"},\"inLanguage\":\"is\",\"potentialAction\":[{\"@type\":\"ReadAction\",\"target\":[\"https:\\\/\\\/iwell-guard.com\\\/is\\\/bafomet\\\/\"]}]},{\"@type\":\"ImageObject\",\"inLanguage\":\"is\",\"@id\":\"https:\\\/\\\/iwell-guard.com\\\/is\\\/bafomet\\\/#primaryimage\",\"url\":\"https:\\\/\\\/iwell-guard.com\\\/wp-content\\\/uploads\\\/2026\\\/04\\\/daemonen_christentum_baphomet.webp\",\"contentUrl\":\"https:\\\/\\\/iwell-guard.com\\\/wp-content\\\/uploads\\\/2026\\\/04\\\/daemonen_christentum_baphomet.webp\",\"width\":1024,\"height\":1536,\"caption\":\"Dj\u00f6flar \u00far kristinni hef\u00f0.\"},{\"@type\":\"BreadcrumbList\",\"@id\":\"https:\\\/\\\/iwell-guard.com\\\/is\\\/bafomet\\\/#breadcrumb\",\"itemListElement\":[{\"@type\":\"ListItem\",\"position\":1,\"name\":\"Start\",\"item\":\"https:\\\/\\\/iwell-guard.com\\\/is\\\/?page_id=168580\"},{\"@type\":\"ListItem\",\"position\":2,\"name\":\"Baf\u00f3met\"}]},{\"@type\":\"WebSite\",\"@id\":\"https:\\\/\\\/iwell-guard.com\\\/is\\\/#website\",\"url\":\"https:\\\/\\\/iwell-guard.com\\\/is\\\/\",\"name\":\"iWell Guard\",\"description\":\"Schutz vor dunklen Einfl\u00fcssen\",\"publisher\":{\"@id\":\"https:\\\/\\\/iwell-guard.com\\\/is\\\/#organization\"},\"potentialAction\":[{\"@type\":\"SearchAction\",\"target\":{\"@type\":\"EntryPoint\",\"urlTemplate\":\"https:\\\/\\\/iwell-guard.com\\\/is\\\/?s={search_term_string}\"},\"query-input\":{\"@type\":\"PropertyValueSpecification\",\"valueRequired\":true,\"valueName\":\"search_term_string\"}}],\"inLanguage\":\"is\"},{\"@type\":\"Organization\",\"@id\":\"https:\\\/\\\/iwell-guard.com\\\/is\\\/#organization\",\"name\":\"Ittermann electronic GmbH\",\"url\":\"https:\\\/\\\/iwell-guard.com\\\/is\\\/\",\"logo\":{\"@type\":\"ImageObject\",\"inLanguage\":\"is\",\"@id\":\"https:\\\/\\\/iwell-guard.com\\\/is\\\/#\\\/schema\\\/logo\\\/image\\\/\",\"url\":\"https:\\\/\\\/iwell-guard.com\\\/wp-content\\\/uploads\\\/2026\\\/05\\\/Ittermann-Logo-1182x237-1.png\",\"contentUrl\":\"https:\\\/\\\/iwell-guard.com\\\/wp-content\\\/uploads\\\/2026\\\/05\\\/Ittermann-Logo-1182x237-1.png\",\"width\":1182,\"height\":237,\"caption\":\"Ittermann electronic GmbH\"},\"image\":{\"@id\":\"https:\\\/\\\/iwell-guard.com\\\/is\\\/#\\\/schema\\\/logo\\\/image\\\/\"},\"sameAs\":[\"https:\\\/\\\/pantip.com\\\/profile\\\/9367242\",\"https:\\\/\\\/micro.blog\\\/iwellguard\",\"https:\\\/\\\/www.diggerslist.com\\\/iwellguard\\\/about\",\"https:\\\/\\\/skitterphoto.com\\\/photographers\\\/2870314\\\/iwell-guard\",\"https:\\\/\\\/iwellguard.wordpress.com\\\/2026\\\/06\\\/06\\\/iwell-guard\\\/\",\"https:\\\/\\\/hub.docker.com\\\/u\\\/iwellguard\",\"https:\\\/\\\/www.pinterest.com\\\/iwellguard\\\/\",\"https:\\\/\\\/bit.ly\\\/m\\\/iwellguard\",\"https:\\\/\\\/entre-vos-mains.alsace.eu\\\/profiles\\\/iwellguard\\\/activity\",\"https:\\\/\\\/gravatar.com\\\/reallybeded8fd34\",\"https:\\\/\\\/naijamatta.com\\\/iwellguard\",\"https:\\\/\\\/www.goodreads.com\\\/iwellguard\",\"https:\\\/\\\/profile.hatena.ne.jp\\\/iwellguard\\\/\",\"https:\\\/\\\/experiment.com\\\/users\\\/iwellguard\",\"https:\\\/\\\/wakelet.com\\\/@iWellGuard82270\",\"https:\\\/\\\/www.chordie.com\\\/forum\\\/profile.php?id=2555664\",\"https:\\\/\\\/www.instapaper.com\\\/p\\\/17757966\",\"https:\\\/\\\/www.mapleprimes.com\\\/users\\\/iwellguard\",\"https:\\\/\\\/businesslistingplus.com\\\/profile\\\/iwell-guard\\\/\",\"https:\\\/\\\/telegra.ph\\\/iWell-Guard-06-06\",\"https:\\\/\\\/pbase.com\\\/iwellguard\\\/iwellguard\",\"https:\\\/\\\/b.hatena.ne.jp\\\/iwellguard\\\/20260607#bookmark-4788405196491818882\",\"https:\\\/\\\/fliphtml5.com\\\/home\\\/iwellguard\",\"https:\\\/\\\/anyflip.com\\\/homepage\\\/cmiwl#About\",\"https:\\\/\\\/transfur.com\\\/Users\\\/iwellguard\",\"http:\\\/\\\/delphi.larsbo.org\\\/user\\\/iwellguard\",\"https:\\\/\\\/jobs.lajobsportal.org\\\/profiles\\\/8380803-iwell-guard\",\"https:\\\/\\\/md.chaosdorf.de\\\/s\\\/jfbe5SBdJD\",\"https:\\\/\\\/www.lingvolive.com\\\/en-us\\\/profile\\\/9ecaeaca-ce11-4e51-9e71-01d55e2bff36\\\/translations\",\"https:\\\/\\\/www.fitday.com\\\/fitness\\\/forums\\\/members\\\/iwellguard.html\",\"https:\\\/\\\/www.mymeetbook.com\\\/iwellguard\",\"https:\\\/\\\/pxhere.com\\\/en\\\/photographer-me\\\/5040798\",\"https:\\\/\\\/disqus.com\\\/by\\\/iwellguard\\\/about\\\/\",\"https:\\\/\\\/pastelink.net\\\/hjwciqwq\",\"https:\\\/\\\/pubhtml5.com\\\/homepage\\\/scjhn\\\/\",\"https:\\\/\\\/www.bitchute.com\\\/channel\\\/2O2eOKzNqujT\",\"https:\\\/\\\/audiomack.com\\\/iwellguard\"]},{\"@type\":\"Article\",\"@id\":\"https:\\\/\\\/iwell-guard.com\\\/is\\\/bafomet\\\/#article\",\"isPartOf\":{\"@id\":\"https:\\\/\\\/iwell-guard.com\\\/is\\\/bafomet\\\/\"},\"author\":{\"name\":\"Ralf Ittermann\",\"@id\":\"https:\\\/\\\/iwell-guard.com\\\/is\\\/#\\\/schema\\\/person\\\/ee2a27f1cac3406c7c6fb5820cb7349f\"},\"headline\":\"Baf\u00f3met\",\"datePublished\":\"2026-09-05T14:03:29+00:00\",\"dateModified\":\"2026-09-05T14:21:03+00:00\",\"mainEntityOfPage\":{\"@id\":\"https:\\\/\\\/iwell-guard.com\\\/is\\\/bafomet\\\/\"},\"publisher\":{\"@id\":\"https:\\\/\\\/iwell-guard.com\\\/is\\\/#organization\"},\"image\":{\"@id\":\"https:\\\/\\\/iwell-guard.com\\\/is\\\/bafomet\\\/#primaryimage\"},\"thumbnailUrl\":\"https:\\\/\\\/iwell-guard.com\\\/wp-content\\\/uploads\\\/2026\\\/04\\\/daemonen_christentum_baphomet.webp\",\"inLanguage\":\"is\",\"description\":\"Baf\u00f3met, d\u00e6mon kristinnar hef\u00f0ar: geith\u00f6f\u00f0u\u00f0 vera \u00far templarr\u00e9ttarh\u00f6ldunum \u00e1 14. \u00f6ld, notu\u00f0 af huldufr\u00e6\u00f0um 19. aldar.\"}]}<\/script>\n<!-- \/ Yoast SEO Premium plugin. -->","yoast_head_json":{"title":"Baf\u00f3met \u2013 D\u00e6mon kristinnar hef\u00f0ar","description":"Baf\u00f3met, d\u00e6mon kristinnar hef\u00f0ar: geith\u00f6f\u00f0u\u00f0 vera \u00far templarr\u00e9ttarh\u00f6ldunum \u00e1 14. \u00f6ld, notu\u00f0 af huldufr\u00e6\u00f0um 19. aldar.","robots":{"index":"index","follow":"follow","max-snippet":"max-snippet:-1","max-image-preview":"max-image-preview:large","max-video-preview":"max-video-preview:-1"},"canonical":"https:\/\/iwell-guard.com\/is\/bafomet\/","og_locale":"is_IS","og_type":"article","og_title":"Baf\u00f3met","og_description":"Baf\u00f3met, d\u00e6mon kristinnar hef\u00f0ar: geith\u00f6f\u00f0u\u00f0 vera \u00far templarr\u00e9ttarh\u00f6ldunum \u00e1 14. \u00f6ld, notu\u00f0 af huldufr\u00e6\u00f0um 19. aldar.","og_url":"https:\/\/iwell-guard.com\/is\/bafomet\/","og_site_name":"iWell Guard","article_modified_time":"2026-09-05T14:21:03+00:00","og_image":[{"width":1024,"height":1536,"url":"https:\/\/iwell-guard.com\/wp-content\/uploads\/2026\/04\/daemonen_christentum_baphomet.webp","type":"image\/webp"}],"twitter_card":"summary_large_image","schema":{"@context":"https:\/\/schema.org","@graph":[{"@type":"Article","@id":"https:\/\/iwell-guard.com\/is\/bafomet\/#article","isPartOf":{"@id":"https:\/\/iwell-guard.com\/is\/bafomet\/"},"author":{"name":"Ralf Ittermann","@id":"https:\/\/iwell-guard.com\/is\/#\/schema\/person\/ee2a27f1cac3406c7c6fb5820cb7349f"},"headline":"Baf\u00f3met","datePublished":"2026-09-05T14:03:29+00:00","dateModified":"2026-09-05T14:21:03+00:00","mainEntityOfPage":{"@id":"https:\/\/iwell-guard.com\/is\/bafomet\/"},"publisher":{"@id":"https:\/\/iwell-guard.com\/is\/#organization"},"image":{"@id":"https:\/\/iwell-guard.com\/is\/bafomet\/#primaryimage"},"thumbnailUrl":"https:\/\/iwell-guard.com\/wp-content\/uploads\/2026\/04\/daemonen_christentum_baphomet.webp","inLanguage":"is","description":"Baf\u00f3met, d\u00e6mon kristinnar hef\u00f0ar: geith\u00f6f\u00f0u\u00f0 vera \u00far templarr\u00e9ttarh\u00f6ldunum \u00e1 14. \u00f6ld, notu\u00f0 af huldufr\u00e6\u00f0um 19. aldar."},{"@type":"WebPage","@id":"https:\/\/iwell-guard.com\/is\/bafomet\/","url":"https:\/\/iwell-guard.com\/is\/bafomet\/","name":"Baf\u00f3met \u2013 D\u00e6mon kristinnar hef\u00f0ar","isPartOf":{"@id":"https:\/\/iwell-guard.com\/is\/#website"},"primaryImageOfPage":{"@id":"https:\/\/iwell-guard.com\/is\/bafomet\/#primaryimage"},"image":{"@id":"https:\/\/iwell-guard.com\/is\/bafomet\/#primaryimage"},"thumbnailUrl":"https:\/\/iwell-guard.com\/wp-content\/uploads\/2026\/04\/daemonen_christentum_baphomet.webp","datePublished":"2026-09-05T14:03:29+00:00","dateModified":"2026-09-05T14:21:03+00:00","description":"Baf\u00f3met, d\u00e6mon kristinnar hef\u00f0ar: geith\u00f6f\u00f0u\u00f0 vera \u00far templarr\u00e9ttarh\u00f6ldunum \u00e1 14. \u00f6ld, notu\u00f0 af huldufr\u00e6\u00f0um 19. aldar.","breadcrumb":{"@id":"https:\/\/iwell-guard.com\/is\/bafomet\/#breadcrumb"},"inLanguage":"is","potentialAction":[{"@type":"ReadAction","target":["https:\/\/iwell-guard.com\/is\/bafomet\/"]}]},{"@type":"ImageObject","inLanguage":"is","@id":"https:\/\/iwell-guard.com\/is\/bafomet\/#primaryimage","url":"https:\/\/iwell-guard.com\/wp-content\/uploads\/2026\/04\/daemonen_christentum_baphomet.webp","contentUrl":"https:\/\/iwell-guard.com\/wp-content\/uploads\/2026\/04\/daemonen_christentum_baphomet.webp","width":1024,"height":1536,"caption":"Dj\u00f6flar \u00far kristinni hef\u00f0."},{"@type":"BreadcrumbList","@id":"https:\/\/iwell-guard.com\/is\/bafomet\/#breadcrumb","itemListElement":[{"@type":"ListItem","position":1,"name":"Start","item":"https:\/\/iwell-guard.com\/is\/?page_id=168580"},{"@type":"ListItem","position":2,"name":"Baf\u00f3met"}]},{"@type":"WebSite","@id":"https:\/\/iwell-guard.com\/is\/#website","url":"https:\/\/iwell-guard.com\/is\/","name":"iWell Guard","description":"Schutz vor dunklen Einfl\u00fcssen","publisher":{"@id":"https:\/\/iwell-guard.com\/is\/#organization"},"potentialAction":[{"@type":"SearchAction","target":{"@type":"EntryPoint","urlTemplate":"https:\/\/iwell-guard.com\/is\/?s={search_term_string}"},"query-input":{"@type":"PropertyValueSpecification","valueRequired":true,"valueName":"search_term_string"}}],"inLanguage":"is"},{"@type":"Organization","@id":"https:\/\/iwell-guard.com\/is\/#organization","name":"Ittermann electronic GmbH","url":"https:\/\/iwell-guard.com\/is\/","logo":{"@type":"ImageObject","inLanguage":"is","@id":"https:\/\/iwell-guard.com\/is\/#\/schema\/logo\/image\/","url":"https:\/\/iwell-guard.com\/wp-content\/uploads\/2026\/05\/Ittermann-Logo-1182x237-1.png","contentUrl":"https:\/\/iwell-guard.com\/wp-content\/uploads\/2026\/05\/Ittermann-Logo-1182x237-1.png","width":1182,"height":237,"caption":"Ittermann electronic GmbH"},"image":{"@id":"https:\/\/iwell-guard.com\/is\/#\/schema\/logo\/image\/"},"sameAs":["https:\/\/pantip.com\/profile\/9367242","https:\/\/micro.blog\/iwellguard","https:\/\/www.diggerslist.com\/iwellguard\/about","https:\/\/skitterphoto.com\/photographers\/2870314\/iwell-guard","https:\/\/iwellguard.wordpress.com\/2026\/06\/06\/iwell-guard\/","https:\/\/hub.docker.com\/u\/iwellguard","https:\/\/www.pinterest.com\/iwellguard\/","https:\/\/bit.ly\/m\/iwellguard","https:\/\/entre-vos-mains.alsace.eu\/profiles\/iwellguard\/activity","https:\/\/gravatar.com\/reallybeded8fd34","https:\/\/naijamatta.com\/iwellguard","https:\/\/www.goodreads.com\/iwellguard","https:\/\/profile.hatena.ne.jp\/iwellguard\/","https:\/\/experiment.com\/users\/iwellguard","https:\/\/wakelet.com\/@iWellGuard82270","https:\/\/www.chordie.com\/forum\/profile.php?id=2555664","https:\/\/www.instapaper.com\/p\/17757966","https:\/\/www.mapleprimes.com\/users\/iwellguard","https:\/\/businesslistingplus.com\/profile\/iwell-guard\/","https:\/\/telegra.ph\/iWell-Guard-06-06","https:\/\/pbase.com\/iwellguard\/iwellguard","https:\/\/b.hatena.ne.jp\/iwellguard\/20260607#bookmark-4788405196491818882","https:\/\/fliphtml5.com\/home\/iwellguard","https:\/\/anyflip.com\/homepage\/cmiwl#About","https:\/\/transfur.com\/Users\/iwellguard","http:\/\/delphi.larsbo.org\/user\/iwellguard","https:\/\/jobs.lajobsportal.org\/profiles\/8380803-iwell-guard","https:\/\/md.chaosdorf.de\/s\/jfbe5SBdJD","https:\/\/www.lingvolive.com\/en-us\/profile\/9ecaeaca-ce11-4e51-9e71-01d55e2bff36\/translations","https:\/\/www.fitday.com\/fitness\/forums\/members\/iwellguard.html","https:\/\/www.mymeetbook.com\/iwellguard","https:\/\/pxhere.com\/en\/photographer-me\/5040798","https:\/\/disqus.com\/by\/iwellguard\/about\/","https:\/\/pastelink.net\/hjwciqwq","https:\/\/pubhtml5.com\/homepage\/scjhn\/","https:\/\/www.bitchute.com\/channel\/2O2eOKzNqujT","https:\/\/audiomack.com\/iwellguard"]},{"@type":"Person","@id":"https:\/\/iwell-guard.com\/is\/#\/schema\/person\/ee2a27f1cac3406c7c6fb5820cb7349f","name":"Ralf Ittermann","image":{"@type":"ImageObject","inLanguage":"is","@id":"https:\/\/secure.gravatar.com\/avatar\/073c0153e350a5005b68eb752b445fea71f6b24a26da9449ad7e155e6b446c9d?s=96&d=mm&r=g","url":"https:\/\/secure.gravatar.com\/avatar\/073c0153e350a5005b68eb752b445fea71f6b24a26da9449ad7e155e6b446c9d?s=96&d=mm&r=g","contentUrl":"https:\/\/secure.gravatar.com\/avatar\/073c0153e350a5005b68eb752b445fea71f6b24a26da9449ad7e155e6b446c9d?s=96&d=mm&r=g","caption":"Ralf Ittermann"},"givenName":"Ralf","familyName":"Ittermann","jobTitle":"Gesch\u00e4ftsf\u00fchrer und redaktioneller Verantwortlicher","url":"https:\/\/iwell-guard.com\/is\/author\/claude\/","description":"Ralf Ittermann ist Gesch\u00e4ftsf\u00fchrer der Ittermann electronic GmbH und redaktioneller Verantwortlicher des iWell-Guard-Lexikons. Er verbindet langj\u00e4hrige Erfahrung in der Pr\u00e4zisionsfertigung mit medialer Praxis und religionsgeschichtlicher Quellenarbeit.","worksFor":{"@type":"Organization","name":"Ittermann electronic GmbH","url":"https:\/\/ittermann.de\/","address":{"@type":"PostalAddress","streetAddress":"K\u00f6hlergasse 16-18","postalCode":"99842","addressLocality":"Ruhla","addressCountry":"DE"}},"knowsAbout":["Religionsgeschichte","Mythologie","Mediale Praxis","Energetische Diagnostik","Schutzpraxis","Volksglauben","Westliche Esoterik"]},{"@type":"Article","@id":"https:\/\/iwell-guard.com\/is\/bafomet\/#article","isPartOf":{"@id":"https:\/\/iwell-guard.com\/is\/bafomet\/"},"author":{"name":"Ralf Ittermann","@id":"https:\/\/iwell-guard.com\/is\/#\/schema\/person\/ee2a27f1cac3406c7c6fb5820cb7349f"},"headline":"Baf\u00f3met","datePublished":"2026-09-05T14:03:29+00:00","dateModified":"2026-09-05T14:21:03+00:00","mainEntityOfPage":{"@id":"https:\/\/iwell-guard.com\/is\/bafomet\/"},"publisher":{"@id":"https:\/\/iwell-guard.com\/is\/#organization"},"image":{"@id":"https:\/\/iwell-guard.com\/is\/bafomet\/#primaryimage"},"thumbnailUrl":"https:\/\/iwell-guard.com\/wp-content\/uploads\/2026\/04\/daemonen_christentum_baphomet.webp","inLanguage":"is","description":"Baf\u00f3met, d\u00e6mon kristinnar hef\u00f0ar: geith\u00f6f\u00f0u\u00f0 vera \u00far templarr\u00e9ttarh\u00f6ldunum \u00e1 14. \u00f6ld, notu\u00f0 af huldufr\u00e6\u00f0um 19. aldar."}]}},"_links":{"self":[{"href":"https:\/\/iwell-guard.com\/is\/wp-json\/wp\/v2\/pages\/168848","targetHints":{"allow":["GET"]}}],"collection":[{"href":"https:\/\/iwell-guard.com\/is\/wp-json\/wp\/v2\/pages"}],"about":[{"href":"https:\/\/iwell-guard.com\/is\/wp-json\/wp\/v2\/types\/page"}],"author":[{"embeddable":true,"href":"https:\/\/iwell-guard.com\/is\/wp-json\/wp\/v2\/users\/3"}],"replies":[{"embeddable":true,"href":"https:\/\/iwell-guard.com\/is\/wp-json\/wp\/v2\/comments?post=168848"}],"version-history":[{"count":0,"href":"https:\/\/iwell-guard.com\/is\/wp-json\/wp\/v2\/pages\/168848\/revisions"}],"wp:featuredmedia":[{"embeddable":true,"href":"https:\/\/iwell-guard.com\/is\/wp-json\/wp\/v2\/media\/1561"}],"wp:attachment":[{"href":"https:\/\/iwell-guard.com\/is\/wp-json\/wp\/v2\/media?parent=168848"}],"wp:term":[{"taxonomy":"category","embeddable":true,"href":"https:\/\/iwell-guard.com\/is\/wp-json\/wp\/v2\/categories?post=168848"}],"curies":[{"name":"wp","href":"https:\/\/api.w.org\/{rel}","templated":true}]}}