{"id":168846,"date":"2026-09-05T14:03:28","date_gmt":"2026-09-05T14:03:28","guid":{"rendered":"https:\/\/iwell-guard.com\/?page_id=168846"},"modified":"2026-09-05T14:20:58","modified_gmt":"2026-09-05T14:20:58","slug":"harpyjur","status":"publish","type":"page","link":"https:\/\/iwell-guard.com\/is\/harpyjur\/","title":{"rendered":"Harp\u00fdjur"},"content":{"rendered":"\t\t<div data-elementor-type=\"wp-page\" data-elementor-id=\"168846\" class=\"elementor elementor-168846 elementor-2156 elementor-bc-flex-widget\" data-elementor-post-type=\"page\">\n\t\t\t\t<div class=\"elementor-element elementor-element-10fdade e-flex e-con-boxed e-con e-parent\" data-id=\"10fdade\" data-element_type=\"container\" data-e-type=\"container\" data-settings=\"{&quot;background_background&quot;:&quot;classic&quot;}\">\n\t\t\t\t\t<div class=\"e-con-inner\">\n\t\t<div class=\"elementor-element elementor-element-herohlft0 e-flex e-con-boxed e-con e-child\" data-id=\"herohlft0\" data-element_type=\"container\" data-e-type=\"container\">\n\t\t\t\t\t<div class=\"e-con-inner\">\n\t\t<div class=\"elementor-element elementor-element-c3ceb64 e-con-full e-flex e-con e-child\" data-id=\"c3ceb64\" data-element_type=\"container\" data-e-type=\"container\">\n\t\t\t\t<div class=\"elementor-element elementor-element-96ae5e1 elementor-widget elementor-widget-heading\" data-id=\"96ae5e1\" data-element_type=\"widget\" data-e-type=\"widget\" data-widget_type=\"heading.default\">\n\t\t\t\t\t<h1 class=\"elementor-heading-title elementor-size-default\">Harp\u00fdjur, dem\u00f3nur \u00far gr\u00edskri hef\u00f0<\/h1>\t\t\t\t<\/div>\n\t\t\t\t<div class=\"elementor-element elementor-element-e45238a elementor-widget elementor-widget-text-editor\" data-id=\"e45238a\" data-element_type=\"widget\" data-e-type=\"widget\" data-widget_type=\"text-editor.default\">\n\t\t\t\t\t\t\t\t\t<p>Harp\u00fdjur eru dem\u00f3nur \u00far gr\u00edskri hef\u00f0.<\/p><p>R\u00e1nslegar stormv\u00e6ttir, fuglkonur me\u00f0 kl\u00e6r, bo\u00f0berar rei\u00f0innar og pl\u00e1gunnar. Harp\u00fdjurnar eru stormv\u00e6ttir sem koma skyndilega, r\u00e6na og hverfa. \u00de\u00e6r eru hra\u00f0ari en vindurinn, \u00f3bugandi og grimmar. \u00cd s\u00f6gunni af Arg\u00f3arf\u00f6rum kvelja \u00fe\u00e6r sj\u00e1andann F\u00edneus \u00fear til Arg\u00f3arfarar hrekja \u00fe\u00e6r \u00e1 brott. \u00de\u00e6r eru ekki gy\u00f0jur heldur dem\u00f3nar, birtingarmyndir hins illa, ekki pers\u00f3nuleikar me\u00f0 d\u00fdpt.<\/p>\t\t\t\t\t\t\t\t<\/div>\n\t\t\t\t<\/div>\n\t\t<div class=\"elementor-element elementor-element-klsbdg01 e-con-full e-flex e-con e-parent\" data-id=\"klsbdg01\" data-element_type=\"container\" data-e-type=\"container\">\n\t\t\t\t<div class=\"elementor-element elementor-element-klshtm01 elementor-widget elementor-widget-html\" data-id=\"klshtm01\" data-element_type=\"widget\" data-e-type=\"widget\" data-widget_type=\"html.default\">\n\t\t\t\t\t<div class=\"iwg-pill-row\"><span class=\"iwg-klasse-badge\" tabindex=\"0\" data-tooltip=\"D\u00e6mon \/ d\u00eds: Yfirn\u00e1tt\u00faruleg vera me\u00f0 oftast ska\u00f0leg e\u00f0a tv\u00edr\u00e6\u00f0 \u00e1hrif. Stendur milli gu\u00f0a og manna, valdur sj\u00fakd\u00f3ma, t\u00e6linga e\u00f0a \u00f3g\u00e6fu og er hrakin \u00e1 brott me\u00f0 \u00e1kalli, verndargripum og ath\u00f6fnum.\">D\u00eds<\/span><a href=\"https:\/\/iwell-guard.com\/is\/?page_id=168594\" class=\"iwg-kultur-badge\" tabindex=\"0\" data-tooltip=\"Tr\u00faarbr\u00f6g\u00f0 og go\u00f0afr\u00e6\u00f0i Grikklands hins forna fr\u00e1 M\u00fdkenut\u00edmanum til s\u00ed\u00f0fornaldar.\">Grikkland<\/a><\/div>\t\t\t\t<\/div>\n\t\t\t\t<\/div>\n\t\t<div class=\"elementor-element elementor-element-3f74855 e-con-full e-flex e-con e-child\" data-id=\"3f74855\" data-element_type=\"container\" data-e-type=\"container\">\n\t\t\t\t<div class=\"elementor-element elementor-element-1c30362 elementor-toc--minimized-on-tablet elementor-widget elementor-widget-table-of-contents\" data-id=\"1c30362\" data-element_type=\"widget\" data-e-type=\"widget\" data-settings=\"{&quot;exclude_headings_by_selector&quot;:[],&quot;no_headings_message&quot;:&quot;Engar undirfyrirsagnir fundust \\u00e1 \\u00feessari s\\u00ed\\u00f0u.&quot;,&quot;headings_by_tags&quot;:[&quot;h2&quot;,&quot;h3&quot;],&quot;marker_view&quot;:&quot;bullets&quot;,&quot;minimize_box&quot;:&quot;yes&quot;,&quot;icon&quot;:{&quot;value&quot;:&quot;fas fa-circle&quot;,&quot;library&quot;:&quot;fa-solid&quot;,&quot;rendered_tag&quot;:&quot;&lt;svg class=\\&quot;e-font-icon-svg e-fas-circle\\&quot; viewBox=\\&quot;0 0 512 512\\&quot; xmlns=\\&quot;http:\\\/\\\/www.w3.org\\\/2000\\\/svg\\&quot;&gt;&lt;path d=\\&quot;M256 8C119 8 8 119 8 256s111 248 248 248 248-111 248-248S393 8 256 8z\\&quot;&gt;&lt;\\\/path&gt;&lt;\\\/svg&gt;&quot;},&quot;minimized_on&quot;:&quot;tablet&quot;,&quot;hierarchical_view&quot;:&quot;yes&quot;,&quot;min_height&quot;:{&quot;unit&quot;:&quot;px&quot;,&quot;size&quot;:&quot;&quot;,&quot;sizes&quot;:[]},&quot;min_height_tablet&quot;:{&quot;unit&quot;:&quot;px&quot;,&quot;size&quot;:&quot;&quot;,&quot;sizes&quot;:[]},&quot;min_height_mobile&quot;:{&quot;unit&quot;:&quot;px&quot;,&quot;size&quot;:&quot;&quot;,&quot;sizes&quot;:[]}}\" data-widget_type=\"table-of-contents.default\">\n\t\t\t\t\t\t\t\t\t<div class=\"elementor-toc__header\">\n\t\t\t\t\t\t<h2 class=\"elementor-toc__header-title\">\n\t\t\t\tEfnisyfirlit\t\t\t<\/h2>\n\t\t\t\t\t\t\t\t\t\t<div class=\"elementor-toc__toggle-button elementor-toc__toggle-button--expand\" role=\"button\" tabindex=\"0\" aria-controls=\"elementor-toc__1c30362\" aria-expanded=\"true\" aria-label=\"Open table of contents\"><svg aria-hidden=\"true\" class=\"e-font-icon-svg e-fas-chevron-down\" viewBox=\"0 0 448 512\" xmlns=\"http:\/\/www.w3.org\/2000\/svg\"><path d=\"M207.029 381.476L12.686 187.132c-9.373-9.373-9.373-24.569 0-33.941l22.667-22.667c9.357-9.357 24.522-9.375 33.901-.04L224 284.505l154.745-154.021c9.379-9.335 24.544-9.317 33.901.04l22.667 22.667c9.373 9.373 9.373 24.569 0 33.941L240.971 381.476c-9.373 9.372-24.569 9.372-33.942 0z\"><\/path><\/svg><\/div>\n\t\t\t\t<div class=\"elementor-toc__toggle-button elementor-toc__toggle-button--collapse\" role=\"button\" tabindex=\"0\" aria-controls=\"elementor-toc__1c30362\" aria-expanded=\"true\" aria-label=\"Close table of contents\"><svg aria-hidden=\"true\" class=\"e-font-icon-svg e-fas-chevron-up\" viewBox=\"0 0 448 512\" xmlns=\"http:\/\/www.w3.org\/2000\/svg\"><path d=\"M240.971 130.524l194.343 194.343c9.373 9.373 9.373 24.569 0 33.941l-22.667 22.667c-9.357 9.357-24.522 9.375-33.901.04L224 227.495 69.255 381.516c-9.379 9.335-24.544 9.317-33.901-.04l-22.667-22.667c-9.373-9.373-9.373-24.569 0-33.941L207.03 130.525c9.372-9.373 24.568-9.373 33.941-.001z\"><\/path><\/svg><\/div>\n\t\t\t\t\t<\/div>\n\t\t\t\t<div id=\"elementor-toc__1c30362\" class=\"elementor-toc__body\">\n\t\t\t<div class=\"elementor-toc__spinner-container\">\n\t\t\t\t<svg class=\"elementor-toc__spinner eicon-animation-spin e-font-icon-svg e-eicon-loading\" aria-hidden=\"true\" viewBox=\"0 0 1000 1000\" xmlns=\"http:\/\/www.w3.org\/2000\/svg\"><path d=\"M500 975V858C696 858 858 696 858 500S696 142 500 142 142 304 142 500H25C25 237 238 25 500 25S975 237 975 500 763 975 500 975Z\"><\/path><\/svg>\t\t\t<\/div>\n\t\t<\/div>\n\t\t\t\t\t\t<\/div>\n\t\t\t\t<\/div>\n\t\t\t\t\t<\/div>\n\t\t\t\t<\/div>\n\t\t<div class=\"elementor-element elementor-element-herorght0 e-con-full e-flex e-con e-child\" data-id=\"herorght0\" data-element_type=\"container\" data-e-type=\"container\">\n\t\t\t\t<div class=\"elementor-element elementor-element-heroimg00 iwg-hero-image elementor-widget elementor-widget-image\" data-id=\"heroimg00\" data-element_type=\"widget\" data-e-type=\"widget\" data-widget_type=\"image.default\">\n\t\t\t\t\t\t\t\t\t\t\t\t\t\t\t<img fetchpriority=\"high\" decoding=\"async\" width=\"683\" height=\"1024\" src=\"https:\/\/iwell-guard.com\/wp-content\/uploads\/2026\/04\/daemonen_griechenland_harpyien-683x1024.webp\" class=\"attachment-large size-large wp-image-171126\" alt=\"Harp\u00edur - Dj\u00f6flar \u00far gr\u00edskri hef\u00f0, s\u00f6guleg mynd\" srcset=\"https:\/\/iwell-guard.com\/wp-content\/uploads\/2026\/04\/daemonen_griechenland_harpyien-683x1024.webp 683w, https:\/\/iwell-guard.com\/wp-content\/uploads\/2026\/04\/daemonen_griechenland_harpyien-200x300.webp 200w, https:\/\/iwell-guard.com\/wp-content\/uploads\/2026\/04\/daemonen_griechenland_harpyien-768x1152.webp 768w, https:\/\/iwell-guard.com\/wp-content\/uploads\/2026\/04\/daemonen_griechenland_harpyien.webp 1024w\" sizes=\"(max-width: 683px) 100vw, 683px\" \/>\t\t\t\t\t\t\t\t\t\t\t\t\t\t\t<\/div>\n\t\t\t\t<\/div>\n\t\t\t\t\t<\/div>\n\t\t\t\t<\/div>\n\t\t<div class=\"elementor-element elementor-element-32917199 e-flex e-con-boxed e-con e-parent\" data-id=\"32917199\" data-element_type=\"container\" data-e-type=\"container\">\n\t\t\t\t\t<div class=\"e-con-inner\">\n\t\t<div class=\"elementor-element elementor-element-26e916cb e-flex e-con-boxed e-con e-child\" data-id=\"26e916cb\" data-element_type=\"container\" data-e-type=\"container\">\n\t\t\t\t\t<div class=\"e-con-inner\">\n\t\t<div class=\"elementor-element elementor-element-253a40d4 e-flex e-con-boxed e-con e-child\" data-id=\"253a40d4\" data-element_type=\"container\" data-e-type=\"container\">\n\t\t\t\t\t<div class=\"e-con-inner\">\n\t\t\t\t<div class=\"elementor-element elementor-element-1200c304 elementor-widget elementor-widget-heading\" data-id=\"1200c304\" data-element_type=\"widget\" data-e-type=\"widget\" data-widget_type=\"heading.default\">\n\t\t\t\t\t<h2 class=\"elementor-heading-title elementor-size-default\">Harp\u00fdjur<\/h2>\t\t\t\t<\/div>\n\t\t\t\t<div class=\"elementor-element elementor-element-11758e7f elementor-widget elementor-widget-text-editor\" data-id=\"11758e7f\" data-element_type=\"widget\" data-e-type=\"widget\" data-widget_type=\"text-editor.default\">\n\t\t\t\t\t\t\t\t\t<div><p><strong>Harp\u00fdjur \u00ed ritum Hes\u00edodosar og fornhelgri gr\u00edskri <span class=\"iwg-fachbegriff\" data-tooltip=\"Hugmyndin um uppbyggingu og skipulag heimsins innan menningar.\" tabindex=\"0\">heimsfr\u00e6\u00f0i<\/span><\/strong><\/p><p><em>Gu\u00f0askr\u00e1<\/em> Hes\u00edodosar nefnir harp\u00fdjurnar sem d\u00e6tur t\u00edtansins \u00deaumas og \u00d3kean\u00eddunnar Elektru; \u00fe\u00e6r tilheyra \u00fev\u00ed \u00e6tt gu\u00f0anna, en eru ekki \u00f3lymp\u00edskar. Hes\u00edodos gefur \u00feeim n\u00f6fn: Aell\u00f3 (hin stormhra\u00f0a), \u00d3k\u00fdpete (hin flj\u00fagandi) og \u00ed sumum handritum l\u00edka Podarge (skj\u00f3tf\u00e6tta). Fr\u00e1 upphafi eru \u00fe\u00e6r hugsa\u00f0ar sem vindv\u00e6ttir, ekki hreinar fuglkonur.<\/p><p>\u00deessi sta\u00f0setning \u00ed heimsfr\u00e6\u00f0inni er uppl\u00fdsandi: Harp\u00fdjurnar eru eldri en \u00d3lympsgu\u00f0irnir og birta hin \u00f3t\u00f6mdu n\u00e1tt\u00faru\u00f6fl heimsins. Samkv\u00e6mt Hes\u00edodosi eru \u00fe\u00e6r ekki illgjarnar heldur starfa sem erindrekar gu\u00f0aheimsins, s\u00e9rh\u00e6f\u00f0ar \u00ed r\u00e1num og hr\u00f6\u00f0um fer\u00f0um. \u00c6tterni \u00feeirra tengir \u00fe\u00e6r \u00f6\u00f0rum kth\u00f3n\u00edskum og loftbornum m\u00e1ttarv\u00f6ldum sem koma \u00e1 undan hinum skipulag\u00f0a \u00d3lympi.<\/p><\/div>\t\t\t\t\t\t\t\t<\/div>\n\t\t\t\t\t<\/div>\n\t\t\t\t<\/div>\n\t\t<div class=\"elementor-element elementor-element-159dcf9a e-flex e-con-boxed e-con e-child\" data-id=\"159dcf9a\" data-element_type=\"container\" data-e-type=\"container\">\n\t\t\t\t\t<div class=\"e-con-inner\">\n\t\t\t\t<div class=\"elementor-element elementor-element-48cee66f elementor-widget elementor-widget-heading\" data-id=\"48cee66f\" data-element_type=\"widget\" data-e-type=\"widget\" data-widget_type=\"heading.default\">\n\t\t\t\t\t<h2 class=\"elementor-heading-title elementor-size-default\">Stutt yfirlit: Harp\u00fdjur<\/h2>\t\t\t\t<\/div>\n\t\t\t\t<div class=\"elementor-element elementor-element-3f50d82c elementor-widget elementor-widget-text-editor\" data-id=\"3f50d82c\" data-element_type=\"widget\" data-e-type=\"widget\" data-widget_type=\"text-editor.default\">\n\t\t\t\t\t\t\t\t\t<p><strong>Tegund:<\/strong> Fur\u00f0uvera (fuglkonur, blendingur)<br><strong>Hef\u00f0:<\/strong> Gr\u00edsk <span class=\"iwg-fachbegriff\" data-tooltip=\"Heild var\u00f0veittra gu\u00f0asagna \u00ed menningu.\" tabindex=\"0\">go\u00f0afr\u00e6\u00f0i<\/span><br><strong>Flokkur:<\/strong> Gy\u00f0ja\/<span class=\"iwg-fachbegriff\" data-tooltip=\"Andleg vera sem eignu\u00f0 er ska\u00f0leg e\u00f0a tv\u00edbent \u00e1hrif.\" tabindex=\"0\">dem\u00f3n<\/span> (undirgu\u00f0legt)<br><strong>Hlutverk:<\/strong> Refsigy\u00f0jur Seifs<br><strong>Heimildir:<\/strong> Gu\u00f0askr\u00e1 Hes\u00edodosar, H\u00f3mer, \u00c6sk\u00fdlos, Apollod\u00f3ros, \u00d3vid\u00edus<br><strong>Verkunarsvi\u00f0:<\/strong> Loft, f\u00e6\u00f0a, gu\u00f0leg refsing, pl\u00e1ga<br><strong>Megin\u00e1t\u00f6k:<\/strong> Milli vilja gu\u00f0anna og velfer\u00f0ar manna<\/p>\t\t\t\t\t\t\t\t<\/div>\n\t\t\t\t\t<\/div>\n\t\t\t\t<\/div>\n\t\t\t\t\t<\/div>\n\t\t\t\t<\/div>\n\t\t\t\t\t<\/div>\n\t\t\t\t<\/div>\n\t\t<div class=\"elementor-element elementor-element-18613602 e-flex e-con-boxed e-con e-parent\" data-id=\"18613602\" data-element_type=\"container\" data-e-type=\"container\">\n\t\t\t\t\t<div class=\"e-con-inner\">\n\t\t\t\t<div class=\"elementor-element elementor-element-262b8a9f elementor-widget elementor-widget-heading\" data-id=\"262b8a9f\" data-element_type=\"widget\" data-e-type=\"widget\" data-widget_type=\"heading.default\">\n\t\t\t\t\t<h2 class=\"elementor-heading-title elementor-size-default\">Samhengi<\/h2>\t\t\t\t<\/div>\n\t\t<div class=\"elementor-element elementor-element-46dcb7d e-con-full e-flex e-con e-child\" data-id=\"46dcb7d\" data-element_type=\"container\" data-e-type=\"container\">\n\t\t<div class=\"elementor-element elementor-element-61d3ab3 e-flex e-con-boxed e-con e-child\" data-id=\"61d3ab3\" data-element_type=\"container\" data-e-type=\"container\">\n\t\t\t\t\t<div class=\"e-con-inner\">\n\t\t\t\t<div class=\"elementor-element elementor-element-117c166 elementor-widget elementor-widget-heading\" data-id=\"117c166\" data-element_type=\"widget\" data-e-type=\"widget\" data-widget_type=\"heading.default\">\n\t\t\t\t\t<div class=\"elementor-heading-title elementor-size-default\">T\u00edmabil textanna<\/div>\t\t\t\t<\/div>\n\t\t\t\t<div class=\"elementor-element elementor-element-73997a0 elementor-widget elementor-widget-text-editor\" data-id=\"73997a0\" data-element_type=\"widget\" data-e-type=\"widget\" data-widget_type=\"text-editor.default\">\n\t\t\t\t\t\t\t\t\t<p>Gu\u00f0askr\u00e1 Hes\u00edodosar fr\u00e1 um 700 f.Kr. nefnir harp\u00fdjur sem d\u00e6tur \u00deaumas og Elektru (Aell\u00f3, \u00d3k\u00fdpete). \u00d3dysseifskvi\u00f0a H\u00f3mers I, 240, 245 l\u00fdsir \u00feeim sem valdi \u00f3g\u00e6fu. \u00d3rest\u00eda \u00c6sk\u00fdlosar b\u00e6tir vi\u00f0 <span class=\"iwg-fachbegriff\" data-tooltip=\"Or\u00f0aform\u00fala sem \u00e1 a\u00f0 valda pers\u00f3nu e\u00f0a hlut \u00f3l\u00e1ni.\" tabindex=\"0\">b\u00f6lvun<\/span>. Apollod\u00f3ros \u00e1 2. \u00f6ld e.Kr. og Myndbreytingar \u00d3vid\u00edusar: Arg\u00f3arfara\u00fe\u00e1tturinn.<\/p>\t\t\t\t\t\t\t\t<\/div>\n\t\t\t\t\t<\/div>\n\t\t\t\t<\/div>\n\t\t<div class=\"elementor-element elementor-element-d47b156 e-flex e-con-boxed e-con e-child\" data-id=\"d47b156\" data-element_type=\"container\" data-e-type=\"container\">\n\t\t\t\t\t<div class=\"e-con-inner\">\n\t\t\t\t<div class=\"elementor-element elementor-element-ff38c2b elementor-widget elementor-widget-heading\" data-id=\"ff38c2b\" data-element_type=\"widget\" data-e-type=\"widget\" data-widget_type=\"heading.default\">\n\t\t\t\t\t<div class=\"elementor-heading-title elementor-size-default\">\u00datbrei\u00f0slusv\u00e6\u00f0i<\/div>\t\t\t\t<\/div>\n\t\t\t\t<div class=\"elementor-element elementor-element-4e49fcc elementor-widget elementor-widget-text-editor\" data-id=\"4e49fcc\" data-element_type=\"widget\" data-e-type=\"widget\" data-widget_type=\"text-editor.default\">\n\t\t\t\t\t\t\t\t\t<p><strong>\u00datbrei\u00f0slusv\u00e6\u00f0i:<\/strong> \u00derak\u00eda og nor\u00f0anvert Eyjahaf (f\u00e6\u00f0ingarsta\u00f0ur \u00deaumas). <span class=\"iwg-fachbegriff\" data-tooltip=\"Var\u00f0veitt fr\u00e1s\u00f6gn sem oft hefur s\u00f6gulegan kjarna og undursamleg einkenni.\" tabindex=\"0\">Sagan<\/span> af Arg\u00f3arf\u00f6rum: Propontis og Svartahaf (<span class=\"iwg-fachbegriff\" data-tooltip=\"Or\u00f0aform\u00fala sem \u00e1 a\u00f0 valda pers\u00f3nu e\u00f0a hlut \u00f3l\u00e1ni.\" tabindex=\"0\">b\u00f6lvun<\/span> F\u00edneusar). R\u00f3m: Harpyiae (loftf\u00far\u00edur). \u00de\u00e6r voru tilbe\u00f0nar sem bo\u00f0berar rei\u00f0innar, s\u00ed\u00f0ur sem einstakar verur.<\/p>\t\t\t\t\t\t\t\t<\/div>\n\t\t\t\t\t<\/div>\n\t\t\t\t<\/div>\n\t\t\t\t<\/div>\n\t\t<div class=\"elementor-element elementor-element-db03c39 e-con-full e-flex e-con e-child\" data-id=\"db03c39\" data-element_type=\"container\" data-e-type=\"container\">\n\t\t<div class=\"elementor-element elementor-element-229a87b e-flex e-con-boxed e-con e-child\" data-id=\"229a87b\" data-element_type=\"container\" data-e-type=\"container\">\n\t\t\t\t\t<div class=\"e-con-inner\">\n\t\t\t\t<div class=\"elementor-element elementor-element-1f471fc elementor-widget elementor-widget-heading\" data-id=\"1f471fc\" data-element_type=\"widget\" data-e-type=\"widget\" data-widget_type=\"heading.default\">\n\t\t\t\t\t<div class=\"elementor-heading-title elementor-size-default\">Heimildasta\u00f0a<\/div>\t\t\t\t<\/div>\n\t\t\t\t<div class=\"elementor-element elementor-element-36b1201 elementor-widget elementor-widget-text-editor\" data-id=\"36b1201\" data-element_type=\"widget\" data-e-type=\"widget\" data-widget_type=\"text-editor.default\">\n\t\t\t\t\t\t\t\t\t<p><strong>Frumheimildir:<\/strong><br><em>Hes\u00edodos, Gu\u00f0askr\u00e1<\/em> 265, 270<br><em>H\u00f3mer, \u00d3dysseifskvi\u00f0a<\/em> I, 240, 245<br><em>\u00c6sk\u00fdlos, \u00d3rest\u00eda<\/em><br><em>Apollod\u00f3ros, Bibliotheca<\/em> I, 9, 21<br><em>\u00d3vid\u00edus, Myndbreytingar<\/em> III, 209, 258<br><strong>Aukaheimildir:<\/strong> Burkert; Bremmer; West; Rohde<\/p>\t\t\t\t\t\t\t\t<\/div>\n\t\t\t\t\t<\/div>\n\t\t\t\t<\/div>\n\t\t\t\t<\/div>\n\t\t\t\t\t<\/div>\n\t\t\t\t<\/div>\n\t\t<div class=\"elementor-element elementor-element-3ae0637c e-flex e-con-boxed e-con e-parent\" data-id=\"3ae0637c\" data-element_type=\"container\" data-e-type=\"container\">\n\t\t\t\t\t<div class=\"e-con-inner\">\n\t\t\t\t<div class=\"elementor-element elementor-element-31d07739 elementor-widget elementor-widget-heading\" data-id=\"31d07739\" data-element_type=\"widget\" data-e-type=\"widget\" data-widget_type=\"heading.default\">\n\t\t\t\t\t<h2 class=\"elementor-heading-title elementor-size-default\">Nafn og afbrig\u00f0i<\/h2>\t\t\t\t<\/div>\n\t\t<div class=\"elementor-element elementor-element-b7642947 e-con-full e-flex e-con e-child\" data-id=\"b7642947\" data-element_type=\"container\" data-e-type=\"container\">\n\t\t\t\t<div class=\"elementor-element elementor-element-a086266 elementor-widget elementor-widget-text-editor\" data-id=\"a086266\" data-element_type=\"widget\" data-e-type=\"widget\" data-widget_type=\"text-editor.default\">\n\t\t\t\t\t\t\t\t\t<p>Harp\u00fdjur eru s\u00fdndar sem <span class=\"iwg-fachbegriff\" data-tooltip=\"Vera sem sameinar einkenni \u00fdmissa l\u00edfvera.\" tabindex=\"0\">blendingsvera<\/span>: efri hluti l\u00edkama konu, ne\u00f0ri hluti l\u00edkama fugls (arnar e\u00f0a r\u00e1nfugls). \u00de\u00e6r hafa hvassar kl\u00e6r \u00ed sta\u00f0 handa. Sumar myndir s\u00fdna \u00fe\u00e6r ata\u00f0ar illri lykt e\u00f0a saur (\u00ed F\u00edneusar\u00fe\u00e6ttinum).<\/p><p>T\u00e1kn \u00feeirra eru r\u00e1n, vindhvi\u00f0ur, pl\u00e1ga og eldingarhra\u00f0i. \u00de\u00e6r eru s\u00fdndar \u00e1r\u00e1sargjarnar, ekki fagurlega eins og s\u00edren, heldur \u00f3gnvekjandi og skr\u00edmslislegar. V\u00e6ngir og kl\u00e6r r\u00e1\u00f0a yfir myndm\u00e1li \u00feeirra.<\/p>\t\t\t\t\t\t\t\t<\/div>\n\t\t\t\t<\/div>\n\t\t\t\t\t<\/div>\n\t\t\t\t<\/div>\n\t\t<div class=\"elementor-element elementor-element-709a44a8 e-flex e-con-boxed e-con e-parent\" data-id=\"709a44a8\" data-element_type=\"container\" data-e-type=\"container\">\n\t\t\t\t\t<div class=\"e-con-inner\">\n\t\t\t\t<div class=\"elementor-element elementor-element-2f585873 elementor-widget elementor-widget-heading\" data-id=\"2f585873\" data-element_type=\"widget\" data-e-type=\"widget\" data-widget_type=\"heading.default\">\n\t\t\t\t\t<h2 class=\"elementor-heading-title elementor-size-default\">Einkenni<\/h2>\t\t\t\t<\/div>\n\t\t<div class=\"elementor-element elementor-element-70621c12 e-con-full e-flex e-con e-child\" data-id=\"70621c12\" data-element_type=\"container\" data-e-type=\"container\">\n\t\t\t\t<div class=\"elementor-element elementor-element-4296eb49 elementor-widget elementor-widget-text-editor\" data-id=\"4296eb49\" data-element_type=\"widget\" data-e-type=\"widget\" data-widget_type=\"text-editor.default\">\n\t\t\t\t\t\t\t\t\t<p>Harp\u00fdjur voru ekki tilbe\u00f0nar heldur var \u00feeirra \u00f3ttast og gegn \u00feeim var barist. \u00de\u00e6r eru verkf\u00e6ri refsingar: \u00ed F\u00edneusar\u00fe\u00e6ttinum sendir Seifur e\u00f0a P\u00f3seidon \u00fe\u00e6r til a\u00f0 kvelja F\u00edneus fyrir \u00f3hl\u00fd\u00f0ni hans. \u00de\u00e6r eru pl\u00e1gusendendur, r\u00e1nsdem\u00f3nar, \u00f6fl glundro\u00f0ans.<\/p><p>\u00de\u00e6r t\u00e1kna \u00f3tamin n\u00e1tt\u00faru\u00f6fl, storma sem ey\u00f0a uppskeru, d\u00fdr sem r\u00e6na m\u00f6nnum. \u00de\u00e6r vinna \u00e1 stundum fyrir gu\u00f0i (sem verkf\u00e6ri refsingar) en hafa ekkert eigi\u00f0 markmi\u00f0 nema r\u00e1n og glundro\u00f0a. \u00de\u00e6r eru ne\u00f0ar \u00f6\u00f0rum dem\u00f3num, meira d\u00fdrslegar en hugsandi.<\/p><p><strong>\u00datlit og t\u00e1knm\u00e1l<\/strong><\/p><p>Harp\u00fdjurnar eru s\u00fdndar sem <span class=\"iwg-fachbegriff\" data-tooltip=\"Vera sem sameinar einkenni \u00fdmissa l\u00edfvera.\" tabindex=\"0\">blendingsvera<\/span>, efri hluti fagurra kvenna (stundum me\u00f0 v\u00e6ngi \u00e1 her\u00f0um) og ne\u00f0ri hluti e\u00f0a f\u00e6tur arna e\u00f0a \u00e1 stundum dreka. \u00de\u00e6r hafa kl\u00f3pr\u00fddda hendur og f\u00e6tur. H\u00e1r \u00feeirra fl\u00fdgur til \u00ed vindi, augu \u00feeirra gl\u00f3a af illum \u00e1setningi. \u00c1 stundum eru \u00fe\u00e6r s\u00fdndar me\u00f0 fuglafj\u00f6\u00f0rum og villtum lj\u00f3ma.<\/p><p>\u00d6rninn er heilagt d\u00fdr \u00feeirra, e\u00f0a \u00fe\u00e6r eru sj\u00e1lfar til h\u00e1lfs ernir. Litir \u00feeirra eru gr\u00e1br\u00fanir e\u00f0a d\u00f6kkrau\u00f0ir, litir hnignunar og r\u00e1ns. \u00de\u00e6r lykta hr\u00e6\u00f0ilega, meginkennieinkenni \u00feeirra er fnykur sem ey\u00f0ileggur allt. \u00de\u00e6r birta hi\u00f0 r\u00e1nslega og villta \u00ed n\u00e1tt\u00farunni, a\u00f0 vera r\u00e6nd, a\u00f0 vera hrifsu\u00f0.<\/p><div><p><strong>Harp\u00fdjurnar \u00ed Argonautika Apoll\u00f3n\u00edosar fr\u00e1 R\u00f3dos<\/strong><\/p><p>Apoll\u00f3n\u00edos fr\u00e1 R\u00f3dos (3. \u00f6ld f.Kr.) l\u00fdsir \u00ed riti s\u00ednu <em>Argonautika<\/em> 2.188-300 hinum fr\u00e6ga \u00fe\u00e6tti \u00fear sem Arg\u00f3arfarar frelsa hinn blinda konung F\u00edneus undan harp\u00fdjunum.<\/p><p>\u00deessar harp\u00fdjur (Aell\u00f3 og \u00d3k\u00fdpete) eru illgjarnar og ey\u00f0andi: \u00de\u00e6r kl\u00f3ra og saurga alla f\u00e6\u00f0u sem F\u00edneus snertir. Apoll\u00f3n\u00edos l\u00fdsir \u00feeim sem v\u00e6ngju\u00f0um meyjum me\u00f0 fuglslegan ne\u00f0ri hluta og manneskjulegan efri hluta, hra\u00f0ar sem vindurinn.<\/p><p>Kappinn Zetes og br\u00f3\u00f0ir hans Kalais, sj\u00e1lfir v\u00e6ngja\u00f0ir (synir B\u00f3reasar, nor\u00f0anvindsgu\u00f0sins), elta harp\u00fdjurnar yfir hafi\u00f0 allt til Strofadeseyja. \u00deessi b\u00f3kmenntalega dramatisering hefur haft mikil \u00e1hrif \u00e1 sj\u00f3nlega myndm\u00e1lshef\u00f0: harp\u00fdjur voru \u00ed s\u00edauknum m\u00e6li s\u00fdndar sem fuglkonur \u00e1 klass\u00edskum l\u00e1gmyndum og vasam\u00e1lverkum, s\u00ed\u00f0ur sem \u00f3hlutbundnar vindv\u00e6ttir.<\/p><\/div>\t\t\t\t\t\t\t\t<\/div>\n\t\t\t\t<\/div>\n\t\t\t\t\t<\/div>\n\t\t\t\t<\/div>\n\t\t<div class=\"elementor-element elementor-element-44e71476 e-flex e-con-boxed e-con e-parent\" data-id=\"44e71476\" data-element_type=\"container\" data-e-type=\"container\">\n\t\t\t\t\t<div class=\"e-con-inner\">\n\t\t\t\t<div class=\"elementor-element elementor-element-3c1fc3f0 elementor-widget elementor-widget-heading\" data-id=\"3c1fc3f0\" data-element_type=\"widget\" data-e-type=\"widget\" data-widget_type=\"heading.default\">\n\t\t\t\t\t<h2 class=\"elementor-heading-title elementor-size-default\">Yfirlit: Harp\u00fdjur<\/h2>\t\t\t\t<\/div>\n\t\t<div class=\"elementor-element elementor-element-84f33b8e e-con-full e-flex e-con e-child\" data-id=\"84f33b8e\" data-element_type=\"container\" data-e-type=\"container\">\n\t\t\t\t<div class=\"elementor-element elementor-element-hqkdc67p elementor-widget elementor-widget-text-editor\" data-id=\"hqkdc67p\" data-element_type=\"widget\" data-e-type=\"widget\" data-widget_type=\"text-editor.default\">\n\t\t\t\t\t\t\t\t\t<p>Harp\u00edurnar (Harpyien) eru kvenkyns stormp\u00fakar \u00far gr\u00edskri go\u00f0afr\u00e6\u00f0i, h\u00e1lfar konur og h\u00e1lfir fuglar, en nafn \u00feeirra er dregi\u00f0 af gr\u00edska or\u00f0inu fyrir a\u00f0 r\u00e6na. \u00deekktastar eru \u00fe\u00e6r \u00far s\u00f6gunni um hinn blinda sj\u00e1anda Fineus, en fr\u00e1 honum r\u00e6ndu \u00fe\u00e6r e\u00f0a saurgu\u00f0u matinn \u00fear til hinir v\u00e6ngju\u00f0u synir Boreasar hr\u00f6ktu \u00fe\u00e6r \u00e1 brott \u00ed lei\u00f0angri Arg\u00f3arfaranna. Argonautika Apoll\u00f3n\u00edosar fr\u00e1 R\u00f3dos og Eneasarkvi\u00f0a Vergils eru mikilv\u00e6gustu b\u00f3kmenntaheimildirnar um mynd \u00feeirra.<\/p>\t\t\t\t\t\t\t\t<\/div>\n\t\t\t\t<\/div>\n\t\t<div class=\"elementor-element elementor-element-pemmx7c5 e-con-full e-flex e-con e-child\" data-id=\"pemmx7c5\" data-element_type=\"container\" data-e-type=\"container\">\n\t\t<div class=\"elementor-element elementor-element-pemmx7c1 e-con-full e-flex e-con e-child\" data-id=\"pemmx7c1\" data-element_type=\"container\" data-e-type=\"container\">\n\t\t<div class=\"elementor-element elementor-element-qh9oavvu iwg-steckbrief-card e-flex e-con-boxed e-con e-child\" data-id=\"qh9oavvu\" data-element_type=\"container\" data-e-type=\"container\">\n\t\t\t\t\t<div class=\"e-con-inner\">\n\t\t\t\t<div class=\"elementor-element elementor-element-awzx8k2k elementor-widget elementor-widget-heading\" data-id=\"awzx8k2k\" data-element_type=\"widget\" data-e-type=\"widget\" data-widget_type=\"heading.default\">\n\t\t\t\t\t<div class=\"elementor-heading-title elementor-size-default\">Hef\u00f0<\/div>\t\t\t\t<\/div>\n\t\t\t\t<div class=\"elementor-element elementor-element-x6rowhv0 elementor-widget elementor-widget-text-editor\" data-id=\"x6rowhv0\" data-element_type=\"widget\" data-e-type=\"widget\" data-widget_type=\"text-editor.default\">\n\t\t\t\t\t\t\t\t\t<p><strong>\u00c6tt:<\/strong> D\u00e6tur \u00deaumas (undur, undrun) og haffreyjunnar Elektru. H\u00e1lfgy\u00f0jur af annarri kynsl\u00f3\u00f0. Systir: \u00cdris (gy\u00f0ja regnbogans). <br><strong>Helstu harp\u00fdjur:<\/strong> Aello (stormvindur), \u00d3k\u00fdpete (hin flj\u00fagandi hra\u00f0a), Podarge, Kelaen\u00f3, \u00de\u00fdella.<\/p>\t\t\t\t\t\t\t\t<\/div>\n\t\t\t\t\t<\/div>\n\t\t\t\t<\/div>\n\t\t<div class=\"elementor-element elementor-element-8e3o4kxs iwg-steckbrief-card e-flex e-con-boxed e-con e-child\" data-id=\"8e3o4kxs\" data-element_type=\"container\" data-e-type=\"container\">\n\t\t\t\t\t<div class=\"e-con-inner\">\n\t\t\t\t<div class=\"elementor-element elementor-element-08rkdgov elementor-widget elementor-widget-heading\" data-id=\"08rkdgov\" data-element_type=\"widget\" data-e-type=\"widget\" data-widget_type=\"heading.default\">\n\t\t\t\t\t<div class=\"elementor-heading-title elementor-size-default\">Markh\u00f3pur harp\u00fdjanna<\/div>\t\t\t\t<\/div>\n\t\t\t\t<div class=\"elementor-element elementor-element-uwjelx8s elementor-widget elementor-widget-text-editor\" data-id=\"uwjelx8s\" data-element_type=\"widget\" data-e-type=\"widget\" data-widget_type=\"text-editor.default\">\n\t\t\t\t\t\t\t\t\t<p><strong>Hlutverk:<\/strong> Refsigy\u00f0jur Seifs, sem f\u00e6ra \u00f3g\u00e6fu \u00feegar menn syndga. \u00de\u00e6r eru ekki illar \u00ed e\u00f0li s\u00ednu, heldur framkv\u00e6mdarar gu\u00f0legrar hefndar. \u00de\u00e6r hnupla mat, saurga f\u00f3rnargjafir og valda pl\u00e1gu og hungri. <br><strong>Markh\u00f3pur:<\/strong> Konungar og valdhafar, d\u00e6mi F\u00edneus: refsing fyrir bl\u00f3\u00f0s\u00f6k.<\/p>\t\t\t\t\t\t\t\t<\/div>\n\t\t\t\t\t<\/div>\n\t\t\t\t<\/div>\n\t\t<div class=\"elementor-element elementor-element-jm2n74ec iwg-steckbrief-card e-flex e-con-boxed e-con e-child\" data-id=\"jm2n74ec\" data-element_type=\"container\" data-e-type=\"container\">\n\t\t\t\t\t<div class=\"e-con-inner\">\n\t\t\t\t<div class=\"elementor-element elementor-element-8vufse4c elementor-widget elementor-widget-heading\" data-id=\"8vufse4c\" data-element_type=\"widget\" data-e-type=\"widget\" data-widget_type=\"heading.default\">\n\t\t\t\t\t<div class=\"elementor-heading-title elementor-size-default\">\u00c1s\u00fdnd<\/div>\t\t\t\t<\/div>\n\t\t\t\t<div class=\"elementor-element elementor-element-mwb9u015 elementor-widget elementor-widget-text-editor\" data-id=\"mwb9u015\" data-element_type=\"widget\" data-e-type=\"widget\" data-widget_type=\"text-editor.default\">\n\t\t\t\t\t\t\t\t\t<p>Heimildir fr\u00e1 forn\u00f6ld l\u00fdsa Harp\u00edunum sem blendingsverum, h\u00e1lfum konum og h\u00e1lfum fuglum: v\u00e6ngja\u00f0ar, me\u00f0 kl\u00e6r og andlit konu. Hj\u00e1 H\u00f3mer og Hes\u00ed\u00f3dos birtast \u00fe\u00e6r enn sem hra\u00f0fleygir stormandar, en \u00fea\u00f0 er ekki fyrr en \u00ed s\u00ed\u00f0ari sk\u00e1ldskap sem hi\u00f0 vi\u00f0bj\u00f3\u00f0slega \u00ed \u00fatliti \u00feeirra er lagt til grundvallar. \u00cd Eneasarkvi\u00f0u l\u00fdsir Vergill \u00feeim sem sveltum fuglsl\u00edk\u00f6mum me\u00f0 f\u00f6lum meyjaandlitum sem \u00f3hreinka allt sem \u00fe\u00e6r snerta.<\/p>\t\t\t\t\t\t\t\t<\/div>\n\t\t\t\t\t<\/div>\n\t\t\t\t<\/div>\n\t\t\t\t<\/div>\n\t\t<div class=\"elementor-element elementor-element-pemmx7c2 e-con-full e-flex e-con e-child\" data-id=\"pemmx7c2\" data-element_type=\"container\" data-e-type=\"container\">\n\t\t<div class=\"elementor-element elementor-element-37ss2yr6 iwg-steckbrief-card e-flex e-con-boxed e-con e-child\" data-id=\"37ss2yr6\" data-element_type=\"container\" data-e-type=\"container\">\n\t\t\t\t\t<div class=\"e-con-inner\">\n\t\t\t\t<div class=\"elementor-element elementor-element-3v0wp3wx elementor-widget elementor-widget-heading\" data-id=\"3v0wp3wx\" data-element_type=\"widget\" data-e-type=\"widget\" data-widget_type=\"heading.default\">\n\t\t\t\t\t<div class=\"elementor-heading-title elementor-size-default\">Verkunarsvi\u00f0<\/div>\t\t\t\t<\/div>\n\t\t\t\t<div class=\"elementor-element elementor-element-w3247g2m elementor-widget elementor-widget-text-editor\" data-id=\"w3247g2m\" data-element_type=\"widget\" data-e-type=\"widget\" data-widget_type=\"text-editor.default\">\n\t\t\t\t\t\t\t\t\t<p><strong>Go\u00f0sagnaleg \u00e1hrif:<\/strong> F\u00edneus af \u00derak\u00edu: harp\u00fdjur elta hann, gleypa og saurga mat, hann er kvalinn andlega af hungri. Jason og argonautarnir senda Setes og Kalais (syni Boreasar), sem b\u00f6lva harp\u00fdjunum. \u00c6sk\u00fdlos: framhald b\u00f6lvunar Atreusarh\u00fass. M\u00f3sa\u00edk \u00ed r\u00f3mverskum sj\u00f3nleikv\u00f6ngum: <span class=\"iwg-fachbegriff\" data-tooltip=\"T\u00e1kn sem stendur fyrir hugmynd e\u00f0a merkingu.\" tabindex=\"0\">t\u00e1kn<\/span> gu\u00f0legrar rei\u00f0i.<\/p>\t\t\t\t\t\t\t\t<\/div>\n\t\t\t\t\t<\/div>\n\t\t\t\t<\/div>\n\t\t<div class=\"elementor-element elementor-element-0qpjal9w iwg-steckbrief-card e-flex e-con-boxed e-con e-child\" data-id=\"0qpjal9w\" data-element_type=\"container\" data-e-type=\"container\">\n\t\t\t\t\t<div class=\"e-con-inner\">\n\t\t\t\t<div class=\"elementor-element elementor-element-6ndoih0o elementor-widget elementor-widget-heading\" data-id=\"6ndoih0o\" data-element_type=\"widget\" data-e-type=\"widget\" data-widget_type=\"heading.default\">\n\t\t\t\t\t<div class=\"elementor-heading-title elementor-size-default\">Verndargripir<\/div>\t\t\t\t<\/div>\n\t\t\t\t<div class=\"elementor-element elementor-element-6684tyh9 elementor-widget elementor-widget-text-editor\" data-id=\"6684tyh9\" data-element_type=\"widget\" data-e-type=\"widget\" data-widget_type=\"text-editor.default\">\n\t\t\t\t\t\t\t\t\t<p>Gegn harp\u00fdjum, sem taldar voru r\u00e1nfengnar storm- og r\u00e6niv\u00e6ttir, \u00feekkti <span class=\"iwg-fachbegriff\" data-tooltip=\"T\u00edmabil gr\u00edskrar og r\u00f3mverskrar menningar, um 800 f.Kr. til 600 e.Kr.\" tabindex=\"0\">forn<\/span> <span class=\"iwg-fachbegriff\" data-tooltip=\"\u00dea\u00f0 a\u00f0 mi\u00f0la \u00feekkingu og s\u00f6gum fr\u00e1 einni kynsl\u00f3\u00f0 til annarrar.\" tabindex=\"0\">munnm\u00e6lahef\u00f0<\/span> fyrst og fremst helgisi\u00f0alega og fr\u00e1sagnarlega v\u00f6rn.<\/p><p>\u00cd <span class=\"iwg-fachbegriff\" data-tooltip=\"Yfirlifu\u00f0 fr\u00e1s\u00f6gn um gu\u00f0i, upphaf og skipulag heimsins.\" tabindex=\"0\">go\u00f0s\u00f6gninni<\/span> um blinda sj\u00e1andann F\u00edneus hrekja hinir v\u00e6ngju\u00f0u Boreasarsynir Setes og Kalais harp\u00fdjurnar, sem r\u00e6na og saurga mat hans, saga sem sj\u00e1lf gegndi verndarhlutverki me\u00f0 \u00fev\u00ed a\u00f0 s\u00fdna fram \u00e1 a\u00f0 unnt v\u00e6ri a\u00f0 yfirbuga v\u00e6ttirnar.<\/p><p>\u00cd grafarlist, me\u00f0al annars \u00e1 hinu svokalla\u00f0a Harp\u00fdjuminnismerki \u00ed Xan\u00feos, birtast harp\u00fdjul\u00edk <span class=\"iwg-fachbegriff\" data-tooltip=\"Vera sem sameinar einkenni \u00fdmissa l\u00edfvera.\" tabindex=\"0\">sambland<\/span> sem s\u00e1larlei\u00f0s\u00f6gumenn og m\u00f6rku\u00f0u \u00fer\u00f6skuldinn milli l\u00edfs og dau\u00f0a. Engin s\u00e9rst\u00f6k <span class=\"iwg-fachbegriff\" data-tooltip=\"Hlutur sem borinn er og talinn hafa verndandi, \u00f3g\u00e6fuvarnandi m\u00e1tt.\" tabindex=\"0\">verndargrips<\/span>hef\u00f0 gegn harp\u00fdjum er var\u00f0veitt; v\u00f6rnin bygg\u00f0ist \u00e1 <span class=\"iwg-fachbegriff\" data-tooltip=\"\u00dea\u00f0 a\u00f0 ma\u00f0ur sn\u00fdr s\u00e9r \u00ed or\u00f0um til gu\u00f0s.\" tabindex=\"0\">b\u00e6n<\/span>, hreinsun og go\u00f0sagnalegri fr\u00e1s\u00f6gn.<\/p>\t\t\t\t\t\t\t\t<\/div>\n\t\t\t\t\t<\/div>\n\t\t\t\t<\/div>\n\t\t<div class=\"elementor-element elementor-element-3lfi7x32 iwg-steckbrief-card e-flex e-con-boxed e-con e-child\" data-id=\"3lfi7x32\" data-element_type=\"container\" data-e-type=\"container\">\n\t\t\t\t\t<div class=\"e-con-inner\">\n\t\t\t\t<div class=\"elementor-element elementor-element-0kg99ga1 elementor-widget elementor-widget-heading\" data-id=\"0kg99ga1\" data-element_type=\"widget\" data-e-type=\"widget\" data-widget_type=\"heading.default\">\n\t\t\t\t\t<div class=\"elementor-heading-title elementor-size-default\">Tengdar verur<\/div>\t\t\t\t<\/div>\n\t\t\t\t<div class=\"elementor-element elementor-element-n0fum6kp elementor-widget elementor-widget-text-editor\" data-id=\"n0fum6kp\" data-element_type=\"widget\" data-e-type=\"widget\" data-widget_type=\"text-editor.default\">\n\t\t\t\t\t\t\t\t\t<p>N\u00e1l\u00e6gt harp\u00fdjunum standa s\u00edrenurnar, einnig fuglkonur \u00far gr\u00edskri go\u00f0afr\u00e6\u00f0i, en \u00fe\u00e6r valda gl\u00f6tun me\u00f0 s\u00f6ng frekar en r\u00e1ni. Einnig eru skyldar storm- og vindv\u00e6ttir, auk erinjanna, sem harp\u00fdjur eiga snertipunkta vi\u00f0 sem framkv\u00e6mdarar gu\u00f0legrar refsingar. \u00c6ttfr\u00e6\u00f0ilega eru \u00fe\u00e6r taldar d\u00e6tur s\u00e6veruarins \u00deaumas og haffreyjunnar Elektru og \u00fear me\u00f0 systur sendibo\u00f0agy\u00f0junnar \u00cdrisar.<\/p>\t\t\t\t\t\t\t\t<\/div>\n\t\t\t\t\t<\/div>\n\t\t\t\t<\/div>\n\t\t\t\t<\/div>\n\t\t\t\t<\/div>\n\t\t\t\t\t<\/div>\n\t\t\t\t<\/div>\n\t\t<div class=\"elementor-element elementor-element-7533bc7a e-flex e-con-boxed e-con e-parent\" data-id=\"7533bc7a\" data-element_type=\"container\" data-e-type=\"container\">\n\t\t\t\t\t<div class=\"e-con-inner\">\n\t\t\t\t<div class=\"elementor-element elementor-element-2447d18d elementor-widget elementor-widget-heading\" data-id=\"2447d18d\" data-element_type=\"widget\" data-e-type=\"widget\" data-widget_type=\"heading.default\">\n\t\t\t\t\t<h2 class=\"elementor-heading-title elementor-size-default\">Verndarr\u00e1\u00f0 \u00ed framkv\u00e6md<\/h2>\t\t\t\t<\/div>\n\t\t<div class=\"elementor-element elementor-element-d5d0260c e-con-full e-flex e-con e-child\" data-id=\"d5d0260c\" data-element_type=\"container\" data-e-type=\"container\">\n\t\t\t\t<div class=\"elementor-element elementor-element-341be2ac elementor-widget elementor-widget-text-editor\" data-id=\"341be2ac\" data-element_type=\"widget\" data-e-type=\"widget\" data-widget_type=\"text-editor.default\">\n\t\t\t\t\t\t\t\t\t<p><strong>Athafnir til varnar<\/strong><\/p><p>\u00cd \u00derak\u00edu og vi\u00f0 Eyjahaf voru haldnar verndarathafnir vi\u00f0 f\u00f3rnarh\u00e1t\u00ed\u00f0ir me\u00f0 \u00e1brei\u00f0um e\u00f0a netum til varnar. \u00cd Apollon-hofum voru b\u00e6nir be\u00f0nar um vernd gegn vindv\u00e6ttum.<\/p><p><strong>\u00c1kallanir og \u00e1k\u00f6ll<\/strong><\/p><p>Engar beinar \u00e1kallanir til harp\u00fdjanna eru var\u00f0veittar, heldur varnarform\u00falur. St\u00f3\u00edsk hef\u00f0: <span class=\"iwg-fachbegriff\" data-tooltip=\"\u00dea\u00f0 a\u00f0 ma\u00f0ur sn\u00fdr s\u00e9r \u00ed or\u00f0um til gu\u00f0s.\" tabindex=\"0\">b\u00e6n<\/span> til Apollons e\u00f0a Seifs til a\u00f0 hemja \u00fe\u00e6r. T\u00f6frapap\u00fdrusar \u00ed Egyptalandi: \u00f3g\u00e6fuvarnar\u00feulur gegn hr\u00f6\u00f0um konum.<\/p><p><strong>Verndargripir og t\u00e1knmerki<\/strong><\/p><p>Net (\u03c3\u03ac\u03b3\u03b7\u03bd\u03bf\u03c2) sem <span class=\"iwg-fachbegriff\" data-tooltip=\"Hlutur sem borinn er og talinn hafa verndandi, \u00f3g\u00e6fuvarnandi m\u00e1tt.\" tabindex=\"0\">verndargripur<\/span> til t\u00e1knr\u00e6ns fangs. Myndir af \u00f6rnum e\u00f0a f\u00e1lkum (fjendum harp\u00fdjanna). \u00cd r\u00f3mverskum h\u00fasum: m\u00f3sa\u00edk af fl\u00fdjandi harp\u00fdjum vi\u00f0 innganga til varnar.<\/p>\t\t\t\t\t\t\t\t<\/div>\n\t\t\t\t<\/div>\n\t\t\t\t\t<\/div>\n\t\t\t\t<\/div>\n\t\t<div class=\"elementor-element elementor-element-5a584676 e-flex e-con-boxed e-con e-parent\" data-id=\"5a584676\" data-element_type=\"container\" data-e-type=\"container\">\n\t\t\t\t\t<div class=\"e-con-inner\">\n\t\t\t\t<div class=\"elementor-element elementor-element-6d0757bf elementor-widget elementor-widget-heading\" data-id=\"6d0757bf\" data-element_type=\"widget\" data-e-type=\"widget\" data-widget_type=\"heading.default\">\n\t\t\t\t\t<h2 class=\"elementor-heading-title elementor-size-default\">Harp\u00fdjur, hli\u00f0st\u00e6\u00f0ur \u00ed \u00f6\u00f0rum menningarheimum<\/h2>\t\t\t\t<\/div>\n\t\t<div class=\"elementor-element elementor-element-60563f68 e-con-full e-flex e-con e-child\" data-id=\"60563f68\" data-element_type=\"container\" data-e-type=\"container\">\n\t\t\t\t<div class=\"elementor-element elementor-element-5a93fdd6 elementor-widget elementor-widget-text-editor\" data-id=\"5a93fdd6\" data-element_type=\"widget\" data-e-type=\"widget\" data-widget_type=\"text-editor.default\">\n\t\t\t\t\t\t\t\t\t<p>R\u00e1nfengnar storm- og r\u00e6niv\u00e6ttir finnast v\u00ed\u00f0a: valkyrjur (Skandinav\u00eda, herna\u00f0arr\u00e1n, en tignarlegri), banshees (\u00cdrland, dau\u00f0abo\u00f0arar), tengu (Japan, r\u00e1nfengsdem\u00f3nar). Harp\u00fdjur svipa einnig til dem\u00f3na \u00ed \u00f6\u00f0rum menningarheimum sem r\u00e6na og ofs\u00e6kja: rakshasar (Indland), djinnar (\u00edslam, \u00fe\u00f3tt fl\u00f3knari s\u00e9u).<\/p><p>\u00de\u00e6r eru fr\u00e1brug\u00f0nar a\u00f0 \u00fev\u00ed leyti a\u00f0 \u00fe\u00e6r hafa varla neinn pers\u00f3nuleika, heldur eru \u00fe\u00e6r hlutger\u00f0ir refsingar og glundro\u00f0a. \u00de\u00e6r eru \u00f3rei\u00f0uregla gr\u00edsku <span class=\"iwg-fachbegriff\" data-tooltip=\"Hugmynd um uppbyggingu og skipulag heimsins innan menningarheims.\" tabindex=\"0\">heimsmyndarinnar<\/span>.<\/p><div><p><strong>Harp\u00fdjur hj\u00e1 Virgli og r\u00f3mversk a\u00f0l\u00f6gun<\/strong><\/p><p><em>Eneasarkvi\u00f0a<\/em> Virgils 3.209-258 s\u00fdnir harp\u00fdjurnar sem dj\u00f6fullegan refsim\u00e1tt. Floti Eneasar lendir \u00e1 Str\u00f3fadeseyjum og finnur \u00fear d\u00fdrindis hjar\u00f0ir; harp\u00fdjurnar st\u00f6kkva ni\u00f0ur og saurga allt sem Tr\u00f3jumenn \u00e6tla a\u00f0 leggja s\u00e9r til munns. Latneska l\u00fdsingin er dekkri en hj\u00e1 Apollon\u00edosi: \u00fe\u00e6r eru hr\u00e6\u00f0ilega ilmandi, gn\u00fdjandi eins og \u00feruma, og snerting \u00feeirra er b\u00f6lvun.<\/p><p>\u00datg\u00e1fa Virgils tengir \u00fe\u00e6r \u00f6rlagabundinni refsingu; harp\u00fdjurnar starfa \u00ed umbo\u00f0i h\u00e6rri gu\u00f0a (s\u00e9rstaklega Venusar og \u00f6rlaganna). \u00deetta breytir hlutverki \u00feeirra \u00far einf\u00f6ldum n\u00e1tt\u00faruv\u00e6ttum \u00ed glundro\u00f0a yfir \u00ed heimsl\u00e6gan refsiumbo\u00f0smann.<\/p><p>R\u00f3mverskir rith\u00f6fundar t\u00f3ku \u00feessa t\u00falkun upp: harp\u00fdjur sem \u00edmynd r\u00e1nf\u00edknar, syndar og ey\u00f0slusemis. \u00de\u00e6r koma fram \u00ed s\u00ed\u00f0ari t\u00e1kns\u00f6gulegum verkum, me\u00f0al annars hj\u00e1 Dante Alighieri, sem t\u00e1kn takmarkalauss hungurs og r\u00e1ns.<\/p><\/div>\t\t\t\t\t\t\t\t<\/div>\n\t\t\t\t<\/div>\n\t\t\t\t\t<\/div>\n\t\t\t\t<\/div>\n\t\t<div class=\"elementor-element elementor-element-cp5a309e2 e-flex e-con-boxed e-con e-parent\" data-id=\"cp5a309e2\" data-element_type=\"container\" data-e-type=\"container\">\n\t\t\t\t\t<div class=\"e-con-inner\">\n\t\t\t\t<div class=\"elementor-element elementor-element-cp8be853b elementor-widget elementor-widget-heading\" data-id=\"cp8be853b\" data-element_type=\"widget\" data-e-type=\"widget\" data-widget_type=\"heading.default\">\n\t\t\t\t\t<h2 class=\"elementor-heading-title elementor-size-default\">Harp\u00fdjurnar og F\u00edneusar\u00fe\u00e1tturinn hj\u00e1 Apollon\u00edosi fr\u00e1 R\u00f3dos<\/h2>\t\t\t\t<\/div>\n\t\t<div class=\"elementor-element elementor-element-cp243d292 e-con-full e-flex e-con e-child\" data-id=\"cp243d292\" data-element_type=\"container\" data-e-type=\"container\">\n\t\t\t\t<div class=\"elementor-element elementor-element-cp851ca19 elementor-widget elementor-widget-text-editor\" data-id=\"cp851ca19\" data-element_type=\"widget\" data-e-type=\"widget\" data-widget_type=\"text-editor.default\">\n\t\t\t\t\t\t\t\t\t<p>\u00cdtarlegasta fr\u00e1s\u00f6gnin \u00far <span class=\"iwg-fachbegriff\" data-tooltip=\"T\u00edmabil gr\u00edskrar og r\u00f3mverskrar menningar, um \u00fea\u00f0 bil 800 f.Kr. til 600 e.Kr.\" tabindex=\"0\">forn\u00f6ld<\/span> um Harp\u00edurnar er \u00ed annarri b\u00f3k <em>Argonautika<\/em> eftir Apollonios fr\u00e1 R\u00f3dos fr\u00e1 3. \u00f6ld f.Kr. \u00dear hitta Argonautarnir \u00e1 lei\u00f0 sinni til Kolkis blinda sp\u00e1manninn F\u00edneus, konung \u00derak\u00edu, sem gu\u00f0irnir hafa refsa\u00f0 fyrir a\u00f0 hafa opinbera\u00f0 framt\u00ed\u00f0ina of frj\u00e1lslega.<\/p><p>Refsing hans var s\u00fa a\u00f0 Harp\u00edurnar hrifsu\u00f0u matinn af honum vi\u00f0 hverja m\u00e1lt\u00ed\u00f0 e\u00f0a spilltu honum me\u00f0 fnyk s\u00ednum, svo a\u00f0 hann var a\u00f0 deyja \u00far hungri. F\u00edneus sp\u00e1\u00f0i fyrir um f\u00f6r Argonautanna me\u00f0 \u00fev\u00ed skilyr\u00f0i a\u00f0 \u00feeir frelsu\u00f0u hann undan Harp\u00edunum.<\/p><p>V\u00e6ngja\u00f0ir synir B\u00f3reasar, S\u00edtes og Kalais, elltu \u00f3freskjurnar um loftin allt til Str\u00f3fades-eyja. \u00dear h\u00e9lt sendibo\u00f0i gu\u00f0anna, \u00cdris, aftur af B\u00f3reasarsonunum og s\u00f3r vi\u00f0 Styx a\u00f0 Harp\u00edurnar myndu ekki \u00f3n\u00e1\u00f0a F\u00edneus framar.<\/p><p>\u00deessi fr\u00e1s\u00f6gn var \u00feekkt l\u00f6ngu fyrir daga Apolloniosar; h\u00fan var me\u00f0h\u00f6ndlu\u00f0 \u00ed n\u00fa horfnu forn kv\u00e6\u00f0i og \u00ed a\u00feenskum harmleikjum, me\u00f0al annars hj\u00e1 \u00c6sk\u00fdlosi og S\u00f3f\u00f3klesi, en <em>F\u00edneus<\/em>-leikrit \u00feeirra hafa a\u00f0eins var\u00f0veist \u00ed brotum.<\/p><p>Fr\u00e6\u00f0imenn sj\u00e1 \u00ed \u00feessari s\u00f6gu gamalt <span class=\"iwg-fachbegriff\" data-tooltip=\"Endurteki\u00f0 efnisatri\u00f0i \u00ed myndlist e\u00f0a fr\u00e1s\u00f6gn.\" tabindex=\"0\">myndefni<\/span> um hungra\u00f0an konung sem er kvalinn af dj\u00f6fullegum verum og hl\u00fdtur lausn s\u00edna \u00ed gegnum hetjuf\u00f6r. Hj\u00e1 Virgil koma Harp\u00edurnar aftur fram \u00ed <em>Eneasarkvi\u00f0u<\/em>, \u00fear sem \u00fe\u00e6r hitta Tr\u00f3jumenn sem lenda \u00e1 s\u00f6mu Str\u00f3fades-eyjum.<\/p>\t\t\t\t\t\t\t\t<\/div>\n\t\t\t\t<\/div>\n\t\t\t\t\t<\/div>\n\t\t\t\t<\/div>\n\t\t<div class=\"elementor-element elementor-element-cp0ca5619 e-flex e-con-boxed e-con e-parent\" data-id=\"cp0ca5619\" data-element_type=\"container\" data-e-type=\"container\">\n\t\t\t\t\t<div class=\"e-con-inner\">\n\t\t\t\t<div class=\"elementor-element elementor-element-cp9e9261f elementor-widget elementor-widget-heading\" data-id=\"cp9e9261f\" data-element_type=\"widget\" data-e-type=\"widget\" data-widget_type=\"heading.default\">\n\t\t\t\t\t<h2 class=\"elementor-heading-title elementor-size-default\">Fr\u00e1 vindanda til blendingsveru: \u00fer\u00f3un myndarins<\/h2>\t\t\t\t<\/div>\n\t\t<div class=\"elementor-element elementor-element-cp24b7342 e-con-full e-flex e-con e-child\" data-id=\"cp24b7342\" data-element_type=\"container\" data-e-type=\"container\">\n\t\t\t\t<div class=\"elementor-element elementor-element-cp60e12e9 elementor-widget elementor-widget-text-editor\" data-id=\"cp60e12e9\" data-element_type=\"widget\" data-e-type=\"widget\" data-widget_type=\"text-editor.default\">\n\t\t\t\t\t\t\t\t\t<p>Hugmyndin um Harp\u00edurnar breyttist verulega \u00e1 <span class=\"iwg-fachbegriff\" data-tooltip=\"T\u00edmabil gr\u00edskrar og r\u00f3mverskrar menningar, um \u00fea\u00f0 bil 800 f.Kr. til 600 e.Kr.\" tabindex=\"0\">forn\u00f6ld<\/span>. \u00cd elstu textunum, hj\u00e1 H\u00f3mer og Hes\u00edodosi, eru \u00fe\u00e6r ekki lj\u00f3tar fuglakonur heldur pers\u00f3nuger\u00f0ir stormvindar.<\/p><p>H\u00f3mer nefnir Harp\u00edu a\u00f0 nafni Podarge, sem \u00e1samt vestanvindinum Sef\u00edrosi getur \u00f3dau\u00f0lega hesta Akkillesar. Hes\u00edodos nefnir \u00ed <em>Gu\u00f0akynsl\u00f3\u00f0inni<\/em> (Theogonia) tv\u00e6r Harp\u00edur, Aellu og \u00d3kypete, d\u00e6tur \u00deaumasar og \u00d3kean\u00eddunnar Elektru, og l\u00fdsir \u00feeim sem fagurlokku\u00f0um og flj\u00f3tum sem vindurinn.<\/p><p>Nafn \u00feeirra er venjulega dregi\u00f0 af gr\u00edska s\u00f6gninni <em>harpazein<\/em> (a\u00f0 r\u00e6na, hrifsa), sem samr\u00fdmist hlutverki \u00feeirra sem verur er l\u00e1ta menn og hluti hverfa sporlaust. \u00deegar einhver hverfur \u00f3\u00fatsk\u00fdrt \u00ed \u00d3dysseifskvi\u00f0u er sagt a\u00f0 Harp\u00edurnar hafi numi\u00f0 hann \u00e1 brott.<\/p><p>A\u00f0eins \u00e1 s\u00ed\u00f0klass\u00edskum t\u00edma, greinilega hj\u00e1 Apolloniosi og Virgil, festist \u00ed sessi myndin af hinum fr\u00e1hrindandi <span class=\"iwg-fachbegriff\" data-tooltip=\"Vera sem sameinar einkenni \u00f3l\u00edkra l\u00edfvera.\" tabindex=\"0\">blendingsverum<\/span> me\u00f0 fuglsl\u00edkama, konuandliti, kl\u00f3m og illri lykt.<\/p><p>Innan <span class=\"iwg-fachbegriff\" data-tooltip=\"Fr\u00e6\u00f0igrein sem rannsakar tr\u00faarbr\u00f6g\u00f0 samanbur\u00f0arlega og \u00e1n tr\u00faarlegrar bindingar.\" tabindex=\"0\">tr\u00faarbrag\u00f0afr\u00e6\u00f0a<\/span> er \u00feessi breyting skilin sem samruni gamla vindanda-hugtaksins og hugmynda um r\u00e1nfengna dau\u00f0aanda, sem Harp\u00edurnar voru n\u00e1skyldar b\u00e6\u00f0i \u00ed myndm\u00e1li og hlutverki. S\u00ed\u00f0ari dj\u00f6flav\u00e6\u00f0ingin \u00ferengdi hina eldri, hlutlausari mynd n\u00e1nast alveg \u00far minni f\u00f3lks.<\/p>\t\t\t\t\t\t\t\t<\/div>\n\t\t\t\t<\/div>\n\t\t\t\t\t<\/div>\n\t\t\t\t<\/div>\n\t\t<div class=\"elementor-element elementor-element-cpdfe1c5d e-flex e-con-boxed e-con e-parent\" data-id=\"cpdfe1c5d\" data-element_type=\"container\" data-e-type=\"container\">\n\t\t\t\t\t<div class=\"e-con-inner\">\n\t\t\t\t<div class=\"elementor-element elementor-element-cpc7285dc elementor-widget elementor-widget-heading\" data-id=\"cpc7285dc\" data-element_type=\"widget\" data-e-type=\"widget\" data-widget_type=\"heading.default\">\n\t\t\t\t\t<h2 class=\"elementor-heading-title elementor-size-default\">Harp\u00edur \u00ed fornri myndlist og Harp\u00eduminnismerki\u00f0 \u00ed Xan\u00feos<\/h2>\t\t\t\t<\/div>\n\t\t<div class=\"elementor-element elementor-element-cpbc52ef2 e-con-full e-flex e-con e-child\" data-id=\"cpbc52ef2\" data-element_type=\"container\" data-e-type=\"container\">\n\t\t\t\t<div class=\"elementor-element elementor-element-cp48f8883 elementor-widget elementor-widget-text-editor\" data-id=\"cp48f8883\" data-element_type=\"widget\" data-e-type=\"widget\" data-widget_type=\"text-editor.default\">\n\t\t\t\t\t\t\t\t\t<p>\u00cd gr\u00edskri myndlist er oft erfitt a\u00f0 greina \u00e1 milli Harp\u00edanna og \u00feeirra vera sem standa \u00feeim n\u00e6rri, s\u00edreni, kera og sfinxa, \u00fear sem allar \u00feessar verur voru s\u00fdndar sem v\u00e6ngja\u00f0ar <span class=\"iwg-fachbegriff\" data-tooltip=\"Vera sem sameinar \u00ed s\u00e9r eiginleika \u00f3l\u00edkra l\u00edfvera.\" tabindex=\"0\">blendingsverur<\/span> \u00far konu og fugli. \u00c1 att\u00edskum v\u00f6sum birtast \u00fe\u00e6r oftast \u00ed tengslum vi\u00f0 Fineusar-\u00fe\u00e1ttinn, \u00e1 flugi yfir hl\u00f6\u00f0nu bor\u00f0i e\u00f0a \u00e1 fl\u00f3tta undan Boreasarsonunum.<\/p><p>Fr\u00e6gasta minnismerki\u00f0 sem ber nafn \u00feeirra er hi\u00f0 svokalla\u00f0a Harp\u00eduminnismerki fr\u00e1 Xan\u00feos \u00ed L\u00edk\u00edu, h\u00e1r s\u00falulaga grafh\u00fdsi fr\u00e1 byrjun 5. aldar f.Kr., en reliefpl\u00f6tur \u00feess eru n\u00fa var\u00f0veittar \u00ed British Museum. \u00c1 reliefunum sj\u00e1st v\u00e6ngja\u00f0ar kvenverur sem bera litlar mannlegar verur \u00e1 brott \u00ed \u00f6rmum s\u00e9r.<\/p><p>Eldri fr\u00e6\u00f0imenn t\u00falku\u00f0u \u00feessar verur sem Harp\u00edur, \u00fea\u00f0an er nafn minnismerkisins komi\u00f0. N\u00fdrri <span class=\"iwg-fachbegriff\" data-tooltip=\"V\u00edsindi sem rannsaka horfnar menningarheima \u00fat fr\u00e1 efnislegum fundum.\" tabindex=\"0\">fornleifafr\u00e6\u00f0i<\/span> er vark\u00e1rari \u00ed \u00feeim efnum: l\u00edklega er um a\u00f0 r\u00e6\u00f0a s\u00edren e\u00f0a \u00f6llu heldur s\u00e1larfylgjur sem lei\u00f0a hina l\u00e1tnu til framl\u00edfsins. Atri\u00f0i\u00f0 s\u00fdnir \u00fev\u00ed fremur skipulega yfirf\u00e6rslu s\u00e1larinnar en r\u00e1n.<\/p><p>\u00deetta d\u00e6mi s\u00fdnir vel hversu erfitt er a\u00f0 bera kennsl \u00e1 sl\u00edkar verur \u00ed myndlist og hversu mj\u00f6g nafngiftir fr\u00e1 <span class=\"iwg-fachbegriff\" data-tooltip=\"T\u00edmabil gr\u00edskrar og r\u00f3mverskrar menningar, um 800 f.Kr. til 600 e.Kr.\" tabindex=\"0\">forn\u00f6ld<\/span> byggja a\u00f0 hluta \u00e1 n\u00fat\u00edma getg\u00e1tum. N\u00e1in skyldleiki Harp\u00edunnar, <a href=\"https:\/\/iwell-guard.com\/is\/?page_id=168843\">s\u00edren<\/a> og s\u00e1larp\u00faka \u00ed gr\u00edskri hugsun kemur \u00fearna s\u00e9rstaklega sk\u00fdrt fram.<\/p>\t\t\t\t\t\t\t\t<\/div>\n\t\t\t\t<\/div>\n\t\t\t\t\t<\/div>\n\t\t\t\t<\/div>\n\t\t<div class=\"elementor-element elementor-element-cpc4ce713 e-flex e-con-boxed e-con e-parent\" data-id=\"cpc4ce713\" data-element_type=\"container\" data-e-type=\"container\">\n\t\t\t\t\t<div class=\"e-con-inner\">\n\t\t\t\t<div class=\"elementor-element elementor-element-cpe917330 elementor-widget elementor-widget-heading\" data-id=\"cpe917330\" data-element_type=\"widget\" data-e-type=\"widget\" data-widget_type=\"heading.default\">\n\t\t\t\t\t<h2 class=\"elementor-heading-title elementor-size-default\">Harp\u00edurnar \u00ed helv\u00edti Dantes og vi\u00f0t\u00f6kur \u00e1 mi\u00f0\u00f6ldum<\/h2>\t\t\t\t<\/div>\n\t\t<div class=\"elementor-element elementor-element-cpa0b4cec e-con-full e-flex e-con e-child\" data-id=\"cpa0b4cec\" data-element_type=\"container\" data-e-type=\"container\">\n\t\t\t\t<div class=\"elementor-element elementor-element-cp349a725 elementor-widget elementor-widget-text-editor\" data-id=\"cp349a725\" data-element_type=\"widget\" data-e-type=\"widget\" data-widget_type=\"text-editor.default\">\n\t\t\t\t\t\t\t\t\t<p>Umfram <span class=\"iwg-fachbegriff\" data-tooltip=\"T\u00edmabil gr\u00edskrar og r\u00f3mverskrar menningar, um \u00fea\u00f0 bil 800 f.Kr. til 600 e.Kr.\" tabindex=\"0\">forn\u00f6ldina<\/span> lif\u00f0u harp\u00edurnar \u00e1fram fyrst og fremst \u00ed gegnum <em>Eneasarkvi\u00f0u<\/em> Virgils, sem tilheyr\u00f0i sk\u00f3latextum \u00e1 mi\u00f0\u00f6ldum. \u00c1hrifamesta endurvinnslan finnst \u00ed <em>Gle\u00f0ileiknum gu\u00f0d\u00f3mlega<\/em> Dantes. \u00cd \u00ferett\u00e1nda s\u00f6nginum \u00ed <em>Inferno<\/em> ganga Dante og Virgill inn \u00ed sk\u00f3g sj\u00e1lfsmor\u00f0ingjanna, en visnu\u00f0 tr\u00e9n \u00fear eru s\u00e1lir \u00feeirra sem t\u00f3ku eigi\u00f0 l\u00edf.<\/p><p>\u00cd greinum \u00feessa sk\u00f3gar hrei\u00f0ra harp\u00edurnar um sig. Dante l\u00fdsir \u00feeim me\u00f0 brei\u00f0um v\u00e6ngjum, mannsl\u00edkum h\u00e1lsum og andlitum, kl\u00f3af\u00f3tum og fi\u00f0ru\u00f0um b\u00fak.<\/p><p>\u00de\u00e6r r\u00edfa \u00ed sig lauf s\u00e1lartrj\u00e1nna, sem valda hinum ford\u00e6mdu s\u00e1rsauka en er \u00e1 sama t\u00edma eina lei\u00f0in sem \u00feeir geta yfirleitt tala\u00f0. Dante byggir beinl\u00ednis \u00e1 l\u00fdsingu Virgils \u00e1 Strofadeyjum og flytur hi\u00f0 <span class=\"iwg-fachbegriff\" data-tooltip=\"T\u00edmabil gr\u00edskrar og r\u00f3mverskrar menningar, um \u00fea\u00f0 bil 800 f.Kr. til 600 e.Kr.\" tabindex=\"0\">forna<\/span> <span class=\"iwg-fachbegriff\" data-tooltip=\"Endurteki\u00f0 innihaldsstef \u00ed list e\u00f0a fr\u00e1s\u00f6gn.\" tabindex=\"0\">m\u00f3t\u00edf<\/span> matarr\u00e6ningjanna yfir \u00e1 kv\u00f6l sj\u00e1lfsmor\u00f0ingjanna.<\/p><p>\u00deessi tengsl harp\u00edu og sj\u00e1lfstort\u00edmingar h\u00f6f\u00f0u mikil \u00e1hrif \u00e1 myndina sem var\u00f0 til eftir mi\u00f0aldir. \u00c1 endurreisnart\u00edmanum og barokkt\u00edmanum ur\u00f0u harp\u00edurnar fast myndstef sem \u00ed t\u00e1knfr\u00e6\u00f0i st\u00f3\u00f0 fyrir \u00e1girnd, f\u00e9gr\u00e6\u00f0gi og ska\u00f0leg \u00e1hrif.<\/p><p>\u00cd skjaldarmerkjafr\u00e6\u00f0i koma \u00fe\u00e6r fram sem skjaldard\u00fdr sem sameina konuhaus og fuglsl\u00edkama. Lei\u00f0in fr\u00e1 h\u00f3merskum vindanda yfir \u00ed r\u00e1nfugl Virgils og a\u00f0 helv\u00edtisverunni hj\u00e1 Dante s\u00fdnir hvernig <span class=\"iwg-fachbegriff\" data-tooltip=\"Endurteki\u00f0 innihaldsstef \u00ed list e\u00f0a fr\u00e1s\u00f6gn.\" tabindex=\"0\">m\u00f3t\u00edf<\/span> var endurt\u00falka\u00f0 hva\u00f0 eftir anna\u00f0 \u00ed meira en tv\u00f6 \u00e1r\u00fe\u00fasund.<\/p>\t\t\t\t\t\t\t\t<\/div>\n\t\t\t\t<\/div>\n\t\t\t\t\t<\/div>\n\t\t\t\t<\/div>\n\t\t<div class=\"elementor-element elementor-element-cp0f8e9ff e-flex e-con-boxed e-con e-parent\" data-id=\"cp0f8e9ff\" data-element_type=\"container\" data-e-type=\"container\">\n\t\t\t\t\t<div class=\"e-con-inner\">\n\t\t\t\t<div class=\"elementor-element elementor-element-cp6630211 elementor-widget elementor-widget-heading\" data-id=\"cp6630211\" data-element_type=\"widget\" data-e-type=\"widget\" data-widget_type=\"heading.default\">\n\t\t\t\t\t<h2 class=\"elementor-heading-title elementor-size-default\">Harp\u00edur, Erin\u00fdur og vandinn me\u00f0 hefndargo\u00f0m\u00f6gn<\/h2>\t\t\t\t<\/div>\n\t\t<div class=\"elementor-element elementor-element-cp9f31bbf e-con-full e-flex e-con e-child\" data-id=\"cp9f31bbf\" data-element_type=\"container\" data-e-type=\"container\">\n\t\t\t\t<div class=\"elementor-element elementor-element-cp6a83714 elementor-widget elementor-widget-text-editor\" data-id=\"cp6a83714\" data-element_type=\"widget\" data-e-type=\"widget\" data-widget_type=\"text-editor.default\">\n\t\t\t\t\t\t\t\t\t<p>Fr\u00e1 sj\u00f3narh\u00f3li tr\u00faarbrag\u00f0afr\u00e6\u00f0innar er \u00e1hugavert a\u00f0 sko\u00f0a hvernig Harp\u00edurnar tengjast \u00f6\u00f0rum kvenkyns refsi- og hefndarverum \u00ed gr\u00edskri <span class=\"iwg-fachbegriff\" data-tooltip=\"Heildarsafn \u00feeirra sagna sem var\u00f0veist hafa um gu\u00f0i tiltekinnar menningar.\" tabindex=\"0\">go\u00f0afr\u00e6\u00f0i<\/span>, einkum <a href=\"https:\/\/iwell-guard.com\/is\/?page_id=168600\">Erin\u00fdum<\/a>. B\u00e1\u00f0ir h\u00f3parnir birtast sem framkv\u00e6mdara\u00f0ilar gu\u00f0legrar refsingar, b\u00e1\u00f0ar eru kvenkyns og b\u00e1\u00f0ar eru s\u00fdndar me\u00f0 v\u00e6ngi og \u00f3gnvekjandi \u00fatlit.<\/p><p>\u00cd sumum heimildum ver\u00f0a m\u00f6rkin \u00e1 milli \u00feeirra \u00f3lj\u00f3s. Hj\u00e1 Apoll\u00f3n\u00edosi eru Harp\u00edurnar nefndar hundar Seifs, or\u00f0alag sem einnig er nota\u00f0 um a\u00f0ra refsivalda.<\/p><p>\u00cd Fineusar-<span class=\"iwg-fachbegriff\" data-tooltip=\"Var\u00f0veitt fr\u00e1s\u00f6gn um gu\u00f0i, uppruna og skipan heimsins.\" tabindex=\"0\">go\u00f0s\u00f6gninni<\/span> athafna Harp\u00edurnar sig ekki af eigin frumkv\u00e6\u00f0i heldur sem verkf\u00e6ri refsingar sem gu\u00f0irnir hafa \u00e1kve\u00f0i\u00f0. A\u00f0 \u00fev\u00ed leyti l\u00edkjast \u00fe\u00e6r Erin\u00fdunum, sem s\u00e6kjast eftir bl\u00f3\u00f0skuld \u00ed umbo\u00f0i hinnar kosm\u00edsku reglu.<\/p><p>Munurinn er \u00fe\u00f3 greinilegur. Erin\u00fdurnar eru bundnar vi\u00f0 tiltekin brot, einkum mor\u00f0 \u00e1 skyldmennum og ei\u00f0rof, og gegna vel \u00fatf\u00e6r\u00f0u <span class=\"iwg-fachbegriff\" data-tooltip=\"Heildarsafn tr\u00faarlegra athafna til d\u00fdrkunar \u00e1 gu\u00f0i e\u00f0a heilagri veru.\" tabindex=\"0\">helgisi\u00f0ahlutverki<\/span>, me\u00f0al annars sem Evmen\u00ed\u00f0ur \u00ed tr\u00faari\u00f0kun \u00ed A\u00feenu. Harp\u00edurnar eru hins vegar n\u00e1nast \u00fe\u00fd\u00f0ingarlausar \u00ed helgisi\u00f0um; engin <span class=\"iwg-fachbegriff\" data-tooltip=\"Bygging sem er helgu\u00f0 d\u00fdrkun einnar e\u00f0a fleiri gu\u00f0a.\" tabindex=\"0\">musteri<\/span> e\u00f0a <span class=\"iwg-fachbegriff\" data-tooltip=\"Gj\u00f6f til gu\u00f0s til a\u00f0 tj\u00e1 \u00feakkl\u00e6ti, b\u00e6n e\u00f0a lotningu.\" tabindex=\"0\">f\u00f3rnir<\/span> eru \u00feekktar til \u00feeirra.<\/p><p>\u00de\u00e6r eru fremur sagnapers\u00f3nur en vi\u00f0fangsefni d\u00fdrkunar. Fr\u00e6\u00f0imenn setja \u00fe\u00e6r \u00ed breitt safn <span class=\"iwg-fachbegriff\" data-tooltip=\"Vera sem sameinar \u00ed s\u00e9r eiginleika \u00f3l\u00edkra l\u00edfvera.\" tabindex=\"0\">blendingsvera<\/span>, sem n\u00e6r fr\u00e1 hinum r\u00e1nf\u00fasu Kerum yfir s\u00edren til Erin\u00fdanna, og \u00fear sem gr\u00edska hugmyndaheiminn birtist hin skyndilega, \u00f3\u00fatsk\u00fdranlega og refsandi \u00edhlutun yfirmannlegra afla.<\/p>\t\t\t\t\t\t\t\t<\/div>\n\t\t\t\t<\/div>\n\t\t\t\t\t<\/div>\n\t\t\t\t<\/div>\n\t\t<div class=\"elementor-element elementor-element-cpcc0b6fe e-flex e-con-boxed e-con e-parent\" data-id=\"cpcc0b6fe\" data-element_type=\"container\" data-e-type=\"container\">\n\t\t\t\t\t<div class=\"e-con-inner\">\n\t\t\t\t<div class=\"elementor-element elementor-element-cp3ce0320 elementor-widget elementor-widget-heading\" data-id=\"cp3ce0320\" data-element_type=\"widget\" data-e-type=\"widget\" data-widget_type=\"heading.default\">\n\t\t\t\t\t<h2 class=\"elementor-heading-title elementor-size-default\">\u00c6ttartala og d\u00e6tur \u00deaumasar<\/h2>\t\t\t\t<\/div>\n\t\t<div class=\"elementor-element elementor-element-cpe12730f e-con-full e-flex e-con e-child\" data-id=\"cpe12730f\" data-element_type=\"container\" data-e-type=\"container\">\n\t\t\t\t<div class=\"elementor-element elementor-element-cp5e8d74e elementor-widget elementor-widget-text-editor\" data-id=\"cp5e8d74e\" data-element_type=\"widget\" data-e-type=\"widget\" data-widget_type=\"text-editor.default\">\n\t\t\t\t\t\t\t\t\t<p>S\u00fa sta\u00f0setning harp\u00edanna \u00ed gr\u00edsku go\u00f0a\u00e6ttart\u00f6lunni er, \u00fer\u00e1tt fyrir litla tr\u00faarlega \u00fe\u00fd\u00f0ingu \u00feeirra, \u00f3tr\u00falega samr\u00e6md. Hes\u00ed\u00f3dos nefnir \u00fe\u00e6r \u00ed <em>Gu\u00f0a\u00e6ttart\u00f6lunni<\/em> sem d\u00e6tur hafgu\u00f0sins \u00deaumasar og \u00d3kean\u00eddunnar Elektru. \u00dear me\u00f0 eru \u00fe\u00e6r systur \u00cdrisar, hins v\u00e6ngja\u00f0a gu\u00f0abo\u00f0bera og pers\u00f3nugervings regnbogans.<\/p><p>\u00deessi fr\u00e6ndsemi er meira en \u00e6ttart\u00f6luatri\u00f0i. H\u00fan festir harp\u00edurnar r\u00e6kilega \u00ed heimi vinda-, vatns- og loftfyrirb\u00e6ra, svi\u00f0inu sem \u00fe\u00e6r tilheyra samkv\u00e6mt elstu hlutverki s\u00ednu.<\/p><p>\u00cdris sem bo\u00f0beri milli himins og jar\u00f0ar, harp\u00edurnar sem \u00edmynd hins r\u00e1nfengna stormsviptings, b\u00e1\u00f0ar eru af sama svi\u00f0i n\u00e1tt\u00faruaflanna. \u00dea\u00f0 er \u00fev\u00ed \u00ed samr\u00e6mi vi\u00f0 \u00feetta a\u00f0 \u00fea\u00f0 er einmitt \u00cdris sem gr\u00edpur inn \u00ed F\u00edneus-<span class=\"iwg-fachbegriff\" data-tooltip=\"Var\u00f0veitt fr\u00e1s\u00f6gn um gu\u00f0i, uppruna og skipan heimsins.\" tabindex=\"0\">go\u00f0s\u00f6guna<\/span> og kallar systur s\u00ednar til reglu.<\/p><p>Fj\u00f6ldi og n\u00f6fn harp\u00edanna eru breytileg \u00ed <span class=\"iwg-fachbegriff\" data-tooltip=\"Mi\u00f0lun \u00feekkingar og fr\u00e1sagna gegnum kynsl\u00f3\u00f0ir.\" tabindex=\"0\">munnm\u00e6lum<\/span>. Hes\u00ed\u00f3dos nefnir tv\u00e6r, Aell\u00f3 (Stormsviptingur) og \u00d3kypete (Skj\u00f3tflug), H\u00f3mer nefnir \u00feri\u00f0ju, Podarge (Skj\u00f3tf\u00e6tt). S\u00ed\u00f0ari h\u00f6fundar b\u00e6ta vi\u00f0 nafninu Kel\u00e6no (hin d\u00f6kka), sem gegnir s\u00e9rst\u00f6ku hlutverki hj\u00e1 Virgli, \u00fear sem Kel\u00e6no gefur Tr\u00f3jum\u00f6nnum d\u00f6kka sp\u00e1d\u00f3m.<\/p><p>\u00deessar breytingar eru d\u00e6miger\u00f0ar fyrir go\u00f0sagnah\u00f3pa \u00e1n fastrar <span class=\"iwg-fachbegriff\" data-tooltip=\"Heild \u00feeirra tr\u00faarlegu tilbei\u00f0sluathafna sem tengjast gu\u00f0v\u00e6tti e\u00f0a heilagri veru.\" tabindex=\"0\">\u00e1tr\u00fana\u00f0ar<\/span>. Talandi n\u00f6fnin s\u00fdna \u00fe\u00f3 st\u00f6\u00f0ugt a\u00f0 <span class=\"iwg-fachbegriff\" data-tooltip=\"T\u00edmabil gr\u00edskrar og r\u00f3mverskrar menningar, um \u00fea\u00f0 bil 800 f.Kr. til 600 e.Kr.\" tabindex=\"0\">forn<\/span> hugmynd sko\u00f0a\u00f0i harp\u00edurnar fyrst og fremst sem v\u00e6ttir sem t\u00e1knu\u00f0u hra\u00f0a og vind, l\u00f6ngu \u00e1\u00f0ur en myndin af hinum fr\u00e1hrindandi fuglkonum n\u00e1\u00f0i yfirh\u00f6ndinni.<\/p>\t\t\t\t\t\t\t\t<\/div>\n\t\t\t\t<\/div>\n\t\t\t\t\t<\/div>\n\t\t\t\t<\/div>\n\t\t<div class=\"elementor-element elementor-element-36dd7469 e-flex e-con-boxed e-con e-parent\" data-id=\"36dd7469\" data-element_type=\"container\" data-e-type=\"container\">\n\t\t\t\t\t<div class=\"e-con-inner\">\n\t\t\t\t<div class=\"elementor-element elementor-element-13760ab4 elementor-widget elementor-widget-heading\" data-id=\"13760ab4\" data-element_type=\"widget\" data-e-type=\"widget\" data-widget_type=\"heading.default\">\n\t\t\t\t\t<h2 class=\"elementor-heading-title elementor-size-default\">\u00cdtarefni og tenglar<\/h2>\t\t\t\t<\/div>\n\t\t<div class=\"elementor-element elementor-element-28c87796 e-con-full e-flex e-con e-child\" data-id=\"28c87796\" data-element_type=\"container\" data-e-type=\"container\">\n\t\t\t\t<div class=\"elementor-element elementor-element-5d6538df elementor-widget elementor-widget-text-editor\" data-id=\"5d6538df\" data-element_type=\"widget\" data-e-type=\"widget\" data-widget_type=\"text-editor.default\">\n\t\t\t\t\t\t\t\t\t<ul><li><a href=\"https:\/\/iwell-guard.com\/is\/?page_id=168752\">Nyx, n\u00e6turgy\u00f0ja, m\u00f3\u00f0ir Fars\u00f3ttar<\/a><\/li><\/ul>\t\t\t\t\t\t\t\t<\/div>\n\t\t\t\t<\/div>\n\t\t\t\t\t<\/div>\n\t\t\t\t<\/div>\n\t\t<div class=\"elementor-element elementor-element-grl4kl40 e-flex e-con-boxed e-con e-parent\" data-id=\"grl4kl40\" data-element_type=\"container\" data-e-type=\"container\">\n\t\t\t\t\t<div class=\"e-con-inner\">\n\t\t\t\t<div class=\"elementor-element elementor-element-bzsbfrmh elementor-widget elementor-widget-heading\" data-id=\"bzsbfrmh\" data-element_type=\"widget\" data-e-type=\"widget\" data-widget_type=\"heading.default\">\n\t\t\t\t\t<h2 class=\"elementor-heading-title elementor-size-default\">Fr\u00e6\u00f0irit<\/h2>\t\t\t\t<\/div>\n\t\t<div class=\"elementor-element elementor-element-2c13224a e-con-full e-flex e-con e-child\" data-id=\"2c13224a\" data-element_type=\"container\" data-e-type=\"container\">\n\t\t\t\t<div class=\"elementor-element elementor-element-0eymh9ub elementor-widget elementor-widget-text-editor\" data-id=\"0eymh9ub\" data-element_type=\"widget\" data-e-type=\"widget\" data-widget_type=\"text-editor.default\">\n\t\t\t\t\t\t\t\t\t<footer class=\"iwg-literatur\"><ul><li><span data-nosnippet>West, Martin L.: Hesiod, Theogony: Commentary. 1966<\/span><\/li><li>Bremmer, Jan N.: Greek Religion. 2008<\/li><li>Rohde, Erwin: Psyche. 1925<\/li><li><span data-nosnippet>Vernant, Jean-Pierre: The Universe, the Gods, and Men. 2001<\/span><\/li><\/ul>\n<p class=\"iwg-bib-more\"><span data-nosnippet>Frekari heimildaverk \u00ed <a href=\"https:\/\/iwell-guard.com\/is\/?page_id=168730\">heimildaskr\u00e1nni<\/a>.<\/span><\/p><\/footer>\t\t\t\t\t\t\t\t<\/div>\n\t\t\t\t<\/div>\n\t\t\t\t\t<\/div>\n\t\t\t\t<\/div>\n\t\t<div class=\"elementor-element elementor-element-iwgca-harpyien-sec e-flex e-con-boxed e-con e-parent\" data-id=\"iwgca-harpyien-sec\" data-element_type=\"container\" data-e-type=\"container\" id=\"iwg-ca-harpyien\">\n\t\t\t\t\t<div class=\"e-con-inner\">\n\t\t\t\t<div class=\"elementor-element elementor-element-iwgca-harpyien-te iwg-ca-textwrap elementor-widget elementor-widget-text-editor\" data-id=\"iwgca-harpyien-te\" data-element_type=\"widget\" data-e-type=\"widget\" data-widget_type=\"text-editor.default\">\n\t\t\t\t\t\t\t\t\t<div data-nosnippet=\"true\"><p class=\"iwg-ca-bridge\">Verndarhef\u00f0in sem h\u00e9r er l\u00fdst er tr\u00faars\u00f6gulegt yfirlit yfir s\u00f6guleg fyrirb\u00e6ri. iWell Guard tengist \u00feessari menningars\u00f6gulegu hef\u00f0 verndargripa sem bornir eru \u00e1 l\u00edkamanum og er samt\u00edma\u00fatg\u00e1fa af henni. <a href=\"\/ueber-iwell-guard\/?utm_source=iwell-guard.com&#038;utm_medium=text-link&#038;utm_campaign=schadwesen-tradition\">Meira um iWell Guard \u2192<\/a><\/p><\/div>\t\t\t\t\t\t\t\t<\/div>\n\t\t\t\t\t<\/div>\n\t\t\t\t<\/div>\n\t\t\t\t<\/div>\n\t\t","protected":false},"excerpt":{"rendered":"","protected":false},"author":3,"featured_media":1574,"parent":0,"menu_order":0,"comment_status":"closed","ping_status":"closed","template":"elementor_header_footer","meta":{"_yoast_wpseo_focuskw":"Harp\u00fdjur","_yoast_wpseo_title":"Harp\u00fdjur - fuglkonur me\u00f0 kl\u00e6r, bo\u00f0berar rei\u00f0innar","_yoast_wpseo_metadesc":"Fuglkonur me\u00f0 kl\u00e6r, r\u00e1nsdem\u00f3nar og stormv\u00e6ttir. Kv\u00f6l F\u00edneusar, sagan af Arg\u00f3arf\u00f6rum og r\u00f6skun n\u00e1tt\u00farunnar.","_yoast_wpseo_meta-robots-noindex":"","_yoast_wpseo_canonical":"","_angie_page":false,"gefaehrdungsstufe":"3","wesen_kultur":"griechenland","wesen_klasse":"daemonen","footnotes":""},"categories":[],"class_list":["post-168846","page","type-page","status-publish","has-post-thumbnail","hentry"],"yoast_head":"<!-- This site is optimized with the Yoast SEO Premium plugin v27.7 (Yoast SEO v28.3) - https:\/\/yoast.com\/product\/yoast-seo-premium-wordpress\/ -->\n<title>Harp\u00fdjur - fuglkonur me\u00f0 kl\u00e6r, bo\u00f0berar rei\u00f0innar<\/title>\n<meta name=\"description\" content=\"Fuglkonur me\u00f0 kl\u00e6r, r\u00e1nsdem\u00f3nar og stormv\u00e6ttir. Kv\u00f6l F\u00edneusar, sagan af Arg\u00f3arf\u00f6rum og r\u00f6skun n\u00e1tt\u00farunnar.\" \/>\n<meta name=\"robots\" content=\"index, follow, max-snippet:-1, max-image-preview:large, max-video-preview:-1\" \/>\n<link rel=\"canonical\" href=\"https:\/\/iwell-guard.com\/is\/harpyjur\/\" \/>\n<meta property=\"og:locale\" content=\"is_IS\" \/>\n<meta property=\"og:type\" content=\"article\" \/>\n<meta property=\"og:title\" content=\"Harp\u00fdjur\" \/>\n<meta property=\"og:description\" content=\"Fuglkonur me\u00f0 kl\u00e6r, r\u00e1nsdem\u00f3nar og stormv\u00e6ttir. Kv\u00f6l F\u00edneusar, sagan af Arg\u00f3arf\u00f6rum og r\u00f6skun n\u00e1tt\u00farunnar.\" \/>\n<meta property=\"og:url\" content=\"https:\/\/iwell-guard.com\/is\/harpyjur\/\" \/>\n<meta property=\"og:site_name\" content=\"iWell Guard\" \/>\n<meta property=\"article:modified_time\" content=\"2026-09-05T14:20:58+00:00\" \/>\n<meta property=\"og:image\" content=\"https:\/\/iwell-guard.com\/wp-content\/uploads\/2026\/04\/daemonen_griechenland_harpyien.webp\" \/>\n\t<meta property=\"og:image:width\" content=\"1024\" \/>\n\t<meta property=\"og:image:height\" content=\"1536\" \/>\n\t<meta property=\"og:image:type\" content=\"image\/webp\" \/>\n<meta name=\"twitter:card\" content=\"summary_large_image\" \/>\n<script type=\"application\/ld+json\" class=\"yoast-schema-graph\">{\"@context\":\"https:\\\/\\\/schema.org\",\"@graph\":[{\"@type\":\"WebPage\",\"@id\":\"https:\\\/\\\/iwell-guard.com\\\/is\\\/harpyjur\\\/\",\"url\":\"https:\\\/\\\/iwell-guard.com\\\/is\\\/harpyjur\\\/\",\"name\":\"Harp\u00fdjur - fuglkonur me\u00f0 kl\u00e6r, bo\u00f0berar rei\u00f0innar\",\"isPartOf\":{\"@id\":\"https:\\\/\\\/iwell-guard.com\\\/is\\\/#website\"},\"primaryImageOfPage\":{\"@id\":\"https:\\\/\\\/iwell-guard.com\\\/is\\\/harpyjur\\\/#primaryimage\"},\"image\":{\"@id\":\"https:\\\/\\\/iwell-guard.com\\\/is\\\/harpyjur\\\/#primaryimage\"},\"thumbnailUrl\":\"https:\\\/\\\/iwell-guard.com\\\/wp-content\\\/uploads\\\/2026\\\/04\\\/daemonen_griechenland_harpyien.webp\",\"datePublished\":\"2026-09-05T14:03:28+00:00\",\"dateModified\":\"2026-09-05T14:20:58+00:00\",\"description\":\"Fuglkonur me\u00f0 kl\u00e6r, r\u00e1nsdem\u00f3nar og stormv\u00e6ttir. Kv\u00f6l F\u00edneusar, sagan af Arg\u00f3arf\u00f6rum og r\u00f6skun n\u00e1tt\u00farunnar.\",\"breadcrumb\":{\"@id\":\"https:\\\/\\\/iwell-guard.com\\\/is\\\/harpyjur\\\/#breadcrumb\"},\"inLanguage\":\"is\",\"potentialAction\":[{\"@type\":\"ReadAction\",\"target\":[\"https:\\\/\\\/iwell-guard.com\\\/is\\\/harpyjur\\\/\"]}]},{\"@type\":\"ImageObject\",\"inLanguage\":\"is\",\"@id\":\"https:\\\/\\\/iwell-guard.com\\\/is\\\/harpyjur\\\/#primaryimage\",\"url\":\"https:\\\/\\\/iwell-guard.com\\\/wp-content\\\/uploads\\\/2026\\\/04\\\/daemonen_griechenland_harpyien.webp\",\"contentUrl\":\"https:\\\/\\\/iwell-guard.com\\\/wp-content\\\/uploads\\\/2026\\\/04\\\/daemonen_griechenland_harpyien.webp\",\"width\":1024,\"height\":1536,\"caption\":\"Dj\u00f6flar \u00far gr\u00edskri hef\u00f0.\"},{\"@type\":\"BreadcrumbList\",\"@id\":\"https:\\\/\\\/iwell-guard.com\\\/is\\\/harpyjur\\\/#breadcrumb\",\"itemListElement\":[{\"@type\":\"ListItem\",\"position\":1,\"name\":\"Start\",\"item\":\"https:\\\/\\\/iwell-guard.com\\\/is\\\/?page_id=168580\"},{\"@type\":\"ListItem\",\"position\":2,\"name\":\"Harp\u00fdjur\"}]},{\"@type\":\"WebSite\",\"@id\":\"https:\\\/\\\/iwell-guard.com\\\/is\\\/#website\",\"url\":\"https:\\\/\\\/iwell-guard.com\\\/is\\\/\",\"name\":\"iWell Guard\",\"description\":\"Schutz vor dunklen Einfl\u00fcssen\",\"publisher\":{\"@id\":\"https:\\\/\\\/iwell-guard.com\\\/is\\\/#organization\"},\"potentialAction\":[{\"@type\":\"SearchAction\",\"target\":{\"@type\":\"EntryPoint\",\"urlTemplate\":\"https:\\\/\\\/iwell-guard.com\\\/is\\\/?s={search_term_string}\"},\"query-input\":{\"@type\":\"PropertyValueSpecification\",\"valueRequired\":true,\"valueName\":\"search_term_string\"}}],\"inLanguage\":\"is\"},{\"@type\":\"Organization\",\"@id\":\"https:\\\/\\\/iwell-guard.com\\\/is\\\/#organization\",\"name\":\"Ittermann electronic GmbH\",\"url\":\"https:\\\/\\\/iwell-guard.com\\\/is\\\/\",\"logo\":{\"@type\":\"ImageObject\",\"inLanguage\":\"is\",\"@id\":\"https:\\\/\\\/iwell-guard.com\\\/is\\\/#\\\/schema\\\/logo\\\/image\\\/\",\"url\":\"https:\\\/\\\/iwell-guard.com\\\/wp-content\\\/uploads\\\/2026\\\/05\\\/Ittermann-Logo-1182x237-1.png\",\"contentUrl\":\"https:\\\/\\\/iwell-guard.com\\\/wp-content\\\/uploads\\\/2026\\\/05\\\/Ittermann-Logo-1182x237-1.png\",\"width\":1182,\"height\":237,\"caption\":\"Ittermann electronic GmbH\"},\"image\":{\"@id\":\"https:\\\/\\\/iwell-guard.com\\\/is\\\/#\\\/schema\\\/logo\\\/image\\\/\"},\"sameAs\":[\"https:\\\/\\\/pantip.com\\\/profile\\\/9367242\",\"https:\\\/\\\/micro.blog\\\/iwellguard\",\"https:\\\/\\\/www.diggerslist.com\\\/iwellguard\\\/about\",\"https:\\\/\\\/skitterphoto.com\\\/photographers\\\/2870314\\\/iwell-guard\",\"https:\\\/\\\/iwellguard.wordpress.com\\\/2026\\\/06\\\/06\\\/iwell-guard\\\/\",\"https:\\\/\\\/hub.docker.com\\\/u\\\/iwellguard\",\"https:\\\/\\\/www.pinterest.com\\\/iwellguard\\\/\",\"https:\\\/\\\/bit.ly\\\/m\\\/iwellguard\",\"https:\\\/\\\/entre-vos-mains.alsace.eu\\\/profiles\\\/iwellguard\\\/activity\",\"https:\\\/\\\/gravatar.com\\\/reallybeded8fd34\",\"https:\\\/\\\/naijamatta.com\\\/iwellguard\",\"https:\\\/\\\/www.goodreads.com\\\/iwellguard\",\"https:\\\/\\\/profile.hatena.ne.jp\\\/iwellguard\\\/\",\"https:\\\/\\\/experiment.com\\\/users\\\/iwellguard\",\"https:\\\/\\\/wakelet.com\\\/@iWellGuard82270\",\"https:\\\/\\\/www.chordie.com\\\/forum\\\/profile.php?id=2555664\",\"https:\\\/\\\/www.instapaper.com\\\/p\\\/17757966\",\"https:\\\/\\\/www.mapleprimes.com\\\/users\\\/iwellguard\",\"https:\\\/\\\/businesslistingplus.com\\\/profile\\\/iwell-guard\\\/\",\"https:\\\/\\\/telegra.ph\\\/iWell-Guard-06-06\",\"https:\\\/\\\/pbase.com\\\/iwellguard\\\/iwellguard\",\"https:\\\/\\\/b.hatena.ne.jp\\\/iwellguard\\\/20260607#bookmark-4788405196491818882\",\"https:\\\/\\\/fliphtml5.com\\\/home\\\/iwellguard\",\"https:\\\/\\\/anyflip.com\\\/homepage\\\/cmiwl#About\",\"https:\\\/\\\/transfur.com\\\/Users\\\/iwellguard\",\"http:\\\/\\\/delphi.larsbo.org\\\/user\\\/iwellguard\",\"https:\\\/\\\/jobs.lajobsportal.org\\\/profiles\\\/8380803-iwell-guard\",\"https:\\\/\\\/md.chaosdorf.de\\\/s\\\/jfbe5SBdJD\",\"https:\\\/\\\/www.lingvolive.com\\\/en-us\\\/profile\\\/9ecaeaca-ce11-4e51-9e71-01d55e2bff36\\\/translations\",\"https:\\\/\\\/www.fitday.com\\\/fitness\\\/forums\\\/members\\\/iwellguard.html\",\"https:\\\/\\\/www.mymeetbook.com\\\/iwellguard\",\"https:\\\/\\\/pxhere.com\\\/en\\\/photographer-me\\\/5040798\",\"https:\\\/\\\/disqus.com\\\/by\\\/iwellguard\\\/about\\\/\",\"https:\\\/\\\/pastelink.net\\\/hjwciqwq\",\"https:\\\/\\\/pubhtml5.com\\\/homepage\\\/scjhn\\\/\",\"https:\\\/\\\/www.bitchute.com\\\/channel\\\/2O2eOKzNqujT\",\"https:\\\/\\\/audiomack.com\\\/iwellguard\"]},{\"@type\":\"Article\",\"@id\":\"https:\\\/\\\/iwell-guard.com\\\/is\\\/harpyjur\\\/#article\",\"isPartOf\":{\"@id\":\"https:\\\/\\\/iwell-guard.com\\\/is\\\/harpyjur\\\/\"},\"author\":{\"name\":\"Ralf Ittermann\",\"@id\":\"https:\\\/\\\/iwell-guard.com\\\/is\\\/#\\\/schema\\\/person\\\/ee2a27f1cac3406c7c6fb5820cb7349f\"},\"headline\":\"Harp\u00fdjur\",\"datePublished\":\"2026-09-05T14:03:28+00:00\",\"dateModified\":\"2026-09-05T14:20:58+00:00\",\"mainEntityOfPage\":{\"@id\":\"https:\\\/\\\/iwell-guard.com\\\/is\\\/harpyjur\\\/\"},\"publisher\":{\"@id\":\"https:\\\/\\\/iwell-guard.com\\\/is\\\/#organization\"},\"image\":{\"@id\":\"https:\\\/\\\/iwell-guard.com\\\/is\\\/harpyjur\\\/#primaryimage\"},\"thumbnailUrl\":\"https:\\\/\\\/iwell-guard.com\\\/wp-content\\\/uploads\\\/2026\\\/04\\\/daemonen_griechenland_harpyien.webp\",\"inLanguage\":\"is\",\"description\":\"Fuglkonur me\u00f0 kl\u00e6r, r\u00e1nsdem\u00f3nar og stormv\u00e6ttir. Kv\u00f6l F\u00edneusar, sagan af Arg\u00f3arf\u00f6rum og r\u00f6skun n\u00e1tt\u00farunnar.\"}]}<\/script>\n<!-- \/ Yoast SEO Premium plugin. -->","yoast_head_json":{"title":"Harp\u00fdjur - fuglkonur me\u00f0 kl\u00e6r, bo\u00f0berar rei\u00f0innar","description":"Fuglkonur me\u00f0 kl\u00e6r, r\u00e1nsdem\u00f3nar og stormv\u00e6ttir. Kv\u00f6l F\u00edneusar, sagan af Arg\u00f3arf\u00f6rum og r\u00f6skun n\u00e1tt\u00farunnar.","robots":{"index":"index","follow":"follow","max-snippet":"max-snippet:-1","max-image-preview":"max-image-preview:large","max-video-preview":"max-video-preview:-1"},"canonical":"https:\/\/iwell-guard.com\/is\/harpyjur\/","og_locale":"is_IS","og_type":"article","og_title":"Harp\u00fdjur","og_description":"Fuglkonur me\u00f0 kl\u00e6r, r\u00e1nsdem\u00f3nar og stormv\u00e6ttir. Kv\u00f6l F\u00edneusar, sagan af Arg\u00f3arf\u00f6rum og r\u00f6skun n\u00e1tt\u00farunnar.","og_url":"https:\/\/iwell-guard.com\/is\/harpyjur\/","og_site_name":"iWell Guard","article_modified_time":"2026-09-05T14:20:58+00:00","og_image":[{"width":1024,"height":1536,"url":"https:\/\/iwell-guard.com\/wp-content\/uploads\/2026\/04\/daemonen_griechenland_harpyien.webp","type":"image\/webp"}],"twitter_card":"summary_large_image","schema":{"@context":"https:\/\/schema.org","@graph":[{"@type":"Article","@id":"https:\/\/iwell-guard.com\/is\/harpyjur\/#article","isPartOf":{"@id":"https:\/\/iwell-guard.com\/is\/harpyjur\/"},"author":{"name":"Ralf Ittermann","@id":"https:\/\/iwell-guard.com\/is\/#\/schema\/person\/ee2a27f1cac3406c7c6fb5820cb7349f"},"headline":"Harp\u00fdjur","datePublished":"2026-09-05T14:03:28+00:00","dateModified":"2026-09-05T14:20:58+00:00","mainEntityOfPage":{"@id":"https:\/\/iwell-guard.com\/is\/harpyjur\/"},"publisher":{"@id":"https:\/\/iwell-guard.com\/is\/#organization"},"image":{"@id":"https:\/\/iwell-guard.com\/is\/harpyjur\/#primaryimage"},"thumbnailUrl":"https:\/\/iwell-guard.com\/wp-content\/uploads\/2026\/04\/daemonen_griechenland_harpyien.webp","inLanguage":"is","description":"Fuglkonur me\u00f0 kl\u00e6r, r\u00e1nsdem\u00f3nar og stormv\u00e6ttir. Kv\u00f6l F\u00edneusar, sagan af Arg\u00f3arf\u00f6rum og r\u00f6skun n\u00e1tt\u00farunnar."},{"@type":"WebPage","@id":"https:\/\/iwell-guard.com\/is\/harpyjur\/","url":"https:\/\/iwell-guard.com\/is\/harpyjur\/","name":"Harp\u00fdjur - fuglkonur me\u00f0 kl\u00e6r, bo\u00f0berar rei\u00f0innar","isPartOf":{"@id":"https:\/\/iwell-guard.com\/is\/#website"},"primaryImageOfPage":{"@id":"https:\/\/iwell-guard.com\/is\/harpyjur\/#primaryimage"},"image":{"@id":"https:\/\/iwell-guard.com\/is\/harpyjur\/#primaryimage"},"thumbnailUrl":"https:\/\/iwell-guard.com\/wp-content\/uploads\/2026\/04\/daemonen_griechenland_harpyien.webp","datePublished":"2026-09-05T14:03:28+00:00","dateModified":"2026-09-05T14:20:58+00:00","description":"Fuglkonur me\u00f0 kl\u00e6r, r\u00e1nsdem\u00f3nar og stormv\u00e6ttir. Kv\u00f6l F\u00edneusar, sagan af Arg\u00f3arf\u00f6rum og r\u00f6skun n\u00e1tt\u00farunnar.","breadcrumb":{"@id":"https:\/\/iwell-guard.com\/is\/harpyjur\/#breadcrumb"},"inLanguage":"is","potentialAction":[{"@type":"ReadAction","target":["https:\/\/iwell-guard.com\/is\/harpyjur\/"]}]},{"@type":"ImageObject","inLanguage":"is","@id":"https:\/\/iwell-guard.com\/is\/harpyjur\/#primaryimage","url":"https:\/\/iwell-guard.com\/wp-content\/uploads\/2026\/04\/daemonen_griechenland_harpyien.webp","contentUrl":"https:\/\/iwell-guard.com\/wp-content\/uploads\/2026\/04\/daemonen_griechenland_harpyien.webp","width":1024,"height":1536,"caption":"Dj\u00f6flar \u00far gr\u00edskri hef\u00f0."},{"@type":"BreadcrumbList","@id":"https:\/\/iwell-guard.com\/is\/harpyjur\/#breadcrumb","itemListElement":[{"@type":"ListItem","position":1,"name":"Start","item":"https:\/\/iwell-guard.com\/is\/?page_id=168580"},{"@type":"ListItem","position":2,"name":"Harp\u00fdjur"}]},{"@type":"WebSite","@id":"https:\/\/iwell-guard.com\/is\/#website","url":"https:\/\/iwell-guard.com\/is\/","name":"iWell Guard","description":"Schutz vor dunklen Einfl\u00fcssen","publisher":{"@id":"https:\/\/iwell-guard.com\/is\/#organization"},"potentialAction":[{"@type":"SearchAction","target":{"@type":"EntryPoint","urlTemplate":"https:\/\/iwell-guard.com\/is\/?s={search_term_string}"},"query-input":{"@type":"PropertyValueSpecification","valueRequired":true,"valueName":"search_term_string"}}],"inLanguage":"is"},{"@type":"Organization","@id":"https:\/\/iwell-guard.com\/is\/#organization","name":"Ittermann electronic GmbH","url":"https:\/\/iwell-guard.com\/is\/","logo":{"@type":"ImageObject","inLanguage":"is","@id":"https:\/\/iwell-guard.com\/is\/#\/schema\/logo\/image\/","url":"https:\/\/iwell-guard.com\/wp-content\/uploads\/2026\/05\/Ittermann-Logo-1182x237-1.png","contentUrl":"https:\/\/iwell-guard.com\/wp-content\/uploads\/2026\/05\/Ittermann-Logo-1182x237-1.png","width":1182,"height":237,"caption":"Ittermann electronic GmbH"},"image":{"@id":"https:\/\/iwell-guard.com\/is\/#\/schema\/logo\/image\/"},"sameAs":["https:\/\/pantip.com\/profile\/9367242","https:\/\/micro.blog\/iwellguard","https:\/\/www.diggerslist.com\/iwellguard\/about","https:\/\/skitterphoto.com\/photographers\/2870314\/iwell-guard","https:\/\/iwellguard.wordpress.com\/2026\/06\/06\/iwell-guard\/","https:\/\/hub.docker.com\/u\/iwellguard","https:\/\/www.pinterest.com\/iwellguard\/","https:\/\/bit.ly\/m\/iwellguard","https:\/\/entre-vos-mains.alsace.eu\/profiles\/iwellguard\/activity","https:\/\/gravatar.com\/reallybeded8fd34","https:\/\/naijamatta.com\/iwellguard","https:\/\/www.goodreads.com\/iwellguard","https:\/\/profile.hatena.ne.jp\/iwellguard\/","https:\/\/experiment.com\/users\/iwellguard","https:\/\/wakelet.com\/@iWellGuard82270","https:\/\/www.chordie.com\/forum\/profile.php?id=2555664","https:\/\/www.instapaper.com\/p\/17757966","https:\/\/www.mapleprimes.com\/users\/iwellguard","https:\/\/businesslistingplus.com\/profile\/iwell-guard\/","https:\/\/telegra.ph\/iWell-Guard-06-06","https:\/\/pbase.com\/iwellguard\/iwellguard","https:\/\/b.hatena.ne.jp\/iwellguard\/20260607#bookmark-4788405196491818882","https:\/\/fliphtml5.com\/home\/iwellguard","https:\/\/anyflip.com\/homepage\/cmiwl#About","https:\/\/transfur.com\/Users\/iwellguard","http:\/\/delphi.larsbo.org\/user\/iwellguard","https:\/\/jobs.lajobsportal.org\/profiles\/8380803-iwell-guard","https:\/\/md.chaosdorf.de\/s\/jfbe5SBdJD","https:\/\/www.lingvolive.com\/en-us\/profile\/9ecaeaca-ce11-4e51-9e71-01d55e2bff36\/translations","https:\/\/www.fitday.com\/fitness\/forums\/members\/iwellguard.html","https:\/\/www.mymeetbook.com\/iwellguard","https:\/\/pxhere.com\/en\/photographer-me\/5040798","https:\/\/disqus.com\/by\/iwellguard\/about\/","https:\/\/pastelink.net\/hjwciqwq","https:\/\/pubhtml5.com\/homepage\/scjhn\/","https:\/\/www.bitchute.com\/channel\/2O2eOKzNqujT","https:\/\/audiomack.com\/iwellguard"]},{"@type":"Person","@id":"https:\/\/iwell-guard.com\/is\/#\/schema\/person\/ee2a27f1cac3406c7c6fb5820cb7349f","name":"Ralf Ittermann","image":{"@type":"ImageObject","inLanguage":"is","@id":"https:\/\/secure.gravatar.com\/avatar\/073c0153e350a5005b68eb752b445fea71f6b24a26da9449ad7e155e6b446c9d?s=96&d=mm&r=g","url":"https:\/\/secure.gravatar.com\/avatar\/073c0153e350a5005b68eb752b445fea71f6b24a26da9449ad7e155e6b446c9d?s=96&d=mm&r=g","contentUrl":"https:\/\/secure.gravatar.com\/avatar\/073c0153e350a5005b68eb752b445fea71f6b24a26da9449ad7e155e6b446c9d?s=96&d=mm&r=g","caption":"Ralf Ittermann"},"givenName":"Ralf","familyName":"Ittermann","jobTitle":"Gesch\u00e4ftsf\u00fchrer und redaktioneller Verantwortlicher","url":"https:\/\/iwell-guard.com\/is\/author\/claude\/","description":"Ralf Ittermann ist Gesch\u00e4ftsf\u00fchrer der Ittermann electronic GmbH und redaktioneller Verantwortlicher des iWell-Guard-Lexikons. Er verbindet langj\u00e4hrige Erfahrung in der Pr\u00e4zisionsfertigung mit medialer Praxis und religionsgeschichtlicher Quellenarbeit.","worksFor":{"@type":"Organization","name":"Ittermann electronic GmbH","url":"https:\/\/ittermann.de\/","address":{"@type":"PostalAddress","streetAddress":"K\u00f6hlergasse 16-18","postalCode":"99842","addressLocality":"Ruhla","addressCountry":"DE"}},"knowsAbout":["Religionsgeschichte","Mythologie","Mediale Praxis","Energetische Diagnostik","Schutzpraxis","Volksglauben","Westliche Esoterik"]},{"@type":"Article","@id":"https:\/\/iwell-guard.com\/is\/harpyjur\/#article","isPartOf":{"@id":"https:\/\/iwell-guard.com\/is\/harpyjur\/"},"author":{"name":"Ralf Ittermann","@id":"https:\/\/iwell-guard.com\/is\/#\/schema\/person\/ee2a27f1cac3406c7c6fb5820cb7349f"},"headline":"Harp\u00fdjur","datePublished":"2026-09-05T14:03:28+00:00","dateModified":"2026-09-05T14:20:58+00:00","mainEntityOfPage":{"@id":"https:\/\/iwell-guard.com\/is\/harpyjur\/"},"publisher":{"@id":"https:\/\/iwell-guard.com\/is\/#organization"},"image":{"@id":"https:\/\/iwell-guard.com\/is\/harpyjur\/#primaryimage"},"thumbnailUrl":"https:\/\/iwell-guard.com\/wp-content\/uploads\/2026\/04\/daemonen_griechenland_harpyien.webp","inLanguage":"is","description":"Fuglkonur me\u00f0 kl\u00e6r, r\u00e1nsdem\u00f3nar og stormv\u00e6ttir. Kv\u00f6l F\u00edneusar, sagan af Arg\u00f3arf\u00f6rum og r\u00f6skun n\u00e1tt\u00farunnar."}]}},"_links":{"self":[{"href":"https:\/\/iwell-guard.com\/is\/wp-json\/wp\/v2\/pages\/168846","targetHints":{"allow":["GET"]}}],"collection":[{"href":"https:\/\/iwell-guard.com\/is\/wp-json\/wp\/v2\/pages"}],"about":[{"href":"https:\/\/iwell-guard.com\/is\/wp-json\/wp\/v2\/types\/page"}],"author":[{"embeddable":true,"href":"https:\/\/iwell-guard.com\/is\/wp-json\/wp\/v2\/users\/3"}],"replies":[{"embeddable":true,"href":"https:\/\/iwell-guard.com\/is\/wp-json\/wp\/v2\/comments?post=168846"}],"version-history":[{"count":0,"href":"https:\/\/iwell-guard.com\/is\/wp-json\/wp\/v2\/pages\/168846\/revisions"}],"wp:featuredmedia":[{"embeddable":true,"href":"https:\/\/iwell-guard.com\/is\/wp-json\/wp\/v2\/media\/1574"}],"wp:attachment":[{"href":"https:\/\/iwell-guard.com\/is\/wp-json\/wp\/v2\/media?parent=168846"}],"wp:term":[{"taxonomy":"category","embeddable":true,"href":"https:\/\/iwell-guard.com\/is\/wp-json\/wp\/v2\/categories?post=168846"}],"curies":[{"name":"wp","href":"https:\/\/api.w.org\/{rel}","templated":true}]}}