{"id":168843,"date":"2026-09-05T14:03:26","date_gmt":"2026-09-05T14:03:26","guid":{"rendered":"https:\/\/iwell-guard.com\/?page_id=168843"},"modified":"2026-09-05T14:20:54","modified_gmt":"2026-09-05T14:20:54","slug":"sirenur","status":"publish","type":"page","link":"https:\/\/iwell-guard.com\/is\/sirenur\/","title":{"rendered":"S\u00edrenur"},"content":{"rendered":"\t\t<div data-elementor-type=\"wp-page\" data-elementor-id=\"168843\" class=\"elementor elementor-168843 elementor-2148 elementor-bc-flex-widget\" data-elementor-post-type=\"page\">\n\t\t\t\t<div class=\"elementor-element elementor-element-10fdade e-flex e-con-boxed e-con e-parent\" data-id=\"10fdade\" data-element_type=\"container\" data-e-type=\"container\" data-settings=\"{&quot;background_background&quot;:&quot;classic&quot;}\">\n\t\t\t\t\t<div class=\"e-con-inner\">\n\t\t<div class=\"elementor-element elementor-element-herohlft0 e-flex e-con-boxed e-con e-child\" data-id=\"herohlft0\" data-element_type=\"container\" data-e-type=\"container\">\n\t\t\t\t\t<div class=\"e-con-inner\">\n\t\t<div class=\"elementor-element elementor-element-c3ceb64 e-con-full e-flex e-con e-child\" data-id=\"c3ceb64\" data-element_type=\"container\" data-e-type=\"container\">\n\t\t\t\t<div class=\"elementor-element elementor-element-96ae5e1 elementor-widget elementor-widget-heading\" data-id=\"96ae5e1\" data-element_type=\"widget\" data-e-type=\"widget\" data-widget_type=\"heading.default\">\n\t\t\t\t\t<h1 class=\"elementor-heading-title elementor-size-default\">S\u00edrenur, dj\u00f6fulgestalt \u00far gr\u00edskri hef\u00f0<\/h1>\t\t\t\t<\/div>\n\t\t\t\t<div class=\"elementor-element elementor-element-e45238a elementor-widget elementor-widget-text-editor\" data-id=\"e45238a\" data-element_type=\"widget\" data-e-type=\"widget\" data-widget_type=\"text-editor.default\">\n\t\t\t\t\t\t\t\t\t<p>S\u00edrenur eru dj\u00f6fulgestalt \u00far gr\u00edskri hef\u00f0.<\/p><p>Fuglkonur me\u00f0 yfirn\u00e1tt\u00farlegan s\u00f6ng, t\u00e1lkvendi sem lei\u00f0a til dau\u00f0a, meistarar t\u00e1lsins. S\u00edrenurnar eru alr\u00e6mdar \u00far \u00d3dysseifskvi\u00f0u, raddir \u00feeirra lokka sj\u00f3menn til \u00e6\u00f0is og skipbrota.<\/p><p>\u00de\u00e6r eru ekki illar, heldur banv\u00e6nar: e\u00f0li \u00feeirra er a\u00f0 t\u00e6la og lokka. S\u00e1 sem heyrir s\u00f6ng \u00feeirra \u00f3skar s\u00e9r einungis a\u00f0 finna \u00fe\u00e6r, og deyr \u00ed hafinu.<\/p>\t\t\t\t\t\t\t\t<\/div>\n\t\t\t\t<\/div>\n\t\t<div class=\"elementor-element elementor-element-klsbdg01 e-con-full e-flex e-con e-parent\" data-id=\"klsbdg01\" data-element_type=\"container\" data-e-type=\"container\">\n\t\t\t\t<div class=\"elementor-element elementor-element-klshtm01 elementor-widget elementor-widget-html\" data-id=\"klshtm01\" data-element_type=\"widget\" data-e-type=\"widget\" data-widget_type=\"html.default\">\n\t\t\t\t\t<div class=\"iwg-pill-row\"><span class=\"iwg-klasse-badge\" tabindex=\"0\" data-tooltip=\"D\u00e6mon \/ d\u00eds: Yfirn\u00e1tt\u00faruleg vera me\u00f0 oftast ska\u00f0leg e\u00f0a tv\u00edr\u00e6\u00f0 \u00e1hrif. Stendur milli gu\u00f0a og manna, valdur sj\u00fakd\u00f3ma, t\u00e6linga e\u00f0a \u00f3g\u00e6fu og er hrakin \u00e1 brott me\u00f0 \u00e1kalli, verndargripum og ath\u00f6fnum.\">D\u00eds<\/span><a href=\"https:\/\/iwell-guard.com\/is\/?page_id=168594\" class=\"iwg-kultur-badge\" tabindex=\"0\" data-tooltip=\"Tr\u00faarbr\u00f6g\u00f0 og go\u00f0afr\u00e6\u00f0i Grikklands hins forna fr\u00e1 M\u00fdkenut\u00edmanum til s\u00ed\u00f0fornaldar.\">Grikkland<\/a><\/div>\t\t\t\t<\/div>\n\t\t\t\t<\/div>\n\t\t<div class=\"elementor-element elementor-element-3f74855 e-con-full e-flex e-con e-child\" data-id=\"3f74855\" data-element_type=\"container\" data-e-type=\"container\">\n\t\t\t\t<div class=\"elementor-element elementor-element-1c30362 elementor-toc--minimized-on-tablet elementor-widget elementor-widget-table-of-contents\" data-id=\"1c30362\" data-element_type=\"widget\" data-e-type=\"widget\" data-settings=\"{&quot;exclude_headings_by_selector&quot;:[],&quot;no_headings_message&quot;:&quot;Engar undirfyrirsagnir fundust \\u00e1 \\u00feessari s\\u00ed\\u00f0u.&quot;,&quot;headings_by_tags&quot;:[&quot;h2&quot;,&quot;h3&quot;],&quot;marker_view&quot;:&quot;bullets&quot;,&quot;minimize_box&quot;:&quot;yes&quot;,&quot;icon&quot;:{&quot;value&quot;:&quot;fas fa-circle&quot;,&quot;library&quot;:&quot;fa-solid&quot;,&quot;rendered_tag&quot;:&quot;&lt;svg class=\\&quot;e-font-icon-svg e-fas-circle\\&quot; viewBox=\\&quot;0 0 512 512\\&quot; xmlns=\\&quot;http:\\\/\\\/www.w3.org\\\/2000\\\/svg\\&quot;&gt;&lt;path d=\\&quot;M256 8C119 8 8 119 8 256s111 248 248 248 248-111 248-248S393 8 256 8z\\&quot;&gt;&lt;\\\/path&gt;&lt;\\\/svg&gt;&quot;},&quot;minimized_on&quot;:&quot;tablet&quot;,&quot;hierarchical_view&quot;:&quot;yes&quot;,&quot;min_height&quot;:{&quot;unit&quot;:&quot;px&quot;,&quot;size&quot;:&quot;&quot;,&quot;sizes&quot;:[]},&quot;min_height_tablet&quot;:{&quot;unit&quot;:&quot;px&quot;,&quot;size&quot;:&quot;&quot;,&quot;sizes&quot;:[]},&quot;min_height_mobile&quot;:{&quot;unit&quot;:&quot;px&quot;,&quot;size&quot;:&quot;&quot;,&quot;sizes&quot;:[]}}\" data-widget_type=\"table-of-contents.default\">\n\t\t\t\t\t\t\t\t\t<div class=\"elementor-toc__header\">\n\t\t\t\t\t\t<h2 class=\"elementor-toc__header-title\">\n\t\t\t\tEfnisyfirlit\t\t\t<\/h2>\n\t\t\t\t\t\t\t\t\t\t<div class=\"elementor-toc__toggle-button elementor-toc__toggle-button--expand\" role=\"button\" tabindex=\"0\" aria-controls=\"elementor-toc__1c30362\" aria-expanded=\"true\" aria-label=\"Open table of contents\"><svg aria-hidden=\"true\" class=\"e-font-icon-svg e-fas-chevron-down\" viewBox=\"0 0 448 512\" xmlns=\"http:\/\/www.w3.org\/2000\/svg\"><path d=\"M207.029 381.476L12.686 187.132c-9.373-9.373-9.373-24.569 0-33.941l22.667-22.667c9.357-9.357 24.522-9.375 33.901-.04L224 284.505l154.745-154.021c9.379-9.335 24.544-9.317 33.901.04l22.667 22.667c9.373 9.373 9.373 24.569 0 33.941L240.971 381.476c-9.373 9.372-24.569 9.372-33.942 0z\"><\/path><\/svg><\/div>\n\t\t\t\t<div class=\"elementor-toc__toggle-button elementor-toc__toggle-button--collapse\" role=\"button\" tabindex=\"0\" aria-controls=\"elementor-toc__1c30362\" aria-expanded=\"true\" aria-label=\"Close table of contents\"><svg aria-hidden=\"true\" class=\"e-font-icon-svg e-fas-chevron-up\" viewBox=\"0 0 448 512\" xmlns=\"http:\/\/www.w3.org\/2000\/svg\"><path d=\"M240.971 130.524l194.343 194.343c9.373 9.373 9.373 24.569 0 33.941l-22.667 22.667c-9.357 9.357-24.522 9.375-33.901.04L224 227.495 69.255 381.516c-9.379 9.335-24.544 9.317-33.901-.04l-22.667-22.667c-9.373-9.373-9.373-24.569 0-33.941L207.03 130.525c9.372-9.373 24.568-9.373 33.941-.001z\"><\/path><\/svg><\/div>\n\t\t\t\t\t<\/div>\n\t\t\t\t<div id=\"elementor-toc__1c30362\" class=\"elementor-toc__body\">\n\t\t\t<div class=\"elementor-toc__spinner-container\">\n\t\t\t\t<svg class=\"elementor-toc__spinner eicon-animation-spin e-font-icon-svg e-eicon-loading\" aria-hidden=\"true\" viewBox=\"0 0 1000 1000\" xmlns=\"http:\/\/www.w3.org\/2000\/svg\"><path d=\"M500 975V858C696 858 858 696 858 500S696 142 500 142 142 304 142 500H25C25 237 238 25 500 25S975 237 975 500 763 975 500 975Z\"><\/path><\/svg>\t\t\t<\/div>\n\t\t<\/div>\n\t\t\t\t\t\t<\/div>\n\t\t\t\t<\/div>\n\t\t\t\t\t<\/div>\n\t\t\t\t<\/div>\n\t\t<div class=\"elementor-element elementor-element-herorght0 e-con-full e-flex e-con e-child\" data-id=\"herorght0\" data-element_type=\"container\" data-e-type=\"container\">\n\t\t\t\t<div class=\"elementor-element elementor-element-heroimg00 iwg-hero-image elementor-widget elementor-widget-image\" data-id=\"heroimg00\" data-element_type=\"widget\" data-e-type=\"widget\" data-widget_type=\"image.default\">\n\t\t\t\t\t\t\t\t\t\t\t\t\t\t\t<img fetchpriority=\"high\" decoding=\"async\" width=\"683\" height=\"1024\" src=\"https:\/\/iwell-guard.com\/wp-content\/uploads\/2026\/04\/daemonen_griechenland_sirenen-683x1024.webp\" class=\"attachment-large size-large wp-image-171124\" alt=\"S\u00edren \u2013 d\u00e6mon \u00far gr\u00edskri hef\u00f0, s\u00f6gulega myndskreytt\" srcset=\"https:\/\/iwell-guard.com\/wp-content\/uploads\/2026\/04\/daemonen_griechenland_sirenen-683x1024.webp 683w, https:\/\/iwell-guard.com\/wp-content\/uploads\/2026\/04\/daemonen_griechenland_sirenen-200x300.webp 200w, https:\/\/iwell-guard.com\/wp-content\/uploads\/2026\/04\/daemonen_griechenland_sirenen-768x1152.webp 768w, https:\/\/iwell-guard.com\/wp-content\/uploads\/2026\/04\/daemonen_griechenland_sirenen.webp 1024w\" sizes=\"(max-width: 683px) 100vw, 683px\" \/>\t\t\t\t\t\t\t\t\t\t\t\t\t\t\t<\/div>\n\t\t\t\t<\/div>\n\t\t\t\t\t<\/div>\n\t\t\t\t<\/div>\n\t\t<div class=\"elementor-element elementor-element-32917199 e-flex e-con-boxed e-con e-parent\" data-id=\"32917199\" data-element_type=\"container\" data-e-type=\"container\">\n\t\t\t\t\t<div class=\"e-con-inner\">\n\t\t<div class=\"elementor-element elementor-element-26e916cb e-flex e-con-boxed e-con e-child\" data-id=\"26e916cb\" data-element_type=\"container\" data-e-type=\"container\">\n\t\t\t\t\t<div class=\"e-con-inner\">\n\t\t<div class=\"elementor-element elementor-element-253a40d4 e-flex e-con-boxed e-con e-child\" data-id=\"253a40d4\" data-element_type=\"container\" data-e-type=\"container\">\n\t\t\t\t\t<div class=\"e-con-inner\">\n\t\t\t\t<div class=\"elementor-element elementor-element-1200c304 elementor-widget elementor-widget-heading\" data-id=\"1200c304\" data-element_type=\"widget\" data-e-type=\"widget\" data-widget_type=\"heading.default\">\n\t\t\t\t\t<h2 class=\"elementor-heading-title elementor-size-default\">S\u00edrenur<\/h2>\t\t\t\t<\/div>\n\t\t\t\t<div class=\"elementor-element elementor-element-11758e7f elementor-widget elementor-widget-text-editor\" data-id=\"11758e7f\" data-element_type=\"widget\" data-e-type=\"widget\" data-widget_type=\"text-editor.default\">\n\t\t\t\t\t\t\t\t\t<div><p><strong>S\u00edrenur \u00ed \u00d3dysseifskvi\u00f0u H\u00f3mers og fornri gr\u00edskri ritun<\/strong><\/p><p>\u00cd <em>\u00d3dysseifskvi\u00f0u<\/em> H\u00f3mers, 12.158-200, eru s\u00edrenurnar enn v\u00e6ngja\u00f0ar fuglkonur me\u00f0 einstaklega fagrar raddir; a\u00f0 fiskspor\u00f0sverum breytast \u00fe\u00e6r ekki fyrr en \u00ed s\u00ed\u00f0ari hef\u00f0. H\u00f3mer nefnir \u00fe\u00e6r ekki me\u00f0 nafni, a\u00f0eins sta\u00f0setningu \u00feeirra (eyju milli Skyllu og Karybdis) og banv\u00e6na virkni \u00feeirra: \u00de\u00e6r lokka sj\u00f3menn me\u00f0 s\u00f6ng s\u00ednum til a\u00f0 r\u00e1\u00f0a \u00feeim bana.<\/p><p>\u00d3dysseifur tro\u00f0ir vax \u00ed eyru manna sinna og bindur sig sj\u00e1lfan vi\u00f0 mastri\u00f0 til a\u00f0 standast s\u00f6ng \u00feeirra. S\u00edrenur H\u00f3mers hafa engan einstaklingsbundinn pers\u00f3nuleika e\u00f0a <span class=\"iwg-fachbegriff\" data-tooltip=\"Heild \u00feeirra sagna um gu\u00f0i sem var\u00f0veist hafa \u00ed tiltekinni menningu.\" tabindex=\"0\">go\u00f0afr\u00e6\u00f0i<\/span>; \u00fe\u00e6r eru hreinar r\u00e1nd\u00fdrsvirkni.<\/p><p>Hes\u00edodos-kveri\u00f0 nefnir s\u00edrenur einnig \u00e1 \u00e1\u00feekkan h\u00e1tt: sem dj\u00f6fullegar s\u00f6nggy\u00f0jur, en e\u00f0li \u00feeirra er t\u00e1l og ey\u00f0ing. N\u00e1l\u00e6g\u00f0 \u00feeirra vi\u00f0 m\u00fasurnar (sem einnig eru s\u00f6ngkonur) er athyglisver\u00f0; \u00fe\u00e6r eru spillt e\u00f0a afbrig\u00f0ileg mynd gu\u00f0legs s\u00f6ngs.<\/p><\/div>\t\t\t\t\t\t\t\t<\/div>\n\t\t\t\t\t<\/div>\n\t\t\t\t<\/div>\n\t\t<div class=\"elementor-element elementor-element-159dcf9a e-flex e-con-boxed e-con e-child\" data-id=\"159dcf9a\" data-element_type=\"container\" data-e-type=\"container\">\n\t\t\t\t\t<div class=\"e-con-inner\">\n\t\t\t\t<div class=\"elementor-element elementor-element-48cee66f elementor-widget elementor-widget-heading\" data-id=\"48cee66f\" data-element_type=\"widget\" data-e-type=\"widget\" data-widget_type=\"heading.default\">\n\t\t\t\t\t<h2 class=\"elementor-heading-title elementor-size-default\">Stutt yfirlit: S\u00edrenur<\/h2>\t\t\t\t<\/div>\n\t\t\t\t<div class=\"elementor-element elementor-element-3f50d82c elementor-widget elementor-widget-text-editor\" data-id=\"3f50d82c\" data-element_type=\"widget\" data-e-type=\"widget\" data-widget_type=\"text-editor.default\">\n\t\t\t\t\t\t\t\t\t<p><strong>Tegund:<\/strong> Go\u00f0sagnavera (fuglkonur, samsett vera)<br><strong>Hef\u00f0:<\/strong> Gr\u00edsk <span class=\"iwg-fachbegriff\" data-tooltip=\"Heild \u00feeirra sagna um gu\u00f0i sem var\u00f0veist hafa \u00ed tiltekinni menningu.\" tabindex=\"0\">go\u00f0afr\u00e6\u00f0i<\/span><br><strong>Flokkur:<\/strong> Vofur\/yfirn\u00e1tt\u00farlegar verur<br><strong>Hlutverk:<\/strong> T\u00e1lkvendi, dau\u00f0adj\u00f6flar<br><strong>Heimildir:<\/strong> H\u00f3mer, \u00d3dysseifskvi\u00f0a XII; Hes\u00edodos, Gu\u00f0akynsl\u00f3\u00f0; \u00d3vid\u00edus, Myndbreytingar<br><strong>Verksvi\u00f0:<\/strong> Haf, t\u00f3nlist, \u00e1st, dau\u00f0i, minning<br><strong>Megin\u00e1t\u00f6k:<\/strong> L\u00f6ngun gegn skynsemi, l\u00edf gegn dau\u00f0a<\/p>\t\t\t\t\t\t\t\t<\/div>\n\t\t\t\t\t<\/div>\n\t\t\t\t<\/div>\n\t\t\t\t\t<\/div>\n\t\t\t\t<\/div>\n\t\t\t\t\t<\/div>\n\t\t\t\t<\/div>\n\t\t<div class=\"elementor-element elementor-element-18613602 e-flex e-con-boxed e-con e-parent\" data-id=\"18613602\" data-element_type=\"container\" data-e-type=\"container\">\n\t\t\t\t\t<div class=\"e-con-inner\">\n\t\t\t\t<div class=\"elementor-element elementor-element-262b8a9f elementor-widget elementor-widget-heading\" data-id=\"262b8a9f\" data-element_type=\"widget\" data-e-type=\"widget\" data-widget_type=\"heading.default\">\n\t\t\t\t\t<h2 class=\"elementor-heading-title elementor-size-default\">S\u00f6guleg sta\u00f0setning<\/h2>\t\t\t\t<\/div>\n\t\t<div class=\"elementor-element elementor-element-46dcb7d e-con-full e-flex e-con e-child\" data-id=\"46dcb7d\" data-element_type=\"container\" data-e-type=\"container\">\n\t\t<div class=\"elementor-element elementor-element-61d3ab3 e-flex e-con-boxed e-con e-child\" data-id=\"61d3ab3\" data-element_type=\"container\" data-e-type=\"container\">\n\t\t\t\t\t<div class=\"e-con-inner\">\n\t\t\t\t<div class=\"elementor-element elementor-element-117c166 elementor-widget elementor-widget-heading\" data-id=\"117c166\" data-element_type=\"widget\" data-e-type=\"widget\" data-widget_type=\"heading.default\">\n\t\t\t\t\t<div class=\"elementor-heading-title elementor-size-default\">T\u00edmabil textanna<\/div>\t\t\t\t<\/div>\n\t\t\t\t<div class=\"elementor-element elementor-element-73997a0 elementor-widget elementor-widget-text-editor\" data-id=\"73997a0\" data-element_type=\"widget\" data-e-type=\"widget\" data-widget_type=\"text-editor.default\">\n\t\t\t\t\t\t\t\t\t<p>Elsta b\u00f3kmenntalega umfj\u00f6llunin um s\u00edrenurnar er \u00d3dysseifskvi\u00f0a, sem yfirleitt er t\u00edmasett \u00e1 \u00e1ttundu e\u00f0a sj\u00f6undu \u00f6ld fyrir Krist. \u00dear fylgja Argonautika Apoll\u00f3n\u00edosar fr\u00e1 R\u00f3dos \u00e1 \u00feri\u00f0ju \u00f6ld fyrir Krist, \u00fear sem Orfeifur yfirgn\u00e6fir s\u00f6ng s\u00edrenanna. Myndlegar heimildir birtast fyrst \u00ed fornlegri vasam\u00e1lun, og efni\u00f0 lifir \u00e1fram allt til r\u00f3mverskra og s\u00ed\u00f0fornra b\u00f3kmennta, me\u00f0al annars hj\u00e1 \u00d3vid\u00edusi.<\/p><p><strong>Go\u00f0afr\u00e6\u00f0ileg sta\u00f0setning<\/strong><\/p><p>S\u00edrenurnar eru kvenkyns <span class=\"iwg-fachbegriff\" data-tooltip=\"Vera sem sameinar eiginleika \u00fdmissa l\u00edfvera.\" tabindex=\"0\">samsettar verur<\/span> \u00far gr\u00edskri <span class=\"iwg-fachbegriff\" data-tooltip=\"Heild \u00feeirra sagna um gu\u00f0i sem var\u00f0veist hafa \u00ed tiltekinni menningu.\" tabindex=\"0\">go\u00f0afr\u00e6\u00f0i<\/span>, upphaflega fuglaverur me\u00f0 efri hluta konu, ekki hafmeyjur. \u00de\u00e6r bjuggu \u00e1 eyju n\u00e6rri str\u00f6ndinni og voru alr\u00e6mdar fyrir t\u00f6frandi t\u00f3nlist s\u00edna og s\u00f6ng, sem lokka\u00f0i sj\u00f3menn \u00ed eigin gl\u00f6tun.<\/p><p>Fr\u00e6gasta atri\u00f0i\u00f0 me\u00f0 s\u00edrenurnar snertir \u00d3dysseif: Hann var n\u00f3gu hygginn til a\u00f0 l\u00e1ta menn s\u00edna tro\u00f0a vaxi \u00ed eyrun og bindast sj\u00e1lfan vi\u00f0 mastri\u00f0 til a\u00f0 standast s\u00f6ng \u00feeirra.<\/p><p>S\u00edrenurnar eru oft t\u00falka\u00f0ar sem sendibo\u00f0ar dau\u00f0ans, ekki illar en banv\u00e6nar. \u00de\u00e6r t\u00e1kna t\u00e1l listar og fegur\u00f0ar sem lei\u00f0ir menn af l\u00edfsveginum. Samkv\u00e6mt sumum heimildum d\u00f3u s\u00edrenurnar \u00far \u00f6rv\u00e6ntingu, \u00fear sem enginn dau\u00f0legur ma\u00f0ur gat sta\u00f0ist s\u00f6ng \u00feeirra. \u00de\u00e6r eru tv\u00edr\u00e6\u00f0ar: fagrar og skelfilegar \u00ed senn.<\/p>\t\t\t\t\t\t\t\t<\/div>\n\t\t\t\t\t<\/div>\n\t\t\t\t<\/div>\n\t\t<div class=\"elementor-element elementor-element-d47b156 e-flex e-con-boxed e-con e-child\" data-id=\"d47b156\" data-element_type=\"container\" data-e-type=\"container\">\n\t\t\t\t\t<div class=\"e-con-inner\">\n\t\t\t\t<div class=\"elementor-element elementor-element-ff38c2b elementor-widget elementor-widget-heading\" data-id=\"ff38c2b\" data-element_type=\"widget\" data-e-type=\"widget\" data-widget_type=\"heading.default\">\n\t\t\t\t\t<div class=\"elementor-heading-title elementor-size-default\">\u00datbrei\u00f0slusv\u00e6\u00f0i<\/div>\t\t\t\t<\/div>\n\t\t\t\t<div class=\"elementor-element elementor-element-4e49fcc elementor-widget elementor-widget-text-editor\" data-id=\"4e49fcc\" data-element_type=\"widget\" data-e-type=\"widget\" data-widget_type=\"text-editor.default\">\n\t\t\t\t\t\t\t\t\t<p>S\u00edrenu-<span class=\"iwg-fachbegriff\" data-tooltip=\"Var\u00f0veitt fr\u00e1s\u00f6gn um gu\u00f0i, uppruna og skipan heimsins.\" tabindex=\"0\">go\u00f0sagan<\/span> \u00e1 r\u00e6tur \u00ed gr\u00edskri menningarheild og barst um allt Mi\u00f0jar\u00f0arhafssv\u00e6\u00f0i\u00f0 me\u00f0 \u00d3dysseifskvi\u00f0u H\u00f3mers.<\/p><p>\u00deegar \u00ed <span class=\"iwg-fachbegriff\" data-tooltip=\"T\u00edmabil gr\u00edskrar og r\u00f3mverskrar menningar, um 800 f.Kr. til 600 e.Kr.\" tabindex=\"0\">forn\u00f6ld<\/span> var sta\u00f0setning \u00feeirra \u00e1 reiki: Oft var s\u00edrenunum skipa\u00f0 vi\u00f0 str\u00f6nd Su\u00f0ur-\u00cdtal\u00edu, me\u00f0al annars vi\u00f0 S\u00edren-eyjarnar utan vi\u00f0 Sorrent\u00f3-skagann og \u00ed n\u00e1grenni Nap\u00f3l\u00ed, en stofnsaga \u00feeirrar borgar er tengd s\u00edrenunni Par\u00feenope, sem stranda\u00f0i \u00fear.<\/p><p>\u00cd gegnum r\u00f3mverska hef\u00f0 og best\u00edar\u00edub\u00f3kmenntir mi\u00f0alda barst s\u00edrenumyndin um alla Evr\u00f3pu; \u00fear rann upphafleg fuglager\u00f0 s\u00edrenunnar sm\u00e1m saman saman vi\u00f0 mynd fiskspor\u00f0shafmeyjunnar. \u00cd \u00feessari mynd var\u00f0 h\u00fan a\u00f0 fastm\u00f3tu\u00f0u <span class=\"iwg-fachbegriff\" data-tooltip=\"Endurteki\u00f0 innihaldsatri\u00f0i \u00ed list e\u00f0a fr\u00e1s\u00f6gn.\" tabindex=\"0\">minni<\/span> \u00ed evr\u00f3pskri list, skjaldarmerkjafr\u00e6\u00f0i og sj\u00f3mannamenningu.<\/p>\t\t\t\t\t\t\t\t<\/div>\n\t\t\t\t\t<\/div>\n\t\t\t\t<\/div>\n\t\t\t\t<\/div>\n\t\t<div class=\"elementor-element elementor-element-db03c39 e-con-full e-flex e-con e-child\" data-id=\"db03c39\" data-element_type=\"container\" data-e-type=\"container\">\n\t\t<div class=\"elementor-element elementor-element-229a87b e-flex e-con-boxed e-con e-child\" data-id=\"229a87b\" data-element_type=\"container\" data-e-type=\"container\">\n\t\t\t\t\t<div class=\"e-con-inner\">\n\t\t\t\t<div class=\"elementor-element elementor-element-1f471fc elementor-widget elementor-widget-heading\" data-id=\"1f471fc\" data-element_type=\"widget\" data-e-type=\"widget\" data-widget_type=\"heading.default\">\n\t\t\t\t\t<div class=\"elementor-heading-title elementor-size-default\">Heimildasta\u00f0a<\/div>\t\t\t\t<\/div>\n\t\t\t\t<div class=\"elementor-element elementor-element-36b1201 elementor-widget elementor-widget-text-editor\" data-id=\"36b1201\" data-element_type=\"widget\" data-e-type=\"widget\" data-widget_type=\"text-editor.default\">\n\t\t\t\t\t\t\t\t\t<p><strong>Frumheimildir:<\/strong><br><em>H\u00f3mer, \u00d3dysseifskvi\u00f0a<\/em> XII, 165, 200<br><em>Hes\u00edodos, Gu\u00f0akynsl\u00f3\u00f0<\/em> 259, 264<br><em>Apoll\u00f3d\u00f3ros, Bibliotheca<\/em> I, 3, 4<br><em>\u00d3vid\u00edus, Myndbreytingar<\/em> V, 551, 563<br><em>Pl\u00fatarkos, Um \u00d3dysseifskvi\u00f0u<\/em><br><strong>Aukaheimildir:<\/strong> Burkert; Ker\u00e9nyi; Bremmer; Sourvinou-Inwood<\/p>\t\t\t\t\t\t\t\t<\/div>\n\t\t\t\t\t<\/div>\n\t\t\t\t<\/div>\n\t\t\t\t<\/div>\n\t\t\t\t\t<\/div>\n\t\t\t\t<\/div>\n\t\t<div class=\"elementor-element elementor-element-3ae0637c e-flex e-con-boxed e-con e-parent\" data-id=\"3ae0637c\" data-element_type=\"container\" data-e-type=\"container\">\n\t\t\t\t\t<div class=\"e-con-inner\">\n\t\t\t\t<div class=\"elementor-element elementor-element-31d07739 elementor-widget elementor-widget-heading\" data-id=\"31d07739\" data-element_type=\"widget\" data-e-type=\"widget\" data-widget_type=\"heading.default\">\n\t\t\t\t\t<h2 class=\"elementor-heading-title elementor-size-default\">Nafn og afbrig\u00f0i<\/h2>\t\t\t\t<\/div>\n\t\t<div class=\"elementor-element elementor-element-b7642947 e-con-full e-flex e-con e-child\" data-id=\"b7642947\" data-element_type=\"container\" data-e-type=\"container\">\n\t\t\t\t<div class=\"elementor-element elementor-element-a086266 elementor-widget elementor-widget-text-editor\" data-id=\"a086266\" data-element_type=\"widget\" data-e-type=\"widget\" data-widget_type=\"text-editor.default\">\n\t\t\t\t\t\t\t\t\t<p>S\u00edrenurnar eru s\u00fdndar \u00ed <span class=\"iwg-fachbegriff\" data-tooltip=\"T\u00edmabil gr\u00edskrar og r\u00f3mverskrar menningar, um 800 f.Kr. til 600 e.Kr.\" tabindex=\"0\">forn\u00f6ld<\/span> sem fuglkonu-<span class=\"iwg-fachbegriff\" data-tooltip=\"Vera sem sameinar eiginleika \u00fdmissa l\u00edfvera.\" tabindex=\"0\">samsettar verur<\/span>: efri hluti fagurrar konu, ne\u00f0ri hluti st\u00f3rs fugls (oft \u00f6rn e\u00f0a ugla). \u00de\u00e6r bera oft hlj\u00f3\u00f0f\u00e6ri (h\u00f6rpu, flautu).<\/p><p>S\u00ed\u00f0ar, \u00e1 mi\u00f0\u00f6ldum, blandast \u00fe\u00e6r saman vi\u00f0 fiskspor\u00f0shafmeyjur, \u00fear sem ruglingur var\u00f0 vi\u00f0 a\u00f0rar sj\u00e1varv\u00e6ttir. T\u00e1kn \u00feeirra eru hinn yfirn\u00e1tt\u00farlegi s\u00f6ngur, t\u00e1li\u00f0 og skeri\u00f0 vi\u00f0 hafi\u00f0 (\u00fear sem \u00fe\u00e6r sitja og syngja). T\u00f3nlistin er alltumlykjandi einkenni \u00feeirra.<\/p>\t\t\t\t\t\t\t\t<\/div>\n\t\t\t\t<\/div>\n\t\t\t\t\t<\/div>\n\t\t\t\t<\/div>\n\t\t<div class=\"elementor-element elementor-element-709a44a8 e-flex e-con-boxed e-con e-parent\" data-id=\"709a44a8\" data-element_type=\"container\" data-e-type=\"container\">\n\t\t\t\t\t<div class=\"e-con-inner\">\n\t\t\t\t<div class=\"elementor-element elementor-element-2f585873 elementor-widget elementor-widget-heading\" data-id=\"2f585873\" data-element_type=\"widget\" data-e-type=\"widget\" data-widget_type=\"heading.default\">\n\t\t\t\t\t<h2 class=\"elementor-heading-title elementor-size-default\">Einkenni<\/h2>\t\t\t\t<\/div>\n\t\t<div class=\"elementor-element elementor-element-70621c12 e-con-full e-flex e-con e-child\" data-id=\"70621c12\" data-element_type=\"container\" data-e-type=\"container\">\n\t\t\t\t<div class=\"elementor-element elementor-element-4296eb49 elementor-widget elementor-widget-text-editor\" data-id=\"4296eb49\" data-element_type=\"widget\" data-e-type=\"widget\" data-widget_type=\"text-editor.default\">\n\t\t\t\t\t\t\t\t\t<p>S\u00edren voru nota\u00f0ar sem a\u00f0v\u00f6run og myndl\u00edking, en tilbei\u00f0sla \u00e1 \u00feeim var engin. \u00d3dysseifur lokar eyrum manna sinna me\u00f0 vaxi til a\u00f0 \u00feeir heyri ekki raddir \u00feeirra, en hann sj\u00e1lfur er bundinn vi\u00f0 mastri\u00f0 til a\u00f0 heyra s\u00f6nginn \u00e1n \u00feess a\u00f0 geta l\u00e1ti\u00f0 undan.<\/p><p>\u00de\u00e6r eru \u00edmynd freistingar og dau\u00f0a. \u00de\u00e6r eru ekki illar \u00ed virkum skilningi og reyna ekki a\u00f0 vei\u00f0a skip. \u00de\u00e6r eru einfaldlega til sta\u00f0ar og heillandi. E\u00f0li \u00feeirra er a\u00f0 syngja, og a\u00f0 menn deyi er a\u00f0eins hli\u00f0arafur\u00f0 \u00feess. \u00cd s\u00ed\u00f0ari menningarheimum ver\u00f0a \u00fe\u00e6r a\u00f0 myndl\u00edkingu fyrir freistingu almennt: girnd, r\u00edkid\u00e6mi, fr\u00e6g\u00f0.<\/p><p><strong>\u00datlit og t\u00e1knm\u00e1l<\/strong><\/p><p>S\u00edren voru upphaflega s\u00fdndar sem konur me\u00f0 fuglsl\u00edkama, v\u00e6ngi, fja\u00f0rir og fuglsf\u00e6tur. S\u00ed\u00f0ar ur\u00f0u \u00fe\u00e6r a\u00f0 hafmeyjum me\u00f0 fiskispor\u00f0, hugsanlega vegna misskilnings e\u00f0a endursk\u00f6punar sem festist \u00ed sessi \u00e1 mi\u00f0\u00f6ldum. H\u00e1r \u00feeirra er langt og villt, stundum kr\u00fdnt bl\u00f3mum. \u00de\u00e6r halda \u00e1 hlj\u00f3\u00f0f\u00e6rum, l\u00fdrum, flautum, tamb\u00far\u00ednum.<\/p><p>Augu \u00feeirra eru heillandi og vitandi. Skelin og l\u00fdran eru helstu eigindi \u00feeirra. Sums sta\u00f0ar bera \u00fe\u00e6r k\u00f3r\u00f3nur e\u00f0a skartgripi. Litur \u00feeirra er misjafn, stundum gullinn eins og s\u00f3lin, stundum silfurlitur eins og m\u00e1ninn. \u00de\u00e6r eru \u00edmynd fegur\u00f0ar og t\u00e6lingar, en einnig h\u00e6ttu og hins \u00f3me\u00f0vita\u00f0a kalls dau\u00f0ans.<\/p><div><p><strong>T\u00e1knmynd s\u00edrena og hellen\u00edsk umbreyting<\/strong><\/p><p>Milli H\u00f3mers og hellenska t\u00edmans (fr\u00e1 4. \u00f6ld f.Kr.) ur\u00f0u breytingar \u00e1 t\u00e1knmynd s\u00edrena. Vasam\u00e1lverk og myntir s\u00fdna \u00fe\u00e6r \u00ed auknum m\u00e6li sem h\u00e1lf-manneskjur og h\u00e1lf-fiska e\u00f0a me\u00f0 fuglsv\u00e6ngi \u00e1samt fiskispor\u00f0um, \u00ed sta\u00f0 eldri fuglkvenna. \u00deetta er tali\u00f0 tengjast egypskum e\u00f0a f\u00f6n\u00edk\u00edskum \u00e1hrifum, \u00fear sem sj\u00e1vartengdar blendingsmyndir voru algengari.<\/p><p>\u00cd hellenskum b\u00f3kmenntaheimildum eru s\u00edren stundum l\u00fdst sem n\u00fdmfur e\u00f0a d\u00e6tur Nereusar; sj\u00e1vartengdum \u00fe\u00e6tti var \u00fe\u00e1 b\u00e6tt vi\u00f0 b\u00e6\u00f0i t\u00e1knmynd \u00feeirra og \u00e6ttfr\u00e6\u00f0ilega st\u00f6\u00f0u. \u00c1 legsteinum og \u00ed \u00fatfararlist var\u00f0 s\u00edrenin <span class=\"iwg-fachbegriff\" data-tooltip=\"T\u00e1kn sem stendur fyrir hugmynd e\u00f0a merkingu.\" tabindex=\"0\">t\u00e1kn<\/span> fyrir sorg, lj\u00fafan dau\u00f0a og umskipti. Tv\u00edr\u00e6\u00f0 n\u00e1tt\u00fara \u00feeirra, f\u00f6gur og dau\u00f0aleg \u00ed senn, ger\u00f0i \u00fe\u00e6r a\u00f0 fullkomnum myndl\u00edkingum fyrir ja\u00f0arst\u00f6\u00f0u dau\u00f0ans sj\u00e1lfs.<\/p><\/div>\t\t\t\t\t\t\t\t<\/div>\n\t\t\t\t<\/div>\n\t\t\t\t\t<\/div>\n\t\t\t\t<\/div>\n\t\t<div class=\"elementor-element elementor-element-44e71476 e-flex e-con-boxed e-con e-parent\" data-id=\"44e71476\" data-element_type=\"container\" data-e-type=\"container\">\n\t\t\t\t\t<div class=\"e-con-inner\">\n\t\t\t\t<div class=\"elementor-element elementor-element-3c1fc3f0 elementor-widget elementor-widget-heading\" data-id=\"3c1fc3f0\" data-element_type=\"widget\" data-e-type=\"widget\" data-widget_type=\"heading.default\">\n\t\t\t\t\t<h2 class=\"elementor-heading-title elementor-size-default\">Uppl\u00fdsingaspjald: S\u00edren<\/h2>\t\t\t\t<\/div>\n\t\t<div class=\"elementor-element elementor-element-84f33b8e e-con-full e-flex e-con e-child\" data-id=\"84f33b8e\" data-element_type=\"container\" data-e-type=\"container\">\n\t\t\t\t<div class=\"elementor-element elementor-element-hqkdc67p elementor-widget elementor-widget-text-editor\" data-id=\"hqkdc67p\" data-element_type=\"widget\" data-e-type=\"widget\" data-widget_type=\"text-editor.default\">\n\t\t\t\t\t\t\t\t\t<p>S\u00edren eru blendingsverur \u00far gr\u00edskri go\u00f0afr\u00e6\u00f0i, upphaflega hugsa\u00f0ar sem konur me\u00f0 fuglsl\u00edkama, en s\u00f6ngur \u00feeirra dregur sj\u00f3farendur \u00ed gl\u00f6tun. \u00deekktasta fr\u00e1s\u00f6gnin er \u00ed \u00d3dysseifskvi\u00f0u: \u00d3dysseifur l\u00e6tur binda sig vi\u00f0 mastri\u00f0 me\u00f0an f\u00f6runautar hans r\u00f3a framhj\u00e1 me\u00f0 vax \u00ed eyrum. Fyrst \u00e1 mi\u00f0\u00f6ldum voru s\u00edren endurm\u00f3ta\u00f0ar sem fiskverur og \u00fear me\u00f0 n\u00e1l\u00e6gari hafmeyjum.<\/p>\t\t\t\t\t\t\t\t<\/div>\n\t\t\t\t<\/div>\n\t\t<div class=\"elementor-element elementor-element-pemmx7c5 e-con-full e-flex e-con e-child\" data-id=\"pemmx7c5\" data-element_type=\"container\" data-e-type=\"container\">\n\t\t<div class=\"elementor-element elementor-element-pemmx7c1 e-con-full e-flex e-con e-child\" data-id=\"pemmx7c1\" data-element_type=\"container\" data-e-type=\"container\">\n\t\t<div class=\"elementor-element elementor-element-qh9oavvu iwg-steckbrief-card e-flex e-con-boxed e-con e-child\" data-id=\"qh9oavvu\" data-element_type=\"container\" data-e-type=\"container\">\n\t\t\t\t\t<div class=\"e-con-inner\">\n\t\t\t\t<div class=\"elementor-element elementor-element-awzx8k2k elementor-widget elementor-widget-heading\" data-id=\"awzx8k2k\" data-element_type=\"widget\" data-e-type=\"widget\" data-widget_type=\"heading.default\">\n\t\t\t\t\t<div class=\"elementor-heading-title elementor-size-default\">Hef\u00f0<\/div>\t\t\t\t<\/div>\n\t\t\t\t<div class=\"elementor-element elementor-element-x6rowhv0 elementor-widget elementor-widget-text-editor\" data-id=\"x6rowhv0\" data-element_type=\"widget\" data-e-type=\"widget\" data-widget_type=\"text-editor.default\">\n\t\t\t\t\t\t\t\t\t<p><strong>\u00c6ttfr\u00e6\u00f0i:<\/strong> D\u00e6tur flj\u00f3tgu\u00f0sins Phorkys e\u00f0a Akkel\u00f3osar. M\u00f3\u00f0ir er \u00ed mismunandi \u00fatg\u00e1fum Gaia e\u00f0a \u00d3kean\u00edda. Ovid\u00edus: upphaflega n\u00fdmfur, f\u00f6runautar Persef\u00f3nu, breytt \u00ed fuglkonur af Demeter sem straff fyrir a\u00f0 hafa ekki komi\u00f0 \u00ed veg fyrir mannr\u00e1ni\u00f0. <br><strong>Fj\u00f6ldi\/n\u00f6fn:<\/strong> H\u00f3mer nefnir engin n\u00f6fn; s\u00ed\u00f0ar: Par\u00feenope, Ligeia, Leukos\u00eda.<\/p>\t\t\t\t\t\t\t\t<\/div>\n\t\t\t\t\t<\/div>\n\t\t\t\t<\/div>\n\t\t<div class=\"elementor-element elementor-element-8e3o4kxs iwg-steckbrief-card e-flex e-con-boxed e-con e-child\" data-id=\"8e3o4kxs\" data-element_type=\"container\" data-e-type=\"container\">\n\t\t\t\t\t<div class=\"e-con-inner\">\n\t\t\t\t<div class=\"elementor-element elementor-element-08rkdgov elementor-widget elementor-widget-heading\" data-id=\"08rkdgov\" data-element_type=\"widget\" data-e-type=\"widget\" data-widget_type=\"heading.default\">\n\t\t\t\t\t<div class=\"elementor-heading-title elementor-size-default\">Verkunarsvi\u00f0<\/div>\t\t\t\t<\/div>\n\t\t\t\t<div class=\"elementor-element elementor-element-uwjelx8s elementor-widget elementor-widget-text-editor\" data-id=\"uwjelx8s\" data-element_type=\"widget\" data-e-type=\"widget\" data-widget_type=\"text-editor.default\">\n\t\t\t\t\t\t\t\t\t<p><strong>Hlutverk:<\/strong> T\u00e6lendur og dau\u00f0ad\u00edsir. \u00de\u00e6r syngja \u00f3m\u00f3tst\u00e6\u00f0ilegan s\u00f6ng sem dregur menn til s\u00edn og lei\u00f0ir til dau\u00f0a (skipbrot, drukknun, \u00e1r\u00e1ttukennda \u00e1st). Ekki virkir mor\u00f0ingjar eins og r\u00e1nfuglar, heldur t\u00e6landi, l\u00f6ngunin ver\u00f0ur a\u00f0 vopni. <br><strong>Skotm\u00f6rk:<\/strong> A\u00f0allega sj\u00f3farendur og str\u00ed\u00f0smenn (\u00d3dysseifur, Argonautar).<\/p>\t\t\t\t\t\t\t\t<\/div>\n\t\t\t\t\t<\/div>\n\t\t\t\t<\/div>\n\t\t<div class=\"elementor-element elementor-element-jm2n74ec iwg-steckbrief-card e-flex e-con-boxed e-con e-child\" data-id=\"jm2n74ec\" data-element_type=\"container\" data-e-type=\"container\">\n\t\t\t\t\t<div class=\"e-con-inner\">\n\t\t\t\t<div class=\"elementor-element elementor-element-8vufse4c elementor-widget elementor-widget-heading\" data-id=\"8vufse4c\" data-element_type=\"widget\" data-e-type=\"widget\" data-widget_type=\"heading.default\">\n\t\t\t\t\t<div class=\"elementor-heading-title elementor-size-default\">\u00c1s\u00fdnd<\/div>\t\t\t\t<\/div>\n\t\t\t\t<div class=\"elementor-element elementor-element-mwb9u015 elementor-widget elementor-widget-text-editor\" data-id=\"mwb9u015\" data-element_type=\"widget\" data-e-type=\"widget\" data-widget_type=\"text-editor.default\">\n\t\t\t\t\t\t\t\t\t<p>Fornaldar- og klass\u00edsk list s\u00fdnir s\u00edren sem fugla me\u00f0 kvenmannsh\u00f6fu\u00f0, oft me\u00f0 hlj\u00f3\u00f0f\u00e6rum eins og l\u00fdru e\u00f0a tv\u00edflautu. H\u00f3mer l\u00fdsir sj\u00e1lfur ekki \u00fatliti \u00feeirra, fuglsformi\u00f0 er sta\u00f0fest me\u00f0 vasamyndum og sk\u00falpt\u00farum. S\u00fa mynd sem n\u00fa er algeng, kona me\u00f0 fiskispor\u00f0, var\u00f0 til fyrst \u00ed mi\u00f0aldahef\u00f0inni og blanda\u00f0i s\u00edren saman vi\u00f0 vatnad\u00edsir.<\/p>\t\t\t\t\t\t\t\t<\/div>\n\t\t\t\t\t<\/div>\n\t\t\t\t<\/div>\n\t\t\t\t<\/div>\n\t\t<div class=\"elementor-element elementor-element-pemmx7c2 e-con-full e-flex e-con e-child\" data-id=\"pemmx7c2\" data-element_type=\"container\" data-e-type=\"container\">\n\t\t<div class=\"elementor-element elementor-element-37ss2yr6 iwg-steckbrief-card e-flex e-con-boxed e-con e-child\" data-id=\"37ss2yr6\" data-element_type=\"container\" data-e-type=\"container\">\n\t\t\t\t\t<div class=\"e-con-inner\">\n\t\t\t\t<div class=\"elementor-element elementor-element-3v0wp3wx elementor-widget elementor-widget-heading\" data-id=\"3v0wp3wx\" data-element_type=\"widget\" data-e-type=\"widget\" data-widget_type=\"heading.default\">\n\t\t\t\t\t<div class=\"elementor-heading-title elementor-size-default\">Hlutverk<\/div>\t\t\t\t<\/div>\n\t\t\t\t<div class=\"elementor-element elementor-element-w3247g2m elementor-widget elementor-widget-text-editor\" data-id=\"w3247g2m\" data-element_type=\"widget\" data-e-type=\"widget\" data-widget_type=\"text-editor.default\">\n\t\t\t\t\t\t\t\t\t<p><strong>Go\u00f0sagnaleg \u00e1hrif:<\/strong> \u00deekktasti \u00fe\u00e1tturinn er \u00d3dysseifskvi\u00f0a XII: \u00d3dysseifur l\u00e6tur binda sig vi\u00f0 mastri\u00f0 og l\u00e6tur menn s\u00edna tro\u00f0a vaxi \u00ed eyrun til a\u00f0 standast. S\u00f6ngur s\u00edrenanna lofar visku og fr\u00e6g\u00f0, hrein andst\u00e6\u00f0a skynsemi (binding) og l\u00f6ngunar. Argonautar: Orfeus yfirsyngur \u00fe\u00e6r me\u00f0 eigin s\u00f6ng. Ovid\u00edus: eftir r\u00e1ni\u00f0 ver\u00f0a \u00fe\u00e6r dau\u00f0ad\u00edsir yfir hafinu.<\/p>\t\t\t\t\t\t\t\t<\/div>\n\t\t\t\t\t<\/div>\n\t\t\t\t<\/div>\n\t\t<div class=\"elementor-element elementor-element-0qpjal9w iwg-steckbrief-card e-flex e-con-boxed e-con e-child\" data-id=\"0qpjal9w\" data-element_type=\"container\" data-e-type=\"container\">\n\t\t\t\t\t<div class=\"e-con-inner\">\n\t\t\t\t<div class=\"elementor-element elementor-element-6ndoih0o elementor-widget elementor-widget-heading\" data-id=\"6ndoih0o\" data-element_type=\"widget\" data-e-type=\"widget\" data-widget_type=\"heading.default\">\n\t\t\t\t\t<div class=\"elementor-heading-title elementor-size-default\">Varnarform<\/div>\t\t\t\t<\/div>\n\t\t\t\t<div class=\"elementor-element elementor-element-6684tyh9 elementor-widget elementor-widget-text-editor\" data-id=\"6684tyh9\" data-element_type=\"widget\" data-e-type=\"widget\" data-widget_type=\"text-editor.default\">\n\t\t\t\t\t\t\t\t\t<p><strong>T\u00e1kn\/d\u00fdrsmyndir:<\/strong> L\u00fdra e\u00f0a harpa, v\u00e6ngir (flugh\u00e6fni), skel (hafstenging). Upphaflega fuglkonur (gr\u00edsk vasam\u00e1lverk). <br><strong>Verndargripir:<\/strong> T\u00f3nlist sj\u00e1lf, s\u00f6ngvar Orfeusar e\u00f0a m\u00fasanna sem v\u00f6rn. Skeljal\u00fa\u00f0ur (\u03ba\u03cc\u03c7\u03bb\u03bf\u03c2) yfirgn\u00e6fir s\u00f6ng s\u00edrenanna.<\/p>\t\t\t\t\t\t\t\t<\/div>\n\t\t\t\t\t<\/div>\n\t\t\t\t<\/div>\n\t\t<div class=\"elementor-element elementor-element-3lfi7x32 iwg-steckbrief-card e-flex e-con-boxed e-con e-child\" data-id=\"3lfi7x32\" data-element_type=\"container\" data-e-type=\"container\">\n\t\t\t\t\t<div class=\"e-con-inner\">\n\t\t\t\t<div class=\"elementor-element elementor-element-0kg99ga1 elementor-widget elementor-widget-heading\" data-id=\"0kg99ga1\" data-element_type=\"widget\" data-e-type=\"widget\" data-widget_type=\"heading.default\">\n\t\t\t\t\t<div class=\"elementor-heading-title elementor-size-default\">Hli\u00f0st\u00e6\u00f0ur<\/div>\t\t\t\t<\/div>\n\t\t\t\t<div class=\"elementor-element elementor-element-n0fum6kp elementor-widget elementor-widget-text-editor\" data-id=\"n0fum6kp\" data-element_type=\"widget\" data-e-type=\"widget\" data-widget_type=\"text-editor.default\">\n\t\t\t\t\t\t\t\t\t<p>Hli\u00f0st\u00e6\u00f0ur vi\u00f0 s\u00edren finnast \u00ed m\u00f6rgum menningarheimum. Innan gr\u00edskrar go\u00f0afr\u00e6\u00f0i eru harp\u00edur \u00feeim n\u00e1komnar sem tengdar fuglkonur, en \u00fe\u00e6r r\u00e6na \u00ed sta\u00f0 \u00feess a\u00f0 t\u00e6la. Samb\u00e6rilegar a\u00f0 hlutverki eru vatnaverur \u00far \u00f6\u00f0rum hef\u00f0um sem draga menn \u00ed vatni\u00f0 me\u00f0 r\u00f6dd e\u00f0a fegur\u00f0, svo sem slavnesku r\u00fas\u00f6lkurnar e\u00f0a \u00fe\u00fdska Loreley-sagan; \u00ed kj\u00f6lfar mi\u00f0aldaendurt\u00falkunarins runnu s\u00edren a\u00f0 lokum saman vi\u00f0 hugmyndina um hafmeyjuna.<\/p>\t\t\t\t\t\t\t\t<\/div>\n\t\t\t\t\t<\/div>\n\t\t\t\t<\/div>\n\t\t\t\t<\/div>\n\t\t\t\t<\/div>\n\t\t\t\t\t<\/div>\n\t\t\t\t<\/div>\n\t\t<div class=\"elementor-element elementor-element-7533bc7a e-flex e-con-boxed e-con e-parent\" data-id=\"7533bc7a\" data-element_type=\"container\" data-e-type=\"container\">\n\t\t\t\t\t<div class=\"e-con-inner\">\n\t\t\t\t<div class=\"elementor-element elementor-element-2447d18d elementor-widget elementor-widget-heading\" data-id=\"2447d18d\" data-element_type=\"widget\" data-e-type=\"widget\" data-widget_type=\"heading.default\">\n\t\t\t\t\t<h2 class=\"elementor-heading-title elementor-size-default\">Verndarr\u00e1\u00f0 \u00ed framkv\u00e6md<\/h2>\t\t\t\t<\/div>\n\t\t<div class=\"elementor-element elementor-element-d5d0260c e-con-full e-flex e-con e-child\" data-id=\"d5d0260c\" data-element_type=\"container\" data-e-type=\"container\">\n\t\t\t\t<div class=\"elementor-element elementor-element-341be2ac elementor-widget elementor-widget-text-editor\" data-id=\"341be2ac\" data-element_type=\"widget\" data-e-type=\"widget\" data-widget_type=\"text-editor.default\">\n\t\t\t\t\t\t\t\t\t<p><strong>Helgisi\u00f0ir og varnir<\/strong><\/p><p>S\u00e6farendur framkv\u00e6mdu helgisi\u00f0i til a\u00f0 bl\u00ed\u00f0ka e\u00f0a for\u00f0ast \u00fe\u00e6r. <span class=\"iwg-fachbegriff\" data-tooltip=\"Gj\u00f6f til gu\u00f0d\u00f3ms til a\u00f0 tj\u00e1 \u00feakkl\u00e6ti, b\u00e6n e\u00f0a lotningu.\" tabindex=\"0\">F\u00f3rnir<\/span> til Nereidsd\u00e6tra og Poseidons fyrir siglingu. S\u00f6ngur verndars\u00e1lma (Orfeifs) \u00e1 sj\u00f3fer\u00f0um. T\u00f3nlistarkeppnir sem <span class=\"iwg-fachbegriff\" data-tooltip=\"Skipul\u00f6g\u00f0 r\u00f6\u00f0 t\u00e1knr\u00e6nna athafna me\u00f0 tr\u00faarlega e\u00f0a menningarlega merkingu.\" tabindex=\"0\">helgisi\u00f0ur<\/span>.<\/p><p><strong>S\u00e6ringar og \u00e1kall<\/strong><\/p><p>Ekki \u00e1kall til s\u00edranna, heldur s\u00e6ringa\u00feulur gegn n\u00e6rveru \u00feeirra. \u00c1 <span class=\"iwg-fachbegriff\" data-tooltip=\"Umbreytingart\u00edmabil milli fornaldar og mi\u00f0alda, um 3. til 7. \u00f6ld.\" tabindex=\"0\">s\u00ed\u00f0forn\u00f6ld<\/span> finnast t\u00f6fratextar me\u00f0 s\u00e6ringum gegn \u201ehr\u00f6\u00f0um s\u00f6ngkonum&#8220; tengdum \u00d3kean\u00eddum og Poseidon. Orfeifshymninn til a\u00f0 yfirbuga \u00fe\u00e6r.<\/p><p><strong>Verndargripir og t\u00e1knmyndir<\/strong><\/p><p>Skeljal\u00fa\u00f0urinn (\u03ba\u03cc\u03c7\u03bb\u03bf\u03c2) var vins\u00e6ll <span class=\"iwg-fachbegriff\" data-tooltip=\"Hlutur sem borinn er \u00e1 l\u00edkamanum og talinn hafa verndandi, \u00f3g\u00e6fuafst\u00fdrandi m\u00e1tt.\" tabindex=\"0\">verndargripur<\/span> me\u00f0al sj\u00f3manna. Myndir af Orfeifi voru nota\u00f0ar sem verndartalismenn. \u00cd Pompeii hafa fundist vaxinnsigli me\u00f0 \u00d3dysseifi bundnum vi\u00f0 mastri\u00f0, t\u00e1kn um yfirbugun s\u00edranna sem <span class=\"iwg-fachbegriff\" data-tooltip=\"T\u00e1kn sem stendur fyrir hugmynd e\u00f0a merkingu.\" tabindex=\"0\">t\u00e1kn<\/span>.<\/p>\t\t\t\t\t\t\t\t<\/div>\n\t\t\t\t<\/div>\n\t\t\t\t\t<\/div>\n\t\t\t\t<\/div>\n\t\t<div class=\"elementor-element elementor-element-5a584676 e-flex e-con-boxed e-con e-parent\" data-id=\"5a584676\" data-element_type=\"container\" data-e-type=\"container\">\n\t\t\t\t\t<div class=\"e-con-inner\">\n\t\t\t\t<div class=\"elementor-element elementor-element-6d0757bf elementor-widget elementor-widget-heading\" data-id=\"6d0757bf\" data-element_type=\"widget\" data-e-type=\"widget\" data-widget_type=\"heading.default\">\n\t\t\t\t\t<h2 class=\"elementor-heading-title elementor-size-default\">S\u00edren, hli\u00f0st\u00e6\u00f0ur \u00ed \u00f6\u00f0rum menningarheimum<\/h2>\t\t\t\t<\/div>\n\t\t<div class=\"elementor-element elementor-element-60563f68 e-con-full e-flex e-con e-child\" data-id=\"60563f68\" data-element_type=\"container\" data-e-type=\"container\">\n\t\t\t\t<div class=\"elementor-element elementor-element-5a93fdd6 elementor-widget elementor-widget-text-editor\" data-id=\"5a93fdd6\" data-element_type=\"widget\" data-e-type=\"widget\" data-widget_type=\"text-editor.default\">\n\t\t\t\t\t\t\t\t\t<p>T\u00e1lkvendi og s\u00f6nggu\u00f0ir eru til alls sta\u00f0ar: Lorelei (germ\u00f6nsk, R\u00ednars\u00f6ngkona), Naiaden (Grikkland, vatnsn\u00fdmfur), Apsaras (Indland, t\u00e1lgy\u00f0jur). Bl\u00f6ndun s\u00f6ngs og dau\u00f0a l\u00edkist Banshee-um (\u00cdrland, dau\u00f0as\u00f6ngur) e\u00f0a Valkyrjum (Skandinav\u00eda, v\u00edgvallarlokkur). S\u00edrenur skera sig \u00far \u00fev\u00ed a\u00f0 \u00fe\u00e6r eru ekki yfirn\u00e1tt\u00farulega illar, h\u00e6ttan sem af \u00feeim stafar er hli\u00f0arafur\u00f0 fegur\u00f0ar \u00feeirra og raddar. \u00de\u00e6r eru n\u00e1tt\u00faru\u00f6fl, ekki si\u00f0fer\u00f0ilegir gerendur.<\/p><div><p><strong>S\u00edrenur \u00ed kristinni t\u00e1knsk\u00fdringu og \u00e1 mi\u00f0\u00f6ldum<\/strong><\/p><p>\u00deegar kristnin endurt\u00falka\u00f0i gr\u00edsku <span class=\"iwg-fachbegriff\" data-tooltip=\"Heild \u00feeirra sagna sem var\u00f0veist hafa um gu\u00f0i \u00ed tiltekinni menningu.\" tabindex=\"0\">go\u00f0afr\u00e6\u00f0ina<\/span> ur\u00f0u s\u00edrenur a\u00f0 t\u00e1knum fyrir freistingu og lygi, s\u00e9rstaklega fyrir syndir kynfer\u00f0islegs e\u00f0lis. Kirkjufe\u00f0ur eins og H\u00eder\u00f3n\u00fdmus s\u00e1u \u00ed \u00feeim dj\u00f6fullegar t\u00e1lkonur sem leiddu menn af r\u00e9ttri lei\u00f0, kristin endurt\u00falkun \u00e1 upprunalegu dau\u00f0ahlutverki \u00feeirra. \u00c1 mi\u00f0\u00f6ldum voru s\u00edrenur nefndar \u00ed d\u00fdrab\u00f3kum og gu\u00f0fr\u00e6\u00f0iritum sem d\u00e6mi um sj\u00faklega girnd.<\/p><p>Athyglisvert er a\u00f0 d\u00fdrab\u00e6kurnar sveiflu\u00f0ust \u00e1 milli hinnar fornu fuglamyndar og hinnar n\u00fdju fiskmyndar. \u00cd gegnum mi\u00f0aldirnar runnu nor\u00f0ur-evr\u00f3pskar hafmeyjuhef\u00f0ir saman vi\u00f0 gr\u00edskar s\u00edrenuhef\u00f0ir, sem \u00fatsk\u00fdrir n\u00fat\u00edmalega tengingu s\u00edrena vi\u00f0 fiskispor\u00f0a. \u00deetta er \u00ed t\u00edmar\u00f6\u00f0 umbreyting: h\u00f3merska s\u00edrenan var fuglslegur <span class=\"iwg-fachbegriff\" data-tooltip=\"Andlegt vera sem eignu\u00f0 er ska\u00f0leg e\u00f0a tv\u00edbent \u00e1hrif.\" tabindex=\"0\">demon<\/span>, hin mi\u00f0aldalega var\u00f0 hafn\u00fdmfa.<\/p><\/div>\t\t\t\t\t\t\t\t<\/div>\n\t\t\t\t<\/div>\n\t\t\t\t\t<\/div>\n\t\t\t\t<\/div>\n\t\t<div class=\"elementor-element elementor-element-cp547ab68 e-flex e-con-boxed e-con e-parent\" data-id=\"cp547ab68\" data-element_type=\"container\" data-e-type=\"container\">\n\t\t\t\t\t<div class=\"e-con-inner\">\n\t\t\t\t<div class=\"elementor-element elementor-element-cp2649c3b elementor-widget elementor-widget-heading\" data-id=\"cp2649c3b\" data-element_type=\"widget\" data-e-type=\"widget\" data-widget_type=\"heading.default\">\n\t\t\t\t\t<h2 class=\"elementor-heading-title elementor-size-default\">S\u00edrenurnar \u00ed \u00d3dysseifskvi\u00f0u<\/h2>\t\t\t\t<\/div>\n\t\t<div class=\"elementor-element elementor-element-cpfc65f6f e-con-full e-flex e-con e-child\" data-id=\"cpfc65f6f\" data-element_type=\"container\" data-e-type=\"container\">\n\t\t\t\t<div class=\"elementor-element elementor-element-cp4c09b49 elementor-widget elementor-widget-text-editor\" data-id=\"cp4c09b49\" data-element_type=\"widget\" data-e-type=\"widget\" data-widget_type=\"text-editor.default\">\n\t\t\t\t\t\t\t\t\t<p>Elsta \u00edtarlega fr\u00e1s\u00f6gnin af s\u00edrenunum er \u00ed 12. b\u00f3k <em>\u00d3dysseifskvi\u00f0u<\/em>. T\u00f6frakonan Kirke varar \u00d3dysseif vi\u00f0 \u00feeim \u00e1\u00f0ur en hann siglir fram hj\u00e1 eyju \u00feeirra.<\/p><p>H\u00fan l\u00fdsir \u00fev\u00ed a\u00f0 s\u00edrenurnar heilli hvern \u00feann sem n\u00e1lgast \u00fe\u00e6r, a\u00f0 \u00ed kringum \u00fe\u00e6r liggi mikill hr\u00fagur af beinum rotnandi manna og a\u00f0 engum sem heyri s\u00f6ng \u00feeirra og sigli \u00e1fram s\u00e9 nokkru sinni au\u00f0i\u00f0 a\u00f0 sj\u00e1 konu og b\u00f6rn s\u00edn aftur.<\/p><p>Kirke gefur \u00d3dysseifi n\u00e1kv\u00e6mar lei\u00f0beiningar. Hann skal l\u00e1ta fylgdarmenn s\u00edna fylla eyrun me\u00f0 mj\u00faku vaxi, en l\u00e1ta sj\u00e1lfan sig, vilji hann heyra s\u00f6nginn, binda vi\u00f0 siglutr\u00e9\u00f0, \u00e1 h\u00f6ndum og f\u00f3tum, og hann skal skipa m\u00f6nnum s\u00ednum a\u00f0 binda hann fastar ef hann b\u00e6\u00f0i \u00fe\u00e1 um a\u00f0 losa sig.<\/p><p>Svo fer \u00fea\u00f0 fram. \u00d3dysseifur heyrir s\u00f6nginn sem dregur hann \u00f3stj\u00f3rnlega a\u00f0 s\u00e9r, en getur ekki losa\u00f0 sig, og skipi\u00f0 kemst undan.<\/p><p>Athyglisvert er hva\u00f0 s\u00edrenurnar bj\u00f3\u00f0a \u00ed raun \u00ed texta H\u00f3mers. \u00de\u00e6r lokka me\u00f0 \u00feekkingu, ekki me\u00f0 fegur\u00f0 og ekki me\u00f0 \u00e1st.<\/p><p>\u00cd s\u00f6ng s\u00ednum lofa \u00fe\u00e6r \u00d3dysseifi a\u00f0 segja honum allt sem ger\u00f0ist vi\u00f0 Tr\u00f3ju, og yfirleitt allt sem gerist \u00e1 j\u00f6r\u00f0inni. H\u00e6ttan sem s\u00edrenurnar bera \u00ed elstu ger\u00f0inni er \u00feannig freisting hinnar alvitru hlustunar, ekki er\u00f3t\u00edsk t\u00e6ling.<\/p><p>H\u00f3mer nefnir ekki me\u00f0 vissu fj\u00f6lda s\u00edrenanna og l\u00fdsir ekki \u00fatliti \u00feeirra; hann segir ekki a\u00f0 \u00fe\u00e6r hafi fugla- e\u00f0a fiskslega mynd. \u00deessi einkenni koma fr\u00e1 \u00f6\u00f0rum, a\u00f0 hluta til s\u00ed\u00f0ari heimildum. <em>\u00d3dysseifskvi\u00f0a<\/em> gefur grunnm\u00f3t\u00edfi\u00f0: hinn banv\u00e6na s\u00f6ng og brag\u00f0i\u00f0 um sj\u00e1lfbindinguna, sem var\u00f0 a\u00f0 m\u00e1lsh\u00e6tti.<\/p>\t\t\t\t\t\t\t\t<\/div>\n\t\t\t\t<\/div>\n\t\t\t\t\t<\/div>\n\t\t\t\t<\/div>\n\t\t<div class=\"elementor-element elementor-element-cp4f32a3c e-flex e-con-boxed e-con e-parent\" data-id=\"cp4f32a3c\" data-element_type=\"container\" data-e-type=\"container\">\n\t\t\t\t\t<div class=\"e-con-inner\">\n\t\t\t\t<div class=\"elementor-element elementor-element-cp14f2319 elementor-widget elementor-widget-heading\" data-id=\"cp14f2319\" data-element_type=\"widget\" data-e-type=\"widget\" data-widget_type=\"heading.default\">\n\t\t\t\t\t<h2 class=\"elementor-heading-title elementor-size-default\">Fuglkonur, ekki fiskkonur: hin forna ger\u00f0 s\u00edrenunnar<\/h2>\t\t\t\t<\/div>\n\t\t<div class=\"elementor-element elementor-element-cpa9009c8 e-con-full e-flex e-con e-child\" data-id=\"cpa9009c8\" data-element_type=\"container\" data-e-type=\"container\">\n\t\t\t\t<div class=\"elementor-element elementor-element-cpb691252 elementor-widget elementor-widget-text-editor\" data-id=\"cpb691252\" data-element_type=\"widget\" data-e-type=\"widget\" data-widget_type=\"text-editor.default\">\n\t\t\t\t\t\t\t\t\t<p>Ein af \u00fer\u00e1l\u00e1tustu ruglingum \u00ed vi\u00f0t\u00f6kus\u00f6gu go\u00f0sagna var\u00f0ar ger\u00f0 s\u00edrenanna. \u00cd gr\u00edskri og r\u00f3mverskri <span class=\"iwg-fachbegriff\" data-tooltip=\"T\u00edmabil gr\u00edskrar og r\u00f3mverskrar menningar, um 800 f.Kr. til 600 e.Kr.\" tabindex=\"0\">forn\u00f6ld<\/span> voru s\u00edrenurnar ekki fiskverur, heldur <span class=\"iwg-fachbegriff\" data-tooltip=\"Vera sem sameinar \u00ed s\u00e9r einkenni \u00fdmissa l\u00edfvera.\" tabindex=\"0\">samsett vera<\/span> af konu og fugli. Hin algenga mynd s\u00fdnir fuglsl\u00edkama me\u00f0 konuh\u00f6fu\u00f0, oft einnig me\u00f0 konuhandleggjum, sem stundum halda \u00e1 hlj\u00f3\u00f0f\u00e6rum.<\/p><p>\u00deessi fuglsmynd er v\u00ed\u00f0a sta\u00f0fest \u00ed fornri list, \u00e1 v\u00f6sum, \u00ed terrakottum og s\u00e9rstaklega \u00e1 grafh\u00fdsum. S\u00e9rlega \u00e1hugavert er hlutverk s\u00edrena sem grafskraut: \u00e1 att\u00edskum grafsteinum og sem plast\u00edsk stytting \u00e1 grafh\u00fdsum birtist s\u00edrenan sem harmandi, kveinandi vera.<\/p><p>Landfr\u00e6\u00f0ingurinn P\u00e1san\u00edas nefnir styttusafn \u00fear sem s\u00edrenurnar tapa \u00ed keppni vi\u00f0 M\u00fasurnar, og einnig \u00feetta <span class=\"iwg-fachbegriff\" data-tooltip=\"Endurteki\u00f0 innihaldsatri\u00f0i \u00ed list e\u00f0a fr\u00e1s\u00f6gn.\" tabindex=\"0\">m\u00f3t\u00edf<\/span> m\u00e1 finna \u00e1 myndverkum.<\/p><p><span class=\"iwg-fachbegriff\" data-tooltip=\"T\u00edmabil gr\u00edskrar og r\u00f3mverskrar menningar, um 800 f.Kr. til 600 e.Kr.\" tabindex=\"0\">Fornaldar<\/span> rith\u00f6fundar g\u00e1fu s\u00edrenunum n\u00f6fn og \u00e6ttart\u00f6lur. \u00de\u00e6r voru yfirleitt taldar d\u00e6tur flj\u00f3tsgu\u00f0sins Akkel\u00f3osar og einnar M\u00fasunna. \u00ddmsar heimildir segja a\u00f0 s\u00edrenurnar hafi upphaflega veri\u00f0 f\u00f6runautar Persef\u00f3nu og hafi fengi\u00f0 v\u00e6ngi til a\u00f0 leita hennar eftir a\u00f0 Hades r\u00e6ndi henni, e\u00f0a a\u00f0 \u00fe\u00e6r hafi veri\u00f0 breyttar \u00ed fuglsl\u00edki til refsingar.<\/p><p>Samruninn vi\u00f0 mynd fiskkonunnar, hafmeyjunnar, \u00e1tti s\u00e9r ekki sta\u00f0 fyrr en \u00e1 mi\u00f0\u00f6ldum. \u00cd mi\u00f0aldad\u00fdrab\u00f3kum og \u00ed myndlist festist sm\u00e1m saman \u00ed sessi hin fiskispor\u00f0a\u00f0a ger\u00f0, og tungum\u00e1lin styrktu \u00feetta: \u00ed r\u00f3m\u00f6nsku m\u00e1lunum t\u00e1knar or\u00f0i\u00f0 sem dregi\u00f0 er af <em>sirena<\/em> \u00ed dag hafmeyjuna.<\/p><p>Fr\u00e6\u00f0imenn sk\u00fdra \u00feessa breytingu me\u00f0 bl\u00f6ndun \u00fdmissa hugmynda um vatnav\u00e6tti. S\u00e1 sem vill skilja hinar fornu s\u00edrenur ver\u00f0ur a\u00f0 leggja me\u00f0vita\u00f0 til hli\u00f0ar hina mi\u00f0alda- og n\u00fat\u00edmalegu mynd fiskkonunnar.<\/p>\t\t\t\t\t\t\t\t<\/div>\n\t\t\t\t<\/div>\n\t\t\t\t\t<\/div>\n\t\t\t\t<\/div>\n\t\t<div class=\"elementor-element elementor-element-cpdee381b e-flex e-con-boxed e-con e-parent\" data-id=\"cpdee381b\" data-element_type=\"container\" data-e-type=\"container\">\n\t\t\t\t\t<div class=\"e-con-inner\">\n\t\t\t\t<div class=\"elementor-element elementor-element-cp331dd9a elementor-widget elementor-widget-heading\" data-id=\"cp331dd9a\" data-element_type=\"widget\" data-e-type=\"widget\" data-widget_type=\"heading.default\">\n\t\t\t\t\t<h2 class=\"elementor-heading-title elementor-size-default\">S\u00edrenur, Arg\u00f3arfarar og endalokin fyrir tilstilli Orfeusar<\/h2>\t\t\t\t<\/div>\n\t\t<div class=\"elementor-element elementor-element-cpb8ec24b e-con-full e-flex e-con e-child\" data-id=\"cpb8ec24b\" data-element_type=\"container\" data-e-type=\"container\">\n\t\t\t\t<div class=\"elementor-element elementor-element-cp4e45df0 elementor-widget elementor-widget-text-editor\" data-id=\"cp4e45df0\" data-element_type=\"widget\" data-e-type=\"widget\" data-widget_type=\"text-editor.default\">\n\t\t\t\t\t\t\t\t\t<p>Auk \u00d3dysseifs kannast gr\u00edska <span class=\"iwg-fachbegriff\" data-tooltip=\"Mi\u00f0lun \u00feekkingar og sagna milli kynsl\u00f3\u00f0a.\" tabindex=\"0\">arfleif\u00f0in<\/span> vi\u00f0 a\u00f0ra st\u00f3rfellda fr\u00e1s\u00f6gn af fundi me\u00f0 s\u00edrenunum, og h\u00fan var gj\u00f6r\u00f3l\u00edk. Argonautarnir, sem sigldu me\u00f0 \u00cdason \u00ed leit a\u00f0 Gullna reyfinu, ur\u00f0u einnig a\u00f0 sigla fram hj\u00e1 eyju s\u00edrenanna. Fr\u00e1s\u00f6gnin er \u00edtarlega s\u00f6g\u00f0 \u00ed <em>Argonautika<\/em> eftir Apollonios fr\u00e1 R\u00f3dos, rita\u00f0 \u00e1 3. \u00f6ld f.Kr.<\/p><p>Um bor\u00f0 \u00ed skipinu Arg\u00f3 var s\u00f6ngh\u00f6fundurinn Orfeus. \u00deegar s\u00edrenurnar t\u00f3ku a\u00f0 syngja, greip Orfeus \u00ed h\u00f6rpu s\u00edna og s\u00f6ng h\u00e6rra og fegurra, \u00feannig a\u00f0 hlj\u00f3mur s\u00edrenanna var\u00f0 yfirgn\u00e6f\u00f0ur af hlj\u00f3mi hans eigin lj\u00f3\u00f0s.<\/p><p>Skipsh\u00f6fnin sigldi \u00f3\u00e1reitt fram hj\u00e1. A\u00f0eins einn Argonauta, B\u00fates, l\u00e9t t\u00e6last af s\u00f6ng s\u00edrenanna, st\u00f6kk \u00ed hafi\u00f0 og synti \u00ed \u00e1tt a\u00f0 eyjunni; samkv\u00e6mt fr\u00e1s\u00f6gninni bjarga\u00f0i Afr\u00f3d\u00edta honum.<\/p><p>V\u00ed\u00f0t\u00e6k <span class=\"iwg-fachbegriff\" data-tooltip=\"T\u00edmabil gr\u00edskrar og r\u00f3mverskrar menningar, um 800 f.Kr. til 600 e.Kr.\" tabindex=\"0\">fornaldar<\/span>hef\u00f0 tengdi \u00f6rl\u00f6g s\u00edrenanna vi\u00f0 sp\u00e1d\u00f3m: \u00fe\u00e6r myndu deyja um lei\u00f0 og skip sigldi fram hj\u00e1 \u00feeim \u00e1n \u00feess a\u00f0 farast. Sumar heimildir tengja \u00feennan dau\u00f0daga vi\u00f0 siglingu \u00d3dysseifs, a\u00f0rar vi\u00f0 siglingu Argonautanna. Sagt er a\u00f0 s\u00edrenurnar hafi \u00fe\u00e1 varpa\u00f0 s\u00e9r \u00ed hafi\u00f0 og or\u00f0i\u00f0 a\u00f0 klettum.<\/p><p>\u00deessar tv\u00e6r fr\u00e1sagnir myndast uppl\u00fdsandi andst\u00e6\u00f0upar. \u00d3dysseifur stenst s\u00edrenurnar me\u00f0 k\u00e6nsku og sj\u00e1lfsstj\u00f3rn, me\u00f0 \u00fev\u00ed a\u00f0 l\u00e1ta binda sig. Argonautarnir stenst \u00fe\u00e6r me\u00f0 \u00e6\u00f0ri list, me\u00f0 s\u00f6ng Orfeusar. <span class=\"iwg-fachbegriff\" data-tooltip=\"T\u00edmabil gr\u00edskrar og r\u00f3mverskrar menningar, um 800 f.Kr. til 600 e.Kr.\" tabindex=\"0\">Fornaldar<\/span>sk\u00fdrendur og s\u00ed\u00f0ari t\u00edma t\u00falkendur hafa \u00edtreka\u00f0 sett \u00feessar tv\u00e6r lei\u00f0ir, aga annars vegar og \u00e6\u00f0ri fegur\u00f0 hins vegar, hli\u00f0 vi\u00f0 hli\u00f0 og t\u00falka\u00f0 \u00fe\u00e6r.<\/p>\t\t\t\t\t\t\t\t<\/div>\n\t\t\t\t<\/div>\n\t\t\t\t\t<\/div>\n\t\t\t\t<\/div>\n\t\t<div class=\"elementor-element elementor-element-36dd7469 e-flex e-con-boxed e-con e-parent\" data-id=\"36dd7469\" data-element_type=\"container\" data-e-type=\"container\">\n\t\t\t\t\t<div class=\"e-con-inner\">\n\t\t\t\t<div class=\"elementor-element elementor-element-13760ab4 elementor-widget elementor-widget-heading\" data-id=\"13760ab4\" data-element_type=\"widget\" data-e-type=\"widget\" data-widget_type=\"heading.default\">\n\t\t\t\t\t<h2 class=\"elementor-heading-title elementor-size-default\">\u00cdtarefni og tenglar<\/h2>\t\t\t\t<\/div>\n\t\t<div class=\"elementor-element elementor-element-28c87796 e-con-full e-flex e-con e-child\" data-id=\"28c87796\" data-element_type=\"container\" data-e-type=\"container\">\n\t\t\t\t<div class=\"elementor-element elementor-element-5d6538df elementor-widget elementor-widget-text-editor\" data-id=\"5d6538df\" data-element_type=\"widget\" data-e-type=\"widget\" data-widget_type=\"text-editor.default\">\n\t\t\t\t\t\t\t\t\t<ul><li>Nere\u00ef\u00f0urnar, verndargy\u00f0jur hafsins<\/li><li><a href=\"https:\/\/iwell-guard.com\/is\/?page_id=168750\">Persef\u00f3na, upphaflega drottning s\u00edrenanna<\/a><\/li><\/ul>\t\t\t\t\t\t\t\t<\/div>\n\t\t\t\t<\/div>\n\t\t\t\t\t<\/div>\n\t\t\t\t<\/div>\n\t\t<div class=\"elementor-element elementor-element-grl4kl40 e-flex e-con-boxed e-con e-parent\" data-id=\"grl4kl40\" data-element_type=\"container\" data-e-type=\"container\">\n\t\t\t\t\t<div class=\"e-con-inner\">\n\t\t\t\t<div class=\"elementor-element elementor-element-bzsbfrmh elementor-widget elementor-widget-heading\" data-id=\"bzsbfrmh\" data-element_type=\"widget\" data-e-type=\"widget\" data-widget_type=\"heading.default\">\n\t\t\t\t\t<h2 class=\"elementor-heading-title elementor-size-default\">Heimildir og fr\u00e6\u00f0irit<\/h2>\t\t\t\t<\/div>\n\t\t<div class=\"elementor-element elementor-element-2c13224a e-con-full e-flex e-con e-child\" data-id=\"2c13224a\" data-element_type=\"container\" data-e-type=\"container\">\n\t\t\t\t<div class=\"elementor-element elementor-element-0eymh9ub elementor-widget elementor-widget-text-editor\" data-id=\"0eymh9ub\" data-element_type=\"widget\" data-e-type=\"widget\" data-widget_type=\"text-editor.default\">\n\t\t\t\t\t\t\t\t\t<footer class=\"iwg-literatur\"><ul><li><span data-nosnippet>Ker\u00e9nyi, Karl: The Gods of the Greeks. 1951<\/span><\/li><li>Bremmer, Jan N.: Greek Religion. 2008<\/li><li><span data-nosnippet>Sourvinou-Inwood, Christiane: Reading Greek Death. 1995<\/span><\/li><li><span data-nosnippet>Dodds, E.R.: The Greeks and the Irrational. 1951<\/span><\/li><\/ul>\n<p class=\"iwg-bib-more\"><span data-nosnippet>Fleiri grunnrit \u00ed <a href=\"https:\/\/iwell-guard.com\/is\/?page_id=168730\">heimildaskr\u00e1nni<\/a>.<\/span><\/p><\/footer>\t\t\t\t\t\t\t\t<\/div>\n\t\t\t\t<\/div>\n\t\t\t\t\t<\/div>\n\t\t\t\t<\/div>\n\t\t<div class=\"elementor-element elementor-element-iwgca-sirenen-sec e-flex e-con-boxed e-con e-parent\" data-id=\"iwgca-sirenen-sec\" data-element_type=\"container\" data-e-type=\"container\" id=\"iwg-ca-sirenen\">\n\t\t\t\t\t<div class=\"e-con-inner\">\n\t\t\t\t<div class=\"elementor-element elementor-element-iwgca-sirenen-te iwg-ca-textwrap elementor-widget elementor-widget-text-editor\" data-id=\"iwgca-sirenen-te\" data-element_type=\"widget\" data-e-type=\"widget\" data-widget_type=\"text-editor.default\">\n\t\t\t\t\t\t\t\t\t<div data-nosnippet=\"true\"><p class=\"iwg-ca-bridge\">Verndarhef\u00f0in sem h\u00e9r er l\u00fdst er tr\u00faars\u00f6gulegt yfirlit yfir s\u00f6guleg fyrirb\u00e6ri. iWell Guard tengist \u00feessari menningars\u00f6gulegu hef\u00f0 verndargripa sem bornir eru \u00e1 l\u00edkamanum og er samt\u00edma\u00fatg\u00e1fa af henni. <a href=\"\/ueber-iwell-guard\/?utm_source=iwell-guard.com&#038;utm_medium=text-link&#038;utm_campaign=schadwesen-tradition\">Meira um iWell Guard \u2192<\/a><\/p><\/div>\t\t\t\t\t\t\t\t<\/div>\n\t\t\t\t\t<\/div>\n\t\t\t\t<\/div>\n\t\t\t\t<\/div>\n\t\t","protected":false},"excerpt":{"rendered":"","protected":false},"author":3,"featured_media":1576,"parent":0,"menu_order":0,"comment_status":"closed","ping_status":"closed","template":"elementor_header_footer","meta":{"_yoast_wpseo_focuskw":"S\u00edrenur","_yoast_wpseo_title":"S\u00edrenur \u2013 t\u00e1lkvendi dau\u00f0ans \u00ed \u00d3dysseifskvi\u00f0u","_yoast_wpseo_metadesc":"Fuglkonur me\u00f0 yfirn\u00e1tt\u00farlegan s\u00f6ng, t\u00e1lkvendi sem lokka til skipbrota. \u00d3dysseifur, go\u00f0afr\u00e6\u00f0i og h\u00e6tta t\u00e1lsins.","_yoast_wpseo_meta-robots-noindex":"","_yoast_wpseo_canonical":"","_angie_page":false,"gefaehrdungsstufe":"4","wesen_kultur":"griechenland","wesen_klasse":"daemonen","footnotes":""},"categories":[],"class_list":["post-168843","page","type-page","status-publish","has-post-thumbnail","hentry"],"yoast_head":"<!-- This site is optimized with the Yoast SEO Premium plugin v27.7 (Yoast SEO v28.3) - https:\/\/yoast.com\/product\/yoast-seo-premium-wordpress\/ -->\n<title>S\u00edrenur \u2013 t\u00e1lkvendi dau\u00f0ans \u00ed \u00d3dysseifskvi\u00f0u<\/title>\n<meta name=\"description\" content=\"Fuglkonur me\u00f0 yfirn\u00e1tt\u00farlegan s\u00f6ng, t\u00e1lkvendi sem lokka til skipbrota. \u00d3dysseifur, go\u00f0afr\u00e6\u00f0i og h\u00e6tta t\u00e1lsins.\" \/>\n<meta name=\"robots\" content=\"index, follow, max-snippet:-1, max-image-preview:large, max-video-preview:-1\" \/>\n<link rel=\"canonical\" href=\"https:\/\/iwell-guard.com\/is\/sirenur\/\" \/>\n<meta property=\"og:locale\" content=\"is_IS\" \/>\n<meta property=\"og:type\" content=\"article\" \/>\n<meta property=\"og:title\" content=\"S\u00edrenur\" \/>\n<meta property=\"og:description\" content=\"Fuglkonur me\u00f0 yfirn\u00e1tt\u00farlegan s\u00f6ng, t\u00e1lkvendi sem lokka til skipbrota. \u00d3dysseifur, go\u00f0afr\u00e6\u00f0i og h\u00e6tta t\u00e1lsins.\" \/>\n<meta property=\"og:url\" content=\"https:\/\/iwell-guard.com\/is\/sirenur\/\" \/>\n<meta property=\"og:site_name\" content=\"iWell Guard\" \/>\n<meta property=\"article:modified_time\" content=\"2026-09-05T14:20:54+00:00\" \/>\n<meta property=\"og:image\" content=\"https:\/\/iwell-guard.com\/wp-content\/uploads\/2026\/04\/daemonen_griechenland_sirenen.webp\" \/>\n\t<meta property=\"og:image:width\" content=\"1024\" \/>\n\t<meta property=\"og:image:height\" content=\"1536\" \/>\n\t<meta property=\"og:image:type\" content=\"image\/webp\" \/>\n<meta name=\"twitter:card\" content=\"summary_large_image\" \/>\n<script type=\"application\/ld+json\" class=\"yoast-schema-graph\">{\"@context\":\"https:\\\/\\\/schema.org\",\"@graph\":[{\"@type\":\"WebPage\",\"@id\":\"https:\\\/\\\/iwell-guard.com\\\/is\\\/sirenur\\\/\",\"url\":\"https:\\\/\\\/iwell-guard.com\\\/is\\\/sirenur\\\/\",\"name\":\"S\u00edrenur \u2013 t\u00e1lkvendi dau\u00f0ans \u00ed \u00d3dysseifskvi\u00f0u\",\"isPartOf\":{\"@id\":\"https:\\\/\\\/iwell-guard.com\\\/is\\\/#website\"},\"primaryImageOfPage\":{\"@id\":\"https:\\\/\\\/iwell-guard.com\\\/is\\\/sirenur\\\/#primaryimage\"},\"image\":{\"@id\":\"https:\\\/\\\/iwell-guard.com\\\/is\\\/sirenur\\\/#primaryimage\"},\"thumbnailUrl\":\"https:\\\/\\\/iwell-guard.com\\\/wp-content\\\/uploads\\\/2026\\\/04\\\/daemonen_griechenland_sirenen.webp\",\"datePublished\":\"2026-09-05T14:03:26+00:00\",\"dateModified\":\"2026-09-05T14:20:54+00:00\",\"description\":\"Fuglkonur me\u00f0 yfirn\u00e1tt\u00farlegan s\u00f6ng, t\u00e1lkvendi sem lokka til skipbrota. \u00d3dysseifur, go\u00f0afr\u00e6\u00f0i og h\u00e6tta t\u00e1lsins.\",\"breadcrumb\":{\"@id\":\"https:\\\/\\\/iwell-guard.com\\\/is\\\/sirenur\\\/#breadcrumb\"},\"inLanguage\":\"is\",\"potentialAction\":[{\"@type\":\"ReadAction\",\"target\":[\"https:\\\/\\\/iwell-guard.com\\\/is\\\/sirenur\\\/\"]}]},{\"@type\":\"ImageObject\",\"inLanguage\":\"is\",\"@id\":\"https:\\\/\\\/iwell-guard.com\\\/is\\\/sirenur\\\/#primaryimage\",\"url\":\"https:\\\/\\\/iwell-guard.com\\\/wp-content\\\/uploads\\\/2026\\\/04\\\/daemonen_griechenland_sirenen.webp\",\"contentUrl\":\"https:\\\/\\\/iwell-guard.com\\\/wp-content\\\/uploads\\\/2026\\\/04\\\/daemonen_griechenland_sirenen.webp\",\"width\":1024,\"height\":1536,\"caption\":\"Dj\u00f6flar \u00far gr\u00edskri hef\u00f0.\"},{\"@type\":\"BreadcrumbList\",\"@id\":\"https:\\\/\\\/iwell-guard.com\\\/is\\\/sirenur\\\/#breadcrumb\",\"itemListElement\":[{\"@type\":\"ListItem\",\"position\":1,\"name\":\"Start\",\"item\":\"https:\\\/\\\/iwell-guard.com\\\/is\\\/?page_id=168580\"},{\"@type\":\"ListItem\",\"position\":2,\"name\":\"S\u00edrenur\"}]},{\"@type\":\"WebSite\",\"@id\":\"https:\\\/\\\/iwell-guard.com\\\/is\\\/#website\",\"url\":\"https:\\\/\\\/iwell-guard.com\\\/is\\\/\",\"name\":\"iWell Guard\",\"description\":\"Schutz vor dunklen Einfl\u00fcssen\",\"publisher\":{\"@id\":\"https:\\\/\\\/iwell-guard.com\\\/is\\\/#organization\"},\"potentialAction\":[{\"@type\":\"SearchAction\",\"target\":{\"@type\":\"EntryPoint\",\"urlTemplate\":\"https:\\\/\\\/iwell-guard.com\\\/is\\\/?s={search_term_string}\"},\"query-input\":{\"@type\":\"PropertyValueSpecification\",\"valueRequired\":true,\"valueName\":\"search_term_string\"}}],\"inLanguage\":\"is\"},{\"@type\":\"Organization\",\"@id\":\"https:\\\/\\\/iwell-guard.com\\\/is\\\/#organization\",\"name\":\"Ittermann electronic GmbH\",\"url\":\"https:\\\/\\\/iwell-guard.com\\\/is\\\/\",\"logo\":{\"@type\":\"ImageObject\",\"inLanguage\":\"is\",\"@id\":\"https:\\\/\\\/iwell-guard.com\\\/is\\\/#\\\/schema\\\/logo\\\/image\\\/\",\"url\":\"https:\\\/\\\/iwell-guard.com\\\/wp-content\\\/uploads\\\/2026\\\/05\\\/Ittermann-Logo-1182x237-1.png\",\"contentUrl\":\"https:\\\/\\\/iwell-guard.com\\\/wp-content\\\/uploads\\\/2026\\\/05\\\/Ittermann-Logo-1182x237-1.png\",\"width\":1182,\"height\":237,\"caption\":\"Ittermann electronic GmbH\"},\"image\":{\"@id\":\"https:\\\/\\\/iwell-guard.com\\\/is\\\/#\\\/schema\\\/logo\\\/image\\\/\"},\"sameAs\":[\"https:\\\/\\\/pantip.com\\\/profile\\\/9367242\",\"https:\\\/\\\/micro.blog\\\/iwellguard\",\"https:\\\/\\\/www.diggerslist.com\\\/iwellguard\\\/about\",\"https:\\\/\\\/skitterphoto.com\\\/photographers\\\/2870314\\\/iwell-guard\",\"https:\\\/\\\/iwellguard.wordpress.com\\\/2026\\\/06\\\/06\\\/iwell-guard\\\/\",\"https:\\\/\\\/hub.docker.com\\\/u\\\/iwellguard\",\"https:\\\/\\\/www.pinterest.com\\\/iwellguard\\\/\",\"https:\\\/\\\/bit.ly\\\/m\\\/iwellguard\",\"https:\\\/\\\/entre-vos-mains.alsace.eu\\\/profiles\\\/iwellguard\\\/activity\",\"https:\\\/\\\/gravatar.com\\\/reallybeded8fd34\",\"https:\\\/\\\/naijamatta.com\\\/iwellguard\",\"https:\\\/\\\/www.goodreads.com\\\/iwellguard\",\"https:\\\/\\\/profile.hatena.ne.jp\\\/iwellguard\\\/\",\"https:\\\/\\\/experiment.com\\\/users\\\/iwellguard\",\"https:\\\/\\\/wakelet.com\\\/@iWellGuard82270\",\"https:\\\/\\\/www.chordie.com\\\/forum\\\/profile.php?id=2555664\",\"https:\\\/\\\/www.instapaper.com\\\/p\\\/17757966\",\"https:\\\/\\\/www.mapleprimes.com\\\/users\\\/iwellguard\",\"https:\\\/\\\/businesslistingplus.com\\\/profile\\\/iwell-guard\\\/\",\"https:\\\/\\\/telegra.ph\\\/iWell-Guard-06-06\",\"https:\\\/\\\/pbase.com\\\/iwellguard\\\/iwellguard\",\"https:\\\/\\\/b.hatena.ne.jp\\\/iwellguard\\\/20260607#bookmark-4788405196491818882\",\"https:\\\/\\\/fliphtml5.com\\\/home\\\/iwellguard\",\"https:\\\/\\\/anyflip.com\\\/homepage\\\/cmiwl#About\",\"https:\\\/\\\/transfur.com\\\/Users\\\/iwellguard\",\"http:\\\/\\\/delphi.larsbo.org\\\/user\\\/iwellguard\",\"https:\\\/\\\/jobs.lajobsportal.org\\\/profiles\\\/8380803-iwell-guard\",\"https:\\\/\\\/md.chaosdorf.de\\\/s\\\/jfbe5SBdJD\",\"https:\\\/\\\/www.lingvolive.com\\\/en-us\\\/profile\\\/9ecaeaca-ce11-4e51-9e71-01d55e2bff36\\\/translations\",\"https:\\\/\\\/www.fitday.com\\\/fitness\\\/forums\\\/members\\\/iwellguard.html\",\"https:\\\/\\\/www.mymeetbook.com\\\/iwellguard\",\"https:\\\/\\\/pxhere.com\\\/en\\\/photographer-me\\\/5040798\",\"https:\\\/\\\/disqus.com\\\/by\\\/iwellguard\\\/about\\\/\",\"https:\\\/\\\/pastelink.net\\\/hjwciqwq\",\"https:\\\/\\\/pubhtml5.com\\\/homepage\\\/scjhn\\\/\",\"https:\\\/\\\/www.bitchute.com\\\/channel\\\/2O2eOKzNqujT\",\"https:\\\/\\\/audiomack.com\\\/iwellguard\"]},{\"@type\":\"Article\",\"@id\":\"https:\\\/\\\/iwell-guard.com\\\/is\\\/sirenur\\\/#article\",\"isPartOf\":{\"@id\":\"https:\\\/\\\/iwell-guard.com\\\/is\\\/sirenur\\\/\"},\"author\":{\"name\":\"Ralf Ittermann\",\"@id\":\"https:\\\/\\\/iwell-guard.com\\\/is\\\/#\\\/schema\\\/person\\\/ee2a27f1cac3406c7c6fb5820cb7349f\"},\"headline\":\"S\u00edrenur\",\"datePublished\":\"2026-09-05T14:03:26+00:00\",\"dateModified\":\"2026-09-05T14:20:54+00:00\",\"mainEntityOfPage\":{\"@id\":\"https:\\\/\\\/iwell-guard.com\\\/is\\\/sirenur\\\/\"},\"publisher\":{\"@id\":\"https:\\\/\\\/iwell-guard.com\\\/is\\\/#organization\"},\"image\":{\"@id\":\"https:\\\/\\\/iwell-guard.com\\\/is\\\/sirenur\\\/#primaryimage\"},\"thumbnailUrl\":\"https:\\\/\\\/iwell-guard.com\\\/wp-content\\\/uploads\\\/2026\\\/04\\\/daemonen_griechenland_sirenen.webp\",\"inLanguage\":\"is\",\"description\":\"Fuglkonur me\u00f0 yfirn\u00e1tt\u00farlegan s\u00f6ng, t\u00e1lkvendi sem lokka til skipbrota. \u00d3dysseifur, go\u00f0afr\u00e6\u00f0i og h\u00e6tta t\u00e1lsins.\"}]}<\/script>\n<!-- \/ Yoast SEO Premium plugin. -->","yoast_head_json":{"title":"S\u00edrenur \u2013 t\u00e1lkvendi dau\u00f0ans \u00ed \u00d3dysseifskvi\u00f0u","description":"Fuglkonur me\u00f0 yfirn\u00e1tt\u00farlegan s\u00f6ng, t\u00e1lkvendi sem lokka til skipbrota. \u00d3dysseifur, go\u00f0afr\u00e6\u00f0i og h\u00e6tta t\u00e1lsins.","robots":{"index":"index","follow":"follow","max-snippet":"max-snippet:-1","max-image-preview":"max-image-preview:large","max-video-preview":"max-video-preview:-1"},"canonical":"https:\/\/iwell-guard.com\/is\/sirenur\/","og_locale":"is_IS","og_type":"article","og_title":"S\u00edrenur","og_description":"Fuglkonur me\u00f0 yfirn\u00e1tt\u00farlegan s\u00f6ng, t\u00e1lkvendi sem lokka til skipbrota. \u00d3dysseifur, go\u00f0afr\u00e6\u00f0i og h\u00e6tta t\u00e1lsins.","og_url":"https:\/\/iwell-guard.com\/is\/sirenur\/","og_site_name":"iWell Guard","article_modified_time":"2026-09-05T14:20:54+00:00","og_image":[{"width":1024,"height":1536,"url":"https:\/\/iwell-guard.com\/wp-content\/uploads\/2026\/04\/daemonen_griechenland_sirenen.webp","type":"image\/webp"}],"twitter_card":"summary_large_image","schema":{"@context":"https:\/\/schema.org","@graph":[{"@type":"Article","@id":"https:\/\/iwell-guard.com\/is\/sirenur\/#article","isPartOf":{"@id":"https:\/\/iwell-guard.com\/is\/sirenur\/"},"author":{"name":"Ralf Ittermann","@id":"https:\/\/iwell-guard.com\/is\/#\/schema\/person\/ee2a27f1cac3406c7c6fb5820cb7349f"},"headline":"S\u00edrenur","datePublished":"2026-09-05T14:03:26+00:00","dateModified":"2026-09-05T14:20:54+00:00","mainEntityOfPage":{"@id":"https:\/\/iwell-guard.com\/is\/sirenur\/"},"publisher":{"@id":"https:\/\/iwell-guard.com\/is\/#organization"},"image":{"@id":"https:\/\/iwell-guard.com\/is\/sirenur\/#primaryimage"},"thumbnailUrl":"https:\/\/iwell-guard.com\/wp-content\/uploads\/2026\/04\/daemonen_griechenland_sirenen.webp","inLanguage":"is","description":"Fuglkonur me\u00f0 yfirn\u00e1tt\u00farlegan s\u00f6ng, t\u00e1lkvendi sem lokka til skipbrota. \u00d3dysseifur, go\u00f0afr\u00e6\u00f0i og h\u00e6tta t\u00e1lsins."},{"@type":"WebPage","@id":"https:\/\/iwell-guard.com\/is\/sirenur\/","url":"https:\/\/iwell-guard.com\/is\/sirenur\/","name":"S\u00edrenur \u2013 t\u00e1lkvendi dau\u00f0ans \u00ed \u00d3dysseifskvi\u00f0u","isPartOf":{"@id":"https:\/\/iwell-guard.com\/is\/#website"},"primaryImageOfPage":{"@id":"https:\/\/iwell-guard.com\/is\/sirenur\/#primaryimage"},"image":{"@id":"https:\/\/iwell-guard.com\/is\/sirenur\/#primaryimage"},"thumbnailUrl":"https:\/\/iwell-guard.com\/wp-content\/uploads\/2026\/04\/daemonen_griechenland_sirenen.webp","datePublished":"2026-09-05T14:03:26+00:00","dateModified":"2026-09-05T14:20:54+00:00","description":"Fuglkonur me\u00f0 yfirn\u00e1tt\u00farlegan s\u00f6ng, t\u00e1lkvendi sem lokka til skipbrota. \u00d3dysseifur, go\u00f0afr\u00e6\u00f0i og h\u00e6tta t\u00e1lsins.","breadcrumb":{"@id":"https:\/\/iwell-guard.com\/is\/sirenur\/#breadcrumb"},"inLanguage":"is","potentialAction":[{"@type":"ReadAction","target":["https:\/\/iwell-guard.com\/is\/sirenur\/"]}]},{"@type":"ImageObject","inLanguage":"is","@id":"https:\/\/iwell-guard.com\/is\/sirenur\/#primaryimage","url":"https:\/\/iwell-guard.com\/wp-content\/uploads\/2026\/04\/daemonen_griechenland_sirenen.webp","contentUrl":"https:\/\/iwell-guard.com\/wp-content\/uploads\/2026\/04\/daemonen_griechenland_sirenen.webp","width":1024,"height":1536,"caption":"Dj\u00f6flar \u00far gr\u00edskri hef\u00f0."},{"@type":"BreadcrumbList","@id":"https:\/\/iwell-guard.com\/is\/sirenur\/#breadcrumb","itemListElement":[{"@type":"ListItem","position":1,"name":"Start","item":"https:\/\/iwell-guard.com\/is\/?page_id=168580"},{"@type":"ListItem","position":2,"name":"S\u00edrenur"}]},{"@type":"WebSite","@id":"https:\/\/iwell-guard.com\/is\/#website","url":"https:\/\/iwell-guard.com\/is\/","name":"iWell Guard","description":"Schutz vor dunklen Einfl\u00fcssen","publisher":{"@id":"https:\/\/iwell-guard.com\/is\/#organization"},"potentialAction":[{"@type":"SearchAction","target":{"@type":"EntryPoint","urlTemplate":"https:\/\/iwell-guard.com\/is\/?s={search_term_string}"},"query-input":{"@type":"PropertyValueSpecification","valueRequired":true,"valueName":"search_term_string"}}],"inLanguage":"is"},{"@type":"Organization","@id":"https:\/\/iwell-guard.com\/is\/#organization","name":"Ittermann electronic GmbH","url":"https:\/\/iwell-guard.com\/is\/","logo":{"@type":"ImageObject","inLanguage":"is","@id":"https:\/\/iwell-guard.com\/is\/#\/schema\/logo\/image\/","url":"https:\/\/iwell-guard.com\/wp-content\/uploads\/2026\/05\/Ittermann-Logo-1182x237-1.png","contentUrl":"https:\/\/iwell-guard.com\/wp-content\/uploads\/2026\/05\/Ittermann-Logo-1182x237-1.png","width":1182,"height":237,"caption":"Ittermann electronic GmbH"},"image":{"@id":"https:\/\/iwell-guard.com\/is\/#\/schema\/logo\/image\/"},"sameAs":["https:\/\/pantip.com\/profile\/9367242","https:\/\/micro.blog\/iwellguard","https:\/\/www.diggerslist.com\/iwellguard\/about","https:\/\/skitterphoto.com\/photographers\/2870314\/iwell-guard","https:\/\/iwellguard.wordpress.com\/2026\/06\/06\/iwell-guard\/","https:\/\/hub.docker.com\/u\/iwellguard","https:\/\/www.pinterest.com\/iwellguard\/","https:\/\/bit.ly\/m\/iwellguard","https:\/\/entre-vos-mains.alsace.eu\/profiles\/iwellguard\/activity","https:\/\/gravatar.com\/reallybeded8fd34","https:\/\/naijamatta.com\/iwellguard","https:\/\/www.goodreads.com\/iwellguard","https:\/\/profile.hatena.ne.jp\/iwellguard\/","https:\/\/experiment.com\/users\/iwellguard","https:\/\/wakelet.com\/@iWellGuard82270","https:\/\/www.chordie.com\/forum\/profile.php?id=2555664","https:\/\/www.instapaper.com\/p\/17757966","https:\/\/www.mapleprimes.com\/users\/iwellguard","https:\/\/businesslistingplus.com\/profile\/iwell-guard\/","https:\/\/telegra.ph\/iWell-Guard-06-06","https:\/\/pbase.com\/iwellguard\/iwellguard","https:\/\/b.hatena.ne.jp\/iwellguard\/20260607#bookmark-4788405196491818882","https:\/\/fliphtml5.com\/home\/iwellguard","https:\/\/anyflip.com\/homepage\/cmiwl#About","https:\/\/transfur.com\/Users\/iwellguard","http:\/\/delphi.larsbo.org\/user\/iwellguard","https:\/\/jobs.lajobsportal.org\/profiles\/8380803-iwell-guard","https:\/\/md.chaosdorf.de\/s\/jfbe5SBdJD","https:\/\/www.lingvolive.com\/en-us\/profile\/9ecaeaca-ce11-4e51-9e71-01d55e2bff36\/translations","https:\/\/www.fitday.com\/fitness\/forums\/members\/iwellguard.html","https:\/\/www.mymeetbook.com\/iwellguard","https:\/\/pxhere.com\/en\/photographer-me\/5040798","https:\/\/disqus.com\/by\/iwellguard\/about\/","https:\/\/pastelink.net\/hjwciqwq","https:\/\/pubhtml5.com\/homepage\/scjhn\/","https:\/\/www.bitchute.com\/channel\/2O2eOKzNqujT","https:\/\/audiomack.com\/iwellguard"]},{"@type":"Person","@id":"https:\/\/iwell-guard.com\/is\/#\/schema\/person\/ee2a27f1cac3406c7c6fb5820cb7349f","name":"Ralf Ittermann","image":{"@type":"ImageObject","inLanguage":"is","@id":"https:\/\/secure.gravatar.com\/avatar\/073c0153e350a5005b68eb752b445fea71f6b24a26da9449ad7e155e6b446c9d?s=96&d=mm&r=g","url":"https:\/\/secure.gravatar.com\/avatar\/073c0153e350a5005b68eb752b445fea71f6b24a26da9449ad7e155e6b446c9d?s=96&d=mm&r=g","contentUrl":"https:\/\/secure.gravatar.com\/avatar\/073c0153e350a5005b68eb752b445fea71f6b24a26da9449ad7e155e6b446c9d?s=96&d=mm&r=g","caption":"Ralf Ittermann"},"givenName":"Ralf","familyName":"Ittermann","jobTitle":"Gesch\u00e4ftsf\u00fchrer und redaktioneller Verantwortlicher","url":"https:\/\/iwell-guard.com\/is\/author\/claude\/","description":"Ralf Ittermann ist Gesch\u00e4ftsf\u00fchrer der Ittermann electronic GmbH und redaktioneller Verantwortlicher des iWell-Guard-Lexikons. Er verbindet langj\u00e4hrige Erfahrung in der Pr\u00e4zisionsfertigung mit medialer Praxis und religionsgeschichtlicher Quellenarbeit.","worksFor":{"@type":"Organization","name":"Ittermann electronic GmbH","url":"https:\/\/ittermann.de\/","address":{"@type":"PostalAddress","streetAddress":"K\u00f6hlergasse 16-18","postalCode":"99842","addressLocality":"Ruhla","addressCountry":"DE"}},"knowsAbout":["Religionsgeschichte","Mythologie","Mediale Praxis","Energetische Diagnostik","Schutzpraxis","Volksglauben","Westliche Esoterik"]},{"@type":"Article","@id":"https:\/\/iwell-guard.com\/is\/sirenur\/#article","isPartOf":{"@id":"https:\/\/iwell-guard.com\/is\/sirenur\/"},"author":{"name":"Ralf Ittermann","@id":"https:\/\/iwell-guard.com\/is\/#\/schema\/person\/ee2a27f1cac3406c7c6fb5820cb7349f"},"headline":"S\u00edrenur","datePublished":"2026-09-05T14:03:26+00:00","dateModified":"2026-09-05T14:20:54+00:00","mainEntityOfPage":{"@id":"https:\/\/iwell-guard.com\/is\/sirenur\/"},"publisher":{"@id":"https:\/\/iwell-guard.com\/is\/#organization"},"image":{"@id":"https:\/\/iwell-guard.com\/is\/sirenur\/#primaryimage"},"thumbnailUrl":"https:\/\/iwell-guard.com\/wp-content\/uploads\/2026\/04\/daemonen_griechenland_sirenen.webp","inLanguage":"is","description":"Fuglkonur me\u00f0 yfirn\u00e1tt\u00farlegan s\u00f6ng, t\u00e1lkvendi sem lokka til skipbrota. \u00d3dysseifur, go\u00f0afr\u00e6\u00f0i og h\u00e6tta t\u00e1lsins."}]}},"_links":{"self":[{"href":"https:\/\/iwell-guard.com\/is\/wp-json\/wp\/v2\/pages\/168843","targetHints":{"allow":["GET"]}}],"collection":[{"href":"https:\/\/iwell-guard.com\/is\/wp-json\/wp\/v2\/pages"}],"about":[{"href":"https:\/\/iwell-guard.com\/is\/wp-json\/wp\/v2\/types\/page"}],"author":[{"embeddable":true,"href":"https:\/\/iwell-guard.com\/is\/wp-json\/wp\/v2\/users\/3"}],"replies":[{"embeddable":true,"href":"https:\/\/iwell-guard.com\/is\/wp-json\/wp\/v2\/comments?post=168843"}],"version-history":[{"count":0,"href":"https:\/\/iwell-guard.com\/is\/wp-json\/wp\/v2\/pages\/168843\/revisions"}],"wp:featuredmedia":[{"embeddable":true,"href":"https:\/\/iwell-guard.com\/is\/wp-json\/wp\/v2\/media\/1576"}],"wp:attachment":[{"href":"https:\/\/iwell-guard.com\/is\/wp-json\/wp\/v2\/media?parent=168843"}],"wp:term":[{"taxonomy":"category","embeddable":true,"href":"https:\/\/iwell-guard.com\/is\/wp-json\/wp\/v2\/categories?post=168843"}],"curies":[{"name":"wp","href":"https:\/\/api.w.org\/{rel}","templated":true}]}}