{"id":168842,"date":"2026-09-05T14:03:26","date_gmt":"2026-09-05T14:03:26","guid":{"rendered":"https:\/\/iwell-guard.com\/?page_id=168842"},"modified":"2026-09-05T14:20:54","modified_gmt":"2026-09-05T14:20:54","slug":"israfil","status":"publish","type":"page","link":"https:\/\/iwell-guard.com\/is\/israfil\/","title":{"rendered":"Israfil"},"content":{"rendered":"\t\t<div data-elementor-type=\"wp-page\" data-elementor-id=\"168842\" class=\"elementor elementor-168842 elementor-2144 elementor-bc-flex-widget\" data-elementor-post-type=\"page\">\n\t\t\t\t<div class=\"elementor-element elementor-element-10fdade e-flex e-con-boxed e-con e-parent\" data-id=\"10fdade\" data-element_type=\"container\" data-e-type=\"container\" data-settings=\"{&quot;background_background&quot;:&quot;classic&quot;}\">\n\t\t\t\t\t<div class=\"e-con-inner\">\n\t\t<div class=\"elementor-element elementor-element-herohlft0 e-flex e-con-boxed e-con e-child\" data-id=\"herohlft0\" data-element_type=\"container\" data-e-type=\"container\">\n\t\t\t\t\t<div class=\"e-con-inner\">\n\t\t<div class=\"elementor-element elementor-element-c3ceb64 e-con-full e-flex e-con e-child\" data-id=\"c3ceb64\" data-element_type=\"container\" data-e-type=\"container\">\n\t\t\t\t<div class=\"elementor-element elementor-element-96ae5e1 elementor-widget elementor-widget-heading\" data-id=\"96ae5e1\" data-element_type=\"widget\" data-e-type=\"widget\" data-widget_type=\"heading.default\">\n\t\t\t\t\t<h1 class=\"elementor-heading-title elementor-size-default\">Israfil, gu\u00f0 \u00edslamskrar hef\u00f0ar<\/h1>\t\t\t\t<\/div>\n\t\t\t\t<div class=\"elementor-element elementor-element-e45238a elementor-widget elementor-widget-text-editor\" data-id=\"e45238a\" data-element_type=\"widget\" data-e-type=\"widget\" data-widget_type=\"text-editor.default\">\n\t\t\t\t\t\t\t\t\t<p>Israfil er erkiengilsgestalt \u00edslamskrar hef\u00f0ar, l\u00fa\u00f0urs-<span class=\"iwg-fachbegriff\" data-tooltip=\"\u00cd abraham\u00edsku tr\u00faarbr\u00f6g\u00f0unum himneskur sendibo\u00f0i Gu\u00f0s.\" tabindex=\"0\">engill<\/span> upprisunnar og bo\u00f0beri d\u00f3msdags. Tr\u00faarfr\u00e6\u00f0ilegt mikilv\u00e6gi hans felst \u00ed \u00fev\u00ed a\u00f0 hann birtir eskat\u00f3log t\u00edmam\u00f3t, hina heimsfrelsandi umbreytingu fr\u00e1 hinu jar\u00f0neska til hins eil\u00edfa, og \u00ed <span class=\"iwg-fachbegriff\" tabindex=\"0\" data-tooltip=\"Tr\u00faarstefna sem leggur \u00e1herslu \u00e1 beina gu\u00f0supplifun; mi\u00f0l\u00e6g \u00ed hinum abraham\u00edsku tr\u00faarbr\u00f6g\u00f0um.\">dulhyggjunni<\/span> sem bo\u00f0beri stundarinnar (As-Sa&#8217;ah).<\/p>\t\t\t\t\t\t\t\t<\/div>\n\t\t\t\t<\/div>\n\t\t<div class=\"elementor-element elementor-element-klsbdg01 e-con-full e-flex e-con e-parent\" data-id=\"klsbdg01\" data-element_type=\"container\" data-e-type=\"container\">\n\t\t\t\t<div class=\"elementor-element elementor-element-klshtm01 elementor-widget elementor-widget-html\" data-id=\"klshtm01\" data-element_type=\"widget\" data-e-type=\"widget\" data-widget_type=\"html.default\">\n\t\t\t\t\t<div class=\"iwg-pill-row\"><span class=\"iwg-klasse-badge\" tabindex=\"0\" data-tooltip=\"Lj\u00f3sverur: Uppl\u00fdstar, verndandi e\u00f0a kennandi verur, erkienglar, uppstigningarmeistarar, lj\u00f3sar n\u00e1tt\u00faruverur. \u00cd n\u00fdrri og eldri andlegum hef\u00f0um l\u00fdst sem hj\u00e1lpar- og kennaraverur.\">Lj\u00f3svera<\/span><a href=\"https:\/\/iwell-guard.com\/is\/?page_id=168613\" class=\"iwg-kultur-badge\" tabindex=\"0\" data-tooltip=\"\u00cdslamskur tr\u00faarheimur me\u00f0 erkienglum, djinnum og tr\u00faarlegum verum.\">\u00cdslam<\/a><span class=\"iwg-tradition-badge\" tabindex=\"0\" data-tooltip=\"Erkiengill, h\u00e6sta engladeild \u00ed hef\u00f0 Gy\u00f0inga, kristinna og m\u00faslima.\">Erkiengill<\/span><\/div>\t\t\t\t<\/div>\n\t\t\t\t<\/div>\n\t\t<div class=\"elementor-element elementor-element-3f74855 e-con-full e-flex e-con e-child\" data-id=\"3f74855\" data-element_type=\"container\" data-e-type=\"container\">\n\t\t\t\t<div class=\"elementor-element elementor-element-1c30362 elementor-toc--minimized-on-tablet elementor-widget elementor-widget-table-of-contents\" data-id=\"1c30362\" data-element_type=\"widget\" data-e-type=\"widget\" data-settings=\"{&quot;exclude_headings_by_selector&quot;:[],&quot;no_headings_message&quot;:&quot;Engar undirfyrirsagnir fundust \\u00e1 \\u00feessari s\\u00ed\\u00f0u.&quot;,&quot;headings_by_tags&quot;:[&quot;h2&quot;,&quot;h3&quot;],&quot;marker_view&quot;:&quot;bullets&quot;,&quot;minimize_box&quot;:&quot;yes&quot;,&quot;icon&quot;:{&quot;value&quot;:&quot;fas fa-circle&quot;,&quot;library&quot;:&quot;fa-solid&quot;,&quot;rendered_tag&quot;:&quot;&lt;svg class=\\&quot;e-font-icon-svg e-fas-circle\\&quot; viewBox=\\&quot;0 0 512 512\\&quot; xmlns=\\&quot;http:\\\/\\\/www.w3.org\\\/2000\\\/svg\\&quot;&gt;&lt;path d=\\&quot;M256 8C119 8 8 119 8 256s111 248 248 248 248-111 248-248S393 8 256 8z\\&quot;&gt;&lt;\\\/path&gt;&lt;\\\/svg&gt;&quot;},&quot;minimized_on&quot;:&quot;tablet&quot;,&quot;hierarchical_view&quot;:&quot;yes&quot;,&quot;min_height&quot;:{&quot;unit&quot;:&quot;px&quot;,&quot;size&quot;:&quot;&quot;,&quot;sizes&quot;:[]},&quot;min_height_tablet&quot;:{&quot;unit&quot;:&quot;px&quot;,&quot;size&quot;:&quot;&quot;,&quot;sizes&quot;:[]},&quot;min_height_mobile&quot;:{&quot;unit&quot;:&quot;px&quot;,&quot;size&quot;:&quot;&quot;,&quot;sizes&quot;:[]}}\" data-widget_type=\"table-of-contents.default\">\n\t\t\t\t\t\t\t\t\t<div class=\"elementor-toc__header\">\n\t\t\t\t\t\t<h2 class=\"elementor-toc__header-title\">\n\t\t\t\tEfnisyfirlit\t\t\t<\/h2>\n\t\t\t\t\t\t\t\t\t\t<div class=\"elementor-toc__toggle-button elementor-toc__toggle-button--expand\" role=\"button\" tabindex=\"0\" aria-controls=\"elementor-toc__1c30362\" aria-expanded=\"true\" aria-label=\"Open table of contents\"><svg aria-hidden=\"true\" class=\"e-font-icon-svg e-fas-chevron-down\" viewBox=\"0 0 448 512\" xmlns=\"http:\/\/www.w3.org\/2000\/svg\"><path d=\"M207.029 381.476L12.686 187.132c-9.373-9.373-9.373-24.569 0-33.941l22.667-22.667c9.357-9.357 24.522-9.375 33.901-.04L224 284.505l154.745-154.021c9.379-9.335 24.544-9.317 33.901.04l22.667 22.667c9.373 9.373 9.373 24.569 0 33.941L240.971 381.476c-9.373 9.372-24.569 9.372-33.942 0z\"><\/path><\/svg><\/div>\n\t\t\t\t<div class=\"elementor-toc__toggle-button elementor-toc__toggle-button--collapse\" role=\"button\" tabindex=\"0\" aria-controls=\"elementor-toc__1c30362\" aria-expanded=\"true\" aria-label=\"Close table of contents\"><svg aria-hidden=\"true\" class=\"e-font-icon-svg e-fas-chevron-up\" viewBox=\"0 0 448 512\" xmlns=\"http:\/\/www.w3.org\/2000\/svg\"><path d=\"M240.971 130.524l194.343 194.343c9.373 9.373 9.373 24.569 0 33.941l-22.667 22.667c-9.357 9.357-24.522 9.375-33.901.04L224 227.495 69.255 381.516c-9.379 9.335-24.544 9.317-33.901-.04l-22.667-22.667c-9.373-9.373-9.373-24.569 0-33.941L207.03 130.525c9.372-9.373 24.568-9.373 33.941-.001z\"><\/path><\/svg><\/div>\n\t\t\t\t\t<\/div>\n\t\t\t\t<div id=\"elementor-toc__1c30362\" class=\"elementor-toc__body\">\n\t\t\t<div class=\"elementor-toc__spinner-container\">\n\t\t\t\t<svg class=\"elementor-toc__spinner eicon-animation-spin e-font-icon-svg e-eicon-loading\" aria-hidden=\"true\" viewBox=\"0 0 1000 1000\" xmlns=\"http:\/\/www.w3.org\/2000\/svg\"><path d=\"M500 975V858C696 858 858 696 858 500S696 142 500 142 142 304 142 500H25C25 237 238 25 500 25S975 237 975 500 763 975 500 975Z\"><\/path><\/svg>\t\t\t<\/div>\n\t\t<\/div>\n\t\t\t\t\t\t<\/div>\n\t\t\t\t<\/div>\n\t\t\t\t\t<\/div>\n\t\t\t\t<\/div>\n\t\t<div class=\"elementor-element elementor-element-herorght0 e-con-full e-flex e-con e-child\" data-id=\"herorght0\" data-element_type=\"container\" data-e-type=\"container\">\n\t\t\t\t<div class=\"elementor-element elementor-element-heroimg00 iwg-hero-image elementor-widget elementor-widget-image\" data-id=\"heroimg00\" data-element_type=\"widget\" data-e-type=\"widget\" data-widget_type=\"image.default\">\n\t\t\t\t\t\t\t\t\t\t\t\t\t\t\t<img fetchpriority=\"high\" decoding=\"async\" width=\"683\" height=\"1024\" src=\"https:\/\/iwell-guard.com\/wp-content\/uploads\/2026\/04\/goetter_islam_israfil-683x1024.webp\" class=\"attachment-large size-large wp-image-171105\" alt=\"\u00cdsraf\u00edl - gu\u00f0ir \u00far \u00edslamskri hef\u00f0, s\u00f6gulega myndskreytt\" srcset=\"https:\/\/iwell-guard.com\/wp-content\/uploads\/2026\/04\/goetter_islam_israfil-683x1024.webp 683w, https:\/\/iwell-guard.com\/wp-content\/uploads\/2026\/04\/goetter_islam_israfil-200x300.webp 200w, https:\/\/iwell-guard.com\/wp-content\/uploads\/2026\/04\/goetter_islam_israfil-768x1152.webp 768w, https:\/\/iwell-guard.com\/wp-content\/uploads\/2026\/04\/goetter_islam_israfil.webp 1024w\" sizes=\"(max-width: 683px) 100vw, 683px\" \/>\t\t\t\t\t\t\t\t\t\t\t\t\t\t\t<\/div>\n\t\t\t\t<\/div>\n\t\t\t\t\t<\/div>\n\t\t\t\t<\/div>\n\t\t<div class=\"elementor-element elementor-element-32917199 e-flex e-con-boxed e-con e-parent\" data-id=\"32917199\" data-element_type=\"container\" data-e-type=\"container\">\n\t\t\t\t\t<div class=\"e-con-inner\">\n\t\t<div class=\"elementor-element elementor-element-26e916cb e-flex e-con-boxed e-con e-child\" data-id=\"26e916cb\" data-element_type=\"container\" data-e-type=\"container\">\n\t\t\t\t\t<div class=\"e-con-inner\">\n\t\t<div class=\"elementor-element elementor-element-253a40d4 e-flex e-con-boxed e-con e-child\" data-id=\"253a40d4\" data-element_type=\"container\" data-e-type=\"container\">\n\t\t\t\t\t<div class=\"e-con-inner\">\n\t\t\t\t<div class=\"elementor-element elementor-element-1200c304 elementor-widget elementor-widget-heading\" data-id=\"1200c304\" data-element_type=\"widget\" data-e-type=\"widget\" data-widget_type=\"heading.default\">\n\t\t\t\t\t<h2 class=\"elementor-heading-title elementor-size-default\">Israfil<\/h2>\t\t\t\t<\/div>\n\t\t\t\t<div class=\"elementor-element elementor-element-11758e7f elementor-widget elementor-widget-text-editor\" data-id=\"11758e7f\" data-element_type=\"widget\" data-e-type=\"widget\" data-widget_type=\"text-editor.default\">\n\t\t\t\t\t\t\t\t\t<p>Israfil gegnir hlutverki l\u00fa\u00f0urs-<span class=\"iwg-fachbegriff\" data-tooltip=\"\u00cd abraham\u00edsku tr\u00faarbr\u00f6g\u00f0unum himneskur sendibo\u00f0i Gu\u00f0s.\" tabindex=\"0\">engils<\/span> og bo\u00f0bera upprisunnar. Eiginleikar hans felast \u00ed krafti, alheimsvitund og n\u00e1l\u00e6g\u00f0 vi\u00f0 hi\u00f0 afdrifar\u00edka andartak veraldarins.<\/p><p>Me\u00f0al helstu go\u00f0sagna eru: hin tv\u00f6falda l\u00fa\u00f0urbl\u00e1stur Israfils (fyrsta til dau\u00f0a, \u00f6nnur til upprisu), t\u00edma\u00feensla vi\u00f0 bl\u00e1sturinn (allt l\u00edf frestast, allar s\u00e1lir standa upp), fundur hans vi\u00f0 sp\u00e1manninn M\u00fahame\u00f0 \u00ed himnaf\u00f6rinni (Isra og Mi&#8217;raj), og dulspekilegar hef\u00f0ir s\u00faf\u00edsks eskat\u00f3log\u00edu.<\/p>\t\t\t\t\t\t\t\t<\/div>\n\t\t\t\t\t<\/div>\n\t\t\t\t<\/div>\n\t\t<div class=\"elementor-element elementor-element-159dcf9a e-flex e-con-boxed e-con e-child\" data-id=\"159dcf9a\" data-element_type=\"container\" data-e-type=\"container\">\n\t\t\t\t\t<div class=\"e-con-inner\">\n\t\t\t\t<div class=\"elementor-element elementor-element-48cee66f elementor-widget elementor-widget-heading\" data-id=\"48cee66f\" data-element_type=\"widget\" data-e-type=\"widget\" data-widget_type=\"heading.default\">\n\t\t\t\t\t<h2 class=\"elementor-heading-title elementor-size-default\">Skyndipr\u00f3f\u00edll: Israfil<\/h2>\t\t\t\t<\/div>\n\t\t\t\t<div class=\"elementor-element elementor-element-3f50d82c elementor-widget elementor-widget-text-editor\" data-id=\"3f50d82c\" data-element_type=\"widget\" data-e-type=\"widget\" data-widget_type=\"text-editor.default\">\n\t\t\t\t\t\t\t\t\t<p>Israfil er nefndur me\u00f0 \u00f3beinum h\u00e6tti \u00ed K\u00f3raninum (39:68 \u00feann dag er l\u00fa\u00f0urinn er \u00feeyttur) og \u00fatf\u00e6r\u00f0ur \u00ed hadith-s\u00f6fnum (Tirmidhi, Ibn Majah, \u00e1 arab\u00edsku, 8. 9. \u00f6ld). Rammatengingin ver\u00f0ur til \u00e1 fyrri hluta \u00edslamskrar t\u00ed\u00f0ar. Ranns\u00f3knarsta\u00f0a (Schimmel, Hughes, Wild) sta\u00f0festir Israfil sem mi\u00f0l\u00e6ga pers\u00f3nu \u00ed \u00edslamskri eskat\u00f3log\u00edu og t\u00edmalegri <span class=\"iwg-fachbegriff\" data-tooltip=\"Hugmyndin um uppbyggingu og skipulag heimsins innan tiltekinnar menningar.\" tabindex=\"0\">heimsmynd<\/span>.<\/p>\t\t\t\t\t\t\t\t<\/div>\n\t\t\t\t\t<\/div>\n\t\t\t\t<\/div>\n\t\t\t\t\t<\/div>\n\t\t\t\t<\/div>\n\t\t\t\t\t<\/div>\n\t\t\t\t<\/div>\n\t\t<div class=\"elementor-element elementor-element-18613602 e-flex e-con-boxed e-con e-parent\" data-id=\"18613602\" data-element_type=\"container\" data-e-type=\"container\">\n\t\t\t\t\t<div class=\"e-con-inner\">\n\t\t\t\t<div class=\"elementor-element elementor-element-262b8a9f elementor-widget elementor-widget-heading\" data-id=\"262b8a9f\" data-element_type=\"widget\" data-e-type=\"widget\" data-widget_type=\"heading.default\">\n\t\t\t\t\t<h2 class=\"elementor-heading-title elementor-size-default\">Yfirlit<\/h2>\t\t\t\t<\/div>\n\t\t<div class=\"elementor-element elementor-element-46dcb7d e-con-full e-flex e-con e-child\" data-id=\"46dcb7d\" data-element_type=\"container\" data-e-type=\"container\">\n\t\t<div class=\"elementor-element elementor-element-61d3ab3 e-flex e-con-boxed e-con e-child\" data-id=\"61d3ab3\" data-element_type=\"container\" data-e-type=\"container\">\n\t\t\t\t\t<div class=\"e-con-inner\">\n\t\t\t\t<div class=\"elementor-element elementor-element-117c166 elementor-widget elementor-widget-heading\" data-id=\"117c166\" data-element_type=\"widget\" data-e-type=\"widget\" data-widget_type=\"heading.default\">\n\t\t\t\t\t<div class=\"elementor-heading-title elementor-size-default\">T\u00edmabil textanna<\/div>\t\t\t\t<\/div>\n\t\t\t\t<div class=\"elementor-element elementor-element-73997a0 elementor-widget elementor-widget-text-editor\" data-id=\"73997a0\" data-element_type=\"widget\" data-e-type=\"widget\" data-widget_type=\"text-editor.default\">\n\t\t\t\t\t\t\t\t\t<p>Fr\u00e1 fyrstu K\u00f3ransk\u00fdringum, gegnum hadith-b\u00f3kmenntirnar, allt til heimsfr\u00e6\u00f0i al-Qazwinis \u00e1 13. \u00f6ld, var mynd Israfils \u00ed grunninn \u00f3breytt \u00ed meginatri\u00f0um: engillinn me\u00f0 l\u00fa\u00f0urinn (Sur), sem b\u00ed\u00f0ur merkis um d\u00f3msdag.<\/p><p>\u00deessi hugmynd er einnig lifandi \u00ed \u00edslamskri tr\u00faari\u00f0kun n\u00fat\u00edmans, me\u00f0al annars \u00ed predikunum og hugvekjub\u00f3kmenntum um endalok heimsins. \u00dea\u00f0 sem hefur breyst eru skreytingarnar, ekki hlutverk engilsins.<\/p>\t\t\t\t\t\t\t\t<\/div>\n\t\t\t\t\t<\/div>\n\t\t\t\t<\/div>\n\t\t<div class=\"elementor-element elementor-element-d47b156 e-flex e-con-boxed e-con e-child\" data-id=\"d47b156\" data-element_type=\"container\" data-e-type=\"container\">\n\t\t\t\t\t<div class=\"e-con-inner\">\n\t\t\t\t<div class=\"elementor-element elementor-element-ff38c2b elementor-widget elementor-widget-heading\" data-id=\"ff38c2b\" data-element_type=\"widget\" data-e-type=\"widget\" data-widget_type=\"heading.default\">\n\t\t\t\t\t<div class=\"elementor-heading-title elementor-size-default\">\u00datbrei\u00f0slusv\u00e6\u00f0i<\/div>\t\t\t\t<\/div>\n\t\t\t\t<div class=\"elementor-element elementor-element-4e49fcc elementor-widget elementor-widget-text-editor\" data-id=\"4e49fcc\" data-element_type=\"widget\" data-e-type=\"widget\" data-widget_type=\"text-editor.default\">\n\t\t\t\t\t\t\t\t\t<p>Israfil var ekki bundinn vi\u00f0 \u00e1kve\u00f0i\u00f0 sv\u00e6\u00f0i e\u00f0a sta\u00f0setningar, heldur var hann \u00feekktur og virtur, e\u00f0a vir\u00f0ingarblandinn \u00f3tti hans, um allan hinn \u00edslamska heim. Hvort sem \u00fea\u00f0 var \u00ed st\u00f3rum borgum e\u00f0a \u00ed dreifb\u00fdlum sveitum, me\u00f0al yfirst\u00e9ttar e\u00f0a almennings, var tr\u00faarleg e\u00f0a menningarleg \u00fe\u00fd\u00f0ing \u00feessarar v\u00e6ttar vi\u00f0urkennd \u00e1n undantekninga og alls sta\u00f0ar.<\/p><p>Israfil er nefndur me\u00f0 s\u00f6mu virkni um allan \u00edslamska heiminn, fr\u00e1 Marokk\u00f3 til Su\u00f0austur-As\u00edu: sem engillinn sem \u00feeytir l\u00fa\u00f0urinn \u00e1 d\u00f3msdag.<\/p><p>\u00deessi samr\u00e6mi m\u00e1 rekja til sameiginlegs grundvallar \u00ed K\u00f3ran\u00fatsk\u00fdringu og hadith-b\u00f3kmenntum, auk mikillar \u00fatbrei\u00f0slu verka eins og heimsfr\u00e6\u00f0i al-Qazwinis, sem barst me\u00f0 verslun og l\u00e6r\u00f0um fer\u00f0am\u00f6nnum um \u00f6ll \u00edsl\u00f6msk l\u00f6nd. L\u00fa\u00f0urengillinn er \u00feannig fastur hluti tr\u00faarhugmynda \u00e1 \u00f6llum \u00edsl\u00f6mskum sv\u00e6\u00f0um.<\/p>\t\t\t\t\t\t\t\t<\/div>\n\t\t\t\t\t<\/div>\n\t\t\t\t<\/div>\n\t\t\t\t<\/div>\n\t\t<div class=\"elementor-element elementor-element-db03c39 e-con-full e-flex e-con e-child\" data-id=\"db03c39\" data-element_type=\"container\" data-e-type=\"container\">\n\t\t<div class=\"elementor-element elementor-element-229a87b e-flex e-con-boxed e-con e-child\" data-id=\"229a87b\" data-element_type=\"container\" data-e-type=\"container\">\n\t\t\t\t\t<div class=\"e-con-inner\">\n\t\t\t\t<div class=\"elementor-element elementor-element-1f471fc elementor-widget elementor-widget-heading\" data-id=\"1f471fc\" data-element_type=\"widget\" data-e-type=\"widget\" data-widget_type=\"heading.default\">\n\t\t\t\t\t<div class=\"elementor-heading-title elementor-size-default\">Heimildasta\u00f0a<\/div>\t\t\t\t<\/div>\n\t\t\t\t<div class=\"elementor-element elementor-element-36b1201 elementor-widget elementor-widget-text-editor\" data-id=\"36b1201\" data-element_type=\"widget\" data-e-type=\"widget\" data-widget_type=\"text-editor.default\">\n\t\t\t\t\t\t\t\t\t<p>Frumheimildir eru K\u00f3raninn (39:68 l\u00fa\u00f0ursversins, 69:13-14 upprisusenan, \u00e1 arab\u00edsku, 7. \u00f6ld), hadith-s\u00f6fn (Jami&#8217;at-Tirmidhi, Sunan Ibn Majah, \u00e1 arab\u00edsku), tafsir-verk (Tabari um s\u00faru 39:68, Ibn Kathir) og s\u00faf\u00edsk eskat\u00f3log\u00eda (Al-Ghazali Ihya, Ibn Arabi Futuhat al-Makkiyya, \u00e1 arab\u00edsku, 11. 13. \u00f6ld).<\/p><p><span data-nosnippet>\u00c1 seinni stigum greindu Schimmel (Mystical Dimensions, 1975), Hughes (Dictionary of Islam), Wild (Eschatology in Islamic Tradition) og McLeod (Judeo-Islamic Angelology) alheimshlutverk Israfils sem mi\u00f0l\u00e6gs erkiengils upprisunnar.<\/span><\/p>\t\t\t\t\t\t\t\t<\/div>\n\t\t\t\t\t<\/div>\n\t\t\t\t<\/div>\n\t\t\t\t<\/div>\n\t\t\t\t\t<\/div>\n\t\t\t\t<\/div>\n\t\t<div class=\"elementor-element elementor-element-3ae0637c e-flex e-con-boxed e-con e-parent\" data-id=\"3ae0637c\" data-element_type=\"container\" data-e-type=\"container\">\n\t\t\t\t\t<div class=\"e-con-inner\">\n\t\t\t\t<div class=\"elementor-element elementor-element-31d07739 elementor-widget elementor-widget-heading\" data-id=\"31d07739\" data-element_type=\"widget\" data-e-type=\"widget\" data-widget_type=\"heading.default\">\n\t\t\t\t\t<h2 class=\"elementor-heading-title elementor-size-default\">Nafn<\/h2>\t\t\t\t<\/div>\n\t\t<div class=\"elementor-element elementor-element-b7642947 e-con-full e-flex e-con e-child\" data-id=\"b7642947\" data-element_type=\"container\" data-e-type=\"container\">\n\t\t\t\t<div class=\"elementor-element elementor-element-a086266 elementor-widget elementor-widget-text-editor\" data-id=\"a086266\" data-element_type=\"widget\" data-e-type=\"widget\" data-widget_type=\"text-editor.default\">\n\t\t\t\t\t\t\t\t\t<p>Israfil er l\u00fdst \u00ed \u00fdmsum heimildum og listr\u00e6num hef\u00f0um me\u00f0 \u00e1kve\u00f0num endurteknum myndhverfum t\u00e1knum, sem hafa haldist tilt\u00f6lulega \u00f3breytt yfir \u00e1ratugi og yfir margv\u00edsleg landfr\u00e6\u00f0ileg sv\u00e6\u00f0i. \u00deessi t\u00e1kn eru ekki einungis skreytandi e\u00f0a valin af handah\u00f3fi, heldur eru \u00feau dj\u00fapt t\u00e1knr\u00e6n og bera mikla merkingu.<\/p><p>\u00cdslamsk hef\u00f0 l\u00fdsir Israfil me\u00f0 v\u00edsan til emb\u00e6ttis hans og eiginleika: L\u00fa\u00f0urinn (Sur) vi\u00f0 varir hans, tilb\u00fainn til bl\u00e1sturs sem hrindir af sta\u00f0 upprisunni, einkennir hann \u00f3tv\u00edr\u00e6tt sem engil d\u00f3msdags. Heimsfr\u00e6\u00f0ingar eins og al-Qazwini l\u00fdsa honum jafnframt \u00ed gr\u00ed\u00f0arlegri st\u00e6r\u00f0, me\u00f0 v\u00e6ngi sem spanna yfir allar h\u00f6fu\u00f0\u00e1ttir, \u00e1vallt \u00e1 ver\u00f0i og b\u00ed\u00f0andi gu\u00f0legs merkis.<\/p><p>\u00deeir sem \u00feekktu \u00feessar l\u00fdsingar skildu samstundis hvert hlutverk engilsins v\u00e6ri \u00ed hj\u00e1lpr\u00e6\u00f0iss\u00f6gunni: Me\u00f0 fyrsta l\u00fa\u00f0urbl\u00e6stri hrindir hann af sta\u00f0 endalokum heimsins, og me\u00f0 \u00f6\u00f0rum kallar hann hina dau\u00f0u til upprisu.<\/p>\t\t\t\t\t\t\t\t<\/div>\n\t\t\t\t<\/div>\n\t\t\t\t\t<\/div>\n\t\t\t\t<\/div>\n\t\t<div class=\"elementor-element elementor-element-709a44a8 e-flex e-con-boxed e-con e-parent\" data-id=\"709a44a8\" data-element_type=\"container\" data-e-type=\"container\">\n\t\t\t\t\t<div class=\"e-con-inner\">\n\t\t\t\t<div class=\"elementor-element elementor-element-2f585873 elementor-widget elementor-widget-heading\" data-id=\"2f585873\" data-element_type=\"widget\" data-e-type=\"widget\" data-widget_type=\"heading.default\">\n\t\t\t\t\t<h2 class=\"elementor-heading-title elementor-size-default\">Einkenni<\/h2>\t\t\t\t<\/div>\n\t\t<div class=\"elementor-element elementor-element-70621c12 e-con-full e-flex e-con e-child\" data-id=\"70621c12\" data-element_type=\"container\" data-e-type=\"container\">\n\t\t\t\t<div class=\"elementor-element elementor-element-4296eb49 elementor-widget elementor-widget-text-editor\" data-id=\"4296eb49\" data-element_type=\"widget\" data-e-type=\"widget\" data-widget_type=\"text-editor.default\">\n\t\t\t\t\t\t\t\t\t<p>Israfil var mi\u00f0l\u00e6gur \u00ed tr\u00faari\u00f0kun, daglegum ath\u00f6fnum og almennum skilningi \u00edslams. F\u00f3lk sneri s\u00e9r a\u00f0 \u00feessari veru \u00e1 kr\u00edt\u00edskum e\u00f0a s\u00e9rst\u00f6kum stundum l\u00edfsins, e\u00f0a \u00e1 \u00e1kve\u00f0num \u00e1rst\u00ed\u00f0um tr\u00faari\u00f0kunar, me\u00f0 skipul\u00f6g\u00f0um, oft \u00edbur\u00f0armiklum ath\u00f6fnum, b\u00e6num e\u00f0a f\u00f3rnargj\u00f6fum.<\/p><p>\u00dea\u00f0 sem sagt var um Israfil fylgdi reglum \u00edslamskrar fr\u00e6\u00f0imennsku: K\u00f3ransta\u00f0ina um l\u00fa\u00f0urbl\u00e1sturinn \u00e1 d\u00f3msdegi \u00fatl\u00f6g\u00f0u K\u00f3ransk\u00fdrendur, hadith-fr\u00e6\u00f0ingar s\u00f6fnu\u00f0u og pr\u00f3fu\u00f0u heimildirnar um engilinn, og heimsfr\u00e6\u00f0ingar eins og al-Qazwini felldu hann inn \u00ed heimsl\u00fdsingar s\u00ednar. Tali\u00f0 um l\u00fa\u00f0urengilinn var \u00feannig hluti af skipulegri fr\u00e6\u00f0igrein, ekki frj\u00e1lsri hugar\u00f3rum.<\/p><p>Israfil er l\u00fdst um aldir \u00ed K\u00f3ransk\u00fdringum, hef\u00f0as\u00f6fnum og heimsfr\u00e6\u00f0iritum eins og verkum al-Qazwinis, sem s\u00fdnir hversu fast emb\u00e6tti hans var greypt \u00ed \u00edslamska heimsmynd.<\/p><p>Hlutverk hans eru sk\u00fdrt afm\u00f6rku\u00f0: Fyrsta bl\u00e1sturinn \u00ed l\u00fa\u00f0urinn (Sur) endar heiminn, annar vekur hina dau\u00f0u til upprisu og d\u00f3ms. \u00cd almennri tr\u00faari\u00f0kun var hinn b\u00ed\u00f0andi engill jafnframt \u00e1minning um a\u00f0 lifa l\u00edfi s\u00ednu me\u00f0 d\u00f3msdaginn \u00ed huga.<\/p>\t\t\t\t\t\t\t\t<\/div>\n\t\t\t\t<\/div>\n\t\t\t\t\t<\/div>\n\t\t\t\t<\/div>\n\t\t<div class=\"elementor-element elementor-element-44e71476 e-flex e-con-boxed e-con e-parent\" data-id=\"44e71476\" data-element_type=\"container\" data-e-type=\"container\">\n\t\t\t\t\t<div class=\"e-con-inner\">\n\t\t\t\t<div class=\"elementor-element elementor-element-3c1fc3f0 elementor-widget elementor-widget-heading\" data-id=\"3c1fc3f0\" data-element_type=\"widget\" data-e-type=\"widget\" data-widget_type=\"heading.default\">\n\t\t\t\t\t<h2 class=\"elementor-heading-title elementor-size-default\">Skyndipr\u00f3f\u00edll: Israfil<\/h2>\t\t\t\t<\/div>\n\t\t<div class=\"elementor-element elementor-element-84f33b8e e-con-full e-flex e-con e-child\" data-id=\"84f33b8e\" data-element_type=\"container\" data-e-type=\"container\">\n\t\t\t\t<div class=\"elementor-element elementor-element-hqkdc67p elementor-widget elementor-widget-text-editor\" data-id=\"hqkdc67p\" data-element_type=\"widget\" data-e-type=\"widget\" data-widget_type=\"text-editor.default\">\n\t\t\t\t\t\t\t\t\t<p>Skyndipr\u00f3f\u00edllinn fangar Israfil \u00ed sex v\u00edddum: uppruna hans \u00ed k\u00f3ran\u00edskum eskat\u00f3log\u00edskum senum, markh\u00f3p hans me\u00f0al tr\u00faa\u00f0ra m\u00faslima og dulspekilegra huglei\u00f0enda, myndr\u00e6num l\u00fa\u00f0urst\u00e1knum, hlutverk hans sem alheimlegur umbreytingarbo\u00f0beri, samanbur\u00f0 vi\u00f0 kristna og hebreska upprisum\u00e1tt, og dulspekilegt hlutverk hans \u00ed s\u00faf\u00edskri eskat\u00f3log\u00edu.<\/p>\t\t\t\t\t\t\t\t<\/div>\n\t\t\t\t<\/div>\n\t\t<div class=\"elementor-element elementor-element-pemmx7c5 e-con-full e-flex e-con e-child\" data-id=\"pemmx7c5\" data-element_type=\"container\" data-e-type=\"container\">\n\t\t<div class=\"elementor-element elementor-element-pemmx7c1 e-con-full e-flex e-con e-child\" data-id=\"pemmx7c1\" data-element_type=\"container\" data-e-type=\"container\">\n\t\t<div class=\"elementor-element elementor-element-qh9oavvu iwg-steckbrief-card e-flex e-con-boxed e-con e-child\" data-id=\"qh9oavvu\" data-element_type=\"container\" data-e-type=\"container\">\n\t\t\t\t\t<div class=\"e-con-inner\">\n\t\t\t\t<div class=\"elementor-element elementor-element-awzx8k2k elementor-widget elementor-widget-heading\" data-id=\"awzx8k2k\" data-element_type=\"widget\" data-e-type=\"widget\" data-widget_type=\"heading.default\">\n\t\t\t\t\t<div class=\"elementor-heading-title elementor-size-default\">Menningarsamhengi<\/div>\t\t\t\t<\/div>\n\t\t\t\t<div class=\"elementor-element elementor-element-x6rowhv0 elementor-widget elementor-widget-text-editor\" data-id=\"x6rowhv0\" data-element_type=\"widget\" data-e-type=\"widget\" data-widget_type=\"text-editor.default\">\n\t\t\t\t\t\t\t\t\t<p>Israf\u00edl er nefndur \u00ed k\u00f3ran\u00edskum textum fr\u00e1 7. \u00f6ld, me\u00f0 r\u00e6tur \u00ed j\u00fad\u00f3-kristnum upprisuhef\u00f0um (tilkynningar Gabr\u00edels, eskat\u00f3l\u00edskt hlutverk \u00dar\u00edels). Landfr\u00e6\u00f0ilegur uppruni er \u00e1 Arab\u00eduskaganum og \u00ed Mi\u00f0austurl\u00f6ndum.<\/p><p>Fyrsta t\u00edmasetta tilv\u00edsunin er \u00ed K\u00f3raninum 39:68 (Mekka-t\u00edmabili\u00f0, 610, 632 e.Kr.). Hin fr\u00e6\u00f0ilega umgj\u00f6r\u00f0 sem \u00e6\u00f0sti b\u00e1s\u00fanu-<span class=\"iwg-fachbegriff\" data-tooltip=\"\u00cd abraham\u00edskum tr\u00faarbr\u00f6g\u00f0um himneskur sendibo\u00f0i Gu\u00f0s.\" tabindex=\"0\">engill<\/span> m\u00f3ta\u00f0ist \u00ed hadith-sk\u00fdringum og s\u00faf\u00edsk verkum (9.\u201313. \u00f6ld).<\/p>\t\t\t\t\t\t\t\t<\/div>\n\t\t\t\t\t<\/div>\n\t\t\t\t<\/div>\n\t\t<div class=\"elementor-element elementor-element-8e3o4kxs iwg-steckbrief-card e-flex e-con-boxed e-con e-child\" data-id=\"8e3o4kxs\" data-element_type=\"container\" data-e-type=\"container\">\n\t\t\t\t\t<div class=\"e-con-inner\">\n\t\t\t\t<div class=\"elementor-element elementor-element-08rkdgov elementor-widget elementor-widget-heading\" data-id=\"08rkdgov\" data-element_type=\"widget\" data-e-type=\"widget\" data-widget_type=\"heading.default\">\n\t\t\t\t\t<div class=\"elementor-heading-title elementor-size-default\">Markh\u00f3pur Israf\u00edls<\/div>\t\t\t\t<\/div>\n\t\t\t\t<div class=\"elementor-element elementor-element-uwjelx8s elementor-widget elementor-widget-text-editor\" data-id=\"uwjelx8s\" data-element_type=\"widget\" data-e-type=\"widget\" data-widget_type=\"text-editor.default\">\n\t\t\t\t\t\t\t\t\t<p>Israf\u00edl h\u00f6f\u00f0a\u00f0i fyrst og fremst til tr\u00faa\u00f0ra m\u00faslima me\u00f0 \u00e1huga \u00e1 handanheimsvon og d\u00f3mi. Markh\u00f3purinn eru tr\u00faa\u00f0ir (von um upprisu), f\u00f3lk af \u00f6llum \u00fej\u00f3\u00f0f\u00e9lagsst\u00f6\u00f0um, og s\u00fafar (sem stunda dulhyggjuhuglei\u00f0slu). Tilefnin eru f\u00f6studagsb\u00e6nir (khutba um d\u00f3msdaginn), huglei\u00f0ingar um dau\u00f0ann, umr\u00e6\u00f0ur um endat\u00edmamerki (allamah) og dul\u00fa\u00f0ugar n\u00e1ttb\u00e6nir (tahajjud). <span class=\"iwg-fachbegriff\" data-tooltip=\"A\u00f0 \u00e1varpa e\u00f0a \u00e1kalla gu\u00f0 e\u00f0a m\u00e1tt me\u00f0 b\u00f3n e\u00f0a form\u00e1la.\" tabindex=\"0\">\u00c1kalli\u00f0<\/span> fer fram \u00ed b\u00e6num um vi\u00f0b\u00fana\u00f0 (isti&#8217;dad) fyrir d\u00f3msdaginn.<\/p>\t\t\t\t\t\t\t\t<\/div>\n\t\t\t\t\t<\/div>\n\t\t\t\t<\/div>\n\t\t<div class=\"elementor-element elementor-element-jm2n74ec iwg-steckbrief-card e-flex e-con-boxed e-con e-child\" data-id=\"jm2n74ec\" data-element_type=\"container\" data-e-type=\"container\">\n\t\t\t\t\t<div class=\"e-con-inner\">\n\t\t\t\t<div class=\"elementor-element elementor-element-8vufse4c elementor-widget elementor-widget-heading\" data-id=\"8vufse4c\" data-element_type=\"widget\" data-e-type=\"widget\" data-widget_type=\"heading.default\">\n\t\t\t\t\t<div class=\"elementor-heading-title elementor-size-default\">Framsetning<\/div>\t\t\t\t<\/div>\n\t\t\t\t<div class=\"elementor-element elementor-element-mwb9u015 elementor-widget elementor-widget-text-editor\" data-id=\"mwb9u015\" data-element_type=\"widget\" data-e-type=\"widget\" data-widget_type=\"text-editor.default\">\n\t\t\t\t\t\t\t\t\t<p>Israf\u00edl \u00ed myndlist: karlkyns vera me\u00f0 gr\u00ed\u00f0arst\u00f3ra, silfur- e\u00f0a gullna v\u00e6ngi, alvarlegt og einbeitt augnar\u00e1\u00f0. Einkenni eru b\u00e1s\u00fana e\u00f0a horn (s\u00far, \u00e1 arab\u00edsku), stundum b\u00f3k verka (amal), lj\u00f3s e\u00f0a heilagur baugur. \u00cd s\u00faf\u00edskri sm\u00e1myndalist: spennt l\u00edkamsstelling, eins og tilb\u00fain til a\u00f0 bl\u00e1sa. T\u00e1knr\u00e6n tengslin vi\u00f0 b\u00e1s\u00fanuna og hina kosm\u00edsku spennu eru einst\u00f6k fyrir Israf\u00edl.<\/p>\t\t\t\t\t\t\t\t<\/div>\n\t\t\t\t\t<\/div>\n\t\t\t\t<\/div>\n\t\t\t\t<\/div>\n\t\t<div class=\"elementor-element elementor-element-pemmx7c2 e-con-full e-flex e-con e-child\" data-id=\"pemmx7c2\" data-element_type=\"container\" data-e-type=\"container\">\n\t\t<div class=\"elementor-element elementor-element-37ss2yr6 iwg-steckbrief-card e-flex e-con-boxed e-con e-child\" data-id=\"37ss2yr6\" data-element_type=\"container\" data-e-type=\"container\">\n\t\t\t\t\t<div class=\"e-con-inner\">\n\t\t\t\t<div class=\"elementor-element elementor-element-3v0wp3wx elementor-widget elementor-widget-heading\" data-id=\"3v0wp3wx\" data-element_type=\"widget\" data-e-type=\"widget\" data-widget_type=\"heading.default\">\n\t\t\t\t\t<div class=\"elementor-heading-title elementor-size-default\">\u00c1hrif Israf\u00edls<\/div>\t\t\t\t<\/div>\n\t\t\t\t<div class=\"elementor-element elementor-element-w3247g2m elementor-widget elementor-widget-text-editor\" data-id=\"w3247g2m\" data-element_type=\"widget\" data-e-type=\"widget\" data-widget_type=\"text-editor.default\">\n\t\t\t\t\t\t\t\t\t<strong>Verkunarsvi\u00f0:<\/strong><p>Israf\u00edl (Isr\u0101f\u012bl, Ur\u0101f\u012bl) er \u00ed \u00edsl\u00f6mskum <span class=\"iwg-fachbegriff\" data-tooltip=\"Tr\u00faarlegar hugmyndir og si\u00f0ir sem eru \u00fatbreiddir \u00ed daglegu l\u00edfi.\" tabindex=\"0\">\u00fej\u00f3\u00f0tr\u00fa<\/span> og \u00ed kan\u00f3n\u00edskum heimildum h\u00f6fu\u00f0engillinn sem bl\u00e6s \u00ed b\u00e1s\u00fanuna (s\u016br) \u00e1 d\u00f3msdegi (yawm al-qiy\u0101ma).<\/p>\t\t\t\t\t\t\t\t<\/div>\n\t\t\t\t\t<\/div>\n\t\t\t\t<\/div>\n\t\t<div class=\"elementor-element elementor-element-0qpjal9w iwg-steckbrief-card e-flex e-con-boxed e-con e-child\" data-id=\"0qpjal9w\" data-element_type=\"container\" data-e-type=\"container\">\n\t\t\t\t\t<div class=\"e-con-inner\">\n\t\t\t\t<div class=\"elementor-element elementor-element-6ndoih0o elementor-widget elementor-widget-heading\" data-id=\"6ndoih0o\" data-element_type=\"widget\" data-e-type=\"widget\" data-widget_type=\"heading.default\">\n\t\t\t\t\t<div class=\"elementor-heading-title elementor-size-default\">Varnarform<\/div>\t\t\t\t<\/div>\n\t\t\t\t<div class=\"elementor-element elementor-element-6684tyh9 elementor-widget elementor-widget-text-editor\" data-id=\"6684tyh9\" data-element_type=\"widget\" data-e-type=\"widget\" data-widget_type=\"text-editor.default\">\n\t\t\t\t\t\t\t\t\t<p>Israf\u00edl var talinn hlutlaus, valdsmikill og \u00f3skeikull \u00ed eskat\u00f3l\u00edskri framkv\u00e6md sinni. \u00c1kallsvenjur f\u00f3lu \u00ed s\u00e9r b\u00e6nir um vi\u00f0b\u00fana\u00f0 (isti&#8217;dad) fyrir d\u00f3msdaginn, um s\u00e1tt (muhasaba) og innri hreinsun (takhalli).<\/p><p>\u00cd s\u00faf\u00edskum hef\u00f0um voru stunda\u00f0ar huglei\u00f0ingar um b\u00e1s\u00fanubl\u00e1stur Israf\u00edls (muraqaba ala-s-soor) til a\u00f0 r\u00e6kta \u00f3tta vi\u00f0 d\u00f3m Allah (khawf) og von um miskunn (raja). Vir\u00f0ingin fyrir Israf\u00edl birtist sem eskat\u00f3l\u00edsk vakning.<\/p>\t\t\t\t\t\t\t\t<\/div>\n\t\t\t\t\t<\/div>\n\t\t\t\t<\/div>\n\t\t<div class=\"elementor-element elementor-element-3lfi7x32 iwg-steckbrief-card e-flex e-con-boxed e-con e-child\" data-id=\"3lfi7x32\" data-element_type=\"container\" data-e-type=\"container\">\n\t\t\t\t\t<div class=\"e-con-inner\">\n\t\t\t\t<div class=\"elementor-element elementor-element-0kg99ga1 elementor-widget elementor-widget-heading\" data-id=\"0kg99ga1\" data-element_type=\"widget\" data-e-type=\"widget\" data-widget_type=\"heading.default\">\n\t\t\t\t\t<div class=\"elementor-heading-title elementor-size-default\">Tengdar verur<\/div>\t\t\t\t<\/div>\n\t\t\t\t<div class=\"elementor-element elementor-element-n0fum6kp elementor-widget elementor-widget-text-editor\" data-id=\"n0fum6kp\" data-element_type=\"widget\" data-e-type=\"widget\" data-widget_type=\"text-editor.default\">\n\t\t\t\t\t\t\t\t\t<p>Samb\u00e6rilegar verur \u00ed \u00edslam: Jibr\u00edl (bo\u00f0andi opinberunar), M\u00edka\u00edl (verndar-<span class=\"iwg-fachbegriff\" data-tooltip=\"\u00cd abraham\u00edskum tr\u00faarbr\u00f6g\u00f0um himneskur sendibo\u00f0i Gu\u00f0s.\" tabindex=\"0\">engill<\/span>), Azra\u00edl (dau\u00f0aengillinn). Utan \u00edslam: kristni Gabr\u00edel (tilkynningar), gy\u00f0ingd\u00f3ms \u00dar\u00edel (d\u00f3ms-<span class=\"iwg-fachbegriff\" data-tooltip=\"\u00cd abraham\u00edskum tr\u00faarbr\u00f6g\u00f0um himneskur sendibo\u00f0i Gu\u00f0s.\" tabindex=\"0\">engill<\/span>), kristni M\u00edkael (str\u00ed\u00f0s-<span class=\"iwg-fachbegriff\" data-tooltip=\"\u00cd abraham\u00edskum tr\u00faarbr\u00f6g\u00f0um himneskur sendibo\u00f0i Gu\u00f0s.\" tabindex=\"0\">engill<\/span>). S\u00e9rstakt hlutverk hans vi\u00f0 hina kosm\u00edsku umbreytingu gerir Israf\u00edl einstakan.<\/p>\t\t\t\t\t\t\t\t<\/div>\n\t\t\t\t\t<\/div>\n\t\t\t\t<\/div>\n\t\t\t\t<\/div>\n\t\t\t\t<\/div>\n\t\t\t\t\t<\/div>\n\t\t\t\t<\/div>\n\t\t<div class=\"elementor-element elementor-element-7533bc7a e-flex e-con-boxed e-con e-parent\" data-id=\"7533bc7a\" data-element_type=\"container\" data-e-type=\"container\">\n\t\t\t\t\t<div class=\"e-con-inner\">\n\t\t\t\t<div class=\"elementor-element elementor-element-2447d18d elementor-widget elementor-widget-heading\" data-id=\"2447d18d\" data-element_type=\"widget\" data-e-type=\"widget\" data-widget_type=\"heading.default\">\n\t\t\t\t\t<h2 class=\"elementor-heading-title elementor-size-default\">Varnir \u00ed daglegu l\u00edfi<\/h2>\t\t\t\t<\/div>\n\t\t<div class=\"elementor-element elementor-element-d5d0260c e-con-full e-flex e-con e-child\" data-id=\"d5d0260c\" data-element_type=\"container\" data-e-type=\"container\">\n\t\t\t\t<div class=\"elementor-element elementor-element-341be2ac elementor-widget elementor-widget-text-editor\" data-id=\"341be2ac\" data-element_type=\"widget\" data-e-type=\"widget\" data-widget_type=\"text-editor.default\">\n\t\t\t\t\t\t\t\t\t<p><strong>\u00c1kall og minningari\u00f0kun<\/strong><\/p><p>\u00cdsraf\u00edl er ekki vi\u00f0fangsefni beinnar <span class=\"iwg-fachbegriff\" data-tooltip=\"\u00dea\u00f0 a\u00f0 \u00e1varpa e\u00f0a s\u00e6ra fram gu\u00f0 e\u00f0a m\u00e1tt me\u00f0 b\u00e6n e\u00f0a \u00e1k\u00f6llun.\" tabindex=\"0\">\u00e1kallanar<\/span> \u00ed skilningi b\u00e6nar\u00e1heita (Du&#8217;a).<\/p><p><strong>L\u00fa\u00f0urhlj\u00f3\u00f0i\u00f0 og hin dulspekilega heyrn<\/strong><\/p><p>S\u00fara 39:68 l\u00fdsir einu bl\u00e1sturshlj\u00f3\u00f0i (Naffkha), sem s\u00ed\u00f0an er fylgt eftir af \u00f6\u00f0ru.<\/p><p><strong>Verndargripir og undirb\u00faningur fyrir heimsslit<\/strong><\/p><p>\u00dea\u00f0 eru engar beinar <span class=\"iwg-fachbegriff\" data-tooltip=\"Hlutur borinn \u00e1 l\u00edkamanum sem talinn er hafa verndandi, \u00f3g\u00e6fuvarnandi m\u00e1tt.\" tabindex=\"0\">verndargripa<\/span>-hef\u00f0ir tengdar \u00cdsraf\u00edl. \u00deess \u00ed sta\u00f0 er minningari\u00f0kunin (Dhikr, Salawat til sp\u00e1mannsins) hin fyrirbyggjandi verndarr\u00e1\u00f0st\u00f6fun.<\/p>\t\t\t\t\t\t\t\t<\/div>\n\t\t\t\t<\/div>\n\t\t\t\t\t<\/div>\n\t\t\t\t<\/div>\n\t\t<div class=\"elementor-element elementor-element-5a584676 e-flex e-con-boxed e-con e-parent\" data-id=\"5a584676\" data-element_type=\"container\" data-e-type=\"container\">\n\t\t\t\t\t<div class=\"e-con-inner\">\n\t\t\t\t<div class=\"elementor-element elementor-element-6d0757bf elementor-widget elementor-widget-heading\" data-id=\"6d0757bf\" data-element_type=\"widget\" data-e-type=\"widget\" data-widget_type=\"heading.default\">\n\t\t\t\t\t<h2 class=\"elementor-heading-title elementor-size-default\">Israf\u00edl, hli\u00f0st\u00e6\u00f0ur \u00ed \u00f6\u00f0rum menningarheimum<\/h2>\t\t\t\t<\/div>\n\t\t<div class=\"elementor-element elementor-element-60563f68 e-con-full e-flex e-con e-child\" data-id=\"60563f68\" data-element_type=\"container\" data-e-type=\"container\">\n\t\t\t\t<div class=\"elementor-element elementor-element-5a93fdd6 elementor-widget elementor-widget-text-editor\" data-id=\"5a93fdd6\" data-element_type=\"widget\" data-e-type=\"widget\" data-widget_type=\"text-editor.default\">\n\t\t\t\t\t\t\t\t\t<p><p><strong>Hef\u00f0 Gy\u00f0inga:<\/strong> Gy\u00f0inglegt hli\u00f0st\u00e6\u00f0i: \u00dar\u00edel (d\u00f3ms-<span class=\"iwg-fachbegriff\" data-tooltip=\"\u00cd abraham\u00edskum tr\u00faarbr\u00f6g\u00f0um himneskur sendibo\u00f0i Gu\u00f0s.\" tabindex=\"0\">engill<\/span>, tort\u00edmandi b\u00e1s\u00fanur \u00fdja\u00f0 a\u00f0 \u00ed opinberunarb\u00f3kmenntum). Munurinn: \u00dar\u00edel er fremur bo\u00f0beri straffs; Israf\u00edl er hrein tilkynning um umbreytingu. Einnig Rag\u00fael (kosm\u00edskt r\u00e9ttl\u00e6ti) hefur eskat\u00f3l\u00edsk einkenni.<\/p><p><strong>Gr\u00edsk-r\u00f3mverski heimurinn:<\/strong> Gr\u00edsk hli\u00f0st\u00e6\u00f0a: Hermes (bo\u00f0beri dau\u00f0ans), Apollon (<span class=\"iwg-fachbegriff\" data-tooltip=\"Sta\u00f0ur e\u00f0a stofnun \u00fear sem leita\u00f0 er gu\u00f0legs svars.\" tabindex=\"0\">v\u00e9fr\u00e9tt<\/span>, en ekki <span class=\"iwg-fachbegriff\" tabindex=\"0\" data-tooltip=\"Var\u00f0ar endat\u00edmann e\u00f0a hinstu \u00f6rl\u00f6g mannsins; eskat\u00f3l\u00f3g\u00eda er kenningin um upprisu, d\u00f3m og fullkomnun.\">eskat\u00f3l\u00edskur<\/span>). N\u00e1nari: Moirurnar\/Skapad\u00edsirnar (sendibo\u00f0ar \u00f6rlaganna, t\u00edmabundin umbreyting). Skortur \u00e1 upprisu-<span class=\"iwg-fachbegriff\" data-tooltip=\"Heild \u00feeirra gu\u00f0asagna sem var\u00f0veist hafa fr\u00e1 einni menningu.\" tabindex=\"0\">go\u00f0afr\u00e6\u00f0i<\/span> \u00ed Grikklandi gerir beinar hli\u00f0st\u00e6\u00f0ur veikar.<\/p><p><strong>Mes\u00f3p\u00f3tam\u00eda:<\/strong> Mes\u00f3p\u00f3tam\u00edsk hli\u00f0st\u00e6\u00f0a: Enuma Elish-atbur\u00f0ar\u00e1sin (kosm\u00edsk umbreyting me\u00f0 orrustu). N\u00e1nari: Namtar (bo\u00f0beri-<span class=\"iwg-fachbegriff\" data-tooltip=\"Andleg vera sem talin er hafa ska\u00f0leg e\u00f0a tv\u00edr\u00e6\u00f0 \u00e1hrif.\" tabindex=\"0\">dj\u00f6full<\/span> umbreytingarins). Skortur \u00e1 sk\u00fdrri upprisuhef\u00f0 \u00ed Mes\u00f3p\u00f3tam\u00edu gerir Israf\u00edl s\u00e9rstaklega \u00edslamskan.<\/p><p><strong>Indland\/As\u00eda:<\/strong> Indversk hli\u00f0st\u00e6\u00f0a: horn e\u00f0a b\u00e1s\u00fana Indra vi\u00f0 heimsumskiptin (hind\u00fa\u00edsk eskat\u00f3l\u00f3g\u00eda). N\u00e1nari: Samvarta (gu\u00f0 kosm\u00edskrar upplausnar). B\u00fadd\u00edsk hli\u00f0st\u00e6\u00f0a: dharmakaya-umbreyting (opinberun B\u00fadda-e\u00f0lis). Umbreytingarhlutverki\u00f0 er \u00feeim sameiginlegt.<\/p>\t\t\t\t\t\t\t\t<\/div>\n\t\t\t\t<\/div>\n\t\t\t\t\t<\/div>\n\t\t\t\t<\/div>\n\t\t<div class=\"elementor-element elementor-element-cp755c51f e-flex e-con-boxed e-con e-parent\" data-id=\"cp755c51f\" data-element_type=\"container\" data-e-type=\"container\">\n\t\t\t\t\t<div class=\"e-con-inner\">\n\t\t\t\t<div class=\"elementor-element elementor-element-cp735a44c elementor-widget elementor-widget-heading\" data-id=\"cp735a44c\" data-element_type=\"widget\" data-e-type=\"widget\" data-widget_type=\"heading.default\">\n\t\t\t\t\t<h2 class=\"elementor-heading-title elementor-size-default\">B\u00e1s\u00fanuengillinn og endalok heimsins<\/h2>\t\t\t\t<\/div>\n\t\t<div class=\"elementor-element elementor-element-cp56677fb e-con-full e-flex e-con e-child\" data-id=\"cp56677fb\" data-element_type=\"container\" data-e-type=\"container\">\n\t\t\t\t<div class=\"elementor-element elementor-element-cpe99fe4e elementor-widget elementor-widget-text-editor\" data-id=\"cpe99fe4e\" data-element_type=\"widget\" data-e-type=\"widget\" data-widget_type=\"text-editor.default\">\n\t\t\t\t\t\t\t\t\t<p>Israfil er \u00ed \u00edsl\u00f6mskum tr\u00faarbr\u00f6g\u00f0um fyrst og fremst <span class=\"iwg-fachbegriff\" data-tooltip=\"\u00cd Abrahamstr\u00faarbr\u00f6g\u00f0unum himneskur sendibo\u00f0i Gu\u00f0s.\" tabindex=\"0\">engillinn<\/span> l\u00fa\u00f0ursins. Hlutverk hans er a\u00f0 \u00feeyta l\u00fa\u00f0ur e\u00f0a b\u00e1s\u00fanu \u00ed lok t\u00edmans, \u00ed arab\u00edskum heimildum oftast nefnt <em>as-sur<\/em>.<\/p><p>Samkv\u00e6mt \u00fatbreiddri kenningu gerist \u00feetta bl\u00e1sturshlj\u00f3\u00f0 tvisvar. Fyrsta b\u00e1s\u00fanu\u00feyti\u00f0 l\u00e6tur allar lifandi verur deyja af skelfingu og skipulag heimsins hrynur. Anna\u00f0 b\u00e1s\u00fanu\u00feyti\u00f0 kallar hina l\u00e1tnu til upprisu og safnar \u00feeim saman til d\u00f3msins.<\/p><p>Athyglisvert er a\u00f0 nafni\u00f0 Israfil kemur ekki fyrir \u00ed K\u00f3raninum sj\u00e1lfum. K\u00f3raninn talar \u00e1 nokkrum st\u00f6\u00f0um um b\u00e1s\u00fanu\u00feyti\u00f0 og \u00feann sem bl\u00e6s \u00ed l\u00fa\u00f0urinn, \u00e1n \u00feess a\u00f0 nefna hann me\u00f0 nafni.<\/p><p>Au\u00f0kenning \u00feessa engils me\u00f0 nafninu Israfil kemur \u00far utank\u00f3ran\u00edskri hef\u00f0, fyrst og fremst \u00far <em>had\u00ed\u00f0unum<\/em>, hinum var\u00f0veittu or\u00f0um og fr\u00e1s\u00f6gnum um sp\u00e1manninn, og \u00far s\u00ed\u00f0ari fr\u00e1sagnarb\u00f3kmenntum.<\/p><p>Israfil telst \u00feannig til fj\u00f6gurra, e\u00f0a eftir talningu fleiri, s\u00e9rstakra engla sem \u00edsl\u00f6msk hef\u00f0 hefur, umfram K\u00f3ranatextann, gefi\u00f0 n\u00f6fn og hlutverk.<\/p><p>\u00cd al\u00fe\u00fd\u00f0legri \u00edslamskri <span class=\"iwg-fachbegriff\" data-tooltip=\"Lifu\u00f0 tr\u00faarleg afsta\u00f0a og i\u00f0kun einstaklings.\" tabindex=\"0\">tr\u00far\u00e6kni<\/span> telst Israfil einn af \u00e6\u00f0stu <span class=\"iwg-fachbegriff\" data-tooltip=\"\u00cd Abrahamstr\u00faarbr\u00f6g\u00f0unum himneskur sendibo\u00f0i Gu\u00f0s.\" tabindex=\"0\">englunum<\/span>, oft nefndur \u00e1samt Dsj\u00edbr\u00edl, M\u00edkael og dau\u00f0aenglinum. Hugmyndin um a\u00f0 hann standi \u00e1vallt vi\u00f0b\u00fainn me\u00f0 l\u00fa\u00f0urinn og b\u00ed\u00f0i gu\u00f0legrar skipunar hefur sterk endat\u00edmafr\u00e6\u00f0ileg \u00e1hrif.<\/p><p>H\u00fan heldur vakandi hugsuninni um \u00f3umfl\u00fdjanleika d\u00f3msins. Fr\u00e1 tr\u00faarbrag\u00f0afr\u00e6\u00f0ilegu sj\u00f3narhorni er Israfil gott d\u00e6mi um hvernig vera, sem \u00ed hinum heilaga texta kemur a\u00f0eins fram sem hlutverk, f\u00e6r \u00ed s\u00ed\u00f0ari hef\u00f0 nafn, \u00e6vis\u00f6gu og einkenni.<\/p>\t\t\t\t\t\t\t\t<\/div>\n\t\t\t\t<\/div>\n\t\t\t\t\t<\/div>\n\t\t\t\t<\/div>\n\t\t<div class=\"elementor-element elementor-element-cpa70cb9e e-flex e-con-boxed e-con e-parent\" data-id=\"cpa70cb9e\" data-element_type=\"container\" data-e-type=\"container\">\n\t\t\t\t\t<div class=\"e-con-inner\">\n\t\t\t\t<div class=\"elementor-element elementor-element-cp505db8d elementor-widget elementor-widget-heading\" data-id=\"cp505db8d\" data-element_type=\"widget\" data-e-type=\"widget\" data-widget_type=\"heading.default\">\n\t\t\t\t\t<h2 class=\"elementor-heading-title elementor-size-default\">Israfil \u00ed had\u00ed\u00f0um og fr\u00e1sagnarb\u00f3kmenntum<\/h2>\t\t\t\t<\/div>\n\t\t<div class=\"elementor-element elementor-element-cp089d37a e-con-full e-flex e-con e-child\" data-id=\"cp089d37a\" data-element_type=\"container\" data-e-type=\"container\">\n\t\t\t\t<div class=\"elementor-element elementor-element-cp0911ffe elementor-widget elementor-widget-text-editor\" data-id=\"cp0911ffe\" data-element_type=\"widget\" data-e-type=\"widget\" data-widget_type=\"text-editor.default\">\n\t\t\t\t\t\t\t\t\t<p>N\u00e1kv\u00e6mari l\u00fdsingar \u00e1 Israfil finnast \u00ed had\u00ed\u00f0ab\u00f3kmenntunum og \u00ed fr\u00e1sagnarritum sem kallast <em>Qisas al-anbiya<\/em>, s\u00f6gur sp\u00e1mannanna.<\/p><p>\u00dear er Israfil l\u00fdst sem <span class=\"iwg-fachbegriff\" data-tooltip=\"\u00cd Abrahamstr\u00faarbr\u00f6g\u00f0unum himneskur sendibo\u00f0i Gu\u00f0s.\" tabindex=\"0\">engli<\/span> af gr\u00ed\u00f0arlegri st\u00e6r\u00f0, me\u00f0 m\u00f6rg v\u00e6ngjap\u00f6r, og vera hans n\u00e6r yfir alla sk\u00f6punina. Sumar hef\u00f0ir segja a\u00f0 hann hafi fj\u00f3ra v\u00e6ngi og h\u00f6fu\u00f0 hans n\u00e1i upp undir h\u00e1s\u00e6ti Gu\u00f0s.<\/p><p>\u00datbreidd hugmynd \u00ed tr\u00faarlegum b\u00f3kmenntum snertir st\u00f6\u00f0uga vi\u00f0b\u00fani hans. Israfil hafi l\u00fa\u00f0urinn \u00feegar vi\u00f0 munninn, augun fest \u00e1 hinu gu\u00f0lega h\u00e1s\u00e6ti, og b\u00ed\u00f0i einungis skipunarins um a\u00f0 bl\u00e1sa.<\/p><p>\u00deessar myndir undirstrika a\u00f0 t\u00edmasetning endalokanna er einungis \u00ed h\u00f6ndum Gu\u00f0s og a\u00f0 hinn m\u00e1ttugasti <span class=\"iwg-fachbegriff\" data-tooltip=\"\u00cd Abrahamstr\u00faarbr\u00f6g\u00f0unum himneskur sendibo\u00f0i Gu\u00f0s.\" tabindex=\"0\">engill<\/span> er a\u00f0eins framkv\u00e6mandi. \u00cd nokkrum hef\u00f0um er Israfil einnig eigna\u00f0 hlutverk <span class=\"iwg-fachbegriff\" data-tooltip=\"\u00cd Abrahamstr\u00faarbr\u00f6g\u00f0unum himneskur sendibo\u00f0i Gu\u00f0s.\" tabindex=\"0\">engils<\/span> sem flytur gu\u00f0legar \u00e1kvar\u00f0anir e\u00f0a efni himnesku t\u00f6flunnar til annarra <span class=\"iwg-fachbegriff\" data-tooltip=\"\u00cd Abrahamstr\u00faarbr\u00f6g\u00f0unum himneskur sendibo\u00f0i Gu\u00f0s.\" tabindex=\"0\">engla<\/span>.<\/p><p>Sumar fr\u00e1sagnarhef\u00f0ir tengja Israfil vi\u00f0 sp\u00e1manninn M\u00fahame\u00f0, me\u00f0al annars me\u00f0 fr\u00e1s\u00f6gnum um a\u00f0 Israfil hafi birst sp\u00e1manninum \u00ed upphafi k\u00f6llunar hans, \u00e1\u00f0ur en Dsj\u00edbr\u00edl flutti hina reglulegu opinberun. Sl\u00edkar fr\u00e1sagnir eru \u00fe\u00f3 misjafnlega me\u00f0h\u00f6ndla\u00f0ar og ekki vi\u00f0urkenndar \u00ed \u00f6llum s\u00f6fnum.<\/p><p>\u00cdsl\u00f6msk fr\u00e6\u00f0imannahef\u00f0 gerir h\u00e9r n\u00e1kv\u00e6man greinarmun \u00e1 vel sta\u00f0festum og veikari hef\u00f0um. Fyrir v\u00edsindalega sko\u00f0un er mikilv\u00e6gt a\u00f0 einkenni Israfils byggist \u00e1 fj\u00f6lda texta af mismunandi v\u00e6gi, ekki \u00e1 einni einni valdaheimild.<\/p>\t\t\t\t\t\t\t\t<\/div>\n\t\t\t\t<\/div>\n\t\t\t\t\t<\/div>\n\t\t\t\t<\/div>\n\t\t<div class=\"elementor-element elementor-element-cp8e8ce17 e-flex e-con-boxed e-con e-parent\" data-id=\"cp8e8ce17\" data-element_type=\"container\" data-e-type=\"container\">\n\t\t\t\t\t<div class=\"e-con-inner\">\n\t\t\t\t<div class=\"elementor-element elementor-element-cpcabab07 elementor-widget elementor-widget-heading\" data-id=\"cpcabab07\" data-element_type=\"widget\" data-e-type=\"widget\" data-widget_type=\"heading.default\">\n\t\t\t\t\t<h2 class=\"elementor-heading-title elementor-size-default\">Israfil \u00ed samanbur\u00f0i tr\u00faarbrag\u00f0a<\/h2>\t\t\t\t<\/div>\n\t\t<div class=\"elementor-element elementor-element-cp59b3110 e-con-full e-flex e-con e-child\" data-id=\"cp59b3110\" data-element_type=\"container\" data-e-type=\"container\">\n\t\t\t\t<div class=\"elementor-element elementor-element-cpb2607a8 elementor-widget elementor-widget-text-editor\" data-id=\"cpb2607a8\" data-element_type=\"widget\" data-e-type=\"widget\" data-widget_type=\"text-editor.default\">\n\t\t\t\t\t\t\t\t\t<p>Vera b\u00e1s\u00fanuengilsins er \u00ed st\u00e6rra tr\u00faars\u00f6gulegu samhengi.<\/p><p>Myndin af engli sem me\u00f0 l\u00fa\u00f0ur\u00feyti hefur upphaf endaloka heimsins og upprisu hinna l\u00e1tnu hefur greinilegar samsvaranir \u00ed hinni gy\u00f0ingslegu og kristnu <span class=\"iwg-fachbegriff\" data-tooltip=\"Mi\u00f0lun \u00feekkingar og fr\u00e1sagna kynsl\u00f3\u00f0 eftir kynsl\u00f3\u00f0.\" tabindex=\"0\">hef\u00f0<\/span>.<\/p><p>\u00cd gy\u00f0ingd\u00f3mi er sj\u00f3far, hr\u00fatshorni\u00f0, tengt hugmyndinni um hi\u00f0 mikla l\u00fa\u00f0ur\u00feyt \u00ed lok daganna, og einnig kristin heimsslitafr\u00e6\u00f0i, me\u00f0al annars \u00ed fyrra Korintubr\u00e9finu og \u00ed Opinberunarb\u00f3k J\u00f3hannesar, \u00feekkir b\u00e1s\u00fanuna sem merki upprisunnar.<\/p><p>Fr\u00e6\u00f0imenn sj\u00e1 \u00fev\u00ed \u00ed Israfil veru sem tekur upp eldri austurlenskar endat\u00edmamyndir og endurskipuleggur \u00fe\u00e6r innan \u00edslamsks ramma. \u00d3l\u00edkt kristinni opinberun, \u00fear sem nokkrir <span class=\"iwg-fachbegriff\" data-tooltip=\"\u00cd Abrahamstr\u00faarbr\u00f6g\u00f0unum himneskur sendibo\u00f0i Gu\u00f0s.\" tabindex=\"0\">englar<\/span> bl\u00e1sa \u00ed l\u00fa\u00f0ra hver eftir annan, sameinar \u00edsl\u00f6msk hef\u00f0 \u00feetta hlutverk \u00ed einni, nafngreindri veru. \u00deetta gefur \u00edslamskri endat\u00edmafr\u00e6\u00f0i \u00e1 \u00feessum sta\u00f0 sk\u00fdra sam\u00fej\u00f6ppun.<\/p><p>Innan \u00edslamskrar englafr\u00e6\u00f0i stendur Israfil \u00e1samt \u00f6\u00f0rum st\u00f3rum englum \u00ed skipulegu kerfi. Dsj\u00edbr\u00edl flytur opinberunina, M\u00edkael er tengdur vi\u00f0 f\u00e6\u00f0u\u00f6flun og regn, dau\u00f0aengillinn tekur s\u00e1lirnar, og Israfil er tengdur endalokunum og upprisunni (sj\u00e1 <a href=\"https:\/\/iwell-guard.com\/is\/?page_id=168838\">Gabr\u00edel<\/a> fyrir gy\u00f0ing-kristna samsv\u00f6run vi\u00f0 Dsj\u00edbr\u00edl).<\/p><p>Mikilv\u00e6gt er \u00ed \u00edsl\u00f6mskum skilningi a\u00f0 allir \u00feessir <span class=\"iwg-fachbegriff\" data-tooltip=\"\u00cd Abrahamstr\u00faarbr\u00f6g\u00f0unum himneskur sendibo\u00f0i Gu\u00f0s.\" tabindex=\"0\">englar<\/span> eru einungis framkv\u00e6mendur gu\u00f0legs vilja. \u00deeir hafa ekkert eigi\u00f0 vald yfir t\u00edmasetningu e\u00f0a \u00fatkomu atbur\u00f0anna. Israfil er m\u00e1ttugur, en hann er \u00fej\u00f3nn, og l\u00fa\u00f0ur\u00feyt hans \u00e1 s\u00e9r a\u00f0eins sta\u00f0 \u00feegar Gu\u00f0 skipar \u00fea\u00f0.<\/p>\t\t\t\t\t\t\t\t<\/div>\n\t\t\t\t<\/div>\n\t\t\t\t\t<\/div>\n\t\t\t\t<\/div>\n\t\t<div class=\"elementor-element elementor-element-36dd7469 e-flex e-con-boxed e-con e-parent\" data-id=\"36dd7469\" data-element_type=\"container\" data-e-type=\"container\">\n\t\t\t\t\t<div class=\"e-con-inner\">\n\t\t\t\t<div class=\"elementor-element elementor-element-13760ab4 elementor-widget elementor-widget-heading\" data-id=\"13760ab4\" data-element_type=\"widget\" data-e-type=\"widget\" data-widget_type=\"heading.default\">\n\t\t\t\t\t<h2 class=\"elementor-heading-title elementor-size-default\">\u00cdtarefni og tenglar<\/h2>\t\t\t\t<\/div>\n\t\t<div class=\"elementor-element elementor-element-28c87796 e-con-full e-flex e-con e-child\" data-id=\"28c87796\" data-element_type=\"container\" data-e-type=\"container\">\n\t\t\t\t<div class=\"elementor-element elementor-element-5d6538df elementor-widget elementor-widget-text-editor\" data-id=\"5d6538df\" data-element_type=\"widget\" data-e-type=\"widget\" data-widget_type=\"text-editor.default\">\n\t\t\t\t\t\t\t\t\t<ul><li><a href=\"https:\/\/iwell-guard.com\/is\/?page_id=168838\">Gabr\u00edel<\/a><\/li><li><a href=\"https:\/\/iwell-guard.com\/is\/?page_id=168841\">Asrael<\/a><\/li><\/ul>\t\t\t\t\t\t\t\t<\/div>\n\t\t\t\t<\/div>\n\t\t\t\t\t<\/div>\n\t\t\t\t<\/div>\n\t\t<div class=\"elementor-element elementor-element-grl4kl40 e-flex e-con-boxed e-con e-parent\" data-id=\"grl4kl40\" data-element_type=\"container\" data-e-type=\"container\">\n\t\t\t\t\t<div class=\"e-con-inner\">\n\t\t\t\t<div class=\"elementor-element elementor-element-bzsbfrmh elementor-widget elementor-widget-heading\" data-id=\"bzsbfrmh\" data-element_type=\"widget\" data-e-type=\"widget\" data-widget_type=\"heading.default\">\n\t\t\t\t\t<h2 class=\"elementor-heading-title elementor-size-default\">Heimildir og fr\u00e6\u00f0irit<\/h2>\t\t\t\t<\/div>\n\t\t<div class=\"elementor-element elementor-element-2c13224a e-con-full e-flex e-con e-child\" data-id=\"2c13224a\" data-element_type=\"container\" data-e-type=\"container\">\n\t\t\t\t<div class=\"elementor-element elementor-element-0eymh9ub elementor-widget elementor-widget-text-editor\" data-id=\"0eymh9ub\" data-element_type=\"widget\" data-e-type=\"widget\" data-widget_type=\"text-editor.default\">\n\t\t\t\t\t\t\t\t\t<ul><li><span data-nosnippet>Timothy J. Seyyed: <em>Islamic Eschatology and the Doctrine of the Divine Names<\/em>. Islamic Philosophy Online, 2007.<\/span><\/li><\/ul>\t\t\t\t\t\t\t\t<\/div>\n\t\t\t\t<\/div>\n\t\t\t\t\t<\/div>\n\t\t\t\t<\/div>\n\t\t\t\t<\/div>\n\t\t","protected":false},"excerpt":{"rendered":"","protected":false},"author":3,"featured_media":1596,"parent":0,"menu_order":0,"comment_status":"closed","ping_status":"closed","template":"elementor_header_footer","meta":{"_yoast_wpseo_focuskw":"Israfil","_yoast_wpseo_title":"Israfil - L\u00fa\u00f0urengill upprisunnar og bo\u00f0beri","_yoast_wpseo_metadesc":"Israfil, erkiengill \u00edslamskrar hef\u00f0ar, var\u00f0veittur um aldir: l\u00fa\u00f0urengill upprisunnar og bo\u00f0beri stundarinnar As-Sa'ah.","_yoast_wpseo_meta-robots-noindex":"","_yoast_wpseo_canonical":"","_angie_page":false,"gefaehrdungsstufe":"","wesen_kultur":"islam","wesen_klasse":"lichtwesen","footnotes":""},"categories":[],"class_list":["post-168842","page","type-page","status-publish","has-post-thumbnail","hentry"],"yoast_head":"<!-- This site is optimized with the Yoast SEO Premium plugin v27.7 (Yoast SEO v28.3) - https:\/\/yoast.com\/product\/yoast-seo-premium-wordpress\/ -->\n<title>Israfil - L\u00fa\u00f0urengill upprisunnar og bo\u00f0beri<\/title>\n<meta name=\"description\" content=\"Israfil, erkiengill \u00edslamskrar hef\u00f0ar, var\u00f0veittur um aldir: l\u00fa\u00f0urengill upprisunnar og bo\u00f0beri stundarinnar As-Sa&#039;ah.\" \/>\n<meta name=\"robots\" content=\"index, follow, max-snippet:-1, max-image-preview:large, max-video-preview:-1\" \/>\n<link rel=\"canonical\" href=\"https:\/\/iwell-guard.com\/is\/israfil\/\" \/>\n<meta property=\"og:locale\" content=\"is_IS\" \/>\n<meta property=\"og:type\" content=\"article\" \/>\n<meta property=\"og:title\" content=\"Israfil\" \/>\n<meta property=\"og:description\" content=\"Israfil, erkiengill \u00edslamskrar hef\u00f0ar, var\u00f0veittur um aldir: l\u00fa\u00f0urengill upprisunnar og bo\u00f0beri stundarinnar As-Sa&#039;ah.\" \/>\n<meta property=\"og:url\" content=\"https:\/\/iwell-guard.com\/is\/israfil\/\" \/>\n<meta property=\"og:site_name\" content=\"iWell Guard\" \/>\n<meta property=\"article:modified_time\" content=\"2026-09-05T14:20:54+00:00\" \/>\n<meta property=\"og:image\" content=\"https:\/\/iwell-guard.com\/wp-content\/uploads\/2026\/04\/goetter_islam_israfil.webp\" \/>\n\t<meta property=\"og:image:width\" content=\"1024\" \/>\n\t<meta property=\"og:image:height\" content=\"1536\" \/>\n\t<meta property=\"og:image:type\" content=\"image\/webp\" \/>\n<meta name=\"twitter:card\" content=\"summary_large_image\" \/>\n<script type=\"application\/ld+json\" class=\"yoast-schema-graph\">{\"@context\":\"https:\\\/\\\/schema.org\",\"@graph\":[{\"@type\":\"WebPage\",\"@id\":\"https:\\\/\\\/iwell-guard.com\\\/is\\\/israfil\\\/\",\"url\":\"https:\\\/\\\/iwell-guard.com\\\/is\\\/israfil\\\/\",\"name\":\"Israfil - L\u00fa\u00f0urengill upprisunnar og bo\u00f0beri\",\"isPartOf\":{\"@id\":\"https:\\\/\\\/iwell-guard.com\\\/is\\\/#website\"},\"primaryImageOfPage\":{\"@id\":\"https:\\\/\\\/iwell-guard.com\\\/is\\\/israfil\\\/#primaryimage\"},\"image\":{\"@id\":\"https:\\\/\\\/iwell-guard.com\\\/is\\\/israfil\\\/#primaryimage\"},\"thumbnailUrl\":\"https:\\\/\\\/iwell-guard.com\\\/wp-content\\\/uploads\\\/2026\\\/04\\\/goetter_islam_israfil.webp\",\"datePublished\":\"2026-09-05T14:03:26+00:00\",\"dateModified\":\"2026-09-05T14:20:54+00:00\",\"description\":\"Israfil, erkiengill \u00edslamskrar hef\u00f0ar, var\u00f0veittur um aldir: l\u00fa\u00f0urengill upprisunnar og bo\u00f0beri stundarinnar As-Sa'ah.\",\"breadcrumb\":{\"@id\":\"https:\\\/\\\/iwell-guard.com\\\/is\\\/israfil\\\/#breadcrumb\"},\"inLanguage\":\"is\",\"potentialAction\":[{\"@type\":\"ReadAction\",\"target\":[\"https:\\\/\\\/iwell-guard.com\\\/is\\\/israfil\\\/\"]}]},{\"@type\":\"ImageObject\",\"inLanguage\":\"is\",\"@id\":\"https:\\\/\\\/iwell-guard.com\\\/is\\\/israfil\\\/#primaryimage\",\"url\":\"https:\\\/\\\/iwell-guard.com\\\/wp-content\\\/uploads\\\/2026\\\/04\\\/goetter_islam_israfil.webp\",\"contentUrl\":\"https:\\\/\\\/iwell-guard.com\\\/wp-content\\\/uploads\\\/2026\\\/04\\\/goetter_islam_israfil.webp\",\"width\":1024,\"height\":1536,\"caption\":\"Gu\u00f0ir \u00far \u00edslamskri hef\u00f0.\"},{\"@type\":\"BreadcrumbList\",\"@id\":\"https:\\\/\\\/iwell-guard.com\\\/is\\\/israfil\\\/#breadcrumb\",\"itemListElement\":[{\"@type\":\"ListItem\",\"position\":1,\"name\":\"Start\",\"item\":\"https:\\\/\\\/iwell-guard.com\\\/is\\\/?page_id=168580\"},{\"@type\":\"ListItem\",\"position\":2,\"name\":\"Israfil\"}]},{\"@type\":\"WebSite\",\"@id\":\"https:\\\/\\\/iwell-guard.com\\\/is\\\/#website\",\"url\":\"https:\\\/\\\/iwell-guard.com\\\/is\\\/\",\"name\":\"iWell Guard\",\"description\":\"Schutz vor dunklen Einfl\u00fcssen\",\"publisher\":{\"@id\":\"https:\\\/\\\/iwell-guard.com\\\/is\\\/#organization\"},\"potentialAction\":[{\"@type\":\"SearchAction\",\"target\":{\"@type\":\"EntryPoint\",\"urlTemplate\":\"https:\\\/\\\/iwell-guard.com\\\/is\\\/?s={search_term_string}\"},\"query-input\":{\"@type\":\"PropertyValueSpecification\",\"valueRequired\":true,\"valueName\":\"search_term_string\"}}],\"inLanguage\":\"is\"},{\"@type\":\"Organization\",\"@id\":\"https:\\\/\\\/iwell-guard.com\\\/is\\\/#organization\",\"name\":\"Ittermann electronic GmbH\",\"url\":\"https:\\\/\\\/iwell-guard.com\\\/is\\\/\",\"logo\":{\"@type\":\"ImageObject\",\"inLanguage\":\"is\",\"@id\":\"https:\\\/\\\/iwell-guard.com\\\/is\\\/#\\\/schema\\\/logo\\\/image\\\/\",\"url\":\"https:\\\/\\\/iwell-guard.com\\\/wp-content\\\/uploads\\\/2026\\\/05\\\/Ittermann-Logo-1182x237-1.png\",\"contentUrl\":\"https:\\\/\\\/iwell-guard.com\\\/wp-content\\\/uploads\\\/2026\\\/05\\\/Ittermann-Logo-1182x237-1.png\",\"width\":1182,\"height\":237,\"caption\":\"Ittermann electronic GmbH\"},\"image\":{\"@id\":\"https:\\\/\\\/iwell-guard.com\\\/is\\\/#\\\/schema\\\/logo\\\/image\\\/\"},\"sameAs\":[\"https:\\\/\\\/pantip.com\\\/profile\\\/9367242\",\"https:\\\/\\\/micro.blog\\\/iwellguard\",\"https:\\\/\\\/www.diggerslist.com\\\/iwellguard\\\/about\",\"https:\\\/\\\/skitterphoto.com\\\/photographers\\\/2870314\\\/iwell-guard\",\"https:\\\/\\\/iwellguard.wordpress.com\\\/2026\\\/06\\\/06\\\/iwell-guard\\\/\",\"https:\\\/\\\/hub.docker.com\\\/u\\\/iwellguard\",\"https:\\\/\\\/www.pinterest.com\\\/iwellguard\\\/\",\"https:\\\/\\\/bit.ly\\\/m\\\/iwellguard\",\"https:\\\/\\\/entre-vos-mains.alsace.eu\\\/profiles\\\/iwellguard\\\/activity\",\"https:\\\/\\\/gravatar.com\\\/reallybeded8fd34\",\"https:\\\/\\\/naijamatta.com\\\/iwellguard\",\"https:\\\/\\\/www.goodreads.com\\\/iwellguard\",\"https:\\\/\\\/profile.hatena.ne.jp\\\/iwellguard\\\/\",\"https:\\\/\\\/experiment.com\\\/users\\\/iwellguard\",\"https:\\\/\\\/wakelet.com\\\/@iWellGuard82270\",\"https:\\\/\\\/www.chordie.com\\\/forum\\\/profile.php?id=2555664\",\"https:\\\/\\\/www.instapaper.com\\\/p\\\/17757966\",\"https:\\\/\\\/www.mapleprimes.com\\\/users\\\/iwellguard\",\"https:\\\/\\\/businesslistingplus.com\\\/profile\\\/iwell-guard\\\/\",\"https:\\\/\\\/telegra.ph\\\/iWell-Guard-06-06\",\"https:\\\/\\\/pbase.com\\\/iwellguard\\\/iwellguard\",\"https:\\\/\\\/b.hatena.ne.jp\\\/iwellguard\\\/20260607#bookmark-4788405196491818882\",\"https:\\\/\\\/fliphtml5.com\\\/home\\\/iwellguard\",\"https:\\\/\\\/anyflip.com\\\/homepage\\\/cmiwl#About\",\"https:\\\/\\\/transfur.com\\\/Users\\\/iwellguard\",\"http:\\\/\\\/delphi.larsbo.org\\\/user\\\/iwellguard\",\"https:\\\/\\\/jobs.lajobsportal.org\\\/profiles\\\/8380803-iwell-guard\",\"https:\\\/\\\/md.chaosdorf.de\\\/s\\\/jfbe5SBdJD\",\"https:\\\/\\\/www.lingvolive.com\\\/en-us\\\/profile\\\/9ecaeaca-ce11-4e51-9e71-01d55e2bff36\\\/translations\",\"https:\\\/\\\/www.fitday.com\\\/fitness\\\/forums\\\/members\\\/iwellguard.html\",\"https:\\\/\\\/www.mymeetbook.com\\\/iwellguard\",\"https:\\\/\\\/pxhere.com\\\/en\\\/photographer-me\\\/5040798\",\"https:\\\/\\\/disqus.com\\\/by\\\/iwellguard\\\/about\\\/\",\"https:\\\/\\\/pastelink.net\\\/hjwciqwq\",\"https:\\\/\\\/pubhtml5.com\\\/homepage\\\/scjhn\\\/\",\"https:\\\/\\\/www.bitchute.com\\\/channel\\\/2O2eOKzNqujT\",\"https:\\\/\\\/audiomack.com\\\/iwellguard\"]},{\"@type\":\"Article\",\"@id\":\"https:\\\/\\\/iwell-guard.com\\\/is\\\/israfil\\\/#article\",\"isPartOf\":{\"@id\":\"https:\\\/\\\/iwell-guard.com\\\/is\\\/israfil\\\/\"},\"author\":{\"name\":\"Ralf Ittermann\",\"@id\":\"https:\\\/\\\/iwell-guard.com\\\/is\\\/#\\\/schema\\\/person\\\/ee2a27f1cac3406c7c6fb5820cb7349f\"},\"headline\":\"Israfil\",\"datePublished\":\"2026-09-05T14:03:26+00:00\",\"dateModified\":\"2026-09-05T14:20:54+00:00\",\"mainEntityOfPage\":{\"@id\":\"https:\\\/\\\/iwell-guard.com\\\/is\\\/israfil\\\/\"},\"publisher\":{\"@id\":\"https:\\\/\\\/iwell-guard.com\\\/is\\\/#organization\"},\"image\":{\"@id\":\"https:\\\/\\\/iwell-guard.com\\\/is\\\/israfil\\\/#primaryimage\"},\"thumbnailUrl\":\"https:\\\/\\\/iwell-guard.com\\\/wp-content\\\/uploads\\\/2026\\\/04\\\/goetter_islam_israfil.webp\",\"inLanguage\":\"is\",\"description\":\"Israfil, erkiengill \u00edslamskrar hef\u00f0ar, var\u00f0veittur um aldir: l\u00fa\u00f0urengill upprisunnar og bo\u00f0beri stundarinnar As-Sa'ah.\"}]}<\/script>\n<!-- \/ Yoast SEO Premium plugin. -->","yoast_head_json":{"title":"Israfil - L\u00fa\u00f0urengill upprisunnar og bo\u00f0beri","description":"Israfil, erkiengill \u00edslamskrar hef\u00f0ar, var\u00f0veittur um aldir: l\u00fa\u00f0urengill upprisunnar og bo\u00f0beri stundarinnar As-Sa'ah.","robots":{"index":"index","follow":"follow","max-snippet":"max-snippet:-1","max-image-preview":"max-image-preview:large","max-video-preview":"max-video-preview:-1"},"canonical":"https:\/\/iwell-guard.com\/is\/israfil\/","og_locale":"is_IS","og_type":"article","og_title":"Israfil","og_description":"Israfil, erkiengill \u00edslamskrar hef\u00f0ar, var\u00f0veittur um aldir: l\u00fa\u00f0urengill upprisunnar og bo\u00f0beri stundarinnar As-Sa'ah.","og_url":"https:\/\/iwell-guard.com\/is\/israfil\/","og_site_name":"iWell Guard","article_modified_time":"2026-09-05T14:20:54+00:00","og_image":[{"width":1024,"height":1536,"url":"https:\/\/iwell-guard.com\/wp-content\/uploads\/2026\/04\/goetter_islam_israfil.webp","type":"image\/webp"}],"twitter_card":"summary_large_image","schema":{"@context":"https:\/\/schema.org","@graph":[{"@type":"Article","@id":"https:\/\/iwell-guard.com\/is\/israfil\/#article","isPartOf":{"@id":"https:\/\/iwell-guard.com\/is\/israfil\/"},"author":{"name":"Ralf Ittermann","@id":"https:\/\/iwell-guard.com\/is\/#\/schema\/person\/ee2a27f1cac3406c7c6fb5820cb7349f"},"headline":"Israfil","datePublished":"2026-09-05T14:03:26+00:00","dateModified":"2026-09-05T14:20:54+00:00","mainEntityOfPage":{"@id":"https:\/\/iwell-guard.com\/is\/israfil\/"},"publisher":{"@id":"https:\/\/iwell-guard.com\/is\/#organization"},"image":{"@id":"https:\/\/iwell-guard.com\/is\/israfil\/#primaryimage"},"thumbnailUrl":"https:\/\/iwell-guard.com\/wp-content\/uploads\/2026\/04\/goetter_islam_israfil.webp","inLanguage":"is","description":"Israfil, erkiengill \u00edslamskrar hef\u00f0ar, var\u00f0veittur um aldir: l\u00fa\u00f0urengill upprisunnar og bo\u00f0beri stundarinnar As-Sa'ah."},{"@type":"WebPage","@id":"https:\/\/iwell-guard.com\/is\/israfil\/","url":"https:\/\/iwell-guard.com\/is\/israfil\/","name":"Israfil - L\u00fa\u00f0urengill upprisunnar og bo\u00f0beri","isPartOf":{"@id":"https:\/\/iwell-guard.com\/is\/#website"},"primaryImageOfPage":{"@id":"https:\/\/iwell-guard.com\/is\/israfil\/#primaryimage"},"image":{"@id":"https:\/\/iwell-guard.com\/is\/israfil\/#primaryimage"},"thumbnailUrl":"https:\/\/iwell-guard.com\/wp-content\/uploads\/2026\/04\/goetter_islam_israfil.webp","datePublished":"2026-09-05T14:03:26+00:00","dateModified":"2026-09-05T14:20:54+00:00","description":"Israfil, erkiengill \u00edslamskrar hef\u00f0ar, var\u00f0veittur um aldir: l\u00fa\u00f0urengill upprisunnar og bo\u00f0beri stundarinnar As-Sa'ah.","breadcrumb":{"@id":"https:\/\/iwell-guard.com\/is\/israfil\/#breadcrumb"},"inLanguage":"is","potentialAction":[{"@type":"ReadAction","target":["https:\/\/iwell-guard.com\/is\/israfil\/"]}]},{"@type":"ImageObject","inLanguage":"is","@id":"https:\/\/iwell-guard.com\/is\/israfil\/#primaryimage","url":"https:\/\/iwell-guard.com\/wp-content\/uploads\/2026\/04\/goetter_islam_israfil.webp","contentUrl":"https:\/\/iwell-guard.com\/wp-content\/uploads\/2026\/04\/goetter_islam_israfil.webp","width":1024,"height":1536,"caption":"Gu\u00f0ir \u00far \u00edslamskri hef\u00f0."},{"@type":"BreadcrumbList","@id":"https:\/\/iwell-guard.com\/is\/israfil\/#breadcrumb","itemListElement":[{"@type":"ListItem","position":1,"name":"Start","item":"https:\/\/iwell-guard.com\/is\/?page_id=168580"},{"@type":"ListItem","position":2,"name":"Israfil"}]},{"@type":"WebSite","@id":"https:\/\/iwell-guard.com\/is\/#website","url":"https:\/\/iwell-guard.com\/is\/","name":"iWell Guard","description":"Schutz vor dunklen Einfl\u00fcssen","publisher":{"@id":"https:\/\/iwell-guard.com\/is\/#organization"},"potentialAction":[{"@type":"SearchAction","target":{"@type":"EntryPoint","urlTemplate":"https:\/\/iwell-guard.com\/is\/?s={search_term_string}"},"query-input":{"@type":"PropertyValueSpecification","valueRequired":true,"valueName":"search_term_string"}}],"inLanguage":"is"},{"@type":"Organization","@id":"https:\/\/iwell-guard.com\/is\/#organization","name":"Ittermann electronic GmbH","url":"https:\/\/iwell-guard.com\/is\/","logo":{"@type":"ImageObject","inLanguage":"is","@id":"https:\/\/iwell-guard.com\/is\/#\/schema\/logo\/image\/","url":"https:\/\/iwell-guard.com\/wp-content\/uploads\/2026\/05\/Ittermann-Logo-1182x237-1.png","contentUrl":"https:\/\/iwell-guard.com\/wp-content\/uploads\/2026\/05\/Ittermann-Logo-1182x237-1.png","width":1182,"height":237,"caption":"Ittermann electronic GmbH"},"image":{"@id":"https:\/\/iwell-guard.com\/is\/#\/schema\/logo\/image\/"},"sameAs":["https:\/\/pantip.com\/profile\/9367242","https:\/\/micro.blog\/iwellguard","https:\/\/www.diggerslist.com\/iwellguard\/about","https:\/\/skitterphoto.com\/photographers\/2870314\/iwell-guard","https:\/\/iwellguard.wordpress.com\/2026\/06\/06\/iwell-guard\/","https:\/\/hub.docker.com\/u\/iwellguard","https:\/\/www.pinterest.com\/iwellguard\/","https:\/\/bit.ly\/m\/iwellguard","https:\/\/entre-vos-mains.alsace.eu\/profiles\/iwellguard\/activity","https:\/\/gravatar.com\/reallybeded8fd34","https:\/\/naijamatta.com\/iwellguard","https:\/\/www.goodreads.com\/iwellguard","https:\/\/profile.hatena.ne.jp\/iwellguard\/","https:\/\/experiment.com\/users\/iwellguard","https:\/\/wakelet.com\/@iWellGuard82270","https:\/\/www.chordie.com\/forum\/profile.php?id=2555664","https:\/\/www.instapaper.com\/p\/17757966","https:\/\/www.mapleprimes.com\/users\/iwellguard","https:\/\/businesslistingplus.com\/profile\/iwell-guard\/","https:\/\/telegra.ph\/iWell-Guard-06-06","https:\/\/pbase.com\/iwellguard\/iwellguard","https:\/\/b.hatena.ne.jp\/iwellguard\/20260607#bookmark-4788405196491818882","https:\/\/fliphtml5.com\/home\/iwellguard","https:\/\/anyflip.com\/homepage\/cmiwl#About","https:\/\/transfur.com\/Users\/iwellguard","http:\/\/delphi.larsbo.org\/user\/iwellguard","https:\/\/jobs.lajobsportal.org\/profiles\/8380803-iwell-guard","https:\/\/md.chaosdorf.de\/s\/jfbe5SBdJD","https:\/\/www.lingvolive.com\/en-us\/profile\/9ecaeaca-ce11-4e51-9e71-01d55e2bff36\/translations","https:\/\/www.fitday.com\/fitness\/forums\/members\/iwellguard.html","https:\/\/www.mymeetbook.com\/iwellguard","https:\/\/pxhere.com\/en\/photographer-me\/5040798","https:\/\/disqus.com\/by\/iwellguard\/about\/","https:\/\/pastelink.net\/hjwciqwq","https:\/\/pubhtml5.com\/homepage\/scjhn\/","https:\/\/www.bitchute.com\/channel\/2O2eOKzNqujT","https:\/\/audiomack.com\/iwellguard"]},{"@type":"Person","@id":"https:\/\/iwell-guard.com\/is\/#\/schema\/person\/ee2a27f1cac3406c7c6fb5820cb7349f","name":"Ralf Ittermann","image":{"@type":"ImageObject","inLanguage":"is","@id":"https:\/\/secure.gravatar.com\/avatar\/073c0153e350a5005b68eb752b445fea71f6b24a26da9449ad7e155e6b446c9d?s=96&d=mm&r=g","url":"https:\/\/secure.gravatar.com\/avatar\/073c0153e350a5005b68eb752b445fea71f6b24a26da9449ad7e155e6b446c9d?s=96&d=mm&r=g","contentUrl":"https:\/\/secure.gravatar.com\/avatar\/073c0153e350a5005b68eb752b445fea71f6b24a26da9449ad7e155e6b446c9d?s=96&d=mm&r=g","caption":"Ralf Ittermann"},"givenName":"Ralf","familyName":"Ittermann","jobTitle":"Gesch\u00e4ftsf\u00fchrer und redaktioneller Verantwortlicher","url":"https:\/\/iwell-guard.com\/is\/author\/claude\/","description":"Ralf Ittermann ist Gesch\u00e4ftsf\u00fchrer der Ittermann electronic GmbH und redaktioneller Verantwortlicher des iWell-Guard-Lexikons. Er verbindet langj\u00e4hrige Erfahrung in der Pr\u00e4zisionsfertigung mit medialer Praxis und religionsgeschichtlicher Quellenarbeit.","worksFor":{"@type":"Organization","name":"Ittermann electronic GmbH","url":"https:\/\/ittermann.de\/","address":{"@type":"PostalAddress","streetAddress":"K\u00f6hlergasse 16-18","postalCode":"99842","addressLocality":"Ruhla","addressCountry":"DE"}},"knowsAbout":["Religionsgeschichte","Mythologie","Mediale Praxis","Energetische Diagnostik","Schutzpraxis","Volksglauben","Westliche Esoterik"]},{"@type":"Article","@id":"https:\/\/iwell-guard.com\/is\/israfil\/#article","isPartOf":{"@id":"https:\/\/iwell-guard.com\/is\/israfil\/"},"author":{"name":"Ralf Ittermann","@id":"https:\/\/iwell-guard.com\/is\/#\/schema\/person\/ee2a27f1cac3406c7c6fb5820cb7349f"},"headline":"Israfil","datePublished":"2026-09-05T14:03:26+00:00","dateModified":"2026-09-05T14:20:54+00:00","mainEntityOfPage":{"@id":"https:\/\/iwell-guard.com\/is\/israfil\/"},"publisher":{"@id":"https:\/\/iwell-guard.com\/is\/#organization"},"image":{"@id":"https:\/\/iwell-guard.com\/is\/israfil\/#primaryimage"},"thumbnailUrl":"https:\/\/iwell-guard.com\/wp-content\/uploads\/2026\/04\/goetter_islam_israfil.webp","inLanguage":"is","description":"Israfil, erkiengill \u00edslamskrar hef\u00f0ar, var\u00f0veittur um aldir: l\u00fa\u00f0urengill upprisunnar og bo\u00f0beri stundarinnar As-Sa'ah."}]}},"_links":{"self":[{"href":"https:\/\/iwell-guard.com\/is\/wp-json\/wp\/v2\/pages\/168842","targetHints":{"allow":["GET"]}}],"collection":[{"href":"https:\/\/iwell-guard.com\/is\/wp-json\/wp\/v2\/pages"}],"about":[{"href":"https:\/\/iwell-guard.com\/is\/wp-json\/wp\/v2\/types\/page"}],"author":[{"embeddable":true,"href":"https:\/\/iwell-guard.com\/is\/wp-json\/wp\/v2\/users\/3"}],"replies":[{"embeddable":true,"href":"https:\/\/iwell-guard.com\/is\/wp-json\/wp\/v2\/comments?post=168842"}],"version-history":[{"count":0,"href":"https:\/\/iwell-guard.com\/is\/wp-json\/wp\/v2\/pages\/168842\/revisions"}],"wp:featuredmedia":[{"embeddable":true,"href":"https:\/\/iwell-guard.com\/is\/wp-json\/wp\/v2\/media\/1596"}],"wp:attachment":[{"href":"https:\/\/iwell-guard.com\/is\/wp-json\/wp\/v2\/media?parent=168842"}],"wp:term":[{"taxonomy":"category","embeddable":true,"href":"https:\/\/iwell-guard.com\/is\/wp-json\/wp\/v2\/categories?post=168842"}],"curies":[{"name":"wp","href":"https:\/\/api.w.org\/{rel}","templated":true}]}}