{"id":168841,"date":"2026-09-05T14:03:25","date_gmt":"2026-09-05T14:03:25","guid":{"rendered":"https:\/\/iwell-guard.com\/?page_id=168841"},"modified":"2026-09-05T14:20:50","modified_gmt":"2026-09-05T14:20:50","slug":"azrael","status":"publish","type":"page","link":"https:\/\/iwell-guard.com\/is\/azrael\/","title":{"rendered":"Azrael"},"content":{"rendered":"\t\t<div data-elementor-type=\"wp-page\" data-elementor-id=\"168841\" class=\"elementor elementor-168841 elementor-2143 elementor-bc-flex-widget\" data-elementor-post-type=\"page\">\n\t\t\t\t<div class=\"elementor-element elementor-element-10fdade e-flex e-con-boxed e-con e-parent\" data-id=\"10fdade\" data-element_type=\"container\" data-e-type=\"container\" data-settings=\"{&quot;background_background&quot;:&quot;classic&quot;}\">\n\t\t\t\t\t<div class=\"e-con-inner\">\n\t\t<div class=\"elementor-element elementor-element-herohlft0 e-flex e-con-boxed e-con e-child\" data-id=\"herohlft0\" data-element_type=\"container\" data-e-type=\"container\">\n\t\t\t\t\t<div class=\"e-con-inner\">\n\t\t<div class=\"elementor-element elementor-element-c3ceb64 e-con-full e-flex e-con e-child\" data-id=\"c3ceb64\" data-element_type=\"container\" data-e-type=\"container\">\n\t\t\t\t<div class=\"elementor-element elementor-element-96ae5e1 elementor-widget elementor-widget-heading\" data-id=\"96ae5e1\" data-element_type=\"widget\" data-e-type=\"widget\" data-widget_type=\"heading.default\">\n\t\t\t\t\t<h1 class=\"elementor-heading-title elementor-size-default\">Azrael, gu\u00f0 \u00edslamskrar hef\u00f0ar<\/h1>\t\t\t\t<\/div>\n\t\t\t\t<div class=\"elementor-element elementor-element-e45238a elementor-widget elementor-widget-text-editor\" data-id=\"e45238a\" data-element_type=\"widget\" data-e-type=\"widget\" data-widget_type=\"text-editor.default\">\n\t\t\t\t\t\t\t\t\t<p>Azrael er erkiengilsvera \u00edslamskrar hef\u00f0ar, <span class=\"iwg-fachbegriff\" data-tooltip=\"\u00cd hinum abraham\u00edsku tr\u00faarbr\u00f6g\u00f0um himneskur sendibo\u00f0i Gu\u00f0s.\" tabindex=\"0\">engill<\/span> dau\u00f0ans og s\u00e1larlei\u00f0s\u00f6guma\u00f0ur. Tr\u00faarfr\u00e6\u00f0ilegt mikilv\u00e6gi hans felst \u00ed millig\u00f6ngu milli l\u00edfs og dau\u00f0a, \u00ed k\u00f3ran\u00edskri og gu\u00f0fr\u00e6\u00f0ilegri hlutverki hans vi\u00f0 vir\u00f0ulega burtf\u00f6r s\u00e1lna og \u00ed dulspekilegu hlutverki hans sem v\u00f6r\u00f0ur hins eskat\u00f3l\u00f3g\u00edska \u00fer\u00f6skulds a\u00f0 heimi hinna framli\u00f0nu.<\/p>\t\t\t\t\t\t\t\t<\/div>\n\t\t\t\t<\/div>\n\t\t<div class=\"elementor-element elementor-element-klsbdg01 e-con-full e-flex e-con e-parent\" data-id=\"klsbdg01\" data-element_type=\"container\" data-e-type=\"container\">\n\t\t\t\t<div class=\"elementor-element elementor-element-klshtm01 elementor-widget elementor-widget-html\" data-id=\"klshtm01\" data-element_type=\"widget\" data-e-type=\"widget\" data-widget_type=\"html.default\">\n\t\t\t\t\t<div class=\"iwg-pill-row\"><span class=\"iwg-klasse-badge\" tabindex=\"0\" data-tooltip=\"Lj\u00f3sverur: Uppl\u00fdstar, verndandi e\u00f0a kennandi verur, erkienglar, uppstigningarmeistarar, lj\u00f3sar n\u00e1tt\u00faruverur. \u00cd n\u00fdrri og eldri andlegum hef\u00f0um l\u00fdst sem hj\u00e1lpar- og kennaraverur.\">Lj\u00f3svera<\/span><a href=\"https:\/\/iwell-guard.com\/is\/?page_id=168613\" class=\"iwg-kultur-badge\" tabindex=\"0\" data-tooltip=\"\u00cdslamskur tr\u00faarheimur me\u00f0 erkienglum, djinnum og tr\u00faarlegum verum.\">\u00cdslam<\/a><span class=\"iwg-tradition-badge\" tabindex=\"0\" data-tooltip=\"Erkiengill, h\u00e6sta engladeild \u00ed hef\u00f0 Gy\u00f0inga, kristinna og m\u00faslima.\">Erkiengill<\/span><\/div>\t\t\t\t<\/div>\n\t\t\t\t<\/div>\n\t\t<div class=\"elementor-element elementor-element-3f74855 e-con-full e-flex e-con e-child\" data-id=\"3f74855\" data-element_type=\"container\" data-e-type=\"container\">\n\t\t\t\t<div class=\"elementor-element elementor-element-1c30362 elementor-toc--minimized-on-tablet elementor-widget elementor-widget-table-of-contents\" data-id=\"1c30362\" data-element_type=\"widget\" data-e-type=\"widget\" data-settings=\"{&quot;exclude_headings_by_selector&quot;:[],&quot;no_headings_message&quot;:&quot;Engar undirfyrirsagnir fundust \\u00e1 \\u00feessari s\\u00ed\\u00f0u.&quot;,&quot;headings_by_tags&quot;:[&quot;h2&quot;,&quot;h3&quot;],&quot;marker_view&quot;:&quot;bullets&quot;,&quot;minimize_box&quot;:&quot;yes&quot;,&quot;icon&quot;:{&quot;value&quot;:&quot;fas fa-circle&quot;,&quot;library&quot;:&quot;fa-solid&quot;,&quot;rendered_tag&quot;:&quot;&lt;svg class=\\&quot;e-font-icon-svg e-fas-circle\\&quot; viewBox=\\&quot;0 0 512 512\\&quot; xmlns=\\&quot;http:\\\/\\\/www.w3.org\\\/2000\\\/svg\\&quot;&gt;&lt;path d=\\&quot;M256 8C119 8 8 119 8 256s111 248 248 248 248-111 248-248S393 8 256 8z\\&quot;&gt;&lt;\\\/path&gt;&lt;\\\/svg&gt;&quot;},&quot;minimized_on&quot;:&quot;tablet&quot;,&quot;hierarchical_view&quot;:&quot;yes&quot;,&quot;min_height&quot;:{&quot;unit&quot;:&quot;px&quot;,&quot;size&quot;:&quot;&quot;,&quot;sizes&quot;:[]},&quot;min_height_tablet&quot;:{&quot;unit&quot;:&quot;px&quot;,&quot;size&quot;:&quot;&quot;,&quot;sizes&quot;:[]},&quot;min_height_mobile&quot;:{&quot;unit&quot;:&quot;px&quot;,&quot;size&quot;:&quot;&quot;,&quot;sizes&quot;:[]}}\" data-widget_type=\"table-of-contents.default\">\n\t\t\t\t\t\t\t\t\t<div class=\"elementor-toc__header\">\n\t\t\t\t\t\t<h2 class=\"elementor-toc__header-title\">\n\t\t\t\tEfnisyfirlit\t\t\t<\/h2>\n\t\t\t\t\t\t\t\t\t\t<div class=\"elementor-toc__toggle-button elementor-toc__toggle-button--expand\" role=\"button\" tabindex=\"0\" aria-controls=\"elementor-toc__1c30362\" aria-expanded=\"true\" aria-label=\"Open table of contents\"><svg aria-hidden=\"true\" class=\"e-font-icon-svg e-fas-chevron-down\" viewBox=\"0 0 448 512\" xmlns=\"http:\/\/www.w3.org\/2000\/svg\"><path d=\"M207.029 381.476L12.686 187.132c-9.373-9.373-9.373-24.569 0-33.941l22.667-22.667c9.357-9.357 24.522-9.375 33.901-.04L224 284.505l154.745-154.021c9.379-9.335 24.544-9.317 33.901.04l22.667 22.667c9.373 9.373 9.373 24.569 0 33.941L240.971 381.476c-9.373 9.372-24.569 9.372-33.942 0z\"><\/path><\/svg><\/div>\n\t\t\t\t<div class=\"elementor-toc__toggle-button elementor-toc__toggle-button--collapse\" role=\"button\" tabindex=\"0\" aria-controls=\"elementor-toc__1c30362\" aria-expanded=\"true\" aria-label=\"Close table of contents\"><svg aria-hidden=\"true\" class=\"e-font-icon-svg e-fas-chevron-up\" viewBox=\"0 0 448 512\" xmlns=\"http:\/\/www.w3.org\/2000\/svg\"><path d=\"M240.971 130.524l194.343 194.343c9.373 9.373 9.373 24.569 0 33.941l-22.667 22.667c-9.357 9.357-24.522 9.375-33.901.04L224 227.495 69.255 381.516c-9.379 9.335-24.544 9.317-33.901-.04l-22.667-22.667c-9.373-9.373-9.373-24.569 0-33.941L207.03 130.525c9.372-9.373 24.568-9.373 33.941-.001z\"><\/path><\/svg><\/div>\n\t\t\t\t\t<\/div>\n\t\t\t\t<div id=\"elementor-toc__1c30362\" class=\"elementor-toc__body\">\n\t\t\t<div class=\"elementor-toc__spinner-container\">\n\t\t\t\t<svg class=\"elementor-toc__spinner eicon-animation-spin e-font-icon-svg e-eicon-loading\" aria-hidden=\"true\" viewBox=\"0 0 1000 1000\" xmlns=\"http:\/\/www.w3.org\/2000\/svg\"><path d=\"M500 975V858C696 858 858 696 858 500S696 142 500 142 142 304 142 500H25C25 237 238 25 500 25S975 237 975 500 763 975 500 975Z\"><\/path><\/svg>\t\t\t<\/div>\n\t\t<\/div>\n\t\t\t\t\t\t<\/div>\n\t\t\t\t<\/div>\n\t\t\t\t\t<\/div>\n\t\t\t\t<\/div>\n\t\t<div class=\"elementor-element elementor-element-herorght0 e-con-full e-flex e-con e-child\" data-id=\"herorght0\" data-element_type=\"container\" data-e-type=\"container\">\n\t\t\t\t<div class=\"elementor-element elementor-element-heroimg00 iwg-hero-image elementor-widget elementor-widget-image\" data-id=\"heroimg00\" data-element_type=\"widget\" data-e-type=\"widget\" data-widget_type=\"image.default\">\n\t\t\t\t\t\t\t\t\t\t\t\t\t\t\t<img fetchpriority=\"high\" decoding=\"async\" width=\"683\" height=\"1024\" src=\"https:\/\/iwell-guard.com\/wp-content\/uploads\/2026\/04\/goetter_islam_azrael-683x1024.webp\" class=\"attachment-large size-large wp-image-171107\" alt=\"Azrael - gu\u00f0ir \u00far hef\u00f0 \u00edslams, s\u00f6guleg-myndskreytt\" srcset=\"https:\/\/iwell-guard.com\/wp-content\/uploads\/2026\/04\/goetter_islam_azrael-683x1024.webp 683w, https:\/\/iwell-guard.com\/wp-content\/uploads\/2026\/04\/goetter_islam_azrael-200x300.webp 200w, https:\/\/iwell-guard.com\/wp-content\/uploads\/2026\/04\/goetter_islam_azrael-768x1152.webp 768w, https:\/\/iwell-guard.com\/wp-content\/uploads\/2026\/04\/goetter_islam_azrael.webp 1024w\" sizes=\"(max-width: 683px) 100vw, 683px\" \/>\t\t\t\t\t\t\t\t\t\t\t\t\t\t\t<\/div>\n\t\t\t\t<\/div>\n\t\t\t\t\t<\/div>\n\t\t\t\t<\/div>\n\t\t<div class=\"elementor-element elementor-element-32917199 e-flex e-con-boxed e-con e-parent\" data-id=\"32917199\" data-element_type=\"container\" data-e-type=\"container\">\n\t\t\t\t\t<div class=\"e-con-inner\">\n\t\t<div class=\"elementor-element elementor-element-26e916cb e-flex e-con-boxed e-con e-child\" data-id=\"26e916cb\" data-element_type=\"container\" data-e-type=\"container\">\n\t\t\t\t\t<div class=\"e-con-inner\">\n\t\t<div class=\"elementor-element elementor-element-253a40d4 e-flex e-con-boxed e-con e-child\" data-id=\"253a40d4\" data-element_type=\"container\" data-e-type=\"container\">\n\t\t\t\t\t<div class=\"e-con-inner\">\n\t\t\t\t<div class=\"elementor-element elementor-element-1200c304 elementor-widget elementor-widget-heading\" data-id=\"1200c304\" data-element_type=\"widget\" data-e-type=\"widget\" data-widget_type=\"heading.default\">\n\t\t\t\t\t<h2 class=\"elementor-heading-title elementor-size-default\">Azrael<\/h2>\t\t\t\t<\/div>\n\t\t\t\t<div class=\"elementor-element elementor-element-11758e7f elementor-widget elementor-widget-text-editor\" data-id=\"11758e7f\" data-element_type=\"widget\" data-e-type=\"widget\" data-widget_type=\"text-editor.default\">\n\t\t\t\t\t\t\t\t\t<p>Azrael (einnig kalla\u00f0ur Izra&#8217;il) er dau\u00f0a<span class=\"iwg-fachbegriff\" data-tooltip=\"\u00cd hinum abraham\u00edsku tr\u00faarbr\u00f6g\u00f0um himneskur sendibo\u00f0i Gu\u00f0s.\" tabindex=\"0\">engill<\/span> og fylgdarma\u00f0ur s\u00e1lna. Eiginleikar hans eru me\u00f0al annars mildi gagnvart tr\u00fau\u00f0um, harka gagnvart syndurum og fullkomin hl\u00fd\u00f0ni vi\u00f0 Allah.<\/p><p>Me\u00f0al helstu go\u00f0sagna eru: koma Azraels \u00e1 d\u00e1narbe\u00f0i\u00f0 (hadith), s\u00e1larheimtan me\u00f0 40 englum (Tirmidhi), m\u00e1lsme\u00f0fer\u00f0 s\u00e1larins \u00e1 d\u00f3msdegi (Yawm ad-Din) og samtal Azraels vi\u00f0 hina deyjandi s\u00e1l um \u00f6rl\u00f6g hennar.<\/p>\t\t\t\t\t\t\t\t<\/div>\n\t\t\t\t\t<\/div>\n\t\t\t\t<\/div>\n\t\t<div class=\"elementor-element elementor-element-159dcf9a e-flex e-con-boxed e-con e-child\" data-id=\"159dcf9a\" data-element_type=\"container\" data-e-type=\"container\">\n\t\t\t\t\t<div class=\"e-con-inner\">\n\t\t\t\t<div class=\"elementor-element elementor-element-48cee66f elementor-widget elementor-widget-heading\" data-id=\"48cee66f\" data-element_type=\"widget\" data-e-type=\"widget\" data-widget_type=\"heading.default\">\n\t\t\t\t\t<h2 class=\"elementor-heading-title elementor-size-default\">Skyndiyfirlit: Azrael<\/h2>\t\t\t\t<\/div>\n\t\t\t\t<div class=\"elementor-element elementor-element-3f50d82c elementor-widget elementor-widget-text-editor\" data-id=\"3f50d82c\" data-element_type=\"widget\" data-e-type=\"widget\" data-widget_type=\"text-editor.default\">\n\t\t\t\t\t\t\t\t\t<p>Azraels er geti\u00f0 \u00ed hadith-s\u00f6fnum (Bukhari, Muslim, Tirmidhi, \u00e1 arab\u00edsku, 8. og 9. \u00f6ld) og \u00ed K\u00f3raninum me\u00f0 \u00f3beinum h\u00e6tti undir Mal&#8217;ak al-Mawt (dau\u00f0aengillinn, 32:11). Nafngiftin \u00e1 s\u00e9r sta\u00f0 \u00e1 fyrra \u00edsl\u00f6msku t\u00edmabili. Ranns\u00f3knir (Schimmel, Hughes, Wild, McLeod) sta\u00f0festa a\u00f0 Azrael er lykilpers\u00f3na \u00ed \u00edslamskri eskat\u00f3l\u00f3g\u00edu og s\u00faf\u00edskri <span class=\"iwg-fachbegriff\" data-tooltip=\"Tr\u00faarstefna me\u00f0 \u00e1herslu \u00e1 beina gu\u00f0sreynslu.\" tabindex=\"0\">dulspeki<\/span>.<\/p>\t\t\t\t\t\t\t\t<\/div>\n\t\t\t\t\t<\/div>\n\t\t\t\t<\/div>\n\t\t\t\t\t<\/div>\n\t\t\t\t<\/div>\n\t\t\t\t\t<\/div>\n\t\t\t\t<\/div>\n\t\t<div class=\"elementor-element elementor-element-18613602 e-flex e-con-boxed e-con e-parent\" data-id=\"18613602\" data-element_type=\"container\" data-e-type=\"container\">\n\t\t\t\t\t<div class=\"e-con-inner\">\n\t\t\t\t<div class=\"elementor-element elementor-element-262b8a9f elementor-widget elementor-widget-heading\" data-id=\"262b8a9f\" data-element_type=\"widget\" data-e-type=\"widget\" data-widget_type=\"heading.default\">\n\t\t\t\t\t<h2 class=\"elementor-heading-title elementor-size-default\">Yfirlit<\/h2>\t\t\t\t<\/div>\n\t\t<div class=\"elementor-element elementor-element-46dcb7d e-con-full e-flex e-con e-child\" data-id=\"46dcb7d\" data-element_type=\"container\" data-e-type=\"container\">\n\t\t<div class=\"elementor-element elementor-element-61d3ab3 e-flex e-con-boxed e-con e-child\" data-id=\"61d3ab3\" data-element_type=\"container\" data-e-type=\"container\">\n\t\t\t\t\t<div class=\"e-con-inner\">\n\t\t\t\t<div class=\"elementor-element elementor-element-117c166 elementor-widget elementor-widget-heading\" data-id=\"117c166\" data-element_type=\"widget\" data-e-type=\"widget\" data-widget_type=\"heading.default\">\n\t\t\t\t\t<div class=\"elementor-heading-title elementor-size-default\">T\u00edmabil textanna<\/div>\t\t\t\t<\/div>\n\t\t\t\t<div class=\"elementor-element elementor-element-73997a0 elementor-widget elementor-widget-text-editor\" data-id=\"73997a0\" data-element_type=\"widget\" data-e-type=\"widget\" data-widget_type=\"text-editor.default\">\n\t\t\t\t\t\t\t\t\t<p>H\u00e6gt er a\u00f0 rekja arfleif\u00f0ina yfir vel meira en \u00e1r\u00fe\u00fasund og h\u00e1lft: K\u00f3raninn nefnir dau\u00f0aengilinn \u00e1n nafns, hadith- og sagnahef\u00f0 fyrstu \u00edsl\u00f6msku aldanna gaf honum nafni\u00f0 Azrael og n\u00e1kv\u00e6ma verkefnaskr\u00e1, og samhli\u00f0a \u00feekkir hin j\u00fad\u00edska hef\u00f0 Malach ha-Mawet. Fram \u00e1 \u00feennan dag er \u00feessi vera til sta\u00f0ar: \u00ed \u00edslamskri \u00fej\u00f3\u00f0artr\u00fa, \u00ed predikunum og uppbyggilegum b\u00f3kmenntum, en einnig \u00ed vestr\u00e6nni b\u00f3kmenntahef\u00f0 og d\u00e6gurmenningu, \u00fear sem Azrael birtist oft \u00e1n gu\u00f0fr\u00e6\u00f0ilegs samhengis sem \u00fatg\u00e1fa af sl\u00e1ttumanninum.<\/p>\t\t\t\t\t\t\t\t<\/div>\n\t\t\t\t\t<\/div>\n\t\t\t\t<\/div>\n\t\t<div class=\"elementor-element elementor-element-d47b156 e-flex e-con-boxed e-con e-child\" data-id=\"d47b156\" data-element_type=\"container\" data-e-type=\"container\">\n\t\t\t\t\t<div class=\"e-con-inner\">\n\t\t\t\t<div class=\"elementor-element elementor-element-ff38c2b elementor-widget elementor-widget-heading\" data-id=\"ff38c2b\" data-element_type=\"widget\" data-e-type=\"widget\" data-widget_type=\"heading.default\">\n\t\t\t\t\t<div class=\"elementor-heading-title elementor-size-default\">\u00datbrei\u00f0slusv\u00e6\u00f0i<\/div>\t\t\t\t<\/div>\n\t\t\t\t<div class=\"elementor-element elementor-element-4e49fcc elementor-widget elementor-widget-text-editor\" data-id=\"4e49fcc\" data-element_type=\"widget\" data-e-type=\"widget\" data-widget_type=\"text-editor.default\">\n\t\t\t\t\t\t\t\t\t<p>Azrael var ekki bundinn vi\u00f0 \u00e1kve\u00f0i\u00f0 sv\u00e6\u00f0i e\u00f0a sta\u00f0setningar, heldur var hann \u00feekktur og virtur e\u00f0a f\u00f3rnf\u00faslega hr\u00e6ddur \u00e1 heimsv\u00edsu innan \u00edslamska heimsins. Hvort sem \u00fea\u00f0 var \u00ed st\u00f3rum borgum e\u00f0a \u00e1 ja\u00f0arsv\u00e6\u00f0um landsbygg\u00f0ar, hj\u00e1 samf\u00e9lagslegri el\u00edtu e\u00f0a almenningi, var andlegt e\u00f0a menningarlegt mikilv\u00e6gi \u00feessarar veru vi\u00f0urkennt og algilt.<\/p><p>A\u00f0 dau\u00f0aengillinn s\u00e9 \u00feekktur undir tengdum n\u00f6fnum \u00ed j\u00fad\u00edskri, \u00edslamskri og s\u00ed\u00f0ar einnig kristinni menningu m\u00e1 sk\u00fdra me\u00f0 sameiginlegum textagrunni hinna eingy\u00f0istr\u00faarbrag\u00f0a og samskiptum \u00feeirra \u00ed Austurl\u00f6ndum n\u00e6r. Me\u00f0 \u00fatbrei\u00f0slu \u00edslams fr\u00e1 Andal\u00fas\u00edu til Su\u00f0austur-As\u00edu breiddist hugmyndin um Azrael einnig \u00fat og h\u00e9lst \u00ed grunnatri\u00f0um samhlj\u00f3ma: engill sem tekur s\u00e1lir \u00ed umbo\u00f0i Gu\u00f0s, \u00e1n eigin ge\u00f0\u00fe\u00f3tta og \u00e1n s\u00e9rstakrar tilbei\u00f0slu.<\/p>\t\t\t\t\t\t\t\t<\/div>\n\t\t\t\t\t<\/div>\n\t\t\t\t<\/div>\n\t\t\t\t<\/div>\n\t\t<div class=\"elementor-element elementor-element-db03c39 e-con-full e-flex e-con e-child\" data-id=\"db03c39\" data-element_type=\"container\" data-e-type=\"container\">\n\t\t<div class=\"elementor-element elementor-element-229a87b e-flex e-con-boxed e-con e-child\" data-id=\"229a87b\" data-element_type=\"container\" data-e-type=\"container\">\n\t\t\t\t\t<div class=\"e-con-inner\">\n\t\t\t\t<div class=\"elementor-element elementor-element-1f471fc elementor-widget elementor-widget-heading\" data-id=\"1f471fc\" data-element_type=\"widget\" data-e-type=\"widget\" data-widget_type=\"heading.default\">\n\t\t\t\t\t<div class=\"elementor-heading-title elementor-size-default\">Heimildasta\u00f0a<\/div>\t\t\t\t<\/div>\n\t\t\t\t<div class=\"elementor-element elementor-element-36b1201 elementor-widget elementor-widget-text-editor\" data-id=\"36b1201\" data-element_type=\"widget\" data-e-type=\"widget\" data-widget_type=\"text-editor.default\">\n\t\t\t\t\t\t\t\t\t<p>Frumheimildir eru K\u00f3raninn (32:11, \u201eV\u00e9r munum l\u00e1ta y\u00f0ur deyja&#8220; me\u00f0 v\u00edsun \u00ed dau\u00f0aengilinn, arab\u00edska, 7. \u00f6ld), hadith-s\u00f6fn (Sahih al-Bukhari 2:23, Sahih Muslim 2159, Jami&#8217;at-Tirmidhi 2332, arab\u00edska), tafsir-b\u00f3kmenntir (Tabari, Ibn Kathir) og s\u00faf\u00edsk rit (Al-Ghazali, Ihya Ulum ad-Din, 11. \u00f6ld, arab\u00edska).<\/p><p>\u00c1 seinni t\u00edmum hafa Schimmel (Mystical Dimensions), Hughes (Dictionary of Islam), Wild (Islamic Angelology) og McLeod (Judeo-Islamic Angelology) greint mikilv\u00e6gi Azraels sem eskat\u00f3l\u00f3g\u00edsks <span class=\"iwg-fachbegriff\" data-tooltip=\"\u00cd hinum abraham\u00edsku tr\u00faarbr\u00f6g\u00f0um himneskur sendibo\u00f0i Gu\u00f0s.\" tabindex=\"0\">engils<\/span>.<\/p>\t\t\t\t\t\t\t\t<\/div>\n\t\t\t\t\t<\/div>\n\t\t\t\t<\/div>\n\t\t\t\t<\/div>\n\t\t\t\t\t<\/div>\n\t\t\t\t<\/div>\n\t\t<div class=\"elementor-element elementor-element-3ae0637c e-flex e-con-boxed e-con e-parent\" data-id=\"3ae0637c\" data-element_type=\"container\" data-e-type=\"container\">\n\t\t\t\t\t<div class=\"e-con-inner\">\n\t\t\t\t<div class=\"elementor-element elementor-element-31d07739 elementor-widget elementor-widget-heading\" data-id=\"31d07739\" data-element_type=\"widget\" data-e-type=\"widget\" data-widget_type=\"heading.default\">\n\t\t\t\t\t<h2 class=\"elementor-heading-title elementor-size-default\">Nafn<\/h2>\t\t\t\t<\/div>\n\t\t<div class=\"elementor-element elementor-element-b7642947 e-con-full e-flex e-con e-child\" data-id=\"b7642947\" data-element_type=\"container\" data-e-type=\"container\">\n\t\t\t\t<div class=\"elementor-element elementor-element-a086266 elementor-widget elementor-widget-text-editor\" data-id=\"a086266\" data-element_type=\"widget\" data-e-type=\"widget\" data-widget_type=\"text-editor.default\">\n\t\t\t\t\t\t\t\t\t<p>Azrael er s\u00fdndur \u00ed hinum \u00fdmsu heimildum og listr\u00e6num hef\u00f0um me\u00f0 \u00e1kve\u00f0num endurteknum myndr\u00e6num einkennum sem hafa haldist tilt\u00f6lulega st\u00f6\u00f0ug yfir \u00e1ratugi og yfir mismunandi landsv\u00e6\u00f0i. \u00deessi einkenni eru ekki einfaldlega skreytileg e\u00f0a handah\u00f3fskennd, heldur dj\u00fapt t\u00e1knr\u00e6n og bera mikla merkingu.<\/p><p>L\u00fdsingarnar \u00e1 Azrael \u00ed \u00edslamskri og j\u00fad\u00edskri hef\u00f0 eru ekki frj\u00e1ls sk\u00e1ldskapur, heldur gu\u00f0fr\u00e6\u00f0ilega merktar fullyr\u00f0ingar um emb\u00e6tti hans: \u00deegar hef\u00f0in eignar honum \u00fe\u00fasundir augna og v\u00e6ngi e\u00f0a segir a\u00f0 hann bera skr\u00e1 me\u00f0 n\u00f6fnum hinna lifandi, \u00fe\u00e1 er veri\u00f0 a\u00f0 l\u00fdsa \u00fev\u00ed verkefni hans a\u00f0 n\u00e1 til hvers manns \u00e1 fyrirfram \u00e1kve\u00f0inni stundu. K\u00f3raninn sj\u00e1lfur nefnir ekkert nafn, heldur talar a\u00f0eins um dau\u00f0aengilinn (s\u00fara 32:11); nafni\u00f0 og eiginleikarnir eru \u00far b\u00f3kmenntum eftir opinberun K\u00f3ransins. S\u00e1 sem kann \u00feessa textahef\u00f0 getur lesi\u00f0 hin einst\u00f6ku myndr\u00e6nu atri\u00f0i sem fullyr\u00f0ingar um umfang, verkefni og hl\u00fd\u00f0ni engilsins gagnvart Gu\u00f0i.<\/p>\t\t\t\t\t\t\t\t<\/div>\n\t\t\t\t<\/div>\n\t\t\t\t\t<\/div>\n\t\t\t\t<\/div>\n\t\t<div class=\"elementor-element elementor-element-709a44a8 e-flex e-con-boxed e-con e-parent\" data-id=\"709a44a8\" data-element_type=\"container\" data-e-type=\"container\">\n\t\t\t\t\t<div class=\"e-con-inner\">\n\t\t\t\t<div class=\"elementor-element elementor-element-2f585873 elementor-widget elementor-widget-heading\" data-id=\"2f585873\" data-element_type=\"widget\" data-e-type=\"widget\" data-widget_type=\"heading.default\">\n\t\t\t\t\t<h2 class=\"elementor-heading-title elementor-size-default\">L\u00fdsing<\/h2>\t\t\t\t<\/div>\n\t\t<div class=\"elementor-element elementor-element-70621c12 e-con-full e-flex e-con e-child\" data-id=\"70621c12\" data-element_type=\"container\" data-e-type=\"container\">\n\t\t\t\t<div class=\"elementor-element elementor-element-4296eb49 elementor-widget elementor-widget-text-editor\" data-id=\"4296eb49\" data-element_type=\"widget\" data-e-type=\"widget\" data-widget_type=\"text-editor.default\">\n\t\t\t\t\t\t\t\t\t<p>Azrael var lykil\u00fe\u00e1ttur \u00ed tr\u00faarlegri i\u00f0kun, hversdagslegum si\u00f0um og daglegu skilningi \u00edslams. F\u00f3lk leita\u00f0i til \u00feessarar veru \u00e1 kr\u00edt\u00edskum e\u00f0a \u00e1kve\u00f0num t\u00edmam\u00f3tum \u00ed l\u00edfinu e\u00f0a \u00e1 tilteknum tr\u00faarlegum t\u00edmabilum, me\u00f0 skipul\u00f6g\u00f0um og oft \u00edbur\u00f0armiklum ath\u00f6fnum, b\u00e6num e\u00f0a f\u00f3rnum.<\/p><p>Umgengni vi\u00f0 dau\u00f0aengilinn var \u00ed \u00edslamskri hef\u00f0 felld inn \u00ed gu\u00f0fr\u00e6\u00f0i og l\u00f6g: fr\u00e6\u00f0imenn r\u00e6ddu \u00ed k\u00f3ran\u00fatleg\u00f0 og hadith-sk\u00fdringum verkefni Malak al-Maut, og athafnirnar sem tengdust dau\u00f0anum, fr\u00e1 m\u00e6ltri tr\u00faarj\u00e1tningu \u00e1 d\u00e1narbe\u00f0inu til \u00fevottunar l\u00edkamans, voru regluger\u00f0ar af tr\u00faarlegum fyrirm\u00e6lum og fylgt eftir af s\u00e9rstaklega tilkv\u00f6ddu f\u00f3lki.<\/p><p>Hugmyndin um dau\u00f0aengilinn hefur haldist fr\u00e1 rabb\u00ednskum b\u00f3kmenntum yfir \u00ed fyrstu \u00edsl\u00f6msku hef\u00f0ina og fram \u00ed n\u00fat\u00edma \u00fej\u00f3\u00f0artr\u00fa, \u00fev\u00ed h\u00fan uppfyllir sk\u00fdrt skilgreint hlutverk: h\u00fan \u00fatsk\u00fdrir umskiptin fr\u00e1 l\u00edfi til dau\u00f0a. A\u00f0 \u00edslamskri sko\u00f0un skilur Azrael s\u00e1lina fr\u00e1 l\u00edkamanum, mildilega hj\u00e1 hinum r\u00e9ttl\u00e1tu, hart hj\u00e1 syndurum, og afhendir hana englum sem koma henni \u00e1fram. Veran \u00fej\u00f3nar \u00fev\u00ed hvorki v\u00f6rn n\u00e9 l\u00e6kningu, heldur fylgd \u00ed gegnum hin endanlegu umskipti sem hverri kynsl\u00f3\u00f0 bar a\u00f0 endurt\u00falka.<\/p>\t\t\t\t\t\t\t\t<\/div>\n\t\t\t\t<\/div>\n\t\t\t\t\t<\/div>\n\t\t\t\t<\/div>\n\t\t<div class=\"elementor-element elementor-element-44e71476 e-flex e-con-boxed e-con e-parent\" data-id=\"44e71476\" data-element_type=\"container\" data-e-type=\"container\">\n\t\t\t\t\t<div class=\"e-con-inner\">\n\t\t\t\t<div class=\"elementor-element elementor-element-3c1fc3f0 elementor-widget elementor-widget-heading\" data-id=\"3c1fc3f0\" data-element_type=\"widget\" data-e-type=\"widget\" data-widget_type=\"heading.default\">\n\t\t\t\t\t<h2 class=\"elementor-heading-title elementor-size-default\">Pers\u00f3nuspjald: Azrael<\/h2>\t\t\t\t<\/div>\n\t\t<div class=\"elementor-element elementor-element-84f33b8e e-con-full e-flex e-con e-child\" data-id=\"84f33b8e\" data-element_type=\"container\" data-e-type=\"container\">\n\t\t\t\t<div class=\"elementor-element elementor-element-hqkdc67p elementor-widget elementor-widget-text-editor\" data-id=\"hqkdc67p\" data-element_type=\"widget\" data-e-type=\"widget\" data-widget_type=\"text-editor.default\">\n\t\t\t\t\t\t\t\t\t<p>Pers\u00f3nuspjaldi\u00f0 l\u00fdsir Azrael \u00ed sex v\u00edddum: uppruna hans \u00ed k\u00f3ran\u00edskum og hadith-styrktum hef\u00f0um, markh\u00f3p hans me\u00f0al tr\u00faa\u00f0ra m\u00faslima og deyjandi f\u00f3lks, myndr\u00e6n einkenni dau\u00f0asenunnar, hlutverk hans sem vir\u00f0ulegur fylgdarma\u00f0ur s\u00e1lna, samanbur\u00f0 vi\u00f0 kristnar og j\u00fad\u00edskar dau\u00f0am\u00e1ttarv\u00e6ttir og dulspekilegt hlutverk hans \u00ed s\u00faf\u00edskri \u00edhugun um forgengileika.<\/p>\t\t\t\t\t\t\t\t<\/div>\n\t\t\t\t<\/div>\n\t\t<div class=\"elementor-element elementor-element-pemmx7c5 e-con-full e-flex e-con e-child\" data-id=\"pemmx7c5\" data-element_type=\"container\" data-e-type=\"container\">\n\t\t<div class=\"elementor-element elementor-element-pemmx7c1 e-con-full e-flex e-con e-child\" data-id=\"pemmx7c1\" data-element_type=\"container\" data-e-type=\"container\">\n\t\t<div class=\"elementor-element elementor-element-qh9oavvu iwg-steckbrief-card e-flex e-con-boxed e-con e-child\" data-id=\"qh9oavvu\" data-element_type=\"container\" data-e-type=\"container\">\n\t\t\t\t\t<div class=\"e-con-inner\">\n\t\t\t\t<div class=\"elementor-element elementor-element-awzx8k2k elementor-widget elementor-widget-heading\" data-id=\"awzx8k2k\" data-element_type=\"widget\" data-e-type=\"widget\" data-widget_type=\"heading.default\">\n\t\t\t\t\t<div class=\"elementor-heading-title elementor-size-default\">Menningarsamhengi<\/div>\t\t\t\t<\/div>\n\t\t\t\t<div class=\"elementor-element elementor-element-x6rowhv0 elementor-widget elementor-widget-text-editor\" data-id=\"x6rowhv0\" data-element_type=\"widget\" data-e-type=\"widget\" data-widget_type=\"text-editor.default\">\n\t\t\t\t\t\t\t\t\t<p>Azrael er nefndur \u00ed fyrstu hadith-textunum fr\u00e1 8. og 9. \u00f6ld, me\u00f0 r\u00e6tur \u00ed jude\u00f3-kristinni englafr\u00e6\u00f0i (\u00dar\u00edel, Samael). Landfr\u00e6\u00f0ilegur uppruni hans er \u00e1 Arab\u00eduskaganum og \u00ed Mi\u00f0austurl\u00f6ndum. Fyrsta tilv\u00edsunin er t\u00edmasett til K\u00f3ransins 32:11 (Mekka-t\u00edmabili\u00f0, 610-632 e.Kr.). Gu\u00f0fr\u00e6\u00f0ileg m\u00f3tun hans sem \u00e6\u00f0sta dau\u00f0aengilsins f\u00f3r fram \u00ed hadith-sk\u00fdringum og s\u00faf\u00ed-ritum (10.-11. \u00f6ld).<\/p>\t\t\t\t\t\t\t\t<\/div>\n\t\t\t\t\t<\/div>\n\t\t\t\t<\/div>\n\t\t<div class=\"elementor-element elementor-element-8e3o4kxs iwg-steckbrief-card e-flex e-con-boxed e-con e-child\" data-id=\"8e3o4kxs\" data-element_type=\"container\" data-e-type=\"container\">\n\t\t\t\t\t<div class=\"e-con-inner\">\n\t\t\t\t<div class=\"elementor-element elementor-element-08rkdgov elementor-widget elementor-widget-heading\" data-id=\"08rkdgov\" data-element_type=\"widget\" data-e-type=\"widget\" data-widget_type=\"heading.default\">\n\t\t\t\t\t<div class=\"elementor-heading-title elementor-size-default\">Tengt vi\u00f0<\/div>\t\t\t\t<\/div>\n\t\t\t\t<div class=\"elementor-element elementor-element-uwjelx8s elementor-widget elementor-widget-text-editor\" data-id=\"uwjelx8s\" data-element_type=\"widget\" data-e-type=\"widget\" data-widget_type=\"text-editor.default\">\n\t\t\t\t\t\t\t\t\t<p>Azrael snerti fyrst og fremst alla tr\u00faa\u00f0a, s\u00e9rstaklega deyjandi f\u00f3lk og syrgjendur. Markh\u00f3par hans eru hinir tr\u00far\u00e6knu (von um bl\u00ed\u00f0an dau\u00f0a), syndarar (\u00f3tti), dulhyggjumenn (huglei\u00f0ing um dau\u00f0ann) og a\u00f0standendur sem sinna sj\u00fakum (<span class=\"iwg-fachbegriff\" data-tooltip=\"M\u00e1lleg \u00e1v\u00f6rpun manns til gu\u00f0legrar veru.\" tabindex=\"0\">b\u00e6n<\/span> um frelsun). Tilefnin eru d\u00e1narbe\u00f0, dau\u00f0a\u00f3tti, sorgart\u00edmabil og dulhyggjuleg huglei\u00f0sla (muraqaba) um hverfulleika (zawal). <span class=\"iwg-fachbegriff\" data-tooltip=\"\u00dea\u00f0 a\u00f0 \u00e1varpa e\u00f0a \u00e1heita gu\u00f0lega veru e\u00f0a m\u00e1tt.\" tabindex=\"0\">\u00c1kalli\u00f0<\/span> fer fram \u00ed kyrrl\u00e1tri <span class=\"iwg-fachbegriff\" data-tooltip=\"Stutt, pers\u00f3nuleg e\u00f0a samf\u00e9lagsleg tr\u00faarleg \u00edhugun.\" tabindex=\"0\">\u00edhugun<\/span> og \u00f3tta-lotningu (khawf).<\/p>\t\t\t\t\t\t\t\t<\/div>\n\t\t\t\t\t<\/div>\n\t\t\t\t<\/div>\n\t\t<div class=\"elementor-element elementor-element-jm2n74ec iwg-steckbrief-card e-flex e-con-boxed e-con e-child\" data-id=\"jm2n74ec\" data-element_type=\"container\" data-e-type=\"container\">\n\t\t\t\t\t<div class=\"e-con-inner\">\n\t\t\t\t<div class=\"elementor-element elementor-element-8vufse4c elementor-widget elementor-widget-heading\" data-id=\"8vufse4c\" data-element_type=\"widget\" data-e-type=\"widget\" data-widget_type=\"heading.default\">\n\t\t\t\t\t<div class=\"elementor-heading-title elementor-size-default\">\u00c1s\u00fdnd Azraels<\/div>\t\t\t\t<\/div>\n\t\t\t\t<div class=\"elementor-element elementor-element-mwb9u015 elementor-widget elementor-widget-text-editor\" data-id=\"mwb9u015\" data-element_type=\"widget\" data-e-type=\"widget\" data-widget_type=\"text-editor.default\">\n\t\t\t\t\t\t\t\t\t<p>Azrael \u00ed helgimyndafr\u00e6\u00f0i: karlmannlegur vera me\u00f0 st\u00f3ra, svarta e\u00f0a d\u00f6kkbl\u00e1a v\u00e6ngi, tilfinningalaust e\u00f0a sorgm\u00e6tt andlit. Einkennist\u00e1kn hans eru b\u00f3k e\u00f0a bla\u00f0 dau\u00f0alistans (skr\u00e1ning dau\u00f0at\u00edma), stundum lj\u00f3s e\u00f0a myrkur. \u00cd s\u00faf\u00ed-sm\u00e1myndum: alvarlegt augnar\u00e1\u00f0, h\u00e1t\u00ed\u00f0leg l\u00edkamssta\u00f0a. T\u00e1knr\u00e6n tenging vi\u00f0 skr\u00e1ningu og kyrr\u00f0 a\u00f0greinir Azrael fr\u00e1 vestr\u00e6num dau\u00f0ap\u00fakamyndum (Grim Reaper).<\/p>\t\t\t\t\t\t\t\t<\/div>\n\t\t\t\t\t<\/div>\n\t\t\t\t<\/div>\n\t\t\t\t<\/div>\n\t\t<div class=\"elementor-element elementor-element-pemmx7c2 e-con-full e-flex e-con e-child\" data-id=\"pemmx7c2\" data-element_type=\"container\" data-e-type=\"container\">\n\t\t<div class=\"elementor-element elementor-element-37ss2yr6 iwg-steckbrief-card e-flex e-con-boxed e-con e-child\" data-id=\"37ss2yr6\" data-element_type=\"container\" data-e-type=\"container\">\n\t\t\t\t\t<div class=\"e-con-inner\">\n\t\t\t\t<div class=\"elementor-element elementor-element-3v0wp3wx elementor-widget elementor-widget-heading\" data-id=\"3v0wp3wx\" data-element_type=\"widget\" data-e-type=\"widget\" data-widget_type=\"heading.default\">\n\t\t\t\t\t<div class=\"elementor-heading-title elementor-size-default\">Verkunarsvi\u00f0<\/div>\t\t\t\t<\/div>\n\t\t\t\t<div class=\"elementor-element elementor-element-w3247g2m elementor-widget elementor-widget-text-editor\" data-id=\"w3247g2m\" data-element_type=\"widget\" data-e-type=\"widget\" data-widget_type=\"text-editor.default\">\n\t\t\t\t\t\t\t\t\t<strong>Verksvi\u00f0:<\/strong><p>Azrael (\u02bfIzr\u0101\u02be\u012bl, Malak al-Mawt, dau\u00f0aengillinn) er kan\u00f3n\u00edsk pers\u00f3na \u00ed \u00edslam, ekki <span class=\"iwg-fachbegriff\" data-tooltip=\"Utan hins vi\u00f0urkennda kan\u00f3ns.\" tabindex=\"0\">ap\u00f3kr\u00fdf<\/span>.<\/p>\t\t\t\t\t\t\t\t<\/div>\n\t\t\t\t\t<\/div>\n\t\t\t\t<\/div>\n\t\t<div class=\"elementor-element elementor-element-0qpjal9w iwg-steckbrief-card e-flex e-con-boxed e-con e-child\" data-id=\"0qpjal9w\" data-element_type=\"container\" data-e-type=\"container\">\n\t\t\t\t\t<div class=\"e-con-inner\">\n\t\t\t\t<div class=\"elementor-element elementor-element-6ndoih0o elementor-widget elementor-widget-heading\" data-id=\"6ndoih0o\" data-element_type=\"widget\" data-e-type=\"widget\" data-widget_type=\"heading.default\">\n\t\t\t\t\t<div class=\"elementor-heading-title elementor-size-default\">Varnarform<\/div>\t\t\t\t<\/div>\n\t\t\t\t<div class=\"elementor-element elementor-element-6684tyh9 elementor-widget elementor-widget-text-editor\" data-id=\"6684tyh9\" data-element_type=\"widget\" data-e-type=\"widget\" data-widget_type=\"text-editor.default\">\n\t\t\t\t\t\t\t\t\t<p>Azrael var talinn hlutlaus og skyldur\u00e6kinn, hvorki illur n\u00e9 g\u00f3\u00f0gjarn, heldur framkv\u00e6mdara\u00f0ili Allah. \u00c1kallsathafnir f\u00f3lu \u00ed s\u00e9r b\u00e6nir um bl\u00ed\u00f0an dau\u00f0a (karamah), verndun fr\u00e1 s\u00e1rsaukafullum dau\u00f0a og fyrirgefningu \u00e1\u00f0ur en s\u00e1lin var yfirheyr\u00f0.<\/p><p>\u00cd s\u00faf\u00ed-hef\u00f0um voru stunda\u00f0ar huglei\u00f0ingar um Azrael (muraqaba ala-l-mawt) til a\u00f0 n\u00e1 afneitun (zuhd) og undirb\u00faningi s\u00e1larinnar. Vir\u00f0ingin fyrir Azrael birtist sem lotningarfull s\u00e1tt vi\u00f0 dau\u00f0ann sem vilja Allah.<\/p>\t\t\t\t\t\t\t\t<\/div>\n\t\t\t\t\t<\/div>\n\t\t\t\t<\/div>\n\t\t<div class=\"elementor-element elementor-element-3lfi7x32 iwg-steckbrief-card e-flex e-con-boxed e-con e-child\" data-id=\"3lfi7x32\" data-element_type=\"container\" data-e-type=\"container\">\n\t\t\t\t\t<div class=\"e-con-inner\">\n\t\t\t\t<div class=\"elementor-element elementor-element-0kg99ga1 elementor-widget elementor-widget-heading\" data-id=\"0kg99ga1\" data-element_type=\"widget\" data-e-type=\"widget\" data-widget_type=\"heading.default\">\n\t\t\t\t\t<div class=\"elementor-heading-title elementor-size-default\">Hli\u00f0st\u00e6\u00f0ur Azraels<\/div>\t\t\t\t<\/div>\n\t\t\t\t<div class=\"elementor-element elementor-element-n0fum6kp elementor-widget elementor-widget-text-editor\" data-id=\"n0fum6kp\" data-element_type=\"widget\" data-e-type=\"widget\" data-widget_type=\"text-editor.default\">\n\t\t\t\t\t\t\t\t\t<p>Samb\u00e6rilegar verur \u00ed \u00edslam: \u00cdsr\u00e1f\u00edl (<span class=\"iwg-fachbegriff\" data-tooltip=\"\u00cd abraham\u00edsku tr\u00faarbr\u00f6g\u00f0unum himneskur sendibo\u00f0i Gu\u00f0s.\" tabindex=\"0\">engill<\/span> upprisul\u00fa\u00f0ursins), M\u00edka\u00edl (verndar<span class=\"iwg-fachbegriff\" data-tooltip=\"\u00cd abraham\u00edsku tr\u00faarbr\u00f6g\u00f0unum himneskur sendibo\u00f0i Gu\u00f0s.\" tabindex=\"0\">engill<\/span>), J\u00edbr\u00edl (opinberunar<span class=\"iwg-fachbegriff\" data-tooltip=\"\u00cd abraham\u00edsku tr\u00faarbr\u00f6g\u00f0unum himneskur sendibo\u00f0i Gu\u00f0s.\" tabindex=\"0\">engill<\/span>). Utan \u00edslam: Hermes Psychopompos (s\u00e1lalei\u00f0s\u00f6guma\u00f0ur, gr\u00edskur), Karon (ferjuma\u00f0ur undirheima, gr\u00edskur), hinn j\u00fad\u00edski Samael (dau\u00f0am\u00e1ttur, en dj\u00f6fullegur). Hlutlaust og vir\u00f0ulegt hlutverk Azraels gerir hann einst\u00e6\u00f0an.<\/p>\t\t\t\t\t\t\t\t<\/div>\n\t\t\t\t\t<\/div>\n\t\t\t\t<\/div>\n\t\t\t\t<\/div>\n\t\t\t\t<\/div>\n\t\t\t\t\t<\/div>\n\t\t\t\t<\/div>\n\t\t<div class=\"elementor-element elementor-element-7533bc7a e-flex e-con-boxed e-con e-parent\" data-id=\"7533bc7a\" data-element_type=\"container\" data-e-type=\"container\">\n\t\t\t\t\t<div class=\"e-con-inner\">\n\t\t\t\t<div class=\"elementor-element elementor-element-2447d18d elementor-widget elementor-widget-heading\" data-id=\"2447d18d\" data-element_type=\"widget\" data-e-type=\"widget\" data-widget_type=\"heading.default\">\n\t\t\t\t\t<h2 class=\"elementor-heading-title elementor-size-default\">Varnir \u00ed daglegu l\u00edfi<\/h2>\t\t\t\t<\/div>\n\t\t<div class=\"elementor-element elementor-element-d5d0260c e-con-full e-flex e-con e-child\" data-id=\"d5d0260c\" data-element_type=\"container\" data-e-type=\"container\">\n\t\t\t\t<div class=\"elementor-element elementor-element-341be2ac elementor-widget elementor-widget-text-editor\" data-id=\"341be2ac\" data-element_type=\"widget\" data-e-type=\"widget\" data-widget_type=\"text-editor.default\">\n\t\t\t\t\t\t\t\t\t<p><strong>\u00c1kall vi\u00f0 um\u00f6nnun \u00e1 d\u00e1narbe\u00f0i<\/strong><\/p><p>\u00cd hagn\u00fdtri i\u00f0kun \u00edslams (s\u00e9rstaklega \u00ed sj\u00eda-\u00edslam og <span class=\"iwg-fachbegriff\" tabindex=\"0\" data-tooltip=\"Dulhyggjustefna innan \u00edslams; byggir \u00e1 dhikr, sama og lei\u00f0arfr\u00e6\u00f0i l\u00e6risveins undir sjeik.\">s\u00fafisma<\/span>) eru b\u00e6nir (du&#8217;a) fluttar vi\u00f0 heims\u00f3kn \u00e1 d\u00e1narbe\u00f0.<\/p><p><strong>Athafnir og huglei\u00f0slulegur undirb\u00faningur<\/strong><\/p><p>Engin bein \u00e1kallsath\u00f6fn er til fyrir Azrael. \u00deess \u00ed sta\u00f0 er dagleg minning um dau\u00f0ann (zikr al-mawt) i\u00f0kunin.<\/p><p><strong>Verndargripir og undirb\u00faningur fyrir dau\u00f0ann<\/strong><\/p><p>Mi\u00f0l\u00e6gur verndar<span class=\"iwg-fachbegriff\" data-tooltip=\"Gripur borinn \u00e1 l\u00edkamanum sem talinn er veita verndandi, \u00f3g\u00e6fuafst\u00fdrandi kraft.\" tabindex=\"0\">gripur<\/span> er tr\u00fana\u00f0artraust \u00e1 Allah (tawakkul) og tr\u00faarj\u00e1tningin (shahada).<\/p>\t\t\t\t\t\t\t\t<\/div>\n\t\t\t\t<\/div>\n\t\t\t\t\t<\/div>\n\t\t\t\t<\/div>\n\t\t<div class=\"elementor-element elementor-element-5a584676 e-flex e-con-boxed e-con e-parent\" data-id=\"5a584676\" data-element_type=\"container\" data-e-type=\"container\">\n\t\t\t\t\t<div class=\"e-con-inner\">\n\t\t\t\t<div class=\"elementor-element elementor-element-6d0757bf elementor-widget elementor-widget-heading\" data-id=\"6d0757bf\" data-element_type=\"widget\" data-e-type=\"widget\" data-widget_type=\"heading.default\">\n\t\t\t\t\t<h2 class=\"elementor-heading-title elementor-size-default\">Azrael, hli\u00f0st\u00e6\u00f0ur \u00ed \u00f6\u00f0rum menningarheimum<\/h2>\t\t\t\t<\/div>\n\t\t<div class=\"elementor-element elementor-element-60563f68 e-con-full e-flex e-con e-child\" data-id=\"60563f68\" data-element_type=\"container\" data-e-type=\"container\">\n\t\t\t\t<div class=\"elementor-element elementor-element-5a93fdd6 elementor-widget elementor-widget-text-editor\" data-id=\"5a93fdd6\" data-element_type=\"widget\" data-e-type=\"widget\" data-widget_type=\"text-editor.default\">\n\t\t\t\t\t\t\t\t\t<p><p><strong>J\u00fada\u00edsk hef\u00f0:<\/strong> J\u00fada\u00edsk hli\u00f0st\u00e6\u00f0a: Samael e\u00f0a \u00dar\u00edel sem dau\u00f0aengill (en fremur sem hefndarbringjandi). Munurinn er s\u00e1 a\u00f0 Azrael flytur vir\u00f0ulegan, s\u00e1ttan dau\u00f0a; Samael er fremur dj\u00f6fullegur. Rabb\u00ednskar b\u00f3kmenntir gera ekki sk\u00fdran greinarmun \u00e1 flokkun dau\u00f0aengla.<\/p><p><strong>Gr\u00edsk-r\u00f3mverski heimurinn:<\/strong> Gr\u00edsk hli\u00f0st\u00e6\u00f0a: Hermes Psychopompos (s\u00e1lalei\u00f0s\u00f6guma\u00f0ur, en ekki <span class=\"iwg-fachbegriff\" data-tooltip=\"\u00cd abraham\u00edsku tr\u00faarbr\u00f6g\u00f0unum himneskur sendibo\u00f0i Gu\u00f0s.\" tabindex=\"0\">engill<\/span> dau\u00f0astundarinnar). Einnig Thanatos (dau\u00f0agu\u00f0, en fremur \u00f3hlutbundinn, ekki pers\u00f3nulegur). Karon (ferjuma\u00f0ur Styx, en fyrir flutning til undirheima, ekki dau\u00f0astundina). N\u00e1i\u00f0 hlutverk Azraels vi\u00f0 d\u00e1narbe\u00f0i\u00f0 er s\u00e9rstaklega \u00edslamskt.<\/p><p><strong>Mes\u00f3p\u00f3tam\u00eda:<\/strong> Mes\u00f3p\u00f3tam\u00edsk hli\u00f0st\u00e6\u00f0a: Ereshkigal (drottning undirheima) e\u00f0a Ganzir (v\u00f6r\u00f0ur undirheimahli\u00f0sins). N\u00e1nari: Namtar (sendibo\u00f0i fars\u00f3ttar og dau\u00f0a). Hin kyrrl\u00e1ta, skipulagshneig\u00f0a virkni er sameiginleg Azrael og Ereshkigal\/Namtar.<\/p><p><strong>Indland\/As\u00eda:<\/strong> Indversk hli\u00f0st\u00e6\u00f0a: Yama (dau\u00f0agu\u00f0, hind\u00faismi). B\u00fadd\u00edsk hli\u00f0st\u00e6\u00f0a: Kshitigarbha (<span class=\"iwg-fachbegriff\" tabindex=\"0\" data-tooltip=\"\u00cd mahayana-b\u00faddisma vera sem hefur n\u00e1\u00f0 upplj\u00f3mun en frestar eigin frelsun til hagsb\u00f3ta fyrir a\u00f0rar verur.\">bodhisattva<\/span> hinna dau\u00f0u). B\u00e6\u00f0i deila hlutverkinu sem vir\u00f0ulegir m\u00e1ttir s\u00e1larumsj\u00f3nar, ekki sem hefndarbringjendur eins og vestr\u00e6nar dau\u00f0amyndir.<\/p>\t\t\t\t\t\t\t\t<\/div>\n\t\t\t\t<\/div>\n\t\t\t\t\t<\/div>\n\t\t\t\t<\/div>\n\t\t<div class=\"elementor-element elementor-element-cp804c60a e-flex e-con-boxed e-con e-parent\" data-id=\"cp804c60a\" data-element_type=\"container\" data-e-type=\"container\">\n\t\t\t\t\t<div class=\"e-con-inner\">\n\t\t\t\t<div class=\"elementor-element elementor-element-cp617b9bb elementor-widget elementor-widget-heading\" data-id=\"cp617b9bb\" data-element_type=\"widget\" data-e-type=\"widget\" data-widget_type=\"heading.default\">\n\t\t\t\t\t<h2 class=\"elementor-heading-title elementor-size-default\">Azrael \u00ed heimildunum: K\u00f3raninn, hadith og s\u00ed\u00f0ari englafr\u00e6\u00f0i<\/h2>\t\t\t\t<\/div>\n\t\t<div class=\"elementor-element elementor-element-cp623a53a e-con-full e-flex e-con e-child\" data-id=\"cp623a53a\" data-element_type=\"container\" data-e-type=\"container\">\n\t\t\t\t<div class=\"elementor-element elementor-element-cpbc9d837 elementor-widget elementor-widget-text-editor\" data-id=\"cpbc9d837\" data-element_type=\"widget\" data-e-type=\"widget\" data-widget_type=\"text-editor.default\">\n\t\t\t\t\t\t\t\t\t<p>Nafni\u00f0 Azrael (<em>\u02bfArz\u0101\u02be\u012bl<\/em>, <em>\u02bfAzr\u0101\u02be\u012bl<\/em>) kemur ekki fyrir \u00ed K\u00f3raninum sj\u00e1lfum.<\/p><p>\u00cd heilagri b\u00f3k \u00edslams er \u00feess \u00ed sta\u00f0 tala\u00f0 um <em>malak al-maut<\/em>, \u201e<span class=\"iwg-fachbegriff\" data-tooltip=\"\u00cd abraham\u00edsku tr\u00faarbr\u00f6g\u00f0unum himneskur sendibo\u00f0i Gu\u00f0s.\" tabindex=\"0\">engil<\/span> dau\u00f0ans&#8220;, sk\u00fdrast \u00ed s\u00faru 32:11: \u201eSeg\u00f0u: <span class=\"iwg-fachbegriff\" data-tooltip=\"\u00cd abraham\u00edsku tr\u00faarbr\u00f6g\u00f0unum himneskur sendibo\u00f0i Gu\u00f0s.\" tabindex=\"0\">Engill<\/span> dau\u00f0ans, sem hefur veri\u00f0 fali\u00f0 a\u00f0 sinna y\u00f0ur, mun kalla y\u00f0ur burt.&#8220; S\u00e9rnafni\u00f0 Azrael er s\u00ed\u00f0ari t\u00edma myndun sem festist \u00ed sessi fyrst \u00ed fr\u00e1sagnarb\u00f3kmenntum eftir K\u00f3raninn og \u00ed al\u00fe\u00fd\u00f0legri <span class=\"iwg-fachbegriff\" data-tooltip=\"Hin lifa\u00f0a tr\u00faarlega afsta\u00f0a og i\u00f0kun einstaklings.\" tabindex=\"0\">gu\u00f0r\u00e6kni<\/span>.<\/p><p>R\u00e6tur \u00feess liggja a\u00f0 \u00f6llum l\u00edkindum \u00ed n\u00f6fnum engla \u00far hebreskri og austurkristinni hef\u00f0, sem eru dregin af hebreska or\u00f0inu <em>\u02bfezer<\/em> (&#8222;hj\u00e1lp&#8220;) og gu\u00f0snafninu <em>El<\/em>.<\/p><p>\u00cd had\u00edta-b\u00f3kmenntunum og \u00ed <em>Qi\u1e63a\u1e63 al-anbiy\u0101\u02be<\/em>, \u201es\u00f6gum sp\u00e1mannanna&#8220;, me\u00f0al annars hj\u00e1 al-Tha\u02bflab\u012b (d\u00f3 1035) og al-Kis\u0101\u02be\u012b, f\u00e6r pers\u00f3nan sk\u00fdrari mynd. \u00dear er sagt fr\u00e1 \u00fev\u00ed hvernig Gu\u00f0 sendi fj\u00f3ra h\u00f6fu\u00f0engla til a\u00f0 s\u00e6kja j\u00f6r\u00f0 til sk\u00f6punar Adams.<\/p><p>A\u00f0eins Azrael t\u00f3kst a\u00f0 lj\u00faka verkinu \u00fer\u00e1tt fyrir andst\u00f6\u00f0u jar\u00f0arins, og a\u00f0 launum, e\u00f0a sem byr\u00f0i, var honum fali\u00f0 a\u00f0 safna s\u00e1lum.<\/p><p>Gu\u00f0fr\u00e6\u00f0irit skipa Azrael \u00ed flokk me\u00f0 hinum fj\u00f3rum \u00e6\u00f0stu <span class=\"iwg-fachbegriff\" data-tooltip=\"\u00cd abraham\u00edsku tr\u00faarbr\u00f6g\u00f0unum himneskur sendibo\u00f0i Gu\u00f0s.\" tabindex=\"0\">englum<\/span>, \u00e1samt <a href=\"https:\/\/iwell-guard.com\/is\/?page_id=168839\">Jibril<\/a>, Mik\u0101\u02be\u012bl og Isr\u0101f\u012bl. \u00d3l\u00edkt hinum \u00feremur hefur hann ekkert hlutverk \u00ed opinberun e\u00f0a forsj\u00f3n, heldur a\u00f0eins \u00ed yfirf\u00e6rslunni.<\/p><p>Dulspekingar, s\u00e9rstaklega \u00ed hef\u00f0 Ibn \u02bfArab\u012b, t\u00falku\u00f0u \u00feetta sem v\u00edsbendingu um a\u00f0 dau\u00f0inn v\u00e6ri ekki rof heldur heimkoma. Heimildirnar s\u00fdna gl\u00f6ggt a\u00f0 Azrael er s\u00ed\u00f0ur fastm\u00f3tu\u00f0 tr\u00faarleg pers\u00f3na en sams\u00f6fnunarpunktur \u00fear sem knappleiki K\u00f3ransins, \u00fatlistun \u00ed sk\u00fdringarritum og gu\u00f0r\u00e6kin hugmyndaflug m\u00e6tast.<\/p>\t\t\t\t\t\t\t\t<\/div>\n\t\t\t\t<\/div>\n\t\t\t\t\t<\/div>\n\t\t\t\t<\/div>\n\t\t<div class=\"elementor-element elementor-element-cpc30c688 e-flex e-con-boxed e-con e-parent\" data-id=\"cpc30c688\" data-element_type=\"container\" data-e-type=\"container\">\n\t\t\t\t\t<div class=\"e-con-inner\">\n\t\t\t\t<div class=\"elementor-element elementor-element-cpada4cb9 elementor-widget elementor-widget-heading\" data-id=\"cpada4cb9\" data-element_type=\"widget\" data-e-type=\"widget\" data-widget_type=\"heading.default\">\n\t\t\t\t\t<h2 class=\"elementor-heading-title elementor-size-default\">Sagan um deiluna vi\u00f0 M\u00f3se<\/h2>\t\t\t\t<\/div>\n\t\t<div class=\"elementor-element elementor-element-cpe0d6b77 e-con-full e-flex e-con e-child\" data-id=\"cpe0d6b77\" data-element_type=\"container\" data-e-type=\"container\">\n\t\t\t\t<div class=\"elementor-element elementor-element-cp0c76de9 elementor-widget elementor-widget-text-editor\" data-id=\"cp0c76de9\" data-element_type=\"widget\" data-e-type=\"widget\" data-widget_type=\"text-editor.default\">\n\t\t\t\t\t\t\t\t\t<p>Ein \u00feekktasta sagan um dau\u00f0aengilinn er \u00ed had\u00edta sem var\u00f0veittur er hj\u00e1 al-Buch\u0101r\u012b og M\u00faslim, og var s\u00ed\u00f0ar miki\u00f0 \u00fatlista\u00f0ur. \u00deegar Azrael kemur til M\u00f3se til a\u00f0 s\u00e6kja s\u00e1l hans, sl\u00e6r sp\u00e1ma\u00f0urinn hann \u00feannig a\u00f0 <span class=\"iwg-fachbegriff\" data-tooltip=\"\u00cd abraham\u00edsku tr\u00faarbr\u00f6g\u00f0unum himneskur sendibo\u00f0i Gu\u00f0s.\" tabindex=\"0\">engillinn<\/span> missir sj\u00f3nina \u00e1 \u00f6\u00f0ru auga.<\/p><p>Azrael sn\u00fdr aftur til Gu\u00f0s og segir a\u00f0 hann hafi veri\u00f0 sendur til \u00fej\u00f3ns sem vilji ekki dau\u00f0ann. Gu\u00f0 gefur honum auga\u00f0 aftur og felur honum a\u00f0 bj\u00f3\u00f0a M\u00f3se valkost.<\/p><p>M\u00f3se \u00e1 a\u00f0 leggja h\u00f6nd s\u00edna \u00e1 bak nauts. Fyrir hvert h\u00e1r sem h\u00f6nd hans hylur mun honum veitt eitt \u00e1r til vi\u00f0b\u00f3tar. M\u00f3se spyr hva\u00f0 gerist eftir \u00fea\u00f0 og f\u00e6r svari\u00f0: dau\u00f0inn. \u00de\u00e1 afsalar hann s\u00e9r \u00fev\u00ed og bi\u00f0ur um a\u00f0 f\u00e1 a\u00f0 deyja \u00ed n\u00e1l\u00e6g\u00f0 heil\u00f6gu landsins.<\/p><p>Sagan var \u00ed \u00edslamskri <span class=\"iwg-fachbegriff\" data-tooltip=\"Hin lifa\u00f0a tr\u00faarlega afsta\u00f0a og i\u00f0kun einstaklings.\" tabindex=\"0\">gu\u00f0r\u00e6kni<\/span> ekki lesin sem \u00f3vir\u00f0uleg saga, heldur sem l\u00e6rd\u00f3mur um \u00f3umfl\u00fdjanleika dau\u00f0ans og um r\u00e9tta afst\u00f6\u00f0u til hans. Jafnvel sp\u00e1ma\u00f0ur h\u00f6rfar fyrst, en gerir s\u00e9r \u00fe\u00e1 grein fyrir a\u00f0 endalaust l\u00edf v\u00e6ri ekki frelsun.<\/p><p>Sk\u00fdrendur bentu \u00e1 a\u00f0 slag M\u00f3se hafi ekki veri\u00f0 uppreisn gegn Gu\u00f0i, heldur \u00f3tti vi\u00f0 \u00f3v\u00e6nta birtingu, \u00fev\u00ed samkv\u00e6mt algengri t\u00falkun \u00feekkti M\u00f3se <span class=\"iwg-fachbegriff\" data-tooltip=\"\u00cd abraham\u00edsku tr\u00faarbr\u00f6g\u00f0unum himneskur sendibo\u00f0i Gu\u00f0s.\" tabindex=\"0\">engilinn<\/span> ekki \u00ed fyrstu. S\u00ed\u00f0ari h\u00f6fundar s\u00fafisma notu\u00f0u s\u00f6gunna til a\u00f0 greina \u00e1 milli n\u00e1tt\u00farulegs dau\u00f0akv\u00ed\u00f0a og tr\u00faa\u00f0rar s\u00e1ttar vi\u00f0 dau\u00f0ann.<\/p>\t\t\t\t\t\t\t\t<\/div>\n\t\t\t\t<\/div>\n\t\t\t\t\t<\/div>\n\t\t\t\t<\/div>\n\t\t<div class=\"elementor-element elementor-element-cpa6357c0 e-flex e-con-boxed e-con e-parent\" data-id=\"cpa6357c0\" data-element_type=\"container\" data-e-type=\"container\">\n\t\t\t\t\t<div class=\"e-con-inner\">\n\t\t\t\t<div class=\"elementor-element elementor-element-cp7cd3da2 elementor-widget elementor-widget-heading\" data-id=\"cp7cd3da2\" data-element_type=\"widget\" data-e-type=\"widget\" data-widget_type=\"heading.default\">\n\t\t\t\t\t<h2 class=\"elementor-heading-title elementor-size-default\">M\u00f3tt\u00f6kur \u00ed vestr\u00e6num b\u00f3kmenntum og n\u00fat\u00edmamenningu<\/h2>\t\t\t\t<\/div>\n\t\t<div class=\"elementor-element elementor-element-cpf7141f1 e-con-full e-flex e-con e-child\" data-id=\"cpf7141f1\" data-element_type=\"container\" data-e-type=\"container\">\n\t\t\t\t<div class=\"elementor-element elementor-element-cp1ba4088 elementor-widget elementor-widget-text-editor\" data-id=\"cp1ba4088\" data-element_type=\"widget\" data-e-type=\"widget\" data-widget_type=\"text-editor.default\">\n\t\t\t\t\t\t\t\t\t<p>\u00cd gegnum arfleif\u00f0 Gy\u00f0inga og \u00edslams komst pers\u00f3na Azraels inn \u00ed evr\u00f3pskar b\u00f3kmenntir. Henry Wadsworth Longfellow gaf honum \u00e1ri\u00f0 1878 mildan, jafnvel hughreystandi r\u00f3mi \u00ed lj\u00f3\u00f0inu <em>Azrael<\/em> \u00far <em>Birds of Passage<\/em>.<\/p><p>\u00cd gu\u00f0speki- og hj\u00e1tr\u00faarritum 19. aldar var Azrael tekinn upp \u00ed englaskr\u00e1r sem bl\u00f6ndu\u00f0u saman hef\u00f0um Gy\u00f0inga, kristinna og m\u00faslima, sem festi nafn hans \u00ed sessi \u00ed vestr\u00e6nni <span class=\"iwg-fachbegriff\" data-tooltip=\"Samheiti yfir kenningar sem gera kr\u00f6fu um hulda \u00feekkingu sem a\u00f0eins innv\u00edg\u00f0ir hafa a\u00f0gang a\u00f0.\" tabindex=\"0\">dulspeki<\/span>.<\/p><p>\u00c1 20. og 21. \u00f6ld er Azrael algengt nafn \u00e1 dau\u00f0apers\u00f3num \u00ed sk\u00e1lds\u00f6gum, myndas\u00f6gum og leikjum. \u00dear breytist t\u00falkunin oft verulega: \u00far hl\u00fd\u00f0num \u00fej\u00f3ni Gu\u00f0s ver\u00f0ur jafnvel tv\u00edbent e\u00f0a d\u00f6kk pers\u00f3na. \u00deessi endurt\u00falkun segir meira um n\u00fat\u00edmalegar hugmyndir um dau\u00f0ann en um tr\u00faarlega <span class=\"iwg-fachbegriff\" data-tooltip=\"Mi\u00f0lun \u00feekkingar og fr\u00e1sagna milli kynsl\u00f3\u00f0a.\" tabindex=\"0\">arfleif\u00f0<\/span>.<\/p><p>Athyglisvert er hversu st\u00f6\u00f0ugur kjarninn hefur haldist \u00ed lifa\u00f0ri \u00edslamskri <span class=\"iwg-fachbegriff\" data-tooltip=\"Hin lifa\u00f0a tr\u00faarlega afsta\u00f0a og i\u00f0kun einstaklings.\" tabindex=\"0\">gu\u00f0r\u00e6kni<\/span>. \u00cd fylgd vi\u00f0 deyjandi f\u00f3lk, \u00ed minningarr\u00e6\u00f0um og \u00ed tr\u00faarlegri fr\u00e6\u00f0slu er dau\u00f0aenglinn enn talinn s\u00e1 sem Gu\u00f0 hefur fali\u00f0 verki\u00f0, sem engum tekst a\u00f0 st\u00f6\u00f0va komu hans og sem birting hans \u00e1 ekki a\u00f0 vera \u00e1st\u00e6\u00f0a til \u00f6rv\u00e6ntingar fyrir hinn tr\u00faa\u00f0a.<\/p><p>Spennan milli hinnar vins\u00e6lmenningarlegu myrkvunar og gu\u00f0fr\u00e6\u00f0ilegrar r\u00f3 s\u00fdnir hversu misjafnlega sama pers\u00f3na getur m\u00f3tast eftir menningarlegum bakgrunni. S\u00e1 sem vill skilja Azrael ver\u00f0ur a\u00f0 halda \u00feessum tveimur arfleif\u00f0ar\u00fer\u00e1\u00f0um a\u00f0skildum.<\/p>\t\t\t\t\t\t\t\t<\/div>\n\t\t\t\t<\/div>\n\t\t\t\t\t<\/div>\n\t\t\t\t<\/div>\n\t\t<div class=\"elementor-element elementor-element-36dd7469 e-flex e-con-boxed e-con e-parent\" data-id=\"36dd7469\" data-element_type=\"container\" data-e-type=\"container\">\n\t\t\t\t\t<div class=\"e-con-inner\">\n\t\t\t\t<div class=\"elementor-element elementor-element-13760ab4 elementor-widget elementor-widget-heading\" data-id=\"13760ab4\" data-element_type=\"widget\" data-e-type=\"widget\" data-widget_type=\"heading.default\">\n\t\t\t\t\t<h2 class=\"elementor-heading-title elementor-size-default\">\u00cdtarefni og tenglar<\/h2>\t\t\t\t<\/div>\n\t\t<div class=\"elementor-element elementor-element-28c87796 e-con-full e-flex e-con e-child\" data-id=\"28c87796\" data-element_type=\"container\" data-e-type=\"container\">\n\t\t\t\t<div class=\"elementor-element elementor-element-5d6538df elementor-widget elementor-widget-text-editor\" data-id=\"5d6538df\" data-element_type=\"widget\" data-e-type=\"widget\" data-widget_type=\"text-editor.default\">\n\t\t\t\t\t\t\t\t\t<ul><li><a href=\"https:\/\/iwell-guard.com\/is\/?page_id=168839\">Jibril (Gabr\u00edel)<\/a><\/li><li><a href=\"https:\/\/iwell-guard.com\/is\/?page_id=168842\">Israfil<\/a><\/li><\/ul>\t\t\t\t\t\t\t\t<\/div>\n\t\t\t\t<\/div>\n\t\t\t\t\t<\/div>\n\t\t\t\t<\/div>\n\t\t<div class=\"elementor-element elementor-element-grl4kl40 e-flex e-con-boxed e-con e-parent\" data-id=\"grl4kl40\" data-element_type=\"container\" data-e-type=\"container\">\n\t\t\t\t\t<div class=\"e-con-inner\">\n\t\t\t\t<div class=\"elementor-element elementor-element-bzsbfrmh elementor-widget elementor-widget-heading\" data-id=\"bzsbfrmh\" data-element_type=\"widget\" data-e-type=\"widget\" data-widget_type=\"heading.default\">\n\t\t\t\t\t<h2 class=\"elementor-heading-title elementor-size-default\">Fr\u00e6\u00f0irit<\/h2>\t\t\t\t<\/div>\n\t\t<div class=\"elementor-element elementor-element-2c13224a e-con-full e-flex e-con e-child\" data-id=\"2c13224a\" data-element_type=\"container\" data-e-type=\"container\">\n\t\t\t\t<div class=\"elementor-element elementor-element-0eymh9ub elementor-widget elementor-widget-text-editor\" data-id=\"0eymh9ub\" data-element_type=\"widget\" data-e-type=\"widget\" data-widget_type=\"text-editor.default\">\n\t\t\t\t\t\t\t\t\t<footer data-nosnippet class=\"iwg-literatur-footer\"><ul><li><span data-nosnippet>Timothy J. Burge: <em>Angels in Islam: Jalal Abualrub&#8217;s Annotated Translation of Muhammad&#8217;s Description of Divine Beings<\/em>. Lamppost Productions, 2011.<\/span><\/li><\/ul><\/footer>\t\t\t\t\t\t\t\t<\/div>\n\t\t\t\t<\/div>\n\t\t\t\t\t<\/div>\n\t\t\t\t<\/div>\n\t\t<div class=\"elementor-element elementor-element-iwgkw-add-azrael e-flex e-con-boxed e-con e-parent\" data-id=\"iwgkw-add-azrael\" data-element_type=\"container\" data-e-type=\"container\">\n\t\t\t\t\t<div class=\"e-con-inner\">\n\t\t\t\t<div class=\"elementor-element elementor-element-iwgkw-add-azrael-t elementor-widget elementor-widget-text-editor\" data-id=\"iwgkw-add-azrael-t\" data-element_type=\"widget\" data-e-type=\"widget\" data-widget_type=\"text-editor.default\">\n\t\t\t\t\t\t\t\t\t<p>\u00cd \u00edslamskri hef\u00f0 er Azrael (<em>\u02bfAzr\u0101\u02be\u012bl<\/em>) talinn \u00feessi <span class=\"iwg-fachbegriff\" data-tooltip=\"Vera sem er d\u00fdrku\u00f0 sem gu\u00f0leg innan tr\u00faarbrag\u00f0a.\" tabindex=\"0\">gu\u00f0l\u00edk<\/span> engilspers\u00f3na sem hefur veri\u00f0 fali\u00f0 hlutverk dau\u00f0aengilsins (<em>malak al-mawt<\/em>).<\/p><p>Gu\u00f0fr\u00e6\u00f0ilega er hann ekki sj\u00e1lfst\u00e6\u00f0 <span class=\"iwg-fachbegriff\" data-tooltip=\"Vera sem er d\u00fdrku\u00f0 sem gu\u00f0leg innan tr\u00faarbrag\u00f0a.\" tabindex=\"0\">gu\u00f0vera<\/span>, heldur \u00fej\u00f3nn Allah; \u00ed al\u00fe\u00fd\u00f0utr\u00fa er hann \u00fe\u00f3 oft l\u00fdst me\u00f0 eigin verusamsemd og nefndur \u00ed r\u00f6\u00f0 me\u00f0 \u00f6\u00f0rum st\u00f3rum englapers\u00f3num eins og Gabr\u00edel, M\u00edkael og Israfil.<\/p>\t\t\t\t\t\t\t\t<\/div>\n\t\t\t\t\t<\/div>\n\t\t\t\t<\/div>\n\t\t\t\t<\/div>\n\t\t","protected":false},"excerpt":{"rendered":"","protected":false},"author":3,"featured_media":1594,"parent":0,"menu_order":0,"comment_status":"closed","ping_status":"closed","template":"elementor_header_footer","meta":{"_yoast_wpseo_focuskw":"Azrael","_yoast_wpseo_title":"Azrael - Dau\u00f0aengill og s\u00e1larlei\u00f0s\u00f6guma\u00f0ur","_yoast_wpseo_metadesc":"Azrael, dau\u00f0aengill \u00edslamskrar hef\u00f0ar, var\u00f0veittur um aldir: fylgir s\u00e1lum \u00e1 d\u00e1narbe\u00f0inu, v\u00f6r\u00f0ur \u00fer\u00f6skuldsins a\u00f0 heimi hinna framli\u00f0nu.","_yoast_wpseo_meta-robots-noindex":"","_yoast_wpseo_canonical":"","_angie_page":false,"gefaehrdungsstufe":"","wesen_kultur":"islam","wesen_klasse":"lichtwesen","footnotes":""},"categories":[],"class_list":["post-168841","page","type-page","status-publish","has-post-thumbnail","hentry"],"yoast_head":"<!-- This site is optimized with the Yoast SEO Premium plugin v27.7 (Yoast SEO v28.3) - https:\/\/yoast.com\/product\/yoast-seo-premium-wordpress\/ -->\n<title>Azrael - Dau\u00f0aengill og s\u00e1larlei\u00f0s\u00f6guma\u00f0ur<\/title>\n<meta name=\"description\" content=\"Azrael, dau\u00f0aengill \u00edslamskrar hef\u00f0ar, var\u00f0veittur um aldir: fylgir s\u00e1lum \u00e1 d\u00e1narbe\u00f0inu, v\u00f6r\u00f0ur \u00fer\u00f6skuldsins a\u00f0 heimi hinna framli\u00f0nu.\" \/>\n<meta name=\"robots\" content=\"index, follow, max-snippet:-1, max-image-preview:large, max-video-preview:-1\" \/>\n<link rel=\"canonical\" href=\"https:\/\/iwell-guard.com\/is\/azrael\/\" \/>\n<meta property=\"og:locale\" content=\"is_IS\" \/>\n<meta property=\"og:type\" content=\"article\" \/>\n<meta property=\"og:title\" content=\"Azrael\" \/>\n<meta property=\"og:description\" content=\"Azrael, dau\u00f0aengill \u00edslamskrar hef\u00f0ar, var\u00f0veittur um aldir: fylgir s\u00e1lum \u00e1 d\u00e1narbe\u00f0inu, v\u00f6r\u00f0ur \u00fer\u00f6skuldsins a\u00f0 heimi hinna framli\u00f0nu.\" \/>\n<meta property=\"og:url\" content=\"https:\/\/iwell-guard.com\/is\/azrael\/\" \/>\n<meta property=\"og:site_name\" content=\"iWell Guard\" \/>\n<meta property=\"article:modified_time\" content=\"2026-09-05T14:20:50+00:00\" \/>\n<meta property=\"og:image\" content=\"https:\/\/iwell-guard.com\/wp-content\/uploads\/2026\/04\/goetter_islam_azrael.webp\" \/>\n\t<meta property=\"og:image:width\" content=\"1024\" \/>\n\t<meta property=\"og:image:height\" content=\"1536\" \/>\n\t<meta property=\"og:image:type\" content=\"image\/webp\" \/>\n<meta name=\"twitter:card\" content=\"summary_large_image\" \/>\n<script type=\"application\/ld+json\" class=\"yoast-schema-graph\">{\"@context\":\"https:\\\/\\\/schema.org\",\"@graph\":[{\"@type\":\"WebPage\",\"@id\":\"https:\\\/\\\/iwell-guard.com\\\/is\\\/azrael\\\/\",\"url\":\"https:\\\/\\\/iwell-guard.com\\\/is\\\/azrael\\\/\",\"name\":\"Azrael - Dau\u00f0aengill og s\u00e1larlei\u00f0s\u00f6guma\u00f0ur\",\"isPartOf\":{\"@id\":\"https:\\\/\\\/iwell-guard.com\\\/is\\\/#website\"},\"primaryImageOfPage\":{\"@id\":\"https:\\\/\\\/iwell-guard.com\\\/is\\\/azrael\\\/#primaryimage\"},\"image\":{\"@id\":\"https:\\\/\\\/iwell-guard.com\\\/is\\\/azrael\\\/#primaryimage\"},\"thumbnailUrl\":\"https:\\\/\\\/iwell-guard.com\\\/wp-content\\\/uploads\\\/2026\\\/04\\\/goetter_islam_azrael.webp\",\"datePublished\":\"2026-09-05T14:03:25+00:00\",\"dateModified\":\"2026-09-05T14:20:50+00:00\",\"description\":\"Azrael, dau\u00f0aengill \u00edslamskrar hef\u00f0ar, var\u00f0veittur um aldir: fylgir s\u00e1lum \u00e1 d\u00e1narbe\u00f0inu, v\u00f6r\u00f0ur \u00fer\u00f6skuldsins a\u00f0 heimi hinna framli\u00f0nu.\",\"breadcrumb\":{\"@id\":\"https:\\\/\\\/iwell-guard.com\\\/is\\\/azrael\\\/#breadcrumb\"},\"inLanguage\":\"is\",\"potentialAction\":[{\"@type\":\"ReadAction\",\"target\":[\"https:\\\/\\\/iwell-guard.com\\\/is\\\/azrael\\\/\"]}]},{\"@type\":\"ImageObject\",\"inLanguage\":\"is\",\"@id\":\"https:\\\/\\\/iwell-guard.com\\\/is\\\/azrael\\\/#primaryimage\",\"url\":\"https:\\\/\\\/iwell-guard.com\\\/wp-content\\\/uploads\\\/2026\\\/04\\\/goetter_islam_azrael.webp\",\"contentUrl\":\"https:\\\/\\\/iwell-guard.com\\\/wp-content\\\/uploads\\\/2026\\\/04\\\/goetter_islam_azrael.webp\",\"width\":1024,\"height\":1536,\"caption\":\"Gu\u00f0ir \u00far \u00edslamskri hef\u00f0.\"},{\"@type\":\"BreadcrumbList\",\"@id\":\"https:\\\/\\\/iwell-guard.com\\\/is\\\/azrael\\\/#breadcrumb\",\"itemListElement\":[{\"@type\":\"ListItem\",\"position\":1,\"name\":\"Start\",\"item\":\"https:\\\/\\\/iwell-guard.com\\\/is\\\/?page_id=168580\"},{\"@type\":\"ListItem\",\"position\":2,\"name\":\"Azrael\"}]},{\"@type\":\"WebSite\",\"@id\":\"https:\\\/\\\/iwell-guard.com\\\/is\\\/#website\",\"url\":\"https:\\\/\\\/iwell-guard.com\\\/is\\\/\",\"name\":\"iWell Guard\",\"description\":\"Schutz vor dunklen Einfl\u00fcssen\",\"publisher\":{\"@id\":\"https:\\\/\\\/iwell-guard.com\\\/is\\\/#organization\"},\"potentialAction\":[{\"@type\":\"SearchAction\",\"target\":{\"@type\":\"EntryPoint\",\"urlTemplate\":\"https:\\\/\\\/iwell-guard.com\\\/is\\\/?s={search_term_string}\"},\"query-input\":{\"@type\":\"PropertyValueSpecification\",\"valueRequired\":true,\"valueName\":\"search_term_string\"}}],\"inLanguage\":\"is\"},{\"@type\":\"Organization\",\"@id\":\"https:\\\/\\\/iwell-guard.com\\\/is\\\/#organization\",\"name\":\"Ittermann electronic GmbH\",\"url\":\"https:\\\/\\\/iwell-guard.com\\\/is\\\/\",\"logo\":{\"@type\":\"ImageObject\",\"inLanguage\":\"is\",\"@id\":\"https:\\\/\\\/iwell-guard.com\\\/is\\\/#\\\/schema\\\/logo\\\/image\\\/\",\"url\":\"https:\\\/\\\/iwell-guard.com\\\/wp-content\\\/uploads\\\/2026\\\/05\\\/Ittermann-Logo-1182x237-1.png\",\"contentUrl\":\"https:\\\/\\\/iwell-guard.com\\\/wp-content\\\/uploads\\\/2026\\\/05\\\/Ittermann-Logo-1182x237-1.png\",\"width\":1182,\"height\":237,\"caption\":\"Ittermann electronic GmbH\"},\"image\":{\"@id\":\"https:\\\/\\\/iwell-guard.com\\\/is\\\/#\\\/schema\\\/logo\\\/image\\\/\"},\"sameAs\":[\"https:\\\/\\\/pantip.com\\\/profile\\\/9367242\",\"https:\\\/\\\/micro.blog\\\/iwellguard\",\"https:\\\/\\\/www.diggerslist.com\\\/iwellguard\\\/about\",\"https:\\\/\\\/skitterphoto.com\\\/photographers\\\/2870314\\\/iwell-guard\",\"https:\\\/\\\/iwellguard.wordpress.com\\\/2026\\\/06\\\/06\\\/iwell-guard\\\/\",\"https:\\\/\\\/hub.docker.com\\\/u\\\/iwellguard\",\"https:\\\/\\\/www.pinterest.com\\\/iwellguard\\\/\",\"https:\\\/\\\/bit.ly\\\/m\\\/iwellguard\",\"https:\\\/\\\/entre-vos-mains.alsace.eu\\\/profiles\\\/iwellguard\\\/activity\",\"https:\\\/\\\/gravatar.com\\\/reallybeded8fd34\",\"https:\\\/\\\/naijamatta.com\\\/iwellguard\",\"https:\\\/\\\/www.goodreads.com\\\/iwellguard\",\"https:\\\/\\\/profile.hatena.ne.jp\\\/iwellguard\\\/\",\"https:\\\/\\\/experiment.com\\\/users\\\/iwellguard\",\"https:\\\/\\\/wakelet.com\\\/@iWellGuard82270\",\"https:\\\/\\\/www.chordie.com\\\/forum\\\/profile.php?id=2555664\",\"https:\\\/\\\/www.instapaper.com\\\/p\\\/17757966\",\"https:\\\/\\\/www.mapleprimes.com\\\/users\\\/iwellguard\",\"https:\\\/\\\/businesslistingplus.com\\\/profile\\\/iwell-guard\\\/\",\"https:\\\/\\\/telegra.ph\\\/iWell-Guard-06-06\",\"https:\\\/\\\/pbase.com\\\/iwellguard\\\/iwellguard\",\"https:\\\/\\\/b.hatena.ne.jp\\\/iwellguard\\\/20260607#bookmark-4788405196491818882\",\"https:\\\/\\\/fliphtml5.com\\\/home\\\/iwellguard\",\"https:\\\/\\\/anyflip.com\\\/homepage\\\/cmiwl#About\",\"https:\\\/\\\/transfur.com\\\/Users\\\/iwellguard\",\"http:\\\/\\\/delphi.larsbo.org\\\/user\\\/iwellguard\",\"https:\\\/\\\/jobs.lajobsportal.org\\\/profiles\\\/8380803-iwell-guard\",\"https:\\\/\\\/md.chaosdorf.de\\\/s\\\/jfbe5SBdJD\",\"https:\\\/\\\/www.lingvolive.com\\\/en-us\\\/profile\\\/9ecaeaca-ce11-4e51-9e71-01d55e2bff36\\\/translations\",\"https:\\\/\\\/www.fitday.com\\\/fitness\\\/forums\\\/members\\\/iwellguard.html\",\"https:\\\/\\\/www.mymeetbook.com\\\/iwellguard\",\"https:\\\/\\\/pxhere.com\\\/en\\\/photographer-me\\\/5040798\",\"https:\\\/\\\/disqus.com\\\/by\\\/iwellguard\\\/about\\\/\",\"https:\\\/\\\/pastelink.net\\\/hjwciqwq\",\"https:\\\/\\\/pubhtml5.com\\\/homepage\\\/scjhn\\\/\",\"https:\\\/\\\/www.bitchute.com\\\/channel\\\/2O2eOKzNqujT\",\"https:\\\/\\\/audiomack.com\\\/iwellguard\"]},{\"@type\":\"Article\",\"@id\":\"https:\\\/\\\/iwell-guard.com\\\/is\\\/azrael\\\/#article\",\"isPartOf\":{\"@id\":\"https:\\\/\\\/iwell-guard.com\\\/is\\\/azrael\\\/\"},\"author\":{\"name\":\"Ralf Ittermann\",\"@id\":\"https:\\\/\\\/iwell-guard.com\\\/is\\\/#\\\/schema\\\/person\\\/ee2a27f1cac3406c7c6fb5820cb7349f\"},\"headline\":\"Azrael\",\"datePublished\":\"2026-09-05T14:03:25+00:00\",\"dateModified\":\"2026-09-05T14:20:50+00:00\",\"mainEntityOfPage\":{\"@id\":\"https:\\\/\\\/iwell-guard.com\\\/is\\\/azrael\\\/\"},\"publisher\":{\"@id\":\"https:\\\/\\\/iwell-guard.com\\\/is\\\/#organization\"},\"image\":{\"@id\":\"https:\\\/\\\/iwell-guard.com\\\/is\\\/azrael\\\/#primaryimage\"},\"thumbnailUrl\":\"https:\\\/\\\/iwell-guard.com\\\/wp-content\\\/uploads\\\/2026\\\/04\\\/goetter_islam_azrael.webp\",\"inLanguage\":\"is\",\"description\":\"Azrael, dau\u00f0aengill \u00edslamskrar hef\u00f0ar, var\u00f0veittur um aldir: fylgir s\u00e1lum \u00e1 d\u00e1narbe\u00f0inu, v\u00f6r\u00f0ur \u00fer\u00f6skuldsins a\u00f0 heimi hinna framli\u00f0nu.\"}]}<\/script>\n<!-- \/ Yoast SEO Premium plugin. -->","yoast_head_json":{"title":"Azrael - Dau\u00f0aengill og s\u00e1larlei\u00f0s\u00f6guma\u00f0ur","description":"Azrael, dau\u00f0aengill \u00edslamskrar hef\u00f0ar, var\u00f0veittur um aldir: fylgir s\u00e1lum \u00e1 d\u00e1narbe\u00f0inu, v\u00f6r\u00f0ur \u00fer\u00f6skuldsins a\u00f0 heimi hinna framli\u00f0nu.","robots":{"index":"index","follow":"follow","max-snippet":"max-snippet:-1","max-image-preview":"max-image-preview:large","max-video-preview":"max-video-preview:-1"},"canonical":"https:\/\/iwell-guard.com\/is\/azrael\/","og_locale":"is_IS","og_type":"article","og_title":"Azrael","og_description":"Azrael, dau\u00f0aengill \u00edslamskrar hef\u00f0ar, var\u00f0veittur um aldir: fylgir s\u00e1lum \u00e1 d\u00e1narbe\u00f0inu, v\u00f6r\u00f0ur \u00fer\u00f6skuldsins a\u00f0 heimi hinna framli\u00f0nu.","og_url":"https:\/\/iwell-guard.com\/is\/azrael\/","og_site_name":"iWell Guard","article_modified_time":"2026-09-05T14:20:50+00:00","og_image":[{"width":1024,"height":1536,"url":"https:\/\/iwell-guard.com\/wp-content\/uploads\/2026\/04\/goetter_islam_azrael.webp","type":"image\/webp"}],"twitter_card":"summary_large_image","schema":{"@context":"https:\/\/schema.org","@graph":[{"@type":"Article","@id":"https:\/\/iwell-guard.com\/is\/azrael\/#article","isPartOf":{"@id":"https:\/\/iwell-guard.com\/is\/azrael\/"},"author":{"name":"Ralf Ittermann","@id":"https:\/\/iwell-guard.com\/is\/#\/schema\/person\/ee2a27f1cac3406c7c6fb5820cb7349f"},"headline":"Azrael","datePublished":"2026-09-05T14:03:25+00:00","dateModified":"2026-09-05T14:20:50+00:00","mainEntityOfPage":{"@id":"https:\/\/iwell-guard.com\/is\/azrael\/"},"publisher":{"@id":"https:\/\/iwell-guard.com\/is\/#organization"},"image":{"@id":"https:\/\/iwell-guard.com\/is\/azrael\/#primaryimage"},"thumbnailUrl":"https:\/\/iwell-guard.com\/wp-content\/uploads\/2026\/04\/goetter_islam_azrael.webp","inLanguage":"is","description":"Azrael, dau\u00f0aengill \u00edslamskrar hef\u00f0ar, var\u00f0veittur um aldir: fylgir s\u00e1lum \u00e1 d\u00e1narbe\u00f0inu, v\u00f6r\u00f0ur \u00fer\u00f6skuldsins a\u00f0 heimi hinna framli\u00f0nu."},{"@type":"WebPage","@id":"https:\/\/iwell-guard.com\/is\/azrael\/","url":"https:\/\/iwell-guard.com\/is\/azrael\/","name":"Azrael - Dau\u00f0aengill og s\u00e1larlei\u00f0s\u00f6guma\u00f0ur","isPartOf":{"@id":"https:\/\/iwell-guard.com\/is\/#website"},"primaryImageOfPage":{"@id":"https:\/\/iwell-guard.com\/is\/azrael\/#primaryimage"},"image":{"@id":"https:\/\/iwell-guard.com\/is\/azrael\/#primaryimage"},"thumbnailUrl":"https:\/\/iwell-guard.com\/wp-content\/uploads\/2026\/04\/goetter_islam_azrael.webp","datePublished":"2026-09-05T14:03:25+00:00","dateModified":"2026-09-05T14:20:50+00:00","description":"Azrael, dau\u00f0aengill \u00edslamskrar hef\u00f0ar, var\u00f0veittur um aldir: fylgir s\u00e1lum \u00e1 d\u00e1narbe\u00f0inu, v\u00f6r\u00f0ur \u00fer\u00f6skuldsins a\u00f0 heimi hinna framli\u00f0nu.","breadcrumb":{"@id":"https:\/\/iwell-guard.com\/is\/azrael\/#breadcrumb"},"inLanguage":"is","potentialAction":[{"@type":"ReadAction","target":["https:\/\/iwell-guard.com\/is\/azrael\/"]}]},{"@type":"ImageObject","inLanguage":"is","@id":"https:\/\/iwell-guard.com\/is\/azrael\/#primaryimage","url":"https:\/\/iwell-guard.com\/wp-content\/uploads\/2026\/04\/goetter_islam_azrael.webp","contentUrl":"https:\/\/iwell-guard.com\/wp-content\/uploads\/2026\/04\/goetter_islam_azrael.webp","width":1024,"height":1536,"caption":"Gu\u00f0ir \u00far \u00edslamskri hef\u00f0."},{"@type":"BreadcrumbList","@id":"https:\/\/iwell-guard.com\/is\/azrael\/#breadcrumb","itemListElement":[{"@type":"ListItem","position":1,"name":"Start","item":"https:\/\/iwell-guard.com\/is\/?page_id=168580"},{"@type":"ListItem","position":2,"name":"Azrael"}]},{"@type":"WebSite","@id":"https:\/\/iwell-guard.com\/is\/#website","url":"https:\/\/iwell-guard.com\/is\/","name":"iWell Guard","description":"Schutz vor dunklen Einfl\u00fcssen","publisher":{"@id":"https:\/\/iwell-guard.com\/is\/#organization"},"potentialAction":[{"@type":"SearchAction","target":{"@type":"EntryPoint","urlTemplate":"https:\/\/iwell-guard.com\/is\/?s={search_term_string}"},"query-input":{"@type":"PropertyValueSpecification","valueRequired":true,"valueName":"search_term_string"}}],"inLanguage":"is"},{"@type":"Organization","@id":"https:\/\/iwell-guard.com\/is\/#organization","name":"Ittermann electronic GmbH","url":"https:\/\/iwell-guard.com\/is\/","logo":{"@type":"ImageObject","inLanguage":"is","@id":"https:\/\/iwell-guard.com\/is\/#\/schema\/logo\/image\/","url":"https:\/\/iwell-guard.com\/wp-content\/uploads\/2026\/05\/Ittermann-Logo-1182x237-1.png","contentUrl":"https:\/\/iwell-guard.com\/wp-content\/uploads\/2026\/05\/Ittermann-Logo-1182x237-1.png","width":1182,"height":237,"caption":"Ittermann electronic GmbH"},"image":{"@id":"https:\/\/iwell-guard.com\/is\/#\/schema\/logo\/image\/"},"sameAs":["https:\/\/pantip.com\/profile\/9367242","https:\/\/micro.blog\/iwellguard","https:\/\/www.diggerslist.com\/iwellguard\/about","https:\/\/skitterphoto.com\/photographers\/2870314\/iwell-guard","https:\/\/iwellguard.wordpress.com\/2026\/06\/06\/iwell-guard\/","https:\/\/hub.docker.com\/u\/iwellguard","https:\/\/www.pinterest.com\/iwellguard\/","https:\/\/bit.ly\/m\/iwellguard","https:\/\/entre-vos-mains.alsace.eu\/profiles\/iwellguard\/activity","https:\/\/gravatar.com\/reallybeded8fd34","https:\/\/naijamatta.com\/iwellguard","https:\/\/www.goodreads.com\/iwellguard","https:\/\/profile.hatena.ne.jp\/iwellguard\/","https:\/\/experiment.com\/users\/iwellguard","https:\/\/wakelet.com\/@iWellGuard82270","https:\/\/www.chordie.com\/forum\/profile.php?id=2555664","https:\/\/www.instapaper.com\/p\/17757966","https:\/\/www.mapleprimes.com\/users\/iwellguard","https:\/\/businesslistingplus.com\/profile\/iwell-guard\/","https:\/\/telegra.ph\/iWell-Guard-06-06","https:\/\/pbase.com\/iwellguard\/iwellguard","https:\/\/b.hatena.ne.jp\/iwellguard\/20260607#bookmark-4788405196491818882","https:\/\/fliphtml5.com\/home\/iwellguard","https:\/\/anyflip.com\/homepage\/cmiwl#About","https:\/\/transfur.com\/Users\/iwellguard","http:\/\/delphi.larsbo.org\/user\/iwellguard","https:\/\/jobs.lajobsportal.org\/profiles\/8380803-iwell-guard","https:\/\/md.chaosdorf.de\/s\/jfbe5SBdJD","https:\/\/www.lingvolive.com\/en-us\/profile\/9ecaeaca-ce11-4e51-9e71-01d55e2bff36\/translations","https:\/\/www.fitday.com\/fitness\/forums\/members\/iwellguard.html","https:\/\/www.mymeetbook.com\/iwellguard","https:\/\/pxhere.com\/en\/photographer-me\/5040798","https:\/\/disqus.com\/by\/iwellguard\/about\/","https:\/\/pastelink.net\/hjwciqwq","https:\/\/pubhtml5.com\/homepage\/scjhn\/","https:\/\/www.bitchute.com\/channel\/2O2eOKzNqujT","https:\/\/audiomack.com\/iwellguard"]},{"@type":"Person","@id":"https:\/\/iwell-guard.com\/is\/#\/schema\/person\/ee2a27f1cac3406c7c6fb5820cb7349f","name":"Ralf Ittermann","image":{"@type":"ImageObject","inLanguage":"is","@id":"https:\/\/secure.gravatar.com\/avatar\/073c0153e350a5005b68eb752b445fea71f6b24a26da9449ad7e155e6b446c9d?s=96&d=mm&r=g","url":"https:\/\/secure.gravatar.com\/avatar\/073c0153e350a5005b68eb752b445fea71f6b24a26da9449ad7e155e6b446c9d?s=96&d=mm&r=g","contentUrl":"https:\/\/secure.gravatar.com\/avatar\/073c0153e350a5005b68eb752b445fea71f6b24a26da9449ad7e155e6b446c9d?s=96&d=mm&r=g","caption":"Ralf Ittermann"},"givenName":"Ralf","familyName":"Ittermann","jobTitle":"Gesch\u00e4ftsf\u00fchrer und redaktioneller Verantwortlicher","url":"https:\/\/iwell-guard.com\/is\/author\/claude\/","description":"Ralf Ittermann ist Gesch\u00e4ftsf\u00fchrer der Ittermann electronic GmbH und redaktioneller Verantwortlicher des iWell-Guard-Lexikons. Er verbindet langj\u00e4hrige Erfahrung in der Pr\u00e4zisionsfertigung mit medialer Praxis und religionsgeschichtlicher Quellenarbeit.","worksFor":{"@type":"Organization","name":"Ittermann electronic GmbH","url":"https:\/\/ittermann.de\/","address":{"@type":"PostalAddress","streetAddress":"K\u00f6hlergasse 16-18","postalCode":"99842","addressLocality":"Ruhla","addressCountry":"DE"}},"knowsAbout":["Religionsgeschichte","Mythologie","Mediale Praxis","Energetische Diagnostik","Schutzpraxis","Volksglauben","Westliche Esoterik"]},{"@type":"Article","@id":"https:\/\/iwell-guard.com\/is\/azrael\/#article","isPartOf":{"@id":"https:\/\/iwell-guard.com\/is\/azrael\/"},"author":{"name":"Ralf Ittermann","@id":"https:\/\/iwell-guard.com\/is\/#\/schema\/person\/ee2a27f1cac3406c7c6fb5820cb7349f"},"headline":"Azrael","datePublished":"2026-09-05T14:03:25+00:00","dateModified":"2026-09-05T14:20:50+00:00","mainEntityOfPage":{"@id":"https:\/\/iwell-guard.com\/is\/azrael\/"},"publisher":{"@id":"https:\/\/iwell-guard.com\/is\/#organization"},"image":{"@id":"https:\/\/iwell-guard.com\/is\/azrael\/#primaryimage"},"thumbnailUrl":"https:\/\/iwell-guard.com\/wp-content\/uploads\/2026\/04\/goetter_islam_azrael.webp","inLanguage":"is","description":"Azrael, dau\u00f0aengill \u00edslamskrar hef\u00f0ar, var\u00f0veittur um aldir: fylgir s\u00e1lum \u00e1 d\u00e1narbe\u00f0inu, v\u00f6r\u00f0ur \u00fer\u00f6skuldsins a\u00f0 heimi hinna framli\u00f0nu."}]}},"_links":{"self":[{"href":"https:\/\/iwell-guard.com\/is\/wp-json\/wp\/v2\/pages\/168841","targetHints":{"allow":["GET"]}}],"collection":[{"href":"https:\/\/iwell-guard.com\/is\/wp-json\/wp\/v2\/pages"}],"about":[{"href":"https:\/\/iwell-guard.com\/is\/wp-json\/wp\/v2\/types\/page"}],"author":[{"embeddable":true,"href":"https:\/\/iwell-guard.com\/is\/wp-json\/wp\/v2\/users\/3"}],"replies":[{"embeddable":true,"href":"https:\/\/iwell-guard.com\/is\/wp-json\/wp\/v2\/comments?post=168841"}],"version-history":[{"count":0,"href":"https:\/\/iwell-guard.com\/is\/wp-json\/wp\/v2\/pages\/168841\/revisions"}],"wp:featuredmedia":[{"embeddable":true,"href":"https:\/\/iwell-guard.com\/is\/wp-json\/wp\/v2\/media\/1594"}],"wp:attachment":[{"href":"https:\/\/iwell-guard.com\/is\/wp-json\/wp\/v2\/media?parent=168841"}],"wp:term":[{"taxonomy":"category","embeddable":true,"href":"https:\/\/iwell-guard.com\/is\/wp-json\/wp\/v2\/categories?post=168841"}],"curies":[{"name":"wp","href":"https:\/\/api.w.org\/{rel}","templated":true}]}}