{"id":168840,"date":"2026-09-05T14:03:25","date_gmt":"2026-09-05T14:03:25","guid":{"rendered":"https:\/\/iwell-guard.com\/?page_id=168840"},"modified":"2026-09-05T14:20:49","modified_gmt":"2026-09-05T14:20:49","slug":"medusa","status":"publish","type":"page","link":"https:\/\/iwell-guard.com\/is\/medusa\/","title":{"rendered":"Med\u00fasa"},"content":{"rendered":"\t\t<div data-elementor-type=\"wp-page\" data-elementor-id=\"168840\" class=\"elementor elementor-168840 elementor-2142 elementor-bc-flex-widget\" data-elementor-post-type=\"page\">\n\t\t\t\t<div class=\"elementor-element elementor-element-10fdade e-flex e-con-boxed e-con e-parent\" data-id=\"10fdade\" data-element_type=\"container\" data-e-type=\"container\" data-settings=\"{&quot;background_background&quot;:&quot;classic&quot;}\">\n\t\t\t\t\t<div class=\"e-con-inner\">\n\t\t<div class=\"elementor-element elementor-element-herohlft0 e-flex e-con-boxed e-con e-child\" data-id=\"herohlft0\" data-element_type=\"container\" data-e-type=\"container\">\n\t\t\t\t\t<div class=\"e-con-inner\">\n\t\t<div class=\"elementor-element elementor-element-c3ceb64 e-con-full e-flex e-con e-child\" data-id=\"c3ceb64\" data-element_type=\"container\" data-e-type=\"container\">\n\t\t\t\t<div class=\"elementor-element elementor-element-96ae5e1 elementor-widget elementor-widget-heading\" data-id=\"96ae5e1\" data-element_type=\"widget\" data-e-type=\"widget\" data-widget_type=\"heading.default\">\n\t\t\t\t\t<h1 class=\"elementor-heading-title elementor-size-default\">Med\u00fasa, dj\u00f6full \u00far gr\u00edskri hef\u00f0<\/h1>\t\t\t\t<\/div>\n\t\t\t\t<div class=\"elementor-element elementor-element-e45238a elementor-widget elementor-widget-text-editor\" data-id=\"e45238a\" data-element_type=\"widget\" data-e-type=\"widget\" data-widget_type=\"text-editor.default\">\n\t\t\t\t\t\t\t\t\t<p>Med\u00fasa er <span class=\"iwg-fachbegriff\" data-tooltip=\"Andlegt vera sem eignu\u00f0 er ska\u00f0leg e\u00f0a tv\u00edbent \u00e1hrif.\" tabindex=\"0\">dj\u00f6full<\/span> \u00far gr\u00edskri hef\u00f0.<\/p><p>Gorg\u00f3n me\u00f0 sn\u00e1kah\u00e1r, steinruni\u00f0 augnar\u00e1\u00f0, \u00edmynd hins forbo\u00f0na. Med\u00fasa er alr\u00e6mdust af Gorg\u00f3nunum \u00feremur, s\u00fa eina sem er dau\u00f0leg. \u00c1sj\u00f3na hennar breytir \u00f6llum sem l\u00edta hana \u00ed stein.<\/p><p>H\u00fan er ekki <span class=\"iwg-fachbegriff\" data-tooltip=\"Andlegt vera sem eignu\u00f0 er ska\u00f0leg e\u00f0a tv\u00edbent \u00e1hrif.\" tabindex=\"0\">dj\u00f6full<\/span> af illsku, heldur vegna \u00e1falls: h\u00fan er sundurskorin, b\u00f6lvu\u00f0 og \u00fatl\u00e6g\u00f0 \u00ed helli. Hetjan Perseifur fellir hana, en h\u00f6fu\u00f0 hennar heldur m\u00e6tti s\u00ednum til a\u00f0 steingera, augnar\u00e1\u00f0 hennar virkar enn eftir dau\u00f0ann.<\/p><p>Hi\u00f0 alr\u00e6mda augnar\u00e1\u00f0 Med\u00fasu breytir \u00f6llu \u00ed stein \u00e1 augabrag\u00f0i.<\/p>\t\t\t\t\t\t\t\t<\/div>\n\t\t\t\t<\/div>\n\t\t<div class=\"elementor-element elementor-element-klsbdg01 e-con-full e-flex e-con e-parent\" data-id=\"klsbdg01\" data-element_type=\"container\" data-e-type=\"container\">\n\t\t\t\t<div class=\"elementor-element elementor-element-klshtm01 elementor-widget elementor-widget-html\" data-id=\"klshtm01\" data-element_type=\"widget\" data-e-type=\"widget\" data-widget_type=\"html.default\">\n\t\t\t\t\t<div class=\"iwg-pill-row\"><span class=\"iwg-klasse-badge\" tabindex=\"0\" data-tooltip=\"Dj\u00f6full \/ dj\u00f6fulynja: Yfirn\u00e1tt\u00farleg vera sem oftast hefur ska\u00f0leg e\u00f0a tv\u00edbent \u00e1hrif. Stendur milli gu\u00f0a og manna, veldur sj\u00fakd\u00f3mum, freistingum e\u00f0a \u00f3h\u00f6ppum og er hrakin brott me\u00f0 \u00e1kalli, verndargripum og ath\u00f6fnum.\">Dj\u00f6full<\/span><a href=\"https:\/\/iwell-guard.com\/is\/?page_id=168594\" class=\"iwg-kultur-badge\" tabindex=\"0\" data-tooltip=\"Tr\u00faarbr\u00f6g\u00f0 og go\u00f0afr\u00e6\u00f0i Grikklands til forna fr\u00e1 M\u00fdkenut\u00edmanum til s\u00ed\u00f0fornaldar.\">Grikkland<\/a><\/div>\t\t\t\t<\/div>\n\t\t\t\t<\/div>\n\t\t<div class=\"elementor-element elementor-element-3f74855 e-con-full e-flex e-con e-child\" data-id=\"3f74855\" data-element_type=\"container\" data-e-type=\"container\">\n\t\t\t\t<div class=\"elementor-element elementor-element-1c30362 elementor-toc--minimized-on-tablet elementor-widget elementor-widget-table-of-contents\" data-id=\"1c30362\" data-element_type=\"widget\" data-e-type=\"widget\" data-settings=\"{&quot;exclude_headings_by_selector&quot;:[],&quot;no_headings_message&quot;:&quot;Engar undirfyrirsagnir fundust \\u00e1 \\u00feessari s\\u00ed\\u00f0u.&quot;,&quot;headings_by_tags&quot;:[&quot;h2&quot;,&quot;h3&quot;],&quot;marker_view&quot;:&quot;bullets&quot;,&quot;minimize_box&quot;:&quot;yes&quot;,&quot;icon&quot;:{&quot;value&quot;:&quot;fas fa-circle&quot;,&quot;library&quot;:&quot;fa-solid&quot;,&quot;rendered_tag&quot;:&quot;&lt;svg class=\\&quot;e-font-icon-svg e-fas-circle\\&quot; viewBox=\\&quot;0 0 512 512\\&quot; xmlns=\\&quot;http:\\\/\\\/www.w3.org\\\/2000\\\/svg\\&quot;&gt;&lt;path d=\\&quot;M256 8C119 8 8 119 8 256s111 248 248 248 248-111 248-248S393 8 256 8z\\&quot;&gt;&lt;\\\/path&gt;&lt;\\\/svg&gt;&quot;},&quot;minimized_on&quot;:&quot;tablet&quot;,&quot;hierarchical_view&quot;:&quot;yes&quot;,&quot;min_height&quot;:{&quot;unit&quot;:&quot;px&quot;,&quot;size&quot;:&quot;&quot;,&quot;sizes&quot;:[]},&quot;min_height_tablet&quot;:{&quot;unit&quot;:&quot;px&quot;,&quot;size&quot;:&quot;&quot;,&quot;sizes&quot;:[]},&quot;min_height_mobile&quot;:{&quot;unit&quot;:&quot;px&quot;,&quot;size&quot;:&quot;&quot;,&quot;sizes&quot;:[]}}\" data-widget_type=\"table-of-contents.default\">\n\t\t\t\t\t\t\t\t\t<div class=\"elementor-toc__header\">\n\t\t\t\t\t\t<h2 class=\"elementor-toc__header-title\">\n\t\t\t\tEfnisyfirlit\t\t\t<\/h2>\n\t\t\t\t\t\t\t\t\t\t<div class=\"elementor-toc__toggle-button elementor-toc__toggle-button--expand\" role=\"button\" tabindex=\"0\" aria-controls=\"elementor-toc__1c30362\" aria-expanded=\"true\" aria-label=\"Open table of contents\"><svg aria-hidden=\"true\" class=\"e-font-icon-svg e-fas-chevron-down\" viewBox=\"0 0 448 512\" xmlns=\"http:\/\/www.w3.org\/2000\/svg\"><path d=\"M207.029 381.476L12.686 187.132c-9.373-9.373-9.373-24.569 0-33.941l22.667-22.667c9.357-9.357 24.522-9.375 33.901-.04L224 284.505l154.745-154.021c9.379-9.335 24.544-9.317 33.901.04l22.667 22.667c9.373 9.373 9.373 24.569 0 33.941L240.971 381.476c-9.373 9.372-24.569 9.372-33.942 0z\"><\/path><\/svg><\/div>\n\t\t\t\t<div class=\"elementor-toc__toggle-button elementor-toc__toggle-button--collapse\" role=\"button\" tabindex=\"0\" aria-controls=\"elementor-toc__1c30362\" aria-expanded=\"true\" aria-label=\"Close table of contents\"><svg aria-hidden=\"true\" class=\"e-font-icon-svg e-fas-chevron-up\" viewBox=\"0 0 448 512\" xmlns=\"http:\/\/www.w3.org\/2000\/svg\"><path d=\"M240.971 130.524l194.343 194.343c9.373 9.373 9.373 24.569 0 33.941l-22.667 22.667c-9.357 9.357-24.522 9.375-33.901.04L224 227.495 69.255 381.516c-9.379 9.335-24.544 9.317-33.901-.04l-22.667-22.667c-9.373-9.373-9.373-24.569 0-33.941L207.03 130.525c9.372-9.373 24.568-9.373 33.941-.001z\"><\/path><\/svg><\/div>\n\t\t\t\t\t<\/div>\n\t\t\t\t<div id=\"elementor-toc__1c30362\" class=\"elementor-toc__body\">\n\t\t\t<div class=\"elementor-toc__spinner-container\">\n\t\t\t\t<svg class=\"elementor-toc__spinner eicon-animation-spin e-font-icon-svg e-eicon-loading\" aria-hidden=\"true\" viewBox=\"0 0 1000 1000\" xmlns=\"http:\/\/www.w3.org\/2000\/svg\"><path d=\"M500 975V858C696 858 858 696 858 500S696 142 500 142 142 304 142 500H25C25 237 238 25 500 25S975 237 975 500 763 975 500 975Z\"><\/path><\/svg>\t\t\t<\/div>\n\t\t<\/div>\n\t\t\t\t\t\t<\/div>\n\t\t\t\t<\/div>\n\t\t\t\t\t<\/div>\n\t\t\t\t<\/div>\n\t\t<div class=\"elementor-element elementor-element-herorght0 e-con-full e-flex e-con e-child\" data-id=\"herorght0\" data-element_type=\"container\" data-e-type=\"container\">\n\t\t\t\t<div class=\"elementor-element elementor-element-heroimg00 iwg-hero-image elementor-widget elementor-widget-image\" data-id=\"heroimg00\" data-element_type=\"widget\" data-e-type=\"widget\" data-widget_type=\"image.default\">\n\t\t\t\t\t\t\t\t\t\t\t\t\t\t\t<img fetchpriority=\"high\" decoding=\"async\" width=\"683\" height=\"1024\" src=\"https:\/\/iwell-guard.com\/wp-content\/uploads\/2026\/04\/daemonen_griechenland_medusa-683x1024.webp\" class=\"attachment-large size-large wp-image-171125\" alt=\"Med\u00fasa \u2013 Dj\u00f6flar \u00far gr\u00edskri hef\u00f0, s\u00f6guleg og myndr\u00e6n framsetning\" srcset=\"https:\/\/iwell-guard.com\/wp-content\/uploads\/2026\/04\/daemonen_griechenland_medusa-683x1024.webp 683w, https:\/\/iwell-guard.com\/wp-content\/uploads\/2026\/04\/daemonen_griechenland_medusa-200x300.webp 200w, https:\/\/iwell-guard.com\/wp-content\/uploads\/2026\/04\/daemonen_griechenland_medusa-768x1152.webp 768w, https:\/\/iwell-guard.com\/wp-content\/uploads\/2026\/04\/daemonen_griechenland_medusa.webp 1024w\" sizes=\"(max-width: 683px) 100vw, 683px\" \/>\t\t\t\t\t\t\t\t\t\t\t\t\t\t\t<\/div>\n\t\t\t\t<\/div>\n\t\t\t\t\t<\/div>\n\t\t\t\t<\/div>\n\t\t<div class=\"elementor-element elementor-element-32917199 e-flex e-con-boxed e-con e-parent\" data-id=\"32917199\" data-element_type=\"container\" data-e-type=\"container\">\n\t\t\t\t\t<div class=\"e-con-inner\">\n\t\t<div class=\"elementor-element elementor-element-26e916cb e-flex e-con-boxed e-con e-child\" data-id=\"26e916cb\" data-element_type=\"container\" data-e-type=\"container\">\n\t\t\t\t\t<div class=\"e-con-inner\">\n\t\t<div class=\"elementor-element elementor-element-253a40d4 e-flex e-con-boxed e-con e-child\" data-id=\"253a40d4\" data-element_type=\"container\" data-e-type=\"container\">\n\t\t\t\t\t<div class=\"e-con-inner\">\n\t\t\t\t<div class=\"elementor-element elementor-element-1200c304 elementor-widget elementor-widget-heading\" data-id=\"1200c304\" data-element_type=\"widget\" data-e-type=\"widget\" data-widget_type=\"heading.default\">\n\t\t\t\t\t<h2 class=\"elementor-heading-title elementor-size-default\">Med\u00fasa<\/h2>\t\t\t\t<\/div>\n\t\t\t\t\t<\/div>\n\t\t\t\t<\/div>\n\t\t<div class=\"elementor-element elementor-element-159dcf9a e-flex e-con-boxed e-con e-child\" data-id=\"159dcf9a\" data-element_type=\"container\" data-e-type=\"container\">\n\t\t\t\t\t<div class=\"e-con-inner\">\n\t\t\t\t<div class=\"elementor-element elementor-element-48cee66f elementor-widget elementor-widget-heading\" data-id=\"48cee66f\" data-element_type=\"widget\" data-e-type=\"widget\" data-widget_type=\"heading.default\">\n\t\t\t\t\t<h2 class=\"elementor-heading-title elementor-size-default\">Stutt yfirlit: Med\u00fasa<\/h2>\t\t\t\t<\/div>\n\t\t\t\t<div class=\"elementor-element elementor-element-3f50d82c elementor-widget elementor-widget-text-editor\" data-id=\"3f50d82c\" data-element_type=\"widget\" data-e-type=\"widget\" data-widget_type=\"text-editor.default\">\n\t\t\t\t\t\t\t\t\t<p><strong>Tegund:<\/strong> Gr\u00edsk go\u00f0sagnavera, Gorg\u00f3n (sn\u00e1kakona)<br><span class=\"iwg-fachbegriff\" data-tooltip=\"Heild gu\u00f0a innan tr\u00faarbrag\u00f0a e\u00f0a menningar.\" tabindex=\"0\">Pantheon<\/span>: Grikkland (go\u00f0fr\u00e6\u00f0ilega ja\u00f0arvera, myndlistarlega mi\u00f0l\u00e6g)<br>Hlutverk: Verndandi steingervingaraugnar\u00e1\u00f0, steingerving \u00f3vina, verndarkraftur<br>Meginkennileiti: Sn\u00e1kar \u00ed sta\u00f0 h\u00e1rs, v\u00e6ngja\u00f0 enni, \u00fatr\u00e9tt tunga, v\u00edgtennur<br>Meginmusterissta\u00f0ir: engir eigin <span class=\"iwg-fachbegriff\" data-tooltip=\"Bygging sem \u00fej\u00f3nar tilbei\u00f0slu einnar e\u00f0a fleiri gu\u00f0vera.\" tabindex=\"0\">musteri<\/span>; Gorgoneion-verndargripir og musterisrofar (Korf\u00fa, \u00d3lymp\u00eda)<br>R\u00f3mverskt hli\u00f0st\u00e6\u00f0a: Med\u00fasa (\u00f3breytt tekin yfir)<\/p>\t\t\t\t\t\t\t\t<\/div>\n\t\t\t\t\t<\/div>\n\t\t\t\t<\/div>\n\t\t\t\t\t<\/div>\n\t\t\t\t<\/div>\n\t\t\t\t\t<\/div>\n\t\t\t\t<\/div>\n\t\t<div class=\"elementor-element elementor-element-18613602 e-flex e-con-boxed e-con e-parent\" data-id=\"18613602\" data-element_type=\"container\" data-e-type=\"container\">\n\t\t\t\t\t<div class=\"e-con-inner\">\n\t\t\t\t<div class=\"elementor-element elementor-element-262b8a9f elementor-widget elementor-widget-heading\" data-id=\"262b8a9f\" data-element_type=\"widget\" data-e-type=\"widget\" data-widget_type=\"heading.default\">\n\t\t\t\t\t<h2 class=\"elementor-heading-title elementor-size-default\">Samhengi<\/h2>\t\t\t\t<\/div>\n\t\t<div class=\"elementor-element elementor-element-46dcb7d e-con-full e-flex e-con e-child\" data-id=\"46dcb7d\" data-element_type=\"container\" data-e-type=\"container\">\n\t\t<div class=\"elementor-element elementor-element-61d3ab3 e-flex e-con-boxed e-con e-child\" data-id=\"61d3ab3\" data-element_type=\"container\" data-e-type=\"container\">\n\t\t\t\t\t<div class=\"e-con-inner\">\n\t\t\t\t<div class=\"elementor-element elementor-element-117c166 elementor-widget elementor-widget-heading\" data-id=\"117c166\" data-element_type=\"widget\" data-e-type=\"widget\" data-widget_type=\"heading.default\">\n\t\t\t\t\t<h3 class=\"elementor-heading-title elementor-size-default\">T\u00edmabil textanna<\/h3>\t\t\t\t<\/div>\n\t\t\t\t<div class=\"elementor-element elementor-element-73997a0 elementor-widget elementor-widget-text-editor\" data-id=\"73997a0\" data-element_type=\"widget\" data-e-type=\"widget\" data-widget_type=\"text-editor.default\">\n\t\t\t\t\t\t\t\t\t<p>Med\u00fasa er skjalfest \u00ed ritheimildum allt fr\u00e1 <em>\u00dee\u00f3g\u00f3n\u00edu<\/em> Hes\u00edodosar (8. \u00f6ld f.Kr.); fornleifafr\u00e6\u00f0ilega hafa verndandi Gorgo-myndir veri\u00f0 \u00fatbreiddar allt fr\u00e1 7. \u00f6ld f.Kr. Hin fornlega Gorg\u00f3 s\u00fdnir hi\u00f0 skelfilega andlit me\u00f0 t\u00f6nnum og \u00fatr\u00e9tta tungu; \u00e1 klass\u00edska t\u00edmanum (5.\/4. \u00f6ld f.Kr.) ver\u00f0ur breyting \u00ed \u00e1tt a\u00f0 fegurri, sorgm\u00e6ddri Med\u00fasu-mynd. R\u00f3mversk m\u00f3ttaka: Caravaggio, s\u00ed\u00f0ar for- og eftirm\u00f3dern\u00edsk \u00farvinnsla.<\/p>\t\t\t\t\t\t\t\t<\/div>\n\t\t\t\t\t<\/div>\n\t\t\t\t<\/div>\n\t\t<div class=\"elementor-element elementor-element-d47b156 e-flex e-con-boxed e-con e-child\" data-id=\"d47b156\" data-element_type=\"container\" data-e-type=\"container\">\n\t\t\t\t\t<div class=\"e-con-inner\">\n\t\t\t\t<div class=\"elementor-element elementor-element-ff38c2b elementor-widget elementor-widget-heading\" data-id=\"ff38c2b\" data-element_type=\"widget\" data-e-type=\"widget\" data-widget_type=\"heading.default\">\n\t\t\t\t\t<h3 class=\"elementor-heading-title elementor-size-default\">\u00datbrei\u00f0slusv\u00e6\u00f0i<\/h3>\t\t\t\t<\/div>\n\t\t\t\t<div class=\"elementor-element elementor-element-4e49fcc elementor-widget elementor-widget-text-editor\" data-id=\"4e49fcc\" data-element_type=\"widget\" data-e-type=\"widget\" data-widget_type=\"text-editor.default\">\n\t\t\t\t\t\t\t\t\t<p>Med\u00fasa haf\u00f0i engan eigin tilbei\u00f0slusta\u00f0, h\u00fan er go\u00f0sagnavera, ekki <span class=\"iwg-fachbegriff\" data-tooltip=\"Heild tr\u00faarlegra tilbei\u00f0sluathafna gagnvart gu\u00f0veru e\u00f0a heilagri veru.\" tabindex=\"0\">tilbei\u00f0slu<\/span>vera. H\u00f6fu\u00f0 hennar, <em>Gorgoneion<\/em> (hi\u00f0 afh\u00f6ggna h\u00f6fu\u00f0), kemur \u00fe\u00f3 fram sem verndar<span class=\"iwg-fachbegriff\" data-tooltip=\"Merki sem stendur fyrir hugmynd e\u00f0a merkingu.\" tabindex=\"0\">t\u00e1kn<\/span> \u00e1 \u00fe\u00fasundum minja: A\u00feenu<span class=\"iwg-fachbegriff\" data-tooltip=\"Bygging sem \u00fej\u00f3nar tilbei\u00f0slu einnar e\u00f0a fleiri gu\u00f0vera.\" tabindex=\"0\">musteris<\/span>rofum (Korf\u00fa, \u00d3lymp\u00eda, A\u00feena), skj\u00f6ldum, vasam\u00e1lverkum, s\u00ed\u00f0ar einnig r\u00f3mverskum myntum og byggingarskreytingum.<\/p>\t\t\t\t\t\t\t\t<\/div>\n\t\t\t\t\t<\/div>\n\t\t\t\t<\/div>\n\t\t\t\t<\/div>\n\t\t<div class=\"elementor-element elementor-element-db03c39 e-con-full e-flex e-con e-child\" data-id=\"db03c39\" data-element_type=\"container\" data-e-type=\"container\">\n\t\t<div class=\"elementor-element elementor-element-229a87b e-flex e-con-boxed e-con e-child\" data-id=\"229a87b\" data-element_type=\"container\" data-e-type=\"container\">\n\t\t\t\t\t<div class=\"e-con-inner\">\n\t\t\t\t<div class=\"elementor-element elementor-element-1f471fc elementor-widget elementor-widget-heading\" data-id=\"1f471fc\" data-element_type=\"widget\" data-e-type=\"widget\" data-widget_type=\"heading.default\">\n\t\t\t\t\t<h3 class=\"elementor-heading-title elementor-size-default\">Heimildasta\u00f0a<\/h3>\t\t\t\t<\/div>\n\t\t\t\t<div class=\"elementor-element elementor-element-36b1201 elementor-widget elementor-widget-text-editor\" data-id=\"36b1201\" data-element_type=\"widget\" data-e-type=\"widget\" data-widget_type=\"text-editor.default\">\n\t\t\t\t\t\t\t\t\t<p>Meginheimildir: <em>\u00dee\u00f3g\u00f3n\u00eda<\/em> Hes\u00edodosar (270&ndash;281), <em>B\u00f3kasafn<\/em> Apoll\u00f3d\u00f3rosar (II 4), <em>Myndbreytingar<\/em> \u00d3v\u00edds (IV 765 o.\u00e1fr., \u00fatbreiddasta myndbreytingarsagan), <em>P\u00fd\u00fe\u00edskar \u00f3\u00f0ur<\/em> Pindars (12), <em>Pharsalia<\/em> L\u00fakans (IX 619 o.\u00e1fr.). Fr\u00e6\u00f0irit: Vernant, <em>La Mort dans les yeux<\/em>; Wilk, <em>Medusa<\/em>; LIMC (Lexicon Iconographicum Mythologiae Classicae) undir or\u00f0inu <em>Gorgo<\/em>.<\/p>\t\t\t\t\t\t\t\t<\/div>\n\t\t\t\t\t<\/div>\n\t\t\t\t<\/div>\n\t\t\t\t<\/div>\n\t\t\t\t\t<\/div>\n\t\t\t\t<\/div>\n\t\t<div class=\"elementor-element elementor-element-3ae0637c e-flex e-con-boxed e-con e-parent\" data-id=\"3ae0637c\" data-element_type=\"container\" data-e-type=\"container\">\n\t\t\t\t\t<div class=\"e-con-inner\">\n\t\t\t\t<div class=\"elementor-element elementor-element-31d07739 elementor-widget elementor-widget-heading\" data-id=\"31d07739\" data-element_type=\"widget\" data-e-type=\"widget\" data-widget_type=\"heading.default\">\n\t\t\t\t\t<h2 class=\"elementor-heading-title elementor-size-default\">Nafn og heiti<\/h2>\t\t\t\t<\/div>\n\t\t<div class=\"elementor-element elementor-element-b7642947 e-con-full e-flex e-con e-child\" data-id=\"b7642947\" data-element_type=\"container\" data-e-type=\"container\">\n\t\t\t\t<div class=\"elementor-element elementor-element-a086266 elementor-widget elementor-widget-text-editor\" data-id=\"a086266\" data-element_type=\"widget\" data-e-type=\"widget\" data-widget_type=\"text-editor.default\">\n\t\t\t\t\t\t\t\t\t<p>Med\u00fasa er s\u00fdnd b\u00e6\u00f0i skelfileg og f\u00f6gur: kvenl\u00edkami me\u00f0 sn\u00e1ka \u00ed sta\u00f0 h\u00e1rs. Augu hennar l\u00fdsa af banv\u00e6num m\u00e6tti. Stundum er h\u00fan s\u00fdnd me\u00f0 v\u00e6ngi.<\/p><p>T\u00e1kn hennar eru sn\u00e1karnir, hi\u00f0 banv\u00e6na augnar\u00e1\u00f0, og stundum v\u00e6ngir (\u00ed s\u00ed\u00f0ari \u00fatg\u00e1fum). Steinrunni\u00f0 augnar\u00e1\u00f0 hennar er skelfilegasta einkenni hennar. Hi\u00f0 afh\u00f6ggna h\u00f6fu\u00f0 Med\u00fasu (sem Perseifur bar) ver\u00f0ur a\u00f0 verndargrip, verndar<span class=\"iwg-fachbegriff\" data-tooltip=\"Borinn hlutur sem eigna\u00f0ur er verndandi, \u00f3happahrekjandi \u00e1hrif.\" tabindex=\"0\">grip<\/span> gegn illum augum.<\/p>\t\t\t\t\t\t\t\t<\/div>\n\t\t\t\t<\/div>\n\t\t\t\t\t<\/div>\n\t\t\t\t<\/div>\n\t\t<div class=\"elementor-element elementor-element-709a44a8 e-flex e-con-boxed e-con e-parent\" data-id=\"709a44a8\" data-element_type=\"container\" data-e-type=\"container\">\n\t\t\t\t\t<div class=\"e-con-inner\">\n\t\t\t\t<div class=\"elementor-element elementor-element-2f585873 elementor-widget elementor-widget-heading\" data-id=\"2f585873\" data-element_type=\"widget\" data-e-type=\"widget\" data-widget_type=\"heading.default\">\n\t\t\t\t\t<h2 class=\"elementor-heading-title elementor-size-default\">Einkenni<\/h2>\t\t\t\t<\/div>\n\t\t<div class=\"elementor-element elementor-element-70621c12 e-con-full e-flex e-con e-child\" data-id=\"70621c12\" data-element_type=\"container\" data-e-type=\"container\">\n\t\t\t\t<div class=\"elementor-element elementor-element-4296eb49 elementor-widget elementor-widget-text-editor\" data-id=\"4296eb49\" data-element_type=\"widget\" data-e-type=\"widget\" data-widget_type=\"text-editor.default\">\n\t\t\t\t\t\t\t\t\t<p>Med\u00fasa er ekki tilbe\u00f0in, heldur \u00f3ttu\u00f0 og sko\u00f0u\u00f0. H\u00fan er \u00edmynd yfirfer\u00f0ar, m\u00e6rin milli konu og skr\u00edmslis, milli hins mannlega og \u00f3mannlega. \u00cd s\u00ed\u00f0ari menningarheimum er h\u00f6fu\u00f0 hennar (e\u00f0a mynd \u00feess) nota\u00f0 sem verndar<span class=\"iwg-fachbegriff\" data-tooltip=\"Borinn hlutur sem eigna\u00f0ur er verndandi, \u00f3happahrekjandi \u00e1hrif.\" tabindex=\"0\">grip<\/span>, vi\u00f0sn\u00faningur \u00e1 h\u00e1ska hennar.<\/p><p>\u00cd harmleikjum og hetjukv\u00e6\u00f0um er h\u00fan lesin sem \u00edmynd kvenlegs m\u00e1ttar (kynhneig\u00f0ar, rei\u00f0i, sj\u00e1lfst\u00e6\u00f0is) sem \u00f3gnar hinni fe\u00f0raveldislegu skipan og ver\u00f0ur \u00feess vegna a\u00f0 tort\u00edmast. Saga hennar er saga f\u00f3rnarlambsv\u00e6\u00f0ingar og vi\u00f0sn\u00fanings.<\/p><h3>\u00datlit og t\u00e1knfr\u00e6\u00f0i<\/h3><p>Med\u00fasa er s\u00fdnd sem kona me\u00f0 villt, eldfimt h\u00e1r, en ekki mennskt, heldur lifandi sn\u00e1kar \u00ed sta\u00f0 h\u00e1rs. Augu hennar glitra b\u00e6\u00f0i af m\u00e6tti og sorg.<\/p><p>Stundum er h\u00fan s\u00fdnd me\u00f0 v\u00e6ngi, stundum me\u00f0 drekab\u00fak. H\u00fa\u00f0 hennar getur virst m\u00e1lmleg e\u00f0a steinkennd. Sn\u00e1karnir eru a\u00f0aleinkenni hennar, <span class=\"iwg-fachbegriff\" data-tooltip=\"Merki sem stendur fyrir hugmynd e\u00f0a merkingu.\" tabindex=\"0\">t\u00e1kn<\/span> kvenleika, h\u00e6ttu og umbreytingar.<\/p><p>Bl\u00f3\u00f0i\u00f0 sem fl\u00e6ddi \u00far h\u00e1lsi hennar var\u00f0 a\u00f0 eitri e\u00f0a l\u00e6knandi drykk. Stundum ber h\u00fan v\u00e6ngja\u00f0a sk\u00f3 (fr\u00e1 Perseifi) e\u00f0a a\u00f0ra bardagabikara. Litur hennar er d\u00f6kkgr\u00e6nn e\u00f0a d\u00f6kkrau\u00f0ur, litir n\u00e1tt\u00farunnar og bl\u00f3\u00f0sins. H\u00fan er ekki f\u00f6gur \u00e1 hef\u00f0bundinn h\u00e1tt, heldur heillandi, tv\u00edbent, skelfileg og harms\u00f6guleg.<\/p>\t\t\t\t\t\t\t\t<\/div>\n\t\t\t\t<\/div>\n\t\t\t\t\t<\/div>\n\t\t\t\t<\/div>\n\t\t<div class=\"elementor-element elementor-element-44e71476 e-flex e-con-boxed e-con e-parent\" data-id=\"44e71476\" data-element_type=\"container\" data-e-type=\"container\">\n\t\t\t\t\t<div class=\"e-con-inner\">\n\t\t\t\t<div class=\"elementor-element elementor-element-3c1fc3f0 elementor-widget elementor-widget-heading\" data-id=\"3c1fc3f0\" data-element_type=\"widget\" data-e-type=\"widget\" data-widget_type=\"heading.default\">\n\t\t\t\t\t<h2 class=\"elementor-heading-title elementor-size-default\">Yfirlit: Med\u00fasa<\/h2>\t\t\t\t<\/div>\n\t\t<div class=\"elementor-element elementor-element-84f33b8e e-con-full e-flex e-con e-child\" data-id=\"84f33b8e\" data-element_type=\"container\" data-e-type=\"container\">\n\t\t\t\t<div class=\"elementor-element elementor-element-hqkdc67p elementor-widget elementor-widget-text-editor\" data-id=\"hqkdc67p\" data-element_type=\"widget\" data-e-type=\"widget\" data-widget_type=\"text-editor.default\">\n\t\t\t\t\t\t\t\t\t<p>Mikilv\u00e6gustu \u00fe\u00e6ttir Med\u00fasu \u00ed hnotskurn. Eftirfarandi svi\u00f0 draga saman uppruna, hlutverk, \u00fatlit, tilbei\u00f0slu, t\u00e1kn og hli\u00f0st\u00e6\u00f0ur.<\/p>\t\t\t\t\t\t\t\t<\/div>\n\t\t\t\t<\/div>\n\t\t<div class=\"elementor-element elementor-element-pemmx7c5 e-con-full e-flex e-con e-child\" data-id=\"pemmx7c5\" data-element_type=\"container\" data-e-type=\"container\">\n\t\t<div class=\"elementor-element elementor-element-pemmx7c1 e-con-full e-flex e-con e-child\" data-id=\"pemmx7c1\" data-element_type=\"container\" data-e-type=\"container\">\n\t\t<div class=\"elementor-element elementor-element-qh9oavvu iwg-steckbrief-card e-flex e-con-boxed e-con e-child\" data-id=\"qh9oavvu\" data-element_type=\"container\" data-e-type=\"container\">\n\t\t\t\t\t<div class=\"e-con-inner\">\n\t\t\t\t<div class=\"elementor-element elementor-element-awzx8k2k elementor-widget elementor-widget-heading\" data-id=\"awzx8k2k\" data-element_type=\"widget\" data-e-type=\"widget\" data-widget_type=\"heading.default\">\n\t\t\t\t\t<div class=\"elementor-heading-title elementor-size-default\">Menningarsamhengi<\/div>\t\t\t\t<\/div>\n\t\t\t\t<div class=\"elementor-element elementor-element-x6rowhv0 elementor-widget elementor-widget-text-editor\" data-id=\"x6rowhv0\" data-element_type=\"widget\" data-e-type=\"widget\" data-widget_type=\"text-editor.default\">\n\t\t\t\t\t\t\t\t\t<p>Med\u00fasa er hin eina dau\u00f0lega af \u00feeim \u00feremur Gorg\u00f3nu-systrum (Stheno, Evr\u00fdale, Med\u00fasa), d\u00e6trum sj\u00e1varv\u00e6ttanna Fork\u00fds og Ket\u00f3. Samkv\u00e6mt \u00d3v\u00ed\u00f0 var h\u00fan upphaflega undurf\u00f6gur dau\u00f0leg kona, sem A\u00feena breytti \u00ed hrylling til hefndar eftir nau\u00f0gun \u00ed <span class=\"iwg-fachbegriff\" data-tooltip=\"Bygging sem er notu\u00f0 til a\u00f0 tilbi\u00f0ja eina e\u00f0a fleiri gu\u00f0ir.\" tabindex=\"0\">hofi<\/span>.<\/p><p>Perseifur (Perseus) fellir hana me\u00f0 sig\u00f0sver\u00f0i Hermes og speglaskildi A\u00feenu. \u00dar bl\u00f3\u00f0i hennar spretta <em>Pegasos<\/em> og risinn <em>Kr\u00fdsaor<\/em>.<\/p>\t\t\t\t\t\t\t\t<\/div>\n\t\t\t\t\t<\/div>\n\t\t\t\t<\/div>\n\t\t<div class=\"elementor-element elementor-element-8e3o4kxs iwg-steckbrief-card e-flex e-con-boxed e-con e-child\" data-id=\"8e3o4kxs\" data-element_type=\"container\" data-e-type=\"container\">\n\t\t\t\t\t<div class=\"e-con-inner\">\n\t\t\t\t<div class=\"elementor-element elementor-element-08rkdgov elementor-widget elementor-widget-heading\" data-id=\"08rkdgov\" data-element_type=\"widget\" data-e-type=\"widget\" data-widget_type=\"heading.default\">\n\t\t\t\t\t<div class=\"elementor-heading-title elementor-size-default\">Tengt vi\u00f0<\/div>\t\t\t\t<\/div>\n\t\t\t\t<div class=\"elementor-element elementor-element-uwjelx8s elementor-widget elementor-widget-text-editor\" data-id=\"uwjelx8s\" data-element_type=\"widget\" data-e-type=\"widget\" data-widget_type=\"text-editor.default\">\n\t\t\t\t\t\t\t\t\t<p>Verndandi hlutverk. Gorgoneion (afh\u00f6ggvi\u00f0 h\u00f6fu\u00f0i\u00f0) virkar sem varnar-<span class=\"iwg-fachbegriff\" data-tooltip=\"T\u00e1kn sem stendur fyrir hugmynd e\u00f0a merkingu.\" tabindex=\"0\">t\u00e1kn<\/span> gegn fjendum og illum \u00f6ndum. A\u00feena ber Gorgoneion \u00e1 skildi s\u00ednum (<em>Aigis<\/em>) sem a\u00f0al varnarvopn. \u00cd r\u00f3mverskum hersveitum var \u00fea\u00f0 algengt \u00e1 skj\u00f6ldum, brj\u00f3stvirkjum og hj\u00e1lmum. <span class=\"iwg-fachbegriff\" data-tooltip=\"Tr\u00faarhugmyndir og si\u00f0ir sem eru \u00fatbreiddir \u00ed daglegu l\u00edfi.\" tabindex=\"0\">\u00dej\u00f3\u00f0tr\u00fa<\/span>: myndin \u00e1 dyra\u00fer\u00f6skuldinum heldur illu auga \u00ed skefjum.<\/p>\t\t\t\t\t\t\t\t<\/div>\n\t\t\t\t\t<\/div>\n\t\t\t\t<\/div>\n\t\t<div class=\"elementor-element elementor-element-jm2n74ec iwg-steckbrief-card e-flex e-con-boxed e-con e-child\" data-id=\"jm2n74ec\" data-element_type=\"container\" data-e-type=\"container\">\n\t\t\t\t\t<div class=\"e-con-inner\">\n\t\t\t\t<div class=\"elementor-element elementor-element-8vufse4c elementor-widget elementor-widget-heading\" data-id=\"8vufse4c\" data-element_type=\"widget\" data-e-type=\"widget\" data-widget_type=\"heading.default\">\n\t\t\t\t\t<div class=\"elementor-heading-title elementor-size-default\">\u00c1s\u00fdnd Med\u00fasu<\/div>\t\t\t\t<\/div>\n\t\t\t\t<div class=\"elementor-element elementor-element-mwb9u015 elementor-widget elementor-widget-text-editor\" data-id=\"mwb9u015\" data-element_type=\"widget\" data-e-type=\"widget\" data-widget_type=\"text-editor.default\">\n\t\t\t\t\t\t\t\t\t<p>Tv\u00e6r birtingarmyndir, eftir t\u00edmabilum:<\/p><p><strong>Fornaldarlega (7.&ndash;5. \u00f6ld f.Kr.):<\/strong> hrikaleg og \u00f3gnvekjandi, breitt andlit, \u00fatst\u00e6\u00f0 tunga, v\u00edgtennur, v\u00e6ngju\u00f0 gagnaugu, sn\u00e1kar \u00ed sta\u00f0 h\u00e1rs. D\u00e6mi: friskt \u00e1 Korf\u00fa-<span class=\"iwg-fachbegriff\" data-tooltip=\"Bygging sem er notu\u00f0 til a\u00f0 tilbi\u00f0ja eina e\u00f0a fleiri gu\u00f0ir.\" tabindex=\"0\">hofinu<\/span> (um 580 f.Kr.).<\/p><p><span data-nosnippet><strong>Klass\u00edskt og s\u00ed\u00f0ar (4. \u00f6ld f.Kr. og \u00e1fram):<\/strong> f\u00f6gur, sorgm\u00e6dd ung kona me\u00f0 sn\u00e1ka \u00ed h\u00e1ri, oft me\u00f0 \u00feunglyndislegan svip. D\u00e6mi: <em>Med\u00fasa<\/em> Caravaggios (1597).<\/span><\/p>\t\t\t\t\t\t\t\t<\/div>\n\t\t\t\t\t<\/div>\n\t\t\t\t<\/div>\n\t\t\t\t<\/div>\n\t\t<div class=\"elementor-element elementor-element-pemmx7c2 e-con-full e-flex e-con e-child\" data-id=\"pemmx7c2\" data-element_type=\"container\" data-e-type=\"container\">\n\t\t<div class=\"elementor-element elementor-element-37ss2yr6 iwg-steckbrief-card e-flex e-con-boxed e-con e-child\" data-id=\"37ss2yr6\" data-element_type=\"container\" data-e-type=\"container\">\n\t\t\t\t\t<div class=\"e-con-inner\">\n\t\t\t\t<div class=\"elementor-element elementor-element-3v0wp3wx elementor-widget elementor-widget-heading\" data-id=\"3v0wp3wx\" data-element_type=\"widget\" data-e-type=\"widget\" data-widget_type=\"heading.default\">\n\t\t\t\t\t<div class=\"elementor-heading-title elementor-size-default\">Verkunarsvi\u00f0<\/div>\t\t\t\t<\/div>\n\t\t\t\t<div class=\"elementor-element elementor-element-w3247g2m elementor-widget elementor-widget-text-editor\" data-id=\"w3247g2m\" data-element_type=\"widget\" data-e-type=\"widget\" data-widget_type=\"text-editor.default\">\n\t\t\t\t\t\t\t\t\t<p><strong>Verksvi\u00f0:<\/strong> Med\u00fasa haf\u00f0i engan eigin <span class=\"iwg-fachbegriff\" data-tooltip=\"Heild tr\u00faarlegra tilbei\u00f0sluathafna fyrir gu\u00f0 e\u00f0a heilaga v\u00e6tt.\" tabindex=\"0\">helgisi\u00f0ad\u00fdrkun<\/span>, en <em>Gorgoneion<\/em> var eitt vins\u00e6lasta varnart\u00e1kni\u00f0 \u00ed forn\u00f6ld. \u00dea\u00f0 var alls sta\u00f0ar \u00e1 hur\u00f0arhringjum, skj\u00f6ldum, drykkjar\u00e1h\u00f6ldum, legsteinum og bitafr\u00edsum. A\u00feena ber \u00fea\u00f0 \u00e1 Aigis s\u00ednu sem a\u00f0almerki valds. \u00cd \u00fej\u00f3\u00f0tr\u00fa: myndin \u00e1 h\u00fastr\u00f6skuldinum h\u00e9lt \u00f3bo\u00f0num gestum og ska\u00f0a fr\u00e1.<\/p>\t\t\t\t\t\t\t\t<\/div>\n\t\t\t\t\t<\/div>\n\t\t\t\t<\/div>\n\t\t<div class=\"elementor-element elementor-element-0qpjal9w iwg-steckbrief-card e-flex e-con-boxed e-con e-child\" data-id=\"0qpjal9w\" data-element_type=\"container\" data-e-type=\"container\">\n\t\t\t\t\t<div class=\"e-con-inner\">\n\t\t\t\t<div class=\"elementor-element elementor-element-6ndoih0o elementor-widget elementor-widget-heading\" data-id=\"6ndoih0o\" data-element_type=\"widget\" data-e-type=\"widget\" data-widget_type=\"heading.default\">\n\t\t\t\t\t<div class=\"elementor-heading-title elementor-size-default\">Vernd<\/div>\t\t\t\t<\/div>\n\t\t\t\t<div class=\"elementor-element elementor-element-6684tyh9 elementor-widget elementor-widget-text-editor\" data-id=\"6684tyh9\" data-element_type=\"widget\" data-e-type=\"widget\" data-widget_type=\"text-editor.default\">\n\t\t\t\t\t\t\t\t\t<p>Sn\u00e1kar \u00ed sta\u00f0 h\u00e1rs, v\u00e6ngju\u00f0 gagnaugu, \u00fatst\u00e6\u00f0 tunga (fornaldarlegt), v\u00edgtennur (fornaldarlegt), sig\u00f0sver\u00f0 (verkf\u00e6ri\u00f0 sem var\u00f0 hennar dau\u00f0i), speglaskj\u00f6ldur (brag\u00f0 Perseifs), <em>Pegasos<\/em> og <em>Kr\u00fdsaor<\/em> (spruttu \u00far bl\u00f3\u00f0i hennar). Heilagar pl\u00f6ntur: m\u00f3rberjatr\u00e9 (\u00d3v\u00ed\u00f0).<\/p>\t\t\t\t\t\t\t\t<\/div>\n\t\t\t\t\t<\/div>\n\t\t\t\t<\/div>\n\t\t<div class=\"elementor-element elementor-element-3lfi7x32 iwg-steckbrief-card e-flex e-con-boxed e-con e-child\" data-id=\"3lfi7x32\" data-element_type=\"container\" data-e-type=\"container\">\n\t\t\t\t\t<div class=\"e-con-inner\">\n\t\t\t\t<div class=\"elementor-element elementor-element-0kg99ga1 elementor-widget elementor-widget-heading\" data-id=\"0kg99ga1\" data-element_type=\"widget\" data-e-type=\"widget\" data-widget_type=\"heading.default\">\n\t\t\t\t\t<div class=\"elementor-heading-title elementor-size-default\">Tengdar verur<\/div>\t\t\t\t<\/div>\n\t\t\t\t<div class=\"elementor-element elementor-element-n0fum6kp elementor-widget elementor-widget-text-editor\" data-id=\"n0fum6kp\" data-element_type=\"widget\" data-e-type=\"widget\" data-widget_type=\"text-editor.default\">\n\t\t\t\t\t\t\t\t\t<p><em>Lamashtu<\/em> (Mes\u00f3p\u00f3tam\u00eda, fr\u00e1hrindandi \u00f3gnvekjandi \u00e1sj\u00f3na), <em>Pazuzu<\/em> (Mes\u00f3p\u00f3tam\u00eda, verndar-dj\u00f6full me\u00f0 gr\u00f3tesku \u00f3gnaryfirbrag\u00f0i), <em>Bes<\/em> (Egyptaland, fr\u00e1hrindandi heimilisvernd), <em>Humbaba<\/em> (Mes\u00f3p\u00f3tam\u00eda, ver\u00f0ir me\u00f0 \u00f3gnvekjandi \u00e1sj\u00f3nu), <em>R\u0101hu\/Kirtimukha<\/em> (hind\u00faismi, \u00f3gnar\u00e1sj\u00f3na vi\u00f0 hofdyr). \u00cd hlutverki s\u00ednu fylgja allar \u00feessar fr\u00e1hrindandi \u00f3gnar\u00e1sj\u00f3nur \u00f3l\u00edkra menningarheima sama grundvallarreglunni.<\/p>\t\t\t\t\t\t\t\t<\/div>\n\t\t\t\t\t<\/div>\n\t\t\t\t<\/div>\n\t\t\t\t<\/div>\n\t\t\t\t<\/div>\n\t\t\t\t\t<\/div>\n\t\t\t\t<\/div>\n\t\t<div class=\"elementor-element elementor-element-7533bc7a e-flex e-con-boxed e-con e-parent\" data-id=\"7533bc7a\" data-element_type=\"container\" data-e-type=\"container\">\n\t\t\t\t\t<div class=\"e-con-inner\">\n\t\t\t\t<div class=\"elementor-element elementor-element-2447d18d elementor-widget elementor-widget-heading\" data-id=\"2447d18d\" data-element_type=\"widget\" data-e-type=\"widget\" data-widget_type=\"heading.default\">\n\t\t\t\t\t<h2 class=\"elementor-heading-title elementor-size-default\">Verndarh\u00e6ttir<\/h2>\t\t\t\t<\/div>\n\t\t<div class=\"elementor-element elementor-element-d5d0260c e-con-full e-flex e-con e-child\" data-id=\"d5d0260c\" data-element_type=\"container\" data-e-type=\"container\">\n\t\t\t\t<div class=\"elementor-element elementor-element-341be2ac elementor-widget elementor-widget-text-editor\" data-id=\"341be2ac\" data-element_type=\"widget\" data-e-type=\"widget\" data-widget_type=\"text-editor.default\">\n\t\t\t\t\t\t\t\t\t<div><h3>Varnir \u00ed daglegu l\u00edfi<\/h3>\n<div><p><strong>Si\u00f0ir og \u00e1k\u00f6llun<\/strong><br>\nMed\u00fasa var ekki gy\u00f0ja me\u00f0 helgisi\u00f0ad\u00fdrkun; \u00e1hrif hennar birtust einungis \u00ed gegnum myndina. Gorgoneion var fest \u00e1 byggingar, \u00e1h\u00f6ld og legsteina til a\u00f0 halda illu auga og \u00f3l\u00e1ni fr\u00e1.<\/p><\/div>\n\n<h3>\u00c1kallanir og form\u00falur<\/h3>\n<div><p><strong>Textahef\u00f0 og form\u00falur<\/strong><br>\n\u201eTheogonia\u201c Hes\u00ed\u00f3dosar, Pindar og \u201eUmmyndanir\u201c (Metamorphoses) \u00d3v\u00ed\u00f0s var\u00f0veita ger\u00f0 Gorg\u00f3nunnar Med\u00fasu. B\u00f3kmenntir <span class=\"iwg-fachbegriff\" data-tooltip=\"T\u00edmabil gr\u00edskrar og r\u00f3mverskrar menningar, u.\u00fe.b. 800 f.Kr. til 600 e.Kr.\" tabindex=\"0\">fornaldar<\/span> l\u00fdsa Gorgoneion, afh\u00f6ggnu h\u00f6f\u00f0inu, sem verndandi t\u00e1knmynd.<\/p><\/div>\n\n<h3>Verndargripir og t\u00e1knmyndir<\/h3>\n<div><p><strong>Efnislegir <span class=\"iwg-fachbegriff\" data-tooltip=\"Fj\u00f6ltala af apotropaikon: hlutir og t\u00e1kn sem eiga a\u00f0 verjast \u00f3l\u00e1ni.\" tabindex=\"0\">verndargripir<\/span> og fornleifafr\u00e6\u00f0ilegar sannanir<\/strong><br>\nGorgoneion er hi\u00f0 klass\u00edska verndart\u00e1kn <span class=\"iwg-fachbegriff\" data-tooltip=\"T\u00edmabil gr\u00edskrar og r\u00f3mverskrar menningar, u.\u00fe.b. 800 f.Kr. til 600 e.Kr.\" tabindex=\"0\">fornaldar<\/span>. \u00dea\u00f0 kemur fram \u00e1 skj\u00f6ldum, \u00e1 Aigis A\u00feenu, \u00e1 \u00feakskeggsskrauti <span class=\"iwg-fachbegriff\" data-tooltip=\"Bygging sem er notu\u00f0 til a\u00f0 tilbi\u00f0ja eina e\u00f0a fleiri gu\u00f0ir.\" tabindex=\"0\">hofa<\/span>, \u00e1 herkl\u00e6\u00f0um, dyrast\u00f6fum og m\u00f3sa\u00edkverkum og \u00e1tti a\u00f0 verjast ska\u00f0legum \u00f6flum.<\/p><\/div><\/div>\t\t\t\t\t\t\t\t<\/div>\n\t\t\t\t<\/div>\n\t\t\t\t\t<\/div>\n\t\t\t\t<\/div>\n\t\t<div class=\"elementor-element elementor-element-5a584676 e-flex e-con-boxed e-con e-parent\" data-id=\"5a584676\" data-element_type=\"container\" data-e-type=\"container\">\n\t\t\t\t\t<div class=\"e-con-inner\">\n\t\t\t\t<div class=\"elementor-element elementor-element-6d0757bf elementor-widget elementor-widget-heading\" data-id=\"6d0757bf\" data-element_type=\"widget\" data-e-type=\"widget\" data-widget_type=\"heading.default\">\n\t\t\t\t\t<h2 class=\"elementor-heading-title elementor-size-default\">Med\u00fasa, samsv\u00f6run \u00ed \u00f6\u00f0rum menningarheimum<\/h2>\t\t\t\t<\/div>\n\t\t<div class=\"elementor-element elementor-element-60563f68 e-con-full e-flex e-con e-child\" data-id=\"60563f68\" data-element_type=\"container\" data-e-type=\"container\">\n\t\t\t\t<div class=\"elementor-element elementor-element-5a93fdd6 elementor-widget elementor-widget-text-editor\" data-id=\"5a93fdd6\" data-element_type=\"widget\" data-e-type=\"widget\" data-widget_type=\"text-editor.default\">\n\t\t\t\t\t\t\t\t\t<p>\u00d3freskjulegar konur og steingervingandi dj\u00f6flar me\u00f0 \u00f3gnandi augnar\u00e1\u00f0 finnast v\u00ed\u00f0a: Lam\u00eda (Grikkland, barnamor\u00f0andi \u00f3freskja), Skylla (Sikiley, margh\u00e1fa\u00f0 skr\u00edmsli), Lilith (hebreska, kvenkyns-<span class=\"iwg-fachbegriff\" data-tooltip=\"Andlegt vera sem talin er hafa ska\u00f0leg e\u00f0a tv\u00edr\u00e6\u00f0 \u00e1hrif.\" tabindex=\"0\">dj\u00f6full<\/span>). Steingervandi augnar\u00e1\u00f0i\u00f0 l\u00edkist sj\u00f3narmagni \u00ed \u00f6\u00f0rum menningarheimum (illt auga, <em>nazar<\/em>). Umbreyting Med\u00fasu l\u00edkist s\u00f6gum um \u00cdsk\u00f6llus e\u00f0a \u00f6\u00f0rum refsimyndum. H\u00fan skilur sig fr\u00e1 \u00f6\u00f0rum a\u00f0 \u00fev\u00ed leyti a\u00f0 h\u00fan hefur ekkert illt vald; h\u00fan er <span class=\"iwg-fachbegriff\" data-tooltip=\"Gj\u00f6f til gu\u00f0s til a\u00f0 tj\u00e1 \u00feakkl\u00e6ti, b\u00f3n e\u00f0a tilbei\u00f0slu.\" tabindex=\"0\">f\u00f3rnarlamb<\/span> me\u00f0 vopn.<\/p>\t\t\t\t\t\t\t\t<\/div>\n\t\t\t\t<\/div>\n\t\t\t\t\t<\/div>\n\t\t\t\t<\/div>\n\t\t<div class=\"elementor-element elementor-element-cpff4dd22 e-flex e-con-boxed e-con e-parent\" data-id=\"cpff4dd22\" data-element_type=\"container\" data-e-type=\"container\">\n\t\t\t\t\t<div class=\"e-con-inner\">\n\t\t\t\t<div class=\"elementor-element elementor-element-cpf61f0a1 elementor-widget elementor-widget-heading\" data-id=\"cpf61f0a1\" data-element_type=\"widget\" data-e-type=\"widget\" data-widget_type=\"heading.default\">\n\t\t\t\t\t<h2 class=\"elementor-heading-title elementor-size-default\">Med\u00fasa \u00ed go\u00f0s\u00f6gninni um Perseif<\/h2>\t\t\t\t<\/div>\n\t\t<div class=\"elementor-element elementor-element-cp2b7dae8 e-con-full e-flex e-con e-child\" data-id=\"cp2b7dae8\" data-element_type=\"container\" data-e-type=\"container\">\n\t\t\t\t<div class=\"elementor-element elementor-element-cpaf6d04f elementor-widget elementor-widget-text-editor\" data-id=\"cpaf6d04f\" data-element_type=\"widget\" data-e-type=\"widget\" data-widget_type=\"text-editor.default\">\n\t\t\t\t\t\t\t\t\t<p>Samfelld saga Med\u00fasu er hluti af <span class=\"iwg-fachbegriff\" data-tooltip=\"Yfirlifu\u00f0 fr\u00e1s\u00f6gn um gu\u00f0i, uppruna og skipulag heimsins.\" tabindex=\"0\">go\u00f0s\u00f6gninni<\/span> um hetjuna Perseif. Konungurinn P\u00f3l\u00fddektes vill losna vi\u00f0 Perseif og leggur fyrir hann \u00f3m\u00f6gulegt verkefni: a\u00f0 n\u00e1 h\u00f6f\u00f0i Med\u00fasu.<\/p><p>Med\u00fasa er eina dau\u00f0lega af gorg\u00f3nunum \u00feremur, og augnar\u00e1\u00f0 hennar breytir \u00ed stein hverjum \u00feeim sem l\u00edtur framan \u00ed hana. Perseifur f\u00e6r a\u00f0sto\u00f0 fr\u00e1 gu\u00f0unum: v\u00e6ngja\u00f0a sk\u00f3, huli\u00f0shj\u00e1lm og glansandi skj\u00f6ld sem \u00fej\u00f3nar sem spegill.<\/p><p>Me\u00f0 \u00feessum skildi getur Perseifur h\u00e1lsh\u00f6ggvi\u00f0 Med\u00fasu \u00e1n \u00feess a\u00f0 horfa beint \u00e1 hana, \u00fev\u00ed hann horfir a\u00f0eins \u00e1 spegilmynd hennar. \u00dar h\u00e1lsi hinnar drepnu Med\u00fasu spretta, eins og Hes\u00ed\u00f3dos segir \u00feegar fr\u00e1 \u00ed <em>Gu\u00f0a\u00e6ttart\u00f6lunni (Theogonie)<\/em>, hi\u00f0 v\u00e6ngja\u00f0a hross Pegasus og str\u00ed\u00f0sma\u00f0urinn Kr\u00fdsaor, b\u00e6\u00f0i afkv\u00e6mi hennar og P\u00f3seidons.<\/p><p>H\u00f6fu\u00f0i\u00f0 sem skori\u00f0 var af heldur steinbreytandi krafti s\u00ednum. Perseifur notar \u00fea\u00f0 \u00e1 heimlei\u00f0inni sem vopn, me\u00f0al annars gegn t\u00edtaninum Atlasi og gegn s\u00e6skr\u00edmslinu sem hann bjargar Andr\u00f3medu fr\u00e1.<\/p><p>A\u00f0 lokum afhendir Perseifur h\u00f6fu\u00f0i\u00f0 gy\u00f0junni A\u00feenu, sem setur \u00fea\u00f0 \u00e1 skj\u00f6ld sinn e\u00f0a brj\u00f3stbrynju, <em>aigis<\/em>. \u00dear me\u00f0 lokast hringur go\u00f0s\u00f6gunnar: \u00far h\u00e6ttulegri veru ver\u00f0ur gu\u00f0leg verndart\u00e1kn.<\/p><p>\u00d3vid\u00edus b\u00e6tir \u00ed <em>Ummyndunum (Metamorphosen)<\/em> vi\u00f0 fors\u00f6gu um a\u00f0 Med\u00fasa hafi eitt sinn veri\u00f0 falleg mey og hafi a\u00f0eins or\u00f0i\u00f0 a\u00f0 skr\u00edmsli fyrir tilstilli A\u00feenu, eftir a\u00f0 P\u00f3seidon haf\u00f0i \u00e1reitt hana \u00ed <span class=\"iwg-fachbegriff\" data-tooltip=\"Bygging sem er helgu\u00f0 d\u00fdrkun einnar e\u00f0a fleiri gu\u00f0vera.\" tabindex=\"0\">musteri<\/span> gy\u00f0junnar. \u00deessi \u00fatg\u00e1fa er tilt\u00f6lulega s\u00ed\u00f0ari t\u00edma og \u00e1 s\u00e9r ekki heimild \u00ed eldri gr\u00edskri <span class=\"iwg-fachbegriff\" data-tooltip=\"Mi\u00f0lun \u00feekkingar og fr\u00e1sagna kynsl\u00f3\u00f0 fram af kynsl\u00f3\u00f0.\" tabindex=\"0\">munnm\u00e6lahef\u00f0<\/span>.<\/p>\t\t\t\t\t\t\t\t<\/div>\n\t\t\t\t<\/div>\n\t\t\t\t\t<\/div>\n\t\t\t\t<\/div>\n\t\t<div class=\"elementor-element elementor-element-cp5a5850d e-flex e-con-boxed e-con e-parent\" data-id=\"cp5a5850d\" data-element_type=\"container\" data-e-type=\"container\">\n\t\t\t\t\t<div class=\"e-con-inner\">\n\t\t\t\t<div class=\"elementor-element elementor-element-cpbad4fd6 elementor-widget elementor-widget-heading\" data-id=\"cpbad4fd6\" data-element_type=\"widget\" data-e-type=\"widget\" data-widget_type=\"heading.default\">\n\t\t\t\t\t<h2 class=\"elementor-heading-title elementor-size-default\">Gorg\u00f3neion sem verndart\u00e1kn<\/h2>\t\t\t\t<\/div>\n\t\t<div class=\"elementor-element elementor-element-cpf264fdd e-con-full e-flex e-con e-child\" data-id=\"cpf264fdd\" data-element_type=\"container\" data-e-type=\"container\">\n\t\t\t\t<div class=\"elementor-element elementor-element-cp6568b65 elementor-widget elementor-widget-text-editor\" data-id=\"cp6568b65\" data-element_type=\"widget\" data-e-type=\"widget\" data-widget_type=\"text-editor.default\">\n\t\t\t\t\t\t\t\t\t<p>\u00d3h\u00e1\u00f0 s\u00f6gunni haf\u00f0i myndin af h\u00f6f\u00f0i Med\u00fasu, <em>Gorg\u00f3neion<\/em>, s\u00edna eigin, mj\u00f6g fornu hlutverk \u00ed gr\u00edskri menningu. H\u00fan \u00fej\u00f3na\u00f0i sem ap\u00f3tr\u00f3pa\u00edskt t\u00e1kn, \u00fea\u00f0 er mynd sem \u00e6tla\u00f0 er a\u00f0 afst\u00fdra \u00f3hamingju. Hugsunin \u00e1 bak vi\u00f0 \u00fea\u00f0 er s\u00fa a\u00f0 l\u00edkt s\u00e9 l\u00e1ti\u00f0 vinna gegn l\u00edku: fr\u00e1hrindandi mynd er sett upp til a\u00f0 halda skelfingu \u00ed fjarl\u00e6g\u00f0, hi\u00f0 \u00f3gnvekjandi \u00e1 a\u00f0 f\u00e6la hi\u00f0 \u00f3gnvekjandi fr\u00e1.<\/p><p>Fornleifafr\u00e6\u00f0ilega er Gorg\u00f3neion einstaklega v\u00ed\u00f0t\u00e6kt sanna\u00f0. \u00dea\u00f0 kemur fram \u00e1 burstum hofa, me\u00f0al annars sem st\u00f3r skreytisteinn (antefix) e\u00f0a sem mi\u00f0l\u00e6gt skartmerki, \u00e1 skj\u00f6ldum, \u00e1 myntum, \u00e1 drykkjar\u00e1h\u00f6ldum, \u00e1 h\u00fashringjum og \u00e1 \u00feakfl\u00edsum.<\/p><p>\u00c1 fornaldart\u00edmanum er myndin s\u00e9rlega \u00f3gnvekjandi: hringlaga, tr\u00f6llslegt andlit me\u00f0 galopnum munni, \u00fatst\u00e6\u00f0ri tungu, v\u00edgt\u00f6nnum og h\u00e1ri vafi\u00f0 sn\u00e1kum. \u00cd t\u00edmans r\u00e1s, \u00e1 klass\u00edska og hellenska t\u00edmanum, ver\u00f0ur andliti\u00f0 s\u00edfellt manneskjulegra og er \u00e1 k\u00f6flum jafnvel tali\u00f0 fagurt, \u00e1n \u00feess a\u00f0 verndarhlutverki\u00f0 glatist.<\/p><p>Fyrir <span class=\"iwg-fachbegriff\" data-tooltip=\"Fr\u00e6\u00f0igrein sem rannsakar tr\u00faarbr\u00f6g\u00f0 samanbur\u00f0arlega og \u00e1n tr\u00faarlegrar afst\u00f6\u00f0u.\" tabindex=\"0\">tr\u00faarbrag\u00f0afr\u00e6\u00f0in<\/span> er \u00feessi ni\u00f0ursta\u00f0a mikilv\u00e6g, \u00fev\u00ed h\u00fan s\u00fdnir a\u00f0 Gorg\u00f3neion er eldra og v\u00ed\u00f0t\u00e6kara en hin fullb\u00fana Perseifssaga og a\u00f0 ekki m\u00e1 einfaldlega jafna \u00feessu tvennu saman. Fr\u00e6\u00f0imenn hafa deilt um hvort verndart\u00e1kni\u00f0 hafi upphaflega sta\u00f0i\u00f0 sj\u00e1lfst\u00e6tt og sagan b\u00e6st vi\u00f0 s\u00ed\u00f0ar, e\u00f0a hvort \u00feetta tvennt hafi fr\u00e1 upphafi tilheyrt saman.<\/p><p>\u00dea\u00f0 sem er \u00f6ruggt er a\u00f0 Med\u00fasa birtist Grikkjum fyrst og fremst \u00ed lifandi tr\u00faari\u00f0kun sem \u00e1hrifamiki\u00f0 myndt\u00e1kn sem \u00e1tti a\u00f0 veita h\u00fasum, helgist\u00f6\u00f0um og hlutum verndun, og fyrst \u00ed annarri r\u00f6\u00f0 sem pers\u00f3na \u00ed hetjus\u00f6gu.<\/p>\t\t\t\t\t\t\t\t<\/div>\n\t\t\t\t<\/div>\n\t\t\t\t\t<\/div>\n\t\t\t\t<\/div>\n\t\t<div class=\"elementor-element elementor-element-cp5342fc6 e-flex e-con-boxed e-con e-parent\" data-id=\"cp5342fc6\" data-element_type=\"container\" data-e-type=\"container\">\n\t\t\t\t\t<div class=\"e-con-inner\">\n\t\t\t\t<div class=\"elementor-element elementor-element-cp39001d2 elementor-widget elementor-widget-heading\" data-id=\"cp39001d2\" data-element_type=\"widget\" data-e-type=\"widget\" data-widget_type=\"heading.default\">\n\t\t\t\t\t<h2 class=\"elementor-heading-title elementor-size-default\">Ranns\u00f3knarsaga og t\u00falkanir<\/h2>\t\t\t\t<\/div>\n\t\t<div class=\"elementor-element elementor-element-cp6b71174 e-con-full e-flex e-con e-child\" data-id=\"cp6b71174\" data-element_type=\"container\" data-e-type=\"container\">\n\t\t\t\t<div class=\"elementor-element elementor-element-cp376cf22 elementor-widget elementor-widget-text-editor\" data-id=\"cp376cf22\" data-element_type=\"widget\" data-e-type=\"widget\" data-widget_type=\"text-editor.default\">\n\t\t\t\t\t\t\t\t\t<p>Med\u00fasa hefur dregi\u00f0 a\u00f0 s\u00e9r v\u00edsindalega og hugmyndafr\u00e6\u00f0ilega umr\u00e6\u00f0u \u00ed r\u00edkum m\u00e6li, og t\u00falkanirnar hafa or\u00f0i\u00f0 mj\u00f6g mismunandi.<\/p><p>Eldri, samanbur\u00f0arfr\u00e6\u00f0ileg stefna s\u00e1 \u00ed Gorg\u00f3nni endurspeglun af skelfingargr\u00edmu e\u00f0a tr\u00faarlegum gr\u00edmudansi; tr\u00f6llslega andliti\u00f0 v\u00e6ri \u00fe\u00e1 minning um raunverulega gr\u00edmu. A\u00f0rir tengdu hana vi\u00f0 hugmyndir um illt augnar\u00e1\u00f0 og fr\u00e1hrindandi kraft hins \u00f3fagra.<\/p><p>Fornfr\u00e6\u00f0i 20. aldar hefur einkum rannsaka\u00f0 hlutverk Gorg\u00f3neions sem myndt\u00e1kns og sett samhengi augnar\u00e1\u00f0s, \u00f3tta og fr\u00e1hrindingar \u00ed brennidepil.<\/p><p>Franski tr\u00faarbrag\u00f0asagnfr\u00e6\u00f0ingurinn Jean-Pierre Vernant hefur \u00ed \u00e1hrifamiklum ritger\u00f0um s\u00fdnt fram \u00e1 a\u00f0 Gorg\u00f3nin pers\u00f3nugerir hi\u00f0 ger\u00f3l\u00edka, hi\u00f0 \u00e1r\u00e1sargjarna, eitthva\u00f0 sem sj\u00e1lf s\u00fdn \u00feess \u00f3gnar \u00e1horfandanum. \u00d3l\u00edkt flestum gr\u00edskum gu\u00f0legum andlitum er Gorg\u00f3neion s\u00fdnt beint \u00e1, \u00fea\u00f0 horfir beint \u00e1 \u00e1horfandann, og n\u00e1kv\u00e6mlega \u00ed \u00fev\u00ed liggur skelfing \u00feess.<\/p><p>\u00c1 s\u00ed\u00f0ari t\u00edmum, s\u00e9rstaklega utan hinnar \u00ferengri fornfr\u00e6\u00f0i, hefur Med\u00fasa or\u00f0i\u00f0 mj\u00f6g fj\u00f6lt\u00falku\u00f0 t\u00e1knmynd. S\u00e1lgreiningarlegar, fem\u00edn\u00edskar og menningarkr\u00edt\u00edskar lestrarlei\u00f0ir hafa gert veruna a\u00f0 umr\u00e6\u00f0uefni fyrir mj\u00f6g \u00f3l\u00edk vi\u00f0fangsefni.<\/p><p>Fr\u00e1 sj\u00f3narh\u00f3li tr\u00faarbrag\u00f0afr\u00e6\u00f0anna er h\u00e9r \u00fe\u00f6rf \u00e1 varf\u00e6rni: \u00feessar n\u00fat\u00edmalegu t\u00falkanir segja oft meira um samt\u00edmann en um <span class=\"iwg-fachbegriff\" data-tooltip=\"T\u00edmabil gr\u00edskrar og r\u00f3mverskrar menningar, um 800 f.Kr. til 600 e.Kr.\" tabindex=\"0\">forna<\/span> hugmyndina. S\u00e1 sem vill skilja Med\u00fasu Grikkja \u00e1 a\u00f0 gera sk\u00fdran greinarmun \u00e1 fornu heimildunum, \u00fe.e. <span class=\"iwg-fachbegriff\" data-tooltip=\"Munnm\u00e6las\u00f6gn um gu\u00f0i, uppruna og skipan heimsins.\" tabindex=\"0\">go\u00f0s\u00f6gninni<\/span> og myndnotkuninni, og seinni t\u00edma eignun.<\/p>\t\t\t\t\t\t\t\t<\/div>\n\t\t\t\t<\/div>\n\t\t\t\t\t<\/div>\n\t\t\t\t<\/div>\n\t\t<div class=\"elementor-element elementor-element-cpfb29088 e-flex e-con-boxed e-con e-parent\" data-id=\"cpfb29088\" data-element_type=\"container\" data-e-type=\"container\">\n\t\t\t\t\t<div class=\"e-con-inner\">\n\t\t\t\t<div class=\"elementor-element elementor-element-cp92f9af5 elementor-widget elementor-widget-heading\" data-id=\"cp92f9af5\" data-element_type=\"widget\" data-e-type=\"widget\" data-widget_type=\"heading.default\">\n\t\t\t\t\t<h2 class=\"elementor-heading-title elementor-size-default\">M\u00f3ttaka fr\u00e1 forn\u00f6ld til n\u00fat\u00edmans<\/h2>\t\t\t\t<\/div>\n\t\t<div class=\"elementor-element elementor-element-cp3f8d543 e-con-full e-flex e-con e-child\" data-id=\"cp3f8d543\" data-element_type=\"container\" data-e-type=\"container\">\n\t\t\t\t<div class=\"elementor-element elementor-element-cp83f70a5 elementor-widget elementor-widget-text-editor\" data-id=\"cp83f70a5\" data-element_type=\"widget\" data-e-type=\"widget\" data-widget_type=\"text-editor.default\">\n\t\t\t\t\t\t\t\t\t<p>\u00cdmynd Med\u00fasu hefur lifa\u00f0 <span class=\"iwg-fachbegriff\" data-tooltip=\"T\u00edmabil gr\u00edskrar og r\u00f3mverskrar menningar, um 800 f.Kr. til 600 e.Kr.\" tabindex=\"0\">forn\u00f6ldina<\/span> langt af s\u00e9r. \u00cd r\u00f3mverskri list var gorg\u00f3neion \u00e1fram algengt <span class=\"iwg-fachbegriff\" data-tooltip=\"Endurteki\u00f0 inntaksatri\u00f0i \u00ed list e\u00f0a fr\u00e1s\u00f6gn.\" tabindex=\"0\">myndefni<\/span> \u00e1 m\u00f3sa\u00edkverkum, brynjustyttum og skartgripum. Fr\u00e6g er myndin af Med\u00fasuh\u00f6f\u00f0i \u00ed m\u00f3sa\u00edkg\u00f3lfi og h\u00f6fu\u00f0myndin \u00e1 brj\u00f3stbrynju keisarastyttna, sem minnir \u00e1 <em>Aigis<\/em> A\u00feenu og s\u00fdnir valdhafann b\u00e6\u00f0i vernda\u00f0an og \u00f3gnvekjandi \u00ed senn.<\/p><p>\u00c1 endurreisnart\u00edmanum og barokkt\u00edmanum var\u00f0 Med\u00fasa vins\u00e6lt myndefni. Caravaggio m\u00e1la\u00f0i fr\u00e6ga mynd af Med\u00fasuh\u00f6f\u00f0i \u00e1 athafnaskj\u00f6ld, og \u00ed Fl\u00f3rens stendur bronsstytta Benvenuto Cellinis sem s\u00fdnir Perseif me\u00f0 afh\u00f6ggvi\u00f0 h\u00f6fu\u00f0i\u00f0. Listamennirnir h\u00f6f\u00f0u \u00e1huga \u00e1 samspili fegur\u00f0ar og hryllings og \u00e1 augnabliki dau\u00f0ans og umbreytingarinnar.<\/p><p>\u00c1 n\u00fat\u00edmanum hefur Med\u00fasa rata\u00f0 inn \u00ed d\u00e6gurmenningu, b\u00f3kmenntir, kvikmyndir og jafnvel v\u00f6rumerki. H\u00fan birtist sem andst\u00e6\u00f0ingur \u00ed kvikmynda\u00fatg\u00e1fum af Perseifss\u00f6gunni, sem pers\u00f3na \u00ed fantas\u00edub\u00f3kmenntum og sem merki fyrirt\u00e6kja. \u00deessi \u00fatbreidda n\u00e6rvera hefur losa\u00f0 veruna \u00far upprunalegu tr\u00faarlegu samhengi s\u00ednu.<\/p><p>Fyrir tr\u00faarbrag\u00f0afr\u00e6\u00f0ilegan skilning er \u00fev\u00ed mikilv\u00e6gt a\u00f0 taka mi\u00f0 af hinni l\u00f6ngu \u00e1hrifas\u00f6gu en beina athyglinni jafnframt a\u00f0 hinum forna kjarna: steingervandi augnar\u00e1\u00f0i, hetjus\u00f6gu og umfram allt fornu, \u00fatbreiddu verndart\u00e1kni, sem haf\u00f0i \u00fea\u00f0 hlutverk a\u00f0 b\u00e6gja hinu illa fr\u00e1 me\u00f0 sinni eigin skelfilegu \u00e1sj\u00f3nu.<\/p>\t\t\t\t\t\t\t\t<\/div>\n\t\t\t\t<\/div>\n\t\t\t\t\t<\/div>\n\t\t\t\t<\/div>\n\t\t<div class=\"elementor-element elementor-element-36dd7469 e-flex e-con-boxed e-con e-parent\" data-id=\"36dd7469\" data-element_type=\"container\" data-e-type=\"container\">\n\t\t\t\t\t<div class=\"e-con-inner\">\n\t\t\t\t<div class=\"elementor-element elementor-element-13760ab4 elementor-widget elementor-widget-heading\" data-id=\"13760ab4\" data-element_type=\"widget\" data-e-type=\"widget\" data-widget_type=\"heading.default\">\n\t\t\t\t\t<h2 class=\"elementor-heading-title elementor-size-default\">\u00cdtarefni og tenglar<\/h2>\t\t\t\t<\/div>\n\t\t<div class=\"elementor-element elementor-element-28c87796 e-con-full e-flex e-con e-child\" data-id=\"28c87796\" data-element_type=\"container\" data-e-type=\"container\">\n\t\t\t\t<div class=\"elementor-element elementor-element-5d6538df elementor-widget elementor-widget-text-editor\" data-id=\"5d6538df\" data-element_type=\"widget\" data-e-type=\"widget\" data-widget_type=\"text-editor.default\">\n\t\t\t\t\t\t\t\t\t<ul><li><a href=\"https:\/\/iwell-guard.com\/is\/?page_id=168582\">Lamashtu, mes\u00f3p\u00f3tam\u00edsk hli\u00f0st\u00e6\u00f0a hryllings<\/a><\/li><li><a href=\"https:\/\/iwell-guard.com\/is\/?page_id=168584\">Pazuzu, mes\u00f3p\u00f3tam\u00edskur verndar-d&aacute;emon<\/a><\/li><li><a href=\"https:\/\/iwell-guard.com\/is\/?page_id=168594\">Grikkland, yfirlit yfir go\u00f0aheim<\/a><\/li><li><a href=\"https:\/\/iwell-guard.com\/is\/djoflar\/\">D&aacute;emonar, yfirlit yfir flokka<\/a><\/li><\/ul>\t\t\t\t\t\t\t\t<\/div>\n\t\t\t\t<\/div>\n\t\t\t\t\t<\/div>\n\t\t\t\t<\/div>\n\t\t<div class=\"elementor-element elementor-element-grl4kl40 e-flex e-con-boxed e-con e-parent\" data-id=\"grl4kl40\" data-element_type=\"container\" data-e-type=\"container\">\n\t\t\t\t\t<div class=\"e-con-inner\">\n\t\t\t\t<div class=\"elementor-element elementor-element-bzsbfrmh elementor-widget elementor-widget-heading\" data-id=\"bzsbfrmh\" data-element_type=\"widget\" data-e-type=\"widget\" data-widget_type=\"heading.default\">\n\t\t\t\t\t<h2 class=\"elementor-heading-title elementor-size-default\">Heimildir (\u00farval)<\/h2>\t\t\t\t<\/div>\n\t\t<div class=\"elementor-element elementor-element-2c13224a e-con-full e-flex e-con e-child\" data-id=\"2c13224a\" data-element_type=\"container\" data-e-type=\"container\">\n\t\t\t\t<div class=\"elementor-element elementor-element-0eymh9ub elementor-widget elementor-widget-text-editor\" data-id=\"0eymh9ub\" data-element_type=\"widget\" data-e-type=\"widget\" data-widget_type=\"text-editor.default\">\n\t\t\t\t\t\t\t\t\t<footer class=\"iwg-literatur\" data-nosnippet=\"true\"><ul><li><span data-nosnippet>Vernant, Jean-Pierre: <em>La Mort dans les yeux. Figures de l&rsquo;Autre en Gr&egrave;ce ancienne<\/em>. Paris 1985.<\/span><\/li><li><span data-nosnippet>Wilk, Stephen R.: <em>Medusa. Solving the Mystery of the Gorgon<\/em>. Oxford 2000.<\/span><\/li><li>LIMC <em>Lexicon Iconographicum Mythologiae Classicae<\/em>, Bd. IV (Gorgo).<\/li><li>Hesiod: <em>Theogonie<\/em>, V. 270&ndash;281.<\/li><li>Ovid: <em>Metamorphosen<\/em>, IV 765 ff.<\/li><li>Walde, Christine (Hg.): <em>Der Neue Pauly<\/em> (uppsl\u00e1ttaror\u00f0 &bdquo;Medusa&ldquo; &bdquo;Gorgo&ldquo;).<\/li><\/ul><\/footer>\t\t\t\t\t\t\t\t<\/div>\n\t\t\t\t<\/div>\n\t\t\t\t\t<\/div>\n\t\t\t\t<\/div>\n\t\t<div class=\"elementor-element elementor-element-iwgca-medusa-sec e-flex e-con-boxed e-con e-parent\" data-id=\"iwgca-medusa-sec\" data-element_type=\"container\" data-e-type=\"container\" id=\"iwg-ca-medusa\">\n\t\t\t\t\t<div class=\"e-con-inner\">\n\t\t\t\t<div class=\"elementor-element elementor-element-iwgca-medusa-te iwg-ca-textwrap elementor-widget elementor-widget-text-editor\" data-id=\"iwgca-medusa-te\" data-element_type=\"widget\" data-e-type=\"widget\" data-widget_type=\"text-editor.default\">\n\t\t\t\t\t\t\t\t\t<div data-nosnippet=\"true\"><p class=\"iwg-ca-bridge\">Verndarhef\u00f0in sem h\u00e9r er l\u00fdst er v\u00edsindaleg \u00fattekt \u00e1 s\u00f6guhef\u00f0um. iWell Guard tengist \u00feessari menningars\u00f6gulegu hef\u00f0 verndargripa sem borin eru \u00e1 l\u00edkamanum og er n\u00fat\u00edmaleg \u00fatf\u00e6rsla \u00e1 henni. <a href=\"\/ueber-iwell-guard\/?utm_source=iwell-guard.com&#038;utm_medium=text-link&#038;utm_campaign=schadwesen-tradition\">Meira um iWell Guard \u2192<\/a><\/p><\/div>\t\t\t\t\t\t\t\t<\/div>\n\t\t\t\t\t<\/div>\n\t\t\t\t<\/div>\n\t\t\t\t<\/div>\n\t\t","protected":false},"excerpt":{"rendered":"","protected":false},"author":3,"featured_media":1575,"parent":0,"menu_order":0,"comment_status":"closed","ping_status":"closed","template":"elementor_header_footer","meta":{"_yoast_wpseo_focuskw":"Med\u00fasa","_yoast_wpseo_title":"Med\u00fasa \u2013 Gorg\u00f3nin me\u00f0 steinrunna augnar\u00e1\u00f0i\u00f0","_yoast_wpseo_metadesc":"Gorg\u00f3n me\u00f0 sn\u00e1kah\u00e1r og steinruni\u00f0 augnar\u00e1\u00f0, dj\u00f6full \u00far gr\u00edskri go\u00f0afr\u00e6\u00f0i. Perseifur, forbo\u00f0inn m\u00e1ttur, verndargripur.","_yoast_wpseo_meta-robots-noindex":"","_yoast_wpseo_canonical":"","_angie_page":false,"gefaehrdungsstufe":"3","wesen_kultur":"griechenland","wesen_klasse":"daemonen","footnotes":""},"categories":[],"class_list":["post-168840","page","type-page","status-publish","has-post-thumbnail","hentry"],"yoast_head":"<!-- This site is optimized with the Yoast SEO Premium plugin v27.7 (Yoast SEO v28.3) - https:\/\/yoast.com\/product\/yoast-seo-premium-wordpress\/ -->\n<title>Med\u00fasa \u2013 Gorg\u00f3nin me\u00f0 steinrunna augnar\u00e1\u00f0i\u00f0<\/title>\n<meta name=\"description\" content=\"Gorg\u00f3n me\u00f0 sn\u00e1kah\u00e1r og steinruni\u00f0 augnar\u00e1\u00f0, dj\u00f6full \u00far gr\u00edskri go\u00f0afr\u00e6\u00f0i. Perseifur, forbo\u00f0inn m\u00e1ttur, verndargripur.\" \/>\n<meta name=\"robots\" content=\"index, follow, max-snippet:-1, max-image-preview:large, max-video-preview:-1\" \/>\n<link rel=\"canonical\" href=\"https:\/\/iwell-guard.com\/is\/medusa\/\" \/>\n<meta property=\"og:locale\" content=\"is_IS\" \/>\n<meta property=\"og:type\" content=\"article\" \/>\n<meta property=\"og:title\" content=\"Med\u00fasa\" \/>\n<meta property=\"og:description\" content=\"Gorg\u00f3n me\u00f0 sn\u00e1kah\u00e1r og steinruni\u00f0 augnar\u00e1\u00f0, dj\u00f6full \u00far gr\u00edskri go\u00f0afr\u00e6\u00f0i. Perseifur, forbo\u00f0inn m\u00e1ttur, verndargripur.\" \/>\n<meta property=\"og:url\" content=\"https:\/\/iwell-guard.com\/is\/medusa\/\" \/>\n<meta property=\"og:site_name\" content=\"iWell Guard\" \/>\n<meta property=\"article:modified_time\" content=\"2026-09-05T14:20:49+00:00\" \/>\n<meta property=\"og:image\" content=\"https:\/\/iwell-guard.com\/wp-content\/uploads\/2026\/04\/daemonen_griechenland_medusa.webp\" \/>\n\t<meta property=\"og:image:width\" content=\"1024\" \/>\n\t<meta property=\"og:image:height\" content=\"1536\" \/>\n\t<meta property=\"og:image:type\" content=\"image\/webp\" \/>\n<meta name=\"twitter:card\" content=\"summary_large_image\" \/>\n<script type=\"application\/ld+json\" class=\"yoast-schema-graph\">{\"@context\":\"https:\\\/\\\/schema.org\",\"@graph\":[{\"@type\":\"WebPage\",\"@id\":\"https:\\\/\\\/iwell-guard.com\\\/is\\\/medusa\\\/\",\"url\":\"https:\\\/\\\/iwell-guard.com\\\/is\\\/medusa\\\/\",\"name\":\"Med\u00fasa \u2013 Gorg\u00f3nin me\u00f0 steinrunna augnar\u00e1\u00f0i\u00f0\",\"isPartOf\":{\"@id\":\"https:\\\/\\\/iwell-guard.com\\\/is\\\/#website\"},\"primaryImageOfPage\":{\"@id\":\"https:\\\/\\\/iwell-guard.com\\\/is\\\/medusa\\\/#primaryimage\"},\"image\":{\"@id\":\"https:\\\/\\\/iwell-guard.com\\\/is\\\/medusa\\\/#primaryimage\"},\"thumbnailUrl\":\"https:\\\/\\\/iwell-guard.com\\\/wp-content\\\/uploads\\\/2026\\\/04\\\/daemonen_griechenland_medusa.webp\",\"datePublished\":\"2026-09-05T14:03:25+00:00\",\"dateModified\":\"2026-09-05T14:20:49+00:00\",\"description\":\"Gorg\u00f3n me\u00f0 sn\u00e1kah\u00e1r og steinruni\u00f0 augnar\u00e1\u00f0, dj\u00f6full \u00far gr\u00edskri go\u00f0afr\u00e6\u00f0i. Perseifur, forbo\u00f0inn m\u00e1ttur, verndargripur.\",\"breadcrumb\":{\"@id\":\"https:\\\/\\\/iwell-guard.com\\\/is\\\/medusa\\\/#breadcrumb\"},\"inLanguage\":\"is\",\"potentialAction\":[{\"@type\":\"ReadAction\",\"target\":[\"https:\\\/\\\/iwell-guard.com\\\/is\\\/medusa\\\/\"]}]},{\"@type\":\"ImageObject\",\"inLanguage\":\"is\",\"@id\":\"https:\\\/\\\/iwell-guard.com\\\/is\\\/medusa\\\/#primaryimage\",\"url\":\"https:\\\/\\\/iwell-guard.com\\\/wp-content\\\/uploads\\\/2026\\\/04\\\/daemonen_griechenland_medusa.webp\",\"contentUrl\":\"https:\\\/\\\/iwell-guard.com\\\/wp-content\\\/uploads\\\/2026\\\/04\\\/daemonen_griechenland_medusa.webp\",\"width\":1024,\"height\":1536,\"caption\":\"Dj\u00f6flar \u00far gr\u00edskri hef\u00f0.\"},{\"@type\":\"BreadcrumbList\",\"@id\":\"https:\\\/\\\/iwell-guard.com\\\/is\\\/medusa\\\/#breadcrumb\",\"itemListElement\":[{\"@type\":\"ListItem\",\"position\":1,\"name\":\"Start\",\"item\":\"https:\\\/\\\/iwell-guard.com\\\/is\\\/?page_id=168580\"},{\"@type\":\"ListItem\",\"position\":2,\"name\":\"Med\u00fasa\"}]},{\"@type\":\"WebSite\",\"@id\":\"https:\\\/\\\/iwell-guard.com\\\/is\\\/#website\",\"url\":\"https:\\\/\\\/iwell-guard.com\\\/is\\\/\",\"name\":\"iWell Guard\",\"description\":\"Schutz vor dunklen Einfl\u00fcssen\",\"publisher\":{\"@id\":\"https:\\\/\\\/iwell-guard.com\\\/is\\\/#organization\"},\"potentialAction\":[{\"@type\":\"SearchAction\",\"target\":{\"@type\":\"EntryPoint\",\"urlTemplate\":\"https:\\\/\\\/iwell-guard.com\\\/is\\\/?s={search_term_string}\"},\"query-input\":{\"@type\":\"PropertyValueSpecification\",\"valueRequired\":true,\"valueName\":\"search_term_string\"}}],\"inLanguage\":\"is\"},{\"@type\":\"Organization\",\"@id\":\"https:\\\/\\\/iwell-guard.com\\\/is\\\/#organization\",\"name\":\"Ittermann electronic GmbH\",\"url\":\"https:\\\/\\\/iwell-guard.com\\\/is\\\/\",\"logo\":{\"@type\":\"ImageObject\",\"inLanguage\":\"is\",\"@id\":\"https:\\\/\\\/iwell-guard.com\\\/is\\\/#\\\/schema\\\/logo\\\/image\\\/\",\"url\":\"https:\\\/\\\/iwell-guard.com\\\/wp-content\\\/uploads\\\/2026\\\/05\\\/Ittermann-Logo-1182x237-1.png\",\"contentUrl\":\"https:\\\/\\\/iwell-guard.com\\\/wp-content\\\/uploads\\\/2026\\\/05\\\/Ittermann-Logo-1182x237-1.png\",\"width\":1182,\"height\":237,\"caption\":\"Ittermann electronic GmbH\"},\"image\":{\"@id\":\"https:\\\/\\\/iwell-guard.com\\\/is\\\/#\\\/schema\\\/logo\\\/image\\\/\"},\"sameAs\":[\"https:\\\/\\\/pantip.com\\\/profile\\\/9367242\",\"https:\\\/\\\/micro.blog\\\/iwellguard\",\"https:\\\/\\\/www.diggerslist.com\\\/iwellguard\\\/about\",\"https:\\\/\\\/skitterphoto.com\\\/photographers\\\/2870314\\\/iwell-guard\",\"https:\\\/\\\/iwellguard.wordpress.com\\\/2026\\\/06\\\/06\\\/iwell-guard\\\/\",\"https:\\\/\\\/hub.docker.com\\\/u\\\/iwellguard\",\"https:\\\/\\\/www.pinterest.com\\\/iwellguard\\\/\",\"https:\\\/\\\/bit.ly\\\/m\\\/iwellguard\",\"https:\\\/\\\/entre-vos-mains.alsace.eu\\\/profiles\\\/iwellguard\\\/activity\",\"https:\\\/\\\/gravatar.com\\\/reallybeded8fd34\",\"https:\\\/\\\/naijamatta.com\\\/iwellguard\",\"https:\\\/\\\/www.goodreads.com\\\/iwellguard\",\"https:\\\/\\\/profile.hatena.ne.jp\\\/iwellguard\\\/\",\"https:\\\/\\\/experiment.com\\\/users\\\/iwellguard\",\"https:\\\/\\\/wakelet.com\\\/@iWellGuard82270\",\"https:\\\/\\\/www.chordie.com\\\/forum\\\/profile.php?id=2555664\",\"https:\\\/\\\/www.instapaper.com\\\/p\\\/17757966\",\"https:\\\/\\\/www.mapleprimes.com\\\/users\\\/iwellguard\",\"https:\\\/\\\/businesslistingplus.com\\\/profile\\\/iwell-guard\\\/\",\"https:\\\/\\\/telegra.ph\\\/iWell-Guard-06-06\",\"https:\\\/\\\/pbase.com\\\/iwellguard\\\/iwellguard\",\"https:\\\/\\\/b.hatena.ne.jp\\\/iwellguard\\\/20260607#bookmark-4788405196491818882\",\"https:\\\/\\\/fliphtml5.com\\\/home\\\/iwellguard\",\"https:\\\/\\\/anyflip.com\\\/homepage\\\/cmiwl#About\",\"https:\\\/\\\/transfur.com\\\/Users\\\/iwellguard\",\"http:\\\/\\\/delphi.larsbo.org\\\/user\\\/iwellguard\",\"https:\\\/\\\/jobs.lajobsportal.org\\\/profiles\\\/8380803-iwell-guard\",\"https:\\\/\\\/md.chaosdorf.de\\\/s\\\/jfbe5SBdJD\",\"https:\\\/\\\/www.lingvolive.com\\\/en-us\\\/profile\\\/9ecaeaca-ce11-4e51-9e71-01d55e2bff36\\\/translations\",\"https:\\\/\\\/www.fitday.com\\\/fitness\\\/forums\\\/members\\\/iwellguard.html\",\"https:\\\/\\\/www.mymeetbook.com\\\/iwellguard\",\"https:\\\/\\\/pxhere.com\\\/en\\\/photographer-me\\\/5040798\",\"https:\\\/\\\/disqus.com\\\/by\\\/iwellguard\\\/about\\\/\",\"https:\\\/\\\/pastelink.net\\\/hjwciqwq\",\"https:\\\/\\\/pubhtml5.com\\\/homepage\\\/scjhn\\\/\",\"https:\\\/\\\/www.bitchute.com\\\/channel\\\/2O2eOKzNqujT\",\"https:\\\/\\\/audiomack.com\\\/iwellguard\"]},{\"@type\":\"Article\",\"@id\":\"https:\\\/\\\/iwell-guard.com\\\/is\\\/medusa\\\/#article\",\"isPartOf\":{\"@id\":\"https:\\\/\\\/iwell-guard.com\\\/is\\\/medusa\\\/\"},\"author\":{\"name\":\"Ralf Ittermann\",\"@id\":\"https:\\\/\\\/iwell-guard.com\\\/is\\\/#\\\/schema\\\/person\\\/ee2a27f1cac3406c7c6fb5820cb7349f\"},\"headline\":\"Med\u00fasa\",\"datePublished\":\"2026-09-05T14:03:25+00:00\",\"dateModified\":\"2026-09-05T14:20:49+00:00\",\"mainEntityOfPage\":{\"@id\":\"https:\\\/\\\/iwell-guard.com\\\/is\\\/medusa\\\/\"},\"publisher\":{\"@id\":\"https:\\\/\\\/iwell-guard.com\\\/is\\\/#organization\"},\"image\":{\"@id\":\"https:\\\/\\\/iwell-guard.com\\\/is\\\/medusa\\\/#primaryimage\"},\"thumbnailUrl\":\"https:\\\/\\\/iwell-guard.com\\\/wp-content\\\/uploads\\\/2026\\\/04\\\/daemonen_griechenland_medusa.webp\",\"inLanguage\":\"is\",\"description\":\"Gorg\u00f3n me\u00f0 sn\u00e1kah\u00e1r og steinruni\u00f0 augnar\u00e1\u00f0, dj\u00f6full \u00far gr\u00edskri go\u00f0afr\u00e6\u00f0i. Perseifur, forbo\u00f0inn m\u00e1ttur, verndargripur.\"}]}<\/script>\n<!-- \/ Yoast SEO Premium plugin. -->","yoast_head_json":{"title":"Med\u00fasa \u2013 Gorg\u00f3nin me\u00f0 steinrunna augnar\u00e1\u00f0i\u00f0","description":"Gorg\u00f3n me\u00f0 sn\u00e1kah\u00e1r og steinruni\u00f0 augnar\u00e1\u00f0, dj\u00f6full \u00far gr\u00edskri go\u00f0afr\u00e6\u00f0i. Perseifur, forbo\u00f0inn m\u00e1ttur, verndargripur.","robots":{"index":"index","follow":"follow","max-snippet":"max-snippet:-1","max-image-preview":"max-image-preview:large","max-video-preview":"max-video-preview:-1"},"canonical":"https:\/\/iwell-guard.com\/is\/medusa\/","og_locale":"is_IS","og_type":"article","og_title":"Med\u00fasa","og_description":"Gorg\u00f3n me\u00f0 sn\u00e1kah\u00e1r og steinruni\u00f0 augnar\u00e1\u00f0, dj\u00f6full \u00far gr\u00edskri go\u00f0afr\u00e6\u00f0i. Perseifur, forbo\u00f0inn m\u00e1ttur, verndargripur.","og_url":"https:\/\/iwell-guard.com\/is\/medusa\/","og_site_name":"iWell Guard","article_modified_time":"2026-09-05T14:20:49+00:00","og_image":[{"width":1024,"height":1536,"url":"https:\/\/iwell-guard.com\/wp-content\/uploads\/2026\/04\/daemonen_griechenland_medusa.webp","type":"image\/webp"}],"twitter_card":"summary_large_image","schema":{"@context":"https:\/\/schema.org","@graph":[{"@type":"Article","@id":"https:\/\/iwell-guard.com\/is\/medusa\/#article","isPartOf":{"@id":"https:\/\/iwell-guard.com\/is\/medusa\/"},"author":{"name":"Ralf Ittermann","@id":"https:\/\/iwell-guard.com\/is\/#\/schema\/person\/ee2a27f1cac3406c7c6fb5820cb7349f"},"headline":"Med\u00fasa","datePublished":"2026-09-05T14:03:25+00:00","dateModified":"2026-09-05T14:20:49+00:00","mainEntityOfPage":{"@id":"https:\/\/iwell-guard.com\/is\/medusa\/"},"publisher":{"@id":"https:\/\/iwell-guard.com\/is\/#organization"},"image":{"@id":"https:\/\/iwell-guard.com\/is\/medusa\/#primaryimage"},"thumbnailUrl":"https:\/\/iwell-guard.com\/wp-content\/uploads\/2026\/04\/daemonen_griechenland_medusa.webp","inLanguage":"is","description":"Gorg\u00f3n me\u00f0 sn\u00e1kah\u00e1r og steinruni\u00f0 augnar\u00e1\u00f0, dj\u00f6full \u00far gr\u00edskri go\u00f0afr\u00e6\u00f0i. Perseifur, forbo\u00f0inn m\u00e1ttur, verndargripur."},{"@type":"WebPage","@id":"https:\/\/iwell-guard.com\/is\/medusa\/","url":"https:\/\/iwell-guard.com\/is\/medusa\/","name":"Med\u00fasa \u2013 Gorg\u00f3nin me\u00f0 steinrunna augnar\u00e1\u00f0i\u00f0","isPartOf":{"@id":"https:\/\/iwell-guard.com\/is\/#website"},"primaryImageOfPage":{"@id":"https:\/\/iwell-guard.com\/is\/medusa\/#primaryimage"},"image":{"@id":"https:\/\/iwell-guard.com\/is\/medusa\/#primaryimage"},"thumbnailUrl":"https:\/\/iwell-guard.com\/wp-content\/uploads\/2026\/04\/daemonen_griechenland_medusa.webp","datePublished":"2026-09-05T14:03:25+00:00","dateModified":"2026-09-05T14:20:49+00:00","description":"Gorg\u00f3n me\u00f0 sn\u00e1kah\u00e1r og steinruni\u00f0 augnar\u00e1\u00f0, dj\u00f6full \u00far gr\u00edskri go\u00f0afr\u00e6\u00f0i. Perseifur, forbo\u00f0inn m\u00e1ttur, verndargripur.","breadcrumb":{"@id":"https:\/\/iwell-guard.com\/is\/medusa\/#breadcrumb"},"inLanguage":"is","potentialAction":[{"@type":"ReadAction","target":["https:\/\/iwell-guard.com\/is\/medusa\/"]}]},{"@type":"ImageObject","inLanguage":"is","@id":"https:\/\/iwell-guard.com\/is\/medusa\/#primaryimage","url":"https:\/\/iwell-guard.com\/wp-content\/uploads\/2026\/04\/daemonen_griechenland_medusa.webp","contentUrl":"https:\/\/iwell-guard.com\/wp-content\/uploads\/2026\/04\/daemonen_griechenland_medusa.webp","width":1024,"height":1536,"caption":"Dj\u00f6flar \u00far gr\u00edskri hef\u00f0."},{"@type":"BreadcrumbList","@id":"https:\/\/iwell-guard.com\/is\/medusa\/#breadcrumb","itemListElement":[{"@type":"ListItem","position":1,"name":"Start","item":"https:\/\/iwell-guard.com\/is\/?page_id=168580"},{"@type":"ListItem","position":2,"name":"Med\u00fasa"}]},{"@type":"WebSite","@id":"https:\/\/iwell-guard.com\/is\/#website","url":"https:\/\/iwell-guard.com\/is\/","name":"iWell Guard","description":"Schutz vor dunklen Einfl\u00fcssen","publisher":{"@id":"https:\/\/iwell-guard.com\/is\/#organization"},"potentialAction":[{"@type":"SearchAction","target":{"@type":"EntryPoint","urlTemplate":"https:\/\/iwell-guard.com\/is\/?s={search_term_string}"},"query-input":{"@type":"PropertyValueSpecification","valueRequired":true,"valueName":"search_term_string"}}],"inLanguage":"is"},{"@type":"Organization","@id":"https:\/\/iwell-guard.com\/is\/#organization","name":"Ittermann electronic GmbH","url":"https:\/\/iwell-guard.com\/is\/","logo":{"@type":"ImageObject","inLanguage":"is","@id":"https:\/\/iwell-guard.com\/is\/#\/schema\/logo\/image\/","url":"https:\/\/iwell-guard.com\/wp-content\/uploads\/2026\/05\/Ittermann-Logo-1182x237-1.png","contentUrl":"https:\/\/iwell-guard.com\/wp-content\/uploads\/2026\/05\/Ittermann-Logo-1182x237-1.png","width":1182,"height":237,"caption":"Ittermann electronic GmbH"},"image":{"@id":"https:\/\/iwell-guard.com\/is\/#\/schema\/logo\/image\/"},"sameAs":["https:\/\/pantip.com\/profile\/9367242","https:\/\/micro.blog\/iwellguard","https:\/\/www.diggerslist.com\/iwellguard\/about","https:\/\/skitterphoto.com\/photographers\/2870314\/iwell-guard","https:\/\/iwellguard.wordpress.com\/2026\/06\/06\/iwell-guard\/","https:\/\/hub.docker.com\/u\/iwellguard","https:\/\/www.pinterest.com\/iwellguard\/","https:\/\/bit.ly\/m\/iwellguard","https:\/\/entre-vos-mains.alsace.eu\/profiles\/iwellguard\/activity","https:\/\/gravatar.com\/reallybeded8fd34","https:\/\/naijamatta.com\/iwellguard","https:\/\/www.goodreads.com\/iwellguard","https:\/\/profile.hatena.ne.jp\/iwellguard\/","https:\/\/experiment.com\/users\/iwellguard","https:\/\/wakelet.com\/@iWellGuard82270","https:\/\/www.chordie.com\/forum\/profile.php?id=2555664","https:\/\/www.instapaper.com\/p\/17757966","https:\/\/www.mapleprimes.com\/users\/iwellguard","https:\/\/businesslistingplus.com\/profile\/iwell-guard\/","https:\/\/telegra.ph\/iWell-Guard-06-06","https:\/\/pbase.com\/iwellguard\/iwellguard","https:\/\/b.hatena.ne.jp\/iwellguard\/20260607#bookmark-4788405196491818882","https:\/\/fliphtml5.com\/home\/iwellguard","https:\/\/anyflip.com\/homepage\/cmiwl#About","https:\/\/transfur.com\/Users\/iwellguard","http:\/\/delphi.larsbo.org\/user\/iwellguard","https:\/\/jobs.lajobsportal.org\/profiles\/8380803-iwell-guard","https:\/\/md.chaosdorf.de\/s\/jfbe5SBdJD","https:\/\/www.lingvolive.com\/en-us\/profile\/9ecaeaca-ce11-4e51-9e71-01d55e2bff36\/translations","https:\/\/www.fitday.com\/fitness\/forums\/members\/iwellguard.html","https:\/\/www.mymeetbook.com\/iwellguard","https:\/\/pxhere.com\/en\/photographer-me\/5040798","https:\/\/disqus.com\/by\/iwellguard\/about\/","https:\/\/pastelink.net\/hjwciqwq","https:\/\/pubhtml5.com\/homepage\/scjhn\/","https:\/\/www.bitchute.com\/channel\/2O2eOKzNqujT","https:\/\/audiomack.com\/iwellguard"]},{"@type":"Person","@id":"https:\/\/iwell-guard.com\/is\/#\/schema\/person\/ee2a27f1cac3406c7c6fb5820cb7349f","name":"Ralf Ittermann","image":{"@type":"ImageObject","inLanguage":"is","@id":"https:\/\/secure.gravatar.com\/avatar\/073c0153e350a5005b68eb752b445fea71f6b24a26da9449ad7e155e6b446c9d?s=96&d=mm&r=g","url":"https:\/\/secure.gravatar.com\/avatar\/073c0153e350a5005b68eb752b445fea71f6b24a26da9449ad7e155e6b446c9d?s=96&d=mm&r=g","contentUrl":"https:\/\/secure.gravatar.com\/avatar\/073c0153e350a5005b68eb752b445fea71f6b24a26da9449ad7e155e6b446c9d?s=96&d=mm&r=g","caption":"Ralf Ittermann"},"givenName":"Ralf","familyName":"Ittermann","jobTitle":"Gesch\u00e4ftsf\u00fchrer und redaktioneller Verantwortlicher","url":"https:\/\/iwell-guard.com\/is\/author\/claude\/","description":"Ralf Ittermann ist Gesch\u00e4ftsf\u00fchrer der Ittermann electronic GmbH und redaktioneller Verantwortlicher des iWell-Guard-Lexikons. Er verbindet langj\u00e4hrige Erfahrung in der Pr\u00e4zisionsfertigung mit medialer Praxis und religionsgeschichtlicher Quellenarbeit.","worksFor":{"@type":"Organization","name":"Ittermann electronic GmbH","url":"https:\/\/ittermann.de\/","address":{"@type":"PostalAddress","streetAddress":"K\u00f6hlergasse 16-18","postalCode":"99842","addressLocality":"Ruhla","addressCountry":"DE"}},"knowsAbout":["Religionsgeschichte","Mythologie","Mediale Praxis","Energetische Diagnostik","Schutzpraxis","Volksglauben","Westliche Esoterik"]},{"@type":"Article","@id":"https:\/\/iwell-guard.com\/is\/medusa\/#article","isPartOf":{"@id":"https:\/\/iwell-guard.com\/is\/medusa\/"},"author":{"name":"Ralf Ittermann","@id":"https:\/\/iwell-guard.com\/is\/#\/schema\/person\/ee2a27f1cac3406c7c6fb5820cb7349f"},"headline":"Med\u00fasa","datePublished":"2026-09-05T14:03:25+00:00","dateModified":"2026-09-05T14:20:49+00:00","mainEntityOfPage":{"@id":"https:\/\/iwell-guard.com\/is\/medusa\/"},"publisher":{"@id":"https:\/\/iwell-guard.com\/is\/#organization"},"image":{"@id":"https:\/\/iwell-guard.com\/is\/medusa\/#primaryimage"},"thumbnailUrl":"https:\/\/iwell-guard.com\/wp-content\/uploads\/2026\/04\/daemonen_griechenland_medusa.webp","inLanguage":"is","description":"Gorg\u00f3n me\u00f0 sn\u00e1kah\u00e1r og steinruni\u00f0 augnar\u00e1\u00f0, dj\u00f6full \u00far gr\u00edskri go\u00f0afr\u00e6\u00f0i. Perseifur, forbo\u00f0inn m\u00e1ttur, verndargripur."}]}},"_links":{"self":[{"href":"https:\/\/iwell-guard.com\/is\/wp-json\/wp\/v2\/pages\/168840","targetHints":{"allow":["GET"]}}],"collection":[{"href":"https:\/\/iwell-guard.com\/is\/wp-json\/wp\/v2\/pages"}],"about":[{"href":"https:\/\/iwell-guard.com\/is\/wp-json\/wp\/v2\/types\/page"}],"author":[{"embeddable":true,"href":"https:\/\/iwell-guard.com\/is\/wp-json\/wp\/v2\/users\/3"}],"replies":[{"embeddable":true,"href":"https:\/\/iwell-guard.com\/is\/wp-json\/wp\/v2\/comments?post=168840"}],"version-history":[{"count":0,"href":"https:\/\/iwell-guard.com\/is\/wp-json\/wp\/v2\/pages\/168840\/revisions"}],"wp:featuredmedia":[{"embeddable":true,"href":"https:\/\/iwell-guard.com\/is\/wp-json\/wp\/v2\/media\/1575"}],"wp:attachment":[{"href":"https:\/\/iwell-guard.com\/is\/wp-json\/wp\/v2\/media?parent=168840"}],"wp:term":[{"taxonomy":"category","embeddable":true,"href":"https:\/\/iwell-guard.com\/is\/wp-json\/wp\/v2\/categories?post=168840"}],"curies":[{"name":"wp","href":"https:\/\/api.w.org\/{rel}","templated":true}]}}