{"id":168839,"date":"2026-09-05T14:03:25","date_gmt":"2026-09-05T14:03:25","guid":{"rendered":"https:\/\/iwell-guard.com\/?page_id=168839"},"modified":"2026-09-05T14:20:49","modified_gmt":"2026-09-05T14:20:49","slug":"jibril","status":"publish","type":"page","link":"https:\/\/iwell-guard.com\/is\/jibril\/","title":{"rendered":"Jibril"},"content":{"rendered":"\t\t<div data-elementor-type=\"wp-page\" data-elementor-id=\"168839\" class=\"elementor elementor-168839 elementor-2141 elementor-bc-flex-widget\" data-elementor-post-type=\"page\">\n\t\t\t\t<div class=\"elementor-element elementor-element-10fdade e-flex e-con-boxed e-con e-parent\" data-id=\"10fdade\" data-element_type=\"container\" data-e-type=\"container\" data-settings=\"{&quot;background_background&quot;:&quot;classic&quot;}\">\n\t\t\t\t\t<div class=\"e-con-inner\">\n\t\t<div class=\"elementor-element elementor-element-herohlft0 e-flex e-con-boxed e-con e-child\" data-id=\"herohlft0\" data-element_type=\"container\" data-e-type=\"container\">\n\t\t\t\t\t<div class=\"e-con-inner\">\n\t\t<div class=\"elementor-element elementor-element-c3ceb64 e-con-full e-flex e-con e-child\" data-id=\"c3ceb64\" data-element_type=\"container\" data-e-type=\"container\">\n\t\t\t\t<div class=\"elementor-element elementor-element-96ae5e1 elementor-widget elementor-widget-heading\" data-id=\"96ae5e1\" data-element_type=\"widget\" data-e-type=\"widget\" data-widget_type=\"heading.default\">\n\t\t\t\t\t<h1 class=\"elementor-heading-title elementor-size-default\">Jibril, gu\u00f0 \u00edslamskrar hef\u00f0ar<\/h1>\t\t\t\t<\/div>\n\t\t\t\t<div class=\"elementor-element elementor-element-e45238a elementor-widget elementor-widget-text-editor\" data-id=\"e45238a\" data-element_type=\"widget\" data-e-type=\"widget\" data-widget_type=\"text-editor.default\">\n\t\t\t\t\t\t\t\t\t<p>Jibril er erkiengilsvera \u00edslamskrar hef\u00f0ar, opinberunar<span class=\"iwg-fachbegriff\" data-tooltip=\"\u00cd abraham\u00edskum tr\u00faarbr\u00f6g\u00f0um himnesk sendivera Gu\u00f0s.\" tabindex=\"0\">engill<\/span> K\u00f3ransins og milllig\u00f6nguma\u00f0ur milli Allah og sp\u00e1manna. Tr\u00faarfr\u00e6\u00f0ilegt v\u00e6gi hans felst \u00ed \u00fev\u00ed a\u00f0 hann er \u00edmynd gu\u00f0legs bo\u00f0skapar (Wahy), \u00ed beinum tengslum milli hins yfirskilvitlega og s\u00f6gunnar, og \u00ed k\u00f3ran\u00edskri <span class=\"iwg-fachbegriff\" data-tooltip=\"V\u00edsindaleg fr\u00e6\u00f0i um Gu\u00f0 og tr\u00fa tiltekinnar tr\u00faarbrag\u00f0a.\" tabindex=\"0\">gu\u00f0fr\u00e6\u00f0i<\/span> sem s\u00e1 himneski sendibo\u00f0i Allah er nj\u00f3ta mests trausts.<\/p>\t\t\t\t\t\t\t\t<\/div>\n\t\t\t\t<\/div>\n\t\t<div class=\"elementor-element elementor-element-klsbdg01 e-con-full e-flex e-con e-parent\" data-id=\"klsbdg01\" data-element_type=\"container\" data-e-type=\"container\">\n\t\t\t\t<div class=\"elementor-element elementor-element-klshtm01 elementor-widget elementor-widget-html\" data-id=\"klshtm01\" data-element_type=\"widget\" data-e-type=\"widget\" data-widget_type=\"html.default\">\n\t\t\t\t\t<div class=\"iwg-pill-row\"><span class=\"iwg-klasse-badge\" tabindex=\"0\" data-tooltip=\"Lj\u00f3sverur: Uppl\u00fdstar, verndandi e\u00f0a kennandi verur, erkienglar, uppstigningarmeistarar, lj\u00f3sar n\u00e1tt\u00faruverur. \u00cd n\u00fdrri og eldri andlegum hef\u00f0um l\u00fdst sem hj\u00e1lpar- og kennaraverur.\">Lj\u00f3svera<\/span><a href=\"https:\/\/iwell-guard.com\/is\/?page_id=168613\" class=\"iwg-kultur-badge\" tabindex=\"0\" data-tooltip=\"\u00cdslamskur tr\u00faarheimur me\u00f0 erkienglum, djinnum og tr\u00faarlegum verum.\">\u00cdslam<\/a><span class=\"iwg-tradition-badge\" tabindex=\"0\" data-tooltip=\"Erkiengill, h\u00e6sta engladeild \u00ed hef\u00f0 Gy\u00f0inga, kristinna og m\u00faslima.\">Erkiengill<\/span><\/div>\t\t\t\t<\/div>\n\t\t\t\t<\/div>\n\t\t<div class=\"elementor-element elementor-element-3f74855 e-con-full e-flex e-con e-child\" data-id=\"3f74855\" data-element_type=\"container\" data-e-type=\"container\">\n\t\t\t\t<div class=\"elementor-element elementor-element-1c30362 elementor-toc--minimized-on-tablet elementor-widget elementor-widget-table-of-contents\" data-id=\"1c30362\" data-element_type=\"widget\" data-e-type=\"widget\" data-settings=\"{&quot;exclude_headings_by_selector&quot;:[],&quot;no_headings_message&quot;:&quot;Engar undirfyrirsagnir fundust \\u00e1 \\u00feessari s\\u00ed\\u00f0u.&quot;,&quot;headings_by_tags&quot;:[&quot;h2&quot;,&quot;h3&quot;],&quot;marker_view&quot;:&quot;bullets&quot;,&quot;minimize_box&quot;:&quot;yes&quot;,&quot;icon&quot;:{&quot;value&quot;:&quot;fas fa-circle&quot;,&quot;library&quot;:&quot;fa-solid&quot;,&quot;rendered_tag&quot;:&quot;&lt;svg class=\\&quot;e-font-icon-svg e-fas-circle\\&quot; viewBox=\\&quot;0 0 512 512\\&quot; xmlns=\\&quot;http:\\\/\\\/www.w3.org\\\/2000\\\/svg\\&quot;&gt;&lt;path d=\\&quot;M256 8C119 8 8 119 8 256s111 248 248 248 248-111 248-248S393 8 256 8z\\&quot;&gt;&lt;\\\/path&gt;&lt;\\\/svg&gt;&quot;},&quot;minimized_on&quot;:&quot;tablet&quot;,&quot;hierarchical_view&quot;:&quot;yes&quot;,&quot;min_height&quot;:{&quot;unit&quot;:&quot;px&quot;,&quot;size&quot;:&quot;&quot;,&quot;sizes&quot;:[]},&quot;min_height_tablet&quot;:{&quot;unit&quot;:&quot;px&quot;,&quot;size&quot;:&quot;&quot;,&quot;sizes&quot;:[]},&quot;min_height_mobile&quot;:{&quot;unit&quot;:&quot;px&quot;,&quot;size&quot;:&quot;&quot;,&quot;sizes&quot;:[]}}\" data-widget_type=\"table-of-contents.default\">\n\t\t\t\t\t\t\t\t\t<div class=\"elementor-toc__header\">\n\t\t\t\t\t\t<h2 class=\"elementor-toc__header-title\">\n\t\t\t\tEfnisyfirlit\t\t\t<\/h2>\n\t\t\t\t\t\t\t\t\t\t<div class=\"elementor-toc__toggle-button elementor-toc__toggle-button--expand\" role=\"button\" tabindex=\"0\" aria-controls=\"elementor-toc__1c30362\" aria-expanded=\"true\" aria-label=\"Open table of contents\"><svg aria-hidden=\"true\" class=\"e-font-icon-svg e-fas-chevron-down\" viewBox=\"0 0 448 512\" xmlns=\"http:\/\/www.w3.org\/2000\/svg\"><path d=\"M207.029 381.476L12.686 187.132c-9.373-9.373-9.373-24.569 0-33.941l22.667-22.667c9.357-9.357 24.522-9.375 33.901-.04L224 284.505l154.745-154.021c9.379-9.335 24.544-9.317 33.901.04l22.667 22.667c9.373 9.373 9.373 24.569 0 33.941L240.971 381.476c-9.373 9.372-24.569 9.372-33.942 0z\"><\/path><\/svg><\/div>\n\t\t\t\t<div class=\"elementor-toc__toggle-button elementor-toc__toggle-button--collapse\" role=\"button\" tabindex=\"0\" aria-controls=\"elementor-toc__1c30362\" aria-expanded=\"true\" aria-label=\"Close table of contents\"><svg aria-hidden=\"true\" class=\"e-font-icon-svg e-fas-chevron-up\" viewBox=\"0 0 448 512\" xmlns=\"http:\/\/www.w3.org\/2000\/svg\"><path d=\"M240.971 130.524l194.343 194.343c9.373 9.373 9.373 24.569 0 33.941l-22.667 22.667c-9.357 9.357-24.522 9.375-33.901.04L224 227.495 69.255 381.516c-9.379 9.335-24.544 9.317-33.901-.04l-22.667-22.667c-9.373-9.373-9.373-24.569 0-33.941L207.03 130.525c9.372-9.373 24.568-9.373 33.941-.001z\"><\/path><\/svg><\/div>\n\t\t\t\t\t<\/div>\n\t\t\t\t<div id=\"elementor-toc__1c30362\" class=\"elementor-toc__body\">\n\t\t\t<div class=\"elementor-toc__spinner-container\">\n\t\t\t\t<svg class=\"elementor-toc__spinner eicon-animation-spin e-font-icon-svg e-eicon-loading\" aria-hidden=\"true\" viewBox=\"0 0 1000 1000\" xmlns=\"http:\/\/www.w3.org\/2000\/svg\"><path d=\"M500 975V858C696 858 858 696 858 500S696 142 500 142 142 304 142 500H25C25 237 238 25 500 25S975 237 975 500 763 975 500 975Z\"><\/path><\/svg>\t\t\t<\/div>\n\t\t<\/div>\n\t\t\t\t\t\t<\/div>\n\t\t\t\t<\/div>\n\t\t\t\t\t<\/div>\n\t\t\t\t<\/div>\n\t\t<div class=\"elementor-element elementor-element-herorght0 e-con-full e-flex e-con e-child\" data-id=\"herorght0\" data-element_type=\"container\" data-e-type=\"container\">\n\t\t\t\t<div class=\"elementor-element elementor-element-heroimg00 iwg-hero-image elementor-widget elementor-widget-image\" data-id=\"heroimg00\" data-element_type=\"widget\" data-e-type=\"widget\" data-widget_type=\"image.default\">\n\t\t\t\t\t\t\t\t\t\t\t\t\t\t\t<img fetchpriority=\"high\" decoding=\"async\" width=\"683\" height=\"1024\" src=\"https:\/\/iwell-guard.com\/wp-content\/uploads\/2026\/04\/goetter_islam_jibril-683x1024.webp\" class=\"attachment-large size-large wp-image-171104\" alt=\"Jibril - Gu\u00f0ir \u00far \u00edslamskri hef\u00f0, s\u00f6gulega myndskreytt\" srcset=\"https:\/\/iwell-guard.com\/wp-content\/uploads\/2026\/04\/goetter_islam_jibril-683x1024.webp 683w, https:\/\/iwell-guard.com\/wp-content\/uploads\/2026\/04\/goetter_islam_jibril-200x300.webp 200w, https:\/\/iwell-guard.com\/wp-content\/uploads\/2026\/04\/goetter_islam_jibril-768x1152.webp 768w, https:\/\/iwell-guard.com\/wp-content\/uploads\/2026\/04\/goetter_islam_jibril.webp 1024w\" sizes=\"(max-width: 683px) 100vw, 683px\" \/>\t\t\t\t\t\t\t\t\t\t\t\t\t\t\t<\/div>\n\t\t\t\t<\/div>\n\t\t\t\t\t<\/div>\n\t\t\t\t<\/div>\n\t\t<div class=\"elementor-element elementor-element-32917199 e-flex e-con-boxed e-con e-parent\" data-id=\"32917199\" data-element_type=\"container\" data-e-type=\"container\">\n\t\t\t\t\t<div class=\"e-con-inner\">\n\t\t<div class=\"elementor-element elementor-element-26e916cb e-flex e-con-boxed e-con e-child\" data-id=\"26e916cb\" data-element_type=\"container\" data-e-type=\"container\">\n\t\t\t\t\t<div class=\"e-con-inner\">\n\t\t<div class=\"elementor-element elementor-element-253a40d4 e-flex e-con-boxed e-con e-child\" data-id=\"253a40d4\" data-element_type=\"container\" data-e-type=\"container\">\n\t\t\t\t\t<div class=\"e-con-inner\">\n\t\t\t\t<div class=\"elementor-element elementor-element-1200c304 elementor-widget elementor-widget-heading\" data-id=\"1200c304\" data-element_type=\"widget\" data-e-type=\"widget\" data-widget_type=\"heading.default\">\n\t\t\t\t\t<h2 class=\"elementor-heading-title elementor-size-default\">Jibril<\/h2>\t\t\t\t<\/div>\n\t\t\t\t<div class=\"elementor-element elementor-element-11758e7f elementor-widget elementor-widget-text-editor\" data-id=\"11758e7f\" data-element_type=\"widget\" data-e-type=\"widget\" data-widget_type=\"text-editor.default\">\n\t\t\t\t\t\t\t\t\t<p>Jibril (einnig Jabrail) gegnir hlutverki opinberunar<span class=\"iwg-fachbegriff\" data-tooltip=\"\u00cd abraham\u00edskum tr\u00faarbr\u00f6g\u00f0um himnesk sendivera Gu\u00f0s.\" tabindex=\"0\">engils<\/span> og fylgdarmanns sp\u00e1manna. Eiginleikar hans fela \u00ed s\u00e9r tr\u00fafesti, tign, n\u00e1l\u00e6g\u00f0 vi\u00f0 h\u00e1s\u00e6ti Allah og l\u00edkamlausa hreinleika.<\/p><p>Meginm\u00fdtur eru: Jibril flytur K\u00f3raninn til M\u00fahame\u00f0s (s\u00fara 26:193, 194), birting Jibr\u00edls fyrir sp\u00e1manninum (17:85 Ruh = Jibril), a\u00f0sto\u00f0 Jibr\u00edls vi\u00f0 himnafer\u00f0 M\u00fahame\u00f0s (Isra og Mi&#8217;raj, hadith), og bo\u00f0un Jibr\u00edls um f\u00e6\u00f0ingu Jes\u00fa (s\u00fara 19:16, 21).<\/p>\t\t\t\t\t\t\t\t<\/div>\n\t\t\t\t\t<\/div>\n\t\t\t\t<\/div>\n\t\t<div class=\"elementor-element elementor-element-159dcf9a e-flex e-con-boxed e-con e-child\" data-id=\"159dcf9a\" data-element_type=\"container\" data-e-type=\"container\">\n\t\t\t\t\t<div class=\"e-con-inner\">\n\t\t\t\t<div class=\"elementor-element elementor-element-48cee66f elementor-widget elementor-widget-heading\" data-id=\"48cee66f\" data-element_type=\"widget\" data-e-type=\"widget\" data-widget_type=\"heading.default\">\n\t\t\t\t\t<h2 class=\"elementor-heading-title elementor-size-default\">\u00cd hnotskurn: Jibril<\/h2>\t\t\t\t<\/div>\n\t\t\t\t<div class=\"elementor-element elementor-element-3f50d82c elementor-widget elementor-widget-text-editor\" data-id=\"3f50d82c\" data-element_type=\"widget\" data-e-type=\"widget\" data-widget_type=\"text-editor.default\">\n\t\t\t\t\t\t\t\t\t<p>Jibr\u00edls er geti\u00f0 nokkrum sinnum \u00ed K\u00f3raninum (2:97, 98, 16:102, 26:193, 194) og hann er \u00edtarlega fjalla\u00f0ur \u00ed hadith-safnritum (Bukhari, Muslim, \u00e1 arab\u00edsku, 8.-9. \u00f6ld). Rammatilv\u00edsunin er fr\u00e1 fyrsta t\u00edmabili \u00edslams (7. \u00f6ld). Ranns\u00f3knarsta\u00f0a (Schimmel, Hughes, Wild, McLeod) s\u00fdnir Jibril sem mi\u00f0l\u00e6gan erkiengil k\u00f3ran\u00edskrar opinberunar og dulhyggju-<span class=\"iwg-fachbegriff\" data-tooltip=\"V\u00edsindaleg fr\u00e6\u00f0i um Gu\u00f0 og tr\u00fa tiltekinnar tr\u00faarbrag\u00f0a.\" tabindex=\"0\">gu\u00f0fr\u00e6\u00f0i<\/span>.<\/p>\t\t\t\t\t\t\t\t<\/div>\n\t\t\t\t\t<\/div>\n\t\t\t\t<\/div>\n\t\t\t\t\t<\/div>\n\t\t\t\t<\/div>\n\t\t\t\t\t<\/div>\n\t\t\t\t<\/div>\n\t\t<div class=\"elementor-element elementor-element-18613602 e-flex e-con-boxed e-con e-parent\" data-id=\"18613602\" data-element_type=\"container\" data-e-type=\"container\">\n\t\t\t\t\t<div class=\"e-con-inner\">\n\t\t\t\t<div class=\"elementor-element elementor-element-262b8a9f elementor-widget elementor-widget-heading\" data-id=\"262b8a9f\" data-element_type=\"widget\" data-e-type=\"widget\" data-widget_type=\"heading.default\">\n\t\t\t\t\t<h2 class=\"elementor-heading-title elementor-size-default\">Samhengi<\/h2>\t\t\t\t<\/div>\n\t\t<div class=\"elementor-element elementor-element-46dcb7d e-con-full e-flex e-con e-child\" data-id=\"46dcb7d\" data-element_type=\"container\" data-e-type=\"container\">\n\t\t<div class=\"elementor-element elementor-element-61d3ab3 e-flex e-con-boxed e-con e-child\" data-id=\"61d3ab3\" data-element_type=\"container\" data-e-type=\"container\">\n\t\t\t\t\t<div class=\"e-con-inner\">\n\t\t\t\t<div class=\"elementor-element elementor-element-117c166 elementor-widget elementor-widget-heading\" data-id=\"117c166\" data-element_type=\"widget\" data-e-type=\"widget\" data-widget_type=\"heading.default\">\n\t\t\t\t\t<div class=\"elementor-heading-title elementor-size-default\">T\u00edmabil textanna<\/div>\t\t\t\t<\/div>\n\t\t\t\t<div class=\"elementor-element elementor-element-73997a0 elementor-widget elementor-widget-text-editor\" data-id=\"73997a0\" data-element_type=\"widget\" data-e-type=\"widget\" data-widget_type=\"text-editor.default\">\n\t\t\t\t\t\t\t\t\t<p>Fr\u00e1 elstu versum K\u00f3ransins til dagsins \u00ed dag er Jibril \u00f3a\u00f0skiljanlegur hluti af \u00edslamskri tr\u00faari\u00f0kun: tr\u00fain \u00e1 englana er me\u00f0al sex tr\u00faaratri\u00f0a \u00edslams, og Jibril er \u00fear nefndur fyrstur me\u00f0 nafni. N\u00fat\u00edminn \u00feekkir hann einnig lifandi, me\u00f0al annars \u00ed svok\u00f6llu\u00f0u Gabr\u00edel-hadith, sem enn \u00ed dag er nota\u00f0 sem kennslutexti um \u00edslam, iman og ihsan \u00ed tr\u00faarlegri fr\u00e6\u00f0slu.<\/p>\t\t\t\t\t\t\t\t<\/div>\n\t\t\t\t\t<\/div>\n\t\t\t\t<\/div>\n\t\t<div class=\"elementor-element elementor-element-d47b156 e-flex e-con-boxed e-con e-child\" data-id=\"d47b156\" data-element_type=\"container\" data-e-type=\"container\">\n\t\t\t\t\t<div class=\"e-con-inner\">\n\t\t\t\t<div class=\"elementor-element elementor-element-ff38c2b elementor-widget elementor-widget-heading\" data-id=\"ff38c2b\" data-element_type=\"widget\" data-e-type=\"widget\" data-widget_type=\"heading.default\">\n\t\t\t\t\t<div class=\"elementor-heading-title elementor-size-default\">\u00datbrei\u00f0slusv\u00e6\u00f0i<\/div>\t\t\t\t<\/div>\n\t\t\t\t<div class=\"elementor-element elementor-element-4e49fcc elementor-widget elementor-widget-text-editor\" data-id=\"4e49fcc\" data-element_type=\"widget\" data-e-type=\"widget\" data-widget_type=\"text-editor.default\">\n\t\t\t\t\t\t\t\t\t<p>Jibril var ekki bundinn vi\u00f0 tilteki\u00f0 sv\u00e6\u00f0i e\u00f0a sta\u00f0setningu, heldur var hann alkunna og d\u00fdrka\u00f0ur e\u00f0a virtur af \u00f3tta um allan \u00edslamska heiminn. Hvort sem var \u00ed st\u00f3rum borgarmi\u00f0st\u00f6\u00f0vum e\u00f0a \u00e1 ja\u00f0arsv\u00e6\u00f0um \u00ed sveit, hvort sem var me\u00f0al samf\u00e9lagslegrar yfirst\u00e9ttar e\u00f0a alm\u00faga, var andlegt e\u00f0a menningarlegt v\u00e6gi \u00feessarar veru vi\u00f0urkennt me\u00f0 sama h\u00e6tti og alls sta\u00f0ar.<\/p><p>A\u00f0 Jibr\u00edl er nefndur me\u00f0 nafni \u00ed K\u00f3raninum og a\u00f0 a\u00f0 afneita honum telst samkv\u00e6mt s\u00faru 2:97-98 fjandskapur gegn Gu\u00f0i, s\u00fdnir st\u00f6\u00f0u hans \u00ed \u00edslamskri sj\u00e1lfsmynd. Me\u00f0 \u00fatbrei\u00f0slu \u00edslams um vi\u00f0skipti, herfer\u00f0ir og tr\u00fabo\u00f0, fr\u00e1 Andal\u00fas\u00edu til Su\u00f0austur-As\u00edu, fylgdi \u00feekkingin um opinberunarengilinn me\u00f0, og \u00fea\u00f0 \u00ed eftirtektarver\u00f0u samr\u00e6mi, \u00fev\u00ed K\u00f3raninn og hadith voru fastur textagrundv\u00f6llur sem flutti s\u00f6mu fullyr\u00f0ingar um hann alls sta\u00f0ar.<\/p>\t\t\t\t\t\t\t\t<\/div>\n\t\t\t\t\t<\/div>\n\t\t\t\t<\/div>\n\t\t\t\t<\/div>\n\t\t<div class=\"elementor-element elementor-element-db03c39 e-con-full e-flex e-con e-child\" data-id=\"db03c39\" data-element_type=\"container\" data-e-type=\"container\">\n\t\t<div class=\"elementor-element elementor-element-229a87b e-flex e-con-boxed e-con e-child\" data-id=\"229a87b\" data-element_type=\"container\" data-e-type=\"container\">\n\t\t\t\t\t<div class=\"e-con-inner\">\n\t\t\t\t<div class=\"elementor-element elementor-element-1f471fc elementor-widget elementor-widget-heading\" data-id=\"1f471fc\" data-element_type=\"widget\" data-e-type=\"widget\" data-widget_type=\"heading.default\">\n\t\t\t\t\t<div class=\"elementor-heading-title elementor-size-default\">Heimildasta\u00f0a<\/div>\t\t\t\t<\/div>\n\t\t\t\t<div class=\"elementor-element elementor-element-36b1201 elementor-widget elementor-widget-text-editor\" data-id=\"36b1201\" data-element_type=\"widget\" data-e-type=\"widget\" data-widget_type=\"text-editor.default\">\n\t\t\t\t\t\t\t\t\t<p>Frumheimildir eru K\u00f3raninn (2:97 Jibril&#8230; me\u00f0 leyfi Allah, 16:102 hinn heilagi <span class=\"iwg-fachbegriff\" data-tooltip=\"L\u00edkamslaus vera sem talin er hafa \u00e1hrif \u00ed heiminum.\" tabindex=\"0\">andi<\/span>, 26:193, 194 opinberunarvers K\u00f3ransins, \u00e1 arab\u00edsku, 7. \u00f6ld), hadith-safnrit (Sahih al-Bukhari 1:1, Sahih Muslim, \u00e1 arab\u00edsku) og tafsir-ritverk (Tabari, Ibn Kathir).<\/p><p><span data-nosnippet>Me\u00f0al \u00feeirra sem hafa greint efni\u00f0 eru Schimmel (Mystical Dimensions of Islam, 1975), Hughes (Dictionary of Islam), Wild (Islamic Angelology) og McLeod (Judeo-Islamic Angelology), sem fjalla um mi\u00f0l\u00e6gt hlutverk Jibr\u00edls \u00ed \u00edslamskri opinberunar- og <span class=\"iwg-fachbegriff\" tabindex=\"0\" data-tooltip=\"Tr\u00faarleg stefna me\u00f0 \u00e1herslu \u00e1 beina Gu\u00f0s-reynslu; mikilv\u00e6g \u00ed gy\u00f0inglegri, kristinni og \u00edslamskri hef\u00f0.\">dulhyggju<\/span>&#8211;<span class=\"iwg-fachbegriff\" data-tooltip=\"V\u00edsindaleg fr\u00e6\u00f0i um Gu\u00f0 og tr\u00fa tiltekinnar tr\u00faarbrag\u00f0a.\" tabindex=\"0\">gu\u00f0fr\u00e6\u00f0i<\/span>.<\/span><\/p>\t\t\t\t\t\t\t\t<\/div>\n\t\t\t\t\t<\/div>\n\t\t\t\t<\/div>\n\t\t\t\t<\/div>\n\t\t\t\t\t<\/div>\n\t\t\t\t<\/div>\n\t\t<div class=\"elementor-element elementor-element-3ae0637c e-flex e-con-boxed e-con e-parent\" data-id=\"3ae0637c\" data-element_type=\"container\" data-e-type=\"container\">\n\t\t\t\t\t<div class=\"e-con-inner\">\n\t\t\t\t<div class=\"elementor-element elementor-element-31d07739 elementor-widget elementor-widget-heading\" data-id=\"31d07739\" data-element_type=\"widget\" data-e-type=\"widget\" data-widget_type=\"heading.default\">\n\t\t\t\t\t<h2 class=\"elementor-heading-title elementor-size-default\">Nafn<\/h2>\t\t\t\t<\/div>\n\t\t<div class=\"elementor-element elementor-element-b7642947 e-con-full e-flex e-con e-child\" data-id=\"b7642947\" data-element_type=\"container\" data-e-type=\"container\">\n\t\t\t\t<div class=\"elementor-element elementor-element-a086266 elementor-widget elementor-widget-text-editor\" data-id=\"a086266\" data-element_type=\"widget\" data-e-type=\"widget\" data-widget_type=\"text-editor.default\">\n\t\t\t\t\t\t\t\t\t<p>Jibril er \u00ed mismunandi heimildum og listahef\u00f0um s\u00fdndur me\u00f0 \u00e1kve\u00f0num endurteknum myndr\u00e6num einkennum, sem hafa haldist tilt\u00f6lulega \u00f3breytt yfir \u00e1ratugi og milli mismunandi landsv\u00e6\u00f0a. \u00deessi einkenni eru ekki einungis skrautleg e\u00f0a tilviljanakennd, heldur eru \u00feau dj\u00fapt t\u00e1knr\u00e6n og bera mikla merkingu.<\/p><p>Einkennin sem \u00edsl\u00f6msk hef\u00f0 l\u00fdsir Jibr\u00edl me\u00f0, tj\u00e1 emb\u00e6tti hans: hann er talinn Ruh al-Qudus, andi heilagleikans, og sendibo\u00f0inn sem flytur or\u00f0 Gu\u00f0s \u00f3breytt til sp\u00e1mannanna. Fr\u00e1sagnir um sanna mynd hans me\u00f0 sex hundru\u00f0 v\u00e6ngjum, um birtingu hans \u00ed mannsmynd fyrir M\u00fahame\u00f0 og um hlutverk hans vi\u00f0 fyrstu opinberunina \u00ed Hira-hellinum eru ekki sk\u00e1ldskapur. S\u00e1 sem er kunnugur K\u00f3raninum og hadith les \u00far \u00feessu st\u00f6\u00f0u hans: hann stendur milli Gu\u00f0s og sendibo\u00f0anna, hann skipar ekki sj\u00e1lfur fyrir, hann flytur bo\u00f0skap. Hvert sm\u00e1atri\u00f0i \u00ed hef\u00f0inni sta\u00f0festir \u00feetta millig\u00f6ngu-hlutverk hans.<\/p>\t\t\t\t\t\t\t\t<\/div>\n\t\t\t\t<\/div>\n\t\t\t\t\t<\/div>\n\t\t\t\t<\/div>\n\t\t<div class=\"elementor-element elementor-element-709a44a8 e-flex e-con-boxed e-con e-parent\" data-id=\"709a44a8\" data-element_type=\"container\" data-e-type=\"container\">\n\t\t\t\t\t<div class=\"e-con-inner\">\n\t\t\t\t<div class=\"elementor-element elementor-element-2f585873 elementor-widget elementor-widget-heading\" data-id=\"2f585873\" data-element_type=\"widget\" data-e-type=\"widget\" data-widget_type=\"heading.default\">\n\t\t\t\t\t<h2 class=\"elementor-heading-title elementor-size-default\">Einkenni<\/h2>\t\t\t\t<\/div>\n\t\t<div class=\"elementor-element elementor-element-70621c12 e-con-full e-flex e-con e-child\" data-id=\"70621c12\" data-element_type=\"container\" data-e-type=\"container\">\n\t\t\t\t<div class=\"elementor-element elementor-element-4296eb49 elementor-widget elementor-widget-text-editor\" data-id=\"4296eb49\" data-element_type=\"widget\" data-e-type=\"widget\" data-widget_type=\"text-editor.default\">\n\t\t\t\t\t\t\t\t\t<p>Jibril var mi\u00f0l\u00e6gur \u00ed tr\u00faari\u00f0kun, daglegum si\u00f0um og almennum skilningi \u00edslams. F\u00f3lk sneri s\u00e9r til \u00feessarar veru \u00e1 erfi\u00f0um e\u00f0a tilteknum l\u00edfsstundum e\u00f0a \u00e1 \u00e1kve\u00f0num \u00e1rst\u00edmum si\u00f0fer\u00f0ilegs e\u00f0lis, me\u00f0 skipul\u00f6g\u00f0um, oft umfangsmiklum rit\u00faalum, b\u00e6num e\u00f0a f\u00f3rnargj\u00f6fum.<\/p><p>Flutningur opinberunarinnar til M\u00fahame\u00f0s fylgdi samkv\u00e6mt \u00edslamskri hef\u00f0 ekki tilviljanakenndu mynstri: Jibril birtist \u00ed um 23 \u00e1r \u00ed skipulag\u00f0ri r\u00f6\u00f0, f\u00f3r me\u00f0 versin or\u00f0 fyrir or\u00f0 og l\u00e9t sp\u00e1manninn endurtaka \u00feau \u00fear til \u00feau voru fullkomlega trygg\u00f0. Hadith-b\u00f3kmenntirnar l\u00fdsa \u00feessu ferli sem reglubundinni kennslu, ekki sj\u00e1lfsprottnu upplifun.<\/p><p>A\u00f0 m\u00faslimar hafi fr\u00e1 7. \u00f6ld \u00f3sliti\u00f0 v\u00edsa\u00f0 til Jibr\u00edls sem flytjanda K\u00f3ransins er hluti af grunni \u00edslamsks opinberunarskilnings. Hlutverk hans \u00ed hef\u00f0inni eru margv\u00edsleg: hann verndar bo\u00f0skapinn gegn spj\u00f6llum \u00e1 lei\u00f0inni fr\u00e1 himnum til sp\u00e1mannsins, hann styrkir M\u00fahame\u00f0 \u00e1 erfi\u00f0um stundum, svo sem eftir fyrstu opinberunina, og hann fylgir honum \u00e1 umskiptastundum, svo sem \u00e1 himnafer\u00f0inni, \u00fear sem hann lei\u00f0ir sp\u00e1manninn gegnum himnana.<\/p>\t\t\t\t\t\t\t\t<\/div>\n\t\t\t\t<\/div>\n\t\t\t\t\t<\/div>\n\t\t\t\t<\/div>\n\t\t<div class=\"elementor-element elementor-element-44e71476 e-flex e-con-boxed e-con e-parent\" data-id=\"44e71476\" data-element_type=\"container\" data-e-type=\"container\">\n\t\t\t\t\t<div class=\"e-con-inner\">\n\t\t\t\t<div class=\"elementor-element elementor-element-3c1fc3f0 elementor-widget elementor-widget-heading\" data-id=\"3c1fc3f0\" data-element_type=\"widget\" data-e-type=\"widget\" data-widget_type=\"heading.default\">\n\t\t\t\t\t<h2 class=\"elementor-heading-title elementor-size-default\">Skyndikynning: Jibril<\/h2>\t\t\t\t<\/div>\n\t\t<div class=\"elementor-element elementor-element-84f33b8e e-con-full e-flex e-con e-child\" data-id=\"84f33b8e\" data-element_type=\"container\" data-e-type=\"container\">\n\t\t\t\t<div class=\"elementor-element elementor-element-hqkdc67p elementor-widget elementor-widget-text-editor\" data-id=\"hqkdc67p\" data-element_type=\"widget\" data-e-type=\"widget\" data-widget_type=\"text-editor.default\">\n\t\t\t\t\t\t\t\t\t<p>Skyndikynningin fjallar um Jibril \u00fat fr\u00e1 sex v\u00edddum: uppruna hans \u00ed k\u00f3ran\u00edskum opinberunars\u00f6gnum, markh\u00f3p hans me\u00f0al tr\u00faa\u00f0ra m\u00faslima og dulspekinga, myndr\u00e6num einkennum sem lj\u00f3sveru, hlutverki hans sem flytjanda opinberunar, samanbur\u00f0i vi\u00f0 kristna og gy\u00f0inglega Gabr\u00edela, og dulspekilegu hlutverki hans \u00ed s\u00faf\u00edskri huglei\u00f0slu um Wahy (opinberun).<\/p>\t\t\t\t\t\t\t\t<\/div>\n\t\t\t\t<\/div>\n\t\t<div class=\"elementor-element elementor-element-pemmx7c5 e-con-full e-flex e-con e-child\" data-id=\"pemmx7c5\" data-element_type=\"container\" data-e-type=\"container\">\n\t\t<div class=\"elementor-element elementor-element-pemmx7c1 e-con-full e-flex e-con e-child\" data-id=\"pemmx7c1\" data-element_type=\"container\" data-e-type=\"container\">\n\t\t<div class=\"elementor-element elementor-element-qh9oavvu iwg-steckbrief-card e-flex e-con-boxed e-con e-child\" data-id=\"qh9oavvu\" data-element_type=\"container\" data-e-type=\"container\">\n\t\t\t\t\t<div class=\"e-con-inner\">\n\t\t\t\t<div class=\"elementor-element elementor-element-awzx8k2k elementor-widget elementor-widget-heading\" data-id=\"awzx8k2k\" data-element_type=\"widget\" data-e-type=\"widget\" data-widget_type=\"heading.default\">\n\t\t\t\t\t<div class=\"elementor-heading-title elementor-size-default\">Uppruni<\/div>\t\t\t\t<\/div>\n\t\t\t\t<div class=\"elementor-element elementor-element-x6rowhv0 elementor-widget elementor-widget-text-editor\" data-id=\"x6rowhv0\" data-element_type=\"widget\" data-e-type=\"widget\" data-widget_type=\"text-editor.default\">\n\t\t\t\t\t\t\t\t\t<p>Jibril er nefndur \u00ed k\u00f3ran\u00edskum textum fr\u00e1 7. \u00f6ld, me\u00f0 r\u00e6tur \u00ed j\u00fad\u00f3-kristinni Gabr\u00edel-hef\u00f0 (etymolog\u00edskt sami a\u00f0ili: Jibril = Gabr\u00edel). Uppruninn er landfr\u00e6\u00f0ilega \u00e1 Arab\u00eduskaganum og \u00ed Mi\u00f0-Austurl\u00f6ndum.<\/p><p>Elsta t\u00edmasetta tilv\u00edsunin er \u00ed K\u00f3raninn 2:97 (Med\u00edna-t\u00edmabili\u00f0, 623\u2013632 e.Kr.). Gu\u00f0fr\u00e6\u00f0ileg m\u00f3tun hans sem hins \u00e6\u00f0sta opinberunar-<span class=\"iwg-fachbegriff\" data-tooltip=\"\u00cd Abrahamstr\u00faarbr\u00f6g\u00f0unum himneskur sendibo\u00f0i Gu\u00f0s.\" tabindex=\"0\">engils<\/span> \u00e1tti s\u00e9r sta\u00f0 sk\u00f6mmu eftir sp\u00e1d\u00f3msk\u00f6llun M\u00fahame\u00f0s (610\u2013632 e.Kr.).<\/p>\t\t\t\t\t\t\t\t<\/div>\n\t\t\t\t\t<\/div>\n\t\t\t\t<\/div>\n\t\t<div class=\"elementor-element elementor-element-8e3o4kxs iwg-steckbrief-card e-flex e-con-boxed e-con e-child\" data-id=\"8e3o4kxs\" data-element_type=\"container\" data-e-type=\"container\">\n\t\t\t\t\t<div class=\"e-con-inner\">\n\t\t\t\t<div class=\"elementor-element elementor-element-08rkdgov elementor-widget elementor-widget-heading\" data-id=\"08rkdgov\" data-element_type=\"widget\" data-e-type=\"widget\" data-widget_type=\"heading.default\">\n\t\t\t\t\t<div class=\"elementor-heading-title elementor-size-default\">Markh\u00f3pur Jibrils<\/div>\t\t\t\t<\/div>\n\t\t\t\t<div class=\"elementor-element elementor-element-uwjelx8s elementor-widget elementor-widget-text-editor\" data-id=\"uwjelx8s\" data-element_type=\"widget\" data-e-type=\"widget\" data-widget_type=\"text-editor.default\">\n\t\t\t\t\t\t\t\t\t<p>Jibril sneri s\u00e9r fyrst og fremst a\u00f0 sp\u00e1manninum M\u00fahame\u00f0 og hinum tr\u00fau\u00f0u (Umma). Markh\u00f3purinn eru allir m\u00faslimar sem vi\u00f0takendur bo\u00f0skaps K\u00f3ransins, dulspekingar me\u00f0 \u00e1huga \u00e1 opinberunar-<span class=\"iwg-fachbegriff\" data-tooltip=\"Tr\u00faarleg hreyfing sem lag\u00f0i \u00e1herslu \u00e1 beina gu\u00f0supplifun.\" tabindex=\"0\">dulhyggju<\/span> (Wahy-vitund) og gu\u00f0fr\u00e6\u00f0ingar.<\/p><p>Tilefni eru lestur K\u00f3ransins, huglei\u00f0sla um opinberun, dulspekilegar n\u00e1ttb\u00e6nir (Tahajjud) og h\u00e1t\u00ed\u00f0 opinberunar K\u00f3ransins (Laylat al-Qadr). <span class=\"iwg-fachbegriff\" data-tooltip=\"A\u00f0 \u00e1kalla e\u00f0a b\u00e6na til gu\u00f0s e\u00f0a \u00e6\u00f0ri m\u00e1ttar.\" tabindex=\"0\">\u00c1kalli\u00f0<\/span> \u00e1 s\u00e9r sta\u00f0 \u00ed lotningu fyrir Wahy.<\/p>\t\t\t\t\t\t\t\t<\/div>\n\t\t\t\t\t<\/div>\n\t\t\t\t<\/div>\n\t\t<div class=\"elementor-element elementor-element-jm2n74ec iwg-steckbrief-card e-flex e-con-boxed e-con e-child\" data-id=\"jm2n74ec\" data-element_type=\"container\" data-e-type=\"container\">\n\t\t\t\t\t<div class=\"e-con-inner\">\n\t\t\t\t<div class=\"elementor-element elementor-element-8vufse4c elementor-widget elementor-widget-heading\" data-id=\"8vufse4c\" data-element_type=\"widget\" data-e-type=\"widget\" data-widget_type=\"heading.default\">\n\t\t\t\t\t<div class=\"elementor-heading-title elementor-size-default\">\u00c1s\u00fdnd Jibrils<\/div>\t\t\t\t<\/div>\n\t\t\t\t<div class=\"elementor-element elementor-element-mwb9u015 elementor-widget elementor-widget-text-editor\" data-id=\"mwb9u015\" data-element_type=\"widget\" data-e-type=\"widget\" data-widget_type=\"text-editor.default\">\n\t\t\t\t\t\t\t\t\t<p>T\u00e1knmynd Jibrils: karlkyns vera me\u00f0 st\u00f3ra, hv\u00edta e\u00f0a silfurlita\u00f0a v\u00e6ngi, lj\u00f3mandi eins og lj\u00f3s, me\u00f0 tignarlegt yfirbrag\u00f0. Einkennist\u00e1kn eru handrit e\u00f0a b\u00f3k (K\u00f3ran-texti), lj\u00f3saura (Nur), og stundum lilja e\u00f0a fri\u00f0arkve\u00f0ja. \u00cd \u00edsl\u00f6mskum og persneskum sm\u00e1myndum: lj\u00f3mandi, n\u00e6rri \u00fev\u00ed blindandi a\u00f0 l\u00edta \u00e1. T\u00e1knr\u00e6n tenging vi\u00f0 hreina lj\u00f3ssubstansu gerir Jibril s\u00e9rstakan \u00ed s\u00faf\u00edskri list.<\/p>\t\t\t\t\t\t\t\t<\/div>\n\t\t\t\t\t<\/div>\n\t\t\t\t<\/div>\n\t\t\t\t<\/div>\n\t\t<div class=\"elementor-element elementor-element-pemmx7c2 e-con-full e-flex e-con e-child\" data-id=\"pemmx7c2\" data-element_type=\"container\" data-e-type=\"container\">\n\t\t<div class=\"elementor-element elementor-element-37ss2yr6 iwg-steckbrief-card e-flex e-con-boxed e-con e-child\" data-id=\"37ss2yr6\" data-element_type=\"container\" data-e-type=\"container\">\n\t\t\t\t\t<div class=\"e-con-inner\">\n\t\t\t\t<div class=\"elementor-element elementor-element-3v0wp3wx elementor-widget elementor-widget-heading\" data-id=\"3v0wp3wx\" data-element_type=\"widget\" data-e-type=\"widget\" data-widget_type=\"heading.default\">\n\t\t\t\t\t<div class=\"elementor-heading-title elementor-size-default\">Verksvi\u00f0 Jibrils<\/div>\t\t\t\t<\/div>\n\t\t\t\t<div class=\"elementor-element elementor-element-w3247g2m elementor-widget elementor-widget-text-editor\" data-id=\"w3247g2m\" data-element_type=\"widget\" data-e-type=\"widget\" data-widget_type=\"text-editor.default\">\n\t\t\t\t\t\t\t\t\t<strong>Verksvi\u00f0:<\/strong><p>Jibril (Gabr\u00edel, \u01e7ibr\u012bl) er \u00ed \u00edslam einn mikilv\u00e6gasti erkiengillinn og s\u00e1 sem flutti opinberunina til sp\u00e1mannsins M\u00fahame\u00f0s.<\/p>\t\t\t\t\t\t\t\t<\/div>\n\t\t\t\t\t<\/div>\n\t\t\t\t<\/div>\n\t\t<div class=\"elementor-element elementor-element-0qpjal9w iwg-steckbrief-card e-flex e-con-boxed e-con e-child\" data-id=\"0qpjal9w\" data-element_type=\"container\" data-e-type=\"container\">\n\t\t\t\t\t<div class=\"e-con-inner\">\n\t\t\t\t<div class=\"elementor-element elementor-element-6ndoih0o elementor-widget elementor-widget-heading\" data-id=\"6ndoih0o\" data-element_type=\"widget\" data-e-type=\"widget\" data-widget_type=\"heading.default\">\n\t\t\t\t\t<div class=\"elementor-heading-title elementor-size-default\">V\u00f6rn gegn Jibril<\/div>\t\t\t\t<\/div>\n\t\t\t\t<div class=\"elementor-element elementor-element-6684tyh9 elementor-widget elementor-widget-text-editor\" data-id=\"6684tyh9\" data-element_type=\"widget\" data-e-type=\"widget\" data-widget_type=\"text-editor.default\">\n\t\t\t\t\t\t\t\t\t<p>Jibril var talinn traustver\u00f0ur, <span class=\"iwg-fachbegriff\" data-tooltip=\"Tilheyrandi hinu gu\u00f0lega og \u00fear me\u00f0 undan\u00feegin daglegri notkun.\" tabindex=\"0\">heilagur<\/span> og af \u00e6\u00f0stu heilindum. \u00c1kallsathafnir f\u00f3lu \u00ed s\u00e9r b\u00e6nir um skilning \u00e1 opinberuninni (Fahm al-Wahy), um n\u00e1l\u00e6g\u00f0 vi\u00f0 hinn gu\u00f0lega bo\u00f0skap og um hreinsun hjartans (Tazkiyah).<\/p><p>\u00cd s\u00faf\u00edskum hef\u00f0um voru stunda\u00f0ar huglei\u00f0slur \u00e1 Jibril (Muraqaba ala-Jibril) til a\u00f0 n\u00e1 dulspekilegri vitneskju (Ma&#8217;rifah) um or\u00f0 Allah. Vir\u00f0ing fyrir Jibril kom fram sem lotningarfull hollustu vi\u00f0 bo\u00f0skap K\u00f3ransins.<\/p>\t\t\t\t\t\t\t\t<\/div>\n\t\t\t\t\t<\/div>\n\t\t\t\t<\/div>\n\t\t<div class=\"elementor-element elementor-element-3lfi7x32 iwg-steckbrief-card e-flex e-con-boxed e-con e-child\" data-id=\"3lfi7x32\" data-element_type=\"container\" data-e-type=\"container\">\n\t\t\t\t\t<div class=\"e-con-inner\">\n\t\t\t\t<div class=\"elementor-element elementor-element-0kg99ga1 elementor-widget elementor-widget-heading\" data-id=\"0kg99ga1\" data-element_type=\"widget\" data-e-type=\"widget\" data-widget_type=\"heading.default\">\n\t\t\t\t\t<div class=\"elementor-heading-title elementor-size-default\">Samb\u00e6rilegt<\/div>\t\t\t\t<\/div>\n\t\t\t\t<div class=\"elementor-element elementor-element-n0fum6kp elementor-widget elementor-widget-text-editor\" data-id=\"n0fum6kp\" data-element_type=\"widget\" data-e-type=\"widget\" data-widget_type=\"text-editor.default\">\n\t\t\t\t\t\t\t\t\t<p>Samb\u00e6rilegar verur \u00ed \u00edslam: Mikael (verndar<span class=\"iwg-fachbegriff\" data-tooltip=\"\u00cd Abrahamstr\u00faarbr\u00f6g\u00f0unum himneskur sendibo\u00f0i Gu\u00f0s.\" tabindex=\"0\">engill<\/span>, en minna mi\u00f0l\u00e6gur), Israfil (upprisu<span class=\"iwg-fachbegriff\" data-tooltip=\"\u00cd Abrahamstr\u00faarbr\u00f6g\u00f0unum himneskur sendibo\u00f0i Gu\u00f0s.\" tabindex=\"0\">engill<\/span>), Azrael (dau\u00f0aengillinn). Utan \u00edslams: kristinn Gabr\u00edel (bo\u00f0unin, sami a\u00f0ili og Jibril), hebreskur Gabr\u00edel (opinberari, sami a\u00f0ili og Jibril). \u00deessi samsv\u00f6run \u00fevert \u00e1 tr\u00faarbrag\u00f0am\u00f6rk gerir Jibril\/Gabr\u00edel einstakan me\u00f0al erkiengla.<\/p>\t\t\t\t\t\t\t\t<\/div>\n\t\t\t\t\t<\/div>\n\t\t\t\t<\/div>\n\t\t\t\t<\/div>\n\t\t\t\t<\/div>\n\t\t\t\t\t<\/div>\n\t\t\t\t<\/div>\n\t\t<div class=\"elementor-element elementor-element-7533bc7a e-flex e-con-boxed e-con e-parent\" data-id=\"7533bc7a\" data-element_type=\"container\" data-e-type=\"container\">\n\t\t\t\t\t<div class=\"e-con-inner\">\n\t\t\t\t<div class=\"elementor-element elementor-element-2447d18d elementor-widget elementor-widget-heading\" data-id=\"2447d18d\" data-element_type=\"widget\" data-e-type=\"widget\" data-widget_type=\"heading.default\">\n\t\t\t\t\t<h2 class=\"elementor-heading-title elementor-size-default\">Varnir \u00ed daglegu l\u00edfi<\/h2>\t\t\t\t<\/div>\n\t\t<div class=\"elementor-element elementor-element-d5d0260c e-con-full e-flex e-con e-child\" data-id=\"d5d0260c\" data-element_type=\"container\" data-e-type=\"container\">\n\t\t\t\t<div class=\"elementor-element elementor-element-341be2ac elementor-widget elementor-widget-text-editor\" data-id=\"341be2ac\" data-element_type=\"widget\" data-e-type=\"widget\" data-widget_type=\"text-editor.default\">\n\t\t\t\t\t\t\t\t\t<p><strong>\u00c1kall og sp\u00e1mannleg huglei\u00f0sla<\/strong><\/p><p>Jibril er \u00e1 engan h\u00e1tt vi\u00f0fangsefni beinnar \u00e1kalls eins og <span class=\"iwg-fachbegriff\" data-tooltip=\"Andleg vera sem s\u00f6g\u00f0 er hafa ska\u00f0leg e\u00f0a tv\u00edbent \u00e1hrif.\" tabindex=\"0\">dj\u00f6full<\/span>.<\/p><p><strong>Textarlegar hef\u00f0ir og n\u00f6fn<\/strong><\/p><p>\u00cd K\u00f3raninum er Jibril nefndur sext\u00e1n sinnum me\u00f0 nafni.<\/p><p><strong>Vir\u00f0ingarathafnir og h\u00e1t\u00ed\u00f0leg minning<\/strong><\/p><p>Engin <span class=\"iwg-fachbegriff\" data-tooltip=\"Hlutur borinn \u00e1 l\u00edkamanum sem sag\u00f0ur er hafa verndandi, \u00f3g\u00e6fuvarnandi \u00e1hrif.\" tabindex=\"0\">verndargripa<\/span>hef\u00f0 er til fyrir Jibril \u00ed skilningi verndargrips.<\/p>\t\t\t\t\t\t\t\t<\/div>\n\t\t\t\t<\/div>\n\t\t\t\t\t<\/div>\n\t\t\t\t<\/div>\n\t\t<div class=\"elementor-element elementor-element-5a584676 e-flex e-con-boxed e-con e-parent\" data-id=\"5a584676\" data-element_type=\"container\" data-e-type=\"container\">\n\t\t\t\t\t<div class=\"e-con-inner\">\n\t\t\t\t<div class=\"elementor-element elementor-element-6d0757bf elementor-widget elementor-widget-heading\" data-id=\"6d0757bf\" data-element_type=\"widget\" data-e-type=\"widget\" data-widget_type=\"heading.default\">\n\t\t\t\t\t<h2 class=\"elementor-heading-title elementor-size-default\">Jibril, hli\u00f0st\u00e6\u00f0ur \u00ed \u00f6\u00f0rum menningarheimum<\/h2>\t\t\t\t<\/div>\n\t\t<div class=\"elementor-element elementor-element-60563f68 e-con-full e-flex e-con e-child\" data-id=\"60563f68\" data-element_type=\"container\" data-e-type=\"container\">\n\t\t\t\t<div class=\"elementor-element elementor-element-5a93fdd6 elementor-widget elementor-widget-text-editor\" data-id=\"5a93fdd6\" data-element_type=\"widget\" data-e-type=\"widget\" data-widget_type=\"text-editor.default\">\n\t\t\t\t\t\t\t\t\t<p><p><strong>Hebresk hef\u00f0:<\/strong> Jibril er sami a\u00f0ili og hebreskur Gabr\u00edel (\u00e1 hebresku, gr\u00edsku, arab\u00edsku \u00fe\u00fd\u00f0ir nafni\u00f0 allt \u201eGu\u00f0 er styrkur minn\u201c). Hlutverki\u00f0 er samhli\u00f0a: opinberari gu\u00f0legs vilja. Munurinn: Gabr\u00edel \u00ed tr\u00fa Hebrea er einnig bo\u00f0beri d\u00f3ms; Jibril er fyrst og fremst opinberunarsendibo\u00f0i. B\u00e1\u00f0ir eru mi\u00f0l\u00e6gir erkienglar \u00ed s\u00ednum hef\u00f0um.<\/p><p><strong>Gr\u00edsk-r\u00f3mverski heimurinn:<\/strong> Engar beinar hli\u00f0st\u00e6\u00f0ur \u00ed klass\u00edskri <span class=\"iwg-fachbegriff\" data-tooltip=\"Heild go\u00f0sagna um gu\u00f0i sem var\u00f0veist hefur \u00ed \u00e1kve\u00f0inni menningu.\" tabindex=\"0\">go\u00f0afr\u00e6\u00f0i<\/span>. Fjarskyldar hli\u00f0st\u00e6\u00f0ur: Hermes (sendibo\u00f0i gu\u00f0anna, en ekki opinberunarmi\u00f0lari), \u00cdris (himneskur bo\u00f0skapur). Hin s\u00e9rt\u00e6ka virkni tr\u00faarlegrar Wahy (opinberunar) er ekki til \u00ed <span class=\"iwg-fachbegriff\" data-tooltip=\"T\u00edmabil gr\u00edskrar og r\u00f3mverskrar menningar, um 800 f.Kr. til 600 e.Kr.\" tabindex=\"0\">forn\u00f6ld<\/span>.<\/p><p><strong>Mes\u00f3p\u00f3tam\u00eda:<\/strong> Mes\u00f3p\u00f3tam\u00edsk hli\u00f0st\u00e6\u00f0a: Nab\u00fa (skrifari og opinberari vilja Marduks). Munurinn: Nab\u00fa skr\u00e1ir jar\u00f0nesk \u00f6rl\u00f6g; Jibril flytur kosm\u00edskan, eil\u00edfan bo\u00f0skap. \u00deeir deila hlutverki hins skrifandi millili\u00f0ar.<\/p><p><strong>Indland\/As\u00eda:<\/strong> Indversk hli\u00f0st\u00e6\u00f0a: Sarasvat\u00ed (gy\u00f0ja viskunnar og or\u00f0sins, hind\u00faatr\u00fa). B\u00fadd\u00edsk hli\u00f0st\u00e6\u00f0a: Manjushri (<span class=\"iwg-fachbegriff\" tabindex=\"0\" data-tooltip=\"\u00cd Mahayana-b\u00faddisma upplj\u00f3mu\u00f0 vera sem frestar eigin frelsun til hagsb\u00f3ta fyrir l\u00e6rd\u00f3minn og a\u00f0rar verur.\">bodhisattva<\/span> viskunnar, or\u00f0sins m\u00e1ttar). B\u00e6\u00f0i deila hlutverki mi\u00f0lara gu\u00f0legrar visku og or\u00f0s vitundarinnar.<\/p>\t\t\t\t\t\t\t\t<\/div>\n\t\t\t\t<\/div>\n\t\t\t\t\t<\/div>\n\t\t\t\t<\/div>\n\t\t<div class=\"elementor-element elementor-element-cp9292859 e-flex e-con-boxed e-con e-parent\" data-id=\"cp9292859\" data-element_type=\"container\" data-e-type=\"container\">\n\t\t\t\t\t<div class=\"e-con-inner\">\n\t\t\t\t<div class=\"elementor-element elementor-element-cp2eedde7 elementor-widget elementor-widget-heading\" data-id=\"cp2eedde7\" data-element_type=\"widget\" data-e-type=\"widget\" data-widget_type=\"heading.default\">\n\t\t\t\t\t<h2 class=\"elementor-heading-title elementor-size-default\">Jibril og opinberun K\u00f3ransins<\/h2>\t\t\t\t<\/div>\n\t\t<div class=\"elementor-element elementor-element-cp5da021c e-con-full e-flex e-con e-child\" data-id=\"cp5da021c\" data-element_type=\"container\" data-e-type=\"container\">\n\t\t\t\t<div class=\"elementor-element elementor-element-cpa2992fb elementor-widget elementor-widget-text-editor\" data-id=\"cpa2992fb\" data-element_type=\"widget\" data-e-type=\"widget\" data-widget_type=\"text-editor.default\">\n\t\t\t\t\t\t\t\t\t<p>Meginhlutverk Jibr\u00edls (<em>Jibr\u012bl<\/em>, \u00e1 Vesturl\u00f6ndum oftast nefndur Gabr\u00edel) \u00ed \u00edslam er a\u00f0 flytja opinberunina. K\u00f3raninn nefnir hann berum or\u00f0um \u00ed s\u00faru 2,97 sem \u00feann er sendi riti\u00f0 ni\u00f0ur &#8222;me\u00f0 leyfi Gu\u00f0s&#8220; \u00e1 hjarta sp\u00e1mannsins M\u00fahame\u00f0s.<\/p><p>Auk \u00feess er hann t\u00falka\u00f0ur sem <em>ar-r\u016b\u1e25 al-am\u012bn<\/em>, hinn &#8222;trausti <span class=\"iwg-fachbegriff\" data-tooltip=\"L\u00edkamslaus vera sem talin er hafa \u00e1hrif \u00ed heiminum.\" tabindex=\"0\">andi<\/span>&#8220; (s\u00fara 26,193), og sem <em>r\u016b\u1e25 al-qudus<\/em>, hinn &#8222;heilagi <span class=\"iwg-fachbegriff\" data-tooltip=\"L\u00edkamslaus vera sem talin er hafa \u00e1hrif \u00ed heiminum.\" tabindex=\"0\">andi<\/span>&#8222;.<\/p><p>\u00cdsl\u00f6msk <span class=\"iwg-fachbegriff\" data-tooltip=\"Mi\u00f0lun \u00feekkingar og fr\u00e1sagna kynsl\u00f3\u00f0 eftir kynsl\u00f3\u00f0.\" tabindex=\"0\">munnm\u00e6lahef\u00f0<\/span> setur upphaf \u00feessarar mi\u00f0lunar \u00ed hellinn Hira n\u00e1l\u00e6gt Mekka, \u00fear sem Jibr\u00edl birtist sp\u00e1manninum \u00ed fyrsta sinn me\u00f0 fyrirm\u00e6lunum <em>iqra\u02be<\/em>, \u201elestu&#8220; e\u00f0a \u201eflyttu fram&#8220;.<\/p><p>Had\u00ed\u00feinn l\u00fdsir fundinum sem l\u00edkamlega yfir\u00feyrmandi: Jibr\u00edl hafi fa\u00f0ma\u00f0 M\u00fahame\u00f0 \u00ferisvar sinnum \u00fear til hann gat flutt fyrstu v\u00edsur s\u00ed\u00f0ari s\u00faru 96. \u00cd frekari \u00e6vis\u00f6gu sp\u00e1mannsins kemur Jibr\u00edl \u00edtreka\u00f0 fram sem millima\u00f0ur, flytur einstakar s\u00farur, ber fram fyrirm\u00e6li og veitir stu\u00f0ning \u00e1 erfi\u00f0um stundum.<\/p><p>Gu\u00f0fr\u00e6\u00f0ilega er \u00feetta mi\u00f0lunarhlutverk afgerandi, \u00fev\u00ed \u00fea\u00f0 tryggir hreinleika opinberunarins. <span class=\"iwg-fachbegriff\" data-tooltip=\"\u00cd abraham\u00edskum tr\u00faarbr\u00f6g\u00f0um himneskur sendibo\u00f0i Gu\u00f0s.\" tabindex=\"0\">Engillinn<\/span> er ekki sj\u00e1lfst\u00e6\u00f0ur talandi, heldur mi\u00f0lar einungis or\u00f0i Gu\u00f0s. \u00cdsl\u00f6msk englafr\u00e6\u00f0i leggur \u00fev\u00ed \u00e1herslu \u00e1 a\u00f0 Jibr\u00edl er ekki tilbe\u00f0inn, heldur talinn \u00fej\u00f3nn.<\/p><p>\u00c1 sama t\u00edma f\u00e6rir hlutverk hans hann fremstan \u00ed englaskipan. Kunn <span class=\"iwg-fachbegriff\" data-tooltip=\"Mi\u00f0lun \u00feekkingar og fr\u00e1sagna kynsl\u00f3\u00f0 eftir kynsl\u00f3\u00f0.\" tabindex=\"0\">munnm\u00e6lahef\u00f0<\/span> l\u00e6tur sp\u00e1manninn segja a\u00f0 Jibr\u00edl hafi flutt honum K\u00f3raninn \u00ed nokkrum \u201elestrarh\u00e1ttum&#8220;, sem m\u00f3ta\u00f0i s\u00ed\u00f0ar umr\u00e6\u00f0una um hina vi\u00f0urkenndu k\u00f3ranlestra.<\/p>\t\t\t\t\t\t\t\t<\/div>\n\t\t\t\t<\/div>\n\t\t\t\t\t<\/div>\n\t\t\t\t<\/div>\n\t\t<div class=\"elementor-element elementor-element-cp9c15ba2 e-flex e-con-boxed e-con e-parent\" data-id=\"cp9c15ba2\" data-element_type=\"container\" data-e-type=\"container\">\n\t\t\t\t\t<div class=\"e-con-inner\">\n\t\t\t\t<div class=\"elementor-element elementor-element-cpc8bdd9e elementor-widget elementor-widget-heading\" data-id=\"cpc8bdd9e\" data-element_type=\"widget\" data-e-type=\"widget\" data-widget_type=\"heading.default\">\n\t\t\t\t\t<h2 class=\"elementor-heading-title elementor-size-default\">Had\u00ed\u00feinn um Gabr\u00edel: samtal um tr\u00fana<\/h2>\t\t\t\t<\/div>\n\t\t<div class=\"elementor-element elementor-element-cpad3bb99 e-con-full e-flex e-con e-child\" data-id=\"cpad3bb99\" data-element_type=\"container\" data-e-type=\"container\">\n\t\t\t\t<div class=\"elementor-element elementor-element-cp0831769 elementor-widget elementor-widget-text-editor\" data-id=\"cp0831769\" data-element_type=\"widget\" data-e-type=\"widget\" data-widget_type=\"text-editor.default\">\n\t\t\t\t\t\t\t\t\t<p>Ein \u00e1hrifamesta fr\u00e1s\u00f6gnin um Jibr\u00edl er hin svokalla\u00f0a <em>\u1e24ad\u012bth Jibr\u012bl<\/em>, var\u00f0veitt me\u00f0al annars \u00ed safni M\u00faslims.<\/p><p>\u00dear birtist Jibr\u00edl \u00ed mynd manns \u00ed \u00e1berandi hv\u00edtum kl\u00e6\u00f0um og me\u00f0 mj\u00f6g svart h\u00e1r, \u00e1n nokkurs v\u00edsbendingar um fer\u00f0alag, og engan vi\u00f0staddra kannast vi\u00f0 hann. Hann sest fyrir framan sp\u00e1manninn, snertir hn\u00e9 hans me\u00f0 s\u00ednum eigin hnj\u00e1m og spyr r\u00f6\u00f0 spurninga.<\/p><p>Hann spyr um \u00edslam, \u00fe.e. hin ytri skyldust\u00f6rf, um <em>\u012bm\u0101n<\/em>, tr\u00fana, um <em>i\u1e25s\u0101n<\/em>, hina innri fullkomnun, og um stund d\u00f3msdags.<\/p><p>Vi\u00f0 hvert svar sp\u00e1mannsins svarar \u00f3kunnugi ma\u00f0urinn \u201e\u00fe\u00fa hefur sagt sannleikann&#8220;, sem kemur \u00e1heyrendum \u00e1 \u00f3vart, \u00fev\u00ed s\u00e1 sem spyr hefur venjulega ekki \u00feekkingu til a\u00f0 sta\u00f0festa svari\u00f0. Eftir a\u00f0 ma\u00f0urinn er farinn \u00fatsk\u00fdrir sp\u00e1ma\u00f0urinn fyrir f\u00e9l\u00f6gum s\u00ednum a\u00f0 \u00feetta hafi veri\u00f0 Jibr\u00edl, kominn til a\u00f0 fr\u00e6\u00f0a \u00fe\u00e1 um tr\u00fa \u00feeirra.<\/p><p>\u00deessi had\u00ed\u00fe var\u00f0 grundvallartexti \u00edslamskrar tr\u00faarkenningar. \u00der\u00edskiptingin \u00ed \u00edslam, \u00edman og \u00edhsan m\u00f3tar enn \u00ed dag tr\u00faarfr\u00e6\u00f0sluverk og er upphafspunktur a\u00f0greiningar \u00e1 l\u00f6gum, <span class=\"iwg-fachbegriff\" data-tooltip=\"Fr\u00e6\u00f0ileg kenning um Gu\u00f0 og tr\u00fa tiltekinnar tr\u00faarbrag\u00f0a.\" tabindex=\"0\">gu\u00f0fr\u00e6\u00f0i<\/span> og <span class=\"iwg-fachbegriff\" data-tooltip=\"Tr\u00faarhreyfing sem leggur \u00e1herslu \u00e1 beina gu\u00f0supplifun.\" tabindex=\"0\">dulspeki<\/span>. Athyglisvert er hi\u00f0 uppeldislega brag\u00f0 fr\u00e1sagnarins: <span class=\"iwg-fachbegriff\" data-tooltip=\"\u00cd abraham\u00edskum tr\u00faarbr\u00f6g\u00f0um himneskur sendibo\u00f0i Gu\u00f0s.\" tabindex=\"0\">Engillinn<\/span> \u00feekkir sv\u00f6rin en spyr \u00fe\u00f3, svo a\u00f0 s\u00f6fnu\u00f0urinn l\u00e6r\u00f0i af samtalinu.<\/p><p>Sj\u00e1lft form fr\u00e6\u00f0slunnar, ekki bara innihald hennar, var \u00feannig var\u00f0veitt.<\/p>\t\t\t\t\t\t\t\t<\/div>\n\t\t\t\t<\/div>\n\t\t\t\t\t<\/div>\n\t\t\t\t<\/div>\n\t\t<div class=\"elementor-element elementor-element-cp017eb77 e-flex e-con-boxed e-con e-parent\" data-id=\"cp017eb77\" data-element_type=\"container\" data-e-type=\"container\">\n\t\t\t\t\t<div class=\"e-con-inner\">\n\t\t\t\t<div class=\"elementor-element elementor-element-cpf5c3843 elementor-widget elementor-widget-heading\" data-id=\"cpf5c3843\" data-element_type=\"widget\" data-e-type=\"widget\" data-widget_type=\"heading.default\">\n\t\t\t\t\t<h2 class=\"elementor-heading-title elementor-size-default\">Gabr\u00edel \u00fevert \u00e1 tr\u00faarbr\u00f6g\u00f0: samanbur\u00f0ur og a\u00f0greining<\/h2>\t\t\t\t<\/div>\n\t\t<div class=\"elementor-element elementor-element-cp07fdaf0 e-con-full e-flex e-con e-child\" data-id=\"cp07fdaf0\" data-element_type=\"container\" data-e-type=\"container\">\n\t\t\t\t<div class=\"elementor-element elementor-element-cp3860a96 elementor-widget elementor-widget-text-editor\" data-id=\"cp3860a96\" data-element_type=\"widget\" data-e-type=\"widget\" data-widget_type=\"text-editor.default\">\n\t\t\t\t\t\t\t\t\t<p>Jibr\u00edl deilir nafni s\u00ednu og meginhlutverki me\u00f0 Gabr\u00edel gy\u00f0inglegrar og kristinnar <span class=\"iwg-fachbegriff\" data-tooltip=\"Mi\u00f0lun \u00feekkingar og fr\u00e1sagna milli kynsl\u00f3\u00f0a.\" tabindex=\"0\">arfhef\u00f0ar<\/span>, og \u00feessi sta\u00f0reynd er <span class=\"iwg-fachbegriff\" data-tooltip=\"Fr\u00e6\u00f0igreinin sem rannsakar tr\u00faarbr\u00f6g\u00f0 \u00e1 samanbur\u00f0arh\u00e1tt og \u00e1n tr\u00faarlegrar afst\u00f6\u00f0u.\" tabindex=\"0\">tr\u00faarbrag\u00f0afr\u00e6\u00f0inni<\/span> uppl\u00fdsandi.<\/p><p>\u00cd Dan\u00edelsb\u00f3k hebreska Tanaksins t\u00falkar Gabr\u00edel s\u00fdnir og er \u00fev\u00ed \u00feegar <span class=\"iwg-fachbegriff\" data-tooltip=\"\u00cd abraham\u00edsku tr\u00faarbr\u00f6g\u00f0unum himneskur sendibo\u00f0i Gu\u00f0s.\" tabindex=\"0\">engill<\/span> \u00fatsk\u00fdringar og mi\u00f0lunar. \u00cd L\u00fakasargu\u00f0spjalli bo\u00f0ar hann f\u00e6\u00f0ingu J\u00f3hannesar sk\u00edrara og Jes\u00fa. \u00cd \u00f6llum \u00feremur hef\u00f0unum er Gabr\u00edel tengdur hinu tala\u00f0a gu\u00f0lega or\u00f0i.<\/p><p>\u00cdslam t\u00f3k \u00feessa veru ekki einfaldlega upp \u00f3breytta heldur felldi hana inn \u00ed eigin skilning \u00e1 opinberun. \u00c1 me\u00f0an Gabr\u00edel \u00ed kristinni tr\u00fa bo\u00f0ar fyrst og fremst, flytur Jibr\u00edl \u00ed \u00edslam heilan texta. \u00deessi tilf\u00e6rsla samsvarar \u00f3l\u00edkum skilningi \u00e1 ritningunni: K\u00f3raninn skilur sj\u00e1lfan sig sem or\u00f0r\u00e9tta ni\u00f0ursendingu, og engillinn er s\u00e1 farvegur sem h\u00fan berst um.<\/p><p>\u00cdslamska hef\u00f0in \u00feekkir jafnframt deiluor\u00f0r\u00e6\u00f0u um afm\u00f6rkun. Sam samkv\u00e6mt hef\u00f0bundinni t\u00falkun bregst sura 2,97 til 98 vi\u00f0 h\u00f6fnun gy\u00f0inga \u00e1 Jibr\u00edl og l\u00fdsir \u00fev\u00ed yfir a\u00f0 hver sem s\u00e9 \u00f3vinur Gu\u00f0s, engla hans og einkum Jibr\u00edls, honum s\u00e9 Gu\u00f0 \u00f3vinveittur. \u00deetta vers s\u00fdnir a\u00f0 engilsveran var ekki a\u00f0eins sameiginlegur arfur heldur einnig vi\u00f0fangsefni tr\u00faarlegra deilna.<\/p><p>Fyrir samanbur\u00f0arranns\u00f3knir er Jibr\u00edl \u00fev\u00ed d\u00e6migert tilvik: pers\u00f3na sem kemur fyrir \u00fevert \u00e1 tr\u00faarbr\u00f6g\u00f0 og gerir einmitt \u00feannig s\u00e9rkenni hef\u00f0anna s\u00fdnileg. S\u00e1 sem vill skilja englafr\u00e6\u00f0i \u00edslams kemst ekki hj\u00e1 \u00fev\u00ed a\u00f0 sko\u00f0a \u00feetta samofna mynstur uppt\u00f6ku og endurm\u00f3tunar.<\/p>\t\t\t\t\t\t\t\t<\/div>\n\t\t\t\t<\/div>\n\t\t\t\t\t<\/div>\n\t\t\t\t<\/div>\n\t\t<div class=\"elementor-element elementor-element-36dd7469 e-flex e-con-boxed e-con e-parent\" data-id=\"36dd7469\" data-element_type=\"container\" data-e-type=\"container\">\n\t\t\t\t\t<div class=\"e-con-inner\">\n\t\t\t\t<div class=\"elementor-element elementor-element-13760ab4 elementor-widget elementor-widget-heading\" data-id=\"13760ab4\" data-element_type=\"widget\" data-e-type=\"widget\" data-widget_type=\"heading.default\">\n\t\t\t\t\t<h2 class=\"elementor-heading-title elementor-size-default\">\u00cdtarefni og tenglar<\/h2>\t\t\t\t<\/div>\n\t\t<div class=\"elementor-element elementor-element-28c87796 e-con-full e-flex e-con e-child\" data-id=\"28c87796\" data-element_type=\"container\" data-e-type=\"container\">\n\t\t\t\t<div class=\"elementor-element elementor-element-5d6538df elementor-widget elementor-widget-text-editor\" data-id=\"5d6538df\" data-element_type=\"widget\" data-e-type=\"widget\" data-widget_type=\"text-editor.default\">\n\t\t\t\t\t\t\t\t\t<ul><li><a href=\"https:\/\/iwell-guard.com\/is\/?page_id=168838\">Gabr\u00edel<\/a><\/li><li><a href=\"https:\/\/iwell-guard.com\/is\/?page_id=168758\">Mikael<\/a><\/li><\/ul>\t\t\t\t\t\t\t\t<\/div>\n\t\t\t\t<\/div>\n\t\t\t\t\t<\/div>\n\t\t\t\t<\/div>\n\t\t<div class=\"elementor-element elementor-element-grl4kl40 e-flex e-con-boxed e-con e-parent\" data-id=\"grl4kl40\" data-element_type=\"container\" data-e-type=\"container\">\n\t\t\t\t\t<div class=\"e-con-inner\">\n\t\t\t\t<div class=\"elementor-element elementor-element-bzsbfrmh elementor-widget elementor-widget-heading\" data-id=\"bzsbfrmh\" data-element_type=\"widget\" data-e-type=\"widget\" data-widget_type=\"heading.default\">\n\t\t\t\t\t<h2 class=\"elementor-heading-title elementor-size-default\">Heimildir og fr\u00e6\u00f0irit<\/h2>\t\t\t\t<\/div>\n\t\t<div class=\"elementor-element elementor-element-2c13224a e-con-full e-flex e-con e-child\" data-id=\"2c13224a\" data-element_type=\"container\" data-e-type=\"container\">\n\t\t\t\t<div class=\"elementor-element elementor-element-0eymh9ub elementor-widget elementor-widget-text-editor\" data-id=\"0eymh9ub\" data-element_type=\"widget\" data-e-type=\"widget\" data-widget_type=\"text-editor.default\">\n\t\t\t\t\t\t\t\t\t<footer data-nosnippet class=\"iwg-literatur-footer\"><ul><li><span data-nosnippet>Timothy J. Burge: <em>Angels in Islam: Jalal Abualrub&#8217;s Annotated Translation of Muhammad&#8217;s Description of Divine Beings<\/em>. Lamppost Productions, 2011.<\/span><\/li><\/ul><\/footer>\t\t\t\t\t\t\t\t<\/div>\n\t\t\t\t<\/div>\n\t\t\t\t\t<\/div>\n\t\t\t\t<\/div>\n\t\t\t\t<\/div>\n\t\t","protected":false},"excerpt":{"rendered":"","protected":false},"author":3,"featured_media":1597,"parent":0,"menu_order":0,"comment_status":"closed","ping_status":"closed","template":"elementor_header_footer","meta":{"_yoast_wpseo_focuskw":"Jibril","_yoast_wpseo_title":"Jibril - Opinberunarengill K\u00f3ransins og milllig\u00f6nguma\u00f0ur","_yoast_wpseo_metadesc":"Jibril, erkiengill \u00edslamskrar hef\u00f0ar, sta\u00f0festur skriflega um aldir: opinberunarengill K\u00f3ransins, fylgdarengill vi\u00f0 Isra og Mi'raj.","_yoast_wpseo_meta-robots-noindex":"","_yoast_wpseo_canonical":"","_angie_page":false,"gefaehrdungsstufe":"","wesen_kultur":"islam","wesen_klasse":"lichtwesen","footnotes":""},"categories":[],"class_list":["post-168839","page","type-page","status-publish","has-post-thumbnail","hentry"],"yoast_head":"<!-- This site is optimized with the Yoast SEO Premium plugin v27.7 (Yoast SEO v28.3) - https:\/\/yoast.com\/product\/yoast-seo-premium-wordpress\/ -->\n<title>Jibril - Opinberunarengill K\u00f3ransins og milllig\u00f6nguma\u00f0ur<\/title>\n<meta name=\"description\" content=\"Jibril, erkiengill \u00edslamskrar hef\u00f0ar, sta\u00f0festur skriflega um aldir: opinberunarengill K\u00f3ransins, fylgdarengill vi\u00f0 Isra og Mi&#039;raj.\" \/>\n<meta name=\"robots\" content=\"index, follow, max-snippet:-1, max-image-preview:large, max-video-preview:-1\" \/>\n<link rel=\"canonical\" href=\"https:\/\/iwell-guard.com\/is\/jibril\/\" \/>\n<meta property=\"og:locale\" content=\"is_IS\" \/>\n<meta property=\"og:type\" content=\"article\" \/>\n<meta property=\"og:title\" content=\"Jibril\" \/>\n<meta property=\"og:description\" content=\"Jibril, erkiengill \u00edslamskrar hef\u00f0ar, sta\u00f0festur skriflega um aldir: opinberunarengill K\u00f3ransins, fylgdarengill vi\u00f0 Isra og Mi&#039;raj.\" \/>\n<meta property=\"og:url\" content=\"https:\/\/iwell-guard.com\/is\/jibril\/\" \/>\n<meta property=\"og:site_name\" content=\"iWell Guard\" \/>\n<meta property=\"article:modified_time\" content=\"2026-09-05T14:20:49+00:00\" \/>\n<meta property=\"og:image\" content=\"https:\/\/iwell-guard.com\/wp-content\/uploads\/2026\/04\/goetter_islam_jibril.webp\" \/>\n\t<meta property=\"og:image:width\" content=\"1024\" \/>\n\t<meta property=\"og:image:height\" content=\"1536\" \/>\n\t<meta property=\"og:image:type\" content=\"image\/webp\" \/>\n<meta name=\"twitter:card\" content=\"summary_large_image\" \/>\n<script type=\"application\/ld+json\" class=\"yoast-schema-graph\">{\"@context\":\"https:\\\/\\\/schema.org\",\"@graph\":[{\"@type\":\"WebPage\",\"@id\":\"https:\\\/\\\/iwell-guard.com\\\/is\\\/jibril\\\/\",\"url\":\"https:\\\/\\\/iwell-guard.com\\\/is\\\/jibril\\\/\",\"name\":\"Jibril - Opinberunarengill K\u00f3ransins og milllig\u00f6nguma\u00f0ur\",\"isPartOf\":{\"@id\":\"https:\\\/\\\/iwell-guard.com\\\/is\\\/#website\"},\"primaryImageOfPage\":{\"@id\":\"https:\\\/\\\/iwell-guard.com\\\/is\\\/jibril\\\/#primaryimage\"},\"image\":{\"@id\":\"https:\\\/\\\/iwell-guard.com\\\/is\\\/jibril\\\/#primaryimage\"},\"thumbnailUrl\":\"https:\\\/\\\/iwell-guard.com\\\/wp-content\\\/uploads\\\/2026\\\/04\\\/goetter_islam_jibril.webp\",\"datePublished\":\"2026-09-05T14:03:25+00:00\",\"dateModified\":\"2026-09-05T14:20:49+00:00\",\"description\":\"Jibril, erkiengill \u00edslamskrar hef\u00f0ar, sta\u00f0festur skriflega um aldir: opinberunarengill K\u00f3ransins, fylgdarengill vi\u00f0 Isra og Mi'raj.\",\"breadcrumb\":{\"@id\":\"https:\\\/\\\/iwell-guard.com\\\/is\\\/jibril\\\/#breadcrumb\"},\"inLanguage\":\"is\",\"potentialAction\":[{\"@type\":\"ReadAction\",\"target\":[\"https:\\\/\\\/iwell-guard.com\\\/is\\\/jibril\\\/\"]}]},{\"@type\":\"ImageObject\",\"inLanguage\":\"is\",\"@id\":\"https:\\\/\\\/iwell-guard.com\\\/is\\\/jibril\\\/#primaryimage\",\"url\":\"https:\\\/\\\/iwell-guard.com\\\/wp-content\\\/uploads\\\/2026\\\/04\\\/goetter_islam_jibril.webp\",\"contentUrl\":\"https:\\\/\\\/iwell-guard.com\\\/wp-content\\\/uploads\\\/2026\\\/04\\\/goetter_islam_jibril.webp\",\"width\":1024,\"height\":1536,\"caption\":\"Gu\u00f0ir \u00far \u00edslamskri hef\u00f0.\"},{\"@type\":\"BreadcrumbList\",\"@id\":\"https:\\\/\\\/iwell-guard.com\\\/is\\\/jibril\\\/#breadcrumb\",\"itemListElement\":[{\"@type\":\"ListItem\",\"position\":1,\"name\":\"Start\",\"item\":\"https:\\\/\\\/iwell-guard.com\\\/is\\\/?page_id=168580\"},{\"@type\":\"ListItem\",\"position\":2,\"name\":\"Jibril\"}]},{\"@type\":\"WebSite\",\"@id\":\"https:\\\/\\\/iwell-guard.com\\\/is\\\/#website\",\"url\":\"https:\\\/\\\/iwell-guard.com\\\/is\\\/\",\"name\":\"iWell Guard\",\"description\":\"Schutz vor dunklen Einfl\u00fcssen\",\"publisher\":{\"@id\":\"https:\\\/\\\/iwell-guard.com\\\/is\\\/#organization\"},\"potentialAction\":[{\"@type\":\"SearchAction\",\"target\":{\"@type\":\"EntryPoint\",\"urlTemplate\":\"https:\\\/\\\/iwell-guard.com\\\/is\\\/?s={search_term_string}\"},\"query-input\":{\"@type\":\"PropertyValueSpecification\",\"valueRequired\":true,\"valueName\":\"search_term_string\"}}],\"inLanguage\":\"is\"},{\"@type\":\"Organization\",\"@id\":\"https:\\\/\\\/iwell-guard.com\\\/is\\\/#organization\",\"name\":\"Ittermann electronic GmbH\",\"url\":\"https:\\\/\\\/iwell-guard.com\\\/is\\\/\",\"logo\":{\"@type\":\"ImageObject\",\"inLanguage\":\"is\",\"@id\":\"https:\\\/\\\/iwell-guard.com\\\/is\\\/#\\\/schema\\\/logo\\\/image\\\/\",\"url\":\"https:\\\/\\\/iwell-guard.com\\\/wp-content\\\/uploads\\\/2026\\\/05\\\/Ittermann-Logo-1182x237-1.png\",\"contentUrl\":\"https:\\\/\\\/iwell-guard.com\\\/wp-content\\\/uploads\\\/2026\\\/05\\\/Ittermann-Logo-1182x237-1.png\",\"width\":1182,\"height\":237,\"caption\":\"Ittermann electronic GmbH\"},\"image\":{\"@id\":\"https:\\\/\\\/iwell-guard.com\\\/is\\\/#\\\/schema\\\/logo\\\/image\\\/\"},\"sameAs\":[\"https:\\\/\\\/pantip.com\\\/profile\\\/9367242\",\"https:\\\/\\\/micro.blog\\\/iwellguard\",\"https:\\\/\\\/www.diggerslist.com\\\/iwellguard\\\/about\",\"https:\\\/\\\/skitterphoto.com\\\/photographers\\\/2870314\\\/iwell-guard\",\"https:\\\/\\\/iwellguard.wordpress.com\\\/2026\\\/06\\\/06\\\/iwell-guard\\\/\",\"https:\\\/\\\/hub.docker.com\\\/u\\\/iwellguard\",\"https:\\\/\\\/www.pinterest.com\\\/iwellguard\\\/\",\"https:\\\/\\\/bit.ly\\\/m\\\/iwellguard\",\"https:\\\/\\\/entre-vos-mains.alsace.eu\\\/profiles\\\/iwellguard\\\/activity\",\"https:\\\/\\\/gravatar.com\\\/reallybeded8fd34\",\"https:\\\/\\\/naijamatta.com\\\/iwellguard\",\"https:\\\/\\\/www.goodreads.com\\\/iwellguard\",\"https:\\\/\\\/profile.hatena.ne.jp\\\/iwellguard\\\/\",\"https:\\\/\\\/experiment.com\\\/users\\\/iwellguard\",\"https:\\\/\\\/wakelet.com\\\/@iWellGuard82270\",\"https:\\\/\\\/www.chordie.com\\\/forum\\\/profile.php?id=2555664\",\"https:\\\/\\\/www.instapaper.com\\\/p\\\/17757966\",\"https:\\\/\\\/www.mapleprimes.com\\\/users\\\/iwellguard\",\"https:\\\/\\\/businesslistingplus.com\\\/profile\\\/iwell-guard\\\/\",\"https:\\\/\\\/telegra.ph\\\/iWell-Guard-06-06\",\"https:\\\/\\\/pbase.com\\\/iwellguard\\\/iwellguard\",\"https:\\\/\\\/b.hatena.ne.jp\\\/iwellguard\\\/20260607#bookmark-4788405196491818882\",\"https:\\\/\\\/fliphtml5.com\\\/home\\\/iwellguard\",\"https:\\\/\\\/anyflip.com\\\/homepage\\\/cmiwl#About\",\"https:\\\/\\\/transfur.com\\\/Users\\\/iwellguard\",\"http:\\\/\\\/delphi.larsbo.org\\\/user\\\/iwellguard\",\"https:\\\/\\\/jobs.lajobsportal.org\\\/profiles\\\/8380803-iwell-guard\",\"https:\\\/\\\/md.chaosdorf.de\\\/s\\\/jfbe5SBdJD\",\"https:\\\/\\\/www.lingvolive.com\\\/en-us\\\/profile\\\/9ecaeaca-ce11-4e51-9e71-01d55e2bff36\\\/translations\",\"https:\\\/\\\/www.fitday.com\\\/fitness\\\/forums\\\/members\\\/iwellguard.html\",\"https:\\\/\\\/www.mymeetbook.com\\\/iwellguard\",\"https:\\\/\\\/pxhere.com\\\/en\\\/photographer-me\\\/5040798\",\"https:\\\/\\\/disqus.com\\\/by\\\/iwellguard\\\/about\\\/\",\"https:\\\/\\\/pastelink.net\\\/hjwciqwq\",\"https:\\\/\\\/pubhtml5.com\\\/homepage\\\/scjhn\\\/\",\"https:\\\/\\\/www.bitchute.com\\\/channel\\\/2O2eOKzNqujT\",\"https:\\\/\\\/audiomack.com\\\/iwellguard\"]},{\"@type\":\"Article\",\"@id\":\"https:\\\/\\\/iwell-guard.com\\\/is\\\/jibril\\\/#article\",\"isPartOf\":{\"@id\":\"https:\\\/\\\/iwell-guard.com\\\/is\\\/jibril\\\/\"},\"author\":{\"name\":\"Ralf Ittermann\",\"@id\":\"https:\\\/\\\/iwell-guard.com\\\/is\\\/#\\\/schema\\\/person\\\/ee2a27f1cac3406c7c6fb5820cb7349f\"},\"headline\":\"Jibril\",\"datePublished\":\"2026-09-05T14:03:25+00:00\",\"dateModified\":\"2026-09-05T14:20:49+00:00\",\"mainEntityOfPage\":{\"@id\":\"https:\\\/\\\/iwell-guard.com\\\/is\\\/jibril\\\/\"},\"publisher\":{\"@id\":\"https:\\\/\\\/iwell-guard.com\\\/is\\\/#organization\"},\"image\":{\"@id\":\"https:\\\/\\\/iwell-guard.com\\\/is\\\/jibril\\\/#primaryimage\"},\"thumbnailUrl\":\"https:\\\/\\\/iwell-guard.com\\\/wp-content\\\/uploads\\\/2026\\\/04\\\/goetter_islam_jibril.webp\",\"inLanguage\":\"is\",\"description\":\"Jibril, erkiengill \u00edslamskrar hef\u00f0ar, sta\u00f0festur skriflega um aldir: opinberunarengill K\u00f3ransins, fylgdarengill vi\u00f0 Isra og Mi'raj.\"}]}<\/script>\n<!-- \/ Yoast SEO Premium plugin. -->","yoast_head_json":{"title":"Jibril - Opinberunarengill K\u00f3ransins og milllig\u00f6nguma\u00f0ur","description":"Jibril, erkiengill \u00edslamskrar hef\u00f0ar, sta\u00f0festur skriflega um aldir: opinberunarengill K\u00f3ransins, fylgdarengill vi\u00f0 Isra og Mi'raj.","robots":{"index":"index","follow":"follow","max-snippet":"max-snippet:-1","max-image-preview":"max-image-preview:large","max-video-preview":"max-video-preview:-1"},"canonical":"https:\/\/iwell-guard.com\/is\/jibril\/","og_locale":"is_IS","og_type":"article","og_title":"Jibril","og_description":"Jibril, erkiengill \u00edslamskrar hef\u00f0ar, sta\u00f0festur skriflega um aldir: opinberunarengill K\u00f3ransins, fylgdarengill vi\u00f0 Isra og Mi'raj.","og_url":"https:\/\/iwell-guard.com\/is\/jibril\/","og_site_name":"iWell Guard","article_modified_time":"2026-09-05T14:20:49+00:00","og_image":[{"width":1024,"height":1536,"url":"https:\/\/iwell-guard.com\/wp-content\/uploads\/2026\/04\/goetter_islam_jibril.webp","type":"image\/webp"}],"twitter_card":"summary_large_image","schema":{"@context":"https:\/\/schema.org","@graph":[{"@type":"Article","@id":"https:\/\/iwell-guard.com\/is\/jibril\/#article","isPartOf":{"@id":"https:\/\/iwell-guard.com\/is\/jibril\/"},"author":{"name":"Ralf Ittermann","@id":"https:\/\/iwell-guard.com\/is\/#\/schema\/person\/ee2a27f1cac3406c7c6fb5820cb7349f"},"headline":"Jibril","datePublished":"2026-09-05T14:03:25+00:00","dateModified":"2026-09-05T14:20:49+00:00","mainEntityOfPage":{"@id":"https:\/\/iwell-guard.com\/is\/jibril\/"},"publisher":{"@id":"https:\/\/iwell-guard.com\/is\/#organization"},"image":{"@id":"https:\/\/iwell-guard.com\/is\/jibril\/#primaryimage"},"thumbnailUrl":"https:\/\/iwell-guard.com\/wp-content\/uploads\/2026\/04\/goetter_islam_jibril.webp","inLanguage":"is","description":"Jibril, erkiengill \u00edslamskrar hef\u00f0ar, sta\u00f0festur skriflega um aldir: opinberunarengill K\u00f3ransins, fylgdarengill vi\u00f0 Isra og Mi'raj."},{"@type":"WebPage","@id":"https:\/\/iwell-guard.com\/is\/jibril\/","url":"https:\/\/iwell-guard.com\/is\/jibril\/","name":"Jibril - Opinberunarengill K\u00f3ransins og milllig\u00f6nguma\u00f0ur","isPartOf":{"@id":"https:\/\/iwell-guard.com\/is\/#website"},"primaryImageOfPage":{"@id":"https:\/\/iwell-guard.com\/is\/jibril\/#primaryimage"},"image":{"@id":"https:\/\/iwell-guard.com\/is\/jibril\/#primaryimage"},"thumbnailUrl":"https:\/\/iwell-guard.com\/wp-content\/uploads\/2026\/04\/goetter_islam_jibril.webp","datePublished":"2026-09-05T14:03:25+00:00","dateModified":"2026-09-05T14:20:49+00:00","description":"Jibril, erkiengill \u00edslamskrar hef\u00f0ar, sta\u00f0festur skriflega um aldir: opinberunarengill K\u00f3ransins, fylgdarengill vi\u00f0 Isra og Mi'raj.","breadcrumb":{"@id":"https:\/\/iwell-guard.com\/is\/jibril\/#breadcrumb"},"inLanguage":"is","potentialAction":[{"@type":"ReadAction","target":["https:\/\/iwell-guard.com\/is\/jibril\/"]}]},{"@type":"ImageObject","inLanguage":"is","@id":"https:\/\/iwell-guard.com\/is\/jibril\/#primaryimage","url":"https:\/\/iwell-guard.com\/wp-content\/uploads\/2026\/04\/goetter_islam_jibril.webp","contentUrl":"https:\/\/iwell-guard.com\/wp-content\/uploads\/2026\/04\/goetter_islam_jibril.webp","width":1024,"height":1536,"caption":"Gu\u00f0ir \u00far \u00edslamskri hef\u00f0."},{"@type":"BreadcrumbList","@id":"https:\/\/iwell-guard.com\/is\/jibril\/#breadcrumb","itemListElement":[{"@type":"ListItem","position":1,"name":"Start","item":"https:\/\/iwell-guard.com\/is\/?page_id=168580"},{"@type":"ListItem","position":2,"name":"Jibril"}]},{"@type":"WebSite","@id":"https:\/\/iwell-guard.com\/is\/#website","url":"https:\/\/iwell-guard.com\/is\/","name":"iWell Guard","description":"Schutz vor dunklen Einfl\u00fcssen","publisher":{"@id":"https:\/\/iwell-guard.com\/is\/#organization"},"potentialAction":[{"@type":"SearchAction","target":{"@type":"EntryPoint","urlTemplate":"https:\/\/iwell-guard.com\/is\/?s={search_term_string}"},"query-input":{"@type":"PropertyValueSpecification","valueRequired":true,"valueName":"search_term_string"}}],"inLanguage":"is"},{"@type":"Organization","@id":"https:\/\/iwell-guard.com\/is\/#organization","name":"Ittermann electronic GmbH","url":"https:\/\/iwell-guard.com\/is\/","logo":{"@type":"ImageObject","inLanguage":"is","@id":"https:\/\/iwell-guard.com\/is\/#\/schema\/logo\/image\/","url":"https:\/\/iwell-guard.com\/wp-content\/uploads\/2026\/05\/Ittermann-Logo-1182x237-1.png","contentUrl":"https:\/\/iwell-guard.com\/wp-content\/uploads\/2026\/05\/Ittermann-Logo-1182x237-1.png","width":1182,"height":237,"caption":"Ittermann electronic GmbH"},"image":{"@id":"https:\/\/iwell-guard.com\/is\/#\/schema\/logo\/image\/"},"sameAs":["https:\/\/pantip.com\/profile\/9367242","https:\/\/micro.blog\/iwellguard","https:\/\/www.diggerslist.com\/iwellguard\/about","https:\/\/skitterphoto.com\/photographers\/2870314\/iwell-guard","https:\/\/iwellguard.wordpress.com\/2026\/06\/06\/iwell-guard\/","https:\/\/hub.docker.com\/u\/iwellguard","https:\/\/www.pinterest.com\/iwellguard\/","https:\/\/bit.ly\/m\/iwellguard","https:\/\/entre-vos-mains.alsace.eu\/profiles\/iwellguard\/activity","https:\/\/gravatar.com\/reallybeded8fd34","https:\/\/naijamatta.com\/iwellguard","https:\/\/www.goodreads.com\/iwellguard","https:\/\/profile.hatena.ne.jp\/iwellguard\/","https:\/\/experiment.com\/users\/iwellguard","https:\/\/wakelet.com\/@iWellGuard82270","https:\/\/www.chordie.com\/forum\/profile.php?id=2555664","https:\/\/www.instapaper.com\/p\/17757966","https:\/\/www.mapleprimes.com\/users\/iwellguard","https:\/\/businesslistingplus.com\/profile\/iwell-guard\/","https:\/\/telegra.ph\/iWell-Guard-06-06","https:\/\/pbase.com\/iwellguard\/iwellguard","https:\/\/b.hatena.ne.jp\/iwellguard\/20260607#bookmark-4788405196491818882","https:\/\/fliphtml5.com\/home\/iwellguard","https:\/\/anyflip.com\/homepage\/cmiwl#About","https:\/\/transfur.com\/Users\/iwellguard","http:\/\/delphi.larsbo.org\/user\/iwellguard","https:\/\/jobs.lajobsportal.org\/profiles\/8380803-iwell-guard","https:\/\/md.chaosdorf.de\/s\/jfbe5SBdJD","https:\/\/www.lingvolive.com\/en-us\/profile\/9ecaeaca-ce11-4e51-9e71-01d55e2bff36\/translations","https:\/\/www.fitday.com\/fitness\/forums\/members\/iwellguard.html","https:\/\/www.mymeetbook.com\/iwellguard","https:\/\/pxhere.com\/en\/photographer-me\/5040798","https:\/\/disqus.com\/by\/iwellguard\/about\/","https:\/\/pastelink.net\/hjwciqwq","https:\/\/pubhtml5.com\/homepage\/scjhn\/","https:\/\/www.bitchute.com\/channel\/2O2eOKzNqujT","https:\/\/audiomack.com\/iwellguard"]},{"@type":"Person","@id":"https:\/\/iwell-guard.com\/is\/#\/schema\/person\/ee2a27f1cac3406c7c6fb5820cb7349f","name":"Ralf Ittermann","image":{"@type":"ImageObject","inLanguage":"is","@id":"https:\/\/secure.gravatar.com\/avatar\/073c0153e350a5005b68eb752b445fea71f6b24a26da9449ad7e155e6b446c9d?s=96&d=mm&r=g","url":"https:\/\/secure.gravatar.com\/avatar\/073c0153e350a5005b68eb752b445fea71f6b24a26da9449ad7e155e6b446c9d?s=96&d=mm&r=g","contentUrl":"https:\/\/secure.gravatar.com\/avatar\/073c0153e350a5005b68eb752b445fea71f6b24a26da9449ad7e155e6b446c9d?s=96&d=mm&r=g","caption":"Ralf Ittermann"},"givenName":"Ralf","familyName":"Ittermann","jobTitle":"Gesch\u00e4ftsf\u00fchrer und redaktioneller Verantwortlicher","url":"https:\/\/iwell-guard.com\/is\/author\/claude\/","description":"Ralf Ittermann ist Gesch\u00e4ftsf\u00fchrer der Ittermann electronic GmbH und redaktioneller Verantwortlicher des iWell-Guard-Lexikons. Er verbindet langj\u00e4hrige Erfahrung in der Pr\u00e4zisionsfertigung mit medialer Praxis und religionsgeschichtlicher Quellenarbeit.","worksFor":{"@type":"Organization","name":"Ittermann electronic GmbH","url":"https:\/\/ittermann.de\/","address":{"@type":"PostalAddress","streetAddress":"K\u00f6hlergasse 16-18","postalCode":"99842","addressLocality":"Ruhla","addressCountry":"DE"}},"knowsAbout":["Religionsgeschichte","Mythologie","Mediale Praxis","Energetische Diagnostik","Schutzpraxis","Volksglauben","Westliche Esoterik"]},{"@type":"Article","@id":"https:\/\/iwell-guard.com\/is\/jibril\/#article","isPartOf":{"@id":"https:\/\/iwell-guard.com\/is\/jibril\/"},"author":{"name":"Ralf Ittermann","@id":"https:\/\/iwell-guard.com\/is\/#\/schema\/person\/ee2a27f1cac3406c7c6fb5820cb7349f"},"headline":"Jibril","datePublished":"2026-09-05T14:03:25+00:00","dateModified":"2026-09-05T14:20:49+00:00","mainEntityOfPage":{"@id":"https:\/\/iwell-guard.com\/is\/jibril\/"},"publisher":{"@id":"https:\/\/iwell-guard.com\/is\/#organization"},"image":{"@id":"https:\/\/iwell-guard.com\/is\/jibril\/#primaryimage"},"thumbnailUrl":"https:\/\/iwell-guard.com\/wp-content\/uploads\/2026\/04\/goetter_islam_jibril.webp","inLanguage":"is","description":"Jibril, erkiengill \u00edslamskrar hef\u00f0ar, sta\u00f0festur skriflega um aldir: opinberunarengill K\u00f3ransins, fylgdarengill vi\u00f0 Isra og Mi'raj."}]}},"_links":{"self":[{"href":"https:\/\/iwell-guard.com\/is\/wp-json\/wp\/v2\/pages\/168839","targetHints":{"allow":["GET"]}}],"collection":[{"href":"https:\/\/iwell-guard.com\/is\/wp-json\/wp\/v2\/pages"}],"about":[{"href":"https:\/\/iwell-guard.com\/is\/wp-json\/wp\/v2\/types\/page"}],"author":[{"embeddable":true,"href":"https:\/\/iwell-guard.com\/is\/wp-json\/wp\/v2\/users\/3"}],"replies":[{"embeddable":true,"href":"https:\/\/iwell-guard.com\/is\/wp-json\/wp\/v2\/comments?post=168839"}],"version-history":[{"count":0,"href":"https:\/\/iwell-guard.com\/is\/wp-json\/wp\/v2\/pages\/168839\/revisions"}],"wp:featuredmedia":[{"embeddable":true,"href":"https:\/\/iwell-guard.com\/is\/wp-json\/wp\/v2\/media\/1597"}],"wp:attachment":[{"href":"https:\/\/iwell-guard.com\/is\/wp-json\/wp\/v2\/media?parent=168839"}],"wp:term":[{"taxonomy":"category","embeddable":true,"href":"https:\/\/iwell-guard.com\/is\/wp-json\/wp\/v2\/categories?post=168839"}],"curies":[{"name":"wp","href":"https:\/\/api.w.org\/{rel}","templated":true}]}}