{"id":168838,"date":"2026-09-05T14:03:24","date_gmt":"2026-09-05T14:03:24","guid":{"rendered":"https:\/\/iwell-guard.com\/?page_id=168838"},"modified":"2026-09-05T14:20:45","modified_gmt":"2026-09-05T14:20:45","slug":"gabriel","status":"publish","type":"page","link":"https:\/\/iwell-guard.com\/is\/gabriel\/","title":{"rendered":"Gabriel"},"content":{"rendered":"\t\t<div data-elementor-type=\"wp-page\" data-elementor-id=\"168838\" class=\"elementor elementor-168838 elementor-2140 elementor-bc-flex-widget\" data-elementor-post-type=\"page\">\n\t\t\t\t<div class=\"elementor-element elementor-element-10fdade e-flex e-con-boxed e-con e-parent\" data-id=\"10fdade\" data-element_type=\"container\" data-e-type=\"container\" data-settings=\"{&quot;background_background&quot;:&quot;classic&quot;}\">\n\t\t\t\t\t<div class=\"e-con-inner\">\n\t\t<div class=\"elementor-element elementor-element-herohlft0 e-flex e-con-boxed e-con e-child\" data-id=\"herohlft0\" data-element_type=\"container\" data-e-type=\"container\">\n\t\t\t\t\t<div class=\"e-con-inner\">\n\t\t<div class=\"elementor-element elementor-element-c3ceb64 e-con-full e-flex e-con e-child\" data-id=\"c3ceb64\" data-element_type=\"container\" data-e-type=\"container\">\n\t\t\t\t<div class=\"elementor-element elementor-element-96ae5e1 elementor-widget elementor-widget-heading\" data-id=\"96ae5e1\" data-element_type=\"widget\" data-e-type=\"widget\" data-widget_type=\"heading.default\">\n\t\t\t\t\t<h1 class=\"elementor-heading-title elementor-size-default\">Gabr\u00edel, gu\u00f0 hinnar hebresku hef\u00f0ar<\/h1>\t\t\t\t<\/div>\n\t\t\t\t<div class=\"elementor-element elementor-element-e45238a elementor-widget elementor-widget-text-editor\" data-id=\"e45238a\" data-element_type=\"widget\" data-e-type=\"widget\" data-widget_type=\"text-editor.default\">\n\t\t\t\t\t\t\t\t\t<p>Gabr\u00edel er erkiengilsf\u00edg\u00fara hebreskrar hef\u00f0ar, bo\u00f0beri gu\u00f0legra skilabo\u00f0a og gerandi \u00ed heimsslitasenum. Tr\u00faarbrag\u00f0afr\u00e6\u00f0ileg \u00fe\u00fd\u00f0ing hans felst \u00ed millig\u00f6ngu milli himins og jar\u00f0ar, \u00ed opinberun vilja Gu\u00f0s og \u00ed m\u00f3tun hebreska engladra\u00f0arkan\u00f3nunnar.<\/p>\t\t\t\t\t\t\t\t<\/div>\n\t\t\t\t<\/div>\n\t\t<div class=\"elementor-element elementor-element-klsbdg01 e-con-full e-flex e-con e-parent\" data-id=\"klsbdg01\" data-element_type=\"container\" data-e-type=\"container\">\n\t\t\t\t<div class=\"elementor-element elementor-element-klshtm01 elementor-widget elementor-widget-html\" data-id=\"klshtm01\" data-element_type=\"widget\" data-e-type=\"widget\" data-widget_type=\"html.default\">\n\t\t\t\t\t<div class=\"iwg-pill-row\"><span class=\"iwg-klasse-badge\" tabindex=\"0\" data-tooltip=\"Lj\u00f3sverur: Uppl\u00fdstar, verndandi e\u00f0a kennandi verur, erkienglar, uppstigningarmeistarar, lj\u00f3sar n\u00e1tt\u00faruverur. \u00cd n\u00fdrri og eldri andlegum hef\u00f0um l\u00fdst sem hj\u00e1lpar- og kennaraverur.\">Lj\u00f3svera<\/span><a href=\"https:\/\/iwell-guard.com\/is\/?page_id=168613\" class=\"iwg-kultur-badge\" tabindex=\"0\" data-tooltip=\"\u00cdslamskur tr\u00faarheimur me\u00f0 erkienglum, djinnum og tr\u00faarlegum verum.\">\u00cdslam<\/a><span class=\"iwg-tradition-badge\" tabindex=\"0\" data-tooltip=\"Erkiengill, h\u00e6sta engladeild \u00ed hef\u00f0 Gy\u00f0inga, kristinna og m\u00faslima.\">Erkiengill<\/span><\/div>\t\t\t\t<\/div>\n\t\t\t\t<\/div>\n\t\t<div class=\"elementor-element elementor-element-3f74855 e-con-full e-flex e-con e-child\" data-id=\"3f74855\" data-element_type=\"container\" data-e-type=\"container\">\n\t\t\t\t<div class=\"elementor-element elementor-element-1c30362 elementor-toc--minimized-on-tablet elementor-widget elementor-widget-table-of-contents\" data-id=\"1c30362\" data-element_type=\"widget\" data-e-type=\"widget\" data-settings=\"{&quot;exclude_headings_by_selector&quot;:[],&quot;no_headings_message&quot;:&quot;Engar undirfyrirsagnir fundust \\u00e1 \\u00feessari s\\u00ed\\u00f0u.&quot;,&quot;headings_by_tags&quot;:[&quot;h2&quot;,&quot;h3&quot;],&quot;marker_view&quot;:&quot;bullets&quot;,&quot;minimize_box&quot;:&quot;yes&quot;,&quot;icon&quot;:{&quot;value&quot;:&quot;fas fa-circle&quot;,&quot;library&quot;:&quot;fa-solid&quot;,&quot;rendered_tag&quot;:&quot;&lt;svg class=\\&quot;e-font-icon-svg e-fas-circle\\&quot; viewBox=\\&quot;0 0 512 512\\&quot; xmlns=\\&quot;http:\\\/\\\/www.w3.org\\\/2000\\\/svg\\&quot;&gt;&lt;path d=\\&quot;M256 8C119 8 8 119 8 256s111 248 248 248 248-111 248-248S393 8 256 8z\\&quot;&gt;&lt;\\\/path&gt;&lt;\\\/svg&gt;&quot;},&quot;minimized_on&quot;:&quot;tablet&quot;,&quot;hierarchical_view&quot;:&quot;yes&quot;,&quot;min_height&quot;:{&quot;unit&quot;:&quot;px&quot;,&quot;size&quot;:&quot;&quot;,&quot;sizes&quot;:[]},&quot;min_height_tablet&quot;:{&quot;unit&quot;:&quot;px&quot;,&quot;size&quot;:&quot;&quot;,&quot;sizes&quot;:[]},&quot;min_height_mobile&quot;:{&quot;unit&quot;:&quot;px&quot;,&quot;size&quot;:&quot;&quot;,&quot;sizes&quot;:[]}}\" data-widget_type=\"table-of-contents.default\">\n\t\t\t\t\t\t\t\t\t<div class=\"elementor-toc__header\">\n\t\t\t\t\t\t<h2 class=\"elementor-toc__header-title\">\n\t\t\t\tEfnisyfirlit\t\t\t<\/h2>\n\t\t\t\t\t\t\t\t\t\t<div class=\"elementor-toc__toggle-button elementor-toc__toggle-button--expand\" role=\"button\" tabindex=\"0\" aria-controls=\"elementor-toc__1c30362\" aria-expanded=\"true\" aria-label=\"Open table of contents\"><svg aria-hidden=\"true\" class=\"e-font-icon-svg e-fas-chevron-down\" viewBox=\"0 0 448 512\" xmlns=\"http:\/\/www.w3.org\/2000\/svg\"><path d=\"M207.029 381.476L12.686 187.132c-9.373-9.373-9.373-24.569 0-33.941l22.667-22.667c9.357-9.357 24.522-9.375 33.901-.04L224 284.505l154.745-154.021c9.379-9.335 24.544-9.317 33.901.04l22.667 22.667c9.373 9.373 9.373 24.569 0 33.941L240.971 381.476c-9.373 9.372-24.569 9.372-33.942 0z\"><\/path><\/svg><\/div>\n\t\t\t\t<div class=\"elementor-toc__toggle-button elementor-toc__toggle-button--collapse\" role=\"button\" tabindex=\"0\" aria-controls=\"elementor-toc__1c30362\" aria-expanded=\"true\" aria-label=\"Close table of contents\"><svg aria-hidden=\"true\" class=\"e-font-icon-svg e-fas-chevron-up\" viewBox=\"0 0 448 512\" xmlns=\"http:\/\/www.w3.org\/2000\/svg\"><path d=\"M240.971 130.524l194.343 194.343c9.373 9.373 9.373 24.569 0 33.941l-22.667 22.667c-9.357 9.357-24.522 9.375-33.901.04L224 227.495 69.255 381.516c-9.379 9.335-24.544 9.317-33.901-.04l-22.667-22.667c-9.373-9.373-9.373-24.569 0-33.941L207.03 130.525c9.372-9.373 24.568-9.373 33.941-.001z\"><\/path><\/svg><\/div>\n\t\t\t\t\t<\/div>\n\t\t\t\t<div id=\"elementor-toc__1c30362\" class=\"elementor-toc__body\">\n\t\t\t<div class=\"elementor-toc__spinner-container\">\n\t\t\t\t<svg class=\"elementor-toc__spinner eicon-animation-spin e-font-icon-svg e-eicon-loading\" aria-hidden=\"true\" viewBox=\"0 0 1000 1000\" xmlns=\"http:\/\/www.w3.org\/2000\/svg\"><path d=\"M500 975V858C696 858 858 696 858 500S696 142 500 142 142 304 142 500H25C25 237 238 25 500 25S975 237 975 500 763 975 500 975Z\"><\/path><\/svg>\t\t\t<\/div>\n\t\t<\/div>\n\t\t\t\t\t\t<\/div>\n\t\t\t\t<\/div>\n\t\t\t\t\t<\/div>\n\t\t\t\t<\/div>\n\t\t<div class=\"elementor-element elementor-element-herorght0 e-con-full e-flex e-con e-child\" data-id=\"herorght0\" data-element_type=\"container\" data-e-type=\"container\">\n\t\t\t\t<div class=\"elementor-element elementor-element-heroimg00 iwg-hero-image elementor-widget elementor-widget-image\" data-id=\"heroimg00\" data-element_type=\"widget\" data-e-type=\"widget\" data-widget_type=\"image.default\">\n\t\t\t\t\t\t\t\t\t\t\t\t\t\t\t<img fetchpriority=\"high\" decoding=\"async\" width=\"683\" height=\"1024\" src=\"https:\/\/iwell-guard.com\/wp-content\/uploads\/2026\/04\/goetter_judentum_gabriel-683x1024.webp\" class=\"attachment-large size-large wp-image-171092\" alt=\"Gabr\u00edel - gu\u00f0ir \u00far hef\u00f0 j\u00fadaisma, s\u00f6guleg myndskreyting\" srcset=\"https:\/\/iwell-guard.com\/wp-content\/uploads\/2026\/04\/goetter_judentum_gabriel-683x1024.webp 683w, https:\/\/iwell-guard.com\/wp-content\/uploads\/2026\/04\/goetter_judentum_gabriel-200x300.webp 200w, https:\/\/iwell-guard.com\/wp-content\/uploads\/2026\/04\/goetter_judentum_gabriel-768x1152.webp 768w, https:\/\/iwell-guard.com\/wp-content\/uploads\/2026\/04\/goetter_judentum_gabriel.webp 1024w\" sizes=\"(max-width: 683px) 100vw, 683px\" \/>\t\t\t\t\t\t\t\t\t\t\t\t\t\t\t<\/div>\n\t\t\t\t<\/div>\n\t\t\t\t\t<\/div>\n\t\t\t\t<\/div>\n\t\t<div class=\"elementor-element elementor-element-32917199 e-flex e-con-boxed e-con e-parent\" data-id=\"32917199\" data-element_type=\"container\" data-e-type=\"container\">\n\t\t\t\t\t<div class=\"e-con-inner\">\n\t\t<div class=\"elementor-element elementor-element-26e916cb e-flex e-con-boxed e-con e-child\" data-id=\"26e916cb\" data-element_type=\"container\" data-e-type=\"container\">\n\t\t\t\t\t<div class=\"e-con-inner\">\n\t\t<div class=\"elementor-element elementor-element-253a40d4 e-flex e-con-boxed e-con e-child\" data-id=\"253a40d4\" data-element_type=\"container\" data-e-type=\"container\">\n\t\t\t\t\t<div class=\"e-con-inner\">\n\t\t\t\t<div class=\"elementor-element elementor-element-1200c304 elementor-widget elementor-widget-heading\" data-id=\"1200c304\" data-element_type=\"widget\" data-e-type=\"widget\" data-widget_type=\"heading.default\">\n\t\t\t\t\t<h2 class=\"elementor-heading-title elementor-size-default\">Gabriel<\/h2>\t\t\t\t<\/div>\n\t\t\t\t<div class=\"elementor-element elementor-element-11758e7f elementor-widget elementor-widget-text-editor\" data-id=\"11758e7f\" data-element_type=\"widget\" data-e-type=\"widget\" data-widget_type=\"text-editor.default\">\n\t\t\t\t\t\t\t\t\t<p>Gabr\u00edel gegnir hlutverki sendibo\u00f0a Gu\u00f0s og millig\u00f6ngua\u00f0ila gu\u00f0legs vilja. Eiginleikar hans eru kraftur, sannleikur og bein n\u00e1l\u00e6g\u00f0 vi\u00f0 h\u00e1s\u00e6ti Gu\u00f0s. Meginminni eru s\u00fdnir Dan\u00edels (Dan 8, 9), \u00fear sem Gabr\u00edel opinberar heimsslitat\u00edma; bo\u00f0un J\u00f3hannesar sk\u00edrara (Lk 1:11, 20, a\u00f0eins kristin hef\u00f0); og dulspekilegar-kabbal\u00edskar hlutverk \u00ed Enoksritum og Z\u00f3har-hef\u00f0um.<\/p>\t\t\t\t\t\t\t\t<\/div>\n\t\t\t\t\t<\/div>\n\t\t\t\t<\/div>\n\t\t<div class=\"elementor-element elementor-element-159dcf9a e-flex e-con-boxed e-con e-child\" data-id=\"159dcf9a\" data-element_type=\"container\" data-e-type=\"container\">\n\t\t\t\t\t<div class=\"e-con-inner\">\n\t\t\t\t<div class=\"elementor-element elementor-element-48cee66f elementor-widget elementor-widget-heading\" data-id=\"48cee66f\" data-element_type=\"widget\" data-e-type=\"widget\" data-widget_type=\"heading.default\">\n\t\t\t\t\t<h2 class=\"elementor-heading-title elementor-size-default\">Stutt yfirlit: Gabr\u00edel<\/h2>\t\t\t\t<\/div>\n\t\t\t\t<div class=\"elementor-element elementor-element-3f50d82c elementor-widget elementor-widget-text-editor\" data-id=\"3f50d82c\" data-element_type=\"widget\" data-e-type=\"widget\" data-widget_type=\"text-editor.default\">\n\t\t\t\t\t\t\t\t\t<p>Gabr\u00edel \u00e1 r\u00e6tur \u00ed frumheimildum Bibl\u00edunnar: Dan\u00edelsb\u00f3k (8:16, 9:21) og ap\u00f3kr\u00fdfum ritum (Enok 1-2, T\u00f3b\u00edt 3:17). T\u00edmasetning ritanna er \u00e1 hellen\u00edsku t\u00edmabilinu (2.-1. \u00f6ld f.Kr.).<\/p><p>Ranns\u00f3knir \u00e1 hebreskri hef\u00f0 greina Gabr\u00edel me\u00f0al annars \u00ed verkum Scholem (Judaica, <span class=\"iwg-fachbegriff\" tabindex=\"0\" data-tooltip=\"Tr\u00faarleg stefna sem leggur \u00e1herslu \u00e1 beina gu\u00f0sreynslu; mi\u00f0l\u00e6g \u00ed hebreskri, kristinni og \u00edslamskri hef\u00f0.\">dulspeki<\/span>), Bietenhard (englafr\u00e6\u00f0i), Hughes (Dictionary of Islam, samanbur\u00f0arsj\u00f3narhorn) og McLeod (samsv\u00f6run milli Judaism og \u00edslam). Ranns\u00f3knarsta\u00f0an s\u00fdnir Gabr\u00edel sem frummynd erkiengils \u00ed Mi\u00f0austurl\u00f6ndum.<\/p>\t\t\t\t\t\t\t\t<\/div>\n\t\t\t\t\t<\/div>\n\t\t\t\t<\/div>\n\t\t\t\t\t<\/div>\n\t\t\t\t<\/div>\n\t\t\t\t\t<\/div>\n\t\t\t\t<\/div>\n\t\t<div class=\"elementor-element elementor-element-18613602 e-flex e-con-boxed e-con e-parent\" data-id=\"18613602\" data-element_type=\"container\" data-e-type=\"container\">\n\t\t\t\t\t<div class=\"e-con-inner\">\n\t\t\t\t<div class=\"elementor-element elementor-element-262b8a9f elementor-widget elementor-widget-heading\" data-id=\"262b8a9f\" data-element_type=\"widget\" data-e-type=\"widget\" data-widget_type=\"heading.default\">\n\t\t\t\t\t<h2 class=\"elementor-heading-title elementor-size-default\">Samhengi<\/h2>\t\t\t\t<\/div>\n\t\t<div class=\"elementor-element elementor-element-46dcb7d e-con-full e-flex e-con e-child\" data-id=\"46dcb7d\" data-element_type=\"container\" data-e-type=\"container\">\n\t\t<div class=\"elementor-element elementor-element-61d3ab3 e-flex e-con-boxed e-con e-child\" data-id=\"61d3ab3\" data-element_type=\"container\" data-e-type=\"container\">\n\t\t\t\t\t<div class=\"e-con-inner\">\n\t\t\t\t<div class=\"elementor-element elementor-element-117c166 elementor-widget elementor-widget-heading\" data-id=\"117c166\" data-element_type=\"widget\" data-e-type=\"widget\" data-widget_type=\"heading.default\">\n\t\t\t\t\t<div class=\"elementor-heading-title elementor-size-default\">T\u00edmabil textanna<\/div>\t\t\t\t<\/div>\n\t\t\t\t<div class=\"elementor-element elementor-element-73997a0 elementor-widget elementor-widget-text-editor\" data-id=\"73997a0\" data-element_type=\"widget\" data-e-type=\"widget\" data-widget_type=\"text-editor.default\">\n\t\t\t\t\t\t\t\t\t<p>Fr\u00e1 s\u00fdnunum \u00ed Dan\u00edelsb\u00f3k til n\u00fat\u00edmans m\u00e1 rekja sl\u00f3\u00f0 Gabr\u00edels \u00ed gegnum heimildirnar: L\u00fakasargu\u00f0spjall, \u00edslamska hef\u00f0 og kristna bo\u00f0unarmyndlist. Enn \u00ed dag er hans minnst, me\u00f0al annars \u00e1 erkiengladegi ka\u00fe\u00f3lsku kirkjunnar 29. september e\u00f0a \u00ed \u00e1kalli hans sem verndarheilags bo\u00f0bera og fr\u00e9ttaflytjenda. Kjarni myndarinnar af honum, engillinn sem flytur or\u00f0 Gu\u00f0s, hefur haldist \u00f3breyttur.<\/p>\t\t\t\t\t\t\t\t<\/div>\n\t\t\t\t\t<\/div>\n\t\t\t\t<\/div>\n\t\t<div class=\"elementor-element elementor-element-d47b156 e-flex e-con-boxed e-con e-child\" data-id=\"d47b156\" data-element_type=\"container\" data-e-type=\"container\">\n\t\t\t\t\t<div class=\"e-con-inner\">\n\t\t\t\t<div class=\"elementor-element elementor-element-ff38c2b elementor-widget elementor-widget-heading\" data-id=\"ff38c2b\" data-element_type=\"widget\" data-e-type=\"widget\" data-widget_type=\"heading.default\">\n\t\t\t\t\t<div class=\"elementor-heading-title elementor-size-default\">\u00datbrei\u00f0slusv\u00e6\u00f0i<\/div>\t\t\t\t<\/div>\n\t\t\t\t<div class=\"elementor-element elementor-element-4e49fcc elementor-widget elementor-widget-text-editor\" data-id=\"4e49fcc\" data-element_type=\"widget\" data-e-type=\"widget\" data-widget_type=\"text-editor.default\">\n\t\t\t\t\t\t\t\t\t<p>Gabr\u00edel var ekki bundinn vi\u00f0 \u00e1kve\u00f0i\u00f0 sv\u00e6\u00f0i e\u00f0a sta\u00f0setningu, heldur var hann \u00feekktur og virtur e\u00f0a af lotningu \u00f3ttast um allan hinn hebreska heim. Hvort sem var \u00ed st\u00f3rum borgarsamf\u00e9l\u00f6gum e\u00f0a \u00e1 ja\u00f0arsv\u00e6\u00f0um \u00ed dreifb\u00fdli, me\u00f0al f\u00e9lagslegrar yfirst\u00e9ttar e\u00f0a me\u00f0al almennings, var andleg e\u00f0a menningarleg \u00fe\u00fd\u00f0ing \u00feessarar veru vi\u00f0urkennd og \u00fatbreidd me\u00f0 samfelldum h\u00e6tti.<\/p><p>Gabr\u00edel er me\u00f0al f\u00e1rra engla sem eru nafngreindir og tigna\u00f0ir \u00ed b\u00e6\u00f0i Judaism, kristni og \u00edslam. \u00deessi \u00fatbrei\u00f0sla yfir \u00ferj\u00fa tr\u00faarbr\u00f6g\u00f0 sk\u00fdrist af sameiginlegri tilv\u00edsun til bibl\u00edulegrar hef\u00f0ar: Dan\u00edelsb\u00f3k gaf englinum nafn og hlutverk, L\u00fakasargu\u00f0spjall og K\u00f3raninn t\u00f3ku s\u00ed\u00f0an b\u00e6\u00f0i upp. \u00deannig mynda\u00f0ist sameinu\u00f0 mynd af gu\u00f0legum sendibo\u00f0a \u00fevert \u00e1 tungum\u00e1l og menningarm\u00f6rk.<\/p>\t\t\t\t\t\t\t\t<\/div>\n\t\t\t\t\t<\/div>\n\t\t\t\t<\/div>\n\t\t\t\t<\/div>\n\t\t<div class=\"elementor-element elementor-element-db03c39 e-con-full e-flex e-con e-child\" data-id=\"db03c39\" data-element_type=\"container\" data-e-type=\"container\">\n\t\t<div class=\"elementor-element elementor-element-229a87b e-flex e-con-boxed e-con e-child\" data-id=\"229a87b\" data-element_type=\"container\" data-e-type=\"container\">\n\t\t\t\t\t<div class=\"e-con-inner\">\n\t\t\t\t<div class=\"elementor-element elementor-element-1f471fc elementor-widget elementor-widget-heading\" data-id=\"1f471fc\" data-element_type=\"widget\" data-e-type=\"widget\" data-widget_type=\"heading.default\">\n\t\t\t\t\t<div class=\"elementor-heading-title elementor-size-default\">Heimildasta\u00f0a<\/div>\t\t\t\t<\/div>\n\t\t\t\t<div class=\"elementor-element elementor-element-36b1201 elementor-widget elementor-widget-text-editor\" data-id=\"36b1201\" data-element_type=\"widget\" data-e-type=\"widget\" data-widget_type=\"text-editor.default\">\n\t\t\t\t\t\t\t\t\t<p>Frumheimildir eru Dan\u00edelsb\u00f3k (8:16, 9:21, \u00e1 hebresku, 164 f.Kr.), 1. Enoksb\u00f3k 9:3; 10:9, 10; 20:5 (\u00e1 hebresku, 150 f.Kr.), T\u00f3b\u00edt 3:17; 5:4 (\u00e1 gr\u00edsku, 2. \u00f6ld f.Kr.), auk kabbal\u00edsks efnis (Sefer ha-Bahir, 12. \u00f6ld; Z\u00f3har, 13. \u00f6ld).<\/p><p><span data-nosnippet>\u00c1 me\u00f0al fr\u00e6\u00f0imanna hafa Scholem (<span class=\"iwg-fachbegriff\" tabindex=\"0\" data-tooltip=\"Tr\u00faarleg stefna sem leggur \u00e1herslu \u00e1 beina gu\u00f0sreynslu; mi\u00f0l\u00e6g \u00ed hebreskri, kristinni og \u00edslamskri hef\u00f0.\">dulspeki<\/span> og engladra\u00f0afr\u00e6\u00f0i), Bietenhard (kristin engladulspeki, 1949), Hans Karppe (\u00c9sot\u00e9risme et Cabale, \u00e1 fr\u00f6nsku) og samr\u00e6\u00f0uriti\u00f0 McLeod (Judeo-Islamic Angelology, 2002) greint Gabr\u00edel-f\u00edg\u00faruna sem mi\u00f0ju hebreska erkiengla-kerfisins.<\/span><\/p>\t\t\t\t\t\t\t\t<\/div>\n\t\t\t\t\t<\/div>\n\t\t\t\t<\/div>\n\t\t\t\t<\/div>\n\t\t\t\t\t<\/div>\n\t\t\t\t<\/div>\n\t\t<div class=\"elementor-element elementor-element-3ae0637c e-flex e-con-boxed e-con e-parent\" data-id=\"3ae0637c\" data-element_type=\"container\" data-e-type=\"container\">\n\t\t\t\t\t<div class=\"e-con-inner\">\n\t\t\t\t<div class=\"elementor-element elementor-element-31d07739 elementor-widget elementor-widget-heading\" data-id=\"31d07739\" data-element_type=\"widget\" data-e-type=\"widget\" data-widget_type=\"heading.default\">\n\t\t\t\t\t<h2 class=\"elementor-heading-title elementor-size-default\">Nafn<\/h2>\t\t\t\t<\/div>\n\t\t<div class=\"elementor-element elementor-element-b7642947 e-con-full e-flex e-con e-child\" data-id=\"b7642947\" data-element_type=\"container\" data-e-type=\"container\">\n\t\t\t\t<div class=\"elementor-element elementor-element-a086266 elementor-widget elementor-widget-text-editor\" data-id=\"a086266\" data-element_type=\"widget\" data-e-type=\"widget\" data-widget_type=\"text-editor.default\">\n\t\t\t\t\t\t\t\t\t<p>Gabr\u00edel er s\u00fdndur \u00ed \u00fdmsum heimildum og listr\u00e6num hef\u00f0um me\u00f0 \u00e1kve\u00f0num endurteknum myndl\u00edkingareinkennum sem hafa haldist tilt\u00f6lulega st\u00f6\u00f0ug yfir \u00e1ratugi og \u00fevert \u00e1 mismunandi landsv\u00e6\u00f0i. \u00deessi einkenni eru ekki eint\u00f3m skreyting e\u00f0a valin af tilviljun, heldur eru dj\u00fapt merkingarb\u00e6r og bera mikla \u00fe\u00fd\u00f0ingu.<\/p><p>\u00cd kristinni list er Gabr\u00edel \u00feekktur \u00e1 f\u00f6stum einkennum: liljunni \u00ed hendinni sem t\u00e1kn um hreinleika Mar\u00edu, oft sendistaf e\u00f0a r\u00e6mu me\u00f0 or\u00f0um kve\u00f0junnar \u00far L\u00fakas 1, auk kve\u00f0juhreyfingar e\u00f0a v\u00edsandi handahreyfingar. \u00deessi myndm\u00e1l var lesanlegt fyrir \u00e1horfendur eins og texti. S\u00e1 sem \u00feekkti bo\u00f0unarsenuna vissi samstundis: h\u00e9r talar sendibo\u00f0i Gu\u00f0s til Mar\u00edu. Hvert sm\u00e1atri\u00f0i, fr\u00e1 stellingu engilsins til litar kl\u00e6\u00f0a hans, fylgdi myndl\u00edkingarhef\u00f0 sem m\u00e1larar f\u00e6r\u00f0u \u00e1fram um aldir.<\/p>\t\t\t\t\t\t\t\t<\/div>\n\t\t\t\t<\/div>\n\t\t\t\t\t<\/div>\n\t\t\t\t<\/div>\n\t\t<div class=\"elementor-element elementor-element-709a44a8 e-flex e-con-boxed e-con e-parent\" data-id=\"709a44a8\" data-element_type=\"container\" data-e-type=\"container\">\n\t\t\t\t\t<div class=\"e-con-inner\">\n\t\t\t\t<div class=\"elementor-element elementor-element-2f585873 elementor-widget elementor-widget-heading\" data-id=\"2f585873\" data-element_type=\"widget\" data-e-type=\"widget\" data-widget_type=\"heading.default\">\n\t\t\t\t\t<h2 class=\"elementor-heading-title elementor-size-default\">Einkenni<\/h2>\t\t\t\t<\/div>\n\t\t<div class=\"elementor-element elementor-element-70621c12 e-con-full e-flex e-con e-child\" data-id=\"70621c12\" data-element_type=\"container\" data-e-type=\"container\">\n\t\t\t\t<div class=\"elementor-element elementor-element-4296eb49 elementor-widget elementor-widget-text-editor\" data-id=\"4296eb49\" data-element_type=\"widget\" data-e-type=\"widget\" data-widget_type=\"text-editor.default\">\n\t\t\t\t\t\t\t\t\t<p>Gabr\u00edel var mi\u00f0l\u00e6gur \u00ed tr\u00faarlegri i\u00f0kun, daglegum ath\u00f6fnum og hversdagslegum skilningi Judaism. F\u00f3lk leita\u00f0i til \u00feessarar veru \u00e1 erfi\u00f0um e\u00f0a \u00e1kve\u00f0num l\u00edfsstundum e\u00f0a \u00e1 tilteknum t\u00edmum \u00ed tr\u00faarlegu \u00e1ri, me\u00f0 sk\u00fdrum, oft fl\u00f3knum ath\u00f6fnum, b\u00e6num e\u00f0a f\u00f3rnargj\u00f6fum.<\/p><p>T\u00falkun \u00e1 textum um Gabr\u00edel fylgdi f\u00f6stum reglum: \u00cd Judaism t\u00falku\u00f0u ritsk\u00fdrendur s\u00fdnir Dan\u00edels eftir a\u00f0fer\u00f0um rabb\u00ednskrar textask\u00fdringar, \u00ed kirkjunum \u00fatl\u00f6g\u00f0u gu\u00f0fr\u00e6\u00f0ingar og pr\u00e9dikarar bo\u00f0unarsenuna \u00far L\u00fakas 1 \u00ed samr\u00e6mi vi\u00f0 kenningarhef\u00f0 kirkjunnar. S\u00e1 sem tala\u00f0i um engilinn ger\u00f0i \u00fea\u00f0 ekki eftir eigin ge\u00f0\u00fe\u00f3tta, heldur innan ramma l\u00e6r\u00f0rar ritsk\u00fdringar.<\/p><p>A\u00f0 Gabr\u00edel komi fram sem sendibo\u00f0i allt fr\u00e1 Dan\u00edelsb\u00f3k, \u00ed gegnum L\u00fakasargu\u00f0spjall og til \u00edslam, s\u00fdnir hversu fast hlutverk hans var greypt \u00ed \u00f6ll \u00ferj\u00fa tr\u00faarbr\u00f6g\u00f0in. Verkefni hans eru mismunandi eftir samhengi: \u00ed Dan\u00edelsb\u00f3k \u00fatlistar hann s\u00fdnir og bo\u00f0ar komandi atbur\u00f0i, \u00ed L\u00fakasargu\u00f0spjalli flytur hann Mar\u00edu bo\u00f0in um f\u00e6\u00f0ingu Jes\u00fa, \u00ed \u00edslam er hann talinn flytjandi opinberunarins til sp\u00e1mannsins M\u00fahame\u00f0s.<\/p>\t\t\t\t\t\t\t\t<\/div>\n\t\t\t\t<\/div>\n\t\t\t\t\t<\/div>\n\t\t\t\t<\/div>\n\t\t<div class=\"elementor-element elementor-element-44e71476 e-flex e-con-boxed e-con e-parent\" data-id=\"44e71476\" data-element_type=\"container\" data-e-type=\"container\">\n\t\t\t\t\t<div class=\"e-con-inner\">\n\t\t\t\t<div class=\"elementor-element elementor-element-3c1fc3f0 elementor-widget elementor-widget-heading\" data-id=\"3c1fc3f0\" data-element_type=\"widget\" data-e-type=\"widget\" data-widget_type=\"heading.default\">\n\t\t\t\t\t<h2 class=\"elementor-heading-title elementor-size-default\">Pers\u00f3nul\u00fdsing: Gabr\u00edel<\/h2>\t\t\t\t<\/div>\n\t\t<div class=\"elementor-element elementor-element-84f33b8e e-con-full e-flex e-con e-child\" data-id=\"84f33b8e\" data-element_type=\"container\" data-e-type=\"container\">\n\t\t\t\t<div class=\"elementor-element elementor-element-hqkdc67p elementor-widget elementor-widget-text-editor\" data-id=\"hqkdc67p\" data-element_type=\"widget\" data-e-type=\"widget\" data-widget_type=\"text-editor.default\">\n\t\t\t\t\t\t\t\t\t<p>Pers\u00f3nul\u00fdsingin varpar lj\u00f3si \u00e1 Gabr\u00edel \u00fat fr\u00e1 sex v\u00edddum kortsins: landfr\u00e6\u00f0ilegum og menningarlegum uppruna hans \u00ed J\u00fadeu og Mi\u00f0jar\u00f0arhafs-<span class=\"iwg-fachbegriff\" data-tooltip=\"T\u00edmabil gr\u00edskrar og r\u00f3mverskrar menningar, um 800 f.Kr. til 600 e.Kr.\" tabindex=\"0\">forn\u00f6ld<\/span>, markh\u00f3pi hans me\u00f0al tr\u00faa\u00f0ra og dulspekinga, myndl\u00edkingareinkennum erkiengla-<span class=\"iwg-fachbegriff\" data-tooltip=\"Fr\u00e6\u00f0igrein um myndefni og merkingu \u00feess.\" tabindex=\"0\">helgimyndafr\u00e6\u00f0i<\/span>, hlutverki hans sem sendibo\u00f0a Gu\u00f0s, samanbur\u00f0i vi\u00f0 erkiengla annarra menningarheima, og dulspekilegri st\u00f6\u00f0u hans \u00ed hebreskri <span class=\"iwg-fachbegriff\" data-tooltip=\"Samheiti yfir kenningar sem gera kr\u00f6fu um dulda \u00feekkingu, a\u00f0gengilega a\u00f0eins innv\u00edg\u00f0um.\" tabindex=\"0\">dulhyggju<\/span>.<\/p>\t\t\t\t\t\t\t\t<\/div>\n\t\t\t\t<\/div>\n\t\t<div class=\"elementor-element elementor-element-pemmx7c5 e-con-full e-flex e-con e-child\" data-id=\"pemmx7c5\" data-element_type=\"container\" data-e-type=\"container\">\n\t\t<div class=\"elementor-element elementor-element-pemmx7c1 e-con-full e-flex e-con e-child\" data-id=\"pemmx7c1\" data-element_type=\"container\" data-e-type=\"container\">\n\t\t<div class=\"elementor-element elementor-element-qh9oavvu iwg-steckbrief-card e-flex e-con-boxed e-con e-child\" data-id=\"qh9oavvu\" data-element_type=\"container\" data-e-type=\"container\">\n\t\t\t\t\t<div class=\"e-con-inner\">\n\t\t\t\t<div class=\"elementor-element elementor-element-awzx8k2k elementor-widget elementor-widget-heading\" data-id=\"awzx8k2k\" data-element_type=\"widget\" data-e-type=\"widget\" data-widget_type=\"heading.default\">\n\t\t\t\t\t<div class=\"elementor-heading-title elementor-size-default\">Uppruni<\/div>\t\t\t\t<\/div>\n\t\t\t\t<div class=\"elementor-element elementor-element-x6rowhv0 elementor-widget elementor-widget-text-editor\" data-id=\"x6rowhv0\" data-element_type=\"widget\" data-e-type=\"widget\" data-widget_type=\"text-editor.default\">\n\t\t\t\t\t\t\t\t\t<p>Gabr\u00edel kemur fyrst fram \u00ed Dan\u00edelsb\u00f3k, sem var\u00f0 til \u00e1 s\u00ed\u00f0gr\u00edsku t\u00edmabili J\u00fadeu (164 f.Kr., Seleuk\u00edda-t\u00edmabili\u00f0).<\/p><p>Landfr\u00e6\u00f0ilegur uppruni er \u00ed Jer\u00fasalem og J\u00fadeu; gu\u00f0fr\u00e6\u00f0ilega m\u00f3tunin \u00e1tti s\u00e9r sta\u00f0 \u00e1 bab\u00fdlonska \u00fatleg\u00f0art\u00edmabilinu (6.\u20135. \u00f6ld f.Kr.) me\u00f0 n\u00fdrri kerfisbundinni <span class=\"iwg-fachbegriff\" data-tooltip=\"\u00cd abraham\u00edskum tr\u00faarbr\u00f6g\u00f0um himneskur sendibo\u00f0i Gu\u00f0s.\" tabindex=\"0\">engla<\/span>fr\u00e6\u00f0i. Dan\u00edelsb\u00f3k er skrifu\u00f0 \u00ed Bab\u00fdlon, sem m\u00f3tar framsetningu Gabr\u00edels sem alheimslegs mi\u00f0lara \u00ed s\u00ed\u00f0gr\u00edskri englafr\u00e6\u00f0i.<\/p>\t\t\t\t\t\t\t\t<\/div>\n\t\t\t\t\t<\/div>\n\t\t\t\t<\/div>\n\t\t<div class=\"elementor-element elementor-element-8e3o4kxs iwg-steckbrief-card e-flex e-con-boxed e-con e-child\" data-id=\"8e3o4kxs\" data-element_type=\"container\" data-e-type=\"container\">\n\t\t\t\t\t<div class=\"e-con-inner\">\n\t\t\t\t<div class=\"elementor-element elementor-element-08rkdgov elementor-widget elementor-widget-heading\" data-id=\"08rkdgov\" data-element_type=\"widget\" data-e-type=\"widget\" data-widget_type=\"heading.default\">\n\t\t\t\t\t<div class=\"elementor-heading-title elementor-size-default\">Verkunarsvi\u00f0<\/div>\t\t\t\t<\/div>\n\t\t\t\t<div class=\"elementor-element elementor-element-uwjelx8s elementor-widget elementor-widget-text-editor\" data-id=\"uwjelx8s\" data-element_type=\"widget\" data-e-type=\"widget\" data-widget_type=\"text-editor.default\">\n\t\t\t\t\t\t\t\t\t<p>Gabr\u00edel h\u00f6f\u00f0a\u00f0i fyrst og fremst til tr\u00faa\u00f0ra J\u00fa\u00f0a og dulspekinga sem tryggingu fyrir vilja Gu\u00f0s. F\u00e9lagslegur markh\u00f3pur voru prestar, sp\u00e1menn, heilagir menn og s\u00ed\u00f0ar kabbalistar. Tilefni voru opinberunarstundir, kreppuskei\u00f0 (\u00fatleg\u00f0, k\u00fagun), h\u00e1t\u00ed\u00f0ardagar (P\u00far\u00edm, Han\u00fakka, \u00fear sem kraftur Gabr\u00edels virkar \u00e1 go\u00f0sagnalegan h\u00e1tt) og pers\u00f3nuleg andleg leit. <span class=\"iwg-fachbegriff\" data-tooltip=\"\u00c1kall e\u00f0a bei\u00f0ni til gu\u00f0s e\u00f0a m\u00e1ttar.\" tabindex=\"0\">\u00c1kalli\u00f0<\/span> fer fram \u00ed <span class=\"iwg-fachbegriff\" data-tooltip=\"Tala\u00f0 \u00e1varp manns til gu\u00f0s.\" tabindex=\"0\">b\u00e6n<\/span> og dulspekilegri \u00edhugun.<\/p>\t\t\t\t\t\t\t\t<\/div>\n\t\t\t\t\t<\/div>\n\t\t\t\t<\/div>\n\t\t<div class=\"elementor-element elementor-element-jm2n74ec iwg-steckbrief-card e-flex e-con-boxed e-con e-child\" data-id=\"jm2n74ec\" data-element_type=\"container\" data-e-type=\"container\">\n\t\t\t\t\t<div class=\"e-con-inner\">\n\t\t\t\t<div class=\"elementor-element elementor-element-8vufse4c elementor-widget elementor-widget-heading\" data-id=\"8vufse4c\" data-element_type=\"widget\" data-e-type=\"widget\" data-widget_type=\"heading.default\">\n\t\t\t\t\t<div class=\"elementor-heading-title elementor-size-default\">\u00c1s\u00fdnd<\/div>\t\t\t\t<\/div>\n\t\t\t\t<div class=\"elementor-element elementor-element-mwb9u015 elementor-widget elementor-widget-text-editor\" data-id=\"mwb9u015\" data-element_type=\"widget\" data-e-type=\"widget\" data-widget_type=\"text-editor.default\">\n\t\t\t\t\t\t\t\t\t<p>\u00cdkon\u00f3graf\u00edsk framsetning Gabr\u00edels: karlkyns vera me\u00f0 v\u00e6ngi, sver\u00f0 e\u00f0a staf, lj\u00f3sgeisla (geislabaug), stundum lilju-<span class=\"iwg-fachbegriff\" data-tooltip=\"T\u00e1kn sem stendur fyrir hugmynd e\u00f0a merkingu.\" tabindex=\"0\">t\u00e1kn<\/span> (s\u00ed\u00f0ar teki\u00f0 upp af kristninni). Einkennisgripir eru lensa, b\u00f3kfell (opinberun), vog (d\u00f3mur). \u00cd gy\u00f0inglegri, dulspekilegri myndlist: hv\u00edtur kyrtill, sex v\u00e6ngir, n\u00e1l\u00e6g\u00f0 vi\u00f0 Shekh\u00edna (n\u00e6rveru Gu\u00f0s). Hin d\u00e6miger\u00f0a framsetning fylgir seinni t\u00edma <span class=\"iwg-fachbegriff\" tabindex=\"0\" data-tooltip=\"Meginrit rabb\u00ednskrar gy\u00f0ingd\u00f3ms, til \u00ed bab\u00fdlonskri og jer\u00fasalemskri ger\u00f0; inniheldur Mishna og Gemara.\">Talm\u00fad<\/span>-l\u00fdsingum og <span class=\"iwg-fachbegriff\" tabindex=\"0\" data-tooltip=\"Gy\u00f0ingleg dulspeki me\u00f0 meginritum Sefer Yetzira, S\u00f3har og l\u00far\u00ed\u00f6nsku sk\u00f3lanum; kenning um sef\u00edrot, fj\u00f6gurra stafa Gu\u00f0snafni\u00f0 og tikk\u00fan.\">kabbala<\/span>&#8211;<span class=\"iwg-fachbegriff\" data-tooltip=\"Fr\u00e6\u00f0i um myndefni og merkingu \u00feeirra.\" tabindex=\"0\">\u00edkon\u00f3graf\u00edu<\/span>.<\/p>\t\t\t\t\t\t\t\t<\/div>\n\t\t\t\t\t<\/div>\n\t\t\t\t<\/div>\n\t\t\t\t<\/div>\n\t\t<div class=\"elementor-element elementor-element-pemmx7c2 e-con-full e-flex e-con e-child\" data-id=\"pemmx7c2\" data-element_type=\"container\" data-e-type=\"container\">\n\t\t<div class=\"elementor-element elementor-element-37ss2yr6 iwg-steckbrief-card e-flex e-con-boxed e-con e-child\" data-id=\"37ss2yr6\" data-element_type=\"container\" data-e-type=\"container\">\n\t\t\t\t\t<div class=\"e-con-inner\">\n\t\t\t\t<div class=\"elementor-element elementor-element-3v0wp3wx elementor-widget elementor-widget-heading\" data-id=\"3v0wp3wx\" data-element_type=\"widget\" data-e-type=\"widget\" data-widget_type=\"heading.default\">\n\t\t\t\t\t<div class=\"elementor-heading-title elementor-size-default\">Hlutverk<\/div>\t\t\t\t<\/div>\n\t\t\t\t<div class=\"elementor-element elementor-element-w3247g2m elementor-widget elementor-widget-text-editor\" data-id=\"w3247g2m\" data-element_type=\"widget\" data-e-type=\"widget\" data-widget_type=\"text-editor.default\">\n\t\t\t\t\t\t\t\t\t<strong>Verksvi\u00f0:<\/strong><p>Gabr\u00edel er \u00ed kristnu-j\u00fad\u00edsku og \u00edsl\u00f6msku samhengi erkiengill, en meginhlutverk hans er a\u00f0 flytja bo\u00f0skap fr\u00e1 Gu\u00f0i.<\/p>\t\t\t\t\t\t\t\t<\/div>\n\t\t\t\t\t<\/div>\n\t\t\t\t<\/div>\n\t\t<div class=\"elementor-element elementor-element-0qpjal9w iwg-steckbrief-card e-flex e-con-boxed e-con e-child\" data-id=\"0qpjal9w\" data-element_type=\"container\" data-e-type=\"container\">\n\t\t\t\t\t<div class=\"e-con-inner\">\n\t\t\t\t<div class=\"elementor-element elementor-element-6ndoih0o elementor-widget elementor-widget-heading\" data-id=\"6ndoih0o\" data-element_type=\"widget\" data-e-type=\"widget\" data-widget_type=\"heading.default\">\n\t\t\t\t\t<div class=\"elementor-heading-title elementor-size-default\">Vernd<\/div>\t\t\t\t<\/div>\n\t\t\t\t<div class=\"elementor-element elementor-element-6684tyh9 elementor-widget elementor-widget-text-editor\" data-id=\"6684tyh9\" data-element_type=\"widget\" data-e-type=\"widget\" data-widget_type=\"text-editor.default\">\n\t\t\t\t\t\t\t\t\t<p>Gabr\u00edel var talinn g\u00f3\u00f0, heilsub\u00e6tandi vera. \u00c1kallsvenjur f\u00f3lu \u00ed s\u00e9r b\u00e6nir um visku, opinberun og skj\u00f3l gegn dj\u00f6flum. \u00cd <span class=\"iwg-fachbegriff\" tabindex=\"0\" data-tooltip=\"J\u00fad\u00edsk dulspeki me\u00f0 meginverkunum Sefer Yetzirah, S\u00f3har og l\u00far\u00edanska sk\u00f3lanum; kenning um sef\u00edr\u00f3t, fj\u00f3rstafanafni\u00f0 og tikk\u00fan.\">Kabbala<\/span> voru stunda\u00f0ar huglei\u00f0slur \u00e1 Gabr\u00edel (yichudim, dulspekilegar sameiningar) til a\u00f0 mi\u00f0la himneskum krafti. Vir\u00f0ingin fyrir Gabr\u00edel kom fram \u00ed lotningu, hreinleikabo\u00f0um, hreinsunarath\u00f6fnum og f\u00f6stu fyrir dulspekilegar snertingartilraunir.<\/p>\t\t\t\t\t\t\t\t<\/div>\n\t\t\t\t\t<\/div>\n\t\t\t\t<\/div>\n\t\t<div class=\"elementor-element elementor-element-3lfi7x32 iwg-steckbrief-card e-flex e-con-boxed e-con e-child\" data-id=\"3lfi7x32\" data-element_type=\"container\" data-e-type=\"container\">\n\t\t\t\t\t<div class=\"e-con-inner\">\n\t\t\t\t<div class=\"elementor-element elementor-element-0kg99ga1 elementor-widget elementor-widget-heading\" data-id=\"0kg99ga1\" data-element_type=\"widget\" data-e-type=\"widget\" data-widget_type=\"heading.default\">\n\t\t\t\t\t<div class=\"elementor-heading-title elementor-size-default\">Samb\u00e6rilegt<\/div>\t\t\t\t<\/div>\n\t\t\t\t<div class=\"elementor-element elementor-element-n0fum6kp elementor-widget elementor-widget-text-editor\" data-id=\"n0fum6kp\" data-element_type=\"widget\" data-e-type=\"widget\" data-widget_type=\"text-editor.default\">\n\t\t\t\t\t\t\t\t\t<p>Samb\u00e6rilegar verur: Raguel (erkiengill s\u00e1ttar, <span class=\"iwg-fachbegriff\" tabindex=\"0\" data-tooltip=\"J\u00fad\u00edsk dulspeki me\u00f0 meginverkunum Sefer Yetzirah, S\u00f3har og l\u00far\u00edanska sk\u00f3lanum.\">Kabbala<\/span>), M\u00edkael (herstj\u00f3ri, sigrari dj\u00f6fla), \u00dar\u00edel (elds<span class=\"iwg-fachbegriff\" data-tooltip=\"\u00cd abraham\u00edskum tr\u00faarbr\u00f6g\u00f0um himneskur sendibo\u00f0i Gu\u00f0s.\" tabindex=\"0\">engill<\/span>, d\u00f3mari), Metatron (h\u00e1s\u00e6tisengill <span class=\"iwg-fachbegriff\" tabindex=\"0\" data-tooltip=\"J\u00fad\u00edsk dulspeki me\u00f0 meginverkunum Sefer Yetzirah, S\u00f3har og l\u00far\u00edanska sk\u00f3lanum.\">Kabbala<\/span>). Utan j\u00fadatr\u00faar: hinn \u00edslamski Jibril (samsvarar Gabr\u00edel, K\u00f3raninn, s\u00fara 2:97), kristni Gabr\u00edel (L\u00fak. 1, bo\u00f0unin), zoroastr\u00edsk Yazatas (himneskir mi\u00f0larar).<\/p>\t\t\t\t\t\t\t\t<\/div>\n\t\t\t\t\t<\/div>\n\t\t\t\t<\/div>\n\t\t\t\t<\/div>\n\t\t\t\t<\/div>\n\t\t\t\t\t<\/div>\n\t\t\t\t<\/div>\n\t\t<div class=\"elementor-element elementor-element-7533bc7a e-flex e-con-boxed e-con e-parent\" data-id=\"7533bc7a\" data-element_type=\"container\" data-e-type=\"container\">\n\t\t\t\t\t<div class=\"e-con-inner\">\n\t\t\t\t<div class=\"elementor-element elementor-element-2447d18d elementor-widget elementor-widget-heading\" data-id=\"2447d18d\" data-element_type=\"widget\" data-e-type=\"widget\" data-widget_type=\"heading.default\">\n\t\t\t\t\t<h2 class=\"elementor-heading-title elementor-size-default\">Varnir \u00ed daglegu l\u00edfi<\/h2>\t\t\t\t<\/div>\n\t\t<div class=\"elementor-element elementor-element-d5d0260c e-con-full e-flex e-con e-child\" data-id=\"d5d0260c\" data-element_type=\"container\" data-e-type=\"container\">\n\t\t\t\t<div class=\"elementor-element elementor-element-341be2ac elementor-widget elementor-widget-text-editor\" data-id=\"341be2ac\" data-element_type=\"widget\" data-e-type=\"widget\" data-widget_type=\"text-editor.default\">\n\t\t\t\t\t\t\t\t\t<p><strong>D\u00fdrkun og helgisi\u00f0aminning<\/strong><\/p><p>Gabr\u00edel er d\u00fdrka\u00f0ur \u00ed kristnum kirkjum \u00e1 Mikj\u00e1lsmessu (29. september) e\u00f0a Gabr\u00edelsdegi.<\/p><p><strong>Bo\u00f0unin til Mar\u00edu og endurtekning hennar<\/strong><\/p><p>Helgisi\u00f0avenjur (einkum \u00ed austurkirkjunni og ka\u00fe\u00f3lskri <span class=\"iwg-fachbegriff\" data-tooltip=\"Stutt, pers\u00f3nuleg e\u00f0a sameiginleg tr\u00faarleg \u00edhugun.\" tabindex=\"0\">helgistund<\/span>) minnast bo\u00f0unarinnar daglega.<\/p><p><strong>Verndargripir og n\u00e1\u00f0armerki<\/strong><\/p><p>Liljan (\u00far endurreisnar-<span class=\"iwg-fachbegriff\" data-tooltip=\"Fr\u00e6\u00f0i um myndefni og merkingu \u00feeirra.\" tabindex=\"0\">helgimyndafr\u00e6\u00f0i<\/span>) er bl\u00f3mat\u00e1kn Gabr\u00edels.<\/p>\t\t\t\t\t\t\t\t<\/div>\n\t\t\t\t<\/div>\n\t\t\t\t\t<\/div>\n\t\t\t\t<\/div>\n\t\t<div class=\"elementor-element elementor-element-5a584676 e-flex e-con-boxed e-con e-parent\" data-id=\"5a584676\" data-element_type=\"container\" data-e-type=\"container\">\n\t\t\t\t\t<div class=\"e-con-inner\">\n\t\t\t\t<div class=\"elementor-element elementor-element-6d0757bf elementor-widget elementor-widget-heading\" data-id=\"6d0757bf\" data-element_type=\"widget\" data-e-type=\"widget\" data-widget_type=\"heading.default\">\n\t\t\t\t\t<h2 class=\"elementor-heading-title elementor-size-default\">Gabr\u00edel, hli\u00f0st\u00e6\u00f0ur \u00ed \u00f6\u00f0rum menningarheimum<\/h2>\t\t\t\t<\/div>\n\t\t<div class=\"elementor-element elementor-element-60563f68 e-con-full e-flex e-con e-child\" data-id=\"60563f68\" data-element_type=\"container\" data-e-type=\"container\">\n\t\t\t\t<div class=\"elementor-element elementor-element-5a93fdd6 elementor-widget elementor-widget-text-editor\" data-id=\"5a93fdd6\" data-element_type=\"widget\" data-e-type=\"widget\" data-widget_type=\"text-editor.default\">\n\t\t\t\t\t\t\t\t\t<p><p><strong>J\u00fad\u00edsk hef\u00f0:<\/strong> Gabr\u00edel er mi\u00f0l\u00e6gur. Hli\u00f0st\u00e6\u00f0ur eru M\u00edkael (herengill), \u00dar\u00edel (eldsd\u00f3mari), Raguel (r\u00e9ttl\u00e6ti), Tzaphkiel (\u00edhugun, <span class=\"iwg-fachbegriff\" tabindex=\"0\" data-tooltip=\"J\u00fad\u00edsk dulspeki me\u00f0 meginverkunum Sefer Yetzirah, S\u00f3har og l\u00far\u00edanska sk\u00f3lanum.\">Kabbala<\/span>). Allir fj\u00f3rir eru sta\u00f0festir sem erkiengla-fj\u00f3rtala \u00ed <span class=\"iwg-fachbegriff\" tabindex=\"0\" data-tooltip=\"Meginverk rabb\u00ednskrar j\u00fadatr\u00faar, \u00ed bab\u00fdlonskri og jer\u00fasalemskri ger\u00f0; inniheldur Mishnah og Gemara.\">Talm\u00fad<\/span> og <span class=\"iwg-fachbegriff\" tabindex=\"0\" data-tooltip=\"J\u00fad\u00edsk dulspeki me\u00f0 meginverkunum Sefer Yetzirah, S\u00f3har og l\u00far\u00edanska sk\u00f3lanum.\">Kabbala<\/span> (Scholem). Hlutverk Gabr\u00edels sem opinberunarengils er <span class=\"iwg-fachbegriff\" tabindex=\"0\" data-tooltip=\"Tilheyrir vi\u00f0urkenndu helgu ritasafni tr\u00faarbrag\u00f0a; \u00f3kan\u00f3n\u00edskir textar kallast ap\u00f3kr\u00fdfir.\">kan\u00f3n\u00edskt<\/span> sta\u00f0fest \u00ed Enok 1:9.<\/p><p><strong>Gr\u00edsk-r\u00f3mverskur heimur:<\/strong> Engir beinir j\u00fad\u00edskir <span class=\"iwg-fachbegriff\" data-tooltip=\"\u00cd abraham\u00edskum tr\u00faarbr\u00f6g\u00f0um himneskur sendibo\u00f0i Gu\u00f0s.\" tabindex=\"0\">englar<\/span> voru til \u00ed <span class=\"iwg-fachbegriff\" data-tooltip=\"T\u00edmabil gr\u00edskrar og r\u00f3mverskrar menningar, um 800 f.Kr. til 600 e.Kr.\" tabindex=\"0\">forn\u00f6ldinni<\/span>. Fjarskyldir eru gr\u00edskir sendigu\u00f0ir eins og Hermes e\u00f0a \u00cdris (sendibo\u00f0ar gu\u00f0anna), einnig dj\u00f6fullegar daimones \u00far hef\u00f0 Hes\u00edodosar. Hlutverk mi\u00f0larasendibo\u00f0ans tengir \u00feau.<\/p><p><strong>Mes\u00f3p\u00f3tam\u00eda:<\/strong> Mes\u00f3p\u00f3tam\u00edsk hli\u00f0st\u00e6\u00f0a: Nab\u00fa (skrifari Mard\u00faks, opinberun), Shamash (s\u00f3lgu\u00f0, r\u00e9ttl\u00e6ti). Mi\u00f0larahlutverki\u00f0 milli gu\u00f0a og manna deilir Gabr\u00edel me\u00f0 Nab\u00fa. Akkad\u00edskir dj\u00f6flalistar (En\u00fama elis) s\u00fdna svipa\u00f0ar stigveldi.<\/p><p><strong>Indland\/As\u00eda:<\/strong> Engar beinar hli\u00f0st\u00e6\u00f0ur. Fjarskyldir eru sendibo\u00f0ar Indra (hind\u00faa<span class=\"iwg-fachbegriff\" data-tooltip=\"Heild \u00feeirra go\u00f0sagna sem var\u00f0veist hafa \u00ed tiltekinni menningu.\" tabindex=\"0\">go\u00f0afr\u00e6\u00f0i<\/span>), b\u00f3dh\u00edsattvar sem opinberunarmi\u00f0larar (b\u00faddismi), e\u00f0a apsarar sem himneskir sendibo\u00f0ar (sanskr\u00edtb\u00f3kmenntir). Sameiginleg er virkni hinnar alheimslegu mi\u00f0lunar.<\/p>\t\t\t\t\t\t\t\t<\/div>\n\t\t\t\t<\/div>\n\t\t\t\t\t<\/div>\n\t\t\t\t<\/div>\n\t\t<div class=\"elementor-element elementor-element-cp071532f e-flex e-con-boxed e-con e-parent\" data-id=\"cp071532f\" data-element_type=\"container\" data-e-type=\"container\">\n\t\t\t\t\t<div class=\"e-con-inner\">\n\t\t\t\t<div class=\"elementor-element elementor-element-cp4d85ae2 elementor-widget elementor-widget-heading\" data-id=\"cp4d85ae2\" data-element_type=\"widget\" data-e-type=\"widget\" data-widget_type=\"heading.default\">\n\t\t\t\t\t<h2 class=\"elementor-heading-title elementor-size-default\">Gabr\u00edel hj\u00e1 Dan\u00edel: fyrstu birtingarnar<\/h2>\t\t\t\t<\/div>\n\t\t<div class=\"elementor-element elementor-element-cpe5177d4 e-con-full e-flex e-con e-child\" data-id=\"cpe5177d4\" data-element_type=\"container\" data-e-type=\"container\">\n\t\t\t\t<div class=\"elementor-element elementor-element-cp7fe7aec elementor-widget elementor-widget-text-editor\" data-id=\"cp7fe7aec\" data-element_type=\"widget\" data-e-type=\"widget\" data-widget_type=\"text-editor.default\">\n\t\t\t\t\t\t\t\t\t<p>Gabr\u00edel er fyrsti <span class=\"iwg-fachbegriff\" data-tooltip=\"\u00cd abraham\u00edsku tr\u00faarbr\u00f6g\u00f0unum himneskur sendibo\u00f0i Gu\u00f0s.\" tabindex=\"0\">engillinn<\/span> \u00ed hebresku bibl\u00edunni sem ber s\u00e9rnafn. Hann kemur fram \u00ed <em>Dan\u00edelsb\u00f3k<\/em>, riti sem var\u00f0 til \u00ed n\u00faverandi mynd \u00e1 hellen\u00edskum t\u00edma, \u00e1 annarri \u00f6ld fyrir t\u00edmatal okkar.<\/p><p>\u00cd <em>Dan\u00edel<\/em> 8 er Gabr\u00edel fali\u00f0 a\u00f0 \u00fatlista fyrir sj\u00e1andanum Dan\u00edel s\u00fdn um hr\u00fat og geithafur. \u00cd <em>Dan\u00edel<\/em> 9 kemur hann aftur til a\u00f0 \u00fatsk\u00fdra fyrir Dan\u00edel hina fr\u00e6gu <span class=\"iwg-fachbegriff\" data-tooltip=\"A\u00f0 sp\u00e1 fyrir um komandi atbur\u00f0i me\u00f0 tr\u00faarlegum e\u00f0a t\u00f6frandi h\u00e6tti.\" tabindex=\"0\">sp\u00e1d\u00f3minn<\/span> um sj\u00f6t\u00edu vikur \u00e1ra.<\/p><p>\u00deegar \u00ed \u00feessum fyrstu birtingum kemur einkennandi hlutverk Gabr\u00edels \u00ed lj\u00f3s. Hann er <span class=\"iwg-fachbegriff\" data-tooltip=\"\u00cd abraham\u00edsku tr\u00faarbr\u00f6g\u00f0unum himneskur sendibo\u00f0i Gu\u00f0s.\" tabindex=\"0\">engillinn<\/span> t\u00falkunar og bo\u00f0skapar. Hann ber ekki fyrst og fremst refsingu e\u00f0a str\u00ed\u00f0, eins og einkennir M\u00edkael, heldur skilning.<\/p><p>Hann \u00fatsk\u00fdrir fyrir manninum \u00fea\u00f0 sem hann getur ekki skili\u00f0 af sj\u00e1lfu s\u00e9r. Athyglisvert er a\u00f0 Dan\u00edel fellur til jar\u00f0ar \u00ed skelfingu vi\u00f0 sj\u00f3n Gabr\u00edels, sem undirstrikar yfirn\u00e1tt\u00farlega birtingu engilsins.<\/p><p>Fr\u00e6\u00f0imenn telja Dan\u00edelsb\u00f3k vera mikilv\u00e6gt skref \u00ed \u00fer\u00f3un j\u00fada\u00edskrar engilfr\u00e6\u00f0i. \u00dear eru <span class=\"iwg-fachbegriff\" data-tooltip=\"\u00cd abraham\u00edsku tr\u00faarbr\u00f6g\u00f0unum himneskur sendibo\u00f0i Gu\u00f0s.\" tabindex=\"0\">englar<\/span> fyrst ger\u00f0ir a\u00f0 einstaklingum, \u00feeir f\u00e1 n\u00f6fn og afm\u00f6rku\u00f0 verkefni. Gabr\u00edel og M\u00edkael myndast \u00ed Dan\u00edel kjarna \u00fer\u00f3andi hugmyndar um nafngreinda, h\u00e1ttsetta engla.<\/p><p>\u00deessi \u00fer\u00f3un heldur \u00e1fram \u00ed ap\u00f3kalypt\u00edskum b\u00f3kmenntum n\u00e6stu alda og myndar grundv\u00f6llinn fyrir s\u00ed\u00f0ari j\u00fada\u00edska, kristna og \u00edslamska engilfr\u00e6\u00f0i.<\/p>\t\t\t\t\t\t\t\t<\/div>\n\t\t\t\t<\/div>\n\t\t\t\t\t<\/div>\n\t\t\t\t<\/div>\n\t\t<div class=\"elementor-element elementor-element-cp8abf03a e-flex e-con-boxed e-con e-parent\" data-id=\"cp8abf03a\" data-element_type=\"container\" data-e-type=\"container\">\n\t\t\t\t\t<div class=\"e-con-inner\">\n\t\t\t\t<div class=\"elementor-element elementor-element-cp0111206 elementor-widget elementor-widget-heading\" data-id=\"cp0111206\" data-element_type=\"widget\" data-e-type=\"widget\" data-widget_type=\"heading.default\">\n\t\t\t\t\t<h2 class=\"elementor-heading-title elementor-size-default\">Bo\u00f0unin til Mar\u00edu og Sakar\u00eda<\/h2>\t\t\t\t<\/div>\n\t\t<div class=\"elementor-element elementor-element-cp5fcef28 e-con-full e-flex e-con e-child\" data-id=\"cp5fcef28\" data-element_type=\"container\" data-e-type=\"container\">\n\t\t\t\t<div class=\"elementor-element elementor-element-cp3b131d7 elementor-widget elementor-widget-text-editor\" data-id=\"cp3b131d7\" data-element_type=\"widget\" data-e-type=\"widget\" data-widget_type=\"text-editor.default\">\n\t\t\t\t\t\t\t\t\t<p>\u00cd kristninni f\u00e6r Gabr\u00edel s\u00edna mestu \u00fe\u00fd\u00f0ingu \u00ed <em>L\u00fakasargu\u00f0spjalli<\/em>. \u00cd fyrsta kaflanum kemur Gabr\u00edel fram tvisvar. Fyrst birtist hann prestinum Sakar\u00eda \u00ed <span class=\"iwg-fachbegriff\" data-tooltip=\"Bygging sem er notu\u00f0 til tilbei\u00f0slu einnar e\u00f0a fleiri gu\u00f0legra vera.\" tabindex=\"0\">musterinu<\/span> og tilkynnir f\u00e6\u00f0ingu J\u00f3hannesar, sem s\u00ed\u00f0ar ver\u00f0ur J\u00f3hannes sk\u00edrari.<\/p><p>\u00dear sem Sakar\u00eda dregur \u00ed efa bo\u00f0skapinn ver\u00f0ur hann m\u00e1llaus \u00fear til barni\u00f0 f\u00e6\u00f0ist. Gabr\u00edel kynnir sig \u00fear berum or\u00f0um sem s\u00e1 sem stendur frammi fyrir Gu\u00f0i.<\/p><p>Sk\u00f6mmu s\u00ed\u00f0ar birtist Gabr\u00edel hinni ungu Mar\u00edu \u00ed Nasaret og tilkynnir henni f\u00e6\u00f0ingu Jes\u00fa. \u00deessi sena, bo\u00f0unin til Mar\u00edu, er or\u00f0in ein afdrifar\u00edkasta engilbirting allrar kristinnar hef\u00f0ar.<\/p><p>Kve\u00f0jan sem Gabr\u00edel \u00e1varpar Mar\u00edu me\u00f0 hefur skila\u00f0 s\u00e9r inn \u00ed kristna <span class=\"iwg-fachbegriff\" data-tooltip=\"Fastm\u00f3tu\u00f0 skipan gu\u00f0s\u00fej\u00f3nustu tr\u00faf\u00e9lags.\" tabindex=\"0\">helgisi\u00f0i<\/span> og inn \u00ed <span class=\"iwg-fachbegriff\" data-tooltip=\"M\u00e1lleg \u00e1varp mannsins til gu\u00f0legrar veru.\" tabindex=\"0\">b\u00e6nina<\/span> Ave Maria. \u00cd myndlist mi\u00f0alda og endurreisnart\u00edmans er bo\u00f0unin eitt af algengustu myndefnum yfirleitt.<\/p><p>Athyglisvert er samfellan fr\u00e1 Dan\u00edel til L\u00fakasargu\u00f0spjalls. \u00cd b\u00e1\u00f0um tilvikum er Gabr\u00edel <span class=\"iwg-fachbegriff\" data-tooltip=\"\u00cd abraham\u00edsku tr\u00faarbr\u00f6g\u00f0unum himneskur sendibo\u00f0i Gu\u00f0s.\" tabindex=\"0\">engillinn<\/span> sem tilkynnir og \u00fatsk\u00fdrir mikilv\u00e6ga framt\u00ed\u00f0. L\u00fakas byggir v\u00edsvitandi \u00e1 Dan\u00edelshef\u00f0inni. Gabr\u00edel er ekki tilviljanakennt valinn sendibo\u00f0i, heldur s\u00e1 <span class=\"iwg-fachbegriff\" data-tooltip=\"\u00cd abraham\u00edsku tr\u00faarbr\u00f6g\u00f0unum himneskur sendibo\u00f0i Gu\u00f0s.\" tabindex=\"0\">engill<\/span> sem \u00feegar var sta\u00f0festur \u00ed j\u00fada\u00edskri <span class=\"iwg-fachbegriff\" data-tooltip=\"Mi\u00f0lun \u00feekkingar og sagna milli kynsl\u00f3\u00f0a.\" tabindex=\"0\">arfleif\u00f0<\/span> til a\u00f0 tilkynna hj\u00e1lpr\u00e6\u00f0iss\u00f6gu.<\/p><p>Kristin <span class=\"iwg-fachbegriff\" data-tooltip=\"Fr\u00e6\u00f0in um myndefni og merkingu \u00feeirra.\" tabindex=\"0\">helgimyndafr\u00e6\u00f0i<\/span> hefur \u00fev\u00ed fest hann me\u00f0 einkennum bo\u00f0skapar, me\u00f0 liljubl\u00f3mi sem t\u00e1kn hreinleika Mar\u00edu, me\u00f0 rittexta e\u00f0a staf.<\/p>\t\t\t\t\t\t\t\t<\/div>\n\t\t\t\t<\/div>\n\t\t\t\t\t<\/div>\n\t\t\t\t<\/div>\n\t\t<div class=\"elementor-element elementor-element-cp01e140b e-flex e-con-boxed e-con e-parent\" data-id=\"cp01e140b\" data-element_type=\"container\" data-e-type=\"container\">\n\t\t\t\t\t<div class=\"e-con-inner\">\n\t\t\t\t<div class=\"elementor-element elementor-element-cp787b02a elementor-widget elementor-widget-heading\" data-id=\"cp787b02a\" data-element_type=\"widget\" data-e-type=\"widget\" data-widget_type=\"heading.default\">\n\t\t\t\t\t<h2 class=\"elementor-heading-title elementor-size-default\">Djibril og mi\u00f0lun K\u00f3ransins<\/h2>\t\t\t\t<\/div>\n\t\t<div class=\"elementor-element elementor-element-cp84e0ad9 e-con-full e-flex e-con e-child\" data-id=\"cp84e0ad9\" data-element_type=\"container\" data-e-type=\"container\">\n\t\t\t\t<div class=\"elementor-element elementor-element-cp0e7df94 elementor-widget elementor-widget-text-editor\" data-id=\"cp0e7df94\" data-element_type=\"widget\" data-e-type=\"widget\" data-widget_type=\"text-editor.default\">\n\t\t\t\t\t\t\t\t\t<p>\u00cd \u00edslam er Gabr\u00edel, undir nafninu <em>Djibril<\/em>, mikilv\u00e6gasti <span class=\"iwg-fachbegriff\" data-tooltip=\"\u00cd abraham\u00edsku tr\u00faarbr\u00f6g\u00f0unum himneskur sendibo\u00f0i Gu\u00f0s.\" tabindex=\"0\">engillinn<\/span> yfirleitt. Hann er <span class=\"iwg-fachbegriff\" data-tooltip=\"\u00cd abraham\u00edsku tr\u00faarbr\u00f6g\u00f0unum himneskur sendibo\u00f0i Gu\u00f0s.\" tabindex=\"0\">engill<\/span> opinberunarinnar, s\u00e1 sem K\u00f3raninn var, samkv\u00e6mt \u00edslamskri kenningu, mi\u00f0la\u00f0ur \u00ed gegnum til sp\u00e1mannsins M\u00fahame\u00f0s.<\/p><p>\u00cdsl\u00f6msk hef\u00f0 tengir Djibril vi\u00f0 upphaf opinberunarinnar \u00ed hellinum Hira, \u00fear sem hann birtist M\u00fahame\u00f0 \u00ed fyrsta sinn og bau\u00f0 honum a\u00f0 flytja.<\/p><p>Djibril er nefndur me\u00f0 nafni \u00ed K\u00f3raninum \u00e1 nokkrum st\u00f6\u00f0um, me\u00f0al annars \u00ed s\u00faru 2 og s\u00faru 66. Oftar kemur hann fram undir umritunum eins og hinn trausti <span class=\"iwg-fachbegriff\" data-tooltip=\"L\u00edkamslaus vera sem talin er hafa \u00e1hrif \u00ed heiminum.\" tabindex=\"0\">andi<\/span> e\u00f0a heilagur <span class=\"iwg-fachbegriff\" data-tooltip=\"L\u00edkamslaus vera sem talin er hafa \u00e1hrif \u00ed heiminum.\" tabindex=\"0\">andi<\/span>, en heilagur <span class=\"iwg-fachbegriff\" data-tooltip=\"L\u00edkamslaus vera sem talin er hafa \u00e1hrif \u00ed heiminum.\" tabindex=\"0\">andi<\/span> er \u00ed \u00edsl\u00f6mskum skilningi samsama\u00f0ur Djibril og t\u00e1knar ekki, eins og \u00ed kristninni, sj\u00e1lfst\u00e6\u00f0a gu\u00f0lega pers\u00f3nu.<\/p><p>\u00cdsl\u00f6msk hef\u00f0 eignar Djibril fleiri verkefni umfram mi\u00f0lun K\u00f3ransins, me\u00f0al annars fylgd M\u00fahame\u00f0s \u00e1 n\u00e6turfer\u00f0inni og himnaf\u00f6rinni.<\/p><p>\u00cd samanbur\u00f0i \u00feessara \u00feriggja tr\u00faarbrag\u00f0a kemur \u00ed lj\u00f3s eftirtektarver\u00f0 samfella. \u00cd j\u00fada\u00edskri, kristinni og \u00edslamskri <span class=\"iwg-fachbegriff\" data-tooltip=\"Mi\u00f0lun \u00feekkingar og sagna milli kynsl\u00f3\u00f0a.\" tabindex=\"0\">arfleif\u00f0<\/span> er Gabr\u00edel \u00ed hverju tilviki <span class=\"iwg-fachbegriff\" data-tooltip=\"\u00cd abraham\u00edsku tr\u00faarbr\u00f6g\u00f0unum himneskur sendibo\u00f0i Gu\u00f0s.\" tabindex=\"0\">engillinn<\/span> sem flytur meginlegt gu\u00f0legt bo\u00f0. \u00cd Dan\u00edel \u00fatsk\u00fdrir hann s\u00fdnina, hj\u00e1 L\u00fakasi tilkynnir hann afdrifar\u00edkar f\u00e6\u00f0ingar, \u00ed \u00edslam mi\u00f0lar hann alla opinberunina.<\/p><p>\u00deetta samfellda hlutverk sem sendibo\u00f0i og millili\u00f0ur gerir Gabr\u00edel a\u00f0 einni af f\u00e1um verum sem gegnir \u00e1berandi og \u00ed kjarna svipu\u00f0u hlutverki \u00ed \u00f6llum \u00feremur abraham\u00edsku tr\u00faarbr\u00f6g\u00f0unum. Innan englastigveldisins stendur hann oftast efstur, oft nefndur samhli\u00f0a M\u00edkael.<\/p>\t\t\t\t\t\t\t\t<\/div>\n\t\t\t\t<\/div>\n\t\t\t\t\t<\/div>\n\t\t\t\t<\/div>\n\t\t<div class=\"elementor-element elementor-element-36dd7469 e-flex e-con-boxed e-con e-parent\" data-id=\"36dd7469\" data-element_type=\"container\" data-e-type=\"container\">\n\t\t\t\t\t<div class=\"e-con-inner\">\n\t\t\t\t<div class=\"elementor-element elementor-element-13760ab4 elementor-widget elementor-widget-heading\" data-id=\"13760ab4\" data-element_type=\"widget\" data-e-type=\"widget\" data-widget_type=\"heading.default\">\n\t\t\t\t\t<h2 class=\"elementor-heading-title elementor-size-default\">\u00cdtarefni og tenglar<\/h2>\t\t\t\t<\/div>\n\t\t<div class=\"elementor-element elementor-element-28c87796 e-con-full e-flex e-con e-child\" data-id=\"28c87796\" data-element_type=\"container\" data-e-type=\"container\">\n\t\t\t\t<div class=\"elementor-element elementor-element-5d6538df elementor-widget elementor-widget-text-editor\" data-id=\"5d6538df\" data-element_type=\"widget\" data-e-type=\"widget\" data-widget_type=\"text-editor.default\">\n\t\t\t\t\t\t\t\t\t<ul><li><a href=\"https:\/\/iwell-guard.com\/is\/?page_id=168837\">\u00dar\u00edel<\/a><\/li><\/ul>\t\t\t\t\t\t\t\t<\/div>\n\t\t\t\t<\/div>\n\t\t\t\t\t<\/div>\n\t\t\t\t<\/div>\n\t\t<div class=\"elementor-element elementor-element-grl4kl40 e-flex e-con-boxed e-con e-parent\" data-id=\"grl4kl40\" data-element_type=\"container\" data-e-type=\"container\">\n\t\t\t\t\t<div class=\"e-con-inner\">\n\t\t\t\t<div class=\"elementor-element elementor-element-bzsbfrmh elementor-widget elementor-widget-heading\" data-id=\"bzsbfrmh\" data-element_type=\"widget\" data-e-type=\"widget\" data-widget_type=\"heading.default\">\n\t\t\t\t\t<h2 class=\"elementor-heading-title elementor-size-default\">Heimildir og fr\u00e6\u00f0irit<\/h2>\t\t\t\t<\/div>\n\t\t<div class=\"elementor-element elementor-element-2c13224a e-con-full e-flex e-con e-child\" data-id=\"2c13224a\" data-element_type=\"container\" data-e-type=\"container\">\n\t\t\t\t<div class=\"elementor-element elementor-element-0eymh9ub elementor-widget elementor-widget-text-editor\" data-id=\"0eymh9ub\" data-element_type=\"widget\" data-e-type=\"widget\" data-widget_type=\"text-editor.default\">\n\t\t\t\t\t\t\t\t\t<ul><li><span data-nosnippet>David Mach: <em>Archangels in the Bible<\/em>. Biblical Archaeology Review, 1997.<\/span><\/li><\/ul>\t\t\t\t\t\t\t\t<\/div>\n\t\t\t\t<\/div>\n\t\t\t\t\t<\/div>\n\t\t\t\t<\/div>\n\t\t\t\t<\/div>\n\t\t","protected":false},"excerpt":{"rendered":"","protected":false},"author":3,"featured_media":1609,"parent":0,"menu_order":0,"comment_status":"closed","ping_status":"closed","template":"elementor_header_footer","meta":{"_yoast_wpseo_focuskw":"Gabriel","_yoast_wpseo_title":"Gabr\u00edel - bo\u00f0beri gu\u00f0legra skilabo\u00f0a","_yoast_wpseo_metadesc":"Gabr\u00edel, erkiengill hinnar hebresku hef\u00f0ar \u00ed aldagamalli ritheimild: sendibo\u00f0i Gu\u00f0s \u00ed s\u00fdnum Dan\u00edels, millig\u00f6nguma\u00f0ur milli himins og jar\u00f0ar.","_yoast_wpseo_meta-robots-noindex":"","_yoast_wpseo_canonical":"","_angie_page":false,"gefaehrdungsstufe":"","wesen_kultur":"christentum","wesen_klasse":"lichtwesen","footnotes":""},"categories":[],"class_list":["post-168838","page","type-page","status-publish","has-post-thumbnail","hentry"],"yoast_head":"<!-- This site is optimized with the Yoast SEO Premium plugin v27.7 (Yoast SEO v28.3) - https:\/\/yoast.com\/product\/yoast-seo-premium-wordpress\/ -->\n<title>Gabr\u00edel - bo\u00f0beri gu\u00f0legra skilabo\u00f0a<\/title>\n<meta name=\"description\" content=\"Gabr\u00edel, erkiengill hinnar hebresku hef\u00f0ar \u00ed aldagamalli ritheimild: sendibo\u00f0i Gu\u00f0s \u00ed s\u00fdnum Dan\u00edels, millig\u00f6nguma\u00f0ur milli himins og jar\u00f0ar.\" \/>\n<meta name=\"robots\" content=\"index, follow, max-snippet:-1, max-image-preview:large, max-video-preview:-1\" \/>\n<link rel=\"canonical\" href=\"https:\/\/iwell-guard.com\/is\/gabriel\/\" \/>\n<meta property=\"og:locale\" content=\"is_IS\" \/>\n<meta property=\"og:type\" content=\"article\" \/>\n<meta property=\"og:title\" content=\"Gabriel\" \/>\n<meta property=\"og:description\" content=\"Gabr\u00edel, erkiengill hinnar hebresku hef\u00f0ar \u00ed aldagamalli ritheimild: sendibo\u00f0i Gu\u00f0s \u00ed s\u00fdnum Dan\u00edels, millig\u00f6nguma\u00f0ur milli himins og jar\u00f0ar.\" \/>\n<meta property=\"og:url\" content=\"https:\/\/iwell-guard.com\/is\/gabriel\/\" \/>\n<meta property=\"og:site_name\" content=\"iWell Guard\" \/>\n<meta property=\"article:modified_time\" content=\"2026-09-05T14:20:45+00:00\" \/>\n<meta property=\"og:image\" content=\"https:\/\/iwell-guard.com\/wp-content\/uploads\/2026\/04\/goetter_judentum_gabriel.webp\" \/>\n\t<meta property=\"og:image:width\" content=\"1024\" \/>\n\t<meta property=\"og:image:height\" content=\"1536\" \/>\n\t<meta property=\"og:image:type\" content=\"image\/webp\" \/>\n<meta name=\"twitter:card\" content=\"summary_large_image\" \/>\n<script type=\"application\/ld+json\" class=\"yoast-schema-graph\">{\"@context\":\"https:\\\/\\\/schema.org\",\"@graph\":[{\"@type\":\"WebPage\",\"@id\":\"https:\\\/\\\/iwell-guard.com\\\/is\\\/gabriel\\\/\",\"url\":\"https:\\\/\\\/iwell-guard.com\\\/is\\\/gabriel\\\/\",\"name\":\"Gabr\u00edel - bo\u00f0beri gu\u00f0legra skilabo\u00f0a\",\"isPartOf\":{\"@id\":\"https:\\\/\\\/iwell-guard.com\\\/is\\\/#website\"},\"primaryImageOfPage\":{\"@id\":\"https:\\\/\\\/iwell-guard.com\\\/is\\\/gabriel\\\/#primaryimage\"},\"image\":{\"@id\":\"https:\\\/\\\/iwell-guard.com\\\/is\\\/gabriel\\\/#primaryimage\"},\"thumbnailUrl\":\"https:\\\/\\\/iwell-guard.com\\\/wp-content\\\/uploads\\\/2026\\\/04\\\/goetter_judentum_gabriel.webp\",\"datePublished\":\"2026-09-05T14:03:24+00:00\",\"dateModified\":\"2026-09-05T14:20:45+00:00\",\"description\":\"Gabr\u00edel, erkiengill hinnar hebresku hef\u00f0ar \u00ed aldagamalli ritheimild: sendibo\u00f0i Gu\u00f0s \u00ed s\u00fdnum Dan\u00edels, millig\u00f6nguma\u00f0ur milli himins og jar\u00f0ar.\",\"breadcrumb\":{\"@id\":\"https:\\\/\\\/iwell-guard.com\\\/is\\\/gabriel\\\/#breadcrumb\"},\"inLanguage\":\"is\",\"potentialAction\":[{\"@type\":\"ReadAction\",\"target\":[\"https:\\\/\\\/iwell-guard.com\\\/is\\\/gabriel\\\/\"]}]},{\"@type\":\"ImageObject\",\"inLanguage\":\"is\",\"@id\":\"https:\\\/\\\/iwell-guard.com\\\/is\\\/gabriel\\\/#primaryimage\",\"url\":\"https:\\\/\\\/iwell-guard.com\\\/wp-content\\\/uploads\\\/2026\\\/04\\\/goetter_judentum_gabriel.webp\",\"contentUrl\":\"https:\\\/\\\/iwell-guard.com\\\/wp-content\\\/uploads\\\/2026\\\/04\\\/goetter_judentum_gabriel.webp\",\"width\":1024,\"height\":1536,\"caption\":\"Gu\u00f0ir \u00far tr\u00fa Judentum-hef\u00f0arinnar.\"},{\"@type\":\"BreadcrumbList\",\"@id\":\"https:\\\/\\\/iwell-guard.com\\\/is\\\/gabriel\\\/#breadcrumb\",\"itemListElement\":[{\"@type\":\"ListItem\",\"position\":1,\"name\":\"Start\",\"item\":\"https:\\\/\\\/iwell-guard.com\\\/is\\\/?page_id=168580\"},{\"@type\":\"ListItem\",\"position\":2,\"name\":\"Gabriel\"}]},{\"@type\":\"WebSite\",\"@id\":\"https:\\\/\\\/iwell-guard.com\\\/is\\\/#website\",\"url\":\"https:\\\/\\\/iwell-guard.com\\\/is\\\/\",\"name\":\"iWell Guard\",\"description\":\"Schutz vor dunklen Einfl\u00fcssen\",\"publisher\":{\"@id\":\"https:\\\/\\\/iwell-guard.com\\\/is\\\/#organization\"},\"potentialAction\":[{\"@type\":\"SearchAction\",\"target\":{\"@type\":\"EntryPoint\",\"urlTemplate\":\"https:\\\/\\\/iwell-guard.com\\\/is\\\/?s={search_term_string}\"},\"query-input\":{\"@type\":\"PropertyValueSpecification\",\"valueRequired\":true,\"valueName\":\"search_term_string\"}}],\"inLanguage\":\"is\"},{\"@type\":\"Organization\",\"@id\":\"https:\\\/\\\/iwell-guard.com\\\/is\\\/#organization\",\"name\":\"Ittermann electronic GmbH\",\"url\":\"https:\\\/\\\/iwell-guard.com\\\/is\\\/\",\"logo\":{\"@type\":\"ImageObject\",\"inLanguage\":\"is\",\"@id\":\"https:\\\/\\\/iwell-guard.com\\\/is\\\/#\\\/schema\\\/logo\\\/image\\\/\",\"url\":\"https:\\\/\\\/iwell-guard.com\\\/wp-content\\\/uploads\\\/2026\\\/05\\\/Ittermann-Logo-1182x237-1.png\",\"contentUrl\":\"https:\\\/\\\/iwell-guard.com\\\/wp-content\\\/uploads\\\/2026\\\/05\\\/Ittermann-Logo-1182x237-1.png\",\"width\":1182,\"height\":237,\"caption\":\"Ittermann electronic GmbH\"},\"image\":{\"@id\":\"https:\\\/\\\/iwell-guard.com\\\/is\\\/#\\\/schema\\\/logo\\\/image\\\/\"},\"sameAs\":[\"https:\\\/\\\/pantip.com\\\/profile\\\/9367242\",\"https:\\\/\\\/micro.blog\\\/iwellguard\",\"https:\\\/\\\/www.diggerslist.com\\\/iwellguard\\\/about\",\"https:\\\/\\\/skitterphoto.com\\\/photographers\\\/2870314\\\/iwell-guard\",\"https:\\\/\\\/iwellguard.wordpress.com\\\/2026\\\/06\\\/06\\\/iwell-guard\\\/\",\"https:\\\/\\\/hub.docker.com\\\/u\\\/iwellguard\",\"https:\\\/\\\/www.pinterest.com\\\/iwellguard\\\/\",\"https:\\\/\\\/bit.ly\\\/m\\\/iwellguard\",\"https:\\\/\\\/entre-vos-mains.alsace.eu\\\/profiles\\\/iwellguard\\\/activity\",\"https:\\\/\\\/gravatar.com\\\/reallybeded8fd34\",\"https:\\\/\\\/naijamatta.com\\\/iwellguard\",\"https:\\\/\\\/www.goodreads.com\\\/iwellguard\",\"https:\\\/\\\/profile.hatena.ne.jp\\\/iwellguard\\\/\",\"https:\\\/\\\/experiment.com\\\/users\\\/iwellguard\",\"https:\\\/\\\/wakelet.com\\\/@iWellGuard82270\",\"https:\\\/\\\/www.chordie.com\\\/forum\\\/profile.php?id=2555664\",\"https:\\\/\\\/www.instapaper.com\\\/p\\\/17757966\",\"https:\\\/\\\/www.mapleprimes.com\\\/users\\\/iwellguard\",\"https:\\\/\\\/businesslistingplus.com\\\/profile\\\/iwell-guard\\\/\",\"https:\\\/\\\/telegra.ph\\\/iWell-Guard-06-06\",\"https:\\\/\\\/pbase.com\\\/iwellguard\\\/iwellguard\",\"https:\\\/\\\/b.hatena.ne.jp\\\/iwellguard\\\/20260607#bookmark-4788405196491818882\",\"https:\\\/\\\/fliphtml5.com\\\/home\\\/iwellguard\",\"https:\\\/\\\/anyflip.com\\\/homepage\\\/cmiwl#About\",\"https:\\\/\\\/transfur.com\\\/Users\\\/iwellguard\",\"http:\\\/\\\/delphi.larsbo.org\\\/user\\\/iwellguard\",\"https:\\\/\\\/jobs.lajobsportal.org\\\/profiles\\\/8380803-iwell-guard\",\"https:\\\/\\\/md.chaosdorf.de\\\/s\\\/jfbe5SBdJD\",\"https:\\\/\\\/www.lingvolive.com\\\/en-us\\\/profile\\\/9ecaeaca-ce11-4e51-9e71-01d55e2bff36\\\/translations\",\"https:\\\/\\\/www.fitday.com\\\/fitness\\\/forums\\\/members\\\/iwellguard.html\",\"https:\\\/\\\/www.mymeetbook.com\\\/iwellguard\",\"https:\\\/\\\/pxhere.com\\\/en\\\/photographer-me\\\/5040798\",\"https:\\\/\\\/disqus.com\\\/by\\\/iwellguard\\\/about\\\/\",\"https:\\\/\\\/pastelink.net\\\/hjwciqwq\",\"https:\\\/\\\/pubhtml5.com\\\/homepage\\\/scjhn\\\/\",\"https:\\\/\\\/www.bitchute.com\\\/channel\\\/2O2eOKzNqujT\",\"https:\\\/\\\/audiomack.com\\\/iwellguard\"]},{\"@type\":\"Article\",\"@id\":\"https:\\\/\\\/iwell-guard.com\\\/is\\\/gabriel\\\/#article\",\"isPartOf\":{\"@id\":\"https:\\\/\\\/iwell-guard.com\\\/is\\\/gabriel\\\/\"},\"author\":{\"name\":\"Ralf Ittermann\",\"@id\":\"https:\\\/\\\/iwell-guard.com\\\/is\\\/#\\\/schema\\\/person\\\/ee2a27f1cac3406c7c6fb5820cb7349f\"},\"headline\":\"Gabriel\",\"datePublished\":\"2026-09-05T14:03:24+00:00\",\"dateModified\":\"2026-09-05T14:20:45+00:00\",\"mainEntityOfPage\":{\"@id\":\"https:\\\/\\\/iwell-guard.com\\\/is\\\/gabriel\\\/\"},\"publisher\":{\"@id\":\"https:\\\/\\\/iwell-guard.com\\\/is\\\/#organization\"},\"image\":{\"@id\":\"https:\\\/\\\/iwell-guard.com\\\/is\\\/gabriel\\\/#primaryimage\"},\"thumbnailUrl\":\"https:\\\/\\\/iwell-guard.com\\\/wp-content\\\/uploads\\\/2026\\\/04\\\/goetter_judentum_gabriel.webp\",\"inLanguage\":\"is\",\"description\":\"Gabr\u00edel, erkiengill hinnar hebresku hef\u00f0ar \u00ed aldagamalli ritheimild: sendibo\u00f0i Gu\u00f0s \u00ed s\u00fdnum Dan\u00edels, millig\u00f6nguma\u00f0ur milli himins og jar\u00f0ar.\"}]}<\/script>\n<!-- \/ Yoast SEO Premium plugin. -->","yoast_head_json":{"title":"Gabr\u00edel - bo\u00f0beri gu\u00f0legra skilabo\u00f0a","description":"Gabr\u00edel, erkiengill hinnar hebresku hef\u00f0ar \u00ed aldagamalli ritheimild: sendibo\u00f0i Gu\u00f0s \u00ed s\u00fdnum Dan\u00edels, millig\u00f6nguma\u00f0ur milli himins og jar\u00f0ar.","robots":{"index":"index","follow":"follow","max-snippet":"max-snippet:-1","max-image-preview":"max-image-preview:large","max-video-preview":"max-video-preview:-1"},"canonical":"https:\/\/iwell-guard.com\/is\/gabriel\/","og_locale":"is_IS","og_type":"article","og_title":"Gabriel","og_description":"Gabr\u00edel, erkiengill hinnar hebresku hef\u00f0ar \u00ed aldagamalli ritheimild: sendibo\u00f0i Gu\u00f0s \u00ed s\u00fdnum Dan\u00edels, millig\u00f6nguma\u00f0ur milli himins og jar\u00f0ar.","og_url":"https:\/\/iwell-guard.com\/is\/gabriel\/","og_site_name":"iWell Guard","article_modified_time":"2026-09-05T14:20:45+00:00","og_image":[{"width":1024,"height":1536,"url":"https:\/\/iwell-guard.com\/wp-content\/uploads\/2026\/04\/goetter_judentum_gabriel.webp","type":"image\/webp"}],"twitter_card":"summary_large_image","schema":{"@context":"https:\/\/schema.org","@graph":[{"@type":"Article","@id":"https:\/\/iwell-guard.com\/is\/gabriel\/#article","isPartOf":{"@id":"https:\/\/iwell-guard.com\/is\/gabriel\/"},"author":{"name":"Ralf Ittermann","@id":"https:\/\/iwell-guard.com\/is\/#\/schema\/person\/ee2a27f1cac3406c7c6fb5820cb7349f"},"headline":"Gabriel","datePublished":"2026-09-05T14:03:24+00:00","dateModified":"2026-09-05T14:20:45+00:00","mainEntityOfPage":{"@id":"https:\/\/iwell-guard.com\/is\/gabriel\/"},"publisher":{"@id":"https:\/\/iwell-guard.com\/is\/#organization"},"image":{"@id":"https:\/\/iwell-guard.com\/is\/gabriel\/#primaryimage"},"thumbnailUrl":"https:\/\/iwell-guard.com\/wp-content\/uploads\/2026\/04\/goetter_judentum_gabriel.webp","inLanguage":"is","description":"Gabr\u00edel, erkiengill hinnar hebresku hef\u00f0ar \u00ed aldagamalli ritheimild: sendibo\u00f0i Gu\u00f0s \u00ed s\u00fdnum Dan\u00edels, millig\u00f6nguma\u00f0ur milli himins og jar\u00f0ar."},{"@type":"WebPage","@id":"https:\/\/iwell-guard.com\/is\/gabriel\/","url":"https:\/\/iwell-guard.com\/is\/gabriel\/","name":"Gabr\u00edel - bo\u00f0beri gu\u00f0legra skilabo\u00f0a","isPartOf":{"@id":"https:\/\/iwell-guard.com\/is\/#website"},"primaryImageOfPage":{"@id":"https:\/\/iwell-guard.com\/is\/gabriel\/#primaryimage"},"image":{"@id":"https:\/\/iwell-guard.com\/is\/gabriel\/#primaryimage"},"thumbnailUrl":"https:\/\/iwell-guard.com\/wp-content\/uploads\/2026\/04\/goetter_judentum_gabriel.webp","datePublished":"2026-09-05T14:03:24+00:00","dateModified":"2026-09-05T14:20:45+00:00","description":"Gabr\u00edel, erkiengill hinnar hebresku hef\u00f0ar \u00ed aldagamalli ritheimild: sendibo\u00f0i Gu\u00f0s \u00ed s\u00fdnum Dan\u00edels, millig\u00f6nguma\u00f0ur milli himins og jar\u00f0ar.","breadcrumb":{"@id":"https:\/\/iwell-guard.com\/is\/gabriel\/#breadcrumb"},"inLanguage":"is","potentialAction":[{"@type":"ReadAction","target":["https:\/\/iwell-guard.com\/is\/gabriel\/"]}]},{"@type":"ImageObject","inLanguage":"is","@id":"https:\/\/iwell-guard.com\/is\/gabriel\/#primaryimage","url":"https:\/\/iwell-guard.com\/wp-content\/uploads\/2026\/04\/goetter_judentum_gabriel.webp","contentUrl":"https:\/\/iwell-guard.com\/wp-content\/uploads\/2026\/04\/goetter_judentum_gabriel.webp","width":1024,"height":1536,"caption":"Gu\u00f0ir \u00far tr\u00fa Judentum-hef\u00f0arinnar."},{"@type":"BreadcrumbList","@id":"https:\/\/iwell-guard.com\/is\/gabriel\/#breadcrumb","itemListElement":[{"@type":"ListItem","position":1,"name":"Start","item":"https:\/\/iwell-guard.com\/is\/?page_id=168580"},{"@type":"ListItem","position":2,"name":"Gabriel"}]},{"@type":"WebSite","@id":"https:\/\/iwell-guard.com\/is\/#website","url":"https:\/\/iwell-guard.com\/is\/","name":"iWell Guard","description":"Schutz vor dunklen Einfl\u00fcssen","publisher":{"@id":"https:\/\/iwell-guard.com\/is\/#organization"},"potentialAction":[{"@type":"SearchAction","target":{"@type":"EntryPoint","urlTemplate":"https:\/\/iwell-guard.com\/is\/?s={search_term_string}"},"query-input":{"@type":"PropertyValueSpecification","valueRequired":true,"valueName":"search_term_string"}}],"inLanguage":"is"},{"@type":"Organization","@id":"https:\/\/iwell-guard.com\/is\/#organization","name":"Ittermann electronic GmbH","url":"https:\/\/iwell-guard.com\/is\/","logo":{"@type":"ImageObject","inLanguage":"is","@id":"https:\/\/iwell-guard.com\/is\/#\/schema\/logo\/image\/","url":"https:\/\/iwell-guard.com\/wp-content\/uploads\/2026\/05\/Ittermann-Logo-1182x237-1.png","contentUrl":"https:\/\/iwell-guard.com\/wp-content\/uploads\/2026\/05\/Ittermann-Logo-1182x237-1.png","width":1182,"height":237,"caption":"Ittermann electronic GmbH"},"image":{"@id":"https:\/\/iwell-guard.com\/is\/#\/schema\/logo\/image\/"},"sameAs":["https:\/\/pantip.com\/profile\/9367242","https:\/\/micro.blog\/iwellguard","https:\/\/www.diggerslist.com\/iwellguard\/about","https:\/\/skitterphoto.com\/photographers\/2870314\/iwell-guard","https:\/\/iwellguard.wordpress.com\/2026\/06\/06\/iwell-guard\/","https:\/\/hub.docker.com\/u\/iwellguard","https:\/\/www.pinterest.com\/iwellguard\/","https:\/\/bit.ly\/m\/iwellguard","https:\/\/entre-vos-mains.alsace.eu\/profiles\/iwellguard\/activity","https:\/\/gravatar.com\/reallybeded8fd34","https:\/\/naijamatta.com\/iwellguard","https:\/\/www.goodreads.com\/iwellguard","https:\/\/profile.hatena.ne.jp\/iwellguard\/","https:\/\/experiment.com\/users\/iwellguard","https:\/\/wakelet.com\/@iWellGuard82270","https:\/\/www.chordie.com\/forum\/profile.php?id=2555664","https:\/\/www.instapaper.com\/p\/17757966","https:\/\/www.mapleprimes.com\/users\/iwellguard","https:\/\/businesslistingplus.com\/profile\/iwell-guard\/","https:\/\/telegra.ph\/iWell-Guard-06-06","https:\/\/pbase.com\/iwellguard\/iwellguard","https:\/\/b.hatena.ne.jp\/iwellguard\/20260607#bookmark-4788405196491818882","https:\/\/fliphtml5.com\/home\/iwellguard","https:\/\/anyflip.com\/homepage\/cmiwl#About","https:\/\/transfur.com\/Users\/iwellguard","http:\/\/delphi.larsbo.org\/user\/iwellguard","https:\/\/jobs.lajobsportal.org\/profiles\/8380803-iwell-guard","https:\/\/md.chaosdorf.de\/s\/jfbe5SBdJD","https:\/\/www.lingvolive.com\/en-us\/profile\/9ecaeaca-ce11-4e51-9e71-01d55e2bff36\/translations","https:\/\/www.fitday.com\/fitness\/forums\/members\/iwellguard.html","https:\/\/www.mymeetbook.com\/iwellguard","https:\/\/pxhere.com\/en\/photographer-me\/5040798","https:\/\/disqus.com\/by\/iwellguard\/about\/","https:\/\/pastelink.net\/hjwciqwq","https:\/\/pubhtml5.com\/homepage\/scjhn\/","https:\/\/www.bitchute.com\/channel\/2O2eOKzNqujT","https:\/\/audiomack.com\/iwellguard"]},{"@type":"Person","@id":"https:\/\/iwell-guard.com\/is\/#\/schema\/person\/ee2a27f1cac3406c7c6fb5820cb7349f","name":"Ralf Ittermann","image":{"@type":"ImageObject","inLanguage":"is","@id":"https:\/\/secure.gravatar.com\/avatar\/073c0153e350a5005b68eb752b445fea71f6b24a26da9449ad7e155e6b446c9d?s=96&d=mm&r=g","url":"https:\/\/secure.gravatar.com\/avatar\/073c0153e350a5005b68eb752b445fea71f6b24a26da9449ad7e155e6b446c9d?s=96&d=mm&r=g","contentUrl":"https:\/\/secure.gravatar.com\/avatar\/073c0153e350a5005b68eb752b445fea71f6b24a26da9449ad7e155e6b446c9d?s=96&d=mm&r=g","caption":"Ralf Ittermann"},"givenName":"Ralf","familyName":"Ittermann","jobTitle":"Gesch\u00e4ftsf\u00fchrer und redaktioneller Verantwortlicher","url":"https:\/\/iwell-guard.com\/is\/author\/claude\/","description":"Ralf Ittermann ist Gesch\u00e4ftsf\u00fchrer der Ittermann electronic GmbH und redaktioneller Verantwortlicher des iWell-Guard-Lexikons. Er verbindet langj\u00e4hrige Erfahrung in der Pr\u00e4zisionsfertigung mit medialer Praxis und religionsgeschichtlicher Quellenarbeit.","worksFor":{"@type":"Organization","name":"Ittermann electronic GmbH","url":"https:\/\/ittermann.de\/","address":{"@type":"PostalAddress","streetAddress":"K\u00f6hlergasse 16-18","postalCode":"99842","addressLocality":"Ruhla","addressCountry":"DE"}},"knowsAbout":["Religionsgeschichte","Mythologie","Mediale Praxis","Energetische Diagnostik","Schutzpraxis","Volksglauben","Westliche Esoterik"]},{"@type":"Article","@id":"https:\/\/iwell-guard.com\/is\/gabriel\/#article","isPartOf":{"@id":"https:\/\/iwell-guard.com\/is\/gabriel\/"},"author":{"name":"Ralf Ittermann","@id":"https:\/\/iwell-guard.com\/is\/#\/schema\/person\/ee2a27f1cac3406c7c6fb5820cb7349f"},"headline":"Gabriel","datePublished":"2026-09-05T14:03:24+00:00","dateModified":"2026-09-05T14:20:45+00:00","mainEntityOfPage":{"@id":"https:\/\/iwell-guard.com\/is\/gabriel\/"},"publisher":{"@id":"https:\/\/iwell-guard.com\/is\/#organization"},"image":{"@id":"https:\/\/iwell-guard.com\/is\/gabriel\/#primaryimage"},"thumbnailUrl":"https:\/\/iwell-guard.com\/wp-content\/uploads\/2026\/04\/goetter_judentum_gabriel.webp","inLanguage":"is","description":"Gabr\u00edel, erkiengill hinnar hebresku hef\u00f0ar \u00ed aldagamalli ritheimild: sendibo\u00f0i Gu\u00f0s \u00ed s\u00fdnum Dan\u00edels, millig\u00f6nguma\u00f0ur milli himins og jar\u00f0ar."}]}},"_links":{"self":[{"href":"https:\/\/iwell-guard.com\/is\/wp-json\/wp\/v2\/pages\/168838","targetHints":{"allow":["GET"]}}],"collection":[{"href":"https:\/\/iwell-guard.com\/is\/wp-json\/wp\/v2\/pages"}],"about":[{"href":"https:\/\/iwell-guard.com\/is\/wp-json\/wp\/v2\/types\/page"}],"author":[{"embeddable":true,"href":"https:\/\/iwell-guard.com\/is\/wp-json\/wp\/v2\/users\/3"}],"replies":[{"embeddable":true,"href":"https:\/\/iwell-guard.com\/is\/wp-json\/wp\/v2\/comments?post=168838"}],"version-history":[{"count":0,"href":"https:\/\/iwell-guard.com\/is\/wp-json\/wp\/v2\/pages\/168838\/revisions"}],"wp:featuredmedia":[{"embeddable":true,"href":"https:\/\/iwell-guard.com\/is\/wp-json\/wp\/v2\/media\/1609"}],"wp:attachment":[{"href":"https:\/\/iwell-guard.com\/is\/wp-json\/wp\/v2\/media?parent=168838"}],"wp:term":[{"taxonomy":"category","embeddable":true,"href":"https:\/\/iwell-guard.com\/is\/wp-json\/wp\/v2\/categories?post=168838"}],"curies":[{"name":"wp","href":"https:\/\/api.w.org\/{rel}","templated":true}]}}