{"id":168837,"date":"2026-09-05T14:03:23","date_gmt":"2026-09-05T14:03:23","guid":{"rendered":"https:\/\/iwell-guard.com\/?page_id=168837"},"modified":"2026-09-05T14:20:45","modified_gmt":"2026-09-05T14:20:45","slug":"uriel","status":"publish","type":"page","link":"https:\/\/iwell-guard.com\/is\/uriel\/","title":{"rendered":"\u00dar\u00edel"},"content":{"rendered":"\t\t<div data-elementor-type=\"wp-page\" data-elementor-id=\"168837\" class=\"elementor elementor-168837 elementor-2139 elementor-bc-flex-widget\" data-elementor-post-type=\"page\">\n\t\t\t\t<div class=\"elementor-element elementor-element-10fdade e-flex e-con-boxed e-con e-parent\" data-id=\"10fdade\" data-element_type=\"container\" data-e-type=\"container\" data-settings=\"{&quot;background_background&quot;:&quot;classic&quot;}\">\n\t\t\t\t\t<div class=\"e-con-inner\">\n\t\t<div class=\"elementor-element elementor-element-herohlft0 e-flex e-con-boxed e-con e-child\" data-id=\"herohlft0\" data-element_type=\"container\" data-e-type=\"container\">\n\t\t\t\t\t<div class=\"e-con-inner\">\n\t\t<div class=\"elementor-element elementor-element-c3ceb64 e-con-full e-flex e-con e-child\" data-id=\"c3ceb64\" data-element_type=\"container\" data-e-type=\"container\">\n\t\t\t\t<div class=\"elementor-element elementor-element-96ae5e1 elementor-widget elementor-widget-heading\" data-id=\"96ae5e1\" data-element_type=\"widget\" data-e-type=\"widget\" data-widget_type=\"heading.default\">\n\t\t\t\t\t<h1 class=\"elementor-heading-title elementor-size-default\">\u00dar\u00edel, gu\u00f0 \u00ed hef\u00f0um Judaisma<\/h1>\t\t\t\t<\/div>\n\t\t\t\t<div class=\"elementor-element elementor-element-e45238a elementor-widget elementor-widget-text-editor\" data-id=\"e45238a\" data-element_type=\"widget\" data-e-type=\"widget\" data-widget_type=\"text-editor.default\">\n\t\t\t\t\t\t\t\t\t<p>\u00dar\u00edel er erkiengilsmynd gy\u00f0inglegrar hef\u00f0ar, holdgervingur gu\u00f0legs elds og r\u00e9ttl\u00e1ts d\u00f3ms. Tr\u00faarbrag\u00f0afr\u00e6\u00f0ileg \u00fe\u00fd\u00f0ing hans felst \u00ed \u00fev\u00ed a\u00f0 hann t\u00e1knar rei\u00f0i Gu\u00f0s, framkv\u00e6md hins s\u00ed\u00f0asta d\u00f3ms og hlutverk hans \u00ed <span class=\"iwg-fachbegriff\" tabindex=\"0\" data-tooltip=\"Tr\u00faarleg stefna sem leggur \u00e1herslu \u00e1 beina reynslu af Gu\u00f0i; mi\u00f0l\u00e6g \u00ed gy\u00f0inglegri, kristinni og \u00edslamskri hef\u00f0.\">dulhyggju<\/span>&#8211;<span class=\"iwg-fachbegriff\" data-tooltip=\"V\u00edsindaleg fr\u00e6\u00f0i um Gu\u00f0 og tr\u00fa tiltekinna tr\u00faarbrag\u00f0a.\" tabindex=\"0\">gu\u00f0fr\u00e6\u00f0i<\/span> sem eld-<span class=\"iwg-fachbegriff\" data-tooltip=\"\u00cd abraham\u00edskum tr\u00faarbr\u00f6g\u00f0um himneskur sendibo\u00f0i Gu\u00f0s.\" tabindex=\"0\">engill<\/span> og h\u00e1s\u00e6tisv\u00f6r\u00f0ur hins h\u00e6sta.<\/p>\t\t\t\t\t\t\t\t<\/div>\n\t\t\t\t<\/div>\n\t\t<div class=\"elementor-element elementor-element-klsbdg01 e-con-full e-flex e-con e-parent\" data-id=\"klsbdg01\" data-element_type=\"container\" data-e-type=\"container\">\n\t\t\t\t<div class=\"elementor-element elementor-element-klshtm01 elementor-widget elementor-widget-html\" data-id=\"klshtm01\" data-element_type=\"widget\" data-e-type=\"widget\" data-widget_type=\"html.default\">\n\t\t\t\t\t<div class=\"iwg-pill-row\"><span class=\"iwg-klasse-badge\" tabindex=\"0\" data-tooltip=\"Lj\u00f3sverur: Uppl\u00fdstar, verndandi e\u00f0a kennandi verur, erkienglar, uppstigningarmeistarar, lj\u00f3sar n\u00e1tt\u00faruverur. \u00cd n\u00fdrri og eldri andlegum hef\u00f0um l\u00fdst sem hj\u00e1lpar- og kennaraverur.\">Lj\u00f3svera<\/span><a href=\"https:\/\/iwell-guard.com\/is\/?page_id=168613\" class=\"iwg-kultur-badge\" tabindex=\"0\" data-tooltip=\"\u00cdslamskur tr\u00faarheimur me\u00f0 erkienglum, djinnum og tr\u00faarlegum verum.\">\u00cdslam<\/a><span class=\"iwg-tradition-badge\" tabindex=\"0\" data-tooltip=\"Erkiengill, h\u00e6sta engladeild \u00ed hef\u00f0 Gy\u00f0inga, kristinna og m\u00faslima.\">Erkiengill<\/span><\/div>\t\t\t\t<\/div>\n\t\t\t\t<\/div>\n\t\t<div class=\"elementor-element elementor-element-3f74855 e-con-full e-flex e-con e-child\" data-id=\"3f74855\" data-element_type=\"container\" data-e-type=\"container\">\n\t\t\t\t<div class=\"elementor-element elementor-element-1c30362 elementor-toc--minimized-on-tablet elementor-widget elementor-widget-table-of-contents\" data-id=\"1c30362\" data-element_type=\"widget\" data-e-type=\"widget\" data-settings=\"{&quot;exclude_headings_by_selector&quot;:[],&quot;no_headings_message&quot;:&quot;Engar undirfyrirsagnir fundust \\u00e1 \\u00feessari s\\u00ed\\u00f0u.&quot;,&quot;headings_by_tags&quot;:[&quot;h2&quot;,&quot;h3&quot;],&quot;marker_view&quot;:&quot;bullets&quot;,&quot;minimize_box&quot;:&quot;yes&quot;,&quot;icon&quot;:{&quot;value&quot;:&quot;fas fa-circle&quot;,&quot;library&quot;:&quot;fa-solid&quot;,&quot;rendered_tag&quot;:&quot;&lt;svg class=\\&quot;e-font-icon-svg e-fas-circle\\&quot; viewBox=\\&quot;0 0 512 512\\&quot; xmlns=\\&quot;http:\\\/\\\/www.w3.org\\\/2000\\\/svg\\&quot;&gt;&lt;path d=\\&quot;M256 8C119 8 8 119 8 256s111 248 248 248 248-111 248-248S393 8 256 8z\\&quot;&gt;&lt;\\\/path&gt;&lt;\\\/svg&gt;&quot;},&quot;minimized_on&quot;:&quot;tablet&quot;,&quot;hierarchical_view&quot;:&quot;yes&quot;,&quot;min_height&quot;:{&quot;unit&quot;:&quot;px&quot;,&quot;size&quot;:&quot;&quot;,&quot;sizes&quot;:[]},&quot;min_height_tablet&quot;:{&quot;unit&quot;:&quot;px&quot;,&quot;size&quot;:&quot;&quot;,&quot;sizes&quot;:[]},&quot;min_height_mobile&quot;:{&quot;unit&quot;:&quot;px&quot;,&quot;size&quot;:&quot;&quot;,&quot;sizes&quot;:[]}}\" data-widget_type=\"table-of-contents.default\">\n\t\t\t\t\t\t\t\t\t<div class=\"elementor-toc__header\">\n\t\t\t\t\t\t<h2 class=\"elementor-toc__header-title\">\n\t\t\t\tEfnisyfirlit\t\t\t<\/h2>\n\t\t\t\t\t\t\t\t\t\t<div class=\"elementor-toc__toggle-button elementor-toc__toggle-button--expand\" role=\"button\" tabindex=\"0\" aria-controls=\"elementor-toc__1c30362\" aria-expanded=\"true\" aria-label=\"Open table of contents\"><svg aria-hidden=\"true\" class=\"e-font-icon-svg e-fas-chevron-down\" viewBox=\"0 0 448 512\" xmlns=\"http:\/\/www.w3.org\/2000\/svg\"><path d=\"M207.029 381.476L12.686 187.132c-9.373-9.373-9.373-24.569 0-33.941l22.667-22.667c9.357-9.357 24.522-9.375 33.901-.04L224 284.505l154.745-154.021c9.379-9.335 24.544-9.317 33.901.04l22.667 22.667c9.373 9.373 9.373 24.569 0 33.941L240.971 381.476c-9.373 9.372-24.569 9.372-33.942 0z\"><\/path><\/svg><\/div>\n\t\t\t\t<div class=\"elementor-toc__toggle-button elementor-toc__toggle-button--collapse\" role=\"button\" tabindex=\"0\" aria-controls=\"elementor-toc__1c30362\" aria-expanded=\"true\" aria-label=\"Close table of contents\"><svg aria-hidden=\"true\" class=\"e-font-icon-svg e-fas-chevron-up\" viewBox=\"0 0 448 512\" xmlns=\"http:\/\/www.w3.org\/2000\/svg\"><path d=\"M240.971 130.524l194.343 194.343c9.373 9.373 9.373 24.569 0 33.941l-22.667 22.667c-9.357 9.357-24.522 9.375-33.901.04L224 227.495 69.255 381.516c-9.379 9.335-24.544 9.317-33.901-.04l-22.667-22.667c-9.373-9.373-9.373-24.569 0-33.941L207.03 130.525c9.372-9.373 24.568-9.373 33.941-.001z\"><\/path><\/svg><\/div>\n\t\t\t\t\t<\/div>\n\t\t\t\t<div id=\"elementor-toc__1c30362\" class=\"elementor-toc__body\">\n\t\t\t<div class=\"elementor-toc__spinner-container\">\n\t\t\t\t<svg class=\"elementor-toc__spinner eicon-animation-spin e-font-icon-svg e-eicon-loading\" aria-hidden=\"true\" viewBox=\"0 0 1000 1000\" xmlns=\"http:\/\/www.w3.org\/2000\/svg\"><path d=\"M500 975V858C696 858 858 696 858 500S696 142 500 142 142 304 142 500H25C25 237 238 25 500 25S975 237 975 500 763 975 500 975Z\"><\/path><\/svg>\t\t\t<\/div>\n\t\t<\/div>\n\t\t\t\t\t\t<\/div>\n\t\t\t\t<\/div>\n\t\t\t\t\t<\/div>\n\t\t\t\t<\/div>\n\t\t<div class=\"elementor-element elementor-element-herorght0 e-con-full e-flex e-con e-child\" data-id=\"herorght0\" data-element_type=\"container\" data-e-type=\"container\">\n\t\t\t\t<div class=\"elementor-element elementor-element-heroimg00 iwg-hero-image elementor-widget elementor-widget-image\" data-id=\"heroimg00\" data-element_type=\"widget\" data-e-type=\"widget\" data-widget_type=\"image.default\">\n\t\t\t\t\t\t\t\t\t\t\t\t\t\t\t<img fetchpriority=\"high\" decoding=\"async\" width=\"683\" height=\"1024\" src=\"https:\/\/iwell-guard.com\/wp-content\/uploads\/2026\/04\/goetter_judentum_uriel-683x1024.webp\" class=\"attachment-large size-large wp-image-171091\" alt=\"\u00dar\u00edel - Gu\u00f0ir \u00far hef\u00f0 j\u00fadaisma, s\u00f6guleg-myndskreytandi\" srcset=\"https:\/\/iwell-guard.com\/wp-content\/uploads\/2026\/04\/goetter_judentum_uriel-683x1024.webp 683w, https:\/\/iwell-guard.com\/wp-content\/uploads\/2026\/04\/goetter_judentum_uriel-200x300.webp 200w, https:\/\/iwell-guard.com\/wp-content\/uploads\/2026\/04\/goetter_judentum_uriel-768x1152.webp 768w, https:\/\/iwell-guard.com\/wp-content\/uploads\/2026\/04\/goetter_judentum_uriel.webp 1024w\" sizes=\"(max-width: 683px) 100vw, 683px\" \/>\t\t\t\t\t\t\t\t\t\t\t\t\t\t\t<\/div>\n\t\t\t\t<\/div>\n\t\t\t\t\t<\/div>\n\t\t\t\t<\/div>\n\t\t<div class=\"elementor-element elementor-element-32917199 e-flex e-con-boxed e-con e-parent\" data-id=\"32917199\" data-element_type=\"container\" data-e-type=\"container\">\n\t\t\t\t\t<div class=\"e-con-inner\">\n\t\t<div class=\"elementor-element elementor-element-26e916cb e-flex e-con-boxed e-con e-child\" data-id=\"26e916cb\" data-element_type=\"container\" data-e-type=\"container\">\n\t\t\t\t\t<div class=\"e-con-inner\">\n\t\t<div class=\"elementor-element elementor-element-253a40d4 e-flex e-con-boxed e-con e-child\" data-id=\"253a40d4\" data-element_type=\"container\" data-e-type=\"container\">\n\t\t\t\t\t<div class=\"e-con-inner\">\n\t\t\t\t<div class=\"elementor-element elementor-element-1200c304 elementor-widget elementor-widget-heading\" data-id=\"1200c304\" data-element_type=\"widget\" data-e-type=\"widget\" data-widget_type=\"heading.default\">\n\t\t\t\t\t<h2 class=\"elementor-heading-title elementor-size-default\">\u00dar\u00edel<\/h2>\t\t\t\t<\/div>\n\t\t\t\t<div class=\"elementor-element elementor-element-11758e7f elementor-widget elementor-widget-text-editor\" data-id=\"11758e7f\" data-element_type=\"widget\" data-e-type=\"widget\" data-widget_type=\"text-editor.default\">\n\t\t\t\t\t\t\t\t\t<p>\u00dar\u00edel gegnir hlutverki eld-<span class=\"iwg-fachbegriff\" data-tooltip=\"\u00cd abraham\u00edskum tr\u00faarbr\u00f6g\u00f0um himneskur sendibo\u00f0i Gu\u00f0s.\" tabindex=\"0\">engils<\/span> og fullnustumanns d\u00f3ms. Eiginleikar hans fela \u00ed s\u00e9r rei\u00f0i, visku og miskunnarlaust r\u00e9ttl\u00e6ti. Me\u00f0al helstu go\u00f0sagna eru: vi\u00f0v\u00f6run til N\u00f3a fyrir fl\u00f3\u00f0i\u00f0 (1. Enoksb\u00f3k 20:2), brottrekstur Adams \u00far parad\u00eds (Pirke de-Rabbi El\u00edeser), tort\u00edming hinna vondu vi\u00f0 endalok t\u00edmans (opinberun), og dulspekilegt hlutverk innan kabbala sem <span class=\"iwg-fachbegriff\" data-tooltip=\"\u00cd abraham\u00edskum tr\u00faarbr\u00f6g\u00f0um himneskur sendibo\u00f0i Gu\u00f0s.\" tabindex=\"0\">engill<\/span> huglei\u00f0slu og eldh\u00e1s\u00e6tis.<\/p>\t\t\t\t\t\t\t\t<\/div>\n\t\t\t\t\t<\/div>\n\t\t\t\t<\/div>\n\t\t<div class=\"elementor-element elementor-element-159dcf9a e-flex e-con-boxed e-con e-child\" data-id=\"159dcf9a\" data-element_type=\"container\" data-e-type=\"container\">\n\t\t\t\t\t<div class=\"e-con-inner\">\n\t\t\t\t<div class=\"elementor-element elementor-element-48cee66f elementor-widget elementor-widget-heading\" data-id=\"48cee66f\" data-element_type=\"widget\" data-e-type=\"widget\" data-widget_type=\"heading.default\">\n\t\t\t\t\t<h2 class=\"elementor-heading-title elementor-size-default\">\u00cd hnotskurn: \u00dar\u00edel<\/h2>\t\t\t\t<\/div>\n\t\t\t\t<div class=\"elementor-element elementor-element-3f50d82c elementor-widget elementor-widget-text-editor\" data-id=\"3f50d82c\" data-element_type=\"widget\" data-e-type=\"widget\" data-widget_type=\"text-editor.default\">\n\t\t\t\t\t\t\t\t\t<p>\u00dar\u00edel er fyrst og fremst nefndur \u00ed heimildum sem eru ekki hluti hinnar bibl\u00edulegu kan\u00f3nu: 1. Enoksb\u00f3k (20:2, 21:5-6, hebreska, um 150 f.Kr.), Pirke de-Rabbi Eliezer (10. \u00f6ld, hebreska), og kabbal\u00edskum ritum (Sefer ha-Bahir, Z\u00f3har). Bibl\u00eduleg minning hans er hverfandi (Esra 4:1, Sept\u00faaginta). Ranns\u00f3knarsta\u00f0a (Scholem, Bietenhard, Karppe) s\u00fdnir \u00dar\u00edel sem s\u00ed\u00f0komna \u00fer\u00f3un fr\u00e1 <span class=\"iwg-fachbegriff\" data-tooltip=\"Umbreytingart\u00edmabil milli fornaldar og mi\u00f0alda, um 3. til 7. \u00f6ld.\" tabindex=\"0\">s\u00ed\u00f0forn\u00f6ld<\/span>, ekki upprunalega bibl\u00edulega pers\u00f3nu.<\/p>\t\t\t\t\t\t\t\t<\/div>\n\t\t\t\t\t<\/div>\n\t\t\t\t<\/div>\n\t\t\t\t\t<\/div>\n\t\t\t\t<\/div>\n\t\t\t\t\t<\/div>\n\t\t\t\t<\/div>\n\t\t<div class=\"elementor-element elementor-element-18613602 e-flex e-con-boxed e-con e-parent\" data-id=\"18613602\" data-element_type=\"container\" data-e-type=\"container\">\n\t\t\t\t\t<div class=\"e-con-inner\">\n\t\t\t\t<div class=\"elementor-element elementor-element-262b8a9f elementor-widget elementor-widget-heading\" data-id=\"262b8a9f\" data-element_type=\"widget\" data-e-type=\"widget\" data-widget_type=\"heading.default\">\n\t\t\t\t\t<h2 class=\"elementor-heading-title elementor-size-default\">Yfirlit<\/h2>\t\t\t\t<\/div>\n\t\t<div class=\"elementor-element elementor-element-46dcb7d e-con-full e-flex e-con e-child\" data-id=\"46dcb7d\" data-element_type=\"container\" data-e-type=\"container\">\n\t\t<div class=\"elementor-element elementor-element-61d3ab3 e-flex e-con-boxed e-con e-child\" data-id=\"61d3ab3\" data-element_type=\"container\" data-e-type=\"container\">\n\t\t\t\t\t<div class=\"e-con-inner\">\n\t\t\t\t<div class=\"elementor-element elementor-element-117c166 elementor-widget elementor-widget-heading\" data-id=\"117c166\" data-element_type=\"widget\" data-e-type=\"widget\" data-widget_type=\"heading.default\">\n\t\t\t\t\t<div class=\"elementor-heading-title elementor-size-default\">T\u00edmabil textanna<\/div>\t\t\t\t<\/div>\n\t\t\t\t<div class=\"elementor-element elementor-element-73997a0 elementor-widget elementor-widget-text-editor\" data-id=\"73997a0\" data-element_type=\"widget\" data-e-type=\"widget\" data-widget_type=\"text-editor.default\">\n\t\t\t\t\t\t\t\t\t<p>Sagnahef\u00f0in um \u00dar\u00edel spannar t\u00edmabili\u00f0 fr\u00e1 Enoksb\u00f3k, sem samin var \u00e1 3. til 1. \u00f6ld fyrir Krist, \u00ed gegnum 4. Esrab\u00f3k og allt til b\u00fdsanskrar og et\u00ed\u00f3p\u00edskrar hef\u00f0ar, \u00fear sem hann er d\u00fdrka\u00f0ur enn \u00ed dag. \u00cd vesturkirkjunni var d\u00fdrkun hans hins vegar hafna\u00f0 \u00e1ri\u00f0 745 undir stj\u00f3rn p\u00e1fa Sakar\u00edasar, \u00fear sem nafn hans er ekki a\u00f0 finna \u00ed kan\u00f3n\u00edskum ritum. \u00der\u00e1tt fyrir \u00fea\u00f0 h\u00e9lt \u00dar\u00edel \u00e1fram a\u00f0 vera til sta\u00f0ar \u00ed myndlist, anglikanskri hef\u00f0 og dulspeki, \u00ed breyttri mynd en undir sama nafni og me\u00f0 s\u00f6mu tengingu vi\u00f0 lj\u00f3si\u00f0.<\/p>\t\t\t\t\t\t\t\t<\/div>\n\t\t\t\t\t<\/div>\n\t\t\t\t<\/div>\n\t\t<div class=\"elementor-element elementor-element-d47b156 e-flex e-con-boxed e-con e-child\" data-id=\"d47b156\" data-element_type=\"container\" data-e-type=\"container\">\n\t\t\t\t\t<div class=\"e-con-inner\">\n\t\t\t\t<div class=\"elementor-element elementor-element-ff38c2b elementor-widget elementor-widget-heading\" data-id=\"ff38c2b\" data-element_type=\"widget\" data-e-type=\"widget\" data-widget_type=\"heading.default\">\n\t\t\t\t\t<div class=\"elementor-heading-title elementor-size-default\">\u00datbrei\u00f0slusv\u00e6\u00f0i<\/div>\t\t\t\t<\/div>\n\t\t\t\t<div class=\"elementor-element elementor-element-4e49fcc elementor-widget elementor-widget-text-editor\" data-id=\"4e49fcc\" data-element_type=\"widget\" data-e-type=\"widget\" data-widget_type=\"text-editor.default\">\n\t\t\t\t\t\t\t\t\t<p>\u00dar\u00edel var ekki bundinn \u00e1kve\u00f0nu sv\u00e6\u00f0i e\u00f0a sta\u00f0setningu, heldur var hann \u00feekktur og d\u00fdrka\u00f0ur, e\u00f0a virtur me\u00f0 lotningu, um allan hinn j\u00fad\u00edska heim. Hvort sem \u00fea\u00f0 var \u00ed st\u00f3rum borgarmi\u00f0st\u00f6\u00f0vum e\u00f0a \u00e1 ja\u00f0arsv\u00e6\u00f0um \u00ed dreifb\u00fdli, me\u00f0al samf\u00e9lagslegrar el\u00edtu e\u00f0a me\u00f0al almennings, var andlegt e\u00f0a menningarlegt v\u00e6gi \u00feessarar veru vi\u00f0urkennt og alls sta\u00f0ar til sta\u00f0ar.<\/p><p>\u00datbrei\u00f0sla \u00dar\u00edels var\u00f0 ekki fyrir tilstilli \u00fej\u00f3\u00f0ard\u00fdrkunar heldur gegnum ritu\u00f0 verk: me\u00f0 \u00fe\u00fd\u00f0ingum Enoksb\u00f3kmenntanna \u00e1 gr\u00edsku, lat\u00ednu og fornet\u00ed\u00f3p\u00edsku breiddist nafn hans \u00fat um j\u00fadaismann, austurkirkjurnar og Et\u00ed\u00f3p\u00edu, \u00fear sem hann er d\u00fdrka\u00f0ur \u00ed helgisi\u00f0um enn \u00ed dag. A\u00f0 \u00edmynd hans sem \u201elj\u00f3s Gu\u00f0s&#8220; hafi haldist \u00e1\u00feekk \u00ed svo fjarskyldum hef\u00f0um stafar af sameiginlegum textagrunni, ekki mi\u00f0l\u00e6gri d\u00fdrkunarstofnun; vesturkirkjan vi\u00f0urkenndi hann \u00fe\u00f3 aldrei me\u00f0 formlegum h\u00e6tti.<\/p>\t\t\t\t\t\t\t\t<\/div>\n\t\t\t\t\t<\/div>\n\t\t\t\t<\/div>\n\t\t\t\t<\/div>\n\t\t<div class=\"elementor-element elementor-element-db03c39 e-con-full e-flex e-con e-child\" data-id=\"db03c39\" data-element_type=\"container\" data-e-type=\"container\">\n\t\t<div class=\"elementor-element elementor-element-229a87b e-flex e-con-boxed e-con e-child\" data-id=\"229a87b\" data-element_type=\"container\" data-e-type=\"container\">\n\t\t\t\t\t<div class=\"e-con-inner\">\n\t\t\t\t<div class=\"elementor-element elementor-element-1f471fc elementor-widget elementor-widget-heading\" data-id=\"1f471fc\" data-element_type=\"widget\" data-e-type=\"widget\" data-widget_type=\"heading.default\">\n\t\t\t\t\t<div class=\"elementor-heading-title elementor-size-default\">Heimildasta\u00f0a<\/div>\t\t\t\t<\/div>\n\t\t\t\t<div class=\"elementor-element elementor-element-36b1201 elementor-widget elementor-widget-text-editor\" data-id=\"36b1201\" data-element_type=\"widget\" data-e-type=\"widget\" data-widget_type=\"text-editor.default\">\n\t\t\t\t\t\t\t\t\t<p>Me\u00f0al frumheimilda eru 1. Enoksb\u00f3k 20:2-3 (hebreska, um 150 f.Kr., \u201eGu\u00f0 er eldur minn&#8220;), 3. Enoksb\u00f3k\/Sefer Hekhalot (hebreska, 5.-6. \u00f6ld), Pirke de-Rabbi Eliezer 13 (10. \u00f6ld), auk kabbal\u00edskra rita (Sefer ha-Bahir, 12. \u00f6ld; Z\u00f3har Bereshit, 13. \u00f6ld).<\/p><p><span data-nosnippet>\u00cd s\u00ed\u00f0ari greiningum hafa Scholem (Jewish Mysticism, 1941), Bietenhard (Angelologie, 1949), Karppe og McLeod (Judeo-Islamic Angelology) fjalla\u00f0 um \u00fer\u00f3un \u00dar\u00edels sem s\u00ed\u00f0ari afur\u00f0 hins j\u00fad\u00edska erkiengla-kan\u00f3ns me\u00f0 \u00e1hrifum fr\u00e1 persneskri-z\u00f3r\u00f3astr\u00edskri hugmyndafr\u00e6\u00f0i.<\/span><\/p>\t\t\t\t\t\t\t\t<\/div>\n\t\t\t\t\t<\/div>\n\t\t\t\t<\/div>\n\t\t\t\t<\/div>\n\t\t\t\t\t<\/div>\n\t\t\t\t<\/div>\n\t\t<div class=\"elementor-element elementor-element-3ae0637c e-flex e-con-boxed e-con e-parent\" data-id=\"3ae0637c\" data-element_type=\"container\" data-e-type=\"container\">\n\t\t\t\t\t<div class=\"e-con-inner\">\n\t\t\t\t<div class=\"elementor-element elementor-element-31d07739 elementor-widget elementor-widget-heading\" data-id=\"31d07739\" data-element_type=\"widget\" data-e-type=\"widget\" data-widget_type=\"heading.default\">\n\t\t\t\t\t<h2 class=\"elementor-heading-title elementor-size-default\">Nafn<\/h2>\t\t\t\t<\/div>\n\t\t<div class=\"elementor-element elementor-element-b7642947 e-con-full e-flex e-con e-child\" data-id=\"b7642947\" data-element_type=\"container\" data-e-type=\"container\">\n\t\t\t\t<div class=\"elementor-element elementor-element-a086266 elementor-widget elementor-widget-text-editor\" data-id=\"a086266\" data-element_type=\"widget\" data-e-type=\"widget\" data-widget_type=\"text-editor.default\">\n\t\t\t\t\t\t\t\t\t<p>\u00dar\u00edel er s\u00fdndur \u00ed \u00fdmsum heimildum og listr\u00e6num hef\u00f0um me\u00f0 \u00e1kve\u00f0num endurteknum myndr\u00e6num einkennum sem hafa haldist tilt\u00f6lulega \u00f3breytt yfir \u00e1ratugi og mismunandi landsv\u00e6\u00f0i. \u00deessi einkenni eru ekki einungis skreytileg e\u00f0a valin af tilviljun, heldur eru \u00feau dj\u00fapt t\u00e1knr\u00e6n og bera mikla merkingu.<\/p><p>Einkenni \u00dar\u00edels m\u00e1 r\u00e1\u00f0a af nafni hans og hlutverkum: \u00e1 hebresku \u00fe\u00fd\u00f0ir nafn hans \u201elj\u00f3s Gu\u00f0s&#8220;, og \u00fev\u00ed er hann oft s\u00fdndur me\u00f0 loga, blysi e\u00f0a s\u00f3lsk\u00edfu \u00ed myndlist. \u00cd Enoksb\u00f3kmenntunum vakir hann yfir lj\u00f3sum himins og undirheimum, en \u00ed 4. Esrab\u00f3k kemur hann fram sem t\u00falkandi er \u00fatsk\u00fdrir s\u00fdnandanum gu\u00f0lega skipan. \u00deeir sem \u00feekktu \u00feessar ritningar l\u00e1su \u00far eiginleikum eins og eldi, sver\u00f0i e\u00f0a b\u00f3krollu hva\u00f0a valdsvi\u00f0 var \u00e1tt vi\u00f0: upplj\u00f3mun, d\u00f3m og \u00fatlegging \u00e1 hulinni \u00feekkingu. \u00deessar tengingar eru skjalfestar \u00ed ap\u00f3kr\u00fdfum sagnahef\u00f0um og voru ekki gefnar af handah\u00f3fi.<\/p>\t\t\t\t\t\t\t\t<\/div>\n\t\t\t\t<\/div>\n\t\t\t\t\t<\/div>\n\t\t\t\t<\/div>\n\t\t<div class=\"elementor-element elementor-element-709a44a8 e-flex e-con-boxed e-con e-parent\" data-id=\"709a44a8\" data-element_type=\"container\" data-e-type=\"container\">\n\t\t\t\t\t<div class=\"e-con-inner\">\n\t\t\t\t<div class=\"elementor-element elementor-element-2f585873 elementor-widget elementor-widget-heading\" data-id=\"2f585873\" data-element_type=\"widget\" data-e-type=\"widget\" data-widget_type=\"heading.default\">\n\t\t\t\t\t<h2 class=\"elementor-heading-title elementor-size-default\">Einkenni<\/h2>\t\t\t\t<\/div>\n\t\t<div class=\"elementor-element elementor-element-70621c12 e-con-full e-flex e-con e-child\" data-id=\"70621c12\" data-element_type=\"container\" data-e-type=\"container\">\n\t\t\t\t<div class=\"elementor-element elementor-element-4296eb49 elementor-widget elementor-widget-text-editor\" data-id=\"4296eb49\" data-element_type=\"widget\" data-e-type=\"widget\" data-widget_type=\"text-editor.default\">\n\t\t\t\t\t\t\t\t\t<p>\u00dar\u00edel var mi\u00f0l\u00e6gur \u00ed tr\u00faarlegri i\u00f0kun, daglegum si\u00f0um og hversdagslegum skilningi j\u00fadaismans. F\u00f3lk leita\u00f0i til \u00feessarar veru \u00e1 erfi\u00f0um e\u00f0a afm\u00f6rku\u00f0um t\u00edmabilum l\u00edfsins, e\u00f0a \u00e1 \u00e1kve\u00f0num \u00e1rst\u00ed\u00f0um \u00ed tr\u00faarlegu tilliti, me\u00f0 skipulegum, oft \u00edbur\u00f0armiklum ath\u00f6fnum, b\u00e6num e\u00f0a f\u00f3rnargj\u00f6fum.<\/p><p>Samskipti vi\u00f0 \u00dar\u00edel voru bundin ritl\u00e6r\u00f0ri hef\u00f0: Enoksb\u00f3kmenntirnir og 4. Esrab\u00f3k ur\u00f0u til \u00ed prestlegum og ap\u00f3kalypt\u00edskum hringum forn-j\u00fadaismans, sem r\u00f6\u00f0u\u00f0u englan\u00f6fnum og englast\u00f6rfum af mikilli n\u00e1kv\u00e6mni. \u00deeir sem \u00e1k\u00f6llu\u00f0u \u00dar\u00edel e\u00f0a skrifu\u00f0u um hann fylgdu \u00feessum skipulega ramma, ekki frj\u00e1lsri hugarsm\u00ed\u00f0.<\/p><p>A\u00f0 \u00dar\u00edel er \u00edtreka\u00f0 nefndur, fr\u00e1 et\u00ed\u00f3p\u00edsku Enoksb\u00f3kinni yfir \u00ed 4. Esrab\u00f3k og allt til mi\u00f0aldalegra engjaskr\u00e1a, s\u00fdnir a\u00f0 f\u00f3lk taldi \u00e1kall til hans hafa \u00e1hrif. Hlutverk hans voru margv\u00edsleg: sem verndarengill \u00e1tti hann a\u00f0 afst\u00fdra \u00f3gnandi h\u00f6rmungum, sem \u201elj\u00f3s Gu\u00f0s&#8220; a\u00f0 veita \u00feekkingu \u00ed erfi\u00f0leikum og r\u00e1\u00f0leysi, og \u00ed ap\u00f3kalypt\u00edskum b\u00f3kmenntum lei\u00f0ir hann s\u00fdnendur um skilin milli \u00feessa heims og heimsins sem koma skal.<\/p>\t\t\t\t\t\t\t\t<\/div>\n\t\t\t\t<\/div>\n\t\t\t\t\t<\/div>\n\t\t\t\t<\/div>\n\t\t<div class=\"elementor-element elementor-element-44e71476 e-flex e-con-boxed e-con e-parent\" data-id=\"44e71476\" data-element_type=\"container\" data-e-type=\"container\">\n\t\t\t\t\t<div class=\"e-con-inner\">\n\t\t\t\t<div class=\"elementor-element elementor-element-3c1fc3f0 elementor-widget elementor-widget-heading\" data-id=\"3c1fc3f0\" data-element_type=\"widget\" data-e-type=\"widget\" data-widget_type=\"heading.default\">\n\t\t\t\t\t<h2 class=\"elementor-heading-title elementor-size-default\">Skyndiyfirlit: \u00dar\u00edel<\/h2>\t\t\t\t<\/div>\n\t\t<div class=\"elementor-element elementor-element-84f33b8e e-con-full e-flex e-con e-child\" data-id=\"84f33b8e\" data-element_type=\"container\" data-e-type=\"container\">\n\t\t\t\t<div class=\"elementor-element elementor-element-hqkdc67p elementor-widget elementor-widget-text-editor\" data-id=\"hqkdc67p\" data-element_type=\"widget\" data-e-type=\"widget\" data-widget_type=\"text-editor.default\">\n\t\t\t\t\t\t\t\t\t<p>\u00deessi l\u00fdsing fjallar um Uriel \u00fat fr\u00e1 sex \u00fe\u00e1ttum: uppruna hans \u00ed ap\u00f3kr\u00fdfum hef\u00f0um <span class=\"iwg-fachbegriff\" data-tooltip=\"Umbreytingart\u00edmabil milli fornaldar og mi\u00f0alda, um \u00fea\u00f0 bil 3. til 7. \u00f6ld.\" tabindex=\"0\">s\u00ed\u00f0fornaldar<\/span>, markh\u00f3p hans me\u00f0al tr\u00faa\u00f0ra og dulhyggju-sinna\u00f0ra Gy\u00f0inga, eldst\u00e1kn \u00ed myndr\u00e6nni framsetningu, hlutverk hans sem d\u00f3ms-<span class=\"iwg-fachbegriff\" data-tooltip=\"\u00cd abraham\u00edsku tr\u00faarbr\u00f6g\u00f0unum himneskur sendibo\u00f0i Gu\u00f0s.\" tabindex=\"0\">engill<\/span>, samanbur\u00f0 vi\u00f0 d\u00f3msdj\u00f6fla \u00ed \u00f6\u00f0rum menningarheimum, og hina kabbal\u00edsk-dulspekilegu st\u00f6\u00f0u hans sem \u00feungami\u00f0ju huglei\u00f0slu.<\/p>\t\t\t\t\t\t\t\t<\/div>\n\t\t\t\t<\/div>\n\t\t<div class=\"elementor-element elementor-element-pemmx7c5 e-con-full e-flex e-con e-child\" data-id=\"pemmx7c5\" data-element_type=\"container\" data-e-type=\"container\">\n\t\t<div class=\"elementor-element elementor-element-pemmx7c1 e-con-full e-flex e-con e-child\" data-id=\"pemmx7c1\" data-element_type=\"container\" data-e-type=\"container\">\n\t\t<div class=\"elementor-element elementor-element-qh9oavvu iwg-steckbrief-card e-flex e-con-boxed e-con e-child\" data-id=\"qh9oavvu\" data-element_type=\"container\" data-e-type=\"container\">\n\t\t\t\t\t<div class=\"e-con-inner\">\n\t\t\t\t<div class=\"elementor-element elementor-element-awzx8k2k elementor-widget elementor-widget-heading\" data-id=\"awzx8k2k\" data-element_type=\"widget\" data-e-type=\"widget\" data-widget_type=\"heading.default\">\n\t\t\t\t\t<div class=\"elementor-heading-title elementor-size-default\">Menningarsamhengi<\/div>\t\t\t\t<\/div>\n\t\t\t\t<div class=\"elementor-element elementor-element-x6rowhv0 elementor-widget elementor-widget-text-editor\" data-id=\"x6rowhv0\" data-element_type=\"widget\" data-e-type=\"widget\" data-widget_type=\"text-editor.default\">\n\t\t\t\t\t\t\t\t\t<p>Uriel er upprunninn \u00far ap\u00f3kr\u00fdfri <span class=\"iwg-fachbegriff\" data-tooltip=\"Umbreytingart\u00edmabil milli fornaldar og mi\u00f0alda, um \u00fea\u00f0 bil 3. til 7. \u00f6ld.\" tabindex=\"0\">s\u00ed\u00f0forn\u00f6ld<\/span>, n\u00e1nar tilteki\u00f0 \u00far hellen\u00edsku t\u00edmabilinu (1. og 2. \u00f6ld f.Kr., Enoksb\u00f3kmenntir). Landfr\u00e6\u00f0ilegur uppruni er \u00ed J\u00fadeu og Bab\u00fdlon (\u00fatleg\u00f0arhef\u00f0ir). Fyrsta minning \u00e1 Uriel er dagsett til 150 f.Kr. \u00ed 1. Enoksb\u00f3k. \u00der\u00f3unin er fremur dulspekileg-b\u00f3kmenntaleg en upprunnin \u00far Bibl\u00edunni sj\u00e1lfri. S\u00ed\u00f0ari kabbal\u00edsk festing \u00e1tti s\u00e9r sta\u00f0 \u00e1 12. og 13. \u00f6ld.<\/p>\t\t\t\t\t\t\t\t<\/div>\n\t\t\t\t\t<\/div>\n\t\t\t\t<\/div>\n\t\t<div class=\"elementor-element elementor-element-8e3o4kxs iwg-steckbrief-card e-flex e-con-boxed e-con e-child\" data-id=\"8e3o4kxs\" data-element_type=\"container\" data-e-type=\"container\">\n\t\t\t\t\t<div class=\"e-con-inner\">\n\t\t\t\t<div class=\"elementor-element elementor-element-08rkdgov elementor-widget elementor-widget-heading\" data-id=\"08rkdgov\" data-element_type=\"widget\" data-e-type=\"widget\" data-widget_type=\"heading.default\">\n\t\t\t\t\t<div class=\"elementor-heading-title elementor-size-default\">Tengt vi\u00f0<\/div>\t\t\t\t<\/div>\n\t\t\t\t<div class=\"elementor-element elementor-element-uwjelx8s elementor-widget elementor-widget-text-editor\" data-id=\"uwjelx8s\" data-element_type=\"widget\" data-e-type=\"widget\" data-widget_type=\"text-editor.default\">\n\t\t\t\t\t\t\t\t\t<p>Uriel var fyrst og fremst \u00e1varpa\u00f0ur af tr\u00fau\u00f0um Gy\u00f0ingum me\u00f0 \u00e1huga \u00e1 heimsslitafr\u00e6\u00f0i og dulspekilegri \u00feekkingu. F\u00e9lagslegur markh\u00f3pur eru prestar, dulspekingar, kabbalistar, opinberunarritah\u00f6fundar og gnost\u00edkerar. Tilefni voru t\u00edmar k\u00fagunar, ofs\u00f3kna, vonar um d\u00f3m yfir \u00f3vinum og dulspekilegrar innr\u00e6tingar \u00e1 r\u00e9ttl\u00e6ti. <span class=\"iwg-fachbegriff\" data-tooltip=\"A\u00f0 \u00e1kalla e\u00f0a bei\u00f0ast gu\u00f0d\u00f3ms e\u00f0a m\u00e1ttar me\u00f0 b\u00e6n e\u00f0a form\u00falu.\" tabindex=\"0\">\u00c1kalli\u00f0<\/span> f\u00f3r fram \u00ed dimmri n\u00f3tt, \u00ed sorgarath\u00f6fnum og dulspekilegum s\u00fdnum.<\/p>\t\t\t\t\t\t\t\t<\/div>\n\t\t\t\t\t<\/div>\n\t\t\t\t<\/div>\n\t\t<div class=\"elementor-element elementor-element-jm2n74ec iwg-steckbrief-card e-flex e-con-boxed e-con e-child\" data-id=\"jm2n74ec\" data-element_type=\"container\" data-e-type=\"container\">\n\t\t\t\t\t<div class=\"e-con-inner\">\n\t\t\t\t<div class=\"elementor-element elementor-element-8vufse4c elementor-widget elementor-widget-heading\" data-id=\"8vufse4c\" data-element_type=\"widget\" data-e-type=\"widget\" data-widget_type=\"heading.default\">\n\t\t\t\t\t<div class=\"elementor-heading-title elementor-size-default\">\u00c1s\u00fdnd<\/div>\t\t\t\t<\/div>\n\t\t\t\t<div class=\"elementor-element elementor-element-mwb9u015 elementor-widget elementor-widget-text-editor\" data-id=\"mwb9u015\" data-element_type=\"widget\" data-e-type=\"widget\" data-widget_type=\"text-editor.default\">\n\t\t\t\t\t\t\t\t\t<p>Uriel \u00ed myndr\u00e6nni framsetningu: karlmannlegur vera me\u00f0 eldsmerkjum, gl\u00f3andi v\u00e6ngi, sver\u00f0 umlukt eldi e\u00f0a eldingarstaf. Litirnir eru rau\u00f0ur, gull og appels\u00ednugulur (eldur). \u00cd gy\u00f0ing-dulspekilegum myndum ber Uriel h\u00f6fu\u00f0band, brynju og eldkr\u00f3nu. T\u00e1knmyndir eru logi, sver\u00f0, vog og oft d\u00f3msb\u00f3k. <span class=\"iwg-fachbegriff\" data-tooltip=\"Fr\u00e6\u00f0igreinin um myndefni og merkingu \u00feess.\" tabindex=\"0\">T\u00e1knfr\u00e6\u00f0in<\/span> v\u00edsar til sp\u00e1manna eins og El\u00eda (himnaf\u00f6rin \u00ed eldi) og heimsslitasenna um ey\u00f0ingu.<\/p>\t\t\t\t\t\t\t\t<\/div>\n\t\t\t\t\t<\/div>\n\t\t\t\t<\/div>\n\t\t\t\t<\/div>\n\t\t<div class=\"elementor-element elementor-element-pemmx7c2 e-con-full e-flex e-con e-child\" data-id=\"pemmx7c2\" data-element_type=\"container\" data-e-type=\"container\">\n\t\t<div class=\"elementor-element elementor-element-37ss2yr6 iwg-steckbrief-card e-flex e-con-boxed e-con e-child\" data-id=\"37ss2yr6\" data-element_type=\"container\" data-e-type=\"container\">\n\t\t\t\t\t<div class=\"e-con-inner\">\n\t\t\t\t<div class=\"elementor-element elementor-element-3v0wp3wx elementor-widget elementor-widget-heading\" data-id=\"3v0wp3wx\" data-element_type=\"widget\" data-e-type=\"widget\" data-widget_type=\"heading.default\">\n\t\t\t\t\t<div class=\"elementor-heading-title elementor-size-default\">Verkunarsvi\u00f0<\/div>\t\t\t\t<\/div>\n\t\t\t\t<div class=\"elementor-element elementor-element-w3247g2m elementor-widget elementor-widget-text-editor\" data-id=\"w3247g2m\" data-element_type=\"widget\" data-e-type=\"widget\" data-widget_type=\"text-editor.default\">\n\t\t\t\t\t\t\t\t\t<strong>Wirkungsbereich:<\/strong><p>Uriel (\u016ar\u012b\u02be\u0113l, \u201eGu\u00f0 er lj\u00f3s mitt\u201c) er erkiengill sem kemur a\u00f0 mestu fram \u00ed ap\u00f3kr\u00fdfum ritum: 4. Esrab\u00f3k, 1. Enoksb\u00f3k, Leyndarb\u00f3k J\u00f3hannesar.<\/p>\t\t\t\t\t\t\t\t<\/div>\n\t\t\t\t\t<\/div>\n\t\t\t\t<\/div>\n\t\t<div class=\"elementor-element elementor-element-0qpjal9w iwg-steckbrief-card e-flex e-con-boxed e-con e-child\" data-id=\"0qpjal9w\" data-element_type=\"container\" data-e-type=\"container\">\n\t\t\t\t\t<div class=\"e-con-inner\">\n\t\t\t\t<div class=\"elementor-element elementor-element-6ndoih0o elementor-widget elementor-widget-heading\" data-id=\"6ndoih0o\" data-element_type=\"widget\" data-e-type=\"widget\" data-widget_type=\"heading.default\">\n\t\t\t\t\t<div class=\"elementor-heading-title elementor-size-default\">Verndargripir<\/div>\t\t\t\t<\/div>\n\t\t\t\t<div class=\"elementor-element elementor-element-6684tyh9 elementor-widget elementor-widget-text-editor\" data-id=\"6684tyh9\" data-element_type=\"widget\" data-e-type=\"widget\" data-widget_type=\"text-editor.default\">\n\t\t\t\t\t\t\t\t\t<p>Uriel var talinn strangur og r\u00e9ttl\u00e1tur vernd-<span class=\"iwg-fachbegriff\" data-tooltip=\"\u00cd abraham\u00edsku tr\u00faarbr\u00f6g\u00f0unum himneskur sendibo\u00f0i Gu\u00f0s.\" tabindex=\"0\">engill<\/span> me\u00f0 \u00f3gnv\u00e6nlegan m\u00e1tt. \u00c1kallsathafnir f\u00f3lu \u00ed s\u00e9r b\u00e6nir um gu\u00f0lega vernd og r\u00e9ttl\u00e1tan d\u00f3m yfir ofs\u00e6kjendum. \u00cd <span class=\"iwg-fachbegriff\" tabindex=\"0\" data-tooltip=\"Gy\u00f0ingleg dulspeki me\u00f0 a\u00f0alritunum Sefer Yetzira, S\u00f3har og l\u00far\u00edanska sk\u00f3lanum; kenning um sef\u00edr\u00f3t, ferstafanafni\u00f0 og tikk\u00fan.\">kabbalanum<\/span> voru stunda\u00f0ar huglei\u00f0slu\u00e6fingar \u00e1 eldi Uriels (yichudim) til a\u00f0 n\u00e1 dulspekilegri \u00feekkingu og hreinsun. Vir\u00f0ing fyrir Uriel kom fram \u00ed \u00f3tta vi\u00f0 v\u00e6g\u00f0arleysi hans og b\u00e6n um miskunn.<\/p>\t\t\t\t\t\t\t\t<\/div>\n\t\t\t\t\t<\/div>\n\t\t\t\t<\/div>\n\t\t<div class=\"elementor-element elementor-element-3lfi7x32 iwg-steckbrief-card e-flex e-con-boxed e-con e-child\" data-id=\"3lfi7x32\" data-element_type=\"container\" data-e-type=\"container\">\n\t\t\t\t\t<div class=\"e-con-inner\">\n\t\t\t\t<div class=\"elementor-element elementor-element-0kg99ga1 elementor-widget elementor-widget-heading\" data-id=\"0kg99ga1\" data-element_type=\"widget\" data-e-type=\"widget\" data-widget_type=\"heading.default\">\n\t\t\t\t\t<div class=\"elementor-heading-title elementor-size-default\">Hli\u00f0st\u00e6\u00f0ur Uriels<\/div>\t\t\t\t<\/div>\n\t\t\t\t<div class=\"elementor-element elementor-element-n0fum6kp elementor-widget elementor-widget-text-editor\" data-id=\"n0fum6kp\" data-element_type=\"widget\" data-e-type=\"widget\" data-widget_type=\"text-editor.default\">\n\t\t\t\t\t\t\t\t\t<p>Samb\u00e6rilegar verur: M\u00edkael (herengill, sigrari <span class=\"iwg-fachbegriff\" data-tooltip=\"Andleg vera sem eignu\u00f0 er ska\u00f0leg e\u00f0a tv\u00edbent \u00e1hrif.\" tabindex=\"0\">dj\u00f6fla<\/span>, styrkur \u00ed kabbalanum), Rag\u00fael (r\u00e9ttl\u00e6ti, <span class=\"iwg-fachbegriff\" tabindex=\"0\" data-tooltip=\"Gy\u00f0ingleg dulspeki me\u00f0 a\u00f0alritunum Sefer Yetzira, S\u00f3har og l\u00far\u00edanska sk\u00f3lanum.\">kabbali<\/span>), Kam\u00fael (strengleiki Gu\u00f0s). Utan gy\u00f0ingd\u00f3ms: Rag\u00fael \u00ed \u00edslam (ekkert bein samsv\u00f6run), kristinn Uriel (mi\u00f0aldaengilfr\u00e6\u00f0i), s\u00ed\u00f0zoroastr\u00edsk eldsvera Ahura Mazda (himneskur eldur).<\/p>\t\t\t\t\t\t\t\t<\/div>\n\t\t\t\t\t<\/div>\n\t\t\t\t<\/div>\n\t\t\t\t<\/div>\n\t\t\t\t<\/div>\n\t\t\t\t\t<\/div>\n\t\t\t\t<\/div>\n\t\t<div class=\"elementor-element elementor-element-7533bc7a e-flex e-con-boxed e-con e-parent\" data-id=\"7533bc7a\" data-element_type=\"container\" data-e-type=\"container\">\n\t\t\t\t\t<div class=\"e-con-inner\">\n\t\t\t\t<div class=\"elementor-element elementor-element-2447d18d elementor-widget elementor-widget-heading\" data-id=\"2447d18d\" data-element_type=\"widget\" data-e-type=\"widget\" data-widget_type=\"heading.default\">\n\t\t\t\t\t<h2 class=\"elementor-heading-title elementor-size-default\">Varnir \u00ed daglegu l\u00edfi<\/h2>\t\t\t\t<\/div>\n\t\t<div class=\"elementor-element elementor-element-d5d0260c e-con-full e-flex e-con e-child\" data-id=\"d5d0260c\" data-element_type=\"container\" data-e-type=\"container\">\n\t\t\t\t<div class=\"elementor-element elementor-element-341be2ac elementor-widget elementor-widget-text-editor\" data-id=\"341be2ac\" data-element_type=\"widget\" data-e-type=\"widget\" data-widget_type=\"text-editor.default\">\n\t\t\t\t\t\t\t\t\t<p><strong>\u00cdhugular \u00e6fingar til uppl\u00fdsingar<\/strong><\/p><p>\u00dar\u00edel er ekki \u00e1kalla\u00f0ur me\u00f0 beinni s\u00e6ringu, heldur me\u00f0 \u00edhugulli huglei\u00f0slu.<\/p><p><strong>Heimsslitaopinberanir og t\u00falkun<\/strong><\/p><p>\u00cd 4. Esrab\u00f3k opinberar \u00dar\u00edel sj\u00e1andanum falin leyndarm\u00e1l um <span class=\"iwg-fachbegriff\" data-tooltip=\"Hugmyndir um uppbyggingu og skipulag heimsins innan tiltekinnar menningar.\" tabindex=\"0\">heimsmyndina<\/span> og endalok veraldar.<\/p><p><strong>Verndargripir og t\u00e1knmyndir \u00feekkingar<\/strong><\/p><p>Meginheiti <span class=\"iwg-fachbegriff\" data-tooltip=\"T\u00e1kn sem stendur fyrir hugmynd e\u00f0a merkingu.\" tabindex=\"0\">t\u00e1kn<\/span> \u00dar\u00edels er eldurinn e\u00f0a login, t\u00e1kn um gu\u00f0lega n\u00e6rveru og hreinsun.<\/p>\t\t\t\t\t\t\t\t<\/div>\n\t\t\t\t<\/div>\n\t\t\t\t\t<\/div>\n\t\t\t\t<\/div>\n\t\t<div class=\"elementor-element elementor-element-5a584676 e-flex e-con-boxed e-con e-parent\" data-id=\"5a584676\" data-element_type=\"container\" data-e-type=\"container\">\n\t\t\t\t\t<div class=\"e-con-inner\">\n\t\t\t\t<div class=\"elementor-element elementor-element-6d0757bf elementor-widget elementor-widget-heading\" data-id=\"6d0757bf\" data-element_type=\"widget\" data-e-type=\"widget\" data-widget_type=\"heading.default\">\n\t\t\t\t\t<h2 class=\"elementor-heading-title elementor-size-default\">Uriel, hli\u00f0st\u00e6\u00f0ur \u00ed \u00f6\u00f0rum menningarheimum<\/h2>\t\t\t\t<\/div>\n\t\t<div class=\"elementor-element elementor-element-60563f68 e-con-full e-flex e-con e-child\" data-id=\"60563f68\" data-element_type=\"container\" data-e-type=\"container\">\n\t\t\t\t<div class=\"elementor-element elementor-element-5a93fdd6 elementor-widget elementor-widget-text-editor\" data-id=\"5a93fdd6\" data-element_type=\"widget\" data-e-type=\"widget\" data-widget_type=\"text-editor.default\">\n\t\t\t\t\t\t\t\t\t<p><p><strong>Gy\u00f0ingleg hef\u00f0:<\/strong> Uriel er einn af fj\u00f3rum h\u00f6fu\u00f0erkienglum (me\u00f0 M\u00edkael, Gabr\u00edel, Rag\u00fael e\u00f0a Tzafk\u00edel). Hli\u00f0st\u00e6\u00f0ur eru Kam\u00fael (strengleiki Gu\u00f0s, oft samsama\u00f0ur Uriel), Rag\u00fael (alheimsr\u00e9ttl\u00e6ti). \u00cd Sefer ha-Bahir og S\u00f3har er Uriel var\u00f0engill h\u00e1s\u00e6tis sef\u00edrunnar Chokmah (viska), a\u00f0aleldur.<\/p><p><strong>Gr\u00edsk-r\u00f3mverskur heimur:<\/strong> Engar beinar hli\u00f0st\u00e6\u00f0ur \u00ed klass\u00edskri <span class=\"iwg-fachbegriff\" data-tooltip=\"Heild hinna var\u00f0veittu go\u00f0sagna einnar menningar.\" tabindex=\"0\">go\u00f0afr\u00e6\u00f0i<\/span>. Fjarskyldar eru Hel\u00edos e\u00f0a H\u00fdper\u00edon (eldgu\u00f0ir), Erin\u00fdurnar (d\u00f3msdj\u00f6flar), e\u00f0a Hefaistos (eldgu\u00f0, refsing). D\u00f3mshlutverki\u00f0 deilir Uriel me\u00f0 Erin\u00fdunum.<\/p><p><strong>Mes\u00f3p\u00f3tam\u00eda:<\/strong> Mes\u00f3p\u00f3tam\u00edsk samsv\u00f6run: Shamash (s\u00f3lgu\u00f0, d\u00f3mur og r\u00e9ttl\u00e6ti, akkad\u00edsk). Elds-<span class=\"iwg-fachbegriff\" data-tooltip=\"Fr\u00e6\u00f0igreinin um myndefni og merkingu \u00feess.\" tabindex=\"0\">t\u00e1knfr\u00e6\u00f0in<\/span> og d\u00f3mshlutverki\u00f0 tengja Uriel og Shamash. Adad (ve\u00f0urgu\u00f0, refsing) ber l\u00edka svipa\u00f0a virkni.<\/p><p><strong>Indland\/As\u00eda:<\/strong> Indversk samsv\u00f6run: Agni (eldgu\u00f0, <span class=\"iwg-fachbegriff\" data-tooltip=\"Gj\u00f6f til gu\u00f0d\u00f3ms til a\u00f0 tj\u00e1 \u00fe\u00f6kk, b\u00f3n e\u00f0a lotningu.\" tabindex=\"0\">f\u00f3rn<\/span> og hreinsun, hind\u00faisk). Elds-\u00edmyndina og dulspekilega hreinsunarhlutverki\u00f0 deila Uriel og Agni. B\u00fadd\u00edsk hli\u00f0st\u00e6\u00f0a: eldgu\u00f0 \u00ed bardaga vi\u00f0 dj\u00f6fla.<\/p>\t\t\t\t\t\t\t\t<\/div>\n\t\t\t\t<\/div>\n\t\t\t\t\t<\/div>\n\t\t\t\t<\/div>\n\t\t<div class=\"elementor-element elementor-element-cpf7d8b5f e-flex e-con-boxed e-con e-parent\" data-id=\"cpf7d8b5f\" data-element_type=\"container\" data-e-type=\"container\">\n\t\t\t\t\t<div class=\"e-con-inner\">\n\t\t\t\t<div class=\"elementor-element elementor-element-cp1f05cca elementor-widget elementor-widget-heading\" data-id=\"cp1f05cca\" data-element_type=\"widget\" data-e-type=\"widget\" data-widget_type=\"heading.default\">\n\t\t\t\t\t<h2 class=\"elementor-heading-title elementor-size-default\">Uriel \u00ed ap\u00f3kr\u00fdfum b\u00f3kmenntum<\/h2>\t\t\t\t<\/div>\n\t\t<div class=\"elementor-element elementor-element-cpafe423c e-con-full e-flex e-con e-child\" data-id=\"cpafe423c\" data-element_type=\"container\" data-e-type=\"container\">\n\t\t\t\t<div class=\"elementor-element elementor-element-cpd429e51 elementor-widget elementor-widget-text-editor\" data-id=\"cpd429e51\" data-element_type=\"widget\" data-e-type=\"widget\" data-widget_type=\"text-editor.default\">\n\t\t\t\t\t\t\t\t\t<p>\u00d3l\u00edkt Michael og Gabr\u00edel er \u00dar\u00edel ekki nefndur \u00e1 nafn \u00ed hebreska <span class=\"iwg-fachbegriff\" data-tooltip=\"S\u00fa safn helgra rita tr\u00faarbrag\u00f0a sem vi\u00f0urkennt er sem bindandi.\" tabindex=\"0\">kan\u00f3nunni<\/span> Bibl\u00edunnar. Mikilv\u00e6gi hans er n\u00e6r alfari\u00f0 s\u00f3tt \u00ed utankan\u00f3n\u00edskar b\u00f3kmenntir, fyrst og fremst \u00ed ap\u00f3kalypt\u00edskar b\u00f3kmenntir fornaldarj\u00fadaisma. Mikilv\u00e6gasti textinn er <em>e\u00fe\u00ed\u00f3pska Enoksb\u00f3kin<\/em>, \u00fear sem \u00dar\u00edel kemur fram sem einn af fremstu <span class=\"iwg-fachbegriff\" data-tooltip=\"\u00cd abraham\u00edskum tr\u00faarbr\u00f6g\u00f0um himneskur sendibo\u00f0i Gu\u00f0s.\" tabindex=\"0\">englunum<\/span>.<\/p><p>\u00dear er \u00fea\u00f0 \u00dar\u00edel sem lei\u00f0ir Enok um hinn kosm\u00edska heim og \u00fatsk\u00fdrir fyrir honum leyndarm\u00e1l stjarnanna, \u00e1rst\u00ed\u00f0anna og t\u00edmatalsins. \u00cd hinni svok\u00f6llu\u00f0u stj\u00f6rnufr\u00e6\u00f0ib\u00f3k Enoks er \u00dar\u00edel s\u00e9rstaklega tilgreindur sem <span class=\"iwg-fachbegriff\" data-tooltip=\"\u00cd abraham\u00edskum tr\u00faarbr\u00f6g\u00f0um himneskur sendibo\u00f0i Gu\u00f0s.\" tabindex=\"0\">engillinn<\/span> sem er settur yfir lj\u00f3s himinsins.<\/p><p>Anna\u00f0 mikilv\u00e6gt hlutverk leikur \u00dar\u00edel \u00ed <em>fj\u00f3r\u00f0u Esrab\u00f3k<\/em>, j\u00fadverskri ap\u00f3kalypsu fr\u00e1 fyrstu \u00f6ld eftir upphaf t\u00edmatalsins.<\/p><p>\u00dear er hann <span class=\"iwg-fachbegriff\" data-tooltip=\"\u00cd abraham\u00edskum tr\u00faarbr\u00f6g\u00f0um himneskur sendibo\u00f0i Gu\u00f0s.\" tabindex=\"0\">engillinn<\/span> sem svarar sj\u00e1andanum Esra, sem svarar spurningum hans um r\u00e9ttl\u00e6ti Gu\u00f0s og tilgang \u00fej\u00e1ningarinnar me\u00f0 m\u00f3tspurningum og d\u00e6mis\u00f6gum. \u00dar\u00edel kemur h\u00e9r fram sem <span class=\"iwg-fachbegriff\" data-tooltip=\"\u00cd abraham\u00edskum tr\u00faarbr\u00f6g\u00f0um himneskur sendibo\u00f0i Gu\u00f0s.\" tabindex=\"0\">engillinn<\/span> sem s\u00fdnir fram \u00e1 takm\u00f6rk mannlegrar \u00feekkingar.<\/p><p>Nafni\u00f0 kemur einnig fyrir \u00ed <em><span class=\"iwg-fachbegriff\" data-tooltip=\"Munnlegt \u00e1varp mannsins til gu\u00f0d\u00f3ms.\" tabindex=\"0\">b\u00e6n<\/span> Josefs<\/em> og \u00ed nokkrum K\u00famranstextum. Fr\u00e6\u00f0imenn, me\u00f0al annars ranns\u00f3knir Michaels Mach \u00e1 j\u00fadverskri englafr\u00e6\u00f0i, telja \u00dar\u00edel \u00fev\u00ed til h\u00f3ps hinna fj\u00f6gurra e\u00f0a sj\u00f6 erkiengla, en n\u00f6fn og hlutverk \u00feeirra myndu\u00f0ust \u00e1 t\u00edma annars musterisins.<\/p><p>\u00dea\u00f0 er mikilv\u00e6gt fyrir skilning \u00e1 \u00dar\u00edel a\u00f0 hann er ekki bibl\u00edulegur <span class=\"iwg-fachbegriff\" data-tooltip=\"\u00cd abraham\u00edskum tr\u00faarbr\u00f6g\u00f0um himneskur sendibo\u00f0i Gu\u00f0s.\" tabindex=\"0\">engill<\/span> \u00ed strengri merkingu, heldur skepna ap\u00f3kalypt\u00edskra b\u00f3kmennta.<\/p>\t\t\t\t\t\t\t\t<\/div>\n\t\t\t\t<\/div>\n\t\t\t\t\t<\/div>\n\t\t\t\t<\/div>\n\t\t<div class=\"elementor-element elementor-element-cp1529cdc e-flex e-con-boxed e-con e-parent\" data-id=\"cp1529cdc\" data-element_type=\"container\" data-e-type=\"container\">\n\t\t\t\t\t<div class=\"e-con-inner\">\n\t\t\t\t<div class=\"elementor-element elementor-element-cp5feec75 elementor-widget elementor-widget-heading\" data-id=\"cp5feec75\" data-element_type=\"widget\" data-e-type=\"widget\" data-widget_type=\"heading.default\">\n\t\t\t\t\t<h2 class=\"elementor-heading-title elementor-size-default\">Lj\u00f3s Gu\u00f0s: nafn og hlutverk<\/h2>\t\t\t\t<\/div>\n\t\t<div class=\"elementor-element elementor-element-cp861d5a0 e-con-full e-flex e-con e-child\" data-id=\"cp861d5a0\" data-element_type=\"container\" data-e-type=\"container\">\n\t\t\t\t<div class=\"elementor-element elementor-element-cp82ccfb3 elementor-widget elementor-widget-text-editor\" data-id=\"cp82ccfb3\" data-element_type=\"widget\" data-e-type=\"widget\" data-widget_type=\"text-editor.default\">\n\t\t\t\t\t\t\t\t\t<p>Nafni\u00f0 \u00dar\u00edel er venjulega t\u00falka\u00f0 sem \u201elj\u00f3s Gu\u00f0s&#8220; e\u00f0a \u201eeldur Gu\u00f0s&#8220;. Hebreska or\u00f0hlutinn <em>ur<\/em> \u00fe\u00fd\u00f0ir lj\u00f3s e\u00f0a logi, or\u00f0hlutinn <em>el<\/em> er algengt gu\u00f0sheiti. \u00deessi or\u00f0sifjafr\u00e6\u00f0i er tilt\u00f6lulega lj\u00f3s og samr\u00e6mist \u00feeim hlutverkum sem \u00dar\u00edel er eignu\u00f0 \u00ed textunum.<\/p><p>\u00cd ap\u00f3kalypt\u00edskum b\u00f3kmenntum er \u00dar\u00edel \u00edtreka\u00f0 tengdur lj\u00f3si, eldi og himneskri \u00feekkingu. Sem \u00fatlistari stjarnanna \u00ed Enoksb\u00f3kinni er hann <span class=\"iwg-fachbegriff\" data-tooltip=\"\u00cd abraham\u00edskum tr\u00faarbr\u00f6g\u00f0um himneskur sendibo\u00f0i Gu\u00f0s.\" tabindex=\"0\">engillinn<\/span> hins kosm\u00edska lj\u00f3ss.<\/p><p>\u00cd \u00f6\u00f0rum hef\u00f0um ver\u00f0ur hann <span class=\"iwg-fachbegriff\" data-tooltip=\"\u00cd abraham\u00edskum tr\u00faarbr\u00f6g\u00f0um himneskur sendibo\u00f0i Gu\u00f0s.\" tabindex=\"0\">engillinn<\/span> sem g\u00e6tir eldsins e\u00f0a er s\u00fdndur me\u00f0 logandi sver\u00f0 e\u00f0a blys. S\u00ed\u00f0ari kristin <span class=\"iwg-fachbegriff\" data-tooltip=\"Fr\u00e6\u00f0i um myndefni og merkingu \u00feeirra.\" tabindex=\"0\">helgimyndafr\u00e6\u00f0i<\/span> hefur teki\u00f0 upp \u00feessa tengingu og s\u00fdnir \u00dar\u00edel oft me\u00f0 loga \u00ed opinni hendi.<\/p><p>\u00cd heimildunum sveiflast hlutverk \u00dar\u00edels milli nokkurra birtingarmynda. Hann er \u00fatlistari himneskra leyndarm\u00e1la, kennari sj\u00e1andans, <span class=\"iwg-fachbegriff\" data-tooltip=\"\u00cd abraham\u00edskum tr\u00faarbr\u00f6g\u00f0um himneskur sendibo\u00f0i Gu\u00f0s.\" tabindex=\"0\">engill<\/span> n\u00e1tt\u00faruskipulagsins og \u00ed sumum listum einnig <span class=\"iwg-fachbegriff\" data-tooltip=\"\u00cd abraham\u00edskum tr\u00faarbr\u00f6g\u00f0um himneskur sendibo\u00f0i Gu\u00f0s.\" tabindex=\"0\">engill<\/span> d\u00f3msins e\u00f0a undirheima.<\/p><p>\u00deessi margbreytileiki er d\u00e6miger\u00f0ur fyrir englagestalir sem draga svipm\u00f3t sitt ekki af einum kan\u00f3n\u00edskum texta, heldur af nokkrum, a\u00f0 hluta til \u00f3h\u00e1\u00f0um, hef\u00f0ar\u00fer\u00e1\u00f0um. <span class=\"iwg-fachbegriff\" data-tooltip=\"V\u00edsindin sem rannsaka tr\u00faarbr\u00f6g\u00f0 samanbur\u00f0arlega og \u00e1n tr\u00faarlegrar bindingar.\" tabindex=\"0\">Tr\u00faarbrag\u00f0afr\u00e6\u00f0in<\/span> bendir \u00fev\u00ed \u00e1 a\u00f0 ekki s\u00e9 um einn \u00dar\u00edel a\u00f0 r\u00e6\u00f0a, heldur knippi eigna\u00f0ra hlutverka sem vegi\u00f0 er misjafnlega eftir texta og t\u00edmabili.<\/p>\t\t\t\t\t\t\t\t<\/div>\n\t\t\t\t<\/div>\n\t\t\t\t\t<\/div>\n\t\t\t\t<\/div>\n\t\t<div class=\"elementor-element elementor-element-cpf16f068 e-flex e-con-boxed e-con e-parent\" data-id=\"cpf16f068\" data-element_type=\"container\" data-e-type=\"container\">\n\t\t\t\t\t<div class=\"e-con-inner\">\n\t\t\t\t<div class=\"elementor-element elementor-element-cpa81d7d3 elementor-widget elementor-widget-heading\" data-id=\"cpa81d7d3\" data-element_type=\"widget\" data-e-type=\"widget\" data-widget_type=\"heading.default\">\n\t\t\t\t\t<h2 class=\"elementor-heading-title elementor-size-default\">\u00dar\u00edel \u00ed kirkjulegri hef\u00f0 og hin umdeilda sta\u00f0a hans<\/h2>\t\t\t\t<\/div>\n\t\t<div class=\"elementor-element elementor-element-cp3976d7d e-con-full e-flex e-con e-child\" data-id=\"cp3976d7d\" data-element_type=\"container\" data-e-type=\"container\">\n\t\t\t\t<div class=\"elementor-element elementor-element-cp7e91016 elementor-widget elementor-widget-text-editor\" data-id=\"cp7e91016\" data-element_type=\"widget\" data-e-type=\"widget\" data-widget_type=\"text-editor.default\">\n\t\t\t\t\t\t\t\t\t<p>\u00cd kristninni haf\u00f0i \u00dar\u00edel fr\u00e1 upphafi \u00f3trygga st\u00f6\u00f0u. \u00dear sem M\u00edkael, Gabr\u00edel og Rafael koma fyrir \u00ed kan\u00f3n\u00edskum ritum, byggist fr\u00e6g\u00f0 \u00dar\u00edels alfari\u00f0 \u00e1 ap\u00f3kr\u00fdfum b\u00f3kmenntum.<\/p><p>\u00deetta leiddi til vi\u00f0bur\u00f0ar\u00edkrar s\u00f6gu. \u00c1 <span class=\"iwg-fachbegriff\" data-tooltip=\"Umbreytingart\u00edmabil milli fornaldar og mi\u00f0alda, u.\u00fe.b. 3. til 7. \u00f6ld.\" tabindex=\"0\">s\u00ed\u00f0forn\u00f6ld<\/span> og \u00e1 fyrri hluta mi\u00f0alda var \u00dar\u00edel \u00feekktur sem erkiengill og kom fram \u00ed englaskr\u00e1m, b\u00e6num og myndlist.<\/p><p>T\u00edmam\u00f3t ur\u00f0u me\u00f0 r\u00f3mverskri kirkju\u00feingssamkomu \u00e1ri\u00f0 745 undir stj\u00f3rn p\u00e1fa Zakar\u00edasar. H\u00fan andm\u00e6lti tilbei\u00f0slu engla undir n\u00f6fnum sem koma ekki fyrir \u00ed vi\u00f0urkenndum ritum og nefndi \u00fear fj\u00f6lda englanafna sem h\u00fan vildi banna <span class=\"iwg-fachbegriff\" data-tooltip=\"\u00d6ll tr\u00faarleg tilbei\u00f0sluath\u00f6fn fyrir gu\u00f0 e\u00f0a heilaga v\u00e6ttu.\" tabindex=\"0\">d\u00fdrkun<\/span> \u00e1.<\/p><p>\u00cd kj\u00f6lfari\u00f0 var opinber tilbei\u00f0sla \u00ed latnesku kirkjunni a\u00f0 mestu bundin vi\u00f0 \u00fe\u00e1 \u00ferj\u00e1 erkiengla sem nefndir eru \u00ed Bibl\u00edunni. \u00dar\u00edel f\u00e9ll \u00feannig utan hinnar opinberu <span class=\"iwg-fachbegriff\" data-tooltip=\"\u00d6ll tr\u00faarleg tilbei\u00f0sluath\u00f6fn fyrir gu\u00f0 e\u00f0a heilaga v\u00e6ttu.\" tabindex=\"0\">d\u00fdrkunar<\/span>, en h\u00e9lt \u00e1fram a\u00f0 vera til sta\u00f0ar \u00ed <span class=\"iwg-fachbegriff\" data-tooltip=\"Tr\u00faarl\u00edf sem lifa\u00f0 er \u00ed daglegu l\u00edfi, oft samhli\u00f0a hinni opinberu kennisetningu.\" tabindex=\"0\">al\u00fe\u00fd\u00f0utr\u00fa<\/span>, \u00ed myndlist og \u00ed dulspekilegum hef\u00f0um.<\/p><p>\u00cd r\u00e9tttr\u00fana\u00f0arkirkjunum, s\u00e9rstaklega \u00ed e\u00fe\u00ed\u00f3p\u00edskri hef\u00f0 \u00fear sem Enoksb\u00f3k er <span class=\"iwg-fachbegriff\" data-tooltip=\"Tilheyrir \u00feeim ritum sem vi\u00f0urkennd eru sem bindandi af tr\u00faarbr\u00f6g\u00f0um.\" tabindex=\"0\">kan\u00f3n\u00edsk<\/span>, h\u00e9lt \u00dar\u00edel \u00fe\u00f3 fastri st\u00f6\u00f0u.<\/p><p>Einnig \u00ed helgisi\u00f0atextum Gy\u00f0inga og \u00ed <span class=\"iwg-fachbegriff\" data-tooltip=\"Stefna \u00ed dulspeki Gy\u00f0inga me\u00f0 h\u00f6fu\u00f0ritum eins og Sefer Jetzirah og Z\u00f3har.\" tabindex=\"0\">Kabbala<\/span> h\u00e9lt hann \u00e1fram a\u00f0 vera mikilv\u00e6gur, me\u00f0al annars \u00ed kv\u00f6ldb\u00e6ninni sem skiptist eftir hinum fj\u00f3rum erkienglum og felur M\u00edkael, Gabr\u00edel, \u00dar\u00edel og Rafael a\u00f0 vaka yfir hinum sofandi fr\u00e1 hverri h\u00f6fu\u00f0\u00e1tt. Saga \u00dar\u00edels s\u00fdnir \u00feannig gl\u00f6gglega hvernig kan\u00f3n\u00edsk m\u00f6rk og lifu\u00f0 <span class=\"iwg-fachbegriff\" data-tooltip=\"Tr\u00faarleg vi\u00f0horf og i\u00f0kun einstaklings \u00ed daglegu l\u00edfi.\" tabindex=\"0\">tr\u00far\u00e6kni<\/span> geta \u00fer\u00f3ast \u00ed mismunandi \u00e1ttir.<\/p>\t\t\t\t\t\t\t\t<\/div>\n\t\t\t\t<\/div>\n\t\t\t\t\t<\/div>\n\t\t\t\t<\/div>\n\t\t<div class=\"elementor-element elementor-element-36dd7469 e-flex e-con-boxed e-con e-parent\" data-id=\"36dd7469\" data-element_type=\"container\" data-e-type=\"container\">\n\t\t\t\t\t<div class=\"e-con-inner\">\n\t\t\t\t<div class=\"elementor-element elementor-element-13760ab4 elementor-widget elementor-widget-heading\" data-id=\"13760ab4\" data-element_type=\"widget\" data-e-type=\"widget\" data-widget_type=\"heading.default\">\n\t\t\t\t\t<h2 class=\"elementor-heading-title elementor-size-default\">\u00cdtarefni og tenglar<\/h2>\t\t\t\t<\/div>\n\t\t<div class=\"elementor-element elementor-element-28c87796 e-con-full e-flex e-con e-child\" data-id=\"28c87796\" data-element_type=\"container\" data-e-type=\"container\">\n\t\t\t\t<div class=\"elementor-element elementor-element-5d6538df elementor-widget elementor-widget-text-editor\" data-id=\"5d6538df\" data-element_type=\"widget\" data-e-type=\"widget\" data-widget_type=\"text-editor.default\">\n\t\t\t\t\t\t\t\t\t<ul><li><a href=\"https:\/\/iwell-guard.com\/is\/?page_id=168838\">Gabr\u00edel<\/a><\/li><\/ul>\t\t\t\t\t\t\t\t<\/div>\n\t\t\t\t<\/div>\n\t\t\t\t\t<\/div>\n\t\t\t\t<\/div>\n\t\t<div class=\"elementor-element elementor-element-grl4kl40 e-flex e-con-boxed e-con e-parent\" data-id=\"grl4kl40\" data-element_type=\"container\" data-e-type=\"container\">\n\t\t\t\t\t<div class=\"e-con-inner\">\n\t\t\t\t<div class=\"elementor-element elementor-element-bzsbfrmh elementor-widget elementor-widget-heading\" data-id=\"bzsbfrmh\" data-element_type=\"widget\" data-e-type=\"widget\" data-widget_type=\"heading.default\">\n\t\t\t\t\t<h2 class=\"elementor-heading-title elementor-size-default\">Heimildir (\u00farval)<\/h2>\t\t\t\t<\/div>\n\t\t<div class=\"elementor-element elementor-element-2c13224a e-con-full e-flex e-con e-child\" data-id=\"2c13224a\" data-element_type=\"container\" data-e-type=\"container\">\n\t\t\t\t<div class=\"elementor-element elementor-element-0eymh9ub elementor-widget elementor-widget-text-editor\" data-id=\"0eymh9ub\" data-element_type=\"widget\" data-e-type=\"widget\" data-widget_type=\"text-editor.default\">\n\t\t\t\t\t\t\t\t\t<ul><li><span data-nosnippet>Loren T. Stuckenbruck: <em>Angel Veneration and Christology<\/em>. De Gruyter, 1995.<\/span><\/li><\/ul>\t\t\t\t\t\t\t\t<\/div>\n\t\t\t\t<\/div>\n\t\t\t\t\t<\/div>\n\t\t\t\t<\/div>\n\t\t\t\t<\/div>\n\t\t","protected":false},"excerpt":{"rendered":"","protected":false},"author":3,"featured_media":1610,"parent":0,"menu_order":0,"comment_status":"closed","ping_status":"closed","template":"elementor_header_footer","meta":{"_yoast_wpseo_focuskw":"\u00dar\u00edel","_yoast_wpseo_title":"\u00dar\u00edel - engill eldsins og d\u00f3msins","_yoast_wpseo_metadesc":"\u00dar\u00edel, erkiengill \u00ed hef\u00f0um Judaisma, sta\u00f0festur \u00e1 ritu\u00f0u m\u00e1li allt fr\u00e1 1. Enoksb\u00f3k: eldengill r\u00e9ttl\u00e1trar d\u00f3ms\u00farlausnar, sem vara\u00f0i N\u00f3a vi\u00f0 fl\u00f3\u00f0inu.","_yoast_wpseo_meta-robots-noindex":"","_yoast_wpseo_canonical":"","_angie_page":false,"gefaehrdungsstufe":"","wesen_kultur":"christentum","wesen_klasse":"lichtwesen","footnotes":""},"categories":[],"class_list":["post-168837","page","type-page","status-publish","has-post-thumbnail","hentry"],"yoast_head":"<!-- This site is optimized with the Yoast SEO Premium plugin v27.7 (Yoast SEO v28.3) - https:\/\/yoast.com\/product\/yoast-seo-premium-wordpress\/ -->\n<title>\u00dar\u00edel - engill eldsins og d\u00f3msins<\/title>\n<meta name=\"description\" content=\"\u00dar\u00edel, erkiengill \u00ed hef\u00f0um Judaisma, sta\u00f0festur \u00e1 ritu\u00f0u m\u00e1li allt fr\u00e1 1. Enoksb\u00f3k: eldengill r\u00e9ttl\u00e1trar d\u00f3ms\u00farlausnar, sem vara\u00f0i N\u00f3a vi\u00f0 fl\u00f3\u00f0inu.\" \/>\n<meta name=\"robots\" content=\"index, follow, max-snippet:-1, max-image-preview:large, max-video-preview:-1\" \/>\n<link rel=\"canonical\" href=\"https:\/\/iwell-guard.com\/is\/uriel\/\" \/>\n<meta property=\"og:locale\" content=\"is_IS\" \/>\n<meta property=\"og:type\" content=\"article\" \/>\n<meta property=\"og:title\" content=\"\u00dar\u00edel\" \/>\n<meta property=\"og:description\" content=\"\u00dar\u00edel, erkiengill \u00ed hef\u00f0um Judaisma, sta\u00f0festur \u00e1 ritu\u00f0u m\u00e1li allt fr\u00e1 1. Enoksb\u00f3k: eldengill r\u00e9ttl\u00e1trar d\u00f3ms\u00farlausnar, sem vara\u00f0i N\u00f3a vi\u00f0 fl\u00f3\u00f0inu.\" \/>\n<meta property=\"og:url\" content=\"https:\/\/iwell-guard.com\/is\/uriel\/\" \/>\n<meta property=\"og:site_name\" content=\"iWell Guard\" \/>\n<meta property=\"article:modified_time\" content=\"2026-09-05T14:20:45+00:00\" \/>\n<meta property=\"og:image\" content=\"https:\/\/iwell-guard.com\/wp-content\/uploads\/2026\/04\/goetter_judentum_uriel.webp\" \/>\n\t<meta property=\"og:image:width\" content=\"1024\" \/>\n\t<meta property=\"og:image:height\" content=\"1536\" \/>\n\t<meta property=\"og:image:type\" content=\"image\/webp\" \/>\n<meta name=\"twitter:card\" content=\"summary_large_image\" \/>\n<script type=\"application\/ld+json\" class=\"yoast-schema-graph\">{\"@context\":\"https:\\\/\\\/schema.org\",\"@graph\":[{\"@type\":\"WebPage\",\"@id\":\"https:\\\/\\\/iwell-guard.com\\\/is\\\/uriel\\\/\",\"url\":\"https:\\\/\\\/iwell-guard.com\\\/is\\\/uriel\\\/\",\"name\":\"\u00dar\u00edel - engill eldsins og d\u00f3msins\",\"isPartOf\":{\"@id\":\"https:\\\/\\\/iwell-guard.com\\\/is\\\/#website\"},\"primaryImageOfPage\":{\"@id\":\"https:\\\/\\\/iwell-guard.com\\\/is\\\/uriel\\\/#primaryimage\"},\"image\":{\"@id\":\"https:\\\/\\\/iwell-guard.com\\\/is\\\/uriel\\\/#primaryimage\"},\"thumbnailUrl\":\"https:\\\/\\\/iwell-guard.com\\\/wp-content\\\/uploads\\\/2026\\\/04\\\/goetter_judentum_uriel.webp\",\"datePublished\":\"2026-09-05T14:03:23+00:00\",\"dateModified\":\"2026-09-05T14:20:45+00:00\",\"description\":\"\u00dar\u00edel, erkiengill \u00ed hef\u00f0um Judaisma, sta\u00f0festur \u00e1 ritu\u00f0u m\u00e1li allt fr\u00e1 1. Enoksb\u00f3k: eldengill r\u00e9ttl\u00e1trar d\u00f3ms\u00farlausnar, sem vara\u00f0i N\u00f3a vi\u00f0 fl\u00f3\u00f0inu.\",\"breadcrumb\":{\"@id\":\"https:\\\/\\\/iwell-guard.com\\\/is\\\/uriel\\\/#breadcrumb\"},\"inLanguage\":\"is\",\"potentialAction\":[{\"@type\":\"ReadAction\",\"target\":[\"https:\\\/\\\/iwell-guard.com\\\/is\\\/uriel\\\/\"]}]},{\"@type\":\"ImageObject\",\"inLanguage\":\"is\",\"@id\":\"https:\\\/\\\/iwell-guard.com\\\/is\\\/uriel\\\/#primaryimage\",\"url\":\"https:\\\/\\\/iwell-guard.com\\\/wp-content\\\/uploads\\\/2026\\\/04\\\/goetter_judentum_uriel.webp\",\"contentUrl\":\"https:\\\/\\\/iwell-guard.com\\\/wp-content\\\/uploads\\\/2026\\\/04\\\/goetter_judentum_uriel.webp\",\"width\":1024,\"height\":1536,\"caption\":\"Gu\u00f0ir \u00far tr\u00fa Judentum-hef\u00f0arinnar.\"},{\"@type\":\"BreadcrumbList\",\"@id\":\"https:\\\/\\\/iwell-guard.com\\\/is\\\/uriel\\\/#breadcrumb\",\"itemListElement\":[{\"@type\":\"ListItem\",\"position\":1,\"name\":\"Start\",\"item\":\"https:\\\/\\\/iwell-guard.com\\\/is\\\/?page_id=168580\"},{\"@type\":\"ListItem\",\"position\":2,\"name\":\"\u00dar\u00edel\"}]},{\"@type\":\"WebSite\",\"@id\":\"https:\\\/\\\/iwell-guard.com\\\/is\\\/#website\",\"url\":\"https:\\\/\\\/iwell-guard.com\\\/is\\\/\",\"name\":\"iWell Guard\",\"description\":\"Schutz vor dunklen Einfl\u00fcssen\",\"publisher\":{\"@id\":\"https:\\\/\\\/iwell-guard.com\\\/is\\\/#organization\"},\"potentialAction\":[{\"@type\":\"SearchAction\",\"target\":{\"@type\":\"EntryPoint\",\"urlTemplate\":\"https:\\\/\\\/iwell-guard.com\\\/is\\\/?s={search_term_string}\"},\"query-input\":{\"@type\":\"PropertyValueSpecification\",\"valueRequired\":true,\"valueName\":\"search_term_string\"}}],\"inLanguage\":\"is\"},{\"@type\":\"Organization\",\"@id\":\"https:\\\/\\\/iwell-guard.com\\\/is\\\/#organization\",\"name\":\"Ittermann electronic GmbH\",\"url\":\"https:\\\/\\\/iwell-guard.com\\\/is\\\/\",\"logo\":{\"@type\":\"ImageObject\",\"inLanguage\":\"is\",\"@id\":\"https:\\\/\\\/iwell-guard.com\\\/is\\\/#\\\/schema\\\/logo\\\/image\\\/\",\"url\":\"https:\\\/\\\/iwell-guard.com\\\/wp-content\\\/uploads\\\/2026\\\/05\\\/Ittermann-Logo-1182x237-1.png\",\"contentUrl\":\"https:\\\/\\\/iwell-guard.com\\\/wp-content\\\/uploads\\\/2026\\\/05\\\/Ittermann-Logo-1182x237-1.png\",\"width\":1182,\"height\":237,\"caption\":\"Ittermann electronic GmbH\"},\"image\":{\"@id\":\"https:\\\/\\\/iwell-guard.com\\\/is\\\/#\\\/schema\\\/logo\\\/image\\\/\"},\"sameAs\":[\"https:\\\/\\\/pantip.com\\\/profile\\\/9367242\",\"https:\\\/\\\/micro.blog\\\/iwellguard\",\"https:\\\/\\\/www.diggerslist.com\\\/iwellguard\\\/about\",\"https:\\\/\\\/skitterphoto.com\\\/photographers\\\/2870314\\\/iwell-guard\",\"https:\\\/\\\/iwellguard.wordpress.com\\\/2026\\\/06\\\/06\\\/iwell-guard\\\/\",\"https:\\\/\\\/hub.docker.com\\\/u\\\/iwellguard\",\"https:\\\/\\\/www.pinterest.com\\\/iwellguard\\\/\",\"https:\\\/\\\/bit.ly\\\/m\\\/iwellguard\",\"https:\\\/\\\/entre-vos-mains.alsace.eu\\\/profiles\\\/iwellguard\\\/activity\",\"https:\\\/\\\/gravatar.com\\\/reallybeded8fd34\",\"https:\\\/\\\/naijamatta.com\\\/iwellguard\",\"https:\\\/\\\/www.goodreads.com\\\/iwellguard\",\"https:\\\/\\\/profile.hatena.ne.jp\\\/iwellguard\\\/\",\"https:\\\/\\\/experiment.com\\\/users\\\/iwellguard\",\"https:\\\/\\\/wakelet.com\\\/@iWellGuard82270\",\"https:\\\/\\\/www.chordie.com\\\/forum\\\/profile.php?id=2555664\",\"https:\\\/\\\/www.instapaper.com\\\/p\\\/17757966\",\"https:\\\/\\\/www.mapleprimes.com\\\/users\\\/iwellguard\",\"https:\\\/\\\/businesslistingplus.com\\\/profile\\\/iwell-guard\\\/\",\"https:\\\/\\\/telegra.ph\\\/iWell-Guard-06-06\",\"https:\\\/\\\/pbase.com\\\/iwellguard\\\/iwellguard\",\"https:\\\/\\\/b.hatena.ne.jp\\\/iwellguard\\\/20260607#bookmark-4788405196491818882\",\"https:\\\/\\\/fliphtml5.com\\\/home\\\/iwellguard\",\"https:\\\/\\\/anyflip.com\\\/homepage\\\/cmiwl#About\",\"https:\\\/\\\/transfur.com\\\/Users\\\/iwellguard\",\"http:\\\/\\\/delphi.larsbo.org\\\/user\\\/iwellguard\",\"https:\\\/\\\/jobs.lajobsportal.org\\\/profiles\\\/8380803-iwell-guard\",\"https:\\\/\\\/md.chaosdorf.de\\\/s\\\/jfbe5SBdJD\",\"https:\\\/\\\/www.lingvolive.com\\\/en-us\\\/profile\\\/9ecaeaca-ce11-4e51-9e71-01d55e2bff36\\\/translations\",\"https:\\\/\\\/www.fitday.com\\\/fitness\\\/forums\\\/members\\\/iwellguard.html\",\"https:\\\/\\\/www.mymeetbook.com\\\/iwellguard\",\"https:\\\/\\\/pxhere.com\\\/en\\\/photographer-me\\\/5040798\",\"https:\\\/\\\/disqus.com\\\/by\\\/iwellguard\\\/about\\\/\",\"https:\\\/\\\/pastelink.net\\\/hjwciqwq\",\"https:\\\/\\\/pubhtml5.com\\\/homepage\\\/scjhn\\\/\",\"https:\\\/\\\/www.bitchute.com\\\/channel\\\/2O2eOKzNqujT\",\"https:\\\/\\\/audiomack.com\\\/iwellguard\"]},{\"@type\":\"Article\",\"@id\":\"https:\\\/\\\/iwell-guard.com\\\/is\\\/uriel\\\/#article\",\"isPartOf\":{\"@id\":\"https:\\\/\\\/iwell-guard.com\\\/is\\\/uriel\\\/\"},\"author\":{\"name\":\"Ralf Ittermann\",\"@id\":\"https:\\\/\\\/iwell-guard.com\\\/is\\\/#\\\/schema\\\/person\\\/ee2a27f1cac3406c7c6fb5820cb7349f\"},\"headline\":\"\u00dar\u00edel\",\"datePublished\":\"2026-09-05T14:03:23+00:00\",\"dateModified\":\"2026-09-05T14:20:45+00:00\",\"mainEntityOfPage\":{\"@id\":\"https:\\\/\\\/iwell-guard.com\\\/is\\\/uriel\\\/\"},\"publisher\":{\"@id\":\"https:\\\/\\\/iwell-guard.com\\\/is\\\/#organization\"},\"image\":{\"@id\":\"https:\\\/\\\/iwell-guard.com\\\/is\\\/uriel\\\/#primaryimage\"},\"thumbnailUrl\":\"https:\\\/\\\/iwell-guard.com\\\/wp-content\\\/uploads\\\/2026\\\/04\\\/goetter_judentum_uriel.webp\",\"inLanguage\":\"is\",\"description\":\"\u00dar\u00edel, erkiengill \u00ed hef\u00f0um Judaisma, sta\u00f0festur \u00e1 ritu\u00f0u m\u00e1li allt fr\u00e1 1. Enoksb\u00f3k: eldengill r\u00e9ttl\u00e1trar d\u00f3ms\u00farlausnar, sem vara\u00f0i N\u00f3a vi\u00f0 fl\u00f3\u00f0inu.\"}]}<\/script>\n<!-- \/ Yoast SEO Premium plugin. -->","yoast_head_json":{"title":"\u00dar\u00edel - engill eldsins og d\u00f3msins","description":"\u00dar\u00edel, erkiengill \u00ed hef\u00f0um Judaisma, sta\u00f0festur \u00e1 ritu\u00f0u m\u00e1li allt fr\u00e1 1. Enoksb\u00f3k: eldengill r\u00e9ttl\u00e1trar d\u00f3ms\u00farlausnar, sem vara\u00f0i N\u00f3a vi\u00f0 fl\u00f3\u00f0inu.","robots":{"index":"index","follow":"follow","max-snippet":"max-snippet:-1","max-image-preview":"max-image-preview:large","max-video-preview":"max-video-preview:-1"},"canonical":"https:\/\/iwell-guard.com\/is\/uriel\/","og_locale":"is_IS","og_type":"article","og_title":"\u00dar\u00edel","og_description":"\u00dar\u00edel, erkiengill \u00ed hef\u00f0um Judaisma, sta\u00f0festur \u00e1 ritu\u00f0u m\u00e1li allt fr\u00e1 1. Enoksb\u00f3k: eldengill r\u00e9ttl\u00e1trar d\u00f3ms\u00farlausnar, sem vara\u00f0i N\u00f3a vi\u00f0 fl\u00f3\u00f0inu.","og_url":"https:\/\/iwell-guard.com\/is\/uriel\/","og_site_name":"iWell Guard","article_modified_time":"2026-09-05T14:20:45+00:00","og_image":[{"width":1024,"height":1536,"url":"https:\/\/iwell-guard.com\/wp-content\/uploads\/2026\/04\/goetter_judentum_uriel.webp","type":"image\/webp"}],"twitter_card":"summary_large_image","schema":{"@context":"https:\/\/schema.org","@graph":[{"@type":"Article","@id":"https:\/\/iwell-guard.com\/is\/uriel\/#article","isPartOf":{"@id":"https:\/\/iwell-guard.com\/is\/uriel\/"},"author":{"name":"Ralf Ittermann","@id":"https:\/\/iwell-guard.com\/is\/#\/schema\/person\/ee2a27f1cac3406c7c6fb5820cb7349f"},"headline":"\u00dar\u00edel","datePublished":"2026-09-05T14:03:23+00:00","dateModified":"2026-09-05T14:20:45+00:00","mainEntityOfPage":{"@id":"https:\/\/iwell-guard.com\/is\/uriel\/"},"publisher":{"@id":"https:\/\/iwell-guard.com\/is\/#organization"},"image":{"@id":"https:\/\/iwell-guard.com\/is\/uriel\/#primaryimage"},"thumbnailUrl":"https:\/\/iwell-guard.com\/wp-content\/uploads\/2026\/04\/goetter_judentum_uriel.webp","inLanguage":"is","description":"\u00dar\u00edel, erkiengill \u00ed hef\u00f0um Judaisma, sta\u00f0festur \u00e1 ritu\u00f0u m\u00e1li allt fr\u00e1 1. Enoksb\u00f3k: eldengill r\u00e9ttl\u00e1trar d\u00f3ms\u00farlausnar, sem vara\u00f0i N\u00f3a vi\u00f0 fl\u00f3\u00f0inu."},{"@type":"WebPage","@id":"https:\/\/iwell-guard.com\/is\/uriel\/","url":"https:\/\/iwell-guard.com\/is\/uriel\/","name":"\u00dar\u00edel - engill eldsins og d\u00f3msins","isPartOf":{"@id":"https:\/\/iwell-guard.com\/is\/#website"},"primaryImageOfPage":{"@id":"https:\/\/iwell-guard.com\/is\/uriel\/#primaryimage"},"image":{"@id":"https:\/\/iwell-guard.com\/is\/uriel\/#primaryimage"},"thumbnailUrl":"https:\/\/iwell-guard.com\/wp-content\/uploads\/2026\/04\/goetter_judentum_uriel.webp","datePublished":"2026-09-05T14:03:23+00:00","dateModified":"2026-09-05T14:20:45+00:00","description":"\u00dar\u00edel, erkiengill \u00ed hef\u00f0um Judaisma, sta\u00f0festur \u00e1 ritu\u00f0u m\u00e1li allt fr\u00e1 1. Enoksb\u00f3k: eldengill r\u00e9ttl\u00e1trar d\u00f3ms\u00farlausnar, sem vara\u00f0i N\u00f3a vi\u00f0 fl\u00f3\u00f0inu.","breadcrumb":{"@id":"https:\/\/iwell-guard.com\/is\/uriel\/#breadcrumb"},"inLanguage":"is","potentialAction":[{"@type":"ReadAction","target":["https:\/\/iwell-guard.com\/is\/uriel\/"]}]},{"@type":"ImageObject","inLanguage":"is","@id":"https:\/\/iwell-guard.com\/is\/uriel\/#primaryimage","url":"https:\/\/iwell-guard.com\/wp-content\/uploads\/2026\/04\/goetter_judentum_uriel.webp","contentUrl":"https:\/\/iwell-guard.com\/wp-content\/uploads\/2026\/04\/goetter_judentum_uriel.webp","width":1024,"height":1536,"caption":"Gu\u00f0ir \u00far tr\u00fa Judentum-hef\u00f0arinnar."},{"@type":"BreadcrumbList","@id":"https:\/\/iwell-guard.com\/is\/uriel\/#breadcrumb","itemListElement":[{"@type":"ListItem","position":1,"name":"Start","item":"https:\/\/iwell-guard.com\/is\/?page_id=168580"},{"@type":"ListItem","position":2,"name":"\u00dar\u00edel"}]},{"@type":"WebSite","@id":"https:\/\/iwell-guard.com\/is\/#website","url":"https:\/\/iwell-guard.com\/is\/","name":"iWell Guard","description":"Schutz vor dunklen Einfl\u00fcssen","publisher":{"@id":"https:\/\/iwell-guard.com\/is\/#organization"},"potentialAction":[{"@type":"SearchAction","target":{"@type":"EntryPoint","urlTemplate":"https:\/\/iwell-guard.com\/is\/?s={search_term_string}"},"query-input":{"@type":"PropertyValueSpecification","valueRequired":true,"valueName":"search_term_string"}}],"inLanguage":"is"},{"@type":"Organization","@id":"https:\/\/iwell-guard.com\/is\/#organization","name":"Ittermann electronic GmbH","url":"https:\/\/iwell-guard.com\/is\/","logo":{"@type":"ImageObject","inLanguage":"is","@id":"https:\/\/iwell-guard.com\/is\/#\/schema\/logo\/image\/","url":"https:\/\/iwell-guard.com\/wp-content\/uploads\/2026\/05\/Ittermann-Logo-1182x237-1.png","contentUrl":"https:\/\/iwell-guard.com\/wp-content\/uploads\/2026\/05\/Ittermann-Logo-1182x237-1.png","width":1182,"height":237,"caption":"Ittermann electronic GmbH"},"image":{"@id":"https:\/\/iwell-guard.com\/is\/#\/schema\/logo\/image\/"},"sameAs":["https:\/\/pantip.com\/profile\/9367242","https:\/\/micro.blog\/iwellguard","https:\/\/www.diggerslist.com\/iwellguard\/about","https:\/\/skitterphoto.com\/photographers\/2870314\/iwell-guard","https:\/\/iwellguard.wordpress.com\/2026\/06\/06\/iwell-guard\/","https:\/\/hub.docker.com\/u\/iwellguard","https:\/\/www.pinterest.com\/iwellguard\/","https:\/\/bit.ly\/m\/iwellguard","https:\/\/entre-vos-mains.alsace.eu\/profiles\/iwellguard\/activity","https:\/\/gravatar.com\/reallybeded8fd34","https:\/\/naijamatta.com\/iwellguard","https:\/\/www.goodreads.com\/iwellguard","https:\/\/profile.hatena.ne.jp\/iwellguard\/","https:\/\/experiment.com\/users\/iwellguard","https:\/\/wakelet.com\/@iWellGuard82270","https:\/\/www.chordie.com\/forum\/profile.php?id=2555664","https:\/\/www.instapaper.com\/p\/17757966","https:\/\/www.mapleprimes.com\/users\/iwellguard","https:\/\/businesslistingplus.com\/profile\/iwell-guard\/","https:\/\/telegra.ph\/iWell-Guard-06-06","https:\/\/pbase.com\/iwellguard\/iwellguard","https:\/\/b.hatena.ne.jp\/iwellguard\/20260607#bookmark-4788405196491818882","https:\/\/fliphtml5.com\/home\/iwellguard","https:\/\/anyflip.com\/homepage\/cmiwl#About","https:\/\/transfur.com\/Users\/iwellguard","http:\/\/delphi.larsbo.org\/user\/iwellguard","https:\/\/jobs.lajobsportal.org\/profiles\/8380803-iwell-guard","https:\/\/md.chaosdorf.de\/s\/jfbe5SBdJD","https:\/\/www.lingvolive.com\/en-us\/profile\/9ecaeaca-ce11-4e51-9e71-01d55e2bff36\/translations","https:\/\/www.fitday.com\/fitness\/forums\/members\/iwellguard.html","https:\/\/www.mymeetbook.com\/iwellguard","https:\/\/pxhere.com\/en\/photographer-me\/5040798","https:\/\/disqus.com\/by\/iwellguard\/about\/","https:\/\/pastelink.net\/hjwciqwq","https:\/\/pubhtml5.com\/homepage\/scjhn\/","https:\/\/www.bitchute.com\/channel\/2O2eOKzNqujT","https:\/\/audiomack.com\/iwellguard"]},{"@type":"Person","@id":"https:\/\/iwell-guard.com\/is\/#\/schema\/person\/ee2a27f1cac3406c7c6fb5820cb7349f","name":"Ralf Ittermann","image":{"@type":"ImageObject","inLanguage":"is","@id":"https:\/\/secure.gravatar.com\/avatar\/073c0153e350a5005b68eb752b445fea71f6b24a26da9449ad7e155e6b446c9d?s=96&d=mm&r=g","url":"https:\/\/secure.gravatar.com\/avatar\/073c0153e350a5005b68eb752b445fea71f6b24a26da9449ad7e155e6b446c9d?s=96&d=mm&r=g","contentUrl":"https:\/\/secure.gravatar.com\/avatar\/073c0153e350a5005b68eb752b445fea71f6b24a26da9449ad7e155e6b446c9d?s=96&d=mm&r=g","caption":"Ralf Ittermann"},"givenName":"Ralf","familyName":"Ittermann","jobTitle":"Gesch\u00e4ftsf\u00fchrer und redaktioneller Verantwortlicher","url":"https:\/\/iwell-guard.com\/is\/author\/claude\/","description":"Ralf Ittermann ist Gesch\u00e4ftsf\u00fchrer der Ittermann electronic GmbH und redaktioneller Verantwortlicher des iWell-Guard-Lexikons. Er verbindet langj\u00e4hrige Erfahrung in der Pr\u00e4zisionsfertigung mit medialer Praxis und religionsgeschichtlicher Quellenarbeit.","worksFor":{"@type":"Organization","name":"Ittermann electronic GmbH","url":"https:\/\/ittermann.de\/","address":{"@type":"PostalAddress","streetAddress":"K\u00f6hlergasse 16-18","postalCode":"99842","addressLocality":"Ruhla","addressCountry":"DE"}},"knowsAbout":["Religionsgeschichte","Mythologie","Mediale Praxis","Energetische Diagnostik","Schutzpraxis","Volksglauben","Westliche Esoterik"]},{"@type":"Article","@id":"https:\/\/iwell-guard.com\/is\/uriel\/#article","isPartOf":{"@id":"https:\/\/iwell-guard.com\/is\/uriel\/"},"author":{"name":"Ralf Ittermann","@id":"https:\/\/iwell-guard.com\/is\/#\/schema\/person\/ee2a27f1cac3406c7c6fb5820cb7349f"},"headline":"\u00dar\u00edel","datePublished":"2026-09-05T14:03:23+00:00","dateModified":"2026-09-05T14:20:45+00:00","mainEntityOfPage":{"@id":"https:\/\/iwell-guard.com\/is\/uriel\/"},"publisher":{"@id":"https:\/\/iwell-guard.com\/is\/#organization"},"image":{"@id":"https:\/\/iwell-guard.com\/is\/uriel\/#primaryimage"},"thumbnailUrl":"https:\/\/iwell-guard.com\/wp-content\/uploads\/2026\/04\/goetter_judentum_uriel.webp","inLanguage":"is","description":"\u00dar\u00edel, erkiengill \u00ed hef\u00f0um Judaisma, sta\u00f0festur \u00e1 ritu\u00f0u m\u00e1li allt fr\u00e1 1. Enoksb\u00f3k: eldengill r\u00e9ttl\u00e1trar d\u00f3ms\u00farlausnar, sem vara\u00f0i N\u00f3a vi\u00f0 fl\u00f3\u00f0inu."}]}},"_links":{"self":[{"href":"https:\/\/iwell-guard.com\/is\/wp-json\/wp\/v2\/pages\/168837","targetHints":{"allow":["GET"]}}],"collection":[{"href":"https:\/\/iwell-guard.com\/is\/wp-json\/wp\/v2\/pages"}],"about":[{"href":"https:\/\/iwell-guard.com\/is\/wp-json\/wp\/v2\/types\/page"}],"author":[{"embeddable":true,"href":"https:\/\/iwell-guard.com\/is\/wp-json\/wp\/v2\/users\/3"}],"replies":[{"embeddable":true,"href":"https:\/\/iwell-guard.com\/is\/wp-json\/wp\/v2\/comments?post=168837"}],"version-history":[{"count":0,"href":"https:\/\/iwell-guard.com\/is\/wp-json\/wp\/v2\/pages\/168837\/revisions"}],"wp:featuredmedia":[{"embeddable":true,"href":"https:\/\/iwell-guard.com\/is\/wp-json\/wp\/v2\/media\/1610"}],"wp:attachment":[{"href":"https:\/\/iwell-guard.com\/is\/wp-json\/wp\/v2\/media?parent=168837"}],"wp:term":[{"taxonomy":"category","embeddable":true,"href":"https:\/\/iwell-guard.com\/is\/wp-json\/wp\/v2\/categories?post=168837"}],"curies":[{"name":"wp","href":"https:\/\/api.w.org\/{rel}","templated":true}]}}