{"id":168836,"date":"2026-09-05T14:03:23","date_gmt":"2026-09-05T14:03:23","guid":{"rendered":"https:\/\/iwell-guard.com\/?page_id=168836"},"modified":"2026-09-05T14:20:45","modified_gmt":"2026-09-05T14:20:45","slug":"juno","status":"publish","type":"page","link":"https:\/\/iwell-guard.com\/is\/juno\/","title":{"rendered":"Juno"},"content":{"rendered":"\t\t<div data-elementor-type=\"wp-page\" data-elementor-id=\"168836\" class=\"elementor elementor-168836 elementor-2138 elementor-bc-flex-widget\" data-elementor-post-type=\"page\">\n\t\t\t\t<div class=\"elementor-element elementor-element-10fdade e-flex e-con-boxed e-con e-parent\" data-id=\"10fdade\" data-element_type=\"container\" data-e-type=\"container\" data-settings=\"{&quot;background_background&quot;:&quot;classic&quot;}\">\n\t\t\t\t\t<div class=\"e-con-inner\">\n\t\t<div class=\"elementor-element elementor-element-herohlft0 e-flex e-con-boxed e-con e-child\" data-id=\"herohlft0\" data-element_type=\"container\" data-e-type=\"container\">\n\t\t\t\t\t<div class=\"e-con-inner\">\n\t\t<div class=\"elementor-element elementor-element-c3ceb64 e-con-full e-flex e-con e-child\" data-id=\"c3ceb64\" data-element_type=\"container\" data-e-type=\"container\">\n\t\t\t\t<div class=\"elementor-element elementor-element-96ae5e1 elementor-widget elementor-widget-heading\" data-id=\"96ae5e1\" data-element_type=\"widget\" data-e-type=\"widget\" data-widget_type=\"heading.default\">\n\t\t\t\t\t<h1 class=\"elementor-heading-title elementor-size-default\">Juno, gy\u00f0ja \u00far r\u00f3mverskri hef\u00f0<\/h1>\t\t\t\t<\/div>\n\t\t\t\t<div class=\"elementor-element elementor-element-e45238a elementor-widget elementor-widget-text-editor\" data-id=\"e45238a\" data-element_type=\"widget\" data-e-type=\"widget\" data-widget_type=\"text-editor.default\">\n\t\t\t\t\t\t\t\t\t<p>Juno er gy\u00f0ja hj\u00f3nabandsins, kvenl\u00edfsins og fullveldis r\u00edkisins \u00ed r\u00f3mverskri hef\u00f0. H\u00fan t\u00e1knar ekki a\u00f0eins \u00e1st og kynl\u00edf, heldur fyrst og fremst verndun og vir\u00f0uleika, sem verndargy\u00f0ja r\u00f3mverskra kvenna og verndari r\u00edkisins sj\u00e1lfs. \u00cd tr\u00faarbrag\u00f0afr\u00e6\u00f0um er Juno d\u00e6mi um fj\u00f6lbreytni kvenlegra hlutverka \u00ed fj\u00f6lgy\u00f0istr\u00fa.<\/p>\t\t\t\t\t\t\t\t<\/div>\n\t\t\t\t<\/div>\n\t\t<div class=\"elementor-element elementor-element-klsbdg01 e-con-full e-flex e-con e-parent\" data-id=\"klsbdg01\" data-element_type=\"container\" data-e-type=\"container\">\n\t\t\t\t<div class=\"elementor-element elementor-element-klshtm01 elementor-widget elementor-widget-html\" data-id=\"klshtm01\" data-element_type=\"widget\" data-e-type=\"widget\" data-widget_type=\"html.default\">\n\t\t\t\t\t<div class=\"iwg-pill-row\"><span class=\"iwg-klasse-badge\" tabindex=\"0\" data-tooltip=\"Gu\u00f0 \/ gy\u00f0ja: Pers\u00f3nuger\u00f0ur h\u00e6sti m\u00e1ttur \u00ed go\u00f0aver\u00f6ld \u00e1kve\u00f0innar menningar, me\u00f0 sk\u00fdrum valdsvi\u00f0um: n\u00e1tt\u00faru\u00f6fl, \u00f6rl\u00f6g, str\u00ed\u00f0, frj\u00f3semi. Tigna\u00f0ur me\u00f0 s\u00e9rtr\u00faars\u00f6fnu\u00f0um, f\u00f3rnum og hofastofnunum.\">Gy\u00f0ja<\/span><a href=\"https:\/\/iwell-guard.com\/is\/?page_id=168595\" class=\"iwg-kultur-badge\" tabindex=\"0\" data-tooltip=\"R\u00f3mversk tr\u00faarbr\u00f6g\u00f0 fr\u00e1 konungd\u00f3mi til s\u00ed\u00f0fornaldar, samr\u00e6md vi\u00f0 gr\u00edsk og etr\u00fask l\u00f6g.\">R\u00f3m<\/a><a href=\"https:\/\/iwell-guard.com\/is\/?page_id=168708\" class=\"iwg-tradition-badge\" tabindex=\"0\" data-tooltip=\"Verndargu\u00f0ir, verndarar heimilis, borgar, f\u00e6\u00f0inga, fer\u00f0alaga e\u00f0a \u00e6viskei\u00f0a.\">Verndargo\u00f0<\/a><\/div>\t\t\t\t<\/div>\n\t\t\t\t<\/div>\n\t\t<div class=\"elementor-element elementor-element-3f74855 e-con-full e-flex e-con e-child\" data-id=\"3f74855\" data-element_type=\"container\" data-e-type=\"container\">\n\t\t\t\t<div class=\"elementor-element elementor-element-1c30362 elementor-toc--minimized-on-tablet elementor-widget elementor-widget-table-of-contents\" data-id=\"1c30362\" data-element_type=\"widget\" data-e-type=\"widget\" data-settings=\"{&quot;exclude_headings_by_selector&quot;:[],&quot;no_headings_message&quot;:&quot;Engar undirfyrirsagnir fundust \\u00e1 \\u00feessari s\\u00ed\\u00f0u.&quot;,&quot;headings_by_tags&quot;:[&quot;h2&quot;,&quot;h3&quot;],&quot;marker_view&quot;:&quot;bullets&quot;,&quot;minimize_box&quot;:&quot;yes&quot;,&quot;icon&quot;:{&quot;value&quot;:&quot;fas fa-circle&quot;,&quot;library&quot;:&quot;fa-solid&quot;,&quot;rendered_tag&quot;:&quot;&lt;svg class=\\&quot;e-font-icon-svg e-fas-circle\\&quot; viewBox=\\&quot;0 0 512 512\\&quot; xmlns=\\&quot;http:\\\/\\\/www.w3.org\\\/2000\\\/svg\\&quot;&gt;&lt;path d=\\&quot;M256 8C119 8 8 119 8 256s111 248 248 248 248-111 248-248S393 8 256 8z\\&quot;&gt;&lt;\\\/path&gt;&lt;\\\/svg&gt;&quot;},&quot;minimized_on&quot;:&quot;tablet&quot;,&quot;hierarchical_view&quot;:&quot;yes&quot;,&quot;min_height&quot;:{&quot;unit&quot;:&quot;px&quot;,&quot;size&quot;:&quot;&quot;,&quot;sizes&quot;:[]},&quot;min_height_tablet&quot;:{&quot;unit&quot;:&quot;px&quot;,&quot;size&quot;:&quot;&quot;,&quot;sizes&quot;:[]},&quot;min_height_mobile&quot;:{&quot;unit&quot;:&quot;px&quot;,&quot;size&quot;:&quot;&quot;,&quot;sizes&quot;:[]}}\" data-widget_type=\"table-of-contents.default\">\n\t\t\t\t\t\t\t\t\t<div class=\"elementor-toc__header\">\n\t\t\t\t\t\t<h2 class=\"elementor-toc__header-title\">\n\t\t\t\tEfnisyfirlit\t\t\t<\/h2>\n\t\t\t\t\t\t\t\t\t\t<div class=\"elementor-toc__toggle-button elementor-toc__toggle-button--expand\" role=\"button\" tabindex=\"0\" aria-controls=\"elementor-toc__1c30362\" aria-expanded=\"true\" aria-label=\"Open table of contents\"><svg aria-hidden=\"true\" class=\"e-font-icon-svg e-fas-chevron-down\" viewBox=\"0 0 448 512\" xmlns=\"http:\/\/www.w3.org\/2000\/svg\"><path d=\"M207.029 381.476L12.686 187.132c-9.373-9.373-9.373-24.569 0-33.941l22.667-22.667c9.357-9.357 24.522-9.375 33.901-.04L224 284.505l154.745-154.021c9.379-9.335 24.544-9.317 33.901.04l22.667 22.667c9.373 9.373 9.373 24.569 0 33.941L240.971 381.476c-9.373 9.372-24.569 9.372-33.942 0z\"><\/path><\/svg><\/div>\n\t\t\t\t<div class=\"elementor-toc__toggle-button elementor-toc__toggle-button--collapse\" role=\"button\" tabindex=\"0\" aria-controls=\"elementor-toc__1c30362\" aria-expanded=\"true\" aria-label=\"Close table of contents\"><svg aria-hidden=\"true\" class=\"e-font-icon-svg e-fas-chevron-up\" viewBox=\"0 0 448 512\" xmlns=\"http:\/\/www.w3.org\/2000\/svg\"><path d=\"M240.971 130.524l194.343 194.343c9.373 9.373 9.373 24.569 0 33.941l-22.667 22.667c-9.357 9.357-24.522 9.375-33.901.04L224 227.495 69.255 381.516c-9.379 9.335-24.544 9.317-33.901-.04l-22.667-22.667c-9.373-9.373-9.373-24.569 0-33.941L207.03 130.525c9.372-9.373 24.568-9.373 33.941-.001z\"><\/path><\/svg><\/div>\n\t\t\t\t\t<\/div>\n\t\t\t\t<div id=\"elementor-toc__1c30362\" class=\"elementor-toc__body\">\n\t\t\t<div class=\"elementor-toc__spinner-container\">\n\t\t\t\t<svg class=\"elementor-toc__spinner eicon-animation-spin e-font-icon-svg e-eicon-loading\" aria-hidden=\"true\" viewBox=\"0 0 1000 1000\" xmlns=\"http:\/\/www.w3.org\/2000\/svg\"><path d=\"M500 975V858C696 858 858 696 858 500S696 142 500 142 142 304 142 500H25C25 237 238 25 500 25S975 237 975 500 763 975 500 975Z\"><\/path><\/svg>\t\t\t<\/div>\n\t\t<\/div>\n\t\t\t\t\t\t<\/div>\n\t\t\t\t<\/div>\n\t\t\t\t\t<\/div>\n\t\t\t\t<\/div>\n\t\t<div class=\"elementor-element elementor-element-herorght0 e-con-full e-flex e-con e-child\" data-id=\"herorght0\" data-element_type=\"container\" data-e-type=\"container\">\n\t\t\t\t<div class=\"elementor-element elementor-element-heroimg00 iwg-hero-image elementor-widget elementor-widget-image\" data-id=\"heroimg00\" data-element_type=\"widget\" data-e-type=\"widget\" data-widget_type=\"image.default\">\n\t\t\t\t\t\t\t\t\t\t\t\t\t\t\t<img fetchpriority=\"high\" decoding=\"async\" width=\"683\" height=\"1024\" src=\"https:\/\/iwell-guard.com\/wp-content\/uploads\/2026\/04\/goetter_rom_juno-683x1024.webp\" class=\"attachment-large size-large wp-image-171056\" alt=\"Juno - Gu\u00f0ir \u00far r\u00f3mverskri hef\u00f0, s\u00f6guleg-myndskreytandi\" srcset=\"https:\/\/iwell-guard.com\/wp-content\/uploads\/2026\/04\/goetter_rom_juno-683x1024.webp 683w, https:\/\/iwell-guard.com\/wp-content\/uploads\/2026\/04\/goetter_rom_juno-200x300.webp 200w, https:\/\/iwell-guard.com\/wp-content\/uploads\/2026\/04\/goetter_rom_juno-768x1152.webp 768w, https:\/\/iwell-guard.com\/wp-content\/uploads\/2026\/04\/goetter_rom_juno.webp 1024w\" sizes=\"(max-width: 683px) 100vw, 683px\" \/>\t\t\t\t\t\t\t\t\t\t\t\t\t\t\t<\/div>\n\t\t\t\t<\/div>\n\t\t\t\t\t<\/div>\n\t\t\t\t<\/div>\n\t\t<div class=\"elementor-element elementor-element-32917199 e-flex e-con-boxed e-con e-parent\" data-id=\"32917199\" data-element_type=\"container\" data-e-type=\"container\">\n\t\t\t\t\t<div class=\"e-con-inner\">\n\t\t<div class=\"elementor-element elementor-element-26e916cb e-flex e-con-boxed e-con e-child\" data-id=\"26e916cb\" data-element_type=\"container\" data-e-type=\"container\">\n\t\t\t\t\t<div class=\"e-con-inner\">\n\t\t<div class=\"elementor-element elementor-element-253a40d4 e-flex e-con-boxed e-con e-child\" data-id=\"253a40d4\" data-element_type=\"container\" data-e-type=\"container\">\n\t\t\t\t\t<div class=\"e-con-inner\">\n\t\t\t\t<div class=\"elementor-element elementor-element-1200c304 elementor-widget elementor-widget-heading\" data-id=\"1200c304\" data-element_type=\"widget\" data-e-type=\"widget\" data-widget_type=\"heading.default\">\n\t\t\t\t\t<h2 class=\"elementor-heading-title elementor-size-default\">Juno<\/h2>\t\t\t\t<\/div>\n\t\t\t\t<div class=\"elementor-element elementor-element-11758e7f elementor-widget elementor-widget-text-editor\" data-id=\"11758e7f\" data-element_type=\"widget\" data-e-type=\"widget\" data-widget_type=\"text-editor.default\">\n\t\t\t\t\t\t\t\t\t<p>Juno felur \u00ed s\u00e9r nokkra \u00fe\u00e6tti: Juno Regina (konungleg verndargy\u00f0ja), Juno Lucina (f\u00e6\u00f0ingarhj\u00e1lp), Juno Pronuba (s\u00fa sem stofnar til hj\u00f3nabands) og Juno Moneta (vi\u00f0v\u00f6runargy\u00f0ja). \u00cd <span class=\"iwg-fachbegriff\" data-tooltip=\"Var\u00f0veitt fr\u00e1s\u00f6gn um gu\u00f0i, uppruna og skipan heimsins.\" tabindex=\"0\">go\u00f0s\u00f6gninni<\/span> kemur h\u00fan fram sem eiginkona J\u00fap\u00edters, en er samt\u00edmis sj\u00e1lfst\u00e6\u00f0 gy\u00f0ja me\u00f0 eigin s\u00e9rtr\u00faars\u00f6fnu\u00f0i. Mi\u00f0l\u00e6gur er m\u00e1nu\u00f0urinn j\u00fan\u00ed, <span class=\"iwg-fachbegriff\" data-tooltip=\"Tilheyrir hinu gu\u00f0lega og er \u00fear me\u00f0 undanskili\u00f0 hversdagslegri notkun.\" tabindex=\"0\">helga\u00f0ur<\/span> henni, og h\u00e1t\u00ed\u00f0 Matr\u00f3na og Matronalia (1. mars), \u00fear sem eiginkonur voru hei\u00f0ra\u00f0ar.<\/p>\t\t\t\t\t\t\t\t<\/div>\n\t\t\t\t\t<\/div>\n\t\t\t\t<\/div>\n\t\t<div class=\"elementor-element elementor-element-159dcf9a e-flex e-con-boxed e-con e-child\" data-id=\"159dcf9a\" data-element_type=\"container\" data-e-type=\"container\">\n\t\t\t\t\t<div class=\"e-con-inner\">\n\t\t\t\t<div class=\"elementor-element elementor-element-48cee66f elementor-widget elementor-widget-heading\" data-id=\"48cee66f\" data-element_type=\"widget\" data-e-type=\"widget\" data-widget_type=\"heading.default\">\n\t\t\t\t\t<h2 class=\"elementor-heading-title elementor-size-default\">\u00cd hnotskurn: Juno<\/h2>\t\t\t\t<\/div>\n\t\t\t\t<div class=\"elementor-element elementor-element-3f50d82c elementor-widget elementor-widget-text-editor\" data-id=\"3f50d82c\" data-element_type=\"widget\" data-e-type=\"widget\" data-widget_type=\"text-editor.default\">\n\t\t\t\t\t\t\t\t\t<p>Heimildir: Ovidius Ummyndanir og Fasti, Virgill Eneasarkvi\u00f0a, Cicero De Natura Deorum, Macrobius Saturnalia, latneskar \u00e1letranir. Tignun Junos n\u00e1\u00f0i yfir allt r\u00f3mverska r\u00edki\u00f0. Georg Wissowa, <span class=\"iwg-fachbegriff\" tabindex=\"0\" data-tooltip=\"\u00de\u00fdskur tr\u00faarbrag\u00f0afr\u00e6\u00f0ingur (1931\u20132015); h\u00f6fu\u00f0verk Griechische Religion (1977).\">Walter Burkert<\/span> og Hubert Cancik hafa rannsaka\u00f0 hlutverk hennar \u00ed <span class=\"iwg-fachbegriff\" data-tooltip=\"Heild tr\u00faarlegra tignunarathafna fyrir gu\u00f0 e\u00f0a heilaga v\u00e6ttu.\" tabindex=\"0\">s\u00e9rtr\u00faars\u00f6fnu\u00f0i<\/span> og r\u00edki, einstakt er tv\u00f6falt hlutverk hennar sem elskhugi og r\u00edkisgy\u00f0ja.<\/p>\t\t\t\t\t\t\t\t<\/div>\n\t\t\t\t\t<\/div>\n\t\t\t\t<\/div>\n\t\t\t\t\t<\/div>\n\t\t\t\t<\/div>\n\t\t\t\t\t<\/div>\n\t\t\t\t<\/div>\n\t\t<div class=\"elementor-element elementor-element-18613602 e-flex e-con-boxed e-con e-parent\" data-id=\"18613602\" data-element_type=\"container\" data-e-type=\"container\">\n\t\t\t\t\t<div class=\"e-con-inner\">\n\t\t\t\t<div class=\"elementor-element elementor-element-262b8a9f elementor-widget elementor-widget-heading\" data-id=\"262b8a9f\" data-element_type=\"widget\" data-e-type=\"widget\" data-widget_type=\"heading.default\">\n\t\t\t\t\t<h2 class=\"elementor-heading-title elementor-size-default\">Yfirlit<\/h2>\t\t\t\t<\/div>\n\t\t<div class=\"elementor-element elementor-element-46dcb7d e-con-full e-flex e-con e-child\" data-id=\"46dcb7d\" data-element_type=\"container\" data-e-type=\"container\">\n\t\t<div class=\"elementor-element elementor-element-61d3ab3 e-flex e-con-boxed e-con e-child\" data-id=\"61d3ab3\" data-element_type=\"container\" data-e-type=\"container\">\n\t\t\t\t\t<div class=\"e-con-inner\">\n\t\t\t\t<div class=\"elementor-element elementor-element-117c166 elementor-widget elementor-widget-heading\" data-id=\"117c166\" data-element_type=\"widget\" data-e-type=\"widget\" data-widget_type=\"heading.default\">\n\t\t\t\t\t<h3 class=\"elementor-heading-title elementor-size-default\">T\u00edmabil textanna<\/h3>\t\t\t\t<\/div>\n\t\t\t\t<div class=\"elementor-element elementor-element-73997a0 elementor-widget elementor-widget-text-editor\" data-id=\"73997a0\" data-element_type=\"widget\" data-e-type=\"widget\" data-widget_type=\"text-editor.default\">\n\t\t\t\t\t\t\t\t\t<p>Tignun Junos m\u00e1 rekja fr\u00e1 fyrstu r\u00f3mversku konungst\u00ed\u00f0 yfir l\u00fd\u00f0veldist\u00edmann og allt til keisarat\u00edmans, en h\u00fan var fastm\u00f3tu\u00f0 sem verndargy\u00f0ja R\u00f3marborgar og hluti af Kap\u00edt\u00f3l\u00ed\u00f6nsku \u00ferenningunni me\u00f0 J\u00fap\u00edter og M\u00ednervu. \u00c1 mi\u00f0\u00f6ldum lag\u00f0ist opinber s\u00e9rtr\u00faars\u00f6fnu\u00f0ur af, en nafn hennar lif\u00f0i \u00e1fram \u00ed latneskum b\u00f3kmenntum og s\u00ed\u00f0ar \u00ed list og \u00f3peru endurreisnart\u00edmans, \u00fear sem h\u00fan kom fram sem eiginkona J\u00fap\u00edters og \u00f6fundsj\u00fakur m\u00f3tleikari.<\/p><h3>Go\u00f0s\u00f6gulegt samhengi<\/h3><p>Juno er ein af hinum miklu r\u00f3mversku gy\u00f0jum, eiginkona J\u00fap\u00edters og drottning gu\u00f0anna. H\u00fan er gy\u00f0ja hj\u00f3nabandsins, frj\u00f3semi, f\u00e6\u00f0ingar og kvenl\u00edfsins. \u00cd gr\u00edskri mynd er h\u00fan Hera. Juno er margbrotin, verndandi, \u00f6fundsj\u00fak, m\u00e1ttug. Hlutverk hennar er mi\u00f0l\u00e6gt fyrir samf\u00e9lagi\u00f0.<\/p>\t\t\t\t\t\t\t\t<\/div>\n\t\t\t\t\t<\/div>\n\t\t\t\t<\/div>\n\t\t<div class=\"elementor-element elementor-element-d47b156 e-flex e-con-boxed e-con e-child\" data-id=\"d47b156\" data-element_type=\"container\" data-e-type=\"container\">\n\t\t\t\t\t<div class=\"e-con-inner\">\n\t\t\t\t<div class=\"elementor-element elementor-element-ff38c2b elementor-widget elementor-widget-heading\" data-id=\"ff38c2b\" data-element_type=\"widget\" data-e-type=\"widget\" data-widget_type=\"heading.default\">\n\t\t\t\t\t<h3 class=\"elementor-heading-title elementor-size-default\">\u00datbrei\u00f0slusv\u00e6\u00f0i<\/h3>\t\t\t\t<\/div>\n\t\t\t\t<div class=\"elementor-element elementor-element-4e49fcc elementor-widget elementor-widget-text-editor\" data-id=\"4e49fcc\" data-element_type=\"widget\" data-e-type=\"widget\" data-widget_type=\"text-editor.default\">\n\t\t\t\t\t\t\t\t\t<p>Juno var almennt \u00feekkt og tignu\u00f0 e\u00f0a \u00f3ttu\u00f0 um allan hinn r\u00f3mverska heim, \u00e1n sv\u00e6\u00f0isbundinnar takm\u00f6rkunar e\u00f0a bindingar vi\u00f0 \u00e1kve\u00f0na sta\u00f0i. Hvort sem \u00ed borgarmi\u00f0st\u00f6\u00f0vum e\u00f0a fjarl\u00e6gari sveitum, hvort me\u00f0al yfirst\u00e9ttar e\u00f0a almennings, var andleg e\u00f0a menningarleg \u00fe\u00fd\u00f0ing \u00feessarar v\u00e6ttar vi\u00f0urkennd samfellt og almennt.<\/p><p>A\u00f0 Juno hafi veri\u00f0 b\u00e6\u00f0i borgargy\u00f0ja R\u00f3mar og verndargy\u00f0ja hj\u00f3nabands og f\u00e6\u00f0ingar tengdi saman r\u00edkislega og einkalega gu\u00f0r\u00e6kni: Giftar konur h\u00e9ldu upp \u00e1 hana \u00e1 Matronalia, me\u00f0an vi\u00f0urnefnin Juno Lucina fyrir f\u00e6\u00f0ingarhj\u00e1lp og Juno Moneta fyrir hofi\u00f0 \u00e1 Kap\u00edt\u00f3lh\u00e6\u00f0 t\u00f3ku saman \u00fdmis valdsvi\u00f0. Tignun hennar fannst utan R\u00f3mar einnig me\u00f0al \u00edtalskra \u00fej\u00f3\u00f0flokka, svo sem Etr\u00faska, \u00ed mynd Uni.<\/p>\t\t\t\t\t\t\t\t<\/div>\n\t\t\t\t\t<\/div>\n\t\t\t\t<\/div>\n\t\t\t\t<\/div>\n\t\t<div class=\"elementor-element elementor-element-db03c39 e-con-full e-flex e-con e-child\" data-id=\"db03c39\" data-element_type=\"container\" data-e-type=\"container\">\n\t\t<div class=\"elementor-element elementor-element-229a87b e-flex e-con-boxed e-con e-child\" data-id=\"229a87b\" data-element_type=\"container\" data-e-type=\"container\">\n\t\t\t\t\t<div class=\"e-con-inner\">\n\t\t\t\t<div class=\"elementor-element elementor-element-1f471fc elementor-widget elementor-widget-heading\" data-id=\"1f471fc\" data-element_type=\"widget\" data-e-type=\"widget\" data-widget_type=\"heading.default\">\n\t\t\t\t\t<h3 class=\"elementor-heading-title elementor-size-default\">Heimildasta\u00f0a<\/h3>\t\t\t\t<\/div>\n\t\t\t\t<div class=\"elementor-element elementor-element-36b1201 elementor-widget elementor-widget-text-editor\" data-id=\"36b1201\" data-element_type=\"widget\" data-e-type=\"widget\" data-widget_type=\"text-editor.default\">\n\t\t\t\t\t\t\t\t\t<p>Frumheimildir: Ummyndanir Ovidiusar (s\u00e9rstaklega \u00e1stin til J\u00fap\u00edters), Eneasarkvi\u00f0a Virgils (b\u00f3k 1 og 4, Juno sem andst\u00e6\u00f0ingur Eneasar), H\u00f3rat\u00edus, Mart\u00edalis, Cicero De Natura Deorum, Macrobius Saturnalia (bor\u00f0r\u00e6\u00f0ur um Juno og J\u00fap\u00edter).<\/p><p>T\u00edmabil: 6. \u00f6ld f.Kr. til 5. \u00f6ld e.Kr. Fr\u00e6\u00f0imenn: Georg Wissowa (R\u00f6mische G\u00f6tter), Karl Latte, <span class=\"iwg-fachbegriff\" tabindex=\"0\" data-tooltip=\"\u00de\u00fdskur tr\u00faarbrag\u00f0afr\u00e6\u00f0ingur (1931\u20132015); h\u00f6fu\u00f0verk Griechische Religion (1977).\">Walter Burkert<\/span>, Hendrik Versnel. Fornleifafundir: <span class=\"iwg-fachbegriff\" data-tooltip=\"Bygging sem er \u00e6tlu\u00f0 tignun einnar e\u00f0a fleiri gu\u00f0v\u00e6tta.\" tabindex=\"0\">hof<\/span> \u00e1 Capitolium og Aventinus, v\u00edgslugjafir fr\u00e1 Kampan\u00edu og German\u00edu.<\/p>\t\t\t\t\t\t\t\t<\/div>\n\t\t\t\t\t<\/div>\n\t\t\t\t<\/div>\n\t\t\t\t<\/div>\n\t\t\t\t\t<\/div>\n\t\t\t\t<\/div>\n\t\t<div class=\"elementor-element elementor-element-3ae0637c e-flex e-con-boxed e-con e-parent\" data-id=\"3ae0637c\" data-element_type=\"container\" data-e-type=\"container\">\n\t\t\t\t\t<div class=\"e-con-inner\">\n\t\t\t\t<div class=\"elementor-element elementor-element-31d07739 elementor-widget elementor-widget-heading\" data-id=\"31d07739\" data-element_type=\"widget\" data-e-type=\"widget\" data-widget_type=\"heading.default\">\n\t\t\t\t\t<h2 class=\"elementor-heading-title elementor-size-default\">Nafn og afbrig\u00f0i<\/h2>\t\t\t\t<\/div>\n\t\t<div class=\"elementor-element elementor-element-b7642947 e-con-full e-flex e-con e-child\" data-id=\"b7642947\" data-element_type=\"container\" data-e-type=\"container\">\n\t\t\t\t<div class=\"elementor-element elementor-element-a086266 elementor-widget elementor-widget-text-editor\" data-id=\"a086266\" data-element_type=\"widget\" data-e-type=\"widget\" data-widget_type=\"text-editor.default\">\n\t\t\t\t\t\t\t\t\t<p>Juno er s\u00fdnd \u00ed hinum \u00fdmsu hef\u00f0um og heimildum me\u00f0 \u00e1kve\u00f0num t\u00e1knmyndum sem haldast nokku\u00f0 st\u00f6\u00f0ugar yfir \u00e1ratugi og sta\u00f0i. \u00deessi einkenni eru langt fr\u00e1 \u00fev\u00ed a\u00f0 vera einungis skreyti e\u00f0a tilviljunarkennd: \u00deau eru t\u00e1knr\u00e6nt k\u00f3\u00f0u\u00f0 og bera dj\u00fapa merkingu.<\/p><p>\u00cd fornri myndlist m\u00e1 \u00feekkja Juno af f\u00f6stum myndt\u00e1knum: H\u00fan ber oft ennisdj\u00e1sn e\u00f0a k\u00f3r\u00f3nu sem merki um st\u00f6\u00f0u s\u00edna sem drottning himnanna, stundum veldissprota, og p\u00e1fuglinn er henni tileinka\u00f0ur sem heilagt d\u00fdr. Geitin og \u00e1kve\u00f0in kl\u00e6\u00f0aform tilheyra einnig myndheimi hennar, \u00feannig a\u00f0 \u00e1horfendur g\u00e1tu greint hana fr\u00e1 \u00f6\u00f0rum gy\u00f0jum \u00e1n \u00e1letrunar.<\/p>\t\t\t\t\t\t\t\t<\/div>\n\t\t\t\t<\/div>\n\t\t\t\t\t<\/div>\n\t\t\t\t<\/div>\n\t\t<div class=\"elementor-element elementor-element-709a44a8 e-flex e-con-boxed e-con e-parent\" data-id=\"709a44a8\" data-element_type=\"container\" data-e-type=\"container\">\n\t\t\t\t\t<div class=\"e-con-inner\">\n\t\t\t\t<div class=\"elementor-element elementor-element-2f585873 elementor-widget elementor-widget-heading\" data-id=\"2f585873\" data-element_type=\"widget\" data-e-type=\"widget\" data-widget_type=\"heading.default\">\n\t\t\t\t\t<h2 class=\"elementor-heading-title elementor-size-default\">Einkenni<\/h2>\t\t\t\t<\/div>\n\t\t<div class=\"elementor-element elementor-element-70621c12 e-con-full e-flex e-con e-child\" data-id=\"70621c12\" data-element_type=\"container\" data-e-type=\"container\">\n\t\t\t\t<div class=\"elementor-element elementor-element-4296eb49 elementor-widget elementor-widget-text-editor\" data-id=\"4296eb49\" data-element_type=\"widget\" data-e-type=\"widget\" data-widget_type=\"text-editor.default\">\n\t\t\t\t\t\t\t\t\t<p>Juno var mi\u00f0l\u00e6g \u00ed tr\u00faarlegri i\u00f0kun og hversdagslegum skilningi R\u00f3mverja. F\u00f3lk leita\u00f0i til \u00feessarar v\u00e6ttar \u00e1 \u00e1kve\u00f0num \u00farslitastundum l\u00edfsins e\u00f0a \u00e1 \u00e1kve\u00f0num \u00e1rst\u00edmum, me\u00f0 skipul\u00f6g\u00f0um rit\u00faalum, b\u00e6num e\u00f0a f\u00f3rnargj\u00f6fum. I\u00f0kunin var n\u00e1kv\u00e6mlega arfleidd og undir stj\u00f3rn presta e\u00f0a fagf\u00f3lks, engan veginn tilviljunarkennd e\u00f0a handah\u00f3fskennd.<\/p><p>Rit\u00faalar sem beint var a\u00f0 Juno fylgdu fyrst og fremst hj\u00f3nav\u00edgslu og f\u00e6\u00f0ingu: Br\u00fa\u00f0ir k\u00f6llu\u00f0u \u00e1 hana um styrk, \u00feunga\u00f0ar konur sn\u00e9ru s\u00e9r til Juno Lucina fyrir fars\u00e6la f\u00e6\u00f0ingu, og Matronalia \u00feann fyrsta mars tengdu f\u00f3rnir og b\u00e6nir vi\u00f0 \u00f3sk um verndun fj\u00f6lskyldu og heimilis. \u00deessar athafnir voru taldar nau\u00f0synlegur hluti borgaralegs og heimilislegs l\u00edfs.<\/p><h3>\u00datlit og t\u00e1knm\u00e1l<\/h3><p>Juno er s\u00fdnd sem tignarleg kona \u00ed himneskum kl\u00e6\u00f0um, oft me\u00f0 ennisdj\u00e1sn e\u00f0a k\u00f3r\u00f3nu. P\u00e1fuglinn er heilagt d\u00fdr hennar. Liljur og granatepli eru t\u00e1kn hennar. H\u00fan ber oft veldissprota. Hv\u00edtt og gull eru litir hennar. Vir\u00f0ing og drottinvald sk\u00edna fr\u00e1 henni.<\/p>\t\t\t\t\t\t\t\t<\/div>\n\t\t\t\t<\/div>\n\t\t\t\t\t<\/div>\n\t\t\t\t<\/div>\n\t\t<div class=\"elementor-element elementor-element-44e71476 e-flex e-con-boxed e-con e-parent\" data-id=\"44e71476\" data-element_type=\"container\" data-e-type=\"container\">\n\t\t\t\t\t<div class=\"e-con-inner\">\n\t\t\t\t<div class=\"elementor-element elementor-element-3c1fc3f0 elementor-widget elementor-widget-heading\" data-id=\"3c1fc3f0\" data-element_type=\"widget\" data-e-type=\"widget\" data-widget_type=\"heading.default\">\n\t\t\t\t\t<h2 class=\"elementor-heading-title elementor-size-default\">Skyndil\u00fdsing: Juno<\/h2>\t\t\t\t<\/div>\n\t\t<div class=\"elementor-element elementor-element-84f33b8e e-con-full e-flex e-con e-child\" data-id=\"84f33b8e\" data-element_type=\"container\" data-e-type=\"container\">\n\t\t\t\t<div class=\"elementor-element elementor-element-hqkdc67p elementor-widget elementor-widget-text-editor\" data-id=\"hqkdc67p\" data-element_type=\"widget\" data-e-type=\"widget\" data-widget_type=\"text-editor.default\">\n\t\t\t\t\t\t\t\t\t<p>\u00c6vi\u00e1gripi\u00f0 fjallar um e\u00f0li Jun\u00f3 \u00fat fr\u00e1 sex sj\u00f3narhornum: s\u00f6guleg uppruna hennar og \u00fatbrei\u00f0slu, tilbei\u00f0sluvenjur mismunandi \u00fej\u00f3\u00f0f\u00e9lagsh\u00f3pa, myndr\u00e6nt yfirbrag\u00f0 hennar, tr\u00faarlega merkingu og verndarhlutverk, samanbur\u00f0 vi\u00f0 n\u00e1l\u00e6gar menningarheima og heildaryfirs\u00fdn yfir hlutverk hennar \u00ed hinum r\u00f3mverska heimi.<\/p>\t\t\t\t\t\t\t\t<\/div>\n\t\t\t\t<\/div>\n\t\t<div class=\"elementor-element elementor-element-pemmx7c5 e-con-full e-flex e-con e-child\" data-id=\"pemmx7c5\" data-element_type=\"container\" data-e-type=\"container\">\n\t\t<div class=\"elementor-element elementor-element-pemmx7c1 e-con-full e-flex e-con e-child\" data-id=\"pemmx7c1\" data-element_type=\"container\" data-e-type=\"container\">\n\t\t<div class=\"elementor-element elementor-element-qh9oavvu iwg-steckbrief-card e-flex e-con-boxed e-con e-child\" data-id=\"qh9oavvu\" data-element_type=\"container\" data-e-type=\"container\">\n\t\t\t\t\t<div class=\"e-con-inner\">\n\t\t\t\t<div class=\"elementor-element elementor-element-awzx8k2k elementor-widget elementor-widget-heading\" data-id=\"awzx8k2k\" data-element_type=\"widget\" data-e-type=\"widget\" data-widget_type=\"heading.default\">\n\t\t\t\t\t<div class=\"elementor-heading-title elementor-size-default\">Uppruni Jun\u00f3<\/div>\t\t\t\t<\/div>\n\t\t\t\t<div class=\"elementor-element elementor-element-x6rowhv0 elementor-widget elementor-widget-text-editor\" data-id=\"x6rowhv0\" data-element_type=\"widget\" data-e-type=\"widget\" data-widget_type=\"text-editor.default\">\n\t\t\t\t\t\t\t\t\t<p>Jun\u00f3 hefur ind\u00f3evr\u00f3pskar r\u00e6tur \u00ed himingy\u00f0ju; frum\u00edtalskar tilbei\u00f0sluhef\u00f0ir s\u00fdna umbreytingu fr\u00e1 frj\u00f3semisgy\u00f0ju til verndara konungsvaldsins. Fyrstu v\u00edsbendingar um <span class=\"iwg-fachbegriff\" data-tooltip=\"Heildarsafn tr\u00faarlegra tilbei\u00f0sluathafna fyrir gu\u00f0 e\u00f0a heilaga v\u00e6ttir.\" tabindex=\"0\">d\u00fdrkun<\/span> hennar m\u00e1 rekja til 6. aldar f.Kr.<\/p><p><span class=\"iwg-fachbegriff\" data-tooltip=\"Bygging sem er helgu\u00f0 tilbei\u00f0slu einnar e\u00f0a fleiri gu\u00f0v\u00e6tta.\" tabindex=\"0\">Hofi\u00f0<\/span> \u00e1 Capitolium-h\u00e6\u00f0 (vi\u00f0 hli\u00f0 J\u00fap\u00edters og M\u00ednervu \u00ed hinni kapit\u00f3l\u00ednsku \u00ferenningu) var stofna\u00f0 um 509 f.Kr. Sams\u00f6mun hennar vi\u00f0 etr\u00fasku gy\u00f0juna Uni s\u00fdnir menningarlega saml\u00f6gun \u00ed frums\u00f6gu R\u00f3mar.<\/p>\t\t\t\t\t\t\t\t<\/div>\n\t\t\t\t\t<\/div>\n\t\t\t\t<\/div>\n\t\t<div class=\"elementor-element elementor-element-8e3o4kxs iwg-steckbrief-card e-flex e-con-boxed e-con e-child\" data-id=\"8e3o4kxs\" data-element_type=\"container\" data-e-type=\"container\">\n\t\t\t\t\t<div class=\"e-con-inner\">\n\t\t\t\t<div class=\"elementor-element elementor-element-08rkdgov elementor-widget elementor-widget-heading\" data-id=\"08rkdgov\" data-element_type=\"widget\" data-e-type=\"widget\" data-widget_type=\"heading.default\">\n\t\t\t\t\t<div class=\"elementor-heading-title elementor-size-default\">Tilbi\u00f0jendur Jun\u00f3<\/div>\t\t\t\t<\/div>\n\t\t\t\t<div class=\"elementor-element elementor-element-uwjelx8s elementor-widget elementor-widget-text-editor\" data-id=\"uwjelx8s\" data-element_type=\"widget\" data-e-type=\"widget\" data-widget_type=\"text-editor.default\">\n\t\t\t\t\t\t\t\t\t<p>Jun\u00f3 var \u00e1k\u00f6llu\u00f0 af konum af \u00f6llum stigum, s\u00e9rstaklega eiginkonum og m\u00e6\u00f0rum. <span class=\"iwg-fachbegriff\" data-tooltip=\"Heildarsafn tr\u00faarlegra tilbei\u00f0sluathafna fyrir gu\u00f0 e\u00f0a heilaga v\u00e6ttir.\" tabindex=\"0\">D\u00fdrkun<\/span> matr\u00f3na (Matronalia) var kvennah\u00e1t\u00ed\u00f0 \u00fear sem h\u00fasfreyjur g\u00e1fu amb\u00e1ttum s\u00ednum litlar gjafir. \u00cd yfirst\u00e9ttinni var be\u00f0i\u00f0 til Jun\u00f3 Pronuba vi\u00f0 br\u00fa\u00f0kaup.<\/p><p>\u00deunga\u00f0ar konur \u00e1k\u00f6llu\u00f0u Jun\u00f3 Lucina. \u00cd r\u00edkisd\u00fdrkuninni var Jun\u00f3 \u00e1k\u00f6llu\u00f0 sem drottning og verndargy\u00f0ja r\u00edkisins, hlutverk sem \u00e1 s\u00e9r engan hli\u00f0st\u00e6\u00f0an sess \u00ed go\u00f0afr\u00e6\u00f0ilegri hef\u00f0 annarra gy\u00f0ja.<\/p>\t\t\t\t\t\t\t\t<\/div>\n\t\t\t\t\t<\/div>\n\t\t\t\t<\/div>\n\t\t<div class=\"elementor-element elementor-element-jm2n74ec iwg-steckbrief-card e-flex e-con-boxed e-con e-child\" data-id=\"jm2n74ec\" data-element_type=\"container\" data-e-type=\"container\">\n\t\t\t\t\t<div class=\"e-con-inner\">\n\t\t\t\t<div class=\"elementor-element elementor-element-8vufse4c elementor-widget elementor-widget-heading\" data-id=\"8vufse4c\" data-element_type=\"widget\" data-e-type=\"widget\" data-widget_type=\"heading.default\">\n\t\t\t\t\t<div class=\"elementor-heading-title elementor-size-default\">\u00c1s\u00fdnd<\/div>\t\t\t\t<\/div>\n\t\t\t\t<div class=\"elementor-element elementor-element-mwb9u015 elementor-widget elementor-widget-text-editor\" data-id=\"mwb9u015\" data-element_type=\"widget\" data-e-type=\"widget\" data-widget_type=\"text-editor.default\">\n\t\t\t\t\t\t\t\t\t<p>Jun\u00f3 var s\u00fdnd sem tignarleg, kr\u00fdnd kona, oft kl\u00e6dd peplos e\u00f0a st\u00f3lu (l\u00f6ngum kufli). Au\u00f0kenni hennar eru p\u00e1fuglinn (<span class=\"iwg-fachbegriff\" data-tooltip=\"T\u00e1kn sem stendur fyrir hugmynd e\u00f0a merkingu.\" tabindex=\"0\">t\u00e1kn<\/span> h\u00e9g\u00f3ma og konungd\u00f3ms), h\u00f6fu\u00f0dj\u00e1sni\u00f0 e\u00f0a k\u00f3r\u00f3nan, sprotinn og liljan.<\/p><p>\u00c1 stundum bar h\u00fan einnig kalathos (h\u00e1a k\u00f3r\u00f3nu), s\u00e9rstaklega \u00ed hlutverki s\u00ednu sem Regina. \u00c1 r\u00f3mverskum myntum s\u00e9st h\u00fan setjast \u00ed h\u00e1s\u00e6ti. \u00c1 alt\u00f6rum vi\u00f0 hli\u00f0 J\u00fap\u00edters t\u00e1knar h\u00fan hi\u00f0 heimsfr\u00e6\u00f0ilega samband konungs og drottningar himinsins.<\/p>\t\t\t\t\t\t\t\t<\/div>\n\t\t\t\t\t<\/div>\n\t\t\t\t<\/div>\n\t\t\t\t<\/div>\n\t\t<div class=\"elementor-element elementor-element-pemmx7c2 e-con-full e-flex e-con e-child\" data-id=\"pemmx7c2\" data-element_type=\"container\" data-e-type=\"container\">\n\t\t<div class=\"elementor-element elementor-element-37ss2yr6 iwg-steckbrief-card e-flex e-con-boxed e-con e-child\" data-id=\"37ss2yr6\" data-element_type=\"container\" data-e-type=\"container\">\n\t\t\t\t\t<div class=\"e-con-inner\">\n\t\t\t\t<div class=\"elementor-element elementor-element-3v0wp3wx elementor-widget elementor-widget-heading\" data-id=\"3v0wp3wx\" data-element_type=\"widget\" data-e-type=\"widget\" data-widget_type=\"heading.default\">\n\t\t\t\t\t<div class=\"elementor-heading-title elementor-size-default\">\u00c1hrifasvi\u00f0 Jun\u00f3<\/div>\t\t\t\t<\/div>\n\t\t\t\t<div class=\"elementor-element elementor-element-w3247g2m elementor-widget elementor-widget-text-editor\" data-id=\"w3247g2m\" data-element_type=\"widget\" data-e-type=\"widget\" data-widget_type=\"text-editor.default\">\n\t\t\t\t\t\t\t\t\t<p><strong>\u00c1hrifasvi\u00f0:<\/strong> Jun\u00f3 verndar konur \u00e1 \u00f6llum \u00e6viskei\u00f0um, st\u00falkur, konur og m\u00e6\u00f0ur. H\u00fan fylgir f\u00e6\u00f0ingu, hj\u00f3nabandi, frj\u00f3semi og breytingaskei\u00f0i. H\u00fan er verndari kvenlega hringr\u00e1sarins og f\u00e6\u00f0ingarkraftsins.<\/p><p>J\u00fan\u00edm\u00e1nu\u00f0ur er nefndur eftir henni til a\u00f0 veita br\u00fa\u00f0kaupst\u00edmabilinu <span class=\"iwg-fachbegriff\" data-tooltip=\"\u00c1kall um heill og verndun, oft \u00ed fastri or\u00f0aform\u00falu.\" tabindex=\"0\">blessun<\/span>. \u00cd R\u00f3m er h\u00fan gy\u00f0ja r\u00edkisins og einnig hinnar einkalegu frj\u00f3semi, v\u00e6ttur sem blessar b\u00e6\u00f0i v\u00f6ld og n\u00e1nd.<\/p>\t\t\t\t\t\t\t\t<\/div>\n\t\t\t\t\t<\/div>\n\t\t\t\t<\/div>\n\t\t<div class=\"elementor-element elementor-element-0qpjal9w iwg-steckbrief-card e-flex e-con-boxed e-con e-child\" data-id=\"0qpjal9w\" data-element_type=\"container\" data-e-type=\"container\">\n\t\t\t\t\t<div class=\"e-con-inner\">\n\t\t\t\t<div class=\"elementor-element elementor-element-6ndoih0o elementor-widget elementor-widget-heading\" data-id=\"6ndoih0o\" data-element_type=\"widget\" data-e-type=\"widget\" data-widget_type=\"heading.default\">\n\t\t\t\t\t<div class=\"elementor-heading-title elementor-size-default\">Vernd<\/div>\t\t\t\t<\/div>\n\t\t\t\t<div class=\"elementor-element elementor-element-6684tyh9 elementor-widget elementor-widget-text-editor\" data-id=\"6684tyh9\" data-element_type=\"widget\" data-e-type=\"widget\" data-widget_type=\"text-editor.default\">\n\t\t\t\t\t\t\t\t\t<p>J\u00fan\u00f3 naut <span class=\"iwg-fachbegriff\" data-tooltip=\"B\u00e6narleg e\u00f0a s\u00e6randi \u00e1varp til gu\u00f0s e\u00f0a m\u00e1ttarvalds.\" tabindex=\"0\">\u00e1kalls<\/span> og lotningar, sem verndari og verndarv\u00e6ttur, ekki sem ska\u00f0leg gy\u00f0ja. \u00cd f\u00e6\u00f0ingarhr\u00ed\u00f0um var f\u00f3rna\u00f0 h\u00e6num og v\u00f6kvaf\u00f3rnum. Konur b\u00e1ru verndargripi (bullae) me\u00f0 myndum af J\u00fan\u00f3.<\/p><p><span class=\"iwg-fachbegriff\" data-tooltip=\"Bygging sem \u00fej\u00f3nar tilbei\u00f0slu einnar e\u00f0a fleiri gu\u00f0a.\" tabindex=\"0\">Musteri<\/span> hennar voru gri\u00f0asta\u00f0ir fyrir ofs\u00f3ttar konur. J\u00fan\u00edm\u00e1nu\u00f0ur var henni <span class=\"iwg-fachbegriff\" data-tooltip=\"\u00dea\u00f0 sem tilheyrir hinu gu\u00f0d\u00f3mlega og er \u00fear me\u00f0 teki\u00f0 \u00far daglegri notkun.\" tabindex=\"0\">helgur<\/span>; br\u00fa\u00f0kaup voru frekar haldin \u00ed \u00f6\u00f0rum m\u00e1nu\u00f0um til a\u00f0 \u00f6gra ekki hylli J\u00fan\u00f3. M\u00f3\u00f0ganir vegna \u00f3trygg\u00f0ar e\u00f0a \u00f3hl\u00fd\u00f0ni k\u00f6llu\u00f0u \u00e1 s\u00e1ttarf\u00f3rnir.<\/p>\t\t\t\t\t\t\t\t<\/div>\n\t\t\t\t\t<\/div>\n\t\t\t\t<\/div>\n\t\t<div class=\"elementor-element elementor-element-3lfi7x32 iwg-steckbrief-card e-flex e-con-boxed e-con e-child\" data-id=\"3lfi7x32\" data-element_type=\"container\" data-e-type=\"container\">\n\t\t\t\t\t<div class=\"e-con-inner\">\n\t\t\t\t<div class=\"elementor-element elementor-element-0kg99ga1 elementor-widget elementor-widget-heading\" data-id=\"0kg99ga1\" data-element_type=\"widget\" data-e-type=\"widget\" data-widget_type=\"heading.default\">\n\t\t\t\t\t<div class=\"elementor-heading-title elementor-size-default\">Hli\u00f0st\u00e6\u00f0ur<\/div>\t\t\t\t<\/div>\n\t\t\t\t<div class=\"elementor-element elementor-element-n0fum6kp elementor-widget elementor-widget-text-editor\" data-id=\"n0fum6kp\" data-element_type=\"widget\" data-e-type=\"widget\" data-widget_type=\"text-editor.default\">\n\t\t\t\t\t\t\t\t\t<p>\u00cd gr\u00edskum <span class=\"iwg-fachbegriff\" data-tooltip=\"Hef\u00f0bundin fr\u00e1s\u00f6gn um gu\u00f0i, uppruna og skipan heimsins.\" tabindex=\"0\">go\u00f0s\u00f6gnum<\/span> er Hera n\u00e1nasta hli\u00f0st\u00e6\u00f0an, hj\u00faskapargy\u00f0ja, en me\u00f0 minna r\u00edkisvald. \u00c1 keltnesku sv\u00e6\u00f0i s\u00fdna Matres og Matronae hli\u00f0st\u00e6\u00f0ur vi\u00f0 verndara kvenna. \u00cd germ\u00f6nsku <span class=\"iwg-fachbegriff\" data-tooltip=\"Heildarsafn gu\u00f0a \u00ed tr\u00faarbr\u00f6g\u00f0um e\u00f0a menningu.\" tabindex=\"0\">go\u00f0aheimi<\/span> samsvarar Frigg, eiginkona \u00d3\u00f0ins, a\u00f0 hluta hlutverki Jun\u00f3. Indverska Lakshmi deilir me\u00f0 Jun\u00f3 velmegun og <span class=\"iwg-fachbegriff\" data-tooltip=\"Ath\u00f6fnin sem veitir blessun.\" tabindex=\"0\">blessun<\/span> heimila.<\/p>\t\t\t\t\t\t\t\t<\/div>\n\t\t\t\t\t<\/div>\n\t\t\t\t<\/div>\n\t\t\t\t<\/div>\n\t\t\t\t<\/div>\n\t\t\t\t\t<\/div>\n\t\t\t\t<\/div>\n\t\t<div class=\"elementor-element elementor-element-5a584676 e-flex e-con-boxed e-con e-parent\" data-id=\"5a584676\" data-element_type=\"container\" data-e-type=\"container\">\n\t\t\t\t\t<div class=\"e-con-inner\">\n\t\t\t\t<div class=\"elementor-element elementor-element-6d0757bf elementor-widget elementor-widget-heading\" data-id=\"6d0757bf\" data-element_type=\"widget\" data-e-type=\"widget\" data-widget_type=\"heading.default\">\n\t\t\t\t\t<h2 class=\"elementor-heading-title elementor-size-default\">Jun\u00f3, hli\u00f0st\u00e6\u00f0ur \u00ed \u00f6\u00f0rum menningarheimum<\/h2>\t\t\t\t<\/div>\n\t\t<div class=\"elementor-element elementor-element-60563f68 e-con-full e-flex e-con e-child\" data-id=\"60563f68\" data-element_type=\"container\" data-e-type=\"container\">\n\t\t\t\t<div class=\"elementor-element elementor-element-5a93fdd6 elementor-widget elementor-widget-text-editor\" data-id=\"5a93fdd6\" data-element_type=\"widget\" data-e-type=\"widget\" data-widget_type=\"text-editor.default\">\n\t\t\t\t\t\t\t\t\t<p>Jun\u00f3 samsvarar gr\u00edsku Heru, en tekur \u00ed r\u00f3mverska <span class=\"iwg-fachbegriff\" data-tooltip=\"Heildarsafn gu\u00f0a \u00ed tr\u00faarbr\u00f6g\u00f0um e\u00f0a menningu.\" tabindex=\"0\">go\u00f0aheiminum<\/span> \u00e1 sig aukalegt verndarhlutverk fyrir hj\u00f3naband, f\u00e6\u00f0ingu og borgarbandalagi\u00f0. Sams\u00f6mun hennar vi\u00f0 etr\u00fasku Uni og p\u00fanversku Tanit-Astarte s\u00fdnir hvernig <span class=\"iwg-fachbegriff\" data-tooltip=\"Heildarsafn tr\u00faarlegra tilbei\u00f0sluathafna fyrir gu\u00f0 e\u00f0a heilaga v\u00e6ttir.\" tabindex=\"0\">d\u00fdrkun<\/span> Jun\u00f3 t\u00f3k upp \u00ed sig a\u00f0rar helstu gy\u00f0jur Mi\u00f0jar\u00f0arhafssv\u00e6\u00f0isins.<\/p>\n<p><p><strong>Hef\u00f0 J\u00fadaisma:<\/strong> \u00cd hebresku bibl\u00edunni er engin bein gy\u00f0ja hj\u00f3nabandsins vi\u00f0 hli\u00f0 JHVH. Viskan (Chokhma) er sett \u00ed kvenlegt gervi, en er ekki eiginkona Gu\u00f0s. <span class=\"iwg-fachbegriff\" data-tooltip=\"Umskiptat\u00edmabil milli fornaldar og mi\u00f0alda, um 3. til 7. \u00f6ld.\" tabindex=\"0\">S\u00ed\u00f0fornaldar<\/span>saml\u00f6gun me\u00f0al hellen\u00edskra Gy\u00f0inga s\u00fdnir st\u00f6k tilvik a\u00f0l\u00f6gunar, en enga stofnanabundna Jun\u00f3-tilbei\u00f0slu.<\/p><p><strong>Gr\u00edsk-r\u00f3mverski heimurinn:<\/strong> Hera er hli\u00f0st\u00e6\u00f0a Jun\u00f3, en \u00ed gr\u00edskri <span class=\"iwg-fachbegriff\" data-tooltip=\"Heildarsafn hef\u00f0bundinna go\u00f0sagna \u00ed menningu.\" tabindex=\"0\">go\u00f0afr\u00e6\u00f0i<\/span> hefur h\u00fan minni v\u00f6ld \u00ed r\u00edkism\u00e1lefnum. Samruni gy\u00f0janna tveggja undir r\u00f3mverskri stj\u00f3rn skapa\u00f0i blendna myndhef\u00f0. A\u00feena h\u00e9lt hlutverki s\u00ednu sem verndargy\u00f0ja r\u00edkisins samhli\u00f0a Jun\u00f3\/Heru.<\/p><p><strong>Mes\u00f3p\u00f3tam\u00eda:<\/strong> Innanna\/Ishtar er gy\u00f0ja \u00e1star og str\u00ed\u00f0s, en ekki fyrst og fremst hj\u00f3nabandsins. Namtar og a\u00f0rar gy\u00f0jur deila einst\u00f6kum hlutverkum, en engin \u00feeirra gegnir hlutverki eiginkonu konungsins me\u00f0 sama h\u00e6tti og Jun\u00f3 \u00ed r\u00f3mverskri r\u00edkisd\u00fdrkun.<\/p><p><strong>Indland\/As\u00eda:<\/strong> Lakshmi er eiginkona Vishn\u00fa, en deilir ekki lagalegum og r\u00edkisbundnum verndarhlutverkum Jun\u00f3. Parvati \u00ed hlutverki s\u00ednu sem eiginkona Shiva s\u00fdnir skipulagslegar hli\u00f0st\u00e6\u00f0ur menningarlega, en \u00e1n beinnar tengingar. \u00cd frumb\u00faddisma er engin hli\u00f0st\u00e6\u00f0a.<\/p>\t\t\t\t\t\t\t\t<\/div>\n\t\t\t\t<\/div>\n\t\t\t\t\t<\/div>\n\t\t\t\t<\/div>\n\t\t<div class=\"elementor-element elementor-element-cp6f78b5b e-flex e-con-boxed e-con e-parent\" data-id=\"cp6f78b5b\" data-element_type=\"container\" data-e-type=\"container\">\n\t\t\t\t\t<div class=\"e-con-inner\">\n\t\t\t\t<div class=\"elementor-element elementor-element-cp1ec1851 elementor-widget elementor-widget-heading\" data-id=\"cp1ec1851\" data-element_type=\"widget\" data-e-type=\"widget\" data-widget_type=\"heading.default\">\n\t\t\t\t\t<h2 class=\"elementor-heading-title elementor-size-default\">Kapit\u00f3l\u00ednska \u00ferenningin og Jun\u00f3 Regina<\/h2>\t\t\t\t<\/div>\n\t\t<div class=\"elementor-element elementor-element-cp89c84b3 e-con-full e-flex e-con e-child\" data-id=\"cp89c84b3\" data-element_type=\"container\" data-e-type=\"container\">\n\t\t\t\t<div class=\"elementor-element elementor-element-cp257098b elementor-widget elementor-widget-text-editor\" data-id=\"cp257098b\" data-element_type=\"widget\" data-e-type=\"widget\" data-widget_type=\"text-editor.default\">\n\t\t\t\t\t\t\t\t\t<p>Juno tilheyrir hinni kap\u00edt\u00f3l\u00ednsku \u00ferenningu, hinni mi\u00f0l\u00e6gu gu\u00f0a\u00ferenningu \u00ed r\u00f3mverskri r\u00edkistr\u00fa, \u00e1samt J\u00fap\u00edter og M\u00ednervu. \u00c1 Kap\u00edt\u00f3lh\u00e6\u00f0inni st\u00f3\u00f0 fr\u00e1 d\u00f6gum l\u00fd\u00f0veldisins hi\u00f0 sameiginlega <span class=\"iwg-fachbegriff\" data-tooltip=\"Bygging sem er notu\u00f0 til a\u00f0 tilbi\u00f0ja eina e\u00f0a fleiri gu\u00f0ir.\" tabindex=\"0\">hof<\/span> \u00feeirra, \u00fear sem hver <span class=\"iwg-fachbegriff\" data-tooltip=\"Vera sem er tilbe\u00f0in sem gu\u00f0leg innan tr\u00faarbrag\u00f0a.\" tabindex=\"0\">gu\u00f0<\/span> haf\u00f0i s\u00edna eigin <em>cella<\/em>.<\/p><p>\u00cd \u00feessu samhengi er Juno \u00e1v\u00f6rpu\u00f0 sem <em>Iuno Regina<\/em>, drottningin, eiginkona hins \u00e6\u00f0sta r\u00edkisgu\u00f0s. \u00derenningin \u00e1tti s\u00e9r etr\u00faska fyrirrennara, og fr\u00e6\u00f0imenn telja l\u00edklegt a\u00f0 \u00ferenningin Tinia, Uni og Menrva hafi veri\u00f0 fyrirmyndin.<\/p><p>Juno Regina \u00e1tti \u00fe\u00f3 einnig eigi\u00f0 <span class=\"iwg-fachbegriff\" data-tooltip=\"Bygging sem er notu\u00f0 til a\u00f0 tilbi\u00f0ja eina e\u00f0a fleiri gu\u00f0ir.\" tabindex=\"0\">hof<\/span> \u00e1 Avent\u00edn-h\u00e6\u00f0inni. Samkv\u00e6mt <span class=\"iwg-fachbegriff\" data-tooltip=\"Mi\u00f0lun \u00feekkingar og fr\u00e1sagna kynsl\u00f3\u00f0 eftir kynsl\u00f3\u00f0.\" tabindex=\"0\">munnm\u00e6lum<\/span> var <span class=\"iwg-fachbegriff\" data-tooltip=\"Heild tr\u00faarathafna til d\u00fdrkunar \u00e1 gu\u00f0i e\u00f0a heilagri veru.\" tabindex=\"0\">d\u00fdrkun<\/span> hennar flutt til R\u00f3mar fr\u00e1 hinni sigru\u00f0u borg Veii me\u00f0 <em>evocatio<\/em>: \u00c1\u00f0ur en etr\u00faska borgin var tekin \u00e1 hersh\u00f6f\u00f0inginn Camillus a\u00f0 hafa h\u00e1t\u00ed\u00f0lega be\u00f0i\u00f0 borgargu\u00f0inn Juno \u00fear um a\u00f0 yfirgefa fyrri b\u00fasetu s\u00edna og flytjast til R\u00f3mar.<\/p><p>\u00deessi fr\u00e1s\u00f6gn, var\u00f0veitt hj\u00e1 Livius, er mikilv\u00e6g vitnisbur\u00f0ur um r\u00f3mverska skilninginn \u00e1 \u00fev\u00ed a\u00f0 h\u00e6gt v\u00e6ri a\u00f0 flytja verndargo\u00f0 milli sta\u00f0a.<\/p><p>Sem <em>Regina<\/em> t\u00f3k Juno einnig \u00e1 m\u00f3ti r\u00edkisheitum \u00e1 kr\u00edsut\u00edmum. Fornar heimildir greina \u00edtreka\u00f0 fr\u00e1 s\u00e9rst\u00f6kum ath\u00f6fnum, svo sem skr\u00fa\u00f0g\u00f6ngum og f\u00f3rnargj\u00f6fum, sem fyrirskipa\u00f0ar voru Juno til handa eftir fyrirbo\u00f0a e\u00f0a herna\u00f0arlegar h\u00f3tanir.<\/p><p>Sta\u00f0a hennar \u00ed \u00ferenningunni s\u00fdnir a\u00f0 Juno var \u00ed r\u00f3mversku kerfinu langt umfram hlutverk eiginkonu J\u00fap\u00edters: h\u00fan var sj\u00e1lfst\u00e6\u00f0 st\u00e6r\u00f0 \u00ed r\u00edkistr\u00fanni, me\u00f0 eigin <span class=\"iwg-fachbegriff\" data-tooltip=\"Heilagur sta\u00f0ur sem er helga\u00f0ur d\u00fdrkun gu\u00f0s.\" tabindex=\"0\">helgista\u00f0<\/span>, eigin prestast\u00e9tt og eigin h\u00e1t\u00ed\u00f0um.<\/p>\t\t\t\t\t\t\t\t<\/div>\n\t\t\t\t<\/div>\n\t\t\t\t\t<\/div>\n\t\t\t\t<\/div>\n\t\t<div class=\"elementor-element elementor-element-cp1f2bcee e-flex e-con-boxed e-con e-parent\" data-id=\"cp1f2bcee\" data-element_type=\"container\" data-e-type=\"container\">\n\t\t\t\t\t<div class=\"e-con-inner\">\n\t\t\t\t<div class=\"elementor-element elementor-element-cpfce93ea elementor-widget elementor-widget-heading\" data-id=\"cpfce93ea\" data-element_type=\"widget\" data-e-type=\"widget\" data-widget_type=\"heading.default\">\n\t\t\t\t\t<h2 class=\"elementor-heading-title elementor-size-default\">Juno Moneta og uppruni peningakerfisins<\/h2>\t\t\t\t<\/div>\n\t\t<div class=\"elementor-element elementor-element-cp065f560 e-con-full e-flex e-con e-child\" data-id=\"cp065f560\" data-element_type=\"container\" data-e-type=\"container\">\n\t\t\t\t<div class=\"elementor-element elementor-element-cp7474d15 elementor-widget elementor-widget-text-editor\" data-id=\"cp7474d15\" data-element_type=\"widget\" data-e-type=\"widget\" data-widget_type=\"text-editor.default\">\n\t\t\t\t\t\t\t\t\t<p>Eitt af \u00feekktustu tignarheitum Juno er <em>Moneta<\/em>. <span class=\"iwg-fachbegriff\" data-tooltip=\"Bygging sem er notu\u00f0 til a\u00f0 tilbi\u00f0ja eina e\u00f0a fleiri gu\u00f0ir.\" tabindex=\"0\">Hof<\/span> hennar st\u00f3\u00f0 \u00e1 Arx, nor\u00f0urhluta Kap\u00edt\u00f3lh\u00e6\u00f0ar, og var samkv\u00e6mt <span class=\"iwg-fachbegriff\" data-tooltip=\"Mi\u00f0lun \u00feekkingar og fr\u00e1sagna kynsl\u00f3\u00f0 eftir kynsl\u00f3\u00f0.\" tabindex=\"0\">munnm\u00e6lum<\/span> <span class=\"iwg-fachbegriff\" data-tooltip=\"Helga\u00f0 hinu heilaga me\u00f0 tr\u00faarath\u00f6fn og \u00fear me\u00f0 teki\u00f0 \u00far hinu hversdagslega.\" tabindex=\"0\">helga\u00f0<\/span> \u00e1ri\u00f0 344 f.Kr. Vi\u00f0 \u00feennan <span class=\"iwg-fachbegriff\" data-tooltip=\"Heilagur sta\u00f0ur sem er helga\u00f0ur d\u00fdrkun gu\u00f0s.\" tabindex=\"0\">helgista\u00f0<\/span> tengist ein af afdrifar\u00edkustu hugtakas\u00f6gum <span class=\"iwg-fachbegriff\" data-tooltip=\"T\u00edmabil gr\u00edskrar og r\u00f3mverskrar menningar, um 800 f.Kr. til 600 e.Kr.\" tabindex=\"0\">fornaldar<\/span>: Innan hofsv\u00e6\u00f0is Juno Moneta, e\u00f0a \u00ed n\u00e1nasta n\u00e1grenni \u00feess, var r\u00f3mverska myntsl\u00e1ttan sta\u00f0sett.<\/p><p>Af tignarheitinu <em>Moneta<\/em> er dregi\u00f0 latneska or\u00f0i\u00f0 fyrir mynt og \u00fear me\u00f0 n\u00fat\u00edmaor\u00f0in money, monnaie og \u00f6nnur skyld or\u00f0.<\/p><p>Merking tignarheitisins sj\u00e1lfs er umdeild. Sk\u00fdring sem var \u00fatbreidd \u00ed <span class=\"iwg-fachbegriff\" data-tooltip=\"T\u00edmabil gr\u00edskrar og r\u00f3mverskrar menningar, um 800 f.Kr. til 600 e.Kr.\" tabindex=\"0\">forn\u00f6ld<\/span> tengdi \u00fea\u00f0 s\u00f6gninni <em>monere<\/em>, a\u00f0 vara vi\u00f0 e\u00f0a \u00e1minna.<\/p><p>Vi\u00f0 \u00feetta fellur sagan um heilagar g\u00e6sir Juno, sem voru haldnar \u00e1 Arx og eiga me\u00f0 gargi s\u00ednu a\u00f0 hafa vara\u00f0 varnarli\u00f0i\u00f0 vi\u00f0 n\u00e6tur\u00e1r\u00e1s Gallanna. Hvort \u00feessi or\u00f0sifjask\u00fdring standist m\u00e1lfr\u00e6\u00f0ilega er \u00f3lj\u00f3st; sumir fr\u00e6\u00f0imenn hafa a\u00f0rar tilg\u00e1tur um uppruna or\u00f0sins. Fr\u00e6\u00f0imenn r\u00e6\u00f0a \u00feessa spurningu enn \u00ed dag \u00e1n \u00feess a\u00f0 komast a\u00f0 lokani\u00f0urst\u00f6\u00f0u.<\/p><p>Tr\u00faarfr\u00e6\u00f0ilega \u00e1hugavert er hi\u00f0 n\u00e1na samband <span class=\"iwg-fachbegriff\" data-tooltip=\"Heilagur sta\u00f0ur sem er helga\u00f0ur d\u00fdrkun gu\u00f0s.\" tabindex=\"0\">helgista\u00f0ar<\/span> og r\u00edkisfj\u00e1rm\u00e1lastj\u00f3rnar. A\u00f0 myntsl\u00e1tta r\u00edkisins skyldi vera sta\u00f0sett \u00e1 sv\u00e6\u00f0i Juno-hofs fellur a\u00f0 r\u00f3mversku mynstri \u00feess a\u00f0 setja efnahagslega og stj\u00f3rns\u00fdslulega starfsemi undir gu\u00f0lega vernd.<\/p><p>Juno Moneta tengdi \u00feannig hugmyndina um gu\u00f0lega vi\u00f0v\u00f6run vi\u00f0 \u00e1rei\u00f0anleika r\u00edkisgjaldmi\u00f0ilsins. Tengingin var svo sterk a\u00f0 h\u00fan lif\u00f0i af upprunalega tr\u00faarlega merkingu tignarheitisins og hefur enn \u00e1hrif \u00ed hugtakas\u00f6gu peninga.<\/p>\t\t\t\t\t\t\t\t<\/div>\n\t\t\t\t<\/div>\n\t\t\t\t\t<\/div>\n\t\t\t\t<\/div>\n\t\t<div class=\"elementor-element elementor-element-cpfac58b8 e-flex e-con-boxed e-con e-parent\" data-id=\"cpfac58b8\" data-element_type=\"container\" data-e-type=\"container\">\n\t\t\t\t\t<div class=\"e-con-inner\">\n\t\t\t\t<div class=\"elementor-element elementor-element-cpbca2a57 elementor-widget elementor-widget-heading\" data-id=\"cpbca2a57\" data-element_type=\"widget\" data-e-type=\"widget\" data-widget_type=\"heading.default\">\n\t\t\t\t\t<h2 class=\"elementor-heading-title elementor-size-default\">Juno og kvenlegt l\u00edf: Lucina, Sospita, Matronalia<\/h2>\t\t\t\t<\/div>\n\t\t<div class=\"elementor-element elementor-element-cpd7729e7 e-con-full e-flex e-con e-child\" data-id=\"cpd7729e7\" data-element_type=\"container\" data-e-type=\"container\">\n\t\t\t\t<div class=\"elementor-element elementor-element-cp04c37e1 elementor-widget elementor-widget-text-editor\" data-id=\"cp04c37e1\" data-element_type=\"widget\" data-e-type=\"widget\" data-widget_type=\"text-editor.default\">\n\t\t\t\t\t\t\t\t\t<p>Auk hlutverks s\u00edns \u00ed r\u00edkinu var J\u00fan\u00f3 (Juno) gy\u00f0jan sem fylgdi r\u00f3mverskum konum \u00ed gegnum l\u00edfi\u00f0. \u00cd mynd <em>Iuno Lucina<\/em> var h\u00fan verndargy\u00f0ja f\u00e6\u00f0ingar; <span class=\"iwg-fachbegriff\" data-tooltip=\"Bygging sem er notu\u00f0 til d\u00fdrkunar \u00e1 einni e\u00f0a fleiri gu\u00f0um.\" tabindex=\"0\">hof<\/span> hennar \u00e1 Esquilinum var tali\u00f0 eldri stofnun.<\/p><p>\u00deetta vi\u00f0urnefni var \u00e1 <span class=\"iwg-fachbegriff\" data-tooltip=\"T\u00edmabil gr\u00edskrar og r\u00f3mverskrar menningar, um 800 f.Kr. til 600 e.Kr.\" tabindex=\"0\">forn\u00f6ld<\/span> tengt or\u00f0inu <em>lux<\/em>, lj\u00f3sinu, \u00feannig a\u00f0 v\u00edsa\u00f0 var til \u00feess a\u00f0 barni\u00f0 k\u00e6mi fram \u00ed lj\u00f3si\u00f0. \u00deunga\u00f0ar konur og s\u00e6ngurkonur leitu\u00f0u til J\u00fan\u00f3 Lucina, og heit um hj\u00e1lp vi\u00f0 f\u00e6\u00f0ingu heyr\u00f0u einnig undir hana.<\/p><p>\u00cd Lanuvium, borg fyrir sunnan R\u00f3m, var J\u00fan\u00f3 d\u00fdrku\u00f0 sem <em>Iuno Sospita<\/em>, bjargv\u00e6tturin e\u00f0a hj\u00e1lparinn. <span class=\"iwg-fachbegriff\" data-tooltip=\"Myndlist af gu\u00f0i sem er d\u00fdrku\u00f0 \u00ed hofi e\u00f0a helgista\u00f0.\" tabindex=\"0\">D\u00fdrlingsmynd<\/span> hennar s\u00fdndi hana herna\u00f0arlega, me\u00f0 geitaskinn, spj\u00f3t og skj\u00f6ld, ger\u00f0 sem var greinilega \u00f3l\u00edk hinni r\u00f3legu drottningu.<\/p><p>Eftir a\u00f0 Lanuvium var innlimu\u00f0 t\u00f3k R\u00f3m \u00feessa <span class=\"iwg-fachbegriff\" data-tooltip=\"Heild tr\u00faarlegra d\u00fdrkunara\u00f0ger\u00f0a fyrir gu\u00f0 e\u00f0a heilaga veru.\" tabindex=\"0\">d\u00fdrkun<\/span> yfir, og r\u00f3mverskir r\u00e6\u00f0ismenn f\u00e6r\u00f0u \u00fear reglulega f\u00f3rnir. Fr\u00e6\u00f0imenn l\u00edta \u00e1 J\u00fan\u00f3 Sospita sem gott d\u00e6mi um hvernig sta\u00f0bundnar \u00edtalskar J\u00fan\u00f3ur me\u00f0 eigin einkenni voru felldar inn \u00ed r\u00f3mverska kerfi\u00f0.<\/p><p>Mikilv\u00e6gasta h\u00e1t\u00ed\u00f0 kvenna var <em>Matronalia<\/em> 1. mars, afm\u00e6lisdagur hofs J\u00fan\u00f3 Lucina. \u00c1 \u00feessum degi b\u00e6nu\u00f0u giftar konur fyrir fars\u00e6lu hj\u00f3nabandi, fengu gjafir fr\u00e1 eiginm\u00f6nnum s\u00ednum og f\u00e6r\u00f0u J\u00fan\u00f3 gjafir. Auk \u00feess var haldin <em>Nonae Caprotinae<\/em> \u00ed j\u00fal\u00ed, \u00fear sem \u00fer\u00e6lkonur t\u00f3ku einnig \u00fe\u00e1tt.<\/p><p>\u00deessar h\u00e1t\u00ed\u00f0ir s\u00fdna a\u00f0 J\u00fan\u00f3 var \u00ed daglegu l\u00edfi fyrst og fremst upplifu\u00f0 sem verndarm\u00e1tt hj\u00f3nabands, f\u00e6\u00f0ingar og l\u00edfsferils kvenna.<\/p><p>Gu\u00f0fr\u00e6\u00f0ingurinn Georg Wissowa og s\u00ed\u00f0ari fr\u00e6\u00f0imenn hafa dregi\u00f0 \u00fe\u00e1 \u00e1lyktun af fj\u00f6lda vi\u00f0urnefna hennar a\u00f0 \u00e1 bak vi\u00f0 hina einu J\u00fan\u00f3 hafi upphaflega sta\u00f0i\u00f0 nokkrar sta\u00f0bundnar gy\u00f0jur, sem r\u00f3mversk <span class=\"iwg-fachbegriff\" data-tooltip=\"Heild tr\u00faarlegra d\u00fdrkunara\u00f0ger\u00f0a fyrir gu\u00f0 e\u00f0a heilaga veru.\" tabindex=\"0\">d\u00fdrkun<\/span> tengdi saman \u00ed eina veru me\u00f0 m\u00f6rgum hlutverkum.<\/p>\t\t\t\t\t\t\t\t<\/div>\n\t\t\t\t<\/div>\n\t\t\t\t\t<\/div>\n\t\t\t\t<\/div>\n\t\t<div class=\"elementor-element elementor-element-cp0ebb171 e-flex e-con-boxed e-con e-parent\" data-id=\"cp0ebb171\" data-element_type=\"container\" data-e-type=\"container\">\n\t\t\t\t\t<div class=\"e-con-inner\">\n\t\t\t\t<div class=\"elementor-element elementor-element-cpd857806 elementor-widget elementor-widget-heading\" data-id=\"cpd857806\" data-element_type=\"widget\" data-e-type=\"widget\" data-widget_type=\"heading.default\">\n\t\t\t\t\t<h2 class=\"elementor-heading-title elementor-size-default\">Rei\u00f0i J\u00fan\u00f3 \u00ed Eneasarkvi\u00f0u<\/h2>\t\t\t\t<\/div>\n\t\t<div class=\"elementor-element elementor-element-cp87920c3 e-con-full e-flex e-con e-child\" data-id=\"cp87920c3\" data-element_type=\"container\" data-e-type=\"container\">\n\t\t\t\t<div class=\"elementor-element elementor-element-cpa758466 elementor-widget elementor-widget-text-editor\" data-id=\"cpa758466\" data-element_type=\"widget\" data-e-type=\"widget\" data-widget_type=\"text-editor.default\">\n\t\t\t\t\t\t\t\t\t<p>\u00c1hrifamesta b\u00f3kmenntalega l\u00fdsingin \u00e1 J\u00fan\u00f3 kemur \u00far <em>Eneasarkvi\u00f0u<\/em> Virgils. \u00dear er h\u00fan drifkraftur andst\u00f6\u00f0unnar gegn Eneasi og stofnun R\u00f3mar. \u00deegar \u00ed upphafi verksins er nefnt hi\u00f0 \u00f3sl\u00edtanlega gremja hennar, og hi\u00f0 fr\u00e6ga or\u00f0atilt\u00e6ki um t\u00e1r hlutanna \u00e1 s\u00e9r r\u00e6tur \u00ed \u00feessu \u00feema.<\/p><p>J\u00fan\u00f3 eltir Tr\u00f3jumenn um land og haf, \u00fev\u00ed a\u00f0 nokkrar ni\u00f0url\u00e6gingar lifa \u00e1fram \u00ed henni: d\u00f3mur Par\u00edsar, brottn\u00e1m Gan\u00fdmedesar og vitneskjan um a\u00f0 Kar\u00feag\u00f3, borgin sem h\u00fan elska\u00f0i mest, myndi s\u00ed\u00f0ar ver\u00f0a ey\u00f0il\u00f6g\u00f0 af R\u00f3m.<\/p><p>J\u00fan\u00f3 gr\u00edpur \u00edtreka\u00f0 inn \u00ed atbur\u00f0ar\u00e1sina. H\u00fan f\u00e6r vindagu\u00f0inn E\u00f3lus til a\u00f0 senda storm gegn flota Eneasar. H\u00fan \u00fdtir undir samband Eneasar og D\u00edd\u00f3 til a\u00f0 draga hetjuna fr\u00e1 skyldu sinni. \u00cd seinni hluta verksins kveikir h\u00fan, me\u00f0 hj\u00e1lp hefndargy\u00f0junnar Allekt\u00f3, str\u00ed\u00f0i\u00f0 \u00ed Lat\u00edum.<\/p><p>A\u00f0eins undir lok verksins, \u00ed samtali vi\u00f0 J\u00fap\u00edter, l\u00e6tur h\u00fan af m\u00f3tspyrnu sinni, en me\u00f0 einu skilyr\u00f0i: nafn Tr\u00f3jumanna skuli renna saman vi\u00f0 hina n\u00fdju \u00fej\u00f3\u00f0, og tungum\u00e1l og si\u00f0ir Lat\u00edums skuli halda velli.<\/p><p>\u00deessi b\u00f3kmenntalega J\u00fan\u00f3 er ekki einfaldlega s\u00fa sama og d\u00fdrkunargy\u00f0jan. Virgill vinnur \u00far eldri ep\u00edskum fyrirmyndum, s\u00e9rstaklega Heru \u00far h\u00f3merskum kve\u00f0skap, og gerir J\u00fan\u00f3 a\u00f0 \u00edmynd hins s\u00f6gulega vi\u00f0n\u00e1ms sem ver\u00f0ur a\u00f0 yfirst\u00edga, en einnig a\u00f0 s\u00e6ttast vi\u00f0.<\/p><p>V\u00edsindalega \u00e1hugavert er lokaskilyr\u00f0i\u00f0: \u00fea\u00f0 bindur saman \u00e1g\u00fast\u00ednska t\u00falkun \u00feess efnis a\u00f0 R\u00f3mar spretti upp \u00far s\u00e1tt hins erlenda og hins innlenda, og a\u00f0 J\u00fan\u00f3 sj\u00e1lf ver\u00f0i verndarm\u00e1tt hinnar sameinu\u00f0u \u00fej\u00f3\u00f0ar. <em>Eneasarkvi\u00f0a<\/em> hefur \u00feannig m\u00f3ta\u00f0 mynd af rei\u00f0ri, en a\u00f0 lokum s\u00e1ttf\u00fasri J\u00fan\u00f3, sem hefur haft meiri \u00e1hrif \u00e1 s\u00ed\u00f0ari t\u00falkun en einstakar d\u00fdrkunarheimildir.<\/p>\t\t\t\t\t\t\t\t<\/div>\n\t\t\t\t<\/div>\n\t\t\t\t\t<\/div>\n\t\t\t\t<\/div>\n\t\t<div class=\"elementor-element elementor-element-cp57f7e5e e-flex e-con-boxed e-con e-parent\" data-id=\"cp57f7e5e\" data-element_type=\"container\" data-e-type=\"container\">\n\t\t\t\t\t<div class=\"e-con-inner\">\n\t\t\t\t<div class=\"elementor-element elementor-element-cp01ee001 elementor-widget elementor-widget-heading\" data-id=\"cp01ee001\" data-element_type=\"widget\" data-e-type=\"widget\" data-widget_type=\"heading.default\">\n\t\t\t\t\t<h2 class=\"elementor-heading-title elementor-size-default\">J\u00fan\u00f3-andinn og or\u00f0sifjar nafnsins<\/h2>\t\t\t\t<\/div>\n\t\t<div class=\"elementor-element elementor-element-cp2d54751 e-con-full e-flex e-con e-child\" data-id=\"cp2d54751\" data-element_type=\"container\" data-e-type=\"container\">\n\t\t\t\t<div class=\"elementor-element elementor-element-cpf6a9e00 elementor-widget elementor-widget-text-editor\" data-id=\"cpf6a9e00\" data-element_type=\"widget\" data-e-type=\"widget\" data-widget_type=\"text-editor.default\">\n\t\t\t\t\t\t\t\t\t<p>S\u00e9rkennileg hugmynd \u00ed r\u00f3mverskum tr\u00faarbr\u00f6g\u00f0um tengir J\u00fan\u00f3 vi\u00f0 pers\u00f3nulegan verndaranda konunnar. \u00c1 me\u00f0an hver karlma\u00f0ur haf\u00f0i sinn <em>Genius<\/em>, fylgjandi gu\u00f0legan kraft tengdan f\u00e6\u00f0ingardegi hans og frj\u00f3semi, haf\u00f0i hver kona s\u00edna <em>Iuno<\/em>. \u00deessi pers\u00f3nulega J\u00fan\u00f3 var d\u00fdrku\u00f0 \u00e1 f\u00e6\u00f0ingardegi konunnar.<\/p><p>Hli\u00f0st\u00e6\u00f0an milli Genius og J\u00fan\u00f3 bendir til \u00feess a\u00f0 nafni\u00f0 J\u00fan\u00f3 hafi veri\u00f0 n\u00e1tengt l\u00edfs\u00fer\u00f3tti og upphafi l\u00edfsins.<\/p><p>H\u00e9r kemur or\u00f0sifjafr\u00e6\u00f0in til. \u00datbreidd t\u00falkun \u00ed fr\u00e6\u00f0unum tengir nafni\u00f0 <em>Iuno<\/em> vi\u00f0 ind\u00f3evr\u00f3pska r\u00f3t sem merkir l\u00edfs\u00fer\u00f3tt e\u00f0a unglegan kraft, sem einnig m\u00e1 finna \u00ed latneska or\u00f0inu <em>iuvenis<\/em>, hinn ungi.<\/p><p>J\u00fan\u00f3 hef\u00f0i \u00fe\u00e1 upphaflega veri\u00f0 m\u00e1tturinn \u00ed unglegum l\u00edfs\u00fer\u00f3tti, sem myndi b\u00e6\u00f0i samr\u00e6mast hlutverki hennar sem pers\u00f3nulegs verndaranda konunnar og \u00e1byrg\u00f0 hennar \u00e1 f\u00e6\u00f0ingu og hj\u00f3nabandi. \u00deessi \u00fatlei\u00f0sla er ekki fullkomlega sta\u00f0fest, en h\u00fan er talin l\u00edklegust.<\/p><p>Nafn m\u00e1na\u00f0arins j\u00fan\u00ed er einnig hef\u00f0bundi\u00f0 raki\u00f0 til J\u00fan\u00f3, \u00fe\u00f3tt fornir h\u00f6fundar hafi veri\u00f0 \u00e1 b\u00e1\u00f0um \u00e1ttum og sumir lagt til aflei\u00f0slu af <em>iuniores<\/em>, hinum yngri borgurum. \u00deessi \u00f3vissa er d\u00e6miger\u00f0: jafnvel r\u00f3mverskir fr\u00e6\u00f0imenn s\u00ed\u00f0l\u00fd\u00f0veldist\u00edmans og keisarat\u00edmans, eins og Varr\u00f3, s\u00f6fnu\u00f0u saman samkeppnandi \u00fatsk\u00fdringum \u00e1n \u00feess a\u00f0 taka afst\u00f6\u00f0u.<\/p><p>Fyrir n\u00fat\u00edma <span class=\"iwg-fachbegriff\" data-tooltip=\"V\u00edsindin sem rannsaka tr\u00faarbr\u00f6g\u00f0 samanbur\u00f0arlega og \u00e1n tr\u00faarlegrar skuldbindingar.\" tabindex=\"0\">tr\u00faarbrag\u00f0afr\u00e6\u00f0i<\/span> er \u00feessi margbreytileiki einmitt \u00e1hugaver\u00f0ur. J\u00fan\u00f3 birtist sem <span class=\"iwg-fachbegriff\" data-tooltip=\"Vera sem er d\u00fdrku\u00f0 sem gu\u00f0leg innan tr\u00faarbrag\u00f0a.\" tabindex=\"0\">gu\u00f0leg vera<\/span> \u00fear sem nafn, hlutverk og vi\u00f0urnefni \u00fe\u00e9ttust saman \u00ed gegnum aldirnar \u00far m\u00f6rgum \u00e1ttum, fr\u00e1 pers\u00f3nulegum l\u00edfs\u00fer\u00f3tti einstakra kvenna til drottningar r\u00edkisd\u00fdrkunarins \u00e1 Kap\u00edt\u00f3lh\u00e6\u00f0.<\/p>\t\t\t\t\t\t\t\t<\/div>\n\t\t\t\t<\/div>\n\t\t\t\t\t<\/div>\n\t\t\t\t<\/div>\n\t\t<div class=\"elementor-element elementor-element-36dd7469 e-flex e-con-boxed e-con e-parent\" data-id=\"36dd7469\" data-element_type=\"container\" data-e-type=\"container\">\n\t\t\t\t\t<div class=\"e-con-inner\">\n\t\t\t\t<div class=\"elementor-element elementor-element-13760ab4 elementor-widget elementor-widget-heading\" data-id=\"13760ab4\" data-element_type=\"widget\" data-e-type=\"widget\" data-widget_type=\"heading.default\">\n\t\t\t\t\t<h2 class=\"elementor-heading-title elementor-size-default\">\u00cdtarefni og tenglar<\/h2>\t\t\t\t<\/div>\n\t\t<div class=\"elementor-element elementor-element-28c87796 e-con-full e-flex e-con e-child\" data-id=\"28c87796\" data-element_type=\"container\" data-e-type=\"container\">\n\t\t\t\t<div class=\"elementor-element elementor-element-5d6538df elementor-widget elementor-widget-text-editor\" data-id=\"5d6538df\" data-element_type=\"widget\" data-e-type=\"widget\" data-widget_type=\"text-editor.default\">\n\t\t\t\t\t\t\t\t\t<ul><li><a href=\"https:\/\/iwell-guard.com\/is\/?page_id=168595\">R\u00f3m, menning<\/a><\/li><li><a href=\"https:\/\/iwell-guard.com\/is\/?page_id=168818\">Frigg, germ\u00f6nsk hli\u00f0st\u00e6\u00f0a gy\u00f0ju<\/a><\/li><\/ul>\t\t\t\t\t\t\t\t<\/div>\n\t\t\t\t<\/div>\n\t\t\t\t\t<\/div>\n\t\t\t\t<\/div>\n\t\t<div class=\"elementor-element elementor-element-grl4kl40 e-flex e-con-boxed e-con e-parent\" data-id=\"grl4kl40\" data-element_type=\"container\" data-e-type=\"container\">\n\t\t\t\t\t<div class=\"e-con-inner\">\n\t\t\t\t<div class=\"elementor-element elementor-element-bzsbfrmh elementor-widget elementor-widget-heading\" data-id=\"bzsbfrmh\" data-element_type=\"widget\" data-e-type=\"widget\" data-widget_type=\"heading.default\">\n\t\t\t\t\t<h2 class=\"elementor-heading-title elementor-size-default\">Heimildir (\u00farval)<\/h2>\t\t\t\t<\/div>\n\t\t<div class=\"elementor-element elementor-element-2c13224a e-con-full e-flex e-con e-child\" data-id=\"2c13224a\" data-element_type=\"container\" data-e-type=\"container\">\n\t\t\t\t<div class=\"elementor-element elementor-element-0eymh9ub elementor-widget elementor-widget-text-editor\" data-id=\"0eymh9ub\" data-element_type=\"widget\" data-e-type=\"widget\" data-widget_type=\"text-editor.default\">\n\t\t\t\t\t\t\t\t\t<footer class=\"iwg-literatur\" data-nosnippet=\"true\"><ul><li><span data-nosnippet>Beard, Mary \/ North, John \/ Price, Simon: <em>Religions of Rome. A History<\/em>. Cambridge University Press, 1998.<\/span><\/li><li><span data-nosnippet>Scheid, John: <em>An Introduction to Roman Religion<\/em>. Edinburgh University Press, 2003.<\/span><\/li><li><span data-nosnippet>Dum\u00e9zil, Georges: <em>Archaic Roman Religion<\/em>. 2 B\u00e4nde, University of Chicago Press, 1970.<\/span><\/li><li><span data-nosnippet>Latte, Kurt: <em>R\u00f6mische Religionsgeschichte<\/em>. C.H. Beck, 1960.<\/span><\/li><\/ul><\/footer>\t\t\t\t\t\t\t\t<\/div>\n\t\t\t\t<\/div>\n\t\t\t\t\t<\/div>\n\t\t\t\t<\/div>\n\t\t\t\t<\/div>\n\t\t","protected":false},"excerpt":{"rendered":"","protected":false},"author":3,"featured_media":1645,"parent":0,"menu_order":0,"comment_status":"closed","ping_status":"closed","template":"elementor_header_footer","meta":{"_yoast_wpseo_focuskw":"Juno","_yoast_wpseo_title":"Juno \u2013 r\u00f3mversk gy\u00f0ja hj\u00f3nabandsins og verndargy\u00f0ja","_yoast_wpseo_metadesc":"Skriflegar heimildir um Juno n\u00e1 aftur nokkrar aldir \u00ed t\u00edmann, a\u00f0 \u00f6llum l\u00edkindum","_yoast_wpseo_meta-robots-noindex":"","_yoast_wpseo_canonical":"","_angie_page":false,"gefaehrdungsstufe":"2","wesen_kultur":"rom","wesen_klasse":"goetter","footnotes":""},"categories":[],"class_list":["post-168836","page","type-page","status-publish","has-post-thumbnail","hentry"],"yoast_head":"<!-- This site is optimized with the Yoast SEO Premium plugin v27.7 (Yoast SEO v28.3) - https:\/\/yoast.com\/product\/yoast-seo-premium-wordpress\/ -->\n<title>Juno \u2013 r\u00f3mversk gy\u00f0ja hj\u00f3nabandsins og verndargy\u00f0ja<\/title>\n<meta name=\"description\" content=\"Skriflegar heimildir um Juno n\u00e1 aftur nokkrar aldir \u00ed t\u00edmann, a\u00f0 \u00f6llum l\u00edkindum\" \/>\n<meta name=\"robots\" content=\"index, follow, max-snippet:-1, max-image-preview:large, max-video-preview:-1\" \/>\n<link rel=\"canonical\" href=\"https:\/\/iwell-guard.com\/is\/juno\/\" \/>\n<meta property=\"og:locale\" content=\"is_IS\" \/>\n<meta property=\"og:type\" content=\"article\" \/>\n<meta property=\"og:title\" content=\"Juno\" \/>\n<meta property=\"og:description\" content=\"Skriflegar heimildir um Juno n\u00e1 aftur nokkrar aldir \u00ed t\u00edmann, a\u00f0 \u00f6llum l\u00edkindum\" \/>\n<meta property=\"og:url\" content=\"https:\/\/iwell-guard.com\/is\/juno\/\" \/>\n<meta property=\"og:site_name\" content=\"iWell Guard\" \/>\n<meta property=\"article:modified_time\" content=\"2026-09-05T14:20:45+00:00\" \/>\n<meta property=\"og:image\" content=\"https:\/\/iwell-guard.com\/wp-content\/uploads\/2026\/04\/goetter_rom_juno.webp\" \/>\n\t<meta property=\"og:image:width\" content=\"1024\" \/>\n\t<meta property=\"og:image:height\" content=\"1536\" \/>\n\t<meta property=\"og:image:type\" content=\"image\/webp\" \/>\n<meta name=\"twitter:card\" content=\"summary_large_image\" \/>\n<script type=\"application\/ld+json\" class=\"yoast-schema-graph\">{\"@context\":\"https:\\\/\\\/schema.org\",\"@graph\":[{\"@type\":\"WebPage\",\"@id\":\"https:\\\/\\\/iwell-guard.com\\\/is\\\/juno\\\/\",\"url\":\"https:\\\/\\\/iwell-guard.com\\\/is\\\/juno\\\/\",\"name\":\"Juno \u2013 r\u00f3mversk gy\u00f0ja hj\u00f3nabandsins og verndargy\u00f0ja\",\"isPartOf\":{\"@id\":\"https:\\\/\\\/iwell-guard.com\\\/is\\\/#website\"},\"primaryImageOfPage\":{\"@id\":\"https:\\\/\\\/iwell-guard.com\\\/is\\\/juno\\\/#primaryimage\"},\"image\":{\"@id\":\"https:\\\/\\\/iwell-guard.com\\\/is\\\/juno\\\/#primaryimage\"},\"thumbnailUrl\":\"https:\\\/\\\/iwell-guard.com\\\/wp-content\\\/uploads\\\/2026\\\/04\\\/goetter_rom_juno.webp\",\"datePublished\":\"2026-09-05T14:03:23+00:00\",\"dateModified\":\"2026-09-05T14:20:45+00:00\",\"description\":\"Skriflegar heimildir um Juno n\u00e1 aftur nokkrar aldir \u00ed t\u00edmann, a\u00f0 \u00f6llum l\u00edkindum\",\"breadcrumb\":{\"@id\":\"https:\\\/\\\/iwell-guard.com\\\/is\\\/juno\\\/#breadcrumb\"},\"inLanguage\":\"is\",\"potentialAction\":[{\"@type\":\"ReadAction\",\"target\":[\"https:\\\/\\\/iwell-guard.com\\\/is\\\/juno\\\/\"]}]},{\"@type\":\"ImageObject\",\"inLanguage\":\"is\",\"@id\":\"https:\\\/\\\/iwell-guard.com\\\/is\\\/juno\\\/#primaryimage\",\"url\":\"https:\\\/\\\/iwell-guard.com\\\/wp-content\\\/uploads\\\/2026\\\/04\\\/goetter_rom_juno.webp\",\"contentUrl\":\"https:\\\/\\\/iwell-guard.com\\\/wp-content\\\/uploads\\\/2026\\\/04\\\/goetter_rom_juno.webp\",\"width\":1024,\"height\":1536,\"caption\":\"Gu\u00f0ir \u00far r\u00f3mverskri hef\u00f0.\"},{\"@type\":\"BreadcrumbList\",\"@id\":\"https:\\\/\\\/iwell-guard.com\\\/is\\\/juno\\\/#breadcrumb\",\"itemListElement\":[{\"@type\":\"ListItem\",\"position\":1,\"name\":\"Start\",\"item\":\"https:\\\/\\\/iwell-guard.com\\\/is\\\/?page_id=168580\"},{\"@type\":\"ListItem\",\"position\":2,\"name\":\"Juno\"}]},{\"@type\":\"WebSite\",\"@id\":\"https:\\\/\\\/iwell-guard.com\\\/is\\\/#website\",\"url\":\"https:\\\/\\\/iwell-guard.com\\\/is\\\/\",\"name\":\"iWell Guard\",\"description\":\"Schutz vor dunklen Einfl\u00fcssen\",\"publisher\":{\"@id\":\"https:\\\/\\\/iwell-guard.com\\\/is\\\/#organization\"},\"potentialAction\":[{\"@type\":\"SearchAction\",\"target\":{\"@type\":\"EntryPoint\",\"urlTemplate\":\"https:\\\/\\\/iwell-guard.com\\\/is\\\/?s={search_term_string}\"},\"query-input\":{\"@type\":\"PropertyValueSpecification\",\"valueRequired\":true,\"valueName\":\"search_term_string\"}}],\"inLanguage\":\"is\"},{\"@type\":\"Organization\",\"@id\":\"https:\\\/\\\/iwell-guard.com\\\/is\\\/#organization\",\"name\":\"Ittermann electronic GmbH\",\"url\":\"https:\\\/\\\/iwell-guard.com\\\/is\\\/\",\"logo\":{\"@type\":\"ImageObject\",\"inLanguage\":\"is\",\"@id\":\"https:\\\/\\\/iwell-guard.com\\\/is\\\/#\\\/schema\\\/logo\\\/image\\\/\",\"url\":\"https:\\\/\\\/iwell-guard.com\\\/wp-content\\\/uploads\\\/2026\\\/05\\\/Ittermann-Logo-1182x237-1.png\",\"contentUrl\":\"https:\\\/\\\/iwell-guard.com\\\/wp-content\\\/uploads\\\/2026\\\/05\\\/Ittermann-Logo-1182x237-1.png\",\"width\":1182,\"height\":237,\"caption\":\"Ittermann electronic GmbH\"},\"image\":{\"@id\":\"https:\\\/\\\/iwell-guard.com\\\/is\\\/#\\\/schema\\\/logo\\\/image\\\/\"},\"sameAs\":[\"https:\\\/\\\/pantip.com\\\/profile\\\/9367242\",\"https:\\\/\\\/micro.blog\\\/iwellguard\",\"https:\\\/\\\/www.diggerslist.com\\\/iwellguard\\\/about\",\"https:\\\/\\\/skitterphoto.com\\\/photographers\\\/2870314\\\/iwell-guard\",\"https:\\\/\\\/iwellguard.wordpress.com\\\/2026\\\/06\\\/06\\\/iwell-guard\\\/\",\"https:\\\/\\\/hub.docker.com\\\/u\\\/iwellguard\",\"https:\\\/\\\/www.pinterest.com\\\/iwellguard\\\/\",\"https:\\\/\\\/bit.ly\\\/m\\\/iwellguard\",\"https:\\\/\\\/entre-vos-mains.alsace.eu\\\/profiles\\\/iwellguard\\\/activity\",\"https:\\\/\\\/gravatar.com\\\/reallybeded8fd34\",\"https:\\\/\\\/naijamatta.com\\\/iwellguard\",\"https:\\\/\\\/www.goodreads.com\\\/iwellguard\",\"https:\\\/\\\/profile.hatena.ne.jp\\\/iwellguard\\\/\",\"https:\\\/\\\/experiment.com\\\/users\\\/iwellguard\",\"https:\\\/\\\/wakelet.com\\\/@iWellGuard82270\",\"https:\\\/\\\/www.chordie.com\\\/forum\\\/profile.php?id=2555664\",\"https:\\\/\\\/www.instapaper.com\\\/p\\\/17757966\",\"https:\\\/\\\/www.mapleprimes.com\\\/users\\\/iwellguard\",\"https:\\\/\\\/businesslistingplus.com\\\/profile\\\/iwell-guard\\\/\",\"https:\\\/\\\/telegra.ph\\\/iWell-Guard-06-06\",\"https:\\\/\\\/pbase.com\\\/iwellguard\\\/iwellguard\",\"https:\\\/\\\/b.hatena.ne.jp\\\/iwellguard\\\/20260607#bookmark-4788405196491818882\",\"https:\\\/\\\/fliphtml5.com\\\/home\\\/iwellguard\",\"https:\\\/\\\/anyflip.com\\\/homepage\\\/cmiwl#About\",\"https:\\\/\\\/transfur.com\\\/Users\\\/iwellguard\",\"http:\\\/\\\/delphi.larsbo.org\\\/user\\\/iwellguard\",\"https:\\\/\\\/jobs.lajobsportal.org\\\/profiles\\\/8380803-iwell-guard\",\"https:\\\/\\\/md.chaosdorf.de\\\/s\\\/jfbe5SBdJD\",\"https:\\\/\\\/www.lingvolive.com\\\/en-us\\\/profile\\\/9ecaeaca-ce11-4e51-9e71-01d55e2bff36\\\/translations\",\"https:\\\/\\\/www.fitday.com\\\/fitness\\\/forums\\\/members\\\/iwellguard.html\",\"https:\\\/\\\/www.mymeetbook.com\\\/iwellguard\",\"https:\\\/\\\/pxhere.com\\\/en\\\/photographer-me\\\/5040798\",\"https:\\\/\\\/disqus.com\\\/by\\\/iwellguard\\\/about\\\/\",\"https:\\\/\\\/pastelink.net\\\/hjwciqwq\",\"https:\\\/\\\/pubhtml5.com\\\/homepage\\\/scjhn\\\/\",\"https:\\\/\\\/www.bitchute.com\\\/channel\\\/2O2eOKzNqujT\",\"https:\\\/\\\/audiomack.com\\\/iwellguard\"]},{\"@type\":\"Article\",\"@id\":\"https:\\\/\\\/iwell-guard.com\\\/is\\\/juno\\\/#article\",\"isPartOf\":{\"@id\":\"https:\\\/\\\/iwell-guard.com\\\/is\\\/juno\\\/\"},\"author\":{\"name\":\"Ralf Ittermann\",\"@id\":\"https:\\\/\\\/iwell-guard.com\\\/is\\\/#\\\/schema\\\/person\\\/ee2a27f1cac3406c7c6fb5820cb7349f\"},\"headline\":\"Juno\",\"datePublished\":\"2026-09-05T14:03:23+00:00\",\"dateModified\":\"2026-09-05T14:20:45+00:00\",\"mainEntityOfPage\":{\"@id\":\"https:\\\/\\\/iwell-guard.com\\\/is\\\/juno\\\/\"},\"publisher\":{\"@id\":\"https:\\\/\\\/iwell-guard.com\\\/is\\\/#organization\"},\"image\":{\"@id\":\"https:\\\/\\\/iwell-guard.com\\\/is\\\/juno\\\/#primaryimage\"},\"thumbnailUrl\":\"https:\\\/\\\/iwell-guard.com\\\/wp-content\\\/uploads\\\/2026\\\/04\\\/goetter_rom_juno.webp\",\"inLanguage\":\"is\",\"description\":\"Skriflegar heimildir um Juno n\u00e1 aftur nokkrar aldir \u00ed t\u00edmann, a\u00f0 \u00f6llum l\u00edkindum\"}]}<\/script>\n<!-- \/ Yoast SEO Premium plugin. -->","yoast_head_json":{"title":"Juno \u2013 r\u00f3mversk gy\u00f0ja hj\u00f3nabandsins og verndargy\u00f0ja","description":"Skriflegar heimildir um Juno n\u00e1 aftur nokkrar aldir \u00ed t\u00edmann, a\u00f0 \u00f6llum l\u00edkindum","robots":{"index":"index","follow":"follow","max-snippet":"max-snippet:-1","max-image-preview":"max-image-preview:large","max-video-preview":"max-video-preview:-1"},"canonical":"https:\/\/iwell-guard.com\/is\/juno\/","og_locale":"is_IS","og_type":"article","og_title":"Juno","og_description":"Skriflegar heimildir um Juno n\u00e1 aftur nokkrar aldir \u00ed t\u00edmann, a\u00f0 \u00f6llum l\u00edkindum","og_url":"https:\/\/iwell-guard.com\/is\/juno\/","og_site_name":"iWell Guard","article_modified_time":"2026-09-05T14:20:45+00:00","og_image":[{"width":1024,"height":1536,"url":"https:\/\/iwell-guard.com\/wp-content\/uploads\/2026\/04\/goetter_rom_juno.webp","type":"image\/webp"}],"twitter_card":"summary_large_image","schema":{"@context":"https:\/\/schema.org","@graph":[{"@type":"Article","@id":"https:\/\/iwell-guard.com\/is\/juno\/#article","isPartOf":{"@id":"https:\/\/iwell-guard.com\/is\/juno\/"},"author":{"name":"Ralf Ittermann","@id":"https:\/\/iwell-guard.com\/is\/#\/schema\/person\/ee2a27f1cac3406c7c6fb5820cb7349f"},"headline":"Juno","datePublished":"2026-09-05T14:03:23+00:00","dateModified":"2026-09-05T14:20:45+00:00","mainEntityOfPage":{"@id":"https:\/\/iwell-guard.com\/is\/juno\/"},"publisher":{"@id":"https:\/\/iwell-guard.com\/is\/#organization"},"image":{"@id":"https:\/\/iwell-guard.com\/is\/juno\/#primaryimage"},"thumbnailUrl":"https:\/\/iwell-guard.com\/wp-content\/uploads\/2026\/04\/goetter_rom_juno.webp","inLanguage":"is","description":"Skriflegar heimildir um Juno n\u00e1 aftur nokkrar aldir \u00ed t\u00edmann, a\u00f0 \u00f6llum l\u00edkindum"},{"@type":"WebPage","@id":"https:\/\/iwell-guard.com\/is\/juno\/","url":"https:\/\/iwell-guard.com\/is\/juno\/","name":"Juno \u2013 r\u00f3mversk gy\u00f0ja hj\u00f3nabandsins og verndargy\u00f0ja","isPartOf":{"@id":"https:\/\/iwell-guard.com\/is\/#website"},"primaryImageOfPage":{"@id":"https:\/\/iwell-guard.com\/is\/juno\/#primaryimage"},"image":{"@id":"https:\/\/iwell-guard.com\/is\/juno\/#primaryimage"},"thumbnailUrl":"https:\/\/iwell-guard.com\/wp-content\/uploads\/2026\/04\/goetter_rom_juno.webp","datePublished":"2026-09-05T14:03:23+00:00","dateModified":"2026-09-05T14:20:45+00:00","description":"Skriflegar heimildir um Juno n\u00e1 aftur nokkrar aldir \u00ed t\u00edmann, a\u00f0 \u00f6llum l\u00edkindum","breadcrumb":{"@id":"https:\/\/iwell-guard.com\/is\/juno\/#breadcrumb"},"inLanguage":"is","potentialAction":[{"@type":"ReadAction","target":["https:\/\/iwell-guard.com\/is\/juno\/"]}]},{"@type":"ImageObject","inLanguage":"is","@id":"https:\/\/iwell-guard.com\/is\/juno\/#primaryimage","url":"https:\/\/iwell-guard.com\/wp-content\/uploads\/2026\/04\/goetter_rom_juno.webp","contentUrl":"https:\/\/iwell-guard.com\/wp-content\/uploads\/2026\/04\/goetter_rom_juno.webp","width":1024,"height":1536,"caption":"Gu\u00f0ir \u00far r\u00f3mverskri hef\u00f0."},{"@type":"BreadcrumbList","@id":"https:\/\/iwell-guard.com\/is\/juno\/#breadcrumb","itemListElement":[{"@type":"ListItem","position":1,"name":"Start","item":"https:\/\/iwell-guard.com\/is\/?page_id=168580"},{"@type":"ListItem","position":2,"name":"Juno"}]},{"@type":"WebSite","@id":"https:\/\/iwell-guard.com\/is\/#website","url":"https:\/\/iwell-guard.com\/is\/","name":"iWell Guard","description":"Schutz vor dunklen Einfl\u00fcssen","publisher":{"@id":"https:\/\/iwell-guard.com\/is\/#organization"},"potentialAction":[{"@type":"SearchAction","target":{"@type":"EntryPoint","urlTemplate":"https:\/\/iwell-guard.com\/is\/?s={search_term_string}"},"query-input":{"@type":"PropertyValueSpecification","valueRequired":true,"valueName":"search_term_string"}}],"inLanguage":"is"},{"@type":"Organization","@id":"https:\/\/iwell-guard.com\/is\/#organization","name":"Ittermann electronic GmbH","url":"https:\/\/iwell-guard.com\/is\/","logo":{"@type":"ImageObject","inLanguage":"is","@id":"https:\/\/iwell-guard.com\/is\/#\/schema\/logo\/image\/","url":"https:\/\/iwell-guard.com\/wp-content\/uploads\/2026\/05\/Ittermann-Logo-1182x237-1.png","contentUrl":"https:\/\/iwell-guard.com\/wp-content\/uploads\/2026\/05\/Ittermann-Logo-1182x237-1.png","width":1182,"height":237,"caption":"Ittermann electronic GmbH"},"image":{"@id":"https:\/\/iwell-guard.com\/is\/#\/schema\/logo\/image\/"},"sameAs":["https:\/\/pantip.com\/profile\/9367242","https:\/\/micro.blog\/iwellguard","https:\/\/www.diggerslist.com\/iwellguard\/about","https:\/\/skitterphoto.com\/photographers\/2870314\/iwell-guard","https:\/\/iwellguard.wordpress.com\/2026\/06\/06\/iwell-guard\/","https:\/\/hub.docker.com\/u\/iwellguard","https:\/\/www.pinterest.com\/iwellguard\/","https:\/\/bit.ly\/m\/iwellguard","https:\/\/entre-vos-mains.alsace.eu\/profiles\/iwellguard\/activity","https:\/\/gravatar.com\/reallybeded8fd34","https:\/\/naijamatta.com\/iwellguard","https:\/\/www.goodreads.com\/iwellguard","https:\/\/profile.hatena.ne.jp\/iwellguard\/","https:\/\/experiment.com\/users\/iwellguard","https:\/\/wakelet.com\/@iWellGuard82270","https:\/\/www.chordie.com\/forum\/profile.php?id=2555664","https:\/\/www.instapaper.com\/p\/17757966","https:\/\/www.mapleprimes.com\/users\/iwellguard","https:\/\/businesslistingplus.com\/profile\/iwell-guard\/","https:\/\/telegra.ph\/iWell-Guard-06-06","https:\/\/pbase.com\/iwellguard\/iwellguard","https:\/\/b.hatena.ne.jp\/iwellguard\/20260607#bookmark-4788405196491818882","https:\/\/fliphtml5.com\/home\/iwellguard","https:\/\/anyflip.com\/homepage\/cmiwl#About","https:\/\/transfur.com\/Users\/iwellguard","http:\/\/delphi.larsbo.org\/user\/iwellguard","https:\/\/jobs.lajobsportal.org\/profiles\/8380803-iwell-guard","https:\/\/md.chaosdorf.de\/s\/jfbe5SBdJD","https:\/\/www.lingvolive.com\/en-us\/profile\/9ecaeaca-ce11-4e51-9e71-01d55e2bff36\/translations","https:\/\/www.fitday.com\/fitness\/forums\/members\/iwellguard.html","https:\/\/www.mymeetbook.com\/iwellguard","https:\/\/pxhere.com\/en\/photographer-me\/5040798","https:\/\/disqus.com\/by\/iwellguard\/about\/","https:\/\/pastelink.net\/hjwciqwq","https:\/\/pubhtml5.com\/homepage\/scjhn\/","https:\/\/www.bitchute.com\/channel\/2O2eOKzNqujT","https:\/\/audiomack.com\/iwellguard"]},{"@type":"Person","@id":"https:\/\/iwell-guard.com\/is\/#\/schema\/person\/ee2a27f1cac3406c7c6fb5820cb7349f","name":"Ralf Ittermann","image":{"@type":"ImageObject","inLanguage":"is","@id":"https:\/\/secure.gravatar.com\/avatar\/073c0153e350a5005b68eb752b445fea71f6b24a26da9449ad7e155e6b446c9d?s=96&d=mm&r=g","url":"https:\/\/secure.gravatar.com\/avatar\/073c0153e350a5005b68eb752b445fea71f6b24a26da9449ad7e155e6b446c9d?s=96&d=mm&r=g","contentUrl":"https:\/\/secure.gravatar.com\/avatar\/073c0153e350a5005b68eb752b445fea71f6b24a26da9449ad7e155e6b446c9d?s=96&d=mm&r=g","caption":"Ralf Ittermann"},"givenName":"Ralf","familyName":"Ittermann","jobTitle":"Gesch\u00e4ftsf\u00fchrer und redaktioneller Verantwortlicher","url":"https:\/\/iwell-guard.com\/is\/author\/claude\/","description":"Ralf Ittermann ist Gesch\u00e4ftsf\u00fchrer der Ittermann electronic GmbH und redaktioneller Verantwortlicher des iWell-Guard-Lexikons. Er verbindet langj\u00e4hrige Erfahrung in der Pr\u00e4zisionsfertigung mit medialer Praxis und religionsgeschichtlicher Quellenarbeit.","worksFor":{"@type":"Organization","name":"Ittermann electronic GmbH","url":"https:\/\/ittermann.de\/","address":{"@type":"PostalAddress","streetAddress":"K\u00f6hlergasse 16-18","postalCode":"99842","addressLocality":"Ruhla","addressCountry":"DE"}},"knowsAbout":["Religionsgeschichte","Mythologie","Mediale Praxis","Energetische Diagnostik","Schutzpraxis","Volksglauben","Westliche Esoterik"]},{"@type":"Article","@id":"https:\/\/iwell-guard.com\/is\/juno\/#article","isPartOf":{"@id":"https:\/\/iwell-guard.com\/is\/juno\/"},"author":{"name":"Ralf Ittermann","@id":"https:\/\/iwell-guard.com\/is\/#\/schema\/person\/ee2a27f1cac3406c7c6fb5820cb7349f"},"headline":"Juno","datePublished":"2026-09-05T14:03:23+00:00","dateModified":"2026-09-05T14:20:45+00:00","mainEntityOfPage":{"@id":"https:\/\/iwell-guard.com\/is\/juno\/"},"publisher":{"@id":"https:\/\/iwell-guard.com\/is\/#organization"},"image":{"@id":"https:\/\/iwell-guard.com\/is\/juno\/#primaryimage"},"thumbnailUrl":"https:\/\/iwell-guard.com\/wp-content\/uploads\/2026\/04\/goetter_rom_juno.webp","inLanguage":"is","description":"Skriflegar heimildir um Juno n\u00e1 aftur nokkrar aldir \u00ed t\u00edmann, a\u00f0 \u00f6llum l\u00edkindum"}]}},"_links":{"self":[{"href":"https:\/\/iwell-guard.com\/is\/wp-json\/wp\/v2\/pages\/168836","targetHints":{"allow":["GET"]}}],"collection":[{"href":"https:\/\/iwell-guard.com\/is\/wp-json\/wp\/v2\/pages"}],"about":[{"href":"https:\/\/iwell-guard.com\/is\/wp-json\/wp\/v2\/types\/page"}],"author":[{"embeddable":true,"href":"https:\/\/iwell-guard.com\/is\/wp-json\/wp\/v2\/users\/3"}],"replies":[{"embeddable":true,"href":"https:\/\/iwell-guard.com\/is\/wp-json\/wp\/v2\/comments?post=168836"}],"version-history":[{"count":0,"href":"https:\/\/iwell-guard.com\/is\/wp-json\/wp\/v2\/pages\/168836\/revisions"}],"wp:featuredmedia":[{"embeddable":true,"href":"https:\/\/iwell-guard.com\/is\/wp-json\/wp\/v2\/media\/1645"}],"wp:attachment":[{"href":"https:\/\/iwell-guard.com\/is\/wp-json\/wp\/v2\/media?parent=168836"}],"wp:term":[{"taxonomy":"category","embeddable":true,"href":"https:\/\/iwell-guard.com\/is\/wp-json\/wp\/v2\/categories?post=168836"}],"curies":[{"name":"wp","href":"https:\/\/api.w.org\/{rel}","templated":true}]}}