{"id":168834,"date":"2026-09-05T14:03:22","date_gmt":"2026-09-05T14:03:22","guid":{"rendered":"https:\/\/iwell-guard.com\/?page_id=168834"},"modified":"2026-09-05T14:20:41","modified_gmt":"2026-09-05T14:20:41","slug":"mars","status":"publish","type":"page","link":"https:\/\/iwell-guard.com\/is\/mars\/","title":{"rendered":"Mars"},"content":{"rendered":"\t\t<div data-elementor-type=\"wp-page\" data-elementor-id=\"168834\" class=\"elementor elementor-168834 elementor-2128 elementor-bc-flex-widget\" data-elementor-post-type=\"page\">\n\t\t\t\t<div class=\"elementor-element elementor-element-10fdade e-flex e-con-boxed e-con e-parent\" data-id=\"10fdade\" data-element_type=\"container\" data-e-type=\"container\" data-settings=\"{&quot;background_background&quot;:&quot;classic&quot;}\">\n\t\t\t\t\t<div class=\"e-con-inner\">\n\t\t<div class=\"elementor-element elementor-element-herohlft0 e-flex e-con-boxed e-con e-child\" data-id=\"herohlft0\" data-element_type=\"container\" data-e-type=\"container\">\n\t\t\t\t\t<div class=\"e-con-inner\">\n\t\t<div class=\"elementor-element elementor-element-c3ceb64 e-con-full e-flex e-con e-child\" data-id=\"c3ceb64\" data-element_type=\"container\" data-e-type=\"container\">\n\t\t\t\t<div class=\"elementor-element elementor-element-96ae5e1 elementor-widget elementor-widget-heading\" data-id=\"96ae5e1\" data-element_type=\"widget\" data-e-type=\"widget\" data-widget_type=\"heading.default\">\n\t\t\t\t\t<h1 class=\"elementor-heading-title elementor-size-default\">Mars, gu\u00f0 \u00ed r\u00f3mverskri hef\u00f0<\/h1>\t\t\t\t<\/div>\n\t\t\t\t<div class=\"elementor-element elementor-element-e45238a elementor-widget elementor-widget-text-editor\" data-id=\"e45238a\" data-element_type=\"widget\" data-e-type=\"widget\" data-widget_type=\"text-editor.default\">\n\t\t\t\t\t\t\t\t\t<p>Mars er gu\u00f0 herna\u00f0ar og bardagakrafts \u00ed r\u00f3mverskri hef\u00f0. Sem fa\u00f0ir Romulusar telst hann verndargu\u00f0 konungs\u00e6ttarins og r\u00f3mverska r\u00edkisins sj\u00e1lfs, og var honum \u00fev\u00ed s\u00fdnd s\u00e9rst\u00f6k lotning. Tr\u00faarfr\u00e6\u00f0ilega er Mars gott d\u00e6mi um \u00fea\u00f0 hvernig gu\u00f0 \u00fer\u00f3ast fr\u00e1 verndara landb\u00fana\u00f0ar til r\u00edkisgu\u00f0s, og \u00fear me\u00f0 um p\u00f3lit\u00edska ummyndun tr\u00faari\u00f0kunar.<\/p>\t\t\t\t\t\t\t\t<\/div>\n\t\t\t\t<\/div>\n\t\t<div class=\"elementor-element elementor-element-klsbdg01 e-con-full e-flex e-con e-parent\" data-id=\"klsbdg01\" data-element_type=\"container\" data-e-type=\"container\">\n\t\t\t\t<div class=\"elementor-element elementor-element-klshtm01 elementor-widget elementor-widget-html\" data-id=\"klshtm01\" data-element_type=\"widget\" data-e-type=\"widget\" data-widget_type=\"html.default\">\n\t\t\t\t\t<div class=\"iwg-pill-row\"><span class=\"iwg-klasse-badge\" tabindex=\"0\" data-tooltip=\"Gu\u00f0 \/ gy\u00f0ja: Pers\u00f3nuger\u00f0 \u00e6\u00f0sta vald \u00ed go\u00f0aveldi tiltekinnar menningar, me\u00f0 sk\u00fdrt afm\u00f6rku\u00f0 svi\u00f0, n\u00e1tt\u00faru\u00f6fl, \u00f6rl\u00f6g, herna\u00f0, frj\u00f3semi. D\u00fdrku\u00f0 me\u00f0 tr\u00faari\u00f0kun, f\u00f3rnum og hofastofnunum.\">Gu\u00f0<\/span><a href=\"https:\/\/iwell-guard.com\/is\/?page_id=168595\" class=\"iwg-kultur-badge\" tabindex=\"0\" data-tooltip=\"R\u00f3mversk tr\u00faarbr\u00f6g\u00f0 fr\u00e1 konungd\u00f3mi til s\u00ed\u00f0fornaldar, samlagast gr\u00edskum og etr\u00faskum l\u00f6gum tr\u00faari\u00f0kunar.\">R\u00f3m<\/a><\/div>\t\t\t\t<\/div>\n\t\t\t\t<\/div>\n\t\t<div class=\"elementor-element elementor-element-3f74855 e-con-full e-flex e-con e-child\" data-id=\"3f74855\" data-element_type=\"container\" data-e-type=\"container\">\n\t\t\t\t<div class=\"elementor-element elementor-element-1c30362 elementor-toc--minimized-on-tablet elementor-widget elementor-widget-table-of-contents\" data-id=\"1c30362\" data-element_type=\"widget\" data-e-type=\"widget\" data-settings=\"{&quot;exclude_headings_by_selector&quot;:[],&quot;no_headings_message&quot;:&quot;Engar undirfyrirsagnir fundust \\u00e1 \\u00feessari s\\u00ed\\u00f0u.&quot;,&quot;headings_by_tags&quot;:[&quot;h2&quot;,&quot;h3&quot;],&quot;marker_view&quot;:&quot;bullets&quot;,&quot;minimize_box&quot;:&quot;yes&quot;,&quot;icon&quot;:{&quot;value&quot;:&quot;fas fa-circle&quot;,&quot;library&quot;:&quot;fa-solid&quot;,&quot;rendered_tag&quot;:&quot;&lt;svg class=\\&quot;e-font-icon-svg e-fas-circle\\&quot; viewBox=\\&quot;0 0 512 512\\&quot; xmlns=\\&quot;http:\\\/\\\/www.w3.org\\\/2000\\\/svg\\&quot;&gt;&lt;path d=\\&quot;M256 8C119 8 8 119 8 256s111 248 248 248 248-111 248-248S393 8 256 8z\\&quot;&gt;&lt;\\\/path&gt;&lt;\\\/svg&gt;&quot;},&quot;minimized_on&quot;:&quot;tablet&quot;,&quot;hierarchical_view&quot;:&quot;yes&quot;,&quot;min_height&quot;:{&quot;unit&quot;:&quot;px&quot;,&quot;size&quot;:&quot;&quot;,&quot;sizes&quot;:[]},&quot;min_height_tablet&quot;:{&quot;unit&quot;:&quot;px&quot;,&quot;size&quot;:&quot;&quot;,&quot;sizes&quot;:[]},&quot;min_height_mobile&quot;:{&quot;unit&quot;:&quot;px&quot;,&quot;size&quot;:&quot;&quot;,&quot;sizes&quot;:[]}}\" data-widget_type=\"table-of-contents.default\">\n\t\t\t\t\t\t\t\t\t<div class=\"elementor-toc__header\">\n\t\t\t\t\t\t<h2 class=\"elementor-toc__header-title\">\n\t\t\t\tEfnisyfirlit\t\t\t<\/h2>\n\t\t\t\t\t\t\t\t\t\t<div class=\"elementor-toc__toggle-button elementor-toc__toggle-button--expand\" role=\"button\" tabindex=\"0\" aria-controls=\"elementor-toc__1c30362\" aria-expanded=\"true\" aria-label=\"Open table of contents\"><svg aria-hidden=\"true\" class=\"e-font-icon-svg e-fas-chevron-down\" viewBox=\"0 0 448 512\" xmlns=\"http:\/\/www.w3.org\/2000\/svg\"><path d=\"M207.029 381.476L12.686 187.132c-9.373-9.373-9.373-24.569 0-33.941l22.667-22.667c9.357-9.357 24.522-9.375 33.901-.04L224 284.505l154.745-154.021c9.379-9.335 24.544-9.317 33.901.04l22.667 22.667c9.373 9.373 9.373 24.569 0 33.941L240.971 381.476c-9.373 9.372-24.569 9.372-33.942 0z\"><\/path><\/svg><\/div>\n\t\t\t\t<div class=\"elementor-toc__toggle-button elementor-toc__toggle-button--collapse\" role=\"button\" tabindex=\"0\" aria-controls=\"elementor-toc__1c30362\" aria-expanded=\"true\" aria-label=\"Close table of contents\"><svg aria-hidden=\"true\" class=\"e-font-icon-svg e-fas-chevron-up\" viewBox=\"0 0 448 512\" xmlns=\"http:\/\/www.w3.org\/2000\/svg\"><path d=\"M240.971 130.524l194.343 194.343c9.373 9.373 9.373 24.569 0 33.941l-22.667 22.667c-9.357 9.357-24.522 9.375-33.901.04L224 227.495 69.255 381.516c-9.379 9.335-24.544 9.317-33.901-.04l-22.667-22.667c-9.373-9.373-9.373-24.569 0-33.941L207.03 130.525c9.372-9.373 24.568-9.373 33.941-.001z\"><\/path><\/svg><\/div>\n\t\t\t\t\t<\/div>\n\t\t\t\t<div id=\"elementor-toc__1c30362\" class=\"elementor-toc__body\">\n\t\t\t<div class=\"elementor-toc__spinner-container\">\n\t\t\t\t<svg class=\"elementor-toc__spinner eicon-animation-spin e-font-icon-svg e-eicon-loading\" aria-hidden=\"true\" viewBox=\"0 0 1000 1000\" xmlns=\"http:\/\/www.w3.org\/2000\/svg\"><path d=\"M500 975V858C696 858 858 696 858 500S696 142 500 142 142 304 142 500H25C25 237 238 25 500 25S975 237 975 500 763 975 500 975Z\"><\/path><\/svg>\t\t\t<\/div>\n\t\t<\/div>\n\t\t\t\t\t\t<\/div>\n\t\t\t\t<\/div>\n\t\t\t\t\t<\/div>\n\t\t\t\t<\/div>\n\t\t<div class=\"elementor-element elementor-element-herorght0 e-con-full e-flex e-con e-child\" data-id=\"herorght0\" data-element_type=\"container\" data-e-type=\"container\">\n\t\t\t\t<div class=\"elementor-element elementor-element-heroimg00 iwg-hero-image elementor-widget elementor-widget-image\" data-id=\"heroimg00\" data-element_type=\"widget\" data-e-type=\"widget\" data-widget_type=\"image.default\">\n\t\t\t\t\t\t\t\t\t\t\t\t\t\t\t<img fetchpriority=\"high\" decoding=\"async\" width=\"683\" height=\"1024\" src=\"https:\/\/iwell-guard.com\/wp-content\/uploads\/2026\/04\/goetter_rom_mars-683x1024.webp\" class=\"attachment-large size-large wp-image-171055\" alt=\"Mars \u2013 gu\u00f0ir \u00far r\u00f3mverskri hef\u00f0, s\u00f6guleg myndskreyting\" srcset=\"https:\/\/iwell-guard.com\/wp-content\/uploads\/2026\/04\/goetter_rom_mars-683x1024.webp 683w, https:\/\/iwell-guard.com\/wp-content\/uploads\/2026\/04\/goetter_rom_mars-200x300.webp 200w, https:\/\/iwell-guard.com\/wp-content\/uploads\/2026\/04\/goetter_rom_mars-768x1152.webp 768w, https:\/\/iwell-guard.com\/wp-content\/uploads\/2026\/04\/goetter_rom_mars.webp 1024w\" sizes=\"(max-width: 683px) 100vw, 683px\" \/>\t\t\t\t\t\t\t\t\t\t\t\t\t\t\t<\/div>\n\t\t\t\t<\/div>\n\t\t\t\t\t<\/div>\n\t\t\t\t<\/div>\n\t\t<div class=\"elementor-element elementor-element-32917199 e-flex e-con-boxed e-con e-parent\" data-id=\"32917199\" data-element_type=\"container\" data-e-type=\"container\">\n\t\t\t\t\t<div class=\"e-con-inner\">\n\t\t<div class=\"elementor-element elementor-element-26e916cb e-flex e-con-boxed e-con e-child\" data-id=\"26e916cb\" data-element_type=\"container\" data-e-type=\"container\">\n\t\t\t\t\t<div class=\"e-con-inner\">\n\t\t<div class=\"elementor-element elementor-element-253a40d4 e-flex e-con-boxed e-con e-child\" data-id=\"253a40d4\" data-element_type=\"container\" data-e-type=\"container\">\n\t\t\t\t\t<div class=\"e-con-inner\">\n\t\t\t\t<div class=\"elementor-element elementor-element-1200c304 elementor-widget elementor-widget-heading\" data-id=\"1200c304\" data-element_type=\"widget\" data-e-type=\"widget\" data-widget_type=\"heading.default\">\n\t\t\t\t\t<h2 class=\"elementor-heading-title elementor-size-default\">Mars<\/h2>\t\t\t\t<\/div>\n\t\t\t\t<div class=\"elementor-element elementor-element-11758e7f elementor-widget elementor-widget-text-editor\" data-id=\"11758e7f\" data-element_type=\"widget\" data-e-type=\"widget\" data-widget_type=\"text-editor.default\">\n\t\t\t\t\t\t\t\t\t<p>Mars t\u00e1knar ekki a\u00f0eins \u00e1r\u00e1sargirni og ey\u00f0ileggingu, heldur einnig reglu \u00ed herna\u00f0i og verndun samf\u00e9lagsins. Megin\u00fe\u00e6ttir hans eru hugrekki, herna\u00f0arleg stefnum\u00f3tun og heimild samf\u00e9lagsins til a\u00f0 beita valdi.<\/p><p>\u00cd <span class=\"iwg-fachbegriff\" data-tooltip=\"Yfirf\u00e6r\u00f0 fr\u00e1s\u00f6gn um gu\u00f0i, uppruna og skipan heimsins.\" tabindex=\"0\">go\u00f0s\u00f6gninni<\/span> kemur hann fram \u00ed \u00fdmsum hlutverkum: sem \u00e1stma\u00f0ur Venusar, sem fa\u00f0ir Romulusar og sem verndari gegn pl\u00e1gu og \u00f3g\u00e6fu. Luperkal\u00edu- og Equirria-h\u00e1t\u00ed\u00f0irnir voru meginh\u00e1t\u00ed\u00f0ardagar \u00fear sem hestar og vopn voru <span class=\"iwg-fachbegriff\" data-tooltip=\"V\u00edg\u00f0 gu\u00f0inum me\u00f0 tr\u00faarlegri ath\u00f6fn og \u00fear me\u00f0 tekin \u00far hinu hversdagslega.\" tabindex=\"0\">v\u00edg\u00f0<\/span> gu\u00f0inum.<\/p>\t\t\t\t\t\t\t\t<\/div>\n\t\t\t\t\t<\/div>\n\t\t\t\t<\/div>\n\t\t<div class=\"elementor-element elementor-element-159dcf9a e-flex e-con-boxed e-con e-child\" data-id=\"159dcf9a\" data-element_type=\"container\" data-e-type=\"container\">\n\t\t\t\t\t<div class=\"e-con-inner\">\n\t\t\t\t<div class=\"elementor-element elementor-element-48cee66f elementor-widget elementor-widget-heading\" data-id=\"48cee66f\" data-element_type=\"widget\" data-e-type=\"widget\" data-widget_type=\"heading.default\">\n\t\t\t\t\t<h2 class=\"elementor-heading-title elementor-size-default\">Skj\u00f3tt yfirlit: Mars<\/h2>\t\t\t\t<\/div>\n\t\t\t\t<div class=\"elementor-element elementor-element-3f50d82c elementor-widget elementor-widget-text-editor\" data-id=\"3f50d82c\" data-element_type=\"widget\" data-e-type=\"widget\" data-widget_type=\"text-editor.default\">\n\t\t\t\t\t\t\t\t\t<p>Frumheimildir eru fj\u00f6lmargar: Ovid, Virgill, H\u00f3ras, Acta Arvalium og latnesk \u00e1letranir. Af s\u00ed\u00f0ari fr\u00e6\u00f0im\u00f6nnum hafa Karl Latte, Georg Wissowa og <span class=\"iwg-fachbegriff\" tabindex=\"0\" data-tooltip=\"\u00de\u00fdskur tr\u00faarbrag\u00f0afr\u00e6\u00f0ingur (1931\u20132015); h\u00f6fu\u00f0verk Griechische Religion (1977).\">Walter Burkert<\/span> rannsaka\u00f0 uppruna og ummyndun str\u00ed\u00f0sgu\u00f0sins \u00ed r\u00edkisgu\u00f0. \u00datbrei\u00f0sla Mars-d\u00fdrkunar n\u00e1\u00f0i yfir allt r\u00f3mverska r\u00edki\u00f0 og blanda\u00f0ist saman vi\u00f0 galliska, germanska og bret\u00f3nska str\u00ed\u00f0sgu\u00f0i.<\/p>\t\t\t\t\t\t\t\t<\/div>\n\t\t\t\t\t<\/div>\n\t\t\t\t<\/div>\n\t\t\t\t\t<\/div>\n\t\t\t\t<\/div>\n\t\t\t\t\t<\/div>\n\t\t\t\t<\/div>\n\t\t<div class=\"elementor-element elementor-element-18613602 e-flex e-con-boxed e-con e-parent\" data-id=\"18613602\" data-element_type=\"container\" data-e-type=\"container\">\n\t\t\t\t\t<div class=\"e-con-inner\">\n\t\t\t\t<div class=\"elementor-element elementor-element-262b8a9f elementor-widget elementor-widget-heading\" data-id=\"262b8a9f\" data-element_type=\"widget\" data-e-type=\"widget\" data-widget_type=\"heading.default\">\n\t\t\t\t\t<h2 class=\"elementor-heading-title elementor-size-default\">Yfirlit<\/h2>\t\t\t\t<\/div>\n\t\t<div class=\"elementor-element elementor-element-46dcb7d e-con-full e-flex e-con e-child\" data-id=\"46dcb7d\" data-element_type=\"container\" data-e-type=\"container\">\n\t\t<div class=\"elementor-element elementor-element-61d3ab3 e-flex e-con-boxed e-con e-child\" data-id=\"61d3ab3\" data-element_type=\"container\" data-e-type=\"container\">\n\t\t\t\t\t<div class=\"e-con-inner\">\n\t\t\t\t<div class=\"elementor-element elementor-element-117c166 elementor-widget elementor-widget-heading\" data-id=\"117c166\" data-element_type=\"widget\" data-e-type=\"widget\" data-widget_type=\"heading.default\">\n\t\t\t\t\t<h3 class=\"elementor-heading-title elementor-size-default\">T\u00edmabil textanna<\/h3>\t\t\t\t<\/div>\n\t\t\t\t<div class=\"elementor-element elementor-element-73997a0 elementor-widget elementor-widget-text-editor\" data-id=\"73997a0\" data-element_type=\"widget\" data-e-type=\"widget\" data-widget_type=\"text-editor.default\">\n\t\t\t\t\t\t\t\t\t<p>Mars-d\u00fdrkunin \u00ed R\u00f3m n\u00e6r aftur til frumt\u00edma borgarinnar, \u00fear sem hann var \u00e1kalla\u00f0ur b\u00e6\u00f0i sem verndari akurlanda og sem str\u00ed\u00f0sgu\u00f0; h\u00e1t\u00ed\u00f0 hans f\u00e9ll \u00e1 m\u00e1nu\u00f0inn sem heitir eftir honum, mars. Eftir a\u00f0 fornaldarlegri tr\u00fa lauk lif\u00f0i pers\u00f3nan \u00e1fram \u00ed stj\u00f6rnufr\u00e6\u00f0i sem nafn reikistj\u00f6rnunnar, \u00ed listum n\u00fdaldar me\u00f0al annars \u00ed myndum af Mars og Venus, og \u00ed m\u00e1linu \u00ed l\u00fdsingaror\u00f0inu \u201eherna\u00f0arlegur&#8220; (martialisch \u00e1 \u00fe\u00fdsku).<\/p><h3>Go\u00f0s\u00f6gulegt samhengi<\/h3><p>Mars er r\u00f3mverski str\u00ed\u00f0sgu\u00f0inn, en fl\u00f3knari en einber bardagalyst. Mars er einnig gu\u00f0 reglu, hugrekkis og karlmennsku. \u00d6fugt vi\u00f0 Ares (gr\u00edskan) er hann aga\u00f0ur og stefnumi\u00f0a\u00f0ur, engan veginn villtur. Hann er fa\u00f0ir R\u00f3mar. Hlutverk hans sameinar ofbeldi og si\u00f0menningu.<\/p>\t\t\t\t\t\t\t\t<\/div>\n\t\t\t\t\t<\/div>\n\t\t\t\t<\/div>\n\t\t<div class=\"elementor-element elementor-element-d47b156 e-flex e-con-boxed e-con e-child\" data-id=\"d47b156\" data-element_type=\"container\" data-e-type=\"container\">\n\t\t\t\t\t<div class=\"e-con-inner\">\n\t\t\t\t<div class=\"elementor-element elementor-element-ff38c2b elementor-widget elementor-widget-heading\" data-id=\"ff38c2b\" data-element_type=\"widget\" data-e-type=\"widget\" data-widget_type=\"heading.default\">\n\t\t\t\t\t<h3 class=\"elementor-heading-title elementor-size-default\">\u00datbrei\u00f0slusv\u00e6\u00f0i<\/h3>\t\t\t\t<\/div>\n\t\t\t\t<div class=\"elementor-element elementor-element-4e49fcc elementor-widget elementor-widget-text-editor\" data-id=\"4e49fcc\" data-element_type=\"widget\" data-e-type=\"widget\" data-widget_type=\"text-editor.default\">\n\t\t\t\t\t\t\t\t\t<p>Mars var hvorki bundinn vi\u00f0 eitt sv\u00e6\u00f0i n\u00e9 tiltekna sta\u00f0i: hann var \u00feekktur og d\u00fdrka\u00f0ur, e\u00f0a \u00f3tta\u00f0ur, \u00ed \u00f6llum hinum r\u00f3mverska heimi. Hvort sem var \u00ed borgarkj\u00f6rnum e\u00f0a dreifb\u00fdli, me\u00f0al yfirst\u00e9ttar e\u00f0a almennings, var tr\u00faarleg og menningarleg \u00fe\u00fd\u00f0ing \u00feessarar v\u00e6ttar vi\u00f0urkennd alls sta\u00f0ar og af \u00f6llum.<\/p><p>Mars skipa\u00f0i sess n\u00e6st \u00e1 eftir J\u00fap\u00edter og var talinn forfa\u00f0ir r\u00f3mversku \u00fej\u00f3\u00f0arinnar, enda kemur hann fram \u00ed stofns\u00f6gunni sem fa\u00f0ir Romulusar og Remusar. D\u00fdrkun hans n\u00e1\u00f0i fr\u00e1 Marsvellinum sem samkomu- og \u00e6fingasta\u00f0 hersins til hinna sveitalegu akurg\u00f6ngu, og handan latnesku bandalaganna var hann \u00e1kalla\u00f0ur af \u00f6\u00f0rum \u00edt\u00f6lskum \u00fej\u00f3\u00f0um undir \u00e6ttartengdum n\u00f6fnum eins og osk\u00edska Mamers.<\/p>\t\t\t\t\t\t\t\t<\/div>\n\t\t\t\t\t<\/div>\n\t\t\t\t<\/div>\n\t\t\t\t<\/div>\n\t\t<div class=\"elementor-element elementor-element-db03c39 e-con-full e-flex e-con e-child\" data-id=\"db03c39\" data-element_type=\"container\" data-e-type=\"container\">\n\t\t<div class=\"elementor-element elementor-element-229a87b e-flex e-con-boxed e-con e-child\" data-id=\"229a87b\" data-element_type=\"container\" data-e-type=\"container\">\n\t\t\t\t\t<div class=\"e-con-inner\">\n\t\t\t\t<div class=\"elementor-element elementor-element-1f471fc elementor-widget elementor-widget-heading\" data-id=\"1f471fc\" data-element_type=\"widget\" data-e-type=\"widget\" data-widget_type=\"heading.default\">\n\t\t\t\t\t<h3 class=\"elementor-heading-title elementor-size-default\">Heimildasta\u00f0a<\/h3>\t\t\t\t<\/div>\n\t\t\t\t<div class=\"elementor-element elementor-element-36b1201 elementor-widget elementor-widget-text-editor\" data-id=\"36b1201\" data-element_type=\"widget\" data-e-type=\"widget\" data-widget_type=\"text-editor.default\">\n\t\t\t\t\t\t\t\t\t<p>Frumheimildir: Ummyndanir Ovids og Fasti, Eneasarkvi\u00f0a Virgils (8. b\u00f3k), \u00f3\u00f0ar H\u00f3rasar, De Natura Deorum Cicer\u00f3s, Sat\u00farnal\u00edur Makr\u00f3b\u00edusar.<\/p><p>Heimildirnar spanna t\u00edmabili\u00f0 fr\u00e1 fyrri l\u00fd\u00f0veldist\u00ed\u00f0 (6. \u00f6ld f.Kr.) til <span class=\"iwg-fachbegriff\" data-tooltip=\"Umbreytingart\u00edmabil milli fornaldar og mi\u00f0aldar, um 3. til 7. \u00f6ld.\" tabindex=\"0\">s\u00ed\u00f0fornaldar<\/span>. Fr\u00e6\u00f0imenn: Georg Wissowa, Karl Latte (R\u00f6mische Religionsgeschichte), <span class=\"iwg-fachbegriff\" tabindex=\"0\" data-tooltip=\"\u00de\u00fdskur tr\u00faarbrag\u00f0afr\u00e6\u00f0ingur (1931\u20132015); h\u00f6fu\u00f0verk Griechische Religion (1977).\">Walter Burkert<\/span> (Griechische Religion), Hubert Cancik. \u00c1letranir og fornleifafundir s\u00fdna byggingu hofa og athafnir \u00ed R\u00f3m, Kampan\u00edu, Gall\u00edu og me\u00f0 \u00e1nni R\u00edn.<\/p>\t\t\t\t\t\t\t\t<\/div>\n\t\t\t\t\t<\/div>\n\t\t\t\t<\/div>\n\t\t\t\t<\/div>\n\t\t\t\t\t<\/div>\n\t\t\t\t<\/div>\n\t\t<div class=\"elementor-element elementor-element-3ae0637c e-flex e-con-boxed e-con e-parent\" data-id=\"3ae0637c\" data-element_type=\"container\" data-e-type=\"container\">\n\t\t\t\t\t<div class=\"e-con-inner\">\n\t\t\t\t<div class=\"elementor-element elementor-element-31d07739 elementor-widget elementor-widget-heading\" data-id=\"31d07739\" data-element_type=\"widget\" data-e-type=\"widget\" data-widget_type=\"heading.default\">\n\t\t\t\t\t<h2 class=\"elementor-heading-title elementor-size-default\">Nafn og afbrig\u00f0i<\/h2>\t\t\t\t<\/div>\n\t\t<div class=\"elementor-element elementor-element-b7642947 e-con-full e-flex e-con e-child\" data-id=\"b7642947\" data-element_type=\"container\" data-e-type=\"container\">\n\t\t\t\t<div class=\"elementor-element elementor-element-a086266 elementor-widget elementor-widget-text-editor\" data-id=\"a086266\" data-element_type=\"widget\" data-e-type=\"widget\" data-widget_type=\"text-editor.default\">\n\t\t\t\t\t\t\t\t\t<p>Mars er s\u00fdndur \u00ed hinum \u00fdmsu hef\u00f0um og heimildum me\u00f0 \u00e1kve\u00f0num t\u00e1knmyndaeinkennum sem halda s\u00e9r a\u00f0 mestu \u00f3breyttum yfir \u00e1ratugi og landsv\u00e6\u00f0i. \u00deessi einkenni eru merkingarb\u00e6r og bera dj\u00fapa \u00fe\u00fd\u00f0ingu; \u00feau eru sannarlega ekki einber skreyting e\u00f0a tilviljun.<\/p><p>Mars er \u00ed r\u00f3mverskri list au\u00f0kenndur me\u00f0 hj\u00e1lmi, spj\u00f3ti og skildi og s\u00fdndur oftast sem herkl\u00e6ddur bardagama\u00f0ur. Honum eru eignu\u00f0 d\u00fdr eins og \u00falfurinn og sp\u00e6tan, sem koma vi\u00f0 s\u00f6gu \u00ed stofns\u00f6gu R\u00f3mar, auk hinna helgu skjaldarmerkja, Ancilia, sem prestast\u00e9tt Sal\u00edi bar \u00ed h\u00e1t\u00ed\u00f0legum skr\u00fa\u00f0g\u00f6ngum. \u00deessi t\u00e1kn ger\u00f0u \u00e1byrg\u00f0arsvi\u00f0 hans, herna\u00f0 og verndun, lj\u00f3st \u00ed flj\u00f3tu brag\u00f0i.<\/p>\t\t\t\t\t\t\t\t<\/div>\n\t\t\t\t<\/div>\n\t\t\t\t\t<\/div>\n\t\t\t\t<\/div>\n\t\t<div class=\"elementor-element elementor-element-709a44a8 e-flex e-con-boxed e-con e-parent\" data-id=\"709a44a8\" data-element_type=\"container\" data-e-type=\"container\">\n\t\t\t\t\t<div class=\"e-con-inner\">\n\t\t\t\t<div class=\"elementor-element elementor-element-2f585873 elementor-widget elementor-widget-heading\" data-id=\"2f585873\" data-element_type=\"widget\" data-e-type=\"widget\" data-widget_type=\"heading.default\">\n\t\t\t\t\t<h2 class=\"elementor-heading-title elementor-size-default\">Einkenni<\/h2>\t\t\t\t<\/div>\n\t\t<div class=\"elementor-element elementor-element-70621c12 e-con-full e-flex e-con e-child\" data-id=\"70621c12\" data-element_type=\"container\" data-e-type=\"container\">\n\t\t\t\t<div class=\"elementor-element elementor-element-4296eb49 elementor-widget elementor-widget-text-editor\" data-id=\"4296eb49\" data-element_type=\"widget\" data-e-type=\"widget\" data-widget_type=\"text-editor.default\">\n\t\t\t\t\t\t\t\t\t<p>Mars var mi\u00f0l\u00e6gur \u00ed tr\u00faari\u00f0kun og daglegri hugsun R\u00f3mverja. F\u00f3lk leita\u00f0i til \u00feessarar v\u00e6ttar \u00ed tilteknum kr\u00edt\u00edskum l\u00edfs\u00e1standum e\u00f0a \u00e1 vissum \u00e1rst\u00edmum, me\u00f0 skipul\u00f6g\u00f0um ath\u00f6fnum, b\u00e6num e\u00f0a f\u00f3rnargj\u00f6fum. I\u00f0kunin var n\u00e1kv\u00e6mlega hef\u00f0bundin og leidd af prestum e\u00f0a fagf\u00f3lki, ekkert vi\u00f0 hana var handah\u00f3fskennt e\u00f0a spuni.<\/p><p>D\u00fdrkun Mars kom fram \u00ed ath\u00f6fnum fyrir og eftir herfer\u00f0ir: \u00e1\u00f0ur en herfer\u00f0 h\u00f3fst snerti herforinginn hin helgu spj\u00f3t og skildi \u00ed Regia-helgista\u00f0num, Suovetaurilia-f\u00f3rnin \u00far sv\u00edni, sau\u00f0f\u00e9 og nauti \u00fej\u00f3na\u00f0i til hreinsunar \u00e1 landi og her, og okt\u00f3berhestaf\u00f3rnin lauk herfer\u00f0at\u00edmabilinu. Auk \u00feess tryg\u00f0i h\u00e1t\u00ed\u00f0 Ambarvalia me\u00f0 akurg\u00f6ngu verndun akranna.<\/p><h3>\u00c1s\u00fdnd og t\u00e1knm\u00e1l<\/h3><p>Mars er s\u00fdndur sem v\u00f6\u00f0vast\u00e6ltur bardagama\u00f0ur \u00ed fullum herkl\u00e6\u00f0um, oft me\u00f0 hj\u00e1lm, skj\u00f6ld og spj\u00f3t. Rau\u00f0ur litur er honum eiginn. Spj\u00f3t og sver\u00f0, \u00f6rn og \u00falfur eru t\u00e1kn hans. M\u00e1nu\u00f0urinn mars er nefndur eftir honum. Kraftur og herna\u00f0arleg hei\u00f0ur skilgreina hann.<\/p>\t\t\t\t\t\t\t\t<\/div>\n\t\t\t\t<\/div>\n\t\t\t\t\t<\/div>\n\t\t\t\t<\/div>\n\t\t<div class=\"elementor-element elementor-element-44e71476 e-flex e-con-boxed e-con e-parent\" data-id=\"44e71476\" data-element_type=\"container\" data-e-type=\"container\">\n\t\t\t\t\t<div class=\"e-con-inner\">\n\t\t\t\t<div class=\"elementor-element elementor-element-3c1fc3f0 elementor-widget elementor-widget-heading\" data-id=\"3c1fc3f0\" data-element_type=\"widget\" data-e-type=\"widget\" data-widget_type=\"heading.default\">\n\t\t\t\t\t<h2 class=\"elementor-heading-title elementor-size-default\">Pers\u00f3nul\u00fdsing: Mars<\/h2>\t\t\t\t<\/div>\n\t\t<div class=\"elementor-element elementor-element-84f33b8e e-con-full e-flex e-con e-child\" data-id=\"84f33b8e\" data-element_type=\"container\" data-e-type=\"container\">\n\t\t\t\t<div class=\"elementor-element elementor-element-hqkdc67p elementor-widget elementor-widget-text-editor\" data-id=\"hqkdc67p\" data-element_type=\"widget\" data-e-type=\"widget\" data-widget_type=\"text-editor.default\">\n\t\t\t\t\t\t\t\t\t<p>Eftirfarandi l\u00fdsing \u00fatsk\u00fdrir sex \u00fe\u00e6tti Mars: s\u00f6guleg og menningarleg uppruna hans, d\u00fdrkunarh\u00e6tti, myndr\u00e6nar framsetningar, \u00fe\u00fd\u00f0ingu fyrir vernd og <span class=\"iwg-fachbegriff\" data-tooltip=\"B\u00e6narlegt e\u00f0a \u00e1kallandi \u00e1varp til gu\u00f0s e\u00f0a m\u00e1ttarvalds.\" tabindex=\"0\">\u00e1kall<\/span>, hli\u00f0st\u00e6\u00f0ur \u00ed \u00f6\u00f0rum menningarheimum og lokayfirlit yfir tengdar go\u00f0myndir \u00ed n\u00e1l\u00e6gum hef\u00f0um.<\/p>\t\t\t\t\t\t\t\t<\/div>\n\t\t\t\t<\/div>\n\t\t<div class=\"elementor-element elementor-element-pemmx7c5 e-con-full e-flex e-con e-child\" data-id=\"pemmx7c5\" data-element_type=\"container\" data-e-type=\"container\">\n\t\t<div class=\"elementor-element elementor-element-pemmx7c1 e-con-full e-flex e-con e-child\" data-id=\"pemmx7c1\" data-element_type=\"container\" data-e-type=\"container\">\n\t\t<div class=\"elementor-element elementor-element-qh9oavvu iwg-steckbrief-card e-flex e-con-boxed e-con e-child\" data-id=\"qh9oavvu\" data-element_type=\"container\" data-e-type=\"container\">\n\t\t\t\t\t<div class=\"e-con-inner\">\n\t\t\t\t<div class=\"elementor-element elementor-element-awzx8k2k elementor-widget elementor-widget-heading\" data-id=\"awzx8k2k\" data-element_type=\"widget\" data-e-type=\"widget\" data-widget_type=\"heading.default\">\n\t\t\t\t\t<div class=\"elementor-heading-title elementor-size-default\">Uppruni Mars<\/div>\t\t\t\t<\/div>\n\t\t\t\t<div class=\"elementor-element elementor-element-x6rowhv0 elementor-widget elementor-widget-text-editor\" data-id=\"x6rowhv0\" data-element_type=\"widget\" data-e-type=\"widget\" data-widget_type=\"text-editor.default\">\n\t\t\t\t\t\t\t\t\t<p>Mars er me\u00f0al elstu r\u00f3mverskra gu\u00f0a. R\u00e6tur hans m\u00e1 rekja til ind\u00f3evr\u00f3pskra str\u00ed\u00f0sgu\u00f0a og til fyrstu \u00edt\u00f6lsku myndar frj\u00f3semisdem\u00f3ns. \u00cd Lat\u00edum var hann upphaflega verndari hjar\u00f0a og akra, en me\u00f0 auknum herna\u00f0ar\u00e1herslum breyttist hann \u00ed str\u00ed\u00f0sgu\u00f0.<\/p><p>Fyrsta \u00f6rugga nefning hans \u00ed Fasti Praenestini er t\u00edmasett til 4. aldar f.Kr., en d\u00fdrkun hans var mun eldri. <span class=\"iwg-fachbegriff\" data-tooltip=\"Bygging sem er \u00e6tlu\u00f0 til d\u00fdrkunar \u00e1 einum e\u00f0a fleiri gu\u00f0um.\" tabindex=\"0\">Hofi\u00f0<\/span> Mars \u00e1 Ares-torgi \u00ed R\u00f3m var endurv\u00edgt af \u00c1g\u00fastusi \u00e1ri\u00f0 20 f.Kr., og var \u00fe\u00e1 <span class=\"iwg-fachbegriff\" data-tooltip=\"Me\u00f0 tr\u00faarlegri ath\u00f6fn helga\u00f0 hinu heilaga og \u00fear me\u00f0 teki\u00f0 \u00far hinu hversdagslega.\" tabindex=\"0\">helga\u00f0<\/span> \u00e1 n\u00fd.<\/p>\t\t\t\t\t\t\t\t<\/div>\n\t\t\t\t\t<\/div>\n\t\t\t\t<\/div>\n\t\t<div class=\"elementor-element elementor-element-8e3o4kxs iwg-steckbrief-card e-flex e-con-boxed e-con e-child\" data-id=\"8e3o4kxs\" data-element_type=\"container\" data-e-type=\"container\">\n\t\t\t\t\t<div class=\"e-con-inner\">\n\t\t\t\t<div class=\"elementor-element elementor-element-08rkdgov elementor-widget elementor-widget-heading\" data-id=\"08rkdgov\" data-element_type=\"widget\" data-e-type=\"widget\" data-widget_type=\"heading.default\">\n\t\t\t\t\t<div class=\"elementor-heading-title elementor-size-default\">Markh\u00f3pur Mars<\/div>\t\t\t\t<\/div>\n\t\t\t\t<div class=\"elementor-element elementor-element-uwjelx8s elementor-widget elementor-widget-text-editor\" data-id=\"uwjelx8s\" data-element_type=\"widget\" data-e-type=\"widget\" data-widget_type=\"text-editor.default\">\n\t\t\t\t\t\t\t\t\t<p>Mars var \u00e1kalla\u00f0ur af herm\u00f6nnum, herforingjum, b\u00e6ndum og borgurum, s\u00e9rstaklega fyrir herfer\u00f0ir og \u00e1 str\u00ed\u00f0st\u00edmum. Prestast\u00e9tt S\u00f6lamanna (Salii) fagna\u00f0i honum me\u00f0 Equirria, hestahlaupum.<\/p><p>S\u00e1 <span class=\"iwg-fachbegriff\" data-tooltip=\"Hef\u00f0bundin ath\u00f6fn sem er endurtekin reglulega innan samf\u00e9lags.\" tabindex=\"0\">si\u00f0ur<\/span> Lupercalia (\u00ed febr\u00faar) f\u00f3l \u00ed s\u00e9r hreinsun og frj\u00f3semisblessun fyrir akra og fj\u00f6lskyldu. \u00c1g\u00fastus n\u00fdtti s\u00e9r Mars-d\u00fdrkun \u00ed stj\u00f3rnm\u00e1lalegum tilgangi: sem fa\u00f0ir R\u00f3m\u00falusar veitti gu\u00f0inn \u00e6ttarveldinu l\u00f6gm\u00e6ti. Hersh\u00f6f\u00f0ingjar b\u00e1\u00f0ust fyrir \u00e1\u00f0ur en til orrustu var haldi\u00f0.<\/p>\t\t\t\t\t\t\t\t<\/div>\n\t\t\t\t\t<\/div>\n\t\t\t\t<\/div>\n\t\t<div class=\"elementor-element elementor-element-jm2n74ec iwg-steckbrief-card e-flex e-con-boxed e-con e-child\" data-id=\"jm2n74ec\" data-element_type=\"container\" data-e-type=\"container\">\n\t\t\t\t\t<div class=\"e-con-inner\">\n\t\t\t\t<div class=\"elementor-element elementor-element-8vufse4c elementor-widget elementor-widget-heading\" data-id=\"8vufse4c\" data-element_type=\"widget\" data-e-type=\"widget\" data-widget_type=\"heading.default\">\n\t\t\t\t\t<div class=\"elementor-heading-title elementor-size-default\">\u00c1s\u00fdnd Mars<\/div>\t\t\t\t<\/div>\n\t\t\t\t<div class=\"elementor-element elementor-element-mwb9u015 elementor-widget elementor-widget-text-editor\" data-id=\"mwb9u015\" data-element_type=\"widget\" data-e-type=\"widget\" data-widget_type=\"text-editor.default\">\n\t\t\t\t\t\t\t\t\t<p>Mars var s\u00fdndur sem skeggja\u00f0ur, fullvopna\u00f0ur str\u00ed\u00f0sma\u00f0ur me\u00f0 hj\u00e1lm, skj\u00f6ld og spj\u00f3t. \u00cd myndlist bar hann herkl\u00e6\u00f0i r\u00f3mversks hermanns, oft me\u00f0 \u00e1hrifamiklu augnar\u00e1\u00f0i.<\/p><p>Me\u00f0al einkenna hans voru hesturinn, spj\u00f3ti\u00f0, skildirnir (ancile) og stundum sn\u00e1kurinn sem t\u00e1kna\u00f0i hinn \u00fe\u00f3n\u00edska \u00fe\u00e1tt hans. \u00c1 myntum s\u00e9st hann stundum st\u00e6\u00f0an, stundum r\u00ed\u00f0andi. \u00c1 alt\u00f6rum er hann oft s\u00fdndur me\u00f0 Venus, \u00fear sem samband \u00feeirra t\u00e1kna\u00f0i go\u00f0s\u00f6gulega og heimsfr\u00e6\u00f0ilega samhlj\u00f3\u00f0an.<\/p>\t\t\t\t\t\t\t\t<\/div>\n\t\t\t\t\t<\/div>\n\t\t\t\t<\/div>\n\t\t\t\t<\/div>\n\t\t<div class=\"elementor-element elementor-element-pemmx7c2 e-con-full e-flex e-con e-child\" data-id=\"pemmx7c2\" data-element_type=\"container\" data-e-type=\"container\">\n\t\t<div class=\"elementor-element elementor-element-37ss2yr6 iwg-steckbrief-card e-flex e-con-boxed e-con e-child\" data-id=\"37ss2yr6\" data-element_type=\"container\" data-e-type=\"container\">\n\t\t\t\t\t<div class=\"e-con-inner\">\n\t\t\t\t<div class=\"elementor-element elementor-element-3v0wp3wx elementor-widget elementor-widget-heading\" data-id=\"3v0wp3wx\" data-element_type=\"widget\" data-e-type=\"widget\" data-widget_type=\"heading.default\">\n\t\t\t\t\t<div class=\"elementor-heading-title elementor-size-default\">\u00c1hrifasvi\u00f0 Mars<\/div>\t\t\t\t<\/div>\n\t\t\t\t<div class=\"elementor-element elementor-element-w3247g2m elementor-widget elementor-widget-text-editor\" data-id=\"w3247g2m\" data-element_type=\"widget\" data-e-type=\"widget\" data-widget_type=\"text-editor.default\">\n\t\t\t\t\t\t\t\t\t<p><strong>\u00c1hrifasvi\u00f0:<\/strong> Mars er str\u00ed\u00f0sgu\u00f0, en einnig gu\u00f0 gr\u00f3\u00f0urs og akuruppskeru. H\u00e1t\u00ed\u00f0ir hans, Lupercalia og marsm\u00e1na\u00f0arh\u00e1t\u00ed\u00f0in, eru merki um frj\u00f3semis- og hreinsunarathafnir.<\/p><p>\u00cd R\u00f3m var Mars d\u00fdrka\u00f0ur meira sem verndari borgarinnar og landb\u00fana\u00f0arins, str\u00ed\u00f0sma\u00f0urinn sem var\u00f0i f\u00f3lki\u00f0 og ger\u00f0i landi\u00f0 frj\u00f3samt. B\u00f6rn hans me\u00f0 Venus, R\u00f3m\u00falus og Remus, s\u00fdna tengsl hans vi\u00f0 stofnun r\u00edkis og borgar.<\/p>\t\t\t\t\t\t\t\t<\/div>\n\t\t\t\t\t<\/div>\n\t\t\t\t<\/div>\n\t\t<div class=\"elementor-element elementor-element-0qpjal9w iwg-steckbrief-card e-flex e-con-boxed e-con e-child\" data-id=\"0qpjal9w\" data-element_type=\"container\" data-e-type=\"container\">\n\t\t\t\t\t<div class=\"e-con-inner\">\n\t\t\t\t<div class=\"elementor-element elementor-element-6ndoih0o elementor-widget elementor-widget-heading\" data-id=\"6ndoih0o\" data-element_type=\"widget\" data-e-type=\"widget\" data-widget_type=\"heading.default\">\n\t\t\t\t\t<div class=\"elementor-heading-title elementor-size-default\">V\u00f6rn tengd Mars<\/div>\t\t\t\t<\/div>\n\t\t\t\t<div class=\"elementor-element elementor-element-6684tyh9 elementor-widget elementor-widget-text-editor\" data-id=\"6684tyh9\" data-element_type=\"widget\" data-e-type=\"widget\" data-widget_type=\"text-editor.default\">\n\t\t\t\t\t\t\t\t\t<p>Mars var \u00e1varpa\u00f0ur me\u00f0 <span class=\"iwg-fachbegriff\" data-tooltip=\"B\u00e6narlegt e\u00f0a \u00e1kallandi \u00e1varp til gu\u00f0s e\u00f0a m\u00e1ttarvalds.\" tabindex=\"0\">\u00e1kalli<\/span> og lotningarfullri vir\u00f0ingu, ekki einungis sem verndargu\u00f0 heldur si\u00f0fer\u00f0ilegt afl. Fyrir mikilv\u00e6g fyrirt\u00e6ki var f\u00f3rna\u00f0 nautum, sau\u00f0um og hestum.<\/p><p>Athafnir til a\u00f0 afst\u00fdra \u00f3heillum stefndu a\u00f0 \u00fev\u00ed a\u00f0 bl\u00ed\u00f0ka Mars og lei\u00f0a hi\u00f0 \u00e1r\u00e1sargjarna afl hans \u00ed r\u00e9ttan farveg. \u00c1 heimilum voru litlar Mars-styttur (sigilla) reistar til a\u00f0 vernda h\u00fasi\u00f0 og fj\u00f6lskylduna fr\u00e1 ska\u00f0a.<\/p>\t\t\t\t\t\t\t\t<\/div>\n\t\t\t\t\t<\/div>\n\t\t\t\t<\/div>\n\t\t<div class=\"elementor-element elementor-element-3lfi7x32 iwg-steckbrief-card e-flex e-con-boxed e-con e-child\" data-id=\"3lfi7x32\" data-element_type=\"container\" data-e-type=\"container\">\n\t\t\t\t\t<div class=\"e-con-inner\">\n\t\t\t\t<div class=\"elementor-element elementor-element-0kg99ga1 elementor-widget elementor-widget-heading\" data-id=\"0kg99ga1\" data-element_type=\"widget\" data-e-type=\"widget\" data-widget_type=\"heading.default\">\n\t\t\t\t\t<div class=\"elementor-heading-title elementor-size-default\">Hli\u00f0st\u00e6\u00f0ur Mars<\/div>\t\t\t\t<\/div>\n\t\t\t\t<div class=\"elementor-element elementor-element-n0fum6kp elementor-widget elementor-widget-text-editor\" data-id=\"n0fum6kp\" data-element_type=\"widget\" data-e-type=\"widget\" data-widget_type=\"text-editor.default\">\n\t\t\t\t\t\t\t\t\t<p>\u00cd gr\u00edskri hef\u00f0 svarar Ares til svipa\u00f0s, en minna virts gu\u00f0s, \u00f3reglulegs og bl\u00f3\u00f0\u00feyrsts. Etr\u00faskar Tinia-myndir s\u00fdna hli\u00f0st\u00e6\u00f0ur vi\u00f0 str\u00ed\u00f0sgu\u00f0inn. \u00c1 germ\u00f6nsku sv\u00e6\u00f0i bera T\u00edwaz\/T\u00fdr og \u00d3\u00f0inn (Wodan) svipu\u00f0 hlutverk. Mes\u00f3p\u00f3tam\u00edsku gu\u00f0irnir Nergal og Erra t\u00e1kna pl\u00e1gu og str\u00ed\u00f0. \u00deessir gu\u00f0ir deila me\u00f0 Mars \u00feeirri breytingu \u00far akurvernd \u00ed str\u00ed\u00f0sgu\u00f0.<\/p>\t\t\t\t\t\t\t\t<\/div>\n\t\t\t\t\t<\/div>\n\t\t\t\t<\/div>\n\t\t\t\t<\/div>\n\t\t\t\t<\/div>\n\t\t\t\t\t<\/div>\n\t\t\t\t<\/div>\n\t\t<div class=\"elementor-element elementor-element-5a584676 e-flex e-con-boxed e-con e-parent\" data-id=\"5a584676\" data-element_type=\"container\" data-e-type=\"container\">\n\t\t\t\t\t<div class=\"e-con-inner\">\n\t\t\t\t<div class=\"elementor-element elementor-element-6d0757bf elementor-widget elementor-widget-heading\" data-id=\"6d0757bf\" data-element_type=\"widget\" data-e-type=\"widget\" data-widget_type=\"heading.default\">\n\t\t\t\t\t<h2 class=\"elementor-heading-title elementor-size-default\">Hli\u00f0st\u00e6\u00f0ur Mars \u00ed \u00f6\u00f0rum menningarheimum<\/h2>\t\t\t\t<\/div>\n\t\t<div class=\"elementor-element elementor-element-60563f68 e-con-full e-flex e-con e-child\" data-id=\"60563f68\" data-element_type=\"container\" data-e-type=\"container\">\n\t\t\t\t<div class=\"elementor-element elementor-element-5a93fdd6 elementor-widget elementor-widget-text-editor\" data-id=\"5a93fdd6\" data-element_type=\"widget\" data-e-type=\"widget\" data-widget_type=\"text-editor.default\">\n\t\t\t\t\t\t\t\t\t<p>Mars sameinar hlutverk gr\u00edska Aresar og gr\u00f3\u00f0ur- og akurgu\u00f0s, hlutverkasamsetningu sem \u00e1 s\u00e9r ekki beina hli\u00f0st\u00e6\u00f0u \u00ed gr\u00edskri go\u00f0afr\u00e6\u00f0i. \u00dear sem Ares birtist a\u00f0 mestu sem hreinr\u00e6kta\u00f0ur str\u00ed\u00f0sofst\u00e6kisma\u00f0ur, er Mars \u00ed r\u00f3mverska t\u00edmatalinu tengdur s\u00e1ningarsi\u00f0um \u00feegar \u00ed marsm\u00e1nu\u00f0i.<\/p>\n<p><p><strong>Hebresk hef\u00f0:<\/strong> \u00cd hebreskri <span class=\"iwg-fachbegriff\" data-tooltip=\"Fr\u00e6\u00f0ileg kenning um gu\u00f0 og tr\u00fa innan tr\u00faarbrag\u00f0a.\" tabindex=\"0\">gu\u00f0fr\u00e6\u00f0i<\/span> er engin bein hli\u00f0st\u00e6\u00f0a vi\u00f0 Mars. Hugmyndin um str\u00ed\u00f0 sem gu\u00f0legt hlutverk er me\u00f0h\u00f6ndlu\u00f0 \u00e1 annan h\u00e1tt: JHVH er gu\u00f0 herskaranna (Seba\u00f3t), en ekki s\u00e9rh\u00e6f\u00f0ur str\u00ed\u00f0sgu\u00f0. Hellenska t\u00edmabili\u00f0 haf\u00f0i \u00ed f\u00f6r me\u00f0 s\u00e9r snertingu, en ekki samruna vi\u00f0 Mars-d\u00fdrkun.<\/p><p><strong>Gr\u00edsk-r\u00f3mverski heimurinn:<\/strong> Ares er gr\u00edska hli\u00f0st\u00e6\u00f0an, en hann var l\u00edtils virtur og v\u00edkjandi fyrir A\u00feenu, sem t\u00e1kna\u00f0i herk\u00e6nsku. Mars \u00e1 m\u00f3ti var h\u00e1tt virtur, sem undirstrikar hi\u00f0 \u00f3l\u00edka stj\u00f3rnm\u00e1lalega hlutverk R\u00f3mar. Samruninn undir s\u00ed\u00f0ari keisurum (Ares-Mars-<span class=\"iwg-fachbegriff\" data-tooltip=\"Samruni hugmynda e\u00f0a gu\u00f0a \u00far mismunandi tr\u00faarhef\u00f0um.\" tabindex=\"0\">samr\u00e6\u00f0ing<\/span>) s\u00fdnir \u00fe\u00f3 gagnkv\u00e6ma a\u00f0l\u00f6gun.<\/p><p><strong>Mes\u00f3p\u00f3tam\u00eda:<\/strong> Nergal, str\u00ed\u00f0sgu\u00f0 og konungur undirheima, deilir me\u00f0 Mars \u00feeirri tv\u00ede\u00f0li sem felur \u00ed s\u00e9r ey\u00f0ingu og vernd. Erra er \u00e1r\u00e1sargj\u00f6rn str\u00ed\u00f0spers\u00f3na, en tengdur r\u00edkisstr\u00fakt\u00far \u00ed minna m\u00e6li. Mes\u00f3p\u00f3tam\u00edskir str\u00ed\u00f0smenn b\u00e1\u00f0u um <span class=\"iwg-fachbegriff\" data-tooltip=\"Yfirl\u00fdsing um heill og vernd, oft \u00ed fastri m\u00e1lformger\u00f0.\" tabindex=\"0\">blessun<\/span> Nergals eins og r\u00f3mverskir hersveitarmenn b\u00e1\u00f0u um blessun Mars.<\/p><p><strong>Indland\/As\u00eda:<\/strong> Skanda\/Murugan \u00ed hind\u00faisma er str\u00ed\u00f0sgu\u00f0, en undirsettur \u00ed heimsfr\u00e6\u00f0ilegri stigveldi. \u00cd frumb\u00faddisma er engin str\u00ed\u00f0sgu\u00f0 til. \u00cd K\u00edna var Guan Yu d\u00fdrka\u00f0ur sem str\u00ed\u00f0sgu\u00f0 hei\u00f0urs og r\u00e9ttl\u00e6tis, s\u00ed\u00f0ar helga\u00f0ur sem d\u00fdrlingur, sem er byggingarlegt hli\u00f0st\u00e6\u00f0ud\u00e6mi vi\u00f0 p\u00f3lit\u00edska hlutverkasetningu Mars.<\/p>\t\t\t\t\t\t\t\t<\/div>\n\t\t\t\t<\/div>\n\t\t\t\t\t<\/div>\n\t\t\t\t<\/div>\n\t\t<div class=\"elementor-element elementor-element-cpd8eb093 e-flex e-con-boxed e-con e-parent\" data-id=\"cpd8eb093\" data-element_type=\"container\" data-e-type=\"container\">\n\t\t\t\t\t<div class=\"e-con-inner\">\n\t\t\t\t<div class=\"elementor-element elementor-element-cp9f1bcac elementor-widget elementor-widget-heading\" data-id=\"cp9f1bcac\" data-element_type=\"widget\" data-e-type=\"widget\" data-widget_type=\"heading.default\">\n\t\t\t\t\t<h2 class=\"elementor-heading-title elementor-size-default\">Mars sem forn\u00edtalskur gu\u00f0 fyrir sams\u00f6mun vi\u00f0 Ares<\/h2>\t\t\t\t<\/div>\n\t\t<div class=\"elementor-element elementor-element-cp22eefc3 e-con-full e-flex e-con e-child\" data-id=\"cp22eefc3\" data-element_type=\"container\" data-e-type=\"container\">\n\t\t\t\t<div class=\"elementor-element elementor-element-cpa573e59 elementor-widget elementor-widget-text-editor\" data-id=\"cpa573e59\" data-element_type=\"widget\" data-e-type=\"widget\" data-widget_type=\"text-editor.default\">\n\t\t\t\t\t\t\t\t\t<p>\u00cd almennri vitund er Mars talinn hin r\u00f3mverska hli\u00f0st\u00e6\u00f0a gr\u00edska str\u00ed\u00f0sgu\u00f0sins Aresar. \u00deessi samsv\u00f6run er b\u00f3kmenntalega r\u00e9ttm\u00e6t en hylur \u00fe\u00e1 sta\u00f0reynd a\u00f0 Mars var upphaflega sj\u00e1lfst\u00e6\u00f0ur forn\u00edtalskur gu\u00f0 me\u00f0 mun v\u00ed\u00f0t\u00e6kara verksvi\u00f0.<\/p><p>Elstu heimildirnar, fyrst og fremst hi\u00f0 forna Arval-kv\u00e6\u00f0i og v\u00edsbendingar hj\u00e1 Cato eldri, s\u00fdna gu\u00f0 sem var \u00e1byrgur fyrir verndun akra, b\u00faf\u00e9na\u00f0ar og landamerkja jafnt sem fyrir str\u00ed\u00f0.<\/p><p>Cato greinir \u00ed riti s\u00ednu <em>De agri cultura<\/em> fr\u00e1 <span class=\"iwg-fachbegriff\" data-tooltip=\"M\u00e1lleg \u00e1varpsath\u00f6fn manns til gu\u00f0d\u00f3ms.\" tabindex=\"0\">b\u00e6n<\/span> sem felur b\u00f3nda a\u00f0 bi\u00f0ja Mars um vernd fyrir b\u00fa sitt, fj\u00f6lskyldu og b\u00faf\u00e9na\u00f0 og f\u00e6ra honum \u00ed sta\u00f0inn \u00ferefalda <span class=\"iwg-fachbegriff\" data-tooltip=\"Gj\u00f6f til gu\u00f0d\u00f3ms til a\u00f0 tj\u00e1 \u00fe\u00f6kk, b\u00f3n e\u00f0a tilbei\u00f0slu.\" tabindex=\"0\">f\u00f3rn<\/span>, hina svok\u00f6llu\u00f0u <em>suovetaurilia<\/em> sem samanst\u00f3\u00f0 af sv\u00edni, sau\u00f0 og naut.<\/p><p>\u00cd \u00feessari <span class=\"iwg-fachbegriff\" data-tooltip=\"M\u00e1lleg \u00e1varpsath\u00f6fn manns til gu\u00f0d\u00f3ms.\" tabindex=\"0\">b\u00e6n<\/span> birtist Mars sem varnarm\u00e1ttur gegn sj\u00fakd\u00f3mum, \u00f3frj\u00f3semi og \u00f3ve\u00f0rum. \u00deessi landb\u00fana\u00f0arlega hli\u00f0 er kjarni hins forna Mars-d\u00fdrkunar og er langt fr\u00e1 \u00fev\u00ed a\u00f0 vera aukaatri\u00f0i.<\/p><p>Fr\u00e6\u00f0imenn hafa \u00fatsk\u00fdrt \u00feetta v\u00ed\u00f0t\u00e6ka verksvi\u00f0 \u00e1 \u00fdmsa vegu. Ein t\u00falkun telur Mars upphaflega hafa veri\u00f0 almennan verndargu\u00f0 samf\u00e9lagsins, \u00fear sem varnarhlutverk hans birtist \u00fat \u00e1 vi\u00f0 sem herna\u00f0ur og inn \u00e1 vi\u00f0 sem verndun akurs og hjar\u00f0ar.<\/p><p>Hinn \u00edtalski Mars var \u00fear me\u00f0 ekki jafn \u00fer\u00f6ngt s\u00e9rh\u00e6f\u00f0ur og gr\u00edski Ares, sem h\u00e9lst \u00ed gr\u00edska <span class=\"iwg-fachbegriff\" data-tooltip=\"Heild gu\u00f0anna \u00ed tr\u00faarbr\u00f6g\u00f0um e\u00f0a menningu.\" tabindex=\"0\">go\u00f0aveldinu (pantheon)<\/span> eins og \u00e1hrifal\u00edtil, hreinlega hersk\u00e1 ja\u00f0arpers\u00f3na.<\/p><p>Fyrst hin b\u00f3kmenntalega samsv\u00f6run \u00e1 hellen\u00edskum t\u00edma og keisarat\u00edmanum \u00fdtti hinum fornu hlutverkum \u00ed bakgrunninn. Til a\u00f0 skilja hinn r\u00f3mverska Mars er \u00fev\u00ed mikilv\u00e6gt a\u00f0 taka gr\u00edska hli\u00f0st\u00e6\u00f0una ekki sem heildarmyndina.<\/p>\t\t\t\t\t\t\t\t<\/div>\n\t\t\t\t<\/div>\n\t\t\t\t\t<\/div>\n\t\t\t\t<\/div>\n\t\t<div class=\"elementor-element elementor-element-cpbe049f5 e-flex e-con-boxed e-con e-parent\" data-id=\"cpbe049f5\" data-element_type=\"container\" data-e-type=\"container\">\n\t\t\t\t\t<div class=\"e-con-inner\">\n\t\t\t\t<div class=\"elementor-element elementor-element-cp2341e5e elementor-widget elementor-widget-heading\" data-id=\"cp2341e5e\" data-element_type=\"widget\" data-e-type=\"widget\" data-widget_type=\"heading.default\">\n\t\t\t\t\t<h2 class=\"elementor-heading-title elementor-size-default\">Mars sem \u00e6ttfa\u00f0ir R\u00f3mar<\/h2>\t\t\t\t<\/div>\n\t\t<div class=\"elementor-element elementor-element-cp384072b e-con-full e-flex e-con e-child\" data-id=\"cp384072b\" data-element_type=\"container\" data-e-type=\"container\">\n\t\t\t\t<div class=\"elementor-element elementor-element-cp928dcb7 elementor-widget elementor-widget-text-editor\" data-id=\"cp928dcb7\" data-element_type=\"widget\" data-e-type=\"widget\" data-widget_type=\"text-editor.default\">\n\t\t\t\t\t\t\t\t\t<p>\u00cd r\u00f3mverskri sj\u00e1lfsmynd hefur Mars s\u00e9rstakan sess \u00ed \u00e6tterni. Hann er talinn fa\u00f0ir tv\u00edburanna R\u00f3m\u00falusar og Remusar og \u00fear me\u00f0 forfa\u00f0ir r\u00f3mverska \u00fej\u00f3\u00f0arins.<\/p><p>Samkv\u00e6mt stofns\u00f6gunni, sem var\u00f0veitt er hj\u00e1 Liv\u00edusi og \u00f6\u00f0rum, \u00f3l vestumeyjan Rhea Silvia tv\u00edburana me\u00f0 Mars. B\u00f6rnin voru borin \u00fat, sogin af \u00falfynju, d\u00fdri helgu\u00f0u Mars, og alin upp af hjar\u00f0manni. R\u00f3m\u00falus stofna\u00f0i s\u00ed\u00f0ar borgina.<\/p><p>\u00deessi uppruni ger\u00f0i Mars a\u00f0 \u00e6tt- og valdap\u00f3lit\u00edskum gu\u00f0i, ekki a\u00f0eins n\u00e1tt\u00farum\u00e6tti. \u00c6ttin <em>gens Iulia<\/em>, \u00e6tt Caesars og \u00fear me\u00f0 einnig \u00c1g\u00fastusar, taldi sig komna fr\u00e1 Aeneas gegnum Venus, en tengsl R\u00f3mar vi\u00f0 Mars \u00ed heild voru \u00fe\u00f3 fastur \u00fe\u00e1ttur \u00ed r\u00edkishugmyndafr\u00e6\u00f0inni.<\/p><p>\u00c1g\u00fastus efldi \u00feessa tengingu me\u00f0 \u00fev\u00ed a\u00f0 reisa <span class=\"iwg-fachbegriff\" data-tooltip=\"Bygging sem er helgu\u00f0 tilbei\u00f0slu einnar e\u00f0a fleiri gu\u00f0vera.\" tabindex=\"0\">hof<\/span> <em>Mars Ultor<\/em>, hefnandans, og ger\u00f0i \u00fea\u00f0 a\u00f0 mi\u00f0punkti hins n\u00fdja torgs sins. Vi\u00f0urnefni\u00f0 <em>Ultor<\/em> tengdist hefndinni fyrir mor\u00f0i\u00f0 \u00e1 Caesar og endurheimt herf\u00e1nanna sem Par\u00fear h\u00f6f\u00f0u teki\u00f0 herfang.<\/p><p>Sp\u00e6tan, helga\u00f0ur Mars sem <em>picus Martius<\/em>, og \u00falfurinn voru me\u00f0al d\u00fdranna sem gu\u00f0inn birtist \u00ed gegnum \u00ed stofns\u00f6gunni. M\u00e1nu\u00f0urinn mars, \u00e1 lat\u00ednu <em>Martius<\/em>, dregur nafn sitt af honum og var \u00ed hinu forna r\u00f3mverska t\u00edmatali talinn upphaf \u00e1rsins og herfer\u00f0at\u00edmans.<\/p><p>Samofnun <span class=\"iwg-fachbegriff\" data-tooltip=\"Hef\u00f0bundin fr\u00e1s\u00f6gn um gu\u00f0i, uppruna og skipan heimsins.\" tabindex=\"0\">go\u00f0sagna<\/span>, t\u00edmatals og p\u00f3lit\u00edskrar s\u00f6gu gerir Mars a\u00f0 gu\u00f0i \u00fear sem <span class=\"iwg-fachbegriff\" data-tooltip=\"Heild tr\u00faarlegra tilbei\u00f0sluathafna fyrir gu\u00f0d\u00f3m e\u00f0a heilaga vera.\" tabindex=\"0\">d\u00fdrkunin<\/span> var n\u00e1i\u00f0 tengd sj\u00e1lfsmynd borgarinnar. \u00d3l\u00edkt m\u00f6rgum gu\u00f0um snerist \u00fea\u00f0 hj\u00e1 honum ekki bara um tilbei\u00f0slu heldur um uppruna sj\u00e1lfs samf\u00e9lagsins.<\/p>\t\t\t\t\t\t\t\t<\/div>\n\t\t\t\t<\/div>\n\t\t\t\t\t<\/div>\n\t\t\t\t<\/div>\n\t\t<div class=\"elementor-element elementor-element-cpb74b0a2 e-flex e-con-boxed e-con e-parent\" data-id=\"cpb74b0a2\" data-element_type=\"container\" data-e-type=\"container\">\n\t\t\t\t\t<div class=\"e-con-inner\">\n\t\t\t\t<div class=\"elementor-element elementor-element-cp1d5d03e elementor-widget elementor-widget-heading\" data-id=\"cp1d5d03e\" data-element_type=\"widget\" data-e-type=\"widget\" data-widget_type=\"heading.default\">\n\t\t\t\t\t<h2 class=\"elementor-heading-title elementor-size-default\">Saliarnir og d\u00fdrkun hinna helgu skjaldar<\/h2>\t\t\t\t<\/div>\n\t\t<div class=\"elementor-element elementor-element-cpe517ad6 e-con-full e-flex e-con e-child\" data-id=\"cpe517ad6\" data-element_type=\"container\" data-e-type=\"container\">\n\t\t\t\t<div class=\"elementor-element elementor-element-cp9594cbe elementor-widget elementor-widget-text-editor\" data-id=\"cp9594cbe\" data-element_type=\"widget\" data-e-type=\"widget\" data-widget_type=\"text-editor.default\">\n\t\t\t\t\t\t\t\t\t<p>Me\u00f0al athyglisver\u00f0ustu stofnana r\u00f3mverska Mars-d\u00fdrkunarins voru Saliarnir, prestast\u00e9tt t\u00f3lf manna sem var a\u00f0eins opin patris\u00edum. Nafni\u00f0 er dregi\u00f0 af latnesku or\u00f0inu <em>salire<\/em>, a\u00f0 hlaupa e\u00f0a dansa, \u00fev\u00ed <span class=\"iwg-fachbegriff\" data-tooltip=\"Skipul\u00f6g\u00f0 r\u00f6\u00f0 t\u00e1knr\u00e6nna athafna me\u00f0 tr\u00faarlega e\u00f0a menningarlega merkingu.\" tabindex=\"0\">helgisi\u00f0ur<\/span> \u00feeirra f\u00f3lst a\u00f0allega \u00ed vopnadansi um borgina.<\/p><p>Saliarnir gengu s\u00e9rstaklega \u00ed mars, m\u00e1nu\u00f0i Mars, um R\u00f3m \u00ed fornlegum b\u00faningi: me\u00f0 bronshj\u00e1lm, stutt sver\u00f0, m\u00e1la\u00f0an kl\u00e6\u00f0na\u00f0 og helgan skj\u00f6ld \u00e1 handleggnum.<\/p><p>\u00deessir skildir, <em>ancilia<\/em>, voru mi\u00f0punktur helgisi\u00f0arins. Samkv\u00e6mt <span class=\"iwg-fachbegriff\" data-tooltip=\"Mi\u00f0lun \u00feekkingar og fr\u00e1sagna milli kynsl\u00f3\u00f0a.\" tabindex=\"0\">munnm\u00e6lum<\/span> haf\u00f0i einn \u00feeirra falli\u00f0 af himni, tryggingarpant fyrir tilvist R\u00f3mar. Til a\u00f0 hann yr\u00f0i ekki stolinn l\u00e9t sagnakonungurinn Numa Pompilius gera ellefu eftirmyndir jafng\u00f3\u00f0ar.<\/p><p>Saliarnir var\u00f0veittu skildina t\u00f3lf og b\u00e1ru \u00fe\u00e1 me\u00f0 s\u00e9r \u00ed skr\u00fa\u00f0g\u00f6ngum s\u00ednum. Dansinum fylgdi s\u00f6ngur <em>carmen Saliare<\/em>, texta n\u00e1skyldum Arval-kv\u00e6\u00f0inu, svo fornlegs a\u00f0 R\u00f3mverjar hins klass\u00edska t\u00edma skildu hann vart lengur.<\/p><p>Saliarnir m\u00f6rku\u00f0u upphaf og endi herfer\u00f0at\u00edmans. Helgisi\u00f0ir \u00feeirra \u00ed mars h\u00f3fu t\u00edmann \u00feegar heimilt var a\u00f0 heyja str\u00ed\u00f0, annar <span class=\"iwg-fachbegriff\" data-tooltip=\"Skipul\u00f6g\u00f0 r\u00f6\u00f0 t\u00e1knr\u00e6nna athafna me\u00f0 tr\u00faarlega e\u00f0a menningarlega merkingu.\" tabindex=\"0\">helgisi\u00f0ur<\/span> \u00ed okt\u00f3ber lauk honum. \u00deessi sta\u00f0setning \u00ed \u00e1rshringnum s\u00fdnir enn hvernig Mars st\u00f3\u00f0 milli hins hersk\u00e1 og hins landb\u00fana\u00f0arlega svi\u00f0s.<\/p><p>Fyrir fr\u00e6\u00f0imenn eru Saliarnir mikilv\u00e6gir \u00fev\u00ed \u00feeir var\u00f0veittu mj\u00f6g fornan \u00fe\u00e1tt r\u00f3mverskra tr\u00faarbrag\u00f0a, b\u00e6\u00f0i \u00ed m\u00e1li og formi. Margt \u00ed <span class=\"iwg-fachbegriff\" data-tooltip=\"Skipul\u00f6g\u00f0 r\u00f6\u00f0 t\u00e1knr\u00e6nna athafna me\u00f0 tr\u00faarlega e\u00f0a menningarlega merkingu.\" tabindex=\"0\">helgisi\u00f0num<\/span> var jafnvel fornum h\u00f6fundum \u00f3skiljanlegt, sem gerir heimildast\u00f6\u00f0una a\u00f0 sama skapi g\u00f6tuga.<\/p>\t\t\t\t\t\t\t\t<\/div>\n\t\t\t\t<\/div>\n\t\t\t\t\t<\/div>\n\t\t\t\t<\/div>\n\t\t<div class=\"elementor-element elementor-element-cpd54e62c e-flex e-con-boxed e-con e-parent\" data-id=\"cpd54e62c\" data-element_type=\"container\" data-e-type=\"container\">\n\t\t\t\t\t<div class=\"e-con-inner\">\n\t\t\t\t<div class=\"elementor-element elementor-element-cp6a874e4 elementor-widget elementor-widget-heading\" data-id=\"cp6a874e4\" data-element_type=\"widget\" data-e-type=\"widget\" data-widget_type=\"heading.default\">\n\t\t\t\t\t<h2 class=\"elementor-heading-title elementor-size-default\">Helgista\u00f0ir, Marsv\u00f6llurinn og h\u00e1t\u00ed\u00f0ir<\/h2>\t\t\t\t<\/div>\n\t\t<div class=\"elementor-element elementor-element-cp556b925 e-con-full e-flex e-con e-child\" data-id=\"cp556b925\" data-element_type=\"container\" data-e-type=\"container\">\n\t\t\t\t<div class=\"elementor-element elementor-element-cp06323e8 elementor-widget elementor-widget-text-editor\" data-id=\"cp06323e8\" data-element_type=\"widget\" data-e-type=\"widget\" data-widget_type=\"text-editor.default\">\n\t\t\t\t\t\t\t\t\t<p>Landfr\u00e6\u00f0ileg festing Mars \u00ed R\u00f3m var \u00f3venjuleg. Elsti helgista\u00f0ur hans l\u00e1 samkv\u00e6mt <span class=\"iwg-fachbegriff\" data-tooltip=\"Mi\u00f0lun \u00feekkingar og fr\u00e1sagna milli kynsl\u00f3\u00f0a.\" tabindex=\"0\">munnm\u00e6lum<\/span> utan sj\u00e1lfrar borgarinnar, \u00e1 <em>Campus Martius<\/em>, Marsvellinum \u00ed sveig T\u00edberflj\u00f3tsins. \u00deessi sta\u00f0setning haf\u00f0i helgir\u00e9tta \u00e1st\u00e6\u00f0u: vopna\u00f0ir menn og herinn m\u00e1ttu ekki fara yfir Pomerium, hin heil\u00f6gu borgarm\u00f6rk.<\/p><p>Marsv\u00f6llurinn var \u00fev\u00ed sta\u00f0ur fyrir herkva\u00f0ningu, hermanna\u00e6fingar, \u00fej\u00f3\u00f0fundinn \u00ed v\u00edgb\u00fanu formi hans og fyrir manntal (census). Ekki fyrr en Augustus flutti gu\u00f0inn me\u00f0 \u00e1berandi h\u00e6tti inn \u00ed mi\u00f0ju borgarinnar, me\u00f0 <span class=\"iwg-fachbegriff\" data-tooltip=\"Bygging sem er tileinku\u00f0 tilbei\u00f0slu einnar e\u00f0a fleiri gu\u00f0vera.\" tabindex=\"0\">musterinu<\/span> <em>Mars Ultor<\/em> \u00e1 torgi s\u00ednu (forum).<\/p><p>H\u00e1t\u00ed\u00f0adagatal Mars var einkum bundi\u00f0 mars og okt\u00f3ber. \u00cd mars f\u00f3ru fram nokkrar h\u00e1t\u00ed\u00f0ir, \u00fear \u00e1 me\u00f0al hestakapprei\u00f0ar og h\u00e1t\u00ed\u00f0in <em>Quinquatrus<\/em>, \u00fear sem me\u00f0al annars hin helgu vopn voru hreinsu\u00f0.<\/p><p>Okt\u00f3ber lauk me\u00f0 <em>October equus<\/em>, hestaf\u00f3rn \u00fear sem h\u00e6gri hestur sigurs\u00e6ls tv\u00edeykis var f\u00f3rna\u00f0 Mars. Tagli hans var skj\u00f3tt f\u00e6rt til Regia, vir\u00f0ulegrar byggingar vi\u00f0 forum, \u00fear sem bl\u00f3\u00f0i\u00f0 \u00e1tti a\u00f0 drj\u00fapa \u00e1 arininn. Um n\u00e1kv\u00e6ma merkingu \u00feessa <span class=\"iwg-fachbegriff\" data-tooltip=\"F\u00f6st, endurtekin tr\u00faarleg ath\u00f6fn.\" tabindex=\"0\">helgisi\u00f0ar<\/span> deildu fornir fr\u00e6\u00f0imenn \u00feegar.<\/p><p>\u00cd Regia voru einnig var\u00f0veittar <em>hastae Martiae<\/em>, heilagar lensur Mars. Herforingi snerti \u00fe\u00e6r samkv\u00e6mt <span class=\"iwg-fachbegriff\" data-tooltip=\"Mi\u00f0lun \u00feekkingar og fr\u00e1sagna milli kynsl\u00f3\u00f0a.\" tabindex=\"0\">munnm\u00e6lum<\/span> \u00e1\u00f0ur en hann f\u00f3r \u00fat \u00e1 v\u00edgv\u00f6llinn og sag\u00f0i a\u00f0 gu\u00f0inn skyldi vaka yfir.<\/p><p>Hreyf\u00f0ust lensurnar af sj\u00e1lfsd\u00e1\u00f0um, var \u00fea\u00f0 tali\u00f0 \u00f3gnvekjandi fyrirbo\u00f0i. \u00deessi tengsl helgigripa, sta\u00f0ar og <span class=\"iwg-fachbegriff\" data-tooltip=\"F\u00f6st, endurtekin tr\u00faarleg ath\u00f6fn.\" tabindex=\"0\">helgisi\u00f0ar<\/span> s\u00fdna a\u00f0 Mars-d\u00fdrkunin \u00ed R\u00f3m var ekkert \u00f3hlutbundi\u00f0 tr\u00faarkerfi, heldur bundin traustum b\u00f6ndum vi\u00f0 sta\u00f0i og hluti sem m\u00f3tu\u00f0u opinbert l\u00edf.<\/p>\t\t\t\t\t\t\t\t<\/div>\n\t\t\t\t<\/div>\n\t\t\t\t\t<\/div>\n\t\t\t\t<\/div>\n\t\t<div class=\"elementor-element elementor-element-cpf5ff2a6 e-flex e-con-boxed e-con e-parent\" data-id=\"cpf5ff2a6\" data-element_type=\"container\" data-e-type=\"container\">\n\t\t\t\t\t<div class=\"e-con-inner\">\n\t\t\t\t<div class=\"elementor-element elementor-element-cp8a78867 elementor-widget elementor-widget-heading\" data-id=\"cp8a78867\" data-element_type=\"widget\" data-e-type=\"widget\" data-widget_type=\"heading.default\">\n\t\t\t\t\t<h2 class=\"elementor-heading-title elementor-size-default\">Mars \u00ed skattl\u00f6ndunum og samruni hans vi\u00f0 innlenda gu\u00f0i<\/h2>\t\t\t\t<\/div>\n\t\t<div class=\"elementor-element elementor-element-cp0c42560 e-con-full e-flex e-con e-child\" data-id=\"cp0c42560\" data-element_type=\"container\" data-e-type=\"container\">\n\t\t\t\t<div class=\"elementor-element elementor-element-cp0be426b elementor-widget elementor-widget-text-editor\" data-id=\"cp0be426b\" data-element_type=\"widget\" data-e-type=\"widget\" data-widget_type=\"text-editor.default\">\n\t\t\t\t\t\t\t\t\t<p>Me\u00f0 \u00fat\u00feenslu r\u00f3mverska r\u00edkisins breiddist Mars-d\u00fdrkunin einnig \u00fat, en h\u00fan h\u00e9lst sjaldan \u00f3breytt. \u00cd skattl\u00f6ndunum, s\u00e9rstaklega \u00ed Gall\u00edu, Bretlandi og vi\u00f0 R\u00edn, rann Mars oft saman vi\u00f0 innlendar gu\u00f0v\u00f6ld.<\/p><p>\u00deetta ferli, sem fr\u00e6\u00f0imenn kalla <em>interpretatio Romana<\/em>, leiddi til fj\u00f6lda auknefna Mars sem birtast \u00e1 v\u00edgslu\u00e1letrunum. Me\u00f0al \u00feeirra m\u00e1 nefna <em>Mars Lenus<\/em> \u00ed Trier, <em>Mars Camulus<\/em> \u00e1 keltnesku sv\u00e6\u00f0i e\u00f0a <em>Mars Thingsus<\/em> \u00ed Bretlandi, sem tengdist germanskri <span class=\"iwg-fachbegriff\" data-tooltip=\"Vera sem er tilbe\u00f0in sem gu\u00f0leg innan tr\u00faarbrag\u00f0a.\" tabindex=\"0\">gu\u00f0veru<\/span>.<\/p><p>Athygli vekur a\u00f0 Mars skattlandanna kemur oftar fram sem heilsu- og verndargu\u00f0 en sem str\u00ed\u00f0sgu\u00f0. <em>Mars Lenus<\/em> var til d\u00e6mis mikilv\u00e6g heilsugu\u00f0vera me\u00f0 st\u00f3rt musterissv\u00e6\u00f0i.<\/p><p>\u00deessi \u00e1herslubreyting stafar a\u00f0 hluta af eiginleikum \u00feeirra innlendu gu\u00f0a sem Mars var samsama\u00f0ur, og a\u00f0 hluta af \u00feeirri v\u00ed\u00f0t\u00e6ku verndarhlutverki hins gamla \u00edtalska Mars sem \u00e1\u00f0ur var nefnt. Gu\u00f0inn gaf tilefni til samsv\u00f6runar \u00fev\u00ed hann var ekki bundinn eing\u00f6ngu vi\u00f0 str\u00ed\u00f0sr\u00e6kni.<\/p><p>Skattlandad\u00fdrkunin er mikilv\u00e6g fyrir fr\u00e6\u00f0in \u00fev\u00ed h\u00fan s\u00fdnir hvernig r\u00f3mversk tr\u00faarbr\u00f6g\u00f0 virku\u00f0u \u00ed samskiptum vi\u00f0 sta\u00f0bundnar hef\u00f0ir. H\u00fan var ekkert st\u00edft kerfi sem var einfaldlega lagt yfir, heldur ger\u00f0i kleift a\u00f0 \u00e1varpa fyrirliggjandi gu\u00f0veldi \u00ed r\u00f3mversku formi.<\/p><p>Hin fj\u00f6lm\u00f6rgu v\u00edgslu\u00f6lturu, \u00e1letranir og musterissv\u00e6\u00f0i, sem fornleifafr\u00e6\u00f0ingar hafa grafi\u00f0 upp, einkum \u00ed Nor\u00f0vestur-Evr\u00f3pu, myndar umfangsmikinn efnisgrunn. \u00deau s\u00fdna gl\u00f6gglega a\u00f0 eitt nafni\u00f0 Mars gat \u00ed reynd n\u00e1\u00f0 yfir heilt safn af mismunandi sv\u00e6\u00f0isbundnum gu\u00f0shugmyndum. Samr\u00e6mda <span class=\"iwg-fachbegriff\" data-tooltip=\"Fr\u00e6\u00f0ileg kenning um gu\u00f0 og tr\u00fa innan tr\u00faarbrag\u00f0a.\" tabindex=\"0\">gu\u00f0fr\u00e6\u00f0i<\/span> hins skattlandabundna Mars m\u00e1 ekki draga af \u00feessu.<\/p>\t\t\t\t\t\t\t\t<\/div>\n\t\t\t\t<\/div>\n\t\t\t\t\t<\/div>\n\t\t\t\t<\/div>\n\t\t<div class=\"elementor-element elementor-element-cp6b1a899 e-flex e-con-boxed e-con e-parent\" data-id=\"cp6b1a899\" data-element_type=\"container\" data-e-type=\"container\">\n\t\t\t\t\t<div class=\"e-con-inner\">\n\t\t\t\t<div class=\"elementor-element elementor-element-cp9c89b19 elementor-widget elementor-widget-heading\" data-id=\"cp9c89b19\" data-element_type=\"widget\" data-e-type=\"widget\" data-widget_type=\"heading.default\">\n\t\t\t\t\t<h2 class=\"elementor-heading-title elementor-size-default\">\u00c1framhaldandi l\u00edf: Mars \u00ed stj\u00f6rnuspeki, myndlist og n\u00fat\u00edmamenningu<\/h2>\t\t\t\t<\/div>\n\t\t<div class=\"elementor-element elementor-element-cpfe0e252 e-con-full e-flex e-con e-child\" data-id=\"cpfe0e252\" data-element_type=\"container\" data-e-type=\"container\">\n\t\t\t\t<div class=\"elementor-element elementor-element-cp92dc409 elementor-widget elementor-widget-text-editor\" data-id=\"cp92dc409\" data-element_type=\"widget\" data-e-type=\"widget\" data-widget_type=\"text-editor.default\">\n\t\t\t\t\t\t\t\t\t<p>Utan <span class=\"iwg-fachbegriff\" data-tooltip=\"T\u00edmabil gr\u00edsk-r\u00f3mverskrar menningar, um 800 f.Kr. til 600 e.Kr.\" tabindex=\"0\">fornaldar<\/span> tr\u00faarbrag\u00f0a h\u00e9lt Mars \u00e1fram a\u00f0 hafa \u00e1hrif, fyrst og fremst sem reikistj\u00f6rnugu\u00f0. Hin rau\u00f0leita reikistjarna hefur bori\u00f0 nafn hans fr\u00e1 <span class=\"iwg-fachbegriff\" data-tooltip=\"T\u00edmabil gr\u00edsk-r\u00f3mverskrar menningar, um 800 f.Kr. til 600 e.Kr.\" tabindex=\"0\">forn\u00f6ld<\/span>, og \u00ed stj\u00f6rnuspekihef\u00f0inni, sem barst gegnum s\u00ed\u00f0forn\u00f6ld og arab\u00edska millilendur til Evr\u00f3pu \u00e1 mi\u00f0\u00f6ldum, var Mars talin stjarna str\u00ed\u00f0s, \u00e1r\u00e1sargirni og j\u00e1rns.<\/p><p>\u00cd \u00feessu hlutverki birtist hann \u00ed \u00f3t\u00f6lulegum myndverkum mi\u00f0alda og upphafs n\u00fdaldar, me\u00f0al annars \u00ed myndum af \u201epl\u00e1netub\u00f6rnum\u201c sem s\u00fdndu hva\u00f0a f\u00f3lk og starfsgreinar voru tengdar Mars, \u00fear \u00e1 me\u00f0al hermenn, smi\u00f0ar og sl\u00e1trarar.<\/p><p>\u00cd myndlist endurreisnart\u00edmans og barokkt\u00edmans var Mars venjulega s\u00fdndur \u00ed mynd gr\u00edska Aresar, oft \u00ed tengslum vi\u00f0 Venus.<\/p><p><span class=\"iwg-fachbegriff\" data-tooltip=\"Endurteki\u00f0 innihaldslegt element \u00ed list e\u00f0a fr\u00e1s\u00f6gn.\" tabindex=\"0\">Myndefni\u00f0<\/span> <em>Mars og Venus<\/em>, sem t\u00falkar hvernig \u00e1stin bugar str\u00ed\u00f0i\u00f0, finnst me\u00f0al annars hj\u00e1 Botticelli, Veronese og Rubens. \u00deessi myndhef\u00f0 rekur uppruna sinn minna til hins gamla \u00edtalska verndargu\u00f0s en til b\u00f3kmenntalegs samruna vi\u00f0 gr\u00edska <span class=\"iwg-fachbegriff\" data-tooltip=\"Hef\u00f0bundin fr\u00e1s\u00f6gn um gu\u00f0i, uppruna og skipan heimsins.\" tabindex=\"0\">go\u00f0s\u00f6gnina<\/span>.<\/p><p>Enn \u00ed dag er Mars til sta\u00f0ar \u00ed tungum\u00e1linu. L\u00fdsingaror\u00f0i\u00f0 hermannlegur (martialisch) er dregi\u00f0 af nafni hans, sem og m\u00e1na\u00f0arnafni\u00f0 mars (mars, march) \u00ed m\u00f6rgum evr\u00f3pskum tungum\u00e1lum. \u00cd d\u00e6gurmenningu n\u00fat\u00edmans birtist Mars b\u00e6\u00f0i sem reikistjarna og sem pers\u00f3na \u00ed b\u00f3kmenntum, kvikmyndum og leikjum, oft afmarka\u00f0ur vi\u00f0 str\u00ed\u00f0shli\u00f0ina eina.<\/p><p>\u00deessi \u00ferenging \u00e1 meira skylt vi\u00f0 gr\u00edska Ares en hina r\u00f3mversku frummynd. S\u00e1 sem vill skilja hinn s\u00f6gulega Mars \u00fearf \u00fev\u00ed a\u00f0 l\u00edta framhj\u00e1 s\u00ed\u00f0ari t\u00edma t\u00falkun og sko\u00f0a gu\u00f0inn \u00ed hans gamla \u00edtalska samhengi, \u00fear sem str\u00ed\u00f0 og verndun akra og landa voru tv\u00e6r hli\u00f0ar s\u00f6mu varnarm\u00e1ttar.<\/p>\t\t\t\t\t\t\t\t<\/div>\n\t\t\t\t<\/div>\n\t\t\t\t\t<\/div>\n\t\t\t\t<\/div>\n\t\t<div class=\"elementor-element elementor-element-36dd7469 e-flex e-con-boxed e-con e-parent\" data-id=\"36dd7469\" data-element_type=\"container\" data-e-type=\"container\">\n\t\t\t\t\t<div class=\"e-con-inner\">\n\t\t\t\t<div class=\"elementor-element elementor-element-13760ab4 elementor-widget elementor-widget-heading\" data-id=\"13760ab4\" data-element_type=\"widget\" data-e-type=\"widget\" data-widget_type=\"heading.default\">\n\t\t\t\t\t<h2 class=\"elementor-heading-title elementor-size-default\">\u00cdtarefni og tenglar<\/h2>\t\t\t\t<\/div>\n\t\t<div class=\"elementor-element elementor-element-28c87796 e-con-full e-flex e-con e-child\" data-id=\"28c87796\" data-element_type=\"container\" data-e-type=\"container\">\n\t\t\t\t<div class=\"elementor-element elementor-element-5d6538df elementor-widget elementor-widget-text-editor\" data-id=\"5d6538df\" data-element_type=\"widget\" data-e-type=\"widget\" data-widget_type=\"text-editor.default\">\n\t\t\t\t\t\t\t\t\t<ul><li><a href=\"https:\/\/iwell-guard.com\/is\/?page_id=168595\">R\u00f3m, menning<\/a><\/li><\/ul>\t\t\t\t\t\t\t\t<\/div>\n\t\t\t\t<\/div>\n\t\t\t\t\t<\/div>\n\t\t\t\t<\/div>\n\t\t<div class=\"elementor-element elementor-element-grl4kl40 e-flex e-con-boxed e-con e-parent\" data-id=\"grl4kl40\" data-element_type=\"container\" data-e-type=\"container\">\n\t\t\t\t\t<div class=\"e-con-inner\">\n\t\t\t\t<div class=\"elementor-element elementor-element-bzsbfrmh elementor-widget elementor-widget-heading\" data-id=\"bzsbfrmh\" data-element_type=\"widget\" data-e-type=\"widget\" data-widget_type=\"heading.default\">\n\t\t\t\t\t<h2 class=\"elementor-heading-title elementor-size-default\">Heimildir (\u00farval)<\/h2>\t\t\t\t<\/div>\n\t\t<div class=\"elementor-element elementor-element-2c13224a e-con-full e-flex e-con e-child\" data-id=\"2c13224a\" data-element_type=\"container\" data-e-type=\"container\">\n\t\t\t\t<div class=\"elementor-element elementor-element-0eymh9ub elementor-widget elementor-widget-text-editor\" data-id=\"0eymh9ub\" data-element_type=\"widget\" data-e-type=\"widget\" data-widget_type=\"text-editor.default\">\n\t\t\t\t\t\t\t\t\t<footer class=\"iwg-literatur\" data-nosnippet=\"true\"><ul><li><span data-nosnippet>Beard, Mary \/ North, John \/ Price, Simon: <em>Religions of Rome. A History<\/em>. Cambridge University Press, 1998.<\/span><\/li><li><span data-nosnippet>Scheid, John: <em>An Introduction to Roman Religion<\/em>. Edinburgh University Press, 2003.<\/span><\/li><li><span data-nosnippet>Dum\u00e9zil, Georges: <em>Archaic Roman Religion. Volume One<\/em>. University of Chicago Press, 1970.<\/span><\/li><li><span data-nosnippet>Kajanto, Iiro: <em>The God Mars in Connection with War and Death<\/em>. \u00cd: <span class=\"iwg-fachbegriff\" data-tooltip=\"\u00cd r\u00f3mverskri tr\u00fa hi\u00f0 virka gu\u00f0lega m\u00e1tt \u00e1 tilteknum sta\u00f0 e\u00f0a hlut.\" tabindex=\"0\">Numen<\/span> 14, 1967.<\/span><\/li><\/ul><\/footer>\t\t\t\t\t\t\t\t<\/div>\n\t\t\t\t<\/div>\n\t\t\t\t\t<\/div>\n\t\t\t\t<\/div>\n\t\t\t\t<\/div>\n\t\t","protected":false},"excerpt":{"rendered":"","protected":false},"author":3,"featured_media":1646,"parent":0,"menu_order":0,"comment_status":"closed","ping_status":"closed","template":"elementor_header_footer","meta":{"_yoast_wpseo_focuskw":"Mars","_yoast_wpseo_title":"Mars \u2013 r\u00f3mverskur gu\u00f0 herna\u00f0ar","_yoast_wpseo_metadesc":"Skriflegar heimildir um Mars n\u00e1 m\u00f6rg hundru\u00f0 \u00e1r aftur \u00ed t\u00edmann, a\u00f0 \u00f6llum l\u00edkindum","_yoast_wpseo_meta-robots-noindex":"","_yoast_wpseo_canonical":"","_angie_page":false,"gefaehrdungsstufe":"2","wesen_kultur":"rom","wesen_klasse":"goetter","footnotes":""},"categories":[],"class_list":["post-168834","page","type-page","status-publish","has-post-thumbnail","hentry"],"yoast_head":"<!-- This site is optimized with the Yoast SEO Premium plugin v27.7 (Yoast SEO v28.3) - https:\/\/yoast.com\/product\/yoast-seo-premium-wordpress\/ -->\n<title>Mars \u2013 r\u00f3mverskur gu\u00f0 herna\u00f0ar<\/title>\n<meta name=\"description\" content=\"Skriflegar heimildir um Mars n\u00e1 m\u00f6rg hundru\u00f0 \u00e1r aftur \u00ed t\u00edmann, a\u00f0 \u00f6llum l\u00edkindum\" \/>\n<meta name=\"robots\" content=\"index, follow, max-snippet:-1, max-image-preview:large, max-video-preview:-1\" \/>\n<link rel=\"canonical\" href=\"https:\/\/iwell-guard.com\/is\/mars\/\" \/>\n<meta property=\"og:locale\" content=\"is_IS\" \/>\n<meta property=\"og:type\" content=\"article\" \/>\n<meta property=\"og:title\" content=\"Mars\" \/>\n<meta property=\"og:description\" content=\"Skriflegar heimildir um Mars n\u00e1 m\u00f6rg hundru\u00f0 \u00e1r aftur \u00ed t\u00edmann, a\u00f0 \u00f6llum l\u00edkindum\" \/>\n<meta property=\"og:url\" content=\"https:\/\/iwell-guard.com\/is\/mars\/\" \/>\n<meta property=\"og:site_name\" content=\"iWell Guard\" \/>\n<meta property=\"article:modified_time\" content=\"2026-09-05T14:20:41+00:00\" \/>\n<meta property=\"og:image\" content=\"https:\/\/iwell-guard.com\/wp-content\/uploads\/2026\/04\/goetter_rom_mars.webp\" \/>\n\t<meta property=\"og:image:width\" content=\"1024\" \/>\n\t<meta property=\"og:image:height\" content=\"1536\" \/>\n\t<meta property=\"og:image:type\" content=\"image\/webp\" \/>\n<meta name=\"twitter:card\" content=\"summary_large_image\" \/>\n<script type=\"application\/ld+json\" class=\"yoast-schema-graph\">{\"@context\":\"https:\\\/\\\/schema.org\",\"@graph\":[{\"@type\":\"WebPage\",\"@id\":\"https:\\\/\\\/iwell-guard.com\\\/is\\\/mars\\\/\",\"url\":\"https:\\\/\\\/iwell-guard.com\\\/is\\\/mars\\\/\",\"name\":\"Mars \u2013 r\u00f3mverskur gu\u00f0 herna\u00f0ar\",\"isPartOf\":{\"@id\":\"https:\\\/\\\/iwell-guard.com\\\/is\\\/#website\"},\"primaryImageOfPage\":{\"@id\":\"https:\\\/\\\/iwell-guard.com\\\/is\\\/mars\\\/#primaryimage\"},\"image\":{\"@id\":\"https:\\\/\\\/iwell-guard.com\\\/is\\\/mars\\\/#primaryimage\"},\"thumbnailUrl\":\"https:\\\/\\\/iwell-guard.com\\\/wp-content\\\/uploads\\\/2026\\\/04\\\/goetter_rom_mars.webp\",\"datePublished\":\"2026-09-05T14:03:22+00:00\",\"dateModified\":\"2026-09-05T14:20:41+00:00\",\"description\":\"Skriflegar heimildir um Mars n\u00e1 m\u00f6rg hundru\u00f0 \u00e1r aftur \u00ed t\u00edmann, a\u00f0 \u00f6llum l\u00edkindum\",\"breadcrumb\":{\"@id\":\"https:\\\/\\\/iwell-guard.com\\\/is\\\/mars\\\/#breadcrumb\"},\"inLanguage\":\"is\",\"potentialAction\":[{\"@type\":\"ReadAction\",\"target\":[\"https:\\\/\\\/iwell-guard.com\\\/is\\\/mars\\\/\"]}]},{\"@type\":\"ImageObject\",\"inLanguage\":\"is\",\"@id\":\"https:\\\/\\\/iwell-guard.com\\\/is\\\/mars\\\/#primaryimage\",\"url\":\"https:\\\/\\\/iwell-guard.com\\\/wp-content\\\/uploads\\\/2026\\\/04\\\/goetter_rom_mars.webp\",\"contentUrl\":\"https:\\\/\\\/iwell-guard.com\\\/wp-content\\\/uploads\\\/2026\\\/04\\\/goetter_rom_mars.webp\",\"width\":1024,\"height\":1536,\"caption\":\"Gu\u00f0ir \u00far r\u00f3mverskri hef\u00f0.\"},{\"@type\":\"BreadcrumbList\",\"@id\":\"https:\\\/\\\/iwell-guard.com\\\/is\\\/mars\\\/#breadcrumb\",\"itemListElement\":[{\"@type\":\"ListItem\",\"position\":1,\"name\":\"Start\",\"item\":\"https:\\\/\\\/iwell-guard.com\\\/is\\\/?page_id=168580\"},{\"@type\":\"ListItem\",\"position\":2,\"name\":\"Mars\"}]},{\"@type\":\"WebSite\",\"@id\":\"https:\\\/\\\/iwell-guard.com\\\/is\\\/#website\",\"url\":\"https:\\\/\\\/iwell-guard.com\\\/is\\\/\",\"name\":\"iWell Guard\",\"description\":\"Schutz vor dunklen Einfl\u00fcssen\",\"publisher\":{\"@id\":\"https:\\\/\\\/iwell-guard.com\\\/is\\\/#organization\"},\"potentialAction\":[{\"@type\":\"SearchAction\",\"target\":{\"@type\":\"EntryPoint\",\"urlTemplate\":\"https:\\\/\\\/iwell-guard.com\\\/is\\\/?s={search_term_string}\"},\"query-input\":{\"@type\":\"PropertyValueSpecification\",\"valueRequired\":true,\"valueName\":\"search_term_string\"}}],\"inLanguage\":\"is\"},{\"@type\":\"Organization\",\"@id\":\"https:\\\/\\\/iwell-guard.com\\\/is\\\/#organization\",\"name\":\"Ittermann electronic GmbH\",\"url\":\"https:\\\/\\\/iwell-guard.com\\\/is\\\/\",\"logo\":{\"@type\":\"ImageObject\",\"inLanguage\":\"is\",\"@id\":\"https:\\\/\\\/iwell-guard.com\\\/is\\\/#\\\/schema\\\/logo\\\/image\\\/\",\"url\":\"https:\\\/\\\/iwell-guard.com\\\/wp-content\\\/uploads\\\/2026\\\/05\\\/Ittermann-Logo-1182x237-1.png\",\"contentUrl\":\"https:\\\/\\\/iwell-guard.com\\\/wp-content\\\/uploads\\\/2026\\\/05\\\/Ittermann-Logo-1182x237-1.png\",\"width\":1182,\"height\":237,\"caption\":\"Ittermann electronic GmbH\"},\"image\":{\"@id\":\"https:\\\/\\\/iwell-guard.com\\\/is\\\/#\\\/schema\\\/logo\\\/image\\\/\"},\"sameAs\":[\"https:\\\/\\\/pantip.com\\\/profile\\\/9367242\",\"https:\\\/\\\/micro.blog\\\/iwellguard\",\"https:\\\/\\\/www.diggerslist.com\\\/iwellguard\\\/about\",\"https:\\\/\\\/skitterphoto.com\\\/photographers\\\/2870314\\\/iwell-guard\",\"https:\\\/\\\/iwellguard.wordpress.com\\\/2026\\\/06\\\/06\\\/iwell-guard\\\/\",\"https:\\\/\\\/hub.docker.com\\\/u\\\/iwellguard\",\"https:\\\/\\\/www.pinterest.com\\\/iwellguard\\\/\",\"https:\\\/\\\/bit.ly\\\/m\\\/iwellguard\",\"https:\\\/\\\/entre-vos-mains.alsace.eu\\\/profiles\\\/iwellguard\\\/activity\",\"https:\\\/\\\/gravatar.com\\\/reallybeded8fd34\",\"https:\\\/\\\/naijamatta.com\\\/iwellguard\",\"https:\\\/\\\/www.goodreads.com\\\/iwellguard\",\"https:\\\/\\\/profile.hatena.ne.jp\\\/iwellguard\\\/\",\"https:\\\/\\\/experiment.com\\\/users\\\/iwellguard\",\"https:\\\/\\\/wakelet.com\\\/@iWellGuard82270\",\"https:\\\/\\\/www.chordie.com\\\/forum\\\/profile.php?id=2555664\",\"https:\\\/\\\/www.instapaper.com\\\/p\\\/17757966\",\"https:\\\/\\\/www.mapleprimes.com\\\/users\\\/iwellguard\",\"https:\\\/\\\/businesslistingplus.com\\\/profile\\\/iwell-guard\\\/\",\"https:\\\/\\\/telegra.ph\\\/iWell-Guard-06-06\",\"https:\\\/\\\/pbase.com\\\/iwellguard\\\/iwellguard\",\"https:\\\/\\\/b.hatena.ne.jp\\\/iwellguard\\\/20260607#bookmark-4788405196491818882\",\"https:\\\/\\\/fliphtml5.com\\\/home\\\/iwellguard\",\"https:\\\/\\\/anyflip.com\\\/homepage\\\/cmiwl#About\",\"https:\\\/\\\/transfur.com\\\/Users\\\/iwellguard\",\"http:\\\/\\\/delphi.larsbo.org\\\/user\\\/iwellguard\",\"https:\\\/\\\/jobs.lajobsportal.org\\\/profiles\\\/8380803-iwell-guard\",\"https:\\\/\\\/md.chaosdorf.de\\\/s\\\/jfbe5SBdJD\",\"https:\\\/\\\/www.lingvolive.com\\\/en-us\\\/profile\\\/9ecaeaca-ce11-4e51-9e71-01d55e2bff36\\\/translations\",\"https:\\\/\\\/www.fitday.com\\\/fitness\\\/forums\\\/members\\\/iwellguard.html\",\"https:\\\/\\\/www.mymeetbook.com\\\/iwellguard\",\"https:\\\/\\\/pxhere.com\\\/en\\\/photographer-me\\\/5040798\",\"https:\\\/\\\/disqus.com\\\/by\\\/iwellguard\\\/about\\\/\",\"https:\\\/\\\/pastelink.net\\\/hjwciqwq\",\"https:\\\/\\\/pubhtml5.com\\\/homepage\\\/scjhn\\\/\",\"https:\\\/\\\/www.bitchute.com\\\/channel\\\/2O2eOKzNqujT\",\"https:\\\/\\\/audiomack.com\\\/iwellguard\"]},{\"@type\":\"Article\",\"@id\":\"https:\\\/\\\/iwell-guard.com\\\/is\\\/mars\\\/#article\",\"isPartOf\":{\"@id\":\"https:\\\/\\\/iwell-guard.com\\\/is\\\/mars\\\/\"},\"author\":{\"name\":\"Ralf Ittermann\",\"@id\":\"https:\\\/\\\/iwell-guard.com\\\/is\\\/#\\\/schema\\\/person\\\/ee2a27f1cac3406c7c6fb5820cb7349f\"},\"headline\":\"Mars\",\"datePublished\":\"2026-09-05T14:03:22+00:00\",\"dateModified\":\"2026-09-05T14:20:41+00:00\",\"mainEntityOfPage\":{\"@id\":\"https:\\\/\\\/iwell-guard.com\\\/is\\\/mars\\\/\"},\"publisher\":{\"@id\":\"https:\\\/\\\/iwell-guard.com\\\/is\\\/#organization\"},\"image\":{\"@id\":\"https:\\\/\\\/iwell-guard.com\\\/is\\\/mars\\\/#primaryimage\"},\"thumbnailUrl\":\"https:\\\/\\\/iwell-guard.com\\\/wp-content\\\/uploads\\\/2026\\\/04\\\/goetter_rom_mars.webp\",\"inLanguage\":\"is\",\"description\":\"Skriflegar heimildir um Mars n\u00e1 m\u00f6rg hundru\u00f0 \u00e1r aftur \u00ed t\u00edmann, a\u00f0 \u00f6llum l\u00edkindum\"}]}<\/script>\n<!-- \/ Yoast SEO Premium plugin. -->","yoast_head_json":{"title":"Mars \u2013 r\u00f3mverskur gu\u00f0 herna\u00f0ar","description":"Skriflegar heimildir um Mars n\u00e1 m\u00f6rg hundru\u00f0 \u00e1r aftur \u00ed t\u00edmann, a\u00f0 \u00f6llum l\u00edkindum","robots":{"index":"index","follow":"follow","max-snippet":"max-snippet:-1","max-image-preview":"max-image-preview:large","max-video-preview":"max-video-preview:-1"},"canonical":"https:\/\/iwell-guard.com\/is\/mars\/","og_locale":"is_IS","og_type":"article","og_title":"Mars","og_description":"Skriflegar heimildir um Mars n\u00e1 m\u00f6rg hundru\u00f0 \u00e1r aftur \u00ed t\u00edmann, a\u00f0 \u00f6llum l\u00edkindum","og_url":"https:\/\/iwell-guard.com\/is\/mars\/","og_site_name":"iWell Guard","article_modified_time":"2026-09-05T14:20:41+00:00","og_image":[{"width":1024,"height":1536,"url":"https:\/\/iwell-guard.com\/wp-content\/uploads\/2026\/04\/goetter_rom_mars.webp","type":"image\/webp"}],"twitter_card":"summary_large_image","schema":{"@context":"https:\/\/schema.org","@graph":[{"@type":"Article","@id":"https:\/\/iwell-guard.com\/is\/mars\/#article","isPartOf":{"@id":"https:\/\/iwell-guard.com\/is\/mars\/"},"author":{"name":"Ralf Ittermann","@id":"https:\/\/iwell-guard.com\/is\/#\/schema\/person\/ee2a27f1cac3406c7c6fb5820cb7349f"},"headline":"Mars","datePublished":"2026-09-05T14:03:22+00:00","dateModified":"2026-09-05T14:20:41+00:00","mainEntityOfPage":{"@id":"https:\/\/iwell-guard.com\/is\/mars\/"},"publisher":{"@id":"https:\/\/iwell-guard.com\/is\/#organization"},"image":{"@id":"https:\/\/iwell-guard.com\/is\/mars\/#primaryimage"},"thumbnailUrl":"https:\/\/iwell-guard.com\/wp-content\/uploads\/2026\/04\/goetter_rom_mars.webp","inLanguage":"is","description":"Skriflegar heimildir um Mars n\u00e1 m\u00f6rg hundru\u00f0 \u00e1r aftur \u00ed t\u00edmann, a\u00f0 \u00f6llum l\u00edkindum"},{"@type":"WebPage","@id":"https:\/\/iwell-guard.com\/is\/mars\/","url":"https:\/\/iwell-guard.com\/is\/mars\/","name":"Mars \u2013 r\u00f3mverskur gu\u00f0 herna\u00f0ar","isPartOf":{"@id":"https:\/\/iwell-guard.com\/is\/#website"},"primaryImageOfPage":{"@id":"https:\/\/iwell-guard.com\/is\/mars\/#primaryimage"},"image":{"@id":"https:\/\/iwell-guard.com\/is\/mars\/#primaryimage"},"thumbnailUrl":"https:\/\/iwell-guard.com\/wp-content\/uploads\/2026\/04\/goetter_rom_mars.webp","datePublished":"2026-09-05T14:03:22+00:00","dateModified":"2026-09-05T14:20:41+00:00","description":"Skriflegar heimildir um Mars n\u00e1 m\u00f6rg hundru\u00f0 \u00e1r aftur \u00ed t\u00edmann, a\u00f0 \u00f6llum l\u00edkindum","breadcrumb":{"@id":"https:\/\/iwell-guard.com\/is\/mars\/#breadcrumb"},"inLanguage":"is","potentialAction":[{"@type":"ReadAction","target":["https:\/\/iwell-guard.com\/is\/mars\/"]}]},{"@type":"ImageObject","inLanguage":"is","@id":"https:\/\/iwell-guard.com\/is\/mars\/#primaryimage","url":"https:\/\/iwell-guard.com\/wp-content\/uploads\/2026\/04\/goetter_rom_mars.webp","contentUrl":"https:\/\/iwell-guard.com\/wp-content\/uploads\/2026\/04\/goetter_rom_mars.webp","width":1024,"height":1536,"caption":"Gu\u00f0ir \u00far r\u00f3mverskri hef\u00f0."},{"@type":"BreadcrumbList","@id":"https:\/\/iwell-guard.com\/is\/mars\/#breadcrumb","itemListElement":[{"@type":"ListItem","position":1,"name":"Start","item":"https:\/\/iwell-guard.com\/is\/?page_id=168580"},{"@type":"ListItem","position":2,"name":"Mars"}]},{"@type":"WebSite","@id":"https:\/\/iwell-guard.com\/is\/#website","url":"https:\/\/iwell-guard.com\/is\/","name":"iWell Guard","description":"Schutz vor dunklen Einfl\u00fcssen","publisher":{"@id":"https:\/\/iwell-guard.com\/is\/#organization"},"potentialAction":[{"@type":"SearchAction","target":{"@type":"EntryPoint","urlTemplate":"https:\/\/iwell-guard.com\/is\/?s={search_term_string}"},"query-input":{"@type":"PropertyValueSpecification","valueRequired":true,"valueName":"search_term_string"}}],"inLanguage":"is"},{"@type":"Organization","@id":"https:\/\/iwell-guard.com\/is\/#organization","name":"Ittermann electronic GmbH","url":"https:\/\/iwell-guard.com\/is\/","logo":{"@type":"ImageObject","inLanguage":"is","@id":"https:\/\/iwell-guard.com\/is\/#\/schema\/logo\/image\/","url":"https:\/\/iwell-guard.com\/wp-content\/uploads\/2026\/05\/Ittermann-Logo-1182x237-1.png","contentUrl":"https:\/\/iwell-guard.com\/wp-content\/uploads\/2026\/05\/Ittermann-Logo-1182x237-1.png","width":1182,"height":237,"caption":"Ittermann electronic GmbH"},"image":{"@id":"https:\/\/iwell-guard.com\/is\/#\/schema\/logo\/image\/"},"sameAs":["https:\/\/pantip.com\/profile\/9367242","https:\/\/micro.blog\/iwellguard","https:\/\/www.diggerslist.com\/iwellguard\/about","https:\/\/skitterphoto.com\/photographers\/2870314\/iwell-guard","https:\/\/iwellguard.wordpress.com\/2026\/06\/06\/iwell-guard\/","https:\/\/hub.docker.com\/u\/iwellguard","https:\/\/www.pinterest.com\/iwellguard\/","https:\/\/bit.ly\/m\/iwellguard","https:\/\/entre-vos-mains.alsace.eu\/profiles\/iwellguard\/activity","https:\/\/gravatar.com\/reallybeded8fd34","https:\/\/naijamatta.com\/iwellguard","https:\/\/www.goodreads.com\/iwellguard","https:\/\/profile.hatena.ne.jp\/iwellguard\/","https:\/\/experiment.com\/users\/iwellguard","https:\/\/wakelet.com\/@iWellGuard82270","https:\/\/www.chordie.com\/forum\/profile.php?id=2555664","https:\/\/www.instapaper.com\/p\/17757966","https:\/\/www.mapleprimes.com\/users\/iwellguard","https:\/\/businesslistingplus.com\/profile\/iwell-guard\/","https:\/\/telegra.ph\/iWell-Guard-06-06","https:\/\/pbase.com\/iwellguard\/iwellguard","https:\/\/b.hatena.ne.jp\/iwellguard\/20260607#bookmark-4788405196491818882","https:\/\/fliphtml5.com\/home\/iwellguard","https:\/\/anyflip.com\/homepage\/cmiwl#About","https:\/\/transfur.com\/Users\/iwellguard","http:\/\/delphi.larsbo.org\/user\/iwellguard","https:\/\/jobs.lajobsportal.org\/profiles\/8380803-iwell-guard","https:\/\/md.chaosdorf.de\/s\/jfbe5SBdJD","https:\/\/www.lingvolive.com\/en-us\/profile\/9ecaeaca-ce11-4e51-9e71-01d55e2bff36\/translations","https:\/\/www.fitday.com\/fitness\/forums\/members\/iwellguard.html","https:\/\/www.mymeetbook.com\/iwellguard","https:\/\/pxhere.com\/en\/photographer-me\/5040798","https:\/\/disqus.com\/by\/iwellguard\/about\/","https:\/\/pastelink.net\/hjwciqwq","https:\/\/pubhtml5.com\/homepage\/scjhn\/","https:\/\/www.bitchute.com\/channel\/2O2eOKzNqujT","https:\/\/audiomack.com\/iwellguard"]},{"@type":"Person","@id":"https:\/\/iwell-guard.com\/is\/#\/schema\/person\/ee2a27f1cac3406c7c6fb5820cb7349f","name":"Ralf Ittermann","image":{"@type":"ImageObject","inLanguage":"is","@id":"https:\/\/secure.gravatar.com\/avatar\/073c0153e350a5005b68eb752b445fea71f6b24a26da9449ad7e155e6b446c9d?s=96&d=mm&r=g","url":"https:\/\/secure.gravatar.com\/avatar\/073c0153e350a5005b68eb752b445fea71f6b24a26da9449ad7e155e6b446c9d?s=96&d=mm&r=g","contentUrl":"https:\/\/secure.gravatar.com\/avatar\/073c0153e350a5005b68eb752b445fea71f6b24a26da9449ad7e155e6b446c9d?s=96&d=mm&r=g","caption":"Ralf Ittermann"},"givenName":"Ralf","familyName":"Ittermann","jobTitle":"Gesch\u00e4ftsf\u00fchrer und redaktioneller Verantwortlicher","url":"https:\/\/iwell-guard.com\/is\/author\/claude\/","description":"Ralf Ittermann ist Gesch\u00e4ftsf\u00fchrer der Ittermann electronic GmbH und redaktioneller Verantwortlicher des iWell-Guard-Lexikons. Er verbindet langj\u00e4hrige Erfahrung in der Pr\u00e4zisionsfertigung mit medialer Praxis und religionsgeschichtlicher Quellenarbeit.","worksFor":{"@type":"Organization","name":"Ittermann electronic GmbH","url":"https:\/\/ittermann.de\/","address":{"@type":"PostalAddress","streetAddress":"K\u00f6hlergasse 16-18","postalCode":"99842","addressLocality":"Ruhla","addressCountry":"DE"}},"knowsAbout":["Religionsgeschichte","Mythologie","Mediale Praxis","Energetische Diagnostik","Schutzpraxis","Volksglauben","Westliche Esoterik"]},{"@type":"Article","@id":"https:\/\/iwell-guard.com\/is\/mars\/#article","isPartOf":{"@id":"https:\/\/iwell-guard.com\/is\/mars\/"},"author":{"name":"Ralf Ittermann","@id":"https:\/\/iwell-guard.com\/is\/#\/schema\/person\/ee2a27f1cac3406c7c6fb5820cb7349f"},"headline":"Mars","datePublished":"2026-09-05T14:03:22+00:00","dateModified":"2026-09-05T14:20:41+00:00","mainEntityOfPage":{"@id":"https:\/\/iwell-guard.com\/is\/mars\/"},"publisher":{"@id":"https:\/\/iwell-guard.com\/is\/#organization"},"image":{"@id":"https:\/\/iwell-guard.com\/is\/mars\/#primaryimage"},"thumbnailUrl":"https:\/\/iwell-guard.com\/wp-content\/uploads\/2026\/04\/goetter_rom_mars.webp","inLanguage":"is","description":"Skriflegar heimildir um Mars n\u00e1 m\u00f6rg hundru\u00f0 \u00e1r aftur \u00ed t\u00edmann, a\u00f0 \u00f6llum l\u00edkindum"}]}},"_links":{"self":[{"href":"https:\/\/iwell-guard.com\/is\/wp-json\/wp\/v2\/pages\/168834","targetHints":{"allow":["GET"]}}],"collection":[{"href":"https:\/\/iwell-guard.com\/is\/wp-json\/wp\/v2\/pages"}],"about":[{"href":"https:\/\/iwell-guard.com\/is\/wp-json\/wp\/v2\/types\/page"}],"author":[{"embeddable":true,"href":"https:\/\/iwell-guard.com\/is\/wp-json\/wp\/v2\/users\/3"}],"replies":[{"embeddable":true,"href":"https:\/\/iwell-guard.com\/is\/wp-json\/wp\/v2\/comments?post=168834"}],"version-history":[{"count":0,"href":"https:\/\/iwell-guard.com\/is\/wp-json\/wp\/v2\/pages\/168834\/revisions"}],"wp:featuredmedia":[{"embeddable":true,"href":"https:\/\/iwell-guard.com\/is\/wp-json\/wp\/v2\/media\/1646"}],"wp:attachment":[{"href":"https:\/\/iwell-guard.com\/is\/wp-json\/wp\/v2\/media?parent=168834"}],"wp:term":[{"taxonomy":"category","embeddable":true,"href":"https:\/\/iwell-guard.com\/is\/wp-json\/wp\/v2\/categories?post=168834"}],"curies":[{"name":"wp","href":"https:\/\/api.w.org\/{rel}","templated":true}]}}