{"id":168833,"date":"2026-09-05T14:03:22","date_gmt":"2026-09-05T14:03:22","guid":{"rendered":"https:\/\/iwell-guard.com\/?page_id=168833"},"modified":"2026-09-05T14:20:40","modified_gmt":"2026-09-05T14:20:40","slug":"manannan-mac-lir","status":"publish","type":"page","link":"https:\/\/iwell-guard.com\/is\/manannan-mac-lir\/","title":{"rendered":"Manannan mac Lir"},"content":{"rendered":"\t\t<div data-elementor-type=\"wp-page\" data-elementor-id=\"168833\" class=\"elementor elementor-168833 elementor-2127 elementor-bc-flex-widget\" data-elementor-post-type=\"page\">\n\t\t\t\t<div class=\"elementor-element elementor-element-10fdade e-flex e-con-boxed e-con e-parent\" data-id=\"10fdade\" data-element_type=\"container\" data-e-type=\"container\" data-settings=\"{&quot;background_background&quot;:&quot;classic&quot;}\">\n\t\t\t\t\t<div class=\"e-con-inner\">\n\t\t<div class=\"elementor-element elementor-element-herohlft0 e-flex e-con-boxed e-con e-child\" data-id=\"herohlft0\" data-element_type=\"container\" data-e-type=\"container\">\n\t\t\t\t\t<div class=\"e-con-inner\">\n\t\t<div class=\"elementor-element elementor-element-c3ceb64 e-con-full e-flex e-con e-child\" data-id=\"c3ceb64\" data-element_type=\"container\" data-e-type=\"container\">\n\t\t\t\t<div class=\"elementor-element elementor-element-96ae5e1 elementor-widget elementor-widget-heading\" data-id=\"96ae5e1\" data-element_type=\"widget\" data-e-type=\"widget\" data-widget_type=\"heading.default\">\n\t\t\t\t\t<h1 class=\"elementor-heading-title elementor-size-default\">Manannan Mac Lir, gu\u00f0 keltneskrar hef\u00f0ar<\/h1>\t\t\t\t<\/div>\n\t\t\t\t<div class=\"elementor-element elementor-element-e45238a elementor-widget elementor-widget-text-editor\" data-id=\"e45238a\" data-element_type=\"widget\" data-e-type=\"widget\" data-widget_type=\"text-editor.default\">\n\t\t\t\t\t\t\t\t\t<p>Manannan mac Lir er gu\u00f0 keltneskrar hef\u00f0ar, herra hafsins og Handanheimsins (T\u00edr na n\u00d3g), verndargu\u00f0 umskipta og andlegra svi\u00f0a. Tr\u00faars\u00f6gulega s\u00e9\u00f0 er hann fulltr\u00fai hins ind\u00f3evr\u00f3pska m\u00f6rku\u00f0s- og vatnagu\u00f0s, og hann er lykilatri\u00f0i \u00ed hinni eyjakeltnesku hugmynd um \u201ehandanheimana\u201d.<\/p>\t\t\t\t\t\t\t\t<\/div>\n\t\t\t\t<\/div>\n\t\t<div class=\"elementor-element elementor-element-klsbdg01 e-con-full e-flex e-con e-parent\" data-id=\"klsbdg01\" data-element_type=\"container\" data-e-type=\"container\">\n\t\t\t\t<div class=\"elementor-element elementor-element-klshtm01 elementor-widget elementor-widget-html\" data-id=\"klshtm01\" data-element_type=\"widget\" data-e-type=\"widget\" data-widget_type=\"html.default\">\n\t\t\t\t\t<div class=\"iwg-pill-row\"><span class=\"iwg-klasse-badge\" tabindex=\"0\" data-tooltip=\"Gu\u00f0 \/ gy\u00f0ja: Pers\u00f3nuger\u00f0 \u00e6\u00f0sta valdi\u00f0 \u00ed go\u00f0aheimi menningar, me\u00f0 sk\u00fdrar \u00e1byrg\u00f0arsvi\u00f0, n\u00e1tt\u00faru\u00f6fl, \u00f6rl\u00f6g, str\u00ed\u00f0, frj\u00f3semi. D\u00fdrku\u00f0 me\u00f0 tr\u00faari\u00f0kun, f\u00f3rnum og hofastofnunum.\">Gu\u00f0<\/span><a href=\"https:\/\/iwell-guard.com\/is\/?page_id=168615\" class=\"iwg-kultur-badge\" tabindex=\"0\" data-tooltip=\"Keltnesk tr\u00faarbr\u00f6g\u00f0 Vestur-Evr\u00f3pu og Bretlandseyja, var\u00f0veitt go\u00f0afr\u00e6\u00f0ilega \u00ed \u00edrskum og velskum textum.\">Keltneskt<\/a><\/div>\t\t\t\t<\/div>\n\t\t\t\t<\/div>\n\t\t<div class=\"elementor-element elementor-element-3f74855 e-con-full e-flex e-con e-child\" data-id=\"3f74855\" data-element_type=\"container\" data-e-type=\"container\">\n\t\t\t\t<div class=\"elementor-element elementor-element-1c30362 elementor-toc--minimized-on-tablet elementor-widget elementor-widget-table-of-contents\" data-id=\"1c30362\" data-element_type=\"widget\" data-e-type=\"widget\" data-settings=\"{&quot;exclude_headings_by_selector&quot;:[],&quot;no_headings_message&quot;:&quot;Engar undirfyrirsagnir fundust \\u00e1 \\u00feessari s\\u00ed\\u00f0u.&quot;,&quot;headings_by_tags&quot;:[&quot;h2&quot;,&quot;h3&quot;],&quot;marker_view&quot;:&quot;bullets&quot;,&quot;minimize_box&quot;:&quot;yes&quot;,&quot;icon&quot;:{&quot;value&quot;:&quot;fas fa-circle&quot;,&quot;library&quot;:&quot;fa-solid&quot;,&quot;rendered_tag&quot;:&quot;&lt;svg class=\\&quot;e-font-icon-svg e-fas-circle\\&quot; viewBox=\\&quot;0 0 512 512\\&quot; xmlns=\\&quot;http:\\\/\\\/www.w3.org\\\/2000\\\/svg\\&quot;&gt;&lt;path d=\\&quot;M256 8C119 8 8 119 8 256s111 248 248 248 248-111 248-248S393 8 256 8z\\&quot;&gt;&lt;\\\/path&gt;&lt;\\\/svg&gt;&quot;},&quot;minimized_on&quot;:&quot;tablet&quot;,&quot;hierarchical_view&quot;:&quot;yes&quot;,&quot;min_height&quot;:{&quot;unit&quot;:&quot;px&quot;,&quot;size&quot;:&quot;&quot;,&quot;sizes&quot;:[]},&quot;min_height_tablet&quot;:{&quot;unit&quot;:&quot;px&quot;,&quot;size&quot;:&quot;&quot;,&quot;sizes&quot;:[]},&quot;min_height_mobile&quot;:{&quot;unit&quot;:&quot;px&quot;,&quot;size&quot;:&quot;&quot;,&quot;sizes&quot;:[]}}\" data-widget_type=\"table-of-contents.default\">\n\t\t\t\t\t\t\t\t\t<div class=\"elementor-toc__header\">\n\t\t\t\t\t\t<h2 class=\"elementor-toc__header-title\">\n\t\t\t\tEfnisyfirlit\t\t\t<\/h2>\n\t\t\t\t\t\t\t\t\t\t<div class=\"elementor-toc__toggle-button elementor-toc__toggle-button--expand\" role=\"button\" tabindex=\"0\" aria-controls=\"elementor-toc__1c30362\" aria-expanded=\"true\" aria-label=\"Open table of contents\"><svg aria-hidden=\"true\" class=\"e-font-icon-svg e-fas-chevron-down\" viewBox=\"0 0 448 512\" xmlns=\"http:\/\/www.w3.org\/2000\/svg\"><path d=\"M207.029 381.476L12.686 187.132c-9.373-9.373-9.373-24.569 0-33.941l22.667-22.667c9.357-9.357 24.522-9.375 33.901-.04L224 284.505l154.745-154.021c9.379-9.335 24.544-9.317 33.901.04l22.667 22.667c9.373 9.373 9.373 24.569 0 33.941L240.971 381.476c-9.373 9.372-24.569 9.372-33.942 0z\"><\/path><\/svg><\/div>\n\t\t\t\t<div class=\"elementor-toc__toggle-button elementor-toc__toggle-button--collapse\" role=\"button\" tabindex=\"0\" aria-controls=\"elementor-toc__1c30362\" aria-expanded=\"true\" aria-label=\"Close table of contents\"><svg aria-hidden=\"true\" class=\"e-font-icon-svg e-fas-chevron-up\" viewBox=\"0 0 448 512\" xmlns=\"http:\/\/www.w3.org\/2000\/svg\"><path d=\"M240.971 130.524l194.343 194.343c9.373 9.373 9.373 24.569 0 33.941l-22.667 22.667c-9.357 9.357-24.522 9.375-33.901.04L224 227.495 69.255 381.516c-9.379 9.335-24.544 9.317-33.901-.04l-22.667-22.667c-9.373-9.373-9.373-24.569 0-33.941L207.03 130.525c9.372-9.373 24.568-9.373 33.941-.001z\"><\/path><\/svg><\/div>\n\t\t\t\t\t<\/div>\n\t\t\t\t<div id=\"elementor-toc__1c30362\" class=\"elementor-toc__body\">\n\t\t\t<div class=\"elementor-toc__spinner-container\">\n\t\t\t\t<svg class=\"elementor-toc__spinner eicon-animation-spin e-font-icon-svg e-eicon-loading\" aria-hidden=\"true\" viewBox=\"0 0 1000 1000\" xmlns=\"http:\/\/www.w3.org\/2000\/svg\"><path d=\"M500 975V858C696 858 858 696 858 500S696 142 500 142 142 304 142 500H25C25 237 238 25 500 25S975 237 975 500 763 975 500 975Z\"><\/path><\/svg>\t\t\t<\/div>\n\t\t<\/div>\n\t\t\t\t\t\t<\/div>\n\t\t\t\t<\/div>\n\t\t\t\t\t<\/div>\n\t\t\t\t<\/div>\n\t\t<div class=\"elementor-element elementor-element-herorght0 e-con-full e-flex e-con e-child\" data-id=\"herorght0\" data-element_type=\"container\" data-e-type=\"container\">\n\t\t\t\t<div class=\"elementor-element elementor-element-heroimg00 iwg-hero-image elementor-widget elementor-widget-image\" data-id=\"heroimg00\" data-element_type=\"widget\" data-e-type=\"widget\" data-widget_type=\"image.default\">\n\t\t\t\t\t\t\t\t\t\t\t\t\t\t\t<img fetchpriority=\"high\" decoding=\"async\" width=\"683\" height=\"1024\" src=\"https:\/\/iwell-guard.com\/wp-content\/uploads\/2026\/04\/goetter_keltisch_manannan-mac-lir-683x1024.webp\" class=\"attachment-large size-large wp-image-171084\" alt=\"Manannan Mac Lir - gu\u00f0 \u00far keltneskri hef\u00f0, s\u00f6guleg-myndskreytt framsetning\" srcset=\"https:\/\/iwell-guard.com\/wp-content\/uploads\/2026\/04\/goetter_keltisch_manannan-mac-lir-683x1024.webp 683w, https:\/\/iwell-guard.com\/wp-content\/uploads\/2026\/04\/goetter_keltisch_manannan-mac-lir-200x300.webp 200w, https:\/\/iwell-guard.com\/wp-content\/uploads\/2026\/04\/goetter_keltisch_manannan-mac-lir-768x1152.webp 768w, https:\/\/iwell-guard.com\/wp-content\/uploads\/2026\/04\/goetter_keltisch_manannan-mac-lir.webp 1024w\" sizes=\"(max-width: 683px) 100vw, 683px\" \/>\t\t\t\t\t\t\t\t\t\t\t\t\t\t\t<\/div>\n\t\t\t\t<\/div>\n\t\t\t\t\t<\/div>\n\t\t\t\t<\/div>\n\t\t<div class=\"elementor-element elementor-element-32917199 e-flex e-con-boxed e-con e-parent\" data-id=\"32917199\" data-element_type=\"container\" data-e-type=\"container\">\n\t\t\t\t\t<div class=\"e-con-inner\">\n\t\t<div class=\"elementor-element elementor-element-26e916cb e-flex e-con-boxed e-con e-child\" data-id=\"26e916cb\" data-element_type=\"container\" data-e-type=\"container\">\n\t\t\t\t\t<div class=\"e-con-inner\">\n\t\t<div class=\"elementor-element elementor-element-253a40d4 e-flex e-con-boxed e-con e-child\" data-id=\"253a40d4\" data-element_type=\"container\" data-e-type=\"container\">\n\t\t\t\t\t<div class=\"e-con-inner\">\n\t\t\t\t<div class=\"elementor-element elementor-element-1200c304 elementor-widget elementor-widget-heading\" data-id=\"1200c304\" data-element_type=\"widget\" data-e-type=\"widget\" data-widget_type=\"heading.default\">\n\t\t\t\t\t<h3 class=\"elementor-heading-title elementor-size-default\">Manannan Mac Lir<\/h3>\t\t\t\t<\/div>\n\t\t\t\t<div class=\"elementor-element elementor-element-11758e7f elementor-widget elementor-widget-text-editor\" data-id=\"11758e7f\" data-element_type=\"widget\" data-e-type=\"widget\" data-widget_type=\"text-editor.default\">\n\t\t\t\t\t\t\t\t\t<p>Manannan er s\u00fdndur sem yfirn\u00e1tt\u00farulegur hafkonungur og skipari sem fer\u00f0ast milli mannheims og Handanheimsins (T\u00edr na n\u00d3g, Mag Mell). Hann \u00e1 hest sem gerir menn \u00f3s\u00fdnilega (Enbarr) og skip sem siglir sj\u00e1lft (Scuabtuinne).<\/p><p>\u00cd \u00edrskum s\u00f6gum kemur hann fram sem lei\u00f0s\u00f6guma\u00f0ur s\u00e1lna og verndari fer\u00f0alanga. Sagt er a\u00f0 hann hrindi fr\u00e1 p\u00fakum og haldi illv\u00edgum verum \u00ed skefjum. \u00cd sumum textum er hann kennari e\u00f0a f\u00f3sturfa\u00f0ir hetja \u00e1 bor\u00f0 vi\u00f0 C\u00fa Chulainn.<\/p>\t\t\t\t\t\t\t\t<\/div>\n\t\t\t\t\t<\/div>\n\t\t\t\t<\/div>\n\t\t<div class=\"elementor-element elementor-element-159dcf9a e-flex e-con-boxed e-con e-child\" data-id=\"159dcf9a\" data-element_type=\"container\" data-e-type=\"container\">\n\t\t\t\t\t<div class=\"e-con-inner\">\n\t\t\t\t<div class=\"elementor-element elementor-element-48cee66f elementor-widget elementor-widget-heading\" data-id=\"48cee66f\" data-element_type=\"widget\" data-e-type=\"widget\" data-widget_type=\"heading.default\">\n\t\t\t\t\t<h2 class=\"elementor-heading-title elementor-size-default\">\u00cd f\u00e1um or\u00f0um: Manannan Mac Lir<\/h2>\t\t\t\t<\/div>\n\t\t\t\t<div class=\"elementor-element elementor-element-3f50d82c elementor-widget elementor-widget-text-editor\" data-id=\"3f50d82c\" data-element_type=\"widget\" data-e-type=\"widget\" data-widget_type=\"text-editor.default\">\n\t\t\t\t\t\t\t\t\t<p>Heimildir koma \u00far Immram Brain maic Febail (\u00bbSj\u00f3fer\u00f0 Brans mac Febail\u00ab), Imram Curaig Ma\u00e9l D\u00fain (\u00bbSj\u00f3fer\u00f0 M\u00e1el D\u00fains\u00ab) og \u00f6\u00f0rum \u00e6vint\u00fdrago\u00f0s\u00f6gum sem skr\u00e1\u00f0ar voru fr\u00e1 8. til 9. \u00f6ld.<\/p><p>Manannan er nefndur \u00ed \u00e6ttart\u00f6lutextum og \u00ed Ulaid-s\u00f6gunni. Hlutverk hans sem s\u00e1larfylgd og landam\u00e6rav\u00f6r\u00f0ur er einkennandi fyrir eyjakeltneska <span class=\"iwg-fachbegriff\" data-tooltip=\"Hugmyndin um ger\u00f0 og skipulag heimsins innan menningar.\" tabindex=\"0\">heimsmynd<\/span>. N\u00fat\u00edmaheimildir: \u00fej\u00f3\u00f0leg <span class=\"iwg-fachbegriff\" data-tooltip=\"Mi\u00f0lun \u00feekkingar og sagna milli kynsl\u00f3\u00f0a.\" tabindex=\"0\">munnm\u00e6li<\/span> \u00e1 \u00cdrlandi og \u00ed Skotlandi (Su\u00f0ureyjum, M\u00f6n).<\/p>\t\t\t\t\t\t\t\t<\/div>\n\t\t\t\t\t<\/div>\n\t\t\t\t<\/div>\n\t\t\t\t\t<\/div>\n\t\t\t\t<\/div>\n\t\t\t\t\t<\/div>\n\t\t\t\t<\/div>\n\t\t<div class=\"elementor-element elementor-element-18613602 e-flex e-con-boxed e-con e-parent\" data-id=\"18613602\" data-element_type=\"container\" data-e-type=\"container\">\n\t\t\t\t\t<div class=\"e-con-inner\">\n\t\t\t\t<div class=\"elementor-element elementor-element-262b8a9f elementor-widget elementor-widget-heading\" data-id=\"262b8a9f\" data-element_type=\"widget\" data-e-type=\"widget\" data-widget_type=\"heading.default\">\n\t\t\t\t\t<h2 class=\"elementor-heading-title elementor-size-default\">Samhengi<\/h2>\t\t\t\t<\/div>\n\t\t<div class=\"elementor-element elementor-element-46dcb7d e-con-full e-flex e-con e-child\" data-id=\"46dcb7d\" data-element_type=\"container\" data-e-type=\"container\">\n\t\t<div class=\"elementor-element elementor-element-61d3ab3 e-flex e-con-boxed e-con e-child\" data-id=\"61d3ab3\" data-element_type=\"container\" data-e-type=\"container\">\n\t\t\t\t\t<div class=\"e-con-inner\">\n\t\t\t\t<div class=\"elementor-element elementor-element-117c166 elementor-widget elementor-widget-heading\" data-id=\"117c166\" data-element_type=\"widget\" data-e-type=\"widget\" data-widget_type=\"heading.default\">\n\t\t\t\t\t<h3 class=\"elementor-heading-title elementor-size-default\">T\u00edmabil textanna<\/h3>\t\t\t\t<\/div>\n\t\t\t\t<div class=\"elementor-element elementor-element-73997a0 elementor-widget elementor-widget-text-editor\" data-id=\"73997a0\" data-element_type=\"widget\" data-e-type=\"widget\" data-widget_type=\"text-editor.default\">\n\t\t\t\t\t\t\t\t\t<p>Manann\u00e1n mac Lir er sta\u00f0festur \u00ed heimildum fr\u00e1 \u00edrskum textum \u00e1rlegs mi\u00f0aldat\u00edmabils allt til n\u00fdlegrar \u00fej\u00f3\u00f0fr\u00e6\u00f0i M\u00f6n (Isle of Man), en nafn eyjunnar er tali\u00f0 dregi\u00f0 af honum. Enn \u00e1 19. \u00f6ld l\u00f6g\u00f0u \u00edb\u00faar eyjunnar sef \u00e1 h\u00e6\u00f0ir a\u00f0 kv\u00f6ldi sumars\u00f3lst\u00f6\u00f0u sem gj\u00f6f til Manannans; hinn fornhelgi hafgu\u00f0 var \u00feannig or\u00f0inn a\u00f0 go\u00f0sagnakenndum stofnanda eyjunnar, en upphaflegir eiginleikar hans h\u00e9ldust \u00fe\u00f3 s\u00fdnilegir.<\/p><h3>Go\u00f0s\u00f6gulegt samhengi<\/h3><p>Manannan mac Lir er gu\u00f0 og yfirn\u00e1tt\u00faruleg vera \u00ed \u00edrskri og velskri keltneskri <span class=\"iwg-fachbegriff\" data-tooltip=\"Heildarsafn munnm\u00e6ltra gu\u00f0asagna innan menningar.\" tabindex=\"0\">go\u00f0afr\u00e6\u00f0i<\/span>. Hann er herra hafsins, <span class=\"iwg-fachbegriff\" data-tooltip=\"I\u00f0kanir sem leitast vi\u00f0 a\u00f0 hafa \u00e1hrif \u00e1 r\u00e1s atbur\u00f0a me\u00f0 s\u00e9rst\u00f6kum ath\u00f6fnum e\u00f0a form\u00falum.\" tabindex=\"0\">galdurs<\/span> og Handanheimsins. Manannan er fer\u00f0alangur milli heima og verndari. Hlutverk hans er lykilatri\u00f0i fyrir keltneskan skilning.<\/p>\t\t\t\t\t\t\t\t<\/div>\n\t\t\t\t\t<\/div>\n\t\t\t\t<\/div>\n\t\t<div class=\"elementor-element elementor-element-d47b156 e-flex e-con-boxed e-con e-child\" data-id=\"d47b156\" data-element_type=\"container\" data-e-type=\"container\">\n\t\t\t\t\t<div class=\"e-con-inner\">\n\t\t\t\t<div class=\"elementor-element elementor-element-ff38c2b elementor-widget elementor-widget-heading\" data-id=\"ff38c2b\" data-element_type=\"widget\" data-e-type=\"widget\" data-widget_type=\"heading.default\">\n\t\t\t\t\t<h3 class=\"elementor-heading-title elementor-size-default\">\u00datbrei\u00f0slusv\u00e6\u00f0i<\/h3>\t\t\t\t<\/div>\n\t\t\t\t<div class=\"elementor-element elementor-element-4e49fcc elementor-widget elementor-widget-text-editor\" data-id=\"4e49fcc\" data-element_type=\"widget\" data-e-type=\"widget\" data-widget_type=\"text-editor.default\">\n\t\t\t\t\t\t\t\t\t<p>Manannan mac Lir var ekki bundinn \u00e1kve\u00f0nu sv\u00e6\u00f0i e\u00f0a sta\u00f0setningu, heldur var hann \u00feekktur og tigna\u00f0ur \u2013 e\u00f0a virtur og \u00f3tta\u00f0ur \u2013 um allan hinn keltneska heim. Hvort sem var \u00ed st\u00f3rum borgarmi\u00f0st\u00f6\u00f0vum e\u00f0a \u00e1 ja\u00f0arsv\u00e6\u00f0um \u00ed sveitum, hj\u00e1 f\u00e9lagslegri yfirst\u00e9tt e\u00f0a al\u00fe\u00fd\u00f0u, var andleg e\u00f0a menningarleg \u00fe\u00fd\u00f0ing \u00feessarar veru vi\u00f0urkennd \u00e1n undantekninga.<\/p><p>\u00datbrei\u00f0sla Manann\u00e1n mac Lir fylgir siglingalei\u00f0um \u00cdrlandshafs: hann var \u00feekktur \u00e1 \u00cdrlandi, \u00e1 M\u00f6n (Isle of Man) og \u00ed Skotlandi, og eyjan M\u00f6n ber nafn hans. \u00deessi dreifing yfir m\u00f6rg gel\u00edsk m\u00e6landi strandsv\u00e6\u00f0i sk\u00fdrist af n\u00e1num siglinga- og verslunartengslum \u00feeirra \u00e1 milli; grunnger\u00f0 gu\u00f0sins h\u00e9lst s\u00fa sama \u00e1 \u00f6llum sv\u00e6\u00f0um, herra hafsins og yfirfer\u00f0arins.<\/p>\t\t\t\t\t\t\t\t<\/div>\n\t\t\t\t\t<\/div>\n\t\t\t\t<\/div>\n\t\t\t\t<\/div>\n\t\t<div class=\"elementor-element elementor-element-db03c39 e-con-full e-flex e-con e-child\" data-id=\"db03c39\" data-element_type=\"container\" data-e-type=\"container\">\n\t\t<div class=\"elementor-element elementor-element-229a87b e-flex e-con-boxed e-con e-child\" data-id=\"229a87b\" data-element_type=\"container\" data-e-type=\"container\">\n\t\t\t\t\t<div class=\"e-con-inner\">\n\t\t\t\t<div class=\"elementor-element elementor-element-1f471fc elementor-widget elementor-widget-heading\" data-id=\"1f471fc\" data-element_type=\"widget\" data-e-type=\"widget\" data-widget_type=\"heading.default\">\n\t\t\t\t\t<h3 class=\"elementor-heading-title elementor-size-default\">Heimildasta\u00f0a<\/h3>\t\t\t\t<\/div>\n\t\t\t\t<div class=\"elementor-element elementor-element-36b1201 elementor-widget elementor-widget-text-editor\" data-id=\"36b1201\" data-element_type=\"widget\" data-e-type=\"widget\" data-widget_type=\"text-editor.default\">\n\t\t\t\t\t\t\t\t\t<p>Frumheimildir: Immram Brain maic Febail (u.\u00fe.b. 8. \u00f6ld), Imram Curaig Ma\u00e9l D\u00fain (u.\u00fe.b. 9. \u00f6ld), Togail Bruidne D\u00e1 Derga (\u00bbEy\u00f0ing h\u00fass Da Derga\u00ab), s\u00ed\u00f0ar einnig Mabinogion (\u00e1 velsku, 11.\u201313. \u00f6ld, me\u00f0 Manawydan).<\/p><p>T\u00edmabil: munnlegar hef\u00f0ir eru eldri (m\u00f6gulega fr\u00e1 j\u00e1rn\u00f6ld), en skrifleg festing \u00e1 s\u00e9r sta\u00f0 \u00e1 mi\u00f0\u00f6ldum. Fr\u00e6\u00f0imenn: Mac Cana (Celtic Mythology), Jenny Rowland (Early Welsh Saga Poetry), W.Y. Evans-Wentz (The Fairy Faith in Celtic Countries) skr\u00e1setja hef\u00f0ir um Manannan.<\/p>\t\t\t\t\t\t\t\t<\/div>\n\t\t\t\t\t<\/div>\n\t\t\t\t<\/div>\n\t\t\t\t<\/div>\n\t\t\t\t\t<\/div>\n\t\t\t\t<\/div>\n\t\t<div class=\"elementor-element elementor-element-3ae0637c e-flex e-con-boxed e-con e-parent\" data-id=\"3ae0637c\" data-element_type=\"container\" data-e-type=\"container\">\n\t\t\t\t\t<div class=\"e-con-inner\">\n\t\t\t\t<div class=\"elementor-element elementor-element-31d07739 elementor-widget elementor-widget-heading\" data-id=\"31d07739\" data-element_type=\"widget\" data-e-type=\"widget\" data-widget_type=\"heading.default\">\n\t\t\t\t\t<h2 class=\"elementor-heading-title elementor-size-default\">Nafn<\/h2>\t\t\t\t<\/div>\n\t\t<div class=\"elementor-element elementor-element-b7642947 e-con-full e-flex e-con e-child\" data-id=\"b7642947\" data-element_type=\"container\" data-e-type=\"container\">\n\t\t\t\t<div class=\"elementor-element elementor-element-a086266 elementor-widget elementor-widget-text-editor\" data-id=\"a086266\" data-element_type=\"widget\" data-e-type=\"widget\" data-widget_type=\"text-editor.default\">\n\t\t\t\t\t\t\t\t\t<p>Manannan mac Lir er \u00ed \u00fdmsum heimildum og listr\u00e6num hef\u00f0um s\u00fdndur me\u00f0 \u00e1kve\u00f0num endurteknum myndr\u00e6num t\u00e1knum sem haldast tilt\u00f6lulega st\u00f6\u00f0ug yfir \u00e1ratugi og milli mismunandi landsv\u00e6\u00f0a. \u00deessi t\u00e1kn eru ekki einungis skrautleg e\u00f0a valin af tilviljun, heldur eru \u00feau dj\u00fapt t\u00e1kngild og bera mikla merkingu.<\/p><p>Einkenni Manann\u00e1n mac Lir myndar l\u00e6silegt t\u00e1knkerfi: \u00deokusl\u00e6\u00f0an t\u00e1knar m\u00e1tt hans til a\u00f0 hylja hluti og fela landam\u00e6ri, skipi\u00f0 B\u00e1rufleygur sem siglir sj\u00e1lft t\u00e1knar yfirr\u00e1\u00f0 hans yfir hafinu, hesturinn Aonbharr sem hleypur \u00e1 vatni t\u00e1knar afn\u00e1m landam\u00e6ra milli lands og sj\u00e1var, og eplaeyjan Emain Ablach v\u00edsar til tengsla hans vi\u00f0 Handanheiminn. \u00deeir sem kunna hina \u00edrsku fr\u00e1sagnarhef\u00f0 skynja samstundis vald og st\u00f6\u00f0u gu\u00f0sins \u00ed gegnum \u00feessa hluti; ekkert af \u00feessum einkennum er vali\u00f0 af handah\u00f3fi, heldur eru \u00feau \u00f6ll fest \u00ed mi\u00f0aldatextunum.<\/p>\t\t\t\t\t\t\t\t<\/div>\n\t\t\t\t<\/div>\n\t\t\t\t\t<\/div>\n\t\t\t\t<\/div>\n\t\t<div class=\"elementor-element elementor-element-709a44a8 e-flex e-con-boxed e-con e-parent\" data-id=\"709a44a8\" data-element_type=\"container\" data-e-type=\"container\">\n\t\t\t\t\t<div class=\"e-con-inner\">\n\t\t\t\t<div class=\"elementor-element elementor-element-2f585873 elementor-widget elementor-widget-heading\" data-id=\"2f585873\" data-element_type=\"widget\" data-e-type=\"widget\" data-widget_type=\"heading.default\">\n\t\t\t\t\t<h2 class=\"elementor-heading-title elementor-size-default\">Einkenni<\/h2>\t\t\t\t<\/div>\n\t\t<div class=\"elementor-element elementor-element-70621c12 e-con-full e-flex e-con e-child\" data-id=\"70621c12\" data-element_type=\"container\" data-e-type=\"container\">\n\t\t\t\t<div class=\"elementor-element elementor-element-4296eb49 elementor-widget elementor-widget-text-editor\" data-id=\"4296eb49\" data-element_type=\"widget\" data-e-type=\"widget\" data-widget_type=\"text-editor.default\">\n\t\t\t\t\t\t\t\t\t<p>Manann\u00e1n mac Lir gegndi lykilhlutverki \u00ed tr\u00faarlegri i\u00f0kun, hversdagslegum si\u00f0um og hugmyndaheimi Keltar. F\u00f3lk leita\u00f0i til \u00feessarar v\u00e6ttar \u00e1 erfi\u00f0um e\u00f0a \u00e1kve\u00f0num t\u00edmam\u00f3tum \u00ed l\u00edfinu, e\u00f0a \u00e1 tilteknum \u00e1rst\u00ed\u00f0um \u00ed tr\u00faarlegu tilliti, me\u00f0 formfastum og oft umfangsmiklum ath\u00f6fnum, b\u00e6num e\u00f0a f\u00f3rnargj\u00f6fum.<\/p><p>Umgengni vi\u00f0 Manann\u00e1n mac Lir fylgdi \u00e1kve\u00f0num hef\u00f0um: \u00c1 \u00cdrlandi var\u00f0veittu l\u00e6r\u00f0ir sk\u00e1ld og s\u00ed\u00f0ar kristnir munkaskrifarar sagnirnar um hafgu\u00f0inn \u00ed fastri m\u00f3ta\u00f0ri mynd. \u00c1 M\u00f6n (Isle of Man) lif\u00f0u a\u00f0 auki \u00fej\u00f3\u00f0legir si\u00f0ir, svo sem a\u00f0 f\u00f3rna sefi \u00e1 sumars\u00f3lst\u00f6\u00f0ukv\u00f6ldi, sem framkv\u00e6mdir voru eftir arfteknum reglum, ekki af tilviljun.<\/p><p>S\u00fa sta\u00f0reynd a\u00f0 Manann\u00e1n mac Lir var \u00e1kalla\u00f0ur og um hann sagt fr\u00e1 \u00f6ldum saman tengist sk\u00fdrt afm\u00f6rku\u00f0um hlutverkum hans: Sj\u00f3farendur vonu\u00f0ust til a\u00f0 hann veitti \u00feeim skj\u00f3l fr\u00e1 stormum og \u00f6ruggan farkost, \u00fea\u00f0 er v\u00f6rn gegn yfirvofandi \u00f3gn \u00e1 hafi. \u00cd s\u00f6gunum kemur hann jafnframt fram sem lei\u00f0s\u00f6guma\u00f0ur inn \u00ed Annan heim, sem fylgir hetjum yfir m\u00f6rkin milli heimanna, og \u00e1 M\u00f6n var honum f\u00e6rt f\u00f3rnir sem \u00e1ttu a\u00f0 tryggja gott ve\u00f0ur og fiskvei\u00f0i.<\/p><h3>\u00c1s\u00fdnd og t\u00e1knm\u00e1l<\/h3><p>Manann\u00e1n er s\u00fdndur sem fagur, g\u00e1tukenndur ma\u00f0ur \u00ed s\u00edbreytilegum kl\u00e6\u00f0um. Hann r\u00ed\u00f0ur hesti s\u00ednum Enbarr yfir hafi\u00f0. \u00deokan er skikkja hans, sem veitir \u00f3s\u00fdnileika. T\u00f6fraskikkja hans og sver\u00f0 eru go\u00f0sagnakenndir gripir. <span class=\"iwg-fachbegriff\" data-tooltip=\"I\u00f0kanir sem reyna a\u00f0 hafa \u00e1hrif \u00e1 gang atbur\u00f0a me\u00f0 s\u00e9rst\u00f6kum ath\u00f6fnum e\u00f0a form\u00falum.\" tabindex=\"0\">T\u00f6frar<\/span> fylla n\u00e6rveru hans.<\/p>\t\t\t\t\t\t\t\t<\/div>\n\t\t\t\t<\/div>\n\t\t\t\t\t<\/div>\n\t\t\t\t<\/div>\n\t\t<div class=\"elementor-element elementor-element-44e71476 e-flex e-con-boxed e-con e-parent\" data-id=\"44e71476\" data-element_type=\"container\" data-e-type=\"container\">\n\t\t\t\t\t<div class=\"e-con-inner\">\n\t\t\t\t<div class=\"elementor-element elementor-element-3c1fc3f0 elementor-widget elementor-widget-heading\" data-id=\"3c1fc3f0\" data-element_type=\"widget\" data-e-type=\"widget\" data-widget_type=\"heading.default\">\n\t\t\t\t\t<h2 class=\"elementor-heading-title elementor-size-default\">Yfirlit: Manann\u00e1n mac Lir<\/h2>\t\t\t\t<\/div>\n\t\t<div class=\"elementor-element elementor-element-84f33b8e e-con-full e-flex e-con e-child\" data-id=\"84f33b8e\" data-element_type=\"container\" data-e-type=\"container\">\n\t\t\t\t<div class=\"elementor-element elementor-element-hqkdc67p elementor-widget elementor-widget-text-editor\" data-id=\"hqkdc67p\" data-element_type=\"widget\" data-e-type=\"widget\" data-widget_type=\"text-editor.default\">\n\t\t\t\t\t\t\t\t\t<p>Yfirliti\u00f0 varpar lj\u00f3si \u00e1 Manann\u00e1n \u00fat fr\u00e1 sex \u00fe\u00e1ttum: st\u00f6\u00f0u hans sem herra Annars heims og hafsins, hlutverki hans sem s\u00e1larlei\u00f0s\u00f6gumanns og fylgdarmanns, einkennandi eiginleikum hans og undragripum, kosm\u00edskum og verndandi krafti hans, auk andlegra \u00e1kallslei\u00f0a og menningarlegra hli\u00f0st\u00e6\u00f0na. \u00deannig f\u00e6st mynd af \u00feessum r\u00e1\u00f0g\u00e1tufulla landam\u00e6ragu\u00f0.<\/p>\t\t\t\t\t\t\t\t<\/div>\n\t\t\t\t<\/div>\n\t\t<div class=\"elementor-element elementor-element-pemmx7c5 e-con-full e-flex e-con e-child\" data-id=\"pemmx7c5\" data-element_type=\"container\" data-e-type=\"container\">\n\t\t<div class=\"elementor-element elementor-element-pemmx7c1 e-con-full e-flex e-con e-child\" data-id=\"pemmx7c1\" data-element_type=\"container\" data-e-type=\"container\">\n\t\t<div class=\"elementor-element elementor-element-qh9oavvu iwg-steckbrief-card e-flex e-con-boxed e-con e-child\" data-id=\"qh9oavvu\" data-element_type=\"container\" data-e-type=\"container\">\n\t\t\t\t\t<div class=\"e-con-inner\">\n\t\t\t\t<div class=\"elementor-element elementor-element-awzx8k2k elementor-widget elementor-widget-heading\" data-id=\"awzx8k2k\" data-element_type=\"widget\" data-e-type=\"widget\" data-widget_type=\"heading.default\">\n\t\t\t\t\t<div class=\"elementor-heading-title elementor-size-default\">Hef\u00f0<\/div>\t\t\t\t<\/div>\n\t\t\t\t<div class=\"elementor-element elementor-element-x6rowhv0 elementor-widget elementor-widget-text-editor\" data-id=\"x6rowhv0\" data-element_type=\"widget\" data-e-type=\"widget\" data-widget_type=\"text-editor.default\">\n\t\t\t\t\t\t\t\t\t<p>Manann\u00e1n er sprottinn \u00far \u00d6\u00f0rum heimi, e\u00f0a er sj\u00e1lfst\u00e6\u00f0 yfirn\u00e1tt\u00faruleg vera \u00e1n sk\u00fdrrar \u00e6ttartengingar vi\u00f0 Tuatha D\u00e9 Danann. Nafn hans sameinar \u00bbMana\u00ab (hugsanlega \u00bbtungl\u00ab e\u00f0a \u00bbkraft\u00ab) og \u00bbmac Lir\u00ab (\u00bbsonur hafsins\u00ab, en Lir er hafgu\u00f0).<\/p><p>Landfr\u00e6\u00f0ilega er hann bundinn \u00cdrlandi og eyjaheiminum, me\u00f0 sporum \u00e1 M\u00f6n (Mona Innis, nefnd eftir honum). B\u00f3kmenntaheimildir eru til fr\u00e1 8. \u00f6ld.<\/p>\t\t\t\t\t\t\t\t<\/div>\n\t\t\t\t\t<\/div>\n\t\t\t\t<\/div>\n\t\t<div class=\"elementor-element elementor-element-8e3o4kxs iwg-steckbrief-card e-flex e-con-boxed e-con e-child\" data-id=\"8e3o4kxs\" data-element_type=\"container\" data-e-type=\"container\">\n\t\t\t\t\t<div class=\"e-con-inner\">\n\t\t\t\t<div class=\"elementor-element elementor-element-08rkdgov elementor-widget elementor-widget-heading\" data-id=\"08rkdgov\" data-element_type=\"widget\" data-e-type=\"widget\" data-widget_type=\"heading.default\">\n\t\t\t\t\t<div class=\"elementor-heading-title elementor-size-default\">Vi\u00f0takendur<\/div>\t\t\t\t<\/div>\n\t\t\t\t<div class=\"elementor-element elementor-element-uwjelx8s elementor-widget elementor-widget-text-editor\" data-id=\"uwjelx8s\" data-element_type=\"widget\" data-e-type=\"widget\" data-widget_type=\"text-editor.default\">\n\t\t\t\t\t\t\t\t\t<p>Sj\u00f3farendur, fer\u00f0alangar, hetjur og andlegir leitendur \u00e1k\u00f6llu\u00f0u Manann\u00e1n til a\u00f0 f\u00e1 skj\u00f3l \u00e1 hafi, lei\u00f0s\u00f6gn inn \u00ed Annan heim og vernd gegn illum kr\u00f6ftum. Hann var verndari \u00feeirra sem fer\u00f0u\u00f0ust milli heima. \u00cd t\u00f6fralegu samhengi var hann be\u00f0inn um leynd og huli\u00f0. D\u00fdrkun hans er ekki skipul\u00f6g\u00f0 \u00ed helgisi\u00f0i, heldur \u00fej\u00f3\u00f0leg og sjaman\u00edsk.<\/p>\t\t\t\t\t\t\t\t<\/div>\n\t\t\t\t\t<\/div>\n\t\t\t\t<\/div>\n\t\t<div class=\"elementor-element elementor-element-jm2n74ec iwg-steckbrief-card e-flex e-con-boxed e-con e-child\" data-id=\"jm2n74ec\" data-element_type=\"container\" data-e-type=\"container\">\n\t\t\t\t\t<div class=\"e-con-inner\">\n\t\t\t\t<div class=\"elementor-element elementor-element-8vufse4c elementor-widget elementor-widget-heading\" data-id=\"8vufse4c\" data-element_type=\"widget\" data-e-type=\"widget\" data-widget_type=\"heading.default\">\n\t\t\t\t\t<div class=\"elementor-heading-title elementor-size-default\">Framsetning<\/div>\t\t\t\t<\/div>\n\t\t\t\t<div class=\"elementor-element elementor-element-mwb9u015 elementor-widget elementor-widget-text-editor\" data-id=\"mwb9u015\" data-element_type=\"widget\" data-e-type=\"widget\" data-widget_type=\"text-editor.default\">\n\t\t\t\t\t\t\t\t\t<p>Manann\u00e1n er s\u00fdndur sem tignarlegur, yfirn\u00e1tt\u00farulegur ma\u00f0ur, oft me\u00f0 konungleg t\u00e1kn og \u00ed f\u00ednustu kl\u00e6\u00f0um. Sumar fr\u00e1sagnir l\u00fdsa honum \u00ed gr\u00e6nni e\u00f0a sk\u00ednandi brynju. Hestur hans Enbarr er sag\u00f0ur hv\u00edtur og yfirn\u00e1tt\u00farulega hra\u00f0skrei\u00f0ur. Skip hans siglir sj\u00e1lft og er \u00f3s\u00fdnilegt. \u00cd sumum textum hefur hann yfirn\u00e1tt\u00farulegt augnar\u00e1\u00f0 e\u00f0a gagns\u00e6ja s\u00fdn sem opinberar sannleikann.<\/p>\t\t\t\t\t\t\t\t<\/div>\n\t\t\t\t\t<\/div>\n\t\t\t\t<\/div>\n\t\t\t\t<\/div>\n\t\t<div class=\"elementor-element elementor-element-pemmx7c2 e-con-full e-flex e-con e-child\" data-id=\"pemmx7c2\" data-element_type=\"container\" data-e-type=\"container\">\n\t\t<div class=\"elementor-element elementor-element-37ss2yr6 iwg-steckbrief-card e-flex e-con-boxed e-con e-child\" data-id=\"37ss2yr6\" data-element_type=\"container\" data-e-type=\"container\">\n\t\t\t\t\t<div class=\"e-con-inner\">\n\t\t\t\t<div class=\"elementor-element elementor-element-3v0wp3wx elementor-widget elementor-widget-heading\" data-id=\"3v0wp3wx\" data-element_type=\"widget\" data-e-type=\"widget\" data-widget_type=\"heading.default\">\n\t\t\t\t\t<div class=\"elementor-heading-title elementor-size-default\">I\u00f0ja<\/div>\t\t\t\t<\/div>\n\t\t\t\t<div class=\"elementor-element elementor-element-w3247g2m elementor-widget elementor-widget-text-editor\" data-id=\"w3247g2m\" data-element_type=\"widget\" data-e-type=\"widget\" data-widget_type=\"text-editor.default\">\n\t\t\t\t\t\t\t\t\t<strong>Verkunarsvi\u00f0:<\/strong> \u00cd \u00edrskri hef\u00f0 er Manann\u00e1n mac Lir gu\u00f0 hafsins, \u00feokunnar og skilanna milli heima. M\u00e1ttur hans n\u00e6r yfir \u00f6ll vatnasv\u00e6\u00f0i, fr\u00e1 stormas\u00f6mu hafinu til falinna vatna og t\u00f6fraeyja. Hann er \u00edmynd markanna milli \u00feessa heims og hins (T\u00edr na n\u00d3g). \u00c1hrif hans birtast \u00ed ve\u00f0urgj\u00f6fum, \u00f6ryggi \u00e1 sj\u00f3 og opnun lei\u00f0a inn \u00ed yfirn\u00e1tt\u00faruleg r\u00edki. \u00cd Sanas Cormaic er hann l\u00fdst sem \u00e6\u00f0sti herra Annars heims, sem lei\u00f0ir fer\u00f0andi s\u00e1lir og mi\u00f0lar dulinni vitneskju.\n\t\t\t\t\t\t\t\t<\/div>\n\t\t\t\t\t<\/div>\n\t\t\t\t<\/div>\n\t\t<div class=\"elementor-element elementor-element-0qpjal9w iwg-steckbrief-card e-flex e-con-boxed e-con e-child\" data-id=\"0qpjal9w\" data-element_type=\"container\" data-e-type=\"container\">\n\t\t\t\t\t<div class=\"e-con-inner\">\n\t\t\t\t<div class=\"elementor-element elementor-element-6ndoih0o elementor-widget elementor-widget-heading\" data-id=\"6ndoih0o\" data-element_type=\"widget\" data-e-type=\"widget\" data-widget_type=\"heading.default\">\n\t\t\t\t\t<div class=\"elementor-heading-title elementor-size-default\">Vernd<\/div>\t\t\t\t<\/div>\n\t\t\t\t<div class=\"elementor-element elementor-element-6684tyh9 elementor-widget elementor-widget-text-editor\" data-id=\"6684tyh9\" data-element_type=\"widget\" data-e-type=\"widget\" data-widget_type=\"text-editor.default\">\n\t\t\t\t\t\t\t\t\t<p>Manann\u00e1n er ekki h\u00e6ttulegur \u00ed illum skilningi, en hann er m\u00e1ttugur og a\u00f0 nokkru leyti \u00f3\u00fatreiknanlegur. Hann veitir v\u00f6rn gegn illum v\u00e6ttum, en \u00feekking hans \u00e1 \u00d6\u00f0rum heimi gerir hann ekki au\u00f0st\u00fdranlegan.<\/p><p>Vir\u00f0ing og a\u00f0g\u00e1t eru nau\u00f0synlegar vi\u00f0 \u00e1kall til hans. N\u00fat\u00edma andleg i\u00f0kun s\u00e9r hann sem hj\u00e1lpara \u00e1 t\u00edmam\u00f3tum og \u00ed innri fer\u00f0um. Sumar hef\u00f0ir kenna verndarm\u00f6ntrur e\u00f0a fri\u00f0\u00fe\u00e6gingar til a\u00f0 tryggja stu\u00f0ning hans \u00e1 \u00f6ruggan h\u00e1tt.<\/p>\t\t\t\t\t\t\t\t<\/div>\n\t\t\t\t\t<\/div>\n\t\t\t\t<\/div>\n\t\t<div class=\"elementor-element elementor-element-3lfi7x32 iwg-steckbrief-card e-flex e-con-boxed e-con e-child\" data-id=\"3lfi7x32\" data-element_type=\"container\" data-e-type=\"container\">\n\t\t\t\t\t<div class=\"e-con-inner\">\n\t\t\t\t<div class=\"elementor-element elementor-element-0kg99ga1 elementor-widget elementor-widget-heading\" data-id=\"0kg99ga1\" data-element_type=\"widget\" data-e-type=\"widget\" data-widget_type=\"heading.default\">\n\t\t\t\t\t<div class=\"elementor-heading-title elementor-size-default\">Hli\u00f0st\u00e6\u00f0ur<\/div>\t\t\t\t<\/div>\n\t\t\t\t<div class=\"elementor-element elementor-element-n0fum6kp elementor-widget elementor-widget-text-editor\" data-id=\"n0fum6kp\" data-element_type=\"widget\" data-e-type=\"widget\" data-widget_type=\"text-editor.default\">\n\t\t\t\t\t\t\t\t\t<p>Samb\u00e6rilegir eru Karon (gr\u00edskur) sem ferjuma\u00f0ur hinna dau\u00f0u, P\u00f3seidon sem hafgu\u00f0 og herra skilanna, germanski gu\u00f0inn Forseti sem gu\u00f0 landam\u00e6ra og s\u00e1tta, og r\u00f3mverski Nept\u00fanus sem hafgu\u00f0. \u00cd as\u00edskum hef\u00f0um: Yama sem dau\u00f0agu\u00f0 og vegv\u00edsir, B\u00fadda Amitabha sem frelsari og lei\u00f0s\u00f6guma\u00f0ur inn \u00ed hinn heiminn.<\/p>\t\t\t\t\t\t\t\t<\/div>\n\t\t\t\t\t<\/div>\n\t\t\t\t<\/div>\n\t\t\t\t<\/div>\n\t\t\t\t<\/div>\n\t\t\t\t\t<\/div>\n\t\t\t\t<\/div>\n\t\t<div class=\"elementor-element elementor-element-5a584676 e-flex e-con-boxed e-con e-parent\" data-id=\"5a584676\" data-element_type=\"container\" data-e-type=\"container\">\n\t\t\t\t\t<div class=\"e-con-inner\">\n\t\t\t\t<div class=\"elementor-element elementor-element-6d0757bf elementor-widget elementor-widget-heading\" data-id=\"6d0757bf\" data-element_type=\"widget\" data-e-type=\"widget\" data-widget_type=\"heading.default\">\n\t\t\t\t\t<h2 class=\"elementor-heading-title elementor-size-default\">Manann\u00e1n mac Lir, hli\u00f0st\u00e6\u00f0ur \u00ed \u00f6\u00f0rum menningarheimum<\/h2>\t\t\t\t<\/div>\n\t\t<div class=\"elementor-element elementor-element-60563f68 e-con-full e-flex e-con e-child\" data-id=\"60563f68\" data-element_type=\"container\" data-e-type=\"container\">\n\t\t\t\t<div class=\"elementor-element elementor-element-5a93fdd6 elementor-widget elementor-widget-text-editor\" data-id=\"5a93fdd6\" data-element_type=\"widget\" data-e-type=\"widget\" data-widget_type=\"text-editor.default\">\n\t\t\t\t\t\t\t\t\t<h3>Ritu\u00e1l og lotning<\/h3><p>\u00cd strandbygg\u00f0um \u00cdrlands voru Manannan mac Lir f\u00e6r\u00f0ar f\u00f3rnargjafir vi\u00f0 vatni\u00f0, skartgripir, drykkjar- e\u00f0a matarf\u00f3rnir fyrir langar sj\u00f3fer\u00f0ir. Dru\u00eddar \u00e1k\u00f6llu\u00f0u hann me\u00f0 sj\u00e1vars\u00f6ng (geis) \u00e1 s\u00e9rst\u00f6kum tunglst\u00f6\u00f0um. \u00cd <span class=\"iwg-fachbegriff\" data-tooltip=\"\u00d6ll tr\u00faarleg lotningarath\u00f6fn sem beinist a\u00f0 gu\u00f0i e\u00f0a heilagri v\u00e6tt.\" tabindex=\"0\">d\u00fdrkun<\/span> Tuatha D\u00e9 Danann var <span class=\"iwg-fachbegriff\" data-tooltip=\"\u00dea\u00f0 a\u00f0 \u00e1kalla gu\u00f0 e\u00f0a m\u00e1tt me\u00f0 b\u00e6n e\u00f0a galdri.\" tabindex=\"0\">\u00e1kalli\u00f0<\/span> til hans <span class=\"iwg-fachbegriff\" data-tooltip=\"Bundi\u00f0 f\u00f6stu, vi\u00f0urkenndu tr\u00faarlegu athafnaferli.\" tabindex=\"0\">rit\u00faal\u00edskt<\/span> \u00e1skili\u00f0 v\u00edg\u00f0um v\u00f6r\u00f0um hinnar magna\u00f0u kunn\u00e1ttu.<\/p><h3>Galdra\u00feulur og \u00e1kall<\/h3><p>Fornar textaheimildir (\u00d3sraighe-hef\u00f0in) var\u00f0veita \u00feulur til <span class=\"iwg-fachbegriff\" data-tooltip=\"\u00dea\u00f0 a\u00f0 \u00e1kalla gu\u00f0 e\u00f0a m\u00e1tt me\u00f0 b\u00e6n e\u00f0a galdri.\" tabindex=\"0\">\u00e1kalls<\/span> Manannans \u00ed \u00feokunni: \u201eManannan, herra l\u00f6\u00f0ursins, opna hina \u00f3s\u00fdnilegu vegi.\u201c \u00cd b\u00f3kmenntunum kemur hann fram sem r\u00e1\u00f0gjafi og lei\u00f0s\u00f6guv\u00e6ttur sem hraustar hetjur kalla til s\u00edn. \u00deekkt <span class=\"iwg-fachbegriff\" data-tooltip=\"\u00dea\u00f0 a\u00f0 \u00e1kalla gu\u00f0 e\u00f0a m\u00e1tt me\u00f0 b\u00e6n e\u00f0a galdri.\" tabindex=\"0\">\u00e1kall<\/span> vi\u00f0 sj\u00f3fer\u00f0ir hlj\u00f3\u00f0a\u00f0i svo: \u201eManannan mac Lir, kenn m\u00e9r hina \u00f6ruggu vegi.\u201c<\/p><h3>Verndargripir og t\u00e1knmyndir<\/h3><p>T\u00e1kn \u00f6ldunnar, tunglsins og sp\u00edralsins voru grafin \u00e1 verndargripi. Sj\u00f3menn b\u00e1ru \u201eHring Manannans\u201c, hn\u00fata-<span class=\"iwg-fachbegriff\" data-tooltip=\"T\u00e1kn sem stendur fyrir hugmynd e\u00f0a merkingu.\" tabindex=\"0\">t\u00e1kn<\/span> \u00far kopar, til a\u00f0 tryggja \u00f6ryggi \u00e1 sj\u00f3. \u00cd n\u00fat\u00edma dulspekilegri i\u00f0kun eru \u00fealasso-kristallar (akvamar\u00edn, bl\u00e1r t\u00f3pas) taldir tengdir Manannan.<\/p>\n<p><p><strong>Hef\u00f0 Gy\u00f0inga:<\/strong> Engin bein samsv\u00f6run er til. Fjarskyldur m\u00e6tti telja El\u00eda, sem fer\u00f0ast milli himins og jar\u00f0ar og fer \u00ed yfirn\u00e1tt\u00farulegar fer\u00f0ir.<\/p><p><strong>Gr\u00edsk-r\u00f3mverski heimurinn:<\/strong> Karon sem ferjuma\u00f0ur milli l\u00edfs og dau\u00f0a. Hermes\/Merk\u00far sem s\u00e1larlei\u00f0s\u00f6guma\u00f0ur og landam\u00e6ragu\u00f0, lei\u00f0togi s\u00e1lna. P\u00f3seidon sem hafgu\u00f0 og herra umskipta, Hades sem konungur handanheimsins. Hlutverkin skarast verulega.<\/p><p><strong>Mes\u00f3p\u00f3tam\u00eda:<\/strong> An\u00fa sem himingu\u00f0 og landam\u00e6rav\u00f6r\u00f0ur, Ereshkigal sem drottning undirheima, Nergal sem stj\u00f3rnandi hinna ne\u00f0anjar\u00f0ar sv\u00e6\u00f0a. Einnig Enki me\u00f0 tengslum s\u00ednum vi\u00f0 falin v\u00f6tn og visku.<\/p><p><strong>Indland\/As\u00eda:<\/strong> Jama sem gu\u00f0 dau\u00f0ans og umskipta, l\u00edkur Karoni. \u00cd b\u00faddisma: Mahakala sem verndargu\u00f0 og herra undirheima. Einnig t\u00edbetskir yidamar sem hj\u00e1lpart\u00e6ki \u00ed huglei\u00f0slu fyrir landam\u00e6rareynslu samsvara Manannan a\u00f0 hlutverki.<\/p>\t\t\t\t\t\t\t\t<\/div>\n\t\t\t\t<\/div>\n\t\t\t\t\t<\/div>\n\t\t\t\t<\/div>\n\t\t<div class=\"elementor-element elementor-element-cp3033f03 e-flex e-con-boxed e-con e-parent\" data-id=\"cp3033f03\" data-element_type=\"container\" data-e-type=\"container\">\n\t\t\t\t\t<div class=\"e-con-inner\">\n\t\t\t\t<div class=\"elementor-element elementor-element-cpd855ff9 elementor-widget elementor-widget-heading\" data-id=\"cpd855ff9\" data-element_type=\"widget\" data-e-type=\"widget\" data-widget_type=\"heading.default\">\n\t\t\t\t\t<h2 class=\"elementor-heading-title elementor-size-default\">\u00cdrsku og velsku heimildirnir og lagskipting \u00feeirra<\/h2>\t\t\t\t<\/div>\n\t\t<div class=\"elementor-element elementor-element-cpb3465a7 e-con-full e-flex e-con e-child\" data-id=\"cpb3465a7\" data-element_type=\"container\" data-e-type=\"container\">\n\t\t\t\t<div class=\"elementor-element elementor-element-cp34f70bc elementor-widget elementor-widget-text-editor\" data-id=\"cp34f70bc\" data-element_type=\"widget\" data-e-type=\"widget\" data-widget_type=\"text-editor.default\">\n\t\t\t\t\t\t\t\t\t<p>Manannan mac Lir, en nafn hans merkir sonur hafsins e\u00f0a hinn sem tengist hafinu, er v\u00ed\u00f0a sta\u00f0festur \u00ed mi\u00f0aldahandritum \u00cdrlands, en heimildirnar eru \u00f3jafnar og margar skrifa\u00f0ar ni\u00f0ur \u00f6ldum eftir kristnit\u00f6ku.<\/p><p>Munkarnir sem settu \u00feessa texta saman felldu hina fornu gu\u00f0i inn \u00ed n\u00fdja, kristilega ramma s\u00f6guskilnings, \u00fdmist sem fyrri \u00edb\u00faa \u00cdrlands e\u00f0a dau\u00f0lega konunga fornaldar.<\/p><p>Manannan kemur fram \u00ed nokkrum sagnahringjum. \u00cd hinum svokalla\u00f0a go\u00f0sagnahring telst hann til <em>Tuatha De Danann<\/em>, gu\u00f0a\u00fej\u00f3\u00f0arins sem bygg\u00f0i \u00cdrland \u00e1 undan hinum mennsku Gaelum.<\/p><p>\u00cd <em>Lebor Gabala Erenn<\/em>, b\u00f3k landt\u00f6kunnar, er honum skipa\u00f0 inn \u00ed \u00e6ttart\u00f6lur \u00feessarar \u00fej\u00f3\u00f0ar. \u00cd s\u00f6gum eins og <em>Immram Brain<\/em>, sj\u00f3fer\u00f0 Brans, og \u00ed textum um hetjuna Cu Chulainn kemur hann fram sem herra handanheims eyjaveraldar.<\/p><p>Velska <span class=\"iwg-fachbegriff\" data-tooltip=\"Munnleg og skrifleg var\u00f0veisla \u00feekkingar og sagna milli kynsl\u00f3\u00f0a.\" tabindex=\"0\">arfs\u00f6gnin<\/span> \u00feekkir skylda pers\u00f3nu undir nafninu Manawydan, son Llyrs, sem kemur fram \u00ed \u00f6\u00f0rum og \u00feri\u00f0ja hluta <em>Mabinogi<\/em>. Manawydan er \u00fear \u00fe\u00f3 s\u00ed\u00f0ur hafgu\u00f0 en kl\u00f3kur, \u00feolinm\u00f3\u00f0ur ma\u00f0ur sem afst\u00fdrir \u00f3g\u00e6fu me\u00f0 hagleik og hyggjuvitum.<\/p><p>Sambandi\u00f0 milli \u00feessara tveggja pers\u00f3na er umdeilt \u00ed fr\u00e6\u00f0unum, \u00fe\u00e6r deila nafni f\u00f6\u00f0urins og nokkrum einkennum en eru verulega \u00f3l\u00edkar \u00ed e\u00f0li og hlutverki.<\/p><p>\u00deessi heimildasta\u00f0a krefst var\u00fa\u00f0ar. Ekki er unnt a\u00f0 endurgera samr\u00e6mda, upprunalega mynd af gu\u00f0inum. \u00dea\u00f0 sem handritin var\u00f0veita eru \u00feegar b\u00f3kmenntalega m\u00f3ta\u00f0ar, kristilega s\u00eda\u00f0ar og sv\u00e6\u00f0isbundi\u00f0 \u00f3l\u00edkar \u00fatg\u00e1fur af v\u00e6tt sem forskrifleg mynd hennar liggur a\u00f0 mestu \u00ed myrkri.<\/p>\t\t\t\t\t\t\t\t<\/div>\n\t\t\t\t<\/div>\n\t\t\t\t\t<\/div>\n\t\t\t\t<\/div>\n\t\t<div class=\"elementor-element elementor-element-cp79ddb12 e-flex e-con-boxed e-con e-parent\" data-id=\"cp79ddb12\" data-element_type=\"container\" data-e-type=\"container\">\n\t\t\t\t\t<div class=\"e-con-inner\">\n\t\t\t\t<div class=\"elementor-element elementor-element-cpf5e0c2f elementor-widget elementor-widget-heading\" data-id=\"cpf5e0c2f\" data-element_type=\"widget\" data-e-type=\"widget\" data-widget_type=\"heading.default\">\n\t\t\t\t\t<h2 class=\"elementor-heading-title elementor-size-default\">Herra handanheimseyjanna og eignir hans<\/h2>\t\t\t\t<\/div>\n\t\t<div class=\"elementor-element elementor-element-cp6d9e349 e-con-full e-flex e-con e-child\" data-id=\"cp6d9e349\" data-element_type=\"container\" data-e-type=\"container\">\n\t\t\t\t<div class=\"elementor-element elementor-element-cp41bd734 elementor-widget elementor-widget-text-editor\" data-id=\"cp41bd734\" data-element_type=\"widget\" data-e-type=\"widget\" data-widget_type=\"text-editor.default\">\n\t\t\t\t\t\t\t\t\t<p>Manannan er \u00ed \u00edrskri <span class=\"iwg-fachbegriff\" data-tooltip=\"Munnleg og skrifleg var\u00f0veisla \u00feekkingar og sagna milli kynsl\u00f3\u00f0a.\" tabindex=\"0\">arfs\u00f6gn<\/span> herra yfir handanheimi sem er hugsa\u00f0ur sem eyjar\u00edki handan hafsins e\u00f0a undir b\u00e1runum. \u00deekktasti b\u00fasta\u00f0ur hans nefnist <em>Emain Ablach<\/em>, Eplaeyjan, sta\u00f0ur fjarri elli, sj\u00fakd\u00f3mum og skorti.<\/p><p>\u00cd sj\u00f3fer\u00f0 Brans birtist Manannan honum \u00e1 vatninu og l\u00fdsir fyrir honum hina s\u00f6nnu mynd hafsins, sem fyrir gu\u00f0inn er bl\u00f3mleg sl\u00e9tta sem hann ekur yfir \u00ed vagni s\u00ednum, me\u00f0an Bran s\u00e9r a\u00f0eins b\u00e1rur.<\/p><p>Til Manannans teljast fj\u00f6lmargar nafngreindar eignir sem koma s\u00edfellt fram \u00ed textunum. B\u00e1tur hans siglir \u00e1n segls og \u00e1ra, a\u00f0eins eftir vilja st\u00fdrimannsins.<\/p><p>Hestur hans, \u00ed nokkrum heimildum nefndur Aonbharr, getur hlaupi\u00f0 jafnt \u00e1 landi og vatni. Skikkja hans, \u00feegar hann skekur hana milli tveggja manna, l\u00e6tur \u00fe\u00e1 gleyma hvor \u00f6\u00f0rum. Sver\u00f0 hans ber sitt eigi\u00f0 nafn, og sumir textar tala um herkl\u00e6\u00f0i sem gera menn \u00f3s\u00e6ranlega.<\/p><p>Endurteki\u00f0 <span class=\"iwg-fachbegriff\" data-tooltip=\"Endurteki\u00f0 innihaldsatri\u00f0i \u00ed list e\u00f0a fr\u00e1s\u00f6gn.\" tabindex=\"0\">minni<\/span> eru sv\u00edn Manannans, sem m\u00e1 sl\u00e1tra og eta og eru lifandi a\u00f0 n\u00fdju daginn eftir, svo a\u00f0 fylgdarli\u00f0 hans skortir aldrei mat. \u00deessi f\u00e6\u00f0a \u00f3dau\u00f0leikans tengir gu\u00f0inn vi\u00f0 hugmyndina um handanheimsveislu sem endar aldrei.<\/p><p>\u00deessar eignir eru meira en fr\u00e1sagnarleg umgj\u00f6r\u00f0. \u00de\u00e6r afmarka m\u00e1tt gu\u00f0sins yfir m\u00f6rkum heimanna, yfir hafi og landi, yfir minni og gleymsku, yfir dau\u00f0a og endurkomu. Manannan er hin fullkomna landam\u00e6ravera, og hlutir hans eru verkf\u00e6rin sem gera kleift a\u00f0 fara yfir \u00feessi m\u00f6rk.<\/p>\t\t\t\t\t\t\t\t<\/div>\n\t\t\t\t<\/div>\n\t\t\t\t\t<\/div>\n\t\t\t\t<\/div>\n\t\t<div class=\"elementor-element elementor-element-cpb04ffd2 e-flex e-con-boxed e-con e-parent\" data-id=\"cpb04ffd2\" data-element_type=\"container\" data-e-type=\"container\">\n\t\t\t\t\t<div class=\"e-con-inner\">\n\t\t\t\t<div class=\"elementor-element elementor-element-cpd9ce4c0 elementor-widget elementor-widget-heading\" data-id=\"cpd9ce4c0\" data-element_type=\"widget\" data-e-type=\"widget\" data-widget_type=\"heading.default\">\n\t\t\t\t\t<h2 class=\"elementor-heading-title elementor-size-default\">Manannan, Lugh og f\u00f3sturfa\u00f0erni\u00f0 \u00ed gu\u00f0a\u00fej\u00f3\u00f0inni<\/h2>\t\t\t\t<\/div>\n\t\t<div class=\"elementor-element elementor-element-cpc5279ee e-con-full e-flex e-con e-child\" data-id=\"cpc5279ee\" data-element_type=\"container\" data-e-type=\"container\">\n\t\t\t\t<div class=\"elementor-element elementor-element-cpecea760 elementor-widget elementor-widget-text-editor\" data-id=\"cpecea760\" data-element_type=\"widget\" data-e-type=\"widget\" data-widget_type=\"text-editor.default\">\n\t\t\t\t\t\t\t\t\t<p>\u00cd \u00edrskri <span class=\"iwg-fachbegriff\" data-tooltip=\"Mi\u00f0lun \u00feekkingar og fr\u00e1sagna milli kynsl\u00f3\u00f0a.\" tabindex=\"0\">arfs\u00f6gn<\/span> er Manannan n\u00e1i\u00f0 tengdur samskiptaneti <em>Tuatha De Danann<\/em>, einkum \u00ed gegnum stofnun f\u00f3sturfa\u00f0ernis. \u00c1 mi\u00f0\u00f6ldum \u00e1 \u00cdrlandi var afhending barns til f\u00f3sturf\u00f6\u00f0ur mikilv\u00e6g f\u00e9lagsleg ath\u00f6fn sem stofna\u00f0i til bandalaga. Fr\u00e1sagnirnar yfirf\u00e6ra \u00feetta mynstur \u00e1 gu\u00f0ina.<\/p><p>\u00deekktast er hlutverk Manannans sem f\u00f3sturf\u00f6\u00f0ur lj\u00f3sgu\u00f0sins Lugh. Samkv\u00e6mt <span class=\"iwg-fachbegriff\" data-tooltip=\"Mi\u00f0lun \u00feekkingar og fr\u00e1sagna milli kynsl\u00f3\u00f0a.\" tabindex=\"0\">arfs\u00f6gninni<\/span> \u00f3lst Lugh upp hj\u00e1 Manannan \u00ed handanheimsr\u00edki hans, og hafgu\u00f0inn \u00fatbj\u00f3 hann me\u00f0 nokkrum af gj\u00f6fum s\u00ednum \u00e1\u00f0ur en Lugh gekk til li\u00f0s vi\u00f0 <em>Tuatha De Danann<\/em>. \u00deannig stendur Manannan vi\u00f0 upphaf hetjuferils einnar af lykilverum \u00edrska go\u00f0aheimsins.<\/p><p>Einnig eftir \u00f3sigur <em>Tuatha De Danann<\/em> gegn mannlegum landvinningam\u00f6nnum heldur Manannan skipulagshlutverki s\u00ednu.<\/p><p>Arfs\u00f6gn sem k\u00f6llu\u00f0 er <em>Altram Tige Da Medar<\/em>, uppeldi\u00f0 \u00ed h\u00fasi mj\u00f3lkur\u00edl\u00e1tanna tveggja, eignar honum \u00fea\u00f0 a\u00f0 eftir a\u00f0 go\u00f0a\u00fej\u00f3\u00f0in dr\u00f3 sig \u00ed hl\u00e9 \u00ed <em>sid<\/em>, h\u00f3lana og handanheimsb\u00fasta\u00f0ina, hafi hann skipt \u00feeim milli einstakra gu\u00f0a og \u00feannig skipulagt handanheiminn.<\/p><p>\u00cd \u00feessu hlutverki virkar Manannan n\u00e6stum eins og skipuleggjandi umskiptanna fr\u00e1 t\u00edmabili gu\u00f0anna til t\u00edmabils mannanna.<\/p><p>\u00c6ttartengslanet hans er \u00f3samr\u00e6mt \u00ed heimildunum. Nokkrar konur eru tengdar honum, \u00fear \u00e1 me\u00f0al Fand, sem kemur vi\u00f0 s\u00f6gu \u00ed fr\u00e1s\u00f6gninni af sj\u00fakrabe\u00f0i Cu Chulainns. Einnig eru honum eignu\u00f0 \u00fdmis b\u00f6rn.<\/p><p>\u00deessi \u00f3sk\u00fdrleiki er d\u00e6miger\u00f0ur fyrir \u00edrska go\u00f0afr\u00e6\u00f0ilega arfs\u00f6gn, \u00fear sem \u00e6ttart\u00f6lur eru mismunandi eftir texta og sv\u00e6\u00f0i. \u00dea\u00f0 sem stendur eftir er a\u00f0 Manannan er ekki einangra\u00f0ur hafgu\u00f0, heldur vera sem heldur go\u00f0a\u00fej\u00f3\u00f0inni saman me\u00f0 f\u00f3strunarb\u00f6ndum og skipulagningu handanheimsins.<\/p>\t\t\t\t\t\t\t\t<\/div>\n\t\t\t\t<\/div>\n\t\t\t\t\t<\/div>\n\t\t\t\t<\/div>\n\t\t<div class=\"elementor-element elementor-element-cpa5d3d19 e-flex e-con-boxed e-con e-parent\" data-id=\"cpa5d3d19\" data-element_type=\"container\" data-e-type=\"container\">\n\t\t\t\t\t<div class=\"e-con-inner\">\n\t\t\t\t<div class=\"elementor-element elementor-element-cpcf56e79 elementor-widget elementor-widget-heading\" data-id=\"cpcf56e79\" data-element_type=\"widget\" data-e-type=\"widget\" data-widget_type=\"heading.default\">\n\t\t\t\t\t<h2 class=\"elementor-heading-title elementor-size-default\">Eyjan Mann og \u00e1framhaldandi l\u00edf \u00ed \u00fej\u00f3\u00f0tr\u00fa<\/h2>\t\t\t\t<\/div>\n\t\t<div class=\"elementor-element elementor-element-cp2ced30c e-con-full e-flex e-con e-child\" data-id=\"cp2ced30c\" data-element_type=\"container\" data-e-type=\"container\">\n\t\t\t\t<div class=\"elementor-element elementor-element-cp06133ed elementor-widget elementor-widget-text-editor\" data-id=\"cp06133ed\" data-element_type=\"widget\" data-e-type=\"widget\" data-widget_type=\"text-editor.default\">\n\t\t\t\t\t\t\t\t\t<p>Eyjan Mann \u00ed \u00cdrska hafinu bar samkv\u00e6mt \u00fatbreiddri sko\u00f0un, sem \u00feekkist allt fr\u00e1 mi\u00f0\u00f6ldum, nafn sitt \u00ed tengslum vi\u00f0 Manann\u00e1n. Mi\u00f0aldatextar \u00e1 \u00edrsku nefna hann fyrsta h\u00f6f\u00f0ingja e\u00f0a verndarv\u00e6tt eyjunnar og eigna honum a\u00f0 hafa hj\u00fapa\u00f0 hana \u00ed \u00feoku til a\u00f0 fela hana fyrir fjendum.<\/p><p>Hvort eyjarnafni\u00f0 s\u00e9 raunverulega dregi\u00f0 af gu\u00f0snafninu e\u00f0a hvort tengingin hafi veri\u00f0 tengd s\u00ed\u00f0ar er ekki fullkomlega \u00fatklj\u00e1\u00f0 fr\u00e1 m\u00e1lfr\u00e6\u00f0ilegu sj\u00f3narhorni, en tengingin er n\u00e1in, g\u00f6mul og menningarlega \u00e1hrifamikil.<\/p><p>\u00c1 eyjunni Mann h\u00e9lst minningin um Manann\u00e1n fram \u00e1 n\u00fd\u00f6ld.<\/p><p>\u00dej\u00f3\u00f0h\u00e1ttafr\u00e6\u00f0ilegar skr\u00e1ningar fr\u00e1 \u00e1tj\u00e1ndu og n\u00edtj\u00e1ndu \u00f6ld sta\u00f0festa <span class=\"iwg-fachbegriff\" data-tooltip=\"Hef\u00f0bundin ath\u00f6fn sem endurtekin er reglulega innan samf\u00e9lags.\" tabindex=\"0\">si\u00f0inn<\/span> a\u00f0 f\u00e6ra verunni, minnst sem <em>Manannan beg mac y Leirr<\/em>, gj\u00f6f af sefi e\u00f0a gr\u00e6nni reyr um sumars\u00f3lst\u00f6\u00f0ur e\u00f0a kv\u00f6ldi\u00f0 fyrir \u00e1kve\u00f0nar h\u00e1t\u00ed\u00f0ir, oft \u00e1 h\u00e6\u00f0. \u00deessi <span class=\"iwg-fachbegriff\" data-tooltip=\"Hef\u00f0bundin ath\u00f6fn sem endurtekin er reglulega innan samf\u00e9lags.\" tabindex=\"0\">si\u00f0ur<\/span> tengdi hina fornu pers\u00f3nu vi\u00f0 hrynjandi b\u00e6nda- og fiskimannal\u00edfsins.<\/p><p>\u00c1 \u00cdrlandi sj\u00e1lfu lif\u00f0i nafni\u00f0 \u00e1fram \u00ed \u00f6rnefnum, m\u00e1lsh\u00e1ttum og fr\u00e1s\u00f6gnum, oft mj\u00f6g breytt og fjarl\u00e6gt hinni l\u00e6r\u00f0u <span class=\"iwg-fachbegriff\" data-tooltip=\"Mi\u00f0lun \u00feekkingar og fr\u00e1sagna kynsl\u00f3\u00f0 eftir kynsl\u00f3\u00f0.\" tabindex=\"0\">munnm\u00e6lahef\u00f0<\/span>. Endurfundur mi\u00f0aldahandritanna me\u00f0 keltnesku textafr\u00e6\u00f0inni \u00e1 n\u00edtj\u00e1ndu og tuttugustu \u00f6ld leiddi gu\u00f0inn aftur inn \u00ed b\u00f3kmenntalega vitund.<\/p><p>\u00cd n\u00fat\u00edma menningarl\u00edfi er Manann\u00e1n vi\u00f0staddur \u00e1 eyjunni Mann, me\u00f0al annars \u00ed opinberri list og \u00ed var\u00f0veislu sta\u00f0bundinnar sj\u00e1lfsmyndar.<\/p><p>\u00deessi seigla s\u00fdnir a\u00f0 pers\u00f3nan er ekki a\u00f0eins efni handritaranns\u00f3kna, heldur hefur h\u00fan, \u00ed gegnum eyjamenninguna, \u00f3slitna, \u00fe\u00f3tt breytta, l\u00ednu allt fram til n\u00fat\u00edmans. Manann\u00e1n heyrir \u00feannig til f\u00e1rra keltneskra gu\u00f0apers\u00f3na sem nafn \u00feeirra glata\u00f0ist aldrei a\u00f0 fullu.<\/p>\t\t\t\t\t\t\t\t<\/div>\n\t\t\t\t<\/div>\n\t\t\t\t\t<\/div>\n\t\t\t\t<\/div>\n\t\t<div class=\"elementor-element elementor-element-36dd7469 e-flex e-con-boxed e-con e-parent\" data-id=\"36dd7469\" data-element_type=\"container\" data-e-type=\"container\">\n\t\t\t\t\t<div class=\"e-con-inner\">\n\t\t\t\t<div class=\"elementor-element elementor-element-13760ab4 elementor-widget elementor-widget-heading\" data-id=\"13760ab4\" data-element_type=\"widget\" data-e-type=\"widget\" data-widget_type=\"heading.default\">\n\t\t\t\t\t<h2 class=\"elementor-heading-title elementor-size-default\">\u00cdtarefni og tenglar<\/h2>\t\t\t\t<\/div>\n\t\t<div class=\"elementor-element elementor-element-28c87796 e-con-full e-flex e-con e-child\" data-id=\"28c87796\" data-element_type=\"container\" data-e-type=\"container\">\n\t\t\t\t<div class=\"elementor-element elementor-element-5d6538df elementor-widget elementor-widget-text-editor\" data-id=\"5d6538df\" data-element_type=\"widget\" data-e-type=\"widget\" data-widget_type=\"text-editor.default\">\n\t\t\t\t\t\t\t\t\t<ul><li><a href=\"https:\/\/iwell-guard.com\/is\/?page_id=168832\">Lugh, lj\u00f3sgu\u00f0 og str\u00ed\u00f0sma\u00f0ur<\/a><\/li><li><a href=\"https:\/\/iwell-guard.com\/is\/?page_id=168760\">Dagda, fa\u00f0irgu\u00f0 og alvitur<\/a><\/li><\/ul>\n\t\t\t\t\t\t\t\t<\/div>\n\t\t\t\t<\/div>\n\t\t\t\t\t<\/div>\n\t\t\t\t<\/div>\n\t\t<div class=\"elementor-element elementor-element-grl4kl40 e-flex e-con-boxed e-con e-parent\" data-id=\"grl4kl40\" data-element_type=\"container\" data-e-type=\"container\">\n\t\t\t\t\t<div class=\"e-con-inner\">\n\t\t\t\t<div class=\"elementor-element elementor-element-bzsbfrmh elementor-widget elementor-widget-heading\" data-id=\"bzsbfrmh\" data-element_type=\"widget\" data-e-type=\"widget\" data-widget_type=\"heading.default\">\n\t\t\t\t\t<h2 class=\"elementor-heading-title elementor-size-default\">Heimildir (\u00farval)<\/h2>\t\t\t\t<\/div>\n\t\t<div class=\"elementor-element elementor-element-2c13224a e-con-full e-flex e-con e-child\" data-id=\"2c13224a\" data-element_type=\"container\" data-e-type=\"container\">\n\t\t\t\t<div class=\"elementor-element elementor-element-0eymh9ub elementor-widget elementor-widget-text-editor\" data-id=\"0eymh9ub\" data-element_type=\"widget\" data-e-type=\"widget\" data-widget_type=\"text-editor.default\">\n\t\t\t\t\t\t\t\t\t<footer class=\"iwg-literatur\" data-nosnippet=\"true\"><ul><li><span data-nosnippet>\u00d3 h\u00d3g\u00e1in, D.: <em>The Sacred Isle: Belief and Religion in Pre-Christian Ireland<\/em>. Cork University Press, 1999.<\/span><\/li><li><span data-nosnippet>MacKillop, J.: <em>Dictionary of Celtic Mythology<\/em>. Oxford University Press, 2004.<\/span><\/li><\/ul>\n<\/footer>\n<p class=\"iwg-bib-more\"><span data-nosnippet>Fleiri grunnverk m\u00e1 finna \u00ed <a href=\"https:\/\/iwell-guard.com\/is\/?page_id=168730\">heimildaskr\u00e1nni<\/a>.<\/span><\/p>\t\t\t\t\t\t\t\t<\/div>\n\t\t\t\t<\/div>\n\t\t\t\t\t<\/div>\n\t\t\t\t<\/div>\n\t\t\t\t<\/div>\n\t\t","protected":false},"excerpt":{"rendered":"","protected":false},"author":3,"featured_media":1617,"parent":0,"menu_order":0,"comment_status":"closed","ping_status":"closed","template":"elementor_header_footer","meta":{"_yoast_wpseo_focuskw":"Manannan mac Lir","_yoast_wpseo_title":"Manannan mac Lir - Herra hafsins og Handanheims","_yoast_wpseo_metadesc":"Manann\u00e1n mac Lir, keltneskur hafgu\u00f0 og herra Handanheimsins: \u00deokusl\u00e6\u00f0an, T\u00edr na n\u00d3g og si\u00f0ur M\u00f6n (Isle of Man). Go\u00f0s\u00f6gn og heimildasta\u00f0a.","_yoast_wpseo_meta-robots-noindex":"","_yoast_wpseo_canonical":"","_angie_page":false,"gefaehrdungsstufe":"2","wesen_kultur":"keltisch","wesen_klasse":"goetter","footnotes":""},"categories":[],"class_list":["post-168833","page","type-page","status-publish","has-post-thumbnail","hentry"],"yoast_head":"<!-- This site is optimized with the Yoast SEO Premium plugin v27.7 (Yoast SEO v28.3) - https:\/\/yoast.com\/product\/yoast-seo-premium-wordpress\/ -->\n<title>Manannan mac Lir - Herra hafsins og Handanheims<\/title>\n<meta name=\"description\" content=\"Manann\u00e1n mac Lir, keltneskur hafgu\u00f0 og herra Handanheimsins: \u00deokusl\u00e6\u00f0an, T\u00edr na n\u00d3g og si\u00f0ur M\u00f6n (Isle of Man). Go\u00f0s\u00f6gn og heimildasta\u00f0a.\" \/>\n<meta name=\"robots\" content=\"index, follow, max-snippet:-1, max-image-preview:large, max-video-preview:-1\" \/>\n<link rel=\"canonical\" href=\"https:\/\/iwell-guard.com\/is\/manannan-mac-lir\/\" \/>\n<meta property=\"og:locale\" content=\"is_IS\" \/>\n<meta property=\"og:type\" content=\"article\" \/>\n<meta property=\"og:title\" content=\"Manannan mac Lir\" \/>\n<meta property=\"og:description\" content=\"Manann\u00e1n mac Lir, keltneskur hafgu\u00f0 og herra Handanheimsins: \u00deokusl\u00e6\u00f0an, T\u00edr na n\u00d3g og si\u00f0ur M\u00f6n (Isle of Man). Go\u00f0s\u00f6gn og heimildasta\u00f0a.\" \/>\n<meta property=\"og:url\" content=\"https:\/\/iwell-guard.com\/is\/manannan-mac-lir\/\" \/>\n<meta property=\"og:site_name\" content=\"iWell Guard\" \/>\n<meta property=\"article:modified_time\" content=\"2026-09-05T14:20:40+00:00\" \/>\n<meta property=\"og:image\" content=\"https:\/\/iwell-guard.com\/wp-content\/uploads\/2026\/04\/goetter_keltisch_manannan-mac-lir.webp\" \/>\n\t<meta property=\"og:image:width\" content=\"1024\" \/>\n\t<meta property=\"og:image:height\" content=\"1536\" \/>\n\t<meta property=\"og:image:type\" content=\"image\/webp\" \/>\n<meta name=\"twitter:card\" content=\"summary_large_image\" \/>\n<script type=\"application\/ld+json\" class=\"yoast-schema-graph\">{\"@context\":\"https:\\\/\\\/schema.org\",\"@graph\":[{\"@type\":\"WebPage\",\"@id\":\"https:\\\/\\\/iwell-guard.com\\\/is\\\/manannan-mac-lir\\\/\",\"url\":\"https:\\\/\\\/iwell-guard.com\\\/is\\\/manannan-mac-lir\\\/\",\"name\":\"Manannan mac Lir - Herra hafsins og Handanheims\",\"isPartOf\":{\"@id\":\"https:\\\/\\\/iwell-guard.com\\\/is\\\/#website\"},\"primaryImageOfPage\":{\"@id\":\"https:\\\/\\\/iwell-guard.com\\\/is\\\/manannan-mac-lir\\\/#primaryimage\"},\"image\":{\"@id\":\"https:\\\/\\\/iwell-guard.com\\\/is\\\/manannan-mac-lir\\\/#primaryimage\"},\"thumbnailUrl\":\"https:\\\/\\\/iwell-guard.com\\\/wp-content\\\/uploads\\\/2026\\\/04\\\/goetter_keltisch_manannan-mac-lir.webp\",\"datePublished\":\"2026-09-05T14:03:22+00:00\",\"dateModified\":\"2026-09-05T14:20:40+00:00\",\"description\":\"Manann\u00e1n mac Lir, keltneskur hafgu\u00f0 og herra Handanheimsins: \u00deokusl\u00e6\u00f0an, T\u00edr na n\u00d3g og si\u00f0ur M\u00f6n (Isle of Man). Go\u00f0s\u00f6gn og heimildasta\u00f0a.\",\"breadcrumb\":{\"@id\":\"https:\\\/\\\/iwell-guard.com\\\/is\\\/manannan-mac-lir\\\/#breadcrumb\"},\"inLanguage\":\"is\",\"potentialAction\":[{\"@type\":\"ReadAction\",\"target\":[\"https:\\\/\\\/iwell-guard.com\\\/is\\\/manannan-mac-lir\\\/\"]}]},{\"@type\":\"ImageObject\",\"inLanguage\":\"is\",\"@id\":\"https:\\\/\\\/iwell-guard.com\\\/is\\\/manannan-mac-lir\\\/#primaryimage\",\"url\":\"https:\\\/\\\/iwell-guard.com\\\/wp-content\\\/uploads\\\/2026\\\/04\\\/goetter_keltisch_manannan-mac-lir.webp\",\"contentUrl\":\"https:\\\/\\\/iwell-guard.com\\\/wp-content\\\/uploads\\\/2026\\\/04\\\/goetter_keltisch_manannan-mac-lir.webp\",\"width\":1024,\"height\":1536,\"caption\":\"Gu\u00f0ir \u00far keltneskri hef\u00f0.\"},{\"@type\":\"BreadcrumbList\",\"@id\":\"https:\\\/\\\/iwell-guard.com\\\/is\\\/manannan-mac-lir\\\/#breadcrumb\",\"itemListElement\":[{\"@type\":\"ListItem\",\"position\":1,\"name\":\"Start\",\"item\":\"https:\\\/\\\/iwell-guard.com\\\/is\\\/?page_id=168580\"},{\"@type\":\"ListItem\",\"position\":2,\"name\":\"Manannan mac Lir\"}]},{\"@type\":\"WebSite\",\"@id\":\"https:\\\/\\\/iwell-guard.com\\\/is\\\/#website\",\"url\":\"https:\\\/\\\/iwell-guard.com\\\/is\\\/\",\"name\":\"iWell Guard\",\"description\":\"Schutz vor dunklen Einfl\u00fcssen\",\"publisher\":{\"@id\":\"https:\\\/\\\/iwell-guard.com\\\/is\\\/#organization\"},\"potentialAction\":[{\"@type\":\"SearchAction\",\"target\":{\"@type\":\"EntryPoint\",\"urlTemplate\":\"https:\\\/\\\/iwell-guard.com\\\/is\\\/?s={search_term_string}\"},\"query-input\":{\"@type\":\"PropertyValueSpecification\",\"valueRequired\":true,\"valueName\":\"search_term_string\"}}],\"inLanguage\":\"is\"},{\"@type\":\"Organization\",\"@id\":\"https:\\\/\\\/iwell-guard.com\\\/is\\\/#organization\",\"name\":\"Ittermann electronic GmbH\",\"url\":\"https:\\\/\\\/iwell-guard.com\\\/is\\\/\",\"logo\":{\"@type\":\"ImageObject\",\"inLanguage\":\"is\",\"@id\":\"https:\\\/\\\/iwell-guard.com\\\/is\\\/#\\\/schema\\\/logo\\\/image\\\/\",\"url\":\"https:\\\/\\\/iwell-guard.com\\\/wp-content\\\/uploads\\\/2026\\\/05\\\/Ittermann-Logo-1182x237-1.png\",\"contentUrl\":\"https:\\\/\\\/iwell-guard.com\\\/wp-content\\\/uploads\\\/2026\\\/05\\\/Ittermann-Logo-1182x237-1.png\",\"width\":1182,\"height\":237,\"caption\":\"Ittermann electronic GmbH\"},\"image\":{\"@id\":\"https:\\\/\\\/iwell-guard.com\\\/is\\\/#\\\/schema\\\/logo\\\/image\\\/\"},\"sameAs\":[\"https:\\\/\\\/pantip.com\\\/profile\\\/9367242\",\"https:\\\/\\\/micro.blog\\\/iwellguard\",\"https:\\\/\\\/www.diggerslist.com\\\/iwellguard\\\/about\",\"https:\\\/\\\/skitterphoto.com\\\/photographers\\\/2870314\\\/iwell-guard\",\"https:\\\/\\\/iwellguard.wordpress.com\\\/2026\\\/06\\\/06\\\/iwell-guard\\\/\",\"https:\\\/\\\/hub.docker.com\\\/u\\\/iwellguard\",\"https:\\\/\\\/www.pinterest.com\\\/iwellguard\\\/\",\"https:\\\/\\\/bit.ly\\\/m\\\/iwellguard\",\"https:\\\/\\\/entre-vos-mains.alsace.eu\\\/profiles\\\/iwellguard\\\/activity\",\"https:\\\/\\\/gravatar.com\\\/reallybeded8fd34\",\"https:\\\/\\\/naijamatta.com\\\/iwellguard\",\"https:\\\/\\\/www.goodreads.com\\\/iwellguard\",\"https:\\\/\\\/profile.hatena.ne.jp\\\/iwellguard\\\/\",\"https:\\\/\\\/experiment.com\\\/users\\\/iwellguard\",\"https:\\\/\\\/wakelet.com\\\/@iWellGuard82270\",\"https:\\\/\\\/www.chordie.com\\\/forum\\\/profile.php?id=2555664\",\"https:\\\/\\\/www.instapaper.com\\\/p\\\/17757966\",\"https:\\\/\\\/www.mapleprimes.com\\\/users\\\/iwellguard\",\"https:\\\/\\\/businesslistingplus.com\\\/profile\\\/iwell-guard\\\/\",\"https:\\\/\\\/telegra.ph\\\/iWell-Guard-06-06\",\"https:\\\/\\\/pbase.com\\\/iwellguard\\\/iwellguard\",\"https:\\\/\\\/b.hatena.ne.jp\\\/iwellguard\\\/20260607#bookmark-4788405196491818882\",\"https:\\\/\\\/fliphtml5.com\\\/home\\\/iwellguard\",\"https:\\\/\\\/anyflip.com\\\/homepage\\\/cmiwl#About\",\"https:\\\/\\\/transfur.com\\\/Users\\\/iwellguard\",\"http:\\\/\\\/delphi.larsbo.org\\\/user\\\/iwellguard\",\"https:\\\/\\\/jobs.lajobsportal.org\\\/profiles\\\/8380803-iwell-guard\",\"https:\\\/\\\/md.chaosdorf.de\\\/s\\\/jfbe5SBdJD\",\"https:\\\/\\\/www.lingvolive.com\\\/en-us\\\/profile\\\/9ecaeaca-ce11-4e51-9e71-01d55e2bff36\\\/translations\",\"https:\\\/\\\/www.fitday.com\\\/fitness\\\/forums\\\/members\\\/iwellguard.html\",\"https:\\\/\\\/www.mymeetbook.com\\\/iwellguard\",\"https:\\\/\\\/pxhere.com\\\/en\\\/photographer-me\\\/5040798\",\"https:\\\/\\\/disqus.com\\\/by\\\/iwellguard\\\/about\\\/\",\"https:\\\/\\\/pastelink.net\\\/hjwciqwq\",\"https:\\\/\\\/pubhtml5.com\\\/homepage\\\/scjhn\\\/\",\"https:\\\/\\\/www.bitchute.com\\\/channel\\\/2O2eOKzNqujT\",\"https:\\\/\\\/audiomack.com\\\/iwellguard\"]},{\"@type\":\"Article\",\"@id\":\"https:\\\/\\\/iwell-guard.com\\\/is\\\/manannan-mac-lir\\\/#article\",\"isPartOf\":{\"@id\":\"https:\\\/\\\/iwell-guard.com\\\/is\\\/manannan-mac-lir\\\/\"},\"author\":{\"name\":\"Ralf Ittermann\",\"@id\":\"https:\\\/\\\/iwell-guard.com\\\/is\\\/#\\\/schema\\\/person\\\/ee2a27f1cac3406c7c6fb5820cb7349f\"},\"headline\":\"Manannan mac Lir\",\"datePublished\":\"2026-09-05T14:03:22+00:00\",\"dateModified\":\"2026-09-05T14:20:40+00:00\",\"mainEntityOfPage\":{\"@id\":\"https:\\\/\\\/iwell-guard.com\\\/is\\\/manannan-mac-lir\\\/\"},\"publisher\":{\"@id\":\"https:\\\/\\\/iwell-guard.com\\\/is\\\/#organization\"},\"image\":{\"@id\":\"https:\\\/\\\/iwell-guard.com\\\/is\\\/manannan-mac-lir\\\/#primaryimage\"},\"thumbnailUrl\":\"https:\\\/\\\/iwell-guard.com\\\/wp-content\\\/uploads\\\/2026\\\/04\\\/goetter_keltisch_manannan-mac-lir.webp\",\"inLanguage\":\"is\",\"description\":\"Manann\u00e1n mac Lir, keltneskur hafgu\u00f0 og herra Handanheimsins: \u00deokusl\u00e6\u00f0an, T\u00edr na n\u00d3g og si\u00f0ur M\u00f6n (Isle of Man). Go\u00f0s\u00f6gn og heimildasta\u00f0a.\"}]}<\/script>\n<!-- \/ Yoast SEO Premium plugin. -->","yoast_head_json":{"title":"Manannan mac Lir - Herra hafsins og Handanheims","description":"Manann\u00e1n mac Lir, keltneskur hafgu\u00f0 og herra Handanheimsins: \u00deokusl\u00e6\u00f0an, T\u00edr na n\u00d3g og si\u00f0ur M\u00f6n (Isle of Man). Go\u00f0s\u00f6gn og heimildasta\u00f0a.","robots":{"index":"index","follow":"follow","max-snippet":"max-snippet:-1","max-image-preview":"max-image-preview:large","max-video-preview":"max-video-preview:-1"},"canonical":"https:\/\/iwell-guard.com\/is\/manannan-mac-lir\/","og_locale":"is_IS","og_type":"article","og_title":"Manannan mac Lir","og_description":"Manann\u00e1n mac Lir, keltneskur hafgu\u00f0 og herra Handanheimsins: \u00deokusl\u00e6\u00f0an, T\u00edr na n\u00d3g og si\u00f0ur M\u00f6n (Isle of Man). Go\u00f0s\u00f6gn og heimildasta\u00f0a.","og_url":"https:\/\/iwell-guard.com\/is\/manannan-mac-lir\/","og_site_name":"iWell Guard","article_modified_time":"2026-09-05T14:20:40+00:00","og_image":[{"width":1024,"height":1536,"url":"https:\/\/iwell-guard.com\/wp-content\/uploads\/2026\/04\/goetter_keltisch_manannan-mac-lir.webp","type":"image\/webp"}],"twitter_card":"summary_large_image","schema":{"@context":"https:\/\/schema.org","@graph":[{"@type":"Article","@id":"https:\/\/iwell-guard.com\/is\/manannan-mac-lir\/#article","isPartOf":{"@id":"https:\/\/iwell-guard.com\/is\/manannan-mac-lir\/"},"author":{"name":"Ralf Ittermann","@id":"https:\/\/iwell-guard.com\/is\/#\/schema\/person\/ee2a27f1cac3406c7c6fb5820cb7349f"},"headline":"Manannan mac Lir","datePublished":"2026-09-05T14:03:22+00:00","dateModified":"2026-09-05T14:20:40+00:00","mainEntityOfPage":{"@id":"https:\/\/iwell-guard.com\/is\/manannan-mac-lir\/"},"publisher":{"@id":"https:\/\/iwell-guard.com\/is\/#organization"},"image":{"@id":"https:\/\/iwell-guard.com\/is\/manannan-mac-lir\/#primaryimage"},"thumbnailUrl":"https:\/\/iwell-guard.com\/wp-content\/uploads\/2026\/04\/goetter_keltisch_manannan-mac-lir.webp","inLanguage":"is","description":"Manann\u00e1n mac Lir, keltneskur hafgu\u00f0 og herra Handanheimsins: \u00deokusl\u00e6\u00f0an, T\u00edr na n\u00d3g og si\u00f0ur M\u00f6n (Isle of Man). Go\u00f0s\u00f6gn og heimildasta\u00f0a."},{"@type":"WebPage","@id":"https:\/\/iwell-guard.com\/is\/manannan-mac-lir\/","url":"https:\/\/iwell-guard.com\/is\/manannan-mac-lir\/","name":"Manannan mac Lir - Herra hafsins og Handanheims","isPartOf":{"@id":"https:\/\/iwell-guard.com\/is\/#website"},"primaryImageOfPage":{"@id":"https:\/\/iwell-guard.com\/is\/manannan-mac-lir\/#primaryimage"},"image":{"@id":"https:\/\/iwell-guard.com\/is\/manannan-mac-lir\/#primaryimage"},"thumbnailUrl":"https:\/\/iwell-guard.com\/wp-content\/uploads\/2026\/04\/goetter_keltisch_manannan-mac-lir.webp","datePublished":"2026-09-05T14:03:22+00:00","dateModified":"2026-09-05T14:20:40+00:00","description":"Manann\u00e1n mac Lir, keltneskur hafgu\u00f0 og herra Handanheimsins: \u00deokusl\u00e6\u00f0an, T\u00edr na n\u00d3g og si\u00f0ur M\u00f6n (Isle of Man). Go\u00f0s\u00f6gn og heimildasta\u00f0a.","breadcrumb":{"@id":"https:\/\/iwell-guard.com\/is\/manannan-mac-lir\/#breadcrumb"},"inLanguage":"is","potentialAction":[{"@type":"ReadAction","target":["https:\/\/iwell-guard.com\/is\/manannan-mac-lir\/"]}]},{"@type":"ImageObject","inLanguage":"is","@id":"https:\/\/iwell-guard.com\/is\/manannan-mac-lir\/#primaryimage","url":"https:\/\/iwell-guard.com\/wp-content\/uploads\/2026\/04\/goetter_keltisch_manannan-mac-lir.webp","contentUrl":"https:\/\/iwell-guard.com\/wp-content\/uploads\/2026\/04\/goetter_keltisch_manannan-mac-lir.webp","width":1024,"height":1536,"caption":"Gu\u00f0ir \u00far keltneskri hef\u00f0."},{"@type":"BreadcrumbList","@id":"https:\/\/iwell-guard.com\/is\/manannan-mac-lir\/#breadcrumb","itemListElement":[{"@type":"ListItem","position":1,"name":"Start","item":"https:\/\/iwell-guard.com\/is\/?page_id=168580"},{"@type":"ListItem","position":2,"name":"Manannan mac Lir"}]},{"@type":"WebSite","@id":"https:\/\/iwell-guard.com\/is\/#website","url":"https:\/\/iwell-guard.com\/is\/","name":"iWell Guard","description":"Schutz vor dunklen Einfl\u00fcssen","publisher":{"@id":"https:\/\/iwell-guard.com\/is\/#organization"},"potentialAction":[{"@type":"SearchAction","target":{"@type":"EntryPoint","urlTemplate":"https:\/\/iwell-guard.com\/is\/?s={search_term_string}"},"query-input":{"@type":"PropertyValueSpecification","valueRequired":true,"valueName":"search_term_string"}}],"inLanguage":"is"},{"@type":"Organization","@id":"https:\/\/iwell-guard.com\/is\/#organization","name":"Ittermann electronic GmbH","url":"https:\/\/iwell-guard.com\/is\/","logo":{"@type":"ImageObject","inLanguage":"is","@id":"https:\/\/iwell-guard.com\/is\/#\/schema\/logo\/image\/","url":"https:\/\/iwell-guard.com\/wp-content\/uploads\/2026\/05\/Ittermann-Logo-1182x237-1.png","contentUrl":"https:\/\/iwell-guard.com\/wp-content\/uploads\/2026\/05\/Ittermann-Logo-1182x237-1.png","width":1182,"height":237,"caption":"Ittermann electronic GmbH"},"image":{"@id":"https:\/\/iwell-guard.com\/is\/#\/schema\/logo\/image\/"},"sameAs":["https:\/\/pantip.com\/profile\/9367242","https:\/\/micro.blog\/iwellguard","https:\/\/www.diggerslist.com\/iwellguard\/about","https:\/\/skitterphoto.com\/photographers\/2870314\/iwell-guard","https:\/\/iwellguard.wordpress.com\/2026\/06\/06\/iwell-guard\/","https:\/\/hub.docker.com\/u\/iwellguard","https:\/\/www.pinterest.com\/iwellguard\/","https:\/\/bit.ly\/m\/iwellguard","https:\/\/entre-vos-mains.alsace.eu\/profiles\/iwellguard\/activity","https:\/\/gravatar.com\/reallybeded8fd34","https:\/\/naijamatta.com\/iwellguard","https:\/\/www.goodreads.com\/iwellguard","https:\/\/profile.hatena.ne.jp\/iwellguard\/","https:\/\/experiment.com\/users\/iwellguard","https:\/\/wakelet.com\/@iWellGuard82270","https:\/\/www.chordie.com\/forum\/profile.php?id=2555664","https:\/\/www.instapaper.com\/p\/17757966","https:\/\/www.mapleprimes.com\/users\/iwellguard","https:\/\/businesslistingplus.com\/profile\/iwell-guard\/","https:\/\/telegra.ph\/iWell-Guard-06-06","https:\/\/pbase.com\/iwellguard\/iwellguard","https:\/\/b.hatena.ne.jp\/iwellguard\/20260607#bookmark-4788405196491818882","https:\/\/fliphtml5.com\/home\/iwellguard","https:\/\/anyflip.com\/homepage\/cmiwl#About","https:\/\/transfur.com\/Users\/iwellguard","http:\/\/delphi.larsbo.org\/user\/iwellguard","https:\/\/jobs.lajobsportal.org\/profiles\/8380803-iwell-guard","https:\/\/md.chaosdorf.de\/s\/jfbe5SBdJD","https:\/\/www.lingvolive.com\/en-us\/profile\/9ecaeaca-ce11-4e51-9e71-01d55e2bff36\/translations","https:\/\/www.fitday.com\/fitness\/forums\/members\/iwellguard.html","https:\/\/www.mymeetbook.com\/iwellguard","https:\/\/pxhere.com\/en\/photographer-me\/5040798","https:\/\/disqus.com\/by\/iwellguard\/about\/","https:\/\/pastelink.net\/hjwciqwq","https:\/\/pubhtml5.com\/homepage\/scjhn\/","https:\/\/www.bitchute.com\/channel\/2O2eOKzNqujT","https:\/\/audiomack.com\/iwellguard"]},{"@type":"Person","@id":"https:\/\/iwell-guard.com\/is\/#\/schema\/person\/ee2a27f1cac3406c7c6fb5820cb7349f","name":"Ralf Ittermann","image":{"@type":"ImageObject","inLanguage":"is","@id":"https:\/\/secure.gravatar.com\/avatar\/073c0153e350a5005b68eb752b445fea71f6b24a26da9449ad7e155e6b446c9d?s=96&d=mm&r=g","url":"https:\/\/secure.gravatar.com\/avatar\/073c0153e350a5005b68eb752b445fea71f6b24a26da9449ad7e155e6b446c9d?s=96&d=mm&r=g","contentUrl":"https:\/\/secure.gravatar.com\/avatar\/073c0153e350a5005b68eb752b445fea71f6b24a26da9449ad7e155e6b446c9d?s=96&d=mm&r=g","caption":"Ralf Ittermann"},"givenName":"Ralf","familyName":"Ittermann","jobTitle":"Gesch\u00e4ftsf\u00fchrer und redaktioneller Verantwortlicher","url":"https:\/\/iwell-guard.com\/is\/author\/claude\/","description":"Ralf Ittermann ist Gesch\u00e4ftsf\u00fchrer der Ittermann electronic GmbH und redaktioneller Verantwortlicher des iWell-Guard-Lexikons. Er verbindet langj\u00e4hrige Erfahrung in der Pr\u00e4zisionsfertigung mit medialer Praxis und religionsgeschichtlicher Quellenarbeit.","worksFor":{"@type":"Organization","name":"Ittermann electronic GmbH","url":"https:\/\/ittermann.de\/","address":{"@type":"PostalAddress","streetAddress":"K\u00f6hlergasse 16-18","postalCode":"99842","addressLocality":"Ruhla","addressCountry":"DE"}},"knowsAbout":["Religionsgeschichte","Mythologie","Mediale Praxis","Energetische Diagnostik","Schutzpraxis","Volksglauben","Westliche Esoterik"]},{"@type":"Article","@id":"https:\/\/iwell-guard.com\/is\/manannan-mac-lir\/#article","isPartOf":{"@id":"https:\/\/iwell-guard.com\/is\/manannan-mac-lir\/"},"author":{"name":"Ralf Ittermann","@id":"https:\/\/iwell-guard.com\/is\/#\/schema\/person\/ee2a27f1cac3406c7c6fb5820cb7349f"},"headline":"Manannan mac Lir","datePublished":"2026-09-05T14:03:22+00:00","dateModified":"2026-09-05T14:20:40+00:00","mainEntityOfPage":{"@id":"https:\/\/iwell-guard.com\/is\/manannan-mac-lir\/"},"publisher":{"@id":"https:\/\/iwell-guard.com\/is\/#organization"},"image":{"@id":"https:\/\/iwell-guard.com\/is\/manannan-mac-lir\/#primaryimage"},"thumbnailUrl":"https:\/\/iwell-guard.com\/wp-content\/uploads\/2026\/04\/goetter_keltisch_manannan-mac-lir.webp","inLanguage":"is","description":"Manann\u00e1n mac Lir, keltneskur hafgu\u00f0 og herra Handanheimsins: \u00deokusl\u00e6\u00f0an, T\u00edr na n\u00d3g og si\u00f0ur M\u00f6n (Isle of Man). Go\u00f0s\u00f6gn og heimildasta\u00f0a."}]}},"_links":{"self":[{"href":"https:\/\/iwell-guard.com\/is\/wp-json\/wp\/v2\/pages\/168833","targetHints":{"allow":["GET"]}}],"collection":[{"href":"https:\/\/iwell-guard.com\/is\/wp-json\/wp\/v2\/pages"}],"about":[{"href":"https:\/\/iwell-guard.com\/is\/wp-json\/wp\/v2\/types\/page"}],"author":[{"embeddable":true,"href":"https:\/\/iwell-guard.com\/is\/wp-json\/wp\/v2\/users\/3"}],"replies":[{"embeddable":true,"href":"https:\/\/iwell-guard.com\/is\/wp-json\/wp\/v2\/comments?post=168833"}],"version-history":[{"count":0,"href":"https:\/\/iwell-guard.com\/is\/wp-json\/wp\/v2\/pages\/168833\/revisions"}],"wp:featuredmedia":[{"embeddable":true,"href":"https:\/\/iwell-guard.com\/is\/wp-json\/wp\/v2\/media\/1617"}],"wp:attachment":[{"href":"https:\/\/iwell-guard.com\/is\/wp-json\/wp\/v2\/media?parent=168833"}],"wp:term":[{"taxonomy":"category","embeddable":true,"href":"https:\/\/iwell-guard.com\/is\/wp-json\/wp\/v2\/categories?post=168833"}],"curies":[{"name":"wp","href":"https:\/\/api.w.org\/{rel}","templated":true}]}}