{"id":168832,"date":"2026-09-05T14:03:21","date_gmt":"2026-09-05T14:03:21","guid":{"rendered":"https:\/\/iwell-guard.com\/?page_id=168832"},"modified":"2026-09-05T14:20:36","modified_gmt":"2026-09-05T14:20:36","slug":"lugh","status":"publish","type":"page","link":"https:\/\/iwell-guard.com\/is\/lugh\/","title":{"rendered":"Lugh"},"content":{"rendered":"\t\t<div data-elementor-type=\"wp-page\" data-elementor-id=\"168832\" class=\"elementor elementor-168832 elementor-2126 elementor-bc-flex-widget\" data-elementor-post-type=\"page\">\n\t\t\t\t<div class=\"elementor-element elementor-element-10fdade e-flex e-con-boxed e-con e-parent\" data-id=\"10fdade\" data-element_type=\"container\" data-e-type=\"container\" data-settings=\"{&quot;background_background&quot;:&quot;classic&quot;}\">\n\t\t\t\t\t<div class=\"e-con-inner\">\n\t\t<div class=\"elementor-element elementor-element-herohlft0 e-flex e-con-boxed e-con e-child\" data-id=\"herohlft0\" data-element_type=\"container\" data-e-type=\"container\">\n\t\t\t\t\t<div class=\"e-con-inner\">\n\t\t<div class=\"elementor-element elementor-element-c3ceb64 e-con-full e-flex e-con e-child\" data-id=\"c3ceb64\" data-element_type=\"container\" data-e-type=\"container\">\n\t\t\t\t<div class=\"elementor-element elementor-element-96ae5e1 elementor-widget elementor-widget-heading\" data-id=\"96ae5e1\" data-element_type=\"widget\" data-e-type=\"widget\" data-widget_type=\"heading.default\">\n\t\t\t\t\t<h1 class=\"elementor-heading-title elementor-size-default\">Lugh, gu\u00f0 \u00far keltneskri hef\u00f0<\/h1>\t\t\t\t<\/div>\n\t\t\t\t<div class=\"elementor-element elementor-element-e45238a elementor-widget elementor-widget-text-editor\" data-id=\"e45238a\" data-element_type=\"widget\" data-e-type=\"widget\" data-widget_type=\"text-editor.default\">\n\t\t\t\t\t\t\t\t\t<p>Lugh er gu\u00f0 \u00far keltneskri hef\u00f0, \u00feekktur sem \u00bbhinn langhenti\u00ab (Lugh L\u00e1mfhada), gu\u00f0 listanna, herna\u00f0arlistarins, lj\u00f3ssins og handverksins. Tr\u00faars\u00f6gulega er hann fulltr\u00fai hins ind\u00f3evr\u00f3pska t\u00fdpu alhli\u00f0a g\u00e6dda menningargu\u00f0s og er, \u00fat fr\u00e1 menningars\u00f6gulegu sj\u00f3narhorni, ein best sta\u00f0festa keltneska go\u00f0veran.<\/p>\t\t\t\t\t\t\t\t<\/div>\n\t\t\t\t<\/div>\n\t\t<div class=\"elementor-element elementor-element-klsbdg01 e-con-full e-flex e-con e-parent\" data-id=\"klsbdg01\" data-element_type=\"container\" data-e-type=\"container\">\n\t\t\t\t<div class=\"elementor-element elementor-element-klshtm01 elementor-widget elementor-widget-html\" data-id=\"klshtm01\" data-element_type=\"widget\" data-e-type=\"widget\" data-widget_type=\"html.default\">\n\t\t\t\t\t<div class=\"iwg-pill-row\"><span class=\"iwg-klasse-badge\" tabindex=\"0\" data-tooltip=\"Gu\u00f0 \/ gy\u00f0ja: Pers\u00f3nuger\u00f0ur h\u00e6sta m\u00e1ttur \u00ed go\u00f0afr\u00e6\u00f0i menningar, me\u00f0 sk\u00fdrt afm\u00f6rku\u00f0 svi\u00f0, n\u00e1tt\u00faru\u00f6fl, \u00f6rl\u00f6g, str\u00ed\u00f0, frj\u00f3semi. Tigna\u00f0ur me\u00f0 helgisi\u00f0um, f\u00f3rnum og hofstofnunum.\">Gu\u00f0<\/span><a href=\"https:\/\/iwell-guard.com\/is\/?page_id=168615\" class=\"iwg-kultur-badge\" tabindex=\"0\" data-tooltip=\"Keltnesk tr\u00faarbr\u00f6g\u00f0 Vestur-Evr\u00f3pu og Bretlandseyja, var\u00f0veitt \u00ed go\u00f0afr\u00e6\u00f0ilegum \u00edrskum og velskum textum.\">Keltneskt<\/a><a href=\"https:\/\/iwell-guard.com\/is\/?page_id=168707\" class=\"iwg-tradition-badge\" tabindex=\"0\" data-tooltip=\"\u00c6\u00f0stu gu\u00f0ir go\u00f0aheims, alheimslegt yfirr\u00e1\u00f0, skapara- e\u00f0a herrae\u00f0li.\">\u00c6\u00f0ri gu\u00f0<\/a><\/div>\t\t\t\t<\/div>\n\t\t\t\t<\/div>\n\t\t<div class=\"elementor-element elementor-element-3f74855 e-con-full e-flex e-con e-child\" data-id=\"3f74855\" data-element_type=\"container\" data-e-type=\"container\">\n\t\t\t\t<div class=\"elementor-element elementor-element-1c30362 elementor-toc--minimized-on-tablet elementor-widget elementor-widget-table-of-contents\" data-id=\"1c30362\" data-element_type=\"widget\" data-e-type=\"widget\" data-settings=\"{&quot;exclude_headings_by_selector&quot;:[],&quot;no_headings_message&quot;:&quot;Engar undirfyrirsagnir fundust \\u00e1 \\u00feessari s\\u00ed\\u00f0u.&quot;,&quot;headings_by_tags&quot;:[&quot;h2&quot;,&quot;h3&quot;],&quot;marker_view&quot;:&quot;bullets&quot;,&quot;minimize_box&quot;:&quot;yes&quot;,&quot;icon&quot;:{&quot;value&quot;:&quot;fas fa-circle&quot;,&quot;library&quot;:&quot;fa-solid&quot;,&quot;rendered_tag&quot;:&quot;&lt;svg class=\\&quot;e-font-icon-svg e-fas-circle\\&quot; viewBox=\\&quot;0 0 512 512\\&quot; xmlns=\\&quot;http:\\\/\\\/www.w3.org\\\/2000\\\/svg\\&quot;&gt;&lt;path d=\\&quot;M256 8C119 8 8 119 8 256s111 248 248 248 248-111 248-248S393 8 256 8z\\&quot;&gt;&lt;\\\/path&gt;&lt;\\\/svg&gt;&quot;},&quot;minimized_on&quot;:&quot;tablet&quot;,&quot;hierarchical_view&quot;:&quot;yes&quot;,&quot;min_height&quot;:{&quot;unit&quot;:&quot;px&quot;,&quot;size&quot;:&quot;&quot;,&quot;sizes&quot;:[]},&quot;min_height_tablet&quot;:{&quot;unit&quot;:&quot;px&quot;,&quot;size&quot;:&quot;&quot;,&quot;sizes&quot;:[]},&quot;min_height_mobile&quot;:{&quot;unit&quot;:&quot;px&quot;,&quot;size&quot;:&quot;&quot;,&quot;sizes&quot;:[]}}\" data-widget_type=\"table-of-contents.default\">\n\t\t\t\t\t\t\t\t\t<div class=\"elementor-toc__header\">\n\t\t\t\t\t\t<h2 class=\"elementor-toc__header-title\">\n\t\t\t\tEfnisyfirlit\t\t\t<\/h2>\n\t\t\t\t\t\t\t\t\t\t<div class=\"elementor-toc__toggle-button elementor-toc__toggle-button--expand\" role=\"button\" tabindex=\"0\" aria-controls=\"elementor-toc__1c30362\" aria-expanded=\"true\" aria-label=\"Open table of contents\"><svg aria-hidden=\"true\" class=\"e-font-icon-svg e-fas-chevron-down\" viewBox=\"0 0 448 512\" xmlns=\"http:\/\/www.w3.org\/2000\/svg\"><path d=\"M207.029 381.476L12.686 187.132c-9.373-9.373-9.373-24.569 0-33.941l22.667-22.667c9.357-9.357 24.522-9.375 33.901-.04L224 284.505l154.745-154.021c9.379-9.335 24.544-9.317 33.901.04l22.667 22.667c9.373 9.373 9.373 24.569 0 33.941L240.971 381.476c-9.373 9.372-24.569 9.372-33.942 0z\"><\/path><\/svg><\/div>\n\t\t\t\t<div class=\"elementor-toc__toggle-button elementor-toc__toggle-button--collapse\" role=\"button\" tabindex=\"0\" aria-controls=\"elementor-toc__1c30362\" aria-expanded=\"true\" aria-label=\"Close table of contents\"><svg aria-hidden=\"true\" class=\"e-font-icon-svg e-fas-chevron-up\" viewBox=\"0 0 448 512\" xmlns=\"http:\/\/www.w3.org\/2000\/svg\"><path d=\"M240.971 130.524l194.343 194.343c9.373 9.373 9.373 24.569 0 33.941l-22.667 22.667c-9.357 9.357-24.522 9.375-33.901.04L224 227.495 69.255 381.516c-9.379 9.335-24.544 9.317-33.901-.04l-22.667-22.667c-9.373-9.373-9.373-24.569 0-33.941L207.03 130.525c9.372-9.373 24.568-9.373 33.941-.001z\"><\/path><\/svg><\/div>\n\t\t\t\t\t<\/div>\n\t\t\t\t<div id=\"elementor-toc__1c30362\" class=\"elementor-toc__body\">\n\t\t\t<div class=\"elementor-toc__spinner-container\">\n\t\t\t\t<svg class=\"elementor-toc__spinner eicon-animation-spin e-font-icon-svg e-eicon-loading\" aria-hidden=\"true\" viewBox=\"0 0 1000 1000\" xmlns=\"http:\/\/www.w3.org\/2000\/svg\"><path d=\"M500 975V858C696 858 858 696 858 500S696 142 500 142 142 304 142 500H25C25 237 238 25 500 25S975 237 975 500 763 975 500 975Z\"><\/path><\/svg>\t\t\t<\/div>\n\t\t<\/div>\n\t\t\t\t\t\t<\/div>\n\t\t\t\t<\/div>\n\t\t\t\t\t<\/div>\n\t\t\t\t<\/div>\n\t\t<div class=\"elementor-element elementor-element-herorght0 e-con-full e-flex e-con e-child\" data-id=\"herorght0\" data-element_type=\"container\" data-e-type=\"container\">\n\t\t\t\t<div class=\"elementor-element elementor-element-heroimg00 iwg-hero-image elementor-widget elementor-widget-image\" data-id=\"heroimg00\" data-element_type=\"widget\" data-e-type=\"widget\" data-widget_type=\"image.default\">\n\t\t\t\t\t\t\t\t\t\t\t\t\t\t\t<img fetchpriority=\"high\" decoding=\"async\" width=\"683\" height=\"1024\" src=\"https:\/\/iwell-guard.com\/wp-content\/uploads\/2026\/04\/goetter_keltisch_lugh-683x1024.webp\" class=\"attachment-large size-large wp-image-171085\" alt=\"Lugh - Gu\u00f0ir \u00far keltneskri hef\u00f0, s\u00f6guleg-myndr\u00e6n framsetning\" srcset=\"https:\/\/iwell-guard.com\/wp-content\/uploads\/2026\/04\/goetter_keltisch_lugh-683x1024.webp 683w, https:\/\/iwell-guard.com\/wp-content\/uploads\/2026\/04\/goetter_keltisch_lugh-200x300.webp 200w, https:\/\/iwell-guard.com\/wp-content\/uploads\/2026\/04\/goetter_keltisch_lugh-768x1152.webp 768w, https:\/\/iwell-guard.com\/wp-content\/uploads\/2026\/04\/goetter_keltisch_lugh.webp 1024w\" sizes=\"(max-width: 683px) 100vw, 683px\" \/>\t\t\t\t\t\t\t\t\t\t\t\t\t\t\t<\/div>\n\t\t\t\t<\/div>\n\t\t\t\t\t<\/div>\n\t\t\t\t<\/div>\n\t\t<div class=\"elementor-element elementor-element-32917199 e-flex e-con-boxed e-con e-parent\" data-id=\"32917199\" data-element_type=\"container\" data-e-type=\"container\">\n\t\t\t\t\t<div class=\"e-con-inner\">\n\t\t<div class=\"elementor-element elementor-element-26e916cb e-flex e-con-boxed e-con e-child\" data-id=\"26e916cb\" data-element_type=\"container\" data-e-type=\"container\">\n\t\t\t\t\t<div class=\"e-con-inner\">\n\t\t<div class=\"elementor-element elementor-element-253a40d4 e-flex e-con-boxed e-con e-child\" data-id=\"253a40d4\" data-element_type=\"container\" data-e-type=\"container\">\n\t\t\t\t\t<div class=\"e-con-inner\">\n\t\t\t\t<div class=\"elementor-element elementor-element-1200c304 elementor-widget elementor-widget-heading\" data-id=\"1200c304\" data-element_type=\"widget\" data-e-type=\"widget\" data-widget_type=\"heading.default\">\n\t\t\t\t\t<h2 class=\"elementor-heading-title elementor-size-default\">Lugh<\/h2>\t\t\t\t<\/div>\n\t\t\t\t<div class=\"elementor-element elementor-element-11758e7f elementor-widget elementor-widget-text-editor\" data-id=\"11758e7f\" data-element_type=\"widget\" data-e-type=\"widget\" data-widget_type=\"text-editor.default\">\n\t\t\t\t\t\t\t\t\t<p>Lugh er l\u00fdst sem herkappa, listamanni, dr\u00fa\u00edda og alhli\u00f0a meistara allra lista og h\u00e6fileika. Hann tilheyrir Tuatha D\u00e9 Danann og berst \u00ed orrustunum vi\u00f0 Mag Tuired gegn Fomor\u00e1num. Yfirn\u00e1tt\u00faruleg vopn hans og harpa hans eru \u00fej\u00f3\u00f0sagnakennd.<\/p><p>H\u00e1t\u00ed\u00f0 hans, Lughnasadh (1. \u00e1g\u00fast), markar upphaf haustsins. Hann er oft sag\u00f0ur sonur Dian C\u00e9cht e\u00f0a annarra gu\u00f0a, en \u00e6ttartalan er \u00e1 reiki.<\/p>\t\t\t\t\t\t\t\t<\/div>\n\t\t\t\t\t<\/div>\n\t\t\t\t<\/div>\n\t\t<div class=\"elementor-element elementor-element-159dcf9a e-flex e-con-boxed e-con e-child\" data-id=\"159dcf9a\" data-element_type=\"container\" data-e-type=\"container\">\n\t\t\t\t\t<div class=\"e-con-inner\">\n\t\t\t\t<div class=\"elementor-element elementor-element-48cee66f elementor-widget elementor-widget-heading\" data-id=\"48cee66f\" data-element_type=\"widget\" data-e-type=\"widget\" data-widget_type=\"heading.default\">\n\t\t\t\t\t<h2 class=\"elementor-heading-title elementor-size-default\">\u00cd yfirliti: Lugh<\/h2>\t\t\t\t<\/div>\n\t\t\t\t<div class=\"elementor-element elementor-element-3f50d82c elementor-widget elementor-widget-text-editor\" data-id=\"3f50d82c\" data-element_type=\"widget\" data-e-type=\"widget\" data-widget_type=\"text-editor.default\">\n\t\t\t\t\t\t\t\t\t<p>Frumheimildir eru Cath Maige Tuired (\u00bborrusta sl\u00e9ttunna vi\u00f0 Mag Tuired\u00ab), Oidheadh Chloinne Tuireann (\u00bb\u00f6rl\u00f6g barna Tuireanns\u00ab) og Lebor Gab\u00e1la \u00c9renn. Lugh er einnig nefndur af r\u00f3mverskum rith\u00f6fundum (Loucetius Mars = Lugh-Mars).<\/p><p>Nafni\u00f0 og h\u00e1t\u00ed\u00f0in Lughnasadh eru vel sta\u00f0fest \u00ed gel\u00edskum heimildum. Bernhard Maier og Proinsias Mac Cana telja Lugh eina af \u00feeim pers\u00f3num keltneskrar tr\u00faar sem best er heimildafest.<\/p>\t\t\t\t\t\t\t\t<\/div>\n\t\t\t\t\t<\/div>\n\t\t\t\t<\/div>\n\t\t\t\t\t<\/div>\n\t\t\t\t<\/div>\n\t\t\t\t\t<\/div>\n\t\t\t\t<\/div>\n\t\t<div class=\"elementor-element elementor-element-18613602 e-flex e-con-boxed e-con e-parent\" data-id=\"18613602\" data-element_type=\"container\" data-e-type=\"container\">\n\t\t\t\t\t<div class=\"e-con-inner\">\n\t\t\t\t<div class=\"elementor-element elementor-element-262b8a9f elementor-widget elementor-widget-heading\" data-id=\"262b8a9f\" data-element_type=\"widget\" data-e-type=\"widget\" data-widget_type=\"heading.default\">\n\t\t\t\t\t<h2 class=\"elementor-heading-title elementor-size-default\">Samhengi<\/h2>\t\t\t\t<\/div>\n\t\t<div class=\"elementor-element elementor-element-46dcb7d e-con-full e-flex e-con e-child\" data-id=\"46dcb7d\" data-element_type=\"container\" data-e-type=\"container\">\n\t\t<div class=\"elementor-element elementor-element-61d3ab3 e-flex e-con-boxed e-con e-child\" data-id=\"61d3ab3\" data-element_type=\"container\" data-e-type=\"container\">\n\t\t\t\t\t<div class=\"e-con-inner\">\n\t\t\t\t<div class=\"elementor-element elementor-element-117c166 elementor-widget elementor-widget-heading\" data-id=\"117c166\" data-element_type=\"widget\" data-e-type=\"widget\" data-widget_type=\"heading.default\">\n\t\t\t\t\t<h3 class=\"elementor-heading-title elementor-size-default\">T\u00edmabil textanna<\/h3>\t\t\t\t<\/div>\n\t\t\t\t<div class=\"elementor-element elementor-element-73997a0 elementor-widget elementor-widget-text-editor\" data-id=\"73997a0\" data-element_type=\"widget\" data-e-type=\"widget\" data-widget_type=\"text-editor.default\">\n\t\t\t\t\t\t\t\t\t<p>Sl\u00f3\u00f0 Lughs n\u00e6r fr\u00e1 meginlandskeltneska gu\u00f0inum Lugus, en nafn hans er var\u00f0veitt \u00ed \u00f6rnefnum eins og Lugdunum, n\u00faverandi Lyon, \u00ed gegnum mi\u00f0aldahandrit \u00cdra allt til Lughnasadh-si\u00f0a n\u00fat\u00edmans. Enn \u00feann dag \u00ed dag heitir \u00e1g\u00fastm\u00e1nu\u00f0ur L\u00fanasa \u00e1 \u00edrsku, eftir honum. N\u00faverandi form, svo sem fjallg\u00f6ngur s\u00ed\u00f0asta sunnudags \u00ed j\u00fal\u00ed, hafa veri\u00f0 endurt\u00falku\u00f0 \u00ed kristnu lj\u00f3si, en tengingin vi\u00f0 hi\u00f0 forna uppskeruhaust er \u00fer\u00e1tt fyrir \u00fea\u00f0 greinileg.<\/p><h3>Go\u00f0sagnafr\u00e6\u00f0ileg sta\u00f0setning<\/h3><p>Lugh er gu\u00f0 listanna, handverksins, lj\u00f3ssins og herna\u00f0arins \u00ed \u00edrskri <span class=\"iwg-fachbegriff\" data-tooltip=\"Heildarsafn go\u00f0sagna sem var\u00f0veist hafa innan \u00e1kve\u00f0innar menningar.\" tabindex=\"0\">go\u00f0afr\u00e6\u00f0i<\/span>. Hann er einn fj\u00f6lh\u00e6fasti gu\u00f0inn me\u00f0 marga h\u00e6fileika: sj\u00e1arg\u00e1fu, sm\u00ed\u00f0alist, t\u00f3nlist, sk\u00e1ldskap, bardaga. Lughnasadh-h\u00e1t\u00ed\u00f0in hei\u00f0rar hann. Sta\u00f0a hans er mi\u00f0l\u00e6g.<\/p>\t\t\t\t\t\t\t\t<\/div>\n\t\t\t\t\t<\/div>\n\t\t\t\t<\/div>\n\t\t<div class=\"elementor-element elementor-element-d47b156 e-flex e-con-boxed e-con e-child\" data-id=\"d47b156\" data-element_type=\"container\" data-e-type=\"container\">\n\t\t\t\t\t<div class=\"e-con-inner\">\n\t\t\t\t<div class=\"elementor-element elementor-element-ff38c2b elementor-widget elementor-widget-heading\" data-id=\"ff38c2b\" data-element_type=\"widget\" data-e-type=\"widget\" data-widget_type=\"heading.default\">\n\t\t\t\t\t<h3 class=\"elementor-heading-title elementor-size-default\">\u00datbrei\u00f0slusv\u00e6\u00f0i<\/h3>\t\t\t\t<\/div>\n\t\t\t\t<div class=\"elementor-element elementor-element-4e49fcc elementor-widget elementor-widget-text-editor\" data-id=\"4e49fcc\" data-element_type=\"widget\" data-e-type=\"widget\" data-widget_type=\"text-editor.default\">\n\t\t\t\t\t\t\t\t\t<p>Lugh var ekki bundinn vi\u00f0 \u00e1kve\u00f0i\u00f0 sv\u00e6\u00f0i e\u00f0a sta\u00f0setningu, heldur alkunnur og d\u00fdrka\u00f0ur e\u00f0a vir\u00f0ingarfullt hr\u00e6ddur um allan hinn keltneska heim. Hvort sem \u00fea\u00f0 var \u00ed st\u00f3rum borgarmi\u00f0st\u00f6\u00f0vum e\u00f0a \u00e1 ja\u00f0arsv\u00e6\u00f0um \u00ed dreifb\u00fdli, me\u00f0al samf\u00e9lagslegrar yfirst\u00e9ttar e\u00f0a al\u00fe\u00fd\u00f0u, var andleg og menningarleg mikilv\u00e6gi \u00feessarar veru vi\u00f0urkennt og alsherjar.<\/p><p>A\u00f0 \u00e1g\u00fast \u00e1 \u00edrsku heiti enn \u00feann dag \u00ed dag L\u00fanasa og a\u00f0 \u00f6rnefni fr\u00e1 Lyon til Leiden s\u00e9u rakin til gu\u00f0sins Lugus s\u00fdnir hversu n\u00e1i\u00f0 Lugh var tengdur sj\u00e1lfsmynd keltneskra samf\u00e9laga. F\u00f3lksflutningar keltneskra \u00fej\u00f3\u00f0flokka og verslunarlei\u00f0ir b\u00e1ru d\u00fdrkunina fr\u00e1 meginlandinu allt til \u00cdrlands, \u00fear sem h\u00fan var\u00f0veitist \u00ed eftirtektarver\u00f0u samr\u00e6mi: sem gu\u00f0 listanna me\u00f0 eigin h\u00e1t\u00ed\u00f0 vi\u00f0 upphaf uppskerunnar.<\/p>\t\t\t\t\t\t\t\t<\/div>\n\t\t\t\t\t<\/div>\n\t\t\t\t<\/div>\n\t\t\t\t<\/div>\n\t\t<div class=\"elementor-element elementor-element-db03c39 e-con-full e-flex e-con e-child\" data-id=\"db03c39\" data-element_type=\"container\" data-e-type=\"container\">\n\t\t<div class=\"elementor-element elementor-element-229a87b e-flex e-con-boxed e-con e-child\" data-id=\"229a87b\" data-element_type=\"container\" data-e-type=\"container\">\n\t\t\t\t\t<div class=\"e-con-inner\">\n\t\t\t\t<div class=\"elementor-element elementor-element-1f471fc elementor-widget elementor-widget-heading\" data-id=\"1f471fc\" data-element_type=\"widget\" data-e-type=\"widget\" data-widget_type=\"heading.default\">\n\t\t\t\t\t<h3 class=\"elementor-heading-title elementor-size-default\">Heimildasta\u00f0a<\/h3>\t\t\t\t<\/div>\n\t\t\t\t<div class=\"elementor-element elementor-element-36b1201 elementor-widget elementor-widget-text-editor\" data-id=\"36b1201\" data-element_type=\"widget\" data-e-type=\"widget\" data-widget_type=\"text-editor.default\">\n\t\t\t\t\t\t\t\t\t<p>Frumheimildir: Cath Maige Tuired (Recension A, skr\u00e1\u00f0 u.\u00fe.b. 9.-10. \u00f6ld), Lebor Gab\u00e1la \u00c9renn (\u00fatg\u00e1fa me\u00f0 \u00e6ttfr\u00e6\u00f0ilegu hlutverki Lughs), Oidheadh Chloinne Tuireann. R\u00f3mversk \u00e1letranir: Innskriftir um Loucetius Mars \u00ed Gall\u00edu (t.d. fr\u00e1 M\u00f3sel-sv\u00e6\u00f0inu).<\/p><p>T\u00edmabil: go\u00f0sagnirnir endurspegla \u00e1tr\u00fana\u00f0 fr\u00e1 j\u00e1rn\u00f6ld og fyrri hluta mi\u00f0alda (u.\u00fe.b. 500 f.Kr. &#8211; 800 e.Kr.). Fr\u00e6\u00f0imenn: Mac Cana (Celtic Mythology), Maier (Die Religion der Kelten), Sjoestedt (Gods and Heroes of the Celts) og Green (The Gods of the Celts) fjalla \u00edtarlega um Lugh.<\/p>\t\t\t\t\t\t\t\t<\/div>\n\t\t\t\t\t<\/div>\n\t\t\t\t<\/div>\n\t\t\t\t<\/div>\n\t\t\t\t\t<\/div>\n\t\t\t\t<\/div>\n\t\t<div class=\"elementor-element elementor-element-3ae0637c e-flex e-con-boxed e-con e-parent\" data-id=\"3ae0637c\" data-element_type=\"container\" data-e-type=\"container\">\n\t\t\t\t\t<div class=\"e-con-inner\">\n\t\t\t\t<div class=\"elementor-element elementor-element-31d07739 elementor-widget elementor-widget-heading\" data-id=\"31d07739\" data-element_type=\"widget\" data-e-type=\"widget\" data-widget_type=\"heading.default\">\n\t\t\t\t\t<h2 class=\"elementor-heading-title elementor-size-default\">Nafn<\/h2>\t\t\t\t<\/div>\n\t\t<div class=\"elementor-element elementor-element-b7642947 e-con-full e-flex e-con e-child\" data-id=\"b7642947\" data-element_type=\"container\" data-e-type=\"container\">\n\t\t\t\t<div class=\"elementor-element elementor-element-a086266 elementor-widget elementor-widget-text-editor\" data-id=\"a086266\" data-element_type=\"widget\" data-e-type=\"widget\" data-widget_type=\"text-editor.default\">\n\t\t\t\t\t\t\t\t\t<p>Lugh er \u00ed hinum \u00fdmsu heimildum og listr\u00e6num hef\u00f0um s\u00fdndur me\u00f0 \u00e1kve\u00f0num endurteknum myndhverfum \u00fe\u00e1ttum sem haldast tilt\u00f6lulega st\u00f6\u00f0ugir yfir \u00e1ratugi og yfir \u00f3l\u00edk landfr\u00e6\u00f0ileg sv\u00e6\u00f0i. \u00deessir \u00fe\u00e6ttir eru ekki hreint skrautlegir e\u00f0a valdir af tilviljun, heldur dj\u00fapt t\u00e1knr\u00e6nt k\u00f3\u00f0a\u00f0ir og bera mikla merkingu.<\/p><p>Eiginleikar Lughs skilgreina st\u00f6\u00f0u hans me\u00f0al Tuatha D\u00e9 Danann me\u00f0 n\u00e1kv\u00e6mni: Vi\u00f0urnefni hans Samild\u00e1nach, hinn fj\u00f6lfr\u00f3\u00f0i \u00ed \u00f6llum listum, l\u00fdsir emb\u00e6tti hans, og sagan af komu hans til Tara s\u00fdnir \u00fea\u00f0, \u00fev\u00ed hann f\u00e6r ekki inng\u00f6ngu fyrr en \u00ed lj\u00f3s kemur a\u00f0 hann er smi\u00f0ur, h\u00f6rpuleikari, sk\u00e1ld, l\u00e6knir og bardagama\u00f0ur \u00ed einni pers\u00f3nu. Spj\u00f3t hans telst til fj\u00f6gurra fj\u00e1rsj\u00f3\u00f0a Tuatha D\u00e9 Danann og stendur fyrir \u00f3umfl\u00fdjanlegan sigur, og kast hans \u00e1 auga Balors r\u00e6\u00f0ur \u00farslitum orrustunnar vi\u00f0 Mag Tuired. S\u00e1 sem kynnir s\u00e9r \u00edrska sagnaheiminn les \u00far spj\u00f3ti, vi\u00f0urnefni og h\u00e1t\u00ed\u00f0ardegi mynd gu\u00f0s sem tengir saman h\u00e6fileika, konungd\u00f3m og uppskeru.<\/p>\t\t\t\t\t\t\t\t<\/div>\n\t\t\t\t<\/div>\n\t\t\t\t\t<\/div>\n\t\t\t\t<\/div>\n\t\t<div class=\"elementor-element elementor-element-709a44a8 e-flex e-con-boxed e-con e-parent\" data-id=\"709a44a8\" data-element_type=\"container\" data-e-type=\"container\">\n\t\t\t\t\t<div class=\"e-con-inner\">\n\t\t\t\t<div class=\"elementor-element elementor-element-2f585873 elementor-widget elementor-widget-heading\" data-id=\"2f585873\" data-element_type=\"widget\" data-e-type=\"widget\" data-widget_type=\"heading.default\">\n\t\t\t\t\t<h2 class=\"elementor-heading-title elementor-size-default\">Einkenni<\/h2>\t\t\t\t<\/div>\n\t\t<div class=\"elementor-element elementor-element-70621c12 e-con-full e-flex e-con e-child\" data-id=\"70621c12\" data-element_type=\"container\" data-e-type=\"container\">\n\t\t\t\t<div class=\"elementor-element elementor-element-4296eb49 elementor-widget elementor-widget-text-editor\" data-id=\"4296eb49\" data-element_type=\"widget\" data-e-type=\"widget\" data-widget_type=\"text-editor.default\">\n\t\t\t\t\t\t\t\t\t<p>Lugh var mi\u00f0l\u00e6gur \u00ed tr\u00faarlegri i\u00f0kun, daglegum si\u00f0um og hinum almenna skilningi keltneskra samf\u00e9laga. F\u00f3lk sneri s\u00e9r til \u00feessarar veru \u00e1 mikilv\u00e6gum e\u00f0a \u00e1kve\u00f0num stundum l\u00edfsins e\u00f0a \u00e1 tilteknum \u00e1rst\u00ed\u00f0um rit\u00faala, me\u00f0 skipul\u00f6g\u00f0um, oft vi\u00f0amiklum ath\u00f6fnum, b\u00e6num e\u00f0a f\u00f3rnargj\u00f6fum.<\/p><p>D\u00fdrkun Lughs var reglubundin og t\u00edmasett: H\u00e1t\u00ed\u00f0in Lughnasadh var haldin \u00ed byrjun \u00e1g\u00fast vi\u00f0 upphaf uppskerunnar, me\u00f0 samkomum, kappleikjum og m\u00f6rku\u00f0um \u00e1 f\u00f6stum st\u00f6\u00f0um eins og Tailtiu. \u00cdrskar sagnir rekja h\u00e1t\u00ed\u00f0ina til Lughs sj\u00e1lfs, sem sag\u00f0ur er hafa stofna\u00f0 hana til hei\u00f0urs f\u00f3sturm\u00f3\u00f0ur sinni, og l\u00fdsa \u00feannig stofnun me\u00f0 fastri \u00e1st\u00e6\u00f0u, sta\u00f0 og framgangi.<\/p><p>A\u00f0 Lughnasadh var haldin \u00e1 \u00cdrlandi um margar aldir og lif\u00f0i \u00e1fram \u00ed leifum eins og uppskerusi\u00f0um og fjallg\u00f6ngum allt til n\u00fat\u00edmans, s\u00fdnir hi\u00f0 hagn\u00fdta gildi h\u00e1t\u00ed\u00f0arinnar fyrir b\u00e6ndasamf\u00e9l\u00f6g. Tengsl vi\u00f0 Lugh voru af \u00fdmsum toga: Sigur hans yfir Balor var\u00f0i \u00ed s\u00f6gunni gegn h\u00e6ttunni fyrir uppskeruna, tenging hans vi\u00f0 upphaf uppskerunnar trygg\u00f0i afkomu, og h\u00e1t\u00ed\u00f0in sj\u00e1lf fylgdi umskiptunum fr\u00e1 sumri til uppskerut\u00ed\u00f0ar.<\/p><h3>\u00datlit og t\u00e1knm\u00e1l<\/h3><p>Lugh er s\u00fdndur sem unglegur, lj\u00f3mandi bardagama\u00f0ur me\u00f0 gullnan bl\u00e6. Hann kl\u00e6\u00f0ist herkl\u00e6\u00f0um og ber magna\u00f0an spj\u00f3t. Augu hans l\u00fdsa eins og s\u00f3l. Hundur, hrafn og svala fylgja honum. Verkf\u00e6ri handverksins eru me\u00f0al eiginleika hans. Lj\u00f3s stafar af honum.<\/p>\t\t\t\t\t\t\t\t<\/div>\n\t\t\t\t<\/div>\n\t\t\t\t\t<\/div>\n\t\t\t\t<\/div>\n\t\t<div class=\"elementor-element elementor-element-44e71476 e-flex e-con-boxed e-con e-parent\" data-id=\"44e71476\" data-element_type=\"container\" data-e-type=\"container\">\n\t\t\t\t\t<div class=\"e-con-inner\">\n\t\t\t\t<div class=\"elementor-element elementor-element-3c1fc3f0 elementor-widget elementor-widget-heading\" data-id=\"3c1fc3f0\" data-element_type=\"widget\" data-e-type=\"widget\" data-widget_type=\"heading.default\">\n\t\t\t\t\t<h2 class=\"elementor-heading-title elementor-size-default\">Skyndil\u00fdsing: Lugh<\/h2>\t\t\t\t<\/div>\n\t\t<div class=\"elementor-element elementor-element-84f33b8e e-con-full e-flex e-con e-child\" data-id=\"84f33b8e\" data-element_type=\"container\" data-e-type=\"container\">\n\t\t\t\t<div class=\"elementor-element elementor-element-hqkdc67p elementor-widget elementor-widget-text-editor\" data-id=\"hqkdc67p\" data-element_type=\"widget\" data-e-type=\"widget\" data-widget_type=\"text-editor.default\">\n\t\t\t\t\t\t\t\t\t<p>Skyndil\u00fdsingin fjallar um Lugh \u00ed sex v\u00edddum: go\u00f0sagna\u00e6ttfr\u00e6\u00f0ilegan uppruna hans og st\u00f6\u00f0u \u00ed Tuatha D\u00e9 Danann, d\u00fdrkunarhringi hans og samf\u00e9lagslegt hlutverk, myndm\u00e1l hans og magna\u00f0a eiginleika, herna\u00f0arlega og listr\u00e6na krafta hans, auk andlegra \u00e1kallsvenja og menningarlegra samsvarana. \u00deannig teiknast upp mynd \u00feessa fj\u00f6lh\u00e6fa menningargu\u00f0s.<\/p>\t\t\t\t\t\t\t\t<\/div>\n\t\t\t\t<\/div>\n\t\t<div class=\"elementor-element elementor-element-pemmx7c5 e-con-full e-flex e-con e-child\" data-id=\"pemmx7c5\" data-element_type=\"container\" data-e-type=\"container\">\n\t\t<div class=\"elementor-element elementor-element-pemmx7c1 e-con-full e-flex e-con e-child\" data-id=\"pemmx7c1\" data-element_type=\"container\" data-e-type=\"container\">\n\t\t<div class=\"elementor-element elementor-element-qh9oavvu iwg-steckbrief-card e-flex e-con-boxed e-con e-child\" data-id=\"qh9oavvu\" data-element_type=\"container\" data-e-type=\"container\">\n\t\t\t\t\t<div class=\"e-con-inner\">\n\t\t\t\t<div class=\"elementor-element elementor-element-awzx8k2k elementor-widget elementor-widget-heading\" data-id=\"awzx8k2k\" data-element_type=\"widget\" data-e-type=\"widget\" data-widget_type=\"heading.default\">\n\t\t\t\t\t<div class=\"elementor-heading-title elementor-size-default\">Uppruni<\/div>\t\t\t\t<\/div>\n\t\t\t\t<div class=\"elementor-element elementor-element-x6rowhv0 elementor-widget elementor-widget-text-editor\" data-id=\"x6rowhv0\" data-element_type=\"widget\" data-e-type=\"widget\" data-widget_type=\"text-editor.default\">\n\t\t\t\t\t\t\t\t\t<p>Lugh tilheyrir Tuatha D\u00e9 Danann og er \u00e1 \u00fdmsan h\u00e1tt nefndur sonur Dian C\u00e9cht (gu\u00f0s l\u00e6knislistarinnar), Ethniu e\u00f0a \u00f3hlutbundnari krafta.<\/p><p>Hann t\u00e1knar yngri kynsl\u00f3\u00f0 gu\u00f0a (\u00f6fugt vi\u00f0 hinn aldna Dagda). Landfr\u00e6\u00f0ilega er hann bundinn \u00cdrlandi, me\u00f0 r\u00f3mversk-galliskum hli\u00f0st\u00e6\u00f0um (Loucetius). Fyrstu rita\u00f0ar heimildir um hann eru fr\u00e1 9. 10. \u00f6ld, en l\u00fdsa eldri helgisi\u00f0um.<\/p>\t\t\t\t\t\t\t\t<\/div>\n\t\t\t\t\t<\/div>\n\t\t\t\t<\/div>\n\t\t<div class=\"elementor-element elementor-element-8e3o4kxs iwg-steckbrief-card e-flex e-con-boxed e-con e-child\" data-id=\"8e3o4kxs\" data-element_type=\"container\" data-e-type=\"container\">\n\t\t\t\t\t<div class=\"e-con-inner\">\n\t\t\t\t<div class=\"elementor-element elementor-element-08rkdgov elementor-widget elementor-widget-heading\" data-id=\"08rkdgov\" data-element_type=\"widget\" data-e-type=\"widget\" data-widget_type=\"heading.default\">\n\t\t\t\t\t<div class=\"elementor-heading-title elementor-size-default\">Vi\u00f0takendur<\/div>\t\t\t\t<\/div>\n\t\t\t\t<div class=\"elementor-element elementor-element-uwjelx8s elementor-widget elementor-widget-text-editor\" data-id=\"uwjelx8s\" data-element_type=\"widget\" data-e-type=\"widget\" data-widget_type=\"text-editor.default\">\n\t\t\t\t\t\t\t\t\t<p>Lugh var d\u00fdrka\u00f0ur af str\u00ed\u00f0sm\u00f6nnum, handverksm\u00f6nnum, listam\u00f6nnum, dr\u00fa\u00eddum og konungsfj\u00f6lskyldum. H\u00e1t\u00ed\u00f0 hans, Lughnasadh, var opinber og al\u00fe\u00fd\u00f0leg, tengd verslun, keppnum og l\u00f6gfr\u00e6\u00f0ilegum m\u00e1lum. \u00cd herna\u00f0i k\u00f6llu\u00f0u str\u00ed\u00f0smenn \u00e1 hann til a\u00f0 f\u00e1 herk\u00e6nsku og yfirbur\u00f0i. Handverksmenn og listamenn hei\u00f0ru\u00f0u hann sem verndara listar sinnar.<\/p>\t\t\t\t\t\t\t\t<\/div>\n\t\t\t\t\t<\/div>\n\t\t\t\t<\/div>\n\t\t<div class=\"elementor-element elementor-element-jm2n74ec iwg-steckbrief-card e-flex e-con-boxed e-con e-child\" data-id=\"jm2n74ec\" data-element_type=\"container\" data-e-type=\"container\">\n\t\t\t\t\t<div class=\"e-con-inner\">\n\t\t\t\t<div class=\"elementor-element elementor-element-8vufse4c elementor-widget elementor-widget-heading\" data-id=\"8vufse4c\" data-element_type=\"widget\" data-e-type=\"widget\" data-widget_type=\"heading.default\">\n\t\t\t\t\t<div class=\"elementor-heading-title elementor-size-default\">Framsetning<\/div>\t\t\t\t<\/div>\n\t\t\t\t<div class=\"elementor-element elementor-element-mwb9u015 elementor-widget elementor-widget-text-editor\" data-id=\"mwb9u015\" data-element_type=\"widget\" data-e-type=\"widget\" data-widget_type=\"text-editor.default\">\n\t\t\t\t\t\t\t\t\t<p>Lugh er s\u00fdndur ungur, lj\u00f3mandi og listfengur, oft umkringdur lj\u00f3si e\u00f0a birtu (nafn hans getur \u00fe\u00fdtt \u201elj\u00f3s\u201c). Hann ber d\u00e6miger\u00f0 vopn str\u00ed\u00f0smanns: spj\u00f3t, sver\u00f0 e\u00f0a t\u00f6fravopn. Sums sta\u00f0ar er hann s\u00fdndur me\u00f0 h\u00f6rpu. \u00cd myndlist er hann gl\u00e6silegur, \u00ed\u00fer\u00f3ttamannslegur, \u00e1n \u00feeirrar \u00feunglamalegu \u00e1ru sem einkennir hinn aldna Dagda. Andlitsdr\u00e6ttir hans eru f\u00ednger\u00f0ir og tignarlegir.<\/p>\t\t\t\t\t\t\t\t<\/div>\n\t\t\t\t\t<\/div>\n\t\t\t\t<\/div>\n\t\t\t\t<\/div>\n\t\t<div class=\"elementor-element elementor-element-pemmx7c2 e-con-full e-flex e-con e-child\" data-id=\"pemmx7c2\" data-element_type=\"container\" data-e-type=\"container\">\n\t\t<div class=\"elementor-element elementor-element-37ss2yr6 iwg-steckbrief-card e-flex e-con-boxed e-con e-child\" data-id=\"37ss2yr6\" data-element_type=\"container\" data-e-type=\"container\">\n\t\t\t\t\t<div class=\"e-con-inner\">\n\t\t\t\t<div class=\"elementor-element elementor-element-3v0wp3wx elementor-widget elementor-widget-heading\" data-id=\"3v0wp3wx\" data-element_type=\"widget\" data-e-type=\"widget\" data-widget_type=\"heading.default\">\n\t\t\t\t\t<div class=\"elementor-heading-title elementor-size-default\">I\u00f0ja<\/div>\t\t\t\t<\/div>\n\t\t\t\t<div class=\"elementor-element elementor-element-w3247g2m elementor-widget elementor-widget-text-editor\" data-id=\"w3247g2m\" data-element_type=\"widget\" data-e-type=\"widget\" data-widget_type=\"text-editor.default\">\n\t\t\t\t\t\t\t\t\t<strong>Wirkunarsvi\u00f0:<\/strong> Lugh er keltneskur gu\u00f0 lj\u00f3ssins, herna\u00f0ar, listanna og handverksins. Vald hans n\u00e6r yfir \u00f6ll svi\u00f0 mannlegrar sk\u00f6punar, lj\u00f3\u00f0list, t\u00f3nlist, m\u00e1lmsm\u00ed\u00f0i og herna\u00f0arlist. Hann holdgerir hina l\u00fdsandi, altsj\u00e1andi vitund. S\u00f6gulega er Lugh n\u00e1tengdur Lughnasa-h\u00e1t\u00ed\u00f0inni (1. \u00e1g\u00fast), sem lifir enn \u00ed kristninni sem Lammas-h\u00e1t\u00ed\u00f0in. \u00c1hrifa hans g\u00e6tir \u00ed listr\u00e6nni innbl\u00e1stur, herna\u00f0arlegri hugsun og sigurs\u00e6lum yfirvinningi hindrana. \u00cd go\u00f0s\u00f6gulegri <span class=\"iwg-fachbegriff\" data-tooltip=\"Mi\u00f0lun \u00feekkingar og fr\u00e1sagna milli kynsl\u00f3\u00f0a.\" tabindex=\"0\">munnm\u00e6lahef\u00f0<\/span> (Cath Maige Tuired) sigrar Lugh hina fjandsamlegu Fomor\u00e9-\u00fej\u00f3\u00f0.\n\t\t\t\t\t\t\t\t<\/div>\n\t\t\t\t\t<\/div>\n\t\t\t\t<\/div>\n\t\t<div class=\"elementor-element elementor-element-0qpjal9w iwg-steckbrief-card e-flex e-con-boxed e-con e-child\" data-id=\"0qpjal9w\" data-element_type=\"container\" data-e-type=\"container\">\n\t\t\t\t\t<div class=\"e-con-inner\">\n\t\t\t\t<div class=\"elementor-element elementor-element-6ndoih0o elementor-widget elementor-widget-heading\" data-id=\"6ndoih0o\" data-element_type=\"widget\" data-e-type=\"widget\" data-widget_type=\"heading.default\">\n\t\t\t\t\t<div class=\"elementor-heading-title elementor-size-default\">Varnarform<\/div>\t\t\t\t<\/div>\n\t\t\t\t<div class=\"elementor-element elementor-element-6684tyh9 elementor-widget elementor-widget-text-editor\" data-id=\"6684tyh9\" data-element_type=\"widget\" data-e-type=\"widget\" data-widget_type=\"text-editor.default\">\n\t\t\t\t\t\t\t\t\t<p>Lugh er velvilja\u00f0ur og hetjulegur. Kappar og listamenn \u00e1k\u00f6llu\u00f0u hann til a\u00f0 \u00f6\u00f0last f\u00e6rni, yfirst\u00edga hindranir og f\u00e1 listr\u00e6nan innbl\u00e1stur. H\u00e1t\u00ed\u00f0 hans, Lughnasadh, var tilefni til kappleikja og helgunar samf\u00e9lagsins. Lugh er ekki h\u00e6ttulegur e\u00f0a ska\u00f0legur, heldur verndandi og upphefjandi. V\u00f6rn gegn honum \u00e1 ekki vi\u00f0; \u00ed sta\u00f0inn t\u00ed\u00f0ku\u00f0ust <span class=\"iwg-fachbegriff\" data-tooltip=\"B\u00e6narleg e\u00f0a s\u00e6randi \u00e1varp til gu\u00f0s e\u00f0a m\u00e1ttarvalds.\" tabindex=\"0\">\u00e1kallanir<\/span> og <span class=\"iwg-fachbegriff\" data-tooltip=\"Gj\u00f6f til gu\u00f0s til a\u00f0 tj\u00e1 \u00feakkl\u00e6ti, b\u00e6n e\u00f0a lotningu.\" tabindex=\"0\">f\u00f3rnir<\/span> til a\u00f0 auka vir\u00f0ingu hans.<\/p>\t\t\t\t\t\t\t\t<\/div>\n\t\t\t\t\t<\/div>\n\t\t\t\t<\/div>\n\t\t<div class=\"elementor-element elementor-element-3lfi7x32 iwg-steckbrief-card e-flex e-con-boxed e-con e-child\" data-id=\"3lfi7x32\" data-element_type=\"container\" data-e-type=\"container\">\n\t\t\t\t\t<div class=\"e-con-inner\">\n\t\t\t\t<div class=\"elementor-element elementor-element-0kg99ga1 elementor-widget elementor-widget-heading\" data-id=\"0kg99ga1\" data-element_type=\"widget\" data-e-type=\"widget\" data-widget_type=\"heading.default\">\n\t\t\t\t\t<div class=\"elementor-heading-title elementor-size-default\">Hli\u00f0st\u00e6\u00f0ur<\/div>\t\t\t\t<\/div>\n\t\t\t\t<div class=\"elementor-element elementor-element-n0fum6kp elementor-widget elementor-widget-text-editor\" data-id=\"n0fum6kp\" data-element_type=\"widget\" data-e-type=\"widget\" data-widget_type=\"text-editor.default\">\n\t\t\t\t\t\t\t\t\t<p>Samb\u00e6rilegir eru Apollon (gr\u00edskur) sem gu\u00f0 listr\u00e6nnar og herna\u00f0arlegrar f\u00e6rni, lj\u00f3ss og t\u00f3nlistar, Merk\u00far\/Hermes sem alhli\u00f0a listama\u00f0ur og verndargu\u00f0, germanski \u00d3\u00f0inn sem gu\u00f0 lista og visku, og indverski Indra sem str\u00ed\u00f0sgu\u00f0 og gjafi <span class=\"iwg-fachbegriff\" data-tooltip=\"\u00d3sk um heill og vernd, oft \u00ed f\u00f6stu m\u00e1lformi.\" tabindex=\"0\">blessunar<\/span>. \u201eAlsherjarmeistara\u201c-t\u00fdpan er ind\u00f3evr\u00f3pskt <span class=\"iwg-fachbegriff\" data-tooltip=\"Endurteki\u00f0 efnisatri\u00f0i \u00ed list e\u00f0a fr\u00e1s\u00f6gn.\" tabindex=\"0\">stef<\/span>.<\/p>\t\t\t\t\t\t\t\t<\/div>\n\t\t\t\t\t<\/div>\n\t\t\t\t<\/div>\n\t\t\t\t<\/div>\n\t\t\t\t<\/div>\n\t\t\t\t\t<\/div>\n\t\t\t\t<\/div>\n\t\t<div class=\"elementor-element elementor-element-5a584676 e-flex e-con-boxed e-con e-parent\" data-id=\"5a584676\" data-element_type=\"container\" data-e-type=\"container\">\n\t\t\t\t\t<div class=\"e-con-inner\">\n\t\t\t\t<div class=\"elementor-element elementor-element-6d0757bf elementor-widget elementor-widget-heading\" data-id=\"6d0757bf\" data-element_type=\"widget\" data-e-type=\"widget\" data-widget_type=\"heading.default\">\n\t\t\t\t\t<h2 class=\"elementor-heading-title elementor-size-default\">Lugh, hli\u00f0st\u00e6\u00f0ur \u00ed \u00f6\u00f0rum menningarheimum<\/h2>\t\t\t\t<\/div>\n\t\t<div class=\"elementor-element elementor-element-60563f68 e-con-full e-flex e-con e-child\" data-id=\"60563f68\" data-element_type=\"container\" data-e-type=\"container\">\n\t\t\t\t<div class=\"elementor-element elementor-element-5a93fdd6 elementor-widget elementor-widget-text-editor\" data-id=\"5a93fdd6\" data-element_type=\"widget\" data-e-type=\"widget\" data-widget_type=\"text-editor.default\">\n\t\t\t\t\t\t\t\t\t<h3>Helgisi\u00f0ir og d\u00fdrkun<\/h3><p>Lughnasa-h\u00e1t\u00ed\u00f0in (1. \u00e1g\u00fast) var a\u00f0alf\u00f3rnarh\u00e1t\u00ed\u00f0 Lughs, \u00fear sem fyrstu \u00e1vextir voru f\u00f3rna\u00f0ir sem <span class=\"iwg-fachbegriff\" data-tooltip=\"Gj\u00f6f til gu\u00f0s til a\u00f0 tj\u00e1 \u00feakkl\u00e6ti, b\u00e6n e\u00f0a lotningu.\" tabindex=\"0\">f\u00f3rnir<\/span> \u00e1 tindum heilagra fjalla. \u00cd Tara, konungsborginni, voru haldnar samkomur \u00fear sem handverk og bardagalistir kepptu s\u00edn \u00e1 milli. Dr\u00fa\u00eddar framkv\u00e6mdu v\u00edgslur n\u00fdrra kappa Lugh til hei\u00f0urs.<\/p><h3>S\u00e6ringar og \u00e1kallanir<\/h3><p>\u00c1kallanir til Lughs voru venjulega morgunathafnir fyrir bardaga e\u00f0a listr\u00e6nt verk: \u201eLugh, lj\u00f3s allra lista, l\u00fdstu m\u00e9r veginn.\u201c Sk\u00e1ld \u00e1k\u00f6llu\u00f0u hann til a\u00f0 \u00f6\u00f0last innbl\u00e1stur \u00ed lj\u00f3\u00f0akeppnum. Ein klass\u00edsk <span class=\"iwg-fachbegriff\" data-tooltip=\"B\u00e6narleg e\u00f0a s\u00e6randi \u00e1varp til gu\u00f0s e\u00f0a m\u00e1ttarvalds.\" tabindex=\"0\">\u00e1kallan<\/span> hlj\u00f3\u00f0a\u00f0i svo: \u201eSamhildanach Lugh, sem r\u00e6\u00f0ur \u00f6llum listum, gef m\u00e9r visku og styrk.\u201c<\/p><h3>Verndargripir og t\u00e1knmyndir<\/h3><p>S\u00f3lhj\u00f3li\u00f0 og gullni sp\u00edralinn voru t\u00e1kn Lughs. Kappar b\u00e1ru \u201espj\u00f3t Lughs\u201c (t\u00e1knr\u00e6nt, sem vopna-<span class=\"iwg-fachbegriff\" data-tooltip=\"Borinn hlutur sem talinn er hafa verndandi, \u00f3g\u00e6fuvarnandi m\u00e1tt.\" tabindex=\"0\">verndargrip<\/span>), listamenn b\u00e1ru s\u00f3lsteina og raf sem berandi innbl\u00e1sturs. Gullskart me\u00f0 sp\u00edralmynstrum var tali\u00f0 Lugh-<span class=\"iwg-fachbegriff\" data-tooltip=\"\u00d3sk um heill og vernd, oft \u00ed f\u00f6stu m\u00e1lformi.\" tabindex=\"0\">blessun<\/span>.<\/p>\n<p><p><strong>Gy\u00f0ingleg hef\u00f0:<\/strong> Engin bein hli\u00f0st\u00e6\u00f0a. Fjarskyld eru Dav\u00ed\u00f0 sem kappi-konungur og t\u00f3nlistarma\u00f0ur (s\u00e1lmask\u00e1ld), e\u00f0a pers\u00f3na Sal\u00f3mons sem alhli\u00f0a vitringur og listama\u00f0ur.<\/p><p><strong>Gr\u00edsk-r\u00f3mverski heimurinn:<\/strong> Apollon sem gu\u00f0 lj\u00f3ss, t\u00f3nlistar, herna\u00f0ar og l\u00e6kninga. Merk\u00far\/Hermes sem listama\u00f0ur, uppfinningama\u00f0ur (l\u00fdran) og alhli\u00f0a verndargu\u00f0. Einnig Ares e\u00f0a Mars \u00ed herna\u00f0ar\u00fe\u00e6tti s\u00ednum. Samsv\u00f6runin er n\u00e1in.<\/p><p><strong>Mes\u00f3p\u00f3tam\u00eda:<\/strong> Shamash sem gu\u00f0 lj\u00f3ss og r\u00e9ttl\u00e6tis, Nabu sem gu\u00f0 lista og v\u00edsinda, Adad sem str\u00ed\u00f0sgu\u00f0. \u00d6ll deila \u00feau me\u00f0 Lugh \u00fe\u00e1ttum bardaga, \u00feekkingar og gu\u00f0d\u00f3mlegs lj\u00f3ma.<\/p><p><strong>Indland\/As\u00eda:<\/strong> Indra sem str\u00ed\u00f0shetja og gjafi <span class=\"iwg-fachbegriff\" data-tooltip=\"\u00d3sk um heill og vernd, oft \u00ed f\u00f6stu m\u00e1lformi.\" tabindex=\"0\">blessunar<\/span>, Saraswati sem gy\u00f0ja lista og t\u00f3nlistar. \u00cd b\u00fadd\u00edskum samhengi: Manjushri sem gu\u00f0 visku og lista. \u00deessi d\u00e6mi s\u00fdna menningarbundnar hli\u00f0st\u00e6\u00f0ur vi\u00f0 fj\u00f6lh\u00e6fni Lughs.<\/p>\t\t\t\t\t\t\t\t<\/div>\n\t\t\t\t<\/div>\n\t\t\t\t\t<\/div>\n\t\t\t\t<\/div>\n\t\t<div class=\"elementor-element elementor-element-cp977bc6b e-flex e-con-boxed e-con e-parent\" data-id=\"cp977bc6b\" data-element_type=\"container\" data-e-type=\"container\">\n\t\t\t\t\t<div class=\"e-con-inner\">\n\t\t\t\t<div class=\"elementor-element elementor-element-cp5f2b077 elementor-widget elementor-widget-heading\" data-id=\"cp5f2b077\" data-element_type=\"widget\" data-e-type=\"widget\" data-widget_type=\"heading.default\">\n\t\t\t\t\t<h2 class=\"elementor-heading-title elementor-size-default\">Lugh \u00ed orrustunni vi\u00f0 Mag Tuired<\/h2>\t\t\t\t<\/div>\n\t\t<div class=\"elementor-element elementor-element-cpeedcba8 e-con-full e-flex e-con e-child\" data-id=\"cpeedcba8\" data-element_type=\"container\" data-e-type=\"container\">\n\t\t\t\t<div class=\"elementor-element elementor-element-cp91d9c27 elementor-widget elementor-widget-text-editor\" data-id=\"cp91d9c27\" data-element_type=\"widget\" data-e-type=\"widget\" data-widget_type=\"text-editor.default\">\n\t\t\t\t\t\t\t\t\t<p>Mikilv\u00e6gasta fr\u00e1s\u00f6gnin um Lugh er <em>Cath Maige Tuired<\/em>, orrustan vi\u00f0 Mag Tuired, \u00fear sem T\u00faatha D\u00e9 Danann berjast vi\u00f0 Fomori. Framkoma Lughs \u00ed \u00feeirri s\u00f6gu er me\u00f0al \u00feekktustu atri\u00f0a \u00ed \u00edrskum sagnask\u00e1ldskap.<\/p><p>Lugh kemur a\u00f0 hir\u00f0 konungsins Nuada og krefst inng\u00f6ngu. Dyrav\u00f6r\u00f0urinn v\u00edsar honum fr\u00e1 og segir a\u00f0 hver sem hlj\u00f3ti inng\u00f6ngu \u00feurfi a\u00f0 kunna einhverja list.<\/p><p>Lugh nefnir \u00fe\u00e1 hverja f\u00e6rnina \u00e1 f\u00e6tur annarri, hann s\u00e9 smi\u00f0ur, j\u00e1rnsmi\u00f0ur, str\u00ed\u00f0sma\u00f0ur, h\u00f6rpuleikari, sk\u00e1ld, l\u00e6knir, veitingama\u00f0ur og margt fleira. Vi\u00f0 hverja nefningu svarar dyrav\u00f6r\u00f0urinn a\u00f0 sl\u00edkan mann hafi hir\u00f0in \u00feegar. A\u00f0 lokum spyr Lugh hvort einhver \u00e1 hir\u00f0inni kunni allar \u00feessar listir samt\u00edmis. \u00dear sem \u00fev\u00ed er neita\u00f0 f\u00e6r hann inng\u00f6ngu.<\/p><p>\u00dar \u00feessum \u00fe\u00e6tti er dregi\u00f0 eitt \u00feekktasta vi\u00f0urnefni Lughs, <em>Samild\u00e1nach<\/em>, sem merkir nokkurn veginn \u00feann sem er fj\u00f6lh\u00e6fur \u00ed m\u00f6rgum listum. Lugh er ekki s\u00e9rfr\u00e6\u00f0ingur \u00ed einni einstakri kunn\u00e1ttu, heldur s\u00e1 sem sameinar \u00fe\u00e6r allar. \u00cd orrustunni sj\u00e1lfri tekur hann forystuna og \u00e1, me\u00f0 bardagagaldri s\u00ednum og fyrirm\u00e6lum, verulegan \u00fe\u00e1tt \u00ed sigrinum.<\/p><p>Mi\u00f0l\u00e6gt atri\u00f0i er dr\u00e1p Balors, lei\u00f0toga Fomori, sem hefur ey\u00f0andi auga. Samkv\u00e6mt <span class=\"iwg-fachbegriff\" data-tooltip=\"Mi\u00f0lun \u00feekkingar og fr\u00e1sagna milli kynsl\u00f3\u00f0a.\" tabindex=\"0\">munnm\u00e6lum<\/span> er Balor afi Lughs, enda haf\u00f0i sp\u00e1d\u00f3mur sagt a\u00f0 Balor myndi deyja fyrir hendi d\u00f3ttursonar s\u00edns.<\/p><p>Lugh hittir hi\u00f0 banv\u00e6na auga Balors og uppfyllir \u00feannig <span class=\"iwg-fachbegriff\" data-tooltip=\"Fyrirs\u00f6gn um komandi atbur\u00f0i me\u00f0 tr\u00faarlegum e\u00f0a t\u00f6frandi h\u00e6tti.\" tabindex=\"0\">sp\u00e1d\u00f3minn<\/span>. \u00deessi tenging hetju- og \u00e6ttars\u00f6gu, d\u00f3ttursonurinn sem dey\u00f0ir afa sinn, er fornt fr\u00e1sagnarmynstur sem lyftir orrustunni vi\u00f0 Mag Tuired upp yfir eint\u00f3mt str\u00ed\u00f0satvik.<\/p>\t\t\t\t\t\t\t\t<\/div>\n\t\t\t\t<\/div>\n\t\t\t\t\t<\/div>\n\t\t\t\t<\/div>\n\t\t<div class=\"elementor-element elementor-element-cpfc80b04 e-flex e-con-boxed e-con e-parent\" data-id=\"cpfc80b04\" data-element_type=\"container\" data-e-type=\"container\">\n\t\t\t\t\t<div class=\"e-con-inner\">\n\t\t\t\t<div class=\"elementor-element elementor-element-cpd6c6169 elementor-widget elementor-widget-heading\" data-id=\"cpd6c6169\" data-element_type=\"widget\" data-e-type=\"widget\" data-widget_type=\"heading.default\">\n\t\t\t\t\t<h2 class=\"elementor-heading-title elementor-size-default\">Lugnasad: h\u00e1t\u00ed\u00f0in og nafni\u00f0 \u00ed landslaginu<\/h2>\t\t\t\t<\/div>\n\t\t<div class=\"elementor-element elementor-element-cp670b9ce e-con-full e-flex e-con e-child\" data-id=\"cp670b9ce\" data-element_type=\"container\" data-e-type=\"container\">\n\t\t\t\t<div class=\"elementor-element elementor-element-cp154f098 elementor-widget elementor-widget-text-editor\" data-id=\"cp154f098\" data-element_type=\"widget\" data-e-type=\"widget\" data-widget_type=\"text-editor.default\">\n\t\t\t\t\t\t\t\t\t<p>Me\u00f0 Lugh er tengd ein af fj\u00f3rum st\u00f3rum h\u00e1t\u00ed\u00f0um \u00edrska \u00e1rsins, <em>Lugnasad<\/em>, sem var haldin \u00ed upphafi \u00e1g\u00fast. Nafni\u00f0 \u00fe\u00fd\u00f0ir eitthva\u00f0 \u00e1 \u00fe\u00e1 lei\u00f0 sem samkoma Lughs.<\/p><p>Mi\u00f0aldatextar \u00e1 \u00edrsku \u00fatsk\u00fdra h\u00e1t\u00ed\u00f0ina me\u00f0 \u00fev\u00ed a\u00f0 Lugh hafi stofna\u00f0 hana til minningar um f\u00f3stur- e\u00f0a uppeldism\u00f3\u00f0ur s\u00edna, Tailtiu, sem l\u00e9st eftir ru\u00f0ning \u00e1 sl\u00e9ttu. H\u00e1t\u00ed\u00f0in var \u00fev\u00ed upphaflega minningar- og samkomuh\u00e1t\u00ed\u00f0.<\/p><p>Lugnasad f\u00e9ll \u00e1 t\u00edma upphafs kornuppskerunnar og var tengd samkomum, kappleikjum, m\u00f6rku\u00f0um og l\u00f6gbundnum fundum. Sl\u00edkar \u00e1rst\u00ed\u00f0abundnar st\u00f3rsamkomur h\u00f6f\u00f0u mikilv\u00e6gt f\u00e9lagslegt og p\u00f3lit\u00edskt hlutverk \u00ed \u00edrsku samf\u00e9lagi.<\/p><p>A\u00f0 gu\u00f0 v\u00e6ri talinn stofnandi sl\u00edkrar h\u00e1t\u00ed\u00f0ar s\u00fdnir hversu n\u00e1in tengsl go\u00f0sagnafr\u00e1sagnar og lifandi samf\u00e9lagsskipulags voru \u00ed <span class=\"iwg-fachbegriff\" data-tooltip=\"Mi\u00f0lun \u00feekkingar og fr\u00e1sagna milli kynsl\u00f3\u00f0a.\" tabindex=\"0\">munnm\u00e6lunum<\/span>.<\/p><p>Nafni\u00f0 Lugh hefur einnig l\u00e1ti\u00f0 eftir sig spor \u00ed evr\u00f3psku landslagi. Fj\u00f6ldi sta\u00f0arnafna sem mynda\u00f0ir eru me\u00f0 stofninum Lug- er \u00ed fr\u00e6\u00f0um tengdur gu\u00f0i sem samsvarar hinum \u00edrska Lugh og hetjunni sem \u00e1 velsku er k\u00f6llu\u00f0 Lleu.<\/p><p>\u00deekktasta d\u00e6mi\u00f0 er borgin Lyon \u00ed Frakklandi, en hi\u00f0 forna nafn hennar, Lugdunum, er oft t\u00falka\u00f0 sem virki e\u00f0a h\u00e6\u00f0 Lugusar, jafnvel \u00fe\u00f3tt n\u00e1kv\u00e6m sk\u00fdring fyrsta hluta nafnsins s\u00e9 \u00e1fram til umr\u00e6\u00f0u \u00ed fr\u00e6\u00f0um. Sl\u00edk n\u00f6fn benda til \u00feess a\u00f0 skyld <span class=\"iwg-fachbegriff\" data-tooltip=\"Vera sem er tilbe\u00f0in sem gu\u00f0leg innan tr\u00faarbrag\u00f0a.\" tabindex=\"0\">go\u00f0m\u00f6gn<\/span> hafi veri\u00f0 tilbe\u00f0in ekki bara \u00e1 \u00cdrlandi heldur \u00e1 v\u00ed\u00f0ara keltnesku sv\u00e6\u00f0i.<\/p>\t\t\t\t\t\t\t\t<\/div>\n\t\t\t\t<\/div>\n\t\t\t\t\t<\/div>\n\t\t\t\t<\/div>\n\t\t<div class=\"elementor-element elementor-element-cpcc3173c e-flex e-con-boxed e-con e-parent\" data-id=\"cpcc3173c\" data-element_type=\"container\" data-e-type=\"container\">\n\t\t\t\t\t<div class=\"e-con-inner\">\n\t\t\t\t<div class=\"elementor-element elementor-element-cp3c06964 elementor-widget elementor-widget-heading\" data-id=\"cp3c06964\" data-element_type=\"widget\" data-e-type=\"widget\" data-widget_type=\"heading.default\">\n\t\t\t\t\t<h2 class=\"elementor-heading-title elementor-size-default\">Lleu Llaw Gyffes: velska \u00e6ttingjann<\/h2>\t\t\t\t<\/div>\n\t\t<div class=\"elementor-element elementor-element-cpdca373e e-con-full e-flex e-con e-child\" data-id=\"cpdca373e\" data-element_type=\"container\" data-e-type=\"container\">\n\t\t\t\t<div class=\"elementor-element elementor-element-cpe868a3a elementor-widget elementor-widget-text-editor\" data-id=\"cpe868a3a\" data-element_type=\"widget\" data-e-type=\"widget\" data-widget_type=\"text-editor.default\">\n\t\t\t\t\t\t\t\t\t<p>\u00cd velskum sagnaarfi hefur Lugh s\u00edna samsv\u00f6run \u00ed pers\u00f3nu Lleu Llaw Gyffes, en saga hans er s\u00f6g\u00f0 \u00ed fj\u00f3r\u00f0u grein <em>Mabinogi<\/em>, safns mi\u00f0aldafr\u00e1sagna \u00e1 velsku.<\/p><p>Lleu f\u00e6\u00f0ist vi\u00f0 s\u00e9rkennilegar a\u00f0st\u00e6\u00f0ur og m\u00f3\u00f0ir hans, Arianrhod, leggur \u00e1 hann \u00ferj\u00e1r \u00e1l\u00f6gur: hann skuli ekki f\u00e1 nafn, ekki bera vopn og ekki f\u00e1 konu af jar\u00f0neskri \u00e6tt til eiginkonu.<\/p><p>Galdrama\u00f0urinn Gwydion yfirvinnur hverjar \u00feessar \u00e1l\u00f6gur, gefur Lleu me\u00f0 k\u00e6nsku nafn, \u00fatvegar honum vopn og skapar honum \u00e1samt \u00f6\u00f0rum galdramanni konu \u00far bl\u00f3mum, Blodeuwedd.<\/p><p>Sagan tekur d\u00f6kka stefnu \u00feegar Blodeuwedd sn\u00fdr s\u00e9r a\u00f0 \u00f6\u00f0rum manni og me\u00f0 hj\u00e1lp hans er Lleu n\u00e6rri drepinn.<\/p><p>Lleu getur a\u00f0eins s\u00e6rst undir mj\u00f6g s\u00e9rst\u00f6kum kringumst\u00e6\u00f0um, og \u00feegar \u00feessar kringumst\u00e6\u00f0ur eru framkalla\u00f0ar me\u00f0 svikum er hann sleginn, breytist \u00ed \u00f6rn og sleppur illa slasa\u00f0ur. Gwydion finnur hann a\u00f0 lokum, gefur honum aftur upprunalega mynd hans og hj\u00e1lpar honum a\u00f0 hefna s\u00edn.<\/p><p>Fr\u00e6\u00f0imenn hafa lengi r\u00e6tt samband Lughs og Lleus. N\u00f6fnin eru m\u00e1lhistor\u00edskt skyld og pers\u00f3nurnar tv\u00e6r deila einkennum svo sem \u00f3venjulegri f\u00e6\u00f0ingu og tengingu vi\u00f0 s\u00e9rst\u00f6k skilyr\u00f0i l\u00edfs og dau\u00f0a.<\/p><p>Samt\u00edmis eru fr\u00e1sagnirnar mj\u00f6g \u00f3l\u00edkar og \u00fea\u00f0 v\u00e6ri villandi a\u00f0 lesa Lleu einfaldlega sem velska \u00fatg\u00e1fu af hinum \u00edrska Lugh. L\u00edklegra er a\u00f0 b\u00e1\u00f0ar pers\u00f3nur rekja r\u00e6tur til eldri sameiginlegrar go\u00f0veru sem t\u00f3k s\u00ednar eigin lei\u00f0ir \u00e1 \u00cdrlandi og \u00ed Wales. Skyldar pers\u00f3nur \u00far \u00edrskum sagnaarfi eru me\u00f0al annars <a href=\"https:\/\/iwell-guard.com\/is\/?page_id=168761\">Morr\u00edgan<\/a> og <a href=\"https:\/\/iwell-guard.com\/is\/?page_id=168760\">Dagda<\/a>.<\/p>\t\t\t\t\t\t\t\t<\/div>\n\t\t\t\t<\/div>\n\t\t\t\t\t<\/div>\n\t\t\t\t<\/div>\n\t\t<div class=\"elementor-element elementor-element-36dd7469 e-flex e-con-boxed e-con e-parent\" data-id=\"36dd7469\" data-element_type=\"container\" data-e-type=\"container\">\n\t\t\t\t\t<div class=\"e-con-inner\">\n\t\t\t\t<div class=\"elementor-element elementor-element-13760ab4 elementor-widget elementor-widget-heading\" data-id=\"13760ab4\" data-element_type=\"widget\" data-e-type=\"widget\" data-widget_type=\"heading.default\">\n\t\t\t\t\t<h2 class=\"elementor-heading-title elementor-size-default\">\u00cdtarefni og tenglar<\/h2>\t\t\t\t<\/div>\n\t\t<div class=\"elementor-element elementor-element-28c87796 e-con-full e-flex e-con e-child\" data-id=\"28c87796\" data-element_type=\"container\" data-e-type=\"container\">\n\t\t\t\t<div class=\"elementor-element elementor-element-5d6538df elementor-widget elementor-widget-text-editor\" data-id=\"5d6538df\" data-element_type=\"widget\" data-e-type=\"widget\" data-widget_type=\"text-editor.default\">\n\t\t\t\t\t\t\t\t\t<ul><li><a href=\"https:\/\/iwell-guard.com\/is\/?page_id=168833\">Manannan mac Lir, sj\u00e1vargu\u00f0<\/a><\/li><li><a href=\"https:\/\/iwell-guard.com\/is\/?page_id=168760\">Dagda, fa\u00f0irgu\u00f0<\/a><\/li><\/ul>\n\t\t\t\t\t\t\t\t<\/div>\n\t\t\t\t<\/div>\n\t\t\t\t\t<\/div>\n\t\t\t\t<\/div>\n\t\t<div class=\"elementor-element elementor-element-grl4kl40 e-flex e-con-boxed e-con e-parent\" data-id=\"grl4kl40\" data-element_type=\"container\" data-e-type=\"container\">\n\t\t\t\t\t<div class=\"e-con-inner\">\n\t\t\t\t<div class=\"elementor-element elementor-element-bzsbfrmh elementor-widget elementor-widget-heading\" data-id=\"bzsbfrmh\" data-element_type=\"widget\" data-e-type=\"widget\" data-widget_type=\"heading.default\">\n\t\t\t\t\t<h2 class=\"elementor-heading-title elementor-size-default\">Fr\u00e6\u00f0irit<\/h2>\t\t\t\t<\/div>\n\t\t<div class=\"elementor-element elementor-element-2c13224a e-con-full e-flex e-con e-child\" data-id=\"2c13224a\" data-element_type=\"container\" data-e-type=\"container\">\n\t\t\t\t<div class=\"elementor-element elementor-element-0eymh9ub elementor-widget elementor-widget-text-editor\" data-id=\"0eymh9ub\" data-element_type=\"widget\" data-e-type=\"widget\" data-widget_type=\"text-editor.default\">\n\t\t\t\t\t\t\t\t\t<footer class=\"iwg-literatur\" data-nosnippet=\"true\"><ul><li><span data-nosnippet>\u00d3 h\u00d3g\u00e1in, D.: <em>Myth, Legend and Romance<\/em>. Prentice Hall, 1990.<\/span><\/li><li><span data-nosnippet>MacKillop, J.: <em>Dictionary of Celtic Mythology<\/em>. Oxford University Press, 2004.<\/span><\/li><\/ul>\n<\/footer>\n<p class=\"iwg-bib-more\"><span data-nosnippet>Fleiri undirst\u00f6\u00f0urit \u00ed <a href=\"https:\/\/iwell-guard.com\/is\/?page_id=168730\">heimildaskr\u00e1nni<\/a>.<\/span><\/p>\t\t\t\t\t\t\t\t<\/div>\n\t\t\t\t<\/div>\n\t\t\t\t\t<\/div>\n\t\t\t\t<\/div>\n\t\t\t\t<\/div>\n\t\t","protected":false},"excerpt":{"rendered":"","protected":false},"author":3,"featured_media":1616,"parent":0,"menu_order":0,"comment_status":"closed","ping_status":"closed","template":"elementor_header_footer","meta":{"_yoast_wpseo_focuskw":"Lugh","_yoast_wpseo_title":"Lugh \u2013 keltneskur gu\u00f0 lj\u00f3ss og lista","_yoast_wpseo_metadesc":"Lugh, keltneskur meistari allra lista: sigur yfir Balor, h\u00e1t\u00ed\u00f0in Lughnasadh og spor hans fr\u00e1 Tara til Lyon. Uppruni og merking \u00fatsk\u00fdr\u00f0.","_yoast_wpseo_meta-robots-noindex":"","_yoast_wpseo_canonical":"","_angie_page":false,"gefaehrdungsstufe":"2","wesen_kultur":"keltisch","wesen_klasse":"goetter","footnotes":""},"categories":[],"class_list":["post-168832","page","type-page","status-publish","has-post-thumbnail","hentry"],"yoast_head":"<!-- This site is optimized with the Yoast SEO Premium plugin v27.7 (Yoast SEO v28.3) - https:\/\/yoast.com\/product\/yoast-seo-premium-wordpress\/ -->\n<title>Lugh \u2013 keltneskur gu\u00f0 lj\u00f3ss og lista<\/title>\n<meta name=\"description\" content=\"Lugh, keltneskur meistari allra lista: sigur yfir Balor, h\u00e1t\u00ed\u00f0in Lughnasadh og spor hans fr\u00e1 Tara til Lyon. Uppruni og merking \u00fatsk\u00fdr\u00f0.\" \/>\n<meta name=\"robots\" content=\"index, follow, max-snippet:-1, max-image-preview:large, max-video-preview:-1\" \/>\n<link rel=\"canonical\" href=\"https:\/\/iwell-guard.com\/is\/lugh\/\" \/>\n<meta property=\"og:locale\" content=\"is_IS\" \/>\n<meta property=\"og:type\" content=\"article\" \/>\n<meta property=\"og:title\" content=\"Lugh\" \/>\n<meta property=\"og:description\" content=\"Lugh, keltneskur meistari allra lista: sigur yfir Balor, h\u00e1t\u00ed\u00f0in Lughnasadh og spor hans fr\u00e1 Tara til Lyon. Uppruni og merking \u00fatsk\u00fdr\u00f0.\" \/>\n<meta property=\"og:url\" content=\"https:\/\/iwell-guard.com\/is\/lugh\/\" \/>\n<meta property=\"og:site_name\" content=\"iWell Guard\" \/>\n<meta property=\"article:modified_time\" content=\"2026-09-05T14:20:36+00:00\" \/>\n<meta property=\"og:image\" content=\"https:\/\/iwell-guard.com\/wp-content\/uploads\/2026\/04\/goetter_keltisch_lugh.webp\" \/>\n\t<meta property=\"og:image:width\" content=\"1024\" \/>\n\t<meta property=\"og:image:height\" content=\"1536\" \/>\n\t<meta property=\"og:image:type\" content=\"image\/webp\" \/>\n<meta name=\"twitter:card\" content=\"summary_large_image\" \/>\n<script type=\"application\/ld+json\" class=\"yoast-schema-graph\">{\"@context\":\"https:\\\/\\\/schema.org\",\"@graph\":[{\"@type\":\"WebPage\",\"@id\":\"https:\\\/\\\/iwell-guard.com\\\/is\\\/lugh\\\/\",\"url\":\"https:\\\/\\\/iwell-guard.com\\\/is\\\/lugh\\\/\",\"name\":\"Lugh \u2013 keltneskur gu\u00f0 lj\u00f3ss og lista\",\"isPartOf\":{\"@id\":\"https:\\\/\\\/iwell-guard.com\\\/is\\\/#website\"},\"primaryImageOfPage\":{\"@id\":\"https:\\\/\\\/iwell-guard.com\\\/is\\\/lugh\\\/#primaryimage\"},\"image\":{\"@id\":\"https:\\\/\\\/iwell-guard.com\\\/is\\\/lugh\\\/#primaryimage\"},\"thumbnailUrl\":\"https:\\\/\\\/iwell-guard.com\\\/wp-content\\\/uploads\\\/2026\\\/04\\\/goetter_keltisch_lugh.webp\",\"datePublished\":\"2026-09-05T14:03:21+00:00\",\"dateModified\":\"2026-09-05T14:20:36+00:00\",\"description\":\"Lugh, keltneskur meistari allra lista: sigur yfir Balor, h\u00e1t\u00ed\u00f0in Lughnasadh og spor hans fr\u00e1 Tara til Lyon. Uppruni og merking \u00fatsk\u00fdr\u00f0.\",\"breadcrumb\":{\"@id\":\"https:\\\/\\\/iwell-guard.com\\\/is\\\/lugh\\\/#breadcrumb\"},\"inLanguage\":\"is\",\"potentialAction\":[{\"@type\":\"ReadAction\",\"target\":[\"https:\\\/\\\/iwell-guard.com\\\/is\\\/lugh\\\/\"]}]},{\"@type\":\"ImageObject\",\"inLanguage\":\"is\",\"@id\":\"https:\\\/\\\/iwell-guard.com\\\/is\\\/lugh\\\/#primaryimage\",\"url\":\"https:\\\/\\\/iwell-guard.com\\\/wp-content\\\/uploads\\\/2026\\\/04\\\/goetter_keltisch_lugh.webp\",\"contentUrl\":\"https:\\\/\\\/iwell-guard.com\\\/wp-content\\\/uploads\\\/2026\\\/04\\\/goetter_keltisch_lugh.webp\",\"width\":1024,\"height\":1536,\"caption\":\"Gu\u00f0ir \u00far keltneskri hef\u00f0.\"},{\"@type\":\"BreadcrumbList\",\"@id\":\"https:\\\/\\\/iwell-guard.com\\\/is\\\/lugh\\\/#breadcrumb\",\"itemListElement\":[{\"@type\":\"ListItem\",\"position\":1,\"name\":\"Start\",\"item\":\"https:\\\/\\\/iwell-guard.com\\\/is\\\/?page_id=168580\"},{\"@type\":\"ListItem\",\"position\":2,\"name\":\"Lugh\"}]},{\"@type\":\"WebSite\",\"@id\":\"https:\\\/\\\/iwell-guard.com\\\/is\\\/#website\",\"url\":\"https:\\\/\\\/iwell-guard.com\\\/is\\\/\",\"name\":\"iWell Guard\",\"description\":\"Schutz vor dunklen Einfl\u00fcssen\",\"publisher\":{\"@id\":\"https:\\\/\\\/iwell-guard.com\\\/is\\\/#organization\"},\"potentialAction\":[{\"@type\":\"SearchAction\",\"target\":{\"@type\":\"EntryPoint\",\"urlTemplate\":\"https:\\\/\\\/iwell-guard.com\\\/is\\\/?s={search_term_string}\"},\"query-input\":{\"@type\":\"PropertyValueSpecification\",\"valueRequired\":true,\"valueName\":\"search_term_string\"}}],\"inLanguage\":\"is\"},{\"@type\":\"Organization\",\"@id\":\"https:\\\/\\\/iwell-guard.com\\\/is\\\/#organization\",\"name\":\"Ittermann electronic GmbH\",\"url\":\"https:\\\/\\\/iwell-guard.com\\\/is\\\/\",\"logo\":{\"@type\":\"ImageObject\",\"inLanguage\":\"is\",\"@id\":\"https:\\\/\\\/iwell-guard.com\\\/is\\\/#\\\/schema\\\/logo\\\/image\\\/\",\"url\":\"https:\\\/\\\/iwell-guard.com\\\/wp-content\\\/uploads\\\/2026\\\/05\\\/Ittermann-Logo-1182x237-1.png\",\"contentUrl\":\"https:\\\/\\\/iwell-guard.com\\\/wp-content\\\/uploads\\\/2026\\\/05\\\/Ittermann-Logo-1182x237-1.png\",\"width\":1182,\"height\":237,\"caption\":\"Ittermann electronic GmbH\"},\"image\":{\"@id\":\"https:\\\/\\\/iwell-guard.com\\\/is\\\/#\\\/schema\\\/logo\\\/image\\\/\"},\"sameAs\":[\"https:\\\/\\\/pantip.com\\\/profile\\\/9367242\",\"https:\\\/\\\/micro.blog\\\/iwellguard\",\"https:\\\/\\\/www.diggerslist.com\\\/iwellguard\\\/about\",\"https:\\\/\\\/skitterphoto.com\\\/photographers\\\/2870314\\\/iwell-guard\",\"https:\\\/\\\/iwellguard.wordpress.com\\\/2026\\\/06\\\/06\\\/iwell-guard\\\/\",\"https:\\\/\\\/hub.docker.com\\\/u\\\/iwellguard\",\"https:\\\/\\\/www.pinterest.com\\\/iwellguard\\\/\",\"https:\\\/\\\/bit.ly\\\/m\\\/iwellguard\",\"https:\\\/\\\/entre-vos-mains.alsace.eu\\\/profiles\\\/iwellguard\\\/activity\",\"https:\\\/\\\/gravatar.com\\\/reallybeded8fd34\",\"https:\\\/\\\/naijamatta.com\\\/iwellguard\",\"https:\\\/\\\/www.goodreads.com\\\/iwellguard\",\"https:\\\/\\\/profile.hatena.ne.jp\\\/iwellguard\\\/\",\"https:\\\/\\\/experiment.com\\\/users\\\/iwellguard\",\"https:\\\/\\\/wakelet.com\\\/@iWellGuard82270\",\"https:\\\/\\\/www.chordie.com\\\/forum\\\/profile.php?id=2555664\",\"https:\\\/\\\/www.instapaper.com\\\/p\\\/17757966\",\"https:\\\/\\\/www.mapleprimes.com\\\/users\\\/iwellguard\",\"https:\\\/\\\/businesslistingplus.com\\\/profile\\\/iwell-guard\\\/\",\"https:\\\/\\\/telegra.ph\\\/iWell-Guard-06-06\",\"https:\\\/\\\/pbase.com\\\/iwellguard\\\/iwellguard\",\"https:\\\/\\\/b.hatena.ne.jp\\\/iwellguard\\\/20260607#bookmark-4788405196491818882\",\"https:\\\/\\\/fliphtml5.com\\\/home\\\/iwellguard\",\"https:\\\/\\\/anyflip.com\\\/homepage\\\/cmiwl#About\",\"https:\\\/\\\/transfur.com\\\/Users\\\/iwellguard\",\"http:\\\/\\\/delphi.larsbo.org\\\/user\\\/iwellguard\",\"https:\\\/\\\/jobs.lajobsportal.org\\\/profiles\\\/8380803-iwell-guard\",\"https:\\\/\\\/md.chaosdorf.de\\\/s\\\/jfbe5SBdJD\",\"https:\\\/\\\/www.lingvolive.com\\\/en-us\\\/profile\\\/9ecaeaca-ce11-4e51-9e71-01d55e2bff36\\\/translations\",\"https:\\\/\\\/www.fitday.com\\\/fitness\\\/forums\\\/members\\\/iwellguard.html\",\"https:\\\/\\\/www.mymeetbook.com\\\/iwellguard\",\"https:\\\/\\\/pxhere.com\\\/en\\\/photographer-me\\\/5040798\",\"https:\\\/\\\/disqus.com\\\/by\\\/iwellguard\\\/about\\\/\",\"https:\\\/\\\/pastelink.net\\\/hjwciqwq\",\"https:\\\/\\\/pubhtml5.com\\\/homepage\\\/scjhn\\\/\",\"https:\\\/\\\/www.bitchute.com\\\/channel\\\/2O2eOKzNqujT\",\"https:\\\/\\\/audiomack.com\\\/iwellguard\"]},{\"@type\":\"Article\",\"@id\":\"https:\\\/\\\/iwell-guard.com\\\/is\\\/lugh\\\/#article\",\"isPartOf\":{\"@id\":\"https:\\\/\\\/iwell-guard.com\\\/is\\\/lugh\\\/\"},\"author\":{\"name\":\"Ralf Ittermann\",\"@id\":\"https:\\\/\\\/iwell-guard.com\\\/is\\\/#\\\/schema\\\/person\\\/ee2a27f1cac3406c7c6fb5820cb7349f\"},\"headline\":\"Lugh\",\"datePublished\":\"2026-09-05T14:03:21+00:00\",\"dateModified\":\"2026-09-05T14:20:36+00:00\",\"mainEntityOfPage\":{\"@id\":\"https:\\\/\\\/iwell-guard.com\\\/is\\\/lugh\\\/\"},\"publisher\":{\"@id\":\"https:\\\/\\\/iwell-guard.com\\\/is\\\/#organization\"},\"image\":{\"@id\":\"https:\\\/\\\/iwell-guard.com\\\/is\\\/lugh\\\/#primaryimage\"},\"thumbnailUrl\":\"https:\\\/\\\/iwell-guard.com\\\/wp-content\\\/uploads\\\/2026\\\/04\\\/goetter_keltisch_lugh.webp\",\"inLanguage\":\"is\",\"description\":\"Lugh, keltneskur meistari allra lista: sigur yfir Balor, h\u00e1t\u00ed\u00f0in Lughnasadh og spor hans fr\u00e1 Tara til Lyon. Uppruni og merking \u00fatsk\u00fdr\u00f0.\"}]}<\/script>\n<!-- \/ Yoast SEO Premium plugin. -->","yoast_head_json":{"title":"Lugh \u2013 keltneskur gu\u00f0 lj\u00f3ss og lista","description":"Lugh, keltneskur meistari allra lista: sigur yfir Balor, h\u00e1t\u00ed\u00f0in Lughnasadh og spor hans fr\u00e1 Tara til Lyon. Uppruni og merking \u00fatsk\u00fdr\u00f0.","robots":{"index":"index","follow":"follow","max-snippet":"max-snippet:-1","max-image-preview":"max-image-preview:large","max-video-preview":"max-video-preview:-1"},"canonical":"https:\/\/iwell-guard.com\/is\/lugh\/","og_locale":"is_IS","og_type":"article","og_title":"Lugh","og_description":"Lugh, keltneskur meistari allra lista: sigur yfir Balor, h\u00e1t\u00ed\u00f0in Lughnasadh og spor hans fr\u00e1 Tara til Lyon. Uppruni og merking \u00fatsk\u00fdr\u00f0.","og_url":"https:\/\/iwell-guard.com\/is\/lugh\/","og_site_name":"iWell Guard","article_modified_time":"2026-09-05T14:20:36+00:00","og_image":[{"width":1024,"height":1536,"url":"https:\/\/iwell-guard.com\/wp-content\/uploads\/2026\/04\/goetter_keltisch_lugh.webp","type":"image\/webp"}],"twitter_card":"summary_large_image","schema":{"@context":"https:\/\/schema.org","@graph":[{"@type":"Article","@id":"https:\/\/iwell-guard.com\/is\/lugh\/#article","isPartOf":{"@id":"https:\/\/iwell-guard.com\/is\/lugh\/"},"author":{"name":"Ralf Ittermann","@id":"https:\/\/iwell-guard.com\/is\/#\/schema\/person\/ee2a27f1cac3406c7c6fb5820cb7349f"},"headline":"Lugh","datePublished":"2026-09-05T14:03:21+00:00","dateModified":"2026-09-05T14:20:36+00:00","mainEntityOfPage":{"@id":"https:\/\/iwell-guard.com\/is\/lugh\/"},"publisher":{"@id":"https:\/\/iwell-guard.com\/is\/#organization"},"image":{"@id":"https:\/\/iwell-guard.com\/is\/lugh\/#primaryimage"},"thumbnailUrl":"https:\/\/iwell-guard.com\/wp-content\/uploads\/2026\/04\/goetter_keltisch_lugh.webp","inLanguage":"is","description":"Lugh, keltneskur meistari allra lista: sigur yfir Balor, h\u00e1t\u00ed\u00f0in Lughnasadh og spor hans fr\u00e1 Tara til Lyon. Uppruni og merking \u00fatsk\u00fdr\u00f0."},{"@type":"WebPage","@id":"https:\/\/iwell-guard.com\/is\/lugh\/","url":"https:\/\/iwell-guard.com\/is\/lugh\/","name":"Lugh \u2013 keltneskur gu\u00f0 lj\u00f3ss og lista","isPartOf":{"@id":"https:\/\/iwell-guard.com\/is\/#website"},"primaryImageOfPage":{"@id":"https:\/\/iwell-guard.com\/is\/lugh\/#primaryimage"},"image":{"@id":"https:\/\/iwell-guard.com\/is\/lugh\/#primaryimage"},"thumbnailUrl":"https:\/\/iwell-guard.com\/wp-content\/uploads\/2026\/04\/goetter_keltisch_lugh.webp","datePublished":"2026-09-05T14:03:21+00:00","dateModified":"2026-09-05T14:20:36+00:00","description":"Lugh, keltneskur meistari allra lista: sigur yfir Balor, h\u00e1t\u00ed\u00f0in Lughnasadh og spor hans fr\u00e1 Tara til Lyon. Uppruni og merking \u00fatsk\u00fdr\u00f0.","breadcrumb":{"@id":"https:\/\/iwell-guard.com\/is\/lugh\/#breadcrumb"},"inLanguage":"is","potentialAction":[{"@type":"ReadAction","target":["https:\/\/iwell-guard.com\/is\/lugh\/"]}]},{"@type":"ImageObject","inLanguage":"is","@id":"https:\/\/iwell-guard.com\/is\/lugh\/#primaryimage","url":"https:\/\/iwell-guard.com\/wp-content\/uploads\/2026\/04\/goetter_keltisch_lugh.webp","contentUrl":"https:\/\/iwell-guard.com\/wp-content\/uploads\/2026\/04\/goetter_keltisch_lugh.webp","width":1024,"height":1536,"caption":"Gu\u00f0ir \u00far keltneskri hef\u00f0."},{"@type":"BreadcrumbList","@id":"https:\/\/iwell-guard.com\/is\/lugh\/#breadcrumb","itemListElement":[{"@type":"ListItem","position":1,"name":"Start","item":"https:\/\/iwell-guard.com\/is\/?page_id=168580"},{"@type":"ListItem","position":2,"name":"Lugh"}]},{"@type":"WebSite","@id":"https:\/\/iwell-guard.com\/is\/#website","url":"https:\/\/iwell-guard.com\/is\/","name":"iWell Guard","description":"Schutz vor dunklen Einfl\u00fcssen","publisher":{"@id":"https:\/\/iwell-guard.com\/is\/#organization"},"potentialAction":[{"@type":"SearchAction","target":{"@type":"EntryPoint","urlTemplate":"https:\/\/iwell-guard.com\/is\/?s={search_term_string}"},"query-input":{"@type":"PropertyValueSpecification","valueRequired":true,"valueName":"search_term_string"}}],"inLanguage":"is"},{"@type":"Organization","@id":"https:\/\/iwell-guard.com\/is\/#organization","name":"Ittermann electronic GmbH","url":"https:\/\/iwell-guard.com\/is\/","logo":{"@type":"ImageObject","inLanguage":"is","@id":"https:\/\/iwell-guard.com\/is\/#\/schema\/logo\/image\/","url":"https:\/\/iwell-guard.com\/wp-content\/uploads\/2026\/05\/Ittermann-Logo-1182x237-1.png","contentUrl":"https:\/\/iwell-guard.com\/wp-content\/uploads\/2026\/05\/Ittermann-Logo-1182x237-1.png","width":1182,"height":237,"caption":"Ittermann electronic GmbH"},"image":{"@id":"https:\/\/iwell-guard.com\/is\/#\/schema\/logo\/image\/"},"sameAs":["https:\/\/pantip.com\/profile\/9367242","https:\/\/micro.blog\/iwellguard","https:\/\/www.diggerslist.com\/iwellguard\/about","https:\/\/skitterphoto.com\/photographers\/2870314\/iwell-guard","https:\/\/iwellguard.wordpress.com\/2026\/06\/06\/iwell-guard\/","https:\/\/hub.docker.com\/u\/iwellguard","https:\/\/www.pinterest.com\/iwellguard\/","https:\/\/bit.ly\/m\/iwellguard","https:\/\/entre-vos-mains.alsace.eu\/profiles\/iwellguard\/activity","https:\/\/gravatar.com\/reallybeded8fd34","https:\/\/naijamatta.com\/iwellguard","https:\/\/www.goodreads.com\/iwellguard","https:\/\/profile.hatena.ne.jp\/iwellguard\/","https:\/\/experiment.com\/users\/iwellguard","https:\/\/wakelet.com\/@iWellGuard82270","https:\/\/www.chordie.com\/forum\/profile.php?id=2555664","https:\/\/www.instapaper.com\/p\/17757966","https:\/\/www.mapleprimes.com\/users\/iwellguard","https:\/\/businesslistingplus.com\/profile\/iwell-guard\/","https:\/\/telegra.ph\/iWell-Guard-06-06","https:\/\/pbase.com\/iwellguard\/iwellguard","https:\/\/b.hatena.ne.jp\/iwellguard\/20260607#bookmark-4788405196491818882","https:\/\/fliphtml5.com\/home\/iwellguard","https:\/\/anyflip.com\/homepage\/cmiwl#About","https:\/\/transfur.com\/Users\/iwellguard","http:\/\/delphi.larsbo.org\/user\/iwellguard","https:\/\/jobs.lajobsportal.org\/profiles\/8380803-iwell-guard","https:\/\/md.chaosdorf.de\/s\/jfbe5SBdJD","https:\/\/www.lingvolive.com\/en-us\/profile\/9ecaeaca-ce11-4e51-9e71-01d55e2bff36\/translations","https:\/\/www.fitday.com\/fitness\/forums\/members\/iwellguard.html","https:\/\/www.mymeetbook.com\/iwellguard","https:\/\/pxhere.com\/en\/photographer-me\/5040798","https:\/\/disqus.com\/by\/iwellguard\/about\/","https:\/\/pastelink.net\/hjwciqwq","https:\/\/pubhtml5.com\/homepage\/scjhn\/","https:\/\/www.bitchute.com\/channel\/2O2eOKzNqujT","https:\/\/audiomack.com\/iwellguard"]},{"@type":"Person","@id":"https:\/\/iwell-guard.com\/is\/#\/schema\/person\/ee2a27f1cac3406c7c6fb5820cb7349f","name":"Ralf Ittermann","image":{"@type":"ImageObject","inLanguage":"is","@id":"https:\/\/secure.gravatar.com\/avatar\/073c0153e350a5005b68eb752b445fea71f6b24a26da9449ad7e155e6b446c9d?s=96&d=mm&r=g","url":"https:\/\/secure.gravatar.com\/avatar\/073c0153e350a5005b68eb752b445fea71f6b24a26da9449ad7e155e6b446c9d?s=96&d=mm&r=g","contentUrl":"https:\/\/secure.gravatar.com\/avatar\/073c0153e350a5005b68eb752b445fea71f6b24a26da9449ad7e155e6b446c9d?s=96&d=mm&r=g","caption":"Ralf Ittermann"},"givenName":"Ralf","familyName":"Ittermann","jobTitle":"Gesch\u00e4ftsf\u00fchrer und redaktioneller Verantwortlicher","url":"https:\/\/iwell-guard.com\/is\/author\/claude\/","description":"Ralf Ittermann ist Gesch\u00e4ftsf\u00fchrer der Ittermann electronic GmbH und redaktioneller Verantwortlicher des iWell-Guard-Lexikons. Er verbindet langj\u00e4hrige Erfahrung in der Pr\u00e4zisionsfertigung mit medialer Praxis und religionsgeschichtlicher Quellenarbeit.","worksFor":{"@type":"Organization","name":"Ittermann electronic GmbH","url":"https:\/\/ittermann.de\/","address":{"@type":"PostalAddress","streetAddress":"K\u00f6hlergasse 16-18","postalCode":"99842","addressLocality":"Ruhla","addressCountry":"DE"}},"knowsAbout":["Religionsgeschichte","Mythologie","Mediale Praxis","Energetische Diagnostik","Schutzpraxis","Volksglauben","Westliche Esoterik"]},{"@type":"Article","@id":"https:\/\/iwell-guard.com\/is\/lugh\/#article","isPartOf":{"@id":"https:\/\/iwell-guard.com\/is\/lugh\/"},"author":{"name":"Ralf Ittermann","@id":"https:\/\/iwell-guard.com\/is\/#\/schema\/person\/ee2a27f1cac3406c7c6fb5820cb7349f"},"headline":"Lugh","datePublished":"2026-09-05T14:03:21+00:00","dateModified":"2026-09-05T14:20:36+00:00","mainEntityOfPage":{"@id":"https:\/\/iwell-guard.com\/is\/lugh\/"},"publisher":{"@id":"https:\/\/iwell-guard.com\/is\/#organization"},"image":{"@id":"https:\/\/iwell-guard.com\/is\/lugh\/#primaryimage"},"thumbnailUrl":"https:\/\/iwell-guard.com\/wp-content\/uploads\/2026\/04\/goetter_keltisch_lugh.webp","inLanguage":"is","description":"Lugh, keltneskur meistari allra lista: sigur yfir Balor, h\u00e1t\u00ed\u00f0in Lughnasadh og spor hans fr\u00e1 Tara til Lyon. Uppruni og merking \u00fatsk\u00fdr\u00f0."}]}},"_links":{"self":[{"href":"https:\/\/iwell-guard.com\/is\/wp-json\/wp\/v2\/pages\/168832","targetHints":{"allow":["GET"]}}],"collection":[{"href":"https:\/\/iwell-guard.com\/is\/wp-json\/wp\/v2\/pages"}],"about":[{"href":"https:\/\/iwell-guard.com\/is\/wp-json\/wp\/v2\/types\/page"}],"author":[{"embeddable":true,"href":"https:\/\/iwell-guard.com\/is\/wp-json\/wp\/v2\/users\/3"}],"replies":[{"embeddable":true,"href":"https:\/\/iwell-guard.com\/is\/wp-json\/wp\/v2\/comments?post=168832"}],"version-history":[{"count":0,"href":"https:\/\/iwell-guard.com\/is\/wp-json\/wp\/v2\/pages\/168832\/revisions"}],"wp:featuredmedia":[{"embeddable":true,"href":"https:\/\/iwell-guard.com\/is\/wp-json\/wp\/v2\/media\/1616"}],"wp:attachment":[{"href":"https:\/\/iwell-guard.com\/is\/wp-json\/wp\/v2\/media?parent=168832"}],"wp:term":[{"taxonomy":"category","embeddable":true,"href":"https:\/\/iwell-guard.com\/is\/wp-json\/wp\/v2\/categories?post=168832"}],"curies":[{"name":"wp","href":"https:\/\/api.w.org\/{rel}","templated":true}]}}