{"id":168830,"date":"2026-09-05T14:03:20","date_gmt":"2026-09-05T14:03:20","guid":{"rendered":"https:\/\/iwell-guard.com\/?page_id=168830"},"modified":"2026-09-05T14:20:36","modified_gmt":"2026-09-05T14:20:36","slug":"cernunnos","status":"publish","type":"page","link":"https:\/\/iwell-guard.com\/is\/cernunnos\/","title":{"rendered":"Cernunnos"},"content":{"rendered":"\t\t<div data-elementor-type=\"wp-page\" data-elementor-id=\"168830\" class=\"elementor elementor-168830 elementor-2124\" data-elementor-post-type=\"page\">\n\t\t\t\t<div class=\"elementor-element elementor-element-10fdade e-flex e-con-boxed e-con e-parent\" data-id=\"10fdade\" data-element_type=\"container\" data-e-type=\"container\" data-settings=\"{&quot;background_background&quot;:&quot;classic&quot;}\">\n\t\t\t\t\t<div class=\"e-con-inner\">\n\t\t<div class=\"elementor-element elementor-element-herohlft0 e-flex e-con-boxed e-con e-child\" data-id=\"herohlft0\" data-element_type=\"container\" data-e-type=\"container\">\n\t\t\t\t\t<div class=\"e-con-inner\">\n\t\t<div class=\"elementor-element elementor-element-c3ceb64 e-con-full e-flex e-con e-child\" data-id=\"c3ceb64\" data-element_type=\"container\" data-e-type=\"container\">\n\t\t\t\t<div class=\"elementor-element elementor-element-96ae5e1 elementor-widget elementor-widget-heading\" data-id=\"96ae5e1\" data-element_type=\"widget\" data-e-type=\"widget\" data-widget_type=\"heading.default\">\n\t\t\t\t\t<h1 class=\"elementor-heading-title elementor-size-default\">Cernunnos, gu\u00f0 \u00far keltneskri hef\u00f0<\/h1>\t\t\t\t<\/div>\n\t\t\t\t<div class=\"elementor-element elementor-element-e45238a elementor-widget elementor-widget-text-editor\" data-id=\"e45238a\" data-element_type=\"widget\" data-e-type=\"widget\" data-widget_type=\"text-editor.default\">\n\t\t\t\t\t\t\t\t\t<p>Cernunnos er gu\u00f0 \u00far keltneskri hef\u00f0 sem tengist \u00f3bygg\u00f0um, d\u00fdrum, au\u00f0leg\u00f0 og frj\u00f3semi. Tr\u00faars\u00f6gulega s\u00e9\u00f0 er hann sjaldg\u00e6ft d\u00e6mi um samfellda myndhef\u00f0 \u00e1 myntum, listaverkum og \u00e1letrunum, sem sta\u00f0festir tegund \u201eherra d\u00fdranna\u201c innan ind\u00f3evr\u00f3pskra menningarheima.<\/p>\t\t\t\t\t\t\t\t<\/div>\n\t\t\t\t<\/div>\n\t\t<div class=\"elementor-element elementor-element-klsbdg01 e-con-full e-flex e-con e-child\" data-id=\"klsbdg01\" data-element_type=\"container\" data-e-type=\"container\">\n\t\t\t\t<div class=\"elementor-element elementor-element-klshtm01 elementor-widget elementor-widget-html\" data-id=\"klshtm01\" data-element_type=\"widget\" data-e-type=\"widget\" data-widget_type=\"html.default\">\n\t\t\t\t\t<div class=\"iwg-pill-row\"><span class=\"iwg-klasse-badge\" tabindex=\"0\" data-tooltip=\"Gu\u00f0 \/ gy\u00f0ja: Pers\u00f3nuger\u00f0 \u00e6\u00f0sta valdi\u00f0 \u00ed go\u00f0aheimi menningar, me\u00f0 sk\u00fdrar \u00e1byrg\u00f0arsvi\u00f0, n\u00e1tt\u00faru\u00f6fl, \u00f6rl\u00f6g, str\u00ed\u00f0, frj\u00f3semi. D\u00fdrku\u00f0 me\u00f0 tr\u00faari\u00f0kun, f\u00f3rnum og hofastofnunum.\">Gu\u00f0<\/span><a href=\"https:\/\/iwell-guard.com\/is\/?page_id=168615\" class=\"iwg-kultur-badge\" tabindex=\"0\" data-tooltip=\"Keltnesk tr\u00faarbr\u00f6g\u00f0 Vestur-Evr\u00f3pu og Bretlandseyja, var\u00f0veitt go\u00f0afr\u00e6\u00f0ilega \u00ed \u00edrskum og velskum textum.\">Keltneskt<\/a><\/div>\t\t\t\t<\/div>\n\t\t\t\t<\/div>\n\t\t<div class=\"elementor-element elementor-element-3f74855 e-con-full e-flex e-con e-child\" data-id=\"3f74855\" data-element_type=\"container\" data-e-type=\"container\">\n\t\t\t\t<div class=\"elementor-element elementor-element-1c30362 elementor-toc--minimized-on-tablet elementor-widget elementor-widget-table-of-contents\" data-id=\"1c30362\" data-element_type=\"widget\" data-e-type=\"widget\" data-settings=\"{&quot;exclude_headings_by_selector&quot;:[],&quot;no_headings_message&quot;:&quot;Engar undirfyrirsagnir fundust \\u00e1 \\u00feessari s\\u00ed\\u00f0u.&quot;,&quot;headings_by_tags&quot;:[&quot;h2&quot;,&quot;h3&quot;],&quot;marker_view&quot;:&quot;bullets&quot;,&quot;icon&quot;:{&quot;value&quot;:&quot;fas fa-circle&quot;,&quot;library&quot;:&quot;fa-solid&quot;,&quot;rendered_tag&quot;:&quot;&lt;svg class=\\&quot;e-font-icon-svg e-fas-circle\\&quot; viewBox=\\&quot;0 0 512 512\\&quot; xmlns=\\&quot;http:\\\/\\\/www.w3.org\\\/2000\\\/svg\\&quot;&gt;&lt;path d=\\&quot;M256 8C119 8 8 119 8 256s111 248 248 248 248-111 248-248S393 8 256 8z\\&quot;&gt;&lt;\\\/path&gt;&lt;\\\/svg&gt;&quot;},&quot;minimize_box&quot;:&quot;yes&quot;,&quot;minimized_on&quot;:&quot;tablet&quot;,&quot;hierarchical_view&quot;:&quot;yes&quot;,&quot;min_height&quot;:{&quot;unit&quot;:&quot;px&quot;,&quot;size&quot;:&quot;&quot;,&quot;sizes&quot;:[]},&quot;min_height_tablet&quot;:{&quot;unit&quot;:&quot;px&quot;,&quot;size&quot;:&quot;&quot;,&quot;sizes&quot;:[]},&quot;min_height_mobile&quot;:{&quot;unit&quot;:&quot;px&quot;,&quot;size&quot;:&quot;&quot;,&quot;sizes&quot;:[]}}\" data-widget_type=\"table-of-contents.default\">\n\t\t\t\t\t\t\t\t\t<div class=\"elementor-toc__header\">\n\t\t\t\t\t\t<h2 class=\"elementor-toc__header-title\">\n\t\t\t\tEfnisyfirlit\t\t\t<\/h2>\n\t\t\t\t\t\t\t\t\t\t<div class=\"elementor-toc__toggle-button elementor-toc__toggle-button--expand\" role=\"button\" tabindex=\"0\" aria-controls=\"elementor-toc__1c30362\" aria-expanded=\"true\" aria-label=\"Open table of contents\"><svg aria-hidden=\"true\" class=\"e-font-icon-svg e-fas-chevron-down\" viewBox=\"0 0 448 512\" xmlns=\"http:\/\/www.w3.org\/2000\/svg\"><path d=\"M207.029 381.476L12.686 187.132c-9.373-9.373-9.373-24.569 0-33.941l22.667-22.667c9.357-9.357 24.522-9.375 33.901-.04L224 284.505l154.745-154.021c9.379-9.335 24.544-9.317 33.901.04l22.667 22.667c9.373 9.373 9.373 24.569 0 33.941L240.971 381.476c-9.373 9.372-24.569 9.372-33.942 0z\"><\/path><\/svg><\/div>\n\t\t\t\t<div class=\"elementor-toc__toggle-button elementor-toc__toggle-button--collapse\" role=\"button\" tabindex=\"0\" aria-controls=\"elementor-toc__1c30362\" aria-expanded=\"true\" aria-label=\"Close table of contents\"><svg aria-hidden=\"true\" class=\"e-font-icon-svg e-fas-chevron-up\" viewBox=\"0 0 448 512\" xmlns=\"http:\/\/www.w3.org\/2000\/svg\"><path d=\"M240.971 130.524l194.343 194.343c9.373 9.373 9.373 24.569 0 33.941l-22.667 22.667c-9.357 9.357-24.522 9.375-33.901.04L224 227.495 69.255 381.516c-9.379 9.335-24.544 9.317-33.901-.04l-22.667-22.667c-9.373-9.373-9.373-24.569 0-33.941L207.03 130.525c9.372-9.373 24.568-9.373 33.941-.001z\"><\/path><\/svg><\/div>\n\t\t\t\t\t<\/div>\n\t\t\t\t<div id=\"elementor-toc__1c30362\" class=\"elementor-toc__body\">\n\t\t\t<div class=\"elementor-toc__spinner-container\">\n\t\t\t\t<svg class=\"elementor-toc__spinner eicon-animation-spin e-font-icon-svg e-eicon-loading\" aria-hidden=\"true\" viewBox=\"0 0 1000 1000\" xmlns=\"http:\/\/www.w3.org\/2000\/svg\"><path d=\"M500 975V858C696 858 858 696 858 500S696 142 500 142 142 304 142 500H25C25 237 238 25 500 25S975 237 975 500 763 975 500 975Z\"><\/path><\/svg>\t\t\t<\/div>\n\t\t<\/div>\n\t\t\t\t\t\t<\/div>\n\t\t\t\t<\/div>\n\t\t\t\t\t<\/div>\n\t\t\t\t<\/div>\n\t\t<div class=\"elementor-element elementor-element-herorght0 e-con-full e-flex e-con e-child\" data-id=\"herorght0\" data-element_type=\"container\" data-e-type=\"container\">\n\t\t\t\t<div class=\"elementor-element elementor-element-heroimg00 iwg-hero-image elementor-widget elementor-widget-image\" data-id=\"heroimg00\" data-element_type=\"widget\" data-e-type=\"widget\" data-widget_type=\"image.default\">\n\t\t\t\t\t\t\t\t\t\t\t\t\t\t\t<img fetchpriority=\"high\" decoding=\"async\" width=\"683\" height=\"1024\" src=\"https:\/\/iwell-guard.com\/wp-content\/uploads\/2026\/04\/goetter_keltisch_cernunnos-683x1024.webp\" class=\"attachment-large size-large wp-image-171086\" alt=\"Cernunnos - Gu\u00f0ir \u00far keltneskri hef\u00f0, s\u00f6gulega myndskreytt\" srcset=\"https:\/\/iwell-guard.com\/wp-content\/uploads\/2026\/04\/goetter_keltisch_cernunnos-683x1024.webp 683w, https:\/\/iwell-guard.com\/wp-content\/uploads\/2026\/04\/goetter_keltisch_cernunnos-200x300.webp 200w, https:\/\/iwell-guard.com\/wp-content\/uploads\/2026\/04\/goetter_keltisch_cernunnos-768x1152.webp 768w, https:\/\/iwell-guard.com\/wp-content\/uploads\/2026\/04\/goetter_keltisch_cernunnos.webp 1024w\" sizes=\"(max-width: 683px) 100vw, 683px\" \/>\t\t\t\t\t\t\t\t\t\t\t\t\t\t\t<\/div>\n\t\t\t\t<\/div>\n\t\t\t\t\t<\/div>\n\t\t\t\t<\/div>\n\t\t<div class=\"elementor-element elementor-element-32917199 e-flex e-con-boxed e-con e-parent\" data-id=\"32917199\" data-element_type=\"container\" data-e-type=\"container\">\n\t\t\t\t\t<div class=\"e-con-inner\">\n\t\t<div class=\"elementor-element elementor-element-26e916cb e-flex e-con-boxed e-con e-child\" data-id=\"26e916cb\" data-element_type=\"container\" data-e-type=\"container\">\n\t\t\t\t\t<div class=\"e-con-inner\">\n\t\t<div class=\"elementor-element elementor-element-253a40d4 e-flex e-con-boxed e-con e-child\" data-id=\"253a40d4\" data-element_type=\"container\" data-e-type=\"container\">\n\t\t\t\t\t<div class=\"e-con-inner\">\n\t\t\t\t<div class=\"elementor-element elementor-element-1200c304 elementor-widget elementor-widget-heading\" data-id=\"1200c304\" data-element_type=\"widget\" data-e-type=\"widget\" data-widget_type=\"heading.default\">\n\t\t\t\t\t<h2 class=\"elementor-heading-title elementor-size-default\">Cernunnos<\/h2>\t\t\t\t<\/div>\n\t\t\t\t<div class=\"elementor-element elementor-element-11758e7f elementor-widget elementor-widget-text-editor\" data-id=\"11758e7f\" data-element_type=\"widget\" data-e-type=\"widget\" data-widget_type=\"text-editor.default\">\n\t\t\t\t\t\t\t\t\t<p>Cernunnos er herra villid\u00fdranna og sk\u00f3garins, s\u00fdndur me\u00f0 hjartarhornum e\u00f0a hornum, oft umkringdur d\u00fdrum e\u00f0a \u00ed sitjandi stellingu. Hlutverk hans n\u00e6r yfir yfirr\u00e1\u00f0 yfir vei\u00f0id\u00fdrum og umhyggju fyrir au\u00f0leg\u00f0 og vels\u00e6ld.<\/p><p>\u00cd keltneskum go\u00f0s\u00f6gnum kemur hann fram sem gu\u00f0 l\u00edfsau\u00f0leg\u00f0ar og umbreytingar. Nafn hans er a\u00f0eins sta\u00f0fest \u00ed einni <span class=\"iwg-fachbegriff\" data-tooltip=\"Texti sem greyptur e\u00f0a h\u00f6ggvinn er \u00ed fastan efnivi\u00f0.\" tabindex=\"0\">\u00e1letrun<\/span> fr\u00e1 Gundestrup-k\u00f6tlinum, myndr\u00e6nni framsetningu \u00e1 \u00feessu fr\u00e6ga listaverki.<\/p>\t\t\t\t\t\t\t\t<\/div>\n\t\t\t\t\t<\/div>\n\t\t\t\t<\/div>\n\t\t<div class=\"elementor-element elementor-element-159dcf9a e-flex e-con-boxed e-con e-child\" data-id=\"159dcf9a\" data-element_type=\"container\" data-e-type=\"container\">\n\t\t\t\t\t<div class=\"e-con-inner\">\n\t\t\t\t<div class=\"elementor-element elementor-element-48cee66f elementor-widget elementor-widget-heading\" data-id=\"48cee66f\" data-element_type=\"widget\" data-e-type=\"widget\" data-widget_type=\"heading.default\">\n\t\t\t\t\t<h2 class=\"elementor-heading-title elementor-size-default\">\u00cd hnotskurn: Cernunnos<\/h2>\t\t\t\t<\/div>\n\t\t\t\t<div class=\"elementor-element elementor-element-3f50d82c elementor-widget elementor-widget-text-editor\" data-id=\"3f50d82c\" data-element_type=\"widget\" data-e-type=\"widget\" data-widget_type=\"text-editor.default\">\n\t\t\t\t\t\t\t\t\t<p>Heimildir koma \u00far fornleifafundum, s\u00e9rstaklega Gundestrup-katlinum (1.-2. \u00f6ld e.Kr.), keltneskum myntser\u00edum me\u00f0 horna\u00f0ar f\u00edg\u00farur, og r\u00f3mverskum ritheimildum eins og Caesar og Plinius, sem nefna keltneskar gu\u00f0ir. B\u00f3kmenntaleg <span class=\"iwg-fachbegriff\" data-tooltip=\"Mi\u00f0lun \u00feekkingar og fr\u00e1sagna kynsl\u00f3\u00f0 eftir kynsl\u00f3\u00f0.\" tabindex=\"0\">munnm\u00e6lahef\u00f0<\/span> er brotakennd. N\u00fat\u00edmaranns\u00f3knir (Mac Cana, Maier, Green) leitast vi\u00f0 a\u00f0 tengja fornleifafr\u00e6\u00f0ilegar myndir vi\u00f0 b\u00f3kmenntalegar endurger\u00f0ir.<\/p>\t\t\t\t\t\t\t\t<\/div>\n\t\t\t\t\t<\/div>\n\t\t\t\t<\/div>\n\t\t\t\t\t<\/div>\n\t\t\t\t<\/div>\n\t\t\t\t\t<\/div>\n\t\t\t\t<\/div>\n\t\t<div class=\"elementor-element elementor-element-18613602 e-flex e-con-boxed e-con e-parent\" data-id=\"18613602\" data-element_type=\"container\" data-e-type=\"container\">\n\t\t\t\t\t<div class=\"e-con-inner\">\n\t\t\t\t<div class=\"elementor-element elementor-element-262b8a9f elementor-widget elementor-widget-heading\" data-id=\"262b8a9f\" data-element_type=\"widget\" data-e-type=\"widget\" data-widget_type=\"heading.default\">\n\t\t\t\t\t<h2 class=\"elementor-heading-title elementor-size-default\">Samhengi<\/h2>\t\t\t\t<\/div>\n\t\t<div class=\"elementor-element elementor-element-46dcb7d e-con-full e-flex e-con e-child\" data-id=\"46dcb7d\" data-element_type=\"container\" data-e-type=\"container\">\n\t\t<div class=\"elementor-element elementor-element-61d3ab3 e-flex e-con-boxed e-con e-child\" data-id=\"61d3ab3\" data-element_type=\"container\" data-e-type=\"container\">\n\t\t\t\t\t<div class=\"e-con-inner\">\n\t\t\t\t<div class=\"elementor-element elementor-element-117c166 elementor-widget elementor-widget-heading\" data-id=\"117c166\" data-element_type=\"widget\" data-e-type=\"widget\" data-widget_type=\"heading.default\">\n\t\t\t\t\t<h3 class=\"elementor-heading-title elementor-size-default\">T\u00edmabil textanna<\/h3>\t\t\t\t<\/div>\n\t\t\t\t<div class=\"elementor-element elementor-element-73997a0 elementor-widget elementor-widget-text-editor\" data-id=\"73997a0\" data-element_type=\"widget\" data-e-type=\"widget\" data-widget_type=\"text-editor.default\">\n\t\t\t\t\t\t\t\t\t<p>Horna\u00f0ar f\u00edg\u00farur koma fram fr\u00e1 hellamyndinni \u00ed Val Camonica, \u00ed gegnum Gundestrup-katlinn fr\u00e1 2. e\u00f0a 1. \u00f6ld f.Kr., og allt til gallo-r\u00f3mverskra steinminnisvar\u00f0a keisarat\u00edmans, myndhef\u00f0 sem rekja m\u00e1 yfir l\u00f6ng t\u00edmabil. Me\u00f0 kristnit\u00f6ku Galliu lei\u00f0 d\u00fdrkunin undir lok; nafni\u00f0 Cernunnos var\u00f0veittist a\u00f0eins me\u00f0 \u00e1letruninni \u00e1 Par\u00edsar-st\u00f3lpanum. \u00cd samt\u00edmanum taka n\u00fdhei\u00f0nir h\u00f3par, s\u00e9rstaklega innan Wicca-hreyfingarinnar, upp mynd hins horna\u00f0a gu\u00f0s \u00e1 n\u00fd, en \u00e1n samfellda erf\u00f0ake\u00f0ju fr\u00e1 hinni fornu d\u00fdrkun.<\/p><h3>Go\u00f0afr\u00e6\u00f0ileg sta\u00f0setning<\/h3><p>Cernunnos er keltneskur gu\u00f0 \u00f3bygg\u00f0a, sk\u00f3gar og d\u00fdrar\u00edkis. Hann er oft s\u00fdndur horna\u00f0ur e\u00f0a me\u00f0 hjartarhorn. \u00de\u00f3tt rita\u00f0ar heimildir s\u00e9u f\u00e1ar er hann skilinn sem frumger\u00f0 n\u00e1tt\u00farulegrar villimennsku. Hlutverk hans var a\u00f0 r\u00edkja yfir villid\u00fdrum.<\/p>\t\t\t\t\t\t\t\t<\/div>\n\t\t\t\t\t<\/div>\n\t\t\t\t<\/div>\n\t\t<div class=\"elementor-element elementor-element-d47b156 e-flex e-con-boxed e-con e-child\" data-id=\"d47b156\" data-element_type=\"container\" data-e-type=\"container\">\n\t\t\t\t\t<div class=\"e-con-inner\">\n\t\t\t\t<div class=\"elementor-element elementor-element-ff38c2b elementor-widget elementor-widget-heading\" data-id=\"ff38c2b\" data-element_type=\"widget\" data-e-type=\"widget\" data-widget_type=\"heading.default\">\n\t\t\t\t\t<h3 class=\"elementor-heading-title elementor-size-default\">\u00datbrei\u00f0slusv\u00e6\u00f0i<\/h3>\t\t\t\t<\/div>\n\t\t\t\t<div class=\"elementor-element elementor-element-4e49fcc elementor-widget elementor-widget-text-editor\" data-id=\"4e49fcc\" data-element_type=\"widget\" data-e-type=\"widget\" data-widget_type=\"text-editor.default\">\n\t\t\t\t\t\t\t\t\t<p>Cernunnos var ekki bundinn vi\u00f0 \u00e1kve\u00f0i\u00f0 sv\u00e6\u00f0i e\u00f0a sta\u00f0setningu, heldur var hann \u00feekktur og d\u00fdrka\u00f0ur e\u00f0a virtur me\u00f0 \u00f3tta um allan keltneska heiminn. Hvort sem \u00fea\u00f0 var \u00ed st\u00f3rum borgarkj\u00f6rnum e\u00f0a \u00e1 ja\u00f0arsv\u00e6\u00f0um \u00ed dreifb\u00fdli, hj\u00e1 samf\u00e9lagslegri el\u00edtu e\u00f0a me\u00f0al almennings, var andleg e\u00f0a menningarleg \u00fe\u00fd\u00f0ing \u00feessarar v\u00e6ttar samfellt vi\u00f0urkennd og algild.<\/p><p>A\u00f0 starfsst\u00e9ttarf\u00e9lag eins og b\u00e1tasmi\u00f0ir Par\u00edsar hafi sett hinn horna\u00f0a gu\u00f0 \u00e1 v\u00edgslust\u00f3lpa sinn vi\u00f0 hli\u00f0 r\u00f3mverskra gu\u00f0a s\u00fdnir st\u00f6\u00f0u hans \u00ed tr\u00faarlegu samhengi gallo-r\u00f3mverskra \u00edb\u00faa. Myndir af \u00feessari tegund finnast fr\u00e1 Nor\u00f0ur-\u00cdtal\u00edu, um Gall\u00edu, allt til Danmerkur, \u00feanga\u00f0 sem Gundestrup-ketillinn barst a\u00f0 \u00f6llum l\u00edkindum sem verslunarvara e\u00f0a herfang. Hin v\u00ed\u00f0t\u00e6ka \u00fatbrei\u00f0sla myndheimilda bendir til samskipta milli keltneskra sv\u00e6\u00f0a, \u00fear sem myndskema hins sitjandi gu\u00f0s me\u00f0 hornum h\u00e9lst a\u00f0 mestu samhlj\u00f3\u00f0a.<\/p>\t\t\t\t\t\t\t\t<\/div>\n\t\t\t\t\t<\/div>\n\t\t\t\t<\/div>\n\t\t\t\t<\/div>\n\t\t<div class=\"elementor-element elementor-element-db03c39 e-con-full e-flex e-con e-child\" data-id=\"db03c39\" data-element_type=\"container\" data-e-type=\"container\">\n\t\t<div class=\"elementor-element elementor-element-229a87b e-flex e-con-boxed e-con e-child\" data-id=\"229a87b\" data-element_type=\"container\" data-e-type=\"container\">\n\t\t\t\t\t<div class=\"e-con-inner\">\n\t\t\t\t<div class=\"elementor-element elementor-element-1f471fc elementor-widget elementor-widget-heading\" data-id=\"1f471fc\" data-element_type=\"widget\" data-e-type=\"widget\" data-widget_type=\"heading.default\">\n\t\t\t\t\t<h3 class=\"elementor-heading-title elementor-size-default\">Heimildasta\u00f0a<\/h3>\t\t\t\t<\/div>\n\t\t\t\t<div class=\"elementor-element elementor-element-36b1201 elementor-widget elementor-widget-text-editor\" data-id=\"36b1201\" data-element_type=\"widget\" data-e-type=\"widget\" data-widget_type=\"text-editor.default\">\n\t\t\t\t\t\t\t\t\t<p>Frumheimildir: Gundestrup-ketillinn (su\u00f0urgall\u00edsk-sk\u00fd\u00fe\u00edsk, 1.-2. \u00f6ld e.Kr.), myntser\u00edur me\u00f0 horna\u00f0a gu\u00f0i fr\u00e1 Belg\u00edu og Gall\u00edu, r\u00f3mverskir sagnfr\u00e6\u00f0ingar (Caesar: De bello gallico; Plinius: Naturalis historia).<\/p><p>T\u00edmabil: fornleifaheimildirnar spanna fr\u00e1 La T\u00e8ne-t\u00edmabilinu (500-50 f.Kr.) til r\u00f3mverska keisarat\u00edmans. Fr\u00e6\u00f0imenn eins og Proinsias Mac Cana (The Mabinogion), Bernhard Maier og Miranda Green (The Gods of the Celts) leitast vi\u00f0 a\u00f0 samr\u00e6ma myndm\u00e1l og <span class=\"iwg-fachbegriff\" data-tooltip=\"Hef\u00f0bundin fr\u00e1s\u00f6gn um gu\u00f0i, uppruna og skipan heimsins.\" tabindex=\"0\">go\u00f0s\u00f6gu<\/span>.<\/p>\t\t\t\t\t\t\t\t<\/div>\n\t\t\t\t\t<\/div>\n\t\t\t\t<\/div>\n\t\t\t\t<\/div>\n\t\t\t\t\t<\/div>\n\t\t\t\t<\/div>\n\t\t<div class=\"elementor-element elementor-element-3ae0637c e-flex e-con-boxed e-con e-parent\" data-id=\"3ae0637c\" data-element_type=\"container\" data-e-type=\"container\">\n\t\t\t\t\t<div class=\"e-con-inner\">\n\t\t\t\t<div class=\"elementor-element elementor-element-31d07739 elementor-widget elementor-widget-heading\" data-id=\"31d07739\" data-element_type=\"widget\" data-e-type=\"widget\" data-widget_type=\"heading.default\">\n\t\t\t\t\t<h2 class=\"elementor-heading-title elementor-size-default\">Nafn og afbrig\u00f0i<\/h2>\t\t\t\t<\/div>\n\t\t<div class=\"elementor-element elementor-element-b7642947 e-con-full e-flex e-con e-child\" data-id=\"b7642947\" data-element_type=\"container\" data-e-type=\"container\">\n\t\t\t\t<div class=\"elementor-element elementor-element-a086266 elementor-widget elementor-widget-text-editor\" data-id=\"a086266\" data-element_type=\"widget\" data-e-type=\"widget\" data-widget_type=\"text-editor.default\">\n\t\t\t\t\t\t\t\t\t<p>Cernunnos er \u00ed \u00fdmsum heimildum og listr\u00e6num hef\u00f0um s\u00fdndur me\u00f0 \u00e1kve\u00f0num endurteknum myndr\u00e6num \u00fe\u00e1ttum sem haldast tilt\u00f6lulega st\u00f6\u00f0ugir yfir \u00e1ratugi og mismunandi landsv\u00e6\u00f0i. \u00deessir \u00fe\u00e6ttir eru ekki einungis skreytandi e\u00f0a handah\u00f3fskenndir, heldur eru \u00feeir dj\u00fapt t\u00e1knr\u00e6nt k\u00f3\u00f0a\u00f0ir og bera mikla merkingu.<\/p><p>\u00cd tilfelli Cernunnos m\u00e1 lesa merkinguna n\u00e6r alfari\u00f0 \u00fat \u00far myndeinkennunum, \u00fev\u00ed rita\u00f0ar \u00fatsk\u00fdringar skortir. Hjartarhornin merkja hann sem herra d\u00fdranna, torques-h\u00e1lshringurinn stendur \u00ed keltnesku myndm\u00e1li fyrir tign og v\u00f6ld, og hr\u00fatsh\u00f6fu\u00f0-slangan \u00e1 Gundestrup-katlinum fylgir honum sem d\u00fdr me\u00f0 eigin merkingarhlutverk. \u00c1 sumum myndum hellir hann \u00far s\u00e9r myntum e\u00f0a korni, sem v\u00edsar til vels\u00e6ldar og gn\u00f3ttar. Sitjandi stellingin \u00ed krossl\u00f6g\u00f0um f\u00f3tum, umkringdur hj\u00f6rtum, nautum og \u00f6\u00f0rum d\u00fdrum, myndar heildst\u00e6tt myndm\u00e1l sem \u00e1horfendur me\u00f0 \u00feekkingu \u00e1 gall\u00edsku myndm\u00e1li g\u00e1tu lesi\u00f0 \u00e1n texta.<\/p>\t\t\t\t\t\t\t\t<\/div>\n\t\t\t\t<\/div>\n\t\t\t\t\t<\/div>\n\t\t\t\t<\/div>\n\t\t<div class=\"elementor-element elementor-element-709a44a8 e-flex e-con-boxed e-con e-parent\" data-id=\"709a44a8\" data-element_type=\"container\" data-e-type=\"container\">\n\t\t\t\t\t<div class=\"e-con-inner\">\n\t\t\t\t<div class=\"elementor-element elementor-element-2f585873 elementor-widget elementor-widget-heading\" data-id=\"2f585873\" data-element_type=\"widget\" data-e-type=\"widget\" data-widget_type=\"heading.default\">\n\t\t\t\t\t<h2 class=\"elementor-heading-title elementor-size-default\">L\u00fdsing<\/h2>\t\t\t\t<\/div>\n\t\t<div class=\"elementor-element elementor-element-70621c12 e-con-full e-flex e-con e-child\" data-id=\"70621c12\" data-element_type=\"container\" data-e-type=\"container\">\n\t\t\t\t<div class=\"elementor-element elementor-element-4296eb49 elementor-widget elementor-widget-text-editor\" data-id=\"4296eb49\" data-element_type=\"widget\" data-e-type=\"widget\" data-widget_type=\"text-editor.default\">\n\t\t\t\t\t\t\t\t\t<p>Cernunnos var mikilv\u00e6gur \u00ed tr\u00faarlegri i\u00f0kun, hversdagslegum ath\u00f6fnum og almennum skilningi hins Keltneska. F\u00f3lk leita\u00f0i til \u00feessarar v\u00e6ttar \u00e1 erfi\u00f0um stundum e\u00f0a \u00e1 tilteknum t\u00edmum l\u00edfsins, e\u00f0a \u00e1 \u00e1kve\u00f0num tr\u00faarlegum \u00e1rst\u00ed\u00f0um, me\u00f0 skipul\u00f6g\u00f0um, oft umfangsmiklum ath\u00f6fnum, b\u00e6num e\u00f0a f\u00f3rnargj\u00f6fum.<\/p><p>Um d\u00fdrkun Cernunnos vitna fyrst og fremst helgar myndir: S\u00falan fr\u00e1 Nautae Parisiaci var v\u00edg\u00f0 undir keisara T\u00edber\u00edusi af skipstj\u00f3raf\u00e9lagi Par\u00edsar, \u00feannig af skipul\u00f6g\u00f0u f\u00e9lagi sem l\u00e9t v\u00edgslu s\u00edna fylgja r\u00f3mverskum si\u00f0 me\u00f0 \u00e1letrun. Sl\u00edkar v\u00edgslur fylgdu f\u00f6stum formum gall\u00f3r\u00f3mverskrar tr\u00faari\u00f0kunar og voru ekki einkaframtak, \u00fe\u00f3tt f\u00e1ar rita\u00f0ar heimildir s\u00e9u til um athafnirnir sj\u00e1lfar.<\/p><p>Breiddin \u00ed \u00feessum vitnisbur\u00f0um, fr\u00e1 bergmyndinni \u00ed Val Camonica yfir Gundestrup-kerinu til s\u00falunnar \u00ed Par\u00eds fr\u00e1 t\u00edma T\u00edber\u00edusar, s\u00fdnir a\u00f0 hin hyrnda v\u00e6tt var \u00e1litin d\u00fdrkunarver\u00f0 um margar aldir. Hva\u00f0a \u00f3skir f\u00f3lk bar til hans m\u00e1 a\u00f0eins r\u00e1\u00f0a af myndunum: \u00fatkasta\u00f0ar myntir og \u00e1vextir \u00ed nokkrum myndverkum benda til \u00f3ska um \u00e1v\u00f6xt og afkomu, d\u00fdrin \u00ed kring benda til yfirr\u00e1\u00f0a yfir villibr\u00e1\u00f0 og hj\u00f6r\u00f0um, sem afkoma f\u00f3lks var h\u00e1\u00f0.<\/p><h3>\u00datlit og t\u00e1knm\u00e1l<\/h3><p>Cernunnos er t\u00e1knmyndalega s\u00fdndur me\u00f0 st\u00f3rum hjartarhornum, oft \u00ed j\u00f3gastellingu. Hann er vinur d\u00fdra, hirtir og sl\u00f6ngur umkringja hann. Sums sta\u00f0ar ber hann torc (keltneska h\u00e1lsringa). Sk\u00f3gurinn og d\u00fdrar\u00edki\u00f0 eru hans veldi.<\/p><p>Torc-hringurinn \u00ed hendi Cernunnos lei\u00f0ir beint inn \u00ed keltneska hugsun um verndargripi. Meira um h\u00e1lsringi, \u00fer\u00f6skuldsathafnir og trj\u00e1d\u00fdrkun \u00ed daglegu l\u00edfi m\u00e1 finna \u00ed greininni um <a href=\"https:\/\/ittermann.de\/keltische-schutztraditionen\/\">keltneskar verndarhef\u00f0ir<\/a> \u00e1 ittermann.de.<\/p>\t\t\t\t\t\t\t\t<\/div>\n\t\t\t\t<\/div>\n\t\t\t\t\t<\/div>\n\t\t\t\t<\/div>\n\t\t<div class=\"elementor-element elementor-element-44e71476 e-flex e-con-boxed e-con e-parent\" data-id=\"44e71476\" data-element_type=\"container\" data-e-type=\"container\">\n\t\t\t\t\t<div class=\"e-con-inner\">\n\t\t\t\t<div class=\"elementor-element elementor-element-3c1fc3f0 elementor-widget elementor-widget-heading\" data-id=\"3c1fc3f0\" data-element_type=\"widget\" data-e-type=\"widget\" data-widget_type=\"heading.default\">\n\t\t\t\t\t<h2 class=\"elementor-heading-title elementor-size-default\">Kynningarbla\u00f0: Cernunnos<\/h2>\t\t\t\t<\/div>\n\t\t<div class=\"elementor-element elementor-element-84f33b8e e-con-full e-flex e-con e-child\" data-id=\"84f33b8e\" data-element_type=\"container\" data-e-type=\"container\">\n\t\t\t\t<div class=\"elementor-element elementor-element-hqkdc67p elementor-widget elementor-widget-text-editor\" data-id=\"hqkdc67p\" data-element_type=\"widget\" data-e-type=\"widget\" data-widget_type=\"text-editor.default\">\n\t\t\t\t\t\t\t\t\t<p>Kynningarbla\u00f0i\u00f0 fjallar um Cernunnos \u00ed sex \u00fe\u00e1ttum: uppruna hans \u00ed landfr\u00e6\u00f0ilegu og menningarlegu tilliti, d\u00fdrkunarh\u00f3pa hans, t\u00e1knfr\u00e6\u00f0i og einkenni, kraftana sem honum eru eigna\u00f0ir, vir\u00f0ingar- og \u00e1kallsvenjur og hli\u00f0st\u00e6\u00f0ur \u00ed \u00f6\u00f0rum menningarheimum. \u00deannig teiknast upp samfelld mynd af \u00feessum r\u00e1\u00f0g\u00e1tufulla sk\u00f3gargu\u00f0i.<\/p>\t\t\t\t\t\t\t\t<\/div>\n\t\t\t\t<\/div>\n\t\t<div class=\"elementor-element elementor-element-pemmx7c5 e-con-full e-flex e-con e-child\" data-id=\"pemmx7c5\" data-element_type=\"container\" data-e-type=\"container\">\n\t\t<div class=\"elementor-element elementor-element-pemmx7c1 e-con-full e-flex e-con e-child\" data-id=\"pemmx7c1\" data-element_type=\"container\" data-e-type=\"container\">\n\t\t<div class=\"elementor-element elementor-element-qh9oavvu iwg-steckbrief-card e-flex e-con-boxed e-con e-child\" data-id=\"qh9oavvu\" data-element_type=\"container\" data-e-type=\"container\">\n\t\t\t\t\t<div class=\"e-con-inner\">\n\t\t\t\t<div class=\"elementor-element elementor-element-awzx8k2k elementor-widget elementor-widget-heading\" data-id=\"awzx8k2k\" data-element_type=\"widget\" data-e-type=\"widget\" data-widget_type=\"heading.default\">\n\t\t\t\t\t<div class=\"elementor-heading-title elementor-size-default\">Uppruni Cernunnos<\/div>\t\t\t\t<\/div>\n\t\t\t\t<div class=\"elementor-element elementor-element-x6rowhv0 elementor-widget elementor-widget-text-editor\" data-id=\"x6rowhv0\" data-element_type=\"widget\" data-e-type=\"widget\" data-widget_type=\"text-editor.default\">\n\t\t\t\t\t\t\t\t\t<p>Cernunnos heyrir til keltnesks <span class=\"iwg-fachbegriff\" data-tooltip=\"Heild gu\u00f0a \u00ed tr\u00faarbr\u00f6g\u00f0um e\u00f0a menningu.\" tabindex=\"0\">go\u00f0aheims<\/span>lags, sem er sennilega af ind\u00f3evr\u00f3pskum uppruna. Fornleifafr\u00e6\u00f0ilega er hann fyrst og fremst sta\u00f0festur \u00ed Gall\u00edu, Belg\u00edu og sy\u00f0ri menningarsv\u00e6\u00f0um (1.-2. \u00f6ld e.Kr.).<\/p><p>Keri\u00f0 fr\u00e1 Gundestrup, sem hugsanlega var sm\u00ed\u00f0a\u00f0 \u00ed \u00derak\u00edu e\u00f0a Su\u00f0ur-Gall\u00edu, s\u00fdnir hann \u00ed mi\u00f0l\u00e6gri st\u00f6\u00f0u, sem bendir til mikilv\u00e6gis. B\u00f3kmenntaleg spor \u00ed \u00edrskum og velskum heimildum eru \u00f3bein og deiluefni.<\/p>\t\t\t\t\t\t\t\t<\/div>\n\t\t\t\t\t<\/div>\n\t\t\t\t<\/div>\n\t\t<div class=\"elementor-element elementor-element-8e3o4kxs iwg-steckbrief-card e-flex e-con-boxed e-con e-child\" data-id=\"8e3o4kxs\" data-element_type=\"container\" data-e-type=\"container\">\n\t\t\t\t\t<div class=\"e-con-inner\">\n\t\t\t\t<div class=\"elementor-element elementor-element-08rkdgov elementor-widget elementor-widget-heading\" data-id=\"08rkdgov\" data-element_type=\"widget\" data-e-type=\"widget\" data-widget_type=\"heading.default\">\n\t\t\t\t\t<div class=\"elementor-heading-title elementor-size-default\">Markh\u00f3pur Cernunnos<\/div>\t\t\t\t<\/div>\n\t\t\t\t<div class=\"elementor-element elementor-element-uwjelx8s elementor-widget elementor-widget-text-editor\" data-id=\"uwjelx8s\" data-element_type=\"widget\" data-e-type=\"widget\" data-widget_type=\"text-editor.default\">\n\t\t\t\t\t\t\t\t\t<p>Vei\u00f0imenn, hjar\u00f0menn og b\u00fafj\u00e1rr\u00e6ktarmenn \u00e1k\u00f6llu\u00f0u Cernunnos til a\u00f0 tryggja vei\u00f0igengi og hjar\u00f0arau\u00f0. D\u00fdrkun hans var a\u00f0 \u00f6llum l\u00edkindum bundin sveitaf\u00f3lki, ekki borgarb\u00faum. Hann kom vi\u00f0 s\u00f6gu \u00ed f\u00f3rnarath\u00f6fnum og frj\u00f3semish\u00e1t\u00ed\u00f0um. T\u00e1knmynd hans \u00e1 l\u00faxusgripum bendir einnig til d\u00fdrkunar me\u00f0al yfirst\u00e9ttar.<\/p>\t\t\t\t\t\t\t\t<\/div>\n\t\t\t\t\t<\/div>\n\t\t\t\t<\/div>\n\t\t<div class=\"elementor-element elementor-element-jm2n74ec iwg-steckbrief-card e-flex e-con-boxed e-con e-child\" data-id=\"jm2n74ec\" data-element_type=\"container\" data-e-type=\"container\">\n\t\t\t\t\t<div class=\"e-con-inner\">\n\t\t\t\t<div class=\"elementor-element elementor-element-8vufse4c elementor-widget elementor-widget-heading\" data-id=\"8vufse4c\" data-element_type=\"widget\" data-e-type=\"widget\" data-widget_type=\"heading.default\">\n\t\t\t\t\t<div class=\"elementor-heading-title elementor-size-default\">\u00datlit Cernunnos<\/div>\t\t\t\t<\/div>\n\t\t\t\t<div class=\"elementor-element elementor-element-mwb9u015 elementor-widget elementor-widget-text-editor\" data-id=\"mwb9u015\" data-element_type=\"widget\" data-e-type=\"widget\" data-widget_type=\"text-editor.default\">\n\t\t\t\t\t\t\t\t\t<p>Cernunnos er t\u00e1knmyndalega s\u00fdndur sem sitjandi e\u00f0a standandi ma\u00f0ur me\u00f0 hjartarhornum, hornum e\u00f0a sl\u00f6ngum, oft nakinn e\u00f0a \u00ed d\u00fdraskinnum, umkringdur r\u00e1d\u00fdrum, villisv\u00ednum, sl\u00f6ngum og \u00f6\u00f0rum d\u00fdrum. Keri\u00f0 s\u00fdnir hann mitt \u00ed heimi d\u00fdra. Sums sta\u00f0ar ber hann armband e\u00f0a torc, t\u00e1kn keltneskrar valdstj\u00f3rnar. Stellingin virkar tignarleg og h\u00f6f\u00f0ingleg.<\/p>\t\t\t\t\t\t\t\t<\/div>\n\t\t\t\t\t<\/div>\n\t\t\t\t<\/div>\n\t\t\t\t<\/div>\n\t\t<div class=\"elementor-element elementor-element-pemmx7c2 e-con-full e-flex e-con e-child\" data-id=\"pemmx7c2\" data-element_type=\"container\" data-e-type=\"container\">\n\t\t<div class=\"elementor-element elementor-element-37ss2yr6 iwg-steckbrief-card e-flex e-con-boxed e-con e-child\" data-id=\"37ss2yr6\" data-element_type=\"container\" data-e-type=\"container\">\n\t\t\t\t\t<div class=\"e-con-inner\">\n\t\t\t\t<div class=\"elementor-element elementor-element-3v0wp3wx elementor-widget elementor-widget-heading\" data-id=\"3v0wp3wx\" data-element_type=\"widget\" data-e-type=\"widget\" data-widget_type=\"heading.default\">\n\t\t\t\t\t<div class=\"elementor-heading-title elementor-size-default\">\u00c1hrif Cernunnos<\/div>\t\t\t\t<\/div>\n\t\t\t\t<div class=\"elementor-element elementor-element-w3247g2m elementor-widget elementor-widget-text-editor\" data-id=\"w3247g2m\" data-element_type=\"widget\" data-e-type=\"widget\" data-widget_type=\"text-editor.default\">\n\t\t\t\t\t\t\t\t\t<p>Cernunnos er eigna\u00f0 vald yfir d\u00fdrar\u00edkinu og vei\u00f0igengi, <span class=\"iwg-fachbegriff\" data-tooltip=\"Lofor\u00f0 um heill og vernd, oft \u00ed fastri m\u00e1lformger\u00f0.\" tabindex=\"0\">blessun<\/span> au\u00f0s og frj\u00f3semi, og umbreytingarkraftar. Hann er \u00edmynd hins frumst\u00e6\u00f0a og \u00f3tamda \u00ed n\u00e1tt\u00farunni. Peninga- e\u00f0a ver\u00f0m\u00e6tat\u00e1kni\u00f0 gerir hann jafnframt a\u00f0 trygg\u00f0 velmegunar. \u00cd germanskri og sk\u00fd\u00fe\u00edskri hef\u00f0 var hann \u00f6\u00f0ru hvoru tengdur dj\u00f6fullegum e\u00f0a jar\u00f0neskum \u00fe\u00e1ttum.<\/p>\t\t\t\t\t\t\t\t<\/div>\n\t\t\t\t\t<\/div>\n\t\t\t\t<\/div>\n\t\t<div class=\"elementor-element elementor-element-0qpjal9w iwg-steckbrief-card e-flex e-con-boxed e-con e-child\" data-id=\"0qpjal9w\" data-element_type=\"container\" data-e-type=\"container\">\n\t\t\t\t\t<div class=\"e-con-inner\">\n\t\t\t\t<div class=\"elementor-element elementor-element-6ndoih0o elementor-widget elementor-widget-heading\" data-id=\"6ndoih0o\" data-element_type=\"widget\" data-e-type=\"widget\" data-widget_type=\"heading.default\">\n\t\t\t\t\t<div class=\"elementor-heading-title elementor-size-default\">V\u00f6rn gegn Cernunnos<\/div>\t\t\t\t<\/div>\n\t\t\t\t<div class=\"elementor-element elementor-element-6684tyh9 elementor-widget elementor-widget-text-editor\" data-id=\"6684tyh9\" data-element_type=\"widget\" data-e-type=\"widget\" data-widget_type=\"text-editor.default\">\n\t\t\t\t\t\t\t\t\t<p>Cernunnos telst ekki h\u00e6ttulegur, heldur velvilja\u00f0ur herra \u00f3bygg\u00f0anna. Vei\u00f0imenn og hjar\u00f0menn \u00e1k\u00f6llu\u00f0u hann til a\u00f0 bi\u00f0ja um vir\u00f0ingu fyrir d\u00fdrar\u00edkinu og vei\u00f0igengi. N\u00fat\u00edma n\u00e1tt\u00farutengsl l\u00edta \u00e1 hann sem verndara umhverfislegrar samhlj\u00f3\u00f0unar. Varnara\u00f0fer\u00f0ir eru ekki var\u00f0veittar. \u00deess \u00ed sta\u00f0 \u00fej\u00f3nu\u00f0u <span class=\"iwg-fachbegriff\" data-tooltip=\"Gj\u00f6f til gu\u00f0s til a\u00f0 tj\u00e1 \u00feakkl\u00e6ti, b\u00f3n e\u00f0a d\u00fdrkun.\" tabindex=\"0\">f\u00f3rnir<\/span> og \u00e1kall til a\u00f0 s\u00e6ttast vi\u00f0 hi\u00f0 villta afl hans.<\/p>\t\t\t\t\t\t\t\t<\/div>\n\t\t\t\t\t<\/div>\n\t\t\t\t<\/div>\n\t\t<div class=\"elementor-element elementor-element-3lfi7x32 iwg-steckbrief-card e-flex e-con-boxed e-con e-child\" data-id=\"3lfi7x32\" data-element_type=\"container\" data-e-type=\"container\">\n\t\t\t\t\t<div class=\"e-con-inner\">\n\t\t\t\t<div class=\"elementor-element elementor-element-0kg99ga1 elementor-widget elementor-widget-heading\" data-id=\"0kg99ga1\" data-element_type=\"widget\" data-e-type=\"widget\" data-widget_type=\"heading.default\">\n\t\t\t\t\t<div class=\"elementor-heading-title elementor-size-default\">Hli\u00f0st\u00e6\u00f0ur Cernunnos<\/div>\t\t\t\t<\/div>\n\t\t\t\t<div class=\"elementor-element elementor-element-n0fum6kp elementor-widget elementor-widget-text-editor\" data-id=\"n0fum6kp\" data-element_type=\"widget\" data-e-type=\"widget\" data-widget_type=\"text-editor.default\">\n\t\t\t\t\t\t\t\t\t<p>Samb\u00e6rilegir eru indverski Pasupati (\u00bbherra hjar\u00f0anna\u00ab), s\u00fdndur me\u00f0 hornum og umkringdur d\u00fdrum \u00e1 innsiglum Indusdalsins, Artemis\/Diana \u00ed hlutverki s\u00ednu sem vei\u00f0igy\u00f0ja, og mes\u00f3p\u00f3tam\u00edski Enki sem herra frj\u00f3semi. Hin hyrnda sk\u00f3gargu\u00f0sger\u00f0 er sv\u00e6\u00f0isbundi\u00f0 einkenni evr\u00f3-as\u00edsks tr\u00faarlags.<\/p>\t\t\t\t\t\t\t\t<\/div>\n\t\t\t\t\t<\/div>\n\t\t\t\t<\/div>\n\t\t\t\t<\/div>\n\t\t\t\t<\/div>\n\t\t\t\t\t<\/div>\n\t\t\t\t<\/div>\n\t\t<div class=\"elementor-element elementor-element-5a584676 e-flex e-con-boxed e-con e-parent\" data-id=\"5a584676\" data-element_type=\"container\" data-e-type=\"container\">\n\t\t\t\t\t<div class=\"e-con-inner\">\n\t\t\t\t<div class=\"elementor-element elementor-element-6d0757bf elementor-widget elementor-widget-heading\" data-id=\"6d0757bf\" data-element_type=\"widget\" data-e-type=\"widget\" data-widget_type=\"heading.default\">\n\t\t\t\t\t<h2 class=\"elementor-heading-title elementor-size-default\">Cernunnos, hli\u00f0st\u00e6\u00f0ur \u00ed \u00f6\u00f0rum menningarheimum<\/h2>\t\t\t\t<\/div>\n\t\t<div class=\"elementor-element elementor-element-60563f68 e-con-full e-flex e-con e-child\" data-id=\"60563f68\" data-element_type=\"container\" data-e-type=\"container\">\n\t\t\t\t<div class=\"elementor-element elementor-element-5a93fdd6 elementor-widget elementor-widget-text-editor\" data-id=\"5a93fdd6\" data-element_type=\"widget\" data-e-type=\"widget\" data-widget_type=\"text-editor.default\">\n\t\t\t\t\t\t\t\t\t<p>Hyrndar d\u00fdraherra-v\u00e6ttir sem millili\u00f0ir milli \u00f3bygg\u00f0a og manna koma fram \u00ed m\u00f6rgum go\u00f0afr\u00e6\u00f0um, \u00e1 Indlandi sem Pashupati-\u00fe\u00e1ttur Shiva, \u00ed S\u00edber\u00edu sem sjamans d\u00fdraandi, \u00ed Grikklandi sem Pan; keltnesk t\u00falkun leggur \u00e1herslu \u00e1 frj\u00f3semi og au\u00f0.<\/p>\n<p><p><strong>Gy\u00f0ingleg hef\u00f0:<\/strong> Engin bein hli\u00f0st\u00e6\u00f0a. Fjarskyld er pers\u00f3na vei\u00f0imannsins Nimrods (1. M\u00f3s. 10) e\u00f0a vei\u00f0imyndefni \u00ed fr\u00e1s\u00f6gnum af Dav\u00ed\u00f0. Gu\u00f0ir er ekki a\u00f0 finna h\u00e9r.<\/p><p><strong>Gr\u00edsk-r\u00f3mverski heimurinn:<\/strong> Artemis\/Diana sem vei\u00f0igy\u00f0ja og verndari villtra d\u00fdra. Pan sem hjar\u00f0gu\u00f0 og sk\u00f3garv\u00e6ttur me\u00f0 horn og d\u00fdrse\u00f0li. R\u00f3mverski Silvanus (sk\u00f3gargu\u00f0) og Faunus deila sk\u00f3garherra-\u00fe\u00e6tti Cernunnos.<\/p><p><strong>Mes\u00f3p\u00f3tam\u00eda:<\/strong> Gu\u00f0inn Enki \u00ed hlutverki s\u00ednu sem l\u00edfgjafi og heimilisgu\u00f0 s\u00fdnir l\u00edkindi. Einnig Shamash \u00ed mynd sinni sem afl er stj\u00f3rnar hinu villta.<\/p><p><strong>Indland\/As\u00eda:<\/strong> Pasupati (Pashupatinath) \u00e1 innsiglum Indusdalsins s\u00fdnir s\u00f6mu t\u00e1knfr\u00e6\u00f0i: hyrnda manneskjuv\u00e6tt umkringd d\u00fdrum. \u00deetta bendir til dj\u00faprar ind\u00f3evr\u00f3pskrar samfellu. \u00cd T\u00edbet er Mahakala s\u00fdndur \u00e1 l\u00edkan h\u00e1tt sem herra villtra krafta.<\/p>\t\t\t\t\t\t\t\t<\/div>\n\t\t\t\t<\/div>\n\t\t\t\t\t<\/div>\n\t\t\t\t<\/div>\n\t\t<div class=\"elementor-element elementor-element-cpefde179 e-flex e-con-boxed e-con e-parent\" data-id=\"cpefde179\" data-element_type=\"container\" data-e-type=\"container\">\n\t\t\t\t\t<div class=\"e-con-inner\">\n\t\t\t\t<div class=\"elementor-element elementor-element-cp6e12d58 elementor-widget elementor-widget-heading\" data-id=\"cp6e12d58\" data-element_type=\"widget\" data-e-type=\"widget\" data-widget_type=\"heading.default\">\n\t\t\t\t\t<h2 class=\"elementor-heading-title elementor-size-default\">Nafni\u00f0 Cernunnos og einasta \u00e1letrunin \u00feess<\/h2>\t\t\t\t<\/div>\n\t\t<div class=\"elementor-element elementor-element-cpbd67de9 e-con-full e-flex e-con e-child\" data-id=\"cpbd67de9\" data-element_type=\"container\" data-e-type=\"container\">\n\t\t\t\t<div class=\"elementor-element elementor-element-cpfed0e68 elementor-widget elementor-widget-text-editor\" data-id=\"cpfed0e68\" data-element_type=\"widget\" data-e-type=\"widget\" data-widget_type=\"text-editor.default\">\n\t\t\t\t\t\t\t\t\t<p>Cernunnos er ein af \u00feekktustu verum keltneskrar tr\u00faarbrag\u00f0a og \u00e1 sama t\u00edma eitt af \u00feeim sem verst er sta\u00f0fest \u00ed heimildum. Nafni\u00f0 sj\u00e1lft er einungis var\u00f0veitt me\u00f0 vissu einu sinni.<\/p><p>Hann er s\u00fdndur \u00e1 hinum svokalla\u00f0a Par\u00edsar-skipverjas\u00falu, minnismerki sem gall\u00f3r\u00f3mverskir skipverjar reistu \u00ed Lutetia, n\u00faverandi Par\u00eds, \u00e1 fyrri hluta fyrstu aldar eftir Krist, og sem er t\u00edmasett \u00e1 valdat\u00edma r\u00f3mverska keisarans Tiber\u00edusar.<\/p><p>\u00c1 einum steini s\u00falunnar er s\u00fdnd vera me\u00f0 hjartarhorn, \u00fear sem tveir hringir hanga af hornunum. Fyrir ofan myndina stendur <span class=\"iwg-fachbegriff\" data-tooltip=\"Texti sem er ristur e\u00f0a h\u00f6ggvinn \u00ed fastan fl\u00f6t.\" tabindex=\"0\">\u00e1letrun<\/span> sem oftast er lesin sem Cernunnos, en fyrsti stafurinn er skemmdur og lesturinn \u00fev\u00ed ekki fullkomlega \u00f6ruggur.<\/p><p>Algengasta t\u00falkun nafnsins tengir \u00fea\u00f0 vi\u00f0 keltneskt or\u00f0 fyrir horn e\u00f0a hjartarhorn, \u00feannig a\u00f0 Cernunnos \u00fe\u00fd\u00f0ir \u00ed gr\u00f3fum dr\u00e1ttum hinn horna\u00f0i e\u00f0a s\u00e1 me\u00f0 hornin.<\/p><p>\u00deessi r\u00fdra heimildasta\u00f0a er grundvallaratri\u00f0i fyrir skilning \u00e1 Cernunnos. \u00dea\u00f0 er engin forn ritheimild sem segir <span class=\"iwg-fachbegriff\" data-tooltip=\"Var\u00f0veitt fr\u00e1s\u00f6gn um gu\u00f0i, uppruna og skipan heimsins.\" tabindex=\"0\">go\u00f0s\u00f6gn<\/span> um Cernunnos, engin l\u00fdsing \u00e1 d\u00fdrkun hans, engar b\u00e6nir. Allt sem sagt er um hann byggist \u00e1 myndr\u00e6nni <span class=\"iwg-fachbegriff\" data-tooltip=\"Mi\u00f0lun \u00feekkingar og fr\u00e1sagna fr\u00e1 einni kynsl\u00f3\u00f0 til annarrar.\" tabindex=\"0\">var\u00f0veislu<\/span> og \u00e1 varf\u00e6rnum \u00e1lyktunum.<\/p><p>Ranns\u00f3knir nota nafni\u00f0 Cernunnos \u00ed dag a\u00f0 nokkru leyti sem hj\u00e1lparhugtak fyrir heilan flokk af horn\u00f3ttum gu\u00f0amyndum sem finnast v\u00ed\u00f0a um keltneskt sv\u00e6\u00f0i. Ekki er unnt a\u00f0 \u00e1kvar\u00f0a me\u00f0 vissu hvort allar \u00feessar myndir v\u00edsa til sama gu\u00f0sins e\u00f0a hvort um er a\u00f0 r\u00e6\u00f0a nokkra tengda gu\u00f0i. \u00deessa \u00f3vissu ver\u00f0ur hver v\u00f6ndu\u00f0 umfj\u00f6llun um Cernunnos a\u00f0 nefna opinlega.<\/p>\t\t\t\t\t\t\t\t<\/div>\n\t\t\t\t<\/div>\n\t\t\t\t\t<\/div>\n\t\t\t\t<\/div>\n\t\t<div class=\"elementor-element elementor-element-cp4c89d08 e-flex e-con-boxed e-con e-parent\" data-id=\"cp4c89d08\" data-element_type=\"container\" data-e-type=\"container\">\n\t\t\t\t\t<div class=\"e-con-inner\">\n\t\t\t\t<div class=\"elementor-element elementor-element-cp08868d4 elementor-widget elementor-widget-heading\" data-id=\"cp08868d4\" data-element_type=\"widget\" data-e-type=\"widget\" data-widget_type=\"heading.default\">\n\t\t\t\t\t<h2 class=\"elementor-heading-title elementor-size-default\">Cernunnos \u00e1 Gundestrup-katlinum<\/h2>\t\t\t\t<\/div>\n\t\t<div class=\"elementor-element elementor-element-cp86dac75 e-con-full e-flex e-con e-child\" data-id=\"cp86dac75\" data-element_type=\"container\" data-e-type=\"container\">\n\t\t\t\t<div class=\"elementor-element elementor-element-cpf13eeb8 elementor-widget elementor-widget-text-editor\" data-id=\"cpf13eeb8\" data-element_type=\"widget\" data-e-type=\"widget\" data-widget_type=\"text-editor.default\">\n\t\t\t\t\t\t\t\t\t<p>Fr\u00e6gasta myndr\u00e6na framsetningin sem tengd er Cernunnos finnst \u00e1 Gundestrup-katlinum, r\u00edkulega skreyttu silfurkeri sem fannst \u00e1ri\u00f0 1891 \u00ed m\u00fdri \u00ed Danm\u00f6rku og er oftast t\u00edmasett til s\u00ed\u00f0ustu e\u00f0a n\u00e6sts\u00ed\u00f0ustu aldar fyrir Krist.<\/p><p>\u00c1 einni af innpl\u00f6tum katlins er s\u00fdnd vera sitjandi \u00ed krossl\u00f6g\u00f0um f\u00f3tum, me\u00f0 hjartarhorn. \u00cd einni hendi heldur h\u00fan \u00e1 h\u00e1lshring, \u00ed hinni \u00e1 horna\u00f0ri sn\u00e1k.<\/p><p>\u00cd kringum myndina eru \u00fdmis d\u00fdr, \u00fear \u00e1 me\u00f0al hj\u00f6rtur, sem l\u00edkist hornum verunnar. \u00deessi mynd er af m\u00f6rgum fr\u00e6\u00f0im\u00f6nnum talin sk\u00fdrasta birting Cernunnos-ger\u00f0arins: hinn horna\u00f0i gu\u00f0 sem herra d\u00fdranna.<\/p><p>\u00de\u00f3 er Gundestrup-katlan sj\u00e1lf fl\u00f3kinn gripur. Myndm\u00e1li\u00f0 sameinar keltnesk, \u00ferak\u00edsk og \u00f6nnur einkenni, og framlei\u00f0slan er a\u00f0 nokkru leyti talin hafa \u00e1tt s\u00e9r sta\u00f0 ekki \u00e1 keltnesku kjarnasv\u00e6\u00f0inu heldur \u00ed su\u00f0austur-evr\u00f3psku sv\u00e6\u00f0i. Ranns\u00f3knir r\u00e6\u00f0a \u00fev\u00ed hversu langt Gundestrup-myndin endurspeglar \u00ed raun hreina keltneska gu\u00f0shugmynd.<\/p><p>\u00der\u00e1tt fyrir \u00feennan fyrirvara hefur Gundestrup-myndin m\u00f3ta\u00f0 hina n\u00fat\u00edmalegu mynd af Cernunnos meira en nokkur \u00f6nnur heimild. Samsetning horna, krosslag\u00f0ra f\u00f3ta, h\u00e1lshrings og horna\u00f0s sn\u00e1ks er or\u00f0in hin sta\u00f0la\u00f0a framsetning.<\/p><p>Fr\u00e6\u00f0ilega er mikilv\u00e6gt a\u00f0 einn gripur, sem er \u00e1 margan h\u00e1tt \u00f3venjulegur, ber uppi heila gu\u00f0at\u00falkun. \u00deetta er v\u00edsbending um hversu \u00fer\u00f6ngur grundv\u00f6llurinn er sem keltnesk tr\u00faarbrag\u00f0asaga \u00fearf a\u00f0 vinna \u00fat fr\u00e1.<\/p>\t\t\t\t\t\t\t\t<\/div>\n\t\t\t\t<\/div>\n\t\t\t\t\t<\/div>\n\t\t\t\t<\/div>\n\t\t<div class=\"elementor-element elementor-element-cpa5b5934 e-flex e-con-boxed e-con e-parent\" data-id=\"cpa5b5934\" data-element_type=\"container\" data-e-type=\"container\">\n\t\t\t\t\t<div class=\"e-con-inner\">\n\t\t\t\t<div class=\"elementor-element elementor-element-cp5e20c5c elementor-widget elementor-widget-heading\" data-id=\"cp5e20c5c\" data-element_type=\"widget\" data-e-type=\"widget\" data-widget_type=\"heading.default\">\n\t\t\t\t\t<h2 class=\"elementor-heading-title elementor-size-default\">Myndheimur og spurningin um hlutverk<\/h2>\t\t\t\t<\/div>\n\t\t<div class=\"elementor-element elementor-element-cp37b3fa7 e-con-full e-flex e-con e-child\" data-id=\"cp37b3fa7\" data-element_type=\"container\" data-e-type=\"container\">\n\t\t\t\t<div class=\"elementor-element elementor-element-cp95dd2d0 elementor-widget elementor-widget-text-editor\" data-id=\"cp95dd2d0\" data-element_type=\"widget\" data-e-type=\"widget\" data-widget_type=\"text-editor.default\">\n\t\t\t\t\t\t\t\t\t<p>Auk Par\u00edsar-skipverjas\u00falunnar og Gundestrup-katlinsins er til fj\u00f6ldi framsetninga sem ranns\u00f3knir telja til Cernunnos-ger\u00f0arins. Algengar eru horna\u00f0ar verur \u00e1 l\u00e1gmyndum, styttum og v\u00edgslusteinum, a\u00f0allega fr\u00e1 Gall\u00edu, en einnig fr\u00e1 bresku sv\u00e6\u00f0i og n\u00e1l\u00e6gum landsv\u00e6\u00f0um.<\/p><p>Endurtekin myndeinkenni eru hjartarhorn, krosslag\u00f0ar f\u00e6tur vi\u00f0 s\u00e6ti\u00f0, h\u00e1lshringur e\u00f0a torques, oft einnig hornhelli e\u00f0a peningar og horna\u00f0i sn\u00e1kurinn.<\/p><p>\u00cd nokkrum gall\u00f3r\u00f3mverskum framsetningum kemur veran fram me\u00f0 peninga e\u00f0a \u00fathellt korn, sem bendir til \u00fe\u00e1tta r\u00edkid\u00e6mis og allsn\u00e6gta. Fylgd villtra d\u00fdra, s\u00e9rstaklega hjartar, hefur leitt til \u00feeirrar \u00fatbreiddu t\u00falkunar a\u00f0 Cernunnos s\u00e9 herra d\u00fdranna og villtrar n\u00e1tt\u00faru.<\/p><p>\u00dat fr\u00e1 \u00feessu hafa fr\u00e6\u00f0imenn dregi\u00f0 \u00fdmsar \u00e1lyktanir um hlutverk: gu\u00f0 n\u00e1tt\u00farunnar, frj\u00f3semi, r\u00edkid\u00e6mis, umskipta milli heima. Mikilv\u00e6gt er \u00fe\u00f3 a\u00f0 benda \u00e1 a\u00f0 allar \u00feessar t\u00falkanir eru \u00e1lykta\u00f0ar \u00fat fr\u00e1 myndunum og eru ekki studdar af textum. Horna\u00f0i sn\u00e1kurinn er t.d. r\u00e1\u00f0g\u00e1tukennt <span class=\"iwg-fachbegriff\" data-tooltip=\"Endurteki\u00f0 innihaldslegt einkenni \u00ed list e\u00f0a fr\u00e1s\u00f6gn.\" tabindex=\"0\">myndefni<\/span> \u00fear sem merking er ekki \u00f6rugglega kunn.<\/p><p>Ranns\u00f3knir eru a\u00f0 mestu samm\u00e1la um a\u00f0 Cernunnos hafi veri\u00f0 mikilv\u00e6g <span class=\"iwg-fachbegriff\" data-tooltip=\"Vera sem er d\u00fdrku\u00f0 sem gu\u00f0leg innan tr\u00faarbrag\u00f0a.\" tabindex=\"0\">gu\u00f0svera<\/span>, \u00fev\u00ed myndir af honum eru \u00fatbreiddar um v\u00ed\u00f0fe\u00f0mt sv\u00e6\u00f0i og fundu lei\u00f0 inn \u00ed tignarleg minnismerki. Um n\u00e1kv\u00e6mt e\u00f0li hans er hins vegar a\u00f0eins unnt a\u00f0 tala \u00ed tilg\u00e1tum. \u00deessi misr\u00e6mi milli auglj\u00f3srar mikilv\u00e6gni og skorts \u00e1 textalegri <span class=\"iwg-fachbegriff\" data-tooltip=\"Mi\u00f0lun \u00feekkingar og fr\u00e1sagna fr\u00e1 einni kynsl\u00f3\u00f0 til annarrar.\" tabindex=\"0\">var\u00f0veislu<\/span> er hi\u00f0 raunverulega einkenni verunnar.<\/p>\t\t\t\t\t\t\t\t<\/div>\n\t\t\t\t<\/div>\n\t\t\t\t\t<\/div>\n\t\t\t\t<\/div>\n\t\t<div class=\"elementor-element elementor-element-cp4cf9f39 e-flex e-con-boxed e-con e-parent\" data-id=\"cp4cf9f39\" data-element_type=\"container\" data-e-type=\"container\">\n\t\t\t\t\t<div class=\"e-con-inner\">\n\t\t\t\t<div class=\"elementor-element elementor-element-cpff8db27 elementor-widget elementor-widget-heading\" data-id=\"cpff8db27\" data-element_type=\"widget\" data-e-type=\"widget\" data-widget_type=\"heading.default\">\n\t\t\t\t\t<h2 class=\"elementor-heading-title elementor-size-default\">Cernunnos \u00ed n\u00fat\u00edmavi\u00f0t\u00f6kum og n\u00fdhei\u00f0ni<\/h2>\t\t\t\t<\/div>\n\t\t<div class=\"elementor-element elementor-element-cpf611bdb e-con-full e-flex e-con e-child\" data-id=\"cpf611bdb\" data-element_type=\"container\" data-e-type=\"container\">\n\t\t\t\t<div class=\"elementor-element elementor-element-cpdfdc4c9 elementor-widget elementor-widget-text-editor\" data-id=\"cpdfdc4c9\" data-element_type=\"widget\" data-e-type=\"widget\" data-widget_type=\"text-editor.default\">\n\t\t\t\t\t\t\t\t\t<p>\u00der\u00e1tt fyrir, e\u00f0a einmitt vegna, hinna f\u00e1u og \u00f3lj\u00f3su s\u00f6guheimilda hefur Cernunnos haft \u00e1berandi \u00e1hrif \u00ed n\u00fat\u00edmanum. \u00c1 19. og fram \u00e1 20. \u00f6ld fj\u00f6llu\u00f0u hin n\u00fdstofnu\u00f0u fr\u00e6\u00f0i um Kelta og <span class=\"iwg-fachbegriff\" data-tooltip=\"Fr\u00e6\u00f0igreinin sem rannsakar tr\u00faarbr\u00f6g\u00f0 samanbur\u00f0arlega og \u00e1n tr\u00faarlegrar afst\u00f6\u00f0u.\" tabindex=\"0\">tr\u00faarbrag\u00f0afr\u00e6\u00f0i<\/span> um hinar horn\u00f3ttu myndir og festu nafni\u00f0 Cernunnos \u00ed sessi sem samheiti.<\/p><p>S\u00e9rstaklega afdrifar\u00edk, en einnig vandme\u00f0farin, var kenning \u00fej\u00f3\u00f0h\u00e1ttafr\u00e6\u00f0ingsins Margaret Murray, sem \u00e1 fyrri hluta 20. aldar h\u00e9lt \u00fev\u00ed fram a\u00f0 a\u00f0 nornar\u00e9ttarh\u00f6ldunum \u00e1 fyrri hluta n\u00fdaldar l\u00e6gi enn lifandi hei\u00f0in <span class=\"iwg-fachbegriff\" data-tooltip=\"Heildarsafn tr\u00faarlegra tilbei\u00f0sluathafna fyrir gu\u00f0 e\u00f0a heilaga v\u00e6ttur.\" tabindex=\"0\">d\u00fdrkun<\/span> \u00e1 horn\u00f3ttum gu\u00f0i.<\/p><p>Kenning Murray er l\u00f6ngu talin afs\u00f6nnu\u00f0 innan fr\u00e6\u00f0anna, en h\u00fan haf\u00f0i mikil \u00e1hrif \u00e1 tilkomu n\u00fdhei\u00f0inna hreyfinga.<\/p><p>\u00cd n\u00fat\u00edma n\u00fdhei\u00f0ni, s\u00e9rstaklega \u00ed Wicca og \u00ed keltneskt sinnu\u00f0um stefnum, er horn\u00f3tt gu\u00f0smynd or\u00f0in ein af meginpers\u00f3nunum, oft undir nafninu Cernunnos e\u00f0a einfaldlega hinn horn\u00f3tti gu\u00f0. \u00deessi n\u00fat\u00edmamynd sameinar \u00fe\u00e6tti hins s\u00f6guleg Cernunnos og hugmyndir af \u00f6\u00f0rum uppruna, svo sem gr\u00edska Pan, og m\u00e6tir \u00fe\u00f6rfum samt\u00edmalegrar n\u00e1tt\u00farutr\u00faar.<\/p><p>Fr\u00e6\u00f0ilega s\u00e9\u00f0 ver\u00f0ur a\u00f0 skilja sk\u00fdrt milli fornaldar Cernunnosar, sem vi\u00f0 vitum n\u00e1nast ekkert um, og hins n\u00fat\u00edmalega horn\u00f3tta gu\u00f0s, sem er sk\u00f6pun 20. aldar.<\/p><p>Cernunnos er l\u00e6rd\u00f3msr\u00edkt d\u00e6mi um hvernig varla sta\u00f0fest s\u00f6gupers\u00f3na getur, me\u00f0 v\u00edsindalegum tilg\u00e1tum, \u00fatbrei\u00f0slu \u00feeirra \u00ed almennri umr\u00e6\u00f0u og tr\u00faarlegri endursk\u00f6pun, fengi\u00f0 anna\u00f0, lifandi tilvist sem tengist s\u00f6gulegum sta\u00f0reyndum a\u00f0eins lauslega.<\/p>\t\t\t\t\t\t\t\t<\/div>\n\t\t\t\t<\/div>\n\t\t\t\t\t<\/div>\n\t\t\t\t<\/div>\n\t\t<div class=\"elementor-element elementor-element-36dd7469 e-flex e-con-boxed e-con e-parent\" data-id=\"36dd7469\" data-element_type=\"container\" data-e-type=\"container\">\n\t\t\t\t\t<div class=\"e-con-inner\">\n\t\t\t\t<div class=\"elementor-element elementor-element-13760ab4 elementor-widget elementor-widget-heading\" data-id=\"13760ab4\" data-element_type=\"widget\" data-e-type=\"widget\" data-widget_type=\"heading.default\">\n\t\t\t\t\t<h2 class=\"elementor-heading-title elementor-size-default\">\u00cdtarefni og tenglar<\/h2>\t\t\t\t<\/div>\n\t\t<div class=\"elementor-element elementor-element-28c87796 e-con-full e-flex e-con e-child\" data-id=\"28c87796\" data-element_type=\"container\" data-e-type=\"container\">\n\t\t\t\t<div class=\"elementor-element elementor-element-5d6538df elementor-widget elementor-widget-text-editor\" data-id=\"5d6538df\" data-element_type=\"widget\" data-e-type=\"widget\" data-widget_type=\"text-editor.default\">\n\t\t\t\t\t\t\t\t\t<p>R\u00e1\u00f0lag\u00f0ir innri hlekkir fyrir \u00feessa s\u00ed\u00f0u:<\/p><ul><li><a href=\"https:\/\/iwell-guard.com\/is\/?page_id=168615\">Keltneskt<\/a> (yfirgripsmeiri menningars\u00ed\u00f0a)<\/li><li><a href=\"https:\/\/iwell-guard.com\/is\/?page_id=168828\">Brigid<\/a> (samhli\u00f0a <span class=\"iwg-fachbegriff\" data-tooltip=\"Vera sem er tilbe\u00f0in sem gu\u00f0leg innan tr\u00faarbrag\u00f0a.\" tabindex=\"0\">gu\u00f0d\u00f3mur<\/span> \u00ed keltneska <span class=\"iwg-fachbegriff\" data-tooltip=\"Heildarsafn gu\u00f0a \u00ed tr\u00faarbr\u00f6g\u00f0um e\u00f0a menningu.\" tabindex=\"0\">go\u00f0aveldinu<\/span>)<\/li><li><a href=\"https:\/\/iwell-guard.com\/is\/?page_id=168636\">Dullahan<\/a> (formbreytandi vera \u00far s\u00f6mu hef\u00f0)<\/li><li><a href=\"https:\/\/iwell-guard.com\/is\/?page_id=168707\">\u00c6\u00f0ri gu\u00f0ir<\/a> (flokkayfirlit)<\/li><\/ul>\t\t\t\t\t\t\t\t<\/div>\n\t\t\t\t<\/div>\n\t\t\t\t\t<\/div>\n\t\t\t\t<\/div>\n\t\t<div class=\"elementor-element elementor-element-grl4kl40 e-flex e-con-boxed e-con e-parent\" data-id=\"grl4kl40\" data-element_type=\"container\" data-e-type=\"container\">\n\t\t\t\t\t<div class=\"e-con-inner\">\n\t\t\t\t<div class=\"elementor-element elementor-element-bzsbfrmh elementor-widget elementor-widget-heading\" data-id=\"bzsbfrmh\" data-element_type=\"widget\" data-e-type=\"widget\" data-widget_type=\"heading.default\">\n\t\t\t\t\t<h2 class=\"elementor-heading-title elementor-size-default\">Heimildir og fr\u00e6\u00f0irit<\/h2>\t\t\t\t<\/div>\n\t\t<div class=\"elementor-element elementor-element-2c13224a e-con-full e-flex e-con e-child\" data-id=\"2c13224a\" data-element_type=\"container\" data-e-type=\"container\">\n\t\t\t\t<div class=\"elementor-element elementor-element-0eymh9ub elementor-widget elementor-widget-text-editor\" data-id=\"0eymh9ub\" data-element_type=\"widget\" data-e-type=\"widget\" data-widget_type=\"text-editor.default\">\n\t\t\t\t\t\t\t\t\t<footer class=\"iwg-literatur\" data-nosnippet=\"true\"><p>Heimildir um Cernunnos:<\/p><ul><li><span data-nosnippet>Ross, Anne: <em><span class=\"iwg-fachbegriff\" data-tooltip=\"Samb\u00e6rilegt vi\u00f0 hei\u00f0inn; tilheyrandi tr\u00fa fr\u00e1 t\u00edma fyrir kristni.\" tabindex=\"0\">Pagan<\/span> Celtic Britain. Studies in Iconography and Tradition.<\/em> Routledge &#038; Kegan Paul, London 1967.<\/span><\/li><li><span data-nosnippet>Bober, Phyllis Pray: \u201eCernunnos. Origin and Transformation of a Celtic Divinity.\u201c \u00cd: <em>American Journal of Archaeology<\/em> 55 (1951), bls. 13, 51.<\/span><\/li><\/ul><\/footer>\n<p class=\"iwg-bib-more\"><span data-nosnippet>Fleiri grunnrit \u00ed <a href=\"https:\/\/iwell-guard.com\/is\/?page_id=168730\">heimildaskr\u00e1nni<\/a>.<\/span><\/p>\t\t\t\t\t\t\t\t<\/div>\n\t\t\t\t<\/div>\n\t\t\t\t\t<\/div>\n\t\t\t\t<\/div>\n\t\t\t\t<\/div>\n\t\t","protected":false},"excerpt":{"rendered":"","protected":false},"author":3,"featured_media":1615,"parent":0,"menu_order":0,"comment_status":"closed","ping_status":"closed","template":"elementor_header_footer","meta":{"_yoast_wpseo_focuskw":"Cernunnos","_yoast_wpseo_title":"Cernunnos - herra villid\u00fdranna","_yoast_wpseo_metadesc":"Cernunnos, keltneskur herra d\u00fdranna me\u00f0 hjartarhorn, \u00e1byrgur fyrir \u00f3bygg\u00f0um, au\u00f0leg\u00f0 og frj\u00f3semi, nefndur \u00e1 Gundestrup-k\u00f6tlinum.","_yoast_wpseo_meta-robots-noindex":"","_yoast_wpseo_canonical":"","_angie_page":false,"gefaehrdungsstufe":"4","wesen_kultur":"keltisch","wesen_klasse":"goetter","footnotes":""},"categories":[],"class_list":["post-168830","page","type-page","status-publish","has-post-thumbnail","hentry"],"yoast_head":"<!-- This site is optimized with the Yoast SEO Premium plugin v27.7 (Yoast SEO v28.3) - https:\/\/yoast.com\/product\/yoast-seo-premium-wordpress\/ -->\n<title>Cernunnos - herra villid\u00fdranna<\/title>\n<meta name=\"description\" content=\"Cernunnos, keltneskur herra d\u00fdranna me\u00f0 hjartarhorn, \u00e1byrgur fyrir \u00f3bygg\u00f0um, au\u00f0leg\u00f0 og frj\u00f3semi, nefndur \u00e1 Gundestrup-k\u00f6tlinum.\" \/>\n<meta name=\"robots\" content=\"index, follow, max-snippet:-1, max-image-preview:large, max-video-preview:-1\" \/>\n<link rel=\"canonical\" href=\"https:\/\/iwell-guard.com\/is\/cernunnos\/\" \/>\n<meta property=\"og:locale\" content=\"is_IS\" \/>\n<meta property=\"og:type\" content=\"article\" \/>\n<meta property=\"og:title\" content=\"Cernunnos\" \/>\n<meta property=\"og:description\" content=\"Cernunnos, keltneskur herra d\u00fdranna me\u00f0 hjartarhorn, \u00e1byrgur fyrir \u00f3bygg\u00f0um, au\u00f0leg\u00f0 og frj\u00f3semi, nefndur \u00e1 Gundestrup-k\u00f6tlinum.\" \/>\n<meta property=\"og:url\" content=\"https:\/\/iwell-guard.com\/is\/cernunnos\/\" \/>\n<meta property=\"og:site_name\" content=\"iWell Guard\" \/>\n<meta property=\"article:modified_time\" content=\"2026-09-05T14:20:36+00:00\" \/>\n<meta property=\"og:image\" content=\"https:\/\/iwell-guard.com\/wp-content\/uploads\/2026\/04\/goetter_keltisch_cernunnos.webp\" \/>\n\t<meta property=\"og:image:width\" content=\"1024\" \/>\n\t<meta property=\"og:image:height\" content=\"1536\" \/>\n\t<meta property=\"og:image:type\" content=\"image\/webp\" \/>\n<meta name=\"twitter:card\" content=\"summary_large_image\" \/>\n<script type=\"application\/ld+json\" class=\"yoast-schema-graph\">{\"@context\":\"https:\\\/\\\/schema.org\",\"@graph\":[{\"@type\":\"WebPage\",\"@id\":\"https:\\\/\\\/iwell-guard.com\\\/is\\\/cernunnos\\\/\",\"url\":\"https:\\\/\\\/iwell-guard.com\\\/is\\\/cernunnos\\\/\",\"name\":\"Cernunnos - herra villid\u00fdranna\",\"isPartOf\":{\"@id\":\"https:\\\/\\\/iwell-guard.com\\\/is\\\/#website\"},\"primaryImageOfPage\":{\"@id\":\"https:\\\/\\\/iwell-guard.com\\\/is\\\/cernunnos\\\/#primaryimage\"},\"image\":{\"@id\":\"https:\\\/\\\/iwell-guard.com\\\/is\\\/cernunnos\\\/#primaryimage\"},\"thumbnailUrl\":\"https:\\\/\\\/iwell-guard.com\\\/wp-content\\\/uploads\\\/2026\\\/04\\\/goetter_keltisch_cernunnos.webp\",\"datePublished\":\"2026-09-05T14:03:20+00:00\",\"dateModified\":\"2026-09-05T14:20:36+00:00\",\"description\":\"Cernunnos, keltneskur herra d\u00fdranna me\u00f0 hjartarhorn, \u00e1byrgur fyrir \u00f3bygg\u00f0um, au\u00f0leg\u00f0 og frj\u00f3semi, nefndur \u00e1 Gundestrup-k\u00f6tlinum.\",\"breadcrumb\":{\"@id\":\"https:\\\/\\\/iwell-guard.com\\\/is\\\/cernunnos\\\/#breadcrumb\"},\"inLanguage\":\"is\",\"potentialAction\":[{\"@type\":\"ReadAction\",\"target\":[\"https:\\\/\\\/iwell-guard.com\\\/is\\\/cernunnos\\\/\"]}]},{\"@type\":\"ImageObject\",\"inLanguage\":\"is\",\"@id\":\"https:\\\/\\\/iwell-guard.com\\\/is\\\/cernunnos\\\/#primaryimage\",\"url\":\"https:\\\/\\\/iwell-guard.com\\\/wp-content\\\/uploads\\\/2026\\\/04\\\/goetter_keltisch_cernunnos.webp\",\"contentUrl\":\"https:\\\/\\\/iwell-guard.com\\\/wp-content\\\/uploads\\\/2026\\\/04\\\/goetter_keltisch_cernunnos.webp\",\"width\":1024,\"height\":1536,\"caption\":\"Gu\u00f0ir \u00far keltneskri hef\u00f0.\"},{\"@type\":\"BreadcrumbList\",\"@id\":\"https:\\\/\\\/iwell-guard.com\\\/is\\\/cernunnos\\\/#breadcrumb\",\"itemListElement\":[{\"@type\":\"ListItem\",\"position\":1,\"name\":\"Start\",\"item\":\"https:\\\/\\\/iwell-guard.com\\\/is\\\/?page_id=168580\"},{\"@type\":\"ListItem\",\"position\":2,\"name\":\"Cernunnos\"}]},{\"@type\":\"WebSite\",\"@id\":\"https:\\\/\\\/iwell-guard.com\\\/is\\\/#website\",\"url\":\"https:\\\/\\\/iwell-guard.com\\\/is\\\/\",\"name\":\"iWell Guard\",\"description\":\"Schutz vor dunklen Einfl\u00fcssen\",\"publisher\":{\"@id\":\"https:\\\/\\\/iwell-guard.com\\\/is\\\/#organization\"},\"potentialAction\":[{\"@type\":\"SearchAction\",\"target\":{\"@type\":\"EntryPoint\",\"urlTemplate\":\"https:\\\/\\\/iwell-guard.com\\\/is\\\/?s={search_term_string}\"},\"query-input\":{\"@type\":\"PropertyValueSpecification\",\"valueRequired\":true,\"valueName\":\"search_term_string\"}}],\"inLanguage\":\"is\"},{\"@type\":\"Organization\",\"@id\":\"https:\\\/\\\/iwell-guard.com\\\/is\\\/#organization\",\"name\":\"Ittermann electronic GmbH\",\"url\":\"https:\\\/\\\/iwell-guard.com\\\/is\\\/\",\"logo\":{\"@type\":\"ImageObject\",\"inLanguage\":\"is\",\"@id\":\"https:\\\/\\\/iwell-guard.com\\\/is\\\/#\\\/schema\\\/logo\\\/image\\\/\",\"url\":\"https:\\\/\\\/iwell-guard.com\\\/wp-content\\\/uploads\\\/2026\\\/05\\\/Ittermann-Logo-1182x237-1.png\",\"contentUrl\":\"https:\\\/\\\/iwell-guard.com\\\/wp-content\\\/uploads\\\/2026\\\/05\\\/Ittermann-Logo-1182x237-1.png\",\"width\":1182,\"height\":237,\"caption\":\"Ittermann electronic GmbH\"},\"image\":{\"@id\":\"https:\\\/\\\/iwell-guard.com\\\/is\\\/#\\\/schema\\\/logo\\\/image\\\/\"},\"sameAs\":[\"https:\\\/\\\/pantip.com\\\/profile\\\/9367242\",\"https:\\\/\\\/micro.blog\\\/iwellguard\",\"https:\\\/\\\/www.diggerslist.com\\\/iwellguard\\\/about\",\"https:\\\/\\\/skitterphoto.com\\\/photographers\\\/2870314\\\/iwell-guard\",\"https:\\\/\\\/iwellguard.wordpress.com\\\/2026\\\/06\\\/06\\\/iwell-guard\\\/\",\"https:\\\/\\\/hub.docker.com\\\/u\\\/iwellguard\",\"https:\\\/\\\/www.pinterest.com\\\/iwellguard\\\/\",\"https:\\\/\\\/bit.ly\\\/m\\\/iwellguard\",\"https:\\\/\\\/entre-vos-mains.alsace.eu\\\/profiles\\\/iwellguard\\\/activity\",\"https:\\\/\\\/gravatar.com\\\/reallybeded8fd34\",\"https:\\\/\\\/naijamatta.com\\\/iwellguard\",\"https:\\\/\\\/www.goodreads.com\\\/iwellguard\",\"https:\\\/\\\/profile.hatena.ne.jp\\\/iwellguard\\\/\",\"https:\\\/\\\/experiment.com\\\/users\\\/iwellguard\",\"https:\\\/\\\/wakelet.com\\\/@iWellGuard82270\",\"https:\\\/\\\/www.chordie.com\\\/forum\\\/profile.php?id=2555664\",\"https:\\\/\\\/www.instapaper.com\\\/p\\\/17757966\",\"https:\\\/\\\/www.mapleprimes.com\\\/users\\\/iwellguard\",\"https:\\\/\\\/businesslistingplus.com\\\/profile\\\/iwell-guard\\\/\",\"https:\\\/\\\/telegra.ph\\\/iWell-Guard-06-06\",\"https:\\\/\\\/pbase.com\\\/iwellguard\\\/iwellguard\",\"https:\\\/\\\/b.hatena.ne.jp\\\/iwellguard\\\/20260607#bookmark-4788405196491818882\",\"https:\\\/\\\/fliphtml5.com\\\/home\\\/iwellguard\",\"https:\\\/\\\/anyflip.com\\\/homepage\\\/cmiwl#About\",\"https:\\\/\\\/transfur.com\\\/Users\\\/iwellguard\",\"http:\\\/\\\/delphi.larsbo.org\\\/user\\\/iwellguard\",\"https:\\\/\\\/jobs.lajobsportal.org\\\/profiles\\\/8380803-iwell-guard\",\"https:\\\/\\\/md.chaosdorf.de\\\/s\\\/jfbe5SBdJD\",\"https:\\\/\\\/www.lingvolive.com\\\/en-us\\\/profile\\\/9ecaeaca-ce11-4e51-9e71-01d55e2bff36\\\/translations\",\"https:\\\/\\\/www.fitday.com\\\/fitness\\\/forums\\\/members\\\/iwellguard.html\",\"https:\\\/\\\/www.mymeetbook.com\\\/iwellguard\",\"https:\\\/\\\/pxhere.com\\\/en\\\/photographer-me\\\/5040798\",\"https:\\\/\\\/disqus.com\\\/by\\\/iwellguard\\\/about\\\/\",\"https:\\\/\\\/pastelink.net\\\/hjwciqwq\",\"https:\\\/\\\/pubhtml5.com\\\/homepage\\\/scjhn\\\/\",\"https:\\\/\\\/www.bitchute.com\\\/channel\\\/2O2eOKzNqujT\",\"https:\\\/\\\/audiomack.com\\\/iwellguard\"]},{\"@type\":\"Article\",\"@id\":\"https:\\\/\\\/iwell-guard.com\\\/is\\\/cernunnos\\\/#article\",\"isPartOf\":{\"@id\":\"https:\\\/\\\/iwell-guard.com\\\/is\\\/cernunnos\\\/\"},\"author\":{\"name\":\"Ralf Ittermann\",\"@id\":\"https:\\\/\\\/iwell-guard.com\\\/is\\\/#\\\/schema\\\/person\\\/ee2a27f1cac3406c7c6fb5820cb7349f\"},\"headline\":\"Cernunnos\",\"datePublished\":\"2026-09-05T14:03:20+00:00\",\"dateModified\":\"2026-09-05T14:20:36+00:00\",\"mainEntityOfPage\":{\"@id\":\"https:\\\/\\\/iwell-guard.com\\\/is\\\/cernunnos\\\/\"},\"publisher\":{\"@id\":\"https:\\\/\\\/iwell-guard.com\\\/is\\\/#organization\"},\"image\":{\"@id\":\"https:\\\/\\\/iwell-guard.com\\\/is\\\/cernunnos\\\/#primaryimage\"},\"thumbnailUrl\":\"https:\\\/\\\/iwell-guard.com\\\/wp-content\\\/uploads\\\/2026\\\/04\\\/goetter_keltisch_cernunnos.webp\",\"inLanguage\":\"is\",\"description\":\"Cernunnos, keltneskur herra d\u00fdranna me\u00f0 hjartarhorn, \u00e1byrgur fyrir \u00f3bygg\u00f0um, au\u00f0leg\u00f0 og frj\u00f3semi, nefndur \u00e1 Gundestrup-k\u00f6tlinum.\"}]}<\/script>\n<!-- \/ Yoast SEO Premium plugin. -->","yoast_head_json":{"title":"Cernunnos - herra villid\u00fdranna","description":"Cernunnos, keltneskur herra d\u00fdranna me\u00f0 hjartarhorn, \u00e1byrgur fyrir \u00f3bygg\u00f0um, au\u00f0leg\u00f0 og frj\u00f3semi, nefndur \u00e1 Gundestrup-k\u00f6tlinum.","robots":{"index":"index","follow":"follow","max-snippet":"max-snippet:-1","max-image-preview":"max-image-preview:large","max-video-preview":"max-video-preview:-1"},"canonical":"https:\/\/iwell-guard.com\/is\/cernunnos\/","og_locale":"is_IS","og_type":"article","og_title":"Cernunnos","og_description":"Cernunnos, keltneskur herra d\u00fdranna me\u00f0 hjartarhorn, \u00e1byrgur fyrir \u00f3bygg\u00f0um, au\u00f0leg\u00f0 og frj\u00f3semi, nefndur \u00e1 Gundestrup-k\u00f6tlinum.","og_url":"https:\/\/iwell-guard.com\/is\/cernunnos\/","og_site_name":"iWell Guard","article_modified_time":"2026-09-05T14:20:36+00:00","og_image":[{"width":1024,"height":1536,"url":"https:\/\/iwell-guard.com\/wp-content\/uploads\/2026\/04\/goetter_keltisch_cernunnos.webp","type":"image\/webp"}],"twitter_card":"summary_large_image","schema":{"@context":"https:\/\/schema.org","@graph":[{"@type":"Article","@id":"https:\/\/iwell-guard.com\/is\/cernunnos\/#article","isPartOf":{"@id":"https:\/\/iwell-guard.com\/is\/cernunnos\/"},"author":{"name":"Ralf Ittermann","@id":"https:\/\/iwell-guard.com\/is\/#\/schema\/person\/ee2a27f1cac3406c7c6fb5820cb7349f"},"headline":"Cernunnos","datePublished":"2026-09-05T14:03:20+00:00","dateModified":"2026-09-05T14:20:36+00:00","mainEntityOfPage":{"@id":"https:\/\/iwell-guard.com\/is\/cernunnos\/"},"publisher":{"@id":"https:\/\/iwell-guard.com\/is\/#organization"},"image":{"@id":"https:\/\/iwell-guard.com\/is\/cernunnos\/#primaryimage"},"thumbnailUrl":"https:\/\/iwell-guard.com\/wp-content\/uploads\/2026\/04\/goetter_keltisch_cernunnos.webp","inLanguage":"is","description":"Cernunnos, keltneskur herra d\u00fdranna me\u00f0 hjartarhorn, \u00e1byrgur fyrir \u00f3bygg\u00f0um, au\u00f0leg\u00f0 og frj\u00f3semi, nefndur \u00e1 Gundestrup-k\u00f6tlinum."},{"@type":"WebPage","@id":"https:\/\/iwell-guard.com\/is\/cernunnos\/","url":"https:\/\/iwell-guard.com\/is\/cernunnos\/","name":"Cernunnos - herra villid\u00fdranna","isPartOf":{"@id":"https:\/\/iwell-guard.com\/is\/#website"},"primaryImageOfPage":{"@id":"https:\/\/iwell-guard.com\/is\/cernunnos\/#primaryimage"},"image":{"@id":"https:\/\/iwell-guard.com\/is\/cernunnos\/#primaryimage"},"thumbnailUrl":"https:\/\/iwell-guard.com\/wp-content\/uploads\/2026\/04\/goetter_keltisch_cernunnos.webp","datePublished":"2026-09-05T14:03:20+00:00","dateModified":"2026-09-05T14:20:36+00:00","description":"Cernunnos, keltneskur herra d\u00fdranna me\u00f0 hjartarhorn, \u00e1byrgur fyrir \u00f3bygg\u00f0um, au\u00f0leg\u00f0 og frj\u00f3semi, nefndur \u00e1 Gundestrup-k\u00f6tlinum.","breadcrumb":{"@id":"https:\/\/iwell-guard.com\/is\/cernunnos\/#breadcrumb"},"inLanguage":"is","potentialAction":[{"@type":"ReadAction","target":["https:\/\/iwell-guard.com\/is\/cernunnos\/"]}]},{"@type":"ImageObject","inLanguage":"is","@id":"https:\/\/iwell-guard.com\/is\/cernunnos\/#primaryimage","url":"https:\/\/iwell-guard.com\/wp-content\/uploads\/2026\/04\/goetter_keltisch_cernunnos.webp","contentUrl":"https:\/\/iwell-guard.com\/wp-content\/uploads\/2026\/04\/goetter_keltisch_cernunnos.webp","width":1024,"height":1536,"caption":"Gu\u00f0ir \u00far keltneskri hef\u00f0."},{"@type":"BreadcrumbList","@id":"https:\/\/iwell-guard.com\/is\/cernunnos\/#breadcrumb","itemListElement":[{"@type":"ListItem","position":1,"name":"Start","item":"https:\/\/iwell-guard.com\/is\/?page_id=168580"},{"@type":"ListItem","position":2,"name":"Cernunnos"}]},{"@type":"WebSite","@id":"https:\/\/iwell-guard.com\/is\/#website","url":"https:\/\/iwell-guard.com\/is\/","name":"iWell Guard","description":"Schutz vor dunklen Einfl\u00fcssen","publisher":{"@id":"https:\/\/iwell-guard.com\/is\/#organization"},"potentialAction":[{"@type":"SearchAction","target":{"@type":"EntryPoint","urlTemplate":"https:\/\/iwell-guard.com\/is\/?s={search_term_string}"},"query-input":{"@type":"PropertyValueSpecification","valueRequired":true,"valueName":"search_term_string"}}],"inLanguage":"is"},{"@type":"Organization","@id":"https:\/\/iwell-guard.com\/is\/#organization","name":"Ittermann electronic GmbH","url":"https:\/\/iwell-guard.com\/is\/","logo":{"@type":"ImageObject","inLanguage":"is","@id":"https:\/\/iwell-guard.com\/is\/#\/schema\/logo\/image\/","url":"https:\/\/iwell-guard.com\/wp-content\/uploads\/2026\/05\/Ittermann-Logo-1182x237-1.png","contentUrl":"https:\/\/iwell-guard.com\/wp-content\/uploads\/2026\/05\/Ittermann-Logo-1182x237-1.png","width":1182,"height":237,"caption":"Ittermann electronic GmbH"},"image":{"@id":"https:\/\/iwell-guard.com\/is\/#\/schema\/logo\/image\/"},"sameAs":["https:\/\/pantip.com\/profile\/9367242","https:\/\/micro.blog\/iwellguard","https:\/\/www.diggerslist.com\/iwellguard\/about","https:\/\/skitterphoto.com\/photographers\/2870314\/iwell-guard","https:\/\/iwellguard.wordpress.com\/2026\/06\/06\/iwell-guard\/","https:\/\/hub.docker.com\/u\/iwellguard","https:\/\/www.pinterest.com\/iwellguard\/","https:\/\/bit.ly\/m\/iwellguard","https:\/\/entre-vos-mains.alsace.eu\/profiles\/iwellguard\/activity","https:\/\/gravatar.com\/reallybeded8fd34","https:\/\/naijamatta.com\/iwellguard","https:\/\/www.goodreads.com\/iwellguard","https:\/\/profile.hatena.ne.jp\/iwellguard\/","https:\/\/experiment.com\/users\/iwellguard","https:\/\/wakelet.com\/@iWellGuard82270","https:\/\/www.chordie.com\/forum\/profile.php?id=2555664","https:\/\/www.instapaper.com\/p\/17757966","https:\/\/www.mapleprimes.com\/users\/iwellguard","https:\/\/businesslistingplus.com\/profile\/iwell-guard\/","https:\/\/telegra.ph\/iWell-Guard-06-06","https:\/\/pbase.com\/iwellguard\/iwellguard","https:\/\/b.hatena.ne.jp\/iwellguard\/20260607#bookmark-4788405196491818882","https:\/\/fliphtml5.com\/home\/iwellguard","https:\/\/anyflip.com\/homepage\/cmiwl#About","https:\/\/transfur.com\/Users\/iwellguard","http:\/\/delphi.larsbo.org\/user\/iwellguard","https:\/\/jobs.lajobsportal.org\/profiles\/8380803-iwell-guard","https:\/\/md.chaosdorf.de\/s\/jfbe5SBdJD","https:\/\/www.lingvolive.com\/en-us\/profile\/9ecaeaca-ce11-4e51-9e71-01d55e2bff36\/translations","https:\/\/www.fitday.com\/fitness\/forums\/members\/iwellguard.html","https:\/\/www.mymeetbook.com\/iwellguard","https:\/\/pxhere.com\/en\/photographer-me\/5040798","https:\/\/disqus.com\/by\/iwellguard\/about\/","https:\/\/pastelink.net\/hjwciqwq","https:\/\/pubhtml5.com\/homepage\/scjhn\/","https:\/\/www.bitchute.com\/channel\/2O2eOKzNqujT","https:\/\/audiomack.com\/iwellguard"]},{"@type":"Person","@id":"https:\/\/iwell-guard.com\/is\/#\/schema\/person\/ee2a27f1cac3406c7c6fb5820cb7349f","name":"Ralf Ittermann","image":{"@type":"ImageObject","inLanguage":"is","@id":"https:\/\/secure.gravatar.com\/avatar\/073c0153e350a5005b68eb752b445fea71f6b24a26da9449ad7e155e6b446c9d?s=96&d=mm&r=g","url":"https:\/\/secure.gravatar.com\/avatar\/073c0153e350a5005b68eb752b445fea71f6b24a26da9449ad7e155e6b446c9d?s=96&d=mm&r=g","contentUrl":"https:\/\/secure.gravatar.com\/avatar\/073c0153e350a5005b68eb752b445fea71f6b24a26da9449ad7e155e6b446c9d?s=96&d=mm&r=g","caption":"Ralf Ittermann"},"givenName":"Ralf","familyName":"Ittermann","jobTitle":"Gesch\u00e4ftsf\u00fchrer und redaktioneller Verantwortlicher","url":"https:\/\/iwell-guard.com\/is\/author\/claude\/","description":"Ralf Ittermann ist Gesch\u00e4ftsf\u00fchrer der Ittermann electronic GmbH und redaktioneller Verantwortlicher des iWell-Guard-Lexikons. Er verbindet langj\u00e4hrige Erfahrung in der Pr\u00e4zisionsfertigung mit medialer Praxis und religionsgeschichtlicher Quellenarbeit.","worksFor":{"@type":"Organization","name":"Ittermann electronic GmbH","url":"https:\/\/ittermann.de\/","address":{"@type":"PostalAddress","streetAddress":"K\u00f6hlergasse 16-18","postalCode":"99842","addressLocality":"Ruhla","addressCountry":"DE"}},"knowsAbout":["Religionsgeschichte","Mythologie","Mediale Praxis","Energetische Diagnostik","Schutzpraxis","Volksglauben","Westliche Esoterik"]},{"@type":"Article","@id":"https:\/\/iwell-guard.com\/is\/cernunnos\/#article","isPartOf":{"@id":"https:\/\/iwell-guard.com\/is\/cernunnos\/"},"author":{"name":"Ralf Ittermann","@id":"https:\/\/iwell-guard.com\/is\/#\/schema\/person\/ee2a27f1cac3406c7c6fb5820cb7349f"},"headline":"Cernunnos","datePublished":"2026-09-05T14:03:20+00:00","dateModified":"2026-09-05T14:20:36+00:00","mainEntityOfPage":{"@id":"https:\/\/iwell-guard.com\/is\/cernunnos\/"},"publisher":{"@id":"https:\/\/iwell-guard.com\/is\/#organization"},"image":{"@id":"https:\/\/iwell-guard.com\/is\/cernunnos\/#primaryimage"},"thumbnailUrl":"https:\/\/iwell-guard.com\/wp-content\/uploads\/2026\/04\/goetter_keltisch_cernunnos.webp","inLanguage":"is","description":"Cernunnos, keltneskur herra d\u00fdranna me\u00f0 hjartarhorn, \u00e1byrgur fyrir \u00f3bygg\u00f0um, au\u00f0leg\u00f0 og frj\u00f3semi, nefndur \u00e1 Gundestrup-k\u00f6tlinum."}]}},"_links":{"self":[{"href":"https:\/\/iwell-guard.com\/is\/wp-json\/wp\/v2\/pages\/168830","targetHints":{"allow":["GET"]}}],"collection":[{"href":"https:\/\/iwell-guard.com\/is\/wp-json\/wp\/v2\/pages"}],"about":[{"href":"https:\/\/iwell-guard.com\/is\/wp-json\/wp\/v2\/types\/page"}],"author":[{"embeddable":true,"href":"https:\/\/iwell-guard.com\/is\/wp-json\/wp\/v2\/users\/3"}],"replies":[{"embeddable":true,"href":"https:\/\/iwell-guard.com\/is\/wp-json\/wp\/v2\/comments?post=168830"}],"version-history":[{"count":0,"href":"https:\/\/iwell-guard.com\/is\/wp-json\/wp\/v2\/pages\/168830\/revisions"}],"wp:featuredmedia":[{"embeddable":true,"href":"https:\/\/iwell-guard.com\/is\/wp-json\/wp\/v2\/media\/1615"}],"wp:attachment":[{"href":"https:\/\/iwell-guard.com\/is\/wp-json\/wp\/v2\/media?parent=168830"}],"wp:term":[{"taxonomy":"category","embeddable":true,"href":"https:\/\/iwell-guard.com\/is\/wp-json\/wp\/v2\/categories?post=168830"}],"curies":[{"name":"wp","href":"https:\/\/api.w.org\/{rel}","templated":true}]}}