{"id":168828,"date":"2026-09-05T14:03:19","date_gmt":"2026-09-05T14:03:19","guid":{"rendered":"https:\/\/iwell-guard.com\/?page_id=168828"},"modified":"2026-09-05T14:20:31","modified_gmt":"2026-09-05T14:20:31","slug":"brigid","status":"publish","type":"page","link":"https:\/\/iwell-guard.com\/is\/brigid\/","title":{"rendered":"Brigid"},"content":{"rendered":"\t\t<div data-elementor-type=\"wp-page\" data-elementor-id=\"168828\" class=\"elementor elementor-168828 elementor-2122 elementor-bc-flex-widget\" data-elementor-post-type=\"page\">\n\t\t\t\t<div class=\"elementor-element elementor-element-10fdade e-flex e-con-boxed e-con e-parent\" data-id=\"10fdade\" data-element_type=\"container\" data-e-type=\"container\" data-settings=\"{&quot;background_background&quot;:&quot;classic&quot;}\">\n\t\t\t\t\t<div class=\"e-con-inner\">\n\t\t<div class=\"elementor-element elementor-element-herohlft0 e-flex e-con-boxed e-con e-child\" data-id=\"herohlft0\" data-element_type=\"container\" data-e-type=\"container\">\n\t\t\t\t\t<div class=\"e-con-inner\">\n\t\t<div class=\"elementor-element elementor-element-c3ceb64 e-con-full e-flex e-con e-child\" data-id=\"c3ceb64\" data-element_type=\"container\" data-e-type=\"container\">\n\t\t\t\t<div class=\"elementor-element elementor-element-96ae5e1 elementor-widget elementor-widget-heading\" data-id=\"96ae5e1\" data-element_type=\"widget\" data-e-type=\"widget\" data-widget_type=\"heading.default\">\n\t\t\t\t\t<h1 class=\"elementor-heading-title elementor-size-default\">Brigid, gy\u00f0ja hinnar keltnesku hef\u00f0ar<\/h1>\t\t\t\t<\/div>\n\t\t\t\t<div class=\"elementor-element elementor-element-e45238a elementor-widget elementor-widget-text-editor\" data-id=\"e45238a\" data-element_type=\"widget\" data-e-type=\"widget\" data-widget_type=\"text-editor.default\">\n\t\t\t\t\t\t\t\t\t<p>Brigid er gy\u00f0ja hinnar keltnesku hef\u00f0ar sem er pers\u00f3nugervingur elds, l\u00e6knislistar, sk\u00e1ldskapar og handverks. H\u00fan er d\u00e6mi um eina af f\u00e1um kristnum-hei\u00f0num samr\u00e6mingum \u00ed eyjaskeggjamenningu fr\u00e1 \u00e1rd\u00f6gum mi\u00f0alda og er tr\u00faars\u00f6gulega mikilv\u00e6g heimild um samfellu \u00ed fyrirkeltneskri d\u00fdrkun innan samf\u00e9lags sem haf\u00f0i nafnb\u00f3t kristni.<\/p>\t\t\t\t\t\t\t\t<\/div>\n\t\t\t\t<\/div>\n\t\t<div class=\"elementor-element elementor-element-klsbdg01 e-con-full e-flex e-con e-parent\" data-id=\"klsbdg01\" data-element_type=\"container\" data-e-type=\"container\">\n\t\t\t\t<div class=\"elementor-element elementor-element-klshtm01 elementor-widget elementor-widget-html\" data-id=\"klshtm01\" data-element_type=\"widget\" data-e-type=\"widget\" data-widget_type=\"html.default\">\n\t\t\t\t\t<div class=\"iwg-pill-row\"><span class=\"iwg-klasse-badge\" tabindex=\"0\" data-tooltip=\"Gu\u00f0 \/ gy\u00f0ja: Pers\u00f3nuger\u00f0ur h\u00e6sti m\u00e1ttur \u00ed go\u00f0aheimi menningar, me\u00f0 sk\u00fdr hlutverk, n\u00e1tt\u00faru\u00f6fl, \u00f6rl\u00f6g, str\u00ed\u00f0, frj\u00f3semi. Tilbe\u00f0in me\u00f0 helgisi\u00f0um, f\u00f3rnum og musterisstofnunum.\">Gy\u00f0ja<\/span><a href=\"https:\/\/iwell-guard.com\/is\/?page_id=168615\" class=\"iwg-kultur-badge\" tabindex=\"0\" data-tooltip=\"Keltnesk tr\u00fa Vestur-Evr\u00f3pu og bresku eyjanna, var\u00f0veitt go\u00f0s\u00f6gulega \u00ed \u00edrskum og velskum textum.\">Keltneskt<\/a><a href=\"https:\/\/iwell-guard.com\/is\/?page_id=168708\" class=\"iwg-tradition-badge\" tabindex=\"0\" data-tooltip=\"Verndargu\u00f0ir, verndarar heimilis, borgar, f\u00e6\u00f0inga, fer\u00f0alaga e\u00f0a l\u00edfsskei\u00f0a.\">Verndargu\u00f0<\/a><\/div>\t\t\t\t<\/div>\n\t\t\t\t<\/div>\n\t\t<div class=\"elementor-element elementor-element-3f74855 e-con-full e-flex e-con e-child\" data-id=\"3f74855\" data-element_type=\"container\" data-e-type=\"container\">\n\t\t\t\t<div class=\"elementor-element elementor-element-1c30362 elementor-toc--minimized-on-tablet elementor-widget elementor-widget-table-of-contents\" data-id=\"1c30362\" data-element_type=\"widget\" data-e-type=\"widget\" data-settings=\"{&quot;exclude_headings_by_selector&quot;:[],&quot;no_headings_message&quot;:&quot;Engar undirfyrirsagnir fundust \\u00e1 \\u00feessari s\\u00ed\\u00f0u.&quot;,&quot;headings_by_tags&quot;:[&quot;h2&quot;,&quot;h3&quot;],&quot;marker_view&quot;:&quot;bullets&quot;,&quot;minimize_box&quot;:&quot;yes&quot;,&quot;icon&quot;:{&quot;value&quot;:&quot;fas fa-circle&quot;,&quot;library&quot;:&quot;fa-solid&quot;,&quot;rendered_tag&quot;:&quot;&lt;svg class=\\&quot;e-font-icon-svg e-fas-circle\\&quot; viewBox=\\&quot;0 0 512 512\\&quot; xmlns=\\&quot;http:\\\/\\\/www.w3.org\\\/2000\\\/svg\\&quot;&gt;&lt;path d=\\&quot;M256 8C119 8 8 119 8 256s111 248 248 248 248-111 248-248S393 8 256 8z\\&quot;&gt;&lt;\\\/path&gt;&lt;\\\/svg&gt;&quot;},&quot;minimized_on&quot;:&quot;tablet&quot;,&quot;hierarchical_view&quot;:&quot;yes&quot;,&quot;min_height&quot;:{&quot;unit&quot;:&quot;px&quot;,&quot;size&quot;:&quot;&quot;,&quot;sizes&quot;:[]},&quot;min_height_tablet&quot;:{&quot;unit&quot;:&quot;px&quot;,&quot;size&quot;:&quot;&quot;,&quot;sizes&quot;:[]},&quot;min_height_mobile&quot;:{&quot;unit&quot;:&quot;px&quot;,&quot;size&quot;:&quot;&quot;,&quot;sizes&quot;:[]}}\" data-widget_type=\"table-of-contents.default\">\n\t\t\t\t\t\t\t\t\t<div class=\"elementor-toc__header\">\n\t\t\t\t\t\t<h2 class=\"elementor-toc__header-title\">\n\t\t\t\tEfnisyfirlit\t\t\t<\/h2>\n\t\t\t\t\t\t\t\t\t\t<div class=\"elementor-toc__toggle-button elementor-toc__toggle-button--expand\" role=\"button\" tabindex=\"0\" aria-controls=\"elementor-toc__1c30362\" aria-expanded=\"true\" aria-label=\"Open table of contents\"><svg aria-hidden=\"true\" class=\"e-font-icon-svg e-fas-chevron-down\" viewBox=\"0 0 448 512\" xmlns=\"http:\/\/www.w3.org\/2000\/svg\"><path d=\"M207.029 381.476L12.686 187.132c-9.373-9.373-9.373-24.569 0-33.941l22.667-22.667c9.357-9.357 24.522-9.375 33.901-.04L224 284.505l154.745-154.021c9.379-9.335 24.544-9.317 33.901.04l22.667 22.667c9.373 9.373 9.373 24.569 0 33.941L240.971 381.476c-9.373 9.372-24.569 9.372-33.942 0z\"><\/path><\/svg><\/div>\n\t\t\t\t<div class=\"elementor-toc__toggle-button elementor-toc__toggle-button--collapse\" role=\"button\" tabindex=\"0\" aria-controls=\"elementor-toc__1c30362\" aria-expanded=\"true\" aria-label=\"Close table of contents\"><svg aria-hidden=\"true\" class=\"e-font-icon-svg e-fas-chevron-up\" viewBox=\"0 0 448 512\" xmlns=\"http:\/\/www.w3.org\/2000\/svg\"><path d=\"M240.971 130.524l194.343 194.343c9.373 9.373 9.373 24.569 0 33.941l-22.667 22.667c-9.357 9.357-24.522 9.375-33.901.04L224 227.495 69.255 381.516c-9.379 9.335-24.544 9.317-33.901-.04l-22.667-22.667c-9.373-9.373-9.373-24.569 0-33.941L207.03 130.525c9.372-9.373 24.568-9.373 33.941-.001z\"><\/path><\/svg><\/div>\n\t\t\t\t\t<\/div>\n\t\t\t\t<div id=\"elementor-toc__1c30362\" class=\"elementor-toc__body\">\n\t\t\t<div class=\"elementor-toc__spinner-container\">\n\t\t\t\t<svg class=\"elementor-toc__spinner eicon-animation-spin e-font-icon-svg e-eicon-loading\" aria-hidden=\"true\" viewBox=\"0 0 1000 1000\" xmlns=\"http:\/\/www.w3.org\/2000\/svg\"><path d=\"M500 975V858C696 858 858 696 858 500S696 142 500 142 142 304 142 500H25C25 237 238 25 500 25S975 237 975 500 763 975 500 975Z\"><\/path><\/svg>\t\t\t<\/div>\n\t\t<\/div>\n\t\t\t\t\t\t<\/div>\n\t\t\t\t<\/div>\n\t\t\t\t\t<\/div>\n\t\t\t\t<\/div>\n\t\t<div class=\"elementor-element elementor-element-herorght0 e-con-full e-flex e-con e-child\" data-id=\"herorght0\" data-element_type=\"container\" data-e-type=\"container\">\n\t\t\t\t<div class=\"elementor-element elementor-element-heroimg00 iwg-hero-image elementor-widget elementor-widget-image\" data-id=\"heroimg00\" data-element_type=\"widget\" data-e-type=\"widget\" data-widget_type=\"image.default\">\n\t\t\t\t\t\t\t\t\t\t\t\t\t\t\t<img fetchpriority=\"high\" decoding=\"async\" width=\"683\" height=\"1024\" src=\"https:\/\/iwell-guard.com\/wp-content\/uploads\/2026\/04\/goetter_keltisch_brigid-683x1024.webp\" class=\"attachment-large size-large wp-image-171088\" alt=\"Brigid - Gu\u00f0ir \u00far keltneskri hef\u00f0, s\u00f6gulega-myndr\u00e6nt\" srcset=\"https:\/\/iwell-guard.com\/wp-content\/uploads\/2026\/04\/goetter_keltisch_brigid-683x1024.webp 683w, https:\/\/iwell-guard.com\/wp-content\/uploads\/2026\/04\/goetter_keltisch_brigid-200x300.webp 200w, https:\/\/iwell-guard.com\/wp-content\/uploads\/2026\/04\/goetter_keltisch_brigid-768x1152.webp 768w, https:\/\/iwell-guard.com\/wp-content\/uploads\/2026\/04\/goetter_keltisch_brigid.webp 1024w\" sizes=\"(max-width: 683px) 100vw, 683px\" \/>\t\t\t\t\t\t\t\t\t\t\t\t\t\t\t<\/div>\n\t\t\t\t<\/div>\n\t\t\t\t\t<\/div>\n\t\t\t\t<\/div>\n\t\t<div class=\"elementor-element elementor-element-32917199 e-flex e-con-boxed e-con e-parent\" data-id=\"32917199\" data-element_type=\"container\" data-e-type=\"container\">\n\t\t\t\t\t<div class=\"e-con-inner\">\n\t\t<div class=\"elementor-element elementor-element-26e916cb e-flex e-con-boxed e-con e-child\" data-id=\"26e916cb\" data-element_type=\"container\" data-e-type=\"container\">\n\t\t\t\t\t<div class=\"e-con-inner\">\n\t\t<div class=\"elementor-element elementor-element-253a40d4 e-flex e-con-boxed e-con e-child\" data-id=\"253a40d4\" data-element_type=\"container\" data-e-type=\"container\">\n\t\t\t\t\t<div class=\"e-con-inner\">\n\t\t\t\t<div class=\"elementor-element elementor-element-1200c304 elementor-widget elementor-widget-heading\" data-id=\"1200c304\" data-element_type=\"widget\" data-e-type=\"widget\" data-widget_type=\"heading.default\">\n\t\t\t\t\t<div class=\"elementor-heading-title elementor-size-default\">Brigid<\/div>\t\t\t\t<\/div>\n\t\t\t\t<div class=\"elementor-element elementor-element-11758e7f elementor-widget elementor-widget-text-editor\" data-id=\"11758e7f\" data-element_type=\"widget\" data-e-type=\"widget\" data-widget_type=\"text-editor.default\">\n\t\t\t\t\t\t\t\t\t<p>\u00cd ritum er Brigid l\u00fdst sem gy\u00f0ju \u00ferenns e\u00f0lis: l\u00e6knislistar, sk\u00e1ldskapar og listi\u00f0na\u00f0ar. H\u00fan tilheyrir Tuatha D\u00e9 Danann, hinni gu\u00f0legu kynsl\u00f3\u00f0 keltneskrar <span class=\"iwg-fachbegriff\" data-tooltip=\"Mi\u00f0lun \u00feekkingar og sagna milli kynsl\u00f3\u00f0a.\" tabindex=\"0\">munnm\u00e6lahef\u00f0ar<\/span>, og er s\u00f6g\u00f0 eiginkona Bres e\u00f0a annarra mikilv\u00e6gra pers\u00f3na.<\/p><p>Eftir kristnit\u00f6ku var h\u00fan heimf\u00e6r\u00f0 \u00e1fram sem hin heilaga Brigitte, verndard\u00fdrlingur \u00cdrlands. Mi\u00f0l\u00e6g er h\u00e1t\u00ed\u00f0 hennar Imbolc, fyrsti febr\u00faar, umskiptadagur til vors sem tengist frj\u00f3semi og n\u00fdju l\u00edfi.<\/p>\t\t\t\t\t\t\t\t<\/div>\n\t\t\t\t\t<\/div>\n\t\t\t\t<\/div>\n\t\t<div class=\"elementor-element elementor-element-159dcf9a e-flex e-con-boxed e-con e-child\" data-id=\"159dcf9a\" data-element_type=\"container\" data-e-type=\"container\">\n\t\t\t\t\t<div class=\"e-con-inner\">\n\t\t\t\t<div class=\"elementor-element elementor-element-48cee66f elementor-widget elementor-widget-heading\" data-id=\"48cee66f\" data-element_type=\"widget\" data-e-type=\"widget\" data-widget_type=\"heading.default\">\n\t\t\t\t\t<h2 class=\"elementor-heading-title elementor-size-default\">Skj\u00f3t yfirs\u00fdn: Brigid<\/h2>\t\t\t\t<\/div>\n\t\t\t\t<div class=\"elementor-element elementor-element-3f50d82c elementor-widget elementor-widget-text-editor\" data-id=\"3f50d82c\" data-element_type=\"widget\" data-e-type=\"widget\" data-widget_type=\"text-editor.default\">\n\t\t\t\t\t\t\t\t\t<p>Heimildirnar koma fyrst og fremst \u00far \u00edrskum handritum fr\u00e1 mi\u00f0\u00f6ldum eins og Metrical Dindshenchas, sem safnar \u00f6rnefnas\u00f6gnum, og \u00far helgisagnaritum um hina heil\u00f6gu Brigitte, sem ur\u00f0u til fr\u00e1 7. \u00f6ld.<\/p><p>Bernhard Maier og Birkhan hafa s\u00fdnt fram \u00e1 a\u00f0 samfellan milli \u00feessarar hei\u00f0nu gy\u00f0ju og kristinnar d\u00fdrlingar er \u00f3lj\u00f3s, en textalega \u00f3umfl\u00fdjanleg. \u00cdrska eyjakirkjan var\u00f0veitti keltneskar hef\u00f0ir af meiri kostg\u00e6fni en meginlandskristnin.<\/p>\t\t\t\t\t\t\t\t<\/div>\n\t\t\t\t\t<\/div>\n\t\t\t\t<\/div>\n\t\t\t\t\t<\/div>\n\t\t\t\t<\/div>\n\t\t\t\t\t<\/div>\n\t\t\t\t<\/div>\n\t\t<div class=\"elementor-element elementor-element-18613602 e-flex e-con-boxed e-con e-parent\" data-id=\"18613602\" data-element_type=\"container\" data-e-type=\"container\">\n\t\t\t\t\t<div class=\"e-con-inner\">\n\t\t\t\t<div class=\"elementor-element elementor-element-262b8a9f elementor-widget elementor-widget-heading\" data-id=\"262b8a9f\" data-element_type=\"widget\" data-e-type=\"widget\" data-widget_type=\"heading.default\">\n\t\t\t\t\t<h2 class=\"elementor-heading-title elementor-size-default\">Samhengi<\/h2>\t\t\t\t<\/div>\n\t\t<div class=\"elementor-element elementor-element-46dcb7d e-con-full e-flex e-con e-child\" data-id=\"46dcb7d\" data-element_type=\"container\" data-e-type=\"container\">\n\t\t<div class=\"elementor-element elementor-element-61d3ab3 e-flex e-con-boxed e-con e-child\" data-id=\"61d3ab3\" data-element_type=\"container\" data-e-type=\"container\">\n\t\t\t\t\t<div class=\"e-con-inner\">\n\t\t\t\t<div class=\"elementor-element elementor-element-117c166 elementor-widget elementor-widget-heading\" data-id=\"117c166\" data-element_type=\"widget\" data-e-type=\"widget\" data-widget_type=\"heading.default\">\n\t\t\t\t\t<div class=\"elementor-heading-title elementor-size-default\">T\u00edmabil textanna<\/div>\t\t\t\t<\/div>\n\t\t\t\t<div class=\"elementor-element elementor-element-73997a0 elementor-widget elementor-widget-text-editor\" data-id=\"73997a0\" data-element_type=\"widget\" data-e-type=\"widget\" data-widget_type=\"text-editor.default\">\n\t\t\t\t\t\t\t\t\t<p>Fr\u00e1 gy\u00f0ju Tuatha D\u00e9 Danann yfir \u00ed hina heil\u00f6gu Brigid af Kildare og til Brigid-si\u00f0a 20. aldar m\u00e1 rekja munnm\u00e6lahef\u00f0ina \u00e1 \u00cdrlandi yfir langt t\u00edmabil. Fl\u00e9ttun Brigid-krossa 1. febr\u00faar er i\u00f0ku\u00f0 allt til dagsins \u00ed dag, og fr\u00e1 2023 er Brigidardagurinn l\u00f6gbundinn fr\u00eddagur \u00e1 \u00cdrlandi. Hin kristna d\u00fdrlingur hefur \u00feannig teki\u00f0 \u00ed sig einkenni eldri gy\u00f0junnar, \u00feannig a\u00f0 grunnger\u00f0in hefur haldist greinileg \u00fer\u00e1tt fyrir tr\u00faskiptin.<\/p><h3>Go\u00f0sagnafr\u00e6\u00f0ileg sta\u00f0setning<\/h3><p>Brigid er ein mikilv\u00e6gasta gy\u00f0ja \u00edrskrar og bresk-keltneskrar hef\u00f0ar. H\u00fan er gy\u00f0ja elds, l\u00e6knislistar, sk\u00e1ldskapar og sm\u00ed\u00f0alistar. H\u00fan er \u00ferefald e\u00f0a n\u00edf\u00f6ld \u00ed \u00e6ttart\u00f6lum. Brigid var svo mikilv\u00e6g a\u00f0 h\u00fan var tekin upp \u00ed kristna d\u00fdrlingad\u00fdrkun.<\/p>\t\t\t\t\t\t\t\t<\/div>\n\t\t\t\t\t<\/div>\n\t\t\t\t<\/div>\n\t\t<div class=\"elementor-element elementor-element-d47b156 e-flex e-con-boxed e-con e-child\" data-id=\"d47b156\" data-element_type=\"container\" data-e-type=\"container\">\n\t\t\t\t\t<div class=\"e-con-inner\">\n\t\t\t\t<div class=\"elementor-element elementor-element-ff38c2b elementor-widget elementor-widget-heading\" data-id=\"ff38c2b\" data-element_type=\"widget\" data-e-type=\"widget\" data-widget_type=\"heading.default\">\n\t\t\t\t\t<div class=\"elementor-heading-title elementor-size-default\">\u00datbrei\u00f0slusv\u00e6\u00f0i<\/div>\t\t\t\t<\/div>\n\t\t\t\t<div class=\"elementor-element elementor-element-4e49fcc elementor-widget elementor-widget-text-editor\" data-id=\"4e49fcc\" data-element_type=\"widget\" data-e-type=\"widget\" data-widget_type=\"text-editor.default\">\n\t\t\t\t\t\t\t\t\t<p>Brigid var ekki bundin vi\u00f0 \u00e1kve\u00f0i\u00f0 sv\u00e6\u00f0i e\u00f0a sta\u00f0setningu, heldur var alkunn og d\u00fdrku\u00f0 e\u00f0a virt me\u00f0 lotningarfullum \u00f3tta um allan keltneska heiminn. Hvort sem var \u00ed st\u00f3rum borgarkj\u00f6rnum e\u00f0a \u00e1 ja\u00f0arsv\u00e6\u00f0um \u00ed dreifb\u00fdli, hvort sem var me\u00f0al samf\u00e9lagslegrar yfirst\u00e9ttar e\u00f0a me\u00f0al al\u00fe\u00fd\u00f0u, var andleg e\u00f0a menningarleg \u00fe\u00fd\u00f0ing \u00feessarar v\u00e6ttar vi\u00f0urkennd samfellt og v\u00ed\u00f0t\u00e6kt.<\/p><p>Gl\u00f3sub\u00f3k Cormacs nefnir Brigid gy\u00f0juna sem allir \u00edrskir sk\u00e1ld d\u00fdrku\u00f0u, sem sta\u00f0festir st\u00f6\u00f0u hennar me\u00f0al l\u00e6r\u00f0ra st\u00e9tta \u00cdrlands. Nafn hennar kemur einnig fram \u00ed Bretlandi og Gall\u00edu \u00ed tengdum myndum eins og Brigantia, \u00e6ttb\u00e1lkagy\u00f0ju Br\u00edganta. \u00deessi \u00fatbrei\u00f0sla um keltnesk sv\u00e6\u00f0i \u00fatsk\u00fdrist af sameiginlegum tungum\u00e1lar\u00f3tum og tengslum milli keltneskra h\u00f3pa \u00e1 eyjunum og \u00e1 meginlandinu.<\/p>\t\t\t\t\t\t\t\t<\/div>\n\t\t\t\t\t<\/div>\n\t\t\t\t<\/div>\n\t\t\t\t<\/div>\n\t\t<div class=\"elementor-element elementor-element-db03c39 e-con-full e-flex e-con e-child\" data-id=\"db03c39\" data-element_type=\"container\" data-e-type=\"container\">\n\t\t<div class=\"elementor-element elementor-element-229a87b e-flex e-con-boxed e-con e-child\" data-id=\"229a87b\" data-element_type=\"container\" data-e-type=\"container\">\n\t\t\t\t\t<div class=\"e-con-inner\">\n\t\t\t\t<div class=\"elementor-element elementor-element-1f471fc elementor-widget elementor-widget-heading\" data-id=\"1f471fc\" data-element_type=\"widget\" data-e-type=\"widget\" data-widget_type=\"heading.default\">\n\t\t\t\t\t<div class=\"elementor-heading-title elementor-size-default\">Heimildasta\u00f0a<\/div>\t\t\t\t<\/div>\n\t\t\t\t<div class=\"elementor-element elementor-element-36b1201 elementor-widget elementor-widget-text-editor\" data-id=\"36b1201\" data-element_type=\"widget\" data-e-type=\"widget\" data-widget_type=\"text-editor.default\">\n\t\t\t\t\t\t\t\t\t<p>Frumheimildir: Metrical Dindshenchas (fr\u00e1 mi\u00f0\u00f6ldum, safnar saman efni fr\u00e1 t\u00edmum fyrir kristni), l\u00edfss\u00f6gur hinnar heil\u00f6gu Brigitte (7. 9. \u00f6ld), og brotakenndar gu\u00f0askr\u00e1r \u00ed Yellow Book of Lecan.<\/p><p>T\u00edmabil: go\u00f0sagnafr\u00e1sagnirnar endurgera a\u00f0st\u00e6\u00f0ur fr\u00e1 j\u00e1rn\u00f6ld og r\u00f3mverskum t\u00edma (u.\u00fe.b. 500 f.Kr. 400 e.Kr.), en skr\u00e1ningarnar ur\u00f0u til \u00e1 8. 12. \u00f6ld. Fr\u00e6\u00f0imenn: Proinsias Mac Cana (Celtic Mythology), Bernhard Maier (Die Religion der Kelten), Helmut Birkhan (Kelten) greina samr\u00e6mingarfyrirb\u00e6rin.<\/p>\t\t\t\t\t\t\t\t<\/div>\n\t\t\t\t\t<\/div>\n\t\t\t\t<\/div>\n\t\t\t\t<\/div>\n\t\t\t\t\t<\/div>\n\t\t\t\t<\/div>\n\t\t<div class=\"elementor-element elementor-element-3ae0637c e-flex e-con-boxed e-con e-parent\" data-id=\"3ae0637c\" data-element_type=\"container\" data-e-type=\"container\">\n\t\t\t\t\t<div class=\"e-con-inner\">\n\t\t\t\t<div class=\"elementor-element elementor-element-31d07739 elementor-widget elementor-widget-heading\" data-id=\"31d07739\" data-element_type=\"widget\" data-e-type=\"widget\" data-widget_type=\"heading.default\">\n\t\t\t\t\t<h2 class=\"elementor-heading-title elementor-size-default\">Nafn og afbrig\u00f0i<\/h2>\t\t\t\t<\/div>\n\t\t<div class=\"elementor-element elementor-element-b7642947 e-con-full e-flex e-con e-child\" data-id=\"b7642947\" data-element_type=\"container\" data-e-type=\"container\">\n\t\t\t\t<div class=\"elementor-element elementor-element-a086266 elementor-widget elementor-widget-text-editor\" data-id=\"a086266\" data-element_type=\"widget\" data-e-type=\"widget\" data-widget_type=\"text-editor.default\">\n\t\t\t\t\t\t\t\t\t<p>\u00cd \u00fdmsum heimildum og listr\u00e6num hef\u00f0um er Brigid s\u00fdnd me\u00f0 \u00e1kve\u00f0num endurteknum t\u00e1knmyndum sem haldast tilt\u00f6lulega st\u00f6\u00f0ugar yfir \u00e1ratugi og milli \u00f3l\u00edkra landsv\u00e6\u00f0a. \u00deessi t\u00e1kn eru ekki hrein skreyting e\u00f0a handah\u00f3fskennd, heldur dj\u00fapt t\u00e1knr\u00e6n og bera mikla merkingu.<\/p><p>Einkenni Brigidar bera hvert s\u00edna \u00e1kve\u00f0nu merkingu: tengingin vi\u00f0 eld og sm\u00ed\u00f0averkst\u00e6\u00f0i v\u00edsar til handverksemb\u00e6ttis hennar, hinn heilagi eldur \u00ed Kildare til l\u00e6knisemb\u00e6ttis hennar, tengingin vi\u00f0 sk\u00e1ldskap til st\u00f6\u00f0u hennar sem verndara Filid, hinna l\u00e6r\u00f0u \u00edrsku sk\u00e1lda. Brigid-krossinn \u00far fl\u00e9ttu\u00f0um sefst\u00f6ngum, tengingin vi\u00f0 uppsprettu og vorh\u00e1t\u00ed\u00f0in Imbolc mynda saman t\u00e1knkerfi sem h\u00e6gt var a\u00f0 lesa \u00far. S\u00e1 sem var kunnugur \u00edrskri munnm\u00e6lahef\u00f0 gat lesi\u00f0 \u00far \u00feessu \u00e1byrg\u00f0arsvi\u00f0 og st\u00f6\u00f0u gy\u00f0junnar: veru sem sameinar sk\u00e1ldskap, sm\u00ed\u00f0alist og l\u00e6kningu \u00ed \u00ferefaldri mynd, eins og gl\u00f3sub\u00f3k Cormacs l\u00fdsir \u00e1 9. \u00f6ld.<\/p>\t\t\t\t\t\t\t\t<\/div>\n\t\t\t\t<\/div>\n\t\t\t\t\t<\/div>\n\t\t\t\t<\/div>\n\t\t<div class=\"elementor-element elementor-element-709a44a8 e-flex e-con-boxed e-con e-parent\" data-id=\"709a44a8\" data-element_type=\"container\" data-e-type=\"container\">\n\t\t\t\t\t<div class=\"e-con-inner\">\n\t\t\t\t<div class=\"elementor-element elementor-element-2f585873 elementor-widget elementor-widget-heading\" data-id=\"2f585873\" data-element_type=\"widget\" data-e-type=\"widget\" data-widget_type=\"heading.default\">\n\t\t\t\t\t<h2 class=\"elementor-heading-title elementor-size-default\">L\u00fdsing<\/h2>\t\t\t\t<\/div>\n\t\t<div class=\"elementor-element elementor-element-70621c12 e-con-full e-flex e-con e-child\" data-id=\"70621c12\" data-element_type=\"container\" data-e-type=\"container\">\n\t\t\t\t<div class=\"elementor-element elementor-element-4296eb49 elementor-widget elementor-widget-text-editor\" data-id=\"4296eb49\" data-element_type=\"widget\" data-e-type=\"widget\" data-widget_type=\"text-editor.default\">\n\t\t\t\t\t\t\t\t\t<p>Brigid var mi\u00f0l\u00e6g \u00ed tr\u00faari\u00f0kun, hversdagslegum si\u00f0um og daglegri skilningi hinna keltnesku \u00fej\u00f3\u00f0a. F\u00f3lk sneri s\u00e9r til \u00feessarar v\u00e6ttar \u00e1 mikilv\u00e6gum e\u00f0a \u00e1kve\u00f0num l\u00edfsstundum e\u00f0a \u00e1 tilteknum \u00e1rst\u00ed\u00f0um si\u00f0fer\u00f0ilegs e\u00f0lis, me\u00f0 skipul\u00f6g\u00f0um, oft umfangsmiklum si\u00f0um, b\u00e6num e\u00f0a f\u00f3rnargj\u00f6fum.<\/p><p>D\u00fdrkun Brigidar fylgdi f\u00f6stum brautum: h\u00e1t\u00ed\u00f0in Imbolc 1. febr\u00faar marka\u00f0i \u00e1kve\u00f0inn t\u00edmapunkt \u00ed \u00e1rshringnum, og si\u00f0irnir um Brigid-krossa \u00far sefi e\u00f0a a\u00f0 leggja kl\u00fata \u00fat \u00e1 h\u00e1t\u00ed\u00f0arn\u00f3ttina voru mi\u00f0la\u00f0ir \u00e1fram me\u00f0 reglubundnum h\u00e6tti. Eftir samruna vi\u00f0 hina heil\u00f6gu Brigid af Kildare l\u00e1 umsj\u00f3n d\u00fdrkunarins \u00fear \u00ed h\u00f6ndum skipulegs klaustursamf\u00e9lags, \u00fear sem konur g\u00e6ttu hins arfleif\u00f0a elds.<\/p><p>A\u00f0 Imbolc var haldi\u00f0 h\u00e1t\u00ed\u00f0legt fr\u00e1 hei\u00f0nu \u00cdrlandi fram \u00e1 kristinn t\u00edma sem Brigidardagur (L\u00e1 Fh\u00e9ile Br\u00edde) s\u00fdnir hversu miki\u00f0 gagn menn t\u00f6ldu si\u00f0ina hafa. Verksvi\u00f0 hennar n\u00e1\u00f0i yfir fj\u00f6lda svi\u00f0a: Brigid-krossinn yfir dyrum \u00e1tti a\u00f0 vernda h\u00fasin og b\u00faf\u00e9\u00f0 fr\u00e1 ska\u00f0a, \u00e1byrg\u00f0 hennar \u00e1 l\u00e6knisverkum n\u00e1\u00f0i til sj\u00faklinga og f\u00e6\u00f0andi kvenna, og h\u00e1t\u00ed\u00f0in 1. febr\u00faar fylgdi umskiptunum fr\u00e1 vetri til upphafs beitart\u00ed\u00f0ar me\u00f0 fyrstu lambbur\u00f0um.<\/p><h3>\u00c1s\u00fdnd og t\u00e1knm\u00e1l<\/h3><p>Brigid er s\u00fdnd sem sk\u00ednandi f\u00f6gur kona me\u00f0 rautt e\u00f0a gulli\u00f0 h\u00e1r, oft umvafin eldi. K\u00f3r\u00f3na umlykur hana. Einkenni hennar eru blys, ste\u00f0ji og hamar, l\u00e6kningajurtir, harpa. Lindir og uppsprettur eru <span class=\"iwg-fachbegriff\" data-tooltip=\"Tilheyrir hinu gu\u00f0lega og \u00fear me\u00f0 undanskili\u00f0 hversdagslegri notkun.\" tabindex=\"0\">heilagt<\/span>. Brigid-krossinn er <span class=\"iwg-fachbegriff\" data-tooltip=\"Merki sem stendur fyrir \u00e1kve\u00f0na hugmynd e\u00f0a merkingu.\" tabindex=\"0\">t\u00e1kn<\/span> hennar.<\/p>\t\t\t\t\t\t\t\t<\/div>\n\t\t\t\t<\/div>\n\t\t\t\t\t<\/div>\n\t\t\t\t<\/div>\n\t\t<div class=\"elementor-element elementor-element-44e71476 e-flex e-con-boxed e-con e-parent\" data-id=\"44e71476\" data-element_type=\"container\" data-e-type=\"container\">\n\t\t\t\t\t<div class=\"e-con-inner\">\n\t\t\t\t<div class=\"elementor-element elementor-element-3c1fc3f0 elementor-widget elementor-widget-heading\" data-id=\"3c1fc3f0\" data-element_type=\"widget\" data-e-type=\"widget\" data-widget_type=\"heading.default\">\n\t\t\t\t\t<div class=\"elementor-heading-title elementor-size-default\">Grunnuppl\u00fdsingar: Brigid<\/div>\t\t\t\t<\/div>\n\t\t<div class=\"elementor-element elementor-element-84f33b8e e-con-full e-flex e-con e-child\" data-id=\"84f33b8e\" data-element_type=\"container\" data-e-type=\"container\">\n\t\t\t\t<div class=\"elementor-element elementor-element-hqkdc67p elementor-widget elementor-widget-text-editor\" data-id=\"hqkdc67p\" data-element_type=\"widget\" data-e-type=\"widget\" data-widget_type=\"text-editor.default\">\n\t\t\t\t\t\t\t\t\t<p>\u00cd \u00feessari greiningu er Brigid s\u00fdnd \u00ed sex v\u00edddum: menningarlegum uppruna hennar, tilbei\u00f0sluhringjum, myndm\u00e1li, kr\u00f6ftum sem henni eru eigna\u00f0ir, vir\u00f0ingar- og \u00e1kallsformum og hli\u00f0st\u00e6\u00f0um \u00ed n\u00e1grannamenningum. \u00deetta gefur kerfisbundi\u00f0 yfirlit yfir \u00feessa marg\u00fe\u00e6ttu gy\u00f0ju.<\/p>\t\t\t\t\t\t\t\t<\/div>\n\t\t\t\t<\/div>\n\t\t<div class=\"elementor-element elementor-element-pemmx7c5 e-con-full e-flex e-con e-child\" data-id=\"pemmx7c5\" data-element_type=\"container\" data-e-type=\"container\">\n\t\t<div class=\"elementor-element elementor-element-pemmx7c1 e-con-full e-flex e-con e-child\" data-id=\"pemmx7c1\" data-element_type=\"container\" data-e-type=\"container\">\n\t\t<div class=\"elementor-element elementor-element-qh9oavvu iwg-steckbrief-card e-flex e-con-boxed e-con e-child\" data-id=\"qh9oavvu\" data-element_type=\"container\" data-e-type=\"container\">\n\t\t\t\t\t<div class=\"e-con-inner\">\n\t\t\t\t<div class=\"elementor-element elementor-element-awzx8k2k elementor-widget elementor-widget-heading\" data-id=\"awzx8k2k\" data-element_type=\"widget\" data-e-type=\"widget\" data-widget_type=\"heading.default\">\n\t\t\t\t\t<div class=\"elementor-heading-title elementor-size-default\">Menningarsamhengi<\/div>\t\t\t\t<\/div>\n\t\t\t\t<div class=\"elementor-element elementor-element-x6rowhv0 elementor-widget elementor-widget-text-editor\" data-id=\"x6rowhv0\" data-element_type=\"widget\" data-e-type=\"widget\" data-widget_type=\"text-editor.default\">\n\t\t\t\t\t\t\t\t\t<p>Brigid \u00e1 r\u00e6tur a\u00f0 rekja til hins forkeltneska e\u00f0a frum-ind\u00f3evr\u00f3pska lags \u00edrskrar hef\u00f0ar, sem gu\u00f0ar\u00e1\u00f0i\u00f0 Tuatha D\u00e9 Danann bendir til. Fyrsta b\u00f3kmenntalega tilv\u00edsunin til hennar er a\u00f0 finna \u00ed Metrical Dindshenchas og \u00ed \u00e6ttart\u00f6lum fr\u00e1 9. til 10. \u00f6ld. Landfr\u00e6\u00f0ilega er h\u00fan mi\u00f0u\u00f0 vi\u00f0 \u00cdrland, me\u00f0 vi\u00f0b\u00f3tarheimildum fr\u00e1 skosku h\u00e1l\u00f6ndunum.<\/p><p>Pers\u00f3na heilagrar Brigittu, sem vitnisbur\u00f0ur er um fr\u00e1 7. \u00f6ld, skarast vi\u00f0 hina gu\u00f0legu veru og s\u00fdnir samfellu \u00ed <span class=\"iwg-fachbegriff\" data-tooltip=\"Heildarsafn tr\u00faarlegra d\u00fdrkunarathafna fyrir gu\u00f0 e\u00f0a heilaga veru.\" tabindex=\"0\">\u00e1tr\u00fana\u00f0i<\/span> \u00fevert \u00e1 kristnit\u00f6kuna.<\/p>\t\t\t\t\t\t\t\t<\/div>\n\t\t\t\t\t<\/div>\n\t\t\t\t<\/div>\n\t\t<div class=\"elementor-element elementor-element-8e3o4kxs iwg-steckbrief-card e-flex e-con-boxed e-con e-child\" data-id=\"8e3o4kxs\" data-element_type=\"container\" data-e-type=\"container\">\n\t\t\t\t\t<div class=\"e-con-inner\">\n\t\t\t\t<div class=\"elementor-element elementor-element-08rkdgov elementor-widget elementor-widget-heading\" data-id=\"08rkdgov\" data-element_type=\"widget\" data-e-type=\"widget\" data-widget_type=\"heading.default\">\n\t\t\t\t\t<div class=\"elementor-heading-title elementor-size-default\">Verkunarsvi\u00f0<\/div>\t\t\t\t<\/div>\n\t\t\t\t<div class=\"elementor-element elementor-element-uwjelx8s elementor-widget elementor-widget-text-editor\" data-id=\"uwjelx8s\" data-element_type=\"widget\" data-e-type=\"widget\" data-widget_type=\"text-editor.default\">\n\t\t\t\t\t\t\t\t\t<p>Brigid var \u00e1k\u00f6llu\u00f0 af sk\u00e1ldafj\u00f6lskyldum (fil\u00ed), l\u00e6knum, smi\u00f0um og handverkskonum. H\u00e1t\u00ed\u00f0 hennar Imbolc var tilefni til hreinsunarathafna og frj\u00f3semish\u00e1t\u00ed\u00f0a. \u00c1 kristnum t\u00edma sneru konur \u00ed barnsnau\u00f0 og me\u00f0 heilsufarsvandam\u00e1l s\u00e9r til heilagrar Brigittu. S\u00e9rstaklega helgu\u00f0u klaustur sig tilbei\u00f0slu hennar, \u00fear \u00e1 me\u00f0al klaustri\u00f0 \u00ed Kildare, sem var\u00f0veitti Brigittu-hef\u00f0ina og mynda\u00f0i b\u00e6\u00f0i efnahagslega og vitsmunalega mi\u00f0st\u00f6\u00f0.<\/p>\t\t\t\t\t\t\t\t<\/div>\n\t\t\t\t\t<\/div>\n\t\t\t\t<\/div>\n\t\t<div class=\"elementor-element elementor-element-jm2n74ec iwg-steckbrief-card e-flex e-con-boxed e-con e-child\" data-id=\"jm2n74ec\" data-element_type=\"container\" data-e-type=\"container\">\n\t\t\t\t\t<div class=\"e-con-inner\">\n\t\t\t\t<div class=\"elementor-element elementor-element-8vufse4c elementor-widget elementor-widget-heading\" data-id=\"8vufse4c\" data-element_type=\"widget\" data-e-type=\"widget\" data-widget_type=\"heading.default\">\n\t\t\t\t\t<div class=\"elementor-heading-title elementor-size-default\">Form<\/div>\t\t\t\t<\/div>\n\t\t\t\t<div class=\"elementor-element elementor-element-mwb9u015 elementor-widget elementor-widget-text-editor\" data-id=\"mwb9u015\" data-element_type=\"widget\" data-e-type=\"widget\" data-widget_type=\"text-editor.default\">\n\t\t\t\t\t\t\t\t\t<p>\u00cd handverki og b\u00f3kmenntalegum l\u00fdsingum er Brigid tengd eldi, sem eldur innbl\u00e1sturs, heilunar og sm\u00ed\u00f0alistar. Eldur \u00ed Kildare er sag\u00f0ur hafa veri\u00f0 <span class=\"iwg-fachbegriff\" data-tooltip=\"V\u00edgt me\u00f0 tr\u00faarlegri ath\u00f6fn og \u00fear me\u00f0 teki\u00f0 \u00far hinu hversdagslega.\" tabindex=\"0\">v\u00edg\u00f0ur<\/span> henni og hafa veri\u00f0 g\u00e6tt af nunnum.<\/p><p>H\u00fan ber einnig einkenni lj\u00f3sm\u00f3\u00f0ur og l\u00e6knis. \u00cd handritum mi\u00f0alda kemur h\u00fan fram tignarlega og umlukin lj\u00f3ma, oft \u00ed fylgd elds e\u00f0a heilsusamlegs vatns.<\/p>\t\t\t\t\t\t\t\t<\/div>\n\t\t\t\t\t<\/div>\n\t\t\t\t<\/div>\n\t\t\t\t<\/div>\n\t\t<div class=\"elementor-element elementor-element-pemmx7c2 e-con-full e-flex e-con e-child\" data-id=\"pemmx7c2\" data-element_type=\"container\" data-e-type=\"container\">\n\t\t<div class=\"elementor-element elementor-element-37ss2yr6 iwg-steckbrief-card e-flex e-con-boxed e-con e-child\" data-id=\"37ss2yr6\" data-element_type=\"container\" data-e-type=\"container\">\n\t\t\t\t\t<div class=\"e-con-inner\">\n\t\t\t\t<div class=\"elementor-element elementor-element-3v0wp3wx elementor-widget elementor-widget-heading\" data-id=\"3v0wp3wx\" data-element_type=\"widget\" data-e-type=\"widget\" data-widget_type=\"heading.default\">\n\t\t\t\t\t<div class=\"elementor-heading-title elementor-size-default\">I\u00f0ja<\/div>\t\t\t\t<\/div>\n\t\t\t\t<div class=\"elementor-element elementor-element-w3247g2m elementor-widget elementor-widget-text-editor\" data-id=\"w3247g2m\" data-element_type=\"widget\" data-e-type=\"widget\" data-widget_type=\"text-editor.default\">\n\t\t\t\t\t\t\t\t\t<p>Brigid var verndu\u00f0 yfir \u00f3venju brei\u00f0u svi\u00f0i hlutverka: sem l\u00e6kningagy\u00f0ja, verndari sm\u00ed\u00f0alistar, skj\u00f6ldur sk\u00e1ldanna og gjafmild \u00e1 frj\u00f3semi fyrir b\u00faf\u00e9na\u00f0 og menn. \u00cd <em>Cath Maige Tuired<\/em> kemur h\u00fan fram sem menningarskapandi vera, \u00fear sem harmlj\u00f3\u00f0 hennar yfir fallna syninum Ruad\u00e1n er sagt vera fyrsta sl\u00edka kveinstafalag \u00edrskrar hef\u00f0ar.<\/p><p>S\u00ed\u00f0ari helgisagnatextar, svo sem <em>Bethu Brigte<\/em> (9. \u00f6ld), yfirf\u00e6ra kraft hennar \u00e1 hina kristnu heil\u00f6gu Brigid af Kildare og eigna henni l\u00e6kningu sj\u00fakra, aukningu f\u00e6\u00f0u og verndun hjar\u00f0a.<\/p>\t\t\t\t\t\t\t\t<\/div>\n\t\t\t\t\t<\/div>\n\t\t\t\t<\/div>\n\t\t<div class=\"elementor-element elementor-element-0qpjal9w iwg-steckbrief-card e-flex e-con-boxed e-con e-child\" data-id=\"0qpjal9w\" data-element_type=\"container\" data-e-type=\"container\">\n\t\t\t\t\t<div class=\"e-con-inner\">\n\t\t\t\t<div class=\"elementor-element elementor-element-6ndoih0o elementor-widget elementor-widget-heading\" data-id=\"6ndoih0o\" data-element_type=\"widget\" data-e-type=\"widget\" data-widget_type=\"heading.default\">\n\t\t\t\t\t<div class=\"elementor-heading-title elementor-size-default\">Varnarform<\/div>\t\t\t\t<\/div>\n\t\t\t\t<div class=\"elementor-element elementor-element-6684tyh9 elementor-widget elementor-widget-text-editor\" data-id=\"6684tyh9\" data-element_type=\"widget\" data-e-type=\"widget\" data-widget_type=\"text-editor.default\">\n\t\t\t\t\t\t\t\t\t<p>Brigid er talin velvilju\u00f0 og styrkjandi. Konur og handverksmenn \u00e1k\u00f6llu\u00f0u hana til a\u00f0 f\u00e1 kunn\u00e1ttu og verndun \u00ed i\u00f0ju sinni. \u00cd helgisagnatextum hj\u00e1lpar h\u00fan nau\u00f0st\u00f6ddum me\u00f0 kraftaverkum. \u00cd dag er h\u00fan \u00e1kallsvera fyrir listr\u00e6nt starf, heilun og verndun heimilis. Engar varnara\u00f0ger\u00f0ir eru til, \u00fev\u00ed Brigid er ekki talin ska\u00f0leg e\u00f0a h\u00e6ttuleg.<\/p>\t\t\t\t\t\t\t\t<\/div>\n\t\t\t\t\t<\/div>\n\t\t\t\t<\/div>\n\t\t<div class=\"elementor-element elementor-element-3lfi7x32 iwg-steckbrief-card e-flex e-con-boxed e-con e-child\" data-id=\"3lfi7x32\" data-element_type=\"container\" data-e-type=\"container\">\n\t\t\t\t\t<div class=\"e-con-inner\">\n\t\t\t\t<div class=\"elementor-element elementor-element-0kg99ga1 elementor-widget elementor-widget-heading\" data-id=\"0kg99ga1\" data-element_type=\"widget\" data-e-type=\"widget\" data-widget_type=\"heading.default\">\n\t\t\t\t\t<div class=\"elementor-heading-title elementor-size-default\">Tengdar verur<\/div>\t\t\t\t<\/div>\n\t\t\t\t<div class=\"elementor-element elementor-element-n0fum6kp elementor-widget elementor-widget-text-editor\" data-id=\"n0fum6kp\" data-element_type=\"widget\" data-e-type=\"widget\" data-widget_type=\"text-editor.default\">\n\t\t\t\t\t\t\t\t\t<p>Samb\u00e6rilegar eru gr\u00edska Athena (handverk, bardagi, viska), r\u00f3mverska Vesta (heimiseldur, verndun) og \u00ed indverskri hef\u00f0 gy\u00f0jan Saraswati (listir, sk\u00e1ldskapur). \u00der\u00edgreiningin minnir \u00e1 Hekate-myndir e\u00f0a \u00fer\u00ed\u00fe\u00e6ttar go\u00f0a\u00ferenningar \u00ed keltneskum minnismerkjum. \u00deessar hli\u00f0st\u00e6\u00f0ur s\u00fdna alheimslegt tr\u00faarlegt mynstur tilbei\u00f0slu til menningarskapandi gu\u00f0d\u00f3ma.<\/p>\t\t\t\t\t\t\t\t<\/div>\n\t\t\t\t\t<\/div>\n\t\t\t\t<\/div>\n\t\t\t\t<\/div>\n\t\t\t\t<\/div>\n\t\t\t\t\t<\/div>\n\t\t\t\t<\/div>\n\t\t<div class=\"elementor-element elementor-element-5a584676 e-flex e-con-boxed e-con e-parent\" data-id=\"5a584676\" data-element_type=\"container\" data-e-type=\"container\">\n\t\t\t\t\t<div class=\"e-con-inner\">\n\t\t\t\t<div class=\"elementor-element elementor-element-6d0757bf elementor-widget elementor-widget-heading\" data-id=\"6d0757bf\" data-element_type=\"widget\" data-e-type=\"widget\" data-widget_type=\"heading.default\">\n\t\t\t\t\t<h2 class=\"elementor-heading-title elementor-size-default\">Brigid, hli\u00f0st\u00e6\u00f0ur \u00ed \u00f6\u00f0rum menningarheimum<\/h2>\t\t\t\t<\/div>\n\t\t<div class=\"elementor-element elementor-element-60563f68 e-con-full e-flex e-con e-child\" data-id=\"60563f68\" data-element_type=\"container\" data-e-type=\"container\">\n\t\t\t\t<div class=\"elementor-element elementor-element-5a93fdd6 elementor-widget elementor-widget-text-editor\" data-id=\"5a93fdd6\" data-element_type=\"widget\" data-e-type=\"widget\" data-widget_type=\"text-editor.default\">\n\t\t\t\t\t\t\t\t\t<p>Heilagar konur sem sameina \u00ed s\u00e9r l\u00e6kningalist, sm\u00ed\u00f0alist og sk\u00e1ldskap koma fyrir \u00ed \u00fdmsum go\u00f0afr\u00e6\u00f0um, fr\u00e1 r\u00f3mverskri Minervu til norr\u00e6nnar Eir og slavneskrar Mokosch; hver hef\u00f0 vegur \u00feessa \u00ferj\u00e1 \u00fe\u00e6tti me\u00f0 mismunandi h\u00e6tti.<\/p>\n<p><p><strong>J\u00f3\u00f0atr\u00fa:<\/strong> Engin bein hli\u00f0st\u00e6\u00f0a er til. Fjarskyldar eru M\u00edr\u00edam (sp\u00e1kona, t\u00f3nlist, lei\u00f0togi) \u00ed Exodus-hef\u00f0inni e\u00f0a pers\u00f3nuger\u00f0 viska (Chokmah\/S\u00f3f\u00eda) sem kvenkyns skapandi gy\u00f0ju-l\u00edkt fyrirb\u00e6ri.<\/p><p><strong>Gr\u00edsk-r\u00f3mverskur heimur:<\/strong> Athena t\u00e1kngerir handverk og herna\u00f0arlega visku, me\u00f0an Hest\u00eda\/Vesta t\u00e1knar heimiseldinn og samf\u00e9lagslega samst\u00f6\u00f0u. Asklep\u00edos og Hygieia samsvara heilunar\u00fe\u00e6tti Brigid. R\u00f3mverska Vesta-<span class=\"iwg-fachbegriff\" data-tooltip=\"Heilagur sta\u00f0ur helga\u00f0ur tilbei\u00f0slu gu\u00f0s.\" tabindex=\"0\">helgista\u00f0urinn<\/span> me\u00f0 eil\u00edfum eldi er hli\u00f0st\u00e6\u00f0a elds Brigid \u00ed Kildare.<\/p><p><strong>Mes\u00f3p\u00f3tam\u00eda:<\/strong> Nin\u1e2bursa\u011da, gy\u00f0ja f\u00e6\u00f0ingar og heilunar, og Inanna, gy\u00f0ja handverks og \u00e1star, s\u00fdna \u00feemabundin sk\u00f6run. Enki, gu\u00f0 handverks, g\u00e6ti einnig talist karlkyns hli\u00f0st\u00e6\u00f0a.<\/p><p><strong>Indland\/As\u00eda:<\/strong> Saraswati (sk\u00e1ldskapur, listir, viska) og Lakshmi (velmegun, stu\u00f0ningur vi\u00f0 handverk) deila hlutverki Brigid sem verndari mannlegrar skapandi i\u00f0ju. \u00cd japanskri sjint\u00f3tr\u00fa samsvarar henni a\u00f0 hluta Benzaiten (listir, t\u00f3nlist).<\/p>\t\t\t\t\t\t\t\t<\/div>\n\t\t\t\t<\/div>\n\t\t\t\t\t<\/div>\n\t\t\t\t<\/div>\n\t\t<div class=\"elementor-element elementor-element-cp963119b e-flex e-con-boxed e-con e-parent\" data-id=\"cp963119b\" data-element_type=\"container\" data-e-type=\"container\">\n\t\t\t\t\t<div class=\"e-con-inner\">\n\t\t\t\t<div class=\"elementor-element elementor-element-cpb656ff4 elementor-widget elementor-widget-heading\" data-id=\"cpb656ff4\" data-element_type=\"widget\" data-e-type=\"widget\" data-widget_type=\"heading.default\">\n\t\t\t\t\t<h2 class=\"elementor-heading-title elementor-size-default\">Samruninn vi\u00f0 heilaga Brigidu af Kildare<\/h2>\t\t\t\t<\/div>\n\t\t<div class=\"elementor-element elementor-element-cp41801bb e-con-full e-flex e-con e-child\" data-id=\"cp41801bb\" data-element_type=\"container\" data-e-type=\"container\">\n\t\t\t\t<div class=\"elementor-element elementor-element-cp6ed9bb7 elementor-widget elementor-widget-text-editor\" data-id=\"cp6ed9bb7\" data-element_type=\"widget\" data-e-type=\"widget\" data-widget_type=\"text-editor.default\">\n\t\t\t\t\t\t\t\t\t<p>Ein umr\u00e6ddasta spurning \u00edrskrar tr\u00faars\u00f6gu snertir sambandi\u00f0 milli gy\u00f0junnar Brigid og kristnu heil\u00f6gu Brigidu af Kildare, en h\u00e1t\u00ed\u00f0 hennar er haldin 1. febr\u00faar, \u00e1 degi <em>Imbolc<\/em>.<\/p><p>Heilaga konan er s\u00f6g\u00f0 hafa lifa\u00f0 \u00e1 5. e\u00f0a \u00f6ndver\u00f0ri 6. \u00f6ld; elstu \u00e6viskr\u00e1 hennar samdi munkurinn Cogitosus um \u00e1ri\u00f0 650, <em>Vita Sanctae Brigitae<\/em>.<\/p><p>Cogitosus segir fr\u00e1 klaustri \u00ed Kildare (<em>Cill Dara<\/em>, kirkja eikarins), \u00fear sem heilagur eldur brann sem nunnur g\u00e6ttu og m\u00e1ttu ekki l\u00e1ta slokkna.<\/p><p>Giraldus Cambrensis l\u00fdsti \u00feessum eldi enn \u00e1 12. \u00f6ld. \u00deessi eldtilbei\u00f0sla, tengingin vi\u00f0 b\u00faf\u00e9na\u00f0, mj\u00f3lk og frj\u00f3semi, auk h\u00e1t\u00ed\u00f0ardagsins, hafa leitt marga fr\u00e6\u00f0imenn til a\u00f0 sj\u00e1 \u00ed hinni heil\u00f6gu kristna\u00f0a mynd gy\u00f0junnar.<\/p><p>N\u00fdrri ranns\u00f3knir vara \u00fe\u00f3 vi\u00f0 of mikilli vissu. Sagnfr\u00e6\u00f0ingar eins og Lisa Bitel hafa bent \u00e1 a\u00f0 raunveruleg abbad\u00eds a\u00f0 nafni Brigida hafi vel geta\u00f0 veri\u00f0 til og a\u00f0 helgisagnaritun fylgi s\u00ednum eigin b\u00f3kmenntalegu l\u00f6gm\u00e1lum. Samsvaranirnar m\u00e1 a\u00f0 hluta \u00fatsk\u00fdra sem markvissa tileinkun klaustursamf\u00e9lagsins \u00e1 fornkristnum minnum, a\u00f0 hluta sem almenn einkenni d\u00fdrlingasagna fr\u00e1 fyrri hluta mi\u00f0alda.<\/p><p>\u00dea\u00f0 er \u00f6ruggt a\u00f0 <span class=\"iwg-fachbegriff\" data-tooltip=\"Heild tr\u00faarlegra tilbei\u00f0sluathafna gagnvart gu\u00f0i e\u00f0a heilagri veru.\" tabindex=\"0\">tilbei\u00f0sla<\/span> hinnar heil\u00f6gu skara\u00f0ist vi\u00f0 tilbei\u00f0slu gy\u00f0junnar og a\u00f0 eldri si\u00f0ir, svo sem a\u00f0 fl\u00e9tta <em>Brigid&#8217;s Cross<\/em> \u00far sefi, ur\u00f0u bundnir kristna h\u00e1t\u00ed\u00f0ardeginum. Samfellan er raunveruleg, en n\u00e1kv\u00e6m mynd hennar er umdeild.<\/p>\t\t\t\t\t\t\t\t<\/div>\n\t\t\t\t<\/div>\n\t\t\t\t\t<\/div>\n\t\t\t\t<\/div>\n\t\t<div class=\"elementor-element elementor-element-cp82e756a e-flex e-con-boxed e-con e-parent\" data-id=\"cp82e756a\" data-element_type=\"container\" data-e-type=\"container\">\n\t\t\t\t\t<div class=\"e-con-inner\">\n\t\t\t\t<div class=\"elementor-element elementor-element-cp7acc7a0 elementor-widget elementor-widget-heading\" data-id=\"cp7acc7a0\" data-element_type=\"widget\" data-e-type=\"widget\" data-widget_type=\"heading.default\">\n\t\t\t\t\t<h2 class=\"elementor-heading-title elementor-size-default\">Brigid \u00ed mi\u00f0aldab\u00f3kmenntum<\/h2>\t\t\t\t<\/div>\n\t\t<div class=\"elementor-element elementor-element-cpff2cb9f e-con-full e-flex e-con e-child\" data-id=\"cpff2cb9f\" data-element_type=\"container\" data-e-type=\"container\">\n\t\t\t\t<div class=\"elementor-element elementor-element-cp425ffe9 elementor-widget elementor-widget-text-editor\" data-id=\"cp425ffe9\" data-element_type=\"widget\" data-e-type=\"widget\" data-widget_type=\"text-editor.default\">\n\t\t\t\t\t\t\t\t\t<p>Mest af \u00fev\u00ed sem vita\u00f0 er um gy\u00f0juna Brigid kemur ekki \u00far samt\u00edmalegum hei\u00f0num heimildum, heldur \u00far textum sem kristnir l\u00e6rd\u00f3msmenn skrifu\u00f0u \u00e1 mi\u00f0\u00f6ldum. Mikilv\u00e6gasta heimildin finnst \u00ed <em>Sanas Cormaic<\/em> (Or\u00f0ab\u00f3k Cormacs), or\u00f0sifjasafni sem hef\u00f0in eignar biskupi Cormac mac Cuilenn\u00e1in (d\u00e1inn 908).<\/p><p>\u00dear segir a\u00f0 Brigid hafi veri\u00f0 sk\u00e1ldkona (<em>banfili<\/em>), d\u00f3ttir <a href=\"https:\/\/iwell-guard.com\/is\/?page_id=168760\">Dagda<\/a>, og a\u00f0 tv\u00e6r a\u00f0rar Brigidar hafi veri\u00f0 til, ein \u00e1byrg fyrir l\u00e6knislistinni og \u00f6nnur fyrir sm\u00ed\u00f0alistinni.<\/p><p>Af \u00feessari athugasemd draga fr\u00e6\u00f0imenn \u00fe\u00e1 mynd a\u00f0 um \u00ferefalda gy\u00f0ju e\u00f0a \u00ferj\u00e1r samnefndar systur hafi veri\u00f0 a\u00f0 r\u00e6\u00f0a. Hvort um er a\u00f0 r\u00e6\u00f0a \u00e6vaforna tr\u00faarhugmynd e\u00f0a l\u00e6r\u00f0a sm\u00ed\u00f0 glossaritarans er ekki h\u00e6gt a\u00f0 skera \u00far um me\u00f0 fullri vissu.<\/p><p>Fleiri umfjallanir er a\u00f0 finna \u00ed <em>Lebor Gab\u00e1la \u00c9renn<\/em> (B\u00f3k landt\u00f6kanna) og \u00ed fr\u00e1s\u00f6gninni <em>Cath Maige Tuired<\/em> (Orrustan vi\u00f0 Mag Tuired), \u00fear sem Brigid kemur fram sem kona Bres og m\u00f3\u00f0ir Ruad\u00e1n, og er s\u00f6g\u00f0 hafa fundi\u00f0 upp harmagr\u00e1tinn (<em>keening<\/em>) eftir dau\u00f0a hans.<\/p><p>\u00deessar heimildir eru var\u00f0veittar \u00ed handritum fr\u00e1 11. til 15. \u00f6ld, en byggja a\u00f0 hluta \u00e1 eldri fyrirmyndum. <span class=\"iwg-fachbegriff\" data-tooltip=\"V\u00edsindagrein sem rannsakar tr\u00faarbr\u00f6g\u00f0 samanbur\u00f0arlega og \u00e1n tr\u00faarlegrar afst\u00f6\u00f0u.\" tabindex=\"0\">Tr\u00faarbrag\u00f0afr\u00e6\u00f0in<\/span> bendir \u00fev\u00ed \u00e1 a\u00f0 hver fullyr\u00f0ing um Brigid hafi fari\u00f0 \u00ed gegnum sigti klausturlegrar l\u00e6rd\u00f3msmennsku.<\/p>\t\t\t\t\t\t\t\t<\/div>\n\t\t\t\t<\/div>\n\t\t\t\t\t<\/div>\n\t\t\t\t<\/div>\n\t\t<div class=\"elementor-element elementor-element-cpe440084 e-flex e-con-boxed e-con e-parent\" data-id=\"cpe440084\" data-element_type=\"container\" data-e-type=\"container\">\n\t\t\t\t\t<div class=\"e-con-inner\">\n\t\t\t\t<div class=\"elementor-element elementor-element-cpbc2fb09 elementor-widget elementor-widget-heading\" data-id=\"cpbc2fb09\" data-element_type=\"widget\" data-e-type=\"widget\" data-widget_type=\"heading.default\">\n\t\t\t\t\t<h2 class=\"elementor-heading-title elementor-size-default\">Imbolc: H\u00e1t\u00ed\u00f0 vorkomunnar<\/h2>\t\t\t\t<\/div>\n\t\t<div class=\"elementor-element elementor-element-cpfe97b11 e-con-full e-flex e-con e-child\" data-id=\"cpfe97b11\" data-element_type=\"container\" data-e-type=\"container\">\n\t\t\t\t<div class=\"elementor-element elementor-element-cp8c339ee elementor-widget elementor-widget-text-editor\" data-id=\"cp8c339ee\" data-element_type=\"widget\" data-e-type=\"widget\" data-widget_type=\"text-editor.default\">\n\t\t\t\t\t\t\t\t\t<p>N\u00e1in tengsl eru milli Brigid og <em>Imbolc<\/em>, einnar af fj\u00f3rum st\u00f3rh\u00e1t\u00ed\u00f0um \u00edrska \u00e1rshringsins, sem er haldin 1. febr\u00faar og markar upphaf vorsins.<\/p><p>Nafni\u00f0 er oftast tengt lambbur\u00f0i sau\u00f0fj\u00e1r og upphafi mj\u00f3lkurframlei\u00f0slu; algeng or\u00f0sifjask\u00fdring skilgreinir \u00fea\u00f0 sem <em>i mbolg<\/em> (\u00ed kvi\u00f0num), \u00ed merkingunni fylfullar \u00e6r, en fr\u00e6\u00f0imenn eru ekki \u00e1 einu m\u00e1li um \u00feetta heldur.<\/p><p>Elstu heimildir um h\u00e1t\u00ed\u00f0ina koma \u00far mi\u00f0aldatextum eins og fr\u00e1s\u00f6gninni <em>Tochmarc Emire<\/em> (B\u00f3nor\u00f0 Emer), sem nefnir Imbolc vi\u00f0 hli\u00f0 <em>Samhain<\/em>, <em>Beltaine<\/em> og <em>Lugnasad<\/em>. \u00c1\u00fereifanlegar uppl\u00fdsingar um tr\u00faari\u00f0kun fr\u00e1 hei\u00f0num t\u00edma eru a\u00f0 mestu horfnar; vitneskjan um si\u00f0ina kemur \u00far \u00fej\u00f3\u00f0fr\u00e6\u00f0ilegri <span class=\"iwg-fachbegriff\" data-tooltip=\"Mi\u00f0lun \u00feekkingar og fr\u00e1sagna milli kynsl\u00f3\u00f0a.\" tabindex=\"0\">munnm\u00e6lahef\u00f0<\/span> n\u00fdaldar.<\/p><p>Skjalfest er fr\u00e1 dreifb\u00fdli \u00cdrlands og Skotlands a\u00f0 Brigidarkrossar voru fl\u00e9tta\u00f0ir, str\u00e1d\u00fakka (<em>Br\u00edde\u00f3g<\/em>) var ger\u00f0 og borin h\u00fas \u00far h\u00fasi, og kl\u00e6\u00f0i e\u00f0a band var lagt \u00fat yfir n\u00f3tt, <em>Brat Br\u00edde<\/em>, sem tali\u00f0 var hafa l\u00e6knism\u00e1tt.<\/p><p>\u00deessar athafnir voru skr\u00e1\u00f0ar \u00e1 19. og fram \u00e1 20. \u00f6ld af s\u00f6fnurum eins og Alexander Carmichael \u00ed <em>Carmina Gadelica<\/em>. Hversu miki\u00f0 af \u00feessu m\u00e1 rekja til hinnar fornu hei\u00f0nu gy\u00f0ju er erfitt a\u00f0 greina me\u00f0 v\u00edsindalegum h\u00e6tti.<\/p>\t\t\t\t\t\t\t\t<\/div>\n\t\t\t\t<\/div>\n\t\t\t\t\t<\/div>\n\t\t\t\t<\/div>\n\t\t<div class=\"elementor-element elementor-element-cp87ef1ee e-flex e-con-boxed e-con e-parent\" data-id=\"cp87ef1ee\" data-element_type=\"container\" data-e-type=\"container\">\n\t\t\t\t\t<div class=\"e-con-inner\">\n\t\t\t\t<div class=\"elementor-element elementor-element-cp18a755f elementor-widget elementor-widget-heading\" data-id=\"cp18a755f\" data-element_type=\"widget\" data-e-type=\"widget\" data-widget_type=\"heading.default\">\n\t\t\t\t\t<h2 class=\"elementor-heading-title elementor-size-default\">Brigantia og spurningin um \u00fatbrei\u00f0slu \u00e1 meginlandi Kelta<\/h2>\t\t\t\t<\/div>\n\t\t<div class=\"elementor-element elementor-element-cp0dfc208 e-con-full e-flex e-con e-child\" data-id=\"cp0dfc208\" data-element_type=\"container\" data-e-type=\"container\">\n\t\t\t\t<div class=\"elementor-element elementor-element-cp61715b4 elementor-widget elementor-widget-text-editor\" data-id=\"cp61715b4\" data-element_type=\"widget\" data-e-type=\"widget\" data-widget_type=\"text-editor.default\">\n\t\t\t\t\t\t\t\t\t<p>Nafni\u00f0 Brigid er tungum\u00e1lalega raki\u00f0 til frumkeltnesku r\u00f3tarinnar <em>*brigant\u012b<\/em>, sem \u00fe\u00fd\u00f0ir eitthva\u00f0 \u00e1 vi\u00f0 hin h\u00e1leita e\u00f0a hin h\u00e1a. Sama r\u00f3t birtist \u00ed nafni gy\u00f0junnar Brigantia, sem er sta\u00f0fest me\u00f0 \u00e1letrunum og v\u00edgsluminnisv\u00f6r\u00f0um \u00ed r\u00f3mverska Bretlandi, s\u00e9rstaklega \u00e1 sv\u00e6\u00f0i Brigant-\u00e6ttb\u00e1lksins \u00ed Nor\u00f0ur-Englandi.<\/p><p>\u00c1 <span class=\"iwg-fachbegriff\" data-tooltip=\"Flatarmynd sem er unnin upphleypt \u00far efninu.\" tabindex=\"0\">l\u00e1gmynd<\/span> fr\u00e1 Birrens \u00ed Skotlandi birtist Brigantia \u00ed mynd Minervu e\u00f0a Victoriu, me\u00f0 spj\u00f3t, skj\u00f6ld og m\u00fark\u00f3r\u00f3nu. \u00c1letranir nefna hana a\u00f0 hluta \u00e1samt r\u00f3mversku r\u00edkisgo\u00f0inu, sem bendir til opinbers hlutverks sem verndargy\u00f0ja \u00e6ttb\u00e1lkasambandsins.<\/p><p>Hvort Brigantia og hin \u00edrska Brigid megi rekja til sameiginlegrar, \u00fatbreiddrar keltneskrar <span class=\"iwg-fachbegriff\" data-tooltip=\"Vera sem er d\u00fdrku\u00f0 sem gu\u00f0leg innan tr\u00faarbrag\u00f0a.\" tabindex=\"0\">go\u00f0veru<\/span> e\u00f0a hvort einungis nafni\u00f0 s\u00e9 skylt, er me\u00f0al opinna spurninga \u00ed keltneskum tr\u00faarbrag\u00f0aranns\u00f3knum.<\/p><p>Samb\u00e6rileg n\u00f6fn koma einnig fyrir \u00e1 meginlandi Kelta, me\u00f0al annars \u00ed sta\u00f0arn\u00f6fnum eins og Bregenz (<em>Brigantion<\/em>) vi\u00f0 Bodenvatn.<\/p><p>Sumir fr\u00e6\u00f0imenn, \u00fear \u00e1 me\u00f0al \u00feeir sem starfa \u00ed hef\u00f0 Georges Dum\u00e9zil, hafa bori\u00f0 Brigid saman vi\u00f0 ind\u00f3evr\u00f3pskar hugmyndir um gy\u00f0ju morgunro\u00f0ans e\u00f0a sk\u00e1ldlegrar innbl\u00e1sturs, og v\u00edsa\u00f0 til hli\u00f0st\u00e6\u00f0na vi\u00f0 ved\u00edsku gy\u00f0juna Bharat\u012b e\u00f0a Sarasvat\u012b. Sl\u00edkur samanbur\u00f0ur er \u00e1fram tilg\u00e1tukenndur, en s\u00fdnir hversu dj\u00fapt nafni\u00f0 er tungum\u00e1lalega r\u00f3tfest.<\/p>\t\t\t\t\t\t\t\t<\/div>\n\t\t\t\t<\/div>\n\t\t\t\t\t<\/div>\n\t\t\t\t<\/div>\n\t\t<div class=\"elementor-element elementor-element-cpd9c7750 e-flex e-con-boxed e-con e-parent\" data-id=\"cpd9c7750\" data-element_type=\"container\" data-e-type=\"container\">\n\t\t\t\t\t<div class=\"e-con-inner\">\n\t\t\t\t<div class=\"elementor-element elementor-element-cpac607fa elementor-widget elementor-widget-heading\" data-id=\"cpac607fa\" data-element_type=\"widget\" data-e-type=\"widget\" data-widget_type=\"heading.default\">\n\t\t\t\t\t<h2 class=\"elementor-heading-title elementor-size-default\">N\u00fat\u00edmavi\u00f0t\u00f6kur: N\u00fdhei\u00f0ni og menningarleg endurvakning<\/h2>\t\t\t\t<\/div>\n\t\t<div class=\"elementor-element elementor-element-cp1f5ec82 e-con-full e-flex e-con e-child\" data-id=\"cp1f5ec82\" data-element_type=\"container\" data-e-type=\"container\">\n\t\t\t\t<div class=\"elementor-element elementor-element-cp7c7a406 elementor-widget elementor-widget-text-editor\" data-id=\"cp7c7a406\" data-element_type=\"widget\" data-e-type=\"widget\" data-widget_type=\"text-editor.default\">\n\t\t\t\t\t\t\t\t\t<p>Fr\u00e1 seinni hluta 20. aldar hefur Brigid or\u00f0i\u00f0 fyrir eftirtektarver\u00f0ri endurvakningu. \u00cd n\u00fdhei\u00f0num og Wicca-tengdum stefnum er h\u00fan talin ein af \u00feeim go\u00f0um sem oftast eru d\u00fdrka\u00f0ir, oft t\u00falku\u00f0 sem \u00ferefald gy\u00f0ja sk\u00e1ldskapar, l\u00e6knislistar og sm\u00ed\u00f0alistar. Imbolc var tekin upp sem ein af \u00e1tta \u00e1rsh\u00e1t\u00ed\u00f0um \u00ed n\u00fat\u00edma hei\u00f0nu h\u00e1t\u00ed\u00f0adagatali.<\/p><p>\u00deessar vi\u00f0t\u00f6kur blanda oft saman efni af mismunandi uppruna: mi\u00f0aldalegum \u00edrskum textum, n\u00fdaldar \u00fej\u00f3\u00f0h\u00e1ttum, d\u00fdrlingas\u00f6gu heilagrar Brigidar og r\u00f3mant\u00edskri endurger\u00f0 19. aldar. Fr\u00e1 sj\u00f3narh\u00f3li tr\u00faarbrag\u00f0afr\u00e6\u00f0a er mikilv\u00e6gt a\u00f0 greina \u00e1 milli \u00feess sem er s\u00f6guleg sta\u00f0fest og \u00feess sem er samt\u00edmalegt eignarn\u00e1m. N\u00fat\u00edma Brigid er sj\u00e1lfst\u00e6tt tr\u00faarlegt fyrirb\u00e6ri, ekki einfaldlega framhald mi\u00f0aldagy\u00f0junnar.<\/p><p><span data-nosnippet>Samhli\u00f0a \u00feessu er menningarleg endurvakning \u00e1 \u00cdrlandi sj\u00e1lfu. \u00cd Kildare hefur samf\u00e9lag Brigidin-systra vi\u00f0haldi\u00f0 t\u00e1knr\u00e6num eil\u00edfum eldi fr\u00e1 1993. Fr\u00e1 2023 er 1. febr\u00faar l\u00f6gbundinn fr\u00eddagur \u00ed \u00cdrska l\u00fd\u00f0veldinu, nefndur eftir Brigid, sem s\u00fdnir hversu mikinn sj\u00e1lfsmyndarm\u00e1tt pers\u00f3nan hefur enn \u00ed dag.<\/span><\/p><p>\u00cd fem\u00edn\u00edskri <span class=\"iwg-fachbegriff\" data-tooltip=\"Fr\u00e6\u00f0ileg kenning um Gu\u00f0 og tr\u00fa tiltekinna tr\u00faarbrag\u00f0a.\" tabindex=\"0\">gu\u00f0fr\u00e6\u00f0i<\/span> og \u00ed fri\u00f0arhreyfingunni er Brigid einnig ger\u00f0 a\u00f0 <span class=\"iwg-fachbegriff\" data-tooltip=\"T\u00e1kn sem stendur fyrir hugmynd e\u00f0a merkingu.\" tabindex=\"0\">t\u00e1kni<\/span> kvenlegs valds og skapandi kraftar. \u00deannig er pers\u00f3nan \u00e1fram d\u00e6mi um hvernig go\u00f0sagnapers\u00f3na fyllist st\u00f6\u00f0ugt n\u00fdrri merkingu \u00ed gegnum aldirnar.<\/p>\t\t\t\t\t\t\t\t<\/div>\n\t\t\t\t<\/div>\n\t\t\t\t\t<\/div>\n\t\t\t\t<\/div>\n\t\t<div class=\"elementor-element elementor-element-cp1c8a1f7 e-flex e-con-boxed e-con e-parent\" data-id=\"cp1c8a1f7\" data-element_type=\"container\" data-e-type=\"container\">\n\t\t\t\t\t<div class=\"e-con-inner\">\n\t\t\t\t<div class=\"elementor-element elementor-element-cpb9e96f0 elementor-widget elementor-widget-heading\" data-id=\"cpb9e96f0\" data-element_type=\"widget\" data-e-type=\"widget\" data-widget_type=\"heading.default\">\n\t\t\t\t\t<h2 class=\"elementor-heading-title elementor-size-default\">Brigid \u00ed fj\u00f6lskyldu T\u00faatha D\u00e9 Danann<\/h2>\t\t\t\t<\/div>\n\t\t<div class=\"elementor-element elementor-element-cpabc4612 e-con-full e-flex e-con e-child\" data-id=\"cpabc4612\" data-element_type=\"container\" data-e-type=\"container\">\n\t\t\t\t<div class=\"elementor-element elementor-element-cpb80a943 elementor-widget elementor-widget-text-editor\" data-id=\"cpb80a943\" data-element_type=\"widget\" data-e-type=\"widget\" data-widget_type=\"text-editor.default\">\n\t\t\t\t\t\t\t\t\t<p>Innan hinnar go\u00f0fr\u00e6\u00f0ilegu \u00e6ttars\u00f6gu <em>T\u00faatha D\u00e9 Danann<\/em>, gu\u00f0akyns hinnar \u00edrsku <span class=\"iwg-fachbegriff\" data-tooltip=\"Mi\u00f0lun \u00feekkingar og sagna milli kynsl\u00f3\u00f0a.\" tabindex=\"0\">munnm\u00e6lahef\u00f0ar<\/span>, gegnir Brigid mikilv\u00e6gu hlutverki \u00ed fr\u00e6ndsemistengslum. H\u00fan er talin d\u00f3ttir Dagda, hins mikla f\u00f6\u00f0urgu\u00f0s, og \u00fear me\u00f0 systir vera \u00e1 bor\u00f0 vi\u00f0 Aengus, Bodb Derg og Cermait.<\/p><p>\u00cd <em>Cath Maige Tuired<\/em> er h\u00fan nefnd eiginkona Bres, \u00feess konungs sem var af bl\u00f6ndu\u00f0um uppruna, a\u00f0 h\u00e1lfu T\u00faatha D\u00e9 og a\u00f0 h\u00e1lfu hinum fjandsamlegu Fomori. \u00dar \u00feessu sambandi kemur sonurinn Ruad\u00e1n.<\/p><p>Brigid stendur \u00feannig \u00e1 m\u00f3tum tveggja fjandsamlegra go\u00f0sagnakynja, sta\u00f0a sem gerir hana a\u00f0 millig\u00f6ngumanni. \u00deegar Ruad\u00e1n f\u00e9ll \u00ed bardaga er sagt a\u00f0 Brigid hafi sungi\u00f0 fyrsta harmakv\u00e6\u00f0i \u00cdrlands, og er henni \u00feannig eignu\u00f0 uppfinning hinnar helgu sorgarathafnar.<\/p><p>\u00deessar \u00e6ttfr\u00e6\u00f0ilegu uppl\u00fdsingar eru ekki alltaf samr\u00e6mar. \u00ddmis handrit og textahef\u00f0ir tengja Brigid mismunandi \u00e6ttingjum, og skiptingin \u00ed \u00ferj\u00e1r samnefndar systur, sem \u00e1\u00f0ur var nefnd, gerir myndina enn fl\u00f3knari.<\/p><p>Fr\u00e6\u00f0imenn l\u00edta ekki \u00e1 \u00feetta sem m\u00f3ts\u00f6gn heldur einkenni munnlegrar <span class=\"iwg-fachbegriff\" data-tooltip=\"Mi\u00f0lun \u00feekkingar og sagna milli kynsl\u00f3\u00f0a.\" tabindex=\"0\">munnm\u00e6lahef\u00f0ar<\/span>, sem leyf\u00f0i m\u00f6rgum \u00fatg\u00e1fum a\u00f0 vera til samhli\u00f0a. \u00dea\u00f0 sem stendur \u00f3hagga\u00f0 er a\u00f0 Brigid kemur fram sem h\u00e1ttsett vera \u00ed n\u00e6r \u00f6llum \u00fatg\u00e1fum, n\u00e1i\u00f0 tengd Dagda og bundin kjarnasvi\u00f0unum sk\u00e1ldskap, l\u00e6kningu og handverki.<\/p>\t\t\t\t\t\t\t\t<\/div>\n\t\t\t\t<\/div>\n\t\t\t\t\t<\/div>\n\t\t\t\t<\/div>\n\t\t<div class=\"elementor-element elementor-element-36dd7469 e-flex e-con-boxed e-con e-parent\" data-id=\"36dd7469\" data-element_type=\"container\" data-e-type=\"container\">\n\t\t\t\t\t<div class=\"e-con-inner\">\n\t\t\t\t<div class=\"elementor-element elementor-element-13760ab4 elementor-widget elementor-widget-heading\" data-id=\"13760ab4\" data-element_type=\"widget\" data-e-type=\"widget\" data-widget_type=\"heading.default\">\n\t\t\t\t\t<h2 class=\"elementor-heading-title elementor-size-default\">\u00cdtarefni og tenglar<\/h2>\t\t\t\t<\/div>\n\t\t<div class=\"elementor-element elementor-element-28c87796 e-con-full e-flex e-con e-child\" data-id=\"28c87796\" data-element_type=\"container\" data-e-type=\"container\">\n\t\t\t\t<div class=\"elementor-element elementor-element-5d6538df elementor-widget elementor-widget-text-editor\" data-id=\"5d6538df\" data-element_type=\"widget\" data-e-type=\"widget\" data-widget_type=\"text-editor.default\">\n\t\t\t\t\t\t\t\t\t<p>R\u00e1\u00f0lag\u00f0ir innri tenglar fyrir \u00feessa s\u00ed\u00f0u:<\/p><ul><li><a href=\"https:\/\/iwell-guard.com\/is\/?page_id=168615\">Keltneskt<\/a> (yfirgripsmeiri menningars\u00ed\u00f0a)<\/li><li><a href=\"https:\/\/iwell-guard.com\/is\/?page_id=168830\">Cernunnos<\/a> (samhli\u00f0a gu\u00f0 \u00ed keltneska <span class=\"iwg-fachbegriff\" data-tooltip=\"Heild gu\u00f0a \u00ed tr\u00faarbr\u00f6g\u00f0um e\u00f0a menningu.\" tabindex=\"0\">go\u00f0aheiminum<\/span>)<\/li><li><a href=\"https:\/\/iwell-guard.com\/is\/?page_id=168632\">Banshee<\/a> (kvenkyns andavera \u00far s\u00f6mu hef\u00f0)<\/li><li><a href=\"https:\/\/iwell-guard.com\/is\/?page_id=168708\">Verndargu\u00f0ir<\/a> (yfirlit flokks)<\/li><\/ul>\t\t\t\t\t\t\t\t<\/div>\n\t\t\t\t<\/div>\n\t\t\t\t\t<\/div>\n\t\t\t\t<\/div>\n\t\t<div class=\"elementor-element elementor-element-grl4kl40 e-flex e-con-boxed e-con e-parent\" data-id=\"grl4kl40\" data-element_type=\"container\" data-e-type=\"container\">\n\t\t\t\t\t<div class=\"e-con-inner\">\n\t\t\t\t<div class=\"elementor-element elementor-element-bzsbfrmh elementor-widget elementor-widget-heading\" data-id=\"bzsbfrmh\" data-element_type=\"widget\" data-e-type=\"widget\" data-widget_type=\"heading.default\">\n\t\t\t\t\t<h2 class=\"elementor-heading-title elementor-size-default\">Heimildir (\u00farval)<\/h2>\t\t\t\t<\/div>\n\t\t<div class=\"elementor-element elementor-element-2c13224a e-con-full e-flex e-con e-child\" data-id=\"2c13224a\" data-element_type=\"container\" data-e-type=\"container\">\n\t\t\t\t<div class=\"elementor-element elementor-element-0eymh9ub elementor-widget elementor-widget-text-editor\" data-id=\"0eymh9ub\" data-element_type=\"widget\" data-e-type=\"widget\" data-widget_type=\"text-editor.default\">\n\t\t\t\t\t\t\t\t\t<footer class=\"iwg-literatur\" data-nosnippet=\"true\"><p>Heimildir um Brigid:<\/p><ul><li><span data-nosnippet>\u00d3 h\u00d3g\u00e1in, D\u00e1ith\u00ed: <em>The Lore of Ireland. An Encyclopaedia of Myth, Legend and Romance.<\/em> Boydell Press, Woodbridge 2006.<\/span><\/li><li><span data-nosnippet>Aldhouse-Green, Miranda: <em>The Celtic Goddesses. Warriors, Virgins and Mothers.<\/em> British Museum Press, London 1995.<\/span><\/li><li><span data-nosnippet>Wright, Brian: <em>Brigid. Goddess, Druidess and Saint.<\/em> The History Press, Stroud 2009.<\/span><\/li><\/ul><\/footer>\n<p class=\"iwg-bib-more\"><span data-nosnippet>Fleiri undirst\u00f6\u00f0urit \u00ed <a href=\"https:\/\/iwell-guard.com\/is\/?page_id=168730\">heimildaskr\u00e1nni<\/a>.<\/span><\/p>\t\t\t\t\t\t\t\t<\/div>\n\t\t\t\t<\/div>\n\t\t\t\t\t<\/div>\n\t\t\t\t<\/div>\n\t\t<div class=\"elementor-element elementor-element-07f6324 e-con-boxed e-flex e-con e-parent\" data-id=\"07f6324\" data-element_type=\"container\" data-e-type=\"container\">\n\t\t\t\t\t<div class=\"e-con-inner\">\n\t\t\t\t<div class=\"elementor-element elementor-element-a5cd9dc elementor-widget elementor-widget-text-editor\" data-id=\"a5cd9dc\" data-element_type=\"widget\" data-e-type=\"widget\" data-widget_type=\"text-editor.default\">\n\t\t\t\t\t\t\t\t\t\n<h2>Algengar spurningar um Brigid<\/h2>\n<div class=\"iwg-faq-q\"><h3>Hver er Brigid \u00ed keltnesk-\u00edrskri hef\u00f0?<\/h3><p>Brigid (forn\u00edrska Brigit, velskt Ffraid) er ein mikilv\u00e6gasta gy\u00f0ja \u00edrsk-keltneskrar <span class=\"iwg-fachbegriff\" data-tooltip=\"Heild var\u00f0veittra go\u00f0asagna menningar.\" tabindex=\"0\">go\u00f0afr\u00e6\u00f0i<\/span>, d\u00f3ttir Dagda, verndargy\u00f0ja sk\u00e1lda, smi\u00f0a og l\u00e6kna.<\/p><p>H\u00fan t\u00e1knar \u00ferj\u00fa st\u00f3r menningarsvi\u00f0 hins keltneska heims: hi\u00f0 tala\u00f0a or\u00f0 (filidh, sk\u00e1ld), hina eldlegu umbreytingu (sm\u00ed\u00f0i) og l\u00e6kningu. \u00cd hinni \u00fer\u00edgreindu hef\u00f0 kemur h\u00fan fram sem \u00ferj\u00e1r systur, Brigid sk\u00e1ldkonan, Brigid smi\u00f0urinn og Brigid l\u00e6kningakonan.<\/p><\/div>\n<div class=\"iwg-faq-q\"><h3>Hvernig tengjast hei\u00f0na Brigid og hin kristna heilaga Brigida?<\/h3><p>Heil\u00f6g Brigida fr\u00e1 Kildare (um 451-525), verndard\u00fdrlingur \u00cdrlands, er tr\u00faarhistor\u00edskt s\u00e9\u00f0 ein \u00e1hrifamesta <span class=\"iwg-fachbegriff\" data-tooltip=\"Samruni hugmynda e\u00f0a gu\u00f0a fr\u00e1 mismunandi tr\u00faarhef\u00f0um.\" tabindex=\"0\">samruna<\/span>-f\u00edg\u00fara. Kirkjan kristna t\u00f3k yfir <span class=\"iwg-fachbegriff\" data-tooltip=\"Heild tr\u00faarlegra athafna til d\u00fdrkunar gu\u00f0s e\u00f0a heilagrar veru.\" tabindex=\"0\">d\u00fdrkun<\/span>, h\u00e1t\u00ed\u00f0ardag (Imbolc\/kyndilmessa 1.\/2. febr\u00faar), <span class=\"iwg-fachbegriff\" data-tooltip=\"Helgur sta\u00f0ur tileinka\u00f0ur d\u00fdrkun gu\u00f0s.\" tabindex=\"0\">helgista\u00f0i<\/span> (hinn eil\u00edfi Brigid-eldur \u00ed Kildare var haldinn vi\u00f0 til 1220) og jafnvel margar kraftaverkas\u00f6gur fr\u00e1 hei\u00f0nu gy\u00f0junni.<\/p><p>\u00cdrsk <span class=\"iwg-fachbegriff\" data-tooltip=\"Tr\u00faarlegar hugmyndir og si\u00f0ir sem eru \u00fatbreiddir \u00ed daglegu l\u00edfi.\" tabindex=\"0\">\u00fej\u00f3\u00f0tr\u00fa<\/span> tengdi b\u00e1\u00f0ar f\u00edg\u00farurnar svo n\u00e1i\u00f0 saman a\u00f0 ekki er lengur unnt a\u00f0 greina hvor eiginleiki heyr\u00f0i upphaflega til hvors.<\/p><\/div>\n<script type=\"application\/ld+json\">{\"@context\":\"https:\/\/schema.org\",\"@type\":\"FAQPage\",\"mainEntity\":[{\"@type\":\"Question\",\"name\":\"Wer ist Brigid in der keltisch-irischen Tradition?\",\"acceptedAnswer\":{\"@type\":\"Answer\",\"text\":\"Brigid (alt-irisch Brigit, walisisch Ffraid) ist eine der wichtigsten G\u00f6ttinnen der irisch-keltischen Mythologie, Tochter des Dagda, Patronin der Dichter, Schmiede und Heiler.Sie verk\u00f6rpert die drei gro\u00dfen kulturellen Dom\u00e4nen der keltischen Welt: das gesprochene Wort (Filidh, Dichter), die feurige Verwandlung (Schmiede) und die Heilung. In der dreigestaltigen Tradition tritt sie als drei Schwestern auf, Brigid die Dichterin, Brigid die Schmiedin, Brigid die Heilerin.\"}},{\"@type\":\"Question\",\"name\":\"Wie h\u00e4ngen die heidnische Brigid und die christliche Heilige Brigida zusammen?\",\"acceptedAnswer\":{\"@type\":\"Answer\",\"text\":\"Die heilige Brigida von Kildare (ca. 451-525), die irische Schutzpatronin, ist religionshistorisch eine der eindrucksvollsten Synkretismus-Figuren. Die christliche Kirche \u00fcbernahm Kult, Festtag (Imbolc\/Lichtmess am 1.\/2. Februar), Heiligtum (das ewige Brigid-Feuer in Kildare wurde bis 1220 unterhalten) und sogar viele Wundergeschichten von der heidnischen G\u00f6ttin.Der irische Volksglaube verband beide Figuren so eng, dass sich nicht mehr trennen l\u00e4sst, welche Eigenschaft urspr\u00fcnglich zu welcher geh\u00f6rt.\"}}]}<\/script>\t\t\t\t\t\t\t\t<\/div>\n\t\t\t\t\t<\/div>\n\t\t\t\t<\/div>\n\t\t\t\t<\/div>\n\t\t","protected":false},"excerpt":{"rendered":"","protected":false},"author":3,"featured_media":1613,"parent":0,"menu_order":0,"comment_status":"closed","ping_status":"closed","template":"elementor_header_footer","meta":{"_yoast_wpseo_focuskw":"Brigid","_yoast_wpseo_title":"Brigid - Gy\u00f0ja eldsins, l\u00e6knislistar og sk\u00e1ldskapar","_yoast_wpseo_metadesc":"Brigid, gy\u00f0ja hinnar keltnesku hef\u00f0ar fyrir eld, l\u00e6knislist og sk\u00e1ldskap, var\u00f0veitt \u00ed aldara\u00f0ir og heimf\u00e6r\u00f0 \u00e1fram sem hin heilaga Brigitte \u00cdrlands.","_yoast_wpseo_meta-robots-noindex":"","_yoast_wpseo_canonical":"","_angie_page":false,"gefaehrdungsstufe":"1","wesen_kultur":"keltisch","wesen_klasse":"goetter","footnotes":""},"categories":[],"class_list":["post-168828","page","type-page","status-publish","has-post-thumbnail","hentry"],"yoast_head":"<!-- This site is optimized with the Yoast SEO Premium plugin v27.7 (Yoast SEO v28.3) - https:\/\/yoast.com\/product\/yoast-seo-premium-wordpress\/ -->\n<title>Brigid - Gy\u00f0ja eldsins, l\u00e6knislistar og sk\u00e1ldskapar<\/title>\n<meta name=\"description\" content=\"Brigid, gy\u00f0ja hinnar keltnesku hef\u00f0ar fyrir eld, l\u00e6knislist og sk\u00e1ldskap, var\u00f0veitt \u00ed aldara\u00f0ir og heimf\u00e6r\u00f0 \u00e1fram sem hin heilaga Brigitte \u00cdrlands.\" \/>\n<meta name=\"robots\" content=\"index, follow, max-snippet:-1, max-image-preview:large, max-video-preview:-1\" \/>\n<link rel=\"canonical\" href=\"https:\/\/iwell-guard.com\/is\/brigid\/\" \/>\n<meta property=\"og:locale\" content=\"is_IS\" \/>\n<meta property=\"og:type\" content=\"article\" \/>\n<meta property=\"og:title\" content=\"Brigid\" \/>\n<meta property=\"og:description\" content=\"Brigid, gy\u00f0ja hinnar keltnesku hef\u00f0ar fyrir eld, l\u00e6knislist og sk\u00e1ldskap, var\u00f0veitt \u00ed aldara\u00f0ir og heimf\u00e6r\u00f0 \u00e1fram sem hin heilaga Brigitte \u00cdrlands.\" \/>\n<meta property=\"og:url\" content=\"https:\/\/iwell-guard.com\/is\/brigid\/\" \/>\n<meta property=\"og:site_name\" content=\"iWell Guard\" \/>\n<meta property=\"article:modified_time\" content=\"2026-09-05T14:20:31+00:00\" \/>\n<meta property=\"og:image\" content=\"https:\/\/iwell-guard.com\/wp-content\/uploads\/2026\/04\/goetter_keltisch_brigid.webp\" \/>\n\t<meta property=\"og:image:width\" content=\"1024\" \/>\n\t<meta property=\"og:image:height\" content=\"1536\" \/>\n\t<meta property=\"og:image:type\" content=\"image\/webp\" \/>\n<meta name=\"twitter:card\" content=\"summary_large_image\" \/>\n<script type=\"application\/ld+json\" class=\"yoast-schema-graph\">{\"@context\":\"https:\\\/\\\/schema.org\",\"@graph\":[{\"@type\":\"WebPage\",\"@id\":\"https:\\\/\\\/iwell-guard.com\\\/is\\\/brigid\\\/\",\"url\":\"https:\\\/\\\/iwell-guard.com\\\/is\\\/brigid\\\/\",\"name\":\"Brigid - Gy\u00f0ja eldsins, l\u00e6knislistar og sk\u00e1ldskapar\",\"isPartOf\":{\"@id\":\"https:\\\/\\\/iwell-guard.com\\\/is\\\/#website\"},\"primaryImageOfPage\":{\"@id\":\"https:\\\/\\\/iwell-guard.com\\\/is\\\/brigid\\\/#primaryimage\"},\"image\":{\"@id\":\"https:\\\/\\\/iwell-guard.com\\\/is\\\/brigid\\\/#primaryimage\"},\"thumbnailUrl\":\"https:\\\/\\\/iwell-guard.com\\\/wp-content\\\/uploads\\\/2026\\\/04\\\/goetter_keltisch_brigid.webp\",\"datePublished\":\"2026-09-05T14:03:19+00:00\",\"dateModified\":\"2026-09-05T14:20:31+00:00\",\"description\":\"Brigid, gy\u00f0ja hinnar keltnesku hef\u00f0ar fyrir eld, l\u00e6knislist og sk\u00e1ldskap, var\u00f0veitt \u00ed aldara\u00f0ir og heimf\u00e6r\u00f0 \u00e1fram sem hin heilaga Brigitte \u00cdrlands.\",\"breadcrumb\":{\"@id\":\"https:\\\/\\\/iwell-guard.com\\\/is\\\/brigid\\\/#breadcrumb\"},\"inLanguage\":\"is\",\"potentialAction\":[{\"@type\":\"ReadAction\",\"target\":[\"https:\\\/\\\/iwell-guard.com\\\/is\\\/brigid\\\/\"]}]},{\"@type\":\"ImageObject\",\"inLanguage\":\"is\",\"@id\":\"https:\\\/\\\/iwell-guard.com\\\/is\\\/brigid\\\/#primaryimage\",\"url\":\"https:\\\/\\\/iwell-guard.com\\\/wp-content\\\/uploads\\\/2026\\\/04\\\/goetter_keltisch_brigid.webp\",\"contentUrl\":\"https:\\\/\\\/iwell-guard.com\\\/wp-content\\\/uploads\\\/2026\\\/04\\\/goetter_keltisch_brigid.webp\",\"width\":1024,\"height\":1536,\"caption\":\"Gu\u00f0ir \u00far keltneskri hef\u00f0.\"},{\"@type\":\"BreadcrumbList\",\"@id\":\"https:\\\/\\\/iwell-guard.com\\\/is\\\/brigid\\\/#breadcrumb\",\"itemListElement\":[{\"@type\":\"ListItem\",\"position\":1,\"name\":\"Start\",\"item\":\"https:\\\/\\\/iwell-guard.com\\\/is\\\/?page_id=168580\"},{\"@type\":\"ListItem\",\"position\":2,\"name\":\"Brigid\"}]},{\"@type\":\"WebSite\",\"@id\":\"https:\\\/\\\/iwell-guard.com\\\/is\\\/#website\",\"url\":\"https:\\\/\\\/iwell-guard.com\\\/is\\\/\",\"name\":\"iWell Guard\",\"description\":\"Schutz vor dunklen Einfl\u00fcssen\",\"publisher\":{\"@id\":\"https:\\\/\\\/iwell-guard.com\\\/is\\\/#organization\"},\"potentialAction\":[{\"@type\":\"SearchAction\",\"target\":{\"@type\":\"EntryPoint\",\"urlTemplate\":\"https:\\\/\\\/iwell-guard.com\\\/is\\\/?s={search_term_string}\"},\"query-input\":{\"@type\":\"PropertyValueSpecification\",\"valueRequired\":true,\"valueName\":\"search_term_string\"}}],\"inLanguage\":\"is\"},{\"@type\":\"Organization\",\"@id\":\"https:\\\/\\\/iwell-guard.com\\\/is\\\/#organization\",\"name\":\"Ittermann electronic GmbH\",\"url\":\"https:\\\/\\\/iwell-guard.com\\\/is\\\/\",\"logo\":{\"@type\":\"ImageObject\",\"inLanguage\":\"is\",\"@id\":\"https:\\\/\\\/iwell-guard.com\\\/is\\\/#\\\/schema\\\/logo\\\/image\\\/\",\"url\":\"https:\\\/\\\/iwell-guard.com\\\/wp-content\\\/uploads\\\/2026\\\/05\\\/Ittermann-Logo-1182x237-1.png\",\"contentUrl\":\"https:\\\/\\\/iwell-guard.com\\\/wp-content\\\/uploads\\\/2026\\\/05\\\/Ittermann-Logo-1182x237-1.png\",\"width\":1182,\"height\":237,\"caption\":\"Ittermann electronic GmbH\"},\"image\":{\"@id\":\"https:\\\/\\\/iwell-guard.com\\\/is\\\/#\\\/schema\\\/logo\\\/image\\\/\"},\"sameAs\":[\"https:\\\/\\\/pantip.com\\\/profile\\\/9367242\",\"https:\\\/\\\/micro.blog\\\/iwellguard\",\"https:\\\/\\\/www.diggerslist.com\\\/iwellguard\\\/about\",\"https:\\\/\\\/skitterphoto.com\\\/photographers\\\/2870314\\\/iwell-guard\",\"https:\\\/\\\/iwellguard.wordpress.com\\\/2026\\\/06\\\/06\\\/iwell-guard\\\/\",\"https:\\\/\\\/hub.docker.com\\\/u\\\/iwellguard\",\"https:\\\/\\\/www.pinterest.com\\\/iwellguard\\\/\",\"https:\\\/\\\/bit.ly\\\/m\\\/iwellguard\",\"https:\\\/\\\/entre-vos-mains.alsace.eu\\\/profiles\\\/iwellguard\\\/activity\",\"https:\\\/\\\/gravatar.com\\\/reallybeded8fd34\",\"https:\\\/\\\/naijamatta.com\\\/iwellguard\",\"https:\\\/\\\/www.goodreads.com\\\/iwellguard\",\"https:\\\/\\\/profile.hatena.ne.jp\\\/iwellguard\\\/\",\"https:\\\/\\\/experiment.com\\\/users\\\/iwellguard\",\"https:\\\/\\\/wakelet.com\\\/@iWellGuard82270\",\"https:\\\/\\\/www.chordie.com\\\/forum\\\/profile.php?id=2555664\",\"https:\\\/\\\/www.instapaper.com\\\/p\\\/17757966\",\"https:\\\/\\\/www.mapleprimes.com\\\/users\\\/iwellguard\",\"https:\\\/\\\/businesslistingplus.com\\\/profile\\\/iwell-guard\\\/\",\"https:\\\/\\\/telegra.ph\\\/iWell-Guard-06-06\",\"https:\\\/\\\/pbase.com\\\/iwellguard\\\/iwellguard\",\"https:\\\/\\\/b.hatena.ne.jp\\\/iwellguard\\\/20260607#bookmark-4788405196491818882\",\"https:\\\/\\\/fliphtml5.com\\\/home\\\/iwellguard\",\"https:\\\/\\\/anyflip.com\\\/homepage\\\/cmiwl#About\",\"https:\\\/\\\/transfur.com\\\/Users\\\/iwellguard\",\"http:\\\/\\\/delphi.larsbo.org\\\/user\\\/iwellguard\",\"https:\\\/\\\/jobs.lajobsportal.org\\\/profiles\\\/8380803-iwell-guard\",\"https:\\\/\\\/md.chaosdorf.de\\\/s\\\/jfbe5SBdJD\",\"https:\\\/\\\/www.lingvolive.com\\\/en-us\\\/profile\\\/9ecaeaca-ce11-4e51-9e71-01d55e2bff36\\\/translations\",\"https:\\\/\\\/www.fitday.com\\\/fitness\\\/forums\\\/members\\\/iwellguard.html\",\"https:\\\/\\\/www.mymeetbook.com\\\/iwellguard\",\"https:\\\/\\\/pxhere.com\\\/en\\\/photographer-me\\\/5040798\",\"https:\\\/\\\/disqus.com\\\/by\\\/iwellguard\\\/about\\\/\",\"https:\\\/\\\/pastelink.net\\\/hjwciqwq\",\"https:\\\/\\\/pubhtml5.com\\\/homepage\\\/scjhn\\\/\",\"https:\\\/\\\/www.bitchute.com\\\/channel\\\/2O2eOKzNqujT\",\"https:\\\/\\\/audiomack.com\\\/iwellguard\"]},{\"@type\":\"Article\",\"@id\":\"https:\\\/\\\/iwell-guard.com\\\/is\\\/brigid\\\/#article\",\"isPartOf\":{\"@id\":\"https:\\\/\\\/iwell-guard.com\\\/is\\\/brigid\\\/\"},\"author\":{\"name\":\"Ralf Ittermann\",\"@id\":\"https:\\\/\\\/iwell-guard.com\\\/is\\\/#\\\/schema\\\/person\\\/ee2a27f1cac3406c7c6fb5820cb7349f\"},\"headline\":\"Brigid\",\"datePublished\":\"2026-09-05T14:03:19+00:00\",\"dateModified\":\"2026-09-05T14:20:31+00:00\",\"mainEntityOfPage\":{\"@id\":\"https:\\\/\\\/iwell-guard.com\\\/is\\\/brigid\\\/\"},\"publisher\":{\"@id\":\"https:\\\/\\\/iwell-guard.com\\\/is\\\/#organization\"},\"image\":{\"@id\":\"https:\\\/\\\/iwell-guard.com\\\/is\\\/brigid\\\/#primaryimage\"},\"thumbnailUrl\":\"https:\\\/\\\/iwell-guard.com\\\/wp-content\\\/uploads\\\/2026\\\/04\\\/goetter_keltisch_brigid.webp\",\"inLanguage\":\"is\",\"description\":\"Brigid, gy\u00f0ja hinnar keltnesku hef\u00f0ar fyrir eld, l\u00e6knislist og sk\u00e1ldskap, var\u00f0veitt \u00ed aldara\u00f0ir og heimf\u00e6r\u00f0 \u00e1fram sem hin heilaga Brigitte \u00cdrlands.\"}]}<\/script>\n<!-- \/ Yoast SEO Premium plugin. -->","yoast_head_json":{"title":"Brigid - Gy\u00f0ja eldsins, l\u00e6knislistar og sk\u00e1ldskapar","description":"Brigid, gy\u00f0ja hinnar keltnesku hef\u00f0ar fyrir eld, l\u00e6knislist og sk\u00e1ldskap, var\u00f0veitt \u00ed aldara\u00f0ir og heimf\u00e6r\u00f0 \u00e1fram sem hin heilaga Brigitte \u00cdrlands.","robots":{"index":"index","follow":"follow","max-snippet":"max-snippet:-1","max-image-preview":"max-image-preview:large","max-video-preview":"max-video-preview:-1"},"canonical":"https:\/\/iwell-guard.com\/is\/brigid\/","og_locale":"is_IS","og_type":"article","og_title":"Brigid","og_description":"Brigid, gy\u00f0ja hinnar keltnesku hef\u00f0ar fyrir eld, l\u00e6knislist og sk\u00e1ldskap, var\u00f0veitt \u00ed aldara\u00f0ir og heimf\u00e6r\u00f0 \u00e1fram sem hin heilaga Brigitte \u00cdrlands.","og_url":"https:\/\/iwell-guard.com\/is\/brigid\/","og_site_name":"iWell Guard","article_modified_time":"2026-09-05T14:20:31+00:00","og_image":[{"width":1024,"height":1536,"url":"https:\/\/iwell-guard.com\/wp-content\/uploads\/2026\/04\/goetter_keltisch_brigid.webp","type":"image\/webp"}],"twitter_card":"summary_large_image","schema":{"@context":"https:\/\/schema.org","@graph":[{"@type":"Article","@id":"https:\/\/iwell-guard.com\/is\/brigid\/#article","isPartOf":{"@id":"https:\/\/iwell-guard.com\/is\/brigid\/"},"author":{"name":"Ralf Ittermann","@id":"https:\/\/iwell-guard.com\/is\/#\/schema\/person\/ee2a27f1cac3406c7c6fb5820cb7349f"},"headline":"Brigid","datePublished":"2026-09-05T14:03:19+00:00","dateModified":"2026-09-05T14:20:31+00:00","mainEntityOfPage":{"@id":"https:\/\/iwell-guard.com\/is\/brigid\/"},"publisher":{"@id":"https:\/\/iwell-guard.com\/is\/#organization"},"image":{"@id":"https:\/\/iwell-guard.com\/is\/brigid\/#primaryimage"},"thumbnailUrl":"https:\/\/iwell-guard.com\/wp-content\/uploads\/2026\/04\/goetter_keltisch_brigid.webp","inLanguage":"is","description":"Brigid, gy\u00f0ja hinnar keltnesku hef\u00f0ar fyrir eld, l\u00e6knislist og sk\u00e1ldskap, var\u00f0veitt \u00ed aldara\u00f0ir og heimf\u00e6r\u00f0 \u00e1fram sem hin heilaga Brigitte \u00cdrlands."},{"@type":"WebPage","@id":"https:\/\/iwell-guard.com\/is\/brigid\/","url":"https:\/\/iwell-guard.com\/is\/brigid\/","name":"Brigid - Gy\u00f0ja eldsins, l\u00e6knislistar og sk\u00e1ldskapar","isPartOf":{"@id":"https:\/\/iwell-guard.com\/is\/#website"},"primaryImageOfPage":{"@id":"https:\/\/iwell-guard.com\/is\/brigid\/#primaryimage"},"image":{"@id":"https:\/\/iwell-guard.com\/is\/brigid\/#primaryimage"},"thumbnailUrl":"https:\/\/iwell-guard.com\/wp-content\/uploads\/2026\/04\/goetter_keltisch_brigid.webp","datePublished":"2026-09-05T14:03:19+00:00","dateModified":"2026-09-05T14:20:31+00:00","description":"Brigid, gy\u00f0ja hinnar keltnesku hef\u00f0ar fyrir eld, l\u00e6knislist og sk\u00e1ldskap, var\u00f0veitt \u00ed aldara\u00f0ir og heimf\u00e6r\u00f0 \u00e1fram sem hin heilaga Brigitte \u00cdrlands.","breadcrumb":{"@id":"https:\/\/iwell-guard.com\/is\/brigid\/#breadcrumb"},"inLanguage":"is","potentialAction":[{"@type":"ReadAction","target":["https:\/\/iwell-guard.com\/is\/brigid\/"]}]},{"@type":"ImageObject","inLanguage":"is","@id":"https:\/\/iwell-guard.com\/is\/brigid\/#primaryimage","url":"https:\/\/iwell-guard.com\/wp-content\/uploads\/2026\/04\/goetter_keltisch_brigid.webp","contentUrl":"https:\/\/iwell-guard.com\/wp-content\/uploads\/2026\/04\/goetter_keltisch_brigid.webp","width":1024,"height":1536,"caption":"Gu\u00f0ir \u00far keltneskri hef\u00f0."},{"@type":"BreadcrumbList","@id":"https:\/\/iwell-guard.com\/is\/brigid\/#breadcrumb","itemListElement":[{"@type":"ListItem","position":1,"name":"Start","item":"https:\/\/iwell-guard.com\/is\/?page_id=168580"},{"@type":"ListItem","position":2,"name":"Brigid"}]},{"@type":"WebSite","@id":"https:\/\/iwell-guard.com\/is\/#website","url":"https:\/\/iwell-guard.com\/is\/","name":"iWell Guard","description":"Schutz vor dunklen Einfl\u00fcssen","publisher":{"@id":"https:\/\/iwell-guard.com\/is\/#organization"},"potentialAction":[{"@type":"SearchAction","target":{"@type":"EntryPoint","urlTemplate":"https:\/\/iwell-guard.com\/is\/?s={search_term_string}"},"query-input":{"@type":"PropertyValueSpecification","valueRequired":true,"valueName":"search_term_string"}}],"inLanguage":"is"},{"@type":"Organization","@id":"https:\/\/iwell-guard.com\/is\/#organization","name":"Ittermann electronic GmbH","url":"https:\/\/iwell-guard.com\/is\/","logo":{"@type":"ImageObject","inLanguage":"is","@id":"https:\/\/iwell-guard.com\/is\/#\/schema\/logo\/image\/","url":"https:\/\/iwell-guard.com\/wp-content\/uploads\/2026\/05\/Ittermann-Logo-1182x237-1.png","contentUrl":"https:\/\/iwell-guard.com\/wp-content\/uploads\/2026\/05\/Ittermann-Logo-1182x237-1.png","width":1182,"height":237,"caption":"Ittermann electronic GmbH"},"image":{"@id":"https:\/\/iwell-guard.com\/is\/#\/schema\/logo\/image\/"},"sameAs":["https:\/\/pantip.com\/profile\/9367242","https:\/\/micro.blog\/iwellguard","https:\/\/www.diggerslist.com\/iwellguard\/about","https:\/\/skitterphoto.com\/photographers\/2870314\/iwell-guard","https:\/\/iwellguard.wordpress.com\/2026\/06\/06\/iwell-guard\/","https:\/\/hub.docker.com\/u\/iwellguard","https:\/\/www.pinterest.com\/iwellguard\/","https:\/\/bit.ly\/m\/iwellguard","https:\/\/entre-vos-mains.alsace.eu\/profiles\/iwellguard\/activity","https:\/\/gravatar.com\/reallybeded8fd34","https:\/\/naijamatta.com\/iwellguard","https:\/\/www.goodreads.com\/iwellguard","https:\/\/profile.hatena.ne.jp\/iwellguard\/","https:\/\/experiment.com\/users\/iwellguard","https:\/\/wakelet.com\/@iWellGuard82270","https:\/\/www.chordie.com\/forum\/profile.php?id=2555664","https:\/\/www.instapaper.com\/p\/17757966","https:\/\/www.mapleprimes.com\/users\/iwellguard","https:\/\/businesslistingplus.com\/profile\/iwell-guard\/","https:\/\/telegra.ph\/iWell-Guard-06-06","https:\/\/pbase.com\/iwellguard\/iwellguard","https:\/\/b.hatena.ne.jp\/iwellguard\/20260607#bookmark-4788405196491818882","https:\/\/fliphtml5.com\/home\/iwellguard","https:\/\/anyflip.com\/homepage\/cmiwl#About","https:\/\/transfur.com\/Users\/iwellguard","http:\/\/delphi.larsbo.org\/user\/iwellguard","https:\/\/jobs.lajobsportal.org\/profiles\/8380803-iwell-guard","https:\/\/md.chaosdorf.de\/s\/jfbe5SBdJD","https:\/\/www.lingvolive.com\/en-us\/profile\/9ecaeaca-ce11-4e51-9e71-01d55e2bff36\/translations","https:\/\/www.fitday.com\/fitness\/forums\/members\/iwellguard.html","https:\/\/www.mymeetbook.com\/iwellguard","https:\/\/pxhere.com\/en\/photographer-me\/5040798","https:\/\/disqus.com\/by\/iwellguard\/about\/","https:\/\/pastelink.net\/hjwciqwq","https:\/\/pubhtml5.com\/homepage\/scjhn\/","https:\/\/www.bitchute.com\/channel\/2O2eOKzNqujT","https:\/\/audiomack.com\/iwellguard"]},{"@type":"Person","@id":"https:\/\/iwell-guard.com\/is\/#\/schema\/person\/ee2a27f1cac3406c7c6fb5820cb7349f","name":"Ralf Ittermann","image":{"@type":"ImageObject","inLanguage":"is","@id":"https:\/\/secure.gravatar.com\/avatar\/073c0153e350a5005b68eb752b445fea71f6b24a26da9449ad7e155e6b446c9d?s=96&d=mm&r=g","url":"https:\/\/secure.gravatar.com\/avatar\/073c0153e350a5005b68eb752b445fea71f6b24a26da9449ad7e155e6b446c9d?s=96&d=mm&r=g","contentUrl":"https:\/\/secure.gravatar.com\/avatar\/073c0153e350a5005b68eb752b445fea71f6b24a26da9449ad7e155e6b446c9d?s=96&d=mm&r=g","caption":"Ralf Ittermann"},"givenName":"Ralf","familyName":"Ittermann","jobTitle":"Gesch\u00e4ftsf\u00fchrer und redaktioneller Verantwortlicher","url":"https:\/\/iwell-guard.com\/is\/author\/claude\/","description":"Ralf Ittermann ist Gesch\u00e4ftsf\u00fchrer der Ittermann electronic GmbH und redaktioneller Verantwortlicher des iWell-Guard-Lexikons. Er verbindet langj\u00e4hrige Erfahrung in der Pr\u00e4zisionsfertigung mit medialer Praxis und religionsgeschichtlicher Quellenarbeit.","worksFor":{"@type":"Organization","name":"Ittermann electronic GmbH","url":"https:\/\/ittermann.de\/","address":{"@type":"PostalAddress","streetAddress":"K\u00f6hlergasse 16-18","postalCode":"99842","addressLocality":"Ruhla","addressCountry":"DE"}},"knowsAbout":["Religionsgeschichte","Mythologie","Mediale Praxis","Energetische Diagnostik","Schutzpraxis","Volksglauben","Westliche Esoterik"]},{"@type":"Article","@id":"https:\/\/iwell-guard.com\/is\/brigid\/#article","isPartOf":{"@id":"https:\/\/iwell-guard.com\/is\/brigid\/"},"author":{"name":"Ralf Ittermann","@id":"https:\/\/iwell-guard.com\/is\/#\/schema\/person\/ee2a27f1cac3406c7c6fb5820cb7349f"},"headline":"Brigid","datePublished":"2026-09-05T14:03:19+00:00","dateModified":"2026-09-05T14:20:31+00:00","mainEntityOfPage":{"@id":"https:\/\/iwell-guard.com\/is\/brigid\/"},"publisher":{"@id":"https:\/\/iwell-guard.com\/is\/#organization"},"image":{"@id":"https:\/\/iwell-guard.com\/is\/brigid\/#primaryimage"},"thumbnailUrl":"https:\/\/iwell-guard.com\/wp-content\/uploads\/2026\/04\/goetter_keltisch_brigid.webp","inLanguage":"is","description":"Brigid, gy\u00f0ja hinnar keltnesku hef\u00f0ar fyrir eld, l\u00e6knislist og sk\u00e1ldskap, var\u00f0veitt \u00ed aldara\u00f0ir og heimf\u00e6r\u00f0 \u00e1fram sem hin heilaga Brigitte \u00cdrlands."}]}},"_links":{"self":[{"href":"https:\/\/iwell-guard.com\/is\/wp-json\/wp\/v2\/pages\/168828","targetHints":{"allow":["GET"]}}],"collection":[{"href":"https:\/\/iwell-guard.com\/is\/wp-json\/wp\/v2\/pages"}],"about":[{"href":"https:\/\/iwell-guard.com\/is\/wp-json\/wp\/v2\/types\/page"}],"author":[{"embeddable":true,"href":"https:\/\/iwell-guard.com\/is\/wp-json\/wp\/v2\/users\/3"}],"replies":[{"embeddable":true,"href":"https:\/\/iwell-guard.com\/is\/wp-json\/wp\/v2\/comments?post=168828"}],"version-history":[{"count":0,"href":"https:\/\/iwell-guard.com\/is\/wp-json\/wp\/v2\/pages\/168828\/revisions"}],"wp:featuredmedia":[{"embeddable":true,"href":"https:\/\/iwell-guard.com\/is\/wp-json\/wp\/v2\/media\/1613"}],"wp:attachment":[{"href":"https:\/\/iwell-guard.com\/is\/wp-json\/wp\/v2\/media?parent=168828"}],"wp:term":[{"taxonomy":"category","embeddable":true,"href":"https:\/\/iwell-guard.com\/is\/wp-json\/wp\/v2\/categories?post=168828"}],"curies":[{"name":"wp","href":"https:\/\/api.w.org\/{rel}","templated":true}]}}