{"id":168827,"date":"2026-09-05T14:03:19","date_gmt":"2026-09-05T14:03:19","guid":{"rendered":"https:\/\/iwell-guard.com\/?page_id=168827"},"modified":"2026-09-05T14:20:31","modified_gmt":"2026-09-05T14:20:31","slug":"mago-halmi","status":"publish","type":"page","link":"https:\/\/iwell-guard.com\/is\/mago-halmi\/","title":{"rendered":"Mago Halmi"},"content":{"rendered":"\t\t<div data-elementor-type=\"wp-page\" data-elementor-id=\"168827\" class=\"elementor elementor-168827 elementor-2115 elementor-bc-flex-widget\" data-elementor-post-type=\"page\">\n\t\t\t\t<div class=\"elementor-element elementor-element-10fdade e-flex e-con-boxed e-con e-parent\" data-id=\"10fdade\" data-element_type=\"container\" data-e-type=\"container\" data-settings=\"{&quot;background_background&quot;:&quot;classic&quot;}\">\n\t\t\t\t\t<div class=\"e-con-inner\">\n\t\t<div class=\"elementor-element elementor-element-herohlft0 e-flex e-con-boxed e-con e-child\" data-id=\"herohlft0\" data-element_type=\"container\" data-e-type=\"container\">\n\t\t\t\t\t<div class=\"e-con-inner\">\n\t\t<div class=\"elementor-element elementor-element-c3ceb64 e-con-full e-flex e-con e-child\" data-id=\"c3ceb64\" data-element_type=\"container\" data-e-type=\"container\">\n\t\t\t\t<div class=\"elementor-element elementor-element-96ae5e1 elementor-widget elementor-widget-heading\" data-id=\"96ae5e1\" data-element_type=\"widget\" data-e-type=\"widget\" data-widget_type=\"heading.default\">\n\t\t\t\t\t<h1 class=\"elementor-heading-title elementor-size-default\">Mago Halmi, gy\u00f0ja \u00ed k\u00f3reskri hef\u00f0<\/h1>\t\t\t\t<\/div>\n\t\t\t\t<div class=\"elementor-element elementor-element-e45238a elementor-widget elementor-widget-text-editor\" data-id=\"e45238a\" data-element_type=\"widget\" data-e-type=\"widget\" data-widget_type=\"text-editor.default\">\n\t\t\t\t\t\t\t\t\t<p>Mago Halmi (langamma Mago) er hin heims\u00e6ga frumm\u00f3\u00f0urgy\u00f0ja \u00ed k\u00f3reskri <span class=\"iwg-fachbegriff\" data-tooltip=\"Mi\u00f0lun \u00feekkingar og fr\u00e1sagna milli kynsl\u00f3\u00f0a.\" tabindex=\"0\">munnm\u00e6lahef\u00f0<\/span>, d\u00fdrku\u00f0 sem uppspretta allra hluta. Gu\u00f0fr\u00e6\u00f0ileg sta\u00f0a hennar er umdeild, en \u00ed ta\u00f3isma og n\u00fdtr\u00faarhreyfingum er h\u00fan talin frumkraftur sem himinn og j\u00f6r\u00f0 ur\u00f0u til \u00far.\t\t\t\t\t\t\t\t<\/div>\n\t\t\t\t<\/div>\n\t\t<div class=\"elementor-element elementor-element-klsbdg01 e-con-full e-flex e-con e-parent\" data-id=\"klsbdg01\" data-element_type=\"container\" data-e-type=\"container\">\n\t\t\t\t<div class=\"elementor-element elementor-element-klshtm01 elementor-widget elementor-widget-html\" data-id=\"klshtm01\" data-element_type=\"widget\" data-e-type=\"widget\" data-widget_type=\"html.default\">\n\t\t\t\t\t<div class=\"iwg-pill-row\"><span class=\"iwg-klasse-badge\" tabindex=\"0\" data-tooltip=\"Gu\u00f0 \/ gy\u00f0ja: Pers\u00f3nuger\u00f0 \u00e6\u00f0sta vald innan go\u00f0aveldis menningar, me\u00f0 sk\u00fdr valdsvi\u00f0, n\u00e1tt\u00faru\u00f6fl, \u00f6rl\u00f6g, str\u00ed\u00f0, frj\u00f3semi. D\u00fdrku\u00f0 me\u00f0 helgisi\u00f0um, f\u00f3rnum og hofstofnunum.\">Gy\u00f0ja<\/span><a href=\"https:\/\/iwell-guard.com\/is\/?page_id=168660\" class=\"iwg-kultur-badge\" tabindex=\"0\" data-tooltip=\"K\u00f3reanskur heimur gu\u00f0a, sjamana og \u00fej\u00f3\u00f0aranda.\">K\u00f3rea<\/a><a href=\"https:\/\/iwell-guard.com\/is\/?page_id=168708\" class=\"iwg-tradition-badge\" tabindex=\"0\" data-tooltip=\"Verndandi gu\u00f0ir, verndarar heimilis, borgar, f\u00e6\u00f0inga, fer\u00f0alaga e\u00f0a \u00e6viskei\u00f0a.\">Verndargy\u00f0ja<\/a><\/div>\t\t\t\t<\/div>\n\t\t\t\t<\/div>\n\t\t<div class=\"elementor-element elementor-element-3f74855 e-con-full e-flex e-con e-child\" data-id=\"3f74855\" data-element_type=\"container\" data-e-type=\"container\">\n\t\t\t\t<div class=\"elementor-element elementor-element-1c30362 elementor-toc--minimized-on-tablet elementor-widget elementor-widget-table-of-contents\" data-id=\"1c30362\" data-element_type=\"widget\" data-e-type=\"widget\" data-settings=\"{&quot;exclude_headings_by_selector&quot;:[],&quot;no_headings_message&quot;:&quot;Engar undirfyrirsagnir fundust \\u00e1 \\u00feessari s\\u00ed\\u00f0u.&quot;,&quot;headings_by_tags&quot;:[&quot;h2&quot;,&quot;h3&quot;],&quot;marker_view&quot;:&quot;bullets&quot;,&quot;minimize_box&quot;:&quot;yes&quot;,&quot;icon&quot;:{&quot;value&quot;:&quot;fas fa-circle&quot;,&quot;library&quot;:&quot;fa-solid&quot;,&quot;rendered_tag&quot;:&quot;&lt;svg class=\\&quot;e-font-icon-svg e-fas-circle\\&quot; viewBox=\\&quot;0 0 512 512\\&quot; xmlns=\\&quot;http:\\\/\\\/www.w3.org\\\/2000\\\/svg\\&quot;&gt;&lt;path d=\\&quot;M256 8C119 8 8 119 8 256s111 248 248 248 248-111 248-248S393 8 256 8z\\&quot;&gt;&lt;\\\/path&gt;&lt;\\\/svg&gt;&quot;},&quot;minimized_on&quot;:&quot;tablet&quot;,&quot;hierarchical_view&quot;:&quot;yes&quot;,&quot;min_height&quot;:{&quot;unit&quot;:&quot;px&quot;,&quot;size&quot;:&quot;&quot;,&quot;sizes&quot;:[]},&quot;min_height_tablet&quot;:{&quot;unit&quot;:&quot;px&quot;,&quot;size&quot;:&quot;&quot;,&quot;sizes&quot;:[]},&quot;min_height_mobile&quot;:{&quot;unit&quot;:&quot;px&quot;,&quot;size&quot;:&quot;&quot;,&quot;sizes&quot;:[]}}\" data-widget_type=\"table-of-contents.default\">\n\t\t\t\t\t\t\t\t\t<div class=\"elementor-toc__header\">\n\t\t\t\t\t\t<h2 class=\"elementor-toc__header-title\">\n\t\t\t\tEfnisyfirlit\t\t\t<\/h2>\n\t\t\t\t\t\t\t\t\t\t<div class=\"elementor-toc__toggle-button elementor-toc__toggle-button--expand\" role=\"button\" tabindex=\"0\" aria-controls=\"elementor-toc__1c30362\" aria-expanded=\"true\" aria-label=\"Open table of contents\"><svg aria-hidden=\"true\" class=\"e-font-icon-svg e-fas-chevron-down\" viewBox=\"0 0 448 512\" xmlns=\"http:\/\/www.w3.org\/2000\/svg\"><path d=\"M207.029 381.476L12.686 187.132c-9.373-9.373-9.373-24.569 0-33.941l22.667-22.667c9.357-9.357 24.522-9.375 33.901-.04L224 284.505l154.745-154.021c9.379-9.335 24.544-9.317 33.901.04l22.667 22.667c9.373 9.373 9.373 24.569 0 33.941L240.971 381.476c-9.373 9.372-24.569 9.372-33.942 0z\"><\/path><\/svg><\/div>\n\t\t\t\t<div class=\"elementor-toc__toggle-button elementor-toc__toggle-button--collapse\" role=\"button\" tabindex=\"0\" aria-controls=\"elementor-toc__1c30362\" aria-expanded=\"true\" aria-label=\"Close table of contents\"><svg aria-hidden=\"true\" class=\"e-font-icon-svg e-fas-chevron-up\" viewBox=\"0 0 448 512\" xmlns=\"http:\/\/www.w3.org\/2000\/svg\"><path d=\"M240.971 130.524l194.343 194.343c9.373 9.373 9.373 24.569 0 33.941l-22.667 22.667c-9.357 9.357-24.522 9.375-33.901.04L224 227.495 69.255 381.516c-9.379 9.335-24.544 9.317-33.901-.04l-22.667-22.667c-9.373-9.373-9.373-24.569 0-33.941L207.03 130.525c9.372-9.373 24.568-9.373 33.941-.001z\"><\/path><\/svg><\/div>\n\t\t\t\t\t<\/div>\n\t\t\t\t<div id=\"elementor-toc__1c30362\" class=\"elementor-toc__body\">\n\t\t\t<div class=\"elementor-toc__spinner-container\">\n\t\t\t\t<svg class=\"elementor-toc__spinner eicon-animation-spin e-font-icon-svg e-eicon-loading\" aria-hidden=\"true\" viewBox=\"0 0 1000 1000\" xmlns=\"http:\/\/www.w3.org\/2000\/svg\"><path d=\"M500 975V858C696 858 858 696 858 500S696 142 500 142 142 304 142 500H25C25 237 238 25 500 25S975 237 975 500 763 975 500 975Z\"><\/path><\/svg>\t\t\t<\/div>\n\t\t<\/div>\n\t\t\t\t\t\t<\/div>\n\t\t\t\t<\/div>\n\t\t\t\t\t<\/div>\n\t\t\t\t<\/div>\n\t\t<div class=\"elementor-element elementor-element-herorght0 e-con-full e-flex e-con e-child\" data-id=\"herorght0\" data-element_type=\"container\" data-e-type=\"container\">\n\t\t\t\t<div class=\"elementor-element elementor-element-heroimg00 iwg-hero-image elementor-widget elementor-widget-image\" data-id=\"heroimg00\" data-element_type=\"widget\" data-e-type=\"widget\" data-widget_type=\"image.default\">\n\t\t\t\t\t\t\t\t\t\t\t\t\t\t\t<img fetchpriority=\"high\" decoding=\"async\" width=\"683\" height=\"1024\" src=\"https:\/\/iwell-guard.com\/wp-content\/uploads\/2026\/04\/goetter_korea_mago-halmi-683x1024.webp\" class=\"attachment-large size-large wp-image-171081\" alt=\"Mago Halmi - gu\u00f0ir \u00far k\u00f3reskri hef\u00f0, s\u00f6gulega myndskreytt\" srcset=\"https:\/\/iwell-guard.com\/wp-content\/uploads\/2026\/04\/goetter_korea_mago-halmi-683x1024.webp 683w, https:\/\/iwell-guard.com\/wp-content\/uploads\/2026\/04\/goetter_korea_mago-halmi-200x300.webp 200w, https:\/\/iwell-guard.com\/wp-content\/uploads\/2026\/04\/goetter_korea_mago-halmi-768x1152.webp 768w, https:\/\/iwell-guard.com\/wp-content\/uploads\/2026\/04\/goetter_korea_mago-halmi.webp 1024w\" sizes=\"(max-width: 683px) 100vw, 683px\" \/>\t\t\t\t\t\t\t\t\t\t\t\t\t\t\t<\/div>\n\t\t\t\t<\/div>\n\t\t\t\t\t<\/div>\n\t\t\t\t<\/div>\n\t\t<div class=\"elementor-element elementor-element-32917199 e-flex e-con-boxed e-con e-parent\" data-id=\"32917199\" data-element_type=\"container\" data-e-type=\"container\">\n\t\t\t\t\t<div class=\"e-con-inner\">\n\t\t<div class=\"elementor-element elementor-element-26e916cb e-flex e-con-boxed e-con e-child\" data-id=\"26e916cb\" data-element_type=\"container\" data-e-type=\"container\">\n\t\t\t\t\t<div class=\"e-con-inner\">\n\t\t<div class=\"elementor-element elementor-element-253a40d4 e-flex e-con-boxed e-con e-child\" data-id=\"253a40d4\" data-element_type=\"container\" data-e-type=\"container\">\n\t\t\t\t\t<div class=\"e-con-inner\">\n\t\t\t\t<div class=\"elementor-element elementor-element-1200c304 elementor-widget elementor-widget-heading\" data-id=\"1200c304\" data-element_type=\"widget\" data-e-type=\"widget\" data-widget_type=\"heading.default\">\n\t\t\t\t\t<h2 class=\"elementor-heading-title elementor-size-default\">Mago Halmi<\/h2>\t\t\t\t<\/div>\n\t\t\t\t<div class=\"elementor-element elementor-element-11758e7f elementor-widget elementor-widget-text-editor\" data-id=\"11758e7f\" data-element_type=\"widget\" data-e-type=\"widget\" data-widget_type=\"text-editor.default\">\n\t\t\t\t\t\t\t\t\t<p>Mago Halmi er l\u00fdst \u00ed s\u00ed\u00f0ari heimsfr\u00e6\u00f0ilegum textum (s\u00e9rstaklega \u00ed k\u00f3reskum ta\u00f3isma og n\u00fdtr\u00faarlegum hef\u00f0um) sem frumgy\u00f0ja sem allir a\u00f0rir gu\u00f0ir eru sprottnir af. H\u00fan er \u00edmynd hins kvenlega sk\u00f6punarreglu og n\u00e1tt\u00farukraftsins.<\/p><p>\u00d3l\u00edkt Hwanung og Dangun, sem eru heimilda\u00f0ir \u00ed fornum textum, kemur Mago Halmi minna fram \u00ed eldri ritum, en vex a\u00f0 v\u00e6gi \u00ed n\u00fat\u00edma es\u00f3ter\u00edskum og tr\u00faarlegum hreyfingum. H\u00fan er sumsta\u00f0ar s\u00f6g\u00f0 vera m\u00f3\u00f0ir Hwanungs.<\/p>\t\t\t\t\t\t\t\t<\/div>\n\t\t\t\t\t<\/div>\n\t\t\t\t<\/div>\n\t\t<div class=\"elementor-element elementor-element-159dcf9a e-flex e-con-boxed e-con e-child\" data-id=\"159dcf9a\" data-element_type=\"container\" data-e-type=\"container\">\n\t\t\t\t\t<div class=\"e-con-inner\">\n\t\t\t\t<div class=\"elementor-element elementor-element-48cee66f elementor-widget elementor-widget-heading\" data-id=\"48cee66f\" data-element_type=\"widget\" data-e-type=\"widget\" data-widget_type=\"heading.default\">\n\t\t\t\t\t<h2 class=\"elementor-heading-title elementor-size-default\">Skyndiyfirlit: Mago Halmi<\/h2>\t\t\t\t<\/div>\n\t\t\t\t<div class=\"elementor-element elementor-element-3f50d82c elementor-widget elementor-widget-text-editor\" data-id=\"3f50d82c\" data-element_type=\"widget\" data-e-type=\"widget\" data-widget_type=\"text-editor.default\">\n\t\t\t\t\t\t\t\t\t<p>Mago Halmi kemur ekki fram \u00ed hinni klass\u00edsku Samguk yusa, heldur \u00ed s\u00ed\u00f0ari ta\u00f3\u00edskum og n\u00fdtr\u00faarlegum ritum 20. aldar. D\u00fdrkun hennar er n\u00e1tengd n\u00fat\u00edma andlegum hreyfingum, s\u00e9rstaklega Damoism-hreyfingunni og \u00f6\u00f0rum samruna tr\u00faarbr\u00f6g\u00f0um.<\/p><p>Tr\u00faar\u00fej\u00f3\u00f0fr\u00e6\u00f0ingar \u00e1 bor\u00f0 vi\u00f0 Kim Tae-gon skjalfesta aukningu hennar \u00ed \u00fej\u00f3\u00f0legum og n\u00fdsjaman\u00edskum venjum. H\u00fan hefur veri\u00f0 minna ranns\u00f6ku\u00f0 fr\u00e6\u00f0ilega en a\u00f0rir k\u00f3reskir gu\u00f0ir, en vex \u00ed menningarlegu v\u00e6gi.<\/p>\t\t\t\t\t\t\t\t<\/div>\n\t\t\t\t\t<\/div>\n\t\t\t\t<\/div>\n\t\t\t\t\t<\/div>\n\t\t\t\t<\/div>\n\t\t\t\t\t<\/div>\n\t\t\t\t<\/div>\n\t\t<div class=\"elementor-element elementor-element-18613602 e-flex e-con-boxed e-con e-parent\" data-id=\"18613602\" data-element_type=\"container\" data-e-type=\"container\">\n\t\t\t\t\t<div class=\"e-con-inner\">\n\t\t\t\t<div class=\"elementor-element elementor-element-262b8a9f elementor-widget elementor-widget-heading\" data-id=\"262b8a9f\" data-element_type=\"widget\" data-e-type=\"widget\" data-widget_type=\"heading.default\">\n\t\t\t\t\t<h2 class=\"elementor-heading-title elementor-size-default\">Yfirlit<\/h2>\t\t\t\t<\/div>\n\t\t<div class=\"elementor-element elementor-element-46dcb7d e-con-full e-flex e-con e-child\" data-id=\"46dcb7d\" data-element_type=\"container\" data-e-type=\"container\">\n\t\t<div class=\"elementor-element elementor-element-61d3ab3 e-flex e-con-boxed e-con e-child\" data-id=\"61d3ab3\" data-element_type=\"container\" data-e-type=\"container\">\n\t\t\t\t\t<div class=\"e-con-inner\">\n\t\t\t\t<div class=\"elementor-element elementor-element-117c166 elementor-widget elementor-widget-heading\" data-id=\"117c166\" data-element_type=\"widget\" data-e-type=\"widget\" data-widget_type=\"heading.default\">\n\t\t\t\t\t<h3 class=\"elementor-heading-title elementor-size-default\">T\u00edmabil textanna<\/h3>\t\t\t\t<\/div>\n\t\t\t\t<div class=\"elementor-element elementor-element-73997a0 elementor-widget elementor-widget-text-editor\" data-id=\"73997a0\" data-element_type=\"widget\" data-e-type=\"widget\" data-widget_type=\"text-editor.default\">\n\t\t\t\t\t\t\t\t\t<p>Sagnirnar um skapara-\u00f6mmuna hafa var\u00f0veist \u00ed k\u00f3reskri \u00fej\u00f3\u00f0tr\u00fa um margar aldir, \u00fe\u00f3tt \u00fe\u00e6r hafi aldrei veri\u00f0 hluti af opinberri r\u00edkistr\u00fa. \u00c1 Jeju er \u00feessi vera enn \u00feekkt sem Seolmundae Halmang; sta\u00f0an\u00f6fn, kletttegundir og sta\u00f0bundnar h\u00e1t\u00ed\u00f0ir halda minningunni lifandi, jafnvel \u00fe\u00f3tt fyrrum d\u00fdrkun hafi v\u00ed\u00f0a breyst \u00ed hreina fr\u00e1sagnarhef\u00f0.<\/p><h3>Go\u00f0fr\u00e6\u00f0ileg sta\u00f0setning<\/h3><p><em>Mago Halmi<\/em> (\ub9c8\uace0\ud560\ubbf8, \u201eamma Mago&#8220;) er frumkvenlegur kraftur \u00ed k\u00f3reskum sjaman\u00edskum og sjamanahrifnum hef\u00f0um. H\u00fan er skilin sem upphafsvaldur heimsins e\u00f0a heims\u00e6g amma. \u00c6tterni hennar er raki\u00f0 til frumaldar k\u00f3reskra tr\u00faarbrag\u00f0a, me\u00f0 \u00e1hrifum \u00far tantr\u00edskum og ta\u00f3\u00edskum kerfum.<\/p>\t\t\t\t\t\t\t\t<\/div>\n\t\t\t\t\t<\/div>\n\t\t\t\t<\/div>\n\t\t<div class=\"elementor-element elementor-element-d47b156 e-flex e-con-boxed e-con e-child\" data-id=\"d47b156\" data-element_type=\"container\" data-e-type=\"container\">\n\t\t\t\t\t<div class=\"e-con-inner\">\n\t\t\t\t<div class=\"elementor-element elementor-element-ff38c2b elementor-widget elementor-widget-heading\" data-id=\"ff38c2b\" data-element_type=\"widget\" data-e-type=\"widget\" data-widget_type=\"heading.default\">\n\t\t\t\t\t<h3 class=\"elementor-heading-title elementor-size-default\">\u00datbrei\u00f0slusv\u00e6\u00f0i<\/h3>\t\t\t\t<\/div>\n\t\t\t\t<div class=\"elementor-element elementor-element-4e49fcc elementor-widget elementor-widget-text-editor\" data-id=\"4e49fcc\" data-element_type=\"widget\" data-e-type=\"widget\" data-widget_type=\"text-editor.default\">\n\t\t\t\t\t\t\t\t\t<p>Mago Halmi var almennt \u00feekkt og d\u00fdrku\u00f0 e\u00f0a virt me\u00f0 lotningarfullum \u00f3tta um alla K\u00f3reu, \u00e1n takm\u00f6rkunar vi\u00f0 \u00e1kve\u00f0in sv\u00e6\u00f0i e\u00f0a sta\u00f0i. Hvort sem var \u00ed st\u00f3rum \u00fe\u00e9ttb\u00fdliskj\u00f6rnum e\u00f0a \u00e1 ja\u00f0arsv\u00e6\u00f0um sveita, hvort sem var me\u00f0al samf\u00e9lagslegrar yfirst\u00e9ttar e\u00f0a alm\u00fagaf\u00f3lks, var andleg e\u00f0a menningarleg \u00fe\u00fd\u00f0ing \u00feessarar veru vi\u00f0urkennd og alhli\u00f0a.<\/p><p>Athyglisvert er a\u00f0 risakvennas\u00f6gur af tegund Mago Halmi voru sag\u00f0ar \u00f3h\u00e1\u00f0 hver annarri \u00e1 m\u00f6rgum sv\u00e6\u00f0um K\u00f3reu, fr\u00e1 meginlandinu til Jeju. \u00deessi v\u00ed\u00f0t\u00e6ka \u00fatbrei\u00f0sla var\u00f0 til vegna munnlegrar mi\u00f0lunar innan \u00feorpanna, \u00e1n verslunar e\u00f0a skipulag\u00f0rar tr\u00fabo\u00f0unar; grunneinkenni verunnar h\u00e9lst \u00fe\u00f3 \u00f3tr\u00falega samr\u00e6mt milli sv\u00e6\u00f0a, me\u00f0an sta\u00f0bundin tilv\u00edsun og einst\u00f6k minni voru breytileg.<\/p>\t\t\t\t\t\t\t\t<\/div>\n\t\t\t\t\t<\/div>\n\t\t\t\t<\/div>\n\t\t\t\t<\/div>\n\t\t<div class=\"elementor-element elementor-element-db03c39 e-con-full e-flex e-con e-child\" data-id=\"db03c39\" data-element_type=\"container\" data-e-type=\"container\">\n\t\t<div class=\"elementor-element elementor-element-229a87b e-flex e-con-boxed e-con e-child\" data-id=\"229a87b\" data-element_type=\"container\" data-e-type=\"container\">\n\t\t\t\t\t<div class=\"e-con-inner\">\n\t\t\t\t<div class=\"elementor-element elementor-element-1f471fc elementor-widget elementor-widget-heading\" data-id=\"1f471fc\" data-element_type=\"widget\" data-e-type=\"widget\" data-widget_type=\"heading.default\">\n\t\t\t\t\t<h3 class=\"elementor-heading-title elementor-size-default\">Heimildasta\u00f0a<\/h3>\t\t\t\t<\/div>\n\t\t\t\t<div class=\"elementor-element elementor-element-36b1201 elementor-widget elementor-widget-text-editor\" data-id=\"36b1201\" data-element_type=\"widget\" data-e-type=\"widget\" data-widget_type=\"text-editor.default\">\n\t\t\t\t\t\t\t\t\t<p>Mago Halmi hefur engar fornar b\u00f3kmenntaheimildir \u00ed klass\u00edskum ritum eins og Samguk yusa.<\/p><p>Hennar er fyrst geti\u00f0 \u00ed n\u00fat\u00edma n\u00fdtr\u00faarlegum textum, s\u00e9rstaklega \u00ed ritum Damoism-hreyfingarinnar (K\u00f3rea, seint \u00e1 20. \u00f6ld) og \u00ed es\u00f3ter\u00edskum t\u00falkunum k\u00f3reskrar <span class=\"iwg-fachbegriff\" data-tooltip=\"Heildarsafn arfleiddra gu\u00f0asagna \u00ed menningu.\" tabindex=\"0\">go\u00f0afr\u00e6\u00f0i<\/span>. Kim Tae-gon rannsakar hana \u00ed riti s\u00ednu um k\u00f3reska n\u00e1tt\u00farud\u00fdrkun og <span class=\"iwg-fachbegriff\" data-tooltip=\"Tr\u00faarlegt kerfi \u00fear sem s\u00e9rfr\u00e6\u00f0ingar hafa samskipti vi\u00f0 andaheim.\" tabindex=\"0\">sjamanisma<\/span>. Ta\u00f3ismi (k\u00ednverskar heimildir eins og Daodejing) veitir hugtakslegar hli\u00f0st\u00e6\u00f0ur fyrir frumm\u00f3\u00f0ur- e\u00f0a frumgrundvallarreglu (Dao\/Te).<\/p><p>\u00cd tr\u00faars\u00f6gulegu lj\u00f3si er h\u00fan skilin sem n\u00fat\u00edma endurger\u00f0 e\u00f0a endurt\u00falkun fornra frj\u00f3semis- og n\u00e1tt\u00farum\u00f3\u00f0urd\u00fdrkana.<\/p>\t\t\t\t\t\t\t\t<\/div>\n\t\t\t\t\t<\/div>\n\t\t\t\t<\/div>\n\t\t\t\t<\/div>\n\t\t\t\t\t<\/div>\n\t\t\t\t<\/div>\n\t\t<div class=\"elementor-element elementor-element-3ae0637c e-flex e-con-boxed e-con e-parent\" data-id=\"3ae0637c\" data-element_type=\"container\" data-e-type=\"container\">\n\t\t\t\t\t<div class=\"e-con-inner\">\n\t\t\t\t<div class=\"elementor-element elementor-element-31d07739 elementor-widget elementor-widget-heading\" data-id=\"31d07739\" data-element_type=\"widget\" data-e-type=\"widget\" data-widget_type=\"heading.default\">\n\t\t\t\t\t<h2 class=\"elementor-heading-title elementor-size-default\">Nafn<\/h2>\t\t\t\t<\/div>\n\t\t<div class=\"elementor-element elementor-element-b7642947 e-con-full e-flex e-con e-child\" data-id=\"b7642947\" data-element_type=\"container\" data-e-type=\"container\">\n\t\t\t\t<div class=\"elementor-element elementor-element-a086266 elementor-widget elementor-widget-text-editor\" data-id=\"a086266\" data-element_type=\"widget\" data-e-type=\"widget\" data-widget_type=\"text-editor.default\">\n\t\t\t\t\t\t\t\t\t<p>Mago Halmi er l\u00fdst \u00ed hinum \u00fdmsu heimildum og listr\u00e6num hef\u00f0um me\u00f0 \u00e1kve\u00f0num endurteknum t\u00e1knmyndaeinkennum sem haldast tilt\u00f6lulega \u00f3breytt yfir \u00e1ratugi og landfr\u00e6\u00f0ileg sv\u00e6\u00f0i. \u00deessi einkenni eru dj\u00fapt t\u00e1knr\u00e6n og bera mikla \u00fe\u00fd\u00f0ingu; \u00feau eru hvorki hrein skreyting n\u00e9 tilviljunarkennd val.<\/p><p>Einkenni Mago Halmi eru r\u00f3tfest \u00ed s\u00f6gnunum og bera hvert um sig sk\u00fdra merkingu: gr\u00ed\u00f0arleg l\u00edkamsst\u00e6r\u00f0 hennar v\u00edsar til sk\u00f6punarkraftsins, j\u00f6r\u00f0in sem h\u00fan ber \u00ed svuntu sinni og l\u00e6tur falla \u00fatsk\u00fdrir myndun fjalla og eyja, \u00fevag hennar e\u00f0a f\u00f3tspor mynda \u00e1rfarvegi og kletta. S\u00e1 sem \u00feekkir sta\u00f0bundnar fr\u00e1sagnarhef\u00f0ir les samstundis \u00far sl\u00edkum sm\u00e1atri\u00f0um hva\u00f0a landslagsform tiltekin s\u00f6gn vill \u00fatsk\u00fdra. Ekkert af \u00feessu er tilviljanakennt skraut, hvert minni tilheyrir hinni arfleif\u00f0u sagnahef\u00f0.<\/p>\t\t\t\t\t\t\t\t<\/div>\n\t\t\t\t<\/div>\n\t\t\t\t\t<\/div>\n\t\t\t\t<\/div>\n\t\t<div class=\"elementor-element elementor-element-709a44a8 e-flex e-con-boxed e-con e-parent\" data-id=\"709a44a8\" data-element_type=\"container\" data-e-type=\"container\">\n\t\t\t\t\t<div class=\"e-con-inner\">\n\t\t\t\t<div class=\"elementor-element elementor-element-2f585873 elementor-widget elementor-widget-heading\" data-id=\"2f585873\" data-element_type=\"widget\" data-e-type=\"widget\" data-widget_type=\"heading.default\">\n\t\t\t\t\t<h2 class=\"elementor-heading-title elementor-size-default\">Einkenni<\/h2>\t\t\t\t<\/div>\n\t\t<div class=\"elementor-element elementor-element-70621c12 e-con-full e-flex e-con e-child\" data-id=\"70621c12\" data-element_type=\"container\" data-e-type=\"container\">\n\t\t\t\t<div class=\"elementor-element elementor-element-4296eb49 elementor-widget elementor-widget-text-editor\" data-id=\"4296eb49\" data-element_type=\"widget\" data-e-type=\"widget\" data-widget_type=\"text-editor.default\">\n\t\t\t\t\t\t\t\t\t<p>Mago Halmi var mi\u00f0l\u00e6g \u00ed tr\u00faari\u00f0kun, daglegum ath\u00f6fnum og almennri skynjun f\u00f3lks \u00ed K\u00f3reu. F\u00f3lk leita\u00f0i til \u00feessarar veru \u00ed erfi\u00f0um e\u00f0a afm\u00f6rku\u00f0um l\u00edfsa\u00f0st\u00e6\u00f0um e\u00f0a \u00e1 \u00e1kve\u00f0num \u00e1rst\u00ed\u00f0um, me\u00f0 formlegum, oft \u00edbur\u00f0armiklum ath\u00f6fnum, b\u00e6num e\u00f0a f\u00f3rnargj\u00f6fum.<\/p><p>Sagnirnar um Mago Halmi voru mi\u00f0la\u00f0ar munnlega af \u00feorpasamf\u00e9l\u00f6gum, sagnam\u00f6nnum og sjaman\u00edskum s\u00e9rfr\u00e6\u00f0ingum; skipul\u00f6g\u00f0 prestast\u00e9tt s\u00e1 ekki um \u00fea\u00f0. S\u00e9rstaklega \u00e1 Jeju voru \u00fea\u00f0 sjamaninnur sta\u00f0arins sem var\u00f0veittu sl\u00edkt efni \u00ed f\u00f6stum lj\u00f3\u00f0r\u00e6num s\u00f6nghef\u00f0um og f\u00f3ru me\u00f0 \u00fea\u00f0 vi\u00f0 tilefni.<\/p><p>A\u00f0 sagnirnar um Mago Halmi voru sag\u00f0ar \u00e1fram um langan t\u00edma haf\u00f0i \u00e1\u00fereifanlegar \u00e1st\u00e6\u00f0ur: \u00de\u00e6r \u00fatsk\u00fdr\u00f0u f\u00f3lki umhverfi \u00feess. S\u00f6gurnar t\u00falku\u00f0u \u00e1berandi fj\u00f6ll, kletttegundir og eyjar sem verk risakonunnar, bundu landslagi\u00f0 vi\u00f0 sameiginlega uppruna s\u00f6gn og g\u00e1fu einst\u00f6kum st\u00f6\u00f0um n\u00f6fn og s\u00f6gu. \u00deannig \u00fej\u00f3nu\u00f0u \u00fe\u00e6r samt\u00edmis \u00fatsk\u00fdrandi, sj\u00e1lfsmyndarskapandi og sta\u00f0bindandi hlutverki.<\/p><h3>\u00c1s\u00fdnd og t\u00e1knm\u00e1l<\/h3><p><em>Mago Halmi<\/em> er s\u00fdnd sem forn amma me\u00f0 \u00f3endanlega speki, oft \u00ed hef\u00f0bundnum kl\u00e6\u00f0na\u00f0i. H\u00fan er tengd j\u00f6r\u00f0inni sj\u00e1lfri, sumsta\u00f0ar sem samsetning himins (Tian) og jar\u00f0ar. T\u00e1kn hennar eru n\u00e1tt\u00faruleg fyrirb\u00e6ri: steinn, vatn, pl\u00f6ntur. H\u00fan er oft s\u00fdnd sitjandi e\u00f0a \u00ed huglei\u00f0slu.<\/p>\t\t\t\t\t\t\t\t<\/div>\n\t\t\t\t<\/div>\n\t\t\t\t\t<\/div>\n\t\t\t\t<\/div>\n\t\t<div class=\"elementor-element elementor-element-44e71476 e-flex e-con-boxed e-con e-parent\" data-id=\"44e71476\" data-element_type=\"container\" data-e-type=\"container\">\n\t\t\t\t\t<div class=\"e-con-inner\">\n\t\t\t\t<div class=\"elementor-element elementor-element-3c1fc3f0 elementor-widget elementor-widget-heading\" data-id=\"3c1fc3f0\" data-element_type=\"widget\" data-e-type=\"widget\" data-widget_type=\"heading.default\">\n\t\t\t\t\t<h2 class=\"elementor-heading-title elementor-size-default\">Yfirlit: Mago Halmi<\/h2>\t\t\t\t<\/div>\n\t\t<div class=\"elementor-element elementor-element-84f33b8e e-con-full e-flex e-con e-child\" data-id=\"84f33b8e\" data-element_type=\"container\" data-e-type=\"container\">\n\t\t\t\t<div class=\"elementor-element elementor-element-hqkdc67p elementor-widget elementor-widget-text-editor\" data-id=\"hqkdc67p\" data-element_type=\"widget\" data-e-type=\"widget\" data-widget_type=\"text-editor.default\">\n\t\t\t\t\t\t\t\t\t<p>\u00c6vi\u00e1gripi\u00f0 fjallar um Mago Halmi fr\u00e1 sex sj\u00f3narhornum: heimsfr\u00e6\u00f0ilegan uppruna hennar og hlutverk, h\u00f3pana sem d\u00fdrka hana \u00ed dag, myndm\u00e1l og t\u00e1knfr\u00e6\u00f0i hennar, verndarhlutverk hennar og hli\u00f0st\u00e6\u00f0ur \u00ed n\u00e1grannamenningum. \u00deessar hli\u00f0ar s\u00fdna st\u00f6\u00f0u hennar sem frumm\u00f3\u00f0ir milli fornrar fj\u00f6lgunard\u00fdrkunar og n\u00fdtr\u00faarlegrar t\u00falkunar samt\u00edmans.<\/p>\t\t\t\t\t\t\t\t<\/div>\n\t\t\t\t<\/div>\n\t\t<div class=\"elementor-element elementor-element-pemmx7c5 e-con-full e-flex e-con e-child\" data-id=\"pemmx7c5\" data-element_type=\"container\" data-e-type=\"container\">\n\t\t<div class=\"elementor-element elementor-element-pemmx7c1 e-con-full e-flex e-con e-child\" data-id=\"pemmx7c1\" data-element_type=\"container\" data-e-type=\"container\">\n\t\t<div class=\"elementor-element elementor-element-qh9oavvu iwg-steckbrief-card e-flex e-con-boxed e-con e-child\" data-id=\"qh9oavvu\" data-element_type=\"container\" data-e-type=\"container\">\n\t\t\t\t\t<div class=\"e-con-inner\">\n\t\t\t\t<div class=\"elementor-element elementor-element-awzx8k2k elementor-widget elementor-widget-heading\" data-id=\"awzx8k2k\" data-element_type=\"widget\" data-e-type=\"widget\" data-widget_type=\"heading.default\">\n\t\t\t\t\t<div class=\"elementor-heading-title elementor-size-default\">Hef\u00f0<\/div>\t\t\t\t<\/div>\n\t\t\t\t<div class=\"elementor-element elementor-element-x6rowhv0 elementor-widget elementor-widget-text-editor\" data-id=\"x6rowhv0\" data-element_type=\"widget\" data-e-type=\"widget\" data-widget_type=\"text-editor.default\">\n\t\t\t\t\t\t\t\t\t<p>Mago Halmi er heimsfr\u00e6\u00f0ilega sta\u00f0sett sem frumgrunnur e\u00f0a frumm\u00f3\u00f0urkraftur sem var til \u00e1\u00f0ur en a\u00f0greining himins og jar\u00f0ar \u00e1tti s\u00e9r sta\u00f0. Landfr\u00e6\u00f0ilega er h\u00fan s\u00fdnd sem alsta\u00f0n\u00e6r kraftur, \u00f3l\u00edkt sta\u00f0bundnum fjallagu\u00f0um.<\/p><p>D\u00fdrkun hennar er varla \u00e1\u00fereifanleg \u00ed fornum heimildum. H\u00fan var\u00f0 fyrst til sem heild \u00e1 20. \u00f6ld \u00far brotum \u00fej\u00f3\u00f0legrar <span class=\"iwg-fachbegriff\" data-tooltip=\"Heild go\u00f0sagna sem var\u00f0veist hafa innan tiltekinnar menningar.\" tabindex=\"0\">go\u00f0afr\u00e6\u00f0i<\/span> og n\u00fdtr\u00faarlegrar t\u00falkunar. Formlegri m\u00f3tun <span class=\"iwg-fachbegriff\" data-tooltip=\"Heild tr\u00faarlegra d\u00fdrkunarathafna fyrir gu\u00f0 e\u00f0a heilaga v\u00e6tt.\" tabindex=\"0\">d\u00fdrkunar<\/span> hennar \u00e1 seinni hluta 20. aldar m\u00e1 rekja til \u00feess t\u00edma.<\/p>\t\t\t\t\t\t\t\t<\/div>\n\t\t\t\t\t<\/div>\n\t\t\t\t<\/div>\n\t\t<div class=\"elementor-element elementor-element-8e3o4kxs iwg-steckbrief-card e-flex e-con-boxed e-con e-child\" data-id=\"8e3o4kxs\" data-element_type=\"container\" data-e-type=\"container\">\n\t\t\t\t\t<div class=\"e-con-inner\">\n\t\t\t\t<div class=\"elementor-element elementor-element-08rkdgov elementor-widget elementor-widget-heading\" data-id=\"08rkdgov\" data-element_type=\"widget\" data-e-type=\"widget\" data-widget_type=\"heading.default\">\n\t\t\t\t\t<div class=\"elementor-heading-title elementor-size-default\">Verkunarsvi\u00f0<\/div>\t\t\t\t<\/div>\n\t\t\t\t<div class=\"elementor-element elementor-element-uwjelx8s elementor-widget elementor-widget-text-editor\" data-id=\"uwjelx8s\" data-element_type=\"widget\" data-e-type=\"widget\" data-widget_type=\"text-editor.default\">\n\t\t\t\t\t\t\t\t\t<p>Mago Halmi er fyrst og fremst d\u00fdrku\u00f0 af fylgjendum n\u00fdtr\u00faarlegra hreyfinga (Damoism, Jeungsan-tr\u00faarbr\u00f6g\u00f0, samruna h\u00f3par), en minna af hef\u00f0bundnum shamanistum e\u00f0a konf\u00fas\u00ed\u00f6nskum el\u00edtum. D\u00fdrkun hennar h\u00f6f\u00f0ar til kvenna, n\u00e1tt\u00faruverndarsinna og andlega leitandi f\u00f3lks sem s\u00e6kist eftir fruml\u00e6gum kvenlegum krafti. Tilefni d\u00fdrkunarinnar eru pers\u00f3nuleg andleg i\u00f0kun, n\u00e1tt\u00faruvernd og leit a\u00f0 ekta kvenlegri andlegri i\u00f0kun handan fe\u00f0raveldishef\u00f0a.<\/p>\t\t\t\t\t\t\t\t<\/div>\n\t\t\t\t\t<\/div>\n\t\t\t\t<\/div>\n\t\t<div class=\"elementor-element elementor-element-jm2n74ec iwg-steckbrief-card e-flex e-con-boxed e-con e-child\" data-id=\"jm2n74ec\" data-element_type=\"container\" data-e-type=\"container\">\n\t\t\t\t\t<div class=\"e-con-inner\">\n\t\t\t\t<div class=\"elementor-element elementor-element-8vufse4c elementor-widget elementor-widget-heading\" data-id=\"8vufse4c\" data-element_type=\"widget\" data-e-type=\"widget\" data-widget_type=\"heading.default\">\n\t\t\t\t\t<div class=\"elementor-heading-title elementor-size-default\">Framsetning<\/div>\t\t\t\t<\/div>\n\t\t\t\t<div class=\"elementor-element elementor-element-mwb9u015 elementor-widget elementor-widget-text-editor\" data-id=\"mwb9u015\" data-element_type=\"widget\" data-e-type=\"widget\" data-widget_type=\"text-editor.default\">\n\t\t\t\t\t\t\t\t\t<p>Mago Halmi er s\u00fdnd \u00ed n\u00fat\u00edmalegum myndverkum sem \u00f6ldru\u00f0 kona, frumm\u00f3\u00f0ir e\u00f0a \u00f3hlutbundinn heimskraftur, oft me\u00f0 hv\u00edtri e\u00f0a gylltri geislabaugi. Me\u00f0al einkenna hennar eru j\u00f6r\u00f0in, pl\u00f6ntur, fj\u00f6ll e\u00f0a Tao-<span class=\"iwg-fachbegriff\" data-tooltip=\"Merki sem stendur fyrir hugmynd e\u00f0a merkingu.\" tabindex=\"0\">t\u00e1kni\u00f0<\/span> (yin-yang).<\/p><p>H\u00fan er stundum s\u00fdnd me\u00f0 v\u00e6ngi til a\u00f0 gefa til kynna yfirn\u00e1tt\u00farulegt e\u00f0li hennar. \u00cd dulspekilegum listaverkum birtist h\u00fan sem l\u00fdsandi e\u00f0a gl\u00f3andi vera sem geislar fr\u00e1 s\u00e9r lj\u00f3si og l\u00edfi. Oft er h\u00fan s\u00fdnd \u00ed fjalllendi e\u00f0a sk\u00f3gi vaxnu landslagi til a\u00f0 t\u00e1kna tengsl hennar vi\u00f0 n\u00e1tt\u00faruna.<\/p>\t\t\t\t\t\t\t\t<\/div>\n\t\t\t\t\t<\/div>\n\t\t\t\t<\/div>\n\t\t\t\t<\/div>\n\t\t<div class=\"elementor-element elementor-element-pemmx7c2 e-con-full e-flex e-con e-child\" data-id=\"pemmx7c2\" data-element_type=\"container\" data-e-type=\"container\">\n\t\t<div class=\"elementor-element elementor-element-37ss2yr6 iwg-steckbrief-card e-flex e-con-boxed e-con e-child\" data-id=\"37ss2yr6\" data-element_type=\"container\" data-e-type=\"container\">\n\t\t\t\t\t<div class=\"e-con-inner\">\n\t\t\t\t<div class=\"elementor-element elementor-element-3v0wp3wx elementor-widget elementor-widget-heading\" data-id=\"3v0wp3wx\" data-element_type=\"widget\" data-e-type=\"widget\" data-widget_type=\"heading.default\">\n\t\t\t\t\t<div class=\"elementor-heading-title elementor-size-default\">\u00c1hrif Mago Halmi<\/div>\t\t\t\t<\/div>\n\t\t\t\t<div class=\"elementor-element elementor-element-w3247g2m elementor-widget elementor-widget-text-editor\" data-id=\"w3247g2m\" data-element_type=\"widget\" data-e-type=\"widget\" data-widget_type=\"text-editor.default\">\n\t\t\t\t\t\t\t\t\t<strong>Verkunarsvi\u00f0:<\/strong> Mago-halmi er \u00ed k\u00f3reskri shaman-hef\u00f0 skapari-risagy\u00f0jan sem samkv\u00e6mt muisma og mudang-<span class=\"iwg-fachbegriff\" data-tooltip=\"Hugmyndir um uppbyggingu og skipan heimsins innan tiltekinnar menningar.\" tabindex=\"0\">heimsfr\u00e6\u00f0i<\/span> skapa\u00f0i alheiminn. M\u00e1ttur hennar teygir sig yfir j\u00f6r\u00f0ina, gr\u00f3\u00f0ur og kvenlegan sk\u00f6punarkraft. H\u00fan er fyrirmynd hins upprunalega glundro\u00f0askauts sem allt sprettur \u00far. \u00cd mu-<span class=\"iwg-fachbegriff\" data-tooltip=\"Tr\u00faarkerfi \u00fear sem s\u00e9rfr\u00e6\u00f0ingar hafa samskipti vi\u00f0 andaheiminn.\" tabindex=\"0\">shamanisma<\/span>-hef\u00f0unum er h\u00fan m\u00f3\u00f0ir allra gu\u00f0a og anda. \u00c1hrif hennar birtast \u00ed fj\u00f6lgun, bindingu vi\u00f0 j\u00f6r\u00f0ina og dj\u00fapum heimsskilningi. H\u00fan stendur vi\u00f0 upphaf allra \u00e6ttartala og er samkv\u00e6mt go\u00f0s\u00f6gn m\u00f3\u00f0ir konungs Danguns.\n\t\t\t\t\t\t\t\t<\/div>\n\t\t\t\t\t<\/div>\n\t\t\t\t<\/div>\n\t\t<div class=\"elementor-element elementor-element-0qpjal9w iwg-steckbrief-card e-flex e-con-boxed e-con e-child\" data-id=\"0qpjal9w\" data-element_type=\"container\" data-e-type=\"container\">\n\t\t\t\t\t<div class=\"e-con-inner\">\n\t\t\t\t<div class=\"elementor-element elementor-element-6ndoih0o elementor-widget elementor-widget-heading\" data-id=\"6ndoih0o\" data-element_type=\"widget\" data-e-type=\"widget\" data-widget_type=\"heading.default\">\n\t\t\t\t\t<div class=\"elementor-heading-title elementor-size-default\">Vernd<\/div>\t\t\t\t<\/div>\n\t\t\t\t<div class=\"elementor-element elementor-element-6684tyh9 elementor-widget elementor-widget-text-editor\" data-id=\"6684tyh9\" data-element_type=\"widget\" data-e-type=\"widget\" data-widget_type=\"text-editor.default\">\n\t\t\t\t\t\t\t\t\t<p>Mago Halmi er velvilju\u00f0, skapandi vera. D\u00fdrkun hennar felur \u00ed s\u00e9r samr\u00e6mingu vi\u00f0 n\u00e1tt\u00faruna, verndun jar\u00f0arinnar og eining vi\u00f0 hi\u00f0 heimslega frumforsendu. D\u00fdrkunarsi\u00f0ir felast \u00ed b\u00e6num til n\u00e1tt\u00farunnar, \u00feakkarf\u00f3rnum fyrir fj\u00f6lgun og huglei\u00f0slu um frumm\u00f3\u00f0urkraftinn.<\/p><p>\u00cd n\u00fat\u00edma n\u00fdtr\u00faarlegu samhengi eru einnig si\u00f0ir um umhverfisvernd og valdeflingu kvenna tengdir henni. Verndun fer fremur fram me\u00f0 andlegri stefnu a\u00f0 frumkrafti en me\u00f0 fr\u00e1hrindandi v\u00f6rnum.<\/p>\t\t\t\t\t\t\t\t<\/div>\n\t\t\t\t\t<\/div>\n\t\t\t\t<\/div>\n\t\t<div class=\"elementor-element elementor-element-3lfi7x32 iwg-steckbrief-card e-flex e-con-boxed e-con e-child\" data-id=\"3lfi7x32\" data-element_type=\"container\" data-e-type=\"container\">\n\t\t\t\t\t<div class=\"e-con-inner\">\n\t\t\t\t<div class=\"elementor-element elementor-element-0kg99ga1 elementor-widget elementor-widget-heading\" data-id=\"0kg99ga1\" data-element_type=\"widget\" data-e-type=\"widget\" data-widget_type=\"heading.default\">\n\t\t\t\t\t<div class=\"elementor-heading-title elementor-size-default\">Tengdar verur<\/div>\t\t\t\t<\/div>\n\t\t\t\t<div class=\"elementor-element elementor-element-n0fum6kp elementor-widget elementor-widget-text-editor\" data-id=\"n0fum6kp\" data-element_type=\"widget\" data-e-type=\"widget\" data-widget_type=\"text-editor.default\">\n\t\t\t\t\t\t\t\t\t<p>Samb\u00e6rilegar eru a\u00f0rar frumm\u00e6\u00f0ur e\u00f0a sk\u00f6punarm\u00e6\u00f0ur: Gaia \u00ed gr\u00edskri <span class=\"iwg-fachbegriff\" data-tooltip=\"Heild go\u00f0sagna sem var\u00f0veist hafa innan tiltekinnar menningar.\" tabindex=\"0\">go\u00f0afr\u00e6\u00f0i<\/span>, hin fruml\u00e6ga jar\u00f0m\u00f3\u00f0ir, Iyoba e\u00f0a a\u00f0rar fj\u00f6lgunargy\u00f0jur \u00ed Vestur-Afr\u00edku, og Papat\u016b\u0101nuku \u00ed p\u00f3l\u00fdnes\u00edskri hef\u00f0. \u00d6llum \u00feessum er sameiginlegt a\u00f0 t\u00e1kna hinn skapandi kraft jar\u00f0arinnar og hlutverki\u00f0 sem uppspretta alls l\u00edfs.<\/p>\t\t\t\t\t\t\t\t<\/div>\n\t\t\t\t\t<\/div>\n\t\t\t\t<\/div>\n\t\t\t\t<\/div>\n\t\t\t\t<\/div>\n\t\t\t\t\t<\/div>\n\t\t\t\t<\/div>\n\t\t<div class=\"elementor-element elementor-element-5a584676 e-flex e-con-boxed e-con e-parent\" data-id=\"5a584676\" data-element_type=\"container\" data-e-type=\"container\">\n\t\t\t\t\t<div class=\"e-con-inner\">\n\t\t\t\t<div class=\"elementor-element elementor-element-6d0757bf elementor-widget elementor-widget-heading\" data-id=\"6d0757bf\" data-element_type=\"widget\" data-e-type=\"widget\" data-widget_type=\"heading.default\">\n\t\t\t\t\t<h2 class=\"elementor-heading-title elementor-size-default\">Mago Halmi, hli\u00f0st\u00e6\u00f0ur \u00ed \u00f6\u00f0rum menningarheimum<\/h2>\t\t\t\t<\/div>\n\t\t<div class=\"elementor-element elementor-element-60563f68 e-con-full e-flex e-con e-child\" data-id=\"60563f68\" data-element_type=\"container\" data-e-type=\"container\">\n\t\t\t\t<div class=\"elementor-element elementor-element-5a93fdd6 elementor-widget elementor-widget-text-editor\" data-id=\"5a93fdd6\" data-element_type=\"widget\" data-e-type=\"widget\" data-widget_type=\"text-editor.default\">\n\t\t\t\t\t\t\t\t\t<h3>Helgisi\u00f0ir og d\u00fdrkun<\/h3><p>\u00cd Mudang-helgiath\u00f6fnum (Kut) er Mago-halmi \u00e1k\u00f6llu\u00f0 me\u00f0 dansi og s\u00f6ng. Sjamaninn holdgerir gy\u00f0juna til a\u00f0 bi\u00f0ja um <span class=\"iwg-fachbegriff\" data-tooltip=\"\u00c1kall um heill og vernd, oft \u00ed f\u00f6stu m\u00e1lfarslegu formi.\" tabindex=\"0\">blessun<\/span> fyrir uppskeru og velfer\u00f0 fj\u00f6lskyldunnar. F\u00f3rnargjafir voru me\u00f0al annars korn, \u00e1vextir og v\u00edn. <span class=\"iwg-fachbegriff\" data-tooltip=\"Bygging sem \u00fej\u00f3nar d\u00fdrkun einnar e\u00f0a fleiri gu\u00f0d\u00f3ma.\" tabindex=\"0\">Musteri<\/span> og helgista\u00f0ir voru \u00fatbreiddir \u00ed fjalllendi, s\u00e9rstaklega \u00e1 upptakasv\u00e6\u00f0um vatns (sem vatnsd\u00fdrkunar-<span class=\"iwg-fachbegriff\" data-tooltip=\"Samruni hugmynda e\u00f0a gu\u00f0d\u00f3ma \u00far \u00f3l\u00edkum tr\u00faarhef\u00f0um.\" tabindex=\"0\">samruni<\/span>).<\/p><h3>\u00c1kallanir og b\u00e6nir<\/h3><p>Klass\u00edskar \u00e1kallanir \u00ed mudang-helgiath\u00f6fnum hlj\u00f3\u00f0a svo: \u201eMago-halmi, frumm\u00f3\u00f0ir himinsins, blessa\u00f0u \u00feessa fj\u00f6lskyldu.&#8220; Sjamanar fluttu \u00e1kallss\u00f6ngva sem voru felldir inn \u00ed taktinn af jar\u00f0artrommum. Var\u00f0veitt form\u00fala undirstrikar tv\u00ede\u00f0li hennar (Yin-Yang): \u201eMikla m\u00f3\u00f0ir, \u00far \u00fe\u00e9r streymir allt l\u00edf.&#8220;<\/p><h3>Verndargripir og verndart\u00e1kn<\/h3><p>T\u00e1kni\u00f0 um kvenlega sp\u00edralinn og j\u00f6r\u00f0ina (sanggeum-t\u00e1kni\u00f0) var bori\u00f0 sem verndargripur. Konur b\u00e1ru b\u00f6nd og sn\u00farur me\u00f0 hn\u00fatum, \u00fear sem hver hn\u00fatur t\u00e1kna\u00f0i b\u00e6n til Mago-halmi. Uppskeruh\u00e1t\u00ed\u00f0ir voru haldnar me\u00f0 helgikl\u00fatum og bl\u00f3msveigum.<\/p>\n<p><strong>Gy\u00f0ingleg hef\u00f0:<\/strong> \u00cd gy\u00f0ingd\u00f3mi er engin bein hli\u00f0st\u00e6\u00f0a vi\u00f0 Mago Halmi. Hef\u00f0in \u00feekkir Shekhina (kvenlega n\u00e6rveru Gu\u00f0s), sem \u00ed s\u00ed\u00f0ari dulspekilegum t\u00falkunum f\u00e6r skapandi hlutverk, en er \u00fe\u00f3 ekki ger\u00f0 a\u00f0 sj\u00e1lfst\u00e6\u00f0ri gy\u00f0ju. Kabbalah b\u00fd\u00f0ur upp \u00e1 Binah (skilning\/m\u00f3\u00f0ur) sem hugtakslega hli\u00f0st\u00e6\u00f0u vi\u00f0 frumm\u00f3\u00f0urina, en ekki sem d\u00fdrkunarveru.<\/p><p><strong>Gr\u00edsk-r\u00f3mverski heimurinn:<\/strong> Gaia (j\u00f6r\u00f0in) og Rhea (frumm\u00f3\u00f0ir T\u00edtananna) samsvara Mago Halmi \u00ed hlutverki. B\u00e1\u00f0ar eru frumuppsprettur sem a\u00f0rir gu\u00f0ir og tilveran spruttu \u00far. S\u00e9rstaklega s\u00fdnir Gaia sem frumkraftur jar\u00f0arinnar og m\u00f3\u00f0ir allra hluta byggingarlega l\u00edkingu. D\u00fdrkun hennar var \u00fe\u00f3 dreif\u00f0ari og minna kerfisbundin en hin n\u00fat\u00edmalega <span class=\"iwg-fachbegriff\" data-tooltip=\"Heild tr\u00faarlegra d\u00fdrkunarathafna fyrir gu\u00f0d\u00f3m e\u00f0a heilaga veru.\" tabindex=\"0\">d\u00fdrkun<\/span> Mago Halmi.<\/p><p><strong>Mes\u00f3p\u00f3tam\u00eda:<\/strong> Tiamat \u00ed bab\u00fdlonskri <span class=\"iwg-fachbegriff\" data-tooltip=\"Heild var\u00f0veittra go\u00f0sagna um gu\u00f0i \u00ed tiltekinni menningu.\" tabindex=\"0\">go\u00f0afr\u00e6\u00f0i<\/span> (Enuma Elish) er frumm\u00f3\u00f0irin, \u00far l\u00edkama hennar var heimurinn skapa\u00f0ur. H\u00fan er \u00f3rei\u00f0ukenndur, frumst\u00e6\u00f0ur kraftur sem gu\u00f0inn Marduk sigrar og skipuleggur upp \u00e1 n\u00fdtt. Mago Halmi sker sig \u00far me\u00f0 velvilja\u00f0ri n\u00e1tt\u00faru sinni, \u00e1 me\u00f0an Tiamat er tv\u00edr\u00e6\u00f0 e\u00f0a ey\u00f0ileggjandi.<\/p><p><strong>Indland\/As\u00eda:<\/strong> Indverska Prakriti (frumefni\u00f0) e\u00f0a Shakti (kvenlegur kraftur) l\u00edkjast Mago Halmi sem frumst\u00e6\u00f0ur kvenlegur kraftur. \u00cd ta\u00f3isma er Dao frumm\u00f3\u00f0irin e\u00f0a frumreglan sem allir hlutir streyma \u00far, hli\u00f0st\u00e6\u00f0a vi\u00f0 heimsfr\u00e6\u00f0ilegt hlutverk Mago Halmi. \u00cd t\u00edbetskri <span class=\"iwg-fachbegriff\" data-tooltip=\"Mi\u00f0lun \u00feekkingar og fr\u00e1sagna milli kynsl\u00f3\u00f0a.\" tabindex=\"0\">munnm\u00e6lahef\u00f0<\/span> eru til svipa\u00f0ir frumm\u00f3\u00f0ur-\u00fe\u00e6ttir hins algera.<\/p>\t\t\t\t\t\t\t\t<\/div>\n\t\t\t\t<\/div>\n\t\t\t\t\t<\/div>\n\t\t\t\t<\/div>\n\t\t<div class=\"elementor-element elementor-element-cp35010eb e-flex e-con-boxed e-con e-parent\" data-id=\"cp35010eb\" data-element_type=\"container\" data-e-type=\"container\">\n\t\t\t\t\t<div class=\"e-con-inner\">\n\t\t\t\t<div class=\"elementor-element elementor-element-cpbfca030 elementor-widget elementor-widget-heading\" data-id=\"cpbfca030\" data-element_type=\"widget\" data-e-type=\"widget\" data-widget_type=\"heading.default\">\n\t\t\t\t\t<h2 class=\"elementor-heading-title elementor-size-default\">Mago Halmi sem frumaldar skapari landslagsins<\/h2>\t\t\t\t<\/div>\n\t\t<div class=\"elementor-element elementor-element-cp026fbaa e-con-full e-flex e-con e-child\" data-id=\"cp026fbaa\" data-element_type=\"container\" data-e-type=\"container\">\n\t\t\t\t<div class=\"elementor-element elementor-element-cpe9e70a7 elementor-widget elementor-widget-text-editor\" data-id=\"cpe9e70a7\" data-element_type=\"widget\" data-e-type=\"widget\" data-widget_type=\"text-editor.default\">\n\t\t\t\t\t\t\t\t\t<p>Mago Halmi, oft \u00fe\u00fdtt sem \u201eamma Mago\u201c, er \u00ed k\u00f3reskri <span class=\"iwg-fachbegriff\" data-tooltip=\"\u00c1framgefning \u00feekkingar og sagna milli kynsl\u00f3\u00f0a.\" tabindex=\"0\">munnm\u00e6lahef\u00f0<\/span> risavaxin kvenkyns vera sem \u00e1 frum\u00f6ld m\u00f3ta\u00f0i landslagi\u00f0.<\/p><p>H\u00fan fellur a\u00f0 \u00fatbreiddu go\u00f0sagnaformi um skaparrisakonuna sem skapar landafr\u00e6\u00f0ina me\u00f0 l\u00edkama s\u00ednum og daglegum ath\u00f6fnum, \u00e1n or\u00f0a e\u00f0a \u00e1\u00e6tlunar. Fj\u00f6ll r\u00edsa \u00fear sem h\u00fan hla\u00f0ar upp j\u00f6r\u00f0, dalir \u00fear sem h\u00fan grefur, eyjar \u00fear sem j\u00f6r\u00f0 dettur \u00far svuntu hennar.<\/p><p>S\u00e9rstaklega r\u00edk er <span class=\"iwg-fachbegriff\" data-tooltip=\"\u00c1framgefning \u00feekkingar og sagna milli kynsl\u00f3\u00f0a.\" tabindex=\"0\">munnm\u00e6lahef\u00f0in<\/span> \u00e1 eyjunni Jeju, \u00fear sem skaparrisakonan er oftast k\u00f6llu\u00f0 <em>Seolmundae Halmang<\/em> og talin hafa mynda\u00f0 alla eyjuna; eldfjalli\u00f0 Hallasan er tengt henni.<\/p><p>\u00c1 meginlandinu og \u00f6\u00f0rum sv\u00e6\u00f0um koma fram samb\u00e6rilegar risakonur undir nafninu Mago Halmi e\u00f0a l\u00edkum heitum, sem eigna\u00f0ar eru einst\u00f6k fj\u00f6ll, klettamyndanir, sk\u00f6r\u00f0 og vatnsf\u00f6ll. Sagnirnar eru sterklega bundnar vi\u00f0 vi\u00f0komandi sta\u00f0bundi\u00f0 landslag og sk\u00fdra s\u00e9rst\u00e6\u00f0ar landslagsmyndir.<\/p><p>Einkennandi er samspil gr\u00ed\u00f0arlegrar st\u00e6r\u00f0ar og hversdagslegrar heimilislegu. Mago Halmi eldar, \u00fev\u00e6r, vefur, bor\u00f0ar og losar sig vi\u00f0 \u00fargang, og \u00fea\u00f0 eru einmitt \u00feessar hversdagslegu athafnir sem hafa heimsfr\u00e6\u00f0ilegar aflei\u00f0ingar. \u00deessi samsl\u00e1ttur upphafningar og heimilishalds gerir hana \u00f3l\u00edka fjarl\u00e6gum, \u00f3hlutbundnum skapargo\u00f0um annarra hef\u00f0a.<\/p><p>Fr\u00e6\u00f0imenn flokka Mago Halmi undir hi\u00f0 \u00fatbreidda go\u00f0sagnaform \u201erisakonan sem landslagsskapari\u201c, sem er s\u00e9rstaklega r\u00edkulega birt \u00ed K\u00f3reu og t\u00e1knar gamalt, al\u00fe\u00fd\u00f0legt lag k\u00f3reskrar <span class=\"iwg-fachbegriff\" data-tooltip=\"\u00d6ll var\u00f0veitt gu\u00f0as\u00f6gn tiltekinnar menningar.\" tabindex=\"0\">go\u00f0afr\u00e6\u00f0i<\/span>. Skyldar skapandi kvenverur finnast \u00ed v\u00ed\u00f0t\u00e6kari <a href=\"https:\/\/iwell-guard.com\/is\/?page_id=168660\">k\u00f3reskri<\/a> <span class=\"iwg-fachbegriff\" data-tooltip=\"\u00c1framgefning \u00feekkingar og sagna milli kynsl\u00f3\u00f0a.\" tabindex=\"0\">munnm\u00e6lahef\u00f0<\/span>.<\/p>\t\t\t\t\t\t\t\t<\/div>\n\t\t\t\t<\/div>\n\t\t\t\t\t<\/div>\n\t\t\t\t<\/div>\n\t\t<div class=\"elementor-element elementor-element-cp3658809 e-flex e-con-boxed e-con e-parent\" data-id=\"cp3658809\" data-element_type=\"container\" data-e-type=\"container\">\n\t\t\t\t\t<div class=\"e-con-inner\">\n\t\t\t\t<div class=\"elementor-element elementor-element-cp26b9195 elementor-widget elementor-widget-heading\" data-id=\"cp26b9195\" data-element_type=\"widget\" data-e-type=\"widget\" data-widget_type=\"heading.default\">\n\t\t\t\t\t<h2 class=\"elementor-heading-title elementor-size-default\">Sv\u00e6\u00f0isbundin afbrig\u00f0i og tenging vi\u00f0 \u00e1kve\u00f0na sta\u00f0i<\/h2>\t\t\t\t<\/div>\n\t\t<div class=\"elementor-element elementor-element-cp1faf716 e-con-full e-flex e-con e-child\" data-id=\"cp1faf716\" data-element_type=\"container\" data-e-type=\"container\">\n\t\t\t\t<div class=\"elementor-element elementor-element-cp4531c17 elementor-widget elementor-widget-text-editor\" data-id=\"cp4531c17\" data-element_type=\"widget\" data-e-type=\"widget\" data-widget_type=\"text-editor.default\">\n\t\t\t\t\t\t\t\t\t<p>Mago Halmi er ekki einsleit pers\u00f3na innan alk\u00f3reskrar go\u00f0afr\u00e6\u00f0i, heldur vera sem birtist \u00ed fj\u00f6lm\u00f6rgum sta\u00f0bundnum \u00fatg\u00e1fum. N\u00e1nast hvert sv\u00e6\u00f0i hefur s\u00ednar eigin s\u00f6gur af risakonu sem m\u00f3ta\u00f0i landi\u00f0 \u00e1 \u00feeim sta\u00f0, og n\u00f6fnin eru mismunandi: Seolmundae Halmang \u00e1 Jeju, Mago Halmi e\u00f0a Mago Halmae \u00e1 m\u00f6rgum sv\u00e6\u00f0um meginlandsins, auk fj\u00f6lda annarra sta\u00f0bundinna heita.<\/p><p>Hvort um er a\u00f0 r\u00e6\u00f0a upphaflega einsleita <span class=\"iwg-fachbegriff\" data-tooltip=\"Vera sem er tilbe\u00f0in sem gu\u00f0leg innan tr\u00faarbrag\u00f0a.\" tabindex=\"0\">gu\u00f0lega veru<\/span> sem s\u00ed\u00f0an \u00fer\u00f3a\u00f0ist \u00ed \u00fdmsar sta\u00f0bundnar myndir, e\u00f0a \u00f6fugt, \u00fdmsar sta\u00f0bundnar risakonur sem s\u00ed\u00f0ar voru sameina\u00f0ar undir nafninu Mago, er umdeilt \u00ed fr\u00e6\u00f0unum.<\/p><p>S\u00f6gurnar fylgja endurteknum minnum. Algengt <span class=\"iwg-fachbegriff\" data-tooltip=\"Endurteki\u00f0 efnisatri\u00f0i \u00ed list e\u00f0a fr\u00e1s\u00f6gn.\" tabindex=\"0\">minni<\/span> er a\u00f0 Mago Halmi vilji byggja eitthva\u00f0, svo sem br\u00fa til meginlandsins e\u00f0a varnargar\u00f0, og a\u00f0 verki\u00f0 ver\u00f0i ekki fullgert; \u00f3kl\u00e1ru\u00f0 klettamyndun er \u00fe\u00e1 sj\u00e1anleg s\u00f6nnun \u00feess.<\/p><p>Einnig algengt er <span class=\"iwg-fachbegriff\" data-tooltip=\"Endurteki\u00f0 efnisatri\u00f0i \u00ed list e\u00f0a fr\u00e1s\u00f6gn.\" tabindex=\"0\">minni\u00f0<\/span> um kl\u00e6\u00f0na\u00f0 hennar: \u00far rifnu svuntu hennar fellur mold sem myndar h\u00f3la og eyjar. A\u00f0rar s\u00f6gur greina fr\u00e1 risav\u00f6xnum m\u00e1lt\u00ed\u00f0um hennar, klettum sem h\u00fan nota\u00f0i sem eldunarsteina, e\u00f0a d\u00fdpri l\u00e6g\u00f0um \u00ed berginu sem taldar eru vera f\u00f3tspor hennar.<\/p><p>\u00deessi n\u00e1na sta\u00f0binding er kjarni Mago Halmi. Go\u00f0sagnirnar eru ekki \u00f3hlutbundnar heimssk\u00f6punars\u00f6gur, heldur sk\u00fdringar \u00e1 \u00e1kve\u00f0nu landsv\u00e6\u00f0i sem s\u00f6gumanni og \u00e1heyrandum var kunnugt. S\u00e9rst\u00e6\u00f0ur klettur, glj\u00fafur e\u00f0a l\u00edtil eyja vi\u00f0 str\u00f6ndina f\u00e1 \u00feannig merkingu \u00ed s\u00f6gunni og eru felld inn \u00ed go\u00f0sagnalega fort\u00ed\u00f0.<\/p><p>Fr\u00e6\u00f0in tala h\u00e9r um sta\u00f0ars\u00f6gur e\u00f0a frumorsakas\u00f6gur (\u00e6tiolog\u00edskar fr\u00e1sagnir). Fyrir skilning \u00e1 Mago Halmi lei\u00f0ir \u00feetta til \u00feess a\u00f0 r\u00e9tt er a\u00f0 fjalla um hana sem fr\u00e1sagnarminni sem greinist \u00ed fj\u00f6lda sta\u00f0bundinna birtingarmynda, og kemur upp hvar sem landslag kraf\u00f0ist sk\u00fdringar. H\u00fan er \u00fear af lei\u00f0andi ekki ein afm\u00f6rku\u00f0 gy\u00f0ja.<\/p>\t\t\t\t\t\t\t\t<\/div>\n\t\t\t\t<\/div>\n\t\t\t\t\t<\/div>\n\t\t\t\t<\/div>\n\t\t<div class=\"elementor-element elementor-element-cp413ff75 e-flex e-con-boxed e-con e-parent\" data-id=\"cp413ff75\" data-element_type=\"container\" data-e-type=\"container\">\n\t\t\t\t\t<div class=\"e-con-inner\">\n\t\t\t\t<div class=\"elementor-element elementor-element-cpfb1781f elementor-widget elementor-widget-heading\" data-id=\"cpfb1781f\" data-element_type=\"widget\" data-e-type=\"widget\" data-widget_type=\"heading.default\">\n\t\t\t\t\t<h2 class=\"elementor-heading-title elementor-size-default\">Vandinn vi\u00f0 n\u00fat\u00edmalega t\u00falkun \u00e1 Mago<\/h2>\t\t\t\t<\/div>\n\t\t<div class=\"elementor-element elementor-element-cp4904600 e-con-full e-flex e-con e-child\" data-id=\"cp4904600\" data-element_type=\"container\" data-e-type=\"container\">\n\t\t\t\t<div class=\"elementor-element elementor-element-cpd2e8423 elementor-widget elementor-widget-text-editor\" data-id=\"cpd2e8423\" data-element_type=\"widget\" data-e-type=\"widget\" data-widget_type=\"text-editor.default\">\n\t\t\t\t\t\t\t\t\t<p>Pers\u00f3na Mago Halmi hefur \u00e1 s\u00ed\u00f0ari hluta 20. aldar og \u00e1 21. \u00f6ld or\u00f0i\u00f0 a\u00f0 vi\u00f0fangsefni s\u00e9rstakrar, a\u00f0 hluta til hugmyndafr\u00e6\u00f0ilega litu\u00f0u t\u00falkunarhreyfingu, sem r\u00e9tt er a\u00f0 a\u00f0greina vandlega fr\u00e1 hinni hef\u00f0bundnu \u00fej\u00f3\u00f0sagnahef\u00f0.<\/p><p>\u00cd \u00e1kve\u00f0num stefnum, sem v\u00edsa til texta sem kallast <em>Budoji<\/em>, er &#8222;Mago&#8220; upphafin til a\u00f0 vera kosm\u00edsk frumm\u00f3\u00f0ir og skapandi gy\u00f0ja \u00ed upphafi heimsins, stofnm\u00f3\u00f0ir mannkyns e\u00f0a a\u00f0 minnsta kosti k\u00f3reskrar \u00fej\u00f3\u00f0ar.<\/p><p>H\u00e9r er full \u00e1st\u00e6\u00f0a til var\u00fa\u00f0ar. <em>Budoji<\/em> er texti sem aldur og \u00e1rei\u00f0anleiki er mj\u00f6g umdeildur um \u00ed fr\u00e6\u00f0aheiminum; margir fr\u00e6\u00f0imenn telja hann vera sk\u00f6pun 20. aldar, e\u00f0a a\u00f0 minnsta kosti verulega endurunninn, og setja hann \u00ed samhengi vi\u00f0 n\u00fat\u00edma \u00fej\u00f3\u00f0ernistr\u00faarhreyfingar.<\/p><p>Hugmyndin um einsleita, h\u00e1ttsetta frumgy\u00f0ju Mago, sem byggist \u00e1 \u00feessum texta, er \u00fev\u00ed ekki sta\u00f0fest <span class=\"iwg-fachbegriff\" data-tooltip=\"Mi\u00f0lun \u00feekkingar og fr\u00e1sagna milli kynsl\u00f3\u00f0a.\" tabindex=\"0\">arfleif\u00f0<\/span> hef\u00f0bundinnar k\u00f3reskrar tr\u00faar, heldur n\u00fat\u00edmaleg sm\u00ed\u00f0. Auk \u00feess er til fem\u00edn\u00edsk t\u00falkun sem leitar \u00ed Mago fyrirpatr\u00edarkalskrar m\u00f3\u00f0urgy\u00f0ju; h\u00fan byggir einnig meira \u00e1 t\u00falkun og eignun en \u00e1 traustum heimildum.<\/p><p>Fyrir vanda\u00f0a framsetningu \u00fe\u00fd\u00f0ir \u00feetta sk\u00fdran a\u00f0skilna\u00f0. Vel sta\u00f0fest og vel skjalfest er \u00fej\u00f3\u00f0fr\u00e6\u00f0ileg Mago Halmi: landm\u00f3tandi risakona sta\u00f0arsagna, margbreytileg, sta\u00f0bundin, tengd \u00e1kve\u00f0num landformum. Ekki jafn vel sta\u00f0fest er hugmyndin um einsleita kosm\u00edska frumgy\u00f0ju Mago; h\u00fan heyrir til n\u00fat\u00edma tr\u00faarlegrar og menningarlegrar eignunar.<\/p><p>B\u00e1\u00f0ar greinar eru til og b\u00e6\u00f0i tilheyra \u00e1hrifas\u00f6gu nafnsins, en heimildagildi \u00feeirra er mj\u00f6g mismunandi. \u00deeir sem skrifa um Mago Halmi \u00e6ttu a\u00f0 setja hina vel sta\u00f0festu \u00fej\u00f3\u00f0fr\u00e6\u00f0ilegu pers\u00f3nu \u00ed forgrunn og merkja n\u00fat\u00edma frumm\u00f3\u00f0urkenninguna sem \u00fea\u00f0 sem h\u00fan er: t\u00falkun, ekki <span class=\"iwg-fachbegriff\" data-tooltip=\"Mi\u00f0lun \u00feekkingar og fr\u00e1sagna milli kynsl\u00f3\u00f0a.\" tabindex=\"0\">arfleif\u00f0<\/span>.<\/p>\t\t\t\t\t\t\t\t<\/div>\n\t\t\t\t<\/div>\n\t\t\t\t\t<\/div>\n\t\t\t\t<\/div>\n\t\t<div class=\"elementor-element elementor-element-36dd7469 e-flex e-con-boxed e-con e-parent\" data-id=\"36dd7469\" data-element_type=\"container\" data-e-type=\"container\">\n\t\t\t\t\t<div class=\"e-con-inner\">\n\t\t\t\t<div class=\"elementor-element elementor-element-13760ab4 elementor-widget elementor-widget-heading\" data-id=\"13760ab4\" data-element_type=\"widget\" data-e-type=\"widget\" data-widget_type=\"heading.default\">\n\t\t\t\t\t<h2 class=\"elementor-heading-title elementor-size-default\">\u00cdtarefni og tenglar<\/h2>\t\t\t\t<\/div>\n\t\t<div class=\"elementor-element elementor-element-28c87796 e-con-full e-flex e-con e-child\" data-id=\"28c87796\" data-element_type=\"container\" data-e-type=\"container\">\n\t\t\t\t<div class=\"elementor-element elementor-element-5d6538df elementor-widget elementor-widget-text-editor\" data-id=\"5d6538df\" data-element_type=\"widget\" data-e-type=\"widget\" data-widget_type=\"text-editor.default\">\n\t\t\t\t\t\t\t\t\t<ul><li><a href=\"https:\/\/iwell-guard.com\/is\/?page_id=168824\">Hwanung, sonur himnagu\u00f0sins<\/a><\/li><li><a href=\"https:\/\/iwell-guard.com\/is\/?page_id=168826\">Dangun, stofnandi Gojoseon<\/a><\/li><\/ul>\n\t\t\t\t\t\t\t\t<\/div>\n\t\t\t\t<\/div>\n\t\t\t\t\t<\/div>\n\t\t\t\t<\/div>\n\t\t<div class=\"elementor-element elementor-element-grl4kl40 e-flex e-con-boxed e-con e-parent\" data-id=\"grl4kl40\" data-element_type=\"container\" data-e-type=\"container\">\n\t\t\t\t\t<div class=\"e-con-inner\">\n\t\t\t\t<div class=\"elementor-element elementor-element-bzsbfrmh elementor-widget elementor-widget-heading\" data-id=\"bzsbfrmh\" data-element_type=\"widget\" data-e-type=\"widget\" data-widget_type=\"heading.default\">\n\t\t\t\t\t<h2 class=\"elementor-heading-title elementor-size-default\">Heimildir og fr\u00e6\u00f0irit<\/h2>\t\t\t\t<\/div>\n\t\t<div class=\"elementor-element elementor-element-2c13224a e-con-full e-flex e-con e-child\" data-id=\"2c13224a\" data-element_type=\"container\" data-e-type=\"container\">\n\t\t\t\t<div class=\"elementor-element elementor-element-0eymh9ub elementor-widget elementor-widget-text-editor\" data-id=\"0eymh9ub\" data-element_type=\"widget\" data-e-type=\"widget\" data-widget_type=\"text-editor.default\">\n\t\t\t\t\t\t\t\t\t<footer class=\"iwg-literatur\" data-nosnippet=\"true\"><ul><li><span data-nosnippet>Kim, Tae-gon: <em>Korean Shamanism: Its History and Behavior<\/em>. Korean Shamanistic Society, 2000.<\/span><\/li><li><span data-nosnippet>Grayson, J. H.: <em>Korea, A Religious History<\/em>. Routledge, 2002.<\/span><\/li><\/ul>\n<\/footer>\n<p class=\"iwg-bib-more\"><span data-nosnippet>Fleiri grunnrit \u00ed <a href=\"https:\/\/iwell-guard.com\/is\/?page_id=168730\">heimildaskr\u00e1nni<\/a>.<\/span><\/p>\t\t\t\t\t\t\t\t<\/div>\n\t\t\t\t<\/div>\n\t\t\t\t\t<\/div>\n\t\t\t\t<\/div>\n\t\t\t\t<\/div>\n\t\t","protected":false},"excerpt":{"rendered":"","protected":false},"author":3,"featured_media":1620,"parent":0,"menu_order":0,"comment_status":"closed","ping_status":"closed","template":"elementor_header_footer","meta":{"_yoast_wpseo_focuskw":"Mago Halmi","_yoast_wpseo_title":"Mago Halmi \u2013 gy\u00f0ja K\u00f3reu","_yoast_wpseo_metadesc":"Mago Halmi, risavaxin skaparagy\u00f0ja \u00ed k\u00f3reskum sta\u00f0bundnum s\u00f6gnum: landslagsgo\u00f0s\u00f6gur um frumm\u00f3\u00f0urina og gagnr\u00fdnin s\u00fdn \u00e1 n\u00fat\u00edmalegar t\u00falkanir.","_yoast_wpseo_meta-robots-noindex":"","_yoast_wpseo_canonical":"","_angie_page":false,"gefaehrdungsstufe":"2","wesen_kultur":"korea","wesen_klasse":"goetter","footnotes":""},"categories":[],"class_list":["post-168827","page","type-page","status-publish","has-post-thumbnail","hentry"],"yoast_head":"<!-- This site is optimized with the Yoast SEO Premium plugin v27.7 (Yoast SEO v28.3) - https:\/\/yoast.com\/product\/yoast-seo-premium-wordpress\/ -->\n<title>Mago Halmi \u2013 gy\u00f0ja K\u00f3reu<\/title>\n<meta name=\"description\" content=\"Mago Halmi, risavaxin skaparagy\u00f0ja \u00ed k\u00f3reskum sta\u00f0bundnum s\u00f6gnum: landslagsgo\u00f0s\u00f6gur um frumm\u00f3\u00f0urina og gagnr\u00fdnin s\u00fdn \u00e1 n\u00fat\u00edmalegar t\u00falkanir.\" \/>\n<meta name=\"robots\" content=\"index, follow, max-snippet:-1, max-image-preview:large, max-video-preview:-1\" \/>\n<link rel=\"canonical\" href=\"https:\/\/iwell-guard.com\/is\/mago-halmi\/\" \/>\n<meta property=\"og:locale\" content=\"is_IS\" \/>\n<meta property=\"og:type\" content=\"article\" \/>\n<meta property=\"og:title\" content=\"Mago Halmi\" \/>\n<meta property=\"og:description\" content=\"Mago Halmi, risavaxin skaparagy\u00f0ja \u00ed k\u00f3reskum sta\u00f0bundnum s\u00f6gnum: landslagsgo\u00f0s\u00f6gur um frumm\u00f3\u00f0urina og gagnr\u00fdnin s\u00fdn \u00e1 n\u00fat\u00edmalegar t\u00falkanir.\" \/>\n<meta property=\"og:url\" content=\"https:\/\/iwell-guard.com\/is\/mago-halmi\/\" \/>\n<meta property=\"og:site_name\" content=\"iWell Guard\" \/>\n<meta property=\"article:modified_time\" content=\"2026-09-05T14:20:31+00:00\" \/>\n<meta property=\"og:image\" content=\"https:\/\/iwell-guard.com\/wp-content\/uploads\/2026\/04\/goetter_korea_mago-halmi.webp\" \/>\n\t<meta property=\"og:image:width\" content=\"1024\" \/>\n\t<meta property=\"og:image:height\" content=\"1536\" \/>\n\t<meta property=\"og:image:type\" content=\"image\/webp\" \/>\n<meta name=\"twitter:card\" content=\"summary_large_image\" \/>\n<script type=\"application\/ld+json\" class=\"yoast-schema-graph\">{\"@context\":\"https:\\\/\\\/schema.org\",\"@graph\":[{\"@type\":\"WebPage\",\"@id\":\"https:\\\/\\\/iwell-guard.com\\\/is\\\/mago-halmi\\\/\",\"url\":\"https:\\\/\\\/iwell-guard.com\\\/is\\\/mago-halmi\\\/\",\"name\":\"Mago Halmi \u2013 gy\u00f0ja K\u00f3reu\",\"isPartOf\":{\"@id\":\"https:\\\/\\\/iwell-guard.com\\\/is\\\/#website\"},\"primaryImageOfPage\":{\"@id\":\"https:\\\/\\\/iwell-guard.com\\\/is\\\/mago-halmi\\\/#primaryimage\"},\"image\":{\"@id\":\"https:\\\/\\\/iwell-guard.com\\\/is\\\/mago-halmi\\\/#primaryimage\"},\"thumbnailUrl\":\"https:\\\/\\\/iwell-guard.com\\\/wp-content\\\/uploads\\\/2026\\\/04\\\/goetter_korea_mago-halmi.webp\",\"datePublished\":\"2026-09-05T14:03:19+00:00\",\"dateModified\":\"2026-09-05T14:20:31+00:00\",\"description\":\"Mago Halmi, risavaxin skaparagy\u00f0ja \u00ed k\u00f3reskum sta\u00f0bundnum s\u00f6gnum: landslagsgo\u00f0s\u00f6gur um frumm\u00f3\u00f0urina og gagnr\u00fdnin s\u00fdn \u00e1 n\u00fat\u00edmalegar t\u00falkanir.\",\"breadcrumb\":{\"@id\":\"https:\\\/\\\/iwell-guard.com\\\/is\\\/mago-halmi\\\/#breadcrumb\"},\"inLanguage\":\"is\",\"potentialAction\":[{\"@type\":\"ReadAction\",\"target\":[\"https:\\\/\\\/iwell-guard.com\\\/is\\\/mago-halmi\\\/\"]}]},{\"@type\":\"ImageObject\",\"inLanguage\":\"is\",\"@id\":\"https:\\\/\\\/iwell-guard.com\\\/is\\\/mago-halmi\\\/#primaryimage\",\"url\":\"https:\\\/\\\/iwell-guard.com\\\/wp-content\\\/uploads\\\/2026\\\/04\\\/goetter_korea_mago-halmi.webp\",\"contentUrl\":\"https:\\\/\\\/iwell-guard.com\\\/wp-content\\\/uploads\\\/2026\\\/04\\\/goetter_korea_mago-halmi.webp\",\"width\":1024,\"height\":1536,\"caption\":\"Gu\u00f0ir \u00far k\u00f3reskri hef\u00f0.\"},{\"@type\":\"BreadcrumbList\",\"@id\":\"https:\\\/\\\/iwell-guard.com\\\/is\\\/mago-halmi\\\/#breadcrumb\",\"itemListElement\":[{\"@type\":\"ListItem\",\"position\":1,\"name\":\"Start\",\"item\":\"https:\\\/\\\/iwell-guard.com\\\/is\\\/?page_id=168580\"},{\"@type\":\"ListItem\",\"position\":2,\"name\":\"Mago Halmi\"}]},{\"@type\":\"WebSite\",\"@id\":\"https:\\\/\\\/iwell-guard.com\\\/is\\\/#website\",\"url\":\"https:\\\/\\\/iwell-guard.com\\\/is\\\/\",\"name\":\"iWell Guard\",\"description\":\"Schutz vor dunklen Einfl\u00fcssen\",\"publisher\":{\"@id\":\"https:\\\/\\\/iwell-guard.com\\\/is\\\/#organization\"},\"potentialAction\":[{\"@type\":\"SearchAction\",\"target\":{\"@type\":\"EntryPoint\",\"urlTemplate\":\"https:\\\/\\\/iwell-guard.com\\\/is\\\/?s={search_term_string}\"},\"query-input\":{\"@type\":\"PropertyValueSpecification\",\"valueRequired\":true,\"valueName\":\"search_term_string\"}}],\"inLanguage\":\"is\"},{\"@type\":\"Organization\",\"@id\":\"https:\\\/\\\/iwell-guard.com\\\/is\\\/#organization\",\"name\":\"Ittermann electronic GmbH\",\"url\":\"https:\\\/\\\/iwell-guard.com\\\/is\\\/\",\"logo\":{\"@type\":\"ImageObject\",\"inLanguage\":\"is\",\"@id\":\"https:\\\/\\\/iwell-guard.com\\\/is\\\/#\\\/schema\\\/logo\\\/image\\\/\",\"url\":\"https:\\\/\\\/iwell-guard.com\\\/wp-content\\\/uploads\\\/2026\\\/05\\\/Ittermann-Logo-1182x237-1.png\",\"contentUrl\":\"https:\\\/\\\/iwell-guard.com\\\/wp-content\\\/uploads\\\/2026\\\/05\\\/Ittermann-Logo-1182x237-1.png\",\"width\":1182,\"height\":237,\"caption\":\"Ittermann electronic GmbH\"},\"image\":{\"@id\":\"https:\\\/\\\/iwell-guard.com\\\/is\\\/#\\\/schema\\\/logo\\\/image\\\/\"},\"sameAs\":[\"https:\\\/\\\/pantip.com\\\/profile\\\/9367242\",\"https:\\\/\\\/micro.blog\\\/iwellguard\",\"https:\\\/\\\/www.diggerslist.com\\\/iwellguard\\\/about\",\"https:\\\/\\\/skitterphoto.com\\\/photographers\\\/2870314\\\/iwell-guard\",\"https:\\\/\\\/iwellguard.wordpress.com\\\/2026\\\/06\\\/06\\\/iwell-guard\\\/\",\"https:\\\/\\\/hub.docker.com\\\/u\\\/iwellguard\",\"https:\\\/\\\/www.pinterest.com\\\/iwellguard\\\/\",\"https:\\\/\\\/bit.ly\\\/m\\\/iwellguard\",\"https:\\\/\\\/entre-vos-mains.alsace.eu\\\/profiles\\\/iwellguard\\\/activity\",\"https:\\\/\\\/gravatar.com\\\/reallybeded8fd34\",\"https:\\\/\\\/naijamatta.com\\\/iwellguard\",\"https:\\\/\\\/www.goodreads.com\\\/iwellguard\",\"https:\\\/\\\/profile.hatena.ne.jp\\\/iwellguard\\\/\",\"https:\\\/\\\/experiment.com\\\/users\\\/iwellguard\",\"https:\\\/\\\/wakelet.com\\\/@iWellGuard82270\",\"https:\\\/\\\/www.chordie.com\\\/forum\\\/profile.php?id=2555664\",\"https:\\\/\\\/www.instapaper.com\\\/p\\\/17757966\",\"https:\\\/\\\/www.mapleprimes.com\\\/users\\\/iwellguard\",\"https:\\\/\\\/businesslistingplus.com\\\/profile\\\/iwell-guard\\\/\",\"https:\\\/\\\/telegra.ph\\\/iWell-Guard-06-06\",\"https:\\\/\\\/pbase.com\\\/iwellguard\\\/iwellguard\",\"https:\\\/\\\/b.hatena.ne.jp\\\/iwellguard\\\/20260607#bookmark-4788405196491818882\",\"https:\\\/\\\/fliphtml5.com\\\/home\\\/iwellguard\",\"https:\\\/\\\/anyflip.com\\\/homepage\\\/cmiwl#About\",\"https:\\\/\\\/transfur.com\\\/Users\\\/iwellguard\",\"http:\\\/\\\/delphi.larsbo.org\\\/user\\\/iwellguard\",\"https:\\\/\\\/jobs.lajobsportal.org\\\/profiles\\\/8380803-iwell-guard\",\"https:\\\/\\\/md.chaosdorf.de\\\/s\\\/jfbe5SBdJD\",\"https:\\\/\\\/www.lingvolive.com\\\/en-us\\\/profile\\\/9ecaeaca-ce11-4e51-9e71-01d55e2bff36\\\/translations\",\"https:\\\/\\\/www.fitday.com\\\/fitness\\\/forums\\\/members\\\/iwellguard.html\",\"https:\\\/\\\/www.mymeetbook.com\\\/iwellguard\",\"https:\\\/\\\/pxhere.com\\\/en\\\/photographer-me\\\/5040798\",\"https:\\\/\\\/disqus.com\\\/by\\\/iwellguard\\\/about\\\/\",\"https:\\\/\\\/pastelink.net\\\/hjwciqwq\",\"https:\\\/\\\/pubhtml5.com\\\/homepage\\\/scjhn\\\/\",\"https:\\\/\\\/www.bitchute.com\\\/channel\\\/2O2eOKzNqujT\",\"https:\\\/\\\/audiomack.com\\\/iwellguard\"]},{\"@type\":\"Article\",\"@id\":\"https:\\\/\\\/iwell-guard.com\\\/is\\\/mago-halmi\\\/#article\",\"isPartOf\":{\"@id\":\"https:\\\/\\\/iwell-guard.com\\\/is\\\/mago-halmi\\\/\"},\"author\":{\"name\":\"Ralf Ittermann\",\"@id\":\"https:\\\/\\\/iwell-guard.com\\\/is\\\/#\\\/schema\\\/person\\\/ee2a27f1cac3406c7c6fb5820cb7349f\"},\"headline\":\"Mago Halmi\",\"datePublished\":\"2026-09-05T14:03:19+00:00\",\"dateModified\":\"2026-09-05T14:20:31+00:00\",\"mainEntityOfPage\":{\"@id\":\"https:\\\/\\\/iwell-guard.com\\\/is\\\/mago-halmi\\\/\"},\"publisher\":{\"@id\":\"https:\\\/\\\/iwell-guard.com\\\/is\\\/#organization\"},\"image\":{\"@id\":\"https:\\\/\\\/iwell-guard.com\\\/is\\\/mago-halmi\\\/#primaryimage\"},\"thumbnailUrl\":\"https:\\\/\\\/iwell-guard.com\\\/wp-content\\\/uploads\\\/2026\\\/04\\\/goetter_korea_mago-halmi.webp\",\"inLanguage\":\"is\",\"description\":\"Mago Halmi, risavaxin skaparagy\u00f0ja \u00ed k\u00f3reskum sta\u00f0bundnum s\u00f6gnum: landslagsgo\u00f0s\u00f6gur um frumm\u00f3\u00f0urina og gagnr\u00fdnin s\u00fdn \u00e1 n\u00fat\u00edmalegar t\u00falkanir.\"}]}<\/script>\n<!-- \/ Yoast SEO Premium plugin. -->","yoast_head_json":{"title":"Mago Halmi \u2013 gy\u00f0ja K\u00f3reu","description":"Mago Halmi, risavaxin skaparagy\u00f0ja \u00ed k\u00f3reskum sta\u00f0bundnum s\u00f6gnum: landslagsgo\u00f0s\u00f6gur um frumm\u00f3\u00f0urina og gagnr\u00fdnin s\u00fdn \u00e1 n\u00fat\u00edmalegar t\u00falkanir.","robots":{"index":"index","follow":"follow","max-snippet":"max-snippet:-1","max-image-preview":"max-image-preview:large","max-video-preview":"max-video-preview:-1"},"canonical":"https:\/\/iwell-guard.com\/is\/mago-halmi\/","og_locale":"is_IS","og_type":"article","og_title":"Mago Halmi","og_description":"Mago Halmi, risavaxin skaparagy\u00f0ja \u00ed k\u00f3reskum sta\u00f0bundnum s\u00f6gnum: landslagsgo\u00f0s\u00f6gur um frumm\u00f3\u00f0urina og gagnr\u00fdnin s\u00fdn \u00e1 n\u00fat\u00edmalegar t\u00falkanir.","og_url":"https:\/\/iwell-guard.com\/is\/mago-halmi\/","og_site_name":"iWell Guard","article_modified_time":"2026-09-05T14:20:31+00:00","og_image":[{"width":1024,"height":1536,"url":"https:\/\/iwell-guard.com\/wp-content\/uploads\/2026\/04\/goetter_korea_mago-halmi.webp","type":"image\/webp"}],"twitter_card":"summary_large_image","schema":{"@context":"https:\/\/schema.org","@graph":[{"@type":"Article","@id":"https:\/\/iwell-guard.com\/is\/mago-halmi\/#article","isPartOf":{"@id":"https:\/\/iwell-guard.com\/is\/mago-halmi\/"},"author":{"name":"Ralf Ittermann","@id":"https:\/\/iwell-guard.com\/is\/#\/schema\/person\/ee2a27f1cac3406c7c6fb5820cb7349f"},"headline":"Mago Halmi","datePublished":"2026-09-05T14:03:19+00:00","dateModified":"2026-09-05T14:20:31+00:00","mainEntityOfPage":{"@id":"https:\/\/iwell-guard.com\/is\/mago-halmi\/"},"publisher":{"@id":"https:\/\/iwell-guard.com\/is\/#organization"},"image":{"@id":"https:\/\/iwell-guard.com\/is\/mago-halmi\/#primaryimage"},"thumbnailUrl":"https:\/\/iwell-guard.com\/wp-content\/uploads\/2026\/04\/goetter_korea_mago-halmi.webp","inLanguage":"is","description":"Mago Halmi, risavaxin skaparagy\u00f0ja \u00ed k\u00f3reskum sta\u00f0bundnum s\u00f6gnum: landslagsgo\u00f0s\u00f6gur um frumm\u00f3\u00f0urina og gagnr\u00fdnin s\u00fdn \u00e1 n\u00fat\u00edmalegar t\u00falkanir."},{"@type":"WebPage","@id":"https:\/\/iwell-guard.com\/is\/mago-halmi\/","url":"https:\/\/iwell-guard.com\/is\/mago-halmi\/","name":"Mago Halmi \u2013 gy\u00f0ja K\u00f3reu","isPartOf":{"@id":"https:\/\/iwell-guard.com\/is\/#website"},"primaryImageOfPage":{"@id":"https:\/\/iwell-guard.com\/is\/mago-halmi\/#primaryimage"},"image":{"@id":"https:\/\/iwell-guard.com\/is\/mago-halmi\/#primaryimage"},"thumbnailUrl":"https:\/\/iwell-guard.com\/wp-content\/uploads\/2026\/04\/goetter_korea_mago-halmi.webp","datePublished":"2026-09-05T14:03:19+00:00","dateModified":"2026-09-05T14:20:31+00:00","description":"Mago Halmi, risavaxin skaparagy\u00f0ja \u00ed k\u00f3reskum sta\u00f0bundnum s\u00f6gnum: landslagsgo\u00f0s\u00f6gur um frumm\u00f3\u00f0urina og gagnr\u00fdnin s\u00fdn \u00e1 n\u00fat\u00edmalegar t\u00falkanir.","breadcrumb":{"@id":"https:\/\/iwell-guard.com\/is\/mago-halmi\/#breadcrumb"},"inLanguage":"is","potentialAction":[{"@type":"ReadAction","target":["https:\/\/iwell-guard.com\/is\/mago-halmi\/"]}]},{"@type":"ImageObject","inLanguage":"is","@id":"https:\/\/iwell-guard.com\/is\/mago-halmi\/#primaryimage","url":"https:\/\/iwell-guard.com\/wp-content\/uploads\/2026\/04\/goetter_korea_mago-halmi.webp","contentUrl":"https:\/\/iwell-guard.com\/wp-content\/uploads\/2026\/04\/goetter_korea_mago-halmi.webp","width":1024,"height":1536,"caption":"Gu\u00f0ir \u00far k\u00f3reskri hef\u00f0."},{"@type":"BreadcrumbList","@id":"https:\/\/iwell-guard.com\/is\/mago-halmi\/#breadcrumb","itemListElement":[{"@type":"ListItem","position":1,"name":"Start","item":"https:\/\/iwell-guard.com\/is\/?page_id=168580"},{"@type":"ListItem","position":2,"name":"Mago Halmi"}]},{"@type":"WebSite","@id":"https:\/\/iwell-guard.com\/is\/#website","url":"https:\/\/iwell-guard.com\/is\/","name":"iWell Guard","description":"Schutz vor dunklen Einfl\u00fcssen","publisher":{"@id":"https:\/\/iwell-guard.com\/is\/#organization"},"potentialAction":[{"@type":"SearchAction","target":{"@type":"EntryPoint","urlTemplate":"https:\/\/iwell-guard.com\/is\/?s={search_term_string}"},"query-input":{"@type":"PropertyValueSpecification","valueRequired":true,"valueName":"search_term_string"}}],"inLanguage":"is"},{"@type":"Organization","@id":"https:\/\/iwell-guard.com\/is\/#organization","name":"Ittermann electronic GmbH","url":"https:\/\/iwell-guard.com\/is\/","logo":{"@type":"ImageObject","inLanguage":"is","@id":"https:\/\/iwell-guard.com\/is\/#\/schema\/logo\/image\/","url":"https:\/\/iwell-guard.com\/wp-content\/uploads\/2026\/05\/Ittermann-Logo-1182x237-1.png","contentUrl":"https:\/\/iwell-guard.com\/wp-content\/uploads\/2026\/05\/Ittermann-Logo-1182x237-1.png","width":1182,"height":237,"caption":"Ittermann electronic GmbH"},"image":{"@id":"https:\/\/iwell-guard.com\/is\/#\/schema\/logo\/image\/"},"sameAs":["https:\/\/pantip.com\/profile\/9367242","https:\/\/micro.blog\/iwellguard","https:\/\/www.diggerslist.com\/iwellguard\/about","https:\/\/skitterphoto.com\/photographers\/2870314\/iwell-guard","https:\/\/iwellguard.wordpress.com\/2026\/06\/06\/iwell-guard\/","https:\/\/hub.docker.com\/u\/iwellguard","https:\/\/www.pinterest.com\/iwellguard\/","https:\/\/bit.ly\/m\/iwellguard","https:\/\/entre-vos-mains.alsace.eu\/profiles\/iwellguard\/activity","https:\/\/gravatar.com\/reallybeded8fd34","https:\/\/naijamatta.com\/iwellguard","https:\/\/www.goodreads.com\/iwellguard","https:\/\/profile.hatena.ne.jp\/iwellguard\/","https:\/\/experiment.com\/users\/iwellguard","https:\/\/wakelet.com\/@iWellGuard82270","https:\/\/www.chordie.com\/forum\/profile.php?id=2555664","https:\/\/www.instapaper.com\/p\/17757966","https:\/\/www.mapleprimes.com\/users\/iwellguard","https:\/\/businesslistingplus.com\/profile\/iwell-guard\/","https:\/\/telegra.ph\/iWell-Guard-06-06","https:\/\/pbase.com\/iwellguard\/iwellguard","https:\/\/b.hatena.ne.jp\/iwellguard\/20260607#bookmark-4788405196491818882","https:\/\/fliphtml5.com\/home\/iwellguard","https:\/\/anyflip.com\/homepage\/cmiwl#About","https:\/\/transfur.com\/Users\/iwellguard","http:\/\/delphi.larsbo.org\/user\/iwellguard","https:\/\/jobs.lajobsportal.org\/profiles\/8380803-iwell-guard","https:\/\/md.chaosdorf.de\/s\/jfbe5SBdJD","https:\/\/www.lingvolive.com\/en-us\/profile\/9ecaeaca-ce11-4e51-9e71-01d55e2bff36\/translations","https:\/\/www.fitday.com\/fitness\/forums\/members\/iwellguard.html","https:\/\/www.mymeetbook.com\/iwellguard","https:\/\/pxhere.com\/en\/photographer-me\/5040798","https:\/\/disqus.com\/by\/iwellguard\/about\/","https:\/\/pastelink.net\/hjwciqwq","https:\/\/pubhtml5.com\/homepage\/scjhn\/","https:\/\/www.bitchute.com\/channel\/2O2eOKzNqujT","https:\/\/audiomack.com\/iwellguard"]},{"@type":"Person","@id":"https:\/\/iwell-guard.com\/is\/#\/schema\/person\/ee2a27f1cac3406c7c6fb5820cb7349f","name":"Ralf Ittermann","image":{"@type":"ImageObject","inLanguage":"is","@id":"https:\/\/secure.gravatar.com\/avatar\/073c0153e350a5005b68eb752b445fea71f6b24a26da9449ad7e155e6b446c9d?s=96&d=mm&r=g","url":"https:\/\/secure.gravatar.com\/avatar\/073c0153e350a5005b68eb752b445fea71f6b24a26da9449ad7e155e6b446c9d?s=96&d=mm&r=g","contentUrl":"https:\/\/secure.gravatar.com\/avatar\/073c0153e350a5005b68eb752b445fea71f6b24a26da9449ad7e155e6b446c9d?s=96&d=mm&r=g","caption":"Ralf Ittermann"},"givenName":"Ralf","familyName":"Ittermann","jobTitle":"Gesch\u00e4ftsf\u00fchrer und redaktioneller Verantwortlicher","url":"https:\/\/iwell-guard.com\/is\/author\/claude\/","description":"Ralf Ittermann ist Gesch\u00e4ftsf\u00fchrer der Ittermann electronic GmbH und redaktioneller Verantwortlicher des iWell-Guard-Lexikons. Er verbindet langj\u00e4hrige Erfahrung in der Pr\u00e4zisionsfertigung mit medialer Praxis und religionsgeschichtlicher Quellenarbeit.","worksFor":{"@type":"Organization","name":"Ittermann electronic GmbH","url":"https:\/\/ittermann.de\/","address":{"@type":"PostalAddress","streetAddress":"K\u00f6hlergasse 16-18","postalCode":"99842","addressLocality":"Ruhla","addressCountry":"DE"}},"knowsAbout":["Religionsgeschichte","Mythologie","Mediale Praxis","Energetische Diagnostik","Schutzpraxis","Volksglauben","Westliche Esoterik"]},{"@type":"Article","@id":"https:\/\/iwell-guard.com\/is\/mago-halmi\/#article","isPartOf":{"@id":"https:\/\/iwell-guard.com\/is\/mago-halmi\/"},"author":{"name":"Ralf Ittermann","@id":"https:\/\/iwell-guard.com\/is\/#\/schema\/person\/ee2a27f1cac3406c7c6fb5820cb7349f"},"headline":"Mago Halmi","datePublished":"2026-09-05T14:03:19+00:00","dateModified":"2026-09-05T14:20:31+00:00","mainEntityOfPage":{"@id":"https:\/\/iwell-guard.com\/is\/mago-halmi\/"},"publisher":{"@id":"https:\/\/iwell-guard.com\/is\/#organization"},"image":{"@id":"https:\/\/iwell-guard.com\/is\/mago-halmi\/#primaryimage"},"thumbnailUrl":"https:\/\/iwell-guard.com\/wp-content\/uploads\/2026\/04\/goetter_korea_mago-halmi.webp","inLanguage":"is","description":"Mago Halmi, risavaxin skaparagy\u00f0ja \u00ed k\u00f3reskum sta\u00f0bundnum s\u00f6gnum: landslagsgo\u00f0s\u00f6gur um frumm\u00f3\u00f0urina og gagnr\u00fdnin s\u00fdn \u00e1 n\u00fat\u00edmalegar t\u00falkanir."}]}},"_links":{"self":[{"href":"https:\/\/iwell-guard.com\/is\/wp-json\/wp\/v2\/pages\/168827","targetHints":{"allow":["GET"]}}],"collection":[{"href":"https:\/\/iwell-guard.com\/is\/wp-json\/wp\/v2\/pages"}],"about":[{"href":"https:\/\/iwell-guard.com\/is\/wp-json\/wp\/v2\/types\/page"}],"author":[{"embeddable":true,"href":"https:\/\/iwell-guard.com\/is\/wp-json\/wp\/v2\/users\/3"}],"replies":[{"embeddable":true,"href":"https:\/\/iwell-guard.com\/is\/wp-json\/wp\/v2\/comments?post=168827"}],"version-history":[{"count":0,"href":"https:\/\/iwell-guard.com\/is\/wp-json\/wp\/v2\/pages\/168827\/revisions"}],"wp:featuredmedia":[{"embeddable":true,"href":"https:\/\/iwell-guard.com\/is\/wp-json\/wp\/v2\/media\/1620"}],"wp:attachment":[{"href":"https:\/\/iwell-guard.com\/is\/wp-json\/wp\/v2\/media?parent=168827"}],"wp:term":[{"taxonomy":"category","embeddable":true,"href":"https:\/\/iwell-guard.com\/is\/wp-json\/wp\/v2\/categories?post=168827"}],"curies":[{"name":"wp","href":"https:\/\/api.w.org\/{rel}","templated":true}]}}