{"id":168826,"date":"2026-09-05T14:03:18","date_gmt":"2026-09-05T14:03:18","guid":{"rendered":"https:\/\/iwell-guard.com\/?page_id=168826"},"modified":"2026-09-05T14:20:27","modified_gmt":"2026-09-05T14:20:27","slug":"dangun","status":"publish","type":"page","link":"https:\/\/iwell-guard.com\/is\/dangun\/","title":{"rendered":"Dangun"},"content":{"rendered":"\t\t<div data-elementor-type=\"wp-page\" data-elementor-id=\"168826\" class=\"elementor elementor-168826 elementor-2114 elementor-bc-flex-widget\" data-elementor-post-type=\"page\">\n\t\t\t\t<div class=\"elementor-element elementor-element-10fdade e-flex e-con-boxed e-con e-parent\" data-id=\"10fdade\" data-element_type=\"container\" data-e-type=\"container\" data-settings=\"{&quot;background_background&quot;:&quot;classic&quot;}\">\n\t\t\t\t\t<div class=\"e-con-inner\">\n\t\t<div class=\"elementor-element elementor-element-herohlft0 e-flex e-con-boxed e-con e-child\" data-id=\"herohlft0\" data-element_type=\"container\" data-e-type=\"container\">\n\t\t\t\t\t<div class=\"e-con-inner\">\n\t\t<div class=\"elementor-element elementor-element-c3ceb64 e-con-full e-flex e-con e-child\" data-id=\"c3ceb64\" data-element_type=\"container\" data-e-type=\"container\">\n\t\t\t\t<div class=\"elementor-element elementor-element-96ae5e1 elementor-widget elementor-widget-heading\" data-id=\"96ae5e1\" data-element_type=\"widget\" data-e-type=\"widget\" data-widget_type=\"heading.default\">\n\t\t\t\t\t<h1 class=\"elementor-heading-title elementor-size-default\">Dangun, gu\u00f0 \u00far k\u00f3reskri hef\u00f0<\/h1>\t\t\t\t<\/div>\n\t\t\t\t<div class=\"elementor-element elementor-element-e45238a elementor-widget elementor-widget-text-editor\" data-id=\"e45238a\" data-element_type=\"widget\" data-e-type=\"widget\" data-widget_type=\"text-editor.default\">\n\t\t\t\t\t\t\t\t\t<p>Dangun er gu\u00f0 k\u00f3reskrar stofngo\u00f0afr\u00e6\u00f0i og er talinn hinn sagnfr\u00e6gi stofnandi fyrsta k\u00f3reska r\u00edkisins, Gojoseon. D\u00fdrkun hans er n\u00e1tengd tilur\u00f0 r\u00edkisins og sameiginlegu minni K\u00f3reu og er enn \u00feann dag \u00ed dag <span class=\"iwg-fachbegriff\" data-tooltip=\"T\u00e1kn sem stendur fyrir hugmynd e\u00f0a merkingu.\" tabindex=\"0\">t\u00e1kn<\/span> \u00fej\u00f3\u00f0arinnar fyrir sj\u00e1lfsmynd og l\u00f6gm\u00e6ti. \u00cd k\u00f3reskri go\u00f0afr\u00e6\u00f0i er hann talinn stofnkonungur, en pers\u00f3na hans er grundv\u00f6llur valds og uppruna \u00fej\u00f3\u00f0arinnar.\t\t\t\t\t\t\t\t<\/div>\n\t\t\t\t<\/div>\n\t\t<div class=\"elementor-element elementor-element-klsbdg01 e-con-full e-flex e-con e-parent\" data-id=\"klsbdg01\" data-element_type=\"container\" data-e-type=\"container\">\n\t\t\t\t<div class=\"elementor-element elementor-element-klshtm01 elementor-widget elementor-widget-html\" data-id=\"klshtm01\" data-element_type=\"widget\" data-e-type=\"widget\" data-widget_type=\"html.default\">\n\t\t\t\t\t<div class=\"iwg-pill-row\"><span class=\"iwg-klasse-badge\" tabindex=\"0\" data-tooltip=\"Gu\u00f0 \/ gy\u00f0ja: Pers\u00f3nuger\u00f0 \u00e6\u00f0sta vald \u00ed go\u00f0heimi menningar, me\u00f0 sk\u00fdrt afm\u00f6rku\u00f0 svi\u00f0, n\u00e1tt\u00faru\u00f6fl, \u00f6rl\u00f6g, str\u00ed\u00f0, frj\u00f3semi. D\u00fdrka\u00f0 me\u00f0 d\u00fdrkun, f\u00f3rnum og hofstofnunum.\">Gu\u00f0<\/span><a href=\"https:\/\/iwell-guard.com\/is\/?page_id=168660\" class=\"iwg-kultur-badge\" tabindex=\"0\" data-tooltip=\"K\u00f3reskur heimur gu\u00f0a, sjamana og \u00fej\u00f3\u00f0anda.\">K\u00f3rea<\/a><a href=\"https:\/\/iwell-guard.com\/is\/?page_id=168707\" class=\"iwg-tradition-badge\" tabindex=\"0\" data-tooltip=\"\u00c6\u00f0stu gu\u00f0ir go\u00f0heims, kosm\u00edskt yfirvald, skapara- e\u00f0a herrae\u00f0li.\">\u00c6\u00f0stigu\u00f0<\/a><\/div>\t\t\t\t<\/div>\n\t\t\t\t<\/div>\n\t\t<div class=\"elementor-element elementor-element-3f74855 e-con-full e-flex e-con e-child\" data-id=\"3f74855\" data-element_type=\"container\" data-e-type=\"container\">\n\t\t\t\t<div class=\"elementor-element elementor-element-1c30362 elementor-toc--minimized-on-tablet elementor-widget elementor-widget-table-of-contents\" data-id=\"1c30362\" data-element_type=\"widget\" data-e-type=\"widget\" data-settings=\"{&quot;exclude_headings_by_selector&quot;:[],&quot;no_headings_message&quot;:&quot;Engar undirfyrirsagnir fundust \\u00e1 \\u00feessari s\\u00ed\\u00f0u.&quot;,&quot;headings_by_tags&quot;:[&quot;h2&quot;,&quot;h3&quot;],&quot;marker_view&quot;:&quot;bullets&quot;,&quot;minimize_box&quot;:&quot;yes&quot;,&quot;icon&quot;:{&quot;value&quot;:&quot;fas fa-circle&quot;,&quot;library&quot;:&quot;fa-solid&quot;,&quot;rendered_tag&quot;:&quot;&lt;svg class=\\&quot;e-font-icon-svg e-fas-circle\\&quot; viewBox=\\&quot;0 0 512 512\\&quot; xmlns=\\&quot;http:\\\/\\\/www.w3.org\\\/2000\\\/svg\\&quot;&gt;&lt;path d=\\&quot;M256 8C119 8 8 119 8 256s111 248 248 248 248-111 248-248S393 8 256 8z\\&quot;&gt;&lt;\\\/path&gt;&lt;\\\/svg&gt;&quot;},&quot;minimized_on&quot;:&quot;tablet&quot;,&quot;hierarchical_view&quot;:&quot;yes&quot;,&quot;min_height&quot;:{&quot;unit&quot;:&quot;px&quot;,&quot;size&quot;:&quot;&quot;,&quot;sizes&quot;:[]},&quot;min_height_tablet&quot;:{&quot;unit&quot;:&quot;px&quot;,&quot;size&quot;:&quot;&quot;,&quot;sizes&quot;:[]},&quot;min_height_mobile&quot;:{&quot;unit&quot;:&quot;px&quot;,&quot;size&quot;:&quot;&quot;,&quot;sizes&quot;:[]}}\" data-widget_type=\"table-of-contents.default\">\n\t\t\t\t\t\t\t\t\t<div class=\"elementor-toc__header\">\n\t\t\t\t\t\t<h2 class=\"elementor-toc__header-title\">\n\t\t\t\tEfnisyfirlit\t\t\t<\/h2>\n\t\t\t\t\t\t\t\t\t\t<div class=\"elementor-toc__toggle-button elementor-toc__toggle-button--expand\" role=\"button\" tabindex=\"0\" aria-controls=\"elementor-toc__1c30362\" aria-expanded=\"true\" aria-label=\"Open table of contents\"><svg aria-hidden=\"true\" class=\"e-font-icon-svg e-fas-chevron-down\" viewBox=\"0 0 448 512\" xmlns=\"http:\/\/www.w3.org\/2000\/svg\"><path d=\"M207.029 381.476L12.686 187.132c-9.373-9.373-9.373-24.569 0-33.941l22.667-22.667c9.357-9.357 24.522-9.375 33.901-.04L224 284.505l154.745-154.021c9.379-9.335 24.544-9.317 33.901.04l22.667 22.667c9.373 9.373 9.373 24.569 0 33.941L240.971 381.476c-9.373 9.372-24.569 9.372-33.942 0z\"><\/path><\/svg><\/div>\n\t\t\t\t<div class=\"elementor-toc__toggle-button elementor-toc__toggle-button--collapse\" role=\"button\" tabindex=\"0\" aria-controls=\"elementor-toc__1c30362\" aria-expanded=\"true\" aria-label=\"Close table of contents\"><svg aria-hidden=\"true\" class=\"e-font-icon-svg e-fas-chevron-up\" viewBox=\"0 0 448 512\" xmlns=\"http:\/\/www.w3.org\/2000\/svg\"><path d=\"M240.971 130.524l194.343 194.343c9.373 9.373 9.373 24.569 0 33.941l-22.667 22.667c-9.357 9.357-24.522 9.375-33.901.04L224 227.495 69.255 381.516c-9.379 9.335-24.544 9.317-33.901-.04l-22.667-22.667c-9.373-9.373-9.373-24.569 0-33.941L207.03 130.525c9.372-9.373 24.568-9.373 33.941-.001z\"><\/path><\/svg><\/div>\n\t\t\t\t\t<\/div>\n\t\t\t\t<div id=\"elementor-toc__1c30362\" class=\"elementor-toc__body\">\n\t\t\t<div class=\"elementor-toc__spinner-container\">\n\t\t\t\t<svg class=\"elementor-toc__spinner eicon-animation-spin e-font-icon-svg e-eicon-loading\" aria-hidden=\"true\" viewBox=\"0 0 1000 1000\" xmlns=\"http:\/\/www.w3.org\/2000\/svg\"><path d=\"M500 975V858C696 858 858 696 858 500S696 142 500 142 142 304 142 500H25C25 237 238 25 500 25S975 237 975 500 763 975 500 975Z\"><\/path><\/svg>\t\t\t<\/div>\n\t\t<\/div>\n\t\t\t\t\t\t<\/div>\n\t\t\t\t<\/div>\n\t\t\t\t\t<\/div>\n\t\t\t\t<\/div>\n\t\t<div class=\"elementor-element elementor-element-herorght0 e-con-full e-flex e-con e-child\" data-id=\"herorght0\" data-element_type=\"container\" data-e-type=\"container\">\n\t\t\t\t<div class=\"elementor-element elementor-element-heroimg00 iwg-hero-image elementor-widget elementor-widget-image\" data-id=\"heroimg00\" data-element_type=\"widget\" data-e-type=\"widget\" data-widget_type=\"image.default\">\n\t\t\t\t\t\t\t\t\t\t\t\t\t\t\t<img fetchpriority=\"high\" decoding=\"async\" width=\"683\" height=\"1024\" src=\"https:\/\/iwell-guard.com\/wp-content\/uploads\/2026\/04\/goetter_korea_dangun-683x1024.webp\" class=\"attachment-large size-large wp-image-171083\" alt=\"Dangun \u2013 gu\u00f0ir \u00far K\u00f3reu-hef\u00f0inni, s\u00f6guleg-myndr\u00e6n framsetning\" srcset=\"https:\/\/iwell-guard.com\/wp-content\/uploads\/2026\/04\/goetter_korea_dangun-683x1024.webp 683w, https:\/\/iwell-guard.com\/wp-content\/uploads\/2026\/04\/goetter_korea_dangun-200x300.webp 200w, https:\/\/iwell-guard.com\/wp-content\/uploads\/2026\/04\/goetter_korea_dangun-768x1152.webp 768w, https:\/\/iwell-guard.com\/wp-content\/uploads\/2026\/04\/goetter_korea_dangun.webp 1024w\" sizes=\"(max-width: 683px) 100vw, 683px\" \/>\t\t\t\t\t\t\t\t\t\t\t\t\t\t\t<\/div>\n\t\t\t\t<\/div>\n\t\t\t\t\t<\/div>\n\t\t\t\t<\/div>\n\t\t<div class=\"elementor-element elementor-element-32917199 e-flex e-con-boxed e-con e-parent\" data-id=\"32917199\" data-element_type=\"container\" data-e-type=\"container\">\n\t\t\t\t\t<div class=\"e-con-inner\">\n\t\t<div class=\"elementor-element elementor-element-26e916cb e-flex e-con-boxed e-con e-child\" data-id=\"26e916cb\" data-element_type=\"container\" data-e-type=\"container\">\n\t\t\t\t\t<div class=\"e-con-inner\">\n\t\t<div class=\"elementor-element elementor-element-253a40d4 e-flex e-con-boxed e-con e-child\" data-id=\"253a40d4\" data-element_type=\"container\" data-e-type=\"container\">\n\t\t\t\t\t<div class=\"e-con-inner\">\n\t\t\t\t<div class=\"elementor-element elementor-element-1200c304 elementor-widget elementor-widget-heading\" data-id=\"1200c304\" data-element_type=\"widget\" data-e-type=\"widget\" data-widget_type=\"heading.default\">\n\t\t\t\t\t<h2 class=\"elementor-heading-title elementor-size-default\">Dangun<\/h2>\t\t\t\t<\/div>\n\t\t\t\t<div class=\"elementor-element elementor-element-11758e7f elementor-widget elementor-widget-text-editor\" data-id=\"11758e7f\" data-element_type=\"widget\" data-e-type=\"widget\" data-widget_type=\"text-editor.default\">\n\t\t\t\t\t\t\t\t\t<p>\u00cd Samguk yusa er Dangun sag\u00f0ur sonur himingu\u00f0sins Hwanung og mennskrar konu. Hann stofna\u00f0i Gojoseon \u00e1ri\u00f0 2333 f.Kr. og r\u00edkti fr\u00e1 h\u00f6fu\u00f0borg sinni, Asadal.<\/p><p>Stofnsaga hans tengir saman gu\u00f0legar og mennskar \u00e6ttir: Dangun, hinn dau\u00f0legi, mi\u00f0lar milli himins og jar\u00f0ar. \u00d3l\u00edkt hreinum gu\u00f0um gegndi Dangun sem konungur s\u00f6gulegu og go\u00f0s\u00f6gulegu hlutverki sem grundvalla\u00f0i valdl\u00f6gm\u00e6ti me\u00f0 gu\u00f0legum uppruna.<\/p>\t\t\t\t\t\t\t\t<\/div>\n\t\t\t\t\t<\/div>\n\t\t\t\t<\/div>\n\t\t<div class=\"elementor-element elementor-element-159dcf9a e-flex e-con-boxed e-con e-child\" data-id=\"159dcf9a\" data-element_type=\"container\" data-e-type=\"container\">\n\t\t\t\t\t<div class=\"e-con-inner\">\n\t\t\t\t<div class=\"elementor-element elementor-element-48cee66f elementor-widget elementor-widget-heading\" data-id=\"48cee66f\" data-element_type=\"widget\" data-e-type=\"widget\" data-widget_type=\"heading.default\">\n\t\t\t\t\t<h2 class=\"elementor-heading-title elementor-size-default\">\u00cd hnotskurn: Dangun<\/h2>\t\t\t\t<\/div>\n\t\t\t\t<div class=\"elementor-element elementor-element-3f50d82c elementor-widget elementor-widget-text-editor\" data-id=\"3f50d82c\" data-element_type=\"widget\" data-e-type=\"widget\" data-widget_type=\"text-editor.default\">\n\t\t\t\t\t\t\t\t\t<p>Meginheimildin er Samguk yusa (Minningar um \u00ferj\u00fa konungsr\u00edkin) eftir munkinn Iryon fr\u00e1 13. \u00f6ld. <span class=\"iwg-fachbegriff\" data-tooltip=\"Uppbyggileg fr\u00e1s\u00f6gn, oft um l\u00edf heilagra manna.\" tabindex=\"0\">Sagan<\/span> um Dangun er var\u00f0veitt \u00e1 sv\u00e6\u00f0isbundinn h\u00e1tt um alla K\u00f3reu og myndar grundv\u00f6ll n\u00fat\u00edma \u00fej\u00f3\u00f0ars\u00f6gu.<\/p><p>\u00c1 20. \u00f6ld var h\u00e1t\u00ed\u00f0isdagur hans (3. okt\u00f3ber, Gaecheonjeol) tekinn upp \u00ed \u00fej\u00f3\u00f0legt h\u00e1t\u00ed\u00f0ardagatal. James H. Grayson og a\u00f0rir tr\u00faarbrag\u00f0afr\u00e6\u00f0ingar fjalla um Dangun sem snertipunkt milli sjaman\u00edsk-go\u00f0s\u00f6gulegrar og konf\u00fas\u00edsk-l\u00f6gm\u00e6tingar hef\u00f0ar.<\/p>\t\t\t\t\t\t\t\t<\/div>\n\t\t\t\t\t<\/div>\n\t\t\t\t<\/div>\n\t\t\t\t\t<\/div>\n\t\t\t\t<\/div>\n\t\t\t\t\t<\/div>\n\t\t\t\t<\/div>\n\t\t<div class=\"elementor-element elementor-element-18613602 e-flex e-con-boxed e-con e-parent\" data-id=\"18613602\" data-element_type=\"container\" data-e-type=\"container\">\n\t\t\t\t\t<div class=\"e-con-inner\">\n\t\t\t\t<div class=\"elementor-element elementor-element-262b8a9f elementor-widget elementor-widget-heading\" data-id=\"262b8a9f\" data-element_type=\"widget\" data-e-type=\"widget\" data-widget_type=\"heading.default\">\n\t\t\t\t\t<h2 class=\"elementor-heading-title elementor-size-default\">Samhengi<\/h2>\t\t\t\t<\/div>\n\t\t<div class=\"elementor-element elementor-element-46dcb7d e-con-full e-flex e-con e-child\" data-id=\"46dcb7d\" data-element_type=\"container\" data-e-type=\"container\">\n\t\t<div class=\"elementor-element elementor-element-61d3ab3 e-flex e-con-boxed e-con e-child\" data-id=\"61d3ab3\" data-element_type=\"container\" data-e-type=\"container\">\n\t\t\t\t\t<div class=\"e-con-inner\">\n\t\t\t\t<div class=\"elementor-element elementor-element-117c166 elementor-widget elementor-widget-heading\" data-id=\"117c166\" data-element_type=\"widget\" data-e-type=\"widget\" data-widget_type=\"heading.default\">\n\t\t\t\t\t<h3 class=\"elementor-heading-title elementor-size-default\">T\u00edmabil textanna<\/h3>\t\t\t\t<\/div>\n\t\t\t\t<div class=\"elementor-element elementor-element-73997a0 elementor-widget elementor-widget-text-editor\" data-id=\"73997a0\" data-element_type=\"widget\" data-e-type=\"widget\" data-widget_type=\"text-editor.default\">\n\t\t\t\t\t\t\t\t\t<p><span data-nosnippet>Milli \u00feess a\u00f0 Samguk yusa var skrifa\u00f0 \u00e1 13. \u00f6ld og n\u00fat\u00edmans liggja aldir \u00fear sem sagan um Dangun var \u00edtreka\u00f0 tekin upp a\u00f0 n\u00fdju: \u00ed s\u00f6guritum Joseon-t\u00edmans, \u00ed tr\u00faarhreyfingunni Daejongggyo sem stofnu\u00f0 var 1909, og \u00ed h\u00e1t\u00ed\u00f0ardeginum Gaecheonjeol, sem Su\u00f0ur-K\u00f3rea heldur 3. okt\u00f3ber.<\/span><\/p><p>Nor\u00f0ur-K\u00f3rea l\u00e9t reisa grafh\u00fdsi n\u00e1l\u00e6gt Pjongjang \u00e1ri\u00f0 1994 sem sagt er vera gr\u00f6f Danguns. Pers\u00f3na r\u00edkisstofnandans er \u00feannig, \u00ed breyttri mynd, opinberlega til sta\u00f0ar enn \u00ed dag.<\/p><h3>Go\u00f0afr\u00e6\u00f0ileg sta\u00f0setning<\/h3><p><em>Dangun<\/em> (\ub2e8\uad70, \u201e\u00f6rvarherra&#8220;) er go\u00f0sagnaleg s\u00f6guleg pers\u00f3na, stofnandi hins forna k\u00f3reska konungsr\u00edkis Gojoseon (2333 f.Kr. samkv\u00e6mt <span class=\"iwg-fachbegriff\" data-tooltip=\"Uppbyggileg fr\u00e1s\u00f6gn, oft um l\u00edf heilagra manna.\" tabindex=\"0\">s\u00f6gunni<\/span>). Hann er d\u00fdrka\u00f0ur sem sonur himinprinsins Hwanung og bjarnd\u00fdrs. \u00c6ttartala hans tengir saman mennska og himneska \u00e6tt, sem er d\u00e6migert fyrir austuras\u00edska go\u00f0afr\u00e6\u00f0i.<\/p>\t\t\t\t\t\t\t\t<\/div>\n\t\t\t\t\t<\/div>\n\t\t\t\t<\/div>\n\t\t<div class=\"elementor-element elementor-element-d47b156 e-flex e-con-boxed e-con e-child\" data-id=\"d47b156\" data-element_type=\"container\" data-e-type=\"container\">\n\t\t\t\t\t<div class=\"e-con-inner\">\n\t\t\t\t<div class=\"elementor-element elementor-element-ff38c2b elementor-widget elementor-widget-heading\" data-id=\"ff38c2b\" data-element_type=\"widget\" data-e-type=\"widget\" data-widget_type=\"heading.default\">\n\t\t\t\t\t<h3 class=\"elementor-heading-title elementor-size-default\">\u00datbrei\u00f0slusv\u00e6\u00f0i<\/h3>\t\t\t\t<\/div>\n\t\t\t\t<div class=\"elementor-element elementor-element-4e49fcc elementor-widget elementor-widget-text-editor\" data-id=\"4e49fcc\" data-element_type=\"widget\" data-e-type=\"widget\" data-widget_type=\"text-editor.default\">\n\t\t\t\t\t\t\t\t\t<p>Dangun var ekki bundinn vi\u00f0 \u00e1kve\u00f0i\u00f0 sv\u00e6\u00f0i e\u00f0a sta\u00f0setningar, heldur var hann \u00feekktur og d\u00fdrka\u00f0ur, e\u00f0a virtur me\u00f0 lotningarfullri lotningu, um allan hinn k\u00f3reska heim. Hvort sem \u00fea\u00f0 var \u00ed st\u00f3rum borgum e\u00f0a \u00e1 ja\u00f0arsv\u00e6\u00f0um sveita, me\u00f0al f\u00e9lagslegra yfirst\u00e9tta e\u00f0a me\u00f0al almennrar al\u00fe\u00fd\u00f0u, var andlegt e\u00f0a menningarlegt mikilv\u00e6gi \u00feessarar vitundar vi\u00f0urkennt samfellt og alls sta\u00f0ar.<\/p><p>\u00cd k\u00f3reskri arfleif\u00f0 er Dangun talinn forfa\u00f0ir \u00fej\u00f3\u00f0arins \u00ed heild, sem h\u00fan rekur uppruna sinn til; Dangi-t\u00edmatali\u00f0 telur \u00e1rin fr\u00e1 stofnun r\u00edkisins 2333 f.Kr.<\/p><p>\u00d3l\u00edkt d\u00fdrkun sem breiddist \u00fat um verslunarlei\u00f0ir h\u00e9lst d\u00fdrkun hans bundin vi\u00f0 K\u00f3reu og f\u00e9kk gildi sitt einmitt af \u00feeirri bindingu: \u00c1 t\u00edmum n\u00fdlendustj\u00f3rnar var\u00f0 tilv\u00edsunin til stofnanda Gojoseon sameiginlegt einkenni K\u00f3reumanna, \u00f3h\u00e1\u00f0 p\u00f3lit\u00edskum l\u00ednum, og b\u00e6\u00f0i Nor\u00f0ur og Su\u00f0ur v\u00edsa til hans enn \u00feann dag \u00ed dag.<\/p>\t\t\t\t\t\t\t\t<\/div>\n\t\t\t\t\t<\/div>\n\t\t\t\t<\/div>\n\t\t\t\t<\/div>\n\t\t<div class=\"elementor-element elementor-element-db03c39 e-con-full e-flex e-con e-child\" data-id=\"db03c39\" data-element_type=\"container\" data-e-type=\"container\">\n\t\t<div class=\"elementor-element elementor-element-229a87b e-flex e-con-boxed e-con e-child\" data-id=\"229a87b\" data-element_type=\"container\" data-e-type=\"container\">\n\t\t\t\t\t<div class=\"e-con-inner\">\n\t\t\t\t<div class=\"elementor-element elementor-element-1f471fc elementor-widget elementor-widget-heading\" data-id=\"1f471fc\" data-element_type=\"widget\" data-e-type=\"widget\" data-widget_type=\"heading.default\">\n\t\t\t\t\t<h3 class=\"elementor-heading-title elementor-size-default\">Heimildasta\u00f0a<\/h3>\t\t\t\t<\/div>\n\t\t\t\t<div class=\"elementor-element elementor-element-36b1201 elementor-widget elementor-widget-text-editor\" data-id=\"36b1201\" data-element_type=\"widget\" data-e-type=\"widget\" data-widget_type=\"text-editor.default\">\n\t\t\t\t\t\t\t\t\t<p>Dangun-hef\u00f0in er skjalfest \u00ed Samguk yusa, sem Iryon setti saman um 1281. Elstu v\u00edsanirnar eru a\u00f0 \u00f6llum l\u00edkindum \u00far frumk\u00f3reskri munnlegri arfleif\u00f0, en ver\u00f0a fyrst greinilegar \u00ed ritm\u00e1li me\u00f0 \u00feessari heimild. Fleiri tilv\u00edsanir m\u00e1 finna \u00ed s\u00ed\u00f0ari ann\u00e1lum, svo sem Dongguk yeoji seungnam (Landfr\u00e6\u00f0ileg skr\u00e1 austurlandsins).<\/p><p>James H. Grayson greinir \u00ed ranns\u00f3kn sinni \u201eKorea, A Religious History\u201d Dangun sem samruna himind\u00fdrkunar og forfe\u00f0rad\u00fdrkunar. Yi Sang-ok og a\u00f0rir k\u00f3reskir tr\u00faarbrag\u00f0afr\u00e6\u00f0ingar rannsaka hlutverk hans \u00ed umbreytingunni fr\u00e1 <span class=\"iwg-fachbegriff\" data-tooltip=\"Heildarsafn go\u00f0sagna sem var\u00f0veist hafa \u00ed tiltekinni menningu.\" tabindex=\"0\">go\u00f0afr\u00e6\u00f0i<\/span> yfir \u00ed s\u00f6gufr\u00e1s\u00f6gn.<\/p>\t\t\t\t\t\t\t\t<\/div>\n\t\t\t\t\t<\/div>\n\t\t\t\t<\/div>\n\t\t\t\t<\/div>\n\t\t\t\t\t<\/div>\n\t\t\t\t<\/div>\n\t\t<div class=\"elementor-element elementor-element-3ae0637c e-flex e-con-boxed e-con e-parent\" data-id=\"3ae0637c\" data-element_type=\"container\" data-e-type=\"container\">\n\t\t\t\t\t<div class=\"e-con-inner\">\n\t\t\t\t<div class=\"elementor-element elementor-element-31d07739 elementor-widget elementor-widget-heading\" data-id=\"31d07739\" data-element_type=\"widget\" data-e-type=\"widget\" data-widget_type=\"heading.default\">\n\t\t\t\t\t<h2 class=\"elementor-heading-title elementor-size-default\">Nafn og afbrig\u00f0i<\/h2>\t\t\t\t<\/div>\n\t\t<div class=\"elementor-element elementor-element-b7642947 e-con-full e-flex e-con e-child\" data-id=\"b7642947\" data-element_type=\"container\" data-e-type=\"container\">\n\t\t\t\t<div class=\"elementor-element elementor-element-a086266 elementor-widget elementor-widget-text-editor\" data-id=\"a086266\" data-element_type=\"widget\" data-e-type=\"widget\" data-widget_type=\"text-editor.default\">\n\t\t\t\t\t\t\t\t\t<p>\u00cd hinum \u00fdmsu heimildum og listahef\u00f0um er Dangun s\u00fdndur me\u00f0 \u00e1kve\u00f0num endurteknum myndr\u00e6num einkennum sem hafa haldist tilt\u00f6lulega st\u00f6\u00f0ug yfir \u00e1ratugi og milli mismunandi landsv\u00e6\u00f0a. \u00deessi einkenni eru ekki einungis skrautleg e\u00f0a valin af tilviljun, heldur eru \u00feau dj\u00fapt t\u00e1knr\u00e6n og bera mikla merkingu.<\/p><p>Hvert atri\u00f0i \u00ed s\u00f6gu Danguns ber s\u00edna merkingu: Uppruninn fr\u00e1 himinprinsinum Hwanung veitir stj\u00f3rnandanum himneskt l\u00f6gm\u00e6ti, bjarnd\u00fdrsm\u00f3\u00f0irin Ungnyeo, sem me\u00f0 \u00feolinm\u00e6\u00f0i \u00e1 malurt og hv\u00edtlauk \u00ed hellinum n\u00e1\u00f0i mennskri mynd, bindur stofnunina vi\u00f0 j\u00f6r\u00f0ina og pr\u00f3fraunir hennar.<\/p><p>Baektusan-fjall sem sta\u00f0ur ni\u00f0urkomunnar, hin helga borg Sinsi og stofnun Gojoseon \u00e1 \u00e1rinu 2333 f.Kr., samkv\u00e6mt s\u00f6gninni, sta\u00f0setja fr\u00e1s\u00f6gnina \u00ed t\u00edma og r\u00fami. \u00deeim sem \u00feekkja k\u00f3reska arfleif\u00f0 skilja \u00ed \u00feessu \u00fe\u00e1 fullyr\u00f0ingu a\u00f0 r\u00edki og \u00fej\u00f3\u00f0 eigi r\u00e6tur \u00ed tengingu himins og jar\u00f0ar.<\/p>\t\t\t\t\t\t\t\t<\/div>\n\t\t\t\t<\/div>\n\t\t\t\t\t<\/div>\n\t\t\t\t<\/div>\n\t\t<div class=\"elementor-element elementor-element-709a44a8 e-flex e-con-boxed e-con e-parent\" data-id=\"709a44a8\" data-element_type=\"container\" data-e-type=\"container\">\n\t\t\t\t\t<div class=\"e-con-inner\">\n\t\t\t\t<div class=\"elementor-element elementor-element-2f585873 elementor-widget elementor-widget-heading\" data-id=\"2f585873\" data-element_type=\"widget\" data-e-type=\"widget\" data-widget_type=\"heading.default\">\n\t\t\t\t\t<h2 class=\"elementor-heading-title elementor-size-default\">Einkenni<\/h2>\t\t\t\t<\/div>\n\t\t<div class=\"elementor-element elementor-element-70621c12 e-con-full e-flex e-con e-child\" data-id=\"70621c12\" data-element_type=\"container\" data-e-type=\"container\">\n\t\t\t\t<div class=\"elementor-element elementor-element-4296eb49 elementor-widget elementor-widget-text-editor\" data-id=\"4296eb49\" data-element_type=\"widget\" data-e-type=\"widget\" data-widget_type=\"text-editor.default\">\n\t\t\t\t\t\t\t\t\t<p>Dangun var lykil\u00fe\u00e1ttur \u00ed tr\u00faarlegri i\u00f0kun, hversdagslegum si\u00f0um og daglegri sj\u00e1lfsmynd K\u00f3reu. F\u00f3lk leita\u00f0i til \u00feessarar verundar \u00e1 erfi\u00f0um e\u00f0a afm\u00f6rku\u00f0um t\u00edmum l\u00edfsins e\u00f0a \u00e1 tilteknum t\u00ed\u00f0um \u00e1rsins, me\u00f0 skipulegum og oft \u00edbur\u00f0armiklum rit\u00fa\u00f6lum, b\u00e6num e\u00f0a f\u00f3rnargj\u00f6fum.<\/p><p>Minningin um Dangun var var\u00f0veitt me\u00f0 formlegum h\u00e6tti: Munkurinn Iryeon skr\u00e1\u00f0i stofns\u00f6guna \u00e1 13. \u00f6ld \u00ed Samguk Yusa eftir eldri heimildum, og s\u00ed\u00f0ari k\u00f3reskar r\u00edkisstj\u00f3rnir h\u00e9ldu r\u00edkisathafnir til a\u00f0 hei\u00f0ra stofnanda r\u00edkisins.<\/p><p>\u00c1 20. \u00f6ld t\u00f3k tr\u00faarhreyfingin Daejongggyo upp d\u00fdrkun Danguns \u00ed m\u00f3ta\u00f0ri kenningaformi. Umgengni vi\u00f0 \u00feessa pers\u00f3nu var \u00feannig \u00ed h\u00f6ndum l\u00e6rd\u00f3msmanna, emb\u00e6ttismanna og tr\u00faarsamf\u00e9laga me\u00f0 skipulag\u00f0ri i\u00f0kun.<\/p><p>S\u00fa sta\u00f0reynd a\u00f0 saga Danguns hefur var\u00f0veist fr\u00e1 Samguk Yusa \u00e1 13. \u00f6ld, gegnum r\u00edkisathafnir Joseon-t\u00edmabilsins og fram til dagsins \u00ed dag \u00ed r\u00edkish\u00e1t\u00ed\u00f0inni Gaecheonjeol \u00feann 3. okt\u00f3ber, s\u00fdnir varanlegt notagildi hennar.<\/p><p>Hlutverk hennar breyttust eftir a\u00f0st\u00e6\u00f0um: Undir mong\u00f3lskri yfirr\u00e1\u00f0, \u00feegar Iryeon skrifa\u00f0i, styrkti h\u00fan samst\u00f6\u00f0u, \u00e1 t\u00edma japansks n\u00fdlenduvalds \u00fej\u00f3na\u00f0i h\u00fan sj\u00e1lfst\u00e6\u00f0isbar\u00e1ttunni, og \u00e1ri\u00f0 2333 f.Kr., stofn\u00e1ri\u00f0, markar enn \u00feann dag \u00ed dag upphafspunkt k\u00f3resks t\u00edmatals, Dangi.<\/p><h3>\u00c1sj\u00f3na og t\u00e1kn<\/h3><p><em>Dangun<\/em> er s\u00fdndur sem ungur, kraftmikill lei\u00f0togi \u00ed hef\u00f0bundnum k\u00f3reskum kl\u00e6\u00f0na\u00f0i, oft me\u00f0 veldissprota e\u00f0a sver\u00f0. Hann er stundum s\u00fdndur me\u00f0 go\u00f0s\u00f6gulegum einkennum (himneskri geislabaug, fj\u00f6llum, erni). Litur hans er oft gull e\u00f0a rautt, konungleg litbrig\u00f0i. Hann sest oft \u00ed h\u00e1s\u00e6ti e\u00f0a \u00e1 fjall.<\/p>\t\t\t\t\t\t\t\t<\/div>\n\t\t\t\t<\/div>\n\t\t\t\t\t<\/div>\n\t\t\t\t<\/div>\n\t\t<div class=\"elementor-element elementor-element-44e71476 e-flex e-con-boxed e-con e-parent\" data-id=\"44e71476\" data-element_type=\"container\" data-e-type=\"container\">\n\t\t\t\t\t<div class=\"e-con-inner\">\n\t\t\t\t<div class=\"elementor-element elementor-element-3c1fc3f0 elementor-widget elementor-widget-heading\" data-id=\"3c1fc3f0\" data-element_type=\"widget\" data-e-type=\"widget\" data-widget_type=\"heading.default\">\n\t\t\t\t\t<h2 class=\"elementor-heading-title elementor-size-default\">Pers\u00f3nul\u00fdsing: Dangun<\/h2>\t\t\t\t<\/div>\n\t\t<div class=\"elementor-element elementor-element-84f33b8e e-con-full e-flex e-con e-child\" data-id=\"84f33b8e\" data-element_type=\"container\" data-e-type=\"container\">\n\t\t\t\t<div class=\"elementor-element elementor-element-hqkdc67p elementor-widget elementor-widget-text-editor\" data-id=\"hqkdc67p\" data-element_type=\"widget\" data-e-type=\"widget\" data-widget_type=\"text-editor.default\">\n\t\t\t\t\t\t\t\t\t<p>Pers\u00f3nul\u00fdsingin s\u00fdnir Dangun \u00fat fr\u00e1 sex hli\u00f0um: uppruna og t\u00edmasetningu go\u00f0s\u00f6gulegrar stofnunar hans, \u00fej\u00f3\u00f0f\u00e9lagsh\u00f3pa sem d\u00fdrku\u00f0u hann, myndl\u00fdsingar af honum, tengsl vi\u00f0 vernd og r\u00edkisd\u00fdrkun, auk menningarlegra hli\u00f0st\u00e6\u00f0na \u00ed n\u00e1l\u00e6gum hef\u00f0um. Saman gefa \u00feessar v\u00edddir mynd af hlutverki hans \u00ed k\u00f3resku tr\u00faarkerfi.<\/p>\t\t\t\t\t\t\t\t<\/div>\n\t\t\t\t<\/div>\n\t\t<div class=\"elementor-element elementor-element-pemmx7c5 e-con-full e-flex e-con e-child\" data-id=\"pemmx7c5\" data-element_type=\"container\" data-e-type=\"container\">\n\t\t<div class=\"elementor-element elementor-element-pemmx7c1 e-con-full e-flex e-con e-child\" data-id=\"pemmx7c1\" data-element_type=\"container\" data-e-type=\"container\">\n\t\t<div class=\"elementor-element elementor-element-qh9oavvu iwg-steckbrief-card e-flex e-con-boxed e-con e-child\" data-id=\"qh9oavvu\" data-element_type=\"container\" data-e-type=\"container\">\n\t\t\t\t\t<div class=\"e-con-inner\">\n\t\t\t\t<div class=\"elementor-element elementor-element-awzx8k2k elementor-widget elementor-widget-heading\" data-id=\"awzx8k2k\" data-element_type=\"widget\" data-e-type=\"widget\" data-widget_type=\"heading.default\">\n\t\t\t\t\t<div class=\"elementor-heading-title elementor-size-default\">Hef\u00f0<\/div>\t\t\t\t<\/div>\n\t\t\t\t<div class=\"elementor-element elementor-element-x6rowhv0 elementor-widget elementor-widget-text-editor\" data-id=\"x6rowhv0\" data-element_type=\"widget\" data-e-type=\"widget\" data-widget_type=\"text-editor.default\">\n\t\t\t\t\t\t\t\t\t<p>Dangun er s\u00fdndur sem sonur himnagu\u00f0sins Hwanung og bjarngy\u00f0junnar Ungnyeo. Hin go\u00f0s\u00f6gulega stofnun Gojoseons var\u00f0 \u00e1ri\u00f0 2333 f.Kr. \u00ed Asadal (talin sta\u00f0setning: Mansj\u00far\u00eda e\u00f0a nor\u00f0urhluti skagans).<\/p><p>Fornleifafr\u00e6\u00f0ilega er t\u00edmasetning erfi\u00f0; \u00ed tr\u00faarbrag\u00f0afr\u00e6\u00f0i er <span class=\"iwg-fachbegriff\" data-tooltip=\"Uppbyggileg fr\u00e1s\u00f6gn, oft um \u00e6vi heilagra manna.\" tabindex=\"0\">go\u00f0s\u00f6gnin<\/span> talin go\u00f0s\u00f6guleg sm\u00ed\u00f0 um r\u00edkismyndun. B\u00f3kmenntaleg festing hennar \u00e1 s\u00e9r ekki sta\u00f0 fyrr en me\u00f0 Samguk yusa \u00e1 13. \u00f6ld, \u00fear sem munnleg sta\u00f0bundin stofnunargo\u00f0s\u00f6gn var fest \u00ed rita\u00f0ri, vi\u00f0urkenndri mynd.<\/p>\t\t\t\t\t\t\t\t<\/div>\n\t\t\t\t\t<\/div>\n\t\t\t\t<\/div>\n\t\t<div class=\"elementor-element elementor-element-8e3o4kxs iwg-steckbrief-card e-flex e-con-boxed e-con e-child\" data-id=\"8e3o4kxs\" data-element_type=\"container\" data-e-type=\"container\">\n\t\t\t\t\t<div class=\"e-con-inner\">\n\t\t\t\t<div class=\"elementor-element elementor-element-08rkdgov elementor-widget elementor-widget-heading\" data-id=\"08rkdgov\" data-element_type=\"widget\" data-e-type=\"widget\" data-widget_type=\"heading.default\">\n\t\t\t\t\t<div class=\"elementor-heading-title elementor-size-default\">D\u00fdrkendur Danguns<\/div>\t\t\t\t<\/div>\n\t\t\t\t<div class=\"elementor-element elementor-element-uwjelx8s elementor-widget elementor-widget-text-editor\" data-id=\"uwjelx8s\" data-element_type=\"widget\" data-e-type=\"widget\" data-widget_type=\"text-editor.default\">\n\t\t\t\t\t\t\t\t\t<p>Dangun var d\u00fdrka\u00f0ur af konungum, emb\u00e6ttism\u00f6nnum og l\u00e6r\u00f0um yfirst\u00e9ttum sem \u00edmynd l\u00f6gm\u00e6trar valdstj\u00f3rnar. \u00c1 fyrri hluta 20. aldar var\u00f0 <span class=\"iwg-fachbegriff\" data-tooltip=\"\u00d6ll tr\u00faarleg d\u00fdrkunarath\u00f6fn helgu\u00f0 gu\u00f0i e\u00f0a heilagri pers\u00f3nu.\" tabindex=\"0\">d\u00fdrkun<\/span> hans hluti af n\u00fat\u00edma k\u00f3reskri \u00fej\u00f3\u00f0ernishyggju, s\u00e9rstaklega undir jap\u00f6nsku n\u00fdlenduvaldi, \u00fear sem Dangun \u00fej\u00f3na\u00f0i sem <span class=\"iwg-fachbegriff\" data-tooltip=\"T\u00e1kn sem stendur fyrir hugmynd e\u00f0a merkingu.\" tabindex=\"0\">t\u00e1kn<\/span> sj\u00e1lfst\u00e6\u00f0is og menningarlegrar samfellu.<\/p><p>D\u00fdrkun hans var s\u00ed\u00f0ur al\u00fe\u00fd\u00f0ud\u00fdrkun en fremur r\u00edkis- og yfirst\u00e9ttartr\u00fa, s\u00ed\u00f0ar einnig \u00fej\u00f3\u00f0ernishugmyndafr\u00e6\u00f0i. Enn \u00ed dag eru haldnar r\u00edkisathafnir \u00e1 stofndegi hans, 3. okt\u00f3ber.<\/p>\t\t\t\t\t\t\t\t<\/div>\n\t\t\t\t\t<\/div>\n\t\t\t\t<\/div>\n\t\t<div class=\"elementor-element elementor-element-jm2n74ec iwg-steckbrief-card e-flex e-con-boxed e-con e-child\" data-id=\"jm2n74ec\" data-element_type=\"container\" data-e-type=\"container\">\n\t\t\t\t\t<div class=\"e-con-inner\">\n\t\t\t\t<div class=\"elementor-element elementor-element-8vufse4c elementor-widget elementor-widget-heading\" data-id=\"8vufse4c\" data-element_type=\"widget\" data-e-type=\"widget\" data-widget_type=\"heading.default\">\n\t\t\t\t\t<div class=\"elementor-heading-title elementor-size-default\">\u00c1sj\u00f3na Danguns<\/div>\t\t\t\t<\/div>\n\t\t\t\t<div class=\"elementor-element elementor-element-mwb9u015 elementor-widget elementor-widget-text-editor\" data-id=\"mwb9u015\" data-element_type=\"widget\" data-e-type=\"widget\" data-widget_type=\"text-editor.default\">\n\t\t\t\t\t\t\t\t\t<p>\u00cd n\u00fat\u00edmalegum myndl\u00fdsingum er Dangun s\u00fdndur sem ungur konungur me\u00f0 k\u00f3r\u00f3nu og valdsmerki, stundum me\u00f0 gu\u00f0legum geislabaug. \u00cd eldri myndum kl\u00e6\u00f0ist hann kl\u00e6\u00f0na\u00f0i fr\u00e1 t\u00edmabili \u00deriggja konungsr\u00edkja. D\u00e6miger\u00f0 einkenni eru konunglegur stafur e\u00f0a veldissprota, innsigli Gojoseons og f\u00e1ninn.<\/p><p>Hann er oft s\u00fdndur \u00ed atri\u00f0um sem tengjast stofnun r\u00edkisins: vi\u00f0 stofnath\u00f6fnina \u00e1 Asadal e\u00f0a \u00feegar \u00feegnar hans votta honum vir\u00f0ingu. Myndl\u00fdsingin sameinar einkenni gu\u00f0legrar verundar (birtu, geislabaug) og eiginleika veraldlegs valdhafa.<\/p>\t\t\t\t\t\t\t\t<\/div>\n\t\t\t\t\t<\/div>\n\t\t\t\t<\/div>\n\t\t\t\t<\/div>\n\t\t<div class=\"elementor-element elementor-element-pemmx7c2 e-con-full e-flex e-con e-child\" data-id=\"pemmx7c2\" data-element_type=\"container\" data-e-type=\"container\">\n\t\t<div class=\"elementor-element elementor-element-37ss2yr6 iwg-steckbrief-card e-flex e-con-boxed e-con e-child\" data-id=\"37ss2yr6\" data-element_type=\"container\" data-e-type=\"container\">\n\t\t\t\t\t<div class=\"e-con-inner\">\n\t\t\t\t<div class=\"elementor-element elementor-element-3v0wp3wx elementor-widget elementor-widget-heading\" data-id=\"3v0wp3wx\" data-element_type=\"widget\" data-e-type=\"widget\" data-widget_type=\"heading.default\">\n\t\t\t\t\t<div class=\"elementor-heading-title elementor-size-default\">I\u00f0ja<\/div>\t\t\t\t<\/div>\n\t\t\t\t<div class=\"elementor-element elementor-element-w3247g2m elementor-widget elementor-widget-text-editor\" data-id=\"w3247g2m\" data-element_type=\"widget\" data-e-type=\"widget\" data-widget_type=\"text-editor.default\">\n\t\t\t\t\t\t\t\t\t<strong>\u00c1hrifasvi\u00f0:<\/strong> Dangun er go\u00f0s\u00f6gulegur stofnandi r\u00edkisins Gojoseon (2333 f.Kr. samkv\u00e6mt k\u00f3reskri hef\u00f0) og <span class=\"iwg-fachbegriff\" data-tooltip=\"T\u00e1kn sem stendur fyrir hugmynd e\u00f0a merkingu.\" tabindex=\"0\">t\u00e1kn<\/span> k\u00f3reskrar r\u00edkismyndunar. M\u00e1ttur hans birtir fullveldi, r\u00edkisstofnun og umbreytinguna fr\u00e1 n\u00e1tt\u00farulegu \u00e1standi til skipulags samf\u00e9lags. Samguk Yusa (1280 e.Kr.) skr\u00e1ir hann sem son himnagu\u00f0sins Hwanung og bjarnkonu (go\u00f0s\u00f6guleg t\u00e1kn um bl\u00f6ndu manns og gu\u00f0s). \u00c1hrif hans birtast \u00ed r\u00edkjandi l\u00f6gum, stj\u00f3rnm\u00e1lalegri l\u00f6gm\u00e6t gildingu og \u00fej\u00f3\u00f0arsamst\u00f6\u00f0u. Dangun er \u00edmynd hins vitra stofnkonungs.\n\t\t\t\t\t\t\t\t<\/div>\n\t\t\t\t\t<\/div>\n\t\t\t\t<\/div>\n\t\t<div class=\"elementor-element elementor-element-0qpjal9w iwg-steckbrief-card e-flex e-con-boxed e-con e-child\" data-id=\"0qpjal9w\" data-element_type=\"container\" data-e-type=\"container\">\n\t\t\t\t\t<div class=\"e-con-inner\">\n\t\t\t\t<div class=\"elementor-element elementor-element-6ndoih0o elementor-widget elementor-widget-heading\" data-id=\"6ndoih0o\" data-element_type=\"widget\" data-e-type=\"widget\" data-widget_type=\"heading.default\">\n\t\t\t\t\t<div class=\"elementor-heading-title elementor-size-default\">V\u00f6rn gegn Dangun<\/div>\t\t\t\t<\/div>\n\t\t\t\t<div class=\"elementor-element elementor-element-6684tyh9 elementor-widget elementor-widget-text-editor\" data-id=\"6684tyh9\" data-element_type=\"widget\" data-e-type=\"widget\" data-widget_type=\"text-editor.default\">\n\t\t\t\t\t\t\t\t\t<p>Dangun er ekki ska\u00f0leg verund heldur menningarleg verndart\u00e1kn. D\u00fdrkun hans fer fram me\u00f0 r\u00edkisath\u00f6fnum og \u00fej\u00f3\u00f0h\u00e1t\u00ed\u00f0um (Gaecheonjeol \u00feann 3. okt\u00f3ber). Hef\u00f0bundnir sk\u00f3lar bj\u00f3\u00f0a upp \u00e1 minningarathafnir \u00fear sem Dangun er \u00e1varpa\u00f0ur me\u00f0 vir\u00f0ingu sem forfa\u00f0ir K\u00f3reu.<\/p><p>\u00cd hef\u00f0bundnum <span class=\"iwg-fachbegriff\" data-tooltip=\"Tr\u00faarkerfi \u00fear sem s\u00e9rfr\u00e6\u00f0ingar hafa samskipti vi\u00f0 andaheiminn.\" tabindex=\"0\">sjamanisma<\/span> er d\u00fdrkun hans s\u00ed\u00f0ur \u00ed brennidepli; h\u00fan er fyrst og fremst m\u00f3tu\u00f0 af konf\u00fas\u00edsku \u00fej\u00f3\u00f0arhugsj\u00f3num. Vir\u00f0ing er s\u00fdnd me\u00f0 minningarh\u00e1t\u00ed\u00f0um og skrifu\u00f0um d\u00fdrkunarath\u00f6fnum, ekki me\u00f0 verndarrit\u00fa\u00f6lum gegn ska\u00f0a.<\/p>\t\t\t\t\t\t\t\t<\/div>\n\t\t\t\t\t<\/div>\n\t\t\t\t<\/div>\n\t\t<div class=\"elementor-element elementor-element-3lfi7x32 iwg-steckbrief-card e-flex e-con-boxed e-con e-child\" data-id=\"3lfi7x32\" data-element_type=\"container\" data-e-type=\"container\">\n\t\t\t\t\t<div class=\"e-con-inner\">\n\t\t\t\t<div class=\"elementor-element elementor-element-0kg99ga1 elementor-widget elementor-widget-heading\" data-id=\"0kg99ga1\" data-element_type=\"widget\" data-e-type=\"widget\" data-widget_type=\"heading.default\">\n\t\t\t\t\t<div class=\"elementor-heading-title elementor-size-default\">Tengdar verur<\/div>\t\t\t\t<\/div>\n\t\t\t\t<div class=\"elementor-element elementor-element-n0fum6kp elementor-widget elementor-widget-text-editor\" data-id=\"n0fum6kp\" data-element_type=\"widget\" data-e-type=\"widget\" data-widget_type=\"text-editor.default\">\n\t\t\t\t\t\t\t\t\t<p>Samb\u00e6rilegir eru go\u00f0s\u00f6gulegir r\u00edkisstofnendur \u00ed \u00f6\u00f0rum menningarheimum: Yu hinn mikli \u00ed K\u00edna (<span class=\"iwg-fachbegriff\" data-tooltip=\"Sagnfr\u00e1s\u00f6gn, oft me\u00f0 s\u00f6gulegum kjarna og undraver\u00f0um \u00fe\u00e1ttum.\" tabindex=\"0\">s\u00f6gn<\/span> um fl\u00f3\u00f0varnir og \u00e6ttarveldisstofnun), Eneas \u00ed r\u00f3mverskri stofnunargo\u00f0s\u00f6gn (millili\u00f0 milli gu\u00f0legs og mannlegs) og Ragnar Lo\u00f0br\u00f3k \u00ed norr\u00e6nni <span class=\"iwg-fachbegriff\" data-tooltip=\"Mi\u00f0lun \u00feekkingar og fr\u00e1sagna milli kynsl\u00f3\u00f0a.\" tabindex=\"0\">munnm\u00e6lahef\u00f0<\/span> (go\u00f0s\u00f6gulegur stofnandi konungs\u00e6tta).<\/p><p>\u00d6llum er sameiginlegt a\u00f0 tengja gu\u00f0legan uppruna vi\u00f0 s\u00f6guleg r\u00edkisstofnun og l\u00f6gm\u00e6ta gildingu valdhafa me\u00f0 go\u00f0s\u00f6gulegri \u00e6ttf\u00e6rslu.<\/p>\t\t\t\t\t\t\t\t<\/div>\n\t\t\t\t\t<\/div>\n\t\t\t\t<\/div>\n\t\t\t\t<\/div>\n\t\t\t\t<\/div>\n\t\t\t\t\t<\/div>\n\t\t\t\t<\/div>\n\t\t<div class=\"elementor-element elementor-element-5a584676 e-flex e-con-boxed e-con e-parent\" data-id=\"5a584676\" data-element_type=\"container\" data-e-type=\"container\">\n\t\t\t\t\t<div class=\"e-con-inner\">\n\t\t\t\t<div class=\"elementor-element elementor-element-6d0757bf elementor-widget elementor-widget-heading\" data-id=\"6d0757bf\" data-element_type=\"widget\" data-e-type=\"widget\" data-widget_type=\"heading.default\">\n\t\t\t\t\t<h2 class=\"elementor-heading-title elementor-size-default\">Dangun, hli\u00f0st\u00e6\u00f0ur \u00ed \u00f6\u00f0rum menningarheimum<\/h2>\t\t\t\t<\/div>\n\t\t<div class=\"elementor-element elementor-element-60563f68 e-con-full e-flex e-con e-child\" data-id=\"60563f68\" data-element_type=\"container\" data-e-type=\"container\">\n\t\t\t\t<div class=\"elementor-element elementor-element-5a93fdd6 elementor-widget elementor-widget-text-editor\" data-id=\"5a93fdd6\" data-element_type=\"widget\" data-e-type=\"widget\" data-widget_type=\"text-editor.default\">\n\t\t\t\t\t\t\t\t\t<h3>Athafnir og d\u00fdrkun<\/h3><p>Dangun-dagurinn (3. okt\u00f3ber samkv\u00e6mt hef\u00f0bundnu t\u00edmatali) er \u00fej\u00f3\u00f0h\u00e1t\u00ed\u00f0ardagur. Vi\u00f0 Dangun-<span class=\"iwg-fachbegriff\" data-tooltip=\"L\u00edtill helgur var\u00f0veislu- e\u00f0a b\u00e6nasta\u00f0ur.\" tabindex=\"0\">helgireitinn<\/span> (Taereung) voru haldnar athafnir me\u00f0 f\u00f3rnargj\u00f6fum, kornf\u00f3rnum, drykkjarf\u00f3rnum og s\u00ed\u00f0ar, eftir konf\u00fas\u00edanska \u00e1hrif, reykelsi. Herna\u00f0arathafnir vegs\u00f6mu\u00f0u hann sem verndara \u00fej\u00f3\u00f0areiningar.<\/p><h3>\u00c1kvar\u00f0anir og \u00e1varp<\/h3><p>Klass\u00edsk \u00e1v\u00f6rp l\u00f6g\u00f0u \u00e1herslu \u00e1 hermannlegan kraft og konunglegt l\u00f6gm\u00e6ti: \u201eDangun, stofnandi \u00fej\u00f3\u00f0ar okkar, var\u00f0veit einingu okkar.&#8220; \u00cd konf\u00fas\u00edanskum ath\u00f6fnum voru framkv\u00e6md rit\u00fa\u00f6l fyrir r\u00edki og hir\u00f0. N\u00fat\u00edma \u00fej\u00f3\u00f0ernist\u00e1kn v\u00edsa til hans sem \u00edmynd sj\u00e1lfst\u00e6\u00f0is K\u00f3reu.<\/p><h3>Verndargripir og t\u00e1knmyndir<\/h3><p>Taegeuk-<span class=\"iwg-fachbegriff\" data-tooltip=\"Merki sem stendur fyrir hugmynd e\u00f0a merkingu.\" tabindex=\"0\">t\u00e1kni\u00f0<\/span> (Yin-Yang, rau\u00f0ur-bl\u00e1r) \u00e1 f\u00e1nanum t\u00e1knar <span class=\"iwg-fachbegriff\" data-tooltip=\"Hugmynd um uppbyggingu og skipan heimsins innan tiltekinnar menningar.\" tabindex=\"0\">heimsmynd<\/span> hans. \u201eDangun-<span class=\"iwg-fachbegriff\" data-tooltip=\"Hlutur sem talinn er hafa lukkubringandi e\u00f0a verndandi m\u00e1tt.\" tabindex=\"0\">verndargripurinn<\/span>&#8220; me\u00f0 \u00feremur k\u00f3r\u00f3num var <span class=\"iwg-fachbegriff\" data-tooltip=\"Merki sem stendur fyrir hugmynd e\u00f0a merkingu.\" tabindex=\"0\">t\u00e1kn<\/span> \u00feriggja konungsr\u00edkja (Goguryeo, Baekje, Silla). Fornir innsiglishringir s\u00fdndu t\u00e1knmynd hans sem konungs.<\/p>\n<p><strong>Hef\u00f0 Gy\u00f0inga:<\/strong> \u00cd tr\u00fa Gy\u00f0inga er ekkert sem samsvarar Dangun beint sem gu\u00f0legum r\u00edkisstofnanda. Hef\u00f0 Gy\u00f0inga \u00feekkir konunglegt l\u00f6gm\u00e6ti \u00ed gegnum sp\u00e1d\u00f3ma (konungur Dav\u00ed\u00f0), ekki \u00ed gegnum gu\u00f0lega \u00e6tt. Abraham sem forfa\u00f0ir s\u00fdnir hli\u00f0st\u00e6\u00f0u \u00ed hlutverki: b\u00e6\u00f0i mi\u00f0la milli gu\u00f0legs fyrirheits og mannlegra afkomenda, en Abraham er ekki r\u00edkisstofnandi \u00ed stj\u00f3rnm\u00e1lalegum skilningi.<\/p><p><strong>Gr\u00edsk-r\u00f3mverskur heimur:<\/strong> R\u00f3m\u00falus og Remus \u00ed r\u00f3mverska stofns\u00f6gninni samsvara Dangun \u00ed hlutverki s\u00ednu sem r\u00edkisstofnendur. B\u00e1\u00f0ir eru s\u00fdndir sem synir gu\u00f0s (Mars) og dau\u00f0legrar konu.<\/p><p>Stofnun R\u00f3mar (753 f.Kr. samkv\u00e6mt hef\u00f0bundinni t\u00edmatalsr\u00f6\u00f0un) minnir \u00e1 hina go\u00f0sagnakenndu stofnun Gojoseon \u00ed m\u00fdt\u00f3l\u00f3g\u00edskri upphafningu. R\u00f3m\u00falus og Dangun \u00fej\u00f3na sem \u00fej\u00f3\u00f0art\u00e1kn og uppspretta l\u00f6gm\u00e6tis fyrir v\u00f6ld.<\/p><p><strong>Mes\u00f3p\u00f3tam\u00eda:<\/strong> S\u00famerski konungurinn Gilgamesh er l\u00fdst sem tveir \u00feri\u00f0ju gu\u00f0 og einn \u00feri\u00f0ji ma\u00f0ur, l\u00edkt og Dangun sem sonur Hwanung. B\u00e1\u00f0ir standa \u00e1 m\u00f6rkum r\u00edkis gu\u00f0a og manna. Gilgamesh var \u00fe\u00f3 s\u00f6gulegur konungur me\u00f0 go\u00f0sagnakenndum vi\u00f0b\u00f3tum, en Dangun er hreinr\u00e6kta\u00f0 go\u00f0sagnapers\u00f3na. D\u00fdrkunin er \u00f3l\u00edk: Gilgamesh var hei\u00f0ra\u00f0ur sem hetja \u00ed minningu, Dangun er d\u00fdrka\u00f0ur \u00e1 \u00fej\u00f3\u00f0legan, k\u00falt\u00edskan h\u00e1tt.<\/p><p><strong>Indland\/As\u00eda:<\/strong> \u00cd indverskri hef\u00f0 minnir hlutverk Krishna sem inkarnasj\u00f3nar og r\u00edkisstofnanda (uppbygging Mathura og Dwaraka) \u00e1 \u00feetta. \u00cd K\u00edna er Yu hinn mikli d\u00fdrka\u00f0ur sem gu\u00f0-ma\u00f0ur sem stofnar n\u00fdja skipan me\u00f0 \u00fev\u00ed a\u00f0 r\u00e1\u00f0a ni\u00f0url\u00f6gum kosm\u00edsks fl\u00f3\u00f0s. \u00d6llum \u00feessum pers\u00f3num er sameiginlegt a\u00f0 blanda gu\u00f0legum uppruna saman vi\u00f0 s\u00f6gulega e\u00f0a n\u00e6r-s\u00f6gulega r\u00edkisstofnun.<\/p>\t\t\t\t\t\t\t\t<\/div>\n\t\t\t\t<\/div>\n\t\t\t\t\t<\/div>\n\t\t\t\t<\/div>\n\t\t<div class=\"elementor-element elementor-element-cp47e335f e-flex e-con-boxed e-con e-parent\" data-id=\"cp47e335f\" data-element_type=\"container\" data-e-type=\"container\">\n\t\t\t\t\t<div class=\"e-con-inner\">\n\t\t\t\t<div class=\"elementor-element elementor-element-cp60a5608 elementor-widget elementor-widget-heading\" data-id=\"cp60a5608\" data-element_type=\"widget\" data-e-type=\"widget\" data-widget_type=\"heading.default\">\n\t\t\t\t\t<h2 class=\"elementor-heading-title elementor-size-default\">Dangun sem stofnandi Gojoseon<\/h2>\t\t\t\t<\/div>\n\t\t<div class=\"elementor-element elementor-element-cpa9c9499 e-con-full e-flex e-con e-child\" data-id=\"cpa9c9499\" data-element_type=\"container\" data-e-type=\"container\">\n\t\t\t\t<div class=\"elementor-element elementor-element-cpe2de080 elementor-widget elementor-widget-text-editor\" data-id=\"cpe2de080\" data-element_type=\"widget\" data-e-type=\"widget\" data-widget_type=\"text-editor.default\">\n\t\t\t\t\t\t\t\t\t<p>Dangun, me\u00f0 fullu nafni <em>Dangun Wanggeom<\/em>, er \u00ed k\u00f3reskri <span class=\"iwg-fachbegriff\" data-tooltip=\"Mi\u00f0lun \u00feekkingar og fr\u00e1sagna kynsl\u00f3\u00f0 eftir kynsl\u00f3\u00f0.\" tabindex=\"0\">munnm\u00e6lum<\/span> stofnandi fyrsta k\u00f3reska r\u00edkisins, <em>Gojoseon<\/em>, \u201eHins gamla Joseon&#8220;.<\/p><p>Samkv\u00e6mt fr\u00e1s\u00f6gn <em>Samguk Yusa<\/em> fr\u00e1 13. \u00f6ld er hann sonur himinsonarins <a href=\"https:\/\/iwell-guard.com\/is\/?page_id=168824\">Hwanung<\/a> og bjarnarkonunnar Ungnyeo. Hann sameinar \u00feannig himneskan og jar\u00f0neskan uppruna og er sem sl\u00edkur \u00e6tla\u00f0ur til a\u00f0 r\u00edkja yfir m\u00f6nnum.<\/p><p>Textinn gefur upp \u00e1\u00fereifanlega, \u00fe\u00f3tt go\u00f0sagnakennda, t\u00edmar\u00f6\u00f0. Dangun er sag\u00f0ur hafa sest \u00ed h\u00e1s\u00e6ti\u00f0 \u00e1 \u00e1ri sem hef\u00f0bundi\u00f0 er sett \u00ed samband vi\u00f0 \u00e1ri\u00f0 2333 fyrir okkar t\u00edmatal og hafa komi\u00f0 h\u00f6fu\u00f0borg sinni \u00e1 f\u00f3t; h\u00f6fu\u00f0st\u00f6\u00f0var hans eru nefndar Asadal, sta\u00f0ur sem er tengdur sv\u00e6\u00f0inu \u00ed kringum n\u00faverandi Pyongyang.<\/p><p>Dangun er sag\u00f0ur hafa r\u00edkt og lifa\u00f0 \u00f3venjulega langan t\u00edma, textinn nefnir t\u00f6lur \u00e1 bilinu eitt til tv\u00f6 \u00fe\u00fasund \u00e1r, sem undirstrikar go\u00f0sagnakennt e\u00f0li fr\u00e1sagnarins.<\/p><p>Vi\u00f0 endalok valdat\u00ed\u00f0ar hans, samkv\u00e6mt <span class=\"iwg-fachbegriff\" data-tooltip=\"Mi\u00f0lun \u00feekkingar og fr\u00e1sagna kynsl\u00f3\u00f0 eftir kynsl\u00f3\u00f0.\" tabindex=\"0\">munnm\u00e6lum<\/span>, dr\u00f3 Dangun sig \u00ed hl\u00e9 og var\u00f0 <em>Sansin<\/em>, fjallagu\u00f0. \u00deannig endar saga hans ekki me\u00f0 venjulegum dau\u00f0a heldur me\u00f0 gu\u00f0gervingu.<\/p><p>\u00deessi uppbygging er tr\u00faars\u00f6gulega mikilv\u00e6g: Dangun er samt\u00edmis go\u00f0sagnakenndur forfa\u00f0ir, fyrsti konungur og <span class=\"iwg-fachbegriff\" data-tooltip=\"Vera sem d\u00fdrku\u00f0 er sem gu\u00f0leg innan tr\u00faarbrag\u00f0a.\" tabindex=\"0\">gu\u00f0leg vera<\/span>. Hann stendur vi\u00f0 upphaf k\u00f3reskrar stj\u00f3rnm\u00e1las\u00f6gu og tengir hana vi\u00f0 hi\u00f0 himneska svi\u00f0. Ranns\u00f3knir sj\u00e1 \u00ed Dangun-fr\u00e1s\u00f6gninni stofn- og l\u00f6gm\u00e6tingargo\u00f0s\u00f6gn sem rekur tilvist k\u00f3resks samf\u00e9lags til gu\u00f0legs uppruna.<\/p>\t\t\t\t\t\t\t\t<\/div>\n\t\t\t\t<\/div>\n\t\t\t\t\t<\/div>\n\t\t\t\t<\/div>\n\t\t<div class=\"elementor-element elementor-element-cp8691d94 e-flex e-con-boxed e-con e-parent\" data-id=\"cp8691d94\" data-element_type=\"container\" data-e-type=\"container\">\n\t\t\t\t\t<div class=\"e-con-inner\">\n\t\t\t\t<div class=\"elementor-element elementor-element-cpb7c6860 elementor-widget elementor-widget-heading\" data-id=\"cpb7c6860\" data-element_type=\"widget\" data-e-type=\"widget\" data-widget_type=\"heading.default\">\n\t\t\t\t\t<h2 class=\"elementor-heading-title elementor-size-default\">Spurningin um t\u00edmasetningu og k\u00f3reska stofns\u00f6gnina<\/h2>\t\t\t\t<\/div>\n\t\t<div class=\"elementor-element elementor-element-cpb8f7304 e-con-full e-flex e-con e-child\" data-id=\"cpb8f7304\" data-element_type=\"container\" data-e-type=\"container\">\n\t\t\t\t<div class=\"elementor-element elementor-element-cp4c00c22 elementor-widget elementor-widget-text-editor\" data-id=\"cp4c00c22\" data-element_type=\"widget\" data-e-type=\"widget\" data-widget_type=\"text-editor.default\">\n\t\t\t\t\t\t\t\t\t<p>Hi\u00f0 hef\u00f0bundna stofn\u00e1r 2333 f.o.t. krefst vanda\u00f0rar heimildar\u00fdni. \u00deessi tala er dregin af fr\u00e1s\u00f6gn <em>Samguk Yusa<\/em>, sem segir a\u00f0 Dangun-stofnunin hafi \u00e1tt s\u00e9r sta\u00f0 \u00e1 valdat\u00edma go\u00f0sagnakenndra k\u00ednversks h\u00f6f\u00f0ingja, og af s\u00ed\u00f0ari t\u00edma t\u00edmatals\u00fatreikningum k\u00f3reskra fr\u00e6\u00f0imanna. H\u00fan er \u00fear me\u00f0 afur\u00f0 mi\u00f0aldalegrar og \u00e1rn\u00fdaldarlegrar sagnasm\u00ed\u00f0ar, ekki s\u00f6guleg sta\u00f0reynd sem h\u00e6gt er a\u00f0 sta\u00f0festa.<\/p><p>Fornleifafr\u00e6\u00f0ilegar og s\u00f6guleg ranns\u00f3knir geta ekki s\u00fdnt fram \u00e1 r\u00edkisskipulag \u00ed nor\u00f0urhluta K\u00f3reu og Mansj\u00far\u00edu \u00e1 \u00feri\u00f0ja \u00e1r\u00fe\u00fasundi, heldur mun s\u00ed\u00f0ar; um hina n\u00e1kv\u00e6mu upphafspunkta Gojoseon sem raunverulegs stj\u00f3rnkerfis r\u00edkir engin fullkomin samsta\u00f0a innan fr\u00e6\u00f0anna, en enginn t\u00edmasetur \u00fe\u00e1 jafn langt aftur og <span class=\"iwg-fachbegriff\" data-tooltip=\"Hef\u00f0bundin fr\u00e1s\u00f6gn um gu\u00f0i, uppruna og skipan heimsins.\" tabindex=\"0\">go\u00f0s\u00f6gnin<\/span> gerir.<\/p><p>\u00dea\u00f0 er mikilv\u00e6gt \u00fat fr\u00e1 a\u00f0fer\u00f0afr\u00e6\u00f0i a\u00f0 gera sk\u00fdran greinarmun \u00e1 go\u00f0sagnakenndu stofn\u00e1rinu og hinni raunverulegu frums\u00f6gu.<\/p><p>Dangun-fr\u00e1s\u00f6gnin er go\u00f0sagnakennd fr\u00e1s\u00f6gn um uppruna, ekki s\u00f6guleg heimildaskr\u00e1ning.<\/p><p>\u00der\u00e1tt fyrir \u00feetta hefur hef\u00f0bundna \u00e1ri\u00f0 haft veruleg raunveruleg \u00e1hrif. K\u00f3reska t\u00edmatali\u00f0 <em>Dangi<\/em> telur \u00e1rin fr\u00e1 \u00feessu go\u00f0sagnakennda stofn\u00e1ri og var um t\u00edma \u00ed opinberri notkun \u00ed Su\u00f0ur-K\u00f3reu. Meintur stofnunardagur er haldinn h\u00e1t\u00ed\u00f0legur sem <em>Gaecheonjeol<\/em>, &#8222;dagur opnunar himinsins&#8220;, og er l\u00f6gbundinn fr\u00eddagur.<\/p><p>H\u00e9r s\u00e9st hvernig go\u00f0sagnakennt \u00e1rtal getur or\u00f0i\u00f0 fastur vi\u00f0mi\u00f0unarpunktur \u00fej\u00f3\u00f0legrar sj\u00e1lfsmyndar. \u00cd fr\u00e6\u00f0ilegri umfj\u00f6llun gildir: \u00e1ri\u00f0 2333 skal setja fram sem hef\u00f0bundna, tr\u00faarlega og \u00fej\u00f3\u00f0lega mikilv\u00e6ga t\u00edmasetningu, ekki sem s\u00f6guleg sta\u00f0reynd. \u00deessi a\u00f0greining r\u00e6nir <span class=\"iwg-fachbegriff\" data-tooltip=\"Hef\u00f0bundin fr\u00e1s\u00f6gn um gu\u00f0i, uppruna og skipan heimsins.\" tabindex=\"0\">go\u00f0s\u00f6gnina<\/span> engu af menningarlegu mikilv\u00e6gi s\u00ednu, en setur hana \u00e1 r\u00e9ttan sta\u00f0.<\/p>\t\t\t\t\t\t\t\t<\/div>\n\t\t\t\t<\/div>\n\t\t\t\t\t<\/div>\n\t\t\t\t<\/div>\n\t\t<div class=\"elementor-element elementor-element-cp0e4b48e e-flex e-con-boxed e-con e-parent\" data-id=\"cp0e4b48e\" data-element_type=\"container\" data-e-type=\"container\">\n\t\t\t\t\t<div class=\"e-con-inner\">\n\t\t\t\t<div class=\"elementor-element elementor-element-cpf414c06 elementor-widget elementor-widget-heading\" data-id=\"cpf414c06\" data-element_type=\"widget\" data-e-type=\"widget\" data-widget_type=\"heading.default\">\n\t\t\t\t\t<h2 class=\"elementor-heading-title elementor-size-default\">Fr\u00e1 go\u00f0s\u00f6gn til \u00fej\u00f3\u00f0art\u00e1kns: hin n\u00fat\u00edmalega Dangun-tilbei\u00f0sla<\/h2>\t\t\t\t<\/div>\n\t\t<div class=\"elementor-element elementor-element-cp21ed36d e-con-full e-flex e-con e-child\" data-id=\"cp21ed36d\" data-element_type=\"container\" data-e-type=\"container\">\n\t\t\t\t<div class=\"elementor-element elementor-element-cpdb3fa46 elementor-widget elementor-widget-text-editor\" data-id=\"cpdb3fa46\" data-element_type=\"widget\" data-e-type=\"widget\" data-widget_type=\"text-editor.default\">\n\t\t\t\t\t\t\t\t\t<p>Dangun hefur gengi\u00f0 \u00ed gegnum \u00fdmis skei\u00f0 mismunandi mikilv\u00e6gis \u00ed k\u00f3reskri s\u00f6gu, og n\u00faverandi hlutverk hans er a\u00f0 miklu leyti afur\u00f0 n\u00fdaldar.<\/p><p>\u00c1 Joseon-t\u00edmabilinu var Dangun vi\u00f0urkenndur sem forfa\u00f0ir og hlaut opinbera tilbei\u00f0slu \u00e1samt hinum k\u00ednversk-m\u00f3ta\u00f0a konf\u00fas\u00edska <span class=\"iwg-fachbegriff\" data-tooltip=\"Heild tr\u00faarlegra tilbei\u00f0sluathafna fyrir gu\u00f0 e\u00f0a heilaga veru.\" tabindex=\"0\">d\u00fdrkun<\/span>. En algj\u00f6rlega n\u00fdja \u00fe\u00fd\u00f0ingu f\u00e9kk hann \u00e1 s\u00ed\u00f0ari hluta 19. aldar og fyrri hluta 20. aldar, \u00e1 t\u00edmum \u00f3gna erlendra st\u00f3rvelda og japanskrar n\u00fdlendustj\u00f3rnar.<\/p><p>\u00c1 \u00feessu t\u00edmabili var\u00f0 Dangun a\u00f0 mi\u00f0l\u00e6gu <span class=\"iwg-fachbegriff\" data-tooltip=\"Merki sem stendur fyrir hugmynd e\u00f0a merkingu.\" tabindex=\"0\">t\u00e1kni<\/span> sj\u00e1lfst\u00e6\u00f0rar k\u00f3reskrar sj\u00e1lfsmyndar. Hann bau\u00f0 upp \u00e1 uppruna sem var eldri og \u00f3h\u00e1\u00f0ur K\u00edna og Japan og lag\u00f0i grunn a\u00f0 k\u00f3resku \u00fej\u00f3\u00f0inni sem einni, samst\u00e6\u00f0ri heild, komin af sameiginlegum forf\u00f6\u00f0ur.<\/p><p>Me\u00f0 <em>Daejonggyo<\/em> var\u00f0 til jafnvel s\u00e9rst\u00f6k tr\u00faarbr\u00f6g\u00f0 sem settu Dangun sem gu\u00f0legan forf\u00f6\u00f0ur \u00ed mi\u00f0juna og sem t\u00f3ku \u00fe\u00e1tt \u00ed m\u00f3tspyrnu gegn n\u00fdlenduherraveldinu. Japanska n\u00fdlendustj\u00f3rnin leit \u00fear af lei\u00f0andi gagnr\u00fdnisaugum \u00e1 Dangun-tilbei\u00f0sluna.<\/p><p>Eftir frelsun og skiptingu landsins h\u00e9lt Dangun-<span class=\"iwg-fachbegriff\" data-tooltip=\"Hef\u00f0bundin fr\u00e1s\u00f6gn um gu\u00f0i, uppruna og skipan heimsins.\" tabindex=\"0\">go\u00f0s\u00f6gnin<\/span> \u00e1fram a\u00f0 hafa \u00e1hrif \u00ed b\u00e1\u00f0um k\u00f3reskum r\u00edkjum, \u00fe\u00f3tt me\u00f0 mismunandi \u00e1herslum. \u00cd Su\u00f0ur-K\u00f3reu h\u00e9lst hann sem menningarlegur vi\u00f0mi\u00f0unarpunktur og h\u00e9lt s\u00e9r s\u00fdnilegur \u00ed gegnum h\u00e1t\u00ed\u00f0isdaginn Gaecheonjeol.<\/p><p>\u00cd Nor\u00f0ur-K\u00f3reu var \u00e1 t\u00edunda \u00e1ratug s\u00ed\u00f0ustu aldar tilkynnt um fund meintrar grafh\u00fdsis Danguns, sem var n\u00fdtt \u00ed \u00e1r\u00f3\u00f0ursskyni, atbur\u00f0ur sem al\u00fej\u00f3\u00f0leg fr\u00e6\u00f0asamf\u00e9lag l\u00edtur \u00e1 me\u00f0 mikilli tortryggni.<\/p><p>\u00deessi n\u00fat\u00edmasaga s\u00fdnir a\u00f0 Dangun er l\u00f6ngu or\u00f0inn meira en a\u00f0eins pers\u00f3na \u00ed mi\u00f0aldasafni go\u00f0sagna, heldur pers\u00f3na sem \u00fej\u00f3\u00f0leg sj\u00e1lfssta\u00f0festing, tr\u00faarleg endurn\u00fdjun og p\u00f3lit\u00edsk misnotkun hafa fest sig vi\u00f0. Tr\u00faver\u00f0ug umfj\u00f6llun \u00fearf a\u00f0 taka tillit til \u00feessarar \u00e1hrifas\u00f6gu \u00e1n \u00feess a\u00f0 taka upp hinar mismunandi p\u00f3lit\u00edsku t\u00falkanir.<\/p>\t\t\t\t\t\t\t\t<\/div>\n\t\t\t\t<\/div>\n\t\t\t\t\t<\/div>\n\t\t\t\t<\/div>\n\t\t<div class=\"elementor-element elementor-element-36dd7469 e-flex e-con-boxed e-con e-parent\" data-id=\"36dd7469\" data-element_type=\"container\" data-e-type=\"container\">\n\t\t\t\t\t<div class=\"e-con-inner\">\n\t\t\t\t<div class=\"elementor-element elementor-element-13760ab4 elementor-widget elementor-widget-heading\" data-id=\"13760ab4\" data-element_type=\"widget\" data-e-type=\"widget\" data-widget_type=\"heading.default\">\n\t\t\t\t\t<h3 class=\"elementor-heading-title elementor-size-default\">\u00cdtarefni og tenglar<\/h3>\t\t\t\t<\/div>\n\t\t<div class=\"elementor-element elementor-element-28c87796 e-con-full e-flex e-con e-child\" data-id=\"28c87796\" data-element_type=\"container\" data-e-type=\"container\">\n\t\t\t\t<div class=\"elementor-element elementor-element-5d6538df elementor-widget elementor-widget-text-editor\" data-id=\"5d6538df\" data-element_type=\"widget\" data-e-type=\"widget\" data-widget_type=\"text-editor.default\">\n\t\t\t\t\t\t\t\t\t<ul><li><a href=\"https:\/\/iwell-guard.com\/is\/?page_id=168824\">Hwanung, fa\u00f0ir Danguns<\/a><\/li><li><a href=\"https:\/\/iwell-guard.com\/is\/?page_id=168827\">Mago-halmi, frumm\u00f3\u00f0irin<\/a><\/li><\/ul>\n\t\t\t\t\t\t\t\t<\/div>\n\t\t\t\t<\/div>\n\t\t\t\t\t<\/div>\n\t\t\t\t<\/div>\n\t\t<div class=\"elementor-element elementor-element-grl4kl40 e-flex e-con-boxed e-con e-parent\" data-id=\"grl4kl40\" data-element_type=\"container\" data-e-type=\"container\">\n\t\t\t\t\t<div class=\"e-con-inner\">\n\t\t\t\t<div class=\"elementor-element elementor-element-bzsbfrmh elementor-widget elementor-widget-heading\" data-id=\"bzsbfrmh\" data-element_type=\"widget\" data-e-type=\"widget\" data-widget_type=\"heading.default\">\n\t\t\t\t\t<h2 class=\"elementor-heading-title elementor-size-default\">Heimildir og fr\u00e6\u00f0irit<\/h2>\t\t\t\t<\/div>\n\t\t<div class=\"elementor-element elementor-element-2c13224a e-con-full e-flex e-con e-child\" data-id=\"2c13224a\" data-element_type=\"container\" data-e-type=\"container\">\n\t\t\t\t<div class=\"elementor-element elementor-element-0eymh9ub elementor-widget elementor-widget-text-editor\" data-id=\"0eymh9ub\" data-element_type=\"widget\" data-e-type=\"widget\" data-widget_type=\"text-editor.default\">\n\t\t\t\t\t\t\t\t\t<footer class=\"iwg-literatur\" data-nosnippet=\"true\"><ul><li><span data-nosnippet>Ledyard, G.: <em>The Spiritual Foundations of Korea<\/em>. Bethesda, 1995.<\/span><\/li><\/ul>\n<\/footer>\n<p class=\"iwg-bib-more\"><span data-nosnippet>Fleiri undirst\u00f6\u00f0urit \u00ed <a href=\"https:\/\/iwell-guard.com\/is\/?page_id=168730\">heimildaskr\u00e1nni<\/a>.<\/span><\/p>\t\t\t\t\t\t\t\t<\/div>\n\t\t\t\t<\/div>\n\t\t\t\t\t<\/div>\n\t\t\t\t<\/div>\n\t\t\t\t<\/div>\n\t\t","protected":false},"excerpt":{"rendered":"","protected":false},"author":3,"featured_media":1618,"parent":0,"menu_order":0,"comment_status":"closed","ping_status":"closed","template":"elementor_header_footer","meta":{"_yoast_wpseo_focuskw":"Dangun","_yoast_wpseo_title":"Dangun \u2013 stofnkonungur k\u00f3reskrar go\u00f0afr\u00e6\u00f0i","_yoast_wpseo_metadesc":"Dangun, stofnkonungur k\u00f3reskrar go\u00f0afr\u00e6\u00f0i: samkv\u00e6mt Samguk yusa sonur Hwanungs, stofnandi Gojoseon \u00e1ri\u00f0 2333 f.Kr. me\u00f0 h\u00f6fu\u00f0borgina Asadal.","_yoast_wpseo_meta-robots-noindex":"","_yoast_wpseo_canonical":"","_angie_page":false,"gefaehrdungsstufe":"1","wesen_kultur":"korea","wesen_klasse":"goetter","footnotes":""},"categories":[],"class_list":["post-168826","page","type-page","status-publish","has-post-thumbnail","hentry"],"yoast_head":"<!-- This site is optimized with the Yoast SEO Premium plugin v27.7 (Yoast SEO v28.3) - https:\/\/yoast.com\/product\/yoast-seo-premium-wordpress\/ -->\n<title>Dangun \u2013 stofnkonungur k\u00f3reskrar go\u00f0afr\u00e6\u00f0i<\/title>\n<meta name=\"description\" content=\"Dangun, stofnkonungur k\u00f3reskrar go\u00f0afr\u00e6\u00f0i: samkv\u00e6mt Samguk yusa sonur Hwanungs, stofnandi Gojoseon \u00e1ri\u00f0 2333 f.Kr. me\u00f0 h\u00f6fu\u00f0borgina Asadal.\" \/>\n<meta name=\"robots\" content=\"index, follow, max-snippet:-1, max-image-preview:large, max-video-preview:-1\" \/>\n<link rel=\"canonical\" href=\"https:\/\/iwell-guard.com\/is\/dangun\/\" \/>\n<meta property=\"og:locale\" content=\"is_IS\" \/>\n<meta property=\"og:type\" content=\"article\" \/>\n<meta property=\"og:title\" content=\"Dangun\" \/>\n<meta property=\"og:description\" content=\"Dangun, stofnkonungur k\u00f3reskrar go\u00f0afr\u00e6\u00f0i: samkv\u00e6mt Samguk yusa sonur Hwanungs, stofnandi Gojoseon \u00e1ri\u00f0 2333 f.Kr. me\u00f0 h\u00f6fu\u00f0borgina Asadal.\" \/>\n<meta property=\"og:url\" content=\"https:\/\/iwell-guard.com\/is\/dangun\/\" \/>\n<meta property=\"og:site_name\" content=\"iWell Guard\" \/>\n<meta property=\"article:modified_time\" content=\"2026-09-05T14:20:27+00:00\" \/>\n<meta property=\"og:image\" content=\"https:\/\/iwell-guard.com\/wp-content\/uploads\/2026\/04\/goetter_korea_dangun.webp\" \/>\n\t<meta property=\"og:image:width\" content=\"1024\" \/>\n\t<meta property=\"og:image:height\" content=\"1536\" \/>\n\t<meta property=\"og:image:type\" content=\"image\/webp\" \/>\n<meta name=\"twitter:card\" content=\"summary_large_image\" \/>\n<script type=\"application\/ld+json\" class=\"yoast-schema-graph\">{\"@context\":\"https:\\\/\\\/schema.org\",\"@graph\":[{\"@type\":\"WebPage\",\"@id\":\"https:\\\/\\\/iwell-guard.com\\\/is\\\/dangun\\\/\",\"url\":\"https:\\\/\\\/iwell-guard.com\\\/is\\\/dangun\\\/\",\"name\":\"Dangun \u2013 stofnkonungur k\u00f3reskrar go\u00f0afr\u00e6\u00f0i\",\"isPartOf\":{\"@id\":\"https:\\\/\\\/iwell-guard.com\\\/is\\\/#website\"},\"primaryImageOfPage\":{\"@id\":\"https:\\\/\\\/iwell-guard.com\\\/is\\\/dangun\\\/#primaryimage\"},\"image\":{\"@id\":\"https:\\\/\\\/iwell-guard.com\\\/is\\\/dangun\\\/#primaryimage\"},\"thumbnailUrl\":\"https:\\\/\\\/iwell-guard.com\\\/wp-content\\\/uploads\\\/2026\\\/04\\\/goetter_korea_dangun.webp\",\"datePublished\":\"2026-09-05T14:03:18+00:00\",\"dateModified\":\"2026-09-05T14:20:27+00:00\",\"description\":\"Dangun, stofnkonungur k\u00f3reskrar go\u00f0afr\u00e6\u00f0i: samkv\u00e6mt Samguk yusa sonur Hwanungs, stofnandi Gojoseon \u00e1ri\u00f0 2333 f.Kr. me\u00f0 h\u00f6fu\u00f0borgina Asadal.\",\"breadcrumb\":{\"@id\":\"https:\\\/\\\/iwell-guard.com\\\/is\\\/dangun\\\/#breadcrumb\"},\"inLanguage\":\"is\",\"potentialAction\":[{\"@type\":\"ReadAction\",\"target\":[\"https:\\\/\\\/iwell-guard.com\\\/is\\\/dangun\\\/\"]}]},{\"@type\":\"ImageObject\",\"inLanguage\":\"is\",\"@id\":\"https:\\\/\\\/iwell-guard.com\\\/is\\\/dangun\\\/#primaryimage\",\"url\":\"https:\\\/\\\/iwell-guard.com\\\/wp-content\\\/uploads\\\/2026\\\/04\\\/goetter_korea_dangun.webp\",\"contentUrl\":\"https:\\\/\\\/iwell-guard.com\\\/wp-content\\\/uploads\\\/2026\\\/04\\\/goetter_korea_dangun.webp\",\"width\":1024,\"height\":1536,\"caption\":\"Gu\u00f0ir \u00far k\u00f3reskri hef\u00f0.\"},{\"@type\":\"BreadcrumbList\",\"@id\":\"https:\\\/\\\/iwell-guard.com\\\/is\\\/dangun\\\/#breadcrumb\",\"itemListElement\":[{\"@type\":\"ListItem\",\"position\":1,\"name\":\"Start\",\"item\":\"https:\\\/\\\/iwell-guard.com\\\/is\\\/?page_id=168580\"},{\"@type\":\"ListItem\",\"position\":2,\"name\":\"Dangun\"}]},{\"@type\":\"WebSite\",\"@id\":\"https:\\\/\\\/iwell-guard.com\\\/is\\\/#website\",\"url\":\"https:\\\/\\\/iwell-guard.com\\\/is\\\/\",\"name\":\"iWell Guard\",\"description\":\"Schutz vor dunklen Einfl\u00fcssen\",\"publisher\":{\"@id\":\"https:\\\/\\\/iwell-guard.com\\\/is\\\/#organization\"},\"potentialAction\":[{\"@type\":\"SearchAction\",\"target\":{\"@type\":\"EntryPoint\",\"urlTemplate\":\"https:\\\/\\\/iwell-guard.com\\\/is\\\/?s={search_term_string}\"},\"query-input\":{\"@type\":\"PropertyValueSpecification\",\"valueRequired\":true,\"valueName\":\"search_term_string\"}}],\"inLanguage\":\"is\"},{\"@type\":\"Organization\",\"@id\":\"https:\\\/\\\/iwell-guard.com\\\/is\\\/#organization\",\"name\":\"Ittermann electronic GmbH\",\"url\":\"https:\\\/\\\/iwell-guard.com\\\/is\\\/\",\"logo\":{\"@type\":\"ImageObject\",\"inLanguage\":\"is\",\"@id\":\"https:\\\/\\\/iwell-guard.com\\\/is\\\/#\\\/schema\\\/logo\\\/image\\\/\",\"url\":\"https:\\\/\\\/iwell-guard.com\\\/wp-content\\\/uploads\\\/2026\\\/05\\\/Ittermann-Logo-1182x237-1.png\",\"contentUrl\":\"https:\\\/\\\/iwell-guard.com\\\/wp-content\\\/uploads\\\/2026\\\/05\\\/Ittermann-Logo-1182x237-1.png\",\"width\":1182,\"height\":237,\"caption\":\"Ittermann electronic GmbH\"},\"image\":{\"@id\":\"https:\\\/\\\/iwell-guard.com\\\/is\\\/#\\\/schema\\\/logo\\\/image\\\/\"},\"sameAs\":[\"https:\\\/\\\/pantip.com\\\/profile\\\/9367242\",\"https:\\\/\\\/micro.blog\\\/iwellguard\",\"https:\\\/\\\/www.diggerslist.com\\\/iwellguard\\\/about\",\"https:\\\/\\\/skitterphoto.com\\\/photographers\\\/2870314\\\/iwell-guard\",\"https:\\\/\\\/iwellguard.wordpress.com\\\/2026\\\/06\\\/06\\\/iwell-guard\\\/\",\"https:\\\/\\\/hub.docker.com\\\/u\\\/iwellguard\",\"https:\\\/\\\/www.pinterest.com\\\/iwellguard\\\/\",\"https:\\\/\\\/bit.ly\\\/m\\\/iwellguard\",\"https:\\\/\\\/entre-vos-mains.alsace.eu\\\/profiles\\\/iwellguard\\\/activity\",\"https:\\\/\\\/gravatar.com\\\/reallybeded8fd34\",\"https:\\\/\\\/naijamatta.com\\\/iwellguard\",\"https:\\\/\\\/www.goodreads.com\\\/iwellguard\",\"https:\\\/\\\/profile.hatena.ne.jp\\\/iwellguard\\\/\",\"https:\\\/\\\/experiment.com\\\/users\\\/iwellguard\",\"https:\\\/\\\/wakelet.com\\\/@iWellGuard82270\",\"https:\\\/\\\/www.chordie.com\\\/forum\\\/profile.php?id=2555664\",\"https:\\\/\\\/www.instapaper.com\\\/p\\\/17757966\",\"https:\\\/\\\/www.mapleprimes.com\\\/users\\\/iwellguard\",\"https:\\\/\\\/businesslistingplus.com\\\/profile\\\/iwell-guard\\\/\",\"https:\\\/\\\/telegra.ph\\\/iWell-Guard-06-06\",\"https:\\\/\\\/pbase.com\\\/iwellguard\\\/iwellguard\",\"https:\\\/\\\/b.hatena.ne.jp\\\/iwellguard\\\/20260607#bookmark-4788405196491818882\",\"https:\\\/\\\/fliphtml5.com\\\/home\\\/iwellguard\",\"https:\\\/\\\/anyflip.com\\\/homepage\\\/cmiwl#About\",\"https:\\\/\\\/transfur.com\\\/Users\\\/iwellguard\",\"http:\\\/\\\/delphi.larsbo.org\\\/user\\\/iwellguard\",\"https:\\\/\\\/jobs.lajobsportal.org\\\/profiles\\\/8380803-iwell-guard\",\"https:\\\/\\\/md.chaosdorf.de\\\/s\\\/jfbe5SBdJD\",\"https:\\\/\\\/www.lingvolive.com\\\/en-us\\\/profile\\\/9ecaeaca-ce11-4e51-9e71-01d55e2bff36\\\/translations\",\"https:\\\/\\\/www.fitday.com\\\/fitness\\\/forums\\\/members\\\/iwellguard.html\",\"https:\\\/\\\/www.mymeetbook.com\\\/iwellguard\",\"https:\\\/\\\/pxhere.com\\\/en\\\/photographer-me\\\/5040798\",\"https:\\\/\\\/disqus.com\\\/by\\\/iwellguard\\\/about\\\/\",\"https:\\\/\\\/pastelink.net\\\/hjwciqwq\",\"https:\\\/\\\/pubhtml5.com\\\/homepage\\\/scjhn\\\/\",\"https:\\\/\\\/www.bitchute.com\\\/channel\\\/2O2eOKzNqujT\",\"https:\\\/\\\/audiomack.com\\\/iwellguard\"]},{\"@type\":\"Article\",\"@id\":\"https:\\\/\\\/iwell-guard.com\\\/is\\\/dangun\\\/#article\",\"isPartOf\":{\"@id\":\"https:\\\/\\\/iwell-guard.com\\\/is\\\/dangun\\\/\"},\"author\":{\"name\":\"Ralf Ittermann\",\"@id\":\"https:\\\/\\\/iwell-guard.com\\\/is\\\/#\\\/schema\\\/person\\\/ee2a27f1cac3406c7c6fb5820cb7349f\"},\"headline\":\"Dangun\",\"datePublished\":\"2026-09-05T14:03:18+00:00\",\"dateModified\":\"2026-09-05T14:20:27+00:00\",\"mainEntityOfPage\":{\"@id\":\"https:\\\/\\\/iwell-guard.com\\\/is\\\/dangun\\\/\"},\"publisher\":{\"@id\":\"https:\\\/\\\/iwell-guard.com\\\/is\\\/#organization\"},\"image\":{\"@id\":\"https:\\\/\\\/iwell-guard.com\\\/is\\\/dangun\\\/#primaryimage\"},\"thumbnailUrl\":\"https:\\\/\\\/iwell-guard.com\\\/wp-content\\\/uploads\\\/2026\\\/04\\\/goetter_korea_dangun.webp\",\"inLanguage\":\"is\",\"description\":\"Dangun, stofnkonungur k\u00f3reskrar go\u00f0afr\u00e6\u00f0i: samkv\u00e6mt Samguk yusa sonur Hwanungs, stofnandi Gojoseon \u00e1ri\u00f0 2333 f.Kr. me\u00f0 h\u00f6fu\u00f0borgina Asadal.\"}]}<\/script>\n<!-- \/ Yoast SEO Premium plugin. -->","yoast_head_json":{"title":"Dangun \u2013 stofnkonungur k\u00f3reskrar go\u00f0afr\u00e6\u00f0i","description":"Dangun, stofnkonungur k\u00f3reskrar go\u00f0afr\u00e6\u00f0i: samkv\u00e6mt Samguk yusa sonur Hwanungs, stofnandi Gojoseon \u00e1ri\u00f0 2333 f.Kr. me\u00f0 h\u00f6fu\u00f0borgina Asadal.","robots":{"index":"index","follow":"follow","max-snippet":"max-snippet:-1","max-image-preview":"max-image-preview:large","max-video-preview":"max-video-preview:-1"},"canonical":"https:\/\/iwell-guard.com\/is\/dangun\/","og_locale":"is_IS","og_type":"article","og_title":"Dangun","og_description":"Dangun, stofnkonungur k\u00f3reskrar go\u00f0afr\u00e6\u00f0i: samkv\u00e6mt Samguk yusa sonur Hwanungs, stofnandi Gojoseon \u00e1ri\u00f0 2333 f.Kr. me\u00f0 h\u00f6fu\u00f0borgina Asadal.","og_url":"https:\/\/iwell-guard.com\/is\/dangun\/","og_site_name":"iWell Guard","article_modified_time":"2026-09-05T14:20:27+00:00","og_image":[{"width":1024,"height":1536,"url":"https:\/\/iwell-guard.com\/wp-content\/uploads\/2026\/04\/goetter_korea_dangun.webp","type":"image\/webp"}],"twitter_card":"summary_large_image","schema":{"@context":"https:\/\/schema.org","@graph":[{"@type":"Article","@id":"https:\/\/iwell-guard.com\/is\/dangun\/#article","isPartOf":{"@id":"https:\/\/iwell-guard.com\/is\/dangun\/"},"author":{"name":"Ralf Ittermann","@id":"https:\/\/iwell-guard.com\/is\/#\/schema\/person\/ee2a27f1cac3406c7c6fb5820cb7349f"},"headline":"Dangun","datePublished":"2026-09-05T14:03:18+00:00","dateModified":"2026-09-05T14:20:27+00:00","mainEntityOfPage":{"@id":"https:\/\/iwell-guard.com\/is\/dangun\/"},"publisher":{"@id":"https:\/\/iwell-guard.com\/is\/#organization"},"image":{"@id":"https:\/\/iwell-guard.com\/is\/dangun\/#primaryimage"},"thumbnailUrl":"https:\/\/iwell-guard.com\/wp-content\/uploads\/2026\/04\/goetter_korea_dangun.webp","inLanguage":"is","description":"Dangun, stofnkonungur k\u00f3reskrar go\u00f0afr\u00e6\u00f0i: samkv\u00e6mt Samguk yusa sonur Hwanungs, stofnandi Gojoseon \u00e1ri\u00f0 2333 f.Kr. me\u00f0 h\u00f6fu\u00f0borgina Asadal."},{"@type":"WebPage","@id":"https:\/\/iwell-guard.com\/is\/dangun\/","url":"https:\/\/iwell-guard.com\/is\/dangun\/","name":"Dangun \u2013 stofnkonungur k\u00f3reskrar go\u00f0afr\u00e6\u00f0i","isPartOf":{"@id":"https:\/\/iwell-guard.com\/is\/#website"},"primaryImageOfPage":{"@id":"https:\/\/iwell-guard.com\/is\/dangun\/#primaryimage"},"image":{"@id":"https:\/\/iwell-guard.com\/is\/dangun\/#primaryimage"},"thumbnailUrl":"https:\/\/iwell-guard.com\/wp-content\/uploads\/2026\/04\/goetter_korea_dangun.webp","datePublished":"2026-09-05T14:03:18+00:00","dateModified":"2026-09-05T14:20:27+00:00","description":"Dangun, stofnkonungur k\u00f3reskrar go\u00f0afr\u00e6\u00f0i: samkv\u00e6mt Samguk yusa sonur Hwanungs, stofnandi Gojoseon \u00e1ri\u00f0 2333 f.Kr. me\u00f0 h\u00f6fu\u00f0borgina Asadal.","breadcrumb":{"@id":"https:\/\/iwell-guard.com\/is\/dangun\/#breadcrumb"},"inLanguage":"is","potentialAction":[{"@type":"ReadAction","target":["https:\/\/iwell-guard.com\/is\/dangun\/"]}]},{"@type":"ImageObject","inLanguage":"is","@id":"https:\/\/iwell-guard.com\/is\/dangun\/#primaryimage","url":"https:\/\/iwell-guard.com\/wp-content\/uploads\/2026\/04\/goetter_korea_dangun.webp","contentUrl":"https:\/\/iwell-guard.com\/wp-content\/uploads\/2026\/04\/goetter_korea_dangun.webp","width":1024,"height":1536,"caption":"Gu\u00f0ir \u00far k\u00f3reskri hef\u00f0."},{"@type":"BreadcrumbList","@id":"https:\/\/iwell-guard.com\/is\/dangun\/#breadcrumb","itemListElement":[{"@type":"ListItem","position":1,"name":"Start","item":"https:\/\/iwell-guard.com\/is\/?page_id=168580"},{"@type":"ListItem","position":2,"name":"Dangun"}]},{"@type":"WebSite","@id":"https:\/\/iwell-guard.com\/is\/#website","url":"https:\/\/iwell-guard.com\/is\/","name":"iWell Guard","description":"Schutz vor dunklen Einfl\u00fcssen","publisher":{"@id":"https:\/\/iwell-guard.com\/is\/#organization"},"potentialAction":[{"@type":"SearchAction","target":{"@type":"EntryPoint","urlTemplate":"https:\/\/iwell-guard.com\/is\/?s={search_term_string}"},"query-input":{"@type":"PropertyValueSpecification","valueRequired":true,"valueName":"search_term_string"}}],"inLanguage":"is"},{"@type":"Organization","@id":"https:\/\/iwell-guard.com\/is\/#organization","name":"Ittermann electronic GmbH","url":"https:\/\/iwell-guard.com\/is\/","logo":{"@type":"ImageObject","inLanguage":"is","@id":"https:\/\/iwell-guard.com\/is\/#\/schema\/logo\/image\/","url":"https:\/\/iwell-guard.com\/wp-content\/uploads\/2026\/05\/Ittermann-Logo-1182x237-1.png","contentUrl":"https:\/\/iwell-guard.com\/wp-content\/uploads\/2026\/05\/Ittermann-Logo-1182x237-1.png","width":1182,"height":237,"caption":"Ittermann electronic GmbH"},"image":{"@id":"https:\/\/iwell-guard.com\/is\/#\/schema\/logo\/image\/"},"sameAs":["https:\/\/pantip.com\/profile\/9367242","https:\/\/micro.blog\/iwellguard","https:\/\/www.diggerslist.com\/iwellguard\/about","https:\/\/skitterphoto.com\/photographers\/2870314\/iwell-guard","https:\/\/iwellguard.wordpress.com\/2026\/06\/06\/iwell-guard\/","https:\/\/hub.docker.com\/u\/iwellguard","https:\/\/www.pinterest.com\/iwellguard\/","https:\/\/bit.ly\/m\/iwellguard","https:\/\/entre-vos-mains.alsace.eu\/profiles\/iwellguard\/activity","https:\/\/gravatar.com\/reallybeded8fd34","https:\/\/naijamatta.com\/iwellguard","https:\/\/www.goodreads.com\/iwellguard","https:\/\/profile.hatena.ne.jp\/iwellguard\/","https:\/\/experiment.com\/users\/iwellguard","https:\/\/wakelet.com\/@iWellGuard82270","https:\/\/www.chordie.com\/forum\/profile.php?id=2555664","https:\/\/www.instapaper.com\/p\/17757966","https:\/\/www.mapleprimes.com\/users\/iwellguard","https:\/\/businesslistingplus.com\/profile\/iwell-guard\/","https:\/\/telegra.ph\/iWell-Guard-06-06","https:\/\/pbase.com\/iwellguard\/iwellguard","https:\/\/b.hatena.ne.jp\/iwellguard\/20260607#bookmark-4788405196491818882","https:\/\/fliphtml5.com\/home\/iwellguard","https:\/\/anyflip.com\/homepage\/cmiwl#About","https:\/\/transfur.com\/Users\/iwellguard","http:\/\/delphi.larsbo.org\/user\/iwellguard","https:\/\/jobs.lajobsportal.org\/profiles\/8380803-iwell-guard","https:\/\/md.chaosdorf.de\/s\/jfbe5SBdJD","https:\/\/www.lingvolive.com\/en-us\/profile\/9ecaeaca-ce11-4e51-9e71-01d55e2bff36\/translations","https:\/\/www.fitday.com\/fitness\/forums\/members\/iwellguard.html","https:\/\/www.mymeetbook.com\/iwellguard","https:\/\/pxhere.com\/en\/photographer-me\/5040798","https:\/\/disqus.com\/by\/iwellguard\/about\/","https:\/\/pastelink.net\/hjwciqwq","https:\/\/pubhtml5.com\/homepage\/scjhn\/","https:\/\/www.bitchute.com\/channel\/2O2eOKzNqujT","https:\/\/audiomack.com\/iwellguard"]},{"@type":"Person","@id":"https:\/\/iwell-guard.com\/is\/#\/schema\/person\/ee2a27f1cac3406c7c6fb5820cb7349f","name":"Ralf Ittermann","image":{"@type":"ImageObject","inLanguage":"is","@id":"https:\/\/secure.gravatar.com\/avatar\/073c0153e350a5005b68eb752b445fea71f6b24a26da9449ad7e155e6b446c9d?s=96&d=mm&r=g","url":"https:\/\/secure.gravatar.com\/avatar\/073c0153e350a5005b68eb752b445fea71f6b24a26da9449ad7e155e6b446c9d?s=96&d=mm&r=g","contentUrl":"https:\/\/secure.gravatar.com\/avatar\/073c0153e350a5005b68eb752b445fea71f6b24a26da9449ad7e155e6b446c9d?s=96&d=mm&r=g","caption":"Ralf Ittermann"},"givenName":"Ralf","familyName":"Ittermann","jobTitle":"Gesch\u00e4ftsf\u00fchrer und redaktioneller Verantwortlicher","url":"https:\/\/iwell-guard.com\/is\/author\/claude\/","description":"Ralf Ittermann ist Gesch\u00e4ftsf\u00fchrer der Ittermann electronic GmbH und redaktioneller Verantwortlicher des iWell-Guard-Lexikons. Er verbindet langj\u00e4hrige Erfahrung in der Pr\u00e4zisionsfertigung mit medialer Praxis und religionsgeschichtlicher Quellenarbeit.","worksFor":{"@type":"Organization","name":"Ittermann electronic GmbH","url":"https:\/\/ittermann.de\/","address":{"@type":"PostalAddress","streetAddress":"K\u00f6hlergasse 16-18","postalCode":"99842","addressLocality":"Ruhla","addressCountry":"DE"}},"knowsAbout":["Religionsgeschichte","Mythologie","Mediale Praxis","Energetische Diagnostik","Schutzpraxis","Volksglauben","Westliche Esoterik"]},{"@type":"Article","@id":"https:\/\/iwell-guard.com\/is\/dangun\/#article","isPartOf":{"@id":"https:\/\/iwell-guard.com\/is\/dangun\/"},"author":{"name":"Ralf Ittermann","@id":"https:\/\/iwell-guard.com\/is\/#\/schema\/person\/ee2a27f1cac3406c7c6fb5820cb7349f"},"headline":"Dangun","datePublished":"2026-09-05T14:03:18+00:00","dateModified":"2026-09-05T14:20:27+00:00","mainEntityOfPage":{"@id":"https:\/\/iwell-guard.com\/is\/dangun\/"},"publisher":{"@id":"https:\/\/iwell-guard.com\/is\/#organization"},"image":{"@id":"https:\/\/iwell-guard.com\/is\/dangun\/#primaryimage"},"thumbnailUrl":"https:\/\/iwell-guard.com\/wp-content\/uploads\/2026\/04\/goetter_korea_dangun.webp","inLanguage":"is","description":"Dangun, stofnkonungur k\u00f3reskrar go\u00f0afr\u00e6\u00f0i: samkv\u00e6mt Samguk yusa sonur Hwanungs, stofnandi Gojoseon \u00e1ri\u00f0 2333 f.Kr. me\u00f0 h\u00f6fu\u00f0borgina Asadal."}]}},"_links":{"self":[{"href":"https:\/\/iwell-guard.com\/is\/wp-json\/wp\/v2\/pages\/168826","targetHints":{"allow":["GET"]}}],"collection":[{"href":"https:\/\/iwell-guard.com\/is\/wp-json\/wp\/v2\/pages"}],"about":[{"href":"https:\/\/iwell-guard.com\/is\/wp-json\/wp\/v2\/types\/page"}],"author":[{"embeddable":true,"href":"https:\/\/iwell-guard.com\/is\/wp-json\/wp\/v2\/users\/3"}],"replies":[{"embeddable":true,"href":"https:\/\/iwell-guard.com\/is\/wp-json\/wp\/v2\/comments?post=168826"}],"version-history":[{"count":0,"href":"https:\/\/iwell-guard.com\/is\/wp-json\/wp\/v2\/pages\/168826\/revisions"}],"wp:featuredmedia":[{"embeddable":true,"href":"https:\/\/iwell-guard.com\/is\/wp-json\/wp\/v2\/media\/1618"}],"wp:attachment":[{"href":"https:\/\/iwell-guard.com\/is\/wp-json\/wp\/v2\/media?parent=168826"}],"wp:term":[{"taxonomy":"category","embeddable":true,"href":"https:\/\/iwell-guard.com\/is\/wp-json\/wp\/v2\/categories?post=168826"}],"curies":[{"name":"wp","href":"https:\/\/api.w.org\/{rel}","templated":true}]}}