{"id":168820,"date":"2026-09-05T14:03:15","date_gmt":"2026-09-05T14:03:15","guid":{"rendered":"https:\/\/iwell-guard.com\/?page_id=168820"},"modified":"2026-09-05T14:20:18","modified_gmt":"2026-09-05T14:20:18","slug":"svarog","status":"publish","type":"page","link":"https:\/\/iwell-guard.com\/is\/svarog\/","title":{"rendered":"Svarog"},"content":{"rendered":"\t\t<div data-elementor-type=\"wp-page\" data-elementor-id=\"168820\" class=\"elementor elementor-168820 elementor-2100 elementor-bc-flex-widget\" data-elementor-post-type=\"page\">\n\t\t\t\t<div class=\"elementor-element elementor-element-10fdade e-flex e-con-boxed e-con e-parent\" data-id=\"10fdade\" data-element_type=\"container\" data-e-type=\"container\" data-settings=\"{&quot;background_background&quot;:&quot;classic&quot;}\">\n\t\t\t\t\t<div class=\"e-con-inner\">\n\t\t<div class=\"elementor-element elementor-element-herohlft0 e-flex e-con-boxed e-con e-child\" data-id=\"herohlft0\" data-element_type=\"container\" data-e-type=\"container\">\n\t\t\t\t\t<div class=\"e-con-inner\">\n\t\t<div class=\"elementor-element elementor-element-c3ceb64 e-con-full e-flex e-con e-child\" data-id=\"c3ceb64\" data-element_type=\"container\" data-e-type=\"container\">\n\t\t\t\t<div class=\"elementor-element elementor-element-96ae5e1 elementor-widget elementor-widget-heading\" data-id=\"96ae5e1\" data-element_type=\"widget\" data-e-type=\"widget\" data-widget_type=\"heading.default\">\n\t\t\t\t\t<h1 class=\"elementor-heading-title elementor-size-default\">Svarog, gu\u00f0 \u00far slavneskri hef\u00f0<\/h1>\t\t\t\t<\/div>\n\t\t\t\t<div class=\"elementor-element elementor-element-e45238a elementor-widget elementor-widget-text-editor\" data-id=\"e45238a\" data-element_type=\"widget\" data-e-type=\"widget\" data-widget_type=\"text-editor.default\">\n\t\t\t\t\t\t\t\t\t<p>Svarog er himnagu\u00f0 og go\u00f0afa\u00f0ir slavneskrar <span class=\"iwg-fachbegriff\" data-tooltip=\"Heildarsafn hef\u00f0bundinna go\u00f0sagna innan tiltekinnar menningar.\" tabindex=\"0\">go\u00f0afr\u00e6\u00f0i<\/span>, oft t\u00falka\u00f0ur sem sm\u00ed\u00f0a- e\u00f0a eldgu\u00f0. Hann t\u00e1knar heimsskipulag, verkmenningu og hinn skapandi eld. Tilvist hans \u00ed frumkristnum mi\u00f0aldaheimildum er umdeild, en s\u00ed\u00f0ari \u00fej\u00f3\u00f0tr\u00faartextar sta\u00f0festa hann me\u00f0 \u00e1berandi h\u00e6tti.<\/p>\t\t\t\t\t\t\t\t<\/div>\n\t\t\t\t<\/div>\n\t\t<div class=\"elementor-element elementor-element-klsbdg01 e-con-full e-flex e-con e-parent\" data-id=\"klsbdg01\" data-element_type=\"container\" data-e-type=\"container\">\n\t\t\t\t<div class=\"elementor-element elementor-element-klshtm01 elementor-widget elementor-widget-html\" data-id=\"klshtm01\" data-element_type=\"widget\" data-e-type=\"widget\" data-widget_type=\"html.default\">\n\t\t\t\t\t<div class=\"iwg-pill-row\"><span class=\"iwg-klasse-badge\" tabindex=\"0\" data-tooltip=\"Gu\u00f0 \/ gy\u00f0ja: Pers\u00f3nuger\u00f0 \u00e6\u00f0sta vald \u00ed go\u00f0aheimi menningar, me\u00f0 sk\u00fdrum \u00e1byrg\u00f0arsvi\u00f0um, n\u00e1tt\u00faru\u00f6flum, \u00f6rl\u00f6gum, herna\u00f0i, frj\u00f3semi. D\u00fdrka\u00f0 me\u00f0 helgisi\u00f0um, f\u00f3rnum og hofstofnunum.\">Gu\u00f0<\/span><a href=\"https:\/\/iwell-guard.com\/is\/?page_id=168616\" class=\"iwg-kultur-badge\" tabindex=\"0\" data-tooltip=\"Slavnesk go\u00f0afr\u00e6\u00f0i og \u00fej\u00f3\u00f0tr\u00fa, kristnu\u00f0 fr\u00e1 10. \u00f6ld.\">Slavneskt<\/a><\/div>\t\t\t\t<\/div>\n\t\t\t\t<\/div>\n\t\t<div class=\"elementor-element elementor-element-3f74855 e-con-full e-flex e-con e-child\" data-id=\"3f74855\" data-element_type=\"container\" data-e-type=\"container\">\n\t\t\t\t<div class=\"elementor-element elementor-element-1c30362 elementor-toc--minimized-on-tablet elementor-widget elementor-widget-table-of-contents\" data-id=\"1c30362\" data-element_type=\"widget\" data-e-type=\"widget\" data-settings=\"{&quot;exclude_headings_by_selector&quot;:[],&quot;no_headings_message&quot;:&quot;Engar undirfyrirsagnir fundust \\u00e1 \\u00feessari s\\u00ed\\u00f0u.&quot;,&quot;headings_by_tags&quot;:[&quot;h2&quot;,&quot;h3&quot;],&quot;marker_view&quot;:&quot;bullets&quot;,&quot;minimize_box&quot;:&quot;yes&quot;,&quot;icon&quot;:{&quot;value&quot;:&quot;fas fa-circle&quot;,&quot;library&quot;:&quot;fa-solid&quot;,&quot;rendered_tag&quot;:&quot;&lt;svg class=\\&quot;e-font-icon-svg e-fas-circle\\&quot; viewBox=\\&quot;0 0 512 512\\&quot; xmlns=\\&quot;http:\\\/\\\/www.w3.org\\\/2000\\\/svg\\&quot;&gt;&lt;path d=\\&quot;M256 8C119 8 8 119 8 256s111 248 248 248 248-111 248-248S393 8 256 8z\\&quot;&gt;&lt;\\\/path&gt;&lt;\\\/svg&gt;&quot;},&quot;minimized_on&quot;:&quot;tablet&quot;,&quot;hierarchical_view&quot;:&quot;yes&quot;,&quot;min_height&quot;:{&quot;unit&quot;:&quot;px&quot;,&quot;size&quot;:&quot;&quot;,&quot;sizes&quot;:[]},&quot;min_height_tablet&quot;:{&quot;unit&quot;:&quot;px&quot;,&quot;size&quot;:&quot;&quot;,&quot;sizes&quot;:[]},&quot;min_height_mobile&quot;:{&quot;unit&quot;:&quot;px&quot;,&quot;size&quot;:&quot;&quot;,&quot;sizes&quot;:[]}}\" data-widget_type=\"table-of-contents.default\">\n\t\t\t\t\t\t\t\t\t<div class=\"elementor-toc__header\">\n\t\t\t\t\t\t<h2 class=\"elementor-toc__header-title\">\n\t\t\t\tEfnisyfirlit\t\t\t<\/h2>\n\t\t\t\t\t\t\t\t\t\t<div class=\"elementor-toc__toggle-button elementor-toc__toggle-button--expand\" role=\"button\" tabindex=\"0\" aria-controls=\"elementor-toc__1c30362\" aria-expanded=\"true\" aria-label=\"Open table of contents\"><svg aria-hidden=\"true\" class=\"e-font-icon-svg e-fas-chevron-down\" viewBox=\"0 0 448 512\" xmlns=\"http:\/\/www.w3.org\/2000\/svg\"><path d=\"M207.029 381.476L12.686 187.132c-9.373-9.373-9.373-24.569 0-33.941l22.667-22.667c9.357-9.357 24.522-9.375 33.901-.04L224 284.505l154.745-154.021c9.379-9.335 24.544-9.317 33.901.04l22.667 22.667c9.373 9.373 9.373 24.569 0 33.941L240.971 381.476c-9.373 9.372-24.569 9.372-33.942 0z\"><\/path><\/svg><\/div>\n\t\t\t\t<div class=\"elementor-toc__toggle-button elementor-toc__toggle-button--collapse\" role=\"button\" tabindex=\"0\" aria-controls=\"elementor-toc__1c30362\" aria-expanded=\"true\" aria-label=\"Close table of contents\"><svg aria-hidden=\"true\" class=\"e-font-icon-svg e-fas-chevron-up\" viewBox=\"0 0 448 512\" xmlns=\"http:\/\/www.w3.org\/2000\/svg\"><path d=\"M240.971 130.524l194.343 194.343c9.373 9.373 9.373 24.569 0 33.941l-22.667 22.667c-9.357 9.357-24.522 9.375-33.901.04L224 227.495 69.255 381.516c-9.379 9.335-24.544 9.317-33.901-.04l-22.667-22.667c-9.373-9.373-9.373-24.569 0-33.941L207.03 130.525c9.372-9.373 24.568-9.373 33.941-.001z\"><\/path><\/svg><\/div>\n\t\t\t\t\t<\/div>\n\t\t\t\t<div id=\"elementor-toc__1c30362\" class=\"elementor-toc__body\">\n\t\t\t<div class=\"elementor-toc__spinner-container\">\n\t\t\t\t<svg class=\"elementor-toc__spinner eicon-animation-spin e-font-icon-svg e-eicon-loading\" aria-hidden=\"true\" viewBox=\"0 0 1000 1000\" xmlns=\"http:\/\/www.w3.org\/2000\/svg\"><path d=\"M500 975V858C696 858 858 696 858 500S696 142 500 142 142 304 142 500H25C25 237 238 25 500 25S975 237 975 500 763 975 500 975Z\"><\/path><\/svg>\t\t\t<\/div>\n\t\t<\/div>\n\t\t\t\t\t\t<\/div>\n\t\t\t\t<\/div>\n\t\t\t\t\t<\/div>\n\t\t\t\t<\/div>\n\t\t<div class=\"elementor-element elementor-element-herorght0 e-con-full e-flex e-con e-child\" data-id=\"herorght0\" data-element_type=\"container\" data-e-type=\"container\">\n\t\t\t\t<div class=\"elementor-element elementor-element-heroimg00 iwg-hero-image elementor-widget elementor-widget-image\" data-id=\"heroimg00\" data-element_type=\"widget\" data-e-type=\"widget\" data-widget_type=\"image.default\">\n\t\t\t\t\t\t\t\t\t\t\t\t\t\t\t<img fetchpriority=\"high\" decoding=\"async\" width=\"683\" height=\"1024\" src=\"https:\/\/iwell-guard.com\/wp-content\/uploads\/2026\/04\/goetter_slawisch_svarog-683x1024.webp\" class=\"attachment-large size-large wp-image-171051\" alt=\"Svarog - Gu\u00f0ir \u00far slavneskri hef\u00f0, s\u00f6gulega myndskreytt\" srcset=\"https:\/\/iwell-guard.com\/wp-content\/uploads\/2026\/04\/goetter_slawisch_svarog-683x1024.webp 683w, https:\/\/iwell-guard.com\/wp-content\/uploads\/2026\/04\/goetter_slawisch_svarog-200x300.webp 200w, https:\/\/iwell-guard.com\/wp-content\/uploads\/2026\/04\/goetter_slawisch_svarog-768x1152.webp 768w, https:\/\/iwell-guard.com\/wp-content\/uploads\/2026\/04\/goetter_slawisch_svarog.webp 1024w\" sizes=\"(max-width: 683px) 100vw, 683px\" \/>\t\t\t\t\t\t\t\t\t\t\t\t\t\t\t<\/div>\n\t\t\t\t<\/div>\n\t\t\t\t\t<\/div>\n\t\t\t\t<\/div>\n\t\t<div class=\"elementor-element elementor-element-32917199 e-flex e-con-boxed e-con e-parent\" data-id=\"32917199\" data-element_type=\"container\" data-e-type=\"container\">\n\t\t\t\t\t<div class=\"e-con-inner\">\n\t\t<div class=\"elementor-element elementor-element-26e916cb e-flex e-con-boxed e-con e-child\" data-id=\"26e916cb\" data-element_type=\"container\" data-e-type=\"container\">\n\t\t\t\t\t<div class=\"e-con-inner\">\n\t\t<div class=\"elementor-element elementor-element-253a40d4 e-flex e-con-boxed e-con e-child\" data-id=\"253a40d4\" data-element_type=\"container\" data-e-type=\"container\">\n\t\t\t\t\t<div class=\"e-con-inner\">\n\t\t\t\t<div class=\"elementor-element elementor-element-1200c304 elementor-widget elementor-widget-heading\" data-id=\"1200c304\" data-element_type=\"widget\" data-e-type=\"widget\" data-widget_type=\"heading.default\">\n\t\t\t\t\t<h2 class=\"elementor-heading-title elementor-size-default\">Svarog<\/h2>\t\t\t\t<\/div>\n\t\t\t\t<div class=\"elementor-element elementor-element-11758e7f elementor-widget elementor-widget-text-editor\" data-id=\"11758e7f\" data-element_type=\"widget\" data-e-type=\"widget\" data-widget_type=\"text-editor.default\">\n\t\t\t\t\t\t\t\t\t<p>Svarog er tengdur himni, eldi og sm\u00ed\u00f0alist. Nafni\u00f0 er tungum\u00e1lalega n\u00e1skylt \u00edr\u00f6nska Ahura Mazda. \u00cd \u00fej\u00f3\u00f0tr\u00faartextum kemur hann fram sem \u00e6\u00f0sti gu\u00f0 og fa\u00f0ir Peruns. D\u00fdrkunarsta\u00f0ir hans voru h\u00e6\u00f0ir og eldaltari.<\/p>\t\t\t\t\t\t\t\t<\/div>\n\t\t\t\t\t<\/div>\n\t\t\t\t<\/div>\n\t\t<div class=\"elementor-element elementor-element-159dcf9a e-flex e-con-boxed e-con e-child\" data-id=\"159dcf9a\" data-element_type=\"container\" data-e-type=\"container\">\n\t\t\t\t\t<div class=\"e-con-inner\">\n\t\t\t\t<div class=\"elementor-element elementor-element-48cee66f elementor-widget elementor-widget-heading\" data-id=\"48cee66f\" data-element_type=\"widget\" data-e-type=\"widget\" data-widget_type=\"heading.default\">\n\t\t\t\t\t<h2 class=\"elementor-heading-title elementor-size-default\">Skyndiyfirlit: Svarog<\/h2>\t\t\t\t<\/div>\n\t\t\t\t<div class=\"elementor-element elementor-element-3f50d82c elementor-widget elementor-widget-text-editor\" data-id=\"3f50d82c\" data-element_type=\"widget\" data-e-type=\"widget\" data-widget_type=\"text-editor.default\">\n\t\t\t\t\t\t\t\t\t<p><strong>Tegund:<\/strong> Slavnesk h\u00f6fu\u00f0gu\u00f0ver\u00f6ld, sm\u00ed\u00f0a- og s\u00f3lgu\u00f0, &bdquo;fa\u00f0ir gu\u00f0anna&ldquo;<br><span class=\"iwg-fachbegriff\" data-tooltip=\"Heildarsafn gu\u00f0a innan tr\u00faarbrag\u00f0a e\u00f0a menningar.\" tabindex=\"0\">Go\u00f0heimur<\/span>: Slavneskur (austur-, vestur-, su\u00f0urslavneskur)<br>Hlutverk: Sm\u00ed\u00f0alist, eldur, s\u00f3l (\u00ed einni hef\u00f0), sk\u00f6punarhlutverk, fa\u00f0ir Dazhbogs<br>A\u00f0aleinkenni: Sm\u00ed\u00f0ahamar, ste\u00f0ji, eldur, s\u00f3lsk\u00edfa<br>A\u00f0ald\u00fdrkunarsta\u00f0ir: Stettin (Pommern, nefnt af Helmold), \u00ed slavneskum sm\u00ed\u00f0ahelgist\u00f6\u00f0um<br>Sonur: Dazhbog (s\u00f3lgu\u00f0)<\/p>\t\t\t\t\t\t\t\t<\/div>\n\t\t\t\t\t<\/div>\n\t\t\t\t<\/div>\n\t\t\t\t\t<\/div>\n\t\t\t\t<\/div>\n\t\t\t\t\t<\/div>\n\t\t\t\t<\/div>\n\t\t<div class=\"elementor-element elementor-element-18613602 e-flex e-con-boxed e-con e-parent\" data-id=\"18613602\" data-element_type=\"container\" data-e-type=\"container\">\n\t\t\t\t\t<div class=\"e-con-inner\">\n\t\t\t\t<div class=\"elementor-element elementor-element-262b8a9f elementor-widget elementor-widget-heading\" data-id=\"262b8a9f\" data-element_type=\"widget\" data-e-type=\"widget\" data-widget_type=\"heading.default\">\n\t\t\t\t\t<h2 class=\"elementor-heading-title elementor-size-default\">S\u00f6guleg sta\u00f0setning<\/h2>\t\t\t\t<\/div>\n\t\t<div class=\"elementor-element elementor-element-46dcb7d e-con-full e-flex e-con e-child\" data-id=\"46dcb7d\" data-element_type=\"container\" data-e-type=\"container\">\n\t\t<div class=\"elementor-element elementor-element-61d3ab3 e-flex e-con-boxed e-con e-child\" data-id=\"61d3ab3\" data-element_type=\"container\" data-e-type=\"container\">\n\t\t\t\t\t<div class=\"e-con-inner\">\n\t\t\t\t<div class=\"elementor-element elementor-element-117c166 elementor-widget elementor-widget-heading\" data-id=\"117c166\" data-element_type=\"widget\" data-e-type=\"widget\" data-widget_type=\"heading.default\">\n\t\t\t\t\t<h3 class=\"elementor-heading-title elementor-size-default\">T\u00edmabil textanna<\/h3>\t\t\t\t<\/div>\n\t\t\t\t<div class=\"elementor-element elementor-element-73997a0 elementor-widget elementor-widget-text-editor\" data-id=\"73997a0\" data-element_type=\"widget\" data-e-type=\"widget\" data-widget_type=\"text-editor.default\">\n\t\t\t\t\t\t\t\t\t<p>Svarog (r\u00fassneska <em>Svarog<\/em>, p\u00f3lska <em>Swarog<\/em>) er mi\u00f0l\u00e6g slavnesk sk\u00f6punargu\u00f0ver\u00f6ld. A\u00f0alheimild: <em>Hypatius-ann\u00e1linn<\/em> (12.\/13. \u00f6ld) fellir inn \u00ed \u00fe\u00fd\u00f0ingu s\u00edna \u00e1 gr\u00edsku Chronicon slavneska vi\u00f0b\u00e6tur, samsamar Svarog Hefaistosi og son hans Dazhbog Hel\u00edosi.<\/p><p>A\u00f0albl\u00f3maskei\u00f0: fyrirkristinn t\u00edmi (til um 988). Helmold fr\u00e1 Bosau (12. \u00f6ld) nefnir <span class=\"iwg-fachbegriff\" data-tooltip=\"Bygging sem er notu\u00f0 til a\u00f0 tilbi\u00f0ja einn e\u00f0a fleiri gu\u00f0i.\" tabindex=\"0\">musteri<\/span> <em>Svarozic<\/em> (son Svarogs) \u00ed Pommern. \u00cd n\u00fat\u00edma rodnover\u00eda-hef\u00f0 er hann aftur d\u00fdrka\u00f0ur, sums sta\u00f0ar sem h\u00f6fu\u00f0gu\u00f0 (s\u00e9rstaklega \u00ed P\u00f3llandi).<\/p>\t\t\t\t\t\t\t\t<\/div>\n\t\t\t\t\t<\/div>\n\t\t\t\t<\/div>\n\t\t<div class=\"elementor-element elementor-element-d47b156 e-flex e-con-boxed e-con e-child\" data-id=\"d47b156\" data-element_type=\"container\" data-e-type=\"container\">\n\t\t\t\t\t<div class=\"e-con-inner\">\n\t\t\t\t<div class=\"elementor-element elementor-element-ff38c2b elementor-widget elementor-widget-heading\" data-id=\"ff38c2b\" data-element_type=\"widget\" data-e-type=\"widget\" data-widget_type=\"heading.default\">\n\t\t\t\t\t<h3 class=\"elementor-heading-title elementor-size-default\">\u00datbrei\u00f0slusv\u00e6\u00f0i<\/h3>\t\t\t\t<\/div>\n\t\t\t\t<div class=\"elementor-element elementor-element-4e49fcc elementor-widget elementor-widget-text-editor\" data-id=\"4e49fcc\" data-element_type=\"widget\" data-e-type=\"widget\" data-widget_type=\"text-editor.default\">\n\t\t\t\t\t\t\t\t\t<p>A\u00f0ald\u00fdrkunarsta\u00f0ir: <strong>Stettin<\/strong> \u00ed Pommern (me\u00f0 hinu fr\u00e6ga \u00fer\u00edandlita Triglav-<span class=\"iwg-fachbegriff\" data-tooltip=\"Mynd e\u00f0a stytta sem er tilbe\u00f0in sem gu\u00f0leg.\" tabindex=\"0\">skur\u00f0go\u00f0i<\/span>, sem sumir fr\u00e6\u00f0imenn tengja vi\u00f0 Svarog), <strong>Rethra<\/strong> (a\u00f0alhelgista\u00f0ur Liutiza \u00ed Mecklenburg). Slavneskir sm\u00ed\u00f0ahelgista\u00f0ir \u00ed m\u00f6rgum h\u00e9ru\u00f0um. \u00cd n\u00fat\u00edma rodnover\u00eda-hreyfingunni (s\u00e9rstaklega p\u00f3lsku greininni) er hann d\u00fdrka\u00f0ur sem h\u00f6fu\u00f0gu\u00f0; \u00ed R\u00fasslandi einn af h\u00f6fu\u00f0gu\u00f0unum.<\/p>\t\t\t\t\t\t\t\t<\/div>\n\t\t\t\t\t<\/div>\n\t\t\t\t<\/div>\n\t\t\t\t<\/div>\n\t\t<div class=\"elementor-element elementor-element-db03c39 e-con-full e-flex e-con e-child\" data-id=\"db03c39\" data-element_type=\"container\" data-e-type=\"container\">\n\t\t<div class=\"elementor-element elementor-element-229a87b e-flex e-con-boxed e-con e-child\" data-id=\"229a87b\" data-element_type=\"container\" data-e-type=\"container\">\n\t\t\t\t\t<div class=\"e-con-inner\">\n\t\t\t\t<div class=\"elementor-element elementor-element-1f471fc elementor-widget elementor-widget-heading\" data-id=\"1f471fc\" data-element_type=\"widget\" data-e-type=\"widget\" data-widget_type=\"heading.default\">\n\t\t\t\t\t<h3 class=\"elementor-heading-title elementor-size-default\">Heimildasta\u00f0a<\/h3>\t\t\t\t<\/div>\n\t\t\t\t<div class=\"elementor-element elementor-element-36b1201 elementor-widget elementor-widget-text-editor\" data-id=\"36b1201\" data-element_type=\"widget\" data-e-type=\"widget\" data-widget_type=\"text-editor.default\">\n\t\t\t\t\t\t\t\t\t<p>Meginheimildir: <em>Hypatius-ann\u00e1linn<\/em> (12.\/13. \u00f6ld me\u00f0 sams\u00f6mun Svarog og Hefaistos), Helmold fr\u00e1 Bosau <em>Chronica Slavorum<\/em>, <em>Nestor-ann\u00e1linn<\/em>. \u00dej\u00f3\u00f0s\u00f6gur, \u00fej\u00f3\u00f0h\u00e1ttafr\u00e6\u00f0is\u00f6fn fr\u00e1 19. \u00f6ld. Fr\u00e6\u00f0irit: V\u00e1\u0148a, <em><span class=\"iwg-fachbegriff\" data-tooltip=\"Heildarsafn hef\u00f0bundinna go\u00f0sagna innan tiltekinnar menningar.\" tabindex=\"0\">Go\u00f0afr\u00e6\u00f0i<\/span> slavnesku \u00fej\u00f3\u00f0anna<\/em>; Iv\u00e1nov\/Toporov; Pittner, <em>Slavnesk <span class=\"iwg-fachbegriff\" data-tooltip=\"Heildarsafn hef\u00f0bundinna go\u00f0sagna innan tiltekinnar menningar.\" tabindex=\"0\">go\u00f0afr\u00e6\u00f0i<\/span><\/em>; Brueckner, <em>Mitologia Slowianska<\/em>.<\/p>\t\t\t\t\t\t\t\t<\/div>\n\t\t\t\t\t<\/div>\n\t\t\t\t<\/div>\n\t\t\t\t<\/div>\n\t\t\t\t\t<\/div>\n\t\t\t\t<\/div>\n\t\t<div class=\"elementor-element elementor-element-3ae0637c e-flex e-con-boxed e-con e-parent\" data-id=\"3ae0637c\" data-element_type=\"container\" data-e-type=\"container\">\n\t\t\t\t\t<div class=\"e-con-inner\">\n\t\t\t\t<div class=\"elementor-element elementor-element-31d07739 elementor-widget elementor-widget-heading\" data-id=\"31d07739\" data-element_type=\"widget\" data-e-type=\"widget\" data-widget_type=\"heading.default\">\n\t\t\t\t\t<h2 class=\"elementor-heading-title elementor-size-default\">Nafn og heiti<\/h2>\t\t\t\t<\/div>\n\t\t<div class=\"elementor-element elementor-element-b7642947 e-con-full e-flex e-con e-child\" data-id=\"b7642947\" data-element_type=\"container\" data-e-type=\"container\">\n\t\t\t\t<div class=\"elementor-element elementor-element-a086266 elementor-widget elementor-widget-text-editor\" data-id=\"a086266\" data-element_type=\"widget\" data-e-type=\"widget\" data-widget_type=\"text-editor.default\">\n\t\t\t\t\t\t\t\t\t<p>Svarog er s\u00fdndur me\u00f0 \u00e1kve\u00f0num myndhverfingaratri\u00f0um sem eru merkingar\u00ferungin og bera dj\u00fapa \u00fe\u00fd\u00f0ingu. \u00deessi atri\u00f0i mi\u00f0la me\u00f0 sk\u00fdrum h\u00e6tti hlutverkum, valdsuppt\u00f6kum, \u00e1byrg\u00f0arsvi\u00f0i og heimsfr\u00e6\u00f0ilegu hlutverki \u00feessarar veru. Myndkerfi\u00f0 gerir innv\u00edg\u00f0um og menningarlega fr\u00f3\u00f0um kleift a\u00f0 skynja d\u00fdpri \u00fe\u00fd\u00f0ingu \u00feess.<\/p><p>Fyrir Svarog m\u00e1 draga einkenni \u00fat fr\u00e1 ritheimildum: Hypatius-ann\u00e1linn samsamar hann, \u00ed \u00fe\u00fd\u00f0ingu sinni \u00e1 J\u00f3hannesi Malalas, vi\u00f0 sm\u00ed\u00f0agu\u00f0inn Hefaistos og kallar hann f\u00f6\u00f0ur s\u00f3lgu\u00f0sins Dazhbog. \u00dear af lei\u00f0andi eru himinn, sm\u00ed\u00f0aeldur og sm\u00ed\u00f0averkf\u00e6ri fastir eiginleikar hans. \u00deessi tengsl h\u00e9ldust st\u00f6\u00f0ug \u00ed slavneskri hef\u00f0, \u00feannig a\u00f0 Svarog er, \u00fer\u00e1tt fyrir f\u00e1ar heimildir, greinanleg vera me\u00f0 sk\u00fdrt svipm\u00f3t.<\/p>\t\t\t\t\t\t\t\t<\/div>\n\t\t\t\t<\/div>\n\t\t\t\t\t<\/div>\n\t\t\t\t<\/div>\n\t\t<div class=\"elementor-element elementor-element-709a44a8 e-flex e-con-boxed e-con e-parent\" data-id=\"709a44a8\" data-element_type=\"container\" data-e-type=\"container\">\n\t\t\t\t\t<div class=\"e-con-inner\">\n\t\t\t\t<div class=\"elementor-element elementor-element-2f585873 elementor-widget elementor-widget-heading\" data-id=\"2f585873\" data-element_type=\"widget\" data-e-type=\"widget\" data-widget_type=\"heading.default\">\n\t\t\t\t\t<h2 class=\"elementor-heading-title elementor-size-default\">L\u00fdsing<\/h2>\t\t\t\t<\/div>\n\t\t<div class=\"elementor-element elementor-element-70621c12 e-con-full e-flex e-con e-child\" data-id=\"70621c12\" data-element_type=\"container\" data-e-type=\"container\">\n\t\t\t\t<div class=\"elementor-element elementor-element-4296eb49 elementor-widget elementor-widget-text-editor\" data-id=\"4296eb49\" data-element_type=\"widget\" data-e-type=\"widget\" data-widget_type=\"text-editor.default\">\n\t\t\t\t\t\t\t\t\t<p>Svarog gegndi mikilv\u00e6gu hlutverki \u00ed tr\u00faarlegri i\u00f0kun og daglegu skilningi Slava. F\u00f3lk leita\u00f0i til \u00feessarar veru \u00e1 erfi\u00f0um stundum e\u00f0a \u00e1 tilteknum \u00e1rst\u00ed\u00f0um, me\u00f0 skipul\u00f6g\u00f0um ath\u00f6fnum, b\u00e6num e\u00f0a f\u00f3rnargj\u00f6fum. I\u00f0kunin var n\u00e1kv\u00e6mlega var\u00f0veitt og oft undir lei\u00f0s\u00f6gn presta e\u00f0a s\u00e9rfr\u00e6\u00f0inga.<\/p><p>D\u00fdrkun arineldsins, sem hef\u00f0in tengir Svarog og syni hans Svarozhich, h\u00e9lst me\u00f0al Slava lengi eftir kristnit\u00f6ku. Eldinum voru eignu\u00f0 \u00fdmis hlutverk: hann \u00e1tti a\u00f0 vernda heimili og b\u00e6 fyrir \u00f3hamingju, lina veikindi me\u00f0 reykingu og hreinsun, fylgja fj\u00f6lskyldunni \u00e1 t\u00edmam\u00f3tum eins og br\u00fa\u00f0kaupi e\u00f0a flutningi \u00ed n\u00fdtt heimili, og g\u00e6ta b\u00fasetunnar sem s\u00edfellt logandi logi.<\/p><h3>\u00datlit og t\u00e1knm\u00e1l<\/h3><p>Svarog er s\u00fdndur sem aldra\u00f0ur, kr\u00f6ftugur ma\u00f0ur, oft me\u00f0 sm\u00ed\u00f0ahamar. Himneskur eldur og eldingar eru me\u00f0al eiginleika hans. Handverk er svi\u00f0 hans. Eldur, gull og sm\u00ed\u00f0averkf\u00e6ri t\u00e1kna kraft hans.<\/p>\t\t\t\t\t\t\t\t<\/div>\n\t\t\t\t<\/div>\n\t\t\t\t\t<\/div>\n\t\t\t\t<\/div>\n\t\t<div class=\"elementor-element elementor-element-44e71476 e-flex e-con-boxed e-con e-parent\" data-id=\"44e71476\" data-element_type=\"container\" data-e-type=\"container\">\n\t\t\t\t\t<div class=\"e-con-inner\">\n\t\t\t\t<div class=\"elementor-element elementor-element-3c1fc3f0 elementor-widget elementor-widget-heading\" data-id=\"3c1fc3f0\" data-element_type=\"widget\" data-e-type=\"widget\" data-widget_type=\"heading.default\">\n\t\t\t\t\t<h2 class=\"elementor-heading-title elementor-size-default\">Skyndiyfirlit: Svarog<\/h2>\t\t\t\t<\/div>\n\t\t<div class=\"elementor-element elementor-element-84f33b8e e-con-full e-flex e-con e-child\" data-id=\"84f33b8e\" data-element_type=\"container\" data-e-type=\"container\">\n\t\t\t\t<div class=\"elementor-element elementor-element-hqkdc67p elementor-widget elementor-widget-text-editor\" data-id=\"hqkdc67p\" data-element_type=\"widget\" data-e-type=\"widget\" data-widget_type=\"text-editor.default\">\n\t\t\t\t\t\t\t\t\t<p>Mikilv\u00e6gustu \u00fe\u00e6ttir Svarog \u00ed hnotskurn. Eftirfarandi svi\u00f0 draga saman uppruna, hlutverk, \u00fatlit, d\u00fdrkun, t\u00e1kn og menningarlega samsv\u00f6run.<\/p>\t\t\t\t\t\t\t\t<\/div>\n\t\t\t\t<\/div>\n\t\t<div class=\"elementor-element elementor-element-pemmx7c5 e-con-full e-flex e-con e-child\" data-id=\"pemmx7c5\" data-element_type=\"container\" data-e-type=\"container\">\n\t\t<div class=\"elementor-element elementor-element-pemmx7c1 e-con-full e-flex e-con e-child\" data-id=\"pemmx7c1\" data-element_type=\"container\" data-e-type=\"container\">\n\t\t<div class=\"elementor-element elementor-element-qh9oavvu iwg-steckbrief-card e-flex e-con-boxed e-con e-child\" data-id=\"qh9oavvu\" data-element_type=\"container\" data-e-type=\"container\">\n\t\t\t\t\t<div class=\"e-con-inner\">\n\t\t\t\t<div class=\"elementor-element elementor-element-awzx8k2k elementor-widget elementor-widget-heading\" data-id=\"awzx8k2k\" data-element_type=\"widget\" data-e-type=\"widget\" data-widget_type=\"heading.default\">\n\t\t\t\t\t<h3 class=\"elementor-heading-title elementor-size-default\">Uppruni<\/h3>\t\t\t\t<\/div>\n\t\t\t\t<div class=\"elementor-element elementor-element-x6rowhv0 elementor-widget elementor-widget-text-editor\" data-id=\"x6rowhv0\" data-element_type=\"widget\" data-e-type=\"widget\" data-widget_type=\"text-editor.default\">\n\t\t\t\t\t\t\t\t\t<p>Svarog er \u00ed slavnesku sk\u00f6punarhef\u00f0inni <em>fa\u00f0ir gu\u00f0anna<\/em> (\u00ed sumum heimildum). Fa\u00f0ir <em>Dazhbog<\/em> (&bdquo;gjafagu\u00f0inn&ldquo; s\u00f3lgu\u00f0) og <em>Svarozic<\/em> (&bdquo;sonur Svarogs&ldquo; = eldgu\u00f0).<\/p><p>Nafn hans er ind\u00f3evr\u00f3pskt a\u00f0 uppruna, dregi\u00f0 af <em>svar-<\/em> (&bdquo;himinn&ldquo;, sbr. sanskr\u00edt <em>svar<\/em> = s\u00f3l, himinn). \u00cd Hypatius-ann\u00e1lnum er hann samsama\u00f0ur gr\u00edska Hefaistosi, \u00fea\u00f0an hlutverk hans \u00ed sm\u00ed\u00f0alist. \u00cd n\u00fat\u00edma rodnover\u00eda-<span class=\"iwg-fachbegriff\" data-tooltip=\"Fr\u00e6\u00f0ileg umfj\u00f6llun um gu\u00f0 og tr\u00fa innan tr\u00faarbrag\u00f0a.\" tabindex=\"0\">gu\u00f0fr\u00e6\u00f0i<\/span> er hann oft skilinn sem &bdquo;\u00f3skapa\u00f0ur skapari&ldquo;.<\/p>\t\t\t\t\t\t\t\t<\/div>\n\t\t\t\t\t<\/div>\n\t\t\t\t<\/div>\n\t\t<div class=\"elementor-element elementor-element-8e3o4kxs iwg-steckbrief-card e-flex e-con-boxed e-con e-child\" data-id=\"8e3o4kxs\" data-element_type=\"container\" data-e-type=\"container\">\n\t\t\t\t\t<div class=\"e-con-inner\">\n\t\t\t\t<div class=\"elementor-element elementor-element-08rkdgov elementor-widget elementor-widget-heading\" data-id=\"08rkdgov\" data-element_type=\"widget\" data-e-type=\"widget\" data-widget_type=\"heading.default\">\n\t\t\t\t\t<h3 class=\"elementor-heading-title elementor-size-default\">Tengt vi\u00f0<\/h3>\t\t\t\t<\/div>\n\t\t\t\t<div class=\"elementor-element elementor-element-uwjelx8s elementor-widget elementor-widget-text-editor\" data-id=\"uwjelx8s\" data-element_type=\"widget\" data-e-type=\"widget\" data-widget_type=\"text-editor.default\">\n\t\t\t\t\t\t\t\t\t<p>Verndargu\u00f0 smi\u00f0a og gu\u00f0 eldsins. \u00cd Hypat\u00edosarhef\u00f0inni kennir hann m\u00f6nnum sm\u00ed\u00f0alist og j\u00e1rnsm\u00ed\u00f0i og f\u00e6rir \u00feeim \u00fear me\u00f0 t\u00e6kni menningarinnar. Hann gefur mannkyninu <em>r\u00e9ttinn til eignar<\/em> (me\u00f0 \u00fev\u00ed a\u00f0 skilgreina verkf\u00e6ri og vopn).<\/p><p>\u00cd sumum hef\u00f0um er hann s\u00f3lgu\u00f0 (\u00e1 undan syni s\u00ednum Dazhbog), \u00ed \u00f6\u00f0rum hreinr\u00e6kta\u00f0ur sm\u00ed\u00f0agu\u00f0. \u00cd pers\u00f3nulegum \u00fej\u00f3\u00f0artr\u00faarsi\u00f0 er hann <span class=\"iwg-fachbegriff\" data-tooltip=\"B\u00e6narleg e\u00f0a \u00e1kallandi \u00e1v\u00f6rpun til gu\u00f0s e\u00f0a m\u00e1ttarvalds.\" tabindex=\"0\">\u00e1kalla\u00f0ur<\/span> af smi\u00f0um, m\u00e1lmi\u00f0na\u00f0arm\u00f6nnum og sl\u00f6kkvili\u00f0sm\u00f6nnum. \u00cd n\u00fat\u00edma rodnover\u00eda-hef\u00f0inni er hann <span class=\"iwg-fachbegriff\" data-tooltip=\"B\u00e6narleg e\u00f0a \u00e1kallandi \u00e1v\u00f6rpun til gu\u00f0s e\u00f0a m\u00e1ttarvalds.\" tabindex=\"0\">\u00e1kalla\u00f0ur<\/span> \u00ed handverksst\u00e9ttum.<\/p>\t\t\t\t\t\t\t\t<\/div>\n\t\t\t\t\t<\/div>\n\t\t\t\t<\/div>\n\t\t<div class=\"elementor-element elementor-element-jm2n74ec iwg-steckbrief-card e-flex e-con-boxed e-con e-child\" data-id=\"jm2n74ec\" data-element_type=\"container\" data-e-type=\"container\">\n\t\t\t\t\t<div class=\"e-con-inner\">\n\t\t\t\t<div class=\"elementor-element elementor-element-8vufse4c elementor-widget elementor-widget-heading\" data-id=\"8vufse4c\" data-element_type=\"widget\" data-e-type=\"widget\" data-widget_type=\"heading.default\">\n\t\t\t\t\t<h3 class=\"elementor-heading-title elementor-size-default\">Framsetning<\/h3>\t\t\t\t<\/div>\n\t\t\t\t<div class=\"elementor-element elementor-element-mwb9u015 elementor-widget elementor-widget-text-editor\" data-id=\"mwb9u015\" data-element_type=\"widget\" data-e-type=\"widget\" data-widget_type=\"text-editor.default\">\n\t\t\t\t\t\t\t\t\t<p>Einkennandi er hann s\u00fdndur sem skeggja\u00f0ur, kraftalegur smi\u00f0ur \u00ed slavneskum b\u00faningi, me\u00f0 le\u00f0urforkl\u00e6\u00f0i, hamar og ste\u00f0ja. Oft er hann s\u00fdndur fyrir framan sm\u00ed\u00f0aeldinn. \u00cd yngri rodnover\u00eda-myndlist er hann einnig s\u00fdndur sem s\u00f3lgu\u00f0 me\u00f0 s\u00f3lsk\u00edfu og geislak\u00f3r\u00f3nu. Sums sta\u00f0ar me\u00f0 l\u00f6ngu gr\u00e1sprengdu skeggi (\u00f6ldru\u00f0 f\u00f6\u00f0urmynd). H\u00fa\u00f0in er rau\u00f0leit vegna elds og sm\u00ed\u00f0avinnu.<\/p>\t\t\t\t\t\t\t\t<\/div>\n\t\t\t\t\t<\/div>\n\t\t\t\t<\/div>\n\t\t\t\t<\/div>\n\t\t<div class=\"elementor-element elementor-element-pemmx7c2 e-con-full e-flex e-con e-child\" data-id=\"pemmx7c2\" data-element_type=\"container\" data-e-type=\"container\">\n\t\t<div class=\"elementor-element elementor-element-37ss2yr6 iwg-steckbrief-card e-flex e-con-boxed e-con e-child\" data-id=\"37ss2yr6\" data-element_type=\"container\" data-e-type=\"container\">\n\t\t\t\t\t<div class=\"e-con-inner\">\n\t\t\t\t<div class=\"elementor-element elementor-element-3v0wp3wx elementor-widget elementor-widget-heading\" data-id=\"3v0wp3wx\" data-element_type=\"widget\" data-e-type=\"widget\" data-widget_type=\"heading.default\">\n\t\t\t\t\t<h3 class=\"elementor-heading-title elementor-size-default\">I\u00f0ja<\/h3>\t\t\t\t<\/div>\n\t\t\t\t<div class=\"elementor-element elementor-element-w3247g2m elementor-widget elementor-widget-text-editor\" data-id=\"w3247g2m\" data-element_type=\"widget\" data-e-type=\"widget\" data-widget_type=\"text-editor.default\">\n\t\t\t\t\t\t\t\t\t<p><strong>Wirkungsbereich:<\/strong> \u00cd fornslavneskum \u00fej\u00f3\u00f0artr\u00faarsi\u00f0 voru smi\u00f0ir og m\u00e1lmi\u00f0na\u00f0armenn \u00e1kalla\u00f0ir undir handlei\u00f0slu Svarogs. Smi\u00f0ir sj\u00e1lfir h\u00f6f\u00f0u helga\u00f0a st\u00f6\u00f0u \u00ed slavneskri \u00fej\u00f3\u00f0hef\u00f0 (l\u00edkt og \u00ed m\u00f6rgum \u00f6\u00f0rum fornum menningarheimum), enda var sm\u00ed\u00f0i talin t\u00f6frakennd list sem umbreytti efninu.<\/p><p>\u00cd n\u00fat\u00edma rodnover\u00eda-hef\u00f0 (s\u00e9rstaklega p\u00f3lskri og r\u00fassneskri grein) er hann h\u00f6fu\u00f0gu\u00f0 sk\u00f6punar-<span class=\"iwg-fachbegriff\" data-tooltip=\"Fr\u00e6\u00f0ilegt n\u00e1m um gu\u00f0 og tr\u00fa innan tr\u00faarbrag\u00f0a.\" tabindex=\"0\">gu\u00f0fr\u00e6\u00f0i<\/span>. Helgur vikudagur: \u00ed sumum hef\u00f0um mi\u00f0vikudagur (\u00ed \u00f6\u00f0rum sunnudagur).<\/p>\t\t\t\t\t\t\t\t<\/div>\n\t\t\t\t\t<\/div>\n\t\t\t\t<\/div>\n\t\t<div class=\"elementor-element elementor-element-0qpjal9w iwg-steckbrief-card e-flex e-con-boxed e-con e-child\" data-id=\"0qpjal9w\" data-element_type=\"container\" data-e-type=\"container\">\n\t\t\t\t\t<div class=\"e-con-inner\">\n\t\t\t\t<div class=\"elementor-element elementor-element-6ndoih0o elementor-widget elementor-widget-heading\" data-id=\"6ndoih0o\" data-element_type=\"widget\" data-e-type=\"widget\" data-widget_type=\"heading.default\">\n\t\t\t\t\t<h3 class=\"elementor-heading-title elementor-size-default\">Vernd<\/h3>\t\t\t\t<\/div>\n\t\t\t\t<div class=\"elementor-element elementor-element-6684tyh9 elementor-widget elementor-widget-text-editor\" data-id=\"6684tyh9\" data-element_type=\"widget\" data-e-type=\"widget\" data-widget_type=\"text-editor.default\">\n\t\t\t\t\t\t\t\t\t<p>Sm\u00ed\u00f0ahamar, ste\u00f0ji, eldur, s\u00f3lsk\u00edfa (\u00ed s\u00f3larhlutverki), le\u00f0urforkl\u00e6\u00f0i, skegg, verkf\u00e6ri (t\u00f6ng, meitill). Helgid\u00fdr: hestur (samsv\u00f6run vi\u00f0 Hefaistos-hef\u00f0ina), \u00f6rn. Helgar pl\u00f6ntur: eik (vi\u00f0arbrennsluefni). Helga frumefni\u00f0: eldur. Helgur dagur: mi\u00f0vikudagur (\u00ed sumum hef\u00f0um).<\/p>\t\t\t\t\t\t\t\t<\/div>\n\t\t\t\t\t<\/div>\n\t\t\t\t<\/div>\n\t\t<div class=\"elementor-element elementor-element-3lfi7x32 iwg-steckbrief-card e-flex e-con-boxed e-con e-child\" data-id=\"3lfi7x32\" data-element_type=\"container\" data-e-type=\"container\">\n\t\t\t\t\t<div class=\"e-con-inner\">\n\t\t\t\t<div class=\"elementor-element elementor-element-0kg99ga1 elementor-widget elementor-widget-heading\" data-id=\"0kg99ga1\" data-element_type=\"widget\" data-e-type=\"widget\" data-widget_type=\"heading.default\">\n\t\t\t\t\t<h3 class=\"elementor-heading-title elementor-size-default\">Hli\u00f0st\u00e6\u00f0ur<\/h3>\t\t\t\t<\/div>\n\t\t\t\t<div class=\"elementor-element elementor-element-n0fum6kp elementor-widget elementor-widget-text-editor\" data-id=\"n0fum6kp\" data-element_type=\"widget\" data-e-type=\"widget\" data-widget_type=\"text-editor.default\">\n\t\t\t\t\t\t\t\t\t<p><em>Hefaistos<\/em> (Grikkland, samsama\u00f0ur \u00ed Hypat\u00edosarann\u00e1lnum), <em>Vulcanus<\/em> (R\u00f3m), <em>Tva\u1e63\u1e6d\u1e5b<\/em> (hind\u00faismi, ved\u00edskur sm\u00ed\u00f0agu\u00f0), <em>Vishvakarman<\/em> (hind\u00faismi, arkitekt gu\u00f0anna), <em>Goibniu<\/em> (keltnesk hef\u00f0, smi\u00f0ur), <em>Ilmarinen<\/em> (finnsk hef\u00f0, skapandi smi\u00f0ur), <em>Ptah<\/em> (Egyptaland, verndargu\u00f0 handverksmanna), <em>Wieland<\/em> (germ\u00f6nsk hef\u00f0, go\u00f0sagnakenndur smi\u00f0ur). Ind\u00f3evr\u00f3pska sm\u00ed\u00f0agu\u00f0ahef\u00f0in er v\u00ed\u00f0a skjalfest; Svarog er slavneska \u00fatg\u00e1fan af henni.<\/p>\t\t\t\t\t\t\t\t<\/div>\n\t\t\t\t\t<\/div>\n\t\t\t\t<\/div>\n\t\t\t\t<\/div>\n\t\t\t\t<\/div>\n\t\t\t\t\t<\/div>\n\t\t\t\t<\/div>\n\t\t<div class=\"elementor-element elementor-element-5a584676 e-flex e-con-boxed e-con e-parent\" data-id=\"5a584676\" data-element_type=\"container\" data-e-type=\"container\">\n\t\t\t\t\t<div class=\"e-con-inner\">\n\t\t\t\t<div class=\"elementor-element elementor-element-6d0757bf elementor-widget elementor-widget-heading\" data-id=\"6d0757bf\" data-element_type=\"widget\" data-e-type=\"widget\" data-widget_type=\"heading.default\">\n\t\t\t\t\t<h2 class=\"elementor-heading-title elementor-size-default\">Svarog, hli\u00f0st\u00e6\u00f0ur \u00ed \u00f6\u00f0rum menningarheimum<\/h2>\t\t\t\t<\/div>\n\t\t<div class=\"elementor-element elementor-element-60563f68 e-con-full e-flex e-con e-child\" data-id=\"60563f68\" data-element_type=\"container\" data-e-type=\"container\">\n\t\t\t\t<div class=\"elementor-element elementor-element-5a93fdd6 elementor-widget elementor-widget-text-editor\" data-id=\"5a93fdd6\" data-element_type=\"widget\" data-e-type=\"widget\" data-widget_type=\"text-editor.default\">\n\t\t\t\t\t\t\t\t\t<p>Svarog er hli\u00f0st\u00e6\u00f0a gr\u00edska Hefaistosar og germanska Wielands: sm\u00ed\u00f0agu\u00f0 og heimsskipuleggjandi \u00ed senn. \u00cd slavneska kerfinu kemur hann fram sem fa\u00f0ir Dazhbogs, \u00e1samt s\u00f3linni, sem er \u00e6ttartengsl sm\u00ed\u00f0alistar og s\u00f3lareldis sem \u00ed klass\u00edsku <span class=\"iwg-fachbegriff\" data-tooltip=\"Heild gu\u00f0a innan tr\u00faarbrag\u00f0a e\u00f0a menningarheims.\" tabindex=\"0\">go\u00f0aveldi (pantheon)<\/span> v\u00e6ru a\u00f0skildar pers\u00f3nur.<\/p>\n<p><strong>Gy\u00f0ingleg hef\u00f0:<\/strong> JHVH sem skapari og himneskur gu\u00f0 deilir me\u00f0 Svarog hlutverki \u00e6\u00f0sta skipulagsvaldsins og hins kosm\u00edska valds.<\/p><p><strong>Gr\u00edsk-r\u00f3mverskur heimur:<\/strong> Seifur\/J\u00fap\u00edter sem himingu\u00f0 og Hefaistos\/V\u00falkanus sem sm\u00ed\u00f0agu\u00f0 deila hlutverkum Svarogs. Ind\u00f3evr\u00f3pska himingu\u00f0afr\u00e6\u00f0in er skjalfest.<\/p><p><strong>Germ\u00f6nsk hef\u00f0:<\/strong> \u00d3\u00f0inn og Wodan t\u00e1kna kosm\u00edska skipan og visku, l\u00edkt og himneska hlutverk Svarogs. Sm\u00ed\u00f0agu\u00f0inn V\u00f6lundur deilir handverkshlutverkinu.<\/p><p><strong>Hind\u00faismi:<\/strong> S\u00farja sem himingu\u00f0 og Vishvakarman sem kosm\u00edskur handverksma\u00f0ur\/skapari samsvara hlutverkum Svarogs.<\/p>\t\t\t\t\t\t\t\t<\/div>\n\t\t\t\t<\/div>\n\t\t\t\t\t<\/div>\n\t\t\t\t<\/div>\n\t\t<div class=\"elementor-element elementor-element-cp1652d1f e-flex e-con-boxed e-con e-parent\" data-id=\"cp1652d1f\" data-element_type=\"container\" data-e-type=\"container\">\n\t\t\t\t\t<div class=\"e-con-inner\">\n\t\t\t\t<div class=\"elementor-element elementor-element-cp33363ec elementor-widget elementor-widget-heading\" data-id=\"cp33363ec\" data-element_type=\"widget\" data-e-type=\"widget\" data-widget_type=\"heading.default\">\n\t\t\t\t\t<h2 class=\"elementor-heading-title elementor-size-default\">Hypat\u00edosarann\u00e1llinn: hinn \u00fer\u00f6ngi textagrundv\u00f6llur<\/h2>\t\t\t\t<\/div>\n\t\t<div class=\"elementor-element elementor-element-cp5f62e73 e-con-full e-flex e-con e-child\" data-id=\"cp5f62e73\" data-element_type=\"container\" data-e-type=\"container\">\n\t\t\t\t<div class=\"elementor-element elementor-element-cp78423a6 elementor-widget elementor-widget-text-editor\" data-id=\"cp78423a6\" data-element_type=\"widget\" data-e-type=\"widget\" data-widget_type=\"text-editor.default\">\n\t\t\t\t\t\t\t\t\t<p>Um Svarog vitum vi\u00f0 undarlega l\u00edti\u00f0, og \u00fea\u00f0 litla sem er vita\u00f0 kemur a\u00f0 mestu \u00far einni einustu heimild. <em>Hypat\u00edosarann\u00e1llinn<\/em>, austurslavneskt s\u00f6guann\u00e1lasafn, greinir undir \u00e1rinu 1114 fr\u00e1 innskoti sem samsamar fornslavneska <span class=\"iwg-fachbegriff\" data-tooltip=\"Vera sem er d\u00fdrku\u00f0 sem gu\u00f0 innan tr\u00faarbrag\u00f0a.\" tabindex=\"0\">gu\u00f0<\/span> vi\u00f0 gr\u00edska Hefaistos og vi\u00f0 s\u00f3lina.<\/p><p>\u00deetta innskot er \u00fe\u00fd\u00f0ing e\u00f0a \u00farvinnsla \u00e1 b\u00fdsanska ann\u00e1lnum J\u00f3hannesar Malalas, \u00fear sem upphaflega var tala\u00f0 um egypska konunga.<\/p><p>Slavneski \u00farvinnsluma\u00f0urinn kom \u00ed sta\u00f0 erlendra nafna me\u00f0 innlendum: S\u00f3lkonungurinn var\u00f0 <em>Da\u017ebog<\/em>, sonur <em>Svarogs<\/em>, sem var samsama\u00f0ur Hefaistos og skilinn sem gu\u00f0 eldsins og sm\u00ed\u00f0alistarinnar. \u00dar \u00feessum kafla kemur \u00f6ll \u00e1rei\u00f0anleg vitneskja um Svarog. Allt anna\u00f0 er endursk\u00f6pun.<\/p><p>Ranns\u00f3knir hafa af \u00e6ttarnafninu <em>Da\u017ebog Svaro\u017ei\u010d<\/em>, \u201eDa\u017ebog, sonur Svarogs&#8220;, dregi\u00f0 \u00fe\u00e1 \u00e1lyktun a\u00f0 Svarog hafi geta\u00f0 veri\u00f0 fa\u00f0irgu\u00f0 himins og eldsins. M\u00e1lfr\u00e6\u00f0ilega er nafni\u00f0 oft tengt r\u00f3t sem talin er samstofna or\u00f0unum \u201elj\u00f3mi&#8220;, \u201ehiminn&#8220; e\u00f0a sanskr\u00edt-or\u00f0inu <em>svar<\/em> fyrir \u201ehiminn&#8220;.<\/p><p>\u00deessi or\u00f0sifjafr\u00e6\u00f0i er algeng en ekki \u00f3umdeild og b\u00e6ri a\u00f0 fara me\u00f0 var\u00fa\u00f0. S\u00e1 sem talar um Svarog talar um <span class=\"iwg-fachbegriff\" data-tooltip=\"Vera sem er d\u00fdrku\u00f0 sem gu\u00f0 innan tr\u00faarbrag\u00f0a.\" tabindex=\"0\">gu\u00f0<\/span> sem fr\u00e6\u00f0in setja saman mynd af \u00far einu einasta mi\u00f0aldatextabroti og m\u00e1lfr\u00e6\u00f0ilegum v\u00edsbendingum.<\/p>\t\t\t\t\t\t\t\t<\/div>\n\t\t\t\t<\/div>\n\t\t\t\t\t<\/div>\n\t\t\t\t<\/div>\n\t\t<div class=\"elementor-element elementor-element-cp19a9a5b e-flex e-con-boxed e-con e-parent\" data-id=\"cp19a9a5b\" data-element_type=\"container\" data-e-type=\"container\">\n\t\t\t\t\t<div class=\"e-con-inner\">\n\t\t\t\t<div class=\"elementor-element elementor-element-cpe14f758 elementor-widget elementor-widget-heading\" data-id=\"cpe14f758\" data-element_type=\"widget\" data-e-type=\"widget\" data-widget_type=\"heading.default\">\n\t\t\t\t\t<h2 class=\"elementor-heading-title elementor-size-default\">Svaro\u017ei\u010d: sonurinn sem er betur sta\u00f0festur en fa\u00f0irinn<\/h2>\t\t\t\t<\/div>\n\t\t<div class=\"elementor-element elementor-element-cp0ab3799 e-con-full e-flex e-con e-child\" data-id=\"cp0ab3799\" data-element_type=\"container\" data-e-type=\"container\">\n\t\t\t\t<div class=\"elementor-element elementor-element-cp37146b9 elementor-widget elementor-widget-text-editor\" data-id=\"cp37146b9\" data-element_type=\"widget\" data-e-type=\"widget\" data-widget_type=\"text-editor.default\">\n\t\t\t\t\t\t\t\t\t<p>Athyglisvert er a\u00f0 heimildirnir segja meira fr\u00e1 afkomanda Svarogs en fr\u00e1 honum sj\u00e1lfum. Nafni\u00f0 <em>Svaro\u017ei\u010d<\/em>, \u00fe.e. \u201elitli sonur Svarogs\u201c e\u00f0a \u201esonur Svarogs\u201c, kemur fram hj\u00e1 tveimur \u00f3h\u00e1\u00f0um vitnum \u00far vestslavneska sv\u00e6\u00f0inu.<\/p><p>Thietmar fr\u00e1 Merseburg l\u00fdsir um 1018 \u00ed <em>Chronik<\/em> sinni <span class=\"iwg-fachbegriff\" data-tooltip=\"Heilagur sta\u00f0ur tileinka\u00f0ur tilbei\u00f0slu gu\u00f0s.\" tabindex=\"0\">helgista\u00f0<\/span> Riedegost \u00ed landi L\u00fatisa, \u00fear sem gu\u00f0 a\u00f0 nafni <em>Zuarasici<\/em> var sag\u00f0ur vera tilbe\u00f0inn. Bruno fr\u00e1 Querfurt nefnir sama nafn \u00ed br\u00e9fi til keisara Heinrichs II.<\/p><p>\u00deessar vestslavnesku heimildir varpa fram a\u00f0fer\u00f0afr\u00e6\u00f0ilegu vandam\u00e1li. Er <em>Svaro\u017ei\u010d<\/em> s\u00e9rnafn sj\u00e1lfst\u00e6\u00f0rar eldsgo\u00f0veru, e\u00f0a er hann, eins og austurslavneskar heimildir gefa til kynna, kenninafn (patronym) Da\u017ebogs? Fr\u00e6\u00f0imenn deila um \u00feetta enn \u00ed dag.<\/p><p>Sumir slavistar telja Svaro\u017ei\u010d vera sj\u00e1lfst\u00e6tt heiti hins heilaga elds, a\u00f0rir telja \u00fea\u00f0 vi\u00f0urnefni sem var nota\u00f0 um mismunandi gu\u00f0veru eftir sv\u00e6\u00f0um.<\/p><p>\u00dea\u00f0 sem draga m\u00e1 af \u00feessu um Svarog sj\u00e1lfan ver\u00f0ur a\u00f0 setja fram me\u00f0 var\u00fa\u00f0. Hin v\u00ed\u00f0t\u00e6ka landfr\u00e6\u00f0ilega \u00fatbrei\u00f0sla nafnstofnsins, fr\u00e1 austurslavnesku sv\u00e6\u00f0i til L\u00fatisa vi\u00f0 Austursj\u00f3, bendir til \u00feess a\u00f0 hugmyndin a\u00f0 baki hafi veri\u00f0 forn og \u00fatbreidd yfir sv\u00e6\u00f0i.<\/p><p>En h\u00fan gefur ekki tilefni til n\u00e1kv\u00e6mrar <span class=\"iwg-fachbegriff\" data-tooltip=\"Heild var\u00f0veittra go\u00f0sagna \u00ed tiltekinni menningu.\" tabindex=\"0\">go\u00f0afr\u00e6\u00f0i<\/span>. S\u00ed\u00f0ari r\u00f3mant\u00edskir og \u00fej\u00f3\u00f0ernisr\u00f3mant\u00edskir h\u00f6fundar ger\u00f0u Svarog a\u00f0 voldugum himin- og skaparagu\u00f0, oft me\u00f0 uppspunnum sm\u00e1atri\u00f0um. Sl\u00edkar skreytingar tilheyra \u00e1hrifas\u00f6gunni, ekki heimildafr\u00e6\u00f0inni. Fagleg framsetning ver\u00f0ur a\u00f0 l\u00e1ta ey\u00f0una standa opna.<\/p>\t\t\t\t\t\t\t\t<\/div>\n\t\t\t\t<\/div>\n\t\t\t\t\t<\/div>\n\t\t\t\t<\/div>\n\t\t<div class=\"elementor-element elementor-element-36dd7469 e-flex e-con-boxed e-con e-parent\" data-id=\"36dd7469\" data-element_type=\"container\" data-e-type=\"container\">\n\t\t\t\t\t<div class=\"e-con-inner\">\n\t\t\t\t<div class=\"elementor-element elementor-element-13760ab4 elementor-widget elementor-widget-heading\" data-id=\"13760ab4\" data-element_type=\"widget\" data-e-type=\"widget\" data-widget_type=\"heading.default\">\n\t\t\t\t\t<h2 class=\"elementor-heading-title elementor-size-default\">\u00cdtarefni og tenglar<\/h2>\t\t\t\t<\/div>\n\t\t<div class=\"elementor-element elementor-element-28c87796 e-con-full e-flex e-con e-child\" data-id=\"28c87796\" data-element_type=\"container\" data-e-type=\"container\">\n\t\t\t\t<div class=\"elementor-element elementor-element-5d6538df elementor-widget elementor-widget-text-editor\" data-id=\"5d6538df\" data-element_type=\"widget\" data-e-type=\"widget\" data-widget_type=\"text-editor.default\">\n\t\t\t\t\t\t\t\t\t<ul><li><a href=\"https:\/\/iwell-guard.com\/is\/?page_id=168764\">Perun, tengdur slavneskur h\u00f6fu\u00f0gu\u00f0<\/a><\/li><li><a href=\"https:\/\/iwell-guard.com\/is\/?page_id=168763\">Veles, jar\u00f0bundinn andst\u00e6\u00f0ingur<\/a><\/li><li><a href=\"https:\/\/iwell-guard.com\/is\/?page_id=168766\">Mokosch, kvenkyns slavnesk h\u00f6fu\u00f0go\u00f0vera<\/a><\/li><li><a href=\"https:\/\/iwell-guard.com\/is\/?page_id=168819\">Marena, tengd slavnesk go\u00f0vera<\/a><\/li><li><a href=\"https:\/\/iwell-guard.com\/is\/?page_id=168797\">Ptah, egypsk hli\u00f0st\u00e6\u00f0a smi\u00f0s-skapara<\/a><\/li><li><a href=\"https:\/\/iwell-guard.com\/is\/?page_id=168616\">Slavneskt, yfirlit yfir go\u00f0aheim<\/a><\/li><li><a href=\"https:\/\/iwell-guard.com\/is\/?page_id=168679\">Gu\u00f0ir, yfirlit yfir flokka<\/a><\/li><\/ul>\t\t\t\t\t\t\t\t<\/div>\n\t\t\t\t<\/div>\n\t\t\t\t\t<\/div>\n\t\t\t\t<\/div>\n\t\t<div class=\"elementor-element elementor-element-grl4kl40 e-flex e-con-boxed e-con e-parent\" data-id=\"grl4kl40\" data-element_type=\"container\" data-e-type=\"container\">\n\t\t\t\t\t<div class=\"e-con-inner\">\n\t\t\t\t<div class=\"elementor-element elementor-element-bzsbfrmh elementor-widget elementor-widget-heading\" data-id=\"bzsbfrmh\" data-element_type=\"widget\" data-e-type=\"widget\" data-widget_type=\"heading.default\">\n\t\t\t\t\t<h2 class=\"elementor-heading-title elementor-size-default\">Heimildir (\u00farval)<\/h2>\t\t\t\t<\/div>\n\t\t<div class=\"elementor-element elementor-element-2c13224a e-con-full e-flex e-con e-child\" data-id=\"2c13224a\" data-element_type=\"container\" data-e-type=\"container\">\n\t\t\t\t<div class=\"elementor-element elementor-element-0eymh9ub elementor-widget elementor-widget-text-editor\" data-id=\"0eymh9ub\" data-element_type=\"widget\" data-e-type=\"widget\" data-widget_type=\"text-editor.default\">\n\t\t\t\t\t\t\t\t\t<footer class=\"iwg-literatur\" data-nosnippet=\"true\"><ul><li>V&aacute;&#328;a, Zden&#283;k: <em><span class=\"iwg-fachbegriff\" data-tooltip=\"Heild var\u00f0veittra go\u00f0sagna \u00ed tiltekinni menningu.\" tabindex=\"0\">Go\u00f0afr\u00e6\u00f0i<\/span> og gu\u00f0aheimur slavnesku \u00fej\u00f3\u00f0anna<\/em>. Stuttgart 1992.<\/li><li><span data-nosnippet>Iv&aacute;nov, Vja&#269;eslav \/ Toporov, Vladimir: <em>Issledovanija v oblasti slavjanskich drevnostej<\/em>. Moskva 1974.<\/span><\/li><li><span data-nosnippet>Pittner, Manfred: <em>Slavnesk <span class=\"iwg-fachbegriff\" data-tooltip=\"Heild var\u00f0veittra go\u00f0sagna \u00ed tiltekinni menningu.\" tabindex=\"0\">go\u00f0afr\u00e6\u00f0i<\/span><\/em>. K\u00f6ln 2009.<\/span><\/li><li><span data-nosnippet>Brueckner, Aleksander: <em>Mitologia Slowianska i Polska<\/em>. Krak\u00e1 1980.<\/span><\/li><li>Hypatius-ann\u00e1linn (fj\u00f6lmargar r\u00fassneskar og enskar \u00fe\u00fd\u00f0ingar).<\/li><li>Walde, Christine (ritstj.): <em>Der Neue Pauly<\/em> (uppfletior\u00f0i\u00f0 \u201eSvarog\u201c).<\/li><\/ul><\/footer>\t\t\t\t\t\t\t\t<\/div>\n\t\t\t\t<\/div>\n\t\t\t\t\t<\/div>\n\t\t\t\t<\/div>\n\t\t\t\t<\/div>\n\t\t","protected":false},"excerpt":{"rendered":"","protected":false},"author":3,"featured_media":1650,"parent":0,"menu_order":0,"comment_status":"closed","ping_status":"closed","template":"elementor_header_footer","meta":{"_yoast_wpseo_focuskw":"Svarog","_yoast_wpseo_title":"Svarog - Himnagu\u00f0 og sm\u00ed\u00f0agu\u00f0 Slava","_yoast_wpseo_metadesc":"Svarog, slavneskur sm\u00ed\u00f0agu\u00f0 og skapari. Fa\u00f0ir Da\u017ebog og Svaro\u017ei\u0107, v\u00f6r\u00f0ur himneska eldsins","_yoast_wpseo_meta-robots-noindex":"","_yoast_wpseo_canonical":"","_angie_page":false,"gefaehrdungsstufe":"2","wesen_kultur":"slawisch","wesen_klasse":"goetter","footnotes":""},"categories":[],"class_list":["post-168820","page","type-page","status-publish","has-post-thumbnail","hentry"],"yoast_head":"<!-- This site is optimized with the Yoast SEO Premium plugin v27.7 (Yoast SEO v28.3) - https:\/\/yoast.com\/product\/yoast-seo-premium-wordpress\/ -->\n<title>Svarog - Himnagu\u00f0 og sm\u00ed\u00f0agu\u00f0 Slava<\/title>\n<meta name=\"description\" content=\"Svarog, slavneskur sm\u00ed\u00f0agu\u00f0 og skapari. Fa\u00f0ir Da\u017ebog og Svaro\u017ei\u0107, v\u00f6r\u00f0ur himneska eldsins\" \/>\n<meta name=\"robots\" content=\"index, follow, max-snippet:-1, max-image-preview:large, max-video-preview:-1\" \/>\n<link rel=\"canonical\" href=\"https:\/\/iwell-guard.com\/is\/svarog\/\" \/>\n<meta property=\"og:locale\" content=\"is_IS\" \/>\n<meta property=\"og:type\" content=\"article\" \/>\n<meta property=\"og:title\" content=\"Svarog\" \/>\n<meta property=\"og:description\" content=\"Svarog, slavneskur sm\u00ed\u00f0agu\u00f0 og skapari. Fa\u00f0ir Da\u017ebog og Svaro\u017ei\u0107, v\u00f6r\u00f0ur himneska eldsins\" \/>\n<meta property=\"og:url\" content=\"https:\/\/iwell-guard.com\/is\/svarog\/\" \/>\n<meta property=\"og:site_name\" content=\"iWell Guard\" \/>\n<meta property=\"article:modified_time\" content=\"2026-09-05T14:20:18+00:00\" \/>\n<meta property=\"og:image\" content=\"https:\/\/iwell-guard.com\/wp-content\/uploads\/2026\/04\/goetter_slawisch_svarog.webp\" \/>\n\t<meta property=\"og:image:width\" content=\"1024\" \/>\n\t<meta property=\"og:image:height\" content=\"1536\" \/>\n\t<meta property=\"og:image:type\" content=\"image\/webp\" \/>\n<meta name=\"twitter:card\" content=\"summary_large_image\" \/>\n<script type=\"application\/ld+json\" class=\"yoast-schema-graph\">{\"@context\":\"https:\\\/\\\/schema.org\",\"@graph\":[{\"@type\":\"WebPage\",\"@id\":\"https:\\\/\\\/iwell-guard.com\\\/is\\\/svarog\\\/\",\"url\":\"https:\\\/\\\/iwell-guard.com\\\/is\\\/svarog\\\/\",\"name\":\"Svarog - Himnagu\u00f0 og sm\u00ed\u00f0agu\u00f0 Slava\",\"isPartOf\":{\"@id\":\"https:\\\/\\\/iwell-guard.com\\\/is\\\/#website\"},\"primaryImageOfPage\":{\"@id\":\"https:\\\/\\\/iwell-guard.com\\\/is\\\/svarog\\\/#primaryimage\"},\"image\":{\"@id\":\"https:\\\/\\\/iwell-guard.com\\\/is\\\/svarog\\\/#primaryimage\"},\"thumbnailUrl\":\"https:\\\/\\\/iwell-guard.com\\\/wp-content\\\/uploads\\\/2026\\\/04\\\/goetter_slawisch_svarog.webp\",\"datePublished\":\"2026-09-05T14:03:15+00:00\",\"dateModified\":\"2026-09-05T14:20:18+00:00\",\"description\":\"Svarog, slavneskur sm\u00ed\u00f0agu\u00f0 og skapari. Fa\u00f0ir Da\u017ebog og Svaro\u017ei\u0107, v\u00f6r\u00f0ur himneska eldsins\",\"breadcrumb\":{\"@id\":\"https:\\\/\\\/iwell-guard.com\\\/is\\\/svarog\\\/#breadcrumb\"},\"inLanguage\":\"is\",\"potentialAction\":[{\"@type\":\"ReadAction\",\"target\":[\"https:\\\/\\\/iwell-guard.com\\\/is\\\/svarog\\\/\"]}]},{\"@type\":\"ImageObject\",\"inLanguage\":\"is\",\"@id\":\"https:\\\/\\\/iwell-guard.com\\\/is\\\/svarog\\\/#primaryimage\",\"url\":\"https:\\\/\\\/iwell-guard.com\\\/wp-content\\\/uploads\\\/2026\\\/04\\\/goetter_slawisch_svarog.webp\",\"contentUrl\":\"https:\\\/\\\/iwell-guard.com\\\/wp-content\\\/uploads\\\/2026\\\/04\\\/goetter_slawisch_svarog.webp\",\"width\":1024,\"height\":1536,\"caption\":\"Gu\u00f0ir \u00far slavneskri hef\u00f0.\"},{\"@type\":\"BreadcrumbList\",\"@id\":\"https:\\\/\\\/iwell-guard.com\\\/is\\\/svarog\\\/#breadcrumb\",\"itemListElement\":[{\"@type\":\"ListItem\",\"position\":1,\"name\":\"Start\",\"item\":\"https:\\\/\\\/iwell-guard.com\\\/is\\\/?page_id=168580\"},{\"@type\":\"ListItem\",\"position\":2,\"name\":\"Svarog\"}]},{\"@type\":\"WebSite\",\"@id\":\"https:\\\/\\\/iwell-guard.com\\\/is\\\/#website\",\"url\":\"https:\\\/\\\/iwell-guard.com\\\/is\\\/\",\"name\":\"iWell Guard\",\"description\":\"Schutz vor dunklen Einfl\u00fcssen\",\"publisher\":{\"@id\":\"https:\\\/\\\/iwell-guard.com\\\/is\\\/#organization\"},\"potentialAction\":[{\"@type\":\"SearchAction\",\"target\":{\"@type\":\"EntryPoint\",\"urlTemplate\":\"https:\\\/\\\/iwell-guard.com\\\/is\\\/?s={search_term_string}\"},\"query-input\":{\"@type\":\"PropertyValueSpecification\",\"valueRequired\":true,\"valueName\":\"search_term_string\"}}],\"inLanguage\":\"is\"},{\"@type\":\"Organization\",\"@id\":\"https:\\\/\\\/iwell-guard.com\\\/is\\\/#organization\",\"name\":\"Ittermann electronic GmbH\",\"url\":\"https:\\\/\\\/iwell-guard.com\\\/is\\\/\",\"logo\":{\"@type\":\"ImageObject\",\"inLanguage\":\"is\",\"@id\":\"https:\\\/\\\/iwell-guard.com\\\/is\\\/#\\\/schema\\\/logo\\\/image\\\/\",\"url\":\"https:\\\/\\\/iwell-guard.com\\\/wp-content\\\/uploads\\\/2026\\\/05\\\/Ittermann-Logo-1182x237-1.png\",\"contentUrl\":\"https:\\\/\\\/iwell-guard.com\\\/wp-content\\\/uploads\\\/2026\\\/05\\\/Ittermann-Logo-1182x237-1.png\",\"width\":1182,\"height\":237,\"caption\":\"Ittermann electronic GmbH\"},\"image\":{\"@id\":\"https:\\\/\\\/iwell-guard.com\\\/is\\\/#\\\/schema\\\/logo\\\/image\\\/\"},\"sameAs\":[\"https:\\\/\\\/pantip.com\\\/profile\\\/9367242\",\"https:\\\/\\\/micro.blog\\\/iwellguard\",\"https:\\\/\\\/www.diggerslist.com\\\/iwellguard\\\/about\",\"https:\\\/\\\/skitterphoto.com\\\/photographers\\\/2870314\\\/iwell-guard\",\"https:\\\/\\\/iwellguard.wordpress.com\\\/2026\\\/06\\\/06\\\/iwell-guard\\\/\",\"https:\\\/\\\/hub.docker.com\\\/u\\\/iwellguard\",\"https:\\\/\\\/www.pinterest.com\\\/iwellguard\\\/\",\"https:\\\/\\\/bit.ly\\\/m\\\/iwellguard\",\"https:\\\/\\\/entre-vos-mains.alsace.eu\\\/profiles\\\/iwellguard\\\/activity\",\"https:\\\/\\\/gravatar.com\\\/reallybeded8fd34\",\"https:\\\/\\\/naijamatta.com\\\/iwellguard\",\"https:\\\/\\\/www.goodreads.com\\\/iwellguard\",\"https:\\\/\\\/profile.hatena.ne.jp\\\/iwellguard\\\/\",\"https:\\\/\\\/experiment.com\\\/users\\\/iwellguard\",\"https:\\\/\\\/wakelet.com\\\/@iWellGuard82270\",\"https:\\\/\\\/www.chordie.com\\\/forum\\\/profile.php?id=2555664\",\"https:\\\/\\\/www.instapaper.com\\\/p\\\/17757966\",\"https:\\\/\\\/www.mapleprimes.com\\\/users\\\/iwellguard\",\"https:\\\/\\\/businesslistingplus.com\\\/profile\\\/iwell-guard\\\/\",\"https:\\\/\\\/telegra.ph\\\/iWell-Guard-06-06\",\"https:\\\/\\\/pbase.com\\\/iwellguard\\\/iwellguard\",\"https:\\\/\\\/b.hatena.ne.jp\\\/iwellguard\\\/20260607#bookmark-4788405196491818882\",\"https:\\\/\\\/fliphtml5.com\\\/home\\\/iwellguard\",\"https:\\\/\\\/anyflip.com\\\/homepage\\\/cmiwl#About\",\"https:\\\/\\\/transfur.com\\\/Users\\\/iwellguard\",\"http:\\\/\\\/delphi.larsbo.org\\\/user\\\/iwellguard\",\"https:\\\/\\\/jobs.lajobsportal.org\\\/profiles\\\/8380803-iwell-guard\",\"https:\\\/\\\/md.chaosdorf.de\\\/s\\\/jfbe5SBdJD\",\"https:\\\/\\\/www.lingvolive.com\\\/en-us\\\/profile\\\/9ecaeaca-ce11-4e51-9e71-01d55e2bff36\\\/translations\",\"https:\\\/\\\/www.fitday.com\\\/fitness\\\/forums\\\/members\\\/iwellguard.html\",\"https:\\\/\\\/www.mymeetbook.com\\\/iwellguard\",\"https:\\\/\\\/pxhere.com\\\/en\\\/photographer-me\\\/5040798\",\"https:\\\/\\\/disqus.com\\\/by\\\/iwellguard\\\/about\\\/\",\"https:\\\/\\\/pastelink.net\\\/hjwciqwq\",\"https:\\\/\\\/pubhtml5.com\\\/homepage\\\/scjhn\\\/\",\"https:\\\/\\\/www.bitchute.com\\\/channel\\\/2O2eOKzNqujT\",\"https:\\\/\\\/audiomack.com\\\/iwellguard\"]},{\"@type\":\"Article\",\"@id\":\"https:\\\/\\\/iwell-guard.com\\\/is\\\/svarog\\\/#article\",\"isPartOf\":{\"@id\":\"https:\\\/\\\/iwell-guard.com\\\/is\\\/svarog\\\/\"},\"author\":{\"name\":\"Ralf Ittermann\",\"@id\":\"https:\\\/\\\/iwell-guard.com\\\/is\\\/#\\\/schema\\\/person\\\/ee2a27f1cac3406c7c6fb5820cb7349f\"},\"headline\":\"Svarog\",\"datePublished\":\"2026-09-05T14:03:15+00:00\",\"dateModified\":\"2026-09-05T14:20:18+00:00\",\"mainEntityOfPage\":{\"@id\":\"https:\\\/\\\/iwell-guard.com\\\/is\\\/svarog\\\/\"},\"publisher\":{\"@id\":\"https:\\\/\\\/iwell-guard.com\\\/is\\\/#organization\"},\"image\":{\"@id\":\"https:\\\/\\\/iwell-guard.com\\\/is\\\/svarog\\\/#primaryimage\"},\"thumbnailUrl\":\"https:\\\/\\\/iwell-guard.com\\\/wp-content\\\/uploads\\\/2026\\\/04\\\/goetter_slawisch_svarog.webp\",\"inLanguage\":\"is\",\"description\":\"Svarog, slavneskur sm\u00ed\u00f0agu\u00f0 og skapari. Fa\u00f0ir Da\u017ebog og Svaro\u017ei\u0107, v\u00f6r\u00f0ur himneska eldsins\"}]}<\/script>\n<!-- \/ Yoast SEO Premium plugin. -->","yoast_head_json":{"title":"Svarog - Himnagu\u00f0 og sm\u00ed\u00f0agu\u00f0 Slava","description":"Svarog, slavneskur sm\u00ed\u00f0agu\u00f0 og skapari. Fa\u00f0ir Da\u017ebog og Svaro\u017ei\u0107, v\u00f6r\u00f0ur himneska eldsins","robots":{"index":"index","follow":"follow","max-snippet":"max-snippet:-1","max-image-preview":"max-image-preview:large","max-video-preview":"max-video-preview:-1"},"canonical":"https:\/\/iwell-guard.com\/is\/svarog\/","og_locale":"is_IS","og_type":"article","og_title":"Svarog","og_description":"Svarog, slavneskur sm\u00ed\u00f0agu\u00f0 og skapari. Fa\u00f0ir Da\u017ebog og Svaro\u017ei\u0107, v\u00f6r\u00f0ur himneska eldsins","og_url":"https:\/\/iwell-guard.com\/is\/svarog\/","og_site_name":"iWell Guard","article_modified_time":"2026-09-05T14:20:18+00:00","og_image":[{"width":1024,"height":1536,"url":"https:\/\/iwell-guard.com\/wp-content\/uploads\/2026\/04\/goetter_slawisch_svarog.webp","type":"image\/webp"}],"twitter_card":"summary_large_image","schema":{"@context":"https:\/\/schema.org","@graph":[{"@type":"Article","@id":"https:\/\/iwell-guard.com\/is\/svarog\/#article","isPartOf":{"@id":"https:\/\/iwell-guard.com\/is\/svarog\/"},"author":{"name":"Ralf Ittermann","@id":"https:\/\/iwell-guard.com\/is\/#\/schema\/person\/ee2a27f1cac3406c7c6fb5820cb7349f"},"headline":"Svarog","datePublished":"2026-09-05T14:03:15+00:00","dateModified":"2026-09-05T14:20:18+00:00","mainEntityOfPage":{"@id":"https:\/\/iwell-guard.com\/is\/svarog\/"},"publisher":{"@id":"https:\/\/iwell-guard.com\/is\/#organization"},"image":{"@id":"https:\/\/iwell-guard.com\/is\/svarog\/#primaryimage"},"thumbnailUrl":"https:\/\/iwell-guard.com\/wp-content\/uploads\/2026\/04\/goetter_slawisch_svarog.webp","inLanguage":"is","description":"Svarog, slavneskur sm\u00ed\u00f0agu\u00f0 og skapari. Fa\u00f0ir Da\u017ebog og Svaro\u017ei\u0107, v\u00f6r\u00f0ur himneska eldsins"},{"@type":"WebPage","@id":"https:\/\/iwell-guard.com\/is\/svarog\/","url":"https:\/\/iwell-guard.com\/is\/svarog\/","name":"Svarog - Himnagu\u00f0 og sm\u00ed\u00f0agu\u00f0 Slava","isPartOf":{"@id":"https:\/\/iwell-guard.com\/is\/#website"},"primaryImageOfPage":{"@id":"https:\/\/iwell-guard.com\/is\/svarog\/#primaryimage"},"image":{"@id":"https:\/\/iwell-guard.com\/is\/svarog\/#primaryimage"},"thumbnailUrl":"https:\/\/iwell-guard.com\/wp-content\/uploads\/2026\/04\/goetter_slawisch_svarog.webp","datePublished":"2026-09-05T14:03:15+00:00","dateModified":"2026-09-05T14:20:18+00:00","description":"Svarog, slavneskur sm\u00ed\u00f0agu\u00f0 og skapari. Fa\u00f0ir Da\u017ebog og Svaro\u017ei\u0107, v\u00f6r\u00f0ur himneska eldsins","breadcrumb":{"@id":"https:\/\/iwell-guard.com\/is\/svarog\/#breadcrumb"},"inLanguage":"is","potentialAction":[{"@type":"ReadAction","target":["https:\/\/iwell-guard.com\/is\/svarog\/"]}]},{"@type":"ImageObject","inLanguage":"is","@id":"https:\/\/iwell-guard.com\/is\/svarog\/#primaryimage","url":"https:\/\/iwell-guard.com\/wp-content\/uploads\/2026\/04\/goetter_slawisch_svarog.webp","contentUrl":"https:\/\/iwell-guard.com\/wp-content\/uploads\/2026\/04\/goetter_slawisch_svarog.webp","width":1024,"height":1536,"caption":"Gu\u00f0ir \u00far slavneskri hef\u00f0."},{"@type":"BreadcrumbList","@id":"https:\/\/iwell-guard.com\/is\/svarog\/#breadcrumb","itemListElement":[{"@type":"ListItem","position":1,"name":"Start","item":"https:\/\/iwell-guard.com\/is\/?page_id=168580"},{"@type":"ListItem","position":2,"name":"Svarog"}]},{"@type":"WebSite","@id":"https:\/\/iwell-guard.com\/is\/#website","url":"https:\/\/iwell-guard.com\/is\/","name":"iWell Guard","description":"Schutz vor dunklen Einfl\u00fcssen","publisher":{"@id":"https:\/\/iwell-guard.com\/is\/#organization"},"potentialAction":[{"@type":"SearchAction","target":{"@type":"EntryPoint","urlTemplate":"https:\/\/iwell-guard.com\/is\/?s={search_term_string}"},"query-input":{"@type":"PropertyValueSpecification","valueRequired":true,"valueName":"search_term_string"}}],"inLanguage":"is"},{"@type":"Organization","@id":"https:\/\/iwell-guard.com\/is\/#organization","name":"Ittermann electronic GmbH","url":"https:\/\/iwell-guard.com\/is\/","logo":{"@type":"ImageObject","inLanguage":"is","@id":"https:\/\/iwell-guard.com\/is\/#\/schema\/logo\/image\/","url":"https:\/\/iwell-guard.com\/wp-content\/uploads\/2026\/05\/Ittermann-Logo-1182x237-1.png","contentUrl":"https:\/\/iwell-guard.com\/wp-content\/uploads\/2026\/05\/Ittermann-Logo-1182x237-1.png","width":1182,"height":237,"caption":"Ittermann electronic GmbH"},"image":{"@id":"https:\/\/iwell-guard.com\/is\/#\/schema\/logo\/image\/"},"sameAs":["https:\/\/pantip.com\/profile\/9367242","https:\/\/micro.blog\/iwellguard","https:\/\/www.diggerslist.com\/iwellguard\/about","https:\/\/skitterphoto.com\/photographers\/2870314\/iwell-guard","https:\/\/iwellguard.wordpress.com\/2026\/06\/06\/iwell-guard\/","https:\/\/hub.docker.com\/u\/iwellguard","https:\/\/www.pinterest.com\/iwellguard\/","https:\/\/bit.ly\/m\/iwellguard","https:\/\/entre-vos-mains.alsace.eu\/profiles\/iwellguard\/activity","https:\/\/gravatar.com\/reallybeded8fd34","https:\/\/naijamatta.com\/iwellguard","https:\/\/www.goodreads.com\/iwellguard","https:\/\/profile.hatena.ne.jp\/iwellguard\/","https:\/\/experiment.com\/users\/iwellguard","https:\/\/wakelet.com\/@iWellGuard82270","https:\/\/www.chordie.com\/forum\/profile.php?id=2555664","https:\/\/www.instapaper.com\/p\/17757966","https:\/\/www.mapleprimes.com\/users\/iwellguard","https:\/\/businesslistingplus.com\/profile\/iwell-guard\/","https:\/\/telegra.ph\/iWell-Guard-06-06","https:\/\/pbase.com\/iwellguard\/iwellguard","https:\/\/b.hatena.ne.jp\/iwellguard\/20260607#bookmark-4788405196491818882","https:\/\/fliphtml5.com\/home\/iwellguard","https:\/\/anyflip.com\/homepage\/cmiwl#About","https:\/\/transfur.com\/Users\/iwellguard","http:\/\/delphi.larsbo.org\/user\/iwellguard","https:\/\/jobs.lajobsportal.org\/profiles\/8380803-iwell-guard","https:\/\/md.chaosdorf.de\/s\/jfbe5SBdJD","https:\/\/www.lingvolive.com\/en-us\/profile\/9ecaeaca-ce11-4e51-9e71-01d55e2bff36\/translations","https:\/\/www.fitday.com\/fitness\/forums\/members\/iwellguard.html","https:\/\/www.mymeetbook.com\/iwellguard","https:\/\/pxhere.com\/en\/photographer-me\/5040798","https:\/\/disqus.com\/by\/iwellguard\/about\/","https:\/\/pastelink.net\/hjwciqwq","https:\/\/pubhtml5.com\/homepage\/scjhn\/","https:\/\/www.bitchute.com\/channel\/2O2eOKzNqujT","https:\/\/audiomack.com\/iwellguard"]},{"@type":"Person","@id":"https:\/\/iwell-guard.com\/is\/#\/schema\/person\/ee2a27f1cac3406c7c6fb5820cb7349f","name":"Ralf Ittermann","image":{"@type":"ImageObject","inLanguage":"is","@id":"https:\/\/secure.gravatar.com\/avatar\/073c0153e350a5005b68eb752b445fea71f6b24a26da9449ad7e155e6b446c9d?s=96&d=mm&r=g","url":"https:\/\/secure.gravatar.com\/avatar\/073c0153e350a5005b68eb752b445fea71f6b24a26da9449ad7e155e6b446c9d?s=96&d=mm&r=g","contentUrl":"https:\/\/secure.gravatar.com\/avatar\/073c0153e350a5005b68eb752b445fea71f6b24a26da9449ad7e155e6b446c9d?s=96&d=mm&r=g","caption":"Ralf Ittermann"},"givenName":"Ralf","familyName":"Ittermann","jobTitle":"Gesch\u00e4ftsf\u00fchrer und redaktioneller Verantwortlicher","url":"https:\/\/iwell-guard.com\/is\/author\/claude\/","description":"Ralf Ittermann ist Gesch\u00e4ftsf\u00fchrer der Ittermann electronic GmbH und redaktioneller Verantwortlicher des iWell-Guard-Lexikons. Er verbindet langj\u00e4hrige Erfahrung in der Pr\u00e4zisionsfertigung mit medialer Praxis und religionsgeschichtlicher Quellenarbeit.","worksFor":{"@type":"Organization","name":"Ittermann electronic GmbH","url":"https:\/\/ittermann.de\/","address":{"@type":"PostalAddress","streetAddress":"K\u00f6hlergasse 16-18","postalCode":"99842","addressLocality":"Ruhla","addressCountry":"DE"}},"knowsAbout":["Religionsgeschichte","Mythologie","Mediale Praxis","Energetische Diagnostik","Schutzpraxis","Volksglauben","Westliche Esoterik"]},{"@type":"Article","@id":"https:\/\/iwell-guard.com\/is\/svarog\/#article","isPartOf":{"@id":"https:\/\/iwell-guard.com\/is\/svarog\/"},"author":{"name":"Ralf Ittermann","@id":"https:\/\/iwell-guard.com\/is\/#\/schema\/person\/ee2a27f1cac3406c7c6fb5820cb7349f"},"headline":"Svarog","datePublished":"2026-09-05T14:03:15+00:00","dateModified":"2026-09-05T14:20:18+00:00","mainEntityOfPage":{"@id":"https:\/\/iwell-guard.com\/is\/svarog\/"},"publisher":{"@id":"https:\/\/iwell-guard.com\/is\/#organization"},"image":{"@id":"https:\/\/iwell-guard.com\/is\/svarog\/#primaryimage"},"thumbnailUrl":"https:\/\/iwell-guard.com\/wp-content\/uploads\/2026\/04\/goetter_slawisch_svarog.webp","inLanguage":"is","description":"Svarog, slavneskur sm\u00ed\u00f0agu\u00f0 og skapari. Fa\u00f0ir Da\u017ebog og Svaro\u017ei\u0107, v\u00f6r\u00f0ur himneska eldsins"}]}},"_links":{"self":[{"href":"https:\/\/iwell-guard.com\/is\/wp-json\/wp\/v2\/pages\/168820","targetHints":{"allow":["GET"]}}],"collection":[{"href":"https:\/\/iwell-guard.com\/is\/wp-json\/wp\/v2\/pages"}],"about":[{"href":"https:\/\/iwell-guard.com\/is\/wp-json\/wp\/v2\/types\/page"}],"author":[{"embeddable":true,"href":"https:\/\/iwell-guard.com\/is\/wp-json\/wp\/v2\/users\/3"}],"replies":[{"embeddable":true,"href":"https:\/\/iwell-guard.com\/is\/wp-json\/wp\/v2\/comments?post=168820"}],"version-history":[{"count":0,"href":"https:\/\/iwell-guard.com\/is\/wp-json\/wp\/v2\/pages\/168820\/revisions"}],"wp:featuredmedia":[{"embeddable":true,"href":"https:\/\/iwell-guard.com\/is\/wp-json\/wp\/v2\/media\/1650"}],"wp:attachment":[{"href":"https:\/\/iwell-guard.com\/is\/wp-json\/wp\/v2\/media?parent=168820"}],"wp:term":[{"taxonomy":"category","embeddable":true,"href":"https:\/\/iwell-guard.com\/is\/wp-json\/wp\/v2\/categories?post=168820"}],"curies":[{"name":"wp","href":"https:\/\/api.w.org\/{rel}","templated":true}]}}