{"id":168819,"date":"2026-09-05T14:03:14","date_gmt":"2026-09-05T14:03:14","guid":{"rendered":"https:\/\/iwell-guard.com\/?page_id=168819"},"modified":"2026-09-05T14:20:18","modified_gmt":"2026-09-05T14:20:18","slug":"marena","status":"publish","type":"page","link":"https:\/\/iwell-guard.com\/is\/marena\/","title":{"rendered":"Marena"},"content":{"rendered":"\t\t<div data-elementor-type=\"wp-page\" data-elementor-id=\"168819\" class=\"elementor elementor-168819 elementor-2099 elementor-bc-flex-widget\" data-elementor-post-type=\"page\">\n\t\t\t\t<div class=\"elementor-element elementor-element-10fdade e-flex e-con-boxed e-con e-parent\" data-id=\"10fdade\" data-element_type=\"container\" data-e-type=\"container\" data-settings=\"{&quot;background_background&quot;:&quot;classic&quot;}\">\n\t\t\t\t\t<div class=\"e-con-inner\">\n\t\t<div class=\"elementor-element elementor-element-herohlft0 e-flex e-con-boxed e-con e-child\" data-id=\"herohlft0\" data-element_type=\"container\" data-e-type=\"container\">\n\t\t\t\t\t<div class=\"e-con-inner\">\n\t\t<div class=\"elementor-element elementor-element-c3ceb64 e-con-full e-flex e-con e-child\" data-id=\"c3ceb64\" data-element_type=\"container\" data-e-type=\"container\">\n\t\t\t\t<div class=\"elementor-element elementor-element-96ae5e1 elementor-widget elementor-widget-heading\" data-id=\"96ae5e1\" data-element_type=\"widget\" data-e-type=\"widget\" data-widget_type=\"heading.default\">\n\t\t\t\t\t<h1 class=\"elementor-heading-title elementor-size-default\">Marena, gy\u00f0ja \u00ed slavneskri hef\u00f0<\/h1>\t\t\t\t<\/div>\n\t\t\t\t<div class=\"elementor-element elementor-element-e45238a elementor-widget elementor-widget-text-editor\" data-id=\"e45238a\" data-element_type=\"widget\" data-e-type=\"widget\" data-widget_type=\"text-editor.default\">\n\t\t\t\t\t\t\t\t\t<p>Marena (\u041c\u043e\u0440\u0435\u043d\u0430, einnig k\u00f6llu\u00f0 Morana e\u00f0a Marzanna) er slavneska gy\u00f0ja vetrar, dau\u00f0a og endurf\u00e6\u00f0ingar. H\u00fan t\u00e1knar d\u00f6kka \u00e1rst\u00ed\u00f0ina og dau\u00f0ann sem hluta af hringr\u00e1s n\u00e1tt\u00farunnar og er d\u00fdrku\u00f0 \u00ed ath\u00f6fnum sem tengja saman l\u00edf og dau\u00f0a.\t\t\t\t\t\t\t\t<\/div>\n\t\t\t\t<\/div>\n\t\t<div class=\"elementor-element elementor-element-klsbdg01 e-con-full e-flex e-con e-parent\" data-id=\"klsbdg01\" data-element_type=\"container\" data-e-type=\"container\">\n\t\t\t\t<div class=\"elementor-element elementor-element-klshtm01 elementor-widget elementor-widget-html\" data-id=\"klshtm01\" data-element_type=\"widget\" data-e-type=\"widget\" data-widget_type=\"html.default\">\n\t\t\t\t\t<div class=\"iwg-pill-row\"><span class=\"iwg-klasse-badge\" tabindex=\"0\" data-tooltip=\"Gu\u00f0 \/ gy\u00f0ja: Pers\u00f3nuger\u00f0 \u00e6\u00f0sta m\u00e1ttarvald \u00ed go\u00f0aheimi menningar, me\u00f0 sk\u00fdra \u00e1byrg\u00f0arsvi\u00f0i, n\u00e1tt\u00faru\u00f6fl, \u00f6rl\u00f6g, str\u00ed\u00f0, frj\u00f3semi. D\u00fdrku\u00f0 me\u00f0 helgisi\u00f0um, f\u00f3rnum og musterisstofnunum.\">Gy\u00f0ja<\/span><a href=\"https:\/\/iwell-guard.com\/is\/?page_id=168616\" class=\"iwg-kultur-badge\" tabindex=\"0\" data-tooltip=\"Slavnesk go\u00f0afr\u00e6\u00f0i og \u00fej\u00f3\u00f0tr\u00fa, kristnu\u00f0 fr\u00e1 10. \u00f6ld.\">Slavneskt<\/a><a href=\"https:\/\/iwell-guard.com\/is\/?page_id=168709\" class=\"iwg-tradition-badge\" tabindex=\"0\" data-tooltip=\"Gu\u00f0ir undirheima og dau\u00f0ans, stj\u00f3rnendur handanheims, d\u00f3marar dau\u00f0ra, fylgdarmenn s\u00e1lna.\">Dau\u00f0ago\u00f0m\u00f6gn<\/a><\/div>\t\t\t\t<\/div>\n\t\t\t\t<\/div>\n\t\t<div class=\"elementor-element elementor-element-3f74855 e-con-full e-flex e-con e-child\" data-id=\"3f74855\" data-element_type=\"container\" data-e-type=\"container\">\n\t\t\t\t<div class=\"elementor-element elementor-element-1c30362 elementor-toc--minimized-on-tablet elementor-widget elementor-widget-table-of-contents\" data-id=\"1c30362\" data-element_type=\"widget\" data-e-type=\"widget\" data-settings=\"{&quot;exclude_headings_by_selector&quot;:[],&quot;no_headings_message&quot;:&quot;Engar undirfyrirsagnir fundust \\u00e1 \\u00feessari s\\u00ed\\u00f0u.&quot;,&quot;headings_by_tags&quot;:[&quot;h2&quot;,&quot;h3&quot;],&quot;marker_view&quot;:&quot;bullets&quot;,&quot;minimize_box&quot;:&quot;yes&quot;,&quot;icon&quot;:{&quot;value&quot;:&quot;fas fa-circle&quot;,&quot;library&quot;:&quot;fa-solid&quot;,&quot;rendered_tag&quot;:&quot;&lt;svg class=\\&quot;e-font-icon-svg e-fas-circle\\&quot; viewBox=\\&quot;0 0 512 512\\&quot; xmlns=\\&quot;http:\\\/\\\/www.w3.org\\\/2000\\\/svg\\&quot;&gt;&lt;path d=\\&quot;M256 8C119 8 8 119 8 256s111 248 248 248 248-111 248-248S393 8 256 8z\\&quot;&gt;&lt;\\\/path&gt;&lt;\\\/svg&gt;&quot;},&quot;minimized_on&quot;:&quot;tablet&quot;,&quot;hierarchical_view&quot;:&quot;yes&quot;,&quot;min_height&quot;:{&quot;unit&quot;:&quot;px&quot;,&quot;size&quot;:&quot;&quot;,&quot;sizes&quot;:[]},&quot;min_height_tablet&quot;:{&quot;unit&quot;:&quot;px&quot;,&quot;size&quot;:&quot;&quot;,&quot;sizes&quot;:[]},&quot;min_height_mobile&quot;:{&quot;unit&quot;:&quot;px&quot;,&quot;size&quot;:&quot;&quot;,&quot;sizes&quot;:[]}}\" data-widget_type=\"table-of-contents.default\">\n\t\t\t\t\t\t\t\t\t<div class=\"elementor-toc__header\">\n\t\t\t\t\t\t<h2 class=\"elementor-toc__header-title\">\n\t\t\t\tEfnisyfirlit\t\t\t<\/h2>\n\t\t\t\t\t\t\t\t\t\t<div class=\"elementor-toc__toggle-button elementor-toc__toggle-button--expand\" role=\"button\" tabindex=\"0\" aria-controls=\"elementor-toc__1c30362\" aria-expanded=\"true\" aria-label=\"Open table of contents\"><svg aria-hidden=\"true\" class=\"e-font-icon-svg e-fas-chevron-down\" viewBox=\"0 0 448 512\" xmlns=\"http:\/\/www.w3.org\/2000\/svg\"><path d=\"M207.029 381.476L12.686 187.132c-9.373-9.373-9.373-24.569 0-33.941l22.667-22.667c9.357-9.357 24.522-9.375 33.901-.04L224 284.505l154.745-154.021c9.379-9.335 24.544-9.317 33.901.04l22.667 22.667c9.373 9.373 9.373 24.569 0 33.941L240.971 381.476c-9.373 9.372-24.569 9.372-33.942 0z\"><\/path><\/svg><\/div>\n\t\t\t\t<div class=\"elementor-toc__toggle-button elementor-toc__toggle-button--collapse\" role=\"button\" tabindex=\"0\" aria-controls=\"elementor-toc__1c30362\" aria-expanded=\"true\" aria-label=\"Close table of contents\"><svg aria-hidden=\"true\" class=\"e-font-icon-svg e-fas-chevron-up\" viewBox=\"0 0 448 512\" xmlns=\"http:\/\/www.w3.org\/2000\/svg\"><path d=\"M240.971 130.524l194.343 194.343c9.373 9.373 9.373 24.569 0 33.941l-22.667 22.667c-9.357 9.357-24.522 9.375-33.901.04L224 227.495 69.255 381.516c-9.379 9.335-24.544 9.317-33.901-.04l-22.667-22.667c-9.373-9.373-9.373-24.569 0-33.941L207.03 130.525c9.372-9.373 24.568-9.373 33.941-.001z\"><\/path><\/svg><\/div>\n\t\t\t\t\t<\/div>\n\t\t\t\t<div id=\"elementor-toc__1c30362\" class=\"elementor-toc__body\">\n\t\t\t<div class=\"elementor-toc__spinner-container\">\n\t\t\t\t<svg class=\"elementor-toc__spinner eicon-animation-spin e-font-icon-svg e-eicon-loading\" aria-hidden=\"true\" viewBox=\"0 0 1000 1000\" xmlns=\"http:\/\/www.w3.org\/2000\/svg\"><path d=\"M500 975V858C696 858 858 696 858 500S696 142 500 142 142 304 142 500H25C25 237 238 25 500 25S975 237 975 500 763 975 500 975Z\"><\/path><\/svg>\t\t\t<\/div>\n\t\t<\/div>\n\t\t\t\t\t\t<\/div>\n\t\t\t\t<\/div>\n\t\t\t\t\t<\/div>\n\t\t\t\t<\/div>\n\t\t<div class=\"elementor-element elementor-element-herorght0 e-con-full e-flex e-con e-child\" data-id=\"herorght0\" data-element_type=\"container\" data-e-type=\"container\">\n\t\t\t\t<div class=\"elementor-element elementor-element-heroimg00 iwg-hero-image elementor-widget elementor-widget-image\" data-id=\"heroimg00\" data-element_type=\"widget\" data-e-type=\"widget\" data-widget_type=\"image.default\">\n\t\t\t\t\t\t\t\t\t\t\t\t\t\t\t<img fetchpriority=\"high\" decoding=\"async\" width=\"683\" height=\"1024\" src=\"https:\/\/iwell-guard.com\/wp-content\/uploads\/2026\/04\/goetter_slawisch_marena-683x1024.webp\" class=\"attachment-large size-large wp-image-171052\" alt=\"Marena - gu\u00f0ir \u00far slavneskri hef\u00f0, s\u00f6guleg myndskreyting\" srcset=\"https:\/\/iwell-guard.com\/wp-content\/uploads\/2026\/04\/goetter_slawisch_marena-683x1024.webp 683w, https:\/\/iwell-guard.com\/wp-content\/uploads\/2026\/04\/goetter_slawisch_marena-200x300.webp 200w, https:\/\/iwell-guard.com\/wp-content\/uploads\/2026\/04\/goetter_slawisch_marena-768x1152.webp 768w, https:\/\/iwell-guard.com\/wp-content\/uploads\/2026\/04\/goetter_slawisch_marena.webp 1024w\" sizes=\"(max-width: 683px) 100vw, 683px\" \/>\t\t\t\t\t\t\t\t\t\t\t\t\t\t\t<\/div>\n\t\t\t\t<\/div>\n\t\t\t\t\t<\/div>\n\t\t\t\t<\/div>\n\t\t<div class=\"elementor-element elementor-element-32917199 e-flex e-con-boxed e-con e-parent\" data-id=\"32917199\" data-element_type=\"container\" data-e-type=\"container\">\n\t\t\t\t\t<div class=\"e-con-inner\">\n\t\t<div class=\"elementor-element elementor-element-26e916cb e-flex e-con-boxed e-con e-child\" data-id=\"26e916cb\" data-element_type=\"container\" data-e-type=\"container\">\n\t\t\t\t\t<div class=\"e-con-inner\">\n\t\t<div class=\"elementor-element elementor-element-253a40d4 e-flex e-con-boxed e-con e-child\" data-id=\"253a40d4\" data-element_type=\"container\" data-e-type=\"container\">\n\t\t\t\t\t<div class=\"e-con-inner\">\n\t\t\t\t<div class=\"elementor-element elementor-element-1200c304 elementor-widget elementor-widget-heading\" data-id=\"1200c304\" data-element_type=\"widget\" data-e-type=\"widget\" data-widget_type=\"heading.default\">\n\t\t\t\t\t<h2 class=\"elementor-heading-title elementor-size-default\">Marena<\/h2>\t\t\t\t<\/div>\n\t\t\t\t<div class=\"elementor-element elementor-element-11758e7f elementor-widget elementor-widget-text-editor\" data-id=\"11758e7f\" data-element_type=\"widget\" data-e-type=\"widget\" data-widget_type=\"text-editor.default\">\n\t\t\t\t\t\t\t\t\t<p>Marena er s\u00fdnd sem d\u00f6kk, f\u00f6gur kona, oft me\u00f0 t\u00e1knum vetrar (snj\u00f3, \u00eds, laufbla\u00f0alaus tr\u00e9) og dau\u00f0a (bein, hausk\u00fapur, eldur). \u00d3l\u00edkt illum dj\u00f6flum er Marena kosm\u00edsk gy\u00f0ja sem t\u00e1knar nau\u00f0synleg, en jafnframt hr\u00e6\u00f0ileg \u00f6fl.<\/p><p>H\u00fan r\u00e6\u00f0ur yfir vetrarm\u00e1nu\u00f0unum og er d\u00fdrku\u00f0 sem ors\u00f6k snj\u00f3s, frosts og uppskeruey\u00f0ingar. Andst\u00e6\u00f0a hennar er Vesna (gy\u00f0ja vorsins). Marena er tv\u00edbent: ey\u00f0andi en einnig endurn\u00fdjandi, veturinn dey\u00f0ir svo vori\u00f0 geti vakna\u00f0 a\u00f0 n\u00fdju.<\/p>\t\t\t\t\t\t\t\t<\/div>\n\t\t\t\t\t<\/div>\n\t\t\t\t<\/div>\n\t\t<div class=\"elementor-element elementor-element-159dcf9a e-flex e-con-boxed e-con e-child\" data-id=\"159dcf9a\" data-element_type=\"container\" data-e-type=\"container\">\n\t\t\t\t\t<div class=\"e-con-inner\">\n\t\t\t\t<div class=\"elementor-element elementor-element-48cee66f elementor-widget elementor-widget-heading\" data-id=\"48cee66f\" data-element_type=\"widget\" data-e-type=\"widget\" data-widget_type=\"heading.default\">\n\t\t\t\t\t<h2 class=\"elementor-heading-title elementor-size-default\">Skj\u00f3tt yfirlit: Marena<\/h2>\t\t\t\t<\/div>\n\t\t\t\t<div class=\"elementor-element elementor-element-3f50d82c elementor-widget elementor-widget-text-editor\" data-id=\"3f50d82c\" data-element_type=\"widget\" data-e-type=\"widget\" data-widget_type=\"text-editor.default\">\n\t\t\t\t\t\t\t\t\t<p>Marena er skjalfest \u00ed \u00fej\u00f3\u00f0h\u00e1ttafr\u00e6\u00f0ilegum s\u00f6fnum slavneskrar \u00fej\u00f3\u00f0tr\u00faar (Afanasjew, Rybnikow, S\u00e9chan), en minna \u00ed fornum ritheimildum. Frumheimildir eru <span class=\"iwg-fachbegriff\" data-tooltip=\"Hin var\u00f0veitta \u00fej\u00f3\u00f0menning me\u00f0 si\u00f0um, s\u00f6gum og s\u00f6ngvum.\" tabindex=\"0\">\u00fej\u00f3\u00f0h\u00e1ttafr\u00e6\u00f0i<\/span>-skr\u00e1ningar fr\u00e1 19. og 20. \u00f6ld og \u00fej\u00f3\u00f0h\u00e1ttafr\u00e6\u00f0ilegar ranns\u00f3knir.<\/p><p>\u00datbrei\u00f0slan er heildarslavnesk: R\u00fassland, Hv\u00edta-R\u00fassland, \u00dakra\u00edna, P\u00f3lland, Serb\u00eda. Tr\u00faarbrag\u00f0afr\u00e6\u00f0ingar \u00e1 bor\u00f0 vi\u00f0 Noru Chadwick og Mathieu-Colas skjalfesta Marena-d\u00fdrkun \u00ed \u00e1rst\u00ed\u00f0abundnum ath\u00f6fnum. Pers\u00f3nan er endurger\u00f0 \u00ed n\u00fat\u00edma n\u00fdhei\u00f0ni.<\/p>\t\t\t\t\t\t\t\t<\/div>\n\t\t\t\t\t<\/div>\n\t\t\t\t<\/div>\n\t\t\t\t\t<\/div>\n\t\t\t\t<\/div>\n\t\t\t\t\t<\/div>\n\t\t\t\t<\/div>\n\t\t<div class=\"elementor-element elementor-element-18613602 e-flex e-con-boxed e-con e-parent\" data-id=\"18613602\" data-element_type=\"container\" data-e-type=\"container\">\n\t\t\t\t\t<div class=\"e-con-inner\">\n\t\t\t\t<div class=\"elementor-element elementor-element-262b8a9f elementor-widget elementor-widget-heading\" data-id=\"262b8a9f\" data-element_type=\"widget\" data-e-type=\"widget\" data-widget_type=\"heading.default\">\n\t\t\t\t\t<h2 class=\"elementor-heading-title elementor-size-default\">S\u00f6guleg sta\u00f0setning<\/h2>\t\t\t\t<\/div>\n\t\t<div class=\"elementor-element elementor-element-46dcb7d e-con-full e-flex e-con e-child\" data-id=\"46dcb7d\" data-element_type=\"container\" data-e-type=\"container\">\n\t\t<div class=\"elementor-element elementor-element-61d3ab3 e-flex e-con-boxed e-con e-child\" data-id=\"61d3ab3\" data-element_type=\"container\" data-e-type=\"container\">\n\t\t\t\t\t<div class=\"e-con-inner\">\n\t\t\t\t<div class=\"elementor-element elementor-element-117c166 elementor-widget elementor-widget-heading\" data-id=\"117c166\" data-element_type=\"widget\" data-e-type=\"widget\" data-widget_type=\"heading.default\">\n\t\t\t\t\t<h3 class=\"elementor-heading-title elementor-size-default\">T\u00edmabil textanna<\/h3>\t\t\t\t<\/div>\n\t\t\t\t<div class=\"elementor-element elementor-element-73997a0 elementor-widget elementor-widget-text-editor\" data-id=\"73997a0\" data-element_type=\"widget\" data-e-type=\"widget\" data-widget_type=\"text-editor.default\">\n\t\t\t\t\t\t\t\t\t<p>Marzanna-hef\u00f0in er lifandi allt til dagsins \u00ed dag, s\u00e9rstaklega \u00ed P\u00f3llandi, T\u00e9kklandi, Sl\u00f3vak\u00edu og hlutum annarra slavneskra landa. V\u00ed\u00f0a halda sk\u00f3lab\u00f6rn og f\u00e9lagasamt\u00f6k \u00ed dag \u00feann si\u00f0 a\u00f0 bera \u00fat og brenna e\u00f0a drekkja br\u00fa\u00f0unni um 21. mars til a\u00f0 fagna komu vorsins.<\/p><p>Formi\u00f0 hefur breyst me\u00f0 t\u00edmanum: \u00far alvarlegri \u00e1rst\u00ed\u00f0abundinni ath\u00f6fn er or\u00f0inn \u00fej\u00f3\u00f0legur, a\u00f0 hluta fer\u00f0amannav\u00e6nn si\u00f0ur. Kjarninn, a\u00f0 kve\u00f0ja veturinn me\u00f0 \u00fev\u00ed a\u00f0 fjarl\u00e6gja Marzanna-styttuna, hefur \u00fe\u00f3 var\u00f0veist og er enn s\u00fdnilegur \u00ed sv\u00e6\u00f0isbundinni h\u00e1t\u00ed\u00f0amenningu.<\/p><h3>Go\u00f0afr\u00e6\u00f0ileg sta\u00f0setning<\/h3><p>Marena er gy\u00f0ja vetrarkulda og dau\u00f0a \u00ed slavneskri <span class=\"iwg-fachbegriff\" data-tooltip=\"Heildarsafn go\u00f0sagna og gu\u00f0asagna sem var\u00f0veist hafa \u00ed menningu.\" tabindex=\"0\">go\u00f0afr\u00e6\u00f0i<\/span>. H\u00fan t\u00e1knar d\u00f6kku hli\u00f0 \u00e1rst\u00ed\u00f0arins og m\u00f6rkin milli l\u00edfs og dau\u00f0a. H\u00fan er ekki ill gy\u00f0ja, heldur nau\u00f0synlegt a\u00f0fl\u00e6\u00f0i \u00ed hringr\u00e1sinni.<\/p>\t\t\t\t\t\t\t\t<\/div>\n\t\t\t\t\t<\/div>\n\t\t\t\t<\/div>\n\t\t<div class=\"elementor-element elementor-element-d47b156 e-flex e-con-boxed e-con e-child\" data-id=\"d47b156\" data-element_type=\"container\" data-e-type=\"container\">\n\t\t\t\t\t<div class=\"e-con-inner\">\n\t\t\t\t<div class=\"elementor-element elementor-element-ff38c2b elementor-widget elementor-widget-heading\" data-id=\"ff38c2b\" data-element_type=\"widget\" data-e-type=\"widget\" data-widget_type=\"heading.default\">\n\t\t\t\t\t<h3 class=\"elementor-heading-title elementor-size-default\">\u00datbrei\u00f0slusv\u00e6\u00f0i<\/h3>\t\t\t\t<\/div>\n\t\t\t\t<div class=\"elementor-element elementor-element-4e49fcc elementor-widget elementor-widget-text-editor\" data-id=\"4e49fcc\" data-element_type=\"widget\" data-e-type=\"widget\" data-widget_type=\"text-editor.default\">\n\t\t\t\t\t\t\t\t\t<p>Marena var ekki bundin vi\u00f0 \u00e1kve\u00f0in sv\u00e6\u00f0i, heldur var h\u00fan \u00feekkt og d\u00fdrku\u00f0 v\u00ed\u00f0a \u00ed hinum slavneska heimi. Hvort sem var \u00ed borgarsamf\u00e9l\u00f6gum e\u00f0a dreifb\u00fdli, me\u00f0al yfirst\u00e9ttar e\u00f0a almennra manna, var andleg \u00fe\u00fd\u00f0ing hennar vi\u00f0urkennd og virt alls sta\u00f0ar.<\/p><p>D\u00fdrkun e\u00f0a \u00fatrekstur Marenu var \u00fatbreidd um \u00f6ll slavnesk landsv\u00e6\u00f0i, en nafni\u00f0 er mismunandi eftir sv\u00e6\u00f0um: Marzanna \u00ed P\u00f3llandi, Morana \u00ed T\u00e9kklandi og Sl\u00f3vak\u00edu, Mara e\u00f0a Morena \u00e1 \u00f6\u00f0rum sv\u00e6\u00f0um.<\/p><p>\u00deessi tungum\u00e1lalega fj\u00f6lbreytni bendir til sameiginlegs eldra grunns. Me\u00f0 n\u00e1grenni, f\u00f3lksflutningum og samskiptum milli slavneskra samf\u00e9laga breiddist vorath\u00f6fnin \u00fat um st\u00f3r sv\u00e6\u00f0i, en h\u00e9lt \u00fe\u00f3 svipu\u00f0u formi, a\u00f0 bera og ey\u00f0a br\u00fa\u00f0unni, milli sv\u00e6\u00f0anna.<\/p>\t\t\t\t\t\t\t\t<\/div>\n\t\t\t\t\t<\/div>\n\t\t\t\t<\/div>\n\t\t\t\t<\/div>\n\t\t<div class=\"elementor-element elementor-element-db03c39 e-con-full e-flex e-con e-child\" data-id=\"db03c39\" data-element_type=\"container\" data-e-type=\"container\">\n\t\t<div class=\"elementor-element elementor-element-229a87b e-flex e-con-boxed e-con e-child\" data-id=\"229a87b\" data-element_type=\"container\" data-e-type=\"container\">\n\t\t\t\t\t<div class=\"e-con-inner\">\n\t\t\t\t<div class=\"elementor-element elementor-element-1f471fc elementor-widget elementor-widget-heading\" data-id=\"1f471fc\" data-element_type=\"widget\" data-e-type=\"widget\" data-widget_type=\"heading.default\">\n\t\t\t\t\t<h3 class=\"elementor-heading-title elementor-size-default\">Heimildasta\u00f0a<\/h3>\t\t\t\t<\/div>\n\t\t\t\t<div class=\"elementor-element elementor-element-36b1201 elementor-widget elementor-widget-text-editor\" data-id=\"36b1201\" data-element_type=\"widget\" data-e-type=\"widget\" data-widget_type=\"text-editor.default\">\n\t\t\t\t\t\t\t\t\t<p>Marena er skjalfest \u00ed frumheimildum <span class=\"iwg-fachbegriff\" data-tooltip=\"Hin var\u00f0veitta \u00fej\u00f3\u00f0menning me\u00f0 si\u00f0um, s\u00f6gum og s\u00f6ngvum.\" tabindex=\"0\">\u00fej\u00f3\u00f0h\u00e1ttafr\u00e6\u00f0i<\/span>, s\u00e9rstaklega \u00ed slavneskum \u00e6vint\u00fdrum og \u00fej\u00f3\u00f0l\u00f6gum (Sbornik russkich narodnych pesen, safn r\u00fassneskra \u00fej\u00f3\u00f0laga). Beinar b\u00f3kmenntalegar frumheimildir eru af skornum skammti og komnar seint fram.<\/p><p>Aukaheimildir: Nora Chadwick (The Slavic Peoples), Mathieu-Colas (Dictionnaire de <span class=\"iwg-fachbegriff\" data-tooltip=\"Heildarsafn go\u00f0sagna og gu\u00f0asagna sem var\u00f0veist hafa \u00ed menningu.\" tabindex=\"0\">go\u00f0afr\u00e6\u00f0i<\/span> Slave), Linda J. Ivanits (Russian Folk Belief), Vladimir Toporov og Vyacheslav Iwanow (Toporov-Iwanow-sk\u00f3linn \u00ed ind\u00f3evr\u00f3pskri <span class=\"iwg-fachbegriff\" data-tooltip=\"Heildarsafn go\u00f0sagna og gu\u00f0asagna sem var\u00f0veist hafa \u00ed menningu.\" tabindex=\"0\">go\u00f0afr\u00e6\u00f0i<\/span>-endurger\u00f0). Hugtaki\u00f0 um Marenu er endurgert \u00far \u00fej\u00f3\u00f0h\u00e1ttum og gr\u00f3\u00f0ursi\u00f0um, ekki \u00far helgum textum eins og hj\u00e1 k\u00ednverskum gu\u00f0um.<\/p>\t\t\t\t\t\t\t\t<\/div>\n\t\t\t\t\t<\/div>\n\t\t\t\t<\/div>\n\t\t\t\t<\/div>\n\t\t\t\t\t<\/div>\n\t\t\t\t<\/div>\n\t\t<div class=\"elementor-element elementor-element-3ae0637c e-flex e-con-boxed e-con e-parent\" data-id=\"3ae0637c\" data-element_type=\"container\" data-e-type=\"container\">\n\t\t\t\t\t<div class=\"e-con-inner\">\n\t\t\t\t<div class=\"elementor-element elementor-element-31d07739 elementor-widget elementor-widget-heading\" data-id=\"31d07739\" data-element_type=\"widget\" data-e-type=\"widget\" data-widget_type=\"heading.default\">\n\t\t\t\t\t<h2 class=\"elementor-heading-title elementor-size-default\">Nafn og heiti<\/h2>\t\t\t\t<\/div>\n\t\t<div class=\"elementor-element elementor-element-b7642947 e-con-full e-flex e-con e-child\" data-id=\"b7642947\" data-element_type=\"container\" data-e-type=\"container\">\n\t\t\t\t<div class=\"elementor-element elementor-element-a086266 elementor-widget elementor-widget-text-editor\" data-id=\"a086266\" data-element_type=\"widget\" data-e-type=\"widget\" data-widget_type=\"text-editor.default\">\n\t\t\t\t\t\t\t\t\t<p>Marena er s\u00fdnd me\u00f0 \u00e1kve\u00f0num t\u00e1knmynda\u00fe\u00e1ttum sem eru bornir merkingu og bera dj\u00fapa \u00fe\u00fd\u00f0ingu. \u00deessir \u00fe\u00e6ttir mi\u00f0la a\u00f0 miklu leyti hlutverkum, valdauppsprettum, \u00e1byrg\u00f0arsvi\u00f0i og kosm\u00edsku hlutverki \u00feessarar veru. T\u00e1knkerfi\u00f0 gerir innv\u00edg\u00f0um og menningarlega fr\u00f3\u00f0um kleift a\u00f0 skilja dj\u00fapu merkinguna.<\/p><p>Marena, einnig k\u00f6llu\u00f0 Morana e\u00f0a Marzanna, ver\u00f0ur fyrst og fremst \u00e1\u00fereifanleg \u00ed gegnum ath\u00f6fnina me\u00f0 br\u00fa\u00f0u hennar. H\u00fan er ofin \u00far str\u00e1i, kl\u00e6dd \u00ed tuskur og b\u00f6nd og pr\u00fddd hv\u00edtum kl\u00fatum e\u00f0a lj\u00f3sum kl\u00e6\u00f0um sem t\u00e1kna dau\u00f0a og vetur. \u00c1 sumum sv\u00e6\u00f0um ber styttan sveig e\u00f0a h\u00e1lsfestar \u00far eggjaskurn.<\/p><p>\u00d3l\u00edkt fastri gu\u00f0amynd er h\u00e9r n\u00fd br\u00fa\u00f0a sem ger\u00f0 er \u00e1rlega \u00ed brennidepli, \u00fatlit hennar er sta\u00f0bundi\u00f0 breytilegt en fylgir s\u00f6mu grunndr\u00e1ttum \u00e1r eftir \u00e1r. Tengingin milli str\u00e1s, lj\u00f3ss kl\u00e6\u00f0is og vetrart\u00e1kna v\u00edsar til hlutverks hennar sem \u00edmynd hinnar dau\u00f0u, k\u00f6ldu \u00e1rst\u00ed\u00f0ar.<\/p>\t\t\t\t\t\t\t\t<\/div>\n\t\t\t\t<\/div>\n\t\t\t\t\t<\/div>\n\t\t\t\t<\/div>\n\t\t<div class=\"elementor-element elementor-element-709a44a8 e-flex e-con-boxed e-con e-parent\" data-id=\"709a44a8\" data-element_type=\"container\" data-e-type=\"container\">\n\t\t\t\t\t<div class=\"e-con-inner\">\n\t\t\t\t<div class=\"elementor-element elementor-element-2f585873 elementor-widget elementor-widget-heading\" data-id=\"2f585873\" data-element_type=\"widget\" data-e-type=\"widget\" data-widget_type=\"heading.default\">\n\t\t\t\t\t<h2 class=\"elementor-heading-title elementor-size-default\">Einkenni<\/h2>\t\t\t\t<\/div>\n\t\t<div class=\"elementor-element elementor-element-70621c12 e-con-full e-flex e-con e-child\" data-id=\"70621c12\" data-element_type=\"container\" data-e-type=\"container\">\n\t\t\t\t<div class=\"elementor-element elementor-element-4296eb49 elementor-widget elementor-widget-text-editor\" data-id=\"4296eb49\" data-element_type=\"widget\" data-e-type=\"widget\" data-widget_type=\"text-editor.default\">\n\t\t\t\t\t\t\t\t\t<p>Marena var mi\u00f0l\u00e6g \u00ed tr\u00faari\u00f0kun og daglegri heimsmynd Slava. F\u00f3lk leita\u00f0i til \u00feessarar entitets \u00e1 erfi\u00f0um stundum e\u00f0a \u00e1 tilteknum \u00e1rst\u00ed\u00f0abundnum h\u00e1t\u00ed\u00f0um, me\u00f0 formlegum si\u00f0um, b\u00e6num e\u00f0a f\u00f3rnargj\u00f6fum. I\u00f0kunin var n\u00e1kv\u00e6mlega var\u00f0veitt \u00ed hef\u00f0um og oft leidd af prestum e\u00f0a s\u00e9rfr\u00e6\u00f0ingum.<\/p><p>Si\u00f0irnir sem tengdust Marenu h\u00f6f\u00f0u lj\u00f3sa \u00e1rst\u00ed\u00f0abundna virkni. Undir lok vetrar, jafnan um vorjafnd\u00e6gur, var Marzanna-br\u00fa\u00f0an borin \u00ed skr\u00fa\u00f0g\u00f6ngu um \u00feorpi\u00f0, s\u00ed\u00f0an brennd e\u00f0a henni kasta\u00f0 \u00ed rennandi vatn, oft b\u00e6\u00f0i \u00ed r\u00f6\u00f0.<\/p><p>\u00deannig \u00e1tti a\u00f0 reka veturinn burt me\u00f0 t\u00e1knr\u00e6num h\u00e6tti og grei\u00f0a fyrir komu vors og gr\u00f3anda. Si\u00f0urinn barst mann fram af manni um langan t\u00edma \u00e1 slavneskum sv\u00e6\u00f0um, \u00fev\u00ed hann marka\u00f0i skilin yfir \u00ed vaxtart\u00edmann og var haldinn \u00ed sameiningu.<\/p><h3>\u00c1s\u00fdnd og t\u00e1knm\u00e1l<\/h3><p>Marena kemur fram sem gr\u00f6nn, \u00f6ldru\u00f0 kona, kl\u00e6dd \u00ed hv\u00edtt e\u00f0a \u00ed l\u00edkkl\u00e6\u00f0um. H\u00fan er tengd frosti og snj\u00f3. \u00cd sumum myndger\u00f0um ber h\u00fan lj\u00e1. Hv\u00edtt og gr\u00e1tt eru hennar litir.<\/p>\t\t\t\t\t\t\t\t<\/div>\n\t\t\t\t<\/div>\n\t\t\t\t\t<\/div>\n\t\t\t\t<\/div>\n\t\t<div class=\"elementor-element elementor-element-44e71476 e-flex e-con-boxed e-con e-parent\" data-id=\"44e71476\" data-element_type=\"container\" data-e-type=\"container\">\n\t\t\t\t\t<div class=\"e-con-inner\">\n\t\t\t\t<div class=\"elementor-element elementor-element-3c1fc3f0 elementor-widget elementor-widget-heading\" data-id=\"3c1fc3f0\" data-element_type=\"widget\" data-e-type=\"widget\" data-widget_type=\"heading.default\">\n\t\t\t\t\t<h2 class=\"elementor-heading-title elementor-size-default\">Grunnuppl\u00fdsingar: Marena<\/h2>\t\t\t\t<\/div>\n\t\t<div class=\"elementor-element elementor-element-84f33b8e e-con-full e-flex e-con e-child\" data-id=\"84f33b8e\" data-element_type=\"container\" data-e-type=\"container\">\n\t\t\t\t<div class=\"elementor-element elementor-element-hqkdc67p elementor-widget elementor-widget-text-editor\" data-id=\"hqkdc67p\" data-element_type=\"widget\" data-e-type=\"widget\" data-widget_type=\"text-editor.default\">\n\t\t\t\t\t\t\t\t\t<p>Grunnuppl\u00fdsingarnar fjalla um Marenu \u00fat fr\u00e1 sex sj\u00f3narhornum: heimsfr\u00e6\u00f0ilegan uppruna hennar sem vetrar- og dau\u00f0agy\u00f0ju, h\u00f3pana sem tilb\u00e1\u00f0u hana me\u00f0 s\u00e9rst\u00f6kum si\u00f0um (b\u00e6ndur, \u00e1rst\u00ed\u00f0abundi\u00f0), t\u00e1knmynd hennar og drungalega \u00e1s\u00fdnd, hlutverk hennar \u00ed d\u00e1narsi\u00f0um og sta\u00f0festingu hringr\u00e1sarins, og hli\u00f0st\u00e6\u00f0ur \u00ed tengdum menningarheimum. \u00deessar v\u00edddir s\u00fdna mi\u00f0l\u00e6gt hlutverk hennar \u00ed slavneska \u00e1rtalshj\u00f3linu.<\/p>\t\t\t\t\t\t\t\t<\/div>\n\t\t\t\t<\/div>\n\t\t<div class=\"elementor-element elementor-element-pemmx7c5 e-con-full e-flex e-con e-child\" data-id=\"pemmx7c5\" data-element_type=\"container\" data-e-type=\"container\">\n\t\t<div class=\"elementor-element elementor-element-pemmx7c1 e-con-full e-flex e-con e-child\" data-id=\"pemmx7c1\" data-element_type=\"container\" data-e-type=\"container\">\n\t\t<div class=\"elementor-element elementor-element-qh9oavvu iwg-steckbrief-card e-flex e-con-boxed e-con e-child\" data-id=\"qh9oavvu\" data-element_type=\"container\" data-e-type=\"container\">\n\t\t\t\t\t<div class=\"e-con-inner\">\n\t\t\t\t<div class=\"elementor-element elementor-element-awzx8k2k elementor-widget elementor-widget-heading\" data-id=\"awzx8k2k\" data-element_type=\"widget\" data-e-type=\"widget\" data-widget_type=\"heading.default\">\n\t\t\t\t\t<div class=\"elementor-heading-title elementor-size-default\">Uppruni Marenu<\/div>\t\t\t\t<\/div>\n\t\t\t\t<div class=\"elementor-element elementor-element-x6rowhv0 elementor-widget elementor-widget-text-editor\" data-id=\"x6rowhv0\" data-element_type=\"widget\" data-e-type=\"widget\" data-widget_type=\"text-editor.default\">\n\t\t\t\t\t\t\t\t\t<p>Marena er landfr\u00e6\u00f0ilega og heimsfr\u00e6\u00f0ilega tengd vetrinum og nor\u00f0rinu. Menningarlegur uppruni hennar er frum-slavneskur, l\u00edklega fr\u00e1 fors\u00f6gulegum t\u00edma, enda koma vetrargy\u00f0jur fyrir \u00ed m\u00f6rgum ind\u00f3evr\u00f3pskum menningarheimum. Skriflegar heimildir eru s\u00ed\u00f0b\u00fanar og oft brengla\u00f0ar af kristnum \u00e1hrifum.<\/p><p>\u00cd tr\u00faarbrag\u00f0as\u00f6gulegu lj\u00f3si er Marena talin s\u00e9rh\u00e6fing \u00e1 almennri dau\u00f0a- og endurf\u00e6\u00f0ingargy\u00f0ju, \u00fear sem hlutverk hennar m\u00f3ta\u00f0ist sm\u00e1m saman \u00ed samr\u00e6mi vi\u00f0 \u00e1rst\u00ed\u00f0abundnar landb\u00fana\u00f0arhringr\u00e1sir. Nafn hennar g\u00e6ti komi\u00f0 fr\u00e1 slavnesk-ind\u00f3evr\u00f3pska or\u00f0inu *mer (a\u00f0 deyja).<\/p>\t\t\t\t\t\t\t\t<\/div>\n\t\t\t\t\t<\/div>\n\t\t\t\t<\/div>\n\t\t<div class=\"elementor-element elementor-element-8e3o4kxs iwg-steckbrief-card e-flex e-con-boxed e-con e-child\" data-id=\"8e3o4kxs\" data-element_type=\"container\" data-e-type=\"container\">\n\t\t\t\t\t<div class=\"e-con-inner\">\n\t\t\t\t<div class=\"elementor-element elementor-element-08rkdgov elementor-widget elementor-widget-heading\" data-id=\"08rkdgov\" data-element_type=\"widget\" data-e-type=\"widget\" data-widget_type=\"heading.default\">\n\t\t\t\t\t<div class=\"elementor-heading-title elementor-size-default\">Tengt vi\u00f0<\/div>\t\t\t\t<\/div>\n\t\t\t\t<div class=\"elementor-element elementor-element-uwjelx8s elementor-widget elementor-widget-text-editor\" data-id=\"uwjelx8s\" data-element_type=\"widget\" data-e-type=\"widget\" data-widget_type=\"text-editor.default\">\n\t\t\t\t\t\t\t\t\t<p>Marena var fyrst og fremst tilb\u00e1\u00f0 af b\u00e6ndum og hjar\u00f0m\u00f6nnum \u00ed vetrarsi\u00f0um, s\u00e9rstaklega \u00e1 umskiptat\u00edmum (fyrsta snj\u00f3koma, vetrars\u00f3lst\u00f6\u00f0ur, endir vetrar). H\u00e1t\u00ed\u00f0ir og si\u00f0ir eins og Maslenica (smj\u00f6rh\u00e1t\u00ed\u00f0, vetrarkve\u00f0ja-<span class=\"iwg-fachbegriff\" data-tooltip=\"Skipul\u00f6g\u00f0 r\u00f6\u00f0 t\u00e1knr\u00e6nna athafna me\u00f0 tr\u00faarlegri e\u00f0a menningarlegri merkingu.\" tabindex=\"0\">si\u00f0ur<\/span>) voru tilefni til Marena-tilbei\u00f0slu.<\/p><p>Konur h\u00f6f\u00f0u s\u00e9rstakt hlutverk \u00ed Marena-si\u00f0um: a\u00f0 kveikja gle\u00f0ield e\u00f0a b\u00faa til Marena-f\u00edg\u00farur (br\u00fa\u00f0ur) sem s\u00ed\u00f0an var brennt e\u00f0a \u00feeim kasta\u00f0 \u00ed \u00e1r (til a\u00f0 reka Marenu \u00e1 brott). Tilbei\u00f0slan var \u00e1rst\u00ed\u00f0abundin og hringlaga, ekki als\u00e6ra \u00e1rlega eins og hj\u00e1 Domovoi.<\/p>\t\t\t\t\t\t\t\t<\/div>\n\t\t\t\t\t<\/div>\n\t\t\t\t<\/div>\n\t\t<div class=\"elementor-element elementor-element-jm2n74ec iwg-steckbrief-card e-flex e-con-boxed e-con e-child\" data-id=\"jm2n74ec\" data-element_type=\"container\" data-e-type=\"container\">\n\t\t\t\t\t<div class=\"e-con-inner\">\n\t\t\t\t<div class=\"elementor-element elementor-element-8vufse4c elementor-widget elementor-widget-heading\" data-id=\"8vufse4c\" data-element_type=\"widget\" data-e-type=\"widget\" data-widget_type=\"heading.default\">\n\t\t\t\t\t<div class=\"elementor-heading-title elementor-size-default\">\u00c1s\u00fdnd<\/div>\t\t\t\t<\/div>\n\t\t\t\t<div class=\"elementor-element elementor-element-mwb9u015 elementor-widget elementor-widget-text-editor\" data-id=\"mwb9u015\" data-element_type=\"widget\" data-e-type=\"widget\" data-widget_type=\"text-editor.default\">\n\t\t\t\t\t\t\t\t\t<p>Marena er s\u00fdnd sem f\u00f6gur en drungaleg kona, oft kl\u00e6dd d\u00f6kkum kl\u00e6\u00f0um me\u00f0 hv\u00edtu e\u00f0a gr\u00e1sprengdu h\u00e1ri. Einkennist\u00e1kn eru snj\u00f3r, \u00eds, bein, sig\u00f0 (uppskerukona l\u00edkt og skapad\u00edsirnar) e\u00f0a elds-<span class=\"iwg-fachbegriff\" data-tooltip=\"T\u00e1kn sem stendur fyrir hugmynd e\u00f0a merkingu.\" tabindex=\"0\">t\u00e1kn<\/span>. H\u00fan er s\u00fdnd me\u00f0 v\u00e6ngi \u00ed sumum tilvikum til a\u00f0 gefa til kynna hra\u00f0a hennar og \u00f3hj\u00e1kv\u00e6mileika.<\/p><p>\u00cd \u00fej\u00f3\u00f0list er h\u00fan s\u00fdnd b\u00e6\u00f0i \u00f3gnvekjandi og heillandi \u00ed senn. Litirnir eru hv\u00edtur (snj\u00f3r), svartur (myrkur) og rau\u00f0ur (l\u00edf og eldur). T\u00e1knmyndin er hrollvekjandi en ekki \u00fdkt illkvittin, heldur n\u00e6r \u00fev\u00ed a\u00f0 vera dapurlega-<span class=\"iwg-fachbegriff\" data-tooltip=\"\u00dea\u00f0 sem tilheyrir hinu gu\u00f0lega og er \u00fear me\u00f0 undanskili\u00f0 hversdagslegri notkun.\" tabindex=\"0\">heilagt<\/span>.<\/p>\t\t\t\t\t\t\t\t<\/div>\n\t\t\t\t\t<\/div>\n\t\t\t\t<\/div>\n\t\t\t\t<\/div>\n\t\t<div class=\"elementor-element elementor-element-pemmx7c2 e-con-full e-flex e-con e-child\" data-id=\"pemmx7c2\" data-element_type=\"container\" data-e-type=\"container\">\n\t\t<div class=\"elementor-element elementor-element-37ss2yr6 iwg-steckbrief-card e-flex e-con-boxed e-con e-child\" data-id=\"37ss2yr6\" data-element_type=\"container\" data-e-type=\"container\">\n\t\t\t\t\t<div class=\"e-con-inner\">\n\t\t\t\t<div class=\"elementor-element elementor-element-3v0wp3wx elementor-widget elementor-widget-heading\" data-id=\"3v0wp3wx\" data-element_type=\"widget\" data-e-type=\"widget\" data-widget_type=\"heading.default\">\n\t\t\t\t\t<div class=\"elementor-heading-title elementor-size-default\">I\u00f0ja<\/div>\t\t\t\t<\/div>\n\t\t\t\t<div class=\"elementor-element elementor-element-w3247g2m elementor-widget elementor-widget-text-editor\" data-id=\"w3247g2m\" data-element_type=\"widget\" data-e-type=\"widget\" data-widget_type=\"text-editor.default\">\n\t\t\t\t\t\t\t\t\t<p><strong>Verksvi\u00f0:<\/strong> Marena (einnig Morena, Mara) er t\u00e1knmynd vetrarins, dau\u00f0ans og skilanna milli l\u00edfs og framl\u00edfs. H\u00fan er gy\u00f0ja rotnunar og endurf\u00e6\u00f0ingar, \u00e1r hvert er br\u00fa\u00f0a hennar brennd (brennuath\u00f6fnin) til a\u00f0 reka veturinn burt og kalla fram vori\u00f0.<\/p><p>H\u00fan r\u00ed\u00f0ur hv\u00edtum hestum yfir snj\u00f3 og \u00eds. H\u00fan er ekki illkvittin, heldur nau\u00f0synleg, kraftur sem eldir allt og l\u00e6tur \u00fea\u00f0 r\u00edsa \u00e1 n\u00fd.<\/p>\t\t\t\t\t\t\t\t<\/div>\n\t\t\t\t\t<\/div>\n\t\t\t\t<\/div>\n\t\t<div class=\"elementor-element elementor-element-0qpjal9w iwg-steckbrief-card e-flex e-con-boxed e-con e-child\" data-id=\"0qpjal9w\" data-element_type=\"container\" data-e-type=\"container\">\n\t\t\t\t\t<div class=\"e-con-inner\">\n\t\t\t\t<div class=\"elementor-element elementor-element-6ndoih0o elementor-widget elementor-widget-heading\" data-id=\"6ndoih0o\" data-element_type=\"widget\" data-e-type=\"widget\" data-widget_type=\"heading.default\">\n\t\t\t\t\t<div class=\"elementor-heading-title elementor-size-default\">V\u00f6rn gegn Marenu<\/div>\t\t\t\t<\/div>\n\t\t\t\t<div class=\"elementor-element elementor-element-6684tyh9 elementor-widget elementor-widget-text-editor\" data-id=\"6684tyh9\" data-element_type=\"widget\" data-e-type=\"widget\" data-widget_type=\"text-editor.default\">\n\t\t\t\t\t\t\t\t\t<p>Marena er heimsgy\u00f0ja, ekki g\u00f3\u00f0 e\u00f0a sl\u00e6m, heldur nau\u00f0synleg. Tilbei\u00f0slu er sinnt me\u00f0 \u00e1rst\u00ed\u00f0abundnum si\u00f0um sem vi\u00f0urkenna m\u00e1tt hennar og bi\u00f0ja um mildan vetur e\u00f0a skj\u00f3tt vor.<\/p><p>Marena-br\u00fa\u00f0u-<span class=\"iwg-fachbegriff\" data-tooltip=\"Skipul\u00f6g\u00f0 r\u00f6\u00f0 t\u00e1knr\u00e6nna athafna me\u00f0 tr\u00faarlegri e\u00f0a menningarlegri merkingu.\" tabindex=\"0\">si\u00f0urinn<\/span> (Shrovetide-h\u00e1t\u00ed\u00f0in) var blanda af tilbei\u00f0slu og t\u00e1knr\u00e6nni brottreksemi: Br\u00fa\u00f0unni (Marenu) var brennt e\u00f0a henni kasta\u00f0 \u00ed vatn til a\u00f0 lj\u00faka vetrinum og kalla fram vori\u00f0. Varnarsi\u00f0ir samanst\u00f3\u00f0u af elds-t\u00e1knum og b\u00e6num. Tilbei\u00f0slan var heimsleg og hringlaga og vi\u00f0urkenndi Marenu sem nau\u00f0synlegan kraft \u00ed \u00e1rshringnum, ekki sem fjandsamlega entitet sem \u00feyrfti a\u00f0 berjast vi\u00f0.<\/p>\t\t\t\t\t\t\t\t<\/div>\n\t\t\t\t\t<\/div>\n\t\t\t\t<\/div>\n\t\t<div class=\"elementor-element elementor-element-3lfi7x32 iwg-steckbrief-card e-flex e-con-boxed e-con e-child\" data-id=\"3lfi7x32\" data-element_type=\"container\" data-e-type=\"container\">\n\t\t\t\t\t<div class=\"e-con-inner\">\n\t\t\t\t<div class=\"elementor-element elementor-element-0kg99ga1 elementor-widget elementor-widget-heading\" data-id=\"0kg99ga1\" data-element_type=\"widget\" data-e-type=\"widget\" data-widget_type=\"heading.default\">\n\t\t\t\t\t<div class=\"elementor-heading-title elementor-size-default\">Tengdar verur<\/div>\t\t\t\t<\/div>\n\t\t\t\t<div class=\"elementor-element elementor-element-n0fum6kp elementor-widget elementor-widget-text-editor\" data-id=\"n0fum6kp\" data-element_type=\"widget\" data-e-type=\"widget\" data-widget_type=\"text-editor.default\">\n\t\t\t\t\t\t\t\t\t<p>Samb\u00e6rilegir eru a\u00f0rir gu\u00f0ir vetrar og dau\u00f0a: Hades e\u00f0a Persef\u00f3na \u00ed gr\u00edsk-r\u00f3mverskri hef\u00f0 (dau\u00f0agu\u00f0ir), norr\u00e6na Hel (gy\u00f0ja undirheima), Hekate \u00ed gr\u00edskri <span class=\"iwg-fachbegriff\" data-tooltip=\"Heild go\u00f0sagna sem hafa var\u00f0veist innan menningar.\" tabindex=\"0\">go\u00f0afr\u00e6\u00f0i<\/span> (gy\u00f0ja \u00fer\u00f6skulda og dau\u00f0ans), og Kali \u00ed hind\u00faisma (gy\u00f0ja ey\u00f0ingar og endurf\u00e6\u00f0ingar). \u00d6llum er sameiginlegt tv\u00edbenta e\u00f0li \u00e1 milli ey\u00f0ingar og endurn\u00fdjunar auk hringr\u00e1sar\u00fe\u00e1ttarins.<\/p>\t\t\t\t\t\t\t\t<\/div>\n\t\t\t\t\t<\/div>\n\t\t\t\t<\/div>\n\t\t\t\t<\/div>\n\t\t\t\t<\/div>\n\t\t\t\t\t<\/div>\n\t\t\t\t<\/div>\n\t\t<div class=\"elementor-element elementor-element-5a584676 e-flex e-con-boxed e-con e-parent\" data-id=\"5a584676\" data-element_type=\"container\" data-e-type=\"container\">\n\t\t\t\t\t<div class=\"e-con-inner\">\n\t\t\t\t<div class=\"elementor-element elementor-element-6d0757bf elementor-widget elementor-widget-heading\" data-id=\"6d0757bf\" data-element_type=\"widget\" data-e-type=\"widget\" data-widget_type=\"heading.default\">\n\t\t\t\t\t<h2 class=\"elementor-heading-title elementor-size-default\">Marena, hli\u00f0st\u00e6\u00f0ur \u00ed \u00f6\u00f0rum menningarheimum<\/h2>\t\t\t\t<\/div>\n\t\t<div class=\"elementor-element elementor-element-60563f68 e-con-full e-flex e-con e-child\" data-id=\"60563f68\" data-element_type=\"container\" data-e-type=\"container\">\n\t\t\t\t<div class=\"elementor-element elementor-element-5a93fdd6 elementor-widget elementor-widget-text-editor\" data-id=\"5a93fdd6\" data-element_type=\"widget\" data-e-type=\"widget\" data-widget_type=\"text-editor.default\">\n\t\t\t\t\t\t\t\t\t<p>Marena tilheyrir r\u00f6\u00f0 \u00e1rst\u00ed\u00f0abundinna gy\u00f0ja dau\u00f0a og endurn\u00fdjunar og er samsetningarlega hli\u00f0st\u00e6\u00f0 hinni hellensku Persef\u00f3nu og hinni egypsku syrgjandi \u00cdsis. Vetrar-vor hringr\u00e1s hennar birtist \u00ed slavnesku <span class=\"iwg-fachbegriff\" data-tooltip=\"Heildarsafn erf\u00f0ra si\u00f0a samf\u00e9lags.\" tabindex=\"0\">si\u00f0venjunni<\/span> me\u00f0 \u00e1\u00fereifanlegum h\u00e6tti \u00ed gegnum <span class=\"iwg-fachbegriff\" data-tooltip=\"Sem tilheyrir f\u00f6stu, tr\u00faarlegu athafnamynstri.\" tabindex=\"0\">helgisi\u00f0abundna<\/span> ath\u00f6fn \u00fear sem h\u00e1lmbr\u00fa\u00f0a er brennd e\u00f0a drekkt, ath\u00f6fn sem \u00e1 s\u00e9r ekki beina hli\u00f0st\u00e6\u00f0u \u00ed \u00feessu formi \u00e1 Mi\u00f0jar\u00f0arhafssv\u00e6\u00f0inu.<\/p>\n<p><strong>Hef\u00f0 Gy\u00f0inga:<\/strong> \u00cd gy\u00f0ingd\u00f3mi er engin bein gy\u00f0ja vetrar e\u00f0a dau\u00f0a eins og Marena. Gu\u00f0inn JHVH stj\u00f3rnar \u00e1rst\u00ed\u00f0um og dau\u00f0a, en er ekki mannger\u00f0ur sem kvenkyns gy\u00f0ja. Kabbalah \u00feekkir \u00fe\u00f3 Binah sem \u201em\u00f3\u00f0ur\u201d og kosm\u00edskan andst\u00e6\u00f0ing (Gevurah\/Rigor sem ey\u00f0andi hli\u00f0), sem b\u00fd\u00f0ur upp \u00e1 fjarl\u00e6ga hugmyndalega hli\u00f0st\u00e6\u00f0u.<\/p><p><strong>Gr\u00edsk-r\u00f3mverski heimurinn:<\/strong> Persef\u00f3na sem drottning undirheimanna og <span class=\"iwg-fachbegriff\" data-tooltip=\"T\u00e1kn sem stendur fyrir hugmynd e\u00f0a merkingu.\" tabindex=\"0\">t\u00e1kn<\/span> vetrarins (h\u00e1lft \u00e1r undir j\u00f6r\u00f0inni) l\u00edkist Marenu. Hekate er einnig gy\u00f0ja myrkurs og \u00fer\u00f6skulda. Munurinn er s\u00e1 a\u00f0 Persef\u00f3na og Hekate eru fremur go\u00f0sagnapers\u00f3nur \u00ed st\u00f6\u00f0ugum hlutverkum en kosm\u00edskar hringr\u00e1sargy\u00f0jur eins og Marena. Hekate er t\u00f6frakona og verndari, ekki \u00e1rst\u00ed\u00f0agy\u00f0ja.<\/p><p><strong>Mes\u00f3p\u00f3tam\u00eda:<\/strong> Gy\u00f0jan Ereshkigal r\u00e6\u00f0ur yfir undirheimunum (Kur), sem l\u00edkist yfirr\u00e1\u00f0um Marenu yfir vetrinum. En Ereshkigal er ekki \u00e1rst\u00ed\u00f0abundin, h\u00fan er kyrrst\u00e6\u00f0 \u00ed r\u00edki s\u00ednu \u00ed undirheimunum. Engin \u00e1rst\u00ed\u00f0ahringr\u00e1s eins og hj\u00e1 Marenu.<\/p><p><strong>Indland\/As\u00eda:<\/strong> Kali e\u00f0a Durga \u00ed hind\u00faisma birta ey\u00f0andi-endurskapandi kvenleika l\u00edkt og Marena. \u00cd ta\u00f3isma er til Yin (d\u00f6kkt, kalt) sem regla sem samsvarar vetrinum, en ekki sem pers\u00f3nuger\u00f0 gy\u00f0ja. \u00cd jap\u00f6nskum <span class=\"iwg-fachbegriff\" data-tooltip=\"Tr\u00faarkerfi \u00fear sem s\u00e9rfr\u00e6\u00f0ingar hafa samskipti vi\u00f0 andaheiminn.\" tabindex=\"0\">sjamanisma<\/span> eru undirheimagu\u00f0ir eins og Izanami, sem tengjast dau\u00f0a. \u00deessum hef\u00f0um \u00f6llum er sameiginlegt kvenleiki dau\u00f0ans og hringr\u00e1s endurn\u00fdjunar.<\/p>\t\t\t\t\t\t\t\t<\/div>\n\t\t\t\t<\/div>\n\t\t\t\t\t<\/div>\n\t\t\t\t<\/div>\n\t\t<div class=\"elementor-element elementor-element-cpd5d54a1 e-flex e-con-boxed e-con e-parent\" data-id=\"cpd5d54a1\" data-element_type=\"container\" data-e-type=\"container\">\n\t\t\t\t\t<div class=\"e-con-inner\">\n\t\t\t\t<div class=\"elementor-element elementor-element-cpe274c99 elementor-widget elementor-widget-heading\" data-id=\"cpe274c99\" data-element_type=\"widget\" data-e-type=\"widget\" data-widget_type=\"heading.default\">\n\t\t\t\t\t<h2 class=\"elementor-heading-title elementor-size-default\">Vandam\u00e1l heimilda um slavneska go\u00f0aheiminn<\/h2>\t\t\t\t<\/div>\n\t\t<div class=\"elementor-element elementor-element-cp7d012d9 e-con-full e-flex e-con e-child\" data-id=\"cp7d012d9\" data-element_type=\"container\" data-e-type=\"container\">\n\t\t\t\t<div class=\"elementor-element elementor-element-cp0032283 elementor-widget elementor-widget-text-editor\" data-id=\"cp0032283\" data-element_type=\"widget\" data-e-type=\"widget\" data-widget_type=\"text-editor.default\">\n\t\t\t\t\t\t\t\t\t<p>S\u00e1 sem kynnir s\u00e9r Marenu, einnig k\u00f6llu\u00f0 Morana, Mara e\u00f0a Marzanna, \u00fearf fyrst a\u00f0 hafa \u00ed huga hina erfi\u00f0u heimildast\u00f6\u00f0u var\u00f0andi slavneska tr\u00fa.<\/p><p>Hei\u00f0nir Slavar l\u00e9tu ekki eftir sig eigin tr\u00faarleg rittexta, kristnitakan \u00e1tti s\u00e9r sta\u00f0 \u00e1 m\u00f6rgum \u00f6ldum, og \u00fea\u00f0 sem vi\u00f0 vitum um gu\u00f0i \u00feeirra kemur a\u00f0 mestu fr\u00e1 \u00ferenns konar heimildum: fr\u00e1s\u00f6gnum kristinna ann\u00e1laritara, s\u00ed\u00f0ari kirkjulegum banntextum gegn hei\u00f0num si\u00f0um og \u00fej\u00f3\u00f0fr\u00e6\u00f0ilegri <span class=\"iwg-fachbegriff\" data-tooltip=\"Mi\u00f0lun \u00feekkingar og sagna kynsl\u00f3\u00f0 eftir kynsl\u00f3\u00f0.\" tabindex=\"0\">munnm\u00e6lahef\u00f0<\/span> n\u00fat\u00edmans.<\/p><p>Fyrir Marenu er mi\u00f0aldaheimildin f\u00e1t\u00e6k. \u00d3l\u00edkt austurslavneska gu\u00f0inum Perun kemur h\u00fan varla fyrir \u00ed fyrstu ann\u00e1lum sem tignu\u00f0 <span class=\"iwg-fachbegriff\" data-tooltip=\"Vera sem er tignu\u00f0 sem gu\u00f0leg innan tr\u00faarbrag\u00f0a.\" tabindex=\"0\">gu\u00f0leg vera<\/span>.<\/p><p>\u00dea\u00f0 sem vita\u00f0 er um hana byggist fyrst og fremst \u00e1 s\u00ed\u00f0ari heimildum fr\u00e1 vestur-slavnesku sv\u00e6\u00f0unum, a\u00f0allega P\u00f3llandi, T\u00e9kklandi og Sl\u00f3vak\u00edu, auk si\u00f0a vorkomunnar sem lif\u00f0u \u00e1fram fram \u00e1 n\u00fat\u00edma.<\/p><p>Mikilv\u00e6g og oft tilvitnu\u00f0 heimild er p\u00f3lski ann\u00e1laritarinn Jan Dlugosz fr\u00e1 fimmt\u00e1ndu \u00f6ld, sem \u00ed s\u00f6gu P\u00f3llands reyndi a\u00f0 samsama fornu slavnesku gu\u00f0ina r\u00f3mverskum gu\u00f0um. Sl\u00edkar fr\u00e6\u00f0ilegar sm\u00ed\u00f0ar bera a\u00f0 taka me\u00f0 fyrirvara, \u00fev\u00ed \u00fe\u00e6r t\u00falka slavneska efni\u00f0 gegnum <span class=\"iwg-fachbegriff\" data-tooltip=\"T\u00edmabil gr\u00edskrar og r\u00f3mverskrar menningar, um 800 f.Kr. til 600 e.Kr.\" tabindex=\"0\">forn<\/span> gleraugu.<\/p><p>Tr\u00faarfr\u00e6\u00f0ileg ni\u00f0ursta\u00f0a er lj\u00f3s. Ekki er unnt a\u00f0 draga upp \u00f6ruggt, samr\u00e6mt mynd af gy\u00f0junni Marenu fr\u00e1 hei\u00f0num t\u00edma. \u00dea\u00f0 sem raunverulega er \u00e1\u00fereifanlegt er fyrst og fremst hin helgisi\u00f0abundna pers\u00f3na vorsi\u00f0arins, h\u00e1lmbr\u00fa\u00f0a a\u00f0 nafni Marzanna e\u00f0a Morena, sem borin er \u00fat og eytt.<\/p><p>Hvort og \u00ed hva\u00f0a formi raunverulega tignu\u00f0 <span class=\"iwg-fachbegriff\" data-tooltip=\"Vera sem er tignu\u00f0 sem gu\u00f0leg innan tr\u00faarbrag\u00f0a.\" tabindex=\"0\">gu\u00f0leg vera<\/span> hei\u00f0inna Slava standi a\u00f0 baki er umdeilt \u00ed fr\u00e6\u00f0unum. \u00deessi \u00f3vissa er hluti af hei\u00f0arlegri framsetningu pers\u00f3nunnar.<\/p>\t\t\t\t\t\t\t\t<\/div>\n\t\t\t\t<\/div>\n\t\t\t\t\t<\/div>\n\t\t\t\t<\/div>\n\t\t<div class=\"elementor-element elementor-element-cpd610a66 e-flex e-con-boxed e-con e-parent\" data-id=\"cpd610a66\" data-element_type=\"container\" data-e-type=\"container\">\n\t\t\t\t\t<div class=\"e-con-inner\">\n\t\t\t\t<div class=\"elementor-element elementor-element-cp75c7cd5 elementor-widget elementor-widget-heading\" data-id=\"cp75c7cd5\" data-element_type=\"widget\" data-e-type=\"widget\" data-widget_type=\"heading.default\">\n\t\t\t\t\t<h2 class=\"elementor-heading-title elementor-size-default\">A\u00f0 bera \u00fat Marz\u00f6nnu sem vorsi\u00f0ur<\/h2>\t\t\t\t<\/div>\n\t\t<div class=\"elementor-element elementor-element-cp5897b73 e-con-full e-flex e-con e-child\" data-id=\"cp5897b73\" data-element_type=\"container\" data-e-type=\"container\">\n\t\t\t\t<div class=\"elementor-element elementor-element-cpb48ef19 elementor-widget elementor-widget-text-editor\" data-id=\"cpb48ef19\" data-element_type=\"widget\" data-e-type=\"widget\" data-widget_type=\"text-editor.default\">\n\t\t\t\t\t\t\t\t\t<p>Marena er \u00e1rei\u00f0anlegast sta\u00f0fest \u00ed hinum \u00fatbreidda vestur-slavneska <span class=\"iwg-fachbegriff\" data-tooltip=\"Hef\u00f0bundin ath\u00f6fn sem endurtekin er reglulega innan samf\u00e9lags.\" tabindex=\"0\">si\u00f0<\/span> um upphaf vorsins, sem er i\u00f0ka\u00f0ur \u00ed P\u00f3llandi, T\u00e9kklandi, Sl\u00f3vak\u00edu og n\u00e1grannasv\u00e6\u00f0um allt fram \u00e1 okkar daga.<\/p><p>\u00cd brennidepli er br\u00fa\u00f0a \u00far h\u00e1lmi, oft kl\u00e6dd kvenmannsf\u00f6tum, sem k\u00f6llu\u00f0 er Marzanna, Morena e\u00f0a \u00e1l\u00edka n\u00f6fnum. H\u00fan t\u00e1knar veturinn, dau\u00f0ann og stir\u00f0nun kalda \u00e1rst\u00edmans.<\/p><p><span class=\"iwg-fachbegriff\" data-tooltip=\"Hef\u00f0bundin ath\u00f6fn sem endurtekin er reglulega innan samf\u00e9lags.\" tabindex=\"0\">Si\u00f0urinn<\/span> er a\u00f0 hef\u00f0 bundinn haldinn um \u00fea\u00f0 leyti sem stj\u00f6rnufr\u00e6\u00f0ilegt vor gengur \u00ed gar\u00f0 e\u00f0a \u00e1 fj\u00f3r\u00f0a f\u00f6stusunnudegi. Samf\u00e9lagi\u00f0, oft b\u00f6rn og unglingar, ber br\u00fa\u00f0una \u00ed skr\u00fa\u00f0g\u00f6ngu um \u00feorpi\u00f0 og s\u00ed\u00f0an \u00fat \u00far \u00fev\u00ed, oft syngjandi.<\/p><p>A\u00f0 lokum er Marzanna eytt, h\u00fan er brennd, henni kasta\u00f0 \u00ed rennandi vatn e\u00f0a hvort tveggja, hvort af \u00f6\u00f0ru. V\u00ed\u00f0a er tali\u00f0 h\u00e6ttulegt a\u00f0 snerta br\u00fa\u00f0una \u00e1 me\u00f0an h\u00fan sekkur e\u00f0a l\u00edta til baka \u00e1 hana me\u00f0an gengi\u00f0 er fr\u00e1 henni.<\/p><p>Oft stendur andsp\u00e6nis \u00fev\u00ed a\u00f0 bera Marz\u00f6nnu \u00fat annar, gagnst\u00e6\u00f0ur gj\u00f6rningur, a\u00f0 s\u00e6kja vori\u00f0 e\u00f0a sumari\u00f0, t\u00e1kna\u00f0 me\u00f0 gr\u00e6nni grein, skreyttu tr\u00e9 e\u00f0a annarri br\u00fa\u00f0u. <span class=\"iwg-fachbegriff\" data-tooltip=\"Hef\u00f0bundin ath\u00f6fn sem endurtekin er reglulega innan samf\u00e9lags.\" tabindex=\"0\">Si\u00f0urinn<\/span> er \u00feannig tv\u00edskipt <span class=\"iwg-fachbegriff\" data-tooltip=\"Fast skipul\u00f6g\u00f0 r\u00f6\u00f0 t\u00e1knr\u00e6nna athafna me\u00f0 tr\u00faarlega e\u00f0a menningarlega merkingu.\" tabindex=\"0\">helgiath\u00f6fn<\/span>, dau\u00f0anum og kalda vetrinum er \u00fatr\u00fdmt, l\u00edfinu og hl\u00fdja \u00e1rst\u00edmanum er fagna\u00f0.<\/p><p>\u00dej\u00f3\u00f0fr\u00e6\u00f0ilega er \u00feessi <span class=\"iwg-fachbegriff\" data-tooltip=\"Hef\u00f0bundin ath\u00f6fn sem endurtekin er reglulega innan samf\u00e9lags.\" tabindex=\"0\">si\u00f0ur<\/span> t\u00falka\u00f0ur sem umbreytingar- og hreinsunarath\u00f6fn sem fylgir \u00e1rst\u00ed\u00f0askiptunum og sty\u00f0ur \u00feau me\u00f0 <span class=\"iwg-fachbegriff\" data-tooltip=\"Tilheyrandi f\u00f6stum tr\u00faarlegum athafnaferli.\" tabindex=\"0\">helgisi\u00f0abundnum<\/span> h\u00e6tti. Kirkjan \u00e1 mi\u00f0\u00f6ldum bar\u00f0ist gegn \u00fev\u00ed a\u00f0 sl\u00edkar br\u00fa\u00f0ur v\u00e6ru bornar \u00fat, sem s\u00fdnir a\u00f0 <span class=\"iwg-fachbegriff\" data-tooltip=\"Hef\u00f0bundin ath\u00f6fn sem endurtekin er reglulega innan samf\u00e9lags.\" tabindex=\"0\">si\u00f0urinn<\/span> var talinn <span class=\"iwg-fachbegriff\" data-tooltip=\"Fr\u00e1 kristnu sj\u00f3narhorni: tilheyrandi fortr\u00faarlegum e\u00f0a \u00f3kristnum tr\u00faarbr\u00f6g\u00f0um.\" tabindex=\"0\">hei\u00f0inn<\/span>, og einmitt \u00feessi m\u00f3tsta\u00f0a kirkjunnar er ein mikilv\u00e6gasta heimildin um aldur hans.<\/p><p>Hvort br\u00fa\u00f0an t\u00e1kna\u00f0i upphaflega gy\u00f0ju e\u00f0a var fr\u00e1 upphafi holdgervingur vetrarins ver\u00f0ur ekki r\u00e1\u00f0i\u00f0 af <span class=\"iwg-fachbegriff\" data-tooltip=\"Hef\u00f0bundin ath\u00f6fn sem endurtekin er reglulega innan samf\u00e9lags.\" tabindex=\"0\">si\u00f0num<\/span> einum saman.<\/p>\t\t\t\t\t\t\t\t<\/div>\n\t\t\t\t<\/div>\n\t\t\t\t\t<\/div>\n\t\t\t\t<\/div>\n\t\t<div class=\"elementor-element elementor-element-cp212838e e-flex e-con-boxed e-con e-parent\" data-id=\"cp212838e\" data-element_type=\"container\" data-e-type=\"container\">\n\t\t\t\t\t<div class=\"e-con-inner\">\n\t\t\t\t<div class=\"elementor-element elementor-element-cp6060732 elementor-widget elementor-widget-heading\" data-id=\"cp6060732\" data-element_type=\"widget\" data-e-type=\"widget\" data-widget_type=\"heading.default\">\n\t\t\t\t\t<h2 class=\"elementor-heading-title elementor-size-default\">Marena sem gy\u00f0ja dau\u00f0ans og vetrart\u00ed\u00f0arins<\/h2>\t\t\t\t<\/div>\n\t\t<div class=\"elementor-element elementor-element-cp0bac407 e-con-full e-flex e-con e-child\" data-id=\"cp0bac407\" data-element_type=\"container\" data-e-type=\"container\">\n\t\t\t\t<div class=\"elementor-element elementor-element-cpc986f3f elementor-widget elementor-widget-text-editor\" data-id=\"cpc986f3f\" data-element_type=\"widget\" data-e-type=\"widget\" data-widget_type=\"text-editor.default\">\n\t\t\t\t\t\t\t\t\t<p>\u00dat fr\u00e1 vorsi\u00f0num og \u00fat fr\u00e1 tungum\u00e1lafr\u00e6\u00f0ilegum v\u00edsbendingum hefur ranns\u00f3knarheimurinn dregi\u00f0 upp mynd af slavneskri gy\u00f0ju dau\u00f0ans, vetrarins og st\u00f6\u00f0nunar, en \u00e1vallt \u00fearf a\u00f0 undirstrika a\u00f0 \u00feessi endurger\u00f0 er tilg\u00e1tukennd.<\/p><p>Nafni\u00f0 sj\u00e1lft gefur v\u00edsbendingu, \u00fea\u00f0 tilheyrir or\u00f0afj\u00f6lskyldu sem rekja m\u00e1 til ind\u00f3evr\u00f3pskrar r\u00f3tar me\u00f0 merkingunni a\u00f0 deyja, og til hennar telst einnig latneska or\u00f0i\u00f0 <em>mors<\/em>, dau\u00f0i, og or\u00f0 fyrir mor\u00f0 og hina d\u00e1nu \u00ed \u00fdmsum tungum\u00e1lum. Einnig er r\u00e6tt um tengsl vi\u00f0 n\u00e6turvofuna, slavnesku <em>mara<\/em> og germ\u00f6nsku M\u00f6runa (mara).<\/p><p>\u00dat fr\u00e1 \u00feessu er dregin t\u00falkun \u00e1 Marenu sem \u00edmynd hinna l\u00edfsfjandsamlegu m\u00e1ttarvalda, kuldans, myrkursins, st\u00f6\u00f0nunar gr\u00f3\u00f0ursins og dau\u00f0ans. \u00cd \u00feessum skilningi er h\u00fan vetrarleg andst\u00e6\u00f0a vorsins og gr\u00f3\u00f0rarmagnanna.<\/p><p>Sumir fr\u00e6\u00f0imenn, s\u00e9rstaklega \u00ed p\u00f3lskri og t\u00e9kkneskri hef\u00f0, hafa t\u00falka\u00f0 hana sem margr\u00e6\u00f0a gy\u00f0ju sem ekki eing\u00f6ngu vekur skelfingu heldur tilheyrir einnig hinni nau\u00f0synlegu hringr\u00e1s, \u00fev\u00ed \u00e1n vetrar er ekkert vor, \u00e1n dau\u00f0a engin endurn\u00fdjun.<\/p><p>S\u00ed\u00f0ari, s\u00e9rstaklega al\u00fe\u00fd\u00f0uv\u00edsindalegar og n\u00fdhei\u00f0nar framsetningar hafa gert Marenu a\u00f0 fullb\u00fainni dau\u00f0agy\u00f0ju me\u00f0 fastri \u00e6vis\u00f6gu, \u00e6ttartengslum og hlutverki. \u00deessar myndir eru heillandi en standast ekki gagnr\u00fdna heimildasko\u00f0un, \u00fe\u00e6r bera oft meira fr\u00e1 n\u00fat\u00edma hugarheimi en fr\u00e1 mi\u00f0aldalegri <span class=\"iwg-fachbegriff\" data-tooltip=\"Mi\u00f0lun \u00feekkingar og fr\u00e1sagna fr\u00e1 einni kynsl\u00f3\u00f0 til annarrar.\" tabindex=\"0\">munnm\u00e6lahef\u00f0<\/span> inn \u00ed pers\u00f3nuna.<\/p><p>Hin varf\u00e6rna v\u00edsindalega afsta\u00f0a er \u00e1fram fyrirvaralaus. \u00dea\u00f0 eru g\u00f3\u00f0ar \u00e1st\u00e6\u00f0ur til a\u00f0 \u00e6tla a\u00f0 \u00e1 bak vi\u00f0 <span class=\"iwg-fachbegriff\" data-tooltip=\"Hef\u00f0bundin ath\u00f6fn sem er endurtekin reglulega innan samf\u00e9lags.\" tabindex=\"0\">si\u00f0inn<\/span> og nafni\u00f0 standi hugmynd um pers\u00f3nuger\u00f0an vetrar- og dau\u00f0am\u00e1tt.<\/p><p>Gy\u00f0ja Marena, d\u00fdrku\u00f0 \u00ed <span class=\"iwg-fachbegriff\" data-tooltip=\"Heild tr\u00faarlegra tilbei\u00f0sluathafna til handa gu\u00f0i e\u00f0a heilagri veru.\" tabindex=\"0\">helgid\u00fdrkun<\/span> me\u00f0 fullb\u00fainni <span class=\"iwg-fachbegriff\" data-tooltip=\"Munnm\u00e6lasaga um gu\u00f0i, uppruna og skipulag heimsins.\" tabindex=\"0\">go\u00f0s\u00f6gn<\/span>, ver\u00f0ur hins vegar ekki me\u00f0 vissu sta\u00f0fest \u00fat fr\u00e1 var\u00f0veittum heimildum. Marena er \u00feannig d\u00e6migert tilvik um takm\u00f6rk \u00feekkingar okkar \u00e1 slavneskri tr\u00fa.<\/p>\t\t\t\t\t\t\t\t<\/div>\n\t\t\t\t<\/div>\n\t\t\t\t\t<\/div>\n\t\t\t\t<\/div>\n\t\t<div class=\"elementor-element elementor-element-36dd7469 e-flex e-con-boxed e-con e-parent\" data-id=\"36dd7469\" data-element_type=\"container\" data-e-type=\"container\">\n\t\t\t\t\t<div class=\"e-con-inner\">\n\t\t\t\t<div class=\"elementor-element elementor-element-13760ab4 elementor-widget elementor-widget-heading\" data-id=\"13760ab4\" data-element_type=\"widget\" data-e-type=\"widget\" data-widget_type=\"heading.default\">\n\t\t\t\t\t<h2 class=\"elementor-heading-title elementor-size-default\">\u00cdtarefni og tenglar<\/h2>\t\t\t\t<\/div>\n\t\t<div class=\"elementor-element elementor-element-28c87796 e-con-full e-flex e-con e-child\" data-id=\"28c87796\" data-element_type=\"container\" data-e-type=\"container\">\n\t\t\t\t<div class=\"elementor-element elementor-element-5d6538df elementor-widget elementor-widget-text-editor\" data-id=\"5d6538df\" data-element_type=\"widget\" data-e-type=\"widget\" data-widget_type=\"text-editor.default\">\n\t\t\t\t\t\t\t\t\t<ul><li><a href=\"https:\/\/iwell-guard.com\/is\/?page_id=168616\">Slavneskar menningarheimar<\/a><\/li><li><a href=\"https:\/\/iwell-guard.com\/is\/?page_id=168764\">Perun, \u00feruma og endurupptaka<\/a><\/li><li><a href=\"https:\/\/iwell-guard.com\/is\/?page_id=168719\">Hel, germ\u00f6nsk undirheimagy\u00f0ja<\/a><\/li><li><a href=\"https:\/\/iwell-guard.com\/is\/?page_id=168716\">Hades, gr\u00edskur undirheimagu\u00f0<\/a><\/li><\/ul>\t\t\t\t\t\t\t\t<\/div>\n\t\t\t\t<\/div>\n\t\t\t\t\t<\/div>\n\t\t\t\t<\/div>\n\t\t<div class=\"elementor-element elementor-element-grl4kl40 e-flex e-con-boxed e-con e-parent\" data-id=\"grl4kl40\" data-element_type=\"container\" data-e-type=\"container\">\n\t\t\t\t\t<div class=\"e-con-inner\">\n\t\t\t\t<div class=\"elementor-element elementor-element-bzsbfrmh elementor-widget elementor-widget-heading\" data-id=\"bzsbfrmh\" data-element_type=\"widget\" data-e-type=\"widget\" data-widget_type=\"heading.default\">\n\t\t\t\t\t<h2 class=\"elementor-heading-title elementor-size-default\">Fr\u00e6\u00f0irit<\/h2>\t\t\t\t<\/div>\n\t\t<div class=\"elementor-element elementor-element-2c13224a e-con-full e-flex e-con e-child\" data-id=\"2c13224a\" data-element_type=\"container\" data-e-type=\"container\">\n\t\t\t\t<div class=\"elementor-element elementor-element-0eymh9ub elementor-widget elementor-widget-text-editor\" data-id=\"0eymh9ub\" data-element_type=\"widget\" data-e-type=\"widget\" data-widget_type=\"text-editor.default\">\n\t\t\t\t\t\t\t\t\t<footer class=\"iwg-literatur\" data-nosnippet=\"true\"><ul><li><span data-nosnippet>Ivanits, Linda: <em>Russian Folk Belief<\/em>. M.E. Sharpe, 1989.<\/span><\/li><li><span data-nosnippet>Hubbs, Joanna: <em>Mother Russia. The Feminine Myth in Russian Culture<\/em>. Indiana University Press, 1988.<\/span><\/li><li><span data-nosnippet>Gimbutas, Marija: <em>The Goddesses and Gods of Old Europe<\/em>. Thames and Hudson, 1982.<\/span><\/li><li><span data-nosnippet>Roux, Valentina: <em>Ancient Slavic Religion<\/em>. Routledge, 1999.<\/span><\/li><\/ul><\/footer>\t\t\t\t\t\t\t\t<\/div>\n\t\t\t\t<\/div>\n\t\t\t\t\t<\/div>\n\t\t\t\t<\/div>\n\t\t\t\t<\/div>\n\t\t","protected":false},"excerpt":{"rendered":"","protected":false},"author":3,"featured_media":1649,"parent":0,"menu_order":0,"comment_status":"closed","ping_status":"closed","template":"elementor_header_footer","meta":{"_yoast_wpseo_focuskw":"Marena","_yoast_wpseo_title":"Marena - H\u00fan t\u00e1knar d\u00f6kka \u00e1rst\u00ed\u00f0ina og dau\u00f0ann","_yoast_wpseo_metadesc":"Marena, slavnesk gy\u00f0ja vetrar og dau\u00f0a. Br\u00e6\u00f0sluath\u00f6fn til a\u00f0 fagna vori, brenning hennar sem Maslenitsa-si\u00f0ur og tengsl vi\u00f0 Moranu.","_yoast_wpseo_meta-robots-noindex":"","_yoast_wpseo_canonical":"","_angie_page":false,"gefaehrdungsstufe":"3","wesen_kultur":"slawisch","wesen_klasse":"goetter","footnotes":""},"categories":[],"class_list":["post-168819","page","type-page","status-publish","has-post-thumbnail","hentry"],"yoast_head":"<!-- This site is optimized with the Yoast SEO Premium plugin v27.7 (Yoast SEO v28.3) - https:\/\/yoast.com\/product\/yoast-seo-premium-wordpress\/ -->\n<title>Marena - H\u00fan t\u00e1knar d\u00f6kka \u00e1rst\u00ed\u00f0ina og dau\u00f0ann<\/title>\n<meta name=\"description\" content=\"Marena, slavnesk gy\u00f0ja vetrar og dau\u00f0a. Br\u00e6\u00f0sluath\u00f6fn til a\u00f0 fagna vori, brenning hennar sem Maslenitsa-si\u00f0ur og tengsl vi\u00f0 Moranu.\" \/>\n<meta name=\"robots\" content=\"index, follow, max-snippet:-1, max-image-preview:large, max-video-preview:-1\" \/>\n<link rel=\"canonical\" href=\"https:\/\/iwell-guard.com\/is\/marena\/\" \/>\n<meta property=\"og:locale\" content=\"is_IS\" \/>\n<meta property=\"og:type\" content=\"article\" \/>\n<meta property=\"og:title\" content=\"Marena\" \/>\n<meta property=\"og:description\" content=\"Marena, slavnesk gy\u00f0ja vetrar og dau\u00f0a. Br\u00e6\u00f0sluath\u00f6fn til a\u00f0 fagna vori, brenning hennar sem Maslenitsa-si\u00f0ur og tengsl vi\u00f0 Moranu.\" \/>\n<meta property=\"og:url\" content=\"https:\/\/iwell-guard.com\/is\/marena\/\" \/>\n<meta property=\"og:site_name\" content=\"iWell Guard\" \/>\n<meta property=\"article:modified_time\" content=\"2026-09-05T14:20:18+00:00\" \/>\n<meta property=\"og:image\" content=\"https:\/\/iwell-guard.com\/wp-content\/uploads\/2026\/04\/goetter_slawisch_marena.webp\" \/>\n\t<meta property=\"og:image:width\" content=\"1024\" \/>\n\t<meta property=\"og:image:height\" content=\"1536\" \/>\n\t<meta property=\"og:image:type\" content=\"image\/webp\" \/>\n<meta name=\"twitter:card\" content=\"summary_large_image\" \/>\n<script type=\"application\/ld+json\" class=\"yoast-schema-graph\">{\"@context\":\"https:\\\/\\\/schema.org\",\"@graph\":[{\"@type\":\"WebPage\",\"@id\":\"https:\\\/\\\/iwell-guard.com\\\/is\\\/marena\\\/\",\"url\":\"https:\\\/\\\/iwell-guard.com\\\/is\\\/marena\\\/\",\"name\":\"Marena - H\u00fan t\u00e1knar d\u00f6kka \u00e1rst\u00ed\u00f0ina og dau\u00f0ann\",\"isPartOf\":{\"@id\":\"https:\\\/\\\/iwell-guard.com\\\/is\\\/#website\"},\"primaryImageOfPage\":{\"@id\":\"https:\\\/\\\/iwell-guard.com\\\/is\\\/marena\\\/#primaryimage\"},\"image\":{\"@id\":\"https:\\\/\\\/iwell-guard.com\\\/is\\\/marena\\\/#primaryimage\"},\"thumbnailUrl\":\"https:\\\/\\\/iwell-guard.com\\\/wp-content\\\/uploads\\\/2026\\\/04\\\/goetter_slawisch_marena.webp\",\"datePublished\":\"2026-09-05T14:03:14+00:00\",\"dateModified\":\"2026-09-05T14:20:18+00:00\",\"description\":\"Marena, slavnesk gy\u00f0ja vetrar og dau\u00f0a. Br\u00e6\u00f0sluath\u00f6fn til a\u00f0 fagna vori, brenning hennar sem Maslenitsa-si\u00f0ur og tengsl vi\u00f0 Moranu.\",\"breadcrumb\":{\"@id\":\"https:\\\/\\\/iwell-guard.com\\\/is\\\/marena\\\/#breadcrumb\"},\"inLanguage\":\"is\",\"potentialAction\":[{\"@type\":\"ReadAction\",\"target\":[\"https:\\\/\\\/iwell-guard.com\\\/is\\\/marena\\\/\"]}]},{\"@type\":\"ImageObject\",\"inLanguage\":\"is\",\"@id\":\"https:\\\/\\\/iwell-guard.com\\\/is\\\/marena\\\/#primaryimage\",\"url\":\"https:\\\/\\\/iwell-guard.com\\\/wp-content\\\/uploads\\\/2026\\\/04\\\/goetter_slawisch_marena.webp\",\"contentUrl\":\"https:\\\/\\\/iwell-guard.com\\\/wp-content\\\/uploads\\\/2026\\\/04\\\/goetter_slawisch_marena.webp\",\"width\":1024,\"height\":1536,\"caption\":\"Gu\u00f0ir \u00far slavneskri hef\u00f0.\"},{\"@type\":\"BreadcrumbList\",\"@id\":\"https:\\\/\\\/iwell-guard.com\\\/is\\\/marena\\\/#breadcrumb\",\"itemListElement\":[{\"@type\":\"ListItem\",\"position\":1,\"name\":\"Start\",\"item\":\"https:\\\/\\\/iwell-guard.com\\\/is\\\/?page_id=168580\"},{\"@type\":\"ListItem\",\"position\":2,\"name\":\"Marena\"}]},{\"@type\":\"WebSite\",\"@id\":\"https:\\\/\\\/iwell-guard.com\\\/is\\\/#website\",\"url\":\"https:\\\/\\\/iwell-guard.com\\\/is\\\/\",\"name\":\"iWell Guard\",\"description\":\"Schutz vor dunklen Einfl\u00fcssen\",\"publisher\":{\"@id\":\"https:\\\/\\\/iwell-guard.com\\\/is\\\/#organization\"},\"potentialAction\":[{\"@type\":\"SearchAction\",\"target\":{\"@type\":\"EntryPoint\",\"urlTemplate\":\"https:\\\/\\\/iwell-guard.com\\\/is\\\/?s={search_term_string}\"},\"query-input\":{\"@type\":\"PropertyValueSpecification\",\"valueRequired\":true,\"valueName\":\"search_term_string\"}}],\"inLanguage\":\"is\"},{\"@type\":\"Organization\",\"@id\":\"https:\\\/\\\/iwell-guard.com\\\/is\\\/#organization\",\"name\":\"Ittermann electronic GmbH\",\"url\":\"https:\\\/\\\/iwell-guard.com\\\/is\\\/\",\"logo\":{\"@type\":\"ImageObject\",\"inLanguage\":\"is\",\"@id\":\"https:\\\/\\\/iwell-guard.com\\\/is\\\/#\\\/schema\\\/logo\\\/image\\\/\",\"url\":\"https:\\\/\\\/iwell-guard.com\\\/wp-content\\\/uploads\\\/2026\\\/05\\\/Ittermann-Logo-1182x237-1.png\",\"contentUrl\":\"https:\\\/\\\/iwell-guard.com\\\/wp-content\\\/uploads\\\/2026\\\/05\\\/Ittermann-Logo-1182x237-1.png\",\"width\":1182,\"height\":237,\"caption\":\"Ittermann electronic GmbH\"},\"image\":{\"@id\":\"https:\\\/\\\/iwell-guard.com\\\/is\\\/#\\\/schema\\\/logo\\\/image\\\/\"},\"sameAs\":[\"https:\\\/\\\/pantip.com\\\/profile\\\/9367242\",\"https:\\\/\\\/micro.blog\\\/iwellguard\",\"https:\\\/\\\/www.diggerslist.com\\\/iwellguard\\\/about\",\"https:\\\/\\\/skitterphoto.com\\\/photographers\\\/2870314\\\/iwell-guard\",\"https:\\\/\\\/iwellguard.wordpress.com\\\/2026\\\/06\\\/06\\\/iwell-guard\\\/\",\"https:\\\/\\\/hub.docker.com\\\/u\\\/iwellguard\",\"https:\\\/\\\/www.pinterest.com\\\/iwellguard\\\/\",\"https:\\\/\\\/bit.ly\\\/m\\\/iwellguard\",\"https:\\\/\\\/entre-vos-mains.alsace.eu\\\/profiles\\\/iwellguard\\\/activity\",\"https:\\\/\\\/gravatar.com\\\/reallybeded8fd34\",\"https:\\\/\\\/naijamatta.com\\\/iwellguard\",\"https:\\\/\\\/www.goodreads.com\\\/iwellguard\",\"https:\\\/\\\/profile.hatena.ne.jp\\\/iwellguard\\\/\",\"https:\\\/\\\/experiment.com\\\/users\\\/iwellguard\",\"https:\\\/\\\/wakelet.com\\\/@iWellGuard82270\",\"https:\\\/\\\/www.chordie.com\\\/forum\\\/profile.php?id=2555664\",\"https:\\\/\\\/www.instapaper.com\\\/p\\\/17757966\",\"https:\\\/\\\/www.mapleprimes.com\\\/users\\\/iwellguard\",\"https:\\\/\\\/businesslistingplus.com\\\/profile\\\/iwell-guard\\\/\",\"https:\\\/\\\/telegra.ph\\\/iWell-Guard-06-06\",\"https:\\\/\\\/pbase.com\\\/iwellguard\\\/iwellguard\",\"https:\\\/\\\/b.hatena.ne.jp\\\/iwellguard\\\/20260607#bookmark-4788405196491818882\",\"https:\\\/\\\/fliphtml5.com\\\/home\\\/iwellguard\",\"https:\\\/\\\/anyflip.com\\\/homepage\\\/cmiwl#About\",\"https:\\\/\\\/transfur.com\\\/Users\\\/iwellguard\",\"http:\\\/\\\/delphi.larsbo.org\\\/user\\\/iwellguard\",\"https:\\\/\\\/jobs.lajobsportal.org\\\/profiles\\\/8380803-iwell-guard\",\"https:\\\/\\\/md.chaosdorf.de\\\/s\\\/jfbe5SBdJD\",\"https:\\\/\\\/www.lingvolive.com\\\/en-us\\\/profile\\\/9ecaeaca-ce11-4e51-9e71-01d55e2bff36\\\/translations\",\"https:\\\/\\\/www.fitday.com\\\/fitness\\\/forums\\\/members\\\/iwellguard.html\",\"https:\\\/\\\/www.mymeetbook.com\\\/iwellguard\",\"https:\\\/\\\/pxhere.com\\\/en\\\/photographer-me\\\/5040798\",\"https:\\\/\\\/disqus.com\\\/by\\\/iwellguard\\\/about\\\/\",\"https:\\\/\\\/pastelink.net\\\/hjwciqwq\",\"https:\\\/\\\/pubhtml5.com\\\/homepage\\\/scjhn\\\/\",\"https:\\\/\\\/www.bitchute.com\\\/channel\\\/2O2eOKzNqujT\",\"https:\\\/\\\/audiomack.com\\\/iwellguard\"]},{\"@type\":\"Article\",\"@id\":\"https:\\\/\\\/iwell-guard.com\\\/is\\\/marena\\\/#article\",\"isPartOf\":{\"@id\":\"https:\\\/\\\/iwell-guard.com\\\/is\\\/marena\\\/\"},\"author\":{\"name\":\"Ralf Ittermann\",\"@id\":\"https:\\\/\\\/iwell-guard.com\\\/is\\\/#\\\/schema\\\/person\\\/ee2a27f1cac3406c7c6fb5820cb7349f\"},\"headline\":\"Marena\",\"datePublished\":\"2026-09-05T14:03:14+00:00\",\"dateModified\":\"2026-09-05T14:20:18+00:00\",\"mainEntityOfPage\":{\"@id\":\"https:\\\/\\\/iwell-guard.com\\\/is\\\/marena\\\/\"},\"publisher\":{\"@id\":\"https:\\\/\\\/iwell-guard.com\\\/is\\\/#organization\"},\"image\":{\"@id\":\"https:\\\/\\\/iwell-guard.com\\\/is\\\/marena\\\/#primaryimage\"},\"thumbnailUrl\":\"https:\\\/\\\/iwell-guard.com\\\/wp-content\\\/uploads\\\/2026\\\/04\\\/goetter_slawisch_marena.webp\",\"inLanguage\":\"is\",\"description\":\"Marena, slavnesk gy\u00f0ja vetrar og dau\u00f0a. Br\u00e6\u00f0sluath\u00f6fn til a\u00f0 fagna vori, brenning hennar sem Maslenitsa-si\u00f0ur og tengsl vi\u00f0 Moranu.\"}]}<\/script>\n<!-- \/ Yoast SEO Premium plugin. -->","yoast_head_json":{"title":"Marena - H\u00fan t\u00e1knar d\u00f6kka \u00e1rst\u00ed\u00f0ina og dau\u00f0ann","description":"Marena, slavnesk gy\u00f0ja vetrar og dau\u00f0a. Br\u00e6\u00f0sluath\u00f6fn til a\u00f0 fagna vori, brenning hennar sem Maslenitsa-si\u00f0ur og tengsl vi\u00f0 Moranu.","robots":{"index":"index","follow":"follow","max-snippet":"max-snippet:-1","max-image-preview":"max-image-preview:large","max-video-preview":"max-video-preview:-1"},"canonical":"https:\/\/iwell-guard.com\/is\/marena\/","og_locale":"is_IS","og_type":"article","og_title":"Marena","og_description":"Marena, slavnesk gy\u00f0ja vetrar og dau\u00f0a. Br\u00e6\u00f0sluath\u00f6fn til a\u00f0 fagna vori, brenning hennar sem Maslenitsa-si\u00f0ur og tengsl vi\u00f0 Moranu.","og_url":"https:\/\/iwell-guard.com\/is\/marena\/","og_site_name":"iWell Guard","article_modified_time":"2026-09-05T14:20:18+00:00","og_image":[{"width":1024,"height":1536,"url":"https:\/\/iwell-guard.com\/wp-content\/uploads\/2026\/04\/goetter_slawisch_marena.webp","type":"image\/webp"}],"twitter_card":"summary_large_image","schema":{"@context":"https:\/\/schema.org","@graph":[{"@type":"Article","@id":"https:\/\/iwell-guard.com\/is\/marena\/#article","isPartOf":{"@id":"https:\/\/iwell-guard.com\/is\/marena\/"},"author":{"name":"Ralf Ittermann","@id":"https:\/\/iwell-guard.com\/is\/#\/schema\/person\/ee2a27f1cac3406c7c6fb5820cb7349f"},"headline":"Marena","datePublished":"2026-09-05T14:03:14+00:00","dateModified":"2026-09-05T14:20:18+00:00","mainEntityOfPage":{"@id":"https:\/\/iwell-guard.com\/is\/marena\/"},"publisher":{"@id":"https:\/\/iwell-guard.com\/is\/#organization"},"image":{"@id":"https:\/\/iwell-guard.com\/is\/marena\/#primaryimage"},"thumbnailUrl":"https:\/\/iwell-guard.com\/wp-content\/uploads\/2026\/04\/goetter_slawisch_marena.webp","inLanguage":"is","description":"Marena, slavnesk gy\u00f0ja vetrar og dau\u00f0a. Br\u00e6\u00f0sluath\u00f6fn til a\u00f0 fagna vori, brenning hennar sem Maslenitsa-si\u00f0ur og tengsl vi\u00f0 Moranu."},{"@type":"WebPage","@id":"https:\/\/iwell-guard.com\/is\/marena\/","url":"https:\/\/iwell-guard.com\/is\/marena\/","name":"Marena - H\u00fan t\u00e1knar d\u00f6kka \u00e1rst\u00ed\u00f0ina og dau\u00f0ann","isPartOf":{"@id":"https:\/\/iwell-guard.com\/is\/#website"},"primaryImageOfPage":{"@id":"https:\/\/iwell-guard.com\/is\/marena\/#primaryimage"},"image":{"@id":"https:\/\/iwell-guard.com\/is\/marena\/#primaryimage"},"thumbnailUrl":"https:\/\/iwell-guard.com\/wp-content\/uploads\/2026\/04\/goetter_slawisch_marena.webp","datePublished":"2026-09-05T14:03:14+00:00","dateModified":"2026-09-05T14:20:18+00:00","description":"Marena, slavnesk gy\u00f0ja vetrar og dau\u00f0a. Br\u00e6\u00f0sluath\u00f6fn til a\u00f0 fagna vori, brenning hennar sem Maslenitsa-si\u00f0ur og tengsl vi\u00f0 Moranu.","breadcrumb":{"@id":"https:\/\/iwell-guard.com\/is\/marena\/#breadcrumb"},"inLanguage":"is","potentialAction":[{"@type":"ReadAction","target":["https:\/\/iwell-guard.com\/is\/marena\/"]}]},{"@type":"ImageObject","inLanguage":"is","@id":"https:\/\/iwell-guard.com\/is\/marena\/#primaryimage","url":"https:\/\/iwell-guard.com\/wp-content\/uploads\/2026\/04\/goetter_slawisch_marena.webp","contentUrl":"https:\/\/iwell-guard.com\/wp-content\/uploads\/2026\/04\/goetter_slawisch_marena.webp","width":1024,"height":1536,"caption":"Gu\u00f0ir \u00far slavneskri hef\u00f0."},{"@type":"BreadcrumbList","@id":"https:\/\/iwell-guard.com\/is\/marena\/#breadcrumb","itemListElement":[{"@type":"ListItem","position":1,"name":"Start","item":"https:\/\/iwell-guard.com\/is\/?page_id=168580"},{"@type":"ListItem","position":2,"name":"Marena"}]},{"@type":"WebSite","@id":"https:\/\/iwell-guard.com\/is\/#website","url":"https:\/\/iwell-guard.com\/is\/","name":"iWell Guard","description":"Schutz vor dunklen Einfl\u00fcssen","publisher":{"@id":"https:\/\/iwell-guard.com\/is\/#organization"},"potentialAction":[{"@type":"SearchAction","target":{"@type":"EntryPoint","urlTemplate":"https:\/\/iwell-guard.com\/is\/?s={search_term_string}"},"query-input":{"@type":"PropertyValueSpecification","valueRequired":true,"valueName":"search_term_string"}}],"inLanguage":"is"},{"@type":"Organization","@id":"https:\/\/iwell-guard.com\/is\/#organization","name":"Ittermann electronic GmbH","url":"https:\/\/iwell-guard.com\/is\/","logo":{"@type":"ImageObject","inLanguage":"is","@id":"https:\/\/iwell-guard.com\/is\/#\/schema\/logo\/image\/","url":"https:\/\/iwell-guard.com\/wp-content\/uploads\/2026\/05\/Ittermann-Logo-1182x237-1.png","contentUrl":"https:\/\/iwell-guard.com\/wp-content\/uploads\/2026\/05\/Ittermann-Logo-1182x237-1.png","width":1182,"height":237,"caption":"Ittermann electronic GmbH"},"image":{"@id":"https:\/\/iwell-guard.com\/is\/#\/schema\/logo\/image\/"},"sameAs":["https:\/\/pantip.com\/profile\/9367242","https:\/\/micro.blog\/iwellguard","https:\/\/www.diggerslist.com\/iwellguard\/about","https:\/\/skitterphoto.com\/photographers\/2870314\/iwell-guard","https:\/\/iwellguard.wordpress.com\/2026\/06\/06\/iwell-guard\/","https:\/\/hub.docker.com\/u\/iwellguard","https:\/\/www.pinterest.com\/iwellguard\/","https:\/\/bit.ly\/m\/iwellguard","https:\/\/entre-vos-mains.alsace.eu\/profiles\/iwellguard\/activity","https:\/\/gravatar.com\/reallybeded8fd34","https:\/\/naijamatta.com\/iwellguard","https:\/\/www.goodreads.com\/iwellguard","https:\/\/profile.hatena.ne.jp\/iwellguard\/","https:\/\/experiment.com\/users\/iwellguard","https:\/\/wakelet.com\/@iWellGuard82270","https:\/\/www.chordie.com\/forum\/profile.php?id=2555664","https:\/\/www.instapaper.com\/p\/17757966","https:\/\/www.mapleprimes.com\/users\/iwellguard","https:\/\/businesslistingplus.com\/profile\/iwell-guard\/","https:\/\/telegra.ph\/iWell-Guard-06-06","https:\/\/pbase.com\/iwellguard\/iwellguard","https:\/\/b.hatena.ne.jp\/iwellguard\/20260607#bookmark-4788405196491818882","https:\/\/fliphtml5.com\/home\/iwellguard","https:\/\/anyflip.com\/homepage\/cmiwl#About","https:\/\/transfur.com\/Users\/iwellguard","http:\/\/delphi.larsbo.org\/user\/iwellguard","https:\/\/jobs.lajobsportal.org\/profiles\/8380803-iwell-guard","https:\/\/md.chaosdorf.de\/s\/jfbe5SBdJD","https:\/\/www.lingvolive.com\/en-us\/profile\/9ecaeaca-ce11-4e51-9e71-01d55e2bff36\/translations","https:\/\/www.fitday.com\/fitness\/forums\/members\/iwellguard.html","https:\/\/www.mymeetbook.com\/iwellguard","https:\/\/pxhere.com\/en\/photographer-me\/5040798","https:\/\/disqus.com\/by\/iwellguard\/about\/","https:\/\/pastelink.net\/hjwciqwq","https:\/\/pubhtml5.com\/homepage\/scjhn\/","https:\/\/www.bitchute.com\/channel\/2O2eOKzNqujT","https:\/\/audiomack.com\/iwellguard"]},{"@type":"Person","@id":"https:\/\/iwell-guard.com\/is\/#\/schema\/person\/ee2a27f1cac3406c7c6fb5820cb7349f","name":"Ralf Ittermann","image":{"@type":"ImageObject","inLanguage":"is","@id":"https:\/\/secure.gravatar.com\/avatar\/073c0153e350a5005b68eb752b445fea71f6b24a26da9449ad7e155e6b446c9d?s=96&d=mm&r=g","url":"https:\/\/secure.gravatar.com\/avatar\/073c0153e350a5005b68eb752b445fea71f6b24a26da9449ad7e155e6b446c9d?s=96&d=mm&r=g","contentUrl":"https:\/\/secure.gravatar.com\/avatar\/073c0153e350a5005b68eb752b445fea71f6b24a26da9449ad7e155e6b446c9d?s=96&d=mm&r=g","caption":"Ralf Ittermann"},"givenName":"Ralf","familyName":"Ittermann","jobTitle":"Gesch\u00e4ftsf\u00fchrer und redaktioneller Verantwortlicher","url":"https:\/\/iwell-guard.com\/is\/author\/claude\/","description":"Ralf Ittermann ist Gesch\u00e4ftsf\u00fchrer der Ittermann electronic GmbH und redaktioneller Verantwortlicher des iWell-Guard-Lexikons. Er verbindet langj\u00e4hrige Erfahrung in der Pr\u00e4zisionsfertigung mit medialer Praxis und religionsgeschichtlicher Quellenarbeit.","worksFor":{"@type":"Organization","name":"Ittermann electronic GmbH","url":"https:\/\/ittermann.de\/","address":{"@type":"PostalAddress","streetAddress":"K\u00f6hlergasse 16-18","postalCode":"99842","addressLocality":"Ruhla","addressCountry":"DE"}},"knowsAbout":["Religionsgeschichte","Mythologie","Mediale Praxis","Energetische Diagnostik","Schutzpraxis","Volksglauben","Westliche Esoterik"]},{"@type":"Article","@id":"https:\/\/iwell-guard.com\/is\/marena\/#article","isPartOf":{"@id":"https:\/\/iwell-guard.com\/is\/marena\/"},"author":{"name":"Ralf Ittermann","@id":"https:\/\/iwell-guard.com\/is\/#\/schema\/person\/ee2a27f1cac3406c7c6fb5820cb7349f"},"headline":"Marena","datePublished":"2026-09-05T14:03:14+00:00","dateModified":"2026-09-05T14:20:18+00:00","mainEntityOfPage":{"@id":"https:\/\/iwell-guard.com\/is\/marena\/"},"publisher":{"@id":"https:\/\/iwell-guard.com\/is\/#organization"},"image":{"@id":"https:\/\/iwell-guard.com\/is\/marena\/#primaryimage"},"thumbnailUrl":"https:\/\/iwell-guard.com\/wp-content\/uploads\/2026\/04\/goetter_slawisch_marena.webp","inLanguage":"is","description":"Marena, slavnesk gy\u00f0ja vetrar og dau\u00f0a. Br\u00e6\u00f0sluath\u00f6fn til a\u00f0 fagna vori, brenning hennar sem Maslenitsa-si\u00f0ur og tengsl vi\u00f0 Moranu."}]}},"_links":{"self":[{"href":"https:\/\/iwell-guard.com\/is\/wp-json\/wp\/v2\/pages\/168819","targetHints":{"allow":["GET"]}}],"collection":[{"href":"https:\/\/iwell-guard.com\/is\/wp-json\/wp\/v2\/pages"}],"about":[{"href":"https:\/\/iwell-guard.com\/is\/wp-json\/wp\/v2\/types\/page"}],"author":[{"embeddable":true,"href":"https:\/\/iwell-guard.com\/is\/wp-json\/wp\/v2\/users\/3"}],"replies":[{"embeddable":true,"href":"https:\/\/iwell-guard.com\/is\/wp-json\/wp\/v2\/comments?post=168819"}],"version-history":[{"count":0,"href":"https:\/\/iwell-guard.com\/is\/wp-json\/wp\/v2\/pages\/168819\/revisions"}],"wp:featuredmedia":[{"embeddable":true,"href":"https:\/\/iwell-guard.com\/is\/wp-json\/wp\/v2\/media\/1649"}],"wp:attachment":[{"href":"https:\/\/iwell-guard.com\/is\/wp-json\/wp\/v2\/media?parent=168819"}],"wp:term":[{"taxonomy":"category","embeddable":true,"href":"https:\/\/iwell-guard.com\/is\/wp-json\/wp\/v2\/categories?post=168819"}],"curies":[{"name":"wp","href":"https:\/\/api.w.org\/{rel}","templated":true}]}}