{"id":168818,"date":"2026-09-05T14:03:14","date_gmt":"2026-09-05T14:03:14","guid":{"rendered":"https:\/\/iwell-guard.com\/?page_id=168818"},"modified":"2026-09-05T14:20:18","modified_gmt":"2026-09-05T14:20:18","slug":"frigg","status":"publish","type":"page","link":"https:\/\/iwell-guard.com\/is\/frigg\/","title":{"rendered":"Frigg"},"content":{"rendered":"\t\t<div data-elementor-type=\"wp-page\" data-elementor-id=\"168818\" class=\"elementor elementor-168818 elementor-2098 elementor-bc-flex-widget\" data-elementor-post-type=\"page\">\n\t\t\t\t<div class=\"elementor-element elementor-element-10fdade e-flex e-con-boxed e-con e-parent\" data-id=\"10fdade\" data-element_type=\"container\" data-e-type=\"container\" data-settings=\"{&quot;background_background&quot;:&quot;classic&quot;}\">\n\t\t\t\t\t<div class=\"e-con-inner\">\n\t\t<div class=\"elementor-element elementor-element-herohlft0 e-flex e-con-boxed e-con e-child\" data-id=\"herohlft0\" data-element_type=\"container\" data-e-type=\"container\">\n\t\t\t\t\t<div class=\"e-con-inner\">\n\t\t<div class=\"elementor-element elementor-element-c3ceb64 e-con-full e-flex e-con e-child\" data-id=\"c3ceb64\" data-element_type=\"container\" data-e-type=\"container\">\n\t\t\t\t<div class=\"elementor-element elementor-element-96ae5e1 elementor-widget elementor-widget-heading\" data-id=\"96ae5e1\" data-element_type=\"widget\" data-e-type=\"widget\" data-widget_type=\"heading.default\">\n\t\t\t\t\t<h1 class=\"elementor-heading-title elementor-size-default\">Frigg, gy\u00f0ja germanskrar hef\u00f0ar<\/h1>\t\t\t\t<\/div>\n\t\t\t\t<div class=\"elementor-element elementor-element-e45238a elementor-widget elementor-widget-text-editor\" data-id=\"e45238a\" data-element_type=\"widget\" data-e-type=\"widget\" data-widget_type=\"text-editor.default\">\n\t\t\t\t\t\t\t\t\t<p>H\u00f6fu\u00f0gy\u00f0ja germanskrar <span class=\"iwg-fachbegriff\" data-tooltip=\"Heildarsafn arfleiddra fr\u00e1sagna um gu\u00f0i \u00ed \u00e1kve\u00f0inni menningu.\" tabindex=\"0\">go\u00f0afr\u00e6\u00f0i<\/span>, eiginkona \u00d3\u00f0ins, m\u00f3\u00f0ir Baldurs. Frigg er \u00ed norr\u00e6num heimildum talin \u00e6\u00f0sta gy\u00f0ja \u00c1safj\u00f6lskyldunnar og drottning Fensalar. H\u00fan stendur fyrir hj\u00f3naband, m\u00f3\u00f0urhlutverk og skipulegt h\u00fashald, og hefur samt\u00edmis g\u00e1funa a\u00f0 sj\u00e1 \u00f6rl\u00f6gin \u00e1n \u00feess a\u00f0 tala um \u00fea\u00f0.<\/p>\t\t\t\t\t\t\t\t<\/div>\n\t\t\t\t<\/div>\n\t\t<div class=\"elementor-element elementor-element-klsbdg01 e-con-full e-flex e-con e-parent\" data-id=\"klsbdg01\" data-element_type=\"container\" data-e-type=\"container\">\n\t\t\t\t<div class=\"elementor-element elementor-element-klshtm01 elementor-widget elementor-widget-html\" data-id=\"klshtm01\" data-element_type=\"widget\" data-e-type=\"widget\" data-widget_type=\"html.default\">\n\t\t\t\t\t<div class=\"iwg-pill-row\"><span class=\"iwg-klasse-badge\" tabindex=\"0\" data-tooltip=\"Gu\u00f0 \/ gy\u00f0ja: Pers\u00f3nuger\u00f0 \u00e6\u00f0sta m\u00e1ttarvald \u00ed go\u00f0aheimi menningar, me\u00f0 sk\u00fdr hlutverk, n\u00e1tt\u00faru\u00f6fl, \u00f6rl\u00f6g, str\u00ed\u00f0, frj\u00f3semi. D\u00fdrku\u00f0 me\u00f0 \u00e1tr\u00fana\u00f0i, f\u00f3rnum og hofastofnunum.\">Gy\u00f0ja<\/span><a href=\"https:\/\/iwell-guard.com\/is\/?page_id=168614\" class=\"iwg-kultur-badge\" tabindex=\"0\" data-tooltip=\"Hei\u00f0inn gu\u00f0a- og andaheimur Nor\u00f0ur- og Mi\u00f0-Evr\u00f3pu.\">Germanskt<\/a><a href=\"https:\/\/iwell-guard.com\/is\/?page_id=168708\" class=\"iwg-tradition-badge\" tabindex=\"0\" data-tooltip=\"Verndandi gu\u00f0ir, verndarar heimilis, borgar, f\u00e6\u00f0inga, fer\u00f0alaga e\u00f0a l\u00edfsskei\u00f0a.\">Verndargy\u00f0ja<\/a><\/div>\t\t\t\t<\/div>\n\t\t\t\t<\/div>\n\t\t<div class=\"elementor-element elementor-element-3f74855 e-con-full e-flex e-con e-child\" data-id=\"3f74855\" data-element_type=\"container\" data-e-type=\"container\">\n\t\t\t\t<div class=\"elementor-element elementor-element-1c30362 elementor-toc--minimized-on-tablet elementor-widget elementor-widget-table-of-contents\" data-id=\"1c30362\" data-element_type=\"widget\" data-e-type=\"widget\" data-settings=\"{&quot;exclude_headings_by_selector&quot;:[],&quot;no_headings_message&quot;:&quot;Engar undirfyrirsagnir fundust \\u00e1 \\u00feessari s\\u00ed\\u00f0u.&quot;,&quot;headings_by_tags&quot;:[&quot;h2&quot;,&quot;h3&quot;],&quot;marker_view&quot;:&quot;bullets&quot;,&quot;minimize_box&quot;:&quot;yes&quot;,&quot;icon&quot;:{&quot;value&quot;:&quot;fas fa-circle&quot;,&quot;library&quot;:&quot;fa-solid&quot;,&quot;rendered_tag&quot;:&quot;&lt;svg class=\\&quot;e-font-icon-svg e-fas-circle\\&quot; viewBox=\\&quot;0 0 512 512\\&quot; xmlns=\\&quot;http:\\\/\\\/www.w3.org\\\/2000\\\/svg\\&quot;&gt;&lt;path d=\\&quot;M256 8C119 8 8 119 8 256s111 248 248 248 248-111 248-248S393 8 256 8z\\&quot;&gt;&lt;\\\/path&gt;&lt;\\\/svg&gt;&quot;},&quot;minimized_on&quot;:&quot;tablet&quot;,&quot;hierarchical_view&quot;:&quot;yes&quot;,&quot;min_height&quot;:{&quot;unit&quot;:&quot;px&quot;,&quot;size&quot;:&quot;&quot;,&quot;sizes&quot;:[]},&quot;min_height_tablet&quot;:{&quot;unit&quot;:&quot;px&quot;,&quot;size&quot;:&quot;&quot;,&quot;sizes&quot;:[]},&quot;min_height_mobile&quot;:{&quot;unit&quot;:&quot;px&quot;,&quot;size&quot;:&quot;&quot;,&quot;sizes&quot;:[]}}\" data-widget_type=\"table-of-contents.default\">\n\t\t\t\t\t\t\t\t\t<div class=\"elementor-toc__header\">\n\t\t\t\t\t\t<h2 class=\"elementor-toc__header-title\">\n\t\t\t\tEfnisyfirlit\t\t\t<\/h2>\n\t\t\t\t\t\t\t\t\t\t<div class=\"elementor-toc__toggle-button elementor-toc__toggle-button--expand\" role=\"button\" tabindex=\"0\" aria-controls=\"elementor-toc__1c30362\" aria-expanded=\"true\" aria-label=\"Open table of contents\"><svg aria-hidden=\"true\" class=\"e-font-icon-svg e-fas-chevron-down\" viewBox=\"0 0 448 512\" xmlns=\"http:\/\/www.w3.org\/2000\/svg\"><path d=\"M207.029 381.476L12.686 187.132c-9.373-9.373-9.373-24.569 0-33.941l22.667-22.667c9.357-9.357 24.522-9.375 33.901-.04L224 284.505l154.745-154.021c9.379-9.335 24.544-9.317 33.901.04l22.667 22.667c9.373 9.373 9.373 24.569 0 33.941L240.971 381.476c-9.373 9.372-24.569 9.372-33.942 0z\"><\/path><\/svg><\/div>\n\t\t\t\t<div class=\"elementor-toc__toggle-button elementor-toc__toggle-button--collapse\" role=\"button\" tabindex=\"0\" aria-controls=\"elementor-toc__1c30362\" aria-expanded=\"true\" aria-label=\"Close table of contents\"><svg aria-hidden=\"true\" class=\"e-font-icon-svg e-fas-chevron-up\" viewBox=\"0 0 448 512\" xmlns=\"http:\/\/www.w3.org\/2000\/svg\"><path d=\"M240.971 130.524l194.343 194.343c9.373 9.373 9.373 24.569 0 33.941l-22.667 22.667c-9.357 9.357-24.522 9.375-33.901.04L224 227.495 69.255 381.516c-9.379 9.335-24.544 9.317-33.901-.04l-22.667-22.667c-9.373-9.373-9.373-24.569 0-33.941L207.03 130.525c9.372-9.373 24.568-9.373 33.941-.001z\"><\/path><\/svg><\/div>\n\t\t\t\t\t<\/div>\n\t\t\t\t<div id=\"elementor-toc__1c30362\" class=\"elementor-toc__body\">\n\t\t\t<div class=\"elementor-toc__spinner-container\">\n\t\t\t\t<svg class=\"elementor-toc__spinner eicon-animation-spin e-font-icon-svg e-eicon-loading\" aria-hidden=\"true\" viewBox=\"0 0 1000 1000\" xmlns=\"http:\/\/www.w3.org\/2000\/svg\"><path d=\"M500 975V858C696 858 858 696 858 500S696 142 500 142 142 304 142 500H25C25 237 238 25 500 25S975 237 975 500 763 975 500 975Z\"><\/path><\/svg>\t\t\t<\/div>\n\t\t<\/div>\n\t\t\t\t\t\t<\/div>\n\t\t\t\t<\/div>\n\t\t\t\t\t<\/div>\n\t\t\t\t<\/div>\n\t\t<div class=\"elementor-element elementor-element-herorght0 e-con-full e-flex e-con e-child\" data-id=\"herorght0\" data-element_type=\"container\" data-e-type=\"container\">\n\t\t\t\t<div class=\"elementor-element elementor-element-heroimg00 iwg-hero-image elementor-widget elementor-widget-image\" data-id=\"heroimg00\" data-element_type=\"widget\" data-e-type=\"widget\" data-widget_type=\"image.default\">\n\t\t\t\t\t\t\t\t\t\t\t\t\t\t\t<img fetchpriority=\"high\" decoding=\"async\" width=\"683\" height=\"1024\" src=\"https:\/\/iwell-guard.com\/wp-content\/uploads\/2026\/04\/goetter_germanisch_frigg-683x1024.webp\" class=\"attachment-large size-large wp-image-171128\" alt=\"Frigg - Gu\u00f0ir \u00far germanskri hef\u00f0, s\u00f6gulega myndr\u00e6nt\" srcset=\"https:\/\/iwell-guard.com\/wp-content\/uploads\/2026\/04\/goetter_germanisch_frigg-683x1024.webp 683w, https:\/\/iwell-guard.com\/wp-content\/uploads\/2026\/04\/goetter_germanisch_frigg-200x300.webp 200w, https:\/\/iwell-guard.com\/wp-content\/uploads\/2026\/04\/goetter_germanisch_frigg-768x1152.webp 768w, https:\/\/iwell-guard.com\/wp-content\/uploads\/2026\/04\/goetter_germanisch_frigg.webp 1024w\" sizes=\"(max-width: 683px) 100vw, 683px\" \/>\t\t\t\t\t\t\t\t\t\t\t\t\t\t\t<\/div>\n\t\t\t\t<\/div>\n\t\t\t\t\t<\/div>\n\t\t\t\t<\/div>\n\t\t<div class=\"elementor-element elementor-element-32917199 e-flex e-con-boxed e-con e-parent\" data-id=\"32917199\" data-element_type=\"container\" data-e-type=\"container\">\n\t\t\t\t\t<div class=\"e-con-inner\">\n\t\t<div class=\"elementor-element elementor-element-26e916cb e-flex e-con-boxed e-con e-child\" data-id=\"26e916cb\" data-element_type=\"container\" data-e-type=\"container\">\n\t\t\t\t\t<div class=\"e-con-inner\">\n\t\t<div class=\"elementor-element elementor-element-253a40d4 e-flex e-con-boxed e-con e-child\" data-id=\"253a40d4\" data-element_type=\"container\" data-e-type=\"container\">\n\t\t\t\t\t<div class=\"e-con-inner\">\n\t\t\t\t<div class=\"elementor-element elementor-element-1200c304 elementor-widget elementor-widget-heading\" data-id=\"1200c304\" data-element_type=\"widget\" data-e-type=\"widget\" data-widget_type=\"heading.default\">\n\t\t\t\t\t<h2 class=\"elementor-heading-title elementor-size-default\">Frigg<\/h2>\t\t\t\t<\/div>\n\t\t\t\t\t<\/div>\n\t\t\t\t<\/div>\n\t\t<div class=\"elementor-element elementor-element-159dcf9a e-flex e-con-boxed e-con e-child\" data-id=\"159dcf9a\" data-element_type=\"container\" data-e-type=\"container\">\n\t\t\t\t\t<div class=\"e-con-inner\">\n\t\t\t\t<div class=\"elementor-element elementor-element-48cee66f elementor-widget elementor-widget-heading\" data-id=\"48cee66f\" data-element_type=\"widget\" data-e-type=\"widget\" data-widget_type=\"heading.default\">\n\t\t\t\t\t<h3 class=\"elementor-heading-title elementor-size-default\">\u00cd hnotskurn: Frigg<\/h3>\t\t\t\t<\/div>\n\t\t\t\t<div class=\"elementor-element elementor-element-3f50d82c elementor-widget elementor-widget-text-editor\" data-id=\"3f50d82c\" data-element_type=\"widget\" data-e-type=\"widget\" data-widget_type=\"text-editor.default\">\n\t\t\t\t\t\t\t\t\t<p><strong>Tegund:<\/strong> Germ\u00f6nsk h\u00f6fu\u00f0gy\u00f0ja, \u00c1synja, eiginkona \u00d3\u00f0ins, m\u00f3\u00f0urgy\u00f0ja<br><span class=\"iwg-fachbegriff\" data-tooltip=\"Heildarsafn gu\u00f0a \u00ed tr\u00faarbr\u00f6g\u00f0um e\u00f0a menningu.\" tabindex=\"0\">Go\u00f0aheimur<\/span>: Germanskt \/ norr\u00e6nt (\u00c1sa\u00e6tt)<br>Hlutverk: M\u00f3\u00f0urhlutverk, h\u00fasvernd, viska (\u00feagnar\u00feekking), frams\u00fdni (alvitur, \u00e1n \u00feess a\u00f0 tala um \u00fea\u00f0)<br>Meginkennieinkenni: Rokkur, lyklakippa (h\u00fasvernd), f\u00e1lkafja\u00f0ram\u00f6ttull, hir\u00f0kl\u00e6\u00f0i<br>A\u00f0ald\u00fdrkunarsta\u00f0ir: engin eigin <span class=\"iwg-fachbegriff\" data-tooltip=\"Bygging sem er notu\u00f0 til d\u00fdrkunar \u00e1 einum e\u00f0a fleiri gu\u00f0um.\" tabindex=\"0\">hof<\/span> skjalfest, \u00fatbreidd <span class=\"iwg-fachbegriff\" data-tooltip=\"Fr\u00e1 t\u00edmanum \u00e1\u00f0ur en kristni breiddist \u00fat.\" tabindex=\"0\">\u00e1\u00f0ur en kristni breiddist \u00fat<\/span> \u00ed Saxlandi og Ne\u00f0ra-Saxlandi<br>R\u00f3mversk samsv\u00f6run: Venus (\u00ed hef\u00f0 vikudaganna: f\u00f6studagur = dagur Friggjar, samhli\u00f0a Veneris dies)<\/p>\t\t\t\t\t\t\t\t<\/div>\n\t\t\t\t\t<\/div>\n\t\t\t\t<\/div>\n\t\t\t\t\t<\/div>\n\t\t\t\t<\/div>\n\t\t\t\t\t<\/div>\n\t\t\t\t<\/div>\n\t\t<div class=\"elementor-element elementor-element-18613602 e-flex e-con-boxed e-con e-parent\" data-id=\"18613602\" data-element_type=\"container\" data-e-type=\"container\">\n\t\t\t\t\t<div class=\"e-con-inner\">\n\t\t\t\t<div class=\"elementor-element elementor-element-262b8a9f elementor-widget elementor-widget-heading\" data-id=\"262b8a9f\" data-element_type=\"widget\" data-e-type=\"widget\" data-widget_type=\"heading.default\">\n\t\t\t\t\t<h2 class=\"elementor-heading-title elementor-size-default\">S\u00f6guleg sta\u00f0setning<\/h2>\t\t\t\t<\/div>\n\t\t<div class=\"elementor-element elementor-element-46dcb7d e-con-full e-flex e-con e-child\" data-id=\"46dcb7d\" data-element_type=\"container\" data-e-type=\"container\">\n\t\t<div class=\"elementor-element elementor-element-61d3ab3 e-flex e-con-boxed e-con e-child\" data-id=\"61d3ab3\" data-element_type=\"container\" data-e-type=\"container\">\n\t\t\t\t\t<div class=\"e-con-inner\">\n\t\t\t\t<div class=\"elementor-element elementor-element-117c166 elementor-widget elementor-widget-heading\" data-id=\"117c166\" data-element_type=\"widget\" data-e-type=\"widget\" data-widget_type=\"heading.default\">\n\t\t\t\t\t<h3 class=\"elementor-heading-title elementor-size-default\">T\u00edmabil textanna<\/h3>\t\t\t\t<\/div>\n\t\t\t\t<div class=\"elementor-element elementor-element-73997a0 elementor-widget elementor-widget-text-editor\" data-id=\"73997a0\" data-element_type=\"widget\" data-e-type=\"widget\" data-widget_type=\"text-editor.default\">\n\t\t\t\t\t\t\t\t\t<p>Frigg hefur veri\u00f0 mi\u00f0l\u00e6g allt fr\u00e1 elstu germ\u00f6nsku heimildunum (r\u00f3mverski Tacitus, 1. \u00f6ld e.Kr., s\u00ed\u00f0an <em>Edda<\/em> Snorra Sturlusonar, 13. \u00f6ld). Meginb\u00f3kmenntaheimildin er <em>Snorra-Edda<\/em> (1220) og <em>Lj\u00f3\u00f0aeddan<\/em> (safna\u00f0 \u00e1 13. \u00f6ld, inniheldur eldri go\u00f0sagnakv\u00e6\u00f0i).<\/p><p>\u00cd germ\u00f6nsku vikudagakerfinu er <em>f\u00f6studagur<\/em> nefndur eftir Frigg (germanskt <em>Frij\u0101dagaz<\/em>, samhli\u00f0a latnesku <em>dies Veneris<\/em>). Kristnitaka Skandinav\u00edu (10.\u201312. \u00f6ld) rauf <span class=\"iwg-fachbegriff\" data-tooltip=\"Heildarsafn tr\u00faarlegra d\u00fdrkunarathafna fyrir gu\u00f0 e\u00f0a heilaga v\u00e6tt.\" tabindex=\"0\">d\u00fdrkunina<\/span>, en h\u00fan var\u00f0veittist \u00ed vikudagsnafninu, \u00ed \u00fej\u00f3\u00f0h\u00e1ttum og \u00ed b\u00f3kmenntahef\u00f0inni. \u00c1 19.\/20. \u00f6ld germ\u00f6nsk-r\u00f3mant\u00edsk og n\u00fdhei\u00f0in \u00e1satr\u00faarendurl\u00edfgun.<\/p>\t\t\t\t\t\t\t\t<\/div>\n\t\t\t\t\t<\/div>\n\t\t\t\t<\/div>\n\t\t<div class=\"elementor-element elementor-element-d47b156 e-flex e-con-boxed e-con e-child\" data-id=\"d47b156\" data-element_type=\"container\" data-e-type=\"container\">\n\t\t\t\t\t<div class=\"e-con-inner\">\n\t\t\t\t<div class=\"elementor-element elementor-element-ff38c2b elementor-widget elementor-widget-heading\" data-id=\"ff38c2b\" data-element_type=\"widget\" data-e-type=\"widget\" data-widget_type=\"heading.default\">\n\t\t\t\t\t<h3 class=\"elementor-heading-title elementor-size-default\">\u00datbrei\u00f0slusv\u00e6\u00f0i<\/h3>\t\t\t\t<\/div>\n\t\t\t\t<div class=\"elementor-element elementor-element-4e49fcc elementor-widget elementor-widget-text-editor\" data-id=\"4e49fcc\" data-element_type=\"widget\" data-e-type=\"widget\" data-widget_type=\"text-editor.default\">\n\t\t\t\t\t\t\t\t\t<p>Bein Frigg-<span class=\"iwg-fachbegriff\" data-tooltip=\"Bygging sem er notu\u00f0 til d\u00fdrkunar \u00e1 einum e\u00f0a fleiri gu\u00f0um.\" tabindex=\"0\">hof<\/span> eru ekki afdr\u00e1ttarlaust skjalfest. Hin fornu germanska d\u00fdrkun var a\u00f0 mestu heimilisd\u00fdrkun og <span class=\"iwg-fachbegriff\" data-tooltip=\"Tr\u00faarlegar hugmyndir og si\u00f0ir sem eru \u00fatbreiddir \u00ed daglegu l\u00edfi.\" tabindex=\"0\">\u00fej\u00f3\u00f0tr\u00fa<\/span>. Tacitus nefnir <span class=\"iwg-fachbegriff\" data-tooltip=\"Heilagur trj\u00e1lundur sem \u00fej\u00f3na\u00f0i sem d\u00fdrkunarsta\u00f0ur.\" tabindex=\"0\">helgilund<\/span> \u00ed Svartask\u00f3gi sem heilagan sta\u00f0.<\/p><p>\u00c1 skandinav\u00edskum mi\u00f0\u00f6ldum eru tilv\u00edsanir til hennar a\u00f0 mestu b\u00f3kmenntalegar (Edda, dr\u00f3ttkv\u00e6\u00f0i). \u00cd hinni n\u00fat\u00edmalegu <em>\u00e1satr\u00fa<\/em> (germ\u00f6nsk hei\u00f0in tr\u00fa fr\u00e1 1970 og s\u00ed\u00f0ar) er h\u00fan aftur virk d\u00fdrku\u00f0. \u00cd dag eru til \u00e1satr\u00faarbl\u00f3tsamkomur \u00ed \u00de\u00fdskalandi, Bandar\u00edkjunum og Skandinav\u00edu.<\/p>\t\t\t\t\t\t\t\t<\/div>\n\t\t\t\t\t<\/div>\n\t\t\t\t<\/div>\n\t\t\t\t<\/div>\n\t\t<div class=\"elementor-element elementor-element-db03c39 e-con-full e-flex e-con e-child\" data-id=\"db03c39\" data-element_type=\"container\" data-e-type=\"container\">\n\t\t<div class=\"elementor-element elementor-element-229a87b e-flex e-con-boxed e-con e-child\" data-id=\"229a87b\" data-element_type=\"container\" data-e-type=\"container\">\n\t\t\t\t\t<div class=\"e-con-inner\">\n\t\t\t\t<div class=\"elementor-element elementor-element-1f471fc elementor-widget elementor-widget-heading\" data-id=\"1f471fc\" data-element_type=\"widget\" data-e-type=\"widget\" data-widget_type=\"heading.default\">\n\t\t\t\t\t<h3 class=\"elementor-heading-title elementor-size-default\">Heimildasta\u00f0a<\/h3>\t\t\t\t<\/div>\n\t\t\t\t<div class=\"elementor-element elementor-element-36b1201 elementor-widget elementor-widget-text-editor\" data-id=\"36b1201\" data-element_type=\"widget\" data-e-type=\"widget\" data-widget_type=\"text-editor.default\">\n\t\t\t\t\t\t\t\t\t<p>Meginheimildir: <span class=\"iwg-fachbegriff\" tabindex=\"0\" data-tooltip=\"\u00cdslenskur fr\u00e6\u00f0ima\u00f0ur (1179\u20131241); h\u00f6fundur Snorra-Eddu og Heimskringlu.\">Snorri Sturluson<\/span> <em>Snorra-Edda<\/em> (Gylfaginning, Sk\u00e1ldskaparm\u00e1l); <em>Lj\u00f3\u00f0aeddan<\/em> (Vaf\u00fer\u00fa\u00f0nism\u00e1l, Lokasenna me\u00f0 varnarr\u00e6\u00f0u Friggjar); Saxo Grammaticus <em>Gesta Danorum<\/em> (12. \u00f6ld, evhemer\u00edsk germanskur go\u00f0afr\u00e6\u00f0i); Tacitus <em>Germania<\/em> (1. \u00f6ld).<\/p><p>Aukaheimildir: Simek, <em>Lexikon der germanischen <span class=\"iwg-fachbegriff\" data-tooltip=\"Heildarsafn arfleiddra fr\u00e1sagna um gu\u00f0i \u00ed \u00e1kve\u00f0inni menningu.\" tabindex=\"0\">Mythologie<\/span><\/em>; de Vries, <em>Altgermanische Religionsgeschichte<\/em>; Lindow, <em>Norse Mythology. A Guide to the Gods, Heroes, Rituals, and Beliefs<\/em>; Davidson, <em>Roles of the Northern Goddess<\/em>.<\/p>\t\t\t\t\t\t\t\t<\/div>\n\t\t\t\t\t<\/div>\n\t\t\t\t<\/div>\n\t\t\t\t<\/div>\n\t\t\t\t\t<\/div>\n\t\t\t\t<\/div>\n\t\t<div class=\"elementor-element elementor-element-3ae0637c e-flex e-con-boxed e-con e-parent\" data-id=\"3ae0637c\" data-element_type=\"container\" data-e-type=\"container\">\n\t\t\t\t\t<div class=\"e-con-inner\">\n\t\t\t\t<div class=\"elementor-element elementor-element-31d07739 elementor-widget elementor-widget-heading\" data-id=\"31d07739\" data-element_type=\"widget\" data-e-type=\"widget\" data-widget_type=\"heading.default\">\n\t\t\t\t\t<h2 class=\"elementor-heading-title elementor-size-default\">Nafn<\/h2>\t\t\t\t<\/div>\n\t\t<div class=\"elementor-element elementor-element-b7642947 e-con-full e-flex e-con e-child\" data-id=\"b7642947\" data-element_type=\"container\" data-e-type=\"container\">\n\t\t\t\t<div class=\"elementor-element elementor-element-a086266 elementor-widget elementor-widget-text-editor\" data-id=\"a086266\" data-element_type=\"widget\" data-e-type=\"widget\" data-widget_type=\"text-editor.default\">\n\t\t\t\t\t\t\t\t\t<p>Frigg er s\u00fdnd sem fullor\u00f0in, tignarleg kona, oft me\u00f0 rokk e\u00f0a lyklakippu, b\u00e6\u00f0i t\u00e1kn h\u00fasm\u00e6\u00f0ravalds \u00ed norr\u00e6num v\u00edkingaheimi. F\u00e1lkab\u00faningur hennar veitir henni og \u00f6\u00f0rum gu\u00f0um sem f\u00e1 hann a\u00f0 l\u00e1ni, eins og Loka, getu til a\u00f0 flj\u00faga.<\/p><p>T\u00f3lf \u00c1synjur, undirsettar gy\u00f0jur, eru taldar \u00fej\u00f3nustumeyjar hennar. Litir hennar eru hv\u00edtur, silfur og f\u00f6lbl\u00e1r; d\u00fdr hennar er f\u00e1lkinn.<\/p>\t\t\t\t\t\t\t\t<\/div>\n\t\t\t\t<\/div>\n\t\t\t\t\t<\/div>\n\t\t\t\t<\/div>\n\t\t<div class=\"elementor-element elementor-element-709a44a8 e-flex e-con-boxed e-con e-parent\" data-id=\"709a44a8\" data-element_type=\"container\" data-e-type=\"container\">\n\t\t\t\t\t<div class=\"e-con-inner\">\n\t\t\t\t<div class=\"elementor-element elementor-element-2f585873 elementor-widget elementor-widget-heading\" data-id=\"2f585873\" data-element_type=\"widget\" data-e-type=\"widget\" data-widget_type=\"heading.default\">\n\t\t\t\t\t<h2 class=\"elementor-heading-title elementor-size-default\">L\u00fdsing<\/h2>\t\t\t\t<\/div>\n\t\t<div class=\"elementor-element elementor-element-70621c12 e-con-full e-flex e-con e-child\" data-id=\"70621c12\" data-element_type=\"container\" data-e-type=\"container\">\n\t\t\t\t<div class=\"elementor-element elementor-element-4296eb49 elementor-widget elementor-widget-text-editor\" data-id=\"4296eb49\" data-element_type=\"widget\" data-e-type=\"widget\" data-widget_type=\"text-editor.default\">\n\t\t\t\t\t\t\t\t\t<p>Frigg tryggir skipulag heimilis og \u00e6ttarveldis. H\u00fan \u00feekkir \u00f6rl\u00f6g allra v\u00e6tta, en \u00feegir um \u00fea\u00f0. \u00deessi g\u00e1fa gerir hana a\u00f0 harmr\u00e6nni m\u00f3\u00f0ur: h\u00fan vissi um dau\u00f0a sonar s\u00edns Baldurs, en getur ekki komi\u00f0 \u00ed veg fyrir hann.<\/p><p>\u00cd <span class=\"iwg-fachbegriff\" data-tooltip=\"Arfleidd fr\u00e1s\u00f6gn um gu\u00f0i, uppruna og skipulag heimsins.\" tabindex=\"0\">go\u00f0s\u00f6gninni<\/span> um dau\u00f0a Baldurs reynir h\u00fan a\u00f0 f\u00e1 alla hluti heimsins til a\u00f0 sverja ei\u00f0 um a\u00f0 ska\u00f0a son hennar aldrei, en yfirs\u00e9st hin unga mistilteinsgrein, sem Loki notar s\u00ed\u00f0ar til a\u00f0 fella hann.<\/p>\t\t\t\t\t\t\t\t<\/div>\n\t\t\t\t<\/div>\n\t\t\t\t\t<\/div>\n\t\t\t\t<\/div>\n\t\t<div class=\"elementor-element elementor-element-44e71476 e-flex e-con-boxed e-con e-parent\" data-id=\"44e71476\" data-element_type=\"container\" data-e-type=\"container\">\n\t\t\t\t\t<div class=\"e-con-inner\">\n\t\t\t\t<div class=\"elementor-element elementor-element-3c1fc3f0 elementor-widget elementor-widget-heading\" data-id=\"3c1fc3f0\" data-element_type=\"widget\" data-e-type=\"widget\" data-widget_type=\"heading.default\">\n\t\t\t\t\t<h2 class=\"elementor-heading-title elementor-size-default\">Yfirlit: Frigg<\/h2>\t\t\t\t<\/div>\n\t\t<div class=\"elementor-element elementor-element-84f33b8e e-con-full e-flex e-con e-child\" data-id=\"84f33b8e\" data-element_type=\"container\" data-e-type=\"container\">\n\t\t\t\t<div class=\"elementor-element elementor-element-hqkdc67p elementor-widget elementor-widget-text-editor\" data-id=\"hqkdc67p\" data-element_type=\"widget\" data-e-type=\"widget\" data-widget_type=\"text-editor.default\">\n\t\t\t\t\t\t\t\t\t<p>Mikilv\u00e6gustu \u00fe\u00e6ttir Friggjar \u00ed hnotskurn. Eftirfarandi reitir taka saman uppruna, hlutverk, \u00e1s\u00fdnd, d\u00fdrkun, t\u00e1kn og menningarlega samsv\u00f6run.<\/p>\t\t\t\t\t\t\t\t<\/div>\n\t\t\t\t<\/div>\n\t\t<div class=\"elementor-element elementor-element-pemmx7c5 e-con-full e-flex e-con e-child\" data-id=\"pemmx7c5\" data-element_type=\"container\" data-e-type=\"container\">\n\t\t<div class=\"elementor-element elementor-element-pemmx7c1 e-con-full e-flex e-con e-child\" data-id=\"pemmx7c1\" data-element_type=\"container\" data-e-type=\"container\">\n\t\t<div class=\"elementor-element elementor-element-qh9oavvu iwg-steckbrief-card e-flex e-con-boxed e-con e-child\" data-id=\"qh9oavvu\" data-element_type=\"container\" data-e-type=\"container\">\n\t\t\t\t\t<div class=\"e-con-inner\">\n\t\t\t\t<div class=\"elementor-element elementor-element-awzx8k2k elementor-widget elementor-widget-heading\" data-id=\"awzx8k2k\" data-element_type=\"widget\" data-e-type=\"widget\" data-widget_type=\"heading.default\">\n\t\t\t\t\t<h3 class=\"elementor-heading-title elementor-size-default\">Hef\u00f0<\/h3>\t\t\t\t<\/div>\n\t\t\t\t<div class=\"elementor-element elementor-element-x6rowhv0 elementor-widget elementor-widget-text-editor\" data-id=\"x6rowhv0\" data-element_type=\"widget\" data-e-type=\"widget\" data-widget_type=\"text-editor.default\">\n\t\t\t\t\t\t\t\t\t<p>Frigg er eiginkona \u00d3\u00f0ins (germ. Wodan) og m\u00f3\u00f0ir lj\u00f3sgu\u00f0sins <em>Baldurs<\/em>. D\u00f3ttir Fj\u00f6rgynjar (\u00ed einni hef\u00f0; \u00e6ttartr\u00e9\u00f0 er \u00f3lj\u00f3st). Lei\u00f0togi <em>\u00c1synja<\/em>.<\/p><p>Meginsaga hennar er frams\u00fdnin og misheppnu\u00f0 tilraun til a\u00f0 bjarga syni s\u00ednum Baldri fr\u00e1 dau\u00f0a: h\u00fan l\u00e6tur alla hluti heimsins sverja a\u00f0 ska\u00f0a hann ekki, en yfirs\u00e9st mistilteininn, sem Loki notar s\u00ed\u00f0ar til a\u00f0 fella Baldur.<\/p>\t\t\t\t\t\t\t\t<\/div>\n\t\t\t\t\t<\/div>\n\t\t\t\t<\/div>\n\t\t<div class=\"elementor-element elementor-element-8e3o4kxs iwg-steckbrief-card e-flex e-con-boxed e-con e-child\" data-id=\"8e3o4kxs\" data-element_type=\"container\" data-e-type=\"container\">\n\t\t\t\t\t<div class=\"e-con-inner\">\n\t\t\t\t<div class=\"elementor-element elementor-element-08rkdgov elementor-widget elementor-widget-heading\" data-id=\"08rkdgov\" data-element_type=\"widget\" data-e-type=\"widget\" data-widget_type=\"heading.default\">\n\t\t\t\t\t<h3 class=\"elementor-heading-title elementor-size-default\">Verkunarsvi\u00f0<\/h3>\t\t\t\t<\/div>\n\t\t\t\t<div class=\"elementor-element elementor-element-uwjelx8s elementor-widget elementor-widget-text-editor\" data-id=\"uwjelx8s\" data-element_type=\"widget\" data-e-type=\"widget\" data-widget_type=\"text-editor.default\">\n\t\t\t\t\t\t\t\t\t<p>M\u00f3\u00f0urgy\u00f0ja, verndari hj\u00f3nabandsins og heimilishaldsins. Var\u00f0veitandi lykla h\u00fassins (<span class=\"iwg-fachbegriff\" data-tooltip=\"T\u00e1kn sem stendur fyrir hugmynd e\u00f0a merkingu.\" tabindex=\"0\">t\u00e1kn<\/span> h\u00fasfreyjuvalds, en samkv\u00e6mt fornger\u00adm\u00f6nskum si\u00f0 bar h\u00fasfreyjan lyklakippu vi\u00f0 belti\u00f0).<\/p><p>Alvitur sj\u00e1andi sem \u00fe\u00f3 var\u00f0veitir \u00fe\u00f6gn (\u00f3l\u00edkt \u00d3\u00f0ni, sem talar). \u00cd pers\u00f3nulegri \u00fej\u00f3\u00f0tr\u00fa var h\u00fan <span class=\"iwg-fachbegriff\" data-tooltip=\"\u00dea\u00f0 a\u00f0 \u00e1kalla e\u00f0a s\u00e6ra fram gu\u00f0 e\u00f0a m\u00e1tt me\u00f0 b\u00e6n.\" tabindex=\"0\">\u00e1k\u00f6llu\u00f0<\/span> \u00ed f\u00e6\u00f0ingarhr\u00ed\u00f0um, vi\u00f0 hj\u00f3nav\u00edgslur og til verndar heimilinu. \u00cd \u00c1satr\u00faarhreyfingunni er h\u00fan verndari kvennainnv\u00edgslu og fj\u00f6lskyldubl\u00f3ta, \u00fear sem <span class=\"iwg-fachbegriff\" data-tooltip=\"Helgiath\u00f6fn \u00fear sem einstaklingur er tekinn inn \u00ed n\u00fdja st\u00f6\u00f0u e\u00f0a samf\u00e9lag.\" tabindex=\"0\">innv\u00edgslu<\/span> ber vi\u00f0.<\/p>\t\t\t\t\t\t\t\t<\/div>\n\t\t\t\t\t<\/div>\n\t\t\t\t<\/div>\n\t\t<div class=\"elementor-element elementor-element-jm2n74ec iwg-steckbrief-card e-flex e-con-boxed e-con e-child\" data-id=\"jm2n74ec\" data-element_type=\"container\" data-e-type=\"container\">\n\t\t\t\t\t<div class=\"e-con-inner\">\n\t\t\t\t<div class=\"elementor-element elementor-element-8vufse4c elementor-widget elementor-widget-heading\" data-id=\"8vufse4c\" data-element_type=\"widget\" data-e-type=\"widget\" data-widget_type=\"heading.default\">\n\t\t\t\t\t<h3 class=\"elementor-heading-title elementor-size-default\">\u00c1sj\u00f3na Friggjar<\/h3>\t\t\t\t<\/div>\n\t\t\t\t<div class=\"elementor-element elementor-element-mwb9u015 elementor-widget elementor-widget-text-editor\" data-id=\"mwb9u015\" data-element_type=\"widget\" data-e-type=\"widget\" data-widget_type=\"text-editor.default\">\n\t\t\t\t\t\t\t\t\t<p>Frigg hefur ekkert fastm\u00f3ta\u00f0 myndr\u00e6nt form fr\u00e1 v\u00edkinga\u00f6ld (mj\u00f6g f\u00e1ar myndir af germ\u00f6nskum gu\u00f0um hafa var\u00f0veist). \u00cd b\u00f3kmenntahef\u00f0inni er h\u00fan matr\u00f3nuleg kvenpers\u00f3na me\u00f0 langt lj\u00f3st h\u00e1r, \u00ed h\u00e1t\u00ed\u00f0legum hir\u00f0kl\u00e6\u00f0na\u00f0i, me\u00f0 lyklakippu vi\u00f0 belti\u00f0, oft sitjandi vi\u00f0 rokk (h\u00fan spinnur \u00f6rl\u00f6gin).<\/p><p>\u00cd \u00fej\u00f3\u00f0tr\u00fa er h\u00fan tengd stj\u00f6rnumerkinu \u00d3r\u00edonsbelti (\u00e1 nor\u00f0ur-\u00fe\u00fdsku <em>Friggerock<\/em>, rokkur Friggjar). \u00cd n\u00fat\u00edma \u00e1satr\u00faarlist er h\u00fan jafnan s\u00fdnd sem tignarleg drottning me\u00f0 k\u00f3r\u00f3nu og skartgripi.<\/p>\t\t\t\t\t\t\t\t<\/div>\n\t\t\t\t\t<\/div>\n\t\t\t\t<\/div>\n\t\t\t\t<\/div>\n\t\t<div class=\"elementor-element elementor-element-pemmx7c2 e-con-full e-flex e-con e-child\" data-id=\"pemmx7c2\" data-element_type=\"container\" data-e-type=\"container\">\n\t\t<div class=\"elementor-element elementor-element-37ss2yr6 iwg-steckbrief-card e-flex e-con-boxed e-con e-child\" data-id=\"37ss2yr6\" data-element_type=\"container\" data-e-type=\"container\">\n\t\t\t\t\t<div class=\"e-con-inner\">\n\t\t\t\t<div class=\"elementor-element elementor-element-3v0wp3wx elementor-widget elementor-widget-heading\" data-id=\"3v0wp3wx\" data-element_type=\"widget\" data-e-type=\"widget\" data-widget_type=\"heading.default\">\n\t\t\t\t\t<h3 class=\"elementor-heading-title elementor-size-default\">Verksvi\u00f0 Friggjar<\/h3>\t\t\t\t<\/div>\n\t\t\t\t<div class=\"elementor-element elementor-element-w3247g2m elementor-widget elementor-widget-text-editor\" data-id=\"w3247g2m\" data-element_type=\"widget\" data-e-type=\"widget\" data-widget_type=\"text-editor.default\">\n\t\t\t\t\t\t\t\t\t<p><strong>Verksvi\u00f0:<\/strong> \u00cd fornri germanskri heimilistr\u00fa var <span class=\"iwg-fachbegriff\" data-tooltip=\"\u00c1kall e\u00f0a b\u00e6n til gu\u00f0s e\u00f0a m\u00e1ttarvalds.\" tabindex=\"0\">\u00e1kall<\/span> til hennar vi\u00f0haft \u00ed f\u00e6\u00f0ingarm\u00e1lum, fyrir hj\u00f3nav\u00edgslur og til verndar heimilinu. <em>Rokkur Friggjar<\/em> (stj\u00f6rnumerki\u00f0) var \u00ed nor\u00f0ur-\u00fe\u00fdskri \u00fej\u00f3\u00f0tr\u00fa tengt ve\u00f0ursp\u00e1m og verndun spunakvenna. \u00cd kristni var h\u00fan endurt\u00falku\u00f0 sem Mar\u00eda spunakona.<\/p><p>\u00cd n\u00fat\u00edma \u00e1satr\u00faarhef\u00f0 (virk a\u00f0 n\u00fdju \u00ed \u00de\u00fdskalandi, Skandinav\u00edu, Bandar\u00edkjunum og Bretlandi fr\u00e1 1970 \u00e1ratugnum) er h\u00fan \u00e1k\u00f6llu\u00f0 vi\u00f0 kvennainnv\u00edgslubl\u00f3t og fj\u00f6lskylduh\u00e1t\u00ed\u00f0ir. Enginn mi\u00f0l\u00e6gur h\u00e1t\u00ed\u00f0isdagur er skjalfestur, en <em>f\u00f6studagur<\/em> (dagur Friggjar) telst hef\u00f0bundi\u00f0 hennar vikudagur.<\/p>\t\t\t\t\t\t\t\t<\/div>\n\t\t\t\t\t<\/div>\n\t\t\t\t<\/div>\n\t\t<div class=\"elementor-element elementor-element-0qpjal9w iwg-steckbrief-card e-flex e-con-boxed e-con e-child\" data-id=\"0qpjal9w\" data-element_type=\"container\" data-e-type=\"container\">\n\t\t\t\t\t<div class=\"e-con-inner\">\n\t\t\t\t<div class=\"elementor-element elementor-element-6ndoih0o elementor-widget elementor-widget-heading\" data-id=\"6ndoih0o\" data-element_type=\"widget\" data-e-type=\"widget\" data-widget_type=\"heading.default\">\n\t\t\t\t\t<h3 class=\"elementor-heading-title elementor-size-default\">Verndargripir<\/h3>\t\t\t\t<\/div>\n\t\t\t\t<div class=\"elementor-element elementor-element-6684tyh9 elementor-widget elementor-widget-text-editor\" data-id=\"6684tyh9\" data-element_type=\"widget\" data-e-type=\"widget\" data-widget_type=\"text-editor.default\">\n\t\t\t\t\t\t\t\t\t<p>Lyklakippa (h\u00fasforr\u00e6\u00f0i), rokkur, valsfja\u00f0urhamur (sem h\u00fan l\u00e1nar Loka), h\u00e1t\u00ed\u00f0legur hir\u00f0kl\u00e6\u00f0na\u00f0ur, k\u00f3r\u00f3na. Helgar jurtir: mistilteinn (mi\u00f0l\u00e6gur \u00ed <span class=\"iwg-fachbegriff\" data-tooltip=\"Hef\u00f0bundin fr\u00e1s\u00f6gn um gu\u00f0i, uppruna og skipan heimsins.\" tabindex=\"0\">go\u00f0s\u00f6gninni<\/span> um Baldur, \u00feversagnakennt sem hennar eigin yfirsj\u00f3n), mar\u00edustakkur (al\u00fe\u00fd\u00f0lega kalla\u00f0ur Friggjar-jurt). Heil\u00f6g d\u00fdr: valur (vegna fja\u00f0urhamsins), gaukur (\u00ed \u00fej\u00f3\u00f0tr\u00fa), storkur (kemur me\u00f0 b\u00f6rnin, f\u00e6\u00f0ingart\u00e1kn). Helgur vikudagur: f\u00f6studagur.<\/p>\t\t\t\t\t\t\t\t<\/div>\n\t\t\t\t\t<\/div>\n\t\t\t\t<\/div>\n\t\t<div class=\"elementor-element elementor-element-3lfi7x32 iwg-steckbrief-card e-flex e-con-boxed e-con e-child\" data-id=\"3lfi7x32\" data-element_type=\"container\" data-e-type=\"container\">\n\t\t\t\t\t<div class=\"e-con-inner\">\n\t\t\t\t<div class=\"elementor-element elementor-element-0kg99ga1 elementor-widget elementor-widget-heading\" data-id=\"0kg99ga1\" data-element_type=\"widget\" data-e-type=\"widget\" data-widget_type=\"heading.default\">\n\t\t\t\t\t<h3 class=\"elementor-heading-title elementor-size-default\">Hli\u00f0st\u00e6\u00f0ur<\/h3>\t\t\t\t<\/div>\n\t\t\t\t<div class=\"elementor-element elementor-element-n0fum6kp elementor-widget elementor-widget-text-editor\" data-id=\"n0fum6kp\" data-element_type=\"widget\" data-e-type=\"widget\" data-widget_type=\"text-editor.default\">\n\t\t\t\t\t\t\t\t\t<p><em>Freyja<\/em> (germ\u00f6nsk, vanagy\u00f0ja \u00e1starinnar; \u00ed sumum fr\u00e6\u00f0ikenningum talin s\u00f6mu e\u00f0a n\u00e1i\u00f0 tengd Frigg, en \u00ed Eddu-hef\u00f0inni greint sk\u00fdrt \u00e1 milli \u00feeirra), <em>Fricka<\/em> (fornh\u00e1\u00fe\u00fdska, s\u00ed\u00f0ari afbrig\u00f0i), <em>Hera<\/em> (Grikkland, eiginkona Seifs, verndargy\u00f0ja hj\u00f3nabandsins), <em>Iuno<\/em> (R\u00f3m), <em>Innana\/Istar<\/em> (Mes\u00f3p\u00f3tam\u00eda, en meira er\u00f3t\u00edsk). \u00de\u00fdskar or\u00f0sifjaskyldar myndir: <em>Friede<\/em>, <em>Frigerich<\/em>. H\u00fan er \u00ed hlutverki s\u00ednu sem \u201em\u00f3\u00f0urgy\u00f0ja og verndargy\u00f0ja heimilishaldsins\u201c hli\u00f0st\u00e6\u00f0 Heru og Iuno.<\/p>\t\t\t\t\t\t\t\t<\/div>\n\t\t\t\t\t<\/div>\n\t\t\t\t<\/div>\n\t\t\t\t<\/div>\n\t\t\t\t<\/div>\n\t\t\t\t\t<\/div>\n\t\t\t\t<\/div>\n\t\t<div class=\"elementor-element elementor-element-5a584676 e-flex e-con-boxed e-con e-parent\" data-id=\"5a584676\" data-element_type=\"container\" data-e-type=\"container\">\n\t\t\t\t\t<div class=\"e-con-inner\">\n\t\t\t\t<div class=\"elementor-element elementor-element-6d0757bf elementor-widget elementor-widget-heading\" data-id=\"6d0757bf\" data-element_type=\"widget\" data-e-type=\"widget\" data-widget_type=\"heading.default\">\n\t\t\t\t\t<h2 class=\"elementor-heading-title elementor-size-default\">Frigg, hli\u00f0st\u00e6\u00f0ur \u00ed \u00f6\u00f0rum menningarheimum<\/h2>\t\t\t\t<\/div>\n\t\t<div class=\"elementor-element elementor-element-60563f68 e-con-full e-flex e-con e-child\" data-id=\"60563f68\" data-element_type=\"container\" data-e-type=\"container\">\n\t\t\t\t<div class=\"elementor-element elementor-element-5a93fdd6 elementor-widget elementor-widget-text-editor\" data-id=\"5a93fdd6\" data-element_type=\"widget\" data-e-type=\"widget\" data-widget_type=\"text-editor.default\">\n\t\t\t\t\t\t\t\t\t<p>Hli\u00f0st\u00e6\u00f0ar a\u00f0 hlutverki eru Iuno (R\u00f3m) sem gy\u00f0ja hj\u00f3nabandsins og borgarins, Hera (Grikkland) sem \u00e6\u00f0sta gy\u00f0ja og eiginkona h\u00f6fu\u00f0gu\u00f0sins, og Frigga sem su\u00f0ur-\u00fe\u00fdskt afbrig\u00f0i. Or\u00f0sifjalega er h\u00fan tengd Freyju, en b\u00e6\u00f0i n\u00f6fnin eiga r\u00e6tur \u00ed frumind\u00f3evr\u00f3pska or\u00f0inu *priH-jaH (hin elska\u00f0a). \u00cd ensaxneskri hef\u00f0 birtist h\u00fan sem Frige.<\/p>\n<p><strong>Ind\u00f3evr\u00f3pskar samanbur\u00f0argy\u00f0jur:<\/strong> \u00cd tr\u00faarbrag\u00f0afr\u00e6\u00f0ilegum ranns\u00f3knum er Frigg talin fulltr\u00fai ind\u00f3evr\u00f3psks gy\u00f0julags sem m\u00e1 rekja gegnum \u00fdmsa menningarheima. Byggingarlegt l\u00edkindi hennar vi\u00f0 Heru \u00ed gr\u00edskum tr\u00faarbr\u00f6g\u00f0um (sem eiginkona konungs gu\u00f0anna og verndara hj\u00f3nabands og fj\u00f6lskyldu) benda til sameiginlegrar ind\u00f3evr\u00f3pskrar arfleif\u00f0ar.<\/p><p>Einnig sj\u00e1st hli\u00f0st\u00e6\u00f0ur vi\u00f0 r\u00f3mversku Iuno (lat\u00ednuform Juno), sem st\u00f3\u00f0 \u00e1samt J\u00fap\u00edter og M\u00ednervu \u00ed kap\u00edt\u00f3l\u00ednsku \u00ferenningunni. B\u00e1\u00f0ar gy\u00f0jurnar deila me\u00f0 Frigg einkennum eiginkonugy\u00f0ju, frj\u00f3semi og heimilisverndar. Ved\u00edska Sarasvat\u00ed endurspeglar aftur \u00e1 m\u00f3ti fremur \u00fe\u00e6tti visku og \u00feekkingar, en einnig \u00ed henni finnast merki m\u00f3\u00f0urgy\u00f0ju-hlutverksins.<\/p><p><strong>Slavneskar og baltneskar hli\u00f0st\u00e6\u00f0ur:<\/strong> \u00cd slavneskum hef\u00f0um kemur Mokosh fram sem jar\u00f0- og m\u00f3\u00f0urgy\u00f0ja, tengd frj\u00f3semi, handverki og \u00f6rl\u00f6gum kvenna. Baltneska Lauma hefur svipu\u00f0 einkenni sem \u00f6rlagagy\u00f0ja og verndari fj\u00f6lskyldunnar.<\/p><p>B\u00e1\u00f0ar s\u00fdna byggingarlegan skyldleika vi\u00f0 Frigg: \u00fe\u00e6r mi\u00f0la milli heims gu\u00f0a og manna, vefa \u00f6rl\u00f6g dau\u00f0legra og setja mark sitt \u00e1 heimilisl\u00edf og tr\u00faari\u00f0kun. \u00de\u00e1ttur Friggjar sem vefkonu og spunakonu, sem \u00feekkir \u00f6rl\u00f6g allra en birtir \u00feau ekki, kallast beint \u00e1 vi\u00f0 \u00feessar austur-evr\u00f3psku gy\u00f0jur.<\/p><p><strong>Keltnesk-norr\u00e6nar samsl\u00e1ttarmyndir:<\/strong> \u00cdrska Brigit s\u00fdnir l\u00edkindi me\u00f0 Frigg \u00ed hlutverki s\u00ednu sem verndari handverks (s\u00e9rstaklega j\u00e1rnsm\u00ed\u00f0i og vefna\u00f0ar) og gy\u00f0ja heilagra sta\u00f0a. Hersk\u00e1 Macha deilir aftur \u00e1 m\u00f3ti me\u00f0 Frigg valdi yfir \u00f6rl\u00f6gum kappa og valdhafa.<\/p><p>\u00cd norr\u00e6nu <span class=\"iwg-fachbegriff\" tabindex=\"0\" data-tooltip=\"Samruni \u00fe\u00e1tta \u00far mismunandi tr\u00faarbr\u00f6g\u00f0um e\u00f0a d\u00fdrkun \u00ed blanda\u00f0ar myndir, eins og \u00ed ha\u00edt\u00edsku vodou.\">saml\u00f6guninni<\/span>, s\u00e9rstaklega \u00fear sem vanir (frj\u00f3semis- og heimilisgu\u00f0ir eins og Freyja) bl\u00f6ndu\u00f0ust \u00e1sunum (r\u00edkjandi gu\u00f0um eins og \u00d3\u00f0ni og Frigg), ur\u00f0u til blendingsmyndir \u00fear sem einkenni Friggjar (vernd, vefna\u00f0ur, hj\u00faskapur) bl\u00f6ndu\u00f0ust einkennum Freyju (\u00e1st, kynhv\u00f6t, herk\u00e6nska).<\/p><p>\u00deessir saml\u00f6gunarferlar bera vott um sameiginlegan ind\u00f3evr\u00f3pskan kjarna sem t\u00f3k \u00e1 sig mismunandi mynd \u00ed hinum \u00fdmsu menningarheimum.<\/p>\t\t\t\t\t\t\t\t<\/div>\n\t\t\t\t<\/div>\n\t\t\t\t\t<\/div>\n\t\t\t\t<\/div>\n\t\t<div class=\"elementor-element elementor-element-cp0bf895f e-flex e-con-boxed e-con e-parent\" data-id=\"cp0bf895f\" data-element_type=\"container\" data-e-type=\"container\">\n\t\t\t\t\t<div class=\"e-con-inner\">\n\t\t\t\t<div class=\"elementor-element elementor-element-cp56cc4ad elementor-widget elementor-widget-heading\" data-id=\"cp56cc4ad\" data-element_type=\"widget\" data-e-type=\"widget\" data-widget_type=\"heading.default\">\n\t\t\t\t\t<h2 class=\"elementor-heading-title elementor-size-default\">Frigg \u00ed Lj\u00f3\u00f0aeddu og Snorra-Eddu<\/h2>\t\t\t\t<\/div>\n\t\t<div class=\"elementor-element elementor-element-cp29e9373 e-con-full e-flex e-con e-child\" data-id=\"cp29e9373\" data-element_type=\"container\" data-e-type=\"container\">\n\t\t\t\t<div class=\"elementor-element elementor-element-cp8315ca5 elementor-widget elementor-widget-text-editor\" data-id=\"cp8315ca5\" data-element_type=\"widget\" data-e-type=\"widget\" data-widget_type=\"text-editor.default\">\n\t\t\t\t\t\t\t\t\t<p>Mikilv\u00e6gustu vitnisbur\u00f0irnir um Frigg koma \u00far tveimur mi\u00f0aldas\u00f6fnum sem kunn eru undir nafninu <em>Edda<\/em>. Eldri ger\u00f0in, Lj\u00f3\u00f0aedda, gefur sk\u00fdra mynd, s\u00e9rstaklega \u00ed kv\u00e6\u00f0inu <em>Lokasennu<\/em>: \u00dear deila go\u00f0in, og Loki \u00e1sakar Frigg um a\u00f0 hafa haft samr\u00e6\u00f0i vi\u00f0 a\u00f0ra \u00e1 me\u00f0an \u00d3\u00f0inn var fjarri.<\/p><p>Frigg svarar varlega, og Freyja verndar hana me\u00f0 \u00fev\u00ed a\u00f0 benda \u00e1 a\u00f0 Frigg viti \u00f6rl\u00f6g allra, jafnvel \u00fe\u00f3tt h\u00fan tj\u00e1i \u00fea\u00f0 ekki. \u00deessi kafli er mikilv\u00e6gur \u00fev\u00ed hann eignar Frigg \u00feekkingu \u00e1 \u00f6rl\u00f6gum sem h\u00fan var\u00f0veitir hj\u00e1 s\u00e9r.<\/p><p>\u00cdtarlegri er Snorra-Edda, kennslub\u00f3k \u00ed sk\u00e1ldskaparfr\u00e6\u00f0um sem Snorri Sturluson samdi \u00e1 \u00ferett\u00e1ndu \u00f6ld. Snorri nefnir Frigg tignustu \u00e1synjuna, konu \u00d3\u00f0ins og m\u00f3\u00f0ur Baldurs.<\/p><p>Hj\u00e1 honum er einnig a\u00f0 finna \u00edtarlegasta <span class=\"iwg-fachbegriff\" data-tooltip=\"S\u00f6gn sem var\u00f0veist hefur um gu\u00f0i, uppruna og skipan heimsins.\" tabindex=\"0\">go\u00f0s\u00f6gnina<\/span> um Frigg, a\u00f0draganda dau\u00f0a Baldurs. Frigg l\u00e6tur alla hluti heimsins svara ei\u00f0i um a\u00f0 granda ekki Baldri, en gleymir unga mistilteinnum sem h\u00fan telur of l\u00edtilv\u00e6gan. Loki n\u00fdtir s\u00e9r \u00feessa gloppu.<\/p><p>Snorri er ver\u00f0m\u00e6t en ekki \u00f3vandme\u00f0farin heimild. Hann skrifa\u00f0i um tveimur \u00f6ldum eftir kristnit\u00f6ku \u00cdslands og felldi var\u00f0veitt efni inn \u00ed kerfi sem er a\u00f0 hluta m\u00f3ta\u00f0 af l\u00e6r\u00f0um og kristnum hugmyndum.<\/p><p>Tr\u00faarbrag\u00f0afr\u00e6\u00f0ilegar ranns\u00f3knir l\u00edta \u00fev\u00ed \u00e1 Snorra sem ritstj\u00f3ra, ekki beinan vitnisbur\u00f0 um hei\u00f0na tr\u00fa. \u00der\u00e1tt fyrir \u00fea\u00f0 var\u00f0veitir fr\u00e1s\u00f6gn hans s\u00f6guleg kjarnaatri\u00f0i sem finnast a\u00f0 hluta einnig \u00ed eldri kv\u00e6\u00f0um og teljast \u00fev\u00ed tilt\u00f6lulega g\u00f6mul.<\/p>\t\t\t\t\t\t\t\t<\/div>\n\t\t\t\t<\/div>\n\t\t\t\t\t<\/div>\n\t\t\t\t<\/div>\n\t\t<div class=\"elementor-element elementor-element-cpc3f2470 e-flex e-con-boxed e-con e-parent\" data-id=\"cpc3f2470\" data-element_type=\"container\" data-e-type=\"container\">\n\t\t\t\t\t<div class=\"e-con-inner\">\n\t\t\t\t<div class=\"elementor-element elementor-element-cpab01758 elementor-widget elementor-widget-heading\" data-id=\"cpab01758\" data-element_type=\"widget\" data-e-type=\"widget\" data-widget_type=\"heading.default\">\n\t\t\t\t\t<h2 class=\"elementor-heading-title elementor-size-default\">Baldursgo\u00f0s\u00f6gnin og \u00e1rangurslaus var\u00fa\u00f0 Friggjar<\/h2>\t\t\t\t<\/div>\n\t\t<div class=\"elementor-element elementor-element-cpadb449b e-con-full e-flex e-con e-child\" data-id=\"cpadb449b\" data-element_type=\"container\" data-e-type=\"container\">\n\t\t\t\t<div class=\"elementor-element elementor-element-cp1c6dfe0 elementor-widget elementor-widget-text-editor\" data-id=\"cp1c6dfe0\" data-element_type=\"widget\" data-e-type=\"widget\" data-widget_type=\"text-editor.default\">\n\t\t\t\t\t\t\t\t\t<p>Fr\u00e6gasta <span class=\"iwg-fachbegriff\" data-tooltip=\"S\u00f6gn sem var\u00f0veist hefur um gu\u00f0i, uppruna og skipan heimsins.\" tabindex=\"0\">go\u00f0s\u00f6gnin<\/span> sem Frigg gegnir afgerandi hlutverki \u00ed er dau\u00f0i sonar hennar Baldurs. Fr\u00e1s\u00f6gnin tengir saman nokkur \u00feemu sem eru mikilv\u00e6g fyrir norr\u00e6nu go\u00f0aheiminn: \u00f3umfl\u00fdjanleika \u00f6rlaganna, takm\u00f6rk go\u00f0am\u00e1ttar og ey\u00f0ileggjandi \u00e1hrif Loka. Frigg er \u00ed mi\u00f0ju tilraunar til a\u00f0 afst\u00fdra fyrirs\u00e9\u00f0ri \u00f3g\u00e6fu.<\/p><p>\u00deegar Baldur er hrj\u00e1\u00f0ur af illum draumum, fer\u00f0ast Frigg um heiminn og f\u00e6r alla hluti, eldinn, vatni\u00f0, j\u00e1rni\u00f0, steinana, d\u00fdrin, sj\u00fakd\u00f3mana, til a\u00f0 lofa a\u00f0 granda ekki syni hennar.<\/p><p>A\u00f0eins mistilteinninn gleymist. Loki fr\u00e9ttir af \u00fev\u00ed, sm\u00ed\u00f0ar skeyti \u00far mistilteinsgrein og f\u00e6r blinda H\u00f6\u00f0 til a\u00f0 skj\u00f3ta \u00fev\u00ed \u00e1 Baldur. Baldur deyr, og vandleg var\u00fa\u00f0 Friggjar reynist \u00f3fulln\u00e6gjandi.<\/p><p>\u00cd fr\u00e6\u00f0unum er \u00feessi <span class=\"iwg-fachbegriff\" data-tooltip=\"S\u00f6gn sem var\u00f0veist hefur um gu\u00f0i, uppruna og skipan heimsins.\" tabindex=\"0\">go\u00f0s\u00f6gn<\/span> t\u00falku\u00f0 \u00e1 \u00fdmsa vegu. Sumir sj\u00e1 \u00ed henni forna s\u00f6gn um deyjandi gu\u00f0 sem sn\u00fdr ekki aftur, a\u00f0rir leggja \u00e1herslu \u00e1 b\u00f3kmenntalegt <span class=\"iwg-fachbegriff\" data-tooltip=\"Endurteki\u00f0 efnisatri\u00f0i \u00ed list e\u00f0a fr\u00e1s\u00f6gn.\" tabindex=\"0\">minni<\/span> um hina eina yfirsj\u00f3nu, sem ey\u00f0ileggur alla \u00e1\u00e6tlunina. Mikilv\u00e6gt er tv\u00ed\u00fe\u00e6tt hlutverk Friggjar: h\u00fan er s\u00fa sem \u00feekkir \u00f6rl\u00f6gin, og einnig s\u00fa sem getur ekki afst\u00fdrt \u00feeim.<\/p><p>Eftir dau\u00f0a Baldurs sendir h\u00fan sendibo\u00f0a til undirheimanna, og bj\u00f6rgunin tekst n\u00e6rri, en Loki kemur aftur \u00ed veg fyrir \u00e1rangur. <span class=\"iwg-fachbegriff\" data-tooltip=\"S\u00f6gn sem var\u00f0veist hefur um gu\u00f0i, uppruna og skipan heimsins.\" tabindex=\"0\">Go\u00f0s\u00f6gnin<\/span> s\u00fdnir Frigg sem virka, forsj\u00e1 g\u00e6dda pers\u00f3nu, en m\u00e1ttur hennar m\u00e6tir m\u00f6rkum \u00ed skipan \u00f6rlaganna. Frekari tengingar lei\u00f0a til annarra vera \u00ed <a href=\"https:\/\/iwell-guard.com\/is\/?page_id=168614\">germanska go\u00f0aheiminum<\/a>.<\/p>\t\t\t\t\t\t\t\t<\/div>\n\t\t\t\t<\/div>\n\t\t\t\t\t<\/div>\n\t\t\t\t<\/div>\n\t\t<div class=\"elementor-element elementor-element-cp7ba8148 e-flex e-con-boxed e-con e-parent\" data-id=\"cp7ba8148\" data-element_type=\"container\" data-e-type=\"container\">\n\t\t\t\t\t<div class=\"e-con-inner\">\n\t\t\t\t<div class=\"elementor-element elementor-element-cpeaa0648 elementor-widget elementor-widget-heading\" data-id=\"cpeaa0648\" data-element_type=\"widget\" data-e-type=\"widget\" data-widget_type=\"heading.default\">\n\t\t\t\t\t<h2 class=\"elementor-heading-title elementor-size-default\">Frigg, Freyja og vandam\u00e1li\u00f0 um tv\u00f6falda gy\u00f0ju<\/h2>\t\t\t\t<\/div>\n\t\t<div class=\"elementor-element elementor-element-cpdbeb154 e-con-full e-flex e-con e-child\" data-id=\"cpdbeb154\" data-element_type=\"container\" data-e-type=\"container\">\n\t\t\t\t<div class=\"elementor-element elementor-element-cpda43d24 elementor-widget elementor-widget-text-editor\" data-id=\"cpda43d24\" data-element_type=\"widget\" data-e-type=\"widget\" data-widget_type=\"text-editor.default\">\n\t\t\t\t\t\t\t\t\t<p>Eitt af elstu og mest umr\u00e6ddu spurningum norr\u00e6nnar tr\u00faarbrag\u00f0as\u00f6gu er sambandi\u00f0 milli Friggjar og Freyju. B\u00e1\u00f0ar gy\u00f0jur s\u00fdna \u00e1berandi l\u00edkindi. B\u00e1\u00f0um er eigna\u00f0ur fja\u00f0rahamur sem gerir kleift a\u00f0 flj\u00faga.<\/p><p>B\u00e1\u00f0ar tengjast \u00e1st, hj\u00f3nabandi og frj\u00f3semi. N\u00f6fn \u00feeirra beggja m\u00e1 rekja til svipa\u00f0ra r\u00f3taror\u00f0a, \u00fear sem <em>Frigg<\/em> er tengt or\u00f0i fyrir \u201e\u00e1st\u201c og <em>Freyja<\/em> vi\u00f0 \u201eh\u00fasfreyja\u201c e\u00f0a \u201edrottning\u201c.<\/p><p>Hluti af eldri fr\u00e6\u00f0um, me\u00f0al annars \u00ed kringum Jan de Vries, ger\u00f0i \u00fev\u00ed r\u00e1\u00f0 fyrir a\u00f0 Frigg og Freyja hef\u00f0u upphaflega veri\u00f0 ein og sama gy\u00f0jan, sem hafi klofna\u00f0 \u00ed tv\u00e6r pers\u00f3nur \u00ed gegnum <span class=\"iwg-fachbegriff\" data-tooltip=\"Mi\u00f0lun \u00feekkingar og fr\u00e1sagna milli kynsl\u00f3\u00f0a.\" tabindex=\"0\">munnm\u00e6las\u00f6guna<\/span>.<\/p><p>A\u00f0rir fr\u00e6\u00f0imenn, me\u00f0al annars n\u00fdlegar ranns\u00f3knir \u00e1 v\u00edkinga\u00f6ld, halda \u00fev\u00ed fram a\u00f0 b\u00e1\u00f0ar gy\u00f0jur s\u00e9u sk\u00fdrt a\u00f0greindar \u00ed heimildunum: Frigg heyrir til \u00e1sunum, Freyja til v\u00f6nunum, \u00fe\u00e6r hafa mismunandi eiginmenn og mismunandi \u00e1herslusvi\u00f0.<\/p><p>Frigg er sterkar tengd hj\u00f3nabandi, heimilishaldi og m\u00f3\u00f0urhlutverki, Freyja vi\u00f0 \u00e1star\u00fer\u00e1, herna\u00f0 og s\u00edna eigin tegund galdurs, <em>sei\u00f0r<\/em>.<\/p><p>Umr\u00e6\u00f0an er ekki til lykta leidd enn \u00feann dag \u00ed dag, \u00fev\u00ed heimildirnir leyfa ekki sk\u00fdran d\u00f3m. \u00dea\u00f0 sem stendur fast er a\u00f0 b\u00e1\u00f0ar gy\u00f0jur voru d\u00fdrka\u00f0ar sem a\u00f0greindar pers\u00f3nur \u00ed var\u00f0veittri tr\u00fa v\u00edkingaaldar, en l\u00edkindi \u00feeirra g\u00e6tu bent til sameiginlegs uppruna e\u00f0a innbyr\u00f0is \u00e1hrifa.<\/p><p>Fyrir skilning \u00e1 Frigg er \u00feessi a\u00f0greining mikilv\u00e6g: h\u00fan er ekki \u00e1stargy\u00f0ja \u00ed skilningi \u00e1star\u00fer\u00e1ar, heldur h\u00fasfreyjan, hj\u00f3nabandsins og forsj\u00e1rg\u00e1fa\u00f0rar umhyggju. Samanbur\u00f0ur vi\u00f0 <a href=\"https:\/\/iwell-guard.com\/is\/?page_id=168614\">tengdar kvenpers\u00f3nur<\/a> <span class=\"iwg-fachbegriff\" data-tooltip=\"Mi\u00f0lun \u00feekkingar og fr\u00e1sagna milli kynsl\u00f3\u00f0a.\" tabindex=\"0\">munnm\u00e6las\u00f6gunnar<\/span> sk\u00fdrir \u00feessa mynd enn frekar.<\/p>\t\t\t\t\t\t\t\t<\/div>\n\t\t\t\t<\/div>\n\t\t\t\t\t<\/div>\n\t\t\t\t<\/div>\n\t\t<div class=\"elementor-element elementor-element-cp967972e e-flex e-con-boxed e-con e-parent\" data-id=\"cp967972e\" data-element_type=\"container\" data-e-type=\"container\">\n\t\t\t\t\t<div class=\"e-con-inner\">\n\t\t\t\t<div class=\"elementor-element elementor-element-cp4b21c27 elementor-widget elementor-widget-heading\" data-id=\"cp4b21c27\" data-element_type=\"widget\" data-e-type=\"widget\" data-widget_type=\"heading.default\">\n\t\t\t\t\t<h2 class=\"elementor-heading-title elementor-size-default\">Sl\u00f3\u00f0ir \u00e1 meginlandinu, \u00ed \u00f6rnefnum og \u00ed vikudegi<\/h2>\t\t\t\t<\/div>\n\t\t<div class=\"elementor-element elementor-element-cp7a1b465 e-con-full e-flex e-con e-child\" data-id=\"cp7a1b465\" data-element_type=\"container\" data-e-type=\"container\">\n\t\t\t\t<div class=\"elementor-element elementor-element-cp193b30a elementor-widget elementor-widget-text-editor\" data-id=\"cp193b30a\" data-element_type=\"widget\" data-e-type=\"widget\" data-widget_type=\"text-editor.default\">\n\t\t\t\t\t\t\t\t\t<p>Frigg er ekki einungis pers\u00f3na \u00ed fornnorr\u00e6num kve\u00f0skap heldur l\u00e9t eftir sig spor um allt hi\u00f0 germanska m\u00e1lsv\u00e6\u00f0i. Sk\u00fdrasta vitnisbur\u00f0inn m\u00e1 finna \u00ed vikudeginum f\u00f6studegi. R\u00f3mverska vikudaganefnan tengdi hvern dag \u00e1kve\u00f0num reikistj\u00f6rnugu\u00f0i, og \u00feegar dagur Venusar var tekinn upp \u00ed germ\u00f6nsku m\u00e1li var hann eigna\u00f0ur s\u00e9rstakri gy\u00f0ju.<\/p><p>\u00c1 ensku <em>Friday<\/em>, \u00e1 \u00fe\u00fdsku <em>Freitag<\/em>, og \u00e1 norr\u00e6num m\u00e1lum me\u00f0 svipu\u00f0um h\u00e6tti, endurspeglast \u00feessi samsv\u00f6run. Hva\u00f0a gy\u00f0ja var \u00ed raun \u00e1tt vi\u00f0, Frigg e\u00f0a Freyja, er umdeilt vegna hins \u00e1\u00f0urnefnda \u00e6ttartengsla, en flestir m\u00e1ls\u00f6guritarar hallast a\u00f0 Frigg, e\u00f0a \u00fe\u00e1 a\u00f0 meginlands\u00edgildi hennar.<\/p><p>\u00c1 meginlandinu birtist gy\u00f0ja n\u00e1in Frigg \u00ed langbar\u00f0skri <span class=\"iwg-fachbegriff\" data-tooltip=\"Mi\u00f0lun \u00feekkingar og fr\u00e1sagna milli kynsl\u00f3\u00f0a.\" tabindex=\"0\">munnm\u00e6las\u00f6gu<\/span> undir nafninu <em>Frea<\/em>. Paulus Diaconus greinir \u00ed riti s\u00ednu <em>Historia Langobardorum<\/em> fr\u00e1 \u00e1ttundu \u00f6ld fr\u00e1 s\u00f6gu \u00fear sem Frea hj\u00e1lpar manni s\u00ednum Godan, \u00fea\u00f0 er \u00d3\u00f0ni, til sigurs me\u00f0 k\u00e6nskubrag\u00f0i.<\/p><p>\u00deessi fr\u00e1s\u00f6gn er talin mikilv\u00e6g v\u00edsbending um a\u00f0 d\u00fdrkun Frigg-pers\u00f3nu hafi ekki veri\u00f0 bundin vi\u00f0 Skandinav\u00edu, heldur var h\u00fan \u00feekkt me\u00f0al \u00fdmissa germanskra \u00fej\u00f3\u00f0a.<\/p><p>\u00d6rnefni sem v\u00edsa til Frigg eru f\u00e1t\u00ed\u00f0ari og \u00f3vissari en hj\u00e1 \u00fdmsum \u00f6\u00f0rum gu\u00f0d\u00f3mum, sem fr\u00e6\u00f0imenn hafa a\u00f0 hluta sk\u00fdrt me\u00f0 heimilislegu e\u00f0li d\u00fdrkunar hennar, sem var minna opinber og kult\u00edsk. Fornt heiti \u00e1 stj\u00f6rnumerki sem n\u00fa er \u00feekkt sem Belti \u00d3r\u00edons var \u00ed Skandinav\u00edu a\u00f0 nokkru leyti tengt Frigg, en \u00feessi <span class=\"iwg-fachbegriff\" data-tooltip=\"Mi\u00f0lun \u00feekkingar og fr\u00e1sagna milli kynsl\u00f3\u00f0a.\" tabindex=\"0\">munnm\u00e6las\u00f6gn<\/span> er s\u00ed\u00f0b\u00fain og \u00f3viss.<\/p><p>\u00cd heild s\u00fdnir \u00feessi leit a\u00f0 s\u00f6gulegum sporum a\u00f0 Frigg var v\u00ed\u00f0t\u00e6kt r\u00f3tfest pers\u00f3na langt utan \u00edslenskra texta, en d\u00fdrkun hennar f\u00f3r fremur fram \u00e1 heimilinu en \u00ed minnisv\u00f6r\u00f0um, og hefur \u00fev\u00ed l\u00e1ti\u00f0 eftir sig f\u00e6rri s\u00fdnileg fornleifafr\u00e6\u00f0ileg merki.<\/p>\t\t\t\t\t\t\t\t<\/div>\n\t\t\t\t<\/div>\n\t\t\t\t\t<\/div>\n\t\t\t\t<\/div>\n\t\t<div class=\"elementor-element elementor-element-36dd7469 e-flex e-con-boxed e-con e-parent\" data-id=\"36dd7469\" data-element_type=\"container\" data-e-type=\"container\">\n\t\t\t\t\t<div class=\"e-con-inner\">\n\t\t\t\t<div class=\"elementor-element elementor-element-13760ab4 elementor-widget elementor-widget-heading\" data-id=\"13760ab4\" data-element_type=\"widget\" data-e-type=\"widget\" data-widget_type=\"heading.default\">\n\t\t\t\t\t<h2 class=\"elementor-heading-title elementor-size-default\">\u00cdtarefni og tenglar<\/h2>\t\t\t\t<\/div>\n\t\t<div class=\"elementor-element elementor-element-28c87796 e-con-full e-flex e-con e-child\" data-id=\"28c87796\" data-element_type=\"container\" data-e-type=\"container\">\n\t\t\t\t<div class=\"elementor-element elementor-element-5d6538df elementor-widget elementor-widget-text-editor\" data-id=\"5d6538df\" data-element_type=\"widget\" data-e-type=\"widget\" data-widget_type=\"text-editor.default\">\n\t\t\t\t\t\t\t\t\t<ul><li><a href=\"https:\/\/iwell-guard.com\/is\/?page_id=168713\">\u00d3\u00f0inn, eiginma\u00f0ur<\/a><\/li><li><a href=\"https:\/\/iwell-guard.com\/is\/?page_id=168814\">Freyja, n\u00e1in germ\u00f6nsk gy\u00f0ja<\/a><\/li><li><a href=\"https:\/\/iwell-guard.com\/is\/?page_id=168762\">Loki, andst\u00e6\u00f0ingur \u00ed Baldurs-go\u00f0s\u00f6gninni<\/a><\/li><li><a href=\"https:\/\/iwell-guard.com\/is\/?page_id=168614\">Germanskt, yfirlit yfir go\u00f0aheim<\/a><\/li><li><a href=\"https:\/\/iwell-guard.com\/is\/?page_id=168707\">\u00c6\u00f0ri gu\u00f0ir, undirflokkur<\/a><\/li><li><a href=\"https:\/\/iwell-guard.com\/is\/?page_id=168679\">Gu\u00f0ir, yfirlit yfir flokka<\/a><\/li><\/ul>\t\t\t\t\t\t\t\t<\/div>\n\t\t\t\t<\/div>\n\t\t\t\t\t<\/div>\n\t\t\t\t<\/div>\n\t\t<div class=\"elementor-element elementor-element-grl4kl40 e-flex e-con-boxed e-con e-parent\" data-id=\"grl4kl40\" data-element_type=\"container\" data-e-type=\"container\">\n\t\t\t\t\t<div class=\"e-con-inner\">\n\t\t\t\t<div class=\"elementor-element elementor-element-bzsbfrmh elementor-widget elementor-widget-heading\" data-id=\"bzsbfrmh\" data-element_type=\"widget\" data-e-type=\"widget\" data-widget_type=\"heading.default\">\n\t\t\t\t\t<h2 class=\"elementor-heading-title elementor-size-default\">Heimildir (\u00farval)<\/h2>\t\t\t\t<\/div>\n\t\t<div class=\"elementor-element elementor-element-2c13224a e-con-full e-flex e-con e-child\" data-id=\"2c13224a\" data-element_type=\"container\" data-e-type=\"container\">\n\t\t\t\t<div class=\"elementor-element elementor-element-0eymh9ub elementor-widget elementor-widget-text-editor\" data-id=\"0eymh9ub\" data-element_type=\"widget\" data-e-type=\"widget\" data-widget_type=\"text-editor.default\">\n\t\t\t\t\t\t\t\t\t<footer class=\"iwg-literatur\" data-nosnippet=\"true\"><ul><li><span data-nosnippet>Simek, Rudolf: <em>Lexikon der germanischen <span class=\"iwg-fachbegriff\" data-tooltip=\"Heildarsafn \u00feeirra go\u00f0sagna um gu\u00f0i sem var\u00f0veist hafa \u00ed tiltekinni menningu.\" tabindex=\"0\">Mythologie<\/span><\/em>. Stuttgart 2006.<\/span><\/li><li><span data-nosnippet>de Vries, Jan: <em>Altgermanische Religionsgeschichte<\/em>. 2 bindi, Berlin 1956\/57.<\/span><\/li><li><span data-nosnippet>Lindow, John: <em>Norse Mythology. A Guide to the Gods, Heroes, Rituals, and Beliefs<\/em>. Oxford 2001.<\/span><\/li><li><span data-nosnippet>Davidson, Hilda Ellis: <em>Roles of the Northern Goddess<\/em>. London 1998.<\/span><\/li><li><span class=\"iwg-fachbegriff\" tabindex=\"0\" data-tooltip=\"\u00cdslenskur fr\u00e6\u00f0ima\u00f0ur (1179\u20131241); h\u00f6fundur Snorra-Eddu og Heimskringlu.\">Snorri Sturluson<\/span>: <em>Snorra-Edda<\/em> (fj\u00f6lmargar \u00fe\u00fd\u00f0ingar).<\/li><li>Walde, Christine (ritstj.): <em>Der Neue Pauly<\/em> (f\u00e6rslan \u201eFrigg&#8220;).<\/li><\/ul><\/footer>\t\t\t\t\t\t\t\t<\/div>\n\t\t\t\t<\/div>\n\t\t\t\t\t<\/div>\n\t\t\t\t<\/div>\n\t\t<div class=\"elementor-element elementor-element-iwgkw2-add-frigg e-flex e-con-boxed e-con e-parent\" data-id=\"iwgkw2-add-frigg\" data-element_type=\"container\" data-e-type=\"container\">\n\t\t\t\t\t<div class=\"e-con-inner\">\n\t\t\t\t<div class=\"elementor-element elementor-element-iwgkw2-add-frigg-t elementor-widget elementor-widget-text-editor\" data-id=\"iwgkw2-add-frigg-t\" data-element_type=\"widget\" data-e-type=\"widget\" data-widget_type=\"text-editor.default\">\n\t\t\t\t\t\t\t\t\t<p>Frigg er \u00ed norr\u00e6nni <span class=\"iwg-fachbegriff\" data-tooltip=\"Mi\u00f0lun \u00feekkingar og fr\u00e1sagna milli kynsl\u00f3\u00f0a.\" tabindex=\"0\">munnm\u00e6las\u00f6gu<\/span> talin <em>\u00e6\u00f0ri gy\u00f0ja<\/em> \u00e1synja, eiginkona \u00d3\u00f0ins og m\u00f3\u00f0ir Baldurs; Edda l\u00fdsir henni sem verndara \u00f6rlaga\u00fer\u00e1\u00f0anna og g\u00e6slukonu ei\u00f0anna.<\/p>\t\t\t\t\t\t\t\t<\/div>\n\t\t\t\t\t<\/div>\n\t\t\t\t<\/div>\n\t\t\t\t<\/div>\n\t\t","protected":false},"excerpt":{"rendered":"","protected":false},"author":3,"featured_media":1572,"parent":0,"menu_order":0,"comment_status":"closed","ping_status":"closed","template":"elementor_header_footer","meta":{"_yoast_wpseo_focuskw":"frigg","_yoast_wpseo_title":"Frigg - H\u00f6fu\u00f0gy\u00f0ja \u00c1sanna, m\u00f3\u00f0ir Baldurs","_yoast_wpseo_metadesc":"Frigg, h\u00f6fu\u00f0gy\u00f0ja \u00c1sanna og m\u00f3\u00f0ir Baldurs. \u00d6rlagag\u00e1fa, m\u00f3\u00f0urhlutverk, h\u00fasvernd. Heimildir \u00ed Eddu, Saxo og sl\u00f3\u00f0ir \u00ed germ\u00f6nskum si\u00f0.","_yoast_wpseo_meta-robots-noindex":"","_yoast_wpseo_canonical":"","_angie_page":false,"gefaehrdungsstufe":"1","wesen_kultur":"germanisch","wesen_klasse":"goetter","footnotes":""},"categories":[],"class_list":["post-168818","page","type-page","status-publish","has-post-thumbnail","hentry"],"yoast_head":"<!-- This site is optimized with the Yoast SEO Premium plugin v27.7 (Yoast SEO v28.3) - https:\/\/yoast.com\/product\/yoast-seo-premium-wordpress\/ -->\n<title>Frigg - H\u00f6fu\u00f0gy\u00f0ja \u00c1sanna, m\u00f3\u00f0ir Baldurs<\/title>\n<meta name=\"description\" content=\"Frigg, h\u00f6fu\u00f0gy\u00f0ja \u00c1sanna og m\u00f3\u00f0ir Baldurs. \u00d6rlagag\u00e1fa, m\u00f3\u00f0urhlutverk, h\u00fasvernd. Heimildir \u00ed Eddu, Saxo og sl\u00f3\u00f0ir \u00ed germ\u00f6nskum si\u00f0.\" \/>\n<meta name=\"robots\" content=\"index, follow, max-snippet:-1, max-image-preview:large, max-video-preview:-1\" \/>\n<link rel=\"canonical\" href=\"https:\/\/iwell-guard.com\/is\/frigg\/\" \/>\n<meta property=\"og:locale\" content=\"is_IS\" \/>\n<meta property=\"og:type\" content=\"article\" \/>\n<meta property=\"og:title\" content=\"Frigg\" \/>\n<meta property=\"og:description\" content=\"Frigg, h\u00f6fu\u00f0gy\u00f0ja \u00c1sanna og m\u00f3\u00f0ir Baldurs. \u00d6rlagag\u00e1fa, m\u00f3\u00f0urhlutverk, h\u00fasvernd. Heimildir \u00ed Eddu, Saxo og sl\u00f3\u00f0ir \u00ed germ\u00f6nskum si\u00f0.\" \/>\n<meta property=\"og:url\" content=\"https:\/\/iwell-guard.com\/is\/frigg\/\" \/>\n<meta property=\"og:site_name\" content=\"iWell Guard\" \/>\n<meta property=\"article:modified_time\" content=\"2026-09-05T14:20:18+00:00\" \/>\n<meta property=\"og:image\" content=\"https:\/\/iwell-guard.com\/wp-content\/uploads\/2026\/04\/goetter_germanisch_frigg.webp\" \/>\n\t<meta property=\"og:image:width\" content=\"1024\" \/>\n\t<meta property=\"og:image:height\" content=\"1536\" \/>\n\t<meta property=\"og:image:type\" content=\"image\/webp\" \/>\n<meta name=\"twitter:card\" content=\"summary_large_image\" \/>\n<script type=\"application\/ld+json\" class=\"yoast-schema-graph\">{\"@context\":\"https:\\\/\\\/schema.org\",\"@graph\":[{\"@type\":\"WebPage\",\"@id\":\"https:\\\/\\\/iwell-guard.com\\\/is\\\/frigg\\\/\",\"url\":\"https:\\\/\\\/iwell-guard.com\\\/is\\\/frigg\\\/\",\"name\":\"Frigg - H\u00f6fu\u00f0gy\u00f0ja \u00c1sanna, m\u00f3\u00f0ir Baldurs\",\"isPartOf\":{\"@id\":\"https:\\\/\\\/iwell-guard.com\\\/is\\\/#website\"},\"primaryImageOfPage\":{\"@id\":\"https:\\\/\\\/iwell-guard.com\\\/is\\\/frigg\\\/#primaryimage\"},\"image\":{\"@id\":\"https:\\\/\\\/iwell-guard.com\\\/is\\\/frigg\\\/#primaryimage\"},\"thumbnailUrl\":\"https:\\\/\\\/iwell-guard.com\\\/wp-content\\\/uploads\\\/2026\\\/04\\\/goetter_germanisch_frigg.webp\",\"datePublished\":\"2026-09-05T14:03:14+00:00\",\"dateModified\":\"2026-09-05T14:20:18+00:00\",\"description\":\"Frigg, h\u00f6fu\u00f0gy\u00f0ja \u00c1sanna og m\u00f3\u00f0ir Baldurs. \u00d6rlagag\u00e1fa, m\u00f3\u00f0urhlutverk, h\u00fasvernd. Heimildir \u00ed Eddu, Saxo og sl\u00f3\u00f0ir \u00ed germ\u00f6nskum si\u00f0.\",\"breadcrumb\":{\"@id\":\"https:\\\/\\\/iwell-guard.com\\\/is\\\/frigg\\\/#breadcrumb\"},\"inLanguage\":\"is\",\"potentialAction\":[{\"@type\":\"ReadAction\",\"target\":[\"https:\\\/\\\/iwell-guard.com\\\/is\\\/frigg\\\/\"]}]},{\"@type\":\"ImageObject\",\"inLanguage\":\"is\",\"@id\":\"https:\\\/\\\/iwell-guard.com\\\/is\\\/frigg\\\/#primaryimage\",\"url\":\"https:\\\/\\\/iwell-guard.com\\\/wp-content\\\/uploads\\\/2026\\\/04\\\/goetter_germanisch_frigg.webp\",\"contentUrl\":\"https:\\\/\\\/iwell-guard.com\\\/wp-content\\\/uploads\\\/2026\\\/04\\\/goetter_germanisch_frigg.webp\",\"width\":1024,\"height\":1536,\"caption\":\"Gu\u00f0ir \u00far germanskri hef\u00f0.\"},{\"@type\":\"BreadcrumbList\",\"@id\":\"https:\\\/\\\/iwell-guard.com\\\/is\\\/frigg\\\/#breadcrumb\",\"itemListElement\":[{\"@type\":\"ListItem\",\"position\":1,\"name\":\"Start\",\"item\":\"https:\\\/\\\/iwell-guard.com\\\/is\\\/?page_id=168580\"},{\"@type\":\"ListItem\",\"position\":2,\"name\":\"Frigg\"}]},{\"@type\":\"WebSite\",\"@id\":\"https:\\\/\\\/iwell-guard.com\\\/is\\\/#website\",\"url\":\"https:\\\/\\\/iwell-guard.com\\\/is\\\/\",\"name\":\"iWell Guard\",\"description\":\"Schutz vor dunklen Einfl\u00fcssen\",\"publisher\":{\"@id\":\"https:\\\/\\\/iwell-guard.com\\\/is\\\/#organization\"},\"potentialAction\":[{\"@type\":\"SearchAction\",\"target\":{\"@type\":\"EntryPoint\",\"urlTemplate\":\"https:\\\/\\\/iwell-guard.com\\\/is\\\/?s={search_term_string}\"},\"query-input\":{\"@type\":\"PropertyValueSpecification\",\"valueRequired\":true,\"valueName\":\"search_term_string\"}}],\"inLanguage\":\"is\"},{\"@type\":\"Organization\",\"@id\":\"https:\\\/\\\/iwell-guard.com\\\/is\\\/#organization\",\"name\":\"Ittermann electronic GmbH\",\"url\":\"https:\\\/\\\/iwell-guard.com\\\/is\\\/\",\"logo\":{\"@type\":\"ImageObject\",\"inLanguage\":\"is\",\"@id\":\"https:\\\/\\\/iwell-guard.com\\\/is\\\/#\\\/schema\\\/logo\\\/image\\\/\",\"url\":\"https:\\\/\\\/iwell-guard.com\\\/wp-content\\\/uploads\\\/2026\\\/05\\\/Ittermann-Logo-1182x237-1.png\",\"contentUrl\":\"https:\\\/\\\/iwell-guard.com\\\/wp-content\\\/uploads\\\/2026\\\/05\\\/Ittermann-Logo-1182x237-1.png\",\"width\":1182,\"height\":237,\"caption\":\"Ittermann electronic GmbH\"},\"image\":{\"@id\":\"https:\\\/\\\/iwell-guard.com\\\/is\\\/#\\\/schema\\\/logo\\\/image\\\/\"},\"sameAs\":[\"https:\\\/\\\/pantip.com\\\/profile\\\/9367242\",\"https:\\\/\\\/micro.blog\\\/iwellguard\",\"https:\\\/\\\/www.diggerslist.com\\\/iwellguard\\\/about\",\"https:\\\/\\\/skitterphoto.com\\\/photographers\\\/2870314\\\/iwell-guard\",\"https:\\\/\\\/iwellguard.wordpress.com\\\/2026\\\/06\\\/06\\\/iwell-guard\\\/\",\"https:\\\/\\\/hub.docker.com\\\/u\\\/iwellguard\",\"https:\\\/\\\/www.pinterest.com\\\/iwellguard\\\/\",\"https:\\\/\\\/bit.ly\\\/m\\\/iwellguard\",\"https:\\\/\\\/entre-vos-mains.alsace.eu\\\/profiles\\\/iwellguard\\\/activity\",\"https:\\\/\\\/gravatar.com\\\/reallybeded8fd34\",\"https:\\\/\\\/naijamatta.com\\\/iwellguard\",\"https:\\\/\\\/www.goodreads.com\\\/iwellguard\",\"https:\\\/\\\/profile.hatena.ne.jp\\\/iwellguard\\\/\",\"https:\\\/\\\/experiment.com\\\/users\\\/iwellguard\",\"https:\\\/\\\/wakelet.com\\\/@iWellGuard82270\",\"https:\\\/\\\/www.chordie.com\\\/forum\\\/profile.php?id=2555664\",\"https:\\\/\\\/www.instapaper.com\\\/p\\\/17757966\",\"https:\\\/\\\/www.mapleprimes.com\\\/users\\\/iwellguard\",\"https:\\\/\\\/businesslistingplus.com\\\/profile\\\/iwell-guard\\\/\",\"https:\\\/\\\/telegra.ph\\\/iWell-Guard-06-06\",\"https:\\\/\\\/pbase.com\\\/iwellguard\\\/iwellguard\",\"https:\\\/\\\/b.hatena.ne.jp\\\/iwellguard\\\/20260607#bookmark-4788405196491818882\",\"https:\\\/\\\/fliphtml5.com\\\/home\\\/iwellguard\",\"https:\\\/\\\/anyflip.com\\\/homepage\\\/cmiwl#About\",\"https:\\\/\\\/transfur.com\\\/Users\\\/iwellguard\",\"http:\\\/\\\/delphi.larsbo.org\\\/user\\\/iwellguard\",\"https:\\\/\\\/jobs.lajobsportal.org\\\/profiles\\\/8380803-iwell-guard\",\"https:\\\/\\\/md.chaosdorf.de\\\/s\\\/jfbe5SBdJD\",\"https:\\\/\\\/www.lingvolive.com\\\/en-us\\\/profile\\\/9ecaeaca-ce11-4e51-9e71-01d55e2bff36\\\/translations\",\"https:\\\/\\\/www.fitday.com\\\/fitness\\\/forums\\\/members\\\/iwellguard.html\",\"https:\\\/\\\/www.mymeetbook.com\\\/iwellguard\",\"https:\\\/\\\/pxhere.com\\\/en\\\/photographer-me\\\/5040798\",\"https:\\\/\\\/disqus.com\\\/by\\\/iwellguard\\\/about\\\/\",\"https:\\\/\\\/pastelink.net\\\/hjwciqwq\",\"https:\\\/\\\/pubhtml5.com\\\/homepage\\\/scjhn\\\/\",\"https:\\\/\\\/www.bitchute.com\\\/channel\\\/2O2eOKzNqujT\",\"https:\\\/\\\/audiomack.com\\\/iwellguard\"]},{\"@type\":\"Article\",\"@id\":\"https:\\\/\\\/iwell-guard.com\\\/is\\\/frigg\\\/#article\",\"isPartOf\":{\"@id\":\"https:\\\/\\\/iwell-guard.com\\\/is\\\/frigg\\\/\"},\"author\":{\"name\":\"Ralf Ittermann\",\"@id\":\"https:\\\/\\\/iwell-guard.com\\\/is\\\/#\\\/schema\\\/person\\\/ee2a27f1cac3406c7c6fb5820cb7349f\"},\"headline\":\"Frigg\",\"datePublished\":\"2026-09-05T14:03:14+00:00\",\"dateModified\":\"2026-09-05T14:20:18+00:00\",\"mainEntityOfPage\":{\"@id\":\"https:\\\/\\\/iwell-guard.com\\\/is\\\/frigg\\\/\"},\"publisher\":{\"@id\":\"https:\\\/\\\/iwell-guard.com\\\/is\\\/#organization\"},\"image\":{\"@id\":\"https:\\\/\\\/iwell-guard.com\\\/is\\\/frigg\\\/#primaryimage\"},\"thumbnailUrl\":\"https:\\\/\\\/iwell-guard.com\\\/wp-content\\\/uploads\\\/2026\\\/04\\\/goetter_germanisch_frigg.webp\",\"inLanguage\":\"is\",\"description\":\"Frigg, h\u00f6fu\u00f0gy\u00f0ja \u00c1sanna og m\u00f3\u00f0ir Baldurs. \u00d6rlagag\u00e1fa, m\u00f3\u00f0urhlutverk, h\u00fasvernd. Heimildir \u00ed Eddu, Saxo og sl\u00f3\u00f0ir \u00ed germ\u00f6nskum si\u00f0.\"}]}<\/script>\n<!-- \/ Yoast SEO Premium plugin. -->","yoast_head_json":{"title":"Frigg - H\u00f6fu\u00f0gy\u00f0ja \u00c1sanna, m\u00f3\u00f0ir Baldurs","description":"Frigg, h\u00f6fu\u00f0gy\u00f0ja \u00c1sanna og m\u00f3\u00f0ir Baldurs. \u00d6rlagag\u00e1fa, m\u00f3\u00f0urhlutverk, h\u00fasvernd. Heimildir \u00ed Eddu, Saxo og sl\u00f3\u00f0ir \u00ed germ\u00f6nskum si\u00f0.","robots":{"index":"index","follow":"follow","max-snippet":"max-snippet:-1","max-image-preview":"max-image-preview:large","max-video-preview":"max-video-preview:-1"},"canonical":"https:\/\/iwell-guard.com\/is\/frigg\/","og_locale":"is_IS","og_type":"article","og_title":"Frigg","og_description":"Frigg, h\u00f6fu\u00f0gy\u00f0ja \u00c1sanna og m\u00f3\u00f0ir Baldurs. \u00d6rlagag\u00e1fa, m\u00f3\u00f0urhlutverk, h\u00fasvernd. Heimildir \u00ed Eddu, Saxo og sl\u00f3\u00f0ir \u00ed germ\u00f6nskum si\u00f0.","og_url":"https:\/\/iwell-guard.com\/is\/frigg\/","og_site_name":"iWell Guard","article_modified_time":"2026-09-05T14:20:18+00:00","og_image":[{"width":1024,"height":1536,"url":"https:\/\/iwell-guard.com\/wp-content\/uploads\/2026\/04\/goetter_germanisch_frigg.webp","type":"image\/webp"}],"twitter_card":"summary_large_image","schema":{"@context":"https:\/\/schema.org","@graph":[{"@type":"Article","@id":"https:\/\/iwell-guard.com\/is\/frigg\/#article","isPartOf":{"@id":"https:\/\/iwell-guard.com\/is\/frigg\/"},"author":{"name":"Ralf Ittermann","@id":"https:\/\/iwell-guard.com\/is\/#\/schema\/person\/ee2a27f1cac3406c7c6fb5820cb7349f"},"headline":"Frigg","datePublished":"2026-09-05T14:03:14+00:00","dateModified":"2026-09-05T14:20:18+00:00","mainEntityOfPage":{"@id":"https:\/\/iwell-guard.com\/is\/frigg\/"},"publisher":{"@id":"https:\/\/iwell-guard.com\/is\/#organization"},"image":{"@id":"https:\/\/iwell-guard.com\/is\/frigg\/#primaryimage"},"thumbnailUrl":"https:\/\/iwell-guard.com\/wp-content\/uploads\/2026\/04\/goetter_germanisch_frigg.webp","inLanguage":"is","description":"Frigg, h\u00f6fu\u00f0gy\u00f0ja \u00c1sanna og m\u00f3\u00f0ir Baldurs. \u00d6rlagag\u00e1fa, m\u00f3\u00f0urhlutverk, h\u00fasvernd. Heimildir \u00ed Eddu, Saxo og sl\u00f3\u00f0ir \u00ed germ\u00f6nskum si\u00f0."},{"@type":"WebPage","@id":"https:\/\/iwell-guard.com\/is\/frigg\/","url":"https:\/\/iwell-guard.com\/is\/frigg\/","name":"Frigg - H\u00f6fu\u00f0gy\u00f0ja \u00c1sanna, m\u00f3\u00f0ir Baldurs","isPartOf":{"@id":"https:\/\/iwell-guard.com\/is\/#website"},"primaryImageOfPage":{"@id":"https:\/\/iwell-guard.com\/is\/frigg\/#primaryimage"},"image":{"@id":"https:\/\/iwell-guard.com\/is\/frigg\/#primaryimage"},"thumbnailUrl":"https:\/\/iwell-guard.com\/wp-content\/uploads\/2026\/04\/goetter_germanisch_frigg.webp","datePublished":"2026-09-05T14:03:14+00:00","dateModified":"2026-09-05T14:20:18+00:00","description":"Frigg, h\u00f6fu\u00f0gy\u00f0ja \u00c1sanna og m\u00f3\u00f0ir Baldurs. \u00d6rlagag\u00e1fa, m\u00f3\u00f0urhlutverk, h\u00fasvernd. Heimildir \u00ed Eddu, Saxo og sl\u00f3\u00f0ir \u00ed germ\u00f6nskum si\u00f0.","breadcrumb":{"@id":"https:\/\/iwell-guard.com\/is\/frigg\/#breadcrumb"},"inLanguage":"is","potentialAction":[{"@type":"ReadAction","target":["https:\/\/iwell-guard.com\/is\/frigg\/"]}]},{"@type":"ImageObject","inLanguage":"is","@id":"https:\/\/iwell-guard.com\/is\/frigg\/#primaryimage","url":"https:\/\/iwell-guard.com\/wp-content\/uploads\/2026\/04\/goetter_germanisch_frigg.webp","contentUrl":"https:\/\/iwell-guard.com\/wp-content\/uploads\/2026\/04\/goetter_germanisch_frigg.webp","width":1024,"height":1536,"caption":"Gu\u00f0ir \u00far germanskri hef\u00f0."},{"@type":"BreadcrumbList","@id":"https:\/\/iwell-guard.com\/is\/frigg\/#breadcrumb","itemListElement":[{"@type":"ListItem","position":1,"name":"Start","item":"https:\/\/iwell-guard.com\/is\/?page_id=168580"},{"@type":"ListItem","position":2,"name":"Frigg"}]},{"@type":"WebSite","@id":"https:\/\/iwell-guard.com\/is\/#website","url":"https:\/\/iwell-guard.com\/is\/","name":"iWell Guard","description":"Schutz vor dunklen Einfl\u00fcssen","publisher":{"@id":"https:\/\/iwell-guard.com\/is\/#organization"},"potentialAction":[{"@type":"SearchAction","target":{"@type":"EntryPoint","urlTemplate":"https:\/\/iwell-guard.com\/is\/?s={search_term_string}"},"query-input":{"@type":"PropertyValueSpecification","valueRequired":true,"valueName":"search_term_string"}}],"inLanguage":"is"},{"@type":"Organization","@id":"https:\/\/iwell-guard.com\/is\/#organization","name":"Ittermann electronic GmbH","url":"https:\/\/iwell-guard.com\/is\/","logo":{"@type":"ImageObject","inLanguage":"is","@id":"https:\/\/iwell-guard.com\/is\/#\/schema\/logo\/image\/","url":"https:\/\/iwell-guard.com\/wp-content\/uploads\/2026\/05\/Ittermann-Logo-1182x237-1.png","contentUrl":"https:\/\/iwell-guard.com\/wp-content\/uploads\/2026\/05\/Ittermann-Logo-1182x237-1.png","width":1182,"height":237,"caption":"Ittermann electronic GmbH"},"image":{"@id":"https:\/\/iwell-guard.com\/is\/#\/schema\/logo\/image\/"},"sameAs":["https:\/\/pantip.com\/profile\/9367242","https:\/\/micro.blog\/iwellguard","https:\/\/www.diggerslist.com\/iwellguard\/about","https:\/\/skitterphoto.com\/photographers\/2870314\/iwell-guard","https:\/\/iwellguard.wordpress.com\/2026\/06\/06\/iwell-guard\/","https:\/\/hub.docker.com\/u\/iwellguard","https:\/\/www.pinterest.com\/iwellguard\/","https:\/\/bit.ly\/m\/iwellguard","https:\/\/entre-vos-mains.alsace.eu\/profiles\/iwellguard\/activity","https:\/\/gravatar.com\/reallybeded8fd34","https:\/\/naijamatta.com\/iwellguard","https:\/\/www.goodreads.com\/iwellguard","https:\/\/profile.hatena.ne.jp\/iwellguard\/","https:\/\/experiment.com\/users\/iwellguard","https:\/\/wakelet.com\/@iWellGuard82270","https:\/\/www.chordie.com\/forum\/profile.php?id=2555664","https:\/\/www.instapaper.com\/p\/17757966","https:\/\/www.mapleprimes.com\/users\/iwellguard","https:\/\/businesslistingplus.com\/profile\/iwell-guard\/","https:\/\/telegra.ph\/iWell-Guard-06-06","https:\/\/pbase.com\/iwellguard\/iwellguard","https:\/\/b.hatena.ne.jp\/iwellguard\/20260607#bookmark-4788405196491818882","https:\/\/fliphtml5.com\/home\/iwellguard","https:\/\/anyflip.com\/homepage\/cmiwl#About","https:\/\/transfur.com\/Users\/iwellguard","http:\/\/delphi.larsbo.org\/user\/iwellguard","https:\/\/jobs.lajobsportal.org\/profiles\/8380803-iwell-guard","https:\/\/md.chaosdorf.de\/s\/jfbe5SBdJD","https:\/\/www.lingvolive.com\/en-us\/profile\/9ecaeaca-ce11-4e51-9e71-01d55e2bff36\/translations","https:\/\/www.fitday.com\/fitness\/forums\/members\/iwellguard.html","https:\/\/www.mymeetbook.com\/iwellguard","https:\/\/pxhere.com\/en\/photographer-me\/5040798","https:\/\/disqus.com\/by\/iwellguard\/about\/","https:\/\/pastelink.net\/hjwciqwq","https:\/\/pubhtml5.com\/homepage\/scjhn\/","https:\/\/www.bitchute.com\/channel\/2O2eOKzNqujT","https:\/\/audiomack.com\/iwellguard"]},{"@type":"Person","@id":"https:\/\/iwell-guard.com\/is\/#\/schema\/person\/ee2a27f1cac3406c7c6fb5820cb7349f","name":"Ralf Ittermann","image":{"@type":"ImageObject","inLanguage":"is","@id":"https:\/\/secure.gravatar.com\/avatar\/073c0153e350a5005b68eb752b445fea71f6b24a26da9449ad7e155e6b446c9d?s=96&d=mm&r=g","url":"https:\/\/secure.gravatar.com\/avatar\/073c0153e350a5005b68eb752b445fea71f6b24a26da9449ad7e155e6b446c9d?s=96&d=mm&r=g","contentUrl":"https:\/\/secure.gravatar.com\/avatar\/073c0153e350a5005b68eb752b445fea71f6b24a26da9449ad7e155e6b446c9d?s=96&d=mm&r=g","caption":"Ralf Ittermann"},"givenName":"Ralf","familyName":"Ittermann","jobTitle":"Gesch\u00e4ftsf\u00fchrer und redaktioneller Verantwortlicher","url":"https:\/\/iwell-guard.com\/is\/author\/claude\/","description":"Ralf Ittermann ist Gesch\u00e4ftsf\u00fchrer der Ittermann electronic GmbH und redaktioneller Verantwortlicher des iWell-Guard-Lexikons. Er verbindet langj\u00e4hrige Erfahrung in der Pr\u00e4zisionsfertigung mit medialer Praxis und religionsgeschichtlicher Quellenarbeit.","worksFor":{"@type":"Organization","name":"Ittermann electronic GmbH","url":"https:\/\/ittermann.de\/","address":{"@type":"PostalAddress","streetAddress":"K\u00f6hlergasse 16-18","postalCode":"99842","addressLocality":"Ruhla","addressCountry":"DE"}},"knowsAbout":["Religionsgeschichte","Mythologie","Mediale Praxis","Energetische Diagnostik","Schutzpraxis","Volksglauben","Westliche Esoterik"]},{"@type":"Article","@id":"https:\/\/iwell-guard.com\/is\/frigg\/#article","isPartOf":{"@id":"https:\/\/iwell-guard.com\/is\/frigg\/"},"author":{"name":"Ralf Ittermann","@id":"https:\/\/iwell-guard.com\/is\/#\/schema\/person\/ee2a27f1cac3406c7c6fb5820cb7349f"},"headline":"Frigg","datePublished":"2026-09-05T14:03:14+00:00","dateModified":"2026-09-05T14:20:18+00:00","mainEntityOfPage":{"@id":"https:\/\/iwell-guard.com\/is\/frigg\/"},"publisher":{"@id":"https:\/\/iwell-guard.com\/is\/#organization"},"image":{"@id":"https:\/\/iwell-guard.com\/is\/frigg\/#primaryimage"},"thumbnailUrl":"https:\/\/iwell-guard.com\/wp-content\/uploads\/2026\/04\/goetter_germanisch_frigg.webp","inLanguage":"is","description":"Frigg, h\u00f6fu\u00f0gy\u00f0ja \u00c1sanna og m\u00f3\u00f0ir Baldurs. \u00d6rlagag\u00e1fa, m\u00f3\u00f0urhlutverk, h\u00fasvernd. Heimildir \u00ed Eddu, Saxo og sl\u00f3\u00f0ir \u00ed germ\u00f6nskum si\u00f0."}]}},"_links":{"self":[{"href":"https:\/\/iwell-guard.com\/is\/wp-json\/wp\/v2\/pages\/168818","targetHints":{"allow":["GET"]}}],"collection":[{"href":"https:\/\/iwell-guard.com\/is\/wp-json\/wp\/v2\/pages"}],"about":[{"href":"https:\/\/iwell-guard.com\/is\/wp-json\/wp\/v2\/types\/page"}],"author":[{"embeddable":true,"href":"https:\/\/iwell-guard.com\/is\/wp-json\/wp\/v2\/users\/3"}],"replies":[{"embeddable":true,"href":"https:\/\/iwell-guard.com\/is\/wp-json\/wp\/v2\/comments?post=168818"}],"version-history":[{"count":0,"href":"https:\/\/iwell-guard.com\/is\/wp-json\/wp\/v2\/pages\/168818\/revisions"}],"wp:featuredmedia":[{"embeddable":true,"href":"https:\/\/iwell-guard.com\/is\/wp-json\/wp\/v2\/media\/1572"}],"wp:attachment":[{"href":"https:\/\/iwell-guard.com\/is\/wp-json\/wp\/v2\/media?parent=168818"}],"wp:term":[{"taxonomy":"category","embeddable":true,"href":"https:\/\/iwell-guard.com\/is\/wp-json\/wp\/v2\/categories?post=168818"}],"curies":[{"name":"wp","href":"https:\/\/api.w.org\/{rel}","templated":true}]}}