{"id":168816,"date":"2026-09-05T14:03:13","date_gmt":"2026-09-05T14:03:13","guid":{"rendered":"https:\/\/iwell-guard.com\/?page_id=168816"},"modified":"2026-09-05T14:20:10","modified_gmt":"2026-09-05T14:20:10","slug":"thor","status":"publish","type":"page","link":"https:\/\/iwell-guard.com\/is\/thor\/","title":{"rendered":"\u00de\u00f3r"},"content":{"rendered":"\t\t<div data-elementor-type=\"wp-page\" data-elementor-id=\"168816\" class=\"elementor elementor-168816 elementor-2095 elementor-bc-flex-widget\" data-elementor-post-type=\"page\">\n\t\t\t\t<div class=\"elementor-element elementor-element-10fdade e-flex e-con-boxed e-con e-parent\" data-id=\"10fdade\" data-element_type=\"container\" data-e-type=\"container\" data-settings=\"{&quot;background_background&quot;:&quot;classic&quot;}\">\n\t\t\t\t\t<div class=\"e-con-inner\">\n\t\t<div class=\"elementor-element elementor-element-herohlft0 e-flex e-con-boxed e-con e-child\" data-id=\"herohlft0\" data-element_type=\"container\" data-e-type=\"container\">\n\t\t\t\t\t<div class=\"e-con-inner\">\n\t\t<div class=\"elementor-element elementor-element-c3ceb64 e-con-full e-flex e-con e-child\" data-id=\"c3ceb64\" data-element_type=\"container\" data-e-type=\"container\">\n\t\t\t\t<div class=\"elementor-element elementor-element-96ae5e1 elementor-widget elementor-widget-heading\" data-id=\"96ae5e1\" data-element_type=\"widget\" data-e-type=\"widget\" data-widget_type=\"heading.default\">\n\t\t\t\t\t<h1 class=\"elementor-heading-title elementor-size-default\">\u00de\u00f3r, gu\u00f0 \u00far germ\u00f6nskum si\u00f0<\/h1>\t\t\t\t<\/div>\n\t\t\t\t<div class=\"elementor-element elementor-element-e45238a elementor-widget elementor-widget-text-editor\" data-id=\"e45238a\" data-element_type=\"widget\" data-e-type=\"widget\" data-widget_type=\"text-editor.default\">\n\t\t\t\t\t\t\t\t\t<p>\u00de\u00f3r er gu\u00f0 \u00ferumunnar, eldingarins og verndarinnar \u00ed germ\u00f6nskum si\u00f0. Sem sonur \u00d3\u00f0ins og verndari mannkyns og gu\u00f0anna stendur hann fyrir kraft, hugrekki og reglu gegn glundro\u00f0a.<\/p><p>Tr\u00faarfr\u00e6\u00f0ilega er \u00de\u00f3r d\u00e6mi um mi\u00f0l\u00e6gni ve\u00f0urgu\u00f0sins \u00ed ind\u00f3evr\u00f3pskum go\u00f0aheimum og p\u00f3lit\u00edska ummyndun hans \u00ed verndargu\u00f0 b\u00e6nda og bardagamanna.<\/p>\t\t\t\t\t\t\t\t<\/div>\n\t\t\t\t<\/div>\n\t\t<div class=\"elementor-element elementor-element-klsbdg01 e-con-full e-flex e-con e-parent\" data-id=\"klsbdg01\" data-element_type=\"container\" data-e-type=\"container\">\n\t\t\t\t<div class=\"elementor-element elementor-element-klshtm01 elementor-widget elementor-widget-html\" data-id=\"klshtm01\" data-element_type=\"widget\" data-e-type=\"widget\" data-widget_type=\"html.default\">\n\t\t\t\t\t<div class=\"iwg-pill-row\"><span class=\"iwg-klasse-badge\" tabindex=\"0\" data-tooltip=\"Gu\u00f0 \/ gy\u00f0ja: Pers\u00f3nuger\u00f0 \u00e6\u00f0sta vald \u00ed go\u00f0aheimi menningar, me\u00f0 sk\u00fdra \u00e1byrg\u00f0arsvi\u00f0, n\u00e1tt\u00faru\u00f6fl, \u00f6rl\u00f6g, str\u00ed\u00f0, frj\u00f3semi. D\u00fdrku\u00f0 me\u00f0 helgisi\u00f0um, f\u00f3rnum og hofstofnunum.\">Gu\u00f0<\/span><a href=\"https:\/\/iwell-guard.com\/is\/?page_id=168614\" class=\"iwg-kultur-badge\" tabindex=\"0\" data-tooltip=\"Forkristinn go\u00f0a- og andaheimur Nor\u00f0ur- og Mi\u00f0-Evr\u00f3pu.\">Germanskt<\/a><\/div>\t\t\t\t<\/div>\n\t\t\t\t<\/div>\n\t\t<div class=\"elementor-element elementor-element-3f74855 e-con-full e-flex e-con e-child\" data-id=\"3f74855\" data-element_type=\"container\" data-e-type=\"container\">\n\t\t\t\t<div class=\"elementor-element elementor-element-1c30362 elementor-toc--minimized-on-tablet elementor-widget elementor-widget-table-of-contents\" data-id=\"1c30362\" data-element_type=\"widget\" data-e-type=\"widget\" data-settings=\"{&quot;exclude_headings_by_selector&quot;:[],&quot;no_headings_message&quot;:&quot;Engar undirfyrirsagnir fundust \\u00e1 \\u00feessari s\\u00ed\\u00f0u.&quot;,&quot;headings_by_tags&quot;:[&quot;h2&quot;,&quot;h3&quot;],&quot;marker_view&quot;:&quot;bullets&quot;,&quot;minimize_box&quot;:&quot;yes&quot;,&quot;icon&quot;:{&quot;value&quot;:&quot;fas fa-circle&quot;,&quot;library&quot;:&quot;fa-solid&quot;,&quot;rendered_tag&quot;:&quot;&lt;svg class=\\&quot;e-font-icon-svg e-fas-circle\\&quot; viewBox=\\&quot;0 0 512 512\\&quot; xmlns=\\&quot;http:\\\/\\\/www.w3.org\\\/2000\\\/svg\\&quot;&gt;&lt;path d=\\&quot;M256 8C119 8 8 119 8 256s111 248 248 248 248-111 248-248S393 8 256 8z\\&quot;&gt;&lt;\\\/path&gt;&lt;\\\/svg&gt;&quot;},&quot;minimized_on&quot;:&quot;tablet&quot;,&quot;hierarchical_view&quot;:&quot;yes&quot;,&quot;min_height&quot;:{&quot;unit&quot;:&quot;px&quot;,&quot;size&quot;:&quot;&quot;,&quot;sizes&quot;:[]},&quot;min_height_tablet&quot;:{&quot;unit&quot;:&quot;px&quot;,&quot;size&quot;:&quot;&quot;,&quot;sizes&quot;:[]},&quot;min_height_mobile&quot;:{&quot;unit&quot;:&quot;px&quot;,&quot;size&quot;:&quot;&quot;,&quot;sizes&quot;:[]}}\" data-widget_type=\"table-of-contents.default\">\n\t\t\t\t\t\t\t\t\t<div class=\"elementor-toc__header\">\n\t\t\t\t\t\t<h2 class=\"elementor-toc__header-title\">\n\t\t\t\tEfnisyfirlit\t\t\t<\/h2>\n\t\t\t\t\t\t\t\t\t\t<div class=\"elementor-toc__toggle-button elementor-toc__toggle-button--expand\" role=\"button\" tabindex=\"0\" aria-controls=\"elementor-toc__1c30362\" aria-expanded=\"true\" aria-label=\"Open table of contents\"><svg aria-hidden=\"true\" class=\"e-font-icon-svg e-fas-chevron-down\" viewBox=\"0 0 448 512\" xmlns=\"http:\/\/www.w3.org\/2000\/svg\"><path d=\"M207.029 381.476L12.686 187.132c-9.373-9.373-9.373-24.569 0-33.941l22.667-22.667c9.357-9.357 24.522-9.375 33.901-.04L224 284.505l154.745-154.021c9.379-9.335 24.544-9.317 33.901.04l22.667 22.667c9.373 9.373 9.373 24.569 0 33.941L240.971 381.476c-9.373 9.372-24.569 9.372-33.942 0z\"><\/path><\/svg><\/div>\n\t\t\t\t<div class=\"elementor-toc__toggle-button elementor-toc__toggle-button--collapse\" role=\"button\" tabindex=\"0\" aria-controls=\"elementor-toc__1c30362\" aria-expanded=\"true\" aria-label=\"Close table of contents\"><svg aria-hidden=\"true\" class=\"e-font-icon-svg e-fas-chevron-up\" viewBox=\"0 0 448 512\" xmlns=\"http:\/\/www.w3.org\/2000\/svg\"><path d=\"M240.971 130.524l194.343 194.343c9.373 9.373 9.373 24.569 0 33.941l-22.667 22.667c-9.357 9.357-24.522 9.375-33.901.04L224 227.495 69.255 381.516c-9.379 9.335-24.544 9.317-33.901-.04l-22.667-22.667c-9.373-9.373-9.373-24.569 0-33.941L207.03 130.525c9.372-9.373 24.568-9.373 33.941-.001z\"><\/path><\/svg><\/div>\n\t\t\t\t\t<\/div>\n\t\t\t\t<div id=\"elementor-toc__1c30362\" class=\"elementor-toc__body\">\n\t\t\t<div class=\"elementor-toc__spinner-container\">\n\t\t\t\t<svg class=\"elementor-toc__spinner eicon-animation-spin e-font-icon-svg e-eicon-loading\" aria-hidden=\"true\" viewBox=\"0 0 1000 1000\" xmlns=\"http:\/\/www.w3.org\/2000\/svg\"><path d=\"M500 975V858C696 858 858 696 858 500S696 142 500 142 142 304 142 500H25C25 237 238 25 500 25S975 237 975 500 763 975 500 975Z\"><\/path><\/svg>\t\t\t<\/div>\n\t\t<\/div>\n\t\t\t\t\t\t<\/div>\n\t\t\t\t<\/div>\n\t\t\t\t\t<\/div>\n\t\t\t\t<\/div>\n\t\t<div class=\"elementor-element elementor-element-herorght0 e-con-full e-flex e-con e-child\" data-id=\"herorght0\" data-element_type=\"container\" data-e-type=\"container\">\n\t\t\t\t<div class=\"elementor-element elementor-element-heroimg00 iwg-hero-image elementor-widget elementor-widget-image\" data-id=\"heroimg00\" data-element_type=\"widget\" data-e-type=\"widget\" data-widget_type=\"image.default\">\n\t\t\t\t\t\t\t\t\t\t\t\t\t\t\t<img fetchpriority=\"high\" decoding=\"async\" width=\"683\" height=\"1024\" src=\"https:\/\/iwell-guard.com\/wp-content\/uploads\/2026\/04\/goetter_germanisch_thor-683x1024.webp\" class=\"attachment-large size-large wp-image-171127\" alt=\"\u00de\u00f3r - Gu\u00f0ir \u00far germanskri hef\u00f0, s\u00f6guleg myndskreyting\" srcset=\"https:\/\/iwell-guard.com\/wp-content\/uploads\/2026\/04\/goetter_germanisch_thor-683x1024.webp 683w, https:\/\/iwell-guard.com\/wp-content\/uploads\/2026\/04\/goetter_germanisch_thor-200x300.webp 200w, https:\/\/iwell-guard.com\/wp-content\/uploads\/2026\/04\/goetter_germanisch_thor-768x1152.webp 768w, https:\/\/iwell-guard.com\/wp-content\/uploads\/2026\/04\/goetter_germanisch_thor.webp 1024w\" sizes=\"(max-width: 683px) 100vw, 683px\" \/>\t\t\t\t\t\t\t\t\t\t\t\t\t\t\t<\/div>\n\t\t\t\t<\/div>\n\t\t\t\t\t<\/div>\n\t\t\t\t<\/div>\n\t\t<div class=\"elementor-element elementor-element-32917199 e-flex e-con-boxed e-con e-parent\" data-id=\"32917199\" data-element_type=\"container\" data-e-type=\"container\">\n\t\t\t\t\t<div class=\"e-con-inner\">\n\t\t<div class=\"elementor-element elementor-element-26e916cb e-flex e-con-boxed e-con e-child\" data-id=\"26e916cb\" data-element_type=\"container\" data-e-type=\"container\">\n\t\t\t\t\t<div class=\"e-con-inner\">\n\t\t<div class=\"elementor-element elementor-element-253a40d4 e-flex e-con-boxed e-con e-child\" data-id=\"253a40d4\" data-element_type=\"container\" data-e-type=\"container\">\n\t\t\t\t\t<div class=\"e-con-inner\">\n\t\t\t\t<div class=\"elementor-element elementor-element-1200c304 elementor-widget elementor-widget-heading\" data-id=\"1200c304\" data-element_type=\"widget\" data-e-type=\"widget\" data-widget_type=\"heading.default\">\n\t\t\t\t\t<h2 class=\"elementor-heading-title elementor-size-default\">\u00de\u00f3r<\/h2>\t\t\t\t<\/div>\n\t\t\t\t<div class=\"elementor-element elementor-element-11758e7f elementor-widget elementor-widget-text-editor\" data-id=\"11758e7f\" data-element_type=\"widget\" data-e-type=\"widget\" data-widget_type=\"text-editor.default\">\n\t\t\t\t\t\t\t\t\t<p>\u00de\u00f3r er \u00edmynd styrks, rei\u00f0i, \u00ferumu og verndar Mi\u00f0gar\u00f0s. Meginkostir hans eru kraftur, \u00feolg\u00e6\u00f0i, trygg\u00f0 og bein, hreinskilin skapger\u00f0. \u00cd <span class=\"iwg-fachbegriff\" data-tooltip=\"S\u00f6g\u00f0 fr\u00e1s\u00f6gn af gu\u00f0um, upphafi og skipulagi heimsins.\" tabindex=\"0\">go\u00f0s\u00f6gninni<\/span> berst \u00de\u00f3r vi\u00f0 j\u00f6tna, ekur um himinn \u00ed kerru sinni sem geithafrar draga, og ber hamarinn Mj\u00f6lni.<\/p><p>\u00c6vint\u00fdri hans fylla st\u00f3ran hluta Snorra-Eddu og Eddukv\u00e6\u00f0anna. Meginmyndir go\u00f0sagnanna eru vei\u00f0ifer\u00f0 \u00de\u00f3rs me\u00f0 Mi\u00f0gar\u00f0sorminn, brottn\u00e1m hamarsins og bardagi hans vi\u00f0 j\u00f6tnakonunginn \u00derym.<\/p>\t\t\t\t\t\t\t\t<\/div>\n\t\t\t\t\t<\/div>\n\t\t\t\t<\/div>\n\t\t<div class=\"elementor-element elementor-element-159dcf9a e-flex e-con-boxed e-con e-child\" data-id=\"159dcf9a\" data-element_type=\"container\" data-e-type=\"container\">\n\t\t\t\t\t<div class=\"e-con-inner\">\n\t\t\t\t<div class=\"elementor-element elementor-element-48cee66f elementor-widget elementor-widget-heading\" data-id=\"48cee66f\" data-element_type=\"widget\" data-e-type=\"widget\" data-widget_type=\"heading.default\">\n\t\t\t\t\t<div class=\"elementor-heading-title elementor-size-default\">\u00cd hnotskurn: \u00de\u00f3r<\/div>\t\t\t\t<\/div>\n\t\t\t\t<div class=\"elementor-element elementor-element-3f50d82c elementor-widget elementor-widget-text-editor\" data-id=\"3f50d82c\" data-element_type=\"widget\" data-e-type=\"widget\" data-widget_type=\"text-editor.default\">\n\t\t\t\t\t\t\t\t\t<p>Heimildir eru Prosa-Edda <span class=\"iwg-fachbegriff\" tabindex=\"0\" data-tooltip=\"\u00cdslenskur fr\u00e6\u00f0ima\u00f0ur (1179\u20131241); h\u00f6fundur Snorra-Eddu og Heimskringlu.\">Snorra Sturlusonar<\/span>, Eddukv\u00e6\u00f0in (s\u00e9rstaklega \u00derymskvi\u00f0a, H\u00e1rbar\u00f0slj\u00f3\u00f0), Germania Tacitusar, fornleifafundir (\u00de\u00f3rshamrar, r\u00fanasteinar), og norr\u00e6n \u00f6rnefni. Til vi\u00f0b\u00f3tar: Rudolf Simek (Lexikon der germanischen <span class=\"iwg-fachbegriff\" data-tooltip=\"Heild var\u00f0veittra go\u00f0sagna um gu\u00f0i \u00ed tiltekinni menningu.\" tabindex=\"0\">Mythologie<\/span>), Jan de Vries (Altgermanische Religionsgeschichte), Georges Dum\u00e9zil, Kurt N\u00e4sstr\u00f6m. D\u00fdrkun \u00de\u00f3rs var \u00fatbreidd \u00e1 Nor\u00f0url\u00f6ndum, Nor\u00f0ur- og Mi\u00f0-Evr\u00f3pu og s\u00e9st enn \u00ed dag \u00ed nafni fimmtudagsins.<\/p>\t\t\t\t\t\t\t\t<\/div>\n\t\t\t\t\t<\/div>\n\t\t\t\t<\/div>\n\t\t\t\t\t<\/div>\n\t\t\t\t<\/div>\n\t\t\t\t\t<\/div>\n\t\t\t\t<\/div>\n\t\t<div class=\"elementor-element elementor-element-18613602 e-flex e-con-boxed e-con e-parent\" data-id=\"18613602\" data-element_type=\"container\" data-e-type=\"container\">\n\t\t\t\t\t<div class=\"e-con-inner\">\n\t\t\t\t<div class=\"elementor-element elementor-element-262b8a9f elementor-widget elementor-widget-heading\" data-id=\"262b8a9f\" data-element_type=\"widget\" data-e-type=\"widget\" data-widget_type=\"heading.default\">\n\t\t\t\t\t<h2 class=\"elementor-heading-title elementor-size-default\">Samhengi<\/h2>\t\t\t\t<\/div>\n\t\t<div class=\"elementor-element elementor-element-46dcb7d e-con-full e-flex e-con e-child\" data-id=\"46dcb7d\" data-element_type=\"container\" data-e-type=\"container\">\n\t\t<div class=\"elementor-element elementor-element-61d3ab3 e-flex e-con-boxed e-con e-child\" data-id=\"61d3ab3\" data-element_type=\"container\" data-e-type=\"container\">\n\t\t\t\t\t<div class=\"e-con-inner\">\n\t\t\t\t<div class=\"elementor-element elementor-element-117c166 elementor-widget elementor-widget-heading\" data-id=\"117c166\" data-element_type=\"widget\" data-e-type=\"widget\" data-widget_type=\"heading.default\">\n\t\t\t\t\t<div class=\"elementor-heading-title elementor-size-default\">T\u00edmabil textanna<\/div>\t\t\t\t<\/div>\n\t\t\t\t<div class=\"elementor-element elementor-element-73997a0 elementor-widget elementor-widget-text-editor\" data-id=\"73997a0\" data-element_type=\"widget\" data-e-type=\"widget\" data-widget_type=\"text-editor.default\">\n\t\t\t\t\t\t\t\t\t<p>\u00de\u00f3r er sannanlegur allt fr\u00e1 heimildum um Donar fr\u00e1 r\u00f3mverskum t\u00edma til \u00edslenskra Eddu-handrita fr\u00e1 13. \u00f6ld, \u00feannig \u00ed meira en \u00fe\u00fasund \u00e1r. Nafn hans lifir \u00e1fram \u00ed vikudeginum fimmtudag, og \u00de\u00f3rshamarshengjur eru enn bornar \u00ed dag, oft n\u00fa sem yfirl\u00fdsing um norr\u00e6nan uppruna e\u00f0a \u00ed n\u00fat\u00edma hei\u00f0ni, en tengslin vi\u00f0 forna \u00ferumugu\u00f0inn eru \u00fear \u00e1vallt s\u00fdnileg.<\/p>\t\t\t\t\t\t\t\t<\/div>\n\t\t\t\t\t<\/div>\n\t\t\t\t<\/div>\n\t\t<div class=\"elementor-element elementor-element-d47b156 e-flex e-con-boxed e-con e-child\" data-id=\"d47b156\" data-element_type=\"container\" data-e-type=\"container\">\n\t\t\t\t\t<div class=\"e-con-inner\">\n\t\t\t\t<div class=\"elementor-element elementor-element-ff38c2b elementor-widget elementor-widget-heading\" data-id=\"ff38c2b\" data-element_type=\"widget\" data-e-type=\"widget\" data-widget_type=\"heading.default\">\n\t\t\t\t\t<div class=\"elementor-heading-title elementor-size-default\">\u00datbrei\u00f0slusv\u00e6\u00f0i<\/div>\t\t\t\t<\/div>\n\t\t\t\t<div class=\"elementor-element elementor-element-4e49fcc elementor-widget elementor-widget-text-editor\" data-id=\"4e49fcc\" data-element_type=\"widget\" data-e-type=\"widget\" data-widget_type=\"text-editor.default\">\n\t\t\t\t\t\t\t\t\t<p>\u00de\u00f3r var ekki bundinn vi\u00f0 \u00e1kve\u00f0i\u00f0 sv\u00e6\u00f0i e\u00f0a sta\u00f0setningar, heldur var hann \u00feekktur og d\u00fdrka\u00f0ur e\u00f0a virtur og \u00f6ttast um gervallan hinn germanska heim. Hvort sem var \u00ed st\u00f3rum borgarmi\u00f0st\u00f6\u00f0vum e\u00f0a \u00e1 ja\u00f0arsv\u00e6\u00f0um \u00ed dreifb\u00fdli, hj\u00e1 samf\u00e9lagslegri el\u00edtu e\u00f0a me\u00f0al almennings, var andleg e\u00f0a menningarleg \u00fe\u00fd\u00f0ing \u00feessarar veru vi\u00f0urkennd og alls sta\u00f0ar til sta\u00f0ar.<\/p><p>\u00d6rnefni eins og \u00de\u00f3rsh\u00f6fn, \u00f3teljandi mannan\u00f6fn me\u00f0 \u00fe\u00e1tttinni \u00de\u00f3r og t\u00ed\u00f0ni hamarshengjufunda s\u00fdna a\u00f0 \u00ferumugu\u00f0inn var r\u00f3tfestur \u00ed daglegu l\u00edfi brei\u00f0ra samf\u00e9lagsh\u00f3pa, fr\u00e1 b\u00f3nda til sj\u00f3farenda. Me\u00f0 fer\u00f0um v\u00edkinganna barst \u00e1tr\u00fana\u00f0ur hans til \u00cdslands, Englands, \u00cdrlands og R\u00fasslands, og myndsk\u00f6pun og \u00e1kall hans h\u00e9lst a\u00f0 mestu leyti samr\u00e6mt \u00e1 \u00feessum landn\u00e1mssv\u00e6\u00f0um.<\/p>\t\t\t\t\t\t\t\t<\/div>\n\t\t\t\t\t<\/div>\n\t\t\t\t<\/div>\n\t\t\t\t<\/div>\n\t\t<div class=\"elementor-element elementor-element-db03c39 e-con-full e-flex e-con e-child\" data-id=\"db03c39\" data-element_type=\"container\" data-e-type=\"container\">\n\t\t<div class=\"elementor-element elementor-element-229a87b e-flex e-con-boxed e-con e-child\" data-id=\"229a87b\" data-element_type=\"container\" data-e-type=\"container\">\n\t\t\t\t\t<div class=\"e-con-inner\">\n\t\t\t\t<div class=\"elementor-element elementor-element-1f471fc elementor-widget elementor-widget-heading\" data-id=\"1f471fc\" data-element_type=\"widget\" data-e-type=\"widget\" data-widget_type=\"heading.default\">\n\t\t\t\t\t<div class=\"elementor-heading-title elementor-size-default\">Heimildasta\u00f0a<\/div>\t\t\t\t<\/div>\n\t\t\t\t<div class=\"elementor-element elementor-element-36b1201 elementor-widget elementor-widget-text-editor\" data-id=\"36b1201\" data-element_type=\"widget\" data-e-type=\"widget\" data-widget_type=\"text-editor.default\">\n\t\t\t\t\t\t\t\t\t<p>Frumheimildir: Prosa-Edda <span class=\"iwg-fachbegriff\" tabindex=\"0\" data-tooltip=\"\u00cdslenskur fr\u00e6\u00f0ima\u00f0ur (1179\u20131241); h\u00f6fundur Snorra-Eddu og Heimskringlu.\">Snorra Sturlusonar<\/span> (s\u00e9rstaklega Gylfaginning og Sk\u00e1ldskaparm\u00e1l), Eddukv\u00e6\u00f0in (\u00derymskvi\u00f0a, H\u00e1rbar\u00f0slj\u00f3\u00f0, Hymiskvi\u00f0a), Germania Tacitusar (kafli 9: umfj\u00f6llun um Donar-d\u00fdrkun), s\u00ed\u00f0r\u00f3mverskar \u00e1letranir fr\u00e1 German\u00edu (IOM = Iovi Optimo Maximo, oft <span class=\"iwg-fachbegriff\" data-tooltip=\"Samruni hugmynda e\u00f0a gu\u00f0a \u00far mismunandi tr\u00faarhef\u00f0um.\" tabindex=\"0\">samruni<\/span> vi\u00f0 \u00de\u00f3r), r\u00fana\u00e1letranir.<\/p><p>T\u00edmabil: 1. \u00f6ld f.Kr. til 13. \u00f6ld e.Kr. Fr\u00e6\u00f0imenn: Rudolf Simek, Jan de Vries, Folke Str\u00f6m, Kurt N\u00e4sstr\u00f6m, Jens Peter Schj\u00f8dt. Fornleifafundir: Mj\u00f6lnishengjur, f\u00f3rnarfundir, <span class=\"iwg-fachbegriff\" data-tooltip=\"Bygging sem er tileinku\u00f0 d\u00fdrkun einnar e\u00f0a fleiri gu\u00f0a.\" tabindex=\"0\">hof<\/span> \u00ed Upps\u00f6lum og Hl\u00f6\u00f0um.<\/p>\t\t\t\t\t\t\t\t<\/div>\n\t\t\t\t\t<\/div>\n\t\t\t\t<\/div>\n\t\t\t\t<\/div>\n\t\t\t\t\t<\/div>\n\t\t\t\t<\/div>\n\t\t<div class=\"elementor-element elementor-element-3ae0637c e-flex e-con-boxed e-con e-parent\" data-id=\"3ae0637c\" data-element_type=\"container\" data-e-type=\"container\">\n\t\t\t\t\t<div class=\"e-con-inner\">\n\t\t\t\t<div class=\"elementor-element elementor-element-31d07739 elementor-widget elementor-widget-heading\" data-id=\"31d07739\" data-element_type=\"widget\" data-e-type=\"widget\" data-widget_type=\"heading.default\">\n\t\t\t\t\t<h2 class=\"elementor-heading-title elementor-size-default\">Nafn og heiti<\/h2>\t\t\t\t<\/div>\n\t\t<div class=\"elementor-element elementor-element-b7642947 e-con-full e-flex e-con e-child\" data-id=\"b7642947\" data-element_type=\"container\" data-e-type=\"container\">\n\t\t\t\t<div class=\"elementor-element elementor-element-a086266 elementor-widget elementor-widget-text-editor\" data-id=\"a086266\" data-element_type=\"widget\" data-e-type=\"widget\" data-widget_type=\"text-editor.default\">\n\t\t\t\t\t\t\t\t\t<p>\u00de\u00f3r er s\u00fdndur \u00ed \u00fdmsum heimildum og listr\u00e6num hef\u00f0um me\u00f0 \u00e1kve\u00f0num endurtekandi t\u00e1knmyndum sem halda s\u00e9r tilt\u00f6lulega \u00f3breyttum \u00ed gegnum \u00e1ratugi og milli mismunandi landsv\u00e6\u00f0a. \u00deessi einkenni eru ekki eint\u00f3m skreyting e\u00f0a handah\u00f3fskennd valin, heldur eru \u00feau dj\u00fapt t\u00e1knr\u00e6n og bera mikla merkingu.<\/p><p>Einkenni \u00de\u00f3rs myndar l\u00e6silegt t\u00e1knkerfi: Hamarinn Mj\u00f6lnir stendur fyrir m\u00e1tt hans yfir eldingu og \u00ferumu og fyrir vernd gu\u00f0a og manna, kraftbelti\u00f0 Megingj\u00f6r\u00f0 og j\u00e1rnhandskarnir v\u00edsa til l\u00edkamlegs styrks hans, kerran sem tveir geithafrar draga v\u00edsar til fer\u00f0a hans um heimana. Hver s\u00e1 sem var kunnugur Eddunni og norr\u00e6nni myndhef\u00f0 gat samstundis af \u00feessum einkennum lesi\u00f0 \u00e1byrg\u00f0arsvi\u00f0 og st\u00f6\u00f0u \u00ferumugu\u00f0sins: vald yfir ve\u00f0ri, v\u00f6rn gegn j\u00f6tnum og a\u00f0 lokum bardagann vi\u00f0 Mi\u00f0gar\u00f0sorminn. S\u00e9rhver sm\u00e1atri\u00f0i, fr\u00e1 rau\u00f0u skegginu til vopnsins, var fastm\u00e6lt og var \u00feannig var\u00f0veitt \u00e1fram.<\/p>\t\t\t\t\t\t\t\t<\/div>\n\t\t\t\t<\/div>\n\t\t\t\t\t<\/div>\n\t\t\t\t<\/div>\n\t\t<div class=\"elementor-element elementor-element-709a44a8 e-flex e-con-boxed e-con e-parent\" data-id=\"709a44a8\" data-element_type=\"container\" data-e-type=\"container\">\n\t\t\t\t\t<div class=\"e-con-inner\">\n\t\t\t\t<div class=\"elementor-element elementor-element-2f585873 elementor-widget elementor-widget-heading\" data-id=\"2f585873\" data-element_type=\"widget\" data-e-type=\"widget\" data-widget_type=\"heading.default\">\n\t\t\t\t\t<h2 class=\"elementor-heading-title elementor-size-default\">Einkenni<\/h2>\t\t\t\t<\/div>\n\t\t<div class=\"elementor-element elementor-element-70621c12 e-con-full e-flex e-con e-child\" data-id=\"70621c12\" data-element_type=\"container\" data-e-type=\"container\">\n\t\t\t\t<div class=\"elementor-element elementor-element-4296eb49 elementor-widget elementor-widget-text-editor\" data-id=\"4296eb49\" data-element_type=\"widget\" data-e-type=\"widget\" data-widget_type=\"text-editor.default\">\n\t\t\t\t\t\t\t\t\t<p>\u00de\u00f3r var mi\u00f0l\u00e6gur \u00ed tr\u00faarlegri i\u00f0kun, daglegum helgisi\u00f0um og hversdagslegum skilningi germanska si\u00f0arins. F\u00f3lk sneri s\u00e9r til \u00feessarar veru \u00e1 erfi\u00f0um e\u00f0a \u00e1kve\u00f0num t\u00edmam\u00f3tum \u00ed l\u00edfinu e\u00f0a \u00e1 tilteknum helgisi\u00f0abundnum \u00e1rst\u00edmum, me\u00f0 skipul\u00f6g\u00f0um, oft umfangsmiklum helgisi\u00f0um, b\u00e6num e\u00f0a f\u00f3rnargj\u00f6fum.<\/p><p>D\u00fdrkun \u00de\u00f3rs fylgdi f\u00f6stum formum: f\u00f3rnarathafnir, hi\u00f0 svokalla\u00f0a bl\u00f3t, f\u00f3ru fram \u00e1 \u00e1kve\u00f0num tilefnum og var st\u00fdrt af go\u00f0um, \u00fea\u00f0 er einstaklingum sem \u00ed norr\u00e6nu samf\u00e9lagi b\u00e1ru b\u00e6\u00f0i prestslegar og l\u00f6gfr\u00e6\u00f0ilegar skyldur. Einnig var blessun me\u00f0 hamarsmerkinu vi\u00f0 br\u00fa\u00f0kaup og v\u00edgslur ekki sj\u00e1lfsprottinn si\u00f0ur, heldur var\u00f0veitt hef\u00f0.<\/p><p>A\u00f0 \u00de\u00f3rshamarshengjur voru bornar allan v\u00edkingat\u00edmann og lag\u00f0ar \u00ed grafir s\u00fdnir hversu mikils f\u00f3lk v\u00e6nti s\u00e9r af beinni hj\u00e1lp \u00ferumugu\u00f0sins. \u00c1kall \u00de\u00f3rs \u00fej\u00f3na\u00f0i \u00fdmsum tilgangi: \u00fea\u00f0 \u00e1tti a\u00f0 halda \u00f3g\u00e6fu fr\u00e1 b\u00e6 og siglingum, \u00fea\u00f0 fylgdi v\u00edgslum og br\u00fa\u00f0kaupum sem blessunarath\u00f6fn, og hamarsmerki\u00f0 marka\u00f0i t\u00edmam\u00f3t eins og hj\u00f3naband e\u00f0a greftrun.<\/p>\t\t\t\t\t\t\t\t<\/div>\n\t\t\t\t<\/div>\n\t\t\t\t\t<\/div>\n\t\t\t\t<\/div>\n\t\t<div class=\"elementor-element elementor-element-44e71476 e-flex e-con-boxed e-con e-parent\" data-id=\"44e71476\" data-element_type=\"container\" data-e-type=\"container\">\n\t\t\t\t\t<div class=\"e-con-inner\">\n\t\t\t\t<div class=\"elementor-element elementor-element-3c1fc3f0 elementor-widget elementor-widget-heading\" data-id=\"3c1fc3f0\" data-element_type=\"widget\" data-e-type=\"widget\" data-widget_type=\"heading.default\">\n\t\t\t\t\t<h2 class=\"elementor-heading-title elementor-size-default\">Skyndiyfirlit: \u00de\u00f3r<\/h2>\t\t\t\t<\/div>\n\t\t<div class=\"elementor-element elementor-element-84f33b8e e-con-full e-flex e-con e-child\" data-id=\"84f33b8e\" data-element_type=\"container\" data-e-type=\"container\">\n\t\t\t\t<div class=\"elementor-element elementor-element-hqkdc67p elementor-widget elementor-widget-text-editor\" data-id=\"hqkdc67p\" data-element_type=\"widget\" data-e-type=\"widget\" data-widget_type=\"text-editor.default\">\n\t\t\t\t\t\t\t\t\t<p>\u00cd pers\u00f3nul\u00fdsingunni er e\u00f0li \u00de\u00f3rs \u00fatsk\u00fdrt \u00fat fr\u00e1 sex v\u00edddum: go\u00f0s\u00f6gulega og \u00e6ttfr\u00e6\u00f0ilega uppruna hans, tilbei\u00f0sluvenjur me\u00f0al str\u00ed\u00f0smanna og b\u00e6nda, einkennandi myndm\u00e1l hans sem kraftagu\u00f0s me\u00f0 hamar, mikilv\u00e6gi <span class=\"iwg-fachbegriff\" data-tooltip=\"B\u00e6narleg e\u00f0a \u00e1kallandi \u00e1v\u00f6rpun til go\u00f0m\u00f6gns e\u00f0a \u00e6\u00f0ri m\u00e1ttar.\" tabindex=\"0\">\u00e1kalls<\/span> og gu\u00f0legrar verndar, samb\u00e6rilegar go\u00f0sagnapers\u00f3nur \u00ed \u00f6\u00f0rum ind\u00f3evr\u00f3pskum og n\u00e1l\u00e6gum menningarheimum, og a\u00f0 lokum samantekt \u00e1 hlutverki hans \u00ed hinni kosm\u00edsku bar\u00e1ttu gegn \u00f3rei\u00f0unni.<\/p>\t\t\t\t\t\t\t\t<\/div>\n\t\t\t\t<\/div>\n\t\t<div class=\"elementor-element elementor-element-pemmx7c5 e-con-full e-flex e-con e-child\" data-id=\"pemmx7c5\" data-element_type=\"container\" data-e-type=\"container\">\n\t\t<div class=\"elementor-element elementor-element-pemmx7c1 e-con-full e-flex e-con e-child\" data-id=\"pemmx7c1\" data-element_type=\"container\" data-e-type=\"container\">\n\t\t<div class=\"elementor-element elementor-element-qh9oavvu iwg-steckbrief-card e-flex e-con-boxed e-con e-child\" data-id=\"qh9oavvu\" data-element_type=\"container\" data-e-type=\"container\">\n\t\t\t\t\t<div class=\"e-con-inner\">\n\t\t\t\t<div class=\"elementor-element elementor-element-awzx8k2k elementor-widget elementor-widget-heading\" data-id=\"awzx8k2k\" data-element_type=\"widget\" data-e-type=\"widget\" data-widget_type=\"heading.default\">\n\t\t\t\t\t<div class=\"elementor-heading-title elementor-size-default\">Uppruni \u00de\u00f3rs<\/div>\t\t\t\t<\/div>\n\t\t\t\t<div class=\"elementor-element elementor-element-x6rowhv0 elementor-widget elementor-widget-text-editor\" data-id=\"x6rowhv0\" data-element_type=\"widget\" data-e-type=\"widget\" data-widget_type=\"text-editor.default\">\n\t\t\t\t\t\t\t\t\t<p>\u00de\u00f3r er af ind\u00f3evr\u00f3pskum uppruna sem \u00ferumu- og ve\u00f0urgu\u00f0, n\u00e1skyldur Indra, Seifi og J\u00fap\u00edter. \u00cd germanskri <span class=\"iwg-fachbegriff\" data-tooltip=\"Heildarsafn hinna var\u00f0veittu go\u00f0sagna um gu\u00f0i innan tiltekinnar menningar.\" tabindex=\"0\">go\u00f0afr\u00e6\u00f0i<\/span> \u00e1 hann r\u00e6tur a\u00f0 rekja allt aftur til fyrri hluta <span class=\"iwg-fachbegriff\" data-tooltip=\"Fors\u00f6guleg t\u00edmabil eftir brons\u00f6ld, einkennist af vinnslu j\u00e1rns.\" tabindex=\"0\">j\u00e1rnaldar<\/span> fyrir kristni (u.\u00fe.b. 500 f.Kr. til 1000 e.Kr.).<\/p><p>Tacitus nefnir <span class=\"iwg-fachbegriff\" data-tooltip=\"Heildarsafn tr\u00faarlegra tilbei\u00f0sluathafna sem tileinka\u00f0ar eru gu\u00f0i e\u00f0a heilagri veru.\" tabindex=\"0\">d\u00fdrkun<\/span> hans undir nafninu Donar hj\u00e1 Chattverjum og Bat\u00f6vum. Norr\u00e6nar heimildir (Eddurnar) voru skrifa\u00f0ar ni\u00f0ur um 1200 e.Kr., en var\u00f0veita eldri munnlegar hef\u00f0ir. Gu\u00f0a\u00ferenningin sem samanst\u00f3\u00f0 af \u00d3\u00f0ni, Donar\/\u00de\u00f3r og T\u00edvaz var v\u00ed\u00f0a \u00fatbreidd \u00ed German\u00edu.<\/p>\t\t\t\t\t\t\t\t<\/div>\n\t\t\t\t\t<\/div>\n\t\t\t\t<\/div>\n\t\t<div class=\"elementor-element elementor-element-8e3o4kxs iwg-steckbrief-card e-flex e-con-boxed e-con e-child\" data-id=\"8e3o4kxs\" data-element_type=\"container\" data-e-type=\"container\">\n\t\t\t\t\t<div class=\"e-con-inner\">\n\t\t\t\t<div class=\"elementor-element elementor-element-08rkdgov elementor-widget elementor-widget-heading\" data-id=\"08rkdgov\" data-element_type=\"widget\" data-e-type=\"widget\" data-widget_type=\"heading.default\">\n\t\t\t\t\t<div class=\"elementor-heading-title elementor-size-default\">Vi\u00f0takendur<\/div>\t\t\t\t<\/div>\n\t\t\t\t<div class=\"elementor-element elementor-element-uwjelx8s elementor-widget elementor-widget-text-editor\" data-id=\"uwjelx8s\" data-element_type=\"widget\" data-e-type=\"widget\" data-widget_type=\"text-editor.default\">\n\t\t\t\t\t\t\t\t\t<p>\u00de\u00f3r var \u00e1kalla\u00f0ur af str\u00ed\u00f0sm\u00f6nnum fyrir orrustur, af b\u00e6ndum vi\u00f0 uppskeru, af s\u00e6farendum og af handverksm\u00f6nnum. S\u00e9rstaklega \u00e1 Nor\u00f0url\u00f6ndum var tilbei\u00f0sla \u00e1 \u00de\u00f3r l\u00fd\u00f0r\u00e6\u00f0islegs e\u00f0lis, konungar og frj\u00e1lsir b\u00e6ndur f\u00e6r\u00f0u honum f\u00f3rnir jafnt.<\/p><p>Fimmtudagurinn (\u00de\u00f3rsdagur) var hans helgi dagur. <span class=\"iwg-fachbegriff\" data-tooltip=\"Ritt\u00e1kn germanskra \u00fej\u00f3\u00f0a, einnig notu\u00f0 \u00ed verndar- og galdraform\u00falur.\" tabindex=\"0\">R\u00fana<\/span>-verndargripir me\u00f0 Mj\u00f6lni voru bornir af str\u00ed\u00f0sm\u00f6nnum. \u00c1 \u00cdslandi var ei\u00f0ur svarinn vi\u00f0 <span class=\"iwg-fachbegriff\" data-tooltip=\"Upph\u00e6kka\u00f0ur sta\u00f0ur e\u00f0a bor\u00f0 fyrir f\u00f3rnir og tr\u00faarlegar athafnir.\" tabindex=\"0\">altari<\/span> \u00de\u00f3rs bindandi en ei\u00f0ur svarinn \u00f6\u00f0rum gu\u00f0um. Berserkirnir (bardaga\u00f3\u00f0ir str\u00ed\u00f0smenn) h\u00f6f\u00f0u \u00de\u00f3r sem sinn str\u00ed\u00f0sei\u00f0agu\u00f0.<\/p>\t\t\t\t\t\t\t\t<\/div>\n\t\t\t\t\t<\/div>\n\t\t\t\t<\/div>\n\t\t<div class=\"elementor-element elementor-element-jm2n74ec iwg-steckbrief-card e-flex e-con-boxed e-con e-child\" data-id=\"jm2n74ec\" data-element_type=\"container\" data-e-type=\"container\">\n\t\t\t\t\t<div class=\"e-con-inner\">\n\t\t\t\t<div class=\"elementor-element elementor-element-8vufse4c elementor-widget elementor-widget-heading\" data-id=\"8vufse4c\" data-element_type=\"widget\" data-e-type=\"widget\" data-widget_type=\"heading.default\">\n\t\t\t\t\t<div class=\"elementor-heading-title elementor-size-default\">\u00c1sj\u00f3na \u00de\u00f3rs<\/div>\t\t\t\t<\/div>\n\t\t\t\t<div class=\"elementor-element elementor-element-mwb9u015 elementor-widget elementor-widget-text-editor\" data-id=\"mwb9u015\" data-element_type=\"widget\" data-e-type=\"widget\" data-widget_type=\"text-editor.default\">\n\t\t\t\t\t\t\t\t\t<p>\u00de\u00f3r var l\u00fdst sem st\u00f3rv\u00f6xnum, skeggju\u00f0um manni me\u00f0 rautt h\u00e1r og skegg, v\u00f6\u00f0vast\u00e6ltum og kraftmiklum. Meginkennileiti hans eru hamarinn Mj\u00f6lnir (<span class=\"iwg-fachbegriff\" data-tooltip=\"T\u00e1kn sem stendur \u00ed sta\u00f0 hugmyndar e\u00f0a merkingar.\" tabindex=\"0\">t\u00e1kn<\/span> eldingar og kraftar), belti hans Megingj\u00f6r\u00f0 (kraftabelti\u00f0), og j\u00e1rnhanskar hans.<\/p><p>\u00cd r\u00fanum var hann s\u00fdndur me\u00f0 \u00de\u00f3rshamarst\u00e1kninu. Fornleifafundir s\u00fdna Mj\u00f6lnis-verndargripi \u00far silfri og bronsi. \u00cd myndm\u00e1li ekur hann geitakerru yfir himininn og framkallar \u00ferumur.<\/p>\t\t\t\t\t\t\t\t<\/div>\n\t\t\t\t\t<\/div>\n\t\t\t\t<\/div>\n\t\t\t\t<\/div>\n\t\t<div class=\"elementor-element elementor-element-pemmx7c2 e-con-full e-flex e-con e-child\" data-id=\"pemmx7c2\" data-element_type=\"container\" data-e-type=\"container\">\n\t\t<div class=\"elementor-element elementor-element-37ss2yr6 iwg-steckbrief-card e-flex e-con-boxed e-con e-child\" data-id=\"37ss2yr6\" data-element_type=\"container\" data-e-type=\"container\">\n\t\t\t\t\t<div class=\"e-con-inner\">\n\t\t\t\t<div class=\"elementor-element elementor-element-3v0wp3wx elementor-widget elementor-widget-heading\" data-id=\"3v0wp3wx\" data-element_type=\"widget\" data-e-type=\"widget\" data-widget_type=\"heading.default\">\n\t\t\t\t\t<div class=\"elementor-heading-title elementor-size-default\">I\u00f0ja<\/div>\t\t\t\t<\/div>\n\t\t\t\t<div class=\"elementor-element elementor-element-w3247g2m elementor-widget elementor-widget-text-editor\" data-id=\"w3247g2m\" data-element_type=\"widget\" data-e-type=\"widget\" data-widget_type=\"text-editor.default\">\n\t\t\t\t\t\t\t\t\t<p>\u00de\u00f3r var eigna\u00f0ur s\u00e1 kraftur a\u00f0 kasta eldingum, kalla fram regn og mola andst\u00e6\u00f0inga s\u00edna. Styrkur hans var afbur\u00f0amikill, hann gat drepi\u00f0 j\u00f6tna og jafnvel s\u00e6rt Mi\u00f0gar\u00f0sorminn (\u00fe\u00f3 ekki drepi\u00f0 hann, \u00fev\u00ed s\u00e1 lifir allt til Ragnaraka).<\/p><p>Me\u00f0 hamri s\u00ednum Mj\u00f6lni gat \u00de\u00f3r vari\u00f0 sj\u00e1lfan sig og hraki\u00f0 \u00f3vini s\u00edna \u00e1 fl\u00f3tta. <span class=\"iwg-fachbegriff\" data-tooltip=\"\u00c1varp heilla og verndar, oft \u00ed fastm\u00f3tu\u00f0u m\u00e1li.\" tabindex=\"0\">Blessun<\/span> hans ger\u00f0i uppskeru r\u00edka og str\u00ed\u00f0 sigurs\u00e6l. B\u00f6lb\u00e6nir gegn \u00de\u00f3r voru taldar s\u00e9rstaklega \u00feungb\u00e6rar og k\u00f6llu\u00f0u \u00e1 \u00f6flugar m\u00f3ta\u00f0ger\u00f0ir.<\/p>\t\t\t\t\t\t\t\t<\/div>\n\t\t\t\t\t<\/div>\n\t\t\t\t<\/div>\n\t\t<div class=\"elementor-element elementor-element-0qpjal9w iwg-steckbrief-card e-flex e-con-boxed e-con e-child\" data-id=\"0qpjal9w\" data-element_type=\"container\" data-e-type=\"container\">\n\t\t\t\t\t<div class=\"e-con-inner\">\n\t\t\t\t<div class=\"elementor-element elementor-element-6ndoih0o elementor-widget elementor-widget-heading\" data-id=\"6ndoih0o\" data-element_type=\"widget\" data-e-type=\"widget\" data-widget_type=\"heading.default\">\n\t\t\t\t\t<div class=\"elementor-heading-title elementor-size-default\">Vernd<\/div>\t\t\t\t<\/div>\n\t\t\t\t<div class=\"elementor-element elementor-element-6684tyh9 elementor-widget elementor-widget-text-editor\" data-id=\"6684tyh9\" data-element_type=\"widget\" data-e-type=\"widget\" data-widget_type=\"text-editor.default\">\n\t\t\t\t\t\t\t\t\t<p>\u00de\u00f3r var b\u00e6\u00f0i <span class=\"iwg-fachbegriff\" data-tooltip=\"B\u00e6narleg e\u00f0a \u00e1kallandi \u00e1v\u00f6rpun til go\u00f0m\u00f6gns e\u00f0a \u00e6\u00f0ri m\u00e1ttar.\" tabindex=\"0\">\u00e1kalla\u00f0ur<\/span> og d\u00fdrka\u00f0ur af lotningu, sem verndari en jafnframt sem \u00f3ttalegt afl. <span class=\"iwg-fachbegriff\" data-tooltip=\"Gj\u00f6f til gu\u00f0s til a\u00f0 tj\u00e1 \u00feakkl\u00e6ti, b\u00f3n e\u00f0a lotningu.\" tabindex=\"0\">F\u00f3rnir<\/span> voru naut, sau\u00f0f\u00e9, hestar og brau\u00f0. Fyrir orrustur s\u00f3ru str\u00ed\u00f0smenn ei\u00f0 vi\u00f0 <span class=\"iwg-fachbegriff\" data-tooltip=\"Upph\u00e6kka\u00f0ur sta\u00f0ur e\u00f0a bor\u00f0 fyrir f\u00f3rnir og tr\u00faarlegar athafnir.\" tabindex=\"0\">altari<\/span> \u00de\u00f3rs. \u00cd h\u00fasum hengu menn upp Mj\u00f6lnis-verndargripi til a\u00f0 verjast illum \u00f6flum.<\/p><p>\u00cd \u00ferumuve\u00f0rum ba\u00f0 f\u00f3lk til \u00de\u00f3rs um skj\u00f3l fr\u00e1 eldingum. Hei\u00f0ingjar \u00ed kristnit\u00f6ku Nor\u00f0urlanda h\u00e9ldu fast \u00ed tilbei\u00f0slu \u00e1 \u00de\u00f3r, \u00fev\u00ed h\u00fan var beinni og \u00e1\u00fereifanlegri en hin fjarl\u00e6gari \u00d3\u00f0instr\u00fa.<\/p>\t\t\t\t\t\t\t\t<\/div>\n\t\t\t\t\t<\/div>\n\t\t\t\t<\/div>\n\t\t<div class=\"elementor-element elementor-element-3lfi7x32 iwg-steckbrief-card e-flex e-con-boxed e-con e-child\" data-id=\"3lfi7x32\" data-element_type=\"container\" data-e-type=\"container\">\n\t\t\t\t\t<div class=\"e-con-inner\">\n\t\t\t\t<div class=\"elementor-element elementor-element-0kg99ga1 elementor-widget elementor-widget-heading\" data-id=\"0kg99ga1\" data-element_type=\"widget\" data-e-type=\"widget\" data-widget_type=\"heading.default\">\n\t\t\t\t\t<div class=\"elementor-heading-title elementor-size-default\">Tengdar verur<\/div>\t\t\t\t<\/div>\n\t\t\t\t<div class=\"elementor-element elementor-element-n0fum6kp elementor-widget elementor-widget-text-editor\" data-id=\"n0fum6kp\" data-element_type=\"widget\" data-e-type=\"widget\" data-widget_type=\"text-editor.default\">\n\t\t\t\t\t\t\t\t\t<p>Seifur\/J\u00fap\u00edter eru gr\u00edsk-r\u00f3mverskar hli\u00f0st\u00e6\u00f0ur me\u00f0 \u00e1\u00feekk kennileiti (eldingar, kraftur). En Seifur er fyrst og fremst konungur, me\u00f0an \u00de\u00f3r er fyrst og fremst bardagama\u00f0ur og verndari. Indra \u00ed hind\u00faisma er n\u00e1in hli\u00f0st\u00e6\u00f0a a\u00f0 ger\u00f0, str\u00ed\u00f0skonungur, eldingakastari, berst gegn dj\u00f6flum. Hinn keltneski Taranis s\u00fdnir svipu\u00f0 hlutverk. \u00cd slavnesku <span class=\"iwg-fachbegriff\" data-tooltip=\"Heildarsafn gu\u00f0a innan tiltekinnar tr\u00faar e\u00f0a menningar.\" tabindex=\"0\">go\u00f0aveldi<\/span> svarar Per\u00fan til \u00de\u00f3rs.<\/p>\t\t\t\t\t\t\t\t<\/div>\n\t\t\t\t\t<\/div>\n\t\t\t\t<\/div>\n\t\t\t\t<\/div>\n\t\t\t\t<\/div>\n\t\t\t\t\t<\/div>\n\t\t\t\t<\/div>\n\t\t<div class=\"elementor-element elementor-element-5a584676 e-flex e-con-boxed e-con e-parent\" data-id=\"5a584676\" data-element_type=\"container\" data-e-type=\"container\">\n\t\t\t\t\t<div class=\"e-con-inner\">\n\t\t\t\t<div class=\"elementor-element elementor-element-6d0757bf elementor-widget elementor-widget-heading\" data-id=\"6d0757bf\" data-element_type=\"widget\" data-e-type=\"widget\" data-widget_type=\"heading.default\">\n\t\t\t\t\t<h2 class=\"elementor-heading-title elementor-size-default\">\u00de\u00f3r, hli\u00f0st\u00e6\u00f0ur \u00ed \u00f6\u00f0rum menningarheimum<\/h2>\t\t\t\t<\/div>\n\t\t<div class=\"elementor-element elementor-element-60563f68 e-con-full e-flex e-con e-child\" data-id=\"60563f68\" data-element_type=\"container\" data-e-type=\"container\">\n\t\t\t\t<div class=\"elementor-element elementor-element-5a93fdd6 elementor-widget elementor-widget-text-editor\" data-id=\"5a93fdd6\" data-element_type=\"widget\" data-e-type=\"widget\" data-widget_type=\"text-editor.default\">\n\t\t\t\t\t\t\t\t\t<p>\u00derumu-, storma- og str\u00ed\u00f0sgu\u00f0ir me\u00f0 hamar sem t\u00e1kn koma fyrir \u00ed m\u00f6rgum ind\u00f3evr\u00f3pskum go\u00f0afr\u00e6\u00f0um; samb\u00e6rilegar verur eru me\u00f0al annars het\u00edski Tarhunna, veda-gu\u00f0inn Indra e\u00f0a baltneski Perk\u016bnas, hver me\u00f0 s\u00ednum menningarlega bl\u00e6 en skyldar a\u00f0 hlutverki.<\/p>\n<p><p><strong>Gy\u00f0ingleg hef\u00f0:<\/strong> \u00cd gy\u00f0inglegri <span class=\"iwg-fachbegriff\" data-tooltip=\"Hin v\u00edsindalega kenning um Gu\u00f0 og tr\u00fa innan tr\u00faarbrag\u00f0a.\" tabindex=\"0\">gu\u00f0fr\u00e6\u00f0i<\/span> er enginn \u00ferumu- e\u00f0a ve\u00f0urgu\u00f0 eins og \u00de\u00f3r. JHVH birtist \u00ed \u00ferumuve\u00f0ri (<span class=\"iwg-fachbegriff\" tabindex=\"0\" data-tooltip=\"Gu\u00f0d\u00f3msbirting, \u00feegar gu\u00f0 birtist m\u00f6nnum; klass\u00edskt d\u00e6mi er S\u00edna\u00ed-birtingin.\">gu\u00f0d\u00f3msbirting<\/span> \u00e1 S\u00edna\u00edfjalli), en \u00de\u00f3r er s\u00e9rh\u00e6f\u00f0ari \u00ed herna\u00f0i og vernd. Engin bein hli\u00f0st\u00e6\u00f0a, en byggingarleg l\u00edking \u00ed krafts-birtingunni.<\/p><p><strong>Gr\u00edsk-r\u00f3mverski heimurinn:<\/strong> Seifur og r\u00f3mverska hli\u00f0st\u00e6\u00f0an J\u00fap\u00edter eru n\u00e6stu samanbur\u00f0irnir, eldingakastarar, konungleg v\u00f6ld. En Seifur er ofar \u00ed valdastiganum og fyrst og fremst konungur, \u00e1 me\u00f0an \u00de\u00f3r stendur undir m\u00f6rgum gu\u00f0um og gegnir verndarhlutverki. Ares deilir str\u00ed\u00f0s\u00fe\u00e1ttum me\u00f0 \u00de\u00f3r, en \u00e1n ve\u00f0urgu\u00f0shlutverks.<\/p><p><strong>Mes\u00f3p\u00f3tam\u00eda:<\/strong> Adad\/Hadad er ve\u00f0urgu\u00f0 me\u00f0 svipa\u00f0 eldingahlutverk, en minna pers\u00f3nulegur og dramat\u00edskur en \u00de\u00f3r. Ninurta er str\u00ed\u00f0sgu\u00f0 me\u00f0 samb\u00e6rilega bardagafr\u00e1s\u00f6gn, en \u00e1n \u00ferumu\u00fe\u00e1ttar.<\/p><p><strong>Indland\/As\u00eda:<\/strong> Indra er sterkasta hli\u00f0st\u00e6\u00f0an, kappa-konungur, eldingakastari (Vajra), bardagi gegn dj\u00f6flum (Vritra). S\u00ed\u00f0ar tekur Vishnu og Shiva vi\u00f0 hlutverki hans, en byggingarlega er hann eins. \u00cd b\u00faddisma hefur Shakra\/Indra minni \u00fe\u00fd\u00f0ingu, en missir \u00fe\u00f3 ekki eiginleika s\u00edna.<\/p>\t\t\t\t\t\t\t\t<\/div>\n\t\t\t\t<\/div>\n\t\t\t\t\t<\/div>\n\t\t\t\t<\/div>\n\t\t<div class=\"elementor-element elementor-element-cpaa94cb7 e-flex e-con-boxed e-con e-parent\" data-id=\"cpaa94cb7\" data-element_type=\"container\" data-e-type=\"container\">\n\t\t\t\t\t<div class=\"e-con-inner\">\n\t\t\t\t<div class=\"elementor-element elementor-element-cp54feb73 elementor-widget elementor-widget-heading\" data-id=\"cp54feb73\" data-element_type=\"widget\" data-e-type=\"widget\" data-widget_type=\"heading.default\">\n\t\t\t\t\t<h2 class=\"elementor-heading-title elementor-size-default\">Fiskvei\u00f0ifer\u00f0 \u00de\u00f3rs eftir Mi\u00f0gar\u00f0sorminum<\/h2>\t\t\t\t<\/div>\n\t\t<div class=\"elementor-element elementor-element-cp581887b e-con-full e-flex e-con e-child\" data-id=\"cp581887b\" data-element_type=\"container\" data-e-type=\"container\">\n\t\t\t\t<div class=\"elementor-element elementor-element-cpb0e0265 elementor-widget elementor-widget-text-editor\" data-id=\"cpb0e0265\" data-element_type=\"widget\" data-e-type=\"widget\" data-widget_type=\"text-editor.default\">\n\t\t\t\t\t\t\t\t\t<p>Ein af \u00feekktustu einst\u00f6kum fr\u00e1s\u00f6gnum um \u00de\u00f3r er vei\u00f0if\u00f6r hans, \u00fear sem hann dregur heimsorminn J\u00f6rmungand upp \u00far sj\u00f3num. <span class=\"iwg-fachbegriff\" data-tooltip=\"Var\u00f0veitt fr\u00e1s\u00f6gn um gu\u00f0i, uppruna og skipulag heimsins.\" tabindex=\"0\">Go\u00f0sagan<\/span> er var\u00f0veitt \u00e1 fleiri en einn h\u00e1tt: \u00ed eddukv\u00e6\u00f0inu <em>Hymiskvi\u00f0a<\/em>, \u00ed <em>Snorra-Eddu<\/em> Snorra Sturlusonar og \u00ed tilv\u00edsunum \u00ed nokkrum dr\u00f3ttkv\u00e6\u00f0um, me\u00f0al annars \u00ed <em>H\u00fasdr\u00e1pu<\/em> \u00dalfs Uggasonar.<\/p><p>\u00de\u00f3r fer til j\u00f6tunsins Hymis til a\u00f0 r\u00f3a me\u00f0 honum til hafs. Sem beitu r\u00edfur hann h\u00f6fu\u00f0i\u00f0 af einum af nautum j\u00f6tunsins. \u00c1 sj\u00f3 r\u00e6r \u00de\u00f3r langt \u00fat fyrir venjuleg fiskimi\u00f0, \u00fear til Hymir ver\u00f0ur hr\u00e6ddur.<\/p><p>\u00de\u00f3r kastar f\u00e6rinu me\u00f0 nautsh\u00f6f\u00f0inu og Mi\u00f0gar\u00f0sormurinn tekur agni\u00f0. \u00de\u00e1 hefst gr\u00ed\u00f0arleg gl\u00edma.<\/p><p>\u00de\u00f3r spyrnir svo fast vi\u00f0 b\u00e1tsbotninum a\u00f0 f\u00e6tur hans brj\u00f3tast gegnum \u00feilfari\u00f0 og finna f\u00f3tfestu \u00e1 hafsbotni. Hann dregur orminn upp \u00feanga\u00f0 til h\u00f6fu\u00f0 hans gn\u00e6fir yfir bor\u00f0stokkinn, og lyftir hamrinum til h\u00f6ggs.<\/p><p>H\u00e9r skiljast lei\u00f0ir fr\u00e1sagnanna. Samkv\u00e6mt Snorra sker hinn hr\u00e6ddi Hymir \u00e1 f\u00e6ri\u00f0, svo a\u00f0 ormurinn sekkur aftur \u00ed sj\u00f3inn; \u00de\u00f3r sl\u00e6r til \u00e1n \u00e1rangurs e\u00f0a hittir hann a\u00f0eins. \u00cd \u00f6\u00f0rum v\u00edsbendingum vir\u00f0ist \u00de\u00f3r lj\u00faka h\u00f6ggi\u00f0 \u00ed raun.<\/p><p>Fr\u00e6\u00f0imenn l\u00edta \u00e1 \u00feennan atbur\u00f0 sem myndl\u00edkingu fyrir hina endanlegu vi\u00f0ureign vi\u00f0 ragnar\u00f6k. Nokkrir myndsteinar, me\u00f0al annars fundir fr\u00e1 Sv\u00ed\u00fej\u00f3\u00f0, Englandi og Danm\u00f6rku, s\u00fdna atri\u00f0i sem oftast er tali\u00f0 s\u00fdna \u00feessa vei\u00f0if\u00f6r, en \u00fea\u00f0 s\u00fdnir hversu vel \u00feekkt sagan var \u00feegar \u00e1 v\u00edkinga\u00f6ld.<\/p>\t\t\t\t\t\t\t\t<\/div>\n\t\t\t\t<\/div>\n\t\t\t\t\t<\/div>\n\t\t\t\t<\/div>\n\t\t<div class=\"elementor-element elementor-element-cped84c2c e-flex e-con-boxed e-con e-parent\" data-id=\"cped84c2c\" data-element_type=\"container\" data-e-type=\"container\">\n\t\t\t\t\t<div class=\"e-con-inner\">\n\t\t\t\t<div class=\"elementor-element elementor-element-cp12f9869 elementor-widget elementor-widget-heading\" data-id=\"cp12f9869\" data-element_type=\"widget\" data-e-type=\"widget\" data-widget_type=\"heading.default\">\n\t\t\t\t\t<h2 class=\"elementor-heading-title elementor-size-default\">Mj\u00f6lnir: sm\u00ed\u00f0issaga, hlutverk og fornleifafr\u00e6\u00f0ilegar v\u00edsbendingar<\/h2>\t\t\t\t<\/div>\n\t\t<div class=\"elementor-element elementor-element-cp83bbc93 e-con-full e-flex e-con e-child\" data-id=\"cp83bbc93\" data-element_type=\"container\" data-e-type=\"container\">\n\t\t\t\t<div class=\"elementor-element elementor-element-cpca15ba8 elementor-widget elementor-widget-text-editor\" data-id=\"cpca15ba8\" data-element_type=\"widget\" data-e-type=\"widget\" data-widget_type=\"text-editor.default\">\n\t\t\t\t\t\t\t\t\t<p>Hamar \u00de\u00f3rs, Mj\u00f6lnir, er mikilv\u00e6gasta t\u00e1knmynd hans. Snorri segir \u00ed <em>Snorra-Eddu<\/em> fr\u00e1 tilur\u00f0 hamarsins. Loki l\u00e9t dverga, sonu \u00cdvaldis og br\u00e6\u00f0urna Brokk og Eitra, sm\u00ed\u00f0a d\u00fdrgripi.<\/p><p>\u00cd keppni um bestu sm\u00ed\u00f0ina ger\u00f0u Brokkur og Eitri hamarinn, en \u00fear sem Loki \u00ed flugumynd trufla\u00f0i \u00feann sem tr\u00f3\u00f0 belginn, var\u00f0 skafti\u00f0 of stutt. \u00der\u00e1tt fyrir \u00feennan galla var Mj\u00f6lnir talinn d\u00fdrm\u00e6tasta sm\u00ed\u00f0in, \u00fev\u00ed hann br\u00e1st aldrei skotmarkinu og hvarf aftur \u00ed h\u00f6ndina eftir kasti\u00f0.<\/p><p>Mj\u00f6lnir er ekki a\u00f0eins vopn gegn j\u00f6tnum, heldur einnig verkf\u00e6ri til <span class=\"iwg-fachbegriff\" data-tooltip=\"Ath\u00f6fn \u00fear sem hlutur, sta\u00f0ur e\u00f0a manneskja er helgu\u00f0 tr\u00faarlegu svi\u00f0i.\" tabindex=\"0\">helgunar<\/span>. \u00cd <em>\u00derymskvi\u00f0u<\/em> er hamarinn nota\u00f0ur til a\u00f0 blessa br\u00fa\u00f0i, og hann kemur einnig annars sta\u00f0ar fram sem helgandi \u00e1hald, me\u00f0al annars vi\u00f0 a\u00f0 l\u00edfga geithafra \u00de\u00f3rs.<\/p><p>\u00deetta tv\u00f6falda hlutverk, ey\u00f0andi og helgandi m\u00e1ttur, er mi\u00f0l\u00e6gt fyrir skilning okkar \u00e1 \u00de\u00f3r.<\/p><p>Fornleifafr\u00e6\u00f0ilega er Mj\u00f6lnir sta\u00f0festur me\u00f0 fj\u00f6lda hamarshengja, litlum verndargripum \u00far silfri, bronsi e\u00f0a j\u00e1rni, sem fundist hafa v\u00ed\u00f0s vegar um Skandinav\u00edu og \u00e1hrifasv\u00e6\u00f0i v\u00edkinga. \u00datbrei\u00f0sla \u00feeirra j\u00f3kst \u00e1 10. \u00f6ld, einmitt \u00e1 t\u00edma \u00feegar kristnitaka var a\u00f0 byrja.<\/p><p>Fr\u00e6\u00f0imenn telja \u00feetta a\u00f0 hluta til vera me\u00f0vita\u00f0a hei\u00f0na yfirl\u00fdsingu \u00ed andst\u00f6\u00f0u vi\u00f0 kristna krossinn. Steypum\u00f3tsfundur \u00ed Danm\u00f6rku, \u00fear sem b\u00e6\u00f0i kross- og hamarform m\u00e1tti m\u00f3ta \u00ed s\u00f6mu m\u00f3tunni, s\u00fdnir s\u00e9rstaklega sk\u00fdrt hvernig tr\u00faarbr\u00f6g\u00f0 f\u00f3ru saman \u00e1 \u00feessum t\u00edma.<\/p>\t\t\t\t\t\t\t\t<\/div>\n\t\t\t\t<\/div>\n\t\t\t\t\t<\/div>\n\t\t\t\t<\/div>\n\t\t<div class=\"elementor-element elementor-element-cp9b6b7d4 e-flex e-con-boxed e-con e-parent\" data-id=\"cp9b6b7d4\" data-element_type=\"container\" data-e-type=\"container\">\n\t\t\t\t\t<div class=\"e-con-inner\">\n\t\t\t\t<div class=\"elementor-element elementor-element-cp42a88ae elementor-widget elementor-widget-heading\" data-id=\"cp42a88ae\" data-element_type=\"widget\" data-e-type=\"widget\" data-widget_type=\"heading.default\">\n\t\t\t\t\t<h2 class=\"elementor-heading-title elementor-size-default\">\u00de\u00f3r \u00ed tr\u00faari\u00f0kun v\u00edkingaaldar<\/h2>\t\t\t\t<\/div>\n\t\t<div class=\"elementor-element elementor-element-cp1f657a0 e-con-full e-flex e-con e-child\" data-id=\"cp1f657a0\" data-element_type=\"container\" data-e-type=\"container\">\n\t\t\t\t<div class=\"elementor-element elementor-element-cp07126b7 elementor-widget elementor-widget-text-editor\" data-id=\"cp07126b7\" data-element_type=\"widget\" data-e-type=\"widget\" data-widget_type=\"text-editor.default\">\n\t\t\t\t\t\t\t\t\t<p>\u00de\u00f3r var ekki fjarl\u00e6gur gu\u00f0, heldur <span class=\"iwg-fachbegriff\" data-tooltip=\"Vera sem er d\u00fdrku\u00f0 sem gu\u00f0leg innan tr\u00faarbrag\u00f0a.\" tabindex=\"0\">go\u00f0leg vera<\/span> sem var v\u00ed\u00f0a d\u00fdrku\u00f0 \u00ed daglegu l\u00edfi, m\u00f6gulega vins\u00e6lust me\u00f0al b\u00e6nda og almennra frj\u00e1lsra manna. \u00c1 \u00fea\u00f0 benda nokkrar v\u00edsbendingar.<\/p><p>\u00cd fyrsta lagi mannan\u00f6fn: n\u00f6fn sem myndast me\u00f0 li\u00f0num \u00de\u00f3r, eins og \u00deorsteinn, \u00deorgeir e\u00f0a \u00deorger\u00f0ur, eru me\u00f0al algengustu nafna \u00ed fornnorr\u00e6nni <span class=\"iwg-fachbegriff\" data-tooltip=\"Mi\u00f0lun \u00feekkingar og fr\u00e1sagna milli kynsl\u00f3\u00f0a.\" tabindex=\"0\">munnm\u00e6lahef\u00f0<\/span>. \u00cd \u00f6\u00f0ru lagi \u00f6rnefni: \u00ed Noregi, Sv\u00ed\u00fej\u00f3\u00f0, Danm\u00f6rku og \u00e1 sv\u00e6\u00f0um sem norr\u00e6nir menn settust a\u00f0 finnast m\u00f6rg \u00f6rnefni sem v\u00edsa til \u00de\u00f3rs-<span class=\"iwg-fachbegriff\" data-tooltip=\"Heild tr\u00faarlegra d\u00fdrkunarathafna fyrir gu\u00f0 e\u00f0a helga veru.\" tabindex=\"0\">d\u00fdrkunar<\/span>.<\/p><p>\u00cdslenskar s\u00f6gur, s\u00e9rstaklega <em>Eyrbyggja saga<\/em> og <em>Landn\u00e1mab\u00f3k<\/em>, greina fr\u00e1 landn\u00e1msm\u00f6nnum sem voru s\u00e9rlega tryggir \u00de\u00f3r, helgu\u00f0u honum <span class=\"iwg-fachbegriff\" data-tooltip=\"Bygging sem er notu\u00f0 til d\u00fdrkunar \u00e1 einum e\u00f0a fleiri gu\u00f0um.\" tabindex=\"0\">hof<\/span> e\u00f0a k\u00f6stu\u00f0u \u00f6ndvegiss\u00falum s\u00ednum \u00ed sj\u00f3inn til a\u00f0 finna \u00feann b\u00fasta\u00f0 sem hann haf\u00f0i \u00e1kve\u00f0i\u00f0. \u00deessar fr\u00e1sagnir eru \u00fe\u00f3 s\u00ed\u00f0ari t\u00edma, m\u00f3ta\u00f0ar af kristnum \u00e1hrifum, og \u00fearf a\u00f0 lesa me\u00f0 fyrirvara.<\/p><p>Adam fr\u00e1 Brimum l\u00fdsir \u00e1 11. \u00f6ld <span class=\"iwg-fachbegriff\" data-tooltip=\"Bygging sem er notu\u00f0 til d\u00fdrkunar \u00e1 einum e\u00f0a fleiri gu\u00f0um.\" tabindex=\"0\">hofinu<\/span> \u00ed Upps\u00f6lum og setur \u00de\u00f3r \u00fear \u00ed mi\u00f0i\u00f0 milli \u00d3\u00f0ins og Fricco; \u00de\u00f3r r\u00e1\u00f0i yfir \u00ferumum, vindi, regni, g\u00f3\u00f0u ve\u00f0ri og uppskeru.<\/p><p>Jafnvel \u00fe\u00f3tt fr\u00e1s\u00f6gn Adams komi fr\u00e1 kristnu sj\u00f3narhorni og s\u00e9 ekki \u00e1rei\u00f0anleg \u00ed \u00f6llum sm\u00e1atri\u00f0um, sta\u00f0festir h\u00fan mikilv\u00e6gi \u00de\u00f3rs fyrir ve\u00f0ur og uppskeru, \u00fear me\u00f0 tali\u00f0 fyrir l\u00edfsvi\u00f0urv\u00e6ri b\u00e6ndasamf\u00e9lagsins.<\/p><p>Tr\u00faarbrag\u00f0afr\u00e6\u00f0ilega birtist mynd af gu\u00f0i sem var minna bundinn vi\u00f0 valdatafl og herna\u00f0, heldur meira vi\u00f0 vernd, skipulag og frj\u00f3semi, gu\u00f0 heimilis og samf\u00e9lags.<\/p>\t\t\t\t\t\t\t\t<\/div>\n\t\t\t\t<\/div>\n\t\t\t\t\t<\/div>\n\t\t\t\t<\/div>\n\t\t<div class=\"elementor-element elementor-element-cp8e4387d e-flex e-con-boxed e-con e-parent\" data-id=\"cp8e4387d\" data-element_type=\"container\" data-e-type=\"container\">\n\t\t\t\t\t<div class=\"e-con-inner\">\n\t\t\t\t<div class=\"elementor-element elementor-element-cp6d78bd4 elementor-widget elementor-widget-heading\" data-id=\"cp6d78bd4\" data-element_type=\"widget\" data-e-type=\"widget\" data-widget_type=\"heading.default\">\n\t\t\t\t\t<h2 class=\"elementor-heading-title elementor-size-default\">\u00derumugu\u00f0 \u00ed ind\u00f3evr\u00f3pskum samanbur\u00f0i<\/h2>\t\t\t\t<\/div>\n\t\t<div class=\"elementor-element elementor-element-cpfaac837 e-con-full e-flex e-con e-child\" data-id=\"cpfaac837\" data-element_type=\"container\" data-e-type=\"container\">\n\t\t\t\t<div class=\"elementor-element elementor-element-cpc407166 elementor-widget elementor-widget-text-editor\" data-id=\"cpc407166\" data-element_type=\"widget\" data-e-type=\"widget\" data-widget_type=\"text-editor.default\">\n\t\t\t\t\t\t\t\t\t<p>\u00de\u00f3r m\u00e1 flokka \u00ed st\u00f3ran h\u00f3p \u00ferumugu\u00f0a innan hinu ind\u00f3evr\u00f3psku tungum\u00e1lafj\u00f6lskyldunni, sem hefur haldi\u00f0 samanbur\u00f0ar<span class=\"iwg-fachbegriff\" data-tooltip=\"V\u00edsindagreinin sem rannsakar tr\u00faarbr\u00f6g\u00f0 \u00e1 samanbur\u00f0argrundvelli og \u00e1n tr\u00faartengsla.\" tabindex=\"0\">tr\u00faarbrag\u00f0afr\u00e6\u00f0um<\/span> uppteknum fr\u00e1 19. \u00f6ld. Me\u00f0al skyldra vera eru me\u00f0al annars hinn baltneski Perk\u016bnas, hinn slavneski Perun, hinn ved\u00edski Indra og a\u00f0 hluta hinn gr\u00edski Seifur, a\u00f0 \u00fev\u00ed leyti sem hann kemur fram sem stormgu\u00f0.<\/p><p>Nokkrir fr\u00e6\u00f0imenn, me\u00f0al annars Georges Dum\u00e9zil \u00ed tengslum vi\u00f0 kenningu s\u00edna um \u00ferj\u00e1r f\u00e9lagslegar a\u00f0ger\u00f0ir, hafa sta\u00f0sett \u00de\u00f3r \u00ed hinu \u201eherna\u00f0arlega&#8220; e\u00f0a \u201everndandi&#8220; hlutverki. A\u00f0rir leggja meiri \u00e1herslu \u00e1 sameiginlegt <span class=\"iwg-fachbegriff\" data-tooltip=\"Endurteki\u00f0 innihaldslegt stef \u00ed list e\u00f0a fr\u00e1s\u00f6gn.\" tabindex=\"0\">stef<\/span> drekaslags e\u00f0a ormaslags, sem tengist \u00ferumugu\u00f0num \u00ed m\u00f6rgum ind\u00f3evr\u00f3pskum hef\u00f0um. Andst\u00e6\u00f0a \u00de\u00f3rs vi\u00f0 Mi\u00f0gar\u00f0sorminn passar inn \u00ed \u00feetta mynstur.<\/p><p>M\u00e1lfr\u00e6\u00f0ilega m\u00e1 einnig finna v\u00edsbendingar. Nafni\u00f0 \u00de\u00f3r, norr\u00e6nt <em>\u00de\u00f3rr<\/em>, fornh\u00e1\u00fe\u00fdskt <em>Donar<\/em>, fornenskt <em>\u00deunor<\/em>, \u00e1 r\u00e6tur \u00ed sameiginlegu germ\u00f6nsku or\u00f0i fyrir \u201e\u00ferumu&#8220;.<\/p><p>Latneska \u00fe\u00fd\u00f0ingin \u00e1 vikudeginum <em>dies Iovis<\/em>, degi J\u00fap\u00edters, sem \u00fe\u00f3rsdagur, enskt <em>Thursday<\/em>, s\u00fdnir a\u00f0 fornaldar- og mi\u00f0aldafr\u00e6\u00f0imenn sams\u00f6mu\u00f0u \u00de\u00f3r vi\u00f0 J\u00fap\u00edter, \u00e6\u00f0sta r\u00f3mverska gu\u00f0inn og herra \u00ferumunnar.<\/p><p>\u00der\u00e1tt fyrir a\u00f0 \u00feessi samanbur\u00f0ur s\u00e9 tr\u00faver\u00f0ugur, hvetur n\u00fdrri ranns\u00f3knir til vark\u00e1rni. Sameiginleg stef geta b\u00e6\u00f0i byggst \u00e1 sameiginlegum uppruna, en einnig \u00e1 s\u00ed\u00f0ari samskiptum e\u00f0a \u00f3h\u00e1\u00f0ri samhli\u00f0a \u00fer\u00f3un. Endursk\u00f6pun einsleits \u201efrumind\u00f3evr\u00f3psks \u00ferumugu\u00f0s&#8220; er \u00feess vegna a\u00f0eins tilg\u00e1ta sem \u00fatsk\u00fdrir einst\u00f6k samsv\u00f6run, en ekki alla eiginleika \u00de\u00f3rs.<\/p>\t\t\t\t\t\t\t\t<\/div>\n\t\t\t\t<\/div>\n\t\t\t\t\t<\/div>\n\t\t\t\t<\/div>\n\t\t<div class=\"elementor-element elementor-element-cpe7dfbd0 e-flex e-con-boxed e-con e-parent\" data-id=\"cpe7dfbd0\" data-element_type=\"container\" data-e-type=\"container\">\n\t\t\t\t\t<div class=\"e-con-inner\">\n\t\t\t\t<div class=\"elementor-element elementor-element-cpdf20168 elementor-widget elementor-widget-heading\" data-id=\"cpdf20168\" data-element_type=\"widget\" data-e-type=\"widget\" data-widget_type=\"heading.default\">\n\t\t\t\t\t<h2 class=\"elementor-heading-title elementor-size-default\">Fr\u00e1 hei\u00f0num gu\u00f0i til poppmenningar: m\u00f3tt\u00f6kusagan<\/h2>\t\t\t\t<\/div>\n\t\t<div class=\"elementor-element elementor-element-cpf86863a e-con-full e-flex e-con e-child\" data-id=\"cpf86863a\" data-element_type=\"container\" data-e-type=\"container\">\n\t\t\t\t<div class=\"elementor-element elementor-element-cp5a46695 elementor-widget elementor-widget-text-editor\" data-id=\"cp5a46695\" data-element_type=\"widget\" data-e-type=\"widget\" data-widget_type=\"text-editor.default\">\n\t\t\t\t\t\t\t\t\t<p>Eftir kristnit\u00f6ku Skandinav\u00edu hvarf <span class=\"iwg-fachbegriff\" data-tooltip=\"Heild tr\u00faarlegra tilbei\u00f0sluathafna fyrir gu\u00f0 e\u00f0a heilaga veru.\" tabindex=\"0\">helgisi\u00f0urinn<\/span> \u00de\u00f3rs, en fr\u00e1sagnirnar lif\u00f0u \u00e1fram \u00ed \u00edslenskri ritmenningu. Snorri Sturluson skrifa\u00f0i <em>Snorra-Eddu<\/em> \u00e1 13. \u00f6ld sem kristinn fr\u00e6\u00f0ima\u00f0ur sem vildi var\u00f0veita fornu \u00feekkinguna fyrir sk\u00e1ldskapinn. \u00c1n hennar og hinnar handritaskr\u00e1\u00f0u <em>Lj\u00f3\u00f0aeddu<\/em> hef\u00f0i st\u00e6rstur hluti \u00de\u00f3rs-go\u00f0sagna glatast.<\/p><p>V\u00ed\u00f0t\u00e6k endurupptaka h\u00f3fst me\u00f0 r\u00f3mant\u00edkinni \u00e1 s\u00ed\u00f0ari hluta 18. og \u00e1 19. \u00f6ld. \u00cd Skandinav\u00edu og \u00de\u00fdskalandi t\u00f3ku sk\u00e1ld og fr\u00e6\u00f0imenn norr\u00e6nu <span class=\"iwg-fachbegriff\" data-tooltip=\"Heild go\u00f0sagna og gu\u00f0afr\u00e1sagna sem var\u00f0veist hafa \u00ed menningu.\" tabindex=\"0\">go\u00f0afr\u00e6\u00f0ina<\/span> upp.<\/p><p>Danska sk\u00e1ldi\u00f0 Adam Oehlenschl\u00e4ger tileinka\u00f0i \u00de\u00f3r kv\u00e6\u00f0i, og \u00ed \u00de\u00fdskalandi fjalla\u00f0i me\u00f0al annars Jacob Grimm \u00edtarlega um Donar \u00ed verki s\u00ednu <em>Deutsche <span class=\"iwg-fachbegriff\" data-tooltip=\"Heild go\u00f0sagna og gu\u00f0afr\u00e1sagna sem var\u00f0veist hafa \u00ed menningu.\" tabindex=\"0\">Mythologie<\/span><\/em>. \u00deessi m\u00f3ttaka var ekki laus vi\u00f0 \u00fej\u00f3\u00f0ernislega og hugmyndafr\u00e6\u00f0ilega hle\u00f0slu, sem \u00e1 20. \u00f6ld sneri a\u00f0 hluta \u00ed h\u00e6ttulega \u00e1tt \u00feegar \u00fej\u00f3\u00f0ernissinna\u00f0ir og \u00fej\u00f3\u00f0erniss\u00f3s\u00edal\u00edskir h\u00f3par eignu\u00f0u s\u00e9r germanska t\u00e1kn.<\/p><p>\u00c1 20. og 21. \u00f6ld var\u00f0 \u00de\u00f3r heimsfr\u00e6gur fyrst og fremst \u00ed gegnum myndas\u00f6gu\u00fatg\u00e1fu bandar\u00edska \u00fatg\u00e1fufyrirt\u00e6kisins Marvel fr\u00e1 1962 og s\u00ed\u00f0ari kvikmyndager\u00f0 \u00feeirra. \u00deessi vins\u00e6la \u00fatg\u00e1fa v\u00edkur mj\u00f6g fr\u00e1 mi\u00f0aldaheimildunum; h\u00fan breytir hinum rau\u00f0skeggja\u00f0a b\u00f3ndagu\u00f0i \u00ed lj\u00f3sh\u00e6r\u00f0a, unglegan hetju og sk\u00e1ldar upp fj\u00f6lda n\u00fdrra atbur\u00f0a.<\/p><p>V\u00edsindalega s\u00e9\u00f0 er \u00feessi grein s\u00ed\u00f0ur a\u00f0 sko\u00f0a sem <span class=\"iwg-fachbegriff\" data-tooltip=\"\u00dea\u00f0 a\u00f0 \u00feekking og fr\u00e1sagnir eru fluttar \u00e1fram milli kynsl\u00f3\u00f0a.\" tabindex=\"0\">munnm\u00e6lahef\u00f0<\/span> heldur sem sj\u00e1lfst\u00e6tt n\u00fat\u00edma go\u00f0sagnaefni. \u00c1 sama t\u00edma eru til n\u00fdhei\u00f0nar hreyfingar fr\u00e1 s\u00ed\u00f0ari hluta 20. aldar sem tilbi\u00f0ja \u00de\u00f3r \u00e1 n\u00fdjan h\u00e1tt tr\u00faarlega. \u00deeir sem vilja fr\u00e6\u00f0ast meira um \u00feetta <span class=\"iwg-fachbegriff\" data-tooltip=\"Heild gu\u00f0a innan tr\u00faarbrag\u00f0a e\u00f0a menningar.\" tabindex=\"0\">go\u00f0aveldi<\/span> finna frekari greinar um <a href=\"https:\/\/iwell-guard.com\/is\/?page_id=168713\">\u00d3\u00f0inn<\/a> og <a href=\"https:\/\/iwell-guard.com\/is\/?page_id=168762\">Loka<\/a>.<\/p>\t\t\t\t\t\t\t\t<\/div>\n\t\t\t\t<\/div>\n\t\t\t\t\t<\/div>\n\t\t\t\t<\/div>\n\t\t<div class=\"elementor-element elementor-element-36dd7469 e-flex e-con-boxed e-con e-parent\" data-id=\"36dd7469\" data-element_type=\"container\" data-e-type=\"container\">\n\t\t\t\t\t<div class=\"e-con-inner\">\n\t\t\t\t<div class=\"elementor-element elementor-element-13760ab4 elementor-widget elementor-widget-heading\" data-id=\"13760ab4\" data-element_type=\"widget\" data-e-type=\"widget\" data-widget_type=\"heading.default\">\n\t\t\t\t\t<h2 class=\"elementor-heading-title elementor-size-default\">\u00cdtarefni og tenglar<\/h2>\t\t\t\t<\/div>\n\t\t<div class=\"elementor-element elementor-element-28c87796 e-con-full e-flex e-con e-child\" data-id=\"28c87796\" data-element_type=\"container\" data-e-type=\"container\">\n\t\t\t\t<div class=\"elementor-element elementor-element-5d6538df elementor-widget elementor-widget-text-editor\" data-id=\"5d6538df\" data-element_type=\"widget\" data-e-type=\"widget\" data-widget_type=\"text-editor.default\">\n\t\t\t\t\t\t\t\t\t<p>R\u00e1\u00f0lag\u00f0ir innri hlekkir fyrir \u00feessa s\u00ed\u00f0u:<\/p><ul><li><a href=\"https:\/\/iwell-guard.com\/is\/?page_id=168614\">Germanskt<\/a> (yfirgripsmeiri menningars\u00ed\u00f0a)<\/li><li><a href=\"https:\/\/iwell-guard.com\/is\/?page_id=168713\">\u00d3\u00f0inn<\/a> (h\u00f6fu\u00f0gu\u00f0 \u00ed \u00e1sa-<span class=\"iwg-fachbegriff\" data-tooltip=\"Heild gu\u00f0a innan tr\u00faarbrag\u00f0a e\u00f0a menningar.\" tabindex=\"0\">go\u00f0aveldinu<\/span>)<\/li><li><a href=\"https:\/\/iwell-guard.com\/is\/?page_id=168814\">Freyja<\/a> (vanago\u00f0 og systkinatengsl \u00ed <span class=\"iwg-fachbegriff\" data-tooltip=\"Heild gu\u00f0a innan tr\u00faarbrag\u00f0a e\u00f0a menningar.\" tabindex=\"0\">go\u00f0aveldinu<\/span>)<\/li><li><a href=\"https:\/\/iwell-guard.com\/is\/?page_id=168707\">\u00c6\u00f0ri gu\u00f0ir<\/a> (yfirlit yfir flokk)<\/li><\/ul>\t\t\t\t\t\t\t\t<\/div>\n\t\t\t\t<\/div>\n\t\t\t\t\t<\/div>\n\t\t\t\t<\/div>\n\t\t<div class=\"elementor-element elementor-element-grl4kl40 e-flex e-con-boxed e-con e-parent\" data-id=\"grl4kl40\" data-element_type=\"container\" data-e-type=\"container\">\n\t\t\t\t\t<div class=\"e-con-inner\">\n\t\t\t\t<div class=\"elementor-element elementor-element-bzsbfrmh elementor-widget elementor-widget-heading\" data-id=\"bzsbfrmh\" data-element_type=\"widget\" data-e-type=\"widget\" data-widget_type=\"heading.default\">\n\t\t\t\t\t<h2 class=\"elementor-heading-title elementor-size-default\">Fr\u00e6\u00f0irit<\/h2>\t\t\t\t<\/div>\n\t\t<div class=\"elementor-element elementor-element-2c13224a e-con-full e-flex e-con e-child\" data-id=\"2c13224a\" data-element_type=\"container\" data-e-type=\"container\">\n\t\t\t\t<div class=\"elementor-element elementor-element-0eymh9ub elementor-widget elementor-widget-text-editor\" data-id=\"0eymh9ub\" data-element_type=\"widget\" data-e-type=\"widget\" data-widget_type=\"text-editor.default\">\n\t\t\t\t\t\t\t\t\t<footer class=\"iwg-literatur\" data-nosnippet=\"true\"><p>Heimildir um \u00de\u00f3r:<\/p><ul><li><span data-nosnippet><span class=\"iwg-fachbegriff\" tabindex=\"0\" data-tooltip=\"\u00cdslenskur fr\u00e6\u00f0ima\u00f0ur (1179\u20131241); h\u00f6fundur Snorra-Eddu og Heimskringlu.\">Snorri Sturluson<\/span>: <em>Edda. S\u00f6gur \u00far norr\u00e6nni <span class=\"iwg-fachbegriff\" data-tooltip=\"Heildarsafn var\u00f0veittra gu\u00f0asagna \u00ed menningu.\" tabindex=\"0\">go\u00f0afr\u00e6\u00f0i<\/span>.<\/em> \u00de\u00fdtt af Arnulf Krause. Reclam, Stuttgart 1997.<\/span><\/li><li><span data-nosnippet>Simek, Rudolf: <em>Lexikon der germanischen <span class=\"iwg-fachbegriff\" data-tooltip=\"Heildarsafn var\u00f0veittra gu\u00f0asagna \u00ed menningu.\" tabindex=\"0\">go\u00f0afr\u00e6\u00f0i<\/span>.<\/em> 3. algj\u00f6rlega endursko\u00f0u\u00f0 \u00fatg\u00e1fa. Kr\u00f6ner, Stuttgart 2006.<\/span><\/li><\/ul><\/footer>\n<p class=\"iwg-bib-more\"><span data-nosnippet>Fleiri undirst\u00f6\u00f0urit \u00ed <a href=\"https:\/\/iwell-guard.com\/is\/?page_id=168730\">heimildaskr\u00e1nni<\/a>.<\/span><\/p>\t\t\t\t\t\t\t\t<\/div>\n\t\t\t\t<\/div>\n\t\t\t\t\t<\/div>\n\t\t\t\t<\/div>\n\t\t\t\t<\/div>\n\t\t","protected":false},"excerpt":{"rendered":"","protected":false},"author":3,"featured_media":1573,"parent":0,"menu_order":0,"comment_status":"closed","ping_status":"closed","template":"elementor_header_footer","meta":{"_yoast_wpseo_focuskw":"\u00de\u00f3r","_yoast_wpseo_title":"\u00de\u00f3r - Gu\u00f0 \u00ferumunnar og verndar","_yoast_wpseo_metadesc":"\u00de\u00f3r, \u00ferumugu\u00f0inn me\u00f0 hamarinn Mj\u00f6lni: verndari Mi\u00f0gar\u00f0s, daglegur \u00e1tr\u00fana\u00f0ur hans \u00e1 Nor\u00f0url\u00f6ndum og \u00e1hrif hans fram til n\u00fat\u00edmans.","_yoast_wpseo_meta-robots-noindex":"","_yoast_wpseo_canonical":"","_angie_page":false,"gefaehrdungsstufe":"3","wesen_kultur":"germanisch","wesen_klasse":"goetter","footnotes":""},"categories":[],"class_list":["post-168816","page","type-page","status-publish","has-post-thumbnail","hentry"],"yoast_head":"<!-- This site is optimized with the Yoast SEO Premium plugin v27.7 (Yoast SEO v28.3) - https:\/\/yoast.com\/product\/yoast-seo-premium-wordpress\/ -->\n<title>\u00de\u00f3r - Gu\u00f0 \u00ferumunnar og verndar<\/title>\n<meta name=\"description\" content=\"\u00de\u00f3r, \u00ferumugu\u00f0inn me\u00f0 hamarinn Mj\u00f6lni: verndari Mi\u00f0gar\u00f0s, daglegur \u00e1tr\u00fana\u00f0ur hans \u00e1 Nor\u00f0url\u00f6ndum og \u00e1hrif hans fram til n\u00fat\u00edmans.\" \/>\n<meta name=\"robots\" content=\"index, follow, max-snippet:-1, max-image-preview:large, max-video-preview:-1\" \/>\n<link rel=\"canonical\" href=\"https:\/\/iwell-guard.com\/is\/thor\/\" \/>\n<meta property=\"og:locale\" content=\"is_IS\" \/>\n<meta property=\"og:type\" content=\"article\" \/>\n<meta property=\"og:title\" content=\"\u00de\u00f3r\" \/>\n<meta property=\"og:description\" content=\"\u00de\u00f3r, \u00ferumugu\u00f0inn me\u00f0 hamarinn Mj\u00f6lni: verndari Mi\u00f0gar\u00f0s, daglegur \u00e1tr\u00fana\u00f0ur hans \u00e1 Nor\u00f0url\u00f6ndum og \u00e1hrif hans fram til n\u00fat\u00edmans.\" \/>\n<meta property=\"og:url\" content=\"https:\/\/iwell-guard.com\/is\/thor\/\" \/>\n<meta property=\"og:site_name\" content=\"iWell Guard\" \/>\n<meta property=\"article:modified_time\" content=\"2026-09-05T14:20:10+00:00\" \/>\n<meta property=\"og:image\" content=\"https:\/\/iwell-guard.com\/wp-content\/uploads\/2026\/04\/goetter_germanisch_thor.webp\" \/>\n\t<meta property=\"og:image:width\" content=\"1024\" \/>\n\t<meta property=\"og:image:height\" content=\"1536\" \/>\n\t<meta property=\"og:image:type\" content=\"image\/webp\" \/>\n<meta name=\"twitter:card\" content=\"summary_large_image\" \/>\n<script type=\"application\/ld+json\" class=\"yoast-schema-graph\">{\"@context\":\"https:\\\/\\\/schema.org\",\"@graph\":[{\"@type\":\"WebPage\",\"@id\":\"https:\\\/\\\/iwell-guard.com\\\/is\\\/thor\\\/\",\"url\":\"https:\\\/\\\/iwell-guard.com\\\/is\\\/thor\\\/\",\"name\":\"\u00de\u00f3r - Gu\u00f0 \u00ferumunnar og verndar\",\"isPartOf\":{\"@id\":\"https:\\\/\\\/iwell-guard.com\\\/is\\\/#website\"},\"primaryImageOfPage\":{\"@id\":\"https:\\\/\\\/iwell-guard.com\\\/is\\\/thor\\\/#primaryimage\"},\"image\":{\"@id\":\"https:\\\/\\\/iwell-guard.com\\\/is\\\/thor\\\/#primaryimage\"},\"thumbnailUrl\":\"https:\\\/\\\/iwell-guard.com\\\/wp-content\\\/uploads\\\/2026\\\/04\\\/goetter_germanisch_thor.webp\",\"datePublished\":\"2026-09-05T14:03:13+00:00\",\"dateModified\":\"2026-09-05T14:20:10+00:00\",\"description\":\"\u00de\u00f3r, \u00ferumugu\u00f0inn me\u00f0 hamarinn Mj\u00f6lni: verndari Mi\u00f0gar\u00f0s, daglegur \u00e1tr\u00fana\u00f0ur hans \u00e1 Nor\u00f0url\u00f6ndum og \u00e1hrif hans fram til n\u00fat\u00edmans.\",\"breadcrumb\":{\"@id\":\"https:\\\/\\\/iwell-guard.com\\\/is\\\/thor\\\/#breadcrumb\"},\"inLanguage\":\"is\",\"potentialAction\":[{\"@type\":\"ReadAction\",\"target\":[\"https:\\\/\\\/iwell-guard.com\\\/is\\\/thor\\\/\"]}]},{\"@type\":\"ImageObject\",\"inLanguage\":\"is\",\"@id\":\"https:\\\/\\\/iwell-guard.com\\\/is\\\/thor\\\/#primaryimage\",\"url\":\"https:\\\/\\\/iwell-guard.com\\\/wp-content\\\/uploads\\\/2026\\\/04\\\/goetter_germanisch_thor.webp\",\"contentUrl\":\"https:\\\/\\\/iwell-guard.com\\\/wp-content\\\/uploads\\\/2026\\\/04\\\/goetter_germanisch_thor.webp\",\"width\":1024,\"height\":1536,\"caption\":\"Gu\u00f0ir \u00far germanskri hef\u00f0.\"},{\"@type\":\"BreadcrumbList\",\"@id\":\"https:\\\/\\\/iwell-guard.com\\\/is\\\/thor\\\/#breadcrumb\",\"itemListElement\":[{\"@type\":\"ListItem\",\"position\":1,\"name\":\"Start\",\"item\":\"https:\\\/\\\/iwell-guard.com\\\/is\\\/?page_id=168580\"},{\"@type\":\"ListItem\",\"position\":2,\"name\":\"\u00de\u00f3r\"}]},{\"@type\":\"WebSite\",\"@id\":\"https:\\\/\\\/iwell-guard.com\\\/is\\\/#website\",\"url\":\"https:\\\/\\\/iwell-guard.com\\\/is\\\/\",\"name\":\"iWell Guard\",\"description\":\"Schutz vor dunklen Einfl\u00fcssen\",\"publisher\":{\"@id\":\"https:\\\/\\\/iwell-guard.com\\\/is\\\/#organization\"},\"potentialAction\":[{\"@type\":\"SearchAction\",\"target\":{\"@type\":\"EntryPoint\",\"urlTemplate\":\"https:\\\/\\\/iwell-guard.com\\\/is\\\/?s={search_term_string}\"},\"query-input\":{\"@type\":\"PropertyValueSpecification\",\"valueRequired\":true,\"valueName\":\"search_term_string\"}}],\"inLanguage\":\"is\"},{\"@type\":\"Organization\",\"@id\":\"https:\\\/\\\/iwell-guard.com\\\/is\\\/#organization\",\"name\":\"Ittermann electronic GmbH\",\"url\":\"https:\\\/\\\/iwell-guard.com\\\/is\\\/\",\"logo\":{\"@type\":\"ImageObject\",\"inLanguage\":\"is\",\"@id\":\"https:\\\/\\\/iwell-guard.com\\\/is\\\/#\\\/schema\\\/logo\\\/image\\\/\",\"url\":\"https:\\\/\\\/iwell-guard.com\\\/wp-content\\\/uploads\\\/2026\\\/05\\\/Ittermann-Logo-1182x237-1.png\",\"contentUrl\":\"https:\\\/\\\/iwell-guard.com\\\/wp-content\\\/uploads\\\/2026\\\/05\\\/Ittermann-Logo-1182x237-1.png\",\"width\":1182,\"height\":237,\"caption\":\"Ittermann electronic GmbH\"},\"image\":{\"@id\":\"https:\\\/\\\/iwell-guard.com\\\/is\\\/#\\\/schema\\\/logo\\\/image\\\/\"},\"sameAs\":[\"https:\\\/\\\/pantip.com\\\/profile\\\/9367242\",\"https:\\\/\\\/micro.blog\\\/iwellguard\",\"https:\\\/\\\/www.diggerslist.com\\\/iwellguard\\\/about\",\"https:\\\/\\\/skitterphoto.com\\\/photographers\\\/2870314\\\/iwell-guard\",\"https:\\\/\\\/iwellguard.wordpress.com\\\/2026\\\/06\\\/06\\\/iwell-guard\\\/\",\"https:\\\/\\\/hub.docker.com\\\/u\\\/iwellguard\",\"https:\\\/\\\/www.pinterest.com\\\/iwellguard\\\/\",\"https:\\\/\\\/bit.ly\\\/m\\\/iwellguard\",\"https:\\\/\\\/entre-vos-mains.alsace.eu\\\/profiles\\\/iwellguard\\\/activity\",\"https:\\\/\\\/gravatar.com\\\/reallybeded8fd34\",\"https:\\\/\\\/naijamatta.com\\\/iwellguard\",\"https:\\\/\\\/www.goodreads.com\\\/iwellguard\",\"https:\\\/\\\/profile.hatena.ne.jp\\\/iwellguard\\\/\",\"https:\\\/\\\/experiment.com\\\/users\\\/iwellguard\",\"https:\\\/\\\/wakelet.com\\\/@iWellGuard82270\",\"https:\\\/\\\/www.chordie.com\\\/forum\\\/profile.php?id=2555664\",\"https:\\\/\\\/www.instapaper.com\\\/p\\\/17757966\",\"https:\\\/\\\/www.mapleprimes.com\\\/users\\\/iwellguard\",\"https:\\\/\\\/businesslistingplus.com\\\/profile\\\/iwell-guard\\\/\",\"https:\\\/\\\/telegra.ph\\\/iWell-Guard-06-06\",\"https:\\\/\\\/pbase.com\\\/iwellguard\\\/iwellguard\",\"https:\\\/\\\/b.hatena.ne.jp\\\/iwellguard\\\/20260607#bookmark-4788405196491818882\",\"https:\\\/\\\/fliphtml5.com\\\/home\\\/iwellguard\",\"https:\\\/\\\/anyflip.com\\\/homepage\\\/cmiwl#About\",\"https:\\\/\\\/transfur.com\\\/Users\\\/iwellguard\",\"http:\\\/\\\/delphi.larsbo.org\\\/user\\\/iwellguard\",\"https:\\\/\\\/jobs.lajobsportal.org\\\/profiles\\\/8380803-iwell-guard\",\"https:\\\/\\\/md.chaosdorf.de\\\/s\\\/jfbe5SBdJD\",\"https:\\\/\\\/www.lingvolive.com\\\/en-us\\\/profile\\\/9ecaeaca-ce11-4e51-9e71-01d55e2bff36\\\/translations\",\"https:\\\/\\\/www.fitday.com\\\/fitness\\\/forums\\\/members\\\/iwellguard.html\",\"https:\\\/\\\/www.mymeetbook.com\\\/iwellguard\",\"https:\\\/\\\/pxhere.com\\\/en\\\/photographer-me\\\/5040798\",\"https:\\\/\\\/disqus.com\\\/by\\\/iwellguard\\\/about\\\/\",\"https:\\\/\\\/pastelink.net\\\/hjwciqwq\",\"https:\\\/\\\/pubhtml5.com\\\/homepage\\\/scjhn\\\/\",\"https:\\\/\\\/www.bitchute.com\\\/channel\\\/2O2eOKzNqujT\",\"https:\\\/\\\/audiomack.com\\\/iwellguard\"]},{\"@type\":\"Article\",\"@id\":\"https:\\\/\\\/iwell-guard.com\\\/is\\\/thor\\\/#article\",\"isPartOf\":{\"@id\":\"https:\\\/\\\/iwell-guard.com\\\/is\\\/thor\\\/\"},\"author\":{\"name\":\"Ralf Ittermann\",\"@id\":\"https:\\\/\\\/iwell-guard.com\\\/is\\\/#\\\/schema\\\/person\\\/ee2a27f1cac3406c7c6fb5820cb7349f\"},\"headline\":\"\u00de\u00f3r\",\"datePublished\":\"2026-09-05T14:03:13+00:00\",\"dateModified\":\"2026-09-05T14:20:10+00:00\",\"mainEntityOfPage\":{\"@id\":\"https:\\\/\\\/iwell-guard.com\\\/is\\\/thor\\\/\"},\"publisher\":{\"@id\":\"https:\\\/\\\/iwell-guard.com\\\/is\\\/#organization\"},\"image\":{\"@id\":\"https:\\\/\\\/iwell-guard.com\\\/is\\\/thor\\\/#primaryimage\"},\"thumbnailUrl\":\"https:\\\/\\\/iwell-guard.com\\\/wp-content\\\/uploads\\\/2026\\\/04\\\/goetter_germanisch_thor.webp\",\"inLanguage\":\"is\",\"description\":\"\u00de\u00f3r, \u00ferumugu\u00f0inn me\u00f0 hamarinn Mj\u00f6lni: verndari Mi\u00f0gar\u00f0s, daglegur \u00e1tr\u00fana\u00f0ur hans \u00e1 Nor\u00f0url\u00f6ndum og \u00e1hrif hans fram til n\u00fat\u00edmans.\"}]}<\/script>\n<!-- \/ Yoast SEO Premium plugin. -->","yoast_head_json":{"title":"\u00de\u00f3r - Gu\u00f0 \u00ferumunnar og verndar","description":"\u00de\u00f3r, \u00ferumugu\u00f0inn me\u00f0 hamarinn Mj\u00f6lni: verndari Mi\u00f0gar\u00f0s, daglegur \u00e1tr\u00fana\u00f0ur hans \u00e1 Nor\u00f0url\u00f6ndum og \u00e1hrif hans fram til n\u00fat\u00edmans.","robots":{"index":"index","follow":"follow","max-snippet":"max-snippet:-1","max-image-preview":"max-image-preview:large","max-video-preview":"max-video-preview:-1"},"canonical":"https:\/\/iwell-guard.com\/is\/thor\/","og_locale":"is_IS","og_type":"article","og_title":"\u00de\u00f3r","og_description":"\u00de\u00f3r, \u00ferumugu\u00f0inn me\u00f0 hamarinn Mj\u00f6lni: verndari Mi\u00f0gar\u00f0s, daglegur \u00e1tr\u00fana\u00f0ur hans \u00e1 Nor\u00f0url\u00f6ndum og \u00e1hrif hans fram til n\u00fat\u00edmans.","og_url":"https:\/\/iwell-guard.com\/is\/thor\/","og_site_name":"iWell Guard","article_modified_time":"2026-09-05T14:20:10+00:00","og_image":[{"width":1024,"height":1536,"url":"https:\/\/iwell-guard.com\/wp-content\/uploads\/2026\/04\/goetter_germanisch_thor.webp","type":"image\/webp"}],"twitter_card":"summary_large_image","schema":{"@context":"https:\/\/schema.org","@graph":[{"@type":"Article","@id":"https:\/\/iwell-guard.com\/is\/thor\/#article","isPartOf":{"@id":"https:\/\/iwell-guard.com\/is\/thor\/"},"author":{"name":"Ralf Ittermann","@id":"https:\/\/iwell-guard.com\/is\/#\/schema\/person\/ee2a27f1cac3406c7c6fb5820cb7349f"},"headline":"\u00de\u00f3r","datePublished":"2026-09-05T14:03:13+00:00","dateModified":"2026-09-05T14:20:10+00:00","mainEntityOfPage":{"@id":"https:\/\/iwell-guard.com\/is\/thor\/"},"publisher":{"@id":"https:\/\/iwell-guard.com\/is\/#organization"},"image":{"@id":"https:\/\/iwell-guard.com\/is\/thor\/#primaryimage"},"thumbnailUrl":"https:\/\/iwell-guard.com\/wp-content\/uploads\/2026\/04\/goetter_germanisch_thor.webp","inLanguage":"is","description":"\u00de\u00f3r, \u00ferumugu\u00f0inn me\u00f0 hamarinn Mj\u00f6lni: verndari Mi\u00f0gar\u00f0s, daglegur \u00e1tr\u00fana\u00f0ur hans \u00e1 Nor\u00f0url\u00f6ndum og \u00e1hrif hans fram til n\u00fat\u00edmans."},{"@type":"WebPage","@id":"https:\/\/iwell-guard.com\/is\/thor\/","url":"https:\/\/iwell-guard.com\/is\/thor\/","name":"\u00de\u00f3r - Gu\u00f0 \u00ferumunnar og verndar","isPartOf":{"@id":"https:\/\/iwell-guard.com\/is\/#website"},"primaryImageOfPage":{"@id":"https:\/\/iwell-guard.com\/is\/thor\/#primaryimage"},"image":{"@id":"https:\/\/iwell-guard.com\/is\/thor\/#primaryimage"},"thumbnailUrl":"https:\/\/iwell-guard.com\/wp-content\/uploads\/2026\/04\/goetter_germanisch_thor.webp","datePublished":"2026-09-05T14:03:13+00:00","dateModified":"2026-09-05T14:20:10+00:00","description":"\u00de\u00f3r, \u00ferumugu\u00f0inn me\u00f0 hamarinn Mj\u00f6lni: verndari Mi\u00f0gar\u00f0s, daglegur \u00e1tr\u00fana\u00f0ur hans \u00e1 Nor\u00f0url\u00f6ndum og \u00e1hrif hans fram til n\u00fat\u00edmans.","breadcrumb":{"@id":"https:\/\/iwell-guard.com\/is\/thor\/#breadcrumb"},"inLanguage":"is","potentialAction":[{"@type":"ReadAction","target":["https:\/\/iwell-guard.com\/is\/thor\/"]}]},{"@type":"ImageObject","inLanguage":"is","@id":"https:\/\/iwell-guard.com\/is\/thor\/#primaryimage","url":"https:\/\/iwell-guard.com\/wp-content\/uploads\/2026\/04\/goetter_germanisch_thor.webp","contentUrl":"https:\/\/iwell-guard.com\/wp-content\/uploads\/2026\/04\/goetter_germanisch_thor.webp","width":1024,"height":1536,"caption":"Gu\u00f0ir \u00far germanskri hef\u00f0."},{"@type":"BreadcrumbList","@id":"https:\/\/iwell-guard.com\/is\/thor\/#breadcrumb","itemListElement":[{"@type":"ListItem","position":1,"name":"Start","item":"https:\/\/iwell-guard.com\/is\/?page_id=168580"},{"@type":"ListItem","position":2,"name":"\u00de\u00f3r"}]},{"@type":"WebSite","@id":"https:\/\/iwell-guard.com\/is\/#website","url":"https:\/\/iwell-guard.com\/is\/","name":"iWell Guard","description":"Schutz vor dunklen Einfl\u00fcssen","publisher":{"@id":"https:\/\/iwell-guard.com\/is\/#organization"},"potentialAction":[{"@type":"SearchAction","target":{"@type":"EntryPoint","urlTemplate":"https:\/\/iwell-guard.com\/is\/?s={search_term_string}"},"query-input":{"@type":"PropertyValueSpecification","valueRequired":true,"valueName":"search_term_string"}}],"inLanguage":"is"},{"@type":"Organization","@id":"https:\/\/iwell-guard.com\/is\/#organization","name":"Ittermann electronic GmbH","url":"https:\/\/iwell-guard.com\/is\/","logo":{"@type":"ImageObject","inLanguage":"is","@id":"https:\/\/iwell-guard.com\/is\/#\/schema\/logo\/image\/","url":"https:\/\/iwell-guard.com\/wp-content\/uploads\/2026\/05\/Ittermann-Logo-1182x237-1.png","contentUrl":"https:\/\/iwell-guard.com\/wp-content\/uploads\/2026\/05\/Ittermann-Logo-1182x237-1.png","width":1182,"height":237,"caption":"Ittermann electronic GmbH"},"image":{"@id":"https:\/\/iwell-guard.com\/is\/#\/schema\/logo\/image\/"},"sameAs":["https:\/\/pantip.com\/profile\/9367242","https:\/\/micro.blog\/iwellguard","https:\/\/www.diggerslist.com\/iwellguard\/about","https:\/\/skitterphoto.com\/photographers\/2870314\/iwell-guard","https:\/\/iwellguard.wordpress.com\/2026\/06\/06\/iwell-guard\/","https:\/\/hub.docker.com\/u\/iwellguard","https:\/\/www.pinterest.com\/iwellguard\/","https:\/\/bit.ly\/m\/iwellguard","https:\/\/entre-vos-mains.alsace.eu\/profiles\/iwellguard\/activity","https:\/\/gravatar.com\/reallybeded8fd34","https:\/\/naijamatta.com\/iwellguard","https:\/\/www.goodreads.com\/iwellguard","https:\/\/profile.hatena.ne.jp\/iwellguard\/","https:\/\/experiment.com\/users\/iwellguard","https:\/\/wakelet.com\/@iWellGuard82270","https:\/\/www.chordie.com\/forum\/profile.php?id=2555664","https:\/\/www.instapaper.com\/p\/17757966","https:\/\/www.mapleprimes.com\/users\/iwellguard","https:\/\/businesslistingplus.com\/profile\/iwell-guard\/","https:\/\/telegra.ph\/iWell-Guard-06-06","https:\/\/pbase.com\/iwellguard\/iwellguard","https:\/\/b.hatena.ne.jp\/iwellguard\/20260607#bookmark-4788405196491818882","https:\/\/fliphtml5.com\/home\/iwellguard","https:\/\/anyflip.com\/homepage\/cmiwl#About","https:\/\/transfur.com\/Users\/iwellguard","http:\/\/delphi.larsbo.org\/user\/iwellguard","https:\/\/jobs.lajobsportal.org\/profiles\/8380803-iwell-guard","https:\/\/md.chaosdorf.de\/s\/jfbe5SBdJD","https:\/\/www.lingvolive.com\/en-us\/profile\/9ecaeaca-ce11-4e51-9e71-01d55e2bff36\/translations","https:\/\/www.fitday.com\/fitness\/forums\/members\/iwellguard.html","https:\/\/www.mymeetbook.com\/iwellguard","https:\/\/pxhere.com\/en\/photographer-me\/5040798","https:\/\/disqus.com\/by\/iwellguard\/about\/","https:\/\/pastelink.net\/hjwciqwq","https:\/\/pubhtml5.com\/homepage\/scjhn\/","https:\/\/www.bitchute.com\/channel\/2O2eOKzNqujT","https:\/\/audiomack.com\/iwellguard"]},{"@type":"Person","@id":"https:\/\/iwell-guard.com\/is\/#\/schema\/person\/ee2a27f1cac3406c7c6fb5820cb7349f","name":"Ralf Ittermann","image":{"@type":"ImageObject","inLanguage":"is","@id":"https:\/\/secure.gravatar.com\/avatar\/073c0153e350a5005b68eb752b445fea71f6b24a26da9449ad7e155e6b446c9d?s=96&d=mm&r=g","url":"https:\/\/secure.gravatar.com\/avatar\/073c0153e350a5005b68eb752b445fea71f6b24a26da9449ad7e155e6b446c9d?s=96&d=mm&r=g","contentUrl":"https:\/\/secure.gravatar.com\/avatar\/073c0153e350a5005b68eb752b445fea71f6b24a26da9449ad7e155e6b446c9d?s=96&d=mm&r=g","caption":"Ralf Ittermann"},"givenName":"Ralf","familyName":"Ittermann","jobTitle":"Gesch\u00e4ftsf\u00fchrer und redaktioneller Verantwortlicher","url":"https:\/\/iwell-guard.com\/is\/author\/claude\/","description":"Ralf Ittermann ist Gesch\u00e4ftsf\u00fchrer der Ittermann electronic GmbH und redaktioneller Verantwortlicher des iWell-Guard-Lexikons. Er verbindet langj\u00e4hrige Erfahrung in der Pr\u00e4zisionsfertigung mit medialer Praxis und religionsgeschichtlicher Quellenarbeit.","worksFor":{"@type":"Organization","name":"Ittermann electronic GmbH","url":"https:\/\/ittermann.de\/","address":{"@type":"PostalAddress","streetAddress":"K\u00f6hlergasse 16-18","postalCode":"99842","addressLocality":"Ruhla","addressCountry":"DE"}},"knowsAbout":["Religionsgeschichte","Mythologie","Mediale Praxis","Energetische Diagnostik","Schutzpraxis","Volksglauben","Westliche Esoterik"]},{"@type":"Article","@id":"https:\/\/iwell-guard.com\/is\/thor\/#article","isPartOf":{"@id":"https:\/\/iwell-guard.com\/is\/thor\/"},"author":{"name":"Ralf Ittermann","@id":"https:\/\/iwell-guard.com\/is\/#\/schema\/person\/ee2a27f1cac3406c7c6fb5820cb7349f"},"headline":"\u00de\u00f3r","datePublished":"2026-09-05T14:03:13+00:00","dateModified":"2026-09-05T14:20:10+00:00","mainEntityOfPage":{"@id":"https:\/\/iwell-guard.com\/is\/thor\/"},"publisher":{"@id":"https:\/\/iwell-guard.com\/is\/#organization"},"image":{"@id":"https:\/\/iwell-guard.com\/is\/thor\/#primaryimage"},"thumbnailUrl":"https:\/\/iwell-guard.com\/wp-content\/uploads\/2026\/04\/goetter_germanisch_thor.webp","inLanguage":"is","description":"\u00de\u00f3r, \u00ferumugu\u00f0inn me\u00f0 hamarinn Mj\u00f6lni: verndari Mi\u00f0gar\u00f0s, daglegur \u00e1tr\u00fana\u00f0ur hans \u00e1 Nor\u00f0url\u00f6ndum og \u00e1hrif hans fram til n\u00fat\u00edmans."}]}},"_links":{"self":[{"href":"https:\/\/iwell-guard.com\/is\/wp-json\/wp\/v2\/pages\/168816","targetHints":{"allow":["GET"]}}],"collection":[{"href":"https:\/\/iwell-guard.com\/is\/wp-json\/wp\/v2\/pages"}],"about":[{"href":"https:\/\/iwell-guard.com\/is\/wp-json\/wp\/v2\/types\/page"}],"author":[{"embeddable":true,"href":"https:\/\/iwell-guard.com\/is\/wp-json\/wp\/v2\/users\/3"}],"replies":[{"embeddable":true,"href":"https:\/\/iwell-guard.com\/is\/wp-json\/wp\/v2\/comments?post=168816"}],"version-history":[{"count":0,"href":"https:\/\/iwell-guard.com\/is\/wp-json\/wp\/v2\/pages\/168816\/revisions"}],"wp:featuredmedia":[{"embeddable":true,"href":"https:\/\/iwell-guard.com\/is\/wp-json\/wp\/v2\/media\/1573"}],"wp:attachment":[{"href":"https:\/\/iwell-guard.com\/is\/wp-json\/wp\/v2\/media?parent=168816"}],"wp:term":[{"taxonomy":"category","embeddable":true,"href":"https:\/\/iwell-guard.com\/is\/wp-json\/wp\/v2\/categories?post=168816"}],"curies":[{"name":"wp","href":"https:\/\/api.w.org\/{rel}","templated":true}]}}