{"id":168814,"date":"2026-09-05T14:03:12","date_gmt":"2026-09-05T14:03:12","guid":{"rendered":"https:\/\/iwell-guard.com\/?page_id=168814"},"modified":"2026-09-05T14:20:08","modified_gmt":"2026-09-05T14:20:08","slug":"freyja","status":"publish","type":"page","link":"https:\/\/iwell-guard.com\/is\/freyja\/","title":{"rendered":"Freyja"},"content":{"rendered":"\t\t<div data-elementor-type=\"wp-page\" data-elementor-id=\"168814\" class=\"elementor elementor-168814 elementor-2094 elementor-bc-flex-widget\" data-elementor-post-type=\"page\">\n\t\t\t\t<div class=\"elementor-element elementor-element-10fdade e-flex e-con-boxed e-con e-parent\" data-id=\"10fdade\" data-element_type=\"container\" data-e-type=\"container\" data-settings=\"{&quot;background_background&quot;:&quot;classic&quot;}\">\n\t\t\t\t\t<div class=\"e-con-inner\">\n\t\t<div class=\"elementor-element elementor-element-herohlft0 e-flex e-con-boxed e-con e-child\" data-id=\"herohlft0\" data-element_type=\"container\" data-e-type=\"container\">\n\t\t\t\t\t<div class=\"e-con-inner\">\n\t\t<div class=\"elementor-element elementor-element-c3ceb64 e-con-full e-flex e-con e-child\" data-id=\"c3ceb64\" data-element_type=\"container\" data-e-type=\"container\">\n\t\t\t\t<div class=\"elementor-element elementor-element-96ae5e1 elementor-widget elementor-widget-heading\" data-id=\"96ae5e1\" data-element_type=\"widget\" data-e-type=\"widget\" data-widget_type=\"heading.default\">\n\t\t\t\t\t<h1 class=\"elementor-heading-title elementor-size-default\">Freyja, gy\u00f0ja hinnar germ\u00f6nsku hef\u00f0ar<\/h1>\t\t\t\t<\/div>\n\t\t\t\t<div class=\"elementor-element elementor-element-e45238a elementor-widget elementor-widget-text-editor\" data-id=\"e45238a\" data-element_type=\"widget\" data-e-type=\"widget\" data-widget_type=\"text-editor.default\">\n\t\t\t\t\t\t\t\t\t<p>Freyja er ein af helstu gy\u00f0jum germanskrar <span class=\"iwg-fachbegriff\" data-tooltip=\"Heildarsafn var\u00f0veittra go\u00f0sagna um gu\u00f0i tiltekinnar menningar.\" tabindex=\"0\">go\u00f0afr\u00e6\u00f0i<\/span>, r\u00e6\u00f0ur yfir \u00e1st, frj\u00f3semi, str\u00ed\u00f0i og vels\u00e6ld. H\u00fan tilheyrir \u00e6tt vananna og er \u00edmynd sinnis\u00fer\u00e1r, kvenlegs kraftar og magna\u00f0rar \u00feekkingar \u00ed norr\u00e6num heimildum eins og Snorra-Eddu.<\/p>\t\t\t\t\t\t\t\t<\/div>\n\t\t\t\t<\/div>\n\t\t<div class=\"elementor-element elementor-element-klsbdg01 e-con-full e-flex e-con e-parent\" data-id=\"klsbdg01\" data-element_type=\"container\" data-e-type=\"container\">\n\t\t\t\t<div class=\"elementor-element elementor-element-klshtm01 elementor-widget elementor-widget-html\" data-id=\"klshtm01\" data-element_type=\"widget\" data-e-type=\"widget\" data-widget_type=\"html.default\">\n\t\t\t\t\t<div class=\"iwg-pill-row\"><span class=\"iwg-klasse-badge\" tabindex=\"0\" data-tooltip=\"Gu\u00f0 \/ gy\u00f0ja: Pers\u00f3nugerving h\u00e6sta valds \u00ed go\u00f0heimi tiltekinnar menningar, me\u00f0 sk\u00fdrum \u00e1byrg\u00f0arsvi\u00f0um, n\u00e1tt\u00faru\u00f6flum, \u00f6rl\u00f6gum, str\u00ed\u00f0i, frj\u00f3semi. D\u00fdrku\u00f0 me\u00f0 helgisi\u00f0um, f\u00f3rnum og hofstofnunum.\">Gy\u00f0ja<\/span><a href=\"https:\/\/iwell-guard.com\/is\/?page_id=168614\" class=\"iwg-kultur-badge\" tabindex=\"0\" data-tooltip=\"Forkristinn heimur gu\u00f0a og anda \u00ed Nor\u00f0ur- og Mi\u00f0-Evr\u00f3pu.\">Germanskt<\/a><\/div>\t\t\t\t<\/div>\n\t\t\t\t<\/div>\n\t\t<div class=\"elementor-element elementor-element-3f74855 e-con-full e-flex e-con e-child\" data-id=\"3f74855\" data-element_type=\"container\" data-e-type=\"container\">\n\t\t\t\t<div class=\"elementor-element elementor-element-1c30362 elementor-toc--minimized-on-tablet elementor-widget elementor-widget-table-of-contents\" data-id=\"1c30362\" data-element_type=\"widget\" data-e-type=\"widget\" data-settings=\"{&quot;exclude_headings_by_selector&quot;:[],&quot;no_headings_message&quot;:&quot;Engar undirfyrirsagnir fundust \\u00e1 \\u00feessari s\\u00ed\\u00f0u.&quot;,&quot;headings_by_tags&quot;:[&quot;h2&quot;,&quot;h3&quot;],&quot;marker_view&quot;:&quot;bullets&quot;,&quot;minimize_box&quot;:&quot;yes&quot;,&quot;icon&quot;:{&quot;value&quot;:&quot;fas fa-circle&quot;,&quot;library&quot;:&quot;fa-solid&quot;,&quot;rendered_tag&quot;:&quot;&lt;svg class=\\&quot;e-font-icon-svg e-fas-circle\\&quot; viewBox=\\&quot;0 0 512 512\\&quot; xmlns=\\&quot;http:\\\/\\\/www.w3.org\\\/2000\\\/svg\\&quot;&gt;&lt;path d=\\&quot;M256 8C119 8 8 119 8 256s111 248 248 248 248-111 248-248S393 8 256 8z\\&quot;&gt;&lt;\\\/path&gt;&lt;\\\/svg&gt;&quot;},&quot;minimized_on&quot;:&quot;tablet&quot;,&quot;hierarchical_view&quot;:&quot;yes&quot;,&quot;min_height&quot;:{&quot;unit&quot;:&quot;px&quot;,&quot;size&quot;:&quot;&quot;,&quot;sizes&quot;:[]},&quot;min_height_tablet&quot;:{&quot;unit&quot;:&quot;px&quot;,&quot;size&quot;:&quot;&quot;,&quot;sizes&quot;:[]},&quot;min_height_mobile&quot;:{&quot;unit&quot;:&quot;px&quot;,&quot;size&quot;:&quot;&quot;,&quot;sizes&quot;:[]}}\" data-widget_type=\"table-of-contents.default\">\n\t\t\t\t\t\t\t\t\t<div class=\"elementor-toc__header\">\n\t\t\t\t\t\t<h2 class=\"elementor-toc__header-title\">\n\t\t\t\tEfnisyfirlit\t\t\t<\/h2>\n\t\t\t\t\t\t\t\t\t\t<div class=\"elementor-toc__toggle-button elementor-toc__toggle-button--expand\" role=\"button\" tabindex=\"0\" aria-controls=\"elementor-toc__1c30362\" aria-expanded=\"true\" aria-label=\"Open table of contents\"><svg aria-hidden=\"true\" class=\"e-font-icon-svg e-fas-chevron-down\" viewBox=\"0 0 448 512\" xmlns=\"http:\/\/www.w3.org\/2000\/svg\"><path d=\"M207.029 381.476L12.686 187.132c-9.373-9.373-9.373-24.569 0-33.941l22.667-22.667c9.357-9.357 24.522-9.375 33.901-.04L224 284.505l154.745-154.021c9.379-9.335 24.544-9.317 33.901.04l22.667 22.667c9.373 9.373 9.373 24.569 0 33.941L240.971 381.476c-9.373 9.372-24.569 9.372-33.942 0z\"><\/path><\/svg><\/div>\n\t\t\t\t<div class=\"elementor-toc__toggle-button elementor-toc__toggle-button--collapse\" role=\"button\" tabindex=\"0\" aria-controls=\"elementor-toc__1c30362\" aria-expanded=\"true\" aria-label=\"Close table of contents\"><svg aria-hidden=\"true\" class=\"e-font-icon-svg e-fas-chevron-up\" viewBox=\"0 0 448 512\" xmlns=\"http:\/\/www.w3.org\/2000\/svg\"><path d=\"M240.971 130.524l194.343 194.343c9.373 9.373 9.373 24.569 0 33.941l-22.667 22.667c-9.357 9.357-24.522 9.375-33.901.04L224 227.495 69.255 381.516c-9.379 9.335-24.544 9.317-33.901-.04l-22.667-22.667c-9.373-9.373-9.373-24.569 0-33.941L207.03 130.525c9.372-9.373 24.568-9.373 33.941-.001z\"><\/path><\/svg><\/div>\n\t\t\t\t\t<\/div>\n\t\t\t\t<div id=\"elementor-toc__1c30362\" class=\"elementor-toc__body\">\n\t\t\t<div class=\"elementor-toc__spinner-container\">\n\t\t\t\t<svg class=\"elementor-toc__spinner eicon-animation-spin e-font-icon-svg e-eicon-loading\" aria-hidden=\"true\" viewBox=\"0 0 1000 1000\" xmlns=\"http:\/\/www.w3.org\/2000\/svg\"><path d=\"M500 975V858C696 858 858 696 858 500S696 142 500 142 142 304 142 500H25C25 237 238 25 500 25S975 237 975 500 763 975 500 975Z\"><\/path><\/svg>\t\t\t<\/div>\n\t\t<\/div>\n\t\t\t\t\t\t<\/div>\n\t\t\t\t<\/div>\n\t\t\t\t\t<\/div>\n\t\t\t\t<\/div>\n\t\t<div class=\"elementor-element elementor-element-herorght0 e-con-full e-flex e-con e-child\" data-id=\"herorght0\" data-element_type=\"container\" data-e-type=\"container\">\n\t\t\t\t<div class=\"elementor-element elementor-element-heroimg00 iwg-hero-image elementor-widget elementor-widget-image\" data-id=\"heroimg00\" data-element_type=\"widget\" data-e-type=\"widget\" data-widget_type=\"image.default\">\n\t\t\t\t\t\t\t\t\t\t\t\t\t\t\t<img fetchpriority=\"high\" decoding=\"async\" width=\"683\" height=\"1024\" src=\"https:\/\/iwell-guard.com\/wp-content\/uploads\/2026\/04\/goetter_germanisch_freyja-683x1024.webp\" class=\"attachment-large size-large wp-image-171129\" alt=\"Freyja - gu\u00f0 \u00far germ\u00f6nskri hef\u00f0, s\u00f6guleg myndskreyting\" srcset=\"https:\/\/iwell-guard.com\/wp-content\/uploads\/2026\/04\/goetter_germanisch_freyja-683x1024.webp 683w, https:\/\/iwell-guard.com\/wp-content\/uploads\/2026\/04\/goetter_germanisch_freyja-200x300.webp 200w, https:\/\/iwell-guard.com\/wp-content\/uploads\/2026\/04\/goetter_germanisch_freyja-768x1152.webp 768w, https:\/\/iwell-guard.com\/wp-content\/uploads\/2026\/04\/goetter_germanisch_freyja.webp 1024w\" sizes=\"(max-width: 683px) 100vw, 683px\" \/>\t\t\t\t\t\t\t\t\t\t\t\t\t\t\t<\/div>\n\t\t\t\t<\/div>\n\t\t\t\t\t<\/div>\n\t\t\t\t<\/div>\n\t\t<div class=\"elementor-element elementor-element-32917199 e-flex e-con-boxed e-con e-parent\" data-id=\"32917199\" data-element_type=\"container\" data-e-type=\"container\">\n\t\t\t\t\t<div class=\"e-con-inner\">\n\t\t<div class=\"elementor-element elementor-element-26e916cb e-flex e-con-boxed e-con e-child\" data-id=\"26e916cb\" data-element_type=\"container\" data-e-type=\"container\">\n\t\t\t\t\t<div class=\"e-con-inner\">\n\t\t<div class=\"elementor-element elementor-element-253a40d4 e-flex e-con-boxed e-con e-child\" data-id=\"253a40d4\" data-element_type=\"container\" data-e-type=\"container\">\n\t\t\t\t\t<div class=\"e-con-inner\">\n\t\t\t\t<div class=\"elementor-element elementor-element-1200c304 elementor-widget elementor-widget-heading\" data-id=\"1200c304\" data-element_type=\"widget\" data-e-type=\"widget\" data-widget_type=\"heading.default\">\n\t\t\t\t\t<div class=\"elementor-heading-title elementor-size-default\">Freyja<\/div>\t\t\t\t<\/div>\n\t\t\t\t<div class=\"elementor-element elementor-element-11758e7f elementor-widget elementor-widget-text-editor\" data-id=\"11758e7f\" data-element_type=\"widget\" data-e-type=\"widget\" data-widget_type=\"text-editor.default\">\n\t\t\t\t\t\t\t\t\t<p>Freyja er s\u00fdnd me\u00f0 gulli, k\u00f6ttum, f\u00e1lkum og h\u00e1lsmeninu Br\u00edsingameni. H\u00fan velur helming \u00feeirra sem falla \u00ed bardaga (auk \u00d3\u00f0ins) og lei\u00f0ir \u00fe\u00e1 \u00ed sal sinn F\u00f3lkvang. H\u00fan var d\u00fdrku\u00f0 \u00ed frj\u00f3semisd\u00fdrkun, \u00ed hj\u00f3nabandsheitum og \u00ed kvenlegum handverkssi\u00f0um.<\/p>\t\t\t\t\t\t\t\t<\/div>\n\t\t\t\t\t<\/div>\n\t\t\t\t<\/div>\n\t\t<div class=\"elementor-element elementor-element-159dcf9a e-flex e-con-boxed e-con e-child\" data-id=\"159dcf9a\" data-element_type=\"container\" data-e-type=\"container\">\n\t\t\t\t\t<div class=\"e-con-inner\">\n\t\t\t\t<div class=\"elementor-element elementor-element-48cee66f elementor-widget elementor-widget-heading\" data-id=\"48cee66f\" data-element_type=\"widget\" data-e-type=\"widget\" data-widget_type=\"heading.default\">\n\t\t\t\t\t<h3 class=\"elementor-heading-title elementor-size-default\">\u00cd hnotskurn: Freyja<\/h3>\t\t\t\t<\/div>\n\t\t\t\t<div class=\"elementor-element elementor-element-3f50d82c elementor-widget elementor-widget-text-editor\" data-id=\"3f50d82c\" data-element_type=\"widget\" data-e-type=\"widget\" data-widget_type=\"text-editor.default\">\n\t\t\t\t\t\t\t\t\t<p><strong>Tegund:<\/strong> Germ\u00f6nsk h\u00f6fu\u00f0gy\u00f0ja, vanad\u00eds, gy\u00f0ja \u00e1star, herna\u00f0ar og <span class=\"iwg-fachbegriff\" data-tooltip=\"Athafnir sem reyna a\u00f0 hafa \u00e1hrif \u00e1 r\u00e1s atbur\u00f0a me\u00f0 s\u00e9rst\u00f6kum ath\u00f6fnum e\u00f0a form\u00falum.\" tabindex=\"0\">galdurs<\/span><br><span class=\"iwg-fachbegriff\" data-tooltip=\"Heildarsafn gu\u00f0a innan tr\u00faarbrag\u00f0a e\u00f0a menningar.\" tabindex=\"0\">Go\u00f0aheimur<\/span>: Germanskur \/ norr\u00e6nn (vana\u00e6tt)<br>Hlutverk: \u00c1st, fegur\u00f0, kynl\u00edf, herna\u00f0ur, sei\u00f0galdur, helmingur fallinna kappa<br>Helstu einkenni: Br\u00edsingamen h\u00e1lsmeni\u00f0, valsfja\u00f0rak\u00e1pa, kattavagn, gullt\u00e1r<br>Helstu tilbei\u00f0slusta\u00f0ir: engin eigin <span class=\"iwg-fachbegriff\" data-tooltip=\"Bygging sem er notu\u00f0 til tilbei\u00f0slu \u00e1 einum e\u00f0a fleiri gu\u00f0um.\" tabindex=\"0\">hof<\/span> skjalfest; al\u00fe\u00fd\u00f0ud\u00fdrkun \u00ed Skandinav\u00edu og Nor\u00f0ur-\u00de\u00fdskalandi<br>Systkini: Freyr (br\u00f3\u00f0ir, a\u00f0alvanagu\u00f0)<\/p>\t\t\t\t\t\t\t\t<\/div>\n\t\t\t\t\t<\/div>\n\t\t\t\t<\/div>\n\t\t\t\t\t<\/div>\n\t\t\t\t<\/div>\n\t\t\t\t\t<\/div>\n\t\t\t\t<\/div>\n\t\t<div class=\"elementor-element elementor-element-18613602 e-flex e-con-boxed e-con e-parent\" data-id=\"18613602\" data-element_type=\"container\" data-e-type=\"container\">\n\t\t\t\t\t<div class=\"e-con-inner\">\n\t\t\t\t<div class=\"elementor-element elementor-element-262b8a9f elementor-widget elementor-widget-heading\" data-id=\"262b8a9f\" data-element_type=\"widget\" data-e-type=\"widget\" data-widget_type=\"heading.default\">\n\t\t\t\t\t<h2 class=\"elementor-heading-title elementor-size-default\">S\u00f6guleg sta\u00f0setning<\/h2>\t\t\t\t<\/div>\n\t\t<div class=\"elementor-element elementor-element-46dcb7d e-con-full e-flex e-con e-child\" data-id=\"46dcb7d\" data-element_type=\"container\" data-e-type=\"container\">\n\t\t<div class=\"elementor-element elementor-element-61d3ab3 e-flex e-con-boxed e-con e-child\" data-id=\"61d3ab3\" data-element_type=\"container\" data-e-type=\"container\">\n\t\t\t\t\t<div class=\"e-con-inner\">\n\t\t\t\t<div class=\"elementor-element elementor-element-117c166 elementor-widget elementor-widget-heading\" data-id=\"117c166\" data-element_type=\"widget\" data-e-type=\"widget\" data-widget_type=\"heading.default\">\n\t\t\t\t\t<div class=\"elementor-heading-title elementor-size-default\">T\u00edmabil textanna<\/div>\t\t\t\t<\/div>\n\t\t\t\t<div class=\"elementor-element elementor-element-73997a0 elementor-widget elementor-widget-text-editor\" data-id=\"73997a0\" data-element_type=\"widget\" data-e-type=\"widget\" data-widget_type=\"text-editor.default\">\n\t\t\t\t\t\t\t\t\t<p>Freyja hefur veri\u00f0 mi\u00f0l\u00e6g fr\u00e1 elstu skandinav\u00edsku heimildum. A\u00f0alheimildir: <span class=\"iwg-fachbegriff\" tabindex=\"0\" data-tooltip=\"\u00cdslenskur fr\u00e6\u00f0ima\u00f0ur (1179\u20131241); h\u00f6fundur Snorra-Eddu og Heimskringlu.\">Snorri Sturluson<\/span> <em>Snorra-Edda<\/em> (1220) og <em>Lj\u00f3\u00f0a-Edda<\/em> (13. \u00f6ld, innihaldandi eldri kv\u00e6\u00f0i). H\u00fan er mikilv\u00e6gust af gy\u00f0jum <em>vananna<\/em> (eldri, for\u00e1sa\u00e6ttinni), og var tekin \u00ed g\u00edslingu \u00e1samt f\u00f6\u00f0ur s\u00ednum Nj\u00f6r\u00f0i og br\u00f3\u00f0ur s\u00ednum Frey inn \u00ed \u00c1sgar\u00f0 eftir str\u00ed\u00f0 \u00c1sa og Vana.<\/p><p>Bl\u00f3mat\u00edmi d\u00fdrkunar hennar: forkristin Skandinav\u00eda (v\u00edkinga\u00f6ld, 8.\u201311. \u00f6ld). Kristnitaka Skandinav\u00edu (10.\u201312. \u00f6ld) rofst <span class=\"iwg-fachbegriff\" data-tooltip=\"Heildarsafn tr\u00faarlegra d\u00fdrkunarathafna fyrir gu\u00f0veru e\u00f0a heilaga ger\u00f0.\" tabindex=\"0\">d\u00fdrkunina<\/span>, en \u00fej\u00f3\u00f0legir si\u00f0ir (f\u00f6studagsh\u00e1t\u00ed\u00f0ir kvenna, kattad\u00fdrkun \u00e1 sumum sv\u00e6\u00f0um) h\u00e9lst vi\u00f0. \u00c1 19.\/20. \u00f6ld var\u00f0 r\u00f3mant\u00edsk endurvakning; \u00ed n\u00fat\u00edma <em>\u00c1satr\u00fa<\/em> er h\u00fan aftur mi\u00f0l\u00e6g.<\/p>\n<p>Tacitus nefnir \u00ed riti s\u00ednu <em>Germania<\/em> (98 e.Kr.) gy\u00f0ju a\u00f0 nafni Nerthus, sem var d\u00fdrku\u00f0 af nokkrum germ\u00f6nskum \u00fej\u00f3\u00f0flokkum og sem \u00e1 tungum\u00e1lalega tengt nafn vi\u00f0 Nj\u00f6r\u00f0. Fr\u00e6\u00f0imenn telja Nerthus tilheyra V\u00f6num og \u00fev\u00ed m\u00f6gulega vera fyrirmynd e\u00f0a snertifleti vi\u00f0 hina eldri Freyju-hef\u00f0, \u00fe\u00f3tt bein samsv\u00f6run s\u00e9 ekki m\u00f6guleg.<\/p>\t\t\t\t\t\t\t\t<\/div>\n\t\t\t\t\t<\/div>\n\t\t\t\t<\/div>\n\t\t<div class=\"elementor-element elementor-element-d47b156 e-flex e-con-boxed e-con e-child\" data-id=\"d47b156\" data-element_type=\"container\" data-e-type=\"container\">\n\t\t\t\t\t<div class=\"e-con-inner\">\n\t\t\t\t<div class=\"elementor-element elementor-element-ff38c2b elementor-widget elementor-widget-heading\" data-id=\"ff38c2b\" data-element_type=\"widget\" data-e-type=\"widget\" data-widget_type=\"heading.default\">\n\t\t\t\t\t<div class=\"elementor-heading-title elementor-size-default\">\u00datbrei\u00f0slusv\u00e6\u00f0i<\/div>\t\t\t\t<\/div>\n\t\t\t\t<div class=\"elementor-element elementor-element-4e49fcc elementor-widget elementor-widget-text-editor\" data-id=\"4e49fcc\" data-element_type=\"widget\" data-e-type=\"widget\" data-widget_type=\"text-editor.default\">\n\t\t\t\t\t\t\t\t\t<p>Bein <span class=\"iwg-fachbegriff\" data-tooltip=\"Bygging sem er notu\u00f0 til d\u00fdrkunar einnar e\u00f0a fleiri gu\u00f0vera.\" tabindex=\"0\">hof<\/span> Freyju eru ekki skjalfest me\u00f0 vissu; nokkur skandinav\u00edsk sta\u00f0an\u00f6fn (t.d. Frejskult-Steden \u00ed Sv\u00ed\u00fej\u00f3\u00f0) benda \u00e1 forna d\u00fdrkunarsta\u00f0i. Adam fr\u00e1 Brimum nefnir \u00e1 11. \u00f6ld <em><span class=\"iwg-fachbegriff\" data-tooltip=\"Bygging sem er notu\u00f0 til d\u00fdrkunar einnar e\u00f0a fleiri gu\u00f0vera.\" tabindex=\"0\">hofi\u00f0<\/span> \u00ed Upps\u00f6lum<\/em> me\u00f0 styttum af \u00d3\u00f0ni, \u00de\u00f3r og Frey (ekki beint Freyju, en gefi\u00f0 til kynna \u00ed samhengi vananna).<\/p><p><span data-nosnippet>\u00cd n\u00fat\u00edma <em>\u00c1satr\u00fa<\/em> (virk \u00ed Skandinav\u00edu, Bandar\u00edkjunum, Bretlandi, \u00de\u00fdskalandi) er h\u00fan d\u00fdrku\u00f0 aftur; \u00e1 \u00cdslandi er \u00c1satr\u00fa vi\u00f0urkennt tr\u00faarbr\u00f6g\u00f0 af r\u00edkinu fr\u00e1 1973, og \u00ed nokkrum greinum er Freyja a\u00f0algy\u00f0ja.<\/span><\/p>\n<p>\u00d6rnefnafr\u00e6\u00f0i hefur skr\u00e1\u00f0 fj\u00f6lda Fr\u00f6- og Freys-nafna \u00ed Sv\u00ed\u00fej\u00f3\u00f0, Noregi og Danm\u00f6rku, sem benda \u00e1 d\u00fdrkunarsta\u00f0i e\u00f0a d\u00fdrkunarsv\u00e6\u00f0i. \u00deetta ranns\u00f3knarsvi\u00f0 telst mikilv\u00e6g vi\u00f0b\u00f3t vi\u00f0 b\u00f3kmenntalega arfleif\u00f0, \u00fear sem \u00fea\u00f0 veitir v\u00edsbendingar um landfr\u00e6\u00f0ilega \u00fatbrei\u00f0slu og sta\u00f0bundna festu d\u00fdrkunarinnar sem ekki f\u00e1st \u00far eddukv\u00e6\u00f0unum eing\u00f6ngu.<\/p>\t\t\t\t\t\t\t\t<\/div>\n\t\t\t\t\t<\/div>\n\t\t\t\t<\/div>\n\t\t\t\t<\/div>\n\t\t<div class=\"elementor-element elementor-element-db03c39 e-con-full e-flex e-con e-child\" data-id=\"db03c39\" data-element_type=\"container\" data-e-type=\"container\">\n\t\t<div class=\"elementor-element elementor-element-229a87b e-flex e-con-boxed e-con e-child\" data-id=\"229a87b\" data-element_type=\"container\" data-e-type=\"container\">\n\t\t\t\t\t<div class=\"e-con-inner\">\n\t\t\t\t<div class=\"elementor-element elementor-element-1f471fc elementor-widget elementor-widget-heading\" data-id=\"1f471fc\" data-element_type=\"widget\" data-e-type=\"widget\" data-widget_type=\"heading.default\">\n\t\t\t\t\t<div class=\"elementor-heading-title elementor-size-default\">Heimildasta\u00f0a<\/div>\t\t\t\t<\/div>\n\t\t\t\t<div class=\"elementor-element elementor-element-36b1201 elementor-widget elementor-widget-text-editor\" data-id=\"36b1201\" data-element_type=\"widget\" data-e-type=\"widget\" data-widget_type=\"text-editor.default\">\n\t\t\t\t\t\t\t\t\t<p>A\u00f0alheimildir: <span class=\"iwg-fachbegriff\" tabindex=\"0\" data-tooltip=\"\u00cdslenskur fr\u00e6\u00f0ima\u00f0ur (1179\u20131241); h\u00f6fundur Snorra-Eddu og Heimskringlu.\">Snorri Sturluson<\/span> <em>Snorra-Edda<\/em> (Gylfaginning, Sk\u00e1ldskaparm\u00e1l); <em>Lj\u00f3\u00f0a-Edda<\/em> (Hyndlulj\u00f3\u00f0, me\u00f0 a\u00f0algo\u00f0s\u00f6gninni um Freyju og \u00d3ttar; \u00derymskvi\u00f0a, um Br\u00edsingamen Freyju). Aukariti\u00f0: Simek, <em>Lexikon der germanischen <span class=\"iwg-fachbegriff\" data-tooltip=\"Heildarsafn var\u00f0veittra go\u00f0sagna um gu\u00f0i tiltekinnar menningar.\" tabindex=\"0\">Mythologie<\/span><\/em>; de Vries, <em>Altgermanische Religionsgeschichte<\/em>; N\u00e4sstr\u00f6m, <em>Freyja. The Great Goddess of the North<\/em> (grundvallarrit); Lindow, <em>Norse Mythology<\/em>; Davidson, <em>Roles of the Northern Goddess<\/em>.<\/p>\n<p>Me\u00f0al fornleifafr\u00e6\u00f0ilegra vitnisbur\u00f0a eru gullbrakteatur \u00far \u00fej\u00f3\u00f0flutningat\u00edmanum, sem s\u00fdna kvenlegar myndir me\u00f0 h\u00e1lsmen; \u00ed ranns\u00f3knum eru \u00fe\u00e6r af og til t\u00falka\u00f0ar sem myndir af Freyju, \u00fe\u00f3tt \u00f6ruggt s\u00e9 erfitt a\u00f0 fullyr\u00f0a um \u00fea\u00f0. A\u00f0 auki skr\u00e1ir \u00f6rnefnafr\u00e6\u00f0i \u00ed Skandinav\u00edu fj\u00f6lda Fr\u00f6- og Freys-nafna, sem eru talin til vitnisbur\u00f0ar um v\u00ed\u00f0t\u00e6ka forkristna d\u00fdrkun.<\/p>\t\t\t\t\t\t\t\t<\/div>\n\t\t\t\t\t<\/div>\n\t\t\t\t<\/div>\n\t\t\t\t<\/div>\n\t\t\t\t\t<\/div>\n\t\t\t\t<\/div>\n\t\t<div class=\"elementor-element elementor-element-3ae0637c e-flex e-con-boxed e-con e-parent\" data-id=\"3ae0637c\" data-element_type=\"container\" data-e-type=\"container\">\n\t\t\t\t\t<div class=\"e-con-inner\">\n\t\t\t\t<div class=\"elementor-element elementor-element-31d07739 elementor-widget elementor-widget-heading\" data-id=\"31d07739\" data-element_type=\"widget\" data-e-type=\"widget\" data-widget_type=\"heading.default\">\n\t\t\t\t\t<h2 class=\"elementor-heading-title elementor-size-default\">Nafn og afbrig\u00f0i<\/h2>\t\t\t\t<\/div>\n\t\t<div class=\"elementor-element elementor-element-b7642947 e-con-full e-flex e-con e-child\" data-id=\"b7642947\" data-element_type=\"container\" data-e-type=\"container\">\n\t\t\t\t<div class=\"elementor-element elementor-element-a086266 elementor-widget elementor-widget-text-editor\" data-id=\"a086266\" data-element_type=\"widget\" data-e-type=\"widget\" data-widget_type=\"text-editor.default\">\n\t\t\t\t\t\t\t\t\t<p>Freyja er \u00ed heimildum og listr\u00e6num hef\u00f0um l\u00fdst me\u00f0 \u00e1kve\u00f0num t\u00e1knmyndum sem endurtaka sig og haldast tilt\u00f6lulega st\u00f6\u00f0ugar yfir \u00e1ratugi og \u00ed mismunandi landsv\u00e6\u00f0um. \u00deessi einkenni eru ekki einungis skrautleg e\u00f0a handah\u00f3fskennd, heldur dj\u00fapt t\u00e1knr\u00e6n og bera mikla merkingu.<\/p><p>Einkenni Freyju eru greinilega nefnd \u00ed Eddu og hvert \u00feeirra hefur merkingu: h\u00e1lsmeni\u00f0 Br\u00edsingamen v\u00edsar til tengsla hennar vi\u00f0 fegur\u00f0, \u00e1st og frj\u00f3semi, valsfja\u00f0urhamurinn gerir henni kleift a\u00f0 skipta um mynd og flj\u00faga milli heima, og vagninn dregin af k\u00f6ttum er hennar fasta fer\u00f0aeinkenni.<\/p><p>A\u00f0 h\u00fan hlj\u00f3ti helming \u00feeirra fallinna sem h\u00fan tekur til F\u00f3lkvangs s\u00fdnir enn frekar hlutverk hennar var\u00f0andi dau\u00f0ann, samhli\u00f0a \u00d3\u00f0ni. \u00deeir sem \u00feekktu norr\u00e6nan kve\u00f0skap g\u00e1tu lesi\u00f0 \u00far \u00feessum einkennum st\u00f6\u00f0u og valdssvi\u00f0 gy\u00f0junnar samstundis; \u00feau eru var\u00f0veitt me\u00f0 samr\u00e6mdum h\u00e6tti \u00ed \u00f6llum heimildum.<\/p>\t\t\t\t\t\t\t\t<\/div>\n\t\t\t\t<\/div>\n\t\t\t\t\t<\/div>\n\t\t\t\t<\/div>\n\t\t<div class=\"elementor-element elementor-element-709a44a8 e-flex e-con-boxed e-con e-parent\" data-id=\"709a44a8\" data-element_type=\"container\" data-e-type=\"container\">\n\t\t\t\t\t<div class=\"e-con-inner\">\n\t\t\t\t<div class=\"elementor-element elementor-element-2f585873 elementor-widget elementor-widget-heading\" data-id=\"2f585873\" data-element_type=\"widget\" data-e-type=\"widget\" data-widget_type=\"heading.default\">\n\t\t\t\t\t<h2 class=\"elementor-heading-title elementor-size-default\">Einkenni<\/h2>\t\t\t\t<\/div>\n\t\t<div class=\"elementor-element elementor-element-70621c12 e-con-full e-flex e-con e-child\" data-id=\"70621c12\" data-element_type=\"container\" data-e-type=\"container\">\n\t\t\t\t<div class=\"elementor-element elementor-element-4296eb49 elementor-widget elementor-widget-text-editor\" data-id=\"4296eb49\" data-element_type=\"widget\" data-e-type=\"widget\" data-widget_type=\"text-editor.default\">\n\t\t\t\t\t\t\t\t\t<p>Freyja var mikilv\u00e6g \u00ed tr\u00faarlegri i\u00f0kun, hversdagslegum si\u00f0um og almennum skilningi germanskra \u00fej\u00f3\u00f0a. Menn sneru s\u00e9r til \u00feessarar veru \u00e1 erfi\u00f0um e\u00f0a tilteknum t\u00edmapunktum l\u00edfsins e\u00f0a \u00e1 \u00e1kve\u00f0num \u00e1rst\u00ed\u00f0um tengdum tr\u00faarlegum si\u00f0um, me\u00f0 skipul\u00f6g\u00f0um, oft umfangsmiklum ath\u00f6fnum, b\u00e6num e\u00f0a f\u00f3rnargj\u00f6fum.<\/p><p>Sei\u00f0urinn sem tengist Freyju var skipul\u00f6g\u00f0 list me\u00f0 eigin s\u00e9rfr\u00e6\u00f0ingum: v\u00f6lvan, farandv\u00f6lva me\u00f0 staf og fastan athafnaferil, framkv\u00e6mdi hann, og samkv\u00e6mt Eddu var \u00fea\u00f0 Freyja sj\u00e1lf sem kenndi \u00c1sunum \u00feessa i\u00f0kun. S\u00e1 sem stunda\u00f0i sei\u00f0 fylgdi l\u00e6r\u00f0um ferlum, kve\u00f0skap og hlutverkareglum, ekki frj\u00e1lsri spuna.<\/p><p>\u00c1kall til Freyju haf\u00f0i mismunandi tilgang eftir a\u00f0st\u00e6\u00f0um: menn sneru s\u00e9r til hennar \u00ed \u00e1starm\u00e1lum og barna\u00f3sk, sei\u00f0urinn sem eigna\u00f0ur er henni \u00fej\u00f3na\u00f0i \u00fev\u00ed a\u00f0 kanna og hafa \u00e1hrif \u00e1 \u00f6rl\u00f6g, og sem h\u00fasfreyja F\u00f3lkvangs t\u00f3k h\u00fan \u00e1 m\u00f3ti helmingi hinna fallnu, og st\u00f3\u00f0 \u00feannig einnig \u00e1 m\u00f6rkum l\u00edfs og dau\u00f0a.<\/p><p>A\u00f0 \u00f6rnefni \u00ed Skandinav\u00edu bera nafn hennar bendir til \u00feess a\u00f0 d\u00fdrkun hennar hafi veri\u00f0 talin \u00e1hrifar\u00edk og veri\u00f0 haldin uppi um langan t\u00edma.<\/p><h3>\u00c1s\u00fdnd og t\u00e1knm\u00e1l<\/h3><p>Freyja er s\u00fdnd me\u00f0 gullh\u00e1lsmeninu Br\u00edsingamen. H\u00fan ekur vagni sem kettir draga. Valsfja\u00f0urhamurinn gerir henni kleift a\u00f0 flj\u00faga \u00f3s\u00fdnileg. R\u00f3sin, vori\u00f0 og str\u00ed\u00f0skonan endurspegla margbreytileika hennar. Hafi\u00f0 heyrir til hennar \u00e1hrifasv\u00e6\u00f0is.<\/p>\t\t\t\t\t\t\t\t<\/div>\n\t\t\t\t<\/div>\n\t\t\t\t\t<\/div>\n\t\t\t\t<\/div>\n\t\t<div class=\"elementor-element elementor-element-44e71476 e-flex e-con-boxed e-con e-parent\" data-id=\"44e71476\" data-element_type=\"container\" data-e-type=\"container\">\n\t\t\t\t\t<div class=\"e-con-inner\">\n\t\t\t\t<div class=\"elementor-element elementor-element-3c1fc3f0 elementor-widget elementor-widget-heading\" data-id=\"3c1fc3f0\" data-element_type=\"widget\" data-e-type=\"widget\" data-widget_type=\"heading.default\">\n\t\t\t\t\t<div class=\"elementor-heading-title elementor-size-default\">Uppl\u00fdsingaspjald: Freyja<\/div>\t\t\t\t<\/div>\n\t\t<div class=\"elementor-element elementor-element-84f33b8e e-con-full e-flex e-con e-child\" data-id=\"84f33b8e\" data-element_type=\"container\" data-e-type=\"container\">\n\t\t\t\t<div class=\"elementor-element elementor-element-hqkdc67p elementor-widget elementor-widget-text-editor\" data-id=\"hqkdc67p\" data-element_type=\"widget\" data-e-type=\"widget\" data-widget_type=\"text-editor.default\">\n\t\t\t\t\t\t\t\t\t<p>Mikilv\u00e6gustu atri\u00f0in um Freyju \u00ed hnotskurn. Eftirfarandi reitir taka saman uppruna, hlutverk, \u00e1s\u00fdnd, d\u00fdrkun, t\u00e1kn og menningarlegar samsvaranir.<\/p>\t\t\t\t\t\t\t\t<\/div>\n\t\t\t\t<\/div>\n\t\t<div class=\"elementor-element elementor-element-pemmx7c5 e-con-full e-flex e-con e-child\" data-id=\"pemmx7c5\" data-element_type=\"container\" data-e-type=\"container\">\n\t\t<div class=\"elementor-element elementor-element-pemmx7c1 e-con-full e-flex e-con e-child\" data-id=\"pemmx7c1\" data-element_type=\"container\" data-e-type=\"container\">\n\t\t<div class=\"elementor-element elementor-element-qh9oavvu iwg-steckbrief-card e-flex e-con-boxed e-con e-child\" data-id=\"qh9oavvu\" data-element_type=\"container\" data-e-type=\"container\">\n\t\t\t\t\t<div class=\"e-con-inner\">\n\t\t\t\t<div class=\"elementor-element elementor-element-awzx8k2k elementor-widget elementor-widget-heading\" data-id=\"awzx8k2k\" data-element_type=\"widget\" data-e-type=\"widget\" data-widget_type=\"heading.default\">\n\t\t\t\t\t<h3 class=\"elementor-heading-title elementor-size-default\">Hef\u00f0<\/h3>\t\t\t\t<\/div>\n\t\t\t\t<div class=\"elementor-element elementor-element-x6rowhv0 elementor-widget elementor-widget-text-editor\" data-id=\"x6rowhv0\" data-element_type=\"widget\" data-e-type=\"widget\" data-widget_type=\"text-editor.default\">\n\t\t\t\t\t\t\t\t\t<p>Freyja er d\u00f3ttir <em>Nj\u00f6r\u00f0s<\/em> (sj\u00e1vargu\u00f0s) og systir hans (systir Nerthusar). Systir <em>Freys<\/em>, me\u00f0 honum myndar h\u00fan vanasystkinapar.<\/p><p>Eiginma\u00f0ur hennar er <em>\u00d3\u00f0ur<\/em> (\u00ed nokkrum heimildum samsama\u00f0ur \u00d3\u00f0ni), ma\u00f0ur hennar hverfur \u00ed endalausar fer\u00f0ir og Freyja leitar hans gr\u00e1tandi, t\u00e1r hennar ver\u00f0a a\u00f0 gulli. M\u00f3\u00f0ir d\u00f3tturinna <em>Hnossar<\/em> (&bdquo;skartgrip&ldquo;) og Gersemi (&bdquo;kj\u00f6rgrip&ldquo;). \u00cd <em>Hyndlulj\u00f3\u00f0um<\/em> er sagt fr\u00e1 sambandi hennar vi\u00f0 hinn dau\u00f0lega \u00d3ttar.<\/p>\t\t\t\t\t\t\t\t<\/div>\n\t\t\t\t\t<\/div>\n\t\t\t\t<\/div>\n\t\t<div class=\"elementor-element elementor-element-8e3o4kxs iwg-steckbrief-card e-flex e-con-boxed e-con e-child\" data-id=\"8e3o4kxs\" data-element_type=\"container\" data-e-type=\"container\">\n\t\t\t\t\t<div class=\"e-con-inner\">\n\t\t\t\t<div class=\"elementor-element elementor-element-08rkdgov elementor-widget elementor-widget-heading\" data-id=\"08rkdgov\" data-element_type=\"widget\" data-e-type=\"widget\" data-widget_type=\"heading.default\">\n\t\t\t\t\t<h3 class=\"elementor-heading-title elementor-size-default\">Verkunarsvi\u00f0<\/h3>\t\t\t\t<\/div>\n\t\t\t\t<div class=\"elementor-element elementor-element-uwjelx8s elementor-widget elementor-widget-text-editor\" data-id=\"uwjelx8s\" data-element_type=\"widget\" data-e-type=\"widget\" data-widget_type=\"text-editor.default\">\n\t\t\t\t\t\t\t\t\t<p>Gy\u00f0ja \u00e1star, fegur\u00f0ar, kynl\u00edfs og frj\u00f3semi. H\u00fan hefur einnig tv\u00f6falt hlutverk sem <em>str\u00ed\u00f0sgy\u00f0ja<\/em>: samkv\u00e6mt Snorra velur h\u00fan helming fallinna kappa til fylgdar sinnar \u00ed <em>F\u00f3lkvangi<\/em> (hinn helminginn f\u00e6r \u00d3\u00f0inn \u00ed Valh\u00f6ll), athyglisver\u00f0 stigveldisskipan sem gerir Freyju jafnsetta \u00d3\u00f0ni.<\/p><p>Verndargy\u00f0ja <em>sei\u00f0galdurs<\/em> (sjaman\u00edskrar, sp\u00e1d\u00f3mskenndrar dj\u00fapgaldurs sem h\u00fan kenndi \u00e1sunum). \u00cd pers\u00f3nulegri <span class=\"iwg-fachbegriff\" data-tooltip=\"Heildarsafn tr\u00faarlegra athafna til hei\u00f0urs gu\u00f0i e\u00f0a heilagri veru.\" tabindex=\"0\">d\u00fdrkun<\/span> var h\u00fan <span class=\"iwg-fachbegriff\" data-tooltip=\"A\u00f0 \u00e1kalla e\u00f0a s\u00e6ra fram gu\u00f0 e\u00f0a m\u00e1tt me\u00f0 b\u00e6n.\" tabindex=\"0\">\u00e1k\u00f6llu\u00f0<\/span> \u00ed \u00e1starm\u00e1lum, \u00ed nau\u00f0syn frj\u00f3semi og \u00ed herna\u00f0ar- og sei\u00f0galdursi\u00f0kun. \u00cd n\u00fat\u00edma \u00c1satr\u00fa er h\u00fan mi\u00f0l\u00e6g innv\u00edgslugy\u00f0ja kvenna.<\/p>\t\t\t\t\t\t\t\t<\/div>\n\t\t\t\t\t<\/div>\n\t\t\t\t<\/div>\n\t\t<div class=\"elementor-element elementor-element-jm2n74ec iwg-steckbrief-card e-flex e-con-boxed e-con e-child\" data-id=\"jm2n74ec\" data-element_type=\"container\" data-e-type=\"container\">\n\t\t\t\t\t<div class=\"e-con-inner\">\n\t\t\t\t<div class=\"elementor-element elementor-element-8vufse4c elementor-widget elementor-widget-heading\" data-id=\"8vufse4c\" data-element_type=\"widget\" data-e-type=\"widget\" data-widget_type=\"heading.default\">\n\t\t\t\t\t<h3 class=\"elementor-heading-title elementor-size-default\">Framsetning<\/h3>\t\t\t\t<\/div>\n\t\t\t\t<div class=\"elementor-element elementor-element-mwb9u015 elementor-widget elementor-widget-text-editor\" data-id=\"mwb9u015\" data-element_type=\"widget\" data-e-type=\"widget\" data-widget_type=\"text-editor.default\">\n\t\t\t\t\t\t\t\t\t<p>F\u00f6gur ung kona, oft s\u00fdnd \u00e6skuleg og er\u00f3t\u00edsk, greinilega \u00f3l\u00edk hinni matr\u00f3nulegu Frigg. Gulli\u00f0 h\u00e1r, margskipa\u00f0ur hir\u00f0kl\u00e6\u00f0na\u00f0ur, oft me\u00f0 herkl\u00e6\u00f0i undir (tv\u00f6falt hlutverk). <em>Br\u00edsingamen-h\u00e1lsmeni\u00f0<\/em> er h\u00f6fu\u00f0einkenni, \u00fatskori\u00f0 gullh\u00e1lsmen sem h\u00fan eigna\u00f0ist fr\u00e1 fj\u00f3rum dvergum (me\u00f0 kynl\u00edfi vi\u00f0 hvern \u00feeirra), ein af fr\u00e6gustu s\u00f6gum germanskrar <span class=\"iwg-fachbegriff\" data-tooltip=\"\u00d6ll var\u00f0veitt go\u00f0sagnas\u00f6gn menningarheims.\" tabindex=\"0\">go\u00f0afr\u00e6\u00f0i<\/span>. <em>Valsfja\u00f0urhamur<\/em> sem h\u00fan l\u00e1nar einnig Loka.<\/p><p>Ekur vagni sem <em>tveir st\u00f3rir kettir<\/em> draga (fr\u00e6gasta og einkennilegasta Freyju-<span class=\"iwg-fachbegriff\" data-tooltip=\"Merki sem t\u00e1knar hugmynd e\u00f0a merkingu \u00ed sta\u00f0inn fyrir hana.\" tabindex=\"0\">t\u00e1kn<\/span>). Oft l\u00edka me\u00f0 sver\u00f0 e\u00f0a galtarhj\u00e1lm.<\/p>\t\t\t\t\t\t\t\t<\/div>\n\t\t\t\t\t<\/div>\n\t\t\t\t<\/div>\n\t\t\t\t<\/div>\n\t\t<div class=\"elementor-element elementor-element-pemmx7c2 e-con-full e-flex e-con e-child\" data-id=\"pemmx7c2\" data-element_type=\"container\" data-e-type=\"container\">\n\t\t<div class=\"elementor-element elementor-element-37ss2yr6 iwg-steckbrief-card e-flex e-con-boxed e-con e-child\" data-id=\"37ss2yr6\" data-element_type=\"container\" data-e-type=\"container\">\n\t\t\t\t\t<div class=\"e-con-inner\">\n\t\t\t\t<div class=\"elementor-element elementor-element-3v0wp3wx elementor-widget elementor-widget-heading\" data-id=\"3v0wp3wx\" data-element_type=\"widget\" data-e-type=\"widget\" data-widget_type=\"heading.default\">\n\t\t\t\t\t<h3 class=\"elementor-heading-title elementor-size-default\">\u00c1hrif Freyju<\/h3>\t\t\t\t<\/div>\n\t\t\t\t<div class=\"elementor-element elementor-element-w3247g2m elementor-widget elementor-widget-text-editor\" data-id=\"w3247g2m\" data-element_type=\"widget\" data-e-type=\"widget\" data-widget_type=\"text-editor.default\">\n\t\t\t\t\t\t\t\t\t<p><strong>\u00c1hrifasvi\u00f0:<\/strong> \u00cd fornri germanskri \u00fej\u00f3\u00f0ard\u00fdrkun var Freyja \u00e1k\u00f6llu\u00f0 \u00ed \u00e1starm\u00e1lum og frj\u00f3semism\u00e1lum. <em>Sei\u00f0konur<\/em> (s\u00ed\u00f0ar <em>v\u00f6lvur<\/em>, forsp\u00e1ar konur) voru taldar fylgjendur hennar. \u00cd skandinav\u00edskri \u00fej\u00f3\u00f0tr\u00fa voru kettir taldir heil\u00f6g d\u00fdr hennar, \u00feess vegna var bannhelgi \u00e1 a\u00f0 mei\u00f0a k\u00f6tt.<\/p><p>\u00cd n\u00fat\u00edma <em>\u00c1satr\u00fa<\/em>-hef\u00f0 er h\u00fan h\u00f6fu\u00f0gy\u00f0ja kvennabl\u00f3tsamkoma (s\u00e9rstaklega \u00ed Vanatr\u00fa-greinum sem einbeita s\u00e9r a\u00f0 v\u00f6nunum). Heilagur vikudagur: f\u00f6studagur (\u00ed nokkrum hef\u00f0um deildur me\u00f0 Frigg; sumir fr\u00e6\u00f0imenn telja Frigg og Freyju upphaflega hafa veri\u00f0 s\u00f6mu veruna).<\/p>\t\t\t\t\t\t\t\t<\/div>\n\t\t\t\t\t<\/div>\n\t\t\t\t<\/div>\n\t\t<div class=\"elementor-element elementor-element-0qpjal9w iwg-steckbrief-card e-flex e-con-boxed e-con e-child\" data-id=\"0qpjal9w\" data-element_type=\"container\" data-e-type=\"container\">\n\t\t\t\t\t<div class=\"e-con-inner\">\n\t\t\t\t<div class=\"elementor-element elementor-element-6ndoih0o elementor-widget elementor-widget-heading\" data-id=\"6ndoih0o\" data-element_type=\"widget\" data-e-type=\"widget\" data-widget_type=\"heading.default\">\n\t\t\t\t\t<h3 class=\"elementor-heading-title elementor-size-default\">Varnarform<\/h3>\t\t\t\t<\/div>\n\t\t\t\t<div class=\"elementor-element elementor-element-6684tyh9 elementor-widget elementor-widget-text-editor\" data-id=\"6684tyh9\" data-element_type=\"widget\" data-e-type=\"widget\" data-widget_type=\"text-editor.default\">\n\t\t\t\t\t\t\t\t\t<p>Br\u00edsingamen-h\u00e1lsmeni\u00f0 (h\u00f6fu\u00f0einkenni, \u00fatskori\u00f0 gullh\u00e1lsmen), valsfja\u00f0urhamur, kattavagn (tveir st\u00f3rir kettir), sver\u00f0, galtarhj\u00e1lmur, t\u00e1r \u00far gulli (<span class=\"iwg-fachbegriff\" data-tooltip=\"Merki sem t\u00e1knar hugmynd e\u00f0a merkingu \u00ed sta\u00f0inn fyrir hana.\" tabindex=\"0\">t\u00e1kn<\/span> um leit hennar a\u00f0 \u00d3\u00f0). Heil\u00f6g d\u00fdr: k\u00f6ttur (s\u00e9rstaklega norr\u00e6ni sk\u00f3gark\u00f6ttur), g\u00f6ltur (h\u00fan r\u00ed\u00f0ur einnig gullbursta g\u00f6ltinum <em>Hildisv\u00edni<\/em>), f\u00e1lki. Heilagar pl\u00f6ntur: jar\u00f0arber, elri, f\u00edfill (\u00fej\u00f3\u00f0tr\u00faarlegar &bdquo;Freyju-pl\u00f6ntur&ldquo;), gaukssteinbrj\u00f3tur. Heilagur vikudagur: f\u00f6studagur.<\/p>\t\t\t\t\t\t\t\t<\/div>\n\t\t\t\t\t<\/div>\n\t\t\t\t<\/div>\n\t\t<div class=\"elementor-element elementor-element-3lfi7x32 iwg-steckbrief-card e-flex e-con-boxed e-con e-child\" data-id=\"3lfi7x32\" data-element_type=\"container\" data-e-type=\"container\">\n\t\t\t\t\t<div class=\"e-con-inner\">\n\t\t\t\t<div class=\"elementor-element elementor-element-0kg99ga1 elementor-widget elementor-widget-heading\" data-id=\"0kg99ga1\" data-element_type=\"widget\" data-e-type=\"widget\" data-widget_type=\"heading.default\">\n\t\t\t\t\t<h3 class=\"elementor-heading-title elementor-size-default\">Hli\u00f0st\u00e6\u00f0ur<\/h3>\t\t\t\t<\/div>\n\t\t\t\t<div class=\"elementor-element elementor-element-n0fum6kp elementor-widget elementor-widget-text-editor\" data-id=\"n0fum6kp\" data-element_type=\"widget\" data-e-type=\"widget\" data-widget_type=\"text-editor.default\">\n\t\t\t\t\t\t\t\t\t<p><em>Frigg<\/em> (germanskt, n\u00e1skyld e\u00f0a kannski upphaflega sama gy\u00f0ja), <em>Afr\u00f3d\u00edta<\/em> (Grikkland, gy\u00f0ja \u00e1starinnar), <em>Venus<\/em> (R\u00f3m), <em>Inanna\/Ishtar<\/em> (Mes\u00f3p\u00f3tam\u00eda, \u00e1st og str\u00ed\u00f0 \u00ed einni mynd, sl\u00e1andi l\u00edk Freyju), <em>Astarte<\/em> (F\u00f6nik\u00eda), <em>Hathor<\/em> (Egyptaland), <em>Lakshmi<\/em> (hind\u00faasi\u00f0ur), <em>Erzulie Freda<\/em> (Vodou). Hlutverkslega deila allar tv\u00ede\u00f0lisgy\u00f0jur \u00e1star og str\u00ed\u00f0s einkennum me\u00f0 Freyju. \u00cd germanska <span class=\"iwg-fachbegriff\" data-tooltip=\"Heild gu\u00f0anna innan tr\u00faarbrag\u00f0a e\u00f0a menningar.\" tabindex=\"0\">go\u00f0aveldinu<\/span> er h\u00fan, n\u00e6st \u00d3\u00f0ni, mikilv\u00e6gasta <span class=\"iwg-fachbegriff\" data-tooltip=\"Vera sem d\u00fdrku\u00f0 er sem gu\u00f0leg innan tr\u00faarbrag\u00f0a.\" tabindex=\"0\">go\u00f0i\u00f0<\/span> yfirleitt.<\/p>\n<p>\u00cd hinni engilsaxnesku hef\u00f0 er engin bein hli\u00f0st\u00e6\u00f0a Freyju var\u00f0veitt, en vikudagsheiti\u00f0 f\u00f6studagur (fornengilsaxneska <em>fr\u012bged\u00e6g<\/em>) er raki\u00f0 til gy\u00f0ju sem nefndist Frige. Fr\u00e6\u00f0imenn deila um hvort Frige, Frigg og Freyja s\u00e9u sprottnar af sameiginlegri eldri gy\u00f0jumynd e\u00f0a hafi alltaf veri\u00f0 a\u00f0skildar gy\u00f0jur. Britt-Mari N\u00e4sstr\u00f6m hefur haldi\u00f0 fram \u00feeirri kenningu a\u00f0 \u00f6ll \u00ferj\u00fa s\u00e9u upphaflega sama vera, en s\u00fa kenning er umdeild og hafna\u00f0 af \u00f6\u00f0rum fr\u00e6\u00f0im\u00f6nnum.<\/p>\t\t\t\t\t\t\t\t<\/div>\n\t\t\t\t\t<\/div>\n\t\t\t\t<\/div>\n\t\t\t\t<\/div>\n\t\t\t\t<\/div>\n\t\t\t\t\t<\/div>\n\t\t\t\t<\/div>\n\t\t<div class=\"elementor-element elementor-element-5a584676 e-flex e-con-boxed e-con e-parent\" data-id=\"5a584676\" data-element_type=\"container\" data-e-type=\"container\">\n\t\t\t\t\t<div class=\"e-con-inner\">\n\t\t\t\t<div class=\"elementor-element elementor-element-6d0757bf elementor-widget elementor-widget-heading\" data-id=\"6d0757bf\" data-element_type=\"widget\" data-e-type=\"widget\" data-widget_type=\"heading.default\">\n\t\t\t\t\t<h2 class=\"elementor-heading-title elementor-size-default\">Freyja, hli\u00f0st\u00e6\u00f0ur \u00ed \u00f6\u00f0rum menningarheimum<\/h2>\t\t\t\t<\/div>\n\t\t<div class=\"elementor-element elementor-element-60563f68 e-con-full e-flex e-con e-child\" data-id=\"60563f68\" data-element_type=\"container\" data-e-type=\"container\">\n\t\t\t\t<div class=\"elementor-element elementor-element-5a93fdd6 elementor-widget elementor-widget-text-editor\" data-id=\"5a93fdd6\" data-element_type=\"widget\" data-e-type=\"widget\" data-widget_type=\"text-editor.default\">\n\t\t\t\t\t\t\t\t\t<p>Freyja deilir einkennum me\u00f0 In\u00f6nnu, Afr\u00f3d\u00edtu og Devi-Shakti hef\u00f0inni, fj\u00f6l\u00fe\u00e6ttu hlutverki \u00e1star, str\u00ed\u00f0s og <span class=\"iwg-fachbegriff\" data-tooltip=\"Athafnir sem \u00e6tla\u00f0 er a\u00f0 hafa \u00e1hrif \u00e1 atbur\u00f0ar\u00e1s me\u00f0 s\u00e9rst\u00f6kum gj\u00f6r\u00f0um e\u00f0a form\u00falum.\" tabindex=\"0\">galdurs<\/span>, sem er einstaklega sam\u00fe\u00e9tt \u00ed germ\u00f6nsk-norr\u00e6nu <span class=\"iwg-fachbegriff\" data-tooltip=\"Heild gu\u00f0anna innan tr\u00faarbrag\u00f0a e\u00f0a menningar.\" tabindex=\"0\">go\u00f0aveldinu<\/span>. \u00d3l\u00edkt hreinum \u00e1stargy\u00f0jum annarra menningarheima r\u00e6\u00f0ur Freyja yfir eigin her og \u00e1 \u00ed sei\u00f0num s\u00edna eigin galdrahef\u00f0.<\/p>\n<p><strong>Hef\u00f0 Gy\u00f0inga:<\/strong> Lilith og a\u00f0rar dj\u00f6fullegar e\u00f0a t\u00f6frandi kvenpers\u00f3nur deila me\u00f0 Freyju einkennum kynfer\u00f0islegs sj\u00e1lfst\u00e6\u00f0is, galdrah\u00e6fni og \u00f3h\u00e1\u00f0ni fr\u00e1 hinu fe\u00f0urveldislega <span class=\"iwg-fachbegriff\" data-tooltip=\"Heild gu\u00f0anna innan tr\u00faarbrag\u00f0a e\u00f0a menningar.\" tabindex=\"0\">go\u00f0aveldi<\/span>, menningarlega andst\u00e6\u00f0ar en byggingarlega l\u00edkar \u00ed uppreisn sinni.<\/p><p><strong>Gr\u00edsk-r\u00f3mverski heimurinn:<\/strong> Afr\u00f3d\u00edta og Venus samsvara Freyju \u00ed \u00e1st og skynsemi, en Athena samsvarar hinni str\u00ed\u00f0slegu hli\u00f0. Engin gr\u00edsk gy\u00f0ja sameinar b\u00e1\u00f0ar hli\u00f0ar eins og Freyja.<\/p><p><strong>Slavnesk hef\u00f0:<\/strong> Freyja og slavneskar \u00e1stargy\u00f0jur eins og Mokosch e\u00f0a Stentatsia s\u00fdna hli\u00f0st\u00e6\u00f0ur \u00ed frj\u00f3semi, heimilisl\u00edfi og kvenlegum <span class=\"iwg-fachbegriff\" data-tooltip=\"Athafnir sem \u00e6tla\u00f0 er a\u00f0 hafa \u00e1hrif \u00e1 atbur\u00f0ar\u00e1s me\u00f0 s\u00e9rst\u00f6kum gj\u00f6r\u00f0um e\u00f0a form\u00falum.\" tabindex=\"0\">galdri<\/span>. B\u00e1\u00f0ar hef\u00f0ir var\u00f0veita hina ind\u00f3evr\u00f3psku tv\u00ede\u00f0lisgy\u00f0ju (h\u00fasfreyja og bardagakona).<\/p><p><strong>Hind\u00faasi\u00f0ur:<\/strong> Lakshmi og Durga birta \u00e1 svipa\u00f0an h\u00e1tt vels\u00e6ld\/skynsemi og str\u00ed\u00f0slegan kraft, \u00fear sem Durga sem Shakti samr\u00e6mist einnig bardagahlutverki Freyju.<\/p>\n<p>\u00cd samanbur\u00f0arranns\u00f3knum \u00e1 ind\u00f3evr\u00f3pskum tr\u00faarbr\u00f6g\u00f0um hefur Georges Dum\u00e9zil t\u00falka\u00f0 Freyju sem d\u00e6mi um \u00feri\u00f0ju af \u00feremur grunnhlutverkum ind\u00f3evr\u00f3pskra samf\u00e9laga, hlutverk frj\u00f3semi, veraldlegs au\u00f0s og fj\u00f6lgunar. Vanirnir \u00ed heild eru \u00ed \u00feessum t\u00falkunarramma taldir gu\u00f0ir \u00feessa \u00feri\u00f0ja hlutverks, me\u00f0an \u00c6sirnir birta fyrst og fremst fyrsta (drottnun) og anna\u00f0 (herna\u00f0ur) hlutverki\u00f0.<\/p>\t\t\t\t\t\t\t\t<\/div>\n\t\t\t\t<\/div>\n\t\t\t\t\t<\/div>\n\t\t\t\t<\/div>\n\t\t<div class=\"elementor-element elementor-element-cp34382c3 e-flex e-con-boxed e-con e-parent\" data-id=\"cp34382c3\" data-element_type=\"container\" data-e-type=\"container\">\n\t\t\t\t\t<div class=\"e-con-inner\">\n\t\t\t\t<div class=\"elementor-element elementor-element-cpc1c652b elementor-widget elementor-widget-heading\" data-id=\"cpc1c652b\" data-element_type=\"widget\" data-e-type=\"widget\" data-widget_type=\"heading.default\">\n\t\t\t\t\t<h2 class=\"elementor-heading-title elementor-size-default\">Heimildirnar: Snorri, Lj\u00f3\u00f0aeddan og vandinn vi\u00f0 hina s\u00ed\u00f0b\u00fanu var\u00f0veislu<\/h2>\t\t\t\t<\/div>\n\t\t<div class=\"elementor-element elementor-element-cp2297e66 e-con-full e-flex e-con e-child\" data-id=\"cp2297e66\" data-element_type=\"container\" data-e-type=\"container\">\n\t\t\t\t<div class=\"elementor-element elementor-element-cp05b5ca9 elementor-widget elementor-widget-text-editor\" data-id=\"cp05b5ca9\" data-element_type=\"widget\" data-e-type=\"widget\" data-widget_type=\"text-editor.default\">\n\t\t\t\t\t\t\t\t\t<p>\u00dea\u00f0 sem vi\u00f0 vitum um Freyju kemur n\u00e6r undantekningarlaust \u00far textum sem voru skrifa\u00f0ir ni\u00f0ur \u00e1 kristnu \u00cdslandi 13. aldar, \u00f6ldum eftir kristnit\u00f6ku \u00e1 Nor\u00f0url\u00f6ndum. Mikilv\u00e6gustu heimildirnar eru <em>Lj\u00f3\u00f0aeddan<\/em>, safn go\u00f0sagnalegra og hetjukv\u00e6\u00f0a, og <em>Snorra-Edda<\/em> Snorra Sturlusonar, handb\u00f3k \u00ed sk\u00e1ldskaparfr\u00e6\u00f0um sem setur go\u00f0sagnaefni\u00f0 fram \u00e1 kerfisbundinn h\u00e1tt.<\/p><p>Snorri fellir Freyju undir <em>Vani<\/em>, \u00fe\u00e1 go\u00f0a\u00e6tt sem er a\u00f0greind fr\u00e1 <em>\u00c1sum<\/em> og tengist \u00feeim eftir go\u00f0s\u00f6guna um str\u00ed\u00f0i\u00f0 milli \u00feessara tveggja h\u00f3pa.<\/p><p>Hann kallar hana \u00e1g\u00e6tustu gy\u00f0juna og eignar henni b\u00fasta\u00f0inn F\u00f3lkvang, \u00fear sem h\u00f6llin Sessr\u00famnir stendur. Vel kunn v\u00edsa segir a\u00f0 Freyja f\u00e1i helming \u00feeirra sem falla \u00e1 v\u00edgvellinum, me\u00f0an hinn helmingurinn kemur til \u00d3\u00f0ins \u00ed Valh\u00f6ll.<\/p><p>\u00deessi heimildasta\u00f0a krefst vark\u00e1rni \u00ed a\u00f0fer\u00f0. Snorri var vel mennta\u00f0ur kristinn ma\u00f0ur sem vildi setja hina fornu vitneskju \u00ed kerfi og var\u00f0veita hana fyrir sk\u00e1ldskapinn, en s\u00e1 hana einnig \u00ed lj\u00f3si eigin t\u00edma. \u00dear sem <em>Lj\u00f3\u00f0aeddan<\/em> og Snorri sty\u00f0ja hvor annan er <span class=\"iwg-fachbegriff\" data-tooltip=\"Mi\u00f0lun \u00feekkingar og fr\u00e1sagna milli kynsl\u00f3\u00f0a.\" tabindex=\"0\">var\u00f0veislan<\/span> nokku\u00f0 traust.<\/p><p>\u00dear sem Snorri stendur einn er \u00f3lj\u00f3st hvort hann mi\u00f0lar eldri vitneskju e\u00f0a b\u00e6tir kerfisbundi\u00f0 vi\u00f0 hana. Ranns\u00f3knir s\u00ed\u00f0ustu \u00e1ratuga, me\u00f0al annars verk Britt-Mari N\u00e4sstr\u00f6m s\u00e9rstaklega um Freyju, hafa \u00fev\u00ed lagt \u00e1herslu \u00e1 a\u00f0 hverja fullyr\u00f0ingu um gy\u00f0juna ver\u00f0i a\u00f0 rekja til heimildar hennar.<\/p>\n<p>\u00c1 sumum st\u00f6\u00f0um \u00ed heimildum kemur Sessr\u00famnir einnig fram sem nafn \u00e1 skipi, sem hefur leitt til huglei\u00f0inga um tengsl Freyju, skips og dau\u00f0ad\u00fdrkunar. Hilda Ellis Davidson hefur \u00ed <em>Gods and Myths of Northern Europe<\/em> (1964) haldi\u00f0 \u00fev\u00ed fram a\u00f0 tengsl Freyju vi\u00f0 dau\u00f0a og \u00f6rl\u00f6g hafi veri\u00f0 eldri og v\u00ed\u00f0t\u00e6kari en s\u00ed\u00f0ari b\u00f3kmenntahef\u00f0 s\u00fdnir, og a\u00f0 skiptingin \u00e1 f\u00f6llnum me\u00f0 \u00d3\u00f0ni endurspegli samruna vanalegra og \u00e1salegra hugmynda.<\/p>\t\t\t\t\t\t\t\t<\/div>\n\t\t\t\t<\/div>\n\t\t\t\t\t<\/div>\n\t\t\t\t<\/div>\n\t\t<div class=\"elementor-element elementor-element-cp7374b57 e-flex e-con-boxed e-con e-parent\" data-id=\"cp7374b57\" data-element_type=\"container\" data-e-type=\"container\">\n\t\t\t\t\t<div class=\"e-con-inner\">\n\t\t\t\t<div class=\"elementor-element elementor-element-cp4d63e8b elementor-widget elementor-widget-heading\" data-id=\"cp4d63e8b\" data-element_type=\"widget\" data-e-type=\"widget\" data-widget_type=\"heading.default\">\n\t\t\t\t\t<h2 class=\"elementor-heading-title elementor-size-default\">Br\u00edsingamen og deilan um kettina<\/h2>\t\t\t\t<\/div>\n\t\t<div class=\"elementor-element elementor-element-cp60a613c e-con-full e-flex e-con e-child\" data-id=\"cp60a613c\" data-element_type=\"container\" data-e-type=\"container\">\n\t\t\t\t<div class=\"elementor-element elementor-element-cp5b7a91b elementor-widget elementor-widget-text-editor\" data-id=\"cp5b7a91b\" data-element_type=\"widget\" data-e-type=\"widget\" data-widget_type=\"text-editor.default\">\n\t\t\t\t\t\t\t\t\t<p>Me\u00f0al fastra einkenna Freyju er h\u00e1lsmeni\u00f0 e\u00f0a skartgripurinn <em>Br\u00edsingamen<\/em>. Snorri nefnir \u00fea\u00f0, og hi\u00f0 engilsaxneska kv\u00e6\u00f0i <em>Beowulf<\/em> \u00feekkir svipa\u00f0an gimstein, <em>Brosinga mene<\/em>, sem bendir til \u00feess a\u00f0 hugmyndin hafi veri\u00f0 kunn v\u00ed\u00f0ar en a\u00f0eins \u00e1 Nor\u00f0url\u00f6ndum.<\/p><p>\u00cdtarleg fr\u00e1s\u00f6gn um \u00fea\u00f0 hvernig Freyja komst yfir Br\u00edsingamen er \u00fe\u00f3 a\u00f0eins var\u00f0veitt \u00ed seinni heimild, <em>S\u00f6rla \u00fe\u00e1ttr<\/em>, s\u00f6gu fr\u00e1 14. \u00f6ld, en gildi hennar fyrir tr\u00fa fyrir kristnit\u00f6ku er umdeilt.<\/p><p>\u00cd kv\u00e6\u00f0inu <em>\u00derymskvi\u00f0a<\/em> \u00far <em>Lj\u00f3\u00f0a-Eddu<\/em> kemur Br\u00edsingamen vi\u00f0 s\u00f6gu \u00feegar \u00de\u00f3r \u00e1 a\u00f0 dulb\u00faast sem Freyja til a\u00f0 endurheimta hamar sinn sem stoli\u00f0 var, og setur \u00fe\u00e1 einnig upp h\u00e1lsmen gy\u00f0junnar. Atri\u00f0i\u00f0 er k\u00f3m\u00edskt en s\u00fdnir jafnframt hversu n\u00e1i\u00f0 Br\u00edsingamen var tengt sj\u00e1lfsmynd Freyju.<\/p><p>Anna\u00f0 \u00feekkt einkenni er kattaeyki\u00f0 sem dregur vagn hennar. \u00deetta sm\u00e1atri\u00f0i byggist einnig a\u00f0 mestu \u00e1 heimild Snorra. Fr\u00e6\u00f0imenn hafa deilt um hva\u00f0a d\u00fdr var upphaflega \u00e1tt vi\u00f0, \u00fev\u00ed forn\u00edslenska or\u00f0i\u00f0 er ekki alltaf \u00f3yggjandi, og einnig hefur veri\u00f0 lagt til a\u00f0 um st\u00e6rri kattard\u00fdr e\u00f0a \u00f6nnur d\u00fdr hafi veri\u00f0 a\u00f0 r\u00e6\u00f0a.<\/p><p>Sl\u00edkar umr\u00e6\u00f0ur s\u00fdna a\u00f0 jafnvel \u00fea\u00f0 sem vir\u00f0ist vera fastar &#8222;sta\u00f0reyndir&#8220; um Freyju byggjast oft \u00e1 t\u00falkun einstakra or\u00f0a. Auk \u00feess \u00e1 h\u00fan samkv\u00e6mt Snorra valsham sem gerir henni kleift a\u00f0 flj\u00faga, og g\u00f6ltinn Hildisv\u00edni.<\/p>\n<p>\u00cd <em>\u00derymskvi\u00f0u<\/em> \u00far <em>Lj\u00f3\u00f0a-Eddu<\/em> krefst j\u00f6tunninn \u00derymur Freyju sem br\u00fa\u00f0arkaups fyrir a\u00f0 skila hamri \u00de\u00f3rs. Freyja neitar me\u00f0 heift, og \u00ed kj\u00f6lfari\u00f0 er \u00de\u00f3r sendur kl\u00e6ddur kvenmannsf\u00f6tum og me\u00f0 Br\u00edsingamen sem br\u00fa\u00f0ur til \u00deryms. Atri\u00f0i\u00f0 s\u00fdnir hversu n\u00e1i\u00f0 Br\u00edsingamen var tengt sj\u00e1lfsmynd og vir\u00f0ingu Freyju, og gefur jafnframt til kynna a\u00f0 gy\u00f0jan var ekki \u00e1litin s\u00f6luvara heldur sj\u00e1lfst\u00e6\u00f0 st\u00e6r\u00f0 \u00ed go\u00f0aheiminum.<\/p>\t\t\t\t\t\t\t\t<\/div>\n\t\t\t\t<\/div>\n\t\t\t\t\t<\/div>\n\t\t\t\t<\/div>\n\t\t<div class=\"elementor-element elementor-element-cp2f361da e-flex e-con-boxed e-con e-parent\" data-id=\"cp2f361da\" data-element_type=\"container\" data-e-type=\"container\">\n\t\t\t\t\t<div class=\"e-con-inner\">\n\t\t\t\t<div class=\"elementor-element elementor-element-cp93ea821 elementor-widget elementor-widget-heading\" data-id=\"cp93ea821\" data-element_type=\"widget\" data-e-type=\"widget\" data-widget_type=\"heading.default\">\n\t\t\t\t\t<h2 class=\"elementor-heading-title elementor-size-default\">Freyja og sei\u00f0urinn: T\u00f6frar \u00e1 m\u00f6rkum kynhlutverka<\/h2>\t\t\t\t<\/div>\n\t\t<div class=\"elementor-element elementor-element-cp786ef96 e-con-full e-flex e-con e-child\" data-id=\"cp786ef96\" data-element_type=\"container\" data-e-type=\"container\">\n\t\t\t\t<div class=\"elementor-element elementor-element-cp169d5c6 elementor-widget elementor-widget-text-editor\" data-id=\"cp169d5c6\" data-element_type=\"widget\" data-e-type=\"widget\" data-widget_type=\"text-editor.default\">\n\t\t\t\t\t\t\t\t\t<p>S\u00e9rlega fr\u00f3\u00f0leg <span class=\"iwg-fachbegriff\" data-tooltip=\"Mi\u00f0lun \u00feekkingar og fr\u00e1sagna milli kynsl\u00f3\u00f0a.\" tabindex=\"0\">arfs\u00f6gn<\/span> \u00far tr\u00faarbrag\u00f0as\u00f6gulegu sj\u00f3narhorni tengir Freyju vi\u00f0 <em>sei\u00f0inn<\/em>, \u00e1kve\u00f0i\u00f0 form helgigaldurs. Snorri segir \u00ed <em>Ynglinga s\u00f6gu<\/em> a\u00f0 Freyja hafi kunna\u00f0 \u00feessa list og kennt hana \u00c1sunum, einkum \u00d3\u00f0ni. Samkv\u00e6mt heimildum var <em>sei\u00f0urinn<\/em> me\u00f0al annars nota\u00f0ur til <span class=\"iwg-fachbegriff\" data-tooltip=\"A\u00f0 r\u00e1\u00f0a \u00ed t\u00e1kn til a\u00f0 \u00feekkja hi\u00f0 dulda e\u00f0a komandi.\" tabindex=\"0\">sp\u00e1d\u00f3ma<\/span>, til a\u00f0 hafa \u00e1hrif \u00e1 g\u00e6fu og \u00f6rl\u00f6g, sem og til ska\u00f0legs <span class=\"iwg-fachbegriff\" data-tooltip=\"I\u00f0kun sem reynir a\u00f0 hafa \u00e1hrif \u00e1 gang m\u00e1la me\u00f0 s\u00e9rst\u00f6kum ath\u00f6fnum e\u00f0a form\u00falum.\" tabindex=\"0\">galdurs<\/span>.<\/p><p>Athyglisvert er a\u00f0 <em>sei\u00f0urinn<\/em> vir\u00f0ist \u00ed heimildunum tengdur \u00e1kve\u00f0nu kynjavandam\u00e1li. Nokkrir textar gefa til kynna a\u00f0 i\u00f0kun <em>sei\u00f0s<\/em> hafi \u00fe\u00f3tt \u00f3karlmannleg fyrir karlmenn, k\u00f6llu\u00f0 <em>ergi<\/em>.<\/p><p>\u00deegar \u00d3\u00f0inn i\u00f0kar <em>sei\u00f0inn<\/em> er honum \u00ed <em>Lokasennu<\/em> n\u00fai\u00f0 \u00fev\u00ed um nasir af Loka sem sk\u00f6mm. A\u00f0 listin komi fr\u00e1 gy\u00f0ju og s\u00e9 einkum stundu\u00f0 af konum fellur vel a\u00f0 \u00feessari mynd.<\/p><p>Freyja stendur \u00feannig \u00e1 mikilv\u00e6gum m\u00f3tum. H\u00fan tengir saman svi\u00f0 \u00e1star og frj\u00f3semi, sem yfirleitt eru henni eignu\u00f0, og vald yfir duldri \u00feekkingu og \u00f6rl\u00f6gum. \u00deessi tenging er engin \u00fevers\u00f6gn heldur fellur a\u00f0 mynstri sem einnig birtist hj\u00e1 \u00f6\u00f0rum vanagu\u00f0um: frj\u00f3semi og \u00f6rlagavald heyra saman, \u00fev\u00ed hvort tveggja sn\u00fdst um ver\u00f0andi og hnignun.<\/p><p>Fr\u00e6\u00f0imenn r\u00e6\u00f0a hvort \u00e1 bak vi\u00f0 Freyju standi eldri, \u00fatbreiddari \u00f6rlaga- og gr\u00f3\u00f0urgy\u00f0ja, en mynd hennar s\u00e9 einungis a\u00f0 hluta s\u00fdnileg \u00ed var\u00f0veittri <span class=\"iwg-fachbegriff\" data-tooltip=\"Heildarsafn var\u00f0veittra go\u00f0sagna innan menningar.\" tabindex=\"0\">go\u00f0afr\u00e6\u00f0i<\/span>. Heimildirnar leyfa ekki \u00f6ruggt svar, en tenging <em>sei\u00f0s<\/em>, herna\u00f0ar, \u00e1star og dau\u00f0a gerir Freyju a\u00f0 einni margslungnustu veru norr\u00e6na go\u00f0aheimsins.<\/p>\n<p><em>Eir\u00edks saga rau\u00f0a<\/em> veitir eina l\u00edflegustu l\u00fdsinguna \u00e1 sei\u00f0i\u00f0kun \u00ed \u00edslenskum sagnaritum: V\u00f6lva situr upphafin \u00e1 palli, er leidd \u00ed trans me\u00f0 s\u00f6ng og veitir sp\u00e1d\u00f3msleg sv\u00f6r. \u00deessi l\u00fdsing s\u00fdnir \u00feann helgisi\u00f0aramma sem sei\u00f0urinn var framkv\u00e6mdur \u00ed og sta\u00f0festir n\u00e1in tengsl trans, s\u00f6ngs og sp\u00e1d\u00f3ms. Neil Price hefur \u00ed ranns\u00f3knum s\u00ednum \u00e1 sei\u00f0 og norr\u00e6nni herna\u00f0arhugmyndafr\u00e6\u00f0i dregi\u00f0 fram \u00feessa i\u00f0kun sem mi\u00f0l\u00e6gan, lengi vanmetinn \u00fe\u00e1tt \u00ed fornnorr\u00e6nni tr\u00fa, og lagt jafnframt \u00e1herslu \u00e1 hlutverk Freyju sem upphaflegs kennara \u00feessarar listar.<\/p>\t\t\t\t\t\t\t\t<\/div>\n\t\t\t\t<\/div>\n\t\t\t\t\t<\/div>\n\t\t\t\t<\/div>\n\t\t<div class=\"elementor-element elementor-element-36dd7469 e-flex e-con-boxed e-con e-parent\" data-id=\"36dd7469\" data-element_type=\"container\" data-e-type=\"container\">\n\t\t\t\t\t<div class=\"e-con-inner\">\n\t\t\t\t<div class=\"elementor-element elementor-element-13760ab4 elementor-widget elementor-widget-heading\" data-id=\"13760ab4\" data-element_type=\"widget\" data-e-type=\"widget\" data-widget_type=\"heading.default\">\n\t\t\t\t\t<h2 class=\"elementor-heading-title elementor-size-default\">\u00cdtarefni og tenglar<\/h2>\t\t\t\t<\/div>\n\t\t<div class=\"elementor-element elementor-element-28c87796 e-con-full e-flex e-con e-child\" data-id=\"28c87796\" data-element_type=\"container\" data-e-type=\"container\">\n\t\t\t\t<div class=\"elementor-element elementor-element-5d6538df elementor-widget elementor-widget-text-editor\" data-id=\"5d6538df\" data-element_type=\"widget\" data-e-type=\"widget\" data-widget_type=\"text-editor.default\">\n\t\t\t\t\t\t\t\t\t<ul><li><a href=\"https:\/\/iwell-guard.com\/is\/?page_id=168713\">\u00d3\u00f0inn, deilir me\u00f0 henni f\u00f6llnum kappum<\/a><\/li><li><a href=\"https:\/\/iwell-guard.com\/is\/?page_id=168818\">Frigg, tengd germ\u00f6nsk gy\u00f0ja<\/a><\/li><li><a href=\"https:\/\/iwell-guard.com\/is\/?page_id=168880\">Afr\u00f3d\u00edta, gr\u00edsk hli\u00f0st\u00e6\u00f0a \u00e1stargy\u00f0junnar<\/a><\/li><li><a href=\"https:\/\/iwell-guard.com\/is\/?page_id=168614\">Germanskt, yfirlit yfir go\u00f0aheim<\/a><\/li><li><a href=\"https:\/\/iwell-guard.com\/is\/?page_id=168679\">Gu\u00f0ir, yfirlit yfir flokka<\/a><\/li><\/ul>\t\t\t\t\t\t\t\t<\/div>\n\t\t\t\t<\/div>\n\t\t\t\t\t<\/div>\n\t\t\t\t<\/div>\n\t\t<div class=\"elementor-element elementor-element-grl4kl40 e-flex e-con-boxed e-con e-parent\" data-id=\"grl4kl40\" data-element_type=\"container\" data-e-type=\"container\">\n\t\t\t\t\t<div class=\"e-con-inner\">\n\t\t\t\t<div class=\"elementor-element elementor-element-bzsbfrmh elementor-widget elementor-widget-heading\" data-id=\"bzsbfrmh\" data-element_type=\"widget\" data-e-type=\"widget\" data-widget_type=\"heading.default\">\n\t\t\t\t\t<h2 class=\"elementor-heading-title elementor-size-default\">Fr\u00e6\u00f0irit<\/h2>\t\t\t\t<\/div>\n\t\t<div class=\"elementor-element elementor-element-2c13224a e-con-full e-flex e-con e-child\" data-id=\"2c13224a\" data-element_type=\"container\" data-e-type=\"container\">\n\t\t\t\t<div class=\"elementor-element elementor-element-0eymh9ub elementor-widget elementor-widget-text-editor\" data-id=\"0eymh9ub\" data-element_type=\"widget\" data-e-type=\"widget\" data-widget_type=\"text-editor.default\">\n\t\t\t\t\t\t\t\t\t<footer class=\"iwg-literatur\" data-nosnippet=\"true\"><ul><li><span data-nosnippet>N\u00e4sstr\u00f6m, Britt-Mari: <em>Freyja. The Great Goddess of the North<\/em>. Lund 1995 (sta\u00f0alrit).<\/span><\/li><li><span data-nosnippet>Simek, Rudolf: <em>Lexikon der germanischen <span class=\"iwg-fachbegriff\" data-tooltip=\"Heildarsafn go\u00f0sagna og gu\u00f0afr\u00e1sagna \u00ed tiltekinni menningu.\" tabindex=\"0\">Mythologie<\/span><\/em>. Stuttgart 2006.<\/span><\/li><li><span data-nosnippet>de Vries, Jan: <em>Altgermanische Religionsgeschichte<\/em>. Berlin 1956\/57.<\/span><\/li><li><span data-nosnippet>Lindow, John: <em>Norse Mythology. A Guide to the Gods, Heroes, Rituals, and Beliefs<\/em>. Oxford 2001.<\/span><\/li><li><span data-nosnippet>Davidson, Hilda Ellis: <em>Roles of the Northern Goddess<\/em>. London 1998.<\/span><\/li><li>Snorri Sturluson: <em>Snorra-Edda<\/em> (fj\u00f6lmargar \u00fe\u00fd\u00f0ingar).<\/li><li>Walde, Christine (Hg.): <em>Der Neue Pauly<\/em> (uppfletting \u201eFreyja&#8220;).<\/li><li><span data-nosnippet>Davidson, Hilda Ellis: <em>Gods and Myths of Northern Europe<\/em>. London 1964.<\/span><\/li><li><span data-nosnippet>Brink, Stefan; Hultg\u00e5rd, Anders: Framlag um Freyju-arfs\u00f6gn \u00ed: <em>Old Norse Religion in Long-Term Perspectives<\/em>. Lund 2006.<\/span><\/li><li><span data-nosnippet>\u00c1sd\u00edsard\u00f3ttir, Ingunn: <em>Frigg og Freyja<\/em>. Reykjav\u00edk 2007.<\/span><\/li><\/ul><\/footer>\t\t\t\t\t\t\t\t<\/div>\n\t\t\t\t<\/div>\n\t\t\t\t\t<\/div>\n\t\t\t\t<\/div>\n\t\t\t\t<section class=\"elementor-section elementor-top-section elementor-element elementor-element-wv-freyja-faq elementor-section-boxed elementor-section-height-default elementor-section-height-default\" data-id=\"wv-freyja-faq\" data-element_type=\"section\" data-e-type=\"section\">\n\t\t\t\t\t\t<div class=\"elementor-container elementor-column-gap-default\">\n\t\t\t\t\t<div class=\"elementor-column elementor-col-100 elementor-top-column elementor-element elementor-element-wv-freyja-faq-col\" data-id=\"wv-freyja-faq-col\" data-element_type=\"column\" data-e-type=\"column\">\n\t\t\t<div class=\"elementor-widget-wrap elementor-element-populated\">\n\t\t\t\t\t\t<div class=\"elementor-element elementor-element-wv-freyja-h elementor-widget elementor-widget-heading\" data-id=\"wv-freyja-h\" data-element_type=\"widget\" data-e-type=\"widget\" data-widget_type=\"heading.default\">\n\t\t\t\t\t<h2 class=\"elementor-heading-title elementor-size-default\">Algengar spurningar um Freyju<\/h2>\t\t\t\t<\/div>\n\t\t\t\t<div class=\"elementor-element elementor-element-wv-freyja-t elementor-widget elementor-widget-text-editor\" data-id=\"wv-freyja-t\" data-element_type=\"widget\" data-e-type=\"widget\" data-widget_type=\"text-editor.default\">\n\t\t\t\t\t\t\t\t\t\n<details class=\"iwg-faq-item\">\n  <summary><strong>Hver er Freyja?<\/strong><\/summary>\n  <p>Freyja (fornnorr\u00e6na Freyja, \u201eh\u00fasfreyja\u201c) er mikilv\u00e6gasta kvenkyns <span class=\"iwg-fachbegriff\" data-tooltip=\"Vera sem er tignu\u00f0 sem gu\u00f0leg innan tr\u00faarbrag\u00f0a.\" tabindex=\"0\">go\u00f0i\u00f0<\/span> \u00ed norr\u00e6nni <span class=\"iwg-fachbegriff\" data-tooltip=\"Heildarsafn \u00feeirra gu\u00f0asagna sem var\u00f0veist hafa fr\u00e1 menningu.\" tabindex=\"0\">go\u00f0afr\u00e6\u00f0i<\/span>. H\u00fan telst til vanagu\u00f0anna og er talin verndargo\u00f0 \u00e1star, frj\u00f3semi, \u00f6rlagavisku og sei\u00f0ar-<span class=\"iwg-fachbegriff\" data-tooltip=\"Athafnir sem \u00e6tla\u00f0 er a\u00f0 hafa \u00e1hrif \u00e1 atbur\u00f0ar\u00e1s me\u00f0 s\u00e9rst\u00f6kum verkum e\u00f0a form\u00falum.\" tabindex=\"0\">galdurs<\/span>. \u00cd henni tvinnast saman er\u00f3t\u00edskir, magna\u00f0ir og herna\u00f0arlegir \u00fe\u00e6ttir, sem gerir hana a\u00f0 einni margslungnustu veru germanskrar <span class=\"iwg-fachbegriff\" data-tooltip=\"Mi\u00f0lun \u00feekkingar og sagna milli kynsl\u00f3\u00f0a.\" tabindex=\"0\">arfleif\u00f0ar<\/span>.<\/p>\n<\/details>\n\n<details class=\"iwg-faq-item\">\n  <summary><strong>Hva\u00f0a hlutverki gegnir Freyja me\u00f0al vananna?<\/strong><\/summary>\n  <p>Freyja er af kyni vananna, hinni eldri go\u00f0afj\u00f6lskyldu sem var tekin inn \u00ed h\u00f3p \u00e1sanna eftir vanastr\u00ed\u00f0i\u00f0. H\u00fan er d\u00f3ttir Njar\u00f0ar og systir Freys og er talin \u00e6\u00f0sta gy\u00f0ja vananna. Snorri l\u00fdsir henni \u00ed Gylfaginningu sem n\u00e6stmikilv\u00e6gustu kvenkyns <span class=\"iwg-fachbegriff\" data-tooltip=\"Vera sem er tignu\u00f0 sem gu\u00f0leg innan tr\u00faarbrag\u00f0a.\" tabindex=\"0\">go\u00f0inu<\/span> \u00e1 eftir Frigg \u00ed norr\u00e6na go\u00f0aheiminum.<\/p>\n<\/details>\n\n<details class=\"iwg-faq-item\">\n  <summary><strong>Hva\u00f0 hefur Freyja a\u00f0 gera me\u00f0 \u00fe\u00e1 sem falla \u00ed str\u00ed\u00f0i?<\/strong><\/summary>\n  <p>Samkv\u00e6mt Gr\u00edmnism\u00e1lum og Gylfaginningu Snorra tekur Freyja \u00e1 m\u00f3ti helmingi \u00feeirra sem falla \u00ed bardaga \u00ed h\u00f6ll sinni F\u00f3lkvangi. Hinn helmingurinn fellur \u00d3\u00f0ni \u00ed skaut \u00ed Valh\u00f6ll. Hilda Ellis Davidson hefur haldi\u00f0 \u00fev\u00ed fram a\u00f0 tengsl Freyju vi\u00f0 dau\u00f0a og \u00f6rl\u00f6g hafi veri\u00f0 eldri og umfangsmeiri en s\u00ed\u00f0ari b\u00f3kmenntahef\u00f0 s\u00fdnir. \u00deannig sameinar h\u00fan hlutverk sem annars vir\u00f0ast dreif\u00f0 \u00e1 fleiri go\u00f0.<\/p>\n<\/details>\n\n<details class=\"iwg-faq-item\">\n  <summary><strong>Hvernig er heimildasta\u00f0an var\u00f0andi Freyju?<\/strong><\/summary>\n  <p>Helstu rita\u00f0ar heimildir eru fr\u00e1 13. \u00f6ld, \u00fear \u00e1 me\u00f0al Snorra-Edda, Lj\u00f3\u00f0a-Eddan og hi\u00f0 s\u00ed\u00f0ar var\u00f0veitta S\u00f6rla \u00fe\u00e1ttur. Textarnir endurspegla hina fornu tr\u00fa ekki \u00f3rofna, heldur \u00ed kristilega m\u00f3ta\u00f0ri skr\u00e1ningu. Fornleifafr\u00e6\u00f0ilegar <span class=\"iwg-fachbegriff\" data-tooltip=\"Mi\u00f0lun \u00feekkingar og sagna milli kynsl\u00f3\u00f0a.\" tabindex=\"0\">v\u00edsbendingar<\/span> eru f\u00e1t\u00e6klegri en um \u00d3\u00f0in e\u00f0a \u00de\u00f3r, og \u00fev\u00ed eru margar sta\u00f0h\u00e6fingar um Freyju enn umr\u00e6\u00f0uefni \u00ed fr\u00e6\u00f0ilegri ranns\u00f3kn.<\/p>\n<\/details>\n\t\t\t\t\t\t\t\t<\/div>\n\t\t\t\t<div class=\"elementor-element elementor-element-wv-freyja-s elementor-widget elementor-widget-html\" data-id=\"wv-freyja-s\" data-element_type=\"widget\" data-e-type=\"widget\" data-widget_type=\"html.default\">\n\t\t\t\t\t<script type=\"application\/ld+json\">{\"@context\": \"https:\/\/schema.org\", \"@type\": \"FAQPage\", \"mainEntity\": [{\"@type\": \"Question\", \"name\": \"Hver er Freyja?\", \"acceptedAnswer\": {\"@type\": \"Answer\", \"text\": \"Freyja (fornnorr\u00e6na Freyja, \u201eh\u00fasfreyja\u201c) er mikilv\u00e6gasta kvenkyns go\u00f0i\u00f0 \u00ed norr\u00e6nni go\u00f0afr\u00e6\u00f0i. H\u00fan telst til vanagu\u00f0anna og er talin verndargo\u00f0 \u00e1star, frj\u00f3semi, \u00f6rlagavisku og sei\u00f0argaldurs. \u00cd henni tvinnast saman er\u00f3t\u00edskir, magna\u00f0ir og herna\u00f0arlegir \u00fe\u00e6ttir, sem gerir hana a\u00f0 einni margslungnustu veru germanskrar arfleif\u00f0ar.\"}}, {\"@type\": \"Question\", \"name\": \"Hva\u00f0a hlutverki gegnir Freyja me\u00f0al vananna?\", \"acceptedAnswer\": {\"@type\": \"Answer\", \"text\": \"Freyja er af kyni vananna, hinni eldri go\u00f0afj\u00f6lskyldu sem var tekin inn \u00ed h\u00f3p \u00e1sanna eftir vanastr\u00ed\u00f0i\u00f0. H\u00fan er d\u00f3ttir Njar\u00f0ar og systir Freys og er talin \u00e6\u00f0sta gy\u00f0ja vananna. Snorri l\u00fdsir henni \u00ed Gylfaginningu sem n\u00e6stmikilv\u00e6gustu kvenkyns go\u00f0inu \u00e1 eftir Frigg \u00ed norr\u00e6na go\u00f0aheiminum.\"}}, {\"@type\": \"Question\", \"name\": \"Hva\u00f0 hefur Freyja a\u00f0 gera me\u00f0 \u00fe\u00e1 sem falla \u00ed str\u00ed\u00f0i?\", \"acceptedAnswer\": {\"@type\": \"Answer\", \"text\": \"Samkv\u00e6mt Gr\u00edmnism\u00e1lum og Gylfaginningu Snorra tekur Freyja \u00e1 m\u00f3ti helmingi \u00feeirra sem falla \u00ed bardaga \u00ed h\u00f6ll sinni F\u00f3lkvangi, me\u00f0an hinn helmingurinn fellur \u00d3\u00f0ni \u00ed skaut \u00ed Valh\u00f6ll. Hilda Ellis Davidson hefur haldi\u00f0 \u00fev\u00ed fram a\u00f0 tengsl Freyju vi\u00f0 dau\u00f0a og \u00f6rl\u00f6g hafi veri\u00f0 eldri og umfangsmeiri en s\u00ed\u00f0ari b\u00f3kmenntahef\u00f0 s\u00fdnir. \u00deannig sameinar h\u00fan hlutverk sem annars vir\u00f0ast dreif\u00f0 \u00e1 fleiri go\u00f0.\"}}, {\"@type\": \"Question\", \"name\": \"Hvernig er heimildasta\u00f0an var\u00f0andi Freyju?\", \"acceptedAnswer\": {\"@type\": \"Answer\", \"text\": \"Helstu rita\u00f0ar heimildir eru fr\u00e1 13. \u00f6ld, \u00fear \u00e1 me\u00f0al Snorra-Edda, Lj\u00f3\u00f0a-Eddan og hi\u00f0 s\u00ed\u00f0ar var\u00f0veitta S\u00f6rla \u00fe\u00e1ttur. Textarnir endurspegla hina fornu tr\u00fa ekki \u00f3rofna, heldur \u00ed kristilega m\u00f3ta\u00f0ri skr\u00e1ningu. Fornleifafr\u00e6\u00f0ilegar v\u00edsbendingar eru f\u00e1t\u00e6klegri en um \u00d3\u00f0in e\u00f0a \u00de\u00f3r, og \u00fev\u00ed eru margar sta\u00f0h\u00e6fingar um Freyju enn umr\u00e6\u00f0uefni \u00ed fr\u00e6\u00f0ilegri ranns\u00f3kn.\"}}]}<\/script>\t\t\t\t<\/div>\n\t\t\t\t\t<\/div>\n\t\t<\/div>\n\t\t\t\t\t<\/div>\n\t\t<\/section>\n\t\t\t\t<\/div>\n\t\t","protected":false},"excerpt":{"rendered":"","protected":false},"author":3,"featured_media":1571,"parent":0,"menu_order":0,"comment_status":"closed","ping_status":"closed","template":"elementor_header_footer","meta":{"_yoast_wpseo_focuskw":"Freyja","_yoast_wpseo_title":"Freyja - Gy\u00f0ja \u00e1star og frj\u00f3semi","_yoast_wpseo_metadesc":"Freyja, var\u00f0veitt um aldir \u00ed heimildum eins og Snorra-Eddu: vanagy\u00f0ja \u00e1star, frj\u00f3semi, str\u00ed\u00f0s og sei\u00f0magnar, drottning F\u00f3lkvangs.","_yoast_wpseo_meta-robots-noindex":"","_yoast_wpseo_canonical":"","_angie_page":false,"gefaehrdungsstufe":"2","wesen_kultur":"germanisch","wesen_klasse":"goetter","footnotes":""},"categories":[],"class_list":["post-168814","page","type-page","status-publish","has-post-thumbnail","hentry"],"yoast_head":"<!-- This site is optimized with the Yoast SEO Premium plugin v27.7 (Yoast SEO v28.3) - https:\/\/yoast.com\/product\/yoast-seo-premium-wordpress\/ -->\n<title>Freyja - Gy\u00f0ja \u00e1star og frj\u00f3semi<\/title>\n<meta name=\"description\" content=\"Freyja, var\u00f0veitt um aldir \u00ed heimildum eins og Snorra-Eddu: vanagy\u00f0ja \u00e1star, frj\u00f3semi, str\u00ed\u00f0s og sei\u00f0magnar, drottning F\u00f3lkvangs.\" \/>\n<meta name=\"robots\" content=\"index, follow, max-snippet:-1, max-image-preview:large, max-video-preview:-1\" \/>\n<link rel=\"canonical\" href=\"https:\/\/iwell-guard.com\/is\/freyja\/\" \/>\n<meta property=\"og:locale\" content=\"is_IS\" \/>\n<meta property=\"og:type\" content=\"article\" \/>\n<meta property=\"og:title\" content=\"Freyja\" \/>\n<meta property=\"og:description\" content=\"Freyja, var\u00f0veitt um aldir \u00ed heimildum eins og Snorra-Eddu: vanagy\u00f0ja \u00e1star, frj\u00f3semi, str\u00ed\u00f0s og sei\u00f0magnar, drottning F\u00f3lkvangs.\" \/>\n<meta property=\"og:url\" content=\"https:\/\/iwell-guard.com\/is\/freyja\/\" \/>\n<meta property=\"og:site_name\" content=\"iWell Guard\" \/>\n<meta property=\"article:modified_time\" content=\"2026-09-05T14:20:08+00:00\" \/>\n<meta property=\"og:image\" content=\"https:\/\/iwell-guard.com\/wp-content\/uploads\/2026\/04\/goetter_germanisch_freyja.webp\" \/>\n\t<meta property=\"og:image:width\" content=\"1024\" \/>\n\t<meta property=\"og:image:height\" content=\"1536\" \/>\n\t<meta property=\"og:image:type\" content=\"image\/webp\" \/>\n<meta name=\"twitter:card\" content=\"summary_large_image\" \/>\n<script type=\"application\/ld+json\" class=\"yoast-schema-graph\">{\"@context\":\"https:\\\/\\\/schema.org\",\"@graph\":[{\"@type\":\"WebPage\",\"@id\":\"https:\\\/\\\/iwell-guard.com\\\/is\\\/freyja\\\/\",\"url\":\"https:\\\/\\\/iwell-guard.com\\\/is\\\/freyja\\\/\",\"name\":\"Freyja - Gy\u00f0ja \u00e1star og frj\u00f3semi\",\"isPartOf\":{\"@id\":\"https:\\\/\\\/iwell-guard.com\\\/is\\\/#website\"},\"primaryImageOfPage\":{\"@id\":\"https:\\\/\\\/iwell-guard.com\\\/is\\\/freyja\\\/#primaryimage\"},\"image\":{\"@id\":\"https:\\\/\\\/iwell-guard.com\\\/is\\\/freyja\\\/#primaryimage\"},\"thumbnailUrl\":\"https:\\\/\\\/iwell-guard.com\\\/wp-content\\\/uploads\\\/2026\\\/04\\\/goetter_germanisch_freyja.webp\",\"datePublished\":\"2026-09-05T14:03:12+00:00\",\"dateModified\":\"2026-09-05T14:20:08+00:00\",\"description\":\"Freyja, var\u00f0veitt um aldir \u00ed heimildum eins og Snorra-Eddu: vanagy\u00f0ja \u00e1star, frj\u00f3semi, str\u00ed\u00f0s og sei\u00f0magnar, drottning F\u00f3lkvangs.\",\"breadcrumb\":{\"@id\":\"https:\\\/\\\/iwell-guard.com\\\/is\\\/freyja\\\/#breadcrumb\"},\"inLanguage\":\"is\",\"potentialAction\":[{\"@type\":\"ReadAction\",\"target\":[\"https:\\\/\\\/iwell-guard.com\\\/is\\\/freyja\\\/\"]}]},{\"@type\":\"ImageObject\",\"inLanguage\":\"is\",\"@id\":\"https:\\\/\\\/iwell-guard.com\\\/is\\\/freyja\\\/#primaryimage\",\"url\":\"https:\\\/\\\/iwell-guard.com\\\/wp-content\\\/uploads\\\/2026\\\/04\\\/goetter_germanisch_freyja.webp\",\"contentUrl\":\"https:\\\/\\\/iwell-guard.com\\\/wp-content\\\/uploads\\\/2026\\\/04\\\/goetter_germanisch_freyja.webp\",\"width\":1024,\"height\":1536,\"caption\":\"Gu\u00f0ir \u00far germanskri hef\u00f0.\"},{\"@type\":\"BreadcrumbList\",\"@id\":\"https:\\\/\\\/iwell-guard.com\\\/is\\\/freyja\\\/#breadcrumb\",\"itemListElement\":[{\"@type\":\"ListItem\",\"position\":1,\"name\":\"Start\",\"item\":\"https:\\\/\\\/iwell-guard.com\\\/is\\\/?page_id=168580\"},{\"@type\":\"ListItem\",\"position\":2,\"name\":\"Freyja\"}]},{\"@type\":\"WebSite\",\"@id\":\"https:\\\/\\\/iwell-guard.com\\\/is\\\/#website\",\"url\":\"https:\\\/\\\/iwell-guard.com\\\/is\\\/\",\"name\":\"iWell Guard\",\"description\":\"Schutz vor dunklen Einfl\u00fcssen\",\"publisher\":{\"@id\":\"https:\\\/\\\/iwell-guard.com\\\/is\\\/#organization\"},\"potentialAction\":[{\"@type\":\"SearchAction\",\"target\":{\"@type\":\"EntryPoint\",\"urlTemplate\":\"https:\\\/\\\/iwell-guard.com\\\/is\\\/?s={search_term_string}\"},\"query-input\":{\"@type\":\"PropertyValueSpecification\",\"valueRequired\":true,\"valueName\":\"search_term_string\"}}],\"inLanguage\":\"is\"},{\"@type\":\"Organization\",\"@id\":\"https:\\\/\\\/iwell-guard.com\\\/is\\\/#organization\",\"name\":\"Ittermann electronic GmbH\",\"url\":\"https:\\\/\\\/iwell-guard.com\\\/is\\\/\",\"logo\":{\"@type\":\"ImageObject\",\"inLanguage\":\"is\",\"@id\":\"https:\\\/\\\/iwell-guard.com\\\/is\\\/#\\\/schema\\\/logo\\\/image\\\/\",\"url\":\"https:\\\/\\\/iwell-guard.com\\\/wp-content\\\/uploads\\\/2026\\\/05\\\/Ittermann-Logo-1182x237-1.png\",\"contentUrl\":\"https:\\\/\\\/iwell-guard.com\\\/wp-content\\\/uploads\\\/2026\\\/05\\\/Ittermann-Logo-1182x237-1.png\",\"width\":1182,\"height\":237,\"caption\":\"Ittermann electronic GmbH\"},\"image\":{\"@id\":\"https:\\\/\\\/iwell-guard.com\\\/is\\\/#\\\/schema\\\/logo\\\/image\\\/\"},\"sameAs\":[\"https:\\\/\\\/pantip.com\\\/profile\\\/9367242\",\"https:\\\/\\\/micro.blog\\\/iwellguard\",\"https:\\\/\\\/www.diggerslist.com\\\/iwellguard\\\/about\",\"https:\\\/\\\/skitterphoto.com\\\/photographers\\\/2870314\\\/iwell-guard\",\"https:\\\/\\\/iwellguard.wordpress.com\\\/2026\\\/06\\\/06\\\/iwell-guard\\\/\",\"https:\\\/\\\/hub.docker.com\\\/u\\\/iwellguard\",\"https:\\\/\\\/www.pinterest.com\\\/iwellguard\\\/\",\"https:\\\/\\\/bit.ly\\\/m\\\/iwellguard\",\"https:\\\/\\\/entre-vos-mains.alsace.eu\\\/profiles\\\/iwellguard\\\/activity\",\"https:\\\/\\\/gravatar.com\\\/reallybeded8fd34\",\"https:\\\/\\\/naijamatta.com\\\/iwellguard\",\"https:\\\/\\\/www.goodreads.com\\\/iwellguard\",\"https:\\\/\\\/profile.hatena.ne.jp\\\/iwellguard\\\/\",\"https:\\\/\\\/experiment.com\\\/users\\\/iwellguard\",\"https:\\\/\\\/wakelet.com\\\/@iWellGuard82270\",\"https:\\\/\\\/www.chordie.com\\\/forum\\\/profile.php?id=2555664\",\"https:\\\/\\\/www.instapaper.com\\\/p\\\/17757966\",\"https:\\\/\\\/www.mapleprimes.com\\\/users\\\/iwellguard\",\"https:\\\/\\\/businesslistingplus.com\\\/profile\\\/iwell-guard\\\/\",\"https:\\\/\\\/telegra.ph\\\/iWell-Guard-06-06\",\"https:\\\/\\\/pbase.com\\\/iwellguard\\\/iwellguard\",\"https:\\\/\\\/b.hatena.ne.jp\\\/iwellguard\\\/20260607#bookmark-4788405196491818882\",\"https:\\\/\\\/fliphtml5.com\\\/home\\\/iwellguard\",\"https:\\\/\\\/anyflip.com\\\/homepage\\\/cmiwl#About\",\"https:\\\/\\\/transfur.com\\\/Users\\\/iwellguard\",\"http:\\\/\\\/delphi.larsbo.org\\\/user\\\/iwellguard\",\"https:\\\/\\\/jobs.lajobsportal.org\\\/profiles\\\/8380803-iwell-guard\",\"https:\\\/\\\/md.chaosdorf.de\\\/s\\\/jfbe5SBdJD\",\"https:\\\/\\\/www.lingvolive.com\\\/en-us\\\/profile\\\/9ecaeaca-ce11-4e51-9e71-01d55e2bff36\\\/translations\",\"https:\\\/\\\/www.fitday.com\\\/fitness\\\/forums\\\/members\\\/iwellguard.html\",\"https:\\\/\\\/www.mymeetbook.com\\\/iwellguard\",\"https:\\\/\\\/pxhere.com\\\/en\\\/photographer-me\\\/5040798\",\"https:\\\/\\\/disqus.com\\\/by\\\/iwellguard\\\/about\\\/\",\"https:\\\/\\\/pastelink.net\\\/hjwciqwq\",\"https:\\\/\\\/pubhtml5.com\\\/homepage\\\/scjhn\\\/\",\"https:\\\/\\\/www.bitchute.com\\\/channel\\\/2O2eOKzNqujT\",\"https:\\\/\\\/audiomack.com\\\/iwellguard\"]},{\"@type\":\"Article\",\"@id\":\"https:\\\/\\\/iwell-guard.com\\\/is\\\/freyja\\\/#article\",\"isPartOf\":{\"@id\":\"https:\\\/\\\/iwell-guard.com\\\/is\\\/freyja\\\/\"},\"author\":{\"name\":\"Ralf Ittermann\",\"@id\":\"https:\\\/\\\/iwell-guard.com\\\/is\\\/#\\\/schema\\\/person\\\/ee2a27f1cac3406c7c6fb5820cb7349f\"},\"headline\":\"Freyja\",\"datePublished\":\"2026-09-05T14:03:12+00:00\",\"dateModified\":\"2026-09-05T14:20:08+00:00\",\"mainEntityOfPage\":{\"@id\":\"https:\\\/\\\/iwell-guard.com\\\/is\\\/freyja\\\/\"},\"publisher\":{\"@id\":\"https:\\\/\\\/iwell-guard.com\\\/is\\\/#organization\"},\"image\":{\"@id\":\"https:\\\/\\\/iwell-guard.com\\\/is\\\/freyja\\\/#primaryimage\"},\"thumbnailUrl\":\"https:\\\/\\\/iwell-guard.com\\\/wp-content\\\/uploads\\\/2026\\\/04\\\/goetter_germanisch_freyja.webp\",\"inLanguage\":\"is\",\"description\":\"Freyja, var\u00f0veitt um aldir \u00ed heimildum eins og Snorra-Eddu: vanagy\u00f0ja \u00e1star, frj\u00f3semi, str\u00ed\u00f0s og sei\u00f0magnar, drottning F\u00f3lkvangs.\"}]}<\/script>\n<!-- \/ Yoast SEO Premium plugin. -->","yoast_head_json":{"title":"Freyja - Gy\u00f0ja \u00e1star og frj\u00f3semi","description":"Freyja, var\u00f0veitt um aldir \u00ed heimildum eins og Snorra-Eddu: vanagy\u00f0ja \u00e1star, frj\u00f3semi, str\u00ed\u00f0s og sei\u00f0magnar, drottning F\u00f3lkvangs.","robots":{"index":"index","follow":"follow","max-snippet":"max-snippet:-1","max-image-preview":"max-image-preview:large","max-video-preview":"max-video-preview:-1"},"canonical":"https:\/\/iwell-guard.com\/is\/freyja\/","og_locale":"is_IS","og_type":"article","og_title":"Freyja","og_description":"Freyja, var\u00f0veitt um aldir \u00ed heimildum eins og Snorra-Eddu: vanagy\u00f0ja \u00e1star, frj\u00f3semi, str\u00ed\u00f0s og sei\u00f0magnar, drottning F\u00f3lkvangs.","og_url":"https:\/\/iwell-guard.com\/is\/freyja\/","og_site_name":"iWell Guard","article_modified_time":"2026-09-05T14:20:08+00:00","og_image":[{"width":1024,"height":1536,"url":"https:\/\/iwell-guard.com\/wp-content\/uploads\/2026\/04\/goetter_germanisch_freyja.webp","type":"image\/webp"}],"twitter_card":"summary_large_image","schema":{"@context":"https:\/\/schema.org","@graph":[{"@type":"Article","@id":"https:\/\/iwell-guard.com\/is\/freyja\/#article","isPartOf":{"@id":"https:\/\/iwell-guard.com\/is\/freyja\/"},"author":{"name":"Ralf Ittermann","@id":"https:\/\/iwell-guard.com\/is\/#\/schema\/person\/ee2a27f1cac3406c7c6fb5820cb7349f"},"headline":"Freyja","datePublished":"2026-09-05T14:03:12+00:00","dateModified":"2026-09-05T14:20:08+00:00","mainEntityOfPage":{"@id":"https:\/\/iwell-guard.com\/is\/freyja\/"},"publisher":{"@id":"https:\/\/iwell-guard.com\/is\/#organization"},"image":{"@id":"https:\/\/iwell-guard.com\/is\/freyja\/#primaryimage"},"thumbnailUrl":"https:\/\/iwell-guard.com\/wp-content\/uploads\/2026\/04\/goetter_germanisch_freyja.webp","inLanguage":"is","description":"Freyja, var\u00f0veitt um aldir \u00ed heimildum eins og Snorra-Eddu: vanagy\u00f0ja \u00e1star, frj\u00f3semi, str\u00ed\u00f0s og sei\u00f0magnar, drottning F\u00f3lkvangs."},{"@type":"WebPage","@id":"https:\/\/iwell-guard.com\/is\/freyja\/","url":"https:\/\/iwell-guard.com\/is\/freyja\/","name":"Freyja - Gy\u00f0ja \u00e1star og frj\u00f3semi","isPartOf":{"@id":"https:\/\/iwell-guard.com\/is\/#website"},"primaryImageOfPage":{"@id":"https:\/\/iwell-guard.com\/is\/freyja\/#primaryimage"},"image":{"@id":"https:\/\/iwell-guard.com\/is\/freyja\/#primaryimage"},"thumbnailUrl":"https:\/\/iwell-guard.com\/wp-content\/uploads\/2026\/04\/goetter_germanisch_freyja.webp","datePublished":"2026-09-05T14:03:12+00:00","dateModified":"2026-09-05T14:20:08+00:00","description":"Freyja, var\u00f0veitt um aldir \u00ed heimildum eins og Snorra-Eddu: vanagy\u00f0ja \u00e1star, frj\u00f3semi, str\u00ed\u00f0s og sei\u00f0magnar, drottning F\u00f3lkvangs.","breadcrumb":{"@id":"https:\/\/iwell-guard.com\/is\/freyja\/#breadcrumb"},"inLanguage":"is","potentialAction":[{"@type":"ReadAction","target":["https:\/\/iwell-guard.com\/is\/freyja\/"]}]},{"@type":"ImageObject","inLanguage":"is","@id":"https:\/\/iwell-guard.com\/is\/freyja\/#primaryimage","url":"https:\/\/iwell-guard.com\/wp-content\/uploads\/2026\/04\/goetter_germanisch_freyja.webp","contentUrl":"https:\/\/iwell-guard.com\/wp-content\/uploads\/2026\/04\/goetter_germanisch_freyja.webp","width":1024,"height":1536,"caption":"Gu\u00f0ir \u00far germanskri hef\u00f0."},{"@type":"BreadcrumbList","@id":"https:\/\/iwell-guard.com\/is\/freyja\/#breadcrumb","itemListElement":[{"@type":"ListItem","position":1,"name":"Start","item":"https:\/\/iwell-guard.com\/is\/?page_id=168580"},{"@type":"ListItem","position":2,"name":"Freyja"}]},{"@type":"WebSite","@id":"https:\/\/iwell-guard.com\/is\/#website","url":"https:\/\/iwell-guard.com\/is\/","name":"iWell Guard","description":"Schutz vor dunklen Einfl\u00fcssen","publisher":{"@id":"https:\/\/iwell-guard.com\/is\/#organization"},"potentialAction":[{"@type":"SearchAction","target":{"@type":"EntryPoint","urlTemplate":"https:\/\/iwell-guard.com\/is\/?s={search_term_string}"},"query-input":{"@type":"PropertyValueSpecification","valueRequired":true,"valueName":"search_term_string"}}],"inLanguage":"is"},{"@type":"Organization","@id":"https:\/\/iwell-guard.com\/is\/#organization","name":"Ittermann electronic GmbH","url":"https:\/\/iwell-guard.com\/is\/","logo":{"@type":"ImageObject","inLanguage":"is","@id":"https:\/\/iwell-guard.com\/is\/#\/schema\/logo\/image\/","url":"https:\/\/iwell-guard.com\/wp-content\/uploads\/2026\/05\/Ittermann-Logo-1182x237-1.png","contentUrl":"https:\/\/iwell-guard.com\/wp-content\/uploads\/2026\/05\/Ittermann-Logo-1182x237-1.png","width":1182,"height":237,"caption":"Ittermann electronic GmbH"},"image":{"@id":"https:\/\/iwell-guard.com\/is\/#\/schema\/logo\/image\/"},"sameAs":["https:\/\/pantip.com\/profile\/9367242","https:\/\/micro.blog\/iwellguard","https:\/\/www.diggerslist.com\/iwellguard\/about","https:\/\/skitterphoto.com\/photographers\/2870314\/iwell-guard","https:\/\/iwellguard.wordpress.com\/2026\/06\/06\/iwell-guard\/","https:\/\/hub.docker.com\/u\/iwellguard","https:\/\/www.pinterest.com\/iwellguard\/","https:\/\/bit.ly\/m\/iwellguard","https:\/\/entre-vos-mains.alsace.eu\/profiles\/iwellguard\/activity","https:\/\/gravatar.com\/reallybeded8fd34","https:\/\/naijamatta.com\/iwellguard","https:\/\/www.goodreads.com\/iwellguard","https:\/\/profile.hatena.ne.jp\/iwellguard\/","https:\/\/experiment.com\/users\/iwellguard","https:\/\/wakelet.com\/@iWellGuard82270","https:\/\/www.chordie.com\/forum\/profile.php?id=2555664","https:\/\/www.instapaper.com\/p\/17757966","https:\/\/www.mapleprimes.com\/users\/iwellguard","https:\/\/businesslistingplus.com\/profile\/iwell-guard\/","https:\/\/telegra.ph\/iWell-Guard-06-06","https:\/\/pbase.com\/iwellguard\/iwellguard","https:\/\/b.hatena.ne.jp\/iwellguard\/20260607#bookmark-4788405196491818882","https:\/\/fliphtml5.com\/home\/iwellguard","https:\/\/anyflip.com\/homepage\/cmiwl#About","https:\/\/transfur.com\/Users\/iwellguard","http:\/\/delphi.larsbo.org\/user\/iwellguard","https:\/\/jobs.lajobsportal.org\/profiles\/8380803-iwell-guard","https:\/\/md.chaosdorf.de\/s\/jfbe5SBdJD","https:\/\/www.lingvolive.com\/en-us\/profile\/9ecaeaca-ce11-4e51-9e71-01d55e2bff36\/translations","https:\/\/www.fitday.com\/fitness\/forums\/members\/iwellguard.html","https:\/\/www.mymeetbook.com\/iwellguard","https:\/\/pxhere.com\/en\/photographer-me\/5040798","https:\/\/disqus.com\/by\/iwellguard\/about\/","https:\/\/pastelink.net\/hjwciqwq","https:\/\/pubhtml5.com\/homepage\/scjhn\/","https:\/\/www.bitchute.com\/channel\/2O2eOKzNqujT","https:\/\/audiomack.com\/iwellguard"]},{"@type":"Person","@id":"https:\/\/iwell-guard.com\/is\/#\/schema\/person\/ee2a27f1cac3406c7c6fb5820cb7349f","name":"Ralf Ittermann","image":{"@type":"ImageObject","inLanguage":"is","@id":"https:\/\/secure.gravatar.com\/avatar\/073c0153e350a5005b68eb752b445fea71f6b24a26da9449ad7e155e6b446c9d?s=96&d=mm&r=g","url":"https:\/\/secure.gravatar.com\/avatar\/073c0153e350a5005b68eb752b445fea71f6b24a26da9449ad7e155e6b446c9d?s=96&d=mm&r=g","contentUrl":"https:\/\/secure.gravatar.com\/avatar\/073c0153e350a5005b68eb752b445fea71f6b24a26da9449ad7e155e6b446c9d?s=96&d=mm&r=g","caption":"Ralf Ittermann"},"givenName":"Ralf","familyName":"Ittermann","jobTitle":"Gesch\u00e4ftsf\u00fchrer und redaktioneller Verantwortlicher","url":"https:\/\/iwell-guard.com\/is\/author\/claude\/","description":"Ralf Ittermann ist Gesch\u00e4ftsf\u00fchrer der Ittermann electronic GmbH und redaktioneller Verantwortlicher des iWell-Guard-Lexikons. Er verbindet langj\u00e4hrige Erfahrung in der Pr\u00e4zisionsfertigung mit medialer Praxis und religionsgeschichtlicher Quellenarbeit.","worksFor":{"@type":"Organization","name":"Ittermann electronic GmbH","url":"https:\/\/ittermann.de\/","address":{"@type":"PostalAddress","streetAddress":"K\u00f6hlergasse 16-18","postalCode":"99842","addressLocality":"Ruhla","addressCountry":"DE"}},"knowsAbout":["Religionsgeschichte","Mythologie","Mediale Praxis","Energetische Diagnostik","Schutzpraxis","Volksglauben","Westliche Esoterik"]},{"@type":"Article","@id":"https:\/\/iwell-guard.com\/is\/freyja\/#article","isPartOf":{"@id":"https:\/\/iwell-guard.com\/is\/freyja\/"},"author":{"name":"Ralf Ittermann","@id":"https:\/\/iwell-guard.com\/is\/#\/schema\/person\/ee2a27f1cac3406c7c6fb5820cb7349f"},"headline":"Freyja","datePublished":"2026-09-05T14:03:12+00:00","dateModified":"2026-09-05T14:20:08+00:00","mainEntityOfPage":{"@id":"https:\/\/iwell-guard.com\/is\/freyja\/"},"publisher":{"@id":"https:\/\/iwell-guard.com\/is\/#organization"},"image":{"@id":"https:\/\/iwell-guard.com\/is\/freyja\/#primaryimage"},"thumbnailUrl":"https:\/\/iwell-guard.com\/wp-content\/uploads\/2026\/04\/goetter_germanisch_freyja.webp","inLanguage":"is","description":"Freyja, var\u00f0veitt um aldir \u00ed heimildum eins og Snorra-Eddu: vanagy\u00f0ja \u00e1star, frj\u00f3semi, str\u00ed\u00f0s og sei\u00f0magnar, drottning F\u00f3lkvangs."}]}},"_links":{"self":[{"href":"https:\/\/iwell-guard.com\/is\/wp-json\/wp\/v2\/pages\/168814","targetHints":{"allow":["GET"]}}],"collection":[{"href":"https:\/\/iwell-guard.com\/is\/wp-json\/wp\/v2\/pages"}],"about":[{"href":"https:\/\/iwell-guard.com\/is\/wp-json\/wp\/v2\/types\/page"}],"author":[{"embeddable":true,"href":"https:\/\/iwell-guard.com\/is\/wp-json\/wp\/v2\/users\/3"}],"replies":[{"embeddable":true,"href":"https:\/\/iwell-guard.com\/is\/wp-json\/wp\/v2\/comments?post=168814"}],"version-history":[{"count":0,"href":"https:\/\/iwell-guard.com\/is\/wp-json\/wp\/v2\/pages\/168814\/revisions"}],"wp:featuredmedia":[{"embeddable":true,"href":"https:\/\/iwell-guard.com\/is\/wp-json\/wp\/v2\/media\/1571"}],"wp:attachment":[{"href":"https:\/\/iwell-guard.com\/is\/wp-json\/wp\/v2\/media?parent=168814"}],"wp:term":[{"taxonomy":"category","embeddable":true,"href":"https:\/\/iwell-guard.com\/is\/wp-json\/wp\/v2\/categories?post=168814"}],"curies":[{"name":"wp","href":"https:\/\/api.w.org\/{rel}","templated":true}]}}