{"id":168810,"date":"2026-09-05T14:03:10","date_gmt":"2026-09-05T14:03:10","guid":{"rendered":"https:\/\/iwell-guard.com\/?page_id=168810"},"modified":"2026-09-05T14:19:58","modified_gmt":"2026-09-05T14:19:58","slug":"amaterasu","status":"publish","type":"page","link":"https:\/\/iwell-guard.com\/is\/amaterasu\/","title":{"rendered":"Amaterasu"},"content":{"rendered":"\t\t<div data-elementor-type=\"wp-page\" data-elementor-id=\"168810\" class=\"elementor elementor-168810 elementor-2082 elementor-bc-flex-widget\" data-elementor-post-type=\"page\">\n\t\t\t\t<div class=\"elementor-element elementor-element-10fdade e-flex e-con-boxed e-con e-parent\" data-id=\"10fdade\" data-element_type=\"container\" data-e-type=\"container\" data-settings=\"{&quot;background_background&quot;:&quot;classic&quot;}\">\n\t\t\t\t\t<div class=\"e-con-inner\">\n\t\t<div class=\"elementor-element elementor-element-herohlft0 e-flex e-con-boxed e-con e-child\" data-id=\"herohlft0\" data-element_type=\"container\" data-e-type=\"container\">\n\t\t\t\t\t<div class=\"e-con-inner\">\n\t\t<div class=\"elementor-element elementor-element-c3ceb64 e-con-full e-flex e-con e-child\" data-id=\"c3ceb64\" data-element_type=\"container\" data-e-type=\"container\">\n\t\t\t\t<div class=\"elementor-element elementor-element-96ae5e1 elementor-widget elementor-widget-heading\" data-id=\"96ae5e1\" data-element_type=\"widget\" data-e-type=\"widget\" data-widget_type=\"heading.default\">\n\t\t\t\t\t<h1 class=\"elementor-heading-title elementor-size-default\">Amaterasu, gy\u00f0ja jap\u00f6nsku hef\u00f0arinnar<\/h1>\t\t\t\t<\/div>\n\t\t\t\t<div class=\"elementor-element elementor-element-e45238a elementor-widget elementor-widget-text-editor\" data-id=\"e45238a\" data-element_type=\"widget\" data-e-type=\"widget\" data-widget_type=\"text-editor.default\">\n\t\t\t\t\t\t\t\t\t<p><strong>S\u00f3larveldi, form\u00f3\u00f0ir keisarah\u00fassins, s\u00e1l Japans.<\/strong> Amaterasu \u014cmikami er mi\u00f0l\u00e6g gy\u00f0ja japansks shint\u014d, \u00edmynd s\u00f3larinnar sj\u00e1lfrar, \u00e6\u00f0sta <span class=\"iwg-fachbegriff\" data-tooltip=\"\u00cd jap\u00f6nskum shinto hin tignu\u00f0u andaverur og gu\u00f0legu m\u00e1ttarv\u00f6ld.\" tabindex=\"0\">kami<\/span> allra s\u00e9rtr\u00faarflokka. H\u00fan er ekki a\u00f0eins himintungl heldur hin l\u00f6gm\u00e6ta form\u00f3\u00f0ir keisarans, \u00feess vegna er a\u00f0gangur a\u00f0 hennar helstu helgist\u00f6\u00f0um mj\u00f6g takmarka\u00f0ur.<\/p><p>Ise-<span class=\"iwg-fachbegriff\" data-tooltip=\"L\u00edtill heilagur var\u00f0veislusta\u00f0ur e\u00f0a b\u00e6nasta\u00f0ur.\" tabindex=\"0\">hofi\u00f0<\/span>, helgasti sta\u00f0ur Japans, er einungis <span class=\"iwg-fachbegriff\" data-tooltip=\"Me\u00f0 tr\u00faarlegri ath\u00f6fn fali\u00f0 hinu heilaga og \u00fear me\u00f0 hafi\u00f0 yfir hversdagsleikann.\" tabindex=\"0\">helga\u00f0<\/span> d\u00fdrkun hennar. \u00cd Kojiki-<span class=\"iwg-fachbegriff\" data-tooltip=\"Hef\u00f0bundin fr\u00e1s\u00f6gn um gu\u00f0i, uppruna og skipan heimsins.\" tabindex=\"0\">go\u00f0s\u00f6gninni<\/span> felur Amaterasu sig \u00ed helli og steypir heiminum \u00ed myrkur, dramat\u00edsk mynd af \u00fev\u00ed hve alheimurinn er h\u00e1\u00f0ur hinu gu\u00f0lega lj\u00f3si.<\/p><p>Amaterasu er s\u00f3lardrottning Japans og form\u00f3\u00f0ir keisarah\u00fassins.<\/p><p>Amaterasu er gy\u00f0ja jap\u00f6nsku hef\u00f0arinnar og s\u00f3lardrottning <span class=\"iwg-fachbegriff\" data-tooltip=\"Hin frumbyggjatr\u00fa Japans, m\u00f3tu\u00f0 af tignun kami.\" tabindex=\"0\">shinto<\/span>-go\u00f0aheimsins.<\/p>\t\t\t\t\t\t\t\t<\/div>\n\t\t\t\t<\/div>\n\t\t<div class=\"elementor-element elementor-element-klsbdg01 e-con-full e-flex e-con e-parent\" data-id=\"klsbdg01\" data-element_type=\"container\" data-e-type=\"container\">\n\t\t\t\t<div class=\"elementor-element elementor-element-klshtm01 elementor-widget elementor-widget-html\" data-id=\"klshtm01\" data-element_type=\"widget\" data-e-type=\"widget\" data-widget_type=\"html.default\">\n\t\t\t\t\t<div class=\"iwg-pill-row\"><span class=\"iwg-klasse-badge\" tabindex=\"0\" data-tooltip=\"Gu\u00f0 \/ gy\u00f0ja: Pers\u00f3nuger\u00f0ur h\u00e6sti m\u00e1ttur \u00ed go\u00f0aheimi menningar, me\u00f0 sk\u00fdr hlutverk, n\u00e1tt\u00faru\u00f6fl, \u00f6rl\u00f6g, str\u00ed\u00f0, frj\u00f3semi. Tignu\u00f0 me\u00f0 s\u00e9rtr\u00faarflokkum, f\u00f3rnum og hofastofnunum.\">Gy\u00f0ja<\/span><a href=\"https:\/\/iwell-guard.com\/is\/?page_id=168659\" class=\"iwg-kultur-badge\" tabindex=\"0\" data-tooltip=\"Jap\u00f6nsk shinto-kami og b\u00fadd\u00edsk-yokai heimar.\">Japan<\/a><a href=\"https:\/\/iwell-guard.com\/is\/?page_id=168707\" class=\"iwg-tradition-badge\" tabindex=\"0\" data-tooltip=\"\u00c6\u00f0stu gu\u00f0ir go\u00f0aheims, alheimslegt yfirr\u00e1\u00f0avald, sk\u00f6punar- e\u00f0a valda\u00fe\u00e1ttur.\">\u00c6\u00f0ri gu\u00f0<\/a><\/div>\t\t\t\t<\/div>\n\t\t\t\t<\/div>\n\t\t<div class=\"elementor-element elementor-element-3f74855 e-con-full e-flex e-con e-child\" data-id=\"3f74855\" data-element_type=\"container\" data-e-type=\"container\">\n\t\t\t\t<div class=\"elementor-element elementor-element-1c30362 elementor-toc--minimized-on-tablet elementor-widget elementor-widget-table-of-contents\" data-id=\"1c30362\" data-element_type=\"widget\" data-e-type=\"widget\" data-settings=\"{&quot;exclude_headings_by_selector&quot;:[],&quot;no_headings_message&quot;:&quot;Engar undirfyrirsagnir fundust \\u00e1 \\u00feessari s\\u00ed\\u00f0u.&quot;,&quot;headings_by_tags&quot;:[&quot;h2&quot;,&quot;h3&quot;],&quot;marker_view&quot;:&quot;bullets&quot;,&quot;minimize_box&quot;:&quot;yes&quot;,&quot;icon&quot;:{&quot;value&quot;:&quot;fas fa-circle&quot;,&quot;library&quot;:&quot;fa-solid&quot;,&quot;rendered_tag&quot;:&quot;&lt;svg class=\\&quot;e-font-icon-svg e-fas-circle\\&quot; viewBox=\\&quot;0 0 512 512\\&quot; xmlns=\\&quot;http:\\\/\\\/www.w3.org\\\/2000\\\/svg\\&quot;&gt;&lt;path d=\\&quot;M256 8C119 8 8 119 8 256s111 248 248 248 248-111 248-248S393 8 256 8z\\&quot;&gt;&lt;\\\/path&gt;&lt;\\\/svg&gt;&quot;},&quot;minimized_on&quot;:&quot;tablet&quot;,&quot;hierarchical_view&quot;:&quot;yes&quot;,&quot;min_height&quot;:{&quot;unit&quot;:&quot;px&quot;,&quot;size&quot;:&quot;&quot;,&quot;sizes&quot;:[]},&quot;min_height_tablet&quot;:{&quot;unit&quot;:&quot;px&quot;,&quot;size&quot;:&quot;&quot;,&quot;sizes&quot;:[]},&quot;min_height_mobile&quot;:{&quot;unit&quot;:&quot;px&quot;,&quot;size&quot;:&quot;&quot;,&quot;sizes&quot;:[]}}\" data-widget_type=\"table-of-contents.default\">\n\t\t\t\t\t\t\t\t\t<div class=\"elementor-toc__header\">\n\t\t\t\t\t\t<h2 class=\"elementor-toc__header-title\">\n\t\t\t\tEfnisyfirlit\t\t\t<\/h2>\n\t\t\t\t\t\t\t\t\t\t<div class=\"elementor-toc__toggle-button elementor-toc__toggle-button--expand\" role=\"button\" tabindex=\"0\" aria-controls=\"elementor-toc__1c30362\" aria-expanded=\"true\" aria-label=\"Open table of contents\"><svg aria-hidden=\"true\" class=\"e-font-icon-svg e-fas-chevron-down\" viewBox=\"0 0 448 512\" xmlns=\"http:\/\/www.w3.org\/2000\/svg\"><path d=\"M207.029 381.476L12.686 187.132c-9.373-9.373-9.373-24.569 0-33.941l22.667-22.667c9.357-9.357 24.522-9.375 33.901-.04L224 284.505l154.745-154.021c9.379-9.335 24.544-9.317 33.901.04l22.667 22.667c9.373 9.373 9.373 24.569 0 33.941L240.971 381.476c-9.373 9.372-24.569 9.372-33.942 0z\"><\/path><\/svg><\/div>\n\t\t\t\t<div class=\"elementor-toc__toggle-button elementor-toc__toggle-button--collapse\" role=\"button\" tabindex=\"0\" aria-controls=\"elementor-toc__1c30362\" aria-expanded=\"true\" aria-label=\"Close table of contents\"><svg aria-hidden=\"true\" class=\"e-font-icon-svg e-fas-chevron-up\" viewBox=\"0 0 448 512\" xmlns=\"http:\/\/www.w3.org\/2000\/svg\"><path d=\"M240.971 130.524l194.343 194.343c9.373 9.373 9.373 24.569 0 33.941l-22.667 22.667c-9.357 9.357-24.522 9.375-33.901.04L224 227.495 69.255 381.516c-9.379 9.335-24.544 9.317-33.901-.04l-22.667-22.667c-9.373-9.373-9.373-24.569 0-33.941L207.03 130.525c9.372-9.373 24.568-9.373 33.941-.001z\"><\/path><\/svg><\/div>\n\t\t\t\t\t<\/div>\n\t\t\t\t<div id=\"elementor-toc__1c30362\" class=\"elementor-toc__body\">\n\t\t\t<div class=\"elementor-toc__spinner-container\">\n\t\t\t\t<svg class=\"elementor-toc__spinner eicon-animation-spin e-font-icon-svg e-eicon-loading\" aria-hidden=\"true\" viewBox=\"0 0 1000 1000\" xmlns=\"http:\/\/www.w3.org\/2000\/svg\"><path d=\"M500 975V858C696 858 858 696 858 500S696 142 500 142 142 304 142 500H25C25 237 238 25 500 25S975 237 975 500 763 975 500 975Z\"><\/path><\/svg>\t\t\t<\/div>\n\t\t<\/div>\n\t\t\t\t\t\t<\/div>\n\t\t\t\t<\/div>\n\t\t\t\t\t<\/div>\n\t\t\t\t<\/div>\n\t\t<div class=\"elementor-element elementor-element-herorght0 e-con-full e-flex e-con e-child\" data-id=\"herorght0\" data-element_type=\"container\" data-e-type=\"container\">\n\t\t\t\t<div class=\"elementor-element elementor-element-heroimg00 iwg-hero-image elementor-widget elementor-widget-image\" data-id=\"heroimg00\" data-element_type=\"widget\" data-e-type=\"widget\" data-widget_type=\"image.default\">\n\t\t\t\t\t\t\t\t\t\t\t\t\t\t\t<img fetchpriority=\"high\" decoding=\"async\" width=\"683\" height=\"1024\" src=\"https:\/\/iwell-guard.com\/wp-content\/uploads\/2026\/04\/goetter_japan_amaterasu-683x1024.webp\" class=\"attachment-large size-large wp-image-171099\" alt=\"Amaterasu - gu\u00f0ir \u00far jap\u00f6nskri hef\u00f0, \u00ed s\u00f6guleg-myndr\u00e6nni framsetningu\" srcset=\"https:\/\/iwell-guard.com\/wp-content\/uploads\/2026\/04\/goetter_japan_amaterasu-683x1024.webp 683w, https:\/\/iwell-guard.com\/wp-content\/uploads\/2026\/04\/goetter_japan_amaterasu-200x300.webp 200w, https:\/\/iwell-guard.com\/wp-content\/uploads\/2026\/04\/goetter_japan_amaterasu-768x1152.webp 768w, https:\/\/iwell-guard.com\/wp-content\/uploads\/2026\/04\/goetter_japan_amaterasu.webp 1024w\" sizes=\"(max-width: 683px) 100vw, 683px\" \/>\t\t\t\t\t\t\t\t\t\t\t\t\t\t\t<\/div>\n\t\t\t\t<\/div>\n\t\t\t\t\t<\/div>\n\t\t\t\t<\/div>\n\t\t<div class=\"elementor-element elementor-element-32917199 e-flex e-con-boxed e-con e-parent\" data-id=\"32917199\" data-element_type=\"container\" data-e-type=\"container\">\n\t\t\t\t\t<div class=\"e-con-inner\">\n\t\t<div class=\"elementor-element elementor-element-26e916cb e-flex e-con-boxed e-con e-child\" data-id=\"26e916cb\" data-element_type=\"container\" data-e-type=\"container\">\n\t\t\t\t\t<div class=\"e-con-inner\">\n\t\t<div class=\"elementor-element elementor-element-253a40d4 e-flex e-con-boxed e-con e-child\" data-id=\"253a40d4\" data-element_type=\"container\" data-e-type=\"container\">\n\t\t\t\t\t<div class=\"e-con-inner\">\n\t\t\t\t<div class=\"elementor-element elementor-element-1200c304 elementor-widget elementor-widget-heading\" data-id=\"1200c304\" data-element_type=\"widget\" data-e-type=\"widget\" data-widget_type=\"heading.default\">\n\t\t\t\t\t<h2 class=\"elementor-heading-title elementor-size-default\">Amaterasu<\/h2>\t\t\t\t<\/div>\n\t\t\t\t\t<\/div>\n\t\t\t\t<\/div>\n\t\t<div class=\"elementor-element elementor-element-159dcf9a e-flex e-con-boxed e-con e-child\" data-id=\"159dcf9a\" data-element_type=\"container\" data-e-type=\"container\">\n\t\t\t\t\t<div class=\"e-con-inner\">\n\t\t\t\t<div class=\"elementor-element elementor-element-48cee66f elementor-widget elementor-widget-heading\" data-id=\"48cee66f\" data-element_type=\"widget\" data-e-type=\"widget\" data-widget_type=\"heading.default\">\n\t\t\t\t\t<h2 class=\"elementor-heading-title elementor-size-default\">\u00cd yfirliti: Amaterasu<\/h2>\t\t\t\t<\/div>\n\t\t\t\t<div class=\"elementor-element elementor-element-3f50d82c elementor-widget elementor-widget-text-editor\" data-id=\"3f50d82c\" data-element_type=\"widget\" data-e-type=\"widget\" data-widget_type=\"text-editor.default\">\n\t\t\t\t\t\t\t\t\t<p><strong>Tegund:<\/strong> A\u00f0algo\u00f0vera Japans, s\u00f3largy\u00f0ja og himnadrottning (<span class=\"iwg-fachbegriff\" data-tooltip=\"Hin frumbyggjatr\u00fa Japans, m\u00f3tu\u00f0 af tignun kami.\" tabindex=\"0\">shinto<\/span>)<br><span class=\"iwg-fachbegriff\" data-tooltip=\"Heild gu\u00f0a \u00ed tr\u00faarbr\u00f6g\u00f0um e\u00f0a menningu.\" tabindex=\"0\">Go\u00f0aheimur<\/span>: <span class=\"iwg-fachbegriff\" data-tooltip=\"Hin frumbyggjatr\u00fa Japans, m\u00f3tu\u00f0 af tignun kami.\" tabindex=\"0\">Shinto<\/span> (\u00e6\u00f0sta <span class=\"iwg-fachbegriff\" data-tooltip=\"Vera sem er tignu\u00f0 sem gu\u00f0leg innan tr\u00faarbrag\u00f0a.\" tabindex=\"0\">gu\u00f0vera<\/span> japanska go\u00f0aheimsins), \u00ed samruna hef\u00f0um sett saman vi\u00f0 Mahavairocana<br>Hlutverk: S\u00f3l, lj\u00f3s, alheimsskipan, go\u00f0sagnakennd <span class=\"iwg-fachbegriff\" data-tooltip=\"Forfa\u00f0ir sem \u00ed m\u00f6rgum menningarheimum er tigna\u00f0ur sem verndarm\u00e1ttur.\" tabindex=\"0\">forfa\u00f0ir<\/span>-m\u00f3\u00f0ir japanska keisarah\u00fassins<br>A\u00f0alkenniseinkenni: S\u00f3lsk\u00edfa, sver\u00f0 (Kusanagi), spegill (Yata-no-Kagami), kr\u00f3kjaspis (Yasakani-no-Magatama)<br>A\u00f0alhelgista\u00f0ur: Ise-<span class=\"iwg-fachbegriff\" data-tooltip=\"L\u00edtill heilagur var\u00f0veislusta\u00f0ur e\u00f0a b\u00e6nasta\u00f0ur.\" tabindex=\"0\">hofi\u00f0<\/span> (Mie-h\u00e9ra\u00f0i, st\u00e6rsta og helgasta <span class=\"iwg-fachbegriff\" data-tooltip=\"L\u00edtill heilagur var\u00f0veislusta\u00f0ur e\u00f0a b\u00e6nasta\u00f0ur.\" tabindex=\"0\">hof<\/span> Japans)<br>Systkini: Tsukuyomi (m\u00e1nagu\u00f0), Susano-o (stormgu\u00f0)<\/p>\t\t\t\t\t\t\t\t<\/div>\n\t\t\t\t\t<\/div>\n\t\t\t\t<\/div>\n\t\t\t\t\t<\/div>\n\t\t\t\t<\/div>\n\t\t\t\t\t<\/div>\n\t\t\t\t<\/div>\n\t\t<div class=\"elementor-element elementor-element-18613602 e-flex e-con-boxed e-con e-parent\" data-id=\"18613602\" data-element_type=\"container\" data-e-type=\"container\">\n\t\t\t\t\t<div class=\"e-con-inner\">\n\t\t\t\t<div class=\"elementor-element elementor-element-262b8a9f elementor-widget elementor-widget-heading\" data-id=\"262b8a9f\" data-element_type=\"widget\" data-e-type=\"widget\" data-widget_type=\"heading.default\">\n\t\t\t\t\t<h2 class=\"elementor-heading-title elementor-size-default\">S\u00f6guleg sta\u00f0setning<\/h2>\t\t\t\t<\/div>\n\t\t<div class=\"elementor-element elementor-element-46dcb7d e-con-full e-flex e-con e-child\" data-id=\"46dcb7d\" data-element_type=\"container\" data-e-type=\"container\">\n\t\t<div class=\"elementor-element elementor-element-61d3ab3 e-flex e-con-boxed e-con e-child\" data-id=\"61d3ab3\" data-element_type=\"container\" data-e-type=\"container\">\n\t\t\t\t\t<div class=\"e-con-inner\">\n\t\t\t\t<div class=\"elementor-element elementor-element-117c166 elementor-widget elementor-widget-heading\" data-id=\"117c166\" data-element_type=\"widget\" data-e-type=\"widget\" data-widget_type=\"heading.default\">\n\t\t\t\t\t<h3 class=\"elementor-heading-title elementor-size-default\">T\u00edmabil textanna<\/h3>\t\t\t\t<\/div>\n\t\t\t\t<div class=\"elementor-element elementor-element-73997a0 elementor-widget elementor-widget-text-editor\" data-id=\"73997a0\" data-element_type=\"widget\" data-e-type=\"widget\" data-widget_type=\"text-editor.default\">\n\t\t\t\t\t\t\t\t\t<p>Amaterasu er skjalfest \u00ed ritum fr\u00e1 8. \u00f6ld e.Kr., \u00ed <em>Kojiki<\/em> (712) og <em>Nihon shoki<\/em> (720), tveimur meginheimildum <span class=\"iwg-fachbegriff\" data-tooltip=\"Hin frumbyggjatr\u00fa Japans, m\u00f3tu\u00f0 af tignun kami.\" tabindex=\"0\">shinto<\/span>&#8211;<span class=\"iwg-fachbegriff\" data-tooltip=\"Heild hef\u00f0bundinna go\u00f0sagna \u00ed menningu.\" tabindex=\"0\">go\u00f0afr\u00e6\u00f0innar<\/span>. H\u00fan hefur veri\u00f0 tignu\u00f0 sem \u00e6\u00f0sta <span class=\"iwg-fachbegriff\" data-tooltip=\"Vera sem er tignu\u00f0 sem gu\u00f0leg innan tr\u00faarbrag\u00f0a.\" tabindex=\"0\">gu\u00f0vera<\/span> japanska keisarah\u00fassins fr\u00e1 upphafi Heian-t\u00edmabilsins (9. \u00f6ld): keisaraleg \u00e6ttartala rekur sig \u00ed gegnum sonarson Amaterasu, Ninigi-no-Mikoto, aftur til hennar.<\/p><p><span data-nosnippet><em>Ise-<span class=\"iwg-fachbegriff\" data-tooltip=\"L\u00edtill heilagur var\u00f0veislusta\u00f0ur e\u00f0a b\u00e6nasta\u00f0ur.\" tabindex=\"0\">hofi\u00f0<\/span><\/em>, a\u00f0 \u00f6llum l\u00edkindum sta\u00f0sett \u00e1 n\u00faverandi sta\u00f0 fr\u00e1 7. \u00f6ld e.Kr., er endurbyggt \u00ed heild sinni \u00e1 tuttugu \u00e1ra fresti samkv\u00e6mt fornri hef\u00f0 (<em>Shikinen Sengu<\/em>), s\u00ed\u00f0asta sl\u00edka endurbygging var 2013, n\u00e6sta 2033. \u00cd <span class=\"iwg-fachbegriff\" tabindex=\"0\" data-tooltip=\"\u201eDemantsfarart\u00e6ki\u00f0\"; tantr\u00edsk grein Mahayana-b\u00faddisma, a\u00f0allega \u00ed T\u00edbet, me\u00f0 yidam-i\u00f0kun og mantra-t\u00e6kni \u00ed brennidepli.\">Vajrayana<\/span>-b\u00faddisma (Shingon) hefur h\u00fan fr\u00e1 9. \u00f6ld veri\u00f0 sett saman vi\u00f0 hinn alheimslega B\u00fadda <em>Mahavairocana<\/em> (Dainichi Nyorai).<\/span><\/p>\t\t\t\t\t\t\t\t<\/div>\n\t\t\t\t\t<\/div>\n\t\t\t\t<\/div>\n\t\t<div class=\"elementor-element elementor-element-d47b156 e-flex e-con-boxed e-con e-child\" data-id=\"d47b156\" data-element_type=\"container\" data-e-type=\"container\">\n\t\t\t\t\t<div class=\"e-con-inner\">\n\t\t\t\t<div class=\"elementor-element elementor-element-ff38c2b elementor-widget elementor-widget-heading\" data-id=\"ff38c2b\" data-element_type=\"widget\" data-e-type=\"widget\" data-widget_type=\"heading.default\">\n\t\t\t\t\t<h3 class=\"elementor-heading-title elementor-size-default\">\u00datbrei\u00f0slusv\u00e6\u00f0i<\/h3>\t\t\t\t<\/div>\n\t\t\t\t<div class=\"elementor-element elementor-element-4e49fcc elementor-widget elementor-widget-text-editor\" data-id=\"4e49fcc\" data-element_type=\"widget\" data-e-type=\"widget\" data-widget_type=\"text-editor.default\">\n\t\t\t\t\t\t\t\t\t<p>A\u00f0alhelgista\u00f0ur: <strong>Ise-Jing\u016b<\/strong> \u00ed Mie-h\u00e9ra\u00f0i, sem samanstendur af ytra <span class=\"iwg-fachbegriff\" data-tooltip=\"L\u00edtill heilagur var\u00f0veislusta\u00f0ur e\u00f0a b\u00e6nasta\u00f0ur.\" tabindex=\"0\">hofinu<\/span> <em>Geku<\/em> (<span class=\"iwg-fachbegriff\" data-tooltip=\"Me\u00f0 tr\u00faarlegri ath\u00f6fn fali\u00f0 hinu heilaga og \u00fear me\u00f0 hafi\u00f0 yfir hversdagsleikann.\" tabindex=\"0\">helga\u00f0<\/span> matargy\u00f0junni Toyouke) og innra <span class=\"iwg-fachbegriff\" data-tooltip=\"L\u00edtill heilagur var\u00f0veislusta\u00f0ur e\u00f0a b\u00e6nasta\u00f0ur.\" tabindex=\"0\">hofinu<\/span> <em>Naiku<\/em> (<span class=\"iwg-fachbegriff\" data-tooltip=\"Me\u00f0 tr\u00faarlegri ath\u00f6fn fali\u00f0 hinu heilaga og \u00fear me\u00f0 hafi\u00f0 yfir hversdagsleikann.\" tabindex=\"0\">helga\u00f0<\/span> Amaterasu). Innra <span class=\"iwg-fachbegriff\" data-tooltip=\"L\u00edtill heilagur var\u00f0veislusta\u00f0ur e\u00f0a b\u00e6nasta\u00f0ur.\" tabindex=\"0\">hofi\u00f0<\/span> var\u00f0veitir helga spegilinn <em>Yata-no-Kagami<\/em> (eitt af \u00ferem r\u00edkist\u00e1knum Japans).<\/p><p>A\u00f0eins me\u00f0limir keisarafj\u00f6lskyldunnar og \u00fatvaldir prestar hafa a\u00f0gang a\u00f0 <span class=\"iwg-fachbegriff\" data-tooltip=\"Heilagur sta\u00f0ur tileinka\u00f0ur tignun gu\u00f0veru.\" tabindex=\"0\">helgista\u00f0num<\/span>. Auk \u00feess eru um 80.000 hof \u00ed Japan \u00fear sem Amaterasu er einnig tignu\u00f0 (bun-rei fr\u00e1 Ise-a\u00f0algo\u00f0veru). Utan Japans: hof \u00e1 Hawaii og \u00ed S\u00e3o Paulo.<\/p>\t\t\t\t\t\t\t\t<\/div>\n\t\t\t\t\t<\/div>\n\t\t\t\t<\/div>\n\t\t\t\t<\/div>\n\t\t<div class=\"elementor-element elementor-element-db03c39 e-con-full e-flex e-con e-child\" data-id=\"db03c39\" data-element_type=\"container\" data-e-type=\"container\">\n\t\t<div class=\"elementor-element elementor-element-229a87b e-flex e-con-boxed e-con e-child\" data-id=\"229a87b\" data-element_type=\"container\" data-e-type=\"container\">\n\t\t\t\t\t<div class=\"e-con-inner\">\n\t\t\t\t<div class=\"elementor-element elementor-element-1f471fc elementor-widget elementor-widget-heading\" data-id=\"1f471fc\" data-element_type=\"widget\" data-e-type=\"widget\" data-widget_type=\"heading.default\">\n\t\t\t\t\t<h3 class=\"elementor-heading-title elementor-size-default\">Heimildasta\u00f0a<\/h3>\t\t\t\t<\/div>\n\t\t\t\t<div class=\"elementor-element elementor-element-36b1201 elementor-widget elementor-widget-text-editor\" data-id=\"36b1201\" data-element_type=\"widget\" data-e-type=\"widget\" data-widget_type=\"text-editor.default\">\n\t\t\t\t\t\t\t\t\t<p>Meginheimildir: <em>Kojiki<\/em> (712) og <em>Nihon shoki<\/em> (720), a\u00f0alheimildas\u00f6fn <span class=\"iwg-fachbegriff\" data-tooltip=\"Frumbyggjatr\u00fa Japans, m\u00f3tu\u00f0 af tilbei\u00f0slu \u00e1 kami.\" tabindex=\"0\">Shinto<\/span>&#8211;<span class=\"iwg-fachbegriff\" data-tooltip=\"Heildarsafn hinna var\u00f0veittu gu\u00f0asagna innan menningar.\" tabindex=\"0\">go\u00f0afr\u00e6\u00f0innar<\/span>; <em>Engi-shiki<\/em> (10. \u00f6ld, <span class=\"iwg-fachbegriff\" data-tooltip=\"Heildarsafn helgisi\u00f0a til d\u00fdrkunar gu\u00f0s e\u00f0a heilagrar veru.\" tabindex=\"0\">helgisi\u00f0a<\/span>reglur fyrir Ise); <em>Norito<\/em> (helgar \u00e1kallstexta).<\/p><p>Aukaheimildir: Aston, <em><span class=\"iwg-fachbegriff\" data-tooltip=\"Frumbyggjatr\u00fa Japans, m\u00f3tu\u00f0 af tilbei\u00f0slu \u00e1 kami.\" tabindex=\"0\">Shinto<\/span>. The Way of the Gods<\/em>; Kanda, <em><span class=\"iwg-fachbegriff\" data-tooltip=\"Frumbyggjatr\u00fa Japans, m\u00f3tu\u00f0 af tilbei\u00f0slu \u00e1 kami.\" tabindex=\"0\">Shinto<\/span> in History. Ways of the <span class=\"iwg-fachbegriff\" data-tooltip=\"\u00cd jap\u00f6nsku shinto hinar d\u00fdrku\u00f0u andaverur og gu\u00f0legu m\u00e1ttarv\u00f6ld.\" tabindex=\"0\">Kami<\/span><\/em>; Bocking, <em>A Popular Dictionary of <span class=\"iwg-fachbegriff\" data-tooltip=\"Frumbyggjatr\u00fa Japans, m\u00f3tu\u00f0 af tilbei\u00f0slu \u00e1 kami.\" tabindex=\"0\">Shinto<\/span><\/em>; Breen\/Teeuwen, <em>A New History of <span class=\"iwg-fachbegriff\" data-tooltip=\"Frumbyggjatr\u00fa Japans, m\u00f3tu\u00f0 af tilbei\u00f0slu \u00e1 kami.\" tabindex=\"0\">Shinto<\/span><\/em>; Reader, <em>Religion in Contemporary Japan<\/em>.<\/p>\t\t\t\t\t\t\t\t<\/div>\n\t\t\t\t\t<\/div>\n\t\t\t\t<\/div>\n\t\t\t\t<\/div>\n\t\t\t\t\t<\/div>\n\t\t\t\t<\/div>\n\t\t<div class=\"elementor-element elementor-element-3ae0637c e-flex e-con-boxed e-con e-parent\" data-id=\"3ae0637c\" data-element_type=\"container\" data-e-type=\"container\">\n\t\t\t\t\t<div class=\"e-con-inner\">\n\t\t\t\t<div class=\"elementor-element elementor-element-31d07739 elementor-widget elementor-widget-heading\" data-id=\"31d07739\" data-element_type=\"widget\" data-e-type=\"widget\" data-widget_type=\"heading.default\">\n\t\t\t\t\t<h2 class=\"elementor-heading-title elementor-size-default\">Nafn og afbrig\u00f0i<\/h2>\t\t\t\t<\/div>\n\t\t<div class=\"elementor-element elementor-element-b7642947 e-con-full e-flex e-con e-child\" data-id=\"b7642947\" data-element_type=\"container\" data-e-type=\"container\">\n\t\t\t\t<div class=\"elementor-element elementor-element-a086266 elementor-widget elementor-widget-text-editor\" data-id=\"a086266\" data-element_type=\"widget\" data-e-type=\"widget\" data-widget_type=\"text-editor.default\">\n\t\t\t\t\t\t\t\t\t<p>Amaterasu er s\u00fdnd sem sk\u00ednandi kvenkyns gy\u00f0ja, umlukin lj\u00f3si. H\u00fan kl\u00e6\u00f0ist himneskum kl\u00e6\u00f0um og er oft s\u00fdnd halda \u00e1 glampandi spegli (<em>Yata-no-Kagami<\/em>), einum af \u00feremur keisaralegum helgigripum, sem talinn er l\u00edkami hennar e\u00f0a <span class=\"iwg-fachbegriff\" data-tooltip=\"Merki sem stendur fyrir hugmynd e\u00f0a merkingu.\" tabindex=\"0\">t\u00e1kn<\/span> hins innra sj\u00e1lfs.<\/p><p>Hef\u00f0bundin myndlist s\u00fdnir hana \u00ed h\u00e1s\u00e6ti, umkringda br\u00e6\u00f0rum s\u00ednum Tsukuyomi (tunglinu) og Susanoo (storminu). Ise-<span class=\"iwg-fachbegriff\" data-tooltip=\"L\u00edtill helgur var\u00f0veislu- e\u00f0a tilbei\u00f0slusta\u00f0ur.\" tabindex=\"0\">helgiskr\u00edni\u00f0<\/span> er hrein byggingarlist, \u00f3s\u00fdnileg utan fr\u00e1, hulin og myst\u00edsk. \u00c1 20 \u00e1ra fresti er <span class=\"iwg-fachbegriff\" data-tooltip=\"L\u00edtill helgur var\u00f0veislu- e\u00f0a tilbei\u00f0slusta\u00f0ur.\" tabindex=\"0\">helgiskr\u00edni\u00f0<\/span> endurbyggt fr\u00e1 grunni og s\u00e1l Amaterasu flutt h\u00e1t\u00ed\u00f0lega yfir.<\/p>\t\t\t\t\t\t\t\t<\/div>\n\t\t\t\t<\/div>\n\t\t\t\t\t<\/div>\n\t\t\t\t<\/div>\n\t\t<div class=\"elementor-element elementor-element-709a44a8 e-flex e-con-boxed e-con e-parent\" data-id=\"709a44a8\" data-element_type=\"container\" data-e-type=\"container\">\n\t\t\t\t\t<div class=\"e-con-inner\">\n\t\t\t\t<div class=\"elementor-element elementor-element-2f585873 elementor-widget elementor-widget-heading\" data-id=\"2f585873\" data-element_type=\"widget\" data-e-type=\"widget\" data-widget_type=\"heading.default\">\n\t\t\t\t\t<h2 class=\"elementor-heading-title elementor-size-default\">L\u00fdsing<\/h2>\t\t\t\t<\/div>\n\t\t<div class=\"elementor-element elementor-element-70621c12 e-con-full e-flex e-con e-child\" data-id=\"70621c12\" data-element_type=\"container\" data-e-type=\"container\">\n\t\t\t\t<div class=\"elementor-element elementor-element-4296eb49 elementor-widget elementor-widget-text-editor\" data-id=\"4296eb49\" data-element_type=\"widget\" data-e-type=\"widget\" data-widget_type=\"text-editor.default\">\n\t\t\t\t\t\t\t\t\t<p>Amaterasu er \u00e6\u00f0sta <span class=\"iwg-fachbegriff\" data-tooltip=\"\u00cd jap\u00f6nsku shinto hinar d\u00fdrku\u00f0u andaverur og gu\u00f0legu m\u00e1ttarv\u00f6ld.\" tabindex=\"0\">kami<\/span>, ekki einn af m\u00f6rgum jafnr\u00e9tth\u00e6fum gu\u00f0um \u00ed go\u00f0aveldi, heldur mi\u00f0l\u00e6g. Tilbei\u00f0sla hennar \u00ed Ise-<span class=\"iwg-fachbegriff\" data-tooltip=\"L\u00edtill helgur var\u00f0veislu- e\u00f0a tilbei\u00f0slusta\u00f0ur.\" tabindex=\"0\">helgiskr\u00edninu<\/span> er <span class=\"iwg-fachbegriff\" data-tooltip=\"Tilheyrandi fastm\u00f3tu\u00f0u tr\u00faarlegu athafnaferli.\" tabindex=\"0\">helgisi\u00f0alega<\/span> einst\u00f6k: a\u00f0eins \u00e1kve\u00f0nar prestafj\u00f6lskyldur f\u00e1 a\u00f0 ganga inn \u00ed hi\u00f0 innra <span class=\"iwg-fachbegriff\" data-tooltip=\"Helgur sta\u00f0ur tileinka\u00f0ur tilbei\u00f0slu gu\u00f0s.\" tabindex=\"0\">helgid\u00f3m<\/span>. Keisarinn sj\u00e1lfur gegnir hlutverki \u00e6\u00f0sta prests.<\/p><p>N\u00fd\u00e1r Shinto byggist \u00e1 gj\u00f6f hennar af lj\u00f3si. \u00deegar h\u00fan, samkv\u00e6mt <span class=\"iwg-fachbegriff\" data-tooltip=\"Var\u00f0veitt fr\u00e1s\u00f6gn um gu\u00f0i, uppruna og skipan heimsins.\" tabindex=\"0\">go\u00f0s\u00f6gninni<\/span>, f\u00f3l sig \u00ed helli, s\u00f6kk heimurinn \u00ed fullkomi\u00f0 myrkur; a\u00f0eins me\u00f0 kl\u00f3kindum t\u00f3kst \u00f6\u00f0rum <span class=\"iwg-fachbegriff\" data-tooltip=\"\u00cd jap\u00f6nsku shinto hinar d\u00fdrku\u00f0u andaverur og gu\u00f0legu m\u00e1ttarv\u00f6ld.\" tabindex=\"0\">kami<\/span> a\u00f0 lokka hana \u00fat. \u00deetta er t\u00e1knmynd algj\u00f6rs kosm\u00edsks samhengis: \u00e1n Amaterasu er hvorki l\u00edf, lj\u00f3s, n\u00e9 Japan.<\/p><p><strong>\u00c1s\u00fdnd og t\u00e1knm\u00e1l<\/strong><\/p><p><em>Amaterasu<\/em> er s\u00fdnd sem yndisf\u00f6gur kona me\u00f0 sk\u00ednandi n\u00e6rveru, oft \u00ed keisaralegum kl\u00e6\u00f0um. H\u00fan er tengd s\u00f3lkringlunni (rau\u00f0a hringsk\u00edfan \u00e1 japanska f\u00e1nanum). Helg t\u00e1kn hennar eru spegillinn (Yata-no-Kagami), sver\u00f0i\u00f0 og gimsteinninn. H\u00fan er umlukin lj\u00f3si.<\/p>\t\t\t\t\t\t\t\t<\/div>\n\t\t\t\t<\/div>\n\t\t\t\t\t<\/div>\n\t\t\t\t<\/div>\n\t\t<div class=\"elementor-element elementor-element-44e71476 e-flex e-con-boxed e-con e-parent\" data-id=\"44e71476\" data-element_type=\"container\" data-e-type=\"container\">\n\t\t\t\t\t<div class=\"e-con-inner\">\n\t\t\t\t<div class=\"elementor-element elementor-element-3c1fc3f0 elementor-widget elementor-widget-heading\" data-id=\"3c1fc3f0\" data-element_type=\"widget\" data-e-type=\"widget\" data-widget_type=\"heading.default\">\n\t\t\t\t\t<h2 class=\"elementor-heading-title elementor-size-default\">Kynningarkort: Amaterasu<\/h2>\t\t\t\t<\/div>\n\t\t<div class=\"elementor-element elementor-element-84f33b8e e-con-full e-flex e-con e-child\" data-id=\"84f33b8e\" data-element_type=\"container\" data-e-type=\"container\">\n\t\t\t\t<div class=\"elementor-element elementor-element-hqkdc67p elementor-widget elementor-widget-text-editor\" data-id=\"hqkdc67p\" data-element_type=\"widget\" data-e-type=\"widget\" data-widget_type=\"text-editor.default\">\n\t\t\t\t\t\t\t\t\t<p>Mikilv\u00e6gustu \u00fe\u00e6ttir Amaterasu \u00ed hnotskurn. Eftirfarandi reitir taka saman uppruna, hlutverk, \u00e1s\u00fdnd, tilbei\u00f0slu, t\u00e1kn og menningarlegar hli\u00f0st\u00e6\u00f0ur.<\/p>\t\t\t\t\t\t\t\t<\/div>\n\t\t\t\t<\/div>\n\t\t<div class=\"elementor-element elementor-element-pemmx7c5 e-con-full e-flex e-con e-child\" data-id=\"pemmx7c5\" data-element_type=\"container\" data-e-type=\"container\">\n\t\t<div class=\"elementor-element elementor-element-pemmx7c1 e-con-full e-flex e-con e-child\" data-id=\"pemmx7c1\" data-element_type=\"container\" data-e-type=\"container\">\n\t\t<div class=\"elementor-element elementor-element-qh9oavvu iwg-steckbrief-card e-flex e-con-boxed e-con e-child\" data-id=\"qh9oavvu\" data-element_type=\"container\" data-e-type=\"container\">\n\t\t\t\t\t<div class=\"e-con-inner\">\n\t\t\t\t<div class=\"elementor-element elementor-element-awzx8k2k elementor-widget elementor-widget-heading\" data-id=\"awzx8k2k\" data-element_type=\"widget\" data-e-type=\"widget\" data-widget_type=\"heading.default\">\n\t\t\t\t\t<div class=\"elementor-heading-title elementor-size-default\">Menningarsamhengi<\/div>\t\t\t\t<\/div>\n\t\t\t\t<div class=\"elementor-element elementor-element-x6rowhv0 elementor-widget elementor-widget-text-editor\" data-id=\"x6rowhv0\" data-element_type=\"widget\" data-e-type=\"widget\" data-widget_type=\"text-editor.default\">\n\t\t\t\t\t\t\t\t\t<p>Amaterasu \u00d4mikami (&bdquo;hin mikla <span class=\"iwg-fachbegriff\" data-tooltip=\"Vera sem d\u00fdrku\u00f0 er sem gu\u00f0leg innan tr\u00faarbrag\u00f0a.\" tabindex=\"0\">gu\u00f0vera<\/span> sem l\u00fdsir upp himininn&ldquo;) er d\u00f3ttir sk\u00f6punarparsins <em>Izanagi<\/em> og <em>Izanami<\/em>, sprottin \u00far vinstra auga Izanagi \u00feegar hann hreinsa\u00f0i sig eftir a\u00f0 hafa sn\u00fai\u00f0 aftur \u00far Yomi (undirheimum).<\/p><p>Systir tunglgu\u00f0sins <em>Tsukuyomi<\/em> (\u00far h\u00e6gra auganu) og stormgu\u00f0sins <em>Susano-o<\/em> (\u00far nefinu). A\u00f0algo\u00f0sagan: eftir grimman \u00e1greining vi\u00f0 Susano-o dregur Amaterasu sig \u00ed hl\u00e9 \u00ed helli (Ame-no-Iwato), og heimurinn sekkur \u00ed myrkur.<\/p><p>Gu\u00f0irnir lokka hana \u00fat me\u00f0 \u00e6stum dansi gy\u00f0junnar <em>Ame-no-Uzume<\/em> og spegli, sem l\u00e6tur hana sj\u00e1 eigi\u00f0 sk\u00ednandi andlit. M\u00f3\u00f0ir hinnar gu\u00f0legu \u00e6ttar sem lei\u00f0ir til jap\u00f6nsku keisarafj\u00f6lskyldunnar: sonarsonur hennar Ninigi-no-Mikoto st\u00edgur ni\u00f0ur af himnum og f\u00e6rir me\u00f0 s\u00e9r \u00ferj\u00e1 keisaralega helgigripi (spegil, sver\u00f0, gimstein).<\/p>\t\t\t\t\t\t\t\t<\/div>\n\t\t\t\t\t<\/div>\n\t\t\t\t<\/div>\n\t\t<div class=\"elementor-element elementor-element-8e3o4kxs iwg-steckbrief-card e-flex e-con-boxed e-con e-child\" data-id=\"8e3o4kxs\" data-element_type=\"container\" data-e-type=\"container\">\n\t\t\t\t\t<div class=\"e-con-inner\">\n\t\t\t\t<div class=\"elementor-element elementor-element-08rkdgov elementor-widget elementor-widget-heading\" data-id=\"08rkdgov\" data-element_type=\"widget\" data-e-type=\"widget\" data-widget_type=\"heading.default\">\n\t\t\t\t\t<div class=\"elementor-heading-title elementor-size-default\">Tengt vi\u00f0<\/div>\t\t\t\t<\/div>\n\t\t\t\t<div class=\"elementor-element elementor-element-uwjelx8s elementor-widget elementor-widget-text-editor\" data-id=\"uwjelx8s\" data-element_type=\"widget\" data-e-type=\"widget\" data-widget_type=\"text-editor.default\">\n\t\t\t\t\t\t\t\t\t<p>S\u00f3l- og lj\u00f3sgy\u00f0ja, og \u00fear me\u00f0 uppspretta l\u00edfs og sj\u00f3nar, tilt\u00f6lulega sjaldg\u00e6f kvenkyns s\u00f3lgu\u00f0 \u00ed <span class=\"iwg-fachbegriff\" data-tooltip=\"Heildarsafn hinna var\u00f0veittu gu\u00f0asagna innan menningar.\" tabindex=\"0\">go\u00f0afr\u00e6\u00f0i<\/span> heimsins (\u00f6fugt vi\u00f0 mi\u00f0jar\u00f0arhafsl\u00e6ga karlkyns s\u00f3lgu\u00f0ina). Go\u00f0s\u00f6gulegur <span class=\"iwg-fachbegriff\" data-tooltip=\"Forfa\u00f0ir sem \u00ed m\u00f6rgum menningarheimum er d\u00fdrka\u00f0ur sem verndarm\u00e1tt.\" tabindex=\"0\">forfa\u00f0ir<\/span>m\u00f3\u00f0ir jap\u00f6nsku keisarafj\u00f6lskyldunnar: hver Tenno (keisari) er talinn afkomandi Amaterasu.<\/p><p>\u00cd n\u00fat\u00edma Japan hefur h\u00fan enn samsemdarlegt hlutverk, \u00fer\u00e1tt fyrir a\u00f0skilna\u00f0 r\u00edkis og tr\u00faarbrag\u00f0a (1947). Verndargy\u00f0ja landb\u00fana\u00f0arlegrar frj\u00f3semi (fyrir tilstilli s\u00f3larlj\u00f3ss s\u00edns). \u00cd Shingon-hef\u00f0inni er h\u00fan talin Mahavairocana-Dainichi, hinn kosm\u00edski B\u00fadda sj\u00e1lfur. Mi\u00f0l\u00e6g \u00ed n\u00fat\u00edma <span class=\"iwg-fachbegriff\" data-tooltip=\"Frumbyggjatr\u00fa Japans, m\u00f3tu\u00f0 af tilbei\u00f0slu \u00e1 kami.\" tabindex=\"0\">Shinto<\/span>-s\u00f6fnu\u00f0um (t.d. Tenrikyo, Konkokyo).<\/p>\t\t\t\t\t\t\t\t<\/div>\n\t\t\t\t\t<\/div>\n\t\t\t\t<\/div>\n\t\t<div class=\"elementor-element elementor-element-jm2n74ec iwg-steckbrief-card e-flex e-con-boxed e-con e-child\" data-id=\"jm2n74ec\" data-element_type=\"container\" data-e-type=\"container\">\n\t\t\t\t\t<div class=\"e-con-inner\">\n\t\t\t\t<div class=\"elementor-element elementor-element-8vufse4c elementor-widget elementor-widget-heading\" data-id=\"8vufse4c\" data-element_type=\"widget\" data-e-type=\"widget\" data-widget_type=\"heading.default\">\n\t\t\t\t\t<div class=\"elementor-heading-title elementor-size-default\">\u00c1s\u00fdnd<\/div>\t\t\t\t<\/div>\n\t\t\t\t<div class=\"elementor-element elementor-element-mwb9u015 elementor-widget elementor-widget-text-editor\" data-id=\"mwb9u015\" data-element_type=\"widget\" data-e-type=\"widget\" data-widget_type=\"text-editor.default\">\n\t\t\t\t\t\t\t\t\t<p>Amaterasu hefur ekki fasta helgimyndalega mynd; \u00ed hinni r\u00e9tttr\u00fana\u00f0ar <span class=\"iwg-fachbegriff\" data-tooltip=\"Frumbyggjatr\u00faarbr\u00f6g\u00f0 Japans, m\u00f3tu\u00f0 af tilbei\u00f0slu kami.\" tabindex=\"0\">Shinto<\/span>-hef\u00f0 er komi\u00f0 hj\u00e1 \u00fev\u00ed a\u00f0 gera styttur af gu\u00f0um.<\/p><p>N\u00e6rvera hennar er s\u00fdnd me\u00f0 helgum hlutum (<em>shintai<\/em>): \u00ed Naiku speglinum <em>Yata-no-Kagami<\/em>. \u00cd tr\u00faarlegri myndlist fr\u00e1 mi\u00f0\u00f6ldum er h\u00fan stundum s\u00fdnd sem h\u00e1t\u00ed\u00f0leg ung kona \u00ed fj\u00f6llaga hir\u00f0kl\u00e6\u00f0na\u00f0i me\u00f0 s\u00f3larskart; oft er h\u00fan l\u00edka s\u00fdnd sem s\u00f3larsk\u00edfan sj\u00e1lf.<\/p><p>Fylgid\u00fdr: <em>hv\u00edtir hestar<\/em> (haldnir \u00ed Ise-<span class=\"iwg-fachbegriff\" data-tooltip=\"L\u00edtill helgur var\u00f0veislusta\u00f0ur e\u00f0a b\u00e6nasta\u00f0ur.\" tabindex=\"0\">helgista\u00f0<\/span>), hani (kynnir s\u00f3laruppr\u00e1sina). \u00cd b\u00fadd\u00edskri Shingon-sams\u00f6mun sem Mahavairocana me\u00f0 k\u00f3r\u00f3nu, k\u00f3r\u00f3nu-handart\u00e1kn og l\u00f3tusst\u00f3l.<\/p>\t\t\t\t\t\t\t\t<\/div>\n\t\t\t\t\t<\/div>\n\t\t\t\t<\/div>\n\t\t\t\t<\/div>\n\t\t<div class=\"elementor-element elementor-element-pemmx7c2 e-con-full e-flex e-con e-child\" data-id=\"pemmx7c2\" data-element_type=\"container\" data-e-type=\"container\">\n\t\t<div class=\"elementor-element elementor-element-37ss2yr6 iwg-steckbrief-card e-flex e-con-boxed e-con e-child\" data-id=\"37ss2yr6\" data-element_type=\"container\" data-e-type=\"container\">\n\t\t\t\t\t<div class=\"e-con-inner\">\n\t\t\t\t<div class=\"elementor-element elementor-element-3v0wp3wx elementor-widget elementor-widget-heading\" data-id=\"3v0wp3wx\" data-element_type=\"widget\" data-e-type=\"widget\" data-widget_type=\"heading.default\">\n\t\t\t\t\t<div class=\"elementor-heading-title elementor-size-default\">I\u00f0ja<\/div>\t\t\t\t<\/div>\n\t\t\t\t<div class=\"elementor-element elementor-element-w3247g2m elementor-widget elementor-widget-text-editor\" data-id=\"w3247g2m\" data-element_type=\"widget\" data-e-type=\"widget\" data-widget_type=\"text-editor.default\">\n\t\t\t\t\t\t\t\t\t<p><strong>Verkunarsvi\u00f0:<\/strong> Amaterasu er d\u00fdrku\u00f0 \u00e1 hverjum <span class=\"iwg-fachbegriff\" data-tooltip=\"Frumbyggjatr\u00faarbr\u00f6g\u00f0 Japans, m\u00f3tu\u00f0 af tilbei\u00f0slu kami.\" tabindex=\"0\">Shinto<\/span>-heimilisaltari (<em>kamidana<\/em>), sem er algengt \u00e1 \u00f6llum hef\u00f0bundnum jap\u00f6nskum heimilum. A\u00f0alh\u00e1t\u00ed\u00f0ir \u00e1 Ise-<span class=\"iwg-fachbegriff\" data-tooltip=\"L\u00edtill helgur var\u00f0veislusta\u00f0ur e\u00f0a b\u00e6nasta\u00f0ur.\" tabindex=\"0\">helgista\u00f0num<\/span>: <em>Kanname-sai<\/em> (okt\u00f3ber, uppskerugj\u00f6f til Amaterasu), <em>Niiname-sai<\/em> (n\u00f3vember, keisaraleg uppskeruh\u00e1t\u00ed\u00f0), <em>Tsukinami-sai<\/em> (j\u00fan\u00ed og desember, helstu \u00e1rst\u00ed\u00f0abundnir helgisi\u00f0ir).<\/p><p>Vi\u00f0 keisaralega h\u00e1s\u00e6tist\u00f6ku (<em>Daij\u014dsai<\/em>) er t\u00e1knr\u00e6n sameining Tenn\u014d og Amaterasu framkv\u00e6md. Pers\u00f3nuleg <span class=\"iwg-fachbegriff\" data-tooltip=\"\u00dea\u00f0 a\u00f0 \u00e1varpa e\u00f0a \u00e1k\u00f6llun gu\u00f0s e\u00f0a valds me\u00f0 b\u00e6n.\" tabindex=\"0\">\u00e1k\u00f6llun<\/span> vi\u00f0 heimilisaltari\u00f0 \u00e1 s\u00e9r sta\u00f0 daglega fyrir morgunver\u00f0. <span class=\"iwg-fachbegriff\" data-tooltip=\"Manneskja sem fer \u00ed tr\u00faarlega hvatta fer\u00f0 til helgs sta\u00f0ar.\" tabindex=\"0\">P\u00edlagr\u00edmar<\/span> til Ise taka me\u00f0 s\u00e9r <em>O-fuda<\/em> (prenta\u00f0 verndar-<span class=\"iwg-fachbegriff\" data-tooltip=\"Hlutur sem borinn er \u00e1 l\u00edkamanum og talinn hafa verndandi, \u00f3heillaverndandi m\u00e1tt.\" tabindex=\"0\">verndargrip<\/span>) heim me\u00f0 s\u00e9r.<\/p>\t\t\t\t\t\t\t\t<\/div>\n\t\t\t\t\t<\/div>\n\t\t\t\t<\/div>\n\t\t<div class=\"elementor-element elementor-element-0qpjal9w iwg-steckbrief-card e-flex e-con-boxed e-con e-child\" data-id=\"0qpjal9w\" data-element_type=\"container\" data-e-type=\"container\">\n\t\t\t\t\t<div class=\"e-con-inner\">\n\t\t\t\t<div class=\"elementor-element elementor-element-6ndoih0o elementor-widget elementor-widget-heading\" data-id=\"6ndoih0o\" data-element_type=\"widget\" data-e-type=\"widget\" data-widget_type=\"heading.default\">\n\t\t\t\t\t<div class=\"elementor-heading-title elementor-size-default\">Varnarform<\/div>\t\t\t\t<\/div>\n\t\t\t\t<div class=\"elementor-element elementor-element-6684tyh9 elementor-widget elementor-widget-text-editor\" data-id=\"6684tyh9\" data-element_type=\"widget\" data-e-type=\"widget\" data-widget_type=\"text-editor.default\">\n\t\t\t\t\t\t\t\t\t<p>S\u00f3larsk\u00edfa, spegill (Yata-no-Kagami, eitt af \u00feremur r\u00edkist\u00e1knum), sver\u00f0 (Kusanagi-no-Tsurugi, sem br\u00f3\u00f0ir hennar Susano-o skar \u00far spor\u00f0i drekans Yamata-no-Orochi), bogi\u00f0 gimsteinn (Yasakani-no-Magatama). Helg d\u00fdr: hv\u00edtur hestur, hani, kr\u00e1ka (yatagarasu, \u00feriggja f\u00f3ta s\u00f3larkr\u00e1kan sem leiddi sonarson hennar Jimmu). Helgar pl\u00f6ntur: hr\u00edsgrj\u00f3n, sakaki-tr\u00e9 (mi\u00f0l\u00e6gt \u00ed <span class=\"iwg-fachbegriff\" data-tooltip=\"Frumbyggjatr\u00faarbr\u00f6g\u00f0 Japans, m\u00f3tu\u00f0 af tilbei\u00f0slu kami.\" tabindex=\"0\">Shinto<\/span>-si\u00f0um). Helgi litur: hv\u00edtur.<\/p>\t\t\t\t\t\t\t\t<\/div>\n\t\t\t\t\t<\/div>\n\t\t\t\t<\/div>\n\t\t<div class=\"elementor-element elementor-element-3lfi7x32 iwg-steckbrief-card e-flex e-con-boxed e-con e-child\" data-id=\"3lfi7x32\" data-element_type=\"container\" data-e-type=\"container\">\n\t\t\t\t\t<div class=\"e-con-inner\">\n\t\t\t\t<div class=\"elementor-element elementor-element-0kg99ga1 elementor-widget elementor-widget-heading\" data-id=\"0kg99ga1\" data-element_type=\"widget\" data-e-type=\"widget\" data-widget_type=\"heading.default\">\n\t\t\t\t\t<div class=\"elementor-heading-title elementor-size-default\">Tengdar verur<\/div>\t\t\t\t<\/div>\n\t\t\t\t<div class=\"elementor-element elementor-element-n0fum6kp elementor-widget elementor-widget-text-editor\" data-id=\"n0fum6kp\" data-element_type=\"widget\" data-e-type=\"widget\" data-widget_type=\"text-editor.default\">\n\t\t\t\t\t\t\t\t\t<p><em>Mahavairocana \/ Dainichi Nyorai<\/em> (b\u00faddismi, shingon-sams\u00f6mun), <em>Ohirume-no-muchi<\/em> (anna\u00f0 japanskt heiti), <em>Sol Invictus<\/em> (r\u00f3mverskt, s\u00ed\u00f0r\u00f3mversk s\u00f3largy\u00f0ja), <em>Helios<\/em> (Grikkland), <em>S\u00fbrya<\/em> (hind\u00faismi), <em>Re<\/em> (Egyptaland). Hli\u00f0st\u00e6\u00f0ur kvenkyns s\u00f3largy\u00f0ja: <em>S\u00f3l<\/em> (germ\u00f6nsk, kvenkyns, \u00f3l\u00edkt hinni r\u00f3mversku karlkyns s\u00f3larveru), <em>S\u00e1raman\u1e0da<\/em> (hett\u00edtar), <em>Sun-Goddess of Arinna<\/em> (hett\u00edtar), <em>Saul\u0117<\/em> (baltnesk). Norr\u00e6na s\u00f3largy\u00f0jan S\u00f3l og Amaterasu eru tv\u00e6r \u00e1hrifamestu kvenkyns s\u00f3lar-h\u00e1gu\u00f0ir \u00ed <span class=\"iwg-fachbegriff\" data-tooltip=\"Heildarsafn go\u00f0sagna sem var\u00f0veist hafa innan tiltekinnar menningar.\" tabindex=\"0\">go\u00f0afr\u00e6\u00f0i<\/span> heimsins.<\/p>\t\t\t\t\t\t\t\t<\/div>\n\t\t\t\t\t<\/div>\n\t\t\t\t<\/div>\n\t\t\t\t<\/div>\n\t\t\t\t<\/div>\n\t\t\t\t\t<\/div>\n\t\t\t\t<\/div>\n\t\t<div class=\"elementor-element elementor-element-7533bc7a e-flex e-con-boxed e-con e-parent\" data-id=\"7533bc7a\" data-element_type=\"container\" data-e-type=\"container\">\n\t\t\t\t\t<div class=\"e-con-inner\">\n\t\t\t\t<div class=\"elementor-element elementor-element-2447d18d elementor-widget elementor-widget-heading\" data-id=\"2447d18d\" data-element_type=\"widget\" data-e-type=\"widget\" data-widget_type=\"heading.default\">\n\t\t\t\t\t<h2 class=\"elementor-heading-title elementor-size-default\">Verndarh\u00e6ttir<\/h2>\t\t\t\t<\/div>\n\t\t<div class=\"elementor-element elementor-element-d5d0260c e-con-full e-flex e-con e-child\" data-id=\"d5d0260c\" data-element_type=\"container\" data-e-type=\"container\">\n\t\t\t\t<div class=\"elementor-element elementor-element-341be2ac elementor-widget elementor-widget-text-editor\" data-id=\"341be2ac\" data-element_type=\"widget\" data-e-type=\"widget\" data-widget_type=\"text-editor.default\">\n\t\t\t\t\t\t\t\t\t<p><strong>Tilbei\u00f0sluathafnir<\/strong><\/p><p>Amaterasu \u014cmikami (japanska \u5929\u7167\u5927\u5fa1\u795e, \u201eHimneskt l\u00fdsandi tign&#8220;) er s\u00f3largy\u00f0ja og form\u00f3\u00f0ir jap\u00f6nsku Tenn\u014d-\u00e6ttarins. A\u00f0altilbei\u00f0slusta\u00f0ur er Ise-Jing\u016b (innri <span class=\"iwg-fachbegriff\" data-tooltip=\"L\u00edtill helgur var\u00f0veislusta\u00f0ur e\u00f0a b\u00e6nasta\u00f0ur.\" tabindex=\"0\">helgista\u00f0ur<\/span>, Naik\u016b), sem samkv\u00e6mt hef\u00f0 var stofna\u00f0ur \u00e1ri\u00f0 4 f.Kr.<\/p><p><span data-nosnippet>\u00c1 20 \u00e1ra fresti er <span class=\"iwg-fachbegriff\" data-tooltip=\"L\u00edtill helgur var\u00f0veislusta\u00f0ur e\u00f0a b\u00e6nasta\u00f0ur.\" tabindex=\"0\">helgista\u00f0urinn<\/span> rifinn ni\u00f0ur og endurbygg\u00f0ur samkv\u00e6mt fornri hef\u00f0 (<em>Shikinen Seng\u016b<\/em>, s\u00ed\u00f0ast 2013). A\u00f0alh\u00e1t\u00ed\u00f0ir: <em>Hatsuhinode<\/em> (fyrsta s\u00f3laruppr\u00e1sar-<span class=\"iwg-fachbegriff\" data-tooltip=\"M\u00e1lleg \u00e1varpsath\u00f6fn manns til gu\u00f0s.\" tabindex=\"0\">b\u00e6n<\/span> um n\u00fd\u00e1r), <em>Tsukinami-sai<\/em> (m\u00e1na\u00f0arleg Ise-h\u00e1t\u00ed\u00f0). H\u00e1s\u00e6tistaka Tenn\u014d felur \u00ed s\u00e9r hina leynilegu <em>Daij\u014dsai<\/em>&#8211;<span class=\"iwg-fachbegriff\" data-tooltip=\"Skipul\u00f6g\u00f0 atbur\u00f0ar\u00f6\u00f0 t\u00e1kngerra athafna me\u00f0 tr\u00faarlega e\u00f0a menningarlega merkingu.\" tabindex=\"0\">helgiath\u00f6fn<\/span> me\u00f0 t\u00e1knr\u00e6nni yfirf\u00e6rslu s\u00f3larorku (sbr. Bock).<\/span><\/p><p><strong>\u00c1k\u00f6llun<\/strong><\/p><p>Norito-b\u00e6nir til Amaterasu fylgja elstu var\u00f0veittu form\u00falum japanska <span class=\"iwg-fachbegriff\" data-tooltip=\"Frumbyggjatr\u00faarbr\u00f6g\u00f0 Japans, m\u00f3tu\u00f0 af tilbei\u00f0slu kami.\" tabindex=\"0\">Shinto<\/span> (Engi-Shiki, 927 e.Kr.). Go\u00f0sagan um hellinn (Amaterasu dr\u00f3 sig \u00ed hl\u00e9 inn \u00ed Ame-no-Iwato-hellinn eftir sv\u00edvir\u00f0ingar Susanoo) er sett \u00e1 svi\u00f0 \u00ed Kagura-dansi, dans Ame-no-Uzume fyrir utan hellinn er upphaf japansks leikh\u00fass.<\/p><p><strong>Verndargripir og verndart\u00e1kn<\/strong><\/p><p>Ise-Omamori (verndargripir fr\u00e1 Ise-<span class=\"iwg-fachbegriff\" data-tooltip=\"L\u00edtill helgur var\u00f0veislusta\u00f0ur e\u00f0a b\u00e6nasta\u00f0ur.\" tabindex=\"0\">helgista\u00f0num<\/span>) eru \u00fatbreiddustu verndargripir Japans. Yata-no-Kagami (helgur spegill), eitt af \u00feremur r\u00edkist\u00e1knum, var\u00f0veittur \u00ed Naik\u016b, er talinn birtingarmynd hennar. S\u00f3larsk\u00edfuhengi \u00far bronsi\/gulli. Hi-no-Maru (japanski f\u00e1ninn) hefur t\u00e1knr\u00e6nar r\u00e6tur \u00ed s\u00f3larbirtingarmynd Amaterasu.<\/p>\t\t\t\t\t\t\t\t<\/div>\n\t\t\t\t<\/div>\n\t\t\t\t\t<\/div>\n\t\t\t\t<\/div>\n\t\t<div class=\"elementor-element elementor-element-5a584676 e-flex e-con-boxed e-con e-parent\" data-id=\"5a584676\" data-element_type=\"container\" data-e-type=\"container\">\n\t\t\t\t\t<div class=\"e-con-inner\">\n\t\t\t\t<div class=\"elementor-element elementor-element-6d0757bf elementor-widget elementor-widget-heading\" data-id=\"6d0757bf\" data-element_type=\"widget\" data-e-type=\"widget\" data-widget_type=\"heading.default\">\n\t\t\t\t\t<h2 class=\"elementor-heading-title elementor-size-default\">Amaterasu, hli\u00f0st\u00e6\u00f0ur \u00ed \u00f6\u00f0rum menningarheimum<\/h2>\t\t\t\t<\/div>\n\t\t<div class=\"elementor-element elementor-element-60563f68 e-con-full e-flex e-con e-child\" data-id=\"60563f68\" data-element_type=\"container\" data-e-type=\"container\">\n\t\t\t\t<div class=\"elementor-element elementor-element-5a93fdd6 elementor-widget elementor-widget-text-editor\" data-id=\"5a93fdd6\" data-element_type=\"widget\" data-e-type=\"widget\" data-widget_type=\"text-editor.default\">\n\t\t\t\t\t\t\t\t\t<p>Amaterasu l\u00edkist egypsku Ra (s\u00f3linni), gr\u00edsku Heliosi e\u00f0a Apollon, og ved\u00edsku S\u00farya. \u00d3l\u00edkt m\u00f6rgum s\u00f3lgu\u00f0um er Amaterasu kvenkyns, s\u00e9rst\u00e6\u00f0 sta\u00f0reynd sem hi\u00f0 fe\u00f0urveldislega Shint\u014d-yfirvald hefur lengi lagt \u00e1herslu \u00e1.<\/p><p>H\u00fan deilir einkennum me\u00f0 Inka-Inti (s\u00f3linni) og aztekska Tonacatecuhtli. S\u00e9rstakt er stj\u00f3rnskipulegt hlutverk hennar: \u00cd Japan er Amaterasu ekki einungis tr\u00faarleg heldur einnig stj\u00f3rnm\u00e1laleg, gu\u00f0legt vald hennar r\u00e9ttl\u00e6tir keisaraveldi\u00f0 sj\u00e1lft.<\/p>\t\t\t\t\t\t\t\t<\/div>\n\t\t\t\t<\/div>\n\t\t\t\t\t<\/div>\n\t\t\t\t<\/div>\n\t\t<div class=\"elementor-element elementor-element-cp4025b5e e-flex e-con-boxed e-con e-parent\" data-id=\"cp4025b5e\" data-element_type=\"container\" data-e-type=\"container\">\n\t\t\t\t\t<div class=\"e-con-inner\">\n\t\t\t\t<div class=\"elementor-element elementor-element-cp6dbbae6 elementor-widget elementor-widget-heading\" data-id=\"cp6dbbae6\" data-element_type=\"widget\" data-e-type=\"widget\" data-widget_type=\"heading.default\">\n\t\t\t\t\t<h2 class=\"elementor-heading-title elementor-size-default\">Go\u00f0sagan um klettahellinn \u00ed sm\u00e1atri\u00f0um<\/h2>\t\t\t\t<\/div>\n\t\t<div class=\"elementor-element elementor-element-cp5464d14 e-con-full e-flex e-con e-child\" data-id=\"cp5464d14\" data-element_type=\"container\" data-e-type=\"container\">\n\t\t\t\t<div class=\"elementor-element elementor-element-cpf8f5cf8 elementor-widget elementor-widget-text-editor\" data-id=\"cpf8f5cf8\" data-element_type=\"widget\" data-e-type=\"widget\" data-widget_type=\"text-editor.default\">\n\t\t\t\t\t\t\t\t\t<p>Fr\u00e6knasta sagan um Amaterasu er brotthvarf hennar inn \u00ed hina himnesku bergklettshelli, <em>Ama no Iwato<\/em>. H\u00fan er var\u00f0veitt \u00ed tveimur elstu s\u00f6guritum Japans, \u00ed <em>Kojiki<\/em> fr\u00e1 \u00e1rinu 712 og \u00ed <em>Nihon Shoki<\/em> fr\u00e1 \u00e1rinu 720, me\u00f0 nokkrum mun \u00ed sm\u00e1atri\u00f0um.<\/p><p>Tilefni\u00f0 er ofbeldisfull heg\u00f0un br\u00f3\u00f0ur hennar, Susanoo. Hann ey\u00f0ileggur hr\u00edsgrj\u00f3naakra, spillir helgum h\u00f6llum og kastar a\u00f0 lokum flegnu hrossi ni\u00f0ur \u00ed gegnum \u00feak vefstofunnar, \u00fear sem Amaterasu e\u00f0a \u00feernur hennar vefa helgan kl\u00e6\u00f0na\u00f0.<\/p><p>Skelku\u00f0 og m\u00f3\u00f0gu\u00f0 dregur Amaterasu sig inn \u00ed bergklettshellinn og lokar innganginum. \u00dear me\u00f0 hverfur lj\u00f3si\u00f0 \u00far heiminum; himinn og j\u00f6r\u00f0 s\u00f6kkva \u00ed myrkri, og alls kyns \u00f3gn br\u00fdst fram.<\/p><p>Hinir gu\u00f0irnir r\u00e1\u00f0gast \u00e1 \u201ehinu kyrra flj\u00f3tsbe\u00f0i himins\u201c. \u00deeir finna upp \u00e1 l\u00e6v\u00edsri r\u00e1\u00f0ager\u00f0.<\/p><p>\u00deeir gr\u00f3\u00f0ursetja <em>sakaki<\/em>-tr\u00e9, skreyta \u00fea\u00f0 me\u00f0 gimsteinum, kl\u00e6\u00f0ar\u00e6mum og spegli, l\u00e1ta fugla gala og f\u00e1 gy\u00f0juna Ame no Uzume til a\u00f0 taka upp \u00e6rslafullan, gamansaman dans. Samankomnir gu\u00f0irnir hl\u00e6ja svo h\u00e1tt a\u00f0 h\u00e1va\u00f0inn skekur allan himininn.<\/p><p>Amaterasu, forvitin um hvers vegna gu\u00f0irnir eru gla\u00f0ir \u00fer\u00e1tt fyrir myrkri\u00f0, opnar hellinn me\u00f0 sprungu.<\/p><p>Uzume segir a\u00f0 \u00e6\u00f0ri <span class=\"iwg-fachbegriff\" data-tooltip=\"Vera sem er d\u00fdrku\u00f0 sem gu\u00f0leg innan tr\u00faarbrag\u00f0a.\" tabindex=\"0\">go\u00f0m\u00f6gn<\/span> hafi birst og heldur speglinum upp fyrir hana. Undrandi \u00e1 eigin lj\u00f3ma st\u00edgur Amaterasu enn lengra fram, sterkur gu\u00f0 dregur hana a\u00f0 fullu fram, og reipi er strengt fyrir aftan hana svo h\u00fan sn\u00fai ekki til baka.<\/p><p>Lj\u00f3si\u00f0 sn\u00fdr aftur til heimsins. Fr\u00e6\u00f0imenn t\u00falka <span class=\"iwg-fachbegriff\" data-tooltip=\"Fornaldarsaga um gu\u00f0i, uppruna og skipan heimsins.\" tabindex=\"0\">go\u00f0s\u00f6guna<\/span> me\u00f0al annars sem endurspeglun helgisi\u00f0aathafna og sem s\u00f6gu um endurheimt hinnar himnesku skipulagsreglu.<\/p>\t\t\t\t\t\t\t\t<\/div>\n\t\t\t\t<\/div>\n\t\t\t\t\t<\/div>\n\t\t\t\t<\/div>\n\t\t<div class=\"elementor-element elementor-element-cp4fe5976 e-flex e-con-boxed e-con e-parent\" data-id=\"cp4fe5976\" data-element_type=\"container\" data-e-type=\"container\">\n\t\t\t\t\t<div class=\"e-con-inner\">\n\t\t\t\t<div class=\"elementor-element elementor-element-cpb11a8d8 elementor-widget elementor-widget-heading\" data-id=\"cpb11a8d8\" data-element_type=\"widget\" data-e-type=\"widget\" data-widget_type=\"heading.default\">\n\t\t\t\t\t<h2 class=\"elementor-heading-title elementor-size-default\">Amaterasu og Tenn\u014d: \u00e6ttarveldislegar undirst\u00f6\u00f0ur<\/h2>\t\t\t\t<\/div>\n\t\t<div class=\"elementor-element elementor-element-cp1353036 e-con-full e-flex e-con e-child\" data-id=\"cp1353036\" data-element_type=\"container\" data-e-type=\"container\">\n\t\t\t\t<div class=\"elementor-element elementor-element-cp361e622 elementor-widget elementor-widget-text-editor\" data-id=\"cp361e622\" data-element_type=\"widget\" data-e-type=\"widget\" data-widget_type=\"text-editor.default\">\n\t\t\t\t\t\t\t\t\t<p>Hin mi\u00f0l\u00e6ga stj\u00f3rnm\u00e1lalega \u00fe\u00fd\u00f0ing Amaterasu felst \u00ed hlutverki hennar sem forfa\u00f0ir hinnar jap\u00f6nsku keisara\u00e6ttar. Samkv\u00e6mt <em>Kojiki<\/em> og <em>Nihon Shoki<\/em> sendir Amaterasu sonarson sinn Ninigi til jar\u00f0ar til a\u00f0 r\u00edkja yfir landinu. H\u00fan gefur honum \u00ferj\u00e1 hluti sem taldir eru vera hin \u00ferj\u00fa tignarmerki Japans: spegilinn, hi\u00f0 bogna gimsteinsmerki og sver\u00f0i\u00f0.<\/p><p>Fr\u00e1 Ninigi er \u00e6ttartala Tenn\u014d, jap\u00f6nsku keisaranna, rakin samkv\u00e6mt go\u00f0sagnakenndri erf\u00f0askr\u00e1, en s\u00e1 fyrsti, Jimmu, er talinn sonarsonarsonur Ninigi. R\u00edki hinnar jap\u00f6nsku keisara\u00e6ttar er \u00feannig beinl\u00ednis raki\u00f0 til s\u00f3largy\u00f0junnar.<\/p><p>\u00deessi hugmyndasm\u00ed\u00f0 var ekki einungis <span class=\"iwg-fachbegriff\" data-tooltip=\"Fornaldarsaga um gu\u00f0i, uppruna og skipan heimsins.\" tabindex=\"0\">go\u00f0saga<\/span>, heldur stj\u00f3rnm\u00e1laleg \u00e1\u00e6tlun. B\u00e6\u00f0i s\u00f6guritin fr\u00e1 upphafi 8. aldar ur\u00f0u til \u00e1 t\u00edma \u00feegar hir\u00f0 Yamato var a\u00f0 treysta og l\u00f6gfesta yfirr\u00e1\u00f0 s\u00edn gagnvart \u00f6\u00f0rum \u00e6ttum.<\/p><p>Fr\u00e6\u00f0imenn benda \u00e1 a\u00f0 s\u00e9rsta\u00f0a Amaterasu innan hins mj\u00f6g st\u00f3ra gu\u00f0aheims <em><span class=\"iwg-fachbegriff\" data-tooltip=\"\u00cd jap\u00f6nskum Shint\u014d \u00feau d\u00fdrku\u00f0u andaverur og gu\u00f0legu m\u00e1ttarv\u00f6ld.\" tabindex=\"0\">kami<\/span><\/em> tengist beint uppgangi \u00feessarar tilteknu keisara\u00e6ttar. A\u00f0rar valdamiklar \u00e6ttir d\u00fdrku\u00f0u a\u00f0rar forfe\u00f0ragy\u00f0jur; a\u00f0 Amaterasu skyldi hlj\u00f3ta \u00e6\u00f0sta sess er birtingarmynd stj\u00f3rnm\u00e1lalegrar \u00fer\u00f3unar.<\/p><p>\u00deessi \u00e6ttarveldistengsl h\u00e9ldust \u00e1hrifamikil um aldir og var endurn\u00fdju\u00f0 \u00e1herslu l\u00f6g\u00f0 \u00e1 \u00feau \u00e1 19. og fram \u00e1 20. \u00f6ld \u00ed r\u00edkis-Shint\u014d. Eftir 1945 l\u00e9t Tenn\u014d af tr\u00faarlega-stj\u00f3rnm\u00e1lalegri kr\u00f6fu um gu\u00f0legan uppruna, en go\u00f0sagnakennda \u00e6ttartalan er \u00fe\u00f3 \u00e1fram hluti af var\u00f0veittri hef\u00f0 og h\u00e1t\u00ed\u00f0legri i\u00f0kun.<\/p>\t\t\t\t\t\t\t\t<\/div>\n\t\t\t\t<\/div>\n\t\t\t\t\t<\/div>\n\t\t\t\t<\/div>\n\t\t<div class=\"elementor-element elementor-element-cp0847b47 e-flex e-con-boxed e-con e-parent\" data-id=\"cp0847b47\" data-element_type=\"container\" data-e-type=\"container\">\n\t\t\t\t\t<div class=\"e-con-inner\">\n\t\t\t\t<div class=\"elementor-element elementor-element-cp6f8cf6a elementor-widget elementor-widget-heading\" data-id=\"cp6f8cf6a\" data-element_type=\"widget\" data-e-type=\"widget\" data-widget_type=\"heading.default\">\n\t\t\t\t\t<h2 class=\"elementor-heading-title elementor-size-default\">Ise-helgista\u00f0urinn og hinn helgi spegill<\/h2>\t\t\t\t<\/div>\n\t\t<div class=\"elementor-element elementor-element-cp489536e e-con-full e-flex e-con e-child\" data-id=\"cp489536e\" data-element_type=\"container\" data-e-type=\"container\">\n\t\t\t\t<div class=\"elementor-element elementor-element-cp551ea08 elementor-widget elementor-widget-text-editor\" data-id=\"cp551ea08\" data-element_type=\"widget\" data-e-type=\"widget\" data-widget_type=\"text-editor.default\">\n\t\t\t\t\t\t\t\t\t<p>Mikilv\u00e6gasti d\u00fdrkunarsta\u00f0ur Amaterasu er innri <span class=\"iwg-fachbegriff\" data-tooltip=\"L\u00edtill helgur var\u00f0veislu- e\u00f0a tilbei\u00f0slusta\u00f0ur.\" tabindex=\"0\">helgista\u00f0urinn<\/span> \u00ed Ise, <em>Naik\u016b<\/em>, \u00ed Mie-h\u00e9ra\u00f0i. \u00dear er hinn helgi spegill <em>Yata no Kagami<\/em> var\u00f0veittur, eitt af \u00feremur tignarmerkjum, sem tali\u00f0 er <span class=\"iwg-fachbegriff\" data-tooltip=\"T\u00e1kn sem stendur fyrir hugmynd e\u00f0a merkingu.\" tabindex=\"0\">t\u00e1kn<\/span> um n\u00e6rveru Amaterasu.<\/p><p>\u00cd <span class=\"iwg-fachbegriff\" data-tooltip=\"Mi\u00f0lun \u00feekkingar og sagna milli kynsl\u00f3\u00f0a.\" tabindex=\"0\">munnm\u00e6lum<\/span> er stofnun helgista\u00f0arins tengd vi\u00f0 prinsessuna Yamatohime, sem a\u00f0 skipun hir\u00f0arins leita\u00f0i eftir h\u00e6fum sta\u00f0 fyrir d\u00fdrkun gy\u00f0junnar og fann hann a\u00f0 lokum vi\u00f0 Isuzu-flj\u00f3ti\u00f0.<\/p><p>Ise-<span class=\"iwg-fachbegriff\" data-tooltip=\"L\u00edtill helgur var\u00f0veislu- e\u00f0a tilbei\u00f0slusta\u00f0ur.\" tabindex=\"0\">helgista\u00f0urinn<\/span> er byggingarlega mj\u00f6g einfaldur. Byggingarnar eru ger\u00f0ar \u00far \u00f3unnu s\u00fdprisvi\u00f0i og fylgja fornum st\u00edl sem er a\u00f0 mestu laus vi\u00f0 s\u00ed\u00f0ari k\u00ednversk \u00e1hrif. S\u00e9rstaklega \u00feekkt er venjan <em>Shikinen Seng\u016b<\/em>, hin h\u00e1t\u00ed\u00f0lega endurbygging a\u00f0albygginganna \u00e1 tuttugu \u00e1ra fresti \u00e1 a\u00f0liggjandi l\u00f3\u00f0.<\/p><p>\u00de\u00e1 er <span class=\"iwg-fachbegriff\" data-tooltip=\"L\u00edtill helgur var\u00f0veislu- e\u00f0a tilbei\u00f0slusta\u00f0ur.\" tabindex=\"0\">helgista\u00f0urinn<\/span> bygg\u00f0ur alveg upp \u00e1 n\u00fdtt \u00far n\u00fdju vi\u00f0i, og hinir helgu hlutir eru flutt \u00ed n\u00fdju bygginguna \u00ed h\u00e1t\u00ed\u00f0legri <span class=\"iwg-fachbegriff\" data-tooltip=\"H\u00e1t\u00ed\u00f0leg tr\u00faarleg skr\u00fa\u00f0ganga.\" tabindex=\"0\">skr\u00fa\u00f0g\u00f6ngu<\/span>. \u00deessi endurn\u00fdjun sameinar st\u00f6\u00f0ugleika og forgengileika og tryggir samt\u00edmis \u00e1framhaldandi mi\u00f0lun handverkskunn\u00e1ttu.<\/p><p>Innri hluti helgista\u00f0arins er almenningi \u00f3a\u00f0gengilegur; spegillinn sj\u00e1lfur er ekki s\u00fdndur neinum.<\/p><p>Fram \u00e1 n\u00fat\u00edma var Ise n\u00e1tengt keisara\u00e6ttinni, og um langan t\u00edma \u00fej\u00f3na\u00f0i keisaraleg prinsessa sem prestynja, <em>sai\u014d<\/em>, vi\u00f0 <span class=\"iwg-fachbegriff\" data-tooltip=\"L\u00edtill helgur var\u00f0veislu- e\u00f0a tilbei\u00f0slusta\u00f0ur.\" tabindex=\"0\">helgista\u00f0inn<\/span>. Tr\u00faarbrag\u00f0afr\u00e6\u00f0ilega er Ise mikilv\u00e6gur vi\u00f0mi\u00f0unarpunktur fyrir skilning \u00e1 Shint\u014d, \u00fev\u00ed \u00fear sameinast \u00e6ttarveldiskrafa, n\u00e1tt\u00farud\u00fdrkun og sterk hugmynd um hreinleika.<\/p>\t\t\t\t\t\t\t\t<\/div>\n\t\t\t\t<\/div>\n\t\t\t\t\t<\/div>\n\t\t\t\t<\/div>\n\t\t<div class=\"elementor-element elementor-element-cpa69bbe2 e-flex e-con-boxed e-con e-parent\" data-id=\"cpa69bbe2\" data-element_type=\"container\" data-e-type=\"container\">\n\t\t\t\t\t<div class=\"e-con-inner\">\n\t\t\t\t<div class=\"elementor-element elementor-element-cp0a72831 elementor-widget elementor-widget-heading\" data-id=\"cp0a72831\" data-element_type=\"widget\" data-e-type=\"widget\" data-widget_type=\"heading.default\">\n\t\t\t\t\t<h2 class=\"elementor-heading-title elementor-size-default\">S\u00f3largy\u00f0ja og kyn: opin umr\u00e6\u00f0a<\/h2>\t\t\t\t<\/div>\n\t\t<div class=\"elementor-element elementor-element-cp633d2fb e-con-full e-flex e-con e-child\" data-id=\"cp633d2fb\" data-element_type=\"container\" data-e-type=\"container\">\n\t\t\t\t<div class=\"elementor-element elementor-element-cpf549fb1 elementor-widget elementor-widget-text-editor\" data-id=\"cpf549fb1\" data-element_type=\"widget\" data-e-type=\"widget\" data-widget_type=\"text-editor.default\">\n\t\t\t\t\t\t\t\t\t<p>Amaterasu er kvenkyns s\u00f3largy\u00f0ja, sem er athyglisvert \u00ed samanbur\u00f0i tr\u00faarbrag\u00f0a, \u00fev\u00ed s\u00f3largu\u00f0ir eru \u00ed m\u00f6rgum menningarheimum hugsa\u00f0ir sem karlkyns. \u00deessi s\u00e9rsta\u00f0a hefur valdi\u00f0 vi\u00f0varandi umr\u00e6\u00f0um \u00ed fr\u00e6\u00f0unum.<\/p><p>Nokkrar eldri og einnig n\u00fdrri ranns\u00f3knir hafa haldi\u00f0 \u00fev\u00ed fram a\u00f0 s\u00f3largy\u00f0jan hafi upphaflega veri\u00f0 karlkyns e\u00f0a kynfer\u00f0islega \u00f3skilgreind og hafi or\u00f0i\u00f0 kvenkyns \u00ed t\u00edmans r\u00e1s <span class=\"iwg-fachbegriff\" data-tooltip=\"Mi\u00f0lun \u00feekkingar og fr\u00e1sagna milli kynsl\u00f3\u00f0a.\" tabindex=\"0\">munnm\u00e6las\u00f6gunnar<\/span>, e\u00f0a \u00f6fugt, a\u00f0 um forna kvenkyns s\u00f3ld\u00fdrkun s\u00e9 a\u00f0 r\u00e6\u00f0a.<\/p><p>V\u00edsbendingar um \u00feessa umr\u00e6\u00f0u koma fram \u00ed \u00f3samr\u00e6mi milli heimilda og \u00ed samanbur\u00f0i vi\u00f0 sta\u00f0bundnar d\u00fdrkanir. Heimildirnar gera \u00fe\u00f3 ekki m\u00f6gulegt a\u00f0 skera \u00far um m\u00e1li\u00f0 me\u00f0 vissu, og umr\u00e6\u00f0an er enn opin.<\/p><p>Tengdur \u00fe\u00e1ttur ranns\u00f3kna kannar hvort pers\u00f3na Amaterasu vinni \u00far eldri hugmynd um prestskonu e\u00f0a sjamana sem \u00fej\u00f3na\u00f0i s\u00f3largy\u00f0junni, \u00feannig a\u00f0 hin mennska millistig og <span class=\"iwg-fachbegriff\" data-tooltip=\"Vera sem er d\u00fdrku\u00f0 sem gu\u00f0leg innan tr\u00faarbrag\u00f0a.\" tabindex=\"0\">gu\u00f0d\u00f3murinn<\/span> runnu saman \u00ed <span class=\"iwg-fachbegriff\" data-tooltip=\"Mi\u00f0lun \u00feekkingar og fr\u00e1sagna milli kynsl\u00f3\u00f0a.\" tabindex=\"0\">munnm\u00e6las\u00f6gunni<\/span>. Einnig h\u00e9r er um tilg\u00e1tur a\u00f0 r\u00e6\u00f0a, ekki sta\u00f0festar ni\u00f0urst\u00f6\u00f0ur.<\/p><p>Fyrir tr\u00faarbrag\u00f0afr\u00e6\u00f0ilega flokkun er fyrst og fremst mikilv\u00e6gt a\u00f0 hafa \u00ed huga a\u00f0 kyn Amaterasu er \u00ed var\u00f0veittum textum \u00f3tv\u00edr\u00e6tt kvenkyns og a\u00f0 s\u00ed\u00f0ari tengingin vi\u00f0 keisaraemb\u00e6tti\u00f0, sem einnig var a\u00f0 mestu skili\u00f0 sem karlkyns, olli ekki frekari vandkv\u00e6\u00f0um \u00ed heimildunum.<\/p><p>N\u00fat\u00edmaumr\u00e6\u00f0an um uppruna og hugsanlegar breytingar \u00e1 kyni er \u00fev\u00ed fremur spurning um s\u00f6gulega endurger\u00f0 en var\u00f0veitta <span class=\"iwg-fachbegriff\" data-tooltip=\"Fr\u00e6\u00f0ileg kenning um gu\u00f0 og tr\u00fa innan tr\u00faarbrag\u00f0a.\" tabindex=\"0\">gu\u00f0fr\u00e6\u00f0i<\/span>. \u00deeir sem hafa \u00e1huga \u00e1 togstreitunni milli systkinanna finna frekari uppl\u00fdsingar \u00ed greininni um <a href=\"https:\/\/iwell-guard.com\/is\/?page_id=168807\">Susanoo<\/a> og \u00ed greininni um m\u00e1nagu\u00f0inn <a href=\"https:\/\/iwell-guard.com\/is\/?page_id=168811\">Tsukuyomi<\/a>.<\/p>\t\t\t\t\t\t\t\t<\/div>\n\t\t\t\t<\/div>\n\t\t\t\t\t<\/div>\n\t\t\t\t<\/div>\n\t\t<div class=\"elementor-element elementor-element-36dd7469 e-flex e-con-boxed e-con e-parent\" data-id=\"36dd7469\" data-element_type=\"container\" data-e-type=\"container\">\n\t\t\t\t\t<div class=\"e-con-inner\">\n\t\t\t\t<div class=\"elementor-element elementor-element-13760ab4 elementor-widget elementor-widget-heading\" data-id=\"13760ab4\" data-element_type=\"widget\" data-e-type=\"widget\" data-widget_type=\"heading.default\">\n\t\t\t\t\t<h3 class=\"elementor-heading-title elementor-size-default\">\u00cdtarefni og tenglar<\/h3>\t\t\t\t<\/div>\n\t\t<div class=\"elementor-element elementor-element-28c87796 e-con-full e-flex e-con e-child\" data-id=\"28c87796\" data-element_type=\"container\" data-e-type=\"container\">\n\t\t\t\t<div class=\"elementor-element elementor-element-5d6538df elementor-widget elementor-widget-text-editor\" data-id=\"5d6538df\" data-element_type=\"widget\" data-e-type=\"widget\" data-widget_type=\"text-editor.default\">\n\t\t\t\t\t\t\t\t\t<ul><li><a href=\"https:\/\/iwell-guard.com\/is\/?page_id=168811\">Tsukuyomi, m\u00e1nabr\u00f3\u00f0ir<\/a><\/li><li><a href=\"https:\/\/iwell-guard.com\/is\/?page_id=168770\">Izanami, m\u00f3\u00f0ir<\/a><\/li><li><a href=\"https:\/\/iwell-guard.com\/is\/?page_id=169086\">Inari, \u00f6nnur jap\u00f6nsk st\u00f3rgo\u00f0m\u00f6gn (hr\u00edsgrj\u00f3n og velmegun)<\/a><\/li><li><a href=\"https:\/\/iwell-guard.com\/is\/?page_id=168659\">Japan, yfirlit yfir go\u00f0aveldi<\/a><\/li><li><a href=\"https:\/\/iwell-guard.com\/is\/?page_id=168707\">St\u00f3rgo\u00f0m\u00f6gn, undirflokkur<\/a><\/li><li><a href=\"https:\/\/iwell-guard.com\/is\/?page_id=168679\">Gu\u00f0ir, yfirlit yfir flokka<\/a><\/li><\/ul>\t\t\t\t\t\t\t\t<\/div>\n\t\t\t\t<\/div>\n\t\t\t\t\t<\/div>\n\t\t\t\t<\/div>\n\t\t<div class=\"elementor-element elementor-element-grl4kl40 e-flex e-con-boxed e-con e-parent\" data-id=\"grl4kl40\" data-element_type=\"container\" data-e-type=\"container\">\n\t\t\t\t\t<div class=\"e-con-inner\">\n\t\t\t\t<div class=\"elementor-element elementor-element-bzsbfrmh elementor-widget elementor-widget-heading\" data-id=\"bzsbfrmh\" data-element_type=\"widget\" data-e-type=\"widget\" data-widget_type=\"heading.default\">\n\t\t\t\t\t<h2 class=\"elementor-heading-title elementor-size-default\">Heimildir og fr\u00e6\u00f0irit<\/h2>\t\t\t\t<\/div>\n\t\t<div class=\"elementor-element elementor-element-2c13224a e-con-full e-flex e-con e-child\" data-id=\"2c13224a\" data-element_type=\"container\" data-e-type=\"container\">\n\t\t\t\t<div class=\"elementor-element elementor-element-0eymh9ub elementor-widget elementor-widget-text-editor\" data-id=\"0eymh9ub\" data-element_type=\"widget\" data-e-type=\"widget\" data-widget_type=\"text-editor.default\">\n\t\t\t\t\t\t\t\t\t<footer class=\"iwg-literatur\" data-nosnippet=\"true\"><ul><li><span data-nosnippet>Aston, William G.: <em><span class=\"iwg-fachbegriff\" data-tooltip=\"Frumbyggjatr\u00fa Japans, m\u00f3tu\u00f0 af d\u00fdrkun kami.\" tabindex=\"0\">Shinto<\/span>. The Way of the Gods<\/em>. London 1905 (klass\u00edskt).<\/span><\/li><li><span data-nosnippet>Reader, Ian: <em>Religion in Contemporary Japan<\/em>. Honolulu 1991.<\/span><\/li><li><span data-nosnippet>Heldt, Gustav (\u00fe\u00fd\u00f0.): <em>The Kojiki. An Account of Ancient Matters<\/em>. New York 2014.<\/span><\/li><li>Walde, Christine (\u00fatg.): <em>Der Neue Pauly<\/em> (uppflettior\u00f0 \u201eAmaterasu\u201c).<\/li><\/ul><\/footer>\n<p class=\"iwg-bib-more\"><span data-nosnippet>Fleiri undirst\u00f6\u00f0urit \u00ed <a href=\"https:\/\/iwell-guard.com\/is\/?page_id=168730\">heimildaskr\u00e1nni<\/a>.<\/span><\/p>\t\t\t\t\t\t\t\t<\/div>\n\t\t\t\t<\/div>\n\t\t\t\t\t<\/div>\n\t\t\t\t<\/div>\n\t\t<div class=\"elementor-element elementor-element-7bae035 e-con-boxed e-flex e-con e-parent\" data-id=\"7bae035\" data-element_type=\"container\" data-e-type=\"container\">\n\t\t\t\t\t<div class=\"e-con-inner\">\n\t\t\t\t<div class=\"elementor-element elementor-element-4351f3d elementor-widget elementor-widget-text-editor\" data-id=\"4351f3d\" data-element_type=\"widget\" data-e-type=\"widget\" data-widget_type=\"text-editor.default\">\n\t\t\t\t\t\t\t\t\t\n<h2>Algengar spurningar um Amaterasu<\/h2>\n<div class=\"iwg-faq-q\"><h3>Hver er Amaterasu \u00ed japanskri <span class=\"iwg-fachbegriff\" data-tooltip=\"Heildarsafn go\u00f0sagna sem var\u00f0veist hafa innan tiltekinnar menningar.\" tabindex=\"0\">go\u00f0afr\u00e6\u00f0i<\/span>?<\/h3><p>Amaterasu \u014cmikami (japanska \u5929\u7167\u5927\u5fa1\u795e, hin mikla g\u00f6fuga gy\u00f0ja sem l\u00fdsir upp himininn) er \u00e6\u00f0sta <span class=\"iwg-fachbegriff\" data-tooltip=\"Vera sem d\u00fdrku\u00f0 er sem gu\u00f0leg innan tr\u00faarbrag\u00f0a.\" tabindex=\"0\">go\u00f0vera<\/span> japansks Shint\u014d-\u00e1tr\u00fana\u00f0ar, s\u00f3largy\u00f0jan og go\u00f0s\u00f6guleg form\u00f3\u00f0ir keisarafj\u00f6lskyldu Japans. H\u00fan er d\u00f3ttir Izanagi-no-Mikoto og systir Tsukuyomi (tunglgu\u00f0s) og Susanoo (stormgu\u00f0s).<\/p><p>H\u00f6fu\u00f0-<span class=\"iwg-fachbegriff\" data-tooltip=\"Helgur sta\u00f0ur tileinka\u00f0ur d\u00fdrkun go\u00f0veru.\" tabindex=\"0\">helgista\u00f0ur<\/span> hennar er Ise-<span class=\"iwg-fachbegriff\" data-tooltip=\"L\u00edtill helgur geymslu- e\u00f0a tilbei\u00f0slusta\u00f0ur.\" tabindex=\"0\">helgireitur<\/span> \u00ed Mie-h\u00e9ra\u00f0i, mikilv\u00e6gasti <span class=\"iwg-fachbegriff\" data-tooltip=\"L\u00edtill helgur geymslu- e\u00f0a tilbei\u00f0slusta\u00f0ur.\" tabindex=\"0\">helgireitur<\/span> Shint\u014d, sem er endurbygg\u00f0ur <span class=\"iwg-fachbegriff\" data-tooltip=\"Tilheyrir f\u00f6stu tr\u00faarlegu athafnaferli.\" tabindex=\"0\">helgisi\u00f0alega<\/span> \u00e1 tuttugu \u00e1ra fresti samkv\u00e6mt aldagamalli hef\u00f0 (Shikinen Seng\u016b-<span class=\"iwg-fachbegriff\" data-tooltip=\"Skipul\u00f6g\u00f0 r\u00f6\u00f0 t\u00e1knr\u00e6nna athafna me\u00f0 tr\u00faarlega e\u00f0a menningarlega merkingu.\" tabindex=\"0\">helgisi\u00f0ur<\/span>).<\/p><\/div>\n<div class=\"iwg-faq-q\"><h3>Hver er sagan af Amaterasu \u00ed hellinum?<\/h3><p>Kjarninn \u00ed Amaterasu-<span class=\"iwg-fachbegriff\" data-tooltip=\"Var\u00f0veitt fr\u00e1s\u00f6gn um gu\u00f0i, uppruna og skipan heimsins.\" tabindex=\"0\">go\u00f0s\u00f6gninni<\/span>: Eftir deilur vi\u00f0 hinn stormasama br\u00f3\u00f0ur sinn Susanoo dregur Amaterasu sig \u00ed hl\u00e9 inn \u00ed himneskan helli (Amano-Iwato) og lokar honum me\u00f0 st\u00f3rum steini. Heimurinn sekkur \u00ed myrkur.<\/p><p>Hinir gu\u00f0irnir safnast saman fyrir framan hellinn, hengja spegil \u00e1 tr\u00e9, skreyta anna\u00f0 tr\u00e9 me\u00f0 gimsteinum, og gy\u00f0jan Ame-no-Uzume dansar villtan, h\u00e1lfnakinn dans sem f\u00e6r hina gu\u00f0ina til a\u00f0 hl\u00e6ja.<\/p><p>Forvitin opnar Amaterasu rifu, s\u00e9r sitt eigi\u00f0 lj\u00f3s \u00ed speglinum og er dregin \u00fat af Tajikarao. Lj\u00f3si\u00f0 sn\u00fdr aftur.<\/p><\/div>\n<script type=\"application\/ld+json\">{\"@context\":\"https:\/\/schema.org\",\"@type\":\"FAQPage\",\"mainEntity\":[{\"@type\":\"Question\",\"name\":\"Hver er Amaterasu \u00ed japanskri go\u00f0afr\u00e6\u00f0i?\",\"acceptedAnswer\":{\"@type\":\"Answer\",\"text\":\"Amaterasu \u014cmikami (japanska \u5929\u7167\u5927\u5fa1\u795e, hin mikla g\u00f6fuga gy\u00f0ja sem l\u00fdsir upp himininn) er \u00e6\u00f0sta go\u00f0vera japansks Shint\u014d-\u00e1tr\u00fana\u00f0ar, s\u00f3largy\u00f0jan og go\u00f0s\u00f6guleg form\u00f3\u00f0ir keisarafj\u00f6lskyldu Japans. H\u00fan er d\u00f3ttir Izanagi-no-Mikoto og systir Tsukuyomi (tunglgu\u00f0s) og Susanoo (stormgu\u00f0s).H\u00f6fu\u00f0-helgista\u00f0ur hennar er Ise-helgireitur \u00ed Mie-h\u00e9ra\u00f0i, mikilv\u00e6gasti helgireitur Shint\u014d, sem er endurbygg\u00f0ur helgisi\u00f0alega \u00e1 tuttugu \u00e1ra fresti samkv\u00e6mt aldagamalli hef\u00f0 (Shikinen Seng\u016b-helgisi\u00f0ur).\"}},{\"@type\":\"Question\",\"name\":\"Hver er sagan af Amaterasu \u00ed hellinum?\",\"acceptedAnswer\":{\"@type\":\"Answer\",\"text\":\"Kjarninn \u00ed Amaterasu-go\u00f0s\u00f6gninni: Eftir deilur vi\u00f0 hinn stormasama br\u00f3\u00f0ur sinn Susanoo dregur Amaterasu sig \u00ed hl\u00e9 inn \u00ed himneskan helli (Amano-Iwato) og lokar honum me\u00f0 st\u00f3rum steini. Heimurinn sekkur \u00ed myrkur.Hinir gu\u00f0irnir safnast saman fyrir framan hellinn, hengja spegil \u00e1 tr\u00e9, skreyta anna\u00f0 tr\u00e9 me\u00f0 gimsteinum, og gy\u00f0jan Ame-no-Uzume dansar villtan, h\u00e1lfnakinn dans sem f\u00e6r hina gu\u00f0ina til a\u00f0 hl\u00e6ja.Forvitin opnar Amaterasu rifu, s\u00e9r sitt eigi\u00f0 lj\u00f3s \u00ed speglinum og er dregin \u00fat af Tajikarao. Lj\u00f3si\u00f0 sn\u00fdr aftur.\"}}]}<\/script>\t\t\t\t\t\t\t\t<\/div>\n\t\t\t\t\t<\/div>\n\t\t\t\t<\/div>\n\t\t\t\t<\/div>\n\t\t","protected":false},"excerpt":{"rendered":"","protected":false},"author":3,"featured_media":1602,"parent":0,"menu_order":0,"comment_status":"closed","ping_status":"closed","template":"elementor_header_footer","meta":{"_yoast_wpseo_focuskw":"Amaterasu s\u00f3largy\u00f0ja","_yoast_wpseo_title":"Amaterasu \u2013 s\u00f3lardrottning Japans","_yoast_wpseo_metadesc":"Amaterasu, s\u00f3lardrottning Japans. L\u00f6gm\u00e6ti keisarans, hi\u00f0 heilaga Ise-hof og hi\u00f0 mi\u00f0l\u00e6ga kami Shint\u014d. Go\u00f0s\u00f6gn, t\u00e1kn og merking fyrir r\u00edki\u00f0.","_yoast_wpseo_meta-robots-noindex":"","_yoast_wpseo_canonical":"","_angie_page":false,"gefaehrdungsstufe":"2","wesen_kultur":"japan","wesen_klasse":"goetter","footnotes":""},"categories":[],"class_list":["post-168810","page","type-page","status-publish","has-post-thumbnail","hentry"],"yoast_head":"<!-- This site is optimized with the Yoast SEO Premium plugin v27.7 (Yoast SEO v28.3) - https:\/\/yoast.com\/product\/yoast-seo-premium-wordpress\/ -->\n<title>Amaterasu \u2013 s\u00f3lardrottning Japans<\/title>\n<meta name=\"description\" content=\"Amaterasu, s\u00f3lardrottning Japans. L\u00f6gm\u00e6ti keisarans, hi\u00f0 heilaga Ise-hof og hi\u00f0 mi\u00f0l\u00e6ga kami Shint\u014d. Go\u00f0s\u00f6gn, t\u00e1kn og merking fyrir r\u00edki\u00f0.\" \/>\n<meta name=\"robots\" content=\"index, follow, max-snippet:-1, max-image-preview:large, max-video-preview:-1\" \/>\n<link rel=\"canonical\" href=\"https:\/\/iwell-guard.com\/is\/amaterasu\/\" \/>\n<meta property=\"og:locale\" content=\"is_IS\" \/>\n<meta property=\"og:type\" content=\"article\" \/>\n<meta property=\"og:title\" content=\"Amaterasu\" \/>\n<meta property=\"og:description\" content=\"Amaterasu, s\u00f3lardrottning Japans. L\u00f6gm\u00e6ti keisarans, hi\u00f0 heilaga Ise-hof og hi\u00f0 mi\u00f0l\u00e6ga kami Shint\u014d. Go\u00f0s\u00f6gn, t\u00e1kn og merking fyrir r\u00edki\u00f0.\" \/>\n<meta property=\"og:url\" content=\"https:\/\/iwell-guard.com\/is\/amaterasu\/\" \/>\n<meta property=\"og:site_name\" content=\"iWell Guard\" \/>\n<meta property=\"article:modified_time\" content=\"2026-09-05T14:19:58+00:00\" \/>\n<meta property=\"og:image\" content=\"https:\/\/iwell-guard.com\/wp-content\/uploads\/2026\/04\/goetter_japan_amaterasu.webp\" \/>\n\t<meta property=\"og:image:width\" content=\"1024\" \/>\n\t<meta property=\"og:image:height\" content=\"1536\" \/>\n\t<meta property=\"og:image:type\" content=\"image\/webp\" \/>\n<meta name=\"twitter:card\" content=\"summary_large_image\" \/>\n<script type=\"application\/ld+json\" class=\"yoast-schema-graph\">{\"@context\":\"https:\\\/\\\/schema.org\",\"@graph\":[{\"@type\":\"WebPage\",\"@id\":\"https:\\\/\\\/iwell-guard.com\\\/is\\\/amaterasu\\\/\",\"url\":\"https:\\\/\\\/iwell-guard.com\\\/is\\\/amaterasu\\\/\",\"name\":\"Amaterasu \u2013 s\u00f3lardrottning Japans\",\"isPartOf\":{\"@id\":\"https:\\\/\\\/iwell-guard.com\\\/is\\\/#website\"},\"primaryImageOfPage\":{\"@id\":\"https:\\\/\\\/iwell-guard.com\\\/is\\\/amaterasu\\\/#primaryimage\"},\"image\":{\"@id\":\"https:\\\/\\\/iwell-guard.com\\\/is\\\/amaterasu\\\/#primaryimage\"},\"thumbnailUrl\":\"https:\\\/\\\/iwell-guard.com\\\/wp-content\\\/uploads\\\/2026\\\/04\\\/goetter_japan_amaterasu.webp\",\"datePublished\":\"2026-09-05T14:03:10+00:00\",\"dateModified\":\"2026-09-05T14:19:58+00:00\",\"description\":\"Amaterasu, s\u00f3lardrottning Japans. L\u00f6gm\u00e6ti keisarans, hi\u00f0 heilaga Ise-hof og hi\u00f0 mi\u00f0l\u00e6ga kami Shint\u014d. Go\u00f0s\u00f6gn, t\u00e1kn og merking fyrir r\u00edki\u00f0.\",\"breadcrumb\":{\"@id\":\"https:\\\/\\\/iwell-guard.com\\\/is\\\/amaterasu\\\/#breadcrumb\"},\"inLanguage\":\"is\",\"potentialAction\":[{\"@type\":\"ReadAction\",\"target\":[\"https:\\\/\\\/iwell-guard.com\\\/is\\\/amaterasu\\\/\"]}]},{\"@type\":\"ImageObject\",\"inLanguage\":\"is\",\"@id\":\"https:\\\/\\\/iwell-guard.com\\\/is\\\/amaterasu\\\/#primaryimage\",\"url\":\"https:\\\/\\\/iwell-guard.com\\\/wp-content\\\/uploads\\\/2026\\\/04\\\/goetter_japan_amaterasu.webp\",\"contentUrl\":\"https:\\\/\\\/iwell-guard.com\\\/wp-content\\\/uploads\\\/2026\\\/04\\\/goetter_japan_amaterasu.webp\",\"width\":1024,\"height\":1536,\"caption\":\"Gu\u00f0ir \u00far japanskri hef\u00f0.\"},{\"@type\":\"BreadcrumbList\",\"@id\":\"https:\\\/\\\/iwell-guard.com\\\/is\\\/amaterasu\\\/#breadcrumb\",\"itemListElement\":[{\"@type\":\"ListItem\",\"position\":1,\"name\":\"Start\",\"item\":\"https:\\\/\\\/iwell-guard.com\\\/is\\\/?page_id=168580\"},{\"@type\":\"ListItem\",\"position\":2,\"name\":\"Amaterasu\"}]},{\"@type\":\"WebSite\",\"@id\":\"https:\\\/\\\/iwell-guard.com\\\/is\\\/#website\",\"url\":\"https:\\\/\\\/iwell-guard.com\\\/is\\\/\",\"name\":\"iWell Guard\",\"description\":\"Schutz vor dunklen Einfl\u00fcssen\",\"publisher\":{\"@id\":\"https:\\\/\\\/iwell-guard.com\\\/is\\\/#organization\"},\"potentialAction\":[{\"@type\":\"SearchAction\",\"target\":{\"@type\":\"EntryPoint\",\"urlTemplate\":\"https:\\\/\\\/iwell-guard.com\\\/is\\\/?s={search_term_string}\"},\"query-input\":{\"@type\":\"PropertyValueSpecification\",\"valueRequired\":true,\"valueName\":\"search_term_string\"}}],\"inLanguage\":\"is\"},{\"@type\":\"Organization\",\"@id\":\"https:\\\/\\\/iwell-guard.com\\\/is\\\/#organization\",\"name\":\"Ittermann electronic GmbH\",\"url\":\"https:\\\/\\\/iwell-guard.com\\\/is\\\/\",\"logo\":{\"@type\":\"ImageObject\",\"inLanguage\":\"is\",\"@id\":\"https:\\\/\\\/iwell-guard.com\\\/is\\\/#\\\/schema\\\/logo\\\/image\\\/\",\"url\":\"https:\\\/\\\/iwell-guard.com\\\/wp-content\\\/uploads\\\/2026\\\/05\\\/Ittermann-Logo-1182x237-1.png\",\"contentUrl\":\"https:\\\/\\\/iwell-guard.com\\\/wp-content\\\/uploads\\\/2026\\\/05\\\/Ittermann-Logo-1182x237-1.png\",\"width\":1182,\"height\":237,\"caption\":\"Ittermann electronic GmbH\"},\"image\":{\"@id\":\"https:\\\/\\\/iwell-guard.com\\\/is\\\/#\\\/schema\\\/logo\\\/image\\\/\"},\"sameAs\":[\"https:\\\/\\\/pantip.com\\\/profile\\\/9367242\",\"https:\\\/\\\/micro.blog\\\/iwellguard\",\"https:\\\/\\\/www.diggerslist.com\\\/iwellguard\\\/about\",\"https:\\\/\\\/skitterphoto.com\\\/photographers\\\/2870314\\\/iwell-guard\",\"https:\\\/\\\/iwellguard.wordpress.com\\\/2026\\\/06\\\/06\\\/iwell-guard\\\/\",\"https:\\\/\\\/hub.docker.com\\\/u\\\/iwellguard\",\"https:\\\/\\\/www.pinterest.com\\\/iwellguard\\\/\",\"https:\\\/\\\/bit.ly\\\/m\\\/iwellguard\",\"https:\\\/\\\/entre-vos-mains.alsace.eu\\\/profiles\\\/iwellguard\\\/activity\",\"https:\\\/\\\/gravatar.com\\\/reallybeded8fd34\",\"https:\\\/\\\/naijamatta.com\\\/iwellguard\",\"https:\\\/\\\/www.goodreads.com\\\/iwellguard\",\"https:\\\/\\\/profile.hatena.ne.jp\\\/iwellguard\\\/\",\"https:\\\/\\\/experiment.com\\\/users\\\/iwellguard\",\"https:\\\/\\\/wakelet.com\\\/@iWellGuard82270\",\"https:\\\/\\\/www.chordie.com\\\/forum\\\/profile.php?id=2555664\",\"https:\\\/\\\/www.instapaper.com\\\/p\\\/17757966\",\"https:\\\/\\\/www.mapleprimes.com\\\/users\\\/iwellguard\",\"https:\\\/\\\/businesslistingplus.com\\\/profile\\\/iwell-guard\\\/\",\"https:\\\/\\\/telegra.ph\\\/iWell-Guard-06-06\",\"https:\\\/\\\/pbase.com\\\/iwellguard\\\/iwellguard\",\"https:\\\/\\\/b.hatena.ne.jp\\\/iwellguard\\\/20260607#bookmark-4788405196491818882\",\"https:\\\/\\\/fliphtml5.com\\\/home\\\/iwellguard\",\"https:\\\/\\\/anyflip.com\\\/homepage\\\/cmiwl#About\",\"https:\\\/\\\/transfur.com\\\/Users\\\/iwellguard\",\"http:\\\/\\\/delphi.larsbo.org\\\/user\\\/iwellguard\",\"https:\\\/\\\/jobs.lajobsportal.org\\\/profiles\\\/8380803-iwell-guard\",\"https:\\\/\\\/md.chaosdorf.de\\\/s\\\/jfbe5SBdJD\",\"https:\\\/\\\/www.lingvolive.com\\\/en-us\\\/profile\\\/9ecaeaca-ce11-4e51-9e71-01d55e2bff36\\\/translations\",\"https:\\\/\\\/www.fitday.com\\\/fitness\\\/forums\\\/members\\\/iwellguard.html\",\"https:\\\/\\\/www.mymeetbook.com\\\/iwellguard\",\"https:\\\/\\\/pxhere.com\\\/en\\\/photographer-me\\\/5040798\",\"https:\\\/\\\/disqus.com\\\/by\\\/iwellguard\\\/about\\\/\",\"https:\\\/\\\/pastelink.net\\\/hjwciqwq\",\"https:\\\/\\\/pubhtml5.com\\\/homepage\\\/scjhn\\\/\",\"https:\\\/\\\/www.bitchute.com\\\/channel\\\/2O2eOKzNqujT\",\"https:\\\/\\\/audiomack.com\\\/iwellguard\"]},{\"@type\":\"Article\",\"@id\":\"https:\\\/\\\/iwell-guard.com\\\/is\\\/amaterasu\\\/#article\",\"isPartOf\":{\"@id\":\"https:\\\/\\\/iwell-guard.com\\\/is\\\/amaterasu\\\/\"},\"author\":{\"name\":\"Ralf Ittermann\",\"@id\":\"https:\\\/\\\/iwell-guard.com\\\/is\\\/#\\\/schema\\\/person\\\/ee2a27f1cac3406c7c6fb5820cb7349f\"},\"headline\":\"Amaterasu\",\"datePublished\":\"2026-09-05T14:03:10+00:00\",\"dateModified\":\"2026-09-05T14:19:58+00:00\",\"mainEntityOfPage\":{\"@id\":\"https:\\\/\\\/iwell-guard.com\\\/is\\\/amaterasu\\\/\"},\"publisher\":{\"@id\":\"https:\\\/\\\/iwell-guard.com\\\/is\\\/#organization\"},\"image\":{\"@id\":\"https:\\\/\\\/iwell-guard.com\\\/is\\\/amaterasu\\\/#primaryimage\"},\"thumbnailUrl\":\"https:\\\/\\\/iwell-guard.com\\\/wp-content\\\/uploads\\\/2026\\\/04\\\/goetter_japan_amaterasu.webp\",\"inLanguage\":\"is\",\"description\":\"Amaterasu, s\u00f3lardrottning Japans. L\u00f6gm\u00e6ti keisarans, hi\u00f0 heilaga Ise-hof og hi\u00f0 mi\u00f0l\u00e6ga kami Shint\u014d. Go\u00f0s\u00f6gn, t\u00e1kn og merking fyrir r\u00edki\u00f0.\"}]}<\/script>\n<!-- \/ Yoast SEO Premium plugin. -->","yoast_head_json":{"title":"Amaterasu \u2013 s\u00f3lardrottning Japans","description":"Amaterasu, s\u00f3lardrottning Japans. L\u00f6gm\u00e6ti keisarans, hi\u00f0 heilaga Ise-hof og hi\u00f0 mi\u00f0l\u00e6ga kami Shint\u014d. Go\u00f0s\u00f6gn, t\u00e1kn og merking fyrir r\u00edki\u00f0.","robots":{"index":"index","follow":"follow","max-snippet":"max-snippet:-1","max-image-preview":"max-image-preview:large","max-video-preview":"max-video-preview:-1"},"canonical":"https:\/\/iwell-guard.com\/is\/amaterasu\/","og_locale":"is_IS","og_type":"article","og_title":"Amaterasu","og_description":"Amaterasu, s\u00f3lardrottning Japans. L\u00f6gm\u00e6ti keisarans, hi\u00f0 heilaga Ise-hof og hi\u00f0 mi\u00f0l\u00e6ga kami Shint\u014d. Go\u00f0s\u00f6gn, t\u00e1kn og merking fyrir r\u00edki\u00f0.","og_url":"https:\/\/iwell-guard.com\/is\/amaterasu\/","og_site_name":"iWell Guard","article_modified_time":"2026-09-05T14:19:58+00:00","og_image":[{"width":1024,"height":1536,"url":"https:\/\/iwell-guard.com\/wp-content\/uploads\/2026\/04\/goetter_japan_amaterasu.webp","type":"image\/webp"}],"twitter_card":"summary_large_image","schema":{"@context":"https:\/\/schema.org","@graph":[{"@type":"Article","@id":"https:\/\/iwell-guard.com\/is\/amaterasu\/#article","isPartOf":{"@id":"https:\/\/iwell-guard.com\/is\/amaterasu\/"},"author":{"name":"Ralf Ittermann","@id":"https:\/\/iwell-guard.com\/is\/#\/schema\/person\/ee2a27f1cac3406c7c6fb5820cb7349f"},"headline":"Amaterasu","datePublished":"2026-09-05T14:03:10+00:00","dateModified":"2026-09-05T14:19:58+00:00","mainEntityOfPage":{"@id":"https:\/\/iwell-guard.com\/is\/amaterasu\/"},"publisher":{"@id":"https:\/\/iwell-guard.com\/is\/#organization"},"image":{"@id":"https:\/\/iwell-guard.com\/is\/amaterasu\/#primaryimage"},"thumbnailUrl":"https:\/\/iwell-guard.com\/wp-content\/uploads\/2026\/04\/goetter_japan_amaterasu.webp","inLanguage":"is","description":"Amaterasu, s\u00f3lardrottning Japans. L\u00f6gm\u00e6ti keisarans, hi\u00f0 heilaga Ise-hof og hi\u00f0 mi\u00f0l\u00e6ga kami Shint\u014d. Go\u00f0s\u00f6gn, t\u00e1kn og merking fyrir r\u00edki\u00f0."},{"@type":"WebPage","@id":"https:\/\/iwell-guard.com\/is\/amaterasu\/","url":"https:\/\/iwell-guard.com\/is\/amaterasu\/","name":"Amaterasu \u2013 s\u00f3lardrottning Japans","isPartOf":{"@id":"https:\/\/iwell-guard.com\/is\/#website"},"primaryImageOfPage":{"@id":"https:\/\/iwell-guard.com\/is\/amaterasu\/#primaryimage"},"image":{"@id":"https:\/\/iwell-guard.com\/is\/amaterasu\/#primaryimage"},"thumbnailUrl":"https:\/\/iwell-guard.com\/wp-content\/uploads\/2026\/04\/goetter_japan_amaterasu.webp","datePublished":"2026-09-05T14:03:10+00:00","dateModified":"2026-09-05T14:19:58+00:00","description":"Amaterasu, s\u00f3lardrottning Japans. L\u00f6gm\u00e6ti keisarans, hi\u00f0 heilaga Ise-hof og hi\u00f0 mi\u00f0l\u00e6ga kami Shint\u014d. Go\u00f0s\u00f6gn, t\u00e1kn og merking fyrir r\u00edki\u00f0.","breadcrumb":{"@id":"https:\/\/iwell-guard.com\/is\/amaterasu\/#breadcrumb"},"inLanguage":"is","potentialAction":[{"@type":"ReadAction","target":["https:\/\/iwell-guard.com\/is\/amaterasu\/"]}]},{"@type":"ImageObject","inLanguage":"is","@id":"https:\/\/iwell-guard.com\/is\/amaterasu\/#primaryimage","url":"https:\/\/iwell-guard.com\/wp-content\/uploads\/2026\/04\/goetter_japan_amaterasu.webp","contentUrl":"https:\/\/iwell-guard.com\/wp-content\/uploads\/2026\/04\/goetter_japan_amaterasu.webp","width":1024,"height":1536,"caption":"Gu\u00f0ir \u00far japanskri hef\u00f0."},{"@type":"BreadcrumbList","@id":"https:\/\/iwell-guard.com\/is\/amaterasu\/#breadcrumb","itemListElement":[{"@type":"ListItem","position":1,"name":"Start","item":"https:\/\/iwell-guard.com\/is\/?page_id=168580"},{"@type":"ListItem","position":2,"name":"Amaterasu"}]},{"@type":"WebSite","@id":"https:\/\/iwell-guard.com\/is\/#website","url":"https:\/\/iwell-guard.com\/is\/","name":"iWell Guard","description":"Schutz vor dunklen Einfl\u00fcssen","publisher":{"@id":"https:\/\/iwell-guard.com\/is\/#organization"},"potentialAction":[{"@type":"SearchAction","target":{"@type":"EntryPoint","urlTemplate":"https:\/\/iwell-guard.com\/is\/?s={search_term_string}"},"query-input":{"@type":"PropertyValueSpecification","valueRequired":true,"valueName":"search_term_string"}}],"inLanguage":"is"},{"@type":"Organization","@id":"https:\/\/iwell-guard.com\/is\/#organization","name":"Ittermann electronic GmbH","url":"https:\/\/iwell-guard.com\/is\/","logo":{"@type":"ImageObject","inLanguage":"is","@id":"https:\/\/iwell-guard.com\/is\/#\/schema\/logo\/image\/","url":"https:\/\/iwell-guard.com\/wp-content\/uploads\/2026\/05\/Ittermann-Logo-1182x237-1.png","contentUrl":"https:\/\/iwell-guard.com\/wp-content\/uploads\/2026\/05\/Ittermann-Logo-1182x237-1.png","width":1182,"height":237,"caption":"Ittermann electronic GmbH"},"image":{"@id":"https:\/\/iwell-guard.com\/is\/#\/schema\/logo\/image\/"},"sameAs":["https:\/\/pantip.com\/profile\/9367242","https:\/\/micro.blog\/iwellguard","https:\/\/www.diggerslist.com\/iwellguard\/about","https:\/\/skitterphoto.com\/photographers\/2870314\/iwell-guard","https:\/\/iwellguard.wordpress.com\/2026\/06\/06\/iwell-guard\/","https:\/\/hub.docker.com\/u\/iwellguard","https:\/\/www.pinterest.com\/iwellguard\/","https:\/\/bit.ly\/m\/iwellguard","https:\/\/entre-vos-mains.alsace.eu\/profiles\/iwellguard\/activity","https:\/\/gravatar.com\/reallybeded8fd34","https:\/\/naijamatta.com\/iwellguard","https:\/\/www.goodreads.com\/iwellguard","https:\/\/profile.hatena.ne.jp\/iwellguard\/","https:\/\/experiment.com\/users\/iwellguard","https:\/\/wakelet.com\/@iWellGuard82270","https:\/\/www.chordie.com\/forum\/profile.php?id=2555664","https:\/\/www.instapaper.com\/p\/17757966","https:\/\/www.mapleprimes.com\/users\/iwellguard","https:\/\/businesslistingplus.com\/profile\/iwell-guard\/","https:\/\/telegra.ph\/iWell-Guard-06-06","https:\/\/pbase.com\/iwellguard\/iwellguard","https:\/\/b.hatena.ne.jp\/iwellguard\/20260607#bookmark-4788405196491818882","https:\/\/fliphtml5.com\/home\/iwellguard","https:\/\/anyflip.com\/homepage\/cmiwl#About","https:\/\/transfur.com\/Users\/iwellguard","http:\/\/delphi.larsbo.org\/user\/iwellguard","https:\/\/jobs.lajobsportal.org\/profiles\/8380803-iwell-guard","https:\/\/md.chaosdorf.de\/s\/jfbe5SBdJD","https:\/\/www.lingvolive.com\/en-us\/profile\/9ecaeaca-ce11-4e51-9e71-01d55e2bff36\/translations","https:\/\/www.fitday.com\/fitness\/forums\/members\/iwellguard.html","https:\/\/www.mymeetbook.com\/iwellguard","https:\/\/pxhere.com\/en\/photographer-me\/5040798","https:\/\/disqus.com\/by\/iwellguard\/about\/","https:\/\/pastelink.net\/hjwciqwq","https:\/\/pubhtml5.com\/homepage\/scjhn\/","https:\/\/www.bitchute.com\/channel\/2O2eOKzNqujT","https:\/\/audiomack.com\/iwellguard"]},{"@type":"Person","@id":"https:\/\/iwell-guard.com\/is\/#\/schema\/person\/ee2a27f1cac3406c7c6fb5820cb7349f","name":"Ralf Ittermann","image":{"@type":"ImageObject","inLanguage":"is","@id":"https:\/\/secure.gravatar.com\/avatar\/073c0153e350a5005b68eb752b445fea71f6b24a26da9449ad7e155e6b446c9d?s=96&d=mm&r=g","url":"https:\/\/secure.gravatar.com\/avatar\/073c0153e350a5005b68eb752b445fea71f6b24a26da9449ad7e155e6b446c9d?s=96&d=mm&r=g","contentUrl":"https:\/\/secure.gravatar.com\/avatar\/073c0153e350a5005b68eb752b445fea71f6b24a26da9449ad7e155e6b446c9d?s=96&d=mm&r=g","caption":"Ralf Ittermann"},"givenName":"Ralf","familyName":"Ittermann","jobTitle":"Gesch\u00e4ftsf\u00fchrer und redaktioneller Verantwortlicher","url":"https:\/\/iwell-guard.com\/is\/author\/claude\/","description":"Ralf Ittermann ist Gesch\u00e4ftsf\u00fchrer der Ittermann electronic GmbH und redaktioneller Verantwortlicher des iWell-Guard-Lexikons. Er verbindet langj\u00e4hrige Erfahrung in der Pr\u00e4zisionsfertigung mit medialer Praxis und religionsgeschichtlicher Quellenarbeit.","worksFor":{"@type":"Organization","name":"Ittermann electronic GmbH","url":"https:\/\/ittermann.de\/","address":{"@type":"PostalAddress","streetAddress":"K\u00f6hlergasse 16-18","postalCode":"99842","addressLocality":"Ruhla","addressCountry":"DE"}},"knowsAbout":["Religionsgeschichte","Mythologie","Mediale Praxis","Energetische Diagnostik","Schutzpraxis","Volksglauben","Westliche Esoterik"]},{"@type":"Article","@id":"https:\/\/iwell-guard.com\/is\/amaterasu\/#article","isPartOf":{"@id":"https:\/\/iwell-guard.com\/is\/amaterasu\/"},"author":{"name":"Ralf Ittermann","@id":"https:\/\/iwell-guard.com\/is\/#\/schema\/person\/ee2a27f1cac3406c7c6fb5820cb7349f"},"headline":"Amaterasu","datePublished":"2026-09-05T14:03:10+00:00","dateModified":"2026-09-05T14:19:58+00:00","mainEntityOfPage":{"@id":"https:\/\/iwell-guard.com\/is\/amaterasu\/"},"publisher":{"@id":"https:\/\/iwell-guard.com\/is\/#organization"},"image":{"@id":"https:\/\/iwell-guard.com\/is\/amaterasu\/#primaryimage"},"thumbnailUrl":"https:\/\/iwell-guard.com\/wp-content\/uploads\/2026\/04\/goetter_japan_amaterasu.webp","inLanguage":"is","description":"Amaterasu, s\u00f3lardrottning Japans. L\u00f6gm\u00e6ti keisarans, hi\u00f0 heilaga Ise-hof og hi\u00f0 mi\u00f0l\u00e6ga kami Shint\u014d. Go\u00f0s\u00f6gn, t\u00e1kn og merking fyrir r\u00edki\u00f0."}]}},"_links":{"self":[{"href":"https:\/\/iwell-guard.com\/is\/wp-json\/wp\/v2\/pages\/168810","targetHints":{"allow":["GET"]}}],"collection":[{"href":"https:\/\/iwell-guard.com\/is\/wp-json\/wp\/v2\/pages"}],"about":[{"href":"https:\/\/iwell-guard.com\/is\/wp-json\/wp\/v2\/types\/page"}],"author":[{"embeddable":true,"href":"https:\/\/iwell-guard.com\/is\/wp-json\/wp\/v2\/users\/3"}],"replies":[{"embeddable":true,"href":"https:\/\/iwell-guard.com\/is\/wp-json\/wp\/v2\/comments?post=168810"}],"version-history":[{"count":0,"href":"https:\/\/iwell-guard.com\/is\/wp-json\/wp\/v2\/pages\/168810\/revisions"}],"wp:featuredmedia":[{"embeddable":true,"href":"https:\/\/iwell-guard.com\/is\/wp-json\/wp\/v2\/media\/1602"}],"wp:attachment":[{"href":"https:\/\/iwell-guard.com\/is\/wp-json\/wp\/v2\/media?parent=168810"}],"wp:term":[{"taxonomy":"category","embeddable":true,"href":"https:\/\/iwell-guard.com\/is\/wp-json\/wp\/v2\/categories?post=168810"}],"curies":[{"name":"wp","href":"https:\/\/api.w.org\/{rel}","templated":true}]}}