{"id":168808,"date":"2026-09-05T14:03:09","date_gmt":"2026-09-05T14:03:09","guid":{"rendered":"https:\/\/iwell-guard.com\/?page_id=168808"},"modified":"2026-09-05T14:19:57","modified_gmt":"2026-09-05T14:19:57","slug":"nabu","status":"publish","type":"page","link":"https:\/\/iwell-guard.com\/is\/nabu\/","title":{"rendered":"Nabu"},"content":{"rendered":"\t\t<div data-elementor-type=\"wp-page\" data-elementor-id=\"168808\" class=\"elementor elementor-168808 elementor-2080 elementor-bc-flex-widget\" data-elementor-post-type=\"page\">\n\t\t\t\t<div class=\"elementor-element elementor-element-10fdade e-flex e-con-boxed e-con e-parent\" data-id=\"10fdade\" data-element_type=\"container\" data-e-type=\"container\" data-settings=\"{&quot;background_background&quot;:&quot;classic&quot;}\">\n\t\t\t\t\t<div class=\"e-con-inner\">\n\t\t<div class=\"elementor-element elementor-element-herohlft0 e-flex e-con-boxed e-con e-child\" data-id=\"herohlft0\" data-element_type=\"container\" data-e-type=\"container\">\n\t\t\t\t\t<div class=\"e-con-inner\">\n\t\t<div class=\"elementor-element elementor-element-c3ceb64 e-con-full e-flex e-con e-child\" data-id=\"c3ceb64\" data-element_type=\"container\" data-e-type=\"container\">\n\t\t\t\t<div class=\"elementor-element elementor-element-96ae5e1 elementor-widget elementor-widget-heading\" data-id=\"96ae5e1\" data-element_type=\"widget\" data-e-type=\"widget\" data-widget_type=\"heading.default\">\n\t\t\t\t\t<h1 class=\"elementor-heading-title elementor-size-default\">Nabu, gu\u00f0 \u00far mes\u00f3p\u00f3tam\u00edskri hef\u00f0<\/h1>\t\t\t\t<\/div>\n\t\t\t\t<div class=\"elementor-element elementor-element-e45238a elementor-widget elementor-widget-text-editor\" data-id=\"e45238a\" data-element_type=\"widget\" data-e-type=\"widget\" data-widget_type=\"text-editor.default\">\n\t\t\t\t\t\t\t\t\t<p>Nabu er gu\u00f0 \u00far mes\u00f3p\u00f3tam\u00edskri hef\u00f0.<\/p><p><strong>Gu\u00f0 skriftlistarinnar, skrifari gu\u00f0anna, sonur Marduks.<\/strong> Nabu (einnig kalla\u00f0ur Nebo) er ekki m\u00e1ttugasti en einn af l\u00e6r\u00f0ustu gu\u00f0um Mes\u00f3p\u00f3tam\u00edu. Hann situr me\u00f0 penna og skrift\u00f6flu \u00ed Borsippa og skr\u00e1ir \u00f6rl\u00f6g hvers manns \u00e1 steint\u00f6flur heimsl\u00f6gm\u00e1lsins. \u00dear sem a\u00f0rir gu\u00f0ir r\u00edkja me\u00f0 eldingum og herna\u00f0i, r\u00edkir Nabu me\u00f0 or\u00f0inu. Skrif hans og form\u00e6lur eru grunnur allrar <span class=\"iwg-fachbegriff\" data-tooltip=\"A\u00f0fer\u00f0ir sem reyna a\u00f0 hafa \u00e1hrif \u00e1 framvindu hlutanna me\u00f0 s\u00e9rst\u00f6kum ath\u00f6fnum e\u00f0a form\u00falum.\" tabindex=\"0\">galdra<\/span> og l\u00f6gm\u00e1ls.\t\t\t\t\t\t\t\t<\/div>\n\t\t\t\t<\/div>\n\t\t<div class=\"elementor-element elementor-element-klsbdg01 e-con-full e-flex e-con e-parent\" data-id=\"klsbdg01\" data-element_type=\"container\" data-e-type=\"container\">\n\t\t\t\t<div class=\"elementor-element elementor-element-klshtm01 elementor-widget elementor-widget-html\" data-id=\"klshtm01\" data-element_type=\"widget\" data-e-type=\"widget\" data-widget_type=\"html.default\">\n\t\t\t\t\t<div class=\"iwg-pill-row\"><span class=\"iwg-klasse-badge\" tabindex=\"0\" data-tooltip=\"Gu\u00f0 \/ gy\u00f0ja: Pers\u00f3nugerving \u00e6\u00f0sta valds innan gu\u00f0aheims menningar, me\u00f0 sk\u00fdrum \u00e1byrg\u00f0arsvi\u00f0um, n\u00e1tt\u00faru\u00f6flum, \u00f6rl\u00f6gum, str\u00ed\u00f0i, frj\u00f3semi. Tignu\u00f0 me\u00f0 d\u00fdrkun, f\u00f3rnum og musterisstofnunum.\">Gu\u00f0<\/span><a href=\"https:\/\/iwell-guard.com\/is\/?page_id=168583\" class=\"iwg-kultur-badge\" tabindex=\"0\" data-tooltip=\"Vagga skjalfestrar tr\u00faarbrag\u00f0a, S\u00famer, Akkad, Bab\u00fdlon, Ass\u00fdr\u00eda (u.\u00fe.b. 3500 f.Kr. til 330 f.Kr.).\">Mes\u00f3p\u00f3tam\u00eda<\/a><\/div>\t\t\t\t<\/div>\n\t\t\t\t<\/div>\n\t\t<div class=\"elementor-element elementor-element-3f74855 e-con-full e-flex e-con e-child\" data-id=\"3f74855\" data-element_type=\"container\" data-e-type=\"container\">\n\t\t\t\t<div class=\"elementor-element elementor-element-1c30362 elementor-toc--minimized-on-tablet elementor-widget elementor-widget-table-of-contents\" data-id=\"1c30362\" data-element_type=\"widget\" data-e-type=\"widget\" data-settings=\"{&quot;exclude_headings_by_selector&quot;:[],&quot;no_headings_message&quot;:&quot;Engar undirfyrirsagnir fundust \\u00e1 \\u00feessari s\\u00ed\\u00f0u.&quot;,&quot;headings_by_tags&quot;:[&quot;h2&quot;,&quot;h3&quot;],&quot;marker_view&quot;:&quot;bullets&quot;,&quot;minimize_box&quot;:&quot;yes&quot;,&quot;icon&quot;:{&quot;value&quot;:&quot;fas fa-circle&quot;,&quot;library&quot;:&quot;fa-solid&quot;,&quot;rendered_tag&quot;:&quot;&lt;svg class=\\&quot;e-font-icon-svg e-fas-circle\\&quot; viewBox=\\&quot;0 0 512 512\\&quot; xmlns=\\&quot;http:\\\/\\\/www.w3.org\\\/2000\\\/svg\\&quot;&gt;&lt;path d=\\&quot;M256 8C119 8 8 119 8 256s111 248 248 248 248-111 248-248S393 8 256 8z\\&quot;&gt;&lt;\\\/path&gt;&lt;\\\/svg&gt;&quot;},&quot;minimized_on&quot;:&quot;tablet&quot;,&quot;hierarchical_view&quot;:&quot;yes&quot;,&quot;min_height&quot;:{&quot;unit&quot;:&quot;px&quot;,&quot;size&quot;:&quot;&quot;,&quot;sizes&quot;:[]},&quot;min_height_tablet&quot;:{&quot;unit&quot;:&quot;px&quot;,&quot;size&quot;:&quot;&quot;,&quot;sizes&quot;:[]},&quot;min_height_mobile&quot;:{&quot;unit&quot;:&quot;px&quot;,&quot;size&quot;:&quot;&quot;,&quot;sizes&quot;:[]}}\" data-widget_type=\"table-of-contents.default\">\n\t\t\t\t\t\t\t\t\t<div class=\"elementor-toc__header\">\n\t\t\t\t\t\t<h2 class=\"elementor-toc__header-title\">\n\t\t\t\tEfnisyfirlit\t\t\t<\/h2>\n\t\t\t\t\t\t\t\t\t\t<div class=\"elementor-toc__toggle-button elementor-toc__toggle-button--expand\" role=\"button\" tabindex=\"0\" aria-controls=\"elementor-toc__1c30362\" aria-expanded=\"true\" aria-label=\"Open table of contents\"><svg aria-hidden=\"true\" class=\"e-font-icon-svg e-fas-chevron-down\" viewBox=\"0 0 448 512\" xmlns=\"http:\/\/www.w3.org\/2000\/svg\"><path d=\"M207.029 381.476L12.686 187.132c-9.373-9.373-9.373-24.569 0-33.941l22.667-22.667c9.357-9.357 24.522-9.375 33.901-.04L224 284.505l154.745-154.021c9.379-9.335 24.544-9.317 33.901.04l22.667 22.667c9.373 9.373 9.373 24.569 0 33.941L240.971 381.476c-9.373 9.372-24.569 9.372-33.942 0z\"><\/path><\/svg><\/div>\n\t\t\t\t<div class=\"elementor-toc__toggle-button elementor-toc__toggle-button--collapse\" role=\"button\" tabindex=\"0\" aria-controls=\"elementor-toc__1c30362\" aria-expanded=\"true\" aria-label=\"Close table of contents\"><svg aria-hidden=\"true\" class=\"e-font-icon-svg e-fas-chevron-up\" viewBox=\"0 0 448 512\" xmlns=\"http:\/\/www.w3.org\/2000\/svg\"><path d=\"M240.971 130.524l194.343 194.343c9.373 9.373 9.373 24.569 0 33.941l-22.667 22.667c-9.357 9.357-24.522 9.375-33.901.04L224 227.495 69.255 381.516c-9.379 9.335-24.544 9.317-33.901-.04l-22.667-22.667c-9.373-9.373-9.373-24.569 0-33.941L207.03 130.525c9.372-9.373 24.568-9.373 33.941-.001z\"><\/path><\/svg><\/div>\n\t\t\t\t\t<\/div>\n\t\t\t\t<div id=\"elementor-toc__1c30362\" class=\"elementor-toc__body\">\n\t\t\t<div class=\"elementor-toc__spinner-container\">\n\t\t\t\t<svg class=\"elementor-toc__spinner eicon-animation-spin e-font-icon-svg e-eicon-loading\" aria-hidden=\"true\" viewBox=\"0 0 1000 1000\" xmlns=\"http:\/\/www.w3.org\/2000\/svg\"><path d=\"M500 975V858C696 858 858 696 858 500S696 142 500 142 142 304 142 500H25C25 237 238 25 500 25S975 237 975 500 763 975 500 975Z\"><\/path><\/svg>\t\t\t<\/div>\n\t\t<\/div>\n\t\t\t\t\t\t<\/div>\n\t\t\t\t<\/div>\n\t\t\t\t\t<\/div>\n\t\t\t\t<\/div>\n\t\t<div class=\"elementor-element elementor-element-herorght0 e-con-full e-flex e-con e-child\" data-id=\"herorght0\" data-element_type=\"container\" data-e-type=\"container\">\n\t\t\t\t<div class=\"elementor-element elementor-element-heroimg00 iwg-hero-image elementor-widget elementor-widget-image\" data-id=\"heroimg00\" data-element_type=\"widget\" data-e-type=\"widget\" data-widget_type=\"image.default\">\n\t\t\t\t\t\t\t\t\t\t\t\t\t\t\t<img fetchpriority=\"high\" decoding=\"async\" width=\"683\" height=\"1024\" src=\"https:\/\/iwell-guard.com\/wp-content\/uploads\/2026\/04\/goetter_mesopotamien_nabu-683x1024.webp\" class=\"attachment-large size-large wp-image-171065\" alt=\"Nabu - gu\u00f0ir \u00far mes\u00f3p\u00f3tam\u00edskri hef\u00f0, s\u00f6gulega myndskreytt\" srcset=\"https:\/\/iwell-guard.com\/wp-content\/uploads\/2026\/04\/goetter_mesopotamien_nabu-683x1024.webp 683w, https:\/\/iwell-guard.com\/wp-content\/uploads\/2026\/04\/goetter_mesopotamien_nabu-200x300.webp 200w, https:\/\/iwell-guard.com\/wp-content\/uploads\/2026\/04\/goetter_mesopotamien_nabu-768x1152.webp 768w, https:\/\/iwell-guard.com\/wp-content\/uploads\/2026\/04\/goetter_mesopotamien_nabu.webp 1024w\" sizes=\"(max-width: 683px) 100vw, 683px\" \/>\t\t\t\t\t\t\t\t\t\t\t\t\t\t\t<\/div>\n\t\t\t\t<\/div>\n\t\t\t\t\t<\/div>\n\t\t\t\t<\/div>\n\t\t<div class=\"elementor-element elementor-element-32917199 e-flex e-con-boxed e-con e-parent\" data-id=\"32917199\" data-element_type=\"container\" data-e-type=\"container\">\n\t\t\t\t\t<div class=\"e-con-inner\">\n\t\t<div class=\"elementor-element elementor-element-26e916cb e-flex e-con-boxed e-con e-child\" data-id=\"26e916cb\" data-element_type=\"container\" data-e-type=\"container\">\n\t\t\t\t\t<div class=\"e-con-inner\">\n\t\t<div class=\"elementor-element elementor-element-253a40d4 e-flex e-con-boxed e-con e-child\" data-id=\"253a40d4\" data-element_type=\"container\" data-e-type=\"container\">\n\t\t\t\t\t<div class=\"e-con-inner\">\n\t\t\t\t<div class=\"elementor-element elementor-element-1200c304 elementor-widget elementor-widget-heading\" data-id=\"1200c304\" data-element_type=\"widget\" data-e-type=\"widget\" data-widget_type=\"heading.default\">\n\t\t\t\t\t<h2 class=\"elementor-heading-title elementor-size-default\">Nabu<\/h2>\t\t\t\t<\/div>\n\t\t\t\t\t<\/div>\n\t\t\t\t<\/div>\n\t\t<div class=\"elementor-element elementor-element-159dcf9a e-flex e-con-boxed e-con e-child\" data-id=\"159dcf9a\" data-element_type=\"container\" data-e-type=\"container\">\n\t\t\t\t\t<div class=\"e-con-inner\">\n\t\t\t\t<div class=\"elementor-element elementor-element-48cee66f elementor-widget elementor-widget-heading\" data-id=\"48cee66f\" data-element_type=\"widget\" data-e-type=\"widget\" data-widget_type=\"heading.default\">\n\t\t\t\t\t<h2 class=\"elementor-heading-title elementor-size-default\">Stutt yfirlit: Nabu<\/h2>\t\t\t\t<\/div>\n\t\t\t\t<div class=\"elementor-element elementor-element-3f50d82c elementor-widget elementor-widget-text-editor\" data-id=\"3f50d82c\" data-element_type=\"widget\" data-e-type=\"widget\" data-widget_type=\"text-editor.default\">\n\t\t\t\t\t\t\t\t\t<p><strong>Tegund:<\/strong> Mes\u00f3p\u00f3tam\u00edsk h\u00f6fu\u00f0gu\u00f0, skrifara- og viskugu\u00f0<br><span class=\"iwg-fachbegriff\" data-tooltip=\"Heild gu\u00f0a tr\u00faarbrag\u00f0a e\u00f0a menningar.\" tabindex=\"0\">Pantheon<\/span>: Bab\u00fdlon, Assur (sonur Marduks)<br>Hlutverk: Skriftlist, \u00f6rlagat\u00f6flur, stj\u00f6rnufr\u00e6\u00f0i, viska<br>Meginkennileiti: Ritst\u00edll, leirtafla, h\u00e1r h\u00f6fu\u00f0b\u00fana\u00f0ur, dreki (Mu\u0161hu\u0161\u0161u)<br>Helstu d\u00fdrkunarsta\u00f0ir: Borsippa (a\u00f0alsta\u00f0ur d\u00fdrkunar, E-zida-<span class=\"iwg-fachbegriff\" data-tooltip=\"Bygging sem er tileinku\u00f0 d\u00fdrkun einnar e\u00f0a fleiri gu\u00f0a.\" tabindex=\"0\">hof<\/span>), Bab\u00fdlon, N\u00edn\u00edve<br>Stjarnfr\u00e6\u00f0ileg samsv\u00f6run: Merk\u00far<\/p>\t\t\t\t\t\t\t\t<\/div>\n\t\t\t\t\t<\/div>\n\t\t\t\t<\/div>\n\t\t\t\t\t<\/div>\n\t\t\t\t<\/div>\n\t\t\t\t\t<\/div>\n\t\t\t\t<\/div>\n\t\t<div class=\"elementor-element elementor-element-18613602 e-flex e-con-boxed e-con e-parent\" data-id=\"18613602\" data-element_type=\"container\" data-e-type=\"container\">\n\t\t\t\t\t<div class=\"e-con-inner\">\n\t\t\t\t<div class=\"elementor-element elementor-element-262b8a9f elementor-widget elementor-widget-heading\" data-id=\"262b8a9f\" data-element_type=\"widget\" data-e-type=\"widget\" data-widget_type=\"heading.default\">\n\t\t\t\t\t<h2 class=\"elementor-heading-title elementor-size-default\">Yfirlit<\/h2>\t\t\t\t<\/div>\n\t\t<div class=\"elementor-element elementor-element-46dcb7d e-con-full e-flex e-con e-child\" data-id=\"46dcb7d\" data-element_type=\"container\" data-e-type=\"container\">\n\t\t<div class=\"elementor-element elementor-element-61d3ab3 e-flex e-con-boxed e-con e-child\" data-id=\"61d3ab3\" data-element_type=\"container\" data-e-type=\"container\">\n\t\t\t\t\t<div class=\"e-con-inner\">\n\t\t\t\t<div class=\"elementor-element elementor-element-117c166 elementor-widget elementor-widget-heading\" data-id=\"117c166\" data-element_type=\"widget\" data-e-type=\"widget\" data-widget_type=\"heading.default\">\n\t\t\t\t\t<h3 class=\"elementor-heading-title elementor-size-default\">T\u00edmabil textanna<\/h3>\t\t\t\t<\/div>\n\t\t\t\t<div class=\"elementor-element elementor-element-73997a0 elementor-widget elementor-widget-text-editor\" data-id=\"73997a0\" data-element_type=\"widget\" data-e-type=\"widget\" data-widget_type=\"text-editor.default\">\n\t\t\t\t\t\t\t\t\t<p>Nabu er sta\u00f0festur allt fr\u00e1 fornbab\u00fdlonskum t\u00edma (frumhluta 2. \u00e1r\u00fe\u00fasunds f.Kr.). A\u00f0al bl\u00f3mat\u00edmi var \u00e1 n\u00fdbab\u00fdlonska t\u00edmanum (7.\u20136. \u00f6ld f.Kr.), \u00feegar Nabopolassar og Neb\u00fakadnesar II. l\u00e9tu byggja Borsippa-<span class=\"iwg-fachbegriff\" data-tooltip=\"Bygging sem er tileinku\u00f0 d\u00fdrkun einnar e\u00f0a fleiri gu\u00f0a.\" tabindex=\"0\">hofi\u00f0<\/span> E-zida upp \u00ed eina af mikilv\u00e6gustu byggingum Bab\u00fdlonar.<\/p><p>\u00c1 s\u00ed\u00f0achaimenska og seleuk\u00eddska t\u00edmanum var hann enn mi\u00f0l\u00e6gur, en me\u00f0 falli Bab\u00fdlonska r\u00edkisins (1. \u00f6ld e.Kr.) d\u00f3 <span class=\"iwg-fachbegriff\" data-tooltip=\"Heild tr\u00faarlegra d\u00fdrkunarathafna gagnvart gu\u00f0i e\u00f0a heilagri veru.\" tabindex=\"0\">d\u00fdrkunin<\/span> \u00fat.<\/p>\t\t\t\t\t\t\t\t<\/div>\n\t\t\t\t\t<\/div>\n\t\t\t\t<\/div>\n\t\t<div class=\"elementor-element elementor-element-d47b156 e-flex e-con-boxed e-con e-child\" data-id=\"d47b156\" data-element_type=\"container\" data-e-type=\"container\">\n\t\t\t\t\t<div class=\"e-con-inner\">\n\t\t\t\t<div class=\"elementor-element elementor-element-ff38c2b elementor-widget elementor-widget-heading\" data-id=\"ff38c2b\" data-element_type=\"widget\" data-e-type=\"widget\" data-widget_type=\"heading.default\">\n\t\t\t\t\t<h3 class=\"elementor-heading-title elementor-size-default\">\u00datbrei\u00f0slusv\u00e6\u00f0i<\/h3>\t\t\t\t<\/div>\n\t\t\t\t<div class=\"elementor-element elementor-element-4e49fcc elementor-widget elementor-widget-text-editor\" data-id=\"4e49fcc\" data-element_type=\"widget\" data-e-type=\"widget\" data-widget_type=\"text-editor.default\">\n\t\t\t\t\t\t\t\t\t<p>A\u00f0alsta\u00f0ur d\u00fdrkunar var <strong>Borsippa<\/strong> (n\u00fa Birs Nimrud, um 17 km su\u00f0ur af Bab\u00fdlon), me\u00f0 hi\u00f0 fr\u00e6ga <span class=\"iwg-fachbegriff\" data-tooltip=\"Bygging sem er tileinku\u00f0 d\u00fdrkun einnar e\u00f0a fleiri gu\u00f0a.\" tabindex=\"0\">hof<\/span> <em>E-zida<\/em>. Auk \u00feess Bab\u00fdlon (<span class=\"iwg-fachbegriff\" data-tooltip=\"Bygging sem er tileinku\u00f0 d\u00fdrkun einnar e\u00f0a fleiri gu\u00f0a.\" tabindex=\"0\">hof<\/span> \u00ed Esagila-samst\u00e6\u00f0unni), N\u00edn\u00edve (a\u00f0alsta\u00f0ur d\u00fdrkunar \u00ed Ass\u00fdr\u00edu), Kalhu (Nimrud, d\u00fdrkunarnisi \u00ed Ezida-hofinu \u00ed Kalhu).<\/p><p>\u00cd n\u00fdbab\u00fdlonska r\u00edkinu var hin \u00e1rlega Akitu-<span class=\"iwg-fachbegriff\" data-tooltip=\"H\u00e1t\u00ed\u00f0leg tr\u00faarleg skr\u00fa\u00f0ganga.\" tabindex=\"0\">skr\u00fa\u00f0ganga<\/span> mikilv\u00e6gur atbur\u00f0ur: Nabu fer\u00f0a\u00f0ist \u00e1 skipi fr\u00e1 Borsippa til Bab\u00fdlonar til a\u00f0 hitta Marduk.<\/p>\t\t\t\t\t\t\t\t<\/div>\n\t\t\t\t\t<\/div>\n\t\t\t\t<\/div>\n\t\t\t\t<\/div>\n\t\t<div class=\"elementor-element elementor-element-db03c39 e-con-full e-flex e-con e-child\" data-id=\"db03c39\" data-element_type=\"container\" data-e-type=\"container\">\n\t\t<div class=\"elementor-element elementor-element-229a87b e-flex e-con-boxed e-con e-child\" data-id=\"229a87b\" data-element_type=\"container\" data-e-type=\"container\">\n\t\t\t\t\t<div class=\"e-con-inner\">\n\t\t\t\t<div class=\"elementor-element elementor-element-1f471fc elementor-widget elementor-widget-heading\" data-id=\"1f471fc\" data-element_type=\"widget\" data-e-type=\"widget\" data-widget_type=\"heading.default\">\n\t\t\t\t\t<h3 class=\"elementor-heading-title elementor-size-default\">Heimildasta\u00f0a<\/h3>\t\t\t\t<\/div>\n\t\t\t\t<div class=\"elementor-element elementor-element-36b1201 elementor-widget elementor-widget-text-editor\" data-id=\"36b1201\" data-element_type=\"widget\" data-e-type=\"widget\" data-widget_type=\"text-editor.default\">\n\t\t\t\t\t\t\t\t\t<p>Meginheimildir: <em>Enuma Elish<\/em> (sonur Marduks), \u00e1letranir n\u00fdbab\u00fdlonskra konunga (Neb\u00fakadnesar, Nabon\u00eddus), <em>Erra<\/em>-kv\u00e6\u00f0i\u00f0 (nefnt), Ezida-\u00e1letranirnar fr\u00e1 Borsippa, <em>Nabu-hymninn<\/em>. S\u00e9rtexta: Pomponio, <em>Nab\u00fb. Il culto e la figura di un dio del <span class=\"iwg-fachbegriff\" data-tooltip=\"Heild gu\u00f0a tr\u00faarbrag\u00f0a e\u00f0a menningar.\" tabindex=\"0\">pantheon<\/span> babilonese ed assiro<\/em>; Lambert, <em>Babylonian Wisdom Literature<\/em>; Black\/Green, <em>Gods, Demons and Symbols<\/em>.<\/p>\t\t\t\t\t\t\t\t<\/div>\n\t\t\t\t\t<\/div>\n\t\t\t\t<\/div>\n\t\t\t\t<\/div>\n\t\t\t\t\t<\/div>\n\t\t\t\t<\/div>\n\t\t<div class=\"elementor-element elementor-element-3ae0637c e-flex e-con-boxed e-con e-parent\" data-id=\"3ae0637c\" data-element_type=\"container\" data-e-type=\"container\">\n\t\t\t\t\t<div class=\"e-con-inner\">\n\t\t\t\t<div class=\"elementor-element elementor-element-31d07739 elementor-widget elementor-widget-heading\" data-id=\"31d07739\" data-element_type=\"widget\" data-e-type=\"widget\" data-widget_type=\"heading.default\">\n\t\t\t\t\t<h2 class=\"elementor-heading-title elementor-size-default\">Nafn og afbrig\u00f0i<\/h2>\t\t\t\t<\/div>\n\t\t<div class=\"elementor-element elementor-element-b7642947 e-con-full e-flex e-con e-child\" data-id=\"b7642947\" data-element_type=\"container\" data-e-type=\"container\">\n\t\t\t\t<div class=\"elementor-element elementor-element-a086266 elementor-widget elementor-widget-text-editor\" data-id=\"a086266\" data-element_type=\"widget\" data-e-type=\"widget\" data-widget_type=\"text-editor.default\">\n\t\t\t\t\t\t\t\t\t<p>Nabu er s\u00fdndur sem ungur, skeggja\u00f0ur ma\u00f0ur me\u00f0 oddhvassan h\u00f6fu\u00f0b\u00fana\u00f0 e\u00f0a k\u00f3r\u00f3nu, oft sitjandi vi\u00f0 skriftbor\u00f0 e\u00f0a bogandi yfir leirt\u00f6flum. Kennileiti hans er ritst\u00edllinn (<em>kalam<\/em>) og skrift\u00f6flan.<\/p><p>Hann heldur \u00e1 t\u00ed\u00f0um \u00e1 b\u00f3kfelli e\u00f0a ber hina go\u00f0s\u00f6gulegu t\u00f6flu \u00f6rlaganna (<em>Tuppi \u0160\u012bm\u0101ti<\/em>). Stundum er skrifarafugl e\u00f0a dreki (skjaldard\u00fdr hans) s\u00fdndur vi\u00f0 hli\u00f0 hans. Litur hans er bl\u00e1r e\u00f0a purpur, tignarlegur og vitur.<\/p>\t\t\t\t\t\t\t\t<\/div>\n\t\t\t\t<\/div>\n\t\t\t\t\t<\/div>\n\t\t\t\t<\/div>\n\t\t<div class=\"elementor-element elementor-element-709a44a8 e-flex e-con-boxed e-con e-parent\" data-id=\"709a44a8\" data-element_type=\"container\" data-e-type=\"container\">\n\t\t\t\t\t<div class=\"e-con-inner\">\n\t\t\t\t<div class=\"elementor-element elementor-element-2f585873 elementor-widget elementor-widget-heading\" data-id=\"2f585873\" data-element_type=\"widget\" data-e-type=\"widget\" data-widget_type=\"heading.default\">\n\t\t\t\t\t<h2 class=\"elementor-heading-title elementor-size-default\">Einkenni<\/h2>\t\t\t\t<\/div>\n\t\t<div class=\"elementor-element elementor-element-70621c12 e-con-full e-flex e-con e-child\" data-id=\"70621c12\" data-element_type=\"container\" data-e-type=\"container\">\n\t\t\t\t<div class=\"elementor-element elementor-element-4296eb49 elementor-widget elementor-widget-text-editor\" data-id=\"4296eb49\" data-element_type=\"widget\" data-e-type=\"widget\" data-widget_type=\"text-editor.default\">\n\t\t\t\t\t\t\t\t\t<p>Nab\u00fa er gu\u00f0 skrifara, fr\u00e6\u00f0imanna og stj\u00f6rnufr\u00e6\u00f0inga. \u00deeir sem vildu l\u00e6ra a\u00f0 lesa og skrifa b\u00e1\u00f0u til Nab\u00fa. Prestar leitu\u00f0u r\u00e1\u00f0a hj\u00e1 honum vi\u00f0 t\u00falkun heilagra t\u00e1kna og fyrirbo\u00f0a. \u00cd t\u00f6fraath\u00f6fnum var nafn hans \u00e1kalla\u00f0, skrifleg <span class=\"iwg-fachbegriff\" data-tooltip=\"Tr\u00faarleg ath\u00f6fn \u00ed or\u00f0um sem \u00e1 a\u00f0 kalla fram e\u00f0a binda m\u00e1tt.\" tabindex=\"0\">s\u00e6ring<\/span> fr\u00e1 skrifara var m\u00e1ttug, \u00fev\u00ed Nab\u00fa sj\u00e1lfur blessa\u00f0i skriftina.<\/p><p>H\u00e1t\u00ed\u00f0 hans (<em>Nab\u00fa-<span class=\"iwg-fachbegriff\" data-tooltip=\"H\u00e1t\u00ed\u00f0leg tr\u00faarleg skr\u00fa\u00f0ganga.\" tabindex=\"0\">skr\u00fa\u00f0ganga<\/span><\/em>) var <span class=\"iwg-fachbegriff\" data-tooltip=\"H\u00e1t\u00ed\u00f0leg tr\u00faarleg skr\u00fa\u00f0ganga.\" tabindex=\"0\">skr\u00fa\u00f0ganga<\/span> fr\u00e1 Borsippa til Bab\u00fdlon, \u00fear sem hann heims\u00f3tti f\u00f6\u00f0ur sinn Marduk. Skrifarar og fr\u00e6\u00f0imenn d\u00fdrku\u00f0u hann sem verndard\u00fdrling sinn. B\u00f3kasafni\u00f0 \u00ed Nineve var <span class=\"iwg-fachbegriff\" data-tooltip=\"V\u00edgt hinu heilaga me\u00f0 tr\u00faarlegri ath\u00f6fn og \u00fear me\u00f0 teki\u00f0 \u00far hversdagsleikanum.\" tabindex=\"0\">helga\u00f0<\/span> Nab\u00fa, \u00f6ll \u00feekkingars\u00f6fn heyr\u00f0u undir vernd hans.<\/p><h3>\u00datlit og t\u00e1knm\u00e1l<\/h3><p><em>Nab\u00fa<\/em> er s\u00fdndur sem ungur ma\u00f0ur me\u00f0 h\u00e1a k\u00f3r\u00f3nu, berandi ritst\u00edl og t\u00f6flur. Hann er oft umkringdur b\u00f3krollum e\u00f0a b\u00f3kum. Heilagt d\u00fdr hans er hinn v\u00e6ngja\u00f0i dreki <em>Mushussu<\/em>, e\u00f0a stundum fugl sem ber bo\u00f0skap.<\/p><p><em>Nab\u00fa<\/em> kl\u00e6\u00f0ist oft bl\u00e1um e\u00f0a gr\u00e6num kl\u00e6\u00f0na\u00f0i, litum skriftarinnar og \u00feekkingarinnar. Griffill e\u00f0a fj\u00f6\u00f0ur er hans helsta <span class=\"iwg-fachbegriff\" data-tooltip=\"T\u00e1kn sem stendur fyrir hugmynd e\u00f0a merkingu.\" tabindex=\"0\">t\u00e1kn<\/span>. Augu hans eru sn\u00f6rp og fr\u00f3\u00f0, \u00fev\u00ed \u00feau sj\u00e1 allan hulinn sannleika. N\u00e6rveru hans umlykur lj\u00f3s sem t\u00e1knar greind og uppl\u00fdsingu.<\/p>\t\t\t\t\t\t\t\t<\/div>\n\t\t\t\t<\/div>\n\t\t\t\t\t<\/div>\n\t\t\t\t<\/div>\n\t\t<div class=\"elementor-element elementor-element-44e71476 e-flex e-con-boxed e-con e-parent\" data-id=\"44e71476\" data-element_type=\"container\" data-e-type=\"container\">\n\t\t\t\t\t<div class=\"e-con-inner\">\n\t\t\t\t<div class=\"elementor-element elementor-element-3c1fc3f0 elementor-widget elementor-widget-heading\" data-id=\"3c1fc3f0\" data-element_type=\"widget\" data-e-type=\"widget\" data-widget_type=\"heading.default\">\n\t\t\t\t\t<h2 class=\"elementor-heading-title elementor-size-default\">Skyndiyfirlit: Nabu<\/h2>\t\t\t\t<\/div>\n\t\t<div class=\"elementor-element elementor-element-84f33b8e e-con-full e-flex e-con e-child\" data-id=\"84f33b8e\" data-element_type=\"container\" data-e-type=\"container\">\n\t\t\t\t<div class=\"elementor-element elementor-element-hqkdc67p elementor-widget elementor-widget-text-editor\" data-id=\"hqkdc67p\" data-element_type=\"widget\" data-e-type=\"widget\" data-widget_type=\"text-editor.default\">\n\t\t\t\t\t\t\t\t\t<p>Mikilv\u00e6gustu \u00fe\u00e6ttir Nabu \u00ed hnotskurn. Eftirfarandi svi\u00f0 draga saman uppruna, hlutverk, \u00e1s\u00fdnd, d\u00fdrkun, t\u00e1kn og hli\u00f0st\u00e6\u00f0ur.<\/p>\t\t\t\t\t\t\t\t<\/div>\n\t\t\t\t<\/div>\n\t\t<div class=\"elementor-element elementor-element-pemmx7c5 e-con-full e-flex e-con e-child\" data-id=\"pemmx7c5\" data-element_type=\"container\" data-e-type=\"container\">\n\t\t<div class=\"elementor-element elementor-element-pemmx7c1 e-con-full e-flex e-con e-child\" data-id=\"pemmx7c1\" data-element_type=\"container\" data-e-type=\"container\">\n\t\t<div class=\"elementor-element elementor-element-qh9oavvu iwg-steckbrief-card e-flex e-con-boxed e-con e-child\" data-id=\"qh9oavvu\" data-element_type=\"container\" data-e-type=\"container\">\n\t\t\t\t\t<div class=\"e-con-inner\">\n\t\t\t\t<div class=\"elementor-element elementor-element-awzx8k2k elementor-widget elementor-widget-heading\" data-id=\"awzx8k2k\" data-element_type=\"widget\" data-e-type=\"widget\" data-widget_type=\"heading.default\">\n\t\t\t\t\t<div class=\"elementor-heading-title elementor-size-default\">Uppruni Nabus<\/div>\t\t\t\t<\/div>\n\t\t\t\t<div class=\"elementor-element elementor-element-x6rowhv0 elementor-widget elementor-widget-text-editor\" data-id=\"x6rowhv0\" data-element_type=\"widget\" data-e-type=\"widget\" data-widget_type=\"text-editor.default\">\n\t\t\t\t\t\t\t\t\t<p>Nabu er sonur Marduks og Sarpanitu. Eiginma\u00f0ur <em>Tashmetu<\/em> (gy\u00f0ju s\u00e1ttami\u00f0lunar). \u00cd gu\u00f0afr\u00e6\u00f0ilegri r\u00f6\u00f0 annarrar kynsl\u00f3\u00f0ar bab\u00fdlonska pantheonsins. \u00cd ass\u00fdr\u00edskri hef\u00f0 er hann metinn til jafns vi\u00f0 Marduk, og ass\u00fdr\u00edskir konungar bera oft nafni\u00f0 <em>Nabu-&#8230;<\/em> sem hluta af nafni s\u00ednu.<\/p>\t\t\t\t\t\t\t\t<\/div>\n\t\t\t\t\t<\/div>\n\t\t\t\t<\/div>\n\t\t<div class=\"elementor-element elementor-element-8e3o4kxs iwg-steckbrief-card e-flex e-con-boxed e-con e-child\" data-id=\"8e3o4kxs\" data-element_type=\"container\" data-e-type=\"container\">\n\t\t\t\t\t<div class=\"e-con-inner\">\n\t\t\t\t<div class=\"elementor-element elementor-element-08rkdgov elementor-widget elementor-widget-heading\" data-id=\"08rkdgov\" data-element_type=\"widget\" data-e-type=\"widget\" data-widget_type=\"heading.default\">\n\t\t\t\t\t<div class=\"elementor-heading-title elementor-size-default\">Markh\u00f3pur Nabus<\/div>\t\t\t\t<\/div>\n\t\t\t\t<div class=\"elementor-element elementor-element-uwjelx8s elementor-widget elementor-widget-text-editor\" data-id=\"uwjelx8s\" data-element_type=\"widget\" data-e-type=\"widget\" data-widget_type=\"text-editor.default\">\n\t\t\t\t\t\t\t\t\t<p>Verndargu\u00f0 ritlistar og l\u00e6rd\u00f3msmanna, ritarast\u00e9ttin var beint undir hans stj\u00f3rn. V\u00f6r\u00f0ur <em>\u00f6rlagataflnanna<\/em> (akkad\u00edska <em>tup \u0161im\u00e2ti<\/em>): \u00e1 \u00fe\u00e6r voru \u00f6rl\u00f6g allra manna og hluta skr\u00e1\u00f0. Verndargu\u00f0 stj\u00f6rnufr\u00e6\u00f0i og v\u00edsindalegrar i\u00f0kunar, stj\u00f6rnufr\u00e6\u00f0ingaprestar (<em>tup\u0161arr\u00fb<\/em>) voru taldir \u00fej\u00f3nar hans. Einnig \u00ed pers\u00f3nulegum <span class=\"iwg-fachbegriff\" data-tooltip=\"\u00d6ll tr\u00faarleg d\u00fdrkunarath\u00f6fn sem tileinku\u00f0 er gu\u00f0i e\u00f0a heilagri veru.\" tabindex=\"0\">helgisi\u00f0ad\u00fdrkun<\/span> verndargu\u00f0 allrar sk\u00f3la- og n\u00e1msi\u00f0kunar.<\/p>\t\t\t\t\t\t\t\t<\/div>\n\t\t\t\t\t<\/div>\n\t\t\t\t<\/div>\n\t\t<div class=\"elementor-element elementor-element-jm2n74ec iwg-steckbrief-card e-flex e-con-boxed e-con e-child\" data-id=\"jm2n74ec\" data-element_type=\"container\" data-e-type=\"container\">\n\t\t\t\t\t<div class=\"e-con-inner\">\n\t\t\t\t<div class=\"elementor-element elementor-element-8vufse4c elementor-widget elementor-widget-heading\" data-id=\"8vufse4c\" data-element_type=\"widget\" data-e-type=\"widget\" data-widget_type=\"heading.default\">\n\t\t\t\t\t<div class=\"elementor-heading-title elementor-size-default\">Form<\/div>\t\t\t\t<\/div>\n\t\t\t\t<div class=\"elementor-element elementor-element-mwb9u015 elementor-widget elementor-widget-text-editor\" data-id=\"mwb9u015\" data-element_type=\"widget\" data-e-type=\"widget\" data-widget_type=\"text-editor.default\">\n\t\t\t\t\t\t\t\t\t<p>Mannger\u00f0ur sem skeggja\u00f0ur karlma\u00f0ur me\u00f0 h\u00e1an h\u00f6fu\u00f0b\u00fana\u00f0 og langan, marglaga kl\u00e6\u00f0na\u00f0. Einkennandi eint\u00f6k: <em>ritst\u00edll<\/em> (s\u00famerska <em>gi-dub-ba<\/em>) og <em>leirtafla<\/em>, oft \u00e1 stalli e\u00f0a \u00ed hendi. \u00cd fylgd dreka-<span class=\"iwg-fachbegriff\" data-tooltip=\"Vera sem sameinar einkenni \u00fdmissa l\u00edfvera.\" tabindex=\"0\">samsettrar veru<\/span> <em>Mu\u0161hu\u0161\u0161u<\/em> (sem hann t\u00f3k yfir fr\u00e1 Marduk). \u00cd sm\u00e1steinaskur\u00f0i oft sitjandi me\u00f0 leirt\u00f6flu \u00e1 hn\u00e9nu. St\u00edlf\u00e6rt <span class=\"iwg-fachbegriff\" data-tooltip=\"Merki sem stendur fyrir hugmynd e\u00f0a merkingu.\" tabindex=\"0\">t\u00e1kn<\/span>: ritst\u00edll (samb\u00e6rilegt vi\u00f0 caduceus-staf).<\/p>\t\t\t\t\t\t\t\t<\/div>\n\t\t\t\t\t<\/div>\n\t\t\t\t<\/div>\n\t\t\t\t<\/div>\n\t\t<div class=\"elementor-element elementor-element-pemmx7c2 e-con-full e-flex e-con e-child\" data-id=\"pemmx7c2\" data-element_type=\"container\" data-e-type=\"container\">\n\t\t<div class=\"elementor-element elementor-element-37ss2yr6 iwg-steckbrief-card e-flex e-con-boxed e-con e-child\" data-id=\"37ss2yr6\" data-element_type=\"container\" data-e-type=\"container\">\n\t\t\t\t\t<div class=\"e-con-inner\">\n\t\t\t\t<div class=\"elementor-element elementor-element-3v0wp3wx elementor-widget elementor-widget-heading\" data-id=\"3v0wp3wx\" data-element_type=\"widget\" data-e-type=\"widget\" data-widget_type=\"heading.default\">\n\t\t\t\t\t<div class=\"elementor-heading-title elementor-size-default\">\u00c1hrif Nab\u00fa<\/div>\t\t\t\t<\/div>\n\t\t\t\t<div class=\"elementor-element elementor-element-w3247g2m elementor-widget elementor-widget-text-editor\" data-id=\"w3247g2m\" data-element_type=\"widget\" data-e-type=\"widget\" data-widget_type=\"text-editor.default\">\n\t\t\t\t\t\t\t\t\t<p><strong>Verksvi\u00f0:<\/strong> Nab\u00fa var \u00e1kalla\u00f0ur af \u00f6llum rit\u00f6rum og l\u00e6rd\u00f3msm\u00f6nnum. Ritarask\u00f3lar h\u00f3fu daginn me\u00f0 Nab\u00fa-<span class=\"iwg-fachbegriff\" data-tooltip=\"\u00c1varp manns til gu\u00f0s.\" tabindex=\"0\">b\u00e6n<\/span>. \u00cd pers\u00f3nulegri <span class=\"iwg-fachbegriff\" data-tooltip=\"\u00d6ll tr\u00faarleg d\u00fdrkunarath\u00f6fn sem tileinku\u00f0 er gu\u00f0i e\u00f0a heilagri veru.\" tabindex=\"0\">helgisi\u00f0ad\u00fdrkun<\/span> var hann be\u00f0inn um hagst\u00e6\u00f0a \u00f6rlagaskr\u00e1ningu, \u00fear sem <em>tup \u0161im\u00e2ti<\/em> voru talin r\u00e1\u00f0andi.<\/p><p><span class=\"iwg-fachbegriff\" data-tooltip=\"H\u00e1t\u00ed\u00f0leg tr\u00faarleg skr\u00fa\u00f0ganga.\" tabindex=\"0\">Skr\u00fa\u00f0ganga<\/span> Akitu-h\u00e1t\u00ed\u00f0ar Nab\u00fas fr\u00e1 Borsippa til Bab\u00fdlon (\u00ed m\u00e1nu\u00f0inum Nisan) var ein st\u00e6rsta \u00fej\u00f3\u00f0h\u00e1t\u00ed\u00f0 Mes\u00f3p\u00f3tam\u00edu. Konungar s\u00fdndu gu\u00f0r\u00e6kni s\u00edna me\u00f0 \u00fev\u00ed a\u00f0 taka \u00fe\u00e1tt \u00ed \u00feessari <span class=\"iwg-fachbegriff\" data-tooltip=\"H\u00e1t\u00ed\u00f0leg tr\u00faarleg skr\u00fa\u00f0ganga.\" tabindex=\"0\">skr\u00fa\u00f0g\u00f6ngu<\/span>.<\/p>\t\t\t\t\t\t\t\t<\/div>\n\t\t\t\t\t<\/div>\n\t\t\t\t<\/div>\n\t\t<div class=\"elementor-element elementor-element-0qpjal9w iwg-steckbrief-card e-flex e-con-boxed e-con e-child\" data-id=\"0qpjal9w\" data-element_type=\"container\" data-e-type=\"container\">\n\t\t\t\t\t<div class=\"e-con-inner\">\n\t\t\t\t<div class=\"elementor-element elementor-element-6ndoih0o elementor-widget elementor-widget-heading\" data-id=\"6ndoih0o\" data-element_type=\"widget\" data-e-type=\"widget\" data-widget_type=\"heading.default\">\n\t\t\t\t\t<div class=\"elementor-heading-title elementor-size-default\">Varnarform<\/div>\t\t\t\t<\/div>\n\t\t\t\t<div class=\"elementor-element elementor-element-6684tyh9 elementor-widget elementor-widget-text-editor\" data-id=\"6684tyh9\" data-element_type=\"widget\" data-e-type=\"widget\" data-widget_type=\"text-editor.default\">\n\t\t\t\t\t\t\t\t\t<p>Ritst\u00edll (gi-dub-ba), leirtafla, h\u00e1r h\u00f6fu\u00f0b\u00fana\u00f0ur, dreki (Mu\u0161hu\u0161\u0161u), stjarnfr\u00e6\u00f0ileg stjarna (Merk\u00far), staflar af sk\u00f3lat\u00f6flum. Pl\u00f6ntur: tamarisk (skrift\u00f6flur voru ger\u00f0ar \u00far tamarisk-vi\u00f0i), sedrusvi\u00f0ur. Heil\u00f6g tala: 14.<\/p>\t\t\t\t\t\t\t\t<\/div>\n\t\t\t\t\t<\/div>\n\t\t\t\t<\/div>\n\t\t<div class=\"elementor-element elementor-element-3lfi7x32 iwg-steckbrief-card e-flex e-con-boxed e-con e-child\" data-id=\"3lfi7x32\" data-element_type=\"container\" data-e-type=\"container\">\n\t\t\t\t\t<div class=\"e-con-inner\">\n\t\t\t\t<div class=\"elementor-element elementor-element-0kg99ga1 elementor-widget elementor-widget-heading\" data-id=\"0kg99ga1\" data-element_type=\"widget\" data-e-type=\"widget\" data-widget_type=\"heading.default\">\n\t\t\t\t\t<div class=\"elementor-heading-title elementor-size-default\">Tengdar verur<\/div>\t\t\t\t<\/div>\n\t\t\t\t<div class=\"elementor-element elementor-element-n0fum6kp elementor-widget elementor-widget-text-editor\" data-id=\"n0fum6kp\" data-element_type=\"widget\" data-e-type=\"widget\" data-widget_type=\"text-editor.default\">\n\t\t\t\t\t\t\t\t\t<p><em>\u00deot<\/em> (Egyptaland, ritara- og viskugu\u00f0, n\u00e1nast samsvarandi a\u00f0 hlutverki), <em>Hermes<\/em> (Grikkland, verndargu\u00f0 ritara, sendibo\u00f0i), <em>Merk\u00far\u00edus<\/em> (R\u00f3m, stjarnfr\u00e6\u00f0ilega samsvarandi \u00ed gegnum Merk\u00far), <em>Sarasvat\u00ed<\/em> (hind\u00faismi, gy\u00f0ja visku og ritunar), <em>Manj\u00fasr\u00ed<\/em> (b\u00faddismi, <span class=\"iwg-fachbegriff\" tabindex=\"0\" data-tooltip=\"\u00cd mahajana-b\u00faddisma upplj\u00f3mu\u00f0 vera sem frestar eigin frelsun til hagsb\u00f3ta fyrir a\u00f0rar verur me\u00f0 kenningunni.\">b\u00f3dhisattva<\/span> viskunnar), <em>M\u00edmir<\/em> (germ\u00f6nskt, viskubrunnurinn), <em>Ogma<\/em> (keltneskt, upphafsma\u00f0ur ogham-ritm\u00e1lsins).<\/p>\t\t\t\t\t\t\t\t<\/div>\n\t\t\t\t\t<\/div>\n\t\t\t\t<\/div>\n\t\t\t\t<\/div>\n\t\t\t\t<\/div>\n\t\t\t\t\t<\/div>\n\t\t\t\t<\/div>\n\t\t<div class=\"elementor-element elementor-element-7533bc7a e-flex e-con-boxed e-con e-parent\" data-id=\"7533bc7a\" data-element_type=\"container\" data-e-type=\"container\">\n\t\t\t\t\t<div class=\"e-con-inner\">\n\t\t\t\t<div class=\"elementor-element elementor-element-2447d18d elementor-widget elementor-widget-heading\" data-id=\"2447d18d\" data-element_type=\"widget\" data-e-type=\"widget\" data-widget_type=\"heading.default\">\n\t\t\t\t\t<h2 class=\"elementor-heading-title elementor-size-default\">Verndarh\u00e6ttir<\/h2>\t\t\t\t<\/div>\n\t\t<div class=\"elementor-element elementor-element-d5d0260c e-con-full e-flex e-con e-child\" data-id=\"d5d0260c\" data-element_type=\"container\" data-e-type=\"container\">\n\t\t\t\t<div class=\"elementor-element elementor-element-341be2ac elementor-widget elementor-widget-text-editor\" data-id=\"341be2ac\" data-element_type=\"widget\" data-e-type=\"widget\" data-widget_type=\"text-editor.default\">\n\t\t\t\t\t\t\t\t\t<h3>D\u00fdrkunarathafnir<\/h3><p>Nab\u00fa, gu\u00f0 skrifara og visku, haf\u00f0i h\u00f6fu\u00f0musteri sitt E-zida \u00ed Borsippa (8 km sunnan Bab\u00fdlon). Fa\u00f0ir hans Marduk og hann myndu\u00f0u mi\u00f0l\u00e6ga fe\u00f0ga-gu\u00f0atvennd.<\/p><p>\u00c1 n\u00fd\u00e1rsh\u00e1t\u00ed\u00f0inni <em>ak\u012btu<\/em> var stytta Nab\u00fas flutt \u00ed skr\u00fa\u00f0g\u00f6ngu fr\u00e1 Borsippa til Bab\u00fdlon, \u00e1tta daga h\u00e1t\u00ed\u00f0 me\u00f0 konunglegri au\u00f0m\u00fdkt frammi fyrir Marduk. Skrifaranemar hei\u00f0ru\u00f0u Nab\u00fa me\u00f0 t\u00f6fluv\u00edgslum (leirkeilur me\u00f0 st\u00f6\u00f0lu\u00f0um or\u00f0atilt\u00e6kjum \u00far hversdagsl\u00edfi <em>Edubba<\/em>-sk\u00f3lans, sbr. Bott\u00e9ro).<\/p><h3>\u00c1kall<\/h3><p>\u201eNab\u00fa-s\u00e1lmurinn fr\u00e1 Eridu&#8220; (BWL 113-115) lofsyngur hann sem \u201er\u0113\u02bei m\u0101ti&#8220; (hir\u00f0i landsins). Vi\u00f0 samningsger\u00f0ir voru reyrpenni og skrifartafla Nab\u00fas \u00e1k\u00f6llu\u00f0 sem \u00e1byrg\u00f0ara\u00f0ilar. Dagleg reyrpenna-<span class=\"iwg-fachbegriff\" data-tooltip=\"M\u00e1lleg \u00e1v\u00f6rpun manns til gu\u00f0d\u00f3ms.\" tabindex=\"0\">b\u00e6n<\/span> skrifaranna h\u00f3fst \u201eNab\u00fb \u0161\u016bp\u016b q\u0101t\u012bya&#8220; (Nab\u00fa, fullkomna hendur m\u00ednar).<\/p><h3>Verndargripir og verndart\u00e1kn<\/h3><p>Reyrpenni (qan-\u1e6duppi) me\u00f0 t\u00f6flu, hi\u00f0 t\u00e1knr\u00e6na <span class=\"iwg-fachbegriff\" data-tooltip=\"T\u00e1kn sem stendur fyrir hugmynd e\u00f0a merkingu.\" tabindex=\"0\">t\u00e1kn<\/span> Nab\u00fas, birtist \u00e1 bab\u00fdlonskum og ass\u00fdrskum landamerkjasteinum (kudurru, sbr. Slanski). Verndandi leirs\u00edvalningar me\u00f0 \u00e1prentu\u00f0um textum undir h\u00fasdyrum \u00e1ttu a\u00f0 vernda \u00feekkingu, ritlist og samninga. Heilagt d\u00fdr hans er mu\u0161\u1e2bu\u0161\u0161u (sl\u00f6ngudrekinn), sj\u00e1 m\u00e1 hann \u00e1 Ishtar-hli\u00f0i Bab\u00fdlonar.<\/p>\t\t\t\t\t\t\t\t<\/div>\n\t\t\t\t<\/div>\n\t\t\t\t\t<\/div>\n\t\t\t\t<\/div>\n\t\t<div class=\"elementor-element elementor-element-5a584676 e-flex e-con-boxed e-con e-parent\" data-id=\"5a584676\" data-element_type=\"container\" data-e-type=\"container\">\n\t\t\t\t\t<div class=\"e-con-inner\">\n\t\t\t\t<div class=\"elementor-element elementor-element-6d0757bf elementor-widget elementor-widget-heading\" data-id=\"6d0757bf\" data-element_type=\"widget\" data-e-type=\"widget\" data-widget_type=\"heading.default\">\n\t\t\t\t\t<h2 class=\"elementor-heading-title elementor-size-default\">Nab\u00fa, hli\u00f0st\u00e6\u00f0ur \u00ed \u00f6\u00f0rum menningarheimum<\/h2>\t\t\t\t<\/div>\n\t\t<div class=\"elementor-element elementor-element-60563f68 e-con-full e-flex e-con e-child\" data-id=\"60563f68\" data-element_type=\"container\" data-e-type=\"container\">\n\t\t\t\t<div class=\"elementor-element elementor-element-5a93fdd6 elementor-widget elementor-widget-text-editor\" data-id=\"5a93fdd6\" data-element_type=\"widget\" data-e-type=\"widget\" data-widget_type=\"text-editor.default\">\n\t\t\t\t\t\t\t\t\t<p>Nab\u00fa svipar til egypska gu\u00f0sins \u00deots, b\u00e1\u00f0ir eru gu\u00f0ir ritm\u00e1ls, visku og t\u00f6fraor\u00f0a. Me\u00f0 gr\u00edska gu\u00f0inum Hermes deilir hann hlutverki millig\u00f6ngumanns og valdi yfir tungum\u00e1linu. \u00cd hebreskri hef\u00f0 er engin bein hli\u00f0st\u00e6\u00f0a, en pers\u00f3nan ber einkenni or\u00f0sins <em>Dabar Adonai<\/em> (or\u00f0 Gu\u00f0s).<\/p><p>\u00cd indverskri menningu m\u00e6tti bera hann saman vi\u00f0 Saraswati, gy\u00f0ju tungum\u00e1ls, lista og visku. Nab\u00fa er s\u00e1 eini gu\u00f0 sem glatast ekki me\u00f0 \u00fe\u00f6gninni, heldur lifir \u00e1fram \u00ed t\u00f6flunum og <span class=\"iwg-fachbegriff\" data-tooltip=\"Bygging sem er tileinku\u00f0 d\u00fdrkun einnar e\u00f0a fleiri gu\u00f0vera.\" tabindex=\"0\">hofunum<\/span> sem bera nafn hans.<\/p>\t\t\t\t\t\t\t\t<\/div>\n\t\t\t\t<\/div>\n\t\t\t\t\t<\/div>\n\t\t\t\t<\/div>\n\t\t<div class=\"elementor-element elementor-element-cp755c94f e-flex e-con-boxed e-con e-parent\" data-id=\"cp755c94f\" data-element_type=\"container\" data-e-type=\"container\">\n\t\t\t\t\t<div class=\"e-con-inner\">\n\t\t\t\t<div class=\"elementor-element elementor-element-cp9781a58 elementor-widget elementor-widget-heading\" data-id=\"cp9781a58\" data-element_type=\"widget\" data-e-type=\"widget\" data-widget_type=\"heading.default\">\n\t\t\t\t\t<h2 class=\"elementor-heading-title elementor-size-default\">Nab\u00fa og ritlistin: gu\u00f0 t\u00f6flunnar og st\u00edlsins<\/h2>\t\t\t\t<\/div>\n\t\t<div class=\"elementor-element elementor-element-cp3dd17cb e-con-full e-flex e-con e-child\" data-id=\"cp3dd17cb\" data-element_type=\"container\" data-e-type=\"container\">\n\t\t\t\t<div class=\"elementor-element elementor-element-cp36a4fd7 elementor-widget elementor-widget-text-editor\" data-id=\"cp36a4fd7\" data-element_type=\"widget\" data-e-type=\"widget\" data-widget_type=\"text-editor.default\">\n\t\t\t\t\t\t\t\t\t<p>Nabu var \u00ed bab\u00fdlonska og ass\u00fdr\u00edska <span class=\"iwg-fachbegriff\" data-tooltip=\"Heild gu\u00f0anna \u00ed tr\u00faarbr\u00f6g\u00f0um e\u00f0a menningu.\" tabindex=\"0\">go\u00f0aveldinu<\/span> (Pantheon) talinn gu\u00f0 ritlistarinnar, l\u00e6rd\u00f3msins og viskunnar. Mikilv\u00e6gasta einkennist\u00e1kn hans er st\u00edllinn sem nota\u00f0ur var til a\u00f0 skrifa \u00e1 leirt\u00f6flur.<\/p><p>\u00cd textum og myndverkum kemur hann fram sem s\u00e1 er heldur \u00e1 st\u00edlnum, og honum var eignu\u00f0 umsj\u00f3n me\u00f0 \u00f6rlagat\u00f6flunum, \u00fear sem \u00f6rl\u00f6g manna og heimsins voru skr\u00e1\u00f0.<\/p><p>\u00deetta hlutverk veitti Nabu s\u00e9rst\u00f6\u00f0u gagnvart skrifurum og l\u00e6rd\u00f3msm\u00f6nnum, sem mynda\u00f0u \u00ed Mes\u00f3p\u00f3tam\u00edu s\u00e9rstaka, h\u00e1tt metna st\u00e9tt. Skrifarar k\u00f6llu\u00f0u sig oft berum or\u00f0um \u00fej\u00f3na Nabu, og b\u00f3kas\u00f6fn og skjalas\u00f6fn voru undir hans verndarv\u00e6ng.<\/p><p>Hi\u00f0 fr\u00e6ga b\u00f3kasafn ass\u00fdr\u00edska konungsins Ass\u00farban\u00edpals \u00ed N\u00ednive, \u00fea\u00f0an sem st\u00f3r hluti var\u00f0veittra mes\u00f3p\u00f3tam\u00edskra b\u00f3kmennta er kominn, var tengt Nabu, og lokaor\u00f0 leirtaflna nefna gu\u00f0inn \u00ed blessunarform\u00falum.<\/p><p>Tengslin milli ritm\u00e1ls, \u00feekkingar og \u00f6rlaga eru engin tilviljun. \u00cd hugmyndaheimi Mes\u00f3p\u00f3tam\u00edu var ritun starfsemi af h\u00e1um vir\u00f0ingarstigli, \u00fev\u00ed hi\u00f0 skrifa\u00f0a or\u00f0 festi og \u00e1kvar\u00f0a\u00f0i til lengdar.<\/p><p>Gu\u00f0 sem r\u00edkti yfir ritm\u00e1linu r\u00edkti \u00fear me\u00f0 einnig yfir \u00fev\u00ed sem var\u00f0 fastbundi\u00f0 og bindandi. Nabu var \u00feannig ekki a\u00f0eins verndarv\u00e6ttur eins i\u00f0na\u00f0ar, heldur m\u00e1ttarvald tengt reglu, \u00e1kv\u00f6r\u00f0un og varanleika \u00feess sem eitt sinn var lagt til b\u00f3kar.<\/p>\t\t\t\t\t\t\t\t<\/div>\n\t\t\t\t<\/div>\n\t\t\t\t\t<\/div>\n\t\t\t\t<\/div>\n\t\t<div class=\"elementor-element elementor-element-cpbd3da6f e-flex e-con-boxed e-con e-parent\" data-id=\"cpbd3da6f\" data-element_type=\"container\" data-e-type=\"container\">\n\t\t\t\t\t<div class=\"e-con-inner\">\n\t\t\t\t<div class=\"elementor-element elementor-element-cp7fa5a95 elementor-widget elementor-widget-heading\" data-id=\"cp7fa5a95\" data-element_type=\"widget\" data-e-type=\"widget\" data-widget_type=\"heading.default\">\n\t\t\t\t\t<h2 class=\"elementor-heading-title elementor-size-default\">Borsippa og n\u00fd\u00e1rsh\u00e1t\u00ed\u00f0in: skr\u00fa\u00f0ganga Nabu<\/h2>\t\t\t\t<\/div>\n\t\t<div class=\"elementor-element elementor-element-cp312f496 e-con-full e-flex e-con e-child\" data-id=\"cp312f496\" data-element_type=\"container\" data-e-type=\"container\">\n\t\t\t\t<div class=\"elementor-element elementor-element-cp8278646 elementor-widget elementor-widget-text-editor\" data-id=\"cp8278646\" data-element_type=\"widget\" data-e-type=\"widget\" data-widget_type=\"text-editor.default\">\n\t\t\t\t\t\t\t\t\t<p>H\u00f6fu\u00f0setur d\u00fdrkunar Nabu var borgin Borsippa, ekki langt fr\u00e1 Bab\u00fdlon. \u00dear st\u00f3\u00f0 <span class=\"iwg-fachbegriff\" data-tooltip=\"Bygging sem er notu\u00f0 til d\u00fdrkunar \u00e1 einni e\u00f0a fleiri gu\u00f0um.\" tabindex=\"0\">hof<\/span> hans, kalla\u00f0 <em>E-zida<\/em>, hi\u00f0 r\u00e9tta e\u00f0a varanlega h\u00fas, en hofsv\u00e6\u00f0i\u00f0 tilheyr\u00f0i einnig turnbygg\u00f0.<\/p><p>Borsippa og Bab\u00fdlon voru n\u00e1tengdar, og \u00feessi n\u00e1l\u00e6g\u00f0 endurspegla\u00f0ist einnig \u00ed sambandi h\u00f6fu\u00f0gu\u00f0anna tveggja, \u00fev\u00ed Nabu var talinn sonur Bab\u00fdlon-gu\u00f0sins Marduks.<\/p><p>\u00cd hinni miklu bab\u00fdlonsku n\u00fd\u00e1rs\u00e1t\u00ed\u00f0, Akitu-h\u00e1t\u00ed\u00f0inni \u00ed upphafi \u00e1rsins, gegndi Nabu s\u00fdnilegu hlutverki. <span class=\"iwg-fachbegriff\" data-tooltip=\"Myndl\u00edk framsetning gu\u00f0s sem d\u00fdrku\u00f0 er \u00ed hofi e\u00f0a helgista\u00f0.\" tabindex=\"0\">Gu\u00f0amyndin<\/span> af Nabu var flutt fr\u00e1 Borsippa til Bab\u00fdlon til a\u00f0 taka \u00fe\u00e1tt \u00ed h\u00e1t\u00ed\u00f0ah\u00f6ldunum.<\/p><p>\u00deessi <span class=\"iwg-fachbegriff\" data-tooltip=\"H\u00e1t\u00ed\u00f0leg tr\u00faarleg skr\u00fa\u00f0ganga.\" tabindex=\"0\">skr\u00fa\u00f0ganga<\/span> sonarins til f\u00f6\u00f0urins var mikilv\u00e6gur \u00fe\u00e1ttur h\u00e1t\u00ed\u00f0arins. Textar sem l\u00fdsa framgangi Akitu-h\u00e1t\u00ed\u00f0arinnar nefna komu og \u00fe\u00e1ttt\u00f6ku Nabu, og tengslin milli borganna tveggja voru \u00feannig endurn\u00fdju\u00f0 <span class=\"iwg-fachbegriff\" data-tooltip=\"Tengt fastm\u00f3tu\u00f0u tr\u00faarlegu ath\u00e6fi.\" tabindex=\"0\">\u00e1 helgisi\u00f0abundinn h\u00e1tt<\/span> \u00e1r hvert.<\/p><p>N\u00fd\u00e1rs\u00e1t\u00ed\u00f0in sj\u00e1lf haf\u00f0i heimsfr\u00e6\u00f0ilega v\u00eddd. H\u00fan snerist um endurn\u00fdjun heimsskipulagsins, sta\u00f0festingu konungd\u00f3ms og \u00e1kv\u00f6r\u00f0un \u00f6rlaga fyrir komandi \u00e1r.<\/p><p>\u00c1 \u00feessum s\u00ed\u00f0asta punkti m\u00e6ttust h\u00e1t\u00ed\u00f0in og eigi\u00f0 verksvi\u00f0 Nabu, \u00fev\u00ed \u00e1kv\u00f6r\u00f0un \u00f6rlaganna var n\u00e1tengd ritun og \u00f6rlagat\u00f6flunum. \u00de\u00e1tttaka Nabu \u00ed Akitu-h\u00e1t\u00ed\u00f0inni var \u00feannig ekki a\u00f0eins t\u00e1kn um fj\u00f6lskyldun\u00e1l\u00e6g\u00f0 vi\u00f0 Marduk, heldur f\u00e9ll efnislega a\u00f0 \u00fev\u00ed sem \u00feessi gu\u00f0 st\u00f3\u00f0 fyrir.<\/p>\t\t\t\t\t\t\t\t<\/div>\n\t\t\t\t<\/div>\n\t\t\t\t\t<\/div>\n\t\t\t\t<\/div>\n\t\t<div class=\"elementor-element elementor-element-cp73f9482 e-flex e-con-boxed e-con e-parent\" data-id=\"cp73f9482\" data-element_type=\"container\" data-e-type=\"container\">\n\t\t\t\t\t<div class=\"e-con-inner\">\n\t\t\t\t<div class=\"elementor-element elementor-element-cpfea1510 elementor-widget elementor-widget-heading\" data-id=\"cpfea1510\" data-element_type=\"widget\" data-e-type=\"widget\" data-widget_type=\"heading.default\">\n\t\t\t\t\t<h2 class=\"elementor-heading-title elementor-size-default\">Uppgangur Nabu \u00e1 fyrsta \u00e1r\u00fe\u00fasundinu<\/h2>\t\t\t\t<\/div>\n\t\t<div class=\"elementor-element elementor-element-cpc85c710 e-con-full e-flex e-con e-child\" data-id=\"cpc85c710\" data-element_type=\"container\" data-e-type=\"container\">\n\t\t\t\t<div class=\"elementor-element elementor-element-cp92e095d elementor-widget elementor-widget-text-editor\" data-id=\"cp92e095d\" data-element_type=\"widget\" data-e-type=\"widget\" data-widget_type=\"text-editor.default\">\n\t\t\t\t\t\t\t\t\t<p>Sta\u00f0a Nabu \u00ed mes\u00f3p\u00f3tam\u00edska <span class=\"iwg-fachbegriff\" data-tooltip=\"Heild gu\u00f0anna \u00ed tr\u00faarbr\u00f6g\u00f0um e\u00f0a menningu.\" tabindex=\"0\">go\u00f0aveldinu<\/span> (Pantheon) var ekki fr\u00e1 upphafi svo \u00e1berandi sem h\u00fan var\u00f0 s\u00ed\u00f0ar. Ranns\u00f3knir s\u00fdna a\u00f0 Nabu j\u00f3kst a\u00f0 v\u00e6gi \u00e1 \u00f6\u00f0ru \u00e1r\u00fe\u00fasundinu og reis \u00e1 fyrsta \u00e1r\u00fe\u00fasundinu fyrir okkar t\u00edmatal, \u00e1 ass\u00fdrska og n\u00fdbab\u00fdlonska t\u00edmanum, til a\u00f0 ver\u00f0a einn af mikilv\u00e6gustu gu\u00f0unum yfirleitt.<\/p><p>Uppgangur hans fylgdi samhli\u00f0a uppgangi f\u00f6\u00f0ur hans Marduks, en h\u00e6kkun hans til st\u00f6\u00f0u \u00e6\u00f0sta <span class=\"iwg-fachbegriff\" data-tooltip=\"Vera sem d\u00fdrku\u00f0 er sem gu\u00f0leg innan tr\u00faarbrag\u00f0a.\" tabindex=\"0\">gu\u00f0s<\/span> Bab\u00fdlonar er mi\u00f0l\u00e6gur atbur\u00f0ur \u00ed tr\u00faars\u00f6gu Bab\u00fdlonar.<\/p><p>Vaxandi v\u00e6gi Nabu m\u00e1 sj\u00e1 \u00e1 fj\u00f6lm\u00f6rgum v\u00edsbendingum. Konungan\u00f6fn sem innihalda gu\u00f0snafni\u00f0 Nabu ur\u00f0u algeng \u00e1 fyrsta \u00e1r\u00fe\u00fasundinu, \u00feekktast er Neb\u00fakadnesar, en nafn hans hefur gu\u00f0inn Nabu \u00ed s\u00e9r.<\/p><p>Ass\u00fdrsku konungarnir studdu Nabu, l\u00e9tu reisa honum <span class=\"iwg-fachbegriff\" data-tooltip=\"Bygging sem er notu\u00f0 til d\u00fdrkunar \u00e1 einni e\u00f0a fleiri gu\u00f0um.\" tabindex=\"0\">hof<\/span> og nefndu hann \u00ed \u00e1letrunum. N\u00e1in tengsl Nabu vi\u00f0 skrifarast\u00e9ttina og b\u00f3kas\u00f6fnin ur\u00f0u til \u00feess a\u00f0 gu\u00f0inn haf\u00f0i sterka r\u00f3tfestu me\u00f0al hinna l\u00e6r\u00f0u.<\/p><p>\u00c1 s\u00ed\u00f0ari t\u00edmum, \u00feegar bab\u00fdlonsk menning h\u00e9lt \u00e1fram undir persneskri og s\u00ed\u00f0ar hellen\u00edskri stj\u00f3rn, var Nabu \u00e1fram mikilv\u00e6g vera. <span class=\"iwg-fachbegriff\" data-tooltip=\"Bygging sem er notu\u00f0 til d\u00fdrkunar \u00e1 einni e\u00f0a fleiri gu\u00f0um.\" tabindex=\"0\">Hofi\u00f0<\/span> \u00ed Borsippa var haldi\u00f0 vi\u00f0 um langan t\u00edma.<\/p><p>Me\u00f0 sm\u00e1m saman hnignun fleygr\u00fanamenningarinnar \u00e1 fyrstu \u00f6ldum okkar t\u00edmatals dv\u00edna\u00f0i einnig <span class=\"iwg-fachbegriff\" data-tooltip=\"Heild tr\u00faarlegra d\u00fdrkunarathafna fyrir gu\u00f0 e\u00f0a heilaga veru.\" tabindex=\"0\">d\u00fdrkunin<\/span>. Fyrir n\u00fat\u00edmaranns\u00f3knir er Nabu fyrst og fremst a\u00f0gengilegur \u00ed gegnum textana sem skrifa\u00f0ir voru undir hans verndarv\u00e6ng, sem \u00e1 vel vi\u00f0 gu\u00f0 ritlistarinnar.<\/p><p>Fa\u00f0ir hans <a href=\"https:\/\/iwell-guard.com\/is\/?page_id=168715\">Marduk<\/a> myndar n\u00e6sta vi\u00f0mi\u00f0unarpunkt \u00ed <span class=\"iwg-fachbegriff\" data-tooltip=\"Heild gu\u00f0anna \u00ed tr\u00faarbr\u00f6g\u00f0um e\u00f0a menningu.\" tabindex=\"0\">go\u00f0aveldinu<\/span> (Pantheon).<\/p>\t\t\t\t\t\t\t\t<\/div>\n\t\t\t\t<\/div>\n\t\t\t\t\t<\/div>\n\t\t\t\t<\/div>\n\t\t<div class=\"elementor-element elementor-element-36dd7469 e-flex e-con-boxed e-con e-parent\" data-id=\"36dd7469\" data-element_type=\"container\" data-e-type=\"container\">\n\t\t\t\t\t<div class=\"e-con-inner\">\n\t\t\t\t<div class=\"elementor-element elementor-element-13760ab4 elementor-widget elementor-widget-heading\" data-id=\"13760ab4\" data-element_type=\"widget\" data-e-type=\"widget\" data-widget_type=\"heading.default\">\n\t\t\t\t\t<h2 class=\"elementor-heading-title elementor-size-default\">\u00cdtarefni og tenglar<\/h2>\t\t\t\t<\/div>\n\t\t<div class=\"elementor-element elementor-element-28c87796 e-con-full e-flex e-con e-child\" data-id=\"28c87796\" data-element_type=\"container\" data-e-type=\"container\">\n\t\t\t\t<div class=\"elementor-element elementor-element-5d6538df elementor-widget elementor-widget-text-editor\" data-id=\"5d6538df\" data-element_type=\"widget\" data-e-type=\"widget\" data-widget_type=\"text-editor.default\">\n\t\t\t\t\t\t\t\t\t<ul><li><a href=\"https:\/\/iwell-guard.com\/is\/?page_id=168715\">Marduk, fa\u00f0ir<\/a><\/li><li><a href=\"https:\/\/iwell-guard.com\/is\/?page_id=168795\">\u00deot, egypskt hli\u00f0st\u00e6\u00f0a<\/a><\/li><li><a href=\"https:\/\/iwell-guard.com\/is\/?page_id=168784\">Hermes, gr\u00edsk hli\u00f0st\u00e6\u00f0a<\/a><\/li><li><a href=\"https:\/\/iwell-guard.com\/is\/?page_id=168583\">Mes\u00f3p\u00f3tam\u00eda, yfirlit go\u00f0aveldis<\/a><\/li><li><a href=\"https:\/\/iwell-guard.com\/is\/?page_id=168707\">\u00c6\u00f0stu gu\u00f0ir, undirflokkur<\/a><\/li><li><a href=\"https:\/\/iwell-guard.com\/is\/?page_id=168679\">Gu\u00f0ir, yfirlit flokka<\/a><\/li><\/ul>\t\t\t\t\t\t\t\t<\/div>\n\t\t\t\t<\/div>\n\t\t\t\t\t<\/div>\n\t\t\t\t<\/div>\n\t\t<div class=\"elementor-element elementor-element-grl4kl40 e-flex e-con-boxed e-con e-parent\" data-id=\"grl4kl40\" data-element_type=\"container\" data-e-type=\"container\">\n\t\t\t\t\t<div class=\"e-con-inner\">\n\t\t\t\t<div class=\"elementor-element elementor-element-bzsbfrmh elementor-widget elementor-widget-heading\" data-id=\"bzsbfrmh\" data-element_type=\"widget\" data-e-type=\"widget\" data-widget_type=\"heading.default\">\n\t\t\t\t\t<h2 class=\"elementor-heading-title elementor-size-default\">Fr\u00e6\u00f0irit<\/h2>\t\t\t\t<\/div>\n\t\t<div class=\"elementor-element elementor-element-2c13224a e-con-full e-flex e-con e-child\" data-id=\"2c13224a\" data-element_type=\"container\" data-e-type=\"container\">\n\t\t\t\t<div class=\"elementor-element elementor-element-0eymh9ub elementor-widget elementor-widget-text-editor\" data-id=\"0eymh9ub\" data-element_type=\"widget\" data-e-type=\"widget\" data-widget_type=\"text-editor.default\">\n\t\t\t\t\t\t\t\t\t<footer class=\"iwg-literatur\" data-nosnippet=\"true\"><ul><li><span data-nosnippet>Pomponio, Francesco: <em>Nab\u00fb. Il culto e la figura di un dio del <span class=\"iwg-fachbegriff\" data-tooltip=\"\u00d6ll gu\u00f0in \u00ed tr\u00faarbr\u00f6g\u00f0um e\u00f0a menningarheimi.\" tabindex=\"0\">Pantheon<\/span> babilonese ed assiro<\/em>. Rom 1978.<\/span><\/li><li><span data-nosnippet>Lambert, Wilfred G.: <em>Babylonian Wisdom Literature<\/em>. Oxford 1960.<\/span><\/li><li>Walde, Christine (Hg.): <em>Der Neue Pauly<\/em> (uppflettior\u00f0 \u201eNabu\u201c).<\/li><\/ul><\/footer>\n<p class=\"iwg-bib-more\"><span data-nosnippet>Fleiri grunnrit m\u00e1 finna \u00ed <a href=\"https:\/\/iwell-guard.com\/is\/?page_id=168730\">heimildaskr\u00e1nni<\/a>.<\/span><\/p>\t\t\t\t\t\t\t\t<\/div>\n\t\t\t\t<\/div>\n\t\t\t\t\t<\/div>\n\t\t\t\t<\/div>\n\t\t\t\t<\/div>\n\t\t","protected":false},"excerpt":{"rendered":"","protected":false},"author":3,"featured_media":1636,"parent":0,"menu_order":0,"comment_status":"closed","ping_status":"closed","template":"elementor_header_footer","meta":{"_yoast_wpseo_focuskw":"Nabu","_yoast_wpseo_title":"Nabu \u2013 gu\u00f0 skriftlistarinnar og skrifari gu\u00f0anna","_yoast_wpseo_metadesc":"Gu\u00f0 skriftlistarinnar, skrifari \u00f6rlaganna, hof hans \u00ed Borsippa og hin dulda v\u00edsindi or\u00f0sins \u00ed Mes\u00f3p\u00f3tam\u00edu.","_yoast_wpseo_meta-robots-noindex":"","_yoast_wpseo_canonical":"","_angie_page":false,"gefaehrdungsstufe":"1","wesen_kultur":"mesopotamien","wesen_klasse":"goetter","footnotes":""},"categories":[],"class_list":["post-168808","page","type-page","status-publish","has-post-thumbnail","hentry"],"yoast_head":"<!-- This site is optimized with the Yoast SEO Premium plugin v27.7 (Yoast SEO v28.3) - https:\/\/yoast.com\/product\/yoast-seo-premium-wordpress\/ -->\n<title>Nabu \u2013 gu\u00f0 skriftlistarinnar og skrifari gu\u00f0anna<\/title>\n<meta name=\"description\" content=\"Gu\u00f0 skriftlistarinnar, skrifari \u00f6rlaganna, hof hans \u00ed Borsippa og hin dulda v\u00edsindi or\u00f0sins \u00ed Mes\u00f3p\u00f3tam\u00edu.\" \/>\n<meta name=\"robots\" content=\"index, follow, max-snippet:-1, max-image-preview:large, max-video-preview:-1\" \/>\n<link rel=\"canonical\" href=\"https:\/\/iwell-guard.com\/is\/nabu\/\" \/>\n<meta property=\"og:locale\" content=\"is_IS\" \/>\n<meta property=\"og:type\" content=\"article\" \/>\n<meta property=\"og:title\" content=\"Nabu\" \/>\n<meta property=\"og:description\" content=\"Gu\u00f0 skriftlistarinnar, skrifari \u00f6rlaganna, hof hans \u00ed Borsippa og hin dulda v\u00edsindi or\u00f0sins \u00ed Mes\u00f3p\u00f3tam\u00edu.\" \/>\n<meta property=\"og:url\" content=\"https:\/\/iwell-guard.com\/is\/nabu\/\" \/>\n<meta property=\"og:site_name\" content=\"iWell Guard\" \/>\n<meta property=\"article:modified_time\" content=\"2026-09-05T14:19:57+00:00\" \/>\n<meta property=\"og:image\" content=\"https:\/\/iwell-guard.com\/wp-content\/uploads\/2026\/04\/goetter_mesopotamien_nabu.webp\" \/>\n\t<meta property=\"og:image:width\" content=\"1024\" \/>\n\t<meta property=\"og:image:height\" content=\"1536\" \/>\n\t<meta property=\"og:image:type\" content=\"image\/webp\" \/>\n<meta name=\"twitter:card\" content=\"summary_large_image\" \/>\n<script type=\"application\/ld+json\" class=\"yoast-schema-graph\">{\"@context\":\"https:\\\/\\\/schema.org\",\"@graph\":[{\"@type\":\"WebPage\",\"@id\":\"https:\\\/\\\/iwell-guard.com\\\/is\\\/nabu\\\/\",\"url\":\"https:\\\/\\\/iwell-guard.com\\\/is\\\/nabu\\\/\",\"name\":\"Nabu \u2013 gu\u00f0 skriftlistarinnar og skrifari gu\u00f0anna\",\"isPartOf\":{\"@id\":\"https:\\\/\\\/iwell-guard.com\\\/is\\\/#website\"},\"primaryImageOfPage\":{\"@id\":\"https:\\\/\\\/iwell-guard.com\\\/is\\\/nabu\\\/#primaryimage\"},\"image\":{\"@id\":\"https:\\\/\\\/iwell-guard.com\\\/is\\\/nabu\\\/#primaryimage\"},\"thumbnailUrl\":\"https:\\\/\\\/iwell-guard.com\\\/wp-content\\\/uploads\\\/2026\\\/04\\\/goetter_mesopotamien_nabu.webp\",\"datePublished\":\"2026-09-05T14:03:09+00:00\",\"dateModified\":\"2026-09-05T14:19:57+00:00\",\"description\":\"Gu\u00f0 skriftlistarinnar, skrifari \u00f6rlaganna, hof hans \u00ed Borsippa og hin dulda v\u00edsindi or\u00f0sins \u00ed Mes\u00f3p\u00f3tam\u00edu.\",\"breadcrumb\":{\"@id\":\"https:\\\/\\\/iwell-guard.com\\\/is\\\/nabu\\\/#breadcrumb\"},\"inLanguage\":\"is\",\"potentialAction\":[{\"@type\":\"ReadAction\",\"target\":[\"https:\\\/\\\/iwell-guard.com\\\/is\\\/nabu\\\/\"]}]},{\"@type\":\"ImageObject\",\"inLanguage\":\"is\",\"@id\":\"https:\\\/\\\/iwell-guard.com\\\/is\\\/nabu\\\/#primaryimage\",\"url\":\"https:\\\/\\\/iwell-guard.com\\\/wp-content\\\/uploads\\\/2026\\\/04\\\/goetter_mesopotamien_nabu.webp\",\"contentUrl\":\"https:\\\/\\\/iwell-guard.com\\\/wp-content\\\/uploads\\\/2026\\\/04\\\/goetter_mesopotamien_nabu.webp\",\"width\":1024,\"height\":1536,\"caption\":\"Gu\u00f0ir \u00far mes\u00f3p\u00f3tam\u00edskri hef\u00f0.\"},{\"@type\":\"BreadcrumbList\",\"@id\":\"https:\\\/\\\/iwell-guard.com\\\/is\\\/nabu\\\/#breadcrumb\",\"itemListElement\":[{\"@type\":\"ListItem\",\"position\":1,\"name\":\"Start\",\"item\":\"https:\\\/\\\/iwell-guard.com\\\/is\\\/?page_id=168580\"},{\"@type\":\"ListItem\",\"position\":2,\"name\":\"Nabu\"}]},{\"@type\":\"WebSite\",\"@id\":\"https:\\\/\\\/iwell-guard.com\\\/is\\\/#website\",\"url\":\"https:\\\/\\\/iwell-guard.com\\\/is\\\/\",\"name\":\"iWell Guard\",\"description\":\"Schutz vor dunklen Einfl\u00fcssen\",\"publisher\":{\"@id\":\"https:\\\/\\\/iwell-guard.com\\\/is\\\/#organization\"},\"potentialAction\":[{\"@type\":\"SearchAction\",\"target\":{\"@type\":\"EntryPoint\",\"urlTemplate\":\"https:\\\/\\\/iwell-guard.com\\\/is\\\/?s={search_term_string}\"},\"query-input\":{\"@type\":\"PropertyValueSpecification\",\"valueRequired\":true,\"valueName\":\"search_term_string\"}}],\"inLanguage\":\"is\"},{\"@type\":\"Organization\",\"@id\":\"https:\\\/\\\/iwell-guard.com\\\/is\\\/#organization\",\"name\":\"Ittermann electronic GmbH\",\"url\":\"https:\\\/\\\/iwell-guard.com\\\/is\\\/\",\"logo\":{\"@type\":\"ImageObject\",\"inLanguage\":\"is\",\"@id\":\"https:\\\/\\\/iwell-guard.com\\\/is\\\/#\\\/schema\\\/logo\\\/image\\\/\",\"url\":\"https:\\\/\\\/iwell-guard.com\\\/wp-content\\\/uploads\\\/2026\\\/05\\\/Ittermann-Logo-1182x237-1.png\",\"contentUrl\":\"https:\\\/\\\/iwell-guard.com\\\/wp-content\\\/uploads\\\/2026\\\/05\\\/Ittermann-Logo-1182x237-1.png\",\"width\":1182,\"height\":237,\"caption\":\"Ittermann electronic GmbH\"},\"image\":{\"@id\":\"https:\\\/\\\/iwell-guard.com\\\/is\\\/#\\\/schema\\\/logo\\\/image\\\/\"},\"sameAs\":[\"https:\\\/\\\/pantip.com\\\/profile\\\/9367242\",\"https:\\\/\\\/micro.blog\\\/iwellguard\",\"https:\\\/\\\/www.diggerslist.com\\\/iwellguard\\\/about\",\"https:\\\/\\\/skitterphoto.com\\\/photographers\\\/2870314\\\/iwell-guard\",\"https:\\\/\\\/iwellguard.wordpress.com\\\/2026\\\/06\\\/06\\\/iwell-guard\\\/\",\"https:\\\/\\\/hub.docker.com\\\/u\\\/iwellguard\",\"https:\\\/\\\/www.pinterest.com\\\/iwellguard\\\/\",\"https:\\\/\\\/bit.ly\\\/m\\\/iwellguard\",\"https:\\\/\\\/entre-vos-mains.alsace.eu\\\/profiles\\\/iwellguard\\\/activity\",\"https:\\\/\\\/gravatar.com\\\/reallybeded8fd34\",\"https:\\\/\\\/naijamatta.com\\\/iwellguard\",\"https:\\\/\\\/www.goodreads.com\\\/iwellguard\",\"https:\\\/\\\/profile.hatena.ne.jp\\\/iwellguard\\\/\",\"https:\\\/\\\/experiment.com\\\/users\\\/iwellguard\",\"https:\\\/\\\/wakelet.com\\\/@iWellGuard82270\",\"https:\\\/\\\/www.chordie.com\\\/forum\\\/profile.php?id=2555664\",\"https:\\\/\\\/www.instapaper.com\\\/p\\\/17757966\",\"https:\\\/\\\/www.mapleprimes.com\\\/users\\\/iwellguard\",\"https:\\\/\\\/businesslistingplus.com\\\/profile\\\/iwell-guard\\\/\",\"https:\\\/\\\/telegra.ph\\\/iWell-Guard-06-06\",\"https:\\\/\\\/pbase.com\\\/iwellguard\\\/iwellguard\",\"https:\\\/\\\/b.hatena.ne.jp\\\/iwellguard\\\/20260607#bookmark-4788405196491818882\",\"https:\\\/\\\/fliphtml5.com\\\/home\\\/iwellguard\",\"https:\\\/\\\/anyflip.com\\\/homepage\\\/cmiwl#About\",\"https:\\\/\\\/transfur.com\\\/Users\\\/iwellguard\",\"http:\\\/\\\/delphi.larsbo.org\\\/user\\\/iwellguard\",\"https:\\\/\\\/jobs.lajobsportal.org\\\/profiles\\\/8380803-iwell-guard\",\"https:\\\/\\\/md.chaosdorf.de\\\/s\\\/jfbe5SBdJD\",\"https:\\\/\\\/www.lingvolive.com\\\/en-us\\\/profile\\\/9ecaeaca-ce11-4e51-9e71-01d55e2bff36\\\/translations\",\"https:\\\/\\\/www.fitday.com\\\/fitness\\\/forums\\\/members\\\/iwellguard.html\",\"https:\\\/\\\/www.mymeetbook.com\\\/iwellguard\",\"https:\\\/\\\/pxhere.com\\\/en\\\/photographer-me\\\/5040798\",\"https:\\\/\\\/disqus.com\\\/by\\\/iwellguard\\\/about\\\/\",\"https:\\\/\\\/pastelink.net\\\/hjwciqwq\",\"https:\\\/\\\/pubhtml5.com\\\/homepage\\\/scjhn\\\/\",\"https:\\\/\\\/www.bitchute.com\\\/channel\\\/2O2eOKzNqujT\",\"https:\\\/\\\/audiomack.com\\\/iwellguard\"]},{\"@type\":\"Article\",\"@id\":\"https:\\\/\\\/iwell-guard.com\\\/is\\\/nabu\\\/#article\",\"isPartOf\":{\"@id\":\"https:\\\/\\\/iwell-guard.com\\\/is\\\/nabu\\\/\"},\"author\":{\"name\":\"Ralf Ittermann\",\"@id\":\"https:\\\/\\\/iwell-guard.com\\\/is\\\/#\\\/schema\\\/person\\\/ee2a27f1cac3406c7c6fb5820cb7349f\"},\"headline\":\"Nabu\",\"datePublished\":\"2026-09-05T14:03:09+00:00\",\"dateModified\":\"2026-09-05T14:19:57+00:00\",\"mainEntityOfPage\":{\"@id\":\"https:\\\/\\\/iwell-guard.com\\\/is\\\/nabu\\\/\"},\"publisher\":{\"@id\":\"https:\\\/\\\/iwell-guard.com\\\/is\\\/#organization\"},\"image\":{\"@id\":\"https:\\\/\\\/iwell-guard.com\\\/is\\\/nabu\\\/#primaryimage\"},\"thumbnailUrl\":\"https:\\\/\\\/iwell-guard.com\\\/wp-content\\\/uploads\\\/2026\\\/04\\\/goetter_mesopotamien_nabu.webp\",\"inLanguage\":\"is\",\"description\":\"Gu\u00f0 skriftlistarinnar, skrifari \u00f6rlaganna, hof hans \u00ed Borsippa og hin dulda v\u00edsindi or\u00f0sins \u00ed Mes\u00f3p\u00f3tam\u00edu.\"}]}<\/script>\n<!-- \/ Yoast SEO Premium plugin. -->","yoast_head_json":{"title":"Nabu \u2013 gu\u00f0 skriftlistarinnar og skrifari gu\u00f0anna","description":"Gu\u00f0 skriftlistarinnar, skrifari \u00f6rlaganna, hof hans \u00ed Borsippa og hin dulda v\u00edsindi or\u00f0sins \u00ed Mes\u00f3p\u00f3tam\u00edu.","robots":{"index":"index","follow":"follow","max-snippet":"max-snippet:-1","max-image-preview":"max-image-preview:large","max-video-preview":"max-video-preview:-1"},"canonical":"https:\/\/iwell-guard.com\/is\/nabu\/","og_locale":"is_IS","og_type":"article","og_title":"Nabu","og_description":"Gu\u00f0 skriftlistarinnar, skrifari \u00f6rlaganna, hof hans \u00ed Borsippa og hin dulda v\u00edsindi or\u00f0sins \u00ed Mes\u00f3p\u00f3tam\u00edu.","og_url":"https:\/\/iwell-guard.com\/is\/nabu\/","og_site_name":"iWell Guard","article_modified_time":"2026-09-05T14:19:57+00:00","og_image":[{"width":1024,"height":1536,"url":"https:\/\/iwell-guard.com\/wp-content\/uploads\/2026\/04\/goetter_mesopotamien_nabu.webp","type":"image\/webp"}],"twitter_card":"summary_large_image","schema":{"@context":"https:\/\/schema.org","@graph":[{"@type":"Article","@id":"https:\/\/iwell-guard.com\/is\/nabu\/#article","isPartOf":{"@id":"https:\/\/iwell-guard.com\/is\/nabu\/"},"author":{"name":"Ralf Ittermann","@id":"https:\/\/iwell-guard.com\/is\/#\/schema\/person\/ee2a27f1cac3406c7c6fb5820cb7349f"},"headline":"Nabu","datePublished":"2026-09-05T14:03:09+00:00","dateModified":"2026-09-05T14:19:57+00:00","mainEntityOfPage":{"@id":"https:\/\/iwell-guard.com\/is\/nabu\/"},"publisher":{"@id":"https:\/\/iwell-guard.com\/is\/#organization"},"image":{"@id":"https:\/\/iwell-guard.com\/is\/nabu\/#primaryimage"},"thumbnailUrl":"https:\/\/iwell-guard.com\/wp-content\/uploads\/2026\/04\/goetter_mesopotamien_nabu.webp","inLanguage":"is","description":"Gu\u00f0 skriftlistarinnar, skrifari \u00f6rlaganna, hof hans \u00ed Borsippa og hin dulda v\u00edsindi or\u00f0sins \u00ed Mes\u00f3p\u00f3tam\u00edu."},{"@type":"WebPage","@id":"https:\/\/iwell-guard.com\/is\/nabu\/","url":"https:\/\/iwell-guard.com\/is\/nabu\/","name":"Nabu \u2013 gu\u00f0 skriftlistarinnar og skrifari gu\u00f0anna","isPartOf":{"@id":"https:\/\/iwell-guard.com\/is\/#website"},"primaryImageOfPage":{"@id":"https:\/\/iwell-guard.com\/is\/nabu\/#primaryimage"},"image":{"@id":"https:\/\/iwell-guard.com\/is\/nabu\/#primaryimage"},"thumbnailUrl":"https:\/\/iwell-guard.com\/wp-content\/uploads\/2026\/04\/goetter_mesopotamien_nabu.webp","datePublished":"2026-09-05T14:03:09+00:00","dateModified":"2026-09-05T14:19:57+00:00","description":"Gu\u00f0 skriftlistarinnar, skrifari \u00f6rlaganna, hof hans \u00ed Borsippa og hin dulda v\u00edsindi or\u00f0sins \u00ed Mes\u00f3p\u00f3tam\u00edu.","breadcrumb":{"@id":"https:\/\/iwell-guard.com\/is\/nabu\/#breadcrumb"},"inLanguage":"is","potentialAction":[{"@type":"ReadAction","target":["https:\/\/iwell-guard.com\/is\/nabu\/"]}]},{"@type":"ImageObject","inLanguage":"is","@id":"https:\/\/iwell-guard.com\/is\/nabu\/#primaryimage","url":"https:\/\/iwell-guard.com\/wp-content\/uploads\/2026\/04\/goetter_mesopotamien_nabu.webp","contentUrl":"https:\/\/iwell-guard.com\/wp-content\/uploads\/2026\/04\/goetter_mesopotamien_nabu.webp","width":1024,"height":1536,"caption":"Gu\u00f0ir \u00far mes\u00f3p\u00f3tam\u00edskri hef\u00f0."},{"@type":"BreadcrumbList","@id":"https:\/\/iwell-guard.com\/is\/nabu\/#breadcrumb","itemListElement":[{"@type":"ListItem","position":1,"name":"Start","item":"https:\/\/iwell-guard.com\/is\/?page_id=168580"},{"@type":"ListItem","position":2,"name":"Nabu"}]},{"@type":"WebSite","@id":"https:\/\/iwell-guard.com\/is\/#website","url":"https:\/\/iwell-guard.com\/is\/","name":"iWell Guard","description":"Schutz vor dunklen Einfl\u00fcssen","publisher":{"@id":"https:\/\/iwell-guard.com\/is\/#organization"},"potentialAction":[{"@type":"SearchAction","target":{"@type":"EntryPoint","urlTemplate":"https:\/\/iwell-guard.com\/is\/?s={search_term_string}"},"query-input":{"@type":"PropertyValueSpecification","valueRequired":true,"valueName":"search_term_string"}}],"inLanguage":"is"},{"@type":"Organization","@id":"https:\/\/iwell-guard.com\/is\/#organization","name":"Ittermann electronic GmbH","url":"https:\/\/iwell-guard.com\/is\/","logo":{"@type":"ImageObject","inLanguage":"is","@id":"https:\/\/iwell-guard.com\/is\/#\/schema\/logo\/image\/","url":"https:\/\/iwell-guard.com\/wp-content\/uploads\/2026\/05\/Ittermann-Logo-1182x237-1.png","contentUrl":"https:\/\/iwell-guard.com\/wp-content\/uploads\/2026\/05\/Ittermann-Logo-1182x237-1.png","width":1182,"height":237,"caption":"Ittermann electronic GmbH"},"image":{"@id":"https:\/\/iwell-guard.com\/is\/#\/schema\/logo\/image\/"},"sameAs":["https:\/\/pantip.com\/profile\/9367242","https:\/\/micro.blog\/iwellguard","https:\/\/www.diggerslist.com\/iwellguard\/about","https:\/\/skitterphoto.com\/photographers\/2870314\/iwell-guard","https:\/\/iwellguard.wordpress.com\/2026\/06\/06\/iwell-guard\/","https:\/\/hub.docker.com\/u\/iwellguard","https:\/\/www.pinterest.com\/iwellguard\/","https:\/\/bit.ly\/m\/iwellguard","https:\/\/entre-vos-mains.alsace.eu\/profiles\/iwellguard\/activity","https:\/\/gravatar.com\/reallybeded8fd34","https:\/\/naijamatta.com\/iwellguard","https:\/\/www.goodreads.com\/iwellguard","https:\/\/profile.hatena.ne.jp\/iwellguard\/","https:\/\/experiment.com\/users\/iwellguard","https:\/\/wakelet.com\/@iWellGuard82270","https:\/\/www.chordie.com\/forum\/profile.php?id=2555664","https:\/\/www.instapaper.com\/p\/17757966","https:\/\/www.mapleprimes.com\/users\/iwellguard","https:\/\/businesslistingplus.com\/profile\/iwell-guard\/","https:\/\/telegra.ph\/iWell-Guard-06-06","https:\/\/pbase.com\/iwellguard\/iwellguard","https:\/\/b.hatena.ne.jp\/iwellguard\/20260607#bookmark-4788405196491818882","https:\/\/fliphtml5.com\/home\/iwellguard","https:\/\/anyflip.com\/homepage\/cmiwl#About","https:\/\/transfur.com\/Users\/iwellguard","http:\/\/delphi.larsbo.org\/user\/iwellguard","https:\/\/jobs.lajobsportal.org\/profiles\/8380803-iwell-guard","https:\/\/md.chaosdorf.de\/s\/jfbe5SBdJD","https:\/\/www.lingvolive.com\/en-us\/profile\/9ecaeaca-ce11-4e51-9e71-01d55e2bff36\/translations","https:\/\/www.fitday.com\/fitness\/forums\/members\/iwellguard.html","https:\/\/www.mymeetbook.com\/iwellguard","https:\/\/pxhere.com\/en\/photographer-me\/5040798","https:\/\/disqus.com\/by\/iwellguard\/about\/","https:\/\/pastelink.net\/hjwciqwq","https:\/\/pubhtml5.com\/homepage\/scjhn\/","https:\/\/www.bitchute.com\/channel\/2O2eOKzNqujT","https:\/\/audiomack.com\/iwellguard"]},{"@type":"Person","@id":"https:\/\/iwell-guard.com\/is\/#\/schema\/person\/ee2a27f1cac3406c7c6fb5820cb7349f","name":"Ralf Ittermann","image":{"@type":"ImageObject","inLanguage":"is","@id":"https:\/\/secure.gravatar.com\/avatar\/073c0153e350a5005b68eb752b445fea71f6b24a26da9449ad7e155e6b446c9d?s=96&d=mm&r=g","url":"https:\/\/secure.gravatar.com\/avatar\/073c0153e350a5005b68eb752b445fea71f6b24a26da9449ad7e155e6b446c9d?s=96&d=mm&r=g","contentUrl":"https:\/\/secure.gravatar.com\/avatar\/073c0153e350a5005b68eb752b445fea71f6b24a26da9449ad7e155e6b446c9d?s=96&d=mm&r=g","caption":"Ralf Ittermann"},"givenName":"Ralf","familyName":"Ittermann","jobTitle":"Gesch\u00e4ftsf\u00fchrer und redaktioneller Verantwortlicher","url":"https:\/\/iwell-guard.com\/is\/author\/claude\/","description":"Ralf Ittermann ist Gesch\u00e4ftsf\u00fchrer der Ittermann electronic GmbH und redaktioneller Verantwortlicher des iWell-Guard-Lexikons. Er verbindet langj\u00e4hrige Erfahrung in der Pr\u00e4zisionsfertigung mit medialer Praxis und religionsgeschichtlicher Quellenarbeit.","worksFor":{"@type":"Organization","name":"Ittermann electronic GmbH","url":"https:\/\/ittermann.de\/","address":{"@type":"PostalAddress","streetAddress":"K\u00f6hlergasse 16-18","postalCode":"99842","addressLocality":"Ruhla","addressCountry":"DE"}},"knowsAbout":["Religionsgeschichte","Mythologie","Mediale Praxis","Energetische Diagnostik","Schutzpraxis","Volksglauben","Westliche Esoterik"]},{"@type":"Article","@id":"https:\/\/iwell-guard.com\/is\/nabu\/#article","isPartOf":{"@id":"https:\/\/iwell-guard.com\/is\/nabu\/"},"author":{"name":"Ralf Ittermann","@id":"https:\/\/iwell-guard.com\/is\/#\/schema\/person\/ee2a27f1cac3406c7c6fb5820cb7349f"},"headline":"Nabu","datePublished":"2026-09-05T14:03:09+00:00","dateModified":"2026-09-05T14:19:57+00:00","mainEntityOfPage":{"@id":"https:\/\/iwell-guard.com\/is\/nabu\/"},"publisher":{"@id":"https:\/\/iwell-guard.com\/is\/#organization"},"image":{"@id":"https:\/\/iwell-guard.com\/is\/nabu\/#primaryimage"},"thumbnailUrl":"https:\/\/iwell-guard.com\/wp-content\/uploads\/2026\/04\/goetter_mesopotamien_nabu.webp","inLanguage":"is","description":"Gu\u00f0 skriftlistarinnar, skrifari \u00f6rlaganna, hof hans \u00ed Borsippa og hin dulda v\u00edsindi or\u00f0sins \u00ed Mes\u00f3p\u00f3tam\u00edu."}]}},"_links":{"self":[{"href":"https:\/\/iwell-guard.com\/is\/wp-json\/wp\/v2\/pages\/168808","targetHints":{"allow":["GET"]}}],"collection":[{"href":"https:\/\/iwell-guard.com\/is\/wp-json\/wp\/v2\/pages"}],"about":[{"href":"https:\/\/iwell-guard.com\/is\/wp-json\/wp\/v2\/types\/page"}],"author":[{"embeddable":true,"href":"https:\/\/iwell-guard.com\/is\/wp-json\/wp\/v2\/users\/3"}],"replies":[{"embeddable":true,"href":"https:\/\/iwell-guard.com\/is\/wp-json\/wp\/v2\/comments?post=168808"}],"version-history":[{"count":0,"href":"https:\/\/iwell-guard.com\/is\/wp-json\/wp\/v2\/pages\/168808\/revisions"}],"wp:featuredmedia":[{"embeddable":true,"href":"https:\/\/iwell-guard.com\/is\/wp-json\/wp\/v2\/media\/1636"}],"wp:attachment":[{"href":"https:\/\/iwell-guard.com\/is\/wp-json\/wp\/v2\/media?parent=168808"}],"wp:term":[{"taxonomy":"category","embeddable":true,"href":"https:\/\/iwell-guard.com\/is\/wp-json\/wp\/v2\/categories?post=168808"}],"curies":[{"name":"wp","href":"https:\/\/api.w.org\/{rel}","templated":true}]}}