{"id":168803,"date":"2026-09-05T14:03:07","date_gmt":"2026-09-05T14:03:07","guid":{"rendered":"https:\/\/iwell-guard.com\/?page_id=168803"},"modified":"2026-09-05T14:19:48","modified_gmt":"2026-09-05T14:19:48","slug":"indra","status":"publish","type":"page","link":"https:\/\/iwell-guard.com\/is\/indra\/","title":{"rendered":"Indra"},"content":{"rendered":"\t\t<div data-elementor-type=\"wp-page\" data-elementor-id=\"168803\" class=\"elementor elementor-168803 elementor-2067 elementor-bc-flex-widget\" data-elementor-post-type=\"page\">\n\t\t\t\t<div class=\"elementor-element elementor-element-10fdade e-flex e-con-boxed e-con e-parent\" data-id=\"10fdade\" data-element_type=\"container\" data-e-type=\"container\" data-settings=\"{&quot;background_background&quot;:&quot;classic&quot;}\">\n\t\t\t\t\t<div class=\"e-con-inner\">\n\t\t<div class=\"elementor-element elementor-element-herohlft0 e-flex e-con-boxed e-con e-child\" data-id=\"herohlft0\" data-element_type=\"container\" data-e-type=\"container\">\n\t\t\t\t\t<div class=\"e-con-inner\">\n\t\t<div class=\"elementor-element elementor-element-c3ceb64 e-con-full e-flex e-con e-child\" data-id=\"c3ceb64\" data-element_type=\"container\" data-e-type=\"container\">\n\t\t\t\t<div class=\"elementor-element elementor-element-96ae5e1 elementor-widget elementor-widget-heading\" data-id=\"96ae5e1\" data-element_type=\"widget\" data-e-type=\"widget\" data-widget_type=\"heading.default\">\n\t\t\t\t\t<h1 class=\"elementor-heading-title elementor-size-default\">Indra, gu\u00f0 \u00far hind\u00faahef\u00f0inni<\/h1>\t\t\t\t<\/div>\n\t\t\t\t<div class=\"elementor-element elementor-element-e45238a elementor-widget elementor-widget-text-editor\" data-id=\"e45238a\" data-element_type=\"widget\" data-e-type=\"widget\" data-widget_type=\"text-editor.default\">\n\t\t\t\t\t\t\t\t\t<p>Hinn ved\u00edski \u00ferumuk\u00f3ngur, drottnari himinsins og sigurvegari yfir dj\u00f6flum. Indra er einn af elstu gu\u00f0um hind\u00faasi\u00f0ar, s\u00e1 mikilv\u00e6gasti \u00ed *Rigveda*, en var settur til hli\u00f0ar \u00e1 s\u00ed\u00f0ari t\u00edmum. Me\u00f0 \u00ferumuvopni s\u00ednu *Vajra*, r\u00ed\u00f0andi \u00e1 hv\u00edtum f\u00edl, st\u00fdr\u00f0i Indra eitt sinn r\u00e1\u00f0i devanna.<\/p><p>Hann felldi drekann *Vritra*, sem stal regninu, og gaf \u00fea\u00f0 heiminum aftur. \u00d3l\u00edkt Brahma e\u00f0a Shiva er Indra varla d\u00fdrka\u00f0ur lengur, gu\u00f0 sem t\u00edmi hans er li\u00f0inn, lj\u00f3mi hans f\u00f6lna\u00f0ur fyrir bhakti.<\/p><p>Indra er sem \u00ferumuk\u00f3ngur og himinv\u00f6r\u00f0ur lei\u00f0togi devanna.<\/p>\t\t\t\t\t\t\t\t<\/div>\n\t\t\t\t<\/div>\n\t\t<div class=\"elementor-element elementor-element-klsbdg01 e-con-full e-flex e-con e-parent\" data-id=\"klsbdg01\" data-element_type=\"container\" data-e-type=\"container\">\n\t\t\t\t<div class=\"elementor-element elementor-element-klshtm01 elementor-widget elementor-widget-html\" data-id=\"klshtm01\" data-element_type=\"widget\" data-e-type=\"widget\" data-widget_type=\"html.default\">\n\t\t\t\t\t<div class=\"iwg-pill-row\"><span class=\"iwg-klasse-badge\" tabindex=\"0\" data-tooltip=\"Gu\u00f0 \/ gy\u00f0ja: Pers\u00f3nugerving \u00e6\u00f0sta valds \u00ed go\u00f0aver\u00f6ld menningarheims, me\u00f0 sk\u00fdr valdsvi\u00f0, n\u00e1tt\u00faru\u00f6fl, \u00f6rl\u00f6g, str\u00ed\u00f0, frj\u00f3semi. D\u00fdrku\u00f0 me\u00f0 helgisi\u00f0um, f\u00f3rnum og hofastofnunum.\">Gu\u00f0<\/span><a href=\"https:\/\/iwell-guard.com\/is\/?page_id=168641\" class=\"iwg-kultur-badge\" tabindex=\"0\" data-tooltip=\"Hind\u00faagu\u00f0ir, \u00e1s\u00farur og verndarheimar, fr\u00e1 v\u00e9da-t\u00edmum til tantr\u00edsks t\u00edma.\">Hind\u00faismi<\/a><\/div>\t\t\t\t<\/div>\n\t\t\t\t<\/div>\n\t\t<div class=\"elementor-element elementor-element-3f74855 e-con-full e-flex e-con e-child\" data-id=\"3f74855\" data-element_type=\"container\" data-e-type=\"container\">\n\t\t\t\t<div class=\"elementor-element elementor-element-1c30362 elementor-toc--minimized-on-tablet elementor-widget elementor-widget-table-of-contents\" data-id=\"1c30362\" data-element_type=\"widget\" data-e-type=\"widget\" data-settings=\"{&quot;exclude_headings_by_selector&quot;:[],&quot;no_headings_message&quot;:&quot;Engar undirfyrirsagnir fundust \\u00e1 \\u00feessari s\\u00ed\\u00f0u.&quot;,&quot;headings_by_tags&quot;:[&quot;h2&quot;,&quot;h3&quot;],&quot;marker_view&quot;:&quot;bullets&quot;,&quot;minimize_box&quot;:&quot;yes&quot;,&quot;icon&quot;:{&quot;value&quot;:&quot;fas fa-circle&quot;,&quot;library&quot;:&quot;fa-solid&quot;,&quot;rendered_tag&quot;:&quot;&lt;svg class=\\&quot;e-font-icon-svg e-fas-circle\\&quot; viewBox=\\&quot;0 0 512 512\\&quot; xmlns=\\&quot;http:\\\/\\\/www.w3.org\\\/2000\\\/svg\\&quot;&gt;&lt;path d=\\&quot;M256 8C119 8 8 119 8 256s111 248 248 248 248-111 248-248S393 8 256 8z\\&quot;&gt;&lt;\\\/path&gt;&lt;\\\/svg&gt;&quot;},&quot;minimized_on&quot;:&quot;tablet&quot;,&quot;hierarchical_view&quot;:&quot;yes&quot;,&quot;min_height&quot;:{&quot;unit&quot;:&quot;px&quot;,&quot;size&quot;:&quot;&quot;,&quot;sizes&quot;:[]},&quot;min_height_tablet&quot;:{&quot;unit&quot;:&quot;px&quot;,&quot;size&quot;:&quot;&quot;,&quot;sizes&quot;:[]},&quot;min_height_mobile&quot;:{&quot;unit&quot;:&quot;px&quot;,&quot;size&quot;:&quot;&quot;,&quot;sizes&quot;:[]}}\" data-widget_type=\"table-of-contents.default\">\n\t\t\t\t\t\t\t\t\t<div class=\"elementor-toc__header\">\n\t\t\t\t\t\t<h2 class=\"elementor-toc__header-title\">\n\t\t\t\tEfnisyfirlit\t\t\t<\/h2>\n\t\t\t\t\t\t\t\t\t\t<div class=\"elementor-toc__toggle-button elementor-toc__toggle-button--expand\" role=\"button\" tabindex=\"0\" aria-controls=\"elementor-toc__1c30362\" aria-expanded=\"true\" aria-label=\"Open table of contents\"><svg aria-hidden=\"true\" class=\"e-font-icon-svg e-fas-chevron-down\" viewBox=\"0 0 448 512\" xmlns=\"http:\/\/www.w3.org\/2000\/svg\"><path d=\"M207.029 381.476L12.686 187.132c-9.373-9.373-9.373-24.569 0-33.941l22.667-22.667c9.357-9.357 24.522-9.375 33.901-.04L224 284.505l154.745-154.021c9.379-9.335 24.544-9.317 33.901.04l22.667 22.667c9.373 9.373 9.373 24.569 0 33.941L240.971 381.476c-9.373 9.372-24.569 9.372-33.942 0z\"><\/path><\/svg><\/div>\n\t\t\t\t<div class=\"elementor-toc__toggle-button elementor-toc__toggle-button--collapse\" role=\"button\" tabindex=\"0\" aria-controls=\"elementor-toc__1c30362\" aria-expanded=\"true\" aria-label=\"Close table of contents\"><svg aria-hidden=\"true\" class=\"e-font-icon-svg e-fas-chevron-up\" viewBox=\"0 0 448 512\" xmlns=\"http:\/\/www.w3.org\/2000\/svg\"><path d=\"M240.971 130.524l194.343 194.343c9.373 9.373 9.373 24.569 0 33.941l-22.667 22.667c-9.357 9.357-24.522 9.375-33.901.04L224 227.495 69.255 381.516c-9.379 9.335-24.544 9.317-33.901-.04l-22.667-22.667c-9.373-9.373-9.373-24.569 0-33.941L207.03 130.525c9.372-9.373 24.568-9.373 33.941-.001z\"><\/path><\/svg><\/div>\n\t\t\t\t\t<\/div>\n\t\t\t\t<div id=\"elementor-toc__1c30362\" class=\"elementor-toc__body\">\n\t\t\t<div class=\"elementor-toc__spinner-container\">\n\t\t\t\t<svg class=\"elementor-toc__spinner eicon-animation-spin e-font-icon-svg e-eicon-loading\" aria-hidden=\"true\" viewBox=\"0 0 1000 1000\" xmlns=\"http:\/\/www.w3.org\/2000\/svg\"><path d=\"M500 975V858C696 858 858 696 858 500S696 142 500 142 142 304 142 500H25C25 237 238 25 500 25S975 237 975 500 763 975 500 975Z\"><\/path><\/svg>\t\t\t<\/div>\n\t\t<\/div>\n\t\t\t\t\t\t<\/div>\n\t\t\t\t<\/div>\n\t\t\t\t\t<\/div>\n\t\t\t\t<\/div>\n\t\t<div class=\"elementor-element elementor-element-herorght0 e-con-full e-flex e-con e-child\" data-id=\"herorght0\" data-element_type=\"container\" data-e-type=\"container\">\n\t\t\t\t<div class=\"elementor-element elementor-element-heroimg00 iwg-hero-image elementor-widget elementor-widget-image\" data-id=\"heroimg00\" data-element_type=\"widget\" data-e-type=\"widget\" data-widget_type=\"image.default\">\n\t\t\t\t\t\t\t\t\t\t\t\t\t\t\t<img fetchpriority=\"high\" decoding=\"async\" width=\"683\" height=\"1024\" src=\"https:\/\/iwell-guard.com\/wp-content\/uploads\/2026\/04\/goetter_hinduismus_indra-683x1024.webp\" class=\"attachment-large size-large wp-image-171109\" alt=\"Indra - gu\u00f0 \u00far hind\u00faa-hef\u00f0inni, s\u00f6guleg myndskreyting\" srcset=\"https:\/\/iwell-guard.com\/wp-content\/uploads\/2026\/04\/goetter_hinduismus_indra-683x1024.webp 683w, https:\/\/iwell-guard.com\/wp-content\/uploads\/2026\/04\/goetter_hinduismus_indra-200x300.webp 200w, https:\/\/iwell-guard.com\/wp-content\/uploads\/2026\/04\/goetter_hinduismus_indra-768x1152.webp 768w, https:\/\/iwell-guard.com\/wp-content\/uploads\/2026\/04\/goetter_hinduismus_indra.webp 1024w\" sizes=\"(max-width: 683px) 100vw, 683px\" \/>\t\t\t\t\t\t\t\t\t\t\t\t\t\t\t<\/div>\n\t\t\t\t<\/div>\n\t\t\t\t\t<\/div>\n\t\t\t\t<\/div>\n\t\t<div class=\"elementor-element elementor-element-32917199 e-flex e-con-boxed e-con e-parent\" data-id=\"32917199\" data-element_type=\"container\" data-e-type=\"container\">\n\t\t\t\t\t<div class=\"e-con-inner\">\n\t\t<div class=\"elementor-element elementor-element-26e916cb e-flex e-con-boxed e-con e-child\" data-id=\"26e916cb\" data-element_type=\"container\" data-e-type=\"container\">\n\t\t\t\t\t<div class=\"e-con-inner\">\n\t\t<div class=\"elementor-element elementor-element-253a40d4 e-flex e-con-boxed e-con e-child\" data-id=\"253a40d4\" data-element_type=\"container\" data-e-type=\"container\">\n\t\t\t\t\t<div class=\"e-con-inner\">\n\t\t\t\t<div class=\"elementor-element elementor-element-1200c304 elementor-widget elementor-widget-heading\" data-id=\"1200c304\" data-element_type=\"widget\" data-e-type=\"widget\" data-widget_type=\"heading.default\">\n\t\t\t\t\t<h2 class=\"elementor-heading-title elementor-size-default\">Indra<\/h2>\t\t\t\t<\/div>\n\t\t\t\t\t<\/div>\n\t\t\t\t<\/div>\n\t\t<div class=\"elementor-element elementor-element-159dcf9a e-flex e-con-boxed e-con e-child\" data-id=\"159dcf9a\" data-element_type=\"container\" data-e-type=\"container\">\n\t\t\t\t\t<div class=\"e-con-inner\">\n\t\t\t\t<div class=\"elementor-element elementor-element-48cee66f elementor-widget elementor-widget-heading\" data-id=\"48cee66f\" data-element_type=\"widget\" data-e-type=\"widget\" data-widget_type=\"heading.default\">\n\t\t\t\t\t<h3 class=\"elementor-heading-title elementor-size-default\">\u00cd hnotskurn: Indra<\/h3>\t\t\t\t<\/div>\n\t\t\t\t<div class=\"elementor-element elementor-element-3f50d82c elementor-widget elementor-widget-text-editor\" data-id=\"3f50d82c\" data-element_type=\"widget\" data-e-type=\"widget\" data-widget_type=\"text-editor.default\">\n\t\t\t\t\t\t\t\t\t<p><strong>Tegund:<\/strong> Ved\u00edskur h\u00f6fu\u00f0gu\u00f0, \u00ferumu- og konungsgu\u00f0, sem v\u00edkur fyrir \u00f6\u00f0rum \u00ed Pur\u00e2\u1e47um<br><span class=\"iwg-fachbegriff\" data-tooltip=\"Heild gu\u00f0a innan tr\u00faarbrag\u00f0a e\u00f0a menningar.\" tabindex=\"0\">Gu\u00f0afj\u00f6ld<\/span>: Hind\u00faasi\u00f0ur (ved\u00edskt mi\u00f0l\u00e6gur, eftirved\u00edskt aukaatri\u00f0i), b\u00faddismi (sem \u015aakra\/Taishakuten)<br>Hlutverk: \u00feruma og eldingar, str\u00ed\u00f0, konungd\u00f3mur, sigurvegari yfir Vritra (\u00feurrka-dj\u00f6fli)<br>A\u00f0aleinkenni: Vajra (\u00ferumuvopn), bogi, hv\u00edtur f\u00edll Airavata sem rei\u00f0skj\u00f3ti<br>A\u00f0ald\u00fdrkunarsta\u00f0ir: ved\u00edskt mi\u00f0l\u00e6gur alls sta\u00f0ar, eftirved\u00edskt \u00ed Trayastri\u1e43\u015ba (b\u00fadd\u00edskt)<br>B\u00fadd\u00edsk sams\u00f6mun: \u015aakra (sanskr\u00edt), Taishakuten (Japan), Indra (T\u00edbet)<\/p>\t\t\t\t\t\t\t\t<\/div>\n\t\t\t\t\t<\/div>\n\t\t\t\t<\/div>\n\t\t\t\t\t<\/div>\n\t\t\t\t<\/div>\n\t\t\t\t\t<\/div>\n\t\t\t\t<\/div>\n\t\t<div class=\"elementor-element elementor-element-18613602 e-flex e-con-boxed e-con e-parent\" data-id=\"18613602\" data-element_type=\"container\" data-e-type=\"container\">\n\t\t\t\t\t<div class=\"e-con-inner\">\n\t\t\t\t<div class=\"elementor-element elementor-element-262b8a9f elementor-widget elementor-widget-heading\" data-id=\"262b8a9f\" data-element_type=\"widget\" data-e-type=\"widget\" data-widget_type=\"heading.default\">\n\t\t\t\t\t<h2 class=\"elementor-heading-title elementor-size-default\">Yfirlit<\/h2>\t\t\t\t<\/div>\n\t\t<div class=\"elementor-element elementor-element-46dcb7d e-con-full e-flex e-con e-child\" data-id=\"46dcb7d\" data-element_type=\"container\" data-e-type=\"container\">\n\t\t<div class=\"elementor-element elementor-element-61d3ab3 e-flex e-con-boxed e-con e-child\" data-id=\"61d3ab3\" data-element_type=\"container\" data-e-type=\"container\">\n\t\t\t\t\t<div class=\"e-con-inner\">\n\t\t\t\t<div class=\"elementor-element elementor-element-117c166 elementor-widget elementor-widget-heading\" data-id=\"117c166\" data-element_type=\"widget\" data-e-type=\"widget\" data-widget_type=\"heading.default\">\n\t\t\t\t\t<h3 class=\"elementor-heading-title elementor-size-default\">T\u00edmabil textanna<\/h3>\t\t\t\t<\/div>\n\t\t\t\t<div class=\"elementor-element elementor-element-73997a0 elementor-widget elementor-widget-text-editor\" data-id=\"73997a0\" data-element_type=\"widget\" data-e-type=\"widget\" data-widget_type=\"text-editor.default\">\n\t\t\t\t\t\t\t\t\t<p>Indra er hin mi\u00f0l\u00e6ga <span class=\"iwg-fachbegriff\" data-tooltip=\"Vera sem er d\u00fdrku\u00f0 sem gu\u00f0leg innan tr\u00faarbrag\u00f0a.\" tabindex=\"0\">gu\u00f0svera<\/span> \u00ed <em>Rigveda<\/em> (1200\u2013900 f.Kr.), um fj\u00f3r\u00f0ungur allra Rigveda-s\u00e1lma er honum tileinka\u00f0ur. H\u00f6fu\u00f0go\u00f0saga hans er <em>Vritra-\u00e1t\u00f6kin<\/em>: Vritra, \u00feurrka-dj\u00f6fullinn, heldur aftur af hinum kosm\u00edsku v\u00f6tnum; Indra drekkur Soma (dulv\u00edmudrykk), fellir Vritra me\u00f0 Vajra (\u00ferumuvopni) og frelsar v\u00f6tnin.<\/p><p>Me\u00f0 eftirved\u00edsku hef\u00f0inni (Br\u00e2hma\u1e47as, Pur\u00e2\u1e47as fr\u00e1 1. \u00e1r\u00fe\u00fasundi f.Kr.) minnkar mikilv\u00e6gi Indra, hann ver\u00f0ur undirsetnari <span class=\"iwg-fachbegriff\" data-tooltip=\"Vera sem er d\u00fdrku\u00f0 sem gu\u00f0leg innan tr\u00faarbrag\u00f0a.\" tabindex=\"0\">gu\u00f0svera<\/span> undir Vishnu\/Shiva. \u00cd b\u00faddisma er hann tekinn upp sem <em>\u015aakra<\/em>, drottnari Trayastri\u1e43\u015ba-himinsv\u00e6\u00f0isins og verndari <span class=\"iwg-fachbegriff\" tabindex=\"0\" data-tooltip=\"\u00cd hind\u00faasi\u00f0 skylda og kosm\u00edsk regla; \u00ed b\u00faddisma kenning B\u00fadda.\">Dharma<\/span>. \u00cd Japan samlaga\u00f0ur sem <em>Taishakuten<\/em>.<\/p>\t\t\t\t\t\t\t\t<\/div>\n\t\t\t\t\t<\/div>\n\t\t\t\t<\/div>\n\t\t<div class=\"elementor-element elementor-element-d47b156 e-flex e-con-boxed e-con e-child\" data-id=\"d47b156\" data-element_type=\"container\" data-e-type=\"container\">\n\t\t\t\t\t<div class=\"e-con-inner\">\n\t\t\t\t<div class=\"elementor-element elementor-element-ff38c2b elementor-widget elementor-widget-heading\" data-id=\"ff38c2b\" data-element_type=\"widget\" data-e-type=\"widget\" data-widget_type=\"heading.default\">\n\t\t\t\t\t<h3 class=\"elementor-heading-title elementor-size-default\">\u00datbrei\u00f0slusv\u00e6\u00f0i<\/h3>\t\t\t\t<\/div>\n\t\t\t\t<div class=\"elementor-element elementor-element-4e49fcc elementor-widget elementor-widget-text-editor\" data-id=\"4e49fcc\" data-element_type=\"widget\" data-e-type=\"widget\" data-widget_type=\"text-editor.default\">\n\t\t\t\t\t\t\t\t\t<p>\u00cd ved\u00edsku hef\u00f0inni voru engir s\u00e9rstakir Indra-<span class=\"iwg-fachbegriff\" data-tooltip=\"Bygging sem er notu\u00f0 til d\u00fdrkunar \u00e1 einum e\u00f0a fleiri gu\u00f0um.\" tabindex=\"0\">hofum<\/span>, ved\u00edsk tr\u00fa var hrein f\u00f3rnari\u00f0kun (<em>yaj\u00f1a<\/em>) vi\u00f0 heimilisaltari e\u00f0a \u00e1 opnum f\u00f3rnarsta\u00f0. Me\u00f0 Pur\u00e2\u1e47a-hef\u00f0inni voru st\u00f6k Indra-<span class=\"iwg-fachbegriff\" data-tooltip=\"Bygging sem er notu\u00f0 til d\u00fdrkunar \u00e1 einum e\u00f0a fleiri gu\u00f0um.\" tabindex=\"0\">hof<\/span> bygg\u00f0, en h\u00e9ldust ja\u00f0arsett.<\/p><p>\u00cd b\u00faddisma er n\u00e6rvera hans aftur \u00e1 m\u00f3ti \u00ed hverju <span class=\"iwg-fachbegriff\" data-tooltip=\"Bygging sem er notu\u00f0 til d\u00fdrkunar \u00e1 einum e\u00f0a fleiri gu\u00f0um.\" tabindex=\"0\">hofi<\/span>: \u015aakra\/Taishakuten er einn af fj\u00f3rum himinv\u00f6r\u00f0um, d\u00fdrka\u00f0ur sem Taishakuten \u00ed <em>Taisanji<\/em> (Ehime-h\u00e9ra\u00f0i) og v\u00ed\u00f0ar \u00ed Japan. \u00cd T\u00edbet sem hluti af Indra-r\u00f6\u00f0 \u00ed b\u00fadd\u00edska <span class=\"iwg-fachbegriff\" data-tooltip=\"Heild gu\u00f0a innan tr\u00faarbrag\u00f0a e\u00f0a menningar.\" tabindex=\"0\">gu\u00f0afj\u00f6ldanum<\/span>. \u00cd Nepal <em>Indra-Jatra<\/em>-h\u00e1t\u00ed\u00f0in \u00ed Katmand\u00fa (\u00e1rlega \u00ed september) sem mikil \u00fej\u00f3\u00f0h\u00e1t\u00ed\u00f0.<\/p>\t\t\t\t\t\t\t\t<\/div>\n\t\t\t\t\t<\/div>\n\t\t\t\t<\/div>\n\t\t\t\t<\/div>\n\t\t<div class=\"elementor-element elementor-element-db03c39 e-con-full e-flex e-con e-child\" data-id=\"db03c39\" data-element_type=\"container\" data-e-type=\"container\">\n\t\t<div class=\"elementor-element elementor-element-229a87b e-flex e-con-boxed e-con e-child\" data-id=\"229a87b\" data-element_type=\"container\" data-e-type=\"container\">\n\t\t\t\t\t<div class=\"e-con-inner\">\n\t\t\t\t<div class=\"elementor-element elementor-element-1f471fc elementor-widget elementor-widget-heading\" data-id=\"1f471fc\" data-element_type=\"widget\" data-e-type=\"widget\" data-widget_type=\"heading.default\">\n\t\t\t\t\t<h3 class=\"elementor-heading-title elementor-size-default\">Heimildasta\u00f0a<\/h3>\t\t\t\t<\/div>\n\t\t\t\t<div class=\"elementor-element elementor-element-36b1201 elementor-widget elementor-widget-text-editor\" data-id=\"36b1201\" data-element_type=\"widget\" data-e-type=\"widget\" data-widget_type=\"text-editor.default\">\n\t\t\t\t\t\t\t\t\t<p>Meginheimildir: <em>Rigveda<\/em> (s\u00e9rstaklega hinir fj\u00f6lm\u00f6rgu Indra-s\u00e1lmar, t.d. RV 1.32 um Vritra-<span class=\"iwg-fachbegriff\" data-tooltip=\"S\u00f6gn sem var\u00f0veist hefur um gu\u00f0i, uppruna og skipan heimsins.\" tabindex=\"0\">go\u00f0s\u00f6guna<\/span>), <em>Yajurveda<\/em>, <em>Atharvaveda<\/em>, <em>\u015aatapatha-Br\u00e2hma\u1e47a<\/em>, <em>Mahabharata<\/em> (Indra-\u00fe\u00e6ttir, s\u00e9rstaklega Karna-sagan), <em>Pur\u00e2\u1e47as<\/em>. B\u00fadd\u00edsk: <em>Sakkapa\u00f1ha-Sutta<\/em> (pali, samtal milli B\u00fadda og Sakka).<\/p><p>Fr\u00e6\u00f0irit: O&#8217;Flaherty, <em>The Origins of Evil in Hindu Mythology<\/em>; Macdonell, <em>Vedic Mythology<\/em>; Doniger, <em>Hindu Myths<\/em>; West, <em>Indo-European Poetry and Myth<\/em>.<\/p>\t\t\t\t\t\t\t\t<\/div>\n\t\t\t\t\t<\/div>\n\t\t\t\t<\/div>\n\t\t\t\t<\/div>\n\t\t\t\t\t<\/div>\n\t\t\t\t<\/div>\n\t\t<div class=\"elementor-element elementor-element-3ae0637c e-flex e-con-boxed e-con e-parent\" data-id=\"3ae0637c\" data-element_type=\"container\" data-e-type=\"container\">\n\t\t\t\t\t<div class=\"e-con-inner\">\n\t\t\t\t<div class=\"elementor-element elementor-element-31d07739 elementor-widget elementor-widget-heading\" data-id=\"31d07739\" data-element_type=\"widget\" data-e-type=\"widget\" data-widget_type=\"heading.default\">\n\t\t\t\t\t<h2 class=\"elementor-heading-title elementor-size-default\">Nafn og afbrig\u00f0i<\/h2>\t\t\t\t<\/div>\n\t\t<div class=\"elementor-element elementor-element-b7642947 e-con-full e-flex e-con e-child\" data-id=\"b7642947\" data-element_type=\"container\" data-e-type=\"container\">\n\t\t\t\t<div class=\"elementor-element elementor-element-a086266 elementor-widget elementor-widget-text-editor\" data-id=\"a086266\" data-element_type=\"widget\" data-e-type=\"widget\" data-widget_type=\"text-editor.default\">\n\t\t\t\t\t\t\t\t\t<p>Indra er s\u00fdndur sem kraftmikill, rau\u00f0leitur e\u00f0a gullinn str\u00ed\u00f0sma\u00f0ur, oft me\u00f0 einum e\u00f0a fj\u00f3rum \u00f6rmum. Hann heldur \u00e1 Vajra, \u00ferumuvopni me\u00f0 bognum endum, <span class=\"iwg-fachbegriff\" data-tooltip=\"T\u00e1kn sem stendur fyrir hugmynd e\u00f0a merkingu.\" tabindex=\"0\">t\u00e1kni<\/span> um algeran kraft.<\/p><p>D\u00fdr hans er hinn risavaxni hv\u00edti f\u00edll <em>Airavata<\/em> me\u00f0 fj\u00f3rum v\u00edgt\u00f6nnum, sem hann r\u00ed\u00f0ur. Sums sta\u00f0ar er Indra s\u00fdndur me\u00f0 gullnu brj\u00f3stpl\u00f6tu. Hir\u00f0 hans er <em>Amaravati<\/em>, himinn fullur af d\u00fdr\u00f0 og gle\u00f0i.<\/p>\t\t\t\t\t\t\t\t<\/div>\n\t\t\t\t<\/div>\n\t\t\t\t\t<\/div>\n\t\t\t\t<\/div>\n\t\t<div class=\"elementor-element elementor-element-709a44a8 e-flex e-con-boxed e-con e-parent\" data-id=\"709a44a8\" data-element_type=\"container\" data-e-type=\"container\">\n\t\t\t\t\t<div class=\"e-con-inner\">\n\t\t\t\t<div class=\"elementor-element elementor-element-2f585873 elementor-widget elementor-widget-heading\" data-id=\"2f585873\" data-element_type=\"widget\" data-e-type=\"widget\" data-widget_type=\"heading.default\">\n\t\t\t\t\t<h2 class=\"elementor-heading-title elementor-size-default\">Einkenni<\/h2>\t\t\t\t<\/div>\n\t\t<div class=\"elementor-element elementor-element-70621c12 e-con-full e-flex e-con e-child\" data-id=\"70621c12\" data-element_type=\"container\" data-e-type=\"container\">\n\t\t\t\t<div class=\"elementor-element elementor-element-4296eb49 elementor-widget elementor-widget-text-editor\" data-id=\"4296eb49\" data-element_type=\"widget\" data-e-type=\"widget\" data-widget_type=\"text-editor.default\">\n\t\t\t\t\t\t\t\t\t<p>Indra er drottnari efri heimsins (<em>Svarga<\/em>) og gu\u00f0anna. Hann f\u00e6rir regn og \u00ferumuve\u00f0ur, l\u00edfsnau\u00f0synlegt fyrir uppskeru \u00ed hinu forna Indlandi.<\/p><p>\u00c1t\u00f6kin vi\u00f0 Vritra, hundra\u00f0h\u00f6f\u00f0a\u00f0an drekann, eru \u00e6varandi <span class=\"iwg-fachbegriff\" data-tooltip=\"S\u00f6gn sem var\u00f0veist hefur um gu\u00f0i, uppruna og skipan heimsins.\" tabindex=\"0\">go\u00f0saga<\/span>: Vritra heldur v\u00f6tnunum f\u00f6ngnum, Indra fellir hann me\u00f0 Vajra. \u00deetta er ekki einungis n\u00e1tt\u00faru-<span class=\"iwg-fachbegriff\" data-tooltip=\"Heild var\u00f0veittra go\u00f0sagna \u00ed menningu.\" tabindex=\"0\">go\u00f0afr\u00e6\u00f0i<\/span>, heldur kosm\u00edsk myndhverfing fyrir a\u00f0 yfirst\u00edga leti og f\u00e1fr\u00e6\u00f0i. \u00cd ved\u00edskum yajna-f\u00f3rnum var Indra a\u00f0al\u00feeginn.<\/p><h3>\u00c1s\u00fdnd og t\u00e1knfr\u00e6\u00f0i<\/h3><p><em>Indra<\/em> er s\u00fdndur sem \u00fe\u00e9ttvaxinn, bl\u00e1leitgr\u00e6nn e\u00f0a gullinn gu\u00f0, oft me\u00f0 hundra\u00f0 augu um allan l\u00edkamann. Hann heldur \u00e1 \u00ferumuvopni (Vajra) og r\u00ed\u00f0ur \u00e1 hv\u00edta f\u00edlnum Airavata. \u00deruman er hans megineinkenni, tengd regni og str\u00ed\u00f0slegri \u00fatstr\u00e1lun.<\/p>\t\t\t\t\t\t\t\t<\/div>\n\t\t\t\t<\/div>\n\t\t\t\t\t<\/div>\n\t\t\t\t<\/div>\n\t\t<div class=\"elementor-element elementor-element-44e71476 e-flex e-con-boxed e-con e-parent\" data-id=\"44e71476\" data-element_type=\"container\" data-e-type=\"container\">\n\t\t\t\t\t<div class=\"e-con-inner\">\n\t\t\t\t<div class=\"elementor-element elementor-element-3c1fc3f0 elementor-widget elementor-widget-heading\" data-id=\"3c1fc3f0\" data-element_type=\"widget\" data-e-type=\"widget\" data-widget_type=\"heading.default\">\n\t\t\t\t\t<h2 class=\"elementor-heading-title elementor-size-default\">Nafnspjald: Indra<\/h2>\t\t\t\t<\/div>\n\t\t<div class=\"elementor-element elementor-element-84f33b8e e-con-full e-flex e-con e-child\" data-id=\"84f33b8e\" data-element_type=\"container\" data-e-type=\"container\">\n\t\t\t\t<div class=\"elementor-element elementor-element-hqkdc67p elementor-widget elementor-widget-text-editor\" data-id=\"hqkdc67p\" data-element_type=\"widget\" data-e-type=\"widget\" data-widget_type=\"text-editor.default\">\n\t\t\t\t\t\t\t\t\t<p>Mikilv\u00e6gustu \u00fe\u00e6ttir Indra \u00ed hnotskurn. Eftirfarandi svi\u00f0 taka saman uppruna, hlutverk, \u00e1s\u00fdnd, d\u00fdrkun, t\u00e1kn og menningarlega hli\u00f0st\u00e6\u00f0ur.<\/p>\t\t\t\t\t\t\t\t<\/div>\n\t\t\t\t<\/div>\n\t\t<div class=\"elementor-element elementor-element-pemmx7c5 e-con-full e-flex e-con e-child\" data-id=\"pemmx7c5\" data-element_type=\"container\" data-e-type=\"container\">\n\t\t<div class=\"elementor-element elementor-element-pemmx7c1 e-con-full e-flex e-con e-child\" data-id=\"pemmx7c1\" data-element_type=\"container\" data-e-type=\"container\">\n\t\t<div class=\"elementor-element elementor-element-qh9oavvu iwg-steckbrief-card e-flex e-con-boxed e-con e-child\" data-id=\"qh9oavvu\" data-element_type=\"container\" data-e-type=\"container\">\n\t\t\t\t\t<div class=\"e-con-inner\">\n\t\t\t\t<div class=\"elementor-element elementor-element-awzx8k2k elementor-widget elementor-widget-heading\" data-id=\"awzx8k2k\" data-element_type=\"widget\" data-e-type=\"widget\" data-widget_type=\"heading.default\">\n\t\t\t\t\t<div class=\"elementor-heading-title elementor-size-default\">Hef\u00f0<\/div>\t\t\t\t<\/div>\n\t\t\t\t<div class=\"elementor-element elementor-element-x6rowhv0 elementor-widget elementor-widget-text-editor\" data-id=\"x6rowhv0\" data-element_type=\"widget\" data-e-type=\"widget\" data-widget_type=\"text-editor.default\">\n\t\t\t\t\t\t\t\t\t<p>Indra er sonur himnagu\u00f0sins <em>Dyaus<\/em> (ved\u00edsk ind\u00f3evr\u00f3psk arfleif\u00f0 fr\u00e1 <em>*Dye&#038;#u014d;s ph&#038;#u2202;t&#038;#u113;r<\/em>) og jar\u00f0m\u00f3\u00f0urinnar <em>P&#7771;thiv&icirc;<\/em>. Br\u00f3\u00f0ir tv\u00edburagu\u00f0aparsins Mitra og Varuna. Eiginkona: <em>&Saacute;ac&icirc;<\/em> (einnig k\u00f6llu\u00f0 Indr&acirc;&#7751;&icirc;). Fa\u00f0ir h\u00e1lfgu\u00f0sins Arjuna (kappa Mahabharata). \u00cd b\u00faddisma er &Saacute;akra s\u00f6mu pers\u00f3nu, en \u00e6tterni hans er l\u00e1ti\u00f0 v\u00edkja fyrir hlutverki hans \u00ed heimsskipulaginu.<\/p>\t\t\t\t\t\t\t\t<\/div>\n\t\t\t\t\t<\/div>\n\t\t\t\t<\/div>\n\t\t<div class=\"elementor-element elementor-element-8e3o4kxs iwg-steckbrief-card e-flex e-con-boxed e-con e-child\" data-id=\"8e3o4kxs\" data-element_type=\"container\" data-e-type=\"container\">\n\t\t\t\t\t<div class=\"e-con-inner\">\n\t\t\t\t<div class=\"elementor-element elementor-element-08rkdgov elementor-widget elementor-widget-heading\" data-id=\"08rkdgov\" data-element_type=\"widget\" data-e-type=\"widget\" data-widget_type=\"heading.default\">\n\t\t\t\t\t<div class=\"elementor-heading-title elementor-size-default\">Verkunarsvi\u00f0<\/div>\t\t\t\t<\/div>\n\t\t\t\t<div class=\"elementor-element elementor-element-uwjelx8s elementor-widget elementor-widget-text-editor\" data-id=\"uwjelx8s\" data-element_type=\"widget\" data-e-type=\"widget\" data-widget_type=\"text-editor.default\">\n\t\t\t\t\t\t\t\t\t<p>Konungur ved\u00edsku gu\u00f0anna og hersk\u00e1r kappi. Verndargu\u00f0 str\u00ed\u00f0smannast\u00e9ttarins (<em>k&#7779;atriya-varna<\/em>). F\u00e6rir regn og gr\u00f3\u00f0urs\u00e6ld (me\u00f0 sigri s\u00ednum \u00e1 Vritra). \u00cd b\u00faddisma sem &Saacute;akra: verndari <span class=\"iwg-fachbegriff\" data-tooltip=\"\u00cd indverskum tr\u00faarbr\u00f6g\u00f0um, l\u00e6rd\u00f3murinn og hin r\u00e9tta breytni.\" tabindex=\"0\">Dharma<\/span>, drottnari himinr\u00edkisins Trayastri&#7747;&scaron;a (33 gu\u00f0ir), oft s\u00fdndur sem kurteis og b\u00e6nr\u00e6kinn samr\u00e6\u00f0uf\u00e9lagi B\u00fadda, sem er einkennandi l\u00e6kkun \u00e1 st\u00f6\u00f0u Indra \u00far konungi gu\u00f0anna \u00ed b\u00fadd\u00edskan emb\u00e6ttismann heimsins.<\/p>\t\t\t\t\t\t\t\t<\/div>\n\t\t\t\t\t<\/div>\n\t\t\t\t<\/div>\n\t\t<div class=\"elementor-element elementor-element-jm2n74ec iwg-steckbrief-card e-flex e-con-boxed e-con e-child\" data-id=\"jm2n74ec\" data-element_type=\"container\" data-e-type=\"container\">\n\t\t\t\t\t<div class=\"e-con-inner\">\n\t\t\t\t<div class=\"elementor-element elementor-element-8vufse4c elementor-widget elementor-widget-heading\" data-id=\"8vufse4c\" data-element_type=\"widget\" data-e-type=\"widget\" data-widget_type=\"heading.default\">\n\t\t\t\t\t<div class=\"elementor-heading-title elementor-size-default\">\u00c1sj\u00f3na Indra<\/div>\t\t\t\t<\/div>\n\t\t\t\t<div class=\"elementor-element elementor-element-mwb9u015 elementor-widget elementor-widget-text-editor\" data-id=\"mwb9u015\" data-element_type=\"widget\" data-e-type=\"widget\" data-widget_type=\"text-editor.default\">\n\t\t\t\t\t\t\t\t\t<p>Mannger\u00f0ur, sterkbygg\u00f0ur og skeggja\u00f0ur, kl\u00e6ddur gulllitum kl\u00e6\u00f0um. Fj\u00f6lm\u00f6rg augu um l\u00edkamann (\u00ed nokkrum Pur&acirc;&#7751;a-textum ur\u00f0u \u00feau til sem hegning \u00far fj\u00f6lda kynf\u00e6ra). <em>Vajra<\/em> (\u00ferumukylfa) \u00ed hendi, mikilv\u00e6gasta <span class=\"iwg-fachbegriff\" data-tooltip=\"T\u00e1kn sem stendur fyrir \u00e1kve\u00f0na hugmynd e\u00f0a merkingu.\" tabindex=\"0\">t\u00e1kn<\/span> Indra, sem s\u00ed\u00f0ar var\u00f0 a\u00f0alt\u00e1kn <span class=\"iwg-fachbegriff\" tabindex=\"0\" data-tooltip=\"Demantsfarart\u00e6ki\u00f0; tantr\u00edsk grein Mahayana-b\u00faddisma, fyrst og fremst \u00ed T\u00edbet, me\u00f0 yidam-i\u00f0kun \u00ed kjarna s\u00ednum.\">Vajrayana<\/span>-b\u00faddisma.<\/p><p>Rei\u00f0skj\u00f3ti: hv\u00edti f\u00edllinn <em>Airavata<\/em> me\u00f0 \u00ferj\u00fa e\u00f0a fleiri h\u00f6fu\u00f0. Bogi og \u00f6rvar (flj\u00f3tar sem eldingar). \u00cd b\u00fadd\u00edskum myndum (Taishakuten) s\u00fdndur sem h\u00e1s\u00e6tis-setinn, kurteis vera me\u00f0 veldissprota og k\u00f3r\u00f3nu, oft \u00ed l\u00f3tusstellingu.<\/p>\t\t\t\t\t\t\t\t<\/div>\n\t\t\t\t\t<\/div>\n\t\t\t\t<\/div>\n\t\t\t\t<\/div>\n\t\t<div class=\"elementor-element elementor-element-pemmx7c2 e-con-full e-flex e-con e-child\" data-id=\"pemmx7c2\" data-element_type=\"container\" data-e-type=\"container\">\n\t\t<div class=\"elementor-element elementor-element-37ss2yr6 iwg-steckbrief-card e-flex e-con-boxed e-con e-child\" data-id=\"37ss2yr6\" data-element_type=\"container\" data-e-type=\"container\">\n\t\t\t\t\t<div class=\"e-con-inner\">\n\t\t\t\t<div class=\"elementor-element elementor-element-3v0wp3wx elementor-widget elementor-widget-heading\" data-id=\"3v0wp3wx\" data-element_type=\"widget\" data-e-type=\"widget\" data-widget_type=\"heading.default\">\n\t\t\t\t\t<div class=\"elementor-heading-title elementor-size-default\">\u00c1hrif Indra<\/div>\t\t\t\t<\/div>\n\t\t\t\t<div class=\"elementor-element elementor-element-w3247g2m elementor-widget elementor-widget-text-editor\" data-id=\"w3247g2m\" data-element_type=\"widget\" data-e-type=\"widget\" data-widget_type=\"text-editor.default\">\n\t\t\t\t\t\t\t\t\t<p><strong>Verksvi\u00f0:<\/strong> \u00cd ved\u00edsku Indlandi var Indra \u00e1kalla\u00f0ur \u00ed hverri <em>yaj&ntilde;a<\/em>&#8211;<span class=\"iwg-fachbegriff\" data-tooltip=\"Gj\u00f6f til go\u00f0magns til a\u00f0 tj\u00e1 \u00feakkl\u00e6ti, b\u00f3n e\u00f0a tilbei\u00f0slu.\" tabindex=\"0\">f\u00f3rn<\/span>, og honum voru gefnar soma-f\u00f3rnir. Kappar og konungar \u00e1k\u00f6llu\u00f0u hann fyrir orrustur. Heilu soma-athafnirnar (<em>agni&#7779;&#7789;oma<\/em>, <em>v&acirc;japeya<\/em>) voru helga\u00f0ar honum og Agni saman.<\/p><p>\u00cd n\u00fat\u00edma hind\u00faai\u00f0kun er hlutverk hans ja\u00f0arl\u00e6gt. \u00cd b\u00faddisma er hann \u00fe\u00f3 enn vi\u00f0staddur: hann er \u00e1kalla\u00f0ur til verndar \u00ed hverri <span class=\"iwg-fachbegriff\" data-tooltip=\"Bygging sem er \u00e6tla\u00f0 til tilbei\u00f0slu einnar e\u00f0a fleiri go\u00f0magna.\" tabindex=\"0\">hofa<\/span>-ath\u00f6fn. \u00cd Nepal er hin mikla <em>Indra-Jatra<\/em>-h\u00e1t\u00ed\u00f0 haldin \u00ed Katmand\u00fa me\u00f0 gr\u00edmud\u00f6nsum og vagnaskr\u00fa\u00f0g\u00f6ngum.<\/p>\t\t\t\t\t\t\t\t<\/div>\n\t\t\t\t\t<\/div>\n\t\t\t\t<\/div>\n\t\t<div class=\"elementor-element elementor-element-0qpjal9w iwg-steckbrief-card e-flex e-con-boxed e-con e-child\" data-id=\"0qpjal9w\" data-element_type=\"container\" data-e-type=\"container\">\n\t\t\t\t\t<div class=\"e-con-inner\">\n\t\t\t\t<div class=\"elementor-element elementor-element-6ndoih0o elementor-widget elementor-widget-heading\" data-id=\"6ndoih0o\" data-element_type=\"widget\" data-e-type=\"widget\" data-widget_type=\"heading.default\">\n\t\t\t\t\t<div class=\"elementor-heading-title elementor-size-default\">Verndargripir<\/div>\t\t\t\t<\/div>\n\t\t\t\t<div class=\"elementor-element elementor-element-6684tyh9 elementor-widget elementor-widget-text-editor\" data-id=\"6684tyh9\" data-element_type=\"widget\" data-e-type=\"widget\" data-widget_type=\"text-editor.default\">\n\t\t\t\t\t\t\t\t\t<p>Vajra (\u00ferumukylfa, a\u00f0aleinkenni, s\u00ed\u00f0ar <span class=\"iwg-fachbegriff\" data-tooltip=\"T\u00e1kn sem stendur fyrir \u00e1kve\u00f0na hugmynd e\u00f0a merkingu.\" tabindex=\"0\">t\u00e1kn<\/span> b\u00faddisma), bogi me\u00f0 \u00f6rvum, Airavata (hv\u00edtur f\u00edll), Soma (heilagur drykkur), Indra-f\u00e1ni (\u00ed Pur&acirc;&#7751;a-hef\u00f0inni), regnbogi (bogi hans). Heil\u00f6g planta: Soma (enn ekki fulllj\u00f3st hva\u00f0a jurt er \u00e1tt vi\u00f0). Heil\u00f6g d\u00fdr: f\u00edllinn (Airavata), \u00f6rninn. Heil\u00f6g tala: 1.000 (\u00fe\u00fasund augu hans).<\/p>\t\t\t\t\t\t\t\t<\/div>\n\t\t\t\t\t<\/div>\n\t\t\t\t<\/div>\n\t\t<div class=\"elementor-element elementor-element-3lfi7x32 iwg-steckbrief-card e-flex e-con-boxed e-con e-child\" data-id=\"3lfi7x32\" data-element_type=\"container\" data-e-type=\"container\">\n\t\t\t\t\t<div class=\"e-con-inner\">\n\t\t\t\t<div class=\"elementor-element elementor-element-0kg99ga1 elementor-widget elementor-widget-heading\" data-id=\"0kg99ga1\" data-element_type=\"widget\" data-e-type=\"widget\" data-widget_type=\"heading.default\">\n\t\t\t\t\t<div class=\"elementor-heading-title elementor-size-default\">Hli\u00f0st\u00e6\u00f0ur Indra<\/div>\t\t\t\t<\/div>\n\t\t\t\t<div class=\"elementor-element elementor-element-n0fum6kp elementor-widget elementor-widget-text-editor\" data-id=\"n0fum6kp\" data-element_type=\"widget\" data-e-type=\"widget\" data-widget_type=\"text-editor.default\">\n\t\t\t\t\t\t\t\t\t<p><em>&Saacute;akra \/ Taishakuten<\/em> (b\u00faddismi, n\u00e6r samsvarandi \u00fatg\u00e1fa), <em>Seifur<\/em> (Grikkland, \u00ferumukylfuhafandi konungur gu\u00f0anna, sameiginleg ind\u00f3evr\u00f3psk r\u00f3t <em>*dyeus<\/em>), <em>J\u00fap\u00edter<\/em> (R\u00f3m), <em>\u00de\u00f3r<\/em> (germ\u00f6nsk go\u00f0afr\u00e6\u00f0i, hamar-\u00ferumugu\u00f0), <em>Per\u00fan<\/em> (slavnesk go\u00f0afr\u00e6\u00f0i), <em>Tarchunna\/Tesub<\/em> (Hitt\u00edtar), <em>Marduk<\/em> (Mes\u00f3p\u00f3tam\u00eda, stormkappi), <em>Adad\/Hadad<\/em> (Mes\u00f3p\u00f3tam\u00eda), <em>Baal<\/em> (Levantasv\u00e6\u00f0i\u00f0), <em>Raijin<\/em> (Japan, \u00ferumugu\u00f0 \u00ed <span class=\"iwg-fachbegriff\" data-tooltip=\"Frumtr\u00fa Japans, m\u00f3tu\u00f0 af tilbei\u00f0slu kami-v\u00e6ttanna.\" tabindex=\"0\">shinto<\/span>). Bardagi Indra og Vritra samsvarar a\u00f0 byggingu drekabardaga-go\u00f0s\u00f6gnum margra ind\u00f3evr\u00f3pskra tr\u00faarbrag\u00f0a (\u00de\u00f3r-J\u00f6rmungandur, Apollon-Python, Marduk-Tiamat).<\/p>\t\t\t\t\t\t\t\t<\/div>\n\t\t\t\t\t<\/div>\n\t\t\t\t<\/div>\n\t\t\t\t<\/div>\n\t\t\t\t<\/div>\n\t\t\t\t\t<\/div>\n\t\t\t\t<\/div>\n\t\t<div class=\"elementor-element elementor-element-7533bc7a e-flex e-con-boxed e-con e-parent\" data-id=\"7533bc7a\" data-element_type=\"container\" data-e-type=\"container\">\n\t\t\t\t\t<div class=\"e-con-inner\">\n\t\t\t\t<div class=\"elementor-element elementor-element-2447d18d elementor-widget elementor-widget-heading\" data-id=\"2447d18d\" data-element_type=\"widget\" data-e-type=\"widget\" data-widget_type=\"heading.default\">\n\t\t\t\t\t<h2 class=\"elementor-heading-title elementor-size-default\">Verndarr\u00e1\u00f0 \u00ed framkv\u00e6md<\/h2>\t\t\t\t<\/div>\n\t\t<div class=\"elementor-element elementor-element-d5d0260c e-con-full e-flex e-con e-child\" data-id=\"d5d0260c\" data-element_type=\"container\" data-e-type=\"container\">\n\t\t\t\t<div class=\"elementor-element elementor-element-341be2ac elementor-widget elementor-widget-text-editor\" data-id=\"341be2ac\" data-element_type=\"widget\" data-e-type=\"widget\" data-widget_type=\"text-editor.default\">\n\t\t\t\t\t\t\t\t\t<p><strong>Verndargripir og verndart\u00e1kn<\/strong><\/p><p>Mikilv\u00e6gasta verndart\u00e1kni\u00f0 sem tengist Indra er Vajra, \u00ferumukylfan sem hann felldi drekann Vritra me\u00f0. Vajra t\u00e1knar \u00f3bugandi kraft og v\u00f6rn gegn ringulrei\u00f0; sem helgigripur og hengi n\u00e1\u00f0i hann, langt \u00fat fyrir ved\u00edsku samhengi og inn \u00ed hind\u00faisma og b\u00faddisma, a\u00f0 ver\u00f0a merki festu og verndar.<\/p><p>\u00cd ved\u00edskri <span class=\"iwg-fachbegriff\" data-tooltip=\"Mi\u00f0lun \u00feekkingar og fr\u00e1sagna kynsl\u00f3\u00f0 eftir kynsl\u00f3\u00f0.\" tabindex=\"0\">munnm\u00e6lahef\u00f0<\/span> er Indra einnig talinn hj\u00e1lpari \u00ed orrustu og nau\u00f0; fj\u00f6lmargir s\u00e1lmar Rigveda \u00e1kalla hann um li\u00f0sinni gegn fjendum og \u00feurrkum. Myndir af Indra \u00e1 hv\u00edta f\u00edlnum Airavata pr\u00fdddu hofdyr sem verndarmyndir austur\u00e1tta.<\/p><h3><span class=\"iwg-fachbegriff\" data-tooltip=\"\u00d6ll tr\u00faari\u00f0kunin sem beinist a\u00f0 go\u00f0magni e\u00f0a heilagri v\u00e6ttu.\" tabindex=\"0\">Tilbei\u00f0sla<\/span> og d\u00fdrkun<\/h3><p><em>Indra<\/em> naut \u00e1 ved\u00edskum t\u00edma mikillar tilbei\u00f0slu me\u00f0 f\u00f3rnarath\u00f6fnum, s\u00e9rstaklega soma-f\u00f3rnum. Indra-h\u00e1t\u00ed\u00f0in markar sigra yfir dj\u00f6flum og er enn a\u00f0 hluta haldin \u00e1 Su\u00f0ur-Indlandi. Mesta lotningin f\u00f3r fram \u00ed <span class=\"iwg-fachbegriff\" data-tooltip=\"Tr\u00faarlegt kerfi \u00fear sem s\u00e9rfr\u00e6\u00f0ingar hafa samskipti vi\u00f0 andaheim.\" tabindex=\"0\">sjamanisma<\/span>-hef\u00f0um, \u00fear sem Vajra hans er d\u00fdrka\u00f0ur sem dulmagna\u00f0ur kraftur.<\/p>\t\t\t\t\t\t\t\t<\/div>\n\t\t\t\t<\/div>\n\t\t\t\t\t<\/div>\n\t\t\t\t<\/div>\n\t\t<div class=\"elementor-element elementor-element-5a584676 e-flex e-con-boxed e-con e-parent\" data-id=\"5a584676\" data-element_type=\"container\" data-e-type=\"container\">\n\t\t\t\t\t<div class=\"e-con-inner\">\n\t\t\t\t<div class=\"elementor-element elementor-element-6d0757bf elementor-widget elementor-widget-heading\" data-id=\"6d0757bf\" data-element_type=\"widget\" data-e-type=\"widget\" data-widget_type=\"heading.default\">\n\t\t\t\t\t<h2 class=\"elementor-heading-title elementor-size-default\">Indra, hli\u00f0st\u00e6\u00f0ur \u00ed \u00f6\u00f0rum menningarheimum<\/h2>\t\t\t\t<\/div>\n\t\t<div class=\"elementor-element elementor-element-60563f68 e-con-full e-flex e-con e-child\" data-id=\"60563f68\" data-element_type=\"container\" data-e-type=\"container\">\n\t\t\t\t<div class=\"elementor-element elementor-element-5a93fdd6 elementor-widget elementor-widget-text-editor\" data-id=\"5a93fdd6\" data-element_type=\"widget\" data-e-type=\"widget\" data-widget_type=\"text-editor.default\">\n\t\t\t\t\t\t\t\t\t<p>Indra l\u00edkist Seifi Grikkja, b\u00e1\u00f0ir eru konungar gu\u00f0anna, \u00ferumugu\u00f0ir, himinstj\u00f3rnendur. Bardaginn gegn Vritra minnir \u00e1 bardaga \u00de\u00f3rs vi\u00f0 orminn J\u00f6rmungand \u00ed norr\u00e6nni <span class=\"iwg-fachbegriff\" data-tooltip=\"\u00d6ll var\u00f0veitt fr\u00e1sagnasafn um gu\u00f0i \u00ed \u00e1kve\u00f0inni menningu.\" tabindex=\"0\">go\u00f0afr\u00e6\u00f0i<\/span> e\u00f0a sigur Apollons \u00e1 Python. St\u00edll Indra er hersk\u00e1rri, minna si\u00f0fer\u00f0islegur en s\u00ed\u00f0ari hind\u00faagu\u00f0ir; hann nj\u00f3ta ambros\u00edu og da\u00f0urgjarna d\u00edsa, d\u00e6migert fyrir ved\u00edskan marggu\u00f0atr\u00fa.<\/p>\t\t\t\t\t\t\t\t<\/div>\n\t\t\t\t<\/div>\n\t\t\t\t\t<\/div>\n\t\t\t\t<\/div>\n\t\t<div class=\"elementor-element elementor-element-cp96b3057 e-flex e-con-boxed e-con e-parent\" data-id=\"cp96b3057\" data-element_type=\"container\" data-e-type=\"container\">\n\t\t\t\t\t<div class=\"e-con-inner\">\n\t\t\t\t<div class=\"elementor-element elementor-element-cpe02117e elementor-widget elementor-widget-heading\" data-id=\"cpe02117e\" data-element_type=\"widget\" data-e-type=\"widget\" data-widget_type=\"heading.default\">\n\t\t\t\t\t<h2 class=\"elementor-heading-title elementor-size-default\">Drekabardaginn gegn Vritra: kjarnago\u00f0s\u00f6gn Indra \u00ed Rigveda<\/h2>\t\t\t\t<\/div>\n\t\t<div class=\"elementor-element elementor-element-cp2d3eb8f e-con-full e-flex e-con e-child\" data-id=\"cp2d3eb8f\" data-element_type=\"container\" data-e-type=\"container\">\n\t\t\t\t<div class=\"elementor-element elementor-element-cp3856a27 elementor-widget elementor-widget-text-editor\" data-id=\"cp3856a27\" data-element_type=\"widget\" data-e-type=\"widget\" data-widget_type=\"text-editor.default\">\n\t\t\t\t\t\t\t\t\t<p>Mikilv\u00e6gasti og oftast lofsungni <span class=\"iwg-fachbegriff\" data-tooltip=\"Yfirlifu\u00f0 fr\u00e1s\u00f6gn um gu\u00f0i, uppruna og skipulag heimsins.\" tabindex=\"0\">go\u00f0s\u00f6gnin<\/span> um Indra er bar\u00e1ttan vi\u00f0 <em>Vritra<\/em>. <em>Rigveda<\/em>, elsta lag indverskrar <span class=\"iwg-fachbegriff\" data-tooltip=\"Munnleg og skrifleg var\u00f0veisla \u00feekkingar og fr\u00e1sagna milli kynsl\u00f3\u00f0a.\" tabindex=\"0\">munnm\u00e6lahef\u00f0ar<\/span>, sem tali\u00f0 er hafa or\u00f0i\u00f0 til \u00e1 \u00f6\u00f0ru \u00e1r\u00fe\u00fasundi fyrir okkar t\u00edmatal, sn\u00fdr s\u00edfellt aftur a\u00f0 \u00feessu afreki; \u00fea\u00f0 telst mesta afrek Indra.<\/p><p>Vritra, en nafn hans \u00fe\u00fd\u00f0ir eitthva\u00f0 \u00e1 vi\u00f0 &#8222;hindrun&#8220; e\u00f0a &#8222;umkringjandi&#8220;, er sl\u00f6ngu- e\u00f0a drekul\u00edkur vera sem heldur vatninu f\u00f6ngnu. \u00cd sumum versum liggur hann \u00e1 fj\u00f6llunum og lokar \u00e1num svo a\u00f0 heimurinn skr\u00e6lnar.<\/p><p>Indra, styrktur af v\u00edmudrykknum <em>Soma<\/em>, r\u00e6\u00f0st fram me\u00f0 \u00ferumuvopni s\u00ednu, <em>Vajra<\/em>, fellir Vritra og frelsar v\u00f6tnin, sem streyma n\u00fa til hafs.<\/p><p>\u00deessi <span class=\"iwg-fachbegriff\" data-tooltip=\"Yfirlifu\u00f0 fr\u00e1s\u00f6gn um gu\u00f0i, uppruna og skipulag heimsins.\" tabindex=\"0\">go\u00f0s\u00f6gn<\/span> hefur nokkur merkingarl\u00f6g. \u00c1 einu stigi \u00fatsk\u00fdrir h\u00fan mons\u00faninn og frelsun l\u00edfgjafarvatnsins eftir \u00feurrkat\u00edmann. \u00c1 \u00f6\u00f0ru stigi er h\u00fan sk\u00f6punargj\u00f6r\u00f0: me\u00f0 \u00fev\u00ed a\u00f0 fjarl\u00e6gja hindrunina gerir Indra hina skipulegu framvindu heimsins m\u00f6gulega. Hann sty\u00f0ur himininn, l\u00e6tur s\u00f3lina renna upp og skapar r\u00fdmi.<\/p><p>Fr\u00e1 tr\u00faarbrag\u00f0afr\u00e6\u00f0ilegu sj\u00f3narhorni tilheyrir bar\u00e1ttan vi\u00f0 Vritra v\u00ed\u00f0um hring fr\u00e1sagna um bar\u00e1ttu gegn frumskipulagsleysi (chaos), en \u00fear \u00e1 me\u00f0al er einnig bab\u00fdlonska bar\u00e1ttan gegn <a href=\"https:\/\/iwell-guard.com\/is\/?page_id=168806\">T\u00edamat<\/a>. Innan <em>Rigveda<\/em> er \u00feetta grundv\u00f6llur st\u00f6\u00f0u Indra: hann er konungur gu\u00f0anna vegna \u00feess a\u00f0 hann framkv\u00e6mdi \u00feetta afrek.<\/p><p>Seinni textar halda \u00e1fram a\u00f0 segja s\u00f6gunni og b\u00e6ta vi\u00f0 a\u00f0 dr\u00e1pi\u00f0 \u00e1 Vritra, sem a\u00f0 hluta er talinn Brahmani, leggur \u00e1 Indra sekt, en \u00fea\u00f0 er <span class=\"iwg-fachbegriff\" data-tooltip=\"Endurteki\u00f0 innihaldsatri\u00f0i \u00ed list e\u00f0a fr\u00e1s\u00f6gn.\" tabindex=\"0\">stef<\/span> sem fylgir s\u00ed\u00f0ar hnignun st\u00f6\u00f0u hans.<\/p>\t\t\t\t\t\t\t\t<\/div>\n\t\t\t\t<\/div>\n\t\t\t\t\t<\/div>\n\t\t\t\t<\/div>\n\t\t<div class=\"elementor-element elementor-element-cp8806768 e-flex e-con-boxed e-con e-parent\" data-id=\"cp8806768\" data-element_type=\"container\" data-e-type=\"container\">\n\t\t\t\t\t<div class=\"e-con-inner\">\n\t\t\t\t<div class=\"elementor-element elementor-element-cpd4b09b2 elementor-widget elementor-widget-heading\" data-id=\"cpd4b09b2\" data-element_type=\"widget\" data-e-type=\"widget\" data-widget_type=\"heading.default\">\n\t\t\t\t\t<h2 class=\"elementor-heading-title elementor-size-default\">Fr\u00e1 \u00e6\u00f0sta gu\u00f0i til var\u00f0manns himin\u00e1tta: Hnignun Indra<\/h2>\t\t\t\t<\/div>\n\t\t<div class=\"elementor-element elementor-element-cp320cfe0 e-con-full e-flex e-con e-child\" data-id=\"cp320cfe0\" data-element_type=\"container\" data-e-type=\"container\">\n\t\t\t\t<div class=\"elementor-element elementor-element-cp72aa5e2 elementor-widget elementor-widget-text-editor\" data-id=\"cp72aa5e2\" data-element_type=\"widget\" data-e-type=\"widget\" data-widget_type=\"text-editor.default\">\n\t\t\t\t\t\t\t\t\t<p>F\u00e1ar gu\u00f0averur s\u00fdna jafn sk\u00fdra merkingarbreytingu og Indra. \u00cd <em>Rigveda<\/em> er hann s\u00fa <span class=\"iwg-fachbegriff\" data-tooltip=\"Vera sem er d\u00fdrku\u00f0 sem gu\u00f0leg innan tr\u00faarbrag\u00f0a.\" tabindex=\"0\">go\u00f0vera<\/span> sem langoftast er \u00e1k\u00f6llu\u00f0; st\u00f3r hluti s\u00e1lmanna er honum helga\u00f0ur. Hann er konungsgu\u00f0inn, str\u00ed\u00f0sma\u00f0urinn, sigrari \u00f3vinanna, hj\u00e1lpari ved\u00edsku \u00e6ttb\u00e1lkanna.<\/p><p>\u00c1 eftirved\u00edsku t\u00edmabili, \u00ed hetjukv\u00e6\u00f0unum <em>Mahabharata<\/em> og <em>Ramayana<\/em> og \u00ed <em>Puranas<\/em>-ritunum, missir Indra \u00feessa \u00e6\u00f0stu st\u00f6\u00f0u. Tr\u00faarleg d\u00fdrkun f\u00e6rist yfir \u00e1 <a href=\"https:\/\/iwell-guard.com\/is\/?page_id=168805\">Vishnu<\/a> og <a href=\"https:\/\/iwell-guard.com\/is\/?page_id=168765\">Shiva<\/a>, s\u00ed\u00f0ar einnig \u00e1 gy\u00f0juna \u00ed \u00fdmsum myndum hennar. Indra ver\u00f0ur undirskipu\u00f0 pers\u00f3na.<\/p><p>\u00cd s\u00ed\u00f0ari textum kemur hann oft fram sem konungur himnar\u00edkis, <em>Svarga<\/em>, parad\u00edsarlegs en forgengilegs sta\u00f0ar, og sem <em>Lokapala<\/em>, verndari einnar h\u00f6fu\u00f0\u00e1ttarinnar, nefnilega austursins.<\/p><p>S\u00f6gur l\u00fdsa honum n\u00fa oft sem veikum, afbr\u00fd\u00f0is\u00f6mum e\u00f0a \u00f3heppnum: Hann \u00f3ttast um h\u00e1s\u00e6ti sitt \u00feegar meinl\u00e6tama\u00f0ur safnar of miklum krafti me\u00f0 i\u00f0run, og sendir himneskar t\u00e6likonur til a\u00f0 trufla einbeitingu hans. Sagan um yfirsj\u00f3n hans me\u00f0 Ahalya og \u00fe\u00e1 <span class=\"iwg-fachbegriff\" data-tooltip=\"Or\u00f0aform\u00fala sem \u00e1 a\u00f0 valda einstaklingi e\u00f0a hlut \u00f3g\u00e6fu.\" tabindex=\"0\">b\u00f6lvun<\/span> sem fylgdi \u00ed kj\u00f6lfari\u00f0 er ein \u00feekktasta \u00feessara sagna.<\/p><p>Fr\u00e6\u00f0imenn t\u00falka \u00feessa hnignun sem spegilmynd dj\u00fapst\u00e6\u00f0ra tr\u00faarlegra breytinga: fr\u00e1 ved\u00edsku f\u00f3rnard\u00fdrkuninni, \u00fear sem gu\u00f0ir eins og Indra voru \u00ed \u00f6ndvegi, yfir \u00ed hollustud\u00fdrkun (<em>bhakti<\/em>) s\u00ed\u00f0ari hind\u00faahreyfinga. Indra var \u00e1fram til sta\u00f0ar, en hlutverk hans breyttist \u00far d\u00fdrku\u00f0um h\u00f6fu\u00f0gu\u00f0i \u00ed aukapers\u00f3nu \u00ed b\u00f3kmenntum, sem s\u00fdndi fram \u00e1 takm\u00f6rk jafnvel himneskra valda.<\/p>\t\t\t\t\t\t\t\t<\/div>\n\t\t\t\t<\/div>\n\t\t\t\t\t<\/div>\n\t\t\t\t<\/div>\n\t\t<div class=\"elementor-element elementor-element-cp84ac702 e-flex e-con-boxed e-con e-parent\" data-id=\"cp84ac702\" data-element_type=\"container\" data-e-type=\"container\">\n\t\t\t\t\t<div class=\"e-con-inner\">\n\t\t\t\t<div class=\"elementor-element elementor-element-cp5eb7ab4 elementor-widget elementor-widget-heading\" data-id=\"cp5eb7ab4\" data-element_type=\"widget\" data-e-type=\"widget\" data-widget_type=\"heading.default\">\n\t\t\t\t\t<h2 class=\"elementor-heading-title elementor-size-default\">Indra \u00ed b\u00faddisma og jainisma: Sakra, verndari l\u00e6rd\u00f3msins<\/h2>\t\t\t\t<\/div>\n\t\t<div class=\"elementor-element elementor-element-cp7c6d803 e-con-full e-flex e-con e-child\" data-id=\"cp7c6d803\" data-element_type=\"container\" data-e-type=\"container\">\n\t\t\t\t<div class=\"elementor-element elementor-element-cpf200db4 elementor-widget elementor-widget-text-editor\" data-id=\"cpf200db4\" data-element_type=\"widget\" data-e-type=\"widget\" data-widget_type=\"text-editor.default\">\n\t\t\t\t\t\t\t\t\t<p>Indra hvarf ekki \u00far indverskri tr\u00faars\u00f6gu, heldur var hann tekinn upp og endurskilgreindur af hef\u00f0um sem ekki eru brahman\u00edskar. \u00cd b\u00faddisma kemur hann oftast fram undir nafninu <em>Sakra<\/em> e\u00f0a <em>Shakra<\/em>, vi\u00f0urnefni sem finnst \u00feegar \u00ed <em>Rigveda<\/em> og \u00fe\u00fd\u00f0ir &#8222;hinn m\u00e1ttugi&#8220;, oft lengt \u00ed <em>Sakra Devanam Indra<\/em>, &#8222;Sakra, herra gu\u00f0anna&#8220;.<\/p><p>\u00cd b\u00fadd\u00edskum textum er Sakra herra himins \u00ferj\u00e1t\u00edu og \u00feriggja gu\u00f0a, sem liggur \u00e1 toppi heimsfjallsins Meru.<\/p><p>\u00d3l\u00edkt hind\u00faaefninu er hann h\u00e9r algj\u00f6rlega velvildarfull vera: hann kemur fram sem verndari B\u00fadda og b\u00fadd\u00edskra kenninga, spyr B\u00fadda spurninga, hlustar \u00e1 r\u00e6\u00f0ur hans og sty\u00f0ur tr\u00faa\u00f0 f\u00f3lk. \u00cd b\u00fadd\u00edskri list, me\u00f0al annars \u00ed fornum l\u00e1gmyndum \u00ed Sanchi og Bharhut, er hann oft s\u00fdndur.<\/p><p>Mikilv\u00e6gt er h\u00e9r stigveldi\u00f0: Sakra er konungur gu\u00f0anna, en er \u00fe\u00f3 sj\u00e1lfur undirgefinn kenningum B\u00fadda og, eins og allir gu\u00f0ir \u00ed b\u00fadd\u00edskri heimsmynd, bundinn hringr\u00e1s f\u00e6\u00f0ingar og dau\u00f0a. Gu\u00f0legt l\u00edf hans er fars\u00e6lt en forgengilegt tilverusni\u00f0.<\/p><p>Jainismi \u00feekkir Indra einnig, \u00fear sem hann heitir <em>Shakra<\/em> e\u00f0a svipu\u00f0um n\u00f6fnum, sem himneskan herra sem kemur fram \u00e1 lykilstundum \u00ed l\u00edfi Tirthankara, va\u00f0f\u00e6ru, og hei\u00f0rar hann.<\/p><p>\u00cd b\u00e1\u00f0um hef\u00f0um s\u00e9st sama mynstri\u00f0: gu\u00f0 sem eitt sinn var \u00e6\u00f0stur ved\u00edskra gu\u00f0a heldur \u00e1fram a\u00f0 vera virt og m\u00e1ttug vera, en er felld undir og ger\u00f0 undirgefin \u00feeirri eigin, \u00e6\u00f0ri hj\u00e1lpr\u00e6\u00f0isl\u00e6ru sem hver hef\u00f0 hefur.<\/p>\t\t\t\t\t\t\t\t<\/div>\n\t\t\t\t<\/div>\n\t\t\t\t\t<\/div>\n\t\t\t\t<\/div>\n\t\t<div class=\"elementor-element elementor-element-36dd7469 e-flex e-con-boxed e-con e-parent\" data-id=\"36dd7469\" data-element_type=\"container\" data-e-type=\"container\">\n\t\t\t\t\t<div class=\"e-con-inner\">\n\t\t\t\t<div class=\"elementor-element elementor-element-13760ab4 elementor-widget elementor-widget-heading\" data-id=\"13760ab4\" data-element_type=\"widget\" data-e-type=\"widget\" data-widget_type=\"heading.default\">\n\t\t\t\t\t<h2 class=\"elementor-heading-title elementor-size-default\">\u00cdtarefni og tenglar<\/h2>\t\t\t\t<\/div>\n\t\t<div class=\"elementor-element elementor-element-28c87796 e-con-full e-flex e-con e-child\" data-id=\"28c87796\" data-element_type=\"container\" data-e-type=\"container\">\n\t\t\t\t<div class=\"elementor-element elementor-element-5d6538df elementor-widget elementor-widget-text-editor\" data-id=\"5d6538df\" data-element_type=\"widget\" data-e-type=\"widget\" data-widget_type=\"text-editor.default\">\n\t\t\t\t\t\t\t\t\t<ul><li><a href=\"https:\/\/iwell-guard.com\/is\/?page_id=168805\">Vishnu, \u00e6\u00f0ri \u00ed Puranas-textunum<\/a><\/li><li><a href=\"https:\/\/iwell-guard.com\/is\/?page_id=168710\">Seifur, gr\u00edska \u00ferumu-konungs samsv\u00f6runin<\/a><\/li><li><a href=\"https:\/\/iwell-guard.com\/is\/?page_id=168816\">\u00de\u00f3r, germanska \u00ferumu-samsv\u00f6runin<\/a><\/li><li><a href=\"https:\/\/iwell-guard.com\/is\/?page_id=168764\">Perun, slavneska \u00ferumu-samsv\u00f6runin<\/a><\/li><li><a href=\"https:\/\/iwell-guard.com\/is\/?page_id=168812\">Raijin, japanska \u00ferumu-samsv\u00f6runin<\/a><\/li><li><a href=\"https:\/\/iwell-guard.com\/is\/?page_id=168641\">Hind\u00faismi, yfirlit yfir go\u00f0aheim<\/a><\/li><li><a href=\"https:\/\/iwell-guard.com\/is\/?page_id=168679\">Gu\u00f0ir, yfirlit yfir flokka<\/a><\/li><\/ul>\t\t\t\t\t\t\t\t<\/div>\n\t\t\t\t<\/div>\n\t\t\t\t\t<\/div>\n\t\t\t\t<\/div>\n\t\t<div class=\"elementor-element elementor-element-grl4kl40 e-flex e-con-boxed e-con e-parent\" data-id=\"grl4kl40\" data-element_type=\"container\" data-e-type=\"container\">\n\t\t\t\t\t<div class=\"e-con-inner\">\n\t\t\t\t<div class=\"elementor-element elementor-element-bzsbfrmh elementor-widget elementor-widget-heading\" data-id=\"bzsbfrmh\" data-element_type=\"widget\" data-e-type=\"widget\" data-widget_type=\"heading.default\">\n\t\t\t\t\t<h2 class=\"elementor-heading-title elementor-size-default\">Fr\u00e6\u00f0irit<\/h2>\t\t\t\t<\/div>\n\t\t<div class=\"elementor-element elementor-element-2c13224a e-con-full e-flex e-con e-child\" data-id=\"2c13224a\" data-element_type=\"container\" data-e-type=\"container\">\n\t\t\t\t<div class=\"elementor-element elementor-element-0eymh9ub elementor-widget elementor-widget-text-editor\" data-id=\"0eymh9ub\" data-element_type=\"widget\" data-e-type=\"widget\" data-widget_type=\"text-editor.default\">\n\t\t\t\t\t\t\t\t\t<footer class=\"iwg-literatur\" data-nosnippet=\"true\"><ul><li><span data-nosnippet>Macdonell, A. A.: <em>Vedic Mythology<\/em>. Strassburg 1897 (klass.).<\/span><\/li><li><span data-nosnippet>O&rsquo;Flaherty, Wendy Doniger: <em>The Origins of Evil in Hindu Mythology<\/em>. Berkeley 1976.<\/span><\/li><li><span data-nosnippet>Doniger, Wendy: <em>Hindu Myths<\/em>. London 1975.<\/span><\/li><li><span data-nosnippet>West, Martin L.: <em>Indo-European Poetry and Myth<\/em>. Oxford 2007 (mikilv&aelig;gt fyrir samanbur&eacute;arhugtaki&eacute; um &thorn;rumugu&eacute;).<\/span><\/li><li><em>Rigveda<\/em> (m&ouml;rg &thorn;&yacute;&eth;ingar til).<\/li><li>Walde, Christine (Hg.): <em>Der Neue Pauly<\/em> (uppsl&aacute;tt &bdquo;Indra&ldquo;).<\/li><\/ul><\/footer>\n<p class=\"iwg-bib-more\"><span data-nosnippet>Fleiri undirst&ouml;&eth;urit i&eth; <a href=\"https:\/\/iwell-guard.com\/is\/?page_id=168730\">heimildaskr&aacute;nni<\/a>.<\/span><\/p>\t\t\t\t\t\t\t\t<\/div>\n\t\t\t\t<\/div>\n\t\t\t\t\t<\/div>\n\t\t\t\t<\/div>\n\t\t\t\t<\/div>\n\t\t","protected":false},"excerpt":{"rendered":"","protected":false},"author":3,"featured_media":1592,"parent":0,"menu_order":0,"comment_status":"closed","ping_status":"closed","template":"elementor_header_footer","meta":{"_yoast_wpseo_focuskw":"Indra","_yoast_wpseo_title":"Indra \u2013 Hinn ved\u00edski \u00ferumuk\u00f3ngur og himinv\u00f6r\u00f0ur","_yoast_wpseo_metadesc":"Indra, ved\u00edskur \u00ferumuk\u00f3ngur og himinv\u00f6r\u00f0ur. Vajra-\u00ferumuvopni\u00f0, Vritra-\u00e1t\u00f6kin, Airavata-f\u00edllinn og Rigveda-hef\u00f0in.","_yoast_wpseo_meta-robots-noindex":"","_yoast_wpseo_canonical":"","_angie_page":false,"gefaehrdungsstufe":"2","wesen_kultur":"hinduismus","wesen_klasse":"goetter","footnotes":""},"categories":[],"class_list":["post-168803","page","type-page","status-publish","has-post-thumbnail","hentry"],"yoast_head":"<!-- This site is optimized with the Yoast SEO Premium plugin v27.7 (Yoast SEO v28.3) - https:\/\/yoast.com\/product\/yoast-seo-premium-wordpress\/ -->\n<title>Indra \u2013 Hinn ved\u00edski \u00ferumuk\u00f3ngur og himinv\u00f6r\u00f0ur<\/title>\n<meta name=\"description\" content=\"Indra, ved\u00edskur \u00ferumuk\u00f3ngur og himinv\u00f6r\u00f0ur. Vajra-\u00ferumuvopni\u00f0, Vritra-\u00e1t\u00f6kin, Airavata-f\u00edllinn og Rigveda-hef\u00f0in.\" \/>\n<meta name=\"robots\" content=\"index, follow, max-snippet:-1, max-image-preview:large, max-video-preview:-1\" \/>\n<link rel=\"canonical\" href=\"https:\/\/iwell-guard.com\/is\/indra\/\" \/>\n<meta property=\"og:locale\" content=\"is_IS\" \/>\n<meta property=\"og:type\" content=\"article\" \/>\n<meta property=\"og:title\" content=\"Indra\" \/>\n<meta property=\"og:description\" content=\"Indra, ved\u00edskur \u00ferumuk\u00f3ngur og himinv\u00f6r\u00f0ur. Vajra-\u00ferumuvopni\u00f0, Vritra-\u00e1t\u00f6kin, Airavata-f\u00edllinn og Rigveda-hef\u00f0in.\" \/>\n<meta property=\"og:url\" content=\"https:\/\/iwell-guard.com\/is\/indra\/\" \/>\n<meta property=\"og:site_name\" content=\"iWell Guard\" \/>\n<meta property=\"article:modified_time\" content=\"2026-09-05T14:19:48+00:00\" \/>\n<meta property=\"og:image\" content=\"https:\/\/iwell-guard.com\/wp-content\/uploads\/2026\/04\/goetter_hinduismus_indra.webp\" \/>\n\t<meta property=\"og:image:width\" content=\"1024\" \/>\n\t<meta property=\"og:image:height\" content=\"1536\" \/>\n\t<meta property=\"og:image:type\" content=\"image\/webp\" \/>\n<meta name=\"twitter:card\" content=\"summary_large_image\" \/>\n<script type=\"application\/ld+json\" class=\"yoast-schema-graph\">{\"@context\":\"https:\\\/\\\/schema.org\",\"@graph\":[{\"@type\":\"WebPage\",\"@id\":\"https:\\\/\\\/iwell-guard.com\\\/is\\\/indra\\\/\",\"url\":\"https:\\\/\\\/iwell-guard.com\\\/is\\\/indra\\\/\",\"name\":\"Indra \u2013 Hinn ved\u00edski \u00ferumuk\u00f3ngur og himinv\u00f6r\u00f0ur\",\"isPartOf\":{\"@id\":\"https:\\\/\\\/iwell-guard.com\\\/is\\\/#website\"},\"primaryImageOfPage\":{\"@id\":\"https:\\\/\\\/iwell-guard.com\\\/is\\\/indra\\\/#primaryimage\"},\"image\":{\"@id\":\"https:\\\/\\\/iwell-guard.com\\\/is\\\/indra\\\/#primaryimage\"},\"thumbnailUrl\":\"https:\\\/\\\/iwell-guard.com\\\/wp-content\\\/uploads\\\/2026\\\/04\\\/goetter_hinduismus_indra.webp\",\"datePublished\":\"2026-09-05T14:03:07+00:00\",\"dateModified\":\"2026-09-05T14:19:48+00:00\",\"description\":\"Indra, ved\u00edskur \u00ferumuk\u00f3ngur og himinv\u00f6r\u00f0ur. Vajra-\u00ferumuvopni\u00f0, Vritra-\u00e1t\u00f6kin, Airavata-f\u00edllinn og Rigveda-hef\u00f0in.\",\"breadcrumb\":{\"@id\":\"https:\\\/\\\/iwell-guard.com\\\/is\\\/indra\\\/#breadcrumb\"},\"inLanguage\":\"is\",\"potentialAction\":[{\"@type\":\"ReadAction\",\"target\":[\"https:\\\/\\\/iwell-guard.com\\\/is\\\/indra\\\/\"]}]},{\"@type\":\"ImageObject\",\"inLanguage\":\"is\",\"@id\":\"https:\\\/\\\/iwell-guard.com\\\/is\\\/indra\\\/#primaryimage\",\"url\":\"https:\\\/\\\/iwell-guard.com\\\/wp-content\\\/uploads\\\/2026\\\/04\\\/goetter_hinduismus_indra.webp\",\"contentUrl\":\"https:\\\/\\\/iwell-guard.com\\\/wp-content\\\/uploads\\\/2026\\\/04\\\/goetter_hinduismus_indra.webp\",\"width\":1024,\"height\":1536,\"caption\":\"Gu\u00f0ir \u00far hind\u00faisma-hef\u00f0inni.\"},{\"@type\":\"BreadcrumbList\",\"@id\":\"https:\\\/\\\/iwell-guard.com\\\/is\\\/indra\\\/#breadcrumb\",\"itemListElement\":[{\"@type\":\"ListItem\",\"position\":1,\"name\":\"Start\",\"item\":\"https:\\\/\\\/iwell-guard.com\\\/is\\\/?page_id=168580\"},{\"@type\":\"ListItem\",\"position\":2,\"name\":\"Indra\"}]},{\"@type\":\"WebSite\",\"@id\":\"https:\\\/\\\/iwell-guard.com\\\/is\\\/#website\",\"url\":\"https:\\\/\\\/iwell-guard.com\\\/is\\\/\",\"name\":\"iWell Guard\",\"description\":\"Schutz vor dunklen Einfl\u00fcssen\",\"publisher\":{\"@id\":\"https:\\\/\\\/iwell-guard.com\\\/is\\\/#organization\"},\"potentialAction\":[{\"@type\":\"SearchAction\",\"target\":{\"@type\":\"EntryPoint\",\"urlTemplate\":\"https:\\\/\\\/iwell-guard.com\\\/is\\\/?s={search_term_string}\"},\"query-input\":{\"@type\":\"PropertyValueSpecification\",\"valueRequired\":true,\"valueName\":\"search_term_string\"}}],\"inLanguage\":\"is\"},{\"@type\":\"Organization\",\"@id\":\"https:\\\/\\\/iwell-guard.com\\\/is\\\/#organization\",\"name\":\"Ittermann electronic GmbH\",\"url\":\"https:\\\/\\\/iwell-guard.com\\\/is\\\/\",\"logo\":{\"@type\":\"ImageObject\",\"inLanguage\":\"is\",\"@id\":\"https:\\\/\\\/iwell-guard.com\\\/is\\\/#\\\/schema\\\/logo\\\/image\\\/\",\"url\":\"https:\\\/\\\/iwell-guard.com\\\/wp-content\\\/uploads\\\/2026\\\/05\\\/Ittermann-Logo-1182x237-1.png\",\"contentUrl\":\"https:\\\/\\\/iwell-guard.com\\\/wp-content\\\/uploads\\\/2026\\\/05\\\/Ittermann-Logo-1182x237-1.png\",\"width\":1182,\"height\":237,\"caption\":\"Ittermann electronic GmbH\"},\"image\":{\"@id\":\"https:\\\/\\\/iwell-guard.com\\\/is\\\/#\\\/schema\\\/logo\\\/image\\\/\"},\"sameAs\":[\"https:\\\/\\\/pantip.com\\\/profile\\\/9367242\",\"https:\\\/\\\/micro.blog\\\/iwellguard\",\"https:\\\/\\\/www.diggerslist.com\\\/iwellguard\\\/about\",\"https:\\\/\\\/skitterphoto.com\\\/photographers\\\/2870314\\\/iwell-guard\",\"https:\\\/\\\/iwellguard.wordpress.com\\\/2026\\\/06\\\/06\\\/iwell-guard\\\/\",\"https:\\\/\\\/hub.docker.com\\\/u\\\/iwellguard\",\"https:\\\/\\\/www.pinterest.com\\\/iwellguard\\\/\",\"https:\\\/\\\/bit.ly\\\/m\\\/iwellguard\",\"https:\\\/\\\/entre-vos-mains.alsace.eu\\\/profiles\\\/iwellguard\\\/activity\",\"https:\\\/\\\/gravatar.com\\\/reallybeded8fd34\",\"https:\\\/\\\/naijamatta.com\\\/iwellguard\",\"https:\\\/\\\/www.goodreads.com\\\/iwellguard\",\"https:\\\/\\\/profile.hatena.ne.jp\\\/iwellguard\\\/\",\"https:\\\/\\\/experiment.com\\\/users\\\/iwellguard\",\"https:\\\/\\\/wakelet.com\\\/@iWellGuard82270\",\"https:\\\/\\\/www.chordie.com\\\/forum\\\/profile.php?id=2555664\",\"https:\\\/\\\/www.instapaper.com\\\/p\\\/17757966\",\"https:\\\/\\\/www.mapleprimes.com\\\/users\\\/iwellguard\",\"https:\\\/\\\/businesslistingplus.com\\\/profile\\\/iwell-guard\\\/\",\"https:\\\/\\\/telegra.ph\\\/iWell-Guard-06-06\",\"https:\\\/\\\/pbase.com\\\/iwellguard\\\/iwellguard\",\"https:\\\/\\\/b.hatena.ne.jp\\\/iwellguard\\\/20260607#bookmark-4788405196491818882\",\"https:\\\/\\\/fliphtml5.com\\\/home\\\/iwellguard\",\"https:\\\/\\\/anyflip.com\\\/homepage\\\/cmiwl#About\",\"https:\\\/\\\/transfur.com\\\/Users\\\/iwellguard\",\"http:\\\/\\\/delphi.larsbo.org\\\/user\\\/iwellguard\",\"https:\\\/\\\/jobs.lajobsportal.org\\\/profiles\\\/8380803-iwell-guard\",\"https:\\\/\\\/md.chaosdorf.de\\\/s\\\/jfbe5SBdJD\",\"https:\\\/\\\/www.lingvolive.com\\\/en-us\\\/profile\\\/9ecaeaca-ce11-4e51-9e71-01d55e2bff36\\\/translations\",\"https:\\\/\\\/www.fitday.com\\\/fitness\\\/forums\\\/members\\\/iwellguard.html\",\"https:\\\/\\\/www.mymeetbook.com\\\/iwellguard\",\"https:\\\/\\\/pxhere.com\\\/en\\\/photographer-me\\\/5040798\",\"https:\\\/\\\/disqus.com\\\/by\\\/iwellguard\\\/about\\\/\",\"https:\\\/\\\/pastelink.net\\\/hjwciqwq\",\"https:\\\/\\\/pubhtml5.com\\\/homepage\\\/scjhn\\\/\",\"https:\\\/\\\/www.bitchute.com\\\/channel\\\/2O2eOKzNqujT\",\"https:\\\/\\\/audiomack.com\\\/iwellguard\"]},{\"@type\":\"Article\",\"@id\":\"https:\\\/\\\/iwell-guard.com\\\/is\\\/indra\\\/#article\",\"isPartOf\":{\"@id\":\"https:\\\/\\\/iwell-guard.com\\\/is\\\/indra\\\/\"},\"author\":{\"name\":\"Ralf Ittermann\",\"@id\":\"https:\\\/\\\/iwell-guard.com\\\/is\\\/#\\\/schema\\\/person\\\/ee2a27f1cac3406c7c6fb5820cb7349f\"},\"headline\":\"Indra\",\"datePublished\":\"2026-09-05T14:03:07+00:00\",\"dateModified\":\"2026-09-05T14:19:48+00:00\",\"mainEntityOfPage\":{\"@id\":\"https:\\\/\\\/iwell-guard.com\\\/is\\\/indra\\\/\"},\"publisher\":{\"@id\":\"https:\\\/\\\/iwell-guard.com\\\/is\\\/#organization\"},\"image\":{\"@id\":\"https:\\\/\\\/iwell-guard.com\\\/is\\\/indra\\\/#primaryimage\"},\"thumbnailUrl\":\"https:\\\/\\\/iwell-guard.com\\\/wp-content\\\/uploads\\\/2026\\\/04\\\/goetter_hinduismus_indra.webp\",\"inLanguage\":\"is\",\"description\":\"Indra, ved\u00edskur \u00ferumuk\u00f3ngur og himinv\u00f6r\u00f0ur. Vajra-\u00ferumuvopni\u00f0, Vritra-\u00e1t\u00f6kin, Airavata-f\u00edllinn og Rigveda-hef\u00f0in.\"}]}<\/script>\n<!-- \/ Yoast SEO Premium plugin. -->","yoast_head_json":{"title":"Indra \u2013 Hinn ved\u00edski \u00ferumuk\u00f3ngur og himinv\u00f6r\u00f0ur","description":"Indra, ved\u00edskur \u00ferumuk\u00f3ngur og himinv\u00f6r\u00f0ur. Vajra-\u00ferumuvopni\u00f0, Vritra-\u00e1t\u00f6kin, Airavata-f\u00edllinn og Rigveda-hef\u00f0in.","robots":{"index":"index","follow":"follow","max-snippet":"max-snippet:-1","max-image-preview":"max-image-preview:large","max-video-preview":"max-video-preview:-1"},"canonical":"https:\/\/iwell-guard.com\/is\/indra\/","og_locale":"is_IS","og_type":"article","og_title":"Indra","og_description":"Indra, ved\u00edskur \u00ferumuk\u00f3ngur og himinv\u00f6r\u00f0ur. Vajra-\u00ferumuvopni\u00f0, Vritra-\u00e1t\u00f6kin, Airavata-f\u00edllinn og Rigveda-hef\u00f0in.","og_url":"https:\/\/iwell-guard.com\/is\/indra\/","og_site_name":"iWell Guard","article_modified_time":"2026-09-05T14:19:48+00:00","og_image":[{"width":1024,"height":1536,"url":"https:\/\/iwell-guard.com\/wp-content\/uploads\/2026\/04\/goetter_hinduismus_indra.webp","type":"image\/webp"}],"twitter_card":"summary_large_image","schema":{"@context":"https:\/\/schema.org","@graph":[{"@type":"Article","@id":"https:\/\/iwell-guard.com\/is\/indra\/#article","isPartOf":{"@id":"https:\/\/iwell-guard.com\/is\/indra\/"},"author":{"name":"Ralf Ittermann","@id":"https:\/\/iwell-guard.com\/is\/#\/schema\/person\/ee2a27f1cac3406c7c6fb5820cb7349f"},"headline":"Indra","datePublished":"2026-09-05T14:03:07+00:00","dateModified":"2026-09-05T14:19:48+00:00","mainEntityOfPage":{"@id":"https:\/\/iwell-guard.com\/is\/indra\/"},"publisher":{"@id":"https:\/\/iwell-guard.com\/is\/#organization"},"image":{"@id":"https:\/\/iwell-guard.com\/is\/indra\/#primaryimage"},"thumbnailUrl":"https:\/\/iwell-guard.com\/wp-content\/uploads\/2026\/04\/goetter_hinduismus_indra.webp","inLanguage":"is","description":"Indra, ved\u00edskur \u00ferumuk\u00f3ngur og himinv\u00f6r\u00f0ur. Vajra-\u00ferumuvopni\u00f0, Vritra-\u00e1t\u00f6kin, Airavata-f\u00edllinn og Rigveda-hef\u00f0in."},{"@type":"WebPage","@id":"https:\/\/iwell-guard.com\/is\/indra\/","url":"https:\/\/iwell-guard.com\/is\/indra\/","name":"Indra \u2013 Hinn ved\u00edski \u00ferumuk\u00f3ngur og himinv\u00f6r\u00f0ur","isPartOf":{"@id":"https:\/\/iwell-guard.com\/is\/#website"},"primaryImageOfPage":{"@id":"https:\/\/iwell-guard.com\/is\/indra\/#primaryimage"},"image":{"@id":"https:\/\/iwell-guard.com\/is\/indra\/#primaryimage"},"thumbnailUrl":"https:\/\/iwell-guard.com\/wp-content\/uploads\/2026\/04\/goetter_hinduismus_indra.webp","datePublished":"2026-09-05T14:03:07+00:00","dateModified":"2026-09-05T14:19:48+00:00","description":"Indra, ved\u00edskur \u00ferumuk\u00f3ngur og himinv\u00f6r\u00f0ur. Vajra-\u00ferumuvopni\u00f0, Vritra-\u00e1t\u00f6kin, Airavata-f\u00edllinn og Rigveda-hef\u00f0in.","breadcrumb":{"@id":"https:\/\/iwell-guard.com\/is\/indra\/#breadcrumb"},"inLanguage":"is","potentialAction":[{"@type":"ReadAction","target":["https:\/\/iwell-guard.com\/is\/indra\/"]}]},{"@type":"ImageObject","inLanguage":"is","@id":"https:\/\/iwell-guard.com\/is\/indra\/#primaryimage","url":"https:\/\/iwell-guard.com\/wp-content\/uploads\/2026\/04\/goetter_hinduismus_indra.webp","contentUrl":"https:\/\/iwell-guard.com\/wp-content\/uploads\/2026\/04\/goetter_hinduismus_indra.webp","width":1024,"height":1536,"caption":"Gu\u00f0ir \u00far hind\u00faisma-hef\u00f0inni."},{"@type":"BreadcrumbList","@id":"https:\/\/iwell-guard.com\/is\/indra\/#breadcrumb","itemListElement":[{"@type":"ListItem","position":1,"name":"Start","item":"https:\/\/iwell-guard.com\/is\/?page_id=168580"},{"@type":"ListItem","position":2,"name":"Indra"}]},{"@type":"WebSite","@id":"https:\/\/iwell-guard.com\/is\/#website","url":"https:\/\/iwell-guard.com\/is\/","name":"iWell Guard","description":"Schutz vor dunklen Einfl\u00fcssen","publisher":{"@id":"https:\/\/iwell-guard.com\/is\/#organization"},"potentialAction":[{"@type":"SearchAction","target":{"@type":"EntryPoint","urlTemplate":"https:\/\/iwell-guard.com\/is\/?s={search_term_string}"},"query-input":{"@type":"PropertyValueSpecification","valueRequired":true,"valueName":"search_term_string"}}],"inLanguage":"is"},{"@type":"Organization","@id":"https:\/\/iwell-guard.com\/is\/#organization","name":"Ittermann electronic GmbH","url":"https:\/\/iwell-guard.com\/is\/","logo":{"@type":"ImageObject","inLanguage":"is","@id":"https:\/\/iwell-guard.com\/is\/#\/schema\/logo\/image\/","url":"https:\/\/iwell-guard.com\/wp-content\/uploads\/2026\/05\/Ittermann-Logo-1182x237-1.png","contentUrl":"https:\/\/iwell-guard.com\/wp-content\/uploads\/2026\/05\/Ittermann-Logo-1182x237-1.png","width":1182,"height":237,"caption":"Ittermann electronic GmbH"},"image":{"@id":"https:\/\/iwell-guard.com\/is\/#\/schema\/logo\/image\/"},"sameAs":["https:\/\/pantip.com\/profile\/9367242","https:\/\/micro.blog\/iwellguard","https:\/\/www.diggerslist.com\/iwellguard\/about","https:\/\/skitterphoto.com\/photographers\/2870314\/iwell-guard","https:\/\/iwellguard.wordpress.com\/2026\/06\/06\/iwell-guard\/","https:\/\/hub.docker.com\/u\/iwellguard","https:\/\/www.pinterest.com\/iwellguard\/","https:\/\/bit.ly\/m\/iwellguard","https:\/\/entre-vos-mains.alsace.eu\/profiles\/iwellguard\/activity","https:\/\/gravatar.com\/reallybeded8fd34","https:\/\/naijamatta.com\/iwellguard","https:\/\/www.goodreads.com\/iwellguard","https:\/\/profile.hatena.ne.jp\/iwellguard\/","https:\/\/experiment.com\/users\/iwellguard","https:\/\/wakelet.com\/@iWellGuard82270","https:\/\/www.chordie.com\/forum\/profile.php?id=2555664","https:\/\/www.instapaper.com\/p\/17757966","https:\/\/www.mapleprimes.com\/users\/iwellguard","https:\/\/businesslistingplus.com\/profile\/iwell-guard\/","https:\/\/telegra.ph\/iWell-Guard-06-06","https:\/\/pbase.com\/iwellguard\/iwellguard","https:\/\/b.hatena.ne.jp\/iwellguard\/20260607#bookmark-4788405196491818882","https:\/\/fliphtml5.com\/home\/iwellguard","https:\/\/anyflip.com\/homepage\/cmiwl#About","https:\/\/transfur.com\/Users\/iwellguard","http:\/\/delphi.larsbo.org\/user\/iwellguard","https:\/\/jobs.lajobsportal.org\/profiles\/8380803-iwell-guard","https:\/\/md.chaosdorf.de\/s\/jfbe5SBdJD","https:\/\/www.lingvolive.com\/en-us\/profile\/9ecaeaca-ce11-4e51-9e71-01d55e2bff36\/translations","https:\/\/www.fitday.com\/fitness\/forums\/members\/iwellguard.html","https:\/\/www.mymeetbook.com\/iwellguard","https:\/\/pxhere.com\/en\/photographer-me\/5040798","https:\/\/disqus.com\/by\/iwellguard\/about\/","https:\/\/pastelink.net\/hjwciqwq","https:\/\/pubhtml5.com\/homepage\/scjhn\/","https:\/\/www.bitchute.com\/channel\/2O2eOKzNqujT","https:\/\/audiomack.com\/iwellguard"]},{"@type":"Person","@id":"https:\/\/iwell-guard.com\/is\/#\/schema\/person\/ee2a27f1cac3406c7c6fb5820cb7349f","name":"Ralf Ittermann","image":{"@type":"ImageObject","inLanguage":"is","@id":"https:\/\/secure.gravatar.com\/avatar\/073c0153e350a5005b68eb752b445fea71f6b24a26da9449ad7e155e6b446c9d?s=96&d=mm&r=g","url":"https:\/\/secure.gravatar.com\/avatar\/073c0153e350a5005b68eb752b445fea71f6b24a26da9449ad7e155e6b446c9d?s=96&d=mm&r=g","contentUrl":"https:\/\/secure.gravatar.com\/avatar\/073c0153e350a5005b68eb752b445fea71f6b24a26da9449ad7e155e6b446c9d?s=96&d=mm&r=g","caption":"Ralf Ittermann"},"givenName":"Ralf","familyName":"Ittermann","jobTitle":"Gesch\u00e4ftsf\u00fchrer und redaktioneller Verantwortlicher","url":"https:\/\/iwell-guard.com\/is\/author\/claude\/","description":"Ralf Ittermann ist Gesch\u00e4ftsf\u00fchrer der Ittermann electronic GmbH und redaktioneller Verantwortlicher des iWell-Guard-Lexikons. Er verbindet langj\u00e4hrige Erfahrung in der Pr\u00e4zisionsfertigung mit medialer Praxis und religionsgeschichtlicher Quellenarbeit.","worksFor":{"@type":"Organization","name":"Ittermann electronic GmbH","url":"https:\/\/ittermann.de\/","address":{"@type":"PostalAddress","streetAddress":"K\u00f6hlergasse 16-18","postalCode":"99842","addressLocality":"Ruhla","addressCountry":"DE"}},"knowsAbout":["Religionsgeschichte","Mythologie","Mediale Praxis","Energetische Diagnostik","Schutzpraxis","Volksglauben","Westliche Esoterik"]},{"@type":"Article","@id":"https:\/\/iwell-guard.com\/is\/indra\/#article","isPartOf":{"@id":"https:\/\/iwell-guard.com\/is\/indra\/"},"author":{"name":"Ralf Ittermann","@id":"https:\/\/iwell-guard.com\/is\/#\/schema\/person\/ee2a27f1cac3406c7c6fb5820cb7349f"},"headline":"Indra","datePublished":"2026-09-05T14:03:07+00:00","dateModified":"2026-09-05T14:19:48+00:00","mainEntityOfPage":{"@id":"https:\/\/iwell-guard.com\/is\/indra\/"},"publisher":{"@id":"https:\/\/iwell-guard.com\/is\/#organization"},"image":{"@id":"https:\/\/iwell-guard.com\/is\/indra\/#primaryimage"},"thumbnailUrl":"https:\/\/iwell-guard.com\/wp-content\/uploads\/2026\/04\/goetter_hinduismus_indra.webp","inLanguage":"is","description":"Indra, ved\u00edskur \u00ferumuk\u00f3ngur og himinv\u00f6r\u00f0ur. Vajra-\u00ferumuvopni\u00f0, Vritra-\u00e1t\u00f6kin, Airavata-f\u00edllinn og Rigveda-hef\u00f0in."}]}},"_links":{"self":[{"href":"https:\/\/iwell-guard.com\/is\/wp-json\/wp\/v2\/pages\/168803","targetHints":{"allow":["GET"]}}],"collection":[{"href":"https:\/\/iwell-guard.com\/is\/wp-json\/wp\/v2\/pages"}],"about":[{"href":"https:\/\/iwell-guard.com\/is\/wp-json\/wp\/v2\/types\/page"}],"author":[{"embeddable":true,"href":"https:\/\/iwell-guard.com\/is\/wp-json\/wp\/v2\/users\/3"}],"replies":[{"embeddable":true,"href":"https:\/\/iwell-guard.com\/is\/wp-json\/wp\/v2\/comments?post=168803"}],"version-history":[{"count":0,"href":"https:\/\/iwell-guard.com\/is\/wp-json\/wp\/v2\/pages\/168803\/revisions"}],"wp:featuredmedia":[{"embeddable":true,"href":"https:\/\/iwell-guard.com\/is\/wp-json\/wp\/v2\/media\/1592"}],"wp:attachment":[{"href":"https:\/\/iwell-guard.com\/is\/wp-json\/wp\/v2\/media?parent=168803"}],"wp:term":[{"taxonomy":"category","embeddable":true,"href":"https:\/\/iwell-guard.com\/is\/wp-json\/wp\/v2\/categories?post=168803"}],"curies":[{"name":"wp","href":"https:\/\/api.w.org\/{rel}","templated":true}]}}