{"id":168798,"date":"2026-09-05T14:03:04","date_gmt":"2026-09-05T14:03:04","guid":{"rendered":"https:\/\/iwell-guard.com\/?page_id=168798"},"modified":"2026-09-05T14:19:40","modified_gmt":"2026-09-05T14:19:40","slug":"amun","status":"publish","type":"page","link":"https:\/\/iwell-guard.com\/is\/amun\/","title":{"rendered":"Amun"},"content":{"rendered":"\t\t<div data-elementor-type=\"wp-page\" data-elementor-id=\"168798\" class=\"elementor elementor-168798 elementor-2062 elementor-bc-flex-widget\" data-elementor-post-type=\"page\">\n\t\t\t\t<div class=\"elementor-element elementor-element-10fdade e-flex e-con-boxed e-con e-parent\" data-id=\"10fdade\" data-element_type=\"container\" data-e-type=\"container\" data-settings=\"{&quot;background_background&quot;:&quot;classic&quot;}\">\n\t\t\t\t\t<div class=\"e-con-inner\">\n\t\t<div class=\"elementor-element elementor-element-herohlft0 e-flex e-con-boxed e-con e-child\" data-id=\"herohlft0\" data-element_type=\"container\" data-e-type=\"container\">\n\t\t\t\t\t<div class=\"e-con-inner\">\n\t\t<div class=\"elementor-element elementor-element-c3ceb64 e-con-full e-flex e-con e-child\" data-id=\"c3ceb64\" data-element_type=\"container\" data-e-type=\"container\">\n\t\t\t\t<div class=\"elementor-element elementor-element-96ae5e1 elementor-widget elementor-widget-heading\" data-id=\"96ae5e1\" data-element_type=\"widget\" data-e-type=\"widget\" data-widget_type=\"heading.default\">\n\t\t\t\t\t<h1 class=\"elementor-heading-title elementor-size-default\">Amun, gu\u00f0 \u00far egypskri hef\u00f0<\/h1>\t\t\t\t<\/div>\n\t\t\t\t<div class=\"elementor-element elementor-element-e45238a elementor-widget elementor-widget-text-editor\" data-id=\"e45238a\" data-element_type=\"widget\" data-e-type=\"widget\" data-widget_type=\"text-editor.default\">\n\t\t\t\t\t\t\t\t\t<p>Amun er gu\u00f0 \u00far egypskri hef\u00f0.<\/p><p><strong>Hinn hulda sk\u00f6punargu\u00f0, konungur gu\u00f0anna, herra \u00deebu.<\/strong> Amun er gu\u00f0inn sem skapa\u00f0i sj\u00e1lfan sig \u00far ringulrei\u00f0inni, nafn hans \u00fe\u00fd\u00f0ir \u201ehinn hulda\u201c.<\/p><p>Me\u00f0 hr\u00fatsh\u00f6fu\u00f0 og fja\u00f0rak\u00f3r\u00f3nu, upphaflega d\u00fdrka\u00f0ur sta\u00f0bundi\u00f0 \u00ed \u00deebu, s\u00ed\u00f0ar sem heimsveldisgu\u00f0 undir nafninu Amun-Ra, \u00fear sem s\u00f3lgu\u00f0inn sj\u00e1lfur ver\u00f0ur birting hans. Enginn \u00f6nnur gu\u00f0d\u00f3mur Austurlanda n\u00e6r reis svo hratt fr\u00e1 sta\u00f0bundinni \u00fe\u00fd\u00f0ingu til alheimslegs valds.<\/p><p>Amun er megingu\u00f0 egypska N\u00fdja r\u00edkisins.<\/p>\t\t\t\t\t\t\t\t<\/div>\n\t\t\t\t<\/div>\n\t\t<div class=\"elementor-element elementor-element-klsbdg01 e-con-full e-flex e-con e-parent\" data-id=\"klsbdg01\" data-element_type=\"container\" data-e-type=\"container\">\n\t\t\t\t<div class=\"elementor-element elementor-element-klshtm01 elementor-widget elementor-widget-html\" data-id=\"klshtm01\" data-element_type=\"widget\" data-e-type=\"widget\" data-widget_type=\"html.default\">\n\t\t\t\t\t<div class=\"iwg-pill-row\"><span class=\"iwg-klasse-badge\" tabindex=\"0\" data-tooltip=\"Gu\u00f0 \/ gy\u00f0ja: Pers\u00f3nuger\u00f0ur \u00e6\u00f0sti kraftur \u00ed go\u00f0aheimi menningarsamf\u00e9lags, me\u00f0 sk\u00fdr valdsvi\u00f0, n\u00e1tt\u00faru\u00f6fl, \u00f6rl\u00f6g, str\u00ed\u00f0, frj\u00f3semi. D\u00fdrka\u00f0ur me\u00f0 tr\u00faari\u00f0kun, f\u00f3rnum og hofstofnunum.\">Gu\u00f0<\/span><a href=\"https:\/\/iwell-guard.com\/is\/?page_id=168588\" class=\"iwg-kultur-badge\" tabindex=\"0\" data-tooltip=\"Go\u00f0afr\u00e6\u00f0i forna N\u00edlardalsins, u.\u00fe.b. 3000 f.Kr. til 30 f.Kr.\">Egyptaland<\/a><a href=\"https:\/\/iwell-guard.com\/is\/?page_id=168707\" class=\"iwg-tradition-badge\" tabindex=\"0\" data-tooltip=\"\u00c6\u00f0stu gu\u00f0ir \u00ed go\u00f0aheimi, alheimsleg yfirr\u00e1\u00f0, skapara- e\u00f0a stj\u00f3rnandae\u00f0li.\">\u00c6\u00f0sta go\u00f0vera<\/a><\/div>\t\t\t\t<\/div>\n\t\t\t\t<\/div>\n\t\t<div class=\"elementor-element elementor-element-3f74855 e-con-full e-flex e-con e-child\" data-id=\"3f74855\" data-element_type=\"container\" data-e-type=\"container\">\n\t\t\t\t<div class=\"elementor-element elementor-element-1c30362 elementor-toc--minimized-on-tablet elementor-widget elementor-widget-table-of-contents\" data-id=\"1c30362\" data-element_type=\"widget\" data-e-type=\"widget\" data-settings=\"{&quot;exclude_headings_by_selector&quot;:[],&quot;no_headings_message&quot;:&quot;Engar undirfyrirsagnir fundust \\u00e1 \\u00feessari s\\u00ed\\u00f0u.&quot;,&quot;headings_by_tags&quot;:[&quot;h2&quot;,&quot;h3&quot;],&quot;marker_view&quot;:&quot;bullets&quot;,&quot;minimize_box&quot;:&quot;yes&quot;,&quot;icon&quot;:{&quot;value&quot;:&quot;fas fa-circle&quot;,&quot;library&quot;:&quot;fa-solid&quot;,&quot;rendered_tag&quot;:&quot;&lt;svg class=\\&quot;e-font-icon-svg e-fas-circle\\&quot; viewBox=\\&quot;0 0 512 512\\&quot; xmlns=\\&quot;http:\\\/\\\/www.w3.org\\\/2000\\\/svg\\&quot;&gt;&lt;path d=\\&quot;M256 8C119 8 8 119 8 256s111 248 248 248 248-111 248-248S393 8 256 8z\\&quot;&gt;&lt;\\\/path&gt;&lt;\\\/svg&gt;&quot;},&quot;minimized_on&quot;:&quot;tablet&quot;,&quot;hierarchical_view&quot;:&quot;yes&quot;,&quot;min_height&quot;:{&quot;unit&quot;:&quot;px&quot;,&quot;size&quot;:&quot;&quot;,&quot;sizes&quot;:[]},&quot;min_height_tablet&quot;:{&quot;unit&quot;:&quot;px&quot;,&quot;size&quot;:&quot;&quot;,&quot;sizes&quot;:[]},&quot;min_height_mobile&quot;:{&quot;unit&quot;:&quot;px&quot;,&quot;size&quot;:&quot;&quot;,&quot;sizes&quot;:[]}}\" data-widget_type=\"table-of-contents.default\">\n\t\t\t\t\t\t\t\t\t<div class=\"elementor-toc__header\">\n\t\t\t\t\t\t<h2 class=\"elementor-toc__header-title\">\n\t\t\t\tEfnisyfirlit\t\t\t<\/h2>\n\t\t\t\t\t\t\t\t\t\t<div class=\"elementor-toc__toggle-button elementor-toc__toggle-button--expand\" role=\"button\" tabindex=\"0\" aria-controls=\"elementor-toc__1c30362\" aria-expanded=\"true\" aria-label=\"Open table of contents\"><svg aria-hidden=\"true\" class=\"e-font-icon-svg e-fas-chevron-down\" viewBox=\"0 0 448 512\" xmlns=\"http:\/\/www.w3.org\/2000\/svg\"><path d=\"M207.029 381.476L12.686 187.132c-9.373-9.373-9.373-24.569 0-33.941l22.667-22.667c9.357-9.357 24.522-9.375 33.901-.04L224 284.505l154.745-154.021c9.379-9.335 24.544-9.317 33.901.04l22.667 22.667c9.373 9.373 9.373 24.569 0 33.941L240.971 381.476c-9.373 9.372-24.569 9.372-33.942 0z\"><\/path><\/svg><\/div>\n\t\t\t\t<div class=\"elementor-toc__toggle-button elementor-toc__toggle-button--collapse\" role=\"button\" tabindex=\"0\" aria-controls=\"elementor-toc__1c30362\" aria-expanded=\"true\" aria-label=\"Close table of contents\"><svg aria-hidden=\"true\" class=\"e-font-icon-svg e-fas-chevron-up\" viewBox=\"0 0 448 512\" xmlns=\"http:\/\/www.w3.org\/2000\/svg\"><path d=\"M240.971 130.524l194.343 194.343c9.373 9.373 9.373 24.569 0 33.941l-22.667 22.667c-9.357 9.357-24.522 9.375-33.901.04L224 227.495 69.255 381.516c-9.379 9.335-24.544 9.317-33.901-.04l-22.667-22.667c-9.373-9.373-9.373-24.569 0-33.941L207.03 130.525c9.372-9.373 24.568-9.373 33.941-.001z\"><\/path><\/svg><\/div>\n\t\t\t\t\t<\/div>\n\t\t\t\t<div id=\"elementor-toc__1c30362\" class=\"elementor-toc__body\">\n\t\t\t<div class=\"elementor-toc__spinner-container\">\n\t\t\t\t<svg class=\"elementor-toc__spinner eicon-animation-spin e-font-icon-svg e-eicon-loading\" aria-hidden=\"true\" viewBox=\"0 0 1000 1000\" xmlns=\"http:\/\/www.w3.org\/2000\/svg\"><path d=\"M500 975V858C696 858 858 696 858 500S696 142 500 142 142 304 142 500H25C25 237 238 25 500 25S975 237 975 500 763 975 500 975Z\"><\/path><\/svg>\t\t\t<\/div>\n\t\t<\/div>\n\t\t\t\t\t\t<\/div>\n\t\t\t\t<\/div>\n\t\t\t\t\t<\/div>\n\t\t\t\t<\/div>\n\t\t<div class=\"elementor-element elementor-element-herorght0 e-con-full e-flex e-con e-child\" data-id=\"herorght0\" data-element_type=\"container\" data-e-type=\"container\">\n\t\t\t\t<div class=\"elementor-element elementor-element-heroimg00 iwg-hero-image elementor-widget elementor-widget-image\" data-id=\"heroimg00\" data-element_type=\"widget\" data-e-type=\"widget\" data-widget_type=\"image.default\">\n\t\t\t\t\t\t\t\t\t\t\t\t\t\t\t<img fetchpriority=\"high\" decoding=\"async\" width=\"683\" height=\"1024\" src=\"https:\/\/iwell-guard.com\/wp-content\/uploads\/2026\/04\/goetter_aegypten_amun-683x1024.webp\" class=\"attachment-large size-large wp-image-171167\" alt=\"Amun - Gu\u00f0ir \u00far egypskri hef\u00f0, s\u00f6guleg myndskreyting\" srcset=\"https:\/\/iwell-guard.com\/wp-content\/uploads\/2026\/04\/goetter_aegypten_amun-683x1024.webp 683w, https:\/\/iwell-guard.com\/wp-content\/uploads\/2026\/04\/goetter_aegypten_amun-200x300.webp 200w, https:\/\/iwell-guard.com\/wp-content\/uploads\/2026\/04\/goetter_aegypten_amun-768x1152.webp 768w, https:\/\/iwell-guard.com\/wp-content\/uploads\/2026\/04\/goetter_aegypten_amun.webp 1024w\" sizes=\"(max-width: 683px) 100vw, 683px\" \/>\t\t\t\t\t\t\t\t\t\t\t\t\t\t\t<\/div>\n\t\t\t\t<\/div>\n\t\t\t\t\t<\/div>\n\t\t\t\t<\/div>\n\t\t<div class=\"elementor-element elementor-element-32917199 e-flex e-con-boxed e-con e-parent\" data-id=\"32917199\" data-element_type=\"container\" data-e-type=\"container\">\n\t\t\t\t\t<div class=\"e-con-inner\">\n\t\t<div class=\"elementor-element elementor-element-26e916cb e-flex e-con-boxed e-con e-child\" data-id=\"26e916cb\" data-element_type=\"container\" data-e-type=\"container\">\n\t\t\t\t\t<div class=\"e-con-inner\">\n\t\t<div class=\"elementor-element elementor-element-253a40d4 e-flex e-con-boxed e-con e-child\" data-id=\"253a40d4\" data-element_type=\"container\" data-e-type=\"container\">\n\t\t\t\t\t<div class=\"e-con-inner\">\n\t\t\t\t<div class=\"elementor-element elementor-element-1200c304 elementor-widget elementor-widget-heading\" data-id=\"1200c304\" data-element_type=\"widget\" data-e-type=\"widget\" data-widget_type=\"heading.default\">\n\t\t\t\t\t<h2 class=\"elementor-heading-title elementor-size-default\">Amun<\/h2>\t\t\t\t<\/div>\n\t\t\t\t\t<\/div>\n\t\t\t\t<\/div>\n\t\t<div class=\"elementor-element elementor-element-159dcf9a e-flex e-con-boxed e-con e-child\" data-id=\"159dcf9a\" data-element_type=\"container\" data-e-type=\"container\">\n\t\t\t\t\t<div class=\"e-con-inner\">\n\t\t\t\t<div class=\"elementor-element elementor-element-48cee66f elementor-widget elementor-widget-heading\" data-id=\"48cee66f\" data-element_type=\"widget\" data-e-type=\"widget\" data-widget_type=\"heading.default\">\n\t\t\t\t\t<h2 class=\"elementor-heading-title elementor-size-default\">\u00cd hnotskurn: Amun<\/h2>\t\t\t\t<\/div>\n\t\t\t\t<div class=\"elementor-element elementor-element-3f50d82c elementor-widget elementor-widget-text-editor\" data-id=\"3f50d82c\" data-element_type=\"widget\" data-e-type=\"widget\" data-widget_type=\"text-editor.default\">\n\t\t\t\t\t\t\t\t\t<p><strong>Tegund:<\/strong> Egypsk megingu\u00f0d\u00f3msvera, sk\u00f6punar- og heimsveldisgu\u00f0<br><span class=\"iwg-fachbegriff\" data-tooltip=\"Heild allra gu\u00f0a \u00ed tr\u00faarbr\u00f6g\u00f0um e\u00f0a menningu.\" tabindex=\"0\">Pantheon<\/span>: Egyptaland (Mi\u00f0r\u00edki\u00f0 og N\u00fdja r\u00edki\u00f0, s\u00ed\u00f0t\u00edmabil)<br>Hlutverk: Sk\u00f6pun, vindur og \u00f3s\u00fdnileg \u00e1hrif, sameining r\u00edkisins (Amun-Re)<br>Meginkennileiti: Tv\u00f6faldur fja\u00f0rak\u00f3r\u00f3na, hr\u00fatshorn, Vas-veldissproti<br>Meginmusteri: Karnak og Luxor (\u00deeba), Siwa-vinjan, Napata (S\u00fadan)<br>Gr\u00edsk samsv\u00f6run: Seifur Ammon<\/p>\t\t\t\t\t\t\t\t<\/div>\n\t\t\t\t\t<\/div>\n\t\t\t\t<\/div>\n\t\t\t\t\t<\/div>\n\t\t\t\t<\/div>\n\t\t\t\t\t<\/div>\n\t\t\t\t<\/div>\n\t\t<div class=\"elementor-element elementor-element-18613602 e-flex e-con-boxed e-con e-parent\" data-id=\"18613602\" data-element_type=\"container\" data-e-type=\"container\">\n\t\t\t\t\t<div class=\"e-con-inner\">\n\t\t\t\t<div class=\"elementor-element elementor-element-262b8a9f elementor-widget elementor-widget-heading\" data-id=\"262b8a9f\" data-element_type=\"widget\" data-e-type=\"widget\" data-widget_type=\"heading.default\">\n\t\t\t\t\t<h2 class=\"elementor-heading-title elementor-size-default\">Yfirlit<\/h2>\t\t\t\t<\/div>\n\t\t<div class=\"elementor-element elementor-element-46dcb7d e-con-full e-flex e-con e-child\" data-id=\"46dcb7d\" data-element_type=\"container\" data-e-type=\"container\">\n\t\t<div class=\"elementor-element elementor-element-61d3ab3 e-flex e-con-boxed e-con e-child\" data-id=\"61d3ab3\" data-element_type=\"container\" data-e-type=\"container\">\n\t\t\t\t\t<div class=\"e-con-inner\">\n\t\t\t\t<div class=\"elementor-element elementor-element-117c166 elementor-widget elementor-widget-heading\" data-id=\"117c166\" data-element_type=\"widget\" data-e-type=\"widget\" data-widget_type=\"heading.default\">\n\t\t\t\t\t<h3 class=\"elementor-heading-title elementor-size-default\">T\u00edmabil textanna<\/h3>\t\t\t\t<\/div>\n\t\t\t\t<div class=\"elementor-element elementor-element-73997a0 elementor-widget elementor-widget-text-editor\" data-id=\"73997a0\" data-element_type=\"widget\" data-e-type=\"widget\" data-widget_type=\"text-editor.default\">\n\t\t\t\t\t\t\t\t\t<p>Amun kemur fram \u00ed P\u00fdram\u00eddatextunum sem ja\u00f0arl\u00e6gur verndargu\u00f0; upphaf hans sem megingu\u00f0s hefst \u00e1 11. konungs\u00e6tt (Mi\u00f0r\u00edkinu, um 2050 f.Kr.) me\u00f0 \u00deebu sem mi\u00f0st\u00f6\u00f0 \u00feessarar uppg\u00f6ngu.<\/p><p>\u00c1 18. konungs\u00e6tt (N\u00fdja r\u00edkinu, um 1550 f.Kr.) sameinast hann Re og myndar heimsveldisgu\u00f0inn Amun-Re. Endurb\u00e6tur Akhenatens (um 1350 f.Kr.) \u00fatl\u00e6gja Amun t\u00edmabundi\u00f0 \u00ed \u00fe\u00e1gu Atons; eftir dau\u00f0a Akhenatens fer fram mikil endurreisn. \u00c1 21.\u201325. konungs\u00e6tt er Amun \u00ed raun r\u00edkisgu\u00f0 Egyptalands.<\/p>\t\t\t\t\t\t\t\t<\/div>\n\t\t\t\t\t<\/div>\n\t\t\t\t<\/div>\n\t\t<div class=\"elementor-element elementor-element-d47b156 e-flex e-con-boxed e-con e-child\" data-id=\"d47b156\" data-element_type=\"container\" data-e-type=\"container\">\n\t\t\t\t\t<div class=\"e-con-inner\">\n\t\t\t\t<div class=\"elementor-element elementor-element-ff38c2b elementor-widget elementor-widget-heading\" data-id=\"ff38c2b\" data-element_type=\"widget\" data-e-type=\"widget\" data-widget_type=\"heading.default\">\n\t\t\t\t\t<h3 class=\"elementor-heading-title elementor-size-default\">\u00datbrei\u00f0slusv\u00e6\u00f0i<\/h3>\t\t\t\t<\/div>\n\t\t\t\t<div class=\"elementor-element elementor-element-4e49fcc elementor-widget elementor-widget-text-editor\" data-id=\"4e49fcc\" data-element_type=\"widget\" data-e-type=\"widget\" data-widget_type=\"text-editor.default\">\n\t\t\t\t\t\t\t\t\t<p>Helsta helgista\u00f0urinn var <strong>Karnak<\/strong> vi\u00f0 \u00deebu, st\u00e6rsta hofsv\u00e6\u00f0i <span class=\"iwg-fachbegriff\" data-tooltip=\"T\u00edmabil gr\u00edskrar og r\u00f3mverskrar menningar, um \u00fea\u00f0 bil 800 f.Kr. til 600 e.Kr.\" tabindex=\"0\">fornaldar<\/span>. Auk \u00feess Luxor, Amun-<span class=\"iwg-fachbegriff\" data-tooltip=\"Bygging sem er notu\u00f0 til d\u00fdrkunar \u00e1 einum e\u00f0a fleiri gu\u00f0um.\" tabindex=\"0\">musteri\u00f0<\/span> \u00ed Siwa (<span class=\"iwg-fachbegriff\" data-tooltip=\"Sta\u00f0ur e\u00f0a stofnun \u00fear sem leita\u00f0 er svara fr\u00e1 gu\u00f0legri hli\u00f0.\" tabindex=\"0\">v\u00e9fr\u00e9ttin<\/span> sem Alexander mikli s\u00f3tti heim) og Napata \u00ed N\u00fab\u00edu. \u00c1hrif Amun-d\u00fdrkunarinnar n\u00e1\u00f0u allt til n\u00faverandi S\u00fadans og L\u00edb\u00edu.<\/p>\t\t\t\t\t\t\t\t<\/div>\n\t\t\t\t\t<\/div>\n\t\t\t\t<\/div>\n\t\t\t\t<\/div>\n\t\t<div class=\"elementor-element elementor-element-db03c39 e-con-full e-flex e-con e-child\" data-id=\"db03c39\" data-element_type=\"container\" data-e-type=\"container\">\n\t\t<div class=\"elementor-element elementor-element-229a87b e-flex e-con-boxed e-con e-child\" data-id=\"229a87b\" data-element_type=\"container\" data-e-type=\"container\">\n\t\t\t\t\t<div class=\"e-con-inner\">\n\t\t\t\t<div class=\"elementor-element elementor-element-1f471fc elementor-widget elementor-widget-heading\" data-id=\"1f471fc\" data-element_type=\"widget\" data-e-type=\"widget\" data-widget_type=\"heading.default\">\n\t\t\t\t\t<h3 class=\"elementor-heading-title elementor-size-default\">Heimildasta\u00f0a<\/h3>\t\t\t\t<\/div>\n\t\t\t\t<div class=\"elementor-element elementor-element-36b1201 elementor-widget elementor-widget-text-editor\" data-id=\"36b1201\" data-element_type=\"widget\" data-e-type=\"widget\" data-widget_type=\"text-editor.default\">\n\t\t\t\t\t\t\t\t\t<p>Helstu heimildir eru \u00e1letranir \u00ed Karnak-musterinu, s\u00e1lmar til Amuns (t.&nbsp;d. hinn mikli Leiden-s\u00e1lmur), P\u00fdram\u00eddatextarnir (grein 446), Dau\u00f0ab\u00f3kin (grein 17, 64) og gr\u00edskar heimildir um Siwa-<span class=\"iwg-fachbegriff\" data-tooltip=\"Sta\u00f0ur e\u00f0a stofnun \u00fear sem leita\u00f0 er svara fr\u00e1 gu\u00f0legri hli\u00f0.\" tabindex=\"0\">v\u00e9fr\u00e9ttina<\/span> (Her\u00f3d\u00f3tos II 42, D\u00edod\u00f3ros I 17). Fr\u00e6\u00f0irit: Assmann, <em>\u00c4gypten, Theologie und Fr\u00f6mmigkeit<\/em>; Bonnet, <em>Reallexikon<\/em>; Wilkinson, <em>Complete Gods and Goddesses<\/em>.<\/p>\t\t\t\t\t\t\t\t<\/div>\n\t\t\t\t\t<\/div>\n\t\t\t\t<\/div>\n\t\t\t\t<\/div>\n\t\t\t\t\t<\/div>\n\t\t\t\t<\/div>\n\t\t<div class=\"elementor-element elementor-element-3ae0637c e-flex e-con-boxed e-con e-parent\" data-id=\"3ae0637c\" data-element_type=\"container\" data-e-type=\"container\">\n\t\t\t\t\t<div class=\"e-con-inner\">\n\t\t\t\t<div class=\"elementor-element elementor-element-31d07739 elementor-widget elementor-widget-heading\" data-id=\"31d07739\" data-element_type=\"widget\" data-e-type=\"widget\" data-widget_type=\"heading.default\">\n\t\t\t\t\t<h2 class=\"elementor-heading-title elementor-size-default\">Nafn og heiti<\/h2>\t\t\t\t<\/div>\n\t\t<div class=\"elementor-element elementor-element-b7642947 e-con-full e-flex e-con e-child\" data-id=\"b7642947\" data-element_type=\"container\" data-e-type=\"container\">\n\t\t\t\t<div class=\"elementor-element elementor-element-a086266 elementor-widget elementor-widget-text-editor\" data-id=\"a086266\" data-element_type=\"widget\" data-e-type=\"widget\" data-widget_type=\"text-editor.default\">\n\t\t\t\t\t\t\t\t\t<p>Amun er s\u00fdndur me\u00f0 hr\u00fatsh\u00f6fu\u00f0 e\u00f0a me\u00f0 mannsl\u00edkama og tveimur st\u00f3rum, uppr\u00e9tum fj\u00f6\u00f0rum. Litur hans er bl\u00e1r e\u00f0a gr\u00e6nn, litur frj\u00f3semi og hins hulda. <em>Atef-k\u00f3r\u00f3nan<\/em> e\u00f0a s\u00e9rstakt fja\u00f0rak\u00f3r\u00f3nupar sitja \u00e1 h\u00f6f\u00f0i hans.<\/p><p>Stundum ber hann <em>Ankh<\/em>-t\u00e1kn (l\u00edfst\u00e1kni\u00f0) og <em>Uas<\/em>-veldissprota. \u00cd abstraktri mynd er Amun einnig s\u00fdndur einfaldlega me\u00f0 fj\u00f6\u00f0rum e\u00f0a huldu, \u00f3s\u00fdnilegu t\u00e1kni, enda \u00fe\u00fd\u00f0ir nafn hans a\u00f0 hann er \u00f3s\u00fdnilegur.<\/p>\t\t\t\t\t\t\t\t<\/div>\n\t\t\t\t<\/div>\n\t\t\t\t\t<\/div>\n\t\t\t\t<\/div>\n\t\t<div class=\"elementor-element elementor-element-709a44a8 e-flex e-con-boxed e-con e-parent\" data-id=\"709a44a8\" data-element_type=\"container\" data-e-type=\"container\">\n\t\t\t\t\t<div class=\"e-con-inner\">\n\t\t\t\t<div class=\"elementor-element elementor-element-2f585873 elementor-widget elementor-widget-heading\" data-id=\"2f585873\" data-element_type=\"widget\" data-e-type=\"widget\" data-widget_type=\"heading.default\">\n\t\t\t\t\t<h2 class=\"elementor-heading-title elementor-size-default\">Einkenni<\/h2>\t\t\t\t<\/div>\n\t\t<div class=\"elementor-element elementor-element-70621c12 e-con-full e-flex e-con e-child\" data-id=\"70621c12\" data-element_type=\"container\" data-e-type=\"container\">\n\t\t\t\t<div class=\"elementor-element elementor-element-4296eb49 elementor-widget elementor-widget-text-editor\" data-id=\"4296eb49\" data-element_type=\"widget\" data-e-type=\"widget\" data-widget_type=\"text-editor.default\">\n\t\t\t\t\t\t\t\t\t<p>Amun er hinn \u00f3s\u00fdnilegi, s\u00e1 sem skapa\u00f0i sj\u00e1lfan sig. Prestar hans \u00ed Karnak ur\u00f0u gr\u00ed\u00f0arlega valdamiklir, stundum jafnvel valdameiri en fara\u00f3arnir sj\u00e1lfir. Konungar s\u00f3ttu l\u00f6gm\u00e6ti sitt til Amuns og spur\u00f0u <span class=\"iwg-fachbegriff\" data-tooltip=\"Sta\u00f0ur e\u00f0a stofnun \u00fear sem leita\u00f0 er svara fr\u00e1 gu\u00f0legri hli\u00f0.\" tabindex=\"0\">v\u00e9fr\u00e9tt<\/span> hans. Karnak-<span class=\"iwg-fachbegriff\" data-tooltip=\"Bygging sem er notu\u00f0 til d\u00fdrkunar \u00e1 einum e\u00f0a fleiri gu\u00f0um.\" tabindex=\"0\">musterissv\u00e6\u00f0i\u00f0<\/span> var r\u00edkulega b\u00fai\u00f0 f\u00f3rnum, gulli og \u00fer\u00e6lum.<\/p><p>Me\u00f0 <span class=\"iwg-fachbegriff\" tabindex=\"0\" data-tooltip=\"Samruni \u00fe\u00e1tta \u00far \u00f3l\u00edkum tr\u00faarbr\u00f6g\u00f0um e\u00f0a d\u00fdrkunarformum \u00ed n\u00fdjar bl\u00f6ndur, til d\u00e6mis \u00ed ha\u00edt\u00edsku vodou (lwa og ka\u00fe\u00f3lskir d\u00fdrlingar).\">samruna<\/span> vi\u00f0 Ra ver\u00f0ur Amun a\u00f0 kraftinum \u00e1 bak vi\u00f0 hina s\u00fdnilegu s\u00f3l. S\u00e1lmar eru sungnir honum til hei\u00f0urs sem \u00abhi\u00f0 leynda nafn Gu\u00f0s\u00bb. Prestynjur og prestar d\u00f6nsu\u00f0u og sungu honum til d\u00fdr\u00f0ar. <span class=\"iwg-fachbegriff\" data-tooltip=\"Manneskja sem fer \u00ed tr\u00faarlega hvatta fer\u00f0 til helgista\u00f0ar.\" tabindex=\"0\">P\u00edlagr\u00edmar<\/span> heims\u00f3ttu <span class=\"iwg-fachbegriff\" data-tooltip=\"Sta\u00f0ur e\u00f0a stofnun \u00fear sem leita\u00f0 er svara fr\u00e1 gu\u00f0legri hli\u00f0.\" tabindex=\"0\">v\u00e9fr\u00e9ttina<\/span> til a\u00f0 bera fram spurningar.<\/p><h3>\u00c1s\u00fdnd og t\u00e1knm\u00e1l<\/h3><p><em>Amun<\/em> er oft s\u00fdndur sem skeggja\u00f0ur ma\u00f0ur me\u00f0 tv\u00f6falda fja\u00f0rak\u00f3r\u00f3nu, en \u00far henni r\u00edsa tv\u00e6r fja\u00f0rir gy\u00f0junnar <em>Maat<\/em>, gy\u00f0ju sannleikans. \u00cd sumum myndum ber hann s\u00f3lsk\u00edfu <em>Ra<\/em> \u00e1 enni s\u00e9r.<\/p><p>Litur hans er bl\u00e1r e\u00f0a svartur, litir alheimsins og hins hulda. Sem <span class=\"iwg-fachbegriff\" data-tooltip=\"T\u00e1kn sem stendur fyrir \u00e1kve\u00f0na hugmynd e\u00f0a merkingu.\" tabindex=\"0\">t\u00e1kn<\/span> \u00f3s\u00fdnileika s\u00edns er hann stundum s\u00fdndur andlitslaus. Hr\u00faturinn og g\u00e6sin voru talin heil\u00f6g d\u00fdr <em>Amuns<\/em>, sem t\u00e1knu\u00f0u hann \u00ed helgid\u00f3mum og voru borin \u00ed skr\u00fa\u00f0g\u00f6ngum.<\/p>\t\t\t\t\t\t\t\t<\/div>\n\t\t\t\t<\/div>\n\t\t\t\t\t<\/div>\n\t\t\t\t<\/div>\n\t\t<div class=\"elementor-element elementor-element-44e71476 e-flex e-con-boxed e-con e-parent\" data-id=\"44e71476\" data-element_type=\"container\" data-e-type=\"container\">\n\t\t\t\t\t<div class=\"e-con-inner\">\n\t\t\t\t<div class=\"elementor-element elementor-element-3c1fc3f0 elementor-widget elementor-widget-heading\" data-id=\"3c1fc3f0\" data-element_type=\"widget\" data-e-type=\"widget\" data-widget_type=\"heading.default\">\n\t\t\t\t\t<h2 class=\"elementor-heading-title elementor-size-default\">Sta\u00f0reyndabla\u00f0: Amun<\/h2>\t\t\t\t<\/div>\n\t\t<div class=\"elementor-element elementor-element-84f33b8e e-con-full e-flex e-con e-child\" data-id=\"84f33b8e\" data-element_type=\"container\" data-e-type=\"container\">\n\t\t\t\t<div class=\"elementor-element elementor-element-hqkdc67p elementor-widget elementor-widget-text-editor\" data-id=\"hqkdc67p\" data-element_type=\"widget\" data-e-type=\"widget\" data-widget_type=\"text-editor.default\">\n\t\t\t\t\t\t\t\t\t<p>Mikilv\u00e6gustu atri\u00f0in um Amun \u00ed hnotskurn. Eftirfarandi reitir taka saman uppruna, hlutverk, \u00e1s\u00fdnd, d\u00fdrkun, t\u00e1kn og hli\u00f0st\u00e6\u00f0ur.<\/p>\t\t\t\t\t\t\t\t<\/div>\n\t\t\t\t<\/div>\n\t\t<div class=\"elementor-element elementor-element-pemmx7c5 e-con-full e-flex e-con e-child\" data-id=\"pemmx7c5\" data-element_type=\"container\" data-e-type=\"container\">\n\t\t<div class=\"elementor-element elementor-element-pemmx7c1 e-con-full e-flex e-con e-child\" data-id=\"pemmx7c1\" data-element_type=\"container\" data-e-type=\"container\">\n\t\t<div class=\"elementor-element elementor-element-qh9oavvu iwg-steckbrief-card e-flex e-con-boxed e-con e-child\" data-id=\"qh9oavvu\" data-element_type=\"container\" data-e-type=\"container\">\n\t\t\t\t\t<div class=\"e-con-inner\">\n\t\t\t\t<div class=\"elementor-element elementor-element-awzx8k2k elementor-widget elementor-widget-heading\" data-id=\"awzx8k2k\" data-element_type=\"widget\" data-e-type=\"widget\" data-widget_type=\"heading.default\">\n\t\t\t\t\t<div class=\"elementor-heading-title elementor-size-default\">Uppruni Amuns<\/div>\t\t\t\t<\/div>\n\t\t\t\t<div class=\"elementor-element elementor-element-x6rowhv0 elementor-widget elementor-widget-text-editor\" data-id=\"x6rowhv0\" data-element_type=\"widget\" data-e-type=\"widget\" data-widget_type=\"text-editor.default\">\n\t\t\t\t\t\t\t\t\t<p>Amun er upphaflega sta\u00f0bundinn verndargu\u00f0 \u00deebu, sem ver\u00f0ur megingu\u00f0d\u00f3mur \u00e1 11. konungs\u00e6tt. \u00cd kenningarlegum huglei\u00f0ingum s\u00ed\u00f0t\u00edmabilsins er hann talinn <em>sj\u00e1lfsprottinn<\/em>, s\u00e1 sem reis upp \u00far frumhafinu Nun \u00e1 undan \u00f6llum \u00f6\u00f0rum gu\u00f0um. \u00cd \u00deebu myndar hann \u00ferenningu me\u00f0 Mut (eiginkonu) og Khons (syni).<\/p>\t\t\t\t\t\t\t\t<\/div>\n\t\t\t\t\t<\/div>\n\t\t\t\t<\/div>\n\t\t<div class=\"elementor-element elementor-element-8e3o4kxs iwg-steckbrief-card e-flex e-con-boxed e-con e-child\" data-id=\"8e3o4kxs\" data-element_type=\"container\" data-e-type=\"container\">\n\t\t\t\t\t<div class=\"e-con-inner\">\n\t\t\t\t<div class=\"elementor-element elementor-element-08rkdgov elementor-widget elementor-widget-heading\" data-id=\"08rkdgov\" data-element_type=\"widget\" data-e-type=\"widget\" data-widget_type=\"heading.default\">\n\t\t\t\t\t<div class=\"elementor-heading-title elementor-size-default\">Markh\u00f3pur Amuns<\/div>\t\t\t\t<\/div>\n\t\t\t\t<div class=\"elementor-element elementor-element-uwjelx8s elementor-widget elementor-widget-text-editor\" data-id=\"uwjelx8s\" data-element_type=\"widget\" data-e-type=\"widget\" data-widget_type=\"text-editor.default\">\n\t\t\t\t\t\t\t\t\t<p>Sk\u00f6punargu\u00f0, andardr\u00e1ttur og vindur, hinn hulda (nafn hans \u00fe\u00fd\u00f0ir or\u00f0r\u00e9tt \u201ehinn hulda\u201c). Sem heimsveldisgu\u00f0 Amun-Re trygging fyrir hinu fara\u00f3nska skipulagi. \u00cd pers\u00f3nulegri tr\u00faari\u00f0kun vi\u00f0takandi b\u00e6naror\u00f0a \u00ed sj\u00fakleika og nau\u00f0, s\u00e1lmar s\u00ed\u00f0t\u00edmabilsins s\u00fdna hann sem a\u00f0gengilegan hj\u00e1lpara al\u00fe\u00fd\u00f0unnar.<\/p>\t\t\t\t\t\t\t\t<\/div>\n\t\t\t\t\t<\/div>\n\t\t\t\t<\/div>\n\t\t<div class=\"elementor-element elementor-element-jm2n74ec iwg-steckbrief-card e-flex e-con-boxed e-con e-child\" data-id=\"jm2n74ec\" data-element_type=\"container\" data-e-type=\"container\">\n\t\t\t\t\t<div class=\"e-con-inner\">\n\t\t\t\t<div class=\"elementor-element elementor-element-8vufse4c elementor-widget elementor-widget-heading\" data-id=\"8vufse4c\" data-element_type=\"widget\" data-e-type=\"widget\" data-widget_type=\"heading.default\">\n\t\t\t\t\t<div class=\"elementor-heading-title elementor-size-default\">\u00c1s\u00fdnd<\/div>\t\t\t\t<\/div>\n\t\t\t\t<div class=\"elementor-element elementor-element-mwb9u015 elementor-widget elementor-widget-text-editor\" data-id=\"mwb9u015\" data-element_type=\"widget\" data-e-type=\"widget\" data-widget_type=\"text-editor.default\">\n\t\t\t\t\t\t\t\t\t<p>Mannger\u00f0ur sem karlma\u00f0ur me\u00f0 tv\u00f6faldan fja\u00f0rak\u00f3r\u00f3nu (<em>schuti<\/em>) og skegg, me\u00f0 Was-veldissprota og Anch \u00ed hendi. Einnig s\u00fdndur hr\u00fatsh\u00f6f\u00f0a\u00f0ur (Amun fr\u00e1 Karnak) e\u00f0a sem g\u00e6si, b\u00e6\u00f0i d\u00fdrin eru talin <span class=\"iwg-fachbegriff\" data-tooltip=\"\u00dea\u00f0 sem tilheyrir hinu gu\u00f0lega og er \u00fear me\u00f0 undan\u00feegi\u00f0 hversdagslegri notkun.\" tabindex=\"0\">heil\u00f6g<\/span>. \u00cd Karnak l\u00e1 sfinxagata g\u00e6sanna um musterissv\u00e6\u00f0i\u00f0. H\u00fa\u00f0litur var jafnan bl\u00e1r (<span class=\"iwg-fachbegriff\" data-tooltip=\"T\u00e1kn sem stendur fyrir hugmynd e\u00f0a merkingu.\" tabindex=\"0\">t\u00e1kn<\/span> himinsins og hins \u00f3s\u00fdnilega).<\/p>\t\t\t\t\t\t\t\t<\/div>\n\t\t\t\t\t<\/div>\n\t\t\t\t<\/div>\n\t\t\t\t<\/div>\n\t\t<div class=\"elementor-element elementor-element-pemmx7c2 e-con-full e-flex e-con e-child\" data-id=\"pemmx7c2\" data-element_type=\"container\" data-e-type=\"container\">\n\t\t<div class=\"elementor-element elementor-element-37ss2yr6 iwg-steckbrief-card e-flex e-con-boxed e-con e-child\" data-id=\"37ss2yr6\" data-element_type=\"container\" data-e-type=\"container\">\n\t\t\t\t\t<div class=\"e-con-inner\">\n\t\t\t\t<div class=\"elementor-element elementor-element-3v0wp3wx elementor-widget elementor-widget-heading\" data-id=\"3v0wp3wx\" data-element_type=\"widget\" data-e-type=\"widget\" data-widget_type=\"heading.default\">\n\t\t\t\t\t<div class=\"elementor-heading-title elementor-size-default\">Verkunarsvi\u00f0<\/div>\t\t\t\t<\/div>\n\t\t\t\t<div class=\"elementor-element elementor-element-w3247g2m elementor-widget elementor-widget-text-editor\" data-id=\"w3247g2m\" data-element_type=\"widget\" data-e-type=\"widget\" data-widget_type=\"text-editor.default\">\n\t\t\t\t\t\t\t\t\t<p><strong>Verksvi\u00f0:<\/strong> Amun veitir vernd \u00ed fer\u00f0al\u00f6gum, velgengni \u00ed samningavi\u00f0r\u00e6\u00f0um og hj\u00e1lp \u00ed pers\u00f3nulegri ney\u00f0. <span class=\"iwg-fachbegriff\" data-tooltip=\"Sta\u00f0ur e\u00f0a stofnun \u00fear sem leita\u00f0 er gu\u00f0legs svars.\" tabindex=\"0\">V\u00e9fr\u00e9tt<\/span> hans \u00ed Karnak og Siwa \u00fe\u00f3tti \u00e1rei\u00f0anlegasta uppspretta uppl\u00fdsinga um framt\u00ed\u00f0aratbur\u00f0i. Fara\u00f3ar leitu\u00f0u sta\u00f0festingar \u00e1 valdi s\u00ednu, einfaldir tr\u00faa\u00f0ir leitu\u00f0u l\u00e6knandi millig\u00f6ngu. Dalh\u00e1t\u00ed\u00f0in og Opet-h\u00e1t\u00ed\u00f0in voru st\u00e6rstu \u00fej\u00f3\u00f0h\u00e1t\u00ed\u00f0ir \u00deebu.<\/p>\t\t\t\t\t\t\t\t<\/div>\n\t\t\t\t\t<\/div>\n\t\t\t\t<\/div>\n\t\t<div class=\"elementor-element elementor-element-0qpjal9w iwg-steckbrief-card e-flex e-con-boxed e-con e-child\" data-id=\"0qpjal9w\" data-element_type=\"container\" data-e-type=\"container\">\n\t\t\t\t\t<div class=\"e-con-inner\">\n\t\t\t\t<div class=\"elementor-element elementor-element-6ndoih0o elementor-widget elementor-widget-heading\" data-id=\"6ndoih0o\" data-element_type=\"widget\" data-e-type=\"widget\" data-widget_type=\"heading.default\">\n\t\t\t\t\t<div class=\"elementor-heading-title elementor-size-default\">Vernd<\/div>\t\t\t\t<\/div>\n\t\t\t\t<div class=\"elementor-element elementor-element-6684tyh9 elementor-widget elementor-widget-text-editor\" data-id=\"6684tyh9\" data-element_type=\"widget\" data-e-type=\"widget\" data-widget_type=\"text-editor.default\">\n\t\t\t\t\t\t\t\t\t<p>Tv\u00f6faldur fja\u00f0rak\u00f3r\u00f3nu, Was-veldissprotinn, Anch, hr\u00fatsh\u00f6fu\u00f0, g\u00e6si, bl\u00e1tt skegg, sfinx (Karnak-gata). Pl\u00f6ntur: l\u00f3tus, papyrus. Helgir sta\u00f0ir: st\u00f3rir hli\u00f0turnar, s\u00falnasalur, Heilaga vatni\u00f0.<\/p>\t\t\t\t\t\t\t\t<\/div>\n\t\t\t\t\t<\/div>\n\t\t\t\t<\/div>\n\t\t<div class=\"elementor-element elementor-element-3lfi7x32 iwg-steckbrief-card e-flex e-con-boxed e-con e-child\" data-id=\"3lfi7x32\" data-element_type=\"container\" data-e-type=\"container\">\n\t\t\t\t\t<div class=\"e-con-inner\">\n\t\t\t\t<div class=\"elementor-element elementor-element-0kg99ga1 elementor-widget elementor-widget-heading\" data-id=\"0kg99ga1\" data-element_type=\"widget\" data-e-type=\"widget\" data-widget_type=\"heading.default\">\n\t\t\t\t\t<div class=\"elementor-heading-title elementor-size-default\">Hli\u00f0st\u00e6\u00f0ur Amuns<\/div>\t\t\t\t<\/div>\n\t\t\t\t<div class=\"elementor-element elementor-element-n0fum6kp elementor-widget elementor-widget-text-editor\" data-id=\"n0fum6kp\" data-element_type=\"widget\" data-e-type=\"widget\" data-widget_type=\"text-editor.default\">\n\t\t\t\t\t\t\t\t\t<p>Re (Egyptaland, samruni Amun-Re), Min (egypskur frj\u00f3semisgu\u00f0, oft samsama\u00f0ur), <em>Zeus Ammon<\/em> (gr\u00edsk sammyndun, s\u00e9rstaklega \u00ed gegnum Siwa-<span class=\"iwg-fachbegriff\" data-tooltip=\"Sta\u00f0ur e\u00f0a stofnun \u00fear sem leita\u00f0 er gu\u00f0legs svars.\" tabindex=\"0\">v\u00e9fr\u00e9ttina<\/span>), <em>Iuppiter Hammon<\/em> (r\u00f3mverskt). Engin bein ind\u00f3evr\u00f3psk hli\u00f0st\u00e6\u00f0a; hlutverkslega minnir hann fremst \u00e1 Indra (hind\u00faisma) e\u00f0a Seif (Grikkland) sem r\u00edkisgu\u00f0.<\/p>\t\t\t\t\t\t\t\t<\/div>\n\t\t\t\t\t<\/div>\n\t\t\t\t<\/div>\n\t\t\t\t<\/div>\n\t\t\t\t<\/div>\n\t\t\t\t\t<\/div>\n\t\t\t\t<\/div>\n\t\t<div class=\"elementor-element elementor-element-7533bc7a e-flex e-con-boxed e-con e-parent\" data-id=\"7533bc7a\" data-element_type=\"container\" data-e-type=\"container\">\n\t\t\t\t\t<div class=\"e-con-inner\">\n\t\t\t\t<div class=\"elementor-element elementor-element-2447d18d elementor-widget elementor-widget-heading\" data-id=\"2447d18d\" data-element_type=\"widget\" data-e-type=\"widget\" data-widget_type=\"heading.default\">\n\t\t\t\t\t<h2 class=\"elementor-heading-title elementor-size-default\">Verndarr\u00e1\u00f0 \u00ed framkv\u00e6md<\/h2>\t\t\t\t<\/div>\n\t\t<div class=\"elementor-element elementor-element-d5d0260c e-con-full e-flex e-con e-child\" data-id=\"d5d0260c\" data-element_type=\"container\" data-e-type=\"container\">\n\t\t\t\t<div class=\"elementor-element elementor-element-341be2ac elementor-widget elementor-widget-text-editor\" data-id=\"341be2ac\" data-element_type=\"widget\" data-e-type=\"widget\" data-widget_type=\"text-editor.default\">\n\t\t\t\t\t\t\t\t\t<div><h3>Tilbei\u00f0sla \u00ed daglegu l\u00edfi<\/h3>\n<div><p><strong>Athafnir og \u00e1kallanir<\/strong><br>\nMi\u00f0punkturinn var Opet-h\u00e1t\u00ed\u00f0in, \u00fear sem prammi Amuns fr\u00e1 Karnak var dregin til Luxor, og \u201eFagra h\u00e1t\u00ed\u00f0 dalsins\u201c. Daglegur musteristilb\u00fana\u00f0ur s\u00e1 <span class=\"iwg-fachbegriff\" data-tooltip=\"Myndr\u00e6n framsetning gu\u00f0s sem tilbe\u00f0in er \u00ed musteri e\u00f0a skr\u00edni.\" tabindex=\"0\">tilbei\u00f0slumyndinni<\/span> fyrir mat, kl\u00e6\u00f0na\u00f0i og reykelsi. \u00cd prammag\u00f6ngunum var Amun einnig spur\u00f0ur sem v\u00e9fr\u00e9ttagu\u00f0.<\/p><\/div>\n\n<h3>\u00c1kallanir og form\u00falur<\/h3>\n<div><p><strong>Textahef\u00f0 og form\u00falur<\/strong><br>\nHinn mikli Leiden-s\u00e1lmur til Amuns (Papyrus Leiden I 350, 13. \u00f6ld f.Kr.) \u00fatlistar \u00feeb\u00f6nsku <span class=\"iwg-fachbegriff\" data-tooltip=\"Fr\u00e6\u00f0ileg kenning um gu\u00f0 og tr\u00fa innan tr\u00faarbrag\u00f0a.\" tabindex=\"0\">gu\u00f0fr\u00e6\u00f0ina<\/span> um hinn hulda gu\u00f0, en nafn hans \u201ehinn hulda\u201c l\u00fdsir e\u00f0li hans.<\/p><p>Amun kemur fram \u00ed p\u00fdram\u00eddatextunum sem forn <span class=\"iwg-fachbegriff\" data-tooltip=\"Vera sem er tilbe\u00f0in sem gu\u00f0leg innan tr\u00faarbrag\u00f0a.\" tabindex=\"0\">gu\u00f0leg vera<\/span> og \u00ed musterislit\u00farg\u00edum Karnak; fj\u00f6lmargar b\u00e6nasteinsteinar einfaldra tr\u00faa\u00f0ra \u00e1varpa hann sem \u201ev\u00edsir hinna f\u00e1t\u00e6ku\u201c.<\/p><\/div>\n\n<h3>Verndargripir og verndart\u00e1kn<\/h3>\n<div><p><strong>Efnisleg <span class=\"iwg-fachbegriff\" data-tooltip=\"Fleirtala af apotropa\u00edkon: hlutir og t\u00e1kn sem \u00e6tla\u00f0 er a\u00f0 afst\u00fdra \u00f3g\u00e6fu.\" tabindex=\"0\">verndart\u00e1kn<\/span> og fornleifafr\u00e6\u00f0ilegar sannanir<\/strong><br>\nSem verndart\u00e1kn voru nota\u00f0ir Amun-verndargripir \u00far fajans, oft \u00ed mynd hr\u00fats e\u00f0a me\u00f0 einkennandi tv\u00f6f\u00f6ldum fja\u00f0rak\u00f3r\u00f3nu. Hr\u00fatsh\u00f6f\u00f0a\u00f0ar sfinxar l\u00e1gu me\u00f0fram g\u00f6ngug\u00f6tum Karnak. \u00cd gr\u00f6fum og musterisgeymslum \u00feeb\u00f6nsku sv\u00e6\u00f0isins hafa sl\u00edk litlu l\u00edkneski fundist \u00ed miklum m\u00e6li og sta\u00f0festa hlutverk Amuns \u00ed pers\u00f3nulegri verndartr\u00fa.<\/p><\/div><\/div>\t\t\t\t\t\t\t\t<\/div>\n\t\t\t\t<\/div>\n\t\t\t\t\t<\/div>\n\t\t\t\t<\/div>\n\t\t<div class=\"elementor-element elementor-element-5a584676 e-flex e-con-boxed e-con e-parent\" data-id=\"5a584676\" data-element_type=\"container\" data-e-type=\"container\">\n\t\t\t\t\t<div class=\"e-con-inner\">\n\t\t\t\t<div class=\"elementor-element elementor-element-6d0757bf elementor-widget elementor-widget-heading\" data-id=\"6d0757bf\" data-element_type=\"widget\" data-e-type=\"widget\" data-widget_type=\"heading.default\">\n\t\t\t\t\t<h2 class=\"elementor-heading-title elementor-size-default\">Amun, hli\u00f0st\u00e6\u00f0ur \u00ed \u00f6\u00f0rum menningarheimum<\/h2>\t\t\t\t<\/div>\n\t\t<div class=\"elementor-element elementor-element-60563f68 e-con-full e-flex e-con e-child\" data-id=\"60563f68\" data-element_type=\"container\" data-e-type=\"container\">\n\t\t\t\t<div class=\"elementor-element elementor-element-5a93fdd6 elementor-widget elementor-widget-text-editor\" data-id=\"5a93fdd6\" data-element_type=\"widget\" data-e-type=\"widget\" data-widget_type=\"text-editor.default\">\n\t\t\t\t\t\t\t\t\t<p>Amun l\u00edkist Seifi (Grikkland), konungi gu\u00f0anna. Hann deilir me\u00f0 <span class=\"iwg-fachbegriff\" tabindex=\"0\" data-tooltip=\"\u00cd hind\u00faisma hi\u00f0 algera, formlausa, eiginleikalausa sein; \u00ed Upanishadunum sem grundv\u00f6llur allrar tilveru.\">Brahman<\/span> (hind\u00faisma) hinni huldu, \u00f3s\u00fdnilegu sk\u00f6punarv\u00eddd. Hann minnir \u00e1 \u00d3\u00f0inn (Skandinav\u00edu), gu\u00f0 sem f\u00f3rnar sj\u00e1lfum s\u00e9r til a\u00f0 n\u00e1 visku. Hugmyndin um huldan skaparagu\u00f0 er almenn; Amun er s\u00e9rstaklega samhangandi gu\u00f0fr\u00e6\u00f0ileg \u00fatf\u00e6rsla \u00e1 henni.<\/p>\t\t\t\t\t\t\t\t<\/div>\n\t\t\t\t<\/div>\n\t\t\t\t\t<\/div>\n\t\t\t\t<\/div>\n\t\t<div class=\"elementor-element elementor-element-cpdb0d114 e-flex e-con-boxed e-con e-parent\" data-id=\"cpdb0d114\" data-element_type=\"container\" data-e-type=\"container\">\n\t\t\t\t\t<div class=\"e-con-inner\">\n\t\t\t\t<div class=\"elementor-element elementor-element-cp2834be1 elementor-widget elementor-widget-heading\" data-id=\"cp2834be1\" data-element_type=\"widget\" data-e-type=\"widget\" data-widget_type=\"heading.default\">\n\t\t\t\t\t<h2 class=\"elementor-heading-title elementor-size-default\">Uppgangur Amuns til r\u00edkisgu\u00f0s<\/h2>\t\t\t\t<\/div>\n\t\t<div class=\"elementor-element elementor-element-cp2318a06 e-con-full e-flex e-con e-child\" data-id=\"cp2318a06\" data-element_type=\"container\" data-e-type=\"container\">\n\t\t\t\t<div class=\"elementor-element elementor-element-cp83ab681 elementor-widget elementor-widget-text-editor\" data-id=\"cp83ab681\" data-element_type=\"widget\" data-e-type=\"widget\" data-widget_type=\"text-editor.default\">\n\t\t\t\t\t\t\t\t\t<p>Amun er ekki einn af elstu gu\u00f0um Egyptalands, \u00feeirra sem tilbei\u00f0sla m\u00e1 rekja aftur til fyrstu t\u00edma. Hann kemur fyrst fram sem sta\u00f0bundin <span class=\"iwg-fachbegriff\" data-tooltip=\"Vera sem er tilbe\u00f0in sem gu\u00f0leg innan tr\u00faarbrag\u00f0a.\" tabindex=\"0\">gu\u00f0leg vera<\/span> \u00ed \u00deebu \u00ed Efra-Egyptalandi.<\/p><p>\u00cd p\u00fdram\u00eddatextum Gamla r\u00edkisins er hans geti\u00f0 a\u00f0eins \u00ed ja\u00f0ri, oftast sem hluti af \u00c1ttund Herm\u00f3p\u00f3lis, h\u00f3pi \u00e1tta frumgu\u00f0a sem t\u00e1kna \u00e1standi\u00f0 fyrir sk\u00f6punina.<\/p><p>Uppgangur Amuns er n\u00e1tengdur p\u00f3lit\u00edskum uppgangi \u00deebu. \u00deegar \u00feebanskir h\u00f6f\u00f0ingjar \u00e1 Mi\u00f0r\u00edkinu, og s\u00e9rstaklega \u00ed upphafi N\u00fdja r\u00edkisins, sameinu\u00f0u r\u00edki\u00f0 og ger\u00f0u Egyptaland a\u00f0 st\u00f3rveldi, h\u00e6kka\u00f0i borgargu\u00f0 \u00feeirra me\u00f0 \u00feeim.<\/p><p>Amun rann saman vi\u00f0 hinn forna s\u00f3lgu\u00f0 Re og mynda\u00f0i Amun-Re, og ger\u00f0i \u00fear me\u00f0 kr\u00f6fu til \u00e6\u00f0sta s\u00e6tisins \u00ed <span class=\"iwg-fachbegriff\" data-tooltip=\"Heild gu\u00f0a \u00ed tr\u00faarbr\u00f6g\u00f0um e\u00f0a menningu.\" tabindex=\"0\">go\u00f0aveldinu<\/span>.<\/p><p>\u00cd N\u00fdja r\u00edkinu var Amun-Re hinn eini sanni r\u00edkisgu\u00f0. Fara\u00f3arnir eignu\u00f0u honum sigra s\u00edna, s\u00e1u <span class=\"iwg-fachbegriff\" data-tooltip=\"Bygging sem er \u00e6tla\u00f0 til tilbei\u00f0slu einnar e\u00f0a fleiri gu\u00f0legra vera.\" tabindex=\"0\">musteri<\/span> hans herfangi og l\u00f6g\u00f0u vald sitt \u00e1 hann til grundvallar. Musterissv\u00e6\u00f0i\u00f0 \u00ed Karnak \u00ed \u00deebu \u00f3x um aldir a\u00f0 st\u00e6rsta musterissv\u00e6\u00f0i Egyptalands. Prestast\u00e9tt Amuns \u00ed \u00deebu n\u00e1\u00f0i \u00fear me\u00f0 gr\u00ed\u00f0arlegum efnahagslegum og p\u00f3lit\u00edskum \u00e1hrifum.<\/p><p>Rannsakendur sj\u00e1 \u00ed s\u00f6gu Amuns d\u00e6migert fyrirb\u00e6ri \u00feess hversu n\u00e1tengd tr\u00fa og v\u00f6ld voru \u00ed Egyptalandi. Uppgangur gu\u00f0s endurspeglar uppgang borgar hans og konungs\u00e6ttar.<\/p><p>\u00c1 sama t\u00edma var Amun gu\u00f0fr\u00e6\u00f0ilega n\u00f3gu sveigjanlegur til a\u00f0 taka upp \u00ed sig a\u00f0ra gu\u00f0i \u00e1n \u00feess a\u00f0 glata eigin sj\u00e1lfsmynd. \u00deessi h\u00e6fileiki til samruna var forsenda varanlegrar yfirbur\u00f0ast\u00f6\u00f0u hans.<\/p>\t\t\t\t\t\t\t\t<\/div>\n\t\t\t\t<\/div>\n\t\t\t\t\t<\/div>\n\t\t\t\t<\/div>\n\t\t<div class=\"elementor-element elementor-element-cp34115a8 e-flex e-con-boxed e-con e-parent\" data-id=\"cp34115a8\" data-element_type=\"container\" data-e-type=\"container\">\n\t\t\t\t\t<div class=\"e-con-inner\">\n\t\t\t\t<div class=\"elementor-element elementor-element-cp97970f4 elementor-widget elementor-widget-heading\" data-id=\"cp97970f4\" data-element_type=\"widget\" data-e-type=\"widget\" data-widget_type=\"heading.default\">\n\t\t\t\t\t<h2 class=\"elementor-heading-title elementor-size-default\">Amun og tr\u00faarumb\u00e6tur Akhenatens<\/h2>\t\t\t\t<\/div>\n\t\t<div class=\"elementor-element elementor-element-cp71c85a8 e-con-full e-flex e-con e-child\" data-id=\"cp71c85a8\" data-element_type=\"container\" data-e-type=\"container\">\n\t\t\t\t<div class=\"elementor-element elementor-element-cp685948e elementor-widget elementor-widget-text-editor\" data-id=\"cp685948e\" data-element_type=\"widget\" data-e-type=\"widget\" data-widget_type=\"text-editor.default\">\n\t\t\t\t\t\t\t\t\t<p>Sennilega er dramat\u00edskasti kaflinn \u00ed s\u00f6gu Amun-d\u00fdrkunarins tr\u00faarumb\u00f3t fara\u00f3s Amen\u00f3fis IV., sem endurnefndi sig Akenaten og r\u00edkti \u00e1 s\u00ed\u00f0ari hluta 14. aldar fyrir Krist. Akenaten h\u00f3f s\u00f3lsk\u00edfugu\u00f0inn Aten upp sem hina einu tilbei\u00f0sluver\u00f0u <span class=\"iwg-fachbegriff\" data-tooltip=\"Vera sem er d\u00fdrku\u00f0 sem gu\u00f0leg innan tr\u00faarbrag\u00f0a.\" tabindex=\"0\">gu\u00f0veru<\/span> og gekk gegn \u00f6\u00f0rum gu\u00f0um, fremst gegn Amun.<\/p><p>\u00cd reynd \u00fe\u00fdddi \u00feetta a\u00f0 nafn Amuns var h\u00f6ggvi\u00f0 burt af \u00e1letrunum, a\u00f0 hluta til jafnvel \u00ed samsettum mannan\u00f6fnum og \u00e1 st\u00f6\u00f0um sem erfitt var a\u00f0 komast a\u00f0. <span class=\"iwg-fachbegriff\" data-tooltip=\"Bygging sem er notu\u00f0 til tilbei\u00f0slu \u00e1 einum e\u00f0a fleiri gu\u00f0um.\" tabindex=\"0\">Hof<\/span> Amuns var loka\u00f0 e\u00f0a svipt tekjum s\u00ednum, og prestast\u00e9ttin svipt v\u00f6ldum. Akenaten flutti h\u00f6fu\u00f0st\u00f6\u00f0var s\u00ednar \u00ed n\u00fdstofna\u00f0a borg, n\u00faverandi Amarna, og svipti \u00deebu \u00feannig p\u00f3lit\u00edsku v\u00e6gi.<\/p><p>Fr\u00e6\u00f0imenn deila um \u00e1st\u00e6\u00f0ur \u00feessarar umb\u00f3tar. Sumir telja hana tilraun til a\u00f0 brj\u00f3ta ni\u00f0ur v\u00f6ld Amun-prestast\u00e9ttarinnar, a\u00f0rir leggja \u00e1herslu \u00e1 tr\u00faarlegt sj\u00e1lfst\u00e6\u00f0i Aten-d\u00fdrkunarins. Einnig er deilt um hvort um hafi veri\u00f0 a\u00f0 r\u00e6\u00f0a sanna <span class=\"iwg-fachbegriff\" data-tooltip=\"Tr\u00fain \u00e1 einn einasta gu\u00f0.\" tabindex=\"0\">eingy\u00f0istr\u00fa<\/span> e\u00f0a \u00f6fgafulla mynd af s\u00f3ld\u00fdrkun.<\/p><p>Umb\u00f3tin lif\u00f0i ekki h\u00f6fund sinn af. \u00deegar undir eftirm\u00f6nnum Akenatens, s\u00e9rstaklega undir T\u00fatankamon, sem h\u00e9t upphaflega T\u00fatankaten og breytti nafni s\u00ednu \u00ed T\u00fatankamon, var Amun-<span class=\"iwg-fachbegriff\" data-tooltip=\"Heild tr\u00faarlegra tilbei\u00f0sluathafna fyrir gu\u00f0 e\u00f0a heilaga veru.\" tabindex=\"0\">d\u00fdrkunin<\/span> endurreist.<\/p><p><span class=\"iwg-fachbegriff\" data-tooltip=\"Bygging sem er notu\u00f0 til tilbei\u00f0slu \u00e1 einum e\u00f0a fleiri gu\u00f0um.\" tabindex=\"0\">Hofin<\/span> voru opnu\u00f0 aftur og nafn Amuns endursett \u00e1 m\u00f6rgum st\u00f6\u00f0um. Byggingar Akenatens sj\u00e1lfs og nafn hans voru s\u00ed\u00f0ar ey\u00f0il\u00f6g\u00f0 \u00ed sta\u00f0inn. \u00deessi \u00fe\u00e1ttur s\u00fdnir hversu dj\u00fapt Amun var greyptur inn \u00ed tr\u00faarlega og f\u00e9lagslega ger\u00f0 Egyptalands.<\/p>\t\t\t\t\t\t\t\t<\/div>\n\t\t\t\t<\/div>\n\t\t\t\t\t<\/div>\n\t\t\t\t<\/div>\n\t\t<div class=\"elementor-element elementor-element-cp56c5228 e-flex e-con-boxed e-con e-parent\" data-id=\"cp56c5228\" data-element_type=\"container\" data-e-type=\"container\">\n\t\t\t\t\t<div class=\"e-con-inner\">\n\t\t\t\t<div class=\"elementor-element elementor-element-cp4d367d6 elementor-widget elementor-widget-heading\" data-id=\"cp4d367d6\" data-element_type=\"widget\" data-e-type=\"widget\" data-widget_type=\"heading.default\">\n\t\t\t\t\t<h2 class=\"elementor-heading-title elementor-size-default\">V\u00e9fr\u00e9tt Amuns og gu\u00f0inn \u00ed Siwa<\/h2>\t\t\t\t<\/div>\n\t\t<div class=\"elementor-element elementor-element-cpc8231a0 e-con-full e-flex e-con e-child\" data-id=\"cpc8231a0\" data-element_type=\"container\" data-e-type=\"container\">\n\t\t\t\t<div class=\"elementor-element elementor-element-cp66218e3 elementor-widget elementor-widget-text-editor\" data-id=\"cp66218e3\" data-element_type=\"widget\" data-e-type=\"widget\" data-widget_type=\"text-editor.default\">\n\t\t\t\t\t\t\t\t\t<p>Amun var ekki a\u00f0eins hofgu\u00f0 tilbe\u00f0inn af prestum, heldur einnig gu\u00f0 sem tala\u00f0i \u00ed gegnum <span class=\"iwg-fachbegriff\" data-tooltip=\"Sta\u00f0ur e\u00f0a stofnun \u00fear sem leita\u00f0 er gu\u00f0legs \u00farskur\u00f0ar.\" tabindex=\"0\">v\u00e9fr\u00e9tt<\/span>. \u00c1 t\u00edmum N\u00fdja r\u00edkisins \u00fer\u00f3a\u00f0ist \u00ed \u00deebu venja \u00fear sem gu\u00f0ab\u00e1tur me\u00f0 <span class=\"iwg-fachbegriff\" data-tooltip=\"Myndr\u00e6n framsetning gu\u00f0s sem tilbe\u00f0in er \u00ed hofi e\u00f0a skr\u00edni.\" tabindex=\"0\">helgimynd<\/span> Amuns var borinn \u00ed <span class=\"iwg-fachbegriff\" data-tooltip=\"H\u00e1t\u00ed\u00f0leg tr\u00faarleg skr\u00fa\u00f0ganga.\" tabindex=\"0\">skr\u00fa\u00f0g\u00f6ngu<\/span> og svara\u00f0i spurningum me\u00f0 hreyfingum.<\/p><p>Bei\u00f0endur b\u00e1ru fram erindi s\u00edn, og vi\u00f0br\u00f6g\u00f0 b\u00e1tsins, sem prestar b\u00e1ru, voru talin svar gu\u00f0sins. Sl\u00edkar <span class=\"iwg-fachbegriff\" data-tooltip=\"Sta\u00f0ur e\u00f0a stofnun \u00fear sem leita\u00f0 er gu\u00f0legs \u00farskur\u00f0ar.\" tabindex=\"0\">v\u00e9fr\u00e9ttir<\/span> leystu deilum\u00e1l, sta\u00f0festu emb\u00e6ttisveitingar og h\u00f6f\u00f0u \u00e1hrif \u00e1 p\u00f3lit\u00edskar \u00e1kvar\u00f0anir.<\/p><p>Utan Egyptalands var\u00f0 <span class=\"iwg-fachbegriff\" data-tooltip=\"Sta\u00f0ur e\u00f0a stofnun \u00fear sem leita\u00f0 er gu\u00f0legs \u00farskur\u00f0ar.\" tabindex=\"0\">v\u00e9fr\u00e9tt<\/span> Amuns \u00ed ey\u00f0imerkuvinjunni Siwa \u00ed L\u00edb\u00eduey\u00f0im\u00f6rkinni fr\u00e6g. Gr\u00edski heimurinn \u00feekkti \u00feennan gu\u00f0 sem Ammon og mat <span class=\"iwg-fachbegriff\" data-tooltip=\"Sta\u00f0ur e\u00f0a stofnun \u00fear sem leita\u00f0 er gu\u00f0legs \u00farskur\u00f0ar.\" tabindex=\"0\">v\u00e9fr\u00e9tt<\/span> hans mikils. \u00deegar \u00e1 forngr\u00edskum t\u00edma s\u00f3ttu Grikkir sta\u00f0inn heim, og Siwa var talin, samhli\u00f0a Delf\u00ed og Dod\u00f3na, eitt af mikilv\u00e6gustu v\u00e9fr\u00e9ttahelgist\u00f6\u00f0unum.<\/p><p>Fr\u00e6gasti \u00fe\u00e1tturinn er heims\u00f3kn Alexanders mikla \u00e1ri\u00f0 332 fyrir Krist. Eftir a\u00f0 hafa lagt Egyptaland undir sig f\u00f3r Alexander gegnum ey\u00f0im\u00f6rkina til Siwa til a\u00f0 r\u00e1\u00f0f\u00e6ra sig vi\u00f0 <span class=\"iwg-fachbegriff\" data-tooltip=\"Sta\u00f0ur e\u00f0a stofnun \u00fear sem leita\u00f0 er gu\u00f0legs \u00farskur\u00f0ar.\" tabindex=\"0\">v\u00e9fr\u00e9ttina<\/span>.<\/p><p>Fornar heimildir segja a\u00f0 gu\u00f0inn hafi vi\u00f0urkennt hann sem son sinn. \u00deessi sta\u00f0festing haf\u00f0i mikla \u00fe\u00fd\u00f0ingu fyrir sj\u00e1lfsmynd Alexanders og fyrir l\u00f6gm\u00e6ti valda hans.<\/p><p>Fr\u00e6\u00f0imenn benda \u00e1 a\u00f0 v\u00e9fr\u00e9ttastarfsemi Amuns hafi gefi\u00f0 honum hlutverk sem n\u00e1\u00f0i \u00fat fyrir fastbundna hofsath\u00f6fnina. Gu\u00f0inn t\u00f3k \u00fe\u00e1tt \u00ed \u00e1\u00fereifanlegum \u00e1kv\u00f6r\u00f0unum. \u00c1 sama t\u00edma s\u00fdnir sagan af Siwa hvernig egypskur gu\u00f0 gat, \u00ed gegnum gr\u00edska t\u00falkun, \u00fer\u00f3a\u00f0 eigin, al\u00fej\u00f3\u00f0lega \u00e1hrifas\u00f6gu.<\/p>\t\t\t\t\t\t\t\t<\/div>\n\t\t\t\t<\/div>\n\t\t\t\t\t<\/div>\n\t\t\t\t<\/div>\n\t\t<div class=\"elementor-element elementor-element-cp3aafa56 e-flex e-con-boxed e-con e-parent\" data-id=\"cp3aafa56\" data-element_type=\"container\" data-e-type=\"container\">\n\t\t\t\t\t<div class=\"e-con-inner\">\n\t\t\t\t<div class=\"elementor-element elementor-element-cp73f0300 elementor-widget elementor-widget-heading\" data-id=\"cp73f0300\" data-element_type=\"widget\" data-e-type=\"widget\" data-widget_type=\"heading.default\">\n\t\t\t\t\t<h2 class=\"elementor-heading-title elementor-size-default\">T\u00e1knmynd og hinn hulda gu\u00f0<\/h2>\t\t\t\t<\/div>\n\t\t<div class=\"elementor-element elementor-element-cpee16ba6 e-con-full e-flex e-con e-child\" data-id=\"cpee16ba6\" data-element_type=\"container\" data-e-type=\"container\">\n\t\t\t\t<div class=\"elementor-element elementor-element-cpb1a3ec0 elementor-widget elementor-widget-text-editor\" data-id=\"cpb1a3ec0\" data-element_type=\"widget\" data-e-type=\"widget\" data-widget_type=\"text-editor.default\">\n\t\t\t\t\t\t\t\t\t<p>Amun er venjulega s\u00fdndur sem karlma\u00f0ur \u00ed mannlegri mynd, sem ber einkennandi k\u00f3r\u00f3nu me\u00f0 tveimur h\u00e1um fj\u00f6\u00f0rum. Oft er h\u00fa\u00f0 hans bl\u00e1, litur sem \u00ed egypskri t\u00e1knfr\u00e6\u00f0i tengist himninum og \u00f3endanleika. \u00cd \u00feessari mynd sest hann \u00ed h\u00e1s\u00e6ti e\u00f0a gengur, oft me\u00f0 valdst\u00e1knum.<\/p><p>\u00d6nnur birtingarmynd er hinn \u00edt\u00fdfall\u00edski Amun, framsetning me\u00f0 reistu getna\u00f0arlimi, sem einkennir hann sem frj\u00f3semisgu\u00f0 og fa\u00f0ir, og tengist gu\u00f0inum Min, sem Amun sameina\u00f0ist a\u00f0 hluta.<\/p><p>Sem heil\u00f6g d\u00fdr eru honum eigna\u00f0ir hr\u00faturinn og n\u00edlarg\u00e6sin. S\u00e9rstaklega var\u00f0 hr\u00faturinn me\u00f0 sn\u00fanum hornunum a\u00f0 v\u00ed\u00f0kunnu t\u00e1kni Amuns. Sfinxagatan \u00ed Karnak samanstendur af sfinxum me\u00f0 hr\u00fatsh\u00f6f\u00f0um.<\/p><p>\u00cd gu\u00f0fr\u00e6\u00f0ilegum skilningi ber Amun nafn sem m\u00e1 t\u00falka sem hinn hulda. \u00deessi hli\u00f0 m\u00f3tar egypska umhugsun um hann. S\u00e1lmar fr\u00e1 t\u00edmum N\u00fdja r\u00edkisins l\u00fdsa Amun sem gu\u00f0i sem enginn \u00feekkir sanna mynd hans, sem er hulinn jafnvel \u00f6\u00f0rum gu\u00f0um.<\/p><p>Fr\u00e6\u00f0imenn, s\u00e9rstaklega Jan Assmann, hafa bent \u00e1 a\u00f0 \u00ed tengslum vi\u00f0 Amun \u00fer\u00f3a\u00f0ist egypsk mynd gu\u00f0fr\u00e6\u00f0ilegrar hugsunar sem skildi hi\u00f0 gu\u00f0lega sem \u00ed grunninn \u00f3vi\u00f0r\u00e1\u00f0anlegt og handan mannlegs skilnings.<\/p><p>\u00deessi spenna er athyglisver\u00f0: Amun er \u00ed senn hinn alls sta\u00f0ar n\u00e1l\u00e6gi r\u00edkisgu\u00f0 me\u00f0 st\u00e6rstu hofbyggingu landsins og \u00ed grunninn hulinn gu\u00f0 sem sleppur undan \u00f6llu valdi. Egypsk <span class=\"iwg-fachbegriff\" data-tooltip=\"V\u00edsindaleg fr\u00e6\u00f0i um gu\u00f0 og tr\u00fa innan tr\u00faarbrag\u00f0a.\" tabindex=\"0\">gu\u00f0fr\u00e6\u00f0i<\/span> h\u00e9lt b\u00e1\u00f0um \u00feessum \u00fe\u00e1ttum saman \u00e1n \u00feess a\u00f0 leysa m\u00f3ts\u00f6gnina.<\/p>\t\t\t\t\t\t\t\t<\/div>\n\t\t\t\t<\/div>\n\t\t\t\t\t<\/div>\n\t\t\t\t<\/div>\n\t\t<div class=\"elementor-element elementor-element-36dd7469 e-flex e-con-boxed e-con e-parent\" data-id=\"36dd7469\" data-element_type=\"container\" data-e-type=\"container\">\n\t\t\t\t\t<div class=\"e-con-inner\">\n\t\t\t\t<div class=\"elementor-element elementor-element-13760ab4 elementor-widget elementor-widget-heading\" data-id=\"13760ab4\" data-element_type=\"widget\" data-e-type=\"widget\" data-widget_type=\"heading.default\">\n\t\t\t\t\t<h2 class=\"elementor-heading-title elementor-size-default\">\u00cdtarefni og tenglar<\/h2>\t\t\t\t<\/div>\n\t\t<div class=\"elementor-element elementor-element-28c87796 e-con-full e-flex e-con e-child\" data-id=\"28c87796\" data-element_type=\"container\" data-e-type=\"container\">\n\t\t\t\t<div class=\"elementor-element elementor-element-5d6538df elementor-widget elementor-widget-text-editor\" data-id=\"5d6538df\" data-element_type=\"widget\" data-e-type=\"widget\" data-widget_type=\"text-editor.default\">\n\t\t\t\t\t\t\t\t\t<ul><li><a href=\"https:\/\/iwell-guard.com\/is\/?page_id=168791\">H\u00f3rus, konungsgu\u00f0 hef\u00f0arins fyrir Amun<\/a><\/li><li><a href=\"https:\/\/iwell-guard.com\/is\/?page_id=168588\">Egyptaland, yfirlit yfir gu\u00f0aheim<\/a><\/li><li><a href=\"https:\/\/iwell-guard.com\/is\/?page_id=168707\">\u00c6\u00f0ri gu\u00f0ir, undirflokkur<\/a><\/li><li><a href=\"https:\/\/iwell-guard.com\/is\/?page_id=168679\">Gu\u00f0ir, yfirlit yfir flokka<\/a><\/li><\/ul>\t\t\t\t\t\t\t\t<\/div>\n\t\t\t\t<\/div>\n\t\t\t\t\t<\/div>\n\t\t\t\t<\/div>\n\t\t<div class=\"elementor-element elementor-element-grl4kl40 e-flex e-con-boxed e-con e-parent\" data-id=\"grl4kl40\" data-element_type=\"container\" data-e-type=\"container\">\n\t\t\t\t\t<div class=\"e-con-inner\">\n\t\t\t\t<div class=\"elementor-element elementor-element-bzsbfrmh elementor-widget elementor-widget-heading\" data-id=\"bzsbfrmh\" data-element_type=\"widget\" data-e-type=\"widget\" data-widget_type=\"heading.default\">\n\t\t\t\t\t<h2 class=\"elementor-heading-title elementor-size-default\">Heimildir (\u00farval)<\/h2>\t\t\t\t<\/div>\n\t\t<div class=\"elementor-element elementor-element-2c13224a e-con-full e-flex e-con e-child\" data-id=\"2c13224a\" data-element_type=\"container\" data-e-type=\"container\">\n\t\t\t\t<div class=\"elementor-element elementor-element-0eymh9ub elementor-widget elementor-widget-text-editor\" data-id=\"0eymh9ub\" data-element_type=\"widget\" data-e-type=\"widget\" data-widget_type=\"text-editor.default\">\n\t\t\t\t\t\t\t\t\t<footer class=\"iwg-literatur\" data-nosnippet=\"true\"><ul><li><span data-nosnippet>Assmann, Jan: <em>Egyptaland. <span class=\"iwg-fachbegriff\" data-tooltip=\"Hin fr\u00e6\u00f0ilega kenning um gu\u00f0 og tr\u00fa innan tr\u00faarbrag\u00f0a.\" tabindex=\"0\">Gu\u00f0fr\u00e6\u00f0i<\/span> og tr\u00far\u00e6kni fornrar h\u00e1\u00fer\u00f3a\u00f0rar menningar<\/em>. Stuttgart 1991.<\/span><\/li><li><span data-nosnippet>Otto, Eberhard: <em>Gott und Mensch nach den \u00e4gyptischen Tempelinschriften<\/em>. Heidelberg 1964.<\/span><\/li><li>Walde, Christine (ritstj.): <em>Der Neue Pauly<\/em> (uppsl\u00e1ttaror\u00f0i\u00f0 \u201eAmun\u201c).<\/li><\/ul><\/footer>\n<p class=\"iwg-bib-more\"><span data-nosnippet>Fleiri lykilheimildir \u00ed <a href=\"https:\/\/iwell-guard.com\/is\/?page_id=168730\">heimildaskr\u00e1nni<\/a>.<\/span><\/p>\t\t\t\t\t\t\t\t<\/div>\n\t\t\t\t<\/div>\n\t\t\t\t\t<\/div>\n\t\t\t\t<\/div>\n\t\t\t\t<\/div>\n\t\t","protected":false},"excerpt":{"rendered":"","protected":false},"author":3,"featured_media":1539,"parent":0,"menu_order":0,"comment_status":"closed","ping_status":"closed","template":"elementor_header_footer","meta":{"_yoast_wpseo_focuskw":"Amun","_yoast_wpseo_title":"Amun \u2013 Egypskur sk\u00f6punargu\u00f0 og konungur gu\u00f0anna","_yoast_wpseo_metadesc":"Sk\u00f6punargu\u00f0, konungur gu\u00f0anna, Amun-Ra samruni. Karnak-hofi\u00f0, \u00deeba, v\u00e9fr\u00e9ttir \u00ed Egyptalandi til forna.","_yoast_wpseo_meta-robots-noindex":"","_yoast_wpseo_canonical":"","_angie_page":false,"gefaehrdungsstufe":"4","wesen_kultur":"aegypten","wesen_klasse":"goetter","footnotes":""},"categories":[],"class_list":["post-168798","page","type-page","status-publish","has-post-thumbnail","hentry"],"yoast_head":"<!-- This site is optimized with the Yoast SEO Premium plugin v27.7 (Yoast SEO v28.3) - https:\/\/yoast.com\/product\/yoast-seo-premium-wordpress\/ -->\n<title>Amun \u2013 Egypskur sk\u00f6punargu\u00f0 og konungur gu\u00f0anna<\/title>\n<meta name=\"description\" content=\"Sk\u00f6punargu\u00f0, konungur gu\u00f0anna, Amun-Ra samruni. Karnak-hofi\u00f0, \u00deeba, v\u00e9fr\u00e9ttir \u00ed Egyptalandi til forna.\" \/>\n<meta name=\"robots\" content=\"index, follow, max-snippet:-1, max-image-preview:large, max-video-preview:-1\" \/>\n<link rel=\"canonical\" href=\"https:\/\/iwell-guard.com\/is\/amun\/\" \/>\n<meta property=\"og:locale\" content=\"is_IS\" \/>\n<meta property=\"og:type\" content=\"article\" \/>\n<meta property=\"og:title\" content=\"Amun\" \/>\n<meta property=\"og:description\" content=\"Sk\u00f6punargu\u00f0, konungur gu\u00f0anna, Amun-Ra samruni. Karnak-hofi\u00f0, \u00deeba, v\u00e9fr\u00e9ttir \u00ed Egyptalandi til forna.\" \/>\n<meta property=\"og:url\" content=\"https:\/\/iwell-guard.com\/is\/amun\/\" \/>\n<meta property=\"og:site_name\" content=\"iWell Guard\" \/>\n<meta property=\"article:modified_time\" content=\"2026-09-05T14:19:40+00:00\" \/>\n<meta property=\"og:image\" content=\"https:\/\/iwell-guard.com\/wp-content\/uploads\/2026\/04\/goetter_aegypten_amun-1.webp\" \/>\n\t<meta property=\"og:image:width\" content=\"1024\" \/>\n\t<meta property=\"og:image:height\" content=\"1536\" \/>\n\t<meta property=\"og:image:type\" content=\"image\/webp\" \/>\n<meta name=\"twitter:card\" content=\"summary_large_image\" \/>\n<script type=\"application\/ld+json\" class=\"yoast-schema-graph\">{\"@context\":\"https:\\\/\\\/schema.org\",\"@graph\":[{\"@type\":\"WebPage\",\"@id\":\"https:\\\/\\\/iwell-guard.com\\\/is\\\/amun\\\/\",\"url\":\"https:\\\/\\\/iwell-guard.com\\\/is\\\/amun\\\/\",\"name\":\"Amun \u2013 Egypskur sk\u00f6punargu\u00f0 og konungur gu\u00f0anna\",\"isPartOf\":{\"@id\":\"https:\\\/\\\/iwell-guard.com\\\/is\\\/#website\"},\"primaryImageOfPage\":{\"@id\":\"https:\\\/\\\/iwell-guard.com\\\/is\\\/amun\\\/#primaryimage\"},\"image\":{\"@id\":\"https:\\\/\\\/iwell-guard.com\\\/is\\\/amun\\\/#primaryimage\"},\"thumbnailUrl\":\"https:\\\/\\\/iwell-guard.com\\\/wp-content\\\/uploads\\\/2026\\\/04\\\/goetter_aegypten_amun-1.webp\",\"datePublished\":\"2026-09-05T14:03:04+00:00\",\"dateModified\":\"2026-09-05T14:19:40+00:00\",\"description\":\"Sk\u00f6punargu\u00f0, konungur gu\u00f0anna, Amun-Ra samruni. Karnak-hofi\u00f0, \u00deeba, v\u00e9fr\u00e9ttir \u00ed Egyptalandi til forna.\",\"breadcrumb\":{\"@id\":\"https:\\\/\\\/iwell-guard.com\\\/is\\\/amun\\\/#breadcrumb\"},\"inLanguage\":\"is\",\"potentialAction\":[{\"@type\":\"ReadAction\",\"target\":[\"https:\\\/\\\/iwell-guard.com\\\/is\\\/amun\\\/\"]}]},{\"@type\":\"ImageObject\",\"inLanguage\":\"is\",\"@id\":\"https:\\\/\\\/iwell-guard.com\\\/is\\\/amun\\\/#primaryimage\",\"url\":\"https:\\\/\\\/iwell-guard.com\\\/wp-content\\\/uploads\\\/2026\\\/04\\\/goetter_aegypten_amun-1.webp\",\"contentUrl\":\"https:\\\/\\\/iwell-guard.com\\\/wp-content\\\/uploads\\\/2026\\\/04\\\/goetter_aegypten_amun-1.webp\",\"width\":1024,\"height\":1536,\"caption\":\"Gu\u00f0ir \u00far egypskri hef\u00f0.\"},{\"@type\":\"BreadcrumbList\",\"@id\":\"https:\\\/\\\/iwell-guard.com\\\/is\\\/amun\\\/#breadcrumb\",\"itemListElement\":[{\"@type\":\"ListItem\",\"position\":1,\"name\":\"Start\",\"item\":\"https:\\\/\\\/iwell-guard.com\\\/is\\\/?page_id=168580\"},{\"@type\":\"ListItem\",\"position\":2,\"name\":\"Amun\"}]},{\"@type\":\"WebSite\",\"@id\":\"https:\\\/\\\/iwell-guard.com\\\/is\\\/#website\",\"url\":\"https:\\\/\\\/iwell-guard.com\\\/is\\\/\",\"name\":\"iWell Guard\",\"description\":\"Schutz vor dunklen Einfl\u00fcssen\",\"publisher\":{\"@id\":\"https:\\\/\\\/iwell-guard.com\\\/is\\\/#organization\"},\"potentialAction\":[{\"@type\":\"SearchAction\",\"target\":{\"@type\":\"EntryPoint\",\"urlTemplate\":\"https:\\\/\\\/iwell-guard.com\\\/is\\\/?s={search_term_string}\"},\"query-input\":{\"@type\":\"PropertyValueSpecification\",\"valueRequired\":true,\"valueName\":\"search_term_string\"}}],\"inLanguage\":\"is\"},{\"@type\":\"Organization\",\"@id\":\"https:\\\/\\\/iwell-guard.com\\\/is\\\/#organization\",\"name\":\"Ittermann electronic GmbH\",\"url\":\"https:\\\/\\\/iwell-guard.com\\\/is\\\/\",\"logo\":{\"@type\":\"ImageObject\",\"inLanguage\":\"is\",\"@id\":\"https:\\\/\\\/iwell-guard.com\\\/is\\\/#\\\/schema\\\/logo\\\/image\\\/\",\"url\":\"https:\\\/\\\/iwell-guard.com\\\/wp-content\\\/uploads\\\/2026\\\/05\\\/Ittermann-Logo-1182x237-1.png\",\"contentUrl\":\"https:\\\/\\\/iwell-guard.com\\\/wp-content\\\/uploads\\\/2026\\\/05\\\/Ittermann-Logo-1182x237-1.png\",\"width\":1182,\"height\":237,\"caption\":\"Ittermann electronic GmbH\"},\"image\":{\"@id\":\"https:\\\/\\\/iwell-guard.com\\\/is\\\/#\\\/schema\\\/logo\\\/image\\\/\"},\"sameAs\":[\"https:\\\/\\\/pantip.com\\\/profile\\\/9367242\",\"https:\\\/\\\/micro.blog\\\/iwellguard\",\"https:\\\/\\\/www.diggerslist.com\\\/iwellguard\\\/about\",\"https:\\\/\\\/skitterphoto.com\\\/photographers\\\/2870314\\\/iwell-guard\",\"https:\\\/\\\/iwellguard.wordpress.com\\\/2026\\\/06\\\/06\\\/iwell-guard\\\/\",\"https:\\\/\\\/hub.docker.com\\\/u\\\/iwellguard\",\"https:\\\/\\\/www.pinterest.com\\\/iwellguard\\\/\",\"https:\\\/\\\/bit.ly\\\/m\\\/iwellguard\",\"https:\\\/\\\/entre-vos-mains.alsace.eu\\\/profiles\\\/iwellguard\\\/activity\",\"https:\\\/\\\/gravatar.com\\\/reallybeded8fd34\",\"https:\\\/\\\/naijamatta.com\\\/iwellguard\",\"https:\\\/\\\/www.goodreads.com\\\/iwellguard\",\"https:\\\/\\\/profile.hatena.ne.jp\\\/iwellguard\\\/\",\"https:\\\/\\\/experiment.com\\\/users\\\/iwellguard\",\"https:\\\/\\\/wakelet.com\\\/@iWellGuard82270\",\"https:\\\/\\\/www.chordie.com\\\/forum\\\/profile.php?id=2555664\",\"https:\\\/\\\/www.instapaper.com\\\/p\\\/17757966\",\"https:\\\/\\\/www.mapleprimes.com\\\/users\\\/iwellguard\",\"https:\\\/\\\/businesslistingplus.com\\\/profile\\\/iwell-guard\\\/\",\"https:\\\/\\\/telegra.ph\\\/iWell-Guard-06-06\",\"https:\\\/\\\/pbase.com\\\/iwellguard\\\/iwellguard\",\"https:\\\/\\\/b.hatena.ne.jp\\\/iwellguard\\\/20260607#bookmark-4788405196491818882\",\"https:\\\/\\\/fliphtml5.com\\\/home\\\/iwellguard\",\"https:\\\/\\\/anyflip.com\\\/homepage\\\/cmiwl#About\",\"https:\\\/\\\/transfur.com\\\/Users\\\/iwellguard\",\"http:\\\/\\\/delphi.larsbo.org\\\/user\\\/iwellguard\",\"https:\\\/\\\/jobs.lajobsportal.org\\\/profiles\\\/8380803-iwell-guard\",\"https:\\\/\\\/md.chaosdorf.de\\\/s\\\/jfbe5SBdJD\",\"https:\\\/\\\/www.lingvolive.com\\\/en-us\\\/profile\\\/9ecaeaca-ce11-4e51-9e71-01d55e2bff36\\\/translations\",\"https:\\\/\\\/www.fitday.com\\\/fitness\\\/forums\\\/members\\\/iwellguard.html\",\"https:\\\/\\\/www.mymeetbook.com\\\/iwellguard\",\"https:\\\/\\\/pxhere.com\\\/en\\\/photographer-me\\\/5040798\",\"https:\\\/\\\/disqus.com\\\/by\\\/iwellguard\\\/about\\\/\",\"https:\\\/\\\/pastelink.net\\\/hjwciqwq\",\"https:\\\/\\\/pubhtml5.com\\\/homepage\\\/scjhn\\\/\",\"https:\\\/\\\/www.bitchute.com\\\/channel\\\/2O2eOKzNqujT\",\"https:\\\/\\\/audiomack.com\\\/iwellguard\"]},{\"@type\":\"Article\",\"@id\":\"https:\\\/\\\/iwell-guard.com\\\/is\\\/amun\\\/#article\",\"isPartOf\":{\"@id\":\"https:\\\/\\\/iwell-guard.com\\\/is\\\/amun\\\/\"},\"author\":{\"name\":\"Ralf Ittermann\",\"@id\":\"https:\\\/\\\/iwell-guard.com\\\/is\\\/#\\\/schema\\\/person\\\/ee2a27f1cac3406c7c6fb5820cb7349f\"},\"headline\":\"Amun\",\"datePublished\":\"2026-09-05T14:03:04+00:00\",\"dateModified\":\"2026-09-05T14:19:40+00:00\",\"mainEntityOfPage\":{\"@id\":\"https:\\\/\\\/iwell-guard.com\\\/is\\\/amun\\\/\"},\"publisher\":{\"@id\":\"https:\\\/\\\/iwell-guard.com\\\/is\\\/#organization\"},\"image\":{\"@id\":\"https:\\\/\\\/iwell-guard.com\\\/is\\\/amun\\\/#primaryimage\"},\"thumbnailUrl\":\"https:\\\/\\\/iwell-guard.com\\\/wp-content\\\/uploads\\\/2026\\\/04\\\/goetter_aegypten_amun-1.webp\",\"inLanguage\":\"is\",\"description\":\"Sk\u00f6punargu\u00f0, konungur gu\u00f0anna, Amun-Ra samruni. Karnak-hofi\u00f0, \u00deeba, v\u00e9fr\u00e9ttir \u00ed Egyptalandi til forna.\"}]}<\/script>\n<!-- \/ Yoast SEO Premium plugin. -->","yoast_head_json":{"title":"Amun \u2013 Egypskur sk\u00f6punargu\u00f0 og konungur gu\u00f0anna","description":"Sk\u00f6punargu\u00f0, konungur gu\u00f0anna, Amun-Ra samruni. Karnak-hofi\u00f0, \u00deeba, v\u00e9fr\u00e9ttir \u00ed Egyptalandi til forna.","robots":{"index":"index","follow":"follow","max-snippet":"max-snippet:-1","max-image-preview":"max-image-preview:large","max-video-preview":"max-video-preview:-1"},"canonical":"https:\/\/iwell-guard.com\/is\/amun\/","og_locale":"is_IS","og_type":"article","og_title":"Amun","og_description":"Sk\u00f6punargu\u00f0, konungur gu\u00f0anna, Amun-Ra samruni. Karnak-hofi\u00f0, \u00deeba, v\u00e9fr\u00e9ttir \u00ed Egyptalandi til forna.","og_url":"https:\/\/iwell-guard.com\/is\/amun\/","og_site_name":"iWell Guard","article_modified_time":"2026-09-05T14:19:40+00:00","og_image":[{"width":1024,"height":1536,"url":"https:\/\/iwell-guard.com\/wp-content\/uploads\/2026\/04\/goetter_aegypten_amun-1.webp","type":"image\/webp"}],"twitter_card":"summary_large_image","schema":{"@context":"https:\/\/schema.org","@graph":[{"@type":"Article","@id":"https:\/\/iwell-guard.com\/is\/amun\/#article","isPartOf":{"@id":"https:\/\/iwell-guard.com\/is\/amun\/"},"author":{"name":"Ralf Ittermann","@id":"https:\/\/iwell-guard.com\/is\/#\/schema\/person\/ee2a27f1cac3406c7c6fb5820cb7349f"},"headline":"Amun","datePublished":"2026-09-05T14:03:04+00:00","dateModified":"2026-09-05T14:19:40+00:00","mainEntityOfPage":{"@id":"https:\/\/iwell-guard.com\/is\/amun\/"},"publisher":{"@id":"https:\/\/iwell-guard.com\/is\/#organization"},"image":{"@id":"https:\/\/iwell-guard.com\/is\/amun\/#primaryimage"},"thumbnailUrl":"https:\/\/iwell-guard.com\/wp-content\/uploads\/2026\/04\/goetter_aegypten_amun-1.webp","inLanguage":"is","description":"Sk\u00f6punargu\u00f0, konungur gu\u00f0anna, Amun-Ra samruni. Karnak-hofi\u00f0, \u00deeba, v\u00e9fr\u00e9ttir \u00ed Egyptalandi til forna."},{"@type":"WebPage","@id":"https:\/\/iwell-guard.com\/is\/amun\/","url":"https:\/\/iwell-guard.com\/is\/amun\/","name":"Amun \u2013 Egypskur sk\u00f6punargu\u00f0 og konungur gu\u00f0anna","isPartOf":{"@id":"https:\/\/iwell-guard.com\/is\/#website"},"primaryImageOfPage":{"@id":"https:\/\/iwell-guard.com\/is\/amun\/#primaryimage"},"image":{"@id":"https:\/\/iwell-guard.com\/is\/amun\/#primaryimage"},"thumbnailUrl":"https:\/\/iwell-guard.com\/wp-content\/uploads\/2026\/04\/goetter_aegypten_amun-1.webp","datePublished":"2026-09-05T14:03:04+00:00","dateModified":"2026-09-05T14:19:40+00:00","description":"Sk\u00f6punargu\u00f0, konungur gu\u00f0anna, Amun-Ra samruni. Karnak-hofi\u00f0, \u00deeba, v\u00e9fr\u00e9ttir \u00ed Egyptalandi til forna.","breadcrumb":{"@id":"https:\/\/iwell-guard.com\/is\/amun\/#breadcrumb"},"inLanguage":"is","potentialAction":[{"@type":"ReadAction","target":["https:\/\/iwell-guard.com\/is\/amun\/"]}]},{"@type":"ImageObject","inLanguage":"is","@id":"https:\/\/iwell-guard.com\/is\/amun\/#primaryimage","url":"https:\/\/iwell-guard.com\/wp-content\/uploads\/2026\/04\/goetter_aegypten_amun-1.webp","contentUrl":"https:\/\/iwell-guard.com\/wp-content\/uploads\/2026\/04\/goetter_aegypten_amun-1.webp","width":1024,"height":1536,"caption":"Gu\u00f0ir \u00far egypskri hef\u00f0."},{"@type":"BreadcrumbList","@id":"https:\/\/iwell-guard.com\/is\/amun\/#breadcrumb","itemListElement":[{"@type":"ListItem","position":1,"name":"Start","item":"https:\/\/iwell-guard.com\/is\/?page_id=168580"},{"@type":"ListItem","position":2,"name":"Amun"}]},{"@type":"WebSite","@id":"https:\/\/iwell-guard.com\/is\/#website","url":"https:\/\/iwell-guard.com\/is\/","name":"iWell Guard","description":"Schutz vor dunklen Einfl\u00fcssen","publisher":{"@id":"https:\/\/iwell-guard.com\/is\/#organization"},"potentialAction":[{"@type":"SearchAction","target":{"@type":"EntryPoint","urlTemplate":"https:\/\/iwell-guard.com\/is\/?s={search_term_string}"},"query-input":{"@type":"PropertyValueSpecification","valueRequired":true,"valueName":"search_term_string"}}],"inLanguage":"is"},{"@type":"Organization","@id":"https:\/\/iwell-guard.com\/is\/#organization","name":"Ittermann electronic GmbH","url":"https:\/\/iwell-guard.com\/is\/","logo":{"@type":"ImageObject","inLanguage":"is","@id":"https:\/\/iwell-guard.com\/is\/#\/schema\/logo\/image\/","url":"https:\/\/iwell-guard.com\/wp-content\/uploads\/2026\/05\/Ittermann-Logo-1182x237-1.png","contentUrl":"https:\/\/iwell-guard.com\/wp-content\/uploads\/2026\/05\/Ittermann-Logo-1182x237-1.png","width":1182,"height":237,"caption":"Ittermann electronic GmbH"},"image":{"@id":"https:\/\/iwell-guard.com\/is\/#\/schema\/logo\/image\/"},"sameAs":["https:\/\/pantip.com\/profile\/9367242","https:\/\/micro.blog\/iwellguard","https:\/\/www.diggerslist.com\/iwellguard\/about","https:\/\/skitterphoto.com\/photographers\/2870314\/iwell-guard","https:\/\/iwellguard.wordpress.com\/2026\/06\/06\/iwell-guard\/","https:\/\/hub.docker.com\/u\/iwellguard","https:\/\/www.pinterest.com\/iwellguard\/","https:\/\/bit.ly\/m\/iwellguard","https:\/\/entre-vos-mains.alsace.eu\/profiles\/iwellguard\/activity","https:\/\/gravatar.com\/reallybeded8fd34","https:\/\/naijamatta.com\/iwellguard","https:\/\/www.goodreads.com\/iwellguard","https:\/\/profile.hatena.ne.jp\/iwellguard\/","https:\/\/experiment.com\/users\/iwellguard","https:\/\/wakelet.com\/@iWellGuard82270","https:\/\/www.chordie.com\/forum\/profile.php?id=2555664","https:\/\/www.instapaper.com\/p\/17757966","https:\/\/www.mapleprimes.com\/users\/iwellguard","https:\/\/businesslistingplus.com\/profile\/iwell-guard\/","https:\/\/telegra.ph\/iWell-Guard-06-06","https:\/\/pbase.com\/iwellguard\/iwellguard","https:\/\/b.hatena.ne.jp\/iwellguard\/20260607#bookmark-4788405196491818882","https:\/\/fliphtml5.com\/home\/iwellguard","https:\/\/anyflip.com\/homepage\/cmiwl#About","https:\/\/transfur.com\/Users\/iwellguard","http:\/\/delphi.larsbo.org\/user\/iwellguard","https:\/\/jobs.lajobsportal.org\/profiles\/8380803-iwell-guard","https:\/\/md.chaosdorf.de\/s\/jfbe5SBdJD","https:\/\/www.lingvolive.com\/en-us\/profile\/9ecaeaca-ce11-4e51-9e71-01d55e2bff36\/translations","https:\/\/www.fitday.com\/fitness\/forums\/members\/iwellguard.html","https:\/\/www.mymeetbook.com\/iwellguard","https:\/\/pxhere.com\/en\/photographer-me\/5040798","https:\/\/disqus.com\/by\/iwellguard\/about\/","https:\/\/pastelink.net\/hjwciqwq","https:\/\/pubhtml5.com\/homepage\/scjhn\/","https:\/\/www.bitchute.com\/channel\/2O2eOKzNqujT","https:\/\/audiomack.com\/iwellguard"]},{"@type":"Person","@id":"https:\/\/iwell-guard.com\/is\/#\/schema\/person\/ee2a27f1cac3406c7c6fb5820cb7349f","name":"Ralf Ittermann","image":{"@type":"ImageObject","inLanguage":"is","@id":"https:\/\/secure.gravatar.com\/avatar\/073c0153e350a5005b68eb752b445fea71f6b24a26da9449ad7e155e6b446c9d?s=96&d=mm&r=g","url":"https:\/\/secure.gravatar.com\/avatar\/073c0153e350a5005b68eb752b445fea71f6b24a26da9449ad7e155e6b446c9d?s=96&d=mm&r=g","contentUrl":"https:\/\/secure.gravatar.com\/avatar\/073c0153e350a5005b68eb752b445fea71f6b24a26da9449ad7e155e6b446c9d?s=96&d=mm&r=g","caption":"Ralf Ittermann"},"givenName":"Ralf","familyName":"Ittermann","jobTitle":"Gesch\u00e4ftsf\u00fchrer und redaktioneller Verantwortlicher","url":"https:\/\/iwell-guard.com\/is\/author\/claude\/","description":"Ralf Ittermann ist Gesch\u00e4ftsf\u00fchrer der Ittermann electronic GmbH und redaktioneller Verantwortlicher des iWell-Guard-Lexikons. Er verbindet langj\u00e4hrige Erfahrung in der Pr\u00e4zisionsfertigung mit medialer Praxis und religionsgeschichtlicher Quellenarbeit.","worksFor":{"@type":"Organization","name":"Ittermann electronic GmbH","url":"https:\/\/ittermann.de\/","address":{"@type":"PostalAddress","streetAddress":"K\u00f6hlergasse 16-18","postalCode":"99842","addressLocality":"Ruhla","addressCountry":"DE"}},"knowsAbout":["Religionsgeschichte","Mythologie","Mediale Praxis","Energetische Diagnostik","Schutzpraxis","Volksglauben","Westliche Esoterik"]},{"@type":"Article","@id":"https:\/\/iwell-guard.com\/is\/amun\/#article","isPartOf":{"@id":"https:\/\/iwell-guard.com\/is\/amun\/"},"author":{"name":"Ralf Ittermann","@id":"https:\/\/iwell-guard.com\/is\/#\/schema\/person\/ee2a27f1cac3406c7c6fb5820cb7349f"},"headline":"Amun","datePublished":"2026-09-05T14:03:04+00:00","dateModified":"2026-09-05T14:19:40+00:00","mainEntityOfPage":{"@id":"https:\/\/iwell-guard.com\/is\/amun\/"},"publisher":{"@id":"https:\/\/iwell-guard.com\/is\/#organization"},"image":{"@id":"https:\/\/iwell-guard.com\/is\/amun\/#primaryimage"},"thumbnailUrl":"https:\/\/iwell-guard.com\/wp-content\/uploads\/2026\/04\/goetter_aegypten_amun-1.webp","inLanguage":"is","description":"Sk\u00f6punargu\u00f0, konungur gu\u00f0anna, Amun-Ra samruni. Karnak-hofi\u00f0, \u00deeba, v\u00e9fr\u00e9ttir \u00ed Egyptalandi til forna."}]}},"_links":{"self":[{"href":"https:\/\/iwell-guard.com\/is\/wp-json\/wp\/v2\/pages\/168798","targetHints":{"allow":["GET"]}}],"collection":[{"href":"https:\/\/iwell-guard.com\/is\/wp-json\/wp\/v2\/pages"}],"about":[{"href":"https:\/\/iwell-guard.com\/is\/wp-json\/wp\/v2\/types\/page"}],"author":[{"embeddable":true,"href":"https:\/\/iwell-guard.com\/is\/wp-json\/wp\/v2\/users\/3"}],"replies":[{"embeddable":true,"href":"https:\/\/iwell-guard.com\/is\/wp-json\/wp\/v2\/comments?post=168798"}],"version-history":[{"count":0,"href":"https:\/\/iwell-guard.com\/is\/wp-json\/wp\/v2\/pages\/168798\/revisions"}],"wp:featuredmedia":[{"embeddable":true,"href":"https:\/\/iwell-guard.com\/is\/wp-json\/wp\/v2\/media\/1539"}],"wp:attachment":[{"href":"https:\/\/iwell-guard.com\/is\/wp-json\/wp\/v2\/media?parent=168798"}],"wp:term":[{"taxonomy":"category","embeddable":true,"href":"https:\/\/iwell-guard.com\/is\/wp-json\/wp\/v2\/categories?post=168798"}],"curies":[{"name":"wp","href":"https:\/\/api.w.org\/{rel}","templated":true}]}}