{"id":168790,"date":"2026-09-05T14:03:00","date_gmt":"2026-09-05T14:03:00","guid":{"rendered":"https:\/\/iwell-guard.com\/?page_id=168790"},"modified":"2026-09-05T14:19:30","modified_gmt":"2026-09-05T14:19:30","slug":"ate","status":"publish","type":"page","link":"https:\/\/iwell-guard.com\/is\/ate\/","title":{"rendered":"Ate"},"content":{"rendered":"\t\t<div data-elementor-type=\"wp-page\" data-elementor-id=\"168790\" class=\"elementor elementor-168790 elementor-2043 elementor-bc-flex-widget\" data-elementor-post-type=\"page\">\n\t\t\t\t<div class=\"elementor-element elementor-element-10fdade e-flex e-con-boxed e-con e-parent\" data-id=\"10fdade\" data-element_type=\"container\" data-e-type=\"container\" data-settings=\"{&quot;background_background&quot;:&quot;classic&quot;}\">\n\t\t\t\t\t<div class=\"e-con-inner\">\n\t\t<div class=\"elementor-element elementor-element-herohlft0 e-flex e-con-boxed e-con e-child\" data-id=\"herohlft0\" data-element_type=\"container\" data-e-type=\"container\">\n\t\t\t\t\t<div class=\"e-con-inner\">\n\t\t<div class=\"elementor-element elementor-element-c3ceb64 e-con-full e-flex e-con e-child\" data-id=\"c3ceb64\" data-element_type=\"container\" data-e-type=\"container\">\n\t\t\t\t<div class=\"elementor-element elementor-element-96ae5e1 elementor-widget elementor-widget-heading\" data-id=\"96ae5e1\" data-element_type=\"widget\" data-e-type=\"widget\" data-widget_type=\"heading.default\">\n\t\t\t\t\t<h1 class=\"elementor-heading-title elementor-size-default\">Ate, gy\u00f0ja \u00far gr\u00edskri hef\u00f0<\/h1>\t\t\t\t<\/div>\n\t\t\t\t<div class=\"elementor-element elementor-element-e45238a elementor-widget elementor-widget-text-editor\" data-id=\"e45238a\" data-element_type=\"widget\" data-e-type=\"widget\" data-widget_type=\"text-editor.default\">\n\t\t\t\t\t\t\t\t\t<p><strong>Gy\u00f0ja blekkingar, \u00f3g\u00e6fu og afdrifar\u00edkra \u00e1kvar\u00f0ana.<\/strong> Ate er d\u00f6kkt \u00f6fl \u00ed gr\u00edskri <span class=\"iwg-fachbegriff\" data-tooltip=\"Heild go\u00f0sagna sem var\u00f0veist hafa innan tiltekinnar menningar.\" tabindex=\"0\">go\u00f0afr\u00e6\u00f0i<\/span>, ekki illt \u00ed sj\u00e1lfu s\u00e9r, heldur ska\u00f0v\u00e6nlegt.<\/p><p>H\u00fan sendir vitfirringu og rangan d\u00f3m inn \u00ed hj\u00f6rtu hetja og konunga. Skref hennar eru l\u00e9tt, \u00e1hrif hennar svikul. H\u00fan gengur um j\u00f6r\u00f0ina og lei\u00f0ir menn \u00ed \u00f3g\u00f6ngur me\u00f0 \u00fev\u00ed a\u00f0 myrkva d\u00f3mgreind \u00feeirra.<\/p>\t\t\t\t\t\t\t\t<\/div>\n\t\t\t\t<\/div>\n\t\t<div class=\"elementor-element elementor-element-klsbdg01 e-con-full e-flex e-con e-parent\" data-id=\"klsbdg01\" data-element_type=\"container\" data-e-type=\"container\">\n\t\t\t\t<div class=\"elementor-element elementor-element-klshtm01 elementor-widget elementor-widget-html\" data-id=\"klshtm01\" data-element_type=\"widget\" data-e-type=\"widget\" data-widget_type=\"html.default\">\n\t\t\t\t\t<div class=\"iwg-pill-row\"><span class=\"iwg-klasse-badge\" tabindex=\"0\" data-tooltip=\"Gu\u00f0\/gy\u00f0ja: Pers\u00f3nuger\u00f0ur h\u00e6sti m\u00e1ttur \u00ed go\u00f0aveldi tiltekinnar menningar, me\u00f0 sk\u00fdrar valdsvi\u00f0, n\u00e1tt\u00faru\u00f6fl, \u00f6rl\u00f6g, str\u00ed\u00f0, frj\u00f3semi. D\u00fdrka\u00f0 me\u00f0 helgisi\u00f0um, f\u00f3rnum og hofstofnunum.\">Gy\u00f0ja<\/span><a href=\"https:\/\/iwell-guard.com\/is\/?page_id=168594\" class=\"iwg-kultur-badge\" tabindex=\"0\" data-tooltip=\"Tr\u00fa og go\u00f0afr\u00e6\u00f0i hins forna Grikklands fr\u00e1 m\u00fdkenskum t\u00edma til s\u00ed\u00f0fornaldar.\">Grikkland<\/a><\/div>\t\t\t\t<\/div>\n\t\t\t\t<\/div>\n\t\t<div class=\"elementor-element elementor-element-3f74855 e-con-full e-flex e-con e-child\" data-id=\"3f74855\" data-element_type=\"container\" data-e-type=\"container\">\n\t\t\t\t<div class=\"elementor-element elementor-element-1c30362 elementor-toc--minimized-on-tablet elementor-widget elementor-widget-table-of-contents\" data-id=\"1c30362\" data-element_type=\"widget\" data-e-type=\"widget\" data-settings=\"{&quot;exclude_headings_by_selector&quot;:[],&quot;no_headings_message&quot;:&quot;Engar undirfyrirsagnir fundust \\u00e1 \\u00feessari s\\u00ed\\u00f0u.&quot;,&quot;headings_by_tags&quot;:[&quot;h2&quot;,&quot;h3&quot;],&quot;marker_view&quot;:&quot;bullets&quot;,&quot;minimize_box&quot;:&quot;yes&quot;,&quot;icon&quot;:{&quot;value&quot;:&quot;fas fa-circle&quot;,&quot;library&quot;:&quot;fa-solid&quot;,&quot;rendered_tag&quot;:&quot;&lt;svg class=\\&quot;e-font-icon-svg e-fas-circle\\&quot; viewBox=\\&quot;0 0 512 512\\&quot; xmlns=\\&quot;http:\\\/\\\/www.w3.org\\\/2000\\\/svg\\&quot;&gt;&lt;path d=\\&quot;M256 8C119 8 8 119 8 256s111 248 248 248 248-111 248-248S393 8 256 8z\\&quot;&gt;&lt;\\\/path&gt;&lt;\\\/svg&gt;&quot;},&quot;minimized_on&quot;:&quot;tablet&quot;,&quot;hierarchical_view&quot;:&quot;yes&quot;,&quot;min_height&quot;:{&quot;unit&quot;:&quot;px&quot;,&quot;size&quot;:&quot;&quot;,&quot;sizes&quot;:[]},&quot;min_height_tablet&quot;:{&quot;unit&quot;:&quot;px&quot;,&quot;size&quot;:&quot;&quot;,&quot;sizes&quot;:[]},&quot;min_height_mobile&quot;:{&quot;unit&quot;:&quot;px&quot;,&quot;size&quot;:&quot;&quot;,&quot;sizes&quot;:[]}}\" data-widget_type=\"table-of-contents.default\">\n\t\t\t\t\t\t\t\t\t<div class=\"elementor-toc__header\">\n\t\t\t\t\t\t<h2 class=\"elementor-toc__header-title\">\n\t\t\t\tEfnisyfirlit\t\t\t<\/h2>\n\t\t\t\t\t\t\t\t\t\t<div class=\"elementor-toc__toggle-button elementor-toc__toggle-button--expand\" role=\"button\" tabindex=\"0\" aria-controls=\"elementor-toc__1c30362\" aria-expanded=\"true\" aria-label=\"Open table of contents\"><svg aria-hidden=\"true\" class=\"e-font-icon-svg e-fas-chevron-down\" viewBox=\"0 0 448 512\" xmlns=\"http:\/\/www.w3.org\/2000\/svg\"><path d=\"M207.029 381.476L12.686 187.132c-9.373-9.373-9.373-24.569 0-33.941l22.667-22.667c9.357-9.357 24.522-9.375 33.901-.04L224 284.505l154.745-154.021c9.379-9.335 24.544-9.317 33.901.04l22.667 22.667c9.373 9.373 9.373 24.569 0 33.941L240.971 381.476c-9.373 9.372-24.569 9.372-33.942 0z\"><\/path><\/svg><\/div>\n\t\t\t\t<div class=\"elementor-toc__toggle-button elementor-toc__toggle-button--collapse\" role=\"button\" tabindex=\"0\" aria-controls=\"elementor-toc__1c30362\" aria-expanded=\"true\" aria-label=\"Close table of contents\"><svg aria-hidden=\"true\" class=\"e-font-icon-svg e-fas-chevron-up\" viewBox=\"0 0 448 512\" xmlns=\"http:\/\/www.w3.org\/2000\/svg\"><path d=\"M240.971 130.524l194.343 194.343c9.373 9.373 9.373 24.569 0 33.941l-22.667 22.667c-9.357 9.357-24.522 9.375-33.901.04L224 227.495 69.255 381.516c-9.379 9.335-24.544 9.317-33.901-.04l-22.667-22.667c-9.373-9.373-9.373-24.569 0-33.941L207.03 130.525c9.372-9.373 24.568-9.373 33.941-.001z\"><\/path><\/svg><\/div>\n\t\t\t\t\t<\/div>\n\t\t\t\t<div id=\"elementor-toc__1c30362\" class=\"elementor-toc__body\">\n\t\t\t<div class=\"elementor-toc__spinner-container\">\n\t\t\t\t<svg class=\"elementor-toc__spinner eicon-animation-spin e-font-icon-svg e-eicon-loading\" aria-hidden=\"true\" viewBox=\"0 0 1000 1000\" xmlns=\"http:\/\/www.w3.org\/2000\/svg\"><path d=\"M500 975V858C696 858 858 696 858 500S696 142 500 142 142 304 142 500H25C25 237 238 25 500 25S975 237 975 500 763 975 500 975Z\"><\/path><\/svg>\t\t\t<\/div>\n\t\t<\/div>\n\t\t\t\t\t\t<\/div>\n\t\t\t\t<\/div>\n\t\t\t\t\t<\/div>\n\t\t\t\t<\/div>\n\t\t<div class=\"elementor-element elementor-element-herorght0 e-con-full e-flex e-con e-child\" data-id=\"herorght0\" data-element_type=\"container\" data-e-type=\"container\">\n\t\t\t\t<div class=\"elementor-element elementor-element-heroimg00 iwg-hero-image elementor-widget elementor-widget-image\" data-id=\"heroimg00\" data-element_type=\"widget\" data-e-type=\"widget\" data-widget_type=\"image.default\">\n\t\t\t\t\t\t\t\t\t\t\t\t\t\t\t<img fetchpriority=\"high\" decoding=\"async\" width=\"683\" height=\"1024\" src=\"https:\/\/iwell-guard.com\/wp-content\/uploads\/2026\/04\/goetter_griechenland_ate-683x1024.webp\" class=\"attachment-large size-large wp-image-171121\" alt=\"Ate - gu\u00f0ir \u00far gr\u00edskri hef\u00f0, s\u00f6guleg myndskreyting\" srcset=\"https:\/\/iwell-guard.com\/wp-content\/uploads\/2026\/04\/goetter_griechenland_ate-683x1024.webp 683w, https:\/\/iwell-guard.com\/wp-content\/uploads\/2026\/04\/goetter_griechenland_ate-200x300.webp 200w, https:\/\/iwell-guard.com\/wp-content\/uploads\/2026\/04\/goetter_griechenland_ate-768x1152.webp 768w, https:\/\/iwell-guard.com\/wp-content\/uploads\/2026\/04\/goetter_griechenland_ate.webp 1024w\" sizes=\"(max-width: 683px) 100vw, 683px\" \/>\t\t\t\t\t\t\t\t\t\t\t\t\t\t\t<\/div>\n\t\t\t\t<\/div>\n\t\t\t\t\t<\/div>\n\t\t\t\t<\/div>\n\t\t<div class=\"elementor-element elementor-element-32917199 e-flex e-con-boxed e-con e-parent\" data-id=\"32917199\" data-element_type=\"container\" data-e-type=\"container\">\n\t\t\t\t\t<div class=\"e-con-inner\">\n\t\t<div class=\"elementor-element elementor-element-26e916cb e-flex e-con-boxed e-con e-child\" data-id=\"26e916cb\" data-element_type=\"container\" data-e-type=\"container\">\n\t\t\t\t\t<div class=\"e-con-inner\">\n\t\t<div class=\"elementor-element elementor-element-253a40d4 e-flex e-con-boxed e-con e-child\" data-id=\"253a40d4\" data-element_type=\"container\" data-e-type=\"container\">\n\t\t\t\t\t<div class=\"e-con-inner\">\n\t\t\t\t<div class=\"elementor-element elementor-element-1200c304 elementor-widget elementor-widget-heading\" data-id=\"1200c304\" data-element_type=\"widget\" data-e-type=\"widget\" data-widget_type=\"heading.default\">\n\t\t\t\t\t<h2 class=\"elementor-heading-title elementor-size-default\">Ate<\/h2>\t\t\t\t<\/div>\n\t\t\t\t<div class=\"elementor-element elementor-element-11758e7f elementor-widget elementor-widget-text-editor\" data-id=\"11758e7f\" data-element_type=\"widget\" data-e-type=\"widget\" data-widget_type=\"text-editor.default\">\n\t\t\t\t\t\t\t\t\t<div><p><strong>Ate \u00ed Il\u00edonskvi\u00f0u H\u00f3mers: Gy\u00f0ja blekkingar og gl\u00f6tunar<\/strong><\/p><p><em>Il\u00edonskvi\u00f0a<\/em> H\u00f3mers 9.502-512 hefur klass\u00edska l\u00fdsingu: Seifur greinir fr\u00e1 \u00fev\u00ed a\u00f0 Ate, gy\u00f0ja blekkingar og illra r\u00e1\u00f0a, hafi sviki\u00f0 hann sj\u00e1lfan og \u00fev\u00ed veri\u00f0 ger\u00f0 \u00fatl\u00e6g \u00far \u00d3lympsfjalli. Ate stendur fyrir vanm\u00e1tt til a\u00f0 sj\u00e1 aflei\u00f0ingar fyrir og fyrir freistingu rangra \u00e1kvar\u00f0ana.<\/p><p>\u00cd 19.85-138 er h\u00fan l\u00fdst n\u00e1nar, gy\u00f0ja sem hleypur l\u00e9tt yfir j\u00f6r\u00f0ina og ey\u00f0ir heilum \u00fej\u00f3\u00f0um me\u00f0 \u00fev\u00ed a\u00f0 smj\u00faga inn \u00ed skynjun dau\u00f0legra manna og blekkja \u00fe\u00e1.<\/p><p>Fyrir H\u00f3mer er \u00feessi gy\u00f0ja alheimslegt \u00f6fl. Hann fellir engan si\u00f0fer\u00f0ilegan d\u00f3m um hana, heldur tekur hana sem sta\u00f0reynd um mannlega hneig\u00f0 til mistaka. H\u00fan birtir hi\u00f0 trag\u00edska \u00f6rlagalega e\u00f0li villunnar, s\u00e9rstaklega \u00ed str\u00ed\u00f0i, \u00fear sem g\u00f6llu\u00f0 fyrirskipun kostar \u00fe\u00fasundir mannsl\u00edfa.<\/p><\/div>\t\t\t\t\t\t\t\t<\/div>\n\t\t\t\t\t<\/div>\n\t\t\t\t<\/div>\n\t\t<div class=\"elementor-element elementor-element-159dcf9a e-flex e-con-boxed e-con e-child\" data-id=\"159dcf9a\" data-element_type=\"container\" data-e-type=\"container\">\n\t\t\t\t\t<div class=\"e-con-inner\">\n\t\t\t\t<div class=\"elementor-element elementor-element-48cee66f elementor-widget elementor-widget-heading\" data-id=\"48cee66f\" data-element_type=\"widget\" data-e-type=\"widget\" data-widget_type=\"heading.default\">\n\t\t\t\t\t<h2 class=\"elementor-heading-title elementor-size-default\">Skyndil\u00fdsing: Ate<\/h2>\t\t\t\t<\/div>\n\t\t\t\t<div class=\"elementor-element elementor-element-3f50d82c elementor-widget elementor-widget-text-editor\" data-id=\"3f50d82c\" data-element_type=\"widget\" data-e-type=\"widget\" data-widget_type=\"text-editor.default\">\n\t\t\t\t\t\t\t\t\t<p><strong>Tegund:<\/strong> Pers\u00f3nugerving<br><strong>Hef\u00f0:<\/strong> Gr\u00edsk <span class=\"iwg-fachbegriff\" data-tooltip=\"Heild go\u00f0sagna sem var\u00f0veist hafa innan tiltekinnar menningar.\" tabindex=\"0\">go\u00f0afr\u00e6\u00f0i<\/span><br><strong>Flokkur:<\/strong> <span class=\"iwg-fachbegriff\" data-tooltip=\"Andleg vera sem eignu\u00f0 eru ska\u00f0leg e\u00f0a tv\u00edbent \u00e1hrif.\" tabindex=\"0\">Dj\u00f6full<\/span>\/Gy\u00f0ja<br><strong>Hlutverk:<\/strong> Blekking, villa, vitfirring<br><strong>Heimildir:<\/strong> Hes\u00edodos Gu\u00f0a\u00e6ttartal 230, 232, H\u00f3mer, Apoll\u00f3d\u00f3ros, Plat\u00f3n<br><strong>Verkunarsvi\u00f0:<\/strong> Skynsemi, d\u00f3mgreind, si\u00f0fer\u00f0ileg ringulrei\u00f0<br><strong>Megin\u00e1t\u00f6k:<\/strong> Gu\u00f0legur vilji gegn mannlegri skynsemi<\/p>\t\t\t\t\t\t\t\t<\/div>\n\t\t\t\t\t<\/div>\n\t\t\t\t<\/div>\n\t\t\t\t\t<\/div>\n\t\t\t\t<\/div>\n\t\t\t\t\t<\/div>\n\t\t\t\t<\/div>\n\t\t<div class=\"elementor-element elementor-element-18613602 e-flex e-con-boxed e-con e-parent\" data-id=\"18613602\" data-element_type=\"container\" data-e-type=\"container\">\n\t\t\t\t\t<div class=\"e-con-inner\">\n\t\t\t\t<div class=\"elementor-element elementor-element-262b8a9f elementor-widget elementor-widget-heading\" data-id=\"262b8a9f\" data-element_type=\"widget\" data-e-type=\"widget\" data-widget_type=\"heading.default\">\n\t\t\t\t\t<h2 class=\"elementor-heading-title elementor-size-default\">Samhengi<\/h2>\t\t\t\t<\/div>\n\t\t<div class=\"elementor-element elementor-element-46dcb7d e-con-full e-flex e-con e-child\" data-id=\"46dcb7d\" data-element_type=\"container\" data-e-type=\"container\">\n\t\t<div class=\"elementor-element elementor-element-61d3ab3 e-flex e-con-boxed e-con e-child\" data-id=\"61d3ab3\" data-element_type=\"container\" data-e-type=\"container\">\n\t\t\t\t\t<div class=\"e-con-inner\">\n\t\t\t\t<div class=\"elementor-element elementor-element-117c166 elementor-widget elementor-widget-heading\" data-id=\"117c166\" data-element_type=\"widget\" data-e-type=\"widget\" data-widget_type=\"heading.default\">\n\t\t\t\t\t<h3 class=\"elementor-heading-title elementor-size-default\">T\u00edmabil textanna<\/h3>\t\t\t\t<\/div>\n\t\t\t\t<div class=\"elementor-element elementor-element-73997a0 elementor-widget elementor-widget-text-editor\" data-id=\"73997a0\" data-element_type=\"widget\" data-e-type=\"widget\" data-widget_type=\"text-editor.default\">\n\t\t\t\t\t\t\t\t\t<p>Gu\u00f0a\u00e6ttartal Hes\u00edodosar fr\u00e1 um 700 f.Kr. er elsta heimildin (Ate d\u00f3ttir Seifs). Il\u00edonskvi\u00f0a H\u00f3mers IX, 500, 512 \u00fatv\u00edkkar l\u00fdsinguna. Gr\u00edsk harmleikjager\u00f0 \u00e1 5. \u00f6ld f.Kr. (S\u00f3f\u00f3kles, \u00c6sk\u00fdlos) notar Ate sem dramat\u00farg\u00edskt \u00f6fl. S\u00ed\u00f0ar: Plat\u00f3n, Pl\u00fatarkos, st\u00f3umenn (Ate sem innri myrkvun).<\/p>\t\t\t\t\t\t\t\t<\/div>\n\t\t\t\t\t<\/div>\n\t\t\t\t<\/div>\n\t\t<div class=\"elementor-element elementor-element-d47b156 e-flex e-con-boxed e-con e-child\" data-id=\"d47b156\" data-element_type=\"container\" data-e-type=\"container\">\n\t\t\t\t\t<div class=\"e-con-inner\">\n\t\t\t\t<div class=\"elementor-element elementor-element-ff38c2b elementor-widget elementor-widget-heading\" data-id=\"ff38c2b\" data-element_type=\"widget\" data-e-type=\"widget\" data-widget_type=\"heading.default\">\n\t\t\t\t\t<h3 class=\"elementor-heading-title elementor-size-default\">\u00datbrei\u00f0slusv\u00e6\u00f0i<\/h3>\t\t\t\t<\/div>\n\t\t\t\t<div class=\"elementor-element elementor-element-4e49fcc elementor-widget elementor-widget-text-editor\" data-id=\"4e49fcc\" data-element_type=\"widget\" data-e-type=\"widget\" data-widget_type=\"text-editor.default\">\n\t\t\t\t\t\t\t\t\t<p>Ate heyrir til hins almenna gr\u00edska go\u00f0sagnaarfs og er ekki bundin vi\u00f0 \u00e1kve\u00f0i\u00f0 helgista\u00f0i e\u00f0a landsv\u00e6\u00f0i. Hennar er einkum geti\u00f0 \u00ed ep\u00edsku og harmleikjask\u00e1ldskap, fr\u00e1 H\u00f3mer og Hes\u00edodosi til \u00c6sk\u00fdlosar, en textar \u00feeirra breiddust \u00fat um allt gr\u00edskum\u00e6landi Mi\u00f0jar\u00f0arhafssv\u00e6\u00f0i\u00f0. Enginn eigin \u00e1tr\u00fana\u00f0arsta\u00f0ur tengdur Ate er sta\u00f0festur, en \u00ed Il\u00edonsborg tengdi hef\u00f0in \u00fe\u00f3 \u00e1kve\u00f0na h\u00e6\u00f0 vi\u00f0 fall hennar \u00far \u00d3lympsfjalli.<\/p>\t\t\t\t\t\t\t\t<\/div>\n\t\t\t\t\t<\/div>\n\t\t\t\t<\/div>\n\t\t\t\t<\/div>\n\t\t<div class=\"elementor-element elementor-element-db03c39 e-con-full e-flex e-con e-child\" data-id=\"db03c39\" data-element_type=\"container\" data-e-type=\"container\">\n\t\t<div class=\"elementor-element elementor-element-229a87b e-flex e-con-boxed e-con e-child\" data-id=\"229a87b\" data-element_type=\"container\" data-e-type=\"container\">\n\t\t\t\t\t<div class=\"e-con-inner\">\n\t\t\t\t<div class=\"elementor-element elementor-element-1f471fc elementor-widget elementor-widget-heading\" data-id=\"1f471fc\" data-element_type=\"widget\" data-e-type=\"widget\" data-widget_type=\"heading.default\">\n\t\t\t\t\t<h3 class=\"elementor-heading-title elementor-size-default\">Heimildasta\u00f0a<\/h3>\t\t\t\t<\/div>\n\t\t\t\t<div class=\"elementor-element elementor-element-36b1201 elementor-widget elementor-widget-text-editor\" data-id=\"36b1201\" data-element_type=\"widget\" data-e-type=\"widget\" data-widget_type=\"text-editor.default\">\n\t\t\t\t\t\t\t\t\t<p><span data-nosnippet><strong>Frumheimildir:<\/strong><br><em>Hes\u00edodos, Gu\u00f0a\u00e6ttartal<\/em> 230, 232<br><em>H\u00f3mer, Il\u00edonskvi\u00f0a<\/em> IX, 500, 512<br><em>S\u00f3f\u00f3kles, Elektra<\/em> 621<br><em>\u00c6sk\u00fdlos, Agamemnon<\/em><br><strong>Fr\u00e6\u00f0irit:<\/strong> Burkert, Griechische Religion 1977; Bremmer, Greek Religion 1994; Pauly, Der kleine Pauly; Graf, Greek Mythology 1993<\/span><\/p>\t\t\t\t\t\t\t\t<\/div>\n\t\t\t\t\t<\/div>\n\t\t\t\t<\/div>\n\t\t\t\t<\/div>\n\t\t\t\t\t<\/div>\n\t\t\t\t<\/div>\n\t\t<div class=\"elementor-element elementor-element-3ae0637c e-flex e-con-boxed e-con e-parent\" data-id=\"3ae0637c\" data-element_type=\"container\" data-e-type=\"container\">\n\t\t\t\t\t<div class=\"e-con-inner\">\n\t\t\t\t<div class=\"elementor-element elementor-element-31d07739 elementor-widget elementor-widget-heading\" data-id=\"31d07739\" data-element_type=\"widget\" data-e-type=\"widget\" data-widget_type=\"heading.default\">\n\t\t\t\t\t<h2 class=\"elementor-heading-title elementor-size-default\">Nafn og afbrig\u00f0i<\/h2>\t\t\t\t<\/div>\n\t\t<div class=\"elementor-element elementor-element-b7642947 e-con-full e-flex e-con e-child\" data-id=\"b7642947\" data-element_type=\"container\" data-e-type=\"container\">\n\t\t\t\t<div class=\"elementor-element elementor-element-a086266 elementor-widget elementor-widget-text-editor\" data-id=\"a086266\" data-element_type=\"widget\" data-e-type=\"widget\" data-widget_type=\"text-editor.default\">\n\t\t\t\t\t\t\t\t\t<p>Ate er sjaldan s\u00fdnd myndr\u00e6nt, enda er kraftur hennar \u00f3s\u00fdnilegur. Henni er l\u00fdst sem fr\u00e1fleygri, oft me\u00f0 vitfirringu \u00ed augnar\u00e1\u00f0i, og stundum sem kvenkyns <span class=\"iwg-fachbegriff\" tabindex=\"0\" data-tooltip=\"\u00cd fornri gr\u00edsku er \u00feetta millivera milli gu\u00f0s og manns, oft skilin sem verndarandi e\u00f0a innri kraftur.\">daimon<\/span> me\u00f0 d\u00f6kkum bjarma. T\u00e1kn hennar eru rugl, rangt or\u00f0, \u00f6rlagar\u00edk \u00e1kv\u00f6r\u00f0un.<\/p><p>H\u00fan er stundum s\u00fdnd dregin upp til himins (samkv\u00e6mt H\u00f3mer), \u00fear sem Litai (b\u00e6nir um fyrirgefningu) hlaupa \u00e1 eftir henni til a\u00f0 b\u00e6ta ska\u00f0ann. N\u00e6rvera hennar birtist sem breyting \u00e1 andr\u00famslofti, myrkvun d\u00f3mgreindar.<\/p>\t\t\t\t\t\t\t\t<\/div>\n\t\t\t\t<\/div>\n\t\t\t\t\t<\/div>\n\t\t\t\t<\/div>\n\t\t<div class=\"elementor-element elementor-element-709a44a8 e-flex e-con-boxed e-con e-parent\" data-id=\"709a44a8\" data-element_type=\"container\" data-e-type=\"container\">\n\t\t\t\t\t<div class=\"e-con-inner\">\n\t\t\t\t<div class=\"elementor-element elementor-element-2f585873 elementor-widget elementor-widget-heading\" data-id=\"2f585873\" data-element_type=\"widget\" data-e-type=\"widget\" data-widget_type=\"heading.default\">\n\t\t\t\t\t<h2 class=\"elementor-heading-title elementor-size-default\">Einkenni<\/h2>\t\t\t\t<\/div>\n\t\t<div class=\"elementor-element elementor-element-70621c12 e-con-full e-flex e-con e-child\" data-id=\"70621c12\" data-element_type=\"container\" data-e-type=\"container\">\n\t\t\t\t<div class=\"elementor-element elementor-element-4296eb49 elementor-widget elementor-widget-text-editor\" data-id=\"4296eb49\" data-element_type=\"widget\" data-e-type=\"widget\" data-widget_type=\"text-editor.default\">\n\t\t\t\t\t\t\t\t\t<p>Ate er hr\u00e6\u00f0st og barist gegn, virk tilbei\u00f0sla \u00e1 henni er ekki til. Hennar er \u00e1kalla\u00f0 \u00ed b\u00e6num um vernd gegn blekkingu. H\u00fan er \u00f6fl sem \u00fearf a\u00f0 \u00feekkja, S\u00f3f\u00f3kles og a\u00f0rir harmleikjah\u00f6fundar eru meistarar \u00ed a\u00f0 s\u00fdna \u00e1hrif Ate \u00e1 hetjur.<\/p><p>H\u00fan sendir <em>at\u00ea<\/em> (blekkingu, heimsku), sem lei\u00f0ir til gl\u00f6tunar. \u00cd harmleiknum er h\u00fan oft hi\u00f0 dulda \u00f6fl \u00e1 bak vi\u00f0 fall hetju. Tilbei\u00f0sla hennar felst frekar \u00ed varnarath\u00f6fnum: <span class=\"iwg-fachbegriff\" data-tooltip=\"Gj\u00f6f til gu\u00f0s e\u00f0a gy\u00f0ju til a\u00f0 tj\u00e1 \u00feakkl\u00e6ti, b\u00f3n e\u00f0a tilbei\u00f0slu.\" tabindex=\"0\">F\u00f3rn<\/span> til a\u00f0 bl\u00ed\u00f0ka Litai, b\u00e6nir um sk\u00fdrleika.<\/p><p><strong>\u00datlit og t\u00e1knfr\u00e6\u00f0i<\/strong><\/p><p>Ate er oft s\u00fdnd sem blind e\u00f0a fr\u00e1fleyg gy\u00f0ja, sem hlj\u00f3p hratt yfir j\u00f6r\u00f0ina og \u00d3lympsfjall, \u00e1n afturkomu. H\u00f3mer l\u00fdsti henni me\u00f0 gullnu h\u00e1ri, sem sv\u00edkur og t\u00e6lir. H\u00fan bar stundum v\u00e6ngi til a\u00f0 undirstrika flj\u00fagandi e\u00f0li sitt.<\/p><p>\u00d3l\u00edkt pers\u00f3nuger\u00f0ri illkvittni var h\u00fan frekar hin s\u00fdnilega mynd mannlegrar blekkingar sj\u00e1lfrar. Eigindir hennar voru rugl, svik og myrkvun skynsemi. H\u00fan st\u00f3\u00f0 \u00ed n\u00e1nu sambandi vi\u00f0 Nemesis (hefnd), sem elti hana oft, hver sem t\u00e6ldist af Ate var\u00f0 a\u00f0 \u00feola refsingu Nemesis.<\/p><div><p><strong>Ate hj\u00e1 Hes\u00edodosi og t\u00falkun \u00c6sk\u00fdlosar<\/strong><\/p><p><em>Gu\u00f0a\u00e6ttartal<\/em> Hes\u00edodosar nefnir Ate (sem stundum er k\u00f6llu\u00f0 Eris) sem d\u00f3ttur N\u00e6tur e\u00f0a systur Aresar. H\u00fan er ekki pers\u00f3nuger\u00f0 af sama krafti og Ate Seifs hj\u00e1 H\u00f3mer, en \u00e1hrif hennar eru til sta\u00f0ar: h\u00fan s\u00e1ir sundrung og \u00f3g\u00e6fu.<\/p><p>\u00c6sk\u00fdlos notar Ate \u00ed harmleikjum s\u00ednum sem hvetjandi hugtak; <em>Agamemnon<\/em> er t.d. gagns\u00fdr\u00f0ur af Ate: konungurinn er blekktur af stolti (<em>hybris<\/em>), sem lei\u00f0ir til \u00feess a\u00f0 hann vanhelgar <span class=\"iwg-fachbegriff\" data-tooltip=\"Bygging sem er notu\u00f0 til a\u00f0 tilbi\u00f0ja eina e\u00f0a fleiri gu\u00f0ir.\" tabindex=\"0\">hof<\/span> og leggur b\u00f6lvun \u00e1 fj\u00f6lskyldu s\u00edna.<\/p><p>\u00c6sk\u00fdlos gerir Ate a\u00f0 tenginu milli sektar og refsingar, sem innri si\u00f0fer\u00f0ilega myrkvun frekar en \u00fatr\u00e6nan kraft. \u00deetta einkennir gr\u00edsku harmleikjager\u00f0ina \u00ed heild: Ate er ekki \u00f6rl\u00f6g \u00ed skilningi hreinnar \u00f3umfl\u00fdjanleikans. H\u00fan er frekar blekking sem undirb\u00fdr sekt og gerir gl\u00f6tun m\u00f6gulega.<\/p><\/div>\t\t\t\t\t\t\t\t<\/div>\n\t\t\t\t<\/div>\n\t\t\t\t\t<\/div>\n\t\t\t\t<\/div>\n\t\t<div class=\"elementor-element elementor-element-44e71476 e-flex e-con-boxed e-con e-parent\" data-id=\"44e71476\" data-element_type=\"container\" data-e-type=\"container\">\n\t\t\t\t\t<div class=\"e-con-inner\">\n\t\t\t\t<div class=\"elementor-element elementor-element-3c1fc3f0 elementor-widget elementor-widget-heading\" data-id=\"3c1fc3f0\" data-element_type=\"widget\" data-e-type=\"widget\" data-widget_type=\"heading.default\">\n\t\t\t\t\t<h2 class=\"elementor-heading-title elementor-size-default\">Skyndil\u00fdsing: Ate<\/h2>\t\t\t\t<\/div>\n\t\t<div class=\"elementor-element elementor-element-84f33b8e e-con-full e-flex e-con e-child\" data-id=\"84f33b8e\" data-element_type=\"container\" data-e-type=\"container\">\n\t\t\t\t<div class=\"elementor-element elementor-element-hqkdc67p elementor-widget elementor-widget-text-editor\" data-id=\"hqkdc67p\" data-element_type=\"widget\" data-e-type=\"widget\" data-widget_type=\"text-editor.default\">\n\t\t\t\t\t\t\t\t\t<p>Ate er \u00ed gr\u00edskri go\u00f0afr\u00e6\u00f0i pers\u00f3nugerving blekkingar, sem t\u00e6lir b\u00e6\u00f0i gu\u00f0i og menn til \u00f3hugsa\u00f0ra verka. H\u00f3mer segir hana d\u00f3ttur Seifs, en hj\u00e1 Hes\u00edodosi kemur h\u00fan fram sem d\u00f3ttir Eris, sundrungargy\u00f0junnar. Verkunarsvi\u00f0 hennar er s\u00fa stund \u00e1kvar\u00f0ana \u00feegar d\u00f3mgreind og yfirvegun brestur.<\/p>\t\t\t\t\t\t\t\t<\/div>\n\t\t\t\t<\/div>\n\t\t<div class=\"elementor-element elementor-element-pemmx7c5 e-con-full e-flex e-con e-child\" data-id=\"pemmx7c5\" data-element_type=\"container\" data-e-type=\"container\">\n\t\t<div class=\"elementor-element elementor-element-pemmx7c1 e-con-full e-flex e-con e-child\" data-id=\"pemmx7c1\" data-element_type=\"container\" data-e-type=\"container\">\n\t\t<div class=\"elementor-element elementor-element-qh9oavvu iwg-steckbrief-card e-flex e-con-boxed e-con e-child\" data-id=\"qh9oavvu\" data-element_type=\"container\" data-e-type=\"container\">\n\t\t\t\t\t<div class=\"e-con-inner\">\n\t\t\t\t<div class=\"elementor-element elementor-element-awzx8k2k elementor-widget elementor-widget-heading\" data-id=\"awzx8k2k\" data-element_type=\"widget\" data-e-type=\"widget\" data-widget_type=\"heading.default\">\n\t\t\t\t\t<div class=\"elementor-heading-title elementor-size-default\">Menningarsamhengi<\/div>\t\t\t\t<\/div>\n\t\t\t\t<div class=\"elementor-element elementor-element-x6rowhv0 elementor-widget elementor-widget-text-editor\" data-id=\"x6rowhv0\" data-element_type=\"widget\" data-e-type=\"widget\" data-widget_type=\"text-editor.default\">\n\t\t\t\t\t\t\t\t\t<p><strong>\u00c6ttfr\u00e6\u00f0i:<\/strong> D\u00f3ttir Seifs og \u00deemis (gy\u00f0ju reglu og laga). Andst\u00e6\u00f0a: reglan getur af s\u00e9r ringulrei\u00f0. Ate er sj\u00e1lfst\u00e6tt, kosm\u00edskt afl, eldra en me\u00f0vitu\u00f0 \u00e1kvar\u00f0anataka. H\u00fan hefur \u00e1hrif \u00e1 hugann \u00e1\u00f0ur en skilningur n\u00e6r a\u00f0 r\u00edkja.<\/p>\t\t\t\t\t\t\t\t<\/div>\n\t\t\t\t\t<\/div>\n\t\t\t\t<\/div>\n\t\t<div class=\"elementor-element elementor-element-8e3o4kxs iwg-steckbrief-card e-flex e-con-boxed e-con e-child\" data-id=\"8e3o4kxs\" data-element_type=\"container\" data-e-type=\"container\">\n\t\t\t\t\t<div class=\"e-con-inner\">\n\t\t\t\t<div class=\"elementor-element elementor-element-08rkdgov elementor-widget elementor-widget-heading\" data-id=\"08rkdgov\" data-element_type=\"widget\" data-e-type=\"widget\" data-widget_type=\"heading.default\">\n\t\t\t\t\t<div class=\"elementor-heading-title elementor-size-default\">Tengt vi\u00f0<\/div>\t\t\t\t<\/div>\n\t\t\t\t<div class=\"elementor-element elementor-element-uwjelx8s elementor-widget elementor-widget-text-editor\" data-id=\"uwjelx8s\" data-element_type=\"widget\" data-e-type=\"widget\" data-widget_type=\"text-editor.default\">\n\t\t\t\t\t\t\t\t\t<p><strong>Hlutverk:<\/strong> Ate veldur blekkingu (\u1f04\u03c4\u03b7), vitsmunalegri og si\u00f0fer\u00f0ilegri myrkvun. H\u00fan er \u00f3sj\u00e1lfr\u00e1\u00f0, kosm\u00edsk kraftur, ekki illur \u00ed virkum skilningi. H\u00fan hrj\u00e1ir fyrst og fremst konunga og valdhafa, en rangar \u00e1kvar\u00f0anir \u00feeirra kalla fram sameiginlegar h\u00f6rmungar. \u00cd harmleikjum birtist h\u00fan sem <span class=\"iwg-fachbegriff\" data-tooltip=\"Talform\u00fala sem er \u00e6tla\u00f0 a\u00f0 valda pers\u00f3nu e\u00f0a hlut \u00f3g\u00e6fu.\" tabindex=\"0\">b\u00f6lvun<\/span> sem gengur milli kynsl\u00f3\u00f0a.<\/p>\t\t\t\t\t\t\t\t<\/div>\n\t\t\t\t\t<\/div>\n\t\t\t\t<\/div>\n\t\t<div class=\"elementor-element elementor-element-jm2n74ec iwg-steckbrief-card e-flex e-con-boxed e-con e-child\" data-id=\"jm2n74ec\" data-element_type=\"container\" data-e-type=\"container\">\n\t\t\t\t\t<div class=\"e-con-inner\">\n\t\t\t\t<div class=\"elementor-element elementor-element-8vufse4c elementor-widget elementor-widget-heading\" data-id=\"8vufse4c\" data-element_type=\"widget\" data-e-type=\"widget\" data-widget_type=\"heading.default\">\n\t\t\t\t\t<div class=\"elementor-heading-title elementor-size-default\">Framsetning<\/div>\t\t\t\t<\/div>\n\t\t\t\t<div class=\"elementor-element elementor-element-mwb9u015 elementor-widget elementor-widget-text-editor\" data-id=\"mwb9u015\" data-element_type=\"widget\" data-e-type=\"widget\" data-widget_type=\"text-editor.default\">\n\t\t\t\t\t\t\t\t\t<p>Gr\u00edsk myndlist m\u00f3ta\u00f0i enga fasta mynd af Ate; h\u00fan er fyrst og fremst sk\u00e1ldskaparvera. H\u00f3mer l\u00fdsir henni l\u00e9tta \u00e1 f\u00e6ti: \u00ed sta\u00f0 \u00feess a\u00f0 snerta j\u00f6r\u00f0ina gengur h\u00fan yfir h\u00f6fu\u00f0 f\u00f3lks og ruglar skynsemi \u00feess. Il\u00edonskvi\u00f0a greinir einnig fr\u00e1 \u00fev\u00ed a\u00f0 Seifur hafi, eftir a\u00f0 h\u00fan blekkti hann vi\u00f0 f\u00e6\u00f0ingu Heraklesar, gripi\u00f0 hana \u00ed h\u00e1ri\u00f0 og varpa\u00f0 henni af \u00d3lympsfjalli ni\u00f0ur til jar\u00f0ar, og \u00fear hefur h\u00fan s\u00ed\u00f0an haft \u00e1hrif \u00e1 mennina.<\/p>\t\t\t\t\t\t\t\t<\/div>\n\t\t\t\t\t<\/div>\n\t\t\t\t<\/div>\n\t\t\t\t<\/div>\n\t\t<div class=\"elementor-element elementor-element-pemmx7c2 e-con-full e-flex e-con e-child\" data-id=\"pemmx7c2\" data-element_type=\"container\" data-e-type=\"container\">\n\t\t<div class=\"elementor-element elementor-element-37ss2yr6 iwg-steckbrief-card e-flex e-con-boxed e-con e-child\" data-id=\"37ss2yr6\" data-element_type=\"container\" data-e-type=\"container\">\n\t\t\t\t\t<div class=\"e-con-inner\">\n\t\t\t\t<div class=\"elementor-element elementor-element-3v0wp3wx elementor-widget elementor-widget-heading\" data-id=\"3v0wp3wx\" data-element_type=\"widget\" data-e-type=\"widget\" data-widget_type=\"heading.default\">\n\t\t\t\t\t<div class=\"elementor-heading-title elementor-size-default\">Hlutverk<\/div>\t\t\t\t<\/div>\n\t\t\t\t<div class=\"elementor-element elementor-element-w3247g2m elementor-widget elementor-widget-text-editor\" data-id=\"w3247g2m\" data-element_type=\"widget\" data-e-type=\"widget\" data-widget_type=\"text-editor.default\">\n\t\t\t\t\t\t\t\t\t<p><strong>\u00c1hrif \u00ed go\u00f0s\u00f6gnum:<\/strong> \u00cd Il\u00edonskvi\u00f0u H\u00f3mers blekkir Ate Seif svo a\u00f0 hann sver heitor\u00f0 sem hann \u00e1tti ekki a\u00f0 sverja, og af \u00fev\u00ed hl\u00fdst Tr\u00f3justr\u00ed\u00f0i\u00f0. \u00cd Agamemnon \u00c6sk\u00fdlosar er Ate Kl\u00fdt\u00e6mnestru og Agamemnons hluti af fj\u00f6lskyldu<span class=\"iwg-fachbegriff\" data-tooltip=\"Talform\u00fala sem er \u00e6tla\u00f0 a\u00f0 valda pers\u00f3nu e\u00f0a hlut \u00f3g\u00e6fu.\" tabindex=\"0\">b\u00f6lvun<\/span> Atreusarh\u00fasins. \u00d6nnur d\u00e6mi: Faeton (s\u00f3larhestarnir), Pen\u00feeus (Bakkynjur), Ajax (\u00e6\u00f0i). Svi\u00f0 hennar: str\u00ed\u00f0, bl\u00f3\u00f0s\u00fathellingar, sorg og h\u00f6rmungar.<\/p>\t\t\t\t\t\t\t\t<\/div>\n\t\t\t\t\t<\/div>\n\t\t\t\t<\/div>\n\t\t<div class=\"elementor-element elementor-element-0qpjal9w iwg-steckbrief-card e-flex e-con-boxed e-con e-child\" data-id=\"0qpjal9w\" data-element_type=\"container\" data-e-type=\"container\">\n\t\t\t\t\t<div class=\"e-con-inner\">\n\t\t\t\t<div class=\"elementor-element elementor-element-6ndoih0o elementor-widget elementor-widget-heading\" data-id=\"6ndoih0o\" data-element_type=\"widget\" data-e-type=\"widget\" data-widget_type=\"heading.default\">\n\t\t\t\t\t<div class=\"elementor-heading-title elementor-size-default\">Verndargripir<\/div>\t\t\t\t<\/div>\n\t\t\t\t<div class=\"elementor-element elementor-element-6684tyh9 elementor-widget elementor-widget-text-editor\" data-id=\"6684tyh9\" data-element_type=\"widget\" data-e-type=\"widget\" data-widget_type=\"text-editor.default\">\n\t\t\t\t\t\t\t\t\t<p>Sem verndarkraftar gegn Ate nefnir Il\u00edonskvi\u00f0a Lita\u00ed, pers\u00f3nuger\u00f0ar b\u00e6nir, d\u00e6tur Seifs, sem elta blekkinguna og milda aflei\u00f0ingar hennar. S\u00e1 sem hei\u00f0rar Lita\u00ed og bi\u00f0ur um fyrirgefningu getur, samkv\u00e6mt H\u00f3mer, takmarka\u00f0 \u00feann ska\u00f0a sem Ate veldur; s\u00e1 sem hafnar \u00feeim kallar yfir sig frekari \u00f3g\u00e6fu. Ekkert \u00e1\u00fereifanlegt verndargripur gegn Ate er var\u00f0veitt \u00ed fornum heimildum, verndin liggur \u00ed heg\u00f0uninni: yfirvegun, h\u00f3fsemi og t\u00edmanlegri i\u00f0run.<\/p>\t\t\t\t\t\t\t\t<\/div>\n\t\t\t\t\t<\/div>\n\t\t\t\t<\/div>\n\t\t<div class=\"elementor-element elementor-element-3lfi7x32 iwg-steckbrief-card e-flex e-con-boxed e-con e-child\" data-id=\"3lfi7x32\" data-element_type=\"container\" data-e-type=\"container\">\n\t\t\t\t\t<div class=\"e-con-inner\">\n\t\t\t\t<div class=\"elementor-element elementor-element-0kg99ga1 elementor-widget elementor-widget-heading\" data-id=\"0kg99ga1\" data-element_type=\"widget\" data-e-type=\"widget\" data-widget_type=\"heading.default\">\n\t\t\t\t\t<div class=\"elementor-heading-title elementor-size-default\">Samb\u00e6rilegt<\/div>\t\t\t\t<\/div>\n\t\t\t\t<div class=\"elementor-element elementor-element-n0fum6kp elementor-widget elementor-widget-text-editor\" data-id=\"n0fum6kp\" data-element_type=\"widget\" data-e-type=\"widget\" data-widget_type=\"text-editor.default\">\n\t\t\t\t\t\t\t\t\t<p><strong>Tengdar pers\u00f3nugervingar \u00ed \u00f6\u00f0rum menningarheimum:<\/strong> Gr\u00edska <em>Ate<\/em>, sem birtingarmynd blekkingar, hefur s\u00edna eigin st\u00f6\u00f0u \u00ed gr\u00edskri hugsun, en m\u00e1 bera saman vi\u00f0 hli\u00f0st\u00e6\u00f0 hugt\u00f6k \u00ed \u00f6\u00f0rum hef\u00f0um.<\/p><p>\u00cd Mes\u00f3p\u00f3tam\u00edu kemur akkad\u00edski <em>Namtar<\/em> fram sem pers\u00f3nuger\u00f0 \u00f3g\u00e6fa; \u00ed hebreskri hef\u00f0 kannast Or\u00f0skvi\u00f0irnir (<em>Mishlei<\/em>) vi\u00f0 hjartah\u00f6rku sem gu\u00f0lega refsingu (sbr. hjartah\u00f6rku Fara\u00f3s, 2. M\u00f3seb\u00f3k 7-14).<\/p><p>\u00cd r\u00f3mverskri \u00fatg\u00e1fu birtist <em>Discordia<\/em> sem systurhugtak pers\u00f3nugervinga n\u00e1l\u00e6gt Erin\u00fdjunum; <em>Furor<\/em> hj\u00e1 Virgli (<em>Eneasarkvi\u00f0u<\/em> I, 294) l\u00fdsir samb\u00e6rilegu blindu drifafli. \u00cd indverskri hugsun samsvarar <em>moha<\/em> (blekking, rugl) \u00feessum flokki sem eitt af \u00feremur r\u00f3tarb\u00f6li b\u00faddisma.<\/p><p>Mikilv\u00e6gt er \u00fe\u00f3 a\u00f0 Ate er langt meira en einf\u00f6ld pers\u00f3nugerving, h\u00fan er athafnandi m\u00e1ttur, og brottrekstur hennar af Seifi (Il. XIX, 91-133) markar go\u00f0sagnafr\u00e6\u00f0ilegan skil milli gu\u00f0legs svi\u00f0s og mannlegrar villu.<\/p>\t\t\t\t\t\t\t\t<\/div>\n\t\t\t\t\t<\/div>\n\t\t\t\t<\/div>\n\t\t\t\t<\/div>\n\t\t\t\t<\/div>\n\t\t\t\t\t<\/div>\n\t\t\t\t<\/div>\n\t\t<div class=\"elementor-element elementor-element-7533bc7a e-flex e-con-boxed e-con e-parent\" data-id=\"7533bc7a\" data-element_type=\"container\" data-e-type=\"container\">\n\t\t\t\t\t<div class=\"e-con-inner\">\n\t\t\t\t<div class=\"elementor-element elementor-element-2447d18d elementor-widget elementor-widget-heading\" data-id=\"2447d18d\" data-element_type=\"widget\" data-e-type=\"widget\" data-widget_type=\"heading.default\">\n\t\t\t\t\t<h2 class=\"elementor-heading-title elementor-size-default\">Varnir \u00ed daglegu l\u00edfi<\/h2>\t\t\t\t<\/div>\n\t\t<div class=\"elementor-element elementor-element-d5d0260c e-con-full e-flex e-con e-child\" data-id=\"d5d0260c\" data-element_type=\"container\" data-e-type=\"container\">\n\t\t\t\t<div class=\"elementor-element elementor-element-341be2ac elementor-widget elementor-widget-text-editor\" data-id=\"341be2ac\" data-element_type=\"widget\" data-e-type=\"widget\" data-widget_type=\"text-editor.default\">\n\t\t\t\t\t\t\t\t\t<p><strong>Athafnir og varnir<\/strong><\/p><p><span class=\"iwg-fachbegriff\" data-tooltip=\"T\u00edmabil gr\u00edskrar og r\u00f3mverskrar menningar, um 800 f.Kr. til 600 e.Kr.\" tabindex=\"0\">Forn\u00f6ld<\/span>: fyrst og fremst heimspekilegs og b\u00f3kmenntalegs e\u00f0lis. St\u00f3umenn m\u00e6ltu me\u00f0 sj\u00e1lfstj\u00f3rn og inns\u00e6i. \u00cd helgist\u00f6\u00f0um Metis voru framkv\u00e6mdar athafnir til a\u00f0 \u00f6\u00f0last gu\u00f0legt inns\u00e6i. <span class=\"iwg-fachbegriff\" data-tooltip=\"Gj\u00f6f til gu\u00f0s e\u00f0a gy\u00f0ju til a\u00f0 tj\u00e1 \u00feakkl\u00e6ti, b\u00e6n e\u00f0a lotningu.\" tabindex=\"0\">F\u00f3rnir<\/span> til Seifs og \u00deemis voru taldar veita vernd gegn fj\u00f6lskyldub\u00f6lvunum.<\/p><p><strong>\u00c1kv\u00f6r\u00f0unaror\u00f0 og \u00e1kallanir<\/strong><\/p><p>F\u00e1ar beinar \u00e1kallanir eru til, Ate er ekki sj\u00e1lfst\u00e6\u00f0 <span class=\"iwg-fachbegriff\" data-tooltip=\"Vera sem er d\u00fdrku\u00f0 sem gu\u00f0leg innan tr\u00faarbrag\u00f0a.\" tabindex=\"0\">gu\u00f0leg vera<\/span>. \u00cd harmleikjum: b\u00e6nir til A\u00feenu e\u00f0a Metis. St\u00f3\u00edskir heimspekingar kenndu innri <span class=\"iwg-fachbegriff\" data-tooltip=\"Tala\u00f0 ath\u00e6fi sem \u00e6tla\u00f0 er a\u00f0 kalla fram e\u00f0a binda m\u00e1tt.\" tabindex=\"0\">\u00e1kallan<\/span> me\u00f0 skynsemi og dyg\u00f0.<\/p><p><strong>Verndargripir og t\u00e1knmyndir<\/strong><\/p><p><span class=\"iwg-fachbegriff\" data-tooltip=\"Borinn hlutur sem talinn er veita verndandi, \u00f3g\u00e6fu afst\u00fdrandi m\u00e1tt.\" tabindex=\"0\">Verndargripur<\/span> me\u00f0 uglu (<span class=\"iwg-fachbegriff\" data-tooltip=\"Merki sem stendur fyrir hugmynd e\u00f0a merkingu.\" tabindex=\"0\">t\u00e1kn<\/span> A\u00feenu) var talinn veita vernd gegn blekkingu. \u03bb\u1fc6\u03b8\u03bf\u03bd-steinn \u00e1tti a\u00f0 hj\u00e1lpa til vi\u00f0 a\u00f0 varpa af s\u00e9r fyrri Ate. R\u00f3mversk heimili: vernd gegn misd\u00f3mgreind \u00ed fj\u00f6lskyldunni (Minervu-verndargripir).<\/p>\t\t\t\t\t\t\t\t<\/div>\n\t\t\t\t<\/div>\n\t\t\t\t\t<\/div>\n\t\t\t\t<\/div>\n\t\t<div class=\"elementor-element elementor-element-5a584676 e-flex e-con-boxed e-con e-parent\" data-id=\"5a584676\" data-element_type=\"container\" data-e-type=\"container\">\n\t\t\t\t\t<div class=\"e-con-inner\">\n\t\t\t\t<div class=\"elementor-element elementor-element-6d0757bf elementor-widget elementor-widget-heading\" data-id=\"6d0757bf\" data-element_type=\"widget\" data-e-type=\"widget\" data-widget_type=\"heading.default\">\n\t\t\t\t\t<h2 class=\"elementor-heading-title elementor-size-default\">Ate, hli\u00f0st\u00e6\u00f0ur \u00ed \u00f6\u00f0rum menningarheimum<\/h2>\t\t\t\t<\/div>\n\t\t<div class=\"elementor-element elementor-element-60563f68 e-con-full e-flex e-con e-child\" data-id=\"60563f68\" data-element_type=\"container\" data-e-type=\"container\">\n\t\t\t\t<div class=\"elementor-element elementor-element-5a93fdd6 elementor-widget elementor-widget-text-editor\" data-id=\"5a93fdd6\" data-element_type=\"widget\" data-e-type=\"widget\" data-widget_type=\"text-editor.default\">\n\t\t\t\t\t\t\t\t\t<p>Gu\u00f0ir og andar \u00f3g\u00e6fu og blekkingar finnast alls sta\u00f0ar: Erin\u00fdjar (Grikkland, hefnd), Hekata (rugl og vegam\u00f3t), Lilith (hebreska, t\u00e1l til rangra verka). Hlutverk Ate minnir \u00e1 sanskr\u00edt hugt\u00f6kin <em>avidya<\/em> (f\u00e1fr\u00e6\u00f0i) e\u00f0a <em>maya<\/em> (t\u00e1l).<\/p><p>H\u00fan deilir me\u00f0 Eris (deilum) og Nemesis (hefnd) hlutverki \u00feess a\u00f0 g\u00e6ta kosm\u00edsks jafnv\u00e6gis, \u00fear sem markmi\u00f0i\u00f0 er s\u00ed\u00f0ur a\u00f0 refsa en a\u00f0 hemja ofdirfsku (hybris). Munurinn \u00e1 Ate og \u00f6\u00f0rum \u00f3g\u00e6fu\u00f6flum er lagni hennar: h\u00fan myrkvar skynsemina, ekki skynsemina sj\u00e1lfa.<\/p><div><p><strong>Ate og kosm\u00edskt r\u00e9ttl\u00e6ti hj\u00e1 Evrip\u00eddesi og s\u00ed\u00f0ari h\u00f6fundum<\/strong><\/p><p>Evrip\u00eddes notar Ate sem hugtak til a\u00f0 d\u00fdpka kaldh\u00e6\u00f0ni mannlegs harmleiks. \u00cd <em>Bakkynjum<\/em> til d\u00e6mis er Pen\u00feeus, blinda\u00f0ur af Ate gagnvart sannleika D\u00ed\u00f3n\u00fdsosar, leiddur til gl\u00f6tunar. \u00deetta er ekki refsing fr\u00e1 utana\u00f0komandi gu\u00f0i. \u00deetta er aflei\u00f0ing af eigin vanh\u00e6fni hans til a\u00f0 sj\u00e1.<\/p><p>Platon og s\u00ed\u00f0ari heimspekingar felldu Ate inn \u00ed fr\u00e6\u00f0ilega si\u00f0fr\u00e6\u00f0i: h\u00fan er skortur \u00e1 <em>phronesis<\/em> (verklegri visku), \u00f3fullkomnum skilningi sem eitrar \u00e1kvar\u00f0anir.<\/p><p>\u00cd \u00feessum skilningi ver\u00f0ur Ate innra s\u00e1lfr\u00e6\u00f0ilegt \u00e1stand, ekki gy\u00f0ja, hugtak sem s\u00ed\u00f0ari s\u00e1lfr\u00e6\u00f0i h\u00e9lt \u00e1fram me\u00f0. Go\u00f0s\u00f6gulega er h\u00fan m\u00e1ttur sem taka \u00fearf alvarlega; gu\u00f0fr\u00e6\u00f0ilega er h\u00fan l\u00fdsing \u00e1 veikleika mannsins fyrir mist\u00f6kum.<\/p><\/div>\t\t\t\t\t\t\t\t<\/div>\n\t\t\t\t<\/div>\n\t\t\t\t\t<\/div>\n\t\t\t\t<\/div>\n\t\t<div class=\"elementor-element elementor-element-cp328a356 e-flex e-con-boxed e-con e-parent\" data-id=\"cp328a356\" data-element_type=\"container\" data-e-type=\"container\">\n\t\t\t\t\t<div class=\"e-con-inner\">\n\t\t\t\t<div class=\"elementor-element elementor-element-cp21dbe71 elementor-widget elementor-widget-heading\" data-id=\"cp21dbe71\" data-element_type=\"widget\" data-e-type=\"widget\" data-widget_type=\"heading.default\">\n\t\t\t\t\t<h2 class=\"elementor-heading-title elementor-size-default\">Ate hj\u00e1 H\u00f3mer og brottreksturinn af \u00d3lympsfjalli<\/h2>\t\t\t\t<\/div>\n\t\t<div class=\"elementor-element elementor-element-cp7b80bb5 e-con-full e-flex e-con e-child\" data-id=\"cp7b80bb5\" data-element_type=\"container\" data-e-type=\"container\">\n\t\t\t\t<div class=\"elementor-element elementor-element-cpff2e3a2 elementor-widget elementor-widget-text-editor\" data-id=\"cpff2e3a2\" data-element_type=\"widget\" data-e-type=\"widget\" data-widget_type=\"text-editor.default\">\n\t\t\t\t\t\t\t\t\t<p>Elstu \u00edtarlegu l\u00fdsingunni \u00e1 Ate er a\u00f0 finna \u00ed <em>Il\u00edonskvi\u00f0u<\/em>. \u00dear kemur h\u00fan fram sem virk pers\u00f3na, umfram hi\u00f0 \u00f3hlutbundna hugtak um blekkingu og villu.<\/p><p>\u00cd n\u00edtj\u00e1nda kvi\u00f0u\u00fe\u00e6tti segir Agamemnon, til a\u00f0 \u00fatsk\u00fdra deilu s\u00edna vi\u00f0 Akkilles, s\u00f6gu \u00fear sem Ate er \u00e1byrg fyrir blekkingu hans. Hann v\u00edsar s\u00f6kinni fr\u00e1 s\u00e9r: Seifur, \u00f6rl\u00f6gin og Ate, sem vandrar \u00ed myrkrinu, hafi rugla\u00f0 huga hans.<\/p><p>Fr\u00e6g er \u00ed \u00feessu samhengi sagan um fall Ate sj\u00e1lfrar.<\/p><p>H\u00f3mer segir a\u00f0 Seifur sj\u00e1lfur hafi eitt sinn veri\u00f0 blekktur af Ate, \u00ed tengslum vi\u00f0 f\u00e6\u00f0ingu Heraklesar, og a\u00f0 hann hafi \u00fe\u00e1 \u00ed rei\u00f0i gripi\u00f0 \u00ed h\u00e1r hennar og varpa\u00f0 henni fr\u00e1 \u00d3lympsfjalli ni\u00f0ur til mannheima, me\u00f0 \u00feeim ei\u00f0i a\u00f0 h\u00fan skyldi aldrei framar sn\u00faa til himins.<\/p><p>Fr\u00e1 \u00feeim t\u00edma, segir textinn, vandrar Ate yfir h\u00f6f\u00f0um mannanna og vinnur \u00f3g\u00e6fu me\u00f0al dau\u00f0legra.<\/p><p>\u00deessi fr\u00e1s\u00f6gn hefur mikla tr\u00faars\u00f6gulega \u00fe\u00fd\u00f0ingu, \u00fev\u00ed h\u00fan l\u00fdsir blekkingunni sem valdi sem gat yfirbuga\u00f0 Seif sj\u00e1lfan, en er n\u00fa varanlega \u00fatl\u00e6gt \u00ed heim mannanna. Ate er ekki lengur m\u00e1ttur \u00d3lympsfjalls, heldur jar\u00f0nesk pl\u00e1ga.<\/p><p>H\u00f3mer l\u00fdsir Ate sem f\u00f3tfr\u00e1a og l\u00e9tta \u00e1 f\u00e6ti, \u00fear sem h\u00fan snertir ekki j\u00f6r\u00f0ina heldur gengur yfir h\u00f6fu\u00f0 mannanna og veldur \u00feeim ska\u00f0a. \u00cd <em>Il\u00edonskvi\u00f0u<\/em> er henni stillt upp \u00e1 m\u00f3ti <em>Litai<\/em>, b\u00e6nunum e\u00f0a i\u00f0runarb\u00e6nunum, sem haltar og hrukka\u00f0ar h\u00f6kta \u00e1 eftir henni og reyna a\u00f0 b\u00e6ta fyrir tj\u00f3ni\u00f0 sem Ate hefur valdi\u00f0.<\/p><p>\u00deessi mynd tengir blekkinguna vi\u00f0 spurningar um sekt, i\u00f0run og yfirb\u00f3t, og gerir Ate a\u00f0 einni \u00e1hrifamestu alleg\u00f3r\u00edsku pers\u00f3nu h\u00f3mersku kvi\u00f0unnar.<\/p>\t\t\t\t\t\t\t\t<\/div>\n\t\t\t\t<\/div>\n\t\t\t\t\t<\/div>\n\t\t\t\t<\/div>\n\t\t<div class=\"elementor-element elementor-element-cp148fd64 e-flex e-con-boxed e-con e-parent\" data-id=\"cp148fd64\" data-element_type=\"container\" data-e-type=\"container\">\n\t\t\t\t\t<div class=\"e-con-inner\">\n\t\t\t\t<div class=\"elementor-element elementor-element-cpd5ff433 elementor-widget elementor-widget-heading\" data-id=\"cpd5ff433\" data-element_type=\"widget\" data-e-type=\"widget\" data-widget_type=\"heading.default\">\n\t\t\t\t\t<h2 class=\"elementor-heading-title elementor-size-default\">Ate \u00ed \u00e6ttart\u00f6lu Hes\u00ed\u00f3dosar yfir ska\u00f0leg \u00f6fl<\/h2>\t\t\t\t<\/div>\n\t\t<div class=\"elementor-element elementor-element-cpa1df825 e-con-full e-flex e-con e-child\" data-id=\"cpa1df825\" data-element_type=\"container\" data-e-type=\"container\">\n\t\t\t\t<div class=\"elementor-element elementor-element-cp536bd53 elementor-widget elementor-widget-text-editor\" data-id=\"cp536bd53\" data-element_type=\"widget\" data-e-type=\"widget\" data-widget_type=\"text-editor.default\">\n\t\t\t\t\t\t\t\t\t<p>A\u00f0ra t\u00falkun \u00e1 Ate m\u00e1 finna \u00ed <em>Gu\u00f0a\u00e6ttum<\/em> Hes\u00ed\u00f3dosar, hinu mikla riti um tilur\u00f0 gu\u00f0anna og heimsskipanina. Hes\u00ed\u00f3dos setur Ate \u00ed \u00e6ttart\u00f6lu sem gerir sk\u00fdrt hva\u00f0a svi\u00f0i hann telur hana tilheyra. \u00dear kemur Ate fram sem barn Eris, gy\u00f0ju deilna og \u00f3samlyndis.<\/p><p>\u00deessi uppruni er markmi\u00f0sbundinn. Eris f\u00e6\u00f0ir samkv\u00e6mt Hes\u00ed\u00f3dosi heilan h\u00f3p d\u00f6kkra afla, me\u00f0al annars m\u00e6\u00f0u, gleymsku, hungur, kvalir, bardaga, mor\u00f0verk, deilur, falskar r\u00e6\u00f0ur og a\u00f0 lokum Ate, blekkinguna, auk ei\u00f0sins sem straffar meins\u00e6rismenn.<\/p><p>Ate er \u00feannig hluti af \u00e6tt sem spannar allt svi\u00f0 f\u00e9lagslegrar \u00f3g\u00e6fu, fr\u00e1 \u00f3samlyndi yfir \u00ed lygi og allt til ofbeldis.<\/p><p>Me\u00f0 \u00fev\u00ed a\u00f0 gera Ate a\u00f0 d\u00f3ttur Eris gefur Hes\u00ed\u00f3dos t\u00falkun \u00e1 e\u00f0li hennar. Blekkingin er \u00fe\u00e1 ekki tilviljanakennt \u00f3happ, heldur sprettur af deilum. \u00dear sem \u00f3samlyndi r\u00edkir, \u00fear vex blekkingin, og af blekkingunni fylgja fleiri b\u00f6l. \u00deessi \u00e6ttartala er a\u00f0fer\u00f0 Hes\u00ed\u00f3dosar til a\u00f0 \u00fe\u00fd\u00f0a \u00f3hlutbundin tengsl yfir \u00ed fr\u00e6ndsemi.<\/p><p>Athyglisvert er a\u00f0 H\u00f3mer og Hes\u00ed\u00f3dos sta\u00f0setja Ate \u00e1 mismunandi h\u00e1tt. H\u00f3mer bindur hana vi\u00f0 Seif og \u00d3lympsfjall og segir fr\u00e1 falli hennar, Hes\u00ed\u00f3dos setur hana \u00ed \u00e6ttart\u00f6lu \u00feeirra pl\u00e1ga sem Eris f\u00e6\u00f0ir. Fr\u00e1sagnirnar tv\u00e6r stangast ekki grundvallarlega \u00e1, heldur varpa lj\u00f3si \u00e1 mismunandi hli\u00f0ar.<\/p><p>Blekkingin er m\u00e1ttur sem eitt sinn st\u00f3\u00f0 gu\u00f0unum n\u00e6rri, en tilheyrir a\u00f0 e\u00f0li s\u00ednu svi\u00f0i deilna og sj\u00e1lfsey\u00f0ingar mannanna. \u00deessi tv\u00ede\u00f0li einkennir <span class=\"iwg-fachbegriff\" data-tooltip=\"T\u00edmabil gr\u00edsku og r\u00f3mversku menningarheimanna, u.\u00fe.b. 800 f.Kr. til 600 e.Kr.\" tabindex=\"0\">fornaldar<\/span> skilningi \u00e1 Ate allt fram \u00ed s\u00ed\u00f0ari b\u00f3kmenntir.<\/p>\t\t\t\t\t\t\t\t<\/div>\n\t\t\t\t<\/div>\n\t\t\t\t\t<\/div>\n\t\t\t\t<\/div>\n\t\t<div class=\"elementor-element elementor-element-cp8177c43 e-flex e-con-boxed e-con e-parent\" data-id=\"cp8177c43\" data-element_type=\"container\" data-e-type=\"container\">\n\t\t\t\t\t<div class=\"e-con-inner\">\n\t\t\t\t<div class=\"elementor-element elementor-element-cp1fe23eb elementor-widget elementor-widget-heading\" data-id=\"cp1fe23eb\" data-element_type=\"widget\" data-e-type=\"widget\" data-widget_type=\"heading.default\">\n\t\t\t\t\t<h2 class=\"elementor-heading-title elementor-size-default\">Blekking, sekt og hegning \u00ed a\u00feenskum harmleikjum<\/h2>\t\t\t\t<\/div>\n\t\t<div class=\"elementor-element elementor-element-cp5a0c8fe e-con-full e-flex e-con e-child\" data-id=\"cp5a0c8fe\" data-element_type=\"container\" data-e-type=\"container\">\n\t\t\t\t<div class=\"elementor-element elementor-element-cp22ec60b elementor-widget elementor-widget-text-editor\" data-id=\"cp22ec60b\" data-element_type=\"widget\" data-e-type=\"widget\" data-widget_type=\"text-editor.default\">\n\t\t\t\t\t\t\t\t\t<p>\u00cd a\u00feenska harmleiknum \u00e1 fimmtu \u00f6ld fyrir t\u00edmatal okkar ver\u00f0ur Ate meginhugtak til a\u00f0 t\u00falka fall manna og heilla \u00e6tta. S\u00e9rstaklega hj\u00e1 \u00c6sk\u00fdlosi gengur hugmyndin um blekkinguna gegnum allt verk hans.<\/p><p>\u00cd <em>Oresteiu<\/em> og \u00ed \u00feebverkunum kemur Ate fram sem m\u00e1ttur sem gengur fr\u00e1 einni kynsl\u00f3\u00f0 til annarrar og dregur heilar fj\u00f6lskyldur ni\u00f0ur \u00ed hyld\u00fdpi\u00f0.<\/p><p>Einkennandi fyrir hinn harmleikslega skilning er n\u00e1in tenging Ate vi\u00f0 tv\u00f6 \u00f6nnur hugt\u00f6k, <em>hybris<\/em>, hi\u00f0 taumlausa ofdramb, og <em>nemesis<\/em> e\u00f0a <em>tisis<\/em>, hina jafnandi hegningu.<\/p><p>Harmleikurinn dregur oft upp ke\u00f0ju sem \u00ed upphafi er velgengni, sem lei\u00f0ir til sa\u00f0ningar, sa\u00f0ningin f\u00e6\u00f0ir ofdrambi\u00f0, ofdrambi\u00f0 dregur me\u00f0 s\u00e9r blekkinguna, og blekkingin lei\u00f0ir til hins \u00f6rlaga\u00ferungna verks og \u00fear me\u00f0 fallsins.<\/p><p>Ate er \u00ed \u00feessu ferli hlekkurinn sem \u00fe\u00fd\u00f0ir innra \u00e1stand mannsins yfir \u00ed hi\u00f0 ytra \u00f6rlagavald.<\/p><p>Mikilv\u00e6gt er \u00ed \u00fev\u00ed sambandi vandam\u00e1li\u00f0 um sekt. Blekkingin kemur utan fr\u00e1, h\u00fan er oft l\u00fdst sem send af <span class=\"iwg-fachbegriff\" data-tooltip=\"Vera sem tilbe\u00f0in er sem gu\u00f0leg innan tr\u00faarbrag\u00f0a.\" tabindex=\"0\">gu\u00f0legri veru<\/span>, og \u00fe\u00f3 er s\u00e1 blekkti sj\u00e1lfur gerandinn og ber aflei\u00f0ingarnar.<\/p><p>Harmleikurinn vi\u00f0heldur \u00feessari spennu af \u00e1setningi, ma\u00f0urinn er b\u00e6\u00f0i <span class=\"iwg-fachbegriff\" data-tooltip=\"Gj\u00f6f til gu\u00f0legrar veru til a\u00f0 tj\u00e1 \u00feakkl\u00e6ti, b\u00e6n e\u00f0a lotningu.\" tabindex=\"0\">f\u00f3rn<\/span> og gerandi \u00ed senn. Ate er hugtaki\u00f0 sem \u00feessi tv\u00f6falda s\u00fdn festist vi\u00f0.<\/p><p>Einnig hj\u00e1 S\u00f3f\u00f3klesi og Evrip\u00eddesi er blekkingin \u00e1fram lykil\u00feema, til d\u00e6mis \u00fear sem hetja hunsar vi\u00f0v\u00f6runarmerki og hleypur beint \u00ed ey\u00f0ileggingu s\u00edna.<\/p><p>Harmleikurinn hefur \u00feannig gert \u00far h\u00f3mersku pers\u00f3nunni dj\u00fapt hugtak um tilvist mannsins, sem klass\u00edskir fornfr\u00e6\u00f0ingar og tr\u00faarbrag\u00f0afr\u00e6\u00f0ingar, me\u00f0al annars \u00ed ranns\u00f3knum \u00e1 gr\u00edskum sektarskilningi, hafa rannsaka\u00f0 \u00edtarlega fram til \u00feessa dags.<\/p>\t\t\t\t\t\t\t\t<\/div>\n\t\t\t\t<\/div>\n\t\t\t\t\t<\/div>\n\t\t\t\t<\/div>\n\t\t<div class=\"elementor-element elementor-element-36dd7469 e-flex e-con-boxed e-con e-parent\" data-id=\"36dd7469\" data-element_type=\"container\" data-e-type=\"container\">\n\t\t\t\t\t<div class=\"e-con-inner\">\n\t\t\t\t<div class=\"elementor-element elementor-element-13760ab4 elementor-widget elementor-widget-heading\" data-id=\"13760ab4\" data-element_type=\"widget\" data-e-type=\"widget\" data-widget_type=\"heading.default\">\n\t\t\t\t\t<h2 class=\"elementor-heading-title elementor-size-default\">\u00cdtarefni og tenglar<\/h2>\t\t\t\t<\/div>\n\t\t<div class=\"elementor-element elementor-element-28c87796 e-con-full e-flex e-con e-child\" data-id=\"28c87796\" data-element_type=\"container\" data-e-type=\"container\">\n\t\t\t\t<div class=\"elementor-element elementor-element-5d6538df elementor-widget elementor-widget-text-editor\" data-id=\"5d6538df\" data-element_type=\"widget\" data-e-type=\"widget\" data-widget_type=\"text-editor.default\">\n\t\t\t\t\t\t\t\t\t<ul><li><a href=\"https:\/\/iwell-guard.com\/is\/?page_id=168788\">Hypnos, bo\u00f0beri gleymskunnar<\/a><\/li><li><a href=\"https:\/\/iwell-guard.com\/is\/?page_id=168600\">Erin\u00fdjur, hefnendur aflei\u00f0inga Ate<\/a><\/li><li><a href=\"https:\/\/iwell-guard.com\/is\/?page_id=168752\">Nyx, n\u00e6tur\u00adgy\u00f0ja, \u00ed myrkri hennar sem Ate starfar<\/a><\/li><\/ul>\t\t\t\t\t\t\t\t<\/div>\n\t\t\t\t<\/div>\n\t\t\t\t\t<\/div>\n\t\t\t\t<\/div>\n\t\t<div class=\"elementor-element elementor-element-grl4kl40 e-flex e-con-boxed e-con e-parent\" data-id=\"grl4kl40\" data-element_type=\"container\" data-e-type=\"container\">\n\t\t\t\t\t<div class=\"e-con-inner\">\n\t\t\t\t<div class=\"elementor-element elementor-element-bzsbfrmh elementor-widget elementor-widget-heading\" data-id=\"bzsbfrmh\" data-element_type=\"widget\" data-e-type=\"widget\" data-widget_type=\"heading.default\">\n\t\t\t\t\t<h2 class=\"elementor-heading-title elementor-size-default\">Heimildir (\u00farval)<\/h2>\t\t\t\t<\/div>\n\t\t<div class=\"elementor-element elementor-element-2c13224a e-con-full e-flex e-con e-child\" data-id=\"2c13224a\" data-element_type=\"container\" data-e-type=\"container\">\n\t\t\t\t<div class=\"elementor-element elementor-element-0eymh9ub elementor-widget elementor-widget-text-editor\" data-id=\"0eymh9ub\" data-element_type=\"widget\" data-e-type=\"widget\" data-widget_type=\"text-editor.default\">\n\t\t\t\t\t\t\t\t\t<footer class=\"iwg-literatur\" data-nosnippet=\"true\"><ul><li><span data-nosnippet>Burkert, Walter: Griechische Religion. Kohlhammer, 1977<\/span><\/li><li><span data-nosnippet>Bremmer, Jan N.: Greek Religion. Brill, 1994<\/span><\/li><li><span data-nosnippet>Dodds, E.R.: The Greeks and the Irrational. UC Press, 1951<\/span><\/li><li><span data-nosnippet>Graf, Fritz: Greek Mythology. Johns Hopkins, 1993<\/span><\/li><li><span data-nosnippet>Pauly, Wilhelm: Der kleine Pauly. Dtv, 1979<\/span><\/li><\/ul><\/footer>\t\t\t\t\t\t\t\t<\/div>\n\t\t\t\t<\/div>\n\t\t\t\t\t<\/div>\n\t\t\t\t<\/div>\n\t\t\t\t<\/div>\n\t\t","protected":false},"excerpt":{"rendered":"","protected":false},"author":3,"featured_media":1579,"parent":0,"menu_order":0,"comment_status":"closed","ping_status":"closed","template":"elementor_header_footer","meta":{"_yoast_wpseo_focuskw":"Ate","_yoast_wpseo_title":"Ate - Gy\u00f0ja blekkingar og \u00f3g\u00e6fu","_yoast_wpseo_metadesc":"Gy\u00f0ja blekkingar og \u00f3g\u00e6fu, d\u00f3ttir Eris. Rugl, afdrifar\u00edkar \u00e1kvar\u00f0anir og alheimslegt r\u00e9ttl\u00e6ti \u00ed Il\u00edonskvi\u00f0u.","_yoast_wpseo_meta-robots-noindex":"","_yoast_wpseo_canonical":"","_angie_page":false,"gefaehrdungsstufe":"3","wesen_kultur":"griechenland","wesen_klasse":"goetter","footnotes":""},"categories":[],"class_list":["post-168790","page","type-page","status-publish","has-post-thumbnail","hentry"],"yoast_head":"<!-- This site is optimized with the Yoast SEO Premium plugin v27.7 (Yoast SEO v28.3) - https:\/\/yoast.com\/product\/yoast-seo-premium-wordpress\/ -->\n<title>Ate - Gy\u00f0ja blekkingar og \u00f3g\u00e6fu<\/title>\n<meta name=\"description\" content=\"Gy\u00f0ja blekkingar og \u00f3g\u00e6fu, d\u00f3ttir Eris. Rugl, afdrifar\u00edkar \u00e1kvar\u00f0anir og alheimslegt r\u00e9ttl\u00e6ti \u00ed Il\u00edonskvi\u00f0u.\" \/>\n<meta name=\"robots\" content=\"index, follow, max-snippet:-1, max-image-preview:large, max-video-preview:-1\" \/>\n<link rel=\"canonical\" href=\"https:\/\/iwell-guard.com\/is\/ate\/\" \/>\n<meta property=\"og:locale\" content=\"is_IS\" \/>\n<meta property=\"og:type\" content=\"article\" \/>\n<meta property=\"og:title\" content=\"Ate\" \/>\n<meta property=\"og:description\" content=\"Gy\u00f0ja blekkingar og \u00f3g\u00e6fu, d\u00f3ttir Eris. Rugl, afdrifar\u00edkar \u00e1kvar\u00f0anir og alheimslegt r\u00e9ttl\u00e6ti \u00ed Il\u00edonskvi\u00f0u.\" \/>\n<meta property=\"og:url\" content=\"https:\/\/iwell-guard.com\/is\/ate\/\" \/>\n<meta property=\"og:site_name\" content=\"iWell Guard\" \/>\n<meta property=\"article:modified_time\" content=\"2026-09-05T14:19:30+00:00\" \/>\n<meta property=\"og:image\" content=\"https:\/\/iwell-guard.com\/wp-content\/uploads\/2026\/04\/goetter_griechenland_ate.webp\" \/>\n\t<meta property=\"og:image:width\" content=\"1024\" \/>\n\t<meta property=\"og:image:height\" content=\"1536\" \/>\n\t<meta property=\"og:image:type\" content=\"image\/webp\" \/>\n<meta name=\"twitter:card\" content=\"summary_large_image\" \/>\n<script type=\"application\/ld+json\" class=\"yoast-schema-graph\">{\"@context\":\"https:\\\/\\\/schema.org\",\"@graph\":[{\"@type\":\"WebPage\",\"@id\":\"https:\\\/\\\/iwell-guard.com\\\/is\\\/ate\\\/\",\"url\":\"https:\\\/\\\/iwell-guard.com\\\/is\\\/ate\\\/\",\"name\":\"Ate - Gy\u00f0ja blekkingar og \u00f3g\u00e6fu\",\"isPartOf\":{\"@id\":\"https:\\\/\\\/iwell-guard.com\\\/is\\\/#website\"},\"primaryImageOfPage\":{\"@id\":\"https:\\\/\\\/iwell-guard.com\\\/is\\\/ate\\\/#primaryimage\"},\"image\":{\"@id\":\"https:\\\/\\\/iwell-guard.com\\\/is\\\/ate\\\/#primaryimage\"},\"thumbnailUrl\":\"https:\\\/\\\/iwell-guard.com\\\/wp-content\\\/uploads\\\/2026\\\/04\\\/goetter_griechenland_ate.webp\",\"datePublished\":\"2026-09-05T14:03:00+00:00\",\"dateModified\":\"2026-09-05T14:19:30+00:00\",\"description\":\"Gy\u00f0ja blekkingar og \u00f3g\u00e6fu, d\u00f3ttir Eris. Rugl, afdrifar\u00edkar \u00e1kvar\u00f0anir og alheimslegt r\u00e9ttl\u00e6ti \u00ed Il\u00edonskvi\u00f0u.\",\"breadcrumb\":{\"@id\":\"https:\\\/\\\/iwell-guard.com\\\/is\\\/ate\\\/#breadcrumb\"},\"inLanguage\":\"is\",\"potentialAction\":[{\"@type\":\"ReadAction\",\"target\":[\"https:\\\/\\\/iwell-guard.com\\\/is\\\/ate\\\/\"]}]},{\"@type\":\"ImageObject\",\"inLanguage\":\"is\",\"@id\":\"https:\\\/\\\/iwell-guard.com\\\/is\\\/ate\\\/#primaryimage\",\"url\":\"https:\\\/\\\/iwell-guard.com\\\/wp-content\\\/uploads\\\/2026\\\/04\\\/goetter_griechenland_ate.webp\",\"contentUrl\":\"https:\\\/\\\/iwell-guard.com\\\/wp-content\\\/uploads\\\/2026\\\/04\\\/goetter_griechenland_ate.webp\",\"width\":1024,\"height\":1536,\"caption\":\"Gu\u00f0ir \u00far gr\u00edskri hef\u00f0.\"},{\"@type\":\"BreadcrumbList\",\"@id\":\"https:\\\/\\\/iwell-guard.com\\\/is\\\/ate\\\/#breadcrumb\",\"itemListElement\":[{\"@type\":\"ListItem\",\"position\":1,\"name\":\"Start\",\"item\":\"https:\\\/\\\/iwell-guard.com\\\/is\\\/?page_id=168580\"},{\"@type\":\"ListItem\",\"position\":2,\"name\":\"Ate\"}]},{\"@type\":\"WebSite\",\"@id\":\"https:\\\/\\\/iwell-guard.com\\\/is\\\/#website\",\"url\":\"https:\\\/\\\/iwell-guard.com\\\/is\\\/\",\"name\":\"iWell Guard\",\"description\":\"Schutz vor dunklen Einfl\u00fcssen\",\"publisher\":{\"@id\":\"https:\\\/\\\/iwell-guard.com\\\/is\\\/#organization\"},\"potentialAction\":[{\"@type\":\"SearchAction\",\"target\":{\"@type\":\"EntryPoint\",\"urlTemplate\":\"https:\\\/\\\/iwell-guard.com\\\/is\\\/?s={search_term_string}\"},\"query-input\":{\"@type\":\"PropertyValueSpecification\",\"valueRequired\":true,\"valueName\":\"search_term_string\"}}],\"inLanguage\":\"is\"},{\"@type\":\"Organization\",\"@id\":\"https:\\\/\\\/iwell-guard.com\\\/is\\\/#organization\",\"name\":\"Ittermann electronic GmbH\",\"url\":\"https:\\\/\\\/iwell-guard.com\\\/is\\\/\",\"logo\":{\"@type\":\"ImageObject\",\"inLanguage\":\"is\",\"@id\":\"https:\\\/\\\/iwell-guard.com\\\/is\\\/#\\\/schema\\\/logo\\\/image\\\/\",\"url\":\"https:\\\/\\\/iwell-guard.com\\\/wp-content\\\/uploads\\\/2026\\\/05\\\/Ittermann-Logo-1182x237-1.png\",\"contentUrl\":\"https:\\\/\\\/iwell-guard.com\\\/wp-content\\\/uploads\\\/2026\\\/05\\\/Ittermann-Logo-1182x237-1.png\",\"width\":1182,\"height\":237,\"caption\":\"Ittermann electronic GmbH\"},\"image\":{\"@id\":\"https:\\\/\\\/iwell-guard.com\\\/is\\\/#\\\/schema\\\/logo\\\/image\\\/\"},\"sameAs\":[\"https:\\\/\\\/pantip.com\\\/profile\\\/9367242\",\"https:\\\/\\\/micro.blog\\\/iwellguard\",\"https:\\\/\\\/www.diggerslist.com\\\/iwellguard\\\/about\",\"https:\\\/\\\/skitterphoto.com\\\/photographers\\\/2870314\\\/iwell-guard\",\"https:\\\/\\\/iwellguard.wordpress.com\\\/2026\\\/06\\\/06\\\/iwell-guard\\\/\",\"https:\\\/\\\/hub.docker.com\\\/u\\\/iwellguard\",\"https:\\\/\\\/www.pinterest.com\\\/iwellguard\\\/\",\"https:\\\/\\\/bit.ly\\\/m\\\/iwellguard\",\"https:\\\/\\\/entre-vos-mains.alsace.eu\\\/profiles\\\/iwellguard\\\/activity\",\"https:\\\/\\\/gravatar.com\\\/reallybeded8fd34\",\"https:\\\/\\\/naijamatta.com\\\/iwellguard\",\"https:\\\/\\\/www.goodreads.com\\\/iwellguard\",\"https:\\\/\\\/profile.hatena.ne.jp\\\/iwellguard\\\/\",\"https:\\\/\\\/experiment.com\\\/users\\\/iwellguard\",\"https:\\\/\\\/wakelet.com\\\/@iWellGuard82270\",\"https:\\\/\\\/www.chordie.com\\\/forum\\\/profile.php?id=2555664\",\"https:\\\/\\\/www.instapaper.com\\\/p\\\/17757966\",\"https:\\\/\\\/www.mapleprimes.com\\\/users\\\/iwellguard\",\"https:\\\/\\\/businesslistingplus.com\\\/profile\\\/iwell-guard\\\/\",\"https:\\\/\\\/telegra.ph\\\/iWell-Guard-06-06\",\"https:\\\/\\\/pbase.com\\\/iwellguard\\\/iwellguard\",\"https:\\\/\\\/b.hatena.ne.jp\\\/iwellguard\\\/20260607#bookmark-4788405196491818882\",\"https:\\\/\\\/fliphtml5.com\\\/home\\\/iwellguard\",\"https:\\\/\\\/anyflip.com\\\/homepage\\\/cmiwl#About\",\"https:\\\/\\\/transfur.com\\\/Users\\\/iwellguard\",\"http:\\\/\\\/delphi.larsbo.org\\\/user\\\/iwellguard\",\"https:\\\/\\\/jobs.lajobsportal.org\\\/profiles\\\/8380803-iwell-guard\",\"https:\\\/\\\/md.chaosdorf.de\\\/s\\\/jfbe5SBdJD\",\"https:\\\/\\\/www.lingvolive.com\\\/en-us\\\/profile\\\/9ecaeaca-ce11-4e51-9e71-01d55e2bff36\\\/translations\",\"https:\\\/\\\/www.fitday.com\\\/fitness\\\/forums\\\/members\\\/iwellguard.html\",\"https:\\\/\\\/www.mymeetbook.com\\\/iwellguard\",\"https:\\\/\\\/pxhere.com\\\/en\\\/photographer-me\\\/5040798\",\"https:\\\/\\\/disqus.com\\\/by\\\/iwellguard\\\/about\\\/\",\"https:\\\/\\\/pastelink.net\\\/hjwciqwq\",\"https:\\\/\\\/pubhtml5.com\\\/homepage\\\/scjhn\\\/\",\"https:\\\/\\\/www.bitchute.com\\\/channel\\\/2O2eOKzNqujT\",\"https:\\\/\\\/audiomack.com\\\/iwellguard\"]},{\"@type\":\"Article\",\"@id\":\"https:\\\/\\\/iwell-guard.com\\\/is\\\/ate\\\/#article\",\"isPartOf\":{\"@id\":\"https:\\\/\\\/iwell-guard.com\\\/is\\\/ate\\\/\"},\"author\":{\"name\":\"Ralf Ittermann\",\"@id\":\"https:\\\/\\\/iwell-guard.com\\\/is\\\/#\\\/schema\\\/person\\\/ee2a27f1cac3406c7c6fb5820cb7349f\"},\"headline\":\"Ate\",\"datePublished\":\"2026-09-05T14:03:00+00:00\",\"dateModified\":\"2026-09-05T14:19:30+00:00\",\"mainEntityOfPage\":{\"@id\":\"https:\\\/\\\/iwell-guard.com\\\/is\\\/ate\\\/\"},\"publisher\":{\"@id\":\"https:\\\/\\\/iwell-guard.com\\\/is\\\/#organization\"},\"image\":{\"@id\":\"https:\\\/\\\/iwell-guard.com\\\/is\\\/ate\\\/#primaryimage\"},\"thumbnailUrl\":\"https:\\\/\\\/iwell-guard.com\\\/wp-content\\\/uploads\\\/2026\\\/04\\\/goetter_griechenland_ate.webp\",\"inLanguage\":\"is\",\"description\":\"Gy\u00f0ja blekkingar og \u00f3g\u00e6fu, d\u00f3ttir Eris. Rugl, afdrifar\u00edkar \u00e1kvar\u00f0anir og alheimslegt r\u00e9ttl\u00e6ti \u00ed Il\u00edonskvi\u00f0u.\"}]}<\/script>\n<!-- \/ Yoast SEO Premium plugin. -->","yoast_head_json":{"title":"Ate - Gy\u00f0ja blekkingar og \u00f3g\u00e6fu","description":"Gy\u00f0ja blekkingar og \u00f3g\u00e6fu, d\u00f3ttir Eris. Rugl, afdrifar\u00edkar \u00e1kvar\u00f0anir og alheimslegt r\u00e9ttl\u00e6ti \u00ed Il\u00edonskvi\u00f0u.","robots":{"index":"index","follow":"follow","max-snippet":"max-snippet:-1","max-image-preview":"max-image-preview:large","max-video-preview":"max-video-preview:-1"},"canonical":"https:\/\/iwell-guard.com\/is\/ate\/","og_locale":"is_IS","og_type":"article","og_title":"Ate","og_description":"Gy\u00f0ja blekkingar og \u00f3g\u00e6fu, d\u00f3ttir Eris. Rugl, afdrifar\u00edkar \u00e1kvar\u00f0anir og alheimslegt r\u00e9ttl\u00e6ti \u00ed Il\u00edonskvi\u00f0u.","og_url":"https:\/\/iwell-guard.com\/is\/ate\/","og_site_name":"iWell Guard","article_modified_time":"2026-09-05T14:19:30+00:00","og_image":[{"width":1024,"height":1536,"url":"https:\/\/iwell-guard.com\/wp-content\/uploads\/2026\/04\/goetter_griechenland_ate.webp","type":"image\/webp"}],"twitter_card":"summary_large_image","schema":{"@context":"https:\/\/schema.org","@graph":[{"@type":"Article","@id":"https:\/\/iwell-guard.com\/is\/ate\/#article","isPartOf":{"@id":"https:\/\/iwell-guard.com\/is\/ate\/"},"author":{"name":"Ralf Ittermann","@id":"https:\/\/iwell-guard.com\/is\/#\/schema\/person\/ee2a27f1cac3406c7c6fb5820cb7349f"},"headline":"Ate","datePublished":"2026-09-05T14:03:00+00:00","dateModified":"2026-09-05T14:19:30+00:00","mainEntityOfPage":{"@id":"https:\/\/iwell-guard.com\/is\/ate\/"},"publisher":{"@id":"https:\/\/iwell-guard.com\/is\/#organization"},"image":{"@id":"https:\/\/iwell-guard.com\/is\/ate\/#primaryimage"},"thumbnailUrl":"https:\/\/iwell-guard.com\/wp-content\/uploads\/2026\/04\/goetter_griechenland_ate.webp","inLanguage":"is","description":"Gy\u00f0ja blekkingar og \u00f3g\u00e6fu, d\u00f3ttir Eris. Rugl, afdrifar\u00edkar \u00e1kvar\u00f0anir og alheimslegt r\u00e9ttl\u00e6ti \u00ed Il\u00edonskvi\u00f0u."},{"@type":"WebPage","@id":"https:\/\/iwell-guard.com\/is\/ate\/","url":"https:\/\/iwell-guard.com\/is\/ate\/","name":"Ate - Gy\u00f0ja blekkingar og \u00f3g\u00e6fu","isPartOf":{"@id":"https:\/\/iwell-guard.com\/is\/#website"},"primaryImageOfPage":{"@id":"https:\/\/iwell-guard.com\/is\/ate\/#primaryimage"},"image":{"@id":"https:\/\/iwell-guard.com\/is\/ate\/#primaryimage"},"thumbnailUrl":"https:\/\/iwell-guard.com\/wp-content\/uploads\/2026\/04\/goetter_griechenland_ate.webp","datePublished":"2026-09-05T14:03:00+00:00","dateModified":"2026-09-05T14:19:30+00:00","description":"Gy\u00f0ja blekkingar og \u00f3g\u00e6fu, d\u00f3ttir Eris. Rugl, afdrifar\u00edkar \u00e1kvar\u00f0anir og alheimslegt r\u00e9ttl\u00e6ti \u00ed Il\u00edonskvi\u00f0u.","breadcrumb":{"@id":"https:\/\/iwell-guard.com\/is\/ate\/#breadcrumb"},"inLanguage":"is","potentialAction":[{"@type":"ReadAction","target":["https:\/\/iwell-guard.com\/is\/ate\/"]}]},{"@type":"ImageObject","inLanguage":"is","@id":"https:\/\/iwell-guard.com\/is\/ate\/#primaryimage","url":"https:\/\/iwell-guard.com\/wp-content\/uploads\/2026\/04\/goetter_griechenland_ate.webp","contentUrl":"https:\/\/iwell-guard.com\/wp-content\/uploads\/2026\/04\/goetter_griechenland_ate.webp","width":1024,"height":1536,"caption":"Gu\u00f0ir \u00far gr\u00edskri hef\u00f0."},{"@type":"BreadcrumbList","@id":"https:\/\/iwell-guard.com\/is\/ate\/#breadcrumb","itemListElement":[{"@type":"ListItem","position":1,"name":"Start","item":"https:\/\/iwell-guard.com\/is\/?page_id=168580"},{"@type":"ListItem","position":2,"name":"Ate"}]},{"@type":"WebSite","@id":"https:\/\/iwell-guard.com\/is\/#website","url":"https:\/\/iwell-guard.com\/is\/","name":"iWell Guard","description":"Schutz vor dunklen Einfl\u00fcssen","publisher":{"@id":"https:\/\/iwell-guard.com\/is\/#organization"},"potentialAction":[{"@type":"SearchAction","target":{"@type":"EntryPoint","urlTemplate":"https:\/\/iwell-guard.com\/is\/?s={search_term_string}"},"query-input":{"@type":"PropertyValueSpecification","valueRequired":true,"valueName":"search_term_string"}}],"inLanguage":"is"},{"@type":"Organization","@id":"https:\/\/iwell-guard.com\/is\/#organization","name":"Ittermann electronic GmbH","url":"https:\/\/iwell-guard.com\/is\/","logo":{"@type":"ImageObject","inLanguage":"is","@id":"https:\/\/iwell-guard.com\/is\/#\/schema\/logo\/image\/","url":"https:\/\/iwell-guard.com\/wp-content\/uploads\/2026\/05\/Ittermann-Logo-1182x237-1.png","contentUrl":"https:\/\/iwell-guard.com\/wp-content\/uploads\/2026\/05\/Ittermann-Logo-1182x237-1.png","width":1182,"height":237,"caption":"Ittermann electronic GmbH"},"image":{"@id":"https:\/\/iwell-guard.com\/is\/#\/schema\/logo\/image\/"},"sameAs":["https:\/\/pantip.com\/profile\/9367242","https:\/\/micro.blog\/iwellguard","https:\/\/www.diggerslist.com\/iwellguard\/about","https:\/\/skitterphoto.com\/photographers\/2870314\/iwell-guard","https:\/\/iwellguard.wordpress.com\/2026\/06\/06\/iwell-guard\/","https:\/\/hub.docker.com\/u\/iwellguard","https:\/\/www.pinterest.com\/iwellguard\/","https:\/\/bit.ly\/m\/iwellguard","https:\/\/entre-vos-mains.alsace.eu\/profiles\/iwellguard\/activity","https:\/\/gravatar.com\/reallybeded8fd34","https:\/\/naijamatta.com\/iwellguard","https:\/\/www.goodreads.com\/iwellguard","https:\/\/profile.hatena.ne.jp\/iwellguard\/","https:\/\/experiment.com\/users\/iwellguard","https:\/\/wakelet.com\/@iWellGuard82270","https:\/\/www.chordie.com\/forum\/profile.php?id=2555664","https:\/\/www.instapaper.com\/p\/17757966","https:\/\/www.mapleprimes.com\/users\/iwellguard","https:\/\/businesslistingplus.com\/profile\/iwell-guard\/","https:\/\/telegra.ph\/iWell-Guard-06-06","https:\/\/pbase.com\/iwellguard\/iwellguard","https:\/\/b.hatena.ne.jp\/iwellguard\/20260607#bookmark-4788405196491818882","https:\/\/fliphtml5.com\/home\/iwellguard","https:\/\/anyflip.com\/homepage\/cmiwl#About","https:\/\/transfur.com\/Users\/iwellguard","http:\/\/delphi.larsbo.org\/user\/iwellguard","https:\/\/jobs.lajobsportal.org\/profiles\/8380803-iwell-guard","https:\/\/md.chaosdorf.de\/s\/jfbe5SBdJD","https:\/\/www.lingvolive.com\/en-us\/profile\/9ecaeaca-ce11-4e51-9e71-01d55e2bff36\/translations","https:\/\/www.fitday.com\/fitness\/forums\/members\/iwellguard.html","https:\/\/www.mymeetbook.com\/iwellguard","https:\/\/pxhere.com\/en\/photographer-me\/5040798","https:\/\/disqus.com\/by\/iwellguard\/about\/","https:\/\/pastelink.net\/hjwciqwq","https:\/\/pubhtml5.com\/homepage\/scjhn\/","https:\/\/www.bitchute.com\/channel\/2O2eOKzNqujT","https:\/\/audiomack.com\/iwellguard"]},{"@type":"Person","@id":"https:\/\/iwell-guard.com\/is\/#\/schema\/person\/ee2a27f1cac3406c7c6fb5820cb7349f","name":"Ralf Ittermann","image":{"@type":"ImageObject","inLanguage":"is","@id":"https:\/\/secure.gravatar.com\/avatar\/073c0153e350a5005b68eb752b445fea71f6b24a26da9449ad7e155e6b446c9d?s=96&d=mm&r=g","url":"https:\/\/secure.gravatar.com\/avatar\/073c0153e350a5005b68eb752b445fea71f6b24a26da9449ad7e155e6b446c9d?s=96&d=mm&r=g","contentUrl":"https:\/\/secure.gravatar.com\/avatar\/073c0153e350a5005b68eb752b445fea71f6b24a26da9449ad7e155e6b446c9d?s=96&d=mm&r=g","caption":"Ralf Ittermann"},"givenName":"Ralf","familyName":"Ittermann","jobTitle":"Gesch\u00e4ftsf\u00fchrer und redaktioneller Verantwortlicher","url":"https:\/\/iwell-guard.com\/is\/author\/claude\/","description":"Ralf Ittermann ist Gesch\u00e4ftsf\u00fchrer der Ittermann electronic GmbH und redaktioneller Verantwortlicher des iWell-Guard-Lexikons. Er verbindet langj\u00e4hrige Erfahrung in der Pr\u00e4zisionsfertigung mit medialer Praxis und religionsgeschichtlicher Quellenarbeit.","worksFor":{"@type":"Organization","name":"Ittermann electronic GmbH","url":"https:\/\/ittermann.de\/","address":{"@type":"PostalAddress","streetAddress":"K\u00f6hlergasse 16-18","postalCode":"99842","addressLocality":"Ruhla","addressCountry":"DE"}},"knowsAbout":["Religionsgeschichte","Mythologie","Mediale Praxis","Energetische Diagnostik","Schutzpraxis","Volksglauben","Westliche Esoterik"]},{"@type":"Article","@id":"https:\/\/iwell-guard.com\/is\/ate\/#article","isPartOf":{"@id":"https:\/\/iwell-guard.com\/is\/ate\/"},"author":{"name":"Ralf Ittermann","@id":"https:\/\/iwell-guard.com\/is\/#\/schema\/person\/ee2a27f1cac3406c7c6fb5820cb7349f"},"headline":"Ate","datePublished":"2026-09-05T14:03:00+00:00","dateModified":"2026-09-05T14:19:30+00:00","mainEntityOfPage":{"@id":"https:\/\/iwell-guard.com\/is\/ate\/"},"publisher":{"@id":"https:\/\/iwell-guard.com\/is\/#organization"},"image":{"@id":"https:\/\/iwell-guard.com\/is\/ate\/#primaryimage"},"thumbnailUrl":"https:\/\/iwell-guard.com\/wp-content\/uploads\/2026\/04\/goetter_griechenland_ate.webp","inLanguage":"is","description":"Gy\u00f0ja blekkingar og \u00f3g\u00e6fu, d\u00f3ttir Eris. Rugl, afdrifar\u00edkar \u00e1kvar\u00f0anir og alheimslegt r\u00e9ttl\u00e6ti \u00ed Il\u00edonskvi\u00f0u."}]}},"_links":{"self":[{"href":"https:\/\/iwell-guard.com\/is\/wp-json\/wp\/v2\/pages\/168790","targetHints":{"allow":["GET"]}}],"collection":[{"href":"https:\/\/iwell-guard.com\/is\/wp-json\/wp\/v2\/pages"}],"about":[{"href":"https:\/\/iwell-guard.com\/is\/wp-json\/wp\/v2\/types\/page"}],"author":[{"embeddable":true,"href":"https:\/\/iwell-guard.com\/is\/wp-json\/wp\/v2\/users\/3"}],"replies":[{"embeddable":true,"href":"https:\/\/iwell-guard.com\/is\/wp-json\/wp\/v2\/comments?post=168790"}],"version-history":[{"count":0,"href":"https:\/\/iwell-guard.com\/is\/wp-json\/wp\/v2\/pages\/168790\/revisions"}],"wp:featuredmedia":[{"embeddable":true,"href":"https:\/\/iwell-guard.com\/is\/wp-json\/wp\/v2\/media\/1579"}],"wp:attachment":[{"href":"https:\/\/iwell-guard.com\/is\/wp-json\/wp\/v2\/media?parent=168790"}],"wp:term":[{"taxonomy":"category","embeddable":true,"href":"https:\/\/iwell-guard.com\/is\/wp-json\/wp\/v2\/categories?post=168790"}],"curies":[{"name":"wp","href":"https:\/\/api.w.org\/{rel}","templated":true}]}}