{"id":168789,"date":"2026-09-05T14:02:59","date_gmt":"2026-09-05T14:02:59","guid":{"rendered":"https:\/\/iwell-guard.com\/?page_id=168789"},"modified":"2026-09-05T14:19:27","modified_gmt":"2026-09-05T14:19:27","slug":"dionysos","status":"publish","type":"page","link":"https:\/\/iwell-guard.com\/is\/dionysos\/","title":{"rendered":"D\u00ed\u00f3n\u00fdsos"},"content":{"rendered":"\t\t<div data-elementor-type=\"wp-page\" data-elementor-id=\"168789\" class=\"elementor elementor-168789 elementor-2039 elementor-bc-flex-widget\" data-elementor-post-type=\"page\">\n\t\t\t\t<div class=\"elementor-element elementor-element-10fdade e-flex e-con-boxed e-con e-parent\" data-id=\"10fdade\" data-element_type=\"container\" data-e-type=\"container\" data-settings=\"{&quot;background_background&quot;:&quot;classic&quot;}\">\n\t\t\t\t\t<div class=\"e-con-inner\">\n\t\t<div class=\"elementor-element elementor-element-herohlft0 e-flex e-con-boxed e-con e-child\" data-id=\"herohlft0\" data-element_type=\"container\" data-e-type=\"container\">\n\t\t\t\t\t<div class=\"e-con-inner\">\n\t\t<div class=\"elementor-element elementor-element-c3ceb64 e-con-full e-flex e-con e-child\" data-id=\"c3ceb64\" data-element_type=\"container\" data-e-type=\"container\">\n\t\t\t\t<div class=\"elementor-element elementor-element-96ae5e1 elementor-widget elementor-widget-heading\" data-id=\"96ae5e1\" data-element_type=\"widget\" data-e-type=\"widget\" data-widget_type=\"heading.default\">\n\t\t\t\t\t<h1 class=\"elementor-heading-title elementor-size-default\">D\u00ed\u00f3n\u00fdsos, gu\u00f0 \u00far gr\u00edskri hef\u00f0<\/h1>\t\t\t\t<\/div>\n\t\t\t\t<div class=\"elementor-element elementor-element-e45238a elementor-widget elementor-widget-text-editor\" data-id=\"e45238a\" data-element_type=\"widget\" data-e-type=\"widget\" data-widget_type=\"text-editor.default\">\n\t\t\t\t\t\t\t\t\t<p>D\u00ed\u00f3n\u00fdsos er gu\u00f0 \u00far gr\u00edskri hef\u00f0.<\/p><p><strong>Gu\u00f0 v\u00ednsins, als\u00e6lunnar, leikh\u00fassins og umbreytingarins.<\/strong> D\u00ed\u00f3n\u00fdsos er s\u00e1 gu\u00f0 \u00d3lympsfjalls sem hefur fer\u00f0ast v\u00ed\u00f0ast, gu\u00f0 landam\u00e6ra og umskipta. Hann br\u00fdtur reglur, breytir efnum og frelsar f\u00f3lk undan vi\u00f0jum hversdagsl\u00edfsins. H\u00e1t\u00ed\u00f0 hans, *Dionys\u00eda*, gaf gr\u00edsku leikh\u00fasinu l\u00edf. Hann er \u00ed senn gu\u00f0legur og dau\u00f0legur, karlkyns og kvenlegur, si\u00f0mennta\u00f0ur og villtur.<\/p>\t\t\t\t\t\t\t\t<\/div>\n\t\t\t\t<\/div>\n\t\t<div class=\"elementor-element elementor-element-klsbdg01 e-con-full e-flex e-con e-parent\" data-id=\"klsbdg01\" data-element_type=\"container\" data-e-type=\"container\">\n\t\t\t\t<div class=\"elementor-element elementor-element-klshtm01 elementor-widget elementor-widget-html\" data-id=\"klshtm01\" data-element_type=\"widget\" data-e-type=\"widget\" data-widget_type=\"html.default\">\n\t\t\t\t\t<div class=\"iwg-pill-row\"><span class=\"iwg-klasse-badge\" tabindex=\"0\" data-tooltip=\"Gu\u00f0 \/ gy\u00f0ja: Pers\u00f3nuger\u00f0 \u00e6\u00f0sta m\u00e1ttarvald \u00ed go\u00f0aveldi menningar, me\u00f0 sk\u00fdr valdsvi\u00f0, n\u00e1tt\u00faru\u00f6fl, \u00f6rl\u00f6g, str\u00ed\u00f0, frj\u00f3semi. D\u00fdrku\u00f0 me\u00f0 helgisi\u00f0um, f\u00f3rnum og hofstofnunum.\">Gu\u00f0<\/span><a href=\"https:\/\/iwell-guard.com\/is\/?page_id=168594\" class=\"iwg-kultur-badge\" tabindex=\"0\" data-tooltip=\"Tr\u00faarbr\u00f6g\u00f0 og go\u00f0afr\u00e6\u00f0i Grikklands hins forna fr\u00e1 M\u00fdkenut\u00edmanum til s\u00ed\u00f0fornaldar.\">Grikkland<\/a><\/div>\t\t\t\t<\/div>\n\t\t\t\t<\/div>\n\t\t<div class=\"elementor-element elementor-element-3f74855 e-con-full e-flex e-con e-child\" data-id=\"3f74855\" data-element_type=\"container\" data-e-type=\"container\">\n\t\t\t\t<div class=\"elementor-element elementor-element-1c30362 elementor-toc--minimized-on-tablet elementor-widget elementor-widget-table-of-contents\" data-id=\"1c30362\" data-element_type=\"widget\" data-e-type=\"widget\" data-settings=\"{&quot;exclude_headings_by_selector&quot;:[],&quot;no_headings_message&quot;:&quot;Engar undirfyrirsagnir fundust \\u00e1 \\u00feessari s\\u00ed\\u00f0u.&quot;,&quot;headings_by_tags&quot;:[&quot;h2&quot;,&quot;h3&quot;],&quot;marker_view&quot;:&quot;bullets&quot;,&quot;minimize_box&quot;:&quot;yes&quot;,&quot;icon&quot;:{&quot;value&quot;:&quot;fas fa-circle&quot;,&quot;library&quot;:&quot;fa-solid&quot;,&quot;rendered_tag&quot;:&quot;&lt;svg class=\\&quot;e-font-icon-svg e-fas-circle\\&quot; viewBox=\\&quot;0 0 512 512\\&quot; xmlns=\\&quot;http:\\\/\\\/www.w3.org\\\/2000\\\/svg\\&quot;&gt;&lt;path d=\\&quot;M256 8C119 8 8 119 8 256s111 248 248 248 248-111 248-248S393 8 256 8z\\&quot;&gt;&lt;\\\/path&gt;&lt;\\\/svg&gt;&quot;},&quot;minimized_on&quot;:&quot;tablet&quot;,&quot;hierarchical_view&quot;:&quot;yes&quot;,&quot;min_height&quot;:{&quot;unit&quot;:&quot;px&quot;,&quot;size&quot;:&quot;&quot;,&quot;sizes&quot;:[]},&quot;min_height_tablet&quot;:{&quot;unit&quot;:&quot;px&quot;,&quot;size&quot;:&quot;&quot;,&quot;sizes&quot;:[]},&quot;min_height_mobile&quot;:{&quot;unit&quot;:&quot;px&quot;,&quot;size&quot;:&quot;&quot;,&quot;sizes&quot;:[]}}\" data-widget_type=\"table-of-contents.default\">\n\t\t\t\t\t\t\t\t\t<div class=\"elementor-toc__header\">\n\t\t\t\t\t\t<h2 class=\"elementor-toc__header-title\">\n\t\t\t\tEfnisyfirlit\t\t\t<\/h2>\n\t\t\t\t\t\t\t\t\t\t<div class=\"elementor-toc__toggle-button elementor-toc__toggle-button--expand\" role=\"button\" tabindex=\"0\" aria-controls=\"elementor-toc__1c30362\" aria-expanded=\"true\" aria-label=\"Open table of contents\"><svg aria-hidden=\"true\" class=\"e-font-icon-svg e-fas-chevron-down\" viewBox=\"0 0 448 512\" xmlns=\"http:\/\/www.w3.org\/2000\/svg\"><path d=\"M207.029 381.476L12.686 187.132c-9.373-9.373-9.373-24.569 0-33.941l22.667-22.667c9.357-9.357 24.522-9.375 33.901-.04L224 284.505l154.745-154.021c9.379-9.335 24.544-9.317 33.901.04l22.667 22.667c9.373 9.373 9.373 24.569 0 33.941L240.971 381.476c-9.373 9.372-24.569 9.372-33.942 0z\"><\/path><\/svg><\/div>\n\t\t\t\t<div class=\"elementor-toc__toggle-button elementor-toc__toggle-button--collapse\" role=\"button\" tabindex=\"0\" aria-controls=\"elementor-toc__1c30362\" aria-expanded=\"true\" aria-label=\"Close table of contents\"><svg aria-hidden=\"true\" class=\"e-font-icon-svg e-fas-chevron-up\" viewBox=\"0 0 448 512\" xmlns=\"http:\/\/www.w3.org\/2000\/svg\"><path d=\"M240.971 130.524l194.343 194.343c9.373 9.373 9.373 24.569 0 33.941l-22.667 22.667c-9.357 9.357-24.522 9.375-33.901.04L224 227.495 69.255 381.516c-9.379 9.335-24.544 9.317-33.901-.04l-22.667-22.667c-9.373-9.373-9.373-24.569 0-33.941L207.03 130.525c9.372-9.373 24.568-9.373 33.941-.001z\"><\/path><\/svg><\/div>\n\t\t\t\t\t<\/div>\n\t\t\t\t<div id=\"elementor-toc__1c30362\" class=\"elementor-toc__body\">\n\t\t\t<div class=\"elementor-toc__spinner-container\">\n\t\t\t\t<svg class=\"elementor-toc__spinner eicon-animation-spin e-font-icon-svg e-eicon-loading\" aria-hidden=\"true\" viewBox=\"0 0 1000 1000\" xmlns=\"http:\/\/www.w3.org\/2000\/svg\"><path d=\"M500 975V858C696 858 858 696 858 500S696 142 500 142 142 304 142 500H25C25 237 238 25 500 25S975 237 975 500 763 975 500 975Z\"><\/path><\/svg>\t\t\t<\/div>\n\t\t<\/div>\n\t\t\t\t\t\t<\/div>\n\t\t\t\t<\/div>\n\t\t\t\t\t<\/div>\n\t\t\t\t<\/div>\n\t\t<div class=\"elementor-element elementor-element-herorght0 e-con-full e-flex e-con e-child\" data-id=\"herorght0\" data-element_type=\"container\" data-e-type=\"container\">\n\t\t\t\t<div class=\"elementor-element elementor-element-heroimg00 iwg-hero-image elementor-widget elementor-widget-image\" data-id=\"heroimg00\" data-element_type=\"widget\" data-e-type=\"widget\" data-widget_type=\"image.default\">\n\t\t\t\t\t\t\t\t\t\t\t\t\t\t\t<img fetchpriority=\"high\" decoding=\"async\" width=\"683\" height=\"1024\" src=\"https:\/\/iwell-guard.com\/wp-content\/uploads\/2026\/04\/goetter_griechenland_dionysos-683x1024.webp\" class=\"attachment-large size-large wp-image-171118\" alt=\"D\u00edon\u00fdsos - gu\u00f0ir \u00far gr\u00edskri hef\u00f0, s\u00f6gulega myndskreytt\" srcset=\"https:\/\/iwell-guard.com\/wp-content\/uploads\/2026\/04\/goetter_griechenland_dionysos-683x1024.webp 683w, https:\/\/iwell-guard.com\/wp-content\/uploads\/2026\/04\/goetter_griechenland_dionysos-200x300.webp 200w, https:\/\/iwell-guard.com\/wp-content\/uploads\/2026\/04\/goetter_griechenland_dionysos-768x1152.webp 768w, https:\/\/iwell-guard.com\/wp-content\/uploads\/2026\/04\/goetter_griechenland_dionysos.webp 1024w\" sizes=\"(max-width: 683px) 100vw, 683px\" \/>\t\t\t\t\t\t\t\t\t\t\t\t\t\t\t<\/div>\n\t\t\t\t<\/div>\n\t\t\t\t\t<\/div>\n\t\t\t\t<\/div>\n\t\t<div class=\"elementor-element elementor-element-32917199 e-flex e-con-boxed e-con e-parent\" data-id=\"32917199\" data-element_type=\"container\" data-e-type=\"container\">\n\t\t\t\t\t<div class=\"e-con-inner\">\n\t\t<div class=\"elementor-element elementor-element-26e916cb e-flex e-con-boxed e-con e-child\" data-id=\"26e916cb\" data-element_type=\"container\" data-e-type=\"container\">\n\t\t\t\t\t<div class=\"e-con-inner\">\n\t\t<div class=\"elementor-element elementor-element-253a40d4 e-flex e-con-boxed e-con e-child\" data-id=\"253a40d4\" data-element_type=\"container\" data-e-type=\"container\">\n\t\t\t\t\t<div class=\"e-con-inner\">\n\t\t\t\t<div class=\"elementor-element elementor-element-1200c304 elementor-widget elementor-widget-heading\" data-id=\"1200c304\" data-element_type=\"widget\" data-e-type=\"widget\" data-widget_type=\"heading.default\">\n\t\t\t\t\t<h2 class=\"elementor-heading-title elementor-size-default\">D\u00ed\u00f3n\u00fdsos<\/h2>\t\t\t\t<\/div>\n\t\t\t\t\t<\/div>\n\t\t\t\t<\/div>\n\t\t<div class=\"elementor-element elementor-element-159dcf9a e-flex e-con-boxed e-con e-child\" data-id=\"159dcf9a\" data-element_type=\"container\" data-e-type=\"container\">\n\t\t\t\t\t<div class=\"e-con-inner\">\n\t\t\t\t<div class=\"elementor-element elementor-element-48cee66f elementor-widget elementor-widget-heading\" data-id=\"48cee66f\" data-element_type=\"widget\" data-e-type=\"widget\" data-widget_type=\"heading.default\">\n\t\t\t\t\t<h2 class=\"elementor-heading-title elementor-size-default\">\u00cd hnotskurn: D\u00ed\u00f3n\u00fdsos<\/h2>\t\t\t\t<\/div>\n\t\t\t\t<div class=\"elementor-element elementor-element-3f50d82c elementor-widget elementor-widget-text-editor\" data-id=\"3f50d82c\" data-element_type=\"widget\" data-e-type=\"widget\" data-widget_type=\"text-editor.default\">\n\t\t\t\t\t\t\t\t\t<p><strong>Tegund:<\/strong> Gr\u00edsk h\u00f6fu\u00f0gu\u00f0d\u00f3mur, gu\u00f0 v\u00ednsins, s\u00e6lv\u00edmu og leiklistar<br><span class=\"iwg-fachbegriff\" data-tooltip=\"Heildarsafn gu\u00f0a innan tr\u00faarbrag\u00f0a e\u00f0a menningarheims.\" tabindex=\"0\">Go\u00f0aheimur<\/span>: Grikkland (tekinn upp \u00ed \u00d3lympsflokkinn tilt\u00f6lulega seint), r\u00f3mverskt jafngildi Bacchus<br>Hlutverk: V\u00edn og v\u00edma, leiklist (einkum harmleikir og gamanleikir), s\u00e6lv\u00edmukennd tr\u00faari\u00f0kun (launhelgar), dau\u00f0i og endurf\u00e6\u00f0ing gr\u00f3\u00f0urs<br>Helstu einkenni: \u00deyrsosstafur (me\u00f0 furuk\u00f6ngli), vafningsvi\u00f0arkrans, drykkjarker (kantharos), pardusfeldur<br>Helstu d\u00fdrkunarsta\u00f0ir: A\u00feena (D\u00ed\u00f3n\u00fds\u00edu-leikh\u00fasi\u00f0), \u00deeba (f\u00e6\u00f0ingarsta\u00f0ur sagnarinnar), Eleu\u00feerai, Naxos<br>R\u00f3mverskt jafngildi: Bacchus \/ Liber Pater<\/p>\t\t\t\t\t\t\t\t<\/div>\n\t\t\t\t\t<\/div>\n\t\t\t\t<\/div>\n\t\t\t\t\t<\/div>\n\t\t\t\t<\/div>\n\t\t\t\t\t<\/div>\n\t\t\t\t<\/div>\n\t\t<div class=\"elementor-element elementor-element-18613602 e-flex e-con-boxed e-con e-parent\" data-id=\"18613602\" data-element_type=\"container\" data-e-type=\"container\">\n\t\t\t\t\t<div class=\"e-con-inner\">\n\t\t\t\t<div class=\"elementor-element elementor-element-262b8a9f elementor-widget elementor-widget-heading\" data-id=\"262b8a9f\" data-element_type=\"widget\" data-e-type=\"widget\" data-widget_type=\"heading.default\">\n\t\t\t\t\t<h2 class=\"elementor-heading-title elementor-size-default\">S\u00f6guleg sta\u00f0setning<\/h2>\t\t\t\t<\/div>\n\t\t<div class=\"elementor-element elementor-element-46dcb7d e-con-full e-flex e-con e-child\" data-id=\"46dcb7d\" data-element_type=\"container\" data-e-type=\"container\">\n\t\t<div class=\"elementor-element elementor-element-61d3ab3 e-flex e-con-boxed e-con e-child\" data-id=\"61d3ab3\" data-element_type=\"container\" data-e-type=\"container\">\n\t\t\t\t\t<div class=\"e-con-inner\">\n\t\t\t\t<div class=\"elementor-element elementor-element-117c166 elementor-widget elementor-widget-heading\" data-id=\"117c166\" data-element_type=\"widget\" data-e-type=\"widget\" data-widget_type=\"heading.default\">\n\t\t\t\t\t<h3 class=\"elementor-heading-title elementor-size-default\">T\u00edmabil textanna<\/h3>\t\t\t\t<\/div>\n\t\t\t\t<div class=\"elementor-element elementor-element-73997a0 elementor-widget elementor-widget-text-editor\" data-id=\"73997a0\" data-element_type=\"widget\" data-e-type=\"widget\" data-widget_type=\"text-editor.default\">\n\t\t\t\t\t\t\t\t\t<p>D\u00ed\u00f3n\u00fdsos er \u00feegar sta\u00f0festur \u00ed m\u00fdkenska L\u00ednu B (u.\u00fe.b. 1400\u20131200 f.Kr.) sem <em>di-wo-nu-so-jo<\/em>, og er \u00feannig einn af elstu gr\u00edsku gu\u00f0unum \u00fer\u00e1tt fyrir a\u00f0 vir\u00f0ast \u201es\u00ed\u00f0kominn\u201c \u00ed b\u00f3kmenntahef\u00f0inni.<\/p><p>\u00cd Il\u00edonskvi\u00f0u er hann enn hli\u00f0st\u00e6\u00f0ur, \u00ed \u00d3dysseifskvi\u00f0u \u00feegar or\u00f0inn mi\u00f0l\u00e6gari. Bl\u00f3mat\u00edmi Dionys\u00edu-leikh\u00fashef\u00f0arins var \u00e1 6.\u20134. \u00f6ld f.Kr. (\u00c6sk\u00fdlos, S\u00f3f\u00f3kles, Evrip\u00eddes, Arist\u00f3fanes, \u00f6ll verk \u00feeirra voru samin fyrir D\u00ed\u00f3n\u00fdsos-h\u00e1t\u00ed\u00f0ina \u00ed A\u00feenu).<\/p><p><em>D\u00ed\u00f3n\u00fdsos-helgisi\u00f0irnir<\/em> voru mikilv\u00e6gir dulspekihelgisi\u00f0ir, samhli\u00f0a Eleusis. \u00c1 hellen\u00edsk-r\u00f3mverskum t\u00edma breiddist hann \u00e1fram \u00fat sem Bacchus; r\u00f3mversku <em>bakkanal\u00edurnar<\/em> voru takmarka\u00f0ar me\u00f0 \u00e1kv\u00f6r\u00f0un \u00f6ldungar\u00e1\u00f0sins \u00e1ri\u00f0 186 f.Kr. \u00cd s\u00ed\u00f0r\u00f3mverska r\u00edkinu var hann <span class=\"iwg-fachbegriff\" data-tooltip=\"T\u00e1kn sem stendur fyrir \u00e1kve\u00f0na hugmynd e\u00f0a merkingu.\" tabindex=\"0\">t\u00e1kn<\/span> er\u00f3t\u00edsk-dularfullrar <span class=\"iwg-fachbegriff\" data-tooltip=\"Hin lifa\u00f0a tr\u00faarlega afsta\u00f0a og i\u00f0kun einstaklings.\" tabindex=\"0\">tr\u00far\u00e6kni<\/span>, og \u00ed kristni samkeppnisa\u00f0ili (Kristur-Sol \u00e1 m\u00f3ti D\u00ed\u00f3n\u00fdsos-Bacchus).<\/p>\t\t\t\t\t\t\t\t<\/div>\n\t\t\t\t\t<\/div>\n\t\t\t\t<\/div>\n\t\t<div class=\"elementor-element elementor-element-d47b156 e-flex e-con-boxed e-con e-child\" data-id=\"d47b156\" data-element_type=\"container\" data-e-type=\"container\">\n\t\t\t\t\t<div class=\"e-con-inner\">\n\t\t\t\t<div class=\"elementor-element elementor-element-ff38c2b elementor-widget elementor-widget-heading\" data-id=\"ff38c2b\" data-element_type=\"widget\" data-e-type=\"widget\" data-widget_type=\"heading.default\">\n\t\t\t\t\t<h3 class=\"elementor-heading-title elementor-size-default\">\u00datbrei\u00f0slusv\u00e6\u00f0i<\/h3>\t\t\t\t<\/div>\n\t\t\t\t<div class=\"elementor-element elementor-element-4e49fcc elementor-widget elementor-widget-text-editor\" data-id=\"4e49fcc\" data-element_type=\"widget\" data-e-type=\"widget\" data-widget_type=\"text-editor.default\">\n\t\t\t\t\t\t\t\t\t<p>A\u00f0ald\u00fdrkunarsta\u00f0ir: <strong>A\u00feena<\/strong> (D\u00ed\u00f3n\u00fdsosleikh\u00fasi\u00f0 \u00e1 su\u00f0urhl\u00ed\u00f0 Akr\u00f3p\u00f3lis, f\u00e6\u00f0ingarsta\u00f0ur gr\u00edsks harmleiks; st\u00f3rar Dionys\u00eduh\u00e1t\u00ed\u00f0ir \u00e1rlega \u00ed mars\/apr\u00edl), <strong>\u00deebe<\/strong> (go\u00f0s\u00f6gulegur f\u00e6\u00f0ingarsta\u00f0ur, svi\u00f0i\u00f0 \u00ed <em>Bakkynjum<\/em> Evrip\u00eddesar), <strong>Eleutherai<\/strong> (landam\u00e6rab\u00e6r milli Att\u00edku og B\u00f3j\u00f3t\u00edu, fr\u00e6gur fornt D\u00ed\u00f3n\u00fdsos-<span class=\"iwg-fachbegriff\" data-tooltip=\"Heildarsafn tr\u00faarlegra d\u00fdrkunarathafna fyrir gu\u00f0veru e\u00f0a heilaga pers\u00f3nu.\" tabindex=\"0\">d\u00fdrkun<\/span>), <strong>Naxos<\/strong> (br\u00fa\u00f0kaupssta\u00f0ur me\u00f0 Ar\u00edadnu), <strong>Delf\u00ed<\/strong> (vetraraspekt, hli\u00f0st\u00e6tt Apolloni \u00e1 sumrin).<\/p><p>\u00c1 \u00cdtal\u00edu var v\u00ed\u00f0t\u00e6k \u00fatbrei\u00f0sla me\u00f0 s\u00ed\u00f0ari Bacchanal-<span class=\"iwg-fachbegriff\" data-tooltip=\"Heildarsafn tr\u00faarlegra d\u00fdrkunarathafna fyrir gu\u00f0veru e\u00f0a heilaga pers\u00f3nu.\" tabindex=\"0\">d\u00fdrkun<\/span>; freskur \u00ed Villa dei Misteri \u00ed Pompei s\u00fdna atri\u00f0i \u00far D\u00ed\u00f3n\u00fdsos-helgisi\u00f0unum.<\/p>\t\t\t\t\t\t\t\t<\/div>\n\t\t\t\t\t<\/div>\n\t\t\t\t<\/div>\n\t\t\t\t<\/div>\n\t\t<div class=\"elementor-element elementor-element-db03c39 e-con-full e-flex e-con e-child\" data-id=\"db03c39\" data-element_type=\"container\" data-e-type=\"container\">\n\t\t<div class=\"elementor-element elementor-element-229a87b e-flex e-con-boxed e-con e-child\" data-id=\"229a87b\" data-element_type=\"container\" data-e-type=\"container\">\n\t\t\t\t\t<div class=\"e-con-inner\">\n\t\t\t\t<div class=\"elementor-element elementor-element-1f471fc elementor-widget elementor-widget-heading\" data-id=\"1f471fc\" data-element_type=\"widget\" data-e-type=\"widget\" data-widget_type=\"heading.default\">\n\t\t\t\t\t<h3 class=\"elementor-heading-title elementor-size-default\">Heimildasta\u00f0a<\/h3>\t\t\t\t<\/div>\n\t\t\t\t<div class=\"elementor-element elementor-element-36b1201 elementor-widget elementor-widget-text-editor\" data-id=\"36b1201\" data-element_type=\"widget\" data-e-type=\"widget\" data-widget_type=\"text-editor.default\">\n\t\t\t\t\t\t\t\t\t<p>Meginheimildir: Hes\u00edodos (<em>Gu\u00f0akynsl\u00f3\u00f0in<\/em>), \u00d3dysseifskvi\u00f0a H\u00f3mers (b\u00f3k XI), <em>H\u00f3merski s\u00e1lmurinn til D\u00ed\u00f3n\u00fdsosar<\/em> (s\u00e1lmur 7, me\u00f0 hinni fr\u00e6gu s\u00f6gu af tyrrenskum sj\u00f3r\u00e6ningjum), <em>Bakkynjur<\/em> Evrip\u00eddesar (mi\u00f0l\u00e6g harmleikur um dionys\u00edska <span class=\"iwg-fachbegriff\" data-tooltip=\"V\u00edsindaleg fr\u00e6\u00f0i um gu\u00f0 og tr\u00fa innan tr\u00faarbrag\u00f0a.\" tabindex=\"0\">gu\u00f0fr\u00e6\u00f0i<\/span>), <em>B\u00f3kasafn<\/em> Apoll\u00f3d\u00f3rosar, <em>Myndbreytingar<\/em> \u00d3vid\u00edusar (nokkrir D\u00ed\u00f3n\u00fdsos-\u00fe\u00e6ttir), D\u00ed\u00f3d\u00f3ros Sikileyingur (b\u00f3k IV), Pl\u00fatarkos (<em>De Iside et Osiride<\/em>, D\u00ed\u00f3n\u00fdsos-\u00d3s\u00edris-<span class=\"iwg-fachbegriff\" data-tooltip=\"Samruni hugmynda e\u00f0a gu\u00f0vera \u00far mismunandi tr\u00faarhef\u00f0um.\" tabindex=\"0\">samruni<\/span>).<\/p><p>Ritaskr\u00e1: Burkert, <em>Griechische Religion<\/em> og <em><span class=\"iwg-fachbegriff\" data-tooltip=\"T\u00edmabil gr\u00edskrar og r\u00f3mverskrar menningar, u.\u00fe.b. 800 f.Kr. til 600 e.Kr.\" tabindex=\"0\">forn\u00f6ld<\/span>-Mysterien<\/em>; Otto, <em>Dionysos. <span class=\"iwg-fachbegriff\" data-tooltip=\"Yfirf\u00e6r\u00f0 fr\u00e1s\u00f6gn um gu\u00f0i, uppruna og skipan heimsins.\" tabindex=\"0\">go\u00f0s\u00f6gu<\/span> und Kultus<\/em> (klass\u00edskt verk); Detienne, <em>Dionysos \u00e0 ciel ouvert<\/em>; Henrichs, <em>Greek Maenadism from Olympias to Messalina<\/em>.<\/p>\t\t\t\t\t\t\t\t<\/div>\n\t\t\t\t\t<\/div>\n\t\t\t\t<\/div>\n\t\t\t\t<\/div>\n\t\t\t\t\t<\/div>\n\t\t\t\t<\/div>\n\t\t<div class=\"elementor-element elementor-element-3ae0637c e-flex e-con-boxed e-con e-parent\" data-id=\"3ae0637c\" data-element_type=\"container\" data-e-type=\"container\">\n\t\t\t\t\t<div class=\"e-con-inner\">\n\t\t\t\t<div class=\"elementor-element elementor-element-31d07739 elementor-widget elementor-widget-heading\" data-id=\"31d07739\" data-element_type=\"widget\" data-e-type=\"widget\" data-widget_type=\"heading.default\">\n\t\t\t\t\t<h2 class=\"elementor-heading-title elementor-size-default\">Nafn<\/h2>\t\t\t\t<\/div>\n\t\t<div class=\"elementor-element elementor-element-b7642947 e-con-full e-flex e-con e-child\" data-id=\"b7642947\" data-element_type=\"container\" data-e-type=\"container\">\n\t\t\t\t<div class=\"elementor-element elementor-element-a086266 elementor-widget elementor-widget-text-editor\" data-id=\"a086266\" data-element_type=\"widget\" data-e-type=\"widget\" data-widget_type=\"text-editor.default\">\n\t\t\t\t\t\t\t\t\t<p>D\u00ed\u00f3n\u00fdsos er s\u00fdndur sem fagur, kynfer\u00f0islega tv\u00edr\u00e6\u00f0ur ungur ma\u00f0ur, stundum me\u00f0 kvenlegum svip, stundum me\u00f0 skegg. T\u00e1kn hans eru v\u00ednber og v\u00edn, \u00feyrsusstafurinn (stafur me\u00f0 furuk\u00f6ngli), leikh\u00fasgr\u00edmur (harmleiks- og gamanleiksgr\u00edmur), bergfl\u00e9tta, pardus\/hl\u00e9bar\u00f0i.<\/p><p>Hann er oft umkringdur m\u00e6n\u00f6\u00f0um (villtum, als\u00e6lukenndum konum) og sat\u00fdrum (halfmennskum sk\u00f3garv\u00e6ttum). \u00c1s\u00fdnd hans er breytileg, hann getur birst eldri, yngri, karlkyns e\u00f0a kvenkyns.<\/p>\t\t\t\t\t\t\t\t<\/div>\n\t\t\t\t<\/div>\n\t\t\t\t\t<\/div>\n\t\t\t\t<\/div>\n\t\t<div class=\"elementor-element elementor-element-709a44a8 e-flex e-con-boxed e-con e-parent\" data-id=\"709a44a8\" data-element_type=\"container\" data-e-type=\"container\">\n\t\t\t\t\t<div class=\"e-con-inner\">\n\t\t\t\t<div class=\"elementor-element elementor-element-2f585873 elementor-widget elementor-widget-heading\" data-id=\"2f585873\" data-element_type=\"widget\" data-e-type=\"widget\" data-widget_type=\"heading.default\">\n\t\t\t\t\t<h2 class=\"elementor-heading-title elementor-size-default\">L\u00fdsing<\/h2>\t\t\t\t<\/div>\n\t\t<div class=\"elementor-element elementor-element-70621c12 e-con-full e-flex e-con e-child\" data-id=\"70621c12\" data-element_type=\"container\" data-e-type=\"container\">\n\t\t\t\t<div class=\"elementor-element elementor-element-4296eb49 elementor-widget elementor-widget-text-editor\" data-id=\"4296eb49\" data-element_type=\"widget\" data-e-type=\"widget\" data-widget_type=\"text-editor.default\">\n\t\t\t\t\t\t\t\t\t<p>D\u00ed\u00f3n\u00fdsos er tigna\u00f0ur me\u00f0 \u00e1st\u00ferungnum (ekstat\u00edskum) si\u00f0um, skr\u00fa\u00f0g\u00f6ngum og leiks\u00fdningum. V\u00edn er <span class=\"iwg-fachbegriff\" data-tooltip=\"Gj\u00f6f til go\u00f0magns til a\u00f0 tj\u00e1 \u00feakkl\u00e6ti, b\u00e6n e\u00f0a lotningu.\" tabindex=\"0\">f\u00f3rn<\/span> hans og mi\u00f0ill. \u00cd leyndard\u00f3mad\u00fdrkun (l\u00edklega tengd Demeter \u00ed Eleusis) er hann skilinn sem lausnargjafi, l\u00edkami hans sem sundur er rifinn ver\u00f0ur endursameina\u00f0ur, eins og hinn tr\u00faa\u00f0i getur endursameinast.<\/p><p><em>Dionysia<\/em>-h\u00e1t\u00ed\u00f0irnir gefa af s\u00e9r leiklistarkeppnir. <span class=\"iwg-fachbegriff\" data-tooltip=\"Heild \u00feeirra tr\u00faarathafna sem tengjast tilbei\u00f0slu \u00e1 go\u00f0magni e\u00f0a heilagri v\u00e6ttu.\" tabindex=\"0\">D\u00fdrkun<\/span> hans er \u00e1n \u00fatilokunar: konur, \u00fer\u00e6lar og \u00fatlendingar mega taka \u00fe\u00e1tt, \u00fe\u00f3tt \u00feeim s\u00e9 \u00fatiloka\u00f0 fr\u00e1 \u00f6\u00f0rum d\u00fdrkunum. D\u00ed\u00f3n\u00fdsos veitir frelsun me\u00f0 \u00e1st\u00ferunga og yfirstigi m\u00f6rkum.<\/p><p><strong>\u00datlit og t\u00e1knm\u00e1l<\/strong><\/p><p>D\u00ed\u00f3n\u00fdsos er s\u00fdndur ungur, oft kvenlega fagur, me\u00f0 langt, li\u00f0a\u00f0 h\u00e1r og skegg, stundum tv\u00edkynja. Hann kl\u00e6\u00f0ist kr\u00f6nsum \u00far v\u00ednberjum, sortulaufi og f\u00edkjum. \u00deyrsusstafurinn (stafur me\u00f0 k\u00f6ngli og sortulaufi) er hans a\u00f0alt\u00e1kn. Pardusd\u00fdri\u00f0 e\u00f0a hl\u00e9bar\u00f0inn er heilagt d\u00fdr hans, s\u00f6mulei\u00f0is geithafurinn.<\/p><p>V\u00ednbikarinn og v\u00ednberjaklasinn eru t\u00e1kn hans. \u00d3l\u00edkt \u00f6\u00f0rum gu\u00f0um er <span class=\"iwg-fachbegriff\" data-tooltip=\"Fr\u00e6\u00f0in um myndefni og merkingu \u00feeirra.\" tabindex=\"0\">myndhef\u00f0<\/span> hans \u00e1 reiki, hann getur birst sem gamall ma\u00f0ur, ungur sveinn e\u00f0a kona. \u00deetta undirstrikar e\u00f0li hans sem gu\u00f0 umbreytingar og gr\u00edmub\u00fana\u00f0ar. Frumefni hans er hi\u00f0 flj\u00f3tandi, streymandi, v\u00edn, en jafnframt bl\u00f3\u00f0, nektar og hinn stj\u00f3rnlausi fl\u00e6\u00f0i n\u00e1tt\u00farunnar.<\/p>\t\t\t\t\t\t\t\t<\/div>\n\t\t\t\t<\/div>\n\t\t\t\t\t<\/div>\n\t\t\t\t<\/div>\n\t\t<div class=\"elementor-element elementor-element-44e71476 e-flex e-con-boxed e-con e-parent\" data-id=\"44e71476\" data-element_type=\"container\" data-e-type=\"container\">\n\t\t\t\t\t<div class=\"e-con-inner\">\n\t\t\t\t<div class=\"elementor-element elementor-element-3c1fc3f0 elementor-widget elementor-widget-heading\" data-id=\"3c1fc3f0\" data-element_type=\"widget\" data-e-type=\"widget\" data-widget_type=\"heading.default\">\n\t\t\t\t\t<h2 class=\"elementor-heading-title elementor-size-default\">Uppl\u00fdsingabla\u00f0: D\u00ed\u00f3n\u00fdsos<\/h2>\t\t\t\t<\/div>\n\t\t<div class=\"elementor-element elementor-element-84f33b8e e-con-full e-flex e-con e-child\" data-id=\"84f33b8e\" data-element_type=\"container\" data-e-type=\"container\">\n\t\t\t\t<div class=\"elementor-element elementor-element-hqkdc67p elementor-widget elementor-widget-text-editor\" data-id=\"hqkdc67p\" data-element_type=\"widget\" data-e-type=\"widget\" data-widget_type=\"text-editor.default\">\n\t\t\t\t\t\t\t\t\t<p>Mikilv\u00e6gustu \u00fe\u00e6ttir D\u00ed\u00f3n\u00fdsosar \u00ed hnotskurn. Eftirfarandi svi\u00f0 draga saman uppruna, hlutverk, \u00fatlit, tilbei\u00f0slu, t\u00e1kn og menningarlegar hli\u00f0st\u00e6\u00f0ur.<\/p>\t\t\t\t\t\t\t\t<\/div>\n\t\t\t\t<\/div>\n\t\t<div class=\"elementor-element elementor-element-pemmx7c5 e-con-full e-flex e-con e-child\" data-id=\"pemmx7c5\" data-element_type=\"container\" data-e-type=\"container\">\n\t\t<div class=\"elementor-element elementor-element-pemmx7c1 e-con-full e-flex e-con e-child\" data-id=\"pemmx7c1\" data-element_type=\"container\" data-e-type=\"container\">\n\t\t<div class=\"elementor-element elementor-element-qh9oavvu iwg-steckbrief-card e-flex e-con-boxed e-con e-child\" data-id=\"qh9oavvu\" data-element_type=\"container\" data-e-type=\"container\">\n\t\t\t\t\t<div class=\"e-con-inner\">\n\t\t\t\t<div class=\"elementor-element elementor-element-awzx8k2k elementor-widget elementor-widget-heading\" data-id=\"awzx8k2k\" data-element_type=\"widget\" data-e-type=\"widget\" data-widget_type=\"heading.default\">\n\t\t\t\t\t<div class=\"elementor-heading-title elementor-size-default\">Uppruni D\u00ed\u00f3n\u00fdsosar<\/div>\t\t\t\t<\/div>\n\t\t\t\t<div class=\"elementor-element elementor-element-x6rowhv0 elementor-widget elementor-widget-text-editor\" data-id=\"x6rowhv0\" data-element_type=\"widget\" data-e-type=\"widget\" data-widget_type=\"text-editor.default\">\n\t\t\t\t\t\t\t\t\t<p>D\u00ed\u00f3n\u00fdsos er sonur Seifs (Zeus) og hinnar jar\u00f0nesku <em>Semele<\/em>, d\u00f3ttur Kadmosar fr\u00e1 \u00deebu. Hera, \u00f6fundsj\u00fak vegna framhj\u00e1halds Seifs, telur hinni \u00feungu\u00f0u Semele \u00e1 a\u00f0 f\u00e1 a\u00f0 sj\u00e1 Seif \u00ed fullri gu\u00f0legri mynd sinni, sem ver\u00f0ur hennar bani.<\/p><p>Seifur bjargar \u00f3f\u00e6dda barninu og saumar \u00fea\u00f0 inn \u00ed l\u00e6ri\u00f0 sitt, \u00fea\u00f0an sem D\u00ed\u00f3n\u00fdsos f\u00e6\u00f0ist s\u00ed\u00f0ar (<em>tv\u00edf\u00e6ddur<\/em>, <em>dimetor<\/em>).<\/p><p>Hann \u00f3lst upp \u00e1 fjallinu Nysa, oft \u00ed umsj\u00f3n n\u00fdmfa e\u00f0a f\u00f3sturf\u00f6\u00f0urins Silenosar. Hann giftist <em>Ar\u00edadne<\/em> (sem \u00deeseus yfirgaf \u00e1 Naxos), einu af f\u00e1um sannarlega hamingjus\u00f6mum hj\u00f3nabandanna \u00ed gr\u00edska <span class=\"iwg-fachbegriff\" data-tooltip=\"Heild gu\u00f0a \u00ed tr\u00faarbr\u00f6g\u00f0um e\u00f0a menningu.\" tabindex=\"0\">go\u00f0aveldinu<\/span>.<\/p>\t\t\t\t\t\t\t\t<\/div>\n\t\t\t\t\t<\/div>\n\t\t\t\t<\/div>\n\t\t<div class=\"elementor-element elementor-element-8e3o4kxs iwg-steckbrief-card e-flex e-con-boxed e-con e-child\" data-id=\"8e3o4kxs\" data-element_type=\"container\" data-e-type=\"container\">\n\t\t\t\t\t<div class=\"e-con-inner\">\n\t\t\t\t<div class=\"elementor-element elementor-element-08rkdgov elementor-widget elementor-widget-heading\" data-id=\"08rkdgov\" data-element_type=\"widget\" data-e-type=\"widget\" data-widget_type=\"heading.default\">\n\t\t\t\t\t<div class=\"elementor-heading-title elementor-size-default\">Markh\u00f3pur D\u00ed\u00f3n\u00fdsosar<\/div>\t\t\t\t<\/div>\n\t\t\t\t<div class=\"elementor-element elementor-element-uwjelx8s elementor-widget elementor-widget-text-editor\" data-id=\"uwjelx8s\" data-element_type=\"widget\" data-e-type=\"widget\" data-widget_type=\"text-editor.default\">\n\t\t\t\t\t\t\t\t\t<p>Einkennandi fyrir D\u00ed\u00f3n\u00fdsos er marg\u00fe\u00e6tt hlutverk hans. Sem v\u00edngu\u00f0 kennir hann m\u00f6nnum v\u00ednr\u00e6kt, drykkju og f\u00e9lagsl\u00edf. Sem \u00e1st\u00ferungnagu\u00f0 heitir d\u00fdrleyndard\u00f3mur hans (Mystai-innv\u00edgslur) upplausn einstaklingsmarkanna \u00ed gu\u00f0legri samveru. Sem leikh\u00fasgu\u00f0 er hann verndari harmleiks og gamanleiks \u00e1 D\u00ed\u00f3n\u00fds\u00eduh\u00e1t\u00ed\u00f0um A\u00feenu, sem gr\u00f3\u00f0urgu\u00f0 endurspeglar \u00e1rlegur dau\u00f0i hans og upprisa hringr\u00e1s v\u00ednvi\u00f0arins. Sem frelsari (Eleuthereus, Lyaios) frelsar hann fr\u00e1 f\u00e9lagslegum si\u00f0venjum, st\u00f6\u00f0u og kyni \u00ed \u00e1st\u00ferungnu si\u00f0unum. Sem hinn erlendi gu\u00f0 er hann oft s\u00fdndur sem as\u00edskur e\u00f0a \u00ferakverskur innflytjandi, \u00fe\u00f3tt hann s\u00e9 m\u00fdkenskt gamall.<\/p>\t\t\t\t\t\t\t\t<\/div>\n\t\t\t\t\t<\/div>\n\t\t\t\t<\/div>\n\t\t<div class=\"elementor-element elementor-element-jm2n74ec iwg-steckbrief-card e-flex e-con-boxed e-con e-child\" data-id=\"jm2n74ec\" data-element_type=\"container\" data-e-type=\"container\">\n\t\t\t\t\t<div class=\"e-con-inner\">\n\t\t\t\t<div class=\"elementor-element elementor-element-8vufse4c elementor-widget elementor-widget-heading\" data-id=\"8vufse4c\" data-element_type=\"widget\" data-e-type=\"widget\" data-widget_type=\"heading.default\">\n\t\t\t\t\t<div class=\"elementor-heading-title elementor-size-default\">\u00datlit D\u00ed\u00f3n\u00fdsosar<\/div>\t\t\t\t<\/div>\n\t\t\t\t<div class=\"elementor-element elementor-element-mwb9u015 elementor-widget elementor-widget-text-editor\" data-id=\"mwb9u015\" data-element_type=\"widget\" data-e-type=\"widget\" data-widget_type=\"text-editor.default\">\n\t\t\t\t\t\t\t\t\t<p>Tv\u00f6 megin form, eftir t\u00edmaskei\u00f0i:<\/p><p><strong>Fornaldarlegt (6.&ndash;5. \u00f6ld f.Kr.):<\/strong> skeggja\u00f0ur ma\u00f0ur \u00e1 mi\u00f0jum aldri \u00ed l\u00f6ngu kl\u00e6\u00f0i, oft me\u00f0 kantharos (drykkjarkeri) og v\u00ednvi\u00f0arkr\u00f6ns. Alvarlegri og vir\u00f0ulegri.<\/p><p><strong>Klass\u00edskt og s\u00ed\u00f0ar (4. \u00f6ld f.Kr. og \u00e1fram):<\/strong> ungur, fagur, skegglaus ma\u00f0ur me\u00f0 langt, li\u00f0a\u00f0 h\u00e1r, oft afkl\u00e6ddur e\u00f0a me\u00f0 l\u00e9tta d\u00fdrah\u00fa\u00f0. Nokku\u00f0 tv\u00edkynja (<em>thelydries<\/em>, kvenlega bl\u00ed\u00f0ur). Me\u00f0 v\u00ednvi\u00f0arkr\u00f6ns e\u00f0a sortulaufskr\u00f6ns, <em>\u00feyrsusstaf<\/em> (me\u00f0 k\u00f6ngultopp, vafinn v\u00ednvi\u00f0i\/sortulaufi).<\/p><p>Fylgt af <em>Thiasos<\/em>, h\u00f3pi m\u00e6nada (dansandi konur \u00ed \u00e1st\u00ferunga), sat\u00fdra (horna\u00f0ra, h\u00e1lfd\u00fdrslegra v\u00edngjafa), Silenosi (g\u00f6mlum, feitum f\u00f3sturf\u00f6\u00f0ur \u00e1 asna). Rei\u00f0d\u00fdr: pardusd\u00fdr\/hl\u00e9bar\u00f0i e\u00f0a vagn dreginn af pardusum.<\/p>\t\t\t\t\t\t\t\t<\/div>\n\t\t\t\t\t<\/div>\n\t\t\t\t<\/div>\n\t\t\t\t<\/div>\n\t\t<div class=\"elementor-element elementor-element-pemmx7c2 e-con-full e-flex e-con e-child\" data-id=\"pemmx7c2\" data-element_type=\"container\" data-e-type=\"container\">\n\t\t<div class=\"elementor-element elementor-element-37ss2yr6 iwg-steckbrief-card e-flex e-con-boxed e-con e-child\" data-id=\"37ss2yr6\" data-element_type=\"container\" data-e-type=\"container\">\n\t\t\t\t\t<div class=\"e-con-inner\">\n\t\t\t\t<div class=\"elementor-element elementor-element-3v0wp3wx elementor-widget elementor-widget-heading\" data-id=\"3v0wp3wx\" data-element_type=\"widget\" data-e-type=\"widget\" data-widget_type=\"heading.default\">\n\t\t\t\t\t<div class=\"elementor-heading-title elementor-size-default\">\u00c1hrif D\u00ed\u00f3n\u00fdsosar<\/div>\t\t\t\t<\/div>\n\t\t\t\t<div class=\"elementor-element elementor-element-w3247g2m elementor-widget elementor-widget-text-editor\" data-id=\"w3247g2m\" data-element_type=\"widget\" data-e-type=\"widget\" data-widget_type=\"text-editor.default\">\n\t\t\t\t\t\t\t\t\t<p><strong>Verksvi\u00f0:<\/strong> D\u00ed\u00f3n\u00fdsos haf\u00f0i einstaklega v\u00ed\u00f0t\u00e6k \u00e1hrif. \u00cd opinberri <span class=\"iwg-fachbegriff\" data-tooltip=\"Heild \u00feeirra tr\u00faarathafna sem tengjast tilbei\u00f0slu \u00e1 go\u00f0magni e\u00f0a heilagri v\u00e6ttu.\" tabindex=\"0\">d\u00fdrkun<\/span>: <em>St\u00f3rd\u00ed\u00f3n\u00fds\u00eduh\u00e1t\u00ed\u00f0irnir<\/em> \u00ed A\u00feenu (mars\/apr\u00edl) sem mikilv\u00e6gasta leiklistarh\u00e1t\u00ed\u00f0 <span class=\"iwg-fachbegriff\" data-tooltip=\"T\u00edmabil gr\u00edskrar og r\u00f3mverskrar menningar, um \u00fea\u00f0 bil 800 f.Kr. til 600 e.Kr.\" tabindex=\"0\">fornaldar<\/span>, \u00c6skylos, S\u00f3f\u00f3kles, Evrip\u00eddes og Arist\u00f3fanes skrifu\u00f0u verk s\u00edn fyrir \u00feessa h\u00e1t\u00ed\u00f0; D\u00ed\u00f3n\u00fdsosleikh\u00fasi\u00f0 \u00e1 su\u00f0urhl\u00ed\u00f0 Akr\u00f3p\u00f3lis er m\u00f3\u00f0ir alls vestr\u00e6nnar leikh\u00fassarkitekt\u00fars.<\/p><p><em>Leyndard\u00f3mar<\/em>: D\u00ed\u00f3n\u00fdsos-leyndard\u00f3ms<span class=\"iwg-fachbegriff\" data-tooltip=\"Tr\u00faarleg umskipti \u00fear sem einhver er tekinn inn \u00ed n\u00fdja st\u00f6\u00f0u e\u00f0a samf\u00e9lag.\" tabindex=\"0\">innv\u00edgsla<\/span> \u00ed fj\u00f6lm\u00f6rgum sta\u00f0bundnum hef\u00f0um, me\u00f0 fyrirheiti um hamingjusama framhaldstilveru.<\/p><p><em>M\u00e6nadahef\u00f0<\/em>: konur f\u00f3ru s\u00e9rhvern annan vetur upp \u00ed fj\u00f6llin til \u00e1st\u00ferungra n\u00e1tta, l\u00fdst <span class=\"iwg-fachbegriff\" tabindex=\"0\" data-tooltip=\"Tilheyrandi f\u00f6stum heil\u00f6gum ritasafni; ekki-vi\u00f0urkenndir textar kallast ap\u00f3kr\u00fdfir.\">kan\u00f3n\u00edskt<\/span> \u00ed <em>Bakkynjum<\/em> Evrip\u00eddesar. <em>Heimilisi\u00f0ja<\/em>: hvert n\u00fdtt v\u00edn var <span class=\"iwg-fachbegriff\" data-tooltip=\"Me\u00f0 tr\u00faarlegri ath\u00f6fn afhent hinu heilaga og \u00fear me\u00f0 teki\u00f0 \u00far hinu hversdagslega.\" tabindex=\"0\">helga\u00f0<\/span> D\u00ed\u00f3n\u00fdsosi \u00e1 heimilisaltari. \u00cd r\u00f3mverska r\u00edkinu voru <em>Bakkanal\u00edur<\/em>, en \u00f3h\u00f3fssemi \u00feeirra leiddi til h\u00f6mlunar me\u00f0 Senatus consultum de Bacchanalibus \u00e1ri\u00f0 186 f.Kr.<\/p>\t\t\t\t\t\t\t\t<\/div>\n\t\t\t\t\t<\/div>\n\t\t\t\t<\/div>\n\t\t<div class=\"elementor-element elementor-element-0qpjal9w iwg-steckbrief-card e-flex e-con-boxed e-con e-child\" data-id=\"0qpjal9w\" data-element_type=\"container\" data-e-type=\"container\">\n\t\t\t\t\t<div class=\"e-con-inner\">\n\t\t\t\t<div class=\"elementor-element elementor-element-6ndoih0o elementor-widget elementor-widget-heading\" data-id=\"6ndoih0o\" data-element_type=\"widget\" data-e-type=\"widget\" data-widget_type=\"heading.default\">\n\t\t\t\t\t<div class=\"elementor-heading-title elementor-size-default\">V\u00f6rn gegn D\u00ed\u00f3n\u00fdsosi<\/div>\t\t\t\t<\/div>\n\t\t\t\t<div class=\"elementor-element elementor-element-6684tyh9 elementor-widget elementor-widget-text-editor\" data-id=\"6684tyh9\" data-element_type=\"widget\" data-e-type=\"widget\" data-widget_type=\"text-editor.default\">\n\t\t\t\t\t\t\t\t\t<p>\u00deyrsusstafur (k\u00f6ngultoppur, vafinn v\u00ednvi\u00f0i\/sortulaufi), v\u00ednvi\u00f0arkr\u00f6ns, sortulaufskr\u00f6ns, kantharos (tv\u00edhandfanga\u00f0 drykkjarker), pardusfeldur, d\u00fdrah\u00fa\u00f0, leikh\u00fasgr\u00edma (gaman og harmleikur), naut (d\u00fdrsmyndar\u00fe\u00e1ttur: D\u00ed\u00f3n\u00fdsos sem naut \u00ed Bakkynjum). Pl\u00f6ntur: v\u00ednvi\u00f0ur, sortulauf, greni, granatepli, f\u00edkja. Heil\u00f6g d\u00fdr: pardusd\u00fdr, hl\u00e9bar\u00f0i, naut, hafur, sn\u00e1kur (\u00ed h\u00f6ndum m\u00e6nada), asni (rei\u00f0d\u00fdr Silenosar). Fylgifiskar: m\u00e6nadar, sat\u00fdrar, Silenos.<\/p>\t\t\t\t\t\t\t\t<\/div>\n\t\t\t\t\t<\/div>\n\t\t\t\t<\/div>\n\t\t<div class=\"elementor-element elementor-element-3lfi7x32 iwg-steckbrief-card e-flex e-con-boxed e-con e-child\" data-id=\"3lfi7x32\" data-element_type=\"container\" data-e-type=\"container\">\n\t\t\t\t\t<div class=\"e-con-inner\">\n\t\t\t\t<div class=\"elementor-element elementor-element-0kg99ga1 elementor-widget elementor-widget-heading\" data-id=\"0kg99ga1\" data-element_type=\"widget\" data-e-type=\"widget\" data-widget_type=\"heading.default\">\n\t\t\t\t\t<div class=\"elementor-heading-title elementor-size-default\">Hli\u00f0st\u00e6\u00f0ur D\u00ed\u00f3n\u00fdsosar<\/div>\t\t\t\t<\/div>\n\t\t\t\t<div class=\"elementor-element elementor-element-n0fum6kp elementor-widget elementor-widget-text-editor\" data-id=\"n0fum6kp\" data-element_type=\"widget\" data-e-type=\"widget\" data-widget_type=\"text-editor.default\">\n\t\t\t\t\t\t\t\t\t<p><em>Bacchus \/ Liber Pater<\/em> (R\u00f3m, n\u00e1nast eins og upprunalega), <em>Sabazios<\/em> (Fr\u00fdg\u00eda, samlaga\u00f0ur D\u00ed\u00f3n\u00fdsosi \u00e1 hellen\u00edskum t\u00edma), <em>Os\u00edris<\/em> (Egyptaland, tengdur D\u00ed\u00f3n\u00fdsosi af Pl\u00fatarkosi \u00ed <em>De Iside et Osiride<\/em> me\u00f0 gr\u00f3\u00f0ur-deyr-og-endurf\u00e6\u00f0ist-<span class=\"iwg-fachbegriff\" data-tooltip=\"Endurteki\u00f0 efnisatri\u00f0i \u00ed list e\u00f0a fr\u00e1s\u00f6gn.\">stefi<\/span>), <em>Tamm\u00faz\/D\u00fam\u00fazi<\/em> (Mes\u00f3p\u00f3tam\u00eda, deyjandi og endurrisinn gr\u00f3\u00f0urgu\u00f0), <em>Ad\u00f3nis<\/em> (F\u00f6nik\u00eda-Grikkland, dau\u00f0i gr\u00f3\u00f0ursins), <em>Shiva<\/em> (hind\u00faasi\u00f0ur, tantr\u00edsk-\u00e1st\u00ferungin hli\u00f0 me\u00f0 dansi og v\u00edni), <em>S\u00f3ma<\/em> (v\u00e9ddrykkjargu\u00f0, \u00e1st\u00ferungin).<\/p><p>Hlutverkslega s\u00e9\u00f0 deilir hver \u00e1st\u00ferungin drykkjar- e\u00f0a gr\u00f3\u00f0urgu\u00f0 einkennum me\u00f0 D\u00ed\u00f3n\u00fdsosi. Deyja-og-endurr\u00edsa-<span class=\"iwg-fachbegriff\" data-tooltip=\"Endurteki\u00f0 efnisatri\u00f0i \u00ed list e\u00f0a fr\u00e1s\u00f6gn.\">stefi\u00f0<\/span> tengir hann leyndard\u00f3mstr\u00faarbr\u00f6g\u00f0um um allt Mi\u00f0jar\u00f0arhafssv\u00e6\u00f0i\u00f0.<\/p>\t\t\t\t\t\t\t\t<\/div>\n\t\t\t\t\t<\/div>\n\t\t\t\t<\/div>\n\t\t\t\t<\/div>\n\t\t\t\t<\/div>\n\t\t\t\t\t<\/div>\n\t\t\t\t<\/div>\n\t\t<div class=\"elementor-element elementor-element-7533bc7a e-flex e-con-boxed e-con e-parent\" data-id=\"7533bc7a\" data-element_type=\"container\" data-e-type=\"container\">\n\t\t\t\t\t<div class=\"e-con-inner\">\n\t\t\t\t<div class=\"elementor-element elementor-element-2447d18d elementor-widget elementor-widget-heading\" data-id=\"2447d18d\" data-element_type=\"widget\" data-e-type=\"widget\" data-widget_type=\"heading.default\">\n\t\t\t\t\t<h2 class=\"elementor-heading-title elementor-size-default\">Verndarh\u00e6ttir<\/h2>\t\t\t\t<\/div>\n\t\t<div class=\"elementor-element elementor-element-d5d0260c e-con-full e-flex e-con e-child\" data-id=\"d5d0260c\" data-element_type=\"container\" data-e-type=\"container\">\n\t\t\t\t<div class=\"elementor-element elementor-element-341be2ac elementor-widget elementor-widget-text-editor\" data-id=\"341be2ac\" data-element_type=\"widget\" data-e-type=\"widget\" data-widget_type=\"text-editor.default\">\n\t\t\t\t\t\t\t\t\t<div><p><strong>Tilbei\u00f0sla \u00ed daglegu l\u00edfi<\/strong><\/p>\n<div><p><strong>Athafnir og \u00e1kallanir<\/strong><br>\nD\u00ed\u00f3n\u00fds\u00eduh\u00e1t\u00ed\u00f0irnar miklu voru leikh\u00fash\u00e1t\u00ed\u00f0 A\u00feenu, auk \u00feess voru Anthester\u00eduh\u00e1t\u00ed\u00f0irnar. M\u00e6nadaathafnirnar (Oreibasia) leiddu upp \u00ed fj\u00f6llin; d\u00ed\u00f3n\u00fds\u00edsku leyndard\u00f3marnir h\u00e9tu s\u00e9rst\u00f6kum von um s\u00e1luhj\u00e1lp.<\/p><\/div>\n\n<p><strong>\u00c1kallanir og b\u00e6nir<\/strong><\/p>\n<div><p><strong>Textahef\u00f0 og form\u00falur<\/strong><br>\nH\u00f3merski D\u00ed\u00f3n\u00fdsoss\u00e1lmurinn, harmleikur Evrip\u00eddesar \u201eBakkynjur&#8220;, orfe\u00edsku gullbl\u00f6\u00f0in og textar d\u00ed\u00f3n\u00fds\u00edsku leyndard\u00f3manna var\u00f0veita <span class=\"iwg-fachbegriff\" data-tooltip=\"Var\u00f0veitt fr\u00e1s\u00f6gn um gu\u00f0i, uppruna og skipan heimsins.\">go\u00f0s\u00f6gn<\/span> og <span class=\"iwg-fachbegriff\" data-tooltip=\"Heild tr\u00faarlegra d\u00fdrkunarathafna fyrir gu\u00f0 e\u00f0a heilaga veru.\">d\u00fdrkun<\/span> gu\u00f0sins.<\/p><\/div>\n\n<p><strong>Verndargripir og verndart\u00e1knmerki<\/strong><\/p>\n<div><p><strong>Efnislegar <span class=\"iwg-fachbegriff\" data-tooltip=\"Fleirtala af apotrop\u00e6ikon: hlutir og t\u00e1kn sem \u00e6tla\u00f0 er a\u00f0 verjast \u00f3g\u00e6fu.\">verndarmunir<\/span> og fornleifafr\u00e6\u00f0ilegar sannanir<\/strong><br>\n\u00deyrsusstafurinn og bergfl\u00e9tukransar voru me\u00f0al t\u00e1kna hans. Gr\u00edmur D\u00ed\u00f3n\u00fdsosar h\u00f6f\u00f0u s\u00e9rstaka \u00fe\u00fd\u00f0ingu, \u00fe\u00e6r \u00fej\u00f3nu\u00f0u b\u00e6\u00f0i leikh\u00fas- og verndarhlutverki \u00ed e\u00f0li s\u00ednu; einnig eru vitnisbur\u00f0ir um fall\u00edska skr\u00fa\u00f0g\u00f6ngur.<\/p><\/div><\/div>\t\t\t\t\t\t\t\t<\/div>\n\t\t\t\t<\/div>\n\t\t\t\t\t<\/div>\n\t\t\t\t<\/div>\n\t\t<div class=\"elementor-element elementor-element-5a584676 e-flex e-con-boxed e-con e-parent\" data-id=\"5a584676\" data-element_type=\"container\" data-e-type=\"container\">\n\t\t\t\t\t<div class=\"e-con-inner\">\n\t\t\t\t<div class=\"elementor-element elementor-element-6d0757bf elementor-widget elementor-widget-heading\" data-id=\"6d0757bf\" data-element_type=\"widget\" data-e-type=\"widget\" data-widget_type=\"heading.default\">\n\t\t\t\t\t<h2 class=\"elementor-heading-title elementor-size-default\">D\u00ed\u00f3n\u00fdsos, hli\u00f0st\u00e6\u00f0ur \u00ed \u00f6\u00f0rum menningarheimum<\/h2>\t\t\t\t<\/div>\n\t\t<div class=\"elementor-element elementor-element-60563f68 e-con-full e-flex e-con e-child\" data-id=\"60563f68\" data-element_type=\"container\" data-e-type=\"container\">\n\t\t\t\t<div class=\"elementor-element elementor-element-5a93fdd6 elementor-widget elementor-widget-text-editor\" data-id=\"5a93fdd6\" data-element_type=\"widget\" data-e-type=\"widget\" data-widget_type=\"text-editor.default\">\n\t\t\t\t\t\t\t\t\t<p>V\u00edn- og \u00e1stargo\u00f0um svipar hvarvetna: Os\u00edris (Egyptaland, einnig endurf\u00e6\u00f0ing), S\u00f3ma (Indland, \u00f6lvandi safi), Bacchus (R\u00f3m, s\u00ed\u00f0ara nafn). Kynleysi og umbreyting D\u00ed\u00f3n\u00fdsosar tengja hann umbreytingarpers\u00f3num eins og Hermes e\u00f0a Hekate. Hlutverk hans sem leikh\u00fasgu\u00f0s er einstakt \u00ed <span class=\"iwg-fachbegriff\" data-tooltip=\"Heild var\u00f0veittra go\u00f0afr\u00e1sagna \u00ed menningu.\">go\u00f0afr\u00e6\u00f0inni<\/span>. M\u00e6naduofsinn l\u00edkist sjaman\u00edskum trans \u00ed \u00f6\u00f0rum menningarheimum.<\/p>\t\t\t\t\t\t\t\t<\/div>\n\t\t\t\t<\/div>\n\t\t\t\t\t<\/div>\n\t\t\t\t<\/div>\n\t\t<div class=\"elementor-element elementor-element-cpb7a38c7 e-flex e-con-boxed e-con e-parent\" data-id=\"cpb7a38c7\" data-element_type=\"container\" data-e-type=\"container\">\n\t\t\t\t\t<div class=\"e-con-inner\">\n\t\t\t\t<div class=\"elementor-element elementor-element-cpb7bf429 elementor-widget elementor-widget-heading\" data-id=\"cpb7bf429\" data-element_type=\"widget\" data-e-type=\"widget\" data-widget_type=\"heading.default\">\n\t\t\t\t\t<h2 class=\"elementor-heading-title elementor-size-default\">Bakkynjur Evrip\u00eddesar: Gu\u00f0inn sem harmleikur<\/h2>\t\t\t\t<\/div>\n\t\t<div class=\"elementor-element elementor-element-cp34a51a8 e-con-full e-flex e-con e-child\" data-id=\"cp34a51a8\" data-element_type=\"container\" data-e-type=\"container\">\n\t\t\t\t<div class=\"elementor-element elementor-element-cpb74e41d elementor-widget elementor-widget-text-editor\" data-id=\"cpb74e41d\" data-element_type=\"widget\" data-e-type=\"widget\" data-widget_type=\"text-editor.default\">\n\t\t\t\t\t\t\t\t\t<p>Enginn fornaldartexti hefur m\u00f3ta\u00f0 mynd D\u00ed\u00f3n\u00fdsosar eins miki\u00f0 og <em>Bakkynjur<\/em> Evrip\u00eddesar, sem var flutt stuttu eftir 406 f.Kr. Verki\u00f0 segir fr\u00e1 komu gu\u00f0sins til \u00deebu, borgar m\u00f3\u00f0ur hans Semele.<\/p><p>Pentheus, ungi konungurinn, neitar a\u00f0 vi\u00f0urkenna D\u00ed\u00f3n\u00fdsos sem gu\u00f0 og reynir a\u00f0 b\u00e6la ni\u00f0ur n\u00fdju <span class=\"iwg-fachbegriff\" data-tooltip=\"Heild tr\u00faarlegra d\u00fdrkunarathafna fyrir gu\u00f0 e\u00f0a heilaga veru.\">d\u00fdrkunina<\/span>. Gu\u00f0inn, sem birtist \u00ed mannsmynd, lei\u00f0ir Pentheus gegnum r\u00f6\u00f0 au\u00f0m\u00fdkinga \u00fat \u00ed ge\u00f0veiki.<\/p><p>H\u00e1punkturinn er hrottalegur. Pentheus, sem D\u00ed\u00f3n\u00fdsos hefur kl\u00e6tt \u00ed kvenmannsf\u00f6t og er forvitinn um \u00f3\u00f0ar konurnar, er tekinn fyrir villid\u00fdr af m\u00e6n\u00f6\u00f0um \u00e1 Kithairon-fjalli.<\/p><p>\u00cd fararbroddi \u00feeirra r\u00edfur eigin m\u00f3\u00f0ir hans Agave hann \u00ed t\u00e6tlur \u00ed blindni d\u00ed\u00f3n\u00fds\u00edsks ofsa. H\u00fan sn\u00fdr aftur til \u00deebu me\u00f0 h\u00f6fu\u00f0 hans, \u00ed tr\u00fa um a\u00f0 hafa fellt lj\u00f3n, og gerir s\u00e9r ekki grein fyrir hva\u00f0 h\u00fan hefur gert fyrr en \u00fe\u00e1.<\/p><p>Tr\u00faarfr\u00e6\u00f0ilega er verki\u00f0 mikilv\u00e6g heimild \u00fev\u00ed \u00fea\u00f0 s\u00fdnir tv\u00f6falt e\u00f0li D\u00ed\u00f3n\u00fdsosar. Gu\u00f0inn veitir gle\u00f0i, v\u00edn og frelsun, en s\u00e1 sem hafnar honum kynnist ey\u00f0ingarhli\u00f0 hans.<\/p><p>Fr\u00e6\u00f0imenn eins og E. R. Dodds, sem sk\u00fdringarrit hans vi\u00f0 <em>Bakkynjur<\/em> (1944) er enn \u00ed dag tali\u00f0 markt\u00e6kt, hafa s\u00fdnt a\u00f0 leikriti\u00f0 er ekki einf\u00f6ld v\u00f6rn e\u00f0a \u00e1s\u00f6kun \u00e1 d\u00fdrkunina, heldur gerir hi\u00f0 \u00f3vi\u00f0r\u00e1\u00f0anlega, h\u00e6ttulega e\u00f0li hins gu\u00f0lega sj\u00e1lfs a\u00f0 umfj\u00f6llunarefni s\u00ednu.<\/p><p><em>Bakkynjur<\/em> eru samt\u00edmis vangaveltur um harmleikinn sem stofnun, \u00fev\u00ed leikh\u00fasi\u00f0 \u00ed A\u00feenu var undir vernd D\u00ed\u00f3n\u00fdsosar.<\/p>\t\t\t\t\t\t\t\t<\/div>\n\t\t\t\t<\/div>\n\t\t\t\t\t<\/div>\n\t\t\t\t<\/div>\n\t\t<div class=\"elementor-element elementor-element-cp124c893 e-flex e-con-boxed e-con e-parent\" data-id=\"cp124c893\" data-element_type=\"container\" data-e-type=\"container\">\n\t\t\t\t\t<div class=\"e-con-inner\">\n\t\t\t\t<div class=\"elementor-element elementor-element-cp5467eb4 elementor-widget elementor-widget-heading\" data-id=\"cp5467eb4\" data-element_type=\"widget\" data-e-type=\"widget\" data-widget_type=\"heading.default\">\n\t\t\t\t\t<h2 class=\"elementor-heading-title elementor-size-default\">Leikh\u00fas D\u00ed\u00f3n\u00fdsosar og leikh\u00fash\u00e1t\u00ed\u00f0irnar<\/h2>\t\t\t\t<\/div>\n\t\t<div class=\"elementor-element elementor-element-cpaff0305 e-con-full e-flex e-con e-child\" data-id=\"cpaff0305\" data-element_type=\"container\" data-e-type=\"container\">\n\t\t\t\t<div class=\"elementor-element elementor-element-cpd149c6d elementor-widget elementor-widget-text-editor\" data-id=\"cpd149c6d\" data-element_type=\"widget\" data-e-type=\"widget\" data-widget_type=\"text-editor.default\">\n\t\t\t\t\t\t\t\t\t<p>Gr\u00edsk harmleik og gamanleikur eru stofnanalega tengd D\u00ed\u00f3n\u00fdsosi. \u00cd A\u00feenu f\u00f3ru mikilv\u00e6gustu leiks\u00fdningarnar fram \u00e1 h\u00e1t\u00ed\u00f0um hans, fyrst og fremst \u00e1 <em>D\u00ed\u00f3n\u00fds\u00eduh\u00e1t\u00ed\u00f0unum<\/em> \u00e1 vorin og \u00e1 <em>Lenaeu-h\u00e1t\u00ed\u00f0unum<\/em> \u00e1 veturna.<\/p><p>Steinleikh\u00fasi\u00f0 \u00e1 su\u00f0urhli\u00f0 Akrop\u00f3lis bar nafn hans, Leikh\u00fas D\u00ed\u00f3n\u00fdsosar, og \u00ed mi\u00f0ju \u00feess st\u00f3\u00f0 <span class=\"iwg-fachbegriff\" data-tooltip=\"Upph\u00e6kka\u00f0ur sta\u00f0ur e\u00f0a bor\u00f0 fyrir f\u00f3rnir og tr\u00faarathafnir.\">altari<\/span> gu\u00f0sins; prestur D\u00ed\u00f3n\u00fdsosar haf\u00f0i vir\u00f0ingars\u00e6ti \u00ed fremstu r\u00f6\u00f0.<\/p><p>D\u00ed\u00f3n\u00fds\u00eduh\u00e1t\u00ed\u00f0irnar miklu voru margra daga r\u00edkish\u00e1t\u00ed\u00f0. <span class=\"iwg-fachbegriff\" data-tooltip=\"H\u00e1t\u00ed\u00f0leg tr\u00faarleg skr\u00fa\u00f0ganga.\">Skr\u00fa\u00f0ganga<\/span> bar <span class=\"iwg-fachbegriff\" data-tooltip=\"Myndl\u00e6g framsetning gu\u00f0s sem d\u00fdrku\u00f0 er \u00ed musteri e\u00f0a helgista\u00f0.\">go\u00f0amynd<\/span> gu\u00f0sins h\u00e1t\u00ed\u00f0lega inn \u00ed leikh\u00fasi\u00f0, \u00e1 eftir fylgdu <span class=\"iwg-fachbegriff\" data-tooltip=\"Gj\u00f6f til gu\u00f0s til a\u00f0 tj\u00e1 \u00fe\u00f6kk, b\u00f3n e\u00f0a d\u00fdrkun.\">f\u00f3rnir<\/span>, k\u00f3rsamkeppnir drengja og karla me\u00f0 d\u00ed\u00fe\u00fdrambum auk \u00feess sem harmleikir og gamanleikjafernur voru flutt \u00ed samkeppni.<\/p><p>Sk\u00e1ldin, \u00fear \u00e1 me\u00f0al \u00c6sk\u00fdlos, S\u00f3f\u00f3kles og Evrip\u00eddes, kepptu hvert vi\u00f0 anna\u00f0 og d\u00f3mnefnd veitti ver\u00f0laun. H\u00e1t\u00ed\u00f0in var \u00feannig samt\u00edmis tr\u00faarleg ath\u00f6fn, p\u00f3lit\u00edsk sj\u00e1lfsmynd borgr\u00edkisins og listr\u00e6n samkeppni.<\/p><p>Hvers vegna D\u00ed\u00f3n\u00fdsos var\u00f0 verndari leikritsins er miki\u00f0 r\u00e6dd spurning \u00ed fr\u00e6\u00f0unum. Eldri kenningin leiddi harmleikinn af d\u00ed\u00fe\u00fdrambosnum, k\u00f3rs\u00f6ng um D\u00ed\u00f3n\u00fdsos, kenning sem m\u00e1 rekja til Arist\u00f3telesar en er \u00ed dag metin me\u00f0 meiri vark\u00e1rni.<\/p><p>\u00d6ruggt er a\u00f0 leikh\u00fasi\u00f0 skapa\u00f0i r\u00fdmi \u00fear sem umbreyting, gr\u00edma, \u00e1st\u00ferungin s\u00e6la og a\u00f0 fara yfir eigin sj\u00e1lfsmynd var leyfilegt og skipulagt, allt \u00fe\u00e6ttir sem eru e\u00f0li D\u00ed\u00f3n\u00fdsosar. Gr\u00edman, sem leikarar t\u00f3ku upp til a\u00f0 ver\u00f0a \u00f6nnur pers\u00f3na, v\u00edsar beint til gu\u00f0sins, sem var oft d\u00fdrka\u00f0ur sem gr\u00edmugu\u00f0 sj\u00e1lfur.<\/p>\t\t\t\t\t\t\t\t<\/div>\n\t\t\t\t<\/div>\n\t\t\t\t\t<\/div>\n\t\t\t\t<\/div>\n\t\t<div class=\"elementor-element elementor-element-cpbbb6333 e-flex e-con-boxed e-con e-parent\" data-id=\"cpbbb6333\" data-element_type=\"container\" data-e-type=\"container\">\n\t\t\t\t\t<div class=\"e-con-inner\">\n\t\t\t\t<div class=\"elementor-element elementor-element-cp51c69d8 elementor-widget elementor-widget-heading\" data-id=\"cp51c69d8\" data-element_type=\"widget\" data-e-type=\"widget\" data-widget_type=\"heading.default\">\n\t\t\t\t\t<h2 class=\"elementor-heading-title elementor-size-default\">Tv\u00edf\u00e6ddur: f\u00e6\u00f0ing, dau\u00f0i og orf\u00edsk t\u00falkun<\/h2>\t\t\t\t<\/div>\n\t\t<div class=\"elementor-element elementor-element-cp838d7d3 e-con-full e-flex e-con e-child\" data-id=\"cp838d7d3\" data-element_type=\"container\" data-e-type=\"container\">\n\t\t\t\t<div class=\"elementor-element elementor-element-cp683c3b6 elementor-widget elementor-widget-text-editor\" data-id=\"cp683c3b6\" data-element_type=\"widget\" data-e-type=\"widget\" data-widget_type=\"text-editor.default\">\n\t\t\t\t\t\t\t\t\t<p>D\u00ed\u00f3n\u00fdsos ber vi\u00f0urnefni\u00f0 hinn tv\u00edf\u00e6ddi. \u00deekktasti <span class=\"iwg-fachbegriff\" data-tooltip=\"Var\u00f0veitt fr\u00e1s\u00f6gn um gu\u00f0i, uppruna og skipan heimsins.\" tabindex=\"0\">go\u00f0sagan<\/span> segir fr\u00e1 Semele, konungsd\u00f3ttur fr\u00e1 \u00deebu, sem er \u00feungu\u00f0 af Seifi. A\u00f0 undirlagi hinnar afbr\u00fd\u00f0is\u00f6mu Heru ba\u00f0 h\u00fan Seif a\u00f0 s\u00fdna sig \u00ed sinni s\u00f6nnu mynd, og eldingalj\u00f3mi gu\u00f0sins brennir hana til dau\u00f0a.<\/p><p>Seifur bjargar \u00f3f\u00e6dda barninu og saumar \u00fea\u00f0 inn \u00ed eigi\u00f0 l\u00e6rlegg sinn, \u00fea\u00f0an sem D\u00ed\u00f3n\u00fdsos f\u00e6\u00f0ist a\u00f0 lokum. \u00deess vegna talar ma\u00f0ur um tv\u00e6r f\u00e6\u00f0ingar, \u00far m\u00f3\u00f0ur og \u00far f\u00f6\u00f0ur.<\/p><p>\u00d6nnur, eldri og dekkri fr\u00e1sagnarhef\u00f0 tilheyrir orf\u00edska hringnum. H\u00e9r er D\u00ed\u00f3n\u00fdsos, oft kalla\u00f0ur Zagreus, barn Seifs og Persef\u00f3nu. T\u00edtanarnir t\u00e6la barni\u00f0, r\u00edfa \u00fea\u00f0 \u00ed sundur og gleypa \u00fea\u00f0. Seifur ey\u00f0ir T\u00edt\u00f6nunum me\u00f0 eldingu, og \u00far \u00f6sku \u00feeirra ver\u00f0a mennirnir.<\/p><p>Hjarta D\u00ed\u00f3n\u00fdsosar er bjarga\u00f0 og gu\u00f0inn f\u00e6\u00f0ist \u00e1 n\u00fdjan leik. \u00dat fr\u00e1 \u00feessari fr\u00e1s\u00f6gn dr\u00f3 orf\u00edska <span class=\"iwg-fachbegriff\" data-tooltip=\"V\u00edsindaleg fr\u00e6\u00f0igrein um gu\u00f0 og tr\u00fa \u00e1 tiltekinni tr\u00faarbr\u00f6g\u00f0um.\" tabindex=\"0\">gu\u00f0fr\u00e6\u00f0in<\/span> \u00e1lyktun um manninn: \u00ed honum b\u00fai b\u00e6\u00f0i t\u00edtanskur og d\u00ed\u00f3n\u00fds\u00edskur hluti.<\/p><p>Fr\u00e6\u00f0imenn hafa lengi deilt um aldur og \u00fatbrei\u00f0slu \u00feessarar orf\u00edsku hef\u00f0ar. Svok\u00f6llu\u00f0 orf\u00edsk gullbl\u00f6\u00f0, \u00feunnar \u00e1letra\u00f0ar gullpl\u00f6tur \u00far gr\u00f6fum \u00e1 Su\u00f0ur-\u00cdtal\u00edu, Kr\u00edt og \u00deessal\u00edu, gefa v\u00edsbendingar um handanheimshugmyndir sem tengdust D\u00ed\u00f3n\u00fdsosi.<\/p><p>\u00deau lofa hinum innv\u00edg\u00f0u betri \u00f6rl\u00f6gum eftir dau\u00f0ann. D\u00ed\u00f3n\u00fdsos er h\u00e9r ekki bara gu\u00f0 v\u00edns og \u00e6\u00f0is, heldur einnig pers\u00f3na sem tengdist von um \u00e1kve\u00f0in \u00f6rl\u00f6g handan grafarins.<\/p><p>N\u00e1kv\u00e6mt samband milli Zagreus-<span class=\"iwg-fachbegriff\" data-tooltip=\"Var\u00f0veitt fr\u00e1s\u00f6gn um gu\u00f0i, uppruna og skipan heimsins.\" tabindex=\"0\">go\u00f0s\u00f6gunnar<\/span>, gullbla\u00f0anna og hinna b\u00f3kmenntalega sta\u00f0festu launhelga er enn eitt af erfi\u00f0um opnum vi\u00f0fangsefnum fr\u00e6\u00f0anna.<\/p>\t\t\t\t\t\t\t\t<\/div>\n\t\t\t\t<\/div>\n\t\t\t\t\t<\/div>\n\t\t\t\t<\/div>\n\t\t<div class=\"elementor-element elementor-element-cp871c2ea e-flex e-con-boxed e-con e-parent\" data-id=\"cp871c2ea\" data-element_type=\"container\" data-e-type=\"container\">\n\t\t\t\t\t<div class=\"e-con-inner\">\n\t\t\t\t<div class=\"elementor-element elementor-element-cpf6f1a8b elementor-widget elementor-widget-heading\" data-id=\"cpf6f1a8b\" data-element_type=\"widget\" data-e-type=\"widget\" data-widget_type=\"heading.default\">\n\t\t\t\t\t<h2 class=\"elementor-heading-title elementor-size-default\">Launhelgarnar og m\u00e6nadarnar milli go\u00f0sagna og tr\u00faari\u00f0kunar<\/h2>\t\t\t\t<\/div>\n\t\t<div class=\"elementor-element elementor-element-cp4b08825 e-con-full e-flex e-con e-child\" data-id=\"cp4b08825\" data-element_type=\"container\" data-e-type=\"container\">\n\t\t\t\t<div class=\"elementor-element elementor-element-cp43f54f8 elementor-widget elementor-widget-text-editor\" data-id=\"cp43f54f8\" data-element_type=\"widget\" data-e-type=\"widget\" data-widget_type=\"text-editor.default\">\n\t\t\t\t\t\t\t\t\t<p>Til myndar D\u00ed\u00f3n\u00fdsosar teljast m\u00e6nadarnar e\u00f0a bakkynjur, hinar \u00f3\u00f0u konur sem dansa \u00ed fj\u00f6llunum, r\u00edfa d\u00fdr \u00ed sundur og hverfa fr\u00e1 hinni venjulegu skipan. Lengi var deilt um hvort raunveruleg tr\u00faari\u00f0kun l\u00e6gi a\u00f0 baki \u00feessum b\u00f3kmenntalegu myndum.<\/p><p>\u00cd dag telja fr\u00e6\u00f0imenn a\u00f0 raunveruleg kvennah\u00e1t\u00ed\u00f0ah\u00f6ld hafi \u00e1tt s\u00e9r sta\u00f0, svok\u00f6llu\u00f0 <em>Trieteria<\/em>, sem haldin voru \u00e1 tveggja \u00e1ra fresti \u00e1 tilteknum st\u00f6\u00f0um, me\u00f0al annars \u00e1 Parnassos-fjalli \u00ed Delf\u00ed. \u00c1letranir sta\u00f0festa skipul\u00f6g\u00f0 bakkynjuf\u00e9l\u00f6g me\u00f0 forst\u00f6\u00f0ukonum.<\/p><p>\u00deessar raunverulegu athafnir voru mun skipulegri en hinn go\u00f0s\u00f6gulegi \u00e6\u00f0i. \u00de\u00e6r f\u00f3ru fram \u00e1 f\u00f6stum t\u00edmum, h\u00f6f\u00f0u tilteknar emb\u00e6ttiskonur og voru felldar inn \u00ed h\u00e1t\u00ed\u00f0adagatal borgr\u00edkjanna.<\/p><p>Fjallgangan, n\u00e6turdansinn og a\u00f0 bera <em>thyrsos<\/em>, stafinn skreyttan bergfl\u00e9tta og furuk\u00f6nglum, tilheyr\u00f0u ath\u00f6fninni. <span class=\"iwg-fachbegriff\" data-tooltip=\"Var\u00f0veitt fr\u00e1s\u00f6gn um gu\u00f0i, uppruna og skipan heimsins.\" tabindex=\"0\">Go\u00f0sagan<\/span> \u00fdkti \u00feessa i\u00f0kun \u00ed \u00e1tt a\u00f0 hinu h\u00e6ttulega og takmarkalausa, a\u00f0 \u00f6llum l\u00edkindum til a\u00f0 undirstrika f\u00e9lagslegt gildi h\u00e1t\u00ed\u00f0arins sem t\u00edmabundna, skipulag\u00f0a undantekningu.<\/p><p>Auk \u00feessa voru til launhelgir D\u00ed\u00f3n\u00fdsosar sem b\u00e6\u00f0i karlar og konur g\u00e1tu veri\u00f0 innv\u00edg\u00f0 \u00ed. Vegg-fr\u00edsinn \u00ed launhelgavillunni \u00ed Pompei er \u00feekktasta myndarheimildin, \u00fe\u00f3tt t\u00falkun hans s\u00e9 enn deilt um. Tr\u00faarbrag\u00f0afr\u00e6\u00f0ingar eins og Walter Burkert og Albert Henrichs hafa bent \u00e1 a\u00f0 d\u00ed\u00f3n\u00fds\u00edsku launhelgirnar myndu\u00f0u ekkert eitt samr\u00e6mt kerfi, heldur voru skipulag\u00f0ar mj\u00f6g mismunandi eftir sv\u00e6\u00f0um.<\/p><p>Sameiginleg var \u00feeim upplifun umbreytingar, t\u00edmabundin innganga \u00ed a\u00f0ra skipan undir vernd gu\u00f0s sem sj\u00e1lfur f\u00f3r \u00edtreka\u00f0 yfir m\u00f6rkin milli manns og d\u00fdrs, karls og konu, l\u00edfs og dau\u00f0a.<\/p>\t\t\t\t\t\t\t\t<\/div>\n\t\t\t\t<\/div>\n\t\t\t\t\t<\/div>\n\t\t\t\t<\/div>\n\t\t<div class=\"elementor-element elementor-element-cpcca8439 e-flex e-con-boxed e-con e-parent\" data-id=\"cpcca8439\" data-element_type=\"container\" data-e-type=\"container\">\n\t\t\t\t\t<div class=\"e-con-inner\">\n\t\t\t\t<div class=\"elementor-element elementor-element-cp94b8664 elementor-widget elementor-widget-heading\" data-id=\"cp94b8664\" data-element_type=\"widget\" data-e-type=\"widget\" data-widget_type=\"heading.default\">\n\t\t\t\t\t<h2 class=\"elementor-heading-title elementor-size-default\">D\u00ed\u00f3n\u00fdsos milli Austurlanda og L\u00ednuletur B<\/h2>\t\t\t\t<\/div>\n\t\t<div class=\"elementor-element elementor-element-cp7a08631 e-con-full e-flex e-con e-child\" data-id=\"cp7a08631\" data-element_type=\"container\" data-e-type=\"container\">\n\t\t\t\t<div class=\"elementor-element elementor-element-cpa66e105 elementor-widget elementor-widget-text-editor\" data-id=\"cpa66e105\" data-element_type=\"widget\" data-e-type=\"widget\" data-widget_type=\"text-editor.default\">\n\t\t\t\t\t\t\t\t\t<p>Forn-Grikkir sj\u00e1lfir t\u00f6ldu D\u00ed\u00f3n\u00fdsos oft vera gu\u00f0 sem kom utan fr\u00e1, n\u00fdkominn fr\u00e1 \u00derak\u00edu, Fr\u00fdg\u00edu e\u00f0a L\u00fdd\u00edu. \u00deessi hugmynd endurspeglast \u00ed <em>Bakkynjunum<\/em>, \u00fear sem gu\u00f0inn kemur til \u00deebu sem \u00f3kunnugur.<\/p><p>Lengi fylgdu fr\u00e6\u00f0imenn \u00feessari t\u00falkun og litu \u00e1 D\u00ed\u00f3n\u00fdsos sem tilt\u00f6lulega seint innflutta <span class=\"iwg-fachbegriff\" data-tooltip=\"\u00d6ll tr\u00faarleg tilbei\u00f0sluath\u00f6fn fyrir gu\u00f0 e\u00f0a heilaga pers\u00f3nu.\" tabindex=\"0\">tilbei\u00f0slu<\/span>. \u00deessa mynd hefur \u00feurft a\u00f0 lei\u00f0r\u00e9tta.<\/p><p>Afgerandi voru m\u00fdkensku L\u00ednuletur B-t\u00f6flurnar, stj\u00f3rns\u00fdslutextar skrifa\u00f0ir me\u00f0 atkv\u00e6\u00f0askrift \u00e1 \u00f6\u00f0ru \u00e1r\u00fe\u00fasundi fyrir Krist. \u00c1 t\u00f6flum fr\u00e1 Pylos og af meginlandinu birtist nafni\u00f0 <em>di-wo-nu-so<\/em>, sem er sannf\u00e6randi lesi\u00f0 sem D\u00ed\u00f3n\u00fdsos.<\/p><p>\u00dear me\u00f0 er sta\u00f0fest a\u00f0 gu\u00f0inn var \u00feekktur \u00feegar \u00e1 <span class=\"iwg-fachbegriff\" data-tooltip=\"Fors\u00f6gulegt t\u00edmabil \u00fear sem bronsi var mikilv\u00e6gasti m\u00e1lmurinn \u00ed verkf\u00e6ri.\" tabindex=\"0\">brons\u00f6ld<\/span>, l\u00f6ngu \u00e1\u00f0ur en Grikkir st\u00edlf\u00e6r\u00f0u hann \u00ed b\u00f3kmenntum sem n\u00fdkominn. Hugmyndin um hinn \u00f3kunnuga gu\u00f0 er \u00feannig ekki s\u00f6guleg sta\u00f0reynd, heldur tr\u00faarlegt <span class=\"iwg-fachbegriff\" data-tooltip=\"Endurteki\u00f0 innihaldsatri\u00f0i \u00ed list e\u00f0a fr\u00e1s\u00f6gn.\" tabindex=\"0\">st\u00edlbrag\u00f0<\/span>.<\/p><p>\u00dat fr\u00e1 tr\u00faarbrag\u00f0afr\u00e6\u00f0ilegu sj\u00f3narmi\u00f0i f\u00e6rist spurningin \u00fear me\u00f0 til. Ekki er lengur r\u00e1\u00f0g\u00e1tan uppruni utan fr\u00e1, heldur hvers vegna Grikkir s\u00fdndu svo \u00fer\u00e1l\u00e1tlega gamlan, innlendan gu\u00f0 sem \u00f3kunnugan, s\u00ed\u00f0kominn og markalausan. Algeng sk\u00fdring er a\u00f0 D\u00ed\u00f3n\u00fdsos hafi haft \u00fea\u00f0 hlutverk a\u00f0 birta hi\u00f0 a\u00f0ra, hi\u00f0 upplausnarkennda, hi\u00f0 \u00f3venjulega innan eigin tr\u00faarbrag\u00f0a.<\/p><p>Hann var gu\u00f0inn sem ekki h\u00f3ta\u00f0i fastri skipan utan fr\u00e1, heldur s\u00fdndi hana innan fr\u00e1 sem t\u00edmabundi\u00f0 afturkr\u00e6fa. Nafni\u00f0 \u00e1 leirt\u00f6flunum fr\u00e1 Pylos er \u00feannig b\u00e6\u00f0i vitnisbur\u00f0ur um h\u00e1an aldur hans og tilefni til a\u00f0 endursko\u00f0a sj\u00e1lfsmynd gr\u00edskra tr\u00faarbrag\u00f0a.<\/p>\t\t\t\t\t\t\t\t<\/div>\n\t\t\t\t<\/div>\n\t\t\t\t\t<\/div>\n\t\t\t\t<\/div>\n\t\t<div class=\"elementor-element elementor-element-36dd7469 e-flex e-con-boxed e-con e-parent\" data-id=\"36dd7469\" data-element_type=\"container\" data-e-type=\"container\">\n\t\t\t\t\t<div class=\"e-con-inner\">\n\t\t\t\t<div class=\"elementor-element elementor-element-13760ab4 elementor-widget elementor-widget-heading\" data-id=\"13760ab4\" data-element_type=\"widget\" data-e-type=\"widget\" data-widget_type=\"heading.default\">\n\t\t\t\t\t<h2 class=\"elementor-heading-title elementor-size-default\">\u00cdtarefni og tenglar<\/h2>\t\t\t\t<\/div>\n\t\t<div class=\"elementor-element elementor-element-28c87796 e-con-full e-flex e-con e-child\" data-id=\"28c87796\" data-element_type=\"container\" data-e-type=\"container\">\n\t\t\t\t<div class=\"elementor-element elementor-element-5d6538df elementor-widget elementor-widget-text-editor\" data-id=\"5d6538df\" data-element_type=\"widget\" data-e-type=\"widget\" data-widget_type=\"text-editor.default\">\n\t\t\t\t\t\t\t\t\t<ul><li><a href=\"https:\/\/iwell-guard.com\/is\/?page_id=168710\">Seifur, fa\u00f0ir<\/a><\/li><li><a href=\"https:\/\/iwell-guard.com\/is\/?page_id=168786\">Apollon, sumar-m\u00f3tv\u00e6gi \u00ed Delf\u00ed<\/a><\/li><li><a href=\"https:\/\/iwell-guard.com\/is\/?page_id=168880\">Afr\u00f3d\u00edta, tengd skyngu\u00f0<\/a><\/li><li><a href=\"https:\/\/iwell-guard.com\/is\/?page_id=168718\">\u00d3s\u00edris, egypsk hli\u00f0st\u00e6\u00f0a um dau\u00f0a og upprisu<\/a><\/li><li><a href=\"https:\/\/iwell-guard.com\/is\/?page_id=168765\">Shiva, \u00e6\u00f0isleg hind\u00faa-hli\u00f0st\u00e6\u00f0a<\/a><\/li><li><a href=\"https:\/\/iwell-guard.com\/is\/?page_id=168594\">Grikkland, yfirlit yfir go\u00f0aheim<\/a><\/li><li><a href=\"https:\/\/iwell-guard.com\/is\/?page_id=168707\">\u00c6\u00f0ri gu\u00f0ir, undirflokkur<\/a><\/li><li><a href=\"https:\/\/iwell-guard.com\/is\/?page_id=168679\">Gu\u00f0ir, flokkayfirlit<\/a><\/li><\/ul>\t\t\t\t\t\t\t\t<\/div>\n\t\t\t\t<\/div>\n\t\t\t\t\t<\/div>\n\t\t\t\t<\/div>\n\t\t<div class=\"elementor-element elementor-element-grl4kl40 e-flex e-con-boxed e-con e-parent\" data-id=\"grl4kl40\" data-element_type=\"container\" data-e-type=\"container\">\n\t\t\t\t\t<div class=\"e-con-inner\">\n\t\t\t\t<div class=\"elementor-element elementor-element-bzsbfrmh elementor-widget elementor-widget-heading\" data-id=\"bzsbfrmh\" data-element_type=\"widget\" data-e-type=\"widget\" data-widget_type=\"heading.default\">\n\t\t\t\t\t<h2 class=\"elementor-heading-title elementor-size-default\">Heimildir (\u00farval)<\/h2>\t\t\t\t<\/div>\n\t\t<div class=\"elementor-element elementor-element-2c13224a e-con-full e-flex e-con e-child\" data-id=\"2c13224a\" data-element_type=\"container\" data-e-type=\"container\">\n\t\t\t\t<div class=\"elementor-element elementor-element-0eymh9ub elementor-widget elementor-widget-text-editor\" data-id=\"0eymh9ub\" data-element_type=\"widget\" data-e-type=\"widget\" data-widget_type=\"text-editor.default\">\n\t\t\t\t\t\t\t\t\t<footer class=\"iwg-literatur\" data-nosnippet=\"true\"><ul><li><span data-nosnippet>Otto, Walter F.: <em>Dionysos. <span class=\"iwg-fachbegriff\" data-tooltip=\"Yfirlifu\u00f0 fr\u00e1s\u00f6gn um gu\u00f0i, uppruna og skipulag heimsins.\" tabindex=\"0\">Go\u00f0s\u00f6gn<\/span> og \u00e1tr\u00fana\u00f0ur<\/em>. Frankfurt 1933 (klass\u00edskt rit).<\/span><\/li><li><span data-nosnippet>Burkert, Walter: <em><span class=\"iwg-fachbegriff\" data-tooltip=\"T\u00edmabil gr\u00edskrar og r\u00f3mverskrar menningar, um 800 f.Kr. til 600 e.Kr.\" tabindex=\"0\">Forn\u00f6ld<\/span>arleg leyndard\u00f3mar. Hlutverk og innihald<\/em>. M\u00fcnchen 1990.<\/span><\/li><li><span data-nosnippet>Detienne, Marcel: <em>Dionysos \u00e0 ciel ouvert<\/em>. Par\u00eds 1986.<\/span><\/li><li><span data-nosnippet>Henrichs, Albert: <em>Greek Maenadism from Olympias to Messalina<\/em>. \u00cd: <em>Harvard Studies in Classical Philology<\/em> 82 (1978).<\/span><\/li><li>Eurip\u00eddes: <em>Bakkynjur<\/em> (fj\u00f6lmargar \u00fe\u00fd\u00f0ingar).<\/li><li>Walde, Christine (ritstj.): <em>Der Neue Pauly<\/em> (f\u00e6rsla \u201eDionysos\u201c).<\/li><\/ul><\/footer>\n<p class=\"iwg-bib-more\"><span data-nosnippet>Fleiri grunnrit \u00ed <a href=\"https:\/\/iwell-guard.com\/is\/?page_id=168730\">heimildaskr\u00e1nni<\/a>.<\/span><\/p>\t\t\t\t\t\t\t\t<\/div>\n\t\t\t\t<\/div>\n\t\t\t\t\t<\/div>\n\t\t\t\t<\/div>\n\t\t<div class=\"elementor-element elementor-element-5545d00 e-con-boxed e-flex e-con e-parent\" data-id=\"5545d00\" data-element_type=\"container\" data-e-type=\"container\">\n\t\t\t\t\t<div class=\"e-con-inner\">\n\t\t\t\t<div class=\"elementor-element elementor-element-ed33060 elementor-widget elementor-widget-text-editor\" data-id=\"ed33060\" data-element_type=\"widget\" data-e-type=\"widget\" data-widget_type=\"text-editor.default\">\n\t\t\t\t\t\t\t\t\t\n<h2>Algengar spurningar um D\u00edon\u00fdsos<\/h2>\n<div class=\"iwg-faq-q\"><h3>Hver er D\u00edon\u00fdsos \u00ed gr\u00edskri <span class=\"iwg-fachbegriff\" data-tooltip=\"Heildarsafn \u00feeirra go\u00f0sagna sem var\u00f0veist hafa \u00far tiltekinni menningu.\" tabindex=\"0\">go\u00f0afr\u00e6\u00f0i<\/span>?<\/h3><p>D\u00edon\u00fdsos er gr\u00edskur gu\u00f0 v\u00ednsins, \u00e6\u00f0isins, leiklistarins og tr\u00faarlegrar umbreytingar, t\u00f3lfti og yngsti hinna \u00f3lympsku gu\u00f0a. R\u00f3mverskt hli\u00f0st\u00e6\u00f0a hans er Bakkus (einnig L\u00edber). M\u00f3\u00f0ir hans var \u00feeb\u00f6nska prinsessan Semele, fa\u00f0ir hans Seifur.<\/p><p>\u00deegar Semele brann til dau\u00f0a of flj\u00f3tt af n\u00e1vist Seifs \u00ed fullri d\u00fdr\u00f0 sinni, sauma\u00f0i Seifur f\u00f3sturv\u00edsinn inn \u00ed l\u00e6rlegg sinn og \u00fea\u00f0an f\u00e6ddist D\u00edon\u00fdsos a\u00f0 fullu, \u00feess vegna vi\u00f0urnefni\u00f0 Tv\u00edf\u00e6ddur (Dim\u00eator). D\u00edon\u00fdsos er gu\u00f0 \u00feess a\u00f0 leysa upp venjuleg m\u00f6rk, me\u00f0 v\u00edni, dansi, t\u00f3nlist og kynhneig\u00f0.<\/p><\/div>\n<div class=\"iwg-faq-q\"><h3>Hva\u00f0 voru dionys\u00edsku leyndard\u00f3marnir?<\/h3><p>Dionys\u00edsku leyndard\u00f3marnir voru, \u00e1samt eleus\u00ednsku leyndard\u00f3munum, me\u00f0al mikilv\u00e6gustu leyndard\u00f3ms\u00e1tr\u00fana\u00f0a fornaldarheimsins. \u00cd brennidepli var upplifun \u00e6\u00f0is (a\u00f0 vera utan sj\u00e1lfs s\u00edn), n\u00e1\u00f0 fram me\u00f0 v\u00edni, \u00e6stum dansi (m\u00e6n\u00f6\u00f0ur, bakkynjur) og stundum hr\u00e1u \u00e1ti \u00e1 d\u00fdri (omophagia).<\/p><p>\u00cd gu\u00f0fr\u00e6\u00f0ilegum skilningi var deyjandi og upprisinn gu\u00f0 \u00ed mi\u00f0ju: T\u00edtanarnir sundurt\u00e6ttu D\u00edon\u00fdsos og A\u00feena endurf\u00e6ddi hann \u00far hjartanu. Leyndard\u00f3marnir h\u00e9tu v\u00edg\u00f0um m\u00f6nnum hamingjusamara framl\u00edfi. Fr\u00e6gu veggm\u00e1lverkin \u00ed Villa dei Misteri \u00ed Pompeii s\u00fdna innv\u00edgsluatbur\u00f0i.<\/p><\/div>\n<script type=\"application\/ld+json\">{\"@context\":\"https:\/\/schema.org\",\"@type\":\"FAQPage\",\"mainEntity\":[{\"@type\":\"Question\",\"name\":\"Hver er D\u00edon\u00fdsos \u00ed gr\u00edskri go\u00f0afr\u00e6\u00f0i?\",\"acceptedAnswer\":{\"@type\":\"Answer\",\"text\":\"D\u00edon\u00fdsos er gr\u00edskur gu\u00f0 v\u00ednsins, \u00e6\u00f0isins, leiklistarins og tr\u00faarlegrar umbreytingar, t\u00f3lfti og yngsti hinna \u00f3lympsku gu\u00f0a. R\u00f3mverskt hli\u00f0st\u00e6\u00f0a hans er Bakkus (einnig L\u00edber). M\u00f3\u00f0ir hans var \u00feeb\u00f6nska prinsessan Semele, fa\u00f0ir hans Seifur. \u00deegar Semele brann til dau\u00f0a of flj\u00f3tt af n\u00e1vist Seifs \u00ed fullri d\u00fdr\u00f0 sinni, sauma\u00f0i Seifur f\u00f3sturv\u00edsinn inn \u00ed l\u00e6rlegg sinn og \u00fea\u00f0an f\u00e6ddist D\u00edon\u00fdsos a\u00f0 fullu, \u00feess vegna vi\u00f0urnefni\u00f0 Tv\u00edf\u00e6ddur (Dim\u00eator). D\u00edon\u00fdsos er gu\u00f0 \u00feess a\u00f0 leysa upp venjuleg m\u00f6rk, me\u00f0 v\u00edni, dansi, t\u00f3nlist og kynhneig\u00f0.\"}},{\"@type\":\"Question\",\"name\":\"Hva\u00f0 voru dionys\u00edsku leyndard\u00f3marnir?\",\"acceptedAnswer\":{\"@type\":\"Answer\",\"text\":\"Dionys\u00edsku leyndard\u00f3marnir voru, \u00e1samt eleus\u00ednsku leyndard\u00f3munum, me\u00f0al mikilv\u00e6gustu leyndard\u00f3ms\u00e1tr\u00fana\u00f0a fornaldarheimsins. \u00cd brennidepli var upplifun \u00e6\u00f0is (a\u00f0 vera utan sj\u00e1lfs s\u00edn), n\u00e1\u00f0 fram me\u00f0 v\u00edni, \u00e6stum dansi (m\u00e6n\u00f6\u00f0ur, bakkynjur) og stundum hr\u00e1u \u00e1ti \u00e1 d\u00fdri (omophagia). \u00cd gu\u00f0fr\u00e6\u00f0ilegum skilningi var deyjandi og upprisinn gu\u00f0 \u00ed mi\u00f0ju: T\u00edtanarnir sundurt\u00e6ttu D\u00edon\u00fdsos og A\u00feena endurf\u00e6ddi hann \u00far hjartanu. Leyndard\u00f3marnir h\u00e9tu v\u00edg\u00f0um m\u00f6nnum hamingjusamara framl\u00edfi. Fr\u00e6gu veggm\u00e1lverkin \u00ed Villa dei Misteri \u00ed Pompeii s\u00fdna innv\u00edgsluatbur\u00f0i.\"}}]}<\/script>\t\t\t\t\t\t\t\t<\/div>\n\t\t\t\t\t<\/div>\n\t\t\t\t<\/div>\n\t\t\t\t<\/div>\n\t\t","protected":false},"excerpt":{"rendered":"","protected":false},"author":3,"featured_media":1582,"parent":0,"menu_order":0,"comment_status":"closed","ping_status":"closed","template":"elementor_header_footer","meta":{"_yoast_wpseo_focuskw":"D\u00ed\u00f3n\u00fdsos","_yoast_wpseo_title":"D\u00ed\u00f3n\u00fdsos \u2013 gu\u00f0 v\u00edns og leikh\u00fass \u00ed Grikklandi","_yoast_wpseo_metadesc":"Gu\u00f0 v\u00ednsins, als\u00e6lunnar, leikh\u00fassins og umbreytingarins. Dionys\u00eduh\u00e1t\u00ed\u00f0ir, m\u00e6n\u00f6\u00f0ur og frelsun \u00ed gegnum v\u00edmu.","_yoast_wpseo_meta-robots-noindex":"","_yoast_wpseo_canonical":"","_angie_page":false,"gefaehrdungsstufe":"3","wesen_kultur":"griechenland","wesen_klasse":"goetter","footnotes":""},"categories":[],"class_list":["post-168789","page","type-page","status-publish","has-post-thumbnail","hentry"],"yoast_head":"<!-- This site is optimized with the Yoast SEO Premium plugin v27.7 (Yoast SEO v28.3) - https:\/\/yoast.com\/product\/yoast-seo-premium-wordpress\/ -->\n<title>D\u00ed\u00f3n\u00fdsos \u2013 gu\u00f0 v\u00edns og leikh\u00fass \u00ed Grikklandi<\/title>\n<meta name=\"description\" content=\"Gu\u00f0 v\u00ednsins, als\u00e6lunnar, leikh\u00fassins og umbreytingarins. Dionys\u00eduh\u00e1t\u00ed\u00f0ir, m\u00e6n\u00f6\u00f0ur og frelsun \u00ed gegnum v\u00edmu.\" \/>\n<meta name=\"robots\" content=\"index, follow, max-snippet:-1, max-image-preview:large, max-video-preview:-1\" \/>\n<link rel=\"canonical\" href=\"https:\/\/iwell-guard.com\/is\/dionysos\/\" \/>\n<meta property=\"og:locale\" content=\"is_IS\" \/>\n<meta property=\"og:type\" content=\"article\" \/>\n<meta property=\"og:title\" content=\"D\u00ed\u00f3n\u00fdsos\" \/>\n<meta property=\"og:description\" content=\"Gu\u00f0 v\u00ednsins, als\u00e6lunnar, leikh\u00fassins og umbreytingarins. Dionys\u00eduh\u00e1t\u00ed\u00f0ir, m\u00e6n\u00f6\u00f0ur og frelsun \u00ed gegnum v\u00edmu.\" \/>\n<meta property=\"og:url\" content=\"https:\/\/iwell-guard.com\/is\/dionysos\/\" \/>\n<meta property=\"og:site_name\" content=\"iWell Guard\" \/>\n<meta property=\"article:modified_time\" content=\"2026-09-05T14:19:27+00:00\" \/>\n<meta property=\"og:image\" content=\"https:\/\/iwell-guard.com\/wp-content\/uploads\/2026\/04\/goetter_griechenland_dionysos.webp\" \/>\n\t<meta property=\"og:image:width\" content=\"1024\" \/>\n\t<meta property=\"og:image:height\" content=\"1536\" \/>\n\t<meta property=\"og:image:type\" content=\"image\/webp\" \/>\n<meta name=\"twitter:card\" content=\"summary_large_image\" \/>\n<script type=\"application\/ld+json\" class=\"yoast-schema-graph\">{\"@context\":\"https:\\\/\\\/schema.org\",\"@graph\":[{\"@type\":\"WebPage\",\"@id\":\"https:\\\/\\\/iwell-guard.com\\\/is\\\/dionysos\\\/\",\"url\":\"https:\\\/\\\/iwell-guard.com\\\/is\\\/dionysos\\\/\",\"name\":\"D\u00ed\u00f3n\u00fdsos \u2013 gu\u00f0 v\u00edns og leikh\u00fass \u00ed Grikklandi\",\"isPartOf\":{\"@id\":\"https:\\\/\\\/iwell-guard.com\\\/is\\\/#website\"},\"primaryImageOfPage\":{\"@id\":\"https:\\\/\\\/iwell-guard.com\\\/is\\\/dionysos\\\/#primaryimage\"},\"image\":{\"@id\":\"https:\\\/\\\/iwell-guard.com\\\/is\\\/dionysos\\\/#primaryimage\"},\"thumbnailUrl\":\"https:\\\/\\\/iwell-guard.com\\\/wp-content\\\/uploads\\\/2026\\\/04\\\/goetter_griechenland_dionysos.webp\",\"datePublished\":\"2026-09-05T14:02:59+00:00\",\"dateModified\":\"2026-09-05T14:19:27+00:00\",\"description\":\"Gu\u00f0 v\u00ednsins, als\u00e6lunnar, leikh\u00fassins og umbreytingarins. Dionys\u00eduh\u00e1t\u00ed\u00f0ir, m\u00e6n\u00f6\u00f0ur og frelsun \u00ed gegnum v\u00edmu.\",\"breadcrumb\":{\"@id\":\"https:\\\/\\\/iwell-guard.com\\\/is\\\/dionysos\\\/#breadcrumb\"},\"inLanguage\":\"is\",\"potentialAction\":[{\"@type\":\"ReadAction\",\"target\":[\"https:\\\/\\\/iwell-guard.com\\\/is\\\/dionysos\\\/\"]}]},{\"@type\":\"ImageObject\",\"inLanguage\":\"is\",\"@id\":\"https:\\\/\\\/iwell-guard.com\\\/is\\\/dionysos\\\/#primaryimage\",\"url\":\"https:\\\/\\\/iwell-guard.com\\\/wp-content\\\/uploads\\\/2026\\\/04\\\/goetter_griechenland_dionysos.webp\",\"contentUrl\":\"https:\\\/\\\/iwell-guard.com\\\/wp-content\\\/uploads\\\/2026\\\/04\\\/goetter_griechenland_dionysos.webp\",\"width\":1024,\"height\":1536,\"caption\":\"Gu\u00f0ir \u00far gr\u00edskri hef\u00f0.\"},{\"@type\":\"BreadcrumbList\",\"@id\":\"https:\\\/\\\/iwell-guard.com\\\/is\\\/dionysos\\\/#breadcrumb\",\"itemListElement\":[{\"@type\":\"ListItem\",\"position\":1,\"name\":\"Start\",\"item\":\"https:\\\/\\\/iwell-guard.com\\\/is\\\/?page_id=168580\"},{\"@type\":\"ListItem\",\"position\":2,\"name\":\"D\u00ed\u00f3n\u00fdsos\"}]},{\"@type\":\"WebSite\",\"@id\":\"https:\\\/\\\/iwell-guard.com\\\/is\\\/#website\",\"url\":\"https:\\\/\\\/iwell-guard.com\\\/is\\\/\",\"name\":\"iWell Guard\",\"description\":\"Schutz vor dunklen Einfl\u00fcssen\",\"publisher\":{\"@id\":\"https:\\\/\\\/iwell-guard.com\\\/is\\\/#organization\"},\"potentialAction\":[{\"@type\":\"SearchAction\",\"target\":{\"@type\":\"EntryPoint\",\"urlTemplate\":\"https:\\\/\\\/iwell-guard.com\\\/is\\\/?s={search_term_string}\"},\"query-input\":{\"@type\":\"PropertyValueSpecification\",\"valueRequired\":true,\"valueName\":\"search_term_string\"}}],\"inLanguage\":\"is\"},{\"@type\":\"Organization\",\"@id\":\"https:\\\/\\\/iwell-guard.com\\\/is\\\/#organization\",\"name\":\"Ittermann electronic GmbH\",\"url\":\"https:\\\/\\\/iwell-guard.com\\\/is\\\/\",\"logo\":{\"@type\":\"ImageObject\",\"inLanguage\":\"is\",\"@id\":\"https:\\\/\\\/iwell-guard.com\\\/is\\\/#\\\/schema\\\/logo\\\/image\\\/\",\"url\":\"https:\\\/\\\/iwell-guard.com\\\/wp-content\\\/uploads\\\/2026\\\/05\\\/Ittermann-Logo-1182x237-1.png\",\"contentUrl\":\"https:\\\/\\\/iwell-guard.com\\\/wp-content\\\/uploads\\\/2026\\\/05\\\/Ittermann-Logo-1182x237-1.png\",\"width\":1182,\"height\":237,\"caption\":\"Ittermann electronic GmbH\"},\"image\":{\"@id\":\"https:\\\/\\\/iwell-guard.com\\\/is\\\/#\\\/schema\\\/logo\\\/image\\\/\"},\"sameAs\":[\"https:\\\/\\\/pantip.com\\\/profile\\\/9367242\",\"https:\\\/\\\/micro.blog\\\/iwellguard\",\"https:\\\/\\\/www.diggerslist.com\\\/iwellguard\\\/about\",\"https:\\\/\\\/skitterphoto.com\\\/photographers\\\/2870314\\\/iwell-guard\",\"https:\\\/\\\/iwellguard.wordpress.com\\\/2026\\\/06\\\/06\\\/iwell-guard\\\/\",\"https:\\\/\\\/hub.docker.com\\\/u\\\/iwellguard\",\"https:\\\/\\\/www.pinterest.com\\\/iwellguard\\\/\",\"https:\\\/\\\/bit.ly\\\/m\\\/iwellguard\",\"https:\\\/\\\/entre-vos-mains.alsace.eu\\\/profiles\\\/iwellguard\\\/activity\",\"https:\\\/\\\/gravatar.com\\\/reallybeded8fd34\",\"https:\\\/\\\/naijamatta.com\\\/iwellguard\",\"https:\\\/\\\/www.goodreads.com\\\/iwellguard\",\"https:\\\/\\\/profile.hatena.ne.jp\\\/iwellguard\\\/\",\"https:\\\/\\\/experiment.com\\\/users\\\/iwellguard\",\"https:\\\/\\\/wakelet.com\\\/@iWellGuard82270\",\"https:\\\/\\\/www.chordie.com\\\/forum\\\/profile.php?id=2555664\",\"https:\\\/\\\/www.instapaper.com\\\/p\\\/17757966\",\"https:\\\/\\\/www.mapleprimes.com\\\/users\\\/iwellguard\",\"https:\\\/\\\/businesslistingplus.com\\\/profile\\\/iwell-guard\\\/\",\"https:\\\/\\\/telegra.ph\\\/iWell-Guard-06-06\",\"https:\\\/\\\/pbase.com\\\/iwellguard\\\/iwellguard\",\"https:\\\/\\\/b.hatena.ne.jp\\\/iwellguard\\\/20260607#bookmark-4788405196491818882\",\"https:\\\/\\\/fliphtml5.com\\\/home\\\/iwellguard\",\"https:\\\/\\\/anyflip.com\\\/homepage\\\/cmiwl#About\",\"https:\\\/\\\/transfur.com\\\/Users\\\/iwellguard\",\"http:\\\/\\\/delphi.larsbo.org\\\/user\\\/iwellguard\",\"https:\\\/\\\/jobs.lajobsportal.org\\\/profiles\\\/8380803-iwell-guard\",\"https:\\\/\\\/md.chaosdorf.de\\\/s\\\/jfbe5SBdJD\",\"https:\\\/\\\/www.lingvolive.com\\\/en-us\\\/profile\\\/9ecaeaca-ce11-4e51-9e71-01d55e2bff36\\\/translations\",\"https:\\\/\\\/www.fitday.com\\\/fitness\\\/forums\\\/members\\\/iwellguard.html\",\"https:\\\/\\\/www.mymeetbook.com\\\/iwellguard\",\"https:\\\/\\\/pxhere.com\\\/en\\\/photographer-me\\\/5040798\",\"https:\\\/\\\/disqus.com\\\/by\\\/iwellguard\\\/about\\\/\",\"https:\\\/\\\/pastelink.net\\\/hjwciqwq\",\"https:\\\/\\\/pubhtml5.com\\\/homepage\\\/scjhn\\\/\",\"https:\\\/\\\/www.bitchute.com\\\/channel\\\/2O2eOKzNqujT\",\"https:\\\/\\\/audiomack.com\\\/iwellguard\"]},{\"@type\":\"Article\",\"@id\":\"https:\\\/\\\/iwell-guard.com\\\/is\\\/dionysos\\\/#article\",\"isPartOf\":{\"@id\":\"https:\\\/\\\/iwell-guard.com\\\/is\\\/dionysos\\\/\"},\"author\":{\"name\":\"Ralf Ittermann\",\"@id\":\"https:\\\/\\\/iwell-guard.com\\\/is\\\/#\\\/schema\\\/person\\\/ee2a27f1cac3406c7c6fb5820cb7349f\"},\"headline\":\"D\u00ed\u00f3n\u00fdsos\",\"datePublished\":\"2026-09-05T14:02:59+00:00\",\"dateModified\":\"2026-09-05T14:19:27+00:00\",\"mainEntityOfPage\":{\"@id\":\"https:\\\/\\\/iwell-guard.com\\\/is\\\/dionysos\\\/\"},\"publisher\":{\"@id\":\"https:\\\/\\\/iwell-guard.com\\\/is\\\/#organization\"},\"image\":{\"@id\":\"https:\\\/\\\/iwell-guard.com\\\/is\\\/dionysos\\\/#primaryimage\"},\"thumbnailUrl\":\"https:\\\/\\\/iwell-guard.com\\\/wp-content\\\/uploads\\\/2026\\\/04\\\/goetter_griechenland_dionysos.webp\",\"inLanguage\":\"is\",\"description\":\"Gu\u00f0 v\u00ednsins, als\u00e6lunnar, leikh\u00fassins og umbreytingarins. Dionys\u00eduh\u00e1t\u00ed\u00f0ir, m\u00e6n\u00f6\u00f0ur og frelsun \u00ed gegnum v\u00edmu.\"}]}<\/script>\n<!-- \/ Yoast SEO Premium plugin. -->","yoast_head_json":{"title":"D\u00ed\u00f3n\u00fdsos \u2013 gu\u00f0 v\u00edns og leikh\u00fass \u00ed Grikklandi","description":"Gu\u00f0 v\u00ednsins, als\u00e6lunnar, leikh\u00fassins og umbreytingarins. Dionys\u00eduh\u00e1t\u00ed\u00f0ir, m\u00e6n\u00f6\u00f0ur og frelsun \u00ed gegnum v\u00edmu.","robots":{"index":"index","follow":"follow","max-snippet":"max-snippet:-1","max-image-preview":"max-image-preview:large","max-video-preview":"max-video-preview:-1"},"canonical":"https:\/\/iwell-guard.com\/is\/dionysos\/","og_locale":"is_IS","og_type":"article","og_title":"D\u00ed\u00f3n\u00fdsos","og_description":"Gu\u00f0 v\u00ednsins, als\u00e6lunnar, leikh\u00fassins og umbreytingarins. Dionys\u00eduh\u00e1t\u00ed\u00f0ir, m\u00e6n\u00f6\u00f0ur og frelsun \u00ed gegnum v\u00edmu.","og_url":"https:\/\/iwell-guard.com\/is\/dionysos\/","og_site_name":"iWell Guard","article_modified_time":"2026-09-05T14:19:27+00:00","og_image":[{"width":1024,"height":1536,"url":"https:\/\/iwell-guard.com\/wp-content\/uploads\/2026\/04\/goetter_griechenland_dionysos.webp","type":"image\/webp"}],"twitter_card":"summary_large_image","schema":{"@context":"https:\/\/schema.org","@graph":[{"@type":"Article","@id":"https:\/\/iwell-guard.com\/is\/dionysos\/#article","isPartOf":{"@id":"https:\/\/iwell-guard.com\/is\/dionysos\/"},"author":{"name":"Ralf Ittermann","@id":"https:\/\/iwell-guard.com\/is\/#\/schema\/person\/ee2a27f1cac3406c7c6fb5820cb7349f"},"headline":"D\u00ed\u00f3n\u00fdsos","datePublished":"2026-09-05T14:02:59+00:00","dateModified":"2026-09-05T14:19:27+00:00","mainEntityOfPage":{"@id":"https:\/\/iwell-guard.com\/is\/dionysos\/"},"publisher":{"@id":"https:\/\/iwell-guard.com\/is\/#organization"},"image":{"@id":"https:\/\/iwell-guard.com\/is\/dionysos\/#primaryimage"},"thumbnailUrl":"https:\/\/iwell-guard.com\/wp-content\/uploads\/2026\/04\/goetter_griechenland_dionysos.webp","inLanguage":"is","description":"Gu\u00f0 v\u00ednsins, als\u00e6lunnar, leikh\u00fassins og umbreytingarins. Dionys\u00eduh\u00e1t\u00ed\u00f0ir, m\u00e6n\u00f6\u00f0ur og frelsun \u00ed gegnum v\u00edmu."},{"@type":"WebPage","@id":"https:\/\/iwell-guard.com\/is\/dionysos\/","url":"https:\/\/iwell-guard.com\/is\/dionysos\/","name":"D\u00ed\u00f3n\u00fdsos \u2013 gu\u00f0 v\u00edns og leikh\u00fass \u00ed Grikklandi","isPartOf":{"@id":"https:\/\/iwell-guard.com\/is\/#website"},"primaryImageOfPage":{"@id":"https:\/\/iwell-guard.com\/is\/dionysos\/#primaryimage"},"image":{"@id":"https:\/\/iwell-guard.com\/is\/dionysos\/#primaryimage"},"thumbnailUrl":"https:\/\/iwell-guard.com\/wp-content\/uploads\/2026\/04\/goetter_griechenland_dionysos.webp","datePublished":"2026-09-05T14:02:59+00:00","dateModified":"2026-09-05T14:19:27+00:00","description":"Gu\u00f0 v\u00ednsins, als\u00e6lunnar, leikh\u00fassins og umbreytingarins. Dionys\u00eduh\u00e1t\u00ed\u00f0ir, m\u00e6n\u00f6\u00f0ur og frelsun \u00ed gegnum v\u00edmu.","breadcrumb":{"@id":"https:\/\/iwell-guard.com\/is\/dionysos\/#breadcrumb"},"inLanguage":"is","potentialAction":[{"@type":"ReadAction","target":["https:\/\/iwell-guard.com\/is\/dionysos\/"]}]},{"@type":"ImageObject","inLanguage":"is","@id":"https:\/\/iwell-guard.com\/is\/dionysos\/#primaryimage","url":"https:\/\/iwell-guard.com\/wp-content\/uploads\/2026\/04\/goetter_griechenland_dionysos.webp","contentUrl":"https:\/\/iwell-guard.com\/wp-content\/uploads\/2026\/04\/goetter_griechenland_dionysos.webp","width":1024,"height":1536,"caption":"Gu\u00f0ir \u00far gr\u00edskri hef\u00f0."},{"@type":"BreadcrumbList","@id":"https:\/\/iwell-guard.com\/is\/dionysos\/#breadcrumb","itemListElement":[{"@type":"ListItem","position":1,"name":"Start","item":"https:\/\/iwell-guard.com\/is\/?page_id=168580"},{"@type":"ListItem","position":2,"name":"D\u00ed\u00f3n\u00fdsos"}]},{"@type":"WebSite","@id":"https:\/\/iwell-guard.com\/is\/#website","url":"https:\/\/iwell-guard.com\/is\/","name":"iWell Guard","description":"Schutz vor dunklen Einfl\u00fcssen","publisher":{"@id":"https:\/\/iwell-guard.com\/is\/#organization"},"potentialAction":[{"@type":"SearchAction","target":{"@type":"EntryPoint","urlTemplate":"https:\/\/iwell-guard.com\/is\/?s={search_term_string}"},"query-input":{"@type":"PropertyValueSpecification","valueRequired":true,"valueName":"search_term_string"}}],"inLanguage":"is"},{"@type":"Organization","@id":"https:\/\/iwell-guard.com\/is\/#organization","name":"Ittermann electronic GmbH","url":"https:\/\/iwell-guard.com\/is\/","logo":{"@type":"ImageObject","inLanguage":"is","@id":"https:\/\/iwell-guard.com\/is\/#\/schema\/logo\/image\/","url":"https:\/\/iwell-guard.com\/wp-content\/uploads\/2026\/05\/Ittermann-Logo-1182x237-1.png","contentUrl":"https:\/\/iwell-guard.com\/wp-content\/uploads\/2026\/05\/Ittermann-Logo-1182x237-1.png","width":1182,"height":237,"caption":"Ittermann electronic GmbH"},"image":{"@id":"https:\/\/iwell-guard.com\/is\/#\/schema\/logo\/image\/"},"sameAs":["https:\/\/pantip.com\/profile\/9367242","https:\/\/micro.blog\/iwellguard","https:\/\/www.diggerslist.com\/iwellguard\/about","https:\/\/skitterphoto.com\/photographers\/2870314\/iwell-guard","https:\/\/iwellguard.wordpress.com\/2026\/06\/06\/iwell-guard\/","https:\/\/hub.docker.com\/u\/iwellguard","https:\/\/www.pinterest.com\/iwellguard\/","https:\/\/bit.ly\/m\/iwellguard","https:\/\/entre-vos-mains.alsace.eu\/profiles\/iwellguard\/activity","https:\/\/gravatar.com\/reallybeded8fd34","https:\/\/naijamatta.com\/iwellguard","https:\/\/www.goodreads.com\/iwellguard","https:\/\/profile.hatena.ne.jp\/iwellguard\/","https:\/\/experiment.com\/users\/iwellguard","https:\/\/wakelet.com\/@iWellGuard82270","https:\/\/www.chordie.com\/forum\/profile.php?id=2555664","https:\/\/www.instapaper.com\/p\/17757966","https:\/\/www.mapleprimes.com\/users\/iwellguard","https:\/\/businesslistingplus.com\/profile\/iwell-guard\/","https:\/\/telegra.ph\/iWell-Guard-06-06","https:\/\/pbase.com\/iwellguard\/iwellguard","https:\/\/b.hatena.ne.jp\/iwellguard\/20260607#bookmark-4788405196491818882","https:\/\/fliphtml5.com\/home\/iwellguard","https:\/\/anyflip.com\/homepage\/cmiwl#About","https:\/\/transfur.com\/Users\/iwellguard","http:\/\/delphi.larsbo.org\/user\/iwellguard","https:\/\/jobs.lajobsportal.org\/profiles\/8380803-iwell-guard","https:\/\/md.chaosdorf.de\/s\/jfbe5SBdJD","https:\/\/www.lingvolive.com\/en-us\/profile\/9ecaeaca-ce11-4e51-9e71-01d55e2bff36\/translations","https:\/\/www.fitday.com\/fitness\/forums\/members\/iwellguard.html","https:\/\/www.mymeetbook.com\/iwellguard","https:\/\/pxhere.com\/en\/photographer-me\/5040798","https:\/\/disqus.com\/by\/iwellguard\/about\/","https:\/\/pastelink.net\/hjwciqwq","https:\/\/pubhtml5.com\/homepage\/scjhn\/","https:\/\/www.bitchute.com\/channel\/2O2eOKzNqujT","https:\/\/audiomack.com\/iwellguard"]},{"@type":"Person","@id":"https:\/\/iwell-guard.com\/is\/#\/schema\/person\/ee2a27f1cac3406c7c6fb5820cb7349f","name":"Ralf Ittermann","image":{"@type":"ImageObject","inLanguage":"is","@id":"https:\/\/secure.gravatar.com\/avatar\/073c0153e350a5005b68eb752b445fea71f6b24a26da9449ad7e155e6b446c9d?s=96&d=mm&r=g","url":"https:\/\/secure.gravatar.com\/avatar\/073c0153e350a5005b68eb752b445fea71f6b24a26da9449ad7e155e6b446c9d?s=96&d=mm&r=g","contentUrl":"https:\/\/secure.gravatar.com\/avatar\/073c0153e350a5005b68eb752b445fea71f6b24a26da9449ad7e155e6b446c9d?s=96&d=mm&r=g","caption":"Ralf Ittermann"},"givenName":"Ralf","familyName":"Ittermann","jobTitle":"Gesch\u00e4ftsf\u00fchrer und redaktioneller Verantwortlicher","url":"https:\/\/iwell-guard.com\/is\/author\/claude\/","description":"Ralf Ittermann ist Gesch\u00e4ftsf\u00fchrer der Ittermann electronic GmbH und redaktioneller Verantwortlicher des iWell-Guard-Lexikons. Er verbindet langj\u00e4hrige Erfahrung in der Pr\u00e4zisionsfertigung mit medialer Praxis und religionsgeschichtlicher Quellenarbeit.","worksFor":{"@type":"Organization","name":"Ittermann electronic GmbH","url":"https:\/\/ittermann.de\/","address":{"@type":"PostalAddress","streetAddress":"K\u00f6hlergasse 16-18","postalCode":"99842","addressLocality":"Ruhla","addressCountry":"DE"}},"knowsAbout":["Religionsgeschichte","Mythologie","Mediale Praxis","Energetische Diagnostik","Schutzpraxis","Volksglauben","Westliche Esoterik"]},{"@type":"Article","@id":"https:\/\/iwell-guard.com\/is\/dionysos\/#article","isPartOf":{"@id":"https:\/\/iwell-guard.com\/is\/dionysos\/"},"author":{"name":"Ralf Ittermann","@id":"https:\/\/iwell-guard.com\/is\/#\/schema\/person\/ee2a27f1cac3406c7c6fb5820cb7349f"},"headline":"D\u00ed\u00f3n\u00fdsos","datePublished":"2026-09-05T14:02:59+00:00","dateModified":"2026-09-05T14:19:27+00:00","mainEntityOfPage":{"@id":"https:\/\/iwell-guard.com\/is\/dionysos\/"},"publisher":{"@id":"https:\/\/iwell-guard.com\/is\/#organization"},"image":{"@id":"https:\/\/iwell-guard.com\/is\/dionysos\/#primaryimage"},"thumbnailUrl":"https:\/\/iwell-guard.com\/wp-content\/uploads\/2026\/04\/goetter_griechenland_dionysos.webp","inLanguage":"is","description":"Gu\u00f0 v\u00ednsins, als\u00e6lunnar, leikh\u00fassins og umbreytingarins. Dionys\u00eduh\u00e1t\u00ed\u00f0ir, m\u00e6n\u00f6\u00f0ur og frelsun \u00ed gegnum v\u00edmu."}]}},"_links":{"self":[{"href":"https:\/\/iwell-guard.com\/is\/wp-json\/wp\/v2\/pages\/168789","targetHints":{"allow":["GET"]}}],"collection":[{"href":"https:\/\/iwell-guard.com\/is\/wp-json\/wp\/v2\/pages"}],"about":[{"href":"https:\/\/iwell-guard.com\/is\/wp-json\/wp\/v2\/types\/page"}],"author":[{"embeddable":true,"href":"https:\/\/iwell-guard.com\/is\/wp-json\/wp\/v2\/users\/3"}],"replies":[{"embeddable":true,"href":"https:\/\/iwell-guard.com\/is\/wp-json\/wp\/v2\/comments?post=168789"}],"version-history":[{"count":0,"href":"https:\/\/iwell-guard.com\/is\/wp-json\/wp\/v2\/pages\/168789\/revisions"}],"wp:featuredmedia":[{"embeddable":true,"href":"https:\/\/iwell-guard.com\/is\/wp-json\/wp\/v2\/media\/1582"}],"wp:attachment":[{"href":"https:\/\/iwell-guard.com\/is\/wp-json\/wp\/v2\/media?parent=168789"}],"wp:term":[{"taxonomy":"category","embeddable":true,"href":"https:\/\/iwell-guard.com\/is\/wp-json\/wp\/v2\/categories?post=168789"}],"curies":[{"name":"wp","href":"https:\/\/api.w.org\/{rel}","templated":true}]}}