{"id":168787,"date":"2026-09-05T14:02:58","date_gmt":"2026-09-05T14:02:58","guid":{"rendered":"https:\/\/iwell-guard.com\/?page_id=168787"},"modified":"2026-09-05T14:19:26","modified_gmt":"2026-09-05T14:19:26","slug":"demeter","status":"publish","type":"page","link":"https:\/\/iwell-guard.com\/is\/demeter\/","title":{"rendered":"Demeter"},"content":{"rendered":"\t\t<div data-elementor-type=\"wp-page\" data-elementor-id=\"168787\" class=\"elementor elementor-168787 elementor-2037 elementor-bc-flex-widget\" data-elementor-post-type=\"page\">\n\t\t\t\t<div class=\"elementor-element elementor-element-10fdade e-flex e-con-boxed e-con e-parent\" data-id=\"10fdade\" data-element_type=\"container\" data-e-type=\"container\" data-settings=\"{&quot;background_background&quot;:&quot;classic&quot;}\">\n\t\t\t\t\t<div class=\"e-con-inner\">\n\t\t<div class=\"elementor-element elementor-element-herohlft0 e-flex e-con-boxed e-con e-child\" data-id=\"herohlft0\" data-element_type=\"container\" data-e-type=\"container\">\n\t\t\t\t\t<div class=\"e-con-inner\">\n\t\t<div class=\"elementor-element elementor-element-c3ceb64 e-con-full e-flex e-con e-child\" data-id=\"c3ceb64\" data-element_type=\"container\" data-e-type=\"container\">\n\t\t\t\t<div class=\"elementor-element elementor-element-96ae5e1 elementor-widget elementor-widget-heading\" data-id=\"96ae5e1\" data-element_type=\"widget\" data-e-type=\"widget\" data-widget_type=\"heading.default\">\n\t\t\t\t\t<h1 class=\"elementor-heading-title elementor-size-default\">Demeter, gy\u00f0ja hinnar gr\u00edsku hef\u00f0ar<\/h1>\t\t\t\t<\/div>\n\t\t\t\t<div class=\"elementor-element elementor-element-e45238a elementor-widget elementor-widget-text-editor\" data-id=\"e45238a\" data-element_type=\"widget\" data-e-type=\"widget\" data-widget_type=\"text-editor.default\">\n\t\t\t\t\t\t\t\t\t<p>Demeter er gy\u00f0ja hinnar gr\u00edsku hef\u00f0ar.<\/p><p><strong>Gy\u00f0ja kornsins, frj\u00f3semi og si\u00f0menningar.<\/strong> Demeter er m\u00f3\u00f0ir Persef\u00f3nu og mi\u00f0punktur eleus\u00ednsku launhelgarna, helgustu si\u00f0athafna forna heimsins. H\u00fan t\u00e1knar korni\u00f0 sem n\u00e6rir mannkyni\u00f0 og hringr\u00e1s s\u00e1ningar, vaxtar og uppskeru. Sorg hennar vegna Persef\u00f3nu sk\u00fdrir veturinn; gle\u00f0i hennar sk\u00fdrir vori\u00f0.<\/p>\t\t\t\t\t\t\t\t<\/div>\n\t\t\t\t<\/div>\n\t\t<div class=\"elementor-element elementor-element-klsbdg01 e-con-full e-flex e-con e-parent\" data-id=\"klsbdg01\" data-element_type=\"container\" data-e-type=\"container\">\n\t\t\t\t<div class=\"elementor-element elementor-element-klshtm01 elementor-widget elementor-widget-html\" data-id=\"klshtm01\" data-element_type=\"widget\" data-e-type=\"widget\" data-widget_type=\"html.default\">\n\t\t\t\t\t<div class=\"iwg-pill-row\"><span class=\"iwg-klasse-badge\" tabindex=\"0\" data-tooltip=\"Gu\u00f0\/gy\u00f0ja: Pers\u00f3nuger\u00f0ur h\u00e6sti m\u00e1ttur \u00ed go\u00f0aveldi tiltekinnar menningar, me\u00f0 sk\u00fdrar valdsvi\u00f0, n\u00e1tt\u00faru\u00f6fl, \u00f6rl\u00f6g, str\u00ed\u00f0, frj\u00f3semi. D\u00fdrka\u00f0 me\u00f0 helgisi\u00f0um, f\u00f3rnum og hofstofnunum.\">Gy\u00f0ja<\/span><a href=\"https:\/\/iwell-guard.com\/is\/?page_id=168594\" class=\"iwg-kultur-badge\" tabindex=\"0\" data-tooltip=\"Tr\u00fa og go\u00f0afr\u00e6\u00f0i hins forna Grikklands fr\u00e1 m\u00fdkenskum t\u00edma til s\u00ed\u00f0fornaldar.\">Grikkland<\/a><\/div>\t\t\t\t<\/div>\n\t\t\t\t<\/div>\n\t\t<div class=\"elementor-element elementor-element-3f74855 e-con-full e-flex e-con e-child\" data-id=\"3f74855\" data-element_type=\"container\" data-e-type=\"container\">\n\t\t\t\t<div class=\"elementor-element elementor-element-1c30362 elementor-toc--minimized-on-tablet elementor-widget elementor-widget-table-of-contents\" data-id=\"1c30362\" data-element_type=\"widget\" data-e-type=\"widget\" data-settings=\"{&quot;exclude_headings_by_selector&quot;:[],&quot;no_headings_message&quot;:&quot;Engar undirfyrirsagnir fundust \\u00e1 \\u00feessari s\\u00ed\\u00f0u.&quot;,&quot;headings_by_tags&quot;:[&quot;h2&quot;,&quot;h3&quot;],&quot;marker_view&quot;:&quot;bullets&quot;,&quot;minimize_box&quot;:&quot;yes&quot;,&quot;icon&quot;:{&quot;value&quot;:&quot;fas fa-circle&quot;,&quot;library&quot;:&quot;fa-solid&quot;,&quot;rendered_tag&quot;:&quot;&lt;svg class=\\&quot;e-font-icon-svg e-fas-circle\\&quot; viewBox=\\&quot;0 0 512 512\\&quot; xmlns=\\&quot;http:\\\/\\\/www.w3.org\\\/2000\\\/svg\\&quot;&gt;&lt;path d=\\&quot;M256 8C119 8 8 119 8 256s111 248 248 248 248-111 248-248S393 8 256 8z\\&quot;&gt;&lt;\\\/path&gt;&lt;\\\/svg&gt;&quot;},&quot;minimized_on&quot;:&quot;tablet&quot;,&quot;hierarchical_view&quot;:&quot;yes&quot;,&quot;min_height&quot;:{&quot;unit&quot;:&quot;px&quot;,&quot;size&quot;:&quot;&quot;,&quot;sizes&quot;:[]},&quot;min_height_tablet&quot;:{&quot;unit&quot;:&quot;px&quot;,&quot;size&quot;:&quot;&quot;,&quot;sizes&quot;:[]},&quot;min_height_mobile&quot;:{&quot;unit&quot;:&quot;px&quot;,&quot;size&quot;:&quot;&quot;,&quot;sizes&quot;:[]}}\" data-widget_type=\"table-of-contents.default\">\n\t\t\t\t\t\t\t\t\t<div class=\"elementor-toc__header\">\n\t\t\t\t\t\t<h2 class=\"elementor-toc__header-title\">\n\t\t\t\tEfnisyfirlit\t\t\t<\/h2>\n\t\t\t\t\t\t\t\t\t\t<div class=\"elementor-toc__toggle-button elementor-toc__toggle-button--expand\" role=\"button\" tabindex=\"0\" aria-controls=\"elementor-toc__1c30362\" aria-expanded=\"true\" aria-label=\"Open table of contents\"><svg aria-hidden=\"true\" class=\"e-font-icon-svg e-fas-chevron-down\" viewBox=\"0 0 448 512\" xmlns=\"http:\/\/www.w3.org\/2000\/svg\"><path d=\"M207.029 381.476L12.686 187.132c-9.373-9.373-9.373-24.569 0-33.941l22.667-22.667c9.357-9.357 24.522-9.375 33.901-.04L224 284.505l154.745-154.021c9.379-9.335 24.544-9.317 33.901.04l22.667 22.667c9.373 9.373 9.373 24.569 0 33.941L240.971 381.476c-9.373 9.372-24.569 9.372-33.942 0z\"><\/path><\/svg><\/div>\n\t\t\t\t<div class=\"elementor-toc__toggle-button elementor-toc__toggle-button--collapse\" role=\"button\" tabindex=\"0\" aria-controls=\"elementor-toc__1c30362\" aria-expanded=\"true\" aria-label=\"Close table of contents\"><svg aria-hidden=\"true\" class=\"e-font-icon-svg e-fas-chevron-up\" viewBox=\"0 0 448 512\" xmlns=\"http:\/\/www.w3.org\/2000\/svg\"><path d=\"M240.971 130.524l194.343 194.343c9.373 9.373 9.373 24.569 0 33.941l-22.667 22.667c-9.357 9.357-24.522 9.375-33.901.04L224 227.495 69.255 381.516c-9.379 9.335-24.544 9.317-33.901-.04l-22.667-22.667c-9.373-9.373-9.373-24.569 0-33.941L207.03 130.525c9.372-9.373 24.568-9.373 33.941-.001z\"><\/path><\/svg><\/div>\n\t\t\t\t\t<\/div>\n\t\t\t\t<div id=\"elementor-toc__1c30362\" class=\"elementor-toc__body\">\n\t\t\t<div class=\"elementor-toc__spinner-container\">\n\t\t\t\t<svg class=\"elementor-toc__spinner eicon-animation-spin e-font-icon-svg e-eicon-loading\" aria-hidden=\"true\" viewBox=\"0 0 1000 1000\" xmlns=\"http:\/\/www.w3.org\/2000\/svg\"><path d=\"M500 975V858C696 858 858 696 858 500S696 142 500 142 142 304 142 500H25C25 237 238 25 500 25S975 237 975 500 763 975 500 975Z\"><\/path><\/svg>\t\t\t<\/div>\n\t\t<\/div>\n\t\t\t\t\t\t<\/div>\n\t\t\t\t<\/div>\n\t\t\t\t\t<\/div>\n\t\t\t\t<\/div>\n\t\t<div class=\"elementor-element elementor-element-herorght0 e-con-full e-flex e-con e-child\" data-id=\"herorght0\" data-element_type=\"container\" data-e-type=\"container\">\n\t\t\t\t<div class=\"elementor-element elementor-element-heroimg00 iwg-hero-image elementor-widget elementor-widget-image\" data-id=\"heroimg00\" data-element_type=\"widget\" data-e-type=\"widget\" data-widget_type=\"image.default\">\n\t\t\t\t\t\t\t\t\t\t\t\t\t\t\t<img fetchpriority=\"high\" decoding=\"async\" width=\"683\" height=\"1024\" src=\"https:\/\/iwell-guard.com\/wp-content\/uploads\/2026\/04\/goetter_griechenland_demeter-683x1024.webp\" class=\"attachment-large size-large wp-image-171119\" alt=\"Demeter - Gu\u00f0ir \u00far gr\u00edskri hef\u00f0, s\u00f6guleg myndskreyting\" srcset=\"https:\/\/iwell-guard.com\/wp-content\/uploads\/2026\/04\/goetter_griechenland_demeter-683x1024.webp 683w, https:\/\/iwell-guard.com\/wp-content\/uploads\/2026\/04\/goetter_griechenland_demeter-200x300.webp 200w, https:\/\/iwell-guard.com\/wp-content\/uploads\/2026\/04\/goetter_griechenland_demeter-768x1152.webp 768w, https:\/\/iwell-guard.com\/wp-content\/uploads\/2026\/04\/goetter_griechenland_demeter.webp 1024w\" sizes=\"(max-width: 683px) 100vw, 683px\" \/>\t\t\t\t\t\t\t\t\t\t\t\t\t\t\t<\/div>\n\t\t\t\t<\/div>\n\t\t\t\t\t<\/div>\n\t\t\t\t<\/div>\n\t\t<div class=\"elementor-element elementor-element-32917199 e-flex e-con-boxed e-con e-parent\" data-id=\"32917199\" data-element_type=\"container\" data-e-type=\"container\">\n\t\t\t\t\t<div class=\"e-con-inner\">\n\t\t<div class=\"elementor-element elementor-element-26e916cb e-flex e-con-boxed e-con e-child\" data-id=\"26e916cb\" data-element_type=\"container\" data-e-type=\"container\">\n\t\t\t\t\t<div class=\"e-con-inner\">\n\t\t<div class=\"elementor-element elementor-element-253a40d4 e-flex e-con-boxed e-con e-child\" data-id=\"253a40d4\" data-element_type=\"container\" data-e-type=\"container\">\n\t\t\t\t\t<div class=\"e-con-inner\">\n\t\t\t\t<div class=\"elementor-element elementor-element-1200c304 elementor-widget elementor-widget-heading\" data-id=\"1200c304\" data-element_type=\"widget\" data-e-type=\"widget\" data-widget_type=\"heading.default\">\n\t\t\t\t\t<h2 class=\"elementor-heading-title elementor-size-default\">Demeter<\/h2>\t\t\t\t<\/div>\n\t\t\t\t\t<\/div>\n\t\t\t\t<\/div>\n\t\t<div class=\"elementor-element elementor-element-159dcf9a e-flex e-con-boxed e-con e-child\" data-id=\"159dcf9a\" data-element_type=\"container\" data-e-type=\"container\">\n\t\t\t\t\t<div class=\"e-con-inner\">\n\t\t\t\t<div class=\"elementor-element elementor-element-48cee66f elementor-widget elementor-widget-heading\" data-id=\"48cee66f\" data-element_type=\"widget\" data-e-type=\"widget\" data-widget_type=\"heading.default\">\n\t\t\t\t\t<h2 class=\"elementor-heading-title elementor-size-default\">Skyndiyfirlit: Demeter<\/h2>\t\t\t\t<\/div>\n\t\t\t\t<div class=\"elementor-element elementor-element-3f50d82c elementor-widget elementor-widget-text-editor\" data-id=\"3f50d82c\" data-element_type=\"widget\" data-e-type=\"widget\" data-widget_type=\"text-editor.default\">\n\t\t\t\t\t\t\t\t\t<p><strong>Ger\u00f0:<\/strong> Gr\u00edsk h\u00f6fu\u00f0go\u00f0vera, korn-, uppskeru- og launhelgargy\u00f0ja<br><span class=\"iwg-fachbegriff\" data-tooltip=\"Heild gu\u00f0a innan tr\u00faarbrag\u00f0a e\u00f0a menningarheims.\" tabindex=\"0\">Pantheon<\/span>: Grikkland (einn af t\u00f3lf \u00d3lympsgu\u00f0um)<br>Hlutverk: korn, uppskerufrj\u00f3semi, launhelgar, m\u00f3\u00f0ursorg<br>A\u00f0alt\u00e1kn: kornaxkrans, kyndill, sv\u00edn sem f\u00f3rnard\u00fdr, valm\u00fai<br>A\u00f0al d\u00fdrkunarsta\u00f0ir: Eleusis (launhelgarnir), Sikiley (Enna), Lokroi Epizephyrioi<br>R\u00f3mverskt hli\u00f0st\u00e6\u00f0ugu\u00f0: Ceres<\/p>\t\t\t\t\t\t\t\t<\/div>\n\t\t\t\t\t<\/div>\n\t\t\t\t<\/div>\n\t\t\t\t\t<\/div>\n\t\t\t\t<\/div>\n\t\t\t\t\t<\/div>\n\t\t\t\t<\/div>\n\t\t<div class=\"elementor-element elementor-element-18613602 e-flex e-con-boxed e-con e-parent\" data-id=\"18613602\" data-element_type=\"container\" data-e-type=\"container\">\n\t\t\t\t\t<div class=\"e-con-inner\">\n\t\t\t\t<div class=\"elementor-element elementor-element-262b8a9f elementor-widget elementor-widget-heading\" data-id=\"262b8a9f\" data-element_type=\"widget\" data-e-type=\"widget\" data-widget_type=\"heading.default\">\n\t\t\t\t\t<h2 class=\"elementor-heading-title elementor-size-default\">Samhengi<\/h2>\t\t\t\t<\/div>\n\t\t<div class=\"elementor-element elementor-element-46dcb7d e-con-full e-flex e-con e-child\" data-id=\"46dcb7d\" data-element_type=\"container\" data-e-type=\"container\">\n\t\t<div class=\"elementor-element elementor-element-61d3ab3 e-flex e-con-boxed e-con e-child\" data-id=\"61d3ab3\" data-element_type=\"container\" data-e-type=\"container\">\n\t\t\t\t\t<div class=\"e-con-inner\">\n\t\t\t\t<div class=\"elementor-element elementor-element-117c166 elementor-widget elementor-widget-heading\" data-id=\"117c166\" data-element_type=\"widget\" data-e-type=\"widget\" data-widget_type=\"heading.default\">\n\t\t\t\t\t<h3 class=\"elementor-heading-title elementor-size-default\">T\u00edmabil textanna<\/h3>\t\t\t\t<\/div>\n\t\t\t\t<div class=\"elementor-element elementor-element-73997a0 elementor-widget elementor-widget-text-editor\" data-id=\"73997a0\" data-element_type=\"widget\" data-e-type=\"widget\" data-widget_type=\"text-editor.default\">\n\t\t\t\t\t\t\t\t\t<p><span data-nosnippet>Demeter er heimildarlega sta\u00f0fest fr\u00e1 og me\u00f0 Hes\u00edodosi (8. \u00f6ld f.Kr.); hinn mi\u00f0l\u00e6gi <em>H\u00f3merski Demeter-hymninn<\/em> (7.\/6. \u00f6ld f.Kr.) segir fr\u00e1 <span class=\"iwg-fachbegriff\" data-tooltip=\"Hef\u00f0bundin fr\u00e1s\u00f6gn um gu\u00f0i, upphaf og skipan heimsins.\" tabindex=\"0\">go\u00f0s\u00f6gninni<\/span> um brottn\u00e1m Persef\u00f3nu. Bl\u00f3maskei\u00f0 d\u00fdrkunar Demeter voru <em>eleus\u00ednsku launhelgarnir<\/em>, einn mikilv\u00e6gasti launhelgasi\u00f0ur forna heimsins, sem st\u00f3\u00f0 samfellt \u00ed n\u00e6rri 2000 \u00e1r, fr\u00e1 um 7. \u00f6ld f.Kr. til 392 e.Kr. (\u00feegar \u00dee\u00f3d\u00f3s\u00edus l\u00e9t loka honum).<\/span><\/p><p>\u00c1 r\u00f3mverskum t\u00edma breiddist samsvarandi <span class=\"iwg-fachbegriff\" data-tooltip=\"Heild tr\u00faarlegra d\u00fdrkunarathafna fyrir go\u00f0veru e\u00f0a heilaga pers\u00f3nu.\" tabindex=\"0\">d\u00fdrkun<\/span> Ceresar \u00e1 Demeter-launhelgunum \u00fat samhli\u00f0a.<\/p>\t\t\t\t\t\t\t\t<\/div>\n\t\t\t\t\t<\/div>\n\t\t\t\t<\/div>\n\t\t<div class=\"elementor-element elementor-element-d47b156 e-flex e-con-boxed e-con e-child\" data-id=\"d47b156\" data-element_type=\"container\" data-e-type=\"container\">\n\t\t\t\t\t<div class=\"e-con-inner\">\n\t\t\t\t<div class=\"elementor-element elementor-element-ff38c2b elementor-widget elementor-widget-heading\" data-id=\"ff38c2b\" data-element_type=\"widget\" data-e-type=\"widget\" data-widget_type=\"heading.default\">\n\t\t\t\t\t<h3 class=\"elementor-heading-title elementor-size-default\">\u00datbrei\u00f0slusv\u00e6\u00f0i<\/h3>\t\t\t\t<\/div>\n\t\t\t\t<div class=\"elementor-element elementor-element-4e49fcc elementor-widget elementor-widget-text-editor\" data-id=\"4e49fcc\" data-element_type=\"widget\" data-e-type=\"widget\" data-widget_type=\"text-editor.default\">\n\t\t\t\t\t\t\t\t\t<p>A\u00f0al d\u00fdrkunarsta\u00f0ur: <strong>Eleusis<\/strong> n\u00e1l\u00e6gt A\u00feenu (\u00feekktustu launhelgarnir). Auk \u00feess: Sikiley (Enna, meintur sta\u00f0ur brottn\u00e1ms Persef\u00f3nu), Lokroi Epizephyrioi (su\u00f0ur\u00edtalskur s\u00e9rstakur <span class=\"iwg-fachbegriff\" data-tooltip=\"Heild tr\u00faarlegra d\u00fdrkunarathafna fyrir go\u00f0veru e\u00f0a heilaga pers\u00f3nu.\" tabindex=\"0\">d\u00fdrkun<\/span> me\u00f0 p\u00ednakes-t\u00f6flum), Korin\u00fea, S\u00fdrak\u00fasu, Herm\u00ed\u00f3na (Arg\u00f3lis). Um allt hi\u00f0 hellenska Mi\u00f0jar\u00f0arhafssv\u00e6\u00f0i, s\u00e9rstaklega \u00ed landb\u00fana\u00f0arsamf\u00e9l\u00f6gum. Musterissv\u00e6\u00f0i\u00f0 \u00ed Eleusis er a\u00f0 hluta var\u00f0veitt \u00ed dag (Telesterion, launhelgarh\u00fasi\u00f0).<\/p>\t\t\t\t\t\t\t\t<\/div>\n\t\t\t\t\t<\/div>\n\t\t\t\t<\/div>\n\t\t\t\t<\/div>\n\t\t<div class=\"elementor-element elementor-element-db03c39 e-con-full e-flex e-con e-child\" data-id=\"db03c39\" data-element_type=\"container\" data-e-type=\"container\">\n\t\t<div class=\"elementor-element elementor-element-229a87b e-flex e-con-boxed e-con e-child\" data-id=\"229a87b\" data-element_type=\"container\" data-e-type=\"container\">\n\t\t\t\t\t<div class=\"e-con-inner\">\n\t\t\t\t<div class=\"elementor-element elementor-element-1f471fc elementor-widget elementor-widget-heading\" data-id=\"1f471fc\" data-element_type=\"widget\" data-e-type=\"widget\" data-widget_type=\"heading.default\">\n\t\t\t\t\t<h3 class=\"elementor-heading-title elementor-size-default\">Heimildasta\u00f0a<\/h3>\t\t\t\t<\/div>\n\t\t\t\t<div class=\"elementor-element elementor-element-36b1201 elementor-widget elementor-widget-text-editor\" data-id=\"36b1201\" data-element_type=\"widget\" data-e-type=\"widget\" data-widget_type=\"text-editor.default\">\n\t\t\t\t\t\t\t\t\t<p>Meginheimildir: <em>H\u00f3merski hymninn til Demeter<\/em> (sta\u00f0altexti), Hes\u00edodosar <em>Theogon\u00eda<\/em>, Pausan\u00edas <em>L\u00fdsing \u00e1 Grikklandi<\/em> (kaflinn um Eleusis), <em>Lokroi-p\u00ednakesarnir<\/em> (su\u00f0ur\u00edtalskar leirmyndat\u00f6flur), \u00e1letranir fr\u00e1 Eleusis. Fr\u00e6\u00f0irit: Burkert, <em><span class=\"iwg-fachbegriff\" data-tooltip=\"T\u00edmabil gr\u00edskrar og r\u00f3mverskrar menningar, um 800 f.Kr. til 600 e.Kr.\" tabindex=\"0\">forn\u00f6ld<\/span>arlegir launhelgar<\/em> og <em>Gr\u00edsk tr\u00faarbr\u00f6g\u00f0<\/em>; Foley, <em>The Homeric Hymn to Demeter<\/em>; Clinton, <em>The Eleusinian Mysteries<\/em>.<\/p>\t\t\t\t\t\t\t\t<\/div>\n\t\t\t\t\t<\/div>\n\t\t\t\t<\/div>\n\t\t\t\t<\/div>\n\t\t\t\t\t<\/div>\n\t\t\t\t<\/div>\n\t\t<div class=\"elementor-element elementor-element-3ae0637c e-flex e-con-boxed e-con e-parent\" data-id=\"3ae0637c\" data-element_type=\"container\" data-e-type=\"container\">\n\t\t\t\t\t<div class=\"e-con-inner\">\n\t\t\t\t<div class=\"elementor-element elementor-element-31d07739 elementor-widget elementor-widget-heading\" data-id=\"31d07739\" data-element_type=\"widget\" data-e-type=\"widget\" data-widget_type=\"heading.default\">\n\t\t\t\t\t<h2 class=\"elementor-heading-title elementor-size-default\">Nafn og afbrig\u00f0i<\/h2>\t\t\t\t<\/div>\n\t\t<div class=\"elementor-element elementor-element-b7642947 e-con-full e-flex e-con e-child\" data-id=\"b7642947\" data-element_type=\"container\" data-e-type=\"container\">\n\t\t\t\t<div class=\"elementor-element elementor-element-a086266 elementor-widget elementor-widget-text-editor\" data-id=\"a086266\" data-element_type=\"widget\" data-e-type=\"widget\" data-widget_type=\"text-editor.default\">\n\t\t\t\t\t\t\t\t\t<p>Demeter er s\u00fdnd sem vir\u00f0uleg, fullor\u00f0in kona, oft me\u00f0 korn\u00f6x \u00ed h\u00e1rinu e\u00f0a \u00ed h\u00f6ndunum.<\/p><p>T\u00e1kn hennar eru hveiti og bygg, kyndillinn (sem h\u00fan bar er h\u00fan leita\u00f0i Persef\u00f3nu), gn\u00f3ttarhorni\u00f0 (yfirfl\u00e6\u00f0i) og stundum \u00f3p\u00edumkorn (v\u00edmugefandi efni, <span class=\"iwg-fachbegriff\" data-tooltip=\"Merki sem t\u00e1knar hugmynd e\u00f0a merkingu.\" tabindex=\"0\">t\u00e1kn<\/span> launhelgarnna). H\u00fan er kl\u00e6dd fl\u00e6\u00f0andi kl\u00e6\u00f0um, stundum me\u00f0 sl\u00e6\u00f0u. D\u00fdr hennar er h\u00f6ggormurinn (ch\u00fe\u00f3nskur, tengdur undirheimum).<\/p>\t\t\t\t\t\t\t\t<\/div>\n\t\t\t\t<\/div>\n\t\t\t\t\t<\/div>\n\t\t\t\t<\/div>\n\t\t<div class=\"elementor-element elementor-element-709a44a8 e-flex e-con-boxed e-con e-parent\" data-id=\"709a44a8\" data-element_type=\"container\" data-e-type=\"container\">\n\t\t\t\t\t<div class=\"e-con-inner\">\n\t\t\t\t<div class=\"elementor-element elementor-element-2f585873 elementor-widget elementor-widget-heading\" data-id=\"2f585873\" data-element_type=\"widget\" data-e-type=\"widget\" data-widget_type=\"heading.default\">\n\t\t\t\t\t<h2 class=\"elementor-heading-title elementor-size-default\">Einkenni<\/h2>\t\t\t\t<\/div>\n\t\t<div class=\"elementor-element elementor-element-70621c12 e-con-full e-flex e-con e-child\" data-id=\"70621c12\" data-element_type=\"container\" data-e-type=\"container\">\n\t\t\t\t<div class=\"elementor-element elementor-element-4296eb49 elementor-widget elementor-widget-text-editor\" data-id=\"4296eb49\" data-element_type=\"widget\" data-e-type=\"widget\" data-widget_type=\"text-editor.default\">\n\t\t\t\t\t\t\t\t\t<p>Demeter er fyrst og fremst d\u00fdrku\u00f0 \u00ed eleus\u00ednsku launhelgunum, \u00fear sem <span class=\"iwg-fachbegriff\" data-tooltip=\"Hef\u00f0bundin fr\u00e1s\u00f6gn um gu\u00f0i, upphaf og skipan heimsins.\" tabindex=\"0\">go\u00f0s\u00f6gnin<\/span> um hana er leikin. B\u00e6ndur og s\u00e1\u00f0menn kalla \u00e1 hana. Gjafir til hennar eru \u00e1vextir, korn-<span class=\"iwg-fachbegriff\" data-tooltip=\"Gj\u00f6f til gu\u00f0veru til a\u00f0 tj\u00e1 \u00feakkl\u00e6ti, b\u00e6n e\u00f0a d\u00fdrkun.\" tabindex=\"0\">f\u00f3rnir<\/span> og v\u00edn. \u00cd Eleusis eru framkv\u00e6mdar leynilegar athafnir, og innv\u00edg\u00f0ir sverjast til \u00feagnar.<\/p><p>Launhelgarnir heita tr\u00fau\u00f0um betri \u00f6rl\u00f6gum \u00ed handanheimum. Rei\u00f0i Demeter (frost og hungursney\u00f0 \u00feegar h\u00fan saknar Persef\u00f3nu) s\u00fdnir m\u00e1tt hennar: \u00e1n n\u00e1\u00f0ar hennar sveltur heimurinn. H\u00fan er ein af f\u00e1um go\u00f0verum me\u00f0 bein v\u00f6ld yfir afkomu mannkyns.<\/p><p><strong>\u00c1s\u00fdnd og t\u00e1kn<\/strong><\/p><p>Demeter er s\u00fdnd sem fullor\u00f0in, vir\u00f0uleg kona, oft me\u00f0 korn\u00f6x \u00ed h\u00e1rinu e\u00f0a \u00ed h\u00f6ndunum, stundum me\u00f0 kyndil, <span class=\"iwg-fachbegriff\" data-tooltip=\"Merki sem t\u00e1knar hugmynd e\u00f0a merkingu.\" tabindex=\"0\">t\u00e1kn<\/span> vonlausrar leitar hennar a\u00f0 Persef\u00f3nu. Kyndillinn er hennar t\u00edmalausa einkenni. Korni\u00f0, byggi\u00f0 og hveiti\u00f0 eru hennar mikilv\u00e6gustu t\u00e1kn.<\/p><p>Valm\u00fainn var henni heilagur (vegna \u00f3p\u00edumeiginleika sinna sem f\u00e6ra gleymsku). Sv\u00edni\u00f0 var heilagt d\u00fdr hennar, f\u00f3rnard\u00fdr \u00ed launhelgum hennar. Litur hennar var gullinn eins og full\u00feroska\u00f0 korn. \u00d3l\u00edkt \u00f6\u00f0rum gu\u00f0um bar h\u00fan vir\u00f0ingu \u00e1n h\u00e9g\u00f3ma; h\u00fan var m\u00f3\u00f0ir alls vaxtar, a\u00f0gengileg og \u00e1 sama t\u00edma grundvallaratri\u00f0i fyrir afkomu mannkyns.<\/p>\t\t\t\t\t\t\t\t<\/div>\n\t\t\t\t<\/div>\n\t\t\t\t\t<\/div>\n\t\t\t\t<\/div>\n\t\t<div class=\"elementor-element elementor-element-44e71476 e-flex e-con-boxed e-con e-parent\" data-id=\"44e71476\" data-element_type=\"container\" data-e-type=\"container\">\n\t\t\t\t\t<div class=\"e-con-inner\">\n\t\t\t\t<div class=\"elementor-element elementor-element-3c1fc3f0 elementor-widget elementor-widget-heading\" data-id=\"3c1fc3f0\" data-element_type=\"widget\" data-e-type=\"widget\" data-widget_type=\"heading.default\">\n\t\t\t\t\t<h2 class=\"elementor-heading-title elementor-size-default\">Pers\u00f3nul\u00fdsing: Demeter<\/h2>\t\t\t\t<\/div>\n\t\t<div class=\"elementor-element elementor-element-84f33b8e e-con-full e-flex e-con e-child\" data-id=\"84f33b8e\" data-element_type=\"container\" data-e-type=\"container\">\n\t\t\t\t<div class=\"elementor-element elementor-element-hqkdc67p elementor-widget elementor-widget-text-editor\" data-id=\"hqkdc67p\" data-element_type=\"widget\" data-e-type=\"widget\" data-widget_type=\"text-editor.default\">\n\t\t\t\t\t\t\t\t\t<p>Mikilv\u00e6gustu \u00fe\u00e6ttir Demeter \u00ed hnotskurn. Eftirfarandi reitir taka saman uppruna, hlutverk, \u00e1s\u00fdnd, d\u00fdrkun, t\u00e1kn og hli\u00f0st\u00e6\u00f0ur.<\/p>\t\t\t\t\t\t\t\t<\/div>\n\t\t\t\t<\/div>\n\t\t<div class=\"elementor-element elementor-element-pemmx7c5 e-con-full e-flex e-con e-child\" data-id=\"pemmx7c5\" data-element_type=\"container\" data-e-type=\"container\">\n\t\t<div class=\"elementor-element elementor-element-pemmx7c1 e-con-full e-flex e-con e-child\" data-id=\"pemmx7c1\" data-element_type=\"container\" data-e-type=\"container\">\n\t\t<div class=\"elementor-element elementor-element-qh9oavvu iwg-steckbrief-card e-flex e-con-boxed e-con e-child\" data-id=\"qh9oavvu\" data-element_type=\"container\" data-e-type=\"container\">\n\t\t\t\t\t<div class=\"e-con-inner\">\n\t\t\t\t<div class=\"elementor-element elementor-element-awzx8k2k elementor-widget elementor-widget-heading\" data-id=\"awzx8k2k\" data-element_type=\"widget\" data-e-type=\"widget\" data-widget_type=\"heading.default\">\n\t\t\t\t\t<div class=\"elementor-heading-title elementor-size-default\">Uppruni Demeter<\/div>\t\t\t\t<\/div>\n\t\t\t\t<div class=\"elementor-element elementor-element-x6rowhv0 elementor-widget elementor-widget-text-editor\" data-id=\"x6rowhv0\" data-element_type=\"widget\" data-e-type=\"widget\" data-widget_type=\"text-editor.default\">\n\t\t\t\t\t\t\t\t\t<p>Demeter er d\u00f3ttir Kr\u00f3nosar og Reu, systir Seifs, Heru, Hadesar, Poseidons og Hest\u00edu, ein af tveimur h\u00f6fu\u00f0gy\u00f0jum \u00d3lympsfjalls af T\u00edtana-kyni. M\u00f3\u00f0ir Persef\u00f3nu (d\u00f3ttur me\u00f0 Seifi).<\/p><p>Mi\u00f0l\u00e6g <span class=\"iwg-fachbegriff\" data-tooltip=\"Hef\u00f0bundin fr\u00e1s\u00f6gn um gu\u00f0i, upphaf og skipan heimsins.\" tabindex=\"0\">go\u00f0s\u00f6gn<\/span> hennar: leitin a\u00f0 Persef\u00f3nu, sem Hades r\u00e6ndi; \u00e1 me\u00f0an h\u00fan syrgir visna gr\u00f3\u00f0ur jar\u00f0ar; eftir hlutbundna endurkomu Persef\u00f3nu (tvo \u00feri\u00f0junga \u00e1rs) sn\u00faa hin gr\u00f3\u00f0urs\u00e6lu \u00e1rst\u00ed\u00f0ir aftur. <span class=\"iwg-fachbegriff\" data-tooltip=\"Merki sem t\u00e1knar hugmynd e\u00f0a merkingu.\" tabindex=\"0\">T\u00e1kn<\/span> \u00e1rst\u00ed\u00f0abundinnar endurkomu.<\/p>\t\t\t\t\t\t\t\t<\/div>\n\t\t\t\t\t<\/div>\n\t\t\t\t<\/div>\n\t\t<div class=\"elementor-element elementor-element-8e3o4kxs iwg-steckbrief-card e-flex e-con-boxed e-con e-child\" data-id=\"8e3o4kxs\" data-element_type=\"container\" data-e-type=\"container\">\n\t\t\t\t\t<div class=\"e-con-inner\">\n\t\t\t\t<div class=\"elementor-element elementor-element-08rkdgov elementor-widget elementor-widget-heading\" data-id=\"08rkdgov\" data-element_type=\"widget\" data-e-type=\"widget\" data-widget_type=\"heading.default\">\n\t\t\t\t\t<div class=\"elementor-heading-title elementor-size-default\">Markh\u00f3pur Demeter<\/div>\t\t\t\t<\/div>\n\t\t\t\t<div class=\"elementor-element elementor-element-uwjelx8s elementor-widget elementor-widget-text-editor\" data-id=\"uwjelx8s\" data-element_type=\"widget\" data-e-type=\"widget\" data-widget_type=\"text-editor.default\">\n\t\t\t\t\t\t\t\t\t<p>Verndargy\u00f0ja kornuppskeru og landb\u00fana\u00f0argr\u00f3\u00f0urs (s\u00e9rstaklega hveitis). \u00cd dulspeki-<span class=\"iwg-fachbegriff\" data-tooltip=\"Heild \u00feeirra tr\u00faarlegu tilbei\u00f0sluathafna sem tileinka\u00f0ar eru gu\u00f0i e\u00f0a heilagri v\u00e6ttu.\" tabindex=\"0\">helgisi\u00f0um<\/span> veitir h\u00fan hinum innv\u00edg\u00f0u s\u00e6la eftirl\u00edfstilveru undir sinni og Persef\u00f3nu verndarv\u00e6ng. <em>Demeter Thesmophoros<\/em> (\u201el\u00f6ggjafinn\u201c) er verndargy\u00f0ja hj\u00f3nabands og kvennasamkoma (Thesmophoria-h\u00e1t\u00ed\u00f0arins). \u00cd pers\u00f3nulegum <span class=\"iwg-fachbegriff\" data-tooltip=\"Heild \u00feeirra tr\u00faarlegu tilbei\u00f0sluathafna sem tileinka\u00f0ar eru gu\u00f0i e\u00f0a heilagri v\u00e6ttu.\" tabindex=\"0\">helgisi\u00f0um<\/span> var h\u00fan einnig <span class=\"iwg-fachbegriff\" data-tooltip=\"B\u00e6nagj\u00f6r\u00f0 e\u00f0a \u00e1kall til gu\u00f0s e\u00f0a m\u00e1ttarvalds um hj\u00e1lp.\" tabindex=\"0\">\u00e1k\u00f6llu\u00f0<\/span> til verndar gegn hungri og sj\u00fakd\u00f3mum.<\/p>\t\t\t\t\t\t\t\t<\/div>\n\t\t\t\t\t<\/div>\n\t\t\t\t<\/div>\n\t\t<div class=\"elementor-element elementor-element-jm2n74ec iwg-steckbrief-card e-flex e-con-boxed e-con e-child\" data-id=\"jm2n74ec\" data-element_type=\"container\" data-e-type=\"container\">\n\t\t\t\t\t<div class=\"e-con-inner\">\n\t\t\t\t<div class=\"elementor-element elementor-element-8vufse4c elementor-widget elementor-widget-heading\" data-id=\"8vufse4c\" data-element_type=\"widget\" data-e-type=\"widget\" data-widget_type=\"heading.default\">\n\t\t\t\t\t<div class=\"elementor-heading-title elementor-size-default\">Framsetning<\/div>\t\t\t\t<\/div>\n\t\t\t\t<div class=\"elementor-element elementor-element-mwb9u015 elementor-widget elementor-widget-text-editor\" data-id=\"mwb9u015\" data-element_type=\"widget\" data-e-type=\"widget\" data-widget_type=\"text-editor.default\">\n\t\t\t\t\t\t\t\t\t<p>Full\u00ferosku\u00f0, vir\u00f0uleg kvenpers\u00f3na, oft sitjandi \u00ed h\u00e1s\u00e6ti. <em>Kornkrans<\/em> \u00e1 h\u00f6f\u00f0i, <em>kornbindi<\/em> \u00ed hendi, stundum <em>blys<\/em> (<span class=\"iwg-fachbegriff\" data-tooltip=\"T\u00e1kn sem stendur fyrir hugmynd e\u00f0a merkingu.\" tabindex=\"0\">t\u00e1kn<\/span> fyrir leit hennar a\u00f0 Persef\u00f3nu). Hrokki\u00f0 h\u00e1r, oft huli\u00f0 sl\u00e6\u00f0u.<\/p><p>H\u00fa\u00f0litur gullinn (litur kornsins). Oft \u00ed fylgd <em>Triptolemosar<\/em> (unglegs gu\u00f0s akuryrkjun\u00e1msins, l\u00e6risveins hennar) og \u00e1 vagni dregnum af h\u00f6ggormum. \u00c1 Lokroi-pl\u00f6tunum er h\u00fan oft \u00ed sorgarstellingu. \u00c1 leyndard\u00f3msath\u00f6fnunum er h\u00fan s\u00fdnd sem kr\u00fdnd m\u00f3\u00f0urgy\u00f0ja.<\/p>\t\t\t\t\t\t\t\t<\/div>\n\t\t\t\t\t<\/div>\n\t\t\t\t<\/div>\n\t\t\t\t<\/div>\n\t\t<div class=\"elementor-element elementor-element-pemmx7c2 e-con-full e-flex e-con e-child\" data-id=\"pemmx7c2\" data-element_type=\"container\" data-e-type=\"container\">\n\t\t<div class=\"elementor-element elementor-element-37ss2yr6 iwg-steckbrief-card e-flex e-con-boxed e-con e-child\" data-id=\"37ss2yr6\" data-element_type=\"container\" data-e-type=\"container\">\n\t\t\t\t\t<div class=\"e-con-inner\">\n\t\t\t\t<div class=\"elementor-element elementor-element-3v0wp3wx elementor-widget elementor-widget-heading\" data-id=\"3v0wp3wx\" data-element_type=\"widget\" data-e-type=\"widget\" data-widget_type=\"heading.default\">\n\t\t\t\t\t<div class=\"elementor-heading-title elementor-size-default\">I\u00f0ja<\/div>\t\t\t\t<\/div>\n\t\t\t\t<div class=\"elementor-element elementor-element-w3247g2m elementor-widget elementor-widget-text-editor\" data-id=\"w3247g2m\" data-element_type=\"widget\" data-e-type=\"widget\" data-widget_type=\"text-editor.default\">\n\t\t\t\t\t\t\t\t\t<p><strong>Verksvi\u00f0:<\/strong> B\u00e6ndur \u00e1k\u00f6llu\u00f0u Demeter fyrir og eftir uppskeru. Helstu h\u00e1t\u00ed\u00f0ir hennar voru: <em>Thesmophoria<\/em> (\u00feriggja daga kvennah\u00e1t\u00ed\u00f0 a\u00f0 hausti, \u00fatbreidd v\u00ed\u00f0a um Grikkland), <em>eleus\u00ednsku leyndard\u00f3marnir<\/em> (\u00ed Boedromion-m\u00e1nu\u00f0i, um september; n\u00edu daga innv\u00edgsluh\u00e1t\u00ed\u00f0 sem dr\u00f3 a\u00f0 s\u00e9r f\u00f3lk v\u00ed\u00f0a a\u00f0).<\/p><p>Leyndard\u00f3marnir h\u00e9tu s\u00e6lu eftirl\u00edfi undir vernd Demeter og Persef\u00f3nu. Innv\u00edg\u00f0ir komu alls sta\u00f0ar fr\u00e1 Mi\u00f0jar\u00f0arhafssv\u00e6\u00f0inu til Eleusis. \u00cd pers\u00f3nulegum <span class=\"iwg-fachbegriff\" data-tooltip=\"Heild \u00feeirra tr\u00faarlegu tilbei\u00f0sluathafna sem tileinka\u00f0ar eru gu\u00f0i e\u00f0a heilagri v\u00e6ttu.\" tabindex=\"0\">helgisi\u00f0um<\/span> var h\u00fan \u00e1k\u00f6llu\u00f0 sem m\u00f3\u00f0urgy\u00f0ja, s\u00e9rstaklega af konum.<\/p>\t\t\t\t\t\t\t\t<\/div>\n\t\t\t\t\t<\/div>\n\t\t\t\t<\/div>\n\t\t<div class=\"elementor-element elementor-element-0qpjal9w iwg-steckbrief-card e-flex e-con-boxed e-con e-child\" data-id=\"0qpjal9w\" data-element_type=\"container\" data-e-type=\"container\">\n\t\t\t\t\t<div class=\"e-con-inner\">\n\t\t\t\t<div class=\"elementor-element elementor-element-6ndoih0o elementor-widget elementor-widget-heading\" data-id=\"6ndoih0o\" data-element_type=\"widget\" data-e-type=\"widget\" data-widget_type=\"heading.default\">\n\t\t\t\t\t<div class=\"elementor-heading-title elementor-size-default\">Vernd<\/div>\t\t\t\t<\/div>\n\t\t\t\t<div class=\"elementor-element elementor-element-6684tyh9 elementor-widget elementor-widget-text-editor\" data-id=\"6684tyh9\" data-element_type=\"widget\" data-e-type=\"widget\" data-widget_type=\"text-editor.default\">\n\t\t\t\t\t\t\t\t\t<p>Kornkrans, kornbindi (a\u00f0alt\u00e1kn), blys, valm\u00fai (<span class=\"iwg-fachbegriff\" data-tooltip=\"T\u00e1kn sem stendur fyrir hugmynd e\u00f0a merkingu.\" tabindex=\"0\">t\u00e1kn<\/span> fyrir d\u00fdpt gr\u00f3\u00f0url\u00edfsins), vagn dregin h\u00f6ggormum, sv\u00edn (a\u00f0alf\u00f3rnard\u00fdr), kalathos (h\u00e1r karfa). Pl\u00f6ntur: hveiti, bygg, valm\u00fai, granatepli (vegna tengsla vi\u00f0 Persef\u00f3nu), asfodel. Heil\u00f6g d\u00fdr: sv\u00edn, h\u00f6ggormur, trani.<\/p>\t\t\t\t\t\t\t\t<\/div>\n\t\t\t\t\t<\/div>\n\t\t\t\t<\/div>\n\t\t<div class=\"elementor-element elementor-element-3lfi7x32 iwg-steckbrief-card e-flex e-con-boxed e-con e-child\" data-id=\"3lfi7x32\" data-element_type=\"container\" data-e-type=\"container\">\n\t\t\t\t\t<div class=\"e-con-inner\">\n\t\t\t\t<div class=\"elementor-element elementor-element-0kg99ga1 elementor-widget elementor-widget-heading\" data-id=\"0kg99ga1\" data-element_type=\"widget\" data-e-type=\"widget\" data-widget_type=\"heading.default\">\n\t\t\t\t\t<div class=\"elementor-heading-title elementor-size-default\">Samb\u00e6rilegt<\/div>\t\t\t\t<\/div>\n\t\t\t\t<div class=\"elementor-element elementor-element-n0fum6kp elementor-widget elementor-widget-text-editor\" data-id=\"n0fum6kp\" data-element_type=\"widget\" data-e-type=\"widget\" data-widget_type=\"text-editor.default\">\n\t\t\t\t\t\t\t\t\t<p><em>Ceres<\/em> (R\u00f3m, n\u00e6r samhlj\u00f3\u00f0a yfirf\u00e6rsla), <em>\u00cdsis<\/em> (Egyptaland, samruna \u00ed hellen\u00edskri t\u00ed\u00f0), <em>Innana\/Ishtar<\/em> (Mes\u00f3p\u00f3tam\u00eda, a\u00f0 hluta, gr\u00f3\u00f0uraspekt), <em>Hathor<\/em> (Egyptaland, m\u00f3\u00f0urleg gy\u00f0ja), <em>Annapurna<\/em> (hind\u00faasi\u00f0ur, gjafi f\u00e6\u00f0u), <em>Sif<\/em> (germ\u00f6nsk, korngy\u00f0ja), <em>Inari<\/em> (Japan, hr\u00edsgrj\u00f3nagy\u00f0ja). Ind\u00f3evr\u00f3pska r\u00f3tin \u00e1 bak vi\u00f0 hugmyndina um kornm\u00f3\u00f0urina er greinanleg \u00ed m\u00f6rgum tungum\u00e1lum.<\/p>\t\t\t\t\t\t\t\t<\/div>\n\t\t\t\t\t<\/div>\n\t\t\t\t<\/div>\n\t\t\t\t<\/div>\n\t\t\t\t<\/div>\n\t\t\t\t\t<\/div>\n\t\t\t\t<\/div>\n\t\t<div class=\"elementor-element elementor-element-7533bc7a e-flex e-con-boxed e-con e-parent\" data-id=\"7533bc7a\" data-element_type=\"container\" data-e-type=\"container\">\n\t\t\t\t\t<div class=\"e-con-inner\">\n\t\t\t\t<div class=\"elementor-element elementor-element-2447d18d elementor-widget elementor-widget-heading\" data-id=\"2447d18d\" data-element_type=\"widget\" data-e-type=\"widget\" data-widget_type=\"heading.default\">\n\t\t\t\t\t<h2 class=\"elementor-heading-title elementor-size-default\">Varnir \u00ed daglegu l\u00edfi<\/h2>\t\t\t\t<\/div>\n\t\t<div class=\"elementor-element elementor-element-d5d0260c e-con-full e-flex e-con e-child\" data-id=\"d5d0260c\" data-element_type=\"container\" data-e-type=\"container\">\n\t\t\t\t<div class=\"elementor-element elementor-element-341be2ac elementor-widget elementor-widget-text-editor\" data-id=\"341be2ac\" data-element_type=\"widget\" data-e-type=\"widget\" data-widget_type=\"text-editor.default\">\n\t\t\t\t\t\t\t\t\t<div><p><strong>Tilbei\u00f0sla \u00ed daglegu l\u00edfi<\/strong><\/p>\n<div><p><strong>Helgisi\u00f0ir og \u00e1kall<\/strong><br>\nEleus\u00ednsku leyndard\u00f3marnir h\u00e9tu hinum innv\u00edg\u00f0u g\u00f3\u00f0um hlut \u00ed eftirl\u00edfinu. Auk \u00feess voru Thesmophoria kvennah\u00e1t\u00ed\u00f0in og hin h\u00e1t\u00ed\u00f0lega <span class=\"iwg-fachbegriff\" data-tooltip=\"H\u00e1t\u00ed\u00f0leg tr\u00faarleg fylking.\" tabindex=\"0\">skr\u00fa\u00f0ganga<\/span> fr\u00e1 A\u00feenu til Eleusis eftir Helgu lei\u00f0inni.<\/p><\/div>\n\n<p><strong>\u00c1kall og b\u00e6nir<\/strong><\/p>\n<div><p><strong>Textahef\u00f0 og form\u00falur<\/strong><br>\nH\u00f3merskur Demeterhymnur segir fr\u00e1 brottn\u00e1mi Persef\u00f3nu og stofnun leyndard\u00f3manna \u00ed Eleusis. Orfeanskir hymnar og eleus\u00ednskir helgisi\u00f0atextar fylla \u00fat <span class=\"iwg-fachbegriff\" data-tooltip=\"Mi\u00f0lun \u00feekkingar og sagna kynsl\u00f3\u00f0 eftir kynsl\u00f3\u00f0.\" tabindex=\"0\">arfleif\u00f0ina<\/span>.<\/p><\/div>\n\n<p><strong>Verndargripir og verndart\u00e1kn<\/strong><\/p>\n<div><p><strong>Efnisleg <span class=\"iwg-fachbegriff\" data-tooltip=\"Fleirtala af ap\u00f3tr\u00f3pa\u00edkon: hlutir og t\u00e1kn sem \u00e6tla\u00f0 er a\u00f0 verjast \u00f3l\u00e1ni.\" tabindex=\"0\">verndargripir<\/span> og fornleifafundir<\/strong><br>\nKorn\u00f6x voru notu\u00f0 sem <span class=\"iwg-fachbegriff\" data-tooltip=\"\u00c1\u00fereifanleg mynd sem t\u00e1knar \u00f3hlutbundna hugmynd.\" tabindex=\"0\">t\u00e1knmynd<\/span> gy\u00f0junnar, kykeon-drykkurinn var helgisi\u00f0adrykkur. Fr\u00e1 <span class=\"iwg-fachbegriff\" data-tooltip=\"Heilagur sta\u00f0ur tileinka\u00f0ur tilbei\u00f0slu gu\u00f0s.\" tabindex=\"0\">helgista\u00f0num<\/span> \u00ed Eleusis eru var\u00f0veittar margar f\u00f3rnargjafir, \u00fear \u00e1 me\u00f0al litlar gr\u00edsastyttur, enda var sv\u00edni\u00f0 f\u00f3rnard\u00fdr Demeter.<\/p><\/div><\/div>\t\t\t\t\t\t\t\t<\/div>\n\t\t\t\t<\/div>\n\t\t\t\t\t<\/div>\n\t\t\t\t<\/div>\n\t\t<div class=\"elementor-element elementor-element-5a584676 e-flex e-con-boxed e-con e-parent\" data-id=\"5a584676\" data-element_type=\"container\" data-e-type=\"container\">\n\t\t\t\t\t<div class=\"e-con-inner\">\n\t\t\t\t<div class=\"elementor-element elementor-element-6d0757bf elementor-widget elementor-widget-heading\" data-id=\"6d0757bf\" data-element_type=\"widget\" data-e-type=\"widget\" data-widget_type=\"heading.default\">\n\t\t\t\t\t<h2 class=\"elementor-heading-title elementor-size-default\">Demeter, hli\u00f0st\u00e6\u00f0ur \u00ed \u00f6\u00f0rum menningarheimum<\/h2>\t\t\t\t<\/div>\n\t\t<div class=\"elementor-element elementor-element-60563f68 e-con-full e-flex e-con e-child\" data-id=\"60563f68\" data-element_type=\"container\" data-e-type=\"container\">\n\t\t\t\t<div class=\"elementor-element elementor-element-5a93fdd6 elementor-widget elementor-widget-text-editor\" data-id=\"5a93fdd6\" data-element_type=\"widget\" data-e-type=\"widget\" data-widget_type=\"text-editor.default\">\n\t\t\t\t\t\t\t\t\t<p>Korngu\u00f0ir og frj\u00f3semisgy\u00f0jur finnast alls sta\u00f0ar: Hathor e\u00f0a \u00cdsis (Egyptaland), Aditi (Indland), Sif (Skandinav\u00eda). Sorgarhringur Demeter minnir \u00e1 ni\u00f0urg\u00f6ngu Ishtar\/Inn\u00f6nu (Mes\u00f3p\u00f3tam\u00eda) e\u00f0a dau\u00f0a Baldurs (Skandinav\u00eda). Eleus\u00ednsku leyndard\u00f3marnir eru einstakir \u00ed mikilv\u00e6gi s\u00ednu og leynd. M\u00f3\u00f0urhlutverk Demeter og landb\u00fana\u00f0arsvi\u00f0 hennar a\u00f0greina hana fr\u00e1 \u00f6\u00f0rum frj\u00f3semisgy\u00f0jum eins og Afr\u00f3d\u00edtu e\u00f0a Heru.<\/p>\t\t\t\t\t\t\t\t<\/div>\n\t\t\t\t<\/div>\n\t\t\t\t\t<\/div>\n\t\t\t\t<\/div>\n\t\t<div class=\"elementor-element elementor-element-cpd026820 e-flex e-con-boxed e-con e-parent\" data-id=\"cpd026820\" data-element_type=\"container\" data-e-type=\"container\">\n\t\t\t\t\t<div class=\"e-con-inner\">\n\t\t\t\t<div class=\"elementor-element elementor-element-cp6c8c568 elementor-widget elementor-widget-heading\" data-id=\"cp6c8c568\" data-element_type=\"widget\" data-e-type=\"widget\" data-widget_type=\"heading.default\">\n\t\t\t\t\t<h2 class=\"elementor-heading-title elementor-size-default\">Demeter og eleus\u00ednsku leyndard\u00f3marnir<\/h2>\t\t\t\t<\/div>\n\t\t<div class=\"elementor-element elementor-element-cpba462fb e-con-full e-flex e-con e-child\" data-id=\"cpba462fb\" data-element_type=\"container\" data-e-type=\"container\">\n\t\t\t\t<div class=\"elementor-element elementor-element-cp3cc60b0 elementor-widget elementor-widget-text-editor\" data-id=\"cp3cc60b0\" data-element_type=\"widget\" data-e-type=\"widget\" data-widget_type=\"text-editor.default\">\n\t\t\t\t\t\t\t\t\t<p>Mikilv\u00e6gasti <span class=\"iwg-fachbegriff\" data-tooltip=\"\u00d6ll tr\u00faarleg tilbei\u00f0sluath\u00f6fn helgu\u00f0 gu\u00f0i e\u00f0a heilagri v\u00e6tt.\" tabindex=\"0\">d\u00fdrkun<\/span> Demeter var s\u00fa \u00ed Eleusis n\u00e1l\u00e6gt A\u00feenu.<\/p><p>H\u00f3merski hymninn til Demeter segir fr\u00e1 \u00fev\u00ed hvernig gy\u00f0jan kemur til Eleusis \u00ed leit a\u00f0 d\u00f3ttur sinni <a href=\"https:\/\/iwell-guard.com\/is\/?page_id=168750\">Persef\u00f3nu<\/a>, \u00fej\u00f3nar \u00fear sem f\u00f3stra \u00ed h\u00fasi konungs Keleosar og krefst a\u00f0 lokum, eftir a\u00f0 gu\u00f0leg mynd hennar hefur opinberast, byggingar \u00e1 musteri og stofnunar \u00e1 si\u00f0um s\u00ednum. \u00deessi fr\u00e1s\u00f6gn er stofnsaga eleusiskra launhelgirita.<\/p><p>Launhelgiritin voru v\u00edgsluath\u00f6fn sem lofa\u00f0i hinum innv\u00edg\u00f0u betri von um l\u00edf eftir dau\u00f0ann. \u00deau voru haldin \u00e1rlega \u00e1 haustin og f\u00f3lu \u00ed s\u00e9r h\u00e1t\u00ed\u00f0lega <span class=\"iwg-fachbegriff\" data-tooltip=\"H\u00e1t\u00ed\u00f0leg tr\u00faarleg skr\u00fa\u00f0ganga.\" tabindex=\"0\">skr\u00fa\u00f0g\u00f6ngu<\/span> fr\u00e1 A\u00feenu til Eleusis, hreinsunarathafnir, fastandi og n\u00e6turh\u00e1t\u00ed\u00f0ir \u00ed st\u00f3rum sal helgista\u00f0arins.<\/p><p>Um leyndan kjarnann, a\u00f0alatri\u00f0i s\u00fdningarins, \u00fe\u00f6g\u00f0u hinir innv\u00edg\u00f0u, og \u00feessi \u00fe\u00f6gn var var\u00f0veitt um aldir. <span class=\"iwg-fachbegriff\" data-tooltip=\"V\u00edsindagrein sem rannsakar tr\u00faarbr\u00f6g\u00f0 samanbur\u00f0arlega og \u00e1n tr\u00faarlegrar skuldbindingar.\" tabindex=\"0\">Tr\u00faarbrag\u00f0afr\u00e6\u00f0i<\/span> getur \u00fev\u00ed l\u00fdst ytri rammanum vel, en getur ekki me\u00f0 vissu endurgert innsta atbur\u00f0inn.<\/p><p>Athyglisvert er samband akuryrkju og vonar um framhaldsl\u00edf, sem er innbyggt \u00ed \u00feessa <span class=\"iwg-fachbegriff\" data-tooltip=\"\u00d6ll tr\u00faarleg tilbei\u00f0sluath\u00f6fn helgu\u00f0 gu\u00f0i e\u00f0a heilagri v\u00e6tt.\" tabindex=\"0\">d\u00fdrkun<\/span>. Demeter er gy\u00f0ja kornsins, og korni\u00f0 sem lagt er \u00ed d\u00f6kka j\u00f6r\u00f0ina og vex upp aftur gaf innv\u00edg\u00f0um \u00e1\u00fereifanlega mynd af von \u00feeirra.<\/p><p><span class=\"iwg-fachbegriff\" data-tooltip=\"T\u00edmabil gr\u00edskrar og r\u00f3mverskrar menningar, um 800 f.Kr. til 600 e.Kr.\" tabindex=\"0\">Fornaldar<\/span>heimildir fr\u00e1 Pindari til Ciceros sta\u00f0festa a\u00f0 launhelgiritin voru talin s\u00e9rstaklega vir\u00f0uleg og a\u00f0 v\u00edgsla \u00ed \u00feau veitti hugarr\u00f3 \u00ed lj\u00f3si dau\u00f0ans. <span class=\"iwg-fachbegriff\" data-tooltip=\"Helgista\u00f0ur tileinka\u00f0ur tilbei\u00f0slu gu\u00f0s.\" tabindex=\"0\">Helgista\u00f0urinn<\/span> \u00ed Eleusis var \u00ed notkun fram \u00e1 kristna <span class=\"iwg-fachbegriff\" data-tooltip=\"Umbreytingart\u00edmabil milli fornaldar og mi\u00f0alda, um 3. til 7. \u00f6ld.\" tabindex=\"0\">s\u00ed\u00f0forn\u00f6ld<\/span> og var ekki ey\u00f0ilag\u00f0ur fyrr en \u00e1 s\u00ed\u00f0ari hluta 4. aldar e.Kr.<\/p>\t\t\t\t\t\t\t\t<\/div>\n\t\t\t\t<\/div>\n\t\t\t\t\t<\/div>\n\t\t\t\t<\/div>\n\t\t<div class=\"elementor-element elementor-element-cp52ff014 e-flex e-con-boxed e-con e-parent\" data-id=\"cp52ff014\" data-element_type=\"container\" data-e-type=\"container\">\n\t\t\t\t\t<div class=\"e-con-inner\">\n\t\t\t\t<div class=\"elementor-element elementor-element-cp0dab458 elementor-widget elementor-widget-heading\" data-id=\"cp0dab458\" data-element_type=\"widget\" data-e-type=\"widget\" data-widget_type=\"heading.default\">\n\t\t\t\t\t<h2 class=\"elementor-heading-title elementor-size-default\">Gy\u00f0ja kornsins og b\u00e6ndastarfa<\/h2>\t\t\t\t<\/div>\n\t\t<div class=\"elementor-element elementor-element-cp4efdd9d e-con-full e-flex e-con e-child\" data-id=\"cp4efdd9d\" data-element_type=\"container\" data-e-type=\"container\">\n\t\t\t\t<div class=\"elementor-element elementor-element-cp6b5d17a elementor-widget elementor-widget-text-editor\" data-id=\"cp6b5d17a\" data-element_type=\"widget\" data-e-type=\"widget\" data-widget_type=\"text-editor.default\">\n\t\t\t\t\t\t\t\t\t<p>Demeter er \u00ed kjarna sinn <span class=\"iwg-fachbegriff\" data-tooltip=\"Vera sem tilbe\u00f0in er sem gu\u00f0leg innan tr\u00faarbrag\u00f0a.\" tabindex=\"0\">gu\u00f0leg vera<\/span> akuryrkju, n\u00e1nar tilteki\u00f0 kornsins. Nafn hennar hefur veri\u00f0 t\u00falka\u00f0 \u00e1 \u00fdmsa vegu af fornum og n\u00fat\u00edma or\u00f0sifjafr\u00e6\u00f0ingum; seinni hlutinn, <em>meter<\/em>, \u00fe\u00fd\u00f0ir m\u00f3\u00f0ir, en fyrri hlutinn er umdeildur, \u00feess vegna er vark\u00e1rni g\u00e6tt \u00ed ranns\u00f3knum h\u00e9r.<\/p><p>\u00d3umdeilt er hins vegar \u00e1hrifasvi\u00f0 hennar. H\u00fan s\u00e9r til \u00feess a\u00f0 s\u00e6\u00f0i\u00f0 sp\u00edri, korni\u00f0 \u00feroskist og uppskeran heppnist.<\/p><p>\u00deessi \u00e1byrg\u00f0 ger\u00f0i hana a\u00f0 einni af l\u00edfsnau\u00f0synlegum gu\u00f0um fyrir landb\u00fana\u00f0arsamf\u00e9lag eins og <span class=\"iwg-fachbegriff\" data-tooltip=\"T\u00edmabil gr\u00edskrar og r\u00f3mverskrar menningar, um 800 f.Kr. til 600 e.Kr.\" tabindex=\"0\">fornaldar<\/span> Grikkland. Margar h\u00e1t\u00ed\u00f0ir fylgdu landb\u00fana\u00f0ar\u00e1rinu.<\/p><p><em>Thesmophoria<\/em>, h\u00e1t\u00ed\u00f0 sem a\u00f0eins konur h\u00e9ldu, var me\u00f0al \u00fatbreiddustu gr\u00edskra h\u00e1t\u00ed\u00f0a; h\u00fan tengdist s\u00e1ningu og f\u00f3l \u00ed s\u00e9r athafnir \u00fear sem afgangar f\u00f3rna\u00f0ra sv\u00edna voru grafnir upp aftur og blanda\u00f0 saman vi\u00f0 s\u00e6\u00f0i\u00f0. <em>Haloa<\/em>, <em>Skira<\/em> og a\u00f0rar h\u00e1t\u00ed\u00f0ir m\u00f6rku\u00f0u \u00f6nnur t\u00edmam\u00f6rk landb\u00fana\u00f0ar\u00e1rins.<\/p><p>Einkenni Demeter endurspegla \u00feetta svi\u00f0. H\u00fan ber korn\u00f6x og valm\u00faahnappa, heldur \u00e1 blysi sem minnir \u00e1 leitina a\u00f0 d\u00f3tturinni, og er tengd sv\u00edninu sem f\u00f3rnard\u00fdri. \u00cd <span class=\"iwg-fachbegriff\" data-tooltip=\"Hef\u00f0bundin fr\u00e1s\u00f6gn me\u00f0 oft s\u00f6gulegan kjarna og undraver\u00f0um atri\u00f0um.\" tabindex=\"0\">s\u00f6gninni<\/span> kennir h\u00fan hetjunni Triptolemosi akuryrkju og sendir hann \u00fat til a\u00f0 flytja m\u00f6nnum \u00feekkingu \u00e1 korninu.<\/p><p>\u00deannig er Demeter einnig menningarbo\u00f0beri: Skipul\u00f6g\u00f0 r\u00e6ktun korns er \u00ed gr\u00edskri hugsun talin skref fr\u00e1 hr\u00e1u til si\u00f0mennta\u00f0s l\u00edfsforms, og \u00feetta skref \u00e1 mannkyni\u00f0 a\u00f0 \u00feakka gy\u00f0junni samkv\u00e6mt go\u00f0sagnakenndri hugmynd.<\/p>\t\t\t\t\t\t\t\t<\/div>\n\t\t\t\t<\/div>\n\t\t\t\t\t<\/div>\n\t\t\t\t<\/div>\n\t\t<div class=\"elementor-element elementor-element-cp98d1202 e-flex e-con-boxed e-con e-parent\" data-id=\"cp98d1202\" data-element_type=\"container\" data-e-type=\"container\">\n\t\t\t\t\t<div class=\"e-con-inner\">\n\t\t\t\t<div class=\"elementor-element elementor-element-cpd6bb02a elementor-widget elementor-widget-heading\" data-id=\"cpd6bb02a\" data-element_type=\"widget\" data-e-type=\"widget\" data-widget_type=\"heading.default\">\n\t\t\t\t\t<h2 class=\"elementor-heading-title elementor-size-default\">Go\u00f0sagnakennd atvik umfram brottn\u00e1m Persef\u00f3nu<\/h2>\t\t\t\t<\/div>\n\t\t<div class=\"elementor-element elementor-element-cpd44728e e-con-full e-flex e-con e-child\" data-id=\"cpd44728e\" data-element_type=\"container\" data-e-type=\"container\">\n\t\t\t\t<div class=\"elementor-element elementor-element-cpa129061 elementor-widget elementor-widget-text-editor\" data-id=\"cpa129061\" data-element_type=\"widget\" data-e-type=\"widget\" data-widget_type=\"text-editor.default\">\n\t\t\t\t\t\t\t\t\t<p>\u00de\u00f3tt brottn\u00e1m d\u00f3tturinnar s\u00e9 kunnasta sagan um Demeter, kann <span class=\"iwg-fachbegriff\" data-tooltip=\"Yfirf\u00e6rsla \u00feekkingar og fr\u00e1sagna milli kynsl\u00f3\u00f0a.\" tabindex=\"0\">munnm\u00e6lahef\u00f0in<\/span> af fleiri s\u00f6gum sem varpa lj\u00f3si \u00e1 e\u00f0li hennar. Ein \u00feeirra er sagan um Erysichthon, konung sem l\u00e9t h\u00f6ggva helgan <span class=\"iwg-fachbegriff\" data-tooltip=\"Helgur trj\u00e1lundur sem var nota\u00f0ur sem tilbei\u00f0slusta\u00f0ur.\" tabindex=\"0\">lund<\/span> Demeter til a\u00f0 f\u00e1 byggingarvi\u00f0.<\/p><p>Til hegningar leggur gy\u00f0jan \u00e1 hann \u00f3sl\u00f6kkvandi hungur. Erysichthon ey\u00f0ir \u00f6llum eignum s\u00ednum, selur a\u00f0 lokum eigin d\u00f3ttur og endar \u00e1 a\u00f0 \u00e9ta sj\u00e1lfan sig. \u00d3v\u00ed\u00f0 \u00fatf\u00e6r\u00f0i \u00feessa d\u00f6kku s\u00f6gu \u00ed <em>Metamorphosen<\/em>. H\u00fan s\u00fdnir Demeter sem m\u00e1tt sem hegnir \u00f3v\u00e6gilega fyrir helgispj\u00f6ll \u00e1 helgist\u00f6\u00f0um s\u00ednum.<\/p><p>\u00d6nnur hef\u00f0 fjallar um tengsl Demeter vi\u00f0 hetjuna Iasion, sem h\u00fan getur me\u00f0 \u00e1 \u00fer\u00ed-pl\u00e6g\u00f0um akri, samkv\u00e6mt <em>Theogonie<\/em> Hes\u00edodosar, gu\u00f0inn Pl\u00fatos, gjafmildina. Nafni\u00f0 Pl\u00fatos merkir gn\u00f3tt, og \u00feessi fr\u00e1s\u00f6gn tengir Demeter aftur vi\u00f0 landb\u00fana\u00f0aruppskeru og vels\u00e6ld.<\/p><p>\u00cd arkad\u00edskri sta\u00f0bundinni hef\u00f0 sameinast gu\u00f0inn P\u00f3seidon \u00ed hestsl\u00edki Demeter; \u00far \u00feessu sambandi kemur undrahesturinn Areion. \u00deessi <span class=\"iwg-fachbegriff\" data-tooltip=\"Munnm\u00e6lasaga me\u00f0 oft s\u00f6gulegum kjarna og undraver\u00f0um \u00fe\u00e1ttum.\" tabindex=\"0\">saga<\/span> tengist <span class=\"iwg-fachbegriff\" data-tooltip=\"\u00d6ll tr\u00faarleg tilbei\u00f0sluath\u00f6fn fyrir go\u00f0 e\u00f0a helga v\u00e6tti.\" tabindex=\"0\">helgisi\u00f0um<\/span> Demeter Erinys e\u00f0a Demeter Melaina, hinnar sv\u00f6rtu Demeter, \u00ed Arkad\u00edu.<\/p><p>\u00deessar dreif\u00f0u fr\u00e1sagnir eru mikilv\u00e6gar fyrir fr\u00e6\u00f0imenn, \u00fev\u00ed \u00fe\u00e6r s\u00fdna a\u00f0 Demeter er ekki h\u00e6gt a\u00f0 einskor\u00f0a vi\u00f0 hina einu st\u00f3ru s\u00f6gu um m\u00f3\u00f0ur og d\u00f3ttur.<\/p><p>\u00cd sta\u00f0bundnum hef\u00f0um, sem Pausan\u00edas safna\u00f0i \u00ed l\u00fdsingu sinni \u00e1 Grikklandi, birtist h\u00fan fj\u00f6lbreytilegri og a\u00f0 hluta fornlegri, me\u00f0al annars \u00ed rei\u00f0um, d\u00f6kkum e\u00f0a d\u00fdrsl\u00edkum myndum. <span class=\"iwg-fachbegriff\" data-tooltip=\"V\u00edsindagrein sem rannsakar tr\u00faarbr\u00f6g\u00f0 samanbur\u00f0arlega og \u00e1n tr\u00faarlegrar afst\u00f6\u00f0u.\" tabindex=\"0\">Tr\u00faarbrag\u00f0afr\u00e6\u00f0in<\/span> s\u00e9r \u00ed \u00feessu l\u00f6g af mismunandi aldri sem leggjast hvert ofan \u00e1 anna\u00f0 \u00ed hinni var\u00f0veittu mynd af Demeter.<\/p>\t\t\t\t\t\t\t\t<\/div>\n\t\t\t\t<\/div>\n\t\t\t\t\t<\/div>\n\t\t\t\t<\/div>\n\t\t<div class=\"elementor-element elementor-element-cp2ec1178 e-flex e-con-boxed e-con e-parent\" data-id=\"cp2ec1178\" data-element_type=\"container\" data-e-type=\"container\">\n\t\t\t\t\t<div class=\"e-con-inner\">\n\t\t\t\t<div class=\"elementor-element elementor-element-cp77b4075 elementor-widget elementor-widget-heading\" data-id=\"cp77b4075\" data-element_type=\"widget\" data-e-type=\"widget\" data-widget_type=\"heading.default\">\n\t\t\t\t\t<h2 class=\"elementor-heading-title elementor-size-default\">\u00c1framhaldandi l\u00edf: fr\u00e1 r\u00f3mverskri Ceres til n\u00fat\u00edmaranns\u00f3kna<\/h2>\t\t\t\t<\/div>\n\t\t<div class=\"elementor-element elementor-element-cp19ba471 e-con-full e-flex e-con e-child\" data-id=\"cp19ba471\" data-element_type=\"container\" data-e-type=\"container\">\n\t\t\t\t<div class=\"elementor-element elementor-element-cp61ead26 elementor-widget elementor-widget-text-editor\" data-id=\"cp61ead26\" data-element_type=\"widget\" data-e-type=\"widget\" data-widget_type=\"text-editor.default\">\n\t\t\t\t\t\t\t\t\t<p>R\u00f3mverjar sams\u00f6mu\u00f0u Demeter vi\u00f0 s\u00edna eigin korngu\u00f0ju <a href=\"https:\/\/iwell-guard.com\/is\/?page_id=169028\">Ceres<\/a>, en nafn hennar lifir enn \u00ed or\u00f0um eins og korntegundum (cereal). Ceres-d\u00fdrkunin \u00ed R\u00f3m haf\u00f0i s\u00edna eigin fors\u00f6gu og var fr\u00e1 upphafi tengd alm\u00faganum og kornbirg\u00f0um borgarinnar, en t\u00f3k sm\u00e1m saman upp m\u00f6rg einkenni gr\u00edsku Demeter.<\/p><p>\u00deannig fluttist <span class=\"iwg-fachbegriff\" data-tooltip=\"Munnm\u00e6lasaga um gu\u00f0i, uppruna og skipulag heimsins.\" tabindex=\"0\">go\u00f0s\u00f6gnin<\/span> um brottn\u00e1m d\u00f3tturinnar, \u00fatf\u00e6r\u00f0 \u00e1 lat\u00ednu af \u00d3v\u00ed\u00f0 og \u00f6\u00f0rum sk\u00e1ldum, inn \u00ed r\u00f3mverskar og s\u00ed\u00f0ar evr\u00f3pskar b\u00f3kmenntir.<\/p><p>\u00cd list og sk\u00e1ldskap eftir forn\u00f6ld birtist Demeter, oftast undir nafninu Ceres, sem pers\u00f3nugerving frj\u00f3semi og sem sumari\u00f0 \u00ed myndum \u00e1rst\u00ed\u00f0anna. T\u00e1knr\u00e6n t\u00falkun go\u00f0sagnarinnar um Persef\u00f3nu sem mynd hringr\u00e1sar gr\u00f3\u00f0urs var \u00feegar vi\u00f0tekin \u00e1 <span class=\"iwg-fachbegriff\" data-tooltip=\"T\u00edmabil gr\u00edskrar og r\u00f3mverskrar menningar, um 800 f.Kr. til 600 e.Kr.\" tabindex=\"0\">forn\u00f6ld<\/span> og h\u00e9lst allt fram \u00e1 n\u00fd\u00f6ld.<\/p><p>V\u00edsindaleg umfj\u00f6llun um Demeter \u00e1 19. og 20. \u00f6ld var n\u00e1tengd umr\u00e6\u00f0unni um m\u00f3\u00f0urd\u00fdrkun og um samband <span class=\"iwg-fachbegriff\" data-tooltip=\"Munnm\u00e6lasaga um gu\u00f0i, uppruna og skipulag heimsins.\" tabindex=\"0\">go\u00f0sagnar<\/span> og <span class=\"iwg-fachbegriff\" data-tooltip=\"Fastm\u00f3tu\u00f0, endurtekin tr\u00faarleg ath\u00f6fn.\" tabindex=\"0\">helgisi\u00f0ar<\/span>. Eldri kenningar s\u00e1u \u00ed Demeter hreina gr\u00f3\u00f0urgy\u00f0ju e\u00f0a tengdu hana vi\u00f0 tilg\u00e1tur um fors\u00f6gulegt m\u00f3\u00f0urveldi; \u00feessar n\u00e1lganir teljast n\u00fa \u00fareltar.<\/p><p>N\u00fdrri ranns\u00f3knir, me\u00f0al annars Walter Burkert \u00ed riti s\u00ednu <em>Griechische Religion<\/em> og s\u00e9rfr\u00e6\u00f0irit um Eleusis, leggja \u00feess \u00ed sta\u00f0 \u00e1herslu \u00e1 hina \u00e1\u00fereifanlegu helgisi\u00f0alegu og samf\u00e9lagslegu virkni gy\u00f0junnar: \u00fe\u00fd\u00f0ingu hennar fyrir f\u00e6\u00f0u\u00f6ryggi, fyrir helgiheim kvenna \u00ed Thesmophoria-h\u00e1t\u00ed\u00f0unum og fyrir vonir hinna innv\u00edg\u00f0u um framhaldsl\u00edf.<\/p><p>Demeter er \u00feannig \u00e1fram l\u00fdsandi d\u00e6mi um hversu n\u00e1tengd gr\u00edsk tr\u00faarbr\u00f6g\u00f0 voru grunn\u00fe\u00e1ttum l\u00edfsins, f\u00e6\u00f0u, dau\u00f0a og von.<\/p>\t\t\t\t\t\t\t\t<\/div>\n\t\t\t\t<\/div>\n\t\t\t\t\t<\/div>\n\t\t\t\t<\/div>\n\t\t<div class=\"elementor-element elementor-element-36dd7469 e-flex e-con-boxed e-con e-parent\" data-id=\"36dd7469\" data-element_type=\"container\" data-e-type=\"container\">\n\t\t\t\t\t<div class=\"e-con-inner\">\n\t\t\t\t<div class=\"elementor-element elementor-element-13760ab4 elementor-widget elementor-widget-heading\" data-id=\"13760ab4\" data-element_type=\"widget\" data-e-type=\"widget\" data-widget_type=\"heading.default\">\n\t\t\t\t\t<h2 class=\"elementor-heading-title elementor-size-default\">\u00cdtarefni og tenglar<\/h2>\t\t\t\t<\/div>\n\t\t<div class=\"elementor-element elementor-element-28c87796 e-con-full e-flex e-con e-child\" data-id=\"28c87796\" data-element_type=\"container\" data-e-type=\"container\">\n\t\t\t\t<div class=\"elementor-element elementor-element-5d6538df elementor-widget elementor-widget-text-editor\" data-id=\"5d6538df\" data-element_type=\"widget\" data-e-type=\"widget\" data-widget_type=\"text-editor.default\">\n\t\t\t\t\t\t\t\t\t<ul><li><a href=\"https:\/\/iwell-guard.com\/is\/?page_id=168750\">Persef\u00f3na, d\u00f3ttir<\/a><\/li><li><a href=\"https:\/\/iwell-guard.com\/is\/?page_id=168716\">Hades, m\u00e1gur og tengdasonur<\/a><\/li><li><a href=\"https:\/\/iwell-guard.com\/is\/?page_id=168601\">Hekate, f\u00f6runautur \u00ed go\u00f0s\u00f6gninni<\/a><\/li><li><a href=\"https:\/\/iwell-guard.com\/is\/?page_id=168880\">Afr\u00f3d\u00edta, samnefnd \u00ed munnm\u00e6lum fr\u00e1 Eleusis<\/a><\/li><li><a href=\"https:\/\/iwell-guard.com\/is\/?page_id=168594\">Grikkland, yfirlit yfir go\u00f0aheim<\/a><\/li><li><a href=\"https:\/\/iwell-guard.com\/is\/?page_id=168707\">\u00c6\u00f0ri go\u00f0, undirflokkur<\/a><\/li><li><a href=\"https:\/\/iwell-guard.com\/is\/?page_id=168679\">Gu\u00f0ir, yfirlit yfir flokka<\/a><\/li><\/ul>\t\t\t\t\t\t\t\t<\/div>\n\t\t\t\t<\/div>\n\t\t\t\t\t<\/div>\n\t\t\t\t<\/div>\n\t\t<div class=\"elementor-element elementor-element-grl4kl40 e-flex e-con-boxed e-con e-parent\" data-id=\"grl4kl40\" data-element_type=\"container\" data-e-type=\"container\">\n\t\t\t\t\t<div class=\"e-con-inner\">\n\t\t\t\t<div class=\"elementor-element elementor-element-bzsbfrmh elementor-widget elementor-widget-heading\" data-id=\"bzsbfrmh\" data-element_type=\"widget\" data-e-type=\"widget\" data-widget_type=\"heading.default\">\n\t\t\t\t\t<h2 class=\"elementor-heading-title elementor-size-default\">Heimildir (\u00farval)<\/h2>\t\t\t\t<\/div>\n\t\t<div class=\"elementor-element elementor-element-2c13224a e-con-full e-flex e-con e-child\" data-id=\"2c13224a\" data-element_type=\"container\" data-e-type=\"container\">\n\t\t\t\t<div class=\"elementor-element elementor-element-0eymh9ub elementor-widget elementor-widget-text-editor\" data-id=\"0eymh9ub\" data-element_type=\"widget\" data-e-type=\"widget\" data-widget_type=\"text-editor.default\">\n\t\t\t\t\t\t\t\t\t<footer class=\"iwg-literatur\" data-nosnippet=\"true\"><ul><li><span data-nosnippet>Burkert, Walter: <em><span class=\"iwg-fachbegriff\" data-tooltip=\"T\u00edmabil gr\u00edskrar og r\u00f3mverskrar menningar, um 800 f.Kr. til 600 e.Kr.\" tabindex=\"0\">Forn<\/span> leyndard\u00f3mar. Hlutverk og innihald<\/em>. M&uuml;nchen 1990.<\/span><\/li><li><span data-nosnippet>Foley, Helene P.: <em>The Homeric Hymn to Demeter<\/em>. Princeton 1994.<\/span><\/li><li><span data-nosnippet>Clinton, Kevin: <em>Myth and Cult. The Iconography of the Eleusinian Mysteries<\/em>. Stockholm 1992.<\/span><\/li><li>Pausan\u00edas: <em>L\u00fdsing Grikklands<\/em>, I. b\u00f3k (Eleusis).<\/li><li>Walde, Christine (ritstj.): <em>Der Neue Pauly<\/em> (uppflettior\u00f0i\u00f0 &bdquo;Demeter&ldquo;).<\/li><\/ul><\/footer>\n<p class=\"iwg-bib-more\"><span data-nosnippet>Fleiri undirst\u00f6\u00f0urit \u00ed <a href=\"https:\/\/iwell-guard.com\/is\/?page_id=168730\">heimildaskr\u00e1nni<\/a>.<\/span><\/p>\t\t\t\t\t\t\t\t<\/div>\n\t\t\t\t<\/div>\n\t\t\t\t\t<\/div>\n\t\t\t\t<\/div>\n\t\t<div class=\"elementor-element elementor-element-iwgkw2-add-demeter e-flex e-con-boxed e-con e-parent\" data-id=\"iwgkw2-add-demeter\" data-element_type=\"container\" data-e-type=\"container\">\n\t\t\t\t\t<div class=\"e-con-inner\">\n\t\t\t\t<div class=\"elementor-element elementor-element-iwgkw2-add-demeter-t elementor-widget elementor-widget-text-editor\" data-id=\"iwgkw2-add-demeter-t\" data-element_type=\"widget\" data-e-type=\"widget\" data-widget_type=\"text-editor.default\">\n\t\t\t\t\t\t\t\t\t<p>\u00cd gr\u00edskri <em><span class=\"iwg-fachbegriff\" data-tooltip=\"\u00d6ll var\u00f0veitt fr\u00e1sagnas\u00f6fn go\u00f0sagna \u00ed tiltekinni menningu.\" tabindex=\"0\">go\u00f0afr\u00e6\u00f0i<\/span><\/em> birtist Demeter sem gy\u00f0ja akuryrkju og s\u00e1\u00f0t\u00edma, en sorg hennar yfir brottnumdu d\u00f3tturinni Persef\u00f3nu sk\u00fdrir \u00e1rst\u00ed\u00f0askiptin og var endurspilu\u00f0 \u00ed <span class=\"iwg-fachbegriff\" data-tooltip=\"\u00d6ll tr\u00faarleg tilbei\u00f0sluath\u00f6fn fyrir go\u00f0 e\u00f0a helga v\u00e6tti.\" tabindex=\"0\">helgisi\u00f0um<\/span> Eleusis me\u00f0 helgileikjum.<\/p>\t\t\t\t\t\t\t\t<\/div>\n\t\t\t\t\t<\/div>\n\t\t\t\t<\/div>\n\t\t<div class=\"elementor-element elementor-element-68e4f5d e-con-boxed e-flex e-con e-parent\" data-id=\"68e4f5d\" data-element_type=\"container\" data-e-type=\"container\">\n\t\t\t\t\t<div class=\"e-con-inner\">\n\t\t\t\t<div class=\"elementor-element elementor-element-0e12a22 elementor-widget elementor-widget-text-editor\" data-id=\"0e12a22\" data-element_type=\"widget\" data-e-type=\"widget\" data-widget_type=\"text-editor.default\">\n\t\t\t\t\t\t\t\t\t\n<h2>Algengar spurningar um Demeter<\/h2>\n<div class=\"iwg-faq-q\"><h3>Hver er Demeter \u00ed gr\u00edskri <span class=\"iwg-fachbegriff\" data-tooltip=\"Heildarsafn arfleif\u00f0ra gu\u00f0asagna \u00ed tiltekinni menningu.\" tabindex=\"0\">go\u00f0afr\u00e6\u00f0i<\/span>?<\/h3><p>Demeter (einnig Damater, um \u00fea\u00f0 bil jar\u00f0m\u00f3\u00f0ir) er gr\u00edska gy\u00f0ja frj\u00f3semi, akuryrkju og uppskeru, ein af hinum t\u00f3lf \u00f3lympsku gu\u00f0um. H\u00fan er systir Seifs (Zeus) og m\u00f3\u00f0ir Persef\u00f3nu (Persephone). R\u00f3mverska hli\u00f0st\u00e6\u00f0a hennar er Ceres (sem or\u00f0i\u00f0 cereal er dregi\u00f0 af).<\/p><p>Mi\u00f0l\u00e6gi <span class=\"iwg-fachbegriff\" data-tooltip=\"Arfleidd fr\u00e1s\u00f6gn um gu\u00f0i, uppruna og skipulag heimsins.\" tabindex=\"0\">go\u00f0s\u00f6gnin<\/span>: Hades r\u00e6nir Persef\u00f3nu, Demeter syrgir svo miki\u00f0 a\u00f0 j\u00f6r\u00f0in ver\u00f0ur \u00f3frj\u00f3; m\u00e1lami\u00f0lun vi\u00f0 Hades gerir \u00e1rlega heimkomu Persef\u00f3nu m\u00f6gulega. \u00deetta er go\u00f0sagnaleg \u00fatsk\u00fdring \u00e1 \u00e1rlegri hringr\u00e1s frj\u00f3semi og hv\u00edldar akra.<\/p><\/div>\n<div class=\"iwg-faq-q\"><h3>Hvert er hlutverk Demeter \u00ed Eleus\u00ednsku launhelgunum?<\/h3><p>Demeter er h\u00f6fu\u00f0gy\u00f0ja Eleus\u00ednsku launhelganna, mikilv\u00e6gasta launhelgad\u00fdrkunar hins forna Grikklands. <span class=\"iwg-fachbegriff\" data-tooltip=\"Arfleidd fr\u00e1s\u00f6gn um gu\u00f0i, uppruna og skipulag heimsins.\" tabindex=\"0\">Go\u00f0s\u00f6gnin<\/span>: \u00cd leit a\u00f0 Persef\u00f3nu kom Demeter t\u00f6trum kl\u00e6dd til Eleusis og var \u00fear teki\u00f0 gestrisnilega \u00e1 m\u00f3ti af konunginum.<\/p><p><span data-nosnippet>H\u00fan opinbera\u00f0i Eleusisb\u00faum sanna au\u00f0kenni sitt og leyndard\u00f3m kornsins: s\u00e1 sem skilur leyndard\u00f3m endurf\u00e6\u00f0ingar s\u00e1\u00f0kornsins getur einnig vonast eftir eigin upprisu. <span class=\"iwg-fachbegriff\" data-tooltip=\"Helgiath\u00f6fn \u00fear sem einstaklingur er tekinn inn \u00ed n\u00fdja st\u00f6\u00f0u e\u00f0a samf\u00e9lag.\" tabindex=\"0\">Innv\u00edgslan<\/span> \u00ed st\u00f3ru Eleusin\u00eduh\u00e1t\u00ed\u00f0unum (\u00ed september) lofa\u00f0i hinum innv\u00edg\u00f0u betra l\u00edf eftir dau\u00f0ann; launhelgad\u00fdrkunin var haldin strang leynileg og i\u00f0ku\u00f0 \u00ed n\u00e6stum 2000 \u00e1r.<\/span><\/p><\/div>\n<script type=\"application\/ld+json\">{\"@context\":\"https:\/\/schema.org\",\"@type\":\"FAQPage\",\"mainEntity\":[{\"@type\":\"Question\",\"name\":\"Hver er Demeter \u00ed gr\u00edskri go\u00f0afr\u00e6\u00f0i?\",\"acceptedAnswer\":{\"@type\":\"Answer\",\"text\":\"Demeter (einnig Damater, um \u00fea\u00f0 bil jar\u00f0m\u00f3\u00f0ir) er gr\u00edska gy\u00f0ja frj\u00f3semi, akuryrkju og uppskeru, ein af hinum t\u00f3lf \u00f3lympsku gu\u00f0um. H\u00fan er systir Seifs (Zeus) og m\u00f3\u00f0ir Persef\u00f3nu (Persephone). R\u00f3mverska hli\u00f0st\u00e6\u00f0a hennar er Ceres (sem or\u00f0i\u00f0 cereal er dregi\u00f0 af).Mi\u00f0l\u00e6g go\u00f0s\u00f6gn: Hades r\u00e6nir Persef\u00f3nu, Demeter syrgir svo miki\u00f0 a\u00f0 j\u00f6r\u00f0in ver\u00f0ur \u00f3frj\u00f3; m\u00e1lami\u00f0lun vi\u00f0 Hades gerir \u00e1rlega heimkomu Persef\u00f3nu m\u00f6gulega. \u00deetta er go\u00f0sagnaleg \u00fatsk\u00fdring \u00e1 \u00e1rlegri hringr\u00e1s frj\u00f3semi og hv\u00edldar akra.\"}},{\"@type\":\"Question\",\"name\":\"Hvert er hlutverk Demeter \u00ed Eleus\u00ednsku launhelgunum?\",\"acceptedAnswer\":{\"@type\":\"Answer\",\"text\":\"Demeter er h\u00f6fu\u00f0gy\u00f0ja Eleus\u00ednsku launhelganna, mikilv\u00e6gasta launhelgad\u00fdrkunar hins forna Grikklands. Go\u00f0s\u00f6gnin: \u00cd leit a\u00f0 Persef\u00f3nu kom Demeter t\u00f6trum kl\u00e6dd til Eleusis og var \u00fear teki\u00f0 gestrisnilega \u00e1 m\u00f3ti af konunginum.H\u00fan opinbera\u00f0i Eleusisb\u00faum sanna au\u00f0kenni sitt og leyndard\u00f3m kornsins: s\u00e1 sem skilur leyndard\u00f3m endurf\u00e6\u00f0ingar s\u00e1\u00f0kornsins getur einnig vonast eftir eigin upprisu. Innv\u00edgslan \u00ed st\u00f3ru Eleusin\u00eduh\u00e1t\u00ed\u00f0unum (\u00ed september) lofa\u00f0i hinum innv\u00edg\u00f0u betra l\u00edf eftir dau\u00f0ann; launhelgad\u00fdrkunin var haldin strang leynileg og i\u00f0ku\u00f0 \u00ed n\u00e6stum 2000 \u00e1r.\"}}]}<\/script>\t\t\t\t\t\t\t\t<\/div>\n\t\t\t\t\t<\/div>\n\t\t\t\t<\/div>\n\t\t\t\t<\/div>\n\t\t","protected":false},"excerpt":{"rendered":"","protected":false},"author":3,"featured_media":1581,"parent":0,"menu_order":0,"comment_status":"closed","ping_status":"closed","template":"elementor_header_footer","meta":{"_yoast_wpseo_focuskw":"Demeter","_yoast_wpseo_title":"Demeter \u2013 gr\u00edsk gy\u00f0ja kornsins","_yoast_wpseo_metadesc":"Gy\u00f0ja kornsins, frj\u00f3semi og m\u00f3\u00f0ir Persef\u00f3nu (Persephone). Eleus\u00ednsku launhelgarnir, uppskerulotur og afkoma mannkyns.","_yoast_wpseo_meta-robots-noindex":"","_yoast_wpseo_canonical":"","_angie_page":false,"gefaehrdungsstufe":"2","wesen_kultur":"griechenland","wesen_klasse":"goetter","footnotes":""},"categories":[],"class_list":["post-168787","page","type-page","status-publish","has-post-thumbnail","hentry"],"yoast_head":"<!-- This site is optimized with the Yoast SEO Premium plugin v27.7 (Yoast SEO v28.3) - https:\/\/yoast.com\/product\/yoast-seo-premium-wordpress\/ -->\n<title>Demeter \u2013 gr\u00edsk gy\u00f0ja kornsins<\/title>\n<meta name=\"description\" content=\"Gy\u00f0ja kornsins, frj\u00f3semi og m\u00f3\u00f0ir Persef\u00f3nu (Persephone). Eleus\u00ednsku launhelgarnir, uppskerulotur og afkoma mannkyns.\" \/>\n<meta name=\"robots\" content=\"index, follow, max-snippet:-1, max-image-preview:large, max-video-preview:-1\" \/>\n<link rel=\"canonical\" href=\"https:\/\/iwell-guard.com\/is\/demeter\/\" \/>\n<meta property=\"og:locale\" content=\"is_IS\" \/>\n<meta property=\"og:type\" content=\"article\" \/>\n<meta property=\"og:title\" content=\"Demeter\" \/>\n<meta property=\"og:description\" content=\"Gy\u00f0ja kornsins, frj\u00f3semi og m\u00f3\u00f0ir Persef\u00f3nu (Persephone). Eleus\u00ednsku launhelgarnir, uppskerulotur og afkoma mannkyns.\" \/>\n<meta property=\"og:url\" content=\"https:\/\/iwell-guard.com\/is\/demeter\/\" \/>\n<meta property=\"og:site_name\" content=\"iWell Guard\" \/>\n<meta property=\"article:modified_time\" content=\"2026-09-05T14:19:26+00:00\" \/>\n<meta property=\"og:image\" content=\"https:\/\/iwell-guard.com\/wp-content\/uploads\/2026\/04\/goetter_griechenland_demeter.webp\" \/>\n\t<meta property=\"og:image:width\" content=\"1024\" \/>\n\t<meta property=\"og:image:height\" content=\"1536\" \/>\n\t<meta property=\"og:image:type\" content=\"image\/webp\" \/>\n<meta name=\"twitter:card\" content=\"summary_large_image\" \/>\n<script type=\"application\/ld+json\" class=\"yoast-schema-graph\">{\"@context\":\"https:\\\/\\\/schema.org\",\"@graph\":[{\"@type\":\"WebPage\",\"@id\":\"https:\\\/\\\/iwell-guard.com\\\/is\\\/demeter\\\/\",\"url\":\"https:\\\/\\\/iwell-guard.com\\\/is\\\/demeter\\\/\",\"name\":\"Demeter \u2013 gr\u00edsk gy\u00f0ja kornsins\",\"isPartOf\":{\"@id\":\"https:\\\/\\\/iwell-guard.com\\\/is\\\/#website\"},\"primaryImageOfPage\":{\"@id\":\"https:\\\/\\\/iwell-guard.com\\\/is\\\/demeter\\\/#primaryimage\"},\"image\":{\"@id\":\"https:\\\/\\\/iwell-guard.com\\\/is\\\/demeter\\\/#primaryimage\"},\"thumbnailUrl\":\"https:\\\/\\\/iwell-guard.com\\\/wp-content\\\/uploads\\\/2026\\\/04\\\/goetter_griechenland_demeter.webp\",\"datePublished\":\"2026-09-05T14:02:58+00:00\",\"dateModified\":\"2026-09-05T14:19:26+00:00\",\"description\":\"Gy\u00f0ja kornsins, frj\u00f3semi og m\u00f3\u00f0ir Persef\u00f3nu (Persephone). Eleus\u00ednsku launhelgarnir, uppskerulotur og afkoma mannkyns.\",\"breadcrumb\":{\"@id\":\"https:\\\/\\\/iwell-guard.com\\\/is\\\/demeter\\\/#breadcrumb\"},\"inLanguage\":\"is\",\"potentialAction\":[{\"@type\":\"ReadAction\",\"target\":[\"https:\\\/\\\/iwell-guard.com\\\/is\\\/demeter\\\/\"]}]},{\"@type\":\"ImageObject\",\"inLanguage\":\"is\",\"@id\":\"https:\\\/\\\/iwell-guard.com\\\/is\\\/demeter\\\/#primaryimage\",\"url\":\"https:\\\/\\\/iwell-guard.com\\\/wp-content\\\/uploads\\\/2026\\\/04\\\/goetter_griechenland_demeter.webp\",\"contentUrl\":\"https:\\\/\\\/iwell-guard.com\\\/wp-content\\\/uploads\\\/2026\\\/04\\\/goetter_griechenland_demeter.webp\",\"width\":1024,\"height\":1536,\"caption\":\"Gu\u00f0ir \u00far gr\u00edskri hef\u00f0.\"},{\"@type\":\"BreadcrumbList\",\"@id\":\"https:\\\/\\\/iwell-guard.com\\\/is\\\/demeter\\\/#breadcrumb\",\"itemListElement\":[{\"@type\":\"ListItem\",\"position\":1,\"name\":\"Start\",\"item\":\"https:\\\/\\\/iwell-guard.com\\\/is\\\/?page_id=168580\"},{\"@type\":\"ListItem\",\"position\":2,\"name\":\"Demeter\"}]},{\"@type\":\"WebSite\",\"@id\":\"https:\\\/\\\/iwell-guard.com\\\/is\\\/#website\",\"url\":\"https:\\\/\\\/iwell-guard.com\\\/is\\\/\",\"name\":\"iWell Guard\",\"description\":\"Schutz vor dunklen Einfl\u00fcssen\",\"publisher\":{\"@id\":\"https:\\\/\\\/iwell-guard.com\\\/is\\\/#organization\"},\"potentialAction\":[{\"@type\":\"SearchAction\",\"target\":{\"@type\":\"EntryPoint\",\"urlTemplate\":\"https:\\\/\\\/iwell-guard.com\\\/is\\\/?s={search_term_string}\"},\"query-input\":{\"@type\":\"PropertyValueSpecification\",\"valueRequired\":true,\"valueName\":\"search_term_string\"}}],\"inLanguage\":\"is\"},{\"@type\":\"Organization\",\"@id\":\"https:\\\/\\\/iwell-guard.com\\\/is\\\/#organization\",\"name\":\"Ittermann electronic GmbH\",\"url\":\"https:\\\/\\\/iwell-guard.com\\\/is\\\/\",\"logo\":{\"@type\":\"ImageObject\",\"inLanguage\":\"is\",\"@id\":\"https:\\\/\\\/iwell-guard.com\\\/is\\\/#\\\/schema\\\/logo\\\/image\\\/\",\"url\":\"https:\\\/\\\/iwell-guard.com\\\/wp-content\\\/uploads\\\/2026\\\/05\\\/Ittermann-Logo-1182x237-1.png\",\"contentUrl\":\"https:\\\/\\\/iwell-guard.com\\\/wp-content\\\/uploads\\\/2026\\\/05\\\/Ittermann-Logo-1182x237-1.png\",\"width\":1182,\"height\":237,\"caption\":\"Ittermann electronic GmbH\"},\"image\":{\"@id\":\"https:\\\/\\\/iwell-guard.com\\\/is\\\/#\\\/schema\\\/logo\\\/image\\\/\"},\"sameAs\":[\"https:\\\/\\\/pantip.com\\\/profile\\\/9367242\",\"https:\\\/\\\/micro.blog\\\/iwellguard\",\"https:\\\/\\\/www.diggerslist.com\\\/iwellguard\\\/about\",\"https:\\\/\\\/skitterphoto.com\\\/photographers\\\/2870314\\\/iwell-guard\",\"https:\\\/\\\/iwellguard.wordpress.com\\\/2026\\\/06\\\/06\\\/iwell-guard\\\/\",\"https:\\\/\\\/hub.docker.com\\\/u\\\/iwellguard\",\"https:\\\/\\\/www.pinterest.com\\\/iwellguard\\\/\",\"https:\\\/\\\/bit.ly\\\/m\\\/iwellguard\",\"https:\\\/\\\/entre-vos-mains.alsace.eu\\\/profiles\\\/iwellguard\\\/activity\",\"https:\\\/\\\/gravatar.com\\\/reallybeded8fd34\",\"https:\\\/\\\/naijamatta.com\\\/iwellguard\",\"https:\\\/\\\/www.goodreads.com\\\/iwellguard\",\"https:\\\/\\\/profile.hatena.ne.jp\\\/iwellguard\\\/\",\"https:\\\/\\\/experiment.com\\\/users\\\/iwellguard\",\"https:\\\/\\\/wakelet.com\\\/@iWellGuard82270\",\"https:\\\/\\\/www.chordie.com\\\/forum\\\/profile.php?id=2555664\",\"https:\\\/\\\/www.instapaper.com\\\/p\\\/17757966\",\"https:\\\/\\\/www.mapleprimes.com\\\/users\\\/iwellguard\",\"https:\\\/\\\/businesslistingplus.com\\\/profile\\\/iwell-guard\\\/\",\"https:\\\/\\\/telegra.ph\\\/iWell-Guard-06-06\",\"https:\\\/\\\/pbase.com\\\/iwellguard\\\/iwellguard\",\"https:\\\/\\\/b.hatena.ne.jp\\\/iwellguard\\\/20260607#bookmark-4788405196491818882\",\"https:\\\/\\\/fliphtml5.com\\\/home\\\/iwellguard\",\"https:\\\/\\\/anyflip.com\\\/homepage\\\/cmiwl#About\",\"https:\\\/\\\/transfur.com\\\/Users\\\/iwellguard\",\"http:\\\/\\\/delphi.larsbo.org\\\/user\\\/iwellguard\",\"https:\\\/\\\/jobs.lajobsportal.org\\\/profiles\\\/8380803-iwell-guard\",\"https:\\\/\\\/md.chaosdorf.de\\\/s\\\/jfbe5SBdJD\",\"https:\\\/\\\/www.lingvolive.com\\\/en-us\\\/profile\\\/9ecaeaca-ce11-4e51-9e71-01d55e2bff36\\\/translations\",\"https:\\\/\\\/www.fitday.com\\\/fitness\\\/forums\\\/members\\\/iwellguard.html\",\"https:\\\/\\\/www.mymeetbook.com\\\/iwellguard\",\"https:\\\/\\\/pxhere.com\\\/en\\\/photographer-me\\\/5040798\",\"https:\\\/\\\/disqus.com\\\/by\\\/iwellguard\\\/about\\\/\",\"https:\\\/\\\/pastelink.net\\\/hjwciqwq\",\"https:\\\/\\\/pubhtml5.com\\\/homepage\\\/scjhn\\\/\",\"https:\\\/\\\/www.bitchute.com\\\/channel\\\/2O2eOKzNqujT\",\"https:\\\/\\\/audiomack.com\\\/iwellguard\"]},{\"@type\":\"Article\",\"@id\":\"https:\\\/\\\/iwell-guard.com\\\/is\\\/demeter\\\/#article\",\"isPartOf\":{\"@id\":\"https:\\\/\\\/iwell-guard.com\\\/is\\\/demeter\\\/\"},\"author\":{\"name\":\"Ralf Ittermann\",\"@id\":\"https:\\\/\\\/iwell-guard.com\\\/is\\\/#\\\/schema\\\/person\\\/ee2a27f1cac3406c7c6fb5820cb7349f\"},\"headline\":\"Demeter\",\"datePublished\":\"2026-09-05T14:02:58+00:00\",\"dateModified\":\"2026-09-05T14:19:26+00:00\",\"mainEntityOfPage\":{\"@id\":\"https:\\\/\\\/iwell-guard.com\\\/is\\\/demeter\\\/\"},\"publisher\":{\"@id\":\"https:\\\/\\\/iwell-guard.com\\\/is\\\/#organization\"},\"image\":{\"@id\":\"https:\\\/\\\/iwell-guard.com\\\/is\\\/demeter\\\/#primaryimage\"},\"thumbnailUrl\":\"https:\\\/\\\/iwell-guard.com\\\/wp-content\\\/uploads\\\/2026\\\/04\\\/goetter_griechenland_demeter.webp\",\"inLanguage\":\"is\",\"description\":\"Gy\u00f0ja kornsins, frj\u00f3semi og m\u00f3\u00f0ir Persef\u00f3nu (Persephone). Eleus\u00ednsku launhelgarnir, uppskerulotur og afkoma mannkyns.\"}]}<\/script>\n<!-- \/ Yoast SEO Premium plugin. -->","yoast_head_json":{"title":"Demeter \u2013 gr\u00edsk gy\u00f0ja kornsins","description":"Gy\u00f0ja kornsins, frj\u00f3semi og m\u00f3\u00f0ir Persef\u00f3nu (Persephone). Eleus\u00ednsku launhelgarnir, uppskerulotur og afkoma mannkyns.","robots":{"index":"index","follow":"follow","max-snippet":"max-snippet:-1","max-image-preview":"max-image-preview:large","max-video-preview":"max-video-preview:-1"},"canonical":"https:\/\/iwell-guard.com\/is\/demeter\/","og_locale":"is_IS","og_type":"article","og_title":"Demeter","og_description":"Gy\u00f0ja kornsins, frj\u00f3semi og m\u00f3\u00f0ir Persef\u00f3nu (Persephone). Eleus\u00ednsku launhelgarnir, uppskerulotur og afkoma mannkyns.","og_url":"https:\/\/iwell-guard.com\/is\/demeter\/","og_site_name":"iWell Guard","article_modified_time":"2026-09-05T14:19:26+00:00","og_image":[{"width":1024,"height":1536,"url":"https:\/\/iwell-guard.com\/wp-content\/uploads\/2026\/04\/goetter_griechenland_demeter.webp","type":"image\/webp"}],"twitter_card":"summary_large_image","schema":{"@context":"https:\/\/schema.org","@graph":[{"@type":"Article","@id":"https:\/\/iwell-guard.com\/is\/demeter\/#article","isPartOf":{"@id":"https:\/\/iwell-guard.com\/is\/demeter\/"},"author":{"name":"Ralf Ittermann","@id":"https:\/\/iwell-guard.com\/is\/#\/schema\/person\/ee2a27f1cac3406c7c6fb5820cb7349f"},"headline":"Demeter","datePublished":"2026-09-05T14:02:58+00:00","dateModified":"2026-09-05T14:19:26+00:00","mainEntityOfPage":{"@id":"https:\/\/iwell-guard.com\/is\/demeter\/"},"publisher":{"@id":"https:\/\/iwell-guard.com\/is\/#organization"},"image":{"@id":"https:\/\/iwell-guard.com\/is\/demeter\/#primaryimage"},"thumbnailUrl":"https:\/\/iwell-guard.com\/wp-content\/uploads\/2026\/04\/goetter_griechenland_demeter.webp","inLanguage":"is","description":"Gy\u00f0ja kornsins, frj\u00f3semi og m\u00f3\u00f0ir Persef\u00f3nu (Persephone). Eleus\u00ednsku launhelgarnir, uppskerulotur og afkoma mannkyns."},{"@type":"WebPage","@id":"https:\/\/iwell-guard.com\/is\/demeter\/","url":"https:\/\/iwell-guard.com\/is\/demeter\/","name":"Demeter \u2013 gr\u00edsk gy\u00f0ja kornsins","isPartOf":{"@id":"https:\/\/iwell-guard.com\/is\/#website"},"primaryImageOfPage":{"@id":"https:\/\/iwell-guard.com\/is\/demeter\/#primaryimage"},"image":{"@id":"https:\/\/iwell-guard.com\/is\/demeter\/#primaryimage"},"thumbnailUrl":"https:\/\/iwell-guard.com\/wp-content\/uploads\/2026\/04\/goetter_griechenland_demeter.webp","datePublished":"2026-09-05T14:02:58+00:00","dateModified":"2026-09-05T14:19:26+00:00","description":"Gy\u00f0ja kornsins, frj\u00f3semi og m\u00f3\u00f0ir Persef\u00f3nu (Persephone). Eleus\u00ednsku launhelgarnir, uppskerulotur og afkoma mannkyns.","breadcrumb":{"@id":"https:\/\/iwell-guard.com\/is\/demeter\/#breadcrumb"},"inLanguage":"is","potentialAction":[{"@type":"ReadAction","target":["https:\/\/iwell-guard.com\/is\/demeter\/"]}]},{"@type":"ImageObject","inLanguage":"is","@id":"https:\/\/iwell-guard.com\/is\/demeter\/#primaryimage","url":"https:\/\/iwell-guard.com\/wp-content\/uploads\/2026\/04\/goetter_griechenland_demeter.webp","contentUrl":"https:\/\/iwell-guard.com\/wp-content\/uploads\/2026\/04\/goetter_griechenland_demeter.webp","width":1024,"height":1536,"caption":"Gu\u00f0ir \u00far gr\u00edskri hef\u00f0."},{"@type":"BreadcrumbList","@id":"https:\/\/iwell-guard.com\/is\/demeter\/#breadcrumb","itemListElement":[{"@type":"ListItem","position":1,"name":"Start","item":"https:\/\/iwell-guard.com\/is\/?page_id=168580"},{"@type":"ListItem","position":2,"name":"Demeter"}]},{"@type":"WebSite","@id":"https:\/\/iwell-guard.com\/is\/#website","url":"https:\/\/iwell-guard.com\/is\/","name":"iWell Guard","description":"Schutz vor dunklen Einfl\u00fcssen","publisher":{"@id":"https:\/\/iwell-guard.com\/is\/#organization"},"potentialAction":[{"@type":"SearchAction","target":{"@type":"EntryPoint","urlTemplate":"https:\/\/iwell-guard.com\/is\/?s={search_term_string}"},"query-input":{"@type":"PropertyValueSpecification","valueRequired":true,"valueName":"search_term_string"}}],"inLanguage":"is"},{"@type":"Organization","@id":"https:\/\/iwell-guard.com\/is\/#organization","name":"Ittermann electronic GmbH","url":"https:\/\/iwell-guard.com\/is\/","logo":{"@type":"ImageObject","inLanguage":"is","@id":"https:\/\/iwell-guard.com\/is\/#\/schema\/logo\/image\/","url":"https:\/\/iwell-guard.com\/wp-content\/uploads\/2026\/05\/Ittermann-Logo-1182x237-1.png","contentUrl":"https:\/\/iwell-guard.com\/wp-content\/uploads\/2026\/05\/Ittermann-Logo-1182x237-1.png","width":1182,"height":237,"caption":"Ittermann electronic GmbH"},"image":{"@id":"https:\/\/iwell-guard.com\/is\/#\/schema\/logo\/image\/"},"sameAs":["https:\/\/pantip.com\/profile\/9367242","https:\/\/micro.blog\/iwellguard","https:\/\/www.diggerslist.com\/iwellguard\/about","https:\/\/skitterphoto.com\/photographers\/2870314\/iwell-guard","https:\/\/iwellguard.wordpress.com\/2026\/06\/06\/iwell-guard\/","https:\/\/hub.docker.com\/u\/iwellguard","https:\/\/www.pinterest.com\/iwellguard\/","https:\/\/bit.ly\/m\/iwellguard","https:\/\/entre-vos-mains.alsace.eu\/profiles\/iwellguard\/activity","https:\/\/gravatar.com\/reallybeded8fd34","https:\/\/naijamatta.com\/iwellguard","https:\/\/www.goodreads.com\/iwellguard","https:\/\/profile.hatena.ne.jp\/iwellguard\/","https:\/\/experiment.com\/users\/iwellguard","https:\/\/wakelet.com\/@iWellGuard82270","https:\/\/www.chordie.com\/forum\/profile.php?id=2555664","https:\/\/www.instapaper.com\/p\/17757966","https:\/\/www.mapleprimes.com\/users\/iwellguard","https:\/\/businesslistingplus.com\/profile\/iwell-guard\/","https:\/\/telegra.ph\/iWell-Guard-06-06","https:\/\/pbase.com\/iwellguard\/iwellguard","https:\/\/b.hatena.ne.jp\/iwellguard\/20260607#bookmark-4788405196491818882","https:\/\/fliphtml5.com\/home\/iwellguard","https:\/\/anyflip.com\/homepage\/cmiwl#About","https:\/\/transfur.com\/Users\/iwellguard","http:\/\/delphi.larsbo.org\/user\/iwellguard","https:\/\/jobs.lajobsportal.org\/profiles\/8380803-iwell-guard","https:\/\/md.chaosdorf.de\/s\/jfbe5SBdJD","https:\/\/www.lingvolive.com\/en-us\/profile\/9ecaeaca-ce11-4e51-9e71-01d55e2bff36\/translations","https:\/\/www.fitday.com\/fitness\/forums\/members\/iwellguard.html","https:\/\/www.mymeetbook.com\/iwellguard","https:\/\/pxhere.com\/en\/photographer-me\/5040798","https:\/\/disqus.com\/by\/iwellguard\/about\/","https:\/\/pastelink.net\/hjwciqwq","https:\/\/pubhtml5.com\/homepage\/scjhn\/","https:\/\/www.bitchute.com\/channel\/2O2eOKzNqujT","https:\/\/audiomack.com\/iwellguard"]},{"@type":"Person","@id":"https:\/\/iwell-guard.com\/is\/#\/schema\/person\/ee2a27f1cac3406c7c6fb5820cb7349f","name":"Ralf Ittermann","image":{"@type":"ImageObject","inLanguage":"is","@id":"https:\/\/secure.gravatar.com\/avatar\/073c0153e350a5005b68eb752b445fea71f6b24a26da9449ad7e155e6b446c9d?s=96&d=mm&r=g","url":"https:\/\/secure.gravatar.com\/avatar\/073c0153e350a5005b68eb752b445fea71f6b24a26da9449ad7e155e6b446c9d?s=96&d=mm&r=g","contentUrl":"https:\/\/secure.gravatar.com\/avatar\/073c0153e350a5005b68eb752b445fea71f6b24a26da9449ad7e155e6b446c9d?s=96&d=mm&r=g","caption":"Ralf Ittermann"},"givenName":"Ralf","familyName":"Ittermann","jobTitle":"Gesch\u00e4ftsf\u00fchrer und redaktioneller Verantwortlicher","url":"https:\/\/iwell-guard.com\/is\/author\/claude\/","description":"Ralf Ittermann ist Gesch\u00e4ftsf\u00fchrer der Ittermann electronic GmbH und redaktioneller Verantwortlicher des iWell-Guard-Lexikons. Er verbindet langj\u00e4hrige Erfahrung in der Pr\u00e4zisionsfertigung mit medialer Praxis und religionsgeschichtlicher Quellenarbeit.","worksFor":{"@type":"Organization","name":"Ittermann electronic GmbH","url":"https:\/\/ittermann.de\/","address":{"@type":"PostalAddress","streetAddress":"K\u00f6hlergasse 16-18","postalCode":"99842","addressLocality":"Ruhla","addressCountry":"DE"}},"knowsAbout":["Religionsgeschichte","Mythologie","Mediale Praxis","Energetische Diagnostik","Schutzpraxis","Volksglauben","Westliche Esoterik"]},{"@type":"Article","@id":"https:\/\/iwell-guard.com\/is\/demeter\/#article","isPartOf":{"@id":"https:\/\/iwell-guard.com\/is\/demeter\/"},"author":{"name":"Ralf Ittermann","@id":"https:\/\/iwell-guard.com\/is\/#\/schema\/person\/ee2a27f1cac3406c7c6fb5820cb7349f"},"headline":"Demeter","datePublished":"2026-09-05T14:02:58+00:00","dateModified":"2026-09-05T14:19:26+00:00","mainEntityOfPage":{"@id":"https:\/\/iwell-guard.com\/is\/demeter\/"},"publisher":{"@id":"https:\/\/iwell-guard.com\/is\/#organization"},"image":{"@id":"https:\/\/iwell-guard.com\/is\/demeter\/#primaryimage"},"thumbnailUrl":"https:\/\/iwell-guard.com\/wp-content\/uploads\/2026\/04\/goetter_griechenland_demeter.webp","inLanguage":"is","description":"Gy\u00f0ja kornsins, frj\u00f3semi og m\u00f3\u00f0ir Persef\u00f3nu (Persephone). Eleus\u00ednsku launhelgarnir, uppskerulotur og afkoma mannkyns."}]}},"_links":{"self":[{"href":"https:\/\/iwell-guard.com\/is\/wp-json\/wp\/v2\/pages\/168787","targetHints":{"allow":["GET"]}}],"collection":[{"href":"https:\/\/iwell-guard.com\/is\/wp-json\/wp\/v2\/pages"}],"about":[{"href":"https:\/\/iwell-guard.com\/is\/wp-json\/wp\/v2\/types\/page"}],"author":[{"embeddable":true,"href":"https:\/\/iwell-guard.com\/is\/wp-json\/wp\/v2\/users\/3"}],"replies":[{"embeddable":true,"href":"https:\/\/iwell-guard.com\/is\/wp-json\/wp\/v2\/comments?post=168787"}],"version-history":[{"count":0,"href":"https:\/\/iwell-guard.com\/is\/wp-json\/wp\/v2\/pages\/168787\/revisions"}],"wp:featuredmedia":[{"embeddable":true,"href":"https:\/\/iwell-guard.com\/is\/wp-json\/wp\/v2\/media\/1581"}],"wp:attachment":[{"href":"https:\/\/iwell-guard.com\/is\/wp-json\/wp\/v2\/media?parent=168787"}],"wp:term":[{"taxonomy":"category","embeddable":true,"href":"https:\/\/iwell-guard.com\/is\/wp-json\/wp\/v2\/categories?post=168787"}],"curies":[{"name":"wp","href":"https:\/\/api.w.org\/{rel}","templated":true}]}}