{"id":168786,"date":"2026-09-05T14:02:58","date_gmt":"2026-09-05T14:02:58","guid":{"rendered":"https:\/\/iwell-guard.com\/?page_id=168786"},"modified":"2026-09-05T14:19:22","modified_gmt":"2026-09-05T14:19:22","slug":"apollon","status":"publish","type":"page","link":"https:\/\/iwell-guard.com\/is\/apollon\/","title":{"rendered":"Apollon"},"content":{"rendered":"\t\t<div data-elementor-type=\"wp-page\" data-elementor-id=\"168786\" class=\"elementor elementor-168786 elementor-2036 elementor-bc-flex-widget\" data-elementor-post-type=\"page\">\n\t\t\t\t<div class=\"elementor-element elementor-element-10fdade e-flex e-con-boxed e-con e-parent\" data-id=\"10fdade\" data-element_type=\"container\" data-e-type=\"container\" data-settings=\"{&quot;background_background&quot;:&quot;classic&quot;}\">\n\t\t\t\t\t<div class=\"e-con-inner\">\n\t\t<div class=\"elementor-element elementor-element-herohlft0 e-flex e-con-boxed e-con e-child\" data-id=\"herohlft0\" data-element_type=\"container\" data-e-type=\"container\">\n\t\t\t\t\t<div class=\"e-con-inner\">\n\t\t<div class=\"elementor-element elementor-element-c3ceb64 e-con-full e-flex e-con e-child\" data-id=\"c3ceb64\" data-element_type=\"container\" data-e-type=\"container\">\n\t\t\t\t<div class=\"elementor-element elementor-element-96ae5e1 elementor-widget elementor-widget-heading\" data-id=\"96ae5e1\" data-element_type=\"widget\" data-e-type=\"widget\" data-widget_type=\"heading.default\">\n\t\t\t\t\t<h1 class=\"elementor-heading-title elementor-size-default\">Apollon, gu\u00f0 \u00ed gr\u00edskri hef\u00f0<\/h1>\t\t\t\t<\/div>\n\t\t\t\t<div class=\"elementor-element elementor-element-e45238a elementor-widget elementor-widget-text-editor\" data-id=\"e45238a\" data-element_type=\"widget\" data-e-type=\"widget\" data-widget_type=\"text-editor.default\">\n\t\t\t\t\t\t\t\t\t<p><strong>Gu\u00f0 lj\u00f3ssins, t\u00f3nlistarins, l\u00e6kninga og v\u00e9fr\u00e9tta.<\/strong> Apollon er einn af t\u00f3lf \u00d3lymp\u00edugu\u00f0um og fj\u00f6lh\u00e6fasti gu\u00f0 gr\u00edskrar tr\u00faarbrag\u00f0a. Sonur Seifs og Let\u00f3, tv\u00edburabr\u00f3\u00f0ir Artemis, hann er \u00edmynd skipulags, fegur\u00f0ar og forsp\u00e1r. <span class=\"iwg-fachbegriff\" data-tooltip=\"Helgur sta\u00f0ur sem tileinka\u00f0ur er d\u00fdrkun gu\u00f0s.\" tabindex=\"0\">Helgista\u00f0ur<\/span> hans \u00ed Delf\u00ed er nafli fornaldarheimsins; <span class=\"iwg-fachbegriff\" data-tooltip=\"Sta\u00f0ur e\u00f0a stofnun \u00fear sem leita\u00f0 er gu\u00f0legs svars.\" tabindex=\"0\">v\u00e9fr\u00e9tt<\/span> hans m\u00f3tar \u00e1kvar\u00f0anir konunga og dau\u00f0legra manna jafnt.<\/p><p>Apollon er gu\u00f0 \u00ed gr\u00edskri hef\u00f0, verndari l\u00e6knislistar, t\u00f3nlistar og v\u00e9fr\u00e9tta.<\/p>\t\t\t\t\t\t\t\t<\/div>\n\t\t\t\t<\/div>\n\t\t<div class=\"elementor-element elementor-element-klsbdg01 e-con-full e-flex e-con e-parent\" data-id=\"klsbdg01\" data-element_type=\"container\" data-e-type=\"container\">\n\t\t\t\t<div class=\"elementor-element elementor-element-klshtm01 elementor-widget elementor-widget-html\" data-id=\"klshtm01\" data-element_type=\"widget\" data-e-type=\"widget\" data-widget_type=\"html.default\">\n\t\t\t\t\t<div class=\"iwg-pill-row\"><span class=\"iwg-klasse-badge\" tabindex=\"0\" data-tooltip=\"Gu\u00f0 \/ gy\u00f0ja: Pers\u00f3nuger\u00f0 \u00e6\u00f0sta m\u00e1ttarvald \u00ed go\u00f0aveldi menningar, me\u00f0 sk\u00fdr valdsvi\u00f0, n\u00e1tt\u00faru\u00f6fl, \u00f6rl\u00f6g, str\u00ed\u00f0, frj\u00f3semi. D\u00fdrku\u00f0 me\u00f0 helgisi\u00f0um, f\u00f3rnum og hofstofnunum.\">Gu\u00f0<\/span><a href=\"https:\/\/iwell-guard.com\/is\/?page_id=168594\" class=\"iwg-kultur-badge\" tabindex=\"0\" data-tooltip=\"Tr\u00faarbr\u00f6g\u00f0 og go\u00f0afr\u00e6\u00f0i Grikklands hins forna fr\u00e1 M\u00fdkenut\u00edmanum til s\u00ed\u00f0fornaldar.\">Grikkland<\/a><\/div>\t\t\t\t<\/div>\n\t\t\t\t<\/div>\n\t\t<div class=\"elementor-element elementor-element-3f74855 e-con-full e-flex e-con e-child\" data-id=\"3f74855\" data-element_type=\"container\" data-e-type=\"container\">\n\t\t\t\t<div class=\"elementor-element elementor-element-1c30362 elementor-toc--minimized-on-tablet elementor-widget elementor-widget-table-of-contents\" data-id=\"1c30362\" data-element_type=\"widget\" data-e-type=\"widget\" data-settings=\"{&quot;exclude_headings_by_selector&quot;:[],&quot;no_headings_message&quot;:&quot;Engar undirfyrirsagnir fundust \\u00e1 \\u00feessari s\\u00ed\\u00f0u.&quot;,&quot;headings_by_tags&quot;:[&quot;h2&quot;,&quot;h3&quot;],&quot;marker_view&quot;:&quot;bullets&quot;,&quot;minimize_box&quot;:&quot;yes&quot;,&quot;icon&quot;:{&quot;value&quot;:&quot;fas fa-circle&quot;,&quot;library&quot;:&quot;fa-solid&quot;,&quot;rendered_tag&quot;:&quot;&lt;svg class=\\&quot;e-font-icon-svg e-fas-circle\\&quot; viewBox=\\&quot;0 0 512 512\\&quot; xmlns=\\&quot;http:\\\/\\\/www.w3.org\\\/2000\\\/svg\\&quot;&gt;&lt;path d=\\&quot;M256 8C119 8 8 119 8 256s111 248 248 248 248-111 248-248S393 8 256 8z\\&quot;&gt;&lt;\\\/path&gt;&lt;\\\/svg&gt;&quot;},&quot;minimized_on&quot;:&quot;tablet&quot;,&quot;hierarchical_view&quot;:&quot;yes&quot;,&quot;min_height&quot;:{&quot;unit&quot;:&quot;px&quot;,&quot;size&quot;:&quot;&quot;,&quot;sizes&quot;:[]},&quot;min_height_tablet&quot;:{&quot;unit&quot;:&quot;px&quot;,&quot;size&quot;:&quot;&quot;,&quot;sizes&quot;:[]},&quot;min_height_mobile&quot;:{&quot;unit&quot;:&quot;px&quot;,&quot;size&quot;:&quot;&quot;,&quot;sizes&quot;:[]}}\" data-widget_type=\"table-of-contents.default\">\n\t\t\t\t\t\t\t\t\t<div class=\"elementor-toc__header\">\n\t\t\t\t\t\t<h2 class=\"elementor-toc__header-title\">\n\t\t\t\tEfnisyfirlit\t\t\t<\/h2>\n\t\t\t\t\t\t\t\t\t\t<div class=\"elementor-toc__toggle-button elementor-toc__toggle-button--expand\" role=\"button\" tabindex=\"0\" aria-controls=\"elementor-toc__1c30362\" aria-expanded=\"true\" aria-label=\"Open table of contents\"><svg aria-hidden=\"true\" class=\"e-font-icon-svg e-fas-chevron-down\" viewBox=\"0 0 448 512\" xmlns=\"http:\/\/www.w3.org\/2000\/svg\"><path d=\"M207.029 381.476L12.686 187.132c-9.373-9.373-9.373-24.569 0-33.941l22.667-22.667c9.357-9.357 24.522-9.375 33.901-.04L224 284.505l154.745-154.021c9.379-9.335 24.544-9.317 33.901.04l22.667 22.667c9.373 9.373 9.373 24.569 0 33.941L240.971 381.476c-9.373 9.372-24.569 9.372-33.942 0z\"><\/path><\/svg><\/div>\n\t\t\t\t<div class=\"elementor-toc__toggle-button elementor-toc__toggle-button--collapse\" role=\"button\" tabindex=\"0\" aria-controls=\"elementor-toc__1c30362\" aria-expanded=\"true\" aria-label=\"Close table of contents\"><svg aria-hidden=\"true\" class=\"e-font-icon-svg e-fas-chevron-up\" viewBox=\"0 0 448 512\" xmlns=\"http:\/\/www.w3.org\/2000\/svg\"><path d=\"M240.971 130.524l194.343 194.343c9.373 9.373 9.373 24.569 0 33.941l-22.667 22.667c-9.357 9.357-24.522 9.375-33.901.04L224 227.495 69.255 381.516c-9.379 9.335-24.544 9.317-33.901-.04l-22.667-22.667c-9.373-9.373-9.373-24.569 0-33.941L207.03 130.525c9.372-9.373 24.568-9.373 33.941-.001z\"><\/path><\/svg><\/div>\n\t\t\t\t\t<\/div>\n\t\t\t\t<div id=\"elementor-toc__1c30362\" class=\"elementor-toc__body\">\n\t\t\t<div class=\"elementor-toc__spinner-container\">\n\t\t\t\t<svg class=\"elementor-toc__spinner eicon-animation-spin e-font-icon-svg e-eicon-loading\" aria-hidden=\"true\" viewBox=\"0 0 1000 1000\" xmlns=\"http:\/\/www.w3.org\/2000\/svg\"><path d=\"M500 975V858C696 858 858 696 858 500S696 142 500 142 142 304 142 500H25C25 237 238 25 500 25S975 237 975 500 763 975 500 975Z\"><\/path><\/svg>\t\t\t<\/div>\n\t\t<\/div>\n\t\t\t\t\t\t<\/div>\n\t\t\t\t<\/div>\n\t\t\t\t\t<\/div>\n\t\t\t\t<\/div>\n\t\t<div class=\"elementor-element elementor-element-herorght0 e-con-full e-flex e-con e-child\" data-id=\"herorght0\" data-element_type=\"container\" data-e-type=\"container\">\n\t\t\t\t<div class=\"elementor-element elementor-element-heroimg00 iwg-hero-image elementor-widget elementor-widget-image\" data-id=\"heroimg00\" data-element_type=\"widget\" data-e-type=\"widget\" data-widget_type=\"image.default\">\n\t\t\t\t\t\t\t\t\t\t\t\t\t\t\t<img fetchpriority=\"high\" decoding=\"async\" width=\"683\" height=\"1024\" src=\"https:\/\/iwell-guard.com\/wp-content\/uploads\/2026\/04\/goetter_griechenland_apollon-683x1024.webp\" class=\"attachment-large size-large wp-image-171123\" alt=\"Apollon - Gu\u00f0ir \u00far gr\u00edskri hef\u00f0, s\u00f6gulega myndskreytt\" srcset=\"https:\/\/iwell-guard.com\/wp-content\/uploads\/2026\/04\/goetter_griechenland_apollon-683x1024.webp 683w, https:\/\/iwell-guard.com\/wp-content\/uploads\/2026\/04\/goetter_griechenland_apollon-200x300.webp 200w, https:\/\/iwell-guard.com\/wp-content\/uploads\/2026\/04\/goetter_griechenland_apollon-768x1152.webp 768w, https:\/\/iwell-guard.com\/wp-content\/uploads\/2026\/04\/goetter_griechenland_apollon.webp 1024w\" sizes=\"(max-width: 683px) 100vw, 683px\" \/>\t\t\t\t\t\t\t\t\t\t\t\t\t\t\t<\/div>\n\t\t\t\t<\/div>\n\t\t\t\t\t<\/div>\n\t\t\t\t<\/div>\n\t\t<div class=\"elementor-element elementor-element-32917199 e-flex e-con-boxed e-con e-parent\" data-id=\"32917199\" data-element_type=\"container\" data-e-type=\"container\">\n\t\t\t\t\t<div class=\"e-con-inner\">\n\t\t<div class=\"elementor-element elementor-element-26e916cb e-flex e-con-boxed e-con e-child\" data-id=\"26e916cb\" data-element_type=\"container\" data-e-type=\"container\">\n\t\t\t\t\t<div class=\"e-con-inner\">\n\t\t<div class=\"elementor-element elementor-element-253a40d4 e-flex e-con-boxed e-con e-child\" data-id=\"253a40d4\" data-element_type=\"container\" data-e-type=\"container\">\n\t\t\t\t\t<div class=\"e-con-inner\">\n\t\t\t\t<div class=\"elementor-element elementor-element-1200c304 elementor-widget elementor-widget-heading\" data-id=\"1200c304\" data-element_type=\"widget\" data-e-type=\"widget\" data-widget_type=\"heading.default\">\n\t\t\t\t\t<h2 class=\"elementor-heading-title elementor-size-default\">Apollon<\/h2>\t\t\t\t<\/div>\n\t\t\t\t\t<\/div>\n\t\t\t\t<\/div>\n\t\t<div class=\"elementor-element elementor-element-159dcf9a e-flex e-con-boxed e-con e-child\" data-id=\"159dcf9a\" data-element_type=\"container\" data-e-type=\"container\">\n\t\t\t\t\t<div class=\"e-con-inner\">\n\t\t\t\t<div class=\"elementor-element elementor-element-48cee66f elementor-widget elementor-widget-heading\" data-id=\"48cee66f\" data-element_type=\"widget\" data-e-type=\"widget\" data-widget_type=\"heading.default\">\n\t\t\t\t\t<h2 class=\"elementor-heading-title elementor-size-default\">\u00cd hnotskurn: Apollon<\/h2>\t\t\t\t<\/div>\n\t\t\t\t<div class=\"elementor-element elementor-element-3f50d82c elementor-widget elementor-widget-text-editor\" data-id=\"3f50d82c\" data-element_type=\"widget\" data-e-type=\"widget\" data-widget_type=\"text-editor.default\">\n\t\t\t\t\t\t\t\t\t<p><strong>Tegund:<\/strong> Gr\u00edsk h\u00f6fu\u00f0gu\u00f0d\u00f3mleg vera, gu\u00f0 m\u00fasanna, l\u00e6kninga, lj\u00f3ss og v\u00e9fr\u00e9tta<br><span class=\"iwg-fachbegriff\" data-tooltip=\"Heild gu\u00f0a \u00ed tr\u00faarbr\u00f6g\u00f0um e\u00f0a menningu.\" tabindex=\"0\">Go\u00f0aheimur<\/span>: Grikkland (einn af t\u00f3lf \u00d3lymp\u00edugu\u00f0um), tekinn \u00f3breyttur upp \u00ed r\u00f3mverskri tr\u00fa<br>Hlutverk: T\u00f3nlist og sk\u00e1ldskapur, l\u00e6kningar og pl\u00e1gur, bogfimi, <span class=\"iwg-fachbegriff\" data-tooltip=\"Sta\u00f0ur e\u00f0a stofnun \u00fear sem leita\u00f0 er gu\u00f0legs svars.\" tabindex=\"0\">v\u00e9fr\u00e9tt<\/span>, h\u00f3fsemi (m\u0113d\u00e9n \u00e1gan)<br>H\u00f6fu\u00f0einkenni: Bogi me\u00f0 silfur\u00f6rvum, k\u00edtara (l\u00fdra), l\u00e1rvi\u00f0arkransar, \u00fer\u00edf\u00f3tur<br>H\u00f6fu\u00f0d\u00fdrkunarsta\u00f0ir: Delf\u00ed (a\u00f0alv\u00e9fr\u00e9tt fornaldarheimsins), Delos (f\u00e6\u00f0ingarsta\u00f0ur), Klaros, D\u00edd\u00fdma, Patara<br>R\u00f3mverskt hli\u00f0st\u00e6\u00f0ugu\u00f0: Apollo (\u00f3breytt)<\/p>\t\t\t\t\t\t\t\t<\/div>\n\t\t\t\t\t<\/div>\n\t\t\t\t<\/div>\n\t\t\t\t\t<\/div>\n\t\t\t\t<\/div>\n\t\t\t\t\t<\/div>\n\t\t\t\t<\/div>\n\t\t<div class=\"elementor-element elementor-element-18613602 e-flex e-con-boxed e-con e-parent\" data-id=\"18613602\" data-element_type=\"container\" data-e-type=\"container\">\n\t\t\t\t\t<div class=\"e-con-inner\">\n\t\t\t\t<div class=\"elementor-element elementor-element-262b8a9f elementor-widget elementor-widget-heading\" data-id=\"262b8a9f\" data-element_type=\"widget\" data-e-type=\"widget\" data-widget_type=\"heading.default\">\n\t\t\t\t\t<h2 class=\"elementor-heading-title elementor-size-default\">Samhengi<\/h2>\t\t\t\t<\/div>\n\t\t<div class=\"elementor-element elementor-element-46dcb7d e-con-full e-flex e-con e-child\" data-id=\"46dcb7d\" data-element_type=\"container\" data-e-type=\"container\">\n\t\t<div class=\"elementor-element elementor-element-61d3ab3 e-flex e-con-boxed e-con e-child\" data-id=\"61d3ab3\" data-element_type=\"container\" data-e-type=\"container\">\n\t\t\t\t\t<div class=\"e-con-inner\">\n\t\t\t\t<div class=\"elementor-element elementor-element-117c166 elementor-widget elementor-widget-heading\" data-id=\"117c166\" data-element_type=\"widget\" data-e-type=\"widget\" data-widget_type=\"heading.default\">\n\t\t\t\t\t<h3 class=\"elementor-heading-title elementor-size-default\">T\u00edmabil textanna<\/h3>\t\t\t\t<\/div>\n\t\t\t\t<div class=\"elementor-element elementor-element-73997a0 elementor-widget elementor-widget-text-editor\" data-id=\"73997a0\" data-element_type=\"widget\" data-e-type=\"widget\" data-widget_type=\"text-editor.default\">\n\t\t\t\t\t\t\t\t\t<p>Apollon hefur veri\u00f0 mi\u00f0l\u00e6gur \u00ed gr\u00edskri <span class=\"iwg-fachbegriff\" data-tooltip=\"Heild var\u00f0veittra sagna um gu\u00f0i \u00ed menningu.\" tabindex=\"0\">go\u00f0afr\u00e6\u00f0i<\/span> allt fr\u00e1 H\u00f3mer (8. \u00f6ld f.Kr.). Helsti d\u00fdrkunarsta\u00f0ur hans, <em>Delf\u00ed<\/em>, var\u00f0 til a\u00f0 \u00f6llum l\u00edkindum \u00e1 8. \u00f6ld f.Kr. (yfir eldri jar\u00f0-<span class=\"iwg-fachbegriff\" data-tooltip=\"Sta\u00f0ur e\u00f0a stofnun \u00fear sem leita\u00f0 er gu\u00f0legs svars.\" tabindex=\"0\">v\u00e9fr\u00e9ttar<\/span>sta\u00f0 Gaiu\/\u00deemis), var\u00f0 panhellenskur <span class=\"iwg-fachbegriff\" data-tooltip=\"Helgur sta\u00f0ur sem tileinka\u00f0ur er d\u00fdrkun gu\u00f0s.\" tabindex=\"0\">helgista\u00f0ur<\/span> og var \u00ed n\u00e6rri 1000 \u00e1r mikilv\u00e6gasta <span class=\"iwg-fachbegriff\" data-tooltip=\"Sta\u00f0ur e\u00f0a stofnun \u00fear sem leita\u00f0 er gu\u00f0legs svars.\" tabindex=\"0\">v\u00e9fr\u00e9ttin<\/span> fornaldarheimsins, \u00fear til henni var loka\u00f0 \u00e1ri\u00f0 392 e.Kr. undir stj\u00f3rn \u00dee\u00f3d\u00f3s\u00edusar.<\/p><p>Bl\u00f3maskei\u00f0 Apollon-<span class=\"iwg-fachbegriff\" data-tooltip=\"Fr\u00e6\u00f0ilegar kenningar um gu\u00f0 og tr\u00fa \u00ed tr\u00faarbr\u00f6g\u00f0um.\" tabindex=\"0\">gu\u00f0fr\u00e6\u00f0innar<\/span> var \u00e1 5.\/4. \u00f6ld f.Kr. (Pindar, \u00c6sk\u00fdlos, S\u00f3f\u00f3kles, Platon). \u00cd r\u00f3mverska r\u00edkinu ger\u00f0i \u00c1g\u00fastus Apollon-<span class=\"iwg-fachbegriff\" data-tooltip=\"Heild tr\u00faarlegra d\u00fdrkunarathafna helga\u00f0ra gu\u00f0i e\u00f0a heilagri veru.\" tabindex=\"0\">d\u00fdrkunina<\/span> a\u00f0 r\u00edkis\u00e1\u00e6tlun: Apollo Palatinus-<span class=\"iwg-fachbegriff\" data-tooltip=\"Bygging tileinku\u00f0 d\u00fdrkun einnar e\u00f0a fleiri gu\u00f0d\u00f3mlegra vera.\" tabindex=\"0\">hofi\u00f0<\/span> \u00ed R\u00f3m var mi\u00f0l\u00e6gt r\u00edkishelgista\u00f0ur. Me\u00f0 s\u00ed\u00f0forn\u00f6ld hnigna\u00f0i d\u00fdrkuninni; s\u00ed\u00f0asta P\u00fd\u00fe\u00edu-or\u00f0i\u00f0 \u00ed Delf\u00ed f\u00e9ll \u00e1ri\u00f0 393 e.Kr.<\/p>\t\t\t\t\t\t\t\t<\/div>\n\t\t\t\t\t<\/div>\n\t\t\t\t<\/div>\n\t\t<div class=\"elementor-element elementor-element-d47b156 e-flex e-con-boxed e-con e-child\" data-id=\"d47b156\" data-element_type=\"container\" data-e-type=\"container\">\n\t\t\t\t\t<div class=\"e-con-inner\">\n\t\t\t\t<div class=\"elementor-element elementor-element-ff38c2b elementor-widget elementor-widget-heading\" data-id=\"ff38c2b\" data-element_type=\"widget\" data-e-type=\"widget\" data-widget_type=\"heading.default\">\n\t\t\t\t\t<h3 class=\"elementor-heading-title elementor-size-default\">\u00datbrei\u00f0slusv\u00e6\u00f0i<\/h3>\t\t\t\t<\/div>\n\t\t\t\t<div class=\"elementor-element elementor-element-4e49fcc elementor-widget elementor-widget-text-editor\" data-id=\"4e49fcc\" data-element_type=\"widget\" data-e-type=\"widget\" data-widget_type=\"text-editor.default\">\n\t\t\t\t\t\t\t\t\t<p>Helstu tilbei\u00f0slusta\u00f0ir: <strong>Delf\u00ed<\/strong> (hi\u00f0 p\u00fd\u00fe\u00edska <span class=\"iwg-fachbegriff\" data-tooltip=\"Sta\u00f0ur e\u00f0a stofnun \u00fear sem leita\u00f0 er gu\u00f0legrar \u00farskur\u00f0ar.\" tabindex=\"0\">v\u00e9fr\u00e9tt<\/span>, alhellen\u00edst, me\u00f0 hinni fr\u00e6gu P\u00fd\u00fe\u00edu sem flutti sp\u00e1d\u00f3ma s\u00edna \u00ed lei\u00f0slu yfir jar\u00f0gufum), <strong>Delos<\/strong> (go\u00f0sagnakenndur f\u00e6\u00f0ingarsta\u00f0ur, alhellen\u00edsk heil\u00f6g eyja \u00fear sem f\u00e6\u00f0ingar voru banna\u00f0ar), <strong>Klaros<\/strong> (Litlu-As\u00edu, \u00f6nnur mikilv\u00e6g <span class=\"iwg-fachbegriff\" data-tooltip=\"Sta\u00f0ur e\u00f0a stofnun \u00fear sem leita\u00f0 er gu\u00f0legrar \u00farskur\u00f0ar.\" tabindex=\"0\">v\u00e9fr\u00e9tt<\/span>), <strong>Didyma<\/strong> (n\u00e1l\u00e6gt M\u00edletos, Apollon-<span class=\"iwg-fachbegriff\" data-tooltip=\"Bygging sem er helgu\u00f0 d\u00fdrkun einnar e\u00f0a fleiri gu\u00f0d\u00f3ma.\" tabindex=\"0\">musteri<\/span> me\u00f0 eigin <span class=\"iwg-fachbegriff\" data-tooltip=\"Sta\u00f0ur e\u00f0a stofnun \u00fear sem leita\u00f0 er gu\u00f0legrar \u00farskur\u00f0ar.\" tabindex=\"0\">v\u00e9fr\u00e9tt<\/span>), <strong>Patara<\/strong> (L\u00edk\u00edu, vetrarsetur <span class=\"iwg-fachbegriff\" data-tooltip=\"Sta\u00f0ur e\u00f0a stofnun \u00fear sem leita\u00f0 er gu\u00f0legrar \u00farskur\u00f0ar.\" tabindex=\"0\">v\u00e9fr\u00e9ttarinnar<\/span>).<\/p><p><em>P\u00fd\u00fe\u00eduleikarnir<\/em> \u00ed Delf\u00ed (\u00e1 4 \u00e1ra fresti) voru me\u00f0al fj\u00f6gurra alhellen\u00edska leikanna. R\u00f3mverskt: <span class=\"iwg-fachbegriff\" data-tooltip=\"Bygging sem er helgu\u00f0 d\u00fdrkun einnar e\u00f0a fleiri gu\u00f0d\u00f3ma.\" tabindex=\"0\">musteri<\/span> Apollo Palatinus \u00ed R\u00f3m (fr\u00e1 t\u00ed\u00f0 \u00c1g\u00fastusar), Sosianus-<span class=\"iwg-fachbegriff\" data-tooltip=\"Bygging sem er helgu\u00f0 d\u00fdrkun einnar e\u00f0a fleiri gu\u00f0d\u00f3ma.\" tabindex=\"0\">musteri\u00f0<\/span>.<\/p>\t\t\t\t\t\t\t\t<\/div>\n\t\t\t\t\t<\/div>\n\t\t\t\t<\/div>\n\t\t\t\t<\/div>\n\t\t<div class=\"elementor-element elementor-element-db03c39 e-con-full e-flex e-con e-child\" data-id=\"db03c39\" data-element_type=\"container\" data-e-type=\"container\">\n\t\t<div class=\"elementor-element elementor-element-229a87b e-flex e-con-boxed e-con e-child\" data-id=\"229a87b\" data-element_type=\"container\" data-e-type=\"container\">\n\t\t\t\t\t<div class=\"e-con-inner\">\n\t\t\t\t<div class=\"elementor-element elementor-element-1f471fc elementor-widget elementor-widget-heading\" data-id=\"1f471fc\" data-element_type=\"widget\" data-e-type=\"widget\" data-widget_type=\"heading.default\">\n\t\t\t\t\t<h3 class=\"elementor-heading-title elementor-size-default\">Heimildasta\u00f0a<\/h3>\t\t\t\t<\/div>\n\t\t\t\t<div class=\"elementor-element elementor-element-36b1201 elementor-widget elementor-widget-text-editor\" data-id=\"36b1201\" data-element_type=\"widget\" data-e-type=\"widget\" data-widget_type=\"text-editor.default\">\n\t\t\t\t\t\t\t\t\t<p>Me\u00f0al helstu heimilda eru Hes\u00ed\u00f3dos (Gu\u00f0akynsl\u00f3\u00f0in) og H\u00f3mers Il\u00edonskvi\u00f0a og \u00d3dysseifskvi\u00f0a. \u00de\u00e6r eru mi\u00f0l\u00e6gar \u00fev\u00ed Apollon er mikilv\u00e6gasti gr\u00edski gu\u00f0inn \u00ed Il\u00edonskvi\u00f0u, \u00fear sem hann sty\u00f0ur Tr\u00f3jumenn. A\u00f0 auki er H\u00f3merski s\u00e1lmurinn til Apollons lengsti Apollon-textinn, sem fjallar b\u00e6\u00f0i um Delos og Delf\u00ed. A\u00f0rar heimildir eru Pindar (P\u00fd\u00fe\u00edskar \u00f3\u00f0ur), \u00c6sk\u00fdlos Evmen\u00eddesar, Pl\u00fatarkos (De Defectu Oraculorum, s\u00ed\u00f0ari umfj\u00f6llun um hnignun v\u00e9fr\u00e9ttarinnar) og P\u00e1san\u00edas L\u00fdsing Grikklands, b\u00f3k X (sta\u00f0fr\u00e6\u00f0i Delf\u00ed).<\/p><p>Fr\u00e6\u00f0irit: Burkert, <em>Griechische Religion<\/em>; Graf, <em>Apollo<\/em>; Bowden, <em>Classical Athens and the Delphic Oracle<\/em>; Fontenrose, <em>The Delphic Oracle<\/em>.<\/p>\t\t\t\t\t\t\t\t<\/div>\n\t\t\t\t\t<\/div>\n\t\t\t\t<\/div>\n\t\t\t\t<\/div>\n\t\t\t\t\t<\/div>\n\t\t\t\t<\/div>\n\t\t<div class=\"elementor-element elementor-element-3ae0637c e-flex e-con-boxed e-con e-parent\" data-id=\"3ae0637c\" data-element_type=\"container\" data-e-type=\"container\">\n\t\t\t\t\t<div class=\"e-con-inner\">\n\t\t\t\t<div class=\"elementor-element elementor-element-31d07739 elementor-widget elementor-widget-heading\" data-id=\"31d07739\" data-element_type=\"widget\" data-e-type=\"widget\" data-widget_type=\"heading.default\">\n\t\t\t\t\t<h2 class=\"elementor-heading-title elementor-size-default\">Nafn<\/h2>\t\t\t\t<\/div>\n\t\t<div class=\"elementor-element elementor-element-b7642947 e-con-full e-flex e-con e-child\" data-id=\"b7642947\" data-element_type=\"container\" data-e-type=\"container\">\n\t\t\t\t<div class=\"elementor-element elementor-element-a086266 elementor-widget elementor-widget-text-editor\" data-id=\"a086266\" data-element_type=\"widget\" data-e-type=\"widget\" data-widget_type=\"text-editor.default\">\n\t\t\t\t\t\t\t\t\t<p>Apollon er s\u00fdndur sem fagur, skegglaus ungur ma\u00f0ur, oft me\u00f0 l\u00fdru \u00ed h\u00f6ndum e\u00f0a me\u00f0 boga og \u00f6rvar. <span class=\"iwg-fachbegriff\" data-tooltip=\"T\u00e1kn sem stendur fyrir \u00e1kve\u00f0na hugmynd e\u00f0a merkingu.\" tabindex=\"0\">T\u00e1kn<\/span> hans er s\u00f3lin (\u00fe\u00f3tt Hel\u00edos s\u00e9 bein pers\u00f3nugerving s\u00f3lgu\u00f0sins).<\/p><p>L\u00e1rvi\u00f0arkransinn, gullstafurinn (<em>\u00feyrsos<\/em>), og bardaginn vi\u00f0 orminn (bardagi vi\u00f0 P\u00fd\u00feon) einkenna myndlist hans. Litir hans eru gull og hv\u00edtt; d\u00fdr hans er hrafninn, tr\u00e9 hans l\u00e1rvi\u00f0urinn.<\/p>\t\t\t\t\t\t\t\t<\/div>\n\t\t\t\t<\/div>\n\t\t\t\t\t<\/div>\n\t\t\t\t<\/div>\n\t\t<div class=\"elementor-element elementor-element-709a44a8 e-flex e-con-boxed e-con e-parent\" data-id=\"709a44a8\" data-element_type=\"container\" data-e-type=\"container\">\n\t\t\t\t\t<div class=\"e-con-inner\">\n\t\t\t\t<div class=\"elementor-element elementor-element-2f585873 elementor-widget elementor-widget-heading\" data-id=\"2f585873\" data-element_type=\"widget\" data-e-type=\"widget\" data-widget_type=\"heading.default\">\n\t\t\t\t\t<h2 class=\"elementor-heading-title elementor-size-default\">Einkenni<\/h2>\t\t\t\t<\/div>\n\t\t<div class=\"elementor-element elementor-element-70621c12 e-con-full e-flex e-con e-child\" data-id=\"70621c12\" data-element_type=\"container\" data-e-type=\"container\">\n\t\t\t\t<div class=\"elementor-element elementor-element-4296eb49 elementor-widget elementor-widget-text-editor\" data-id=\"4296eb49\" data-element_type=\"widget\" data-e-type=\"widget\" data-widget_type=\"text-editor.default\">\n\t\t\t\t\t\t\t\t\t<p>Apollon er d\u00fdrka\u00f0ur \u00ed \u00feremur meginhlutverkum: sem l\u00e6knir (gu\u00f0 sem sendir og l\u00e6knar pl\u00e1gu), sem sj\u00e1andi (\u00ed gegnum <span class=\"iwg-fachbegriff\" data-tooltip=\"Sta\u00f0ur e\u00f0a stofnun \u00fear sem leita\u00f0 er gu\u00f0legra svara.\" tabindex=\"0\">v\u00e9fr\u00e9tt<\/span>ina \u00ed Delf\u00ed) og sem t\u00f3nlistarma\u00f0ur (uppfinningama\u00f0ur og meistari l\u00fdrunnar). Prestast\u00e9tt hans \u00ed Delf\u00ed er alr\u00e6md fyrir margr\u00e6\u00f0 og tv\u00edr\u00e6\u00f0 <span class=\"iwg-fachbegriff\" data-tooltip=\"Sta\u00f0ur e\u00f0a stofnun \u00fear sem leita\u00f0 er gu\u00f0legra svara.\" tabindex=\"0\">v\u00e9fr\u00e9ttar<\/span>sv\u00f6r sem hafa m\u00f3ta\u00f0 \u00f6rl\u00f6g f\u00f3lks.<\/p><p>Delf\u00edsku or\u00f0in \u00bb\u00deekktu sj\u00e1lfan \u00feig\u00ab eru eignu\u00f0 Apollon. P\u00fd\u00feag\u00f3ringar og platonistar s\u00e1u \u00ed honum sj\u00e1lfa \u00edmynd samr\u00e6mis og skynsemi. \u00c1rleg h\u00e1t\u00ed\u00f0ir hans \u00ed Delf\u00ed og Delos s\u00f6fnu\u00f0u <span class=\"iwg-fachbegriff\" data-tooltip=\"Manneskja sem fer \u00ed tr\u00faarlega hvatta fer\u00f0 til helgs sta\u00f0ar.\" tabindex=\"0\">p\u00edlagr\u00edmum<\/span> fr\u00e1 \u00f6llu Hellas.<\/p><p><strong>\u00c1s\u00fdnd og t\u00e1knm\u00e1l<\/strong><\/p><p>Apollon birtist sem hin fullkomna ungmennalega \u00edmynd, ungur, h\u00e6r\u00f0ur, v\u00f6\u00f0vast\u00e6ltur, oft nakinn me\u00f0 l\u00fdruna, sitt a\u00f0al hlj\u00f3\u00f0f\u00e6ri. T\u00e1knmyndir hans eru n\u00e1kv\u00e6mar: l\u00fdran (uppfinning Hermesar, en Apollon eigna\u00f0ist hana), boginn og \u00f6rvam\u00e6lirinn (vopn dau\u00f0af\u00e6rni hans), l\u00e1rvi\u00f0arsveigurinn (<span class=\"iwg-fachbegriff\" data-tooltip=\"T\u00e1kn sem stendur fyrir hugmynd e\u00f0a merkingu.\" tabindex=\"0\">t\u00e1kn<\/span> sigurs hans \u00e1 P\u00fd\u00feoninum og ver\u00f0laun sk\u00e1lda).<\/p><p>\u00dalfurinn var hans heilaga d\u00fdr, sem og hrafninn, b\u00e1\u00f0ir t\u00e1kn sp\u00e1d\u00f3ma. L\u00e1rvi\u00f0artr\u00e9\u00f0 var honum helga\u00f0; P\u00fd\u00fe\u00edan \u00ed Delf\u00ed tugg\u00f0i l\u00e1rvi\u00f0arlauf \u00e1\u00f0ur en h\u00fan flutti sp\u00e1d\u00f3ma s\u00edna. Litur hans var gullinn litur s\u00f3larins; lj\u00f3s hans n\u00e1\u00f0i \u00ed gegnum alla listr\u00e6nan og andlegan skilning.<\/p>\t\t\t\t\t\t\t\t<\/div>\n\t\t\t\t<\/div>\n\t\t\t\t\t<\/div>\n\t\t\t\t<\/div>\n\t\t<div class=\"elementor-element elementor-element-44e71476 e-flex e-con-boxed e-con e-parent\" data-id=\"44e71476\" data-element_type=\"container\" data-e-type=\"container\">\n\t\t\t\t\t<div class=\"e-con-inner\">\n\t\t\t\t<div class=\"elementor-element elementor-element-3c1fc3f0 elementor-widget elementor-widget-heading\" data-id=\"3c1fc3f0\" data-element_type=\"widget\" data-e-type=\"widget\" data-widget_type=\"heading.default\">\n\t\t\t\t\t<h2 class=\"elementor-heading-title elementor-size-default\">Yfirlit: Apollon<\/h2>\t\t\t\t<\/div>\n\t\t<div class=\"elementor-element elementor-element-84f33b8e e-con-full e-flex e-con e-child\" data-id=\"84f33b8e\" data-element_type=\"container\" data-e-type=\"container\">\n\t\t\t\t<div class=\"elementor-element elementor-element-hqkdc67p elementor-widget elementor-widget-text-editor\" data-id=\"hqkdc67p\" data-element_type=\"widget\" data-e-type=\"widget\" data-widget_type=\"text-editor.default\">\n\t\t\t\t\t\t\t\t\t<p>Mikilv\u00e6gustu \u00fe\u00e6ttir Apollons \u00ed hnotskurn. Eftirfarandi li\u00f0ir taka saman uppruna, hlutverk, \u00e1s\u00fdnd, d\u00fdrkun, t\u00e1kn og menningarlega hli\u00f0st\u00e6\u00f0ur.<\/p>\t\t\t\t\t\t\t\t<\/div>\n\t\t\t\t<\/div>\n\t\t<div class=\"elementor-element elementor-element-pemmx7c5 e-con-full e-flex e-con e-child\" data-id=\"pemmx7c5\" data-element_type=\"container\" data-e-type=\"container\">\n\t\t<div class=\"elementor-element elementor-element-pemmx7c1 e-con-full e-flex e-con e-child\" data-id=\"pemmx7c1\" data-element_type=\"container\" data-e-type=\"container\">\n\t\t<div class=\"elementor-element elementor-element-qh9oavvu iwg-steckbrief-card e-flex e-con-boxed e-con e-child\" data-id=\"qh9oavvu\" data-element_type=\"container\" data-e-type=\"container\">\n\t\t\t\t\t<div class=\"e-con-inner\">\n\t\t\t\t<div class=\"elementor-element elementor-element-awzx8k2k elementor-widget elementor-widget-heading\" data-id=\"awzx8k2k\" data-element_type=\"widget\" data-e-type=\"widget\" data-widget_type=\"heading.default\">\n\t\t\t\t\t<div class=\"elementor-heading-title elementor-size-default\">Menningarsamhengi<\/div>\t\t\t\t<\/div>\n\t\t\t\t<div class=\"elementor-element elementor-element-x6rowhv0 elementor-widget elementor-widget-text-editor\" data-id=\"x6rowhv0\" data-element_type=\"widget\" data-e-type=\"widget\" data-widget_type=\"text-editor.default\">\n\t\t\t\t\t\t\t\t\t<p>Apollon er sonur Seifs og t\u00edtansins <em>Let\u00f3<\/em>, tv\u00edburabr\u00f3\u00f0ir <em>Artemisar<\/em>. F\u00e6ddur \u00e1 eyjunni Delos, \u00fear sem Let\u00f3 (elt af Heru) fann skj\u00f3l. \u00deremur d\u00f6gum eftir f\u00e6\u00f0inguna drap Apollon drekann P\u00fd\u00feon \u00ed Delf\u00ed og t\u00f3k vi\u00f0 <span class=\"iwg-fachbegriff\" data-tooltip=\"Sta\u00f0ur e\u00f0a stofnun \u00fear sem leita\u00f0 er gu\u00f0legra svara.\" tabindex=\"0\">v\u00e9fr\u00e9ttinni<\/span> af hinni forgr\u00edsku jar\u00f0argy\u00f0ju \u00deemis.<\/p><p>Me\u00f0al \u00e1starsagna hans \u00ed b\u00f3kmenntum eru Daphne (sem var breytt \u00ed l\u00e1rvi\u00f0artr\u00e9, \u00feess vegna l\u00e1rvi\u00f0arsveigur hans), Kassandra (sem hann gaf sp\u00e1d\u00f3msg\u00e1fu, en svipti hana s\u00ed\u00f0an trausti), Hyakin\u00feos (elskhugi hans sem l\u00e9st af diskuskasti, Apollon minnist dau\u00f0a hans \u00e1 Hyakin\u00fe\u00eduh\u00e1t\u00ed\u00f0inni), K\u00fdrene (stofnandi borgarinnar sem ber nafn hennar). Fa\u00f0ir Asklep\u00edosar (l\u00e6knisgu\u00f0s) og nokkurra sp\u00e1d\u00f3msg\u00e6ddra hetjukvenna.<\/p>\t\t\t\t\t\t\t\t<\/div>\n\t\t\t\t\t<\/div>\n\t\t\t\t<\/div>\n\t\t<div class=\"elementor-element elementor-element-8e3o4kxs iwg-steckbrief-card e-flex e-con-boxed e-con e-child\" data-id=\"8e3o4kxs\" data-element_type=\"container\" data-e-type=\"container\">\n\t\t\t\t\t<div class=\"e-con-inner\">\n\t\t\t\t<div class=\"elementor-element elementor-element-08rkdgov elementor-widget elementor-widget-heading\" data-id=\"08rkdgov\" data-element_type=\"widget\" data-e-type=\"widget\" data-widget_type=\"heading.default\">\n\t\t\t\t\t<div class=\"elementor-heading-title elementor-size-default\">Vi\u00f0takendur<\/div>\t\t\t\t<\/div>\n\t\t\t\t<div class=\"elementor-element elementor-element-uwjelx8s elementor-widget elementor-widget-text-editor\" data-id=\"uwjelx8s\" data-element_type=\"widget\" data-e-type=\"widget\" data-widget_type=\"text-editor.default\">\n\t\t\t\t\t\t\t\t\t<p>Tv\u00ed\u00fe\u00e6tt hlutverk er einkennandi fyrir Apollon: <em>pl\u00e1gusendir<\/em> (upphaf Il\u00edonskvi\u00f0u, pl\u00e1gan \u00ed griska herb\u00fa\u00f0unum sem hegning Apollons) og <em>l\u00e6knisgu\u00f0<\/em> (fa\u00f0ir Asklep\u00edosar, verndari l\u00e6kna). Verndari <em>t\u00f3nlistar og sk\u00e1ldskapar<\/em>, lei\u00f0togi n\u00edu m\u00fasanna \u00e1 Hel\u00edkon. Verndari <em>bogfimi<\/em> me\u00f0 silfur\u00f6rvum.<\/p><p><em><span class=\"iwg-fachbegriff\" data-tooltip=\"Sta\u00f0ur e\u00f0a stofnun \u00fear sem leita\u00f0 er gu\u00f0legra svara.\" tabindex=\"0\">V\u00e9fr\u00e9ttar<\/span>gu\u00f0inn<\/em> fram \u00far skarandi, <span class=\"iwg-fachbegriff\" data-tooltip=\"Bygging sem er notu\u00f0 til d\u00fdrkunar \u00e1 einni e\u00f0a fleiri go\u00f0veru.\" tabindex=\"0\">hof<\/span> hans \u00ed Delf\u00ed var tr\u00faarmi\u00f0st\u00f6\u00f0 gr\u00edska heimsins. <em>Lj\u00f3sgu\u00f0<\/em> (Apollon F\u00f6bos, \u201ehinn sk\u00ednandi\u201c), s\u00ed\u00f0ar \u00ed <span class=\"iwg-fachbegriff\" data-tooltip=\"Samruni hugmynda e\u00f0a go\u00f0vera \u00far mismunandi tr\u00faarhef\u00f0um.\" tabindex=\"0\">samruna<\/span> vi\u00f0 Hel\u00edos sem s\u00f3lgu\u00f0. Verndari <em>hreinleika<\/em> og <em>h\u00f3fsemi<\/em> (delf\u00edsku or\u00f0in \u201e\u00feekktu sj\u00e1lfan \u00feig\u201c og \u201eekkert um of\u201c eru kennd vi\u00f0 Apollon). Verndari innv\u00edgslu ungra manna (efeb\u00eda).<\/p>\t\t\t\t\t\t\t\t<\/div>\n\t\t\t\t\t<\/div>\n\t\t\t\t<\/div>\n\t\t<div class=\"elementor-element elementor-element-jm2n74ec iwg-steckbrief-card e-flex e-con-boxed e-con e-child\" data-id=\"jm2n74ec\" data-element_type=\"container\" data-e-type=\"container\">\n\t\t\t\t\t<div class=\"e-con-inner\">\n\t\t\t\t<div class=\"elementor-element elementor-element-8vufse4c elementor-widget elementor-widget-heading\" data-id=\"8vufse4c\" data-element_type=\"widget\" data-e-type=\"widget\" data-widget_type=\"heading.default\">\n\t\t\t\t\t<div class=\"elementor-heading-title elementor-size-default\">Form<\/div>\t\t\t\t<\/div>\n\t\t\t\t<div class=\"elementor-element elementor-element-mwb9u015 elementor-widget elementor-widget-text-editor\" data-id=\"mwb9u015\" data-element_type=\"widget\" data-e-type=\"widget\" data-widget_type=\"text-editor.default\">\n\t\t\t\t\t\t\t\t\t<p>Ungur, fagur, skegglaus ma\u00f0ur me\u00f0 langt, li\u00f0a\u00f0 h\u00e1r, hin fullkomna \u00edmynd gr\u00edskrar karlmannsfegur\u00f0ar, sta\u00f0fest af h\u00f6ggmyndinni <em>Apollon Belvedere<\/em>. Nakinn e\u00f0a me\u00f0 l\u00e9tt lendakl\u00e6\u00f0i \/ k\u00e1pu. <em>L\u00e1rvi\u00f0arsveigur<\/em> (Daphne-<span class=\"iwg-fachbegriff\" data-tooltip=\"T\u00e1kn sem stendur fyrir hugmynd e\u00f0a merkingu.\" tabindex=\"0\">t\u00e1kn<\/span>) \u00e1 h\u00f6f\u00f0i. <em>Bogi og \u00f6rvam\u00e6lir<\/em> (silfur\u00f6rvar, ekki bronshn\u00edkur eins og hj\u00e1 Artemis).<\/p><p><em>K\u00ed\u00feara<\/em> (l\u00fdra me\u00f0 st\u00e6rri hlj\u00f3mbotn) \u00ed hendi, spilar \u00e1 hana vi\u00f0 bor\u00f0 gu\u00f0anna. <em>\u00der\u00edf\u00f3tur<\/em> (<span class=\"iwg-fachbegriff\" data-tooltip=\"T\u00e1kn sem stendur fyrir hugmynd e\u00f0a merkingu.\" tabindex=\"0\">t\u00e1kn<\/span> delf\u00edsku v\u00e9fr\u00e9ttarinnar). \u00cd fylgd P\u00fd\u00fe\u00edu (\u00ed Delf\u00ed-myndum). \u00cd fornlegri list stundum s\u00fdndur me\u00f0 langt skegg, \u00ed klass\u00edskri list alltaf ungur og skegglaus.<\/p>\t\t\t\t\t\t\t\t<\/div>\n\t\t\t\t\t<\/div>\n\t\t\t\t<\/div>\n\t\t\t\t<\/div>\n\t\t<div class=\"elementor-element elementor-element-pemmx7c2 e-con-full e-flex e-con e-child\" data-id=\"pemmx7c2\" data-element_type=\"container\" data-e-type=\"container\">\n\t\t<div class=\"elementor-element elementor-element-37ss2yr6 iwg-steckbrief-card e-flex e-con-boxed e-con e-child\" data-id=\"37ss2yr6\" data-element_type=\"container\" data-e-type=\"container\">\n\t\t\t\t\t<div class=\"e-con-inner\">\n\t\t\t\t<div class=\"elementor-element elementor-element-3v0wp3wx elementor-widget elementor-widget-heading\" data-id=\"3v0wp3wx\" data-element_type=\"widget\" data-e-type=\"widget\" data-widget_type=\"heading.default\">\n\t\t\t\t\t<div class=\"elementor-heading-title elementor-size-default\">Verkunarsvi\u00f0<\/div>\t\t\t\t<\/div>\n\t\t\t\t<div class=\"elementor-element elementor-element-w3247g2m elementor-widget elementor-widget-text-editor\" data-id=\"w3247g2m\" data-element_type=\"widget\" data-e-type=\"widget\" data-widget_type=\"text-editor.default\">\n\t\t\t\t\t\t\t\t\t<p><strong>Wirkungsbereich:<\/strong> Apollon var einn mest d\u00fdrka\u00f0ra gr\u00edskra go\u00f0a. \u00cd pers\u00f3nulegri <span class=\"iwg-fachbegriff\" data-tooltip=\"Heild tr\u00faarlegra d\u00fdrkunara\u00f0ger\u00f0a fyrir go\u00f0veru e\u00f0a heilaga pers\u00f3nu.\" tabindex=\"0\">d\u00fdrkun<\/span> var hann \u00e1kalla\u00f0ur til l\u00e6kningar (s\u00e9rstaklega gegn pl\u00e1gu), innbl\u00e1sturs fyrir sk\u00e1ldskap e\u00f0a t\u00f3nlist, og hreinsunar eftir tr\u00faarlegt manndr\u00e1p (Apollon hreinsandinn).<\/p><p>Mikilv\u00e6gasti opinberi samskiptavettvangur vi\u00f0 Apollon var <em>delf\u00edska <span class=\"iwg-fachbegriff\" data-tooltip=\"Sta\u00f0ur e\u00f0a stofnun \u00fear sem leita\u00f0 er gu\u00f0legra svara.\" tabindex=\"0\">v\u00e9fr\u00e9ttin<\/span><\/em>: emb\u00e6ttismenn og konungar fr\u00e1 \u00f6llu Mi\u00f0jar\u00f0arhafssv\u00e6\u00f0inu fer\u00f0u\u00f0ust til Delf\u00ed til a\u00f0 f\u00e1 sv\u00f6r P\u00fd\u00fe\u00edu um stj\u00f3rnm\u00e1l, landn\u00e1m, str\u00ed\u00f0 og hj\u00f3nab\u00f6nd.<\/p><p><em>P\u00fd\u00fe\u00edan<\/em> sat \u00e1 \u00fer\u00edf\u00e6ti yfir jar\u00f0arsprungu, tugg\u00f0i l\u00e1rvi\u00f0arlauf og tala\u00f0i \u00ed lei\u00f0slu, or\u00f0 hennar voru sett \u00ed sexli\u00f0ah\u00e1tt af prestum. A\u00f0alh\u00e1t\u00ed\u00f0ir: <em>P\u00fd\u00fe\u00eduleikar<\/em> (\u00e1 4 \u00e1ra fresti, panhellenskir), <em>Karneia<\/em> (Sparta), <em>Hyakin\u00fe\u00eda<\/em> (Sparta), <em>Dafnef\u00f3r\u00eda<\/em> (\u00deebu). \u00c1 r\u00f3mverskum-\u00e1g\u00fast\u00ednskum t\u00edma: Apollo-leikar.<\/p>\t\t\t\t\t\t\t\t<\/div>\n\t\t\t\t\t<\/div>\n\t\t\t\t<\/div>\n\t\t<div class=\"elementor-element elementor-element-0qpjal9w iwg-steckbrief-card e-flex e-con-boxed e-con e-child\" data-id=\"0qpjal9w\" data-element_type=\"container\" data-e-type=\"container\">\n\t\t\t\t\t<div class=\"e-con-inner\">\n\t\t\t\t<div class=\"elementor-element elementor-element-6ndoih0o elementor-widget elementor-widget-heading\" data-id=\"6ndoih0o\" data-element_type=\"widget\" data-e-type=\"widget\" data-widget_type=\"heading.default\">\n\t\t\t\t\t<div class=\"elementor-heading-title elementor-size-default\">Varnarform<\/div>\t\t\t\t<\/div>\n\t\t\t\t<div class=\"elementor-element elementor-element-6684tyh9 elementor-widget elementor-widget-text-editor\" data-id=\"6684tyh9\" data-element_type=\"widget\" data-e-type=\"widget\" data-widget_type=\"text-editor.default\">\n\t\t\t\t\t\t\t\t\t<p>B&ouml;gi me\u00f0 silfurglj\u00e1andi \u00f6rvum, kithara (st\u00e6rri l\u00fdra), plektrum, l\u00e1rvi\u00f0arsveigur (Dafne-<span class=\"iwg-fachbegriff\" data-tooltip=\"T\u00e1kn sem stendur fyrir hugmynd e\u00f0a merkingu.\" tabindex=\"0\">t\u00e1kn<\/span>), \u00fer\u00edf\u00f3tur (<span class=\"iwg-fachbegriff\" data-tooltip=\"Sta\u00f0ur e\u00f0a stofnun \u00fear sem leita\u00f0 er svars fr\u00e1 gu\u00f0i.\" tabindex=\"0\">v\u00e9fr\u00e9tt<\/span>&#8211;<span class=\"iwg-fachbegriff\" data-tooltip=\"T\u00e1kn sem stendur fyrir hugmynd e\u00f0a merkingu.\" tabindex=\"0\">t\u00e1kn<\/span>), omfalos-steinn (Delf\u00ed, mi\u00f0ja heimsins), s\u00f3lkringla (s\u00ed\u00f0ar tengd Hel\u00edos-<span class=\"iwg-fachbegriff\" data-tooltip=\"Samruni hugmynda e\u00f0a gu\u00f0a \u00far mismunandi tr\u00faarhef\u00f0um.\" tabindex=\"0\">saml\u00f6gun<\/span>), svanur (fylgifugl), h\u00f6frungur (vi\u00f0urnefni\u00f0 Apollon Delphinios). Heilagar pl\u00f6ntur: l\u00e1rvi\u00f0ur, p\u00e1lmi (f\u00e6\u00f0ingart\u00e1kn fr\u00e1 Delos). Heil\u00f6g d\u00fdr: svanur, h\u00f6frungur, \u00falfur, griffill, m\u00fas (Apollon Smintheus, m\u00fasagu\u00f0).<\/p>\t\t\t\t\t\t\t\t<\/div>\n\t\t\t\t\t<\/div>\n\t\t\t\t<\/div>\n\t\t<div class=\"elementor-element elementor-element-3lfi7x32 iwg-steckbrief-card e-flex e-con-boxed e-con e-child\" data-id=\"3lfi7x32\" data-element_type=\"container\" data-e-type=\"container\">\n\t\t\t\t\t<div class=\"e-con-inner\">\n\t\t\t\t<div class=\"elementor-element elementor-element-0kg99ga1 elementor-widget elementor-widget-heading\" data-id=\"0kg99ga1\" data-element_type=\"widget\" data-e-type=\"widget\" data-widget_type=\"heading.default\">\n\t\t\t\t\t<div class=\"elementor-heading-title elementor-size-default\">Hli\u00f0st\u00e6\u00f0ur Apollons<\/div>\t\t\t\t<\/div>\n\t\t\t\t<div class=\"elementor-element elementor-element-n0fum6kp elementor-widget elementor-widget-text-editor\" data-id=\"n0fum6kp\" data-element_type=\"widget\" data-e-type=\"widget\" data-widget_type=\"text-editor.default\">\n\t\t\t\t\t\t\t\t\t<p><em>Apollo<\/em> (R\u00f3m, n\u00e1nast \u00f3breytt yfirtaka), <em>Hel\u00edos<\/em> (Grikkland, s\u00ed\u00f0ari saml\u00f6gun sem s\u00f3lgu\u00f0, \u00e1 hellen\u00edska t\u00edmanum), <em>Sol Invictus<\/em> (R\u00f3m, s\u00ed\u00f0r\u00f3m&aacute;nsk sams\u00f6mun vi\u00f0 s\u00f3lina, m\u00f6gulegur undanfari Kristur-Sol t\u00e1knm\u00e1lsins), <em>M\u00edtra<\/em> (persneskt, s\u00f3l og sannleikur), <em>S\u00farja<\/em> (hind\u00faisma), <em>Re<\/em> (Egyptaland, a\u00f0als\u00f3lgu\u00f0), <em>Lugh<\/em> (keltneskt, lj\u00f3sgu\u00f0 margra lista), <em>Bragi<\/em> (germanskt, sk\u00e1ldskapur), <em>Nergal<\/em> (Mes\u00f3p\u00f3tam\u00eda, pl\u00e1gu-\u00fe\u00e1ttur). \u00cd hlutverki: allir heilunargu\u00f0ir pl\u00e1gu og tv\u00ed\u00fe\u00e6tt hlutverk heilunar (l\u00edkt og Sekmet) deila \u00fe\u00e1ttum me\u00f0 Apollon.<\/p>\t\t\t\t\t\t\t\t<\/div>\n\t\t\t\t\t<\/div>\n\t\t\t\t<\/div>\n\t\t\t\t<\/div>\n\t\t\t\t<\/div>\n\t\t\t\t\t<\/div>\n\t\t\t\t<\/div>\n\t\t<div class=\"elementor-element elementor-element-7533bc7a e-flex e-con-boxed e-con e-parent\" data-id=\"7533bc7a\" data-element_type=\"container\" data-e-type=\"container\">\n\t\t\t\t\t<div class=\"e-con-inner\">\n\t\t\t\t<div class=\"elementor-element elementor-element-2447d18d elementor-widget elementor-widget-heading\" data-id=\"2447d18d\" data-element_type=\"widget\" data-e-type=\"widget\" data-widget_type=\"heading.default\">\n\t\t\t\t\t<h2 class=\"elementor-heading-title elementor-size-default\">Verndarh\u00e6ttir<\/h2>\t\t\t\t<\/div>\n\t\t<div class=\"elementor-element elementor-element-d5d0260c e-con-full e-flex e-con e-child\" data-id=\"d5d0260c\" data-element_type=\"container\" data-e-type=\"container\">\n\t\t\t\t<div class=\"elementor-element elementor-element-341be2ac elementor-widget elementor-widget-text-editor\" data-id=\"341be2ac\" data-element_type=\"widget\" data-e-type=\"widget\" data-widget_type=\"text-editor.default\">\n\t\t\t\t\t\t\t\t\t<div><p><strong>Tilbei\u00f0sla \u00ed daglegu l\u00edfi<\/strong><\/p>\n<div><p><strong>Athafnir og \u00e1k\u00f6llun<\/strong><br>\nDelf\u00edska <span class=\"iwg-fachbegriff\" data-tooltip=\"Sta\u00f0ur e\u00f0a stofnun \u00fear sem leita\u00f0 er svars fr\u00e1 gu\u00f0i.\" tabindex=\"0\">v\u00e9fr\u00e9ttin<\/span> me\u00f0 P\u00fd\u00fe\u00edu var kjarni Apollon-d\u00fdrkunarins. P\u00e6anar voru sungnir til a\u00f0 verjast pl\u00e1gum, og h\u00e1t\u00ed\u00f0irnar \u00deargelia og Karneia voru haldnar. \u00cd m\u00e1lum bl\u00f3\u00f0skuldar var Apollon a\u00f0alvaldi\u00f0 fyrir hreinsunarathafnir (katharsis).<\/p><\/div>\n\n<p><strong>\u00c1kallanir og sei\u00f0ir<\/strong><\/p>\n<div><p><strong>Textahef\u00f0 og form\u00falur<\/strong><br>\nH\u00f3merski Apollon-s\u00e1lmurinn syngur um f\u00e6\u00f0ingu og valdasvi\u00f0 gu\u00f0sins. V\u00e9fr\u00e9ttaror\u00f0 Delf\u00ed voru sett saman og unnin \u00ed b\u00f3kmenntalegu formi, og p\u00e6aninn mynda\u00f0i s\u00edna eigin s\u00e1lmagrein \u00ed \u00fej\u00f3nustu Apollons. Kall\u00edmakos tileinka\u00f0i honum l\u00edka s\u00e1lm.<\/p><\/div>\n\n<p><strong>Verndargripir og t\u00e1knmerki<\/strong><\/p>\n<div><p><strong>Efnislegar <span class=\"iwg-fachbegriff\" data-tooltip=\"Fj\u00f6ltala af apotropaikon: hlutir og t\u00e1kn sem \u00e6tla\u00f0 er a\u00f0 verjast \u00f3g\u00e6fu.\" tabindex=\"0\">ap\u00f3tr\u00f3pa\u00edk<\/span> og fornleifafr\u00e6\u00f0ilegar v\u00edsbendingar<\/strong><br>\nFyrir framan h\u00fassdyr st\u00f3\u00f0 Apollon Agyieus, keilulaga st\u00f3lpi e\u00f0a baityl, sem \u00e1tti a\u00f0 vernda \u00fer\u00f6skuldinn. Apollon var \u00e1kalla\u00f0ur sem Alexikakos, \u201es\u00e1 sem afst\u00fdrir illu\u201c; l\u00e1rvi\u00f0argreinar \u00fe\u00f3ttu hreinsandi og verndandi og eru v\u00ed\u00f0a sta\u00f0festar \u00ed helgist\u00f6\u00f0um eins og Delf\u00ed.<\/p><\/div><\/div>\t\t\t\t\t\t\t\t<\/div>\n\t\t\t\t<\/div>\n\t\t\t\t\t<\/div>\n\t\t\t\t<\/div>\n\t\t<div class=\"elementor-element elementor-element-5a584676 e-flex e-con-boxed e-con e-parent\" data-id=\"5a584676\" data-element_type=\"container\" data-e-type=\"container\">\n\t\t\t\t\t<div class=\"e-con-inner\">\n\t\t\t\t<div class=\"elementor-element elementor-element-6d0757bf elementor-widget elementor-widget-heading\" data-id=\"6d0757bf\" data-element_type=\"widget\" data-e-type=\"widget\" data-widget_type=\"heading.default\">\n\t\t\t\t\t<h2 class=\"elementor-heading-title elementor-size-default\">Apollon, hli\u00f0st\u00e6\u00f0ur \u00ed \u00f6\u00f0rum menningarheimum<\/h2>\t\t\t\t<\/div>\n\t\t<div class=\"elementor-element elementor-element-60563f68 e-con-full e-flex e-con e-child\" data-id=\"60563f68\" data-element_type=\"container\" data-e-type=\"container\">\n\t\t\t\t<div class=\"elementor-element elementor-element-5a93fdd6 elementor-widget elementor-widget-text-editor\" data-id=\"5a93fdd6\" data-element_type=\"widget\" data-e-type=\"widget\" data-widget_type=\"text-editor.default\">\n\t\t\t\t\t\t\t\t\t<p>S\u00f3lgu\u00f0ir og lj\u00f3sgo\u00f0magn finnast alls sta\u00f0ar: Hel\u00edos (Grikkland, hreinn s\u00f3lgu\u00f0), Ra (Egyptaland), S\u00farja (Indland), Shamash (Mes\u00f3p\u00f3tam\u00eda). Tengsl Apollons vi\u00f0 l\u00e6kningar og t\u00f3nlist eru einst\u00f6k, \u00feau tengja hann vi\u00f0 Asklep\u00edos (son hans) og vi\u00f0 M\u00fasurnar.<\/p><p>Sp\u00e1d\u00f3msg\u00e1fu s\u00edna deilir hann me\u00f0 A\u00feenu og Seifi, en Delf\u00ed gerir hann einstakan. <span class=\"iwg-fachbegriff\" data-tooltip=\"Hef\u00f0bundin fr\u00e1s\u00f6gn um gu\u00f0i, uppruna og skipan heimsins.\" tabindex=\"0\">Go\u00f0sagan<\/span> um P\u00fd\u00feon (bar\u00e1ttan gegn \u00f3rei\u00f0unni) tengir hann \u00f6\u00f0rum skipulagsgu\u00f0um eins og Marduk e\u00f0a Ra.<\/p>\t\t\t\t\t\t\t\t<\/div>\n\t\t\t\t<\/div>\n\t\t\t\t\t<\/div>\n\t\t\t\t<\/div>\n\t\t<div class=\"elementor-element elementor-element-cp1700381 e-flex e-con-boxed e-con e-parent\" data-id=\"cp1700381\" data-element_type=\"container\" data-e-type=\"container\">\n\t\t\t\t\t<div class=\"e-con-inner\">\n\t\t\t\t<div class=\"elementor-element elementor-element-cp6f41138 elementor-widget elementor-widget-heading\" data-id=\"cp6f41138\" data-element_type=\"widget\" data-e-type=\"widget\" data-widget_type=\"heading.default\">\n\t\t\t\t\t<h2 class=\"elementor-heading-title elementor-size-default\">Delf\u00ed: V\u00e9fr\u00e9ttin og drekaslagurinn<\/h2>\t\t\t\t<\/div>\n\t\t<div class=\"elementor-element elementor-element-cp8c37b78 e-con-full e-flex e-con e-child\" data-id=\"cp8c37b78\" data-element_type=\"container\" data-e-type=\"container\">\n\t\t\t\t<div class=\"elementor-element elementor-element-cpe52e915 elementor-widget elementor-widget-text-editor\" data-id=\"cpe52e915\" data-element_type=\"widget\" data-e-type=\"widget\" data-widget_type=\"text-editor.default\">\n\t\t\t\t\t\t\t\t\t<p>Mikilv\u00e6gasti <span class=\"iwg-fachbegriff\" data-tooltip=\"Heilagur sta\u00f0ur tileinka\u00f0ur tilbei\u00f0slu gu\u00f0s.\" tabindex=\"0\">helgista\u00f0ur<\/span> Apollons var Delf\u00ed, \u00e1 hl\u00ed\u00f0 Parnassosfjalls. \u00dear gaf P\u00fd\u00fe\u00eda, prestynja gu\u00f0sins, v\u00e9fr\u00e9ttaror\u00f0 sem h\u00f6f\u00f0u v\u00e6gi \u00ed \u00f6llum gr\u00edskum menningarheimi.<\/p><p>\u00cd margar aldir leitu\u00f0u einstaklingar og heilar borgir til <span class=\"iwg-fachbegriff\" data-tooltip=\"Sta\u00f0ur e\u00f0a stofnun \u00fear sem leita\u00f0 er svars fr\u00e1 gu\u00f0i.\" tabindex=\"0\">v\u00e9fr\u00e9ttarins<\/span> \u00e1\u00f0ur en n\u00fdlendur voru stofna\u00f0ar, str\u00ed\u00f0 h\u00e1\u00f0 og stj\u00f3rnm\u00e1la\u00e1kvar\u00f0anir teknar. Delf\u00ed var talin mi\u00f0ja heimsins; steinn, <em>omfalos<\/em> e\u00f0a nafli, marka\u00f0i \u00feennan sta\u00f0.<\/p><p>Stofnsagan segir a\u00f0 sta\u00f0urinn hafi \u00e1\u00f0ur heyrt undir ch\u00fe\u00f3n\u00edskt vald. Apollon v\u00f3 \u00fear orm e\u00f0a dreka, sem heimildir nefna P\u00fd\u00feon, og t\u00f3k <span class=\"iwg-fachbegriff\" data-tooltip=\"Heilagur sta\u00f0ur tileinka\u00f0ur tilbei\u00f0slu gu\u00f0s.\" tabindex=\"0\">helgista\u00f0inn<\/span> \u00ed s\u00edna eigu.<\/p><p>Af \u00feessum sigri lei\u00f0ir <span class=\"iwg-fachbegriff\" data-tooltip=\"\u00c1framhaldandi flutningur \u00feekkingar og fr\u00e1sagna milli kynsl\u00f3\u00f0a.\" tabindex=\"0\">munnm\u00e6lahef\u00f0in<\/span> vi\u00f0urnefni\u00f0 <em>P\u00fd\u00fe\u00edos<\/em> og nafn prestynjunnar, P\u00fd\u00fe\u00edu. H\u00f3merski Apollon-s\u00e1lmurinn l\u00fdsir leit gu\u00f0sins a\u00f0 tilbei\u00f0slusta\u00f0 og drekaslagnum \u00ed sm\u00e1atri\u00f0um.<\/p><p>Hvernig v\u00e9fr\u00e9ttarstarfsemin f\u00f3r fram \u00ed raun er umdeilt \u00ed fr\u00e6\u00f0unum. <span class=\"iwg-fachbegriff\" data-tooltip=\"T\u00edmabil gr\u00edskrar og r\u00f3mverskrar menningar, um 800 f.Kr. til 600 e.Kr.\" tabindex=\"0\">Fornaldar<\/span>h\u00f6fundar segja fr\u00e1 gufum \u00far jar\u00f0sprungu sem hafi sett P\u00fd\u00fe\u00edu \u00ed breytt \u00e1stand.<\/p><p>Lengi var \u00feetta tali\u00f0 go\u00f0sagnakennt, en jar\u00f0fr\u00e6\u00f0iranns\u00f3knir s\u00ed\u00f0ustu \u00e1ratuga hafa s\u00fdnt a\u00f0 \u00e1 sta\u00f0num eru \u00ed raun sprungul\u00ednur og gasl\u00f6g, sem \u00fatilokar ekki fornar fr\u00e1sagnir.<\/p><p>\u00d6ruggt er a\u00f0 or\u00f0in voru m\u00f3tu\u00f0 \u00ed skiljanlegt form af prestum. Delf\u00ed var \u00feannig ekki einungis dularfull einst\u00e6\u00f0 r\u00f6dd heldur st\u00f6\u00f0ug tr\u00faarleg stofnun um aldir, en \u00e1hrif hennar \u00e1 s\u00f6gu Grikklands er varla h\u00e6gt a\u00f0 ofmeta.<\/p>\t\t\t\t\t\t\t\t<\/div>\n\t\t\t\t<\/div>\n\t\t\t\t\t<\/div>\n\t\t\t\t<\/div>\n\t\t<div class=\"elementor-element elementor-element-cpdc7e1a4 e-flex e-con-boxed e-con e-parent\" data-id=\"cpdc7e1a4\" data-element_type=\"container\" data-e-type=\"container\">\n\t\t\t\t\t<div class=\"e-con-inner\">\n\t\t\t\t<div class=\"elementor-element elementor-element-cpc520d80 elementor-widget elementor-widget-heading\" data-id=\"cpc520d80\" data-element_type=\"widget\" data-e-type=\"widget\" data-widget_type=\"heading.default\">\n\t\t\t\t\t<h2 class=\"elementor-heading-title elementor-size-default\">Gu\u00f0 t\u00f3nlistarins og keppnin vi\u00f0 Mars\u00fdas<\/h2>\t\t\t\t<\/div>\n\t\t<div class=\"elementor-element elementor-element-cp489dc4b e-con-full e-flex e-con e-child\" data-id=\"cp489dc4b\" data-element_type=\"container\" data-e-type=\"container\">\n\t\t\t\t<div class=\"elementor-element elementor-element-cp09476ae elementor-widget elementor-widget-text-editor\" data-id=\"cp09476ae\" data-element_type=\"widget\" data-e-type=\"widget\" data-widget_type=\"text-editor.default\">\n\t\t\t\t\t\t\t\t\t<p>Apollon er gu\u00f0 t\u00f3nlistar, s\u00e9rstaklega strengjat\u00f3nlistar. Hlj\u00f3\u00f0f\u00e6ri hans er k\u00edtara, tegund af h\u00f6rpu. Hann lei\u00f0ir k\u00f3r m\u00fasanna og ber \u00fev\u00ed vi\u00f0urnefni\u00f0 <em>Musagetes<\/em>. \u00cd gr\u00edskri hugmyndaheiminum stendur t\u00f3nlist hans fyrir skipulag, h\u00f3fstillingu og samr\u00e6mi.<\/p><p>\u00deessu tengist andst\u00e6\u00f0a sem birtist \u00ed m\u00f6rgum go\u00f0s\u00f6gum: andst\u00e6\u00f0an vi\u00f0 hina \u00e1kafa, andardr\u00e1ttarkn\u00fana t\u00f3nlist aulosins, tv\u00edflautunnar.<\/p><p>\u00deessi andst\u00e6\u00f0a er s\u00f6g\u00f0 \u00ed <span class=\"iwg-fachbegriff\" data-tooltip=\"Munnm\u00e6li um gu\u00f0i, uppruna og skipan heimsins.\" tabindex=\"0\">go\u00f0s\u00f6gninni<\/span> um Mars\u00fdas. Sat\u00fdrinn Mars\u00fdas finnur aulosinn sem A\u00feena haf\u00f0i fleygt fr\u00e1 s\u00e9r og ver\u00f0ur svo fimur leikandi a\u00f0 hann skorar Apollon \u00e1 h\u00f3lm \u00ed t\u00f3nlistarkeppni. M\u00fasurnar e\u00f0a a\u00f0rir gu\u00f0ir d\u00e6ma Apollon sigurvegara.<\/p><p>Sem straff fyrir yfirgang l\u00e6tur gu\u00f0inn fl\u00e1 sat\u00fdrinn lifandi. \u00d6nnur t\u00f3nlistarkeppni, vi\u00f0 hjar\u00f0gu\u00f0inn Pan, endar mildari: \u00dear d\u00e6mir konungur M\u00eddas gegn Apollon og f\u00e6r fyrir viki\u00f0 asnaeyru.<\/p><p>B\u00e1\u00f0ar s\u00f6gurnar eru fr\u00e6\u00f0ilega \u00e1hugaver\u00f0ar. \u00de\u00e6r setja hlj\u00f3\u00f0f\u00e6ri og t\u00f3nlistarst\u00edla \u00ed samhengi og tengja \u00feau vi\u00f0 mismunandi gu\u00f0lega svi\u00f0a, apoll\u00ednskt h\u00f3fstillt og d\u00ed\u00f3n\u00fds\u00edsk-p\u00f6nsk v\u00edmu. \u00c1 sama t\u00edma fjalla \u00fe\u00e6r um hybris: s\u00e1 sem etur kappi vi\u00f0 gu\u00f0 tapar, og hegningin er h\u00f6r\u00f0.<\/p><p>Hin grimma fl\u00f6gun Mars\u00fdasar var algengt <span class=\"iwg-fachbegriff\" data-tooltip=\"Endurteki\u00f0 efnisatri\u00f0i \u00ed list e\u00f0a fr\u00e1s\u00f6gn.\" tabindex=\"0\">myndefni<\/span> \u00ed fornlist. Go\u00f0s\u00f6gurnar s\u00fdna Apollon sem gu\u00f0 sem skapar ekki bara fagurt, heldur kemur einnig fram sem \u00f3v\u00e6gin verndari stigveldis milli manns, h\u00e1lfgu\u00f0s og gu\u00f0s.<\/p>\t\t\t\t\t\t\t\t<\/div>\n\t\t\t\t<\/div>\n\t\t\t\t\t<\/div>\n\t\t\t\t<\/div>\n\t\t<div class=\"elementor-element elementor-element-cpf8b6185 e-flex e-con-boxed e-con e-parent\" data-id=\"cpf8b6185\" data-element_type=\"container\" data-e-type=\"container\">\n\t\t\t\t\t<div class=\"e-con-inner\">\n\t\t\t\t<div class=\"elementor-element elementor-element-cp2b71bb2 elementor-widget elementor-widget-heading\" data-id=\"cp2b71bb2\" data-element_type=\"widget\" data-e-type=\"widget\" data-widget_type=\"heading.default\">\n\t\t\t\t\t<h2 class=\"elementor-heading-title elementor-size-default\">L\u00e6knir og pl\u00e1gub\u00f3ti: Tv\u00f6feldni Apollons<\/h2>\t\t\t\t<\/div>\n\t\t<div class=\"elementor-element elementor-element-cp3246e98 e-con-full e-flex e-con e-child\" data-id=\"cp3246e98\" data-element_type=\"container\" data-e-type=\"container\">\n\t\t\t\t<div class=\"elementor-element elementor-element-cp55aa28d elementor-widget elementor-widget-text-editor\" data-id=\"cp55aa28d\" data-element_type=\"widget\" data-e-type=\"widget\" data-widget_type=\"text-editor.default\">\n\t\t\t\t\t\t\t\t\t<p>Apollon er gu\u00f0 l\u00e6kningar, en samt\u00edmis gu\u00f0 sem sendir pl\u00e1gur. \u00deessi tv\u00f6feldni er ekki aukaatri\u00f0i, heldur hluti af kjarna e\u00f0lis hans. \u00deegar \u00ed upphafi <em>Il\u00edonskvi\u00f0u<\/em> kemur \u00feetta fram: \u00dear sem konungur Agamemnon m\u00f3\u00f0ga\u00f0i prest Apollons, Kr\u00fdses, sendir gu\u00f0inn pl\u00e1gu yfir gr\u00edska herinn.<\/p><p>\u00d6rvar Apollons, annars t\u00e1kn skj\u00f3ts dau\u00f0a einstakra manna, hitta h\u00e9r heilar herb\u00fa\u00f0ir. A\u00f0eins \u00feegar gu\u00f0inn er fri\u00f0\u00fe\u00e6g\u00f0ur me\u00f0 <span class=\"iwg-fachbegriff\" data-tooltip=\"Gj\u00f6f til gu\u00f0s til a\u00f0 tj\u00e1 \u00feakkl\u00e6ti, b\u00f3n e\u00f0a lotning.\" tabindex=\"0\">f\u00f3rnum<\/span> og d\u00f3ttir sem tekin var \u00ed haldi er skila\u00f0, l\u00fdkur pl\u00e1gunni.<\/p><p>\u00c1 hinn b\u00f3ginn er Apollon fa\u00f0ir Asklep\u00edosar, l\u00e6knisgu\u00f0sins. Apollon sj\u00e1lfur ber vi\u00f0urnefni tengd l\u00e6kningu, me\u00f0al annars <em>Paian<\/em>, sem var upphaflega nafn l\u00e6kningagu\u00f0s sem sameina\u00f0ist honum og var\u00f0 jafnframt heiti \u00e1 helgum l\u00e6kningas\u00f6ng. \u00cd \u00feessu hlutverki var hann tigna\u00f0ur sem <em>Apollon Iatros<\/em>, l\u00e6knirinn, e\u00f0a sem verjandi gegn \u00f3g\u00e6fu.<\/p><p>Fr\u00e6\u00f0imenn hafa bent \u00e1 a\u00f0 \u00feessi tv\u00f6feldni s\u00e9 d\u00e6miger\u00f0 fyrir gr\u00edska gu\u00f0amyndina. Apollon er m\u00e1ttur sem r\u00e6\u00f0ur yfir skyndilegum, utana\u00f0komandi h\u00e6ttum, yfir pl\u00e1gu og skj\u00f3tum dau\u00f0a jafnt sem v\u00f6rn gegn \u00feeim og l\u00e6kningu \u00feeirra. S\u00e1 sem vildi afst\u00fdra sj\u00fakd\u00f3mi \u00feurfti a\u00f0 sn\u00faa s\u00e9r til sama m\u00e1ttar sem gat sent hann.<\/p><p data-nosnippet=\"true\">Vi\u00f0urnefnin <em>Apotropaios<\/em>, hinn verjandi, og <em>Alexikakos<\/em>, illafverjandinn, tilheyra \u00feessu samhengi. \u00deessa hugmynd m\u00e1 ekki misskilja sem heilsulofor\u00f0; h\u00fan endurspeglar tilraun <span class=\"iwg-fachbegriff\" data-tooltip=\"T\u00edmabil gr\u00edskrar og r\u00f3mverskrar menningar, um 800 f.Kr. til 600 e.Kr.\" tabindex=\"0\">fornaldar<\/span> til a\u00f0 \u00fatsk\u00fdra \u00e1 tr\u00faarlegan h\u00e1tt \u00f3vi\u00f0r\u00e1\u00f0anlega atbur\u00f0i \u00e1 bor\u00f0 vi\u00f0 fars\u00f3ttir og breg\u00f0ast vi\u00f0 \u00feeim me\u00f0 <span class=\"iwg-fachbegriff\" data-tooltip=\"Tilheyrir f\u00f6stu tr\u00faarlegu athafnaferli.\" tabindex=\"0\">helgisi\u00f0um<\/span>.<\/p>\t\t\t\t\t\t\t\t<\/div>\n\t\t\t\t<\/div>\n\t\t\t\t\t<\/div>\n\t\t\t\t<\/div>\n\t\t<div class=\"elementor-element elementor-element-cp8b1080d e-flex e-con-boxed e-con e-parent\" data-id=\"cp8b1080d\" data-element_type=\"container\" data-e-type=\"container\">\n\t\t\t\t\t<div class=\"e-con-inner\">\n\t\t\t\t<div class=\"elementor-element elementor-element-cpaf6ecda elementor-widget elementor-widget-heading\" data-id=\"cpaf6ecda\" data-element_type=\"widget\" data-e-type=\"widget\" data-widget_type=\"heading.default\">\n\t\t\t\t\t<h2 class=\"elementor-heading-title elementor-size-default\">Apoll\u00ednskt og d\u00ed\u00f3n\u00fds\u00edskt: N\u00fat\u00edma t\u00falkunarsaga<\/h2>\t\t\t\t<\/div>\n\t\t<div class=\"elementor-element elementor-element-cp124e603 e-con-full e-flex e-con e-child\" data-id=\"cp124e603\" data-element_type=\"container\" data-e-type=\"container\">\n\t\t\t\t<div class=\"elementor-element elementor-element-cp98d9cc6 elementor-widget elementor-widget-text-editor\" data-id=\"cp98d9cc6\" data-element_type=\"widget\" data-e-type=\"widget\" data-widget_type=\"text-editor.default\">\n\t\t\t\t\t\t\t\t\t<p>Nafn Apollons hefur fari\u00f0 \u00fat fyrir <span class=\"iwg-fachbegriff\" data-tooltip=\"T\u00edmabil gr\u00edskrar og r\u00f3mverskrar menningar, um 800 f.Kr. til 600 e.Kr.\" tabindex=\"0\">forn\u00f6ldina<\/span> og or\u00f0i\u00f0 hugtak \u00ed menningarkenningum. Afgerandi var Friedrich Nietzsche, sem \u00ed frumverki s\u00ednu <em>Die Geburt der Trag\u00f6die<\/em> fr\u00e1 1872 stillti hinu apoll\u00ednska og hinu d\u00ed\u00f3n\u00fds\u00edska upp sem tveimur andst\u00e6\u00f0um grunnkr\u00f6ftum gr\u00edskrar menningar og listar yfirleitt.<\/p><p>Hi\u00f0 apoll\u00ednska stendur hj\u00e1 honum fyrir h\u00f3fstillingu, form, sk\u00fdrleika, hina f\u00f6gru s\u00fdn og einstaklingsgervingu, hi\u00f0 d\u00ed\u00f3n\u00fds\u00edska fyrir v\u00edmu, upplausn marka og hina \u00e1kafa uppg\u00f6ngu \u00ed heildina.<\/p><p>\u00deessi hugtakasm\u00ed\u00f0 haf\u00f0i mikil \u00e1hrif \u00e1 hugmyndas\u00f6gu 20. aldar, fr\u00e1 b\u00f3kmenntafr\u00e6\u00f0i til mannfr\u00e6\u00f0i. H\u00fan var\u00f0 algeng form\u00fala til a\u00f0 fanga andst\u00e6\u00f0ur skynsemis og v\u00edmu, skipulags og glundro\u00f0a.<\/p><p>Fr\u00e6\u00f0ilega s\u00e9\u00f0 er h\u00e9r \u00fe\u00f3 \u00fe\u00f6rf \u00e1 vark\u00e1rni. Hugtakapar Nietzsches er heimspekileg sm\u00ed\u00f0 19. aldar, ekki l\u00fdsing \u00e1 fornri tr\u00fa. \u00cd hinni lifu\u00f0u gr\u00edsku tr\u00fa st\u00f3\u00f0u Apollon og <a href=\"https:\/\/iwell-guard.com\/is\/?page_id=168789\">D\u00ed\u00f3n\u00fdsos<\/a> engan veginn a\u00f0eins sem andst\u00e6\u00f0ingar.<\/p><p>\u00devert \u00e1 m\u00f3ti s\u00fdnir Delf\u00ed sj\u00e1lf samofnun \u00feeirra. \u00dear r\u00edkti Apollon st\u00e6rstan hluta \u00e1rsins, en \u00e1 vetrarm\u00e1nu\u00f0unum, \u00feegar <span class=\"iwg-fachbegriff\" data-tooltip=\"Sta\u00f0ur e\u00f0a stofnun \u00fear sem leita\u00f0 er gu\u00f0legs svars.\" tabindex=\"0\">v\u00e9fr\u00e9ttin<\/span> l\u00e1 \u00ed dvala, telst <span class=\"iwg-fachbegriff\" data-tooltip=\"Helgur sta\u00f0ur v\u00edg\u00f0ur tilbei\u00f0slu gu\u00f0s.\" tabindex=\"0\">helgista\u00f0urinn<\/span> hafa veri\u00f0 v\u00edg\u00f0ur D\u00ed\u00f3n\u00fdsosi.<\/p><p>B\u00e1\u00f0ir gu\u00f0irnir deildu sama helga sta\u00f0num. Fr\u00e6\u00f0imenn, me\u00f0al annars Walter Burkert, hafa bent \u00e1 a\u00f0 gr\u00edska <span class=\"iwg-fachbegriff\" data-tooltip=\"Heild gu\u00f0a tr\u00faarbrag\u00f0a e\u00f0a menningar.\" tabindex=\"0\">gu\u00f0aveldi\u00f0<\/span> skiptist ekki \u00ed f\u00f6st herb\u00fa\u00f0ir, heldur gat sama helgilandslagi\u00f0 teki\u00f0 \u00e1 m\u00f3ti mismunandi gu\u00f0legum hli\u00f0um.<\/p><p>Ferill hugtaksins apoll\u00ednskt segir \u00feannig meira um n\u00fat\u00edma menningart\u00falkun en um forna gu\u00f0inn sj\u00e1lfan, l\u00e6rd\u00f3msr\u00edkt d\u00e6mi um mismuninn \u00e1 s\u00f6guheimild og s\u00ed\u00f0ari t\u00edma eignarn\u00e1mi.<\/p>\t\t\t\t\t\t\t\t<\/div>\n\t\t\t\t<\/div>\n\t\t\t\t\t<\/div>\n\t\t\t\t<\/div>\n\t\t<div class=\"elementor-element elementor-element-36dd7469 e-flex e-con-boxed e-con e-parent\" data-id=\"36dd7469\" data-element_type=\"container\" data-e-type=\"container\">\n\t\t\t\t\t<div class=\"e-con-inner\">\n\t\t\t\t<div class=\"elementor-element elementor-element-13760ab4 elementor-widget elementor-widget-heading\" data-id=\"13760ab4\" data-element_type=\"widget\" data-e-type=\"widget\" data-widget_type=\"heading.default\">\n\t\t\t\t\t<h2 class=\"elementor-heading-title elementor-size-default\">\u00cdtarefni og tenglar<\/h2>\t\t\t\t<\/div>\n\t\t<div class=\"elementor-element elementor-element-28c87796 e-con-full e-flex e-con e-child\" data-id=\"28c87796\" data-element_type=\"container\" data-e-type=\"container\">\n\t\t\t\t<div class=\"elementor-element elementor-element-5d6538df elementor-widget elementor-widget-text-editor\" data-id=\"5d6538df\" data-element_type=\"widget\" data-e-type=\"widget\" data-widget_type=\"text-editor.default\">\n\t\t\t\t\t\t\t\t\t<ul><li><a href=\"https:\/\/iwell-guard.com\/is\/?page_id=168785\">Artemis, tv\u00edburasystir<\/a><\/li><li><a href=\"https:\/\/iwell-guard.com\/is\/?page_id=168789\">D\u00ed\u00f3n\u00fdsos, andst\u00e6\u00f0ur tv\u00edfari \u00ed Delf\u00ed-\u00e1tr\u00fana\u00f0i (vetrar-Apollon-sumar)<\/a><\/li><li><a href=\"https:\/\/iwell-guard.com\/is\/?page_id=168601\">Hekate, gy\u00f0ja vegam\u00f3ta (tengt undirheimahlutverk)<\/a><\/li><li><a href=\"https:\/\/iwell-guard.com\/is\/?page_id=168832\">Lugh, keltnesk lj\u00f3ssamsv\u00f6run<\/a><\/li><li><a href=\"https:\/\/iwell-guard.com\/is\/?page_id=168594\">Grikkland, yfirlit gu\u00f0aveldis<\/a><\/li><li><a href=\"https:\/\/iwell-guard.com\/is\/?page_id=168707\">\u00c6\u00f0ri gu\u00f0ir, undirflokkur<\/a><\/li><li><a href=\"https:\/\/iwell-guard.com\/is\/?page_id=168679\">Gu\u00f0ir, yfirlit flokka<\/a><\/li><\/ul>\t\t\t\t\t\t\t\t<\/div>\n\t\t\t\t<\/div>\n\t\t\t\t\t<\/div>\n\t\t\t\t<\/div>\n\t\t<div class=\"elementor-element elementor-element-grl4kl40 e-flex e-con-boxed e-con e-parent\" data-id=\"grl4kl40\" data-element_type=\"container\" data-e-type=\"container\">\n\t\t\t\t\t<div class=\"e-con-inner\">\n\t\t\t\t<div class=\"elementor-element elementor-element-bzsbfrmh elementor-widget elementor-widget-heading\" data-id=\"bzsbfrmh\" data-element_type=\"widget\" data-e-type=\"widget\" data-widget_type=\"heading.default\">\n\t\t\t\t\t<h2 class=\"elementor-heading-title elementor-size-default\">Fr\u00e6\u00f0irit<\/h2>\t\t\t\t<\/div>\n\t\t<div class=\"elementor-element elementor-element-2c13224a e-con-full e-flex e-con e-child\" data-id=\"2c13224a\" data-element_type=\"container\" data-e-type=\"container\">\n\t\t\t\t<div class=\"elementor-element elementor-element-0eymh9ub elementor-widget elementor-widget-text-editor\" data-id=\"0eymh9ub\" data-element_type=\"widget\" data-e-type=\"widget\" data-widget_type=\"text-editor.default\">\n\t\t\t\t\t\t\t\t\t<footer class=\"iwg-literatur\" data-nosnippet=\"true\"><ul><li><span data-nosnippet>Graf, Fritz: <em>Apollo<\/em>. London\/New York 2009.<\/span><\/li><li><span data-nosnippet>Bowden, Hugh: <em>Classical Athens and the Delphic Oracle. <span class=\"iwg-fachbegriff\" data-tooltip=\"Samheiti yfir a\u00f0fer\u00f0ir sem nota\u00f0ar eru til a\u00f0 leita eftir vilja gu\u00f0anna.\" tabindex=\"0\">Divination<\/span> and Democracy<\/em>. Cambridge 2005.<\/span><\/li><li><span data-nosnippet>Fontenrose, Joseph: <em>The Delphic Oracle. Its Responses and Operations<\/em>. Berkeley 1978.<\/span><\/li><li>Pausanias: <em>Beschreibung Griechenlands<\/em>, Buch X (Delphi).<\/li><li>Plutarch: <em>De Defectu Oraculorum<\/em>; <em>De Pythiae Oraculis<\/em>.<\/li><li>Walde, Christine (Hg.): <em>Der Neue Pauly<\/em> (Lemma \u201eApollon\u201c).<\/li><\/ul><\/footer>\n<p class=\"iwg-bib-more\"><span data-nosnippet>Fleiri heimildir \u00ed <a href=\"https:\/\/iwell-guard.com\/is\/?page_id=168730\">heimildaskr\u00e1nni<\/a>.<\/span><\/p>\t\t\t\t\t\t\t\t<\/div>\n\t\t\t\t<\/div>\n\t\t\t\t\t<\/div>\n\t\t\t\t<\/div>\n\t\t<div class=\"elementor-element elementor-element-e51d194 e-con-boxed e-flex e-con e-parent\" data-id=\"e51d194\" data-element_type=\"container\" data-e-type=\"container\">\n\t\t\t\t\t<div class=\"e-con-inner\">\n\t\t\t\t<div class=\"elementor-element elementor-element-3cdc7d7 elementor-widget elementor-widget-text-editor\" data-id=\"3cdc7d7\" data-element_type=\"widget\" data-e-type=\"widget\" data-widget_type=\"text-editor.default\">\n\t\t\t\t\t\t\t\t\t\n<h2>Algengar spurningar um Apollon<\/h2>\n<div class=\"iwg-faq-q\"><h3>Hver er Apollon \u00ed gr\u00edskri <span class=\"iwg-fachbegriff\" data-tooltip=\"Heildarsafn go\u00f0sagna sem var\u00f0veist hafa fr\u00e1 menningu.\" tabindex=\"0\">go\u00f0afr\u00e6\u00f0i<\/span>?<\/h3><p>Apollon er einn af hinum t\u00f3lf \u00f3lymp\u00edsku gu\u00f0um, sonur Seifs og T\u00edtanmeyjarinnar Let\u00f3, tv\u00edburabr\u00f3\u00f0ir Artemis.<\/p><p>Hann er gu\u00f0 lj\u00f3ss, lista (einkum t\u00f3nlistar og sk\u00e1ldskapar), l\u00e6kninga og <span class=\"iwg-fachbegriff\" data-tooltip=\"Sp\u00e1 um framt\u00ed\u00f0aratbur\u00f0i me\u00f0 tr\u00faarlegum e\u00f0a t\u00f6frakenndum a\u00f0fer\u00f0um.\" tabindex=\"0\">sp\u00e1d\u00f3ma<\/span>. Mikilv\u00e6gasti <span class=\"iwg-fachbegriff\" data-tooltip=\"Helgur sta\u00f0ur tileinka\u00f0ur d\u00fdrkun gu\u00f0d\u00f3ms.\" tabindex=\"0\">helgista\u00f0ur<\/span> hans var Delf\u00ed vi\u00f0 r\u00e6tur Parnassosfjalls, \u00fear sem P\u00fd\u00fe\u00eda flutti s\u00edna fr\u00e6gu <span class=\"iwg-fachbegriff\" data-tooltip=\"Sta\u00f0ur e\u00f0a stofnun \u00fear sem leita\u00f0 er gu\u00f0legrar \u00farskur\u00f0ar.\" tabindex=\"0\">v\u00e9fr\u00e9tt<\/span>.<\/p><p>Apollon drap drekann Python (e\u00f0a h\u00f6ggorminn) \u00e1 \u00feeim sta\u00f0 \u00fear sem helgista\u00f0urinn reis s\u00ed\u00f0ar, klass\u00edsk <span class=\"iwg-fachbegriff\" data-tooltip=\"Yfirl\u00fdst fr\u00e1s\u00f6gn um gu\u00f0i, uppruna og skipulag heimsins.\" tabindex=\"0\">go\u00f0s\u00f6gn<\/span> um drekabana. Hann er talinn hinn fullkomni gr\u00edski gu\u00f0, fagur, ungur, skynsemisbundinn, apoll\u00f3nskur (\u00ed skilningi Nietzsches, andst\u00e6\u00f0a hins d\u00edon\u00fds\u00edska).<\/p><\/div>\n<div class=\"iwg-faq-q\"><h3>Hva\u00f0 var <span class=\"iwg-fachbegriff\" data-tooltip=\"Sta\u00f0ur e\u00f0a stofnun \u00fear sem leita\u00f0 er gu\u00f0legrar \u00farskur\u00f0ar.\" tabindex=\"0\">v\u00e9fr\u00e9ttin<\/span> \u00ed Delf\u00ed?<\/h3><p><span class=\"iwg-fachbegriff\" data-tooltip=\"Sta\u00f0ur e\u00f0a stofnun \u00fear sem leita\u00f0 er gu\u00f0legrar \u00farskur\u00f0ar.\" tabindex=\"0\">V\u00e9fr\u00e9ttin<\/span> \u00ed Delf\u00ed var mikilv\u00e6gasti v\u00e9fr\u00e9ttarsta\u00f0ur hins gr\u00edska heims, s\u00f3ttur \u00ed um \u00fea\u00f0 bil \u00fe\u00fasund \u00e1r (fr\u00e1 um 800 f.Kr. til 393 e.Kr. \u00feegar \u00dee\u00f3d\u00f3s\u00edus l\u00e9t loka honum).<\/p><p>P\u00fd\u00fe\u00eda, prestskona sem sat \u00e1 \u00fer\u00edf\u00e6ti yfir jar\u00f0sprungu me\u00f0 upprennandi gufum (hugsanlega et\u00fdlen-blanda\u00f0ar lofttegundir, eins og n\u00fat\u00edma jar\u00f0fr\u00e6\u00f0iranns\u00f3knir benda til), flutti sv\u00f6r Apollons \u00ed lei\u00f0slu. Spurt var um stj\u00f3rnm\u00e1l, herna\u00f0 og einkam\u00e1l; sv\u00f6rin voru oft margr\u00e6\u00f0 (fr\u00e6gt d\u00e6mi: v\u00e9fr\u00e9ttin um tr\u00e9veggina til \u00deemistoklesar fyrir orrustuna vi\u00f0 Salamis).<\/p><\/div>\n<script type=\"application\/ld+json\">{\"@context\":\"https:\/\/schema.org\",\"@type\":\"FAQPage\",\"mainEntity\":[{\"@type\":\"Question\",\"name\":\"Hver er Apollon \u00ed gr\u00edskri go\u00f0afr\u00e6\u00f0i?\",\"acceptedAnswer\":{\"@type\":\"Answer\",\"text\":\"Apollon er einn af hinum t\u00f3lf \u00f3lymp\u00edsku gu\u00f0um, sonur Seifs og T\u00edtanmeyjarinnar Let\u00f3, tv\u00edburabr\u00f3\u00f0ir Artemis.Hann er gu\u00f0 lj\u00f3ss, lista (einkum t\u00f3nlistar og sk\u00e1ldskapar), l\u00e6kninga og sp\u00e1d\u00f3ma. Mikilv\u00e6gasti helgista\u00f0ur hans var Delf\u00ed vi\u00f0 r\u00e6tur Parnassosfjalls, \u00fear sem P\u00fd\u00fe\u00eda flutti s\u00edna fr\u00e6gu v\u00e9fr\u00e9tt.Apollon drap drekann Python (e\u00f0a h\u00f6ggorminn) \u00e1 \u00feeim sta\u00f0 \u00fear sem helgista\u00f0urinn reis s\u00ed\u00f0ar, klass\u00edsk go\u00f0s\u00f6gn um drekabana. Hann er talinn hinn fullkomni gr\u00edski gu\u00f0, fagur, ungur, skynsemisbundinn, apoll\u00f3nskur (\u00ed skilningi Nietzsches, andst\u00e6\u00f0a hins d\u00edon\u00fds\u00edska).\"}},{\"@type\":\"Question\",\"name\":\"Hva\u00f0 var v\u00e9fr\u00e9ttin \u00ed Delf\u00ed?\",\"acceptedAnswer\":{\"@type\":\"Answer\",\"text\":\"V\u00e9fr\u00e9ttin \u00ed Delf\u00ed var mikilv\u00e6gasti v\u00e9fr\u00e9ttarsta\u00f0ur hins gr\u00edska heims, s\u00f3ttur \u00ed um \u00fea\u00f0 bil \u00fe\u00fasund \u00e1r (fr\u00e1 um 800 f.Kr. til 393 e.Kr. \u00feegar \u00dee\u00f3d\u00f3s\u00edus l\u00e9t loka honum).P\u00fd\u00fe\u00eda, prestskona sem sat \u00e1 \u00fer\u00edf\u00e6ti yfir jar\u00f0sprungu me\u00f0 upprennandi gufum (hugsanlega et\u00fdlen-blanda\u00f0ar lofttegundir, eins og n\u00fat\u00edma jar\u00f0fr\u00e6\u00f0iranns\u00f3knir benda til), flutti sv\u00f6r Apollons \u00ed lei\u00f0slu. Spurt var um stj\u00f3rnm\u00e1l, herna\u00f0 og einkam\u00e1l; sv\u00f6rin voru oft margr\u00e6\u00f0 (fr\u00e6gt d\u00e6mi: v\u00e9fr\u00e9ttin um tr\u00e9veggina til \u00deemistoklesar fyrir orrustuna vi\u00f0 Salamis).\"}}]}<\/script>\t\t\t\t\t\t\t\t<\/div>\n\t\t\t\t\t<\/div>\n\t\t\t\t<\/div>\n\t\t\t\t<\/div>\n\t\t","protected":false},"excerpt":{"rendered":"","protected":false},"author":3,"featured_media":1577,"parent":0,"menu_order":0,"comment_status":"closed","ping_status":"closed","template":"elementor_header_footer","meta":{"_yoast_wpseo_focuskw":"Apollon","_yoast_wpseo_title":"Apollon \u2013 gu\u00f0 lj\u00f3ss og v\u00e9fr\u00e9tta \u00ed Grikklandi","_yoast_wpseo_metadesc":"Gu\u00f0 lj\u00f3ssins, t\u00f3nlistarins, l\u00e6kninga og v\u00e9fr\u00e9tta. Delf\u00ed, P\u00fd\u00fe\u00eda og skipulagi\u00f0 \u00ed gr\u00edskri go\u00f0afr\u00e6\u00f0i.","_yoast_wpseo_meta-robots-noindex":"","_yoast_wpseo_canonical":"","_angie_page":false,"gefaehrdungsstufe":"2","wesen_kultur":"griechenland","wesen_klasse":"goetter","footnotes":""},"categories":[],"class_list":["post-168786","page","type-page","status-publish","has-post-thumbnail","hentry"],"yoast_head":"<!-- This site is optimized with the Yoast SEO Premium plugin v27.7 (Yoast SEO v28.3) - https:\/\/yoast.com\/product\/yoast-seo-premium-wordpress\/ -->\n<title>Apollon \u2013 gu\u00f0 lj\u00f3ss og v\u00e9fr\u00e9tta \u00ed Grikklandi<\/title>\n<meta name=\"description\" content=\"Gu\u00f0 lj\u00f3ssins, t\u00f3nlistarins, l\u00e6kninga og v\u00e9fr\u00e9tta. Delf\u00ed, P\u00fd\u00fe\u00eda og skipulagi\u00f0 \u00ed gr\u00edskri go\u00f0afr\u00e6\u00f0i.\" \/>\n<meta name=\"robots\" content=\"index, follow, max-snippet:-1, max-image-preview:large, max-video-preview:-1\" \/>\n<link rel=\"canonical\" href=\"https:\/\/iwell-guard.com\/is\/apollon\/\" \/>\n<meta property=\"og:locale\" content=\"is_IS\" \/>\n<meta property=\"og:type\" content=\"article\" \/>\n<meta property=\"og:title\" content=\"Apollon\" \/>\n<meta property=\"og:description\" content=\"Gu\u00f0 lj\u00f3ssins, t\u00f3nlistarins, l\u00e6kninga og v\u00e9fr\u00e9tta. Delf\u00ed, P\u00fd\u00fe\u00eda og skipulagi\u00f0 \u00ed gr\u00edskri go\u00f0afr\u00e6\u00f0i.\" \/>\n<meta property=\"og:url\" content=\"https:\/\/iwell-guard.com\/is\/apollon\/\" \/>\n<meta property=\"og:site_name\" content=\"iWell Guard\" \/>\n<meta property=\"article:modified_time\" content=\"2026-09-05T14:19:22+00:00\" \/>\n<meta property=\"og:image\" content=\"https:\/\/iwell-guard.com\/wp-content\/uploads\/2026\/04\/goetter_griechenland_apollon.webp\" \/>\n\t<meta property=\"og:image:width\" content=\"1024\" \/>\n\t<meta property=\"og:image:height\" content=\"1536\" \/>\n\t<meta property=\"og:image:type\" content=\"image\/webp\" \/>\n<meta name=\"twitter:card\" content=\"summary_large_image\" \/>\n<script type=\"application\/ld+json\" class=\"yoast-schema-graph\">{\"@context\":\"https:\\\/\\\/schema.org\",\"@graph\":[{\"@type\":\"WebPage\",\"@id\":\"https:\\\/\\\/iwell-guard.com\\\/is\\\/apollon\\\/\",\"url\":\"https:\\\/\\\/iwell-guard.com\\\/is\\\/apollon\\\/\",\"name\":\"Apollon \u2013 gu\u00f0 lj\u00f3ss og v\u00e9fr\u00e9tta \u00ed Grikklandi\",\"isPartOf\":{\"@id\":\"https:\\\/\\\/iwell-guard.com\\\/is\\\/#website\"},\"primaryImageOfPage\":{\"@id\":\"https:\\\/\\\/iwell-guard.com\\\/is\\\/apollon\\\/#primaryimage\"},\"image\":{\"@id\":\"https:\\\/\\\/iwell-guard.com\\\/is\\\/apollon\\\/#primaryimage\"},\"thumbnailUrl\":\"https:\\\/\\\/iwell-guard.com\\\/wp-content\\\/uploads\\\/2026\\\/04\\\/goetter_griechenland_apollon.webp\",\"datePublished\":\"2026-09-05T14:02:58+00:00\",\"dateModified\":\"2026-09-05T14:19:22+00:00\",\"description\":\"Gu\u00f0 lj\u00f3ssins, t\u00f3nlistarins, l\u00e6kninga og v\u00e9fr\u00e9tta. Delf\u00ed, P\u00fd\u00fe\u00eda og skipulagi\u00f0 \u00ed gr\u00edskri go\u00f0afr\u00e6\u00f0i.\",\"breadcrumb\":{\"@id\":\"https:\\\/\\\/iwell-guard.com\\\/is\\\/apollon\\\/#breadcrumb\"},\"inLanguage\":\"is\",\"potentialAction\":[{\"@type\":\"ReadAction\",\"target\":[\"https:\\\/\\\/iwell-guard.com\\\/is\\\/apollon\\\/\"]}]},{\"@type\":\"ImageObject\",\"inLanguage\":\"is\",\"@id\":\"https:\\\/\\\/iwell-guard.com\\\/is\\\/apollon\\\/#primaryimage\",\"url\":\"https:\\\/\\\/iwell-guard.com\\\/wp-content\\\/uploads\\\/2026\\\/04\\\/goetter_griechenland_apollon.webp\",\"contentUrl\":\"https:\\\/\\\/iwell-guard.com\\\/wp-content\\\/uploads\\\/2026\\\/04\\\/goetter_griechenland_apollon.webp\",\"width\":1024,\"height\":1536,\"caption\":\"Gu\u00f0ir \u00far gr\u00edskri hef\u00f0.\"},{\"@type\":\"BreadcrumbList\",\"@id\":\"https:\\\/\\\/iwell-guard.com\\\/is\\\/apollon\\\/#breadcrumb\",\"itemListElement\":[{\"@type\":\"ListItem\",\"position\":1,\"name\":\"Start\",\"item\":\"https:\\\/\\\/iwell-guard.com\\\/is\\\/?page_id=168580\"},{\"@type\":\"ListItem\",\"position\":2,\"name\":\"Apollon\"}]},{\"@type\":\"WebSite\",\"@id\":\"https:\\\/\\\/iwell-guard.com\\\/is\\\/#website\",\"url\":\"https:\\\/\\\/iwell-guard.com\\\/is\\\/\",\"name\":\"iWell Guard\",\"description\":\"Schutz vor dunklen Einfl\u00fcssen\",\"publisher\":{\"@id\":\"https:\\\/\\\/iwell-guard.com\\\/is\\\/#organization\"},\"potentialAction\":[{\"@type\":\"SearchAction\",\"target\":{\"@type\":\"EntryPoint\",\"urlTemplate\":\"https:\\\/\\\/iwell-guard.com\\\/is\\\/?s={search_term_string}\"},\"query-input\":{\"@type\":\"PropertyValueSpecification\",\"valueRequired\":true,\"valueName\":\"search_term_string\"}}],\"inLanguage\":\"is\"},{\"@type\":\"Organization\",\"@id\":\"https:\\\/\\\/iwell-guard.com\\\/is\\\/#organization\",\"name\":\"Ittermann electronic GmbH\",\"url\":\"https:\\\/\\\/iwell-guard.com\\\/is\\\/\",\"logo\":{\"@type\":\"ImageObject\",\"inLanguage\":\"is\",\"@id\":\"https:\\\/\\\/iwell-guard.com\\\/is\\\/#\\\/schema\\\/logo\\\/image\\\/\",\"url\":\"https:\\\/\\\/iwell-guard.com\\\/wp-content\\\/uploads\\\/2026\\\/05\\\/Ittermann-Logo-1182x237-1.png\",\"contentUrl\":\"https:\\\/\\\/iwell-guard.com\\\/wp-content\\\/uploads\\\/2026\\\/05\\\/Ittermann-Logo-1182x237-1.png\",\"width\":1182,\"height\":237,\"caption\":\"Ittermann electronic GmbH\"},\"image\":{\"@id\":\"https:\\\/\\\/iwell-guard.com\\\/is\\\/#\\\/schema\\\/logo\\\/image\\\/\"},\"sameAs\":[\"https:\\\/\\\/pantip.com\\\/profile\\\/9367242\",\"https:\\\/\\\/micro.blog\\\/iwellguard\",\"https:\\\/\\\/www.diggerslist.com\\\/iwellguard\\\/about\",\"https:\\\/\\\/skitterphoto.com\\\/photographers\\\/2870314\\\/iwell-guard\",\"https:\\\/\\\/iwellguard.wordpress.com\\\/2026\\\/06\\\/06\\\/iwell-guard\\\/\",\"https:\\\/\\\/hub.docker.com\\\/u\\\/iwellguard\",\"https:\\\/\\\/www.pinterest.com\\\/iwellguard\\\/\",\"https:\\\/\\\/bit.ly\\\/m\\\/iwellguard\",\"https:\\\/\\\/entre-vos-mains.alsace.eu\\\/profiles\\\/iwellguard\\\/activity\",\"https:\\\/\\\/gravatar.com\\\/reallybeded8fd34\",\"https:\\\/\\\/naijamatta.com\\\/iwellguard\",\"https:\\\/\\\/www.goodreads.com\\\/iwellguard\",\"https:\\\/\\\/profile.hatena.ne.jp\\\/iwellguard\\\/\",\"https:\\\/\\\/experiment.com\\\/users\\\/iwellguard\",\"https:\\\/\\\/wakelet.com\\\/@iWellGuard82270\",\"https:\\\/\\\/www.chordie.com\\\/forum\\\/profile.php?id=2555664\",\"https:\\\/\\\/www.instapaper.com\\\/p\\\/17757966\",\"https:\\\/\\\/www.mapleprimes.com\\\/users\\\/iwellguard\",\"https:\\\/\\\/businesslistingplus.com\\\/profile\\\/iwell-guard\\\/\",\"https:\\\/\\\/telegra.ph\\\/iWell-Guard-06-06\",\"https:\\\/\\\/pbase.com\\\/iwellguard\\\/iwellguard\",\"https:\\\/\\\/b.hatena.ne.jp\\\/iwellguard\\\/20260607#bookmark-4788405196491818882\",\"https:\\\/\\\/fliphtml5.com\\\/home\\\/iwellguard\",\"https:\\\/\\\/anyflip.com\\\/homepage\\\/cmiwl#About\",\"https:\\\/\\\/transfur.com\\\/Users\\\/iwellguard\",\"http:\\\/\\\/delphi.larsbo.org\\\/user\\\/iwellguard\",\"https:\\\/\\\/jobs.lajobsportal.org\\\/profiles\\\/8380803-iwell-guard\",\"https:\\\/\\\/md.chaosdorf.de\\\/s\\\/jfbe5SBdJD\",\"https:\\\/\\\/www.lingvolive.com\\\/en-us\\\/profile\\\/9ecaeaca-ce11-4e51-9e71-01d55e2bff36\\\/translations\",\"https:\\\/\\\/www.fitday.com\\\/fitness\\\/forums\\\/members\\\/iwellguard.html\",\"https:\\\/\\\/www.mymeetbook.com\\\/iwellguard\",\"https:\\\/\\\/pxhere.com\\\/en\\\/photographer-me\\\/5040798\",\"https:\\\/\\\/disqus.com\\\/by\\\/iwellguard\\\/about\\\/\",\"https:\\\/\\\/pastelink.net\\\/hjwciqwq\",\"https:\\\/\\\/pubhtml5.com\\\/homepage\\\/scjhn\\\/\",\"https:\\\/\\\/www.bitchute.com\\\/channel\\\/2O2eOKzNqujT\",\"https:\\\/\\\/audiomack.com\\\/iwellguard\"]},{\"@type\":\"Article\",\"@id\":\"https:\\\/\\\/iwell-guard.com\\\/is\\\/apollon\\\/#article\",\"isPartOf\":{\"@id\":\"https:\\\/\\\/iwell-guard.com\\\/is\\\/apollon\\\/\"},\"author\":{\"name\":\"Ralf Ittermann\",\"@id\":\"https:\\\/\\\/iwell-guard.com\\\/is\\\/#\\\/schema\\\/person\\\/ee2a27f1cac3406c7c6fb5820cb7349f\"},\"headline\":\"Apollon\",\"datePublished\":\"2026-09-05T14:02:58+00:00\",\"dateModified\":\"2026-09-05T14:19:22+00:00\",\"mainEntityOfPage\":{\"@id\":\"https:\\\/\\\/iwell-guard.com\\\/is\\\/apollon\\\/\"},\"publisher\":{\"@id\":\"https:\\\/\\\/iwell-guard.com\\\/is\\\/#organization\"},\"image\":{\"@id\":\"https:\\\/\\\/iwell-guard.com\\\/is\\\/apollon\\\/#primaryimage\"},\"thumbnailUrl\":\"https:\\\/\\\/iwell-guard.com\\\/wp-content\\\/uploads\\\/2026\\\/04\\\/goetter_griechenland_apollon.webp\",\"inLanguage\":\"is\",\"description\":\"Gu\u00f0 lj\u00f3ssins, t\u00f3nlistarins, l\u00e6kninga og v\u00e9fr\u00e9tta. Delf\u00ed, P\u00fd\u00fe\u00eda og skipulagi\u00f0 \u00ed gr\u00edskri go\u00f0afr\u00e6\u00f0i.\"}]}<\/script>\n<!-- \/ Yoast SEO Premium plugin. -->","yoast_head_json":{"title":"Apollon \u2013 gu\u00f0 lj\u00f3ss og v\u00e9fr\u00e9tta \u00ed Grikklandi","description":"Gu\u00f0 lj\u00f3ssins, t\u00f3nlistarins, l\u00e6kninga og v\u00e9fr\u00e9tta. Delf\u00ed, P\u00fd\u00fe\u00eda og skipulagi\u00f0 \u00ed gr\u00edskri go\u00f0afr\u00e6\u00f0i.","robots":{"index":"index","follow":"follow","max-snippet":"max-snippet:-1","max-image-preview":"max-image-preview:large","max-video-preview":"max-video-preview:-1"},"canonical":"https:\/\/iwell-guard.com\/is\/apollon\/","og_locale":"is_IS","og_type":"article","og_title":"Apollon","og_description":"Gu\u00f0 lj\u00f3ssins, t\u00f3nlistarins, l\u00e6kninga og v\u00e9fr\u00e9tta. Delf\u00ed, P\u00fd\u00fe\u00eda og skipulagi\u00f0 \u00ed gr\u00edskri go\u00f0afr\u00e6\u00f0i.","og_url":"https:\/\/iwell-guard.com\/is\/apollon\/","og_site_name":"iWell Guard","article_modified_time":"2026-09-05T14:19:22+00:00","og_image":[{"width":1024,"height":1536,"url":"https:\/\/iwell-guard.com\/wp-content\/uploads\/2026\/04\/goetter_griechenland_apollon.webp","type":"image\/webp"}],"twitter_card":"summary_large_image","schema":{"@context":"https:\/\/schema.org","@graph":[{"@type":"Article","@id":"https:\/\/iwell-guard.com\/is\/apollon\/#article","isPartOf":{"@id":"https:\/\/iwell-guard.com\/is\/apollon\/"},"author":{"name":"Ralf Ittermann","@id":"https:\/\/iwell-guard.com\/is\/#\/schema\/person\/ee2a27f1cac3406c7c6fb5820cb7349f"},"headline":"Apollon","datePublished":"2026-09-05T14:02:58+00:00","dateModified":"2026-09-05T14:19:22+00:00","mainEntityOfPage":{"@id":"https:\/\/iwell-guard.com\/is\/apollon\/"},"publisher":{"@id":"https:\/\/iwell-guard.com\/is\/#organization"},"image":{"@id":"https:\/\/iwell-guard.com\/is\/apollon\/#primaryimage"},"thumbnailUrl":"https:\/\/iwell-guard.com\/wp-content\/uploads\/2026\/04\/goetter_griechenland_apollon.webp","inLanguage":"is","description":"Gu\u00f0 lj\u00f3ssins, t\u00f3nlistarins, l\u00e6kninga og v\u00e9fr\u00e9tta. Delf\u00ed, P\u00fd\u00fe\u00eda og skipulagi\u00f0 \u00ed gr\u00edskri go\u00f0afr\u00e6\u00f0i."},{"@type":"WebPage","@id":"https:\/\/iwell-guard.com\/is\/apollon\/","url":"https:\/\/iwell-guard.com\/is\/apollon\/","name":"Apollon \u2013 gu\u00f0 lj\u00f3ss og v\u00e9fr\u00e9tta \u00ed Grikklandi","isPartOf":{"@id":"https:\/\/iwell-guard.com\/is\/#website"},"primaryImageOfPage":{"@id":"https:\/\/iwell-guard.com\/is\/apollon\/#primaryimage"},"image":{"@id":"https:\/\/iwell-guard.com\/is\/apollon\/#primaryimage"},"thumbnailUrl":"https:\/\/iwell-guard.com\/wp-content\/uploads\/2026\/04\/goetter_griechenland_apollon.webp","datePublished":"2026-09-05T14:02:58+00:00","dateModified":"2026-09-05T14:19:22+00:00","description":"Gu\u00f0 lj\u00f3ssins, t\u00f3nlistarins, l\u00e6kninga og v\u00e9fr\u00e9tta. Delf\u00ed, P\u00fd\u00fe\u00eda og skipulagi\u00f0 \u00ed gr\u00edskri go\u00f0afr\u00e6\u00f0i.","breadcrumb":{"@id":"https:\/\/iwell-guard.com\/is\/apollon\/#breadcrumb"},"inLanguage":"is","potentialAction":[{"@type":"ReadAction","target":["https:\/\/iwell-guard.com\/is\/apollon\/"]}]},{"@type":"ImageObject","inLanguage":"is","@id":"https:\/\/iwell-guard.com\/is\/apollon\/#primaryimage","url":"https:\/\/iwell-guard.com\/wp-content\/uploads\/2026\/04\/goetter_griechenland_apollon.webp","contentUrl":"https:\/\/iwell-guard.com\/wp-content\/uploads\/2026\/04\/goetter_griechenland_apollon.webp","width":1024,"height":1536,"caption":"Gu\u00f0ir \u00far gr\u00edskri hef\u00f0."},{"@type":"BreadcrumbList","@id":"https:\/\/iwell-guard.com\/is\/apollon\/#breadcrumb","itemListElement":[{"@type":"ListItem","position":1,"name":"Start","item":"https:\/\/iwell-guard.com\/is\/?page_id=168580"},{"@type":"ListItem","position":2,"name":"Apollon"}]},{"@type":"WebSite","@id":"https:\/\/iwell-guard.com\/is\/#website","url":"https:\/\/iwell-guard.com\/is\/","name":"iWell Guard","description":"Schutz vor dunklen Einfl\u00fcssen","publisher":{"@id":"https:\/\/iwell-guard.com\/is\/#organization"},"potentialAction":[{"@type":"SearchAction","target":{"@type":"EntryPoint","urlTemplate":"https:\/\/iwell-guard.com\/is\/?s={search_term_string}"},"query-input":{"@type":"PropertyValueSpecification","valueRequired":true,"valueName":"search_term_string"}}],"inLanguage":"is"},{"@type":"Organization","@id":"https:\/\/iwell-guard.com\/is\/#organization","name":"Ittermann electronic GmbH","url":"https:\/\/iwell-guard.com\/is\/","logo":{"@type":"ImageObject","inLanguage":"is","@id":"https:\/\/iwell-guard.com\/is\/#\/schema\/logo\/image\/","url":"https:\/\/iwell-guard.com\/wp-content\/uploads\/2026\/05\/Ittermann-Logo-1182x237-1.png","contentUrl":"https:\/\/iwell-guard.com\/wp-content\/uploads\/2026\/05\/Ittermann-Logo-1182x237-1.png","width":1182,"height":237,"caption":"Ittermann electronic GmbH"},"image":{"@id":"https:\/\/iwell-guard.com\/is\/#\/schema\/logo\/image\/"},"sameAs":["https:\/\/pantip.com\/profile\/9367242","https:\/\/micro.blog\/iwellguard","https:\/\/www.diggerslist.com\/iwellguard\/about","https:\/\/skitterphoto.com\/photographers\/2870314\/iwell-guard","https:\/\/iwellguard.wordpress.com\/2026\/06\/06\/iwell-guard\/","https:\/\/hub.docker.com\/u\/iwellguard","https:\/\/www.pinterest.com\/iwellguard\/","https:\/\/bit.ly\/m\/iwellguard","https:\/\/entre-vos-mains.alsace.eu\/profiles\/iwellguard\/activity","https:\/\/gravatar.com\/reallybeded8fd34","https:\/\/naijamatta.com\/iwellguard","https:\/\/www.goodreads.com\/iwellguard","https:\/\/profile.hatena.ne.jp\/iwellguard\/","https:\/\/experiment.com\/users\/iwellguard","https:\/\/wakelet.com\/@iWellGuard82270","https:\/\/www.chordie.com\/forum\/profile.php?id=2555664","https:\/\/www.instapaper.com\/p\/17757966","https:\/\/www.mapleprimes.com\/users\/iwellguard","https:\/\/businesslistingplus.com\/profile\/iwell-guard\/","https:\/\/telegra.ph\/iWell-Guard-06-06","https:\/\/pbase.com\/iwellguard\/iwellguard","https:\/\/b.hatena.ne.jp\/iwellguard\/20260607#bookmark-4788405196491818882","https:\/\/fliphtml5.com\/home\/iwellguard","https:\/\/anyflip.com\/homepage\/cmiwl#About","https:\/\/transfur.com\/Users\/iwellguard","http:\/\/delphi.larsbo.org\/user\/iwellguard","https:\/\/jobs.lajobsportal.org\/profiles\/8380803-iwell-guard","https:\/\/md.chaosdorf.de\/s\/jfbe5SBdJD","https:\/\/www.lingvolive.com\/en-us\/profile\/9ecaeaca-ce11-4e51-9e71-01d55e2bff36\/translations","https:\/\/www.fitday.com\/fitness\/forums\/members\/iwellguard.html","https:\/\/www.mymeetbook.com\/iwellguard","https:\/\/pxhere.com\/en\/photographer-me\/5040798","https:\/\/disqus.com\/by\/iwellguard\/about\/","https:\/\/pastelink.net\/hjwciqwq","https:\/\/pubhtml5.com\/homepage\/scjhn\/","https:\/\/www.bitchute.com\/channel\/2O2eOKzNqujT","https:\/\/audiomack.com\/iwellguard"]},{"@type":"Person","@id":"https:\/\/iwell-guard.com\/is\/#\/schema\/person\/ee2a27f1cac3406c7c6fb5820cb7349f","name":"Ralf Ittermann","image":{"@type":"ImageObject","inLanguage":"is","@id":"https:\/\/secure.gravatar.com\/avatar\/073c0153e350a5005b68eb752b445fea71f6b24a26da9449ad7e155e6b446c9d?s=96&d=mm&r=g","url":"https:\/\/secure.gravatar.com\/avatar\/073c0153e350a5005b68eb752b445fea71f6b24a26da9449ad7e155e6b446c9d?s=96&d=mm&r=g","contentUrl":"https:\/\/secure.gravatar.com\/avatar\/073c0153e350a5005b68eb752b445fea71f6b24a26da9449ad7e155e6b446c9d?s=96&d=mm&r=g","caption":"Ralf Ittermann"},"givenName":"Ralf","familyName":"Ittermann","jobTitle":"Gesch\u00e4ftsf\u00fchrer und redaktioneller Verantwortlicher","url":"https:\/\/iwell-guard.com\/is\/author\/claude\/","description":"Ralf Ittermann ist Gesch\u00e4ftsf\u00fchrer der Ittermann electronic GmbH und redaktioneller Verantwortlicher des iWell-Guard-Lexikons. Er verbindet langj\u00e4hrige Erfahrung in der Pr\u00e4zisionsfertigung mit medialer Praxis und religionsgeschichtlicher Quellenarbeit.","worksFor":{"@type":"Organization","name":"Ittermann electronic GmbH","url":"https:\/\/ittermann.de\/","address":{"@type":"PostalAddress","streetAddress":"K\u00f6hlergasse 16-18","postalCode":"99842","addressLocality":"Ruhla","addressCountry":"DE"}},"knowsAbout":["Religionsgeschichte","Mythologie","Mediale Praxis","Energetische Diagnostik","Schutzpraxis","Volksglauben","Westliche Esoterik"]},{"@type":"Article","@id":"https:\/\/iwell-guard.com\/is\/apollon\/#article","isPartOf":{"@id":"https:\/\/iwell-guard.com\/is\/apollon\/"},"author":{"name":"Ralf Ittermann","@id":"https:\/\/iwell-guard.com\/is\/#\/schema\/person\/ee2a27f1cac3406c7c6fb5820cb7349f"},"headline":"Apollon","datePublished":"2026-09-05T14:02:58+00:00","dateModified":"2026-09-05T14:19:22+00:00","mainEntityOfPage":{"@id":"https:\/\/iwell-guard.com\/is\/apollon\/"},"publisher":{"@id":"https:\/\/iwell-guard.com\/is\/#organization"},"image":{"@id":"https:\/\/iwell-guard.com\/is\/apollon\/#primaryimage"},"thumbnailUrl":"https:\/\/iwell-guard.com\/wp-content\/uploads\/2026\/04\/goetter_griechenland_apollon.webp","inLanguage":"is","description":"Gu\u00f0 lj\u00f3ssins, t\u00f3nlistarins, l\u00e6kninga og v\u00e9fr\u00e9tta. Delf\u00ed, P\u00fd\u00fe\u00eda og skipulagi\u00f0 \u00ed gr\u00edskri go\u00f0afr\u00e6\u00f0i."}]}},"_links":{"self":[{"href":"https:\/\/iwell-guard.com\/is\/wp-json\/wp\/v2\/pages\/168786","targetHints":{"allow":["GET"]}}],"collection":[{"href":"https:\/\/iwell-guard.com\/is\/wp-json\/wp\/v2\/pages"}],"about":[{"href":"https:\/\/iwell-guard.com\/is\/wp-json\/wp\/v2\/types\/page"}],"author":[{"embeddable":true,"href":"https:\/\/iwell-guard.com\/is\/wp-json\/wp\/v2\/users\/3"}],"replies":[{"embeddable":true,"href":"https:\/\/iwell-guard.com\/is\/wp-json\/wp\/v2\/comments?post=168786"}],"version-history":[{"count":0,"href":"https:\/\/iwell-guard.com\/is\/wp-json\/wp\/v2\/pages\/168786\/revisions"}],"wp:featuredmedia":[{"embeddable":true,"href":"https:\/\/iwell-guard.com\/is\/wp-json\/wp\/v2\/media\/1577"}],"wp:attachment":[{"href":"https:\/\/iwell-guard.com\/is\/wp-json\/wp\/v2\/media?parent=168786"}],"wp:term":[{"taxonomy":"category","embeddable":true,"href":"https:\/\/iwell-guard.com\/is\/wp-json\/wp\/v2\/categories?post=168786"}],"curies":[{"name":"wp","href":"https:\/\/api.w.org\/{rel}","templated":true}]}}