{"id":168785,"date":"2026-09-05T14:02:58","date_gmt":"2026-09-05T14:02:58","guid":{"rendered":"https:\/\/iwell-guard.com\/?page_id=168785"},"modified":"2026-09-05T14:19:22","modified_gmt":"2026-09-05T14:19:22","slug":"artemis","status":"publish","type":"page","link":"https:\/\/iwell-guard.com\/is\/artemis\/","title":{"rendered":"Artemis"},"content":{"rendered":"\t\t<div data-elementor-type=\"wp-page\" data-elementor-id=\"168785\" class=\"elementor elementor-168785 elementor-2035 elementor-bc-flex-widget\" data-elementor-post-type=\"page\">\n\t\t\t\t<div class=\"elementor-element elementor-element-10fdade e-flex e-con-boxed e-con e-parent\" data-id=\"10fdade\" data-element_type=\"container\" data-e-type=\"container\" data-settings=\"{&quot;background_background&quot;:&quot;classic&quot;}\">\n\t\t\t\t\t<div class=\"e-con-inner\">\n\t\t<div class=\"elementor-element elementor-element-herohlft0 e-flex e-con-boxed e-con e-child\" data-id=\"herohlft0\" data-element_type=\"container\" data-e-type=\"container\">\n\t\t\t\t\t<div class=\"e-con-inner\">\n\t\t<div class=\"elementor-element elementor-element-c3ceb64 e-con-full e-flex e-con e-child\" data-id=\"c3ceb64\" data-element_type=\"container\" data-e-type=\"container\">\n\t\t\t\t<div class=\"elementor-element elementor-element-96ae5e1 elementor-widget elementor-widget-heading\" data-id=\"96ae5e1\" data-element_type=\"widget\" data-e-type=\"widget\" data-widget_type=\"heading.default\">\n\t\t\t\t\t<h1 class=\"elementor-heading-title elementor-size-default\">Artemis, gy\u00f0ja \u00ed gr\u00edskri hef\u00f0<\/h1>\t\t\t\t<\/div>\n\t\t\t\t<div class=\"elementor-element elementor-element-e45238a elementor-widget elementor-widget-text-editor\" data-id=\"e45238a\" data-element_type=\"widget\" data-e-type=\"widget\" data-widget_type=\"text-editor.default\">\n\t\t\t\t\t\t\t\t\t<p>Artemis er gy\u00f0ja \u00ed gr\u00edskri hef\u00f0.<\/p><p>Gy\u00f0ja vei\u00f0a, m\u00e1nans og \u00f3bygg\u00f0anna, \u00f3gift drottning n\u00e1tt\u00farunnar. Artemis er tv\u00edburasystir Apollons og ein af f\u00e1um gy\u00f0jum \u00e1 \u00d3lympsfjalli sem var\u00f0veitir meyd\u00f3m sinn og heldur fast \u00ed sj\u00e1lfst\u00e6\u00f0i sitt gagnvart k\u00f6rlum. Me\u00f0 boga og \u00f6rvum verndar h\u00fan hirti, r\u00e1d\u00fdr og \u00f6ll villt d\u00fdr. H\u00fan er verndargy\u00f0ja kvenna, s\u00e9rstaklega vi\u00f0 f\u00e6\u00f0ingar og vinkonusamb\u00f6nd kvenna.<\/p>\t\t\t\t\t\t\t\t<\/div>\n\t\t\t\t<\/div>\n\t\t<div class=\"elementor-element elementor-element-klsbdg01 e-con-full e-flex e-con e-parent\" data-id=\"klsbdg01\" data-element_type=\"container\" data-e-type=\"container\">\n\t\t\t\t<div class=\"elementor-element elementor-element-klshtm01 elementor-widget elementor-widget-html\" data-id=\"klshtm01\" data-element_type=\"widget\" data-e-type=\"widget\" data-widget_type=\"html.default\">\n\t\t\t\t\t<div class=\"iwg-pill-row\"><span class=\"iwg-klasse-badge\" tabindex=\"0\" data-tooltip=\"Gu\u00f0\/gy\u00f0ja: Pers\u00f3nuger\u00f0ur h\u00e6sti m\u00e1ttur \u00ed go\u00f0aveldi tiltekinnar menningar, me\u00f0 sk\u00fdrar valdsvi\u00f0, n\u00e1tt\u00faru\u00f6fl, \u00f6rl\u00f6g, str\u00ed\u00f0, frj\u00f3semi. D\u00fdrka\u00f0 me\u00f0 helgisi\u00f0um, f\u00f3rnum og hofstofnunum.\">Gy\u00f0ja<\/span><a href=\"https:\/\/iwell-guard.com\/is\/?page_id=168594\" class=\"iwg-kultur-badge\" tabindex=\"0\" data-tooltip=\"Tr\u00fa og go\u00f0afr\u00e6\u00f0i hins forna Grikklands fr\u00e1 m\u00fdkenskum t\u00edma til s\u00ed\u00f0fornaldar.\">Grikkland<\/a><\/div>\t\t\t\t<\/div>\n\t\t\t\t<\/div>\n\t\t<div class=\"elementor-element elementor-element-3f74855 e-con-full e-flex e-con e-child\" data-id=\"3f74855\" data-element_type=\"container\" data-e-type=\"container\">\n\t\t\t\t<div class=\"elementor-element elementor-element-1c30362 elementor-toc--minimized-on-tablet elementor-widget elementor-widget-table-of-contents\" data-id=\"1c30362\" data-element_type=\"widget\" data-e-type=\"widget\" data-settings=\"{&quot;exclude_headings_by_selector&quot;:[],&quot;no_headings_message&quot;:&quot;Engar undirfyrirsagnir fundust \\u00e1 \\u00feessari s\\u00ed\\u00f0u.&quot;,&quot;headings_by_tags&quot;:[&quot;h2&quot;,&quot;h3&quot;],&quot;marker_view&quot;:&quot;bullets&quot;,&quot;minimize_box&quot;:&quot;yes&quot;,&quot;icon&quot;:{&quot;value&quot;:&quot;fas fa-circle&quot;,&quot;library&quot;:&quot;fa-solid&quot;,&quot;rendered_tag&quot;:&quot;&lt;svg class=\\&quot;e-font-icon-svg e-fas-circle\\&quot; viewBox=\\&quot;0 0 512 512\\&quot; xmlns=\\&quot;http:\\\/\\\/www.w3.org\\\/2000\\\/svg\\&quot;&gt;&lt;path d=\\&quot;M256 8C119 8 8 119 8 256s111 248 248 248 248-111 248-248S393 8 256 8z\\&quot;&gt;&lt;\\\/path&gt;&lt;\\\/svg&gt;&quot;},&quot;minimized_on&quot;:&quot;tablet&quot;,&quot;hierarchical_view&quot;:&quot;yes&quot;,&quot;min_height&quot;:{&quot;unit&quot;:&quot;px&quot;,&quot;size&quot;:&quot;&quot;,&quot;sizes&quot;:[]},&quot;min_height_tablet&quot;:{&quot;unit&quot;:&quot;px&quot;,&quot;size&quot;:&quot;&quot;,&quot;sizes&quot;:[]},&quot;min_height_mobile&quot;:{&quot;unit&quot;:&quot;px&quot;,&quot;size&quot;:&quot;&quot;,&quot;sizes&quot;:[]}}\" data-widget_type=\"table-of-contents.default\">\n\t\t\t\t\t\t\t\t\t<div class=\"elementor-toc__header\">\n\t\t\t\t\t\t<h2 class=\"elementor-toc__header-title\">\n\t\t\t\tEfnisyfirlit\t\t\t<\/h2>\n\t\t\t\t\t\t\t\t\t\t<div class=\"elementor-toc__toggle-button elementor-toc__toggle-button--expand\" role=\"button\" tabindex=\"0\" aria-controls=\"elementor-toc__1c30362\" aria-expanded=\"true\" aria-label=\"Open table of contents\"><svg aria-hidden=\"true\" class=\"e-font-icon-svg e-fas-chevron-down\" viewBox=\"0 0 448 512\" xmlns=\"http:\/\/www.w3.org\/2000\/svg\"><path d=\"M207.029 381.476L12.686 187.132c-9.373-9.373-9.373-24.569 0-33.941l22.667-22.667c9.357-9.357 24.522-9.375 33.901-.04L224 284.505l154.745-154.021c9.379-9.335 24.544-9.317 33.901.04l22.667 22.667c9.373 9.373 9.373 24.569 0 33.941L240.971 381.476c-9.373 9.372-24.569 9.372-33.942 0z\"><\/path><\/svg><\/div>\n\t\t\t\t<div class=\"elementor-toc__toggle-button elementor-toc__toggle-button--collapse\" role=\"button\" tabindex=\"0\" aria-controls=\"elementor-toc__1c30362\" aria-expanded=\"true\" aria-label=\"Close table of contents\"><svg aria-hidden=\"true\" class=\"e-font-icon-svg e-fas-chevron-up\" viewBox=\"0 0 448 512\" xmlns=\"http:\/\/www.w3.org\/2000\/svg\"><path d=\"M240.971 130.524l194.343 194.343c9.373 9.373 9.373 24.569 0 33.941l-22.667 22.667c-9.357 9.357-24.522 9.375-33.901.04L224 227.495 69.255 381.516c-9.379 9.335-24.544 9.317-33.901-.04l-22.667-22.667c-9.373-9.373-9.373-24.569 0-33.941L207.03 130.525c9.372-9.373 24.568-9.373 33.941-.001z\"><\/path><\/svg><\/div>\n\t\t\t\t\t<\/div>\n\t\t\t\t<div id=\"elementor-toc__1c30362\" class=\"elementor-toc__body\">\n\t\t\t<div class=\"elementor-toc__spinner-container\">\n\t\t\t\t<svg class=\"elementor-toc__spinner eicon-animation-spin e-font-icon-svg e-eicon-loading\" aria-hidden=\"true\" viewBox=\"0 0 1000 1000\" xmlns=\"http:\/\/www.w3.org\/2000\/svg\"><path d=\"M500 975V858C696 858 858 696 858 500S696 142 500 142 142 304 142 500H25C25 237 238 25 500 25S975 237 975 500 763 975 500 975Z\"><\/path><\/svg>\t\t\t<\/div>\n\t\t<\/div>\n\t\t\t\t\t\t<\/div>\n\t\t\t\t<\/div>\n\t\t\t\t\t<\/div>\n\t\t\t\t<\/div>\n\t\t<div class=\"elementor-element elementor-element-herorght0 e-con-full e-flex e-con e-child\" data-id=\"herorght0\" data-element_type=\"container\" data-e-type=\"container\">\n\t\t\t\t<div class=\"elementor-element elementor-element-heroimg00 iwg-hero-image elementor-widget elementor-widget-image\" data-id=\"heroimg00\" data-element_type=\"widget\" data-e-type=\"widget\" data-widget_type=\"image.default\">\n\t\t\t\t\t\t\t\t\t\t\t\t\t\t\t<img fetchpriority=\"high\" decoding=\"async\" width=\"683\" height=\"1024\" src=\"https:\/\/iwell-guard.com\/wp-content\/uploads\/2026\/04\/goetter_griechenland_artemis-683x1024.webp\" class=\"attachment-large size-large wp-image-171122\" alt=\"Artemis - Gu\u00f0ir \u00far gr\u00edskri hef\u00f0, s\u00f6guleg myndskreyting\" srcset=\"https:\/\/iwell-guard.com\/wp-content\/uploads\/2026\/04\/goetter_griechenland_artemis-683x1024.webp 683w, https:\/\/iwell-guard.com\/wp-content\/uploads\/2026\/04\/goetter_griechenland_artemis-200x300.webp 200w, https:\/\/iwell-guard.com\/wp-content\/uploads\/2026\/04\/goetter_griechenland_artemis-768x1152.webp 768w, https:\/\/iwell-guard.com\/wp-content\/uploads\/2026\/04\/goetter_griechenland_artemis.webp 1024w\" sizes=\"(max-width: 683px) 100vw, 683px\" \/>\t\t\t\t\t\t\t\t\t\t\t\t\t\t\t<\/div>\n\t\t\t\t<\/div>\n\t\t\t\t\t<\/div>\n\t\t\t\t<\/div>\n\t\t<div class=\"elementor-element elementor-element-32917199 e-flex e-con-boxed e-con e-parent\" data-id=\"32917199\" data-element_type=\"container\" data-e-type=\"container\">\n\t\t\t\t\t<div class=\"e-con-inner\">\n\t\t<div class=\"elementor-element elementor-element-26e916cb e-flex e-con-boxed e-con e-child\" data-id=\"26e916cb\" data-element_type=\"container\" data-e-type=\"container\">\n\t\t\t\t\t<div class=\"e-con-inner\">\n\t\t<div class=\"elementor-element elementor-element-253a40d4 e-flex e-con-boxed e-con e-child\" data-id=\"253a40d4\" data-element_type=\"container\" data-e-type=\"container\">\n\t\t\t\t\t<div class=\"e-con-inner\">\n\t\t\t\t<div class=\"elementor-element elementor-element-1200c304 elementor-widget elementor-widget-heading\" data-id=\"1200c304\" data-element_type=\"widget\" data-e-type=\"widget\" data-widget_type=\"heading.default\">\n\t\t\t\t\t<h2 class=\"elementor-heading-title elementor-size-default\">Artemis<\/h2>\t\t\t\t<\/div>\n\t\t\t\t\t<\/div>\n\t\t\t\t<\/div>\n\t\t<div class=\"elementor-element elementor-element-159dcf9a e-flex e-con-boxed e-con e-child\" data-id=\"159dcf9a\" data-element_type=\"container\" data-e-type=\"container\">\n\t\t\t\t\t<div class=\"e-con-inner\">\n\t\t\t\t<div class=\"elementor-element elementor-element-48cee66f elementor-widget elementor-widget-heading\" data-id=\"48cee66f\" data-element_type=\"widget\" data-e-type=\"widget\" data-widget_type=\"heading.default\">\n\t\t\t\t\t<h2 class=\"elementor-heading-title elementor-size-default\">Flj\u00f3tlegt yfirlit: Artemis<\/h2>\t\t\t\t<\/div>\n\t\t\t\t<div class=\"elementor-element elementor-element-3f50d82c elementor-widget elementor-widget-text-editor\" data-id=\"3f50d82c\" data-element_type=\"widget\" data-e-type=\"widget\" data-widget_type=\"text-editor.default\">\n\t\t\t\t\t\t\t\t\t<p><strong>Tegund:<\/strong> Gr\u00edsk h\u00f6fu\u00f0go\u00f0vera, gy\u00f0ja vei\u00f0a og m\u00e1nans, verndari meyja<br><span class=\"iwg-fachbegriff\" data-tooltip=\"Heild gu\u00f0a \u00ed tr\u00faarbr\u00f6g\u00f0um e\u00f0a menningu.\" tabindex=\"0\">Pantheon<\/span>: Grikkland (ein af t\u00f3lf \u00d3lympsgu\u00f0um), tekin upp \u00ed r\u00f3mverskri hef\u00f0 sem Diana<br>Hlutverk: Vei\u00f0ar, villt n\u00e1tt\u00fara, gangur m\u00e1nans, vernd kvenna \u00ed f\u00e6\u00f0ingarhr\u00ed\u00f0um, meyd\u00f3mur<br>Megina\u00f0kenni: Bogi me\u00f0 gullnum \u00f6rvum, m\u00e1nasig\u00f0, hindark\u00e1lfur, stutt vei\u00f0ikl\u00e6\u00f0i<br>Helstu d\u00fdrkunarsta\u00f0ir: Efesos (Artemis\u00edon, eitt af heimsundrunum), Brauron (Att\u00edka), Sparta (Artemis Orthia), Delos (f\u00e6\u00f0ingarsta\u00f0ur)<br>R\u00f3mverskt hli\u00f0st\u00e6\u00f0a: Diana<\/p>\t\t\t\t\t\t\t\t<\/div>\n\t\t\t\t\t<\/div>\n\t\t\t\t<\/div>\n\t\t\t\t\t<\/div>\n\t\t\t\t<\/div>\n\t\t\t\t\t<\/div>\n\t\t\t\t<\/div>\n\t\t<div class=\"elementor-element elementor-element-18613602 e-flex e-con-boxed e-con e-parent\" data-id=\"18613602\" data-element_type=\"container\" data-e-type=\"container\">\n\t\t\t\t\t<div class=\"e-con-inner\">\n\t\t\t\t<div class=\"elementor-element elementor-element-262b8a9f elementor-widget elementor-widget-heading\" data-id=\"262b8a9f\" data-element_type=\"widget\" data-e-type=\"widget\" data-widget_type=\"heading.default\">\n\t\t\t\t\t<h2 class=\"elementor-heading-title elementor-size-default\">Yfirlit<\/h2>\t\t\t\t<\/div>\n\t\t<div class=\"elementor-element elementor-element-46dcb7d e-con-full e-flex e-con e-child\" data-id=\"46dcb7d\" data-element_type=\"container\" data-e-type=\"container\">\n\t\t<div class=\"elementor-element elementor-element-61d3ab3 e-flex e-con-boxed e-con e-child\" data-id=\"61d3ab3\" data-element_type=\"container\" data-e-type=\"container\">\n\t\t\t\t\t<div class=\"e-con-inner\">\n\t\t\t\t<div class=\"elementor-element elementor-element-117c166 elementor-widget elementor-widget-heading\" data-id=\"117c166\" data-element_type=\"widget\" data-e-type=\"widget\" data-widget_type=\"heading.default\">\n\t\t\t\t\t<h3 class=\"elementor-heading-title elementor-size-default\">T\u00edmabil textanna<\/h3>\t\t\t\t<\/div>\n\t\t\t\t<div class=\"elementor-element elementor-element-73997a0 elementor-widget elementor-widget-text-editor\" data-id=\"73997a0\" data-element_type=\"widget\" data-e-type=\"widget\" data-widget_type=\"text-editor.default\">\n\t\t\t\t\t\t\t\t\t<p>Artemis hefur veri\u00f0 mi\u00f0l\u00e6g \u00ed gr\u00edskri <span class=\"iwg-fachbegriff\" data-tooltip=\"Heild var\u00f0veittra fr\u00e1sagna um gu\u00f0i \u00ed menningu.\" tabindex=\"0\">go\u00f0afr\u00e6\u00f0i<\/span> allt fr\u00e1 H\u00f3mer (8. \u00f6ld f.Kr.). H\u00f6fu\u00f0helgista\u00f0ur hennar, <em>Artemis\u00edon<\/em> \u00ed Efesos, var eitt af <em>sj\u00f6 undrum <span class=\"iwg-fachbegriff\" data-tooltip=\"T\u00edmabil gr\u00edskrar og r\u00f3mverskrar menningar, um 800 f.Kr. til 600 e.Kr.\" tabindex=\"0\">fornaldar<\/span><\/em> (byggt fr\u00e1 6. \u00f6ld f.Kr., brennt ni\u00f0ur af Herostratosi 356 f.Kr., endurbyggt en a\u00f0 lokum ey\u00f0ilagt \u00e1 3. \u00f6ld e.Kr.).<\/p><p>\u00cd Efesos er Artemis \u00fe\u00f3 \u00feegar samruni gr\u00edsku Artemis og fornrar anat\u00f3l\u00edskrar m\u00f3\u00f0urgy\u00f0ju (Kybele\/Kubaba), en hinar fr\u00e6gu marggreyptu styttur tilheyra \u00feessu sm\u00e1as\u00edska formi. \u00c1 hellen\u00edska t\u00edmanum var\u00f0 frekari samruni vi\u00f0 Hekate (Artemis-Hekate) og Selene (m\u00e1nann). \u00cd N\u00fdja testamentinu, Postulas\u00f6gunni 19, er hin fr\u00e6ga fr\u00e1s\u00f6gn um silfursmi\u00f0ina \u00ed Efesos.<\/p>\t\t\t\t\t\t\t\t<\/div>\n\t\t\t\t\t<\/div>\n\t\t\t\t<\/div>\n\t\t<div class=\"elementor-element elementor-element-d47b156 e-flex e-con-boxed e-con e-child\" data-id=\"d47b156\" data-element_type=\"container\" data-e-type=\"container\">\n\t\t\t\t\t<div class=\"e-con-inner\">\n\t\t\t\t<div class=\"elementor-element elementor-element-ff38c2b elementor-widget elementor-widget-heading\" data-id=\"ff38c2b\" data-element_type=\"widget\" data-e-type=\"widget\" data-widget_type=\"heading.default\">\n\t\t\t\t\t<h3 class=\"elementor-heading-title elementor-size-default\">\u00datbrei\u00f0slusv\u00e6\u00f0i<\/h3>\t\t\t\t<\/div>\n\t\t\t\t<div class=\"elementor-element elementor-element-4e49fcc elementor-widget elementor-widget-text-editor\" data-id=\"4e49fcc\" data-element_type=\"widget\" data-e-type=\"widget\" data-widget_type=\"text-editor.default\">\n\t\t\t\t\t\t\t\t\t<p>Helstu d\u00fdrkunarsta\u00f0ir: <strong>Efesos<\/strong> (Artemis\u00edon, hinn fr\u00e6gasti; me\u00f0 marggreyptu bl\u00f6ndu\u00f0u anat\u00f3l\u00edsk-gr\u00edsku formi), <strong>Brauron<\/strong> (Att\u00edka, me\u00f0 st\u00falknainnlei\u00f0ingunum, <em>Arkteia<\/em>, \u00fear sem ungar st\u00falkur l\u00e9ku \u201ebirnur\u201c \u00e1\u00f0ur en \u00fe\u00e6r giftust), <strong>Sparta<\/strong> (Artemis Orthia, me\u00f0 hinum fr\u00e6gu drengjah\u00fd\u00f0ingum, innlei\u00f0ingarath\u00f6fn), <strong>Delos<\/strong> (go\u00f0sagnakenndur f\u00e6\u00f0ingarsta\u00f0ur, d\u00fdrku\u00f0 \u00fear \u00e1samt Apollon), Aulis (\u00cdfigen\u00edu-<span class=\"iwg-fachbegriff\" data-tooltip=\"Var\u00f0veitt fr\u00e1s\u00f6gn um gu\u00f0i, uppruna og skipan heimsins.\" tabindex=\"0\">go\u00f0sagan<\/span>).<\/p><p>\u00c1 Sikiley, \u00ed S\u00fdrak\u00fasu, var Artemis-<span class=\"iwg-fachbegriff\" data-tooltip=\"Heild tr\u00faard\u00fdrkunarathafna fyrir go\u00f0veru e\u00f0a heilaga pers\u00f3nu.\" tabindex=\"0\">d\u00fdrkun<\/span> vi\u00f0 uppsprettuna Arethusu.<\/p>\t\t\t\t\t\t\t\t<\/div>\n\t\t\t\t\t<\/div>\n\t\t\t\t<\/div>\n\t\t\t\t<\/div>\n\t\t<div class=\"elementor-element elementor-element-db03c39 e-con-full e-flex e-con e-child\" data-id=\"db03c39\" data-element_type=\"container\" data-e-type=\"container\">\n\t\t<div class=\"elementor-element elementor-element-229a87b e-flex e-con-boxed e-con e-child\" data-id=\"229a87b\" data-element_type=\"container\" data-e-type=\"container\">\n\t\t\t\t\t<div class=\"e-con-inner\">\n\t\t\t\t<div class=\"elementor-element elementor-element-1f471fc elementor-widget elementor-widget-heading\" data-id=\"1f471fc\" data-element_type=\"widget\" data-e-type=\"widget\" data-widget_type=\"heading.default\">\n\t\t\t\t\t<h3 class=\"elementor-heading-title elementor-size-default\">Heimildasta\u00f0a<\/h3>\t\t\t\t<\/div>\n\t\t\t\t<div class=\"elementor-element elementor-element-36b1201 elementor-widget elementor-widget-text-editor\" data-id=\"36b1201\" data-element_type=\"widget\" data-e-type=\"widget\" data-widget_type=\"text-editor.default\">\n\t\t\t\t\t\t\t\t\t<p>Meginheimildir: Hes\u00edodos (<em>Gu\u00f0a\u00e6ttartal<\/em>), Il\u00edonskvi\u00f0a og \u00d3dysseifskvi\u00f0a H\u00f3mers, <em>H\u00f3merskv\u00e6\u00f0i\u00f0 til Artemis<\/em> (stutt, 27. kv\u00e6\u00f0i\u00f0), <em>Kv\u00e6\u00f0i til Artemis<\/em> Kall\u00edmakosar (alexandr\u00ednskt, \u00edtarlegt), <em>B\u00f3kasafn<\/em> Apoll\u00f3d\u00f3rosar, <em>L\u00fdsing Grikklands<\/em> P\u00e1san\u00edasar.<\/p><p>Leikrit: <em>\u00cdfigen\u00eda \u00ed Aulis<\/em> og <em>\u00cdfigen\u00eda me\u00f0al Taur\u00edumanna<\/em> Evrip\u00eddesar (mi\u00f0l\u00e6g fyrir Artemis-<span class=\"iwg-fachbegriff\" data-tooltip=\"Var\u00f0veitt fr\u00e1s\u00f6gn um gu\u00f0i, uppruna og skipan heimsins.\" tabindex=\"0\">go\u00f0s\u00f6guna<\/span>), <em>Hippol\u00fdtos<\/em> Evrip\u00eddesar. Aukaefni: Burkert, <em>Griechische Religion<\/em>; Vernant, <em>Mortals and Immortals<\/em>; Cole, <em>Landscapes, Gender, and <span class=\"iwg-fachbegriff\" data-tooltip=\"Skipul\u00f6g\u00f0 r\u00f6\u00f0 t\u00e1kngjarnra athafna me\u00f0 tr\u00faarlega e\u00f0a menningarlega merkingu.\" tabindex=\"0\">Ritual<\/span> Space<\/em>; LIMC, undir <em>Artemis<\/em>.<\/p>\t\t\t\t\t\t\t\t<\/div>\n\t\t\t\t\t<\/div>\n\t\t\t\t<\/div>\n\t\t\t\t<\/div>\n\t\t\t\t\t<\/div>\n\t\t\t\t<\/div>\n\t\t<div class=\"elementor-element elementor-element-3ae0637c e-flex e-con-boxed e-con e-parent\" data-id=\"3ae0637c\" data-element_type=\"container\" data-e-type=\"container\">\n\t\t\t\t\t<div class=\"e-con-inner\">\n\t\t\t\t<div class=\"elementor-element elementor-element-31d07739 elementor-widget elementor-widget-heading\" data-id=\"31d07739\" data-element_type=\"widget\" data-e-type=\"widget\" data-widget_type=\"heading.default\">\n\t\t\t\t\t<h2 class=\"elementor-heading-title elementor-size-default\">Nafn<\/h2>\t\t\t\t<\/div>\n\t\t<div class=\"elementor-element elementor-element-b7642947 e-con-full e-flex e-con e-child\" data-id=\"b7642947\" data-element_type=\"container\" data-e-type=\"container\">\n\t\t\t\t<div class=\"elementor-element elementor-element-a086266 elementor-widget elementor-widget-text-editor\" data-id=\"a086266\" data-element_type=\"widget\" data-e-type=\"widget\" data-widget_type=\"text-editor.default\">\n\t\t\t\t\t\t\t\t\t<p>Artemis er s\u00fdnd sem v\u00f6\u00f0vast\u00e6lt, hra\u00f0skrei\u00f0 vei\u00f0ikona, oft \u00ed vei\u00f0if\u00f6tum (stuttum k\u00edt\u00f3n), me\u00f0 boga og \u00f6rvam\u00e6li. T\u00e1kn hennar eru hj\u00f6rturinn e\u00f0a gasellan, silfurlit m\u00e1nasig\u00f0in (sem h\u00fan st\u00fdrir \u00e1 himninum), kyndillinn og oft hundar (vei\u00f0ihundar hennar).<\/p><p>H\u00fan er oft s\u00fdnd me\u00f0 nymfum s\u00ednum \u00ed sk\u00f3garsenum. Fegur\u00f0 hennar er villt og ekki hir\u00f0mannleg, \u00f3l\u00edkt Afr\u00f3d\u00edtu.<\/p>\t\t\t\t\t\t\t\t<\/div>\n\t\t\t\t<\/div>\n\t\t\t\t\t<\/div>\n\t\t\t\t<\/div>\n\t\t<div class=\"elementor-element elementor-element-709a44a8 e-flex e-con-boxed e-con e-parent\" data-id=\"709a44a8\" data-element_type=\"container\" data-e-type=\"container\">\n\t\t\t\t\t<div class=\"e-con-inner\">\n\t\t\t\t<div class=\"elementor-element elementor-element-2f585873 elementor-widget elementor-widget-heading\" data-id=\"2f585873\" data-element_type=\"widget\" data-e-type=\"widget\" data-widget_type=\"heading.default\">\n\t\t\t\t\t<h2 class=\"elementor-heading-title elementor-size-default\">Einkenni<\/h2>\t\t\t\t<\/div>\n\t\t<div class=\"elementor-element elementor-element-70621c12 e-con-full e-flex e-con e-child\" data-id=\"70621c12\" data-element_type=\"container\" data-e-type=\"container\">\n\t\t\t\t<div class=\"elementor-element elementor-element-4296eb49 elementor-widget elementor-widget-text-editor\" data-id=\"4296eb49\" data-element_type=\"widget\" data-e-type=\"widget\" data-widget_type=\"text-editor.default\">\n\t\t\t\t\t\t\t\t\t<p>Artemis er \u00e1k\u00f6llu\u00f0 sem verndargy\u00f0ja vei\u00f0a, \u00f3bygg\u00f0a og kvenna, s\u00e9rstaklega \u00e1 me\u00f0g\u00f6ngu og vi\u00f0 f\u00e6\u00f0ingar. H\u00fan verndar konur fyrir \u00e1gangi og ofbeldi. Ei\u00f0ur hennar er \u00f3rj\u00fafanlegur; \u00feeim sem \u00e1kalla hana veitir h\u00fan hj\u00e1lp.<\/p><p>Konur f\u00e6r\u00f0u henni heitgjafir fyrir br\u00fa\u00f0kaup s\u00edn. \u00der\u00e1tt fyrir \u00feetta er Artemis einnig gy\u00f0ja pl\u00e1gu me\u00f0al villtra d\u00fdra. H\u00e1t\u00ed\u00f0 hennar, <em>Thesmophoria<\/em> (a\u00f0 hluta), er haldin \u00e1rlega \u00ed m\u00f6rgum helgist\u00f6\u00f0um. H\u00fan er \u00edmynd sj\u00e1lfst\u00e6\u00f0is og vin\u00e1ttu kvenna.<\/p><p><strong>\u00c1s\u00fdnd og t\u00e1knm\u00e1l<\/strong><\/p><p>Artemis er s\u00fdnd sem ung, v\u00f6\u00f0vast\u00e6lt mey \u00ed stuttum k\u00edt\u00f3n, vopnu\u00f0 boga og \u00f6rvam\u00e6li fullum af \u00f6rvum, hin fruml\u00e6ga \u00edmynd vei\u00f0igy\u00f0junnar. Hj\u00f6rturinn og r\u00e1d\u00fdri\u00f0 voru heil\u00f6g d\u00fdr hennar, s\u00f6mulei\u00f0is t\u00edkin.<\/p><p>M\u00e1ninn sj\u00e1lfur var\u00f0 hennar svi\u00f0, \u00fe\u00f3tt \u00fea\u00f0 hafi fyrst or\u00f0i\u00f0 fullkomlega sta\u00f0fest \u00e1 s\u00ed\u00f0ari t\u00edmum; \u00e1\u00f0ur var h\u00fan fremur s\u00f3largy\u00f0ja n\u00e6tur.<\/p><p>K\u00fdpressan og grenitr\u00e9\u00f0 voru henni heil\u00f6g. Me\u00f0 m\u00e1nasig\u00f0 s\u00edna sem h\u00f6fu\u00f0dj\u00e1sn og silfurglj\u00e1a s\u00ednum t\u00e1kna\u00f0i h\u00fan hreinleika og meyd\u00f3m, og samt\u00edmis hi\u00f0 tv\u00edr\u00e6\u00f0a vald villtrar kvenlegrar n\u00e1tt\u00faru og sj\u00e1lfst\u00e6\u00f0is sem vildi ekki l\u00fata neinum karlmanni.<\/p>\t\t\t\t\t\t\t\t<\/div>\n\t\t\t\t<\/div>\n\t\t\t\t\t<\/div>\n\t\t\t\t<\/div>\n\t\t<div class=\"elementor-element elementor-element-44e71476 e-flex e-con-boxed e-con e-parent\" data-id=\"44e71476\" data-element_type=\"container\" data-e-type=\"container\">\n\t\t\t\t\t<div class=\"e-con-inner\">\n\t\t\t\t<div class=\"elementor-element elementor-element-3c1fc3f0 elementor-widget elementor-widget-heading\" data-id=\"3c1fc3f0\" data-element_type=\"widget\" data-e-type=\"widget\" data-widget_type=\"heading.default\">\n\t\t\t\t\t<h2 class=\"elementor-heading-title elementor-size-default\">Yfirlit: Artemis<\/h2>\t\t\t\t<\/div>\n\t\t<div class=\"elementor-element elementor-element-84f33b8e e-con-full e-flex e-con e-child\" data-id=\"84f33b8e\" data-element_type=\"container\" data-e-type=\"container\">\n\t\t\t\t<div class=\"elementor-element elementor-element-hqkdc67p elementor-widget elementor-widget-text-editor\" data-id=\"hqkdc67p\" data-element_type=\"widget\" data-e-type=\"widget\" data-widget_type=\"text-editor.default\">\n\t\t\t\t\t\t\t\t\t<p>Mikilv\u00e6gustu \u00fe\u00e6ttir Artemis \u00ed hnotskurn. Eftirfarandi svi\u00f0 draga saman uppruna, hlutverk, \u00e1s\u00fdnd, d\u00fdrkun, t\u00e1kn og menningarlegar hli\u00f0st\u00e6\u00f0ur.<\/p>\t\t\t\t\t\t\t\t<\/div>\n\t\t\t\t<\/div>\n\t\t<div class=\"elementor-element elementor-element-pemmx7c5 e-con-full e-flex e-con e-child\" data-id=\"pemmx7c5\" data-element_type=\"container\" data-e-type=\"container\">\n\t\t<div class=\"elementor-element elementor-element-pemmx7c1 e-con-full e-flex e-con e-child\" data-id=\"pemmx7c1\" data-element_type=\"container\" data-e-type=\"container\">\n\t\t<div class=\"elementor-element elementor-element-qh9oavvu iwg-steckbrief-card e-flex e-con-boxed e-con e-child\" data-id=\"qh9oavvu\" data-element_type=\"container\" data-e-type=\"container\">\n\t\t\t\t\t<div class=\"e-con-inner\">\n\t\t\t\t<div class=\"elementor-element elementor-element-awzx8k2k elementor-widget elementor-widget-heading\" data-id=\"awzx8k2k\" data-element_type=\"widget\" data-e-type=\"widget\" data-widget_type=\"heading.default\">\n\t\t\t\t\t<div class=\"elementor-heading-title elementor-size-default\">Uppruni Artemis<\/div>\t\t\t\t<\/div>\n\t\t\t\t<div class=\"elementor-element elementor-element-x6rowhv0 elementor-widget elementor-widget-text-editor\" data-id=\"x6rowhv0\" data-element_type=\"widget\" data-e-type=\"widget\" data-widget_type=\"text-editor.default\">\n\t\t\t\t\t\t\t\t\t<p>Artemis er d\u00f3ttir Seifs og t\u00edtanessunnar <em>Let\u00f3<\/em>, tv\u00edburasystir <em>Apollons<\/em>. F\u00e6dd \u00e1 eyjunni Delos (e\u00f0a samkv\u00e6mt fornri hef\u00f0 \u00e1 Ort\u00fdg\u00edu n\u00e1l\u00e6gt Delos), \u00fear sem Let\u00f3 (elt af Heru) fann skj\u00f3l. Artemis f\u00e6\u00f0ist fyrst og hj\u00e1lpar s\u00ed\u00f0an m\u00f3\u00f0ur sinni vi\u00f0 f\u00e6\u00f0ingu Apollons, \u00feess vegna er h\u00fan verndargy\u00f0ja f\u00e6\u00f0inga.<\/p><p>Me\u00f0vitu\u00f0 mey (par\u00feenos), h\u00fan h\u00e9t \u00fev\u00ed sem barn f\u00f6\u00f0ur s\u00ednum Seifi a\u00f0 giftast aldrei og ba\u00f0st um boga, vei\u00f0ifylgd og fj\u00f6ll sem r\u00edki sitt. Go\u00f0sagnakennd hefndarpers\u00f3na \u00ed tilfellum Aktaions (breytt \u00ed hj\u00f6rt og rifinn \u00ed t\u00e6tlur af eigin hundum, fyrir a\u00f0 sj\u00e1 hana nakta) og N\u00ed\u00f3bu (en b\u00f6rn hennar voru skotin af Artemis og Apollon me\u00f0 \u00f6rvum).<\/p>\t\t\t\t\t\t\t\t<\/div>\n\t\t\t\t\t<\/div>\n\t\t\t\t<\/div>\n\t\t<div class=\"elementor-element elementor-element-8e3o4kxs iwg-steckbrief-card e-flex e-con-boxed e-con e-child\" data-id=\"8e3o4kxs\" data-element_type=\"container\" data-e-type=\"container\">\n\t\t\t\t\t<div class=\"e-con-inner\">\n\t\t\t\t<div class=\"elementor-element elementor-element-08rkdgov elementor-widget elementor-widget-heading\" data-id=\"08rkdgov\" data-element_type=\"widget\" data-e-type=\"widget\" data-widget_type=\"heading.default\">\n\t\t\t\t\t<div class=\"elementor-heading-title elementor-size-default\">Markh\u00f3pur Artemis<\/div>\t\t\t\t<\/div>\n\t\t\t\t<div class=\"elementor-element elementor-element-uwjelx8s elementor-widget elementor-widget-text-editor\" data-id=\"uwjelx8s\" data-element_type=\"widget\" data-e-type=\"widget\" data-widget_type=\"text-editor.default\">\n\t\t\t\t\t\t\t\t\t<p>Tv\u00ed\u00fe\u00e6tt hlutverk einkennir Artemis: <em>vei\u00f0igy\u00f0ja<\/em> me\u00f0 v\u00e6g\u00f0arlausan boga, en einnig <em>verndari<\/em> villtra d\u00fdra og afkv\u00e6ma \u00feeirra (Potnia Theron, \u201eh\u00fasfreyja villtra d\u00fdra\u201c).<\/p><p>Verndargy\u00f0ja ungra meyja fyrir hj\u00f3naband; \u00ed Brauron hei\u00f0ru\u00f0u att\u00edskar meyjar fyrir giftingu <span class=\"iwg-fachbegriff\" data-tooltip=\"Sta\u00f0ur sem tileinka\u00f0ur er d\u00fdrkun gu\u00f0s e\u00f0a go\u00f0magns.\" tabindex=\"0\">helgista\u00f0inn<\/span> sem \u201ebirnur\u201c. Hj\u00e1lpari \u00ed f\u00e6\u00f0ingarhr\u00ed\u00f0um (\u00e1samt Eileithy\u00edu), en \u00f6rvar hennar \u00far <em>silfri<\/em> ollu konum \u00fe\u00f3 skyndilegum dau\u00f0a (\u00f3l\u00edkt \u00f6rvum Apollons sem beindust a\u00f0 k\u00f6rlum). Verndargy\u00f0ja m\u00e1nag\u00f6ngu (s\u00ed\u00f0ar saml\u00f6gu\u00f0 Selene).<\/p>\t\t\t\t\t\t\t\t<\/div>\n\t\t\t\t\t<\/div>\n\t\t\t\t<\/div>\n\t\t<div class=\"elementor-element elementor-element-jm2n74ec iwg-steckbrief-card e-flex e-con-boxed e-con e-child\" data-id=\"jm2n74ec\" data-element_type=\"container\" data-e-type=\"container\">\n\t\t\t\t\t<div class=\"e-con-inner\">\n\t\t\t\t<div class=\"elementor-element elementor-element-8vufse4c elementor-widget elementor-widget-heading\" data-id=\"8vufse4c\" data-element_type=\"widget\" data-e-type=\"widget\" data-widget_type=\"heading.default\">\n\t\t\t\t\t<div class=\"elementor-heading-title elementor-size-default\">\u00c1sj\u00f3na Artemis<\/div>\t\t\t\t<\/div>\n\t\t\t\t<div class=\"elementor-element elementor-element-mwb9u015 elementor-widget elementor-widget-text-editor\" data-id=\"mwb9u015\" data-element_type=\"widget\" data-e-type=\"widget\" data-widget_type=\"text-editor.default\">\n\t\t\t\t\t\t\t\t\t<p>Ung, f\u00f6gur, h\u00e1vaxin kona \u00ed stuttum kyrtli ofan vi\u00f0 kn\u00e9 (<em>chitoniskos<\/em>, d\u00e6miger\u00f0ur vei\u00f0ib\u00faningur). Uppbundi\u00f0 h\u00e1r e\u00f0a stutt hrokki\u00f0 h\u00e1r. <em>Bogi me\u00f0 gylltum \u00f6rvum<\/em> og \u00f6rvam\u00e6li \u00e1 \u00f6xl. <em>M\u00e1nasig\u00f0<\/em> \u00e1 enni (s\u00ed\u00f0ar <span class=\"iwg-fachbegriff\" tabindex=\"0\" data-tooltip=\"Samruni \u00fe\u00e1tta \u00far mismunandi tr\u00faarbr\u00f6g\u00f0um e\u00f0a d\u00fdrkunum \u00ed n\u00fdjar blendingsmyndir, svo sem \u00ed ha\u00edt\u00edsku vodou (lwa og ka\u00fe\u00f3lskir d\u00fdrlingar).\">saml\u00f6gun<\/span> vi\u00f0 Selene).<\/p><p>S\u00fdnd \u00e1 hlaupum, oft me\u00f0 annan f\u00f3tinn lyftan. <em>Hind<\/em> e\u00f0a <em>Gyllt hind fr\u00e1 Keryneia<\/em> sem fylgid\u00fdr. <em>Broddh\u00fafa<\/em> (pilos), sandalar. \u00cd Efesos birtist \u00f3venjuleg mynd: sitjandi \u00e1 h\u00e1s\u00e6ti, me\u00f0 m\u00f6rgum r\u00f6\u00f0um \u00fatst\u00e6\u00f0ra brj\u00f3sta e\u00f0a nauttauga (<span class=\"iwg-fachbegriff\" data-tooltip=\"T\u00e1kn sem stendur fyrir hugmynd e\u00f0a merkingu.\" tabindex=\"0\">t\u00e1kn<\/span> um frj\u00f3semi hinnar fornu anat\u00f3l\u00edsku m\u00f3\u00f0urgy\u00f0ju).<\/p>\t\t\t\t\t\t\t\t<\/div>\n\t\t\t\t\t<\/div>\n\t\t\t\t<\/div>\n\t\t\t\t<\/div>\n\t\t<div class=\"elementor-element elementor-element-pemmx7c2 e-con-full e-flex e-con e-child\" data-id=\"pemmx7c2\" data-element_type=\"container\" data-e-type=\"container\">\n\t\t<div class=\"elementor-element elementor-element-37ss2yr6 iwg-steckbrief-card e-flex e-con-boxed e-con e-child\" data-id=\"37ss2yr6\" data-element_type=\"container\" data-e-type=\"container\">\n\t\t\t\t\t<div class=\"e-con-inner\">\n\t\t\t\t<div class=\"elementor-element elementor-element-3v0wp3wx elementor-widget elementor-widget-heading\" data-id=\"3v0wp3wx\" data-element_type=\"widget\" data-e-type=\"widget\" data-widget_type=\"heading.default\">\n\t\t\t\t\t<div class=\"elementor-heading-title elementor-size-default\">\u00c1hrif Artemis<\/div>\t\t\t\t<\/div>\n\t\t\t\t<div class=\"elementor-element elementor-element-w3247g2m elementor-widget elementor-widget-text-editor\" data-id=\"w3247g2m\" data-element_type=\"widget\" data-e-type=\"widget\" data-widget_type=\"text-editor.default\">\n\t\t\t\t\t\t\t\t\t<p><strong>Verksvi\u00f0:<\/strong> Artemis var s\u00e9rstaklega vins\u00e6l me\u00f0al kvenna og ungra meyja, fyrir br\u00fa\u00f0kaup, \u00ed f\u00e6\u00f0ingarhr\u00ed\u00f0um og vi\u00f0 br\u00e1\u00f0a sj\u00fakd\u00f3ma. Meyjar helgu\u00f0u henni leikf\u00f6ng, sl\u00e6\u00f0ur og h\u00e1rlokka \u00e1\u00f0ur en \u00fe\u00e6r giftust; \u00ed Brauron l\u00e9ku \u00fe\u00e6r <em>Arkteia<\/em>-v\u00edgsluath\u00f6fnina sem birnur. \u00cd Sp\u00f6rtu framkv\u00e6mdu drengir <em>Diamastigosis<\/em> (helgibundnar h\u00fa\u00f0str\u00fdkingar sem mannd\u00f3mspr\u00f3f) vi\u00f0 Artemis-Orthia-<span class=\"iwg-fachbegriff\" data-tooltip=\"Upph\u00e6kka\u00f0ur sta\u00f0ur e\u00f0a bor\u00f0 fyrir f\u00f3rnir og tr\u00faarathafnir.\" tabindex=\"0\">altari\u00f0<\/span>.<\/p><p>Vei\u00f0imenn og fer\u00f0alangar \u00e1k\u00f6llu\u00f0u hana \u00e1\u00f0ur en \u00feeir l\u00f6g\u00f0u af sta\u00f0 \u00fat \u00ed \u00f3bygg\u00f0irnar. \u00cd Efesos flykktust \u00fe\u00fasundir <span class=\"iwg-fachbegriff\" data-tooltip=\"Manneskja sem fer \u00ed tr\u00faarlega hvatta fer\u00f0 til helgs sta\u00f0ar.\" tabindex=\"0\">p\u00edlagr\u00edma<\/span> \u00e1 h\u00e1t\u00ed\u00f0 hofsins sem haldin var \u00e1 fj\u00f6gurra \u00e1ra fresti. \u00cd \u00cdf\u00edgen\u00edu-<span class=\"iwg-fachbegriff\" data-tooltip=\"Yfirlifu\u00f0 fr\u00e1s\u00f6gn um gu\u00f0i, uppruna og skipan heimsins.\" tabindex=\"0\">go\u00f0s\u00f6gninni<\/span> kemur h\u00fan \u00ed veg fyrir krafi\u00f0 st\u00falku-<span class=\"iwg-fachbegriff\" data-tooltip=\"Gj\u00f6f til gu\u00f0s til a\u00f0 tj\u00e1 \u00feakkl\u00e6ti, b\u00e6n e\u00f0a d\u00fdrkun.\" tabindex=\"0\">f\u00f3rnina<\/span> \u00e1 s\u00ed\u00f0ustu stundu me\u00f0 \u00fev\u00ed a\u00f0 skipta st\u00falkunni \u00fat fyrir hind og sendir \u00cdf\u00edgen\u00edu til Tauris sem prestkonu.<\/p>\t\t\t\t\t\t\t\t<\/div>\n\t\t\t\t\t<\/div>\n\t\t\t\t<\/div>\n\t\t<div class=\"elementor-element elementor-element-0qpjal9w iwg-steckbrief-card e-flex e-con-boxed e-con e-child\" data-id=\"0qpjal9w\" data-element_type=\"container\" data-e-type=\"container\">\n\t\t\t\t\t<div class=\"e-con-inner\">\n\t\t\t\t<div class=\"elementor-element elementor-element-6ndoih0o elementor-widget elementor-widget-heading\" data-id=\"6ndoih0o\" data-element_type=\"widget\" data-e-type=\"widget\" data-widget_type=\"heading.default\">\n\t\t\t\t\t<div class=\"elementor-heading-title elementor-size-default\">V\u00f6rn gegn Artemis<\/div>\t\t\t\t<\/div>\n\t\t\t\t<div class=\"elementor-element elementor-element-6684tyh9 elementor-widget elementor-widget-text-editor\" data-id=\"6684tyh9\" data-element_type=\"widget\" data-e-type=\"widget\" data-widget_type=\"text-editor.default\">\n\t\t\t\t\t\t\t\t\t<p>Bogi me\u00f0 gullnum \u00f6rvum (silfur\u00f6rvar hj\u00e1 H\u00f3mer), \u00f6rvam\u00e6lir, stutt vei\u00f0ikonukirtill, tunglsig\u00f0 (s\u00ed\u00f0ar), hind, gulli\u00f0 d\u00e1d\u00fdr, birna (Brauron), spj\u00f3t, blys (Artemis Phosphoros, \u201elj\u00f3sberinn\u201c), sandalar. Heilagar pl\u00f6ntur: l\u00e1rvi\u00f0ur (me\u00f0 Apollon), s\u00fdprus, p\u00e1lmi (Delos). Heil\u00f6g d\u00fdr: hind, bj\u00f6rn, d\u00e1d\u00fdr, g\u00f6ltur (go\u00f0sagan um <span class=\"iwg-fachbegriff\" data-tooltip=\"Fr\u00e1s\u00f6gn sem var\u00f0veist hefur um gu\u00f0i, uppruna og skipan heimsins.\" tabindex=\"0\">galtinn fr\u00e1 Kal\u00fddon<\/span>), aktfugl (Ortygia), hundur. Heil\u00f6g tala: 3 (\u00ferenning me\u00f0 Hekate og Selene).<\/p>\t\t\t\t\t\t\t\t<\/div>\n\t\t\t\t\t<\/div>\n\t\t\t\t<\/div>\n\t\t<div class=\"elementor-element elementor-element-3lfi7x32 iwg-steckbrief-card e-flex e-con-boxed e-con e-child\" data-id=\"3lfi7x32\" data-element_type=\"container\" data-e-type=\"container\">\n\t\t\t\t\t<div class=\"e-con-inner\">\n\t\t\t\t<div class=\"elementor-element elementor-element-0kg99ga1 elementor-widget elementor-widget-heading\" data-id=\"0kg99ga1\" data-element_type=\"widget\" data-e-type=\"widget\" data-widget_type=\"heading.default\">\n\t\t\t\t\t<div class=\"elementor-heading-title elementor-size-default\">Hli\u00f0st\u00e6\u00f0ur Artemis<\/div>\t\t\t\t<\/div>\n\t\t\t\t<div class=\"elementor-element elementor-element-n0fum6kp elementor-widget elementor-widget-text-editor\" data-id=\"n0fum6kp\" data-element_type=\"widget\" data-e-type=\"widget\" data-widget_type=\"text-editor.default\">\n\t\t\t\t\t\t\t\t\t<p>Diana (R\u00f3m) er n\u00e6r fullkomlega samsvarandi yfirtaka, me\u00f0 eigin Di\u00f6nu-d\u00fdrkun \u00ed Aricia n\u00e1l\u00e6gt R\u00f3m. Fr\u00e1 Grikklandi tilheyra \u00feessu Selene (m\u00e1nagy\u00f0jan, s\u00ed\u00f0ar saml\u00f6gu\u00f0 Artemis) og Hekate (gy\u00f0ja vegam\u00f3ta, oft s\u00fdnd \u00ed \u00ferenningu me\u00f0 Artemis og Selene). A\u00f0rar hli\u00f0st\u00e6\u00f0ur eru K\u00fdbele\/Kubaba (Anat\u00f3l\u00eda, upprunaleg r\u00f3t Efesos-Artemis), Britomartis (Kr\u00edt, sta\u00f0bundin vei\u00f0igy\u00f0ja) og Bastet (Egyptaland, saml\u00f6gu\u00f0 Artemis sem Artemis Bubastia \u00e1 hellen\u00edskum t\u00edma). Auk \u00feess Freyja (germ\u00f6nsk, vei\u00f0i- og \u00e1stargy\u00f0ja), Durga (hind\u00faismi, str\u00ed\u00f0sgy\u00f0ja sem r\u00ed\u00f0ur t\u00edgrisd\u00fdrum) og Ishtar (Mes\u00f3p\u00f3tam\u00eda, \u00f6rvar og bogi).<\/p><p>\u00cd v\u00ed\u00f0ara samhengi er Artemis fr\u00e6gasti fulltr\u00fai hef\u00f0arins um <em>Potnia Theron<\/em> (h\u00fasfreyju villtra d\u00fdra), sem finnst \u00ed m\u00f6rgum fornum menningarheimum.<\/p>\t\t\t\t\t\t\t\t<\/div>\n\t\t\t\t\t<\/div>\n\t\t\t\t<\/div>\n\t\t\t\t<\/div>\n\t\t\t\t<\/div>\n\t\t\t\t\t<\/div>\n\t\t\t\t<\/div>\n\t\t<div class=\"elementor-element elementor-element-7533bc7a e-flex e-con-boxed e-con e-parent\" data-id=\"7533bc7a\" data-element_type=\"container\" data-e-type=\"container\">\n\t\t\t\t\t<div class=\"e-con-inner\">\n\t\t\t\t<div class=\"elementor-element elementor-element-2447d18d elementor-widget elementor-widget-heading\" data-id=\"2447d18d\" data-element_type=\"widget\" data-e-type=\"widget\" data-widget_type=\"heading.default\">\n\t\t\t\t\t<h2 class=\"elementor-heading-title elementor-size-default\">Verndarh\u00e6ttir<\/h2>\t\t\t\t<\/div>\n\t\t<div class=\"elementor-element elementor-element-d5d0260c e-con-full e-flex e-con e-child\" data-id=\"d5d0260c\" data-element_type=\"container\" data-e-type=\"container\">\n\t\t\t\t<div class=\"elementor-element elementor-element-341be2ac elementor-widget elementor-widget-text-editor\" data-id=\"341be2ac\" data-element_type=\"widget\" data-e-type=\"widget\" data-widget_type=\"text-editor.default\">\n\t\t\t\t\t\t\t\t\t<div><p><strong>D\u00fdrkun \u00ed daglegu l\u00edfi<\/strong><\/p>\n<div><p><strong>Athafnir og \u00e1kallanir<\/strong><br>\nMe\u00f0al kunnustu si\u00f0anna voru brauron\u00eduh\u00e1t\u00ed\u00f0irnar me\u00f0 \u201ebjarnarleik\u201c (Arkteia) ungra meyja. Artemis var \u00e1k\u00f6llu\u00f0 sem f\u00e6\u00f0ingarhj\u00e1lpari, og efes\u00edska Artemision-h\u00e1t\u00ed\u00f0in var me\u00f0al st\u00f3rh\u00e1t\u00ed\u00f0a Litlu-As\u00edu.<\/p><\/div>\n\n<p><strong>\u00c1kallanir og b\u00e6nir<\/strong><\/p>\n<div><p><strong>Textahef\u00f0ir og form\u00falur<\/strong><br>\nH\u00f3merski Artemis-s\u00e1lmurinn og s\u00e1lmur Kallimakosar draga upp mynd af hinni hreinu vei\u00f0igy\u00f0ju og h\u00fasfreyju d\u00fdranna. \u00c1letranir \u00far d\u00fdrkun \u00ed Efesos og \u00far <span class=\"iwg-fachbegriff\" data-tooltip=\"Sta\u00f0ur sem tileinka\u00f0ur er d\u00fdrkun gu\u00f0s e\u00f0a go\u00f0magns.\" tabindex=\"0\">helgista\u00f0num<\/span> \u00ed Brauron var\u00f0veita sta\u00f0bundnar athafnir.<\/p><\/div>\n\n<p><strong>Verndargripir og verndart\u00e1kn<\/strong><\/p>\n<div><p><strong>Efnislegir <span class=\"iwg-fachbegriff\" data-tooltip=\"Fleirtala af apotropaikon: hlutir og t\u00e1kn sem \u00e6tla\u00f0 er a\u00f0 verja gegn \u00f3heillum.\" tabindex=\"0\">ap\u00f3tr\u00f3pa\u00edkar<\/span> og fornleifafr\u00e6\u00f0ilegar sannanir<\/strong><br>\nKonur helgu\u00f0u Artemis kl\u00e6\u00f0i og heitgjafir til a\u00f0 bi\u00f0ja um verndun vi\u00f0 f\u00e6\u00f0ingu. Hin margbrj\u00f3sta\u00f0a styttuger\u00f0 Artemis fr\u00e1 Efesos og bjarnarmyndir fr\u00e1 Brauron eru v\u00ed\u00f0a sta\u00f0festar me\u00f0 fornleifafundum.<\/p><\/div><\/div>\t\t\t\t\t\t\t\t<\/div>\n\t\t\t\t<\/div>\n\t\t\t\t\t<\/div>\n\t\t\t\t<\/div>\n\t\t<div class=\"elementor-element elementor-element-5a584676 e-flex e-con-boxed e-con e-parent\" data-id=\"5a584676\" data-element_type=\"container\" data-e-type=\"container\">\n\t\t\t\t\t<div class=\"e-con-inner\">\n\t\t\t\t<div class=\"elementor-element elementor-element-6d0757bf elementor-widget elementor-widget-heading\" data-id=\"6d0757bf\" data-element_type=\"widget\" data-e-type=\"widget\" data-widget_type=\"heading.default\">\n\t\t\t\t\t<h2 class=\"elementor-heading-title elementor-size-default\">Artemis, hli\u00f0st\u00e6\u00f0ur \u00ed \u00f6\u00f0rum menningarheimum<\/h2>\t\t\t\t<\/div>\n\t\t<div class=\"elementor-element elementor-element-60563f68 e-con-full e-flex e-con e-child\" data-id=\"60563f68\" data-element_type=\"container\" data-e-type=\"container\">\n\t\t\t\t<div class=\"elementor-element elementor-element-5a93fdd6 elementor-widget elementor-widget-text-editor\" data-id=\"5a93fdd6\" data-element_type=\"widget\" data-e-type=\"widget\" data-widget_type=\"text-editor.default\">\n\t\t\t\t\t\t\t\t\t<p>Vei\u00f0igy\u00f0jur og m\u00e1nagy\u00f0jur finnast alls sta\u00f0ar: Diana (R\u00f3m), Atalanta (hetju<span class=\"iwg-fachbegriff\" data-tooltip=\"Yfirlifu\u00f0 fr\u00e1s\u00f6gn me\u00f0 oft s\u00f6gulegum kjarna og undraver\u00f0um \u00fe\u00e1ttum.\" tabindex=\"0\">s\u00f6gn<\/span>), Ska\u00f0i (Skandinav\u00eda), Chang&#8217;e (K\u00edna). \u00c1herslan hj\u00e1 Artemis \u00e1 kvenleika \u00e1n kynhneig\u00f0ar og undirgefni vi\u00f0 karla er einst\u00f6k fyrir sinn t\u00edma.<\/p><p>H\u00fan deilir m\u00e1na\u00fe\u00e6ttinum me\u00f0 Selene og Hekate, en vei\u00f0i\u00e1herslan gerir hana fr\u00e1brug\u00f0na. Hlutverk hennar sem verndara kvenna og barna tengir hana vi\u00f0 Ilithy\u00edu og a\u00f0rar verndargy\u00f0jur.<\/p>\t\t\t\t\t\t\t\t<\/div>\n\t\t\t\t<\/div>\n\t\t\t\t\t<\/div>\n\t\t\t\t<\/div>\n\t\t<div class=\"elementor-element elementor-element-cp731d437 e-flex e-con-boxed e-con e-parent\" data-id=\"cp731d437\" data-element_type=\"container\" data-e-type=\"container\">\n\t\t\t\t\t<div class=\"e-con-inner\">\n\t\t\t\t<div class=\"elementor-element elementor-element-cp4ade15d elementor-widget elementor-widget-heading\" data-id=\"cp4ade15d\" data-element_type=\"widget\" data-e-type=\"widget\" data-widget_type=\"heading.default\">\n\t\t\t\t\t<h2 class=\"elementor-heading-title elementor-size-default\">Artemis fr\u00e1 Efesos: Hin margr\u00e6\u00f0a stytta<\/h2>\t\t\t\t<\/div>\n\t\t<div class=\"elementor-element elementor-element-cp4fa6fe7 e-con-full e-flex e-con e-child\" data-id=\"cp4fa6fe7\" data-element_type=\"container\" data-e-type=\"container\">\n\t\t\t\t<div class=\"elementor-element elementor-element-cp153c9f1 elementor-widget elementor-widget-text-editor\" data-id=\"cp153c9f1\" data-element_type=\"widget\" data-e-type=\"widget\" data-widget_type=\"text-editor.default\">\n\t\t\t\t\t\t\t\t\t<p>Ein af s\u00e9rst\u00e6\u00f0ustu go\u00f0m\u00f6gnum \u00ed tr\u00faars\u00f6gu fornaldar er Artemis fr\u00e1 Efesos. <span class=\"iwg-fachbegriff\" data-tooltip=\"Bygging sem er tileinku\u00f0 tilbei\u00f0slu \u00e1 einni e\u00f0a fleiri gu\u00f0um.\" tabindex=\"0\">Hofi\u00f0<\/span> hennar, Artemision, var tali\u00f0 eitt af sj\u00f6 undrum veraldar. <span class=\"iwg-fachbegriff\" data-tooltip=\"Myndr\u00e6n framsetning \u00e1 gu\u00f0i sem er tilbe\u00f0in \u00ed hofi e\u00f0a helgireit.\" tabindex=\"0\">T\u00e1kngripurinn<\/span> \u00feessarar gy\u00f0ju er \u00ed grundvallaratri\u00f0um \u00f3l\u00edkur hinni ungu vei\u00f0ikonu gr\u00edskrar listar.<\/p><p>Hann s\u00fdnir st\u00edfa, s\u00falul\u00edka f\u00edg\u00faru \u00fear sem yfirbolurinn er \u00feakinn fj\u00f6lda k\u00falulaga \u00fatskota og ne\u00f0ri hluti l\u00edkamans er hulinn \u00fer\u00f6ngum kl\u00e6\u00f0na\u00f0i skreyttum d\u00fdramyndum \u00ed hlutmynd.<\/p><p>Um hva\u00f0 \u00feessi \u00fatskot t\u00e1kna hefur veri\u00f0 deilt allt fr\u00e1 <span class=\"iwg-fachbegriff\" data-tooltip=\"T\u00edmabil gr\u00edskrar og r\u00f3mverskrar menningar, u.\u00fe.b. 800 f.Kr. til 600 e.Kr.\" tabindex=\"0\">forn\u00f6ld<\/span>. <span class=\"iwg-fachbegriff\" data-tooltip=\"T\u00edmabil gr\u00edskrar og r\u00f3mverskrar menningar, u.\u00fe.b. 800 f.Kr. til 600 e.Kr.\" tabindex=\"0\">Fornir<\/span> h\u00f6fundar t\u00f6lu\u00f0u um m\u00f6rg brj\u00f3st, sem eldri fr\u00e6\u00f0imenn t\u00falku\u00f0u sem margbrj\u00f3sta frj\u00f3semisgy\u00f0ju. A\u00f0rar t\u00falkanir sj\u00e1 \u00ed \u00feessu egg, nautahre\u00f0jar sem voru festar sem f\u00f3rnargjafir, e\u00f0a skartgripi \u00far rafi.<\/p><p>Engin \u00f6ruggum ni\u00f0ursta\u00f0a er til, og fr\u00e6\u00f0imenn r\u00e6\u00f0a m\u00e1li\u00f0 \u00e1fram. Lj\u00f3st er a\u00f0 Artemis fr\u00e1 Efesos \u00e1tti s\u00e9r dj\u00fapar r\u00e6tur \u00ed hef\u00f0um Litlu-As\u00edu og sameina\u00f0ist innlendri m\u00f3\u00f0urgy\u00f0ju.<\/p><p>\u00deessi gy\u00f0ja var v\u00ed\u00f0fr\u00e6g \u00ed forn\u00f6ld og <span class=\"iwg-fachbegriff\" data-tooltip=\"Heild \u00feeirra tr\u00faarlegu tilbei\u00f0sluathafna sem tileinka\u00f0ar eru gu\u00f0i e\u00f0a heilagri veru.\" tabindex=\"0\">d\u00fdrkun<\/span> hennar n\u00e1\u00f0i langt \u00fat fyrir Efesos. Eftirmyndir af t\u00e1kngripnum breiddust \u00fat um allt Mi\u00f0jar\u00f0arhafssv\u00e6\u00f0i\u00f0.<\/p><p>Postulasagan \u00ed N\u00fdja testamentinu greinir fr\u00e1 upp\u00feoti silfursmi\u00f0a \u00ed Efesos sem seldu sm\u00e1myndir af helgid\u00f3minum og t\u00f6ldu atvinnu s\u00edna \u00ed h\u00e6ttu vegna kristinnar predikunar, og hr\u00f3pu\u00f0u a\u00f0 mikil v\u00e6ri Artemis Efesusb\u00faa.<\/p><p>\u00cd tr\u00faarbrag\u00f0afr\u00e6\u00f0ilegu tilliti er Artemis fr\u00e1 Efesos mikilv\u00e6gt d\u00e6mi um hvernig eitt gr\u00edskt gu\u00f0snafn getur sameina\u00f0 mj\u00f6g \u00f3l\u00edkar sta\u00f0bundnar gu\u00f0ir. Vei\u00f0ikonan og hin \u00fer\u00f3nandi h\u00fasfreyja Efesos eiga vart neitt sameiginlegt nema nafni\u00f0.<\/p>\t\t\t\t\t\t\t\t<\/div>\n\t\t\t\t<\/div>\n\t\t\t\t\t<\/div>\n\t\t\t\t<\/div>\n\t\t<div class=\"elementor-element elementor-element-cpf99a3a5 e-flex e-con-boxed e-con e-parent\" data-id=\"cpf99a3a5\" data-element_type=\"container\" data-e-type=\"container\">\n\t\t\t\t\t<div class=\"e-con-inner\">\n\t\t\t\t<div class=\"elementor-element elementor-element-cp74ca9a9 elementor-widget elementor-widget-heading\" data-id=\"cp74ca9a9\" data-element_type=\"widget\" data-e-type=\"widget\" data-widget_type=\"heading.default\">\n\t\t\t\t\t<h2 class=\"elementor-heading-title elementor-size-default\">H\u00fasfreyja villtra d\u00fdra og or\u00f0sifjar nafnsins<\/h2>\t\t\t\t<\/div>\n\t\t<div class=\"elementor-element elementor-element-cp4160a97 e-con-full e-flex e-con e-child\" data-id=\"cp4160a97\" data-element_type=\"container\" data-e-type=\"container\">\n\t\t\t\t<div class=\"elementor-element elementor-element-cp17bcebd elementor-widget elementor-widget-text-editor\" data-id=\"cp17bcebd\" data-element_type=\"widget\" data-e-type=\"widget\" data-widget_type=\"text-editor.default\">\n\t\t\t\t\t\t\t\t\t<p>Fornt vi\u00f0urnefni Artemis er <em>potnia th\u0113r\u014dn<\/em>, h\u00fasfreyja villtra d\u00fdra. \u00deegar \u00ed h\u00f3mersku <em>Il\u00edonskvi\u00f0u<\/em> er h\u00fan nefnd svo.<\/p><p>\u00cd frumgr\u00edskri list er algeng myndger\u00f0 sem s\u00fdnir v\u00e6ngja\u00f0a e\u00f0a st\u00e6\u00f0ilega gy\u00f0ju sem gr\u00edpur um h\u00e1ls e\u00f0a f\u00e6tur tveggja d\u00fdra, oft lj\u00f3na, hjarta e\u00f0a fugla. Hvort hver \u00feessara mynda v\u00edsi til Artemis er \u00f3lj\u00f3st, en ger\u00f0in fellur vel a\u00f0 e\u00f0li hennar.<\/p><p>Artemis er gy\u00f0ja hinnar \u00f3t\u00f6mdu n\u00e1tt\u00faru, fjalla, sk\u00f3ga og votlendis, villtra d\u00fdra og ungra l\u00edfvera sem enn hafa ekki falli\u00f0 inn \u00ed skipulag borgarins. H\u00fan er b\u00e6\u00f0i vei\u00f0ikona og verndari d\u00fdra; \u00ed hugsun <span class=\"iwg-fachbegriff\" data-tooltip=\"T\u00edmabil gr\u00edskrar og r\u00f3mverskrar menningar, u.\u00fe.b. 800 f.Kr. til 600 e.Kr.\" tabindex=\"0\">fornaldar<\/span> \u00fatiloka \u00feessi tv\u00f6 hlutverk ekki hvort anna\u00f0.<\/p><p>Vei\u00f0ima\u00f0urinn vir\u00f0ir reglu vei\u00f0id\u00fdranna, og brot \u00e1 henni hefnir gy\u00f0jan. <span class=\"iwg-fachbegriff\" data-tooltip=\"Fr\u00e1s\u00f6gn sem hefur var\u00f0veist um gu\u00f0i, uppruna og heimsskipan.\" tabindex=\"0\">Go\u00f0sagan<\/span> um Aktaion, sem h\u00fan breytir \u00ed hj\u00f6rt fyrir a\u00f0 hafa s\u00e9\u00f0 hana ba\u00f0andi sig, og sem s\u00ed\u00f0an er rifinn \u00ed sundur af eigin hundum, tengist \u00feessu samhengi.<\/p><p>Or\u00f0sifjar nafnsins Artemis eru \u00f3lj\u00f3sar \u00fer\u00e1tt fyrir margar tilraunir. Nafni\u00f0 kemur fram \u00feegar \u00e1 myknesku L\u00ednuletur B-spj\u00f6ldunum \u00ed mynd sem lesin er <em>a-te-mi-to<\/em>, sem sta\u00f0festir h\u00e1an aldur \u00feess. Lagt hefur veri\u00f0 til a\u00f0 tengja \u00fea\u00f0 vi\u00f0 or\u00f0 sem merkja \u00f3skadda\u00f0ur, bj\u00f6rn e\u00f0a beittur, en engin \u00feessara tilg\u00e1ta hefur n\u00e1\u00f0 almennri vi\u00f0urkenningu.<\/p><p>Fr\u00e6\u00f0imenn telja m\u00f6gulegt a\u00f0 nafni\u00f0 s\u00e9 forgr\u00edskt. \u00deessi \u00f3vissa er d\u00e6miger\u00f0 fyrir mj\u00f6g forn go\u00f0m\u00f6gn og bendir til \u00feess a\u00f0 Artemis tilheyri elstu l\u00f6gum gr\u00edska go\u00f0aheimsins.<\/p>\t\t\t\t\t\t\t\t<\/div>\n\t\t\t\t<\/div>\n\t\t\t\t\t<\/div>\n\t\t\t\t<\/div>\n\t\t<div class=\"elementor-element elementor-element-cpcdadc1c e-flex e-con-boxed e-con e-parent\" data-id=\"cpcdadc1c\" data-element_type=\"container\" data-e-type=\"container\">\n\t\t\t\t\t<div class=\"e-con-inner\">\n\t\t\t\t<div class=\"elementor-element elementor-element-cp15aaf2a elementor-widget elementor-widget-heading\" data-id=\"cp15aaf2a\" data-element_type=\"widget\" data-e-type=\"widget\" data-widget_type=\"heading.default\">\n\t\t\t\t\t<h2 class=\"elementor-heading-title elementor-size-default\">Brauron og bjarnd\u00fdrsmeyjarnar: st\u00falknainnv\u00edgsla \u00ed Artemisd\u00fdrkun<\/h2>\t\t\t\t<\/div>\n\t\t<div class=\"elementor-element elementor-element-cp587e2ef e-con-full e-flex e-con e-child\" data-id=\"cp587e2ef\" data-element_type=\"container\" data-e-type=\"container\">\n\t\t\t\t<div class=\"elementor-element elementor-element-cp330b5f6 elementor-widget elementor-widget-text-editor\" data-id=\"cp330b5f6\" data-element_type=\"widget\" data-e-type=\"widget\" data-widget_type=\"text-editor.default\">\n\t\t\t\t\t\t\t\t\t<p>Ein af uppl\u00fdsandi d\u00fdrkunum Artemis f\u00f3r fram \u00ed Brauron \u00e1 austurstr\u00f6nd Att\u00edku. \u00dear var Artemis Brauronia tilbe\u00f0in, og <span class=\"iwg-fachbegriff\" data-tooltip=\"Heilagur sta\u00f0ur tileinka\u00f0ur tilbei\u00f0slu \u00e1 gu\u00f0i.\" tabindex=\"0\">helgid\u00f3murinn<\/span> var n\u00e1i\u00f0 tengdur vi\u00f0 umskipti ungra st\u00falkna inn \u00ed fullor\u00f0insl\u00edfi\u00f0.<\/p><p>A\u00feenskar st\u00falkur dv\u00f6ldu t\u00edma \u00ed \u00fej\u00f3nustu gy\u00f0junnar og voru \u00ed \u00fev\u00ed hlutverki kalla\u00f0ar <em>arktoi<\/em>, bjarnd\u00fdr. \u00de\u00e6r t\u00f3ku \u00fe\u00e1tt \u00ed ath\u00f6fnum sem vir\u00f0ast hafa fali\u00f0 \u00ed s\u00e9r dans og hlaup.<\/p><p>Go\u00f0sagnalegur bakgrunnur tengist drepinni heilagri bjarnd\u00fdrsmey Artemis, sem st\u00falkurnar ur\u00f0u \u00e1 vissan h\u00e1tt a\u00f0 b\u00e6ta fyrir.<\/p><p>Fr\u00e6\u00f0imenn t\u00falka Brauron-<span class=\"iwg-fachbegriff\" data-tooltip=\"Heild \u00feeirra tr\u00faarlegu tilbei\u00f0sluathafna sem tileinka\u00f0ar eru gu\u00f0i e\u00f0a heilagri veru.\" tabindex=\"0\">d\u00fdrkunina<\/span> sem innv\u00edgsluath\u00f6fn: St\u00falkurnar f\u00f3ru \u00ed gegnum t\u00edmabundi\u00f0 skei\u00f0, a\u00f0skili\u00f0 fr\u00e1 venjulegri skipan, \u00e1 villtu sv\u00e6\u00f0i gy\u00f0junnar, \u00e1\u00f0ur en \u00fe\u00e6r sneru aftur til borgarsamf\u00e9lagsins sem giftingarh\u00e6far konur. Fundir \u00far <span class=\"iwg-fachbegriff\" data-tooltip=\"Heilagur sta\u00f0ur tileinka\u00f0ur tilbei\u00f0slu \u00e1 gu\u00f0i.\" tabindex=\"0\">helgid\u00f3minum<\/span>, \u00fear \u00e1 me\u00f0al f\u00f3rnargjafir og \u00e1letranir, auk vasamynda af hlaupandi st\u00falkum, sty\u00f0ja \u00feessa t\u00falkun.<\/p><p>Artemis var, langt \u00fat fyrir Brauron, gy\u00f0jan sem fylgdi st\u00falkum og ungum konum, fr\u00e1 barn\u00e6sku yfir f\u00e6\u00f0ingu til h\u00e6ttna barnsbur\u00f0ar. Sem <em>Lochia<\/em> hj\u00e1lpa\u00f0i h\u00fan vi\u00f0 f\u00e6\u00f0ingu. \u00c1 sama t\u00edma var h\u00fan s\u00fa sem \u00f6rvar hennar g\u00e1tu valdi\u00f0 sn\u00f6ggum, mildum dau\u00f0a kvenna, eins og \u00f6rvar br\u00f3\u00f0ur hennar Apollons ger\u00f0u fyrir karla.<\/p><p>\u00deessi \u00e1byrg\u00f0 \u00e1 mikilv\u00e6gum \u00fer\u00f6skuldum l\u00edfs kvenna, a\u00f0 f\u00e6\u00f0ast, ver\u00f0a fullor\u00f0in, f\u00e6\u00f0a b\u00f6rn, deyja, gerir Artemis, \u00fer\u00e1tt fyrir st\u00f6\u00f0u s\u00edna sem eil\u00edf mey, a\u00f0 mikilv\u00e6gu <span class=\"iwg-fachbegriff\" data-tooltip=\"Vera sem er tilbe\u00f0in sem gu\u00f0leg innan tr\u00faarbrag\u00f0a.\" tabindex=\"0\">go\u00f0magni<\/span> einmitt fyrir l\u00edfsheim kvenna.<\/p><p>Tr\u00faarbrag\u00f0afr\u00e6\u00f0ingar \u00e1 bor\u00f0 vi\u00f0 Walter Burkert hafa ekki s\u00e9\u00f0 \u00fear m\u00f3ts\u00f6gn, heldur tj\u00e1ningu gy\u00f0ju sem stj\u00f3rnar \u00f6llum umskiptum \u00e1 m\u00f6rkum villtrar n\u00e1tt\u00faru og menningar.<\/p>\t\t\t\t\t\t\t\t<\/div>\n\t\t\t\t<\/div>\n\t\t\t\t\t<\/div>\n\t\t\t\t<\/div>\n\t\t<div class=\"elementor-element elementor-element-cpe6dc59a e-flex e-con-boxed e-con e-parent\" data-id=\"cpe6dc59a\" data-element_type=\"container\" data-e-type=\"container\">\n\t\t\t\t\t<div class=\"e-con-inner\">\n\t\t\t\t<div class=\"elementor-element elementor-element-cp5bb0e5d elementor-widget elementor-widget-heading\" data-id=\"cp5bb0e5d\" data-element_type=\"widget\" data-e-type=\"widget\" data-widget_type=\"heading.default\">\n\t\t\t\t\t<h2 class=\"elementor-heading-title elementor-size-default\">Artemis, Apollon og b\u00f6rn N\u00ed\u00f3be<\/h2>\t\t\t\t<\/div>\n\t\t<div class=\"elementor-element elementor-element-cpa84bdf6 e-con-full e-flex e-con e-child\" data-id=\"cpa84bdf6\" data-element_type=\"container\" data-e-type=\"container\">\n\t\t\t\t<div class=\"elementor-element elementor-element-cp4cbcfed elementor-widget elementor-widget-text-editor\" data-id=\"cp4cbcfed\" data-element_type=\"widget\" data-e-type=\"widget\" data-widget_type=\"text-editor.default\">\n\t\t\t\t\t\t\t\t\t<p>Artemis er tv\u00edburasystir Apollons. B\u00e6\u00f0i eru b\u00f6rn Seifs og Let\u00f3, f\u00e6dd \u00e1 eyjunni Delos, \u00fev\u00ed hin \u00feunga\u00f0a Let\u00f3 var elt yfir j\u00f6r\u00f0ina af hinni \u00f6fundsj\u00faku Heru og fann hvergi sta\u00f0 til a\u00f0 f\u00e6\u00f0a.<\/p><p>Samkv\u00e6mt algengri \u00fatg\u00e1fu s\u00f6gunnar kom Artemis fyrst \u00ed heiminn og hj\u00e1lpa\u00f0i m\u00f3\u00f0ur sinni umsvifalaust vi\u00f0 f\u00e6\u00f0ingu br\u00f3\u00f0ur s\u00edns, \u00feess vegna er h\u00fan einnig talin gy\u00f0ja f\u00e6\u00f0ingarhj\u00e1lpar.<\/p><p>Systkinin koma fram saman \u00ed nokkrum go\u00f0s\u00f6gum, oft sem framkv\u00e6mdara\u00f0ilar refsingar fyrir brot gegn m\u00f3\u00f0ur \u00feeirra e\u00f0a gegn skipulagi gu\u00f0anna. \u00deekktasta \u00feessara go\u00f0sagna er sagan af N\u00edobe, drottningu \u00deebu.<\/p><p>N\u00edobe st\u00e1ta\u00f0i af \u00fev\u00ed a\u00f0 eiga fleiri b\u00f6rn en Let\u00f3, sem \u00e1tti a\u00f0eins tv\u00f6, og kraf\u00f0ist fyrir sig gu\u00f0legrar tilbei\u00f0slu. \u00cd hefnd dr\u00e1pu Apollon og Artemis b\u00f6rn hennar, Apollon syni hennar, Artemis d\u00e6tur hennar. N\u00edobe stir\u00f0na\u00f0i af sorg og var\u00f0 a\u00f0 klettum, \u00far sem vatn h\u00e9lt \u00e1fram a\u00f0 renna eins og \u00f3endanleg t\u00e1r.<\/p><p>N\u00edobe-<span class=\"iwg-fachbegriff\" data-tooltip=\"Yfirl\u00fdst fr\u00e1s\u00f6gn um gu\u00f0i, uppruna og skipulag heimsins.\" tabindex=\"0\">go\u00f0sagan<\/span> var \u00ed <span class=\"iwg-fachbegriff\" data-tooltip=\"T\u00edmabil gr\u00edskrar og r\u00f3mverskrar menningar, um 800 f.Kr. til 600 e.Kr.\" tabindex=\"0\">forn\u00f6ld<\/span> notu\u00f0 sem d\u00e6mi um hybris, ofmetna\u00f0 mannsins gagnvart gu\u00f0unum, og um \u00f3hj\u00e1kv\u00e6milega refsingu fyrir hann. H\u00fan er einnig mikilv\u00e6g \u00ed tr\u00faarbrag\u00f0as\u00f6gulegu tilliti \u00fev\u00ed h\u00fan s\u00fdnir n\u00e1in tengsl systkinanna vi\u00f0 m\u00f3\u00f0ur s\u00edna Let\u00f3; nokkrar af sameiginlegum verkum \u00feeirra m\u00e1 lesa sem v\u00f6rn fyrir hei\u00f0ur m\u00f3\u00f0urinnar.<\/p><p>\u00cd myndlist var deyjandi h\u00f3pur N\u00edobebarna algengt myndefni. Samband Artemis og Apollons sem hegnandi systkinapar s\u00fdnir a\u00f0 \u00fer\u00e1tt fyrir mismunandi hlutverk, h\u00fan fyrir vei\u00f0ar og \u00f3bygg\u00f0ir, hann fyrir <span class=\"iwg-fachbegriff\" data-tooltip=\"Sta\u00f0ur e\u00f0a stofnun \u00fear sem leita\u00f0 er gu\u00f0legs svars.\" tabindex=\"0\">v\u00e9fr\u00e9tt<\/span>, t\u00f3nlist og l\u00e6kningu, h\u00f6f\u00f0u \u00feau sameiginlegt hlutverk sem ver\u00f0ir gu\u00f0legrar skipunar.<\/p>\t\t\t\t\t\t\t\t<\/div>\n\t\t\t\t<\/div>\n\t\t\t\t\t<\/div>\n\t\t\t\t<\/div>\n\t\t<div class=\"elementor-element elementor-element-36dd7469 e-flex e-con-boxed e-con e-parent\" data-id=\"36dd7469\" data-element_type=\"container\" data-e-type=\"container\">\n\t\t\t\t\t<div class=\"e-con-inner\">\n\t\t\t\t<div class=\"elementor-element elementor-element-13760ab4 elementor-widget elementor-widget-heading\" data-id=\"13760ab4\" data-element_type=\"widget\" data-e-type=\"widget\" data-widget_type=\"heading.default\">\n\t\t\t\t\t<h2 class=\"elementor-heading-title elementor-size-default\">\u00cdtarefni og tenglar<\/h2>\t\t\t\t<\/div>\n\t\t<div class=\"elementor-element elementor-element-28c87796 e-con-full e-flex e-con e-child\" data-id=\"28c87796\" data-element_type=\"container\" data-e-type=\"container\">\n\t\t\t\t<div class=\"elementor-element elementor-element-5d6538df elementor-widget elementor-widget-text-editor\" data-id=\"5d6538df\" data-element_type=\"widget\" data-e-type=\"widget\" data-widget_type=\"text-editor.default\">\n\t\t\t\t\t\t\t\t\t<ul><li><a href=\"https:\/\/iwell-guard.com\/is\/?page_id=168786\">Apollon, tv\u00edburabr\u00f3\u00f0ir<\/a><\/li><li><a href=\"https:\/\/iwell-guard.com\/is\/?page_id=168601\">Hekate, \u00ferenningarsystir<\/a><\/li><li><a href=\"https:\/\/iwell-guard.com\/is\/?page_id=168793\">Bastet, egypsk samruna-systir (Artemis Bubastia)<\/a><\/li><li><a href=\"https:\/\/iwell-guard.com\/is\/?page_id=168880\">Afr\u00f3d\u00edta, andst\u00e6\u00f0 \u00e1starsystir<\/a><\/li><li><a href=\"https:\/\/iwell-guard.com\/is\/?page_id=168771\">Durga, hind\u00fa\u00edsk hli\u00f0st\u00e6\u00f0a str\u00ed\u00f0sgy\u00f0ju<\/a><\/li><li><a href=\"https:\/\/iwell-guard.com\/is\/?page_id=168594\">Grikkland, yfirlit yfir pantheon<\/a><\/li><li><a href=\"https:\/\/iwell-guard.com\/is\/?page_id=168707\">\u00c6\u00f0ri gu\u00f0ir, undirflokkur<\/a><\/li><li><a href=\"https:\/\/iwell-guard.com\/is\/?page_id=168679\">Gu\u00f0ir, flokkayfirlit<\/a><\/li><\/ul>\t\t\t\t\t\t\t\t<\/div>\n\t\t\t\t<\/div>\n\t\t\t\t\t<\/div>\n\t\t\t\t<\/div>\n\t\t<div class=\"elementor-element elementor-element-grl4kl40 e-flex e-con-boxed e-con e-parent\" data-id=\"grl4kl40\" data-element_type=\"container\" data-e-type=\"container\">\n\t\t\t\t\t<div class=\"e-con-inner\">\n\t\t\t\t<div class=\"elementor-element elementor-element-bzsbfrmh elementor-widget elementor-widget-heading\" data-id=\"bzsbfrmh\" data-element_type=\"widget\" data-e-type=\"widget\" data-widget_type=\"heading.default\">\n\t\t\t\t\t<h2 class=\"elementor-heading-title elementor-size-default\">Heimildir og fr\u00e6\u00f0irit<\/h2>\t\t\t\t<\/div>\n\t\t<div class=\"elementor-element elementor-element-2c13224a e-con-full e-flex e-con e-child\" data-id=\"2c13224a\" data-element_type=\"container\" data-e-type=\"container\">\n\t\t\t\t<div class=\"elementor-element elementor-element-0eymh9ub elementor-widget elementor-widget-text-editor\" data-id=\"0eymh9ub\" data-element_type=\"widget\" data-e-type=\"widget\" data-widget_type=\"text-editor.default\">\n\t\t\t\t\t\t\t\t\t<footer class=\"iwg-literatur\" data-nosnippet=\"true\"><ul><li><span data-nosnippet>Vernant, Jean-Pierre: <em>Mortals and Immortals. Collected Essays<\/em>. Princeton 1991.<\/span><\/li><li><span data-nosnippet>Cole, Susan Guettel: <em>Landscapes, Gender, and <span class=\"iwg-fachbegriff\" data-tooltip=\"Skipul\u00f6g\u00f0 atbur\u00f0ar\u00f6\u00f0 t\u00e1kngj\u00f6r\u00f0a athafna me\u00f0 tr\u00faarlegri e\u00f0a menningarlegri \u00fe\u00fd\u00f0ingu.\" tabindex=\"0\">Ritual<\/span> Space. The Ancient Greek Experience<\/em>. Berkeley 2004.<\/span><\/li><li>Kallimachos: <em>Hymnos auf Artemis<\/em>.<\/li><li>Euripides: <em>Iphigenie in Aulis<\/em>; <em>Iphigenie bei den Taurern<\/em>; <em>Hippolytos<\/em>.<\/li><li>Pausanias: <em>Beschreibung Griechenlands<\/em>, Buch I (Brauron).<\/li><li>LIMC <em>Lexicon Iconographicum Mythologiae Classicae<\/em>, Bd. II (Artemis).<\/li><li>Walde, Christine (Hg.): <em>Der Neue Pauly<\/em> (Lemma &bdquo;Artemis&ldquo;).<\/li><\/ul><\/footer>\n<p class=\"iwg-bib-more\"><span data-nosnippet>Fleiri grunnrit \u00ed <a href=\"https:\/\/iwell-guard.com\/is\/?page_id=168730\">heimildaskr\u00e1nni<\/a>.<\/span><\/p>\t\t\t\t\t\t\t\t<\/div>\n\t\t\t\t<\/div>\n\t\t\t\t\t<\/div>\n\t\t\t\t<\/div>\n\t\t<div class=\"elementor-element elementor-element-7d2ccd2 e-con-boxed e-flex e-con e-parent\" data-id=\"7d2ccd2\" data-element_type=\"container\" data-e-type=\"container\">\n\t\t\t\t\t<div class=\"e-con-inner\">\n\t\t\t\t<div class=\"elementor-element elementor-element-77a949a elementor-widget elementor-widget-text-editor\" data-id=\"77a949a\" data-element_type=\"widget\" data-e-type=\"widget\" data-widget_type=\"text-editor.default\">\n\t\t\t\t\t\t\t\t\t\n<h2>Algengar spurningar um Artemis<\/h2>\n<div class=\"iwg-faq-q\"><h3>Hver er Artemis \u00ed gr\u00edskri <span class=\"iwg-fachbegriff\" data-tooltip=\"Heild allra var\u00f0veittra fr\u00e1sagna um gu\u00f0i \u00ed \u00e1kve\u00f0inni menningu.\" tabindex=\"0\">go\u00f0afr\u00e6\u00f0i<\/span>?<\/h3><p>Artemis er ein af t\u00f3lf \u00f3lymp\u00edskum gu\u00f0um, d\u00f3ttir Seifs og Let\u00f3, tv\u00edburasystir Apollons. H\u00fan er gy\u00f0ja vei\u00f0a, \u00f3bygg\u00f0a, \u00f3snortinnar n\u00e1tt\u00faru og verndari ungra kvenna fyrir hj\u00f3nabandsaldur. \u00d3l\u00edkt flestum \u00f6\u00f0rum gy\u00f0jum er h\u00fan meyd\u00f3msgy\u00f0ja (Parthenos), sem hefur svari\u00f0 a\u00f0 giftast aldrei.<\/p><p>H\u00fan reikar me\u00f0 n\u00fdmfum s\u00ednum um sk\u00f3ga og fj\u00f6ll, vopnu\u00f0 boga og \u00f6rvum. R\u00f3mverska hli\u00f0st\u00e6\u00f0a hennar er D\u00edana. \u00c1 hellen\u00edskum t\u00edma runnu h\u00fan og Artemis fr\u00e1 Efesus saman, ger\u00f3l\u00edk, margbrj\u00f3sta m\u00f3\u00f0urgy\u00f0ja Litlu-As\u00edu.<\/p><\/div>\n<div class=\"iwg-faq-q\"><h3>Hver er sagan af Aktaion og Artemis?<\/h3><p>Aktaion var vei\u00f0ima\u00f0ur og sonarsonur Apollons, sem s\u00e1 af tilviljun Artemis ba\u00f0andi sig \u00ed sk\u00f3garlind. Vegna \u00feessa \u00f3viljandi brots \u00e1 bannsv\u00e6\u00f0inu breytti Artemis honum \u00ed hj\u00f6rt, en \u00fe\u00e1 rifu hans eigin vei\u00f0ihundar hann \u00ed sundur.<\/p><p>Sagan er ein af fr\u00e6gustu ummyndunargo\u00f0s\u00f6gunum, \u00d3vid\u00edus tileinkar henni heilan kafla \u00ed Ummyndunum. H\u00fan s\u00fdnir \u00f3bilgirni Artemis: ekkert \u00e1setningur, engin s\u00f6k, hver sem fer yfir m\u00f6rkin ver\u00f0ur tort\u00edmt.<\/p><\/div>\n<script type=\"application\/ld+json\">{\"@context\":\"https:\/\/schema.org\",\"@type\":\"FAQPage\",\"mainEntity\":[{\"@type\":\"Question\",\"name\":\"Wer ist Artemis in der griechischen Mythologie?\",\"acceptedAnswer\":{\"@type\":\"Answer\",\"text\":\"Artemis ist eine der zw\u00f6lf olympischen G\u00f6tter, Tochter des Zeus und der Leto, Zwillingsschwester des Apollon. Sie ist G\u00f6ttin der Jagd, der Wildnis, der unber\u00fchrten Natur und Besch\u00fctzerin junger Frauen vor dem Heiratsalter. Anders als die meisten anderen G\u00f6ttinnen ist sie eine Jungfrau-G\u00f6ttin (Parthenos), die geschworen hat, niemals zu heiraten.Sie streift mit ihren Nymphen durch W\u00e4lder und Berge, mit Bogen und Pfeilen bewaffnet. Ihr r\u00f6misches Pendant ist Diana. In der hellenistischen Zeit verschmolz sie mit der ephesischen Artemis, einer ganz anderen, vielbr\u00fcstigen Muttergottheit Kleinasiens.\"}},{\"@type\":\"Question\",\"name\":\"Was ist die Geschichte von Aktaion und Artemis?\",\"acceptedAnswer\":{\"@type\":\"Answer\",\"text\":\"Aktaion war ein J\u00e4ger und Enkel des Apollon, der zuf\u00e4llig die badende Artemis in einer Waldquelle sah. Wegen dieses unwillentlichen Bruchs der Tabuzone verwandelte ihn Artemis in einen Hirsch, woraufhin er von seinen eigenen Jagdhunden zerrissen wurde.Die Geschichte ist eine der ber\u00fchmtesten Verwandlungsmythen, Ovid widmet ihr ein zentrales Buch der Metamorphosen. Sie illustriert die unerbittliche Strenge der Artemis: kein Vorsatz, kein Verschulden, wer die Grenze \u00fcberschreitet, wird vernichtet.\"}}]}<\/script>\t\t\t\t\t\t\t\t<\/div>\n\t\t\t\t\t<\/div>\n\t\t\t\t<\/div>\n\t\t\t\t<\/div>\n\t\t","protected":false},"excerpt":{"rendered":"","protected":false},"author":3,"featured_media":1578,"parent":0,"menu_order":0,"comment_status":"closed","ping_status":"closed","template":"elementor_header_footer","meta":{"_yoast_wpseo_focuskw":"Artemis","_yoast_wpseo_title":"Artemis \u2013 gy\u00f0ja vei\u00f0a og m\u00e1nans \u00ed Grikklandi","_yoast_wpseo_metadesc":"Gy\u00f0ja vei\u00f0a, m\u00e1nans, \u00f3bygg\u00f0anna og verndarengill kvenna. Sj\u00e1lfst\u00e6\u00f0, tv\u00edburasystir Apollons, bogi og hj\u00f6rtur.","_yoast_wpseo_meta-robots-noindex":"","_yoast_wpseo_canonical":"","_angie_page":false,"gefaehrdungsstufe":"2","wesen_kultur":"griechenland","wesen_klasse":"goetter","footnotes":""},"categories":[],"class_list":["post-168785","page","type-page","status-publish","has-post-thumbnail","hentry"],"yoast_head":"<!-- This site is optimized with the Yoast SEO Premium plugin v27.7 (Yoast SEO v28.3) - https:\/\/yoast.com\/product\/yoast-seo-premium-wordpress\/ -->\n<title>Artemis \u2013 gy\u00f0ja vei\u00f0a og m\u00e1nans \u00ed Grikklandi<\/title>\n<meta name=\"description\" content=\"Gy\u00f0ja vei\u00f0a, m\u00e1nans, \u00f3bygg\u00f0anna og verndarengill kvenna. Sj\u00e1lfst\u00e6\u00f0, tv\u00edburasystir Apollons, bogi og hj\u00f6rtur.\" \/>\n<meta name=\"robots\" content=\"index, follow, max-snippet:-1, max-image-preview:large, max-video-preview:-1\" \/>\n<link rel=\"canonical\" href=\"https:\/\/iwell-guard.com\/is\/artemis\/\" \/>\n<meta property=\"og:locale\" content=\"is_IS\" \/>\n<meta property=\"og:type\" content=\"article\" \/>\n<meta property=\"og:title\" content=\"Artemis\" \/>\n<meta property=\"og:description\" content=\"Gy\u00f0ja vei\u00f0a, m\u00e1nans, \u00f3bygg\u00f0anna og verndarengill kvenna. Sj\u00e1lfst\u00e6\u00f0, tv\u00edburasystir Apollons, bogi og hj\u00f6rtur.\" \/>\n<meta property=\"og:url\" content=\"https:\/\/iwell-guard.com\/is\/artemis\/\" \/>\n<meta property=\"og:site_name\" content=\"iWell Guard\" \/>\n<meta property=\"article:modified_time\" content=\"2026-09-05T14:19:22+00:00\" \/>\n<meta property=\"og:image\" content=\"https:\/\/iwell-guard.com\/wp-content\/uploads\/2026\/04\/goetter_griechenland_artemis.webp\" \/>\n\t<meta property=\"og:image:width\" content=\"1024\" \/>\n\t<meta property=\"og:image:height\" content=\"1536\" \/>\n\t<meta property=\"og:image:type\" content=\"image\/webp\" \/>\n<meta name=\"twitter:card\" content=\"summary_large_image\" \/>\n<script type=\"application\/ld+json\" class=\"yoast-schema-graph\">{\"@context\":\"https:\\\/\\\/schema.org\",\"@graph\":[{\"@type\":\"WebPage\",\"@id\":\"https:\\\/\\\/iwell-guard.com\\\/is\\\/artemis\\\/\",\"url\":\"https:\\\/\\\/iwell-guard.com\\\/is\\\/artemis\\\/\",\"name\":\"Artemis \u2013 gy\u00f0ja vei\u00f0a og m\u00e1nans \u00ed Grikklandi\",\"isPartOf\":{\"@id\":\"https:\\\/\\\/iwell-guard.com\\\/is\\\/#website\"},\"primaryImageOfPage\":{\"@id\":\"https:\\\/\\\/iwell-guard.com\\\/is\\\/artemis\\\/#primaryimage\"},\"image\":{\"@id\":\"https:\\\/\\\/iwell-guard.com\\\/is\\\/artemis\\\/#primaryimage\"},\"thumbnailUrl\":\"https:\\\/\\\/iwell-guard.com\\\/wp-content\\\/uploads\\\/2026\\\/04\\\/goetter_griechenland_artemis.webp\",\"datePublished\":\"2026-09-05T14:02:58+00:00\",\"dateModified\":\"2026-09-05T14:19:22+00:00\",\"description\":\"Gy\u00f0ja vei\u00f0a, m\u00e1nans, \u00f3bygg\u00f0anna og verndarengill kvenna. Sj\u00e1lfst\u00e6\u00f0, tv\u00edburasystir Apollons, bogi og hj\u00f6rtur.\",\"breadcrumb\":{\"@id\":\"https:\\\/\\\/iwell-guard.com\\\/is\\\/artemis\\\/#breadcrumb\"},\"inLanguage\":\"is\",\"potentialAction\":[{\"@type\":\"ReadAction\",\"target\":[\"https:\\\/\\\/iwell-guard.com\\\/is\\\/artemis\\\/\"]}]},{\"@type\":\"ImageObject\",\"inLanguage\":\"is\",\"@id\":\"https:\\\/\\\/iwell-guard.com\\\/is\\\/artemis\\\/#primaryimage\",\"url\":\"https:\\\/\\\/iwell-guard.com\\\/wp-content\\\/uploads\\\/2026\\\/04\\\/goetter_griechenland_artemis.webp\",\"contentUrl\":\"https:\\\/\\\/iwell-guard.com\\\/wp-content\\\/uploads\\\/2026\\\/04\\\/goetter_griechenland_artemis.webp\",\"width\":1024,\"height\":1536,\"caption\":\"Gu\u00f0ir \u00far gr\u00edskri hef\u00f0.\"},{\"@type\":\"BreadcrumbList\",\"@id\":\"https:\\\/\\\/iwell-guard.com\\\/is\\\/artemis\\\/#breadcrumb\",\"itemListElement\":[{\"@type\":\"ListItem\",\"position\":1,\"name\":\"Start\",\"item\":\"https:\\\/\\\/iwell-guard.com\\\/is\\\/?page_id=168580\"},{\"@type\":\"ListItem\",\"position\":2,\"name\":\"Artemis\"}]},{\"@type\":\"WebSite\",\"@id\":\"https:\\\/\\\/iwell-guard.com\\\/is\\\/#website\",\"url\":\"https:\\\/\\\/iwell-guard.com\\\/is\\\/\",\"name\":\"iWell Guard\",\"description\":\"Schutz vor dunklen Einfl\u00fcssen\",\"publisher\":{\"@id\":\"https:\\\/\\\/iwell-guard.com\\\/is\\\/#organization\"},\"potentialAction\":[{\"@type\":\"SearchAction\",\"target\":{\"@type\":\"EntryPoint\",\"urlTemplate\":\"https:\\\/\\\/iwell-guard.com\\\/is\\\/?s={search_term_string}\"},\"query-input\":{\"@type\":\"PropertyValueSpecification\",\"valueRequired\":true,\"valueName\":\"search_term_string\"}}],\"inLanguage\":\"is\"},{\"@type\":\"Organization\",\"@id\":\"https:\\\/\\\/iwell-guard.com\\\/is\\\/#organization\",\"name\":\"Ittermann electronic GmbH\",\"url\":\"https:\\\/\\\/iwell-guard.com\\\/is\\\/\",\"logo\":{\"@type\":\"ImageObject\",\"inLanguage\":\"is\",\"@id\":\"https:\\\/\\\/iwell-guard.com\\\/is\\\/#\\\/schema\\\/logo\\\/image\\\/\",\"url\":\"https:\\\/\\\/iwell-guard.com\\\/wp-content\\\/uploads\\\/2026\\\/05\\\/Ittermann-Logo-1182x237-1.png\",\"contentUrl\":\"https:\\\/\\\/iwell-guard.com\\\/wp-content\\\/uploads\\\/2026\\\/05\\\/Ittermann-Logo-1182x237-1.png\",\"width\":1182,\"height\":237,\"caption\":\"Ittermann electronic GmbH\"},\"image\":{\"@id\":\"https:\\\/\\\/iwell-guard.com\\\/is\\\/#\\\/schema\\\/logo\\\/image\\\/\"},\"sameAs\":[\"https:\\\/\\\/pantip.com\\\/profile\\\/9367242\",\"https:\\\/\\\/micro.blog\\\/iwellguard\",\"https:\\\/\\\/www.diggerslist.com\\\/iwellguard\\\/about\",\"https:\\\/\\\/skitterphoto.com\\\/photographers\\\/2870314\\\/iwell-guard\",\"https:\\\/\\\/iwellguard.wordpress.com\\\/2026\\\/06\\\/06\\\/iwell-guard\\\/\",\"https:\\\/\\\/hub.docker.com\\\/u\\\/iwellguard\",\"https:\\\/\\\/www.pinterest.com\\\/iwellguard\\\/\",\"https:\\\/\\\/bit.ly\\\/m\\\/iwellguard\",\"https:\\\/\\\/entre-vos-mains.alsace.eu\\\/profiles\\\/iwellguard\\\/activity\",\"https:\\\/\\\/gravatar.com\\\/reallybeded8fd34\",\"https:\\\/\\\/naijamatta.com\\\/iwellguard\",\"https:\\\/\\\/www.goodreads.com\\\/iwellguard\",\"https:\\\/\\\/profile.hatena.ne.jp\\\/iwellguard\\\/\",\"https:\\\/\\\/experiment.com\\\/users\\\/iwellguard\",\"https:\\\/\\\/wakelet.com\\\/@iWellGuard82270\",\"https:\\\/\\\/www.chordie.com\\\/forum\\\/profile.php?id=2555664\",\"https:\\\/\\\/www.instapaper.com\\\/p\\\/17757966\",\"https:\\\/\\\/www.mapleprimes.com\\\/users\\\/iwellguard\",\"https:\\\/\\\/businesslistingplus.com\\\/profile\\\/iwell-guard\\\/\",\"https:\\\/\\\/telegra.ph\\\/iWell-Guard-06-06\",\"https:\\\/\\\/pbase.com\\\/iwellguard\\\/iwellguard\",\"https:\\\/\\\/b.hatena.ne.jp\\\/iwellguard\\\/20260607#bookmark-4788405196491818882\",\"https:\\\/\\\/fliphtml5.com\\\/home\\\/iwellguard\",\"https:\\\/\\\/anyflip.com\\\/homepage\\\/cmiwl#About\",\"https:\\\/\\\/transfur.com\\\/Users\\\/iwellguard\",\"http:\\\/\\\/delphi.larsbo.org\\\/user\\\/iwellguard\",\"https:\\\/\\\/jobs.lajobsportal.org\\\/profiles\\\/8380803-iwell-guard\",\"https:\\\/\\\/md.chaosdorf.de\\\/s\\\/jfbe5SBdJD\",\"https:\\\/\\\/www.lingvolive.com\\\/en-us\\\/profile\\\/9ecaeaca-ce11-4e51-9e71-01d55e2bff36\\\/translations\",\"https:\\\/\\\/www.fitday.com\\\/fitness\\\/forums\\\/members\\\/iwellguard.html\",\"https:\\\/\\\/www.mymeetbook.com\\\/iwellguard\",\"https:\\\/\\\/pxhere.com\\\/en\\\/photographer-me\\\/5040798\",\"https:\\\/\\\/disqus.com\\\/by\\\/iwellguard\\\/about\\\/\",\"https:\\\/\\\/pastelink.net\\\/hjwciqwq\",\"https:\\\/\\\/pubhtml5.com\\\/homepage\\\/scjhn\\\/\",\"https:\\\/\\\/www.bitchute.com\\\/channel\\\/2O2eOKzNqujT\",\"https:\\\/\\\/audiomack.com\\\/iwellguard\"]},{\"@type\":\"Article\",\"@id\":\"https:\\\/\\\/iwell-guard.com\\\/is\\\/artemis\\\/#article\",\"isPartOf\":{\"@id\":\"https:\\\/\\\/iwell-guard.com\\\/is\\\/artemis\\\/\"},\"author\":{\"name\":\"Ralf Ittermann\",\"@id\":\"https:\\\/\\\/iwell-guard.com\\\/is\\\/#\\\/schema\\\/person\\\/ee2a27f1cac3406c7c6fb5820cb7349f\"},\"headline\":\"Artemis\",\"datePublished\":\"2026-09-05T14:02:58+00:00\",\"dateModified\":\"2026-09-05T14:19:22+00:00\",\"mainEntityOfPage\":{\"@id\":\"https:\\\/\\\/iwell-guard.com\\\/is\\\/artemis\\\/\"},\"publisher\":{\"@id\":\"https:\\\/\\\/iwell-guard.com\\\/is\\\/#organization\"},\"image\":{\"@id\":\"https:\\\/\\\/iwell-guard.com\\\/is\\\/artemis\\\/#primaryimage\"},\"thumbnailUrl\":\"https:\\\/\\\/iwell-guard.com\\\/wp-content\\\/uploads\\\/2026\\\/04\\\/goetter_griechenland_artemis.webp\",\"inLanguage\":\"is\",\"description\":\"Gy\u00f0ja vei\u00f0a, m\u00e1nans, \u00f3bygg\u00f0anna og verndarengill kvenna. Sj\u00e1lfst\u00e6\u00f0, tv\u00edburasystir Apollons, bogi og hj\u00f6rtur.\"}]}<\/script>\n<!-- \/ Yoast SEO Premium plugin. -->","yoast_head_json":{"title":"Artemis \u2013 gy\u00f0ja vei\u00f0a og m\u00e1nans \u00ed Grikklandi","description":"Gy\u00f0ja vei\u00f0a, m\u00e1nans, \u00f3bygg\u00f0anna og verndarengill kvenna. Sj\u00e1lfst\u00e6\u00f0, tv\u00edburasystir Apollons, bogi og hj\u00f6rtur.","robots":{"index":"index","follow":"follow","max-snippet":"max-snippet:-1","max-image-preview":"max-image-preview:large","max-video-preview":"max-video-preview:-1"},"canonical":"https:\/\/iwell-guard.com\/is\/artemis\/","og_locale":"is_IS","og_type":"article","og_title":"Artemis","og_description":"Gy\u00f0ja vei\u00f0a, m\u00e1nans, \u00f3bygg\u00f0anna og verndarengill kvenna. Sj\u00e1lfst\u00e6\u00f0, tv\u00edburasystir Apollons, bogi og hj\u00f6rtur.","og_url":"https:\/\/iwell-guard.com\/is\/artemis\/","og_site_name":"iWell Guard","article_modified_time":"2026-09-05T14:19:22+00:00","og_image":[{"width":1024,"height":1536,"url":"https:\/\/iwell-guard.com\/wp-content\/uploads\/2026\/04\/goetter_griechenland_artemis.webp","type":"image\/webp"}],"twitter_card":"summary_large_image","schema":{"@context":"https:\/\/schema.org","@graph":[{"@type":"Article","@id":"https:\/\/iwell-guard.com\/is\/artemis\/#article","isPartOf":{"@id":"https:\/\/iwell-guard.com\/is\/artemis\/"},"author":{"name":"Ralf Ittermann","@id":"https:\/\/iwell-guard.com\/is\/#\/schema\/person\/ee2a27f1cac3406c7c6fb5820cb7349f"},"headline":"Artemis","datePublished":"2026-09-05T14:02:58+00:00","dateModified":"2026-09-05T14:19:22+00:00","mainEntityOfPage":{"@id":"https:\/\/iwell-guard.com\/is\/artemis\/"},"publisher":{"@id":"https:\/\/iwell-guard.com\/is\/#organization"},"image":{"@id":"https:\/\/iwell-guard.com\/is\/artemis\/#primaryimage"},"thumbnailUrl":"https:\/\/iwell-guard.com\/wp-content\/uploads\/2026\/04\/goetter_griechenland_artemis.webp","inLanguage":"is","description":"Gy\u00f0ja vei\u00f0a, m\u00e1nans, \u00f3bygg\u00f0anna og verndarengill kvenna. Sj\u00e1lfst\u00e6\u00f0, tv\u00edburasystir Apollons, bogi og hj\u00f6rtur."},{"@type":"WebPage","@id":"https:\/\/iwell-guard.com\/is\/artemis\/","url":"https:\/\/iwell-guard.com\/is\/artemis\/","name":"Artemis \u2013 gy\u00f0ja vei\u00f0a og m\u00e1nans \u00ed Grikklandi","isPartOf":{"@id":"https:\/\/iwell-guard.com\/is\/#website"},"primaryImageOfPage":{"@id":"https:\/\/iwell-guard.com\/is\/artemis\/#primaryimage"},"image":{"@id":"https:\/\/iwell-guard.com\/is\/artemis\/#primaryimage"},"thumbnailUrl":"https:\/\/iwell-guard.com\/wp-content\/uploads\/2026\/04\/goetter_griechenland_artemis.webp","datePublished":"2026-09-05T14:02:58+00:00","dateModified":"2026-09-05T14:19:22+00:00","description":"Gy\u00f0ja vei\u00f0a, m\u00e1nans, \u00f3bygg\u00f0anna og verndarengill kvenna. Sj\u00e1lfst\u00e6\u00f0, tv\u00edburasystir Apollons, bogi og hj\u00f6rtur.","breadcrumb":{"@id":"https:\/\/iwell-guard.com\/is\/artemis\/#breadcrumb"},"inLanguage":"is","potentialAction":[{"@type":"ReadAction","target":["https:\/\/iwell-guard.com\/is\/artemis\/"]}]},{"@type":"ImageObject","inLanguage":"is","@id":"https:\/\/iwell-guard.com\/is\/artemis\/#primaryimage","url":"https:\/\/iwell-guard.com\/wp-content\/uploads\/2026\/04\/goetter_griechenland_artemis.webp","contentUrl":"https:\/\/iwell-guard.com\/wp-content\/uploads\/2026\/04\/goetter_griechenland_artemis.webp","width":1024,"height":1536,"caption":"Gu\u00f0ir \u00far gr\u00edskri hef\u00f0."},{"@type":"BreadcrumbList","@id":"https:\/\/iwell-guard.com\/is\/artemis\/#breadcrumb","itemListElement":[{"@type":"ListItem","position":1,"name":"Start","item":"https:\/\/iwell-guard.com\/is\/?page_id=168580"},{"@type":"ListItem","position":2,"name":"Artemis"}]},{"@type":"WebSite","@id":"https:\/\/iwell-guard.com\/is\/#website","url":"https:\/\/iwell-guard.com\/is\/","name":"iWell Guard","description":"Schutz vor dunklen Einfl\u00fcssen","publisher":{"@id":"https:\/\/iwell-guard.com\/is\/#organization"},"potentialAction":[{"@type":"SearchAction","target":{"@type":"EntryPoint","urlTemplate":"https:\/\/iwell-guard.com\/is\/?s={search_term_string}"},"query-input":{"@type":"PropertyValueSpecification","valueRequired":true,"valueName":"search_term_string"}}],"inLanguage":"is"},{"@type":"Organization","@id":"https:\/\/iwell-guard.com\/is\/#organization","name":"Ittermann electronic GmbH","url":"https:\/\/iwell-guard.com\/is\/","logo":{"@type":"ImageObject","inLanguage":"is","@id":"https:\/\/iwell-guard.com\/is\/#\/schema\/logo\/image\/","url":"https:\/\/iwell-guard.com\/wp-content\/uploads\/2026\/05\/Ittermann-Logo-1182x237-1.png","contentUrl":"https:\/\/iwell-guard.com\/wp-content\/uploads\/2026\/05\/Ittermann-Logo-1182x237-1.png","width":1182,"height":237,"caption":"Ittermann electronic GmbH"},"image":{"@id":"https:\/\/iwell-guard.com\/is\/#\/schema\/logo\/image\/"},"sameAs":["https:\/\/pantip.com\/profile\/9367242","https:\/\/micro.blog\/iwellguard","https:\/\/www.diggerslist.com\/iwellguard\/about","https:\/\/skitterphoto.com\/photographers\/2870314\/iwell-guard","https:\/\/iwellguard.wordpress.com\/2026\/06\/06\/iwell-guard\/","https:\/\/hub.docker.com\/u\/iwellguard","https:\/\/www.pinterest.com\/iwellguard\/","https:\/\/bit.ly\/m\/iwellguard","https:\/\/entre-vos-mains.alsace.eu\/profiles\/iwellguard\/activity","https:\/\/gravatar.com\/reallybeded8fd34","https:\/\/naijamatta.com\/iwellguard","https:\/\/www.goodreads.com\/iwellguard","https:\/\/profile.hatena.ne.jp\/iwellguard\/","https:\/\/experiment.com\/users\/iwellguard","https:\/\/wakelet.com\/@iWellGuard82270","https:\/\/www.chordie.com\/forum\/profile.php?id=2555664","https:\/\/www.instapaper.com\/p\/17757966","https:\/\/www.mapleprimes.com\/users\/iwellguard","https:\/\/businesslistingplus.com\/profile\/iwell-guard\/","https:\/\/telegra.ph\/iWell-Guard-06-06","https:\/\/pbase.com\/iwellguard\/iwellguard","https:\/\/b.hatena.ne.jp\/iwellguard\/20260607#bookmark-4788405196491818882","https:\/\/fliphtml5.com\/home\/iwellguard","https:\/\/anyflip.com\/homepage\/cmiwl#About","https:\/\/transfur.com\/Users\/iwellguard","http:\/\/delphi.larsbo.org\/user\/iwellguard","https:\/\/jobs.lajobsportal.org\/profiles\/8380803-iwell-guard","https:\/\/md.chaosdorf.de\/s\/jfbe5SBdJD","https:\/\/www.lingvolive.com\/en-us\/profile\/9ecaeaca-ce11-4e51-9e71-01d55e2bff36\/translations","https:\/\/www.fitday.com\/fitness\/forums\/members\/iwellguard.html","https:\/\/www.mymeetbook.com\/iwellguard","https:\/\/pxhere.com\/en\/photographer-me\/5040798","https:\/\/disqus.com\/by\/iwellguard\/about\/","https:\/\/pastelink.net\/hjwciqwq","https:\/\/pubhtml5.com\/homepage\/scjhn\/","https:\/\/www.bitchute.com\/channel\/2O2eOKzNqujT","https:\/\/audiomack.com\/iwellguard"]},{"@type":"Person","@id":"https:\/\/iwell-guard.com\/is\/#\/schema\/person\/ee2a27f1cac3406c7c6fb5820cb7349f","name":"Ralf Ittermann","image":{"@type":"ImageObject","inLanguage":"is","@id":"https:\/\/secure.gravatar.com\/avatar\/073c0153e350a5005b68eb752b445fea71f6b24a26da9449ad7e155e6b446c9d?s=96&d=mm&r=g","url":"https:\/\/secure.gravatar.com\/avatar\/073c0153e350a5005b68eb752b445fea71f6b24a26da9449ad7e155e6b446c9d?s=96&d=mm&r=g","contentUrl":"https:\/\/secure.gravatar.com\/avatar\/073c0153e350a5005b68eb752b445fea71f6b24a26da9449ad7e155e6b446c9d?s=96&d=mm&r=g","caption":"Ralf Ittermann"},"givenName":"Ralf","familyName":"Ittermann","jobTitle":"Gesch\u00e4ftsf\u00fchrer und redaktioneller Verantwortlicher","url":"https:\/\/iwell-guard.com\/is\/author\/claude\/","description":"Ralf Ittermann ist Gesch\u00e4ftsf\u00fchrer der Ittermann electronic GmbH und redaktioneller Verantwortlicher des iWell-Guard-Lexikons. Er verbindet langj\u00e4hrige Erfahrung in der Pr\u00e4zisionsfertigung mit medialer Praxis und religionsgeschichtlicher Quellenarbeit.","worksFor":{"@type":"Organization","name":"Ittermann electronic GmbH","url":"https:\/\/ittermann.de\/","address":{"@type":"PostalAddress","streetAddress":"K\u00f6hlergasse 16-18","postalCode":"99842","addressLocality":"Ruhla","addressCountry":"DE"}},"knowsAbout":["Religionsgeschichte","Mythologie","Mediale Praxis","Energetische Diagnostik","Schutzpraxis","Volksglauben","Westliche Esoterik"]},{"@type":"Article","@id":"https:\/\/iwell-guard.com\/is\/artemis\/#article","isPartOf":{"@id":"https:\/\/iwell-guard.com\/is\/artemis\/"},"author":{"name":"Ralf Ittermann","@id":"https:\/\/iwell-guard.com\/is\/#\/schema\/person\/ee2a27f1cac3406c7c6fb5820cb7349f"},"headline":"Artemis","datePublished":"2026-09-05T14:02:58+00:00","dateModified":"2026-09-05T14:19:22+00:00","mainEntityOfPage":{"@id":"https:\/\/iwell-guard.com\/is\/artemis\/"},"publisher":{"@id":"https:\/\/iwell-guard.com\/is\/#organization"},"image":{"@id":"https:\/\/iwell-guard.com\/is\/artemis\/#primaryimage"},"thumbnailUrl":"https:\/\/iwell-guard.com\/wp-content\/uploads\/2026\/04\/goetter_griechenland_artemis.webp","inLanguage":"is","description":"Gy\u00f0ja vei\u00f0a, m\u00e1nans, \u00f3bygg\u00f0anna og verndarengill kvenna. Sj\u00e1lfst\u00e6\u00f0, tv\u00edburasystir Apollons, bogi og hj\u00f6rtur."}]}},"_links":{"self":[{"href":"https:\/\/iwell-guard.com\/is\/wp-json\/wp\/v2\/pages\/168785","targetHints":{"allow":["GET"]}}],"collection":[{"href":"https:\/\/iwell-guard.com\/is\/wp-json\/wp\/v2\/pages"}],"about":[{"href":"https:\/\/iwell-guard.com\/is\/wp-json\/wp\/v2\/types\/page"}],"author":[{"embeddable":true,"href":"https:\/\/iwell-guard.com\/is\/wp-json\/wp\/v2\/users\/3"}],"replies":[{"embeddable":true,"href":"https:\/\/iwell-guard.com\/is\/wp-json\/wp\/v2\/comments?post=168785"}],"version-history":[{"count":0,"href":"https:\/\/iwell-guard.com\/is\/wp-json\/wp\/v2\/pages\/168785\/revisions"}],"wp:featuredmedia":[{"embeddable":true,"href":"https:\/\/iwell-guard.com\/is\/wp-json\/wp\/v2\/media\/1578"}],"wp:attachment":[{"href":"https:\/\/iwell-guard.com\/is\/wp-json\/wp\/v2\/media?parent=168785"}],"wp:term":[{"taxonomy":"category","embeddable":true,"href":"https:\/\/iwell-guard.com\/is\/wp-json\/wp\/v2\/categories?post=168785"}],"curies":[{"name":"wp","href":"https:\/\/api.w.org\/{rel}","templated":true}]}}