{"id":168783,"date":"2026-09-05T14:02:56","date_gmt":"2026-09-05T14:02:56","guid":{"rendered":"https:\/\/iwell-guard.com\/?page_id=168783"},"modified":"2026-09-05T14:19:18","modified_gmt":"2026-09-05T14:19:18","slug":"pehar","status":"publish","type":"page","link":"https:\/\/iwell-guard.com\/is\/pehar\/","title":{"rendered":"Pehar"},"content":{"rendered":"\t\t<div data-elementor-type=\"wp-page\" data-elementor-id=\"168783\" class=\"elementor elementor-168783 elementor-2031 elementor-bc-flex-widget\" data-elementor-post-type=\"page\">\n\t\t\t\t<div class=\"elementor-element elementor-element-10fdade e-flex e-con-boxed e-con e-parent\" data-id=\"10fdade\" data-element_type=\"container\" data-e-type=\"container\" data-settings=\"{&quot;background_background&quot;:&quot;classic&quot;}\">\n\t\t\t\t\t<div class=\"e-con-inner\">\n\t\t<div class=\"elementor-element elementor-element-herohlft0 e-flex e-con-boxed e-con e-child\" data-id=\"herohlft0\" data-element_type=\"container\" data-e-type=\"container\">\n\t\t\t\t\t<div class=\"e-con-inner\">\n\t\t<div class=\"elementor-element elementor-element-c3ceb64 e-con-full e-flex e-con e-child\" data-id=\"c3ceb64\" data-element_type=\"container\" data-e-type=\"container\">\n\t\t\t\t<div class=\"elementor-element elementor-element-96ae5e1 elementor-widget elementor-widget-heading\" data-id=\"96ae5e1\" data-element_type=\"widget\" data-e-type=\"widget\" data-widget_type=\"heading.default\">\n\t\t\t\t\t<h1 class=\"elementor-heading-title elementor-size-default\">Pehar, gu\u00f0 \u00ed t\u00edbetskri hef\u00f0<\/h1>\t\t\t\t<\/div>\n\t\t\t\t<div class=\"elementor-element elementor-element-e45238a elementor-widget elementor-widget-text-editor\" data-id=\"e45238a\" data-element_type=\"widget\" data-e-type=\"widget\" data-widget_type=\"text-editor.default\">\n\t\t\t\t\t\t\t\t\t<p>Pehar er verndargu\u00f0d\u00f3mur t\u00edbetsku b\u00faddisma-sk\u00f3lanna, s\u00e9rstaklega Nyingma-sk\u00f3lans. Upphaflega var hann <span class=\"iwg-fachbegriff\" data-tooltip=\"Andleg vera sem eignu\u00f0 er ska\u00f0leg e\u00f0a tv\u00edr\u00e6\u00f0 \u00e1hrif.\" tabindex=\"0\">dj\u00f6full<\/span> e\u00f0a sta\u00f0bundinn fjallav\u00e6ttur, en var s\u00ed\u00f0ar sn\u00fai\u00f0 til <span class=\"iwg-fachbegriff\" tabindex=\"0\" data-tooltip=\"\u00cd hind\u00faisma skylda og heimsskipan; \u00ed b\u00faddisma kenning B\u00fadda.\">Dharma<\/span> og felldur inn \u00ed <span class=\"iwg-fachbegriff\" data-tooltip=\"Sta\u00f0ur e\u00f0a stofnun \u00fear sem leita\u00f0 er gu\u00f0legs svars.\" tabindex=\"0\">v\u00e9fr\u00e9tta<\/span>-i\u00f0kun. Saga hans s\u00fdnir t\u00edbetska hef\u00f0 \u00feess a\u00f0 binda ekki-b\u00faddista ei\u00f0um undir b\u00faddista. Sem v\u00e9fr\u00e9tta- og r\u00edkisverndargu\u00f0 var hann tengdur verndun t\u00edbetska samf\u00e9lagsins gegnum r\u00edkisv\u00e9fr\u00e9ttina \u00ed Nechung. Kynningin fjallar um Pehar sem gu\u00f0 t\u00edbetskrar hef\u00f0ar og hlutverk hans sem r\u00edkisverndargu\u00f0d\u00f3ms.<\/p>\t\t\t\t\t\t\t\t<\/div>\n\t\t\t\t<\/div>\n\t\t<div class=\"elementor-element elementor-element-klsbdg01 e-con-full e-flex e-con e-parent\" data-id=\"klsbdg01\" data-element_type=\"container\" data-e-type=\"container\">\n\t\t\t\t<div class=\"elementor-element elementor-element-klshtm01 elementor-widget elementor-widget-html\" data-id=\"klshtm01\" data-element_type=\"widget\" data-e-type=\"widget\" data-widget_type=\"html.default\">\n\t\t\t\t\t<div class=\"iwg-pill-row\"><span class=\"iwg-klasse-badge\" tabindex=\"0\" data-tooltip=\"Gu\u00f0 \/ Gy\u00f0ja: Pers\u00f3nuger\u00f0 \u00e6\u00f0sta vald \u00ed go\u00f0aheimi menningar, me\u00f0 sk\u00fdr valdsvi\u00f0, n\u00e1tt\u00faru\u00f6fl, \u00f6rl\u00f6g, str\u00ed\u00f0, frj\u00f3semi. D\u00fdrka\u00f0ur me\u00f0 d\u00fdrkun, f\u00f3rnum og hofstofnunum.\">Gu\u00f0<\/span><a href=\"https:\/\/iwell-guard.com\/is\/?page_id=168661\" class=\"iwg-kultur-badge\" tabindex=\"0\" data-tooltip=\"T\u00edbetsk-b\u00fadd\u00edsk og B\u00f6n-hef\u00f0, Yidam, Dharmap\u0101la, Naga-heimur.\">T\u00edbet<\/a><span class=\"iwg-tradition-badge\" tabindex=\"0\" data-tooltip=\"Flokkur verndargu\u00f0a \u00ed t\u00edbetskum b\u00faddisma.\">Dharmap\u0101la<\/span><\/div>\t\t\t\t<\/div>\n\t\t\t\t<\/div>\n\t\t<div class=\"elementor-element elementor-element-3f74855 e-con-full e-flex e-con e-child\" data-id=\"3f74855\" data-element_type=\"container\" data-e-type=\"container\">\n\t\t\t\t<div class=\"elementor-element elementor-element-1c30362 elementor-toc--minimized-on-tablet elementor-widget elementor-widget-table-of-contents\" data-id=\"1c30362\" data-element_type=\"widget\" data-e-type=\"widget\" data-settings=\"{&quot;exclude_headings_by_selector&quot;:[],&quot;no_headings_message&quot;:&quot;Engar undirfyrirsagnir fundust \\u00e1 \\u00feessari s\\u00ed\\u00f0u.&quot;,&quot;headings_by_tags&quot;:[&quot;h2&quot;,&quot;h3&quot;],&quot;marker_view&quot;:&quot;bullets&quot;,&quot;minimize_box&quot;:&quot;yes&quot;,&quot;icon&quot;:{&quot;value&quot;:&quot;fas fa-circle&quot;,&quot;library&quot;:&quot;fa-solid&quot;,&quot;rendered_tag&quot;:&quot;&lt;svg class=\\&quot;e-font-icon-svg e-fas-circle\\&quot; viewBox=\\&quot;0 0 512 512\\&quot; xmlns=\\&quot;http:\\\/\\\/www.w3.org\\\/2000\\\/svg\\&quot;&gt;&lt;path d=\\&quot;M256 8C119 8 8 119 8 256s111 248 248 248 248-111 248-248S393 8 256 8z\\&quot;&gt;&lt;\\\/path&gt;&lt;\\\/svg&gt;&quot;},&quot;minimized_on&quot;:&quot;tablet&quot;,&quot;hierarchical_view&quot;:&quot;yes&quot;,&quot;min_height&quot;:{&quot;unit&quot;:&quot;px&quot;,&quot;size&quot;:&quot;&quot;,&quot;sizes&quot;:[]},&quot;min_height_tablet&quot;:{&quot;unit&quot;:&quot;px&quot;,&quot;size&quot;:&quot;&quot;,&quot;sizes&quot;:[]},&quot;min_height_mobile&quot;:{&quot;unit&quot;:&quot;px&quot;,&quot;size&quot;:&quot;&quot;,&quot;sizes&quot;:[]}}\" data-widget_type=\"table-of-contents.default\">\n\t\t\t\t\t\t\t\t\t<div class=\"elementor-toc__header\">\n\t\t\t\t\t\t<h2 class=\"elementor-toc__header-title\">\n\t\t\t\tEfnisyfirlit\t\t\t<\/h2>\n\t\t\t\t\t\t\t\t\t\t<div class=\"elementor-toc__toggle-button elementor-toc__toggle-button--expand\" role=\"button\" tabindex=\"0\" aria-controls=\"elementor-toc__1c30362\" aria-expanded=\"true\" aria-label=\"Open table of contents\"><svg aria-hidden=\"true\" class=\"e-font-icon-svg e-fas-chevron-down\" viewBox=\"0 0 448 512\" xmlns=\"http:\/\/www.w3.org\/2000\/svg\"><path d=\"M207.029 381.476L12.686 187.132c-9.373-9.373-9.373-24.569 0-33.941l22.667-22.667c9.357-9.357 24.522-9.375 33.901-.04L224 284.505l154.745-154.021c9.379-9.335 24.544-9.317 33.901.04l22.667 22.667c9.373 9.373 9.373 24.569 0 33.941L240.971 381.476c-9.373 9.372-24.569 9.372-33.942 0z\"><\/path><\/svg><\/div>\n\t\t\t\t<div class=\"elementor-toc__toggle-button elementor-toc__toggle-button--collapse\" role=\"button\" tabindex=\"0\" aria-controls=\"elementor-toc__1c30362\" aria-expanded=\"true\" aria-label=\"Close table of contents\"><svg aria-hidden=\"true\" class=\"e-font-icon-svg e-fas-chevron-up\" viewBox=\"0 0 448 512\" xmlns=\"http:\/\/www.w3.org\/2000\/svg\"><path d=\"M240.971 130.524l194.343 194.343c9.373 9.373 9.373 24.569 0 33.941l-22.667 22.667c-9.357 9.357-24.522 9.375-33.901.04L224 227.495 69.255 381.516c-9.379 9.335-24.544 9.317-33.901-.04l-22.667-22.667c-9.373-9.373-9.373-24.569 0-33.941L207.03 130.525c9.372-9.373 24.568-9.373 33.941-.001z\"><\/path><\/svg><\/div>\n\t\t\t\t\t<\/div>\n\t\t\t\t<div id=\"elementor-toc__1c30362\" class=\"elementor-toc__body\">\n\t\t\t<div class=\"elementor-toc__spinner-container\">\n\t\t\t\t<svg class=\"elementor-toc__spinner eicon-animation-spin e-font-icon-svg e-eicon-loading\" aria-hidden=\"true\" viewBox=\"0 0 1000 1000\" xmlns=\"http:\/\/www.w3.org\/2000\/svg\"><path d=\"M500 975V858C696 858 858 696 858 500S696 142 500 142 142 304 142 500H25C25 237 238 25 500 25S975 237 975 500 763 975 500 975Z\"><\/path><\/svg>\t\t\t<\/div>\n\t\t<\/div>\n\t\t\t\t\t\t<\/div>\n\t\t\t\t<\/div>\n\t\t\t\t\t<\/div>\n\t\t\t\t<\/div>\n\t\t<div class=\"elementor-element elementor-element-herorght0 e-con-full e-flex e-con e-child\" data-id=\"herorght0\" data-element_type=\"container\" data-e-type=\"container\">\n\t\t\t\t<div class=\"elementor-element elementor-element-heroimg00 iwg-hero-image elementor-widget elementor-widget-image\" data-id=\"heroimg00\" data-element_type=\"widget\" data-e-type=\"widget\" data-widget_type=\"image.default\">\n\t\t\t\t\t\t\t\t\t\t\t\t\t\t\t<img fetchpriority=\"high\" decoding=\"async\" width=\"683\" height=\"1024\" src=\"https:\/\/iwell-guard.com\/wp-content\/uploads\/2026\/04\/goetter_tibet_pehar-683x1024.webp\" class=\"attachment-large size-large wp-image-170933\" alt=\"Pehar - Gu\u00f0ir \u00far t\u00edbetskri hef\u00f0, s\u00f6guleg myndskreyting\" srcset=\"https:\/\/iwell-guard.com\/wp-content\/uploads\/2026\/04\/goetter_tibet_pehar-683x1024.webp 683w, https:\/\/iwell-guard.com\/wp-content\/uploads\/2026\/04\/goetter_tibet_pehar-200x300.webp 200w, https:\/\/iwell-guard.com\/wp-content\/uploads\/2026\/04\/goetter_tibet_pehar-768x1152.webp 768w, https:\/\/iwell-guard.com\/wp-content\/uploads\/2026\/04\/goetter_tibet_pehar.webp 1024w\" sizes=\"(max-width: 683px) 100vw, 683px\" \/>\t\t\t\t\t\t\t\t\t\t\t\t\t\t\t<\/div>\n\t\t\t\t<\/div>\n\t\t\t\t\t<\/div>\n\t\t\t\t<\/div>\n\t\t<div class=\"elementor-element elementor-element-32917199 e-flex e-con-boxed e-con e-parent\" data-id=\"32917199\" data-element_type=\"container\" data-e-type=\"container\">\n\t\t\t\t\t<div class=\"e-con-inner\">\n\t\t<div class=\"elementor-element elementor-element-26e916cb e-flex e-con-boxed e-con e-child\" data-id=\"26e916cb\" data-element_type=\"container\" data-e-type=\"container\">\n\t\t\t\t\t<div class=\"e-con-inner\">\n\t\t<div class=\"elementor-element elementor-element-253a40d4 e-flex e-con-boxed e-con e-child\" data-id=\"253a40d4\" data-element_type=\"container\" data-e-type=\"container\">\n\t\t\t\t\t<div class=\"e-con-inner\">\n\t\t\t\t<div class=\"elementor-element elementor-element-1200c304 elementor-widget elementor-widget-heading\" data-id=\"1200c304\" data-element_type=\"widget\" data-e-type=\"widget\" data-widget_type=\"heading.default\">\n\t\t\t\t\t<div class=\"elementor-heading-title elementor-size-default\">Pehar<\/div>\t\t\t\t<\/div>\n\t\t\t\t<div class=\"elementor-element elementor-element-11758e7f elementor-widget elementor-widget-text-editor\" data-id=\"11758e7f\" data-element_type=\"widget\" data-e-type=\"widget\" data-widget_type=\"text-editor.default\">\n\t\t\t\t\t\t\t\t\t<p><span data-nosnippet>Pehar er s\u00fdndur sem str\u00ed\u00f0sgu\u00f0 \u00e1 hestbaki, oft kl\u00e6ddur brynju og vopna\u00f0ur. \u00cd Nechung-hef\u00f0inni (\u00fej\u00f3\u00f0ar<span class=\"iwg-fachbegriff\" data-tooltip=\"Sta\u00f0ur e\u00f0a stofnun \u00fear sem leita\u00f0 er gu\u00f0legrar lei\u00f0sagnar.\" tabindex=\"0\">v\u00e9fr\u00e9tt<\/span> Dalai Lama fram til 1951) var hann helsta <span class=\"iwg-fachbegriff\" data-tooltip=\"Vera sem er d\u00fdrku\u00f0 sem gu\u00f0leg innan tr\u00faarbrag\u00f0a.\" tabindex=\"0\">gu\u00f0d\u00f3minum<\/span>. \u00c1 n\u00f3ttunni er honum l\u00fdst sem t\u00edgrisd\u00fdri, og Pehar er verndari gegn ytri og innri \u00f3vinum b\u00faddismans.<\/span><\/p>\t\t\t\t\t\t\t\t<\/div>\n\t\t\t\t\t<\/div>\n\t\t\t\t<\/div>\n\t\t<div class=\"elementor-element elementor-element-159dcf9a e-flex e-con-boxed e-con e-child\" data-id=\"159dcf9a\" data-element_type=\"container\" data-e-type=\"container\">\n\t\t\t\t\t<div class=\"e-con-inner\">\n\t\t\t\t<div class=\"elementor-element elementor-element-48cee66f elementor-widget elementor-widget-heading\" data-id=\"48cee66f\" data-element_type=\"widget\" data-e-type=\"widget\" data-widget_type=\"heading.default\">\n\t\t\t\t\t<div class=\"elementor-heading-title elementor-size-default\">Stutt yfirlit: Pehar<\/div>\t\t\t\t<\/div>\n\t\t\t\t<div class=\"elementor-element elementor-element-3f50d82c elementor-widget elementor-widget-text-editor\" data-id=\"3f50d82c\" data-element_type=\"widget\" data-e-type=\"widget\" data-widget_type=\"text-editor.default\">\n\t\t\t\t\t\t\t\t\t<p><strong>Tegund:<\/strong> T\u00edbetsk-b\u00fadd\u00edskur verndargu\u00f0d\u00f3mur, a\u00f0al-dharmapala Nyingma-b\u00faddisma<br><span class=\"iwg-fachbegriff\" data-tooltip=\"Heild gu\u00f0a tr\u00faarbrag\u00f0a e\u00f0a menningar.\" tabindex=\"0\">Gu\u00f0aheimur<\/span>: T\u00edbetskur b\u00faddismi (s\u00e9rstaklega Nyingma, einnig Gelug og \u00fej\u00f3\u00f0tr\u00fa)<br>Hlutverk: Verndun <span class=\"iwg-fachbegriff\" data-tooltip=\"\u00cd indverskum tr\u00faarbr\u00f6g\u00f0um kenningin og r\u00e9tt skipan athafna.\" tabindex=\"0\">Dharma<\/span>, verndari t\u00edbetsku r\u00edkisstj\u00f3rnarinnar \u00ed gegnum trans Nechung-<span class=\"iwg-fachbegriff\" data-tooltip=\"Sta\u00f0ur e\u00f0a stofnun \u00fear sem leita\u00f0 er gu\u00f0legs svars.\" tabindex=\"0\">v\u00e9fr\u00e9ttarinnar<\/span><br>A\u00f0aleinkenni: T\u00edgrisskinn, marglitur hir\u00f0kl\u00e6\u00f0na\u00f0ur, sver\u00f0, \u00f6rvar, bogi, rei\u00f0t\u00edgrisd\u00fdr e\u00f0a lj\u00f3n<br>A\u00f0almusteri: <strong>Nechung-klaustri\u00f0<\/strong> n\u00e1l\u00e6gt Lhasa (a\u00f0setur r\u00edkisv\u00e9fr\u00e9ttarinnar)<br>S\u00e9rform: Pehar Gyalpo, a\u00f0alkonungur fimm Gyalpo-verndargu\u00f0anna<\/p>\t\t\t\t\t\t\t\t<\/div>\n\t\t\t\t\t<\/div>\n\t\t\t\t<\/div>\n\t\t\t\t\t<\/div>\n\t\t\t\t<\/div>\n\t\t\t\t\t<\/div>\n\t\t\t\t<\/div>\n\t\t<div class=\"elementor-element elementor-element-18613602 e-flex e-con-boxed e-con e-parent\" data-id=\"18613602\" data-element_type=\"container\" data-e-type=\"container\">\n\t\t\t\t\t<div class=\"e-con-inner\">\n\t\t\t\t<div class=\"elementor-element elementor-element-262b8a9f elementor-widget elementor-widget-heading\" data-id=\"262b8a9f\" data-element_type=\"widget\" data-e-type=\"widget\" data-widget_type=\"heading.default\">\n\t\t\t\t\t<h2 class=\"elementor-heading-title elementor-size-default\">Samhengi<\/h2>\t\t\t\t<\/div>\n\t\t<div class=\"elementor-element elementor-element-46dcb7d e-con-full e-flex e-con e-child\" data-id=\"46dcb7d\" data-element_type=\"container\" data-e-type=\"container\">\n\t\t<div class=\"elementor-element elementor-element-61d3ab3 e-flex e-con-boxed e-con e-child\" data-id=\"61d3ab3\" data-element_type=\"container\" data-e-type=\"container\">\n\t\t\t\t\t<div class=\"e-con-inner\">\n\t\t\t\t<div class=\"elementor-element elementor-element-117c166 elementor-widget elementor-widget-heading\" data-id=\"117c166\" data-element_type=\"widget\" data-e-type=\"widget\" data-widget_type=\"heading.default\">\n\t\t\t\t\t<div class=\"elementor-heading-title elementor-size-default\">T\u00edmabil textanna<\/div>\t\t\t\t<\/div>\n\t\t\t\t<div class=\"elementor-element elementor-element-73997a0 elementor-widget elementor-widget-text-editor\" data-id=\"73997a0\" data-element_type=\"widget\" data-e-type=\"widget\" data-widget_type=\"text-editor.default\">\n\t\t\t\t\t\t\t\t\t<p>Pehar (t\u00edbetska <em>Pe har Rgyalpo<\/em>) er \u00ed t\u00edbetsk-b\u00fadd\u00edskum heimildum l\u00fdst sem upphaflegum verndargu\u00f0i mong\u00f3lska gu\u00f0aflokksins, sem <span class=\"iwg-fachbegriff\" tabindex=\"0\" data-tooltip=\"Go\u00f0sagnakenndur indverskur tantr\u00edker (8. \u00f6ld); flutti b\u00faddisma til T\u00edbet.\">Padmasambhava<\/span> (8. \u00f6ld e.Kr.) yfirbuga\u00f0i og batt ei\u00f0i til verndar <span class=\"iwg-fachbegriff\" data-tooltip=\"\u00cd indverskum tr\u00faarbr\u00f6g\u00f0um kenningin og r\u00e9tt skipan athafna.\" tabindex=\"0\">Dharma<\/span>. Meginbl\u00f3mat\u00edmi Pehar-hef\u00f0arins hefst \u00e1 13.\/14. \u00f6ld me\u00f0 festingu Nechung-<span class=\"iwg-fachbegriff\" data-tooltip=\"Sta\u00f0ur e\u00f0a stofnun \u00fear sem leita\u00f0 er gu\u00f0legs svars.\" tabindex=\"0\">v\u00e9fr\u00e9ttarsetursins<\/span>.<\/p><p>\u00c1 17. \u00f6ld, undir fimmta Dalai Lama, ver\u00f0ur Nechung a\u00f0 opinberri r\u00edkis-<span class=\"iwg-fachbegriff\" data-tooltip=\"Sta\u00f0ur e\u00f0a stofnun \u00fear sem leita\u00f0 er gu\u00f0legs svars.\" tabindex=\"0\">v\u00e9fr\u00e9tt<\/span> t\u00edbetsku r\u00edkisstj\u00f3rnarinnar. \u00cd hinni n\u00fat\u00edmalegu \u00fatlagahef\u00f0 (fr\u00e1 1959 \u00ed Indlandi) hefur hef\u00f0in veri\u00f0 vi\u00f0haldi\u00f0, og n\u00faverandi Nechung-<span class=\"iwg-fachbegriff\" data-tooltip=\"Sta\u00f0ur e\u00f0a stofnun \u00fear sem leita\u00f0 er gu\u00f0legs svars.\" tabindex=\"0\">v\u00e9fr\u00e9tt<\/span> \u00ed \u00fatleg\u00f0 \u00ed Dharamsala r\u00e1\u00f0f\u00e6rir sig \u00e1fram vi\u00f0 Pehar.<\/p>\t\t\t\t\t\t\t\t<\/div>\n\t\t\t\t\t<\/div>\n\t\t\t\t<\/div>\n\t\t<div class=\"elementor-element elementor-element-d47b156 e-flex e-con-boxed e-con e-child\" data-id=\"d47b156\" data-element_type=\"container\" data-e-type=\"container\">\n\t\t\t\t\t<div class=\"e-con-inner\">\n\t\t\t\t<div class=\"elementor-element elementor-element-ff38c2b elementor-widget elementor-widget-heading\" data-id=\"ff38c2b\" data-element_type=\"widget\" data-e-type=\"widget\" data-widget_type=\"heading.default\">\n\t\t\t\t\t<div class=\"elementor-heading-title elementor-size-default\">\u00datbrei\u00f0slusv\u00e6\u00f0i<\/div>\t\t\t\t<\/div>\n\t\t\t\t<div class=\"elementor-element elementor-element-4e49fcc elementor-widget elementor-widget-text-editor\" data-id=\"4e49fcc\" data-element_type=\"widget\" data-e-type=\"widget\" data-widget_type=\"text-editor.default\">\n\t\t\t\t\t\t\t\t\t<p>A\u00f0almusteri: <em>Nechung-klaustri\u00f0<\/em> vi\u00f0 Drepung, n\u00e1l\u00e6gt Lhasa (upphaflegt mi\u00f0st\u00f6\u00f0 Pehar-d\u00fdrkunar). \u00cd n\u00fat\u00edma \u00fatleg\u00f0 <strong>Nechung-klaustri\u00f0 \u00ed Dharamsala<\/strong> (Indlandi). \u00dear a\u00f0 auki styttur og skr\u00edn Pehars \u00ed m\u00f6rgum Nyingma-klaustrum (Mindrolling, Dorje Drak, Pelyul, Kathok, Shechen). \u00cd mong\u00f3lskri t\u00edbetsk-b\u00fadd\u00edskri hef\u00f0 er hann talinn mi\u00f0l\u00e6gur verndar<span class=\"iwg-fachbegriff\" data-tooltip=\"Vera sem er d\u00fdrku\u00f0 sem gu\u00f0leg innan tr\u00faarbrag\u00f0a.\" tabindex=\"0\">gu\u00f0d\u00f3mur<\/span>. \u00c1 al\u00fej\u00f3\u00f0av\u00edsu er hann vi\u00f0staddur \u00ed t\u00edbetsk-b\u00fadd\u00edskum mi\u00f0st\u00f6\u00f0vum um allan heim.<\/p>\t\t\t\t\t\t\t\t<\/div>\n\t\t\t\t\t<\/div>\n\t\t\t\t<\/div>\n\t\t\t\t<\/div>\n\t\t<div class=\"elementor-element elementor-element-db03c39 e-con-full e-flex e-con e-child\" data-id=\"db03c39\" data-element_type=\"container\" data-e-type=\"container\">\n\t\t<div class=\"elementor-element elementor-element-229a87b e-flex e-con-boxed e-con e-child\" data-id=\"229a87b\" data-element_type=\"container\" data-e-type=\"container\">\n\t\t\t\t\t<div class=\"e-con-inner\">\n\t\t\t\t<div class=\"elementor-element elementor-element-1f471fc elementor-widget elementor-widget-heading\" data-id=\"1f471fc\" data-element_type=\"widget\" data-e-type=\"widget\" data-widget_type=\"heading.default\">\n\t\t\t\t\t<div class=\"elementor-heading-title elementor-size-default\">Heimildasta\u00f0a<\/div>\t\t\t\t<\/div>\n\t\t\t\t<div class=\"elementor-element elementor-element-36b1201 elementor-widget elementor-widget-text-editor\" data-id=\"36b1201\" data-element_type=\"widget\" data-e-type=\"widget\" data-widget_type=\"text-editor.default\">\n\t\t\t\t\t\t\t\t\t<p>Meginheimildir: <em>Pehar-Sadhana<\/em>-textar (mismunandi \u00fatg\u00e1fur eftir klausturhef\u00f0um), Padmasambhava-helgisagnaritanir (me\u00f0 s\u00f6gunni um yfirbugun Pehars), sagan um fimmta Dalai Lama. Aukaheimildir: Nebesky-Wojkowitz, <em>Oracles and Demons of Tibet<\/em> (sta\u00f0alrit um t\u00edbetska verndargu\u00f0d\u00f3ma); Linrothe, <em>Ruthless Compassion<\/em>; Lopez, <em>Religions of Tibet in Practice<\/em>; Karmay, <em>The Arrow and the Spindle<\/em> (um t\u00edbetska \u00fej\u00f3\u00f0tr\u00fa).<\/p>\t\t\t\t\t\t\t\t<\/div>\n\t\t\t\t\t<\/div>\n\t\t\t\t<\/div>\n\t\t\t\t<\/div>\n\t\t\t\t\t<\/div>\n\t\t\t\t<\/div>\n\t\t<div class=\"elementor-element elementor-element-3ae0637c e-flex e-con-boxed e-con e-parent\" data-id=\"3ae0637c\" data-element_type=\"container\" data-e-type=\"container\">\n\t\t\t\t\t<div class=\"e-con-inner\">\n\t\t\t\t<div class=\"elementor-element elementor-element-31d07739 elementor-widget elementor-widget-heading\" data-id=\"31d07739\" data-element_type=\"widget\" data-e-type=\"widget\" data-widget_type=\"heading.default\">\n\t\t\t\t\t<h2 class=\"elementor-heading-title elementor-size-default\">Nafn og heiti<\/h2>\t\t\t\t<\/div>\n\t\t<div class=\"elementor-element elementor-element-b7642947 e-con-full e-flex e-con e-child\" data-id=\"b7642947\" data-element_type=\"container\" data-e-type=\"container\">\n\t\t\t\t<div class=\"elementor-element elementor-element-a086266 elementor-widget elementor-widget-text-editor\" data-id=\"a086266\" data-element_type=\"widget\" data-e-type=\"widget\" data-widget_type=\"text-editor.default\">\n\t\t\t\t\t\t\t\t\t<p>Pehar er s\u00fdndur me\u00f0 \u00e1kve\u00f0num t\u00e1knmynda\u00fe\u00e1ttum sem eru merkingarhla\u00f0nir og bera dj\u00fapa \u00fe\u00fd\u00f0ingu. \u00deessir \u00fe\u00e6ttir mi\u00f0la \u00e1 mi\u00f0l\u00e6gan h\u00e1tt hlutverki, valdauppsprettu, \u00e1byrg\u00f0arsvi\u00f0i og hlutverki \u00feessarar veru \u00ed heimsskipaninni. \u00deetta myndkerfi gerir v\u00edg\u00f0um og menningarlega fr\u00f3\u00f0um kleift a\u00f0 skilja hina dj\u00fapu merkingu.<\/p><p>Pehar birtist \u00ed t\u00edbetskri myndlist me\u00f0 fastm\u00f3tu\u00f0um einkennum: hv\u00edtum hringlaga hatti, rei\u00f0d\u00fdri, vopnum og herkl\u00e6\u00f0um andakonungs. Nechung-v\u00e9fr\u00e9ttin fylgir einnig hef\u00f0bundnu \u00fatliti, \u00fear sem \u00feungur helgigripahj\u00e1lmur hans og speglabrynja gefa til kynna komu verndarandans. Fr\u00e1 \u00fev\u00ed Padmasambhava batt andann ei\u00f0i, samkv\u00e6mt hef\u00f0inni, hafa klaustrin var\u00f0veitt \u00feessa mynd \u00f3breytta, svo a\u00f0 Pehar er au\u00f0greinanlegur \u00ed veggm\u00e1lverkum og ath\u00f6fnum.<\/p>\t\t\t\t\t\t\t\t<\/div>\n\t\t\t\t<\/div>\n\t\t\t\t\t<\/div>\n\t\t\t\t<\/div>\n\t\t<div class=\"elementor-element elementor-element-709a44a8 e-flex e-con-boxed e-con e-parent\" data-id=\"709a44a8\" data-element_type=\"container\" data-e-type=\"container\">\n\t\t\t\t\t<div class=\"e-con-inner\">\n\t\t\t\t<div class=\"elementor-element elementor-element-2f585873 elementor-widget elementor-widget-heading\" data-id=\"2f585873\" data-element_type=\"widget\" data-e-type=\"widget\" data-widget_type=\"heading.default\">\n\t\t\t\t\t<h2 class=\"elementor-heading-title elementor-size-default\">L\u00fdsing<\/h2>\t\t\t\t<\/div>\n\t\t<div class=\"elementor-element elementor-element-70621c12 e-con-full e-flex e-con e-child\" data-id=\"70621c12\" data-element_type=\"container\" data-e-type=\"container\">\n\t\t\t\t<div class=\"elementor-element elementor-element-4296eb49 elementor-widget elementor-widget-text-editor\" data-id=\"4296eb49\" data-element_type=\"widget\" data-e-type=\"widget\" data-widget_type=\"text-editor.default\">\n\t\t\t\t\t\t\t\t\t<p>Pehar var lykil\u00fe\u00e1ttur \u00ed tr\u00faarlegri i\u00f0kun og daglegri skilningi T\u00edbeta. F\u00f3lk leita\u00f0i til \u00feessarar veru \u00ed erfi\u00f0um a\u00f0st\u00e6\u00f0um e\u00f0a \u00e1 tilteknum \u00e1rst\u00ed\u00f0um tengdum tr\u00faarlegum ath\u00f6fnum, me\u00f0 skipul\u00f6g\u00f0um rit\u00faalum, b\u00e6num e\u00f0a f\u00f3rnargj\u00f6fum. I\u00f0kunin var n\u00e1kv\u00e6mlega var\u00f0veitt \u00ed arfi og oft undir lei\u00f0s\u00f6gn presta e\u00f0a s\u00e9rfr\u00e6\u00f0inga.<\/p><p>A\u00f0 t\u00edbetska r\u00edki\u00f0 hafi r\u00e1\u00f0f\u00e6rt sig vi\u00f0 Nechung-v\u00e9fr\u00e9ttina \u00ed mikilv\u00e6gum \u00e1kv\u00f6r\u00f0unum um margar aldir s\u00fdnir hversu mikils vir\u00f0i \u00feessi bundni verndarandi var talinn. Hlutverk Pehars var marg\u00fe\u00e6tt: hann \u00e1tti a\u00f0 afst\u00fdra h\u00e6ttum fyrir kenninguna og stj\u00f3rnina \u00e1\u00f0ur en \u00fe\u00e6r ur\u00f0u a\u00f0 veruleika, v\u00edsa lei\u00f0ir \u00fat \u00far yfirstandandi kreppum \u00ed gegnum v\u00e9fr\u00e9ttarmi\u00f0ilinn, fylgja mikilv\u00e6gum umbreytingum eins og leitinni a\u00f0 n\u00fdjum Dalai Lama og standa v\u00f6r\u00f0 um klaustrin til varanlegrar verndar sem ei\u00f0svarinn v\u00f6r\u00f0ur.<\/p><p><strong>\u00c1s\u00fdnd og t\u00e1knm\u00e1l<\/strong><\/p><p><em>Pehar<\/em> er oft s\u00fdndur sem str\u00ed\u00f0sma\u00f0ur e\u00f0a sem g\u00e1tukennt yfirn\u00e1tt\u00farulegt <span class=\"iwg-fachbegriff\" data-tooltip=\"Vera \u00e1n l\u00edkama sem s\u00f6g\u00f0 er hafa \u00e1hrif \u00ed heiminum.\" tabindex=\"0\">vera<\/span> me\u00f0 breytilegri \u00e1s\u00fdnd. <span class=\"iwg-fachbegriff\" data-tooltip=\"Fr\u00e6\u00f0i um myndefni og merkingu \u00feeirra.\" tabindex=\"0\">T\u00e1knfr\u00e6\u00f0i<\/span> hans er margbreytileg: sumar myndir s\u00fdna hann sem grimman v\u00edgadraug me\u00f0 vopn, a\u00f0rar sem svart-bl\u00e1tt <span class=\"iwg-fachbegriff\" data-tooltip=\"Vera \u00e1n l\u00edkama sem s\u00f6g\u00f0 er hafa \u00e1hrif \u00ed heiminum.\" tabindex=\"0\">vera<\/span> vafin logum. Hann kl\u00e6\u00f0ist oft herkl\u00e6\u00f0um og er t\u00e1kn fyrir str\u00ed\u00f0sanda verndar. Rei\u00f0skj\u00f3ti hans er \u00fdmist fugl e\u00f0a vofa.<\/p>\t\t\t\t\t\t\t\t<\/div>\n\t\t\t\t<\/div>\n\t\t\t\t\t<\/div>\n\t\t\t\t<\/div>\n\t\t<div class=\"elementor-element elementor-element-44e71476 e-flex e-con-boxed e-con e-parent\" data-id=\"44e71476\" data-element_type=\"container\" data-e-type=\"container\">\n\t\t\t\t\t<div class=\"e-con-inner\">\n\t\t\t\t<div class=\"elementor-element elementor-element-3c1fc3f0 elementor-widget elementor-widget-heading\" data-id=\"3c1fc3f0\" data-element_type=\"widget\" data-e-type=\"widget\" data-widget_type=\"heading.default\">\n\t\t\t\t\t<div class=\"elementor-heading-title elementor-size-default\">Yfirlit: Pehar<\/div>\t\t\t\t<\/div>\n\t\t<div class=\"elementor-element elementor-element-84f33b8e e-con-full e-flex e-con e-child\" data-id=\"84f33b8e\" data-element_type=\"container\" data-e-type=\"container\">\n\t\t\t\t<div class=\"elementor-element elementor-element-hqkdc67p elementor-widget elementor-widget-text-editor\" data-id=\"hqkdc67p\" data-element_type=\"widget\" data-e-type=\"widget\" data-widget_type=\"text-editor.default\">\n\t\t\t\t\t\t\t\t\t<p><span data-nosnippet>Mikilv\u00e6gustu atri\u00f0in um Pehar \u00ed hnotskurn. Eftirfarandi svi\u00f0 draga saman uppruna, hlutverk, \u00e1s\u00fdnd, d\u00fdrkun, t\u00e1kn og menningarlega hli\u00f0st\u00e6\u00f0ur og byggja \u00e1 hinum kan\u00f3n\u00edsku rit\u00faaltextum Nyingma- og Geluk-sk\u00f3lanna auk s\u00f6gulegra fr\u00e1sagna um Nechung-v\u00e9fr\u00e9ttina, sem t\u00e1kna\u00f0i Pehar sem r\u00edkisv\u00e9fr\u00e9tt \u00ed Potala-h\u00f6llinni allt til 1959.<\/span><\/p>\t\t\t\t\t\t\t\t<\/div>\n\t\t\t\t<\/div>\n\t\t<div class=\"elementor-element elementor-element-pemmx7c5 e-con-full e-flex e-con e-child\" data-id=\"pemmx7c5\" data-element_type=\"container\" data-e-type=\"container\">\n\t\t<div class=\"elementor-element elementor-element-pemmx7c1 e-con-full e-flex e-con e-child\" data-id=\"pemmx7c1\" data-element_type=\"container\" data-e-type=\"container\">\n\t\t<div class=\"elementor-element elementor-element-qh9oavvu iwg-steckbrief-card e-flex e-con-boxed e-con e-child\" data-id=\"qh9oavvu\" data-element_type=\"container\" data-e-type=\"container\">\n\t\t\t\t\t<div class=\"e-con-inner\">\n\t\t\t\t<div class=\"elementor-element elementor-element-awzx8k2k elementor-widget elementor-widget-heading\" data-id=\"awzx8k2k\" data-element_type=\"widget\" data-e-type=\"widget\" data-widget_type=\"heading.default\">\n\t\t\t\t\t<h3 class=\"elementor-heading-title elementor-size-default\">Menningarsamhengi<\/h3>\t\t\t\t<\/div>\n\t\t\t\t<div class=\"elementor-element elementor-element-x6rowhv0 elementor-widget elementor-widget-text-editor\" data-id=\"x6rowhv0\" data-element_type=\"widget\" data-e-type=\"widget\" data-widget_type=\"text-editor.default\">\n\t\t\t\t\t\t\t\t\t<p>Pehar var upphaflega, samkv\u00e6mt t\u00edbetskri hef\u00f0, <em>voldugur dj\u00f6fla-konungur<\/em> mong\u00f3lskrar e\u00f0a hor-\u00fej\u00f3\u00f0tr\u00faar, sem Padmasambhava lag\u00f0i undir sig vi\u00f0 \u00fatbrei\u00f0slu b\u00faddisma \u00ed T\u00edbet og batt me\u00f0 verndar-ei\u00f0i vi\u00f0 <span class=\"iwg-fachbegriff\" data-tooltip=\"\u00cd indverskum tr\u00faarbr\u00f6g\u00f0um kenningin og r\u00e9tt regla athafna.\" tabindex=\"0\">dharma<\/span>, d\u00e6migert form t\u00edbetskrar saml\u00f6gunar (fornar \u00fej\u00f3\u00f0gu\u00f0ir teknar inn \u00ed b\u00faddiska kerfi\u00f0 sem \u201eumbreyttar\u201c verndargu\u00f0ir).<\/p><p>H\u00f6fu\u00f0konungur hinna fimm <em>Gyalpo<\/em>-verndargu\u00f0a (Tsiu Marpo o.fl.).<\/p>\t\t\t\t\t\t\t\t<\/div>\n\t\t\t\t\t<\/div>\n\t\t\t\t<\/div>\n\t\t<div class=\"elementor-element elementor-element-8e3o4kxs iwg-steckbrief-card e-flex e-con-boxed e-con e-child\" data-id=\"8e3o4kxs\" data-element_type=\"container\" data-e-type=\"container\">\n\t\t\t\t\t<div class=\"e-con-inner\">\n\t\t\t\t<div class=\"elementor-element elementor-element-08rkdgov elementor-widget elementor-widget-heading\" data-id=\"08rkdgov\" data-element_type=\"widget\" data-e-type=\"widget\" data-widget_type=\"heading.default\">\n\t\t\t\t\t<h3 class=\"elementor-heading-title elementor-size-default\">Tengt vi\u00f0<\/h3>\t\t\t\t<\/div>\n\t\t\t\t<div class=\"elementor-element elementor-element-uwjelx8s elementor-widget elementor-widget-text-editor\" data-id=\"uwjelx8s\" data-element_type=\"widget\" data-e-type=\"widget\" data-widget_type=\"text-editor.default\">\n\t\t\t\t\t\t\t\t\t<p>H\u00f6fu\u00f0dharmapala (verndar-<span class=\"iwg-fachbegriff\" data-tooltip=\"Vera sem d\u00fdrku\u00f0 er sem gu\u00f0leg innan tr\u00faarbrag\u00f0a.\" tabindex=\"0\">gu\u00f0<\/span>) Nyingma-b\u00faddisma og t\u00edbetsku stj\u00f3rnarinnar. \u00c1hrif hans birtast gegnum <em>Nechung-<span class=\"iwg-fachbegriff\" data-tooltip=\"Sta\u00f0ur e\u00f0a stofnun \u00fear sem leita\u00f0 er gu\u00f0legs svars.\" tabindex=\"0\">v\u00e9fr\u00e9tt<\/span>-transinn<\/em>: s\u00e9rstaklega \u00fatvalinn munkur (Kuten) er, gegnum vanda\u00f0 <span class=\"iwg-fachbegriff\" data-tooltip=\"Skipul\u00f6g\u00f0 r\u00f6\u00f0 t\u00e1knr\u00e6nna athafna me\u00f0 tr\u00faarlegri e\u00f0a menningarlegri merkingu.\" tabindex=\"0\">rit\u00faal<\/span>, tekinn af Pehar, talar \u00ed <span class=\"iwg-fachbegriff\" tabindex=\"0\" data-tooltip=\"Breytt vitundar\u00e1stand me\u00f0 \u00fer\u00f6ngri einbeitingu; framkalla\u00f0 af \u00e1setningi \u00ed sjaman\u00edskri og mi\u00f0ilslegri i\u00f0kun.\">transi<\/span> sv\u00f6r vi\u00f0 spurningum stj\u00f3rnvalda og segir fyrir um p\u00f3lit\u00edskar og herna\u00f0arlegar \u00e1kvar\u00f0anir.<\/p><p>Fr\u00e1 5. Dalai Lama (17. \u00f6ld) allt til t\u00edbetsku \u00fatlagastj\u00f3rnarinnar var Pehar r\u00e1\u00f0f\u00e6r\u00f0ur \u00ed gegnum Nechung-<span class=\"iwg-fachbegriff\" data-tooltip=\"Sta\u00f0ur e\u00f0a stofnun \u00fear sem leita\u00f0 er gu\u00f0legs svars.\" tabindex=\"0\">v\u00e9fr\u00e9ttina<\/span> vi\u00f0 hverja mikilv\u00e6ga stj\u00f3rnar\u00e1kv\u00f6r\u00f0un.<\/p>\t\t\t\t\t\t\t\t<\/div>\n\t\t\t\t\t<\/div>\n\t\t\t\t<\/div>\n\t\t<div class=\"elementor-element elementor-element-jm2n74ec iwg-steckbrief-card e-flex e-con-boxed e-con e-child\" data-id=\"jm2n74ec\" data-element_type=\"container\" data-e-type=\"container\">\n\t\t\t\t\t<div class=\"e-con-inner\">\n\t\t\t\t<div class=\"elementor-element elementor-element-8vufse4c elementor-widget elementor-widget-heading\" data-id=\"8vufse4c\" data-element_type=\"widget\" data-e-type=\"widget\" data-widget_type=\"heading.default\">\n\t\t\t\t\t<h3 class=\"elementor-heading-title elementor-size-default\">Form<\/h3>\t\t\t\t<\/div>\n\t\t\t\t<div class=\"elementor-element elementor-element-mwb9u015 elementor-widget elementor-widget-text-editor\" data-id=\"mwb9u015\" data-element_type=\"widget\" data-e-type=\"widget\" data-widget_type=\"text-editor.default\">\n\t\t\t\t\t\t\t\t\t<p>Skelfileg mannsmynd me\u00f0 \u00ferj\u00fa h\u00f6fu\u00f0 (\u00ed sumum \u00fatg\u00e1fum) e\u00f0a eitt h\u00f6fu\u00f0, \u00ferj\u00fa augu, lj\u00f3st e\u00f0a d\u00f6kkt andlit. Kl\u00e6\u00f0ist litr\u00edkum hir\u00f0kl\u00e6\u00f0um me\u00f0 t\u00edgrisfeldskufl og emb\u00e6ttishatti. \u00cd h\u00f6ndum: <em>sver\u00f0<\/em>, <em>boga og \u00f6rvar<\/em>, <em>lasso<\/em>, <em>d\u00fdrm\u00e6tan staf<\/em>. R\u00ed\u00f0ur t\u00edgrisd\u00fdri, lj\u00f3ni e\u00f0a hesti.<\/p><p>\u00cd Nechung-trans-<span class=\"iwg-fachbegriff\" data-tooltip=\"Skipul\u00f6g\u00f0 r\u00f6\u00f0 t\u00e1knr\u00e6nna athafna me\u00f0 tr\u00faarlegri e\u00f0a menningarlegri merkingu.\" tabindex=\"0\">rit\u00faalinu<\/span> er Kuten kl\u00e6ddur einkennisb\u00faningi Pehars (margskiptum br\u00f3ka\u00f0kufli, \u00feungum hj\u00e1lmi, sver\u00f0i) sem gerir hann a\u00f0 lifandi \u00e1s\u00fdnd Pehars.<\/p>\t\t\t\t\t\t\t\t<\/div>\n\t\t\t\t\t<\/div>\n\t\t\t\t<\/div>\n\t\t\t\t<\/div>\n\t\t<div class=\"elementor-element elementor-element-pemmx7c2 e-con-full e-flex e-con e-child\" data-id=\"pemmx7c2\" data-element_type=\"container\" data-e-type=\"container\">\n\t\t<div class=\"elementor-element elementor-element-37ss2yr6 iwg-steckbrief-card e-flex e-con-boxed e-con e-child\" data-id=\"37ss2yr6\" data-element_type=\"container\" data-e-type=\"container\">\n\t\t\t\t\t<div class=\"e-con-inner\">\n\t\t\t\t<div class=\"elementor-element elementor-element-3v0wp3wx elementor-widget elementor-widget-heading\" data-id=\"3v0wp3wx\" data-element_type=\"widget\" data-e-type=\"widget\" data-widget_type=\"heading.default\">\n\t\t\t\t\t<h3 class=\"elementor-heading-title elementor-size-default\">I\u00f0ja<\/h3>\t\t\t\t<\/div>\n\t\t\t\t<div class=\"elementor-element elementor-element-w3247g2m elementor-widget elementor-widget-text-editor\" data-id=\"w3247g2m\" data-element_type=\"widget\" data-e-type=\"widget\" data-widget_type=\"text-editor.default\">\n\t\t\t\t\t\t\t\t\t<p><strong>\u00c1hrifasvi\u00f0:<\/strong> Pehar er d\u00fdrka\u00f0ur \u00ed hverju Nyingma-klaustri. H\u00f6fu\u00f0d\u00fdrkunin er <em>Nechung-<span class=\"iwg-fachbegriff\" data-tooltip=\"Sta\u00f0ur e\u00f0a stofnun \u00fear sem leita\u00f0 er gu\u00f0legs svars.\" tabindex=\"0\">v\u00e9fr\u00e9ttar<\/span>&#8211;<span class=\"iwg-fachbegriff\" data-tooltip=\"Fastm\u00f3tu\u00f0, endurtekin tr\u00faarleg ath\u00f6fn.\" tabindex=\"0\">si\u00f0urinn<\/span><\/em>, ein af fr\u00e6gustu trans-hef\u00f0um tr\u00faarbrag\u00f0a heimsins.<\/p><p>Kuten er, me\u00f0 langri huglei\u00f0sluundirb\u00faningi, leiddur \u00ed trans\u00e1stand, kl\u00e6ddur b\u00faningi Pehars og skrifar sv\u00f6r s\u00edn vi\u00f0 spurningum stj\u00f3rnvalda af krafti og \u00ed forneskjulegum, sp\u00e1d\u00f3mskenndum st\u00edl. \u00cd pers\u00f3nulegri heimad\u00fdrkun er <span class=\"iwg-fachbegriff\" data-tooltip=\"B\u00e6narleg e\u00f0a \u00e1kallandi \u00e1varp til gu\u00f0s e\u00f0a m\u00e1ttar.\" tabindex=\"0\">\u00e1kall<\/span> gert um verndun gegn dj\u00f6fullegum \u00e1reitum.<\/p>\t\t\t\t\t\t\t\t<\/div>\n\t\t\t\t\t<\/div>\n\t\t\t\t<\/div>\n\t\t<div class=\"elementor-element elementor-element-0qpjal9w iwg-steckbrief-card e-flex e-con-boxed e-con e-child\" data-id=\"0qpjal9w\" data-element_type=\"container\" data-e-type=\"container\">\n\t\t\t\t\t<div class=\"e-con-inner\">\n\t\t\t\t<div class=\"elementor-element elementor-element-6ndoih0o elementor-widget elementor-widget-heading\" data-id=\"6ndoih0o\" data-element_type=\"widget\" data-e-type=\"widget\" data-widget_type=\"heading.default\">\n\t\t\t\t\t<h3 class=\"elementor-heading-title elementor-size-default\">Verndargripir<\/h3>\t\t\t\t<\/div>\n\t\t\t\t<div class=\"elementor-element elementor-element-6684tyh9 elementor-widget elementor-widget-text-editor\" data-id=\"6684tyh9\" data-element_type=\"widget\" data-e-type=\"widget\" data-widget_type=\"text-editor.default\">\n\t\t\t\t\t\t\t\t\t<p>Sver\u00f0, bogi og \u00f6rvar, lasso, t\u00edgrisfeldur, emb\u00e6ttishattur, d\u00fdrm\u00e6tur stafur. Rei\u00f0skj\u00f3ti: t\u00edgrisd\u00fdr, lj\u00f3n e\u00f0a hestur. Heil\u00f6g d\u00fdr: t\u00edgrisd\u00fdr. \u00cd Nechung-trans: \u00feungur hj\u00e1lmur, margskiptur br\u00f3ka\u00f0i. Heil\u00f6gir litir: fj\u00f6lbreyttir og litr\u00edkir (\u00f3l\u00edkt hinum eint\u00f3na sv\u00f6rtu Mahakala-myndum).<\/p>\t\t\t\t\t\t\t\t<\/div>\n\t\t\t\t\t<\/div>\n\t\t\t\t<\/div>\n\t\t<div class=\"elementor-element elementor-element-3lfi7x32 iwg-steckbrief-card e-flex e-con-boxed e-con e-child\" data-id=\"3lfi7x32\" data-element_type=\"container\" data-e-type=\"container\">\n\t\t\t\t\t<div class=\"e-con-inner\">\n\t\t\t\t<div class=\"elementor-element elementor-element-0kg99ga1 elementor-widget elementor-widget-heading\" data-id=\"0kg99ga1\" data-element_type=\"widget\" data-e-type=\"widget\" data-widget_type=\"heading.default\">\n\t\t\t\t\t<h3 class=\"elementor-heading-title elementor-size-default\">Samb\u00e6rilegt<\/h3>\t\t\t\t<\/div>\n\t\t\t\t<div class=\"elementor-element elementor-element-n0fum6kp elementor-widget elementor-widget-text-editor\" data-id=\"n0fum6kp\" data-element_type=\"widget\" data-e-type=\"widget\" data-widget_type=\"text-editor.default\">\n\t\t\t\t\t\t\t\t\t<p><em>Mahakala<\/em> (b\u00faddismi, tengd grimm verndar-<span class=\"iwg-fachbegriff\" data-tooltip=\"Vera sem d\u00fdrku\u00f0 er sem gu\u00f0leg innan tr\u00faarbrag\u00f0a.\" tabindex=\"0\">gu\u00f0<\/span>), <em>Palden Lhamo<\/em> (b\u00faddismi, kvenkyns verndargy\u00f0ja Gelug-hef\u00f0arins), <em>Yamantaka<\/em> (b\u00faddismi), <em>Tsiu Marpo<\/em> (b\u00faddismi, einn af fimm Gyalpo-verndargu\u00f0um undir Pehar), <em>Hayagriva<\/em> (b\u00faddismi).<\/p><p>\u00cd hinni hnattr\u00e6nu verndargu\u00f0ahef\u00f0: <em>Lugal-irra og Meslamta-ea<\/em> (Mes\u00f3p\u00f3tam\u00eda, ver\u00f0ir Nergals), <em>Set<\/em> (Egyptaland, verndari s\u00f3larb\u00e1ta), <em>heilagur M\u00edkael<\/em> (kristni, verndarerkiengill). Trans-<span class=\"iwg-fachbegriff\" data-tooltip=\"Sta\u00f0ur e\u00f0a stofnun \u00fear sem leita\u00f0 er gu\u00f0legs svars.\" tabindex=\"0\">v\u00e9fr\u00e9ttarhef\u00f0<\/span> Pehars \u00e1 s\u00e9r hli\u00f0st\u00e6\u00f0ur \u00ed P\u00fd\u00fe\u00edu \u00ed Delf\u00ed og hinum sj\u00e1lfum s\u00e9r yfirstignu sp\u00e1m\u00f6nnum fornaldar.<\/p>\t\t\t\t\t\t\t\t<\/div>\n\t\t\t\t\t<\/div>\n\t\t\t\t<\/div>\n\t\t\t\t<\/div>\n\t\t\t\t<\/div>\n\t\t\t\t\t<\/div>\n\t\t\t\t<\/div>\n\t\t<div class=\"elementor-element elementor-element-5a584676 e-flex e-con-boxed e-con e-parent\" data-id=\"5a584676\" data-element_type=\"container\" data-e-type=\"container\">\n\t\t\t\t\t<div class=\"e-con-inner\">\n\t\t\t\t<div class=\"elementor-element elementor-element-6d0757bf elementor-widget elementor-widget-heading\" data-id=\"6d0757bf\" data-element_type=\"widget\" data-e-type=\"widget\" data-widget_type=\"heading.default\">\n\t\t\t\t\t<h2 class=\"elementor-heading-title elementor-size-default\">Pehar, hli\u00f0st\u00e6\u00f0ur \u00ed \u00f6\u00f0rum menningarheimum<\/h2>\t\t\t\t<\/div>\n\t\t<div class=\"elementor-element elementor-element-60563f68 e-con-full e-flex e-con e-child\" data-id=\"60563f68\" data-element_type=\"container\" data-e-type=\"container\">\n\t\t\t\t<div class=\"elementor-element elementor-element-5a93fdd6 elementor-widget elementor-widget-text-editor\" data-id=\"5a93fdd6\" data-element_type=\"widget\" data-e-type=\"widget\" data-widget_type=\"text-editor.default\">\n\t\t\t\t\t\t\t\t\t<p>Ei\u00f0a- og v\u00e9fr\u00e9ttagu\u00f0ir, bundnir vi\u00f0 <span class=\"iwg-fachbegriff\" data-tooltip=\"Bygging sem notu\u00f0 er til d\u00fdrkunar \u00e1 einum e\u00f0a fleiri gu\u00f0um.\" tabindex=\"0\">musteri<\/span> e\u00f0a <span class=\"iwg-fachbegriff\" data-tooltip=\"Skipul\u00f6g\u00f0 r\u00f6\u00f0 t\u00e1knr\u00e6nna athafna me\u00f0 tr\u00faarlega e\u00f0a menningarlega merkingu.\" tabindex=\"0\">helgisi\u00f0i<\/span>, \u00feekkjast \u00ed m\u00f6rgum h\u00e1\u00fer\u00f3u\u00f0um menningarheimum, allt fr\u00e1 gr\u00edska Apollon \u00ed Delf\u00ed til mes\u00f3p\u00f3tam\u00edska \u0160ama\u0161; hlutverk Pehars sem r\u00edkisv\u00e9fr\u00e9ttar Gelug-sk\u00f3lans hefur \u00fear samb\u00e6rilega st\u00f6\u00f0u.<\/p>\n<p><strong>Gy\u00f0ingleg hef\u00f0:<\/strong> <span class=\"iwg-fachbegriff\" data-tooltip=\"Andleg vera sem talin er valda ska\u00f0legum e\u00f0a tv\u00edr\u00e6\u00f0um \u00e1hrifum.\" tabindex=\"0\">Dj\u00f6fsi<\/span> sem sk\u00f6punarafl, sem umbreytt er me\u00f0 \u00fatrekstri illra anda, deilir me\u00f0 umbreytingars\u00f6gu Pehars r\u00f6kfr\u00e6\u00f0i undirokunar og endurn\u00fdjunar.<\/p><p><strong>Gr\u00edsk-r\u00f3mverski heimurinn:<\/strong> Mars\/Ares sem hersk\u00e1tt afl og heimssmi\u00f0urinn Platons deila me\u00f0 Pehar m\u00f6guleikanum \u00e1 si\u00f0fer\u00f0ilegri umbreytingu \u00far hr\u00e1rri orku.<\/p><p><strong>Germ\u00f6nsk hef\u00f0:<\/strong> Innlimun sta\u00f0bundinna sk\u00f3garanda og landv\u00e6tta \u00ed kristnina er hli\u00f0st\u00e6\u00f0 innlimun Pehars \u00ed b\u00faddisma, hvort tveggja s\u00fdnir ferli menningarlegrar a\u00f0l\u00f6gunar.<\/p><p><strong>Hind\u00faasi\u00f0ur:<\/strong> Ganesha, upphaflega hindrunar<span class=\"iwg-fachbegriff\" data-tooltip=\"Andleg vera sem talin er valda ska\u00f0legum e\u00f0a tv\u00edr\u00e6\u00f0um \u00e1hrifum.\" tabindex=\"0\">dj\u00f6fsinn<\/span>, sem s\u00ed\u00f0ar var umbreytt \u00ed blessunarveitanda, fylgir s\u00f6mu go\u00f0sagnalegu r\u00f6kfr\u00e6\u00f0i og Pehar.<\/p>\t\t\t\t\t\t\t\t<\/div>\n\t\t\t\t<\/div>\n\t\t\t\t\t<\/div>\n\t\t\t\t<\/div>\n\t\t<div class=\"elementor-element elementor-element-cp099086a e-flex e-con-boxed e-con e-parent\" data-id=\"cp099086a\" data-element_type=\"container\" data-e-type=\"container\">\n\t\t\t\t\t<div class=\"e-con-inner\">\n\t\t\t\t<div class=\"elementor-element elementor-element-cp2e0295e elementor-widget elementor-widget-heading\" data-id=\"cp2e0295e\" data-element_type=\"widget\" data-e-type=\"widget\" data-widget_type=\"heading.default\">\n\t\t\t\t\t<h2 class=\"elementor-heading-title elementor-size-default\">Pehar og v\u00e9fr\u00e9ttarr\u00edki\u00f0 Nechung<\/h2>\t\t\t\t<\/div>\n\t\t<div class=\"elementor-element elementor-element-cpd381e13 e-con-full e-flex e-con e-child\" data-id=\"cpd381e13\" data-element_type=\"container\" data-e-type=\"container\">\n\t\t\t\t<div class=\"elementor-element elementor-element-cp8ff9c79 elementor-widget elementor-widget-text-editor\" data-id=\"cp8ff9c79\" data-element_type=\"widget\" data-e-type=\"widget\" data-widget_type=\"text-editor.default\">\n\t\t\t\t\t\t\t\t\t<p>Mesta s\u00f6guleg \u00fe\u00fd\u00f0ing Pehars kemur fr\u00e1 tengslum hans vi\u00f0 <span class=\"iwg-fachbegriff\" data-tooltip=\"Sta\u00f0ur e\u00f0a stofnun \u00fear sem leita\u00f0 er gu\u00f0legra svara.\" tabindex=\"0\">v\u00e9fr\u00e9ttina<\/span> \u00ed Nechung. Klaustri\u00f0 Nechung, sta\u00f0sett n\u00e1l\u00e6gt hinu st\u00f3ra klaustri Drepung vi\u00f0 Lhasa, hefur fr\u00e1 17. \u00f6ld veri\u00f0 a\u00f0setur r\u00edkisv\u00e9fr\u00e9ttar T\u00edbets.<\/p><p>H\u00f6fu\u00f0gu\u00f0in sem tilbe\u00f0in er h\u00e9r er Dorje Drakden, sem \u00ed t\u00edbetskri hef\u00f0 er talin birtingarmynd e\u00f0a n\u00e1kominn f\u00f6runautur Pehars. \u00cd gegnum mi\u00f0il Nechung-v\u00e9fr\u00e9ttarins tala\u00f0i \u00feessi andakraftur til \u00e6\u00f0stu stofnana t\u00edbetskrar r\u00edkisstj\u00f3rnar \u00ed trans-ath\u00f6fnum.<\/p><p><span data-nosnippet>Uppgangur Pehars sem r\u00edkisverndara er \u00ed hef\u00f0inni tengdur fimmta Dalai Lama (1617 til 1682), en \u00e1 valdat\u00edma hans n\u00e1\u00f0i stofnun Nechung-v\u00e9fr\u00e9ttarins sinni mikilv\u00e6gu stj\u00f3rnm\u00e1lalegu st\u00f6\u00f0u. Leita\u00f0 var til <span class=\"iwg-fachbegriff\" data-tooltip=\"Sta\u00f0ur e\u00f0a stofnun \u00fear sem leita\u00f0 er gu\u00f0legra svara.\" tabindex=\"0\">v\u00e9fr\u00e9ttarins<\/span> \u00ed r\u00edkism\u00e1lefnum, vi\u00f0 leit a\u00f0 endurholdgunum h\u00e1ttsettra l\u00e6rimeistara og \u00e1 t\u00edmum kreppu.<\/span><\/p><p>Tr\u00faarfr\u00e6\u00f0ileg fr\u00e6\u00f0irit, svo sem ranns\u00f3knir Ren\u00e9 de Nebesky-Wojkowitz og n\u00fdrri verk Christopher Bell um Pehar og Nechung, s\u00fdna a\u00f0 trans-athafnirnar fylgdu \u00e1kve\u00f0nu f\u00f6stu helgisi\u00f0aferli \u00fear sem mi\u00f0illinn bar \u00feungan h\u00f6fu\u00f0b\u00fana\u00f0 settan speglum.<\/p><p>Stofnunin hefur einnig lifa\u00f0 af \u00ed \u00fatleg\u00f0. Eftir 1959 var Nechung-<span class=\"iwg-fachbegriff\" data-tooltip=\"Sta\u00f0ur e\u00f0a stofnun \u00fear sem leita\u00f0 er gu\u00f0legra svara.\" tabindex=\"0\">v\u00e9fr\u00e9ttin<\/span> endurstofnu\u00f0 n\u00e1l\u00e6gt a\u00f0setri Dalai Lama \u00ed Dharamsala \u00e1 Indlandi.<\/p><p>\u00deannig er Pehar einn af f\u00e1um t\u00edbetskum \u00f6ndum \u00fear sem helgisi\u00f0aframkv\u00e6mdin er skjalfest samfellt allt til n\u00fat\u00edmans. Ranns\u00f3knir hafa gefi\u00f0 t\u00e6kif\u00e6ri til a\u00f0 bera saman texthef\u00f0, myndl\u00fdsingu og lifa\u00f0 <span class=\"iwg-fachbegriff\" data-tooltip=\"Skipul\u00f6g\u00f0 atbur\u00f0ar\u00f6\u00f0 t\u00e1kngj\u00f6r\u00f0a me\u00f0 tr\u00faarlegri e\u00f0a menningarlegri \u00fe\u00fd\u00f0ingu.\" tabindex=\"0\">helgisi\u00f0i<\/span> me\u00f0 beinum h\u00e6tti, sem gerir Pehar a\u00f0 lykilford\u00e6mi fyrir ranns\u00f3knir \u00e1 t\u00edbetskum verndargu\u00f0um.<\/p>\t\t\t\t\t\t\t\t<\/div>\n\t\t\t\t<\/div>\n\t\t\t\t\t<\/div>\n\t\t\t\t<\/div>\n\t\t<div class=\"elementor-element elementor-element-cp8b30e2a e-flex e-con-boxed e-con e-parent\" data-id=\"cp8b30e2a\" data-element_type=\"container\" data-e-type=\"container\">\n\t\t\t\t\t<div class=\"e-con-inner\">\n\t\t\t\t<div class=\"elementor-element elementor-element-cp5cc955c elementor-widget elementor-widget-heading\" data-id=\"cp5cc955c\" data-element_type=\"widget\" data-e-type=\"widget\" data-widget_type=\"heading.default\">\n\t\t\t\t\t<h2 class=\"elementor-heading-title elementor-size-default\">Uppruna\u00ads\u00f6gur og bindingin af hendi Padmasambhava<\/h2>\t\t\t\t<\/div>\n\t\t<div class=\"elementor-element elementor-element-cpb519e01 e-con-full e-flex e-con e-child\" data-id=\"cpb519e01\" data-element_type=\"container\" data-e-type=\"container\">\n\t\t\t\t<div class=\"elementor-element elementor-element-cp171665f elementor-widget elementor-widget-text-editor\" data-id=\"cp171665f\" data-element_type=\"widget\" data-e-type=\"widget\" data-widget_type=\"text-editor.default\">\n\t\t\t\t\t\t\t\t\t<p>T\u00edbetsk <span class=\"iwg-fachbegriff\" data-tooltip=\"Mi\u00f0lun \u00feekkingar og sagna milli kynsl\u00f3\u00f0a.\" tabindex=\"0\">munnm\u00e6li<\/span> \u00feekkja nokkrar s\u00f6gur um uppruna Pehars. \u00datbreidd \u00fatg\u00e1fa tengir hann erlendum, ekki-t\u00edbetskum uppruna og nefnir umhverfi \u00ed Mi\u00f0-As\u00edu e\u00f0a Mong\u00f3l\u00edu.<\/p><p>Pehar birtist h\u00e9r sem upphaflega utana\u00f0komandi andakraftur sem var flutt til T\u00edbet. Ein hef\u00f0 tengir bindingu hans vi\u00f0 b\u00faddisma vi\u00f0 stofnun klaustursins Samye \u00e1 8. \u00f6ld, fyrsta b\u00fadd\u00edska klaustri T\u00edbets.<\/p><p>Samkv\u00e6mt \u00feessari s\u00f6gu undiroka\u00f0i Padmasambhava, sem f\u00e6r\u00f0i t\u00edbetskum b\u00faddisma l\u00e6rd\u00f3minn, fj\u00f6lda innlendra og erlendra anda og batt \u00fe\u00e1 me\u00f0 ei\u00f0i til verndar l\u00e6rd\u00f3minum. Pehar er sag\u00f0ur hafa veri\u00f0 \u00fatnefndur verndari klaustursj\u00f3\u00f0a og musterisg\u00f3\u00f0a Samye.<\/p><p>\u00cd gegnum millistig, sem hef\u00f0in tengir vi\u00f0 \u00e1kve\u00f0in klaustur, barst <span class=\"iwg-fachbegriff\" data-tooltip=\"\u00d6ll tr\u00faarleg tilbei\u00f0sluath\u00f6fn fyrir gu\u00f0 e\u00f0a heilaga veru.\" tabindex=\"0\">tilbei\u00f0sla<\/span> hans a\u00f0 lokum til Nechung. \u00deessi flutningur tilbei\u00f0slunnar fr\u00e1 Samye \u00ed gegnum marga sta\u00f0i til Nechung er sj\u00e1lfur efni fr\u00e1sagnarlegrar \u00fatf\u00e6rslu og undirstrikar hugmyndina um a\u00f0 \u00f6flugur <span class=\"iwg-fachbegriff\" data-tooltip=\"L\u00edkamslaus vera sem s\u00f6g\u00f0 er hafa \u00e1hrif \u00ed heiminum.\" tabindex=\"0\">andi<\/span> haldist bundinn st\u00f6\u00f0um og hlutum.<\/p><p>Pehar er oft s\u00fdndur sem lei\u00f0togi h\u00f3ps fimm konungsanda, <em>rgyal po sku lnga<\/em>, sem hver er tengdur \u00e1kve\u00f0inni \u00e1tt og einkenni. Myndr\u00e6nt birtist hann yfirleitt hv\u00edtur e\u00f0a lj\u00f3s, me\u00f0 \u00ferj\u00fa andlit og sex arma, r\u00ed\u00f0andi \u00e1 lj\u00f3ni, me\u00f0 einkennist\u00e1kn eins og boga, \u00f6r og staf.<\/p><p>\u00deessi margbreytileiki, lei\u00f0togi me\u00f0 fylgdarli\u00f0i, m\u00f6rgum andlitum og \u00fatf\u00e6r\u00f0ri stigskiptingu, er einkennandi fyrir h\u00e1ttsetta t\u00edbetska verndargu\u00f0i, sem eru ekki hugsa\u00f0ir sem einangra\u00f0ar verur heldur toppur \u00e1 heilum andahir\u00f0.<\/p>\t\t\t\t\t\t\t\t<\/div>\n\t\t\t\t<\/div>\n\t\t\t\t\t<\/div>\n\t\t\t\t<\/div>\n\t\t<div class=\"elementor-element elementor-element-36dd7469 e-flex e-con-boxed e-con e-parent\" data-id=\"36dd7469\" data-element_type=\"container\" data-e-type=\"container\">\n\t\t\t\t\t<div class=\"e-con-inner\">\n\t\t\t\t<div class=\"elementor-element elementor-element-13760ab4 elementor-widget elementor-widget-heading\" data-id=\"13760ab4\" data-element_type=\"widget\" data-e-type=\"widget\" data-widget_type=\"heading.default\">\n\t\t\t\t\t<h3 class=\"elementor-heading-title elementor-size-default\">\u00cdtarefni og tenglar<\/h3>\t\t\t\t<\/div>\n\t\t<div class=\"elementor-element elementor-element-28c87796 e-con-full e-flex e-con e-child\" data-id=\"28c87796\" data-element_type=\"container\" data-e-type=\"container\">\n\t\t\t\t<div class=\"elementor-element elementor-element-5d6538df elementor-widget elementor-widget-text-editor\" data-id=\"5d6538df\" data-element_type=\"widget\" data-e-type=\"widget\" data-widget_type=\"text-editor.default\">\n\t\t\t\t\t\t\t\t\t<ul><li><a href=\"https:\/\/iwell-guard.com\/is\/?page_id=168780\">Mahakala, tengd wrathful verndarmynd<\/a><\/li><li><a href=\"https:\/\/iwell-guard.com\/is\/?page_id=168778\">Palden Lhamo, kvenkyns verndargy\u00f0ja<\/a><\/li><li><a href=\"https:\/\/iwell-guard.com\/is\/?page_id=168781\">Yamantaka, tengt wrathful yidam<\/a><\/li><li><a href=\"https:\/\/iwell-guard.com\/is\/?page_id=168817\">Hayagriva, hestsh\u00f6fu\u00f0 verndarmynd<\/a><\/li><li><a href=\"https:\/\/iwell-guard.com\/is\/?page_id=168642\">B\u00faddismi, yfirlit yfir go\u00f0aheim<\/a><\/li><li><a href=\"https:\/\/iwell-guard.com\/is\/?page_id=168707\">\u00c6\u00f0ri gu\u00f0ir, undirflokkur<\/a><\/li><\/ul>\t\t\t\t\t\t\t\t<\/div>\n\t\t\t\t<\/div>\n\t\t\t\t\t<\/div>\n\t\t\t\t<\/div>\n\t\t<div class=\"elementor-element elementor-element-grl4kl40 e-flex e-con-boxed e-con e-parent\" data-id=\"grl4kl40\" data-element_type=\"container\" data-e-type=\"container\">\n\t\t\t\t\t<div class=\"e-con-inner\">\n\t\t\t\t<div class=\"elementor-element elementor-element-bzsbfrmh elementor-widget elementor-widget-heading\" data-id=\"bzsbfrmh\" data-element_type=\"widget\" data-e-type=\"widget\" data-widget_type=\"heading.default\">\n\t\t\t\t\t<h2 class=\"elementor-heading-title elementor-size-default\">Heimildir (\u00farval)<\/h2>\t\t\t\t<\/div>\n\t\t<div class=\"elementor-element elementor-element-2c13224a e-con-full e-flex e-con e-child\" data-id=\"2c13224a\" data-element_type=\"container\" data-e-type=\"container\">\n\t\t\t\t<div class=\"elementor-element elementor-element-0eymh9ub elementor-widget elementor-widget-text-editor\" data-id=\"0eymh9ub\" data-element_type=\"widget\" data-e-type=\"widget\" data-widget_type=\"text-editor.default\">\n\t\t\t\t\t\t\t\t\t<footer class=\"iwg-literatur\" data-nosnippet=\"true\"><ul><li><span data-nosnippet>Nebesky-Wojkowitz, Ren\u00e9 de: <em>Oracles and Demons of Tibet. The Cult and Iconography of the Tibetan Protective Deities<\/em>. The Hague 1956 (Standardverk).<\/span><\/li><li><span data-nosnippet>Karmay, Samten G.: <em>The Arrow and the Spindle. Studies in History, Myths, Rituals and Beliefs in Tibet<\/em>. Kathmandu 1998.<\/span><\/li><li>Walde, Christine (ritstj.): <em>Der Neue Pauly<\/em> (f\u00e6rsla &bdquo;Pehar&ldquo;).<\/li><\/ul><\/footer>\n<p class=\"iwg-bib-more\"><span data-nosnippet>Fleiri heimildaskr\u00e1r \u00ed <a href=\"https:\/\/iwell-guard.com\/is\/?page_id=168730\">heimildaskr\u00e1nni<\/a>.<\/span><\/p>\t\t\t\t\t\t\t\t<\/div>\n\t\t\t\t<\/div>\n\t\t\t\t\t<\/div>\n\t\t\t\t<\/div>\n\t\t<div class=\"elementor-element elementor-element-e3b06b7 e-con-boxed e-flex e-con e-parent\" data-id=\"e3b06b7\" data-element_type=\"container\" data-e-type=\"container\">\n\t\t\t\t\t<div class=\"e-con-inner\">\n\t\t\t\t<div class=\"elementor-element elementor-element-e2de641 elementor-widget elementor-widget-text-editor\" data-id=\"e2de641\" data-element_type=\"widget\" data-e-type=\"widget\" data-widget_type=\"text-editor.default\">\n\t\t\t\t\t\t\t\t\t\n<h2>Algengar spurningar um Pehar<\/h2>\n<div class=\"iwg-faq-q\"><h3>Hver er Pehar \u00ed t\u00edbetskum b\u00faddisma?<\/h3><p>Pehar (einnig Pehar Gyalpo) er valdamikill verndarandi \u00ed t\u00edbetskum b\u00faddisma sem, samkv\u00e6mt <span class=\"iwg-fachbegriff\" data-tooltip=\"Mi\u00f0lun \u00feekkingar og fr\u00e1sagna milli kynsl\u00f3\u00f0a.\" tabindex=\"0\">munnm\u00e6lum<\/span>, var bundinn af Padmasambhava \u00e1 8. \u00f6ld og settur \u00ed \u00fej\u00f3nustu b\u00fadd\u00edskrar kenningar.<\/p><p>Hann er talinn konungur h\u00f3ps anda og er d\u00fdrka\u00f0ur sem lei\u00f0togi var\u00f0anna yfir klausturseignum og kenningunni. Pehar er oft s\u00fdndur r\u00ed\u00f0andi \u00e1 lj\u00f3ni, me\u00f0 \u00ferj\u00fa andlit og sex arma, haldandi boga og \u00f6nnur vopn.<\/p><\/div>\n<div class=\"iwg-faq-q\"><h3>Hvernig tengist Pehar r\u00edkissp\u00e1d\u00f3msv\u00e9fr\u00e9ttinni \u00ed Nechung?<\/h3><p>Pehar starfar \u00ed gegnum r\u00edkissp\u00e1d\u00f3msv\u00e9fr\u00e9ttina \u00ed Nechung, mikilv\u00e6gustu <span class=\"iwg-fachbegriff\" data-tooltip=\"Sta\u00f0ur e\u00f0a stofnun \u00fear sem leita\u00f0 er gu\u00f0legs svars.\" tabindex=\"0\">v\u00e9fr\u00e9ttina<\/span> \u00ed t\u00edbetskum b\u00faddisma. \u00dear birtist <span class=\"iwg-fachbegriff\" data-tooltip=\"Vera sem er d\u00fdrku\u00f0 sem gu\u00f0leg innan tr\u00faarbrag\u00f0a.\" tabindex=\"0\">gu\u00f0veran<\/span> gegnum mannlegan mi\u00f0ilsmunk, Kuten, sem svarar spurningum \u00ed dj\u00fapri lei\u00f0slu.<\/p><p>N\u00e1kv\u00e6mlega tala\u00f0 er \u00fea\u00f0 oftast Dorje Drakden, r\u00e1\u00f0herra e\u00f0a birtingarmynd Pehars, sem talar. Nechung-<span class=\"iwg-fachbegriff\" data-tooltip=\"Sta\u00f0ur e\u00f0a stofnun \u00fear sem leita\u00f0 er gu\u00f0legs svars.\" tabindex=\"0\">v\u00e9fr\u00e9ttin<\/span> var um aldir r\u00e1\u00f0f\u00e6r\u00f0 af t\u00edbetsku r\u00edkisstj\u00f3rninni og Dalai Lama-unum \u00ed mikilv\u00e6gum \u00e1kv\u00f6r\u00f0unum og er enn \u00ed dag hluti af t\u00edbetsku \u00fatlagastj\u00f3rninni \u00ed Indlandi.<\/p><\/div>\n<script type=\"application\/ld+json\">{\"@context\":\"https:\/\/schema.org\",\"@type\":\"FAQPage\",\"mainEntity\":[{\"@type\":\"Question\",\"name\":\"Hver er Pehar \u00ed t\u00edbetskum b\u00faddisma?\",\"acceptedAnswer\":{\"@type\":\"Answer\",\"text\":\"Pehar (einnig Pehar Gyalpo) er valdamikill verndarandi \u00ed t\u00edbetskum b\u00faddisma sem, samkv\u00e6mt munnm\u00e6lum, var bundinn af Padmasambhava \u00e1 8. \u00f6ld og settur \u00ed \u00fej\u00f3nustu b\u00fadd\u00edskrar kenningar.Hann er talinn konungur h\u00f3ps anda og er d\u00fdrka\u00f0ur sem lei\u00f0togi var\u00f0anna yfir klausturseignum og kenningunni. Pehar er oft s\u00fdndur r\u00ed\u00f0andi \u00e1 lj\u00f3ni, me\u00f0 \u00ferj\u00fa andlit og sex arma, haldandi boga og \u00f6nnur vopn.\"}},{\"@type\":\"Question\",\"name\":\"Hvernig tengist Pehar r\u00edkissp\u00e1d\u00f3msv\u00e9fr\u00e9ttinni \u00ed Nechung?\",\"acceptedAnswer\":{\"@type\":\"Answer\",\"text\":\"Pehar starfar \u00ed gegnum r\u00edkissp\u00e1d\u00f3msv\u00e9fr\u00e9ttina \u00ed Nechung, mikilv\u00e6gustu v\u00e9fr\u00e9ttina \u00ed t\u00edbetskum b\u00faddisma. \u00dear birtist gu\u00f0veran gegnum mannlegan mi\u00f0ilsmunk, Kuten, sem svarar spurningum \u00ed dj\u00fapri lei\u00f0slu.N\u00e1kv\u00e6mlega tala\u00f0 er \u00fea\u00f0 oftast Dorje Drakden, r\u00e1\u00f0herra e\u00f0a birtingarmynd Pehars, sem talar. Nechung-v\u00e9fr\u00e9ttin var um aldir r\u00e1\u00f0f\u00e6r\u00f0 af t\u00edbetsku r\u00edkisstj\u00f3rninni og Dalai Lama-unum \u00ed mikilv\u00e6gum \u00e1kv\u00f6r\u00f0unum og er enn \u00ed dag hluti af t\u00edbetsku \u00fatlagastj\u00f3rninni \u00ed Indlandi.\"}}]}<\/script>\t\t\t\t\t\t\t\t<\/div>\n\t\t\t\t\t<\/div>\n\t\t\t\t<\/div>\n\t\t\t\t<\/div>\n\t\t","protected":false},"excerpt":{"rendered":"","protected":false},"author":3,"featured_media":1769,"parent":0,"menu_order":0,"comment_status":"closed","ping_status":"closed","template":"elementor_header_footer","meta":{"_yoast_wpseo_focuskw":"Pehar","_yoast_wpseo_title":"Pehar \u2013 t\u00edbetskur v\u00e9fr\u00e9tta- og r\u00edkisverndargu\u00f0","_yoast_wpseo_metadesc":"Pehar Gyalpo, v\u00e9fr\u00e9ttavera og r\u00edkisverndari Nechung-klaustursins. Fr\u00e1 t\u00edmum Padmasambhava a\u00f0almi\u00f0ill Dalai Lama-l\u00ednunnar \u00ed Lhasa.","_yoast_wpseo_meta-robots-noindex":"","_yoast_wpseo_canonical":"","_angie_page":false,"gefaehrdungsstufe":"3","wesen_kultur":"tibet","wesen_klasse":"goetter","footnotes":""},"categories":[],"class_list":["post-168783","page","type-page","status-publish","has-post-thumbnail","hentry"],"yoast_head":"<!-- This site is optimized with the Yoast SEO Premium plugin v27.7 (Yoast SEO v28.3) - https:\/\/yoast.com\/product\/yoast-seo-premium-wordpress\/ -->\n<title>Pehar \u2013 t\u00edbetskur v\u00e9fr\u00e9tta- og r\u00edkisverndargu\u00f0<\/title>\n<meta name=\"description\" content=\"Pehar Gyalpo, v\u00e9fr\u00e9ttavera og r\u00edkisverndari Nechung-klaustursins. Fr\u00e1 t\u00edmum Padmasambhava a\u00f0almi\u00f0ill Dalai Lama-l\u00ednunnar \u00ed Lhasa.\" \/>\n<meta name=\"robots\" content=\"index, follow, max-snippet:-1, max-image-preview:large, max-video-preview:-1\" \/>\n<link rel=\"canonical\" href=\"https:\/\/iwell-guard.com\/is\/pehar\/\" \/>\n<meta property=\"og:locale\" content=\"is_IS\" \/>\n<meta property=\"og:type\" content=\"article\" \/>\n<meta property=\"og:title\" content=\"Pehar\" \/>\n<meta property=\"og:description\" content=\"Pehar Gyalpo, v\u00e9fr\u00e9ttavera og r\u00edkisverndari Nechung-klaustursins. Fr\u00e1 t\u00edmum Padmasambhava a\u00f0almi\u00f0ill Dalai Lama-l\u00ednunnar \u00ed Lhasa.\" \/>\n<meta property=\"og:url\" content=\"https:\/\/iwell-guard.com\/is\/pehar\/\" \/>\n<meta property=\"og:site_name\" content=\"iWell Guard\" \/>\n<meta property=\"article:modified_time\" content=\"2026-09-05T14:19:18+00:00\" \/>\n<meta property=\"og:image\" content=\"https:\/\/iwell-guard.com\/wp-content\/uploads\/2026\/04\/goetter_tibet_pehar.webp\" \/>\n\t<meta property=\"og:image:width\" content=\"1024\" \/>\n\t<meta property=\"og:image:height\" content=\"1536\" \/>\n\t<meta property=\"og:image:type\" content=\"image\/webp\" \/>\n<meta name=\"twitter:card\" content=\"summary_large_image\" \/>\n<script type=\"application\/ld+json\" class=\"yoast-schema-graph\">{\"@context\":\"https:\\\/\\\/schema.org\",\"@graph\":[{\"@type\":\"WebPage\",\"@id\":\"https:\\\/\\\/iwell-guard.com\\\/is\\\/pehar\\\/\",\"url\":\"https:\\\/\\\/iwell-guard.com\\\/is\\\/pehar\\\/\",\"name\":\"Pehar \u2013 t\u00edbetskur v\u00e9fr\u00e9tta- og r\u00edkisverndargu\u00f0\",\"isPartOf\":{\"@id\":\"https:\\\/\\\/iwell-guard.com\\\/is\\\/#website\"},\"primaryImageOfPage\":{\"@id\":\"https:\\\/\\\/iwell-guard.com\\\/is\\\/pehar\\\/#primaryimage\"},\"image\":{\"@id\":\"https:\\\/\\\/iwell-guard.com\\\/is\\\/pehar\\\/#primaryimage\"},\"thumbnailUrl\":\"https:\\\/\\\/iwell-guard.com\\\/wp-content\\\/uploads\\\/2026\\\/04\\\/goetter_tibet_pehar.webp\",\"datePublished\":\"2026-09-05T14:02:56+00:00\",\"dateModified\":\"2026-09-05T14:19:18+00:00\",\"description\":\"Pehar Gyalpo, v\u00e9fr\u00e9ttavera og r\u00edkisverndari Nechung-klaustursins. Fr\u00e1 t\u00edmum Padmasambhava a\u00f0almi\u00f0ill Dalai Lama-l\u00ednunnar \u00ed Lhasa.\",\"breadcrumb\":{\"@id\":\"https:\\\/\\\/iwell-guard.com\\\/is\\\/pehar\\\/#breadcrumb\"},\"inLanguage\":\"is\",\"potentialAction\":[{\"@type\":\"ReadAction\",\"target\":[\"https:\\\/\\\/iwell-guard.com\\\/is\\\/pehar\\\/\"]}]},{\"@type\":\"ImageObject\",\"inLanguage\":\"is\",\"@id\":\"https:\\\/\\\/iwell-guard.com\\\/is\\\/pehar\\\/#primaryimage\",\"url\":\"https:\\\/\\\/iwell-guard.com\\\/wp-content\\\/uploads\\\/2026\\\/04\\\/goetter_tibet_pehar.webp\",\"contentUrl\":\"https:\\\/\\\/iwell-guard.com\\\/wp-content\\\/uploads\\\/2026\\\/04\\\/goetter_tibet_pehar.webp\",\"width\":1024,\"height\":1536,\"caption\":\"Gu\u00f0ir \u00far T\u00edbet-hef\u00f0inni.\"},{\"@type\":\"BreadcrumbList\",\"@id\":\"https:\\\/\\\/iwell-guard.com\\\/is\\\/pehar\\\/#breadcrumb\",\"itemListElement\":[{\"@type\":\"ListItem\",\"position\":1,\"name\":\"Start\",\"item\":\"https:\\\/\\\/iwell-guard.com\\\/is\\\/?page_id=168580\"},{\"@type\":\"ListItem\",\"position\":2,\"name\":\"Pehar\"}]},{\"@type\":\"WebSite\",\"@id\":\"https:\\\/\\\/iwell-guard.com\\\/is\\\/#website\",\"url\":\"https:\\\/\\\/iwell-guard.com\\\/is\\\/\",\"name\":\"iWell Guard\",\"description\":\"Schutz vor dunklen Einfl\u00fcssen\",\"publisher\":{\"@id\":\"https:\\\/\\\/iwell-guard.com\\\/is\\\/#organization\"},\"potentialAction\":[{\"@type\":\"SearchAction\",\"target\":{\"@type\":\"EntryPoint\",\"urlTemplate\":\"https:\\\/\\\/iwell-guard.com\\\/is\\\/?s={search_term_string}\"},\"query-input\":{\"@type\":\"PropertyValueSpecification\",\"valueRequired\":true,\"valueName\":\"search_term_string\"}}],\"inLanguage\":\"is\"},{\"@type\":\"Organization\",\"@id\":\"https:\\\/\\\/iwell-guard.com\\\/is\\\/#organization\",\"name\":\"Ittermann electronic GmbH\",\"url\":\"https:\\\/\\\/iwell-guard.com\\\/is\\\/\",\"logo\":{\"@type\":\"ImageObject\",\"inLanguage\":\"is\",\"@id\":\"https:\\\/\\\/iwell-guard.com\\\/is\\\/#\\\/schema\\\/logo\\\/image\\\/\",\"url\":\"https:\\\/\\\/iwell-guard.com\\\/wp-content\\\/uploads\\\/2026\\\/05\\\/Ittermann-Logo-1182x237-1.png\",\"contentUrl\":\"https:\\\/\\\/iwell-guard.com\\\/wp-content\\\/uploads\\\/2026\\\/05\\\/Ittermann-Logo-1182x237-1.png\",\"width\":1182,\"height\":237,\"caption\":\"Ittermann electronic GmbH\"},\"image\":{\"@id\":\"https:\\\/\\\/iwell-guard.com\\\/is\\\/#\\\/schema\\\/logo\\\/image\\\/\"},\"sameAs\":[\"https:\\\/\\\/pantip.com\\\/profile\\\/9367242\",\"https:\\\/\\\/micro.blog\\\/iwellguard\",\"https:\\\/\\\/www.diggerslist.com\\\/iwellguard\\\/about\",\"https:\\\/\\\/skitterphoto.com\\\/photographers\\\/2870314\\\/iwell-guard\",\"https:\\\/\\\/iwellguard.wordpress.com\\\/2026\\\/06\\\/06\\\/iwell-guard\\\/\",\"https:\\\/\\\/hub.docker.com\\\/u\\\/iwellguard\",\"https:\\\/\\\/www.pinterest.com\\\/iwellguard\\\/\",\"https:\\\/\\\/bit.ly\\\/m\\\/iwellguard\",\"https:\\\/\\\/entre-vos-mains.alsace.eu\\\/profiles\\\/iwellguard\\\/activity\",\"https:\\\/\\\/gravatar.com\\\/reallybeded8fd34\",\"https:\\\/\\\/naijamatta.com\\\/iwellguard\",\"https:\\\/\\\/www.goodreads.com\\\/iwellguard\",\"https:\\\/\\\/profile.hatena.ne.jp\\\/iwellguard\\\/\",\"https:\\\/\\\/experiment.com\\\/users\\\/iwellguard\",\"https:\\\/\\\/wakelet.com\\\/@iWellGuard82270\",\"https:\\\/\\\/www.chordie.com\\\/forum\\\/profile.php?id=2555664\",\"https:\\\/\\\/www.instapaper.com\\\/p\\\/17757966\",\"https:\\\/\\\/www.mapleprimes.com\\\/users\\\/iwellguard\",\"https:\\\/\\\/businesslistingplus.com\\\/profile\\\/iwell-guard\\\/\",\"https:\\\/\\\/telegra.ph\\\/iWell-Guard-06-06\",\"https:\\\/\\\/pbase.com\\\/iwellguard\\\/iwellguard\",\"https:\\\/\\\/b.hatena.ne.jp\\\/iwellguard\\\/20260607#bookmark-4788405196491818882\",\"https:\\\/\\\/fliphtml5.com\\\/home\\\/iwellguard\",\"https:\\\/\\\/anyflip.com\\\/homepage\\\/cmiwl#About\",\"https:\\\/\\\/transfur.com\\\/Users\\\/iwellguard\",\"http:\\\/\\\/delphi.larsbo.org\\\/user\\\/iwellguard\",\"https:\\\/\\\/jobs.lajobsportal.org\\\/profiles\\\/8380803-iwell-guard\",\"https:\\\/\\\/md.chaosdorf.de\\\/s\\\/jfbe5SBdJD\",\"https:\\\/\\\/www.lingvolive.com\\\/en-us\\\/profile\\\/9ecaeaca-ce11-4e51-9e71-01d55e2bff36\\\/translations\",\"https:\\\/\\\/www.fitday.com\\\/fitness\\\/forums\\\/members\\\/iwellguard.html\",\"https:\\\/\\\/www.mymeetbook.com\\\/iwellguard\",\"https:\\\/\\\/pxhere.com\\\/en\\\/photographer-me\\\/5040798\",\"https:\\\/\\\/disqus.com\\\/by\\\/iwellguard\\\/about\\\/\",\"https:\\\/\\\/pastelink.net\\\/hjwciqwq\",\"https:\\\/\\\/pubhtml5.com\\\/homepage\\\/scjhn\\\/\",\"https:\\\/\\\/www.bitchute.com\\\/channel\\\/2O2eOKzNqujT\",\"https:\\\/\\\/audiomack.com\\\/iwellguard\"]},{\"@type\":\"Article\",\"@id\":\"https:\\\/\\\/iwell-guard.com\\\/is\\\/pehar\\\/#article\",\"isPartOf\":{\"@id\":\"https:\\\/\\\/iwell-guard.com\\\/is\\\/pehar\\\/\"},\"author\":{\"name\":\"Ralf Ittermann\",\"@id\":\"https:\\\/\\\/iwell-guard.com\\\/is\\\/#\\\/schema\\\/person\\\/ee2a27f1cac3406c7c6fb5820cb7349f\"},\"headline\":\"Pehar\",\"datePublished\":\"2026-09-05T14:02:56+00:00\",\"dateModified\":\"2026-09-05T14:19:18+00:00\",\"mainEntityOfPage\":{\"@id\":\"https:\\\/\\\/iwell-guard.com\\\/is\\\/pehar\\\/\"},\"publisher\":{\"@id\":\"https:\\\/\\\/iwell-guard.com\\\/is\\\/#organization\"},\"image\":{\"@id\":\"https:\\\/\\\/iwell-guard.com\\\/is\\\/pehar\\\/#primaryimage\"},\"thumbnailUrl\":\"https:\\\/\\\/iwell-guard.com\\\/wp-content\\\/uploads\\\/2026\\\/04\\\/goetter_tibet_pehar.webp\",\"inLanguage\":\"is\",\"description\":\"Pehar Gyalpo, v\u00e9fr\u00e9ttavera og r\u00edkisverndari Nechung-klaustursins. Fr\u00e1 t\u00edmum Padmasambhava a\u00f0almi\u00f0ill Dalai Lama-l\u00ednunnar \u00ed Lhasa.\"}]}<\/script>\n<!-- \/ Yoast SEO Premium plugin. -->","yoast_head_json":{"title":"Pehar \u2013 t\u00edbetskur v\u00e9fr\u00e9tta- og r\u00edkisverndargu\u00f0","description":"Pehar Gyalpo, v\u00e9fr\u00e9ttavera og r\u00edkisverndari Nechung-klaustursins. Fr\u00e1 t\u00edmum Padmasambhava a\u00f0almi\u00f0ill Dalai Lama-l\u00ednunnar \u00ed Lhasa.","robots":{"index":"index","follow":"follow","max-snippet":"max-snippet:-1","max-image-preview":"max-image-preview:large","max-video-preview":"max-video-preview:-1"},"canonical":"https:\/\/iwell-guard.com\/is\/pehar\/","og_locale":"is_IS","og_type":"article","og_title":"Pehar","og_description":"Pehar Gyalpo, v\u00e9fr\u00e9ttavera og r\u00edkisverndari Nechung-klaustursins. Fr\u00e1 t\u00edmum Padmasambhava a\u00f0almi\u00f0ill Dalai Lama-l\u00ednunnar \u00ed Lhasa.","og_url":"https:\/\/iwell-guard.com\/is\/pehar\/","og_site_name":"iWell Guard","article_modified_time":"2026-09-05T14:19:18+00:00","og_image":[{"width":1024,"height":1536,"url":"https:\/\/iwell-guard.com\/wp-content\/uploads\/2026\/04\/goetter_tibet_pehar.webp","type":"image\/webp"}],"twitter_card":"summary_large_image","schema":{"@context":"https:\/\/schema.org","@graph":[{"@type":"Article","@id":"https:\/\/iwell-guard.com\/is\/pehar\/#article","isPartOf":{"@id":"https:\/\/iwell-guard.com\/is\/pehar\/"},"author":{"name":"Ralf Ittermann","@id":"https:\/\/iwell-guard.com\/is\/#\/schema\/person\/ee2a27f1cac3406c7c6fb5820cb7349f"},"headline":"Pehar","datePublished":"2026-09-05T14:02:56+00:00","dateModified":"2026-09-05T14:19:18+00:00","mainEntityOfPage":{"@id":"https:\/\/iwell-guard.com\/is\/pehar\/"},"publisher":{"@id":"https:\/\/iwell-guard.com\/is\/#organization"},"image":{"@id":"https:\/\/iwell-guard.com\/is\/pehar\/#primaryimage"},"thumbnailUrl":"https:\/\/iwell-guard.com\/wp-content\/uploads\/2026\/04\/goetter_tibet_pehar.webp","inLanguage":"is","description":"Pehar Gyalpo, v\u00e9fr\u00e9ttavera og r\u00edkisverndari Nechung-klaustursins. Fr\u00e1 t\u00edmum Padmasambhava a\u00f0almi\u00f0ill Dalai Lama-l\u00ednunnar \u00ed Lhasa."},{"@type":"WebPage","@id":"https:\/\/iwell-guard.com\/is\/pehar\/","url":"https:\/\/iwell-guard.com\/is\/pehar\/","name":"Pehar \u2013 t\u00edbetskur v\u00e9fr\u00e9tta- og r\u00edkisverndargu\u00f0","isPartOf":{"@id":"https:\/\/iwell-guard.com\/is\/#website"},"primaryImageOfPage":{"@id":"https:\/\/iwell-guard.com\/is\/pehar\/#primaryimage"},"image":{"@id":"https:\/\/iwell-guard.com\/is\/pehar\/#primaryimage"},"thumbnailUrl":"https:\/\/iwell-guard.com\/wp-content\/uploads\/2026\/04\/goetter_tibet_pehar.webp","datePublished":"2026-09-05T14:02:56+00:00","dateModified":"2026-09-05T14:19:18+00:00","description":"Pehar Gyalpo, v\u00e9fr\u00e9ttavera og r\u00edkisverndari Nechung-klaustursins. Fr\u00e1 t\u00edmum Padmasambhava a\u00f0almi\u00f0ill Dalai Lama-l\u00ednunnar \u00ed Lhasa.","breadcrumb":{"@id":"https:\/\/iwell-guard.com\/is\/pehar\/#breadcrumb"},"inLanguage":"is","potentialAction":[{"@type":"ReadAction","target":["https:\/\/iwell-guard.com\/is\/pehar\/"]}]},{"@type":"ImageObject","inLanguage":"is","@id":"https:\/\/iwell-guard.com\/is\/pehar\/#primaryimage","url":"https:\/\/iwell-guard.com\/wp-content\/uploads\/2026\/04\/goetter_tibet_pehar.webp","contentUrl":"https:\/\/iwell-guard.com\/wp-content\/uploads\/2026\/04\/goetter_tibet_pehar.webp","width":1024,"height":1536,"caption":"Gu\u00f0ir \u00far T\u00edbet-hef\u00f0inni."},{"@type":"BreadcrumbList","@id":"https:\/\/iwell-guard.com\/is\/pehar\/#breadcrumb","itemListElement":[{"@type":"ListItem","position":1,"name":"Start","item":"https:\/\/iwell-guard.com\/is\/?page_id=168580"},{"@type":"ListItem","position":2,"name":"Pehar"}]},{"@type":"WebSite","@id":"https:\/\/iwell-guard.com\/is\/#website","url":"https:\/\/iwell-guard.com\/is\/","name":"iWell Guard","description":"Schutz vor dunklen Einfl\u00fcssen","publisher":{"@id":"https:\/\/iwell-guard.com\/is\/#organization"},"potentialAction":[{"@type":"SearchAction","target":{"@type":"EntryPoint","urlTemplate":"https:\/\/iwell-guard.com\/is\/?s={search_term_string}"},"query-input":{"@type":"PropertyValueSpecification","valueRequired":true,"valueName":"search_term_string"}}],"inLanguage":"is"},{"@type":"Organization","@id":"https:\/\/iwell-guard.com\/is\/#organization","name":"Ittermann electronic GmbH","url":"https:\/\/iwell-guard.com\/is\/","logo":{"@type":"ImageObject","inLanguage":"is","@id":"https:\/\/iwell-guard.com\/is\/#\/schema\/logo\/image\/","url":"https:\/\/iwell-guard.com\/wp-content\/uploads\/2026\/05\/Ittermann-Logo-1182x237-1.png","contentUrl":"https:\/\/iwell-guard.com\/wp-content\/uploads\/2026\/05\/Ittermann-Logo-1182x237-1.png","width":1182,"height":237,"caption":"Ittermann electronic GmbH"},"image":{"@id":"https:\/\/iwell-guard.com\/is\/#\/schema\/logo\/image\/"},"sameAs":["https:\/\/pantip.com\/profile\/9367242","https:\/\/micro.blog\/iwellguard","https:\/\/www.diggerslist.com\/iwellguard\/about","https:\/\/skitterphoto.com\/photographers\/2870314\/iwell-guard","https:\/\/iwellguard.wordpress.com\/2026\/06\/06\/iwell-guard\/","https:\/\/hub.docker.com\/u\/iwellguard","https:\/\/www.pinterest.com\/iwellguard\/","https:\/\/bit.ly\/m\/iwellguard","https:\/\/entre-vos-mains.alsace.eu\/profiles\/iwellguard\/activity","https:\/\/gravatar.com\/reallybeded8fd34","https:\/\/naijamatta.com\/iwellguard","https:\/\/www.goodreads.com\/iwellguard","https:\/\/profile.hatena.ne.jp\/iwellguard\/","https:\/\/experiment.com\/users\/iwellguard","https:\/\/wakelet.com\/@iWellGuard82270","https:\/\/www.chordie.com\/forum\/profile.php?id=2555664","https:\/\/www.instapaper.com\/p\/17757966","https:\/\/www.mapleprimes.com\/users\/iwellguard","https:\/\/businesslistingplus.com\/profile\/iwell-guard\/","https:\/\/telegra.ph\/iWell-Guard-06-06","https:\/\/pbase.com\/iwellguard\/iwellguard","https:\/\/b.hatena.ne.jp\/iwellguard\/20260607#bookmark-4788405196491818882","https:\/\/fliphtml5.com\/home\/iwellguard","https:\/\/anyflip.com\/homepage\/cmiwl#About","https:\/\/transfur.com\/Users\/iwellguard","http:\/\/delphi.larsbo.org\/user\/iwellguard","https:\/\/jobs.lajobsportal.org\/profiles\/8380803-iwell-guard","https:\/\/md.chaosdorf.de\/s\/jfbe5SBdJD","https:\/\/www.lingvolive.com\/en-us\/profile\/9ecaeaca-ce11-4e51-9e71-01d55e2bff36\/translations","https:\/\/www.fitday.com\/fitness\/forums\/members\/iwellguard.html","https:\/\/www.mymeetbook.com\/iwellguard","https:\/\/pxhere.com\/en\/photographer-me\/5040798","https:\/\/disqus.com\/by\/iwellguard\/about\/","https:\/\/pastelink.net\/hjwciqwq","https:\/\/pubhtml5.com\/homepage\/scjhn\/","https:\/\/www.bitchute.com\/channel\/2O2eOKzNqujT","https:\/\/audiomack.com\/iwellguard"]},{"@type":"Person","@id":"https:\/\/iwell-guard.com\/is\/#\/schema\/person\/ee2a27f1cac3406c7c6fb5820cb7349f","name":"Ralf Ittermann","image":{"@type":"ImageObject","inLanguage":"is","@id":"https:\/\/secure.gravatar.com\/avatar\/073c0153e350a5005b68eb752b445fea71f6b24a26da9449ad7e155e6b446c9d?s=96&d=mm&r=g","url":"https:\/\/secure.gravatar.com\/avatar\/073c0153e350a5005b68eb752b445fea71f6b24a26da9449ad7e155e6b446c9d?s=96&d=mm&r=g","contentUrl":"https:\/\/secure.gravatar.com\/avatar\/073c0153e350a5005b68eb752b445fea71f6b24a26da9449ad7e155e6b446c9d?s=96&d=mm&r=g","caption":"Ralf Ittermann"},"givenName":"Ralf","familyName":"Ittermann","jobTitle":"Gesch\u00e4ftsf\u00fchrer und redaktioneller Verantwortlicher","url":"https:\/\/iwell-guard.com\/is\/author\/claude\/","description":"Ralf Ittermann ist Gesch\u00e4ftsf\u00fchrer der Ittermann electronic GmbH und redaktioneller Verantwortlicher des iWell-Guard-Lexikons. Er verbindet langj\u00e4hrige Erfahrung in der Pr\u00e4zisionsfertigung mit medialer Praxis und religionsgeschichtlicher Quellenarbeit.","worksFor":{"@type":"Organization","name":"Ittermann electronic GmbH","url":"https:\/\/ittermann.de\/","address":{"@type":"PostalAddress","streetAddress":"K\u00f6hlergasse 16-18","postalCode":"99842","addressLocality":"Ruhla","addressCountry":"DE"}},"knowsAbout":["Religionsgeschichte","Mythologie","Mediale Praxis","Energetische Diagnostik","Schutzpraxis","Volksglauben","Westliche Esoterik"]},{"@type":"Article","@id":"https:\/\/iwell-guard.com\/is\/pehar\/#article","isPartOf":{"@id":"https:\/\/iwell-guard.com\/is\/pehar\/"},"author":{"name":"Ralf Ittermann","@id":"https:\/\/iwell-guard.com\/is\/#\/schema\/person\/ee2a27f1cac3406c7c6fb5820cb7349f"},"headline":"Pehar","datePublished":"2026-09-05T14:02:56+00:00","dateModified":"2026-09-05T14:19:18+00:00","mainEntityOfPage":{"@id":"https:\/\/iwell-guard.com\/is\/pehar\/"},"publisher":{"@id":"https:\/\/iwell-guard.com\/is\/#organization"},"image":{"@id":"https:\/\/iwell-guard.com\/is\/pehar\/#primaryimage"},"thumbnailUrl":"https:\/\/iwell-guard.com\/wp-content\/uploads\/2026\/04\/goetter_tibet_pehar.webp","inLanguage":"is","description":"Pehar Gyalpo, v\u00e9fr\u00e9ttavera og r\u00edkisverndari Nechung-klaustursins. Fr\u00e1 t\u00edmum Padmasambhava a\u00f0almi\u00f0ill Dalai Lama-l\u00ednunnar \u00ed Lhasa."}]}},"_links":{"self":[{"href":"https:\/\/iwell-guard.com\/is\/wp-json\/wp\/v2\/pages\/168783","targetHints":{"allow":["GET"]}}],"collection":[{"href":"https:\/\/iwell-guard.com\/is\/wp-json\/wp\/v2\/pages"}],"about":[{"href":"https:\/\/iwell-guard.com\/is\/wp-json\/wp\/v2\/types\/page"}],"author":[{"embeddable":true,"href":"https:\/\/iwell-guard.com\/is\/wp-json\/wp\/v2\/users\/3"}],"replies":[{"embeddable":true,"href":"https:\/\/iwell-guard.com\/is\/wp-json\/wp\/v2\/comments?post=168783"}],"version-history":[{"count":0,"href":"https:\/\/iwell-guard.com\/is\/wp-json\/wp\/v2\/pages\/168783\/revisions"}],"wp:featuredmedia":[{"embeddable":true,"href":"https:\/\/iwell-guard.com\/is\/wp-json\/wp\/v2\/media\/1769"}],"wp:attachment":[{"href":"https:\/\/iwell-guard.com\/is\/wp-json\/wp\/v2\/media?parent=168783"}],"wp:term":[{"taxonomy":"category","embeddable":true,"href":"https:\/\/iwell-guard.com\/is\/wp-json\/wp\/v2\/categories?post=168783"}],"curies":[{"name":"wp","href":"https:\/\/api.w.org\/{rel}","templated":true}]}}