{"id":168779,"date":"2026-09-05T14:02:55","date_gmt":"2026-09-05T14:02:55","guid":{"rendered":"https:\/\/iwell-guard.com\/?page_id=168779"},"modified":"2026-09-05T14:19:13","modified_gmt":"2026-09-05T14:19:13","slug":"samsin","status":"publish","type":"page","link":"https:\/\/iwell-guard.com\/is\/samsin\/","title":{"rendered":"Samsin"},"content":{"rendered":"\t\t<div data-elementor-type=\"wp-page\" data-elementor-id=\"168779\" class=\"elementor elementor-168779 elementor-2020 elementor-bc-flex-widget\" data-elementor-post-type=\"page\">\n\t\t\t\t<div class=\"elementor-element elementor-element-10fdade e-flex e-con-boxed e-con e-parent\" data-id=\"10fdade\" data-element_type=\"container\" data-e-type=\"container\" data-settings=\"{&quot;background_background&quot;:&quot;classic&quot;}\">\n\t\t\t\t\t<div class=\"e-con-inner\">\n\t\t<div class=\"elementor-element elementor-element-herohlft0 e-flex e-con-boxed e-con e-child\" data-id=\"herohlft0\" data-element_type=\"container\" data-e-type=\"container\">\n\t\t\t\t\t<div class=\"e-con-inner\">\n\t\t<div class=\"elementor-element elementor-element-c3ceb64 e-con-full e-flex e-con e-child\" data-id=\"c3ceb64\" data-element_type=\"container\" data-e-type=\"container\">\n\t\t\t\t<div class=\"elementor-element elementor-element-96ae5e1 elementor-widget elementor-widget-heading\" data-id=\"96ae5e1\" data-element_type=\"widget\" data-e-type=\"widget\" data-widget_type=\"heading.default\">\n\t\t\t\t\t<h1 class=\"elementor-heading-title elementor-size-default\">Samsin, gy\u00f0ja \u00far k\u00f3reanskri hef\u00f0<\/h1>\t\t\t\t<\/div>\n\t\t\t\t<div class=\"elementor-element elementor-element-e45238a elementor-widget elementor-widget-text-editor\" data-id=\"e45238a\" data-element_type=\"widget\" data-e-type=\"widget\" data-widget_type=\"text-editor.default\">\n\t\t\t\t\t\t\t\t\t<p>Samsin (\uc0b0\uc2e0, or\u00f0r\u00e9tt \u201efjallagu\u00f0\u201d e\u00f0a \u201efjallam\u00f3\u00f0ir\u201d) er kvenkyns verndargy\u00f0ja fjalla og frj\u00f3semi \u00ed k\u00f3reanskri \u00fej\u00f3\u00f0tr\u00fa og <span class=\"iwg-fachbegriff\" data-tooltip=\"Tr\u00faarkerfi \u00fear sem s\u00e9rfr\u00e6\u00f0ingar hafa samskipti vi\u00f0 andaheiminn.\" tabindex=\"0\">sjamanisma<\/span>. H\u00fan er s\u00e9rstaklega \u00e1k\u00f6llu\u00f0 \u00ed helgisi\u00f0um um \u00feungun, f\u00e6\u00f0ingu og bernsku og gegnir hlutverki verndara heimilisins.\t\t\t\t\t\t\t\t<\/div>\n\t\t\t\t<\/div>\n\t\t<div class=\"elementor-element elementor-element-klsbdg01 e-con-full e-flex e-con e-parent\" data-id=\"klsbdg01\" data-element_type=\"container\" data-e-type=\"container\">\n\t\t\t\t<div class=\"elementor-element elementor-element-klshtm01 elementor-widget elementor-widget-html\" data-id=\"klshtm01\" data-element_type=\"widget\" data-e-type=\"widget\" data-widget_type=\"html.default\">\n\t\t\t\t\t<div class=\"iwg-pill-row\"><span class=\"iwg-klasse-badge\" tabindex=\"0\" data-tooltip=\"Gu\u00f0 \/ gy\u00f0ja: Pers\u00f3nuger\u00f0 \u00e6\u00f0sta vald innan go\u00f0aveldis menningar, me\u00f0 sk\u00fdr valdsvi\u00f0, n\u00e1tt\u00faru\u00f6fl, \u00f6rl\u00f6g, str\u00ed\u00f0, frj\u00f3semi. D\u00fdrku\u00f0 me\u00f0 helgisi\u00f0um, f\u00f3rnum og hofstofnunum.\">Gy\u00f0ja<\/span><a href=\"https:\/\/iwell-guard.com\/is\/?page_id=168660\" class=\"iwg-kultur-badge\" tabindex=\"0\" data-tooltip=\"K\u00f3reanskur heimur gu\u00f0a, sjamana og \u00fej\u00f3\u00f0aranda.\">K\u00f3rea<\/a><a href=\"https:\/\/iwell-guard.com\/is\/?page_id=168708\" class=\"iwg-tradition-badge\" tabindex=\"0\" data-tooltip=\"Verndandi gu\u00f0ir, verndarar heimilis, borgar, f\u00e6\u00f0inga, fer\u00f0alaga e\u00f0a \u00e6viskei\u00f0a.\">Verndargy\u00f0ja<\/a><\/div>\t\t\t\t<\/div>\n\t\t\t\t<\/div>\n\t\t<div class=\"elementor-element elementor-element-3f74855 e-con-full e-flex e-con e-child\" data-id=\"3f74855\" data-element_type=\"container\" data-e-type=\"container\">\n\t\t\t\t<div class=\"elementor-element elementor-element-1c30362 elementor-toc--minimized-on-tablet elementor-widget elementor-widget-table-of-contents\" data-id=\"1c30362\" data-element_type=\"widget\" data-e-type=\"widget\" data-settings=\"{&quot;exclude_headings_by_selector&quot;:[],&quot;no_headings_message&quot;:&quot;Engar undirfyrirsagnir fundust \\u00e1 \\u00feessari s\\u00ed\\u00f0u.&quot;,&quot;headings_by_tags&quot;:[&quot;h2&quot;,&quot;h3&quot;],&quot;marker_view&quot;:&quot;bullets&quot;,&quot;minimize_box&quot;:&quot;yes&quot;,&quot;icon&quot;:{&quot;value&quot;:&quot;fas fa-circle&quot;,&quot;library&quot;:&quot;fa-solid&quot;,&quot;rendered_tag&quot;:&quot;&lt;svg class=\\&quot;e-font-icon-svg e-fas-circle\\&quot; viewBox=\\&quot;0 0 512 512\\&quot; xmlns=\\&quot;http:\\\/\\\/www.w3.org\\\/2000\\\/svg\\&quot;&gt;&lt;path d=\\&quot;M256 8C119 8 8 119 8 256s111 248 248 248 248-111 248-248S393 8 256 8z\\&quot;&gt;&lt;\\\/path&gt;&lt;\\\/svg&gt;&quot;},&quot;minimized_on&quot;:&quot;tablet&quot;,&quot;hierarchical_view&quot;:&quot;yes&quot;,&quot;min_height&quot;:{&quot;unit&quot;:&quot;px&quot;,&quot;size&quot;:&quot;&quot;,&quot;sizes&quot;:[]},&quot;min_height_tablet&quot;:{&quot;unit&quot;:&quot;px&quot;,&quot;size&quot;:&quot;&quot;,&quot;sizes&quot;:[]},&quot;min_height_mobile&quot;:{&quot;unit&quot;:&quot;px&quot;,&quot;size&quot;:&quot;&quot;,&quot;sizes&quot;:[]}}\" data-widget_type=\"table-of-contents.default\">\n\t\t\t\t\t\t\t\t\t<div class=\"elementor-toc__header\">\n\t\t\t\t\t\t<h2 class=\"elementor-toc__header-title\">\n\t\t\t\tEfnisyfirlit\t\t\t<\/h2>\n\t\t\t\t\t\t\t\t\t\t<div class=\"elementor-toc__toggle-button elementor-toc__toggle-button--expand\" role=\"button\" tabindex=\"0\" aria-controls=\"elementor-toc__1c30362\" aria-expanded=\"true\" aria-label=\"Open table of contents\"><svg aria-hidden=\"true\" class=\"e-font-icon-svg e-fas-chevron-down\" viewBox=\"0 0 448 512\" xmlns=\"http:\/\/www.w3.org\/2000\/svg\"><path d=\"M207.029 381.476L12.686 187.132c-9.373-9.373-9.373-24.569 0-33.941l22.667-22.667c9.357-9.357 24.522-9.375 33.901-.04L224 284.505l154.745-154.021c9.379-9.335 24.544-9.317 33.901.04l22.667 22.667c9.373 9.373 9.373 24.569 0 33.941L240.971 381.476c-9.373 9.372-24.569 9.372-33.942 0z\"><\/path><\/svg><\/div>\n\t\t\t\t<div class=\"elementor-toc__toggle-button elementor-toc__toggle-button--collapse\" role=\"button\" tabindex=\"0\" aria-controls=\"elementor-toc__1c30362\" aria-expanded=\"true\" aria-label=\"Close table of contents\"><svg aria-hidden=\"true\" class=\"e-font-icon-svg e-fas-chevron-up\" viewBox=\"0 0 448 512\" xmlns=\"http:\/\/www.w3.org\/2000\/svg\"><path d=\"M240.971 130.524l194.343 194.343c9.373 9.373 9.373 24.569 0 33.941l-22.667 22.667c-9.357 9.357-24.522 9.375-33.901.04L224 227.495 69.255 381.516c-9.379 9.335-24.544 9.317-33.901-.04l-22.667-22.667c-9.373-9.373-9.373-24.569 0-33.941L207.03 130.525c9.372-9.373 24.568-9.373 33.941-.001z\"><\/path><\/svg><\/div>\n\t\t\t\t\t<\/div>\n\t\t\t\t<div id=\"elementor-toc__1c30362\" class=\"elementor-toc__body\">\n\t\t\t<div class=\"elementor-toc__spinner-container\">\n\t\t\t\t<svg class=\"elementor-toc__spinner eicon-animation-spin e-font-icon-svg e-eicon-loading\" aria-hidden=\"true\" viewBox=\"0 0 1000 1000\" xmlns=\"http:\/\/www.w3.org\/2000\/svg\"><path d=\"M500 975V858C696 858 858 696 858 500S696 142 500 142 142 304 142 500H25C25 237 238 25 500 25S975 237 975 500 763 975 500 975Z\"><\/path><\/svg>\t\t\t<\/div>\n\t\t<\/div>\n\t\t\t\t\t\t<\/div>\n\t\t\t\t<\/div>\n\t\t\t\t\t<\/div>\n\t\t\t\t<\/div>\n\t\t<div class=\"elementor-element elementor-element-herorght0 e-con-full e-flex e-con e-child\" data-id=\"herorght0\" data-element_type=\"container\" data-e-type=\"container\">\n\t\t\t\t<div class=\"elementor-element elementor-element-heroimg00 iwg-hero-image elementor-widget elementor-widget-image\" data-id=\"heroimg00\" data-element_type=\"widget\" data-e-type=\"widget\" data-widget_type=\"image.default\">\n\t\t\t\t\t\t\t\t\t\t\t\t\t\t\t<img fetchpriority=\"high\" decoding=\"async\" width=\"683\" height=\"1024\" src=\"https:\/\/iwell-guard.com\/wp-content\/uploads\/2026\/04\/goetter_korea_samsin-683x1024.webp\" class=\"attachment-large size-large wp-image-170951\" alt=\"Samsin \u2013 k\u00f3reskt go\u00f0a\u00ferenning, verndargo\u00f0 f\u00e6\u00f0ingar og barn\u00e6sku\" srcset=\"https:\/\/iwell-guard.com\/wp-content\/uploads\/2026\/04\/goetter_korea_samsin-683x1024.webp 683w, https:\/\/iwell-guard.com\/wp-content\/uploads\/2026\/04\/goetter_korea_samsin-200x300.webp 200w, https:\/\/iwell-guard.com\/wp-content\/uploads\/2026\/04\/goetter_korea_samsin-768x1152.webp 768w, https:\/\/iwell-guard.com\/wp-content\/uploads\/2026\/04\/goetter_korea_samsin.webp 1024w\" sizes=\"(max-width: 683px) 100vw, 683px\" \/>\t\t\t\t\t\t\t\t\t\t\t\t\t\t\t<\/div>\n\t\t\t\t<\/div>\n\t\t\t\t\t<\/div>\n\t\t\t\t<\/div>\n\t\t<div class=\"elementor-element elementor-element-32917199 e-flex e-con-boxed e-con e-parent\" data-id=\"32917199\" data-element_type=\"container\" data-e-type=\"container\">\n\t\t\t\t\t<div class=\"e-con-inner\">\n\t\t<div class=\"elementor-element elementor-element-26e916cb e-flex e-con-boxed e-con e-child\" data-id=\"26e916cb\" data-element_type=\"container\" data-e-type=\"container\">\n\t\t\t\t\t<div class=\"e-con-inner\">\n\t\t<div class=\"elementor-element elementor-element-253a40d4 e-flex e-con-boxed e-con e-child\" data-id=\"253a40d4\" data-element_type=\"container\" data-e-type=\"container\">\n\t\t\t\t\t<div class=\"e-con-inner\">\n\t\t\t\t<div class=\"elementor-element elementor-element-1200c304 elementor-widget elementor-widget-heading\" data-id=\"1200c304\" data-element_type=\"widget\" data-e-type=\"widget\" data-widget_type=\"heading.default\">\n\t\t\t\t\t<h2 class=\"elementor-heading-title elementor-size-default\">Samsin<\/h2>\t\t\t\t<\/div>\n\t\t\t\t<div class=\"elementor-element elementor-element-11758e7f elementor-widget elementor-widget-text-editor\" data-id=\"11758e7f\" data-element_type=\"widget\" data-e-type=\"widget\" data-widget_type=\"text-editor.default\">\n\t\t\t\t\t\t\t\t\t<p>Samsin er s\u00fdnd sem \u00f6ldru\u00f0 kona e\u00f0a gy\u00f0ja sem vakir yfir fj\u00f6llum og verndar konur \u00ed f\u00e6\u00f0ingu. H\u00fan er n\u00e1tengd frj\u00f3semi, bernsku og heimilinu.<\/p><p>\u00cd sjaman\u00edskum helgisi\u00f0um (gut) er Samsin \u00e1k\u00f6llu\u00f0 til a\u00f0 l\u00e9tta erfi\u00f0ar f\u00e6\u00f0ingar og vernda n\u00fdbura fr\u00e1 illum \u00f6ndum. H\u00fan er kvenkyns, vitur og m\u00f3\u00f0urleg, oft s\u00fdnd me\u00f0 hv\u00edtu h\u00e1ri e\u00f0a \u00ed hv\u00edtum kl\u00e6\u00f0um. \u00d3l\u00edkt Hwanung, sem t\u00e1knar heimsreglu, birtir Samsin \u00e1\u00fereifanleg, hversdagsleg verndarhlutverk.<\/p>\t\t\t\t\t\t\t\t<\/div>\n\t\t\t\t\t<\/div>\n\t\t\t\t<\/div>\n\t\t<div class=\"elementor-element elementor-element-159dcf9a e-flex e-con-boxed e-con e-child\" data-id=\"159dcf9a\" data-element_type=\"container\" data-e-type=\"container\">\n\t\t\t\t\t<div class=\"e-con-inner\">\n\t\t\t\t<div class=\"elementor-element elementor-element-48cee66f elementor-widget elementor-widget-heading\" data-id=\"48cee66f\" data-element_type=\"widget\" data-e-type=\"widget\" data-widget_type=\"heading.default\">\n\t\t\t\t\t<h2 class=\"elementor-heading-title elementor-size-default\">Stutt yfirlit: Samsin<\/h2>\t\t\t\t<\/div>\n\t\t\t\t<div class=\"elementor-element elementor-element-3f50d82c elementor-widget elementor-widget-text-editor\" data-id=\"3f50d82c\" data-element_type=\"widget\" data-e-type=\"widget\" data-widget_type=\"text-editor.default\">\n\t\t\t\t\t\t\t\t\t<p>Samsin er skjalfest \u00ed \u00fej\u00f3\u00f0h\u00e1ttafr\u00e6\u00f0ilegum s\u00f6fnum og mannfr\u00e6\u00f0ilegum ranns\u00f3knum \u00e1 k\u00f3reanskri \u00fej\u00f3\u00f0tr\u00fa, en s\u00ed\u00f0ur \u00ed klass\u00edskum b\u00f3kmenntalegum heimildum eins og Samguk yusa. H\u00fan er fyrst og fremst <span class=\"iwg-fachbegriff\" data-tooltip=\"Tr\u00faarkerfi \u00fear sem s\u00e9rfr\u00e6\u00f0ingar hafa samskipti vi\u00f0 andaheiminn.\" tabindex=\"0\">sjamanisma<\/span>&#8211;<span class=\"iwg-fachbegriff\" data-tooltip=\"Vera sem er d\u00fdrku\u00f0 sem gu\u00f0leg innan tr\u00faarbrag\u00f0a.\" tabindex=\"0\">gu\u00f0leg vera<\/span> me\u00f0 sterka sv\u00e6\u00f0isbundna \u00fatbrei\u00f0slu um alla K\u00f3reu.<\/p><p>Tr\u00faarbrag\u00f0afr\u00e6\u00f0ingar eins og James H. Grayson fjalla um hana \u00ed samhengi \u00fej\u00f3\u00f0legrar samruna tr\u00faarbrag\u00f0a (folk-synkretism) milli b\u00faddisma, <span class=\"iwg-fachbegriff\" data-tooltip=\"K\u00ednversk tr\u00faarleg-heimspekileg hef\u00f0 sem mi\u00f0ast vi\u00f0 Dao, veginn.\" tabindex=\"0\">ta\u00f3isma<\/span> og innf\u00e6dds <span class=\"iwg-fachbegriff\" data-tooltip=\"Tr\u00faarkerfi \u00fear sem s\u00e9rfr\u00e6\u00f0ingar hafa samskipti vi\u00f0 andaheiminn.\" tabindex=\"0\">sjamanisma<\/span>. Kim Tae-gon og a\u00f0rir \u00fej\u00f3\u00f0fr\u00e6\u00f0ingar skjalfestu virka Samsin-d\u00fdrkun allt fram \u00e1 20. \u00f6ld.<\/p>\t\t\t\t\t\t\t\t<\/div>\n\t\t\t\t\t<\/div>\n\t\t\t\t<\/div>\n\t\t\t\t\t<\/div>\n\t\t\t\t<\/div>\n\t\t\t\t\t<\/div>\n\t\t\t\t<\/div>\n\t\t<div class=\"elementor-element elementor-element-18613602 e-flex e-con-boxed e-con e-parent\" data-id=\"18613602\" data-element_type=\"container\" data-e-type=\"container\">\n\t\t\t\t\t<div class=\"e-con-inner\">\n\t\t\t\t<div class=\"elementor-element elementor-element-262b8a9f elementor-widget elementor-widget-heading\" data-id=\"262b8a9f\" data-element_type=\"widget\" data-e-type=\"widget\" data-widget_type=\"heading.default\">\n\t\t\t\t\t<h2 class=\"elementor-heading-title elementor-size-default\">Samhengi<\/h2>\t\t\t\t<\/div>\n\t\t<div class=\"elementor-element elementor-element-46dcb7d e-con-full e-flex e-con e-child\" data-id=\"46dcb7d\" data-element_type=\"container\" data-e-type=\"container\">\n\t\t<div class=\"elementor-element elementor-element-61d3ab3 e-flex e-con-boxed e-con e-child\" data-id=\"61d3ab3\" data-element_type=\"container\" data-e-type=\"container\">\n\t\t\t\t\t<div class=\"e-con-inner\">\n\t\t\t\t<div class=\"elementor-element elementor-element-117c166 elementor-widget elementor-widget-heading\" data-id=\"117c166\" data-element_type=\"widget\" data-e-type=\"widget\" data-widget_type=\"heading.default\">\n\t\t\t\t\t<h3 class=\"elementor-heading-title elementor-size-default\">T\u00edmabil textanna<\/h3>\t\t\t\t<\/div>\n\t\t\t\t<div class=\"elementor-element elementor-element-73997a0 elementor-widget elementor-widget-text-editor\" data-id=\"73997a0\" data-element_type=\"widget\" data-e-type=\"widget\" data-widget_type=\"text-editor.default\">\n\t\t\t\t\t\t\t\t\t<p>D\u00fdrkun Samsin lifir \u00ed K\u00f3reu a\u00f0 nokkru marki fram \u00e1 \u00feennan dag, \u00fe\u00f3tt h\u00fan hafi dregist verulega saman. \u00cd sumum fj\u00f6lskyldum og innan k\u00f3reanska sjamanismans (muism) eru enn stunda\u00f0ir helgisi\u00f0ir til a\u00f0 vernda \u00feungun og f\u00e6\u00f0ingu, svo sem b\u00e6nir e\u00f0a litlar f\u00f3rnargjafir fyrir m\u00f3\u00f0ur og barn. Me\u00f0 flutningi f\u00e6\u00f0inga \u00e1 sj\u00fakrah\u00fas og breyttum b\u00fasetuh\u00e1ttum hefur heimilisd\u00fdrkunin dregist saman og breyst. Samsin er \u00fe\u00f3 minnst \u00ed \u00fej\u00f3\u00f0h\u00e1ttafr\u00e6\u00f0ilegri arfleif\u00f0 og \u00ed sjaman\u00edskri i\u00f0kun, \u00fear sem \u00f6mmugy\u00f0jan lifir \u00e1fram sem verndari f\u00e6\u00f0ingarins.<\/p><h3>Go\u00f0fr\u00e6\u00f0ileg sta\u00f0setning<\/h3><p><em>Samsin<\/em> (\uc0bc\uc2e0, \u201e\u00ferenningargy\u00f0ja&#8220;) er k\u00f3re\u00f6nsk f\u00e6\u00f0ingar- og frj\u00f3semisgy\u00f0ja me\u00f0 r\u00e6tur \u00ed sjaman\u00edskum hef\u00f0um. H\u00fan er til \u00ed \u00fej\u00f3\u00f0hef\u00f0um Nor\u00f0austur-As\u00edu og er d\u00fdrku\u00f0 sem verndari \u00feunga\u00f0ra kvenna og n\u00fdbura. \u00c6tterni hennar tengist frums\u00f6gulegum frj\u00f3semisd\u00fdrkunum.<\/p>\t\t\t\t\t\t\t\t<\/div>\n\t\t\t\t\t<\/div>\n\t\t\t\t<\/div>\n\t\t<div class=\"elementor-element elementor-element-d47b156 e-flex e-con-boxed e-con e-child\" data-id=\"d47b156\" data-element_type=\"container\" data-e-type=\"container\">\n\t\t\t\t\t<div class=\"e-con-inner\">\n\t\t\t\t<div class=\"elementor-element elementor-element-ff38c2b elementor-widget elementor-widget-heading\" data-id=\"ff38c2b\" data-element_type=\"widget\" data-e-type=\"widget\" data-widget_type=\"heading.default\">\n\t\t\t\t\t<h3 class=\"elementor-heading-title elementor-size-default\">\u00datbrei\u00f0slusv\u00e6\u00f0i<\/h3>\t\t\t\t<\/div>\n\t\t\t\t<div class=\"elementor-element elementor-element-4e49fcc elementor-widget elementor-widget-text-editor\" data-id=\"4e49fcc\" data-element_type=\"widget\" data-e-type=\"widget\" data-widget_type=\"text-editor.default\">\n\t\t\t\t\t\t\t\t\t<p>Samsin var ekki bundin vi\u00f0 \u00e1kve\u00f0in sv\u00e6\u00f0i, heldur var h\u00fan \u00feekkt og d\u00fdrku\u00f0 almennt \u00ed k\u00f3reanska heiminum. Hvort sem \u00fea\u00f0 var \u00ed borgarkj\u00f6rnum e\u00f0a \u00ed sveitum, me\u00f0al yfirst\u00e9ttar e\u00f0a almennings, var andlega mikilv\u00e6gi hennar vi\u00f0urkennt og virt alls sta\u00f0ar.<\/p><p>Tr\u00fain \u00e1 Samsin var \u00fatbreidd um alla k\u00f3re\u00f6nsku skagann og n\u00e1tengd heimilislegri tr\u00faari\u00f0kun og muism. \u00c1 milli sv\u00e6\u00f0a voru mismunandi n\u00f6fn og sm\u00e1atri\u00f0i \u00ed si\u00f0unum, svo sem hvernig gy\u00f0jan var \u00e1k\u00f6llu\u00f0 og hva\u00f0a gjafir voru f\u00e6r\u00f0ar, en grunnhlutverk hennar sem verndara f\u00e6\u00f0ingar og sm\u00e1barna h\u00e9lst \u00f3breytt. \u00dear sem f\u00e6\u00f0ing og um\u00f6nnun ungbarna heyr\u00f0u alls sta\u00f0ar til hversdagsl\u00edfs, var d\u00fdrkunin stundu\u00f0 \u00e1 m\u00f6rgum heimilum og h\u00e9lst \u00ed samb\u00e6rilegu formi um langan t\u00edma, borin \u00e1fram fyrst og fremst me\u00f0 munnlegri arfleif\u00f0 me\u00f0al kvenna.<\/p>\t\t\t\t\t\t\t\t<\/div>\n\t\t\t\t\t<\/div>\n\t\t\t\t<\/div>\n\t\t\t\t<\/div>\n\t\t<div class=\"elementor-element elementor-element-db03c39 e-con-full e-flex e-con e-child\" data-id=\"db03c39\" data-element_type=\"container\" data-e-type=\"container\">\n\t\t<div class=\"elementor-element elementor-element-229a87b e-flex e-con-boxed e-con e-child\" data-id=\"229a87b\" data-element_type=\"container\" data-e-type=\"container\">\n\t\t\t\t\t<div class=\"e-con-inner\">\n\t\t\t\t<div class=\"elementor-element elementor-element-1f471fc elementor-widget elementor-widget-heading\" data-id=\"1f471fc\" data-element_type=\"widget\" data-e-type=\"widget\" data-widget_type=\"heading.default\">\n\t\t\t\t\t<h3 class=\"elementor-heading-title elementor-size-default\">Heimildasta\u00f0a<\/h3>\t\t\t\t<\/div>\n\t\t\t\t<div class=\"elementor-element elementor-element-36b1201 elementor-widget elementor-widget-text-editor\" data-id=\"36b1201\" data-element_type=\"widget\" data-e-type=\"widget\" data-widget_type=\"text-editor.default\">\n\t\t\t\t\t\t\t\t\t<p>Heimildir um Samsin Halmoni eru fyrst og fremst \u00fej\u00f3\u00f0h\u00e1ttafr\u00e6\u00f0ilegar og a\u00f0eins a\u00f0 \u00f6\u00f0ru leyti textalegar. Pers\u00f3nan kemur ekki fram \u00ed klass\u00edskum s\u00f6guritum eins og <em>Samguk yusa<\/em> (1281) e\u00f0a <em>Samguk sagi<\/em>, heldur er h\u00fan var\u00f0veitt \u00ed gegnum k\u00f3reanska \u00fej\u00f3\u00f0tr\u00fa (musok) og munnlega arfleif\u00f0.<\/p><p><span data-nosnippet>Mikilv\u00e6gar aukaheimildir eru James H. Grayson, <em>Korea, A Religious History<\/em> (Oxford 2002), Laurel Kendall, <em>Shamans, Housewives, and Other Restless Spirits<\/em> (Honolulu 1985), og Boudewijn Walraven, <em>Songs of the Shaman<\/em> (Leiden 1994). David A. Mason fjallar um f\u00e6\u00f0ingargy\u00f0juna \u00ed <em>Spirit of the Mountains<\/em> (Seoul 1999). Elstu \u00e1rei\u00f0anlegu helgisi\u00f0aheimildirnar eru fr\u00e1 Joseon-t\u00edmabilinu (1392, 1897) og \u00fej\u00f3\u00f0h\u00e1ttum \u00feess.<\/span><\/p>\t\t\t\t\t\t\t\t<\/div>\n\t\t\t\t\t<\/div>\n\t\t\t\t<\/div>\n\t\t\t\t<\/div>\n\t\t\t\t\t<\/div>\n\t\t\t\t<\/div>\n\t\t<div class=\"elementor-element elementor-element-3ae0637c e-flex e-con-boxed e-con e-parent\" data-id=\"3ae0637c\" data-element_type=\"container\" data-e-type=\"container\">\n\t\t\t\t\t<div class=\"e-con-inner\">\n\t\t\t\t<div class=\"elementor-element elementor-element-31d07739 elementor-widget elementor-widget-heading\" data-id=\"31d07739\" data-element_type=\"widget\" data-e-type=\"widget\" data-widget_type=\"heading.default\">\n\t\t\t\t\t<h2 class=\"elementor-heading-title elementor-size-default\">Nafn og afbrig\u00f0i<\/h2>\t\t\t\t<\/div>\n\t\t<div class=\"elementor-element elementor-element-b7642947 e-con-full e-flex e-con e-child\" data-id=\"b7642947\" data-element_type=\"container\" data-e-type=\"container\">\n\t\t\t\t<div class=\"elementor-element elementor-element-a086266 elementor-widget elementor-widget-text-editor\" data-id=\"a086266\" data-element_type=\"widget\" data-e-type=\"widget\" data-widget_type=\"text-editor.default\">\n\t\t\t\t\t\t\t\t\t<p>Samsin er s\u00fdnd me\u00f0 \u00e1kve\u00f0num t\u00e1knmynda\u00fe\u00e1ttum sem eru merkingarbundnir og bera dj\u00fapa \u00fe\u00fd\u00f0ingu. \u00deessir \u00fe\u00e6ttir mi\u00f0la me\u00f0 \u00e1berandi h\u00e6tti hlutverkum, valdsuppsprettum, valdsvi\u00f0i og heimskosm\u00edsku hlutverki \u00feessarar veru. Sj\u00f3nkerfi\u00f0 gerir v\u00edg\u00f0um og menningarlega fr\u00f3\u00f0um kleift a\u00f0 skilja hina dj\u00fapu merkingu.<\/p><p>Samsin, oft \u00e1k\u00f6llu\u00f0 sem Samsin Halmoni (Amma Samsin), hefur \u00ed k\u00f3reanskri heimilistr\u00fa ekki fasta myndger\u00f0 eins og hofstyttu, heldur er h\u00fan ger\u00f0 \u00e1\u00fereifanleg me\u00f0 \u00e1kve\u00f0num hlutum og st\u00f6\u00f0um \u00e1 heimilinu. Algengt var a\u00f0 hafa sta\u00f0 \u00ed a\u00f0alherbergi e\u00f0a s\u00e6ngurherbergi konu \u00ed barnsbur\u00f0i, oft merktan me\u00f0 l\u00edtilli sk\u00e1l af hr\u00edsgrj\u00f3num, vatnssk\u00e1l, \u00fer\u00e6\u00f0i e\u00f0a samanbrotnu pap\u00edri. \u00c1 sumum st\u00f6\u00f0um var tali\u00f0 a\u00f0 \u00ferj\u00e1r gy\u00f0jur v\u00e6ru \u00fearna, sem endurspeglast \u00ed nafnhlutanum sam (\u00fer\u00edr). \u00deessi einf\u00f6ldu t\u00e1kn komu \u00ed sta\u00f0 fastrar styttu og v\u00edsu\u00f0u til \u00e1byrg\u00f0ar hennar \u00e1 getna\u00f0i, f\u00e6\u00f0ingu og velfer\u00f0 sm\u00e1barnsins.<\/p>\t\t\t\t\t\t\t\t<\/div>\n\t\t\t\t<\/div>\n\t\t\t\t\t<\/div>\n\t\t\t\t<\/div>\n\t\t<div class=\"elementor-element elementor-element-709a44a8 e-flex e-con-boxed e-con e-parent\" data-id=\"709a44a8\" data-element_type=\"container\" data-e-type=\"container\">\n\t\t\t\t\t<div class=\"e-con-inner\">\n\t\t\t\t<div class=\"elementor-element elementor-element-2f585873 elementor-widget elementor-widget-heading\" data-id=\"2f585873\" data-element_type=\"widget\" data-e-type=\"widget\" data-widget_type=\"heading.default\">\n\t\t\t\t\t<h2 class=\"elementor-heading-title elementor-size-default\">Einkenni<\/h2>\t\t\t\t<\/div>\n\t\t<div class=\"elementor-element elementor-element-70621c12 e-con-full e-flex e-con e-child\" data-id=\"70621c12\" data-element_type=\"container\" data-e-type=\"container\">\n\t\t\t\t<div class=\"elementor-element elementor-element-4296eb49 elementor-widget elementor-widget-text-editor\" data-id=\"4296eb49\" data-element_type=\"widget\" data-e-type=\"widget\" data-widget_type=\"text-editor.default\">\n\t\t\t\t\t\t\t\t\t<p>Samsin gegndi mikilv\u00e6gu hlutverki \u00ed tr\u00faarlegri i\u00f0kun og daglegum skilningi K\u00f3reu. F\u00f3lk leita\u00f0i til \u00feessarar v\u00e6ttar \u00e1 erfi\u00f0um stundum e\u00f0a \u00e1 tilteknum \u00e1rst\u00ed\u00f0um tengdum tr\u00faarsi\u00f0um, me\u00f0 skipul\u00f6g\u00f0um ath\u00f6fnum, b\u00e6num e\u00f0a f\u00f3rnargj\u00f6fum. I\u00f0kunin var n\u00e1kv\u00e6mlega var\u00f0veitt \u00ed hef\u00f0inni og oft undir stj\u00f3rn presta e\u00f0a s\u00e9rfr\u00f3\u00f0ra a\u00f0ila.<\/p><p>H\u00fasvir\u00f0ing sem beint var til Samsin \u00fej\u00f3na\u00f0i \u00e1\u00fereifanlegum a\u00f0st\u00e6\u00f0um tengdum \u00feungun og fyrstu \u00e6vi\u00e1rum barna. Konur me\u00f0 barni og fj\u00f6lskyldur b\u00e1\u00f0u um \u00f6ruggan getna\u00f0, fars\u00e6la f\u00e6\u00f0ingu og a\u00f0 n\u00fdburinn yr\u00f0i varinn fyrir sj\u00fakd\u00f3mum; f\u00f3rnargjafir eins og hr\u00edsgrj\u00f3n, \u00feangs\u00fapa og vatn voru f\u00e6r\u00f0ar eftir f\u00e6\u00f0ingu og \u00e1 tilteknum d\u00f6gum. Samsin var einnig talin r\u00e1\u00f0a yfir \u00f6rl\u00f6gum og l\u00edfsl\u00edkum barnsins fyrstu \u00e1rin. \u00deessi i\u00f0kun var \u00ed langan t\u00edma var\u00f0veitt og \u00e1fram gefin, a\u00f0allega af konum \u00e1 heimilinu, \u00fev\u00ed f\u00e6\u00f0ing og fyrstu m\u00e1nu\u00f0ir barns voru taldir s\u00e9rstaklega vi\u00f0kv\u00e6mir.<\/p><h3>Erscheinung og Symbolik<\/h3><p><em>Samsin<\/em> er s\u00fdnd sem \u00f6ldru\u00f0 e\u00f0a mi\u00f0aldra kona, stundum me\u00f0 \u00ferj\u00e1r birtingarmyndir (\u00fea\u00f0an kemur nafni\u00f0). H\u00fan er oft s\u00fdnd \u00ed heimilishelgireitum, \u00ed fylgd t\u00e1kna eins og hveitis e\u00f0a hr\u00edsgrj\u00f3na. Litur hennar er breytilegur, en hv\u00edtt e\u00f0a rautt er algengast. H\u00fan sest oft \u00e1 str\u00e1 e\u00f0a er umkringd t\u00e1knum um vels\u00e6ld.<\/p>\t\t\t\t\t\t\t\t<\/div>\n\t\t\t\t<\/div>\n\t\t\t\t\t<\/div>\n\t\t\t\t<\/div>\n\t\t<div class=\"elementor-element elementor-element-44e71476 e-flex e-con-boxed e-con e-parent\" data-id=\"44e71476\" data-element_type=\"container\" data-e-type=\"container\">\n\t\t\t\t\t<div class=\"e-con-inner\">\n\t\t\t\t<div class=\"elementor-element elementor-element-3c1fc3f0 elementor-widget elementor-widget-heading\" data-id=\"3c1fc3f0\" data-element_type=\"widget\" data-e-type=\"widget\" data-widget_type=\"heading.default\">\n\t\t\t\t\t<h2 class=\"elementor-heading-title elementor-size-default\">Yfirlit: Samsin<\/h2>\t\t\t\t<\/div>\n\t\t<div class=\"elementor-element elementor-element-84f33b8e e-con-full e-flex e-con e-child\" data-id=\"84f33b8e\" data-element_type=\"container\" data-e-type=\"container\">\n\t\t\t\t<div class=\"elementor-element elementor-element-hqkdc67p elementor-widget elementor-widget-text-editor\" data-id=\"hqkdc67p\" data-element_type=\"widget\" data-e-type=\"widget\" data-widget_type=\"text-editor.default\">\n\t\t\t\t\t\t\t\t\t<p>Yfirliti\u00f0 s\u00fdnir Samsin \u00ed sex v\u00edddum: uppruna hennar sem fjallagy\u00f0ju, markh\u00f3pa tilbei\u00f0slu hennar (konur, konur \u00ed f\u00e6\u00f0ingu, foreldra), t\u00e1knmynd og einkenni hennar, verndarhlutverk hennar vi\u00f0 f\u00e6\u00f0ingu og \u00ed frumbernsku, auk hli\u00f0st\u00e6\u00f0na \u00ed tengdum menningarheimum. \u00deessi sj\u00f3narhorn varpa lj\u00f3si \u00e1 hlutverk hennar \u00ed daglegu tr\u00faarkerfi.<\/p>\t\t\t\t\t\t\t\t<\/div>\n\t\t\t\t<\/div>\n\t\t<div class=\"elementor-element elementor-element-pemmx7c5 e-con-full e-flex e-con e-child\" data-id=\"pemmx7c5\" data-element_type=\"container\" data-e-type=\"container\">\n\t\t<div class=\"elementor-element elementor-element-pemmx7c1 e-con-full e-flex e-con e-child\" data-id=\"pemmx7c1\" data-element_type=\"container\" data-e-type=\"container\">\n\t\t<div class=\"elementor-element elementor-element-qh9oavvu iwg-steckbrief-card e-flex e-con-boxed e-con e-child\" data-id=\"qh9oavvu\" data-element_type=\"container\" data-e-type=\"container\">\n\t\t\t\t\t<div class=\"e-con-inner\">\n\t\t\t\t<div class=\"elementor-element elementor-element-awzx8k2k elementor-widget elementor-widget-heading\" data-id=\"awzx8k2k\" data-element_type=\"widget\" data-e-type=\"widget\" data-widget_type=\"heading.default\">\n\t\t\t\t\t<div class=\"elementor-heading-title elementor-size-default\">Hef\u00f0<\/div>\t\t\t\t<\/div>\n\t\t\t\t<div class=\"elementor-element elementor-element-x6rowhv0 elementor-widget elementor-widget-text-editor\" data-id=\"x6rowhv0\" data-element_type=\"widget\" data-e-type=\"widget\" data-widget_type=\"text-editor.default\">\n\t\t\t\t\t\t\t\t\t<p>Samsin er landfr\u00e6\u00f0ilega tengd fj\u00f6llum, s\u00e9rstaklega heil\u00f6gum fj\u00f6llum eins og Baekdusan og sta\u00f0bundnum fjallago\u00f0um. H\u00fan er \u00feekkt um alla K\u00f3reu, me\u00f0 sv\u00e6\u00f0isbundnum tilbrig\u00f0um.<\/p><p>Go\u00f0sagnafr\u00e6\u00f0ilegur uppruni hennar liggur \u00ed frumsjam\u00f6nskum n\u00e1tt\u00farud\u00fdrkun, l\u00edklega fr\u00e1 fors\u00f6gulegum t\u00edma; \u00ed ritheimildum er hennar geti\u00f0 seint (\u00fej\u00f3\u00f0h\u00e1ttal\u00fdsingar fr\u00e1 19. og 20. \u00f6ld). Tr\u00faars\u00f6gulega er h\u00fan talin s\u00e9rh\u00e6f\u00f0 n\u00e1tt\u00farugy\u00f0ja sem greindist \u00fat fr\u00e1 almennri fjallad\u00fdrkun (<span class=\"iwg-fachbegriff\" data-tooltip=\"Heildarsafn tr\u00faarlegra tilbei\u00f0sluathafna fyrir go\u00f0 e\u00f0a heilaga veru.\" tabindex=\"0\">helgisi\u00f0i<\/span>) yfir \u00ed frj\u00f3semis- og f\u00e6\u00f0ingargy\u00f0ju.<\/p>\t\t\t\t\t\t\t\t<\/div>\n\t\t\t\t\t<\/div>\n\t\t\t\t<\/div>\n\t\t<div class=\"elementor-element elementor-element-8e3o4kxs iwg-steckbrief-card e-flex e-con-boxed e-con e-child\" data-id=\"8e3o4kxs\" data-element_type=\"container\" data-e-type=\"container\">\n\t\t\t\t\t<div class=\"e-con-inner\">\n\t\t\t\t<div class=\"elementor-element elementor-element-08rkdgov elementor-widget elementor-widget-heading\" data-id=\"08rkdgov\" data-element_type=\"widget\" data-e-type=\"widget\" data-widget_type=\"heading.default\">\n\t\t\t\t\t<div class=\"elementor-heading-title elementor-size-default\">Markh\u00f3pur Samsin<\/div>\t\t\t\t<\/div>\n\t\t\t\t<div class=\"elementor-element elementor-element-uwjelx8s elementor-widget elementor-widget-text-editor\" data-id=\"uwjelx8s\" data-element_type=\"widget\" data-e-type=\"widget\" data-widget_type=\"text-editor.default\">\n\t\t\t\t\t\t\t\t\t<p>Samsin var fyrst og fremst tilbe\u00f0in af konum, s\u00e9rstaklega konum me\u00f0 barni, konum \u00ed f\u00e6\u00f0ingu og m\u00e6\u00f0rum. Tilefni voru \u00feungun, f\u00e6\u00f0ing, barnasj\u00fakd\u00f3mar og <span class=\"iwg-fachbegriff\" data-tooltip=\"S\u00fa tr\u00faarlega ath\u00f6fn sem veitir blessun.\" tabindex=\"0\">blessun<\/span> n\u00fdf\u00e6ddra barna. Lj\u00f3sm\u00e6\u00f0ur og l\u00e6kningakonur \u00e1k\u00f6llu\u00f0u Samsin einnig. <span class=\"iwg-fachbegriff\" data-tooltip=\"\u00d6ll tr\u00faarleg tilbei\u00f0sluath\u00f6fn tengd gu\u00f0i e\u00f0a heilagri v\u00e6tt.\" tabindex=\"0\">D\u00fdrkunin<\/span> var dreif\u00f0 og oft einkabundin, minna formlega stofnanabundin en r\u00edkisd\u00fdrkun. \u00c1 20. \u00f6ld dr\u00f3 \u00far tilbei\u00f0slunni me\u00f0 n\u00fat\u00edmav\u00e6\u00f0ingu, en \u00ed samf\u00e9l\u00f6gum sem halda \u00ed hef\u00f0ir er h\u00fan enn til sta\u00f0ar.<\/p>\t\t\t\t\t\t\t\t<\/div>\n\t\t\t\t\t<\/div>\n\t\t\t\t<\/div>\n\t\t<div class=\"elementor-element elementor-element-jm2n74ec iwg-steckbrief-card e-flex e-con-boxed e-con e-child\" data-id=\"jm2n74ec\" data-element_type=\"container\" data-e-type=\"container\">\n\t\t\t\t\t<div class=\"e-con-inner\">\n\t\t\t\t<div class=\"elementor-element elementor-element-8vufse4c elementor-widget elementor-widget-heading\" data-id=\"8vufse4c\" data-element_type=\"widget\" data-e-type=\"widget\" data-widget_type=\"heading.default\">\n\t\t\t\t\t<div class=\"elementor-heading-title elementor-size-default\">Framsetning<\/div>\t\t\t\t<\/div>\n\t\t\t\t<div class=\"elementor-element elementor-element-mwb9u015 elementor-widget elementor-widget-text-editor\" data-id=\"mwb9u015\" data-element_type=\"widget\" data-e-type=\"widget\" data-widget_type=\"text-editor.default\">\n\t\t\t\t\t\t\t\t\t<p>Samsin er s\u00fdnd sem \u00f6ldru\u00f0 kona me\u00f0 hv\u00edtt h\u00e1r og hv\u00edtan kl\u00e6\u00f0na\u00f0, stundum me\u00f0 gulli e\u00f0a silfri skreytt. Einkenni hennar tengjast blessun barna, oft s\u00fdnd sem ungbarn e\u00f0a barn \u00ed kj\u00f6ltu hennar.<\/p><p>H\u00fan ber sums sta\u00f0ar h\u00f6fu\u00f0prj\u00f3n e\u00f0a k\u00f3r\u00f3nu til a\u00f0 gefa til kynna gu\u00f0legt e\u00f0li sitt. \u00c1 myndum \u00e1 heimilis\u00f6lturum er h\u00fan s\u00fdnd vi\u00f0 hli\u00f0 fjallsins og h\u00fassins. Litirnir eru hv\u00edtt, rautt (fyrir l\u00edfskraft) og gull. Framsetningin er hl\u00fd og \u00f6mmul\u00edkt, ekki \u00f3gnvekjandi.<\/p>\t\t\t\t\t\t\t\t<\/div>\n\t\t\t\t\t<\/div>\n\t\t\t\t<\/div>\n\t\t\t\t<\/div>\n\t\t<div class=\"elementor-element elementor-element-pemmx7c2 e-con-full e-flex e-con e-child\" data-id=\"pemmx7c2\" data-element_type=\"container\" data-e-type=\"container\">\n\t\t<div class=\"elementor-element elementor-element-37ss2yr6 iwg-steckbrief-card e-flex e-con-boxed e-con e-child\" data-id=\"37ss2yr6\" data-element_type=\"container\" data-e-type=\"container\">\n\t\t\t\t\t<div class=\"e-con-inner\">\n\t\t\t\t<div class=\"elementor-element elementor-element-3v0wp3wx elementor-widget elementor-widget-heading\" data-id=\"3v0wp3wx\" data-element_type=\"widget\" data-e-type=\"widget\" data-widget_type=\"heading.default\">\n\t\t\t\t\t<div class=\"elementor-heading-title elementor-size-default\">\u00c1hrif Samsin<\/div>\t\t\t\t<\/div>\n\t\t\t\t<div class=\"elementor-element elementor-element-w3247g2m elementor-widget elementor-widget-text-editor\" data-id=\"w3247g2m\" data-element_type=\"widget\" data-e-type=\"widget\" data-widget_type=\"text-editor.default\">\n\t\t\t\t\t\t\t\t\t<p><strong>Verksvi\u00f0:<\/strong> Samsin (\u201e\u00fer\u00edr andar\u201c) verndar \u00feunga\u00f0ar konur og n\u00fdbura. \u00de\u00e6r eru ekki einstakir gu\u00f0ir, heldur \u00ferefaldur kraftur, oft s\u00fdndur sem aldra\u00f0ar konur, lj\u00f3sm\u00e6\u00f0ur e\u00f0a forfe\u00f0ur.<\/p><p>\u00cd k\u00f3reskum <span class=\"iwg-fachbegriff\" data-tooltip=\"Tr\u00faarkerfi \u00fear sem s\u00e9rfr\u00e6\u00f0ingar hafa samskipti vi\u00f0 andaheiminn.\" tabindex=\"0\">sjamanisma<\/span> er \u00feeirra \u00e1kalla\u00f0 \u00feegar kona ver\u00f0ur \u00feungu\u00f0, og <span class=\"iwg-fachbegriff\" data-tooltip=\"Blessun og verndaror\u00f0, oft \u00ed fastri m\u00e1lformger\u00f0.\" tabindex=\"0\">blessun<\/span> \u00feeirra fylgir fram til f\u00e6\u00f0ingar. \u00de\u00e6r standa fyrir samfellu fj\u00f6lskyldunnar og visku \u00f6mmanna sem berst fr\u00e1 einu l\u00edfi til hins n\u00e6sta.<\/p>\t\t\t\t\t\t\t\t<\/div>\n\t\t\t\t\t<\/div>\n\t\t\t\t<\/div>\n\t\t<div class=\"elementor-element elementor-element-0qpjal9w iwg-steckbrief-card e-flex e-con-boxed e-con e-child\" data-id=\"0qpjal9w\" data-element_type=\"container\" data-e-type=\"container\">\n\t\t\t\t\t<div class=\"e-con-inner\">\n\t\t\t\t<div class=\"elementor-element elementor-element-6ndoih0o elementor-widget elementor-widget-heading\" data-id=\"6ndoih0o\" data-element_type=\"widget\" data-e-type=\"widget\" data-widget_type=\"heading.default\">\n\t\t\t\t\t<div class=\"elementor-heading-title elementor-size-default\">Vernd<\/div>\t\t\t\t<\/div>\n\t\t\t\t<div class=\"elementor-element elementor-element-6684tyh9 elementor-widget elementor-widget-text-editor\" data-id=\"6684tyh9\" data-element_type=\"widget\" data-e-type=\"widget\" data-widget_type=\"text-editor.default\">\n\t\t\t\t\t\t\t\t\t<p>Samsin er velvilju\u00f0, verndandi gy\u00f0ja. Tilbei\u00f0sla fer fram me\u00f0 heimilis\u00f6lturum (Kosa) fyrir styttu hennar e\u00f0a mynd, me\u00f0 \u00feakkarf\u00f3rnum eftir vel heppna\u00f0a f\u00e6\u00f0ingu og me\u00f0 b\u00e6num fyrir blessun barna. \u00deunga\u00f0ar konur f\u00e6r\u00f0u f\u00f3rnargjafir (hr\u00edsgrj\u00f3n, s\u00e6tmeti, ol\u00edu) til a\u00f0 bi\u00f0ja um hj\u00e1lp hennar.<\/p><p>Eftir f\u00e6\u00f0ingu f\u00f3r fram formleg \u00feakkar<span class=\"iwg-fachbegriff\" data-tooltip=\"Gj\u00f6f til gu\u00f0s til a\u00f0 tj\u00e1 \u00feakkl\u00e6ti, b\u00e6n e\u00f0a tilbei\u00f0slu.\" tabindex=\"0\">f\u00f3rn<\/span> (Samsin-Kut). Tilbei\u00f0slan var einkabundin <span class=\"iwg-fachbegriff\" data-tooltip=\"Stutt, pers\u00f3nuleg e\u00f0a sameiginleg tr\u00faarleg huglei\u00f0sla.\" tabindex=\"0\">\u00edhugun<\/span>, minna opinberlega <span class=\"iwg-fachbegriff\" data-tooltip=\"Tilheyrandi f\u00f6stu tr\u00faarlegu athafnaferli.\" tabindex=\"0\">helgisi\u00f0abundin<\/span>. Varnarr\u00e1\u00f0stafanir gegn illum \u00f6ndum var\u00f0andi n\u00fdburann voru hluti af heildst\u00e6\u00f0ri Samsin-d\u00fdrkun.<\/p>\t\t\t\t\t\t\t\t<\/div>\n\t\t\t\t\t<\/div>\n\t\t\t\t<\/div>\n\t\t<div class=\"elementor-element elementor-element-3lfi7x32 iwg-steckbrief-card e-flex e-con-boxed e-con e-child\" data-id=\"3lfi7x32\" data-element_type=\"container\" data-e-type=\"container\">\n\t\t\t\t\t<div class=\"e-con-inner\">\n\t\t\t\t<div class=\"elementor-element elementor-element-0kg99ga1 elementor-widget elementor-widget-heading\" data-id=\"0kg99ga1\" data-element_type=\"widget\" data-e-type=\"widget\" data-widget_type=\"heading.default\">\n\t\t\t\t\t<div class=\"elementor-heading-title elementor-size-default\">Tengdar verur<\/div>\t\t\t\t<\/div>\n\t\t\t\t<div class=\"elementor-element elementor-element-n0fum6kp elementor-widget elementor-widget-text-editor\" data-id=\"n0fum6kp\" data-element_type=\"widget\" data-e-type=\"widget\" data-widget_type=\"text-editor.default\">\n\t\t\t\t\t\t\t\t\t<p>Samb\u00e6rilegar eru a\u00f0rar f\u00e6\u00f0ingar- og frj\u00f3semisgy\u00f0jur: Artemis\/D\u00edana \u00ed gr\u00edsk-r\u00f3mverskri hef\u00f0 (gy\u00f0ja f\u00e6\u00f0ingar og barnauppeldis), Brigid \u00ed \u00edrskri <span class=\"iwg-fachbegriff\" data-tooltip=\"\u00d6ll var\u00f0veittar fr\u00e1sagnir menningarheims um gu\u00f0i.\" tabindex=\"0\">go\u00f0afr\u00e6\u00f0i<\/span> (gy\u00f0ja l\u00e6kningalistar og f\u00e6\u00f0ingar), og hind\u00faagy\u00f0jur eins og Hariti (verndandi m\u00f3\u00f0ir). \u00d6llum er sameiginlegt a\u00f0 verja f\u00e6\u00f0ingu, frj\u00f3semi og fyrstu \u00e6vi\u00e1r barna me\u00f0 kvenlegum, m\u00f3\u00f0urlegum krafti.<\/p>\t\t\t\t\t\t\t\t<\/div>\n\t\t\t\t\t<\/div>\n\t\t\t\t<\/div>\n\t\t\t\t<\/div>\n\t\t\t\t<\/div>\n\t\t\t\t\t<\/div>\n\t\t\t\t<\/div>\n\t\t<div class=\"elementor-element elementor-element-5a584676 e-flex e-con-boxed e-con e-parent\" data-id=\"5a584676\" data-element_type=\"container\" data-e-type=\"container\">\n\t\t\t\t\t<div class=\"e-con-inner\">\n\t\t\t\t<div class=\"elementor-element elementor-element-6d0757bf elementor-widget elementor-widget-heading\" data-id=\"6d0757bf\" data-element_type=\"widget\" data-e-type=\"widget\" data-widget_type=\"heading.default\">\n\t\t\t\t\t<h2 class=\"elementor-heading-title elementor-size-default\">Samsin, hli\u00f0st\u00e6\u00f0ur \u00ed \u00f6\u00f0rum menningarheimum<\/h2>\t\t\t\t<\/div>\n\t\t<div class=\"elementor-element elementor-element-60563f68 e-con-full e-flex e-con e-child\" data-id=\"60563f68\" data-element_type=\"container\" data-e-type=\"container\">\n\t\t\t\t<div class=\"elementor-element elementor-element-5a93fdd6 elementor-widget elementor-widget-text-editor\" data-id=\"5a93fdd6\" data-element_type=\"widget\" data-e-type=\"widget\" data-widget_type=\"text-editor.default\">\n\t\t\t\t\t\t\t\t\t<p>Samsin sem \u00ferenning \u00f6mmugo\u00f0sagna sem tengist f\u00e6\u00f0ingu heyrir til austuras\u00edskrar hef\u00f0ar sameiginlegra kvenlegra verndarv\u00e6tta. Samb\u00e6rilegar eru hind\u00faagu\u00f0irnar Saptamatrika (sj\u00f6 m\u00e6\u00f0ur) og k\u00ednversk d\u00fdrkun Niangniang.<\/p><p>\u00cd vestr\u00e6nu samhengi m\u00e1 finna gr\u00edsku Moirurnar sem \u00ferj\u00e1r \u00f6rlagagy\u00f0jur og norr\u00e6nu nornirnar, \u00e1n \u00feess a\u00f0 hafa \u00fe\u00f3 \u00fe\u00e1 s\u00e9rt\u00e6ku vernd n\u00fdbura sem einkennir Samsin. \u00d3l\u00edkar menningarheimar komust a\u00f0 s\u00f6mu ni\u00f0urst\u00f6\u00f0u og birtu hana \u00ed sta\u00f0bundnum, a\u00f0l\u00f6gu\u00f0um myndum. Alheimsleg mynstur skipta meira m\u00e1li en s\u00e9rt\u00e6k afbrig\u00f0i.<\/p>\n<p><strong>Hef\u00f0 Gy\u00f0inga:<\/strong> \u00cd gy\u00f0ingd\u00f3mi er engin bein f\u00e6\u00f0ingargy\u00f0ja til, en verndarv\u00e6ttir eins og Lewas (yfirn\u00e1tt\u00farulegar hj\u00e1lparkonur \u00ed Midrash) e\u00f0a Lilith (upphaflega tv\u00edr\u00e6\u00f0, s\u00ed\u00f0ar dj\u00f6fulleg) koma fyrir. N\u00e6r kemst pers\u00f3nan \u201eFr\u00fa Viska\u201d (Chokhma) sem m\u00f3\u00f0urlegur skapandi kraftur, en er ekki formlega skilgreind sem f\u00e6\u00f0ingargy\u00f0ja.<\/p><p><strong>Gr\u00edsk-r\u00f3mverskur heimur:<\/strong> Artemis og r\u00f3mversk hli\u00f0st\u00e6\u00f0a hennar Diana voru gy\u00f0jur f\u00e6\u00f0ingar og barnaum\u00f6nnunar. Eileithyia (gr\u00edsk) s\u00e9rh\u00e6f\u00f0i sig einnig \u00ed f\u00e6\u00f0ingara\u00f0sto\u00f0. \u00de\u00e6r voru \u00e1kalla\u00f0ar af konum \u00ed f\u00e6\u00f0ingu, l\u00edkt og Samsin. \u00deessar gy\u00f0jur voru \u00fe\u00f3 formlega hluti af opinberri d\u00fdrkun, ekki einkabundnar vi\u00f0 fj\u00f6lskylduna eins og Samsin.<\/p><p><strong>Mes\u00f3p\u00f3tam\u00eda:<\/strong> Gy\u00f0jurnar Nintur og Damgalnunna h\u00f6f\u00f0u hlutverk sem f\u00e6\u00f0ingar- og skapandi gy\u00f0jur. \u00de\u00e6r voru \u00e1kalla\u00f0ar til a\u00f0 skapa og verja l\u00edf. S\u00famersk-akkad\u00edsk hef\u00f0 skjalfestir kvenlegar verndarv\u00e6ttir vi\u00f0 f\u00e6\u00f0ingu, hli\u00f0st\u00e6tt hlutverki Samsin, en \u00e1n \u00feess dagslega einkae\u00f0lis heimilisaltarisins.<\/p><p><strong>Indland\/As\u00eda:<\/strong> \u00cd hind\u00faahef\u00f0um eru gy\u00f0jur eins og Hariti, Kali (sem verndari) e\u00f0a Durga verndarv\u00e6ttir vi\u00f0 f\u00e6\u00f0ingu og \u00ed \u00e6sku. \u00cd k\u00ednverskri og japanskri hef\u00f0 eru svipa\u00f0ar verndargy\u00f0jur fyrir frj\u00f3semi og bernsku. S\u00e9rstaklega er k\u00ednverska Guanyin \u00e1k\u00f6llu\u00f0 af konum um barnal\u00e1n, l\u00edkt og Samsin.<\/p>\t\t\t\t\t\t\t\t<\/div>\n\t\t\t\t<\/div>\n\t\t\t\t\t<\/div>\n\t\t\t\t<\/div>\n\t\t<div class=\"elementor-element elementor-element-cp95e2d07 e-flex e-con-boxed e-con e-parent\" data-id=\"cp95e2d07\" data-element_type=\"container\" data-e-type=\"container\">\n\t\t\t\t\t<div class=\"e-con-inner\">\n\t\t\t\t<div class=\"elementor-element elementor-element-cp3764de5 elementor-widget elementor-widget-heading\" data-id=\"cp3764de5\" data-element_type=\"widget\" data-e-type=\"widget\" data-widget_type=\"heading.default\">\n\t\t\t\t\t<h2 class=\"elementor-heading-title elementor-size-default\">\u00d6mmugo\u00f0sagan \u00fer\u00edeina og f\u00e6\u00f0ingarhj\u00e1lpin<\/h2>\t\t\t\t<\/div>\n\t\t<div class=\"elementor-element elementor-element-cpf4dea1c e-con-full e-flex e-con e-child\" data-id=\"cpf4dea1c\" data-element_type=\"container\" data-e-type=\"container\">\n\t\t\t\t<div class=\"elementor-element elementor-element-cp09c812b elementor-widget elementor-widget-text-editor\" data-id=\"cp09c812b\" data-element_type=\"widget\" data-e-type=\"widget\" data-widget_type=\"text-editor.default\">\n\t\t\t\t\t\t\t\t\t<p>Samsin, sem er \u00ed k\u00f3reskri \u00fej\u00f3\u00f0tr\u00fa einnig \u00e1k\u00f6llu\u00f0 sem Samsin Halmoni, amma Samsin, er <span class=\"iwg-fachbegriff\" data-tooltip=\"Vera sem d\u00fdrku\u00f0 er sem gu\u00f0leg innan tr\u00faarbrag\u00f0a.\" tabindex=\"0\">gu\u00f0vera<\/span> sem s\u00e9r um getna\u00f0, \u00feungun, f\u00e6\u00f0ingu og fyrstu \u00feroska\u00e1r barna.<\/p><p>Nafni\u00f0 er venjulega \u00fatsk\u00fdrt me\u00f0 tilv\u00edsun til \u00feriggja gu\u00f0a e\u00f0a hins \u00ferefalda <span class=\"iwg-fachbegriff\" data-tooltip=\"L\u00edkamslaus vera sem talin er hafa \u00e1hrif \u00ed heiminum.\" tabindex=\"0\">anda<\/span>, en n\u00e1kv\u00e6m t\u00falkun t\u00f6lunnar \u00fer\u00edr er metin \u00e1 \u00fdmsa vegu \u00ed fr\u00e6\u00f0unum, sumir v\u00edsa til \u00ferenningar gu\u00f0a, a\u00f0rir til \u00feriggja svi\u00f0a: getna\u00f0ar, f\u00e6\u00f0ingar og uppeldis.<\/p><p>\u00cd hef\u00f0bundnu K\u00f3reu var Samsin ein af mikilv\u00e6gustu heimilisgo\u00f0um, einmitt vegna \u00feess a\u00f0 f\u00e6\u00f0ing og barnadau\u00f0i voru mi\u00f0l\u00e6gar \u00e1hyggjur hverrar fj\u00f6lskyldu.<\/p><p>Verksvi\u00f0 hennar n\u00e1\u00f0i fr\u00e1 \u00f3skinni um barn, yfir vernd \u00feunga\u00f0ra kvenna og \u00f6ryggi \u00ed f\u00e6\u00f0ingu, til var\u00f0veislu ungbarnsins fyrstu, h\u00e6ttulegustu \u00e6vi\u00e1rin. H\u00fan var talin s\u00fa sem b\u00f3kstaflega lei\u00f0ir barni\u00f0 inn \u00ed l\u00edfi\u00f0 og vakir yfir fyrstu skrefum \u00feess.<\/p><p>\u00deetta hlutverk ger\u00f0i Samsin a\u00f0 <span class=\"iwg-fachbegriff\" data-tooltip=\"Vera sem d\u00fdrku\u00f0 er sem gu\u00f0leg innan tr\u00faarbrag\u00f0a.\" tabindex=\"0\">gu\u00f0veru<\/span> sem a\u00f0 mestu var d\u00fdrku\u00f0 af konum, innan svi\u00f0s heimilis, fj\u00f6lskyldu og kvenlegs l\u00edfsheims. \u00d3l\u00edkt hinum st\u00f3ru gu\u00f0um r\u00edkis- e\u00f0a b\u00fadd\u00edskrar d\u00fdrkunar var h\u00fan <span class=\"iwg-fachbegriff\" data-tooltip=\"Vera sem d\u00fdrku\u00f0 er sem gu\u00f0leg innan tr\u00faarbrag\u00f0a.\" tabindex=\"0\">gu\u00f0vera<\/span> hins daglega l\u00edfs og br\u00e1\u00f0rar l\u00edkamlegrar nau\u00f0ar.<\/p><p>Merking hennar v\u00edsar til grunneinkennis k\u00f3reskrar \u00fej\u00f3\u00f0tr\u00faar. Vi\u00f0 hli\u00f0 b\u00faddisma, konf\u00fas\u00edanisma og s\u00ed\u00f0ar kristni var jafnan til brei\u00f0 lag heimilisgo\u00f0a og verndaranda sem s\u00e1u um afm\u00f6rku\u00f0 svi\u00f0 l\u00edfsins. Samsin er ein af \u00feeim mest \u00e1berandi me\u00f0al \u00feessara gu\u00f0vera, \u00fev\u00ed svi\u00f0i\u00f0 sem h\u00fan verndar var \u00f3missandi fyrir framhald hverrar fj\u00f6lskyldu.<\/p>\t\t\t\t\t\t\t\t<\/div>\n\t\t\t\t<\/div>\n\t\t\t\t\t<\/div>\n\t\t\t\t<\/div>\n\t\t<div class=\"elementor-element elementor-element-cp4de2475 e-flex e-con-boxed e-con e-parent\" data-id=\"cp4de2475\" data-element_type=\"container\" data-e-type=\"container\">\n\t\t\t\t\t<div class=\"e-con-inner\">\n\t\t\t\t<div class=\"elementor-element elementor-element-cp4a6a3f2 elementor-widget elementor-widget-heading\" data-id=\"cp4a6a3f2\" data-element_type=\"widget\" data-e-type=\"widget\" data-widget_type=\"heading.default\">\n\t\t\t\t\t<h2 class=\"elementor-heading-title elementor-size-default\">Heimilisaltari\u00f0 og si\u00f0irnir eftir f\u00e6\u00f0inguna<\/h2>\t\t\t\t<\/div>\n\t\t<div class=\"elementor-element elementor-element-cpf6368c8 e-con-full e-flex e-con e-child\" data-id=\"cpf6368c8\" data-element_type=\"container\" data-e-type=\"container\">\n\t\t\t\t<div class=\"elementor-element elementor-element-cpc8317be elementor-widget elementor-widget-text-editor\" data-id=\"cpc8317be\" data-element_type=\"widget\" data-e-type=\"widget\" data-widget_type=\"text-editor.default\">\n\t\t\t\t\t\t\t\t\t<p>D\u00fdrkun Samsin var bundin \u00e1kve\u00f0num st\u00f6\u00f0um og ath\u00f6fnum innan heimilisins. Sta\u00f0ur hennar var venjulega \u00e1kve\u00f0i\u00f0 sv\u00e6\u00f0i \u00ed a\u00f0alstofunni, oft horn e\u00f0a veggskot, \u00fear sem einfalt <span class=\"iwg-fachbegriff\" data-tooltip=\"Heilagur sta\u00f0ur tileinka\u00f0ur d\u00fdrkun gu\u00f0veru.\" tabindex=\"0\">helgista\u00f0ur<\/span> var komi\u00f0 upp.<\/p><p>\u00deetta samanst\u00f3\u00f0 oft ekki af mynd, heldur af sk\u00e1l me\u00f0 hr\u00edsgrj\u00f3num, samanbrotnu kl\u00e6\u00f0i e\u00f0a papp\u00edr og stundum krukku, hlutum sem g\u00e1fu til kynna n\u00e6rveru <span class=\"iwg-fachbegriff\" data-tooltip=\"Vera sem d\u00fdrku\u00f0 er sem gu\u00f0leg innan tr\u00faarbrag\u00f0a.\" tabindex=\"0\">gu\u00f0verunnar<\/span>. Einfaldleiki \u00feessa helgista\u00f0ar er einkennandi fyrir k\u00f3reska heimilistr\u00fa.<\/p><p>\u00cd kringum f\u00e6\u00f0inguna mynda\u00f0ist \u00fe\u00e9ttofi\u00f0 net si\u00f0a. Sj\u00e1lf barneignar\u00f3skin gat veri\u00f0 tilefni til a\u00f0 bi\u00f0ja Samsin um barn. \u00c1 me\u00f0g\u00f6ngunni gilti heg\u00f0unarreglur sem \u00e6tla\u00f0 var a\u00f0 vernda \u00f3f\u00e6tt barni\u00f0.<\/p><p>R\u00e9tt eftir f\u00e6\u00f0inguna var <span class=\"iwg-fachbegriff\" data-tooltip=\"Vera sem d\u00fdrku\u00f0 er sem gu\u00f0leg innan tr\u00faarbrag\u00f0a.\" tabindex=\"0\">gu\u00f0verunni<\/span> \u00fe\u00f6kku\u00f0 fars\u00e6l f\u00e6\u00f0ing, venjulega me\u00f0 <span class=\"iwg-fachbegriff\" data-tooltip=\"Hinn \u00e1\u00fereifanlegi hlutur e\u00f0a matur sem f\u00e6r\u00f0ur er gu\u00f0veru.\" tabindex=\"0\">f\u00f3rnargj\u00f6f<\/span> af hr\u00edsgrj\u00f3num og \u00feangs\u00fapu, s\u00f6mu s\u00fapu og s\u00e6ngurkonan f\u00e9kk s\u00e9r til styrkingar.<\/p><p>\u00deessar f\u00f3rnargjafir voru endurteknar \u00e1 tilteknum d\u00f6gum, svo sem \u00e1 \u00feri\u00f0ja, sj\u00f6unda, fj\u00f3rt\u00e1nda og tuttugasta og fyrsta degi, auk hundra\u00f0asta dagsins og fyrsta afm\u00e6lisdags barnsins.<\/p><p>\u00cd kj\u00f6lfar f\u00e6\u00f0ingarinnar t\u00f3k vi\u00f0 t\u00edmabil einangrunar, \u00fear sem heimili\u00f0 var merkt me\u00f0 strengdu str\u00e1taugi yfir hli\u00f0i\u00f0 sem <span class=\"iwg-fachbegriff\" data-tooltip=\"Tilheyrandi f\u00f6stu tr\u00faarlegu athafnaferli.\" tabindex=\"0\">helgiath\u00f6fnar<\/span> vernda\u00f0 og loka\u00f0 utana\u00f0komandi.<\/p><p>\u00cd \u00feetta reipi voru fl\u00e9tta\u00f0ir mismunandi hlutir eftir kyni barnsins. \u00deessir si\u00f0ir \u00e1ttu a\u00f0 var\u00f0veita b\u00e6\u00f0i hi\u00f0 vi\u00f0kv\u00e6ma n\u00fdbura og verndandi n\u00e6rveru Samsin.<\/p><p>Si\u00f0irnir s\u00fdna a\u00f0 Samsin var ekki fjarl\u00e6g <span class=\"iwg-fachbegriff\" data-tooltip=\"Vera sem d\u00fdrku\u00f0 er sem gu\u00f0leg innan tr\u00faarbrag\u00f0a.\" tabindex=\"0\">gu\u00f0vera<\/span>, heldur var n\u00e1i\u00f0 tengd l\u00edkamlegu og t\u00edmabundnu ferli me\u00f0g\u00f6ngu, f\u00e6\u00f0ingar og fyrstu \u00e6vi\u00e1ra. D\u00fdrkun hennar var hagn\u00fdt tr\u00fa, samofin umhyggjunni fyrir l\u00edfi m\u00f3\u00f0ur og barns.<\/p>\t\t\t\t\t\t\t\t<\/div>\n\t\t\t\t<\/div>\n\t\t\t\t\t<\/div>\n\t\t\t\t<\/div>\n\t\t<div class=\"elementor-element elementor-element-cp5733322 e-flex e-con-boxed e-con e-parent\" data-id=\"cp5733322\" data-element_type=\"container\" data-e-type=\"container\">\n\t\t\t\t\t<div class=\"e-con-inner\">\n\t\t\t\t<div class=\"elementor-element elementor-element-cpb7605f9 elementor-widget elementor-widget-heading\" data-id=\"cpb7605f9\" data-element_type=\"widget\" data-e-type=\"widget\" data-widget_type=\"heading.default\">\n\t\t\t\t\t<h2 class=\"elementor-heading-title elementor-size-default\">K\u00f3reskur sjamanismi og go\u00f0sagan um Samsin<\/h2>\t\t\t\t<\/div>\n\t\t<div class=\"elementor-element elementor-element-cp0c7a9dd e-con-full e-flex e-con e-child\" data-id=\"cp0c7a9dd\" data-element_type=\"container\" data-e-type=\"container\">\n\t\t\t\t<div class=\"elementor-element elementor-element-cp5fbcf4a elementor-widget elementor-widget-text-editor\" data-id=\"cp5fbcf4a\" data-element_type=\"widget\" data-e-type=\"widget\" data-widget_type=\"text-editor.default\">\n\t\t\t\t\t\t\t\t\t<p>\u00cd kore\u00f6nskum <span class=\"iwg-fachbegriff\" data-tooltip=\"Tr\u00faarkerfi \u00fear sem s\u00e9rfr\u00e6\u00f0ingar hafa samband vi\u00f0 andaheiminn.\" tabindex=\"0\">sjamanisma<\/span>, <em>musok<\/em>, er Samsin fast r\u00f3tfest og me\u00f0 henni fylgir s\u00e9rst\u00f6k go\u00f0sagnafr\u00e1s\u00f6gn sem sjaman\u00ednur, <em>mudang<\/em>, f\u00f3ru me\u00f0 vi\u00f0 \u00e1kve\u00f0nar athafnir.<\/p><p>\u00deessi fr\u00e1s\u00f6gn hefur var\u00f0veitzt \u00ed m\u00f6rgum sv\u00e6\u00f0isbundnum \u00fatg\u00e1fum, a\u00f0allega \u00ed gegnum skr\u00e1ningar koreanskra \u00fej\u00f3\u00f0fr\u00e6\u00f0inga \u00e1 tuttugustu \u00f6ld, sem s\u00f6fnu\u00f0u munnlegum s\u00f6ngvum sjaman\u00ednanna.<\/p><p><span class=\"iwg-fachbegriff\" data-tooltip=\"Hef\u00f0bundin fr\u00e1s\u00f6gn um gu\u00f0i, uppruna og skipan heimsins.\" tabindex=\"0\">Go\u00f0sagan<\/span> segir, \u00ed mismunandi \u00fatg\u00e1fum, fr\u00e1 tilur\u00f0 f\u00e6\u00f0ingargy\u00f0junnar, oft \u00ed formi samkeppni tveggja kvenkyns vera um \u00fea\u00f0 hlutverk a\u00f0 bera b\u00f6rn \u00ed heiminn.<\/p><p>\u00d6nnur \u00feeirra, oft yngri e\u00f0a upphaflega \u00e1 lakari st\u00f6\u00f0u, kemur \u00ed lj\u00f3s sem hin r\u00e9ttm\u00e6ta Samsin, sem h\u00e9\u00f0an \u00ed fr\u00e1 lei\u00f0ir b\u00f6rn inn \u00ed l\u00edfi\u00f0, me\u00f0an hinni er fali\u00f0 s\u00ed\u00f0ur hagfellt svi\u00f0, svo sem sj\u00fakd\u00f3ma e\u00f0a undirheima. Fr\u00e1s\u00f6gnin \u00fatsk\u00fdrir \u00feannig einnig hvers vegna f\u00e6\u00f0ing og br\u00e1\u00f0ur dau\u00f0i, bl\u00f3mgun og \u00f3g\u00e6fa liggja svo n\u00e1l\u00e6gt hvort \u00f6\u00f0ru.<\/p><p>\u00deessir go\u00f0sagnas\u00f6ngvar voru framdir innan ramma <em>gut<\/em>, sjaman\u00edskra athafna \u00fear sem gu\u00f0irnir eru kalla\u00f0ir fram, \u00feeim veittur beini og be\u00f0i\u00f0 um hj\u00e1lp. <em>Gut<\/em> til a\u00f0 bi\u00f0ja um afkomendur e\u00f0a til a\u00f0 vernda b\u00f6rn tengdi Samsin inn \u00ed st\u00e6rri r\u00f6\u00f0 gu\u00f0a.<\/p><p>Tr\u00faarfr\u00e6\u00f0ilega er Samsin-<span class=\"iwg-fachbegriff\" data-tooltip=\"Hef\u00f0bundin fr\u00e1s\u00f6gn um gu\u00f0i, uppruna og skipan heimsins.\" tabindex=\"0\">go\u00f0sagan<\/span> gott d\u00e6mi um hlutverk sl\u00edkra fr\u00e1sagna. H\u00fan \u00fatsk\u00fdrir skipan heimsins, h\u00e9r \u00e1byrg\u00f0 \u00e1 f\u00e6\u00f0ingu og barn\u00e6sku, og festir hana \u00ed fors\u00f6gu.<\/p><p>\u00c1 sama t\u00edma s\u00fdnir fj\u00f6ldi sv\u00e6\u00f0isbundinna \u00fatg\u00e1fa a\u00f0 ekki var til neinn vi\u00f0urkenndur heildartexti, heldur lifandi, munnleg <span class=\"iwg-fachbegriff\" data-tooltip=\"Mi\u00f0lun \u00feekkingar og fr\u00e1sagna milli kynsl\u00f3\u00f0a.\" tabindex=\"0\">munnm\u00e6li<\/span> r\u00f3tfest \u00ed starfsemi sjaman\u00ednanna. Samsin tengir \u00feannig einfalda heimilistr\u00fa vi\u00f0 hinn r\u00edkari go\u00f0sagnaheim koreanska <span class=\"iwg-fachbegriff\" data-tooltip=\"Tr\u00faarkerfi \u00fear sem s\u00e9rfr\u00e6\u00f0ingar hafa samband vi\u00f0 andaheiminn.\" tabindex=\"0\">sjamanismans<\/span>.<\/p>\t\t\t\t\t\t\t\t<\/div>\n\t\t\t\t<\/div>\n\t\t\t\t\t<\/div>\n\t\t\t\t<\/div>\n\t\t<div class=\"elementor-element elementor-element-36dd7469 e-flex e-con-boxed e-con e-parent\" data-id=\"36dd7469\" data-element_type=\"container\" data-e-type=\"container\">\n\t\t\t\t\t<div class=\"e-con-inner\">\n\t\t\t\t<div class=\"elementor-element elementor-element-13760ab4 elementor-widget elementor-widget-heading\" data-id=\"13760ab4\" data-element_type=\"widget\" data-e-type=\"widget\" data-widget_type=\"heading.default\">\n\t\t\t\t\t<h3 class=\"elementor-heading-title elementor-size-default\">\u00cdtarefni og tenglar<\/h3>\t\t\t\t<\/div>\n\t\t<div class=\"elementor-element elementor-element-28c87796 e-con-full e-flex e-con e-child\" data-id=\"28c87796\" data-element_type=\"container\" data-e-type=\"container\">\n\t\t\t\t<div class=\"elementor-element elementor-element-5d6538df elementor-widget elementor-widget-text-editor\" data-id=\"5d6538df\" data-element_type=\"widget\" data-e-type=\"widget\" data-widget_type=\"text-editor.default\">\n\t\t\t\t\t\t\t\t\t<ul><li><a href=\"https:\/\/iwell-guard.com\/is\/?page_id=168660\">K\u00f3rea, menning og sjamanismi<\/a><\/li><li><a href=\"https:\/\/iwell-guard.com\/is\/?page_id=168826\">Dangun, stofnandi K\u00f3reu<\/a><\/li><li><a href=\"https:\/\/iwell-guard.com\/is\/?page_id=168827\">Mago Halmi, Hin mikla m\u00f3\u00f0ir (tengd hef\u00f0)<\/a><\/li><\/ul>\t\t\t\t\t\t\t\t<\/div>\n\t\t\t\t<\/div>\n\t\t\t\t\t<\/div>\n\t\t\t\t<\/div>\n\t\t<div class=\"elementor-element elementor-element-grl4kl40 e-flex e-con-boxed e-con e-parent\" data-id=\"grl4kl40\" data-element_type=\"container\" data-e-type=\"container\">\n\t\t\t\t\t<div class=\"e-con-inner\">\n\t\t\t\t<div class=\"elementor-element elementor-element-bzsbfrmh elementor-widget elementor-widget-heading\" data-id=\"bzsbfrmh\" data-element_type=\"widget\" data-e-type=\"widget\" data-widget_type=\"heading.default\">\n\t\t\t\t\t<h2 class=\"elementor-heading-title elementor-size-default\">Heimildir og fr\u00e6\u00f0irit<\/h2>\t\t\t\t<\/div>\n\t\t<div class=\"elementor-element elementor-element-2c13224a e-con-full e-flex e-con e-child\" data-id=\"2c13224a\" data-element_type=\"container\" data-e-type=\"container\">\n\t\t\t\t<div class=\"elementor-element elementor-element-0eymh9ub elementor-widget elementor-widget-text-editor\" data-id=\"0eymh9ub\" data-element_type=\"widget\" data-e-type=\"widget\" data-widget_type=\"text-editor.default\">\n\t\t\t\t\t\t\t\t\t<footer class=\"iwg-literatur\" data-nosnippet=\"true\"><ul><li><span data-nosnippet>Walraven, Boudewijn: <em>Songs of the Shaman: The <span class=\"iwg-fachbegriff\" data-tooltip=\"Skipul\u00f6g\u00f0 atbur\u00f0ar\u00f6\u00f0 t\u00e1kngjarna athafna me\u00f0 tr\u00faarlega e\u00f0a menningarlega merkingu.\" tabindex=\"0\">Ritual<\/span> Chants of the Korean Mudang<\/em>. Harvard University Press, 1994.<\/span><\/li><li><span data-nosnippet>Kim Tae-gon: <em>Han&#8217;guk musok y\u014fn&#8217;gu<\/em> (Korean Shamanism Research). Seoul National University Press, 1983.<\/span><\/li><li><span data-nosnippet>Grayson, James Huntley: <em>Myths and Legends from Korea: An Annotated Compendium<\/em>. Routledge, 2001.<\/span><\/li><\/ul><\/footer>\t\t\t\t\t\t\t\t<\/div>\n\t\t\t\t<\/div>\n\t\t\t\t\t<\/div>\n\t\t\t\t<\/div>\n\t\t\t\t<\/div>\n\t\t","protected":false},"excerpt":{"rendered":"","protected":false},"author":3,"featured_media":1752,"parent":0,"menu_order":0,"comment_status":"closed","ping_status":"closed","template":"elementor_header_footer","meta":{"_yoast_wpseo_focuskw":"Samsin","_yoast_wpseo_title":"Samsin \u2013 k\u00f3re\u00f6nsk f\u00e6\u00f0ingargy\u00f0ja","_yoast_wpseo_metadesc":"Samsin Halmoni, k\u00f3re\u00f6nsk f\u00e6\u00f0ingargy\u00f0ja og verndari \u00feunga\u00f0ra kvenna og ungbarna. H\u00fasgy\u00f0ja \u00ed sjaman\u00edskri tr\u00fa.","_yoast_wpseo_meta-robots-noindex":"","_yoast_wpseo_canonical":"","_angie_page":false,"gefaehrdungsstufe":"1","wesen_kultur":"korea","wesen_klasse":"goetter","footnotes":""},"categories":[],"class_list":["post-168779","page","type-page","status-publish","has-post-thumbnail","hentry"],"yoast_head":"<!-- This site is optimized with the Yoast SEO Premium plugin v27.7 (Yoast SEO v28.3) - https:\/\/yoast.com\/product\/yoast-seo-premium-wordpress\/ -->\n<title>Samsin \u2013 k\u00f3re\u00f6nsk f\u00e6\u00f0ingargy\u00f0ja<\/title>\n<meta name=\"description\" content=\"Samsin Halmoni, k\u00f3re\u00f6nsk f\u00e6\u00f0ingargy\u00f0ja og verndari \u00feunga\u00f0ra kvenna og ungbarna. H\u00fasgy\u00f0ja \u00ed sjaman\u00edskri tr\u00fa.\" \/>\n<meta name=\"robots\" content=\"index, follow, max-snippet:-1, max-image-preview:large, max-video-preview:-1\" \/>\n<link rel=\"canonical\" href=\"https:\/\/iwell-guard.com\/is\/samsin\/\" \/>\n<meta property=\"og:locale\" content=\"is_IS\" \/>\n<meta property=\"og:type\" content=\"article\" \/>\n<meta property=\"og:title\" content=\"Samsin\" \/>\n<meta property=\"og:description\" content=\"Samsin Halmoni, k\u00f3re\u00f6nsk f\u00e6\u00f0ingargy\u00f0ja og verndari \u00feunga\u00f0ra kvenna og ungbarna. H\u00fasgy\u00f0ja \u00ed sjaman\u00edskri tr\u00fa.\" \/>\n<meta property=\"og:url\" content=\"https:\/\/iwell-guard.com\/is\/samsin\/\" \/>\n<meta property=\"og:site_name\" content=\"iWell Guard\" \/>\n<meta property=\"article:modified_time\" content=\"2026-09-05T14:19:13+00:00\" \/>\n<meta property=\"og:image\" content=\"https:\/\/iwell-guard.com\/wp-content\/uploads\/2026\/04\/goetter_korea_samsin-1.webp\" \/>\n\t<meta property=\"og:image:width\" content=\"1024\" \/>\n\t<meta property=\"og:image:height\" content=\"1536\" \/>\n\t<meta property=\"og:image:type\" content=\"image\/webp\" \/>\n<meta name=\"twitter:card\" content=\"summary_large_image\" \/>\n<script type=\"application\/ld+json\" class=\"yoast-schema-graph\">{\"@context\":\"https:\\\/\\\/schema.org\",\"@graph\":[{\"@type\":\"WebPage\",\"@id\":\"https:\\\/\\\/iwell-guard.com\\\/is\\\/samsin\\\/\",\"url\":\"https:\\\/\\\/iwell-guard.com\\\/is\\\/samsin\\\/\",\"name\":\"Samsin \u2013 k\u00f3re\u00f6nsk f\u00e6\u00f0ingargy\u00f0ja\",\"isPartOf\":{\"@id\":\"https:\\\/\\\/iwell-guard.com\\\/is\\\/#website\"},\"primaryImageOfPage\":{\"@id\":\"https:\\\/\\\/iwell-guard.com\\\/is\\\/samsin\\\/#primaryimage\"},\"image\":{\"@id\":\"https:\\\/\\\/iwell-guard.com\\\/is\\\/samsin\\\/#primaryimage\"},\"thumbnailUrl\":\"https:\\\/\\\/iwell-guard.com\\\/wp-content\\\/uploads\\\/2026\\\/04\\\/goetter_korea_samsin-1.webp\",\"datePublished\":\"2026-09-05T14:02:55+00:00\",\"dateModified\":\"2026-09-05T14:19:13+00:00\",\"description\":\"Samsin Halmoni, k\u00f3re\u00f6nsk f\u00e6\u00f0ingargy\u00f0ja og verndari \u00feunga\u00f0ra kvenna og ungbarna. H\u00fasgy\u00f0ja \u00ed sjaman\u00edskri tr\u00fa.\",\"breadcrumb\":{\"@id\":\"https:\\\/\\\/iwell-guard.com\\\/is\\\/samsin\\\/#breadcrumb\"},\"inLanguage\":\"is\",\"potentialAction\":[{\"@type\":\"ReadAction\",\"target\":[\"https:\\\/\\\/iwell-guard.com\\\/is\\\/samsin\\\/\"]}]},{\"@type\":\"ImageObject\",\"inLanguage\":\"is\",\"@id\":\"https:\\\/\\\/iwell-guard.com\\\/is\\\/samsin\\\/#primaryimage\",\"url\":\"https:\\\/\\\/iwell-guard.com\\\/wp-content\\\/uploads\\\/2026\\\/04\\\/goetter_korea_samsin-1.webp\",\"contentUrl\":\"https:\\\/\\\/iwell-guard.com\\\/wp-content\\\/uploads\\\/2026\\\/04\\\/goetter_korea_samsin-1.webp\",\"width\":1024,\"height\":1536,\"caption\":\"Gu\u00f0ir \u00far k\u00f3reskri hef\u00f0.\"},{\"@type\":\"BreadcrumbList\",\"@id\":\"https:\\\/\\\/iwell-guard.com\\\/is\\\/samsin\\\/#breadcrumb\",\"itemListElement\":[{\"@type\":\"ListItem\",\"position\":1,\"name\":\"Start\",\"item\":\"https:\\\/\\\/iwell-guard.com\\\/is\\\/?page_id=168580\"},{\"@type\":\"ListItem\",\"position\":2,\"name\":\"Samsin\"}]},{\"@type\":\"WebSite\",\"@id\":\"https:\\\/\\\/iwell-guard.com\\\/is\\\/#website\",\"url\":\"https:\\\/\\\/iwell-guard.com\\\/is\\\/\",\"name\":\"iWell Guard\",\"description\":\"Schutz vor dunklen Einfl\u00fcssen\",\"publisher\":{\"@id\":\"https:\\\/\\\/iwell-guard.com\\\/is\\\/#organization\"},\"potentialAction\":[{\"@type\":\"SearchAction\",\"target\":{\"@type\":\"EntryPoint\",\"urlTemplate\":\"https:\\\/\\\/iwell-guard.com\\\/is\\\/?s={search_term_string}\"},\"query-input\":{\"@type\":\"PropertyValueSpecification\",\"valueRequired\":true,\"valueName\":\"search_term_string\"}}],\"inLanguage\":\"is\"},{\"@type\":\"Organization\",\"@id\":\"https:\\\/\\\/iwell-guard.com\\\/is\\\/#organization\",\"name\":\"Ittermann electronic GmbH\",\"url\":\"https:\\\/\\\/iwell-guard.com\\\/is\\\/\",\"logo\":{\"@type\":\"ImageObject\",\"inLanguage\":\"is\",\"@id\":\"https:\\\/\\\/iwell-guard.com\\\/is\\\/#\\\/schema\\\/logo\\\/image\\\/\",\"url\":\"https:\\\/\\\/iwell-guard.com\\\/wp-content\\\/uploads\\\/2026\\\/05\\\/Ittermann-Logo-1182x237-1.png\",\"contentUrl\":\"https:\\\/\\\/iwell-guard.com\\\/wp-content\\\/uploads\\\/2026\\\/05\\\/Ittermann-Logo-1182x237-1.png\",\"width\":1182,\"height\":237,\"caption\":\"Ittermann electronic GmbH\"},\"image\":{\"@id\":\"https:\\\/\\\/iwell-guard.com\\\/is\\\/#\\\/schema\\\/logo\\\/image\\\/\"},\"sameAs\":[\"https:\\\/\\\/pantip.com\\\/profile\\\/9367242\",\"https:\\\/\\\/micro.blog\\\/iwellguard\",\"https:\\\/\\\/www.diggerslist.com\\\/iwellguard\\\/about\",\"https:\\\/\\\/skitterphoto.com\\\/photographers\\\/2870314\\\/iwell-guard\",\"https:\\\/\\\/iwellguard.wordpress.com\\\/2026\\\/06\\\/06\\\/iwell-guard\\\/\",\"https:\\\/\\\/hub.docker.com\\\/u\\\/iwellguard\",\"https:\\\/\\\/www.pinterest.com\\\/iwellguard\\\/\",\"https:\\\/\\\/bit.ly\\\/m\\\/iwellguard\",\"https:\\\/\\\/entre-vos-mains.alsace.eu\\\/profiles\\\/iwellguard\\\/activity\",\"https:\\\/\\\/gravatar.com\\\/reallybeded8fd34\",\"https:\\\/\\\/naijamatta.com\\\/iwellguard\",\"https:\\\/\\\/www.goodreads.com\\\/iwellguard\",\"https:\\\/\\\/profile.hatena.ne.jp\\\/iwellguard\\\/\",\"https:\\\/\\\/experiment.com\\\/users\\\/iwellguard\",\"https:\\\/\\\/wakelet.com\\\/@iWellGuard82270\",\"https:\\\/\\\/www.chordie.com\\\/forum\\\/profile.php?id=2555664\",\"https:\\\/\\\/www.instapaper.com\\\/p\\\/17757966\",\"https:\\\/\\\/www.mapleprimes.com\\\/users\\\/iwellguard\",\"https:\\\/\\\/businesslistingplus.com\\\/profile\\\/iwell-guard\\\/\",\"https:\\\/\\\/telegra.ph\\\/iWell-Guard-06-06\",\"https:\\\/\\\/pbase.com\\\/iwellguard\\\/iwellguard\",\"https:\\\/\\\/b.hatena.ne.jp\\\/iwellguard\\\/20260607#bookmark-4788405196491818882\",\"https:\\\/\\\/fliphtml5.com\\\/home\\\/iwellguard\",\"https:\\\/\\\/anyflip.com\\\/homepage\\\/cmiwl#About\",\"https:\\\/\\\/transfur.com\\\/Users\\\/iwellguard\",\"http:\\\/\\\/delphi.larsbo.org\\\/user\\\/iwellguard\",\"https:\\\/\\\/jobs.lajobsportal.org\\\/profiles\\\/8380803-iwell-guard\",\"https:\\\/\\\/md.chaosdorf.de\\\/s\\\/jfbe5SBdJD\",\"https:\\\/\\\/www.lingvolive.com\\\/en-us\\\/profile\\\/9ecaeaca-ce11-4e51-9e71-01d55e2bff36\\\/translations\",\"https:\\\/\\\/www.fitday.com\\\/fitness\\\/forums\\\/members\\\/iwellguard.html\",\"https:\\\/\\\/www.mymeetbook.com\\\/iwellguard\",\"https:\\\/\\\/pxhere.com\\\/en\\\/photographer-me\\\/5040798\",\"https:\\\/\\\/disqus.com\\\/by\\\/iwellguard\\\/about\\\/\",\"https:\\\/\\\/pastelink.net\\\/hjwciqwq\",\"https:\\\/\\\/pubhtml5.com\\\/homepage\\\/scjhn\\\/\",\"https:\\\/\\\/www.bitchute.com\\\/channel\\\/2O2eOKzNqujT\",\"https:\\\/\\\/audiomack.com\\\/iwellguard\"]},{\"@type\":\"Article\",\"@id\":\"https:\\\/\\\/iwell-guard.com\\\/is\\\/samsin\\\/#article\",\"isPartOf\":{\"@id\":\"https:\\\/\\\/iwell-guard.com\\\/is\\\/samsin\\\/\"},\"author\":{\"name\":\"Ralf Ittermann\",\"@id\":\"https:\\\/\\\/iwell-guard.com\\\/is\\\/#\\\/schema\\\/person\\\/ee2a27f1cac3406c7c6fb5820cb7349f\"},\"headline\":\"Samsin\",\"datePublished\":\"2026-09-05T14:02:55+00:00\",\"dateModified\":\"2026-09-05T14:19:13+00:00\",\"mainEntityOfPage\":{\"@id\":\"https:\\\/\\\/iwell-guard.com\\\/is\\\/samsin\\\/\"},\"publisher\":{\"@id\":\"https:\\\/\\\/iwell-guard.com\\\/is\\\/#organization\"},\"image\":{\"@id\":\"https:\\\/\\\/iwell-guard.com\\\/is\\\/samsin\\\/#primaryimage\"},\"thumbnailUrl\":\"https:\\\/\\\/iwell-guard.com\\\/wp-content\\\/uploads\\\/2026\\\/04\\\/goetter_korea_samsin-1.webp\",\"inLanguage\":\"is\",\"description\":\"Samsin Halmoni, k\u00f3re\u00f6nsk f\u00e6\u00f0ingargy\u00f0ja og verndari \u00feunga\u00f0ra kvenna og ungbarna. H\u00fasgy\u00f0ja \u00ed sjaman\u00edskri tr\u00fa.\"}]}<\/script>\n<!-- \/ Yoast SEO Premium plugin. -->","yoast_head_json":{"title":"Samsin \u2013 k\u00f3re\u00f6nsk f\u00e6\u00f0ingargy\u00f0ja","description":"Samsin Halmoni, k\u00f3re\u00f6nsk f\u00e6\u00f0ingargy\u00f0ja og verndari \u00feunga\u00f0ra kvenna og ungbarna. H\u00fasgy\u00f0ja \u00ed sjaman\u00edskri tr\u00fa.","robots":{"index":"index","follow":"follow","max-snippet":"max-snippet:-1","max-image-preview":"max-image-preview:large","max-video-preview":"max-video-preview:-1"},"canonical":"https:\/\/iwell-guard.com\/is\/samsin\/","og_locale":"is_IS","og_type":"article","og_title":"Samsin","og_description":"Samsin Halmoni, k\u00f3re\u00f6nsk f\u00e6\u00f0ingargy\u00f0ja og verndari \u00feunga\u00f0ra kvenna og ungbarna. H\u00fasgy\u00f0ja \u00ed sjaman\u00edskri tr\u00fa.","og_url":"https:\/\/iwell-guard.com\/is\/samsin\/","og_site_name":"iWell Guard","article_modified_time":"2026-09-05T14:19:13+00:00","og_image":[{"width":1024,"height":1536,"url":"https:\/\/iwell-guard.com\/wp-content\/uploads\/2026\/04\/goetter_korea_samsin-1.webp","type":"image\/webp"}],"twitter_card":"summary_large_image","schema":{"@context":"https:\/\/schema.org","@graph":[{"@type":"Article","@id":"https:\/\/iwell-guard.com\/is\/samsin\/#article","isPartOf":{"@id":"https:\/\/iwell-guard.com\/is\/samsin\/"},"author":{"name":"Ralf Ittermann","@id":"https:\/\/iwell-guard.com\/is\/#\/schema\/person\/ee2a27f1cac3406c7c6fb5820cb7349f"},"headline":"Samsin","datePublished":"2026-09-05T14:02:55+00:00","dateModified":"2026-09-05T14:19:13+00:00","mainEntityOfPage":{"@id":"https:\/\/iwell-guard.com\/is\/samsin\/"},"publisher":{"@id":"https:\/\/iwell-guard.com\/is\/#organization"},"image":{"@id":"https:\/\/iwell-guard.com\/is\/samsin\/#primaryimage"},"thumbnailUrl":"https:\/\/iwell-guard.com\/wp-content\/uploads\/2026\/04\/goetter_korea_samsin-1.webp","inLanguage":"is","description":"Samsin Halmoni, k\u00f3re\u00f6nsk f\u00e6\u00f0ingargy\u00f0ja og verndari \u00feunga\u00f0ra kvenna og ungbarna. H\u00fasgy\u00f0ja \u00ed sjaman\u00edskri tr\u00fa."},{"@type":"WebPage","@id":"https:\/\/iwell-guard.com\/is\/samsin\/","url":"https:\/\/iwell-guard.com\/is\/samsin\/","name":"Samsin \u2013 k\u00f3re\u00f6nsk f\u00e6\u00f0ingargy\u00f0ja","isPartOf":{"@id":"https:\/\/iwell-guard.com\/is\/#website"},"primaryImageOfPage":{"@id":"https:\/\/iwell-guard.com\/is\/samsin\/#primaryimage"},"image":{"@id":"https:\/\/iwell-guard.com\/is\/samsin\/#primaryimage"},"thumbnailUrl":"https:\/\/iwell-guard.com\/wp-content\/uploads\/2026\/04\/goetter_korea_samsin-1.webp","datePublished":"2026-09-05T14:02:55+00:00","dateModified":"2026-09-05T14:19:13+00:00","description":"Samsin Halmoni, k\u00f3re\u00f6nsk f\u00e6\u00f0ingargy\u00f0ja og verndari \u00feunga\u00f0ra kvenna og ungbarna. H\u00fasgy\u00f0ja \u00ed sjaman\u00edskri tr\u00fa.","breadcrumb":{"@id":"https:\/\/iwell-guard.com\/is\/samsin\/#breadcrumb"},"inLanguage":"is","potentialAction":[{"@type":"ReadAction","target":["https:\/\/iwell-guard.com\/is\/samsin\/"]}]},{"@type":"ImageObject","inLanguage":"is","@id":"https:\/\/iwell-guard.com\/is\/samsin\/#primaryimage","url":"https:\/\/iwell-guard.com\/wp-content\/uploads\/2026\/04\/goetter_korea_samsin-1.webp","contentUrl":"https:\/\/iwell-guard.com\/wp-content\/uploads\/2026\/04\/goetter_korea_samsin-1.webp","width":1024,"height":1536,"caption":"Gu\u00f0ir \u00far k\u00f3reskri hef\u00f0."},{"@type":"BreadcrumbList","@id":"https:\/\/iwell-guard.com\/is\/samsin\/#breadcrumb","itemListElement":[{"@type":"ListItem","position":1,"name":"Start","item":"https:\/\/iwell-guard.com\/is\/?page_id=168580"},{"@type":"ListItem","position":2,"name":"Samsin"}]},{"@type":"WebSite","@id":"https:\/\/iwell-guard.com\/is\/#website","url":"https:\/\/iwell-guard.com\/is\/","name":"iWell Guard","description":"Schutz vor dunklen Einfl\u00fcssen","publisher":{"@id":"https:\/\/iwell-guard.com\/is\/#organization"},"potentialAction":[{"@type":"SearchAction","target":{"@type":"EntryPoint","urlTemplate":"https:\/\/iwell-guard.com\/is\/?s={search_term_string}"},"query-input":{"@type":"PropertyValueSpecification","valueRequired":true,"valueName":"search_term_string"}}],"inLanguage":"is"},{"@type":"Organization","@id":"https:\/\/iwell-guard.com\/is\/#organization","name":"Ittermann electronic GmbH","url":"https:\/\/iwell-guard.com\/is\/","logo":{"@type":"ImageObject","inLanguage":"is","@id":"https:\/\/iwell-guard.com\/is\/#\/schema\/logo\/image\/","url":"https:\/\/iwell-guard.com\/wp-content\/uploads\/2026\/05\/Ittermann-Logo-1182x237-1.png","contentUrl":"https:\/\/iwell-guard.com\/wp-content\/uploads\/2026\/05\/Ittermann-Logo-1182x237-1.png","width":1182,"height":237,"caption":"Ittermann electronic GmbH"},"image":{"@id":"https:\/\/iwell-guard.com\/is\/#\/schema\/logo\/image\/"},"sameAs":["https:\/\/pantip.com\/profile\/9367242","https:\/\/micro.blog\/iwellguard","https:\/\/www.diggerslist.com\/iwellguard\/about","https:\/\/skitterphoto.com\/photographers\/2870314\/iwell-guard","https:\/\/iwellguard.wordpress.com\/2026\/06\/06\/iwell-guard\/","https:\/\/hub.docker.com\/u\/iwellguard","https:\/\/www.pinterest.com\/iwellguard\/","https:\/\/bit.ly\/m\/iwellguard","https:\/\/entre-vos-mains.alsace.eu\/profiles\/iwellguard\/activity","https:\/\/gravatar.com\/reallybeded8fd34","https:\/\/naijamatta.com\/iwellguard","https:\/\/www.goodreads.com\/iwellguard","https:\/\/profile.hatena.ne.jp\/iwellguard\/","https:\/\/experiment.com\/users\/iwellguard","https:\/\/wakelet.com\/@iWellGuard82270","https:\/\/www.chordie.com\/forum\/profile.php?id=2555664","https:\/\/www.instapaper.com\/p\/17757966","https:\/\/www.mapleprimes.com\/users\/iwellguard","https:\/\/businesslistingplus.com\/profile\/iwell-guard\/","https:\/\/telegra.ph\/iWell-Guard-06-06","https:\/\/pbase.com\/iwellguard\/iwellguard","https:\/\/b.hatena.ne.jp\/iwellguard\/20260607#bookmark-4788405196491818882","https:\/\/fliphtml5.com\/home\/iwellguard","https:\/\/anyflip.com\/homepage\/cmiwl#About","https:\/\/transfur.com\/Users\/iwellguard","http:\/\/delphi.larsbo.org\/user\/iwellguard","https:\/\/jobs.lajobsportal.org\/profiles\/8380803-iwell-guard","https:\/\/md.chaosdorf.de\/s\/jfbe5SBdJD","https:\/\/www.lingvolive.com\/en-us\/profile\/9ecaeaca-ce11-4e51-9e71-01d55e2bff36\/translations","https:\/\/www.fitday.com\/fitness\/forums\/members\/iwellguard.html","https:\/\/www.mymeetbook.com\/iwellguard","https:\/\/pxhere.com\/en\/photographer-me\/5040798","https:\/\/disqus.com\/by\/iwellguard\/about\/","https:\/\/pastelink.net\/hjwciqwq","https:\/\/pubhtml5.com\/homepage\/scjhn\/","https:\/\/www.bitchute.com\/channel\/2O2eOKzNqujT","https:\/\/audiomack.com\/iwellguard"]},{"@type":"Person","@id":"https:\/\/iwell-guard.com\/is\/#\/schema\/person\/ee2a27f1cac3406c7c6fb5820cb7349f","name":"Ralf Ittermann","image":{"@type":"ImageObject","inLanguage":"is","@id":"https:\/\/secure.gravatar.com\/avatar\/073c0153e350a5005b68eb752b445fea71f6b24a26da9449ad7e155e6b446c9d?s=96&d=mm&r=g","url":"https:\/\/secure.gravatar.com\/avatar\/073c0153e350a5005b68eb752b445fea71f6b24a26da9449ad7e155e6b446c9d?s=96&d=mm&r=g","contentUrl":"https:\/\/secure.gravatar.com\/avatar\/073c0153e350a5005b68eb752b445fea71f6b24a26da9449ad7e155e6b446c9d?s=96&d=mm&r=g","caption":"Ralf Ittermann"},"givenName":"Ralf","familyName":"Ittermann","jobTitle":"Gesch\u00e4ftsf\u00fchrer und redaktioneller Verantwortlicher","url":"https:\/\/iwell-guard.com\/is\/author\/claude\/","description":"Ralf Ittermann ist Gesch\u00e4ftsf\u00fchrer der Ittermann electronic GmbH und redaktioneller Verantwortlicher des iWell-Guard-Lexikons. Er verbindet langj\u00e4hrige Erfahrung in der Pr\u00e4zisionsfertigung mit medialer Praxis und religionsgeschichtlicher Quellenarbeit.","worksFor":{"@type":"Organization","name":"Ittermann electronic GmbH","url":"https:\/\/ittermann.de\/","address":{"@type":"PostalAddress","streetAddress":"K\u00f6hlergasse 16-18","postalCode":"99842","addressLocality":"Ruhla","addressCountry":"DE"}},"knowsAbout":["Religionsgeschichte","Mythologie","Mediale Praxis","Energetische Diagnostik","Schutzpraxis","Volksglauben","Westliche Esoterik"]},{"@type":"Article","@id":"https:\/\/iwell-guard.com\/is\/samsin\/#article","isPartOf":{"@id":"https:\/\/iwell-guard.com\/is\/samsin\/"},"author":{"name":"Ralf Ittermann","@id":"https:\/\/iwell-guard.com\/is\/#\/schema\/person\/ee2a27f1cac3406c7c6fb5820cb7349f"},"headline":"Samsin","datePublished":"2026-09-05T14:02:55+00:00","dateModified":"2026-09-05T14:19:13+00:00","mainEntityOfPage":{"@id":"https:\/\/iwell-guard.com\/is\/samsin\/"},"publisher":{"@id":"https:\/\/iwell-guard.com\/is\/#organization"},"image":{"@id":"https:\/\/iwell-guard.com\/is\/samsin\/#primaryimage"},"thumbnailUrl":"https:\/\/iwell-guard.com\/wp-content\/uploads\/2026\/04\/goetter_korea_samsin-1.webp","inLanguage":"is","description":"Samsin Halmoni, k\u00f3re\u00f6nsk f\u00e6\u00f0ingargy\u00f0ja og verndari \u00feunga\u00f0ra kvenna og ungbarna. H\u00fasgy\u00f0ja \u00ed sjaman\u00edskri tr\u00fa."}]}},"_links":{"self":[{"href":"https:\/\/iwell-guard.com\/is\/wp-json\/wp\/v2\/pages\/168779","targetHints":{"allow":["GET"]}}],"collection":[{"href":"https:\/\/iwell-guard.com\/is\/wp-json\/wp\/v2\/pages"}],"about":[{"href":"https:\/\/iwell-guard.com\/is\/wp-json\/wp\/v2\/types\/page"}],"author":[{"embeddable":true,"href":"https:\/\/iwell-guard.com\/is\/wp-json\/wp\/v2\/users\/3"}],"replies":[{"embeddable":true,"href":"https:\/\/iwell-guard.com\/is\/wp-json\/wp\/v2\/comments?post=168779"}],"version-history":[{"count":0,"href":"https:\/\/iwell-guard.com\/is\/wp-json\/wp\/v2\/pages\/168779\/revisions"}],"wp:featuredmedia":[{"embeddable":true,"href":"https:\/\/iwell-guard.com\/is\/wp-json\/wp\/v2\/media\/1752"}],"wp:attachment":[{"href":"https:\/\/iwell-guard.com\/is\/wp-json\/wp\/v2\/media?parent=168779"}],"wp:term":[{"taxonomy":"category","embeddable":true,"href":"https:\/\/iwell-guard.com\/is\/wp-json\/wp\/v2\/categories?post=168779"}],"curies":[{"name":"wp","href":"https:\/\/api.w.org\/{rel}","templated":true}]}}