{"id":168778,"date":"2026-09-05T14:02:54","date_gmt":"2026-09-05T14:02:54","guid":{"rendered":"https:\/\/iwell-guard.com\/?page_id=168778"},"modified":"2026-09-05T14:19:12","modified_gmt":"2026-09-05T14:19:12","slug":"palden-lhamo","status":"publish","type":"page","link":"https:\/\/iwell-guard.com\/is\/palden-lhamo\/","title":{"rendered":"Palden Lhamo"},"content":{"rendered":"\t\t<div data-elementor-type=\"wp-page\" data-elementor-id=\"168778\" class=\"elementor elementor-168778 elementor-2019 elementor-bc-flex-widget\" data-elementor-post-type=\"page\">\n\t\t\t\t<div class=\"elementor-element elementor-element-10fdade e-flex e-con-boxed e-con e-parent\" data-id=\"10fdade\" data-element_type=\"container\" data-e-type=\"container\" data-settings=\"{&quot;background_background&quot;:&quot;classic&quot;}\">\n\t\t\t\t\t<div class=\"e-con-inner\">\n\t\t<div class=\"elementor-element elementor-element-herohlft0 e-flex e-con-boxed e-con e-child\" data-id=\"herohlft0\" data-element_type=\"container\" data-e-type=\"container\">\n\t\t\t\t\t<div class=\"e-con-inner\">\n\t\t<div class=\"elementor-element elementor-element-c3ceb64 e-con-full e-flex e-con e-child\" data-id=\"c3ceb64\" data-element_type=\"container\" data-e-type=\"container\">\n\t\t\t\t<div class=\"elementor-element elementor-element-96ae5e1 elementor-widget elementor-widget-heading\" data-id=\"96ae5e1\" data-element_type=\"widget\" data-e-type=\"widget\" data-widget_type=\"heading.default\">\n\t\t\t\t\t<h1 class=\"elementor-heading-title elementor-size-default\">Palden Lhamo, gy\u00f0ja t\u00edbetskrar hef\u00f0ar<\/h1>\t\t\t\t<\/div>\n\t\t\t\t<div class=\"elementor-element elementor-element-e45238a elementor-widget elementor-widget-text-editor\" data-id=\"e45238a\" data-element_type=\"widget\" data-e-type=\"widget\" data-widget_type=\"text-editor.default\">\n\t\t\t\t\t\t\t\t\t<p>Palden Lhamo (hin d\u00fdr\u00f0lega gy\u00f0ja) er mikilv\u00e6gasta kvenkyns verndargo\u00f0i\u00f0 \u00ed t\u00edbetskum b\u00faddisma. H\u00fan er s\u00fdnd villt, rei\u00f0ilegt og \u00f3hr\u00e6dd \u00ed v\u00f6rn <span class=\"iwg-fachbegriff\" data-tooltip=\"\u00cd indverskum tr\u00faarbr\u00f6g\u00f0um kenningin og hin r\u00e9tta skipan athafna.\" tabindex=\"0\">Dharma<\/span> gegn ytri og innri hindrunum. Tilbei\u00f0sla hennar n\u00e6r yfir \u00f6ll fj\u00f6gur st\u00f3ru sk\u00f3lana.<\/p>\t\t\t\t\t\t\t\t<\/div>\n\t\t\t\t<\/div>\n\t\t<div class=\"elementor-element elementor-element-klsbdg01 e-con-full e-flex e-con e-parent\" data-id=\"klsbdg01\" data-element_type=\"container\" data-e-type=\"container\">\n\t\t\t\t<div class=\"elementor-element elementor-element-klshtm01 elementor-widget elementor-widget-html\" data-id=\"klshtm01\" data-element_type=\"widget\" data-e-type=\"widget\" data-widget_type=\"html.default\">\n\t\t\t\t\t<div class=\"iwg-pill-row\"><span class=\"iwg-klasse-badge\" tabindex=\"0\" data-tooltip=\"Gu\u00f0 \/ Gy\u00f0ja: Pers\u00f3nuger\u00f0ur h\u00e6sta valdi\u00f0 \u00ed go\u00f0aheimi menningar, me\u00f0 sk\u00fdrar skyldur, n\u00e1tt\u00faru\u00f6fl, \u00f6rl\u00f6g, str\u00ed\u00f0, fj\u00f6lgun. Tilbe\u00f0in me\u00f0 s\u00e9rtr\u00faars\u00f6fnu\u00f0um, f\u00f3rnum og hofastofnunum.\">Gy\u00f0ja<\/span><a href=\"https:\/\/iwell-guard.com\/is\/?page_id=168661\" class=\"iwg-kultur-badge\" tabindex=\"0\" data-tooltip=\"T\u00edbetsk-b\u00fadd\u00edsk og B\u00f6n-hef\u00f0, Yidam, Dharmap\u0101la, Naga-heimur.\">T\u00edbet<\/a><span class=\"iwg-tradition-badge\" tabindex=\"0\" data-tooltip=\"Flokkur verndargo\u00f0a \u00ed t\u00edbetskum b\u00faddisma.\">Dharmap\u0101la<\/span><\/div>\t\t\t\t<\/div>\n\t\t\t\t<\/div>\n\t\t<div class=\"elementor-element elementor-element-3f74855 e-con-full e-flex e-con e-child\" data-id=\"3f74855\" data-element_type=\"container\" data-e-type=\"container\">\n\t\t\t\t<div class=\"elementor-element elementor-element-1c30362 elementor-toc--minimized-on-tablet elementor-widget elementor-widget-table-of-contents\" data-id=\"1c30362\" data-element_type=\"widget\" data-e-type=\"widget\" data-settings=\"{&quot;exclude_headings_by_selector&quot;:[],&quot;no_headings_message&quot;:&quot;Engar undirfyrirsagnir fundust \\u00e1 \\u00feessari s\\u00ed\\u00f0u.&quot;,&quot;headings_by_tags&quot;:[&quot;h2&quot;,&quot;h3&quot;],&quot;marker_view&quot;:&quot;bullets&quot;,&quot;minimize_box&quot;:&quot;yes&quot;,&quot;icon&quot;:{&quot;value&quot;:&quot;fas fa-circle&quot;,&quot;library&quot;:&quot;fa-solid&quot;,&quot;rendered_tag&quot;:&quot;&lt;svg class=\\&quot;e-font-icon-svg e-fas-circle\\&quot; viewBox=\\&quot;0 0 512 512\\&quot; xmlns=\\&quot;http:\\\/\\\/www.w3.org\\\/2000\\\/svg\\&quot;&gt;&lt;path d=\\&quot;M256 8C119 8 8 119 8 256s111 248 248 248 248-111 248-248S393 8 256 8z\\&quot;&gt;&lt;\\\/path&gt;&lt;\\\/svg&gt;&quot;},&quot;minimized_on&quot;:&quot;tablet&quot;,&quot;hierarchical_view&quot;:&quot;yes&quot;,&quot;min_height&quot;:{&quot;unit&quot;:&quot;px&quot;,&quot;size&quot;:&quot;&quot;,&quot;sizes&quot;:[]},&quot;min_height_tablet&quot;:{&quot;unit&quot;:&quot;px&quot;,&quot;size&quot;:&quot;&quot;,&quot;sizes&quot;:[]},&quot;min_height_mobile&quot;:{&quot;unit&quot;:&quot;px&quot;,&quot;size&quot;:&quot;&quot;,&quot;sizes&quot;:[]}}\" data-widget_type=\"table-of-contents.default\">\n\t\t\t\t\t\t\t\t\t<div class=\"elementor-toc__header\">\n\t\t\t\t\t\t<h2 class=\"elementor-toc__header-title\">\n\t\t\t\tEfnisyfirlit\t\t\t<\/h2>\n\t\t\t\t\t\t\t\t\t\t<div class=\"elementor-toc__toggle-button elementor-toc__toggle-button--expand\" role=\"button\" tabindex=\"0\" aria-controls=\"elementor-toc__1c30362\" aria-expanded=\"true\" aria-label=\"Open table of contents\"><svg aria-hidden=\"true\" class=\"e-font-icon-svg e-fas-chevron-down\" viewBox=\"0 0 448 512\" xmlns=\"http:\/\/www.w3.org\/2000\/svg\"><path d=\"M207.029 381.476L12.686 187.132c-9.373-9.373-9.373-24.569 0-33.941l22.667-22.667c9.357-9.357 24.522-9.375 33.901-.04L224 284.505l154.745-154.021c9.379-9.335 24.544-9.317 33.901.04l22.667 22.667c9.373 9.373 9.373 24.569 0 33.941L240.971 381.476c-9.373 9.372-24.569 9.372-33.942 0z\"><\/path><\/svg><\/div>\n\t\t\t\t<div class=\"elementor-toc__toggle-button elementor-toc__toggle-button--collapse\" role=\"button\" tabindex=\"0\" aria-controls=\"elementor-toc__1c30362\" aria-expanded=\"true\" aria-label=\"Close table of contents\"><svg aria-hidden=\"true\" class=\"e-font-icon-svg e-fas-chevron-up\" viewBox=\"0 0 448 512\" xmlns=\"http:\/\/www.w3.org\/2000\/svg\"><path d=\"M240.971 130.524l194.343 194.343c9.373 9.373 9.373 24.569 0 33.941l-22.667 22.667c-9.357 9.357-24.522 9.375-33.901.04L224 227.495 69.255 381.516c-9.379 9.335-24.544 9.317-33.901-.04l-22.667-22.667c-9.373-9.373-9.373-24.569 0-33.941L207.03 130.525c9.372-9.373 24.568-9.373 33.941-.001z\"><\/path><\/svg><\/div>\n\t\t\t\t\t<\/div>\n\t\t\t\t<div id=\"elementor-toc__1c30362\" class=\"elementor-toc__body\">\n\t\t\t<div class=\"elementor-toc__spinner-container\">\n\t\t\t\t<svg class=\"elementor-toc__spinner eicon-animation-spin e-font-icon-svg e-eicon-loading\" aria-hidden=\"true\" viewBox=\"0 0 1000 1000\" xmlns=\"http:\/\/www.w3.org\/2000\/svg\"><path d=\"M500 975V858C696 858 858 696 858 500S696 142 500 142 142 304 142 500H25C25 237 238 25 500 25S975 237 975 500 763 975 500 975Z\"><\/path><\/svg>\t\t\t<\/div>\n\t\t<\/div>\n\t\t\t\t\t\t<\/div>\n\t\t\t\t<\/div>\n\t\t\t\t\t<\/div>\n\t\t\t\t<\/div>\n\t\t<div class=\"elementor-element elementor-element-herorght0 e-con-full e-flex e-con e-child\" data-id=\"herorght0\" data-element_type=\"container\" data-e-type=\"container\">\n\t\t\t\t<div class=\"elementor-element elementor-element-heroimg00 iwg-hero-image elementor-widget elementor-widget-image\" data-id=\"heroimg00\" data-element_type=\"widget\" data-e-type=\"widget\" data-widget_type=\"image.default\">\n\t\t\t\t\t\t\t\t\t\t\t\t\t\t\t<img fetchpriority=\"high\" decoding=\"async\" width=\"683\" height=\"1024\" src=\"https:\/\/iwell-guard.com\/wp-content\/uploads\/2026\/04\/goetter_tibet_palden-lhamo-683x1024.webp\" class=\"attachment-large size-large wp-image-170934\" alt=\"Palden Lhamo \u2013 gu\u00f0ir \u00far t\u00edbetskri hef\u00f0, s\u00f6gulega myndl\u00fdst\" srcset=\"https:\/\/iwell-guard.com\/wp-content\/uploads\/2026\/04\/goetter_tibet_palden-lhamo-683x1024.webp 683w, https:\/\/iwell-guard.com\/wp-content\/uploads\/2026\/04\/goetter_tibet_palden-lhamo-200x300.webp 200w, https:\/\/iwell-guard.com\/wp-content\/uploads\/2026\/04\/goetter_tibet_palden-lhamo-768x1152.webp 768w, https:\/\/iwell-guard.com\/wp-content\/uploads\/2026\/04\/goetter_tibet_palden-lhamo.webp 1024w\" sizes=\"(max-width: 683px) 100vw, 683px\" \/>\t\t\t\t\t\t\t\t\t\t\t\t\t\t\t<\/div>\n\t\t\t\t<\/div>\n\t\t\t\t\t<\/div>\n\t\t\t\t<\/div>\n\t\t<div class=\"elementor-element elementor-element-32917199 e-flex e-con-boxed e-con e-parent\" data-id=\"32917199\" data-element_type=\"container\" data-e-type=\"container\">\n\t\t\t\t\t<div class=\"e-con-inner\">\n\t\t<div class=\"elementor-element elementor-element-26e916cb e-flex e-con-boxed e-con e-child\" data-id=\"26e916cb\" data-element_type=\"container\" data-e-type=\"container\">\n\t\t\t\t\t<div class=\"e-con-inner\">\n\t\t<div class=\"elementor-element elementor-element-253a40d4 e-flex e-con-boxed e-con e-child\" data-id=\"253a40d4\" data-element_type=\"container\" data-e-type=\"container\">\n\t\t\t\t\t<div class=\"e-con-inner\">\n\t\t\t\t<div class=\"elementor-element elementor-element-1200c304 elementor-widget elementor-widget-heading\" data-id=\"1200c304\" data-element_type=\"widget\" data-e-type=\"widget\" data-widget_type=\"heading.default\">\n\t\t\t\t\t<h2 class=\"elementor-heading-title elementor-size-default\">Palden Lhamo<\/h2>\t\t\t\t<\/div>\n\t\t\t\t<div class=\"elementor-element elementor-element-11758e7f elementor-widget elementor-widget-text-editor\" data-id=\"11758e7f\" data-element_type=\"widget\" data-e-type=\"widget\" data-widget_type=\"text-editor.default\">\n\t\t\t\t\t\t\t\t\t<p>Palden Lhamo r\u00ed\u00f0ur m\u00fald\u00fdri yfir sj\u00f3 af bl\u00f3\u00f0i og er s\u00fdnd me\u00f0 bl\u00e1rri h\u00fa\u00f0, m\u00f6rgum \u00f6rmum og rei\u00f0ilegu andliti. H\u00fan ber h\u00f6fu\u00f0 dj\u00f6fuls sem k\u00f3r\u00f3nu og sveiflar tv\u00edbla\u00f0a\u00f6xi. Voto-athafnir hennar vernda klaustur, kennara og i\u00f0kendur. H\u00fan er pers\u00f3nulegt verndargo\u00f0 Dalai Lama.<\/p>\t\t\t\t\t\t\t\t<\/div>\n\t\t\t\t\t<\/div>\n\t\t\t\t<\/div>\n\t\t<div class=\"elementor-element elementor-element-159dcf9a e-flex e-con-boxed e-con e-child\" data-id=\"159dcf9a\" data-element_type=\"container\" data-e-type=\"container\">\n\t\t\t\t\t<div class=\"e-con-inner\">\n\t\t\t\t<div class=\"elementor-element elementor-element-48cee66f elementor-widget elementor-widget-heading\" data-id=\"48cee66f\" data-element_type=\"widget\" data-e-type=\"widget\" data-widget_type=\"heading.default\">\n\t\t\t\t\t<h2 class=\"elementor-heading-title elementor-size-default\">\u00cd hnotskurn: Palden Lhamo<\/h2>\t\t\t\t<\/div>\n\t\t\t\t<div class=\"elementor-element elementor-element-3f50d82c elementor-widget elementor-widget-text-editor\" data-id=\"3f50d82c\" data-element_type=\"widget\" data-e-type=\"widget\" data-widget_type=\"text-editor.default\">\n\t\t\t\t\t\t\t\t\t<p><strong>Tegund:<\/strong> T\u00edbetsk-b\u00fadd\u00edsk rei\u00f0ileg verndargy\u00f0ja, eina kvenkyns h\u00f6fu\u00f0-yidam Gelug-hef\u00f0arins<br><span class=\"iwg-fachbegriff\" data-tooltip=\"Heild gu\u00f0anna \u00ed tr\u00faarbr\u00f6g\u00f0um e\u00f0a menningu.\" tabindex=\"0\">Go\u00f0aheimur<\/span>: T\u00edbetskur b\u00faddismi (allir sk\u00f3lar, s\u00e9rstaklega Gelug)<br>Hlutverk: Vernd <span class=\"iwg-fachbegriff\" data-tooltip=\"\u00cd indverskum tr\u00faarbr\u00f6g\u00f0um kenningin og hin r\u00e9tta skipan athafna.\" tabindex=\"0\">Dharma<\/span>, verndari Dalai Lamanna og t\u00edbetsku r\u00edkisstj\u00f3rnarinnar, tort\u00edming dj\u00f6fla<br>A\u00f0aleinkenni: Svartbl\u00e1 h\u00fa\u00f0litur, \u00feri\u00f0ja auga\u00f0, hausk\u00fapuk\u00f3r\u00f3na, r\u00ed\u00f0ur m\u00fald\u00fdri yfir bl\u00f3\u00f0vatn<br>A\u00f0al tilbei\u00f0slusta\u00f0ir: Lhasa (Lhamo Latso-vatni\u00f0), Lhamo-Lhakhang \u00ed Potala-h\u00f6llinni<br>T\u00edbetskt heiti: <em>P\u00e4lden Lhamo<\/em>, sanskr\u00edt: \u015ar\u012bdev\u012b<\/p>\t\t\t\t\t\t\t\t<\/div>\n\t\t\t\t\t<\/div>\n\t\t\t\t<\/div>\n\t\t\t\t\t<\/div>\n\t\t\t\t<\/div>\n\t\t\t\t\t<\/div>\n\t\t\t\t<\/div>\n\t\t<div class=\"elementor-element elementor-element-18613602 e-flex e-con-boxed e-con e-parent\" data-id=\"18613602\" data-element_type=\"container\" data-e-type=\"container\">\n\t\t\t\t\t<div class=\"e-con-inner\">\n\t\t\t\t<div class=\"elementor-element elementor-element-262b8a9f elementor-widget elementor-widget-heading\" data-id=\"262b8a9f\" data-element_type=\"widget\" data-e-type=\"widget\" data-widget_type=\"heading.default\">\n\t\t\t\t\t<h2 class=\"elementor-heading-title elementor-size-default\">S\u00f6guleg sta\u00f0setning<\/h2>\t\t\t\t<\/div>\n\t\t<div class=\"elementor-element elementor-element-46dcb7d e-con-full e-flex e-con e-child\" data-id=\"46dcb7d\" data-element_type=\"container\" data-e-type=\"container\">\n\t\t<div class=\"elementor-element elementor-element-61d3ab3 e-flex e-con-boxed e-con e-child\" data-id=\"61d3ab3\" data-element_type=\"container\" data-e-type=\"container\">\n\t\t\t\t\t<div class=\"e-con-inner\">\n\t\t\t\t<div class=\"elementor-element elementor-element-117c166 elementor-widget elementor-widget-heading\" data-id=\"117c166\" data-element_type=\"widget\" data-e-type=\"widget\" data-widget_type=\"heading.default\">\n\t\t\t\t\t<h3 class=\"elementor-heading-title elementor-size-default\">T\u00edmabil textanna<\/h3>\t\t\t\t<\/div>\n\t\t\t\t<div class=\"elementor-element elementor-element-73997a0 elementor-widget elementor-widget-text-editor\" data-id=\"73997a0\" data-element_type=\"widget\" data-e-type=\"widget\" data-widget_type=\"text-editor.default\">\n\t\t\t\t\t\t\t\t\t<p>Palden Lhamo (t\u00edbet. <em>P\u00e4lden Lhamo<\/em>, \u201ehin d\u00fdr\u00f0lega gy\u00f0ja\u201c) er eitt mikilv\u00e6gasta kvenkyns verndargo\u00f0 t\u00edbetsks b\u00faddisma. R\u00e6tur \u00ed hind\u00faskri <em>K\u0101l\u012b<\/em>&#8211; og <em>Durg\u0101<\/em>-hef\u00f0. \u00cd T\u00edbet mi\u00f0l\u00e6g fr\u00e1 8. \u00f6ld e.Kr.<\/p><p>A\u00f0al bl\u00f3maskei\u00f0 Palden Lhamo-hef\u00f0arins: 14.\/15. \u00f6ld me\u00f0 Tsongkhapa og Gelug-hef\u00f0inni. H\u00fan er a\u00f0al verndargo\u00f0 Dalai Lama og hinnar hef\u00f0bundnu t\u00edbetsku r\u00edkisstj\u00f3rnar. \u00c1\u00f0ur en n\u00fdr Dalai Lama er valinn er leita\u00f0 til hins heilaga <em>Lhamo Latso<\/em>-vatns (sj\u00f3narvatnsins), sem er <span class=\"iwg-fachbegriff\" data-tooltip=\"V\u00edgt henni me\u00f0 tr\u00faarlegri ath\u00f6fn og \u00fear me\u00f0 teki\u00f0 \u00far hinu hversdagslega.\" tabindex=\"0\">helga\u00f0<\/span> henni.<\/p>\t\t\t\t\t\t\t\t<\/div>\n\t\t\t\t\t<\/div>\n\t\t\t\t<\/div>\n\t\t<div class=\"elementor-element elementor-element-d47b156 e-flex e-con-boxed e-con e-child\" data-id=\"d47b156\" data-element_type=\"container\" data-e-type=\"container\">\n\t\t\t\t\t<div class=\"e-con-inner\">\n\t\t\t\t<div class=\"elementor-element elementor-element-ff38c2b elementor-widget elementor-widget-heading\" data-id=\"ff38c2b\" data-element_type=\"widget\" data-e-type=\"widget\" data-widget_type=\"heading.default\">\n\t\t\t\t\t<h3 class=\"elementor-heading-title elementor-size-default\">\u00datbrei\u00f0slusv\u00e6\u00f0i<\/h3>\t\t\t\t<\/div>\n\t\t\t\t<div class=\"elementor-element elementor-element-4e49fcc elementor-widget elementor-widget-text-editor\" data-id=\"4e49fcc\" data-element_type=\"widget\" data-e-type=\"widget\" data-widget_type=\"text-editor.default\">\n\t\t\t\t\t\t\t\t\t<p>A\u00f0al tilbei\u00f0slusta\u00f0ir: <strong>Lhamo Latso-vatni\u00f0<\/strong> (su\u00f0austur af Lhasa, hi\u00f0 heilaga sj\u00f3narvatn, \u00fear sem s\u00fdnir birtast fyrir leit a\u00f0 Dalai Lama), <strong>Lhamo-Lhakhang<\/strong> \u00ed Potala-h\u00f6llinni \u00ed Lhasa (hennar eigi\u00f0 <span class=\"iwg-fachbegriff\" data-tooltip=\"Bygging sem er \u00e6tlu\u00f0 tilbei\u00f0slu einnar e\u00f0a fleiri gu\u00f0vera.\" tabindex=\"0\">hofr\u00fdmi<\/span>), <strong>Drepung-, Sera- og Gand\u00e4n<\/strong>-klaustur (me\u00f0 Palden Lhamo-sadhana-hef\u00f0). \u00cd B\u00fatan og Nepal vi\u00f0st\u00f6dd \u00ed m\u00f6rgum t\u00edbetsk-b\u00fadd\u00edskum klaustrum. \u00c1 heimsv\u00edsu \u00ed hverri t\u00edbetsk-b\u00fadd\u00edskri mi\u00f0st\u00f6\u00f0 me\u00f0 i\u00f0kun verndargy\u00f0ja.<\/p>\t\t\t\t\t\t\t\t<\/div>\n\t\t\t\t\t<\/div>\n\t\t\t\t<\/div>\n\t\t\t\t<\/div>\n\t\t<div class=\"elementor-element elementor-element-db03c39 e-con-full e-flex e-con e-child\" data-id=\"db03c39\" data-element_type=\"container\" data-e-type=\"container\">\n\t\t<div class=\"elementor-element elementor-element-229a87b e-flex e-con-boxed e-con e-child\" data-id=\"229a87b\" data-element_type=\"container\" data-e-type=\"container\">\n\t\t\t\t\t<div class=\"e-con-inner\">\n\t\t\t\t<div class=\"elementor-element elementor-element-1f471fc elementor-widget elementor-widget-heading\" data-id=\"1f471fc\" data-element_type=\"widget\" data-e-type=\"widget\" data-widget_type=\"heading.default\">\n\t\t\t\t\t<h3 class=\"elementor-heading-title elementor-size-default\">Heimildasta\u00f0a<\/h3>\t\t\t\t<\/div>\n\t\t\t\t<div class=\"elementor-element elementor-element-36b1201 elementor-widget elementor-widget-text-editor\" data-id=\"36b1201\" data-element_type=\"widget\" data-e-type=\"widget\" data-widget_type=\"text-editor.default\">\n\t\t\t\t\t\t\t\t\t<p>Meginheimildir: t\u00edbetsk-tantr\u00edsk <span class=\"iwg-fachbegriff\" tabindex=\"0\" data-tooltip=\"Andleg i\u00f0kunara\u00f0fer\u00f0 \u00ed hind\u00faisma og b\u00faddisma; felur \u00ed s\u00e9r m\u00f6ntru, sj\u00f3nsk\u00f6pun og ath\u00f6fn, oft tengd yidam.\">sadhana<\/span>-textar um Palden Lhamo (mismunandi \u00fatg\u00e1fur eftir klausturhef\u00f0), \u00fej\u00f3\u00f0s\u00f6gur um Lhamo Latso-vatni\u00f0, rit Tsongkhapa um verndargo\u00f0a-hef\u00f0ina. Aukaefni: Linrothe, <em>Ruthless Compassion<\/em>; Beer, <em>The Encyclopedia of Tibetan Symbols and Motifs<\/em> (me\u00f0 \u00edtarlegri Palden Lhamo-t\u00e1knfr\u00e6\u00f0i); Lopez, <em>Religions of Tibet in Practice<\/em>; Cabez\u00f3n, <em>Tibetan <span class=\"iwg-fachbegriff\" data-tooltip=\"Skipul\u00f6g\u00f0 r\u00f6\u00f0 t\u00e1knger\u00f0ra athafna me\u00f0 tr\u00faarlegri e\u00f0a menningarlegri merkingu.\" tabindex=\"0\">Ritual<\/span><\/em>.<\/p>\t\t\t\t\t\t\t\t<\/div>\n\t\t\t\t\t<\/div>\n\t\t\t\t<\/div>\n\t\t\t\t<\/div>\n\t\t\t\t\t<\/div>\n\t\t\t\t<\/div>\n\t\t<div class=\"elementor-element elementor-element-3ae0637c e-flex e-con-boxed e-con e-parent\" data-id=\"3ae0637c\" data-element_type=\"container\" data-e-type=\"container\">\n\t\t\t\t\t<div class=\"e-con-inner\">\n\t\t\t\t<div class=\"elementor-element elementor-element-31d07739 elementor-widget elementor-widget-heading\" data-id=\"31d07739\" data-element_type=\"widget\" data-e-type=\"widget\" data-widget_type=\"heading.default\">\n\t\t\t\t\t<h2 class=\"elementor-heading-title elementor-size-default\">Nafn og heiti<\/h2>\t\t\t\t<\/div>\n\t\t<div class=\"elementor-element elementor-element-b7642947 e-con-full e-flex e-con e-child\" data-id=\"b7642947\" data-element_type=\"container\" data-e-type=\"container\">\n\t\t\t\t<div class=\"elementor-element elementor-element-a086266 elementor-widget elementor-widget-text-editor\" data-id=\"a086266\" data-element_type=\"widget\" data-e-type=\"widget\" data-widget_type=\"text-editor.default\">\n\t\t\t\t\t\t\t\t\t<p>Palden Lhamo er s\u00fdnd me\u00f0 \u00e1kve\u00f0num t\u00e1knmynda\u00fe\u00e1ttum sem eru merkingarhla\u00f0nir og bera dj\u00fapa \u00fe\u00fd\u00f0ingu. \u00deessir \u00fe\u00e6ttir mi\u00f0la a\u00f0 miklu leyti hlutverkum, valdauppsprettum, skyldusvi\u00f0i og kosm\u00edsku hlutverki \u00feessarar veru.<\/p><p>Hi\u00f0 sj\u00f3nr\u00e6na kerfi gerir v\u00edg\u00f0um og menningarlega fr\u00f3\u00f0um kleift a\u00f0 skilja hina dj\u00fapu merkingu. Litir, heilagir hlutir e\u00f0a vopn, l\u00edkamleg einkenni, s\u00e9rst\u00f6k fylgihlutir, allt er merkingarb\u00e6rt og hef\u00f0bundi\u00f0. Kerfi\u00f0 hefur sta\u00f0i\u00f0 \u00f3breytt og au\u00f0greinanlegt \u00ed kynsl\u00f3\u00f0ir, sem bendir til grundvallar frummynda.<\/p>\t\t\t\t\t\t\t\t<\/div>\n\t\t\t\t<\/div>\n\t\t\t\t\t<\/div>\n\t\t\t\t<\/div>\n\t\t<div class=\"elementor-element elementor-element-709a44a8 e-flex e-con-boxed e-con e-parent\" data-id=\"709a44a8\" data-element_type=\"container\" data-e-type=\"container\">\n\t\t\t\t\t<div class=\"e-con-inner\">\n\t\t\t\t<div class=\"elementor-element elementor-element-2f585873 elementor-widget elementor-widget-heading\" data-id=\"2f585873\" data-element_type=\"widget\" data-e-type=\"widget\" data-widget_type=\"heading.default\">\n\t\t\t\t\t<h2 class=\"elementor-heading-title elementor-size-default\">Einkenni<\/h2>\t\t\t\t<\/div>\n\t\t<div class=\"elementor-element elementor-element-70621c12 e-con-full e-flex e-con e-child\" data-id=\"70621c12\" data-element_type=\"container\" data-e-type=\"container\">\n\t\t\t\t<div class=\"elementor-element elementor-element-4296eb49 elementor-widget elementor-widget-text-editor\" data-id=\"4296eb49\" data-element_type=\"widget\" data-e-type=\"widget\" data-widget_type=\"text-editor.default\">\n\t\t\t\t\t\t\t\t\t<p>Palden Lhamo var mi\u00f0l\u00e6g \u00ed tr\u00faarlegri i\u00f0kun og hversdagslegum skilningi T\u00edbets. F\u00f3lk leita\u00f0i til \u00feessarar veru \u00e1 erfi\u00f0um stundum e\u00f0a \u00e1 \u00e1kve\u00f0num \u00e1rst\u00edmum me\u00f0 skipul\u00f6g\u00f0um ath\u00f6fnum, b\u00e6num e\u00f0a f\u00f3rnargj\u00f6fum. I\u00f0kunin var n\u00e1kv\u00e6mlega var\u00f0veitt og oft undir stj\u00f3rn presta e\u00f0a s\u00e9rfr\u00e6\u00f0inga.<\/p><p>A\u00f0 Dalai Lamarnir hafi fr\u00e1 15. \u00f6ld leita\u00f0 s\u00fdna vi\u00f0 Lhamo Latso-vatni\u00f0 s\u00fdnir hversu dj\u00fapt trausti\u00f0 \u00e1 vernd Palden Lhamo er r\u00f3tfast. Hlutverk hennar sem einu kvenkyns verunni me\u00f0al hinna \u00e1tta miklu dharmapala eru marg\u00fe\u00e6tt: h\u00fan hrindir fr\u00e1 \u00e1r\u00e1sum \u00e1 kenninguna \u00e1\u00f0ur en \u00fe\u00e6r n\u00e1 til T\u00edbets, hj\u00e1lpar vi\u00f0 a\u00f0 yfirvinna h\u00e6ttur sem \u00feegar hafa or\u00f0i\u00f0 a\u00f0 veruleika, v\u00edsar \u00e1 m\u00fald\u00fdri s\u00ednu veginn til a\u00f0 finna n\u00fdjar Dalai Lama-endurholdganir og vakir \u00e1n afl\u00e1ts yfir landinu og h\u00f6f\u00f0ingjum \u00feess.<\/p><p><strong>\u00c1s\u00fdnd og t\u00e1knfr\u00e6\u00f0i<\/strong><\/p><p><em>Palden Lhamo<\/em> er s\u00fdnd sem sv\u00f6rt e\u00f0a d\u00f6kkbl\u00e1sv\u00f6rt gy\u00f0ja me\u00f0 villt h\u00e1r, oft me\u00f0 \u00ferj\u00fa augu. H\u00fan ber k\u00f3r\u00f3nu \u00far hausk\u00fapum og heldur \u00e1 hausk\u00fapusk\u00e1l og sveig\u00f0u bla\u00f0i. H\u00fan r\u00ed\u00f0ur hv\u00edtum asna e\u00f0a stendur \u00e1 l\u00edkum. Eldur umlykur veru hennar. \u00deessi <span class=\"iwg-fachbegriff\" data-tooltip=\"Fr\u00e6\u00f0igrein um myndefni og merkingu \u00feess.\" tabindex=\"0\">t\u00e1knfr\u00e6\u00f0i<\/span> t\u00e1knar hi\u00f0 rei\u00f0ilega vald hennar gegn hindrunum.<\/p>\t\t\t\t\t\t\t\t<\/div>\n\t\t\t\t<\/div>\n\t\t\t\t\t<\/div>\n\t\t\t\t<\/div>\n\t\t<div class=\"elementor-element elementor-element-44e71476 e-flex e-con-boxed e-con e-parent\" data-id=\"44e71476\" data-element_type=\"container\" data-e-type=\"container\">\n\t\t\t\t\t<div class=\"e-con-inner\">\n\t\t\t\t<div class=\"elementor-element elementor-element-3c1fc3f0 elementor-widget elementor-widget-heading\" data-id=\"3c1fc3f0\" data-element_type=\"widget\" data-e-type=\"widget\" data-widget_type=\"heading.default\">\n\t\t\t\t\t<h2 class=\"elementor-heading-title elementor-size-default\">Yfirlit: Palden Lhamo<\/h2>\t\t\t\t<\/div>\n\t\t<div class=\"elementor-element elementor-element-84f33b8e e-con-full e-flex e-con e-child\" data-id=\"84f33b8e\" data-element_type=\"container\" data-e-type=\"container\">\n\t\t\t\t<div class=\"elementor-element elementor-element-hqkdc67p elementor-widget elementor-widget-text-editor\" data-id=\"hqkdc67p\" data-element_type=\"widget\" data-e-type=\"widget\" data-widget_type=\"text-editor.default\">\n\t\t\t\t\t\t\t\t\t<p>Mikilv\u00e6gustu einkenni Palden Lhamo \u00ed hnotskurn. Eftirfarandi atri\u00f0i draga saman uppruna, hlutverk, \u00e1s\u00fdnd, d\u00fdrkun, t\u00e1kn og menningarleg hli\u00f0st\u00e6\u00f0ur.<\/p>\t\t\t\t\t\t\t\t<\/div>\n\t\t\t\t<\/div>\n\t\t<div class=\"elementor-element elementor-element-pemmx7c5 e-con-full e-flex e-con e-child\" data-id=\"pemmx7c5\" data-element_type=\"container\" data-e-type=\"container\">\n\t\t<div class=\"elementor-element elementor-element-pemmx7c1 e-con-full e-flex e-con e-child\" data-id=\"pemmx7c1\" data-element_type=\"container\" data-e-type=\"container\">\n\t\t<div class=\"elementor-element elementor-element-qh9oavvu iwg-steckbrief-card e-flex e-con-boxed e-con e-child\" data-id=\"qh9oavvu\" data-element_type=\"container\" data-e-type=\"container\">\n\t\t\t\t\t<div class=\"e-con-inner\">\n\t\t\t\t<div class=\"elementor-element elementor-element-awzx8k2k elementor-widget elementor-widget-heading\" data-id=\"awzx8k2k\" data-element_type=\"widget\" data-e-type=\"widget\" data-widget_type=\"heading.default\">\n\t\t\t\t\t<div class=\"elementor-heading-title elementor-size-default\">Uppruni Palden Lhamo<\/div>\t\t\t\t<\/div>\n\t\t\t\t<div class=\"elementor-element elementor-element-x6rowhv0 elementor-widget elementor-widget-text-editor\" data-id=\"x6rowhv0\" data-element_type=\"widget\" data-e-type=\"widget\" data-widget_type=\"text-editor.default\">\n\t\t\t\t\t\t\t\t\t<p>Palden Lhamo \u00fer\u00f3ast \u00fat fr\u00e1 hinni tantr\u00edsku K\u00e2l\u00ee-hef\u00f0 (hind\u00fa\u00edsk r\u00f3t). \u00cd t\u00edbeska <span class=\"iwg-fachbegriff\" data-tooltip=\"Hef\u00f0bundin fr\u00e1s\u00f6gn um gu\u00f0i, uppruna og heimsskipulagi\u00f0.\" tabindex=\"0\">go\u00f0s\u00f6gninni<\/span>: h\u00fan var upphaflega indversk prinsessa sem giftist and-<span class=\"iwg-fachbegriff\" data-tooltip=\"\u00cd indverskum tr\u00faarbr\u00f6g\u00f0um, kenningin og hi\u00f0 r\u00e9tta skipulag athafna.\" tabindex=\"0\">Dharma<\/span>-konungi. Sem b\u00faddisti f\u00f3rna\u00f0i h\u00fan syni s\u00ednum og \u00e1t kj\u00f6t hans til a\u00f0 rj\u00fafa hinn dj\u00f6fullega veg eiginmanns s\u00edns.<\/p><p>\u00dar \u00feessum s\u00e1rsauka \u00f3x hin rei\u00f0ilega mynd hennar sem verndargy\u00f0ja. Fr\u00e1 \u00feeim t\u00edma r\u00ed\u00f0ur h\u00fan m\u00fald\u00fdri gegnum vatn af manna-bl\u00f3\u00f0i. \u00cd t\u00edbeskri sam\u00fe\u00e6ttingu er h\u00fan skilin sem vi\u00f0b\u00f3tarpar me\u00f0 Mahakala til verndar (karlkyns-kvenkyns).<\/p>\t\t\t\t\t\t\t\t<\/div>\n\t\t\t\t\t<\/div>\n\t\t\t\t<\/div>\n\t\t<div class=\"elementor-element elementor-element-8e3o4kxs iwg-steckbrief-card e-flex e-con-boxed e-con e-child\" data-id=\"8e3o4kxs\" data-element_type=\"container\" data-e-type=\"container\">\n\t\t\t\t\t<div class=\"e-con-inner\">\n\t\t\t\t<div class=\"elementor-element elementor-element-08rkdgov elementor-widget elementor-widget-heading\" data-id=\"08rkdgov\" data-element_type=\"widget\" data-e-type=\"widget\" data-widget_type=\"heading.default\">\n\t\t\t\t\t<div class=\"elementor-heading-title elementor-size-default\">Skj\u00f3lst\u00e6\u00f0ingar Palden Lhamo<\/div>\t\t\t\t<\/div>\n\t\t\t\t<div class=\"elementor-element elementor-element-uwjelx8s elementor-widget elementor-widget-text-editor\" data-id=\"uwjelx8s\" data-element_type=\"widget\" data-e-type=\"widget\" data-widget_type=\"text-editor.default\">\n\t\t\t\t\t\t\t\t\t<p>A\u00f0alverndargy\u00f0ja t\u00edbeskrar hef\u00f0ar. Verndari Dalai Lama og t\u00edbesku stj\u00f3rnarinnar. Tort\u00edmandi dj\u00f6fullegra hindrana fyrir <span class=\"iwg-fachbegriff\" data-tooltip=\"\u00cd indverskum tr\u00faarbr\u00f6g\u00f0um, kenningin og hi\u00f0 r\u00e9tta skipulag athafna.\" tabindex=\"0\">Dharma<\/span>. \u00cd Lhamo Latso-vatninu birtast s\u00fdnir sem eru r\u00e1\u00f0gefandi vi\u00f0 leitina a\u00f0 n\u00e6sta Dalai Lama, kjarnaath\u00f6fn \u00ed t\u00edbeskri stj\u00f3rnm\u00e1la-tr\u00fa.<\/p><p>\u00cd pers\u00f3nulegri <span class=\"iwg-fachbegriff\" data-tooltip=\"\u00d6ll tr\u00faarleg d\u00fdrkunarath\u00e6fi fyrir gu\u00f0 e\u00f0a heilaga pers\u00f3nu.\" tabindex=\"0\">d\u00fdrkun<\/span> er <span class=\"iwg-fachbegriff\" data-tooltip=\"B\u00e6n e\u00f0a \u00e1kall til gu\u00f0s e\u00f0a valds.\" tabindex=\"0\">\u00e1kalla\u00f0<\/span> til hennar \u00ed br\u00e1\u00f0um vandr\u00e6\u00f0um, s\u00e9rstaklega gegn \u00feungum dj\u00f6fullegum \u00e1reitum. Verndari kvenkyns rei\u00f0ilegra yidama.<\/p>\t\t\t\t\t\t\t\t<\/div>\n\t\t\t\t\t<\/div>\n\t\t\t\t<\/div>\n\t\t<div class=\"elementor-element elementor-element-jm2n74ec iwg-steckbrief-card e-flex e-con-boxed e-con e-child\" data-id=\"jm2n74ec\" data-element_type=\"container\" data-e-type=\"container\">\n\t\t\t\t\t<div class=\"e-con-inner\">\n\t\t\t\t<div class=\"elementor-element elementor-element-8vufse4c elementor-widget elementor-widget-heading\" data-id=\"8vufse4c\" data-element_type=\"widget\" data-e-type=\"widget\" data-widget_type=\"heading.default\">\n\t\t\t\t\t<div class=\"elementor-heading-title elementor-size-default\">\u00c1s\u00fdnd<\/div>\t\t\t\t<\/div>\n\t\t\t\t<div class=\"elementor-element elementor-element-mwb9u015 elementor-widget elementor-widget-text-editor\" data-id=\"mwb9u015\" data-element_type=\"widget\" data-e-type=\"widget\" data-widget_type=\"text-editor.default\">\n\t\t\t\t\t\t\t\t\t<p>Sv\u00f6rtbl\u00e1 (e\u00f0a d\u00f6kkbl\u00e1) kvenpers\u00f3na me\u00f0 \u00feri\u00f0ja auga, gapandi munn me\u00f0 v\u00edgt\u00f6nnum. H\u00f6fu\u00f0k\u00fapuk\u00f3r\u00f3na (5 h\u00f6fu\u00f0k\u00fapur), \u00f3samst\u00e6tt rautt h\u00e1r, logandi geislabaugur. R\u00ed\u00f0ur til hli\u00f0ar \u00e1 <em>hv\u00edtu m\u00fald\u00fdri<\/em> sem s\u00f6\u00f0ull \u00feess er ger\u00f0ur \u00far manns-h\u00fa\u00f0 f\u00f3rnarsonar hennar.<\/p><p>R\u00ed\u00f0ur gegnum <em>vatn \u00far manna-bl\u00f3\u00f0i<\/em>. \u00cd h\u00f6ndum: h\u00f6fu\u00f0k\u00fapusk\u00e1l (kapala), \u00ferumufleyg (vajra), kylfa me\u00f0 h\u00f6fu\u00f0k\u00fapu. Sl\u00f6ngu-h\u00e1lsfesti, beinaskart, t\u00edgrisfeldssk\u00fdla. \u00cd fylgd tveggja vera: <em>Makaravaktra<\/em> (kr\u00f3k\u00f3d\u00edla-h\u00f6fu\u00f0 d\u00f3ttir) og <em>Simhavaktra<\/em> (lj\u00f3ns-h\u00f6fu\u00f0 d\u00f3ttir).<\/p>\t\t\t\t\t\t\t\t<\/div>\n\t\t\t\t\t<\/div>\n\t\t\t\t<\/div>\n\t\t\t\t<\/div>\n\t\t<div class=\"elementor-element elementor-element-pemmx7c2 e-con-full e-flex e-con e-child\" data-id=\"pemmx7c2\" data-element_type=\"container\" data-e-type=\"container\">\n\t\t<div class=\"elementor-element elementor-element-37ss2yr6 iwg-steckbrief-card e-flex e-con-boxed e-con e-child\" data-id=\"37ss2yr6\" data-element_type=\"container\" data-e-type=\"container\">\n\t\t\t\t\t<div class=\"e-con-inner\">\n\t\t\t\t<div class=\"elementor-element elementor-element-3v0wp3wx elementor-widget elementor-widget-heading\" data-id=\"3v0wp3wx\" data-element_type=\"widget\" data-e-type=\"widget\" data-widget_type=\"heading.default\">\n\t\t\t\t\t<div class=\"elementor-heading-title elementor-size-default\">Verkunarsvi\u00f0<\/div>\t\t\t\t<\/div>\n\t\t\t\t<div class=\"elementor-element elementor-element-w3247g2m elementor-widget elementor-widget-text-editor\" data-id=\"w3247g2m\" data-element_type=\"widget\" data-e-type=\"widget\" data-widget_type=\"text-editor.default\">\n\t\t\t\t\t\t\t\t\t<p><strong>Verksvi\u00f0:<\/strong> Palden Lhamo er d\u00fdrku\u00f0 daglega \u00ed hverju gelug-klaustri. \u00cd pers\u00f3nulegri verndar-<span class=\"iwg-fachbegriff\" data-tooltip=\"\u00d6ll tr\u00faarleg d\u00fdrkunarath\u00e6fi fyrir gu\u00f0 e\u00f0a heilaga pers\u00f3nu.\" tabindex=\"0\">d\u00fdrkun<\/span> er h\u00fan \u00e1k\u00f6llu\u00f0 vi\u00f0 br\u00e1\u00f0a dj\u00f6fullega \u00f3gn. <em>Lhamo Latso-vatns-hef\u00f0in<\/em> er einst\u00f6k: fyrir hverja leit a\u00f0 Dalai Lama fara h\u00e1ttsettir lamar til vatnsins og huglei\u00f0a d\u00f6gum saman \u00e1 bakkanum, \u00ed von um s\u00fdnir um n\u00e6stu endurf\u00e6\u00f0ingu.<\/p><p>N\u00faverandi <em>sj\u00f6tta leit a\u00f0 lama<\/em> (1933) f\u00f3l \u00ed s\u00e9r fr\u00e6ga s\u00fdn af st\u00f6funum Ah, Ka og Ma \u00ed spegli.<\/p>\t\t\t\t\t\t\t\t<\/div>\n\t\t\t\t\t<\/div>\n\t\t\t\t<\/div>\n\t\t<div class=\"elementor-element elementor-element-0qpjal9w iwg-steckbrief-card e-flex e-con-boxed e-con e-child\" data-id=\"0qpjal9w\" data-element_type=\"container\" data-e-type=\"container\">\n\t\t\t\t\t<div class=\"e-con-inner\">\n\t\t\t\t<div class=\"elementor-element elementor-element-6ndoih0o elementor-widget elementor-widget-heading\" data-id=\"6ndoih0o\" data-element_type=\"widget\" data-e-type=\"widget\" data-widget_type=\"heading.default\">\n\t\t\t\t\t<div class=\"elementor-heading-title elementor-size-default\">Varnarform<\/div>\t\t\t\t<\/div>\n\t\t\t\t<div class=\"elementor-element elementor-element-6684tyh9 elementor-widget elementor-widget-text-editor\" data-id=\"6684tyh9\" data-element_type=\"widget\" data-e-type=\"widget\" data-widget_type=\"text-editor.default\">\n\t\t\t\t\t\t\t\t\t<p>Sv\u00f6rtbl\u00e1r h\u00fa\u00f0litur, \u00feri\u00f0ja auga, h\u00f6fu\u00f0k\u00fapuk\u00f3r\u00f3na, hv\u00edtt m\u00fald\u00fdr (rei\u00f0skj\u00f3ti), s\u00f6\u00f0ull \u00far manns-h\u00fa\u00f0, bl\u00f3\u00f0vatn, h\u00f6fu\u00f0k\u00fapusk\u00e1l (kapala), \u00ferumufleyg (vajra), kylfa me\u00f0 h\u00f6fu\u00f0k\u00fapu. Fylgiv\u00e6ttir: kr\u00f3k\u00f3d\u00edla-h\u00f6fu\u00f0 d\u00f3ttir, lj\u00f3ns-h\u00f6fu\u00f0 d\u00f3ttir. Heilagar pl\u00f6ntur: engar s\u00e9rt\u00e6kar. Heilagir litir: svartur, d\u00f6kkbl\u00e1r, rau\u00f0ur.<\/p>\t\t\t\t\t\t\t\t<\/div>\n\t\t\t\t\t<\/div>\n\t\t\t\t<\/div>\n\t\t<div class=\"elementor-element elementor-element-3lfi7x32 iwg-steckbrief-card e-flex e-con-boxed e-con e-child\" data-id=\"3lfi7x32\" data-element_type=\"container\" data-e-type=\"container\">\n\t\t\t\t\t<div class=\"e-con-inner\">\n\t\t\t\t<div class=\"elementor-element elementor-element-0kg99ga1 elementor-widget elementor-widget-heading\" data-id=\"0kg99ga1\" data-element_type=\"widget\" data-e-type=\"widget\" data-widget_type=\"heading.default\">\n\t\t\t\t\t<div class=\"elementor-heading-title elementor-size-default\">Hli\u00f0st\u00e6\u00f0ur<\/div>\t\t\t\t<\/div>\n\t\t\t\t<div class=\"elementor-element elementor-element-n0fum6kp elementor-widget elementor-widget-text-editor\" data-id=\"n0fum6kp\" data-element_type=\"widget\" data-e-type=\"widget\" data-widget_type=\"text-editor.default\">\n\t\t\t\t\t\t\t\t\t<p><em>K\u00e2l\u00ee<\/em> (hind\u00faismi, bein r\u00f3t), <em>Durga<\/em> (hind\u00faismi, tengd str\u00ed\u00f0sgy\u00f0ja), <em>Mahakala<\/em> (b\u00faddismi, karlkyns vi\u00f0b\u00f3tarpar), <em>Ekajati<\/em> (<span class=\"iwg-fachbegriff\" tabindex=\"0\" data-tooltip=\"'Demantsfarart\u00e6ki'; tantr\u00edsk mynd Mahayana-b\u00faddisma, a\u00f0allega \u00ed T\u00edbet, me\u00f0 yidam-i\u00f0kun og mantra-t\u00e6kni \u00ed kjarnanum.\">Vajrayana<\/span>, tengd rei\u00f0ileg verndargy\u00f0ja), <em>Pehar<\/em> (Vajrayana, tengdur verndargu\u00f0), <em>Sekhmet<\/em> (Egyptaland, bl\u00f3\u00f0\u00feyrst gy\u00f0ju-hli\u00f0st\u00e6\u00f0a), <em>Erinjur<\/em> (Grikkland, hefndaranda-gy\u00f0jur), <em>Hekate<\/em> (Grikkland), <em>Maman Brigitte<\/em> (Vodou). Palden Lhamo er einst\u00f6k a\u00f0alverndargy\u00f0ja t\u00edbesk-b\u00fadd\u00edskrar hef\u00f0ar.<\/p>\t\t\t\t\t\t\t\t<\/div>\n\t\t\t\t\t<\/div>\n\t\t\t\t<\/div>\n\t\t\t\t<\/div>\n\t\t\t\t<\/div>\n\t\t\t\t\t<\/div>\n\t\t\t\t<\/div>\n\t\t<div class=\"elementor-element elementor-element-5a584676 e-flex e-con-boxed e-con e-parent\" data-id=\"5a584676\" data-element_type=\"container\" data-e-type=\"container\">\n\t\t\t\t\t<div class=\"e-con-inner\">\n\t\t\t\t<div class=\"elementor-element elementor-element-6d0757bf elementor-widget elementor-widget-heading\" data-id=\"6d0757bf\" data-element_type=\"widget\" data-e-type=\"widget\" data-widget_type=\"heading.default\">\n\t\t\t\t\t<h2 class=\"elementor-heading-title elementor-size-default\">Palden Lhamo, hli\u00f0st\u00e6\u00f0ur \u00ed \u00f6\u00f0rum menningarheimum<\/h2>\t\t\t\t<\/div>\n\t\t<div class=\"elementor-element elementor-element-60563f68 e-con-full e-flex e-con e-child\" data-id=\"60563f68\" data-element_type=\"container\" data-e-type=\"container\">\n\t\t\t\t<div class=\"elementor-element elementor-element-5a93fdd6 elementor-widget elementor-widget-text-editor\" data-id=\"5a93fdd6\" data-element_type=\"widget\" data-e-type=\"widget\" data-widget_type=\"text-editor.default\">\n\t\t\t\t\t\t\t\t\t<p>Kvenkyns verndargu\u00f0ir \u00ed rei\u00f0ilegri mynd, oft me\u00f0 d\u00fdra-rei\u00f0skj\u00f3ta og vopn, finnast fr\u00e1 hind\u00faisma (Kali, Durga) til jap\u00f6nsku Kishimojin; \u00ed t\u00edbeskum samhengi t\u00e1knar Palden Lhamo s\u00e9rstaklega r\u00edkis- og klausturskipulagi\u00f0.<\/p>\n<p><strong>J\u00fadatr\u00faar hef\u00f0<\/strong><\/p><p>Shekinah sem kvenkyns Schechina og Lilith sem villtur kvenkraftur deila me\u00f0 Palden Lhamo v\u00edddinni kvenlega hins heilaga, \u00fe\u00f3 \u00e1n rei\u00f0ilega verndarhlutverksins.<\/p><p><strong>Gr\u00edsk-r\u00f3mverskur heimur<\/strong><\/p><p>A\u00feena sem hersk\u00e1 verndargy\u00f0ja og Hera sem drottning me\u00f0 vald n\u00e1lgast hlutverk Palden Lhamo, \u00fe\u00f3 \u00e1n hinnar rei\u00f0ilega-tantr\u00edsku v\u00edddar og \u00e1n dj\u00f6fla-t\u00e1knmyndar.<\/p><p><strong>Germansk hef\u00f0<\/strong><\/p><p>Valkyrjur og Freyja sem str\u00ed\u00f0sgy\u00f0jur t\u00e1kna kvenlegan bardagakraft, me\u00f0an nornirnir t\u00e1kna \u00f6rl\u00f6g og vernd, samsetning sem l\u00edkist Palden Lhamo.<\/p><p><strong>Hind\u00faismi<\/strong><\/p><p>Durga og Kali sem rei\u00f0ilegar m\u00f3\u00f0ur-gy\u00f0jur deila me\u00f0 Palden Lhamo samsetningu kvenleika, rei\u00f0ilegrar orku og verndarhlutverks, b\u00e1\u00f0ar eru kjarna\u00fe\u00e6ttir \u00ed tantr\u00edskum hind\u00faisma.<\/p>\t\t\t\t\t\t\t\t<\/div>\n\t\t\t\t<\/div>\n\t\t\t\t\t<\/div>\n\t\t\t\t<\/div>\n\t\t<div class=\"elementor-element elementor-element-cp0c76f82 e-flex e-con-boxed e-con e-parent\" data-id=\"cp0c76f82\" data-element_type=\"container\" data-e-type=\"container\">\n\t\t\t\t\t<div class=\"e-con-inner\">\n\t\t\t\t<div class=\"elementor-element elementor-element-cp22e9045 elementor-widget elementor-widget-heading\" data-id=\"cp22e9045\" data-element_type=\"widget\" data-e-type=\"widget\" data-widget_type=\"heading.default\">\n\t\t\t\t\t<h2 class=\"elementor-heading-title elementor-size-default\">Verndargy\u00f0ja Lhasa og Dalai Lama<\/h2>\t\t\t\t<\/div>\n\t\t<div class=\"elementor-element elementor-element-cpe06abf3 e-con-full e-flex e-con e-child\" data-id=\"cpe06abf3\" data-element_type=\"container\" data-e-type=\"container\">\n\t\t\t\t<div class=\"elementor-element elementor-element-cp7e74b87 elementor-widget elementor-widget-text-editor\" data-id=\"cp7e74b87\" data-element_type=\"widget\" data-e-type=\"widget\" data-widget_type=\"text-editor.default\">\n\t\t\t\t\t\t\t\t\t<p>Palden Lhamo (t\u00edbetska <em>dPal ldan lha mo<\/em>, sanskr\u00edt <em>Shri Devi<\/em>) hefur innan t\u00edbetsks b\u00faddisma st\u00f6\u00f0u sem n\u00e6r langt \u00fat fyrir \u00fea\u00f0 a\u00f0 vera einfaldlega verndargo\u00f0veran.<\/p><p>H\u00fan er talin mikilv\u00e6gust kvenkyns <em>dharmapala<\/em> (verndara tr\u00faarins) og pers\u00f3nuleg verndargo\u00f0vera Dalai Lamanna og Gelug-sk\u00f3lans. S\u00e9rst\u00f6k tengsl hennar vi\u00f0 h\u00f6fu\u00f0borg T\u00edbets eru n\u00e1i\u00f0 bundin Lhamo Lhatso, helgu vatni su\u00f0austur af Lhasa.<\/p><p><span data-nosnippet>\u00cd vatnsyfirbor\u00f0i \u00feess m\u00e1, samkv\u00e6mt <span class=\"iwg-fachbegriff\" data-tooltip=\"Mi\u00f0lun \u00feekkingar og fr\u00e1sagna milli kynsl\u00f3\u00f0a.\" tabindex=\"0\">munnm\u00e6las\u00f6gn<\/span>, sj\u00e1 vitrun sem gefur v\u00edsbendingar vi\u00f0 leit a\u00f0 endurf\u00e6\u00f0ingum h\u00e1ttsettra lama. Annar Dalai Lamanna, Gend\u00fcn Gyatso (1476 til 1542), stofna\u00f0i klaustur vi\u00f0 vatnsbakkann og styrkti \u00feannig tengslin milli <span class=\"iwg-fachbegriff\" data-tooltip=\"Vera sem er d\u00fdrku\u00f0 sem gu\u00f0leg innan tr\u00faarbrag\u00f0a.\" tabindex=\"0\">gu\u00f0veru<\/span>, vatnsins og v\u00e9fr\u00e9tta-hef\u00f0arinnar.<\/span><\/p><p>\u00cd Lhasa sj\u00e1lfri var Palden Lhamo me\u00f0 eigin kapellur b\u00e6\u00f0i \u00ed Jokhang-<span class=\"iwg-fachbegriff\" data-tooltip=\"Bygging sem er notu\u00f0 til d\u00fdrkunar \u00e1 einni e\u00f0a fleiri gu\u00f0verum.\" tabindex=\"0\">hofinu<\/span> og Potala-h\u00f6llinni. Styttu hennar var \u00e1rlega borin um borgina \u00ed <span class=\"iwg-fachbegriff\" data-tooltip=\"H\u00e1t\u00ed\u00f0leg, tr\u00faarleg fylkingaganga.\" tabindex=\"0\">skr\u00fa\u00f0g\u00f6ngu<\/span>.<\/p><p>\u00deessi opinbera d\u00fdrkun tengdi r\u00edkisd\u00fdrkunina vi\u00f0 vernd hinnar stj\u00f3rnm\u00e1lalegu skipanar, \u00fear sem Palden Lhamo var talin \u00e1byrgjast stj\u00f3rn Dalai Lamans. Tr\u00faarfr\u00e6\u00f0ilega s\u00e9\u00f0 er h\u00fan \u00fev\u00ed d\u00e6mi um hvernig upphaflega indversk <span class=\"iwg-fachbegriff\" data-tooltip=\"Vera sem er d\u00fdrku\u00f0 sem gu\u00f0leg innan tr\u00faarbrag\u00f0a.\" tabindex=\"0\">gu\u00f0vera<\/span> var \u00ed T\u00edbet m\u00f3tu\u00f0 til a\u00f0 bera uppi hlutverk r\u00edkisins.<\/p><p>Sams\u00f6munin vi\u00f0 indversku <em>Shri Devi<\/em> v\u00edsar til langrar fors\u00f6gu. \u00c1 Indlandi var \u00feessi vera tengd svi\u00f0i hinna rei\u00f0ilegu verndargo\u00f0vera, \u00e1\u00f0ur en h\u00fan f\u00e9kk s\u00edna t\u00edbetsku birtingarmynd innan tantr\u00edskra kerfa.<\/p><p>N\u00e1in tengsl hennar vi\u00f0 Gelug-sk\u00f3lann ur\u00f0u ekki til fyrr en \u00e1 15. og 16. \u00f6ld, \u00feegar sk\u00f3linn n\u00e1\u00f0i stj\u00f3rnm\u00e1lalegum \u00e1hrifum. Til a\u00f0 skilja hlutverk Palden Lhamo \u00fearf \u00fev\u00ed a\u00f0 l\u00edta \u00e1 samspil klausturp\u00f3lit\u00edkur, v\u00e9fr\u00e9tta-hef\u00f0ar og r\u00edkisd\u00fdrkunar, ekki einangra\u00f0a go\u00f0sagnapers\u00f3nu.<\/p>\t\t\t\t\t\t\t\t<\/div>\n\t\t\t\t<\/div>\n\t\t\t\t\t<\/div>\n\t\t\t\t<\/div>\n\t\t<div class=\"elementor-element elementor-element-cp5aa2f00 e-flex e-con-boxed e-con e-parent\" data-id=\"cp5aa2f00\" data-element_type=\"container\" data-e-type=\"container\">\n\t\t\t\t\t<div class=\"e-con-inner\">\n\t\t\t\t<div class=\"elementor-element elementor-element-cpeb8c4c1 elementor-widget elementor-widget-heading\" data-id=\"cpeb8c4c1\" data-element_type=\"widget\" data-e-type=\"widget\" data-widget_type=\"heading.default\">\n\t\t\t\t\t<h2 class=\"elementor-heading-title elementor-size-default\">Myndm\u00e1l: m\u00falasninn, hnakkab\u00fana\u00f0urinn og t\u00e1knmyndir rei\u00f0innar<\/h2>\t\t\t\t<\/div>\n\t\t<div class=\"elementor-element elementor-element-cpc2caa13 e-con-full e-flex e-con e-child\" data-id=\"cpc2caa13\" data-element_type=\"container\" data-e-type=\"container\">\n\t\t\t\t<div class=\"elementor-element elementor-element-cp71d7154 elementor-widget elementor-widget-text-editor\" data-id=\"cp71d7154\" data-element_type=\"widget\" data-e-type=\"widget\" data-widget_type=\"text-editor.default\">\n\t\t\t\t\t\t\t\t\t<p>Myndframsetning Palden Lhamo fylgir f\u00f6stum <span class=\"iwg-fachbegriff\" data-tooltip=\"Safn helgra rita tr\u00faarbrag\u00f0a sem er vi\u00f0urkennt sem bindandi.\" tabindex=\"0\">kan\u00f3nu<\/span>, \u00fear sem hvert atri\u00f0i \u00e1 s\u00e9r go\u00f0sagnalegar r\u00e6tur. H\u00fan r\u00ed\u00f0ur m\u00falasna yfir bl\u00f3\u00f0haf, s\u00fdnd me\u00f0 d\u00f6kkbl\u00e1rri h\u00fa\u00f0, \u00feremur augum og rei\u00f0ilegu andliti me\u00f0 \u00fathverfum v\u00edgt\u00f6nnum.<\/p><p>\u00cd h\u00e6gri hendi heldur h\u00fan \u00e1 kylfu e\u00f0a staf, \u00ed \u00feeirri vinstri \u00e1 h\u00f6fu\u00f0k\u00fapusk\u00e1l. H\u00e1r hennar stendur upp \u00ed loft, oft kr\u00fdnt fimm hausk\u00fapum.<\/p><p>S\u00e9rst\u00f6k athygli er veitt m\u00falasnanum. \u00c1 afturhluta hans birtist auga sem, samkv\u00e6mt <span class=\"iwg-fachbegriff\" data-tooltip=\"Uppbyggileg fr\u00e1s\u00f6gn, oftast um l\u00edf heilagra manna.\" tabindex=\"0\">helgis\u00f6gn<\/span>, mynda\u00f0ist af \u00f6r sem hinn rei\u00f0i gu\u00f0 Lanka-r\u00edkis skaut \u00e1 gu\u00f0veruna \u00e1 fl\u00f3tta. \u00d6rin missti marks \u00e1 henni sj\u00e1lfri en hitti rei\u00f0skj\u00f3tann og breyttist \u00ed vakandi auga.<\/p><p>Hnakkurinn er kl\u00e6ddur flegnu skinni af p\u00faka, taumarnar eru ger\u00f0ar \u00far h\u00f6ggormum. \u00c1 hnakkt\u00f6skunni hanga hnykill af t\u00f6fra\u00fer\u00e1\u00f0um og teningur til <span class=\"iwg-fachbegriff\" data-tooltip=\"A\u00f0 lesa \u00ed t\u00e1kn til a\u00f0 skynja hi\u00f0 hulda e\u00f0a komandi.\" tabindex=\"0\">sp\u00e1d\u00f3ma<\/span>. \u00deessir hlutir v\u00edsa til hlutverks hennar sem <span class=\"iwg-fachbegriff\" data-tooltip=\"Vera sem er d\u00fdrku\u00f0 sem gu\u00f0leg innan tr\u00faarbrag\u00f0a.\" tabindex=\"0\">gu\u00f0veru<\/span> sem r\u00e6\u00f0ur yfir \u00f6rl\u00f6gum og l\u00edfs\u00fer\u00e6\u00f0i.<\/p><p>\u00cd hlutmenningunni finnast margar bronsstyttur og fyrst og fremst <em>thangka<\/em>-m\u00e1lverk af Palden Lhamo, sem breiddust \u00fat \u00ed klaustrum Gelug-sk\u00f3lans fr\u00e1 17. \u00f6ld. \u00cd hinum leynilegu verndargo\u00f0veru-kapellum, <em>g\u00f6nkhang<\/em>, st\u00f3\u00f0u myndir hennar oft huldar og voru a\u00f0eins v\u00edg\u00f0um munkum a\u00f0gengilegar.<\/p><p>Vestr\u00e6n s\u00f6fn, \u00e1 bor\u00f0 vi\u00f0 As\u00edska listasafni\u00f0 \u00ed Berl\u00edn e\u00f0a Rubin-safni\u00f0 \u00ed New York, var\u00f0veita mikilv\u00e6g d\u00e6mi. Myndhef\u00f0in hefur haldist undraver\u00f0lega st\u00f6\u00f0ug um aldir, sem endurspeglar hina helgisi\u00f0abundnu festingu l\u00fdsingartextanna (<em>sadhana<\/em>) sem m\u00e1lararnir fylgdu. Samb\u00e6rilega \u00edtarlegt rei\u00f0ilegt <span class=\"iwg-fachbegriff\" data-tooltip=\"Fr\u00e6\u00f0i um myndefni og merkingu \u00feess.\" tabindex=\"0\">myndm\u00e1l<\/span> m\u00e1 finna hj\u00e1 <a href=\"https:\/\/iwell-guard.com\/is\/?page_id=168781\">Yamantaka<\/a> og <a href=\"https:\/\/iwell-guard.com\/is\/?page_id=168782\">Ekajati<\/a>.<\/p>\t\t\t\t\t\t\t\t<\/div>\n\t\t\t\t<\/div>\n\t\t\t\t\t<\/div>\n\t\t\t\t<\/div>\n\t\t<div class=\"elementor-element elementor-element-cpcd443b7 e-flex e-con-boxed e-con e-parent\" data-id=\"cpcd443b7\" data-element_type=\"container\" data-e-type=\"container\">\n\t\t\t\t\t<div class=\"e-con-inner\">\n\t\t\t\t<div class=\"elementor-element elementor-element-cpeaea5b4 elementor-widget elementor-widget-heading\" data-id=\"cpeaea5b4\" data-element_type=\"widget\" data-e-type=\"widget\" data-widget_type=\"heading.default\">\n\t\t\t\t\t<h2 class=\"elementor-heading-title elementor-size-default\">Go\u00f0sagan um soninn og heit hennar um a\u00f0 verja l\u00e6rd\u00f3minn<\/h2>\t\t\t\t<\/div>\n\t\t<div class=\"elementor-element elementor-element-cp45f8186 e-con-full e-flex e-con e-child\" data-id=\"cp45f8186\" data-element_type=\"container\" data-e-type=\"container\">\n\t\t\t\t<div class=\"elementor-element elementor-element-cp67c9f77 elementor-widget elementor-widget-text-editor\" data-id=\"cp67c9f77\" data-element_type=\"widget\" data-e-type=\"widget\" data-widget_type=\"text-editor.default\">\n\t\t\t\t\t\t\t\t\t<p>Ein af \u00feekktustu fr\u00e1s\u00f6gnunum um Palden Lhamo \u00fatsk\u00fdrir hvernig h\u00fan var\u00f0 verndargy\u00f0ja tr\u00faarins. \u00cd fyrri tilvist sinni var h\u00fan gift konungi mann\u00e6tnandi r\u00edkisins Lanka, sta\u00f0ar \u00fear sem b\u00fadd\u00edsk kenning var k\u00fagu\u00f0.<\/p><p>H\u00fan h\u00e9t \u00fev\u00ed a\u00f0 sn\u00faa eiginmanni s\u00ednum til b\u00faddisma e\u00f0a, ef \u00fea\u00f0 mist\u00e6kist, a\u00f0 \u00fatr\u00fdma konungslegri \u00e6ttarl\u00ednu. \u00deegar tr\u00faskiptin misf\u00f3rust, myrti h\u00fan eigin son sinn, tilnefndan r\u00edkisarfa, fl\u00f3 hann og nota\u00f0i skinni\u00f0 sem hnakkabrei\u00f0u. \u00cd kj\u00f6lfari\u00f0 fl\u00fa\u00f0i h\u00fan nor\u00f0ur.<\/p><p>\u00c1 fl\u00f3ttanum skaut konungurinn eitra\u00f0ri \u00f6r \u00e1 eftir henni, sem hitti m\u00fald\u00fdri\u00f0 og breyttist \u00ed hi\u00f0 \u00feekkta auga \u00e1 aftanver\u00f0um b\u00f3gi \u00feess. Palden Lhamo \u00e1 a\u00f0 hafa dregi\u00f0 eitri\u00f0 \u00far s\u00e1rinu og breytt \u00e1hrifum \u00feess \u00ed uppsprettu heilunarkrafts.<\/p><p>\u00deessi harkalega fr\u00e1s\u00f6gn er tr\u00faarfr\u00e6\u00f0ilega margslungin: barnsmor\u00f0i\u00f0 stendur ekki fyrir grimmd sem sj\u00e1lfsmarkmi\u00f0, heldur fyrir \u00f6fgafulla vilja til a\u00f0 f\u00f3rna \u00f6llu fyrir verndun kenningarins. H\u00fa\u00f0in sem dregin var af ver\u00f0ur \u00feannig t\u00e1kn f\u00f3rnar sem f\u00e6r\u00f0 var, ekki sigurs.<\/p><p>\u00cd tantr\u00edskri t\u00falkun tilheyrir Palden Lhamo \u00feeim gu\u00f0d\u00f3mum sem upphaflega tilheyr\u00f0u svi\u00f0i h\u00e6ttulegra, veraldlegra vera og voru bundnir og settir \u00ed \u00fej\u00f3nustu kenningarinnar af uppl\u00fdstum meistara.<\/p><p>Hef\u00f0in eignar \u00feessa bindingu Padmasambhava e\u00f0a \u00f6\u00f0rum fyrstu kennurum. \u00dear me\u00f0 stendur h\u00fan milli hreinna uppl\u00fdstra verndargu\u00f0d\u00f3ma og veraldlegra anda. Fr\u00e1s\u00f6gnin um soninn \u00fej\u00f3nar innan \u00feessa kerfis sem sk\u00fdring \u00e1 \u00fev\u00ed hvers vegna vera af \u00f3gnvekjandi uppruna getur \u00fer\u00e1tt fyrir \u00fea\u00f0 veri\u00f0 traust verndargy\u00f0ja: <span class=\"iwg-fachbegriff\" data-tooltip=\"Alvarlegt tr\u00faarlegt heit gagnvart gu\u00f0d\u00f3mi.\" tabindex=\"0\">Heit<\/span> hennar bindur hana \u00f3afturkallanlega.<\/p>\t\t\t\t\t\t\t\t<\/div>\n\t\t\t\t<\/div>\n\t\t\t\t\t<\/div>\n\t\t\t\t<\/div>\n\t\t<div class=\"elementor-element elementor-element-cp100f7a7 e-flex e-con-boxed e-con e-parent\" data-id=\"cp100f7a7\" data-element_type=\"container\" data-e-type=\"container\">\n\t\t\t\t\t<div class=\"e-con-inner\">\n\t\t\t\t<div class=\"elementor-element elementor-element-cpe6597e6 elementor-widget elementor-widget-heading\" data-id=\"cpe6597e6\" data-element_type=\"widget\" data-e-type=\"widget\" data-widget_type=\"heading.default\">\n\t\t\t\t\t<h2 class=\"elementor-heading-title elementor-size-default\">Athafnir, v\u00e9fr\u00e9tt og \u00e1rlega h\u00e1t\u00ed\u00f0in<\/h2>\t\t\t\t<\/div>\n\t\t<div class=\"elementor-element elementor-element-cp10f3fe3 e-con-full e-flex e-con e-child\" data-id=\"cp10f3fe3\" data-element_type=\"container\" data-e-type=\"container\">\n\t\t\t\t<div class=\"elementor-element elementor-element-cp8cae43f elementor-widget elementor-widget-text-editor\" data-id=\"cp8cae43f\" data-element_type=\"widget\" data-e-type=\"widget\" data-widget_type=\"text-editor.default\">\n\t\t\t\t\t\t\t\t\t<p>Helgisi\u00f0aleg tilbei\u00f0sla Palden Lhamo var fastm\u00f3tu\u00f0 \u00ed Gelug-klaustrum. Munkar f\u00f3ru me\u00f0 <em>sadhana<\/em>-texta hennar og \u00e1kall \u00ed <em>g\u00f6nkhang<\/em>, oft innan m\u00e1na\u00f0arlegra og \u00e1rlegra hringr\u00e1sa.<\/p><p>Mikilv\u00e6gasta almenna h\u00e1t\u00ed\u00f0in f\u00e9ll \u00e1 15. dag fyrsta t\u00edbetska m\u00e1na\u00f0arins. \u00cd Lhasa var mynd hennar borin \u00ed <span class=\"iwg-fachbegriff\" data-tooltip=\"H\u00e1t\u00ed\u00f0leg tr\u00faarleg skr\u00fa\u00f0ganga.\" tabindex=\"0\">skr\u00fa\u00f0g\u00f6ngu<\/span>, og f\u00f3lki\u00f0 leita\u00f0i verndar hennar fyrir komandi \u00e1r.<\/p><p>N\u00e1i\u00f0 tengt henni er v\u00e9fr\u00e9ttarver\u00f6ldin. R\u00edkisv\u00e9fr\u00e9tt Nechung var a\u00f0 a\u00f0altilkalli tengd <span class=\"iwg-fachbegriff\" data-tooltip=\"Vera sem er tilbe\u00f0in sem gu\u00f0leg innan tr\u00faarbrag\u00f0a.\" tabindex=\"0\">gu\u00f0d\u00f3minum<\/span> Pehar, en Palden Lhamo var talin yfirskipu\u00f0 kvenkyns verndargy\u00f0ja, en vilji hennar var lesinn \u00far sj\u00f3nvitrunum vi\u00f0 vatni\u00f0 Lhamo Lhatso.<\/p><p>\u00cd leitinni a\u00f0 endurf\u00e6\u00f0ingu Dalai Lama l\u00e9ku \u00feessar sj\u00f3nvitranir vi\u00f0urkennt hlutverk; \u00feetta er me\u00f0al annars greint fr\u00e1 vi\u00f0 uppg\u00f6tvun 14. Dalai Lama \u00e1 1930. \u00e1ratugnum, \u00feegar r\u00edkisstj\u00f3ri og leitarnefnd heims\u00f3ttu vatni\u00f0.<\/p><p>\u00cd daglegum helgisi\u00f0um var Palden Lhamo einnig bl\u00ed\u00f0ku\u00f0 me\u00f0 f\u00f3rnargj\u00f6fum sem samsv\u00f6ru\u00f0u hennar rei\u00f0ilega e\u00f0li: \u00dear \u00e1 me\u00f0al voru <em>torma<\/em>-f\u00edg\u00farur \u00far deigi, d\u00f6kkt te, \u00e1fengi og t\u00e1knr\u00e6nar myndir af kj\u00f6ti og bl\u00f3\u00f0i.<\/p><p>\u00deessar gjafir eiga ekki a\u00f0 skiljast sem tilbei\u00f0sla \u00e1 ofbeldi, heldur fylgja tantr\u00edsku r\u00f6kr\u00e9ttri hugsun \u00feess a\u00f0 rei\u00f0ilegur <span class=\"iwg-fachbegriff\" data-tooltip=\"Vera sem er tilbe\u00f0in sem gu\u00f0leg innan tr\u00faarbrag\u00f0a.\" tabindex=\"0\">gu\u00f0d\u00f3mur<\/span> s\u00e9 \u00e1varpa\u00f0ur me\u00f0 efnum \u00far eigin svi\u00f0i til a\u00f0 st\u00fdra krafti hans \u00ed \u00e1tt a\u00f0 verndun \u00feeirra sem stunda i\u00f0kunina.<\/p><p><span data-nosnippet>S\u00e9rst\u00f6k tengsl voru einnig vi\u00f0 vetrarm\u00e1nu\u00f0ina, \u00feegar verndarathafnir voru \u00fe\u00e9ttar. Ranns\u00f3knir, me\u00f0al annars verk Ren\u00e9 de Nebesky-Wojkowitz \u00ed grundvallarritinu <em>Oracles and Demons of Tibet<\/em> (1956), hafa skjalfestlega l\u00fdst \u00feessu athafnakerfi og eru enn mikilv\u00e6g heimild.<\/span><\/p>\t\t\t\t\t\t\t\t<\/div>\n\t\t\t\t<\/div>\n\t\t\t\t\t<\/div>\n\t\t\t\t<\/div>\n\t\t<div class=\"elementor-element elementor-element-cp074aa46 e-flex e-con-boxed e-con e-parent\" data-id=\"cp074aa46\" data-element_type=\"container\" data-e-type=\"container\">\n\t\t\t\t\t<div class=\"e-con-inner\">\n\t\t\t\t<div class=\"elementor-element elementor-element-cpd6bc340 elementor-widget elementor-widget-heading\" data-id=\"cpd6bc340\" data-element_type=\"widget\" data-e-type=\"widget\" data-widget_type=\"heading.default\">\n\t\t\t\t\t<h2 class=\"elementor-heading-title elementor-size-default\">M\u00f3tt\u00f6kur og ranns\u00f3knarsaga \u00e1 Vesturl\u00f6ndum<\/h2>\t\t\t\t<\/div>\n\t\t<div class=\"elementor-element elementor-element-cpd4e6e5c e-con-full e-flex e-con e-child\" data-id=\"cpd4e6e5c\" data-element_type=\"container\" data-e-type=\"container\">\n\t\t\t\t<div class=\"elementor-element elementor-element-cp9cdc311 elementor-widget elementor-widget-text-editor\" data-id=\"cp9cdc311\" data-element_type=\"widget\" data-e-type=\"widget\" data-widget_type=\"text-editor.default\">\n\t\t\t\t\t\t\t\t\t<p>Palden Lhamo komst hlutfallslega snemma inn \u00ed sj\u00f3nsvi\u00f0 evr\u00f3pskra T\u00edbet-fr\u00e6\u00f0a. Fer\u00f0alangar og tr\u00fabo\u00f0ar 19. aldar l\u00fdstu rei\u00f0ilegum verndargu\u00f0d\u00f3mum oft me\u00f0 \u00f3\u00fe\u00e6gindi og t\u00falku\u00f0u \u00fe\u00e1 sem s\u00f6nnun fyrir meintri d\u00f6kkri e\u00f0li t\u00edbetsks b\u00faddisma. \u00deessi m\u00f3tandi s\u00fdn er n\u00fa \u00farelt. V\u00edsindaleg ranns\u00f3kn h\u00f3fst me\u00f0 miklum efnissafnrit fyrri hluta 20. aldar.<\/p><p><span data-nosnippet>Afgerandi framlagi\u00f0 kemur fr\u00e1 Ren\u00e9 de Nebesky-Wojkowitz, en verk hans fr\u00e1 1956, <em>Oracles and Demons of Tibet<\/em>, kerfisbundna\u00f0i fyrst texta, <span class=\"iwg-fachbegriff\" data-tooltip=\"Fr\u00e6\u00f0i um myndefni og merkingu \u00feeirra.\" tabindex=\"0\">helgimyndafr\u00e6\u00f0i<\/span> og athafnir t\u00edbetskra verndargu\u00f0d\u00f3ma.<\/span><\/p><p>S\u00ed\u00f0ari verk, me\u00f0al annars Amy Heller um <span class=\"iwg-fachbegriff\" data-tooltip=\"Fr\u00e6\u00f0i um myndefni og merkingu \u00feeirra.\" tabindex=\"0\">helgimyndafr\u00e6\u00f0i<\/span> e\u00f0a n\u00fdrri ranns\u00f3knir um s\u00f6gu Gelug-sk\u00f3lans, hafa b\u00e6tt vi\u00f0 myndina og raki\u00f0 s\u00f6gu\u00fer\u00f3un Palden Lhamo fr\u00e1 indverskri <em>Shri Devi<\/em> til t\u00edbetsks r\u00edkisgu\u00f0d\u00f3ms.<\/p><p>\u00cd n\u00fdrri m\u00f3tt\u00f6ku hefur Palden Lhamo or\u00f0i\u00f0 kunn brei\u00f0ari almenningi me\u00f0 s\u00fdningum \u00e1 t\u00edbetskri list. <em>Thangka<\/em>-myndir hennar eru me\u00f0al \u00e1hrifamestu d\u00e6ma rei\u00f0ilegrar myndlistar og eru fjalla\u00f0ar \u00edtarlega um \u00ed s\u00fdningarskr\u00e1m.<\/p><p>\u00cd almennri skynjun er h\u00fan \u00f6\u00f0ru hvoru borin saman vi\u00f0 hugt\u00f6k \u00far \u00f6\u00f0rum hef\u00f0um, t.d. d\u00f6kkar m\u00f3\u00f0urgy\u00f0jur, en \u00fea\u00f0 missir s\u00e9rstaka b\u00fadd\u00edska hlutverk hennar.<\/p><p>V\u00edsindalega er h\u00fan fyrst og fremst \u00e1hugaver\u00f0 sem d\u00e6mi: h\u00fan s\u00fdnir hvernig <span class=\"iwg-fachbegriff\" data-tooltip=\"Vera sem er tilbe\u00f0in sem gu\u00f0leg innan tr\u00faarbrag\u00f0a.\" tabindex=\"0\">gu\u00f0d\u00f3mur<\/span> gat um aldir b\u00e6\u00f0i veri\u00f0 helgisi\u00f0alega fastm\u00f3ta\u00f0ur og p\u00f3lit\u00edskt n\u00fdttur. Opnar spurningar sn\u00faast a\u00f0allega um n\u00e1kv\u00e6ma t\u00edmasetningu bindingar hennar vi\u00f0 Gelug-sk\u00f3lann og samband milli hinna \u00fdmsu sv\u00e6\u00f0isbundnu forma tilbei\u00f0slu hennar, sem hinga\u00f0 til hafa a\u00f0eins veri\u00f0 a\u00f0 hluta ranns\u00f6ku\u00f0.<\/p>\t\t\t\t\t\t\t\t<\/div>\n\t\t\t\t<\/div>\n\t\t\t\t\t<\/div>\n\t\t\t\t<\/div>\n\t\t<div class=\"elementor-element elementor-element-36dd7469 e-flex e-con-boxed e-con e-parent\" data-id=\"36dd7469\" data-element_type=\"container\" data-e-type=\"container\">\n\t\t\t\t\t<div class=\"e-con-inner\">\n\t\t\t\t<div class=\"elementor-element elementor-element-13760ab4 elementor-widget elementor-widget-heading\" data-id=\"13760ab4\" data-element_type=\"widget\" data-e-type=\"widget\" data-widget_type=\"heading.default\">\n\t\t\t\t\t<h3 class=\"elementor-heading-title elementor-size-default\">\u00cdtarefni og tenglar<\/h3>\t\t\t\t<\/div>\n\t\t<div class=\"elementor-element elementor-element-28c87796 e-con-full e-flex e-con e-child\" data-id=\"28c87796\" data-element_type=\"container\" data-e-type=\"container\">\n\t\t\t\t<div class=\"elementor-element elementor-element-5d6538df elementor-widget elementor-widget-text-editor\" data-id=\"5d6538df\" data-element_type=\"widget\" data-e-type=\"widget\" data-widget_type=\"text-editor.default\">\n\t\t\t\t\t\t\t\t\t<ul><li><a href=\"https:\/\/iwell-guard.com\/is\/?page_id=168780\">Mahakala, karlkyns hli\u00f0st\u00e6tt par<\/a><\/li><li><a href=\"https:\/\/iwell-guard.com\/is\/?page_id=168767\">K\u00e2l\u00ee, hind\u00fa\u00edsk r\u00f3t<\/a><\/li><li><a href=\"https:\/\/iwell-guard.com\/is\/?page_id=168771\">Durga, tengd str\u00ed\u00f0sgy\u00f0ja<\/a><\/li><li><a href=\"https:\/\/iwell-guard.com\/is\/?page_id=168782\">Ekajati, tengd t\u00edbetsk verndargy\u00f0ja<\/a><\/li><li><a href=\"https:\/\/iwell-guard.com\/is\/?page_id=168783\">Pehar, tengdur verndargu\u00f0<\/a><\/li><li><a href=\"https:\/\/iwell-guard.com\/is\/?page_id=168642\">B\u00faddismi, yfirlit yfir go\u00f0aheim<\/a><\/li><li><a href=\"https:\/\/iwell-guard.com\/is\/?page_id=168707\">\u00c6\u00f0ri gu\u00f0d\u00f3mar, undirflokkur<\/a><\/li><\/ul>\t\t\t\t\t\t\t\t<\/div>\n\t\t\t\t<\/div>\n\t\t\t\t\t<\/div>\n\t\t\t\t<\/div>\n\t\t<div class=\"elementor-element elementor-element-grl4kl40 e-flex e-con-boxed e-con e-parent\" data-id=\"grl4kl40\" data-element_type=\"container\" data-e-type=\"container\">\n\t\t\t\t\t<div class=\"e-con-inner\">\n\t\t\t\t<div class=\"elementor-element elementor-element-bzsbfrmh elementor-widget elementor-widget-heading\" data-id=\"bzsbfrmh\" data-element_type=\"widget\" data-e-type=\"widget\" data-widget_type=\"heading.default\">\n\t\t\t\t\t<h2 class=\"elementor-heading-title elementor-size-default\">Heimildir (\u00farval)<\/h2>\t\t\t\t<\/div>\n\t\t<div class=\"elementor-element elementor-element-2c13224a e-con-full e-flex e-con e-child\" data-id=\"2c13224a\" data-element_type=\"container\" data-e-type=\"container\">\n\t\t\t\t<div class=\"elementor-element elementor-element-0eymh9ub elementor-widget elementor-widget-text-editor\" data-id=\"0eymh9ub\" data-element_type=\"widget\" data-e-type=\"widget\" data-widget_type=\"text-editor.default\">\n\t\t\t\t\t\t\t\t\t<footer class=\"iwg-literatur\" data-nosnippet=\"true\"><ul><li><span data-nosnippet>Beer, Robert: <em>The Encyclopedia of Tibetan Symbols and Motifs<\/em>. Boston 1999.<\/span><\/li><li><span data-nosnippet>Cabez&oacute;n, Jos&eacute; Ignacio (Hg.): <em>Tibetan <span class=\"iwg-fachbegriff\" data-tooltip=\"Fastm\u00f3tu\u00f0 atbur\u00f0ar\u00f6\u00f0 t\u00e1knr\u00e6nna athafna me\u00f0 tr\u00faarlega e\u00f0a menningarlega merkingu.\" tabindex=\"0\">Ritual<\/span><\/em>. Oxford 2010.<\/span><\/li><li>Walde, Christine (Hg.): <em>Der Neue Pauly<\/em> (uppsl\u00e1ttaror\u00f0 &bdquo;P&auml;lden Lhamo&ldquo;).<\/li><\/ul><\/footer>\n<p class=\"iwg-bib-more\"><span data-nosnippet>Fleiri grunnrit \u00ed <a href=\"https:\/\/iwell-guard.com\/is\/?page_id=168730\">heimildaskr\u00e1nni<\/a>.<\/span><\/p>\t\t\t\t\t\t\t\t<\/div>\n\t\t\t\t<\/div>\n\t\t\t\t\t<\/div>\n\t\t\t\t<\/div>\n\t\t<div class=\"elementor-element elementor-element-1ccefe0 e-con-boxed e-flex e-con e-parent\" data-id=\"1ccefe0\" data-element_type=\"container\" data-e-type=\"container\">\n\t\t\t\t\t<div class=\"e-con-inner\">\n\t\t\t\t<div class=\"elementor-element elementor-element-35d4573 elementor-widget elementor-widget-text-editor\" data-id=\"35d4573\" data-element_type=\"widget\" data-e-type=\"widget\" data-widget_type=\"text-editor.default\">\n\t\t\t\t\t\t\t\t\t\n<h2>Algengar spurningar um Palden Lhamo<\/h2>\n<div class=\"iwg-faq-q\"><h3>Hver er Palden Lhamo \u00ed t\u00edbetskum b\u00faddisma?<\/h3><p>Palden Lhamo (t\u00edbetska, hin d\u00fdr\u00f0lega gy\u00f0ja, sanskr\u00edt Shri Devi) er mikilv\u00e6gasta kvenlega verndargo\u00f0i\u00f0 \u00ed t\u00edbetskum b\u00faddisma og eina kvenkyns f\u00edg\u00faran me\u00f0al hinna miklu dharmapala.<\/p><p>H\u00fan er s\u00fdnd \u00ed \u00f3gnvekjandi mynd: d\u00f6kkbl\u00e1, r\u00ed\u00f0andi m\u00falasna sem va\u00f0ar gegnum bl\u00f3\u00f0haf, me\u00f0 hnakk ger\u00f0an \u00far fleginni h\u00fa\u00f0 eigin sonar hennar. \u00deessi harkalega myndhverfing er t\u00e1knr\u00e6n og stendur fyrir hinn \u00f3v\u00e6gna kraft sem ey\u00f0ir hindrunum \u00e1 veginum til upplj\u00f3munar.<\/p><\/div>\n<div class=\"iwg-faq-q\"><h3>Hva\u00f0a \u00fe\u00fd\u00f0ingu hefur Palden Lhamo fyrir Lhasa og Dalai Lama?<\/h3><p>Palden Lhamo er talin s\u00e9rst\u00f6k verndargy\u00f0ja borgarinnar Lhasa og Dalai Lama, auk allrar Gelug-sk\u00f3lans.<\/p><p><span data-nosnippet>Vatni\u00f0 Lhamo Latso, um 150 k\u00edl\u00f3metra su\u00f0austur af Lhasa, er tali\u00f0 a\u00f0setur hennar og v\u00e9fr\u00e9ttarvatn: \u00c1 vatnsyfirbor\u00f0inu sj\u00e1st sag\u00f0ar s\u00fdnir sem me\u00f0al annars eru nota\u00f0ar vi\u00f0 leitina a\u00f0 endurf\u00e6\u00f0ingu l\u00e1tins Dalai Lama. \u00deannig kom vatni\u00f0 vi\u00f0 s\u00f6gu \u00feegar 14. Dalai Lama fannst \u00e1ri\u00f0 1935.<\/span><\/p><\/div>\n<script type=\"application\/ld+json\">{\"@context\":\"https:\/\/schema.org\",\"@type\":\"FAQPage\",\"mainEntity\":[{\"@type\":\"Question\",\"name\":\"Hver er Palden Lhamo \u00ed t\u00edbetskum b\u00faddisma?\",\"acceptedAnswer\":{\"@type\":\"Answer\",\"text\":\"Palden Lhamo (t\u00edbetska, hin d\u00fdr\u00f0lega gy\u00f0ja, sanskr\u00edt Shri Devi) er mikilv\u00e6gasta kvenlega verndargo\u00f0i\u00f0 \u00ed t\u00edbetskum b\u00faddisma og eina kvenkyns f\u00edg\u00faran me\u00f0al hinna miklu dharmapala. H\u00fan er s\u00fdnd \u00ed \u00f3gnvekjandi mynd: d\u00f6kkbl\u00e1, r\u00ed\u00f0andi m\u00falasna sem va\u00f0ar gegnum bl\u00f3\u00f0haf, me\u00f0 hnakk ger\u00f0an \u00far fleginni h\u00fa\u00f0 eigin sonar hennar. \u00deessi harkalega myndhverfing er t\u00e1knr\u00e6n og stendur fyrir hinn \u00f3v\u00e6gna kraft sem ey\u00f0ir hindrunum \u00e1 veginum til upplj\u00f3munar.\"}},{\"@type\":\"Question\",\"name\":\"Hva\u00f0a \u00fe\u00fd\u00f0ingu hefur Palden Lhamo fyrir Lhasa og Dalai Lama?\",\"acceptedAnswer\":{\"@type\":\"Answer\",\"text\":\"Palden Lhamo er talin s\u00e9rst\u00f6k verndargy\u00f0ja borgarinnar Lhasa og Dalai Lama, auk allrar Gelug-sk\u00f3lans. Vatni\u00f0 Lhamo Latso, um 150 k\u00edl\u00f3metra su\u00f0austur af Lhasa, er tali\u00f0 a\u00f0setur hennar og v\u00e9fr\u00e9ttarvatn: \u00c1 vatnsyfirbor\u00f0inu sj\u00e1st sag\u00f0ar s\u00fdnir sem me\u00f0al annars eru nota\u00f0ar vi\u00f0 leitina a\u00f0 endurf\u00e6\u00f0ingu l\u00e1tins Dalai Lama. \u00deannig kom vatni\u00f0 vi\u00f0 s\u00f6gu \u00feegar 14. Dalai Lama fannst \u00e1ri\u00f0 1935.\"}}]}<\/script>\t\t\t\t\t\t\t\t<\/div>\n\t\t\t\t\t<\/div>\n\t\t\t\t<\/div>\n\t\t\t\t<\/div>\n\t\t","protected":false},"excerpt":{"rendered":"","protected":false},"author":3,"featured_media":1768,"parent":0,"menu_order":0,"comment_status":"closed","ping_status":"closed","template":"elementor_header_footer","meta":{"_yoast_wpseo_focuskw":"Palden Lhamo","_yoast_wpseo_title":"Palden Lhamo \u2013 rei\u00f0ileg verndargy\u00f0ja T\u00edbets","_yoast_wpseo_metadesc":"Palden Lhamo, eina kvenkyns verndargo\u00f0i\u00f0 \u00ed t\u00edbetska go\u00f0aheiminum. \u00d3gurleg rei\u00f0kona sem verndari Lhasa og Dharma-kenningarinnar.","_yoast_wpseo_meta-robots-noindex":"","_yoast_wpseo_canonical":"","_angie_page":false,"gefaehrdungsstufe":"2","wesen_kultur":"tibet","wesen_klasse":"goetter","footnotes":""},"categories":[],"class_list":["post-168778","page","type-page","status-publish","has-post-thumbnail","hentry"],"yoast_head":"<!-- This site is optimized with the Yoast SEO Premium plugin v27.7 (Yoast SEO v28.3) - https:\/\/yoast.com\/product\/yoast-seo-premium-wordpress\/ -->\n<title>Palden Lhamo \u2013 rei\u00f0ileg verndargy\u00f0ja T\u00edbets<\/title>\n<meta name=\"description\" content=\"Palden Lhamo, eina kvenkyns verndargo\u00f0i\u00f0 \u00ed t\u00edbetska go\u00f0aheiminum. \u00d3gurleg rei\u00f0kona sem verndari Lhasa og Dharma-kenningarinnar.\" \/>\n<meta name=\"robots\" content=\"index, follow, max-snippet:-1, max-image-preview:large, max-video-preview:-1\" \/>\n<link rel=\"canonical\" href=\"https:\/\/iwell-guard.com\/is\/palden-lhamo\/\" \/>\n<meta property=\"og:locale\" content=\"is_IS\" \/>\n<meta property=\"og:type\" content=\"article\" \/>\n<meta property=\"og:title\" content=\"Palden Lhamo\" \/>\n<meta property=\"og:description\" content=\"Palden Lhamo, eina kvenkyns verndargo\u00f0i\u00f0 \u00ed t\u00edbetska go\u00f0aheiminum. \u00d3gurleg rei\u00f0kona sem verndari Lhasa og Dharma-kenningarinnar.\" \/>\n<meta property=\"og:url\" content=\"https:\/\/iwell-guard.com\/is\/palden-lhamo\/\" \/>\n<meta property=\"og:site_name\" content=\"iWell Guard\" \/>\n<meta property=\"article:modified_time\" content=\"2026-09-05T14:19:12+00:00\" \/>\n<meta property=\"og:image\" content=\"https:\/\/iwell-guard.com\/wp-content\/uploads\/2026\/04\/goetter_tibet_palden-lhamo.webp\" \/>\n\t<meta property=\"og:image:width\" content=\"1024\" \/>\n\t<meta property=\"og:image:height\" content=\"1536\" \/>\n\t<meta property=\"og:image:type\" content=\"image\/webp\" \/>\n<meta name=\"twitter:card\" content=\"summary_large_image\" \/>\n<script type=\"application\/ld+json\" class=\"yoast-schema-graph\">{\"@context\":\"https:\\\/\\\/schema.org\",\"@graph\":[{\"@type\":\"WebPage\",\"@id\":\"https:\\\/\\\/iwell-guard.com\\\/is\\\/palden-lhamo\\\/\",\"url\":\"https:\\\/\\\/iwell-guard.com\\\/is\\\/palden-lhamo\\\/\",\"name\":\"Palden Lhamo \u2013 rei\u00f0ileg verndargy\u00f0ja T\u00edbets\",\"isPartOf\":{\"@id\":\"https:\\\/\\\/iwell-guard.com\\\/is\\\/#website\"},\"primaryImageOfPage\":{\"@id\":\"https:\\\/\\\/iwell-guard.com\\\/is\\\/palden-lhamo\\\/#primaryimage\"},\"image\":{\"@id\":\"https:\\\/\\\/iwell-guard.com\\\/is\\\/palden-lhamo\\\/#primaryimage\"},\"thumbnailUrl\":\"https:\\\/\\\/iwell-guard.com\\\/wp-content\\\/uploads\\\/2026\\\/04\\\/goetter_tibet_palden-lhamo.webp\",\"datePublished\":\"2026-09-05T14:02:54+00:00\",\"dateModified\":\"2026-09-05T14:19:12+00:00\",\"description\":\"Palden Lhamo, eina kvenkyns verndargo\u00f0i\u00f0 \u00ed t\u00edbetska go\u00f0aheiminum. \u00d3gurleg rei\u00f0kona sem verndari Lhasa og Dharma-kenningarinnar.\",\"breadcrumb\":{\"@id\":\"https:\\\/\\\/iwell-guard.com\\\/is\\\/palden-lhamo\\\/#breadcrumb\"},\"inLanguage\":\"is\",\"potentialAction\":[{\"@type\":\"ReadAction\",\"target\":[\"https:\\\/\\\/iwell-guard.com\\\/is\\\/palden-lhamo\\\/\"]}]},{\"@type\":\"ImageObject\",\"inLanguage\":\"is\",\"@id\":\"https:\\\/\\\/iwell-guard.com\\\/is\\\/palden-lhamo\\\/#primaryimage\",\"url\":\"https:\\\/\\\/iwell-guard.com\\\/wp-content\\\/uploads\\\/2026\\\/04\\\/goetter_tibet_palden-lhamo.webp\",\"contentUrl\":\"https:\\\/\\\/iwell-guard.com\\\/wp-content\\\/uploads\\\/2026\\\/04\\\/goetter_tibet_palden-lhamo.webp\",\"width\":1024,\"height\":1536,\"caption\":\"Gu\u00f0ir \u00far T\u00edbet-hef\u00f0inni.\"},{\"@type\":\"BreadcrumbList\",\"@id\":\"https:\\\/\\\/iwell-guard.com\\\/is\\\/palden-lhamo\\\/#breadcrumb\",\"itemListElement\":[{\"@type\":\"ListItem\",\"position\":1,\"name\":\"Start\",\"item\":\"https:\\\/\\\/iwell-guard.com\\\/is\\\/?page_id=168580\"},{\"@type\":\"ListItem\",\"position\":2,\"name\":\"Palden Lhamo\"}]},{\"@type\":\"WebSite\",\"@id\":\"https:\\\/\\\/iwell-guard.com\\\/is\\\/#website\",\"url\":\"https:\\\/\\\/iwell-guard.com\\\/is\\\/\",\"name\":\"iWell Guard\",\"description\":\"Schutz vor dunklen Einfl\u00fcssen\",\"publisher\":{\"@id\":\"https:\\\/\\\/iwell-guard.com\\\/is\\\/#organization\"},\"potentialAction\":[{\"@type\":\"SearchAction\",\"target\":{\"@type\":\"EntryPoint\",\"urlTemplate\":\"https:\\\/\\\/iwell-guard.com\\\/is\\\/?s={search_term_string}\"},\"query-input\":{\"@type\":\"PropertyValueSpecification\",\"valueRequired\":true,\"valueName\":\"search_term_string\"}}],\"inLanguage\":\"is\"},{\"@type\":\"Organization\",\"@id\":\"https:\\\/\\\/iwell-guard.com\\\/is\\\/#organization\",\"name\":\"Ittermann electronic GmbH\",\"url\":\"https:\\\/\\\/iwell-guard.com\\\/is\\\/\",\"logo\":{\"@type\":\"ImageObject\",\"inLanguage\":\"is\",\"@id\":\"https:\\\/\\\/iwell-guard.com\\\/is\\\/#\\\/schema\\\/logo\\\/image\\\/\",\"url\":\"https:\\\/\\\/iwell-guard.com\\\/wp-content\\\/uploads\\\/2026\\\/05\\\/Ittermann-Logo-1182x237-1.png\",\"contentUrl\":\"https:\\\/\\\/iwell-guard.com\\\/wp-content\\\/uploads\\\/2026\\\/05\\\/Ittermann-Logo-1182x237-1.png\",\"width\":1182,\"height\":237,\"caption\":\"Ittermann electronic GmbH\"},\"image\":{\"@id\":\"https:\\\/\\\/iwell-guard.com\\\/is\\\/#\\\/schema\\\/logo\\\/image\\\/\"},\"sameAs\":[\"https:\\\/\\\/pantip.com\\\/profile\\\/9367242\",\"https:\\\/\\\/micro.blog\\\/iwellguard\",\"https:\\\/\\\/www.diggerslist.com\\\/iwellguard\\\/about\",\"https:\\\/\\\/skitterphoto.com\\\/photographers\\\/2870314\\\/iwell-guard\",\"https:\\\/\\\/iwellguard.wordpress.com\\\/2026\\\/06\\\/06\\\/iwell-guard\\\/\",\"https:\\\/\\\/hub.docker.com\\\/u\\\/iwellguard\",\"https:\\\/\\\/www.pinterest.com\\\/iwellguard\\\/\",\"https:\\\/\\\/bit.ly\\\/m\\\/iwellguard\",\"https:\\\/\\\/entre-vos-mains.alsace.eu\\\/profiles\\\/iwellguard\\\/activity\",\"https:\\\/\\\/gravatar.com\\\/reallybeded8fd34\",\"https:\\\/\\\/naijamatta.com\\\/iwellguard\",\"https:\\\/\\\/www.goodreads.com\\\/iwellguard\",\"https:\\\/\\\/profile.hatena.ne.jp\\\/iwellguard\\\/\",\"https:\\\/\\\/experiment.com\\\/users\\\/iwellguard\",\"https:\\\/\\\/wakelet.com\\\/@iWellGuard82270\",\"https:\\\/\\\/www.chordie.com\\\/forum\\\/profile.php?id=2555664\",\"https:\\\/\\\/www.instapaper.com\\\/p\\\/17757966\",\"https:\\\/\\\/www.mapleprimes.com\\\/users\\\/iwellguard\",\"https:\\\/\\\/businesslistingplus.com\\\/profile\\\/iwell-guard\\\/\",\"https:\\\/\\\/telegra.ph\\\/iWell-Guard-06-06\",\"https:\\\/\\\/pbase.com\\\/iwellguard\\\/iwellguard\",\"https:\\\/\\\/b.hatena.ne.jp\\\/iwellguard\\\/20260607#bookmark-4788405196491818882\",\"https:\\\/\\\/fliphtml5.com\\\/home\\\/iwellguard\",\"https:\\\/\\\/anyflip.com\\\/homepage\\\/cmiwl#About\",\"https:\\\/\\\/transfur.com\\\/Users\\\/iwellguard\",\"http:\\\/\\\/delphi.larsbo.org\\\/user\\\/iwellguard\",\"https:\\\/\\\/jobs.lajobsportal.org\\\/profiles\\\/8380803-iwell-guard\",\"https:\\\/\\\/md.chaosdorf.de\\\/s\\\/jfbe5SBdJD\",\"https:\\\/\\\/www.lingvolive.com\\\/en-us\\\/profile\\\/9ecaeaca-ce11-4e51-9e71-01d55e2bff36\\\/translations\",\"https:\\\/\\\/www.fitday.com\\\/fitness\\\/forums\\\/members\\\/iwellguard.html\",\"https:\\\/\\\/www.mymeetbook.com\\\/iwellguard\",\"https:\\\/\\\/pxhere.com\\\/en\\\/photographer-me\\\/5040798\",\"https:\\\/\\\/disqus.com\\\/by\\\/iwellguard\\\/about\\\/\",\"https:\\\/\\\/pastelink.net\\\/hjwciqwq\",\"https:\\\/\\\/pubhtml5.com\\\/homepage\\\/scjhn\\\/\",\"https:\\\/\\\/www.bitchute.com\\\/channel\\\/2O2eOKzNqujT\",\"https:\\\/\\\/audiomack.com\\\/iwellguard\"]},{\"@type\":\"Article\",\"@id\":\"https:\\\/\\\/iwell-guard.com\\\/is\\\/palden-lhamo\\\/#article\",\"isPartOf\":{\"@id\":\"https:\\\/\\\/iwell-guard.com\\\/is\\\/palden-lhamo\\\/\"},\"author\":{\"name\":\"Ralf Ittermann\",\"@id\":\"https:\\\/\\\/iwell-guard.com\\\/is\\\/#\\\/schema\\\/person\\\/ee2a27f1cac3406c7c6fb5820cb7349f\"},\"headline\":\"Palden Lhamo\",\"datePublished\":\"2026-09-05T14:02:54+00:00\",\"dateModified\":\"2026-09-05T14:19:12+00:00\",\"mainEntityOfPage\":{\"@id\":\"https:\\\/\\\/iwell-guard.com\\\/is\\\/palden-lhamo\\\/\"},\"publisher\":{\"@id\":\"https:\\\/\\\/iwell-guard.com\\\/is\\\/#organization\"},\"image\":{\"@id\":\"https:\\\/\\\/iwell-guard.com\\\/is\\\/palden-lhamo\\\/#primaryimage\"},\"thumbnailUrl\":\"https:\\\/\\\/iwell-guard.com\\\/wp-content\\\/uploads\\\/2026\\\/04\\\/goetter_tibet_palden-lhamo.webp\",\"inLanguage\":\"is\",\"description\":\"Palden Lhamo, eina kvenkyns verndargo\u00f0i\u00f0 \u00ed t\u00edbetska go\u00f0aheiminum. \u00d3gurleg rei\u00f0kona sem verndari Lhasa og Dharma-kenningarinnar.\"}]}<\/script>\n<!-- \/ Yoast SEO Premium plugin. -->","yoast_head_json":{"title":"Palden Lhamo \u2013 rei\u00f0ileg verndargy\u00f0ja T\u00edbets","description":"Palden Lhamo, eina kvenkyns verndargo\u00f0i\u00f0 \u00ed t\u00edbetska go\u00f0aheiminum. \u00d3gurleg rei\u00f0kona sem verndari Lhasa og Dharma-kenningarinnar.","robots":{"index":"index","follow":"follow","max-snippet":"max-snippet:-1","max-image-preview":"max-image-preview:large","max-video-preview":"max-video-preview:-1"},"canonical":"https:\/\/iwell-guard.com\/is\/palden-lhamo\/","og_locale":"is_IS","og_type":"article","og_title":"Palden Lhamo","og_description":"Palden Lhamo, eina kvenkyns verndargo\u00f0i\u00f0 \u00ed t\u00edbetska go\u00f0aheiminum. \u00d3gurleg rei\u00f0kona sem verndari Lhasa og Dharma-kenningarinnar.","og_url":"https:\/\/iwell-guard.com\/is\/palden-lhamo\/","og_site_name":"iWell Guard","article_modified_time":"2026-09-05T14:19:12+00:00","og_image":[{"width":1024,"height":1536,"url":"https:\/\/iwell-guard.com\/wp-content\/uploads\/2026\/04\/goetter_tibet_palden-lhamo.webp","type":"image\/webp"}],"twitter_card":"summary_large_image","schema":{"@context":"https:\/\/schema.org","@graph":[{"@type":"Article","@id":"https:\/\/iwell-guard.com\/is\/palden-lhamo\/#article","isPartOf":{"@id":"https:\/\/iwell-guard.com\/is\/palden-lhamo\/"},"author":{"name":"Ralf Ittermann","@id":"https:\/\/iwell-guard.com\/is\/#\/schema\/person\/ee2a27f1cac3406c7c6fb5820cb7349f"},"headline":"Palden Lhamo","datePublished":"2026-09-05T14:02:54+00:00","dateModified":"2026-09-05T14:19:12+00:00","mainEntityOfPage":{"@id":"https:\/\/iwell-guard.com\/is\/palden-lhamo\/"},"publisher":{"@id":"https:\/\/iwell-guard.com\/is\/#organization"},"image":{"@id":"https:\/\/iwell-guard.com\/is\/palden-lhamo\/#primaryimage"},"thumbnailUrl":"https:\/\/iwell-guard.com\/wp-content\/uploads\/2026\/04\/goetter_tibet_palden-lhamo.webp","inLanguage":"is","description":"Palden Lhamo, eina kvenkyns verndargo\u00f0i\u00f0 \u00ed t\u00edbetska go\u00f0aheiminum. \u00d3gurleg rei\u00f0kona sem verndari Lhasa og Dharma-kenningarinnar."},{"@type":"WebPage","@id":"https:\/\/iwell-guard.com\/is\/palden-lhamo\/","url":"https:\/\/iwell-guard.com\/is\/palden-lhamo\/","name":"Palden Lhamo \u2013 rei\u00f0ileg verndargy\u00f0ja T\u00edbets","isPartOf":{"@id":"https:\/\/iwell-guard.com\/is\/#website"},"primaryImageOfPage":{"@id":"https:\/\/iwell-guard.com\/is\/palden-lhamo\/#primaryimage"},"image":{"@id":"https:\/\/iwell-guard.com\/is\/palden-lhamo\/#primaryimage"},"thumbnailUrl":"https:\/\/iwell-guard.com\/wp-content\/uploads\/2026\/04\/goetter_tibet_palden-lhamo.webp","datePublished":"2026-09-05T14:02:54+00:00","dateModified":"2026-09-05T14:19:12+00:00","description":"Palden Lhamo, eina kvenkyns verndargo\u00f0i\u00f0 \u00ed t\u00edbetska go\u00f0aheiminum. \u00d3gurleg rei\u00f0kona sem verndari Lhasa og Dharma-kenningarinnar.","breadcrumb":{"@id":"https:\/\/iwell-guard.com\/is\/palden-lhamo\/#breadcrumb"},"inLanguage":"is","potentialAction":[{"@type":"ReadAction","target":["https:\/\/iwell-guard.com\/is\/palden-lhamo\/"]}]},{"@type":"ImageObject","inLanguage":"is","@id":"https:\/\/iwell-guard.com\/is\/palden-lhamo\/#primaryimage","url":"https:\/\/iwell-guard.com\/wp-content\/uploads\/2026\/04\/goetter_tibet_palden-lhamo.webp","contentUrl":"https:\/\/iwell-guard.com\/wp-content\/uploads\/2026\/04\/goetter_tibet_palden-lhamo.webp","width":1024,"height":1536,"caption":"Gu\u00f0ir \u00far T\u00edbet-hef\u00f0inni."},{"@type":"BreadcrumbList","@id":"https:\/\/iwell-guard.com\/is\/palden-lhamo\/#breadcrumb","itemListElement":[{"@type":"ListItem","position":1,"name":"Start","item":"https:\/\/iwell-guard.com\/is\/?page_id=168580"},{"@type":"ListItem","position":2,"name":"Palden Lhamo"}]},{"@type":"WebSite","@id":"https:\/\/iwell-guard.com\/is\/#website","url":"https:\/\/iwell-guard.com\/is\/","name":"iWell Guard","description":"Schutz vor dunklen Einfl\u00fcssen","publisher":{"@id":"https:\/\/iwell-guard.com\/is\/#organization"},"potentialAction":[{"@type":"SearchAction","target":{"@type":"EntryPoint","urlTemplate":"https:\/\/iwell-guard.com\/is\/?s={search_term_string}"},"query-input":{"@type":"PropertyValueSpecification","valueRequired":true,"valueName":"search_term_string"}}],"inLanguage":"is"},{"@type":"Organization","@id":"https:\/\/iwell-guard.com\/is\/#organization","name":"Ittermann electronic GmbH","url":"https:\/\/iwell-guard.com\/is\/","logo":{"@type":"ImageObject","inLanguage":"is","@id":"https:\/\/iwell-guard.com\/is\/#\/schema\/logo\/image\/","url":"https:\/\/iwell-guard.com\/wp-content\/uploads\/2026\/05\/Ittermann-Logo-1182x237-1.png","contentUrl":"https:\/\/iwell-guard.com\/wp-content\/uploads\/2026\/05\/Ittermann-Logo-1182x237-1.png","width":1182,"height":237,"caption":"Ittermann electronic GmbH"},"image":{"@id":"https:\/\/iwell-guard.com\/is\/#\/schema\/logo\/image\/"},"sameAs":["https:\/\/pantip.com\/profile\/9367242","https:\/\/micro.blog\/iwellguard","https:\/\/www.diggerslist.com\/iwellguard\/about","https:\/\/skitterphoto.com\/photographers\/2870314\/iwell-guard","https:\/\/iwellguard.wordpress.com\/2026\/06\/06\/iwell-guard\/","https:\/\/hub.docker.com\/u\/iwellguard","https:\/\/www.pinterest.com\/iwellguard\/","https:\/\/bit.ly\/m\/iwellguard","https:\/\/entre-vos-mains.alsace.eu\/profiles\/iwellguard\/activity","https:\/\/gravatar.com\/reallybeded8fd34","https:\/\/naijamatta.com\/iwellguard","https:\/\/www.goodreads.com\/iwellguard","https:\/\/profile.hatena.ne.jp\/iwellguard\/","https:\/\/experiment.com\/users\/iwellguard","https:\/\/wakelet.com\/@iWellGuard82270","https:\/\/www.chordie.com\/forum\/profile.php?id=2555664","https:\/\/www.instapaper.com\/p\/17757966","https:\/\/www.mapleprimes.com\/users\/iwellguard","https:\/\/businesslistingplus.com\/profile\/iwell-guard\/","https:\/\/telegra.ph\/iWell-Guard-06-06","https:\/\/pbase.com\/iwellguard\/iwellguard","https:\/\/b.hatena.ne.jp\/iwellguard\/20260607#bookmark-4788405196491818882","https:\/\/fliphtml5.com\/home\/iwellguard","https:\/\/anyflip.com\/homepage\/cmiwl#About","https:\/\/transfur.com\/Users\/iwellguard","http:\/\/delphi.larsbo.org\/user\/iwellguard","https:\/\/jobs.lajobsportal.org\/profiles\/8380803-iwell-guard","https:\/\/md.chaosdorf.de\/s\/jfbe5SBdJD","https:\/\/www.lingvolive.com\/en-us\/profile\/9ecaeaca-ce11-4e51-9e71-01d55e2bff36\/translations","https:\/\/www.fitday.com\/fitness\/forums\/members\/iwellguard.html","https:\/\/www.mymeetbook.com\/iwellguard","https:\/\/pxhere.com\/en\/photographer-me\/5040798","https:\/\/disqus.com\/by\/iwellguard\/about\/","https:\/\/pastelink.net\/hjwciqwq","https:\/\/pubhtml5.com\/homepage\/scjhn\/","https:\/\/www.bitchute.com\/channel\/2O2eOKzNqujT","https:\/\/audiomack.com\/iwellguard"]},{"@type":"Person","@id":"https:\/\/iwell-guard.com\/is\/#\/schema\/person\/ee2a27f1cac3406c7c6fb5820cb7349f","name":"Ralf Ittermann","image":{"@type":"ImageObject","inLanguage":"is","@id":"https:\/\/secure.gravatar.com\/avatar\/073c0153e350a5005b68eb752b445fea71f6b24a26da9449ad7e155e6b446c9d?s=96&d=mm&r=g","url":"https:\/\/secure.gravatar.com\/avatar\/073c0153e350a5005b68eb752b445fea71f6b24a26da9449ad7e155e6b446c9d?s=96&d=mm&r=g","contentUrl":"https:\/\/secure.gravatar.com\/avatar\/073c0153e350a5005b68eb752b445fea71f6b24a26da9449ad7e155e6b446c9d?s=96&d=mm&r=g","caption":"Ralf Ittermann"},"givenName":"Ralf","familyName":"Ittermann","jobTitle":"Gesch\u00e4ftsf\u00fchrer und redaktioneller Verantwortlicher","url":"https:\/\/iwell-guard.com\/is\/author\/claude\/","description":"Ralf Ittermann ist Gesch\u00e4ftsf\u00fchrer der Ittermann electronic GmbH und redaktioneller Verantwortlicher des iWell-Guard-Lexikons. Er verbindet langj\u00e4hrige Erfahrung in der Pr\u00e4zisionsfertigung mit medialer Praxis und religionsgeschichtlicher Quellenarbeit.","worksFor":{"@type":"Organization","name":"Ittermann electronic GmbH","url":"https:\/\/ittermann.de\/","address":{"@type":"PostalAddress","streetAddress":"K\u00f6hlergasse 16-18","postalCode":"99842","addressLocality":"Ruhla","addressCountry":"DE"}},"knowsAbout":["Religionsgeschichte","Mythologie","Mediale Praxis","Energetische Diagnostik","Schutzpraxis","Volksglauben","Westliche Esoterik"]},{"@type":"Article","@id":"https:\/\/iwell-guard.com\/is\/palden-lhamo\/#article","isPartOf":{"@id":"https:\/\/iwell-guard.com\/is\/palden-lhamo\/"},"author":{"name":"Ralf Ittermann","@id":"https:\/\/iwell-guard.com\/is\/#\/schema\/person\/ee2a27f1cac3406c7c6fb5820cb7349f"},"headline":"Palden Lhamo","datePublished":"2026-09-05T14:02:54+00:00","dateModified":"2026-09-05T14:19:12+00:00","mainEntityOfPage":{"@id":"https:\/\/iwell-guard.com\/is\/palden-lhamo\/"},"publisher":{"@id":"https:\/\/iwell-guard.com\/is\/#organization"},"image":{"@id":"https:\/\/iwell-guard.com\/is\/palden-lhamo\/#primaryimage"},"thumbnailUrl":"https:\/\/iwell-guard.com\/wp-content\/uploads\/2026\/04\/goetter_tibet_palden-lhamo.webp","inLanguage":"is","description":"Palden Lhamo, eina kvenkyns verndargo\u00f0i\u00f0 \u00ed t\u00edbetska go\u00f0aheiminum. \u00d3gurleg rei\u00f0kona sem verndari Lhasa og Dharma-kenningarinnar."}]}},"_links":{"self":[{"href":"https:\/\/iwell-guard.com\/is\/wp-json\/wp\/v2\/pages\/168778","targetHints":{"allow":["GET"]}}],"collection":[{"href":"https:\/\/iwell-guard.com\/is\/wp-json\/wp\/v2\/pages"}],"about":[{"href":"https:\/\/iwell-guard.com\/is\/wp-json\/wp\/v2\/types\/page"}],"author":[{"embeddable":true,"href":"https:\/\/iwell-guard.com\/is\/wp-json\/wp\/v2\/users\/3"}],"replies":[{"embeddable":true,"href":"https:\/\/iwell-guard.com\/is\/wp-json\/wp\/v2\/comments?post=168778"}],"version-history":[{"count":0,"href":"https:\/\/iwell-guard.com\/is\/wp-json\/wp\/v2\/pages\/168778\/revisions"}],"wp:featuredmedia":[{"embeddable":true,"href":"https:\/\/iwell-guard.com\/is\/wp-json\/wp\/v2\/media\/1768"}],"wp:attachment":[{"href":"https:\/\/iwell-guard.com\/is\/wp-json\/wp\/v2\/media?parent=168778"}],"wp:term":[{"taxonomy":"category","embeddable":true,"href":"https:\/\/iwell-guard.com\/is\/wp-json\/wp\/v2\/categories?post=168778"}],"curies":[{"name":"wp","href":"https:\/\/api.w.org\/{rel}","templated":true}]}}