{"id":168773,"date":"2026-09-05T14:02:52","date_gmt":"2026-09-05T14:02:52","guid":{"rendered":"https:\/\/iwell-guard.com\/?page_id=168773"},"modified":"2026-09-05T14:19:04","modified_gmt":"2026-09-05T14:19:04","slug":"enma-o","status":"publish","type":"page","link":"https:\/\/iwell-guard.com\/is\/enma-o\/","title":{"rendered":"Enma-o"},"content":{"rendered":"\t\t<div data-elementor-type=\"wp-page\" data-elementor-id=\"168773\" class=\"elementor elementor-168773 elementor-2006 elementor-bc-flex-widget\" data-elementor-post-type=\"page\">\n\t\t\t\t<div class=\"elementor-element elementor-element-10fdade e-flex e-con-boxed e-con e-parent\" data-id=\"10fdade\" data-element_type=\"container\" data-e-type=\"container\" data-settings=\"{&quot;background_background&quot;:&quot;classic&quot;}\">\n\t\t\t\t\t<div class=\"e-con-inner\">\n\t\t<div class=\"elementor-element elementor-element-herohlft0 e-flex e-con-boxed e-con e-child\" data-id=\"herohlft0\" data-element_type=\"container\" data-e-type=\"container\">\n\t\t\t\t\t<div class=\"e-con-inner\">\n\t\t<div class=\"elementor-element elementor-element-c3ceb64 e-con-full e-flex e-con e-child\" data-id=\"c3ceb64\" data-element_type=\"container\" data-e-type=\"container\">\n\t\t\t\t<div class=\"elementor-element elementor-element-96ae5e1 elementor-widget elementor-widget-heading\" data-id=\"96ae5e1\" data-element_type=\"widget\" data-e-type=\"widget\" data-widget_type=\"heading.default\">\n\t\t\t\t\t<h1 class=\"elementor-heading-title elementor-size-default\">Enma O, d\u00f3mari hinna ford\u00e6mdu og stj\u00f3rnandi helv\u00edtis<\/h1>\t\t\t\t<\/div>\n\t\t\t\t<div class=\"elementor-element elementor-element-e45238a elementor-widget elementor-widget-text-editor\" data-id=\"e45238a\" data-element_type=\"widget\" data-e-type=\"widget\" data-widget_type=\"text-editor.default\">\n\t\t\t\t\t\t\t\t\t<p>Enma O er gu\u00f0 \u00far jap\u00f6nskri hef\u00f0.<\/p><p><strong>D\u00f3mari hinna ford\u00e6mdu, stj\u00f3rnandi b\u00fadd\u00edsks helv\u00edtis.<\/strong><\/p>\t\t\t\t\t\t\t\t<\/div>\n\t\t\t\t<\/div>\n\t\t<div class=\"elementor-element elementor-element-klsbdg01 e-con-full e-flex e-con e-parent\" data-id=\"klsbdg01\" data-element_type=\"container\" data-e-type=\"container\">\n\t\t\t\t<div class=\"elementor-element elementor-element-klshtm01 elementor-widget elementor-widget-html\" data-id=\"klshtm01\" data-element_type=\"widget\" data-e-type=\"widget\" data-widget_type=\"html.default\">\n\t\t\t\t\t<div class=\"iwg-pill-row\"><span class=\"iwg-klasse-badge\" tabindex=\"0\" data-tooltip=\"Gu\u00f0 \/ gy\u00f0ja: Pers\u00f3nuger\u00f0ur h\u00e6sta m\u00e1ttur \u00ed go\u00f0aheimi menningar, me\u00f0 sk\u00fdr valdsvi\u00f0, n\u00e1tt\u00faru\u00f6fl, \u00f6rl\u00f6g, str\u00ed\u00f0, frj\u00f3semi. D\u00fdrku\u00f0 me\u00f0 \u00e1tr\u00fana\u00f0i, f\u00f3rnum og hofastofnunum.\">Gu\u00f0<\/span><a href=\"https:\/\/iwell-guard.com\/is\/?page_id=168659\" class=\"iwg-kultur-badge\" tabindex=\"0\" data-tooltip=\"Japanskir Shinto-kami og b\u00fadd\u00edsk-y\u014dkai heimar.\">Japan<\/a><a href=\"https:\/\/iwell-guard.com\/is\/?page_id=168709\" class=\"iwg-tradition-badge\" tabindex=\"0\" data-tooltip=\"Gu\u00f0ir undirheima og dau\u00f0ans, drottnarar handanheimsins, d\u00f3marar hinna d\u00e1nu, lei\u00f0s\u00f6gumenn s\u00e1lna.\">D\u00e1nargu\u00f0<\/a><\/div>\t\t\t\t<\/div>\n\t\t\t\t<\/div>\n\t\t<div class=\"elementor-element elementor-element-3f74855 e-con-full e-flex e-con e-child\" data-id=\"3f74855\" data-element_type=\"container\" data-e-type=\"container\">\n\t\t\t\t<div class=\"elementor-element elementor-element-1c30362 elementor-toc--minimized-on-tablet elementor-widget elementor-widget-table-of-contents\" data-id=\"1c30362\" data-element_type=\"widget\" data-e-type=\"widget\" data-settings=\"{&quot;exclude_headings_by_selector&quot;:[],&quot;no_headings_message&quot;:&quot;Engar undirfyrirsagnir fundust \\u00e1 \\u00feessari s\\u00ed\\u00f0u.&quot;,&quot;headings_by_tags&quot;:[&quot;h2&quot;,&quot;h3&quot;],&quot;marker_view&quot;:&quot;bullets&quot;,&quot;minimize_box&quot;:&quot;yes&quot;,&quot;icon&quot;:{&quot;value&quot;:&quot;fas fa-circle&quot;,&quot;library&quot;:&quot;fa-solid&quot;,&quot;rendered_tag&quot;:&quot;&lt;svg class=\\&quot;e-font-icon-svg e-fas-circle\\&quot; viewBox=\\&quot;0 0 512 512\\&quot; xmlns=\\&quot;http:\\\/\\\/www.w3.org\\\/2000\\\/svg\\&quot;&gt;&lt;path d=\\&quot;M256 8C119 8 8 119 8 256s111 248 248 248 248-111 248-248S393 8 256 8z\\&quot;&gt;&lt;\\\/path&gt;&lt;\\\/svg&gt;&quot;},&quot;minimized_on&quot;:&quot;tablet&quot;,&quot;hierarchical_view&quot;:&quot;yes&quot;,&quot;min_height&quot;:{&quot;unit&quot;:&quot;px&quot;,&quot;size&quot;:&quot;&quot;,&quot;sizes&quot;:[]},&quot;min_height_tablet&quot;:{&quot;unit&quot;:&quot;px&quot;,&quot;size&quot;:&quot;&quot;,&quot;sizes&quot;:[]},&quot;min_height_mobile&quot;:{&quot;unit&quot;:&quot;px&quot;,&quot;size&quot;:&quot;&quot;,&quot;sizes&quot;:[]}}\" data-widget_type=\"table-of-contents.default\">\n\t\t\t\t\t\t\t\t\t<div class=\"elementor-toc__header\">\n\t\t\t\t\t\t<h2 class=\"elementor-toc__header-title\">\n\t\t\t\tEfnisyfirlit\t\t\t<\/h2>\n\t\t\t\t\t\t\t\t\t\t<div class=\"elementor-toc__toggle-button elementor-toc__toggle-button--expand\" role=\"button\" tabindex=\"0\" aria-controls=\"elementor-toc__1c30362\" aria-expanded=\"true\" aria-label=\"Open table of contents\"><svg aria-hidden=\"true\" class=\"e-font-icon-svg e-fas-chevron-down\" viewBox=\"0 0 448 512\" xmlns=\"http:\/\/www.w3.org\/2000\/svg\"><path d=\"M207.029 381.476L12.686 187.132c-9.373-9.373-9.373-24.569 0-33.941l22.667-22.667c9.357-9.357 24.522-9.375 33.901-.04L224 284.505l154.745-154.021c9.379-9.335 24.544-9.317 33.901.04l22.667 22.667c9.373 9.373 9.373 24.569 0 33.941L240.971 381.476c-9.373 9.372-24.569 9.372-33.942 0z\"><\/path><\/svg><\/div>\n\t\t\t\t<div class=\"elementor-toc__toggle-button elementor-toc__toggle-button--collapse\" role=\"button\" tabindex=\"0\" aria-controls=\"elementor-toc__1c30362\" aria-expanded=\"true\" aria-label=\"Close table of contents\"><svg aria-hidden=\"true\" class=\"e-font-icon-svg e-fas-chevron-up\" viewBox=\"0 0 448 512\" xmlns=\"http:\/\/www.w3.org\/2000\/svg\"><path d=\"M240.971 130.524l194.343 194.343c9.373 9.373 9.373 24.569 0 33.941l-22.667 22.667c-9.357 9.357-24.522 9.375-33.901.04L224 227.495 69.255 381.516c-9.379 9.335-24.544 9.317-33.901-.04l-22.667-22.667c-9.373-9.373-9.373-24.569 0-33.941L207.03 130.525c9.372-9.373 24.568-9.373 33.941-.001z\"><\/path><\/svg><\/div>\n\t\t\t\t\t<\/div>\n\t\t\t\t<div id=\"elementor-toc__1c30362\" class=\"elementor-toc__body\">\n\t\t\t<div class=\"elementor-toc__spinner-container\">\n\t\t\t\t<svg class=\"elementor-toc__spinner eicon-animation-spin e-font-icon-svg e-eicon-loading\" aria-hidden=\"true\" viewBox=\"0 0 1000 1000\" xmlns=\"http:\/\/www.w3.org\/2000\/svg\"><path d=\"M500 975V858C696 858 858 696 858 500S696 142 500 142 142 304 142 500H25C25 237 238 25 500 25S975 237 975 500 763 975 500 975Z\"><\/path><\/svg>\t\t\t<\/div>\n\t\t<\/div>\n\t\t\t\t\t\t<\/div>\n\t\t\t\t<\/div>\n\t\t\t\t\t<\/div>\n\t\t\t\t<\/div>\n\t\t<div class=\"elementor-element elementor-element-herorght0 e-con-full e-flex e-con e-child\" data-id=\"herorght0\" data-element_type=\"container\" data-e-type=\"container\">\n\t\t\t\t<div class=\"elementor-element elementor-element-heroimg00 iwg-hero-image elementor-widget elementor-widget-image\" data-id=\"heroimg00\" data-element_type=\"widget\" data-e-type=\"widget\" data-widget_type=\"image.default\">\n\t\t\t\t\t\t\t\t\t\t\t\t\t\t\t<img fetchpriority=\"high\" decoding=\"async\" width=\"683\" height=\"1024\" src=\"https:\/\/iwell-guard.com\/wp-content\/uploads\/2026\/04\/goetter_japan_enma-o-683x1024.webp\" class=\"attachment-large size-large wp-image-170970\" alt=\"Enma \u00d3 - gu\u00f0ir \u00far jap\u00f6nsku hef\u00f0inni, s\u00f6guleg myndskreyting\" srcset=\"https:\/\/iwell-guard.com\/wp-content\/uploads\/2026\/04\/goetter_japan_enma-o-683x1024.webp 683w, https:\/\/iwell-guard.com\/wp-content\/uploads\/2026\/04\/goetter_japan_enma-o-200x300.webp 200w, https:\/\/iwell-guard.com\/wp-content\/uploads\/2026\/04\/goetter_japan_enma-o-768x1152.webp 768w, https:\/\/iwell-guard.com\/wp-content\/uploads\/2026\/04\/goetter_japan_enma-o.webp 1024w\" sizes=\"(max-width: 683px) 100vw, 683px\" \/>\t\t\t\t\t\t\t\t\t\t\t\t\t\t\t<\/div>\n\t\t\t\t<\/div>\n\t\t\t\t\t<\/div>\n\t\t\t\t<\/div>\n\t\t<div class=\"elementor-element elementor-element-32917199 e-flex e-con-boxed e-con e-parent\" data-id=\"32917199\" data-element_type=\"container\" data-e-type=\"container\">\n\t\t\t\t\t<div class=\"e-con-inner\">\n\t\t<div class=\"elementor-element elementor-element-26e916cb e-flex e-con-boxed e-con e-child\" data-id=\"26e916cb\" data-element_type=\"container\" data-e-type=\"container\">\n\t\t\t\t\t<div class=\"e-con-inner\">\n\t\t<div class=\"elementor-element elementor-element-253a40d4 e-flex e-con-boxed e-con e-child\" data-id=\"253a40d4\" data-element_type=\"container\" data-e-type=\"container\">\n\t\t\t\t\t<div class=\"e-con-inner\">\n\t\t\t\t<div class=\"elementor-element elementor-element-1200c304 elementor-widget elementor-widget-heading\" data-id=\"1200c304\" data-element_type=\"widget\" data-e-type=\"widget\" data-widget_type=\"heading.default\">\n\t\t\t\t\t<h2 class=\"elementor-heading-title elementor-size-default\">Enma O<\/h2>\t\t\t\t<\/div>\n\t\t\t\t\t<\/div>\n\t\t\t\t<\/div>\n\t\t<div class=\"elementor-element elementor-element-159dcf9a e-flex e-con-boxed e-con e-child\" data-id=\"159dcf9a\" data-element_type=\"container\" data-e-type=\"container\">\n\t\t\t\t\t<div class=\"e-con-inner\">\n\t\t\t\t<div class=\"elementor-element elementor-element-48cee66f elementor-widget elementor-widget-heading\" data-id=\"48cee66f\" data-element_type=\"widget\" data-e-type=\"widget\" data-widget_type=\"heading.default\">\n\t\t\t\t\t<div class=\"elementor-heading-title elementor-size-default\">\u00cd hnotskurn: Enma O<\/div>\t\t\t\t<\/div>\n\t\t\t\t<div class=\"elementor-element elementor-element-3f50d82c elementor-widget elementor-widget-text-editor\" data-id=\"3f50d82c\" data-element_type=\"widget\" data-e-type=\"widget\" data-widget_type=\"text-editor.default\">\n\t\t\t\t\t\t\t\t\t<p>Enma-\u014d er austur-as\u00edsk mynd hins indverska Yama, sem barst gegnum k\u00ednverska Y\u00e1nlu\u00f3-W\u00e1ng til Tendai-sk\u00f3lans. \u00cd austur-as\u00edskum b\u00faddisma er hann skjalfestur fr\u00e1 um 8. \u00f6ld og breiddist s\u00e9rstaklega \u00fat me\u00f0 Tendai- og Shingon-sk\u00f3lunum. Sem forma\u00f0ur hinna t\u00edu helv\u00edtis-d\u00f3mara (J\u016b\u014d) \u00e1kve\u00f0ur hann \u00f6rl\u00f6g s\u00e1larinnar sj\u00f6unda daginn eftir dau\u00f0ann.<\/p>\t\t\t\t\t\t\t\t<\/div>\n\t\t\t\t\t<\/div>\n\t\t\t\t<\/div>\n\t\t\t\t\t<\/div>\n\t\t\t\t<\/div>\n\t\t\t\t\t<\/div>\n\t\t\t\t<\/div>\n\t\t<div class=\"elementor-element elementor-element-18613602 e-flex e-con-boxed e-con e-parent\" data-id=\"18613602\" data-element_type=\"container\" data-e-type=\"container\">\n\t\t\t\t\t<div class=\"e-con-inner\">\n\t\t\t\t<div class=\"elementor-element elementor-element-262b8a9f elementor-widget elementor-widget-heading\" data-id=\"262b8a9f\" data-element_type=\"widget\" data-e-type=\"widget\" data-widget_type=\"heading.default\">\n\t\t\t\t\t<h2 class=\"elementor-heading-title elementor-size-default\">Yfirlit<\/h2>\t\t\t\t<\/div>\n\t\t<div class=\"elementor-element elementor-element-46dcb7d e-con-full e-flex e-con e-child\" data-id=\"46dcb7d\" data-element_type=\"container\" data-e-type=\"container\">\n\t\t<div class=\"elementor-element elementor-element-61d3ab3 e-flex e-con-boxed e-con e-child\" data-id=\"61d3ab3\" data-element_type=\"container\" data-e-type=\"container\">\n\t\t\t\t\t<div class=\"e-con-inner\">\n\t\t\t\t<div class=\"elementor-element elementor-element-117c166 elementor-widget elementor-widget-heading\" data-id=\"117c166\" data-element_type=\"widget\" data-e-type=\"widget\" data-widget_type=\"heading.default\">\n\t\t\t\t\t<div class=\"elementor-heading-title elementor-size-default\">T\u00edmabil textanna<\/div>\t\t\t\t<\/div>\n\t\t\t\t<div class=\"elementor-element elementor-element-73997a0 elementor-widget elementor-widget-text-editor\" data-id=\"73997a0\" data-element_type=\"widget\" data-e-type=\"widget\" data-widget_type=\"text-editor.default\">\n\t\t\t\t\t\t\t\t\t<p>Elstu var\u00f0veittu jap\u00f6nsku heimildirnar um Enma-\u014d eru fr\u00e1 seinni hluta 8. og fyrri hluta 9. aldar, og eru \u00fe\u00e6r hluti af innlei\u00f0ingu b\u00fadd\u00edskra helv\u00edtis-heimsmynda fr\u00e1 K\u00edna. <em>Nihon Ry\u014diki<\/em> (um 822) inniheldur fyrstu fr\u00e1sagnir \u00fear sem Enma-\u014d yfirheyrir hina d\u00e1nu.<\/p><p>\u00c1 12. \u00f6ld festist kerfi hinna t\u00edu helv\u00edtis-d\u00f3mara \u00ed sessi me\u00f0 Enma-\u014d sem formanni; hi\u00f0 hef\u00f0bundna myndm\u00e1l (k\u00f3r\u00f3na, d\u00f6kk h\u00fa\u00f0, spegill, skrifplata) ver\u00f0ur til \u00e1 Kamakura-t\u00edmabilinu.<\/p>\t\t\t\t\t\t\t\t<\/div>\n\t\t\t\t\t<\/div>\n\t\t\t\t<\/div>\n\t\t<div class=\"elementor-element elementor-element-d47b156 e-flex e-con-boxed e-con e-child\" data-id=\"d47b156\" data-element_type=\"container\" data-e-type=\"container\">\n\t\t\t\t\t<div class=\"e-con-inner\">\n\t\t\t\t<div class=\"elementor-element elementor-element-ff38c2b elementor-widget elementor-widget-heading\" data-id=\"ff38c2b\" data-element_type=\"widget\" data-e-type=\"widget\" data-widget_type=\"heading.default\">\n\t\t\t\t\t<div class=\"elementor-heading-title elementor-size-default\">\u00datbrei\u00f0slusv\u00e6\u00f0i<\/div>\t\t\t\t<\/div>\n\t\t\t\t<div class=\"elementor-element elementor-element-4e49fcc elementor-widget elementor-widget-text-editor\" data-id=\"4e49fcc\" data-element_type=\"widget\" data-e-type=\"widget\" data-widget_type=\"text-editor.default\">\n\t\t\t\t\t\t\t\t\t<p>\u00c1tr\u00fana\u00f0ur \u00e1 Enma-\u014d breiddist \u00fat um allan b\u00fadd\u00edskan heim Austur-As\u00edu, fr\u00e1 st\u00f3rum hofborgum eins og Ky\u014dto og Nara til sveitalegra p\u00edlagr\u00edmasta\u00f0a.<\/p><p>S\u00e9rstaklega \u00e1hrifamikil var mynd hans \u00ed b\u00fadd\u00edskum hofs\u00f6lum, \u00fear sem styttur af helv\u00edtis-d\u00f3maranum \u00e1tti a\u00f0 minna lifandi f\u00f3lk \u00e1 si\u00f0fer\u00f0ilega sj\u00e1lfssko\u00f0un. \u00dej\u00f3\u00f0leikh\u00fasi\u00f0 t\u00f3k upp <span class=\"iwg-fachbegriff\" data-tooltip=\"Endurteki\u00f0 innihaldsatri\u00f0i \u00ed list e\u00f0a fr\u00e1s\u00f6gn.\" tabindex=\"0\">\u00feema\u00f0<\/span> fr\u00e1 14. \u00f6ld; Enma-\u014d kemur reglulega fram \u00ed N\u014d- og Kabuki-verkum sem pers\u00f3na \u00f3spillanlegs d\u00f3ms.<\/p>\t\t\t\t\t\t\t\t<\/div>\n\t\t\t\t\t<\/div>\n\t\t\t\t<\/div>\n\t\t\t\t<\/div>\n\t\t<div class=\"elementor-element elementor-element-db03c39 e-con-full e-flex e-con e-child\" data-id=\"db03c39\" data-element_type=\"container\" data-e-type=\"container\">\n\t\t<div class=\"elementor-element elementor-element-229a87b e-flex e-con-boxed e-con e-child\" data-id=\"229a87b\" data-element_type=\"container\" data-e-type=\"container\">\n\t\t\t\t\t<div class=\"e-con-inner\">\n\t\t\t\t<div class=\"elementor-element elementor-element-1f471fc elementor-widget elementor-widget-heading\" data-id=\"1f471fc\" data-element_type=\"widget\" data-e-type=\"widget\" data-widget_type=\"heading.default\">\n\t\t\t\t\t<div class=\"elementor-heading-title elementor-size-default\">Heimildasta\u00f0a<\/div>\t\t\t\t<\/div>\n\t\t\t\t<div class=\"elementor-element elementor-element-36b1201 elementor-widget elementor-widget-text-editor\" data-id=\"36b1201\" data-element_type=\"widget\" data-e-type=\"widget\" data-widget_type=\"text-editor.default\">\n\t\t\t\t\t\t\t\t\t<p>Tr\u00faarbrag\u00f0afr\u00e6\u00f0ilegar ranns\u00f3knir \u00e1 Enma-\u014d byggja \u00e1 brei\u00f0um heimildagrunni: kan\u00f3n\u00edskum b\u00fadd\u00edskum s\u00fatrum \u00ed k\u00ednverskri \u00fe\u00fd\u00f0ingu, Tendai-b\u00fadd\u00edskum Setsuwa-s\u00f6fnum, myndr\u00e6num myndt\u00f6flum (J\u016b\u014d-zu) og \u00fej\u00f3\u00f0legum Otogi-z\u014dshi-fr\u00e1s\u00f6gnum. Meginheimildaverkin koma fr\u00e1 sv\u00e6\u00f0isbundinni tr\u00faar\u00fej\u00f3\u00f0fr\u00e6\u00f0i og al\u00fej\u00f3\u00f0legum b\u00faddisma-ranns\u00f3knum; s\u00e9rtekin heimildaskr\u00e1 fyrir hverja v\u00e6ttir er st\u00f6\u00f0ugt b\u00e6tt vi\u00f0 \u00ed lex\u00edkoninu.<\/p>\t\t\t\t\t\t\t\t<\/div>\n\t\t\t\t\t<\/div>\n\t\t\t\t<\/div>\n\t\t\t\t<\/div>\n\t\t\t\t\t<\/div>\n\t\t\t\t<\/div>\n\t\t<div class=\"elementor-element elementor-element-3ae0637c e-flex e-con-boxed e-con e-parent\" data-id=\"3ae0637c\" data-element_type=\"container\" data-e-type=\"container\">\n\t\t\t\t\t<div class=\"e-con-inner\">\n\t\t\t\t<div class=\"elementor-element elementor-element-31d07739 elementor-widget elementor-widget-heading\" data-id=\"31d07739\" data-element_type=\"widget\" data-e-type=\"widget\" data-widget_type=\"heading.default\">\n\t\t\t\t\t<h2 class=\"elementor-heading-title elementor-size-default\">Nafn<\/h2>\t\t\t\t<\/div>\n\t\t<div class=\"elementor-element elementor-element-b7642947 e-con-full e-flex e-con e-child\" data-id=\"b7642947\" data-element_type=\"container\" data-e-type=\"container\">\n\t\t\t\t<div class=\"elementor-element elementor-element-a086266 elementor-widget elementor-widget-text-editor\" data-id=\"a086266\" data-element_type=\"widget\" data-e-type=\"widget\" data-widget_type=\"text-editor.default\">\n\t\t\t\t\t\t\t\t\t<p>Enma-\u014d er s\u00fdndur sem risavaxin, v\u00f6\u00f0vast\u00e6lt vera me\u00f0 dj\u00faprau\u00f0a e\u00f0a bl\u00e1svarta h\u00fa\u00f0. H\u00e1r hans stendur upp \u00ed logum, augu hans gl\u00f3a eins og eldheit kol. Hann kl\u00e6\u00f0ist skrautofnum kl\u00e6\u00f0um og sitgur \u00e1 upph\u00e6kku\u00f0um h\u00e1s\u00e6ti.<\/p><p>\u00cd h\u00f6ndum s\u00ednum heldur hann r\u00e9ttarsver\u00f0 (<em>kensaku<\/em>) og oft st\u00f3ra b\u00f3k e\u00f0a handrit me\u00f0 karma\u00fatkomu hverrar s\u00e1lar. T\u00e1kn eru helv\u00edtisver\u00f0ir (<em>oni<\/em>), flj\u00f3t hinna ford\u00e6mdu og hin \u00fdmsu helv\u00edtis-svi\u00f0 undir r\u00edki hans.<\/p>\t\t\t\t\t\t\t\t<\/div>\n\t\t\t\t<\/div>\n\t\t\t\t\t<\/div>\n\t\t\t\t<\/div>\n\t\t<div class=\"elementor-element elementor-element-709a44a8 e-flex e-con-boxed e-con e-parent\" data-id=\"709a44a8\" data-element_type=\"container\" data-e-type=\"container\">\n\t\t\t\t\t<div class=\"e-con-inner\">\n\t\t\t\t<div class=\"elementor-element elementor-element-2f585873 elementor-widget elementor-widget-heading\" data-id=\"2f585873\" data-element_type=\"widget\" data-e-type=\"widget\" data-widget_type=\"heading.default\">\n\t\t\t\t\t<h2 class=\"elementor-heading-title elementor-size-default\">Einkenni<\/h2>\t\t\t\t<\/div>\n\t\t<div class=\"elementor-element elementor-element-70621c12 e-con-full e-flex e-con e-child\" data-id=\"70621c12\" data-element_type=\"container\" data-e-type=\"container\">\n\t\t\t\t<div class=\"elementor-element elementor-element-4296eb49 elementor-widget elementor-widget-text-editor\" data-id=\"4296eb49\" data-element_type=\"widget\" data-e-type=\"widget\" data-widget_type=\"text-editor.default\">\n\t\t\t\t\t\t\t\t\t<p>Enma-\u014d tekur \u00e1 m\u00f3ti hverri s\u00e1l r\u00e9tt eftir dau\u00f0ann. \u00cd d\u00f3mi hinna d\u00e1nu sitja leikklerkar e\u00f0a eigin illverk sem \u00e1k\u00e6rendur, me\u00f0an b\u00f3kin l\u00fdgur ekki. Enma-\u014d semur ekki, hann framkv\u00e6mir. \u00c1kv\u00f6r\u00f0un hans r\u00e6\u00f0ur n\u00e6stu endurf\u00e6\u00f0ingu innan hinna sex tilverusvi\u00f0a (<em>Rokud\u014d<\/em>).<\/p><p>R\u00edki hans er ekki einf\u00f6ld refsing, heldur karma-uppgj\u00f6r: gr\u00fdttur st\u00edgur, sj\u00f3\u00f0andi ol\u00eda, e\u00f0a endurf\u00e6\u00f0ing sem hungra\u00f0ur <span class=\"iwg-fachbegriff\" data-tooltip=\"L\u00edkamslaus vera sem talin er hafa \u00e1hrif \u00ed heiminum.\" tabindex=\"0\">andi<\/span>. \u00cd Tendai-sk\u00f3lanum eru sm\u00e1hof til Enma-\u014d haldin vi\u00f0 \u00ed hverfishofum, oft me\u00f0 <em>Jiz\u014d<\/em>-styttum vi\u00f0 hli\u00f0, sem t\u00e1kna hj\u00e1lp fyrir ford\u00e6md b\u00f6rn.<\/p>\t\t\t\t\t\t\t\t<\/div>\n\t\t\t\t<\/div>\n\t\t\t\t\t<\/div>\n\t\t\t\t<\/div>\n\t\t<div class=\"elementor-element elementor-element-44e71476 e-flex e-con-boxed e-con e-parent\" data-id=\"44e71476\" data-element_type=\"container\" data-e-type=\"container\">\n\t\t\t\t\t<div class=\"e-con-inner\">\n\t\t\t\t<div class=\"elementor-element elementor-element-3c1fc3f0 elementor-widget elementor-widget-heading\" data-id=\"3c1fc3f0\" data-element_type=\"widget\" data-e-type=\"widget\" data-widget_type=\"heading.default\">\n\t\t\t\t\t<h2 class=\"elementor-heading-title elementor-size-default\">Yfirlit: Enma O<\/h2>\t\t\t\t<\/div>\n\t\t<div class=\"elementor-element elementor-element-84f33b8e e-con-full e-flex e-con e-child\" data-id=\"84f33b8e\" data-element_type=\"container\" data-e-type=\"container\">\n\t\t\t\t<div class=\"elementor-element elementor-element-hqkdc67p elementor-widget elementor-widget-text-editor\" data-id=\"hqkdc67p\" data-element_type=\"widget\" data-e-type=\"widget\" data-widget_type=\"text-editor.default\">\n\t\t\t\t\t\t\t\t\t<p>Enma-O er \u00ed jap\u00f6nskum b\u00faddisma d\u00f3mari hinna d\u00e1nu, sem d\u00e6mir hina framli\u00f0nu eftir verkum \u00feeirra. Hann er venjulega s\u00fdndur sem rei\u00f0ur emb\u00e6ttisma\u00f0ur \u00ed k\u00ednverskum emb\u00e6ttiskl\u00e6\u00f0um me\u00f0 d\u00f3marahettu og emb\u00e6ttist\u00f6flu. Vera hans sameinar indverska, k\u00ednverska og japanska hef\u00f0arl\u00f6g \u00ed sj\u00e1lfst\u00e6\u00f0a pers\u00f3nu \u00fej\u00f3\u00f0tr\u00faar og hofalistar.<\/p>\t\t\t\t\t\t\t\t<\/div>\n\t\t\t\t<\/div>\n\t\t<div class=\"elementor-element elementor-element-pemmx7c5 e-con-full e-flex e-con e-child\" data-id=\"pemmx7c5\" data-element_type=\"container\" data-e-type=\"container\">\n\t\t<div class=\"elementor-element elementor-element-pemmx7c1 e-con-full e-flex e-con e-child\" data-id=\"pemmx7c1\" data-element_type=\"container\" data-e-type=\"container\">\n\t\t<div class=\"elementor-element elementor-element-qh9oavvu iwg-steckbrief-card e-flex e-con-boxed e-con e-child\" data-id=\"qh9oavvu\" data-element_type=\"container\" data-e-type=\"container\">\n\t\t\t\t\t<div class=\"e-con-inner\">\n\t\t\t\t<div class=\"elementor-element elementor-element-awzx8k2k elementor-widget elementor-widget-heading\" data-id=\"awzx8k2k\" data-element_type=\"widget\" data-e-type=\"widget\" data-widget_type=\"heading.default\">\n\t\t\t\t\t<div class=\"elementor-heading-title elementor-size-default\">Uppruni<\/div>\t\t\t\t<\/div>\n\t\t\t\t<div class=\"elementor-element elementor-element-x6rowhv0 elementor-widget elementor-widget-text-editor\" data-id=\"x6rowhv0\" data-element_type=\"widget\" data-e-type=\"widget\" data-widget_type=\"text-editor.default\">\n\t\t\t\t\t\t\t\t\t<p>Enma-O er japansk-b\u00fadd\u00edsk \u00fatg\u00e1fa af k\u00ednverska Yanluo, sem rekur r\u00e6tur til indverska <em>Yama<\/em>, veda-d\u00e1nargu\u00f0s og fyrsta dau\u00f0lega mannsins (Rigveda 10.14). Me\u00f0 \u00fatbrei\u00f0slu Mahayana-b\u00faddisma um Mi\u00f0-As\u00edu barst hugmynd Yama til K\u00edna \u00e1 6.-8. \u00f6ld og \u00fer\u00f3a\u00f0ist \u00fear \u00ed Yanluo Wang, konung hinna t\u00edu helv\u00edta.<\/p><p>\u00c1 9.-10. \u00f6ld t\u00f3k japanskur b\u00faddismi upp \u00feetta kerfi me\u00f0 <em>J\u016b\u014d<\/em> (t\u00edu konungum). Enma-O er efstur \u00ed \u00feessari r\u00f6\u00f0. Tr\u00faars\u00f6gulega runnu saman indversk karma-kenning, k\u00ednverskt emb\u00e6ttiskerfi og japanskar hugmyndir um hina d\u00e1nu.<\/p>\t\t\t\t\t\t\t\t<\/div>\n\t\t\t\t\t<\/div>\n\t\t\t\t<\/div>\n\t\t<div class=\"elementor-element elementor-element-8e3o4kxs iwg-steckbrief-card e-flex e-con-boxed e-con e-child\" data-id=\"8e3o4kxs\" data-element_type=\"container\" data-e-type=\"container\">\n\t\t\t\t\t<div class=\"e-con-inner\">\n\t\t\t\t<div class=\"elementor-element elementor-element-08rkdgov elementor-widget elementor-widget-heading\" data-id=\"08rkdgov\" data-element_type=\"widget\" data-e-type=\"widget\" data-widget_type=\"heading.default\">\n\t\t\t\t\t<div class=\"elementor-heading-title elementor-size-default\">Markh\u00f3pur Enma O<\/div>\t\t\t\t<\/div>\n\t\t\t\t<div class=\"elementor-element elementor-element-uwjelx8s elementor-widget elementor-widget-text-editor\" data-id=\"uwjelx8s\" data-element_type=\"widget\" data-e-type=\"widget\" data-widget_type=\"text-editor.default\">\n\t\t\t\t\t\t\t\t\t<p>\u00deeir sem \u00ed Japan fengust mest vi\u00f0 Enma-O voru fyrst og fremst f\u00f3lk sem haf\u00f0i \u00e1hyggjur af \u00f6rl\u00f6gum hinna d\u00e1nu og vildi me\u00f0 d\u00e1narath\u00f6fnum og minningarh\u00e1t\u00ed\u00f0um n\u00e1 fram hagst\u00e6\u00f0um d\u00f3mi. Auk \u00feess \u00fej\u00f3na\u00f0i vera hans si\u00f0fer\u00f0ilegu uppeldi: foreldrar og hof h\u00e9ldu str\u00f6ngum d\u00f3maranum fram fyrir b\u00f6rn, me\u00f0al annars me\u00f0 \u00feekktri h\u00f3tun um a\u00f0 Enma r\u00edfi tunguna \u00far lygurum. Hof me\u00f0 Enma-styttum, me\u00f0al annars \u00ed Kyoto og Tokyo, voru og eru sta\u00f0ir fyrir fyrirb\u00e6nir fyrir hina d\u00e1nu.<\/p>\t\t\t\t\t\t\t\t<\/div>\n\t\t\t\t\t<\/div>\n\t\t\t\t<\/div>\n\t\t<div class=\"elementor-element elementor-element-jm2n74ec iwg-steckbrief-card e-flex e-con-boxed e-con e-child\" data-id=\"jm2n74ec\" data-element_type=\"container\" data-e-type=\"container\">\n\t\t\t\t\t<div class=\"e-con-inner\">\n\t\t\t\t<div class=\"elementor-element elementor-element-8vufse4c elementor-widget elementor-widget-heading\" data-id=\"8vufse4c\" data-element_type=\"widget\" data-e-type=\"widget\" data-widget_type=\"heading.default\">\n\t\t\t\t\t<div class=\"elementor-heading-title elementor-size-default\">\u00c1s\u00fdnd<\/div>\t\t\t\t<\/div>\n\t\t\t\t<div class=\"elementor-element elementor-element-mwb9u015 elementor-widget elementor-widget-text-editor\" data-id=\"mwb9u015\" data-element_type=\"widget\" data-e-type=\"widget\" data-widget_type=\"text-editor.default\">\n\t\t\t\t\t\t\t\t\t<p>Enma-O er myndr\u00e6nt s\u00fdndur sem \u00f3gnvekjandi \u00f6ldungur me\u00f0 langt svart skegg, d\u00f6kka h\u00fa\u00f0 og brennandi augu. Hann kl\u00e6\u00f0ist skikkju k\u00ednverska emb\u00e6ttismanns af Tang-t\u00edmanum me\u00f0 keisaralegri k\u00f3r\u00f3nu (<em>raikan<\/em>).<\/p><p>\u00cd h\u00f6ndum hans er hin gullna l\u00edfsb\u00f3k (<em>j\u014dfuzu<\/em>), \u00fear sem allar karmaverk eru skr\u00e1\u00f0, og sproti e\u00f0a skrifpenni. Fyrir d\u00f3mi hans standa sendibo\u00f0arnir <em>Ni\u016b-T\u014d<\/em> (nautsh\u00f6fu\u00f0) og <em>Ba-Mien<\/em> (hestandlit), auk skrifara-ritara. Hofm\u00e1lverk (<em>jigoku-z\u014dshi<\/em> fr\u00e1 Edo-t\u00edmanum) s\u00fdna hann umkringdan helv\u00edtis-atri\u00f0um.<\/p>\t\t\t\t\t\t\t\t<\/div>\n\t\t\t\t\t<\/div>\n\t\t\t\t<\/div>\n\t\t\t\t<\/div>\n\t\t<div class=\"elementor-element elementor-element-pemmx7c2 e-con-full e-flex e-con e-child\" data-id=\"pemmx7c2\" data-element_type=\"container\" data-e-type=\"container\">\n\t\t<div class=\"elementor-element elementor-element-37ss2yr6 iwg-steckbrief-card e-flex e-con-boxed e-con e-child\" data-id=\"37ss2yr6\" data-element_type=\"container\" data-e-type=\"container\">\n\t\t\t\t\t<div class=\"e-con-inner\">\n\t\t\t\t<div class=\"elementor-element elementor-element-3v0wp3wx elementor-widget elementor-widget-heading\" data-id=\"3v0wp3wx\" data-element_type=\"widget\" data-e-type=\"widget\" data-widget_type=\"heading.default\">\n\t\t\t\t\t<div class=\"elementor-heading-title elementor-size-default\">Verkunarsvi\u00f0<\/div>\t\t\t\t<\/div>\n\t\t\t\t<div class=\"elementor-element elementor-element-w3247g2m elementor-widget elementor-widget-text-editor\" data-id=\"w3247g2m\" data-element_type=\"widget\" data-e-type=\"widget\" data-widget_type=\"text-editor.default\">\n\t\t\t\t\t\t\t\t\t<p><strong>Wirkungssvi\u00f0:<\/strong> Enma-O er alheimsd\u00f3mari allra hinna d\u00e1nu. \u00c1 sj\u00f6unda af 49 dau\u00f0ad\u00f6gum (49. degi eftir andl\u00e1t) fer fram fyrir d\u00f3mst\u00f3li hans hin mi\u00f0l\u00e6ga karmauppgj\u00f6rsme\u00f0fer\u00f0. Hann \u00e1kve\u00f0ur endurf\u00e6\u00f0ingu \u00ed einn af sex heimum (gu\u00f0ir, h\u00e1lfgu\u00f0ir, menn, d\u00fdr, hungurandar, helv\u00edti).<\/p><p>D\u00f3mur hans er ekki tilviljunarkenndur heldur n\u00e1kv\u00e6mlega \u00ed samr\u00e6mi vi\u00f0 karma (<em>dharmat\u00edskur<\/em>). Lifandi menn tilbi\u00f0ja hann einnig til a\u00f0 milda karma hinna d\u00e1nu. \u00cd b\u00e6ndah\u00e9ru\u00f0um Japans er hann talinn verndargu\u00f0 gegn \u00f3t\u00edmab\u00e6rum dau\u00f0a og hj\u00e1lpargu\u00f0 vi\u00f0 erfi\u00f0ar f\u00e6\u00f0ingar.<\/p>\t\t\t\t\t\t\t\t<\/div>\n\t\t\t\t\t<\/div>\n\t\t\t\t<\/div>\n\t\t<div class=\"elementor-element elementor-element-0qpjal9w iwg-steckbrief-card e-flex e-con-boxed e-con e-child\" data-id=\"0qpjal9w\" data-element_type=\"container\" data-e-type=\"container\">\n\t\t\t\t\t<div class=\"e-con-inner\">\n\t\t\t\t<div class=\"elementor-element elementor-element-6ndoih0o elementor-widget elementor-widget-heading\" data-id=\"6ndoih0o\" data-element_type=\"widget\" data-e-type=\"widget\" data-widget_type=\"heading.default\">\n\t\t\t\t\t<div class=\"elementor-heading-title elementor-size-default\">Vernd<\/div>\t\t\t\t<\/div>\n\t\t\t\t<div class=\"elementor-element elementor-element-6684tyh9 elementor-widget elementor-widget-text-editor\" data-id=\"6684tyh9\" data-element_type=\"widget\" data-e-type=\"widget\" data-widget_type=\"text-editor.default\">\n\t\t\t\t\t\t\t\t\t<p>T\u00e1kn: Gullin l\u00edfsb\u00f3k (<em>j\u014dfuzu<\/em>), skriffj\u00f6\u00f0ur, sver\u00f0, spegill sannleikans (<em>j\u014dhari no kagami<\/em>), en fyrir \u00feessum spegli birtast \u00f6ll l\u00edfsverk sem myndir. Verndargripur hans: konjak-matv\u00e6li eru honum bo\u00f0in sem eftirl\u00e6tisf\u00e6\u00f0a (Edo-hef\u00f0); Enma-omamori \u00far rau\u00f0u silki verndar gegn \u00f3t\u00edmab\u00e6rum dau\u00f0a og karma-sj\u00fakd\u00f3mum.<\/p>\t\t\t\t\t\t\t\t<\/div>\n\t\t\t\t\t<\/div>\n\t\t\t\t<\/div>\n\t\t<div class=\"elementor-element elementor-element-3lfi7x32 iwg-steckbrief-card e-flex e-con-boxed e-con e-child\" data-id=\"3lfi7x32\" data-element_type=\"container\" data-e-type=\"container\">\n\t\t\t\t\t<div class=\"e-con-inner\">\n\t\t\t\t<div class=\"elementor-element elementor-element-0kg99ga1 elementor-widget elementor-widget-heading\" data-id=\"0kg99ga1\" data-element_type=\"widget\" data-e-type=\"widget\" data-widget_type=\"heading.default\">\n\t\t\t\t\t<div class=\"elementor-heading-title elementor-size-default\">Hli\u00f0st\u00e6\u00f0ur Enma-O<\/div>\t\t\t\t<\/div>\n\t\t\t\t<div class=\"elementor-element elementor-element-n0fum6kp elementor-widget elementor-widget-text-editor\" data-id=\"n0fum6kp\" data-element_type=\"widget\" data-e-type=\"widget\" data-widget_type=\"text-editor.default\">\n\t\t\t\t\t\t\t\t\t<p>Tr\u00faarbrag\u00f0afr\u00e6\u00f0ilegar ranns\u00f3knir l\u00fdsa Enma-O sem japanskri \u00fatg\u00e1fu af d\u00f3maravera sem hefur fer\u00f0ast um Indland og K\u00edna. \u00cd vedaritunum er Yama fyrsti dau\u00f0legi ma\u00f0urinn og herra r\u00edkis hinna d\u00e1nu, en \u00ed k\u00ednverskum b\u00faddisma var\u00f0 hann a\u00f0 fimmta af t\u00edu konungum helv\u00edtis. Japan t\u00f3k upp \u00feetta d\u00f3mkerfi \u00e1samt hugmyndinni um millistig eftir dau\u00f0ann, \u00fear sem eftirlifendur geta gripi\u00f0 inn \u00ed fyrir hina d\u00e1nu me\u00f0 minningarath\u00f6fnum.<\/p>\t\t\t\t\t\t\t\t<\/div>\n\t\t\t\t\t<\/div>\n\t\t\t\t<\/div>\n\t\t\t\t<\/div>\n\t\t\t\t<\/div>\n\t\t\t\t\t<\/div>\n\t\t\t\t<\/div>\n\t\t<div class=\"elementor-element elementor-element-7533bc7a e-flex e-con-boxed e-con e-parent\" data-id=\"7533bc7a\" data-element_type=\"container\" data-e-type=\"container\">\n\t\t\t\t\t<div class=\"e-con-inner\">\n\t\t\t\t<div class=\"elementor-element elementor-element-2447d18d elementor-widget elementor-widget-heading\" data-id=\"2447d18d\" data-element_type=\"widget\" data-e-type=\"widget\" data-widget_type=\"heading.default\">\n\t\t\t\t\t<h2 class=\"elementor-heading-title elementor-size-default\">Verndarh\u00e6ttir<\/h2>\t\t\t\t<\/div>\n\t\t<div class=\"elementor-element elementor-element-d5d0260c e-con-full e-flex e-con e-child\" data-id=\"d5d0260c\" data-element_type=\"container\" data-e-type=\"container\">\n\t\t\t\t<div class=\"elementor-element elementor-element-341be2ac elementor-widget elementor-widget-text-editor\" data-id=\"341be2ac\" data-element_type=\"widget\" data-e-type=\"widget\" data-widget_type=\"text-editor.default\">\n\t\t\t\t\t\t\t\t\t<p><strong>Ap\u00f3tr\u00f3p\u00edsk og andl\u00e6gt verndu\u00f0 helgisi\u00f0ir<\/strong><\/p><p>Enma-O (jap\u00f6nsku \u95bb\u9b54\u5927\u738b) er japansk-b\u00fadd\u00edsk a\u00f0l\u00f6gun k\u00ednverska Yanluo \/ indverska Yama. D\u00fdrkun fer fram \u00ed fj\u00f6lm\u00f6rgum Enma-hofum \u00ed Japan (Genkaku-ji \u00ed T\u00f3k\u00fd\u00f3, Inn-ji \u00ed K\u00fd\u00f3t\u00f3, Enn\u014d-ji \u00ed Kamakura). A\u00f0aldagur helgihalds er 16. dagur 1. og 7. m\u00e1na\u00f0ar (<em>Enmasai<\/em>) sem hli\u00f0 a\u00f0 helv\u00edtisheiminum.<\/p><p><span class=\"iwg-fachbegriff\" data-tooltip=\"Manneskja sem leggur upp \u00ed tr\u00faarlega hvatta fer\u00f0 til helgs sta\u00f0ar.\" tabindex=\"0\">P\u00edlagr\u00edmar<\/span> bera fram konjak-r\u00e9tti (upp\u00e1haldsf\u00e6\u00f0a Enma samkv\u00e6mt Edo-hef\u00f0), bi\u00f0ja fyrir l\u00e1tnum \u00e6ttingjum og bi\u00f0ja um mildun karma (sbr. Sekiguchi, <em>The Cult of King Yama in Medieval Japan<\/em>).<\/p><p><strong>S\u00fatrur og \u00e1kall<\/strong><\/p><p><em>J\u016b\u014d-ky\u014d<\/em> (<span class=\"iwg-fachbegriff\" data-tooltip=\"\u00cd hind\u00faisma og b\u00faddisma stuttor\u00f0ur kenningartexti.\" tabindex=\"0\">s\u00fatra<\/span> konunganna t\u00edu) er helsta helgiriti\u00f0. B\u00faddamunkar fara me\u00f0 Hjarta-s\u00fatruna (<span class=\"iwg-fachbegriff\" data-tooltip=\"\u00cd hind\u00faisma og b\u00faddisma stuttor\u00f0ur kenningartexti.\" tabindex=\"0\">s\u00fatru<\/span>) me\u00f0 s\u00e9rst\u00f6kum hneigingum fyrir Enma. \u00c1 Edo-t\u00edmabilinu (17.-19. \u00f6ld) breiddist Enma-d\u00fdrkun \u00fat \u00ed al\u00fe\u00fd\u00f0ub\u00faddisma fyrir tilstilli myndab\u00f3ka (<em>jigoku-z\u014dshi<\/em>, helv\u00edtisrollur).<\/p><p><strong>Verndargripir og verndart\u00e1kn<\/strong><\/p><p>Enma-omamori (verndargripir me\u00f0 mynd af Enma) fr\u00e1 Enma-hofunum, oftast \u00far rau\u00f0um d\u00fak me\u00f0 gylltum \u00fatsaumi. Go\u014dh\u014din (<span class=\"iwg-fachbegriff\" data-tooltip=\"T\u00e1kn sem stendur fyrir hugmynd e\u00f0a merkingu.\" tabindex=\"0\">t\u00e1kn<\/span> l\u00e6kningam\u00e1ttar Yakushi-B\u00fadda) er bori\u00f0 gegn karma-sj\u00fakd\u00f3mum. Myndatafla konunganna t\u00edu \u00ed helv\u00edti (<em>J\u016b\u014d-zu<\/em>) er hengd upp \u00e1 b\u00fadd\u00edsk heimilisaltari til undirb\u00fanings fyrir dau\u00f0ann.<\/p>\t\t\t\t\t\t\t\t<\/div>\n\t\t\t\t<\/div>\n\t\t\t\t\t<\/div>\n\t\t\t\t<\/div>\n\t\t<div class=\"elementor-element elementor-element-5a584676 e-flex e-con-boxed e-con e-parent\" data-id=\"5a584676\" data-element_type=\"container\" data-e-type=\"container\">\n\t\t\t\t\t<div class=\"e-con-inner\">\n\t\t\t\t<div class=\"elementor-element elementor-element-6d0757bf elementor-widget elementor-widget-heading\" data-id=\"6d0757bf\" data-element_type=\"widget\" data-e-type=\"widget\" data-widget_type=\"heading.default\">\n\t\t\t\t\t<h2 class=\"elementor-heading-title elementor-size-default\">Enma-O, hli\u00f0st\u00e6\u00f0ur \u00ed \u00f6\u00f0rum menningarheimum<\/h2>\t\t\t\t<\/div>\n\t\t<div class=\"elementor-element elementor-element-60563f68 e-con-full e-flex e-con e-child\" data-id=\"60563f68\" data-element_type=\"container\" data-e-type=\"container\">\n\t\t\t\t<div class=\"elementor-element elementor-element-5a93fdd6 elementor-widget elementor-widget-text-editor\" data-id=\"5a93fdd6\" data-element_type=\"widget\" data-e-type=\"widget\" data-widget_type=\"text-editor.default\">\n\t\t\t\t\t\t\t\t\t<p>Enma-O er upprunninn \u00ed indverska dau\u00f0agu\u00f0num Yama, sem barst me\u00f0 b\u00faddisma til K\u00edna og var \u00fear felldur inn \u00ed kerfi t\u00edu konunga helv\u00edtis undir nafninu Yanluo Wang. \u00deessi k\u00ednverska mynd barst me\u00f0 b\u00fadd\u00edskum sk\u00f3lum til Japans og var\u00f0 \u00fear a\u00f0 Enma-O. Samb\u00e6rilegar d\u00f3maraverur handan grafarins eru einnig \u00feekktar \u00ed \u00f6\u00f0rum menningarheimum, svo sem egypski \u00d3s\u00edris vi\u00f0 d\u00f3mst\u00f3l hinna d\u00e1nu e\u00f0a k\u00f3reski Yeomra, sem er sprottinn \u00far s\u00f6mu b\u00fadd\u00edsku arfleif\u00f0.<\/p>\t\t\t\t\t\t\t\t<\/div>\n\t\t\t\t<\/div>\n\t\t\t\t\t<\/div>\n\t\t\t\t<\/div>\n\t\t<div class=\"elementor-element elementor-element-cpdd3226a e-flex e-con-boxed e-con e-parent\" data-id=\"cpdd3226a\" data-element_type=\"container\" data-e-type=\"container\">\n\t\t\t\t\t<div class=\"e-con-inner\">\n\t\t\t\t<div class=\"elementor-element elementor-element-cpecda6a8 elementor-widget elementor-widget-heading\" data-id=\"cpecda6a8\" data-element_type=\"widget\" data-e-type=\"widget\" data-widget_type=\"heading.default\">\n\t\t\t\t\t<h2 class=\"elementor-heading-title elementor-size-default\">Lei\u00f0 indverskrar gu\u00f0veru til Japans<\/h2>\t\t\t\t<\/div>\n\t\t<div class=\"elementor-element elementor-element-cp085f5fd e-con-full e-flex e-con e-child\" data-id=\"cp085f5fd\" data-element_type=\"container\" data-e-type=\"container\">\n\t\t\t\t<div class=\"elementor-element elementor-element-cp00ded11 elementor-widget elementor-widget-text-editor\" data-id=\"cp00ded11\" data-element_type=\"widget\" data-e-type=\"widget\" data-widget_type=\"text-editor.default\">\n\t\t\t\t\t\t\t\t\t<p>Enma-o, herra undirheima og d\u00f3mari hinna d\u00e1nu \u00ed jap\u00f6nskum b\u00faddisma, er endapunktur langrar farar. Uppruni hans liggur \u00ed veda-Indlandi, \u00fear sem <em>Yama<\/em> var talinn fyrsti dau\u00f0legi ma\u00f0urinn og \u00fear me\u00f0 konungur hinna d\u00e1nu.<\/p><p>\u00cd gegnum b\u00faddisma barst \u00feessi vera til K\u00edna, \u00fear sem h\u00fan var felld inn \u00ed kerfi undirheimad\u00f3mst\u00f3la undir nafninu <em>Yanluo<\/em>, og \u00fea\u00f0an yfir K\u00f3reu til Japans. Japanska nafni\u00f0 <em>Enma<\/em> er hlj\u00f3\u00f0fr\u00e6\u00f0ileg a\u00f0l\u00f6gun sanskr\u00edtaror\u00f0sins <em>Yama<\/em>, vi\u00f0skeyti\u00f0 <em>o<\/em> merkir konungur.<\/p><p>\u00c1 hverju stigi fer\u00f0arinnar breyttist veran. Indverski Yama var upphaflega fremur herra r\u00edkis hinna d\u00e1nu en strangur d\u00f3mari.<\/p><p>\u00cd K\u00edna rann hann saman vi\u00f0 skrifstofulega hugmynd um handanheimsstj\u00f3rn sem rannsakar l\u00edf hvers hins d\u00e1na, gerir upp reikninga og \u00e1kve\u00f0ur endurf\u00e6\u00f0ingu hans. \u00deessa k\u00ednversku m\u00f3tun, sem s\u00fdnir handanheiminn sem emb\u00e6ttiskerfi me\u00f0 skj\u00f6lum, skrifurum og d\u00f3mst\u00f3lum, t\u00f3k japanskur b\u00faddismi a\u00f0 mestu upp.<\/p><p>\u00cd Japan var\u00f0 Enma-o fastur hluti af al\u00fe\u00fd\u00f0legri b\u00fadd\u00edskri <span class=\"iwg-fachbegriff\" data-tooltip=\"Hin lifa\u00f0a tr\u00faarlega afsta\u00f0a og i\u00f0kun manns.\" tabindex=\"0\">tr\u00far\u00e6kni<\/span>. Hann kemur fram \u00ed pr\u00e9dikunum, hofm\u00e1lverkum og kennslutextum sem s\u00fa vera er hver ma\u00f0ur ver\u00f0ur a\u00f0 standa skil m\u00e1ls s\u00ednu fyrir eftir dau\u00f0ann. \u00d3l\u00edkt \u00f3hlutbundinni hugmynd um karm\u00edska r\u00e9ttl\u00e6tingu gaf hann \u00feessari kenningu andlit, \u00e1\u00fereifanlega, \u00e1varpanlega og \u00f3gnvekjandi mynd.<\/p><p>V\u00edsindalegt v\u00e6gi \u00feessarar farar felst \u00ed \u00fev\u00ed a\u00f0 af Enma-o m\u00e1 lesa hvernig tr\u00faarleg hugmynd berst yfir tungum\u00e1la- og menningarm\u00f6rk og f\u00e6r \u00ed hvert sinn n\u00fdjan lit. Japanski d\u00f3mari hinna d\u00e1nu ber \u00ed s\u00e9r l\u00f6g \u00feriggja menningarheima, indversks uppruna, k\u00ednverskrar emb\u00e6ttisv\u00e6\u00f0ingar og japanskrar al\u00fe\u00fd\u00f0utr\u00faarlegrar \u00fatf\u00e6rslu.<\/p>\t\t\t\t\t\t\t\t<\/div>\n\t\t\t\t<\/div>\n\t\t\t\t\t<\/div>\n\t\t\t\t<\/div>\n\t\t<div class=\"elementor-element elementor-element-cp3083d3c e-flex e-con-boxed e-con e-parent\" data-id=\"cp3083d3c\" data-element_type=\"container\" data-e-type=\"container\">\n\t\t\t\t\t<div class=\"e-con-inner\">\n\t\t\t\t<div class=\"elementor-element elementor-element-cpd9e0c27 elementor-widget elementor-widget-heading\" data-id=\"cpd9e0c27\" data-element_type=\"widget\" data-e-type=\"widget\" data-widget_type=\"heading.default\">\n\t\t\t\t\t<h2 class=\"elementor-heading-title elementor-size-default\">T\u00edu konungar undirheima og d\u00f3mur handan grafarins<\/h2>\t\t\t\t<\/div>\n\t\t<div class=\"elementor-element elementor-element-cpfd44577 e-con-full e-flex e-con e-child\" data-id=\"cpfd44577\" data-element_type=\"container\" data-e-type=\"container\">\n\t\t\t\t<div class=\"elementor-element elementor-element-cpc0abe80 elementor-widget elementor-widget-text-editor\" data-id=\"cpc0abe80\" data-element_type=\"widget\" data-e-type=\"widget\" data-widget_type=\"text-editor.default\">\n\t\t\t\t\t\t\t\t\t<p>\u00cd k\u00ednversk-m\u00f3tu\u00f0um b\u00faddisma, sem barst til Japans, er Enma-o ekki eini h\u00f6f\u00f0ingi handanheimsins heldur hluti af r\u00e1\u00f0i.<\/p><p>Kerfi hinna t\u00edu konunga undirheimanna, sem var \u00fer\u00f3a\u00f0 \u00e1 mi\u00f0\u00f6ldum \u00ed K\u00edna og barst til Japans me\u00f0 myndarullum og textum, tengir hverjum konungi tiltekinn d\u00f3mst\u00f3l og \u00e1kve\u00f0inn t\u00edmapunkt eftir dau\u00f0ann. Hinn l\u00e1tni fer \u00ed gegnum \u00feessa d\u00f3mst\u00f3la \u00ed f\u00f6stum t\u00edmaramma, \u00e1 tilteknum d\u00f6gum eftir dau\u00f0ann og \u00e1 \u00e1rlegum minningard\u00f6gum.<\/p><p>Enma-o hefur s\u00e9rstaka st\u00f6\u00f0u \u00ed \u00feessu kerfi. Hann er venjulega fimmti af t\u00edu konungum, d\u00f3mst\u00f3ll hans er heims\u00f3ttur \u00e1 \u00fer\u00edtugasta og fimmta degi eftir dau\u00f0ann, og hann er talinn mikilv\u00e6gastur og valdamestur \u00feeirra allra. Fyrir d\u00f3mi hans eru gj\u00f6r\u00f0ir hins l\u00e1tna kanna\u00f0ar s\u00e9rlega vandlega.<\/p><p>Fastir helgimyndafr\u00e6\u00f0ilegir \u00fe\u00e6ttir tilheyra b\u00fana\u00f0i d\u00f3mst\u00f3ls hans. Enma-o heldur skr\u00e1r \u00fear sem hver g\u00f3\u00f0 og sl\u00e6m gj\u00f6r\u00f0 er skr\u00e1\u00f0. Honum til hj\u00e1lpar standa a\u00f0sto\u00f0armenn; jap\u00f6nsk <span class=\"iwg-fachbegriff\" data-tooltip=\"Mi\u00f0lun \u00feekkingar og fr\u00e1sagna milli kynsl\u00f3\u00f0a.\" tabindex=\"0\">munnm\u00e6lahef\u00f0<\/span> \u00feekkir me\u00f0al annars f\u00edg\u00faru sem ber manneskjul\u00edka h\u00f6fu\u00f0 \u00e1 st\u00f6fum, eitt me\u00f0 grimmilegan og eitt me\u00f0 r\u00f3legan svip, sem s\u00fdna e\u00f0li hins l\u00e1tna.<\/p><p>Fr\u00e6g gripur er s\u00e1larspegillinn, \u00fear sem hinn l\u00e1tni s\u00e9r l\u00edf sitt og brot s\u00edn endurspeglast bl\u00e1tt \u00e1fram, \u00feannig a\u00f0 lygi ver\u00f0ur \u00f3m\u00f6guleg.<\/p><p>\u00deetta d\u00f3mskerfi haf\u00f0i sk\u00fdrt s\u00e1lusorgunarhlutverk. \u00dea\u00f0 lag\u00f0i grunn a\u00f0 \u00feeirri i\u00f0ju a\u00f0 minnast hinna l\u00e1tnu \u00e1 f\u00f6stu millibili eftir dau\u00f0ann.<\/p><p>Eftirlifendur g\u00e1tu me\u00f0 helgiath\u00f6fnum og yfirf\u00e6rslu ver\u00f0leika haft \u00e1hrif \u00e1 f\u00f6r hins l\u00e1tna \u00ed gegnum t\u00edu d\u00f3mst\u00f3lana \u00e1 j\u00e1kv\u00e6\u00f0an h\u00e1tt. Enma-o var \u00feannig ekki einungis \u00f3gnvekjandi f\u00edg\u00fara heldur mi\u00f0punktur heils helgisi\u00f0ahagkerfis milli lifandi og dau\u00f0ra.<\/p>\t\t\t\t\t\t\t\t<\/div>\n\t\t\t\t<\/div>\n\t\t\t\t\t<\/div>\n\t\t\t\t<\/div>\n\t\t<div class=\"elementor-element elementor-element-cpc7399f9 e-flex e-con-boxed e-con e-parent\" data-id=\"cpc7399f9\" data-element_type=\"container\" data-e-type=\"container\">\n\t\t\t\t\t<div class=\"e-con-inner\">\n\t\t\t\t<div class=\"elementor-element elementor-element-cp32219a9 elementor-widget elementor-widget-heading\" data-id=\"cp32219a9\" data-element_type=\"widget\" data-e-type=\"widget\" data-widget_type=\"heading.default\">\n\t\t\t\t\t<h2 class=\"elementor-heading-title elementor-size-default\">Helgimyndafr\u00e6\u00f0i og hofmyndir helv\u00edtisd\u00f3marans<\/h2>\t\t\t\t<\/div>\n\t\t<div class=\"elementor-element elementor-element-cpa8fb7d6 e-con-full e-flex e-con e-child\" data-id=\"cpa8fb7d6\" data-element_type=\"container\" data-e-type=\"container\">\n\t\t\t\t<div class=\"elementor-element elementor-element-cpfb0fb1b elementor-widget elementor-widget-text-editor\" data-id=\"cpfb0fb1b\" data-element_type=\"widget\" data-e-type=\"widget\" data-widget_type=\"text-editor.default\">\n\t\t\t\t\t\t\t\t\t<p>Myndr\u00e6n framsetning Enma-o fylgir fastri hef\u00f0 sem er s\u00f3tt \u00ed k\u00ednverska fyrirmynd. Hann kemur fram sem konungur e\u00f0a h\u00e1ttsettur emb\u00e6ttisma\u00f0ur, oft \u00ed emb\u00e6ttiskl\u00e6\u00f0na\u00f0i k\u00ednverskrar valdapers\u00f3nu, me\u00f0 einkennandi k\u00f3r\u00f3nu e\u00f0a h\u00f6fu\u00f0fat sem oft ber k\u00ednverska t\u00e1kni\u00f0 fyrir konung.<\/p><p>Andlit hans er venjulega rautt af rei\u00f0i, me\u00f0 \u00fatst\u00e6\u00f0 augu og d\u00f6kkleitan svip, tj\u00e1ning um \u00f3spilltan aga.<\/p><p>Sl\u00edkar myndir finnast \u00ed m\u00f6rgum jap\u00f6nskum hofum, oft sem sk\u00falpt\u00far \u00ed s\u00e9rst\u00f6kum sal, Enma-salnum. Fr\u00e6g d\u00e6mi eru Enma-f\u00edg\u00farur \u00ed hofum \u00ed og vi\u00f0 Kyoto og Kamakura.<\/p><p>Oft er Enma-o umkringdur hinum n\u00edu konungunum e\u00f0a felldur inn \u00ed st\u00e6rri helv\u00edtismynd. Japanska myndhef\u00f0in <em>jigoku-e<\/em>, helv\u00edtismyndir, s\u00fdnir \u00ed gr\u00f3fum myndum refsingar undirheimanna og setur Enma-o sem d\u00f3msvaldi\u00f0 \u00ed upphafi \u00feeirra.<\/p><p>Merkileg helgimyndafr\u00e6\u00f0ileg hef\u00f0 tengir Enma-o vi\u00f0 b\u00f3dh\u00edsattvann Jizo. \u00cd jap\u00f6nskri <span class=\"iwg-fachbegriff\" data-tooltip=\"Hin lifa\u00f0a tr\u00faarlega afsta\u00f0a og i\u00f0kun einstaklings.\" tabindex=\"0\">tr\u00far\u00e6kni<\/span> er Jizo talinn miskunnsamur frelsari sem stendur verum \u00ed helv\u00edti vi\u00f0 hli\u00f0.<\/p><p>Sumir textar og myndir t\u00falka Enma-o og Jizo jafnvel sem tv\u00e6r hli\u00f0ar sama veruleika, hina str\u00f6ngu og hina miskunns\u00f6mu, sem vinna saman a\u00f0 \u00fev\u00ed a\u00f0 lei\u00f0a hinn l\u00e1tna til bata og hagst\u00e6\u00f0rar endurf\u00e6\u00f0ingar. \u00deessi samst\u00e6\u00f0a mildar hina hr\u00e6\u00f0ilegu \u00e1sj\u00f3nu d\u00f3marans og felur hann inn \u00ed hj\u00e1lpr\u00e6\u00f0ismi\u00f0a\u00f0a <span class=\"iwg-fachbegriff\" data-tooltip=\"Hin fr\u00e6\u00f0ilega kenning um gu\u00f0 og tr\u00fa tiltekinnar tr\u00faarbrag\u00f0a.\" tabindex=\"0\">gu\u00f0fr\u00e6\u00f0i<\/span>.<\/p><p>Hofmyndirnar h\u00f6f\u00f0u uppeldislegt hlutverk. Predikandi munkar notu\u00f0u \u00fe\u00e6r til a\u00f0 s\u00fdna leikm\u00f6nnum aflei\u00f0ingar illra verka. Rau\u00f0gl\u00f3andi, rei\u00f0ur Enma-o var \u00feannig kennslut\u00e6ki sem \u00fe\u00fdddi hina \u00f3hlutbundnu kenningu um karma yfir \u00ed minnisst\u00e6\u00f0a, skelfilega mynd.<\/p>\t\t\t\t\t\t\t\t<\/div>\n\t\t\t\t<\/div>\n\t\t\t\t\t<\/div>\n\t\t\t\t<\/div>\n\t\t<div class=\"elementor-element elementor-element-cp998b156 e-flex e-con-boxed e-con e-parent\" data-id=\"cp998b156\" data-element_type=\"container\" data-e-type=\"container\">\n\t\t\t\t\t<div class=\"e-con-inner\">\n\t\t\t\t<div class=\"elementor-element elementor-element-cpac0eec6 elementor-widget elementor-widget-heading\" data-id=\"cpac0eec6\" data-element_type=\"widget\" data-e-type=\"widget\" data-widget_type=\"heading.default\">\n\t\t\t\t\t<h2 class=\"elementor-heading-title elementor-size-default\">Enma-o \u00ed \u00fej\u00f3\u00f0tr\u00fa og n\u00fat\u00edmamenningu<\/h2>\t\t\t\t<\/div>\n\t\t<div class=\"elementor-element elementor-element-cpa4d7b45 e-con-full e-flex e-con e-child\" data-id=\"cpa4d7b45\" data-element_type=\"container\" data-e-type=\"container\">\n\t\t\t\t<div class=\"elementor-element elementor-element-cp72e526a elementor-widget elementor-widget-text-editor\" data-id=\"cp72e526a\" data-element_type=\"widget\" data-e-type=\"widget\" data-widget_type=\"text-editor.default\">\n\t\t\t\t\t\t\t\t\t<p>Utan klaustranna var\u00f0 Enma-o fastur f\u00edg\u00fara \u00ed jap\u00f6nskri \u00fej\u00f3\u00f0tr\u00fa. Nafn hans festist \u00ed f\u00f6stum or\u00f0atilt\u00e6kjum og uppeldisvi\u00f0v\u00f6runum.<\/p><p>Foreldrar v\u00f6ru\u00f0u b\u00f6rn sem lygju vi\u00f0 \u00fev\u00ed a\u00f0 Enma-o myndi r\u00edfa tunguna \u00far \u00feeim, h\u00f3tun sem var \u00feekkt v\u00ed\u00f0a \u00ed Japan. \u00deannig var\u00f0 d\u00f3mari hinna dau\u00f0u a\u00f0 t\u00e6ki \u00ed daglegu si\u00f0fer\u00f0isuppeldi, l\u00f6ngu \u00e1\u00f0ur en barn steig f\u00e6ti inn \u00ed <span class=\"iwg-fachbegriff\" data-tooltip=\"Bygging sem er tileinku\u00f0 tilbei\u00f0slu einnar e\u00f0a fleiri gu\u00f0a.\" tabindex=\"0\">hof<\/span>.<\/p><p>\u00c1 tilteknum d\u00f6gum \u00e1rsins, hef\u00f0bundi\u00f0 \u00e1 vorin og s\u00ed\u00f0sumars, voru haldnar s\u00e9rstakar b\u00e6nagj\u00f6r\u00f0ir fyrir Enma-f\u00edg\u00farum \u00e1 sumum st\u00f6\u00f0um, \u00fear sem hofsalir voru opna\u00f0ir og tr\u00faa\u00f0ir g\u00e1tu sko\u00f0a\u00f0 myndirnar sem venjulega voru l\u00e6star. Sl\u00edkir si\u00f0ir s\u00fdna a\u00f0 Enma-o var ekki einungis b\u00f3kmenntaleg e\u00f0a kennileg f\u00edg\u00fara heldur vi\u00f0fangsefni lifandi tilbei\u00f0slu og \u00f3tta.<\/p><p>\u00cd n\u00fat\u00edma japanskri menningu er Enma-o enn mj\u00f6g s\u00fdnilegur. Hann kemur fram \u00ed manga, anime, t\u00f6lvuleikjum og kvikmyndum, \u00fdmist sem \u00f3gnvekjandi andst\u00e6\u00f0ingur e\u00f0a \u00ed k\u00f3m\u00edskri mynd sem yfirkeyr\u00f0ur emb\u00e6ttisma\u00f0ur undirheimanna.<\/p><p>\u00deessi vinnsla \u00ed d\u00e6gurmenningu tekur oft \u00e1 skrifstofulegri hli\u00f0 f\u00edg\u00farunnar, konungsins sem st\u00fdrir risav\u00f6xnu handanheimsstj\u00f3rnkerfi me\u00f0 skj\u00f6lum, stimplum og undirm\u00f6nnum.<\/p><p>\u00deessi \u00ferautseigja er fr\u00e6\u00f0ilega \u00e1hugaver\u00f0. Enma-o hefur fari\u00f0 fr\u00e1 tr\u00faarlegri kennsluf\u00edg\u00faru til almennrar menningarf\u00edg\u00faru \u00e1n \u00feess a\u00f0 glata kjarna s\u00ednum. Jafnvel \u00ed gamansamri \u00fatf\u00e6rslu er hann s\u00e1 sem d\u00e6mir um r\u00e9tt og rangt \u00ed lifu\u00f0u l\u00edfi.<\/p><p>F\u00edg\u00faran s\u00fdnir hversu dj\u00fapt b\u00fadd\u00edsk hugmynd um d\u00f3mst\u00f3l hinna dau\u00f0u hefur s\u00edast inn \u00ed japanska menningu og hversu oft h\u00fan er endurs\u00f6g\u00f0, fr\u00e1 hofsalnum til barnab\u00f3karins.<\/p>\t\t\t\t\t\t\t\t<\/div>\n\t\t\t\t<\/div>\n\t\t\t\t\t<\/div>\n\t\t\t\t<\/div>\n\t\t<div class=\"elementor-element elementor-element-36dd7469 e-flex e-con-boxed e-con e-parent\" data-id=\"36dd7469\" data-element_type=\"container\" data-e-type=\"container\">\n\t\t\t\t\t<div class=\"e-con-inner\">\n\t\t\t\t<div class=\"elementor-element elementor-element-13760ab4 elementor-widget elementor-widget-heading\" data-id=\"13760ab4\" data-element_type=\"widget\" data-e-type=\"widget\" data-widget_type=\"heading.default\">\n\t\t\t\t\t<h2 class=\"elementor-heading-title elementor-size-default\">\u00cdtarefni og tenglar<\/h2>\t\t\t\t<\/div>\n\t\t<div class=\"elementor-element elementor-element-28c87796 e-con-full e-flex e-con e-child\" data-id=\"28c87796\" data-element_type=\"container\" data-e-type=\"container\">\n\t\t\t\t<div class=\"elementor-element elementor-element-5d6538df elementor-widget elementor-widget-text-editor\" data-id=\"5d6538df\" data-element_type=\"widget\" data-e-type=\"widget\" data-widget_type=\"text-editor.default\">\n\t\t\t\t\t\t\t\t\t<ul><li><a href=\"https:\/\/iwell-guard.com\/is\/?page_id=168768\">Yama, ved\u00edskur fyrirrennari<\/a><\/li><li><a href=\"https:\/\/iwell-guard.com\/is\/?page_id=168776\">Yama (b\u00faddismi), bein fyrirrennari<\/a><\/li><li><a href=\"https:\/\/iwell-guard.com\/is\/?page_id=168772\">Yanluo Wang, k\u00ednverskur fyrirrennari<\/a><\/li><li><a href=\"https:\/\/iwell-guard.com\/is\/?page_id=168777\">Yeomra, k\u00f3reskt hli\u00f0st\u00e6\u00f0a<\/a><\/li><li><a href=\"https:\/\/iwell-guard.com\/is\/?page_id=168642\">B\u00fadd\u00edsk hef\u00f0, heildarsamhengi<\/a><\/li><\/ul>\t\t\t\t\t\t\t\t<\/div>\n\t\t\t\t<\/div>\n\t\t\t\t\t<\/div>\n\t\t\t\t<\/div>\n\t\t<div class=\"elementor-element elementor-element-grl4kl40 e-flex e-con-boxed e-con e-parent\" data-id=\"grl4kl40\" data-element_type=\"container\" data-e-type=\"container\">\n\t\t\t\t\t<div class=\"e-con-inner\">\n\t\t\t\t<div class=\"elementor-element elementor-element-bzsbfrmh elementor-widget elementor-widget-heading\" data-id=\"bzsbfrmh\" data-element_type=\"widget\" data-e-type=\"widget\" data-widget_type=\"heading.default\">\n\t\t\t\t\t<h2 class=\"elementor-heading-title elementor-size-default\">Fr\u00e6\u00f0irit<\/h2>\t\t\t\t<\/div>\n\t\t<div class=\"elementor-element elementor-element-2c13224a e-con-full e-flex e-con e-child\" data-id=\"2c13224a\" data-element_type=\"container\" data-e-type=\"container\">\n\t\t\t\t<div class=\"elementor-element elementor-element-0eymh9ub elementor-widget elementor-widget-text-editor\" data-id=\"0eymh9ub\" data-element_type=\"widget\" data-e-type=\"widget\" data-widget_type=\"text-editor.default\">\n\t\t\t\t\t\t\t\t\t<footer class=\"iwg-literatur\" data-nosnippet=\"true\"><ul><li><span data-nosnippet>Sekiguchi, Makiko: <em>The Cult of King Yama in Medieval Japan<\/em>. Brill, Leiden 2013.<\/span><\/li><li><span data-nosnippet>Teiser, Stephen F.: <em>The Scripture on the Ten Kings and the Making of Purgatory in Medieval Chinese Buddhism<\/em>. University of Hawaii Press, Honolulu 1994.<\/span><\/li><li><span data-nosnippet>Teiser, Stephen F.: <em>The Ghost Festival in Medieval China<\/em>. Princeton UP, Princeton 1988.<\/span><\/li><li><span data-nosnippet>Bock, Felicia: <em>Engi-Shiki: Procedures of the Engi Era<\/em>. Sophia University, Tokyo 1972.<\/span><\/li><li><span data-nosnippet>Picken, Stuart D. B.: <em>Essentials of <span class=\"iwg-fachbegriff\" data-tooltip=\"Frumbyggjatr\u00fa Japans, m\u00f3tu\u00f0 af tilbei\u00f0slu kami-v\u00e6ttanna.\" tabindex=\"0\">sjinto<\/span><\/em>. Greenwood, Westport 1994.<\/span><\/li><li><span data-nosnippet>Lopez, Donald S. (Hg.): <em>Buddhism in Practice<\/em>. Princeton UP, Princeton 1995.<\/span><\/li><\/ul><\/footer>\t\t\t\t\t\t\t\t<\/div>\n\t\t\t\t<\/div>\n\t\t\t\t\t<\/div>\n\t\t\t\t<\/div>\n\t\t\t\t<\/div>\n\t\t","protected":false},"excerpt":{"rendered":"","protected":false},"author":3,"featured_media":1732,"parent":0,"menu_order":0,"comment_status":"closed","ping_status":"closed","template":"elementor_header_footer","meta":{"_yoast_wpseo_focuskw":"Enma-O d\u00f3mari hinna d\u00e1nu","_yoast_wpseo_title":"Enma-\u014d \u2013 d\u00f3mari hinna d\u00e1nu \u00ed jap\u00f6nskum b\u00faddisma","_yoast_wpseo_metadesc":"Stj\u00f3rnandi jap\u00f6nsku helv\u00edtis Jigoku, karma-stj\u00f3rnun og d\u00f3mur hinna d\u00e1nu \u00ed b\u00fadd\u00edskri go\u00f0afr\u00e6\u00f0i Japans.","_yoast_wpseo_meta-robots-noindex":"","_yoast_wpseo_canonical":"","_angie_page":false,"gefaehrdungsstufe":"2","wesen_kultur":"japan","wesen_klasse":"goetter","footnotes":""},"categories":[],"class_list":["post-168773","page","type-page","status-publish","has-post-thumbnail","hentry"],"yoast_head":"<!-- This site is optimized with the Yoast SEO Premium plugin v27.7 (Yoast SEO v28.3) - https:\/\/yoast.com\/product\/yoast-seo-premium-wordpress\/ -->\n<title>Enma-\u014d \u2013 d\u00f3mari hinna d\u00e1nu \u00ed jap\u00f6nskum b\u00faddisma<\/title>\n<meta name=\"description\" content=\"Stj\u00f3rnandi jap\u00f6nsku helv\u00edtis Jigoku, karma-stj\u00f3rnun og d\u00f3mur hinna d\u00e1nu \u00ed b\u00fadd\u00edskri go\u00f0afr\u00e6\u00f0i Japans.\" \/>\n<meta name=\"robots\" content=\"index, follow, max-snippet:-1, max-image-preview:large, max-video-preview:-1\" \/>\n<link rel=\"canonical\" href=\"https:\/\/iwell-guard.com\/is\/enma-o\/\" \/>\n<meta property=\"og:locale\" content=\"is_IS\" \/>\n<meta property=\"og:type\" content=\"article\" \/>\n<meta property=\"og:title\" content=\"Enma-o\" \/>\n<meta property=\"og:description\" content=\"Stj\u00f3rnandi jap\u00f6nsku helv\u00edtis Jigoku, karma-stj\u00f3rnun og d\u00f3mur hinna d\u00e1nu \u00ed b\u00fadd\u00edskri go\u00f0afr\u00e6\u00f0i Japans.\" \/>\n<meta property=\"og:url\" content=\"https:\/\/iwell-guard.com\/is\/enma-o\/\" \/>\n<meta property=\"og:site_name\" content=\"iWell Guard\" \/>\n<meta property=\"article:modified_time\" content=\"2026-09-05T14:19:04+00:00\" \/>\n<meta property=\"og:image\" content=\"https:\/\/iwell-guard.com\/wp-content\/uploads\/2026\/04\/goetter_japan_enma-o.webp\" \/>\n\t<meta property=\"og:image:width\" content=\"1024\" \/>\n\t<meta property=\"og:image:height\" content=\"1536\" \/>\n\t<meta property=\"og:image:type\" content=\"image\/webp\" \/>\n<meta name=\"twitter:card\" content=\"summary_large_image\" \/>\n<script type=\"application\/ld+json\" class=\"yoast-schema-graph\">{\"@context\":\"https:\\\/\\\/schema.org\",\"@graph\":[{\"@type\":\"WebPage\",\"@id\":\"https:\\\/\\\/iwell-guard.com\\\/is\\\/enma-o\\\/\",\"url\":\"https:\\\/\\\/iwell-guard.com\\\/is\\\/enma-o\\\/\",\"name\":\"Enma-\u014d \u2013 d\u00f3mari hinna d\u00e1nu \u00ed jap\u00f6nskum b\u00faddisma\",\"isPartOf\":{\"@id\":\"https:\\\/\\\/iwell-guard.com\\\/is\\\/#website\"},\"primaryImageOfPage\":{\"@id\":\"https:\\\/\\\/iwell-guard.com\\\/is\\\/enma-o\\\/#primaryimage\"},\"image\":{\"@id\":\"https:\\\/\\\/iwell-guard.com\\\/is\\\/enma-o\\\/#primaryimage\"},\"thumbnailUrl\":\"https:\\\/\\\/iwell-guard.com\\\/wp-content\\\/uploads\\\/2026\\\/04\\\/goetter_japan_enma-o.webp\",\"datePublished\":\"2026-09-05T14:02:52+00:00\",\"dateModified\":\"2026-09-05T14:19:04+00:00\",\"description\":\"Stj\u00f3rnandi jap\u00f6nsku helv\u00edtis Jigoku, karma-stj\u00f3rnun og d\u00f3mur hinna d\u00e1nu \u00ed b\u00fadd\u00edskri go\u00f0afr\u00e6\u00f0i Japans.\",\"breadcrumb\":{\"@id\":\"https:\\\/\\\/iwell-guard.com\\\/is\\\/enma-o\\\/#breadcrumb\"},\"inLanguage\":\"is\",\"potentialAction\":[{\"@type\":\"ReadAction\",\"target\":[\"https:\\\/\\\/iwell-guard.com\\\/is\\\/enma-o\\\/\"]}]},{\"@type\":\"ImageObject\",\"inLanguage\":\"is\",\"@id\":\"https:\\\/\\\/iwell-guard.com\\\/is\\\/enma-o\\\/#primaryimage\",\"url\":\"https:\\\/\\\/iwell-guard.com\\\/wp-content\\\/uploads\\\/2026\\\/04\\\/goetter_japan_enma-o.webp\",\"contentUrl\":\"https:\\\/\\\/iwell-guard.com\\\/wp-content\\\/uploads\\\/2026\\\/04\\\/goetter_japan_enma-o.webp\",\"width\":1024,\"height\":1536,\"caption\":\"Gu\u00f0ir \u00far japanskri hef\u00f0.\"},{\"@type\":\"BreadcrumbList\",\"@id\":\"https:\\\/\\\/iwell-guard.com\\\/is\\\/enma-o\\\/#breadcrumb\",\"itemListElement\":[{\"@type\":\"ListItem\",\"position\":1,\"name\":\"Start\",\"item\":\"https:\\\/\\\/iwell-guard.com\\\/is\\\/?page_id=168580\"},{\"@type\":\"ListItem\",\"position\":2,\"name\":\"Enma-o\"}]},{\"@type\":\"WebSite\",\"@id\":\"https:\\\/\\\/iwell-guard.com\\\/is\\\/#website\",\"url\":\"https:\\\/\\\/iwell-guard.com\\\/is\\\/\",\"name\":\"iWell Guard\",\"description\":\"Schutz vor dunklen Einfl\u00fcssen\",\"publisher\":{\"@id\":\"https:\\\/\\\/iwell-guard.com\\\/is\\\/#organization\"},\"potentialAction\":[{\"@type\":\"SearchAction\",\"target\":{\"@type\":\"EntryPoint\",\"urlTemplate\":\"https:\\\/\\\/iwell-guard.com\\\/is\\\/?s={search_term_string}\"},\"query-input\":{\"@type\":\"PropertyValueSpecification\",\"valueRequired\":true,\"valueName\":\"search_term_string\"}}],\"inLanguage\":\"is\"},{\"@type\":\"Organization\",\"@id\":\"https:\\\/\\\/iwell-guard.com\\\/is\\\/#organization\",\"name\":\"Ittermann electronic GmbH\",\"url\":\"https:\\\/\\\/iwell-guard.com\\\/is\\\/\",\"logo\":{\"@type\":\"ImageObject\",\"inLanguage\":\"is\",\"@id\":\"https:\\\/\\\/iwell-guard.com\\\/is\\\/#\\\/schema\\\/logo\\\/image\\\/\",\"url\":\"https:\\\/\\\/iwell-guard.com\\\/wp-content\\\/uploads\\\/2026\\\/05\\\/Ittermann-Logo-1182x237-1.png\",\"contentUrl\":\"https:\\\/\\\/iwell-guard.com\\\/wp-content\\\/uploads\\\/2026\\\/05\\\/Ittermann-Logo-1182x237-1.png\",\"width\":1182,\"height\":237,\"caption\":\"Ittermann electronic GmbH\"},\"image\":{\"@id\":\"https:\\\/\\\/iwell-guard.com\\\/is\\\/#\\\/schema\\\/logo\\\/image\\\/\"},\"sameAs\":[\"https:\\\/\\\/pantip.com\\\/profile\\\/9367242\",\"https:\\\/\\\/micro.blog\\\/iwellguard\",\"https:\\\/\\\/www.diggerslist.com\\\/iwellguard\\\/about\",\"https:\\\/\\\/skitterphoto.com\\\/photographers\\\/2870314\\\/iwell-guard\",\"https:\\\/\\\/iwellguard.wordpress.com\\\/2026\\\/06\\\/06\\\/iwell-guard\\\/\",\"https:\\\/\\\/hub.docker.com\\\/u\\\/iwellguard\",\"https:\\\/\\\/www.pinterest.com\\\/iwellguard\\\/\",\"https:\\\/\\\/bit.ly\\\/m\\\/iwellguard\",\"https:\\\/\\\/entre-vos-mains.alsace.eu\\\/profiles\\\/iwellguard\\\/activity\",\"https:\\\/\\\/gravatar.com\\\/reallybeded8fd34\",\"https:\\\/\\\/naijamatta.com\\\/iwellguard\",\"https:\\\/\\\/www.goodreads.com\\\/iwellguard\",\"https:\\\/\\\/profile.hatena.ne.jp\\\/iwellguard\\\/\",\"https:\\\/\\\/experiment.com\\\/users\\\/iwellguard\",\"https:\\\/\\\/wakelet.com\\\/@iWellGuard82270\",\"https:\\\/\\\/www.chordie.com\\\/forum\\\/profile.php?id=2555664\",\"https:\\\/\\\/www.instapaper.com\\\/p\\\/17757966\",\"https:\\\/\\\/www.mapleprimes.com\\\/users\\\/iwellguard\",\"https:\\\/\\\/businesslistingplus.com\\\/profile\\\/iwell-guard\\\/\",\"https:\\\/\\\/telegra.ph\\\/iWell-Guard-06-06\",\"https:\\\/\\\/pbase.com\\\/iwellguard\\\/iwellguard\",\"https:\\\/\\\/b.hatena.ne.jp\\\/iwellguard\\\/20260607#bookmark-4788405196491818882\",\"https:\\\/\\\/fliphtml5.com\\\/home\\\/iwellguard\",\"https:\\\/\\\/anyflip.com\\\/homepage\\\/cmiwl#About\",\"https:\\\/\\\/transfur.com\\\/Users\\\/iwellguard\",\"http:\\\/\\\/delphi.larsbo.org\\\/user\\\/iwellguard\",\"https:\\\/\\\/jobs.lajobsportal.org\\\/profiles\\\/8380803-iwell-guard\",\"https:\\\/\\\/md.chaosdorf.de\\\/s\\\/jfbe5SBdJD\",\"https:\\\/\\\/www.lingvolive.com\\\/en-us\\\/profile\\\/9ecaeaca-ce11-4e51-9e71-01d55e2bff36\\\/translations\",\"https:\\\/\\\/www.fitday.com\\\/fitness\\\/forums\\\/members\\\/iwellguard.html\",\"https:\\\/\\\/www.mymeetbook.com\\\/iwellguard\",\"https:\\\/\\\/pxhere.com\\\/en\\\/photographer-me\\\/5040798\",\"https:\\\/\\\/disqus.com\\\/by\\\/iwellguard\\\/about\\\/\",\"https:\\\/\\\/pastelink.net\\\/hjwciqwq\",\"https:\\\/\\\/pubhtml5.com\\\/homepage\\\/scjhn\\\/\",\"https:\\\/\\\/www.bitchute.com\\\/channel\\\/2O2eOKzNqujT\",\"https:\\\/\\\/audiomack.com\\\/iwellguard\"]},{\"@type\":\"Article\",\"@id\":\"https:\\\/\\\/iwell-guard.com\\\/is\\\/enma-o\\\/#article\",\"isPartOf\":{\"@id\":\"https:\\\/\\\/iwell-guard.com\\\/is\\\/enma-o\\\/\"},\"author\":{\"name\":\"Ralf Ittermann\",\"@id\":\"https:\\\/\\\/iwell-guard.com\\\/is\\\/#\\\/schema\\\/person\\\/ee2a27f1cac3406c7c6fb5820cb7349f\"},\"headline\":\"Enma-o\",\"datePublished\":\"2026-09-05T14:02:52+00:00\",\"dateModified\":\"2026-09-05T14:19:04+00:00\",\"mainEntityOfPage\":{\"@id\":\"https:\\\/\\\/iwell-guard.com\\\/is\\\/enma-o\\\/\"},\"publisher\":{\"@id\":\"https:\\\/\\\/iwell-guard.com\\\/is\\\/#organization\"},\"image\":{\"@id\":\"https:\\\/\\\/iwell-guard.com\\\/is\\\/enma-o\\\/#primaryimage\"},\"thumbnailUrl\":\"https:\\\/\\\/iwell-guard.com\\\/wp-content\\\/uploads\\\/2026\\\/04\\\/goetter_japan_enma-o.webp\",\"inLanguage\":\"is\",\"description\":\"Stj\u00f3rnandi jap\u00f6nsku helv\u00edtis Jigoku, karma-stj\u00f3rnun og d\u00f3mur hinna d\u00e1nu \u00ed b\u00fadd\u00edskri go\u00f0afr\u00e6\u00f0i Japans.\"}]}<\/script>\n<!-- \/ Yoast SEO Premium plugin. -->","yoast_head_json":{"title":"Enma-\u014d \u2013 d\u00f3mari hinna d\u00e1nu \u00ed jap\u00f6nskum b\u00faddisma","description":"Stj\u00f3rnandi jap\u00f6nsku helv\u00edtis Jigoku, karma-stj\u00f3rnun og d\u00f3mur hinna d\u00e1nu \u00ed b\u00fadd\u00edskri go\u00f0afr\u00e6\u00f0i Japans.","robots":{"index":"index","follow":"follow","max-snippet":"max-snippet:-1","max-image-preview":"max-image-preview:large","max-video-preview":"max-video-preview:-1"},"canonical":"https:\/\/iwell-guard.com\/is\/enma-o\/","og_locale":"is_IS","og_type":"article","og_title":"Enma-o","og_description":"Stj\u00f3rnandi jap\u00f6nsku helv\u00edtis Jigoku, karma-stj\u00f3rnun og d\u00f3mur hinna d\u00e1nu \u00ed b\u00fadd\u00edskri go\u00f0afr\u00e6\u00f0i Japans.","og_url":"https:\/\/iwell-guard.com\/is\/enma-o\/","og_site_name":"iWell Guard","article_modified_time":"2026-09-05T14:19:04+00:00","og_image":[{"width":1024,"height":1536,"url":"https:\/\/iwell-guard.com\/wp-content\/uploads\/2026\/04\/goetter_japan_enma-o.webp","type":"image\/webp"}],"twitter_card":"summary_large_image","schema":{"@context":"https:\/\/schema.org","@graph":[{"@type":"Article","@id":"https:\/\/iwell-guard.com\/is\/enma-o\/#article","isPartOf":{"@id":"https:\/\/iwell-guard.com\/is\/enma-o\/"},"author":{"name":"Ralf Ittermann","@id":"https:\/\/iwell-guard.com\/is\/#\/schema\/person\/ee2a27f1cac3406c7c6fb5820cb7349f"},"headline":"Enma-o","datePublished":"2026-09-05T14:02:52+00:00","dateModified":"2026-09-05T14:19:04+00:00","mainEntityOfPage":{"@id":"https:\/\/iwell-guard.com\/is\/enma-o\/"},"publisher":{"@id":"https:\/\/iwell-guard.com\/is\/#organization"},"image":{"@id":"https:\/\/iwell-guard.com\/is\/enma-o\/#primaryimage"},"thumbnailUrl":"https:\/\/iwell-guard.com\/wp-content\/uploads\/2026\/04\/goetter_japan_enma-o.webp","inLanguage":"is","description":"Stj\u00f3rnandi jap\u00f6nsku helv\u00edtis Jigoku, karma-stj\u00f3rnun og d\u00f3mur hinna d\u00e1nu \u00ed b\u00fadd\u00edskri go\u00f0afr\u00e6\u00f0i Japans."},{"@type":"WebPage","@id":"https:\/\/iwell-guard.com\/is\/enma-o\/","url":"https:\/\/iwell-guard.com\/is\/enma-o\/","name":"Enma-\u014d \u2013 d\u00f3mari hinna d\u00e1nu \u00ed jap\u00f6nskum b\u00faddisma","isPartOf":{"@id":"https:\/\/iwell-guard.com\/is\/#website"},"primaryImageOfPage":{"@id":"https:\/\/iwell-guard.com\/is\/enma-o\/#primaryimage"},"image":{"@id":"https:\/\/iwell-guard.com\/is\/enma-o\/#primaryimage"},"thumbnailUrl":"https:\/\/iwell-guard.com\/wp-content\/uploads\/2026\/04\/goetter_japan_enma-o.webp","datePublished":"2026-09-05T14:02:52+00:00","dateModified":"2026-09-05T14:19:04+00:00","description":"Stj\u00f3rnandi jap\u00f6nsku helv\u00edtis Jigoku, karma-stj\u00f3rnun og d\u00f3mur hinna d\u00e1nu \u00ed b\u00fadd\u00edskri go\u00f0afr\u00e6\u00f0i Japans.","breadcrumb":{"@id":"https:\/\/iwell-guard.com\/is\/enma-o\/#breadcrumb"},"inLanguage":"is","potentialAction":[{"@type":"ReadAction","target":["https:\/\/iwell-guard.com\/is\/enma-o\/"]}]},{"@type":"ImageObject","inLanguage":"is","@id":"https:\/\/iwell-guard.com\/is\/enma-o\/#primaryimage","url":"https:\/\/iwell-guard.com\/wp-content\/uploads\/2026\/04\/goetter_japan_enma-o.webp","contentUrl":"https:\/\/iwell-guard.com\/wp-content\/uploads\/2026\/04\/goetter_japan_enma-o.webp","width":1024,"height":1536,"caption":"Gu\u00f0ir \u00far japanskri hef\u00f0."},{"@type":"BreadcrumbList","@id":"https:\/\/iwell-guard.com\/is\/enma-o\/#breadcrumb","itemListElement":[{"@type":"ListItem","position":1,"name":"Start","item":"https:\/\/iwell-guard.com\/is\/?page_id=168580"},{"@type":"ListItem","position":2,"name":"Enma-o"}]},{"@type":"WebSite","@id":"https:\/\/iwell-guard.com\/is\/#website","url":"https:\/\/iwell-guard.com\/is\/","name":"iWell Guard","description":"Schutz vor dunklen Einfl\u00fcssen","publisher":{"@id":"https:\/\/iwell-guard.com\/is\/#organization"},"potentialAction":[{"@type":"SearchAction","target":{"@type":"EntryPoint","urlTemplate":"https:\/\/iwell-guard.com\/is\/?s={search_term_string}"},"query-input":{"@type":"PropertyValueSpecification","valueRequired":true,"valueName":"search_term_string"}}],"inLanguage":"is"},{"@type":"Organization","@id":"https:\/\/iwell-guard.com\/is\/#organization","name":"Ittermann electronic GmbH","url":"https:\/\/iwell-guard.com\/is\/","logo":{"@type":"ImageObject","inLanguage":"is","@id":"https:\/\/iwell-guard.com\/is\/#\/schema\/logo\/image\/","url":"https:\/\/iwell-guard.com\/wp-content\/uploads\/2026\/05\/Ittermann-Logo-1182x237-1.png","contentUrl":"https:\/\/iwell-guard.com\/wp-content\/uploads\/2026\/05\/Ittermann-Logo-1182x237-1.png","width":1182,"height":237,"caption":"Ittermann electronic GmbH"},"image":{"@id":"https:\/\/iwell-guard.com\/is\/#\/schema\/logo\/image\/"},"sameAs":["https:\/\/pantip.com\/profile\/9367242","https:\/\/micro.blog\/iwellguard","https:\/\/www.diggerslist.com\/iwellguard\/about","https:\/\/skitterphoto.com\/photographers\/2870314\/iwell-guard","https:\/\/iwellguard.wordpress.com\/2026\/06\/06\/iwell-guard\/","https:\/\/hub.docker.com\/u\/iwellguard","https:\/\/www.pinterest.com\/iwellguard\/","https:\/\/bit.ly\/m\/iwellguard","https:\/\/entre-vos-mains.alsace.eu\/profiles\/iwellguard\/activity","https:\/\/gravatar.com\/reallybeded8fd34","https:\/\/naijamatta.com\/iwellguard","https:\/\/www.goodreads.com\/iwellguard","https:\/\/profile.hatena.ne.jp\/iwellguard\/","https:\/\/experiment.com\/users\/iwellguard","https:\/\/wakelet.com\/@iWellGuard82270","https:\/\/www.chordie.com\/forum\/profile.php?id=2555664","https:\/\/www.instapaper.com\/p\/17757966","https:\/\/www.mapleprimes.com\/users\/iwellguard","https:\/\/businesslistingplus.com\/profile\/iwell-guard\/","https:\/\/telegra.ph\/iWell-Guard-06-06","https:\/\/pbase.com\/iwellguard\/iwellguard","https:\/\/b.hatena.ne.jp\/iwellguard\/20260607#bookmark-4788405196491818882","https:\/\/fliphtml5.com\/home\/iwellguard","https:\/\/anyflip.com\/homepage\/cmiwl#About","https:\/\/transfur.com\/Users\/iwellguard","http:\/\/delphi.larsbo.org\/user\/iwellguard","https:\/\/jobs.lajobsportal.org\/profiles\/8380803-iwell-guard","https:\/\/md.chaosdorf.de\/s\/jfbe5SBdJD","https:\/\/www.lingvolive.com\/en-us\/profile\/9ecaeaca-ce11-4e51-9e71-01d55e2bff36\/translations","https:\/\/www.fitday.com\/fitness\/forums\/members\/iwellguard.html","https:\/\/www.mymeetbook.com\/iwellguard","https:\/\/pxhere.com\/en\/photographer-me\/5040798","https:\/\/disqus.com\/by\/iwellguard\/about\/","https:\/\/pastelink.net\/hjwciqwq","https:\/\/pubhtml5.com\/homepage\/scjhn\/","https:\/\/www.bitchute.com\/channel\/2O2eOKzNqujT","https:\/\/audiomack.com\/iwellguard"]},{"@type":"Person","@id":"https:\/\/iwell-guard.com\/is\/#\/schema\/person\/ee2a27f1cac3406c7c6fb5820cb7349f","name":"Ralf Ittermann","image":{"@type":"ImageObject","inLanguage":"is","@id":"https:\/\/secure.gravatar.com\/avatar\/073c0153e350a5005b68eb752b445fea71f6b24a26da9449ad7e155e6b446c9d?s=96&d=mm&r=g","url":"https:\/\/secure.gravatar.com\/avatar\/073c0153e350a5005b68eb752b445fea71f6b24a26da9449ad7e155e6b446c9d?s=96&d=mm&r=g","contentUrl":"https:\/\/secure.gravatar.com\/avatar\/073c0153e350a5005b68eb752b445fea71f6b24a26da9449ad7e155e6b446c9d?s=96&d=mm&r=g","caption":"Ralf Ittermann"},"givenName":"Ralf","familyName":"Ittermann","jobTitle":"Gesch\u00e4ftsf\u00fchrer und redaktioneller Verantwortlicher","url":"https:\/\/iwell-guard.com\/is\/author\/claude\/","description":"Ralf Ittermann ist Gesch\u00e4ftsf\u00fchrer der Ittermann electronic GmbH und redaktioneller Verantwortlicher des iWell-Guard-Lexikons. Er verbindet langj\u00e4hrige Erfahrung in der Pr\u00e4zisionsfertigung mit medialer Praxis und religionsgeschichtlicher Quellenarbeit.","worksFor":{"@type":"Organization","name":"Ittermann electronic GmbH","url":"https:\/\/ittermann.de\/","address":{"@type":"PostalAddress","streetAddress":"K\u00f6hlergasse 16-18","postalCode":"99842","addressLocality":"Ruhla","addressCountry":"DE"}},"knowsAbout":["Religionsgeschichte","Mythologie","Mediale Praxis","Energetische Diagnostik","Schutzpraxis","Volksglauben","Westliche Esoterik"]},{"@type":"Article","@id":"https:\/\/iwell-guard.com\/is\/enma-o\/#article","isPartOf":{"@id":"https:\/\/iwell-guard.com\/is\/enma-o\/"},"author":{"name":"Ralf Ittermann","@id":"https:\/\/iwell-guard.com\/is\/#\/schema\/person\/ee2a27f1cac3406c7c6fb5820cb7349f"},"headline":"Enma-o","datePublished":"2026-09-05T14:02:52+00:00","dateModified":"2026-09-05T14:19:04+00:00","mainEntityOfPage":{"@id":"https:\/\/iwell-guard.com\/is\/enma-o\/"},"publisher":{"@id":"https:\/\/iwell-guard.com\/is\/#organization"},"image":{"@id":"https:\/\/iwell-guard.com\/is\/enma-o\/#primaryimage"},"thumbnailUrl":"https:\/\/iwell-guard.com\/wp-content\/uploads\/2026\/04\/goetter_japan_enma-o.webp","inLanguage":"is","description":"Stj\u00f3rnandi jap\u00f6nsku helv\u00edtis Jigoku, karma-stj\u00f3rnun og d\u00f3mur hinna d\u00e1nu \u00ed b\u00fadd\u00edskri go\u00f0afr\u00e6\u00f0i Japans."}]}},"_links":{"self":[{"href":"https:\/\/iwell-guard.com\/is\/wp-json\/wp\/v2\/pages\/168773","targetHints":{"allow":["GET"]}}],"collection":[{"href":"https:\/\/iwell-guard.com\/is\/wp-json\/wp\/v2\/pages"}],"about":[{"href":"https:\/\/iwell-guard.com\/is\/wp-json\/wp\/v2\/types\/page"}],"author":[{"embeddable":true,"href":"https:\/\/iwell-guard.com\/is\/wp-json\/wp\/v2\/users\/3"}],"replies":[{"embeddable":true,"href":"https:\/\/iwell-guard.com\/is\/wp-json\/wp\/v2\/comments?post=168773"}],"version-history":[{"count":0,"href":"https:\/\/iwell-guard.com\/is\/wp-json\/wp\/v2\/pages\/168773\/revisions"}],"wp:featuredmedia":[{"embeddable":true,"href":"https:\/\/iwell-guard.com\/is\/wp-json\/wp\/v2\/media\/1732"}],"wp:attachment":[{"href":"https:\/\/iwell-guard.com\/is\/wp-json\/wp\/v2\/media?parent=168773"}],"wp:term":[{"taxonomy":"category","embeddable":true,"href":"https:\/\/iwell-guard.com\/is\/wp-json\/wp\/v2\/categories?post=168773"}],"curies":[{"name":"wp","href":"https:\/\/api.w.org\/{rel}","templated":true}]}}