{"id":168768,"date":"2026-09-05T14:02:49","date_gmt":"2026-09-05T14:02:49","guid":{"rendered":"https:\/\/iwell-guard.com\/?page_id=168768"},"modified":"2026-09-05T14:18:55","modified_gmt":"2026-09-05T14:18:55","slug":"yama","status":"publish","type":"page","link":"https:\/\/iwell-guard.com\/is\/yama\/","title":{"rendered":"Yama"},"content":{"rendered":"\t\t<div data-elementor-type=\"wp-page\" data-elementor-id=\"168768\" class=\"elementor elementor-168768 elementor-1997 elementor-bc-flex-widget\" data-elementor-post-type=\"page\">\n\t\t\t\t<div class=\"elementor-element elementor-element-10fdade e-flex e-con-boxed e-con e-parent\" data-id=\"10fdade\" data-element_type=\"container\" data-e-type=\"container\" data-settings=\"{&quot;background_background&quot;:&quot;classic&quot;}\">\n\t\t\t\t\t<div class=\"e-con-inner\">\n\t\t<div class=\"elementor-element elementor-element-herohlft0 e-flex e-con-boxed e-con e-child\" data-id=\"herohlft0\" data-element_type=\"container\" data-e-type=\"container\">\n\t\t\t\t\t<div class=\"e-con-inner\">\n\t\t<div class=\"elementor-element elementor-element-c3ceb64 e-con-full e-flex e-con e-child\" data-id=\"c3ceb64\" data-element_type=\"container\" data-e-type=\"container\">\n\t\t\t\t<div class=\"elementor-element elementor-element-96ae5e1 elementor-widget elementor-widget-heading\" data-id=\"96ae5e1\" data-element_type=\"widget\" data-e-type=\"widget\" data-widget_type=\"heading.default\">\n\t\t\t\t\t<h1 class=\"elementor-heading-title elementor-size-default\">Yama, gu\u00f0 \u00ed hind\u00faahef\u00f0inni<\/h1>\t\t\t\t<\/div>\n\t\t\t\t<div class=\"elementor-element elementor-element-e45238a elementor-widget elementor-widget-text-editor\" data-id=\"e45238a\" data-element_type=\"widget\" data-e-type=\"widget\" data-widget_type=\"text-editor.default\">\n\t\t\t\t\t\t\t\t\t<p>Yama er gu\u00f0 \u00ed hind\u00fa\u00edskri hef\u00f0.<\/p><p><strong>Fyrsti dau\u00f0legi ma\u00f0urinn, gu\u00f0 dau\u00f0ans og d\u00f3mari s\u00e1lnanna.<\/strong> Yama er ein af elstu gu\u00f0um Indlands, ekki illur heldur \u00f3umfl\u00fdjanlegur eins og dau\u00f0inn sj\u00e1lfur. Sem fyrsti ma\u00f0urinn sem d\u00f3 var\u00f0 hann drottnari handan grafar, hi\u00f0 svokalla\u00f0a *Yamadharma*, <span class=\"iwg-fachbegriff\" tabindex=\"0\" data-tooltip=\"\u00cd hind\u00faisma skylda og heimsskipulag; \u00ed b\u00faddisma kenning B\u00fadda.\">Dharma<\/span> dau\u00f0ans.<\/p><p>Me\u00f0 staf s\u00ednum (*Danda*) og tr\u00faum buffala s\u00ednum *Nandi* fer Yama um heiminn, gr\u00edpur s\u00e1lir hinna deyjandi og lei\u00f0ir \u00fe\u00e6r fyrir d\u00f3minn. \u00cd hind\u00faisma er hann ekki <span class=\"iwg-fachbegriff\" data-tooltip=\"Andleg vera sem eignu\u00f0 er ska\u00f0leg e\u00f0a tv\u00edr\u00e6\u00f0 \u00e1hrif.\" tabindex=\"0\">dj\u00f6full<\/span>, heldur nau\u00f0synlegt afl heimsskipulagsins.<\/p>\t\t\t\t\t\t\t\t<\/div>\n\t\t\t\t<\/div>\n\t\t<div class=\"elementor-element elementor-element-klsbdg01 e-con-full e-flex e-con e-parent\" data-id=\"klsbdg01\" data-element_type=\"container\" data-e-type=\"container\">\n\t\t\t\t<div class=\"elementor-element elementor-element-klshtm01 elementor-widget elementor-widget-html\" data-id=\"klshtm01\" data-element_type=\"widget\" data-e-type=\"widget\" data-widget_type=\"html.default\">\n\t\t\t\t\t<div class=\"iwg-pill-row\"><span class=\"iwg-klasse-badge\" tabindex=\"0\" data-tooltip=\"Gu\u00f0 \/ gy\u00f0ja: pers\u00f3nuger\u00f0 \u00e6\u00f0sta vald \u00ed go\u00f0heimi menningar, me\u00f0 sk\u00fdr valdsvi\u00f0, n\u00e1tt\u00faru\u00f6fl, \u00f6rl\u00f6g, str\u00ed\u00f0, frj\u00f3semi. Tilbe\u00f0in me\u00f0 d\u00fdrkun, f\u00f3rnum og hofastofnunum.\">Gu\u00f0<\/span><a href=\"https:\/\/iwell-guard.com\/is\/?page_id=168641\" class=\"iwg-kultur-badge\" tabindex=\"0\" data-tooltip=\"Hind\u00faagu\u00f0ir, as\u00farur og verndarheimar, fr\u00e1 v\u00e9da- til tantrahef\u00f0ar.\">Hind\u00faismi<\/a><a href=\"https:\/\/iwell-guard.com\/is\/?page_id=168709\" class=\"iwg-tradition-badge\" tabindex=\"0\" data-tooltip=\"Gu\u00f0ir undirheima og dau\u00f0ans, drottnarar handanheimsins, d\u00f3marar hinna dau\u00f0u, lei\u00f0s\u00f6gumenn s\u00e1lna.\">D\u00e1nargu\u00f0<\/a><\/div>\t\t\t\t<\/div>\n\t\t\t\t<\/div>\n\t\t<div class=\"elementor-element elementor-element-3f74855 e-con-full e-flex e-con e-child\" data-id=\"3f74855\" data-element_type=\"container\" data-e-type=\"container\">\n\t\t\t\t<div class=\"elementor-element elementor-element-1c30362 elementor-toc--minimized-on-tablet elementor-widget elementor-widget-table-of-contents\" data-id=\"1c30362\" data-element_type=\"widget\" data-e-type=\"widget\" data-settings=\"{&quot;exclude_headings_by_selector&quot;:[],&quot;no_headings_message&quot;:&quot;Engar undirfyrirsagnir fundust \\u00e1 \\u00feessari s\\u00ed\\u00f0u.&quot;,&quot;headings_by_tags&quot;:[&quot;h2&quot;,&quot;h3&quot;],&quot;marker_view&quot;:&quot;bullets&quot;,&quot;minimize_box&quot;:&quot;yes&quot;,&quot;icon&quot;:{&quot;value&quot;:&quot;fas fa-circle&quot;,&quot;library&quot;:&quot;fa-solid&quot;,&quot;rendered_tag&quot;:&quot;&lt;svg class=\\&quot;e-font-icon-svg e-fas-circle\\&quot; viewBox=\\&quot;0 0 512 512\\&quot; xmlns=\\&quot;http:\\\/\\\/www.w3.org\\\/2000\\\/svg\\&quot;&gt;&lt;path d=\\&quot;M256 8C119 8 8 119 8 256s111 248 248 248 248-111 248-248S393 8 256 8z\\&quot;&gt;&lt;\\\/path&gt;&lt;\\\/svg&gt;&quot;},&quot;minimized_on&quot;:&quot;tablet&quot;,&quot;hierarchical_view&quot;:&quot;yes&quot;,&quot;min_height&quot;:{&quot;unit&quot;:&quot;px&quot;,&quot;size&quot;:&quot;&quot;,&quot;sizes&quot;:[]},&quot;min_height_tablet&quot;:{&quot;unit&quot;:&quot;px&quot;,&quot;size&quot;:&quot;&quot;,&quot;sizes&quot;:[]},&quot;min_height_mobile&quot;:{&quot;unit&quot;:&quot;px&quot;,&quot;size&quot;:&quot;&quot;,&quot;sizes&quot;:[]}}\" data-widget_type=\"table-of-contents.default\">\n\t\t\t\t\t\t\t\t\t<div class=\"elementor-toc__header\">\n\t\t\t\t\t\t<h2 class=\"elementor-toc__header-title\">\n\t\t\t\tEfnisyfirlit\t\t\t<\/h2>\n\t\t\t\t\t\t\t\t\t\t<div class=\"elementor-toc__toggle-button elementor-toc__toggle-button--expand\" role=\"button\" tabindex=\"0\" aria-controls=\"elementor-toc__1c30362\" aria-expanded=\"true\" aria-label=\"Open table of contents\"><svg aria-hidden=\"true\" class=\"e-font-icon-svg e-fas-chevron-down\" viewBox=\"0 0 448 512\" xmlns=\"http:\/\/www.w3.org\/2000\/svg\"><path d=\"M207.029 381.476L12.686 187.132c-9.373-9.373-9.373-24.569 0-33.941l22.667-22.667c9.357-9.357 24.522-9.375 33.901-.04L224 284.505l154.745-154.021c9.379-9.335 24.544-9.317 33.901.04l22.667 22.667c9.373 9.373 9.373 24.569 0 33.941L240.971 381.476c-9.373 9.372-24.569 9.372-33.942 0z\"><\/path><\/svg><\/div>\n\t\t\t\t<div class=\"elementor-toc__toggle-button elementor-toc__toggle-button--collapse\" role=\"button\" tabindex=\"0\" aria-controls=\"elementor-toc__1c30362\" aria-expanded=\"true\" aria-label=\"Close table of contents\"><svg aria-hidden=\"true\" class=\"e-font-icon-svg e-fas-chevron-up\" viewBox=\"0 0 448 512\" xmlns=\"http:\/\/www.w3.org\/2000\/svg\"><path d=\"M240.971 130.524l194.343 194.343c9.373 9.373 9.373 24.569 0 33.941l-22.667 22.667c-9.357 9.357-24.522 9.375-33.901.04L224 227.495 69.255 381.516c-9.379 9.335-24.544 9.317-33.901-.04l-22.667-22.667c-9.373-9.373-9.373-24.569 0-33.941L207.03 130.525c9.372-9.373 24.568-9.373 33.941-.001z\"><\/path><\/svg><\/div>\n\t\t\t\t\t<\/div>\n\t\t\t\t<div id=\"elementor-toc__1c30362\" class=\"elementor-toc__body\">\n\t\t\t<div class=\"elementor-toc__spinner-container\">\n\t\t\t\t<svg class=\"elementor-toc__spinner eicon-animation-spin e-font-icon-svg e-eicon-loading\" aria-hidden=\"true\" viewBox=\"0 0 1000 1000\" xmlns=\"http:\/\/www.w3.org\/2000\/svg\"><path d=\"M500 975V858C696 858 858 696 858 500S696 142 500 142 142 304 142 500H25C25 237 238 25 500 25S975 237 975 500 763 975 500 975Z\"><\/path><\/svg>\t\t\t<\/div>\n\t\t<\/div>\n\t\t\t\t\t\t<\/div>\n\t\t\t\t<\/div>\n\t\t\t\t\t<\/div>\n\t\t\t\t<\/div>\n\t\t<div class=\"elementor-element elementor-element-herorght0 e-con-full e-flex e-con e-child\" data-id=\"herorght0\" data-element_type=\"container\" data-e-type=\"container\">\n\t\t\t\t<div class=\"elementor-element elementor-element-heroimg00 iwg-hero-image elementor-widget elementor-widget-image\" data-id=\"heroimg00\" data-element_type=\"widget\" data-e-type=\"widget\" data-widget_type=\"image.default\">\n\t\t\t\t\t\t\t\t\t\t\t\t\t\t\t<img fetchpriority=\"high\" decoding=\"async\" width=\"683\" height=\"1024\" src=\"https:\/\/iwell-guard.com\/wp-content\/uploads\/2026\/04\/goetter_hinduismus_yama-683x1024.webp\" class=\"attachment-large size-large wp-image-170971\" alt=\"Yama - Gu\u00f0ir \u00far hind\u00faad\u00f3mi-hef\u00f0inni, s\u00f6guleg-myndskreytandi\" srcset=\"https:\/\/iwell-guard.com\/wp-content\/uploads\/2026\/04\/goetter_hinduismus_yama-683x1024.webp 683w, https:\/\/iwell-guard.com\/wp-content\/uploads\/2026\/04\/goetter_hinduismus_yama-200x300.webp 200w, https:\/\/iwell-guard.com\/wp-content\/uploads\/2026\/04\/goetter_hinduismus_yama-768x1152.webp 768w, https:\/\/iwell-guard.com\/wp-content\/uploads\/2026\/04\/goetter_hinduismus_yama.webp 1024w\" sizes=\"(max-width: 683px) 100vw, 683px\" \/>\t\t\t\t\t\t\t\t\t\t\t\t\t\t\t<\/div>\n\t\t\t\t<\/div>\n\t\t\t\t\t<\/div>\n\t\t\t\t<\/div>\n\t\t<div class=\"elementor-element elementor-element-32917199 e-flex e-con-boxed e-con e-parent\" data-id=\"32917199\" data-element_type=\"container\" data-e-type=\"container\">\n\t\t\t\t\t<div class=\"e-con-inner\">\n\t\t<div class=\"elementor-element elementor-element-26e916cb e-flex e-con-boxed e-con e-child\" data-id=\"26e916cb\" data-element_type=\"container\" data-e-type=\"container\">\n\t\t\t\t\t<div class=\"e-con-inner\">\n\t\t<div class=\"elementor-element elementor-element-253a40d4 e-flex e-con-boxed e-con e-child\" data-id=\"253a40d4\" data-element_type=\"container\" data-e-type=\"container\">\n\t\t\t\t\t<div class=\"e-con-inner\">\n\t\t\t\t<div class=\"elementor-element elementor-element-1200c304 elementor-widget elementor-widget-heading\" data-id=\"1200c304\" data-element_type=\"widget\" data-e-type=\"widget\" data-widget_type=\"heading.default\">\n\t\t\t\t\t<h2 class=\"elementor-heading-title elementor-size-default\">Yama<\/h2>\t\t\t\t<\/div>\n\t\t\t\t\t<\/div>\n\t\t\t\t<\/div>\n\t\t<div class=\"elementor-element elementor-element-159dcf9a e-flex e-con-boxed e-con e-child\" data-id=\"159dcf9a\" data-element_type=\"container\" data-e-type=\"container\">\n\t\t\t\t\t<div class=\"e-con-inner\">\n\t\t\t\t<div class=\"elementor-element elementor-element-48cee66f elementor-widget elementor-widget-heading\" data-id=\"48cee66f\" data-element_type=\"widget\" data-e-type=\"widget\" data-widget_type=\"heading.default\">\n\t\t\t\t\t<div class=\"elementor-heading-title elementor-size-default\">\u00cd hnotskurn: Yama<\/div>\t\t\t\t<\/div>\n\t\t\t\t<div class=\"elementor-element elementor-element-3f50d82c elementor-widget elementor-widget-text-editor\" data-id=\"3f50d82c\" data-element_type=\"widget\" data-e-type=\"widget\" data-widget_type=\"text-editor.default\">\n\t\t\t\t\t\t\t\t\t<p><strong>Tegund:<\/strong> Hind\u00fa-b\u00fadd\u00edsk a\u00f0algu\u00f0, dau\u00f0ad\u00f3mari og drottnari undirheima<br><span class=\"iwg-fachbegriff\" data-tooltip=\"Heild gu\u00f0a \u00ed tr\u00faarbr\u00f6g\u00f0um e\u00f0a menningu.\" tabindex=\"0\">Pantheon<\/span>: Hind\u00faismi, b\u00faddismi (Yamaraja), T\u00edbet (Yama-Dharmaraja)<br>Hlutverk: Fyrsti dau\u00f0legi ma\u00f0urinn sem upplif\u00f0i dau\u00f0ann; n\u00fa d\u00f3mari allra hinna d\u00e1nu, herra Naraka<br>A\u00f0aleinkenni: Svartur buffali sem rei\u00f0skj\u00f3ti, kylfa (Danda), snara (Pasha), b\u00f3k hinna d\u00e1nu<br>A\u00f0altilbei\u00f0slusta\u00f0ir: Yama-<span class=\"iwg-fachbegriff\" data-tooltip=\"Bygging sem er \u00e6tlu\u00f0 til tilbei\u00f0slu \u00e1 einum e\u00f0a fleiri gu\u00f0um.\" tabindex=\"0\">hof<\/span> \u00ed Tamil Nadu, t\u00edbetsk klaustur (Cham-dans), Japan (Enma-O)<br>B\u00fadd\u00edsk sams\u00f6mun: Yamaraja (einnig \u00ed T\u00edbet), Enma-O (Japan), Yeomra (Korea)<\/p>\t\t\t\t\t\t\t\t<\/div>\n\t\t\t\t\t<\/div>\n\t\t\t\t<\/div>\n\t\t\t\t\t<\/div>\n\t\t\t\t<\/div>\n\t\t\t\t\t<\/div>\n\t\t\t\t<\/div>\n\t\t<div class=\"elementor-element elementor-element-18613602 e-flex e-con-boxed e-con e-parent\" data-id=\"18613602\" data-element_type=\"container\" data-e-type=\"container\">\n\t\t\t\t\t<div class=\"e-con-inner\">\n\t\t\t\t<div class=\"elementor-element elementor-element-262b8a9f elementor-widget elementor-widget-heading\" data-id=\"262b8a9f\" data-element_type=\"widget\" data-e-type=\"widget\" data-widget_type=\"heading.default\">\n\t\t\t\t\t<h2 class=\"elementor-heading-title elementor-size-default\">Yfirlit<\/h2>\t\t\t\t<\/div>\n\t\t<div class=\"elementor-element elementor-element-46dcb7d e-con-full e-flex e-con e-child\" data-id=\"46dcb7d\" data-element_type=\"container\" data-e-type=\"container\">\n\t\t<div class=\"elementor-element elementor-element-61d3ab3 e-flex e-con-boxed e-con e-child\" data-id=\"61d3ab3\" data-element_type=\"container\" data-e-type=\"container\">\n\t\t\t\t\t<div class=\"e-con-inner\">\n\t\t\t\t<div class=\"elementor-element elementor-element-117c166 elementor-widget elementor-widget-heading\" data-id=\"117c166\" data-element_type=\"widget\" data-e-type=\"widget\" data-widget_type=\"heading.default\">\n\t\t\t\t\t<div class=\"elementor-heading-title elementor-size-default\">T\u00edmabil textanna<\/div>\t\t\t\t<\/div>\n\t\t\t\t<div class=\"elementor-element elementor-element-73997a0 elementor-widget elementor-widget-text-editor\" data-id=\"73997a0\" data-element_type=\"widget\" data-e-type=\"widget\" data-widget_type=\"text-editor.default\">\n\t\t\t\t\t\t\t\t\t<p>Yama er skjalfestur \u00ed <em>Rigveda<\/em> (1200\u2013900 f.Kr.) sem fyrsti dau\u00f0legi ma\u00f0urinn, s\u00e1 sem fyrstur f\u00f3r lei\u00f0ina inn \u00ed heim hinna d\u00e1nu og r\u00e6\u00f0ur \u00fear r\u00edkjum. \u00cd s\u00ed\u00f0ari ep\u00edskri hef\u00f0 (<em>Mahabharata<\/em>) ver\u00f0ur hann strengur dau\u00f0ad\u00f3mari.<\/p><p>\u00cd b\u00faddisma yfirtekinn sem <em>Yamaraja<\/em>, me\u00f0 \u00fatv\u00edkku\u00f0um helv\u00edtis-heimsmyndum. \u00cd T\u00edbet fr\u00e1 8. \u00f6ld e.Kr. sem Yama-Dharmaraja \u00ed hinum rei\u00f0ilega gu\u00f0a-pantheonum. \u00cd Austur-As\u00edu sem Enma-O \/ Yeomra \/ Yanluo, hver me\u00f0 s\u00ednum sta\u00f0bundnu a\u00f0l\u00f6gunum.<\/p>\t\t\t\t\t\t\t\t<\/div>\n\t\t\t\t\t<\/div>\n\t\t\t\t<\/div>\n\t\t<div class=\"elementor-element elementor-element-d47b156 e-flex e-con-boxed e-con e-child\" data-id=\"d47b156\" data-element_type=\"container\" data-e-type=\"container\">\n\t\t\t\t\t<div class=\"e-con-inner\">\n\t\t\t\t<div class=\"elementor-element elementor-element-ff38c2b elementor-widget elementor-widget-heading\" data-id=\"ff38c2b\" data-element_type=\"widget\" data-e-type=\"widget\" data-widget_type=\"heading.default\">\n\t\t\t\t\t<div class=\"elementor-heading-title elementor-size-default\">\u00datbrei\u00f0slusv\u00e6\u00f0i<\/div>\t\t\t\t<\/div>\n\t\t\t\t<div class=\"elementor-element elementor-element-4e49fcc elementor-widget elementor-widget-text-editor\" data-id=\"4e49fcc\" data-element_type=\"widget\" data-e-type=\"widget\" data-widget_type=\"text-editor.default\">\n\t\t\t\t\t\t\t\t\t<p>\u00c1 Indlandi eru <span class=\"iwg-fachbegriff\" data-tooltip=\"Bygging sem er \u00e6tlu\u00f0 til tilbei\u00f0slu \u00e1 einum e\u00f0a fleiri gu\u00f0um.\" tabindex=\"0\">hof<\/span> til Yama sjaldg\u00e6f, dau\u00f0ad\u00f3marinn er hr\u00e6ddur en ekki d\u00fdrka\u00f0ur sem sl\u00edkur. Mikilv\u00e6gust: Yamadharma-<span class=\"iwg-fachbegriff\" data-tooltip=\"Bygging sem er \u00e6tlu\u00f0 til tilbei\u00f0slu \u00e1 einum e\u00f0a fleiri gu\u00f0um.\" tabindex=\"0\">hof<\/span> \u00ed Tamil Nadu, Yama-Mandir \u00ed Nepal. \u00cd T\u00edbet er hann mi\u00f0l\u00e6gur \u00ed Cham-dans-s\u00fdningum Gelug-klaustranna (s\u00e9rstaklega Drepung, Gand\u00e4n, Sera). \u00cd Japan er hann \u00ed hverjum b\u00fadd\u00edskum grafreit sem Enma-O-stytta. \u00cd K\u00f3reu: Yeomra \u00ed sjamanist\u00edskri Mu-sok-hef\u00f0.<\/p>\t\t\t\t\t\t\t\t<\/div>\n\t\t\t\t\t<\/div>\n\t\t\t\t<\/div>\n\t\t\t\t<\/div>\n\t\t<div class=\"elementor-element elementor-element-db03c39 e-con-full e-flex e-con e-child\" data-id=\"db03c39\" data-element_type=\"container\" data-e-type=\"container\">\n\t\t<div class=\"elementor-element elementor-element-229a87b e-flex e-con-boxed e-con e-child\" data-id=\"229a87b\" data-element_type=\"container\" data-e-type=\"container\">\n\t\t\t\t\t<div class=\"e-con-inner\">\n\t\t\t\t<div class=\"elementor-element elementor-element-1f471fc elementor-widget elementor-widget-heading\" data-id=\"1f471fc\" data-element_type=\"widget\" data-e-type=\"widget\" data-widget_type=\"heading.default\">\n\t\t\t\t\t<div class=\"elementor-heading-title elementor-size-default\">Heimildasta\u00f0a<\/div>\t\t\t\t<\/div>\n\t\t\t\t<div class=\"elementor-element elementor-element-36b1201 elementor-widget elementor-widget-text-editor\" data-id=\"36b1201\" data-element_type=\"widget\" data-e-type=\"widget\" data-widget_type=\"text-editor.default\">\n\t\t\t\t\t\t\t\t\t<p>Meginheimildir: <em>Rigveda<\/em> X 14\u201318 (Yama sem fyrsti hinn d\u00e1ni), <em>Atharvaveda<\/em>, <em>Mahabharata<\/em> (B\u00f3k I, Sabha-Parva: l\u00fdsing Yama-Sabh\u00e2), <em>Markandeya Purana<\/em>, <em>Garuda Purana<\/em> (l\u00fdsingar \u00e1 helv\u00edti). B\u00fadd\u00edskt: <em>Devadhamma-Sutta<\/em>, t\u00edbetska <em>Bardo Thodol<\/em>. Fr\u00e6\u00f0irit: O&#8217;Flaherty, <em>The Origins of Evil in Hindu Mythology<\/em>; Doniger, <em>Hindu Myths<\/em>; Lopez, <em>The Tibetan Book of the Dead<\/em>.<\/p>\t\t\t\t\t\t\t\t<\/div>\n\t\t\t\t\t<\/div>\n\t\t\t\t<\/div>\n\t\t\t\t<\/div>\n\t\t\t\t\t<\/div>\n\t\t\t\t<\/div>\n\t\t<div class=\"elementor-element elementor-element-3ae0637c e-flex e-con-boxed e-con e-parent\" data-id=\"3ae0637c\" data-element_type=\"container\" data-e-type=\"container\">\n\t\t\t\t\t<div class=\"e-con-inner\">\n\t\t\t\t<div class=\"elementor-element elementor-element-31d07739 elementor-widget elementor-widget-heading\" data-id=\"31d07739\" data-element_type=\"widget\" data-e-type=\"widget\" data-widget_type=\"heading.default\">\n\t\t\t\t\t<h2 class=\"elementor-heading-title elementor-size-default\">Nafn<\/h2>\t\t\t\t<\/div>\n\t\t<div class=\"elementor-element elementor-element-b7642947 e-con-full e-flex e-con e-child\" data-id=\"b7642947\" data-element_type=\"container\" data-e-type=\"container\">\n\t\t\t\t<div class=\"elementor-element elementor-element-a086266 elementor-widget elementor-widget-text-editor\" data-id=\"a086266\" data-element_type=\"widget\" data-e-type=\"widget\" data-widget_type=\"text-editor.default\">\n\t\t\t\t\t\t\t\t\t<p>Yama er s\u00fdndur sem gr\u00e6nh\u00fa\u00f0a\u00f0ur e\u00f0a rau\u00f0leitur ma\u00f0ur, oft \u00ed konunglegri herkl\u00e6\u00f0um. Hann ber staf (<em>Danda<\/em>), t\u00e1kn um refsingu og reglu, og oft sn\u00f6ru (<em>Pasha<\/em>) til a\u00f0 binda s\u00e1lirnar.<\/p><p>Buffali hans <em>Nandi<\/em> er mikilv\u00e6gasta d\u00fdri\u00f0; sums sta\u00f0ar r\u00ed\u00f0ur hann einnig hestum e\u00f0a blandast me\u00f0al hinna lifandi. \u00cd s\u00ed\u00f0ari myndr\u00e6num textum hefur hann gr\u00e6nt e\u00f0a gr\u00e1-svart andlit.<\/p>\t\t\t\t\t\t\t\t<\/div>\n\t\t\t\t<\/div>\n\t\t\t\t\t<\/div>\n\t\t\t\t<\/div>\n\t\t<div class=\"elementor-element elementor-element-709a44a8 e-flex e-con-boxed e-con e-parent\" data-id=\"709a44a8\" data-element_type=\"container\" data-e-type=\"container\">\n\t\t\t\t\t<div class=\"e-con-inner\">\n\t\t\t\t<div class=\"elementor-element elementor-element-2f585873 elementor-widget elementor-widget-heading\" data-id=\"2f585873\" data-element_type=\"widget\" data-e-type=\"widget\" data-widget_type=\"heading.default\">\n\t\t\t\t\t<h2 class=\"elementor-heading-title elementor-size-default\">L\u00fdsing<\/h2>\t\t\t\t<\/div>\n\t\t<div class=\"elementor-element elementor-element-70621c12 e-con-full e-flex e-con e-child\" data-id=\"70621c12\" data-element_type=\"container\" data-e-type=\"container\">\n\t\t\t\t<div class=\"elementor-element elementor-element-4296eb49 elementor-widget elementor-widget-text-editor\" data-id=\"4296eb49\" data-element_type=\"widget\" data-e-type=\"widget\" data-widget_type=\"text-editor.default\">\n\t\t\t\t\t\t\t\t\t<p>Yama er s\u00e1 \u00f3umdeilda d\u00f3mari. Engin blekking sleppur undan honum. \u00deegar l\u00edfst\u00edmanum l\u00fdkur kemur Yama sj\u00e1lfur, e\u00f0a sendima\u00f0ur hans Chitragupta, sem heldur b\u00f3khald, til a\u00f0 taka s\u00e1lina. S\u00e1lin er \u00fe\u00e1 flutt \u00ed <em>Yamaloka<\/em>, \u00fear sem verk hennar (<em>Karma<\/em>) eru vegin.<\/p><p>Eftir <span class=\"iwg-fachbegriff\" tabindex=\"0\" data-tooltip=\"\u00cd hind\u00faisma, b\u00faddisma og ja\u00ednisma l\u00f6gm\u00e1l orsaka og aflei\u00f0inga verka: hver ath\u00f6fn hefur \u00e1hrif \u00e1 s\u00ed\u00f0ari tilvist.\">Karma<\/span> fylgir refsing (<em>Naraka<\/em>) e\u00f0a laun (<em>Swarga<\/em>) fyrir n\u00e6stu endurf\u00e6\u00f0ingu. Athafnir fyrir hina l\u00e1tnu (<em>Shraddha<\/em>) eru \u00e6tla\u00f0ar til a\u00f0 fri\u00f0a Yama og lei\u00f0a s\u00e1lirnar hra\u00f0ar inn \u00ed n\u00e6sta l\u00edf.<\/p>\t\t\t\t\t\t\t\t<\/div>\n\t\t\t\t<\/div>\n\t\t\t\t\t<\/div>\n\t\t\t\t<\/div>\n\t\t<div class=\"elementor-element elementor-element-44e71476 e-flex e-con-boxed e-con e-parent\" data-id=\"44e71476\" data-element_type=\"container\" data-e-type=\"container\">\n\t\t\t\t\t<div class=\"e-con-inner\">\n\t\t\t\t<div class=\"elementor-element elementor-element-3c1fc3f0 elementor-widget elementor-widget-heading\" data-id=\"3c1fc3f0\" data-element_type=\"widget\" data-e-type=\"widget\" data-widget_type=\"heading.default\">\n\t\t\t\t\t<h2 class=\"elementor-heading-title elementor-size-default\">Skyndiyfirlit: Yama<\/h2>\t\t\t\t<\/div>\n\t\t<div class=\"elementor-element elementor-element-84f33b8e e-con-full e-flex e-con e-child\" data-id=\"84f33b8e\" data-element_type=\"container\" data-e-type=\"container\">\n\t\t\t\t<div class=\"elementor-element elementor-element-hqkdc67p elementor-widget elementor-widget-text-editor\" data-id=\"hqkdc67p\" data-element_type=\"widget\" data-e-type=\"widget\" data-widget_type=\"text-editor.default\">\n\t\t\t\t\t\t\t\t\t<p>Mikilv\u00e6gustu \u00fe\u00e6ttir Yama \u00ed hnotskurn. Eftirfarandi li\u00f0ir taka saman uppruna, hlutverk, \u00fatlit, tilbei\u00f0slu, t\u00e1kn og hli\u00f0st\u00e6\u00f0ur.<\/p>\t\t\t\t\t\t\t\t<\/div>\n\t\t\t\t<\/div>\n\t\t<div class=\"elementor-element elementor-element-pemmx7c5 e-con-full e-flex e-con e-child\" data-id=\"pemmx7c5\" data-element_type=\"container\" data-e-type=\"container\">\n\t\t<div class=\"elementor-element elementor-element-pemmx7c1 e-con-full e-flex e-con e-child\" data-id=\"pemmx7c1\" data-element_type=\"container\" data-e-type=\"container\">\n\t\t<div class=\"elementor-element elementor-element-qh9oavvu iwg-steckbrief-card e-flex e-con-boxed e-con e-child\" data-id=\"qh9oavvu\" data-element_type=\"container\" data-e-type=\"container\">\n\t\t\t\t\t<div class=\"e-con-inner\">\n\t\t\t\t<div class=\"elementor-element elementor-element-awzx8k2k elementor-widget elementor-widget-heading\" data-id=\"awzx8k2k\" data-element_type=\"widget\" data-e-type=\"widget\" data-widget_type=\"heading.default\">\n\t\t\t\t\t<div class=\"elementor-heading-title elementor-size-default\">Uppruni Yama<\/div>\t\t\t\t<\/div>\n\t\t\t\t<div class=\"elementor-element elementor-element-x6rowhv0 elementor-widget elementor-widget-text-editor\" data-id=\"x6rowhv0\" data-element_type=\"widget\" data-e-type=\"widget\" data-widget_type=\"text-editor.default\">\n\t\t\t\t\t\t\t\t\t<p>Yama er sonur s\u00f3lgu\u00f0sins Vivasvat (Surya) og Saranyu, tv\u00edburabr\u00f3\u00f0ir Yami. \u00cd elsta <span class=\"iwg-fachbegriff\" data-tooltip=\"Yfirf\u00e6r\u00f0 fr\u00e1s\u00f6gn um gu\u00f0i, uppruna og reglu heimsins.\" tabindex=\"0\">go\u00f0s\u00f6gn<\/span> fyrsti ma\u00f0urinn sem finnur dau\u00f0ann, \u00feess vegna s\u00e1 sem fyrstur f\u00f3r lei\u00f0ina inn \u00ed dau\u00f0aheiminn og r\u00e6\u00f0ur \u00fear n\u00fa r\u00edkjum.<\/p><p>\u00cd s\u00ed\u00f0ari hef\u00f0um kv\u00e6ntur konunni Dhumorna, hann hefur tv\u00e6r t\u00edkur (afkomendur Sarama) sem var\u00f0menn vegar. H\u00fas hans er \u00ed su\u00f0ri.<\/p>\t\t\t\t\t\t\t\t<\/div>\n\t\t\t\t\t<\/div>\n\t\t\t\t<\/div>\n\t\t<div class=\"elementor-element elementor-element-8e3o4kxs iwg-steckbrief-card e-flex e-con-boxed e-con e-child\" data-id=\"8e3o4kxs\" data-element_type=\"container\" data-e-type=\"container\">\n\t\t\t\t\t<div class=\"e-con-inner\">\n\t\t\t\t<div class=\"elementor-element elementor-element-08rkdgov elementor-widget elementor-widget-heading\" data-id=\"08rkdgov\" data-element_type=\"widget\" data-e-type=\"widget\" data-widget_type=\"heading.default\">\n\t\t\t\t\t<div class=\"elementor-heading-title elementor-size-default\">Markh\u00f3pur Yama<\/div>\t\t\t\t<\/div>\n\t\t\t\t<div class=\"elementor-element elementor-element-uwjelx8s elementor-widget elementor-widget-text-editor\" data-id=\"uwjelx8s\" data-element_type=\"widget\" data-e-type=\"widget\" data-widget_type=\"text-editor.default\">\n\t\t\t\t\t\t\t\t\t<p>Fyrsti hinn d\u00e1ni, \u00feess vegna konungur hinna d\u00e1nu. <em>Dharmaraja<\/em> (konungur skyldunnar), d\u00f3mari sem \u00e1kve\u00f0ur eftir karma hvers hins l\u00e1tna. Stj\u00f3rnandi 21 helv\u00edtis (Naraka) og himneskra launa. \u00cd b\u00faddisma formlega verndari alheimsl\u00f6gm\u00e1lsins (<span class=\"iwg-fachbegriff\" data-tooltip=\"\u00cd indverskum tr\u00faarbr\u00f6g\u00f0um kenningin og hin r\u00e9tta regla athafna.\" tabindex=\"0\">Dharma<\/span>) me\u00f0 tilliti til orsaka-og-aflei\u00f0inga-l\u00f6gm\u00e1lsins. \u00cd T\u00edbet sem rei\u00f0ileg gu\u00f0vera einnig verndari sk\u00f3lahef\u00f0arinnar gegn hinu neikv\u00e6\u00f0a.<\/p>\t\t\t\t\t\t\t\t<\/div>\n\t\t\t\t\t<\/div>\n\t\t\t\t<\/div>\n\t\t<div class=\"elementor-element elementor-element-jm2n74ec iwg-steckbrief-card e-flex e-con-boxed e-con e-child\" data-id=\"jm2n74ec\" data-element_type=\"container\" data-e-type=\"container\">\n\t\t\t\t\t<div class=\"e-con-inner\">\n\t\t\t\t<div class=\"elementor-element elementor-element-8vufse4c elementor-widget elementor-widget-heading\" data-id=\"8vufse4c\" data-element_type=\"widget\" data-e-type=\"widget\" data-widget_type=\"heading.default\">\n\t\t\t\t\t<div class=\"elementor-heading-title elementor-size-default\">\u00datlit Yama<\/div>\t\t\t\t<\/div>\n\t\t\t\t<div class=\"elementor-element elementor-element-mwb9u015 elementor-widget elementor-widget-text-editor\" data-id=\"mwb9u015\" data-element_type=\"widget\" data-e-type=\"widget\" data-widget_type=\"text-editor.default\">\n\t\t\t\t\t\t\t\t\t<p>\u00cd hind\u00faahef\u00f0: d\u00f6kkh\u00fa\u00f0u\u00f0 (gr\u00e6n-bl\u00e1-sv\u00f6rt) vera me\u00f0 marglitum skartgripum, \u00ed hendi <em>Danda<\/em> (kylfa d\u00f3msins) og <em>Pasha<\/em> (snara sem hann fangar s\u00e1lirnar me\u00f0), r\u00ed\u00f0ur sv\u00f6rtum buffala.<\/p><p>Rau\u00f0ur kl\u00e6\u00f0na\u00f0ur. \u00cd T\u00edbet sem <em>Yama-Dharmaraja<\/em>: buffalahaus, \u00ferj\u00fa augu, logandi geislabaugur, beinaskraut, sveig\u00f0 h\u00e1rkr\u00f3na, heldur \u00e1 hausk\u00fapubikar og sver\u00f0i. Fylgt af systur sinni Yami og herskara \u00fej\u00f3na.<\/p>\t\t\t\t\t\t\t\t<\/div>\n\t\t\t\t\t<\/div>\n\t\t\t\t<\/div>\n\t\t\t\t<\/div>\n\t\t<div class=\"elementor-element elementor-element-pemmx7c2 e-con-full e-flex e-con e-child\" data-id=\"pemmx7c2\" data-element_type=\"container\" data-e-type=\"container\">\n\t\t<div class=\"elementor-element elementor-element-37ss2yr6 iwg-steckbrief-card e-flex e-con-boxed e-con e-child\" data-id=\"37ss2yr6\" data-element_type=\"container\" data-e-type=\"container\">\n\t\t\t\t\t<div class=\"e-con-inner\">\n\t\t\t\t<div class=\"elementor-element elementor-element-3v0wp3wx elementor-widget elementor-widget-heading\" data-id=\"3v0wp3wx\" data-element_type=\"widget\" data-e-type=\"widget\" data-widget_type=\"heading.default\">\n\t\t\t\t\t<div class=\"elementor-heading-title elementor-size-default\">I\u00f0ja<\/div>\t\t\t\t<\/div>\n\t\t\t\t<div class=\"elementor-element elementor-element-w3247g2m elementor-widget elementor-widget-text-editor\" data-id=\"w3247g2m\" data-element_type=\"widget\" data-e-type=\"widget\" data-widget_type=\"text-editor.default\">\n\t\t\t\t\t\t\t\t\t<p><strong>Verkunarsvi\u00f0:<\/strong> \u00cd Indlandi er sjaldan kalla\u00f0 beint \u00e1 Yama um verndun, hann er hr\u00e6ddur sem hinn strengi. \u00cd helgisi\u00f0um tengdum dau\u00f0a er hann aftur \u00e1 m\u00f3ti mi\u00f0l\u00e6gur, \u00fear sem eftirlifendur bi\u00f0ja um mildilega me\u00f0fer\u00f0 hins l\u00e1tna.<\/p><p>\u00cd <span class=\"iwg-fachbegriff\" tabindex=\"0\" data-tooltip=\"\u00cd t\u00edbetskum b\u00faddisma millistig milli tveggja tilvista; Bardo Th\u00f6dol l\u00fdsir t\u00edmabilinu eftir dau\u00f0ann.\">Bardo<\/span> Thodol (T\u00edbetska dau\u00f0ab\u00f3kin) birtist hann hinum l\u00e1tna \u00ed <span class=\"iwg-fachbegriff\" tabindex=\"0\" data-tooltip=\"\u00cd t\u00edbetskum b\u00faddisma millistig milli tveggja tilvista; Bardo Th\u00f6dol l\u00fdsir t\u00edmabilinu eftir dau\u00f0ann.\">Bardo<\/span>-\u00e1standinu sem pr\u00f3fandi vera. \u00cd Japan er Enma-O a\u00f0alpers\u00f3na \u00ed al\u00fe\u00fd\u00f0legum b\u00fadd\u00edskum helgisi\u00f0um tengdum dau\u00f0a og er mi\u00f0l\u00e6gur \u00e1 hverjum kirkjugar\u00f0i. \u00cd Cham-d\u00f6nsum T\u00edbets birtist hann sem \u00f3gnvekjandi gr\u00edmukl\u00e6dd vera.<\/p>\t\t\t\t\t\t\t\t<\/div>\n\t\t\t\t\t<\/div>\n\t\t\t\t<\/div>\n\t\t<div class=\"elementor-element elementor-element-0qpjal9w iwg-steckbrief-card e-flex e-con-boxed e-con e-child\" data-id=\"0qpjal9w\" data-element_type=\"container\" data-e-type=\"container\">\n\t\t\t\t\t<div class=\"e-con-inner\">\n\t\t\t\t<div class=\"elementor-element elementor-element-6ndoih0o elementor-widget elementor-widget-heading\" data-id=\"6ndoih0o\" data-element_type=\"widget\" data-e-type=\"widget\" data-widget_type=\"heading.default\">\n\t\t\t\t\t<div class=\"elementor-heading-title elementor-size-default\">Verndargripir<\/div>\t\t\t\t<\/div>\n\t\t\t\t<div class=\"elementor-element elementor-element-6684tyh9 elementor-widget elementor-widget-text-editor\" data-id=\"6684tyh9\" data-element_type=\"widget\" data-e-type=\"widget\" data-widget_type=\"text-editor.default\">\n\t\t\t\t\t\t\t\t\t<p>Svartur v\u00edsundur (rei\u00f0d\u00fdr), Danda (stafur), Pasha (snara), b\u00f3k dau\u00f0ra, spegill karmans (Karma-Darpana), h\u00f6fu\u00f0sk\u00e1larbolli (t\u00edbetskt), v\u00edsundsh\u00f6fu\u00f0 (t\u00edbetskt), logandi geislabaugur, \u00feri\u00f0ja auga\u00f0. Pl\u00f6ntur: svartur asfodel. Heil\u00f6g \u00e1tt: su\u00f0ur.<\/p>\t\t\t\t\t\t\t\t<\/div>\n\t\t\t\t\t<\/div>\n\t\t\t\t<\/div>\n\t\t<div class=\"elementor-element elementor-element-3lfi7x32 iwg-steckbrief-card e-flex e-con-boxed e-con e-child\" data-id=\"3lfi7x32\" data-element_type=\"container\" data-e-type=\"container\">\n\t\t\t\t\t<div class=\"e-con-inner\">\n\t\t\t\t<div class=\"elementor-element elementor-element-0kg99ga1 elementor-widget elementor-widget-heading\" data-id=\"0kg99ga1\" data-element_type=\"widget\" data-e-type=\"widget\" data-widget_type=\"heading.default\">\n\t\t\t\t\t<div class=\"elementor-heading-title elementor-size-default\">Samb\u00e6rilegt<\/div>\t\t\t\t<\/div>\n\t\t\t\t<div class=\"elementor-element elementor-element-n0fum6kp elementor-widget elementor-widget-text-editor\" data-id=\"n0fum6kp\" data-element_type=\"widget\" data-e-type=\"widget\" data-widget_type=\"text-editor.default\">\n\t\t\t\t\t\t\t\t\t<p><em>Yamaraja<\/em> (b\u00faddismi), <em>Yama-Dharmaraja<\/em> (T\u00edbet), <em>Enma-O<\/em> (Japan), <em>Yeomra<\/em> (K\u00f3rea), <em>Yanluo<\/em> (K\u00edna, fyrsti af t\u00edu helv\u00edtiskonungunum), <em>Hades<\/em> (Grikkland, konungur undirheima), <em>Pl\u00fat\u00f3<\/em> (R\u00f3m), <em>Anubis\/Osiris<\/em> (Egyptaland, fylgd hinna l\u00e1tnu + d\u00f3mari hinna dau\u00f0u), <em>Hel<\/em> (germanskt, drottning undirheima), <em>Mictlantecuhtli<\/em> (aztekst). Ind\u00f3evr\u00f3pska r\u00f3tin s\u00e9st \u00ed Yama-Yima-Yumis stofninum (ved\u00edska Yama, avest\u00edska Yima, baltneska Yumis).<\/p>\t\t\t\t\t\t\t\t<\/div>\n\t\t\t\t\t<\/div>\n\t\t\t\t<\/div>\n\t\t\t\t<\/div>\n\t\t\t\t<\/div>\n\t\t\t\t\t<\/div>\n\t\t\t\t<\/div>\n\t\t<div class=\"elementor-element elementor-element-7533bc7a e-flex e-con-boxed e-con e-parent\" data-id=\"7533bc7a\" data-element_type=\"container\" data-e-type=\"container\">\n\t\t\t\t\t<div class=\"e-con-inner\">\n\t\t\t\t<div class=\"elementor-element elementor-element-2447d18d elementor-widget elementor-widget-heading\" data-id=\"2447d18d\" data-element_type=\"widget\" data-e-type=\"widget\" data-widget_type=\"heading.default\">\n\t\t\t\t\t<h2 class=\"elementor-heading-title elementor-size-default\">Verndarh\u00e6ttir<\/h2>\t\t\t\t<\/div>\n\t\t<div class=\"elementor-element elementor-element-d5d0260c e-con-full e-flex e-con e-child\" data-id=\"d5d0260c\" data-element_type=\"container\" data-e-type=\"container\">\n\t\t\t\t<div class=\"elementor-element elementor-element-341be2ac elementor-widget elementor-widget-text-editor\" data-id=\"341be2ac\" data-element_type=\"widget\" data-e-type=\"widget\" data-widget_type=\"text-editor.default\">\n\t\t\t\t\t\t\t\t\t<p><strong>Helgisi\u00f0ir til d\u00fdrkunar<\/strong><\/p><p>Yama er d\u00fdrka\u00f0ur \u00ed ved\u00edskum heimilishelgisi\u00f0um me\u00f0 f\u00f3rnargj\u00f6fum (Havis), mj\u00f3lk, smj\u00f6ri, korni vi\u00f0 minningarh\u00e1t\u00ed\u00f0ir forfe\u00f0ra (Pinda-Daan). Rigveda 10.14 skjalfestir d\u00fdrkunarform\u00falur fyrir vir\u00f0ulegan dau\u00f0a. \u00cd hind\u00fa\u00edskum \u00fatfararsi\u00f0um er Yama-<span class=\"iwg-fachbegriff\" data-tooltip=\"Heilagt or\u00f0 e\u00f0a form\u00fala sem endurteki\u00f0 er \u00ed hind\u00faisma og b\u00faddisma.\" tabindex=\"0\">mantra<\/span> flutt fyrir b\u00e1lf\u00f6r. N\u00fat\u00edmaleg venja: huglei\u00f0slur vi\u00f0 d\u00e1narbe\u00f0 e\u00f0a \u00e1 minningarh\u00e1t\u00ed\u00f0um forfe\u00f0ra til hei\u00f0urs <span class=\"iwg-fachbegriff\" data-tooltip=\"\u00cd indverskum tr\u00faarbr\u00f6g\u00f0um l\u00e6rd\u00f3murinn og hin r\u00e9tta regla athafna.\" tabindex=\"0\">dharma<\/span>-konungnum.<\/p><p><strong>\u00c1kallanir og b\u00e6nir<\/strong><\/p><p>Hin klass\u00edska Yama-\u00e1kallun \u00far Rigveda 10.14.1-2: \u201eYame pathivratah &#8230;\u201c, \u201eMe\u00f0 Yama \u00ed huga <span class=\"iwg-fachbegriff\" data-tooltip=\"\u00cd indverskum tr\u00faarbr\u00f6g\u00f0um l\u00e6rd\u00f3murinn og hin r\u00e9tta regla athafna.\" tabindex=\"0\">dharma<\/span> ganga &#8230;\u201c. M\u00f6ntrur til a\u00f0 yfirst\u00edga dau\u00f0ahr\u00e6\u00f0slu finnast \u00ed Katha-Upanishad (Nachiseta-samr\u00e6\u00f0an vi\u00f0 Yama). T\u00edbetsk tantrafr\u00e6\u00f0i fl\u00e9ttar Yamantaka (yfirbugun Yama) inn \u00ed \u00e1kallanir um algj\u00f6ra yfirstigningu.<\/p><p><strong>Verndargripir og verndart\u00e1kn<\/strong><\/p><p>Yama-t\u00e1kn eru sjaldg\u00e6f sem b\u00e6rileg <span class=\"iwg-fachbegriff\" data-tooltip=\"Hlutur sem borinn er og talinn hafa verndandi, \u00f3g\u00e6fuvarnandi \u00e1hrif.\" tabindex=\"0\">verndargripur<\/span>, tengingin er meira hugl\u00e6g. Fornleifafr\u00e6\u00f0ilegir skarab\u00e9ar \u00ed Egyptalandi sem bera hli\u00f0st\u00e6\u00f0ur Yama vi\u00f0 dau\u00f0agu\u00f0inn Anubis s\u00fdna menningarlega sk\u00f6run. Fornleifafr\u00e6\u00f0ilegar v\u00edsbendingar um Yama-d\u00fdrkun finnast \u00ed ved\u00edskum helgitextum og \u00e1letrunum \u00ed indverskum hofum fr\u00e1 3. \u00f6ld f.Kr., ekki sem \u00e1\u00fereifanlegir verndargripir.<\/p>\t\t\t\t\t\t\t\t<\/div>\n\t\t\t\t<\/div>\n\t\t\t\t\t<\/div>\n\t\t\t\t<\/div>\n\t\t<div class=\"elementor-element elementor-element-5a584676 e-flex e-con-boxed e-con e-parent\" data-id=\"5a584676\" data-element_type=\"container\" data-e-type=\"container\">\n\t\t\t\t\t<div class=\"e-con-inner\">\n\t\t\t\t<div class=\"elementor-element elementor-element-6d0757bf elementor-widget elementor-widget-heading\" data-id=\"6d0757bf\" data-element_type=\"widget\" data-e-type=\"widget\" data-widget_type=\"heading.default\">\n\t\t\t\t\t<h2 class=\"elementor-heading-title elementor-size-default\">Yama, hli\u00f0st\u00e6\u00f0ur \u00ed \u00f6\u00f0rum menningarheimum<\/h2>\t\t\t\t<\/div>\n\t\t<div class=\"elementor-element elementor-element-60563f68 e-con-full e-flex e-con e-child\" data-id=\"60563f68\" data-element_type=\"container\" data-e-type=\"container\">\n\t\t\t\t<div class=\"elementor-element elementor-element-5a93fdd6 elementor-widget elementor-widget-text-editor\" data-id=\"5a93fdd6\" data-element_type=\"widget\" data-e-type=\"widget\" data-widget_type=\"text-editor.default\">\n\t\t\t\t\t\t\t\t\t<footer class=\"iwg-literatur\"><p>Yama l\u00edkist Hades Grikkja, Dis Pater R\u00f3mverja og Osiris Egyptalands, \u00f6llum gu\u00f0um undirheima og d\u00f3ms.<\/p><p>Me\u00f0 Chitragupta, b\u00f3khaldara s\u00ednum, minnir Yama \u00e1 kristna hugmyndina um heilagan P\u00e9tur me\u00f0 b\u00f3k s\u00e1lna. \u00d3l\u00edkt vestr\u00e6num dau\u00f0agu\u00f0um er Yama \u00fe\u00f3 ekki illur andst\u00e6\u00f0ingur, heldur alheimsemb\u00e6ttisma\u00f0ur, en d\u00f3mur hans er r\u00e9ttl\u00e1tur og \u00f3umfl\u00fdjanlegur.<\/p><div data-nosnippet=\"true\" class=\"iwg-litliste\"><\/div><\/footer>\t\t\t\t\t\t\t\t<\/div>\n\t\t\t\t<\/div>\n\t\t\t\t\t<\/div>\n\t\t\t\t<\/div>\n\t\t<div class=\"elementor-element elementor-element-cp1b125fc e-flex e-con-boxed e-con e-parent\" data-id=\"cp1b125fc\" data-element_type=\"container\" data-e-type=\"container\">\n\t\t\t\t\t<div class=\"e-con-inner\">\n\t\t\t\t<div class=\"elementor-element elementor-element-cp3cfb1a6 elementor-widget elementor-widget-heading\" data-id=\"cp3cfb1a6\" data-element_type=\"widget\" data-e-type=\"widget\" data-widget_type=\"heading.default\">\n\t\t\t\t\t<h2 class=\"elementor-heading-title elementor-size-default\">Go\u00f0s\u00f6gnin um fyrsta dau\u00f0lega manninn<\/h2>\t\t\t\t<\/div>\n\t\t<div class=\"elementor-element elementor-element-cp1f925c2 e-con-full e-flex e-con e-child\" data-id=\"cp1f925c2\" data-element_type=\"container\" data-e-type=\"container\">\n\t\t\t\t<div class=\"elementor-element elementor-element-cp8613854 elementor-widget elementor-widget-text-editor\" data-id=\"cp8613854\" data-element_type=\"widget\" data-e-type=\"widget\" data-widget_type=\"text-editor.default\">\n\t\t\t\t\t\t\t\t\t<p>Elsta lagi\u00f0 \u00ed indverskri <span class=\"iwg-fachbegriff\" data-tooltip=\"Mi\u00f0lun \u00feekkingar og fr\u00e1sagna milli kynsl\u00f3\u00f0a.\" tabindex=\"0\">munnm\u00e6las\u00f6gu<\/span> \u00feekkir Yama ekki sem h\u00f6r\u00f0um d\u00f3mara, heldur sem fyrsta manninn sem d\u00f3. T\u00edunda <span class=\"iwg-fachbegriff\" data-tooltip=\"Hringlaga sk\u00fdringarmynd sem s\u00fdnir heiminn \u00ed hind\u00faisma og b\u00faddisma.\" tabindex=\"0\">mandala<\/span> <em>Rigveda<\/em> hefur nokkra s\u00e1lma sem bera \u00feessa hugmynd.<\/p><p>\u00cd <em>Rigveda<\/em> 10.14 er Yama \u00e1kalla\u00f0ur sem s\u00e1 er fyrstur fann veginn til hins handan l\u00edfsins og opna\u00f0i hann \u00fear me\u00f0 fyrir alla afkomendur. Hann er \u00fear talinn sonur s\u00f3lgu\u00f0sins Vivasvants og \u00feannig \u00ed \u00e6tt vi\u00f0 mannkyni\u00f0 sj\u00e1lft.<\/p><p>S\u00e9rstaklega miki\u00f0 r\u00e6dd er s\u00e1lmurinn <em>Rigveda<\/em> 10.10, samr\u00e6\u00f0a Yama og tv\u00edburasystur hans Yami. Yami hvetur Yama til sameiningar svo mannkyni\u00f0 megi lifa \u00e1fram, en Yama hafnar henni me\u00f0 tilv\u00edsun til banns vi\u00f0 sifjaspelli me\u00f0al systkina og til hinna v\u00f6kulu gu\u00f0a.<\/p><p><span data-nosnippet>Fr\u00e6\u00f0in, me\u00f0al annars Stephanie Jamison og Joel Brereton \u00ed Rigveda-\u00fe\u00fd\u00f0ingu sinni fr\u00e1 2014, lesa \u00feennan s\u00e1lm sem huglei\u00f0ingu um m\u00f6rk leyfilegra \u00e6ttartengsla, ekki sem uppruna mannkynsins.<\/span><\/p><p>Athyglisvert er hi\u00f0 tungum\u00e1lalega samband vi\u00f0 forn\u00edr\u00f6nska Yima, sem \u00ed <em>Avesta<\/em> kemur einnig fram sem fyrsti konungur og herra ne\u00f0anjar\u00f0ar gri\u00f0asta\u00f0ar. B\u00e6\u00f0i n\u00f6fnin m\u00e1 rekja til ind\u00f3\u00edranskrar r\u00f3tar sem \u00fe\u00fd\u00f0ir tv\u00edburi.<\/p><p>Samanbur\u00f0arind\u00f3evr\u00f3pufr\u00e6\u00f0i, me\u00f0al annars \u00ed verkum Bruce Lincoln, hefur s\u00e9\u00f0 \u00ed \u00feessu leifar af sameiginlegri sk\u00f6punar- og dau\u00f0ago\u00f0s\u00f6gn, \u00fear sem fyrsti ma\u00f0urinn ver\u00f0ur einnig fyrsti hinn dau\u00f0i og herra forfe\u00f0ranna.<\/p><p>S\u00ed\u00f0ari Yama ep\u00edkanna og Puranas, sem stj\u00f3rnar helv\u00edtum og b\u00f3khaldi verka, er umtalsver\u00f0 \u00fer\u00f3un fr\u00e1 \u00feessari fyrstu mynd.<\/p>\t\t\t\t\t\t\t\t<\/div>\n\t\t\t\t<\/div>\n\t\t\t\t\t<\/div>\n\t\t\t\t<\/div>\n\t\t<div class=\"elementor-element elementor-element-cp5e6d19f e-flex e-con-boxed e-con e-parent\" data-id=\"cp5e6d19f\" data-element_type=\"container\" data-e-type=\"container\">\n\t\t\t\t\t<div class=\"e-con-inner\">\n\t\t\t\t<div class=\"elementor-element elementor-element-cp5d9ad8e elementor-widget elementor-widget-heading\" data-id=\"cp5d9ad8e\" data-element_type=\"widget\" data-e-type=\"widget\" data-widget_type=\"heading.default\">\n\t\t\t\t\t<h2 class=\"elementor-heading-title elementor-size-default\">R\u00edki Yama og b\u00f3khald verka<\/h2>\t\t\t\t<\/div>\n\t\t<div class=\"elementor-element elementor-element-cp960b1b5 e-con-full e-flex e-con e-child\" data-id=\"cp960b1b5\" data-element_type=\"container\" data-e-type=\"container\">\n\t\t\t\t<div class=\"elementor-element elementor-element-cp5504436 elementor-widget elementor-widget-text-editor\" data-id=\"cp5504436\" data-element_type=\"widget\" data-e-type=\"widget\" data-widget_type=\"text-editor.default\">\n\t\t\t\t\t\t\t\t\t<p>\u00cd lj\u00f3\u00f0r\u00e6num og p\u00faran\u00edkum b\u00f3kmenntum breytist Yama \u00far herra hinna blessu\u00f0u forfe\u00f0ra \u00ed stj\u00f3rnanda margbrotinnar handanveru. B\u00fasta\u00f0ur hans, <em>Yamaloka<\/em> e\u00f0a <em>Yamapura<\/em>, er samkv\u00e6mt flestum textum \u00ed su\u00f0ri, og \u00fev\u00ed er su\u00f0ri\u00f0 \u00e1litin \u00e1tt Yama \u00ed tr\u00faarlegri landafr\u00e6\u00f0i.<\/p><p><em>Garuda Purana<\/em>, meginrit um hugmyndir um dau\u00f0ann og f\u00f6r s\u00e1larins, l\u00fdsir fer\u00f0 hins l\u00e1tna yfir gl\u00f3andi flj\u00f3ti\u00f0 <em>Vaitarani<\/em> allt til h\u00e1s\u00e6tis Yama.<\/p><p>Vi\u00f0 hli\u00f0 Yama stendur <em>Chitragupta<\/em>, ritari sem skr\u00e1ir hvert verk manns \u00ed b\u00f3k.<\/p><p>\u00deessi b\u00f3k, oft nefnd <em>Agrasandhani<\/em>, er lesin upp vi\u00f0 dau\u00f0ann, og eftir innihaldi hennar \u00e1kve\u00f0ur Yama um framhald lei\u00f0arins. Chitragupta hefur \u00ed Nor\u00f0ur-Indlandi or\u00f0i\u00f0 stofnfa\u00f0ir ritarast\u00e9ttarins Kayasthas, sem tilbi\u00f0ja hann sem forf\u00f6\u00f0ur. H\u00e9r s\u00e9st hvernig go\u00f0sagnapers\u00f3na skapar f\u00e9lagslegt sj\u00e1lfsmynd.<\/p><p>Refsingarnar \u00ed helv\u00edtum Yama, <em>Naraka<\/em>, eru t\u00edunda\u00f0ar \u00ed <em>Garuda Purana<\/em> og hluta af <em>Manusmriti<\/em> og tengdar einst\u00f6kum brotum. Mikilv\u00e6gt er \u00fe\u00f3 a\u00f0 \u00feessi helv\u00edti eru samkv\u00e6mt klass\u00edskri kenningu ekki eil\u00edfir sta\u00f0ir.<\/p><p>\u00deau eru \u00e1fangar \u00ed hringr\u00e1s endurf\u00e6\u00f0ingarins, og eftir a\u00f0 aflei\u00f0ingar illra verka hafa veri\u00f0 goldnar heldur f\u00f6r s\u00e1larins \u00e1fram.<\/p><p>Yama er \u00feannig s\u00ed\u00f0ur gu\u00f0 endanlegrar ford\u00e6mingar en emb\u00e6ttisma\u00f0ur hins kosm\u00edska l\u00f6gm\u00e1ls. Nafnb\u00f3t hans <em>Dharmaraja<\/em>, konungur <span class=\"iwg-fachbegriff\" data-tooltip=\"\u00cd indverskum tr\u00faarbr\u00f6g\u00f0um kenningin og hin r\u00e9tta regla athafna.\" tabindex=\"0\">Dharma<\/span>, tj\u00e1ir \u00feetta n\u00e1kv\u00e6mlega: hann framkv\u00e6mir reglu, hann skapar hana ekki.<\/p>\t\t\t\t\t\t\t\t<\/div>\n\t\t\t\t<\/div>\n\t\t\t\t\t<\/div>\n\t\t\t\t<\/div>\n\t\t<div class=\"elementor-element elementor-element-cp681dbb8 e-flex e-con-boxed e-con e-parent\" data-id=\"cp681dbb8\" data-element_type=\"container\" data-e-type=\"container\">\n\t\t\t\t\t<div class=\"e-con-inner\">\n\t\t\t\t<div class=\"elementor-element elementor-element-cp5666882 elementor-widget elementor-widget-heading\" data-id=\"cp5666882\" data-element_type=\"widget\" data-e-type=\"widget\" data-widget_type=\"heading.default\">\n\t\t\t\t\t<h2 class=\"elementor-heading-title elementor-size-default\">Yama \u00ed Bhagavadgita og Katha-Upanishad<\/h2>\t\t\t\t<\/div>\n\t\t<div class=\"elementor-element elementor-element-cp2ae4b61 e-con-full e-flex e-con e-child\" data-id=\"cp2ae4b61\" data-element_type=\"container\" data-e-type=\"container\">\n\t\t\t\t<div class=\"elementor-element elementor-element-cp9e65f84 elementor-widget elementor-widget-text-editor\" data-id=\"cp9e65f84\" data-element_type=\"widget\" data-e-type=\"widget\" data-widget_type=\"text-editor.default\">\n\t\t\t\t\t\t\t\t\t<p>Tveir klass\u00edskir textar veita Yama hlutverk sem n\u00e6r lengra en hi\u00f0 hreint d\u00f3marlega. \u00cd <em>Katha-Upanishad<\/em> er Yama l\u00e6rifa\u00f0irinn. Ungi brahm\u00edninn Nachiketas er \u00ed rei\u00f0i heitinn dau\u00f0anum af f\u00f6\u00f0ur s\u00ednum og b\u00ed\u00f0ur \u00ferj\u00e1 daga fyrir h\u00fasi Yama.<\/p><p>Sem b\u00e6tur veitir Yama honum \u00ferj\u00e1r \u00f3skir. \u00deri\u00f0ja \u00f3skin er spurningin um hva\u00f0 ver\u00f0ur um manninn eftir dau\u00f0ann.<\/p><p>Yama reynir fyrst a\u00f0 lei\u00f0a Nachiketas afvega me\u00f0 au\u00f0\u00e6fum og l\u00f6ngu l\u00edfi, en unglingurinn stendur fast \u00e1 s\u00ednu. \u00de\u00e1 kennir Yama honum a\u00f0 greina milli hins \u00fe\u00e6gilega og hins heilsusamlega og fr\u00e6\u00f0ir hann um hi\u00f0 \u00f3dau\u00f0lega sj\u00e1lf, <em>Atman<\/em>. H\u00e9r er dau\u00f0agu\u00f0inn \u00feversagnarkennt millig\u00f6nguma\u00f0ur \u00feekkingarins sem yfirvinnur dau\u00f0ann.<\/p><p>\u00cd <em>Bhagavadgita<\/em>, \u00ed t\u00edunda kafla, \u00fear sem Krishna telur upp gu\u00f0legar birtingarmyndir s\u00ednar, segir hann um sj\u00e1lfan sig a\u00f0 hann s\u00e9 Yama me\u00f0al tamningarmanna e\u00f0a d\u00f3mara.<\/p><p>\u00dear me\u00f0 er Yama sett \u00ed r\u00f6\u00f0 \u00e6\u00f0stu fulltr\u00faa hverrar sinnar st\u00e9ttar. \u00deessi fullyr\u00f0ing undirstrikar a\u00f0 Yama er \u00ed klass\u00edskum hind\u00faisma ekki dj\u00f6fulleg heldur skipul\u00f6g\u00f0 og l\u00f6gm\u00e6t m\u00e1ttarvald.<\/p><p>\u00deessi textahef\u00f0 hefur mj\u00f6g m\u00f3ta\u00f0 tr\u00faarbrag\u00f0afr\u00e6\u00f0ilega mat \u00e1 Yama. Me\u00f0an vins\u00e6lar l\u00fdsingar minnka hann ni\u00f0ur \u00ed skelfingu, benda ind\u00f3l\u00f3gar \u00e1 bor\u00f0 vi\u00f0 Wendy Doniger \u00e1 a\u00f0 Yama birtist \u00ed sanskr\u00edtb\u00f3kmenntum jafnt sem kennari, sem r\u00e9ttl\u00e1tur og sem nau\u00f0synlegt emb\u00e6tti. \u00cd \u00feessari s\u00fdn er dau\u00f0inn ekki andst\u00e6\u00f0a reglunnar heldur hluti af henni.<\/p>\t\t\t\t\t\t\t\t<\/div>\n\t\t\t\t<\/div>\n\t\t\t\t\t<\/div>\n\t\t\t\t<\/div>\n\t\t<div class=\"elementor-element elementor-element-cp1a6dd18 e-flex e-con-boxed e-con e-parent\" data-id=\"cp1a6dd18\" data-element_type=\"container\" data-e-type=\"container\">\n\t\t\t\t\t<div class=\"e-con-inner\">\n\t\t\t\t<div class=\"elementor-element elementor-element-cpe3ae724 elementor-widget elementor-widget-heading\" data-id=\"cpe3ae724\" data-element_type=\"widget\" data-e-type=\"widget\" data-widget_type=\"heading.default\">\n\t\t\t\t\t<h2 class=\"elementor-heading-title elementor-size-default\">Myndlist og \u00fatbrei\u00f0sla utan Indlands<\/h2>\t\t\t\t<\/div>\n\t\t<div class=\"elementor-element elementor-element-cpb513861 e-con-full e-flex e-con e-child\" data-id=\"cpb513861\" data-element_type=\"container\" data-e-type=\"container\">\n\t\t\t\t<div class=\"elementor-element elementor-element-cp5b64d2c elementor-widget elementor-widget-text-editor\" data-id=\"cp5b64d2c\" data-element_type=\"widget\" data-e-type=\"widget\" data-widget_type=\"text-editor.default\">\n\t\t\t\t\t\t\t\t\t<p>\u00cd myndlist er Yama venjulega s\u00fdndur me\u00f0 d\u00f6kka, oft gr\u00e6nleita e\u00f0a bl\u00e1svarta h\u00fa\u00f0, kl\u00e6ddur rau\u00f0u, r\u00ed\u00f0andi buffal\u00f3.<\/p><p>\u00cd h\u00f6ndum s\u00ednum ber hann sn\u00f6ru, <em>Pasha<\/em>, sem hann dregur l\u00edfss\u00e1l \u00far l\u00edkamanum me\u00f0, og oft staf e\u00f0a kylfu, <em>Danda<\/em>. \u00deessi einkenni hafa veri\u00f0 st\u00f6\u00f0ug \u00ed hof\u00fatskur\u00f0i og sm\u00e1myndalist fr\u00e1 mi\u00f0\u00f6ldum.<\/p><p>Sem einn af <em>Lokapalas<\/em>, verndurum heims\u00e1ttanna, birtist Yama reglulega \u00e1 su\u00f0urhli\u00f0 hofveggja.<\/p><p>\u00cd gegnum b\u00faddisma barst Yama til T\u00edbets, K\u00edna, Japans og Su\u00f0austur-As\u00edu og breyttist vi\u00f0 \u00fea\u00f0. \u00cd t\u00edbetskri hef\u00f0 er hann sem <em>Shinje<\/em> herra d\u00f3msins yfir hinum l\u00e1tnu og einnig andlag eigin l\u00e6rd\u00f3mss\u00f6gu, \u00fear sem b\u00f3dh\u00edsattvinn Manjushri undirokar hann \u00ed mynd <em>Yamantaka<\/em>, sigrara Yama.<\/p><p>\u00cd K\u00edna var\u00f0 hann <em>Yanluo<\/em>, forma\u00f0ur t\u00edu helv\u00edtiskonunga (sj\u00e1 <a href=\"https:\/\/iwell-guard.com\/is\/?page_id=168772\">Yanluo<\/a>), \u00ed Japan <em>Enma<\/em>. \u00deessi vegfer\u00f0 s\u00fdnir hvernig indverskur gu\u00f0 gat or\u00f0i\u00f0 samas\u00eduskt <span class=\"iwg-fachbegriff\" data-tooltip=\"Sk\u00fdr mynd sem t\u00e1knar hugtak e\u00f0a hugmynd.\" tabindex=\"0\">sinnmynd<\/span> hins \u00f3spilllega d\u00f3ms yfir hinum l\u00e1tnu.<\/p><p>\u00cd Indlandi n\u00fat\u00edmans lifir Yama \u00e1fram fyrst og fremst \u00ed \u00fatfararsi\u00f0um, \u00ed d\u00e1narb\u00f3kmenntum og \u00ed h\u00e1t\u00ed\u00f0inni <em>Yama Dvitiya<\/em> e\u00f0a <em>Bhai Dooj<\/em>, sem tengist sambandi Yama og systur hans Yami.<\/p><p>Systirin veitir br\u00f3\u00f0ur s\u00ednum veislu og bi\u00f0ur um langt l\u00edf fyrir hann. \u00deannig sn\u00fdr \u00ed \u00fej\u00f3\u00f0si\u00f0num aftur <span class=\"iwg-fachbegriff\" data-tooltip=\"Endurteki\u00f0 innihaldsatri\u00f0i \u00ed list e\u00f0a fr\u00e1s\u00f6gn.\" tabindex=\"0\">stef<\/span> sem var \u00feegar til \u00ed elstu v\u00e9d\u00edsku s\u00e1lminum, samr\u00e6\u00f0u tv\u00edburanna.<\/p>\t\t\t\t\t\t\t\t<\/div>\n\t\t\t\t<\/div>\n\t\t\t\t\t<\/div>\n\t\t\t\t<\/div>\n\t\t<div class=\"elementor-element elementor-element-cpbdd2ba4 e-flex e-con-boxed e-con e-parent\" data-id=\"cpbdd2ba4\" data-element_type=\"container\" data-e-type=\"container\">\n\t\t\t\t\t<div class=\"e-con-inner\">\n\t\t\t\t<div class=\"elementor-element elementor-element-cp77afc58 elementor-widget elementor-widget-heading\" data-id=\"cp77afc58\" data-element_type=\"widget\" data-e-type=\"widget\" data-widget_type=\"heading.default\">\n\t\t\t\t\t<h2 class=\"elementor-heading-title elementor-size-default\">Ranns\u00f3knarsaga og t\u00falkunardeilur<\/h2>\t\t\t\t<\/div>\n\t\t<div class=\"elementor-element elementor-element-cpf7f3b26 e-con-full e-flex e-con e-child\" data-id=\"cpf7f3b26\" data-element_type=\"container\" data-e-type=\"container\">\n\t\t\t\t<div class=\"elementor-element elementor-element-cp019c46c elementor-widget elementor-widget-text-editor\" data-id=\"cp019c46c\" data-element_type=\"widget\" data-e-type=\"widget\" data-widget_type=\"text-editor.default\">\n\t\t\t\t\t\t\t\t\t<p>V\u00edsindaleg umfj\u00f6llun um Yama hefst \u00e1 19. \u00f6ld me\u00f0 evr\u00f3pskri ranns\u00f3kn \u00e1 <em>Rigveda<\/em>. Frumind\u00f3l\u00f3gar \u00e1 bor\u00f0 vi\u00f0 Hermann Oldenberg og Abel Bergaigne deildu um hvort Yama hef\u00f0i upphaflega veri\u00f0 gu\u00f0ger\u00f0ur frumma\u00f0ur e\u00f0a allt fr\u00e1 upphafi veri\u00f0 d\u00e1nargu\u00f0.<\/p><p>\u00deessi umr\u00e6\u00f0a er n\u00e1tengd spurningunni um hvernig eigi a\u00f0 t\u00edmasetja og lesa s\u00e1lmana 10.10 og 10.14.<\/p><p>\u00c1 20. \u00f6ld f\u00e6r\u00f0i samanbur\u00f0arind\u00f3evr\u00f3psk fr\u00e6\u00f0i \u00e1hersluna yfir \u00e1 tengsl Yama og hins \u00edranska Yima. Georges Dum\u00e9zil og fr\u00e6\u00f0imenn \u00ed hans kj\u00f6lfar endurger\u00f0u \u00fat fr\u00e1 \u00feessu ind\u00f3\u00edranskan, m\u00f6gulega ind\u00f3evr\u00f3pskan <span class=\"iwg-fachbegriff\" data-tooltip=\"Hef\u00f0bundin fr\u00e1s\u00f6gn um gu\u00f0i, uppruna og skipan heimsins.\" tabindex=\"0\">go\u00f0s\u00f6gn<\/span> um fyrsta dau\u00f0lega manninn sem var\u00f0 stj\u00f3rnandi hinna dau\u00f0u.<\/p><p>Bruce Lincoln hefur \u00ed <em>Death, War, and Sacrifice<\/em> haldi\u00f0 \u00fev\u00ed fram a\u00f0 \u00e1 bak vi\u00f0 Yama og tengdar verur b\u00fai sameiginlegt sk\u00f6punarform, \u00fear sem fyrsta manndr\u00e1p skipar heiminum \u00ed kerfi.<\/p><p>\u00c1fram er deilt um hversu sk\u00fdrt eigi a\u00f0 a\u00f0skilja hinn v\u00e9da Yama fr\u00e1 s\u00ed\u00f0ari p\u00faran\u00edska Yama. Sumir fr\u00e6\u00f0imenn sj\u00e1 samfellda \u00fer\u00f3un, a\u00f0rir leggja \u00e1herslu \u00e1 rof milli forfe\u00f0rakonungs fyrri t\u00edma og helv\u00edtisstj\u00f3rnanda hinna klass\u00edsku texta.<\/p><p>Uppruni skrifarans Chitragupta er einnig \u00f3lj\u00f3s, \u00fev\u00ed hann kemur ekki fram \u00ed elstu l\u00f6gunum og hefur a\u00f0 \u00f6llum l\u00edkindum b\u00e6st vi\u00f0 s\u00ed\u00f0ar, m\u00f6gulega undir \u00e1hrifum \u00e1kve\u00f0inna samf\u00e9lagsh\u00f3pa. Heimildasta\u00f0an kallar h\u00e9r \u00e1 a\u00f0g\u00e6slu: margt af \u00fev\u00ed sem tali\u00f0 er f\u00f6st mynd af Yama er \u00ed raun afrakstur aldalangrar lagskiptingar mismunandi textahef\u00f0a.<\/p>\t\t\t\t\t\t\t\t<\/div>\n\t\t\t\t<\/div>\n\t\t\t\t\t<\/div>\n\t\t\t\t<\/div>\n\t\t<div class=\"elementor-element elementor-element-36dd7469 e-flex e-con-boxed e-con e-parent\" data-id=\"36dd7469\" data-element_type=\"container\" data-e-type=\"container\">\n\t\t\t\t\t<div class=\"e-con-inner\">\n\t\t\t\t<div class=\"elementor-element elementor-element-13760ab4 elementor-widget elementor-widget-heading\" data-id=\"13760ab4\" data-element_type=\"widget\" data-e-type=\"widget\" data-widget_type=\"heading.default\">\n\t\t\t\t\t<h2 class=\"elementor-heading-title elementor-size-default\">\u00cdtarefni og tenglar<\/h2>\t\t\t\t<\/div>\n\t\t<div class=\"elementor-element elementor-element-28c87796 e-con-full e-flex e-con e-child\" data-id=\"28c87796\" data-element_type=\"container\" data-e-type=\"container\">\n\t\t\t\t<div class=\"elementor-element elementor-element-5d6538df elementor-widget elementor-widget-text-editor\" data-id=\"5d6538df\" data-element_type=\"widget\" data-e-type=\"widget\" data-widget_type=\"text-editor.default\">\n\t\t\t\t\t\t\t\t\t<ul><li><a href=\"https:\/\/iwell-guard.com\/is\/?page_id=168720\">Yamaraja, b\u00fadd\u00edsk a\u00f0l\u00f6gun<\/a><\/li><li><a href=\"https:\/\/iwell-guard.com\/is\/?page_id=168776\">Yama-d\u00e1nard\u00f3mari (b\u00faddismi)<\/a><\/li><li><a href=\"https:\/\/iwell-guard.com\/is\/?page_id=168773\">Enma-O, jap\u00f6nsk mynd<\/a><\/li><li><a href=\"https:\/\/iwell-guard.com\/is\/?page_id=168777\">Yeomra, k\u00f3resk mynd<\/a><\/li><li><a href=\"https:\/\/iwell-guard.com\/is\/?page_id=168716\">Hades, gr\u00edsk hli\u00f0st\u00e6\u00f0a<\/a><\/li><li><a href=\"https:\/\/iwell-guard.com\/is\/?page_id=168641\">Hind\u00faismi, yfirlit yfir gu\u00f0aheim<\/a><\/li><li><a href=\"https:\/\/iwell-guard.com\/is\/?page_id=168709\">D\u00e1nargu\u00f0ir, undirflokkur<\/a><\/li><\/ul>\t\t\t\t\t\t\t\t<\/div>\n\t\t\t\t<\/div>\n\t\t\t\t\t<\/div>\n\t\t\t\t<\/div>\n\t\t<div class=\"elementor-element elementor-element-grl4kl40 e-flex e-con-boxed e-con e-parent\" data-id=\"grl4kl40\" data-element_type=\"container\" data-e-type=\"container\">\n\t\t\t\t\t<div class=\"e-con-inner\">\n\t\t\t\t<div class=\"elementor-element elementor-element-bzsbfrmh elementor-widget elementor-widget-heading\" data-id=\"bzsbfrmh\" data-element_type=\"widget\" data-e-type=\"widget\" data-widget_type=\"heading.default\">\n\t\t\t\t\t<h2 class=\"elementor-heading-title elementor-size-default\">Heimildir (\u00farval)<\/h2>\t\t\t\t<\/div>\n\t\t<div class=\"elementor-element elementor-element-2c13224a e-con-full e-flex e-con e-child\" data-id=\"2c13224a\" data-element_type=\"container\" data-e-type=\"container\">\n\t\t\t\t<div class=\"elementor-element elementor-element-0eymh9ub elementor-widget elementor-widget-text-editor\" data-id=\"0eymh9ub\" data-element_type=\"widget\" data-e-type=\"widget\" data-widget_type=\"text-editor.default\">\n\t\t\t\t\t\t\t\t\t<footer class=\"iwg-literatur\" data-nosnippet=\"true\"><ul><li><span data-nosnippet>O&rsquo;Flaherty, Wendy Doniger: <em>The Origins of Evil in Hindu Mythology<\/em>. Berkeley 1976.<\/span><\/li><li><span data-nosnippet>Doniger, Wendy: <em>Hindu Myths. A Sourcebook<\/em>. London 1975.<\/span><\/li><li><span data-nosnippet>Lopez, Donald S.: <em>The Tibetan Book of the Dead. A Biography<\/em>. Princeton 2011.<\/span><\/li><li>Rigveda X 14&ndash;18 (fj\u00f6lmargar \u00fe\u00fd\u00f0ingar).<\/li><li>Walde, Christine (\u00fatg.): <em>Der Neue Pauly<\/em> (uppflettior\u00f0 &bdquo;Yama&ldquo;).<\/li><\/ul><\/footer>\n<p class=\"iwg-bib-more\"><span data-nosnippet>Fleiri grunnrit \u00ed <a href=\"https:\/\/iwell-guard.com\/is\/?page_id=168730\">heimildaskr\u00e1nni<\/a>.<\/span><\/p>\t\t\t\t\t\t\t\t<\/div>\n\t\t\t\t<\/div>\n\t\t\t\t\t<\/div>\n\t\t\t\t<\/div>\n\t\t<div class=\"elementor-element elementor-element-9bd3732 e-con-boxed e-flex e-con e-parent\" data-id=\"9bd3732\" data-element_type=\"container\" data-e-type=\"container\">\n\t\t\t\t\t<div class=\"e-con-inner\">\n\t\t\t\t<div class=\"elementor-element elementor-element-599231e elementor-widget elementor-widget-text-editor\" data-id=\"599231e\" data-element_type=\"widget\" data-e-type=\"widget\" data-widget_type=\"text-editor.default\">\n\t\t\t\t\t\t\t\t\t\n<h2>Algengar spurningar um Yama<\/h2>\n<div class=\"iwg-faq-q\"><h3>Hver er Yama \u00ed b\u00faddisma?<\/h3><p>Yama er \u00ed b\u00faddisma stj\u00f3rnandi helv\u00edtisr\u00edkisins (Naraka) og d\u00f3mari hinna framli\u00f0nu. \u00d3l\u00edkt vestr\u00e6num skilningi er b\u00fadd\u00edskt helv\u00edti ekki eil\u00edfur refsingarsta\u00f0ur, heldur t\u00edmabundinn endurf\u00e6\u00f0ingarsta\u00f0ur, s\u00e1 sem hefur unni\u00f0 upp karma sitt \u00fear f\u00e6\u00f0ist \u00e1 n\u00fd.<\/p><p>Yama yfirheyrir hvern hinn l\u00e1tna um l\u00edfsverk hans, \u00ed mahayana-b\u00faddisma er heill hir\u00f0 d\u00f3mara helv\u00edtis sem a\u00f0sto\u00f0a hann. R\u00edkjum Yama er l\u00fdst me\u00f0 \u00f3tr\u00falegri sm\u00e1atri\u00f0an\u00e1kv\u00e6mni \u00ed b\u00fadd\u00edskri <span class=\"iwg-fachbegriff\" data-tooltip=\"Hugmynd um uppbyggingu og skipan heimsins innan tiltekinnar menningar.\" tabindex=\"0\">heimsfr\u00e6\u00f0i<\/span> (abh\u00eddharma-textar).<\/p><\/div>\n<div class=\"iwg-faq-q\"><h3>Hvernig er Yama \u00ed b\u00faddisma fr\u00e1brug\u00f0inn hind\u00fa\u00edska Yamaraja?<\/h3><p>B\u00e1\u00f0ar \u00feessar pers\u00f3nur deila sameiginlegum uppruna \u00ed v\u00e9da-Yama (Rigveda 10,14), fyrsta dau\u00f0lega manninum sem var\u00f0 einnig herra hinna dau\u00f0u. \u00cd hind\u00faisma var Yama alltaf hinn mi\u00f0l\u00e6gi d\u00f3msgu\u00f0 sem tekur \u00e1 m\u00f3ti hverri s\u00e1l.<\/p><p>\u00cd b\u00faddisma var\u00f0 Yama fj\u00f6lbreytt pers\u00f3na: \u00ed theravada frekar sem hugtak, \u00ed mahayana og s\u00e9rstaklega \u00ed t\u00edbeskum b\u00faddisma sem pers\u00f3nuger\u00f0ur helv\u00edtisherra me\u00f0 fl\u00f3kinni <span class=\"iwg-fachbegriff\" data-tooltip=\"Fr\u00e6\u00f0i um myndefni og merkingu \u00feess.\" tabindex=\"0\">helgimyndafr\u00e6\u00f0i<\/span> (oft me\u00f0 nautsh\u00f6fu\u00f0, Yama-\u00fe\u00e1tturinn Dharmaraja). \u00cd T\u00edbet eru farandi dj\u00f6fladansararnir (Cham-h\u00e1t\u00ed\u00f0in) oft Yama-fulltr\u00faar.<\/p><\/div>\n<script type=\"application\/ld+json\">{\"@context\":\"https:\/\/schema.org\",\"@type\":\"FAQPage\",\"mainEntity\":[{\"@type\":\"Question\",\"name\":\"Wer ist Yama im Buddhismus?\",\"acceptedAnswer\":{\"@type\":\"Answer\",\"text\":\"Yama ist im Buddhismus der Herrscher des H\u00f6llenreichs (Naraka) und Richter der Verstorbenen. Anders als im westlichen Verst\u00e4ndnis ist die buddhistische H\u00f6lle kein ewiger Straforte, sondern eine zeitlich begrenzte Wiedergeburts-St\u00e4tte, wer dort sein Karma abgeb\u00fc\u00dft hat, wird wiedergeboren.Yama befragt jeden Toten zu seinen Lebenstaten, der Mahayana-Buddhismus kennt einen ganzen Hofstaat von H\u00f6llen-Richtern, die ihn unterst\u00fctzen. Yamas Reiche werden mit unvorstellbarer Detailf\u00fclle in der buddhistischen Kosmologie beschrieben (Abhidharma-Texte).\"}},{\"@type\":\"Question\",\"name\":\"Wie unterscheidet sich Yama im Buddhismus vom hinduistischen Yamaraja?\",\"acceptedAnswer\":{\"@type\":\"Answer\",\"text\":\"Beide Figuren teilen den gemeinsamen Ursprung im vedischen Yama (Rigveda 10,14), dem ersten Sterblichen, der zugleich Herr der Toten wurde. Im Hinduismus blieb Yama der zentrale Richtergott, der jede Seele empf\u00e4ngt.Im Buddhismus wurde Yama zu einer mehrgesichtigen Figur: Im Theravada eher als Konzept, im Mahayana und besonders im tibetischen Buddhismus als personifizierter H\u00f6llenherr mit komplexer Ikonografie (oft mit Stierkopf, der Yama-Aspekt Dharmaraja). In Tibet sind die wandernden D\u00e4monen-T\u00e4nzer (Cham-Festival) oft Yama-Darsteller.\"}}]}<\/script>\t\t\t\t\t\t\t\t<\/div>\n\t\t\t\t\t<\/div>\n\t\t\t\t<\/div>\n\t\t\t\t<\/div>\n\t\t","protected":false},"excerpt":{"rendered":"","protected":false},"author":3,"featured_media":1731,"parent":0,"menu_order":0,"comment_status":"closed","ping_status":"closed","template":"elementor_header_footer","meta":{"_yoast_wpseo_focuskw":"Yama","_yoast_wpseo_title":"Yama \u2013 Dau\u00f0agu\u00f0inn og d\u00f3marinn \u00ed hind\u00faisma","_yoast_wpseo_metadesc":"Yama, dau\u00f0agu\u00f0 og d\u00f3mari \u00ed hind\u00faisma. Stafur og buffalinn Nandi, Yamaloka, karma-d\u00f3mur og ved\u00edsk upphaf. Fa\u00f0ir mannkynsins.","_yoast_wpseo_meta-robots-noindex":"","_yoast_wpseo_canonical":"","_angie_page":false,"gefaehrdungsstufe":"2","wesen_kultur":"hinduismus","wesen_klasse":"goetter","footnotes":""},"categories":[],"class_list":["post-168768","page","type-page","status-publish","has-post-thumbnail","hentry"],"yoast_head":"<!-- This site is optimized with the Yoast SEO Premium plugin v27.7 (Yoast SEO v28.3) - https:\/\/yoast.com\/product\/yoast-seo-premium-wordpress\/ -->\n<title>Yama \u2013 Dau\u00f0agu\u00f0inn og d\u00f3marinn \u00ed hind\u00faisma<\/title>\n<meta name=\"description\" content=\"Yama, dau\u00f0agu\u00f0 og d\u00f3mari \u00ed hind\u00faisma. Stafur og buffalinn Nandi, Yamaloka, karma-d\u00f3mur og ved\u00edsk upphaf. Fa\u00f0ir mannkynsins.\" \/>\n<meta name=\"robots\" content=\"index, follow, max-snippet:-1, max-image-preview:large, max-video-preview:-1\" \/>\n<link rel=\"canonical\" href=\"https:\/\/iwell-guard.com\/is\/yama\/\" \/>\n<meta property=\"og:locale\" content=\"is_IS\" \/>\n<meta property=\"og:type\" content=\"article\" \/>\n<meta property=\"og:title\" content=\"Yama\" \/>\n<meta property=\"og:description\" content=\"Yama, dau\u00f0agu\u00f0 og d\u00f3mari \u00ed hind\u00faisma. Stafur og buffalinn Nandi, Yamaloka, karma-d\u00f3mur og ved\u00edsk upphaf. Fa\u00f0ir mannkynsins.\" \/>\n<meta property=\"og:url\" content=\"https:\/\/iwell-guard.com\/is\/yama\/\" \/>\n<meta property=\"og:site_name\" content=\"iWell Guard\" \/>\n<meta property=\"article:modified_time\" content=\"2026-09-05T14:18:55+00:00\" \/>\n<meta property=\"og:image\" content=\"https:\/\/iwell-guard.com\/wp-content\/uploads\/2026\/04\/goetter_hinduismus_yama.webp\" \/>\n\t<meta property=\"og:image:width\" content=\"1024\" \/>\n\t<meta property=\"og:image:height\" content=\"1536\" \/>\n\t<meta property=\"og:image:type\" content=\"image\/webp\" \/>\n<meta name=\"twitter:card\" content=\"summary_large_image\" \/>\n<script type=\"application\/ld+json\" class=\"yoast-schema-graph\">{\"@context\":\"https:\\\/\\\/schema.org\",\"@graph\":[{\"@type\":\"WebPage\",\"@id\":\"https:\\\/\\\/iwell-guard.com\\\/is\\\/yama\\\/\",\"url\":\"https:\\\/\\\/iwell-guard.com\\\/is\\\/yama\\\/\",\"name\":\"Yama \u2013 Dau\u00f0agu\u00f0inn og d\u00f3marinn \u00ed hind\u00faisma\",\"isPartOf\":{\"@id\":\"https:\\\/\\\/iwell-guard.com\\\/is\\\/#website\"},\"primaryImageOfPage\":{\"@id\":\"https:\\\/\\\/iwell-guard.com\\\/is\\\/yama\\\/#primaryimage\"},\"image\":{\"@id\":\"https:\\\/\\\/iwell-guard.com\\\/is\\\/yama\\\/#primaryimage\"},\"thumbnailUrl\":\"https:\\\/\\\/iwell-guard.com\\\/wp-content\\\/uploads\\\/2026\\\/04\\\/goetter_hinduismus_yama.webp\",\"datePublished\":\"2026-09-05T14:02:49+00:00\",\"dateModified\":\"2026-09-05T14:18:55+00:00\",\"description\":\"Yama, dau\u00f0agu\u00f0 og d\u00f3mari \u00ed hind\u00faisma. Stafur og buffalinn Nandi, Yamaloka, karma-d\u00f3mur og ved\u00edsk upphaf. Fa\u00f0ir mannkynsins.\",\"breadcrumb\":{\"@id\":\"https:\\\/\\\/iwell-guard.com\\\/is\\\/yama\\\/#breadcrumb\"},\"inLanguage\":\"is\",\"potentialAction\":[{\"@type\":\"ReadAction\",\"target\":[\"https:\\\/\\\/iwell-guard.com\\\/is\\\/yama\\\/\"]}]},{\"@type\":\"ImageObject\",\"inLanguage\":\"is\",\"@id\":\"https:\\\/\\\/iwell-guard.com\\\/is\\\/yama\\\/#primaryimage\",\"url\":\"https:\\\/\\\/iwell-guard.com\\\/wp-content\\\/uploads\\\/2026\\\/04\\\/goetter_hinduismus_yama.webp\",\"contentUrl\":\"https:\\\/\\\/iwell-guard.com\\\/wp-content\\\/uploads\\\/2026\\\/04\\\/goetter_hinduismus_yama.webp\",\"width\":1024,\"height\":1536,\"caption\":\"Gu\u00f0ir \u00far hind\u00faisma-hef\u00f0inni.\"},{\"@type\":\"BreadcrumbList\",\"@id\":\"https:\\\/\\\/iwell-guard.com\\\/is\\\/yama\\\/#breadcrumb\",\"itemListElement\":[{\"@type\":\"ListItem\",\"position\":1,\"name\":\"Start\",\"item\":\"https:\\\/\\\/iwell-guard.com\\\/is\\\/?page_id=168580\"},{\"@type\":\"ListItem\",\"position\":2,\"name\":\"Yama\"}]},{\"@type\":\"WebSite\",\"@id\":\"https:\\\/\\\/iwell-guard.com\\\/is\\\/#website\",\"url\":\"https:\\\/\\\/iwell-guard.com\\\/is\\\/\",\"name\":\"iWell Guard\",\"description\":\"Schutz vor dunklen Einfl\u00fcssen\",\"publisher\":{\"@id\":\"https:\\\/\\\/iwell-guard.com\\\/is\\\/#organization\"},\"potentialAction\":[{\"@type\":\"SearchAction\",\"target\":{\"@type\":\"EntryPoint\",\"urlTemplate\":\"https:\\\/\\\/iwell-guard.com\\\/is\\\/?s={search_term_string}\"},\"query-input\":{\"@type\":\"PropertyValueSpecification\",\"valueRequired\":true,\"valueName\":\"search_term_string\"}}],\"inLanguage\":\"is\"},{\"@type\":\"Organization\",\"@id\":\"https:\\\/\\\/iwell-guard.com\\\/is\\\/#organization\",\"name\":\"Ittermann electronic GmbH\",\"url\":\"https:\\\/\\\/iwell-guard.com\\\/is\\\/\",\"logo\":{\"@type\":\"ImageObject\",\"inLanguage\":\"is\",\"@id\":\"https:\\\/\\\/iwell-guard.com\\\/is\\\/#\\\/schema\\\/logo\\\/image\\\/\",\"url\":\"https:\\\/\\\/iwell-guard.com\\\/wp-content\\\/uploads\\\/2026\\\/05\\\/Ittermann-Logo-1182x237-1.png\",\"contentUrl\":\"https:\\\/\\\/iwell-guard.com\\\/wp-content\\\/uploads\\\/2026\\\/05\\\/Ittermann-Logo-1182x237-1.png\",\"width\":1182,\"height\":237,\"caption\":\"Ittermann electronic GmbH\"},\"image\":{\"@id\":\"https:\\\/\\\/iwell-guard.com\\\/is\\\/#\\\/schema\\\/logo\\\/image\\\/\"},\"sameAs\":[\"https:\\\/\\\/pantip.com\\\/profile\\\/9367242\",\"https:\\\/\\\/micro.blog\\\/iwellguard\",\"https:\\\/\\\/www.diggerslist.com\\\/iwellguard\\\/about\",\"https:\\\/\\\/skitterphoto.com\\\/photographers\\\/2870314\\\/iwell-guard\",\"https:\\\/\\\/iwellguard.wordpress.com\\\/2026\\\/06\\\/06\\\/iwell-guard\\\/\",\"https:\\\/\\\/hub.docker.com\\\/u\\\/iwellguard\",\"https:\\\/\\\/www.pinterest.com\\\/iwellguard\\\/\",\"https:\\\/\\\/bit.ly\\\/m\\\/iwellguard\",\"https:\\\/\\\/entre-vos-mains.alsace.eu\\\/profiles\\\/iwellguard\\\/activity\",\"https:\\\/\\\/gravatar.com\\\/reallybeded8fd34\",\"https:\\\/\\\/naijamatta.com\\\/iwellguard\",\"https:\\\/\\\/www.goodreads.com\\\/iwellguard\",\"https:\\\/\\\/profile.hatena.ne.jp\\\/iwellguard\\\/\",\"https:\\\/\\\/experiment.com\\\/users\\\/iwellguard\",\"https:\\\/\\\/wakelet.com\\\/@iWellGuard82270\",\"https:\\\/\\\/www.chordie.com\\\/forum\\\/profile.php?id=2555664\",\"https:\\\/\\\/www.instapaper.com\\\/p\\\/17757966\",\"https:\\\/\\\/www.mapleprimes.com\\\/users\\\/iwellguard\",\"https:\\\/\\\/businesslistingplus.com\\\/profile\\\/iwell-guard\\\/\",\"https:\\\/\\\/telegra.ph\\\/iWell-Guard-06-06\",\"https:\\\/\\\/pbase.com\\\/iwellguard\\\/iwellguard\",\"https:\\\/\\\/b.hatena.ne.jp\\\/iwellguard\\\/20260607#bookmark-4788405196491818882\",\"https:\\\/\\\/fliphtml5.com\\\/home\\\/iwellguard\",\"https:\\\/\\\/anyflip.com\\\/homepage\\\/cmiwl#About\",\"https:\\\/\\\/transfur.com\\\/Users\\\/iwellguard\",\"http:\\\/\\\/delphi.larsbo.org\\\/user\\\/iwellguard\",\"https:\\\/\\\/jobs.lajobsportal.org\\\/profiles\\\/8380803-iwell-guard\",\"https:\\\/\\\/md.chaosdorf.de\\\/s\\\/jfbe5SBdJD\",\"https:\\\/\\\/www.lingvolive.com\\\/en-us\\\/profile\\\/9ecaeaca-ce11-4e51-9e71-01d55e2bff36\\\/translations\",\"https:\\\/\\\/www.fitday.com\\\/fitness\\\/forums\\\/members\\\/iwellguard.html\",\"https:\\\/\\\/www.mymeetbook.com\\\/iwellguard\",\"https:\\\/\\\/pxhere.com\\\/en\\\/photographer-me\\\/5040798\",\"https:\\\/\\\/disqus.com\\\/by\\\/iwellguard\\\/about\\\/\",\"https:\\\/\\\/pastelink.net\\\/hjwciqwq\",\"https:\\\/\\\/pubhtml5.com\\\/homepage\\\/scjhn\\\/\",\"https:\\\/\\\/www.bitchute.com\\\/channel\\\/2O2eOKzNqujT\",\"https:\\\/\\\/audiomack.com\\\/iwellguard\"]},{\"@type\":\"Article\",\"@id\":\"https:\\\/\\\/iwell-guard.com\\\/is\\\/yama\\\/#article\",\"isPartOf\":{\"@id\":\"https:\\\/\\\/iwell-guard.com\\\/is\\\/yama\\\/\"},\"author\":{\"name\":\"Ralf Ittermann\",\"@id\":\"https:\\\/\\\/iwell-guard.com\\\/is\\\/#\\\/schema\\\/person\\\/ee2a27f1cac3406c7c6fb5820cb7349f\"},\"headline\":\"Yama\",\"datePublished\":\"2026-09-05T14:02:49+00:00\",\"dateModified\":\"2026-09-05T14:18:55+00:00\",\"mainEntityOfPage\":{\"@id\":\"https:\\\/\\\/iwell-guard.com\\\/is\\\/yama\\\/\"},\"publisher\":{\"@id\":\"https:\\\/\\\/iwell-guard.com\\\/is\\\/#organization\"},\"image\":{\"@id\":\"https:\\\/\\\/iwell-guard.com\\\/is\\\/yama\\\/#primaryimage\"},\"thumbnailUrl\":\"https:\\\/\\\/iwell-guard.com\\\/wp-content\\\/uploads\\\/2026\\\/04\\\/goetter_hinduismus_yama.webp\",\"inLanguage\":\"is\",\"description\":\"Yama, dau\u00f0agu\u00f0 og d\u00f3mari \u00ed hind\u00faisma. Stafur og buffalinn Nandi, Yamaloka, karma-d\u00f3mur og ved\u00edsk upphaf. Fa\u00f0ir mannkynsins.\"}]}<\/script>\n<!-- \/ Yoast SEO Premium plugin. -->","yoast_head_json":{"title":"Yama \u2013 Dau\u00f0agu\u00f0inn og d\u00f3marinn \u00ed hind\u00faisma","description":"Yama, dau\u00f0agu\u00f0 og d\u00f3mari \u00ed hind\u00faisma. Stafur og buffalinn Nandi, Yamaloka, karma-d\u00f3mur og ved\u00edsk upphaf. Fa\u00f0ir mannkynsins.","robots":{"index":"index","follow":"follow","max-snippet":"max-snippet:-1","max-image-preview":"max-image-preview:large","max-video-preview":"max-video-preview:-1"},"canonical":"https:\/\/iwell-guard.com\/is\/yama\/","og_locale":"is_IS","og_type":"article","og_title":"Yama","og_description":"Yama, dau\u00f0agu\u00f0 og d\u00f3mari \u00ed hind\u00faisma. Stafur og buffalinn Nandi, Yamaloka, karma-d\u00f3mur og ved\u00edsk upphaf. Fa\u00f0ir mannkynsins.","og_url":"https:\/\/iwell-guard.com\/is\/yama\/","og_site_name":"iWell Guard","article_modified_time":"2026-09-05T14:18:55+00:00","og_image":[{"width":1024,"height":1536,"url":"https:\/\/iwell-guard.com\/wp-content\/uploads\/2026\/04\/goetter_hinduismus_yama.webp","type":"image\/webp"}],"twitter_card":"summary_large_image","schema":{"@context":"https:\/\/schema.org","@graph":[{"@type":"Article","@id":"https:\/\/iwell-guard.com\/is\/yama\/#article","isPartOf":{"@id":"https:\/\/iwell-guard.com\/is\/yama\/"},"author":{"name":"Ralf Ittermann","@id":"https:\/\/iwell-guard.com\/is\/#\/schema\/person\/ee2a27f1cac3406c7c6fb5820cb7349f"},"headline":"Yama","datePublished":"2026-09-05T14:02:49+00:00","dateModified":"2026-09-05T14:18:55+00:00","mainEntityOfPage":{"@id":"https:\/\/iwell-guard.com\/is\/yama\/"},"publisher":{"@id":"https:\/\/iwell-guard.com\/is\/#organization"},"image":{"@id":"https:\/\/iwell-guard.com\/is\/yama\/#primaryimage"},"thumbnailUrl":"https:\/\/iwell-guard.com\/wp-content\/uploads\/2026\/04\/goetter_hinduismus_yama.webp","inLanguage":"is","description":"Yama, dau\u00f0agu\u00f0 og d\u00f3mari \u00ed hind\u00faisma. Stafur og buffalinn Nandi, Yamaloka, karma-d\u00f3mur og ved\u00edsk upphaf. Fa\u00f0ir mannkynsins."},{"@type":"WebPage","@id":"https:\/\/iwell-guard.com\/is\/yama\/","url":"https:\/\/iwell-guard.com\/is\/yama\/","name":"Yama \u2013 Dau\u00f0agu\u00f0inn og d\u00f3marinn \u00ed hind\u00faisma","isPartOf":{"@id":"https:\/\/iwell-guard.com\/is\/#website"},"primaryImageOfPage":{"@id":"https:\/\/iwell-guard.com\/is\/yama\/#primaryimage"},"image":{"@id":"https:\/\/iwell-guard.com\/is\/yama\/#primaryimage"},"thumbnailUrl":"https:\/\/iwell-guard.com\/wp-content\/uploads\/2026\/04\/goetter_hinduismus_yama.webp","datePublished":"2026-09-05T14:02:49+00:00","dateModified":"2026-09-05T14:18:55+00:00","description":"Yama, dau\u00f0agu\u00f0 og d\u00f3mari \u00ed hind\u00faisma. Stafur og buffalinn Nandi, Yamaloka, karma-d\u00f3mur og ved\u00edsk upphaf. Fa\u00f0ir mannkynsins.","breadcrumb":{"@id":"https:\/\/iwell-guard.com\/is\/yama\/#breadcrumb"},"inLanguage":"is","potentialAction":[{"@type":"ReadAction","target":["https:\/\/iwell-guard.com\/is\/yama\/"]}]},{"@type":"ImageObject","inLanguage":"is","@id":"https:\/\/iwell-guard.com\/is\/yama\/#primaryimage","url":"https:\/\/iwell-guard.com\/wp-content\/uploads\/2026\/04\/goetter_hinduismus_yama.webp","contentUrl":"https:\/\/iwell-guard.com\/wp-content\/uploads\/2026\/04\/goetter_hinduismus_yama.webp","width":1024,"height":1536,"caption":"Gu\u00f0ir \u00far hind\u00faisma-hef\u00f0inni."},{"@type":"BreadcrumbList","@id":"https:\/\/iwell-guard.com\/is\/yama\/#breadcrumb","itemListElement":[{"@type":"ListItem","position":1,"name":"Start","item":"https:\/\/iwell-guard.com\/is\/?page_id=168580"},{"@type":"ListItem","position":2,"name":"Yama"}]},{"@type":"WebSite","@id":"https:\/\/iwell-guard.com\/is\/#website","url":"https:\/\/iwell-guard.com\/is\/","name":"iWell Guard","description":"Schutz vor dunklen Einfl\u00fcssen","publisher":{"@id":"https:\/\/iwell-guard.com\/is\/#organization"},"potentialAction":[{"@type":"SearchAction","target":{"@type":"EntryPoint","urlTemplate":"https:\/\/iwell-guard.com\/is\/?s={search_term_string}"},"query-input":{"@type":"PropertyValueSpecification","valueRequired":true,"valueName":"search_term_string"}}],"inLanguage":"is"},{"@type":"Organization","@id":"https:\/\/iwell-guard.com\/is\/#organization","name":"Ittermann electronic GmbH","url":"https:\/\/iwell-guard.com\/is\/","logo":{"@type":"ImageObject","inLanguage":"is","@id":"https:\/\/iwell-guard.com\/is\/#\/schema\/logo\/image\/","url":"https:\/\/iwell-guard.com\/wp-content\/uploads\/2026\/05\/Ittermann-Logo-1182x237-1.png","contentUrl":"https:\/\/iwell-guard.com\/wp-content\/uploads\/2026\/05\/Ittermann-Logo-1182x237-1.png","width":1182,"height":237,"caption":"Ittermann electronic GmbH"},"image":{"@id":"https:\/\/iwell-guard.com\/is\/#\/schema\/logo\/image\/"},"sameAs":["https:\/\/pantip.com\/profile\/9367242","https:\/\/micro.blog\/iwellguard","https:\/\/www.diggerslist.com\/iwellguard\/about","https:\/\/skitterphoto.com\/photographers\/2870314\/iwell-guard","https:\/\/iwellguard.wordpress.com\/2026\/06\/06\/iwell-guard\/","https:\/\/hub.docker.com\/u\/iwellguard","https:\/\/www.pinterest.com\/iwellguard\/","https:\/\/bit.ly\/m\/iwellguard","https:\/\/entre-vos-mains.alsace.eu\/profiles\/iwellguard\/activity","https:\/\/gravatar.com\/reallybeded8fd34","https:\/\/naijamatta.com\/iwellguard","https:\/\/www.goodreads.com\/iwellguard","https:\/\/profile.hatena.ne.jp\/iwellguard\/","https:\/\/experiment.com\/users\/iwellguard","https:\/\/wakelet.com\/@iWellGuard82270","https:\/\/www.chordie.com\/forum\/profile.php?id=2555664","https:\/\/www.instapaper.com\/p\/17757966","https:\/\/www.mapleprimes.com\/users\/iwellguard","https:\/\/businesslistingplus.com\/profile\/iwell-guard\/","https:\/\/telegra.ph\/iWell-Guard-06-06","https:\/\/pbase.com\/iwellguard\/iwellguard","https:\/\/b.hatena.ne.jp\/iwellguard\/20260607#bookmark-4788405196491818882","https:\/\/fliphtml5.com\/home\/iwellguard","https:\/\/anyflip.com\/homepage\/cmiwl#About","https:\/\/transfur.com\/Users\/iwellguard","http:\/\/delphi.larsbo.org\/user\/iwellguard","https:\/\/jobs.lajobsportal.org\/profiles\/8380803-iwell-guard","https:\/\/md.chaosdorf.de\/s\/jfbe5SBdJD","https:\/\/www.lingvolive.com\/en-us\/profile\/9ecaeaca-ce11-4e51-9e71-01d55e2bff36\/translations","https:\/\/www.fitday.com\/fitness\/forums\/members\/iwellguard.html","https:\/\/www.mymeetbook.com\/iwellguard","https:\/\/pxhere.com\/en\/photographer-me\/5040798","https:\/\/disqus.com\/by\/iwellguard\/about\/","https:\/\/pastelink.net\/hjwciqwq","https:\/\/pubhtml5.com\/homepage\/scjhn\/","https:\/\/www.bitchute.com\/channel\/2O2eOKzNqujT","https:\/\/audiomack.com\/iwellguard"]},{"@type":"Person","@id":"https:\/\/iwell-guard.com\/is\/#\/schema\/person\/ee2a27f1cac3406c7c6fb5820cb7349f","name":"Ralf Ittermann","image":{"@type":"ImageObject","inLanguage":"is","@id":"https:\/\/secure.gravatar.com\/avatar\/073c0153e350a5005b68eb752b445fea71f6b24a26da9449ad7e155e6b446c9d?s=96&d=mm&r=g","url":"https:\/\/secure.gravatar.com\/avatar\/073c0153e350a5005b68eb752b445fea71f6b24a26da9449ad7e155e6b446c9d?s=96&d=mm&r=g","contentUrl":"https:\/\/secure.gravatar.com\/avatar\/073c0153e350a5005b68eb752b445fea71f6b24a26da9449ad7e155e6b446c9d?s=96&d=mm&r=g","caption":"Ralf Ittermann"},"givenName":"Ralf","familyName":"Ittermann","jobTitle":"Gesch\u00e4ftsf\u00fchrer und redaktioneller Verantwortlicher","url":"https:\/\/iwell-guard.com\/is\/author\/claude\/","description":"Ralf Ittermann ist Gesch\u00e4ftsf\u00fchrer der Ittermann electronic GmbH und redaktioneller Verantwortlicher des iWell-Guard-Lexikons. Er verbindet langj\u00e4hrige Erfahrung in der Pr\u00e4zisionsfertigung mit medialer Praxis und religionsgeschichtlicher Quellenarbeit.","worksFor":{"@type":"Organization","name":"Ittermann electronic GmbH","url":"https:\/\/ittermann.de\/","address":{"@type":"PostalAddress","streetAddress":"K\u00f6hlergasse 16-18","postalCode":"99842","addressLocality":"Ruhla","addressCountry":"DE"}},"knowsAbout":["Religionsgeschichte","Mythologie","Mediale Praxis","Energetische Diagnostik","Schutzpraxis","Volksglauben","Westliche Esoterik"]},{"@type":"Article","@id":"https:\/\/iwell-guard.com\/is\/yama\/#article","isPartOf":{"@id":"https:\/\/iwell-guard.com\/is\/yama\/"},"author":{"name":"Ralf Ittermann","@id":"https:\/\/iwell-guard.com\/is\/#\/schema\/person\/ee2a27f1cac3406c7c6fb5820cb7349f"},"headline":"Yama","datePublished":"2026-09-05T14:02:49+00:00","dateModified":"2026-09-05T14:18:55+00:00","mainEntityOfPage":{"@id":"https:\/\/iwell-guard.com\/is\/yama\/"},"publisher":{"@id":"https:\/\/iwell-guard.com\/is\/#organization"},"image":{"@id":"https:\/\/iwell-guard.com\/is\/yama\/#primaryimage"},"thumbnailUrl":"https:\/\/iwell-guard.com\/wp-content\/uploads\/2026\/04\/goetter_hinduismus_yama.webp","inLanguage":"is","description":"Yama, dau\u00f0agu\u00f0 og d\u00f3mari \u00ed hind\u00faisma. Stafur og buffalinn Nandi, Yamaloka, karma-d\u00f3mur og ved\u00edsk upphaf. Fa\u00f0ir mannkynsins."}]}},"_links":{"self":[{"href":"https:\/\/iwell-guard.com\/is\/wp-json\/wp\/v2\/pages\/168768","targetHints":{"allow":["GET"]}}],"collection":[{"href":"https:\/\/iwell-guard.com\/is\/wp-json\/wp\/v2\/pages"}],"about":[{"href":"https:\/\/iwell-guard.com\/is\/wp-json\/wp\/v2\/types\/page"}],"author":[{"embeddable":true,"href":"https:\/\/iwell-guard.com\/is\/wp-json\/wp\/v2\/users\/3"}],"replies":[{"embeddable":true,"href":"https:\/\/iwell-guard.com\/is\/wp-json\/wp\/v2\/comments?post=168768"}],"version-history":[{"count":0,"href":"https:\/\/iwell-guard.com\/is\/wp-json\/wp\/v2\/pages\/168768\/revisions"}],"wp:featuredmedia":[{"embeddable":true,"href":"https:\/\/iwell-guard.com\/is\/wp-json\/wp\/v2\/media\/1731"}],"wp:attachment":[{"href":"https:\/\/iwell-guard.com\/is\/wp-json\/wp\/v2\/media?parent=168768"}],"wp:term":[{"taxonomy":"category","embeddable":true,"href":"https:\/\/iwell-guard.com\/is\/wp-json\/wp\/v2\/categories?post=168768"}],"curies":[{"name":"wp","href":"https:\/\/api.w.org\/{rel}","templated":true}]}}