{"id":168767,"date":"2026-09-05T14:02:49","date_gmt":"2026-09-05T14:02:49","guid":{"rendered":"https:\/\/iwell-guard.com\/?page_id=168767"},"modified":"2026-09-05T14:18:55","modified_gmt":"2026-09-05T14:18:55","slug":"kali","status":"publish","type":"page","link":"https:\/\/iwell-guard.com\/is\/kali\/","title":{"rendered":"Kali"},"content":{"rendered":"\t\t<div data-elementor-type=\"wp-page\" data-elementor-id=\"168767\" class=\"elementor elementor-168767 elementor-1996 elementor-bc-flex-widget\" data-elementor-post-type=\"page\">\n\t\t\t\t<div class=\"elementor-element elementor-element-10fdade e-flex e-con-boxed e-con e-parent\" data-id=\"10fdade\" data-element_type=\"container\" data-e-type=\"container\" data-settings=\"{&quot;background_background&quot;:&quot;classic&quot;}\">\n\t\t\t\t\t<div class=\"e-con-inner\">\n\t\t<div class=\"elementor-element elementor-element-herohlft0 e-flex e-con-boxed e-con e-child\" data-id=\"herohlft0\" data-element_type=\"container\" data-e-type=\"container\">\n\t\t\t\t\t<div class=\"e-con-inner\">\n\t\t<div class=\"elementor-element elementor-element-c3ceb64 e-con-full e-flex e-con e-child\" data-id=\"c3ceb64\" data-element_type=\"container\" data-e-type=\"container\">\n\t\t\t\t<div class=\"elementor-element elementor-element-96ae5e1 elementor-widget elementor-widget-heading\" data-id=\"96ae5e1\" data-element_type=\"widget\" data-e-type=\"widget\" data-widget_type=\"heading.default\">\n\t\t\t\t\t<h1 class=\"elementor-heading-title elementor-size-default\">Kali, gy\u00f0ja hind\u00faskrar hef\u00f0ar<\/h1>\t\t\t\t<\/div>\n\t\t\t\t<div class=\"elementor-element elementor-element-e45238a elementor-widget elementor-widget-text-editor\" data-id=\"e45238a\" data-element_type=\"widget\" data-e-type=\"widget\" data-widget_type=\"text-editor.default\">\n\t\t\t\t\t\t\t\t\t<p>Kali er gy\u00f0ja hind\u00faskrar hef\u00f0ar.<\/p><p>Hin svarta gy\u00f0ja t\u00edmans og ey\u00f0ingarins, verndari og frelsari. Kali er eitt af \u00f6flugustu verunum \u00ed hind\u00faisma, villt, \u00f3mildileg og \u00e1 sama t\u00edma vi\u00f0fang dj\u00fapst\u00e6\u00f0ustu d\u00fdrkunar.<\/p><p>Me\u00f0 svarta h\u00fa\u00f0, bl\u00f3\u00f0rau\u00f0a tungu sem hangir \u00fat \u00far munninum, sver\u00f0 og sk\u00e1l fulla af hausk\u00fapum dj\u00f6fla, birtir h\u00fan hina ey\u00f0andi orku sem er nau\u00f0synleg til a\u00f0 tort\u00edma illu. H\u00fan er hin skelfilega mynd Shiva, eiginkona ey\u00f0andans, og fyrir m\u00f6rgum tr\u00fau\u00f0um sj\u00e1lf hin \u00e6\u00f0sta gy\u00f0ja, *Shakti*, hi\u00f0 kosm\u00edska afl.<\/p>\t\t\t\t\t\t\t\t<\/div>\n\t\t\t\t<\/div>\n\t\t<div class=\"elementor-element elementor-element-klsbdg01 e-con-full e-flex e-con e-parent\" data-id=\"klsbdg01\" data-element_type=\"container\" data-e-type=\"container\">\n\t\t\t\t<div class=\"elementor-element elementor-element-klshtm01 elementor-widget elementor-widget-html\" data-id=\"klshtm01\" data-element_type=\"widget\" data-e-type=\"widget\" data-widget_type=\"html.default\">\n\t\t\t\t\t<div class=\"iwg-pill-row\"><span class=\"iwg-klasse-badge\" tabindex=\"0\" data-tooltip=\"Gu\u00f0 \/ gy\u00f0ja: Pers\u00f3nuger\u00f0 \u00e6\u00f0sta vald \u00ed go\u00f0aheimi menningar, me\u00f0 sk\u00fdra \u00e1byrg\u00f0, n\u00e1tt\u00faru\u00f6fl, \u00f6rl\u00f6g, str\u00ed\u00f0, frj\u00f3semi. D\u00fdrku\u00f0 me\u00f0 \u00e1tr\u00fana\u00f0i, f\u00f3rnum og hofastofnunum.\">Gy\u00f0ja<\/span><a href=\"https:\/\/iwell-guard.com\/is\/?page_id=168641\" class=\"iwg-kultur-badge\" tabindex=\"0\" data-tooltip=\"Hind\u00faskir gu\u00f0ir, as\u00farar og verndarheimar, fr\u00e1 ved\u00edskum til tantr\u00edskra t\u00edma.\">Hind\u00faismi<\/a><\/div>\t\t\t\t<\/div>\n\t\t\t\t<\/div>\n\t\t<div class=\"elementor-element elementor-element-3f74855 e-con-full e-flex e-con e-child\" data-id=\"3f74855\" data-element_type=\"container\" data-e-type=\"container\">\n\t\t\t\t<div class=\"elementor-element elementor-element-1c30362 elementor-toc--minimized-on-tablet elementor-widget elementor-widget-table-of-contents\" data-id=\"1c30362\" data-element_type=\"widget\" data-e-type=\"widget\" data-settings=\"{&quot;exclude_headings_by_selector&quot;:[],&quot;no_headings_message&quot;:&quot;Engar undirfyrirsagnir fundust \\u00e1 \\u00feessari s\\u00ed\\u00f0u.&quot;,&quot;headings_by_tags&quot;:[&quot;h2&quot;,&quot;h3&quot;],&quot;marker_view&quot;:&quot;bullets&quot;,&quot;minimize_box&quot;:&quot;yes&quot;,&quot;icon&quot;:{&quot;value&quot;:&quot;fas fa-circle&quot;,&quot;library&quot;:&quot;fa-solid&quot;,&quot;rendered_tag&quot;:&quot;&lt;svg class=\\&quot;e-font-icon-svg e-fas-circle\\&quot; viewBox=\\&quot;0 0 512 512\\&quot; xmlns=\\&quot;http:\\\/\\\/www.w3.org\\\/2000\\\/svg\\&quot;&gt;&lt;path d=\\&quot;M256 8C119 8 8 119 8 256s111 248 248 248 248-111 248-248S393 8 256 8z\\&quot;&gt;&lt;\\\/path&gt;&lt;\\\/svg&gt;&quot;},&quot;minimized_on&quot;:&quot;tablet&quot;,&quot;hierarchical_view&quot;:&quot;yes&quot;,&quot;min_height&quot;:{&quot;unit&quot;:&quot;px&quot;,&quot;size&quot;:&quot;&quot;,&quot;sizes&quot;:[]},&quot;min_height_tablet&quot;:{&quot;unit&quot;:&quot;px&quot;,&quot;size&quot;:&quot;&quot;,&quot;sizes&quot;:[]},&quot;min_height_mobile&quot;:{&quot;unit&quot;:&quot;px&quot;,&quot;size&quot;:&quot;&quot;,&quot;sizes&quot;:[]}}\" data-widget_type=\"table-of-contents.default\">\n\t\t\t\t\t\t\t\t\t<div class=\"elementor-toc__header\">\n\t\t\t\t\t\t<h2 class=\"elementor-toc__header-title\">\n\t\t\t\tEfnisyfirlit\t\t\t<\/h2>\n\t\t\t\t\t\t\t\t\t\t<div class=\"elementor-toc__toggle-button elementor-toc__toggle-button--expand\" role=\"button\" tabindex=\"0\" aria-controls=\"elementor-toc__1c30362\" aria-expanded=\"true\" aria-label=\"Open table of contents\"><svg aria-hidden=\"true\" class=\"e-font-icon-svg e-fas-chevron-down\" viewBox=\"0 0 448 512\" xmlns=\"http:\/\/www.w3.org\/2000\/svg\"><path d=\"M207.029 381.476L12.686 187.132c-9.373-9.373-9.373-24.569 0-33.941l22.667-22.667c9.357-9.357 24.522-9.375 33.901-.04L224 284.505l154.745-154.021c9.379-9.335 24.544-9.317 33.901.04l22.667 22.667c9.373 9.373 9.373 24.569 0 33.941L240.971 381.476c-9.373 9.372-24.569 9.372-33.942 0z\"><\/path><\/svg><\/div>\n\t\t\t\t<div class=\"elementor-toc__toggle-button elementor-toc__toggle-button--collapse\" role=\"button\" tabindex=\"0\" aria-controls=\"elementor-toc__1c30362\" aria-expanded=\"true\" aria-label=\"Close table of contents\"><svg aria-hidden=\"true\" class=\"e-font-icon-svg e-fas-chevron-up\" viewBox=\"0 0 448 512\" xmlns=\"http:\/\/www.w3.org\/2000\/svg\"><path d=\"M240.971 130.524l194.343 194.343c9.373 9.373 9.373 24.569 0 33.941l-22.667 22.667c-9.357 9.357-24.522 9.375-33.901.04L224 227.495 69.255 381.516c-9.379 9.335-24.544 9.317-33.901-.04l-22.667-22.667c-9.373-9.373-9.373-24.569 0-33.941L207.03 130.525c9.372-9.373 24.568-9.373 33.941-.001z\"><\/path><\/svg><\/div>\n\t\t\t\t\t<\/div>\n\t\t\t\t<div id=\"elementor-toc__1c30362\" class=\"elementor-toc__body\">\n\t\t\t<div class=\"elementor-toc__spinner-container\">\n\t\t\t\t<svg class=\"elementor-toc__spinner eicon-animation-spin e-font-icon-svg e-eicon-loading\" aria-hidden=\"true\" viewBox=\"0 0 1000 1000\" xmlns=\"http:\/\/www.w3.org\/2000\/svg\"><path d=\"M500 975V858C696 858 858 696 858 500S696 142 500 142 142 304 142 500H25C25 237 238 25 500 25S975 237 975 500 763 975 500 975Z\"><\/path><\/svg>\t\t\t<\/div>\n\t\t<\/div>\n\t\t\t\t\t\t<\/div>\n\t\t\t\t<\/div>\n\t\t\t\t\t<\/div>\n\t\t\t\t<\/div>\n\t\t<div class=\"elementor-element elementor-element-herorght0 e-con-full e-flex e-con e-child\" data-id=\"herorght0\" data-element_type=\"container\" data-e-type=\"container\">\n\t\t\t\t<div class=\"elementor-element elementor-element-heroimg00 iwg-hero-image elementor-widget elementor-widget-image\" data-id=\"heroimg00\" data-element_type=\"widget\" data-e-type=\"widget\" data-widget_type=\"image.default\">\n\t\t\t\t\t\t\t\t\t\t\t\t\t\t\t<img fetchpriority=\"high\" decoding=\"async\" width=\"683\" height=\"1024\" src=\"https:\/\/iwell-guard.com\/wp-content\/uploads\/2026\/04\/goetter_hinduismus_kali-683x1024.webp\" class=\"attachment-large size-large wp-image-170974\" alt=\"Kali - Gu\u00f0ir \u00far hind\u00faisma-hef\u00f0inni, s\u00f6gulega myndl\u00fdsandi\" srcset=\"https:\/\/iwell-guard.com\/wp-content\/uploads\/2026\/04\/goetter_hinduismus_kali-683x1024.webp 683w, https:\/\/iwell-guard.com\/wp-content\/uploads\/2026\/04\/goetter_hinduismus_kali-200x300.webp 200w, https:\/\/iwell-guard.com\/wp-content\/uploads\/2026\/04\/goetter_hinduismus_kali-768x1152.webp 768w, https:\/\/iwell-guard.com\/wp-content\/uploads\/2026\/04\/goetter_hinduismus_kali.webp 1024w\" sizes=\"(max-width: 683px) 100vw, 683px\" \/>\t\t\t\t\t\t\t\t\t\t\t\t\t\t\t<\/div>\n\t\t\t\t<\/div>\n\t\t\t\t\t<\/div>\n\t\t\t\t<\/div>\n\t\t<div class=\"elementor-element elementor-element-32917199 e-flex e-con-boxed e-con e-parent\" data-id=\"32917199\" data-element_type=\"container\" data-e-type=\"container\">\n\t\t\t\t\t<div class=\"e-con-inner\">\n\t\t<div class=\"elementor-element elementor-element-26e916cb e-flex e-con-boxed e-con e-child\" data-id=\"26e916cb\" data-element_type=\"container\" data-e-type=\"container\">\n\t\t\t\t\t<div class=\"e-con-inner\">\n\t\t<div class=\"elementor-element elementor-element-253a40d4 e-flex e-con-boxed e-con e-child\" data-id=\"253a40d4\" data-element_type=\"container\" data-e-type=\"container\">\n\t\t\t\t\t<div class=\"e-con-inner\">\n\t\t\t\t<div class=\"elementor-element elementor-element-1200c304 elementor-widget elementor-widget-heading\" data-id=\"1200c304\" data-element_type=\"widget\" data-e-type=\"widget\" data-widget_type=\"heading.default\">\n\t\t\t\t\t<h2 class=\"elementor-heading-title elementor-size-default\">Kali<\/h2>\t\t\t\t<\/div>\n\t\t\t\t\t<\/div>\n\t\t\t\t<\/div>\n\t\t<div class=\"elementor-element elementor-element-159dcf9a e-flex e-con-boxed e-con e-child\" data-id=\"159dcf9a\" data-element_type=\"container\" data-e-type=\"container\">\n\t\t\t\t\t<div class=\"e-con-inner\">\n\t\t\t\t<div class=\"elementor-element elementor-element-48cee66f elementor-widget elementor-widget-heading\" data-id=\"48cee66f\" data-element_type=\"widget\" data-e-type=\"widget\" data-widget_type=\"heading.default\">\n\t\t\t\t\t<div class=\"elementor-heading-title elementor-size-default\">\u00cd yfirliti: Kali<\/div>\t\t\t\t<\/div>\n\t\t\t\t<div class=\"elementor-element elementor-element-3f50d82c elementor-widget elementor-widget-text-editor\" data-id=\"3f50d82c\" data-element_type=\"widget\" data-e-type=\"widget\" data-widget_type=\"text-editor.default\">\n\t\t\t\t\t\t\t\t\t<p><strong>Tegund:<\/strong> Hind\u00fask a\u00f0algy\u00f0ja, \u00f3gnvekjandi birtingarmynd Devi-m\u00f3\u00f0urgy\u00f0junnar, tort\u00edmandi hins illa<br><span class=\"iwg-fachbegriff\" data-tooltip=\"Heild gu\u00f0a tr\u00faarbrag\u00f0a e\u00f0a menningar.\" tabindex=\"0\">Go\u00f0heimur<\/span>: Hind\u00faismi (s\u00e9rstaklega shaktismi, <span class=\"iwg-fachbegriff\" tabindex=\"0\" data-tooltip=\"Tr\u00faarleg-athafnaleg hef\u00f0 \u00ed hind\u00faisma og b\u00faddisma me\u00f0 kenningu um p\u00f3lun orku.\">tantra<\/span>), b\u00faddismi (\u00ed t\u00edbetskri tantr\u00edskri \u00fatg\u00e1fu)<br>Hlutverk: Tort\u00edming eg\u00f3sins, verndun gegn dj\u00f6fullegum \u00f6flum, dau\u00f0i og endurf\u00e6\u00f0ing<br>A\u00f0aleinkenni: Sver\u00f0, afh\u00f6ggvin hausk\u00fapa, h\u00e1lsfesti \u00far 51 hausk\u00fapu, mittissk\u00fdla \u00far afh\u00f6ggnum \u00f6rmum, \u00fatst\u00e6\u00f0 rau\u00f0 tunga<br>A\u00f0ald\u00fdrkunarsta\u00f0ir: Kalighat (Kolkata), Dakshineswar (Vestur-Bengal), Kamakhya (Assam), Kailash-fjall<br>Hli\u00f0 \u00e1: Parvati, Durga, Mahakali (kosm\u00edsk mynd)<\/p>\t\t\t\t\t\t\t\t<\/div>\n\t\t\t\t\t<\/div>\n\t\t\t\t<\/div>\n\t\t\t\t\t<\/div>\n\t\t\t\t<\/div>\n\t\t\t\t\t<\/div>\n\t\t\t\t<\/div>\n\t\t<div class=\"elementor-element elementor-element-18613602 e-flex e-con-boxed e-con e-parent\" data-id=\"18613602\" data-element_type=\"container\" data-e-type=\"container\">\n\t\t\t\t\t<div class=\"e-con-inner\">\n\t\t\t\t<div class=\"elementor-element elementor-element-262b8a9f elementor-widget elementor-widget-heading\" data-id=\"262b8a9f\" data-element_type=\"widget\" data-e-type=\"widget\" data-widget_type=\"heading.default\">\n\t\t\t\t\t<h2 class=\"elementor-heading-title elementor-size-default\">S\u00f6guleg sta\u00f0setning<\/h2>\t\t\t\t<\/div>\n\t\t<div class=\"elementor-element elementor-element-46dcb7d e-con-full e-flex e-con e-child\" data-id=\"46dcb7d\" data-element_type=\"container\" data-e-type=\"container\">\n\t\t<div class=\"elementor-element elementor-element-61d3ab3 e-flex e-con-boxed e-con e-child\" data-id=\"61d3ab3\" data-element_type=\"container\" data-e-type=\"container\">\n\t\t\t\t\t<div class=\"e-con-inner\">\n\t\t\t\t<div class=\"elementor-element elementor-element-117c166 elementor-widget elementor-widget-heading\" data-id=\"117c166\" data-element_type=\"widget\" data-e-type=\"widget\" data-widget_type=\"heading.default\">\n\t\t\t\t\t<div class=\"elementor-heading-title elementor-size-default\">T\u00edmabil textanna<\/div>\t\t\t\t<\/div>\n\t\t\t\t<div class=\"elementor-element elementor-element-73997a0 elementor-widget elementor-widget-text-editor\" data-id=\"73997a0\" data-element_type=\"widget\" data-e-type=\"widget\" data-widget_type=\"text-editor.default\">\n\t\t\t\t\t\t\t\t\t<p>Kali er sta\u00f0fest allt fr\u00e1 <em>Devi-Mahatmyam<\/em> (5.&ndash;6. \u00f6ld e.Kr., hluti af Markandeya-Pur\u00e2\u1e47a) sem rei\u00f0ileg birtingarmynd Devi, en \u00ed hinni mi\u00f0l\u00e6gu <span class=\"iwg-fachbegriff\" data-tooltip=\"Munnm\u00e6la- e\u00f0a ritsaga um gu\u00f0i, uppruna og skipan heimsins.\" tabindex=\"0\">go\u00f0s\u00f6gn<\/span> ver\u00f0ur h\u00fan til \u00far rei\u00f0ilegu enni Durgu \u00ed bar\u00e1ttunni gegn dj\u00f6flinum Raktabija.<\/p><p>Meginbl\u00f3maskei\u00f0 hinnar tantr\u00edsku Kali-hef\u00f0ar (Vamacara) var \u00e1 8.&ndash;12. \u00f6ld e.Kr. \u00cd n\u00fat\u00edma hind\u00faisma er h\u00fan s\u00e9rstaklega vins\u00e6l \u00ed Bengal, og hin mikla h\u00e1t\u00ed\u00f0 <em>Kali Puja<\/em> (okt\u00f3ber\/n\u00f3vember, samt\u00edmis Diwali) er ein mikilv\u00e6gasta sv\u00e6\u00f0isbundna hind\u00faah\u00e1t\u00ed\u00f0in.<\/p><p>\u00c1 19. \u00f6ld var\u00f0 h\u00fan \u00feekktari \u00e1 al\u00fej\u00f3\u00f0av\u00edsu fyrir tilstilli Sri Ramakrishna (prests vi\u00f0 Dakshineswar Kali-<span class=\"iwg-fachbegriff\" data-tooltip=\"Bygging sem er helgu\u00f0 tilbei\u00f0slu einnar e\u00f0a fleiri gu\u00f0d\u00f3ma.\" tabindex=\"0\">musteri\u00f0<\/span>) og Ramakrishna-verkefnisins. \u00cd vestr\u00e6num tr\u00faarbrag\u00f0afr\u00e6\u00f0um hefur h\u00fan fr\u00e1 sj\u00f6unda \u00e1ratug 20. aldar oft veri\u00f0 t\u00falku\u00f0 sem fem\u00edn\u00edskt <span class=\"iwg-fachbegriff\" data-tooltip=\"T\u00e1kn sem stendur fyrir hugmynd e\u00f0a merkingu.\" tabindex=\"0\">t\u00e1kn<\/span>.<\/p>\t\t\t\t\t\t\t\t<\/div>\n\t\t\t\t\t<\/div>\n\t\t\t\t<\/div>\n\t\t<div class=\"elementor-element elementor-element-d47b156 e-flex e-con-boxed e-con e-child\" data-id=\"d47b156\" data-element_type=\"container\" data-e-type=\"container\">\n\t\t\t\t\t<div class=\"e-con-inner\">\n\t\t\t\t<div class=\"elementor-element elementor-element-ff38c2b elementor-widget elementor-widget-heading\" data-id=\"ff38c2b\" data-element_type=\"widget\" data-e-type=\"widget\" data-widget_type=\"heading.default\">\n\t\t\t\t\t<div class=\"elementor-heading-title elementor-size-default\">\u00datbrei\u00f0slusv\u00e6\u00f0i<\/div>\t\t\t\t<\/div>\n\t\t\t\t<div class=\"elementor-element elementor-element-4e49fcc elementor-widget elementor-widget-text-editor\" data-id=\"4e49fcc\" data-element_type=\"widget\" data-e-type=\"widget\" data-widget_type=\"text-editor.default\">\n\t\t\t\t\t\t\t\t\t<p>A\u00f0ald\u00fdrkunarsta\u00f0ir: <strong>Kalighat<\/strong> (Kolkata, Vestur-Bengal, einn af 51 <em>Shakti Pithas<\/em>, sag\u00f0ur sta\u00f0ur \u00fear sem fallin t\u00e1 Sati lenti), <strong>Dakshineswar Kali-<span class=\"iwg-fachbegriff\" data-tooltip=\"Bygging sem er tileinku\u00f0 d\u00fdrkun einnar e\u00f0a fleiri gu\u00f0vera.\" tabindex=\"0\">hofi\u00f0<\/span><\/strong> (nor\u00f0an vi\u00f0 Kolkata, \u00feekkt \u00e1 heimsv\u00edsu fyrir tilstilli Sri Ramakrishna), <strong>Kamakhya<\/strong> (Assam, a\u00f0ald\u00fdrkunarsta\u00f0ur bl\u00e6\u00f0ingatengdrar Devi-d\u00fdrkunar), <strong>Tarapith<\/strong> (Vestur-Bengal, <span class=\"iwg-fachbegriff\" data-tooltip=\"Heilagur sta\u00f0ur tileinka\u00f0ur d\u00fdrkun gu\u00f0veru.\" tabindex=\"0\">helgista\u00f0ur<\/span> tantr\u00edka), <strong>Vaitarna<\/strong> (Maharashtra).<\/p><p>\u00c1 al\u00fej\u00f3\u00f0av\u00edsu: \u00ed hverju st\u00e6rra indversku brottflutningssamf\u00e9lagi, s\u00e9rstaklega \u00ed Bandar\u00edkjunum og Bretlandi. Fr\u00e1 1971 \u00ed hverju ISKCON-<span class=\"iwg-fachbegriff\" data-tooltip=\"Bygging sem er tileinku\u00f0 d\u00fdrkun einnar e\u00f0a fleiri gu\u00f0vera.\" tabindex=\"0\">hofi<\/span> me\u00f0 Devi-sk\u00e1la.<\/p>\t\t\t\t\t\t\t\t<\/div>\n\t\t\t\t\t<\/div>\n\t\t\t\t<\/div>\n\t\t\t\t<\/div>\n\t\t<div class=\"elementor-element elementor-element-db03c39 e-con-full e-flex e-con e-child\" data-id=\"db03c39\" data-element_type=\"container\" data-e-type=\"container\">\n\t\t<div class=\"elementor-element elementor-element-229a87b e-flex e-con-boxed e-con e-child\" data-id=\"229a87b\" data-element_type=\"container\" data-e-type=\"container\">\n\t\t\t\t\t<div class=\"e-con-inner\">\n\t\t\t\t<div class=\"elementor-element elementor-element-1f471fc elementor-widget elementor-widget-heading\" data-id=\"1f471fc\" data-element_type=\"widget\" data-e-type=\"widget\" data-widget_type=\"heading.default\">\n\t\t\t\t\t<div class=\"elementor-heading-title elementor-size-default\">Heimildasta\u00f0a<\/div>\t\t\t\t<\/div>\n\t\t\t\t<div class=\"elementor-element elementor-element-36b1201 elementor-widget elementor-widget-text-editor\" data-id=\"36b1201\" data-element_type=\"widget\" data-e-type=\"widget\" data-widget_type=\"text-editor.default\">\n\t\t\t\t\t\t\t\t\t<p>Meginheimildir: <em>Devi-Mahatmyam<\/em> (a\u00f0alheimild, \u00ed Markandeya-Pur\u0101\u1e47a), <em>Kalika Pur\u0101\u1e47a<\/em>, <em>Mahabhagavata Pur\u0101\u1e47a<\/em>, tantr\u00edskir textar (<em>Mah\u0101nirv\u0101\u1e47a Tantra<\/em>, <em>Karpur\u0101di Stotra<\/em>). Bengalskur Kali-bhakti-sk\u00e1ldskapur fr\u00e1 18. \u00f6ld (Ramprasad Sen). Fr\u00e1sagnir Sri Ramakrishna af Dakshineswar-Kali-upplifuninni (\u00ed Mahendra Gupta&#8217;s <em>Kathamrita<\/em>).<\/p><p>Aukaheimildir: McDermott, <em>Mother of My Heart, Daughter of My Dreams<\/em>; McDaniel, <em>Offering Flowers, Feeding Skulls<\/em>; Kinsley, <em>The Sword and the Flute<\/em>; Michaels, <em>Der Hinduismus<\/em>.<\/p>\t\t\t\t\t\t\t\t<\/div>\n\t\t\t\t\t<\/div>\n\t\t\t\t<\/div>\n\t\t\t\t<\/div>\n\t\t\t\t\t<\/div>\n\t\t\t\t<\/div>\n\t\t<div class=\"elementor-element elementor-element-3ae0637c e-flex e-con-boxed e-con e-parent\" data-id=\"3ae0637c\" data-element_type=\"container\" data-e-type=\"container\">\n\t\t\t\t\t<div class=\"e-con-inner\">\n\t\t\t\t<div class=\"elementor-element elementor-element-31d07739 elementor-widget elementor-widget-heading\" data-id=\"31d07739\" data-element_type=\"widget\" data-e-type=\"widget\" data-widget_type=\"heading.default\">\n\t\t\t\t\t<h2 class=\"elementor-heading-title elementor-size-default\">Nafn og afbrig\u00f0i<\/h2>\t\t\t\t<\/div>\n\t\t<div class=\"elementor-element elementor-element-b7642947 e-con-full e-flex e-con e-child\" data-id=\"b7642947\" data-element_type=\"container\" data-e-type=\"container\">\n\t\t\t\t<div class=\"elementor-element elementor-element-a086266 elementor-widget elementor-widget-text-editor\" data-id=\"a086266\" data-element_type=\"widget\" data-e-type=\"widget\" data-widget_type=\"text-editor.default\">\n\t\t\t\t\t\t\t\t\t<p>Kali er sv\u00f6rt sem n\u00f3ttin, h\u00fa\u00f0in er d\u00f6kkur, algj\u00f6r litur. Tunga hennar, lj\u00f3mandi rau\u00f0 eins og bl\u00f3\u00f0, hangir \u00fat \u00far opnum munninum. H\u00fan ber h\u00e1lsfesti \u00far afh\u00f6ggnum h\u00f6f\u00f0um dj\u00f6fla, pils \u00far afh\u00f6ggnum \u00f6rmum.<\/p><p>\u00cd einni hendi sveiflar h\u00fan sver\u00f0i, \u00ed hinni ber h\u00fan sk\u00e1l sem gr\u00edpur bl\u00f3\u00f0. T\u00edgrisd\u00fdr e\u00f0a lj\u00f3n er oft fylgifiskur hennar. \u00der\u00e1tt fyrir \u00feessa skelfilegu framsetningu: um h\u00e1ls sinn ber Kali stundum bl\u00ed\u00f0uhreyfingu Shiva, hins sanna eiginmanns hennar.<\/p>\t\t\t\t\t\t\t\t<\/div>\n\t\t\t\t<\/div>\n\t\t\t\t\t<\/div>\n\t\t\t\t<\/div>\n\t\t<div class=\"elementor-element elementor-element-709a44a8 e-flex e-con-boxed e-con e-parent\" data-id=\"709a44a8\" data-element_type=\"container\" data-e-type=\"container\">\n\t\t\t\t\t<div class=\"e-con-inner\">\n\t\t\t\t<div class=\"elementor-element elementor-element-2f585873 elementor-widget elementor-widget-heading\" data-id=\"2f585873\" data-element_type=\"widget\" data-e-type=\"widget\" data-widget_type=\"heading.default\">\n\t\t\t\t\t<h2 class=\"elementor-heading-title elementor-size-default\">L\u00fdsing<\/h2>\t\t\t\t<\/div>\n\t\t<div class=\"elementor-element elementor-element-70621c12 e-con-full e-flex e-con e-child\" data-id=\"70621c12\" data-element_type=\"container\" data-e-type=\"container\">\n\t\t\t\t<div class=\"elementor-element elementor-element-4296eb49 elementor-widget elementor-widget-text-editor\" data-id=\"4296eb49\" data-element_type=\"widget\" data-e-type=\"widget\" data-widget_type=\"text-editor.default\">\n\t\t\t\t\t\t\t\t\t<p>Kali er gy\u00f0jan sem ey\u00f0ir til a\u00f0 hreinsa. H\u00fan dey\u00f0ir dj\u00f6fullegar tilhneigingar hjartans; bl\u00f3\u00f0drekkjaraspekt hennar er merkingarlega a\u00f0 skilja, h\u00fan drekkur \u00f3hreinindin.<\/p><p>\u00deeir sem d\u00fdrka Kali eru ekki sadistar, heldur sj\u00e1 \u00ed henni hina \u00f3v\u00e6gilegu \u00e1st sem tort\u00edmir g\u00f6mlum skipul\u00f6gum til a\u00f0 leyfa n\u00fdju a\u00f0 spretta fram. N\u00e6turlega Kali-Puja lei\u00f0ir tr\u00faa\u00f0a til <span class=\"iwg-fachbegriff\" data-tooltip=\"Bygging sem er tileinku\u00f0 d\u00fdrkun einnar e\u00f0a fleiri gu\u00f0vera.\" tabindex=\"0\">hofsins<\/span> til a\u00f0 bi\u00f0ja um frelsun (<em>Moksha<\/em>). \u00cd tantr\u00edskum ath\u00f6fnum er Kali d\u00fdrku\u00f0 sem \u00e6\u00f0sta <span class=\"iwg-fachbegriff\" data-tooltip=\"Vera sem er d\u00fdrku\u00f0 sem gu\u00f0leg innan tr\u00faarbrag\u00f0a.\" tabindex=\"0\">gu\u00f0vera<\/span>.<\/p>\t\t\t\t\t\t\t\t<\/div>\n\t\t\t\t<\/div>\n\t\t\t\t\t<\/div>\n\t\t\t\t<\/div>\n\t\t<div class=\"elementor-element elementor-element-44e71476 e-flex e-con-boxed e-con e-parent\" data-id=\"44e71476\" data-element_type=\"container\" data-e-type=\"container\">\n\t\t\t\t\t<div class=\"e-con-inner\">\n\t\t\t\t<div class=\"elementor-element elementor-element-3c1fc3f0 elementor-widget elementor-widget-heading\" data-id=\"3c1fc3f0\" data-element_type=\"widget\" data-e-type=\"widget\" data-widget_type=\"heading.default\">\n\t\t\t\t\t<h2 class=\"elementor-heading-title elementor-size-default\">Yfirlit: Kali<\/h2>\t\t\t\t<\/div>\n\t\t<div class=\"elementor-element elementor-element-84f33b8e e-con-full e-flex e-con e-child\" data-id=\"84f33b8e\" data-element_type=\"container\" data-e-type=\"container\">\n\t\t\t\t<div class=\"elementor-element elementor-element-hqkdc67p elementor-widget elementor-widget-text-editor\" data-id=\"hqkdc67p\" data-element_type=\"widget\" data-e-type=\"widget\" data-widget_type=\"text-editor.default\">\n\t\t\t\t\t\t\t\t\t<p>Mikilv\u00e6gustu \u00fe\u00e6ttir Kali \u00ed hnotskurn. Eftirfarandi reitir taka saman uppruna, hlutverk, \u00fatlit, d\u00fdrkun, t\u00e1kn og menningarlegar hli\u00f0st\u00e6\u00f0ur.<\/p>\t\t\t\t\t\t\t\t<\/div>\n\t\t\t\t<\/div>\n\t\t<div class=\"elementor-element elementor-element-pemmx7c5 e-con-full e-flex e-con e-child\" data-id=\"pemmx7c5\" data-element_type=\"container\" data-e-type=\"container\">\n\t\t<div class=\"elementor-element elementor-element-pemmx7c1 e-con-full e-flex e-con e-child\" data-id=\"pemmx7c1\" data-element_type=\"container\" data-e-type=\"container\">\n\t\t<div class=\"elementor-element elementor-element-qh9oavvu iwg-steckbrief-card e-flex e-con-boxed e-con e-child\" data-id=\"qh9oavvu\" data-element_type=\"container\" data-e-type=\"container\">\n\t\t\t\t\t<div class=\"e-con-inner\">\n\t\t\t\t<div class=\"elementor-element elementor-element-awzx8k2k elementor-widget elementor-widget-heading\" data-id=\"awzx8k2k\" data-element_type=\"widget\" data-e-type=\"widget\" data-widget_type=\"heading.default\">\n\t\t\t\t\t<div class=\"elementor-heading-title elementor-size-default\">Uppruni<\/div>\t\t\t\t<\/div>\n\t\t\t\t<div class=\"elementor-element elementor-element-x6rowhv0 elementor-widget elementor-widget-text-editor\" data-id=\"x6rowhv0\" data-element_type=\"widget\" data-e-type=\"widget\" data-widget_type=\"text-editor.default\">\n\t\t\t\t\t\t\t\t\t<p>Kali kemur fram \u00ed <em>Devi-Mahatmyam<\/em> \u00far hinni b\u00e1lrei\u00f0u enni Durgu \u00ed bar\u00e1ttunni gegn dj\u00f6flinum <em>Raktabija<\/em> (&#8222;bl\u00f3\u00f0fr\u00e6&#8220;), sem eignast n\u00fdjan dj\u00f6ful \u00far hverjum bl\u00f3\u00f0dropa sem fellur til jar\u00f0ar, og a\u00f0eins hin risavaxna tunga Kali, sem gr\u00edpur hvern dropa \u00e1\u00f0ur en hann snertir j\u00f6r\u00f0ina, getur sigra\u00f0 dj\u00f6fulinn.<\/p><p>\u00cd hinni fr\u00e6\u00f0ilegu samr\u00e6mingu gu\u00f0fr\u00e6\u00f0innar er Kali talin <em>hinn \u00f3gurlegi (wrathful) \u00fe\u00e1ttur Parvati<\/em>, og \u00fear me\u00f0 eiginkona Shiva. \u00cd tantr\u00edsku kerfi er h\u00fan \u00e6\u00f0sta mynd hinnar kvenlegu sk\u00f6punarorku (<em>Mahashakti<\/em>); \u00ed Kasm\u00edr-Shaivisma er h\u00fan hin <em>Spanda<\/em>-hreyfing sj\u00e1lf. Kali er ein af t\u00edu <em>Mahavidyas<\/em> (hinum miklu viskugy\u00f0jum) og hin fremsta \u00feeirra.<\/p>\t\t\t\t\t\t\t\t<\/div>\n\t\t\t\t\t<\/div>\n\t\t\t\t<\/div>\n\t\t<div class=\"elementor-element elementor-element-8e3o4kxs iwg-steckbrief-card e-flex e-con-boxed e-con e-child\" data-id=\"8e3o4kxs\" data-element_type=\"container\" data-e-type=\"container\">\n\t\t\t\t\t<div class=\"e-con-inner\">\n\t\t\t\t<div class=\"elementor-element elementor-element-08rkdgov elementor-widget elementor-widget-heading\" data-id=\"08rkdgov\" data-element_type=\"widget\" data-e-type=\"widget\" data-widget_type=\"heading.default\">\n\t\t\t\t\t<div class=\"elementor-heading-title elementor-size-default\">Markh\u00f3pur Kali<\/div>\t\t\t\t<\/div>\n\t\t\t\t<div class=\"elementor-element elementor-element-uwjelx8s elementor-widget elementor-widget-text-editor\" data-id=\"uwjelx8s\" data-element_type=\"widget\" data-e-type=\"widget\" data-widget_type=\"text-editor.default\">\n\t\t\t\t\t\t\t\t\t<p>Tort\u00edmandi alls hins ranga, alls hins dj\u00f6fullega \u00f3hefta, \u00ed hef\u00f0inni: tort\u00edmandi sj\u00e1lfhverfunnar. \u00cd tantr\u00edskri i\u00f0kun verkf\u00e6ri sj\u00e1lfsfrelsunar me\u00f0 r\u00f3tt\u00e6kri vi\u00f0ureign vi\u00f0 hi\u00f0 hr\u00e6\u00f0ilega (Kali sem hinn rei\u00f0ilegi \u00fe\u00e1ttur sem s\u00fdnir v\u00edgslu\u00feeganum hverfulleika hans og takmarkanir \u00e1n tafar).<\/p><p>Verndargy\u00f0ja Vamacara-tantr\u00edka (vinstri lei\u00f0in, \u00f6fgafull tantr\u00edsk i\u00f0kun). Vernd gegn dj\u00f6fullegum \u00e1r\u00e1sum, sv\u00f6rtum <span class=\"iwg-fachbegriff\" data-tooltip=\"Athafnir sem reyna a\u00f0 hafa \u00e1hrif \u00e1 gang hlutanna me\u00f0 s\u00e9rst\u00f6kum a\u00f0ger\u00f0um e\u00f0a form\u00falum.\" tabindex=\"0\">g\u00f6ldrum<\/span>-\u00e1hrifum. \u00cd bengalskri bhakti-hef\u00f0 (Ramprasad, Ramakrishna) einnig bl\u00ed\u00f0 m\u00f3\u00f0urgy\u00f0ja \u00fer\u00e1tt fyrir \u00f3gnvekjandi t\u00e1knmynd.<\/p>\t\t\t\t\t\t\t\t<\/div>\n\t\t\t\t\t<\/div>\n\t\t\t\t<\/div>\n\t\t<div class=\"elementor-element elementor-element-jm2n74ec iwg-steckbrief-card e-flex e-con-boxed e-con e-child\" data-id=\"jm2n74ec\" data-element_type=\"container\" data-e-type=\"container\">\n\t\t\t\t\t<div class=\"e-con-inner\">\n\t\t\t\t<div class=\"elementor-element elementor-element-8vufse4c elementor-widget elementor-widget-heading\" data-id=\"8vufse4c\" data-element_type=\"widget\" data-e-type=\"widget\" data-widget_type=\"heading.default\">\n\t\t\t\t\t<div class=\"elementor-heading-title elementor-size-default\">Form<\/div>\t\t\t\t<\/div>\n\t\t\t\t<div class=\"elementor-element elementor-element-mwb9u015 elementor-widget elementor-widget-text-editor\" data-id=\"mwb9u015\" data-element_type=\"widget\" data-e-type=\"widget\" data-widget_type=\"text-editor.default\">\n\t\t\t\t\t\t\t\t\t<p>\u00d3gnvekjandi, d\u00f6kkbl\u00e1 e\u00f0a sv\u00f6rt (<em>k\u00e2l\u00ee<\/em> = &#8222;hin svarta&#8220;) konumynd, nakin e\u00f0a kl\u00e6dd a\u00f0eins \u00ed t\u00edgrisd\u00fdrsskinn. \u00derj\u00fa augu (hi\u00f0 \u00feri\u00f0ja \u00e1 enninu). Fj\u00f3rir e\u00f0a fleiri armar: \u00ed h\u00f6ndunum <em>sver\u00f0<\/em> (oft bogi\u00f0 Khadga), <em>afh\u00f6ggvinn haus<\/em> (venjulega dj\u00f6flaherforingjans), einn \u00ed <em>varada-mudra<\/em> (gjafarmerki), einn \u00ed <em>abhaya-mudra<\/em> (merki sem hrindir fr\u00e1um \u00f3tta).<\/p><p>H\u00e1lsfesti \u00far <em>51 h\u00f6fu\u00f0k\u00fapum<\/em> (samsvara 51 sanskr\u00edt-st\u00f6fum), pils \u00far <em>afh\u00f6ggnum \u00f6rmum<\/em>. <em>\u00datstungin rau\u00f0 tunga<\/em> (fr\u00e6knasta sm\u00e1atri\u00f0i\u00f0). Langt fl\u00f3ki\u00f0 h\u00e1r.<\/p><p>Stendur e\u00f0a dansar \u00e1 hinum me\u00f0vitundarlausa <em>Shiva<\/em> (\u00ed einni hef\u00f0: h\u00fan tekur eftir eiginmanni s\u00ednum undir f\u00f3tum s\u00e9r og b\u00edtur \u00ed tunguna af sk\u00f6mm, \u00feess vegna \u00fatstungna tungan). \u00cd fylgd h\u00f6fu\u00f0k\u00fapa og dj\u00f6fullegra v\u00e6tta.<\/p>\t\t\t\t\t\t\t\t<\/div>\n\t\t\t\t\t<\/div>\n\t\t\t\t<\/div>\n\t\t\t\t<\/div>\n\t\t<div class=\"elementor-element elementor-element-pemmx7c2 e-con-full e-flex e-con e-child\" data-id=\"pemmx7c2\" data-element_type=\"container\" data-e-type=\"container\">\n\t\t<div class=\"elementor-element elementor-element-37ss2yr6 iwg-steckbrief-card e-flex e-con-boxed e-con e-child\" data-id=\"37ss2yr6\" data-element_type=\"container\" data-e-type=\"container\">\n\t\t\t\t\t<div class=\"e-con-inner\">\n\t\t\t\t<div class=\"elementor-element elementor-element-3v0wp3wx elementor-widget elementor-widget-heading\" data-id=\"3v0wp3wx\" data-element_type=\"widget\" data-e-type=\"widget\" data-widget_type=\"heading.default\">\n\t\t\t\t\t<div class=\"elementor-heading-title elementor-size-default\">Hlutverk<\/div>\t\t\t\t<\/div>\n\t\t\t\t<div class=\"elementor-element elementor-element-w3247g2m elementor-widget elementor-widget-text-editor\" data-id=\"w3247g2m\" data-element_type=\"widget\" data-e-type=\"widget\" data-widget_type=\"text-editor.default\">\n\t\t\t\t\t\t\t\t\t<p><strong>Verksvi\u00f0:<\/strong> Kali er \u00e1k\u00f6llu\u00f0 \u00ed br\u00e1\u00f0um verndar\u00fe\u00f6rfum, gegn sj\u00fakd\u00f3mum, \u00e1l\u00f6gum og svartri <span class=\"iwg-fachbegriff\" data-tooltip=\"I\u00f0kun sem leitast vi\u00f0 a\u00f0 hafa \u00e1hrif \u00e1 framvindu m\u00e1la me\u00f0 s\u00e9rst\u00f6kum ath\u00f6fnum e\u00f0a form\u00falum.\" tabindex=\"0\">galdri<\/span>. \u00cd bengalskri hef\u00f0 er h\u00fan mi\u00f0l\u00e6g fj\u00f6lskyldu-<span class=\"iwg-fachbegriff\" data-tooltip=\"Vera sem er d\u00fdrku\u00f0 sem gu\u00f0leg innan tr\u00faarbrag\u00f0a.\" tabindex=\"0\">gu\u00f0d\u00f3mur<\/span> (<em>Kuldevi<\/em>). A\u00f0alh\u00e1t\u00ed\u00f0: <em>Kali Puja<\/em> (okt\u00f3ber\/n\u00f3vember, jafn mikilv\u00e6g \u00ed Bengal og Diwali er \u00e1 Nor\u00f0ur-Indlandi).<\/p><p>Dagleg puja-tilbei\u00f0sla fer fram \u00ed \u00fe\u00fasundum musteris. Tantr\u00edskir i\u00f0kendur framkv\u00e6ma n\u00e6turathafnir \u00e1 brennust\u00f6\u00f0um (<em>shmashana sadhana<\/em>). \u00cd n\u00fat\u00edma ISKCON- og j\u00f3gahef\u00f0um er h\u00fan oft \u00e1k\u00f6llu\u00f0 sem \u201eAlheimsm\u00f3\u00f0irin&#8220;. \u00cd fem\u00edn\u00edskum vestr\u00e6num t\u00falkunum er h\u00fan <span class=\"iwg-fachbegriff\" data-tooltip=\"T\u00e1kn sem stendur fyrir hugmynd e\u00f0a merkingu.\" tabindex=\"0\">t\u00e1kn<\/span> kvenlegs valds.<\/p>\t\t\t\t\t\t\t\t<\/div>\n\t\t\t\t\t<\/div>\n\t\t\t\t<\/div>\n\t\t<div class=\"elementor-element elementor-element-0qpjal9w iwg-steckbrief-card e-flex e-con-boxed e-con e-child\" data-id=\"0qpjal9w\" data-element_type=\"container\" data-e-type=\"container\">\n\t\t\t\t\t<div class=\"e-con-inner\">\n\t\t\t\t<div class=\"elementor-element elementor-element-6ndoih0o elementor-widget elementor-widget-heading\" data-id=\"6ndoih0o\" data-element_type=\"widget\" data-e-type=\"widget\" data-widget_type=\"heading.default\">\n\t\t\t\t\t<div class=\"elementor-heading-title elementor-size-default\">Verndargripir<\/div>\t\t\t\t<\/div>\n\t\t\t\t<div class=\"elementor-element elementor-element-6684tyh9 elementor-widget elementor-widget-text-editor\" data-id=\"6684tyh9\" data-element_type=\"widget\" data-e-type=\"widget\" data-widget_type=\"text-editor.default\">\n\t\t\t\t\t\t\t\t\t<p>Sver\u00f0 (Khadga), afh\u00f6ggvinn haus, h\u00e1lsfesti \u00far 51 h\u00f6fu\u00f0k\u00fapum, pils \u00far afh\u00f6ggnum \u00f6rmum, \u00fatstungin rau\u00f0 tunga, t\u00edgrisd\u00fdrsskinn, \u00feri\u00f0ja auga\u00f0, langt fl\u00f3ki\u00f0 h\u00e1r, h\u00f6fu\u00f0k\u00fapubikar (Kapala), Trishula. Heil\u00f6g planta: hibiskus (rau\u00f0ur, upp\u00e1haldsbl\u00f3m hennar). Heil\u00f6g d\u00fdr: sjakali, kr\u00e1ka (\u00e1 brennist\u00f6\u00f0um). Heilagir litir: svartur, bl\u00f3\u00f0rau\u00f0ur.<\/p>\t\t\t\t\t\t\t\t<\/div>\n\t\t\t\t\t<\/div>\n\t\t\t\t<\/div>\n\t\t<div class=\"elementor-element elementor-element-3lfi7x32 iwg-steckbrief-card e-flex e-con-boxed e-con e-child\" data-id=\"3lfi7x32\" data-element_type=\"container\" data-e-type=\"container\">\n\t\t\t\t\t<div class=\"e-con-inner\">\n\t\t\t\t<div class=\"elementor-element elementor-element-0kg99ga1 elementor-widget elementor-widget-heading\" data-id=\"0kg99ga1\" data-element_type=\"widget\" data-e-type=\"widget\" data-widget_type=\"heading.default\">\n\t\t\t\t\t<div class=\"elementor-heading-title elementor-size-default\">Samb\u00e6rilegt<\/div>\t\t\t\t<\/div>\n\t\t\t\t<div class=\"elementor-element elementor-element-n0fum6kp elementor-widget elementor-widget-text-editor\" data-id=\"n0fum6kp\" data-element_type=\"widget\" data-e-type=\"widget\" data-widget_type=\"text-editor.default\">\n\t\t\t\t\t\t\t\t\t<p><em>Durga<\/em> (hind\u00faismi, h\u00fan sj\u00e1lf sem eldri \u201em\u00f3\u00f0ir&#8220; s\u00edn), <em>Parvati<\/em> (mildari mynd), <em>Bhairava<\/em> (hind\u00faismi, karlkyns rei\u00f0ileg hli\u00f0st\u00e6\u00f0a), <em>Mahakala<\/em> og <em>Yamantaka<\/em> (b\u00faddismi, tantr\u00edskar karlkyns \u00fatg\u00e1fur), <em>Sekhmet<\/em> (Egyptaland, bl\u00f3\u00f0\u00feyrst lj\u00f3nagy\u00f0ja), <em>Ereshkigal<\/em> (Mes\u00f3p\u00f3tam\u00eda, undirheimagy\u00f0ja), <em>Hekate<\/em> (Grikkland, vegam\u00f3t, dau\u00f0i, <span class=\"iwg-fachbegriff\" data-tooltip=\"I\u00f0kun sem leitast vi\u00f0 a\u00f0 hafa \u00e1hrif \u00e1 framvindu m\u00e1la me\u00f0 s\u00e9rst\u00f6kum ath\u00f6fnum e\u00f0a form\u00falum.\" tabindex=\"0\">galdur<\/span>), <em>Hel<\/em> (germ\u00f6nsk, h\u00e1lfdau\u00f0 drottning undirheima). H\u00fan er einst\u00f6k \u00ed tr\u00faarlegri <span class=\"iwg-fachbegriff\" data-tooltip=\"Heild go\u00f0sagna sem var\u00f0veist hafa innan tiltekinnar menningar.\" tabindex=\"0\">go\u00f0afr\u00e6\u00f0i<\/span> heimsins: kvenkyns <span class=\"iwg-fachbegriff\" data-tooltip=\"Vera sem er d\u00fdrku\u00f0 sem gu\u00f0leg innan tr\u00faarbrag\u00f0a.\" tabindex=\"0\">gu\u00f0d\u00f3mur<\/span> sem er \u00ed senn \u00f3gnvekjandi og m\u00f3\u00f0urleg.<\/p>\t\t\t\t\t\t\t\t<\/div>\n\t\t\t\t\t<\/div>\n\t\t\t\t<\/div>\n\t\t\t\t<\/div>\n\t\t\t\t<\/div>\n\t\t\t\t\t<\/div>\n\t\t\t\t<\/div>\n\t\t<div class=\"elementor-element elementor-element-7533bc7a e-flex e-con-boxed e-con e-parent\" data-id=\"7533bc7a\" data-element_type=\"container\" data-e-type=\"container\">\n\t\t\t\t\t<div class=\"e-con-inner\">\n\t\t\t\t<div class=\"elementor-element elementor-element-2447d18d elementor-widget elementor-widget-heading\" data-id=\"2447d18d\" data-element_type=\"widget\" data-e-type=\"widget\" data-widget_type=\"heading.default\">\n\t\t\t\t\t<h2 class=\"elementor-heading-title elementor-size-default\">Verndarr\u00e1\u00f0 \u00ed framkv\u00e6md<\/h2>\t\t\t\t<\/div>\n\t\t<div class=\"elementor-element elementor-element-d5d0260c e-con-full e-flex e-con e-child\" data-id=\"d5d0260c\" data-element_type=\"container\" data-e-type=\"container\">\n\t\t\t\t<div class=\"elementor-element elementor-element-341be2ac elementor-widget elementor-widget-text-editor\" data-id=\"341be2ac\" data-element_type=\"widget\" data-e-type=\"widget\" data-widget_type=\"text-editor.default\">\n\t\t\t\t\t\t\t\t\t<p><strong>Tilbei\u00f0sluathafnir<\/strong><\/p><p>Kali (sanskr\u00edt \u201ehin svarta&#8220;) er hin \u00f3gnvekjandi mynd Devi\/Mahadevi. A\u00f0al tilbei\u00f0slusta\u00f0ur er Kalighat-<span class=\"iwg-fachbegriff\" data-tooltip=\"Bygging sem er notu\u00f0 til tilbei\u00f0slu einnar e\u00f0a fleiri gu\u00f0a.\" tabindex=\"0\">hofi\u00f0<\/span> \u00ed Kalk\u00fatta (eitt af 51 Shakti-Pithas). \u00c1rlegt Kali Puja (Karthik-m\u00e1nu\u00f0ur, okt\u00f3ber\/n\u00f3vember, \u00ed Bengal) yfirgn\u00e6fir sv\u00e6\u00f0isbundi\u00f0 jafnvel Diwali \u00ed mikilv\u00e6gi. Tantr\u00edsk tilbei\u00f0sla innih\u00e9lt s\u00f6gulega d\u00fdraf\u00f3rnir (geit\/vatnsbuffal\u00f3), \u00ed dag oft skipt \u00fat me\u00f0 grasker sem t\u00e1kn (sbr. Kinsley, <em>Hindu Goddesses<\/em>).<\/p><p><strong>M\u00f6ntrur og \u00e1kallanir<\/strong><\/p><p>Kali-Bija-<span class=\"iwg-fachbegriff\" data-tooltip=\"Heilagt or\u00f0 e\u00f0a form\u00fala sem endurteki\u00f0 er \u00ed hind\u00faasi\u00f0 og b\u00faddisma.\" tabindex=\"0\">mantran<\/span> \u201eKr\u012bm&#8220; og lengri form\u00falan \u201eOm Kr\u012bm K\u0101lik\u0101yai Nama\u1e25&#8220; eru mikilv\u00e6gar tantr\u00edskar form\u00falur. <em>Devi-Mahatmya<\/em> (\u00ed Markandeya Purana, um 6. \u00f6ld), s\u00e9rstaklega kaflar 7-8 (Kali kemur \u00far enni Durgu, sigur yfir Raktabija), er lesin upp \u00e1 Navaratri. Beng\u00f6lsk tr\u00faars\u00f6ngvar Ramprasads (18. \u00f6ld) eru sta\u00f0al-al\u00fe\u00fd\u00f0ut\u00f3nlist.<\/p><p><strong>Verndargripir og verndart\u00e1knar<\/strong><\/p><p>Svartur \u00f3nyx e\u00f0a svartur karnel\u00edusteinn sem Kali-steinn. Trikona-<span class=\"iwg-fachbegriff\" data-tooltip=\"\u00cd hind\u00faasi\u00f0 og b\u00faddisma r\u00famfr\u00e6\u00f0ileg mynd til athafnalegrar notkunar.\" tabindex=\"0\">yantra<\/span> (\u00f6fugur \u00fer\u00edhyrningur me\u00f0 Bindu) sem r\u00famfr\u00e6\u00f0ilegt verndart\u00e1kn \u00e1 koparpl\u00f6tum. H\u00f6fu\u00f0k\u00fapuh\u00e1lsfestar (Mundamala, oft t\u00e1kna 50 sanskr\u00edt-stafi) sem hengi. Rau\u00f0ur hibiskus (japa) er heilagt bl\u00f3m hennar, bori\u00f0 fram \u00ed pujum.<\/p>\t\t\t\t\t\t\t\t<\/div>\n\t\t\t\t<\/div>\n\t\t\t\t\t<\/div>\n\t\t\t\t<\/div>\n\t\t<div class=\"elementor-element elementor-element-5a584676 e-flex e-con-boxed e-con e-parent\" data-id=\"5a584676\" data-element_type=\"container\" data-e-type=\"container\">\n\t\t\t\t\t<div class=\"e-con-inner\">\n\t\t\t\t<div class=\"elementor-element elementor-element-6d0757bf elementor-widget elementor-widget-heading\" data-id=\"6d0757bf\" data-element_type=\"widget\" data-e-type=\"widget\" data-widget_type=\"heading.default\">\n\t\t\t\t\t<h2 class=\"elementor-heading-title elementor-size-default\">Kali, hli\u00f0st\u00e6\u00f0ur \u00ed \u00f6\u00f0rum menningarheimum<\/h2>\t\t\t\t<\/div>\n\t\t<div class=\"elementor-element elementor-element-60563f68 e-con-full e-flex e-con e-child\" data-id=\"60563f68\" data-element_type=\"container\" data-e-type=\"container\">\n\t\t\t\t<div class=\"elementor-element elementor-element-5a93fdd6 elementor-widget elementor-widget-text-editor\" data-id=\"5a93fdd6\" data-element_type=\"widget\" data-e-type=\"widget\" data-widget_type=\"text-editor.default\">\n\t\t\t\t\t\t\t\t\t<footer class=\"iwg-literatur\"><p>Hi\u00f0 villta afl Kali minnir \u00e1 Hekate \u00ed hinni fornu Grikklandi e\u00f0a Morr\u00edgan \u00far keltneskri <span class=\"iwg-fachbegriff\" data-tooltip=\"Heildarsafn hef\u00f0bundinna gu\u00f0asagna innan tiltekinnar menningar.\" tabindex=\"0\">go\u00f0afr\u00e6\u00f0i<\/span>, gy\u00f0jur orrustunnar og umbreytingarinnar. \u00cd evr\u00f3pskri hulinshyggju er Kali stundum borin saman vi\u00f0 Lilith e\u00f0a d\u00f6kkar Mar\u00edumyndir.<\/p><p>V\u00e6g\u00f0arleysi hennar minnir \u00e1 Med\u00fasu e\u00f0a hefndargy\u00f0jurnar F\u00far\u00edurnar, kvenlegt afl sem l\u00e6tur ekki temja sig. H\u00fan er \u00fe\u00f3 ekki illt vera, heldur r\u00e9ttl\u00e1t rei\u00f0i <span class=\"iwg-fachbegriff\" data-tooltip=\"Hugmyndin um uppbyggingu og skipan heimsins innan tiltekinnar menningar.\" tabindex=\"0\">heimsmyndarinnar<\/span> sj\u00e1lfrar.<\/p><div data-nosnippet=\"true\" class=\"iwg-litliste\"><\/div><\/footer>\t\t\t\t\t\t\t\t<\/div>\n\t\t\t\t<\/div>\n\t\t\t\t\t<\/div>\n\t\t\t\t<\/div>\n\t\t<div class=\"elementor-element elementor-element-cpad78138 e-flex e-con-boxed e-con e-parent\" data-id=\"cpad78138\" data-element_type=\"container\" data-e-type=\"container\">\n\t\t\t\t\t<div class=\"e-con-inner\">\n\t\t\t\t<div class=\"elementor-element elementor-element-cpaec404b elementor-widget elementor-widget-heading\" data-id=\"cpaec404b\" data-element_type=\"widget\" data-e-type=\"widget\" data-widget_type=\"heading.default\">\n\t\t\t\t\t<h2 class=\"elementor-heading-title elementor-size-default\">Go\u00f0s\u00f6gnin um Kali og dj\u00f6fulinn Raktabija<\/h2>\t\t\t\t<\/div>\n\t\t<div class=\"elementor-element elementor-element-cp91585cf e-con-full e-flex e-con e-child\" data-id=\"cp91585cf\" data-element_type=\"container\" data-e-type=\"container\">\n\t\t\t\t<div class=\"elementor-element elementor-element-cpcd54d0e elementor-widget elementor-widget-text-editor\" data-id=\"cpcd54d0e\" data-element_type=\"widget\" data-e-type=\"widget\" data-widget_type=\"text-editor.default\">\n\t\t\t\t\t\t\t\t\t<p>Mikilv\u00e6gasta go\u00f0sagnalega heimildin um Kali er <em>Devi Mahatmya<\/em>, texti sem tengist <em>Markandeya Purana<\/em> og var\u00f0 til um \u00fea\u00f0 bil \u00e1 6. \u00f6ld eftir t\u00edmatal okkar. Hann telst grundvallarrit gy\u00f0jud\u00fdrkunar. \u00cd honum kemur Kali fram \u00ed orrustu gy\u00f0junnar gegn her dj\u00f6flanna. Afgerandi \u00fe\u00e1tturinn sn\u00fdst um <span class=\"iwg-fachbegriff\" data-tooltip=\"Andleg vera sem eignu\u00f0 er ska\u00f0leg e\u00f0a tv\u00edr\u00e6\u00f0 \u00e1hrif.\" tabindex=\"0\">dj\u00f6fulinn<\/span> Raktabija.<\/p><p>Raktabija haf\u00f0i \u00feann eiginleika a\u00f0 \u00far hverjum bl\u00f3\u00f0dropa sem f\u00e9ll \u00e1 j\u00f6r\u00f0ina spratt n\u00fdr <span class=\"iwg-fachbegriff\" data-tooltip=\"Andleg vera sem eignu\u00f0 er ska\u00f0leg e\u00f0a tv\u00edr\u00e6\u00f0 \u00e1hrif.\" tabindex=\"0\">dj\u00f6full<\/span> hans l\u00edki. \u00cd bar\u00e1ttunni gegn gy\u00f0junni Durga og hj\u00e1lparkonum hennar margfalda\u00f0ist hann \u00fev\u00ed endalaust: hvert s\u00e1r sem hann f\u00e9kk skapa\u00f0i n\u00fdja andst\u00e6\u00f0inga.<\/p><p>V\u00edgv\u00f6llurinn fylltist af \u00f3teljandi Raktabijum. \u00cd \u00feessari vonlausu st\u00f6\u00f0u birtist Kali, sem a\u00f0 einni \u00fatg\u00e1fu myndast \u00far hinni rei\u00f0ilega hrukku\u00f0u enni Durgu.<\/p><p>Kali leysir vandann \u00e1 \u00feann eina h\u00e1tt sem virkar: h\u00fan gr\u00edpur bl\u00f3\u00f0 Raktabija me\u00f0 \u00fatr\u00e9tta tungu sinni og gleypir dj\u00f6flana sem myndast \u00far bl\u00f3\u00f0inu \u00e1\u00f0ur en \u00feeir geta fj\u00f6lga\u00f0 s\u00e9r. \u00deannig er h\u00e6gt a\u00f0 fella hinn eiginlega Raktabija \u00e1n \u00feess a\u00f0 n\u00fdir dj\u00f6flar spretti fram.<\/p><p>\u00deessi fr\u00e1s\u00f6gn sk\u00fdrir m\u00f6rg af myndlegum einkennum Kali, s\u00e9rstaklega \u00fatr\u00e9tta tunguna. H\u00fan s\u00fdnir jafnframt gu\u00f0fr\u00e6\u00f0ilegt hlutverk verunnar: Kali er kraftur sem gr\u00edpur inn \u00ed \u00fear sem hef\u00f0bundin \u00farr\u00e6\u00f0i breg\u00f0ast. H\u00fan verkar af r\u00f3tt\u00e6kni sem uppr\u00e6ta vandann me\u00f0 \u00f6llu, \u00ed sta\u00f0 \u00feess a\u00f0 fara h\u00f3fsama lei\u00f0.<\/p>\t\t\t\t\t\t\t\t<\/div>\n\t\t\t\t<\/div>\n\t\t\t\t\t<\/div>\n\t\t\t\t<\/div>\n\t\t<div class=\"elementor-element elementor-element-cp7989371 e-flex e-con-boxed e-con e-parent\" data-id=\"cp7989371\" data-element_type=\"container\" data-e-type=\"container\">\n\t\t\t\t\t<div class=\"e-con-inner\">\n\t\t\t\t<div class=\"elementor-element elementor-element-cpf7fc47f elementor-widget elementor-widget-heading\" data-id=\"cpf7fc47f\" data-element_type=\"widget\" data-e-type=\"widget\" data-widget_type=\"heading.default\">\n\t\t\t\t\t<h2 class=\"elementor-heading-title elementor-size-default\">T\u00e1knm\u00e1l Kali og t\u00falkun \u00feess<\/h2>\t\t\t\t<\/div>\n\t\t<div class=\"elementor-element elementor-element-cp1aa7ece e-con-full e-flex e-con e-child\" data-id=\"cp1aa7ece\" data-element_type=\"container\" data-e-type=\"container\">\n\t\t\t\t<div class=\"elementor-element elementor-element-cp3d87502 elementor-widget elementor-widget-text-editor\" data-id=\"cp3d87502\" data-element_type=\"widget\" data-e-type=\"widget\" data-widget_type=\"text-editor.default\">\n\t\t\t\t\t\t\t\t\t<p>Kali hefur eina af sk\u00fdrustu og best t\u00falku\u00f0u t\u00e1knmyndum hind\u00faisma. H\u00fan er s\u00fdnd me\u00f0 d\u00f6kkri, oft svartri e\u00f0a dj\u00fapbl\u00e1rri h\u00fa\u00f0, sem nafn hennar er dregi\u00f0 af og tengist sanskr\u00edtor\u00f0inu <em>kala<\/em>, sem getur b\u00e6\u00f0i \u00fe\u00fdtt svartur og t\u00edmi.<\/p><p>H\u00fan er oftast ber e\u00f0a kl\u00e6dd a\u00f0eins \u00ed pils \u00far h\u00f6ggnum handleggjum og ber festi \u00far afh\u00f6ggnum h\u00f6f\u00f0um. \u00cd fj\u00f3rum handleggjum s\u00ednum heldur h\u00fan venjulega \u00e1 sver\u00f0i og afh\u00f6ggnu h\u00f6f\u00f0i, me\u00f0an hinar tv\u00e6r hendurnar s\u00fdna bendingar hugleysis og gjafmildi.<\/p><p>\u00deekktasta myndefni\u00f0 s\u00fdnir Kali standandi e\u00f0a dansandi \u00e1 \u00fatr\u00e9tum l\u00edkama gu\u00f0sins Shiva, me\u00f0 tunguna \u00fati. \u00deetta <span class=\"iwg-fachbegriff\" data-tooltip=\"Endurteki\u00f0 innihaldsatri\u00f0i \u00ed myndlist e\u00f0a fr\u00e1s\u00f6gn.\" tabindex=\"0\">myndefni<\/span> er \u00fatsk\u00fdrt \u00e1 \u00fdmsa vegu innan hef\u00f0arinnar.<\/p><p>Algeng t\u00falkun segir a\u00f0 Kali hafi ekki geta\u00f0 st\u00f6\u00f0va\u00f0 sig \u00ed orrustuv\u00edmu sinni og hafi \u00fear me\u00f0 \u00f3gna\u00f0 \u00f6llum alheiminum. Shiva hafi \u00fe\u00e1 lagt sig undir f\u00e6tur hennar, og \u00feegar Kali steig \u00e1 eiginmann sinn, hafi h\u00fan frosi\u00f0 af sk\u00f6mm og reki\u00f0 \u00fat tunguna.<\/p><p>\u00cd heimspekilegri t\u00falkun tantrahef\u00f0ar f\u00e6r myndin a\u00f0ra merkingu. Kali stendur fyrir virka orkuna, <em>shakti<\/em>, Shiva fyrir kyrra, hreina vitundina. Samvist \u00feeirra s\u00fdnir a\u00f0 b\u00e1\u00f0ir eru a\u00f0eins fullkomlega raunverulegir saman: vitund \u00e1n orku er athafnalaus, orka \u00e1n vitundar er blind v\u00edmukennd.<\/p><p>Afh\u00f6ggnu h\u00f6fu\u00f0in eru t\u00falku\u00f0 sem aflegg\u00f0 sj\u00e1lf d\u00fdrkendanna, sver\u00f0i\u00f0 sem verkf\u00e6ri\u00f0 sem sker \u00ed gegnum f\u00e1visku. <span class=\"iwg-fachbegriff\" data-tooltip=\"Fr\u00e6\u00f0igrein um myndefni og merkingu \u00feess.\" tabindex=\"0\">T\u00e1knm\u00e1li\u00f0<\/span> er \u00feannig ekki einf\u00f6ld hr\u00e6\u00f0slumynd, heldur \u00fe\u00e9tt kerfi merkinga sem er \u00fatlagt innan l\u00e6rd\u00f3msins.<\/p>\t\t\t\t\t\t\t\t<\/div>\n\t\t\t\t<\/div>\n\t\t\t\t\t<\/div>\n\t\t\t\t<\/div>\n\t\t<div class=\"elementor-element elementor-element-cpbc75ca4 e-flex e-con-boxed e-con e-parent\" data-id=\"cpbc75ca4\" data-element_type=\"container\" data-e-type=\"container\">\n\t\t\t\t\t<div class=\"e-con-inner\">\n\t\t\t\t<div class=\"elementor-element elementor-element-cpe074dbd elementor-widget elementor-widget-heading\" data-id=\"cpe074dbd\" data-element_type=\"widget\" data-e-type=\"widget\" data-widget_type=\"heading.default\">\n\t\t\t\t\t<h2 class=\"elementor-heading-title elementor-size-default\">Kali \u00ed tantra og m\u00f3\u00f0urd\u00fdrkun Bengal<\/h2>\t\t\t\t<\/div>\n\t\t<div class=\"elementor-element elementor-element-cp997156a e-con-full e-flex e-con e-child\" data-id=\"cp997156a\" data-element_type=\"container\" data-e-type=\"container\">\n\t\t\t\t<div class=\"elementor-element elementor-element-cpf043442 elementor-widget elementor-widget-text-editor\" data-id=\"cpf043442\" data-element_type=\"widget\" data-e-type=\"widget\" data-widget_type=\"text-editor.default\">\n\t\t\t\t\t\t\t\t\t<p>Kali \u00e1 s\u00e9r tv\u00f6 sk\u00fdrt a\u00f0greind en samtengd tr\u00faarleg samhengi. Anna\u00f0 er tantra, dulspekileg stefna \u00fear sem Kali telst me\u00f0al \u00e6\u00f0stu gu\u00f0d\u00f3manna. \u00cd tantr\u00edskri hef\u00f0, einkum \u00ed sk\u00f3la hinna t\u00edu <em>Mahavidyas<\/em>, hinna miklu \u00feekkingargy\u00f0ja, er Kali fremst \u00ed r\u00f6\u00f0.<\/p><p>Tantr\u00edsk i\u00f0kun leitar <span class=\"iwg-fachbegriff\" data-tooltip=\"Vera sem er d\u00fdrku\u00f0 sem gu\u00f0leg innan tr\u00faarbrag\u00f0a.\" tabindex=\"0\">gu\u00f0d\u00f3msins<\/span> einmitt \u00ed \u00fev\u00ed sem hef\u00f0bundin <span class=\"iwg-fachbegriff\" data-tooltip=\"S\u00e1 lifa\u00f0i tr\u00faarafsta\u00f0a og i\u00f0kun sem einstaklingur temur s\u00e9r.\" tabindex=\"0\">gu\u00f0r\u00e6kni<\/span> for\u00f0ast, og n\u00e1lgast Kali me\u00f0 ath\u00f6fnum sem framkv\u00e6mdar eru \u00e1 st\u00f6\u00f0um eins og l\u00edkbrennslust\u00f6\u00f0um. \u00deessi i\u00f0kun byggir \u00e1 v\u00edgslu og lei\u00f0s\u00f6gn kennara og er ekki \u00e6tlu\u00f0 almenningi.<\/p><p>Hitt samhengi\u00f0 er hin \u00fej\u00f3\u00f0lega og tr\u00far\u00e6ktarlega d\u00fdrkun, einkum \u00ed Bengal, Assam og austurhluta Indlands. \u00dear er Kali \u00e1k\u00f6llu\u00f0 sem <em>Ma Kali<\/em>, M\u00f3\u00f0ir Kali. \u00deessi stefna n\u00e1\u00f0i s\u00e9rst\u00f6kum \u00feroska fyrir tilstilli sk\u00e1ldsins og s\u00f6ngvarans Ramprasad Sen \u00e1 18. \u00f6ld.<\/p><p>Lj\u00f3\u00f0 hans \u00e1varpa Kali \u00ed t\u00f3n sem afneitar ekki hinni \u00f3gnvekjandi hli\u00f0 hennar en leggur \u00e1herslu \u00e1 hina \u00e1str\u00edku, m\u00f3\u00f0urlegu umhyggju. \u00c1 19. \u00f6ld m\u00f3ta\u00f0i dulspekingurinn Ramakrishna, prestur vi\u00f0 Kali-<span class=\"iwg-fachbegriff\" data-tooltip=\"Bygging sem er helgu\u00f0 tilbei\u00f0slu einnar e\u00f0a fleiri gu\u00f0d\u00f3ma.\" tabindex=\"0\">musteri\u00f0<\/span> \u00ed Dakshineswar vi\u00f0 Kolkata, \u00feessa <span class=\"iwg-fachbegriff\" data-tooltip=\"S\u00e1 lifa\u00f0i tr\u00faarafsta\u00f0a og i\u00f0kun sem einstaklingur temur s\u00e9r.\" tabindex=\"0\">gu\u00f0r\u00e6kni<\/span> me\u00f0 afgerandi h\u00e6tti.<\/p><p>H\u00e1punktur bengalskrar Kali-d\u00fdrkunar er h\u00e1t\u00ed\u00f0in <em>Kali Puja<\/em>, sem haldin er \u00e1 n\u00fdtunglsn\u00f3tt m\u00e1na\u00f0arins Kartik, oft \u00ed n\u00e1nd vi\u00f0 lj\u00f3sah\u00e1t\u00ed\u00f0ina. \u00deekktir d\u00fdrkunarsta\u00f0ir eru Kalighat-<span class=\"iwg-fachbegriff\" data-tooltip=\"Bygging sem er helgu\u00f0 tilbei\u00f0slu einnar e\u00f0a fleiri gu\u00f0d\u00f3ma.\" tabindex=\"0\">musteri\u00f0<\/span> \u00ed Kolkata og <span class=\"iwg-fachbegriff\" data-tooltip=\"Bygging sem er helgu\u00f0 tilbei\u00f0slu einnar e\u00f0a fleiri gu\u00f0d\u00f3ma.\" tabindex=\"0\">musteri\u00f0<\/span> \u00ed Dakshineswar.<\/p><p>A\u00f0 sama gy\u00f0jan s\u00e9 d\u00fdrku\u00f0 b\u00e6\u00f0i sem \u00f3gnvekjandi tantr\u00edskt afl og sem bl\u00ed\u00f0lega \u00e1k\u00f6llu\u00f0 m\u00f3\u00f0ir er ekki m\u00f3ts\u00f6gn, heldur birtir \u00fe\u00e1 sannf\u00e6ringu a\u00f0 hinn \u00e6\u00f0sti veruleiki n\u00e1i yfir b\u00e1\u00f0ar hli\u00f0ar.<\/p>\t\t\t\t\t\t\t\t<\/div>\n\t\t\t\t<\/div>\n\t\t\t\t\t<\/div>\n\t\t\t\t<\/div>\n\t\t<div class=\"elementor-element elementor-element-cp812a6de e-flex e-con-boxed e-con e-parent\" data-id=\"cp812a6de\" data-element_type=\"container\" data-e-type=\"container\">\n\t\t\t\t\t<div class=\"e-con-inner\">\n\t\t\t\t<div class=\"elementor-element elementor-element-cpdfb273f elementor-widget elementor-widget-heading\" data-id=\"cpdfb273f\" data-element_type=\"widget\" data-e-type=\"widget\" data-widget_type=\"heading.default\">\n\t\t\t\t\t<h2 class=\"elementor-heading-title elementor-size-default\">T\u00edmi, dau\u00f0i og frelsun: gu\u00f0fr\u00e6\u00f0i Kali<\/h2>\t\t\t\t<\/div>\n\t\t<div class=\"elementor-element elementor-element-cp07c4971 e-con-full e-flex e-con e-child\" data-id=\"cp07c4971\" data-element_type=\"container\" data-e-type=\"container\">\n\t\t\t\t<div class=\"elementor-element elementor-element-cpd63a1fa elementor-widget elementor-widget-text-editor\" data-id=\"cpd63a1fa\" data-element_type=\"widget\" data-e-type=\"widget\" data-widget_type=\"text-editor.default\">\n\t\t\t\t\t\t\t\t\t<p>Kali er gu\u00f0fr\u00e6\u00f0ilega n\u00e1tengd hugmyndinni um t\u00edmann. Or\u00f0i\u00f0 <em>kala<\/em>, sem nafn hennar er dregi\u00f0 af, \u00fe\u00fd\u00f0ir t\u00edmi, og Kali er talin vera afl sem gleypir allt sem ver\u00f0ur til \u00ed t\u00edmanum.<\/p><p>\u00cd \u00feessari t\u00falkun er h\u00fan s\u00ed\u00f0ur vera me\u00f0al annarra en grundvallarveruleiki: kraftur sem stj\u00f3rnar tilur\u00f0 og hvarfi. D\u00f6kkur litur hennar er t\u00falka\u00f0ur \u00ed samr\u00e6mi vi\u00f0 \u00feetta, \u00fev\u00ed eins og allir litir renna saman \u00ed sv\u00f6rtu, \u00feannig renna \u00f6ll sk\u00f6pu\u00f0 fyrirb\u00e6ri saman \u00ed Kali.<\/p><p>\u00deessi tengsl vi\u00f0 t\u00edma og dau\u00f0a sk\u00fdra hvers vegna Kali \u00e1 ekki a\u00f0 skiljast sem einf\u00f6ld skelfingarvera. \u00cd hind\u00fa\u00edskri kenningu er festan vi\u00f0 hi\u00f0 forgengilega, vi\u00f0 sj\u00e1lfi\u00f0 og vi\u00f0 heim fyrirb\u00e6ranna r\u00f3t \u00fej\u00e1ningarinnar.<\/p><p>Kali, sem leysir allt upp, er \u00feess vegna \u00ed gu\u00f0fr\u00e6\u00f0ilegri t\u00falkun einnig frelsarinn: ey\u00f0ing hennar sprettur ekki af illvilja, heldur frelsar h\u00fan manninn fr\u00e1 \u00fev\u00ed sem bindur hann. S\u00fdn hennar \u00e1 a\u00f0 f\u00e6ra hinn tr\u00faa\u00f0a frammi fyrir sta\u00f0reynd forgengileikans \u00ed sta\u00f0 \u00feess a\u00f0 b\u00e6la hana ni\u00f0ur.<\/p><p>Tengslin vi\u00f0 brennista\u00f0inn, sem er \u00ed m\u00f6rgum myndum dvalarsta\u00f0ur hennar, tilheyra sama samhengi. Sta\u00f0urinn \u00fear sem l\u00edkamar brenna er sta\u00f0urinn \u00fear sem sannleikurinn um forgengileikann ver\u00f0ur beinl\u00ednis s\u00fdnilegur. Tantr\u00edsk i\u00f0kun leitar Kali n\u00e1kv\u00e6mlega \u00fear, \u00fev\u00ed \u00fear hrynja hin venjulegu \u00f6ryggi.<\/p><p>Tr\u00faarbrag\u00f0afr\u00e6\u00f0ilega er Kali \u00fev\u00ed sl\u00e1andi d\u00e6mi um hvernig vera sem vir\u00f0ist vi\u00f0 fyrstu s\u00fdn einungis birta skelfingu getur haft n\u00e1kv\u00e6mlega skilgreint og j\u00e1kv\u00e6tt hlutverk innan gu\u00f0fr\u00e6\u00f0ilegs kerfis s\u00edns. \u00d3gnin er \u00fear lei\u00f0in til inns\u00e6is, ekki markmi\u00f0 \u00ed sj\u00e1lfu s\u00e9r.<\/p>\t\t\t\t\t\t\t\t<\/div>\n\t\t\t\t<\/div>\n\t\t\t\t\t<\/div>\n\t\t\t\t<\/div>\n\t\t<div class=\"elementor-element elementor-element-cp445c0e5 e-flex e-con-boxed e-con e-parent\" data-id=\"cp445c0e5\" data-element_type=\"container\" data-e-type=\"container\">\n\t\t\t\t\t<div class=\"e-con-inner\">\n\t\t\t\t<div class=\"elementor-element elementor-element-cp51c9530 elementor-widget elementor-widget-heading\" data-id=\"cp51c9530\" data-element_type=\"widget\" data-e-type=\"widget\" data-widget_type=\"heading.default\">\n\t\t\t\t\t<h2 class=\"elementor-heading-title elementor-size-default\">Kali \u00ed vestr\u00e6nni t\u00falkun og fr\u00e6\u00f0um<\/h2>\t\t\t\t<\/div>\n\t\t<div class=\"elementor-element elementor-element-cp09884b7 e-con-full e-flex e-con e-child\" data-id=\"cp09884b7\" data-element_type=\"container\" data-e-type=\"container\">\n\t\t\t\t<div class=\"elementor-element elementor-element-cp7411ede elementor-widget elementor-widget-text-editor\" data-id=\"cp7411ede\" data-element_type=\"widget\" data-e-type=\"widget\" data-widget_type=\"text-editor.default\">\n\t\t\t\t\t\t\t\t\t<p>F\u00e1ir hind\u00fa\u00edskir <span class=\"iwg-fachbegriff\" data-tooltip=\"Vera sem er d\u00fdrku\u00f0 sem heil\u00f6g innan tr\u00faarbrag\u00f0a.\" tabindex=\"0\">gu\u00f0d\u00f3mar<\/span> eru \u00e1 Vesturl\u00f6ndum svo \u00feekktir og jafnframt svo oft misskildir sem Kali.<\/p><p>N\u00fdlenduskynjun 19. aldar dr\u00f3 hana oft ni\u00f0ur \u00ed frummynd skelfingar og setti hana \u00ed sensasj\u00f3nalega framsett samhengi vi\u00f0 hina svok\u00f6llu\u00f0u Thuggee-gl\u00e6pastarfsemi, tengsl sem s\u00ed\u00f0ari ranns\u00f3knir hafa meti\u00f0 mj\u00f6g ofmetin og hla\u00f0in hugmyndafr\u00e6\u00f0ilegum bl\u00e6. \u00deessi skekkta s\u00fdn m\u00f3ta\u00f0i Kali-myndina \u00ed vestr\u00e6nni af\u00fereyingarmenningu lengi.<\/p><p>V\u00edsindaleg umfj\u00f6llun h\u00f3fst fyrst og fremst \u00e1 s\u00ed\u00f0ari hluta 20. aldar. Tr\u00faarbrag\u00f0afr\u00e6\u00f0ingar \u00e1 bor\u00f0 vi\u00f0 David Kinsley birtu ranns\u00f3knir sem ger\u00f0u Kali skiljanlega innan ramma hind\u00fa\u00edskrar gy\u00f0jugu\u00f0fr\u00e6\u00f0i, \u00ed sta\u00f0 \u00feess a\u00f0 me\u00f0h\u00f6ndla hana sem einsk\u00e6rt fur\u00f0uefni.<\/p><p>S\u00ed\u00f0ari verk, me\u00f0al annars eftir Rachel Fell McDermott um bengalska Kali-<span class=\"iwg-fachbegriff\" data-tooltip=\"Lifu\u00f0 tr\u00faarleg afsta\u00f0a og i\u00f0kun einstaklings.\" tabindex=\"0\">gu\u00f0r\u00e6kni<\/span> og um Ramprasad Sen, e\u00f0a rits\u00f6fn sem ranns\u00f6ku\u00f0u Kali fr\u00e1 \u00fdmsum sj\u00f3narhornum, d\u00fdpku\u00f0u myndina enn frekar.<\/p><p>Samhli\u00f0a \u00feessu var\u00f0 til vestr\u00e6n eignun Kali fr\u00e1 1970 \u00ed andlegu og fem\u00edn\u00edsku samhengi, \u00fear sem h\u00fan var t\u00falku\u00f0 sem <span class=\"iwg-fachbegriff\" data-tooltip=\"T\u00e1kn sem stendur fyrir hugmynd e\u00f0a merkingu.\" tabindex=\"0\">t\u00e1kn<\/span> kvenlegs valds og m\u00f3tmynd vi\u00f0 taminni kvenmyndum.<\/p><p>\u00deessi t\u00falkun er tr\u00faarbrag\u00f0afr\u00e6\u00f0ilega \u00e1hugaver\u00f0, en stendur \u00ed spennu vi\u00f0 \u00fe\u00fd\u00f0ingu Kali innan lifandi hind\u00faasi\u00f0ar, \u00fear sem h\u00fan er fyrst og fremst efni beinnar helgisi\u00f0ad\u00fdrkunar og ekki afstrakt <span class=\"iwg-fachbegriff\" data-tooltip=\"T\u00e1kn sem stendur fyrir hugmynd e\u00f0a merkingu.\" tabindex=\"0\">t\u00e1kn<\/span>. Ranns\u00f3knir hvetja \u00fev\u00ed til a\u00f0 greina vandlega \u00e1 milli <span class=\"iwg-fachbegriff\" data-tooltip=\"Vera sem er d\u00fdrku\u00f0 sem heil\u00f6g innan tr\u00faarbrag\u00f0a.\" tabindex=\"0\">gu\u00f0d\u00f3msins<\/span> \u00ed hind\u00fa\u00edskum <span class=\"iwg-fachbegriff\" data-tooltip=\"Heild tr\u00faarlegra d\u00fdrkunarathafna fyrir gu\u00f0d\u00f3m e\u00f0a heilaga veru.\" tabindex=\"0\">d\u00fdrkunarsi\u00f0<\/span> og vestr\u00e6nna endurt\u00falkana hans.<\/p><p>S\u00e1 sem vill skilja Kali ver\u00f0ur a\u00f0 byggja \u00e1 indverskum heimildum, hofunum og lifandi i\u00f0kuninni, ekki \u00e1 vestr\u00e6nni endurspeglun hennar.<\/p>\t\t\t\t\t\t\t\t<\/div>\n\t\t\t\t<\/div>\n\t\t\t\t\t<\/div>\n\t\t\t\t<\/div>\n\t\t<div class=\"elementor-element elementor-element-36dd7469 e-flex e-con-boxed e-con e-parent\" data-id=\"36dd7469\" data-element_type=\"container\" data-e-type=\"container\">\n\t\t\t\t\t<div class=\"e-con-inner\">\n\t\t\t\t<div class=\"elementor-element elementor-element-13760ab4 elementor-widget elementor-widget-heading\" data-id=\"13760ab4\" data-element_type=\"widget\" data-e-type=\"widget\" data-widget_type=\"heading.default\">\n\t\t\t\t\t<h2 class=\"elementor-heading-title elementor-size-default\">\u00cdtarefni og tenglar<\/h2>\t\t\t\t<\/div>\n\t\t<div class=\"elementor-element elementor-element-28c87796 e-con-full e-flex e-con e-child\" data-id=\"28c87796\" data-element_type=\"container\" data-e-type=\"container\">\n\t\t\t\t<div class=\"elementor-element elementor-element-5d6538df elementor-widget elementor-widget-text-editor\" data-id=\"5d6538df\" data-element_type=\"widget\" data-e-type=\"widget\" data-widget_type=\"text-editor.default\">\n\t\t\t\t\t\t\t\t\t<ul><li><a href=\"https:\/\/iwell-guard.com\/is\/?page_id=168771\">Durga, eldri mynd hennar<\/a><\/li><li><a href=\"https:\/\/iwell-guard.com\/is\/?page_id=168765\">Shiva, eiginma\u00f0ur, oft liggjandi undir f\u00f3tum hennar<\/a><\/li><li><a href=\"https:\/\/iwell-guard.com\/is\/?page_id=168800\">Bhairava, karlkyns hli\u00f0st\u00e6\u00f0a \u00ed rei\u00f0igervi<\/a><\/li><li><a href=\"https:\/\/iwell-guard.com\/is\/?page_id=168780\">Mahakala, tantr\u00edsk karlkyns a\u00f0l\u00f6gun \u00ed b\u00faddisma<\/a><\/li><li><a href=\"https:\/\/iwell-guard.com\/is\/?page_id=168794\">Sekhmet, egypsk bl\u00f3\u00f0\u00feyrst hli\u00f0st\u00e6\u00f0a<\/a><\/li><li><a href=\"https:\/\/iwell-guard.com\/is\/?page_id=168641\">Hind\u00faismi, yfirlit yfir go\u00f0heiminn<\/a><\/li><li><a href=\"https:\/\/iwell-guard.com\/is\/?page_id=168679\">Gu\u00f0ir, yfirlit yfir flokka<\/a><\/li><\/ul>\t\t\t\t\t\t\t\t<\/div>\n\t\t\t\t<\/div>\n\t\t\t\t\t<\/div>\n\t\t\t\t<\/div>\n\t\t<div class=\"elementor-element elementor-element-grl4kl40 e-flex e-con-boxed e-con e-parent\" data-id=\"grl4kl40\" data-element_type=\"container\" data-e-type=\"container\">\n\t\t\t\t\t<div class=\"e-con-inner\">\n\t\t\t\t<div class=\"elementor-element elementor-element-bzsbfrmh elementor-widget elementor-widget-heading\" data-id=\"bzsbfrmh\" data-element_type=\"widget\" data-e-type=\"widget\" data-widget_type=\"heading.default\">\n\t\t\t\t\t<h2 class=\"elementor-heading-title elementor-size-default\">Fr\u00e6\u00f0irit<\/h2>\t\t\t\t<\/div>\n\t\t<div class=\"elementor-element elementor-element-2c13224a e-con-full e-flex e-con e-child\" data-id=\"2c13224a\" data-element_type=\"container\" data-e-type=\"container\">\n\t\t\t\t<div class=\"elementor-element elementor-element-0eymh9ub elementor-widget elementor-widget-text-editor\" data-id=\"0eymh9ub\" data-element_type=\"widget\" data-e-type=\"widget\" data-widget_type=\"text-editor.default\">\n\t\t\t\t\t\t\t\t\t<footer class=\"iwg-literatur\" data-nosnippet=\"true\"><ul><li><span data-nosnippet>McDermott, Rachel Fell: <em>Mother of My Heart, Daughter of My Dreams. K\u00e2l\u00ee and Um\u00e2 in the Devotional Poetry of Bengal<\/em>. Oxford 2001.<\/span><\/li><li><span data-nosnippet>McDaniel, June: <em>Offering Flowers, Feeding Skulls. Popular Goddess Worship in West Bengal<\/em>. Oxford 2004.<\/span><\/li><li><span data-nosnippet>Kinsley, David: <em>The Sword and the Flute. K\u00e2l\u00ee and K\u1e5b\u1e63\u1e47a, Dark Visions of the Terrible and the Sublime in Hindu Mythology<\/em>. Berkeley 1975.<\/span><\/li><li>Devi-Mahatmyam (fj\u00f6lmargar \u00fe\u00fd\u00f0ingar).<\/li><li><span data-nosnippet>Coburn, Thomas B.: <em>Encountering the Goddess. A Translation of the Dev\u00ee-M\u00e2h\u00e2tmya<\/em>. Albany 1991.<\/span><\/li><li>Walde, Christine (\u00fatg.): <em>Der Neue Pauly<\/em> (uppslagsor\u00f0 \u201eK\u00e2l\u00ee\u201c).<\/li><\/ul><\/footer>\n<p class=\"iwg-bib-more\"><span data-nosnippet>Fleiri h\u00f6fu\u00f0rit \u00ed <a href=\"https:\/\/iwell-guard.com\/is\/?page_id=168730\">heimildaskr\u00e1nni<\/a>.<\/span><\/p>\t\t\t\t\t\t\t\t<\/div>\n\t\t\t\t<\/div>\n\t\t\t\t\t<\/div>\n\t\t\t\t<\/div>\n\t\t<div class=\"elementor-element elementor-element-7a0d6b7 e-con-boxed e-flex e-con e-parent\" data-id=\"7a0d6b7\" data-element_type=\"container\" data-e-type=\"container\">\n\t\t\t\t\t<div class=\"e-con-inner\">\n\t\t\t\t<div class=\"elementor-element elementor-element-a2e501e elementor-widget elementor-widget-text-editor\" data-id=\"a2e501e\" data-element_type=\"widget\" data-e-type=\"widget\" data-widget_type=\"text-editor.default\">\n\t\t\t\t\t\t\t\t\t\n<h2>Algengar spurningar um Kali<\/h2>\n<div class=\"iwg-faq-q\"><h3>Hver er gy\u00f0jan Kali \u00ed hind\u00faisma?<\/h3><p>Kali (af kala, t\u00edmi, svartur) er ein af \u00f6flugustu gy\u00f0jum hind\u00faismans, hin skelfilega mynd hinnar miklu gy\u00f0ju (Mahadevi).<\/p><p>T\u00e1knmyndafr\u00e6\u00f0ilega er h\u00fan d\u00e6miger\u00f0 me\u00f0 fj\u00f3ra e\u00f0a fleiri arma, sver\u00f0 \u00ed hendi og afh\u00f6ggvi\u00f0 h\u00f6fu\u00f0 dem\u00f3ns, h\u00e1lsfesti \u00far h\u00f6fu\u00f0k\u00fapum, svuntu \u00far afh\u00f6ggnum \u00f6rmum, \u00fatr\u00e9tta tungu og svarta e\u00f0a d\u00f6kkbl\u00e1a h\u00fa\u00f0. Kali stendur oftast \u00e1 Shiva, eiginmanni s\u00ednum, sem hefur lagst undir hana til a\u00f0 st\u00f6\u00f0va tort\u00edmandi \u00e6\u00f0i hennar.<\/p><\/div>\n<div class=\"iwg-faq-q\"><h3>Hva\u00f0 \u00fe\u00fd\u00f0ir t\u00e1knmyndin \u00e1 bak vi\u00f0 skelfilegt \u00fatlit Kali?<\/h3><p>Hin skelfilega <span class=\"iwg-fachbegriff\" data-tooltip=\"Fr\u00e6\u00f0igrein um myndefni og merkingu \u00feess.\" tabindex=\"0\">t\u00e1knmyndafr\u00e6\u00f0i<\/span> hefur andlega merkingu: Kali er tort\u00edmandi t\u00e1ls\u00fdnar (Maya) og eg\u00f3-bindinga. Sver\u00f0i\u00f0 sker \u00ed gegnum f\u00e1fr\u00e6\u00f0ina, afh\u00f6ggnu h\u00f6fu\u00f0in eru afsag\u00f0ar eg\u00f3-bindingar, h\u00e1lsfestin \u00far h\u00f6fu\u00f0k\u00fapum t\u00e1knar b\u00f3kstafi sanskr\u00edt-stafr\u00f3fsins, tungum\u00e1l sem alheimsm\u00e1tt.<\/p><p>\u00datr\u00e9tta tungan er skammart\u00e1kn (h\u00fan gerir s\u00e9r grein fyrir a\u00f0 h\u00fan stendur \u00e1 Shiva). \u00cd tantrisma er Kali frelsandi m\u00e1ttur; h\u00fan tort\u00edmir af \u00e1st til sannleikans, \u00e1n nokkurrar illkvittni.<\/p><\/div>\n<script type=\"application\/ld+json\">{\"@context\":\"https:\/\/schema.org\",\"@type\":\"FAQPage\",\"mainEntity\":[{\"@type\":\"Question\",\"name\":\"Hver er gy\u00f0jan Kali \u00ed hind\u00faisma?\",\"acceptedAnswer\":{\"@type\":\"Answer\",\"text\":\"Kali (af kala, t\u00edmi, svartur) er ein af \u00f6flugustu gy\u00f0jum hind\u00faismans, hin skelfilega mynd hinnar miklu gy\u00f0ju (Mahadevi).T\u00e1knmyndafr\u00e6\u00f0ilega er h\u00fan d\u00e6miger\u00f0 me\u00f0 fj\u00f3ra e\u00f0a fleiri arma, sver\u00f0 \u00ed hendi og afh\u00f6ggvi\u00f0 h\u00f6fu\u00f0 dem\u00f3ns, h\u00e1lsfesti \u00far h\u00f6fu\u00f0k\u00fapum, svuntu \u00far afh\u00f6ggnum \u00f6rmum, \u00fatr\u00e9tta tungu og svarta e\u00f0a d\u00f6kkbl\u00e1a h\u00fa\u00f0. Kali stendur oftast \u00e1 Shiva, eiginmanni s\u00ednum, sem hefur lagst undir hana til a\u00f0 st\u00f6\u00f0va tort\u00edmandi \u00e6\u00f0i hennar.\"}},{\"@type\":\"Question\",\"name\":\"Hva\u00f0 \u00fe\u00fd\u00f0ir t\u00e1knmyndin \u00e1 bak vi\u00f0 skelfilegt \u00fatlit Kali?\",\"acceptedAnswer\":{\"@type\":\"Answer\",\"text\":\"Hin skelfilega t\u00e1knmyndafr\u00e6\u00f0i hefur andlega merkingu: Kali er tort\u00edmandi t\u00e1ls\u00fdnar (Maya) og eg\u00f3-bindinga. Sver\u00f0i\u00f0 sker \u00ed gegnum f\u00e1fr\u00e6\u00f0ina, afh\u00f6ggnu h\u00f6fu\u00f0in eru afsag\u00f0ar eg\u00f3-bindingar, h\u00e1lsfestin \u00far h\u00f6fu\u00f0k\u00fapum t\u00e1knar b\u00f3kstafi sanskr\u00edt-stafr\u00f3fsins, tungum\u00e1l sem alheimsm\u00e1tt.\u00datr\u00e9tta tungan er skammart\u00e1kn (h\u00fan gerir s\u00e9r grein fyrir a\u00f0 h\u00fan stendur \u00e1 Shiva). \u00cd tantrisma er Kali frelsandi m\u00e1ttur; h\u00fan tort\u00edmir af \u00e1st til sannleikans, \u00e1n nokkurrar illkvittni.\"}}]}<\/script>\t\t\t\t\t\t\t\t<\/div>\n\t\t\t\t\t<\/div>\n\t\t\t\t<\/div>\n\t\t\t\t<\/div>\n\t\t","protected":false},"excerpt":{"rendered":"","protected":false},"author":3,"featured_media":1728,"parent":0,"menu_order":0,"comment_status":"closed","ping_status":"closed","template":"elementor_header_footer","meta":{"_yoast_wpseo_focuskw":"Kali","_yoast_wpseo_title":"Kali \u2013 gy\u00f0ja ey\u00f0ingar og t\u00edmans \u00ed hind\u00faisma","_yoast_wpseo_metadesc":"Kali, gy\u00f0ja ey\u00f0ingar og t\u00edmans \u00ed hind\u00faisma. Sver\u00f0, hausk\u00fapubelti, Shakti-orka og d\u00fdrkun hennar innan shaktisma og \u00ed Bengal.","_yoast_wpseo_meta-robots-noindex":"","_yoast_wpseo_canonical":"","_angie_page":false,"gefaehrdungsstufe":"4","wesen_kultur":"hinduismus","wesen_klasse":"goetter","footnotes":""},"categories":[],"class_list":["post-168767","page","type-page","status-publish","has-post-thumbnail","hentry"],"yoast_head":"<!-- This site is optimized with the Yoast SEO Premium plugin v27.7 (Yoast SEO v28.3) - https:\/\/yoast.com\/product\/yoast-seo-premium-wordpress\/ -->\n<title>Kali \u2013 gy\u00f0ja ey\u00f0ingar og t\u00edmans \u00ed hind\u00faisma<\/title>\n<meta name=\"description\" content=\"Kali, gy\u00f0ja ey\u00f0ingar og t\u00edmans \u00ed hind\u00faisma. Sver\u00f0, hausk\u00fapubelti, Shakti-orka og d\u00fdrkun hennar innan shaktisma og \u00ed Bengal.\" \/>\n<meta name=\"robots\" content=\"index, follow, max-snippet:-1, max-image-preview:large, max-video-preview:-1\" \/>\n<link rel=\"canonical\" href=\"https:\/\/iwell-guard.com\/is\/kali\/\" \/>\n<meta property=\"og:locale\" content=\"is_IS\" \/>\n<meta property=\"og:type\" content=\"article\" \/>\n<meta property=\"og:title\" content=\"Kali\" \/>\n<meta property=\"og:description\" content=\"Kali, gy\u00f0ja ey\u00f0ingar og t\u00edmans \u00ed hind\u00faisma. Sver\u00f0, hausk\u00fapubelti, Shakti-orka og d\u00fdrkun hennar innan shaktisma og \u00ed Bengal.\" \/>\n<meta property=\"og:url\" content=\"https:\/\/iwell-guard.com\/is\/kali\/\" \/>\n<meta property=\"og:site_name\" content=\"iWell Guard\" \/>\n<meta property=\"article:modified_time\" content=\"2026-09-05T14:18:55+00:00\" \/>\n<meta property=\"og:image\" content=\"https:\/\/iwell-guard.com\/wp-content\/uploads\/2026\/04\/goetter_hinduismus_kali.webp\" \/>\n\t<meta property=\"og:image:width\" content=\"1024\" \/>\n\t<meta property=\"og:image:height\" content=\"1536\" \/>\n\t<meta property=\"og:image:type\" content=\"image\/webp\" \/>\n<meta name=\"twitter:card\" content=\"summary_large_image\" \/>\n<script type=\"application\/ld+json\" class=\"yoast-schema-graph\">{\"@context\":\"https:\\\/\\\/schema.org\",\"@graph\":[{\"@type\":\"WebPage\",\"@id\":\"https:\\\/\\\/iwell-guard.com\\\/is\\\/kali\\\/\",\"url\":\"https:\\\/\\\/iwell-guard.com\\\/is\\\/kali\\\/\",\"name\":\"Kali \u2013 gy\u00f0ja ey\u00f0ingar og t\u00edmans \u00ed hind\u00faisma\",\"isPartOf\":{\"@id\":\"https:\\\/\\\/iwell-guard.com\\\/is\\\/#website\"},\"primaryImageOfPage\":{\"@id\":\"https:\\\/\\\/iwell-guard.com\\\/is\\\/kali\\\/#primaryimage\"},\"image\":{\"@id\":\"https:\\\/\\\/iwell-guard.com\\\/is\\\/kali\\\/#primaryimage\"},\"thumbnailUrl\":\"https:\\\/\\\/iwell-guard.com\\\/wp-content\\\/uploads\\\/2026\\\/04\\\/goetter_hinduismus_kali.webp\",\"datePublished\":\"2026-09-05T14:02:49+00:00\",\"dateModified\":\"2026-09-05T14:18:55+00:00\",\"description\":\"Kali, gy\u00f0ja ey\u00f0ingar og t\u00edmans \u00ed hind\u00faisma. Sver\u00f0, hausk\u00fapubelti, Shakti-orka og d\u00fdrkun hennar innan shaktisma og \u00ed Bengal.\",\"breadcrumb\":{\"@id\":\"https:\\\/\\\/iwell-guard.com\\\/is\\\/kali\\\/#breadcrumb\"},\"inLanguage\":\"is\",\"potentialAction\":[{\"@type\":\"ReadAction\",\"target\":[\"https:\\\/\\\/iwell-guard.com\\\/is\\\/kali\\\/\"]}]},{\"@type\":\"ImageObject\",\"inLanguage\":\"is\",\"@id\":\"https:\\\/\\\/iwell-guard.com\\\/is\\\/kali\\\/#primaryimage\",\"url\":\"https:\\\/\\\/iwell-guard.com\\\/wp-content\\\/uploads\\\/2026\\\/04\\\/goetter_hinduismus_kali.webp\",\"contentUrl\":\"https:\\\/\\\/iwell-guard.com\\\/wp-content\\\/uploads\\\/2026\\\/04\\\/goetter_hinduismus_kali.webp\",\"width\":1024,\"height\":1536,\"caption\":\"Gu\u00f0ir \u00far hind\u00faisma-hef\u00f0inni.\"},{\"@type\":\"BreadcrumbList\",\"@id\":\"https:\\\/\\\/iwell-guard.com\\\/is\\\/kali\\\/#breadcrumb\",\"itemListElement\":[{\"@type\":\"ListItem\",\"position\":1,\"name\":\"Start\",\"item\":\"https:\\\/\\\/iwell-guard.com\\\/is\\\/?page_id=168580\"},{\"@type\":\"ListItem\",\"position\":2,\"name\":\"Kali\"}]},{\"@type\":\"WebSite\",\"@id\":\"https:\\\/\\\/iwell-guard.com\\\/is\\\/#website\",\"url\":\"https:\\\/\\\/iwell-guard.com\\\/is\\\/\",\"name\":\"iWell Guard\",\"description\":\"Schutz vor dunklen Einfl\u00fcssen\",\"publisher\":{\"@id\":\"https:\\\/\\\/iwell-guard.com\\\/is\\\/#organization\"},\"potentialAction\":[{\"@type\":\"SearchAction\",\"target\":{\"@type\":\"EntryPoint\",\"urlTemplate\":\"https:\\\/\\\/iwell-guard.com\\\/is\\\/?s={search_term_string}\"},\"query-input\":{\"@type\":\"PropertyValueSpecification\",\"valueRequired\":true,\"valueName\":\"search_term_string\"}}],\"inLanguage\":\"is\"},{\"@type\":\"Organization\",\"@id\":\"https:\\\/\\\/iwell-guard.com\\\/is\\\/#organization\",\"name\":\"Ittermann electronic GmbH\",\"url\":\"https:\\\/\\\/iwell-guard.com\\\/is\\\/\",\"logo\":{\"@type\":\"ImageObject\",\"inLanguage\":\"is\",\"@id\":\"https:\\\/\\\/iwell-guard.com\\\/is\\\/#\\\/schema\\\/logo\\\/image\\\/\",\"url\":\"https:\\\/\\\/iwell-guard.com\\\/wp-content\\\/uploads\\\/2026\\\/05\\\/Ittermann-Logo-1182x237-1.png\",\"contentUrl\":\"https:\\\/\\\/iwell-guard.com\\\/wp-content\\\/uploads\\\/2026\\\/05\\\/Ittermann-Logo-1182x237-1.png\",\"width\":1182,\"height\":237,\"caption\":\"Ittermann electronic GmbH\"},\"image\":{\"@id\":\"https:\\\/\\\/iwell-guard.com\\\/is\\\/#\\\/schema\\\/logo\\\/image\\\/\"},\"sameAs\":[\"https:\\\/\\\/pantip.com\\\/profile\\\/9367242\",\"https:\\\/\\\/micro.blog\\\/iwellguard\",\"https:\\\/\\\/www.diggerslist.com\\\/iwellguard\\\/about\",\"https:\\\/\\\/skitterphoto.com\\\/photographers\\\/2870314\\\/iwell-guard\",\"https:\\\/\\\/iwellguard.wordpress.com\\\/2026\\\/06\\\/06\\\/iwell-guard\\\/\",\"https:\\\/\\\/hub.docker.com\\\/u\\\/iwellguard\",\"https:\\\/\\\/www.pinterest.com\\\/iwellguard\\\/\",\"https:\\\/\\\/bit.ly\\\/m\\\/iwellguard\",\"https:\\\/\\\/entre-vos-mains.alsace.eu\\\/profiles\\\/iwellguard\\\/activity\",\"https:\\\/\\\/gravatar.com\\\/reallybeded8fd34\",\"https:\\\/\\\/naijamatta.com\\\/iwellguard\",\"https:\\\/\\\/www.goodreads.com\\\/iwellguard\",\"https:\\\/\\\/profile.hatena.ne.jp\\\/iwellguard\\\/\",\"https:\\\/\\\/experiment.com\\\/users\\\/iwellguard\",\"https:\\\/\\\/wakelet.com\\\/@iWellGuard82270\",\"https:\\\/\\\/www.chordie.com\\\/forum\\\/profile.php?id=2555664\",\"https:\\\/\\\/www.instapaper.com\\\/p\\\/17757966\",\"https:\\\/\\\/www.mapleprimes.com\\\/users\\\/iwellguard\",\"https:\\\/\\\/businesslistingplus.com\\\/profile\\\/iwell-guard\\\/\",\"https:\\\/\\\/telegra.ph\\\/iWell-Guard-06-06\",\"https:\\\/\\\/pbase.com\\\/iwellguard\\\/iwellguard\",\"https:\\\/\\\/b.hatena.ne.jp\\\/iwellguard\\\/20260607#bookmark-4788405196491818882\",\"https:\\\/\\\/fliphtml5.com\\\/home\\\/iwellguard\",\"https:\\\/\\\/anyflip.com\\\/homepage\\\/cmiwl#About\",\"https:\\\/\\\/transfur.com\\\/Users\\\/iwellguard\",\"http:\\\/\\\/delphi.larsbo.org\\\/user\\\/iwellguard\",\"https:\\\/\\\/jobs.lajobsportal.org\\\/profiles\\\/8380803-iwell-guard\",\"https:\\\/\\\/md.chaosdorf.de\\\/s\\\/jfbe5SBdJD\",\"https:\\\/\\\/www.lingvolive.com\\\/en-us\\\/profile\\\/9ecaeaca-ce11-4e51-9e71-01d55e2bff36\\\/translations\",\"https:\\\/\\\/www.fitday.com\\\/fitness\\\/forums\\\/members\\\/iwellguard.html\",\"https:\\\/\\\/www.mymeetbook.com\\\/iwellguard\",\"https:\\\/\\\/pxhere.com\\\/en\\\/photographer-me\\\/5040798\",\"https:\\\/\\\/disqus.com\\\/by\\\/iwellguard\\\/about\\\/\",\"https:\\\/\\\/pastelink.net\\\/hjwciqwq\",\"https:\\\/\\\/pubhtml5.com\\\/homepage\\\/scjhn\\\/\",\"https:\\\/\\\/www.bitchute.com\\\/channel\\\/2O2eOKzNqujT\",\"https:\\\/\\\/audiomack.com\\\/iwellguard\"]},{\"@type\":\"Article\",\"@id\":\"https:\\\/\\\/iwell-guard.com\\\/is\\\/kali\\\/#article\",\"isPartOf\":{\"@id\":\"https:\\\/\\\/iwell-guard.com\\\/is\\\/kali\\\/\"},\"author\":{\"name\":\"Ralf Ittermann\",\"@id\":\"https:\\\/\\\/iwell-guard.com\\\/is\\\/#\\\/schema\\\/person\\\/ee2a27f1cac3406c7c6fb5820cb7349f\"},\"headline\":\"Kali\",\"datePublished\":\"2026-09-05T14:02:49+00:00\",\"dateModified\":\"2026-09-05T14:18:55+00:00\",\"mainEntityOfPage\":{\"@id\":\"https:\\\/\\\/iwell-guard.com\\\/is\\\/kali\\\/\"},\"publisher\":{\"@id\":\"https:\\\/\\\/iwell-guard.com\\\/is\\\/#organization\"},\"image\":{\"@id\":\"https:\\\/\\\/iwell-guard.com\\\/is\\\/kali\\\/#primaryimage\"},\"thumbnailUrl\":\"https:\\\/\\\/iwell-guard.com\\\/wp-content\\\/uploads\\\/2026\\\/04\\\/goetter_hinduismus_kali.webp\",\"inLanguage\":\"is\",\"description\":\"Kali, gy\u00f0ja ey\u00f0ingar og t\u00edmans \u00ed hind\u00faisma. Sver\u00f0, hausk\u00fapubelti, Shakti-orka og d\u00fdrkun hennar innan shaktisma og \u00ed Bengal.\"}]}<\/script>\n<!-- \/ Yoast SEO Premium plugin. -->","yoast_head_json":{"title":"Kali \u2013 gy\u00f0ja ey\u00f0ingar og t\u00edmans \u00ed hind\u00faisma","description":"Kali, gy\u00f0ja ey\u00f0ingar og t\u00edmans \u00ed hind\u00faisma. Sver\u00f0, hausk\u00fapubelti, Shakti-orka og d\u00fdrkun hennar innan shaktisma og \u00ed Bengal.","robots":{"index":"index","follow":"follow","max-snippet":"max-snippet:-1","max-image-preview":"max-image-preview:large","max-video-preview":"max-video-preview:-1"},"canonical":"https:\/\/iwell-guard.com\/is\/kali\/","og_locale":"is_IS","og_type":"article","og_title":"Kali","og_description":"Kali, gy\u00f0ja ey\u00f0ingar og t\u00edmans \u00ed hind\u00faisma. Sver\u00f0, hausk\u00fapubelti, Shakti-orka og d\u00fdrkun hennar innan shaktisma og \u00ed Bengal.","og_url":"https:\/\/iwell-guard.com\/is\/kali\/","og_site_name":"iWell Guard","article_modified_time":"2026-09-05T14:18:55+00:00","og_image":[{"width":1024,"height":1536,"url":"https:\/\/iwell-guard.com\/wp-content\/uploads\/2026\/04\/goetter_hinduismus_kali.webp","type":"image\/webp"}],"twitter_card":"summary_large_image","schema":{"@context":"https:\/\/schema.org","@graph":[{"@type":"Article","@id":"https:\/\/iwell-guard.com\/is\/kali\/#article","isPartOf":{"@id":"https:\/\/iwell-guard.com\/is\/kali\/"},"author":{"name":"Ralf Ittermann","@id":"https:\/\/iwell-guard.com\/is\/#\/schema\/person\/ee2a27f1cac3406c7c6fb5820cb7349f"},"headline":"Kali","datePublished":"2026-09-05T14:02:49+00:00","dateModified":"2026-09-05T14:18:55+00:00","mainEntityOfPage":{"@id":"https:\/\/iwell-guard.com\/is\/kali\/"},"publisher":{"@id":"https:\/\/iwell-guard.com\/is\/#organization"},"image":{"@id":"https:\/\/iwell-guard.com\/is\/kali\/#primaryimage"},"thumbnailUrl":"https:\/\/iwell-guard.com\/wp-content\/uploads\/2026\/04\/goetter_hinduismus_kali.webp","inLanguage":"is","description":"Kali, gy\u00f0ja ey\u00f0ingar og t\u00edmans \u00ed hind\u00faisma. Sver\u00f0, hausk\u00fapubelti, Shakti-orka og d\u00fdrkun hennar innan shaktisma og \u00ed Bengal."},{"@type":"WebPage","@id":"https:\/\/iwell-guard.com\/is\/kali\/","url":"https:\/\/iwell-guard.com\/is\/kali\/","name":"Kali \u2013 gy\u00f0ja ey\u00f0ingar og t\u00edmans \u00ed hind\u00faisma","isPartOf":{"@id":"https:\/\/iwell-guard.com\/is\/#website"},"primaryImageOfPage":{"@id":"https:\/\/iwell-guard.com\/is\/kali\/#primaryimage"},"image":{"@id":"https:\/\/iwell-guard.com\/is\/kali\/#primaryimage"},"thumbnailUrl":"https:\/\/iwell-guard.com\/wp-content\/uploads\/2026\/04\/goetter_hinduismus_kali.webp","datePublished":"2026-09-05T14:02:49+00:00","dateModified":"2026-09-05T14:18:55+00:00","description":"Kali, gy\u00f0ja ey\u00f0ingar og t\u00edmans \u00ed hind\u00faisma. Sver\u00f0, hausk\u00fapubelti, Shakti-orka og d\u00fdrkun hennar innan shaktisma og \u00ed Bengal.","breadcrumb":{"@id":"https:\/\/iwell-guard.com\/is\/kali\/#breadcrumb"},"inLanguage":"is","potentialAction":[{"@type":"ReadAction","target":["https:\/\/iwell-guard.com\/is\/kali\/"]}]},{"@type":"ImageObject","inLanguage":"is","@id":"https:\/\/iwell-guard.com\/is\/kali\/#primaryimage","url":"https:\/\/iwell-guard.com\/wp-content\/uploads\/2026\/04\/goetter_hinduismus_kali.webp","contentUrl":"https:\/\/iwell-guard.com\/wp-content\/uploads\/2026\/04\/goetter_hinduismus_kali.webp","width":1024,"height":1536,"caption":"Gu\u00f0ir \u00far hind\u00faisma-hef\u00f0inni."},{"@type":"BreadcrumbList","@id":"https:\/\/iwell-guard.com\/is\/kali\/#breadcrumb","itemListElement":[{"@type":"ListItem","position":1,"name":"Start","item":"https:\/\/iwell-guard.com\/is\/?page_id=168580"},{"@type":"ListItem","position":2,"name":"Kali"}]},{"@type":"WebSite","@id":"https:\/\/iwell-guard.com\/is\/#website","url":"https:\/\/iwell-guard.com\/is\/","name":"iWell Guard","description":"Schutz vor dunklen Einfl\u00fcssen","publisher":{"@id":"https:\/\/iwell-guard.com\/is\/#organization"},"potentialAction":[{"@type":"SearchAction","target":{"@type":"EntryPoint","urlTemplate":"https:\/\/iwell-guard.com\/is\/?s={search_term_string}"},"query-input":{"@type":"PropertyValueSpecification","valueRequired":true,"valueName":"search_term_string"}}],"inLanguage":"is"},{"@type":"Organization","@id":"https:\/\/iwell-guard.com\/is\/#organization","name":"Ittermann electronic GmbH","url":"https:\/\/iwell-guard.com\/is\/","logo":{"@type":"ImageObject","inLanguage":"is","@id":"https:\/\/iwell-guard.com\/is\/#\/schema\/logo\/image\/","url":"https:\/\/iwell-guard.com\/wp-content\/uploads\/2026\/05\/Ittermann-Logo-1182x237-1.png","contentUrl":"https:\/\/iwell-guard.com\/wp-content\/uploads\/2026\/05\/Ittermann-Logo-1182x237-1.png","width":1182,"height":237,"caption":"Ittermann electronic GmbH"},"image":{"@id":"https:\/\/iwell-guard.com\/is\/#\/schema\/logo\/image\/"},"sameAs":["https:\/\/pantip.com\/profile\/9367242","https:\/\/micro.blog\/iwellguard","https:\/\/www.diggerslist.com\/iwellguard\/about","https:\/\/skitterphoto.com\/photographers\/2870314\/iwell-guard","https:\/\/iwellguard.wordpress.com\/2026\/06\/06\/iwell-guard\/","https:\/\/hub.docker.com\/u\/iwellguard","https:\/\/www.pinterest.com\/iwellguard\/","https:\/\/bit.ly\/m\/iwellguard","https:\/\/entre-vos-mains.alsace.eu\/profiles\/iwellguard\/activity","https:\/\/gravatar.com\/reallybeded8fd34","https:\/\/naijamatta.com\/iwellguard","https:\/\/www.goodreads.com\/iwellguard","https:\/\/profile.hatena.ne.jp\/iwellguard\/","https:\/\/experiment.com\/users\/iwellguard","https:\/\/wakelet.com\/@iWellGuard82270","https:\/\/www.chordie.com\/forum\/profile.php?id=2555664","https:\/\/www.instapaper.com\/p\/17757966","https:\/\/www.mapleprimes.com\/users\/iwellguard","https:\/\/businesslistingplus.com\/profile\/iwell-guard\/","https:\/\/telegra.ph\/iWell-Guard-06-06","https:\/\/pbase.com\/iwellguard\/iwellguard","https:\/\/b.hatena.ne.jp\/iwellguard\/20260607#bookmark-4788405196491818882","https:\/\/fliphtml5.com\/home\/iwellguard","https:\/\/anyflip.com\/homepage\/cmiwl#About","https:\/\/transfur.com\/Users\/iwellguard","http:\/\/delphi.larsbo.org\/user\/iwellguard","https:\/\/jobs.lajobsportal.org\/profiles\/8380803-iwell-guard","https:\/\/md.chaosdorf.de\/s\/jfbe5SBdJD","https:\/\/www.lingvolive.com\/en-us\/profile\/9ecaeaca-ce11-4e51-9e71-01d55e2bff36\/translations","https:\/\/www.fitday.com\/fitness\/forums\/members\/iwellguard.html","https:\/\/www.mymeetbook.com\/iwellguard","https:\/\/pxhere.com\/en\/photographer-me\/5040798","https:\/\/disqus.com\/by\/iwellguard\/about\/","https:\/\/pastelink.net\/hjwciqwq","https:\/\/pubhtml5.com\/homepage\/scjhn\/","https:\/\/www.bitchute.com\/channel\/2O2eOKzNqujT","https:\/\/audiomack.com\/iwellguard"]},{"@type":"Person","@id":"https:\/\/iwell-guard.com\/is\/#\/schema\/person\/ee2a27f1cac3406c7c6fb5820cb7349f","name":"Ralf Ittermann","image":{"@type":"ImageObject","inLanguage":"is","@id":"https:\/\/secure.gravatar.com\/avatar\/073c0153e350a5005b68eb752b445fea71f6b24a26da9449ad7e155e6b446c9d?s=96&d=mm&r=g","url":"https:\/\/secure.gravatar.com\/avatar\/073c0153e350a5005b68eb752b445fea71f6b24a26da9449ad7e155e6b446c9d?s=96&d=mm&r=g","contentUrl":"https:\/\/secure.gravatar.com\/avatar\/073c0153e350a5005b68eb752b445fea71f6b24a26da9449ad7e155e6b446c9d?s=96&d=mm&r=g","caption":"Ralf Ittermann"},"givenName":"Ralf","familyName":"Ittermann","jobTitle":"Gesch\u00e4ftsf\u00fchrer und redaktioneller Verantwortlicher","url":"https:\/\/iwell-guard.com\/is\/author\/claude\/","description":"Ralf Ittermann ist Gesch\u00e4ftsf\u00fchrer der Ittermann electronic GmbH und redaktioneller Verantwortlicher des iWell-Guard-Lexikons. Er verbindet langj\u00e4hrige Erfahrung in der Pr\u00e4zisionsfertigung mit medialer Praxis und religionsgeschichtlicher Quellenarbeit.","worksFor":{"@type":"Organization","name":"Ittermann electronic GmbH","url":"https:\/\/ittermann.de\/","address":{"@type":"PostalAddress","streetAddress":"K\u00f6hlergasse 16-18","postalCode":"99842","addressLocality":"Ruhla","addressCountry":"DE"}},"knowsAbout":["Religionsgeschichte","Mythologie","Mediale Praxis","Energetische Diagnostik","Schutzpraxis","Volksglauben","Westliche Esoterik"]},{"@type":"Article","@id":"https:\/\/iwell-guard.com\/is\/kali\/#article","isPartOf":{"@id":"https:\/\/iwell-guard.com\/is\/kali\/"},"author":{"name":"Ralf Ittermann","@id":"https:\/\/iwell-guard.com\/is\/#\/schema\/person\/ee2a27f1cac3406c7c6fb5820cb7349f"},"headline":"Kali","datePublished":"2026-09-05T14:02:49+00:00","dateModified":"2026-09-05T14:18:55+00:00","mainEntityOfPage":{"@id":"https:\/\/iwell-guard.com\/is\/kali\/"},"publisher":{"@id":"https:\/\/iwell-guard.com\/is\/#organization"},"image":{"@id":"https:\/\/iwell-guard.com\/is\/kali\/#primaryimage"},"thumbnailUrl":"https:\/\/iwell-guard.com\/wp-content\/uploads\/2026\/04\/goetter_hinduismus_kali.webp","inLanguage":"is","description":"Kali, gy\u00f0ja ey\u00f0ingar og t\u00edmans \u00ed hind\u00faisma. Sver\u00f0, hausk\u00fapubelti, Shakti-orka og d\u00fdrkun hennar innan shaktisma og \u00ed Bengal."}]}},"_links":{"self":[{"href":"https:\/\/iwell-guard.com\/is\/wp-json\/wp\/v2\/pages\/168767","targetHints":{"allow":["GET"]}}],"collection":[{"href":"https:\/\/iwell-guard.com\/is\/wp-json\/wp\/v2\/pages"}],"about":[{"href":"https:\/\/iwell-guard.com\/is\/wp-json\/wp\/v2\/types\/page"}],"author":[{"embeddable":true,"href":"https:\/\/iwell-guard.com\/is\/wp-json\/wp\/v2\/users\/3"}],"replies":[{"embeddable":true,"href":"https:\/\/iwell-guard.com\/is\/wp-json\/wp\/v2\/comments?post=168767"}],"version-history":[{"count":0,"href":"https:\/\/iwell-guard.com\/is\/wp-json\/wp\/v2\/pages\/168767\/revisions"}],"wp:featuredmedia":[{"embeddable":true,"href":"https:\/\/iwell-guard.com\/is\/wp-json\/wp\/v2\/media\/1728"}],"wp:attachment":[{"href":"https:\/\/iwell-guard.com\/is\/wp-json\/wp\/v2\/media?parent=168767"}],"wp:term":[{"taxonomy":"category","embeddable":true,"href":"https:\/\/iwell-guard.com\/is\/wp-json\/wp\/v2\/categories?post=168767"}],"curies":[{"name":"wp","href":"https:\/\/api.w.org\/{rel}","templated":true}]}}