{"id":168766,"date":"2026-09-05T14:02:48","date_gmt":"2026-09-05T14:02:48","guid":{"rendered":"https:\/\/iwell-guard.com\/?page_id=168766"},"modified":"2026-09-05T14:18:54","modified_gmt":"2026-09-05T14:18:54","slug":"mokosch","status":"publish","type":"page","link":"https:\/\/iwell-guard.com\/is\/mokosch\/","title":{"rendered":"Mokosch"},"content":{"rendered":"\t\t<div data-elementor-type=\"wp-page\" data-elementor-id=\"168766\" class=\"elementor elementor-168766 elementor-1995 elementor-bc-flex-widget\" data-elementor-post-type=\"page\">\n\t\t\t\t<div class=\"elementor-element elementor-element-10fdade e-flex e-con-boxed e-con e-parent\" data-id=\"10fdade\" data-element_type=\"container\" data-e-type=\"container\" data-settings=\"{&quot;background_background&quot;:&quot;classic&quot;}\">\n\t\t\t\t\t<div class=\"e-con-inner\">\n\t\t<div class=\"elementor-element elementor-element-herohlft0 e-flex e-con-boxed e-con e-child\" data-id=\"herohlft0\" data-element_type=\"container\" data-e-type=\"container\">\n\t\t\t\t\t<div class=\"e-con-inner\">\n\t\t<div class=\"elementor-element elementor-element-c3ceb64 e-con-full e-flex e-con e-child\" data-id=\"c3ceb64\" data-element_type=\"container\" data-e-type=\"container\">\n\t\t\t\t<div class=\"elementor-element elementor-element-96ae5e1 elementor-widget elementor-widget-heading\" data-id=\"96ae5e1\" data-element_type=\"widget\" data-e-type=\"widget\" data-widget_type=\"heading.default\">\n\t\t\t\t\t<h1 class=\"elementor-heading-title elementor-size-default\">Mokosch, gy\u00f0ja \u00ed slavneskri hef\u00f0<\/h1>\t\t\t\t<\/div>\n\t\t\t\t<div class=\"elementor-element elementor-element-e45238a elementor-widget elementor-widget-text-editor\" data-id=\"e45238a\" data-element_type=\"widget\" data-e-type=\"widget\" data-widget_type=\"text-editor.default\">\n\t\t\t\t\t\t\t\t\t<p>Mokosch er jar\u00f0argy\u00f0ja og verndari heimilisins \u00ed slavneskri tr\u00fa. H\u00fan r\u00e6\u00f0ur yfir raka, frj\u00f3semi jar\u00f0ar, kvenlegri handverksi\u00f0ju og \u00f6ryggi fj\u00f6lskyldunnar. Hennar er geti\u00f0 \u00ed fornleifafr\u00e6\u00f0ilegum minjum og h\u00fan hefur lifa\u00f0 \u00e1fram \u00ed <span class=\"iwg-fachbegriff\" data-tooltip=\"Hin var\u00f0veitta \u00fej\u00f3\u00f0menning me\u00f0 si\u00f0um, s\u00f6gnum og l\u00f6gum.\" tabindex=\"0\">\u00fej\u00f3\u00f0tr\u00fa<\/span> allt til n\u00fat\u00edmans. Sem austurslavnesk gy\u00f0ja tengir Mokosch saman frj\u00f3semi, vatn og verndun heimilisl\u00edfsins.<\/p>\t\t\t\t\t\t\t\t<\/div>\n\t\t\t\t<\/div>\n\t\t<div class=\"elementor-element elementor-element-klsbdg01 e-con-full e-flex e-con e-parent\" data-id=\"klsbdg01\" data-element_type=\"container\" data-e-type=\"container\">\n\t\t\t\t<div class=\"elementor-element elementor-element-klshtm01 elementor-widget elementor-widget-html\" data-id=\"klshtm01\" data-element_type=\"widget\" data-e-type=\"widget\" data-widget_type=\"html.default\">\n\t\t\t\t\t<div class=\"iwg-pill-row\"><span class=\"iwg-klasse-badge\" tabindex=\"0\" data-tooltip=\"Gu\u00f0\/Gy\u00f0ja: Pers\u00f3nuger\u00f0 \u00e6\u00f0sta m\u00e1ttarvald \u00ed go\u00f0heimi menningar, me\u00f0 sk\u00fdrum valdsvi\u00f0um, n\u00e1tt\u00faru\u00f6flum, \u00f6rl\u00f6gum, str\u00ed\u00f0i, frj\u00f3semi. D\u00fdrku\u00f0 me\u00f0 s\u00e9rtr\u00faars\u00f6fnu\u00f0um, f\u00f3rnum og hofstofnunum.\">Gy\u00f0ja<\/span><a href=\"https:\/\/iwell-guard.com\/is\/?page_id=168616\" class=\"iwg-kultur-badge\" tabindex=\"0\" data-tooltip=\"Slavnesk go\u00f0afr\u00e6\u00f0i og \u00fej\u00f3\u00f0tr\u00fa, kristnu\u00f0 fr\u00e1 10. \u00f6ld.\">Slavneskt<\/a><\/div>\t\t\t\t<\/div>\n\t\t\t\t<\/div>\n\t\t<div class=\"elementor-element elementor-element-3f74855 e-con-full e-flex e-con e-child\" data-id=\"3f74855\" data-element_type=\"container\" data-e-type=\"container\">\n\t\t\t\t<div class=\"elementor-element elementor-element-1c30362 elementor-toc--minimized-on-tablet elementor-widget elementor-widget-table-of-contents\" data-id=\"1c30362\" data-element_type=\"widget\" data-e-type=\"widget\" data-settings=\"{&quot;exclude_headings_by_selector&quot;:[],&quot;no_headings_message&quot;:&quot;Engar undirfyrirsagnir fundust \\u00e1 \\u00feessari s\\u00ed\\u00f0u.&quot;,&quot;headings_by_tags&quot;:[&quot;h2&quot;,&quot;h3&quot;],&quot;marker_view&quot;:&quot;bullets&quot;,&quot;minimize_box&quot;:&quot;yes&quot;,&quot;icon&quot;:{&quot;value&quot;:&quot;fas fa-circle&quot;,&quot;library&quot;:&quot;fa-solid&quot;,&quot;rendered_tag&quot;:&quot;&lt;svg class=\\&quot;e-font-icon-svg e-fas-circle\\&quot; viewBox=\\&quot;0 0 512 512\\&quot; xmlns=\\&quot;http:\\\/\\\/www.w3.org\\\/2000\\\/svg\\&quot;&gt;&lt;path d=\\&quot;M256 8C119 8 8 119 8 256s111 248 248 248 248-111 248-248S393 8 256 8z\\&quot;&gt;&lt;\\\/path&gt;&lt;\\\/svg&gt;&quot;},&quot;minimized_on&quot;:&quot;tablet&quot;,&quot;hierarchical_view&quot;:&quot;yes&quot;,&quot;min_height&quot;:{&quot;unit&quot;:&quot;px&quot;,&quot;size&quot;:&quot;&quot;,&quot;sizes&quot;:[]},&quot;min_height_tablet&quot;:{&quot;unit&quot;:&quot;px&quot;,&quot;size&quot;:&quot;&quot;,&quot;sizes&quot;:[]},&quot;min_height_mobile&quot;:{&quot;unit&quot;:&quot;px&quot;,&quot;size&quot;:&quot;&quot;,&quot;sizes&quot;:[]}}\" data-widget_type=\"table-of-contents.default\">\n\t\t\t\t\t\t\t\t\t<div class=\"elementor-toc__header\">\n\t\t\t\t\t\t<h2 class=\"elementor-toc__header-title\">\n\t\t\t\tEfnisyfirlit\t\t\t<\/h2>\n\t\t\t\t\t\t\t\t\t\t<div class=\"elementor-toc__toggle-button elementor-toc__toggle-button--expand\" role=\"button\" tabindex=\"0\" aria-controls=\"elementor-toc__1c30362\" aria-expanded=\"true\" aria-label=\"Open table of contents\"><svg aria-hidden=\"true\" class=\"e-font-icon-svg e-fas-chevron-down\" viewBox=\"0 0 448 512\" xmlns=\"http:\/\/www.w3.org\/2000\/svg\"><path d=\"M207.029 381.476L12.686 187.132c-9.373-9.373-9.373-24.569 0-33.941l22.667-22.667c9.357-9.357 24.522-9.375 33.901-.04L224 284.505l154.745-154.021c9.379-9.335 24.544-9.317 33.901.04l22.667 22.667c9.373 9.373 9.373 24.569 0 33.941L240.971 381.476c-9.373 9.372-24.569 9.372-33.942 0z\"><\/path><\/svg><\/div>\n\t\t\t\t<div class=\"elementor-toc__toggle-button elementor-toc__toggle-button--collapse\" role=\"button\" tabindex=\"0\" aria-controls=\"elementor-toc__1c30362\" aria-expanded=\"true\" aria-label=\"Close table of contents\"><svg aria-hidden=\"true\" class=\"e-font-icon-svg e-fas-chevron-up\" viewBox=\"0 0 448 512\" xmlns=\"http:\/\/www.w3.org\/2000\/svg\"><path d=\"M240.971 130.524l194.343 194.343c9.373 9.373 9.373 24.569 0 33.941l-22.667 22.667c-9.357 9.357-24.522 9.375-33.901.04L224 227.495 69.255 381.516c-9.379 9.335-24.544 9.317-33.901-.04l-22.667-22.667c-9.373-9.373-9.373-24.569 0-33.941L207.03 130.525c9.372-9.373 24.568-9.373 33.941-.001z\"><\/path><\/svg><\/div>\n\t\t\t\t\t<\/div>\n\t\t\t\t<div id=\"elementor-toc__1c30362\" class=\"elementor-toc__body\">\n\t\t\t<div class=\"elementor-toc__spinner-container\">\n\t\t\t\t<svg class=\"elementor-toc__spinner eicon-animation-spin e-font-icon-svg e-eicon-loading\" aria-hidden=\"true\" viewBox=\"0 0 1000 1000\" xmlns=\"http:\/\/www.w3.org\/2000\/svg\"><path d=\"M500 975V858C696 858 858 696 858 500S696 142 500 142 142 304 142 500H25C25 237 238 25 500 25S975 237 975 500 763 975 500 975Z\"><\/path><\/svg>\t\t\t<\/div>\n\t\t<\/div>\n\t\t\t\t\t\t<\/div>\n\t\t\t\t<\/div>\n\t\t\t\t\t<\/div>\n\t\t\t\t<\/div>\n\t\t<div class=\"elementor-element elementor-element-herorght0 e-con-full e-flex e-con e-child\" data-id=\"herorght0\" data-element_type=\"container\" data-e-type=\"container\">\n\t\t\t\t<div class=\"elementor-element elementor-element-heroimg00 iwg-hero-image elementor-widget elementor-widget-image\" data-id=\"heroimg00\" data-element_type=\"widget\" data-e-type=\"widget\" data-widget_type=\"image.default\">\n\t\t\t\t\t\t\t\t\t\t\t\t\t\t\t<img fetchpriority=\"high\" decoding=\"async\" width=\"683\" height=\"1024\" src=\"https:\/\/iwell-guard.com\/wp-content\/uploads\/2026\/04\/goetter_slawisch_mokosch-683x1024.webp\" class=\"attachment-large size-large wp-image-170940\" alt=\"Mokosch (Mokosch) \u2013 gu\u00f0 \u00far slavneskri hef\u00f0, s\u00f6gulega myndskreytt\" srcset=\"https:\/\/iwell-guard.com\/wp-content\/uploads\/2026\/04\/goetter_slawisch_mokosch-683x1024.webp 683w, https:\/\/iwell-guard.com\/wp-content\/uploads\/2026\/04\/goetter_slawisch_mokosch-200x300.webp 200w, https:\/\/iwell-guard.com\/wp-content\/uploads\/2026\/04\/goetter_slawisch_mokosch-768x1152.webp 768w, https:\/\/iwell-guard.com\/wp-content\/uploads\/2026\/04\/goetter_slawisch_mokosch.webp 1024w\" sizes=\"(max-width: 683px) 100vw, 683px\" \/>\t\t\t\t\t\t\t\t\t\t\t\t\t\t\t<\/div>\n\t\t\t\t<\/div>\n\t\t\t\t\t<\/div>\n\t\t\t\t<\/div>\n\t\t<div class=\"elementor-element elementor-element-32917199 e-flex e-con-boxed e-con e-parent\" data-id=\"32917199\" data-element_type=\"container\" data-e-type=\"container\">\n\t\t\t\t\t<div class=\"e-con-inner\">\n\t\t<div class=\"elementor-element elementor-element-26e916cb e-flex e-con-boxed e-con e-child\" data-id=\"26e916cb\" data-element_type=\"container\" data-e-type=\"container\">\n\t\t\t\t\t<div class=\"e-con-inner\">\n\t\t<div class=\"elementor-element elementor-element-253a40d4 e-flex e-con-boxed e-con e-child\" data-id=\"253a40d4\" data-element_type=\"container\" data-e-type=\"container\">\n\t\t\t\t\t<div class=\"e-con-inner\">\n\t\t\t\t<div class=\"elementor-element elementor-element-1200c304 elementor-widget elementor-widget-heading\" data-id=\"1200c304\" data-element_type=\"widget\" data-e-type=\"widget\" data-widget_type=\"heading.default\">\n\t\t\t\t\t<h2 class=\"elementor-heading-title elementor-size-default\">Mokosch<\/h2>\t\t\t\t<\/div>\n\t\t\t\t<div class=\"elementor-element elementor-element-11758e7f elementor-widget elementor-widget-text-editor\" data-id=\"11758e7f\" data-element_type=\"widget\" data-e-type=\"widget\" data-widget_type=\"text-editor.default\">\n\t\t\t\t\t\t\t\t\t<p>\u00cd frumheimildum (\u00e1letrunum fr\u00e1 Novgorod, Nestors-ann\u00e1lum) er Mokosch nefnd \u201egy\u00f0ja\u201c \u00e1n frekari eiginleika. H\u00fan verndar spuna, vefna\u00f0 og kvennai\u00f0na\u00f0; hi\u00f0 heilaga t\u00e1kn hennar er r\u00f6k j\u00f6r\u00f0. \u00cd m\u00f6rgum slavneskum menningarsv\u00e6\u00f0um lifir h\u00fan \u00e1fram sem \u201eMokoscha\u201c e\u00f0a \u201eMara\u201c \u00ed \u00fej\u00f3\u00f0s\u00f6gum.<\/p>\t\t\t\t\t\t\t\t<\/div>\n\t\t\t\t\t<\/div>\n\t\t\t\t<\/div>\n\t\t<div class=\"elementor-element elementor-element-159dcf9a e-flex e-con-boxed e-con e-child\" data-id=\"159dcf9a\" data-element_type=\"container\" data-e-type=\"container\">\n\t\t\t\t\t<div class=\"e-con-inner\">\n\t\t\t\t<div class=\"elementor-element elementor-element-48cee66f elementor-widget elementor-widget-heading\" data-id=\"48cee66f\" data-element_type=\"widget\" data-e-type=\"widget\" data-widget_type=\"heading.default\">\n\t\t\t\t\t<h3 class=\"elementor-heading-title elementor-size-default\">\u00cd hnotskurn: Mokosch<\/h3>\t\t\t\t<\/div>\n\t\t\t\t<div class=\"elementor-element elementor-element-3f50d82c elementor-widget elementor-widget-text-editor\" data-id=\"3f50d82c\" data-element_type=\"widget\" data-e-type=\"widget\" data-widget_type=\"text-editor.default\">\n\t\t\t\t\t\t\t\t\t<p><strong>Tegund:<\/strong> Slavnesk a\u00f0algy\u00f0ja, jar\u00f0ar-, m\u00f3\u00f0ur- og spunagy\u00f0ja<br><span class=\"iwg-fachbegriff\" data-tooltip=\"Heild gu\u00f0a innan tr\u00faarbrag\u00f0a e\u00f0a menningar.\" tabindex=\"0\">Pantheon<\/span>: Slavneskt (einkum austurslavneskt)<br>Hlutverk: j\u00f6r\u00f0, frj\u00f3semi kvenna, \u00f6rlagaspuni, verndun heimilis, vatnstengdur \u00fe\u00e1ttur<br>Helstu einkenni: rokkur, sn\u00e6lda, horn (stundum), r\u00f6k j\u00f6r\u00f0, vatnslindir<br>Helsti d\u00fdrkunarsta\u00f0ur: K\u00e6nugar\u00f0ur (pantheon Vladim\u00edrs fyrir 988, eina kvenkyns gu\u00f0d\u00f3murinn \u00e1 listanum)<br>Kristileg umbreyting: Heil\u00f6g Paraskeva Pjatnitsa (,,heil\u00f6g f\u00f6studags&#8220;-d\u00fdrlingurinn)<\/p>\t\t\t\t\t\t\t\t<\/div>\n\t\t\t\t\t<\/div>\n\t\t\t\t<\/div>\n\t\t\t\t\t<\/div>\n\t\t\t\t<\/div>\n\t\t\t\t\t<\/div>\n\t\t\t\t<\/div>\n\t\t<div class=\"elementor-element elementor-element-18613602 e-flex e-con-boxed e-con e-parent\" data-id=\"18613602\" data-element_type=\"container\" data-e-type=\"container\">\n\t\t\t\t\t<div class=\"e-con-inner\">\n\t\t\t\t<div class=\"elementor-element elementor-element-262b8a9f elementor-widget elementor-widget-heading\" data-id=\"262b8a9f\" data-element_type=\"widget\" data-e-type=\"widget\" data-widget_type=\"heading.default\">\n\t\t\t\t\t<h2 class=\"elementor-heading-title elementor-size-default\">S\u00f6guleg sta\u00f0setning<\/h2>\t\t\t\t<\/div>\n\t\t<div class=\"elementor-element elementor-element-46dcb7d e-con-full e-flex e-con e-child\" data-id=\"46dcb7d\" data-element_type=\"container\" data-e-type=\"container\">\n\t\t<div class=\"elementor-element elementor-element-61d3ab3 e-flex e-con-boxed e-con e-child\" data-id=\"61d3ab3\" data-element_type=\"container\" data-e-type=\"container\">\n\t\t\t\t\t<div class=\"e-con-inner\">\n\t\t\t\t<div class=\"elementor-element elementor-element-117c166 elementor-widget elementor-widget-heading\" data-id=\"117c166\" data-element_type=\"widget\" data-e-type=\"widget\" data-widget_type=\"heading.default\">\n\t\t\t\t\t<h3 class=\"elementor-heading-title elementor-size-default\">T\u00edmabil textanna<\/h3>\t\t\t\t<\/div>\n\t\t\t\t<div class=\"elementor-element elementor-element-73997a0 elementor-widget elementor-widget-text-editor\" data-id=\"73997a0\" data-element_type=\"widget\" data-e-type=\"widget\" data-widget_type=\"text-editor.default\">\n\t\t\t\t\t\t\t\t\t<p>Mokosch (r\u00fassneska <em>Mokosch&#8217;<\/em>, p\u00f3lska <em>Mokosza<\/em>) er mikilv\u00e6gasta kvenkyns slavneska <span class=\"iwg-fachbegriff\" data-tooltip=\"Vera sem er d\u00fdrku\u00f0 sem gu\u00f0leg innan tr\u00faarbrag\u00f0a.\" tabindex=\"0\">gu\u00f0d\u00f3murinn<\/span>. \u00cd pantheon Vladim\u00edrs (980 \u00ed K\u00e6nugar\u00f0i) er h\u00fan eina konan vi\u00f0 hli\u00f0 Peruns, Khors, Dazhbogs, Stribogs og Simargls.<\/p><p>Nafn hennar er dregi\u00f0 af <em>mokr-<\/em> (,,rakt&#8220;), h\u00fan er hin raka jar\u00f0m\u00f3\u00f0ir. Bl\u00f3maskei\u00f0: fyrir kristni. D\u00fdrkun hennar lif\u00f0i kristnit\u00f6kuna af sem <em>Paraskeva Pjatnitsa<\/em> (f\u00f6studagsd\u00fdrlingur \u00ed r\u00fassneskri \u00fej\u00f3\u00f0tr\u00fa r\u00e9tttr\u00fana\u00f0arkirkjunnar), sem er einnig verndard\u00fdrlingur spunakvenna og verndari lindanna. \u00c1 19. og 20. \u00f6ld var \u00feetta skr\u00e1\u00f0 \u00ed \u00fej\u00f3\u00f0h\u00e1ttafr\u00e6\u00f0i; \u00ed n\u00fat\u00edma rodnover\u00eda-hef\u00f0 er h\u00fan d\u00fdrku\u00f0 \u00e1 n\u00fd.<\/p>\t\t\t\t\t\t\t\t<\/div>\n\t\t\t\t\t<\/div>\n\t\t\t\t<\/div>\n\t\t<div class=\"elementor-element elementor-element-d47b156 e-flex e-con-boxed e-con e-child\" data-id=\"d47b156\" data-element_type=\"container\" data-e-type=\"container\">\n\t\t\t\t\t<div class=\"e-con-inner\">\n\t\t\t\t<div class=\"elementor-element elementor-element-ff38c2b elementor-widget elementor-widget-heading\" data-id=\"ff38c2b\" data-element_type=\"widget\" data-e-type=\"widget\" data-widget_type=\"heading.default\">\n\t\t\t\t\t<h3 class=\"elementor-heading-title elementor-size-default\">\u00datbrei\u00f0slusv\u00e6\u00f0i<\/h3>\t\t\t\t<\/div>\n\t\t\t\t<div class=\"elementor-element elementor-element-4e49fcc elementor-widget elementor-widget-text-editor\" data-id=\"4e49fcc\" data-element_type=\"widget\" data-e-type=\"widget\" data-widget_type=\"text-editor.default\">\n\t\t\t\t\t\t\t\t\t<p>Helsti d\u00fdrkunarsta\u00f0ur: <strong>K\u00e6nugar\u00f0ur<\/strong> (pantheon Vladim\u00edrs, 980\u2013988). Auk \u00feess \u00fe\u00fasundir sta\u00f0bundinna helgista\u00f0a vi\u00f0 lindir, brunna og gamla eikarlundi. \u00cd r\u00fassneskri \u00fej\u00f3\u00f0tr\u00fa r\u00e9tttr\u00fana\u00f0arkirkjunnar er h\u00fan enn til sta\u00f0ar undir nafninu <em>Paraskeva Pjatnitsa<\/em>, me\u00f0 s\u00ednum degi (f\u00f6studegi) og lindarhelgist\u00f6\u00f0um fram \u00e1 \u00feennan dag. \u00cd n\u00fat\u00edma rodnover\u00eda-hef\u00f0 (r\u00fassneskri, p\u00f3lskri, \u00fakra\u00ednskri slavneskri hei\u00f0inni hreyfingu) er h\u00fan aftur d\u00fdrku\u00f0 sem mi\u00f0l\u00e6g vera, einkum \u00ed v\u00edgslurit\u00faalum kvenna.<\/p>\t\t\t\t\t\t\t\t<\/div>\n\t\t\t\t\t<\/div>\n\t\t\t\t<\/div>\n\t\t\t\t<\/div>\n\t\t<div class=\"elementor-element elementor-element-db03c39 e-con-full e-flex e-con e-child\" data-id=\"db03c39\" data-element_type=\"container\" data-e-type=\"container\">\n\t\t<div class=\"elementor-element elementor-element-229a87b e-flex e-con-boxed e-con e-child\" data-id=\"229a87b\" data-element_type=\"container\" data-e-type=\"container\">\n\t\t\t\t\t<div class=\"e-con-inner\">\n\t\t\t\t<div class=\"elementor-element elementor-element-1f471fc elementor-widget elementor-widget-heading\" data-id=\"1f471fc\" data-element_type=\"widget\" data-e-type=\"widget\" data-widget_type=\"heading.default\">\n\t\t\t\t\t<h3 class=\"elementor-heading-title elementor-size-default\">Heimildasta\u00f0a<\/h3>\t\t\t\t<\/div>\n\t\t\t\t<div class=\"elementor-element elementor-element-36b1201 elementor-widget elementor-widget-text-editor\" data-id=\"36b1201\" data-element_type=\"widget\" data-e-type=\"widget\" data-widget_type=\"text-editor.default\">\n\t\t\t\t\t\t\t\t\t<p>Helstu heimildir: <em>Nestors-ann\u00e1ll<\/em> (listi yfir pantheon Vladim\u00edrs), r\u00fassnesk \u00fej\u00f3\u00f0l\u00f6g og \u00fej\u00f3\u00f0h\u00e1ttafr\u00e6\u00f0ileg s\u00f6fn fr\u00e1 19. \u00f6ld (einkum Afanasev), \u00fej\u00f3\u00f0si\u00f0ir tengdir Paraskevu Pjatnitsu. \u00cdtarefni: V\u00e1\u0148a, <em>Go\u00f0afr\u00e6\u00f0i slavnesku \u00fej\u00f3\u00f0anna<\/em>; Ivanov\/Toporov; Hubbs, <em>Mother Russia. The Feminine Myth in Russian Culture<\/em>; Pittner, <em>Slavnesk go\u00f0afr\u00e6\u00f0i<\/em>; Rybakov, <em>Pagan Worldview of the Ancient Slavs<\/em>.<\/p>\t\t\t\t\t\t\t\t<\/div>\n\t\t\t\t\t<\/div>\n\t\t\t\t<\/div>\n\t\t\t\t<\/div>\n\t\t\t\t\t<\/div>\n\t\t\t\t<\/div>\n\t\t<div class=\"elementor-element elementor-element-3ae0637c e-flex e-con-boxed e-con e-parent\" data-id=\"3ae0637c\" data-element_type=\"container\" data-e-type=\"container\">\n\t\t\t\t\t<div class=\"e-con-inner\">\n\t\t\t\t<div class=\"elementor-element elementor-element-31d07739 elementor-widget elementor-widget-heading\" data-id=\"31d07739\" data-element_type=\"widget\" data-e-type=\"widget\" data-widget_type=\"heading.default\">\n\t\t\t\t\t<h2 class=\"elementor-heading-title elementor-size-default\">Nafn og heiti<\/h2>\t\t\t\t<\/div>\n\t\t<div class=\"elementor-element elementor-element-b7642947 e-con-full e-flex e-con e-child\" data-id=\"b7642947\" data-element_type=\"container\" data-e-type=\"container\">\n\t\t\t\t<div class=\"elementor-element elementor-element-a086266 elementor-widget elementor-widget-text-editor\" data-id=\"a086266\" data-element_type=\"widget\" data-e-type=\"widget\" data-widget_type=\"text-editor.default\">\n\t\t\t\t\t\t\t\t\t<p>Mokosch er s\u00fdnd sem fyllt, frj\u00f3s\u00f6m kona, brei\u00f0vaxin, me\u00f0 er\u00f3t\u00edska og l\u00edfgefandi \u00e1herslu \u00e1 kvi\u00f0 og brj\u00f3st, <span class=\"iwg-fachbegriff\" data-tooltip=\"\u00c1\u00fereifanleg mynd sem t\u00e1knar hugmyndafr\u00e6\u00f0ilegt hugtak.\" tabindex=\"0\">t\u00e1kn<\/span> fyrir n\u00e6ringu og l\u00edf. Langt lj\u00f3st e\u00f0a rau\u00f0leitt h\u00e1r, oft \u00ed fl\u00e9ttum. Hendur hennar eru i\u00f0nar og hags\u00fdnar, oft s\u00fdndar \u00ed hreyfingum spuna e\u00f0a vefna\u00f0ar.<\/p><p>Hin helgu t\u00e1kn eru h\u00f6rinn, vatni\u00f0 (s\u00e9rstaklega uppsprettur og brunnar), fullt e\u00f0a vaxandi tungl og sn\u00e6ldan. \u00c1 leirf\u00edg\u00farum \u00far fornleifafundum koma fram ge\u00f3metr\u00edsk mynstur, samhringlaga hringir og greinar, full af myndl\u00edkingum um v\u00f6xt, tengsl og spuna l\u00edfsins.<\/p>\t\t\t\t\t\t\t\t<\/div>\n\t\t\t\t<\/div>\n\t\t\t\t\t<\/div>\n\t\t\t\t<\/div>\n\t\t<div class=\"elementor-element elementor-element-709a44a8 e-flex e-con-boxed e-con e-parent\" data-id=\"709a44a8\" data-element_type=\"container\" data-e-type=\"container\">\n\t\t\t\t\t<div class=\"e-con-inner\">\n\t\t\t\t<div class=\"elementor-element elementor-element-2f585873 elementor-widget elementor-widget-heading\" data-id=\"2f585873\" data-element_type=\"widget\" data-e-type=\"widget\" data-widget_type=\"heading.default\">\n\t\t\t\t\t<h2 class=\"elementor-heading-title elementor-size-default\">Einkenni<\/h2>\t\t\t\t<\/div>\n\t\t<div class=\"elementor-element elementor-element-70621c12 e-con-full e-flex e-con e-child\" data-id=\"70621c12\" data-element_type=\"container\" data-e-type=\"container\">\n\t\t\t\t<div class=\"elementor-element elementor-element-4296eb49 elementor-widget elementor-widget-text-editor\" data-id=\"4296eb49\" data-element_type=\"widget\" data-e-type=\"widget\" data-widget_type=\"text-editor.default\">\n\t\t\t\t\t\t\t\t\t<p>Mokosch r\u00e9\u00f0 yfir \u00f6llum verkum kvenna: spuna, vefna\u00f0i, saumaskap, \u00feeim handverkslistum sem h\u00e9ldu l\u00edfinu gangandi og fegru\u00f0u \u00fea\u00f0.<\/p><p>N\u00f3ttin 1. n\u00f3vember (svipu\u00f0 Samhain \u00ed \u00f6\u00f0rum menningarheimum) var henni <span class=\"iwg-fachbegriff\" data-tooltip=\"\u00dea\u00f0 sem tilheyrir hinu gu\u00f0lega og er \u00fear me\u00f0 undanskili\u00f0 hversdagslegri notkun.\" tabindex=\"0\">heil\u00f6g<\/span> og var h\u00e1t\u00ed\u00f0 hennar. \u00deessa n\u00f3tt m\u00e1tti ekki spinna, \u00fev\u00ed Mokosch sj\u00e1lf vef\u00f0i \u00fer\u00e6\u00f0i komandi \u00e1ra. <span class=\"iwg-fachbegriff\" data-tooltip=\"Gj\u00f6f til gu\u00f0legrar veru til a\u00f0 tj\u00e1 \u00feakkl\u00e6ti, b\u00f3n e\u00f0a d\u00fdrkun.\" tabindex=\"0\">F\u00f3rnir<\/span> til hennar voru sm\u00e1ar og l\u00edtill\u00e1tar: h\u00f6rknippi, ostur, mj\u00f3lk, brau\u00f0.<\/p><p>R\u00edkuleg uppskera og fars\u00e6lar f\u00e6\u00f0ingar voru eigna\u00f0ar henni og henni \u00fe\u00f6kku\u00f0. <span class=\"iwg-fachbegriff\" data-tooltip=\"\u00d6ll tr\u00faarleg d\u00fdrkunarath\u00f6fn fyrir gu\u00f0 e\u00f0a heilaga veru.\" tabindex=\"0\">D\u00fdrkunin<\/span> \u00e1 henni var fyrst og fremst kvenkyns, konur stj\u00f3rnu\u00f0u ath\u00f6fnunum og karlar h\u00e9ldu sig me\u00f0vita\u00f0 fjarri.<\/p><p>Eftir kristnit\u00f6ku breyttist Mokosch \u00ed heilaga Paraskevu (\u00ed sumum hef\u00f0um) e\u00f0a var sams\u00f6mu\u00f0 f\u00e6\u00f0ingu Mar\u00edu, en undir kristnu yfirbor\u00f0inu lif\u00f0i h\u00fan \u00e1fram: eldri konur b\u00e6nir til hennar \u00feegar naflastrengurinn var skorinn, og hv\u00edslu\u00f0u nafni hennar yfir h\u00f6r.<\/p>\t\t\t\t\t\t\t\t<\/div>\n\t\t\t\t<\/div>\n\t\t\t\t\t<\/div>\n\t\t\t\t<\/div>\n\t\t<div class=\"elementor-element elementor-element-44e71476 e-flex e-con-boxed e-con e-parent\" data-id=\"44e71476\" data-element_type=\"container\" data-e-type=\"container\">\n\t\t\t\t\t<div class=\"e-con-inner\">\n\t\t\t\t<div class=\"elementor-element elementor-element-3c1fc3f0 elementor-widget elementor-widget-heading\" data-id=\"3c1fc3f0\" data-element_type=\"widget\" data-e-type=\"widget\" data-widget_type=\"heading.default\">\n\t\t\t\t\t<h2 class=\"elementor-heading-title elementor-size-default\">Skyndikynni: Mokosch<\/h2>\t\t\t\t<\/div>\n\t\t<div class=\"elementor-element elementor-element-84f33b8e e-con-full e-flex e-con e-child\" data-id=\"84f33b8e\" data-element_type=\"container\" data-e-type=\"container\">\n\t\t\t\t<div class=\"elementor-element elementor-element-hqkdc67p elementor-widget elementor-widget-text-editor\" data-id=\"hqkdc67p\" data-element_type=\"widget\" data-e-type=\"widget\" data-widget_type=\"text-editor.default\">\n\t\t\t\t\t\t\t\t\t<p>Helstu einkenni Mokosch \u00ed hnotskurn. Eftirfarandi reitir taka saman uppruna, hlutverk, \u00fatlit, d\u00fdrkun, t\u00e1kn og menningarlegar hli\u00f0st\u00e6\u00f0ur.<\/p>\t\t\t\t\t\t\t\t<\/div>\n\t\t\t\t<\/div>\n\t\t<div class=\"elementor-element elementor-element-pemmx7c5 e-con-full e-flex e-con e-child\" data-id=\"pemmx7c5\" data-element_type=\"container\" data-e-type=\"container\">\n\t\t<div class=\"elementor-element elementor-element-pemmx7c1 e-con-full e-flex e-con e-child\" data-id=\"pemmx7c1\" data-element_type=\"container\" data-e-type=\"container\">\n\t\t<div class=\"elementor-element elementor-element-qh9oavvu iwg-steckbrief-card e-flex e-con-boxed e-con e-child\" data-id=\"qh9oavvu\" data-element_type=\"container\" data-e-type=\"container\">\n\t\t\t\t\t<div class=\"e-con-inner\">\n\t\t\t\t<div class=\"elementor-element elementor-element-awzx8k2k elementor-widget elementor-widget-heading\" data-id=\"awzx8k2k\" data-element_type=\"widget\" data-e-type=\"widget\" data-widget_type=\"heading.default\">\n\t\t\t\t\t<h3 class=\"elementor-heading-title elementor-size-default\">Uppruni Mokosch<\/h3>\t\t\t\t<\/div>\n\t\t\t\t<div class=\"elementor-element elementor-element-x6rowhv0 elementor-widget elementor-widget-text-editor\" data-id=\"x6rowhv0\" data-element_type=\"widget\" data-e-type=\"widget\" data-widget_type=\"text-editor.default\">\n\t\t\t\t\t\t\t\t\t<p>Mokosch er hin vota jar\u00f0arm\u00f3\u00f0ir (<em>Mat\u2019 Syra Zemlja<\/em>, \u201em\u00f3\u00f0ir vota j\u00f6r\u00f0\u201c \u00ed r\u00fassneskum \u00fej\u00f3\u00f0tr\u00faarformum, oft notu\u00f0 samheitalega). Erf\u00f0afr\u00e6\u00f0ileg sta\u00f0a hennar \u00ed slavneska <span class=\"iwg-fachbegriff\" data-tooltip=\"Heiti yfir alla gu\u00f0i tr\u00faarbrag\u00f0a e\u00f0a menningarheims.\" tabindex=\"0\">go\u00f0aveldinu (pantheon)<\/span> er ekki einhl\u00edt; \u00ed sumum kenningum er h\u00fan eiginkona Peruns (samst\u00e6\u00f0 paraing \u00ferumu og jar\u00f0ar), \u00ed \u00f6\u00f0rum eiginkona Veles (<span class=\"iwg-fachbegriff\" tabindex=\"0\" data-tooltip=\"Tilheyrandi j\u00f6r\u00f0inni e\u00f0a undirheimum; \u00ed fornri tr\u00fa go\u00f0 og andar dj\u00fapsins (Hades, Erin\u00fdur, Demeter chthonia).\">chth\u00f3n\u00edskt<\/span>-vott par). M\u00f3\u00f0ir nokkurra halfgu\u00f0ina (Dolja og Nedolja, \u201e\u00f6rl\u00f6g\u201c og \u201e\u00f3\u00f6rl\u00f6g\u201c).<\/p>\t\t\t\t\t\t\t\t<\/div>\n\t\t\t\t\t<\/div>\n\t\t\t\t<\/div>\n\t\t<div class=\"elementor-element elementor-element-8e3o4kxs iwg-steckbrief-card e-flex e-con-boxed e-con e-child\" data-id=\"8e3o4kxs\" data-element_type=\"container\" data-e-type=\"container\">\n\t\t\t\t\t<div class=\"e-con-inner\">\n\t\t\t\t<div class=\"elementor-element elementor-element-08rkdgov elementor-widget elementor-widget-heading\" data-id=\"08rkdgov\" data-element_type=\"widget\" data-e-type=\"widget\" data-widget_type=\"heading.default\">\n\t\t\t\t\t<h3 class=\"elementor-heading-title elementor-size-default\">Til hverra Mokosch sn\u00fdr s\u00e9r<\/h3>\t\t\t\t<\/div>\n\t\t\t\t<div class=\"elementor-element elementor-element-uwjelx8s elementor-widget elementor-widget-text-editor\" data-id=\"uwjelx8s\" data-element_type=\"widget\" data-e-type=\"widget\" data-widget_type=\"text-editor.default\">\n\t\t\t\t\t\t\t\t\t<p>Jar\u00f0arm\u00f3\u00f0ir og verndari kvenkyns frj\u00f3semi. <em>\u00d6rlagaspinnari<\/em>, h\u00fan spinnur \u00fer\u00e1\u00f0 hvers manns l\u00edfs (svipa\u00f0 Mo\u00edrunum e\u00f0a Norninum). Verndari spunakvenna, vefkvenna, \u00fatsaumskvenna (mi\u00f0l\u00e6gt hlutverk \u00ed hef\u00f0bundnu slavnesku heimilishandverki kvenna). Verndari lindar og brunna. \u00cd pers\u00f3nulegri \u00fej\u00f3\u00f0ard\u00fdrkun <span class=\"iwg-fachbegriff\" data-tooltip=\"A\u00f0 \u00e1kalla e\u00f0a \u00e1heita gu\u00f0 e\u00f0a m\u00e1tt me\u00f0 b\u00e6n.\" tabindex=\"0\">\u00e1kalla\u00f0<\/span> \u00ed f\u00e6\u00f0ingarhr\u00ed\u00f0um, fyrir hj\u00f3naband, \u00e1 kvenlegum krossg\u00f6tum l\u00edfsins. \u00cd n\u00fat\u00edma rodnowierie er h\u00fan h\u00f6fu\u00f0gy\u00f0ja kvennabl\u00f3ta.<\/p>\t\t\t\t\t\t\t\t<\/div>\n\t\t\t\t\t<\/div>\n\t\t\t\t<\/div>\n\t\t<div class=\"elementor-element elementor-element-jm2n74ec iwg-steckbrief-card e-flex e-con-boxed e-con e-child\" data-id=\"jm2n74ec\" data-element_type=\"container\" data-e-type=\"container\">\n\t\t\t\t\t<div class=\"e-con-inner\">\n\t\t\t\t<div class=\"elementor-element elementor-element-8vufse4c elementor-widget elementor-widget-heading\" data-id=\"8vufse4c\" data-element_type=\"widget\" data-e-type=\"widget\" data-widget_type=\"heading.default\">\n\t\t\t\t\t<h3 class=\"elementor-heading-title elementor-size-default\">Framsetning<\/h3>\t\t\t\t<\/div>\n\t\t\t\t<div class=\"elementor-element elementor-element-mwb9u015 elementor-widget elementor-widget-text-editor\" data-id=\"mwb9u015\" data-element_type=\"widget\" data-e-type=\"widget\" data-widget_type=\"text-editor.default\">\n\t\t\t\t\t\t\t\t\t<p>Einkennandi er h\u00fan s\u00fdnd sem vir\u00f0uleg m\u00f3\u00f0urleg kvengestalt me\u00f0 langt d\u00f6kkt h\u00e1r, \u00ed slavneskum hir\u00f0kl\u00e6\u00f0um me\u00f0 r\u00edkulegum \u00fatsaumi (h\u00fan er verndari \u00fatsaumslistar). Oft me\u00f0 <em>spunarokk<\/em> e\u00f0a <em>halarokk<\/em> \u00ed hendi.<\/p><p>\u00cd mj\u00f6g fornum myndum me\u00f0 <em>horn<\/em> (talin naumhorn, <span class=\"iwg-fachbegriff\" data-tooltip=\"T\u00e1kn sem stendur fyrir hugmynd e\u00f0a merkingu.\" tabindex=\"0\">t\u00e1kn<\/span> jar\u00f0frj\u00f3semi, tengt ind\u00f3evr\u00f3pskri m\u00f3\u00f0urgy\u00f0juhef\u00f0). H\u00fa\u00f0litur br\u00fann (jar\u00f0ar<span class=\"iwg-fachbegriff\" data-tooltip=\"T\u00e1kn sem stendur fyrir hugmynd e\u00f0a merkingu.\" tabindex=\"0\">t\u00e1kn<\/span>). \u00cd n\u00fat\u00edma rodnowierie-myndlist venjulega s\u00fdnd sem vir\u00f0uleg drottning jar\u00f0ar me\u00f0 kornbindi og halarokk.<\/p>\t\t\t\t\t\t\t\t<\/div>\n\t\t\t\t\t<\/div>\n\t\t\t\t<\/div>\n\t\t\t\t<\/div>\n\t\t<div class=\"elementor-element elementor-element-pemmx7c2 e-con-full e-flex e-con e-child\" data-id=\"pemmx7c2\" data-element_type=\"container\" data-e-type=\"container\">\n\t\t<div class=\"elementor-element elementor-element-37ss2yr6 iwg-steckbrief-card e-flex e-con-boxed e-con e-child\" data-id=\"37ss2yr6\" data-element_type=\"container\" data-e-type=\"container\">\n\t\t\t\t\t<div class=\"e-con-inner\">\n\t\t\t\t<div class=\"elementor-element elementor-element-3v0wp3wx elementor-widget elementor-widget-heading\" data-id=\"3v0wp3wx\" data-element_type=\"widget\" data-e-type=\"widget\" data-widget_type=\"heading.default\">\n\t\t\t\t\t<h3 class=\"elementor-heading-title elementor-size-default\">Hlutverk<\/h3>\t\t\t\t<\/div>\n\t\t\t\t<div class=\"elementor-element elementor-element-w3247g2m elementor-widget elementor-widget-text-editor\" data-id=\"w3247g2m\" data-element_type=\"widget\" data-e-type=\"widget\" data-widget_type=\"text-editor.default\">\n\t\t\t\t\t\t\t\t\t<p><strong>Verksvi\u00f0:<\/strong> Mokosch var \u00e1k\u00f6llu\u00f0 daglega \u00ed forn-slavneskri heimilisd\u00fdrkun, hver spunakonan ba\u00f0 til hennar \u00e1\u00f0ur en vinna h\u00f3fst. <em>F\u00f6studagur<\/em> var heilagur dagur hennar (\u00e1 m\u00f6rgum slavneskum sv\u00e6\u00f0um var banna\u00f0 a\u00f0 spinna \u00e1 f\u00f6studegi, \u00fev\u00ed \u00fea\u00f0 myndi truflla \u00fer\u00e1\u00f0 Mokosch).<\/p><p>\u00dej\u00f3\u00f0si\u00f0ir um Paraskevu Pj\u00e1tnitsu (kristin umt\u00falkun) voru skjalfestir allt fram \u00e1 20. \u00f6ld: p\u00edlagr\u00edmsfer\u00f0ir til linda, \u00fatsaums<span class=\"iwg-fachbegriff\" data-tooltip=\"A\u00f0 v\u00edgja hlut, sta\u00f0 e\u00f0a manneskju me\u00f0 tr\u00faarlegri ath\u00f6fn.\" tabindex=\"0\">v\u00edgslur<\/span>, f\u00e6\u00f0ingar\u00e1kall. \u00cd n\u00fat\u00edma rodnowierie-hef\u00f0 eru kvenna-inng\u00f6nguathafnir og heimilisv\u00edgslur.<\/p>\t\t\t\t\t\t\t\t<\/div>\n\t\t\t\t\t<\/div>\n\t\t\t\t<\/div>\n\t\t<div class=\"elementor-element elementor-element-0qpjal9w iwg-steckbrief-card e-flex e-con-boxed e-con e-child\" data-id=\"0qpjal9w\" data-element_type=\"container\" data-e-type=\"container\">\n\t\t\t\t\t<div class=\"e-con-inner\">\n\t\t\t\t<div class=\"elementor-element elementor-element-6ndoih0o elementor-widget elementor-widget-heading\" data-id=\"6ndoih0o\" data-element_type=\"widget\" data-e-type=\"widget\" data-widget_type=\"heading.default\">\n\t\t\t\t\t<h3 class=\"elementor-heading-title elementor-size-default\">Varnarform<\/h3>\t\t\t\t<\/div>\n\t\t\t\t<div class=\"elementor-element elementor-element-6684tyh9 elementor-widget elementor-widget-text-editor\" data-id=\"6684tyh9\" data-element_type=\"widget\" data-e-type=\"widget\" data-widget_type=\"text-editor.default\">\n\t\t\t\t\t\t\t\t\t<p>Spunarokkur, halarokkur, \u00fer\u00e1\u00f0ur, horn (\u00ed fornum myndum), r\u00edkulega \u00fatsaumu\u00f0 hir\u00f0kl\u00e6\u00f0i, vot j\u00f6r\u00f0, lind, brunnur. Heilagar pl\u00f6ntur: h\u00f6r (efni\u00f0 sem h\u00fan spinnur \u00far), hampur, bygg. Heil\u00f6g d\u00fdr: sau\u00f0kind (ull), spuni (k\u00f3ngul\u00f3). Heilagur dagur: f\u00f6studagur.<\/p>\t\t\t\t\t\t\t\t<\/div>\n\t\t\t\t\t<\/div>\n\t\t\t\t<\/div>\n\t\t<div class=\"elementor-element elementor-element-3lfi7x32 iwg-steckbrief-card e-flex e-con-boxed e-con e-child\" data-id=\"3lfi7x32\" data-element_type=\"container\" data-e-type=\"container\">\n\t\t\t\t\t<div class=\"e-con-inner\">\n\t\t\t\t<div class=\"elementor-element elementor-element-0kg99ga1 elementor-widget elementor-widget-heading\" data-id=\"0kg99ga1\" data-element_type=\"widget\" data-e-type=\"widget\" data-widget_type=\"heading.default\">\n\t\t\t\t\t<h3 class=\"elementor-heading-title elementor-size-default\">Tengdar verur<\/h3>\t\t\t\t<\/div>\n\t\t\t\t<div class=\"elementor-element elementor-element-n0fum6kp elementor-widget elementor-widget-text-editor\" data-id=\"n0fum6kp\" data-element_type=\"widget\" data-e-type=\"widget\" data-widget_type=\"text-editor.default\">\n\t\t\t\t\t\t\t\t\t<p><em>Paraskeva Pj\u00e1tnitsa<\/em> (r\u00fassnesk-or\u00fe\u00f3dox, kristin umt\u00falkun), <em>Mat\u2019 Syra Zemlja<\/em> (r\u00fassneska, \u201em\u00f3\u00f0ir vota j\u00f6r\u00f0\u201c-hugtak, oft samsama\u00f0 Mokosch), <em>Demeter<\/em> (Grikkland, jar\u00f0arm\u00f3\u00f0ir), <em>Ceres<\/em> (R\u00f3m), <em>Gaia<\/em> (Grikkland, frumj\u00f6r\u00f0), <em>P\u0155thiv\u00ee<\/em> (hind\u00faisminn, jar\u00f0arm\u00f3\u00f0ir), <em>Frigg<\/em> (germ\u00f6nsk, spunahli\u00f0), <em>Inari<\/em> (Japan, hr\u00edsgrj\u00f3nagy\u00f0ja, a\u00f0 hluta samsv\u00f6run), <em>Pachamama<\/em> (Inka). \u00cd hlutverki: allar jar\u00f0ar- og spunagy\u00f0jur deila eiginleikum me\u00f0 Mokosch.<\/p>\t\t\t\t\t\t\t\t<\/div>\n\t\t\t\t\t<\/div>\n\t\t\t\t<\/div>\n\t\t\t\t<\/div>\n\t\t\t\t<\/div>\n\t\t\t\t\t<\/div>\n\t\t\t\t<\/div>\n\t\t<div class=\"elementor-element elementor-element-5a584676 e-flex e-con-boxed e-con e-parent\" data-id=\"5a584676\" data-element_type=\"container\" data-e-type=\"container\">\n\t\t\t\t\t<div class=\"e-con-inner\">\n\t\t\t\t<div class=\"elementor-element elementor-element-6d0757bf elementor-widget elementor-widget-heading\" data-id=\"6d0757bf\" data-element_type=\"widget\" data-e-type=\"widget\" data-widget_type=\"heading.default\">\n\t\t\t\t\t<h2 class=\"elementor-heading-title elementor-size-default\">Mokosch, hli\u00f0st\u00e6\u00f0ur \u00ed \u00f6\u00f0rum menningarheimum<\/h2>\t\t\t\t<\/div>\n\t\t<div class=\"elementor-element elementor-element-60563f68 e-con-full e-flex e-con e-child\" data-id=\"60563f68\" data-element_type=\"container\" data-e-type=\"container\">\n\t\t\t\t<div class=\"elementor-element elementor-element-5a93fdd6 elementor-widget elementor-widget-text-editor\" data-id=\"5a93fdd6\" data-element_type=\"widget\" data-e-type=\"widget\" data-widget_type=\"text-editor.default\">\n\t\t\t\t\t\t\t\t\t<p>Mokosch samsvarar gr\u00edsku Demeter (kornsgy\u00f0ju) og Gaiu (jar\u00f0gy\u00f0ju), germ\u00f6nsku Nertus og r\u00f3mversku Tellus. Kvenkyns jar\u00f0arm\u00f3\u00f0irin er alheimslegt frummynstur; s\u00e9rsta\u00f0a Mokosch felst \u00ed beinni tengingu hennar vi\u00f0 handverk, h\u00fan er ekki \u00f3hlutbundin m\u00f3\u00f0urleg heldur beinl\u00ednis athafnas\u00f6m.<\/p>\n<p><strong>\u00cd hef\u00f0 Gy\u00f0inga:<\/strong> Lilith og Shekhinah deila me\u00f0 Mokosch \u00fe\u00e1ttum kvenleika, heimilis og jar\u00f0tengingar, en Shekhinah svarar frekar til hinnar handanverandi v\u00edddar.<\/p><p><strong>Gr\u00edsk-r\u00f3mverskur heimur:<\/strong> Demeter og Hera birta j\u00f6r\u00f0 og heimili; Demeter me\u00f0 akuryrkju og frj\u00f3semi, Hera me\u00f0 fj\u00f6lskyldulegu valdi, b\u00e6\u00f0i sameinu\u00f0 \u00ed Mokosch.<\/p><p><strong>Germ\u00f6nsk hef\u00f0:<\/strong> Fr\u00fa Holle og Frigg r\u00e1\u00f0a yfir heimili, spunalist og jar\u00f0arblessun, hlutverkum sem Mokosch deilir. Al\u00fe\u00fd\u00f0uor\u00f0sifjafr\u00e6\u00f0ilegar samfellur benda til ind\u00f3evr\u00f3pskrar jar\u00f0gy\u00f0ju.<\/p><p><strong>Hind\u00faismi:<\/strong> Prithvi, jar\u00f0gy\u00f0jan, og Lakshmi, gy\u00f0ja velmegunar, sameina hlutverk svipu\u00f0 Mokosch, j\u00f6r\u00f0, frj\u00f3semi, <span class=\"iwg-fachbegriff\" data-tooltip=\"\u00c1heit um heill og skj\u00f3l, oft \u00ed f\u00f6stu m\u00e1lformi.\" tabindex=\"0\">blessun<\/span> fyrir heimili og handverk.<\/p>\t\t\t\t\t\t\t\t<\/div>\n\t\t\t\t<\/div>\n\t\t\t\t\t<\/div>\n\t\t\t\t<\/div>\n\t\t<div class=\"elementor-element elementor-element-cp3e8eda2 e-flex e-con-boxed e-con e-parent\" data-id=\"cp3e8eda2\" data-element_type=\"container\" data-e-type=\"container\">\n\t\t\t\t\t<div class=\"e-con-inner\">\n\t\t\t\t<div class=\"elementor-element elementor-element-cp0d92f39 elementor-widget elementor-widget-heading\" data-id=\"cp0d92f39\" data-element_type=\"widget\" data-e-type=\"widget\" data-widget_type=\"heading.default\">\n\t\t\t\t\t<h2 class=\"elementor-heading-title elementor-size-default\">Mokosch \u00ed ann\u00e1lum og \u00ed go\u00f0amyndinni \u00ed K\u00e6nugar\u00f0i<\/h2>\t\t\t\t<\/div>\n\t\t<div class=\"elementor-element elementor-element-cpd4b9a47 e-con-full e-flex e-con e-child\" data-id=\"cpd4b9a47\" data-element_type=\"container\" data-e-type=\"container\">\n\t\t\t\t<div class=\"elementor-element elementor-element-cp2e147d5 elementor-widget elementor-widget-text-editor\" data-id=\"cp2e147d5\" data-element_type=\"widget\" data-e-type=\"widget\" data-widget_type=\"text-editor.default\">\n\t\t\t\t\t\t\t\t\t<p>Mokosch er eina kvenkyns <span class=\"iwg-fachbegriff\" data-tooltip=\"Vera sem er d\u00fdrku\u00f0 sem gu\u00f0leg innan tr\u00faarbrag\u00f0a.\" tabindex=\"0\">gu\u00f0d\u00f3minn<\/span> sem nefnd er \u00e1 nafn \u00ed mikilv\u00e6gustu ritheimildinni um forkristna tr\u00fa austurslavneskra \u00fej\u00f3\u00f0a.<\/p><p><em>Nestorsann\u00e1ll<\/em>, einnig kalla\u00f0ur <em>Fr\u00e1s\u00f6gn af li\u00f0num \u00e1rum<\/em>, greinir fr\u00e1 \u00fev\u00ed a\u00f0 Vladim\u00edr fursti \u00ed K\u00e6nugar\u00f0i (Kiev) hafi \u00e1ri\u00f0 980, stuttu \u00e1\u00f0ur en hann t\u00f3k sj\u00e1lfur kristni, l\u00e1ti\u00f0 reisa go\u00f0amyndir \u00ed K\u00e6nugar\u00f0i. \u00cd upptalningu \u00feessara gu\u00f0a kemur Mokosch fram vi\u00f0 hli\u00f0 Peruns, Chors, Dazhbog, Stribog og Simargl.<\/p><p>\u00deessi nefning vegur \u00feungt \u00fev\u00ed h\u00fan s\u00fdnir a\u00f0 Mokosch var ekki einungis vera \u00far sveitalegri hj\u00e1tr\u00fa heldur var h\u00fan hluti af opinberri gu\u00f0ad\u00fdrkun K\u00e6nugar\u00f0sr\u00edkisins.<\/p><p>\u00c1 sama t\u00edma er heimildin vandme\u00f0farin: Ann\u00e1llinn var skrifa\u00f0ur af kristnum munkum \u00e1 t\u00f3lftu \u00f6ld, meira en heilli \u00f6ld eftir a\u00f0 atbur\u00f0irnir sem l\u00fdst er \u00e1ttu a\u00f0 hafa gerst. H\u00f6fundarnir h\u00f6f\u00f0u engan hag af \u00fev\u00ed a\u00f0 setja hei\u00f0nina fram \u00e1 velvilja\u00f0an h\u00e1tt, og \u00f3v\u00edst er hversu n\u00e1kv\u00e6mlega \u00feeir \u00feekktu enn hina eldri tr\u00fa.<\/p><p>Um st\u00f6\u00f0u Mokosch innan \u00feessa go\u00f0aheims segir ann\u00e1llinn ekkert n\u00e1nar. Fr\u00e6\u00f0imenn hafa dregi\u00f0 \u00e1lyktanir af st\u00f6\u00f0u hennar \u00ed upptalningunni, af s\u00ed\u00f0ari t\u00edma kirkjulegum banntextum og af \u00fej\u00f3\u00f0tr\u00fanni.<\/p><p>Kirkjulegar i\u00f0runarb\u00e6kur og predikanir n\u00e6stu alda nefna Mokosch endurteki\u00f0 me\u00f0al banna\u00f0ra d\u00fdrkana, sem bendir til \u00feess a\u00f0 <span class=\"iwg-fachbegriff\" data-tooltip=\"Heildarsafn tr\u00faarlegra d\u00fdrkunarathafna fyrir gu\u00f0d\u00f3m e\u00f0a heilaga veru.\" tabindex=\"0\">d\u00fdrkun<\/span> hennar hafi lifa\u00f0 lengi eftir kristnit\u00f6ku, s\u00e9rstaklega me\u00f0al kvenna og \u00ed sveitum.<\/p>\t\t\t\t\t\t\t\t<\/div>\n\t\t\t\t<\/div>\n\t\t\t\t\t<\/div>\n\t\t\t\t<\/div>\n\t\t<div class=\"elementor-element elementor-element-cp5eb6232 e-flex e-con-boxed e-con e-parent\" data-id=\"cp5eb6232\" data-element_type=\"container\" data-e-type=\"container\">\n\t\t\t\t\t<div class=\"e-con-inner\">\n\t\t\t\t<div class=\"elementor-element elementor-element-cp85beed5 elementor-widget elementor-widget-heading\" data-id=\"cp85beed5\" data-element_type=\"widget\" data-e-type=\"widget\" data-widget_type=\"heading.default\">\n\t\t\t\t\t<h2 class=\"elementor-heading-title elementor-size-default\">Uppruni nafnsins og spuni sem l\u00edfs\u00feema<\/h2>\t\t\t\t<\/div>\n\t\t<div class=\"elementor-element elementor-element-cp18bcb14 e-con-full e-flex e-con e-child\" data-id=\"cp18bcb14\" data-element_type=\"container\" data-e-type=\"container\">\n\t\t\t\t<div class=\"elementor-element elementor-element-cpa03b5b4 elementor-widget elementor-widget-text-editor\" data-id=\"cpa03b5b4\" data-element_type=\"widget\" data-e-type=\"widget\" data-widget_type=\"text-editor.default\">\n\t\t\t\t\t\t\t\t\t<p>Nafni\u00f0 Mokosch er tungum\u00e1lalega umdeilt og fr\u00e6\u00f0imenn hafa lagt fram \u00fdmsar t\u00falkanir. Algeng sk\u00fdring tengir \u00fea\u00f0 vi\u00f0 slavneska or\u00f0r\u00f3tina fyrir \u201evott\u201c e\u00f0a \u201erakt\u201c, sem myndi gera Mokosch a\u00f0 <span class=\"iwg-fachbegriff\" data-tooltip=\"Vera sem er d\u00fdrku\u00f0 sem gu\u00f0leg innan tr\u00faarbrag\u00f0a.\" tabindex=\"0\">gu\u00f0d\u00f3mi<\/span> tengdum raka, j\u00f6r\u00f0 og gr\u00f3anda.<\/p><p>\u00d6nnur t\u00falkun, sett fram af m\u00e1lfr\u00e6\u00f0ingnum Roman Jakobson, tengir nafni\u00f0 vi\u00f0 or\u00f0 fyrir a\u00f0 spinna og fl\u00e9ttan, \u00fe.e. vi\u00f0 \u00fe\u00e1 vinnu a\u00f0 vinna h\u00f6r og ull.<\/p><p>B\u00e1\u00f0ar t\u00falkanir \u00fatiloka ekki hvor a\u00f0ra, \u00fev\u00ed \u00ed slavneskri \u00fej\u00f3\u00f0tr\u00fa kemur Mokosch fram sem n\u00e1tengd spuna og vefna\u00f0i. H\u00fan var talin verndari kvenna og handverks \u00feeirra, og \u00e1 sama t\u00edma str\u00f6ng eftirlitskona.<\/p><p>\u00deekkt \u00fej\u00f3\u00f0tr\u00faarhugmynd segir a\u00f0 ekki hafi m\u00e1tt spinna \u00e1 f\u00f6studegi, sem tilheyr\u00f0i henni; ger\u00f0i kona \u00fea\u00f0 \u00fer\u00e1tt fyrir \u00fea\u00f0 gat Mokosch komi\u00f0 um n\u00f3tt, fl\u00e6kt \u00fer\u00e1\u00f0inn e\u00f0a straffa\u00f0 spunakonuna. \u00c1 sumum sv\u00e6\u00f0um var sagt a\u00f0 \u00f3s\u00fdnileg kona snerti verki\u00f0 sem l\u00e1 eftir um n\u00f3ttina.<\/p><p>Spuni er \u00ed m\u00f6rgum menningarheimum tengdur hugmyndinni um \u00f6rl\u00f6g, \u00fev\u00ed \u00fer\u00e1\u00f0urinn er fornt t\u00e1kn fyrir l\u00edfshlaupi\u00f0. Hvort Mokosch var upphaflega einnig \u00f6rlagago\u00f0d\u00f3mur \u00ed \u00ferengri skilningi er ekki unnt a\u00f0 sanna \u00f3yggjandi \u00fat fr\u00e1 heimildunum, en n\u00e1in tengsl hennar vi\u00f0 \u00fer\u00e1\u00f0 og garn benda til sl\u00edks merkingarlags.<\/p><p>Tr\u00faarbrag\u00f0afr\u00e6\u00f0ilega er Mokosch \u00feannig d\u00e6mi um hvernig <span class=\"iwg-fachbegriff\" data-tooltip=\"Vera sem er d\u00fdrku\u00f0 sem gu\u00f0leg innan tr\u00faarbrag\u00f0a.\" tabindex=\"0\">gu\u00f0d\u00f3mur<\/span> skilgreinist \u00fat fr\u00e1 hlutbundinni, hversdagslegri i\u00f0ju og festist \u00fear me\u00f0 \u00ed hinni lifu\u00f0u <span class=\"iwg-fachbegriff\" data-tooltip=\"Tr\u00faarleg afsta\u00f0a og i\u00f0kun eins og f\u00f3lk lifir hana \u00ed raun.\" tabindex=\"0\">tr\u00far\u00e6kni<\/span>. \u00c1\u00feekkar verur finnast v\u00ed\u00f0ar innan <a href=\"https:\/\/iwell-guard.com\/is\/?page_id=168616\">slavneskrar \u00fej\u00f3\u00f0tr\u00faar<\/a>.<\/p>\t\t\t\t\t\t\t\t<\/div>\n\t\t\t\t<\/div>\n\t\t\t\t\t<\/div>\n\t\t\t\t<\/div>\n\t\t<div class=\"elementor-element elementor-element-cpa870f58 e-flex e-con-boxed e-con e-parent\" data-id=\"cpa870f58\" data-element_type=\"container\" data-e-type=\"container\">\n\t\t\t\t\t<div class=\"e-con-inner\">\n\t\t\t\t<div class=\"elementor-element elementor-element-cp0664f51 elementor-widget elementor-widget-heading\" data-id=\"cp0664f51\" data-element_type=\"widget\" data-e-type=\"widget\" data-widget_type=\"heading.default\">\n\t\t\t\t\t<h2 class=\"elementor-heading-title elementor-size-default\">Fr\u00e1 hei\u00f0inni d\u00fdrkun til hinnar heil\u00f6gu Paraskevu<\/h2>\t\t\t\t<\/div>\n\t\t<div class=\"elementor-element elementor-element-cp79c7502 e-con-full e-flex e-con e-child\" data-id=\"cp79c7502\" data-element_type=\"container\" data-e-type=\"container\">\n\t\t\t\t<div class=\"elementor-element elementor-element-cpd2b6324 elementor-widget elementor-widget-text-editor\" data-id=\"cpd2b6324\" data-element_type=\"widget\" data-e-type=\"widget\" data-widget_type=\"text-editor.default\">\n\t\t\t\t\t\t\t\t\t<p>Ein af athyglisver\u00f0ustu \u00fer\u00f3unum \u00ed s\u00f6gu Mokosch er hin hlutabundna samruni hennar vi\u00f0 kristna heilaga konu eftir kristnit\u00f6ku austurslavneskra \u00fej\u00f3\u00f0a. Fr\u00e6\u00f0imenn hafa teki\u00f0 eftir \u00fev\u00ed a\u00f0 m\u00f6rg hlutverk og einkenni Mokosch fluttust yfir \u00e1 hina heil\u00f6gu Paraskevu, sem var\u00f0 \u00feekkt \u00ed r\u00e9tttr\u00fana\u00f0ar <span class=\"iwg-fachbegriff\" data-tooltip=\"Tr\u00faari\u00f0kun eins og h\u00fan er lifu\u00f0 \u00ed hversdagsl\u00edfinu, oft samhli\u00f0a hinni opinberu kenningu.\" tabindex=\"0\">\u00fej\u00f3\u00f0tr\u00far\u00e6kni<\/span> undir nafninu <em>Paraskeva Pjatniza<\/em>. Vi\u00f0urnefni\u00f0 <em>Pjatniza<\/em> \u00fe\u00fd\u00f0ir or\u00f0r\u00e9tt \u201ef\u00f6studagur\u201c.<\/p><p>\u00deessi yfirf\u00e6rsla er au\u00f0skiljanleg \u00ed lj\u00f3si tr\u00faars\u00f6gunnar. Mokosch var tengd f\u00f6studeginum, verndun kvenna, spuna og vefna\u00f0i og vatni.<\/p><p>Hin heilaga Paraskeva t\u00f3k yfir n\u00e1nast sama svi\u00f0: h\u00fan var einnig talin verndari kvenna, handverks og f\u00f6studagsins, uppsprettur og brunnar voru einnig <span class=\"iwg-fachbegriff\" data-tooltip=\"V\u00edgt me\u00f0 tr\u00faarlegri ath\u00f6fn og \u00fear me\u00f0 teki\u00f0 \u00far hinu hversdagslega.\" tabindex=\"0\">v\u00edg\u00f0ir<\/span> henni, og s\u00f6mulei\u00f0is gilti banni\u00f0 um a\u00f0 spinna \u00e1 hennar degi.<\/p><p>Hin kristna heilaga kona t\u00f3k \u00feannig vi\u00f0 hlutverki hei\u00f0nu gy\u00f0junnar \u00e1n \u00feess a\u00f0 \u00fatiloka hlutverk hennar a\u00f0 fullu.<\/p><p>Sl\u00edk yfirf\u00e6rsluferli eru margsinnis sta\u00f0fest \u00ed kristnit\u00f6ku Evr\u00f3pu og eru af fr\u00e6\u00f0im\u00f6nnum talin til vitnis um a\u00f0 tr\u00faarlegar \u00fearfir haldi \u00e1fram a\u00f0 vera til, jafnvel \u00feegar hinn opinberi tr\u00faarrammi breytist.<\/p><p>Fyrir endurger\u00f0 Mokosch er tengingin vi\u00f0 Paraskevu d\u00fdrm\u00e6t hj\u00e1lei\u00f0: \u00dear sem beinar heimildir eru svo f\u00e1t\u00e6klegar, veita fr\u00e1sagnir og si\u00f0ir um hina heil\u00f6gu Paraskevu \u00f3beinar v\u00edsbendingar um upprunalegt e\u00f0li gy\u00f0junnar.<\/p><p>\u00c1 sama t\u00edma vara fr\u00e6\u00f0imenn vi\u00f0 vark\u00e1rni, \u00fev\u00ed \u00ed d\u00fdrkun heilagra kvenna geta blandast hugmyndir sem eiga ekkert skylt vi\u00f0 Mokosch. A\u00f0greining \u00feessara tveggja laga er \u00e1fram opi\u00f0, a\u00f0fer\u00f0afr\u00e6\u00f0ilegt \u00farlausnarefni.<\/p>\t\t\t\t\t\t\t\t<\/div>\n\t\t\t\t<\/div>\n\t\t\t\t\t<\/div>\n\t\t\t\t<\/div>\n\t\t<div class=\"elementor-element elementor-element-cp0aad629 e-flex e-con-boxed e-con e-parent\" data-id=\"cp0aad629\" data-element_type=\"container\" data-e-type=\"container\">\n\t\t\t\t\t<div class=\"e-con-inner\">\n\t\t\t\t<div class=\"elementor-element elementor-element-cpdc85c9d elementor-widget elementor-widget-heading\" data-id=\"cpdc85c9d\" data-element_type=\"widget\" data-e-type=\"widget\" data-widget_type=\"heading.default\">\n\t\t\t\t\t<h2 class=\"elementor-heading-title elementor-size-default\">Heimildasta\u00f0a, endurger\u00f0 og takm\u00f6rk \u00feekkingarinnar<\/h2>\t\t\t\t<\/div>\n\t\t<div class=\"elementor-element elementor-element-cp69caf79 e-con-full e-flex e-con e-child\" data-id=\"cp69caf79\" data-element_type=\"container\" data-e-type=\"container\">\n\t\t\t\t<div class=\"elementor-element elementor-element-cpfabff6a elementor-widget elementor-widget-text-editor\" data-id=\"cpfabff6a\" data-element_type=\"widget\" data-e-type=\"widget\" data-widget_type=\"text-editor.default\">\n\t\t\t\t\t\t\t\t\t<p>Mokosch er me\u00f0al \u00feeirra vera \u00fear sem v\u00edsindaleg vark\u00e1rni er s\u00e9rstaklega mikilv\u00e6g. Hin trygga grunnvitneskja er \u00fer\u00f6ng: eitt einstakt tilvik \u00ed Nestor\u00e1rb\u00f3kinni, nokkrir kirkjulegir bannitextar sem nefna nafn hennar, og v\u00ed\u00f0t\u00e6k en seint skr\u00e1\u00f0 \u00fej\u00f3\u00f0tr\u00fa um f\u00f6studagsbanni\u00f0 og spuninn. Allt anna\u00f0 er endursk\u00f6pun fr\u00e6\u00f0imanna.<\/p><p>Hluti af vins\u00e6lum ritum l\u00fdsir Mokosch sem st\u00f3rri jar\u00f0ar- og m\u00f3\u00f0urgy\u00f0ju, sem slavneskri hli\u00f0st\u00e6\u00f0u st\u00f3rra kvenl\u00e6gra gu\u00f0d\u00f3ma annarra menningarheima. Sl\u00edkar l\u00fdsingar ganga langt fram \u00far \u00fev\u00ed sem heimildirnar gefa tilefni til.<\/p><p>\u00de\u00e6r byggja a\u00f0 hluta \u00e1 samanbur\u00f0ar<span class=\"iwg-fachbegriff\" data-tooltip=\"Heildarsafn hinna var\u00f0veittu go\u00f0sagna um gu\u00f0i innan einnar menningar.\" tabindex=\"0\">go\u00f0afr\u00e6\u00f0i<\/span>, a\u00f0 hluta \u00e1 n\u00fat\u00edmalegum \u00f3skum um voldugan kvenl\u00e6gan <span class=\"iwg-fachbegriff\" data-tooltip=\"Vera sem er tignu\u00f0 sem gu\u00f0leg innan tr\u00faarbrag\u00f0a.\" tabindex=\"0\">gu\u00f0d\u00f3m<\/span>.<\/p><p>Alvarlegri ranns\u00f3knir, svo sem verk um slavnesk tr\u00faarbr\u00f6g\u00f0 \u00ed kringum Aleksander Gieysztor e\u00f0a gagnr\u00fdnin yfirlitsverk seinni t\u00edma, benda aftur \u00e1 m\u00f3ti \u00e1 a\u00f0 margt s\u00e9 \u00f3lj\u00f3st um raunverulega st\u00f6\u00f0u Mokosch, samband hennar vi\u00f0 a\u00f0ra gu\u00f0i og umfang d\u00fdrkunar hennar.<\/p><p>Einnig s\u00fa kenning, sem brei\u00f0st hefur \u00fat fr\u00e1 tuttugustu \u00f6ld, um slavneska frumgo\u00f0s\u00f6gu \u00fear sem Mokosch gegni f\u00f6stu hlutverki sem eiginkona e\u00f0a andst\u00e6\u00f0ingur Peruns, telst tilg\u00e1ta. H\u00fan var \u00fer\u00f3u\u00f0 fyrst og fremst af Vjatsjeslav Ivanov og Vladimir Toporov, en er umdeild vegna v\u00ed\u00f0t\u00e6kra forsendna sinna.<\/p><p>V\u00edsindalega s\u00e9\u00f0 er Mokosch \u00fev\u00ed l\u00e6rd\u00f3msr\u00edkt d\u00e6mi um takm\u00f6rk endursk\u00f6punar: <span class=\"iwg-fachbegriff\" data-tooltip=\"Vera sem er tignu\u00f0 sem gu\u00f0leg innan tr\u00faarbrag\u00f0a.\" tabindex=\"0\">Gu\u00f0d\u00f3mur<\/span> sem tilvist og d\u00fdrkunarlegt mikilv\u00e6gi er sta\u00f0fest, en n\u00e1kv\u00e6m mynd hans er a\u00f0eins h\u00e6gt a\u00f0 draga upp \u00ed vark\u00e1rum \u00fatl\u00ednum. \u00deeir sem vilja fr\u00e6\u00f0ast meira um \u00feetta erfi\u00f0a heimildasvi\u00f0 finna fleiri d\u00e6mi um \u00feessa vandkv\u00e6\u00f0i \u00ed kaflanum um <a href=\"https:\/\/iwell-guard.com\/is\/?page_id=168616\">slavneska go\u00f0afr\u00e6\u00f0i<\/a>.<\/p>\t\t\t\t\t\t\t\t<\/div>\n\t\t\t\t<\/div>\n\t\t\t\t\t<\/div>\n\t\t\t\t<\/div>\n\t\t<div class=\"elementor-element elementor-element-36dd7469 e-flex e-con-boxed e-con e-parent\" data-id=\"36dd7469\" data-element_type=\"container\" data-e-type=\"container\">\n\t\t\t\t\t<div class=\"e-con-inner\">\n\t\t\t\t<div class=\"elementor-element elementor-element-13760ab4 elementor-widget elementor-widget-heading\" data-id=\"13760ab4\" data-element_type=\"widget\" data-e-type=\"widget\" data-widget_type=\"heading.default\">\n\t\t\t\t\t<h2 class=\"elementor-heading-title elementor-size-default\">\u00cdtarefni og tenglar<\/h2>\t\t\t\t<\/div>\n\t\t<div class=\"elementor-element elementor-element-28c87796 e-con-full e-flex e-con e-child\" data-id=\"28c87796\" data-element_type=\"container\" data-e-type=\"container\">\n\t\t\t\t<div class=\"elementor-element elementor-element-5d6538df elementor-widget elementor-widget-text-editor\" data-id=\"5d6538df\" data-element_type=\"widget\" data-e-type=\"widget\" data-widget_type=\"text-editor.default\">\n\t\t\t\t\t\t\t\t\t<ul><li><a href=\"https:\/\/iwell-guard.com\/is\/?page_id=168764\">Perun, \u00ed einni hef\u00f0 eiginma\u00f0ur<\/a><\/li><li><a href=\"https:\/\/iwell-guard.com\/is\/?page_id=168763\">Veles, \u00ed einni hef\u00f0 eiginma\u00f0ur, ch\u00fe\u00f3n\u00edskt-vott par<\/a><\/li><li><a href=\"https:\/\/iwell-guard.com\/is\/?page_id=168819\">Marena, tengd ch\u00fe\u00f3n\u00edsk slavnesk gy\u00f0ja<\/a><\/li><li><a href=\"https:\/\/iwell-guard.com\/is\/?page_id=168820\">Svarog, tengdur slavneskur gu\u00f0<\/a><\/li><li><a href=\"https:\/\/iwell-guard.com\/is\/?page_id=168787\">Demeter, gr\u00edsk hli\u00f0st\u00e6\u00f0a jar\u00f0ar-m\u00f3\u00f0ur<\/a><\/li><li><a href=\"https:\/\/iwell-guard.com\/is\/?page_id=168616\">Slavneskt, yfirlit yfir go\u00f0aheim<\/a><\/li><li><a href=\"https:\/\/iwell-guard.com\/is\/?page_id=168707\">\u00c6\u00f0ri gu\u00f0d\u00f3mar, undirflokkur<\/a><\/li><\/ul>\t\t\t\t\t\t\t\t<\/div>\n\t\t\t\t<\/div>\n\t\t\t\t\t<\/div>\n\t\t\t\t<\/div>\n\t\t<div class=\"elementor-element elementor-element-grl4kl40 e-flex e-con-boxed e-con e-parent\" data-id=\"grl4kl40\" data-element_type=\"container\" data-e-type=\"container\">\n\t\t\t\t\t<div class=\"e-con-inner\">\n\t\t\t\t<div class=\"elementor-element elementor-element-bzsbfrmh elementor-widget elementor-widget-heading\" data-id=\"bzsbfrmh\" data-element_type=\"widget\" data-e-type=\"widget\" data-widget_type=\"heading.default\">\n\t\t\t\t\t<h2 class=\"elementor-heading-title elementor-size-default\">Heimildir og fr\u00e6\u00f0irit<\/h2>\t\t\t\t<\/div>\n\t\t<div class=\"elementor-element elementor-element-2c13224a e-con-full e-flex e-con e-child\" data-id=\"2c13224a\" data-element_type=\"container\" data-e-type=\"container\">\n\t\t\t\t<div class=\"elementor-element elementor-element-0eymh9ub elementor-widget elementor-widget-text-editor\" data-id=\"0eymh9ub\" data-element_type=\"widget\" data-e-type=\"widget\" data-widget_type=\"text-editor.default\">\n\t\t\t\t\t\t\t\t\t<footer class=\"iwg-literatur\" data-nosnippet=\"true\"><ul><li>V\u00e1\u0148a, Zden\u011bk: <em><span class=\"iwg-fachbegriff\" data-tooltip=\"Heildarsafn hinna var\u00f0veittu go\u00f0sagna um gu\u00f0i innan einnar menningar.\" tabindex=\"0\">Go\u00f0afr\u00e6\u00f0i<\/span> und G\u00f6tterwelt der slawischen V\u00f6lker<\/em>. Stuttgart 1992.<\/li><li><span data-nosnippet>Iv\u00e1nov, Vja\u010deslav \/ Toporov, Vladimir: <em>Issledovanija v oblasti slavjanskich drevnostej<\/em>. Moskva 1974.<\/span><\/li><li><span data-nosnippet>Hubbs, Joanna: <em>Mother Russia. The Feminine Myth in Russian Culture<\/em>. Bloomington 1988.<\/span><\/li><li><span data-nosnippet>Pittner, Manfred: <em>Slawische <span class=\"iwg-fachbegriff\" data-tooltip=\"Heildarsafn hinna var\u00f0veittu go\u00f0sagna um gu\u00f0i innan einnar menningar.\" tabindex=\"0\">go\u00f0afr\u00e6\u00f0i<\/span><\/em>. K\u00f6ln 2009.<\/span><\/li><li><span data-nosnippet>Rybakov, Boris A.: <em>Yazychestvo drevnih slavyan<\/em> (\u201eHei\u00f0ni fornra Slava\u201c). Moskva 1981.<\/span><\/li><li>Walde, Christine (Hg.): <em>Der Neue Pauly<\/em> (uppsl\u00e1ttaror\u00f0 \u201eMokosch\u201c).<\/li><\/ul><\/footer>\t\t\t\t\t\t\t\t<\/div>\n\t\t\t\t<\/div>\n\t\t\t\t\t<\/div>\n\t\t\t\t<\/div>\n\t\t\t\t<\/div>\n\t\t","protected":false},"excerpt":{"rendered":"","protected":false},"author":3,"featured_media":1762,"parent":0,"menu_order":0,"comment_status":"closed","ping_status":"closed","template":"elementor_header_footer","meta":{"_yoast_wpseo_focuskw":"Mokosch","_yoast_wpseo_title":"Mokosch \u2013 austurslavnesk gy\u00f0ja frj\u00f3semi","_yoast_wpseo_metadesc":"Mokosch, verndargy\u00f0ja kvenna og v\u00f6r\u00f0ur h\u00f6rs og frj\u00f3semi \u00ed austurslavneskri tr\u00fa.","_yoast_wpseo_meta-robots-noindex":"","_yoast_wpseo_canonical":"","_angie_page":false,"gefaehrdungsstufe":"1","wesen_kultur":"slawisch","wesen_klasse":"goetter","footnotes":""},"categories":[],"class_list":["post-168766","page","type-page","status-publish","has-post-thumbnail","hentry"],"yoast_head":"<!-- This site is optimized with the Yoast SEO Premium plugin v27.7 (Yoast SEO v28.3) - https:\/\/yoast.com\/product\/yoast-seo-premium-wordpress\/ -->\n<title>Mokosch \u2013 austurslavnesk gy\u00f0ja frj\u00f3semi<\/title>\n<meta name=\"description\" content=\"Mokosch, verndargy\u00f0ja kvenna og v\u00f6r\u00f0ur h\u00f6rs og frj\u00f3semi \u00ed austurslavneskri tr\u00fa.\" \/>\n<meta name=\"robots\" content=\"index, follow, max-snippet:-1, max-image-preview:large, max-video-preview:-1\" \/>\n<link rel=\"canonical\" href=\"https:\/\/iwell-guard.com\/is\/mokosch\/\" \/>\n<meta property=\"og:locale\" content=\"is_IS\" \/>\n<meta property=\"og:type\" content=\"article\" \/>\n<meta property=\"og:title\" content=\"Mokosch\" \/>\n<meta property=\"og:description\" content=\"Mokosch, verndargy\u00f0ja kvenna og v\u00f6r\u00f0ur h\u00f6rs og frj\u00f3semi \u00ed austurslavneskri tr\u00fa.\" \/>\n<meta property=\"og:url\" content=\"https:\/\/iwell-guard.com\/is\/mokosch\/\" \/>\n<meta property=\"og:site_name\" content=\"iWell Guard\" \/>\n<meta property=\"article:modified_time\" content=\"2026-09-05T14:18:54+00:00\" \/>\n<meta property=\"og:image\" content=\"https:\/\/iwell-guard.com\/wp-content\/uploads\/2026\/04\/goetter_slawisch_mokosch.webp\" \/>\n\t<meta property=\"og:image:width\" content=\"1024\" \/>\n\t<meta property=\"og:image:height\" content=\"1536\" \/>\n\t<meta property=\"og:image:type\" content=\"image\/webp\" \/>\n<meta name=\"twitter:card\" content=\"summary_large_image\" \/>\n<script type=\"application\/ld+json\" class=\"yoast-schema-graph\">{\"@context\":\"https:\\\/\\\/schema.org\",\"@graph\":[{\"@type\":\"WebPage\",\"@id\":\"https:\\\/\\\/iwell-guard.com\\\/is\\\/mokosch\\\/\",\"url\":\"https:\\\/\\\/iwell-guard.com\\\/is\\\/mokosch\\\/\",\"name\":\"Mokosch \u2013 austurslavnesk gy\u00f0ja frj\u00f3semi\",\"isPartOf\":{\"@id\":\"https:\\\/\\\/iwell-guard.com\\\/is\\\/#website\"},\"primaryImageOfPage\":{\"@id\":\"https:\\\/\\\/iwell-guard.com\\\/is\\\/mokosch\\\/#primaryimage\"},\"image\":{\"@id\":\"https:\\\/\\\/iwell-guard.com\\\/is\\\/mokosch\\\/#primaryimage\"},\"thumbnailUrl\":\"https:\\\/\\\/iwell-guard.com\\\/wp-content\\\/uploads\\\/2026\\\/04\\\/goetter_slawisch_mokosch.webp\",\"datePublished\":\"2026-09-05T14:02:48+00:00\",\"dateModified\":\"2026-09-05T14:18:54+00:00\",\"description\":\"Mokosch, verndargy\u00f0ja kvenna og v\u00f6r\u00f0ur h\u00f6rs og frj\u00f3semi \u00ed austurslavneskri tr\u00fa.\",\"breadcrumb\":{\"@id\":\"https:\\\/\\\/iwell-guard.com\\\/is\\\/mokosch\\\/#breadcrumb\"},\"inLanguage\":\"is\",\"potentialAction\":[{\"@type\":\"ReadAction\",\"target\":[\"https:\\\/\\\/iwell-guard.com\\\/is\\\/mokosch\\\/\"]}]},{\"@type\":\"ImageObject\",\"inLanguage\":\"is\",\"@id\":\"https:\\\/\\\/iwell-guard.com\\\/is\\\/mokosch\\\/#primaryimage\",\"url\":\"https:\\\/\\\/iwell-guard.com\\\/wp-content\\\/uploads\\\/2026\\\/04\\\/goetter_slawisch_mokosch.webp\",\"contentUrl\":\"https:\\\/\\\/iwell-guard.com\\\/wp-content\\\/uploads\\\/2026\\\/04\\\/goetter_slawisch_mokosch.webp\",\"width\":1024,\"height\":1536,\"caption\":\"Gu\u00f0ir \u00far slavneskri hef\u00f0.\"},{\"@type\":\"BreadcrumbList\",\"@id\":\"https:\\\/\\\/iwell-guard.com\\\/is\\\/mokosch\\\/#breadcrumb\",\"itemListElement\":[{\"@type\":\"ListItem\",\"position\":1,\"name\":\"Start\",\"item\":\"https:\\\/\\\/iwell-guard.com\\\/is\\\/?page_id=168580\"},{\"@type\":\"ListItem\",\"position\":2,\"name\":\"Mokosch\"}]},{\"@type\":\"WebSite\",\"@id\":\"https:\\\/\\\/iwell-guard.com\\\/is\\\/#website\",\"url\":\"https:\\\/\\\/iwell-guard.com\\\/is\\\/\",\"name\":\"iWell Guard\",\"description\":\"Schutz vor dunklen Einfl\u00fcssen\",\"publisher\":{\"@id\":\"https:\\\/\\\/iwell-guard.com\\\/is\\\/#organization\"},\"potentialAction\":[{\"@type\":\"SearchAction\",\"target\":{\"@type\":\"EntryPoint\",\"urlTemplate\":\"https:\\\/\\\/iwell-guard.com\\\/is\\\/?s={search_term_string}\"},\"query-input\":{\"@type\":\"PropertyValueSpecification\",\"valueRequired\":true,\"valueName\":\"search_term_string\"}}],\"inLanguage\":\"is\"},{\"@type\":\"Organization\",\"@id\":\"https:\\\/\\\/iwell-guard.com\\\/is\\\/#organization\",\"name\":\"Ittermann electronic GmbH\",\"url\":\"https:\\\/\\\/iwell-guard.com\\\/is\\\/\",\"logo\":{\"@type\":\"ImageObject\",\"inLanguage\":\"is\",\"@id\":\"https:\\\/\\\/iwell-guard.com\\\/is\\\/#\\\/schema\\\/logo\\\/image\\\/\",\"url\":\"https:\\\/\\\/iwell-guard.com\\\/wp-content\\\/uploads\\\/2026\\\/05\\\/Ittermann-Logo-1182x237-1.png\",\"contentUrl\":\"https:\\\/\\\/iwell-guard.com\\\/wp-content\\\/uploads\\\/2026\\\/05\\\/Ittermann-Logo-1182x237-1.png\",\"width\":1182,\"height\":237,\"caption\":\"Ittermann electronic GmbH\"},\"image\":{\"@id\":\"https:\\\/\\\/iwell-guard.com\\\/is\\\/#\\\/schema\\\/logo\\\/image\\\/\"},\"sameAs\":[\"https:\\\/\\\/pantip.com\\\/profile\\\/9367242\",\"https:\\\/\\\/micro.blog\\\/iwellguard\",\"https:\\\/\\\/www.diggerslist.com\\\/iwellguard\\\/about\",\"https:\\\/\\\/skitterphoto.com\\\/photographers\\\/2870314\\\/iwell-guard\",\"https:\\\/\\\/iwellguard.wordpress.com\\\/2026\\\/06\\\/06\\\/iwell-guard\\\/\",\"https:\\\/\\\/hub.docker.com\\\/u\\\/iwellguard\",\"https:\\\/\\\/www.pinterest.com\\\/iwellguard\\\/\",\"https:\\\/\\\/bit.ly\\\/m\\\/iwellguard\",\"https:\\\/\\\/entre-vos-mains.alsace.eu\\\/profiles\\\/iwellguard\\\/activity\",\"https:\\\/\\\/gravatar.com\\\/reallybeded8fd34\",\"https:\\\/\\\/naijamatta.com\\\/iwellguard\",\"https:\\\/\\\/www.goodreads.com\\\/iwellguard\",\"https:\\\/\\\/profile.hatena.ne.jp\\\/iwellguard\\\/\",\"https:\\\/\\\/experiment.com\\\/users\\\/iwellguard\",\"https:\\\/\\\/wakelet.com\\\/@iWellGuard82270\",\"https:\\\/\\\/www.chordie.com\\\/forum\\\/profile.php?id=2555664\",\"https:\\\/\\\/www.instapaper.com\\\/p\\\/17757966\",\"https:\\\/\\\/www.mapleprimes.com\\\/users\\\/iwellguard\",\"https:\\\/\\\/businesslistingplus.com\\\/profile\\\/iwell-guard\\\/\",\"https:\\\/\\\/telegra.ph\\\/iWell-Guard-06-06\",\"https:\\\/\\\/pbase.com\\\/iwellguard\\\/iwellguard\",\"https:\\\/\\\/b.hatena.ne.jp\\\/iwellguard\\\/20260607#bookmark-4788405196491818882\",\"https:\\\/\\\/fliphtml5.com\\\/home\\\/iwellguard\",\"https:\\\/\\\/anyflip.com\\\/homepage\\\/cmiwl#About\",\"https:\\\/\\\/transfur.com\\\/Users\\\/iwellguard\",\"http:\\\/\\\/delphi.larsbo.org\\\/user\\\/iwellguard\",\"https:\\\/\\\/jobs.lajobsportal.org\\\/profiles\\\/8380803-iwell-guard\",\"https:\\\/\\\/md.chaosdorf.de\\\/s\\\/jfbe5SBdJD\",\"https:\\\/\\\/www.lingvolive.com\\\/en-us\\\/profile\\\/9ecaeaca-ce11-4e51-9e71-01d55e2bff36\\\/translations\",\"https:\\\/\\\/www.fitday.com\\\/fitness\\\/forums\\\/members\\\/iwellguard.html\",\"https:\\\/\\\/www.mymeetbook.com\\\/iwellguard\",\"https:\\\/\\\/pxhere.com\\\/en\\\/photographer-me\\\/5040798\",\"https:\\\/\\\/disqus.com\\\/by\\\/iwellguard\\\/about\\\/\",\"https:\\\/\\\/pastelink.net\\\/hjwciqwq\",\"https:\\\/\\\/pubhtml5.com\\\/homepage\\\/scjhn\\\/\",\"https:\\\/\\\/www.bitchute.com\\\/channel\\\/2O2eOKzNqujT\",\"https:\\\/\\\/audiomack.com\\\/iwellguard\"]},{\"@type\":\"Article\",\"@id\":\"https:\\\/\\\/iwell-guard.com\\\/is\\\/mokosch\\\/#article\",\"isPartOf\":{\"@id\":\"https:\\\/\\\/iwell-guard.com\\\/is\\\/mokosch\\\/\"},\"author\":{\"name\":\"Ralf Ittermann\",\"@id\":\"https:\\\/\\\/iwell-guard.com\\\/is\\\/#\\\/schema\\\/person\\\/ee2a27f1cac3406c7c6fb5820cb7349f\"},\"headline\":\"Mokosch\",\"datePublished\":\"2026-09-05T14:02:48+00:00\",\"dateModified\":\"2026-09-05T14:18:54+00:00\",\"mainEntityOfPage\":{\"@id\":\"https:\\\/\\\/iwell-guard.com\\\/is\\\/mokosch\\\/\"},\"publisher\":{\"@id\":\"https:\\\/\\\/iwell-guard.com\\\/is\\\/#organization\"},\"image\":{\"@id\":\"https:\\\/\\\/iwell-guard.com\\\/is\\\/mokosch\\\/#primaryimage\"},\"thumbnailUrl\":\"https:\\\/\\\/iwell-guard.com\\\/wp-content\\\/uploads\\\/2026\\\/04\\\/goetter_slawisch_mokosch.webp\",\"inLanguage\":\"is\",\"description\":\"Mokosch, verndargy\u00f0ja kvenna og v\u00f6r\u00f0ur h\u00f6rs og frj\u00f3semi \u00ed austurslavneskri tr\u00fa.\"}]}<\/script>\n<!-- \/ Yoast SEO Premium plugin. -->","yoast_head_json":{"title":"Mokosch \u2013 austurslavnesk gy\u00f0ja frj\u00f3semi","description":"Mokosch, verndargy\u00f0ja kvenna og v\u00f6r\u00f0ur h\u00f6rs og frj\u00f3semi \u00ed austurslavneskri tr\u00fa.","robots":{"index":"index","follow":"follow","max-snippet":"max-snippet:-1","max-image-preview":"max-image-preview:large","max-video-preview":"max-video-preview:-1"},"canonical":"https:\/\/iwell-guard.com\/is\/mokosch\/","og_locale":"is_IS","og_type":"article","og_title":"Mokosch","og_description":"Mokosch, verndargy\u00f0ja kvenna og v\u00f6r\u00f0ur h\u00f6rs og frj\u00f3semi \u00ed austurslavneskri tr\u00fa.","og_url":"https:\/\/iwell-guard.com\/is\/mokosch\/","og_site_name":"iWell Guard","article_modified_time":"2026-09-05T14:18:54+00:00","og_image":[{"width":1024,"height":1536,"url":"https:\/\/iwell-guard.com\/wp-content\/uploads\/2026\/04\/goetter_slawisch_mokosch.webp","type":"image\/webp"}],"twitter_card":"summary_large_image","schema":{"@context":"https:\/\/schema.org","@graph":[{"@type":"Article","@id":"https:\/\/iwell-guard.com\/is\/mokosch\/#article","isPartOf":{"@id":"https:\/\/iwell-guard.com\/is\/mokosch\/"},"author":{"name":"Ralf Ittermann","@id":"https:\/\/iwell-guard.com\/is\/#\/schema\/person\/ee2a27f1cac3406c7c6fb5820cb7349f"},"headline":"Mokosch","datePublished":"2026-09-05T14:02:48+00:00","dateModified":"2026-09-05T14:18:54+00:00","mainEntityOfPage":{"@id":"https:\/\/iwell-guard.com\/is\/mokosch\/"},"publisher":{"@id":"https:\/\/iwell-guard.com\/is\/#organization"},"image":{"@id":"https:\/\/iwell-guard.com\/is\/mokosch\/#primaryimage"},"thumbnailUrl":"https:\/\/iwell-guard.com\/wp-content\/uploads\/2026\/04\/goetter_slawisch_mokosch.webp","inLanguage":"is","description":"Mokosch, verndargy\u00f0ja kvenna og v\u00f6r\u00f0ur h\u00f6rs og frj\u00f3semi \u00ed austurslavneskri tr\u00fa."},{"@type":"WebPage","@id":"https:\/\/iwell-guard.com\/is\/mokosch\/","url":"https:\/\/iwell-guard.com\/is\/mokosch\/","name":"Mokosch \u2013 austurslavnesk gy\u00f0ja frj\u00f3semi","isPartOf":{"@id":"https:\/\/iwell-guard.com\/is\/#website"},"primaryImageOfPage":{"@id":"https:\/\/iwell-guard.com\/is\/mokosch\/#primaryimage"},"image":{"@id":"https:\/\/iwell-guard.com\/is\/mokosch\/#primaryimage"},"thumbnailUrl":"https:\/\/iwell-guard.com\/wp-content\/uploads\/2026\/04\/goetter_slawisch_mokosch.webp","datePublished":"2026-09-05T14:02:48+00:00","dateModified":"2026-09-05T14:18:54+00:00","description":"Mokosch, verndargy\u00f0ja kvenna og v\u00f6r\u00f0ur h\u00f6rs og frj\u00f3semi \u00ed austurslavneskri tr\u00fa.","breadcrumb":{"@id":"https:\/\/iwell-guard.com\/is\/mokosch\/#breadcrumb"},"inLanguage":"is","potentialAction":[{"@type":"ReadAction","target":["https:\/\/iwell-guard.com\/is\/mokosch\/"]}]},{"@type":"ImageObject","inLanguage":"is","@id":"https:\/\/iwell-guard.com\/is\/mokosch\/#primaryimage","url":"https:\/\/iwell-guard.com\/wp-content\/uploads\/2026\/04\/goetter_slawisch_mokosch.webp","contentUrl":"https:\/\/iwell-guard.com\/wp-content\/uploads\/2026\/04\/goetter_slawisch_mokosch.webp","width":1024,"height":1536,"caption":"Gu\u00f0ir \u00far slavneskri hef\u00f0."},{"@type":"BreadcrumbList","@id":"https:\/\/iwell-guard.com\/is\/mokosch\/#breadcrumb","itemListElement":[{"@type":"ListItem","position":1,"name":"Start","item":"https:\/\/iwell-guard.com\/is\/?page_id=168580"},{"@type":"ListItem","position":2,"name":"Mokosch"}]},{"@type":"WebSite","@id":"https:\/\/iwell-guard.com\/is\/#website","url":"https:\/\/iwell-guard.com\/is\/","name":"iWell Guard","description":"Schutz vor dunklen Einfl\u00fcssen","publisher":{"@id":"https:\/\/iwell-guard.com\/is\/#organization"},"potentialAction":[{"@type":"SearchAction","target":{"@type":"EntryPoint","urlTemplate":"https:\/\/iwell-guard.com\/is\/?s={search_term_string}"},"query-input":{"@type":"PropertyValueSpecification","valueRequired":true,"valueName":"search_term_string"}}],"inLanguage":"is"},{"@type":"Organization","@id":"https:\/\/iwell-guard.com\/is\/#organization","name":"Ittermann electronic GmbH","url":"https:\/\/iwell-guard.com\/is\/","logo":{"@type":"ImageObject","inLanguage":"is","@id":"https:\/\/iwell-guard.com\/is\/#\/schema\/logo\/image\/","url":"https:\/\/iwell-guard.com\/wp-content\/uploads\/2026\/05\/Ittermann-Logo-1182x237-1.png","contentUrl":"https:\/\/iwell-guard.com\/wp-content\/uploads\/2026\/05\/Ittermann-Logo-1182x237-1.png","width":1182,"height":237,"caption":"Ittermann electronic GmbH"},"image":{"@id":"https:\/\/iwell-guard.com\/is\/#\/schema\/logo\/image\/"},"sameAs":["https:\/\/pantip.com\/profile\/9367242","https:\/\/micro.blog\/iwellguard","https:\/\/www.diggerslist.com\/iwellguard\/about","https:\/\/skitterphoto.com\/photographers\/2870314\/iwell-guard","https:\/\/iwellguard.wordpress.com\/2026\/06\/06\/iwell-guard\/","https:\/\/hub.docker.com\/u\/iwellguard","https:\/\/www.pinterest.com\/iwellguard\/","https:\/\/bit.ly\/m\/iwellguard","https:\/\/entre-vos-mains.alsace.eu\/profiles\/iwellguard\/activity","https:\/\/gravatar.com\/reallybeded8fd34","https:\/\/naijamatta.com\/iwellguard","https:\/\/www.goodreads.com\/iwellguard","https:\/\/profile.hatena.ne.jp\/iwellguard\/","https:\/\/experiment.com\/users\/iwellguard","https:\/\/wakelet.com\/@iWellGuard82270","https:\/\/www.chordie.com\/forum\/profile.php?id=2555664","https:\/\/www.instapaper.com\/p\/17757966","https:\/\/www.mapleprimes.com\/users\/iwellguard","https:\/\/businesslistingplus.com\/profile\/iwell-guard\/","https:\/\/telegra.ph\/iWell-Guard-06-06","https:\/\/pbase.com\/iwellguard\/iwellguard","https:\/\/b.hatena.ne.jp\/iwellguard\/20260607#bookmark-4788405196491818882","https:\/\/fliphtml5.com\/home\/iwellguard","https:\/\/anyflip.com\/homepage\/cmiwl#About","https:\/\/transfur.com\/Users\/iwellguard","http:\/\/delphi.larsbo.org\/user\/iwellguard","https:\/\/jobs.lajobsportal.org\/profiles\/8380803-iwell-guard","https:\/\/md.chaosdorf.de\/s\/jfbe5SBdJD","https:\/\/www.lingvolive.com\/en-us\/profile\/9ecaeaca-ce11-4e51-9e71-01d55e2bff36\/translations","https:\/\/www.fitday.com\/fitness\/forums\/members\/iwellguard.html","https:\/\/www.mymeetbook.com\/iwellguard","https:\/\/pxhere.com\/en\/photographer-me\/5040798","https:\/\/disqus.com\/by\/iwellguard\/about\/","https:\/\/pastelink.net\/hjwciqwq","https:\/\/pubhtml5.com\/homepage\/scjhn\/","https:\/\/www.bitchute.com\/channel\/2O2eOKzNqujT","https:\/\/audiomack.com\/iwellguard"]},{"@type":"Person","@id":"https:\/\/iwell-guard.com\/is\/#\/schema\/person\/ee2a27f1cac3406c7c6fb5820cb7349f","name":"Ralf Ittermann","image":{"@type":"ImageObject","inLanguage":"is","@id":"https:\/\/secure.gravatar.com\/avatar\/073c0153e350a5005b68eb752b445fea71f6b24a26da9449ad7e155e6b446c9d?s=96&d=mm&r=g","url":"https:\/\/secure.gravatar.com\/avatar\/073c0153e350a5005b68eb752b445fea71f6b24a26da9449ad7e155e6b446c9d?s=96&d=mm&r=g","contentUrl":"https:\/\/secure.gravatar.com\/avatar\/073c0153e350a5005b68eb752b445fea71f6b24a26da9449ad7e155e6b446c9d?s=96&d=mm&r=g","caption":"Ralf Ittermann"},"givenName":"Ralf","familyName":"Ittermann","jobTitle":"Gesch\u00e4ftsf\u00fchrer und redaktioneller Verantwortlicher","url":"https:\/\/iwell-guard.com\/is\/author\/claude\/","description":"Ralf Ittermann ist Gesch\u00e4ftsf\u00fchrer der Ittermann electronic GmbH und redaktioneller Verantwortlicher des iWell-Guard-Lexikons. Er verbindet langj\u00e4hrige Erfahrung in der Pr\u00e4zisionsfertigung mit medialer Praxis und religionsgeschichtlicher Quellenarbeit.","worksFor":{"@type":"Organization","name":"Ittermann electronic GmbH","url":"https:\/\/ittermann.de\/","address":{"@type":"PostalAddress","streetAddress":"K\u00f6hlergasse 16-18","postalCode":"99842","addressLocality":"Ruhla","addressCountry":"DE"}},"knowsAbout":["Religionsgeschichte","Mythologie","Mediale Praxis","Energetische Diagnostik","Schutzpraxis","Volksglauben","Westliche Esoterik"]},{"@type":"Article","@id":"https:\/\/iwell-guard.com\/is\/mokosch\/#article","isPartOf":{"@id":"https:\/\/iwell-guard.com\/is\/mokosch\/"},"author":{"name":"Ralf Ittermann","@id":"https:\/\/iwell-guard.com\/is\/#\/schema\/person\/ee2a27f1cac3406c7c6fb5820cb7349f"},"headline":"Mokosch","datePublished":"2026-09-05T14:02:48+00:00","dateModified":"2026-09-05T14:18:54+00:00","mainEntityOfPage":{"@id":"https:\/\/iwell-guard.com\/is\/mokosch\/"},"publisher":{"@id":"https:\/\/iwell-guard.com\/is\/#organization"},"image":{"@id":"https:\/\/iwell-guard.com\/is\/mokosch\/#primaryimage"},"thumbnailUrl":"https:\/\/iwell-guard.com\/wp-content\/uploads\/2026\/04\/goetter_slawisch_mokosch.webp","inLanguage":"is","description":"Mokosch, verndargy\u00f0ja kvenna og v\u00f6r\u00f0ur h\u00f6rs og frj\u00f3semi \u00ed austurslavneskri tr\u00fa."}]}},"_links":{"self":[{"href":"https:\/\/iwell-guard.com\/is\/wp-json\/wp\/v2\/pages\/168766","targetHints":{"allow":["GET"]}}],"collection":[{"href":"https:\/\/iwell-guard.com\/is\/wp-json\/wp\/v2\/pages"}],"about":[{"href":"https:\/\/iwell-guard.com\/is\/wp-json\/wp\/v2\/types\/page"}],"author":[{"embeddable":true,"href":"https:\/\/iwell-guard.com\/is\/wp-json\/wp\/v2\/users\/3"}],"replies":[{"embeddable":true,"href":"https:\/\/iwell-guard.com\/is\/wp-json\/wp\/v2\/comments?post=168766"}],"version-history":[{"count":0,"href":"https:\/\/iwell-guard.com\/is\/wp-json\/wp\/v2\/pages\/168766\/revisions"}],"wp:featuredmedia":[{"embeddable":true,"href":"https:\/\/iwell-guard.com\/is\/wp-json\/wp\/v2\/media\/1762"}],"wp:attachment":[{"href":"https:\/\/iwell-guard.com\/is\/wp-json\/wp\/v2\/media?parent=168766"}],"wp:term":[{"taxonomy":"category","embeddable":true,"href":"https:\/\/iwell-guard.com\/is\/wp-json\/wp\/v2\/categories?post=168766"}],"curies":[{"name":"wp","href":"https:\/\/api.w.org\/{rel}","templated":true}]}}