{"id":168764,"date":"2026-09-05T14:02:47","date_gmt":"2026-09-05T14:02:47","guid":{"rendered":"https:\/\/iwell-guard.com\/?page_id=168764"},"modified":"2026-09-05T14:18:50","modified_gmt":"2026-09-05T14:18:50","slug":"perun","status":"publish","type":"page","link":"https:\/\/iwell-guard.com\/is\/perun\/","title":{"rendered":"Perun"},"content":{"rendered":"\t\t<div data-elementor-type=\"wp-page\" data-elementor-id=\"168764\" class=\"elementor elementor-168764 elementor-1987 elementor-bc-flex-widget\" data-elementor-post-type=\"page\">\n\t\t\t\t<div class=\"elementor-element elementor-element-10fdade e-flex e-con-boxed e-con e-parent\" data-id=\"10fdade\" data-element_type=\"container\" data-e-type=\"container\" data-settings=\"{&quot;background_background&quot;:&quot;classic&quot;}\">\n\t\t\t\t\t<div class=\"e-con-inner\">\n\t\t<div class=\"elementor-element elementor-element-herohlft0 e-flex e-con-boxed e-con e-child\" data-id=\"herohlft0\" data-element_type=\"container\" data-e-type=\"container\">\n\t\t\t\t\t<div class=\"e-con-inner\">\n\t\t<div class=\"elementor-element elementor-element-c3ceb64 e-con-full e-flex e-con e-child\" data-id=\"c3ceb64\" data-element_type=\"container\" data-e-type=\"container\">\n\t\t\t\t<div class=\"elementor-element elementor-element-96ae5e1 elementor-widget elementor-widget-heading\" data-id=\"96ae5e1\" data-element_type=\"widget\" data-e-type=\"widget\" data-widget_type=\"heading.default\">\n\t\t\t\t\t<h1 class=\"elementor-heading-title elementor-size-default\">Perun, gu\u00f0 \u00far slavneskri hef\u00f0<\/h1>\t\t\t\t<\/div>\n\t\t\t\t<div class=\"elementor-element elementor-element-e45238a elementor-widget elementor-widget-text-editor\" data-id=\"e45238a\" data-element_type=\"widget\" data-e-type=\"widget\" data-widget_type=\"text-editor.default\">\n\t\t\t\t\t\t\t\t\t<p>Perun er \u00e6\u00f0sti \u00ferumugu\u00f0 slavneskrar <span class=\"iwg-fachbegriff\" data-tooltip=\"Heildarsafn arfleiddra go\u00f0sagna innan menningarheims.\" tabindex=\"0\">go\u00f0afr\u00e6\u00f0i<\/span> og t\u00e1knar eldingu, \u00ferumu og himneskt vald. Tr\u00faarlega mi\u00f0l\u00e6gur allt til kristnit\u00f6ku \u00e1 10. og 11. \u00f6ld, en haf\u00f0i s\u00ed\u00f0ar \u00e1fram menningarlega \u00fe\u00fd\u00f0ingu \u00ed <span class=\"iwg-fachbegriff\" data-tooltip=\"Arfleidd \u00fej\u00f3\u00f0menning me\u00f0 si\u00f0um, s\u00f6gum og s\u00f6ngvum.\" tabindex=\"0\">\u00fej\u00f3\u00f0tr\u00fa<\/span> og sta\u00f0bundnum venjum allt til n\u00fat\u00edmans.<\/p>\t\t\t\t\t\t\t\t<\/div>\n\t\t\t\t<\/div>\n\t\t<div class=\"elementor-element elementor-element-klsbdg01 e-con-full e-flex e-con e-parent\" data-id=\"klsbdg01\" data-element_type=\"container\" data-e-type=\"container\">\n\t\t\t\t<div class=\"elementor-element elementor-element-klshtm01 elementor-widget elementor-widget-html\" data-id=\"klshtm01\" data-element_type=\"widget\" data-e-type=\"widget\" data-widget_type=\"html.default\">\n\t\t\t\t\t<div class=\"iwg-pill-row\"><span class=\"iwg-klasse-badge\" tabindex=\"0\" data-tooltip=\"Gu\u00f0 \/ gy\u00f0ja: Pers\u00f3nuger\u00f0 \u00e6\u00f0sta vald \u00ed go\u00f0aheimi menningar, me\u00f0 sk\u00fdrum \u00e1byrg\u00f0arsvi\u00f0um, n\u00e1tt\u00faru\u00f6flum, \u00f6rl\u00f6gum, herna\u00f0i, frj\u00f3semi. D\u00fdrka\u00f0 me\u00f0 helgisi\u00f0um, f\u00f3rnum og hofstofnunum.\">Gu\u00f0<\/span><a href=\"https:\/\/iwell-guard.com\/is\/?page_id=168616\" class=\"iwg-kultur-badge\" tabindex=\"0\" data-tooltip=\"Slavnesk go\u00f0afr\u00e6\u00f0i og \u00fej\u00f3\u00f0tr\u00fa, kristnu\u00f0 fr\u00e1 10. \u00f6ld.\">Slavneskt<\/a><\/div>\t\t\t\t<\/div>\n\t\t\t\t<\/div>\n\t\t<div class=\"elementor-element elementor-element-3f74855 e-con-full e-flex e-con e-child\" data-id=\"3f74855\" data-element_type=\"container\" data-e-type=\"container\">\n\t\t\t\t<div class=\"elementor-element elementor-element-1c30362 elementor-toc--minimized-on-tablet elementor-widget elementor-widget-table-of-contents\" data-id=\"1c30362\" data-element_type=\"widget\" data-e-type=\"widget\" data-settings=\"{&quot;exclude_headings_by_selector&quot;:[],&quot;no_headings_message&quot;:&quot;Engar undirfyrirsagnir fundust \\u00e1 \\u00feessari s\\u00ed\\u00f0u.&quot;,&quot;headings_by_tags&quot;:[&quot;h2&quot;,&quot;h3&quot;],&quot;marker_view&quot;:&quot;bullets&quot;,&quot;minimize_box&quot;:&quot;yes&quot;,&quot;icon&quot;:{&quot;value&quot;:&quot;fas fa-circle&quot;,&quot;library&quot;:&quot;fa-solid&quot;,&quot;rendered_tag&quot;:&quot;&lt;svg class=\\&quot;e-font-icon-svg e-fas-circle\\&quot; viewBox=\\&quot;0 0 512 512\\&quot; xmlns=\\&quot;http:\\\/\\\/www.w3.org\\\/2000\\\/svg\\&quot;&gt;&lt;path d=\\&quot;M256 8C119 8 8 119 8 256s111 248 248 248 248-111 248-248S393 8 256 8z\\&quot;&gt;&lt;\\\/path&gt;&lt;\\\/svg&gt;&quot;},&quot;minimized_on&quot;:&quot;tablet&quot;,&quot;hierarchical_view&quot;:&quot;yes&quot;,&quot;min_height&quot;:{&quot;unit&quot;:&quot;px&quot;,&quot;size&quot;:&quot;&quot;,&quot;sizes&quot;:[]},&quot;min_height_tablet&quot;:{&quot;unit&quot;:&quot;px&quot;,&quot;size&quot;:&quot;&quot;,&quot;sizes&quot;:[]},&quot;min_height_mobile&quot;:{&quot;unit&quot;:&quot;px&quot;,&quot;size&quot;:&quot;&quot;,&quot;sizes&quot;:[]}}\" data-widget_type=\"table-of-contents.default\">\n\t\t\t\t\t\t\t\t\t<div class=\"elementor-toc__header\">\n\t\t\t\t\t\t<h2 class=\"elementor-toc__header-title\">\n\t\t\t\tEfnisyfirlit\t\t\t<\/h2>\n\t\t\t\t\t\t\t\t\t\t<div class=\"elementor-toc__toggle-button elementor-toc__toggle-button--expand\" role=\"button\" tabindex=\"0\" aria-controls=\"elementor-toc__1c30362\" aria-expanded=\"true\" aria-label=\"Open table of contents\"><svg aria-hidden=\"true\" class=\"e-font-icon-svg e-fas-chevron-down\" viewBox=\"0 0 448 512\" xmlns=\"http:\/\/www.w3.org\/2000\/svg\"><path d=\"M207.029 381.476L12.686 187.132c-9.373-9.373-9.373-24.569 0-33.941l22.667-22.667c9.357-9.357 24.522-9.375 33.901-.04L224 284.505l154.745-154.021c9.379-9.335 24.544-9.317 33.901.04l22.667 22.667c9.373 9.373 9.373 24.569 0 33.941L240.971 381.476c-9.373 9.372-24.569 9.372-33.942 0z\"><\/path><\/svg><\/div>\n\t\t\t\t<div class=\"elementor-toc__toggle-button elementor-toc__toggle-button--collapse\" role=\"button\" tabindex=\"0\" aria-controls=\"elementor-toc__1c30362\" aria-expanded=\"true\" aria-label=\"Close table of contents\"><svg aria-hidden=\"true\" class=\"e-font-icon-svg e-fas-chevron-up\" viewBox=\"0 0 448 512\" xmlns=\"http:\/\/www.w3.org\/2000\/svg\"><path d=\"M240.971 130.524l194.343 194.343c9.373 9.373 9.373 24.569 0 33.941l-22.667 22.667c-9.357 9.357-24.522 9.375-33.901.04L224 227.495 69.255 381.516c-9.379 9.335-24.544 9.317-33.901-.04l-22.667-22.667c-9.373-9.373-9.373-24.569 0-33.941L207.03 130.525c9.372-9.373 24.568-9.373 33.941-.001z\"><\/path><\/svg><\/div>\n\t\t\t\t\t<\/div>\n\t\t\t\t<div id=\"elementor-toc__1c30362\" class=\"elementor-toc__body\">\n\t\t\t<div class=\"elementor-toc__spinner-container\">\n\t\t\t\t<svg class=\"elementor-toc__spinner eicon-animation-spin e-font-icon-svg e-eicon-loading\" aria-hidden=\"true\" viewBox=\"0 0 1000 1000\" xmlns=\"http:\/\/www.w3.org\/2000\/svg\"><path d=\"M500 975V858C696 858 858 696 858 500S696 142 500 142 142 304 142 500H25C25 237 238 25 500 25S975 237 975 500 763 975 500 975Z\"><\/path><\/svg>\t\t\t<\/div>\n\t\t<\/div>\n\t\t\t\t\t\t<\/div>\n\t\t\t\t<\/div>\n\t\t\t\t\t<\/div>\n\t\t\t\t<\/div>\n\t\t<div class=\"elementor-element elementor-element-herorght0 e-con-full e-flex e-con e-child\" data-id=\"herorght0\" data-element_type=\"container\" data-e-type=\"container\">\n\t\t\t\t<div class=\"elementor-element elementor-element-heroimg00 iwg-hero-image elementor-widget elementor-widget-image\" data-id=\"heroimg00\" data-element_type=\"widget\" data-e-type=\"widget\" data-widget_type=\"image.default\">\n\t\t\t\t\t\t\t\t\t\t\t\t\t\t\t<img fetchpriority=\"high\" decoding=\"async\" width=\"683\" height=\"1024\" src=\"https:\/\/iwell-guard.com\/wp-content\/uploads\/2026\/04\/goetter_slawisch_perun-683x1024.webp\" class=\"attachment-large size-large wp-image-170939\" alt=\"Per\u00fan - Gu\u00f0ir \u00far slavneskri hef\u00f0, s\u00f6guleg myndskreyting\" srcset=\"https:\/\/iwell-guard.com\/wp-content\/uploads\/2026\/04\/goetter_slawisch_perun-683x1024.webp 683w, https:\/\/iwell-guard.com\/wp-content\/uploads\/2026\/04\/goetter_slawisch_perun-200x300.webp 200w, https:\/\/iwell-guard.com\/wp-content\/uploads\/2026\/04\/goetter_slawisch_perun-768x1152.webp 768w, https:\/\/iwell-guard.com\/wp-content\/uploads\/2026\/04\/goetter_slawisch_perun.webp 1024w\" sizes=\"(max-width: 683px) 100vw, 683px\" \/>\t\t\t\t\t\t\t\t\t\t\t\t\t\t\t<\/div>\n\t\t\t\t<\/div>\n\t\t\t\t\t<\/div>\n\t\t\t\t<\/div>\n\t\t<div class=\"elementor-element elementor-element-32917199 e-flex e-con-boxed e-con e-parent\" data-id=\"32917199\" data-element_type=\"container\" data-e-type=\"container\">\n\t\t\t\t\t<div class=\"e-con-inner\">\n\t\t<div class=\"elementor-element elementor-element-26e916cb e-flex e-con-boxed e-con e-child\" data-id=\"26e916cb\" data-element_type=\"container\" data-e-type=\"container\">\n\t\t\t\t\t<div class=\"e-con-inner\">\n\t\t<div class=\"elementor-element elementor-element-253a40d4 e-flex e-con-boxed e-con e-child\" data-id=\"253a40d4\" data-element_type=\"container\" data-e-type=\"container\">\n\t\t\t\t\t<div class=\"e-con-inner\">\n\t\t\t\t<div class=\"elementor-element elementor-element-1200c304 elementor-widget elementor-widget-heading\" data-id=\"1200c304\" data-element_type=\"widget\" data-e-type=\"widget\" data-widget_type=\"heading.default\">\n\t\t\t\t\t<h2 class=\"elementor-heading-title elementor-size-default\">Perun<\/h2>\t\t\t\t<\/div>\n\t\t\t\t<div class=\"elementor-element elementor-element-11758e7f elementor-widget elementor-widget-text-editor\" data-id=\"11758e7f\" data-element_type=\"widget\" data-e-type=\"widget\" data-widget_type=\"text-editor.default\">\n\t\t\t\t\t\t\t\t\t<p>Perun r\u00e6\u00f0ur yfir ve\u00f0ri, r\u00e9ttl\u00e6ti og herna\u00f0arlegri hugpr\u00fd\u00f0i. <span class=\"iwg-fachbegriff\" data-tooltip=\"T\u00e1kn sem stendur fyrir hugmynd e\u00f0a merkingu.\" tabindex=\"0\">T\u00e1kn<\/span> hans er \u00f6xin e\u00f0a hj\u00f3li\u00f0. \u00cd d\u00fdrkun hans var hann tengdur f\u00f3rnum, ei\u00f0svarningi og landam\u00e6ravernd. Minjar um tilbei\u00f0slu hans lifa enn \u00ed evr\u00f3pskum sta\u00f0arn\u00f6fnum og \u00fej\u00f3\u00f0legum si\u00f0um.<\/p>\t\t\t\t\t\t\t\t<\/div>\n\t\t\t\t\t<\/div>\n\t\t\t\t<\/div>\n\t\t<div class=\"elementor-element elementor-element-159dcf9a e-flex e-con-boxed e-con e-child\" data-id=\"159dcf9a\" data-element_type=\"container\" data-e-type=\"container\">\n\t\t\t\t\t<div class=\"e-con-inner\">\n\t\t\t\t<div class=\"elementor-element elementor-element-48cee66f elementor-widget elementor-widget-heading\" data-id=\"48cee66f\" data-element_type=\"widget\" data-e-type=\"widget\" data-widget_type=\"heading.default\">\n\t\t\t\t\t<h3 class=\"elementor-heading-title elementor-size-default\">Skj\u00f3tt yfirlit: Perun<\/h3>\t\t\t\t<\/div>\n\t\t\t\t<div class=\"elementor-element elementor-element-3f50d82c elementor-widget elementor-widget-text-editor\" data-id=\"3f50d82c\" data-element_type=\"widget\" data-e-type=\"widget\" data-widget_type=\"text-editor.default\">\n\t\t\t\t\t\t\t\t\t<p><strong>Tegund:<\/strong> \u00c6\u00f0sta slavnesk go\u00f0m\u00f6gn, \u00ferumu- og stormgu\u00f0, h\u00e6sti gu\u00f0 slavneska <span class=\"iwg-fachbegriff\" data-tooltip=\"Heildarsafn gu\u00f0a innan tr\u00faarbrag\u00f0a e\u00f0a menningarheims.\" tabindex=\"0\">go\u00f0aheimsins<\/span><br><span class=\"iwg-fachbegriff\" data-tooltip=\"Heildarsafn gu\u00f0a innan tr\u00faarbrag\u00f0a e\u00f0a menningarheims.\" tabindex=\"0\">Go\u00f0aheimur<\/span>: Slavneskur (austur-, vestur- og su\u00f0urslavneskur)<br>Hlutverk: \u00feruma, elding, str\u00ed\u00f0, konungd\u00f3mur, heimsskipan, a\u00f0 leggja hina \u00f3rei\u00f0ukenndu Veles-sl\u00f6ngu a\u00f0 velli<br>Meginkennileiti: \u00ferumu\u00f6xi (e\u00f0a hamar), eik (heilagt tr\u00e9), \u00f6rn, \u00f3gnvekjandi \u00fatlit me\u00f0 skegg<br>Meginmi\u00f0st\u00f6\u00f0var tilbei\u00f0slu: <strong>K\u00e6nugar\u00f0ur<\/strong> (go\u00f0aheimur Vladim\u00edrs fyrir 988), Novgorod (Perynj-<span class=\"iwg-fachbegriff\" data-tooltip=\"Heilagur sta\u00f0ur tileinka\u00f0ur tilbei\u00f0slu einnar go\u00f0veru.\" tabindex=\"0\">helgista\u00f0ur<\/span>), Pommern (Stettin)<br>Ind\u00f3evr\u00f3psk skyldleiki: \u00de\u00f3r (germ.), Indra (hind\u00fa), Seifur (gr\u00edsk.), Tarhunna (het\u00edt.)<\/p>\t\t\t\t\t\t\t\t<\/div>\n\t\t\t\t\t<\/div>\n\t\t\t\t<\/div>\n\t\t\t\t\t<\/div>\n\t\t\t\t<\/div>\n\t\t\t\t\t<\/div>\n\t\t\t\t<\/div>\n\t\t<div class=\"elementor-element elementor-element-18613602 e-flex e-con-boxed e-con e-parent\" data-id=\"18613602\" data-element_type=\"container\" data-e-type=\"container\">\n\t\t\t\t\t<div class=\"e-con-inner\">\n\t\t\t\t<div class=\"elementor-element elementor-element-262b8a9f elementor-widget elementor-widget-heading\" data-id=\"262b8a9f\" data-element_type=\"widget\" data-e-type=\"widget\" data-widget_type=\"heading.default\">\n\t\t\t\t\t<h2 class=\"elementor-heading-title elementor-size-default\">S\u00f6guleg sta\u00f0setning<\/h2>\t\t\t\t<\/div>\n\t\t<div class=\"elementor-element elementor-element-46dcb7d e-con-full e-flex e-con e-child\" data-id=\"46dcb7d\" data-element_type=\"container\" data-e-type=\"container\">\n\t\t<div class=\"elementor-element elementor-element-61d3ab3 e-flex e-con-boxed e-con e-child\" data-id=\"61d3ab3\" data-element_type=\"container\" data-e-type=\"container\">\n\t\t\t\t\t<div class=\"e-con-inner\">\n\t\t\t\t<div class=\"elementor-element elementor-element-117c166 elementor-widget elementor-widget-heading\" data-id=\"117c166\" data-element_type=\"widget\" data-e-type=\"widget\" data-widget_type=\"heading.default\">\n\t\t\t\t\t<h3 class=\"elementor-heading-title elementor-size-default\">T\u00edmabil textanna<\/h3>\t\t\t\t<\/div>\n\t\t\t\t<div class=\"elementor-element elementor-element-73997a0 elementor-widget elementor-widget-text-editor\" data-id=\"73997a0\" data-element_type=\"widget\" data-e-type=\"widget\" data-widget_type=\"text-editor.default\">\n\t\t\t\t\t\t\t\t\t<p>Perun er mikilv\u00e6gasta slavneska <span class=\"iwg-fachbegriff\" data-tooltip=\"Go\u00f0vera sem er d\u00fdrku\u00f0 innan tr\u00faarbrag\u00f0a.\" tabindex=\"0\">go\u00f0vera<\/span>, \u00feekkt hj\u00e1 \u00f6llum \u00feremur slavnesku tungum\u00e1lah\u00f3punum (austur-, vestur-, su\u00f0urslavneskum). Meginbl\u00f3mat\u00edmi: hei\u00f0in t\u00ed\u00f0 (fram til um 988, kristnit\u00f6ku K\u00e6nugar\u00f0s-R\u00fasslands af Vladim\u00edr mikla). Vladim\u00edr reisti um 980 \u00ed K\u00e6nugar\u00f0i hi\u00f0 fr\u00e6ga <span class=\"iwg-fachbegriff\" data-tooltip=\"Heildarsafn gu\u00f0a innan tr\u00faarbrag\u00f0a e\u00f0a menningarheims.\" tabindex=\"0\">go\u00f0asafn<\/span> me\u00f0 Perun \u00ed fararbroddi (Nestors-ann\u00e1ll).<\/p><p>Eftir kristnit\u00f6kuna var l\u00edkneski Peruns varpa\u00f0 \u00ed Dnjepr-flj\u00f3ti\u00f0. \u00dej\u00f3\u00f0legir si\u00f0ir lif\u00f0u \u00e1fram \u00ed m\u00f6rgum slavneskum h\u00e9ru\u00f0um allt fram \u00e1 19. \u00f6ld (\u00ferumusi\u00f0ir, eikard\u00fdrkun). \u00c1 20. \u00f6ld var\u00f0 til <em>rodnowierie<\/em>-endurvakning \u00ed R\u00fasslandi, P\u00f3llandi, T\u00e9kklandi, Sl\u00f3vak\u00edu og \u00dakra\u00ednu.<\/p>\t\t\t\t\t\t\t\t<\/div>\n\t\t\t\t\t<\/div>\n\t\t\t\t<\/div>\n\t\t<div class=\"elementor-element elementor-element-d47b156 e-flex e-con-boxed e-con e-child\" data-id=\"d47b156\" data-element_type=\"container\" data-e-type=\"container\">\n\t\t\t\t\t<div class=\"e-con-inner\">\n\t\t\t\t<div class=\"elementor-element elementor-element-ff38c2b elementor-widget elementor-widget-heading\" data-id=\"ff38c2b\" data-element_type=\"widget\" data-e-type=\"widget\" data-widget_type=\"heading.default\">\n\t\t\t\t\t<h3 class=\"elementor-heading-title elementor-size-default\">\u00datbrei\u00f0slusv\u00e6\u00f0i<\/h3>\t\t\t\t<\/div>\n\t\t\t\t<div class=\"elementor-element elementor-element-4e49fcc elementor-widget elementor-widget-text-editor\" data-id=\"4e49fcc\" data-element_type=\"widget\" data-e-type=\"widget\" data-widget_type=\"text-editor.default\">\n\t\t\t\t\t\t\t\t\t<p>Helstu tilbei\u00f0slusta\u00f0ir: <em>K\u00e6nugar\u00f0ur (Kiev)<\/em> (skur\u00f0go\u00f0ahof Vladim\u00edrs, <span class=\"iwg-fachbegriff\" data-tooltip=\"Heildarsafn gu\u00f0a \u00ed tr\u00faarbr\u00f6g\u00f0um e\u00f0a menningu.\" tabindex=\"0\">pantheon<\/span> me\u00f0 Perun-styttu me\u00f0 silfurh\u00f6fu\u00f0 og gulli\u00f0 yfirvaraskegg, 980&ndash;988), <strong>Novgorod<\/strong> (Perynj-<span class=\"iwg-fachbegriff\" data-tooltip=\"Helgur sta\u00f0ur tileinka\u00f0ur d\u00fdrkun gu\u00f0d\u00f3ms.\" tabindex=\"0\">helgista\u00f0ur<\/span> vi\u00f0 Volkhov-flj\u00f3t), <strong>Stettin<\/strong> (Pommern), <strong>Triglav-fjall<\/strong> (\u00ed sumum su\u00f0urslavneskum hef\u00f0um). Auk \u00feess \u00fe\u00fasundir eikarhelgista\u00f0a \u00ed slavneskum fjallah\u00e9ru\u00f0um. \u00cd hinni n\u00fat\u00edmalegu <em>slavnesku hei\u00f0nu hreyfingu<\/em> (rodnowierie, fr\u00e1 10. \u00e1ratug 20. aldar \u00ed R\u00fasslandi, P\u00f3llandi og \u00dakra\u00ednu) er hann aftur mi\u00f0l\u00e6gur \u00ed d\u00fdrkun.<\/p>\t\t\t\t\t\t\t\t<\/div>\n\t\t\t\t\t<\/div>\n\t\t\t\t<\/div>\n\t\t\t\t<\/div>\n\t\t<div class=\"elementor-element elementor-element-db03c39 e-con-full e-flex e-con e-child\" data-id=\"db03c39\" data-element_type=\"container\" data-e-type=\"container\">\n\t\t<div class=\"elementor-element elementor-element-229a87b e-flex e-con-boxed e-con e-child\" data-id=\"229a87b\" data-element_type=\"container\" data-e-type=\"container\">\n\t\t\t\t\t<div class=\"e-con-inner\">\n\t\t\t\t<div class=\"elementor-element elementor-element-1f471fc elementor-widget elementor-widget-heading\" data-id=\"1f471fc\" data-element_type=\"widget\" data-e-type=\"widget\" data-widget_type=\"heading.default\">\n\t\t\t\t\t<h3 class=\"elementor-heading-title elementor-size-default\">Heimildasta\u00f0a<\/h3>\t\t\t\t<\/div>\n\t\t\t\t<div class=\"elementor-element elementor-element-36b1201 elementor-widget elementor-widget-text-editor\" data-id=\"36b1201\" data-element_type=\"widget\" data-e-type=\"widget\" data-widget_type=\"text-editor.default\">\n\t\t\t\t\t\t\t\t\t<p>Helstu heimildir: <em>Nestors-ann\u00e1ll<\/em> (R\u00fassneska frumann\u00e1linn, 12. \u00f6ld, me\u00f0 l\u00fdsingu \u00e1 pantheoni Vladim\u00edrs), Helmold fr\u00e1 Bosau <em>Chronica Slavorum<\/em> (12. \u00f6ld, vestslavnesk), Saxo Grammaticus <em>Gesta Danorum<\/em>, \u00fej\u00f3\u00f0s\u00f6gur og \u00fej\u00f3\u00f0kv\u00e6\u00f0i. Fr\u00e6\u00f0irit: V\u00e1\u0148a, <em><span class=\"iwg-fachbegriff\" data-tooltip=\"Heildarsafn go\u00f0sagna sem var\u00f0veist hafa fr\u00e1 menningu.\" tabindex=\"0\">Go\u00f0afr\u00e6\u00f0i<\/span> og gu\u00f0aheimur slavnesku \u00fej\u00f3\u00f0anna<\/em>; Gimbutas, <em>The Slavs<\/em>; Ivanov\/Toporov, <em>Issledovanija v oblasti slavjanskich drevnostej<\/em> (klass\u00edsk ranns\u00f3kn); Pittner, <em>Slavnesk <span class=\"iwg-fachbegriff\" data-tooltip=\"Heildarsafn go\u00f0sagna sem var\u00f0veist hafa fr\u00e1 menningu.\" tabindex=\"0\">go\u00f0afr\u00e6\u00f0i<\/span><\/em>.<\/p>\t\t\t\t\t\t\t\t<\/div>\n\t\t\t\t\t<\/div>\n\t\t\t\t<\/div>\n\t\t\t\t<\/div>\n\t\t\t\t\t<\/div>\n\t\t\t\t<\/div>\n\t\t<div class=\"elementor-element elementor-element-3ae0637c e-flex e-con-boxed e-con e-parent\" data-id=\"3ae0637c\" data-element_type=\"container\" data-e-type=\"container\">\n\t\t\t\t\t<div class=\"e-con-inner\">\n\t\t\t\t<div class=\"elementor-element elementor-element-31d07739 elementor-widget elementor-widget-heading\" data-id=\"31d07739\" data-element_type=\"widget\" data-e-type=\"widget\" data-widget_type=\"heading.default\">\n\t\t\t\t\t<h2 class=\"elementor-heading-title elementor-size-default\">Nafn og heiti<\/h2>\t\t\t\t<\/div>\n\t\t<div class=\"elementor-element elementor-element-b7642947 e-con-full e-flex e-con e-child\" data-id=\"b7642947\" data-element_type=\"container\" data-e-type=\"container\">\n\t\t\t\t<div class=\"elementor-element elementor-element-a086266 elementor-widget elementor-widget-text-editor\" data-id=\"a086266\" data-element_type=\"widget\" data-e-type=\"widget\" data-widget_type=\"text-editor.default\">\n\t\t\t\t\t\t\t\t\t<p>Perun er \u00ed tilt\u00e6kum heimildum jafnan l\u00fdst sem st\u00f3rum, sterkum manni me\u00f0 rautt e\u00f0a logagyllt h\u00e1r og \u00feykkt skegg, d\u00e6migert einkenni ind\u00f3evr\u00f3pskra \u00ferumugu\u00f0a.<\/p><p>Heilagt vopn hans er \u00f6xin (e\u00f0a stundum barda\u00f6xin), sem hann kastar eldingum me\u00f0, \u00feruman er hlj\u00f3\u00f0i\u00f0 af \u00f6xinni, eldingin er lj\u00f3si\u00f0. \u00derumufleygurinn e\u00f0a Peruna er sexarma e\u00f0a kross-laga <span class=\"iwg-fachbegriff\" data-tooltip=\"T\u00e1kn sem stendur fyrir hugmynd e\u00f0a merkingu.\" tabindex=\"0\">t\u00e1kn<\/span> sem oft var bori\u00f0 sem <span class=\"iwg-fachbegriff\" data-tooltip=\"Hlutur sem borinn er og talinn hafa verndandi, \u00f3g\u00e6fuvarnandi \u00e1hrif.\" tabindex=\"0\">verndargripur<\/span>.<\/p><p>Eikin er heilagt tr\u00e9 hans: undir eikartrj\u00e1m voru f\u00e6r\u00f0ar <span class=\"iwg-fachbegriff\" data-tooltip=\"Gj\u00f6f til go\u00f0veru til a\u00f0 tj\u00e1 \u00feakkl\u00e6ti, b\u00f3n e\u00f0a tilbei\u00f0slu.\" tabindex=\"0\">f\u00f3rnir<\/span>, og helgista\u00f0ir hans l\u00e1gu oft vi\u00f0 eikarlundi, \u00fear sem vi\u00f0urinn var d\u00fdrka\u00f0ur sem heyrandi gu\u00f0i til.<\/p><p><span class=\"iwg-fachbegriff\" data-tooltip=\"Bygging sem er \u00e6tlu\u00f0 til tilbei\u00f0slu einnar e\u00f0a fleiri go\u00f0vera.\" tabindex=\"0\">Hof<\/span> hans \u00ed K\u00e6nugar\u00f0i bar \u00e1 toppnum gulli\u00f0 l\u00edkneski me\u00f0 augum \u00far karne\u00f3li (rau\u00f0um steini) og silfri, me\u00f0vita\u00f0 <span class=\"iwg-fachbegriff\" data-tooltip=\"T\u00e1kn sem stendur fyrir hugmynd e\u00f0a merkingu.\" tabindex=\"0\">t\u00e1kn<\/span> um vald yfir himneskum eldi og jar\u00f0neskri m\u00e1tt \u00ed senn. \u00cd helgid\u00f6nsum og skr\u00fa\u00f0g\u00f6ngum voru oft f\u00e6r\u00f0ar hr\u00e1ar kj\u00f6tf\u00f3rnir sem vir\u00f0ingar- og tilbei\u00f0sluvottur.<\/p>\t\t\t\t\t\t\t\t<\/div>\n\t\t\t\t<\/div>\n\t\t\t\t\t<\/div>\n\t\t\t\t<\/div>\n\t\t<div class=\"elementor-element elementor-element-709a44a8 e-flex e-con-boxed e-con e-parent\" data-id=\"709a44a8\" data-element_type=\"container\" data-e-type=\"container\">\n\t\t\t\t\t<div class=\"e-con-inner\">\n\t\t\t\t<div class=\"elementor-element elementor-element-2f585873 elementor-widget elementor-widget-heading\" data-id=\"2f585873\" data-element_type=\"widget\" data-e-type=\"widget\" data-widget_type=\"heading.default\">\n\t\t\t\t\t<h2 class=\"elementor-heading-title elementor-size-default\">L\u00fdsing<\/h2>\t\t\t\t<\/div>\n\t\t<div class=\"elementor-element elementor-element-70621c12 e-con-full e-flex e-con e-child\" data-id=\"70621c12\" data-element_type=\"container\" data-e-type=\"container\">\n\t\t\t\t<div class=\"elementor-element elementor-element-4296eb49 elementor-widget elementor-widget-text-editor\" data-id=\"4296eb49\" data-element_type=\"widget\" data-e-type=\"widget\" data-widget_type=\"text-editor.default\">\n\t\t\t\t\t\t\t\t\t<p>Per\u00fan var ekki einungis pers\u00f3nugerving n\u00e1tt\u00faruaflanna, heldur einnig verndari samf\u00e9lagslegrar reglu, r\u00e9ttl\u00e6tis og samninga.<\/p><p>Str\u00ed\u00f0smenn s\u00f3ru ei\u00f0a s\u00edna frammi fyrir <span class=\"iwg-fachbegriff\" data-tooltip=\"Upph\u00e6kka\u00f0ur sta\u00f0ur e\u00f0a bor\u00f0 fyrir f\u00f3rnir og tr\u00faarathafnir.\" tabindex=\"0\">altari<\/span> hans, og ei\u00f0urinn var innsigla\u00f0ur me\u00f0 nafni hans. Ei\u00f0rof var tali\u00f0 ekki bara pers\u00f3nuleg sk\u00f6mm, heldur helgispj\u00f6ll sem Per\u00fan myndi sj\u00e1lfur hefna. \u00c1 kr\u00edsut\u00edmum b\u00e6nheyr\u00f0u R\u00fassarnir hann um sigur, og eftir sigurs\u00e6l str\u00ed\u00f0 voru f\u00e6r\u00f0ar umfangsmiklar <span class=\"iwg-fachbegriff\" data-tooltip=\"Gj\u00f6f til gu\u00f0s e\u00f0a go\u00f0magns til a\u00f0 tj\u00e1 \u00feakkl\u00e6ti, b\u00f3n e\u00f0a lotningu.\" tabindex=\"0\">f\u00f3rnir<\/span>.<\/p><p>H\u00e1t\u00ed\u00f0ir hans f\u00f3ru fram \u00e1 t\u00edmum mikilla \u00feruma, s\u00e9rstaklega \u00e1 \u00e1rst\u00ed\u00f0askiptum (vor og sumar), \u00feegar \u00f3ve\u00f0ur voru t\u00ed\u00f0. <span class=\"iwg-fachbegriff\" data-tooltip=\"Heildarsafn tr\u00faarlegra tilbei\u00f0sluathafna fyrir gu\u00f0 e\u00f0a heilaga v\u00e6ttu.\" tabindex=\"0\">D\u00fdrkun<\/span> hans var hierark\u00edskt skipul\u00f6g\u00f0: a\u00f0eins \u00fej\u00e1lfa\u00f0ir prestar m\u00e1ttu snerta heilagan eld hans, og st\u00f3rfurstinn sj\u00e1lfur var \u00e6\u00f0sti f\u00f3rnf\u00e6randinn, hlutverk sem r\u00e9ttl\u00e6tti og l\u00f6gfesti \u00feessa h\u00e1u st\u00f6\u00f0u hans.<\/p><p>Eftir kristnit\u00f6ku hvarf hin opinbera <span class=\"iwg-fachbegriff\" data-tooltip=\"Heildarsafn tr\u00faarlegra tilbei\u00f0sluathafna fyrir gu\u00f0 e\u00f0a heilaga v\u00e6ttu.\" tabindex=\"0\">d\u00fdrkun<\/span> hratt, en \u00fej\u00f3\u00f0tr\u00fa og sveitasi\u00f0ir var\u00f0veittu minningar um hann, oft \u00ed formi hj\u00e1tr\u00faar um eldingar, \u00ferumur og eikur.<\/p>\t\t\t\t\t\t\t\t<\/div>\n\t\t\t\t<\/div>\n\t\t\t\t\t<\/div>\n\t\t\t\t<\/div>\n\t\t<div class=\"elementor-element elementor-element-44e71476 e-flex e-con-boxed e-con e-parent\" data-id=\"44e71476\" data-element_type=\"container\" data-e-type=\"container\">\n\t\t\t\t\t<div class=\"e-con-inner\">\n\t\t\t\t<div class=\"elementor-element elementor-element-3c1fc3f0 elementor-widget elementor-widget-heading\" data-id=\"3c1fc3f0\" data-element_type=\"widget\" data-e-type=\"widget\" data-widget_type=\"heading.default\">\n\t\t\t\t\t<h2 class=\"elementor-heading-title elementor-size-default\">Yfirlit: Per\u00fan<\/h2>\t\t\t\t<\/div>\n\t\t<div class=\"elementor-element elementor-element-84f33b8e e-con-full e-flex e-con e-child\" data-id=\"84f33b8e\" data-element_type=\"container\" data-e-type=\"container\">\n\t\t\t\t<div class=\"elementor-element elementor-element-hqkdc67p elementor-widget elementor-widget-text-editor\" data-id=\"hqkdc67p\" data-element_type=\"widget\" data-e-type=\"widget\" data-widget_type=\"text-editor.default\">\n\t\t\t\t\t\t\t\t\t<p>Mikilv\u00e6gustu einkenni Per\u00fans \u00ed hnotskurn. Eftirfarandi reitir taka saman uppruna, hlutverk, \u00fatlit, d\u00fdrkun, t\u00e1kn og menningarlega hli\u00f0st\u00e6\u00f0ur.<\/p>\t\t\t\t\t\t\t\t<\/div>\n\t\t\t\t<\/div>\n\t\t<div class=\"elementor-element elementor-element-pemmx7c5 e-con-full e-flex e-con e-child\" data-id=\"pemmx7c5\" data-element_type=\"container\" data-e-type=\"container\">\n\t\t<div class=\"elementor-element elementor-element-pemmx7c1 e-con-full e-flex e-con e-child\" data-id=\"pemmx7c1\" data-element_type=\"container\" data-e-type=\"container\">\n\t\t<div class=\"elementor-element elementor-element-qh9oavvu iwg-steckbrief-card e-flex e-con-boxed e-con e-child\" data-id=\"qh9oavvu\" data-element_type=\"container\" data-e-type=\"container\">\n\t\t\t\t\t<div class=\"e-con-inner\">\n\t\t\t\t<div class=\"elementor-element elementor-element-awzx8k2k elementor-widget elementor-widget-heading\" data-id=\"awzx8k2k\" data-element_type=\"widget\" data-e-type=\"widget\" data-widget_type=\"heading.default\">\n\t\t\t\t\t<h3 class=\"elementor-heading-title elementor-size-default\">Menningarsamhengi<\/h3>\t\t\t\t<\/div>\n\t\t\t\t<div class=\"elementor-element elementor-element-x6rowhv0 elementor-widget elementor-widget-text-editor\" data-id=\"x6rowhv0\" data-element_type=\"widget\" data-e-type=\"widget\" data-widget_type=\"text-editor.default\">\n\t\t\t\t\t\t\t\t\t<p>Per\u00fan er h\u00f6fu\u00f0gu\u00f0 slavneska go\u00f0aheimsins, me\u00f0 ind\u00f3evr\u00f3pskar r\u00e6tur \u00ed hinni samf\u00e9lagslegu \u00ferumugu\u00f0ahef\u00f0 (samb\u00e6rilegur vi\u00f0 germanska \u00de\u00f3r, hind\u00faska Indra, gr\u00edska Seif).<\/p><p>\u00cd hinni mi\u00f0l\u00e6gu slavnesku <span class=\"iwg-fachbegriff\" data-tooltip=\"Forns\u00f6gn um gu\u00f0i, uppruna og skipulag heimsins.\" tabindex=\"0\">go\u00f0s\u00f6gu<\/span>: eil\u00edf \u00e1t\u00f6k milli Per\u00fans (himnesk regla, \u00feruma) og Veles (jar\u00f0bundi\u00f0 vald, sn\u00e1kagu\u00f0 undirheimanna), klass\u00edsk drekabardaga-<span class=\"iwg-fachbegriff\" data-tooltip=\"Forns\u00f6gn um gu\u00f0i, uppruna og skipulag heimsins.\" tabindex=\"0\">go\u00f0s\u00f6gn<\/span>.<\/p><p>Per\u00fan berst vi\u00f0 Veles, \u00fev\u00ed hann hefur stoli\u00f0 nautgripum, konu e\u00f0a syni hans (eftir \u00fatg\u00e1fu), og hrekur Veles aftur til undirheimanna, \u00fear af lei\u00f0andi ver\u00f0a \u00ferumurnar, regni\u00f0 og gr\u00f3\u00f0urs\u00e6ldin til. Fa\u00f0ir Yarilos (samkv\u00e6mt sumum hef\u00f0um).<\/p>\t\t\t\t\t\t\t\t<\/div>\n\t\t\t\t\t<\/div>\n\t\t\t\t<\/div>\n\t\t<div class=\"elementor-element elementor-element-8e3o4kxs iwg-steckbrief-card e-flex e-con-boxed e-con e-child\" data-id=\"8e3o4kxs\" data-element_type=\"container\" data-e-type=\"container\">\n\t\t\t\t\t<div class=\"e-con-inner\">\n\t\t\t\t<div class=\"elementor-element elementor-element-08rkdgov elementor-widget elementor-widget-heading\" data-id=\"08rkdgov\" data-element_type=\"widget\" data-e-type=\"widget\" data-widget_type=\"heading.default\">\n\t\t\t\t\t<h3 class=\"elementor-heading-title elementor-size-default\">Verkunarsvi\u00f0<\/h3>\t\t\t\t<\/div>\n\t\t\t\t<div class=\"elementor-element elementor-element-uwjelx8s elementor-widget elementor-widget-text-editor\" data-id=\"uwjelx8s\" data-element_type=\"widget\" data-e-type=\"widget\" data-widget_type=\"text-editor.default\">\n\t\t\t\t\t\t\t\t\t<p>\u00deruma- og eldingagu\u00f0. Konungsgu\u00f0 (d\u00fdrka\u00f0ur sem h\u00f6fu\u00f0gu\u00f0 fursta \u00ed K\u00e6nugar\u00f0i). Verndari str\u00ed\u00f0s (\u00e1kalla\u00f0ur fyrir orrustur). Verndari eika (heilagt tr\u00e9, sem eldingar sl\u00e1 ni\u00f0ur).<\/p><p>\u00cd pers\u00f3nulegri heimilisd\u00fdrkun var <span class=\"iwg-fachbegriff\" data-tooltip=\"B\u00e6narlegt e\u00f0a \u00e1k\u00f6llunarlegt \u00e1varp til gu\u00f0s e\u00f0a go\u00f0magns.\" tabindex=\"0\">\u00e1kall<\/span> til hans um vernd gegn eldingum og \u00f3g\u00e6fu. \u00cd \u00fej\u00f3\u00f0tr\u00fa var hann samsama\u00f0ur kristnum <em>heil\u00f6gum El\u00edasi (Ilja)<\/em>, sem ekur eldvagni s\u00ednum um himininn og sl\u00e6r me\u00f0 eldingum, sem samsvarar hlutverki Per\u00fans.<\/p>\t\t\t\t\t\t\t\t<\/div>\n\t\t\t\t\t<\/div>\n\t\t\t\t<\/div>\n\t\t<div class=\"elementor-element elementor-element-jm2n74ec iwg-steckbrief-card e-flex e-con-boxed e-con e-child\" data-id=\"jm2n74ec\" data-element_type=\"container\" data-e-type=\"container\">\n\t\t\t\t\t<div class=\"e-con-inner\">\n\t\t\t\t<div class=\"elementor-element elementor-element-8vufse4c elementor-widget elementor-widget-heading\" data-id=\"8vufse4c\" data-element_type=\"widget\" data-e-type=\"widget\" data-widget_type=\"heading.default\">\n\t\t\t\t\t<h3 class=\"elementor-heading-title elementor-size-default\">\u00c1s\u00fdnd<\/h3>\t\t\t\t<\/div>\n\t\t\t\t<div class=\"elementor-element elementor-element-mwb9u015 elementor-widget elementor-widget-text-editor\" data-id=\"mwb9u015\" data-element_type=\"widget\" data-e-type=\"widget\" data-widget_type=\"text-editor.default\">\n\t\t\t\t\t\t\t\t\t<p>Einkennandi l\u00fdst samkv\u00e6mt Nestors-ann\u00e1lum: stytta me\u00f0 silfurh\u00f6fu\u00f0 og gulli\u00f0 yfirvaraskegg, \u00ed fornslavneskum str\u00ed\u00f0smannsb\u00faningi. S\u00ed\u00f0ari myndl\u00fdsingar (s\u00e9rstaklega \u00ed n\u00fat\u00edma rodnowierie-hreyfingunni): kraftalegur skeggja\u00f0ur ma\u00f0ur me\u00f0 langt rautt e\u00f0a lj\u00f3st skegg, \u00ed slavneskum str\u00ed\u00f0smannskl\u00e6\u00f0um me\u00f0 skinnk\u00e1pu.<\/p><p><em>\u00derumu\u00f6xi<\/em> (e\u00f0a hamar) \u00ed hendi, a\u00f0alt\u00e1kni\u00f0 hans. Stundum me\u00f0 <em>\u00f6rn<\/em> \u00e1 \u00f6xlinni (heilagan fugl). R\u00ed\u00f0ur eldvagni e\u00f0a hesti. H\u00fa\u00f0litur rau\u00f0leitur (af rei\u00f0i og \u00ferumuorku).<\/p>\t\t\t\t\t\t\t\t<\/div>\n\t\t\t\t\t<\/div>\n\t\t\t\t<\/div>\n\t\t\t\t<\/div>\n\t\t<div class=\"elementor-element elementor-element-pemmx7c2 e-con-full e-flex e-con e-child\" data-id=\"pemmx7c2\" data-element_type=\"container\" data-e-type=\"container\">\n\t\t<div class=\"elementor-element elementor-element-37ss2yr6 iwg-steckbrief-card e-flex e-con-boxed e-con e-child\" data-id=\"37ss2yr6\" data-element_type=\"container\" data-e-type=\"container\">\n\t\t\t\t\t<div class=\"e-con-inner\">\n\t\t\t\t<div class=\"elementor-element elementor-element-3v0wp3wx elementor-widget elementor-widget-heading\" data-id=\"3v0wp3wx\" data-element_type=\"widget\" data-e-type=\"widget\" data-widget_type=\"heading.default\">\n\t\t\t\t\t<h3 class=\"elementor-heading-title elementor-size-default\">I\u00f0ja<\/h3>\t\t\t\t<\/div>\n\t\t\t\t<div class=\"elementor-element elementor-element-w3247g2m elementor-widget elementor-widget-text-editor\" data-id=\"w3247g2m\" data-element_type=\"widget\" data-e-type=\"widget\" data-widget_type=\"text-editor.default\">\n\t\t\t\t\t\t\t\t\t<p><strong>Wirkungsbereich:<\/strong> Per\u00fan var \u00e1kalla\u00f0ur sem h\u00f6fu\u00f0gu\u00f0 \u00ed forkristnum slavneskum si\u00f0, fyrir orrustur, \u00ed ei\u00f0sformum (slavneskar ei\u00f0sform\u00falur \u00e1k\u00f6llu\u00f0u Per\u00fan) og \u00ed ve\u00f0ur\u00e1hyggjum. Eikarhelgista\u00f0ir voru helstu d\u00fdrkunarsta\u00f0ir hans. \u00c1rleg a\u00f0alh\u00e1t\u00ed\u00f0 hans var 20. j\u00fal\u00ed (var\u00f0veitt \u00ed kristinni hef\u00f0 sem El\u00edasarh\u00e1t\u00ed\u00f0). \u00cd n\u00fat\u00edma <em>rodnowierie<\/em>-hef\u00f0 er hann aftur d\u00fdrka\u00f0ur me\u00f0 bl\u00f3t-l\u00edkum samkomum, virk samf\u00e9l\u00f6g eru \u00ed R\u00fasslandi, P\u00f3llandi, \u00dakra\u00ednu, T\u00e9kklandi og Sl\u00f3vak\u00edu.<\/p>\t\t\t\t\t\t\t\t<\/div>\n\t\t\t\t\t<\/div>\n\t\t\t\t<\/div>\n\t\t<div class=\"elementor-element elementor-element-0qpjal9w iwg-steckbrief-card e-flex e-con-boxed e-con e-child\" data-id=\"0qpjal9w\" data-element_type=\"container\" data-e-type=\"container\">\n\t\t\t\t\t<div class=\"e-con-inner\">\n\t\t\t\t<div class=\"elementor-element elementor-element-6ndoih0o elementor-widget elementor-widget-heading\" data-id=\"6ndoih0o\" data-element_type=\"widget\" data-e-type=\"widget\" data-widget_type=\"heading.default\">\n\t\t\t\t\t<h3 class=\"elementor-heading-title elementor-size-default\">Varnarform<\/h3>\t\t\t\t<\/div>\n\t\t\t\t<div class=\"elementor-element elementor-element-6684tyh9 elementor-widget elementor-widget-text-editor\" data-id=\"6684tyh9\" data-element_type=\"widget\" data-e-type=\"widget\" data-widget_type=\"text-editor.default\">\n\t\t\t\t\t\t\t\t\t<p>\u00derumu\u00f6xi (e\u00f0a hamar), eik (heilagt tr\u00e9), \u00f6rn, eldvagn, \u00f6rvar (\u00ferumu\u00f6rvar), \u00f6xi. Heil\u00f6g planta: eik (allar eikur sem eldingar hafa slegi\u00f0 ni\u00f0ur voru taldar <span class=\"iwg-fachbegriff\" data-tooltip=\"Tilheyrandi hinu gu\u00f0lega og \u00fear me\u00f0 undan\u00feegi\u00f0 hversdagslegri notkun.\" tabindex=\"0\">heilagar<\/span>), lithimnujurt. Heil\u00f6g d\u00fdr: \u00f6rn, naut (f\u00f3rnard\u00fdr), hani. Heil\u00f6g tala: 4 (fj\u00f3rar h\u00f6fu\u00f0\u00e1ttir, fj\u00f6gur \u00ferumu\u00f6xarh\u00f6gg). Heilagur vikudagur: fimmtudagur (samkv\u00e6mt sumum hef\u00f0um).<\/p>\t\t\t\t\t\t\t\t<\/div>\n\t\t\t\t\t<\/div>\n\t\t\t\t<\/div>\n\t\t<div class=\"elementor-element elementor-element-3lfi7x32 iwg-steckbrief-card e-flex e-con-boxed e-con e-child\" data-id=\"3lfi7x32\" data-element_type=\"container\" data-e-type=\"container\">\n\t\t\t\t\t<div class=\"e-con-inner\">\n\t\t\t\t<div class=\"elementor-element elementor-element-0kg99ga1 elementor-widget elementor-widget-heading\" data-id=\"0kg99ga1\" data-element_type=\"widget\" data-e-type=\"widget\" data-widget_type=\"heading.default\">\n\t\t\t\t\t<div class=\"elementor-heading-title elementor-size-default\">Hli\u00f0st\u00e6\u00f0ur Per\u00fans<\/div>\t\t\t\t<\/div>\n\t\t\t\t<div class=\"elementor-element elementor-element-n0fum6kp elementor-widget elementor-widget-text-editor\" data-id=\"n0fum6kp\" data-element_type=\"widget\" data-e-type=\"widget\" data-widget_type=\"text-editor.default\">\n\t\t\t\t\t\t\t\t\t<p><em>\u00de\u00f3r<\/em> (germanskur \u00ferumugu\u00f0 me\u00f0 hamar, sameiginleg ind\u00f3evr\u00f3psk r\u00f3t), <em>Indra<\/em> (hind\u00faasi\u00f0ur, Vajra-\u00ferumuvopn, Vritra-orrustu-<span class=\"iwg-fachbegriff\" data-tooltip=\"Forns\u00f6gn um gu\u00f0i, uppruna og skipulag heimsins.\" tabindex=\"0\">go\u00f0saga<\/span>), <em>Seifur<\/em> (Grikkland, \u00ferumuvopnskonungur gu\u00f0anna), <em>J\u00fap\u00edter<\/em> (R\u00f3maveldi), <em>Tarhunna\/Tesub<\/em> (Hitt\u00edtar), <em>Marduk<\/em> (Mes\u00f3p\u00f3tam\u00eda, storma-hetja), <em>Adad<\/em> (Mes\u00f3p\u00f3tam\u00eda), <em>Baal<\/em> (Levant), <em>Raijin<\/em> (Japan), <em>Lei Gong<\/em> (K\u00edna). Per\u00fan-Veles-orrustu-<span class=\"iwg-fachbegriff\" data-tooltip=\"Forns\u00f6gn um gu\u00f0i, uppruna og skipulag heimsins.\" tabindex=\"0\">go\u00f0sagan<\/span> samsvarar byggingarlega n\u00e1kv\u00e6mlega drekabardaga-go\u00f0s\u00f6gum annarra ind\u00f3evr\u00f3pskra \u00ferumugu\u00f0a.<\/p>\t\t\t\t\t\t\t\t<\/div>\n\t\t\t\t\t<\/div>\n\t\t\t\t<\/div>\n\t\t\t\t<\/div>\n\t\t\t\t<\/div>\n\t\t\t\t\t<\/div>\n\t\t\t\t<\/div>\n\t\t<div class=\"elementor-element elementor-element-5a584676 e-flex e-con-boxed e-con e-parent\" data-id=\"5a584676\" data-element_type=\"container\" data-e-type=\"container\">\n\t\t\t\t\t<div class=\"e-con-inner\">\n\t\t\t\t<div class=\"elementor-element elementor-element-6d0757bf elementor-widget elementor-widget-heading\" data-id=\"6d0757bf\" data-element_type=\"widget\" data-e-type=\"widget\" data-widget_type=\"heading.default\">\n\t\t\t\t\t<h2 class=\"elementor-heading-title elementor-size-default\">Per\u00fan, hli\u00f0st\u00e6\u00f0ur \u00ed \u00f6\u00f0rum menningarheimum<\/h2>\t\t\t\t<\/div>\n\t\t<div class=\"elementor-element elementor-element-60563f68 e-con-full e-flex e-con e-child\" data-id=\"60563f68\" data-element_type=\"container\" data-e-type=\"container\">\n\t\t\t\t<div class=\"elementor-element elementor-element-5a93fdd6 elementor-widget elementor-widget-text-editor\" data-id=\"5a93fdd6\" data-element_type=\"widget\" data-e-type=\"widget\" data-widget_type=\"text-editor.default\">\n\t\t\t\t\t\t\t\t\t<p>Perun samsvarar \u00ed grunnbyggingu og hlutverki hinum baltneska Perk\u016bnas, lith\u00e1\u00edska Perk\u016bnas og fj\u00e6r \u00fev\u00ed germanska \u00de\u00f3r og r\u00f3mverska J\u00fap\u00edter Tonans (Seifi Keraunios).<\/p><p>Allir \u00feessir gu\u00f0ir r\u00e1\u00f0a yfir ve\u00f0ri og herna\u00f0i, allir eru kraftmiklir karlar me\u00f0 axir, hamra e\u00f0a eldingar, og allir eru \u00e6\u00f0stu e\u00f0a n\u00e6r \u00e6\u00f0stu gu\u00f0ir \u00ed s\u00ednum vi\u00f0komandi go\u00f0aheimum. Hin v\u00ed\u00f0t\u00e6ka ind\u00f3evr\u00f3pska samsv\u00f6run s\u00fdnir grundvallar frummynd.<\/p>\n<p><strong>Sem\u00edsk tr\u00faarhef\u00f0:<\/strong> Gu\u00f0inn Hadad e\u00f0a Baal \u00ed sem\u00edskum menningarheimum deilir me\u00f0 Perun stj\u00f3rn yfir ve\u00f0urfyrirb\u00e6rum og frj\u00f3semi. B\u00e1\u00f0ir eru s\u00fdndir me\u00f0 \u00ferumuvopnum (eldingu, \u00f6xi) og tigna\u00f0ir \u00e1 h\u00e6\u00f0arhelgist\u00f6\u00f0um.<\/p><p><strong>Gr\u00edsk-r\u00f3mverski heimurinn:<\/strong> Seifur og r\u00f3mverski hli\u00f0st\u00e6\u00f0an J\u00fap\u00edter l\u00edkjast Perun \u00ed uppbyggingu: \u00e6\u00f0stu gu\u00f0ir me\u00f0 \u00ferumuvopn (eldingu), alheimsvald og tengsl vi\u00f0 ei\u00f0at\u00f6ku og herna\u00f0. Ind\u00f3evr\u00f3pska r\u00f3tin *Per-\u01f5unos er sta\u00f0fest me\u00f0 m\u00e1lv\u00edsindalegum h\u00e6tti.<\/p><p><strong>Germ\u00f6nsk hef\u00f0:<\/strong> \u00de\u00f3r \u00far norr\u00e6nni <span class=\"iwg-fachbegriff\" data-tooltip=\"Heildarsafn arflei\u00f0ra go\u00f0sagna innan menningarheims.\" tabindex=\"0\">go\u00f0afr\u00e6\u00f0i<\/span> er samsvarandi Perun: \u00ferumugu\u00f0 me\u00f0 hamar (Mj\u00f6lni) \u00ed sta\u00f0 axar, svipu\u00f0 hlutverk \u00ed landam\u00e6ravernd og ei\u00f0at\u00f6ku, samb\u00e6rileg \u00fej\u00f3\u00f0tr\u00faarupptaka eftir kristnit\u00f6ku (fimmtudagsheiti, verndar\u00feulur).<\/p><p><strong>Hind\u00faasi\u00f0ur:<\/strong> Indra, hinn ved\u00edski himnagu\u00f0 og \u00ferumugu\u00f0, ber svipu\u00f0 einkenni: ve\u00f0urstj\u00f3rn, str\u00ed\u00f0smannshlutverk og gagnkv\u00e6mni f\u00f3rna. M\u00e1lfr\u00e6\u00f0ileg og go\u00f0sagnaleg samfella til hins ind\u00f3evr\u00f3pska frumgu\u00f0s er til sta\u00f0ar.<\/p>\t\t\t\t\t\t\t\t<\/div>\n\t\t\t\t<\/div>\n\t\t\t\t\t<\/div>\n\t\t\t\t<\/div>\n\t\t<div class=\"elementor-element elementor-element-cpcd43fe9 e-flex e-con-boxed e-con e-parent\" data-id=\"cpcd43fe9\" data-element_type=\"container\" data-e-type=\"container\">\n\t\t\t\t\t<div class=\"e-con-inner\">\n\t\t\t\t<div class=\"elementor-element elementor-element-cpa02230a elementor-widget elementor-widget-heading\" data-id=\"cpa02230a\" data-element_type=\"widget\" data-e-type=\"widget\" data-widget_type=\"heading.default\">\n\t\t\t\t\t<h2 class=\"elementor-heading-title elementor-size-default\">Perun og heimildasta\u00f0a slavneskrar go\u00f0afr\u00e6\u00f0i<\/h2>\t\t\t\t<\/div>\n\t\t<div class=\"elementor-element elementor-element-cpdc09b51 e-con-full e-flex e-con e-child\" data-id=\"cpdc09b51\" data-element_type=\"container\" data-e-type=\"container\">\n\t\t\t\t<div class=\"elementor-element elementor-element-cp61467f9 elementor-widget elementor-widget-text-editor\" data-id=\"cp61467f9\" data-element_type=\"widget\" data-e-type=\"widget\" data-widget_type=\"text-editor.default\">\n\t\t\t\t\t\t\t\t\t<p>\u00deeir sem fjalla um Perun \u00feurfa fyrst a\u00f0 skilja hina erfi\u00f0u heimildast\u00f6\u00f0u slavneskrar <span class=\"iwg-fachbegriff\" data-tooltip=\"Heildarsafn arflei\u00f0ra go\u00f0sagna innan menningarheims.\" tabindex=\"0\">go\u00f0afr\u00e6\u00f0i<\/span>. \u00d3l\u00edkt hinni gr\u00edsku, r\u00f3mversku e\u00f0a norr\u00e6nu <span class=\"iwg-fachbegriff\" data-tooltip=\"Mi\u00f0lun \u00feekkingar og sagna milli kynsl\u00f3\u00f0a.\" tabindex=\"0\">arfleif\u00f0<\/span> hefur forkristin slavnesk tr\u00fa ekki skili\u00f0 eftir sig eigin b\u00f3kmenntahef\u00f0. \u00dea\u00f0 er engin slavnesk <em>Edda<\/em>, engin slavnesk <em>\u00deeog\u00f3n\u00eda<\/em>. Allt sem vi\u00f0 vitum kemur \u00far \u00f3beinum og oftast s\u00ed\u00f0ari t\u00edma vitnisbur\u00f0i.<\/p><p>Mikilv\u00e6gustu heimildir um Perun eru ann\u00e1lar og kirkjulegir textar.<\/p><p>Hinn fornr\u00fassneski <em>Nestorsann\u00e1ll<\/em>, einnig kalla\u00f0ur <em>Fr\u00e1s\u00f6gn li\u00f0inna \u00e1ra<\/em>, fr\u00e1 upphafi 12. aldar, greinir fr\u00e1 \u00fev\u00ed a\u00f0 fursti Vladim\u00edr af K\u00e6nugar\u00f0i l\u00e9t reisa fj\u00f6lda go\u00f0amynda \u00e1\u00f0ur en hann t\u00f3k kristni \u00e1ri\u00f0 980, og fremstur \u00feeirra var Perun, en mynd hans er l\u00fdst \u00far tr\u00e9 me\u00f0 silfurh\u00f6fu\u00f0 og gulli\u00f0 yfirvaraskegg.<\/p><p>Sami ann\u00e1ll greinir fr\u00e1 \u00fev\u00ed a\u00f0 Perunar-l\u00edkneskinu var kollvarpa\u00f0, mis\u00feyrmt og kasta\u00f0 \u00ed flj\u00f3ti\u00f0 vi\u00f0 kristnit\u00f6ku \u00e1ri\u00f0 988.<\/p><p>Frekari v\u00edsbendingar koma \u00far samningum milli K\u00e6nugar\u00f0sr\u00edkis og B\u00fdsans, \u00fear sem hei\u00f0nir R\u00fassar sverja vi\u00f0 Perun og gripagu\u00f0inn Volos. \u00dear vi\u00f0 b\u00e6tast pr\u00e9dikanir gegn hei\u00f0num si\u00f0um, fornleifafundir og mun s\u00ed\u00f0ar skr\u00e1\u00f0 <span class=\"iwg-fachbegriff\" data-tooltip=\"Munnleg \u00fej\u00f3\u00f0menning me\u00f0 si\u00f0um, s\u00f6gum og s\u00f6ngvum.\" tabindex=\"0\">\u00fej\u00f3\u00f0tr\u00fa<\/span>.<\/p><p>Ranns\u00f3knir, me\u00f0al annars hj\u00e1 Roman Jakobson, Henryk \u0141owmia\u0144ski e\u00f0a s\u00ed\u00f0ari verkum Boris Uspenskij, benda \u00e1 a\u00f0 \u00far \u00feessum brotakenndu leifum f\u00e1ist a\u00f0eins g\u00f6t\u00f3tt mynd. Margt af \u00fev\u00ed sem birtist \u00ed almennum framsetningum sem sta\u00f0fest \u00feekking er \u00ed raun endurger\u00f0 e\u00f0a tilg\u00e1ta. \u00deessi vark\u00e1rni er grundv\u00f6llur allrar alvarlegrar umfj\u00f6llunar um Perun.<\/p>\t\t\t\t\t\t\t\t<\/div>\n\t\t\t\t<\/div>\n\t\t\t\t\t<\/div>\n\t\t\t\t<\/div>\n\t\t<div class=\"elementor-element elementor-element-cpb9bea2d e-flex e-con-boxed e-con e-parent\" data-id=\"cpb9bea2d\" data-element_type=\"container\" data-e-type=\"container\">\n\t\t\t\t\t<div class=\"e-con-inner\">\n\t\t\t\t<div class=\"elementor-element elementor-element-cpc48585b elementor-widget elementor-widget-heading\" data-id=\"cpc48585b\" data-element_type=\"widget\" data-e-type=\"widget\" data-widget_type=\"heading.default\">\n\t\t\t\t\t<h2 class=\"elementor-heading-title elementor-size-default\">Perun sem \u00ferumugu\u00f0 og ind\u00f3evr\u00f3pskur samanbur\u00f0ur<\/h2>\t\t\t\t<\/div>\n\t\t<div class=\"elementor-element elementor-element-cp4c61b0e e-con-full e-flex e-con e-child\" data-id=\"cp4c61b0e\" data-element_type=\"container\" data-e-type=\"container\">\n\t\t\t\t<div class=\"elementor-element elementor-element-cpcea625f elementor-widget elementor-widget-text-editor\" data-id=\"cpcea625f\" data-element_type=\"widget\" data-e-type=\"widget\" data-widget_type=\"text-editor.default\">\n\t\t\t\t\t\t\t\t\t<p>Perun er samkv\u00e6mt samhlj\u00f3\u00f0a ni\u00f0urst\u00f6\u00f0u ranns\u00f3kna slavneski \u00ferumu- og \u00ferumuve\u00f0ursgu\u00f0inn. Nafn hans sj\u00e1lft v\u00edsar \u00ed \u00feessa \u00e1tt. \u00cd m\u00f6rgum slavneskum tungum\u00e1lum \u00fe\u00fd\u00f0ir tengt or\u00f0 einfaldlega \u00feruma e\u00f0a \u00ferumuslag, og nafni\u00f0 m\u00e1 tengja vi\u00f0 ind\u00f3evr\u00f3pska r\u00f3t sem hefur me\u00f0 a\u00f0 sl\u00e1 a\u00f0 gera.<\/p><p>\u00deessi m\u00e1lfr\u00e6\u00f0ilega ni\u00f0ursta\u00f0a hefur vaki\u00f0 athygli samanbur\u00f0ar <span class=\"iwg-fachbegriff\" data-tooltip=\"Heildarsafn arflei\u00f0ra go\u00f0sagna innan menningarheims.\" tabindex=\"0\">go\u00f0afr\u00e6\u00f0i<\/span> fr\u00e1 fyrstu t\u00ed\u00f0. Perun tilheyrir r\u00f6\u00f0 ind\u00f3evr\u00f3pskra \u00ferumugu\u00f0a, \u00fear \u00e1 me\u00f0al baltneska Perk\u016bnas, norr\u00e6na <a href=\"https:\/\/iwell-guard.com\/is\/?page_id=168816\">\u00de\u00f3r<\/a>, ved\u00edska Indra og a\u00f0 nokkru leyti gr\u00edska Seif.<\/p><p>S\u00e9rstaklega er n\u00e1l\u00e6g\u00f0in vi\u00f0 baltneska Perk\u016bnas \u00e1berandi og m\u00e1lfr\u00e6\u00f0ilega vel r\u00f6kstudd, enda myndu\u00f0u slavar og baltar lengi n\u00e1i\u00f0 m\u00e1l- og menningarsamf\u00e9lag.<\/p><p>Einkennandi fyrir \u00feessa \u00ferumugu\u00f0i er hugmyndin um bardaga gegn sl\u00f6ngu- e\u00f0a drekal\u00edkum andst\u00e6\u00f0ingi. \u00cd slavneskum ranns\u00f3knum var \u00feessi hugmynd \u00fatf\u00e6r\u00f0 sem svok\u00f6llu\u00f0 grunngo\u00f0sagnal\u00edkan af Vjatsjeslav Ivanov og Vladim\u00edr Toporov.<\/p><p>Samkv\u00e6mt \u00feessari tilg\u00e1tu berst Perun, sem b\u00fdr uppi, \u00e1 himnum og fj\u00f6llum, vi\u00f0 Volos e\u00f0a Veles, sem er tengdur \u00fev\u00ed sem er ni\u00f0ri, gripum, vatni og undirheimum.<\/p><p>\u00deetta l\u00edkan hefur haft mikil \u00e1hrif en er umdeilt. Gagnr\u00fdnendur telja a\u00f0 \u00far \u00feunnum heimildum s\u00e9 sm\u00ed\u00f0a\u00f0 of samfellt kerfi. Tr\u00faarbrag\u00f0afr\u00e6\u00f0ilegt mat er a\u00f0 sta\u00f0a Peruns sem \u00ferumugu\u00f0s s\u00e9 vel sta\u00f0fest, en n\u00e1kv\u00e6m \u00fatf\u00e6rsla go\u00f0sagnalegs \u00e1taka hans s\u00e9 enn \u00e1 svi\u00f0i r\u00f6kstuddra tilg\u00e1tu.<\/p>\t\t\t\t\t\t\t\t<\/div>\n\t\t\t\t<\/div>\n\t\t\t\t\t<\/div>\n\t\t\t\t<\/div>\n\t\t<div class=\"elementor-element elementor-element-cp3902956 e-flex e-con-boxed e-con e-parent\" data-id=\"cp3902956\" data-element_type=\"container\" data-e-type=\"container\">\n\t\t\t\t\t<div class=\"e-con-inner\">\n\t\t\t\t<div class=\"elementor-element elementor-element-cpfedd386 elementor-widget elementor-widget-heading\" data-id=\"cpfedd386\" data-element_type=\"widget\" data-e-type=\"widget\" data-widget_type=\"heading.default\">\n\t\t\t\t\t<h2 class=\"elementor-heading-title elementor-size-default\">D\u00fdrkun, helgir sta\u00f0ir og helgista\u00f0ur Novgorods<\/h2>\t\t\t\t<\/div>\n\t\t<div class=\"elementor-element elementor-element-cp7e4fc3a e-con-full e-flex e-con e-child\" data-id=\"cp7e4fc3a\" data-element_type=\"container\" data-e-type=\"container\">\n\t\t\t\t<div class=\"elementor-element elementor-element-cpb17f095 elementor-widget elementor-widget-text-editor\" data-id=\"cpb17f095\" data-element_type=\"widget\" data-e-type=\"widget\" data-widget_type=\"text-editor.default\">\n\t\t\t\t\t\t\t\t\t<p>Um hinn eiginlega <span class=\"iwg-fachbegriff\" data-tooltip=\"Heildarsafn tr\u00faarlegra tilbei\u00f0sluathafna \u00ed gar\u00f0 gu\u00f0s e\u00f0a heilagrar veru.\" tabindex=\"0\">helgisi\u00f0i<\/span> Peruns m\u00e1 draga nokkrar \u00e1lyktanir af heimildunum. <em>Nestorskronikan<\/em> nefnir a\u00f0 Vladim\u00edr l\u00e9t ekki a\u00f0eins reisa Perun-l\u00edkneski \u00ed K\u00e6nugar\u00f0i heldur einnig \u00ed Novgorod, en \u00fea\u00f0 var s\u00ed\u00f0ar l\u00edka fellt og kasta\u00f0 \u00ed \u00e1na Volkhov.<\/p><p>Fornleifafr\u00e6\u00f0ilega hefur n\u00e1l\u00e6gt Novgorod, \u00e1 sta\u00f0 sem heitir Peryn, veri\u00f0 grafin upp mannvirki sem sumir fr\u00e6\u00f0imenn telja hafa veri\u00f0 <span class=\"iwg-fachbegriff\" data-tooltip=\"Heilagur sta\u00f0ur sem tileinka\u00f0ur er tilbei\u00f0slu gu\u00f0s.\" tabindex=\"0\">helgista\u00f0ur<\/span> Peruns.<\/p><p>Um er a\u00f0 r\u00e6\u00f0a hringlaga byggingu me\u00f0 gryfju \u00ed mi\u00f0ju, hugsanlega fyrir <span class=\"iwg-fachbegriff\" data-tooltip=\"Myndr\u00e6n framsetning gu\u00f0s sem tilbe\u00f0in er \u00ed hofi e\u00f0a helgireit.\" tabindex=\"0\">helgimynd<\/span>, og merki um eldst\u00e6\u00f0i vi\u00f0 ja\u00f0arinn. T\u00falkunin er \u00fe\u00f3 ekki \u00f3umdeild og fr\u00e6\u00f0imenn vara vi\u00f0 \u00fev\u00ed a\u00f0 lesa hverja hringlaga byggingu \u00ed fl\u00fdti sem gu\u00f0ahelgista\u00f0.<\/p><p>Af s\u00ed\u00f0ari t\u00edma <span class=\"iwg-fachbegriff\" data-tooltip=\"Munnleg \u00fej\u00f3\u00f0menning me\u00f0 si\u00f0um, s\u00f6gnum og s\u00f6ngvum sem var\u00f0veist hefur.\" tabindex=\"0\">\u00fej\u00f3\u00f0h\u00e1ttum<\/span> og af \u00f6rnefnum m\u00e1 r\u00e1\u00f0a a\u00f0 Perun h\u00e9lst tengdur h\u00e6\u00f0um, eikartrj\u00e1m og \u00ferumum. Eikin var \u00ed m\u00f6rgum slavneskum sv\u00e6\u00f0um talin tr\u00e9 Peruns, sem samr\u00e6mist ind\u00f3evr\u00f3psku hli\u00f0st\u00e6\u00f0unni, \u00fear sem a\u00f0rir \u00ferumugu\u00f0ir eru einnig tengdir eikinni.<\/p><p>Trj\u00e1m sem eldingu haf\u00f0i slegi\u00f0 ni\u00f0ur og steinum me\u00f0 \u00f3venjulegri mynd, sem \u00ed \u00fej\u00f3\u00f0tr\u00fa voru taldir \u00ferumusteinar, var a\u00f0 nokkru leyti eigna\u00f0 samband vi\u00f0 Perun.<\/p><p>Eftir kristnit\u00f6ku voru hlutverk Peruns f\u00e6r\u00f0 yfir \u00e1 kristnar verur, fyrst og fremst sp\u00e1manninn El\u00eda, sem \u00ed r\u00e9tttr\u00fana\u00f0ar \u00fej\u00f3\u00f0tr\u00fa Austur-Evr\u00f3pu er talinn herra \u00ferumu og eldingar, og \u00e1 h\u00e1t\u00ed\u00f0isdegi hans voru vi\u00f0h\u00f6f\u00f0 \u00ferumusi\u00f0ir. Heilagur Georg t\u00f3k einnig upp einkenni drekabanans. \u00deessi umbreyting s\u00fdnir hvernig hei\u00f0in hugmyndaheimur gat lifa\u00f0 \u00e1fram undir kristnu yfirbor\u00f0i.<\/p>\t\t\t\t\t\t\t\t<\/div>\n\t\t\t\t<\/div>\n\t\t\t\t\t<\/div>\n\t\t\t\t<\/div>\n\t\t<div class=\"elementor-element elementor-element-36dd7469 e-flex e-con-boxed e-con e-parent\" data-id=\"36dd7469\" data-element_type=\"container\" data-e-type=\"container\">\n\t\t\t\t\t<div class=\"e-con-inner\">\n\t\t\t\t<div class=\"elementor-element elementor-element-13760ab4 elementor-widget elementor-widget-heading\" data-id=\"13760ab4\" data-element_type=\"widget\" data-e-type=\"widget\" data-widget_type=\"heading.default\">\n\t\t\t\t\t<h2 class=\"elementor-heading-title elementor-size-default\">\u00cdtarefni og tenglar<\/h2>\t\t\t\t<\/div>\n\t\t<div class=\"elementor-element elementor-element-28c87796 e-con-full e-flex e-con e-child\" data-id=\"28c87796\" data-element_type=\"container\" data-e-type=\"container\">\n\t\t\t\t<div class=\"elementor-element elementor-element-5d6538df elementor-widget elementor-widget-text-editor\" data-id=\"5d6538df\" data-element_type=\"widget\" data-e-type=\"widget\" data-widget_type=\"text-editor.default\">\n\t\t\t\t\t\t\t\t\t<ul><li><a href=\"https:\/\/iwell-guard.com\/is\/?page_id=168763\">Veles, h\u00f6fu\u00f0fjandi, gu\u00f0 undirheima \u00ed sl\u00f6ngumynd<\/a><\/li><li><a href=\"https:\/\/iwell-guard.com\/is\/?page_id=168820\">Svarog, tengdur slavneskur sm\u00ed\u00f0agu\u00f0 og s\u00f3lgu\u00f0<\/a><\/li><li><a href=\"https:\/\/iwell-guard.com\/is\/?page_id=168766\">Mokosch, kvenleg slavnesk m\u00f3\u00f0urgy\u00f0ja<\/a><\/li><li><a href=\"https:\/\/iwell-guard.com\/is\/?page_id=168816\">\u00de\u00f3r, germ\u00f6nsk \u00ferumugu\u00f0shli\u00f0st\u00e6\u00f0a<\/a><\/li><li><a href=\"https:\/\/iwell-guard.com\/is\/?page_id=168803\">Indra, ved\u00edsk \u00ferumugu\u00f0shli\u00f0st\u00e6\u00f0a<\/a><\/li><li><a href=\"https:\/\/iwell-guard.com\/is\/?page_id=168710\">Seifur, gr\u00edsk \u00ferumugu\u00f0shli\u00f0st\u00e6\u00f0a<\/a><\/li><li><a href=\"https:\/\/iwell-guard.com\/is\/?page_id=168616\">Slavneskt, yfirlit yfir gu\u00f0aheim<\/a><\/li><li><a href=\"https:\/\/iwell-guard.com\/is\/?page_id=168707\">\u00c6\u00f0ri gu\u00f0ir, undirflokkur<\/a><\/li><\/ul>\t\t\t\t\t\t\t\t<\/div>\n\t\t\t\t<\/div>\n\t\t\t\t\t<\/div>\n\t\t\t\t<\/div>\n\t\t<div class=\"elementor-element elementor-element-grl4kl40 e-flex e-con-boxed e-con e-parent\" data-id=\"grl4kl40\" data-element_type=\"container\" data-e-type=\"container\">\n\t\t\t\t\t<div class=\"e-con-inner\">\n\t\t\t\t<div class=\"elementor-element elementor-element-bzsbfrmh elementor-widget elementor-widget-heading\" data-id=\"bzsbfrmh\" data-element_type=\"widget\" data-e-type=\"widget\" data-widget_type=\"heading.default\">\n\t\t\t\t\t<h2 class=\"elementor-heading-title elementor-size-default\">Heimildir og fr\u00e6\u00f0irit<\/h2>\t\t\t\t<\/div>\n\t\t<div class=\"elementor-element elementor-element-2c13224a e-con-full e-flex e-con e-child\" data-id=\"2c13224a\" data-element_type=\"container\" data-e-type=\"container\">\n\t\t\t\t<div class=\"elementor-element elementor-element-0eymh9ub elementor-widget elementor-widget-text-editor\" data-id=\"0eymh9ub\" data-element_type=\"widget\" data-e-type=\"widget\" data-widget_type=\"text-editor.default\">\n\t\t\t\t\t\t\t\t\t<footer class=\"iwg-literatur\" data-nosnippet=\"true\"><ul><li>V\u00e1\u0148a, Zden\u011bk: <em><span class=\"iwg-fachbegriff\" data-tooltip=\"Heildarsafn go\u00f0sagna og gu\u00f0asagna sem var\u00f0veist hafa \u00ed tiltekinni menningu.\" tabindex=\"0\">Go\u00f0afr\u00e6\u00f0i<\/span> og gu\u00f0aheimur slavnesku \u00fej\u00f3\u00f0anna<\/em>. Stuttgart 1992.<\/li><li><span data-nosnippet>Iv\u00e1nov, Vja\u010deslav \/ Toporov, Vladimir: <em>Issledovanija v oblasti slavjanskich drevnostej<\/em>. Moskva 1974.<\/span><\/li><li><span data-nosnippet>Gimbutas, Marija: <em>The Slavs<\/em>. London 1971.<\/span><\/li><li><span data-nosnippet>Pittner, Manfred: <em>Slavnesk <span class=\"iwg-fachbegriff\" data-tooltip=\"Heildarsafn go\u00f0sagna og gu\u00f0asagna sem var\u00f0veist hafa \u00ed tiltekinni menningu.\" tabindex=\"0\">go\u00f0afr\u00e6\u00f0i<\/span><\/em>. K\u00f6ln 2009.<\/span><\/li><li>Nestorskronikan, Helmold von Bosau (fj\u00f6lmargar \u00fe\u00fd\u00f0ingar).<\/li><li>Walde, Christine (ritstj.): <em>Der Neue Pauly<\/em> (uppslagsor\u00f0i\u00f0 \u201ePerun\u201c).<\/li><\/ul><\/footer>\t\t\t\t\t\t\t\t<\/div>\n\t\t\t\t<\/div>\n\t\t\t\t\t<\/div>\n\t\t\t\t<\/div>\n\t\t\t\t<section class=\"elementor-section elementor-top-section elementor-element elementor-element-wv-perun-faq-d264b8 elementor-section-boxed elementor-section-height-default elementor-section-height-default\" data-id=\"wv-perun-faq-d264b8\" data-element_type=\"section\" data-e-type=\"section\">\n\t\t\t\t\t\t<div class=\"elementor-container elementor-column-gap-default\">\n\t\t\t\t\t<div class=\"elementor-column elementor-col-100 elementor-top-column elementor-element elementor-element-wv-perun-faq-col-63e16c\" data-id=\"wv-perun-faq-col-63e16c\" data-element_type=\"column\" data-e-type=\"column\">\n\t\t\t<div class=\"elementor-widget-wrap elementor-element-populated\">\n\t\t\t\t\t\t<div class=\"elementor-element elementor-element-wv-perun-h elementor-widget elementor-widget-heading\" data-id=\"wv-perun-h\" data-element_type=\"widget\" data-e-type=\"widget\" data-widget_type=\"heading.default\">\n\t\t\t\t\t<h2 class=\"elementor-heading-title elementor-size-default\">Algengar spurningar um Perun<\/h2>\t\t\t\t<\/div>\n\t\t\t\t<div class=\"elementor-element elementor-element-wv-perun-t elementor-widget elementor-widget-text-editor\" data-id=\"wv-perun-t\" data-element_type=\"widget\" data-e-type=\"widget\" data-widget_type=\"text-editor.default\">\n\t\t\t\t\t\t\t\t\t\n<details class=\"iwg-faq-item\">\n  <summary><strong>Hver var Perun \u00ed slavneskri <span class=\"iwg-fachbegriff\" data-tooltip=\"Heildarsafn go\u00f0sagna og gu\u00f0asagna sem var\u00f0veist hafa \u00ed tiltekinni menningu.\" tabindex=\"0\">go\u00f0afr\u00e6\u00f0i<\/span>?<\/strong><\/summary>\n  <p>Perun var \u00e6\u00f0sti gu\u00f0 austurslavneska gu\u00f0aheimsins, gu\u00f0 \u00ferumu, eldingar, str\u00ed\u00f0s og konungsvalds. <span class=\"iwg-fachbegriff\" data-tooltip=\"Heilagur sta\u00f0ur sem tileinka\u00f0ur er tilbei\u00f0slu gu\u00f0s.\" tabindex=\"0\">Helgista\u00f0ur<\/span> hans st\u00f3\u00f0 \u00e1 h\u00e6\u00f0inni \u00ed K\u00e6nugar\u00f0i \u00fear til Vladim\u00edr hinn heilagi felldi hann \u00e1ri\u00f0 988 vi\u00f0 kristnit\u00f6kuna. Perun er n\u00e1skyldur baltneska gu\u00f0inum Perk\u016bnas, germanska gu\u00f0inum \u00de\u00f3r og indverska gu\u00f0inum Indra.<\/p>\n<\/details>\n\n<details class=\"iwg-faq-item\">\n  <summary><strong>Hva\u00f0a t\u00e1kn tengjast Perun?<\/strong><\/summary>\n  <p>Me\u00f0al klass\u00edskra Perun-t\u00e1kna eru eikin (heilagt tr\u00e9), \u00f6xin e\u00f0a hamarinn (\u00ferumuvopn), sexsp\u00f3ka \u00ferumuhj\u00f3li\u00f0 (Perun-t\u00e1kni\u00f0), villisv\u00edn og naut (f\u00f3rnard\u00fdr) og eldingin sj\u00e1lf. Perun-t\u00e1kni\u00f0 birtist s\u00ed\u00f0ar sem verndart\u00e1kn \u00e1 h\u00fasg\u00f6flum slavneskra b\u00e6ja.<\/p>\n<\/details>\t\t\t\t\t\t\t\t<\/div>\n\t\t\t\t<div class=\"elementor-element elementor-element-wv-perun-s elementor-widget elementor-widget-html\" data-id=\"wv-perun-s\" data-element_type=\"widget\" data-e-type=\"widget\" data-widget_type=\"html.default\">\n\t\t\t\t\t<script type=\"application\/ld+json\">{\"@context\": \"https:\/\/schema.org\", \"@type\": \"FAQPage\", \"mainEntity\": [{\"@type\": \"Question\", \"name\": \"Hver var Perun \u00ed slavneskri go\u00f0afr\u00e6\u00f0i?\", \"acceptedAnswer\": {\"@type\": \"Answer\", \"text\": \"Perun var \u00e6\u00f0sti gu\u00f0 austurslavneska gu\u00f0aheimsins \u2014 gu\u00f0 \u00ferumu, eldingar, str\u00ed\u00f0s og konungsvalds. Helgista\u00f0ur hans st\u00f3\u00f0 \u00e1 h\u00e6\u00f0inni \u00ed K\u00e6nugar\u00f0i \u00fear til Vladim\u00edr hinn heilagi felldi hann \u00e1ri\u00f0 988 vi\u00f0 kristnit\u00f6kuna. Perun er n\u00e1skyldur baltneska gu\u00f0inum Perk\u016bnas, germanska gu\u00f0inum \u00de\u00f3r og indverska gu\u00f0inum Indra.\"}}, {\"@type\": \"Question\", \"name\": \"Hva\u00f0a t\u00e1kn tengjast Perun?\", \"acceptedAnswer\": {\"@type\": \"Answer\", \"text\": \"Me\u00f0al klass\u00edskra Perun-t\u00e1kna eru eikin (heilagt tr\u00e9), \u00f6xin e\u00f0a hamarinn (\u00ferumuvopn), sexsp\u00f3ka \u00ferumuhj\u00f3li\u00f0 (Perun-t\u00e1kni\u00f0), villisv\u00edn og naut (f\u00f3rnard\u00fdr) og eldingin sj\u00e1lf. Perun-t\u00e1kni\u00f0 birtist s\u00ed\u00f0ar sem verndart\u00e1kn \u00e1 h\u00fasg\u00f6flum slavneskra b\u00e6ja.\"}}]}<\/script>\t\t\t\t<\/div>\n\t\t\t\t\t<\/div>\n\t\t<\/div>\n\t\t\t\t\t<\/div>\n\t\t<\/section>\n\t\t\t\t<\/div>\n\t\t","protected":false},"excerpt":{"rendered":"","protected":false},"author":3,"featured_media":1763,"parent":0,"menu_order":0,"comment_status":"closed","ping_status":"closed","template":"elementor_header_footer","meta":{"_yoast_wpseo_focuskw":"Perun","_yoast_wpseo_title":"Perun \u2013 \u00e6\u00f0sti gu\u00f0 Slava","_yoast_wpseo_metadesc":"Perun, \u00e6\u00f0sti gu\u00f0 Slava. Herra eldingarins, verndari str\u00ed\u00f0smanna og v\u00f6r\u00f0ur ei\u00f0svarninga \u00ed hei\u00f0nu R\u00fasslandi til forna: konungur \u00ferumunnar.","_yoast_wpseo_meta-robots-noindex":"","_yoast_wpseo_canonical":"","_angie_page":false,"gefaehrdungsstufe":"2","wesen_kultur":"slawisch","wesen_klasse":"goetter","footnotes":""},"categories":[],"class_list":["post-168764","page","type-page","status-publish","has-post-thumbnail","hentry"],"yoast_head":"<!-- This site is optimized with the Yoast SEO Premium plugin v27.7 (Yoast SEO v28.3) - https:\/\/yoast.com\/product\/yoast-seo-premium-wordpress\/ -->\n<title>Perun \u2013 \u00e6\u00f0sti gu\u00f0 Slava<\/title>\n<meta name=\"description\" content=\"Perun, \u00e6\u00f0sti gu\u00f0 Slava. Herra eldingarins, verndari str\u00ed\u00f0smanna og v\u00f6r\u00f0ur ei\u00f0svarninga \u00ed hei\u00f0nu R\u00fasslandi til forna: konungur \u00ferumunnar.\" \/>\n<meta name=\"robots\" content=\"index, follow, max-snippet:-1, max-image-preview:large, max-video-preview:-1\" \/>\n<link rel=\"canonical\" href=\"https:\/\/iwell-guard.com\/is\/perun\/\" \/>\n<meta property=\"og:locale\" content=\"is_IS\" \/>\n<meta property=\"og:type\" content=\"article\" \/>\n<meta property=\"og:title\" content=\"Perun\" \/>\n<meta property=\"og:description\" content=\"Perun, \u00e6\u00f0sti gu\u00f0 Slava. Herra eldingarins, verndari str\u00ed\u00f0smanna og v\u00f6r\u00f0ur ei\u00f0svarninga \u00ed hei\u00f0nu R\u00fasslandi til forna: konungur \u00ferumunnar.\" \/>\n<meta property=\"og:url\" content=\"https:\/\/iwell-guard.com\/is\/perun\/\" \/>\n<meta property=\"og:site_name\" content=\"iWell Guard\" \/>\n<meta property=\"article:modified_time\" content=\"2026-09-05T14:18:50+00:00\" \/>\n<meta property=\"og:image\" content=\"https:\/\/iwell-guard.com\/wp-content\/uploads\/2026\/04\/goetter_slawisch_perun.webp\" \/>\n\t<meta property=\"og:image:width\" content=\"1024\" \/>\n\t<meta property=\"og:image:height\" content=\"1536\" \/>\n\t<meta property=\"og:image:type\" content=\"image\/webp\" \/>\n<meta name=\"twitter:card\" content=\"summary_large_image\" \/>\n<script type=\"application\/ld+json\" class=\"yoast-schema-graph\">{\"@context\":\"https:\\\/\\\/schema.org\",\"@graph\":[{\"@type\":\"WebPage\",\"@id\":\"https:\\\/\\\/iwell-guard.com\\\/is\\\/perun\\\/\",\"url\":\"https:\\\/\\\/iwell-guard.com\\\/is\\\/perun\\\/\",\"name\":\"Perun \u2013 \u00e6\u00f0sti gu\u00f0 Slava\",\"isPartOf\":{\"@id\":\"https:\\\/\\\/iwell-guard.com\\\/is\\\/#website\"},\"primaryImageOfPage\":{\"@id\":\"https:\\\/\\\/iwell-guard.com\\\/is\\\/perun\\\/#primaryimage\"},\"image\":{\"@id\":\"https:\\\/\\\/iwell-guard.com\\\/is\\\/perun\\\/#primaryimage\"},\"thumbnailUrl\":\"https:\\\/\\\/iwell-guard.com\\\/wp-content\\\/uploads\\\/2026\\\/04\\\/goetter_slawisch_perun.webp\",\"datePublished\":\"2026-09-05T14:02:47+00:00\",\"dateModified\":\"2026-09-05T14:18:50+00:00\",\"description\":\"Perun, \u00e6\u00f0sti gu\u00f0 Slava. Herra eldingarins, verndari str\u00ed\u00f0smanna og v\u00f6r\u00f0ur ei\u00f0svarninga \u00ed hei\u00f0nu R\u00fasslandi til forna: konungur \u00ferumunnar.\",\"breadcrumb\":{\"@id\":\"https:\\\/\\\/iwell-guard.com\\\/is\\\/perun\\\/#breadcrumb\"},\"inLanguage\":\"is\",\"potentialAction\":[{\"@type\":\"ReadAction\",\"target\":[\"https:\\\/\\\/iwell-guard.com\\\/is\\\/perun\\\/\"]}]},{\"@type\":\"ImageObject\",\"inLanguage\":\"is\",\"@id\":\"https:\\\/\\\/iwell-guard.com\\\/is\\\/perun\\\/#primaryimage\",\"url\":\"https:\\\/\\\/iwell-guard.com\\\/wp-content\\\/uploads\\\/2026\\\/04\\\/goetter_slawisch_perun.webp\",\"contentUrl\":\"https:\\\/\\\/iwell-guard.com\\\/wp-content\\\/uploads\\\/2026\\\/04\\\/goetter_slawisch_perun.webp\",\"width\":1024,\"height\":1536,\"caption\":\"Gu\u00f0ir \u00far slavneskri hef\u00f0.\"},{\"@type\":\"BreadcrumbList\",\"@id\":\"https:\\\/\\\/iwell-guard.com\\\/is\\\/perun\\\/#breadcrumb\",\"itemListElement\":[{\"@type\":\"ListItem\",\"position\":1,\"name\":\"Start\",\"item\":\"https:\\\/\\\/iwell-guard.com\\\/is\\\/?page_id=168580\"},{\"@type\":\"ListItem\",\"position\":2,\"name\":\"Perun\"}]},{\"@type\":\"WebSite\",\"@id\":\"https:\\\/\\\/iwell-guard.com\\\/is\\\/#website\",\"url\":\"https:\\\/\\\/iwell-guard.com\\\/is\\\/\",\"name\":\"iWell Guard\",\"description\":\"Schutz vor dunklen Einfl\u00fcssen\",\"publisher\":{\"@id\":\"https:\\\/\\\/iwell-guard.com\\\/is\\\/#organization\"},\"potentialAction\":[{\"@type\":\"SearchAction\",\"target\":{\"@type\":\"EntryPoint\",\"urlTemplate\":\"https:\\\/\\\/iwell-guard.com\\\/is\\\/?s={search_term_string}\"},\"query-input\":{\"@type\":\"PropertyValueSpecification\",\"valueRequired\":true,\"valueName\":\"search_term_string\"}}],\"inLanguage\":\"is\"},{\"@type\":\"Organization\",\"@id\":\"https:\\\/\\\/iwell-guard.com\\\/is\\\/#organization\",\"name\":\"Ittermann electronic GmbH\",\"url\":\"https:\\\/\\\/iwell-guard.com\\\/is\\\/\",\"logo\":{\"@type\":\"ImageObject\",\"inLanguage\":\"is\",\"@id\":\"https:\\\/\\\/iwell-guard.com\\\/is\\\/#\\\/schema\\\/logo\\\/image\\\/\",\"url\":\"https:\\\/\\\/iwell-guard.com\\\/wp-content\\\/uploads\\\/2026\\\/05\\\/Ittermann-Logo-1182x237-1.png\",\"contentUrl\":\"https:\\\/\\\/iwell-guard.com\\\/wp-content\\\/uploads\\\/2026\\\/05\\\/Ittermann-Logo-1182x237-1.png\",\"width\":1182,\"height\":237,\"caption\":\"Ittermann electronic GmbH\"},\"image\":{\"@id\":\"https:\\\/\\\/iwell-guard.com\\\/is\\\/#\\\/schema\\\/logo\\\/image\\\/\"},\"sameAs\":[\"https:\\\/\\\/pantip.com\\\/profile\\\/9367242\",\"https:\\\/\\\/micro.blog\\\/iwellguard\",\"https:\\\/\\\/www.diggerslist.com\\\/iwellguard\\\/about\",\"https:\\\/\\\/skitterphoto.com\\\/photographers\\\/2870314\\\/iwell-guard\",\"https:\\\/\\\/iwellguard.wordpress.com\\\/2026\\\/06\\\/06\\\/iwell-guard\\\/\",\"https:\\\/\\\/hub.docker.com\\\/u\\\/iwellguard\",\"https:\\\/\\\/www.pinterest.com\\\/iwellguard\\\/\",\"https:\\\/\\\/bit.ly\\\/m\\\/iwellguard\",\"https:\\\/\\\/entre-vos-mains.alsace.eu\\\/profiles\\\/iwellguard\\\/activity\",\"https:\\\/\\\/gravatar.com\\\/reallybeded8fd34\",\"https:\\\/\\\/naijamatta.com\\\/iwellguard\",\"https:\\\/\\\/www.goodreads.com\\\/iwellguard\",\"https:\\\/\\\/profile.hatena.ne.jp\\\/iwellguard\\\/\",\"https:\\\/\\\/experiment.com\\\/users\\\/iwellguard\",\"https:\\\/\\\/wakelet.com\\\/@iWellGuard82270\",\"https:\\\/\\\/www.chordie.com\\\/forum\\\/profile.php?id=2555664\",\"https:\\\/\\\/www.instapaper.com\\\/p\\\/17757966\",\"https:\\\/\\\/www.mapleprimes.com\\\/users\\\/iwellguard\",\"https:\\\/\\\/businesslistingplus.com\\\/profile\\\/iwell-guard\\\/\",\"https:\\\/\\\/telegra.ph\\\/iWell-Guard-06-06\",\"https:\\\/\\\/pbase.com\\\/iwellguard\\\/iwellguard\",\"https:\\\/\\\/b.hatena.ne.jp\\\/iwellguard\\\/20260607#bookmark-4788405196491818882\",\"https:\\\/\\\/fliphtml5.com\\\/home\\\/iwellguard\",\"https:\\\/\\\/anyflip.com\\\/homepage\\\/cmiwl#About\",\"https:\\\/\\\/transfur.com\\\/Users\\\/iwellguard\",\"http:\\\/\\\/delphi.larsbo.org\\\/user\\\/iwellguard\",\"https:\\\/\\\/jobs.lajobsportal.org\\\/profiles\\\/8380803-iwell-guard\",\"https:\\\/\\\/md.chaosdorf.de\\\/s\\\/jfbe5SBdJD\",\"https:\\\/\\\/www.lingvolive.com\\\/en-us\\\/profile\\\/9ecaeaca-ce11-4e51-9e71-01d55e2bff36\\\/translations\",\"https:\\\/\\\/www.fitday.com\\\/fitness\\\/forums\\\/members\\\/iwellguard.html\",\"https:\\\/\\\/www.mymeetbook.com\\\/iwellguard\",\"https:\\\/\\\/pxhere.com\\\/en\\\/photographer-me\\\/5040798\",\"https:\\\/\\\/disqus.com\\\/by\\\/iwellguard\\\/about\\\/\",\"https:\\\/\\\/pastelink.net\\\/hjwciqwq\",\"https:\\\/\\\/pubhtml5.com\\\/homepage\\\/scjhn\\\/\",\"https:\\\/\\\/www.bitchute.com\\\/channel\\\/2O2eOKzNqujT\",\"https:\\\/\\\/audiomack.com\\\/iwellguard\"]},{\"@type\":\"Article\",\"@id\":\"https:\\\/\\\/iwell-guard.com\\\/is\\\/perun\\\/#article\",\"isPartOf\":{\"@id\":\"https:\\\/\\\/iwell-guard.com\\\/is\\\/perun\\\/\"},\"author\":{\"name\":\"Ralf Ittermann\",\"@id\":\"https:\\\/\\\/iwell-guard.com\\\/is\\\/#\\\/schema\\\/person\\\/ee2a27f1cac3406c7c6fb5820cb7349f\"},\"headline\":\"Perun\",\"datePublished\":\"2026-09-05T14:02:47+00:00\",\"dateModified\":\"2026-09-05T14:18:50+00:00\",\"mainEntityOfPage\":{\"@id\":\"https:\\\/\\\/iwell-guard.com\\\/is\\\/perun\\\/\"},\"publisher\":{\"@id\":\"https:\\\/\\\/iwell-guard.com\\\/is\\\/#organization\"},\"image\":{\"@id\":\"https:\\\/\\\/iwell-guard.com\\\/is\\\/perun\\\/#primaryimage\"},\"thumbnailUrl\":\"https:\\\/\\\/iwell-guard.com\\\/wp-content\\\/uploads\\\/2026\\\/04\\\/goetter_slawisch_perun.webp\",\"inLanguage\":\"is\",\"description\":\"Perun, \u00e6\u00f0sti gu\u00f0 Slava. Herra eldingarins, verndari str\u00ed\u00f0smanna og v\u00f6r\u00f0ur ei\u00f0svarninga \u00ed hei\u00f0nu R\u00fasslandi til forna: konungur \u00ferumunnar.\"}]}<\/script>\n<!-- \/ Yoast SEO Premium plugin. -->","yoast_head_json":{"title":"Perun \u2013 \u00e6\u00f0sti gu\u00f0 Slava","description":"Perun, \u00e6\u00f0sti gu\u00f0 Slava. Herra eldingarins, verndari str\u00ed\u00f0smanna og v\u00f6r\u00f0ur ei\u00f0svarninga \u00ed hei\u00f0nu R\u00fasslandi til forna: konungur \u00ferumunnar.","robots":{"index":"index","follow":"follow","max-snippet":"max-snippet:-1","max-image-preview":"max-image-preview:large","max-video-preview":"max-video-preview:-1"},"canonical":"https:\/\/iwell-guard.com\/is\/perun\/","og_locale":"is_IS","og_type":"article","og_title":"Perun","og_description":"Perun, \u00e6\u00f0sti gu\u00f0 Slava. Herra eldingarins, verndari str\u00ed\u00f0smanna og v\u00f6r\u00f0ur ei\u00f0svarninga \u00ed hei\u00f0nu R\u00fasslandi til forna: konungur \u00ferumunnar.","og_url":"https:\/\/iwell-guard.com\/is\/perun\/","og_site_name":"iWell Guard","article_modified_time":"2026-09-05T14:18:50+00:00","og_image":[{"width":1024,"height":1536,"url":"https:\/\/iwell-guard.com\/wp-content\/uploads\/2026\/04\/goetter_slawisch_perun.webp","type":"image\/webp"}],"twitter_card":"summary_large_image","schema":{"@context":"https:\/\/schema.org","@graph":[{"@type":"Article","@id":"https:\/\/iwell-guard.com\/is\/perun\/#article","isPartOf":{"@id":"https:\/\/iwell-guard.com\/is\/perun\/"},"author":{"name":"Ralf Ittermann","@id":"https:\/\/iwell-guard.com\/is\/#\/schema\/person\/ee2a27f1cac3406c7c6fb5820cb7349f"},"headline":"Perun","datePublished":"2026-09-05T14:02:47+00:00","dateModified":"2026-09-05T14:18:50+00:00","mainEntityOfPage":{"@id":"https:\/\/iwell-guard.com\/is\/perun\/"},"publisher":{"@id":"https:\/\/iwell-guard.com\/is\/#organization"},"image":{"@id":"https:\/\/iwell-guard.com\/is\/perun\/#primaryimage"},"thumbnailUrl":"https:\/\/iwell-guard.com\/wp-content\/uploads\/2026\/04\/goetter_slawisch_perun.webp","inLanguage":"is","description":"Perun, \u00e6\u00f0sti gu\u00f0 Slava. Herra eldingarins, verndari str\u00ed\u00f0smanna og v\u00f6r\u00f0ur ei\u00f0svarninga \u00ed hei\u00f0nu R\u00fasslandi til forna: konungur \u00ferumunnar."},{"@type":"WebPage","@id":"https:\/\/iwell-guard.com\/is\/perun\/","url":"https:\/\/iwell-guard.com\/is\/perun\/","name":"Perun \u2013 \u00e6\u00f0sti gu\u00f0 Slava","isPartOf":{"@id":"https:\/\/iwell-guard.com\/is\/#website"},"primaryImageOfPage":{"@id":"https:\/\/iwell-guard.com\/is\/perun\/#primaryimage"},"image":{"@id":"https:\/\/iwell-guard.com\/is\/perun\/#primaryimage"},"thumbnailUrl":"https:\/\/iwell-guard.com\/wp-content\/uploads\/2026\/04\/goetter_slawisch_perun.webp","datePublished":"2026-09-05T14:02:47+00:00","dateModified":"2026-09-05T14:18:50+00:00","description":"Perun, \u00e6\u00f0sti gu\u00f0 Slava. Herra eldingarins, verndari str\u00ed\u00f0smanna og v\u00f6r\u00f0ur ei\u00f0svarninga \u00ed hei\u00f0nu R\u00fasslandi til forna: konungur \u00ferumunnar.","breadcrumb":{"@id":"https:\/\/iwell-guard.com\/is\/perun\/#breadcrumb"},"inLanguage":"is","potentialAction":[{"@type":"ReadAction","target":["https:\/\/iwell-guard.com\/is\/perun\/"]}]},{"@type":"ImageObject","inLanguage":"is","@id":"https:\/\/iwell-guard.com\/is\/perun\/#primaryimage","url":"https:\/\/iwell-guard.com\/wp-content\/uploads\/2026\/04\/goetter_slawisch_perun.webp","contentUrl":"https:\/\/iwell-guard.com\/wp-content\/uploads\/2026\/04\/goetter_slawisch_perun.webp","width":1024,"height":1536,"caption":"Gu\u00f0ir \u00far slavneskri hef\u00f0."},{"@type":"BreadcrumbList","@id":"https:\/\/iwell-guard.com\/is\/perun\/#breadcrumb","itemListElement":[{"@type":"ListItem","position":1,"name":"Start","item":"https:\/\/iwell-guard.com\/is\/?page_id=168580"},{"@type":"ListItem","position":2,"name":"Perun"}]},{"@type":"WebSite","@id":"https:\/\/iwell-guard.com\/is\/#website","url":"https:\/\/iwell-guard.com\/is\/","name":"iWell Guard","description":"Schutz vor dunklen Einfl\u00fcssen","publisher":{"@id":"https:\/\/iwell-guard.com\/is\/#organization"},"potentialAction":[{"@type":"SearchAction","target":{"@type":"EntryPoint","urlTemplate":"https:\/\/iwell-guard.com\/is\/?s={search_term_string}"},"query-input":{"@type":"PropertyValueSpecification","valueRequired":true,"valueName":"search_term_string"}}],"inLanguage":"is"},{"@type":"Organization","@id":"https:\/\/iwell-guard.com\/is\/#organization","name":"Ittermann electronic GmbH","url":"https:\/\/iwell-guard.com\/is\/","logo":{"@type":"ImageObject","inLanguage":"is","@id":"https:\/\/iwell-guard.com\/is\/#\/schema\/logo\/image\/","url":"https:\/\/iwell-guard.com\/wp-content\/uploads\/2026\/05\/Ittermann-Logo-1182x237-1.png","contentUrl":"https:\/\/iwell-guard.com\/wp-content\/uploads\/2026\/05\/Ittermann-Logo-1182x237-1.png","width":1182,"height":237,"caption":"Ittermann electronic GmbH"},"image":{"@id":"https:\/\/iwell-guard.com\/is\/#\/schema\/logo\/image\/"},"sameAs":["https:\/\/pantip.com\/profile\/9367242","https:\/\/micro.blog\/iwellguard","https:\/\/www.diggerslist.com\/iwellguard\/about","https:\/\/skitterphoto.com\/photographers\/2870314\/iwell-guard","https:\/\/iwellguard.wordpress.com\/2026\/06\/06\/iwell-guard\/","https:\/\/hub.docker.com\/u\/iwellguard","https:\/\/www.pinterest.com\/iwellguard\/","https:\/\/bit.ly\/m\/iwellguard","https:\/\/entre-vos-mains.alsace.eu\/profiles\/iwellguard\/activity","https:\/\/gravatar.com\/reallybeded8fd34","https:\/\/naijamatta.com\/iwellguard","https:\/\/www.goodreads.com\/iwellguard","https:\/\/profile.hatena.ne.jp\/iwellguard\/","https:\/\/experiment.com\/users\/iwellguard","https:\/\/wakelet.com\/@iWellGuard82270","https:\/\/www.chordie.com\/forum\/profile.php?id=2555664","https:\/\/www.instapaper.com\/p\/17757966","https:\/\/www.mapleprimes.com\/users\/iwellguard","https:\/\/businesslistingplus.com\/profile\/iwell-guard\/","https:\/\/telegra.ph\/iWell-Guard-06-06","https:\/\/pbase.com\/iwellguard\/iwellguard","https:\/\/b.hatena.ne.jp\/iwellguard\/20260607#bookmark-4788405196491818882","https:\/\/fliphtml5.com\/home\/iwellguard","https:\/\/anyflip.com\/homepage\/cmiwl#About","https:\/\/transfur.com\/Users\/iwellguard","http:\/\/delphi.larsbo.org\/user\/iwellguard","https:\/\/jobs.lajobsportal.org\/profiles\/8380803-iwell-guard","https:\/\/md.chaosdorf.de\/s\/jfbe5SBdJD","https:\/\/www.lingvolive.com\/en-us\/profile\/9ecaeaca-ce11-4e51-9e71-01d55e2bff36\/translations","https:\/\/www.fitday.com\/fitness\/forums\/members\/iwellguard.html","https:\/\/www.mymeetbook.com\/iwellguard","https:\/\/pxhere.com\/en\/photographer-me\/5040798","https:\/\/disqus.com\/by\/iwellguard\/about\/","https:\/\/pastelink.net\/hjwciqwq","https:\/\/pubhtml5.com\/homepage\/scjhn\/","https:\/\/www.bitchute.com\/channel\/2O2eOKzNqujT","https:\/\/audiomack.com\/iwellguard"]},{"@type":"Person","@id":"https:\/\/iwell-guard.com\/is\/#\/schema\/person\/ee2a27f1cac3406c7c6fb5820cb7349f","name":"Ralf Ittermann","image":{"@type":"ImageObject","inLanguage":"is","@id":"https:\/\/secure.gravatar.com\/avatar\/073c0153e350a5005b68eb752b445fea71f6b24a26da9449ad7e155e6b446c9d?s=96&d=mm&r=g","url":"https:\/\/secure.gravatar.com\/avatar\/073c0153e350a5005b68eb752b445fea71f6b24a26da9449ad7e155e6b446c9d?s=96&d=mm&r=g","contentUrl":"https:\/\/secure.gravatar.com\/avatar\/073c0153e350a5005b68eb752b445fea71f6b24a26da9449ad7e155e6b446c9d?s=96&d=mm&r=g","caption":"Ralf Ittermann"},"givenName":"Ralf","familyName":"Ittermann","jobTitle":"Gesch\u00e4ftsf\u00fchrer und redaktioneller Verantwortlicher","url":"https:\/\/iwell-guard.com\/is\/author\/claude\/","description":"Ralf Ittermann ist Gesch\u00e4ftsf\u00fchrer der Ittermann electronic GmbH und redaktioneller Verantwortlicher des iWell-Guard-Lexikons. Er verbindet langj\u00e4hrige Erfahrung in der Pr\u00e4zisionsfertigung mit medialer Praxis und religionsgeschichtlicher Quellenarbeit.","worksFor":{"@type":"Organization","name":"Ittermann electronic GmbH","url":"https:\/\/ittermann.de\/","address":{"@type":"PostalAddress","streetAddress":"K\u00f6hlergasse 16-18","postalCode":"99842","addressLocality":"Ruhla","addressCountry":"DE"}},"knowsAbout":["Religionsgeschichte","Mythologie","Mediale Praxis","Energetische Diagnostik","Schutzpraxis","Volksglauben","Westliche Esoterik"]},{"@type":"Article","@id":"https:\/\/iwell-guard.com\/is\/perun\/#article","isPartOf":{"@id":"https:\/\/iwell-guard.com\/is\/perun\/"},"author":{"name":"Ralf Ittermann","@id":"https:\/\/iwell-guard.com\/is\/#\/schema\/person\/ee2a27f1cac3406c7c6fb5820cb7349f"},"headline":"Perun","datePublished":"2026-09-05T14:02:47+00:00","dateModified":"2026-09-05T14:18:50+00:00","mainEntityOfPage":{"@id":"https:\/\/iwell-guard.com\/is\/perun\/"},"publisher":{"@id":"https:\/\/iwell-guard.com\/is\/#organization"},"image":{"@id":"https:\/\/iwell-guard.com\/is\/perun\/#primaryimage"},"thumbnailUrl":"https:\/\/iwell-guard.com\/wp-content\/uploads\/2026\/04\/goetter_slawisch_perun.webp","inLanguage":"is","description":"Perun, \u00e6\u00f0sti gu\u00f0 Slava. Herra eldingarins, verndari str\u00ed\u00f0smanna og v\u00f6r\u00f0ur ei\u00f0svarninga \u00ed hei\u00f0nu R\u00fasslandi til forna: konungur \u00ferumunnar."}]}},"_links":{"self":[{"href":"https:\/\/iwell-guard.com\/is\/wp-json\/wp\/v2\/pages\/168764","targetHints":{"allow":["GET"]}}],"collection":[{"href":"https:\/\/iwell-guard.com\/is\/wp-json\/wp\/v2\/pages"}],"about":[{"href":"https:\/\/iwell-guard.com\/is\/wp-json\/wp\/v2\/types\/page"}],"author":[{"embeddable":true,"href":"https:\/\/iwell-guard.com\/is\/wp-json\/wp\/v2\/users\/3"}],"replies":[{"embeddable":true,"href":"https:\/\/iwell-guard.com\/is\/wp-json\/wp\/v2\/comments?post=168764"}],"version-history":[{"count":0,"href":"https:\/\/iwell-guard.com\/is\/wp-json\/wp\/v2\/pages\/168764\/revisions"}],"wp:featuredmedia":[{"embeddable":true,"href":"https:\/\/iwell-guard.com\/is\/wp-json\/wp\/v2\/media\/1763"}],"wp:attachment":[{"href":"https:\/\/iwell-guard.com\/is\/wp-json\/wp\/v2\/media?parent=168764"}],"wp:term":[{"taxonomy":"category","embeddable":true,"href":"https:\/\/iwell-guard.com\/is\/wp-json\/wp\/v2\/categories?post=168764"}],"curies":[{"name":"wp","href":"https:\/\/api.w.org\/{rel}","templated":true}]}}