{"id":168763,"date":"2026-09-05T14:02:46","date_gmt":"2026-09-05T14:02:46","guid":{"rendered":"https:\/\/iwell-guard.com\/?page_id=168763"},"modified":"2026-09-05T14:18:49","modified_gmt":"2026-09-05T14:18:49","slug":"veles","status":"publish","type":"page","link":"https:\/\/iwell-guard.com\/is\/veles\/","title":{"rendered":"Veles"},"content":{"rendered":"\t\t<div data-elementor-type=\"wp-page\" data-elementor-id=\"168763\" class=\"elementor elementor-168763 elementor-1986 elementor-bc-flex-widget\" data-elementor-post-type=\"page\">\n\t\t\t\t<div class=\"elementor-element elementor-element-10fdade e-flex e-con-boxed e-con e-parent\" data-id=\"10fdade\" data-element_type=\"container\" data-e-type=\"container\" data-settings=\"{&quot;background_background&quot;:&quot;classic&quot;}\">\n\t\t\t\t\t<div class=\"e-con-inner\">\n\t\t<div class=\"elementor-element elementor-element-herohlft0 e-flex e-con-boxed e-con e-child\" data-id=\"herohlft0\" data-element_type=\"container\" data-e-type=\"container\">\n\t\t\t\t\t<div class=\"e-con-inner\">\n\t\t<div class=\"elementor-element elementor-element-c3ceb64 e-con-full e-flex e-con e-child\" data-id=\"c3ceb64\" data-element_type=\"container\" data-e-type=\"container\">\n\t\t\t\t<div class=\"elementor-element elementor-element-96ae5e1 elementor-widget elementor-widget-heading\" data-id=\"96ae5e1\" data-element_type=\"widget\" data-e-type=\"widget\" data-widget_type=\"heading.default\">\n\t\t\t\t\t<h1 class=\"elementor-heading-title elementor-size-default\">Veles, gu\u00f0 \u00far slavneskri hef\u00f0<\/h1>\t\t\t\t<\/div>\n\t\t\t\t<div class=\"elementor-element elementor-element-e45238a elementor-widget elementor-widget-text-editor\" data-id=\"e45238a\" data-element_type=\"widget\" data-e-type=\"widget\" data-widget_type=\"text-editor.default\">\n\t\t\t\t\t\t\t\t\t<p>Veles er gu\u00f0 undirheima, b\u00faf\u00e9na\u00f0ar, vi\u00f0skipta og sl\u00e6g\u00f0ar \u00ed <span class=\"iwg-fachbegriff\" data-tooltip=\"Heild \u00feeirra fr\u00e1sagna um gu\u00f0i sem var\u00f0veist hafa \u00ed tiltekinni menningu.\" tabindex=\"0\">go\u00f0afr\u00e6\u00f0i<\/span> Slava og hluti af slavneskri tr\u00fa. Hann birtir \u00ed s\u00e9r hi\u00f0 undirheimska afl, au\u00f0leg\u00f0 sem felst \u00ed eignum og m\u00f6rkin milli l\u00edfs og dau\u00f0a. T\u00e1knmynd hans og helgista\u00f0ir eru sta\u00f0festir b\u00e6\u00f0i me\u00f0 fornleifafundum og ritheimildum.<\/p>\t\t\t\t\t\t\t\t<\/div>\n\t\t\t\t<\/div>\n\t\t<div class=\"elementor-element elementor-element-klsbdg01 e-con-full e-flex e-con e-parent\" data-id=\"klsbdg01\" data-element_type=\"container\" data-e-type=\"container\">\n\t\t\t\t<div class=\"elementor-element elementor-element-klshtm01 elementor-widget elementor-widget-html\" data-id=\"klshtm01\" data-element_type=\"widget\" data-e-type=\"widget\" data-widget_type=\"html.default\">\n\t\t\t\t\t<div class=\"iwg-pill-row\"><span class=\"iwg-klasse-badge\" tabindex=\"0\" data-tooltip=\"Gu\u00f0 \/ gy\u00f0ja: Pers\u00f3nuger\u00f0 \u00e6\u00f0sta vald \u00ed go\u00f0aheimi menningar, me\u00f0 sk\u00fdrum \u00e1byrg\u00f0arsvi\u00f0um, n\u00e1tt\u00faru\u00f6flum, \u00f6rl\u00f6gum, herna\u00f0i, frj\u00f3semi. D\u00fdrka\u00f0 me\u00f0 helgisi\u00f0um, f\u00f3rnum og hofstofnunum.\">Gu\u00f0<\/span><a href=\"https:\/\/iwell-guard.com\/is\/?page_id=168616\" class=\"iwg-kultur-badge\" tabindex=\"0\" data-tooltip=\"Slavnesk go\u00f0afr\u00e6\u00f0i og \u00fej\u00f3\u00f0tr\u00fa, kristnu\u00f0 fr\u00e1 10. \u00f6ld.\">Slavneskt<\/a><\/div>\t\t\t\t<\/div>\n\t\t\t\t<\/div>\n\t\t<div class=\"elementor-element elementor-element-3f74855 e-con-full e-flex e-con e-child\" data-id=\"3f74855\" data-element_type=\"container\" data-e-type=\"container\">\n\t\t\t\t<div class=\"elementor-element elementor-element-1c30362 elementor-toc--minimized-on-tablet elementor-widget elementor-widget-table-of-contents\" data-id=\"1c30362\" data-element_type=\"widget\" data-e-type=\"widget\" data-settings=\"{&quot;exclude_headings_by_selector&quot;:[],&quot;no_headings_message&quot;:&quot;Engar undirfyrirsagnir fundust \\u00e1 \\u00feessari s\\u00ed\\u00f0u.&quot;,&quot;headings_by_tags&quot;:[&quot;h2&quot;,&quot;h3&quot;],&quot;marker_view&quot;:&quot;bullets&quot;,&quot;minimize_box&quot;:&quot;yes&quot;,&quot;icon&quot;:{&quot;value&quot;:&quot;fas fa-circle&quot;,&quot;library&quot;:&quot;fa-solid&quot;,&quot;rendered_tag&quot;:&quot;&lt;svg class=\\&quot;e-font-icon-svg e-fas-circle\\&quot; viewBox=\\&quot;0 0 512 512\\&quot; xmlns=\\&quot;http:\\\/\\\/www.w3.org\\\/2000\\\/svg\\&quot;&gt;&lt;path d=\\&quot;M256 8C119 8 8 119 8 256s111 248 248 248 248-111 248-248S393 8 256 8z\\&quot;&gt;&lt;\\\/path&gt;&lt;\\\/svg&gt;&quot;},&quot;minimized_on&quot;:&quot;tablet&quot;,&quot;hierarchical_view&quot;:&quot;yes&quot;,&quot;min_height&quot;:{&quot;unit&quot;:&quot;px&quot;,&quot;size&quot;:&quot;&quot;,&quot;sizes&quot;:[]},&quot;min_height_tablet&quot;:{&quot;unit&quot;:&quot;px&quot;,&quot;size&quot;:&quot;&quot;,&quot;sizes&quot;:[]},&quot;min_height_mobile&quot;:{&quot;unit&quot;:&quot;px&quot;,&quot;size&quot;:&quot;&quot;,&quot;sizes&quot;:[]}}\" data-widget_type=\"table-of-contents.default\">\n\t\t\t\t\t\t\t\t\t<div class=\"elementor-toc__header\">\n\t\t\t\t\t\t<h2 class=\"elementor-toc__header-title\">\n\t\t\t\tEfnisyfirlit\t\t\t<\/h2>\n\t\t\t\t\t\t\t\t\t\t<div class=\"elementor-toc__toggle-button elementor-toc__toggle-button--expand\" role=\"button\" tabindex=\"0\" aria-controls=\"elementor-toc__1c30362\" aria-expanded=\"true\" aria-label=\"Open table of contents\"><svg aria-hidden=\"true\" class=\"e-font-icon-svg e-fas-chevron-down\" viewBox=\"0 0 448 512\" xmlns=\"http:\/\/www.w3.org\/2000\/svg\"><path d=\"M207.029 381.476L12.686 187.132c-9.373-9.373-9.373-24.569 0-33.941l22.667-22.667c9.357-9.357 24.522-9.375 33.901-.04L224 284.505l154.745-154.021c9.379-9.335 24.544-9.317 33.901.04l22.667 22.667c9.373 9.373 9.373 24.569 0 33.941L240.971 381.476c-9.373 9.372-24.569 9.372-33.942 0z\"><\/path><\/svg><\/div>\n\t\t\t\t<div class=\"elementor-toc__toggle-button elementor-toc__toggle-button--collapse\" role=\"button\" tabindex=\"0\" aria-controls=\"elementor-toc__1c30362\" aria-expanded=\"true\" aria-label=\"Close table of contents\"><svg aria-hidden=\"true\" class=\"e-font-icon-svg e-fas-chevron-up\" viewBox=\"0 0 448 512\" xmlns=\"http:\/\/www.w3.org\/2000\/svg\"><path d=\"M240.971 130.524l194.343 194.343c9.373 9.373 9.373 24.569 0 33.941l-22.667 22.667c-9.357 9.357-24.522 9.375-33.901.04L224 227.495 69.255 381.516c-9.379 9.335-24.544 9.317-33.901-.04l-22.667-22.667c-9.373-9.373-9.373-24.569 0-33.941L207.03 130.525c9.372-9.373 24.568-9.373 33.941-.001z\"><\/path><\/svg><\/div>\n\t\t\t\t\t<\/div>\n\t\t\t\t<div id=\"elementor-toc__1c30362\" class=\"elementor-toc__body\">\n\t\t\t<div class=\"elementor-toc__spinner-container\">\n\t\t\t\t<svg class=\"elementor-toc__spinner eicon-animation-spin e-font-icon-svg e-eicon-loading\" aria-hidden=\"true\" viewBox=\"0 0 1000 1000\" xmlns=\"http:\/\/www.w3.org\/2000\/svg\"><path d=\"M500 975V858C696 858 858 696 858 500S696 142 500 142 142 304 142 500H25C25 237 238 25 500 25S975 237 975 500 763 975 500 975Z\"><\/path><\/svg>\t\t\t<\/div>\n\t\t<\/div>\n\t\t\t\t\t\t<\/div>\n\t\t\t\t<\/div>\n\t\t\t\t\t<\/div>\n\t\t\t\t<\/div>\n\t\t<div class=\"elementor-element elementor-element-herorght0 e-con-full e-flex e-con e-child\" data-id=\"herorght0\" data-element_type=\"container\" data-e-type=\"container\">\n\t\t\t\t<div class=\"elementor-element elementor-element-heroimg00 iwg-hero-image elementor-widget elementor-widget-image\" data-id=\"heroimg00\" data-element_type=\"widget\" data-e-type=\"widget\" data-widget_type=\"image.default\">\n\t\t\t\t\t\t\t\t\t\t\t\t\t\t\t<img fetchpriority=\"high\" decoding=\"async\" width=\"683\" height=\"1024\" src=\"https:\/\/iwell-guard.com\/wp-content\/uploads\/2026\/04\/goetter_slawisch_veles-683x1024.webp\" class=\"attachment-large size-large wp-image-170938\" alt=\"Veles - Gu\u00f0ir \u00far slavneskri hef\u00f0, s\u00f6guleg myndskreyting\" srcset=\"https:\/\/iwell-guard.com\/wp-content\/uploads\/2026\/04\/goetter_slawisch_veles-683x1024.webp 683w, https:\/\/iwell-guard.com\/wp-content\/uploads\/2026\/04\/goetter_slawisch_veles-200x300.webp 200w, https:\/\/iwell-guard.com\/wp-content\/uploads\/2026\/04\/goetter_slawisch_veles-768x1152.webp 768w, https:\/\/iwell-guard.com\/wp-content\/uploads\/2026\/04\/goetter_slawisch_veles.webp 1024w\" sizes=\"(max-width: 683px) 100vw, 683px\" \/>\t\t\t\t\t\t\t\t\t\t\t\t\t\t\t<\/div>\n\t\t\t\t<\/div>\n\t\t\t\t\t<\/div>\n\t\t\t\t<\/div>\n\t\t<div class=\"elementor-element elementor-element-32917199 e-flex e-con-boxed e-con e-parent\" data-id=\"32917199\" data-element_type=\"container\" data-e-type=\"container\">\n\t\t\t\t\t<div class=\"e-con-inner\">\n\t\t<div class=\"elementor-element elementor-element-26e916cb e-flex e-con-boxed e-con e-child\" data-id=\"26e916cb\" data-element_type=\"container\" data-e-type=\"container\">\n\t\t\t\t\t<div class=\"e-con-inner\">\n\t\t<div class=\"elementor-element elementor-element-253a40d4 e-flex e-con-boxed e-con e-child\" data-id=\"253a40d4\" data-element_type=\"container\" data-e-type=\"container\">\n\t\t\t\t\t<div class=\"e-con-inner\">\n\t\t\t\t<div class=\"elementor-element elementor-element-1200c304 elementor-widget elementor-widget-heading\" data-id=\"1200c304\" data-element_type=\"widget\" data-e-type=\"widget\" data-widget_type=\"heading.default\">\n\t\t\t\t\t<h2 class=\"elementor-heading-title elementor-size-default\">Veles<\/h2>\t\t\t\t<\/div>\n\t\t\t\t<div class=\"elementor-element elementor-element-11758e7f elementor-widget elementor-widget-text-editor\" data-id=\"11758e7f\" data-element_type=\"widget\" data-e-type=\"widget\" data-widget_type=\"text-editor.default\">\n\t\t\t\t\t\t\t\t\t<p>Veles er oft s\u00fdndur sem andst\u00e6\u00f0ingur e\u00f0a tv\u00edeykispartur Peruns. Hann r\u00e6\u00f0ur yfir sk\u00f3garlindum, b\u00fafj\u00e1rhj\u00f6r\u00f0um og fj\u00e1rsj\u00f3\u00f0um \u00ed j\u00f6r\u00f0u. A\u00f0 sverja ei\u00f0 frammi fyrir Veles haf\u00f0i kulthist\u00f3r\u00edskt gildi (&#8216;ei\u00f0ur \u00e1 j\u00f6r\u00f0ina&#8217;). \u00cd <span class=\"iwg-fachbegriff\" data-tooltip=\"Var\u00f0veitt \u00fej\u00f3\u00f0menning me\u00f0 si\u00f0um, s\u00f6gnum og s\u00f6ngvum.\" tabindex=\"0\">\u00fej\u00f3\u00f0tr\u00fa<\/span> lifir hann \u00e1fram sem sk\u00f3garmeistari, vatnavera e\u00f0a dj\u00f6full.<\/p>\t\t\t\t\t\t\t\t<\/div>\n\t\t\t\t\t<\/div>\n\t\t\t\t<\/div>\n\t\t<div class=\"elementor-element elementor-element-159dcf9a e-flex e-con-boxed e-con e-child\" data-id=\"159dcf9a\" data-element_type=\"container\" data-e-type=\"container\">\n\t\t\t\t\t<div class=\"e-con-inner\">\n\t\t\t\t<div class=\"elementor-element elementor-element-48cee66f elementor-widget elementor-widget-heading\" data-id=\"48cee66f\" data-element_type=\"widget\" data-e-type=\"widget\" data-widget_type=\"heading.default\">\n\t\t\t\t\t<h3 class=\"elementor-heading-title elementor-size-default\">Skyndiyfirlit: Veles<\/h3>\t\t\t\t<\/div>\n\t\t\t\t<div class=\"elementor-element elementor-element-3f50d82c elementor-widget elementor-widget-text-editor\" data-id=\"3f50d82c\" data-element_type=\"widget\" data-e-type=\"widget\" data-widget_type=\"text-editor.default\">\n\t\t\t\t\t\t\t\t\t<p><strong>Tegund:<\/strong> Slavnesk h\u00f6fu\u00f0gu\u00f0d\u00f3mur, sn\u00e1ksgu\u00f0 undirheimanna, <span class=\"iwg-fachbegriff\" data-tooltip=\"I\u00f0kanir sem reyna a\u00f0 hafa \u00e1hrif \u00e1 gang m\u00e1la me\u00f0 s\u00e9rst\u00f6kum ath\u00f6fnum e\u00f0a form\u00falum.\" tabindex=\"0\">galdri<\/span> og b\u00fafj\u00e1r<br><span class=\"iwg-fachbegriff\" data-tooltip=\"Heild allra gu\u00f0a \u00ed tr\u00faarbr\u00f6g\u00f0um e\u00f0a menningu.\" tabindex=\"0\">Go\u00f0afj\u00f6ld<\/span>: Slavneskt (austur-, vestur- og su\u00f0urslavneskt)<br>Hlutverk: B\u00faf\u00e9, au\u00f0ur, <span class=\"iwg-fachbegriff\" data-tooltip=\"I\u00f0kanir sem reyna a\u00f0 hafa \u00e1hrif \u00e1 gang m\u00e1la me\u00f0 s\u00e9rst\u00f6kum ath\u00f6fnum e\u00f0a form\u00falum.\" tabindex=\"0\">galdur<\/span>, sk\u00e1ldskapur, samningager\u00f0, r\u00edki hinna dau\u00f0u, eil\u00edfur andst\u00e6\u00f0ingur Peruns<br>Helstu einkenni: Sn\u00e1ksmynd, skegg, horn, b\u00faf\u00e9, fj\u00e1rsj\u00f3\u00f0ur<br>Helstu tilbei\u00f0slusta\u00f0ir: K\u00e6nugar\u00f0ur (utan borgarm\u00fara, \u00f3l\u00edkt <span class=\"iwg-fachbegriff\" data-tooltip=\"Bygging sem er notu\u00f0 til d\u00fdrkunar \u00e1 einum e\u00f0a fleiri gu\u00f0um.\" tabindex=\"0\">musteri<\/span> Peruns innan \u00feeirra), bjarnarhellar, j\u00e1rn-\/m\u00e1lmn\u00e1mur<br>Ind\u00f3evr\u00f3psk skyldleiki: ind\u00f3-\u00edr\u00f6nsk Vala-slangan, baltneski Velnias<\/p>\t\t\t\t\t\t\t\t<\/div>\n\t\t\t\t\t<\/div>\n\t\t\t\t<\/div>\n\t\t\t\t\t<\/div>\n\t\t\t\t<\/div>\n\t\t\t\t\t<\/div>\n\t\t\t\t<\/div>\n\t\t<div class=\"elementor-element elementor-element-18613602 e-flex e-con-boxed e-con e-parent\" data-id=\"18613602\" data-element_type=\"container\" data-e-type=\"container\">\n\t\t\t\t\t<div class=\"e-con-inner\">\n\t\t\t\t<div class=\"elementor-element elementor-element-262b8a9f elementor-widget elementor-widget-heading\" data-id=\"262b8a9f\" data-element_type=\"widget\" data-e-type=\"widget\" data-widget_type=\"heading.default\">\n\t\t\t\t\t<h2 class=\"elementor-heading-title elementor-size-default\">S\u00f6guleg sta\u00f0setning<\/h2>\t\t\t\t<\/div>\n\t\t<div class=\"elementor-element elementor-element-46dcb7d e-con-full e-flex e-con e-child\" data-id=\"46dcb7d\" data-element_type=\"container\" data-e-type=\"container\">\n\t\t<div class=\"elementor-element elementor-element-61d3ab3 e-flex e-con-boxed e-con e-child\" data-id=\"61d3ab3\" data-element_type=\"container\" data-e-type=\"container\">\n\t\t\t\t\t<div class=\"e-con-inner\">\n\t\t\t\t<div class=\"elementor-element elementor-element-117c166 elementor-widget elementor-widget-heading\" data-id=\"117c166\" data-element_type=\"widget\" data-e-type=\"widget\" data-widget_type=\"heading.default\">\n\t\t\t\t\t<h3 class=\"elementor-heading-title elementor-size-default\">T\u00edmabil textanna<\/h3>\t\t\t\t<\/div>\n\t\t\t\t<div class=\"elementor-element elementor-element-73997a0 elementor-widget elementor-widget-text-editor\" data-id=\"73997a0\" data-element_type=\"widget\" data-e-type=\"widget\" data-widget_type=\"text-editor.default\">\n\t\t\t\t\t\t\t\t\t<p>Veles er, n\u00e6st Perun, mikilv\u00e6gasta slavneska <span class=\"iwg-fachbegriff\" data-tooltip=\"Vera sem d\u00fdrku\u00f0 er sem gu\u00f0leg innan tr\u00faarbrag\u00f0a.\" tabindex=\"0\">gu\u00f0veran<\/span>, sta\u00f0fest \u00ed \u00f6llum \u00feremur slavnesku tungum\u00e1lah\u00f3punum. Kalla\u00f0ur <em>Volos<\/em> \u00ed r\u00fassneskum heimildum. Bl\u00f3maskei\u00f0: forkristinn t\u00edmi (til um 988). Mikilv\u00e6g heimild: r\u00fassneskar ei\u00f0aform\u00falur sem \u00e1kalla <em>Volos og Perun<\/em> saman (samningar milli b\u00fdsanskra keisara og furstanna \u00ed K\u00e6nugar\u00f0i \u00e1rin 907 og 944).<\/p><p>\u00d3l\u00edkt Perun voru helgista\u00f0ir Veles venjulega <em>utan<\/em> borgarm\u00fara e\u00f0a \u00ed ne\u00f0ri borginni, hi\u00f0 undirheimska e\u00f0li hans kalla\u00f0i \u00e1 a\u00f0skilna\u00f0 fr\u00e1 hinu himneska svi\u00f0i. \u00cd n\u00fat\u00edma <em>rodn\u00f3ver\u00eda<\/em>-hreyfingunni er hann d\u00fdrka\u00f0ur a\u00f0 n\u00fdju.<\/p>\t\t\t\t\t\t\t\t<\/div>\n\t\t\t\t\t<\/div>\n\t\t\t\t<\/div>\n\t\t<div class=\"elementor-element elementor-element-d47b156 e-flex e-con-boxed e-con e-child\" data-id=\"d47b156\" data-element_type=\"container\" data-e-type=\"container\">\n\t\t\t\t\t<div class=\"e-con-inner\">\n\t\t\t\t<div class=\"elementor-element elementor-element-ff38c2b elementor-widget elementor-widget-heading\" data-id=\"ff38c2b\" data-element_type=\"widget\" data-e-type=\"widget\" data-widget_type=\"heading.default\">\n\t\t\t\t\t<h3 class=\"elementor-heading-title elementor-size-default\">\u00datbrei\u00f0slusv\u00e6\u00f0i<\/h3>\t\t\t\t<\/div>\n\t\t\t\t<div class=\"elementor-element elementor-element-4e49fcc elementor-widget elementor-widget-text-editor\" data-id=\"4e49fcc\" data-element_type=\"widget\" data-e-type=\"widget\" data-widget_type=\"text-editor.default\">\n\t\t\t\t\t\t\t\t\t<p>Helstu tilbei\u00f0slusta\u00f0ir: \u00ed <strong>K\u00e6nugar\u00f0i<\/strong> utan borgarm\u00fara (vi\u00f0 Podol-h\u00f6fnina, andst\u00e6tt Perun innan fursta\u00advirkisins), \u00ed <strong>Novgorod<\/strong> einnig a\u00f0skili\u00f0 fr\u00e1 <span class=\"iwg-fachbegriff\" data-tooltip=\"Heilagur sta\u00f0ur helga\u00f0ur tilbei\u00f0slu \u00e1 gu\u00f0i.\" tabindex=\"0\">helgista\u00f0<\/span> Peruns. <strong>Bjarnarhellar<\/strong> \u00ed slavneskum fjallah\u00e9ru\u00f0um voru taldir birtingarsta\u00f0ir hans. J\u00e1rn- og m\u00e1lmn\u00e1mur (fj\u00e1rsj\u00f3\u00f0shli\u00f0 hans). \u00c1 n\u00fd d\u00fdrka\u00f0ur \u00ed n\u00fat\u00edma rodnover\u00eda-hef\u00f0inni, \u00ed R\u00fasslandi, P\u00f3llandi, \u00dakra\u00ednu og T\u00e9kklandi.<\/p>\t\t\t\t\t\t\t\t<\/div>\n\t\t\t\t\t<\/div>\n\t\t\t\t<\/div>\n\t\t\t\t<\/div>\n\t\t<div class=\"elementor-element elementor-element-db03c39 e-con-full e-flex e-con e-child\" data-id=\"db03c39\" data-element_type=\"container\" data-e-type=\"container\">\n\t\t<div class=\"elementor-element elementor-element-229a87b e-flex e-con-boxed e-con e-child\" data-id=\"229a87b\" data-element_type=\"container\" data-e-type=\"container\">\n\t\t\t\t\t<div class=\"e-con-inner\">\n\t\t\t\t<div class=\"elementor-element elementor-element-1f471fc elementor-widget elementor-widget-heading\" data-id=\"1f471fc\" data-element_type=\"widget\" data-e-type=\"widget\" data-widget_type=\"heading.default\">\n\t\t\t\t\t<h3 class=\"elementor-heading-title elementor-size-default\">Heimildasta\u00f0a<\/h3>\t\t\t\t<\/div>\n\t\t\t\t<div class=\"elementor-element elementor-element-36b1201 elementor-widget elementor-widget-text-editor\" data-id=\"36b1201\" data-element_type=\"widget\" data-e-type=\"widget\" data-widget_type=\"text-editor.default\">\n\t\t\t\t\t\t\t\t\t<p>Meginheimildir: <em>Nestors-ann\u00e1ll<\/em> (me\u00f0 Veles-ei\u00f0aform\u00falum), ei\u00f0aform\u00falur \u00far b\u00fds\u00f6nskum samningum (907, 944), \u00fej\u00f3\u00f0sagnir, \u00fej\u00f3\u00f0l\u00f6g, hi\u00f0 umdeilda <em>Veles-b\u00f3k<\/em> (n\u00fat\u00edmahandrit fr\u00e1 20. \u00f6ld, tali\u00f0 falsa\u00f0 af fr\u00e6\u00f0im\u00f6nnum, en \u00fatbreitt \u00ed rodn\u00f3ver\u00eda-h\u00f3pum). \u00cdtarefni: V\u00e1\u0148a, <em><span class=\"iwg-fachbegriff\" data-tooltip=\"Heild \u00feeirra fr\u00e1sagna um gu\u00f0i sem var\u00f0veist hafa \u00ed tiltekinni menningu.\" tabindex=\"0\">go\u00f0afr\u00e6\u00f0i<\/span> slavnesku \u00fej\u00f3\u00f0anna<\/em>; Ivanov\/Toporov; Belaj, <em>Hod kroz godinu<\/em> (kr\u00f3at\u00edska, sta\u00f0alrit um slavneska <span class=\"iwg-fachbegriff\" data-tooltip=\"Heild \u00feeirra fr\u00e1sagna um gu\u00f0i sem var\u00f0veist hafa \u00ed tiltekinni menningu.\" tabindex=\"0\">go\u00f0afr\u00e6\u00f0i<\/span>); Pittner, <em>Slavnesk <span class=\"iwg-fachbegriff\" data-tooltip=\"Heild \u00feeirra fr\u00e1sagna um gu\u00f0i sem var\u00f0veist hafa \u00ed tiltekinni menningu.\" tabindex=\"0\">go\u00f0afr\u00e6\u00f0i<\/span><\/em>.<\/p>\t\t\t\t\t\t\t\t<\/div>\n\t\t\t\t\t<\/div>\n\t\t\t\t<\/div>\n\t\t\t\t<\/div>\n\t\t\t\t\t<\/div>\n\t\t\t\t<\/div>\n\t\t<div class=\"elementor-element elementor-element-3ae0637c e-flex e-con-boxed e-con e-parent\" data-id=\"3ae0637c\" data-element_type=\"container\" data-e-type=\"container\">\n\t\t\t\t\t<div class=\"e-con-inner\">\n\t\t\t\t<div class=\"elementor-element elementor-element-31d07739 elementor-widget elementor-widget-heading\" data-id=\"31d07739\" data-element_type=\"widget\" data-e-type=\"widget\" data-widget_type=\"heading.default\">\n\t\t\t\t\t<h2 class=\"elementor-heading-title elementor-size-default\">Nafn og heiti<\/h2>\t\t\t\t<\/div>\n\t\t<div class=\"elementor-element elementor-element-b7642947 e-con-full e-flex e-con e-child\" data-id=\"b7642947\" data-element_type=\"container\" data-e-type=\"container\">\n\t\t\t\t<div class=\"elementor-element elementor-element-a086266 elementor-widget elementor-widget-text-editor\" data-id=\"a086266\" data-element_type=\"widget\" data-e-type=\"widget\" data-widget_type=\"text-editor.default\">\n\t\t\t\t\t\t\t\t\t<p>Veles er \u00ed fyrirliggjandi heimildum oft l\u00fdst sem dreka, risav\u00f6xnum sn\u00e1ki e\u00f0a \u00falfi, \u00fer\u00edskiptri mynd sem sveiflast milli heima og festist aldrei vi\u00f0 eina birtingarmynd. Sums sta\u00f0ar er hann sag\u00f0ur vera \u00f6ldungur me\u00f0 sn\u00e1k \u00ed sta\u00f0 annars f\u00f3tarins, e\u00f0a vera me\u00f0 geithafursdr\u00e6tti, horn og skeggja\u00f0 andlit.<\/p><p>L\u00edkami hans er ekki mannlegur heldur blendinn og d\u00fdrslegur. Me\u00f0al t\u00e1kna hans eru fj\u00e1rsj\u00f3\u00f0ir, myntir, gimsteinar og a\u00f0rir d\u00fdrm\u00e6tir, faldir hlutir. \u00cd <span class=\"iwg-fachbegriff\" data-tooltip=\"T\u00e1kn sem stendur fyrir hugmynd e\u00f0a merkingu.\" tabindex=\"0\">t\u00e1knheimi<\/span> hans birtist gormlaga sp\u00edralmynstur, t\u00edmalaust mynstur sem t\u00e1knar umbreytingu. Gullh\u00e1lsband Veles, sem nefnt er \u00ed \u00fdmsum s\u00f6gnum, var merki um au\u00f0leg\u00f0 og t\u00f6frabundna trygg\u00f0 vi\u00f0 hann.<\/p>\t\t\t\t\t\t\t\t<\/div>\n\t\t\t\t<\/div>\n\t\t\t\t\t<\/div>\n\t\t\t\t<\/div>\n\t\t<div class=\"elementor-element elementor-element-709a44a8 e-flex e-con-boxed e-con e-parent\" data-id=\"709a44a8\" data-element_type=\"container\" data-e-type=\"container\">\n\t\t\t\t\t<div class=\"e-con-inner\">\n\t\t\t\t<div class=\"elementor-element elementor-element-2f585873 elementor-widget elementor-widget-heading\" data-id=\"2f585873\" data-element_type=\"widget\" data-e-type=\"widget\" data-widget_type=\"heading.default\">\n\t\t\t\t\t<h2 class=\"elementor-heading-title elementor-size-default\">Einkenni<\/h2>\t\t\t\t<\/div>\n\t\t<div class=\"elementor-element elementor-element-70621c12 e-con-full e-flex e-con e-child\" data-id=\"70621c12\" data-element_type=\"container\" data-e-type=\"container\">\n\t\t\t\t<div class=\"elementor-element elementor-element-4296eb49 elementor-widget elementor-widget-text-editor\" data-id=\"4296eb49\" data-element_type=\"widget\" data-e-type=\"widget\" data-widget_type=\"text-editor.default\">\n\t\t\t\t\t\t\t\t\t<p>Veles r\u00e9\u00f0 yfir hinum \u00f3s\u00fdnilegu, huldu kr\u00f6ftunum: g\u00f6ldrum, l\u00e6knislist, <span class=\"iwg-fachbegriff\" data-tooltip=\"T\u00falkun t\u00e1kna til a\u00f0 greina hi\u00f0 hulda e\u00f0a komandi.\" tabindex=\"0\">sp\u00e1d\u00f3mum<\/span> og andum hinna d\u00e1nu. Sjamanar og galdramenn tilb\u00e1\u00f0u hann \u00ed hv\u00edslum og n\u00e6turath\u00f6fnum. Kaupmenn b\u00e1\u00f0u til hans um gr\u00f3\u00f0a \u00ed vi\u00f0skiptum og verslun, s\u00e9rstaklega \u00e1 h\u00e6ttulegum fer\u00f0al\u00f6gum.<\/p><p><span class=\"iwg-fachbegriff\" data-tooltip=\"Gj\u00f6f til gu\u00f0s til a\u00f0 tj\u00e1 \u00feakkl\u00e6ti, b\u00e6n e\u00f0a tilbei\u00f0slu.\" tabindex=\"0\">F\u00f3rnir<\/span> hans voru l\u00e1gstemmdar og \u00f3beinar, brau\u00f0 \u00ed \u00e1m, myntir \u00ed hellum, hlj\u00f3\u00f0l\u00e1tar b\u00e6nir \u00e1n l\u00fa\u00f0ra og dans eins og hj\u00e1 hinum h\u00e1va\u00f0asama og gle\u00f0ilega Per\u00fan.<\/p><p>Eftir kristnit\u00f6ku var <span class=\"iwg-fachbegriff\" data-tooltip=\"Heild tr\u00faari\u00f0kana og tilbei\u00f0slu tileinka\u00f0ar gu\u00f0i e\u00f0a heilagri pers\u00f3nu.\" tabindex=\"0\">d\u00fdrkun<\/span> Velesar b\u00e6ld ni\u00f0ur af mestri \u00ferautseigju, en h\u00fan lif\u00f0i \u00e1fram \u00ed tilbei\u00f0slu sk\u00f3garanda (Leshie), \u00ed s\u00f6gum um dreka og galdramenn og \u00ed t\u00f6frai\u00f0kunum.<\/p><p>Tengsl hans vi\u00f0 hina d\u00e1nu og handanheiminn ger\u00f0u hann a\u00f0 gu\u00f0i sem leita\u00f0 var til \u00ed veikindum, nau\u00f0 og sorg, me\u00f0 var\u00fa\u00f0 og vir\u00f0ingarfullri lotningu.<\/p>\t\t\t\t\t\t\t\t<\/div>\n\t\t\t\t<\/div>\n\t\t\t\t\t<\/div>\n\t\t\t\t<\/div>\n\t\t<div class=\"elementor-element elementor-element-44e71476 e-flex e-con-boxed e-con e-parent\" data-id=\"44e71476\" data-element_type=\"container\" data-e-type=\"container\">\n\t\t\t\t\t<div class=\"e-con-inner\">\n\t\t\t\t<div class=\"elementor-element elementor-element-3c1fc3f0 elementor-widget elementor-widget-heading\" data-id=\"3c1fc3f0\" data-element_type=\"widget\" data-e-type=\"widget\" data-widget_type=\"heading.default\">\n\t\t\t\t\t<h2 class=\"elementor-heading-title elementor-size-default\">Yfirlit: Veles<\/h2>\t\t\t\t<\/div>\n\t\t<div class=\"elementor-element elementor-element-84f33b8e e-con-full e-flex e-con e-child\" data-id=\"84f33b8e\" data-element_type=\"container\" data-e-type=\"container\">\n\t\t\t\t<div class=\"elementor-element elementor-element-hqkdc67p elementor-widget elementor-widget-text-editor\" data-id=\"hqkdc67p\" data-element_type=\"widget\" data-e-type=\"widget\" data-widget_type=\"text-editor.default\">\n\t\t\t\t\t\t\t\t\t<p>Mikilv\u00e6gustu \u00fe\u00e6ttir Velesar \u00ed hnotskurn. Eftirfarandi svi\u00f0 draga saman uppruna, hlutverk, \u00e1s\u00fdnd, tilbei\u00f0slu, t\u00e1kn og menningarlega hli\u00f0st\u00e6\u00f0ur.<\/p>\t\t\t\t\t\t\t\t<\/div>\n\t\t\t\t<\/div>\n\t\t<div class=\"elementor-element elementor-element-pemmx7c5 e-con-full e-flex e-con e-child\" data-id=\"pemmx7c5\" data-element_type=\"container\" data-e-type=\"container\">\n\t\t<div class=\"elementor-element elementor-element-pemmx7c1 e-con-full e-flex e-con e-child\" data-id=\"pemmx7c1\" data-element_type=\"container\" data-e-type=\"container\">\n\t\t<div class=\"elementor-element elementor-element-qh9oavvu iwg-steckbrief-card e-flex e-con-boxed e-con e-child\" data-id=\"qh9oavvu\" data-element_type=\"container\" data-e-type=\"container\">\n\t\t\t\t\t<div class=\"e-con-inner\">\n\t\t\t\t<div class=\"elementor-element elementor-element-awzx8k2k elementor-widget elementor-widget-heading\" data-id=\"awzx8k2k\" data-element_type=\"widget\" data-e-type=\"widget\" data-widget_type=\"heading.default\">\n\t\t\t\t\t<h3 class=\"elementor-heading-title elementor-size-default\">Uppruni Velesar<\/h3>\t\t\t\t<\/div>\n\t\t\t\t<div class=\"elementor-element elementor-element-x6rowhv0 elementor-widget elementor-widget-text-editor\" data-id=\"x6rowhv0\" data-element_type=\"widget\" data-e-type=\"widget\" data-widget_type=\"text-editor.default\">\n\t\t\t\t\t\t\t\t\t<p>Veles er hinn \u00fe\u00f3n\u00edski (jar\u00f0bundni) andst\u00e6\u00f0ingur Peruns, hi\u00f0 eil\u00edfa \u00e1takapar \u00ed slavneskri <span class=\"iwg-fachbegriff\" data-tooltip=\"Heild go\u00f0sagna sem var\u00f0veist hafa innan menningar.\" tabindex=\"0\">go\u00f0afr\u00e6\u00f0i<\/span>.<\/p><p>\u00cd hinni mi\u00f0l\u00e6gu <span class=\"iwg-fachbegriff\" data-tooltip=\"Var\u00f0veitt fr\u00e1s\u00f6gn um gu\u00f0i, uppruna og skipulag heimsins.\" tabindex=\"0\">go\u00f0s\u00f6gu<\/span> kl\u00edfur Veles heimstr\u00e9\u00f0 \u00ed sl\u00f6ngul\u00edki, stelur nautgripum Peruns (e\u00f0a konu hans, e\u00f0a syni), felur sig; Perun eltir hann og lemur me\u00f0 \u00ferumum \u00e1 kletta, tr\u00e9 og j\u00f6r\u00f0, hvern felusta\u00f0 Velesar. Veles er hrakinn ni\u00f0ur \u00ed undirheima aftur, l\u00e6tur hi\u00f0 stolna laust og regni\u00f0 f\u00e6rir gr\u00f3\u00f0ur og frj\u00f3semi.<\/p><p>\u00deessi hringlaga \u00e1t\u00f6k \u00fatsk\u00fdra \u00ferumur, regn og \u00e1rst\u00ed\u00f0abundna endurn\u00fdjun. \u00cd kristni var honum breytt \u00ed <em>heilagan Blasius (Vlasij)<\/em> (slavneska <em>vlas<\/em> = \u201eh\u00e1r\u201c, hlj\u00f3\u00f0l\u00edk tengsl), verndard\u00fdrling d\u00fdra.<\/p>\t\t\t\t\t\t\t\t<\/div>\n\t\t\t\t\t<\/div>\n\t\t\t\t<\/div>\n\t\t<div class=\"elementor-element elementor-element-8e3o4kxs iwg-steckbrief-card e-flex e-con-boxed e-con e-child\" data-id=\"8e3o4kxs\" data-element_type=\"container\" data-e-type=\"container\">\n\t\t\t\t\t<div class=\"e-con-inner\">\n\t\t\t\t<div class=\"elementor-element elementor-element-08rkdgov elementor-widget elementor-widget-heading\" data-id=\"08rkdgov\" data-element_type=\"widget\" data-e-type=\"widget\" data-widget_type=\"heading.default\">\n\t\t\t\t\t<h3 class=\"elementor-heading-title elementor-size-default\">Hverjir tilb\u00e1\u00f0u Veles<\/h3>\t\t\t\t<\/div>\n\t\t\t\t<div class=\"elementor-element elementor-element-uwjelx8s elementor-widget elementor-widget-text-editor\" data-id=\"uwjelx8s\" data-element_type=\"widget\" data-e-type=\"widget\" data-widget_type=\"text-editor.default\">\n\t\t\t\t\t\t\t\t\t<p>Fj\u00f6lbreytt hlutverk: verndari nautgripa (lykilhlutverk \u00ed b\u00e6ndahef\u00f0), verndari <span class=\"iwg-fachbegriff\" data-tooltip=\"I\u00f0kanir sem reyna a\u00f0 hafa \u00e1hrif \u00e1 gang hlutanna me\u00f0 s\u00e9rst\u00f6kum ath\u00f6fnum e\u00f0a form\u00falum.\" tabindex=\"0\">galdra<\/span> og sp\u00e1d\u00f3ma, verndari sk\u00e1lda og kve\u00f0skaparmanna, verndari samninga og ei\u00f0sforma, drottnari undirheimanna (Nav).<\/p><p>Ei\u00f0urinn \u201evi\u00f0 Per\u00fan og Veles\u201c \u00fe\u00fd\u00f0ir: vi\u00f0 himin og j\u00f6r\u00f0, vi\u00f0 kosm\u00edska reglu og jar\u00f0bundi\u00f0 vald. \u00cd \u00fej\u00f3\u00f0tr\u00fa var <span class=\"iwg-fachbegriff\" data-tooltip=\"B\u00e6narleg e\u00f0a \u00e1kallandi \u00e1v\u00f6rpun gu\u00f0s e\u00f0a m\u00e1ttar.\" tabindex=\"0\">kalla\u00f0 \u00e1 hann<\/span> um heilsu b\u00faf\u00e9na\u00f0ar, g\u00f3\u00f0a uppskeru, fj\u00e1rhagslegan \u00e1rangur og t\u00f6fram\u00e1tt.<\/p>\t\t\t\t\t\t\t\t<\/div>\n\t\t\t\t\t<\/div>\n\t\t\t\t<\/div>\n\t\t<div class=\"elementor-element elementor-element-jm2n74ec iwg-steckbrief-card e-flex e-con-boxed e-con e-child\" data-id=\"jm2n74ec\" data-element_type=\"container\" data-e-type=\"container\">\n\t\t\t\t\t<div class=\"e-con-inner\">\n\t\t\t\t<div class=\"elementor-element elementor-element-8vufse4c elementor-widget elementor-widget-heading\" data-id=\"8vufse4c\" data-element_type=\"widget\" data-e-type=\"widget\" data-widget_type=\"heading.default\">\n\t\t\t\t\t<h3 class=\"elementor-heading-title elementor-size-default\">\u00c1s\u00fdnd Velesar<\/h3>\t\t\t\t<\/div>\n\t\t\t\t<div class=\"elementor-element elementor-element-mwb9u015 elementor-widget elementor-widget-text-editor\" data-id=\"mwb9u015\" data-element_type=\"widget\" data-e-type=\"widget\" data-widget_type=\"text-editor.default\">\n\t\t\t\t\t\t\t\t\t<p>Einkennandi er l\u00fdst honum \u00e1 tvo megin vegu: (1) sem <em>sl\u00f6ngu-\/drekaverur<\/em>, a\u00f0algo\u00f0s\u00f6guformi\u00f0, \u00fear sem hann kl\u00edfur heimstr\u00e9\u00f0; (2) <em>mannlegt form<\/em> sem skeggja\u00f0ur ma\u00f0ur \u00ed hjar\u00f0akl\u00e6\u00f0um e\u00f0a svartri skikkju, oft me\u00f0 horn (nauts- e\u00f0a hr\u00fatshorn), skegg, staf e\u00f0a hjar\u00f0art\u00f6sku.<\/p><p>\u00cd sumum \u00fej\u00f3\u00f0tr\u00faarhef\u00f0um er hann s\u00fdndur me\u00f0 bjarnarfeldi (bj\u00f6rninn er heilagt d\u00fdr hans). \u00cd n\u00fat\u00edma rodnov\u00e9ra-myndlist er hann venjulega s\u00fdndur sem d\u00f6kkur, m\u00e1ttugur <span class=\"iwg-fachbegriff\" data-tooltip=\"Tr\u00faarlegur s\u00e9rfr\u00e6\u00f0ingur sem sag\u00f0ur er mi\u00f0la milli manna og andaheims.\" tabindex=\"0\">sjaman<\/span> me\u00f0 sl\u00f6ngustaf.<\/p>\t\t\t\t\t\t\t\t<\/div>\n\t\t\t\t\t<\/div>\n\t\t\t\t<\/div>\n\t\t\t\t<\/div>\n\t\t<div class=\"elementor-element elementor-element-pemmx7c2 e-con-full e-flex e-con e-child\" data-id=\"pemmx7c2\" data-element_type=\"container\" data-e-type=\"container\">\n\t\t<div class=\"elementor-element elementor-element-37ss2yr6 iwg-steckbrief-card e-flex e-con-boxed e-con e-child\" data-id=\"37ss2yr6\" data-element_type=\"container\" data-e-type=\"container\">\n\t\t\t\t\t<div class=\"e-con-inner\">\n\t\t\t\t<div class=\"elementor-element elementor-element-3v0wp3wx elementor-widget elementor-widget-heading\" data-id=\"3v0wp3wx\" data-element_type=\"widget\" data-e-type=\"widget\" data-widget_type=\"heading.default\">\n\t\t\t\t\t<h3 class=\"elementor-heading-title elementor-size-default\">\u00c1hrif Velesar<\/h3>\t\t\t\t<\/div>\n\t\t\t\t<div class=\"elementor-element elementor-element-w3247g2m elementor-widget elementor-widget-text-editor\" data-id=\"w3247g2m\" data-element_type=\"widget\" data-e-type=\"widget\" data-widget_type=\"text-editor.default\">\n\t\t\t\t\t\t\t\t\t<p><strong>\u00c1hrifasvi\u00f0:<\/strong> Veles var \u00e1kalla\u00f0ur sem verndari b\u00faf\u00e9na\u00f0ar \u00e1 hverjum b\u00f3ndab\u00e6. H\u00e1t\u00ed\u00f0ardagur hans s\u00ed\u00f0la febr\u00faar (\u00ed kristinni hef\u00f0 sem dagur heilags Blasiusar, 11. febr\u00faar) er dagur til verndar b\u00faf\u00e9na\u00f0i. Sjaman\u00edskir i\u00f0kendur (slavneska <em>volchov<\/em>, tengt or\u00f0inu <em>Volos<\/em>) voru taldir \u00fej\u00f3nar hans.<\/p><p>Fyrir mikilv\u00e6ga samninga var Veles-ei\u00f0urinn svarinn. \u00cd b\u00e6ndahef\u00f0 var <span class=\"iwg-fachbegriff\" data-tooltip=\"Ath\u00f6fn sem hef\u00f0 er komin \u00e1 og endurtekin reglulega innan samf\u00e9lags.\" tabindex=\"0\">si\u00f0ur<\/span> a\u00f0 <span class=\"iwg-fachbegriff\" data-tooltip=\"V\u00edgt Velesi me\u00f0 tr\u00faarlegri ath\u00f6fn og \u00feannig teki\u00f0 \u00far hinu hversdagslega.\" tabindex=\"0\">helga<\/span> honum fyrsta kornbindinginn (\u201eVelesov bart\u201c). \u00cd n\u00fat\u00edma rodnov\u00e9ra-samkomum er hann mi\u00f0l\u00e6gur \u00e1 n\u00fd, s\u00e9rstaklega \u00ed sjamanahef\u00f0inni.<\/p>\t\t\t\t\t\t\t\t<\/div>\n\t\t\t\t\t<\/div>\n\t\t\t\t<\/div>\n\t\t<div class=\"elementor-element elementor-element-0qpjal9w iwg-steckbrief-card e-flex e-con-boxed e-con e-child\" data-id=\"0qpjal9w\" data-element_type=\"container\" data-e-type=\"container\">\n\t\t\t\t\t<div class=\"e-con-inner\">\n\t\t\t\t<div class=\"elementor-element elementor-element-6ndoih0o elementor-widget elementor-widget-heading\" data-id=\"6ndoih0o\" data-element_type=\"widget\" data-e-type=\"widget\" data-widget_type=\"heading.default\">\n\t\t\t\t\t<h3 class=\"elementor-heading-title elementor-size-default\">V\u00f6rn gegn Veles<\/h3>\t\t\t\t<\/div>\n\t\t\t\t<div class=\"elementor-element elementor-element-6684tyh9 elementor-widget elementor-widget-text-editor\" data-id=\"6684tyh9\" data-element_type=\"widget\" data-e-type=\"widget\" data-widget_type=\"text-editor.default\">\n\t\t\t\t\t\t\t\t\t<p>Sl\u00f6ngul\u00edki, horn, skegg, hjar\u00f0arstafur, bjarnarfeldur, fj\u00e1rsj\u00f3\u00f0ur (gull og g\u00f3\u00f0m\u00e1lmar), fyrsta kornbindingin (Velesov bart). Heil\u00f6g d\u00fdr: bj\u00f6rn, slanga, \u00falfur (\u00ed sumum \u00fatg\u00e1fum), nautgripir yfirleitt. Heilagar pl\u00f6ntur: eik (\u00fer\u00e1tt fyrir a\u00f0 vera einnig Peruns t\u00e1kn, en \u00ed \u00f6\u00f0ru samhengi). Heilagir sta\u00f0ir: bjarnarhellar, n\u00e1mur, votlendi. Heilagur dagur: 11. febr\u00faar.<\/p>\t\t\t\t\t\t\t\t<\/div>\n\t\t\t\t\t<\/div>\n\t\t\t\t<\/div>\n\t\t<div class=\"elementor-element elementor-element-3lfi7x32 iwg-steckbrief-card e-flex e-con-boxed e-con e-child\" data-id=\"3lfi7x32\" data-element_type=\"container\" data-e-type=\"container\">\n\t\t\t\t\t<div class=\"e-con-inner\">\n\t\t\t\t<div class=\"elementor-element elementor-element-0kg99ga1 elementor-widget elementor-widget-heading\" data-id=\"0kg99ga1\" data-element_type=\"widget\" data-e-type=\"widget\" data-widget_type=\"heading.default\">\n\t\t\t\t\t<div class=\"elementor-heading-title elementor-size-default\">Hli\u00f0st\u00e6\u00f0ur Velesar<\/div>\t\t\t\t<\/div>\n\t\t\t\t<div class=\"elementor-element elementor-element-n0fum6kp elementor-widget elementor-widget-text-editor\" data-id=\"n0fum6kp\" data-element_type=\"widget\" data-e-type=\"widget\" data-widget_type=\"text-editor.default\">\n\t\t\t\t\t\t\t\t\t<p><em>Volos<\/em> (r\u00fassnesk afbrig\u00f0i), <em>Velnias<\/em> (baltneskur, tengdur sl\u00f6ngu- og d\u00e1nargu\u00f0), <em>Vala<\/em> (hind\u00faismi, v\u00e9ddreginn sl\u00f6nguandi \u00ed Indra-<span class=\"iwg-fachbegriff\" data-tooltip=\"Var\u00f0veitt fr\u00e1s\u00f6gn um gu\u00f0i, uppruna og skipulag heimsins.\" tabindex=\"0\">go\u00f0s\u00f6gu<\/span>, sameiginleg ind\u00f3evr\u00f3psk<\/p><p>r\u00f3t), <em>Vritra<\/em> (hind\u00faismi, annar drekaandst\u00e6\u00f0ingur Indra), <em>Apsu<\/em> (Mes\u00f3p\u00f3tam\u00eda, \u00fe\u00f3n\u00edska ferskvatni\u00f0), <em>Hermes<\/em> (Grikkland, verndari sk\u00e1lda, samninga og <span class=\"iwg-fachbegriff\" data-tooltip=\"I\u00f0kanir sem reyna a\u00f0 hafa \u00e1hrif \u00e1 gang hlutanna me\u00f0 s\u00e9rst\u00f6kum ath\u00f6fnum e\u00f0a form\u00falum.\" tabindex=\"0\">galdra<\/span>), <em>Loki<\/em> (germ\u00f6nsk, svikahrappur, hli\u00f0st\u00e6\u00f0ur andst\u00e6\u00f0ingur \u00de\u00f3rs). Hlutverkslega: allir sl\u00f6ngu-\/svikahrapps-\/<span class=\"iwg-fachbegriff\" data-tooltip=\"I\u00f0kanir sem reyna a\u00f0 hafa \u00e1hrif \u00e1 gang hlutanna me\u00f0 s\u00e9rst\u00f6kum ath\u00f6fnum e\u00f0a form\u00falum.\" tabindex=\"0\">galdra<\/span>-gu\u00f0ir deila \u00fe\u00e1ttum me\u00f0 Veles. \u00cd v\u00ed\u00f0ara samhengi: allir andst\u00e6\u00f0ingar \u00ferumugu\u00f0a (Vritra, T\u00edamat, Yamata-no-Orochi, Ap\u00f3fis).<\/p>\t\t\t\t\t\t\t\t<\/div>\n\t\t\t\t\t<\/div>\n\t\t\t\t<\/div>\n\t\t\t\t<\/div>\n\t\t\t\t<\/div>\n\t\t\t\t\t<\/div>\n\t\t\t\t<\/div>\n\t\t<div class=\"elementor-element elementor-element-5a584676 e-flex e-con-boxed e-con e-parent\" data-id=\"5a584676\" data-element_type=\"container\" data-e-type=\"container\">\n\t\t\t\t\t<div class=\"e-con-inner\">\n\t\t\t\t<div class=\"elementor-element elementor-element-6d0757bf elementor-widget elementor-widget-heading\" data-id=\"6d0757bf\" data-element_type=\"widget\" data-e-type=\"widget\" data-widget_type=\"heading.default\">\n\t\t\t\t\t<h2 class=\"elementor-heading-title elementor-size-default\">Veles, hli\u00f0st\u00e6\u00f0ur \u00ed \u00f6\u00f0rum menningarheimum<\/h2>\t\t\t\t<\/div>\n\t\t<div class=\"elementor-element elementor-element-60563f68 e-con-full e-flex e-con e-child\" data-id=\"60563f68\" data-element_type=\"container\" data-e-type=\"container\">\n\t\t\t\t<div class=\"elementor-element elementor-element-5a93fdd6 elementor-widget elementor-widget-text-editor\" data-id=\"5a93fdd6\" data-element_type=\"widget\" data-e-type=\"widget\" data-widget_type=\"text-editor.default\">\n\t\t\t\t\t\t\t\t\t<p>Veles svarar til hins balt\u00edska V\u0117linas (undirheimagu\u00f0s), hins ved\u00edska Valas (<span class=\"iwg-fachbegriff\" data-tooltip=\"Andlegt vera sem talin er hafa ska\u00f0lega e\u00f0a tv\u00edr\u00e6\u00f0a \u00e1hrif.\" tabindex=\"0\">dj\u00f6ful\u00f3\u00f0<\/span> og fj\u00e1rsj\u00f3\u00f0sv\u00f6r\u00f0ur), og fjarl\u00e6gari eru gr\u00edsku Hades og Pl\u00fat\u00f3. Drekaeiginleikinn tengir hann vi\u00f0 J\u00f6rmungand Germana og Apep Egyptalands. Tv\u00ede\u00f0li hans, illur og nau\u00f0synlegur, ey\u00f0andi og skapandi, r\u00edkid\u00e6mi og hnignun, er fornleifafr\u00e6\u00f0ilegt mynstur ind\u00f3evr\u00f3pskra go\u00f0afr\u00e6\u00f0a.<\/p>\n<p><strong>Hef\u00f0 Gy\u00f0inga:<\/strong> Samael og dj\u00f6fulleg undirheimaherrar deila me\u00f0 Veles krafti hinna ne\u00f0anjar\u00f0ar \u00f6fla og hlutverki andst\u00e6\u00f0ingsins gagnvart h\u00e6rri <span class=\"iwg-fachbegriff\" data-tooltip=\"Vera sem er d\u00fdrku\u00f0 sem gu\u00f0legt innan tr\u00faarbrag\u00f0a.\" tabindex=\"0\">gu\u00f0veru<\/span>, kerfisbundnu tv\u00edhyggjumynstri.<\/p><p><strong>Gr\u00edsk-r\u00f3mverski heimurinn:<\/strong> Hades og Pl\u00fat\u00f3 stj\u00f3rna undirheimum og au\u00f0\u00e6fum eins og Veles. Hermes, sem landam\u00e6ragu\u00f0 og verslunargu\u00f0, deilir hlutverkum Veles \u00ed mi\u00f0lun og aukningu velmegunar.<\/p><p><strong>Germ\u00f6nsk hef\u00f0:<\/strong> Loki og \u00d3\u00f0inn deila me\u00f0 Veles einkennum sl\u00e6g\u00f0ar, <span class=\"iwg-fachbegriff\" data-tooltip=\"Athafnir sem reyna a\u00f0 hafa \u00e1hrif \u00e1 r\u00e1s hlutanna me\u00f0 s\u00e9rst\u00f6kum gj\u00f6r\u00f0um e\u00f0a form\u00falum.\" tabindex=\"0\">galdri<\/span> og hinum ne\u00f0anjar\u00f0ar\/landam\u00e6raskapandi krafti, ind\u00f3evr\u00f3pskri hli\u00f0st\u00e6\u00f0u vi\u00f0 tv\u00ede\u00f0lisgu\u00f0suppbyggingu.<\/p><p><strong>Hind\u00faatr\u00fa:<\/strong> Yama, herra hinna dau\u00f0u, og K\u00fabera, gu\u00f0 r\u00edkid\u00e6mis, sameina a\u00f0 nokkru leyti eiginleika svipa\u00f0a Veles, undirheima\/umskipti og umsj\u00f3n velmegunar.<\/p>\t\t\t\t\t\t\t\t<\/div>\n\t\t\t\t<\/div>\n\t\t\t\t\t<\/div>\n\t\t\t\t<\/div>\n\t\t<div class=\"elementor-element elementor-element-cpc779b54 e-flex e-con-boxed e-con e-parent\" data-id=\"cpc779b54\" data-element_type=\"container\" data-e-type=\"container\">\n\t\t\t\t\t<div class=\"e-con-inner\">\n\t\t\t\t<div class=\"elementor-element elementor-element-cp6baa302 elementor-widget elementor-widget-heading\" data-id=\"cp6baa302\" data-element_type=\"widget\" data-e-type=\"widget\" data-widget_type=\"heading.default\">\n\t\t\t\t\t<h2 class=\"elementor-heading-title elementor-size-default\">Veles og Per\u00fan: go\u00f0afr\u00e6\u00f0ilegur grunn\u00e1takur<\/h2>\t\t\t\t<\/div>\n\t\t<div class=\"elementor-element elementor-element-cp51ab0f8 e-con-full e-flex e-con e-child\" data-id=\"cp51ab0f8\" data-element_type=\"container\" data-e-type=\"container\">\n\t\t\t\t<div class=\"elementor-element elementor-element-cpfeda1d5 elementor-widget elementor-widget-text-editor\" data-id=\"cpfeda1d5\" data-element_type=\"widget\" data-e-type=\"widget\" data-widget_type=\"text-editor.default\">\n\t\t\t\t\t\t\t\t\t<p>\u00c1hrifamesta n\u00fat\u00edmat\u00falkun \u00e1 Veles er tengd tilg\u00e1tunni um slavneska frumgo\u00f0s\u00f6guna. R\u00fassnesku tungum\u00e1la- og tr\u00faarbrag\u00f0afr\u00e6\u00f0ingarnir Vjatsjeslav \u00cdvanov og Vladim\u00edr Toporov \u00fer\u00f3u\u00f0u \u00e1 1960 og 1970 \u00fe\u00e1 kenningu a\u00f0 \u00ed mi\u00f0ju slavneskrar <span class=\"iwg-fachbegriff\" data-tooltip=\"Heildarsafn arfleiddra go\u00f0sagna um gu\u00f0i innan menningarsv\u00e6\u00f0is.\" tabindex=\"0\">go\u00f0afr\u00e6\u00f0i<\/span> standi \u00e1t\u00f6k milli \u00ferumugu\u00f0sins Per\u00fans og andst\u00e6\u00f0ings hans Veles.<\/p><p>Samkv\u00e6mt \u00feessari endurger\u00f0 er Per\u00fan himneskur gu\u00f0 \u00ferumuve\u00f0urs, en Veles er aftur \u00e1 m\u00f3ti <span class=\"iwg-fachbegriff\" data-tooltip=\"Vera sem er d\u00fdrku\u00f0 sem gu\u00f0legt innan tr\u00faarbrag\u00f0a.\" tabindex=\"0\">gu\u00f0vera<\/span> undirheima, vatns, b\u00faf\u00e9na\u00f0ar og hinna dau\u00f0u, oft me\u00f0 sn\u00e1ka- e\u00f0a drekaeinkennum. <span class=\"iwg-fachbegriff\" data-tooltip=\"Arfleidd fr\u00e1s\u00f6gn um gu\u00f0i, uppruna og skipan heimsins.\" tabindex=\"0\">Go\u00f0s\u00f6gnin<\/span> l\u00fdsir \u00fev\u00ed hvernig Veles r\u00e6nir b\u00faf\u00e9na\u00f0i e\u00f0a konu Per\u00fans e\u00f0a heldur aftur af himneskum v\u00f6tnum.<\/p><p>Per\u00fan elta hann, kastar eldingum s\u00ednum, og Veles felur sig hva\u00f0 eftir anna\u00f0 \u00ed trj\u00e1m, steinum, d\u00fdrum og m\u00f6nnum. A\u00f0 lokum hittir Per\u00fan hann, v\u00f6tnin sem h\u00e9ldust til baka losast, og \u00fea\u00f0 fer a\u00f0 rigna.<\/p><p>\u00deessi endurger\u00f0 byggir \u00e1 samanbur\u00f0i vi\u00f0 a\u00f0rar ind\u00f3evr\u00f3pskar go\u00f0s\u00f6gur, s\u00e9rstaklega \u00e1 hi\u00f0 \u00fatbreidda <span class=\"iwg-fachbegriff\" data-tooltip=\"Endurteki\u00f0 innihaldsatri\u00f0i \u00ed list e\u00f0a fr\u00e1s\u00f6gn.\" tabindex=\"0\">minni<\/span> um bardaga \u00ferumugu\u00f0s og sn\u00e1ks, auk v\u00edsbendinga \u00ed \u00fej\u00f3\u00f0l\u00f6gum, \u00e6vint\u00fdrum og <span class=\"iwg-fachbegriff\" data-tooltip=\"Heildarsafn arfleiddra si\u00f0a innan samf\u00e9lags.\" tabindex=\"0\">si\u00f0um<\/span>. H\u00fan er \u00fe\u00f3 ekki \u00f3umdeild.<\/p><p>Gagnr\u00fdnendur benda \u00e1 a\u00f0 engin samfelld slavnesk heimild segi \u00feessa <span class=\"iwg-fachbegriff\" data-tooltip=\"Arfleidd fr\u00e1s\u00f6gn um gu\u00f0i, uppruna og skipan heimsins.\" tabindex=\"0\">go\u00f0s\u00f6gu<\/span>, og a\u00f0 endurger\u00f0in byggist mj\u00f6g \u00e1 hli\u00f0st\u00e6\u00f0um \u00e1lyktunum. Tilg\u00e1tuna ber \u00fev\u00ed a\u00f0 sko\u00f0a sem tr\u00falegt en ekki sta\u00f0fest l\u00edkan. H\u00fan hefur \u00fe\u00f3 haft dj\u00fap \u00e1hrif \u00e1 ranns\u00f3knir og er enn mikilv\u00e6gasti vi\u00f0mi\u00f0unarpunkturinn fyrir alla umfj\u00f6llun um Veles.<\/p>\t\t\t\t\t\t\t\t<\/div>\n\t\t\t\t<\/div>\n\t\t\t\t\t<\/div>\n\t\t\t\t<\/div>\n\t\t<div class=\"elementor-element elementor-element-cpf582066 e-flex e-con-boxed e-con e-parent\" data-id=\"cpf582066\" data-element_type=\"container\" data-e-type=\"container\">\n\t\t\t\t\t<div class=\"e-con-inner\">\n\t\t\t\t<div class=\"elementor-element elementor-element-cp1eefebd elementor-widget elementor-widget-heading\" data-id=\"cp1eefebd\" data-element_type=\"widget\" data-e-type=\"widget\" data-widget_type=\"heading.default\">\n\t\t\t\t\t<h2 class=\"elementor-heading-title elementor-size-default\">Skriflegar v\u00edsbendingar: s\u00e1ttm\u00e1lar, ann\u00e1lar, Igor-kvi\u00f0a<\/h2>\t\t\t\t<\/div>\n\t\t<div class=\"elementor-element elementor-element-cp3674aa7 e-con-full e-flex e-con e-child\" data-id=\"cp3674aa7\" data-element_type=\"container\" data-e-type=\"container\">\n\t\t\t\t<div class=\"elementor-element elementor-element-cp1d76366 elementor-widget elementor-widget-text-editor\" data-id=\"cp1d76366\" data-element_type=\"widget\" data-e-type=\"widget\" data-widget_type=\"text-editor.default\">\n\t\t\t\t\t\t\t\t\t<p>Veles er me\u00f0al f\u00e1rra slavneskra gu\u00f0vera sem nafn er raunverulega sta\u00f0fest \u00ed t\u00edmalega n\u00e1l\u00e6gum skriflegum heimildum, \u00fe\u00f3 f\u00e1or\u00f0um. Mikilv\u00e6gasta heimildin er hin forn-r\u00fassneska <em>Nestorsann\u00e1ll<\/em>, \u201eFr\u00e1s\u00f6gn af li\u00f0num \u00e1rum&#8220;.<\/p><p>\u00dear er greint fr\u00e1 s\u00e1ttm\u00e1lum milli K\u00e6nugar\u00f0sr\u00edkis og B\u00fdsans \u00e1 10. \u00f6ld, \u00fear sem R\u00fassar sta\u00f0festu ei\u00f0a s\u00edna me\u00f0 \u00fev\u00ed a\u00f0 sverja vi\u00f0 Per\u00fan og Volos, \u201eb\u00faf\u00e9na\u00f0argu\u00f0inn&#8220;.<\/p><p>\u00deessi umm\u00e6li eru fr\u00e6\u00f0andi \u00e1 fleiri en einn h\u00e1tt. \u00cd fyrsta lagi sta\u00f0festa \u00feau tilvist gu\u00f0sins undir nafninu Volos, \u00ed \u00f6\u00f0ru lagi tengsl hans vi\u00f0 b\u00faf\u00e9na\u00f0, og \u00ed \u00feri\u00f0ja lagi a\u00f0 hans nafn s\u00e9 nefnt samhli\u00f0a Per\u00fan, sem fellur vel a\u00f0 tilg\u00e1tunni um andst\u00e6\u00f0upari\u00f0.<\/p><p>Athyglisvert er a\u00f0 Volos, \u00f3l\u00edkt Per\u00fani, kemur ekki fram me\u00f0al \u00feeirra go\u00f0amynda sem K\u00e6nugar\u00f0sfurstinn Vladim\u00edr l\u00e9t reisa. Fr\u00e6\u00f0imenn r\u00e6\u00f0a hvort \u00feetta bendi til annarrar st\u00f6\u00f0u innan hins opinbera <span class=\"iwg-fachbegriff\" data-tooltip=\"Heildarsafn tr\u00faarlegra d\u00fdrkunarathafna fyrir gu\u00f0veru e\u00f0a heilaga pers\u00f3nu.\" tabindex=\"0\">d\u00fdrkunar<\/span> e\u00f0a til ey\u00f0u \u00ed <span class=\"iwg-fachbegriff\" data-tooltip=\"Mi\u00f0lun \u00feekkingar og fr\u00e1sagna milli kynsl\u00f3\u00f0a.\" tabindex=\"0\">arfleif\u00f0inni<\/span>.<\/p><p>\u00d6nnur oft tilvitnu\u00f0 umm\u00e6li m\u00e1 finna \u00ed <em>Igor-kvi\u00f0u<\/em>, forn-austurslavnesku hetjukv\u00e6\u00f0i, en dagsetning og \u00e1rei\u00f0anleiki \u00feess hafa lengi veri\u00f0 umdeild. \u00dear er s\u00f6ngvarinn Bojan kalla\u00f0ur \u201esonarsonur Veles&#8220;.<\/p><p>Af \u00feessu hafa fr\u00e6\u00f0imenn dregi\u00f0 \u00fe\u00e1 \u00e1lyktun a\u00f0 Veles hafi m\u00f6gulega einnig veri\u00f0 tengdur sk\u00e1ldskap, galdra\u00feulum og fagna\u00f0arr\u00edku or\u00f0i, l\u00edkt og sta\u00f0fest er fyrir a\u00f0rar gu\u00f0verur hinnar \u201ed\u00f6kku&#8220; svi\u00f0s.<\/p><p>\u00c1 heildina liti\u00f0 eru skriflegar heimildir f\u00e1ar, en \u00fe\u00e6r eru samt hlutfallslega gagnor\u00f0ar fyrir slavneska <span class=\"iwg-fachbegriff\" data-tooltip=\"Vera sem er d\u00fdrku\u00f0 sem gu\u00f0legt innan tr\u00faarbrag\u00f0a.\" tabindex=\"0\">gu\u00f0veru<\/span>, og sta\u00f0festa a\u00f0 minnsta kosti grunndr\u00e6ttina: b\u00faf\u00e9na\u00f0ur, ei\u00f0ur, andst\u00e6\u00f0ingshlutverk gagnvart Per\u00fani og tengsl vi\u00f0 or\u00f0i\u00f0.<\/p>\t\t\t\t\t\t\t\t<\/div>\n\t\t\t\t<\/div>\n\t\t\t\t\t<\/div>\n\t\t\t\t<\/div>\n\t\t<div class=\"elementor-element elementor-element-cp3a610c0 e-flex e-con-boxed e-con e-parent\" data-id=\"cp3a610c0\" data-element_type=\"container\" data-e-type=\"container\">\n\t\t\t\t\t<div class=\"e-con-inner\">\n\t\t\t\t<div class=\"elementor-element elementor-element-cp64f8851 elementor-widget elementor-widget-heading\" data-id=\"cp64f8851\" data-element_type=\"widget\" data-e-type=\"widget\" data-widget_type=\"heading.default\">\n\t\t\t\t\t<h2 class=\"elementor-heading-title elementor-size-default\">Veles, heilagur skeggma\u00f0ur og kristnitakan<\/h2>\t\t\t\t<\/div>\n\t\t<div class=\"elementor-element elementor-element-cp2605ea0 e-con-full e-flex e-con e-child\" data-id=\"cp2605ea0\" data-element_type=\"container\" data-e-type=\"container\">\n\t\t\t\t<div class=\"elementor-element elementor-element-cpb4f0ed7 elementor-widget elementor-widget-text-editor\" data-id=\"cpb4f0ed7\" data-element_type=\"widget\" data-e-type=\"widget\" data-widget_type=\"text-editor.default\">\n\t\t\t\t\t\t\t\t\t<p>D\u00fdrkun Velesar skildi eftir sig spor \u00ed b\u00e6ndamenningarlegu <span class=\"iwg-fachbegriff\" data-tooltip=\"Heildarsafn hef\u00f0bundinna si\u00f0a samf\u00e9lags.\" tabindex=\"0\">si\u00f0venjum<\/span>, sem var a\u00f0 hluta til skr\u00e1\u00f0 af \u00fej\u00f3\u00f0h\u00e1ttafr\u00e6\u00f0ingum fram \u00e1 19. og fram \u00e1 20. \u00f6ld. S\u00e9rstaklega \u00feekktur er \u00feessi <span class=\"iwg-fachbegriff\" data-tooltip=\"Hef\u00f0bundin ath\u00f6fn sem er endurtekin reglulega innan samf\u00e9lags.\" tabindex=\"0\">si\u00f0ur<\/span> a\u00f0 l\u00e1ta l\u00edtinn h\u00f3p \u00f3skorinna kornstranga standa eftir \u00e1 akrinum \u00ed lok uppskerunnar.<\/p><p>\u00deessi kornsk\u00fafur var \u00ed m\u00f6rgum slavneskum sv\u00e6\u00f0um kalla\u00f0ur &#8222;skegg&#8220;, og \u00e1 sumum st\u00f6\u00f0um berum or\u00f0um &#8222;skegg Volosar&#8220;, e\u00f0a eftir kristna endurt\u00falkun, &#8222;skegg heilags Nikul\u00e1sar&#8220; e\u00f0a annarra d\u00fdrlinga.<\/p><p>Sl\u00edkir si\u00f0ir eru \u00ed fr\u00e6\u00f0unum t\u00falka\u00f0ir sem hugsanleg \u00e1framhaldandi endurhlj\u00f3mun Veles-d\u00fdrkunarins. Kornstranganir sem eftir st\u00f3\u00f0u voru \u00e1litnir gj\u00f6f til m\u00e1ttarins sem \u00e1byrgur var fyrir gr\u00f3\u00f0ursemi akurs og b\u00fafj\u00e1r, og \u00e1tti a\u00f0 tryggja uppskeru komandi \u00e1rs.<\/p><p>\u00d6rugg s\u00f6nnun \u00e1 tengslunum vi\u00f0 Veles er \u00fe\u00f3 ekki til; h\u00fan byggist \u00e1 samsv\u00f6run nafns og hlutverks.<\/p><p>Eftir kristnit\u00f6ku voru hlutverk Velesar flutt yfir \u00e1 kristna d\u00fdrlinga. Algeng \u00e1lyktun \u00ed fr\u00e6\u00f0unum tengir hann vi\u00f0 heilagan Blas\u00edus, en nafn hans er hlj\u00f3\u00f0fr\u00e6\u00f0ilega n\u00e1i\u00f0 Volosi og hann var einnig talinn verndard\u00fdrlingur b\u00fafj\u00e1r. Heilagur Nikul\u00e1s t\u00f3k einnig upp \u00ed <span class=\"iwg-fachbegriff\" data-tooltip=\"Tr\u00faarleg i\u00f0kun sem lifir \u00ed daglegu l\u00edfi f\u00f3lks, oft samhli\u00f0a hinni opinberu kenningu.\" tabindex=\"0\">al\u00fe\u00fd\u00f0utr\u00fa<\/span> einkenni sem samr\u00e6mast Veles.<\/p><p>\u00deetta fyrirb\u00e6ri, \u00fear sem forkristin <span class=\"iwg-fachbegriff\" data-tooltip=\"Vera sem er d\u00fdrku\u00f0 sem gu\u00f0leg innan tr\u00faarbrag\u00f0a.\" tabindex=\"0\">gu\u00f0svera<\/span> lifir \u00e1fram undir kristnu nafni, m\u00e1 sj\u00e1 v\u00ed\u00f0a \u00ed tr\u00faars\u00f6gu slavneskra \u00fej\u00f3\u00f0a. \u00dea\u00f0 gerir uppbyggingu s\u00f6gunnar erfi\u00f0ari, \u00fev\u00ed hei\u00f0nu og kristnu l\u00f6gin \u00ed var\u00f0veittum <span class=\"iwg-fachbegriff\" data-tooltip=\"Heildarsafn hef\u00f0bundinna si\u00f0a samf\u00e9lags.\" tabindex=\"0\">si\u00f0venjum<\/span> ver\u00f0a vart a\u00f0greind hreint. \u00deeir sem vilja vita meira um andst\u00e6\u00f0ing hans finna frekari uppl\u00fdsingar \u00ed greininni um <a href=\"https:\/\/iwell-guard.com\/is\/?page_id=168764\">Per\u00fan<\/a>.<\/p>\t\t\t\t\t\t\t\t<\/div>\n\t\t\t\t<\/div>\n\t\t\t\t\t<\/div>\n\t\t\t\t<\/div>\n\t\t<div class=\"elementor-element elementor-element-36dd7469 e-flex e-con-boxed e-con e-parent\" data-id=\"36dd7469\" data-element_type=\"container\" data-e-type=\"container\">\n\t\t\t\t\t<div class=\"e-con-inner\">\n\t\t\t\t<div class=\"elementor-element elementor-element-13760ab4 elementor-widget elementor-widget-heading\" data-id=\"13760ab4\" data-element_type=\"widget\" data-e-type=\"widget\" data-widget_type=\"heading.default\">\n\t\t\t\t\t<h2 class=\"elementor-heading-title elementor-size-default\">\u00cdtarefni og tenglar<\/h2>\t\t\t\t<\/div>\n\t\t<div class=\"elementor-element elementor-element-28c87796 e-con-full e-flex e-con e-child\" data-id=\"28c87796\" data-element_type=\"container\" data-e-type=\"container\">\n\t\t\t\t<div class=\"elementor-element elementor-element-5d6538df elementor-widget elementor-widget-text-editor\" data-id=\"5d6538df\" data-element_type=\"widget\" data-e-type=\"widget\" data-widget_type=\"text-editor.default\">\n\t\t\t\t\t\t\t\t\t<ul><li><a href=\"https:\/\/iwell-guard.com\/is\/?page_id=168764\">Per\u00fan, h\u00f6fu\u00f0fjandi, himneskur \u00ferumugu\u00f0<\/a><\/li><li><a href=\"https:\/\/iwell-guard.com\/is\/?page_id=168766\">Mokosch, kvenkyns slavnesk jar\u00f0argy\u00f0ja<\/a><\/li><li><a href=\"https:\/\/iwell-guard.com\/is\/?page_id=168820\">Svarog, tengdur slavneskur gu\u00f0<\/a><\/li><li><a href=\"https:\/\/iwell-guard.com\/is\/?page_id=168819\">Marena, tengd undirdj\u00fapsleg slavnesk gu\u00f0svera<\/a><\/li><li><a href=\"https:\/\/iwell-guard.com\/is\/?page_id=168616\">Slavneskt, yfirlit yfir go\u00f0afr\u00e6\u00f0i<\/a><\/li><li><a href=\"https:\/\/iwell-guard.com\/is\/?page_id=168679\">Gu\u00f0ir, yfirlit yfir flokka<\/a><\/li><\/ul>\t\t\t\t\t\t\t\t<\/div>\n\t\t\t\t<\/div>\n\t\t\t\t\t<\/div>\n\t\t\t\t<\/div>\n\t\t<div class=\"elementor-element elementor-element-grl4kl40 e-flex e-con-boxed e-con e-parent\" data-id=\"grl4kl40\" data-element_type=\"container\" data-e-type=\"container\">\n\t\t\t\t\t<div class=\"e-con-inner\">\n\t\t\t\t<div class=\"elementor-element elementor-element-bzsbfrmh elementor-widget elementor-widget-heading\" data-id=\"bzsbfrmh\" data-element_type=\"widget\" data-e-type=\"widget\" data-widget_type=\"heading.default\">\n\t\t\t\t\t<h2 class=\"elementor-heading-title elementor-size-default\">Heimildir (\u00farval)<\/h2>\t\t\t\t<\/div>\n\t\t<div class=\"elementor-element elementor-element-2c13224a e-con-full e-flex e-con e-child\" data-id=\"2c13224a\" data-element_type=\"container\" data-e-type=\"container\">\n\t\t\t\t<div class=\"elementor-element elementor-element-0eymh9ub elementor-widget elementor-widget-text-editor\" data-id=\"0eymh9ub\" data-element_type=\"widget\" data-e-type=\"widget\" data-widget_type=\"text-editor.default\">\n\t\t\t\t\t\t\t\t\t<footer class=\"iwg-literatur\" data-nosnippet=\"true\"><ul><li>V\u00e1\u0148a, Zden\u011bk: <em><span class=\"iwg-fachbegriff\" data-tooltip=\"Heildarsafn var\u00f0veittra go\u00f0sagna innan menningarheims.\" tabindex=\"0\">Go\u00f0afr\u00e6\u00f0i<\/span> og gu\u00f0aheimur slavnesku \u00fej\u00f3\u00f0anna<\/em>. Stuttgart 1992.<\/li><li><span data-nosnippet>Iv\u00e1nov, Vja\u010deslav \/ Toporov, Vladimir: <em>Issledovanija v oblasti slavjanskich drevnostej<\/em>. Moskva 1974.<\/span><\/li><li><span data-nosnippet>Belaj, Vitomir: <em>Hod kroz godinu<\/em>. Zagreb 2007.<\/span><\/li><li><span data-nosnippet>Pittner, Manfred: <em>Slavnesk <span class=\"iwg-fachbegriff\" data-tooltip=\"Heildarsafn var\u00f0veittra go\u00f0sagna innan menningarheims.\" tabindex=\"0\">go\u00f0afr\u00e6\u00f0i<\/span><\/em>. K\u00f6ln 2009.<\/span><\/li><li><span data-nosnippet>Gimbutas, Marija: <em>The Slavs<\/em>. London 1971.<\/span><\/li><li>Walde, Christine (Hg.): <em>Der Neue Pauly<\/em> (uppflettior\u00f0 \u201eVeles\u201c).<\/li><\/ul><\/footer>\t\t\t\t\t\t\t\t<\/div>\n\t\t\t\t<\/div>\n\t\t\t\t\t<\/div>\n\t\t\t\t<\/div>\n\t\t\t\t<\/div>\n\t\t","protected":false},"excerpt":{"rendered":"","protected":false},"author":3,"featured_media":1765,"parent":0,"menu_order":0,"comment_status":"closed","ping_status":"closed","template":"elementor_header_footer","meta":{"_yoast_wpseo_focuskw":"Veles","_yoast_wpseo_title":"Veles \u2013 gu\u00f0 undirheima hj\u00e1 Sl\u00f6vum | iWell Guard","_yoast_wpseo_metadesc":"Veles, slavneskur gu\u00f0 undirheima. Herra hinna dau\u00f0u, verndari galdurs og au\u00f0leg\u00f0ar, eil\u00edfur andst\u00e6\u00f0ingur Peruns","_yoast_wpseo_meta-robots-noindex":"","_yoast_wpseo_canonical":"","_angie_page":false,"gefaehrdungsstufe":"3","wesen_kultur":"slawisch","wesen_klasse":"goetter","footnotes":""},"categories":[],"class_list":["post-168763","page","type-page","status-publish","has-post-thumbnail","hentry"],"yoast_head":"<!-- This site is optimized with the Yoast SEO Premium plugin v27.7 (Yoast SEO v28.3) - https:\/\/yoast.com\/product\/yoast-seo-premium-wordpress\/ -->\n<title>Veles \u2013 gu\u00f0 undirheima hj\u00e1 Sl\u00f6vum | iWell Guard<\/title>\n<meta name=\"description\" content=\"Veles, slavneskur gu\u00f0 undirheima. Herra hinna dau\u00f0u, verndari galdurs og au\u00f0leg\u00f0ar, eil\u00edfur andst\u00e6\u00f0ingur Peruns\" \/>\n<meta name=\"robots\" content=\"index, follow, max-snippet:-1, max-image-preview:large, max-video-preview:-1\" \/>\n<link rel=\"canonical\" href=\"https:\/\/iwell-guard.com\/is\/veles\/\" \/>\n<meta property=\"og:locale\" content=\"is_IS\" \/>\n<meta property=\"og:type\" content=\"article\" \/>\n<meta property=\"og:title\" content=\"Veles\" \/>\n<meta property=\"og:description\" content=\"Veles, slavneskur gu\u00f0 undirheima. Herra hinna dau\u00f0u, verndari galdurs og au\u00f0leg\u00f0ar, eil\u00edfur andst\u00e6\u00f0ingur Peruns\" \/>\n<meta property=\"og:url\" content=\"https:\/\/iwell-guard.com\/is\/veles\/\" \/>\n<meta property=\"og:site_name\" content=\"iWell Guard\" \/>\n<meta property=\"article:modified_time\" content=\"2026-09-05T14:18:49+00:00\" \/>\n<meta property=\"og:image\" content=\"https:\/\/iwell-guard.com\/wp-content\/uploads\/2026\/04\/goetter_slawisch_veles-1.webp\" \/>\n\t<meta property=\"og:image:width\" content=\"1024\" \/>\n\t<meta property=\"og:image:height\" content=\"1536\" \/>\n\t<meta property=\"og:image:type\" content=\"image\/webp\" \/>\n<meta name=\"twitter:card\" content=\"summary_large_image\" \/>\n<script type=\"application\/ld+json\" class=\"yoast-schema-graph\">{\"@context\":\"https:\\\/\\\/schema.org\",\"@graph\":[{\"@type\":\"WebPage\",\"@id\":\"https:\\\/\\\/iwell-guard.com\\\/is\\\/veles\\\/\",\"url\":\"https:\\\/\\\/iwell-guard.com\\\/is\\\/veles\\\/\",\"name\":\"Veles \u2013 gu\u00f0 undirheima hj\u00e1 Sl\u00f6vum | iWell Guard\",\"isPartOf\":{\"@id\":\"https:\\\/\\\/iwell-guard.com\\\/is\\\/#website\"},\"primaryImageOfPage\":{\"@id\":\"https:\\\/\\\/iwell-guard.com\\\/is\\\/veles\\\/#primaryimage\"},\"image\":{\"@id\":\"https:\\\/\\\/iwell-guard.com\\\/is\\\/veles\\\/#primaryimage\"},\"thumbnailUrl\":\"https:\\\/\\\/iwell-guard.com\\\/wp-content\\\/uploads\\\/2026\\\/04\\\/goetter_slawisch_veles-1.webp\",\"datePublished\":\"2026-09-05T14:02:46+00:00\",\"dateModified\":\"2026-09-05T14:18:49+00:00\",\"description\":\"Veles, slavneskur gu\u00f0 undirheima. Herra hinna dau\u00f0u, verndari galdurs og au\u00f0leg\u00f0ar, eil\u00edfur andst\u00e6\u00f0ingur Peruns\",\"breadcrumb\":{\"@id\":\"https:\\\/\\\/iwell-guard.com\\\/is\\\/veles\\\/#breadcrumb\"},\"inLanguage\":\"is\",\"potentialAction\":[{\"@type\":\"ReadAction\",\"target\":[\"https:\\\/\\\/iwell-guard.com\\\/is\\\/veles\\\/\"]}]},{\"@type\":\"ImageObject\",\"inLanguage\":\"is\",\"@id\":\"https:\\\/\\\/iwell-guard.com\\\/is\\\/veles\\\/#primaryimage\",\"url\":\"https:\\\/\\\/iwell-guard.com\\\/wp-content\\\/uploads\\\/2026\\\/04\\\/goetter_slawisch_veles-1.webp\",\"contentUrl\":\"https:\\\/\\\/iwell-guard.com\\\/wp-content\\\/uploads\\\/2026\\\/04\\\/goetter_slawisch_veles-1.webp\",\"width\":1024,\"height\":1536,\"caption\":\"Gu\u00f0ir \u00far slavneskri hef\u00f0.\"},{\"@type\":\"BreadcrumbList\",\"@id\":\"https:\\\/\\\/iwell-guard.com\\\/is\\\/veles\\\/#breadcrumb\",\"itemListElement\":[{\"@type\":\"ListItem\",\"position\":1,\"name\":\"Start\",\"item\":\"https:\\\/\\\/iwell-guard.com\\\/is\\\/?page_id=168580\"},{\"@type\":\"ListItem\",\"position\":2,\"name\":\"Veles\"}]},{\"@type\":\"WebSite\",\"@id\":\"https:\\\/\\\/iwell-guard.com\\\/is\\\/#website\",\"url\":\"https:\\\/\\\/iwell-guard.com\\\/is\\\/\",\"name\":\"iWell Guard\",\"description\":\"Schutz vor dunklen Einfl\u00fcssen\",\"publisher\":{\"@id\":\"https:\\\/\\\/iwell-guard.com\\\/is\\\/#organization\"},\"potentialAction\":[{\"@type\":\"SearchAction\",\"target\":{\"@type\":\"EntryPoint\",\"urlTemplate\":\"https:\\\/\\\/iwell-guard.com\\\/is\\\/?s={search_term_string}\"},\"query-input\":{\"@type\":\"PropertyValueSpecification\",\"valueRequired\":true,\"valueName\":\"search_term_string\"}}],\"inLanguage\":\"is\"},{\"@type\":\"Organization\",\"@id\":\"https:\\\/\\\/iwell-guard.com\\\/is\\\/#organization\",\"name\":\"Ittermann electronic GmbH\",\"url\":\"https:\\\/\\\/iwell-guard.com\\\/is\\\/\",\"logo\":{\"@type\":\"ImageObject\",\"inLanguage\":\"is\",\"@id\":\"https:\\\/\\\/iwell-guard.com\\\/is\\\/#\\\/schema\\\/logo\\\/image\\\/\",\"url\":\"https:\\\/\\\/iwell-guard.com\\\/wp-content\\\/uploads\\\/2026\\\/05\\\/Ittermann-Logo-1182x237-1.png\",\"contentUrl\":\"https:\\\/\\\/iwell-guard.com\\\/wp-content\\\/uploads\\\/2026\\\/05\\\/Ittermann-Logo-1182x237-1.png\",\"width\":1182,\"height\":237,\"caption\":\"Ittermann electronic GmbH\"},\"image\":{\"@id\":\"https:\\\/\\\/iwell-guard.com\\\/is\\\/#\\\/schema\\\/logo\\\/image\\\/\"},\"sameAs\":[\"https:\\\/\\\/pantip.com\\\/profile\\\/9367242\",\"https:\\\/\\\/micro.blog\\\/iwellguard\",\"https:\\\/\\\/www.diggerslist.com\\\/iwellguard\\\/about\",\"https:\\\/\\\/skitterphoto.com\\\/photographers\\\/2870314\\\/iwell-guard\",\"https:\\\/\\\/iwellguard.wordpress.com\\\/2026\\\/06\\\/06\\\/iwell-guard\\\/\",\"https:\\\/\\\/hub.docker.com\\\/u\\\/iwellguard\",\"https:\\\/\\\/www.pinterest.com\\\/iwellguard\\\/\",\"https:\\\/\\\/bit.ly\\\/m\\\/iwellguard\",\"https:\\\/\\\/entre-vos-mains.alsace.eu\\\/profiles\\\/iwellguard\\\/activity\",\"https:\\\/\\\/gravatar.com\\\/reallybeded8fd34\",\"https:\\\/\\\/naijamatta.com\\\/iwellguard\",\"https:\\\/\\\/www.goodreads.com\\\/iwellguard\",\"https:\\\/\\\/profile.hatena.ne.jp\\\/iwellguard\\\/\",\"https:\\\/\\\/experiment.com\\\/users\\\/iwellguard\",\"https:\\\/\\\/wakelet.com\\\/@iWellGuard82270\",\"https:\\\/\\\/www.chordie.com\\\/forum\\\/profile.php?id=2555664\",\"https:\\\/\\\/www.instapaper.com\\\/p\\\/17757966\",\"https:\\\/\\\/www.mapleprimes.com\\\/users\\\/iwellguard\",\"https:\\\/\\\/businesslistingplus.com\\\/profile\\\/iwell-guard\\\/\",\"https:\\\/\\\/telegra.ph\\\/iWell-Guard-06-06\",\"https:\\\/\\\/pbase.com\\\/iwellguard\\\/iwellguard\",\"https:\\\/\\\/b.hatena.ne.jp\\\/iwellguard\\\/20260607#bookmark-4788405196491818882\",\"https:\\\/\\\/fliphtml5.com\\\/home\\\/iwellguard\",\"https:\\\/\\\/anyflip.com\\\/homepage\\\/cmiwl#About\",\"https:\\\/\\\/transfur.com\\\/Users\\\/iwellguard\",\"http:\\\/\\\/delphi.larsbo.org\\\/user\\\/iwellguard\",\"https:\\\/\\\/jobs.lajobsportal.org\\\/profiles\\\/8380803-iwell-guard\",\"https:\\\/\\\/md.chaosdorf.de\\\/s\\\/jfbe5SBdJD\",\"https:\\\/\\\/www.lingvolive.com\\\/en-us\\\/profile\\\/9ecaeaca-ce11-4e51-9e71-01d55e2bff36\\\/translations\",\"https:\\\/\\\/www.fitday.com\\\/fitness\\\/forums\\\/members\\\/iwellguard.html\",\"https:\\\/\\\/www.mymeetbook.com\\\/iwellguard\",\"https:\\\/\\\/pxhere.com\\\/en\\\/photographer-me\\\/5040798\",\"https:\\\/\\\/disqus.com\\\/by\\\/iwellguard\\\/about\\\/\",\"https:\\\/\\\/pastelink.net\\\/hjwciqwq\",\"https:\\\/\\\/pubhtml5.com\\\/homepage\\\/scjhn\\\/\",\"https:\\\/\\\/www.bitchute.com\\\/channel\\\/2O2eOKzNqujT\",\"https:\\\/\\\/audiomack.com\\\/iwellguard\"]},{\"@type\":\"Article\",\"@id\":\"https:\\\/\\\/iwell-guard.com\\\/is\\\/veles\\\/#article\",\"isPartOf\":{\"@id\":\"https:\\\/\\\/iwell-guard.com\\\/is\\\/veles\\\/\"},\"author\":{\"name\":\"Ralf Ittermann\",\"@id\":\"https:\\\/\\\/iwell-guard.com\\\/is\\\/#\\\/schema\\\/person\\\/ee2a27f1cac3406c7c6fb5820cb7349f\"},\"headline\":\"Veles\",\"datePublished\":\"2026-09-05T14:02:46+00:00\",\"dateModified\":\"2026-09-05T14:18:49+00:00\",\"mainEntityOfPage\":{\"@id\":\"https:\\\/\\\/iwell-guard.com\\\/is\\\/veles\\\/\"},\"publisher\":{\"@id\":\"https:\\\/\\\/iwell-guard.com\\\/is\\\/#organization\"},\"image\":{\"@id\":\"https:\\\/\\\/iwell-guard.com\\\/is\\\/veles\\\/#primaryimage\"},\"thumbnailUrl\":\"https:\\\/\\\/iwell-guard.com\\\/wp-content\\\/uploads\\\/2026\\\/04\\\/goetter_slawisch_veles-1.webp\",\"inLanguage\":\"is\",\"description\":\"Veles, slavneskur gu\u00f0 undirheima. Herra hinna dau\u00f0u, verndari galdurs og au\u00f0leg\u00f0ar, eil\u00edfur andst\u00e6\u00f0ingur Peruns\"}]}<\/script>\n<!-- \/ Yoast SEO Premium plugin. -->","yoast_head_json":{"title":"Veles \u2013 gu\u00f0 undirheima hj\u00e1 Sl\u00f6vum | iWell Guard","description":"Veles, slavneskur gu\u00f0 undirheima. Herra hinna dau\u00f0u, verndari galdurs og au\u00f0leg\u00f0ar, eil\u00edfur andst\u00e6\u00f0ingur Peruns","robots":{"index":"index","follow":"follow","max-snippet":"max-snippet:-1","max-image-preview":"max-image-preview:large","max-video-preview":"max-video-preview:-1"},"canonical":"https:\/\/iwell-guard.com\/is\/veles\/","og_locale":"is_IS","og_type":"article","og_title":"Veles","og_description":"Veles, slavneskur gu\u00f0 undirheima. Herra hinna dau\u00f0u, verndari galdurs og au\u00f0leg\u00f0ar, eil\u00edfur andst\u00e6\u00f0ingur Peruns","og_url":"https:\/\/iwell-guard.com\/is\/veles\/","og_site_name":"iWell Guard","article_modified_time":"2026-09-05T14:18:49+00:00","og_image":[{"width":1024,"height":1536,"url":"https:\/\/iwell-guard.com\/wp-content\/uploads\/2026\/04\/goetter_slawisch_veles-1.webp","type":"image\/webp"}],"twitter_card":"summary_large_image","schema":{"@context":"https:\/\/schema.org","@graph":[{"@type":"Article","@id":"https:\/\/iwell-guard.com\/is\/veles\/#article","isPartOf":{"@id":"https:\/\/iwell-guard.com\/is\/veles\/"},"author":{"name":"Ralf Ittermann","@id":"https:\/\/iwell-guard.com\/is\/#\/schema\/person\/ee2a27f1cac3406c7c6fb5820cb7349f"},"headline":"Veles","datePublished":"2026-09-05T14:02:46+00:00","dateModified":"2026-09-05T14:18:49+00:00","mainEntityOfPage":{"@id":"https:\/\/iwell-guard.com\/is\/veles\/"},"publisher":{"@id":"https:\/\/iwell-guard.com\/is\/#organization"},"image":{"@id":"https:\/\/iwell-guard.com\/is\/veles\/#primaryimage"},"thumbnailUrl":"https:\/\/iwell-guard.com\/wp-content\/uploads\/2026\/04\/goetter_slawisch_veles-1.webp","inLanguage":"is","description":"Veles, slavneskur gu\u00f0 undirheima. Herra hinna dau\u00f0u, verndari galdurs og au\u00f0leg\u00f0ar, eil\u00edfur andst\u00e6\u00f0ingur Peruns"},{"@type":"WebPage","@id":"https:\/\/iwell-guard.com\/is\/veles\/","url":"https:\/\/iwell-guard.com\/is\/veles\/","name":"Veles \u2013 gu\u00f0 undirheima hj\u00e1 Sl\u00f6vum | iWell Guard","isPartOf":{"@id":"https:\/\/iwell-guard.com\/is\/#website"},"primaryImageOfPage":{"@id":"https:\/\/iwell-guard.com\/is\/veles\/#primaryimage"},"image":{"@id":"https:\/\/iwell-guard.com\/is\/veles\/#primaryimage"},"thumbnailUrl":"https:\/\/iwell-guard.com\/wp-content\/uploads\/2026\/04\/goetter_slawisch_veles-1.webp","datePublished":"2026-09-05T14:02:46+00:00","dateModified":"2026-09-05T14:18:49+00:00","description":"Veles, slavneskur gu\u00f0 undirheima. Herra hinna dau\u00f0u, verndari galdurs og au\u00f0leg\u00f0ar, eil\u00edfur andst\u00e6\u00f0ingur Peruns","breadcrumb":{"@id":"https:\/\/iwell-guard.com\/is\/veles\/#breadcrumb"},"inLanguage":"is","potentialAction":[{"@type":"ReadAction","target":["https:\/\/iwell-guard.com\/is\/veles\/"]}]},{"@type":"ImageObject","inLanguage":"is","@id":"https:\/\/iwell-guard.com\/is\/veles\/#primaryimage","url":"https:\/\/iwell-guard.com\/wp-content\/uploads\/2026\/04\/goetter_slawisch_veles-1.webp","contentUrl":"https:\/\/iwell-guard.com\/wp-content\/uploads\/2026\/04\/goetter_slawisch_veles-1.webp","width":1024,"height":1536,"caption":"Gu\u00f0ir \u00far slavneskri hef\u00f0."},{"@type":"BreadcrumbList","@id":"https:\/\/iwell-guard.com\/is\/veles\/#breadcrumb","itemListElement":[{"@type":"ListItem","position":1,"name":"Start","item":"https:\/\/iwell-guard.com\/is\/?page_id=168580"},{"@type":"ListItem","position":2,"name":"Veles"}]},{"@type":"WebSite","@id":"https:\/\/iwell-guard.com\/is\/#website","url":"https:\/\/iwell-guard.com\/is\/","name":"iWell Guard","description":"Schutz vor dunklen Einfl\u00fcssen","publisher":{"@id":"https:\/\/iwell-guard.com\/is\/#organization"},"potentialAction":[{"@type":"SearchAction","target":{"@type":"EntryPoint","urlTemplate":"https:\/\/iwell-guard.com\/is\/?s={search_term_string}"},"query-input":{"@type":"PropertyValueSpecification","valueRequired":true,"valueName":"search_term_string"}}],"inLanguage":"is"},{"@type":"Organization","@id":"https:\/\/iwell-guard.com\/is\/#organization","name":"Ittermann electronic GmbH","url":"https:\/\/iwell-guard.com\/is\/","logo":{"@type":"ImageObject","inLanguage":"is","@id":"https:\/\/iwell-guard.com\/is\/#\/schema\/logo\/image\/","url":"https:\/\/iwell-guard.com\/wp-content\/uploads\/2026\/05\/Ittermann-Logo-1182x237-1.png","contentUrl":"https:\/\/iwell-guard.com\/wp-content\/uploads\/2026\/05\/Ittermann-Logo-1182x237-1.png","width":1182,"height":237,"caption":"Ittermann electronic GmbH"},"image":{"@id":"https:\/\/iwell-guard.com\/is\/#\/schema\/logo\/image\/"},"sameAs":["https:\/\/pantip.com\/profile\/9367242","https:\/\/micro.blog\/iwellguard","https:\/\/www.diggerslist.com\/iwellguard\/about","https:\/\/skitterphoto.com\/photographers\/2870314\/iwell-guard","https:\/\/iwellguard.wordpress.com\/2026\/06\/06\/iwell-guard\/","https:\/\/hub.docker.com\/u\/iwellguard","https:\/\/www.pinterest.com\/iwellguard\/","https:\/\/bit.ly\/m\/iwellguard","https:\/\/entre-vos-mains.alsace.eu\/profiles\/iwellguard\/activity","https:\/\/gravatar.com\/reallybeded8fd34","https:\/\/naijamatta.com\/iwellguard","https:\/\/www.goodreads.com\/iwellguard","https:\/\/profile.hatena.ne.jp\/iwellguard\/","https:\/\/experiment.com\/users\/iwellguard","https:\/\/wakelet.com\/@iWellGuard82270","https:\/\/www.chordie.com\/forum\/profile.php?id=2555664","https:\/\/www.instapaper.com\/p\/17757966","https:\/\/www.mapleprimes.com\/users\/iwellguard","https:\/\/businesslistingplus.com\/profile\/iwell-guard\/","https:\/\/telegra.ph\/iWell-Guard-06-06","https:\/\/pbase.com\/iwellguard\/iwellguard","https:\/\/b.hatena.ne.jp\/iwellguard\/20260607#bookmark-4788405196491818882","https:\/\/fliphtml5.com\/home\/iwellguard","https:\/\/anyflip.com\/homepage\/cmiwl#About","https:\/\/transfur.com\/Users\/iwellguard","http:\/\/delphi.larsbo.org\/user\/iwellguard","https:\/\/jobs.lajobsportal.org\/profiles\/8380803-iwell-guard","https:\/\/md.chaosdorf.de\/s\/jfbe5SBdJD","https:\/\/www.lingvolive.com\/en-us\/profile\/9ecaeaca-ce11-4e51-9e71-01d55e2bff36\/translations","https:\/\/www.fitday.com\/fitness\/forums\/members\/iwellguard.html","https:\/\/www.mymeetbook.com\/iwellguard","https:\/\/pxhere.com\/en\/photographer-me\/5040798","https:\/\/disqus.com\/by\/iwellguard\/about\/","https:\/\/pastelink.net\/hjwciqwq","https:\/\/pubhtml5.com\/homepage\/scjhn\/","https:\/\/www.bitchute.com\/channel\/2O2eOKzNqujT","https:\/\/audiomack.com\/iwellguard"]},{"@type":"Person","@id":"https:\/\/iwell-guard.com\/is\/#\/schema\/person\/ee2a27f1cac3406c7c6fb5820cb7349f","name":"Ralf Ittermann","image":{"@type":"ImageObject","inLanguage":"is","@id":"https:\/\/secure.gravatar.com\/avatar\/073c0153e350a5005b68eb752b445fea71f6b24a26da9449ad7e155e6b446c9d?s=96&d=mm&r=g","url":"https:\/\/secure.gravatar.com\/avatar\/073c0153e350a5005b68eb752b445fea71f6b24a26da9449ad7e155e6b446c9d?s=96&d=mm&r=g","contentUrl":"https:\/\/secure.gravatar.com\/avatar\/073c0153e350a5005b68eb752b445fea71f6b24a26da9449ad7e155e6b446c9d?s=96&d=mm&r=g","caption":"Ralf Ittermann"},"givenName":"Ralf","familyName":"Ittermann","jobTitle":"Gesch\u00e4ftsf\u00fchrer und redaktioneller Verantwortlicher","url":"https:\/\/iwell-guard.com\/is\/author\/claude\/","description":"Ralf Ittermann ist Gesch\u00e4ftsf\u00fchrer der Ittermann electronic GmbH und redaktioneller Verantwortlicher des iWell-Guard-Lexikons. Er verbindet langj\u00e4hrige Erfahrung in der Pr\u00e4zisionsfertigung mit medialer Praxis und religionsgeschichtlicher Quellenarbeit.","worksFor":{"@type":"Organization","name":"Ittermann electronic GmbH","url":"https:\/\/ittermann.de\/","address":{"@type":"PostalAddress","streetAddress":"K\u00f6hlergasse 16-18","postalCode":"99842","addressLocality":"Ruhla","addressCountry":"DE"}},"knowsAbout":["Religionsgeschichte","Mythologie","Mediale Praxis","Energetische Diagnostik","Schutzpraxis","Volksglauben","Westliche Esoterik"]},{"@type":"Article","@id":"https:\/\/iwell-guard.com\/is\/veles\/#article","isPartOf":{"@id":"https:\/\/iwell-guard.com\/is\/veles\/"},"author":{"name":"Ralf Ittermann","@id":"https:\/\/iwell-guard.com\/is\/#\/schema\/person\/ee2a27f1cac3406c7c6fb5820cb7349f"},"headline":"Veles","datePublished":"2026-09-05T14:02:46+00:00","dateModified":"2026-09-05T14:18:49+00:00","mainEntityOfPage":{"@id":"https:\/\/iwell-guard.com\/is\/veles\/"},"publisher":{"@id":"https:\/\/iwell-guard.com\/is\/#organization"},"image":{"@id":"https:\/\/iwell-guard.com\/is\/veles\/#primaryimage"},"thumbnailUrl":"https:\/\/iwell-guard.com\/wp-content\/uploads\/2026\/04\/goetter_slawisch_veles-1.webp","inLanguage":"is","description":"Veles, slavneskur gu\u00f0 undirheima. Herra hinna dau\u00f0u, verndari galdurs og au\u00f0leg\u00f0ar, eil\u00edfur andst\u00e6\u00f0ingur Peruns"}]}},"_links":{"self":[{"href":"https:\/\/iwell-guard.com\/is\/wp-json\/wp\/v2\/pages\/168763","targetHints":{"allow":["GET"]}}],"collection":[{"href":"https:\/\/iwell-guard.com\/is\/wp-json\/wp\/v2\/pages"}],"about":[{"href":"https:\/\/iwell-guard.com\/is\/wp-json\/wp\/v2\/types\/page"}],"author":[{"embeddable":true,"href":"https:\/\/iwell-guard.com\/is\/wp-json\/wp\/v2\/users\/3"}],"replies":[{"embeddable":true,"href":"https:\/\/iwell-guard.com\/is\/wp-json\/wp\/v2\/comments?post=168763"}],"version-history":[{"count":0,"href":"https:\/\/iwell-guard.com\/is\/wp-json\/wp\/v2\/pages\/168763\/revisions"}],"wp:featuredmedia":[{"embeddable":true,"href":"https:\/\/iwell-guard.com\/is\/wp-json\/wp\/v2\/media\/1765"}],"wp:attachment":[{"href":"https:\/\/iwell-guard.com\/is\/wp-json\/wp\/v2\/media?parent=168763"}],"wp:term":[{"taxonomy":"category","embeddable":true,"href":"https:\/\/iwell-guard.com\/is\/wp-json\/wp\/v2\/categories?post=168763"}],"curies":[{"name":"wp","href":"https:\/\/api.w.org\/{rel}","templated":true}]}}