{"id":168762,"date":"2026-09-05T14:02:46","date_gmt":"2026-09-05T14:02:46","guid":{"rendered":"https:\/\/iwell-guard.com\/?page_id=168762"},"modified":"2026-09-05T14:18:46","modified_gmt":"2026-09-05T14:18:46","slug":"loki","status":"publish","type":"page","link":"https:\/\/iwell-guard.com\/is\/loki\/","title":{"rendered":"Loki"},"content":{"rendered":"\t\t<div data-elementor-type=\"wp-page\" data-elementor-id=\"168762\" class=\"elementor elementor-168762 elementor-1983 elementor-bc-flex-widget\" data-elementor-post-type=\"page\">\n\t\t\t\t<div class=\"elementor-element elementor-element-10fdade e-flex e-con-boxed e-con e-parent\" data-id=\"10fdade\" data-element_type=\"container\" data-e-type=\"container\" data-settings=\"{&quot;background_background&quot;:&quot;classic&quot;}\">\n\t\t\t\t\t<div class=\"e-con-inner\">\n\t\t<div class=\"elementor-element elementor-element-herohlft0 e-flex e-con-boxed e-con e-child\" data-id=\"herohlft0\" data-element_type=\"container\" data-e-type=\"container\">\n\t\t\t\t\t<div class=\"e-con-inner\">\n\t\t<div class=\"elementor-element elementor-element-c3ceb64 e-con-full e-flex e-con e-child\" data-id=\"c3ceb64\" data-element_type=\"container\" data-e-type=\"container\">\n\t\t\t\t<div class=\"elementor-element elementor-element-96ae5e1 elementor-widget elementor-widget-heading\" data-id=\"96ae5e1\" data-element_type=\"widget\" data-e-type=\"widget\" data-widget_type=\"heading.default\">\n\t\t\t\t\t<h1 class=\"elementor-heading-title elementor-size-default\">Loki, gu\u00f0 \u00far germ\u00f6nskri hef\u00f0<\/h1>\t\t\t\t<\/div>\n\t\t\t\t<div class=\"elementor-element elementor-element-e45238a elementor-widget elementor-widget-text-editor\" data-id=\"e45238a\" data-element_type=\"widget\" data-e-type=\"widget\" data-widget_type=\"text-editor.default\">\n\t\t\t\t\t\t\t\t\t<p>Loki er gu\u00f0 eldsins, svika og glundro\u00f0ans \u00ed germ\u00f6nskri hef\u00f0. Sem sonur j\u00f6tuns og f\u00e9lagi \u00e1sagu\u00f0anna endurspeglar hann hi\u00f0 tv\u00edbenta, gagnlegt og h\u00e6ttulegt \u00ed senn.<\/p><p>Fr\u00e1 tr\u00faarbrag\u00f0afr\u00e6\u00f0ilegu sj\u00f3narhorni er Loki d\u00e6mi um n\u00e6rveru liminala gu\u00f0a \u00e1 milli reglu og glundro\u00f0a \u00ed ind\u00f3evr\u00f3pskum go\u00f0aver\u00f6ldum, samb\u00e6rilegur vi\u00f0 Tezcatlipoca hj\u00e1 Aztekum e\u00f0a Shiva \u00ed hind\u00faisma.<\/p>\t\t\t\t\t\t\t\t<\/div>\n\t\t\t\t<\/div>\n\t\t<div class=\"elementor-element elementor-element-klsbdg01 e-con-full e-flex e-con e-parent\" data-id=\"klsbdg01\" data-element_type=\"container\" data-e-type=\"container\">\n\t\t\t\t<div class=\"elementor-element elementor-element-klshtm01 elementor-widget elementor-widget-html\" data-id=\"klshtm01\" data-element_type=\"widget\" data-e-type=\"widget\" data-widget_type=\"html.default\">\n\t\t\t\t\t<div class=\"iwg-pill-row\"><span class=\"iwg-klasse-badge\" tabindex=\"0\" data-tooltip=\"Gu\u00f0 \/ gy\u00f0ja: Pers\u00f3nuger\u00f0 \u00e6\u00f0sta vald \u00ed go\u00f0aver\u00f6ld menningar, me\u00f0 sk\u00fdrum \u00e1byrg\u00f0arsvi\u00f0um, n\u00e1tt\u00faru\u00f6fl, \u00f6rl\u00f6g, herna\u00f0, frj\u00f3semi. D\u00fdrka\u00f0ur me\u00f0 s\u00e9rtr\u00faars\u00f6fnu\u00f0um, f\u00f3rnum og musterisstofnunum.\">Gu\u00f0<\/span><a href=\"https:\/\/iwell-guard.com\/is\/?page_id=168614\" class=\"iwg-kultur-badge\" tabindex=\"0\" data-tooltip=\"Fyrirkristin gu\u00f0a- og andaver\u00f6ld Nor\u00f0ur- og Mi\u00f0-Evr\u00f3pu.\">Germanskt<\/a><a href=\"https:\/\/iwell-guard.com\/is\/?page_id=168706\" class=\"iwg-tradition-badge\" tabindex=\"0\" data-tooltip=\"Glundro\u00f0a\u00f6fl og heimsfr\u00e6\u00f0ilegir andst\u00e6\u00f0ingar, m\u00f3tleikarar \u00ed tr\u00faarbrag\u00f0as\u00f6gulegri tv\u00edhyggju.\">Andgu\u00f0<\/a><\/div>\t\t\t\t<\/div>\n\t\t\t\t<\/div>\n\t\t<div class=\"elementor-element elementor-element-3f74855 e-con-full e-flex e-con e-child\" data-id=\"3f74855\" data-element_type=\"container\" data-e-type=\"container\">\n\t\t\t\t<div class=\"elementor-element elementor-element-1c30362 elementor-toc--minimized-on-tablet elementor-widget elementor-widget-table-of-contents\" data-id=\"1c30362\" data-element_type=\"widget\" data-e-type=\"widget\" data-settings=\"{&quot;exclude_headings_by_selector&quot;:[],&quot;no_headings_message&quot;:&quot;Engar undirfyrirsagnir fundust \\u00e1 \\u00feessari s\\u00ed\\u00f0u.&quot;,&quot;headings_by_tags&quot;:[&quot;h2&quot;,&quot;h3&quot;],&quot;marker_view&quot;:&quot;bullets&quot;,&quot;minimize_box&quot;:&quot;yes&quot;,&quot;icon&quot;:{&quot;value&quot;:&quot;fas fa-circle&quot;,&quot;library&quot;:&quot;fa-solid&quot;,&quot;rendered_tag&quot;:&quot;&lt;svg class=\\&quot;e-font-icon-svg e-fas-circle\\&quot; viewBox=\\&quot;0 0 512 512\\&quot; xmlns=\\&quot;http:\\\/\\\/www.w3.org\\\/2000\\\/svg\\&quot;&gt;&lt;path d=\\&quot;M256 8C119 8 8 119 8 256s111 248 248 248 248-111 248-248S393 8 256 8z\\&quot;&gt;&lt;\\\/path&gt;&lt;\\\/svg&gt;&quot;},&quot;minimized_on&quot;:&quot;tablet&quot;,&quot;hierarchical_view&quot;:&quot;yes&quot;,&quot;min_height&quot;:{&quot;unit&quot;:&quot;px&quot;,&quot;size&quot;:&quot;&quot;,&quot;sizes&quot;:[]},&quot;min_height_tablet&quot;:{&quot;unit&quot;:&quot;px&quot;,&quot;size&quot;:&quot;&quot;,&quot;sizes&quot;:[]},&quot;min_height_mobile&quot;:{&quot;unit&quot;:&quot;px&quot;,&quot;size&quot;:&quot;&quot;,&quot;sizes&quot;:[]}}\" data-widget_type=\"table-of-contents.default\">\n\t\t\t\t\t\t\t\t\t<div class=\"elementor-toc__header\">\n\t\t\t\t\t\t<h2 class=\"elementor-toc__header-title\">\n\t\t\t\tEfnisyfirlit\t\t\t<\/h2>\n\t\t\t\t\t\t\t\t\t\t<div class=\"elementor-toc__toggle-button elementor-toc__toggle-button--expand\" role=\"button\" tabindex=\"0\" aria-controls=\"elementor-toc__1c30362\" aria-expanded=\"true\" aria-label=\"Open table of contents\"><svg aria-hidden=\"true\" class=\"e-font-icon-svg e-fas-chevron-down\" viewBox=\"0 0 448 512\" xmlns=\"http:\/\/www.w3.org\/2000\/svg\"><path d=\"M207.029 381.476L12.686 187.132c-9.373-9.373-9.373-24.569 0-33.941l22.667-22.667c9.357-9.357 24.522-9.375 33.901-.04L224 284.505l154.745-154.021c9.379-9.335 24.544-9.317 33.901.04l22.667 22.667c9.373 9.373 9.373 24.569 0 33.941L240.971 381.476c-9.373 9.372-24.569 9.372-33.942 0z\"><\/path><\/svg><\/div>\n\t\t\t\t<div class=\"elementor-toc__toggle-button elementor-toc__toggle-button--collapse\" role=\"button\" tabindex=\"0\" aria-controls=\"elementor-toc__1c30362\" aria-expanded=\"true\" aria-label=\"Close table of contents\"><svg aria-hidden=\"true\" class=\"e-font-icon-svg e-fas-chevron-up\" viewBox=\"0 0 448 512\" xmlns=\"http:\/\/www.w3.org\/2000\/svg\"><path d=\"M240.971 130.524l194.343 194.343c9.373 9.373 9.373 24.569 0 33.941l-22.667 22.667c-9.357 9.357-24.522 9.375-33.901.04L224 227.495 69.255 381.516c-9.379 9.335-24.544 9.317-33.901-.04l-22.667-22.667c-9.373-9.373-9.373-24.569 0-33.941L207.03 130.525c9.372-9.373 24.568-9.373 33.941-.001z\"><\/path><\/svg><\/div>\n\t\t\t\t\t<\/div>\n\t\t\t\t<div id=\"elementor-toc__1c30362\" class=\"elementor-toc__body\">\n\t\t\t<div class=\"elementor-toc__spinner-container\">\n\t\t\t\t<svg class=\"elementor-toc__spinner eicon-animation-spin e-font-icon-svg e-eicon-loading\" aria-hidden=\"true\" viewBox=\"0 0 1000 1000\" xmlns=\"http:\/\/www.w3.org\/2000\/svg\"><path d=\"M500 975V858C696 858 858 696 858 500S696 142 500 142 142 304 142 500H25C25 237 238 25 500 25S975 237 975 500 763 975 500 975Z\"><\/path><\/svg>\t\t\t<\/div>\n\t\t<\/div>\n\t\t\t\t\t\t<\/div>\n\t\t\t\t<\/div>\n\t\t\t\t\t<\/div>\n\t\t\t\t<\/div>\n\t\t<div class=\"elementor-element elementor-element-herorght0 e-con-full e-flex e-con e-child\" data-id=\"herorght0\" data-element_type=\"container\" data-e-type=\"container\">\n\t\t\t\t<div class=\"elementor-element elementor-element-heroimg00 iwg-hero-image elementor-widget elementor-widget-image\" data-id=\"heroimg00\" data-element_type=\"widget\" data-e-type=\"widget\" data-widget_type=\"image.default\">\n\t\t\t\t\t\t\t\t\t\t\t\t\t\t\t<img fetchpriority=\"high\" decoding=\"async\" width=\"683\" height=\"1024\" src=\"https:\/\/iwell-guard.com\/wp-content\/uploads\/2026\/04\/goetter_germanisch_loki-683x1024.webp\" class=\"attachment-large size-large wp-image-170980\" alt=\"Loki - Gu\u00f0ir \u00far germanskri hef\u00f0, s\u00f6gulega myndskreytt\" srcset=\"https:\/\/iwell-guard.com\/wp-content\/uploads\/2026\/04\/goetter_germanisch_loki-683x1024.webp 683w, https:\/\/iwell-guard.com\/wp-content\/uploads\/2026\/04\/goetter_germanisch_loki-200x300.webp 200w, https:\/\/iwell-guard.com\/wp-content\/uploads\/2026\/04\/goetter_germanisch_loki-768x1152.webp 768w, https:\/\/iwell-guard.com\/wp-content\/uploads\/2026\/04\/goetter_germanisch_loki.webp 1024w\" sizes=\"(max-width: 683px) 100vw, 683px\" \/>\t\t\t\t\t\t\t\t\t\t\t\t\t\t\t<\/div>\n\t\t\t\t<\/div>\n\t\t\t\t\t<\/div>\n\t\t\t\t<\/div>\n\t\t<div class=\"elementor-element elementor-element-32917199 e-flex e-con-boxed e-con e-parent\" data-id=\"32917199\" data-element_type=\"container\" data-e-type=\"container\">\n\t\t\t\t\t<div class=\"e-con-inner\">\n\t\t<div class=\"elementor-element elementor-element-26e916cb e-flex e-con-boxed e-con e-child\" data-id=\"26e916cb\" data-element_type=\"container\" data-e-type=\"container\">\n\t\t\t\t\t<div class=\"e-con-inner\">\n\t\t<div class=\"elementor-element elementor-element-253a40d4 e-flex e-con-boxed e-con e-child\" data-id=\"253a40d4\" data-element_type=\"container\" data-e-type=\"container\">\n\t\t\t\t\t<div class=\"e-con-inner\">\n\t\t\t\t<div class=\"elementor-element elementor-element-1200c304 elementor-widget elementor-widget-heading\" data-id=\"1200c304\" data-element_type=\"widget\" data-e-type=\"widget\" data-widget_type=\"heading.default\">\n\t\t\t\t\t<h2 class=\"elementor-heading-title elementor-size-default\">Loki<\/h2>\t\t\t\t<\/div>\n\t\t\t\t<div class=\"elementor-element elementor-element-11758e7f elementor-widget elementor-widget-text-editor\" data-id=\"11758e7f\" data-element_type=\"widget\" data-e-type=\"widget\" data-widget_type=\"text-editor.default\">\n\t\t\t\t\t\t\t\t\t<p>Loki er svikahrappurinn og eldsgu\u00f0inn, en e\u00f0li hans er einkar tv\u00edbent. Hann er b\u00e6\u00f0i bandama\u00f0ur og fjandma\u00f0ur \u00e1sanna. Megin\u00fe\u00e6ttir hans eru sl\u00e6g\u00f0, umbreytileiki, ey\u00f0ing og n\u00fdtt upphaf.<\/p><p>\u00cd <span class=\"iwg-fachbegriff\" data-tooltip=\"Munnm\u00e6lasaga um gu\u00f0i, uppruna og reglu heimsins.\" tabindex=\"0\">go\u00f0s\u00f6gunni<\/span> tengist hann gu\u00f0unum \u00ed gagnlegum svikum (\u00f6flun gullh\u00e1rs Sifjar, hamars \u00de\u00f3rs, Mj\u00f6lnis), en a\u00f0 lokum lei\u00f0ir \u00fea\u00f0 til Ragnar\u00f6ks (ragnar\u00f6kkurs). B\u00f6rn hans eru Fenrir (j\u00f6tun\u00falfurinn), J\u00f6rmungandur (Mi\u00f0gar\u00f0sormurinn) og Hel (gy\u00f0ja undirheima).<\/p>\t\t\t\t\t\t\t\t<\/div>\n\t\t\t\t\t<\/div>\n\t\t\t\t<\/div>\n\t\t<div class=\"elementor-element elementor-element-159dcf9a e-flex e-con-boxed e-con e-child\" data-id=\"159dcf9a\" data-element_type=\"container\" data-e-type=\"container\">\n\t\t\t\t\t<div class=\"e-con-inner\">\n\t\t\t\t<div class=\"elementor-element elementor-element-48cee66f elementor-widget elementor-widget-heading\" data-id=\"48cee66f\" data-element_type=\"widget\" data-e-type=\"widget\" data-widget_type=\"heading.default\">\n\t\t\t\t\t<div class=\"elementor-heading-title elementor-size-default\">Sn\u00f6ggt yfirlit: Loki<\/div>\t\t\t\t<\/div>\n\t\t\t\t<div class=\"elementor-element elementor-element-3f50d82c elementor-widget elementor-widget-text-editor\" data-id=\"3f50d82c\" data-element_type=\"widget\" data-e-type=\"widget\" data-widget_type=\"text-editor.default\">\n\t\t\t\t\t\t\t\t\t<p>Heimildir: Snorra-Edda Snorra Sturlusonar, Lj\u00f3\u00f0aedda (s\u00e9rstaklega Lokasenna, \u00derymskvi\u00f0a), Tacitus (\u00f3beint), fornleifafundir eru f\u00e1ir (engin bein d\u00fdrkun Loka eins og hj\u00e1 \u00de\u00f3r\/\u00d3\u00f0ni). \u00cdtarrit: Rudolf Simek (Lexikon der germanischen <span class=\"iwg-fachbegriff\" data-tooltip=\"Heild var\u00f0veittra go\u00f0afr\u00e1sagna menningar.\" tabindex=\"0\">Mythologie<\/span>), Jan de Vries, Folke Str\u00f6m, Georges Dum\u00e9zil, Martin No\u00ebl Olsen. Loki hefur engin kunn <span class=\"iwg-fachbegriff\" data-tooltip=\"Bygging sem \u00fej\u00f3nar d\u00fdrkun einnar e\u00f0a fleiri gu\u00f0vera.\" tabindex=\"0\">musteri<\/span>, hlutverk hans er go\u00f0s\u00f6gulegt-fr\u00e1sagnarlegt, ekki d\u00fdrka\u00f0 \u00ed s\u00e9rtr\u00faars\u00f6fnu\u00f0i eins og a\u00f0rir gu\u00f0ir.<\/p>\t\t\t\t\t\t\t\t<\/div>\n\t\t\t\t\t<\/div>\n\t\t\t\t<\/div>\n\t\t\t\t\t<\/div>\n\t\t\t\t<\/div>\n\t\t\t\t\t<\/div>\n\t\t\t\t<\/div>\n\t\t<div class=\"elementor-element elementor-element-18613602 e-flex e-con-boxed e-con e-parent\" data-id=\"18613602\" data-element_type=\"container\" data-e-type=\"container\">\n\t\t\t\t\t<div class=\"e-con-inner\">\n\t\t\t\t<div class=\"elementor-element elementor-element-262b8a9f elementor-widget elementor-widget-heading\" data-id=\"262b8a9f\" data-element_type=\"widget\" data-e-type=\"widget\" data-widget_type=\"heading.default\">\n\t\t\t\t\t<h2 class=\"elementor-heading-title elementor-size-default\">Yfirlit<\/h2>\t\t\t\t<\/div>\n\t\t<div class=\"elementor-element elementor-element-46dcb7d e-con-full e-flex e-con e-child\" data-id=\"46dcb7d\" data-element_type=\"container\" data-e-type=\"container\">\n\t\t<div class=\"elementor-element elementor-element-61d3ab3 e-flex e-con-boxed e-con e-child\" data-id=\"61d3ab3\" data-element_type=\"container\" data-e-type=\"container\">\n\t\t\t\t\t<div class=\"e-con-inner\">\n\t\t\t\t<div class=\"elementor-element elementor-element-117c166 elementor-widget elementor-widget-heading\" data-id=\"117c166\" data-element_type=\"widget\" data-e-type=\"widget\" data-widget_type=\"heading.default\">\n\t\t\t\t\t<div class=\"elementor-heading-title elementor-size-default\">T\u00edmabil textanna<\/div>\t\t\t\t<\/div>\n\t\t\t\t<div class=\"elementor-element elementor-element-73997a0 elementor-widget elementor-widget-text-editor\" data-id=\"73997a0\" data-element_type=\"widget\" data-e-type=\"widget\" data-widget_type=\"text-editor.default\">\n\t\t\t\t\t\t\t\t\t<p>S\u00f6gu Loka m\u00e1 rekja fr\u00e1 myndsteinum v\u00edkingaaldar \u00ed gegnum eddukv\u00e6\u00f0i mi\u00f0aldanna til Snorra-Eddu um 1220, og meginatri\u00f0in haldast \u00f3breytt: hinn sl\u00e6gi, sem stendur \u00e1 milli gu\u00f0a og j\u00f6tna. Enn \u00feann dag \u00ed dag er pers\u00f3nan s\u00fdnileg, jafnt \u00ed ranns\u00f3knum \u00e1 norr\u00e6nni go\u00f0afr\u00e6\u00f0i og \u00ed vins\u00e6lum \u00fatf\u00e6rslum, sem breyta \u00fdmsu en l\u00e1ta hinn fj\u00f6tra\u00f0a svikahrapp, sem \u00fereyr allt til Ragnar\u00f6ks, halda s\u00ednum sk\u00fdra svip.<\/p>\t\t\t\t\t\t\t\t<\/div>\n\t\t\t\t\t<\/div>\n\t\t\t\t<\/div>\n\t\t<div class=\"elementor-element elementor-element-d47b156 e-flex e-con-boxed e-con e-child\" data-id=\"d47b156\" data-element_type=\"container\" data-e-type=\"container\">\n\t\t\t\t\t<div class=\"e-con-inner\">\n\t\t\t\t<div class=\"elementor-element elementor-element-ff38c2b elementor-widget elementor-widget-heading\" data-id=\"ff38c2b\" data-element_type=\"widget\" data-e-type=\"widget\" data-widget_type=\"heading.default\">\n\t\t\t\t\t<div class=\"elementor-heading-title elementor-size-default\">\u00datbrei\u00f0slusv\u00e6\u00f0i<\/div>\t\t\t\t<\/div>\n\t\t\t\t<div class=\"elementor-element elementor-element-4e49fcc elementor-widget elementor-widget-text-editor\" data-id=\"4e49fcc\" data-element_type=\"widget\" data-e-type=\"widget\" data-widget_type=\"text-editor.default\">\n\t\t\t\t\t\t\t\t\t<p>Loki var ekki bundinn vi\u00f0 \u00e1kve\u00f0i\u00f0 sv\u00e6\u00f0i e\u00f0a sta\u00f0i, heldur var hann almennt \u00feekktur og d\u00fdrka\u00f0ur e\u00f0a af vir\u00f0ingu \u00f3ttast \u00ed \u00f6llum germ\u00f6nskum heimi. Hvort sem \u00fea\u00f0 var \u00ed st\u00f3rum \u00fe\u00e9ttb\u00fdliskj\u00f6rnum e\u00f0a \u00e1 ja\u00f0arsv\u00e6\u00f0um \u00ed sveitum, hj\u00e1 f\u00e9lagslegri yfirst\u00e9tt e\u00f0a me\u00f0al al\u00fe\u00fd\u00f0u, var andleg e\u00f0a menningarleg \u00fe\u00fd\u00f0ing \u00feessarar veru samfellt vi\u00f0urkennd og \u00fatbreidd.<\/p><p>S\u00fa sta\u00f0reynd a\u00f0 Loki kemur fram \u00ed n\u00e1nast hverri mi\u00f0l\u00e6gri go\u00f0s\u00f6gn Eddu-textanna, fr\u00e1 hamarsr\u00e1nunni til dau\u00f0a Baldurs, s\u00fdnir hversu r\u00e6kilega hann var greyptur \u00ed heimsmynd norr\u00e6nna sagnamanna. Fr\u00e1sagnirnar breiddust \u00fat um verslunar- og landn\u00e1mslei\u00f0ir v\u00edkingaaldar, fr\u00e1 Skandinav\u00edu til \u00cdslands, \u00fear sem \u00fe\u00e6r voru a\u00f0 lokum skr\u00e1\u00f0ar, og \u00edslenskar heimildir var\u00f0veita pers\u00f3nuna \u00e1 athyglisvert samr\u00e6mdan h\u00e1tt.<\/p>\t\t\t\t\t\t\t\t<\/div>\n\t\t\t\t\t<\/div>\n\t\t\t\t<\/div>\n\t\t\t\t<\/div>\n\t\t<div class=\"elementor-element elementor-element-db03c39 e-con-full e-flex e-con e-child\" data-id=\"db03c39\" data-element_type=\"container\" data-e-type=\"container\">\n\t\t<div class=\"elementor-element elementor-element-229a87b e-flex e-con-boxed e-con e-child\" data-id=\"229a87b\" data-element_type=\"container\" data-e-type=\"container\">\n\t\t\t\t\t<div class=\"e-con-inner\">\n\t\t\t\t<div class=\"elementor-element elementor-element-1f471fc elementor-widget elementor-widget-heading\" data-id=\"1f471fc\" data-element_type=\"widget\" data-e-type=\"widget\" data-widget_type=\"heading.default\">\n\t\t\t\t\t<div class=\"elementor-heading-title elementor-size-default\">Heimildasta\u00f0a<\/div>\t\t\t\t<\/div>\n\t\t\t\t<div class=\"elementor-element elementor-element-36b1201 elementor-widget elementor-widget-text-editor\" data-id=\"36b1201\" data-element_type=\"widget\" data-e-type=\"widget\" data-widget_type=\"text-editor.default\">\n\t\t\t\t\t\t\t\t\t<p>Frumheimildir: Snorra-Edda Snorra Sturlusonar (Gylfaginning: \u00e6ttartala og hlutverk Loka; Sk\u00e1ldskaparm\u00e1l: s\u00f6gur af Loka), Lj\u00f3\u00f0aedda (Lokasenna: Loki h\u00e6\u00f0ir alla gu\u00f0ina; \u00derymskvi\u00f0a: Loki hj\u00e1lpar a\u00f0 stela hamrinum; Hyndlulj\u00f3\u00f0: \u00e6tt Loka), V\u00f6lusp\u00e1: Ragnar\u00f6k me\u00f0 lausn Loka.<\/p><p>T\u00edmabil: munnlegar hef\u00f0ir fram til 1. aldar f.Kr., skr\u00e1\u00f0ar um 1200 e.Kr. Fr\u00e6\u00f0imenn: Rudolf Simek, Jan de Vries (\u00edtarleg t\u00falkun), Georges Dum\u00e9zil, Folke Str\u00f6m, Wolfgang Meid. S\u00e9rkenni: Loki hefur engar fornleifafr\u00e6\u00f0ilega sta\u00f0festar d\u00fdrkunarsta\u00f0i, hlutverk hans er go\u00f0s\u00f6gulegt, ekki s\u00e9rtr\u00faarlegt.<\/p>\t\t\t\t\t\t\t\t<\/div>\n\t\t\t\t\t<\/div>\n\t\t\t\t<\/div>\n\t\t\t\t<\/div>\n\t\t\t\t\t<\/div>\n\t\t\t\t<\/div>\n\t\t<div class=\"elementor-element elementor-element-3ae0637c e-flex e-con-boxed e-con e-parent\" data-id=\"3ae0637c\" data-element_type=\"container\" data-e-type=\"container\">\n\t\t\t\t\t<div class=\"e-con-inner\">\n\t\t\t\t<div class=\"elementor-element elementor-element-31d07739 elementor-widget elementor-widget-heading\" data-id=\"31d07739\" data-element_type=\"widget\" data-e-type=\"widget\" data-widget_type=\"heading.default\">\n\t\t\t\t\t<h2 class=\"elementor-heading-title elementor-size-default\">Nafn og afbrig\u00f0i<\/h2>\t\t\t\t<\/div>\n\t\t<div class=\"elementor-element elementor-element-b7642947 e-con-full e-flex e-con e-child\" data-id=\"b7642947\" data-element_type=\"container\" data-e-type=\"container\">\n\t\t\t\t<div class=\"elementor-element elementor-element-a086266 elementor-widget elementor-widget-text-editor\" data-id=\"a086266\" data-element_type=\"widget\" data-e-type=\"widget\" data-widget_type=\"text-editor.default\">\n\t\t\t\t\t\t\t\t\t<p>Loki er s\u00fdndur \u00ed hinum \u00fdmsu heimildum og listr\u00e6nu hef\u00f0um me\u00f0 \u00e1kve\u00f0num endurteknum t\u00e1knmynda\u00fe\u00e1ttum sem haldast tilt\u00f6lulega \u00f3breyttir yfir \u00e1ratugi og yfir \u00f3l\u00edk landsv\u00e6\u00f0i. \u00deessir \u00fe\u00e6ttir eru ekki einungis skrautlegir e\u00f0a valdir af tilviljun, heldur eru \u00feeir dj\u00fapt t\u00e1knger\u00f0ir og bera mikla \u00fe\u00fd\u00f0ingu.<\/p><p>Einkenni Loka \u00ed Eddu-textunum l\u00fdsa e\u00f0li hans n\u00e1kv\u00e6mlega: Hann er gervibreytir sem birtist sem hryssa, lax e\u00f0a fluga, bl\u00f3\u00f0br\u00f3\u00f0ir \u00d3\u00f0ins og jafnframt sonur j\u00f6tuns, hj\u00e1lpari gu\u00f0anna og ey\u00f0andi \u00feeirra. B\u00f6rn hans skilgreina st\u00f6\u00f0u hans \u00ed heimsmyndinni, \u00fev\u00ed Fenrir, Mi\u00f0gar\u00f0sormurinn og Hel eru \u00f6flin sem standa gegn gu\u00f0unum \u00ed Ragnar\u00f6k. S\u00e1 sem kann norr\u00e6na arfleif\u00f0 les \u00far \u00feessum einkennum tv\u00ede\u00f0li svikahrappsins: Hann \u00fatvegar gu\u00f0unum fj\u00e1rsj\u00f3\u00f0i \u00feeirra, \u00fear \u00e1 me\u00f0al hamar \u00de\u00f3rs, og veldur samt\u00edmis dau\u00f0a Baldurs. Ekkert \u00ed \u00feessari pers\u00f3nu er sagt af handah\u00f3fi, hvert sm\u00e1atri\u00f0i heyrir til hinni var\u00f0veittu spennu milli gagns og svika.<\/p>\t\t\t\t\t\t\t\t<\/div>\n\t\t\t\t<\/div>\n\t\t\t\t\t<\/div>\n\t\t\t\t<\/div>\n\t\t<div class=\"elementor-element elementor-element-709a44a8 e-flex e-con-boxed e-con e-parent\" data-id=\"709a44a8\" data-element_type=\"container\" data-e-type=\"container\">\n\t\t\t\t\t<div class=\"e-con-inner\">\n\t\t\t\t<div class=\"elementor-element elementor-element-2f585873 elementor-widget elementor-widget-heading\" data-id=\"2f585873\" data-element_type=\"widget\" data-e-type=\"widget\" data-widget_type=\"heading.default\">\n\t\t\t\t\t<h2 class=\"elementor-heading-title elementor-size-default\">L\u00fdsing<\/h2>\t\t\t\t<\/div>\n\t\t<div class=\"elementor-element elementor-element-70621c12 e-con-full e-flex e-con e-child\" data-id=\"70621c12\" data-element_type=\"container\" data-e-type=\"container\">\n\t\t\t\t<div class=\"elementor-element elementor-element-4296eb49 elementor-widget elementor-widget-text-editor\" data-id=\"4296eb49\" data-element_type=\"widget\" data-e-type=\"widget\" data-widget_type=\"text-editor.default\">\n\t\t\t\t\t\t\t\t\t<p>Loki var mi\u00f0l\u00e6gur \u00ed tr\u00faarlegri i\u00f0kun, daglegum si\u00f0um og almennum skilningi germanskra \u00fej\u00f3\u00f0a. F\u00f3lk sneri s\u00e9r til \u00feessarar veru \u00e1 erfi\u00f0um e\u00f0a \u00e1kve\u00f0num stundum l\u00edfsins e\u00f0a \u00e1 vissum \u00e1rst\u00ed\u00f0um rit\u00faala, me\u00f0 skipul\u00f6g\u00f0um, oft umfangsmiklum ath\u00f6fnum, b\u00e6num e\u00f0a f\u00f3rnargj\u00f6fum.<\/p><p>Framsetning Loka \u00ed Eddu-textunum s\u00fdnir fastm\u00f3ta\u00f0a fr\u00e1sagnarreglu: Lokasenna fylgir skipulegum gangi h\u00e1\u00f0skeppni \u00ed h\u00f6ll \u00c6gis, og einnig refsing hans eftir dau\u00f0a Baldurs, fj\u00f6trun me\u00f0 innyflum eigin sonar og sn\u00e1kurinn yfir h\u00f6f\u00f0i hans, er l\u00fdst \u00ed Snorra-Eddu sem skipulegri lagalegri aflei\u00f0ingu gu\u00f0anna, ekki sem handah\u00f3fskenndu ofbeldi.<\/p><p>S\u00fa sta\u00f0reynd a\u00f0 Loki kemur fram \u00ed gegnum alla var\u00f0veitta norr\u00e6na hef\u00f0, fr\u00e1 eddukv\u00e6\u00f0unum til Snorra-Eddu, s\u00fdnir hversu \u00f3missandi pers\u00f3nan var fyrir fr\u00e1sagnarvefinn. Hlutverk hans \u00ed go\u00f0s\u00f6gunum eru andst\u00e6\u00f0: Hann afst\u00fdrir ska\u00f0a \u00feegar hann s\u00e6kir stolna gripi eins og epli I\u00f0unnar, hann leysir \u00e1greining me\u00f0 sl\u00e6g\u00f0, og hann kn\u00fdr fram umskipti, \u00fev\u00ed \u00e1n verka hans v\u00e6ri hvorki Sleipnir til n\u00e9 vegurinn \u00ed \u00e1tt a\u00f0 Ragnar\u00f6ki.<\/p>\t\t\t\t\t\t\t\t<\/div>\n\t\t\t\t<\/div>\n\t\t\t\t\t<\/div>\n\t\t\t\t<\/div>\n\t\t<div class=\"elementor-element elementor-element-44e71476 e-flex e-con-boxed e-con e-parent\" data-id=\"44e71476\" data-element_type=\"container\" data-e-type=\"container\">\n\t\t\t\t\t<div class=\"e-con-inner\">\n\t\t\t\t<div class=\"elementor-element elementor-element-3c1fc3f0 elementor-widget elementor-widget-heading\" data-id=\"3c1fc3f0\" data-element_type=\"widget\" data-e-type=\"widget\" data-widget_type=\"heading.default\">\n\t\t\t\t\t<h2 class=\"elementor-heading-title elementor-size-default\">Pers\u00f3nul\u00fdsing: Loki<\/h2>\t\t\t\t<\/div>\n\t\t<div class=\"elementor-element elementor-element-84f33b8e e-con-full e-flex e-con e-child\" data-id=\"84f33b8e\" data-element_type=\"container\" data-e-type=\"container\">\n\t\t\t\t<div class=\"elementor-element elementor-element-hqkdc67p elementor-widget elementor-widget-text-editor\" data-id=\"hqkdc67p\" data-element_type=\"widget\" data-e-type=\"widget\" data-widget_type=\"text-editor.default\">\n\t\t\t\t\t\t\t\t\t<p>\u00deessi kynningars\u00ed\u00f0a fjallar um e\u00f0li Loka \u00fat fr\u00e1 sex sj\u00f3narhornum: go\u00f0s\u00f6gulegan uppruna hans og hlutverk \u00ed <span class=\"iwg-fachbegriff\" data-tooltip=\"\u00d6ll go\u00f0in \u00ed tr\u00faarbr\u00f6g\u00f0um e\u00f0a menningu.\" tabindex=\"0\">go\u00f0aveldinu<\/span> (pantheon), hlutverk hans \u00ed fr\u00e1s\u00f6gnum og go\u00f0s\u00f6gum (ekki helgisi\u00f0abundna d\u00fdrkun eins og hj\u00e1 \u00f6\u00f0rum gu\u00f0um), einkennandi myndger\u00f0 hans sem svikahrapps, tv\u00edr\u00e6\u00f0ni krafta hans og \u00e1hrifa, samb\u00e6rilegar pers\u00f3nur \u00ed \u00f6\u00f0rum menningarheimum og lokat\u00falkun \u00e1 heimsfr\u00e6\u00f0ilegu v\u00e6gi hans \u00ed a\u00f0draganda ragnaraka.<\/p>\t\t\t\t\t\t\t\t<\/div>\n\t\t\t\t<\/div>\n\t\t<div class=\"elementor-element elementor-element-pemmx7c5 e-con-full e-flex e-con e-child\" data-id=\"pemmx7c5\" data-element_type=\"container\" data-e-type=\"container\">\n\t\t<div class=\"elementor-element elementor-element-pemmx7c1 e-con-full e-flex e-con e-child\" data-id=\"pemmx7c1\" data-element_type=\"container\" data-e-type=\"container\">\n\t\t<div class=\"elementor-element elementor-element-qh9oavvu iwg-steckbrief-card e-flex e-con-boxed e-con e-child\" data-id=\"qh9oavvu\" data-element_type=\"container\" data-e-type=\"container\">\n\t\t\t\t\t<div class=\"e-con-inner\">\n\t\t\t\t<div class=\"elementor-element elementor-element-awzx8k2k elementor-widget elementor-widget-heading\" data-id=\"awzx8k2k\" data-element_type=\"widget\" data-e-type=\"widget\" data-widget_type=\"heading.default\">\n\t\t\t\t\t<div class=\"elementor-heading-title elementor-size-default\">Menningarsamhengi<\/div>\t\t\t\t<\/div>\n\t\t\t\t<div class=\"elementor-element elementor-element-x6rowhv0 elementor-widget elementor-widget-text-editor\" data-id=\"x6rowhv0\" data-element_type=\"widget\" data-e-type=\"widget\" data-widget_type=\"text-editor.default\">\n\t\t\t\t\t\t\t\t\t<p>Loki er hreinr\u00e6ktu\u00f0 germ\u00f6nsk sk\u00f6pun \u00e1n beinnar ind\u00f3evr\u00f3pskrar fyrirmyndar. Uppruni hans er \u00ed skandinav\u00edskri <span class=\"iwg-fachbegriff\" data-tooltip=\"\u00d6ll var\u00f0veitt go\u00f0s\u00f6guleg fr\u00e1sagnarhef\u00f0 tiltekinnar menningar.\" tabindex=\"0\">go\u00f0afr\u00e6\u00f0i<\/span> og var var\u00f0veittur \u00ed munnlegri geymd allt til \u00feess a\u00f0 hann var skr\u00e1\u00f0ur \u00e1 13. \u00f6ld.<\/p><p>Snorri l\u00fdsir honum sem afkomanda j\u00f6tna (sonur j\u00f6tunsins F\u00e1rbauta), en hann er tekinn inn \u00ed \u00c1sgar\u00f0 sem ei\u00f0svarinn br\u00f3\u00f0ir \u00d3\u00f0ins og \u00de\u00f3rs. <span class=\"iwg-fachbegriff\" data-tooltip=\"\u00d6ll tr\u00faarleg d\u00fdrkunarath\u00f6fn til handa gu\u00f0i e\u00f0a heilagri veru.\" tabindex=\"0\">D\u00fdrkun<\/span> \u00e1 honum var l\u00edtil e\u00f0a engin, \u00f3l\u00edkt \u00de\u00f3r og \u00d3\u00f0ni. Fr\u00e1sagnarlegt v\u00e6gi hans eykst \u00fe\u00f3 \u00ed b\u00f3kmenntum, s\u00e9rstaklega \u00ed l\u00fdsingum \u00e1 ragnar\u00f6kum.<\/p>\t\t\t\t\t\t\t\t<\/div>\n\t\t\t\t\t<\/div>\n\t\t\t\t<\/div>\n\t\t<div class=\"elementor-element elementor-element-8e3o4kxs iwg-steckbrief-card e-flex e-con-boxed e-con e-child\" data-id=\"8e3o4kxs\" data-element_type=\"container\" data-e-type=\"container\">\n\t\t\t\t\t<div class=\"e-con-inner\">\n\t\t\t\t<div class=\"elementor-element elementor-element-08rkdgov elementor-widget elementor-widget-heading\" data-id=\"08rkdgov\" data-element_type=\"widget\" data-e-type=\"widget\" data-widget_type=\"heading.default\">\n\t\t\t\t\t<div class=\"elementor-heading-title elementor-size-default\">Vi\u00f0takendur<\/div>\t\t\t\t<\/div>\n\t\t\t\t<div class=\"elementor-element elementor-element-uwjelx8s elementor-widget elementor-widget-text-editor\" data-id=\"uwjelx8s\" data-element_type=\"widget\" data-e-type=\"widget\" data-widget_type=\"text-editor.default\">\n\t\t\t\t\t\t\t\t\t<p>\u00d3l\u00edkt \u00de\u00f3r e\u00f0a \u00d3\u00f0ni var Loki ekki d\u00fdrka\u00f0ur \u00ed helgisi\u00f0um, engir prestar, engar <span class=\"iwg-fachbegriff\" data-tooltip=\"Gj\u00f6f til gu\u00f0s til a\u00f0 tj\u00e1 \u00fe\u00f6kk, b\u00e6n e\u00f0a d\u00fdrkun.\" tabindex=\"0\">f\u00f3rnir<\/span>, engin <span class=\"iwg-fachbegriff\" data-tooltip=\"Bygging sem er notu\u00f0 til d\u00fdrkunar \u00e1 einum e\u00f0a fleiri gu\u00f0um.\" tabindex=\"0\">hof<\/span>. Hlutverk hans var go\u00f0s\u00f6gulegt og fr\u00e1sagnarlegt, og l\u00e9k st\u00f3rt hlutverk \u00ed hef\u00f0 sk\u00e1ldanna.<\/p><p>\u00dear sem nafn hans var tengt ey\u00f0ileggingu, var hans a\u00f0 nokkru leyti \u00f3ttast og for\u00f0ast var a\u00f0 nefna hann. \u00cd s\u00ed\u00f0ari \u00edslenskum s\u00f6gum og \u00ed ragnar\u00f6k-sp\u00e1d\u00f3mum var hlutverk hans gert dramat\u00edskara. M\u00f6gulega var hann \u00e1kalla\u00f0ur \u00ed einkareknum fyrirbo\u00f0aath\u00f6fnum, en engar heimildir sta\u00f0festa \u00fea\u00f0.<\/p>\t\t\t\t\t\t\t\t<\/div>\n\t\t\t\t\t<\/div>\n\t\t\t\t<\/div>\n\t\t<div class=\"elementor-element elementor-element-jm2n74ec iwg-steckbrief-card e-flex e-con-boxed e-con e-child\" data-id=\"jm2n74ec\" data-element_type=\"container\" data-e-type=\"container\">\n\t\t\t\t\t<div class=\"e-con-inner\">\n\t\t\t\t<div class=\"elementor-element elementor-element-8vufse4c elementor-widget elementor-widget-heading\" data-id=\"8vufse4c\" data-element_type=\"widget\" data-e-type=\"widget\" data-widget_type=\"heading.default\">\n\t\t\t\t\t<div class=\"elementor-heading-title elementor-size-default\">\u00c1s\u00fdnd<\/div>\t\t\t\t<\/div>\n\t\t\t\t<div class=\"elementor-element elementor-element-mwb9u015 elementor-widget elementor-widget-text-editor\" data-id=\"mwb9u015\" data-element_type=\"widget\" data-e-type=\"widget\" data-widget_type=\"text-editor.default\">\n\t\t\t\t\t\t\t\t\t<p>Loki hefur ekki sta\u00f0la\u00f0a myndger\u00f0 eins og a\u00f0rir gu\u00f0ir. Honum er l\u00fdst sem f\u00f6grum og illgj\u00f6rnum \u00ed senn, me\u00f0 kraft til a\u00f0 skipta um gervi (hamramr). \u00cd go\u00f0s\u00f6gum tekur hann \u00e1 sig \u00fdmis form: sem lax, sem g\u00f6mul kona, sem eldur.<\/p><p>Einkenni hans eru eldur og sl\u00e6g\u00f0, ekki vopn e\u00f0a veldissproti eins og hj\u00e1 \u00f6\u00f0rum gu\u00f0um. \u00c1 kristnum t\u00edma var hann tengdur dj\u00f6flinum, sem er verkefning eingy\u00f0islegra hugtaka \u00e1 fj\u00f6lgy\u00f0islega pers\u00f3nu.<\/p>\t\t\t\t\t\t\t\t<\/div>\n\t\t\t\t\t<\/div>\n\t\t\t\t<\/div>\n\t\t\t\t<\/div>\n\t\t<div class=\"elementor-element elementor-element-pemmx7c2 e-con-full e-flex e-con e-child\" data-id=\"pemmx7c2\" data-element_type=\"container\" data-e-type=\"container\">\n\t\t<div class=\"elementor-element elementor-element-37ss2yr6 iwg-steckbrief-card e-flex e-con-boxed e-con e-child\" data-id=\"37ss2yr6\" data-element_type=\"container\" data-e-type=\"container\">\n\t\t\t\t\t<div class=\"e-con-inner\">\n\t\t\t\t<div class=\"elementor-element elementor-element-3v0wp3wx elementor-widget elementor-widget-heading\" data-id=\"3v0wp3wx\" data-element_type=\"widget\" data-e-type=\"widget\" data-widget_type=\"heading.default\">\n\t\t\t\t\t<div class=\"elementor-heading-title elementor-size-default\">Hlutverk<\/div>\t\t\t\t<\/div>\n\t\t\t\t<div class=\"elementor-element elementor-element-w3247g2m elementor-widget elementor-widget-text-editor\" data-id=\"w3247g2m\" data-element_type=\"widget\" data-e-type=\"widget\" data-widget_type=\"text-editor.default\">\n\t\t\t\t\t\t\t\t\t<p>Loka voru eigna\u00f0ir kraftar sl\u00e6g\u00f0ar og blekkinga, umbreytinga og elds. Hann gat skipt um gervi, or\u00f0i\u00f0 \u00f3s\u00fdnilegur og komi\u00f0 gu\u00f0unum \u00ed vandr\u00e6\u00f0i.<\/p><p>Or\u00f0 hans voru vopn, Lokasenna s\u00fdnir hann sem valdamikinn \u00e6rumei\u00f0anda sem sv\u00edvir\u00f0ir alla gu\u00f0ina. \u00c1 sama t\u00edma \u00e1tti hann uppbyggilega krafta: hann hj\u00e1lpa\u00f0i til vi\u00f0 a\u00f0 \u00fatvega bestu gripina (h\u00e1r Sifjar, hamar \u00de\u00f3rs, spj\u00f3t \u00d3\u00f0ins). Eldur hans var b\u00e6\u00f0i ey\u00f0andi og skapandi.<\/p>\t\t\t\t\t\t\t\t<\/div>\n\t\t\t\t\t<\/div>\n\t\t\t\t<\/div>\n\t\t<div class=\"elementor-element elementor-element-0qpjal9w iwg-steckbrief-card e-flex e-con-boxed e-con e-child\" data-id=\"0qpjal9w\" data-element_type=\"container\" data-e-type=\"container\">\n\t\t\t\t\t<div class=\"e-con-inner\">\n\t\t\t\t<div class=\"elementor-element elementor-element-6ndoih0o elementor-widget elementor-widget-heading\" data-id=\"6ndoih0o\" data-element_type=\"widget\" data-e-type=\"widget\" data-widget_type=\"heading.default\">\n\t\t\t\t\t<div class=\"elementor-heading-title elementor-size-default\">Varnarform<\/div>\t\t\t\t<\/div>\n\t\t\t\t<div class=\"elementor-element elementor-element-6684tyh9 elementor-widget elementor-widget-text-editor\" data-id=\"6684tyh9\" data-element_type=\"widget\" data-e-type=\"widget\" data-widget_type=\"text-editor.default\">\n\t\t\t\t\t\t\t\t\t<p>Loki var ekki <span class=\"iwg-fachbegriff\" data-tooltip=\"B\u00e6narleg e\u00f0a \u00e1kallandi \u00e1varp til gu\u00f0s e\u00f0a m\u00e1ttar.\" tabindex=\"0\">\u00e1kalla\u00f0ur<\/span> eins og a\u00f0rir gu\u00f0ir. Menn \u00f3ttu\u00f0ust krafta hans og reyndu a\u00f0 for\u00f0ast hann e\u00f0a bl\u00ed\u00f0ka hann. Engar <span class=\"iwg-fachbegriff\" data-tooltip=\"Gj\u00f6f til gu\u00f0s til a\u00f0 tj\u00e1 \u00fe\u00f6kk, b\u00e6n e\u00f0a d\u00fdrkun.\" tabindex=\"0\">f\u00f3rnir<\/span> eru sta\u00f0festar. \u00cd Lokasennu er hann a\u00f0 lokum \u00fatl\u00e6gur \u00far \u00c1sgar\u00f0i og bundinn, allt til ragnaraka.<\/p><p>Germanskar \u00fej\u00f3\u00f0ir litu \u00e1 Loka sem holdgervingu hins \u00f3rei\u00f0ukennda og ey\u00f0ileggingar, s\u00ed\u00f0ur sem gu\u00f0 til a\u00f0 d\u00fdrka, heldur meira sem heimsfr\u00e6\u00f0ilegan m\u00e1tt til a\u00f0 skilja og \u00f3ttast. Nafn hans var nota\u00f0 \u00ed form\u00e6lingum, en ekki \u00ed venjulegum b\u00e6num.<\/p>\t\t\t\t\t\t\t\t<\/div>\n\t\t\t\t\t<\/div>\n\t\t\t\t<\/div>\n\t\t<div class=\"elementor-element elementor-element-3lfi7x32 iwg-steckbrief-card e-flex e-con-boxed e-con e-child\" data-id=\"3lfi7x32\" data-element_type=\"container\" data-e-type=\"container\">\n\t\t\t\t\t<div class=\"e-con-inner\">\n\t\t\t\t<div class=\"elementor-element elementor-element-0kg99ga1 elementor-widget elementor-widget-heading\" data-id=\"0kg99ga1\" data-element_type=\"widget\" data-e-type=\"widget\" data-widget_type=\"heading.default\">\n\t\t\t\t\t<div class=\"elementor-heading-title elementor-size-default\">Samb\u00e6rilegt<\/div>\t\t\t\t<\/div>\n\t\t\t\t<div class=\"elementor-element elementor-element-n0fum6kp elementor-widget elementor-widget-text-editor\" data-id=\"n0fum6kp\" data-element_type=\"widget\" data-e-type=\"widget\" data-widget_type=\"text-editor.default\">\n\t\t\t\t\t\t\t\t\t<p>Tezcatlipoca (aztekst go\u00f0) er byggingarleg hli\u00f0st\u00e6\u00f0a, svikahrappur, ey\u00f0andi, tv\u00edr\u00e6\u00f0ur. Shiva \u00ed hind\u00faisma deilir tv\u00ede\u00f0li ey\u00f0ingar og sk\u00f6punar. Keltneski Math mac Mathonwy s\u00fdnir svikahrappseinkenni, en \u00e1n heimsfr\u00e6\u00f0ilegs ey\u00f0ingarhlutverks Loka. Slavneski Veles er illmenni, en s\u00ed\u00f0ur marg\u00fe\u00e6tt en Loki. \u00d3l\u00edkt \u00feessum er Loki s\u00e9rstaklega ekki d\u00fdrka\u00f0ur \u00ed helgisi\u00f0um.<\/p>\t\t\t\t\t\t\t\t<\/div>\n\t\t\t\t\t<\/div>\n\t\t\t\t<\/div>\n\t\t\t\t<\/div>\n\t\t\t\t<\/div>\n\t\t\t\t\t<\/div>\n\t\t\t\t<\/div>\n\t\t<div class=\"elementor-element elementor-element-5a584676 e-flex e-con-boxed e-con e-parent\" data-id=\"5a584676\" data-element_type=\"container\" data-e-type=\"container\">\n\t\t\t\t\t<div class=\"e-con-inner\">\n\t\t\t\t<div class=\"elementor-element elementor-element-6d0757bf elementor-widget elementor-widget-heading\" data-id=\"6d0757bf\" data-element_type=\"widget\" data-e-type=\"widget\" data-widget_type=\"heading.default\">\n\t\t\t\t\t<h2 class=\"elementor-heading-title elementor-size-default\">Loki, hli\u00f0st\u00e6\u00f0ur \u00ed \u00f6\u00f0rum menningarheimum<\/h2>\t\t\t\t<\/div>\n\t\t<div class=\"elementor-element elementor-element-60563f68 e-con-full e-flex e-con e-child\" data-id=\"60563f68\" data-element_type=\"container\" data-e-type=\"container\">\n\t\t\t\t<div class=\"elementor-element elementor-element-5a93fdd6 elementor-widget elementor-widget-text-editor\" data-id=\"5a93fdd6\" data-element_type=\"widget\" data-e-type=\"widget\" data-widget_type=\"text-editor.default\">\n\t\t\t\t\t\t\t\t\t<p>Svikahrappa af sama mei\u00f0i og Loki m\u00e1 finna \u00ed m\u00f6rgum go\u00f0afr\u00e6\u00f0um: gr\u00edski Hermes sem sendibo\u00f0i gu\u00f0anna og \u00fej\u00f3fur, vestur-afr\u00edski Anansi sem k\u00f6ngul\u00f3arlaga skaparasvikahrappur, sl\u00e9ttuko\u00f0j\u00f3tinn hj\u00e1 frumbyggjum Nor\u00f0ur-Amer\u00edku, p\u00f3l\u00fdnes\u00edski Maui. \u00d3l\u00edkt \u00feessum er Loki dj\u00fapt fl\u00e9tta\u00f0ur inn \u00ed heimsfr\u00e6\u00f0ilega byggingu Eddunnar, hann er ekki bara svikahrappur, heldur fa\u00f0ir tort\u00edmingarveranna Helju, Fenris og J\u00f6rmungands.<\/p>\n<p><p><strong>Hef\u00f0 Gy\u00f0inga:<\/strong> \u00cd <span class=\"iwg-fachbegriff\" data-tooltip=\"Fr\u00e6\u00f0ileg kenning um gu\u00f0 og tr\u00fa \u00ed tr\u00faarbr\u00f6g\u00f0um.\" tabindex=\"0\">gu\u00f0fr\u00e6\u00f0i<\/span> Gy\u00f0inga er ekki til gu\u00f0 blekkinga e\u00f0a \u00f3rei\u00f0u eins og Loki. Satan (sem \u00fer\u00f3a\u00f0ist s\u00ed\u00f0ar) er andst\u00e6\u00f0 m\u00e1ttarvera, en ekki gu\u00f0 \u00ed <span class=\"iwg-fachbegriff\" data-tooltip=\"\u00d6ll go\u00f0in \u00ed tr\u00faarbr\u00f6g\u00f0um e\u00f0a menningu.\" tabindex=\"0\">go\u00f0aveldinu<\/span>. Tv\u00edr\u00e6\u00f0ni Loka og heimsfr\u00e6\u00f0ilegt v\u00e6gi hans hafa ekkert hli\u00f0st\u00e6tt \u00ed eingy\u00f0istr\u00faarkerfum.<\/p><p><strong>Gr\u00edsk-r\u00f3mverski heimurinn:<\/strong> Pr\u00f3me\u00feeifur deilir me\u00f0 Loka eiginleikanum a\u00f0 vera sl\u00e6gur og h\u00e6ttulegur reglu gu\u00f0anna, en er t\u00edtan, ekki \u00e1s. Hermes er svikahrappslegur, en s\u00ed\u00f0ur ey\u00f0andi. Ares holdgervir \u00f3heft ofbeldi, en ekki sl\u00e6g\u00f0 Loka. Engin bein hli\u00f0st\u00e6\u00f0a er til \u00ed Grikklandi e\u00f0a R\u00f3m.<\/p><p><strong>Mes\u00f3p\u00f3tam\u00eda:<\/strong> Engin bein hli\u00f0st\u00e6\u00f0a. Marduk og T\u00edamat eru andst\u00e6\u00f0ingar, en ekki innan sama go\u00f0aveldis eins og Loki og \u00e6sirnir. Pazuzu er dj\u00f6fulleg m\u00e1ttarvera, en er ekki \u00e1berandi \u00ed helgisi\u00f0um l\u00edkt og \u00ed Eddunni.<\/p><p><strong>Indland\/As\u00eda:<\/strong> Shiva holdgervir ey\u00f0ingu og umbreytingu, en deilir ekki hlutverki Loka sem \u00fatl\u00e6gs svikahrapps. \u00cd b\u00faddisma er engin samb\u00e6rileg pers\u00f3na til. \u00cd fornum indverskum textum eru Rakshasa (dj\u00f6flar) \u00f3rei\u00f0ukenndir m\u00e1ttar, en ekki \u00ed gu\u00f0legri st\u00e9ttaskiptingu.<\/p>\t\t\t\t\t\t\t\t<\/div>\n\t\t\t\t<\/div>\n\t\t\t\t\t<\/div>\n\t\t\t\t<\/div>\n\t\t<div class=\"elementor-element elementor-element-cp143590f e-flex e-con-boxed e-con e-parent\" data-id=\"cp143590f\" data-element_type=\"container\" data-e-type=\"container\">\n\t\t\t\t\t<div class=\"e-con-inner\">\n\t\t\t\t<div class=\"elementor-element elementor-element-cped974db elementor-widget elementor-widget-heading\" data-id=\"cped974db\" data-element_type=\"widget\" data-e-type=\"widget\" data-widget_type=\"heading.default\">\n\t\t\t\t\t<h2 class=\"elementor-heading-title elementor-size-default\">Hlutverk Loka \u00ed dau\u00f0a Baldurs<\/h2>\t\t\t\t<\/div>\n\t\t<div class=\"elementor-element elementor-element-cpac2481f e-con-full e-flex e-con e-child\" data-id=\"cpac2481f\" data-element_type=\"container\" data-e-type=\"container\">\n\t\t\t\t<div class=\"elementor-element elementor-element-cped26bd6 elementor-widget elementor-widget-text-editor\" data-id=\"cped26bd6\" data-element_type=\"widget\" data-e-type=\"widget\" data-widget_type=\"text-editor.default\">\n\t\t\t\t\t\t\t\t\t<p>Dau\u00f0i Baldrs er me\u00f0al \u00feeirra atbur\u00f0a \u00ed norr\u00e6nni <span class=\"iwg-fachbegriff\" data-tooltip=\"Heildarsafn go\u00f0sagna sem var\u00f0veist hafa \u00ed einni menningu.\" tabindex=\"0\">go\u00f0afr\u00e6\u00f0i<\/span> sem best eru var\u00f0veittir, og setur Loka \u00ed brennidepli kosm\u00edsks vendipunkts. Snorri Sturluson segir \u00ed <em>Gylfaginningu<\/em> a\u00f0 Baldur hafi veri\u00f0 haldinn \u00f3r\u00f3leika vegna drauma sem ollu honum ugg.<\/p><p>M\u00f3\u00f0ir hans, Frigg, l\u00e9t \u00fe\u00e1 alla hluti sverja a\u00f0 ska\u00f0a Baldur ekki, en gleymdi mistilteininum, sem henni \u00fe\u00f3tti of ungur og \u00f3merkilegur til a\u00f0 taka me\u00f0.<\/p><p>Loki komst \u00e1 sno\u00f0ir um \u00feessa glufu. Hann n\u00e1\u00f0i \u00ed mistiltein, ger\u00f0i \u00far honum skeyti og gaf \u00fea\u00f0 H\u00f6\u00f0i, blindum gu\u00f0i sem st\u00f3\u00f0 utan vi\u00f0 h\u00f3pinn me\u00f0an hinir gu\u00f0irnir skemmtu s\u00e9r vi\u00f0 a\u00f0 kasta vopnum \u00e1 hinn \u00f3s\u00e6ranlega Baldur.<\/p><p>Undir lei\u00f0s\u00f6gn Loka hitti kast H\u00f6\u00f0s, og Baldur f\u00e9ll dau\u00f0ur til jar\u00f0ar. Heimildirnir leggja \u00e1herslu \u00e1 a\u00f0 \u00feetta hafi veri\u00f0 mesta \u00f3g\u00e6fa sem yfir gu\u00f0i og menn hafi duni\u00f0.<\/p><p>Seinni hluti s\u00f6gunnar d\u00fdpkar sekt Loka. \u00deegar Herm\u00f3\u00f0ur rei\u00f0 til undirheima til a\u00f0 bi\u00f0ja um lausn Baldurs, setti Hel \u00fea\u00f0 skilyr\u00f0i a\u00f0 allir hlutir skyldu gr\u00e1ta Baldur.<\/p><p>N\u00e6r allt gr\u00e9t, en tr\u00f6llkona a\u00f0 nafni \u00de\u00f6kk neita\u00f0i. Snorri gefur \u00ed skyn a\u00f0 \u00fear hafi Loki veri\u00f0 \u00ed dulargervi. \u00deannig kom Loki endanlega \u00ed veg fyrir a\u00f0 Baldur sn\u00e9ri til baka.<\/p><p>Fr\u00e6\u00f0imenn hafa r\u00e6tt hvort eldri eddukv\u00e6\u00f0i hafi veitt Loka sama mi\u00f0l\u00e6ga hlutverk og Snorri ger\u00f0i. <em>V\u00f6lusp\u00e1<\/em> nefnir H\u00f6\u00f0 sem banamann Baldurs en \u00feegir um hlutdeild Loka. Sumir fr\u00e6\u00f0imenn, \u00fear \u00e1 me\u00f0al Anatoly Liberman, telja \u00fatf\u00e6rslu Snorra vera b\u00f3kmenntalega sam\u00fej\u00f6ppun \u00fdmissa hef\u00f0a.<\/p><p>\u00d6ruggt er a\u00f0 \u00feessi atbur\u00f0ur myndar br\u00fana til bindingar Loka og a\u00f0 lokum til atbur\u00f0a ragnar\u00f6k. \u00deeir sem kanna tengdar hugmyndir um \u00f6rl\u00f6g finna snertipunkta hj\u00e1 <a href=\"https:\/\/iwell-guard.com\/is\/?page_id=168719\">Hel<\/a> og norr\u00e6num hugmyndum um undirheima.<\/p>\t\t\t\t\t\t\t\t<\/div>\n\t\t\t\t<\/div>\n\t\t\t\t\t<\/div>\n\t\t\t\t<\/div>\n\t\t<div class=\"elementor-element elementor-element-cp3218126 e-flex e-con-boxed e-con e-parent\" data-id=\"cp3218126\" data-element_type=\"container\" data-e-type=\"container\">\n\t\t\t\t\t<div class=\"e-con-inner\">\n\t\t\t\t<div class=\"elementor-element elementor-element-cp0fb04c3 elementor-widget elementor-widget-heading\" data-id=\"cp0fb04c3\" data-element_type=\"widget\" data-e-type=\"widget\" data-widget_type=\"heading.default\">\n\t\t\t\t\t<h2 class=\"elementor-heading-title elementor-size-default\">Binding Loka og \u00f6rl\u00f6g hans \u00ed ragnar\u00f6kum<\/h2>\t\t\t\t<\/div>\n\t\t<div class=\"elementor-element elementor-element-cp63681b7 e-con-full e-flex e-con e-child\" data-id=\"cp63681b7\" data-element_type=\"container\" data-e-type=\"container\">\n\t\t\t\t<div class=\"elementor-element elementor-element-cp6110166 elementor-widget elementor-widget-text-editor\" data-id=\"cp6110166\" data-element_type=\"widget\" data-e-type=\"widget\" data-widget_type=\"text-editor.default\">\n\t\t\t\t\t\t\t\t\t<p>Eftir dau\u00f0a Baldurs og h\u00e1\u00f0sgl\u00f3sur Loka \u00ed <em>Lokasennu<\/em> handsama \u00c6sirnir Loka og d\u00e6ma hann til h\u00f6r\u00f0ustu refsingar.<\/p><p>Heimildirnir greina fr\u00e1 \u00fev\u00ed a\u00f0 gu\u00f0irnir hafi kalla\u00f0 til \u00ferj\u00e1 \u00e6ttmenn hans: Sonur Loka, V\u00e1li, var breytt \u00ed \u00falf og reif br\u00f3\u00f0ur sinn Narfa \u00ed sundur. Me\u00f0 innyflum Narfa bundu gu\u00f0irnir Loka vi\u00f0 \u00ferj\u00e1r steinhellur.<\/p><p>Tr\u00f6llkonan Ska\u00f0i festi eiturdrj\u00fapandi sn\u00e1k yfir andliti Loka. Sigyn, kona Loka, stendur vi\u00f0 hli\u00f0 hans allt fr\u00e1 \u00feeim t\u00edma og safnar eitrinu \u00ed sk\u00e1l.<\/p><p>\u00deegar h\u00fan t\u00e6mir fulla sk\u00e1lina, snertir eitri\u00f0 Loka og krampi hans l\u00e6tur, samkv\u00e6mt \u00feessari go\u00f0sagnalegu \u00fatlistun, j\u00f6r\u00f0ina hrista. \u00deessi orsakask\u00fdring \u00e1 jar\u00f0skj\u00e1lftum er einnig \u00feekkt fr\u00e1 bundnum \u00f3freskjum \u00ed \u00f6\u00f0rum go\u00f0afr\u00e6\u00f0um.<\/p><p>\u00cd eskat\u00f3l\u00f3g\u00edskri <span class=\"iwg-fachbegriff\" data-tooltip=\"Framsending vitneskju og sagna milli kynsl\u00f3\u00f0a.\" tabindex=\"0\">arfs\u00f6gn<\/span> er Loki bundinn allt til ragnar\u00f6ka. \u00de\u00e1 sl\u00edtur hann sig lausan. <em>V\u00f6lusp\u00e1<\/em> og <em>Gylfaginning<\/em> Snorra greina fr\u00e1 \u00fev\u00ed a\u00f0 Loki st\u00fdri l\u00edkskipinu <em>Naglfari<\/em>, sem sm\u00ed\u00f0a\u00f0 er \u00far n\u00f6glum hinna dau\u00f0u, og lei\u00f0i fram andst\u00e6\u00f0inga gu\u00f0anna. \u00c1 v\u00edgvellinum berjast Loki og Heimdallur og drepa hvor annan.<\/p><p>Athyglisvert er a\u00f0 b\u00f6rn Loka me\u00f0 tr\u00f6llkonunni Angurbo\u00f0u, Fenris\u00falfur, Mi\u00f0gar\u00f0sormur og Hel, eru meginandst\u00e6\u00f0ingar gu\u00f0anna \u00ed lokabar\u00e1ttunni.<\/p><p>Fr\u00e6\u00f0imenn hafa \u00edtreka\u00f0 r\u00e6tt hvort Loki hafi upphaflega veri\u00f0 tv\u00edbent pers\u00f3na \u00e1 milli \u00c1sa og j\u00f6tna, en sta\u00f0a hans hafi breyst til hins verra \u00ed gegnum <span class=\"iwg-fachbegriff\" data-tooltip=\"Framsending vitneskju og sagna milli kynsl\u00f3\u00f0a.\" tabindex=\"0\">arfs\u00f6gnina<\/span>. Georges Dum\u00e9zil og s\u00ed\u00f0ar Jan de Vries settu fram mismunandi t\u00falkanir \u00e1 \u00feessu, \u00e1n \u00feess a\u00f0 samsta\u00f0a hafi n\u00e1\u00f0st.<\/p>\t\t\t\t\t\t\t\t<\/div>\n\t\t\t\t<\/div>\n\t\t\t\t\t<\/div>\n\t\t\t\t<\/div>\n\t\t<div class=\"elementor-element elementor-element-cp1fe3b87 e-flex e-con-boxed e-con e-parent\" data-id=\"cp1fe3b87\" data-element_type=\"container\" data-e-type=\"container\">\n\t\t\t\t\t<div class=\"e-con-inner\">\n\t\t\t\t<div class=\"elementor-element elementor-element-cp6bc1d44 elementor-widget elementor-widget-heading\" data-id=\"cp6bc1d44\" data-element_type=\"widget\" data-e-type=\"widget\" data-widget_type=\"heading.default\">\n\t\t\t\t\t<h2 class=\"elementor-heading-title elementor-size-default\">Loki \u00ed fr\u00e6\u00f0as\u00f6gunni<\/h2>\t\t\t\t<\/div>\n\t\t<div class=\"elementor-element elementor-element-cp0b70b26 e-con-full e-flex e-con e-child\" data-id=\"cp0b70b26\" data-element_type=\"container\" data-e-type=\"container\">\n\t\t\t\t<div class=\"elementor-element elementor-element-cpd504908 elementor-widget elementor-widget-text-editor\" data-id=\"cpd504908\" data-element_type=\"widget\" data-e-type=\"widget\" data-widget_type=\"text-editor.default\">\n\t\t\t\t\t\t\t\t\t<p>F\u00e1 go\u00f0 \u00far norr\u00e6nni <span class=\"iwg-fachbegriff\" data-tooltip=\"Heildarsafn var\u00f0veittra go\u00f0sagna \u00ed tiltekinni menningu.\" tabindex=\"0\">go\u00f0afr\u00e6\u00f0i<\/span> hafa vaki\u00f0 jafn margar m\u00f3tsagnakenndar t\u00falkanir og Loki. \u00deegar \u00e1 19. \u00f6ld reyndi samanbur\u00f0ar-<span class=\"iwg-fachbegriff\" data-tooltip=\"Heildarsafn var\u00f0veittra go\u00f0sagna \u00ed tiltekinni menningu.\" tabindex=\"0\">go\u00f0afr\u00e6\u00f0i<\/span> a\u00f0 skilgreina hann sem pers\u00f3nugervingu n\u00e1tt\u00faruafls.<\/p><p>Jacob Grimm og fleiri t\u00f6ldu hann eldgu\u00f0 og studdust vi\u00f0 meinta skyldleika nafnsins vi\u00f0 or\u00f0i\u00f0 <em>logi<\/em> (loga). \u00deessi or\u00f0sifjafr\u00e6\u00f0i telst n\u00fa m\u00e1lv\u00edsindalega \u00f3haldb\u00e6r, \u00fev\u00ed <em>Loki<\/em> og <em>logi<\/em> eiga s\u00e9r ekki sameiginlegan uppruna.<\/p><p>\u00c1 20. \u00f6ld f\u00e6r\u00f0ist \u00e1herslan til. Folke Str\u00f6m t\u00falka\u00f0i Loka \u00e1ri\u00f0 1956 sem hluta af \u00d3\u00f0ni, \u00fea\u00f0 er sem afklofinn \u00fe\u00e1tt a\u00f0algu\u00f0sins.<\/p><p>Anna Birgitta Rooth rannsaka\u00f0i \u00e1ri\u00f0 1961, \u00ed vi\u00f0amikilli ranns\u00f3kn, <span class=\"iwg-fachbegriff\" data-tooltip=\"Mi\u00f0lun \u00feekkingar og sagna milli kynsl\u00f3\u00f0a.\" tabindex=\"0\">arfsagnir<\/span> um Loka og lag\u00f0i \u00e1herslu \u00e1 loddara-e\u00f0li hans me\u00f0 \u00fev\u00ed a\u00f0 draga hli\u00f0st\u00e6\u00f0ur vi\u00f0 prakkaraverur \u00ed <span class=\"iwg-fachbegriff\" data-tooltip=\"Var\u00f0veitt al\u00fe\u00fd\u00f0umenning me\u00f0 si\u00f0um, s\u00f6gum og s\u00f6ngvum.\" tabindex=\"0\">\u00fej\u00f3\u00f0tr\u00fa<\/span>. Georges Dum\u00e9zil felldi Loka inn \u00ed \u00fer\u00edskiptingarkerfi sitt og bar hann saman vi\u00f0 indversku veruna Syrdon \u00far osset\u00edsku Nartas\u00f6gunni.<\/p><p>N\u00fdrri ranns\u00f3knir, til d\u00e6mis hj\u00e1 John Lindow og Jens Peter Schj\u00f8dt, eru vark\u00e1rari gagnvart st\u00f3rum kenningum. \u00de\u00e6r leggja \u00e1herslu \u00e1 a\u00f0 heimildirnar s\u00e9u dreif\u00f0ar b\u00e6\u00f0i \u00ed t\u00edma og r\u00fami og a\u00f0 Snorri hafi \u00feegar \u00e1 13. \u00f6ld skrifa\u00f0 \u00fat fr\u00e1 kristnu sj\u00f3narhorni.<\/p><p>Hvort til hafi veri\u00f0 Loka-<span class=\"iwg-fachbegriff\" data-tooltip=\"Heildarsafn helgisi\u00f0a og d\u00fdrkunar \u00e1 tiltekinni gu\u00f0legri e\u00f0a heilagri veru.\" tabindex=\"0\">d\u00fdrkun<\/span> er umdeilt. Sta\u00f0arn\u00f6fn sem me\u00f0 vissu m\u00e1 rekja til Loka eru vart til, \u00f3l\u00edkt \u00fev\u00ed sem \u00e1 vi\u00f0 um \u00de\u00f3r, \u00d3\u00f0in e\u00f0a Frey.<\/p><p>\u00d3leyst vandam\u00e1l er hinn svokalla\u00f0i Snaptun-steinn fr\u00e1 Danm\u00f6rku, steinn fr\u00e1 10. \u00f6ld me\u00f0 andliti \u00fear sem varirnar vir\u00f0ast sauma\u00f0ar saman. Margir fr\u00e6\u00f0imenn t\u00falka hann sem mynd af Loka, \u00fev\u00ed \u00f6nnur saga greinir fr\u00e1 \u00fev\u00ed a\u00f0 dvergar hafi sauma\u00f0 fyrir munn hans. Au\u00f0kenningin er \u00fe\u00f3 ekki \u00f6rugg. Umr\u00e6\u00f0an s\u00fdnir hversu veikur myndr\u00e6nn grundv\u00f6llur fyrir Loka er \u00ed raun.<\/p>\t\t\t\t\t\t\t\t<\/div>\n\t\t\t\t<\/div>\n\t\t\t\t\t<\/div>\n\t\t\t\t<\/div>\n\t\t<div class=\"elementor-element elementor-element-cpa5cf5fb e-flex e-con-boxed e-con e-parent\" data-id=\"cpa5cf5fb\" data-element_type=\"container\" data-e-type=\"container\">\n\t\t\t\t\t<div class=\"e-con-inner\">\n\t\t\t\t<div class=\"elementor-element elementor-element-cp4ae047d elementor-widget elementor-widget-heading\" data-id=\"cp4ae047d\" data-element_type=\"widget\" data-e-type=\"widget\" data-widget_type=\"heading.default\">\n\t\t\t\t\t<h2 class=\"elementor-heading-title elementor-size-default\">Or\u00f0sifjafr\u00e6\u00f0i og t\u00falkun nafnsins<\/h2>\t\t\t\t<\/div>\n\t\t<div class=\"elementor-element elementor-element-cp60db032 e-con-full e-flex e-con e-child\" data-id=\"cp60db032\" data-element_type=\"container\" data-e-type=\"container\">\n\t\t\t\t<div class=\"elementor-element elementor-element-cpec4a720 elementor-widget elementor-widget-text-editor\" data-id=\"cpec4a720\" data-element_type=\"widget\" data-e-type=\"widget\" data-widget_type=\"text-editor.default\">\n\t\t\t\t\t\t\t\t\t<p>Nafni\u00f0 <em>Loki<\/em> \u00e1 s\u00e9r \u00f3venju umdeilda s\u00f6gu. Eldri ranns\u00f3knir tengdu \u00fea\u00f0 vi\u00f0 fornnorr\u00e6na or\u00f0i\u00f0 <em>logi<\/em>, sem \u00fe\u00fd\u00f0ir eldur e\u00f0a logi, en hlj\u00f3\u00f0fr\u00e6\u00f0ilega stenst \u00feessi samsv\u00f6run ekki. Langt s\u00e9rhlj\u00f3\u00f0 \u00ed <em>logi<\/em> og or\u00f0myndunin sj\u00e1lf falla ekki a\u00f0 <em>Loki<\/em>.<\/p><p>\u00datbreidd n\u00fdrri t\u00falkun gengur \u00fat fr\u00e1 r\u00f3t sem tengist hn\u00fat, lykkju e\u00f0a \u00fev\u00ed a\u00f0 loka. Anatoly Liberman hefur \u00ed fj\u00f6lda verka haldi\u00f0 \u00fev\u00ed fram a\u00f0 nafni\u00f0 tengist or\u00f0um um a\u00f0 hn\u00fdta, sem myndi samr\u00e6mast hugmyndinni um Loka sem net-hn\u00fdtara.<\/p><p>\u00cd einni fr\u00e1s\u00f6gn segir a\u00f0 Loki hafi fundi\u00f0 upp fyrsta fiskineti\u00f0 og or\u00f0i\u00f0 sj\u00e1lfur fangi \u00feess. A\u00f0rir fr\u00e6\u00f0imenn eru vark\u00e1rir og benda \u00e1 a\u00f0 engin \u00feeirra tilg\u00e1tna sem lag\u00f0ar hafa veri\u00f0 fram s\u00e9 \u00f3yggjandi.<\/p><p>Athyglisver\u00f0 eru \u00feau heiti sem Loki gengur undir \u00ed heimildunum. Hann er kalla\u00f0ur <em>Loptr<\/em>, sem tengist or\u00f0inu fyrir loft, og \u00f6\u00f0ru hvoru <em>Hve\u00f0rungr<\/em>. Heiti\u00f0 <em>Loptr<\/em> hefur leitt suma fr\u00e6\u00f0imenn til a\u00f0 \u00e1lykta a\u00f0 Loki hafi veri\u00f0 tengdur loftinu sem frumefni, l\u00edkt og hin s\u00ed\u00f0ari \u00fej\u00f3\u00f0tr\u00fa s\u00fdnir hann.<\/p><p>\u00cd yngri norr\u00e6nni <span class=\"iwg-fachbegriff\" data-tooltip=\"Var\u00f0veitt \u00fej\u00f3\u00f0menning me\u00f0 si\u00f0um, s\u00f6gum og s\u00f6ngvum.\" tabindex=\"0\">\u00fej\u00f3\u00f0tr\u00fa<\/span> kemur fyrir vera sem kallast <em>Lokke<\/em> e\u00f0a <em>Lokje<\/em>, sem tengist hitam\u00f3\u00f0u yfir \u00f6krum og k\u00f6ngul\u00f3ar\u00fer\u00e1\u00f0um. Hvort \u00feessar s\u00ed\u00f0ari heimildir eigi r\u00f3t s\u00edna a\u00f0 rekja til hins go\u00f0sagnakennda Loka e\u00f0a s\u00e9u s\u00ed\u00f0ar til komin tengsl er umdeilt \u00ed fr\u00e6\u00f0unum.<\/p><p>\u00d3vissan um nafni\u00f0 endurspeglar \u00fe\u00e1 grundvallarerfi\u00f0leika sem felast \u00ed a\u00f0 skilgreina Loka. \u00d3l\u00edkt <a href=\"https:\/\/iwell-guard.com\/is\/?page_id=168713\">\u00d3\u00f0ni<\/a> e\u00f0a <a href=\"https:\/\/iwell-guard.com\/is\/?page_id=168816\">\u00de\u00f3r<\/a>, \u00fear sem n\u00f6fn og hlutverk eru sk\u00fdr, er sj\u00e1lfur m\u00e1lfr\u00e6\u00f0ilegi grundv\u00f6llurinn \u00f3lj\u00f3s hj\u00e1 Loka.<\/p>\t\t\t\t\t\t\t\t<\/div>\n\t\t\t\t<\/div>\n\t\t\t\t\t<\/div>\n\t\t\t\t<\/div>\n\t\t<div class=\"elementor-element elementor-element-cp3956f50 e-flex e-con-boxed e-con e-parent\" data-id=\"cp3956f50\" data-element_type=\"container\" data-e-type=\"container\">\n\t\t\t\t\t<div class=\"e-con-inner\">\n\t\t\t\t<div class=\"elementor-element elementor-element-cp91b820b elementor-widget elementor-widget-heading\" data-id=\"cp91b820b\" data-element_type=\"widget\" data-e-type=\"widget\" data-widget_type=\"heading.default\">\n\t\t\t\t\t<h2 class=\"elementor-heading-title elementor-size-default\">Loki \u00ed n\u00fat\u00edmamenningu<\/h2>\t\t\t\t<\/div>\n\t\t<div class=\"elementor-element elementor-element-cp9bf52a7 e-con-full e-flex e-con e-child\" data-id=\"cp9bf52a7\" data-element_type=\"container\" data-e-type=\"container\">\n\t\t\t\t<div class=\"elementor-element elementor-element-cp7393b72 elementor-widget elementor-widget-text-editor\" data-id=\"cp7393b72\" data-element_type=\"widget\" data-e-type=\"widget\" data-widget_type=\"text-editor.default\">\n\t\t\t\t\t\t\t\t\t<p>Endurfundur norr\u00e6nnar <span class=\"iwg-fachbegriff\" data-tooltip=\"Heildarsafn var\u00f0veittra go\u00f0sagna innan menningarheims.\" tabindex=\"0\">go\u00f0afr\u00e6\u00f0i<\/span> \u00e1 19. \u00f6ld ger\u00f0i Loka a\u00f0 fastri st\u00e6r\u00f0 \u00ed evr\u00f3pskri menningars\u00f6gu. Richard Wagner fjalla\u00f0i um hann \u00ed fj\u00f3rleik s\u00ednum <em>Der Ring des Nibelungen<\/em> sem Loge, h\u00e1lfgu\u00f0legan eldsanda og sl\u00e6gan r\u00e1\u00f0gjafa Wotans.<\/p><p>Wagner sameina\u00f0i \u00fear v\u00edsvitandi hinn go\u00f0sagnakennda Loka og eldsveruna, jafnvel \u00fe\u00f3tt textafr\u00e6\u00f0ileg ranns\u00f3kn hef\u00f0i \u00feegar \u00e1 \u00feeim t\u00edma dregi\u00f0 \u00fe\u00e1 samsv\u00f6run \u00ed efa.<\/p><p>\u00cd myndlist 19. aldar kemur Loki fyrir hj\u00e1 norr\u00e6num m\u00e1lurum og myndskreytum, oft \u00ed atri\u00f0inu \u00fear sem hann er bundinn me\u00f0 Sigyn s\u00e9r vi\u00f0 hli\u00f0. \u00deessi framsetning, sem undirstrikar trygg\u00f0 Sigyn og \u00fej\u00e1ningar Loka, m\u00f3ta\u00f0i hina r\u00f3mant\u00edsku mynd pers\u00f3nunnar.<\/p><p>\u00c1 20. og 21. \u00f6ld barst Loki fyrst og fremst \u00e1fram me\u00f0 d\u00e6gurmenningu. Myndas\u00f6gu\u00fatg\u00e1fa Marvel kynnti fr\u00e1 \u00e1rinu 1962 Loka-pers\u00f3nu sem var hugsu\u00f0 sem andst\u00e6\u00f0ingur \u00de\u00f3rs og \u00fer\u00f3a\u00f0ist s\u00ed\u00f0ar \u00ed tv\u00edr\u00e6\u00f0a pers\u00f3nu.<\/p><p>S\u00ed\u00f0ari kvikmyndager\u00f0 og sj\u00e1lfst\u00e6\u00f0ar \u00fe\u00e1ttara\u00f0ir juku \u00feessi \u00e1hrif verulega. Mikilv\u00e6gt er a\u00f0 hafa \u00ed huga a\u00f0 \u00feessi n\u00fat\u00edmalega Loka-pers\u00f3na tengist hinum go\u00f0sagnakennda Loka a\u00f0eins lauslega. Fr\u00e6ndsemi, pers\u00f3nuleiki og s\u00f6gu\u00fer\u00e1\u00f0ur voru endurm\u00f3tu\u00f0 frj\u00e1lslega.<\/p><p>Loki kemur einnig fram \u00ed fantas\u00edub\u00f3kmenntum, t\u00f6lvuleikjum og \u00feungarokki. Tr\u00faarbrag\u00f0afr\u00e6\u00f0ilega er athyglisvert a\u00f0 n\u00fat\u00edmahei\u00f0nar hreyfingar, svo sem \u00c1satr\u00fa, hafa klofna afst\u00f6\u00f0u til Loka.<\/p><p>Sumir h\u00f3par tilbi\u00f0ja hann, a\u00f0rir hafna honum sem ey\u00f0ingar\u00f6fl. \u00deessi innri umr\u00e6\u00f0a s\u00fdnir a\u00f0 hin tv\u00edr\u00e6\u00f0a sta\u00f0a Loka, sem m\u00f3ta\u00f0i mi\u00f0aldaheimildirnar sj\u00e1lfar, hefur \u00e1hrif enn \u00ed dag.<\/p>\t\t\t\t\t\t\t\t<\/div>\n\t\t\t\t<\/div>\n\t\t\t\t\t<\/div>\n\t\t\t\t<\/div>\n\t\t<div class=\"elementor-element elementor-element-cpacd8cbe e-flex e-con-boxed e-con e-parent\" data-id=\"cpacd8cbe\" data-element_type=\"container\" data-e-type=\"container\">\n\t\t\t\t\t<div class=\"e-con-inner\">\n\t\t\t\t<div class=\"elementor-element elementor-element-cp783be8a elementor-widget elementor-widget-heading\" data-id=\"cp783be8a\" data-element_type=\"widget\" data-e-type=\"widget\" data-widget_type=\"heading.default\">\n\t\t\t\t\t<h2 class=\"elementor-heading-title elementor-size-default\">Gervibreytingar Loka og afkv\u00e6mi hans<\/h2>\t\t\t\t<\/div>\n\t\t<div class=\"elementor-element elementor-element-cp1f53758 e-con-full e-flex e-con e-child\" data-id=\"cp1f53758\" data-element_type=\"container\" data-e-type=\"container\">\n\t\t\t\t<div class=\"elementor-element elementor-element-cpfc8709f elementor-widget elementor-widget-text-editor\" data-id=\"cpfc8709f\" data-element_type=\"widget\" data-e-type=\"widget\" data-widget_type=\"text-editor.default\">\n\t\t\t\t\t\t\t\t\t<p>Meginkennileiki Loka \u00ed heimildunum er h\u00e6fni hans til a\u00f0 breyta s\u00e9r. Hann breytir b\u00e6\u00f0i ham og kyni og ver\u00f0ur \u00ed \u00fdmsum fr\u00e1s\u00f6gnum foreldri \u00f3venjulegra vera. Fr\u00e6g\u00adasta \u00feessara sagna var\u00f0ar hestinn Sleipni.<\/p><p>\u00deegar j\u00f6tunn bygg\u00f0i m\u00far fyrir gu\u00f0ina og st\u00f3\u00f0hestur hans, Sva\u00f0ilfari, hj\u00e1lpa\u00f0i honum, breytti Loki s\u00e9r \u00ed hryssu, t\u00e6ldi st\u00f3\u00f0hestinn \u00ed burtu og hindra\u00f0i \u00feannig a\u00f0 j\u00f6tunninn h\u00e9ldi umsaminn frest. \u00dar \u00feessu sambandi f\u00e6ddi Loki \u00e1ttf\u00e6tta hestinn Sleipni, sem s\u00ed\u00f0ar var\u00f0 rei\u00f0skj\u00f3ti \u00d3\u00f0ins.<\/p><p>Me\u00f0 tr\u00f6llkonunni Angrbo\u00f0u gat Loki, samkv\u00e6mt fr\u00e1s\u00f6gn Snorra, \u00ferj\u00e1r verur sem eru afgerandi \u00ed heimsslitakenningunni: Fenris\u00falf, Mi\u00f0gar\u00f0sorminn J\u00f6rmungand og Hel, drottningu undirheima.<\/p><p>\u00deessi afkv\u00e6mi gera Loka a\u00f0 forf\u00f6\u00f0ur h\u00e6ttulegustu andst\u00e6\u00f0inga gu\u00f0anna. Me\u00f0 konu sinni Sigyn \u00e1tti hann auk \u00feess synina Narfa og V\u00e1la, sem gegna grimmilegu hlutverki \u00feegar Loki er bundinn.<\/p><p>Gervibreytingin er ekki a\u00f0eins fr\u00e1sagnarlegt <span class=\"iwg-fachbegriff\" data-tooltip=\"Endurteki\u00f0 efnisatri\u00f0i \u00ed list e\u00f0a fr\u00e1s\u00f6gn.\" tabindex=\"0\">minni<\/span>. H\u00fan t\u00e1knar s\u00e9rst\u00f6\u00f0u Loka milli fastra flokka norr\u00e6nnar <span class=\"iwg-fachbegriff\" data-tooltip=\"Hugmyndin um uppbyggingu og skipulag heimsins innan menningarheims.\" tabindex=\"0\">heimsmyndar<\/span>. Loki er fr\u00e1 f\u00e6\u00f0ingu h\u00e1lfur j\u00f6tunn, en lifir me\u00f0al \u00e1sa. Hann er karlkyns en getur f\u00e6tt b\u00f6rn. Hann er hj\u00e1lparhella gu\u00f0anna og \u00e1 sama t\u00edma bani \u00feeirra.<\/p><p>Ranns\u00f3knir, me\u00f0al annars hj\u00e1 Jens Peter Schj\u00f8dt, hafa dregi\u00f0 fram \u00feessa yfirstigningu marka sem hi\u00f0 eiginlega s\u00e9rkenni Loka. \u00d3l\u00edkt klass\u00edskum svikahrappi, sem er fyrst og fremst k\u00e6nn, birtir Loki me\u00f0 formlegum h\u00e6tti meginregluna um upplausn skipulags. \u00dear liggur n\u00e1kv\u00e6mlega hlutverk hans innan norr\u00e6nnar heimsmyndar.<\/p>\t\t\t\t\t\t\t\t<\/div>\n\t\t\t\t<\/div>\n\t\t\t\t\t<\/div>\n\t\t\t\t<\/div>\n\t\t<div class=\"elementor-element elementor-element-36dd7469 e-flex e-con-boxed e-con e-parent\" data-id=\"36dd7469\" data-element_type=\"container\" data-e-type=\"container\">\n\t\t\t\t\t<div class=\"e-con-inner\">\n\t\t\t\t<div class=\"elementor-element elementor-element-13760ab4 elementor-widget elementor-widget-heading\" data-id=\"13760ab4\" data-element_type=\"widget\" data-e-type=\"widget\" data-widget_type=\"heading.default\">\n\t\t\t\t\t<h2 class=\"elementor-heading-title elementor-size-default\">\u00cdtarefni og tenglar<\/h2>\t\t\t\t<\/div>\n\t\t<div class=\"elementor-element elementor-element-28c87796 e-con-full e-flex e-con e-child\" data-id=\"28c87796\" data-element_type=\"container\" data-e-type=\"container\">\n\t\t\t\t<div class=\"elementor-element elementor-element-5d6538df elementor-widget elementor-widget-text-editor\" data-id=\"5d6538df\" data-element_type=\"widget\" data-e-type=\"widget\" data-widget_type=\"text-editor.default\">\n\t\t\t\t\t\t\t\t\t<ul><li><a href=\"https:\/\/iwell-guard.com\/is\/?page_id=168614\">Germanskt (menningarmi\u00f0st\u00f6\u00f0)<\/a>, yfirlit yfir germanska <span class=\"iwg-fachbegriff\" data-tooltip=\"Heildarsafn var\u00f0veittra go\u00f0sagna innan menningarheims.\" tabindex=\"0\">go\u00f0afr\u00e6\u00f0i<\/span><\/li><li><a href=\"https:\/\/iwell-guard.com\/is\/?page_id=168713\">\u00d3\u00f0inn<\/a>, alf\u00f6\u00f0urinn, sem Loki er f\u00f3stbr\u00f3\u00f0ir samkv\u00e6mt Lokasennu<\/li><li><a href=\"https:\/\/iwell-guard.com\/is\/?page_id=168816\">\u00de\u00f3r<\/a>, t\u00ed\u00f0ur f\u00f6runautur Loka \u00ed fer\u00f0ago\u00f0s\u00f6gum eins og \u00derymskvi\u00f0u<\/li><li><a href=\"https:\/\/iwell-guard.com\/is\/?page_id=168814\">Freyju<\/a>, sem Loki stal Br\u00edsingamen-h\u00e1lsmeninu af \u00ed \u00derymskvi\u00f0u<\/li><li><a href=\"https:\/\/iwell-guard.com\/is\/?page_id=168707\">\u00c6\u00f0ri gu\u00f0ir<\/a>, flokkayfirlit<\/li><\/ul>\t\t\t\t\t\t\t\t<\/div>\n\t\t\t\t<\/div>\n\t\t\t\t\t<\/div>\n\t\t\t\t<\/div>\n\t\t<div class=\"elementor-element elementor-element-grl4kl40 e-flex e-con-boxed e-con e-parent\" data-id=\"grl4kl40\" data-element_type=\"container\" data-e-type=\"container\">\n\t\t\t\t\t<div class=\"e-con-inner\">\n\t\t\t\t<div class=\"elementor-element elementor-element-bzsbfrmh elementor-widget elementor-widget-heading\" data-id=\"bzsbfrmh\" data-element_type=\"widget\" data-e-type=\"widget\" data-widget_type=\"heading.default\">\n\t\t\t\t\t<h2 class=\"elementor-heading-title elementor-size-default\">Heimildir og fr\u00e6\u00f0irit<\/h2>\t\t\t\t<\/div>\n\t\t<div class=\"elementor-element elementor-element-2c13224a e-con-full e-flex e-con e-child\" data-id=\"2c13224a\" data-element_type=\"container\" data-e-type=\"container\">\n\t\t\t\t<div class=\"elementor-element elementor-element-0eymh9ub elementor-widget elementor-widget-text-editor\" data-id=\"0eymh9ub\" data-element_type=\"widget\" data-e-type=\"widget\" data-widget_type=\"text-editor.default\">\n\t\t\t\t\t\t\t\t\t<footer class=\"iwg-literatur\" data-nosnippet=\"true\"><p>Heimildir um Loka:<\/p><ul><li><span data-nosnippet>Snorri Sturluson: <em>Edda<\/em>. \u00de\u00fd\u00f0. Arnulf Krause. Reclam, Stuttgart 1997.<\/span><\/li><li><span data-nosnippet>Felix Genzmer (\u00fe\u00fd\u00f0.): <em>Die Edda. G\u00f6tterdichtung, Spruchweisheit und Heldenges\u00e4nge der Germanen<\/em>. Diederichs, D\u00fcsseldorf 1981.<\/span><\/li><li><span data-nosnippet>Rudolf Simek: <em>Lexikon der germanischen <span class=\"iwg-fachbegriff\" data-tooltip=\"Heildarsafn hef\u00f0bundinna go\u00f0sagna innan menningarheims.\" tabindex=\"0\">Mythologie<\/span><\/em>. 3. v\u00f6llig \u00fcberarbeitete Auflage. Kr\u00f6ner, Stuttgart 2006.<\/span><\/li><li><span data-nosnippet>Jan de Vries: <em>Altgermanische Religionsgeschichte<\/em>. Bd. II. 2. Aufl. de Gruyter, Berlin 1957.<\/span><\/li><li><span data-nosnippet>John Lindow: <em>Norse Mythology, A Guide to Gods, Heroes, Rituals, and Beliefs<\/em>. Oxford University Press, 2001.<\/span><\/li><li><span data-nosnippet>Anna Birgitta Rooth: <em>Loki in Scandinavian Mythology<\/em>. Gleerup, Lund 1961.<\/span><\/li><\/ul><\/footer>\t\t\t\t\t\t\t\t<\/div>\n\t\t\t\t<\/div>\n\t\t\t\t\t<\/div>\n\t\t\t\t<\/div>\n\t\t<div class=\"elementor-element elementor-element-iwgkw-add-loki e-flex e-con-boxed e-con e-parent\" data-id=\"iwgkw-add-loki\" data-element_type=\"container\" data-e-type=\"container\">\n\t\t\t\t\t<div class=\"e-con-inner\">\n\t\t\t\t<div class=\"elementor-element elementor-element-iwgkw-add-loki-t elementor-widget elementor-widget-text-editor\" data-id=\"iwgkw-add-loki-t\" data-element_type=\"widget\" data-e-type=\"widget\" data-widget_type=\"text-editor.default\">\n\t\t\t\t\t\t\t\t\t<p>Loki er \u00ed fornnorr\u00e6nni <span class=\"iwg-fachbegriff\" data-tooltip=\"Mi\u00f0lun \u00feekkingar og fr\u00e1sagna milli kynsl\u00f3\u00f0a.\" tabindex=\"0\">munnm\u00e6lahef\u00f0<\/span> talinn tv\u00edr\u00e6\u00f0 <em><span class=\"iwg-fachbegriff\" data-tooltip=\"Vera sem tilbe\u00f0in er sem gu\u00f0leg innan tr\u00faarbrag\u00f0a.\" tabindex=\"0\">go\u00f0m\u00f6gn<\/span><\/em>, sem kemur fram \u00ed Eddukv\u00e6\u00f0um og Snorra-Eddu b\u00e6\u00f0i sem f\u00e9lagi og andst\u00e6\u00f0ingur \u00e1sanna. Hann er af j\u00f6tunkyni en er tekinn inn \u00ed go\u00f0ah\u00f3pinn og er fa\u00f0ir Fenris\u00falfs, Heljar og Mi\u00f0gar\u00f0sormsins. \u00cd tr\u00faarbrag\u00f0afr\u00e6\u00f0ilegu samhengi er upprunalegt hlutverk hans enn umdeilt.<\/p>\t\t\t\t\t\t\t\t<\/div>\n\t\t\t\t\t<\/div>\n\t\t\t\t<\/div>\n\t\t<div class=\"elementor-element elementor-element-91f682a e-con-boxed e-flex e-con e-parent\" data-id=\"91f682a\" data-element_type=\"container\" data-e-type=\"container\">\n\t\t\t\t\t<div class=\"e-con-inner\">\n\t\t\t\t<div class=\"elementor-element elementor-element-ad80f2e elementor-widget elementor-widget-text-editor\" data-id=\"ad80f2e\" data-element_type=\"widget\" data-e-type=\"widget\" data-widget_type=\"text-editor.default\">\n\t\t\t\t\t\t\t\t\t\n<h2>Algengar spurningar um Loka<\/h2>\n<div class=\"iwg-faq-q\"><h3>Hver er Loki \u00ed norr\u00e6nni <span class=\"iwg-fachbegriff\" data-tooltip=\"Heildarsafn hef\u00f0bundinna go\u00f0sagna innan menningarheims.\" tabindex=\"0\">go\u00f0afr\u00e6\u00f0i<\/span>?<\/h3><p>Loki er tv\u00edr\u00e6\u00f0asta pers\u00f3na norr\u00e6nnar-germanskrar <span class=\"iwg-fachbegriff\" data-tooltip=\"Heildarsafn hef\u00f0bundinna go\u00f0sagna innan menningarheims.\" tabindex=\"0\">go\u00f0afr\u00e6\u00f0i<\/span>, sk\u00f6pulagsskiptir og brag\u00f0arefur, sonur j\u00f6tunmeyjarins Laufeyjar og telst ekki me\u00f0 vissu til neinnar go\u00f0a\u00e6ttar.<\/p><p>Hann er talinn f\u00f3stbr\u00f3\u00f0ir \u00d3\u00f0ins, en er \u00e1 sama t\u00edma fa\u00f0ir \u00feriggja heimsslitavera: Fenris\u00falfs, Mi\u00f0gar\u00f0sormsins J\u00f6rmungands og dau\u00f0agy\u00f0junnar Heljar. Loki kemur gu\u00f0unum s\u00edfellt \u00ed vandr\u00e6\u00f0i og bjargar \u00feeim jafn\u00f3\u00f0um. Vi\u00f0 Ragnar\u00f6k, endalok heimsins, stendur hann me\u00f0 j\u00f6tnum gegn \u00e1sum.<\/p><\/div>\n<div class=\"iwg-faq-q\"><h3>Hvert er hlutverk Loka \u00ed dau\u00f0a Baldurs?<\/h3><p>Dekksta verk Loka er a\u00f0 valda dau\u00f0a Baldurs. Baldur, hinn lj\u00f3si sonur \u00d3\u00f0ins, haf\u00f0i veri\u00f0 ger\u00f0ur \u00f3s\u00e6ranlegur af m\u00f3\u00f0ur sinni Frigg me\u00f0 ei\u00f0i allra vera og plantna, a\u00f0 undanskildri mistilteininum, sem talinn var of ungur til a\u00f0 taka ei\u00f0inn.<\/p><p>Loki kemst a\u00f0 \u00feessu leyndarm\u00e1li og f\u00e6r hinn blinda H\u00f6\u00f0 til a\u00f0 skj\u00f3ta mistilteins\u00f6r \u00e1 Baldur. Baldur deyr og er s\u00f3ttur til Heljar \u00ed undirheima. \u00deetta verk lei\u00f0ir til refsingar Loka (hann er bundinn vi\u00f0 klett) og er fyrirbo\u00f0i Ragnaraka.<\/p><\/div>\n<script type=\"application\/ld+json\">{\"@context\":\"https:\/\/schema.org\",\"@type\":\"FAQPage\",\"mainEntity\":[{\"@type\":\"Question\",\"name\":\"Hver er Loki \u00ed norr\u00e6nni go\u00f0afr\u00e6\u00f0i?\",\"acceptedAnswer\":{\"@type\":\"Answer\",\"text\":\"Loki er tv\u00edr\u00e6\u00f0asta pers\u00f3na norr\u00e6nnar-germanskrar go\u00f0afr\u00e6\u00f0i, sk\u00f6pulagsskiptir og brag\u00f0arefur, sonur j\u00f6tunmeyjarins Laufeyjar og telst ekki me\u00f0 vissu til neinnar go\u00f0a\u00e6ttar.Hann er talinn f\u00f3stbr\u00f3\u00f0ir \u00d3\u00f0ins, en er \u00e1 sama t\u00edma fa\u00f0ir \u00feriggja heimsslitavera: Fenris\u00falfs, Mi\u00f0gar\u00f0sormsins J\u00f6rmungands og dau\u00f0agy\u00f0junnar Heljar. Loki kemur gu\u00f0unum s\u00edfellt \u00ed vandr\u00e6\u00f0i og bjargar \u00feeim jafn\u00f3\u00f0um. Vi\u00f0 Ragnar\u00f6k, endalok heimsins, stendur hann me\u00f0 j\u00f6tnum gegn \u00e1sum.\"}},{\"@type\":\"Question\",\"name\":\"Hvert er hlutverk Loka \u00ed dau\u00f0a Baldurs?\",\"acceptedAnswer\":{\"@type\":\"Answer\",\"text\":\"Dekksta verk Loka er a\u00f0 valda dau\u00f0a Baldurs. Baldur, hinn lj\u00f3si sonur \u00d3\u00f0ins, haf\u00f0i veri\u00f0 ger\u00f0ur \u00f3s\u00e6ranlegur af m\u00f3\u00f0ur sinni Frigg me\u00f0 ei\u00f0i allra vera og plantna, a\u00f0 undanskildri mistilteininum, sem talinn var of ungur til a\u00f0 taka ei\u00f0inn.Loki kemst a\u00f0 \u00feessu leyndarm\u00e1li og f\u00e6r hinn blinda H\u00f6\u00f0 til a\u00f0 skj\u00f3ta mistilteins\u00f6r \u00e1 Baldur. Baldur deyr og er s\u00f3ttur til Heljar \u00ed undirheima. \u00deetta verk lei\u00f0ir til refsingar Loka (hann er bundinn vi\u00f0 klett) og er fyrirbo\u00f0i Ragnaraka.\"}}]}<\/script>\t\t\t\t\t\t\t\t<\/div>\n\t\t\t\t\t<\/div>\n\t\t\t\t<\/div>\n\t\t\t\t<\/div>\n\t\t","protected":false},"excerpt":{"rendered":"","protected":false},"author":3,"featured_media":1722,"parent":0,"menu_order":0,"comment_status":"closed","ping_status":"closed","template":"elementor_header_footer","meta":{"_yoast_wpseo_focuskw":"Loki","_yoast_wpseo_title":"Loki - gu\u00f0 eldsins, svika og glundro\u00f0ans","_yoast_wpseo_metadesc":"Loki, svikahrappur norr\u00e6nnar go\u00f0afr\u00e6\u00f0i: bl\u00f3\u00f0br\u00f3\u00f0ir \u00d3\u00f0ins, fa\u00f0ir Ragnar\u00f6k-\u00f3freskjanna. Yfirlit yfir go\u00f0s\u00f6gn, ranns\u00f3knir og samt\u00edmalega m\u00f3tt\u00f6ku.","_yoast_wpseo_meta-robots-noindex":"","_yoast_wpseo_canonical":"","_angie_page":false,"gefaehrdungsstufe":"3","wesen_kultur":"germanisch","wesen_klasse":"goetter","footnotes":""},"categories":[],"class_list":["post-168762","page","type-page","status-publish","has-post-thumbnail","hentry"],"yoast_head":"<!-- This site is optimized with the Yoast SEO Premium plugin v27.7 (Yoast SEO v28.3) - https:\/\/yoast.com\/product\/yoast-seo-premium-wordpress\/ -->\n<title>Loki - gu\u00f0 eldsins, svika og glundro\u00f0ans<\/title>\n<meta name=\"description\" content=\"Loki, svikahrappur norr\u00e6nnar go\u00f0afr\u00e6\u00f0i: bl\u00f3\u00f0br\u00f3\u00f0ir \u00d3\u00f0ins, fa\u00f0ir Ragnar\u00f6k-\u00f3freskjanna. Yfirlit yfir go\u00f0s\u00f6gn, ranns\u00f3knir og samt\u00edmalega m\u00f3tt\u00f6ku.\" \/>\n<meta name=\"robots\" content=\"index, follow, max-snippet:-1, max-image-preview:large, max-video-preview:-1\" \/>\n<link rel=\"canonical\" href=\"https:\/\/iwell-guard.com\/is\/loki\/\" \/>\n<meta property=\"og:locale\" content=\"is_IS\" \/>\n<meta property=\"og:type\" content=\"article\" \/>\n<meta property=\"og:title\" content=\"Loki\" \/>\n<meta property=\"og:description\" content=\"Loki, svikahrappur norr\u00e6nnar go\u00f0afr\u00e6\u00f0i: bl\u00f3\u00f0br\u00f3\u00f0ir \u00d3\u00f0ins, fa\u00f0ir Ragnar\u00f6k-\u00f3freskjanna. Yfirlit yfir go\u00f0s\u00f6gn, ranns\u00f3knir og samt\u00edmalega m\u00f3tt\u00f6ku.\" \/>\n<meta property=\"og:url\" content=\"https:\/\/iwell-guard.com\/is\/loki\/\" \/>\n<meta property=\"og:site_name\" content=\"iWell Guard\" \/>\n<meta property=\"article:modified_time\" content=\"2026-09-05T14:18:46+00:00\" \/>\n<meta property=\"og:image\" content=\"https:\/\/iwell-guard.com\/wp-content\/uploads\/2026\/04\/goetter_germanisch_loki.webp\" \/>\n\t<meta property=\"og:image:width\" content=\"1024\" \/>\n\t<meta property=\"og:image:height\" content=\"1536\" \/>\n\t<meta property=\"og:image:type\" content=\"image\/webp\" \/>\n<meta name=\"twitter:card\" content=\"summary_large_image\" \/>\n<script type=\"application\/ld+json\" class=\"yoast-schema-graph\">{\"@context\":\"https:\\\/\\\/schema.org\",\"@graph\":[{\"@type\":\"WebPage\",\"@id\":\"https:\\\/\\\/iwell-guard.com\\\/is\\\/loki\\\/\",\"url\":\"https:\\\/\\\/iwell-guard.com\\\/is\\\/loki\\\/\",\"name\":\"Loki - gu\u00f0 eldsins, svika og glundro\u00f0ans\",\"isPartOf\":{\"@id\":\"https:\\\/\\\/iwell-guard.com\\\/is\\\/#website\"},\"primaryImageOfPage\":{\"@id\":\"https:\\\/\\\/iwell-guard.com\\\/is\\\/loki\\\/#primaryimage\"},\"image\":{\"@id\":\"https:\\\/\\\/iwell-guard.com\\\/is\\\/loki\\\/#primaryimage\"},\"thumbnailUrl\":\"https:\\\/\\\/iwell-guard.com\\\/wp-content\\\/uploads\\\/2026\\\/04\\\/goetter_germanisch_loki.webp\",\"datePublished\":\"2026-09-05T14:02:46+00:00\",\"dateModified\":\"2026-09-05T14:18:46+00:00\",\"description\":\"Loki, svikahrappur norr\u00e6nnar go\u00f0afr\u00e6\u00f0i: bl\u00f3\u00f0br\u00f3\u00f0ir \u00d3\u00f0ins, fa\u00f0ir Ragnar\u00f6k-\u00f3freskjanna. Yfirlit yfir go\u00f0s\u00f6gn, ranns\u00f3knir og samt\u00edmalega m\u00f3tt\u00f6ku.\",\"breadcrumb\":{\"@id\":\"https:\\\/\\\/iwell-guard.com\\\/is\\\/loki\\\/#breadcrumb\"},\"inLanguage\":\"is\",\"potentialAction\":[{\"@type\":\"ReadAction\",\"target\":[\"https:\\\/\\\/iwell-guard.com\\\/is\\\/loki\\\/\"]}]},{\"@type\":\"ImageObject\",\"inLanguage\":\"is\",\"@id\":\"https:\\\/\\\/iwell-guard.com\\\/is\\\/loki\\\/#primaryimage\",\"url\":\"https:\\\/\\\/iwell-guard.com\\\/wp-content\\\/uploads\\\/2026\\\/04\\\/goetter_germanisch_loki.webp\",\"contentUrl\":\"https:\\\/\\\/iwell-guard.com\\\/wp-content\\\/uploads\\\/2026\\\/04\\\/goetter_germanisch_loki.webp\",\"width\":1024,\"height\":1536,\"caption\":\"Gu\u00f0ir \u00far germanskri hef\u00f0.\"},{\"@type\":\"BreadcrumbList\",\"@id\":\"https:\\\/\\\/iwell-guard.com\\\/is\\\/loki\\\/#breadcrumb\",\"itemListElement\":[{\"@type\":\"ListItem\",\"position\":1,\"name\":\"Start\",\"item\":\"https:\\\/\\\/iwell-guard.com\\\/is\\\/?page_id=168580\"},{\"@type\":\"ListItem\",\"position\":2,\"name\":\"Loki\"}]},{\"@type\":\"WebSite\",\"@id\":\"https:\\\/\\\/iwell-guard.com\\\/is\\\/#website\",\"url\":\"https:\\\/\\\/iwell-guard.com\\\/is\\\/\",\"name\":\"iWell Guard\",\"description\":\"Schutz vor dunklen Einfl\u00fcssen\",\"publisher\":{\"@id\":\"https:\\\/\\\/iwell-guard.com\\\/is\\\/#organization\"},\"potentialAction\":[{\"@type\":\"SearchAction\",\"target\":{\"@type\":\"EntryPoint\",\"urlTemplate\":\"https:\\\/\\\/iwell-guard.com\\\/is\\\/?s={search_term_string}\"},\"query-input\":{\"@type\":\"PropertyValueSpecification\",\"valueRequired\":true,\"valueName\":\"search_term_string\"}}],\"inLanguage\":\"is\"},{\"@type\":\"Organization\",\"@id\":\"https:\\\/\\\/iwell-guard.com\\\/is\\\/#organization\",\"name\":\"Ittermann electronic GmbH\",\"url\":\"https:\\\/\\\/iwell-guard.com\\\/is\\\/\",\"logo\":{\"@type\":\"ImageObject\",\"inLanguage\":\"is\",\"@id\":\"https:\\\/\\\/iwell-guard.com\\\/is\\\/#\\\/schema\\\/logo\\\/image\\\/\",\"url\":\"https:\\\/\\\/iwell-guard.com\\\/wp-content\\\/uploads\\\/2026\\\/05\\\/Ittermann-Logo-1182x237-1.png\",\"contentUrl\":\"https:\\\/\\\/iwell-guard.com\\\/wp-content\\\/uploads\\\/2026\\\/05\\\/Ittermann-Logo-1182x237-1.png\",\"width\":1182,\"height\":237,\"caption\":\"Ittermann electronic GmbH\"},\"image\":{\"@id\":\"https:\\\/\\\/iwell-guard.com\\\/is\\\/#\\\/schema\\\/logo\\\/image\\\/\"},\"sameAs\":[\"https:\\\/\\\/pantip.com\\\/profile\\\/9367242\",\"https:\\\/\\\/micro.blog\\\/iwellguard\",\"https:\\\/\\\/www.diggerslist.com\\\/iwellguard\\\/about\",\"https:\\\/\\\/skitterphoto.com\\\/photographers\\\/2870314\\\/iwell-guard\",\"https:\\\/\\\/iwellguard.wordpress.com\\\/2026\\\/06\\\/06\\\/iwell-guard\\\/\",\"https:\\\/\\\/hub.docker.com\\\/u\\\/iwellguard\",\"https:\\\/\\\/www.pinterest.com\\\/iwellguard\\\/\",\"https:\\\/\\\/bit.ly\\\/m\\\/iwellguard\",\"https:\\\/\\\/entre-vos-mains.alsace.eu\\\/profiles\\\/iwellguard\\\/activity\",\"https:\\\/\\\/gravatar.com\\\/reallybeded8fd34\",\"https:\\\/\\\/naijamatta.com\\\/iwellguard\",\"https:\\\/\\\/www.goodreads.com\\\/iwellguard\",\"https:\\\/\\\/profile.hatena.ne.jp\\\/iwellguard\\\/\",\"https:\\\/\\\/experiment.com\\\/users\\\/iwellguard\",\"https:\\\/\\\/wakelet.com\\\/@iWellGuard82270\",\"https:\\\/\\\/www.chordie.com\\\/forum\\\/profile.php?id=2555664\",\"https:\\\/\\\/www.instapaper.com\\\/p\\\/17757966\",\"https:\\\/\\\/www.mapleprimes.com\\\/users\\\/iwellguard\",\"https:\\\/\\\/businesslistingplus.com\\\/profile\\\/iwell-guard\\\/\",\"https:\\\/\\\/telegra.ph\\\/iWell-Guard-06-06\",\"https:\\\/\\\/pbase.com\\\/iwellguard\\\/iwellguard\",\"https:\\\/\\\/b.hatena.ne.jp\\\/iwellguard\\\/20260607#bookmark-4788405196491818882\",\"https:\\\/\\\/fliphtml5.com\\\/home\\\/iwellguard\",\"https:\\\/\\\/anyflip.com\\\/homepage\\\/cmiwl#About\",\"https:\\\/\\\/transfur.com\\\/Users\\\/iwellguard\",\"http:\\\/\\\/delphi.larsbo.org\\\/user\\\/iwellguard\",\"https:\\\/\\\/jobs.lajobsportal.org\\\/profiles\\\/8380803-iwell-guard\",\"https:\\\/\\\/md.chaosdorf.de\\\/s\\\/jfbe5SBdJD\",\"https:\\\/\\\/www.lingvolive.com\\\/en-us\\\/profile\\\/9ecaeaca-ce11-4e51-9e71-01d55e2bff36\\\/translations\",\"https:\\\/\\\/www.fitday.com\\\/fitness\\\/forums\\\/members\\\/iwellguard.html\",\"https:\\\/\\\/www.mymeetbook.com\\\/iwellguard\",\"https:\\\/\\\/pxhere.com\\\/en\\\/photographer-me\\\/5040798\",\"https:\\\/\\\/disqus.com\\\/by\\\/iwellguard\\\/about\\\/\",\"https:\\\/\\\/pastelink.net\\\/hjwciqwq\",\"https:\\\/\\\/pubhtml5.com\\\/homepage\\\/scjhn\\\/\",\"https:\\\/\\\/www.bitchute.com\\\/channel\\\/2O2eOKzNqujT\",\"https:\\\/\\\/audiomack.com\\\/iwellguard\"]},{\"@type\":\"Article\",\"@id\":\"https:\\\/\\\/iwell-guard.com\\\/is\\\/loki\\\/#article\",\"isPartOf\":{\"@id\":\"https:\\\/\\\/iwell-guard.com\\\/is\\\/loki\\\/\"},\"author\":{\"name\":\"Ralf Ittermann\",\"@id\":\"https:\\\/\\\/iwell-guard.com\\\/is\\\/#\\\/schema\\\/person\\\/ee2a27f1cac3406c7c6fb5820cb7349f\"},\"headline\":\"Loki\",\"datePublished\":\"2026-09-05T14:02:46+00:00\",\"dateModified\":\"2026-09-05T14:18:46+00:00\",\"mainEntityOfPage\":{\"@id\":\"https:\\\/\\\/iwell-guard.com\\\/is\\\/loki\\\/\"},\"publisher\":{\"@id\":\"https:\\\/\\\/iwell-guard.com\\\/is\\\/#organization\"},\"image\":{\"@id\":\"https:\\\/\\\/iwell-guard.com\\\/is\\\/loki\\\/#primaryimage\"},\"thumbnailUrl\":\"https:\\\/\\\/iwell-guard.com\\\/wp-content\\\/uploads\\\/2026\\\/04\\\/goetter_germanisch_loki.webp\",\"inLanguage\":\"is\",\"description\":\"Loki, svikahrappur norr\u00e6nnar go\u00f0afr\u00e6\u00f0i: bl\u00f3\u00f0br\u00f3\u00f0ir \u00d3\u00f0ins, fa\u00f0ir Ragnar\u00f6k-\u00f3freskjanna. Yfirlit yfir go\u00f0s\u00f6gn, ranns\u00f3knir og samt\u00edmalega m\u00f3tt\u00f6ku.\"}]}<\/script>\n<!-- \/ Yoast SEO Premium plugin. -->","yoast_head_json":{"title":"Loki - gu\u00f0 eldsins, svika og glundro\u00f0ans","description":"Loki, svikahrappur norr\u00e6nnar go\u00f0afr\u00e6\u00f0i: bl\u00f3\u00f0br\u00f3\u00f0ir \u00d3\u00f0ins, fa\u00f0ir Ragnar\u00f6k-\u00f3freskjanna. Yfirlit yfir go\u00f0s\u00f6gn, ranns\u00f3knir og samt\u00edmalega m\u00f3tt\u00f6ku.","robots":{"index":"index","follow":"follow","max-snippet":"max-snippet:-1","max-image-preview":"max-image-preview:large","max-video-preview":"max-video-preview:-1"},"canonical":"https:\/\/iwell-guard.com\/is\/loki\/","og_locale":"is_IS","og_type":"article","og_title":"Loki","og_description":"Loki, svikahrappur norr\u00e6nnar go\u00f0afr\u00e6\u00f0i: bl\u00f3\u00f0br\u00f3\u00f0ir \u00d3\u00f0ins, fa\u00f0ir Ragnar\u00f6k-\u00f3freskjanna. Yfirlit yfir go\u00f0s\u00f6gn, ranns\u00f3knir og samt\u00edmalega m\u00f3tt\u00f6ku.","og_url":"https:\/\/iwell-guard.com\/is\/loki\/","og_site_name":"iWell Guard","article_modified_time":"2026-09-05T14:18:46+00:00","og_image":[{"width":1024,"height":1536,"url":"https:\/\/iwell-guard.com\/wp-content\/uploads\/2026\/04\/goetter_germanisch_loki.webp","type":"image\/webp"}],"twitter_card":"summary_large_image","schema":{"@context":"https:\/\/schema.org","@graph":[{"@type":"Article","@id":"https:\/\/iwell-guard.com\/is\/loki\/#article","isPartOf":{"@id":"https:\/\/iwell-guard.com\/is\/loki\/"},"author":{"name":"Ralf Ittermann","@id":"https:\/\/iwell-guard.com\/is\/#\/schema\/person\/ee2a27f1cac3406c7c6fb5820cb7349f"},"headline":"Loki","datePublished":"2026-09-05T14:02:46+00:00","dateModified":"2026-09-05T14:18:46+00:00","mainEntityOfPage":{"@id":"https:\/\/iwell-guard.com\/is\/loki\/"},"publisher":{"@id":"https:\/\/iwell-guard.com\/is\/#organization"},"image":{"@id":"https:\/\/iwell-guard.com\/is\/loki\/#primaryimage"},"thumbnailUrl":"https:\/\/iwell-guard.com\/wp-content\/uploads\/2026\/04\/goetter_germanisch_loki.webp","inLanguage":"is","description":"Loki, svikahrappur norr\u00e6nnar go\u00f0afr\u00e6\u00f0i: bl\u00f3\u00f0br\u00f3\u00f0ir \u00d3\u00f0ins, fa\u00f0ir Ragnar\u00f6k-\u00f3freskjanna. Yfirlit yfir go\u00f0s\u00f6gn, ranns\u00f3knir og samt\u00edmalega m\u00f3tt\u00f6ku."},{"@type":"WebPage","@id":"https:\/\/iwell-guard.com\/is\/loki\/","url":"https:\/\/iwell-guard.com\/is\/loki\/","name":"Loki - gu\u00f0 eldsins, svika og glundro\u00f0ans","isPartOf":{"@id":"https:\/\/iwell-guard.com\/is\/#website"},"primaryImageOfPage":{"@id":"https:\/\/iwell-guard.com\/is\/loki\/#primaryimage"},"image":{"@id":"https:\/\/iwell-guard.com\/is\/loki\/#primaryimage"},"thumbnailUrl":"https:\/\/iwell-guard.com\/wp-content\/uploads\/2026\/04\/goetter_germanisch_loki.webp","datePublished":"2026-09-05T14:02:46+00:00","dateModified":"2026-09-05T14:18:46+00:00","description":"Loki, svikahrappur norr\u00e6nnar go\u00f0afr\u00e6\u00f0i: bl\u00f3\u00f0br\u00f3\u00f0ir \u00d3\u00f0ins, fa\u00f0ir Ragnar\u00f6k-\u00f3freskjanna. Yfirlit yfir go\u00f0s\u00f6gn, ranns\u00f3knir og samt\u00edmalega m\u00f3tt\u00f6ku.","breadcrumb":{"@id":"https:\/\/iwell-guard.com\/is\/loki\/#breadcrumb"},"inLanguage":"is","potentialAction":[{"@type":"ReadAction","target":["https:\/\/iwell-guard.com\/is\/loki\/"]}]},{"@type":"ImageObject","inLanguage":"is","@id":"https:\/\/iwell-guard.com\/is\/loki\/#primaryimage","url":"https:\/\/iwell-guard.com\/wp-content\/uploads\/2026\/04\/goetter_germanisch_loki.webp","contentUrl":"https:\/\/iwell-guard.com\/wp-content\/uploads\/2026\/04\/goetter_germanisch_loki.webp","width":1024,"height":1536,"caption":"Gu\u00f0ir \u00far germanskri hef\u00f0."},{"@type":"BreadcrumbList","@id":"https:\/\/iwell-guard.com\/is\/loki\/#breadcrumb","itemListElement":[{"@type":"ListItem","position":1,"name":"Start","item":"https:\/\/iwell-guard.com\/is\/?page_id=168580"},{"@type":"ListItem","position":2,"name":"Loki"}]},{"@type":"WebSite","@id":"https:\/\/iwell-guard.com\/is\/#website","url":"https:\/\/iwell-guard.com\/is\/","name":"iWell Guard","description":"Schutz vor dunklen Einfl\u00fcssen","publisher":{"@id":"https:\/\/iwell-guard.com\/is\/#organization"},"potentialAction":[{"@type":"SearchAction","target":{"@type":"EntryPoint","urlTemplate":"https:\/\/iwell-guard.com\/is\/?s={search_term_string}"},"query-input":{"@type":"PropertyValueSpecification","valueRequired":true,"valueName":"search_term_string"}}],"inLanguage":"is"},{"@type":"Organization","@id":"https:\/\/iwell-guard.com\/is\/#organization","name":"Ittermann electronic GmbH","url":"https:\/\/iwell-guard.com\/is\/","logo":{"@type":"ImageObject","inLanguage":"is","@id":"https:\/\/iwell-guard.com\/is\/#\/schema\/logo\/image\/","url":"https:\/\/iwell-guard.com\/wp-content\/uploads\/2026\/05\/Ittermann-Logo-1182x237-1.png","contentUrl":"https:\/\/iwell-guard.com\/wp-content\/uploads\/2026\/05\/Ittermann-Logo-1182x237-1.png","width":1182,"height":237,"caption":"Ittermann electronic GmbH"},"image":{"@id":"https:\/\/iwell-guard.com\/is\/#\/schema\/logo\/image\/"},"sameAs":["https:\/\/pantip.com\/profile\/9367242","https:\/\/micro.blog\/iwellguard","https:\/\/www.diggerslist.com\/iwellguard\/about","https:\/\/skitterphoto.com\/photographers\/2870314\/iwell-guard","https:\/\/iwellguard.wordpress.com\/2026\/06\/06\/iwell-guard\/","https:\/\/hub.docker.com\/u\/iwellguard","https:\/\/www.pinterest.com\/iwellguard\/","https:\/\/bit.ly\/m\/iwellguard","https:\/\/entre-vos-mains.alsace.eu\/profiles\/iwellguard\/activity","https:\/\/gravatar.com\/reallybeded8fd34","https:\/\/naijamatta.com\/iwellguard","https:\/\/www.goodreads.com\/iwellguard","https:\/\/profile.hatena.ne.jp\/iwellguard\/","https:\/\/experiment.com\/users\/iwellguard","https:\/\/wakelet.com\/@iWellGuard82270","https:\/\/www.chordie.com\/forum\/profile.php?id=2555664","https:\/\/www.instapaper.com\/p\/17757966","https:\/\/www.mapleprimes.com\/users\/iwellguard","https:\/\/businesslistingplus.com\/profile\/iwell-guard\/","https:\/\/telegra.ph\/iWell-Guard-06-06","https:\/\/pbase.com\/iwellguard\/iwellguard","https:\/\/b.hatena.ne.jp\/iwellguard\/20260607#bookmark-4788405196491818882","https:\/\/fliphtml5.com\/home\/iwellguard","https:\/\/anyflip.com\/homepage\/cmiwl#About","https:\/\/transfur.com\/Users\/iwellguard","http:\/\/delphi.larsbo.org\/user\/iwellguard","https:\/\/jobs.lajobsportal.org\/profiles\/8380803-iwell-guard","https:\/\/md.chaosdorf.de\/s\/jfbe5SBdJD","https:\/\/www.lingvolive.com\/en-us\/profile\/9ecaeaca-ce11-4e51-9e71-01d55e2bff36\/translations","https:\/\/www.fitday.com\/fitness\/forums\/members\/iwellguard.html","https:\/\/www.mymeetbook.com\/iwellguard","https:\/\/pxhere.com\/en\/photographer-me\/5040798","https:\/\/disqus.com\/by\/iwellguard\/about\/","https:\/\/pastelink.net\/hjwciqwq","https:\/\/pubhtml5.com\/homepage\/scjhn\/","https:\/\/www.bitchute.com\/channel\/2O2eOKzNqujT","https:\/\/audiomack.com\/iwellguard"]},{"@type":"Person","@id":"https:\/\/iwell-guard.com\/is\/#\/schema\/person\/ee2a27f1cac3406c7c6fb5820cb7349f","name":"Ralf Ittermann","image":{"@type":"ImageObject","inLanguage":"is","@id":"https:\/\/secure.gravatar.com\/avatar\/073c0153e350a5005b68eb752b445fea71f6b24a26da9449ad7e155e6b446c9d?s=96&d=mm&r=g","url":"https:\/\/secure.gravatar.com\/avatar\/073c0153e350a5005b68eb752b445fea71f6b24a26da9449ad7e155e6b446c9d?s=96&d=mm&r=g","contentUrl":"https:\/\/secure.gravatar.com\/avatar\/073c0153e350a5005b68eb752b445fea71f6b24a26da9449ad7e155e6b446c9d?s=96&d=mm&r=g","caption":"Ralf Ittermann"},"givenName":"Ralf","familyName":"Ittermann","jobTitle":"Gesch\u00e4ftsf\u00fchrer und redaktioneller Verantwortlicher","url":"https:\/\/iwell-guard.com\/is\/author\/claude\/","description":"Ralf Ittermann ist Gesch\u00e4ftsf\u00fchrer der Ittermann electronic GmbH und redaktioneller Verantwortlicher des iWell-Guard-Lexikons. Er verbindet langj\u00e4hrige Erfahrung in der Pr\u00e4zisionsfertigung mit medialer Praxis und religionsgeschichtlicher Quellenarbeit.","worksFor":{"@type":"Organization","name":"Ittermann electronic GmbH","url":"https:\/\/ittermann.de\/","address":{"@type":"PostalAddress","streetAddress":"K\u00f6hlergasse 16-18","postalCode":"99842","addressLocality":"Ruhla","addressCountry":"DE"}},"knowsAbout":["Religionsgeschichte","Mythologie","Mediale Praxis","Energetische Diagnostik","Schutzpraxis","Volksglauben","Westliche Esoterik"]},{"@type":"Article","@id":"https:\/\/iwell-guard.com\/is\/loki\/#article","isPartOf":{"@id":"https:\/\/iwell-guard.com\/is\/loki\/"},"author":{"name":"Ralf Ittermann","@id":"https:\/\/iwell-guard.com\/is\/#\/schema\/person\/ee2a27f1cac3406c7c6fb5820cb7349f"},"headline":"Loki","datePublished":"2026-09-05T14:02:46+00:00","dateModified":"2026-09-05T14:18:46+00:00","mainEntityOfPage":{"@id":"https:\/\/iwell-guard.com\/is\/loki\/"},"publisher":{"@id":"https:\/\/iwell-guard.com\/is\/#organization"},"image":{"@id":"https:\/\/iwell-guard.com\/is\/loki\/#primaryimage"},"thumbnailUrl":"https:\/\/iwell-guard.com\/wp-content\/uploads\/2026\/04\/goetter_germanisch_loki.webp","inLanguage":"is","description":"Loki, svikahrappur norr\u00e6nnar go\u00f0afr\u00e6\u00f0i: bl\u00f3\u00f0br\u00f3\u00f0ir \u00d3\u00f0ins, fa\u00f0ir Ragnar\u00f6k-\u00f3freskjanna. Yfirlit yfir go\u00f0s\u00f6gn, ranns\u00f3knir og samt\u00edmalega m\u00f3tt\u00f6ku."}]}},"_links":{"self":[{"href":"https:\/\/iwell-guard.com\/is\/wp-json\/wp\/v2\/pages\/168762","targetHints":{"allow":["GET"]}}],"collection":[{"href":"https:\/\/iwell-guard.com\/is\/wp-json\/wp\/v2\/pages"}],"about":[{"href":"https:\/\/iwell-guard.com\/is\/wp-json\/wp\/v2\/types\/page"}],"author":[{"embeddable":true,"href":"https:\/\/iwell-guard.com\/is\/wp-json\/wp\/v2\/users\/3"}],"replies":[{"embeddable":true,"href":"https:\/\/iwell-guard.com\/is\/wp-json\/wp\/v2\/comments?post=168762"}],"version-history":[{"count":0,"href":"https:\/\/iwell-guard.com\/is\/wp-json\/wp\/v2\/pages\/168762\/revisions"}],"wp:featuredmedia":[{"embeddable":true,"href":"https:\/\/iwell-guard.com\/is\/wp-json\/wp\/v2\/media\/1722"}],"wp:attachment":[{"href":"https:\/\/iwell-guard.com\/is\/wp-json\/wp\/v2\/media?parent=168762"}],"wp:term":[{"taxonomy":"category","embeddable":true,"href":"https:\/\/iwell-guard.com\/is\/wp-json\/wp\/v2\/categories?post=168762"}],"curies":[{"name":"wp","href":"https:\/\/api.w.org\/{rel}","templated":true}]}}