{"id":168761,"date":"2026-09-05T14:02:46","date_gmt":"2026-09-05T14:02:46","guid":{"rendered":"https:\/\/iwell-guard.com\/?page_id=168761"},"modified":"2026-09-05T14:18:45","modified_gmt":"2026-09-05T14:18:45","slug":"morrigan","status":"publish","type":"page","link":"https:\/\/iwell-guard.com\/is\/morrigan\/","title":{"rendered":"Morrigan"},"content":{"rendered":"\t\t<div data-elementor-type=\"wp-page\" data-elementor-id=\"168761\" class=\"elementor elementor-168761 elementor-1982 elementor-bc-flex-widget\" data-elementor-post-type=\"page\">\n\t\t\t\t<div class=\"elementor-element elementor-element-10fdade e-flex e-con-boxed e-con e-parent\" data-id=\"10fdade\" data-element_type=\"container\" data-e-type=\"container\" data-settings=\"{&quot;background_background&quot;:&quot;classic&quot;}\">\n\t\t\t\t\t<div class=\"e-con-inner\">\n\t\t<div class=\"elementor-element elementor-element-herohlft0 e-flex e-con-boxed e-con e-child\" data-id=\"herohlft0\" data-element_type=\"container\" data-e-type=\"container\">\n\t\t\t\t\t<div class=\"e-con-inner\">\n\t\t<div class=\"elementor-element elementor-element-c3ceb64 e-con-full e-flex e-con e-child\" data-id=\"c3ceb64\" data-element_type=\"container\" data-e-type=\"container\">\n\t\t\t\t<div class=\"elementor-element elementor-element-96ae5e1 elementor-widget elementor-widget-heading\" data-id=\"96ae5e1\" data-element_type=\"widget\" data-e-type=\"widget\" data-widget_type=\"heading.default\">\n\t\t\t\t\t<h1 class=\"elementor-heading-title elementor-size-default\">Morrigan, gy\u00f0ja keltneskrar hef\u00f0ar<\/h1>\t\t\t\t<\/div>\n\t\t\t\t<div class=\"elementor-element elementor-element-e45238a elementor-widget elementor-widget-text-editor\" data-id=\"e45238a\" data-element_type=\"widget\" data-e-type=\"widget\" data-widget_type=\"text-editor.default\">\n\t\t\t\t\t\t\t\t\t<p>Morrigan er gy\u00f0ja keltneskrar hef\u00f0ar, h\u00fasfreyja str\u00ed\u00f0s, \u00f6rlaga, kynl\u00edfs og dau\u00f0a, oft s\u00fdnd sem str\u00ed\u00f0sv\u00e6ttur e\u00f0a gervi-skiptivera. Tr\u00faars\u00f6gulega er h\u00fan \u00edmynd hins ind\u00f3evr\u00f3pska \u00bb\u00f6rlagagy\u00f0ju\u00ab-t\u00ed\u00f0ar og er lykilatri\u00f0i til skilnings \u00e1 keltneskri str\u00ed\u00f0smannatr\u00fa og dj\u00f6fulfr\u00e6\u00f0ilegri margbreytni.<\/p>\t\t\t\t\t\t\t\t<\/div>\n\t\t\t\t<\/div>\n\t\t<div class=\"elementor-element elementor-element-klsbdg01 e-con-full e-flex e-con e-parent\" data-id=\"klsbdg01\" data-element_type=\"container\" data-e-type=\"container\">\n\t\t\t\t<div class=\"elementor-element elementor-element-klshtm01 elementor-widget elementor-widget-html\" data-id=\"klshtm01\" data-element_type=\"widget\" data-e-type=\"widget\" data-widget_type=\"html.default\">\n\t\t\t\t\t<div class=\"iwg-pill-row\"><span class=\"iwg-klasse-badge\" tabindex=\"0\" data-tooltip=\"Gu\u00f0 \/ gy\u00f0ja: Pers\u00f3nuger\u00f0ur h\u00e6sti kraftur \u00ed go\u00f0aveldi menningar, me\u00f0 sk\u00fdrum valdsvi\u00f0um, n\u00e1tt\u00faru\u00f6flum, \u00f6rl\u00f6gum, str\u00ed\u00f0i, frj\u00f3semi. D\u00fdrka\u00f0ur me\u00f0 helgisi\u00f0um, f\u00f3rnum og hofstofnunum.\">Gy\u00f0ja<\/span><a href=\"https:\/\/iwell-guard.com\/is\/?page_id=168615\" class=\"iwg-kultur-badge\" tabindex=\"0\" data-tooltip=\"Keltnesk tr\u00faarbr\u00f6g\u00f0 Vestur-Evr\u00f3pu og Bretlandseyja, var\u00f0veitt go\u00f0afr\u00e6\u00f0ilega \u00ed \u00edrskum og velskum textum.\">Keltneskt<\/a><a href=\"https:\/\/iwell-guard.com\/is\/?page_id=168709\" class=\"iwg-tradition-badge\" tabindex=\"0\" data-tooltip=\"Gu\u00f0ir undirheima og dau\u00f0a, valdhafar handan grafar, d\u00f3marar hinna d\u00e1nu, s\u00e1larfylgdarmenn.\">D\u00e1nargu\u00f0<\/a><\/div>\t\t\t\t<\/div>\n\t\t\t\t<\/div>\n\t\t<div class=\"elementor-element elementor-element-3f74855 e-con-full e-flex e-con e-child\" data-id=\"3f74855\" data-element_type=\"container\" data-e-type=\"container\">\n\t\t\t\t<div class=\"elementor-element elementor-element-1c30362 elementor-toc--minimized-on-tablet elementor-widget elementor-widget-table-of-contents\" data-id=\"1c30362\" data-element_type=\"widget\" data-e-type=\"widget\" data-settings=\"{&quot;exclude_headings_by_selector&quot;:[],&quot;no_headings_message&quot;:&quot;Engar undirfyrirsagnir fundust \\u00e1 \\u00feessari s\\u00ed\\u00f0u.&quot;,&quot;headings_by_tags&quot;:[&quot;h2&quot;,&quot;h3&quot;],&quot;marker_view&quot;:&quot;bullets&quot;,&quot;minimize_box&quot;:&quot;yes&quot;,&quot;icon&quot;:{&quot;value&quot;:&quot;fas fa-circle&quot;,&quot;library&quot;:&quot;fa-solid&quot;,&quot;rendered_tag&quot;:&quot;&lt;svg class=\\&quot;e-font-icon-svg e-fas-circle\\&quot; viewBox=\\&quot;0 0 512 512\\&quot; xmlns=\\&quot;http:\\\/\\\/www.w3.org\\\/2000\\\/svg\\&quot;&gt;&lt;path d=\\&quot;M256 8C119 8 8 119 8 256s111 248 248 248 248-111 248-248S393 8 256 8z\\&quot;&gt;&lt;\\\/path&gt;&lt;\\\/svg&gt;&quot;},&quot;minimized_on&quot;:&quot;tablet&quot;,&quot;hierarchical_view&quot;:&quot;yes&quot;,&quot;min_height&quot;:{&quot;unit&quot;:&quot;px&quot;,&quot;size&quot;:&quot;&quot;,&quot;sizes&quot;:[]},&quot;min_height_tablet&quot;:{&quot;unit&quot;:&quot;px&quot;,&quot;size&quot;:&quot;&quot;,&quot;sizes&quot;:[]},&quot;min_height_mobile&quot;:{&quot;unit&quot;:&quot;px&quot;,&quot;size&quot;:&quot;&quot;,&quot;sizes&quot;:[]}}\" data-widget_type=\"table-of-contents.default\">\n\t\t\t\t\t\t\t\t\t<div class=\"elementor-toc__header\">\n\t\t\t\t\t\t<h2 class=\"elementor-toc__header-title\">\n\t\t\t\tEfnisyfirlit\t\t\t<\/h2>\n\t\t\t\t\t\t\t\t\t\t<div class=\"elementor-toc__toggle-button elementor-toc__toggle-button--expand\" role=\"button\" tabindex=\"0\" aria-controls=\"elementor-toc__1c30362\" aria-expanded=\"true\" aria-label=\"Open table of contents\"><svg aria-hidden=\"true\" class=\"e-font-icon-svg e-fas-chevron-down\" viewBox=\"0 0 448 512\" xmlns=\"http:\/\/www.w3.org\/2000\/svg\"><path d=\"M207.029 381.476L12.686 187.132c-9.373-9.373-9.373-24.569 0-33.941l22.667-22.667c9.357-9.357 24.522-9.375 33.901-.04L224 284.505l154.745-154.021c9.379-9.335 24.544-9.317 33.901.04l22.667 22.667c9.373 9.373 9.373 24.569 0 33.941L240.971 381.476c-9.373 9.372-24.569 9.372-33.942 0z\"><\/path><\/svg><\/div>\n\t\t\t\t<div class=\"elementor-toc__toggle-button elementor-toc__toggle-button--collapse\" role=\"button\" tabindex=\"0\" aria-controls=\"elementor-toc__1c30362\" aria-expanded=\"true\" aria-label=\"Close table of contents\"><svg aria-hidden=\"true\" class=\"e-font-icon-svg e-fas-chevron-up\" viewBox=\"0 0 448 512\" xmlns=\"http:\/\/www.w3.org\/2000\/svg\"><path d=\"M240.971 130.524l194.343 194.343c9.373 9.373 9.373 24.569 0 33.941l-22.667 22.667c-9.357 9.357-24.522 9.375-33.901.04L224 227.495 69.255 381.516c-9.379 9.335-24.544 9.317-33.901-.04l-22.667-22.667c-9.373-9.373-9.373-24.569 0-33.941L207.03 130.525c9.372-9.373 24.568-9.373 33.941-.001z\"><\/path><\/svg><\/div>\n\t\t\t\t\t<\/div>\n\t\t\t\t<div id=\"elementor-toc__1c30362\" class=\"elementor-toc__body\">\n\t\t\t<div class=\"elementor-toc__spinner-container\">\n\t\t\t\t<svg class=\"elementor-toc__spinner eicon-animation-spin e-font-icon-svg e-eicon-loading\" aria-hidden=\"true\" viewBox=\"0 0 1000 1000\" xmlns=\"http:\/\/www.w3.org\/2000\/svg\"><path d=\"M500 975V858C696 858 858 696 858 500S696 142 500 142 142 304 142 500H25C25 237 238 25 500 25S975 237 975 500 763 975 500 975Z\"><\/path><\/svg>\t\t\t<\/div>\n\t\t<\/div>\n\t\t\t\t\t\t<\/div>\n\t\t\t\t<\/div>\n\t\t\t\t\t<\/div>\n\t\t\t\t<\/div>\n\t\t<div class=\"elementor-element elementor-element-herorght0 e-con-full e-flex e-con e-child\" data-id=\"herorght0\" data-element_type=\"container\" data-e-type=\"container\">\n\t\t\t\t<div class=\"elementor-element elementor-element-heroimg00 iwg-hero-image elementor-widget elementor-widget-image\" data-id=\"heroimg00\" data-element_type=\"widget\" data-e-type=\"widget\" data-widget_type=\"image.default\">\n\t\t\t\t\t\t\t\t\t\t\t\t\t\t\t<img fetchpriority=\"high\" decoding=\"async\" width=\"683\" height=\"1024\" src=\"https:\/\/iwell-guard.com\/wp-content\/uploads\/2026\/04\/goetter_keltisch_morrigan-683x1024.webp\" class=\"attachment-large size-large wp-image-170969\" alt=\"Morrigan - Gu\u00f0ir \u00far keltneskri hef\u00f0, s\u00f6guleg-myndr\u00e6n framsetning\" srcset=\"https:\/\/iwell-guard.com\/wp-content\/uploads\/2026\/04\/goetter_keltisch_morrigan-683x1024.webp 683w, https:\/\/iwell-guard.com\/wp-content\/uploads\/2026\/04\/goetter_keltisch_morrigan-200x300.webp 200w, https:\/\/iwell-guard.com\/wp-content\/uploads\/2026\/04\/goetter_keltisch_morrigan-768x1152.webp 768w, https:\/\/iwell-guard.com\/wp-content\/uploads\/2026\/04\/goetter_keltisch_morrigan.webp 1024w\" sizes=\"(max-width: 683px) 100vw, 683px\" \/>\t\t\t\t\t\t\t\t\t\t\t\t\t\t\t<\/div>\n\t\t\t\t<\/div>\n\t\t\t\t\t<\/div>\n\t\t\t\t<\/div>\n\t\t<div class=\"elementor-element elementor-element-32917199 e-flex e-con-boxed e-con e-parent\" data-id=\"32917199\" data-element_type=\"container\" data-e-type=\"container\">\n\t\t\t\t\t<div class=\"e-con-inner\">\n\t\t<div class=\"elementor-element elementor-element-26e916cb e-flex e-con-boxed e-con e-child\" data-id=\"26e916cb\" data-element_type=\"container\" data-e-type=\"container\">\n\t\t\t\t\t<div class=\"e-con-inner\">\n\t\t<div class=\"elementor-element elementor-element-253a40d4 e-flex e-con-boxed e-con e-child\" data-id=\"253a40d4\" data-element_type=\"container\" data-e-type=\"container\">\n\t\t\t\t\t<div class=\"e-con-inner\">\n\t\t\t\t<div class=\"elementor-element elementor-element-1200c304 elementor-widget elementor-widget-heading\" data-id=\"1200c304\" data-element_type=\"widget\" data-e-type=\"widget\" data-widget_type=\"heading.default\">\n\t\t\t\t\t<div class=\"elementor-heading-title elementor-size-default\">Morrigan<\/div>\t\t\t\t<\/div>\n\t\t\t\t<div class=\"elementor-element elementor-element-11758e7f elementor-widget elementor-widget-text-editor\" data-id=\"11758e7f\" data-element_type=\"widget\" data-e-type=\"widget\" data-widget_type=\"text-editor.default\">\n\t\t\t\t\t\t\t\t\t<p>Morrigan (einnig Morr\u00edgu, M\u00f3r-R\u00edghan) er s\u00fdnd sem gy\u00f0ja og <span class=\"iwg-fachbegriff\" data-tooltip=\"L\u00edkamslaus vera sem eignu\u00f0 er \u00e1hrif \u00ed heiminum.\" tabindex=\"0\">andi<\/span> str\u00ed\u00f0s, dau\u00f0a og \u00f6rlaga. H\u00fan kemur fram sem kr\u00e1ka e\u00f0a hrafn, fl\u00fdgur yfir v\u00edgvellina og hefur \u00e1hrif \u00e1 \u00farslit str\u00ed\u00f0s me\u00f0 yfirn\u00e1tt\u00farulegum krafti.<\/p><p>H\u00fan er \u00e1stkona nokkurra kappa (Dagda, Lugh, C\u00fa Chulainn) og veitir \u00feeim <span class=\"iwg-fachbegriff\" data-tooltip=\"Blessun heilla og verndar, oft \u00ed fastri m\u00e1lfarslegri mynd.\" tabindex=\"0\">blessun<\/span> e\u00f0a \u00f3g\u00e6fu. \u00cd Cath Maige Tuired kunngj\u00f6rir h\u00fan \u00farslit orustunnar. H\u00fan er sums sta\u00f0ar var\u00f0veitt sem \u00fer\u00edeining (M\u00f3r-R\u00edghan, Macha, Badb) e\u00f0a sem einst\u00f6k vera. H\u00fan er ekki \u00bbill\u00ab, heldur si\u00f0leysisleg og str\u00ed\u00f0sbundin.<\/p>\t\t\t\t\t\t\t\t<\/div>\n\t\t\t\t\t<\/div>\n\t\t\t\t<\/div>\n\t\t<div class=\"elementor-element elementor-element-159dcf9a e-flex e-con-boxed e-con e-child\" data-id=\"159dcf9a\" data-element_type=\"container\" data-e-type=\"container\">\n\t\t\t\t\t<div class=\"e-con-inner\">\n\t\t\t\t<div class=\"elementor-element elementor-element-48cee66f elementor-widget elementor-widget-heading\" data-id=\"48cee66f\" data-element_type=\"widget\" data-e-type=\"widget\" data-widget_type=\"heading.default\">\n\t\t\t\t\t<div class=\"elementor-heading-title elementor-size-default\">\u00cd hnotskurn: Morrigan<\/div>\t\t\t\t<\/div>\n\t\t\t\t<div class=\"elementor-element elementor-element-3f50d82c elementor-widget elementor-widget-text-editor\" data-id=\"3f50d82c\" data-element_type=\"widget\" data-e-type=\"widget\" data-widget_type=\"text-editor.default\">\n\t\t\t\t\t\t\t\t\t<p>Heimildir eru fengnar \u00far Cath Maige Tuired, Togail Bruidne D\u00e1 Derga, Oidheadh Chloinne Usnig og \u00f6\u00f0rum \u00edrskum sagnab\u00e1lkum (rita\u00f0ir ni\u00f0ur \u00e1 8. 12. \u00f6ld). Morrigan er einnig nefnd \u00ed \u00e6ttart\u00f6lum og sk\u00fdringum \u00e1 \u00f6rnefnum (Rath Maeve = \u00bbh\u00e6\u00f0 drottningarinnar\u00ab, hugsanlega tengt Morrigan).<\/p><p>N\u00fat\u00edmaranns\u00f3knir (Maier, Mac Cana, Green) fjalla um hvort Morrigan s\u00e9 upprunaleg gy\u00f0ja e\u00f0a <span class=\"iwg-fachbegriff\" data-tooltip=\"Samruni hugmynda e\u00f0a gu\u00f0a \u00far \u00f3l\u00edkum tr\u00faarhef\u00f0um.\" tabindex=\"0\">samruni<\/span> nokkurra pers\u00f3na. \u00dej\u00f3\u00f0leg <span class=\"iwg-fachbegriff\" data-tooltip=\"Mi\u00f0lun \u00feekkingar og fr\u00e1sagna milli kynsl\u00f3\u00f0a.\" tabindex=\"0\">munnm\u00e6lahef\u00f0<\/span> \u00e1 \u00cdrlandi og \u00ed Skotlandi var\u00f0veitti hef\u00f0ir um str\u00ed\u00f0sanda.<\/p>\t\t\t\t\t\t\t\t<\/div>\n\t\t\t\t\t<\/div>\n\t\t\t\t<\/div>\n\t\t\t\t\t<\/div>\n\t\t\t\t<\/div>\n\t\t\t\t\t<\/div>\n\t\t\t\t<\/div>\n\t\t<div class=\"elementor-element elementor-element-18613602 e-flex e-con-boxed e-con e-parent\" data-id=\"18613602\" data-element_type=\"container\" data-e-type=\"container\">\n\t\t\t\t\t<div class=\"e-con-inner\">\n\t\t\t\t<div class=\"elementor-element elementor-element-262b8a9f elementor-widget elementor-widget-heading\" data-id=\"262b8a9f\" data-element_type=\"widget\" data-e-type=\"widget\" data-widget_type=\"heading.default\">\n\t\t\t\t\t<h2 class=\"elementor-heading-title elementor-size-default\">S\u00f6guleg sta\u00f0setning<\/h2>\t\t\t\t<\/div>\n\t\t<div class=\"elementor-element elementor-element-46dcb7d e-con-full e-flex e-con e-child\" data-id=\"46dcb7d\" data-element_type=\"container\" data-e-type=\"container\">\n\t\t<div class=\"elementor-element elementor-element-61d3ab3 e-flex e-con-boxed e-con e-child\" data-id=\"61d3ab3\" data-element_type=\"container\" data-e-type=\"container\">\n\t\t\t\t\t<div class=\"e-con-inner\">\n\t\t\t\t<div class=\"elementor-element elementor-element-117c166 elementor-widget elementor-widget-heading\" data-id=\"117c166\" data-element_type=\"widget\" data-e-type=\"widget\" data-widget_type=\"heading.default\">\n\t\t\t\t\t<div class=\"elementor-heading-title elementor-size-default\">T\u00edmabil textanna<\/div>\t\t\t\t<\/div>\n\t\t\t\t<div class=\"elementor-element elementor-element-73997a0 elementor-widget elementor-widget-text-editor\" data-id=\"73997a0\" data-element_type=\"widget\" data-e-type=\"widget\" data-widget_type=\"text-editor.default\">\n\t\t\t\t\t\t\t\t\t<p>Gervi Morr\u00edgan m\u00e1 rekja fr\u00e1 fyrstu mi\u00f0aldahandritum \u00cdra allt til n\u00fat\u00edmans. Kristnir skrifarar var\u00f0veittu fr\u00e1sagnirnar um str\u00ed\u00f0sgy\u00f0juna, \u00fe\u00f3tt \u00feeir deildu ekki lengur tr\u00fa hennar, og h\u00e9ldu \u00feannig texta \u00e1 bor\u00f0 vi\u00f0 T\u00e1in B\u00f3 C\u00faailnge \u00e1 l\u00edfi. \u00cd n\u00fat\u00edmanum taka n\u00fdhei\u00f0nar hreyfingar Morr\u00edgan upp a\u00f0 n\u00fdju sem tilbei\u00f0sluveru, \u00fear sem t\u00falkunin hefur \u00e1 k\u00f6flum breyst verulega fr\u00e1 mi\u00f0aldaheimildunum.<\/p>\t\t\t\t\t\t\t\t<\/div>\n\t\t\t\t\t<\/div>\n\t\t\t\t<\/div>\n\t\t<div class=\"elementor-element elementor-element-d47b156 e-flex e-con-boxed e-con e-child\" data-id=\"d47b156\" data-element_type=\"container\" data-e-type=\"container\">\n\t\t\t\t\t<div class=\"e-con-inner\">\n\t\t\t\t<div class=\"elementor-element elementor-element-ff38c2b elementor-widget elementor-widget-heading\" data-id=\"ff38c2b\" data-element_type=\"widget\" data-e-type=\"widget\" data-widget_type=\"heading.default\">\n\t\t\t\t\t<div class=\"elementor-heading-title elementor-size-default\">\u00datbrei\u00f0slusv\u00e6\u00f0i<\/div>\t\t\t\t<\/div>\n\t\t\t\t<div class=\"elementor-element elementor-element-4e49fcc elementor-widget elementor-widget-text-editor\" data-id=\"4e49fcc\" data-element_type=\"widget\" data-e-type=\"widget\" data-widget_type=\"text-editor.default\">\n\t\t\t\t\t\t\t\t\t<p>Morrigan var almennt \u00feekkt og d\u00fdrku\u00f0 e\u00f0a virt me\u00f0 \u00f3tta \u00ed \u00f6llum hinum keltneska heimi, \u00e1n bindingar vi\u00f0 \u00e1kve\u00f0in sv\u00e6\u00f0i e\u00f0a sta\u00f0i. Hvort sem \u00ed st\u00f3rum \u00fe\u00e9ttb\u00fdliskj\u00f6rnum e\u00f0a dreifb\u00fdlum sveitum, hj\u00e1 samf\u00e9lagslegri yfirst\u00e9tt e\u00f0a almenningi, var andleg e\u00f0a menningarleg merking \u00feessarar veru vi\u00f0urkennd og almenn.<\/p><p>Morr\u00edgan var engin sta\u00f0bundin d\u00fdrkun, heldur var h\u00fan fastm\u00f3tu\u00f0 \u00ed \u00edrskum sagnaflokkum sem fluttir voru um alla eyjuna. \u00d6rnefni eins og D\u00e1 Ch\u00edch na Morrigna, h\u00e6\u00f0ir kalla\u00f0ar brj\u00f3st Morr\u00edgan \u00e1 Meath-sl\u00e9ttunni, s\u00fdna a\u00f0 gy\u00f0junni var einnig fundinn sta\u00f0ur \u00ed landslaginu. Hin sums sta\u00f0ar \u00fer\u00edskipta mynd hennar, \u00e1samt Badb og Mecha, tengdi hana einnig \u00f6\u00f0rum sv\u00e6\u00f0isbundnum orustugy\u00f0jum sem v\u00ed\u00f0a voru kunnar.<\/p>\t\t\t\t\t\t\t\t<\/div>\n\t\t\t\t\t<\/div>\n\t\t\t\t<\/div>\n\t\t\t\t<\/div>\n\t\t<div class=\"elementor-element elementor-element-db03c39 e-con-full e-flex e-con e-child\" data-id=\"db03c39\" data-element_type=\"container\" data-e-type=\"container\">\n\t\t<div class=\"elementor-element elementor-element-229a87b e-flex e-con-boxed e-con e-child\" data-id=\"229a87b\" data-element_type=\"container\" data-e-type=\"container\">\n\t\t\t\t\t<div class=\"e-con-inner\">\n\t\t\t\t<div class=\"elementor-element elementor-element-1f471fc elementor-widget elementor-widget-heading\" data-id=\"1f471fc\" data-element_type=\"widget\" data-e-type=\"widget\" data-widget_type=\"heading.default\">\n\t\t\t\t\t<div class=\"elementor-heading-title elementor-size-default\">Heimildasta\u00f0a<\/div>\t\t\t\t<\/div>\n\t\t\t\t<div class=\"elementor-element elementor-element-36b1201 elementor-widget elementor-widget-text-editor\" data-id=\"36b1201\" data-element_type=\"widget\" data-e-type=\"widget\" data-widget_type=\"text-editor.default\">\n\t\t\t\t\t\t\t\t\t<p>Frumheimildir: Cath Maige Tuired (\u00fatg\u00e1fur A og B, skr\u00e1\u00f0ar u.\u00fe.b. 9.-12. \u00f6ld), Togail Bruidne D\u00e1 Derga (ey\u00f0ingarsaga), Oidheadh Chloinne Usnig (\u00f6rl\u00f6g barna Usnechs), einnig Tochmarc E\u00edmhain (\u00bbb\u00f3nor\u00f0 Eimain\u00ab).<\/p><p>T\u00edmabil: munnlegar hef\u00f0ir eldri (m\u00f6gulega fr\u00e1 j\u00e1rn\u00f6ld e\u00f0a fyrri mi\u00f0\u00f6ldum), skrifleg festing fr\u00e1 8. \u00f6ld. Fr\u00e6\u00f0imenn: Proinsias Mac Cana (Celtic Mythology, The Mabinogion), Bernhard Maier (Die Religion der Kelten), Miranda Green (The Gods of the Celts), Birkhan (Kelten) fjalla um Morrigan sem lykilveru \u00ed str\u00ed\u00f0str\u00fa.<\/p>\t\t\t\t\t\t\t\t<\/div>\n\t\t\t\t\t<\/div>\n\t\t\t\t<\/div>\n\t\t\t\t<\/div>\n\t\t\t\t\t<\/div>\n\t\t\t\t<\/div>\n\t\t<div class=\"elementor-element elementor-element-3ae0637c e-flex e-con-boxed e-con e-parent\" data-id=\"3ae0637c\" data-element_type=\"container\" data-e-type=\"container\">\n\t\t\t\t\t<div class=\"e-con-inner\">\n\t\t\t\t<div class=\"elementor-element elementor-element-31d07739 elementor-widget elementor-widget-heading\" data-id=\"31d07739\" data-element_type=\"widget\" data-e-type=\"widget\" data-widget_type=\"heading.default\">\n\t\t\t\t\t<h2 class=\"elementor-heading-title elementor-size-default\">Nafn og afbrig\u00f0i<\/h2>\t\t\t\t<\/div>\n\t\t<div class=\"elementor-element elementor-element-b7642947 e-con-full e-flex e-con e-child\" data-id=\"b7642947\" data-element_type=\"container\" data-e-type=\"container\">\n\t\t\t\t<div class=\"elementor-element elementor-element-a086266 elementor-widget elementor-widget-text-editor\" data-id=\"a086266\" data-element_type=\"widget\" data-e-type=\"widget\" data-widget_type=\"text-editor.default\">\n\t\t\t\t\t\t\t\t\t<p>Morrigan er s\u00fdnd \u00ed \u00fdmsum heimildum og listr\u00e6num hef\u00f0um me\u00f0 \u00e1kve\u00f0num endurteknum myndr\u00e6num \u00fe\u00e1ttum sem haldast tilt\u00f6lulega \u00f3breyttir yfir \u00e1ratugi og mismunandi landsv\u00e6\u00f0i. \u00deessir \u00fe\u00e6ttir eru dj\u00fapt t\u00e1knr\u00e6ddir og bera mikla merkingu. Ekkert af \u00feessu er hreint skrautlegt e\u00f0a tilviljunarkennt vali\u00f0.<\/p><p>Birtingarmyndir Morr\u00edgan eru merkingar\u00ferungnar \u00ed \u00edrskum textum: kr\u00e1kan e\u00f0a hrafnan yfir v\u00edgvellinum s\u00fdnir tengsl hennar vi\u00f0 bardaga og dau\u00f0a, gervi \u00fevottakonunnar vi\u00f0 \u00e1na, sem \u00fev\u00e6r bl\u00f3\u00f0uga herkl\u00e6\u00f0i, bo\u00f0ar dau\u00f0a kappa, umbreytingarnar \u00ed \u00e1li, \u00falfynju og kv\u00edgu \u00ed samskiptum hennar vi\u00f0 C\u00fa Chulainn s\u00fdna fram \u00e1 vald hennar yfir formi. Fr\u00f3\u00f0ir \u00e1heyrendur fr\u00e1sagnanna l\u00e1su samstundis \u00far hverju \u00feessara forma hva\u00f0a hlutverki gy\u00f0jan gegndi \u00ed hverju atri\u00f0i.<\/p>\t\t\t\t\t\t\t\t<\/div>\n\t\t\t\t<\/div>\n\t\t\t\t\t<\/div>\n\t\t\t\t<\/div>\n\t\t<div class=\"elementor-element elementor-element-709a44a8 e-flex e-con-boxed e-con e-parent\" data-id=\"709a44a8\" data-element_type=\"container\" data-e-type=\"container\">\n\t\t\t\t\t<div class=\"e-con-inner\">\n\t\t\t\t<div class=\"elementor-element elementor-element-2f585873 elementor-widget elementor-widget-heading\" data-id=\"2f585873\" data-element_type=\"widget\" data-e-type=\"widget\" data-widget_type=\"heading.default\">\n\t\t\t\t\t<h2 class=\"elementor-heading-title elementor-size-default\">L\u00fdsing<\/h2>\t\t\t\t<\/div>\n\t\t<div class=\"elementor-element elementor-element-70621c12 e-con-full e-flex e-con e-child\" data-id=\"70621c12\" data-element_type=\"container\" data-e-type=\"container\">\n\t\t\t\t<div class=\"elementor-element elementor-element-4296eb49 elementor-widget elementor-widget-text-editor\" data-id=\"4296eb49\" data-element_type=\"widget\" data-e-type=\"widget\" data-widget_type=\"text-editor.default\">\n\t\t\t\t\t\t\t\t\t<p>Morrigan var lykil\u00fe\u00e1ttur \u00ed tr\u00faarlegri i\u00f0kun, hversdagslegum ath\u00f6fnum og daglegum skilningi Keltar. F\u00f3lk leita\u00f0i til \u00feessarar v\u00e6ttar \u00e1 erfi\u00f0um e\u00f0a afm\u00f6rku\u00f0um stundum l\u00edfsins, e\u00f0a \u00e1 \u00e1kve\u00f0num \u00e1rst\u00ed\u00f0um tengdum tr\u00faari\u00f0kun, me\u00f0 skipul\u00f6g\u00f0um, oft fl\u00f3knum ath\u00f6fnum, b\u00e6num e\u00f0a f\u00f3rnargj\u00f6fum.<\/p><p>\u00deekkingin um Morr\u00edgan var var\u00f0veitt \u00e1 \u00cdrlandi af l\u00e6r\u00f0um st\u00e9ttum: sk\u00e1ld og l\u00e6r\u00f0ir menn fort\u00ed\u00f0ar fyrir kristnit\u00f6ku var\u00f0veittu sagnirnar um str\u00ed\u00f0sgy\u00f0juna, og munkar mi\u00f0aldaklaustra skr\u00e1\u00f0u \u00fe\u00e6r s\u00ed\u00f0ar \u00ed handrit \u00e1 bor\u00f0 vi\u00f0 B\u00f3k Leinster. \u00dea\u00f0 sem var\u00f0veitt hefur veri\u00f0 um hana fylgir \u00fev\u00ed f\u00f6stum sagna- og ritunarhef\u00f0um, ekki sj\u00e1lfsprottinni sk\u00e1ldskaparlist.<\/p><p>Morr\u00edgan var \u00e1fram vi\u00f0fangsefni \u00edrskrar sagnahef\u00f0ar um aldir, \u00fev\u00ed hlutverk hennar voru sk\u00fdrt afm\u00f6rku\u00f0: h\u00fan sag\u00f0i fyrir um \u00farslit orrusta, haf\u00f0i \u00e1hrif \u00e1 bardaga me\u00f0 \u00fev\u00ed a\u00f0 vekja \u00f3tta og rugling me\u00f0al andst\u00e6\u00f0inga og bo\u00f0a\u00f0i einst\u00f6kum hetjum, \u00e1 bor\u00f0 vi\u00f0 C\u00fa Chulainn, dau\u00f0ann. \u00cd T\u00e1in B\u00f3 C\u00faailnge gr\u00edpur h\u00fan sj\u00e1lf inn \u00ed atbur\u00f0ar\u00e1sina. Hlutverk hennar er \u00fev\u00ed s\u00ed\u00f0ur verndandi en \u00f6rlagabundi\u00f0: h\u00fan t\u00e1knar str\u00ed\u00f0sl\u00e1n, forsp\u00e1 og endalok.<\/p>\t\t\t\t\t\t\t\t<\/div>\n\t\t\t\t<\/div>\n\t\t\t\t\t<\/div>\n\t\t\t\t<\/div>\n\t\t<div class=\"elementor-element elementor-element-44e71476 e-flex e-con-boxed e-con e-parent\" data-id=\"44e71476\" data-element_type=\"container\" data-e-type=\"container\">\n\t\t\t\t\t<div class=\"e-con-inner\">\n\t\t\t\t<div class=\"elementor-element elementor-element-3c1fc3f0 elementor-widget elementor-widget-heading\" data-id=\"3c1fc3f0\" data-element_type=\"widget\" data-e-type=\"widget\" data-widget_type=\"heading.default\">\n\t\t\t\t\t<div class=\"elementor-heading-title elementor-size-default\">Yfirlit: Morrigan<\/div>\t\t\t\t<\/div>\n\t\t<div class=\"elementor-element elementor-element-84f33b8e e-con-full e-flex e-con e-child\" data-id=\"84f33b8e\" data-element_type=\"container\" data-e-type=\"container\">\n\t\t\t\t<div class=\"elementor-element elementor-element-hqkdc67p elementor-widget elementor-widget-text-editor\" data-id=\"hqkdc67p\" data-element_type=\"widget\" data-e-type=\"widget\" data-widget_type=\"text-editor.default\">\n\t\t\t\t\t\t\t\t\t<p>Yfirliti\u00f0 fjallar um Morrigan \u00ed sex megin\u00fe\u00e1ttum: go\u00f0s\u00f6gulegan uppruna hennar og tv\u00edr\u00e6\u00f0a st\u00f6\u00f0u \u00ed keltneska <span class=\"iwg-fachbegriff\" data-tooltip=\"Heild gu\u00f0a \u00ed tr\u00faarbr\u00f6g\u00f0um e\u00f0a menningu.\" tabindex=\"0\">go\u00f0aheiminum<\/span>, hlutverk hennar sem str\u00ed\u00f0sv\u00e6ttur og \u00f6rlagavaldur, myndm\u00e1l hennar sem kr\u00e1ka og gervibreytir, dulmagna\u00f0a \u00e1hrifam\u00e1tt hennar, andlegar var\u00fa\u00f0arr\u00e1\u00f0stafanir og menningarlegar hli\u00f0st\u00e6\u00f0ur \u00ed \u00f6\u00f0rum tr\u00faarhef\u00f0um.<\/p><p>Kortin h\u00e9r a\u00f0 ne\u00f0an taka saman helstu atri\u00f0i \u00ed styttri mynd; n\u00e1nari l\u00fdsingar m\u00e1 finna \u00ed fyrri k\u00f6flum um n\u00f6fn, l\u00fdsingu og verndara\u00f0fer\u00f0ir.<\/p>\t\t\t\t\t\t\t\t<\/div>\n\t\t\t\t<\/div>\n\t\t<div class=\"elementor-element elementor-element-pemmx7c5 e-con-full e-flex e-con e-child\" data-id=\"pemmx7c5\" data-element_type=\"container\" data-e-type=\"container\">\n\t\t<div class=\"elementor-element elementor-element-pemmx7c1 e-con-full e-flex e-con e-child\" data-id=\"pemmx7c1\" data-element_type=\"container\" data-e-type=\"container\">\n\t\t<div class=\"elementor-element elementor-element-qh9oavvu iwg-steckbrief-card e-flex e-con-boxed e-con e-child\" data-id=\"qh9oavvu\" data-element_type=\"container\" data-e-type=\"container\">\n\t\t\t\t\t<div class=\"e-con-inner\">\n\t\t\t\t<div class=\"elementor-element elementor-element-awzx8k2k elementor-widget elementor-widget-heading\" data-id=\"awzx8k2k\" data-element_type=\"widget\" data-e-type=\"widget\" data-widget_type=\"heading.default\">\n\t\t\t\t\t<h3 class=\"elementor-heading-title elementor-size-default\">Uppruni<\/h3>\t\t\t\t<\/div>\n\t\t\t\t<div class=\"elementor-element elementor-element-x6rowhv0 elementor-widget elementor-widget-text-editor\" data-id=\"x6rowhv0\" data-element_type=\"widget\" data-e-type=\"widget\" data-widget_type=\"text-editor.default\">\n\t\t\t\t\t\t\t\t\t<p>Morrigan tilheyrir elstu l\u00f6gum keltneskra gy\u00f0juhef\u00f0a, m\u00f6gulega af upprunanum fyrir t\u00edma Kelta. Hennar er l\u00fdst \u00e1 mismunandi vegu, sem einni gy\u00f0ju e\u00f0a sem \u00ferenningu (M\u00f3r-R\u00edghan, Macha, Badb).<\/p><p>Landfr\u00e6\u00f0ilega er h\u00fan bundin \u00cdrlandi, me\u00f0 skoskum og velskum tilbrig\u00f0um. Fyrstu b\u00f3kmenntalegu heimildirnar um hana eru fr\u00e1 textum 9. og 10. aldar, en hef\u00f0in er eldri. Or\u00f0sifjar eru umdeildar (\u00bbHin miklu drottning\u00ab, \u00bbSj\u00e1vargy\u00f0ja\u00ab, \u00bb\u00d6rlaganornir\u00ab).<\/p>\t\t\t\t\t\t\t\t<\/div>\n\t\t\t\t\t<\/div>\n\t\t\t\t<\/div>\n\t\t<div class=\"elementor-element elementor-element-8e3o4kxs iwg-steckbrief-card e-flex e-con-boxed e-con e-child\" data-id=\"8e3o4kxs\" data-element_type=\"container\" data-e-type=\"container\">\n\t\t\t\t\t<div class=\"e-con-inner\">\n\t\t\t\t<div class=\"elementor-element elementor-element-08rkdgov elementor-widget elementor-widget-heading\" data-id=\"08rkdgov\" data-element_type=\"widget\" data-e-type=\"widget\" data-widget_type=\"heading.default\">\n\t\t\t\t\t<h3 class=\"elementor-heading-title elementor-size-default\">Vi\u00f0takendur<\/h3>\t\t\t\t<\/div>\n\t\t\t\t<div class=\"elementor-element elementor-element-uwjelx8s elementor-widget elementor-widget-text-editor\" data-id=\"uwjelx8s\" data-element_type=\"widget\" data-e-type=\"widget\" data-widget_type=\"text-editor.default\">\n\t\t\t\t\t\t\t\t\t<p>Kappar og konungar \u00e1k\u00f6llu\u00f0u Morrigan til a\u00f0 n\u00e1 sigri e\u00f0a valda \u00f3sigri. Konur leitu\u00f0u til hennar \u00ed f\u00e6\u00f0ingar- og frj\u00f3semism\u00e1lum. H\u00fan var gy\u00f0ja str\u00ed\u00f0s\u00f6rlaga og villtrar kvenlegrar orku, \u201eskipul\u00f6g\u00f0 tr\u00faari\u00f0kun&#8220; tilheyr\u00f0i henni \u00fe\u00f3 aldrei. \u00cd sumum hef\u00f0um var henni s\u00fdnd vir\u00f0ing me\u00f0 <span class=\"iwg-fachbegriff\" data-tooltip=\"Gj\u00f6f til gu\u00f0s e\u00f0a gu\u00f0s til a\u00f0 tj\u00e1 \u00feakkl\u00e6ti, b\u00f3n e\u00f0a d\u00fdrkun.\" tabindex=\"0\">f\u00f3rnum<\/span> e\u00f0a fri\u00f0\u00fe\u00e6gingarath\u00f6fnum til a\u00f0 tryggja hylli hennar \u00ed bard\u00f6gum.<\/p>\t\t\t\t\t\t\t\t<\/div>\n\t\t\t\t\t<\/div>\n\t\t\t\t<\/div>\n\t\t<div class=\"elementor-element elementor-element-jm2n74ec iwg-steckbrief-card e-flex e-con-boxed e-con e-child\" data-id=\"jm2n74ec\" data-element_type=\"container\" data-e-type=\"container\">\n\t\t\t\t\t<div class=\"e-con-inner\">\n\t\t\t\t<div class=\"elementor-element elementor-element-8vufse4c elementor-widget elementor-widget-heading\" data-id=\"8vufse4c\" data-element_type=\"widget\" data-e-type=\"widget\" data-widget_type=\"heading.default\">\n\t\t\t\t\t<h3 class=\"elementor-heading-title elementor-size-default\">\u00c1s\u00fdnd<\/h3>\t\t\t\t<\/div>\n\t\t\t\t<div class=\"elementor-element elementor-element-mwb9u015 elementor-widget elementor-widget-text-editor\" data-id=\"mwb9u015\" data-element_type=\"widget\" data-e-type=\"widget\" data-widget_type=\"text-editor.default\">\n\t\t\t\t\t\t\t\t\t<p>\u00cd myndm\u00e1li er Morrigan oft s\u00fdnd sem kr\u00e1ka e\u00f0a hrafn, sum\u00adtimes me\u00f0 mannlegum svip e\u00f0a sem gervibreytandi kona. H\u00fan ber stundum herkl\u00e6\u00f0i e\u00f0a str\u00ed\u00f0stengd t\u00e1kn. \u00cd b\u00f3kmenntalegum l\u00fdsingum er h\u00fan villt, f\u00f6gur og h\u00e6ttuleg \u00ed senn. H\u00fan stendur \u00e1 v\u00edgv\u00f6llum e\u00f0a fl\u00fdgur yfir \u00feeim. Litir: svartur, rau\u00f0ur (bl\u00f3\u00f0), stundum silfur. H\u00fan geislar yfirn\u00e1tt\u00farulegri n\u00e1vist.<\/p>\t\t\t\t\t\t\t\t<\/div>\n\t\t\t\t\t<\/div>\n\t\t\t\t<\/div>\n\t\t\t\t<\/div>\n\t\t<div class=\"elementor-element elementor-element-pemmx7c2 e-con-full e-flex e-con e-child\" data-id=\"pemmx7c2\" data-element_type=\"container\" data-e-type=\"container\">\n\t\t<div class=\"elementor-element elementor-element-37ss2yr6 iwg-steckbrief-card e-flex e-con-boxed e-con e-child\" data-id=\"37ss2yr6\" data-element_type=\"container\" data-e-type=\"container\">\n\t\t\t\t\t<div class=\"e-con-inner\">\n\t\t\t\t<div class=\"elementor-element elementor-element-3v0wp3wx elementor-widget elementor-widget-heading\" data-id=\"3v0wp3wx\" data-element_type=\"widget\" data-e-type=\"widget\" data-widget_type=\"heading.default\">\n\t\t\t\t\t<h3 class=\"elementor-heading-title elementor-size-default\">\u00c1hrifam\u00e1ttur Morrigan<\/h3>\t\t\t\t<\/div>\n\t\t\t\t<div class=\"elementor-element elementor-element-w3247g2m elementor-widget elementor-widget-text-editor\" data-id=\"w3247g2m\" data-element_type=\"widget\" data-e-type=\"widget\" data-widget_type=\"text-editor.default\">\n\t\t\t\t\t\t\t\t\t<p>Morrigan er eigna\u00f0ur m\u00e1ttur yfir \u00farslitum str\u00ed\u00f0s, \u00f6rlagavaldi, frj\u00f3semi og kynhv\u00f6t, auk h\u00e6fileikans til gervibreytinga. H\u00fan getur veitt hetjum innbl\u00e1stur e\u00f0a lama\u00f0 andst\u00e6\u00f0inga \u00feeirra. H\u00fan t\u00e1knar b\u00e6\u00f0i ey\u00f0andi og skapandi hli\u00f0 kvenleikans. Yfirn\u00e1tt\u00farulegur m\u00e1ttur hennar er si\u00f0laus \u00ed e\u00f0li s\u00ednu, hann fylgir l\u00f6gm\u00e1lum str\u00ed\u00f0s, ekki si\u00f0fer\u00f0i.<\/p><p>H\u00fan getur valdi\u00f0 tort\u00edmingu, en einnig veitt <span class=\"iwg-fachbegriff\" data-tooltip=\"\u00d3sk um heill og verndun, oft \u00ed fastri or\u00f0aformi.\" tabindex=\"0\">blessun<\/span>. \u00cd T\u00e1in B\u00f3 C\u00faailnge kemur \u00feessi tv\u00ede\u00f0li s\u00e9rstaklega sk\u00fdrt fram: fyrst b\u00fd\u00f0ur h\u00fan C\u00fa Chulainn hylli s\u00edna, en sn\u00fdst s\u00ed\u00f0an gegn honum. \u00deessa tv\u00edr\u00e6\u00f0ni er ekki unnt a\u00f0 leysa si\u00f0fer\u00f0ilega, h\u00fan vill vera skilin sem alheimslegt \u00f6rlagaafl.<\/p>\t\t\t\t\t\t\t\t<\/div>\n\t\t\t\t\t<\/div>\n\t\t\t\t<\/div>\n\t\t<div class=\"elementor-element elementor-element-0qpjal9w iwg-steckbrief-card e-flex e-con-boxed e-con e-child\" data-id=\"0qpjal9w\" data-element_type=\"container\" data-e-type=\"container\">\n\t\t\t\t\t<div class=\"e-con-inner\">\n\t\t\t\t<div class=\"elementor-element elementor-element-6ndoih0o elementor-widget elementor-widget-heading\" data-id=\"6ndoih0o\" data-element_type=\"widget\" data-e-type=\"widget\" data-widget_type=\"heading.default\">\n\t\t\t\t\t<h3 class=\"elementor-heading-title elementor-size-default\">Varnarform<\/h3>\t\t\t\t<\/div>\n\t\t\t\t<div class=\"elementor-element elementor-element-6684tyh9 elementor-widget elementor-widget-text-editor\" data-id=\"6684tyh9\" data-element_type=\"widget\" data-e-type=\"widget\" data-widget_type=\"text-editor.default\">\n\t\t\t\t\t\t\t\t\t<p>Morrigan er ekki illgj\u00f6rn, heldur h\u00e6ttuleg og \u00f3fyrirsj\u00e1anleg. H\u00fan er meistari str\u00ed\u00f0s\u00f6rlaga, ekki dj\u00f6fulleg vera. Verndara\u00f0fer\u00f0ir felast \u00ed \u00fev\u00ed a\u00f0 s\u00fdna henni vir\u00f0ingu og hei\u00f0ur, ekki a\u00f0 \u00f3ttast hana.<\/p><p>Str\u00ed\u00f0smagna\u00f0ar hef\u00f0ir kenna \u00e1kallanir og <span class=\"iwg-fachbegriff\" data-tooltip=\"Gj\u00f6f til gu\u00f0s e\u00f0a gu\u00f0s til a\u00f0 tj\u00e1 \u00feakkl\u00e6ti, b\u00f3n e\u00f0a d\u00fdrkun.\" tabindex=\"0\">f\u00f3rnir<\/span> til a\u00f0 vinna hylli hennar e\u00f0a for\u00f0ast andst\u00f6\u00f0u hennar. \u00cd n\u00fat\u00edma dulspekilegri i\u00f0kun er Morrigan talin t\u00e1kna kraft umbreytinga og sannleika, ekki ey\u00f0ingu.<\/p>\t\t\t\t\t\t\t\t<\/div>\n\t\t\t\t\t<\/div>\n\t\t\t\t<\/div>\n\t\t<div class=\"elementor-element elementor-element-3lfi7x32 iwg-steckbrief-card e-flex e-con-boxed e-con e-child\" data-id=\"3lfi7x32\" data-element_type=\"container\" data-e-type=\"container\">\n\t\t\t\t\t<div class=\"e-con-inner\">\n\t\t\t\t<div class=\"elementor-element elementor-element-0kg99ga1 elementor-widget elementor-widget-heading\" data-id=\"0kg99ga1\" data-element_type=\"widget\" data-e-type=\"widget\" data-widget_type=\"heading.default\">\n\t\t\t\t\t<h3 class=\"elementor-heading-title elementor-size-default\">Hli\u00f0st\u00e6\u00f0ur<\/h3>\t\t\t\t<\/div>\n\t\t\t\t<div class=\"elementor-element elementor-element-n0fum6kp elementor-widget elementor-widget-text-editor\" data-id=\"n0fum6kp\" data-element_type=\"widget\" data-e-type=\"widget\" data-widget_type=\"text-editor.default\">\n\t\t\t\t\t\t\t\t\t<p>Samb\u00e6rilegar v\u00e6ttir eru Erin\u00fdurnar\/F\u00far\u00edurnar (gr\u00edskar) sem \u00f6rlaga- og hefndargy\u00f0jur, nornirnar (germanskar) sem \u00f6rlagavefarar, l\u00edkar Morr\u00edgan \u00ed \u00ferenningarformi s\u00ednu, r\u00f3mverska Bellona sem str\u00ed\u00f0sgy\u00f0ja og indverska Kali sem gy\u00f0ja ey\u00f0ingar og umbreytingar.<\/p><p>\u201e\u00d6rlagagy\u00f0ju&#8220;-ger\u00f0in er v\u00ed\u00f0a \u00feekkt me\u00f0al ind\u00f3evr\u00f3pskra menningarheima. Slavneska Mokosch, norr\u00e6na Skuld og fr\u00fdg\u00edska K\u00fdbele deila einnig \u00fe\u00e1ttum \u00ferenningarinnar um str\u00ed\u00f0, j\u00f6r\u00f0 og dau\u00f0leika; \u00ed fem\u00edn\u00edskri tr\u00faars\u00f6gulegri t\u00falkun er Morr\u00edgan einnig borin saman vi\u00f0 anat\u00f3l\u00edskar m\u00f3\u00f0urgy\u00f0jur s\u00ed\u00f0bronsaldar.<\/p>\t\t\t\t\t\t\t\t<\/div>\n\t\t\t\t\t<\/div>\n\t\t\t\t<\/div>\n\t\t\t\t<\/div>\n\t\t\t\t<\/div>\n\t\t\t\t\t<\/div>\n\t\t\t\t<\/div>\n\t\t<div class=\"elementor-element elementor-element-5a584676 e-flex e-con-boxed e-con e-parent\" data-id=\"5a584676\" data-element_type=\"container\" data-e-type=\"container\">\n\t\t\t\t\t<div class=\"e-con-inner\">\n\t\t\t\t<div class=\"elementor-element elementor-element-6d0757bf elementor-widget elementor-widget-heading\" data-id=\"6d0757bf\" data-element_type=\"widget\" data-e-type=\"widget\" data-widget_type=\"heading.default\">\n\t\t\t\t\t<h2 class=\"elementor-heading-title elementor-size-default\">Morrigan, hli\u00f0st\u00e6\u00f0ur \u00ed \u00f6\u00f0rum menningarheimum<\/h2>\t\t\t\t<\/div>\n\t\t<div class=\"elementor-element elementor-element-60563f68 e-con-full e-flex e-con e-child\" data-id=\"60563f68\" data-element_type=\"container\" data-e-type=\"container\">\n\t\t\t\t<div class=\"elementor-element elementor-element-5a93fdd6 elementor-widget elementor-widget-text-editor\" data-id=\"5a93fdd6\" data-element_type=\"widget\" data-e-type=\"widget\" data-widget_type=\"text-editor.default\">\n\t\t\t\t\t\t\t\t\t<p>Samanbur\u00f0urinn s\u00fdnir a\u00f0 Morrigan er d\u00e6mi um alhli\u00f0a tr\u00faart\u00fdpu: hi\u00f0 tv\u00edbenta, kvenlega afl ey\u00f0ingar og umbreytingar, sem er hvorki gott n\u00e9 illt, heldur si\u00f0fer\u00f0islega hlutlaust og nau\u00f0synlegt. \u00deessi mynd birtist \u00ed fj\u00f6lm\u00f6rgum menningarheimum sem endurspeglun dj\u00fapra s\u00e1lfr\u00e6\u00f0ilegra og heimsfr\u00e6\u00f0ilegra sannindi um breytingar, ofbeldi og kvenleika.<\/p>\n<p><p><strong>\u00cd hef\u00f0 Gy\u00f0inga:<\/strong> Engin bein hli\u00f0st\u00e6\u00f0a \u00ed gu\u00f0smynd. Fjarskyld eru Lilith sem villt, \u00f3stj\u00f3rnanlegt kvenlegt afl, e\u00f0a \u00fe\u00e6ttir Shekinah sem n\u00e6rvera og skelfing. \u00cd kabbala: Binah sem ey\u00f0andi-skapandi afl.<\/p><p><strong>Gr\u00edsk-r\u00f3mverski heimurinn:<\/strong> Erin\u00fdur\/Fur\u00edur sem yfirn\u00e1tt\u00farulegar \u00f6rlagago\u00f0sverur og hefndarandar. Ares\/Mars \u00ed str\u00ed\u00f0shlutverki s\u00ednu. Hekate sem gy\u00f0ja \u00fer\u00f6skulda og <span class=\"iwg-fachbegriff\" data-tooltip=\"A\u00f0fer\u00f0ir sem eiga a\u00f0 hafa \u00e1hrif \u00e1 gang hlutanna me\u00f0 s\u00e9rst\u00f6kum ath\u00f6fnum e\u00f0a form\u00falum.\" tabindex=\"0\">galdur<\/span>. Bellona sem r\u00f3mversk str\u00ed\u00f0sgy\u00f0ja. Einnig Nemesis sem gy\u00f0ja hefndar og heimsjafnv\u00e6gis.<\/p><p><strong>Mes\u00f3p\u00f3tam\u00eda:<\/strong> Ereshkigal sem drottning undirheima og \u00e1kv\u00f6r\u00f0u\u00f0ur dau\u00f0ans. Ishtar\/Inanna \u00ed ey\u00f0andi og str\u00ed\u00f0slegu hlutverki s\u00ednu. Einnig Lilitu (frumst\u00e6\u00f0 Lilith) sem villt, \u00f3stj\u00f3rnanlegt kvenlegt afl.<\/p><p><strong>Indland\/As\u00eda:<\/strong> Kali sem gy\u00f0ja ey\u00f0ingar, t\u00edmans, str\u00ed\u00f0s og umbreytingar. H\u00fan er svipu\u00f0 Morrigan: si\u00f0fer\u00f0islega hlutlaus, villt, nau\u00f0synleg. Einnig Durga sem str\u00ed\u00f0sgy\u00f0ja og verndari. \u00cd T\u00edbet: Mahakali sem d\u00f6kkt, verndandi afl. \u00deessar s\u00fdna dj\u00fapa formfr\u00e6\u00f0ilega hli\u00f0st\u00e6\u00f0u vi\u00f0 keltnesku str\u00ed\u00f0sandagy\u00f0juna.<\/p>\t\t\t\t\t\t\t\t<\/div>\n\t\t\t\t<\/div>\n\t\t\t\t\t<\/div>\n\t\t\t\t<\/div>\n\t\t<div class=\"elementor-element elementor-element-cp689a7e1 e-flex e-con-boxed e-con e-parent\" data-id=\"cp689a7e1\" data-element_type=\"container\" data-e-type=\"container\">\n\t\t\t\t\t<div class=\"e-con-inner\">\n\t\t\t\t<div class=\"elementor-element elementor-element-cp9a05fe9 elementor-widget elementor-widget-heading\" data-id=\"cp9a05fe9\" data-element_type=\"widget\" data-e-type=\"widget\" data-widget_type=\"heading.default\">\n\t\t\t\t\t<h2 class=\"elementor-heading-title elementor-size-default\">Morr\u00edgan \u00ed T\u00e1in B\u00f3 C\u00faailnge<\/h2>\t\t\t\t<\/div>\n\t\t<div class=\"elementor-element elementor-element-cpd55a44f e-con-full e-flex e-con e-child\" data-id=\"cpd55a44f\" data-element_type=\"container\" data-e-type=\"container\">\n\t\t\t\t<div class=\"elementor-element elementor-element-cp1febcf0 elementor-widget elementor-widget-text-editor\" data-id=\"cp1febcf0\" data-element_type=\"widget\" data-e-type=\"widget\" data-widget_type=\"text-editor.default\">\n\t\t\t\t\t\t\t\t\t<p>\u00cdtarlegustu fr\u00e1sagnirnar um Morr\u00edgan eru \u00ed sagnahringnum um hetjuna C\u00fa Chulainn, fyrst og fremst \u00ed <em>T\u00e1in B\u00f3 C\u00faailnge<\/em>, nautgripar\u00e1ninu \u00ed Cooley, a\u00f0alhetjus\u00f6gunni \u00ed svok\u00f6llu\u00f0um Ulster-hring. \u00dear birtist Morr\u00edgan hetjunni \u00ed nokkrum atri\u00f0um og samband hennar vi\u00f0 hann er tv\u00edbent.<\/p><p>\u00cd einu atri\u00f0i birtist h\u00fan honum sem ung kona og b\u00fd\u00f0ur honum \u00e1st s\u00edna. C\u00fa Chulainn, staddur mi\u00f0ri orrustu og fr\u00e1hrindandi, hafnar tilbo\u00f0inu. \u00cd kj\u00f6lfari\u00f0 tilkynnir Morr\u00edgan a\u00f0 h\u00fan muni hindra hann \u00ed bardaga.<\/p><p>H\u00fan gerir \u00feetta \u00ed d\u00fdrsl\u00edki: h\u00fan r\u00e6\u00f0st \u00e1 hann sem \u00e1ll sem vindur sig um f\u00e6tur hans, sem \u00falfynja sem rekur nautgripi gegn honum, og sem kv\u00edga sem lei\u00f0ir hj\u00f6r\u00f0.<\/p><p>C\u00fa Chulainn s\u00e6rir hana \u00ed hverri \u00feessara mynda. S\u00ed\u00f0ar birtist h\u00fan honum sem g\u00f6mul kona sem er a\u00f0 mj\u00f3lka k\u00fa og bi\u00f0 hann um drykk. Hann gefur henni a\u00f0 drekka og blessar hana \u00ferisvar \u00e1n \u00feess a\u00f0 \u00feekkja hana, og me\u00f0 hverri <span class=\"iwg-fachbegriff\" data-tooltip=\"Blessun e\u00f0a vernd, oft \u00ed fastm\u00f3tu\u00f0u m\u00e1li.\" tabindex=\"0\">blessun<\/span> heilast s\u00e1rin sem hann olli henni \u00e1\u00f0ur.<\/p><p>\u00deessi atbur\u00f0ar\u00e1s s\u00fdnir Morr\u00edgan sem afl sem er ekki einfaldlega andst\u00e6\u00f0ingur e\u00f0a hj\u00e1lpari. H\u00fan getur \u00fejarma\u00f0 a\u00f0 hetjunni og veri\u00f0 heilsu\u00f0 af honum, h\u00fan breytir mynd og hlutverki.<\/p><p>Fr\u00e6\u00f0imenn hafa s\u00e9\u00f0 \u00ed \u00feessu \u00fdmis l\u00f6g: leifar eldri hugmynda um gy\u00f0ju lands og fullveldis, en einnig fr\u00e1sagnarlega \u00fatf\u00e6rslu mi\u00f0aldakristinna skrifara sem var\u00f0veittu efni\u00f0. \u00dev\u00ed er ekki m\u00f6gulegt a\u00f0 festa \u00fea\u00f0 vi\u00f0 eina upprunalega merkingu.<\/p>\t\t\t\t\t\t\t\t<\/div>\n\t\t\t\t<\/div>\n\t\t\t\t\t<\/div>\n\t\t\t\t<\/div>\n\t\t<div class=\"elementor-element elementor-element-cpdc0760f e-flex e-con-boxed e-con e-parent\" data-id=\"cpdc0760f\" data-element_type=\"container\" data-e-type=\"container\">\n\t\t\t\t\t<div class=\"e-con-inner\">\n\t\t\t\t<div class=\"elementor-element elementor-element-cp38bafbe elementor-widget elementor-widget-heading\" data-id=\"cp38bafbe\" data-element_type=\"widget\" data-e-type=\"widget\" data-widget_type=\"heading.default\">\n\t\t\t\t\t<h2 class=\"elementor-heading-title elementor-size-default\">V\u00edgvallarmyndin: kr\u00e1ka, sp\u00e1d\u00f3mur og dau\u00f0i hetjunnar<\/h2>\t\t\t\t<\/div>\n\t\t<div class=\"elementor-element elementor-element-cpfcc99df e-con-full e-flex e-con e-child\" data-id=\"cpfcc99df\" data-element_type=\"container\" data-e-type=\"container\">\n\t\t\t\t<div class=\"elementor-element elementor-element-cp047bbc1 elementor-widget elementor-widget-text-editor\" data-id=\"cp047bbc1\" data-element_type=\"widget\" data-e-type=\"widget\" data-widget_type=\"text-editor.default\">\n\t\t\t\t\t\t\t\t\t<p>N\u00e1tengd Morr\u00edgan er mynd hrafnsins e\u00f0a kr\u00e1kunnar, hr\u00e6\u00e6turfugla v\u00edgvallarins. \u00cd fr\u00e1s\u00f6gunum bo\u00f0ar Morr\u00edgan bardaga og dau\u00f0a, h\u00fan getur rugla\u00f0 heri me\u00f0 skelfingu og birtist \u00fear sem bl\u00f3\u00f0i er \u00fathellt.<\/p><p>Nafn hennar er \u00ed textunum \u00fdmist t\u00falka\u00f0 sem fant\u00f3mdrottning e\u00f0a mikil drottning, en n\u00e1kv\u00e6m or\u00f0sifjafr\u00e6\u00f0i er umdeild me\u00f0al fr\u00e6\u00f0imanna.<\/p><p>\u00cd dau\u00f0a C\u00fa Chulainn gegnir h\u00fan sk\u00fdru hlutverki. Fyrir s\u00ed\u00f0asta bardaga hans br\u00fdtur Morr\u00edgan, samkv\u00e6mt <span class=\"iwg-fachbegriff\" data-tooltip=\"Mi\u00f0lun \u00feekkingar og fr\u00e1sagna milli kynsl\u00f3\u00f0a.\" tabindex=\"0\">munnm\u00e6lum<\/span>, vagn hans til a\u00f0 halda honum aftur, \u00fev\u00ed dau\u00f0i hans er n\u00e1l\u00e6gur. \u00deegar hann fer \u00fer\u00e1tt fyrir \u00fea\u00f0 \u00ed bardagann og er s\u00e6rt til dau\u00f0a, bindur hann sig vi\u00f0 stein til a\u00f0 deyja standandi.<\/p><p>Fyrst \u00feegar kr\u00e1ka sest \u00e1 \u00f6xl hans \u00feora fjendurnir a\u00f0 n\u00e1lgast hann. \u00deessi kr\u00e1ka er \u00ed hef\u00f0inni tengd Morr\u00edgan. Myndin af fuglinum sem sta\u00f0festir dau\u00f0a hetjunnar er me\u00f0al \u00feekktustu atri\u00f0a \u00ed \u00edrskum sagnab\u00f3kmenntum.<\/p><p>V\u00edgvallarmynd Morr\u00edgan er hluti af v\u00ed\u00f0ara samhengi. \u00cd textunum birtist h\u00fan oft \u00e1samt \u00f6\u00f0rum kvenlegum bardagav\u00e6ttum, svo sem Badb og Nemain, \u00feannig a\u00f0 sum heimildarrit tala um \u00ferenningu e\u00f0a h\u00f3p.<\/p><p>M\u00f6rkin milli \u00feessara v\u00e6tta eru \u00f3lj\u00f3s og fr\u00e6\u00f0imenn r\u00e6\u00f0a hvort um s\u00e9 a\u00f0 r\u00e6\u00f0a sj\u00e1lfst\u00e6\u00f0ar verur e\u00f0a \u00fe\u00e6tti eins og sama afls. \u00deessi \u00f3sk\u00fdrleiki er ekki galli \u00e1 <span class=\"iwg-fachbegriff\" data-tooltip=\"Mi\u00f0lun \u00feekkingar og fr\u00e1sagna milli kynsl\u00f3\u00f0a.\" tabindex=\"0\">munnm\u00e6lunum<\/span>, heldur samsvarar \u00fev\u00ed hvernig \u00feessar verur voru hugsa\u00f0ar \u00ed fornum \u00edrskum textum.<\/p>\t\t\t\t\t\t\t\t<\/div>\n\t\t\t\t<\/div>\n\t\t\t\t\t<\/div>\n\t\t\t\t<\/div>\n\t\t<div class=\"elementor-element elementor-element-cp500da98 e-flex e-con-boxed e-con e-parent\" data-id=\"cp500da98\" data-element_type=\"container\" data-e-type=\"container\">\n\t\t\t\t\t<div class=\"e-con-inner\">\n\t\t\t\t<div class=\"elementor-element elementor-element-cp1fbc251 elementor-widget elementor-widget-heading\" data-id=\"cp1fbc251\" data-element_type=\"widget\" data-e-type=\"widget\" data-widget_type=\"heading.default\">\n\t\t\t\t\t<h2 class=\"elementor-heading-title elementor-size-default\">Morr\u00edgan me\u00f0al T\u00faatha D\u00e9 Danann<\/h2>\t\t\t\t<\/div>\n\t\t<div class=\"elementor-element elementor-element-cpbfdc713 e-con-full e-flex e-con e-child\" data-id=\"cpbfdc713\" data-element_type=\"container\" data-e-type=\"container\">\n\t\t\t\t<div class=\"elementor-element elementor-element-cp792d5c2 elementor-widget elementor-widget-text-editor\" data-id=\"cp792d5c2\" data-element_type=\"widget\" data-e-type=\"widget\" data-widget_type=\"text-editor.default\">\n\t\t\t\t\t\t\t\t\t<p>Auk \u00feess a\u00f0 koma fram \u00ed Ulster-hringnum birtist Morr\u00edgan einnig \u00ed hinum svokalla\u00f0a go\u00f0sagnahring, sem fjallar um T\u00faatha D\u00e9 Danann, gu\u00f0a\u00e6ttina \u00ed \u00edrskri <span class=\"iwg-fachbegriff\" data-tooltip=\"Mi\u00f0lun \u00feekkingar og sagna milli kynsl\u00f3\u00f0a.\" tabindex=\"0\">munnm\u00e6lahef\u00f0<\/span>. \u00cd <em>Cath Maige Tuired<\/em>, orrustunni um Mag Tuired, \u00fear sem T\u00faatha D\u00e9 Danann berjast gegn Fomori, kemur Morr\u00edgan fram \u00e1 nokkrum st\u00f6\u00f0um.<\/p><p>Fyrir orrustuna hittir h\u00fan gu\u00f0inn Dagda, hinn volduga f\u00f6\u00f0urgu\u00f0 T\u00faatha D\u00e9 Danann. \u00deau hittast vi\u00f0 \u00e1, og Morr\u00edgan lofar Dagda a\u00f0 n\u00fdta krafta s\u00edna gegn Fomori.<\/p><p>\u00cd sj\u00e1lfri orrustunni talar h\u00fan og hvetur T\u00faatha D\u00e9 Danann \u00e1fram. Eftir sigurinn flytur h\u00fan, samkv\u00e6mt textanum, einhvers konar fri\u00f0ar- e\u00f0a sigurbo\u00f0skap, sem fylgt er af d\u00f6kkri <span class=\"iwg-fachbegriff\" data-tooltip=\"A\u00f0 sp\u00e1 fyrir um komandi atbur\u00f0i me\u00f0 tr\u00faarlegum e\u00f0a t\u00f6frandi h\u00e6tti.\" tabindex=\"0\">sp\u00e1d\u00f3mi<\/span> um komandi \u00f3g\u00e6fu og upplausn skipulagsins.<\/p><p>\u00deessi forsp\u00e1, sett fram \u00e1 d\u00f6kku og erfitt \u00fe\u00fd\u00f0anlegu m\u00e1li, telst til \u00e1hrifamestu og jafnframt torskildustu kafla textans.<\/p><p>\u00cd \u00feessu samhengi birtist Morr\u00edgan sem miklu meira en bardaga\u00f3argestalt: h\u00fan er pers\u00f3na sem talar um b\u00e6\u00f0i str\u00ed\u00f0 og fri\u00f0, en einnig um framvindu t\u00edmans og \u00f6rl\u00f6g heimsins.<\/p><p>Fr\u00e6\u00f0imenn hafa s\u00e9\u00f0 \u00ed \u00feessu v\u00edsbendingar um eldra hlutverk hennar sem valda- e\u00f0a \u00f6rlagagy\u00f0ju, en eins og me\u00f0 margar pers\u00f3nur \u00ed \u00edrskri <span class=\"iwg-fachbegriff\" data-tooltip=\"Heildarsafn hef\u00f0bundinna gu\u00f0asagna innan menningar.\" tabindex=\"0\">go\u00f0afr\u00e6\u00f0i<\/span> \u00fearf a\u00f0 fara varlega \u00ed sl\u00edkar tilg\u00e1tur, \u00fear sem textarnir voru ekki skrifa\u00f0ir ni\u00f0ur fyrr en \u00f6ldum eftir kristnit\u00f6ku. Tengdar pers\u00f3nur \u00far \u00edrskum sagnaarfi m\u00e1 finna til d\u00e6mis hj\u00e1 <a href=\"https:\/\/iwell-guard.com\/is\/?page_id=168760\">Dagda<\/a>.<\/p>\t\t\t\t\t\t\t\t<\/div>\n\t\t\t\t<\/div>\n\t\t\t\t\t<\/div>\n\t\t\t\t<\/div>\n\t\t<div class=\"elementor-element elementor-element-cp3b24084 e-flex e-con-boxed e-con e-parent\" data-id=\"cp3b24084\" data-element_type=\"container\" data-e-type=\"container\">\n\t\t\t\t\t<div class=\"e-con-inner\">\n\t\t\t\t<div class=\"elementor-element elementor-element-cpde49472 elementor-widget elementor-widget-heading\" data-id=\"cpde49472\" data-element_type=\"widget\" data-e-type=\"widget\" data-widget_type=\"heading.default\">\n\t\t\t\t\t<h2 class=\"elementor-heading-title elementor-size-default\">T\u00falkun: Morr\u00edgan \u00ed samt\u00edmamenningu<\/h2>\t\t\t\t<\/div>\n\t\t<div class=\"elementor-element elementor-element-cp0331021 e-con-full e-flex e-con e-child\" data-id=\"cp0331021\" data-element_type=\"container\" data-e-type=\"container\">\n\t\t\t\t<div class=\"elementor-element elementor-element-cp4b40f9b elementor-widget elementor-widget-text-editor\" data-id=\"cp4b40f9b\" data-element_type=\"widget\" data-e-type=\"widget\" data-widget_type=\"text-editor.default\">\n\t\t\t\t\t\t\t\t\t<p>Fr\u00e1 lokum n\u00edtj\u00e1ndu aldar, me\u00f0 auknum \u00e1huga \u00e1 \u00edrskri <span class=\"iwg-fachbegriff\" data-tooltip=\"Mi\u00f0lun \u00feekkingar og sagna milli kynsl\u00f3\u00f0a.\" tabindex=\"0\">munnm\u00e6lahef\u00f0<\/span> \u00ed kj\u00f6lfar hinnar svok\u00f6llu\u00f0u keltnesku endurvakningar, hefur Morr\u00edgan fengi\u00f0 v\u00ed\u00f0t\u00e6ka umfj\u00f6llun.<\/p><p>\u00de\u00fd\u00f0ingar og \u00fatg\u00e1fur af <em>T\u00e1in<\/em> ger\u00f0u pers\u00f3nu hennar a\u00f0gengilega st\u00e6rri \u00e1heyrendah\u00f3pi. Sk\u00e1ld og rith\u00f6fundar \u00edrsku b\u00f3kmenntahreyfingarinnar s\u00f3ttu efni \u00far fornum s\u00f6gnum, \u00fe\u00f3tt Morr\u00edgan hafi sjaldan veri\u00f0 \u00ed a\u00f0alhlutverki.<\/p><p>\u00c1 tuttugustu og tuttugustu og fyrstu \u00f6ld hefur Morr\u00edgan a\u00f0allega veri\u00f0 tekin upp \u00e1 tveimur svi\u00f0um. \u00cd n\u00fat\u00edma hei\u00f0num og n\u00fdhei\u00f0num hreyfingum er h\u00fan d\u00fdrku\u00f0 sem gy\u00f0ja, oft \u00ed hlutverki str\u00ed\u00f0s-, \u00f6rlaga- e\u00f0a valdagy\u00f0ju.<\/p><p>\u00deessi eignar\u00e1hrif byggja \u00e1 mi\u00f0aldatextunum, en ganga \u00ed kerfisbundinni <span class=\"iwg-fachbegriff\" data-tooltip=\"Fr\u00e6\u00f0ileg umfj\u00f6llun um gu\u00f0 og tr\u00fa innan tr\u00faarbrag\u00f0a.\" tabindex=\"0\">gu\u00f0fr\u00e6\u00f0i<\/span> sinni greinilega lengra en heimildirnar gefa tilefni til.<\/p><p>Auk \u00feess hefur Morr\u00edgan or\u00f0i\u00f0 fastur li\u00f0ur \u00ed vins\u00e6lli fantas\u00edu- og leikjamenningu, \u00fear sem h\u00fan birtist sem pers\u00f3na \u00ed sk\u00e1lds\u00f6gum, teiknimyndas\u00f6gum, t\u00f6lvuleikjum og hlutverkaleikjum, oft sem d\u00f6kk, voldug kvenpers\u00f3na tengd hr\u00f6fnum, str\u00ed\u00f0i og dau\u00f0a.<\/p><p>Fyrir fr\u00e6\u00f0ilega umfj\u00f6llun er mikilv\u00e6gt a\u00f0 greina \u00feetta n\u00fat\u00edmalag fr\u00e1 mi\u00f0aldaheimildunum. Hin vins\u00e6la Morr\u00edgan er sj\u00e1lfst\u00e6\u00f0 menningarleg st\u00e6r\u00f0 sem s\u00e6kir efni \u00ed <span class=\"iwg-fachbegriff\" data-tooltip=\"Mi\u00f0lun \u00feekkingar og sagna milli kynsl\u00f3\u00f0a.\" tabindex=\"0\">munnm\u00e6lahef\u00f0ina<\/span> en \u00fer\u00f3ar hana einnig \u00e1fram me\u00f0 frj\u00e1lsum h\u00e6tti.<\/p><p>\u00deeir sem vilja rannsaka hina fornu pers\u00f3nu \u00e6ttu a\u00f0 leita \u00ed \u00fatg\u00e1fum og \u00fe\u00fd\u00f0ingum \u00edrskra sagnatexta, sem hafa veri\u00f0 unnar og endursko\u00f0a\u00f0ar innan keltnesku fr\u00e6\u00f0anna fr\u00e1 lokum n\u00edtj\u00e1ndu aldar.<\/p>\t\t\t\t\t\t\t\t<\/div>\n\t\t\t\t<\/div>\n\t\t\t\t\t<\/div>\n\t\t\t\t<\/div>\n\t\t<div class=\"elementor-element elementor-element-36dd7469 e-flex e-con-boxed e-con e-parent\" data-id=\"36dd7469\" data-element_type=\"container\" data-e-type=\"container\">\n\t\t\t\t\t<div class=\"e-con-inner\">\n\t\t\t\t<div class=\"elementor-element elementor-element-13760ab4 elementor-widget elementor-widget-heading\" data-id=\"13760ab4\" data-element_type=\"widget\" data-e-type=\"widget\" data-widget_type=\"heading.default\">\n\t\t\t\t\t<h2 class=\"elementor-heading-title elementor-size-default\">\u00cdtarefni og tenglar<\/h2>\t\t\t\t<\/div>\n\t\t<div class=\"elementor-element elementor-element-28c87796 e-con-full e-flex e-con e-child\" data-id=\"28c87796\" data-element_type=\"container\" data-e-type=\"container\">\n\t\t\t\t<div class=\"elementor-element elementor-element-5d6538df elementor-widget elementor-widget-text-editor\" data-id=\"5d6538df\" data-element_type=\"widget\" data-e-type=\"widget\" data-widget_type=\"text-editor.default\">\n\t\t\t\t\t\t\t\t\t<p><ul><li><a href=\"https:\/\/iwell-guard.com\/is\/?page_id=168760\">Dagda<\/a>, f\u00f6\u00f0urgu\u00f0, h\u00f6f\u00f0ingi Tuatha D\u00e9 Danann, ketill allsn\u00e6gta<\/li><li><a href=\"https:\/\/iwell-guard.com\/is\/?page_id=168832\">Lugh<\/a>, alhli\u00f0a meistari, str\u00ed\u00f0sma\u00f0ur og listama\u00f0ur, h\u00e1t\u00ed\u00f0in Lughnasadh<\/li><li><a href=\"https:\/\/iwell-guard.com\/is\/?page_id=168615\">Keltnesk menning<\/a>, tengipunktur fyrir alla keltneska gu\u00f0i og anda<\/li><li><a href=\"https:\/\/iwell-guard.com\/is\/?page_id=168861\">Leanan Sidhe<\/a>, \u00e1lfaelskan, tv\u00edr\u00e6\u00f0 innbl\u00e1stursvera<\/li><li><a href=\"https:\/\/iwell-guard.com\/is\/?page_id=168830\">Cernunnos<\/a>, sk\u00f3gargu\u00f0, herra d\u00fdranna og d\u00fdrafrj\u00f3semi<\/li><\/ul><\/p>\t\t\t\t\t\t\t\t<\/div>\n\t\t\t\t<\/div>\n\t\t\t\t\t<\/div>\n\t\t\t\t<\/div>\n\t\t<div class=\"elementor-element elementor-element-grl4kl40 e-flex e-con-boxed e-con e-parent\" data-id=\"grl4kl40\" data-element_type=\"container\" data-e-type=\"container\">\n\t\t\t\t\t<div class=\"e-con-inner\">\n\t\t\t\t<div class=\"elementor-element elementor-element-bzsbfrmh elementor-widget elementor-widget-heading\" data-id=\"bzsbfrmh\" data-element_type=\"widget\" data-e-type=\"widget\" data-widget_type=\"heading.default\">\n\t\t\t\t\t<h2 class=\"elementor-heading-title elementor-size-default\">Fr\u00e6\u00f0irit<\/h2>\t\t\t\t<\/div>\n\t\t<div class=\"elementor-element elementor-element-2c13224a e-con-full e-flex e-con e-child\" data-id=\"2c13224a\" data-element_type=\"container\" data-e-type=\"container\">\n\t\t\t\t<div class=\"elementor-element elementor-element-0eymh9ub elementor-widget elementor-widget-text-editor\" data-id=\"0eymh9ub\" data-element_type=\"widget\" data-e-type=\"widget\" data-widget_type=\"text-editor.default\">\n\t\t\t\t\t\t\t\t\t<footer class=\"iwg-literatur\" data-nosnippet=\"true\"><p><span data-nosnippet><ul><li>Proinsias Mac Cana: Celtic Mythology. Hamlyn, London 1970.<\/li><li>Bernhard Maier: Die Religion der Kelten. Ihre Ausdrucksformen und ihre Entwicklung. Kohlhammer, Stuttgart 2003.<\/li><li>Miranda Green: The Gods of the Celts.<\/span><\/p><p><span data-nosnippet>Sutton Publishing, Stroud 1996.<\/li><li>Helmut Birkhan: Kelten. Versuch einer Gesamtdarstellung ihrer Kultur. Verlag der \u00d6sterreichischen Akademie der Wissenschaften, Wien 1997.<\/li><li>Myles Dillon: The Cycles of the Kings. Oxford University Press, Oxford 1946.<\/li><\/ul><\/span><\/p><\/footer>\t\t\t\t\t\t\t\t<\/div>\n\t\t\t\t<\/div>\n\t\t\t\t\t<\/div>\n\t\t\t\t<\/div>\n\t\t<div class=\"elementor-element elementor-element-iwgkw2-add-morrigan e-flex e-con-boxed e-con e-parent\" data-id=\"iwgkw2-add-morrigan\" data-element_type=\"container\" data-e-type=\"container\">\n\t\t\t\t\t<div class=\"e-con-inner\">\n\t\t\t\t<div class=\"elementor-element elementor-element-iwgkw2-add-morrigan-t elementor-widget elementor-widget-text-editor\" data-id=\"iwgkw2-add-morrigan-t\" data-element_type=\"widget\" data-e-type=\"widget\" data-widget_type=\"text-editor.default\">\n\t\t\t\t\t\t\t\t\t<p>Sem <em><span class=\"iwg-fachbegriff\" data-tooltip=\"Vera sem d\u00fdrku\u00f0 er sem gu\u00f0leg innan tr\u00faarbrag\u00f0a.\" tabindex=\"0\">gy\u00f0ja<\/span><\/em> \u00ed \u00edrsk-keltneskri hef\u00f0 birtist Morr\u00edgan \u00ed bardaga, sp\u00e1d\u00f3mi og valdi og kemur fram \u00ed textum Ulster-hringsins sem kr\u00e1ka, \u00falfynja e\u00f0a drottning.<\/p>\t\t\t\t\t\t\t\t<\/div>\n\t\t\t\t\t<\/div>\n\t\t\t\t<\/div>\n\t\t<div class=\"elementor-element elementor-element-878936a e-con-boxed e-flex e-con e-parent\" data-id=\"878936a\" data-element_type=\"container\" data-e-type=\"container\">\n\t\t\t\t\t<div class=\"e-con-inner\">\n\t\t\t\t<div class=\"elementor-element elementor-element-0bf87bf elementor-widget elementor-widget-text-editor\" data-id=\"0bf87bf\" data-element_type=\"widget\" data-e-type=\"widget\" data-widget_type=\"text-editor.default\">\n\t\t\t\t\t\t\t\t\t\n<h2>Algengar spurningar um Morrigan<\/h2>\n<div class=\"iwg-faq-q\"><h3>Hver er Morrigan \u00ed \u00edrskri <span class=\"iwg-fachbegriff\" data-tooltip=\"Heildarsafn \u00feeirra gu\u00f0asagna sem var\u00f0veist hafa \u00ed tiltekinni menningu.\" tabindex=\"0\">go\u00f0afr\u00e6\u00f0i<\/span>?<\/h3><p>Morrigan (einnig k\u00f6llu\u00f0 Morr\u00edgan, \u00e1 forn\u00edrsku Mor-R\u00edoghain, \u201eHin mikla drottning\u201c e\u00f0a \u201eVofudrottningin\u201c) er ein af megingu\u00f0um \u00edrsk-keltnesku <span class=\"iwg-fachbegriff\" data-tooltip=\"Heildarsafn \u00feeirra gu\u00f0asagna sem var\u00f0veist hafa \u00ed tiltekinni menningu.\" tabindex=\"0\">go\u00f0afr\u00e6\u00f0innar<\/span>, str\u00ed\u00f0s-, \u00f6rlaga- og dau\u00f0adrottning. H\u00fan birtist oft sem kr\u00e1ka e\u00f0a hrafn og sp\u00e1ir fyrir um \u00farslit orrusta.<\/p><p>\u00cd hef\u00f0inni kemur h\u00fan fram \u00ed \u00fer\u00edeinni mynd (\u00ferenning): Morrigan, Badb og Macha, og stundum b\u00e6tist Nemain vi\u00f0 sem fj\u00f3r\u00f0a vera. Fr\u00e6gasta birting hennar er \u00feegar h\u00fan kemur fram fyrir hetjunni C\u00fa Chulainn sk\u00f6mmu fyrir dau\u00f0a hans.<\/p><\/div>\n<div class=\"iwg-faq-q\"><h3>Hva\u00f0 tengir Morrigan og C\u00fa Chulainn saman?<\/h3><p>C\u00fa Chulainn er mesta hetja \u00edrskra sagna (Ulster-hringsins). Morrigan girntist hann en hann hafna\u00f0i henni. \u00cd kj\u00f6lfari\u00f0 s\u00f3r h\u00fan a\u00f0 t\u00e1lma honum \u00ed bardaga. H\u00fan reyndi a\u00f0 drepa hann \u00ed d\u00fdrsl\u00edki (\u00e1ll, \u00falfynja, kv\u00edga) en a\u00f0 lokum s\u00e1r\u00f0i hann hana sj\u00e1lfa.<\/p><p>Sk\u00f6mmu fyrir dau\u00f0a hans birtist Morrigan honum sem \u00fevottakona vi\u00f0 va\u00f0i\u00f0, \u00fear sem h\u00fan \u00fevo\u00f0i bl\u00f3\u00f0uga herkl\u00e6\u00f0in hans, klass\u00edskt keltneskt dau\u00f0amerki. C\u00fa Chulainn, dau\u00f0vona, batt sig vi\u00f0 stein svo a\u00f0 hann myndi deyja standandi.<\/p><\/div>\n<script type=\"application\/ld+json\">{\"@context\":\"https:\/\/schema.org\",\"@type\":\"FAQPage\",\"mainEntity\":[{\"@type\":\"Question\",\"name\":\"Hver er Morrigan \u00ed \u00edrskri go\u00f0afr\u00e6\u00f0i?\",\"acceptedAnswer\":{\"@type\":\"Answer\",\"text\":\"Morrigan (einnig k\u00f6llu\u00f0 Morr\u00edgan, \u00e1 forn\u00edrsku Mor-R\u00edoghain, \u201eHin mikla drottning\u201c e\u00f0a \u201eVofudrottningin\u201c) er ein af megingu\u00f0um \u00edrsk-keltnesku go\u00f0afr\u00e6\u00f0innar, str\u00ed\u00f0s-, \u00f6rlaga- og dau\u00f0adrottning. H\u00fan birtist oft sem kr\u00e1ka e\u00f0a hrafn og sp\u00e1ir fyrir um \u00farslit orrusta.\u00cd hef\u00f0inni kemur h\u00fan fram \u00ed \u00fer\u00edeinni mynd (\u00ferenning): Morrigan, Badb og Macha, og stundum b\u00e6tist Nemain vi\u00f0 sem fj\u00f3r\u00f0a vera. Fr\u00e6gasta birting hennar er \u00feegar h\u00fan kemur fram fyrir hetjunni C\u00fa Chulainn sk\u00f6mmu fyrir dau\u00f0a hans.\"}},{\"@type\":\"Question\",\"name\":\"Hva\u00f0 tengir Morrigan og C\u00fa Chulainn saman?\",\"acceptedAnswer\":{\"@type\":\"Answer\",\"text\":\"C\u00fa Chulainn er mesta hetja \u00edrskra sagna (Ulster-hringsins). Morrigan girntist hann en hann hafna\u00f0i henni. \u00cd kj\u00f6lfari\u00f0 s\u00f3r h\u00fan a\u00f0 t\u00e1lma honum \u00ed bardaga. H\u00fan reyndi a\u00f0 drepa hann \u00ed d\u00fdrsl\u00edki (\u00e1ll, \u00falfynja, kv\u00edga) en a\u00f0 lokum s\u00e1r\u00f0i hann hana sj\u00e1lfa.Sk\u00f6mmu fyrir dau\u00f0a hans birtist Morrigan honum sem \u00fevottakona vi\u00f0 va\u00f0i\u00f0, \u00fear sem h\u00fan \u00fevo\u00f0i bl\u00f3\u00f0uga herkl\u00e6\u00f0in hans, klass\u00edskt keltneskt dau\u00f0amerki. C\u00fa Chulainn, dau\u00f0vona, batt sig vi\u00f0 stein svo a\u00f0 hann myndi deyja standandi.\"}}]}<\/script>\t\t\t\t\t\t\t\t<\/div>\n\t\t\t\t\t<\/div>\n\t\t\t\t<\/div>\n\t\t\t\t<\/div>\n\t\t","protected":false},"excerpt":{"rendered":"","protected":false},"author":3,"featured_media":1733,"parent":0,"menu_order":0,"comment_status":"closed","ping_status":"closed","template":"elementor_header_footer","meta":{"_yoast_wpseo_focuskw":"Morrigan","_yoast_wpseo_title":"Morrigan - H\u00fasfreyja str\u00ed\u00f0s, \u00f6rlaga, kynl\u00edfs og dau\u00f0a","_yoast_wpseo_metadesc":"Morrigan, gy\u00f0ja keltneskrar hef\u00f0ar, var\u00f0veitt \u00ed aldara\u00f0ir: kr\u00e1ku-gervi yfir v\u00edgv\u00f6llum, r\u00f6dd \u00ed Cath Maige Tuired.","_yoast_wpseo_meta-robots-noindex":"","_yoast_wpseo_canonical":"","_angie_page":false,"gefaehrdungsstufe":"3","wesen_kultur":"keltisch","wesen_klasse":"goetter","footnotes":""},"categories":[],"class_list":["post-168761","page","type-page","status-publish","has-post-thumbnail","hentry"],"yoast_head":"<!-- This site is optimized with the Yoast SEO Premium plugin v27.7 (Yoast SEO v28.3) - https:\/\/yoast.com\/product\/yoast-seo-premium-wordpress\/ -->\n<title>Morrigan - H\u00fasfreyja str\u00ed\u00f0s, \u00f6rlaga, kynl\u00edfs og dau\u00f0a<\/title>\n<meta name=\"description\" content=\"Morrigan, gy\u00f0ja keltneskrar hef\u00f0ar, var\u00f0veitt \u00ed aldara\u00f0ir: kr\u00e1ku-gervi yfir v\u00edgv\u00f6llum, r\u00f6dd \u00ed Cath Maige Tuired.\" \/>\n<meta name=\"robots\" content=\"index, follow, max-snippet:-1, max-image-preview:large, max-video-preview:-1\" \/>\n<link rel=\"canonical\" href=\"https:\/\/iwell-guard.com\/is\/morrigan\/\" \/>\n<meta property=\"og:locale\" content=\"is_IS\" \/>\n<meta property=\"og:type\" content=\"article\" \/>\n<meta property=\"og:title\" content=\"Morrigan\" \/>\n<meta property=\"og:description\" content=\"Morrigan, gy\u00f0ja keltneskrar hef\u00f0ar, var\u00f0veitt \u00ed aldara\u00f0ir: kr\u00e1ku-gervi yfir v\u00edgv\u00f6llum, r\u00f6dd \u00ed Cath Maige Tuired.\" \/>\n<meta property=\"og:url\" content=\"https:\/\/iwell-guard.com\/is\/morrigan\/\" \/>\n<meta property=\"og:site_name\" content=\"iWell Guard\" \/>\n<meta property=\"article:modified_time\" content=\"2026-09-05T14:18:45+00:00\" \/>\n<meta property=\"og:image\" content=\"https:\/\/iwell-guard.com\/wp-content\/uploads\/2026\/04\/goetter_keltisch_morrigan.webp\" \/>\n\t<meta property=\"og:image:width\" content=\"1024\" \/>\n\t<meta property=\"og:image:height\" content=\"1536\" \/>\n\t<meta property=\"og:image:type\" content=\"image\/webp\" \/>\n<meta name=\"twitter:card\" content=\"summary_large_image\" \/>\n<script type=\"application\/ld+json\" class=\"yoast-schema-graph\">{\"@context\":\"https:\\\/\\\/schema.org\",\"@graph\":[{\"@type\":\"WebPage\",\"@id\":\"https:\\\/\\\/iwell-guard.com\\\/is\\\/morrigan\\\/\",\"url\":\"https:\\\/\\\/iwell-guard.com\\\/is\\\/morrigan\\\/\",\"name\":\"Morrigan - H\u00fasfreyja str\u00ed\u00f0s, \u00f6rlaga, kynl\u00edfs og dau\u00f0a\",\"isPartOf\":{\"@id\":\"https:\\\/\\\/iwell-guard.com\\\/is\\\/#website\"},\"primaryImageOfPage\":{\"@id\":\"https:\\\/\\\/iwell-guard.com\\\/is\\\/morrigan\\\/#primaryimage\"},\"image\":{\"@id\":\"https:\\\/\\\/iwell-guard.com\\\/is\\\/morrigan\\\/#primaryimage\"},\"thumbnailUrl\":\"https:\\\/\\\/iwell-guard.com\\\/wp-content\\\/uploads\\\/2026\\\/04\\\/goetter_keltisch_morrigan.webp\",\"datePublished\":\"2026-09-05T14:02:46+00:00\",\"dateModified\":\"2026-09-05T14:18:45+00:00\",\"description\":\"Morrigan, gy\u00f0ja keltneskrar hef\u00f0ar, var\u00f0veitt \u00ed aldara\u00f0ir: kr\u00e1ku-gervi yfir v\u00edgv\u00f6llum, r\u00f6dd \u00ed Cath Maige Tuired.\",\"breadcrumb\":{\"@id\":\"https:\\\/\\\/iwell-guard.com\\\/is\\\/morrigan\\\/#breadcrumb\"},\"inLanguage\":\"is\",\"potentialAction\":[{\"@type\":\"ReadAction\",\"target\":[\"https:\\\/\\\/iwell-guard.com\\\/is\\\/morrigan\\\/\"]}]},{\"@type\":\"ImageObject\",\"inLanguage\":\"is\",\"@id\":\"https:\\\/\\\/iwell-guard.com\\\/is\\\/morrigan\\\/#primaryimage\",\"url\":\"https:\\\/\\\/iwell-guard.com\\\/wp-content\\\/uploads\\\/2026\\\/04\\\/goetter_keltisch_morrigan.webp\",\"contentUrl\":\"https:\\\/\\\/iwell-guard.com\\\/wp-content\\\/uploads\\\/2026\\\/04\\\/goetter_keltisch_morrigan.webp\",\"width\":1024,\"height\":1536,\"caption\":\"Gu\u00f0ir \u00far keltneskri hef\u00f0.\"},{\"@type\":\"BreadcrumbList\",\"@id\":\"https:\\\/\\\/iwell-guard.com\\\/is\\\/morrigan\\\/#breadcrumb\",\"itemListElement\":[{\"@type\":\"ListItem\",\"position\":1,\"name\":\"Start\",\"item\":\"https:\\\/\\\/iwell-guard.com\\\/is\\\/?page_id=168580\"},{\"@type\":\"ListItem\",\"position\":2,\"name\":\"Morrigan\"}]},{\"@type\":\"WebSite\",\"@id\":\"https:\\\/\\\/iwell-guard.com\\\/is\\\/#website\",\"url\":\"https:\\\/\\\/iwell-guard.com\\\/is\\\/\",\"name\":\"iWell Guard\",\"description\":\"Schutz vor dunklen Einfl\u00fcssen\",\"publisher\":{\"@id\":\"https:\\\/\\\/iwell-guard.com\\\/is\\\/#organization\"},\"potentialAction\":[{\"@type\":\"SearchAction\",\"target\":{\"@type\":\"EntryPoint\",\"urlTemplate\":\"https:\\\/\\\/iwell-guard.com\\\/is\\\/?s={search_term_string}\"},\"query-input\":{\"@type\":\"PropertyValueSpecification\",\"valueRequired\":true,\"valueName\":\"search_term_string\"}}],\"inLanguage\":\"is\"},{\"@type\":\"Organization\",\"@id\":\"https:\\\/\\\/iwell-guard.com\\\/is\\\/#organization\",\"name\":\"Ittermann electronic GmbH\",\"url\":\"https:\\\/\\\/iwell-guard.com\\\/is\\\/\",\"logo\":{\"@type\":\"ImageObject\",\"inLanguage\":\"is\",\"@id\":\"https:\\\/\\\/iwell-guard.com\\\/is\\\/#\\\/schema\\\/logo\\\/image\\\/\",\"url\":\"https:\\\/\\\/iwell-guard.com\\\/wp-content\\\/uploads\\\/2026\\\/05\\\/Ittermann-Logo-1182x237-1.png\",\"contentUrl\":\"https:\\\/\\\/iwell-guard.com\\\/wp-content\\\/uploads\\\/2026\\\/05\\\/Ittermann-Logo-1182x237-1.png\",\"width\":1182,\"height\":237,\"caption\":\"Ittermann electronic GmbH\"},\"image\":{\"@id\":\"https:\\\/\\\/iwell-guard.com\\\/is\\\/#\\\/schema\\\/logo\\\/image\\\/\"},\"sameAs\":[\"https:\\\/\\\/pantip.com\\\/profile\\\/9367242\",\"https:\\\/\\\/micro.blog\\\/iwellguard\",\"https:\\\/\\\/www.diggerslist.com\\\/iwellguard\\\/about\",\"https:\\\/\\\/skitterphoto.com\\\/photographers\\\/2870314\\\/iwell-guard\",\"https:\\\/\\\/iwellguard.wordpress.com\\\/2026\\\/06\\\/06\\\/iwell-guard\\\/\",\"https:\\\/\\\/hub.docker.com\\\/u\\\/iwellguard\",\"https:\\\/\\\/www.pinterest.com\\\/iwellguard\\\/\",\"https:\\\/\\\/bit.ly\\\/m\\\/iwellguard\",\"https:\\\/\\\/entre-vos-mains.alsace.eu\\\/profiles\\\/iwellguard\\\/activity\",\"https:\\\/\\\/gravatar.com\\\/reallybeded8fd34\",\"https:\\\/\\\/naijamatta.com\\\/iwellguard\",\"https:\\\/\\\/www.goodreads.com\\\/iwellguard\",\"https:\\\/\\\/profile.hatena.ne.jp\\\/iwellguard\\\/\",\"https:\\\/\\\/experiment.com\\\/users\\\/iwellguard\",\"https:\\\/\\\/wakelet.com\\\/@iWellGuard82270\",\"https:\\\/\\\/www.chordie.com\\\/forum\\\/profile.php?id=2555664\",\"https:\\\/\\\/www.instapaper.com\\\/p\\\/17757966\",\"https:\\\/\\\/www.mapleprimes.com\\\/users\\\/iwellguard\",\"https:\\\/\\\/businesslistingplus.com\\\/profile\\\/iwell-guard\\\/\",\"https:\\\/\\\/telegra.ph\\\/iWell-Guard-06-06\",\"https:\\\/\\\/pbase.com\\\/iwellguard\\\/iwellguard\",\"https:\\\/\\\/b.hatena.ne.jp\\\/iwellguard\\\/20260607#bookmark-4788405196491818882\",\"https:\\\/\\\/fliphtml5.com\\\/home\\\/iwellguard\",\"https:\\\/\\\/anyflip.com\\\/homepage\\\/cmiwl#About\",\"https:\\\/\\\/transfur.com\\\/Users\\\/iwellguard\",\"http:\\\/\\\/delphi.larsbo.org\\\/user\\\/iwellguard\",\"https:\\\/\\\/jobs.lajobsportal.org\\\/profiles\\\/8380803-iwell-guard\",\"https:\\\/\\\/md.chaosdorf.de\\\/s\\\/jfbe5SBdJD\",\"https:\\\/\\\/www.lingvolive.com\\\/en-us\\\/profile\\\/9ecaeaca-ce11-4e51-9e71-01d55e2bff36\\\/translations\",\"https:\\\/\\\/www.fitday.com\\\/fitness\\\/forums\\\/members\\\/iwellguard.html\",\"https:\\\/\\\/www.mymeetbook.com\\\/iwellguard\",\"https:\\\/\\\/pxhere.com\\\/en\\\/photographer-me\\\/5040798\",\"https:\\\/\\\/disqus.com\\\/by\\\/iwellguard\\\/about\\\/\",\"https:\\\/\\\/pastelink.net\\\/hjwciqwq\",\"https:\\\/\\\/pubhtml5.com\\\/homepage\\\/scjhn\\\/\",\"https:\\\/\\\/www.bitchute.com\\\/channel\\\/2O2eOKzNqujT\",\"https:\\\/\\\/audiomack.com\\\/iwellguard\"]},{\"@type\":\"Article\",\"@id\":\"https:\\\/\\\/iwell-guard.com\\\/is\\\/morrigan\\\/#article\",\"isPartOf\":{\"@id\":\"https:\\\/\\\/iwell-guard.com\\\/is\\\/morrigan\\\/\"},\"author\":{\"name\":\"Ralf Ittermann\",\"@id\":\"https:\\\/\\\/iwell-guard.com\\\/is\\\/#\\\/schema\\\/person\\\/ee2a27f1cac3406c7c6fb5820cb7349f\"},\"headline\":\"Morrigan\",\"datePublished\":\"2026-09-05T14:02:46+00:00\",\"dateModified\":\"2026-09-05T14:18:45+00:00\",\"mainEntityOfPage\":{\"@id\":\"https:\\\/\\\/iwell-guard.com\\\/is\\\/morrigan\\\/\"},\"publisher\":{\"@id\":\"https:\\\/\\\/iwell-guard.com\\\/is\\\/#organization\"},\"image\":{\"@id\":\"https:\\\/\\\/iwell-guard.com\\\/is\\\/morrigan\\\/#primaryimage\"},\"thumbnailUrl\":\"https:\\\/\\\/iwell-guard.com\\\/wp-content\\\/uploads\\\/2026\\\/04\\\/goetter_keltisch_morrigan.webp\",\"inLanguage\":\"is\",\"description\":\"Morrigan, gy\u00f0ja keltneskrar hef\u00f0ar, var\u00f0veitt \u00ed aldara\u00f0ir: kr\u00e1ku-gervi yfir v\u00edgv\u00f6llum, r\u00f6dd \u00ed Cath Maige Tuired.\"}]}<\/script>\n<!-- \/ Yoast SEO Premium plugin. -->","yoast_head_json":{"title":"Morrigan - H\u00fasfreyja str\u00ed\u00f0s, \u00f6rlaga, kynl\u00edfs og dau\u00f0a","description":"Morrigan, gy\u00f0ja keltneskrar hef\u00f0ar, var\u00f0veitt \u00ed aldara\u00f0ir: kr\u00e1ku-gervi yfir v\u00edgv\u00f6llum, r\u00f6dd \u00ed Cath Maige Tuired.","robots":{"index":"index","follow":"follow","max-snippet":"max-snippet:-1","max-image-preview":"max-image-preview:large","max-video-preview":"max-video-preview:-1"},"canonical":"https:\/\/iwell-guard.com\/is\/morrigan\/","og_locale":"is_IS","og_type":"article","og_title":"Morrigan","og_description":"Morrigan, gy\u00f0ja keltneskrar hef\u00f0ar, var\u00f0veitt \u00ed aldara\u00f0ir: kr\u00e1ku-gervi yfir v\u00edgv\u00f6llum, r\u00f6dd \u00ed Cath Maige Tuired.","og_url":"https:\/\/iwell-guard.com\/is\/morrigan\/","og_site_name":"iWell Guard","article_modified_time":"2026-09-05T14:18:45+00:00","og_image":[{"width":1024,"height":1536,"url":"https:\/\/iwell-guard.com\/wp-content\/uploads\/2026\/04\/goetter_keltisch_morrigan.webp","type":"image\/webp"}],"twitter_card":"summary_large_image","schema":{"@context":"https:\/\/schema.org","@graph":[{"@type":"Article","@id":"https:\/\/iwell-guard.com\/is\/morrigan\/#article","isPartOf":{"@id":"https:\/\/iwell-guard.com\/is\/morrigan\/"},"author":{"name":"Ralf Ittermann","@id":"https:\/\/iwell-guard.com\/is\/#\/schema\/person\/ee2a27f1cac3406c7c6fb5820cb7349f"},"headline":"Morrigan","datePublished":"2026-09-05T14:02:46+00:00","dateModified":"2026-09-05T14:18:45+00:00","mainEntityOfPage":{"@id":"https:\/\/iwell-guard.com\/is\/morrigan\/"},"publisher":{"@id":"https:\/\/iwell-guard.com\/is\/#organization"},"image":{"@id":"https:\/\/iwell-guard.com\/is\/morrigan\/#primaryimage"},"thumbnailUrl":"https:\/\/iwell-guard.com\/wp-content\/uploads\/2026\/04\/goetter_keltisch_morrigan.webp","inLanguage":"is","description":"Morrigan, gy\u00f0ja keltneskrar hef\u00f0ar, var\u00f0veitt \u00ed aldara\u00f0ir: kr\u00e1ku-gervi yfir v\u00edgv\u00f6llum, r\u00f6dd \u00ed Cath Maige Tuired."},{"@type":"WebPage","@id":"https:\/\/iwell-guard.com\/is\/morrigan\/","url":"https:\/\/iwell-guard.com\/is\/morrigan\/","name":"Morrigan - H\u00fasfreyja str\u00ed\u00f0s, \u00f6rlaga, kynl\u00edfs og dau\u00f0a","isPartOf":{"@id":"https:\/\/iwell-guard.com\/is\/#website"},"primaryImageOfPage":{"@id":"https:\/\/iwell-guard.com\/is\/morrigan\/#primaryimage"},"image":{"@id":"https:\/\/iwell-guard.com\/is\/morrigan\/#primaryimage"},"thumbnailUrl":"https:\/\/iwell-guard.com\/wp-content\/uploads\/2026\/04\/goetter_keltisch_morrigan.webp","datePublished":"2026-09-05T14:02:46+00:00","dateModified":"2026-09-05T14:18:45+00:00","description":"Morrigan, gy\u00f0ja keltneskrar hef\u00f0ar, var\u00f0veitt \u00ed aldara\u00f0ir: kr\u00e1ku-gervi yfir v\u00edgv\u00f6llum, r\u00f6dd \u00ed Cath Maige Tuired.","breadcrumb":{"@id":"https:\/\/iwell-guard.com\/is\/morrigan\/#breadcrumb"},"inLanguage":"is","potentialAction":[{"@type":"ReadAction","target":["https:\/\/iwell-guard.com\/is\/morrigan\/"]}]},{"@type":"ImageObject","inLanguage":"is","@id":"https:\/\/iwell-guard.com\/is\/morrigan\/#primaryimage","url":"https:\/\/iwell-guard.com\/wp-content\/uploads\/2026\/04\/goetter_keltisch_morrigan.webp","contentUrl":"https:\/\/iwell-guard.com\/wp-content\/uploads\/2026\/04\/goetter_keltisch_morrigan.webp","width":1024,"height":1536,"caption":"Gu\u00f0ir \u00far keltneskri hef\u00f0."},{"@type":"BreadcrumbList","@id":"https:\/\/iwell-guard.com\/is\/morrigan\/#breadcrumb","itemListElement":[{"@type":"ListItem","position":1,"name":"Start","item":"https:\/\/iwell-guard.com\/is\/?page_id=168580"},{"@type":"ListItem","position":2,"name":"Morrigan"}]},{"@type":"WebSite","@id":"https:\/\/iwell-guard.com\/is\/#website","url":"https:\/\/iwell-guard.com\/is\/","name":"iWell Guard","description":"Schutz vor dunklen Einfl\u00fcssen","publisher":{"@id":"https:\/\/iwell-guard.com\/is\/#organization"},"potentialAction":[{"@type":"SearchAction","target":{"@type":"EntryPoint","urlTemplate":"https:\/\/iwell-guard.com\/is\/?s={search_term_string}"},"query-input":{"@type":"PropertyValueSpecification","valueRequired":true,"valueName":"search_term_string"}}],"inLanguage":"is"},{"@type":"Organization","@id":"https:\/\/iwell-guard.com\/is\/#organization","name":"Ittermann electronic GmbH","url":"https:\/\/iwell-guard.com\/is\/","logo":{"@type":"ImageObject","inLanguage":"is","@id":"https:\/\/iwell-guard.com\/is\/#\/schema\/logo\/image\/","url":"https:\/\/iwell-guard.com\/wp-content\/uploads\/2026\/05\/Ittermann-Logo-1182x237-1.png","contentUrl":"https:\/\/iwell-guard.com\/wp-content\/uploads\/2026\/05\/Ittermann-Logo-1182x237-1.png","width":1182,"height":237,"caption":"Ittermann electronic GmbH"},"image":{"@id":"https:\/\/iwell-guard.com\/is\/#\/schema\/logo\/image\/"},"sameAs":["https:\/\/pantip.com\/profile\/9367242","https:\/\/micro.blog\/iwellguard","https:\/\/www.diggerslist.com\/iwellguard\/about","https:\/\/skitterphoto.com\/photographers\/2870314\/iwell-guard","https:\/\/iwellguard.wordpress.com\/2026\/06\/06\/iwell-guard\/","https:\/\/hub.docker.com\/u\/iwellguard","https:\/\/www.pinterest.com\/iwellguard\/","https:\/\/bit.ly\/m\/iwellguard","https:\/\/entre-vos-mains.alsace.eu\/profiles\/iwellguard\/activity","https:\/\/gravatar.com\/reallybeded8fd34","https:\/\/naijamatta.com\/iwellguard","https:\/\/www.goodreads.com\/iwellguard","https:\/\/profile.hatena.ne.jp\/iwellguard\/","https:\/\/experiment.com\/users\/iwellguard","https:\/\/wakelet.com\/@iWellGuard82270","https:\/\/www.chordie.com\/forum\/profile.php?id=2555664","https:\/\/www.instapaper.com\/p\/17757966","https:\/\/www.mapleprimes.com\/users\/iwellguard","https:\/\/businesslistingplus.com\/profile\/iwell-guard\/","https:\/\/telegra.ph\/iWell-Guard-06-06","https:\/\/pbase.com\/iwellguard\/iwellguard","https:\/\/b.hatena.ne.jp\/iwellguard\/20260607#bookmark-4788405196491818882","https:\/\/fliphtml5.com\/home\/iwellguard","https:\/\/anyflip.com\/homepage\/cmiwl#About","https:\/\/transfur.com\/Users\/iwellguard","http:\/\/delphi.larsbo.org\/user\/iwellguard","https:\/\/jobs.lajobsportal.org\/profiles\/8380803-iwell-guard","https:\/\/md.chaosdorf.de\/s\/jfbe5SBdJD","https:\/\/www.lingvolive.com\/en-us\/profile\/9ecaeaca-ce11-4e51-9e71-01d55e2bff36\/translations","https:\/\/www.fitday.com\/fitness\/forums\/members\/iwellguard.html","https:\/\/www.mymeetbook.com\/iwellguard","https:\/\/pxhere.com\/en\/photographer-me\/5040798","https:\/\/disqus.com\/by\/iwellguard\/about\/","https:\/\/pastelink.net\/hjwciqwq","https:\/\/pubhtml5.com\/homepage\/scjhn\/","https:\/\/www.bitchute.com\/channel\/2O2eOKzNqujT","https:\/\/audiomack.com\/iwellguard"]},{"@type":"Person","@id":"https:\/\/iwell-guard.com\/is\/#\/schema\/person\/ee2a27f1cac3406c7c6fb5820cb7349f","name":"Ralf Ittermann","image":{"@type":"ImageObject","inLanguage":"is","@id":"https:\/\/secure.gravatar.com\/avatar\/073c0153e350a5005b68eb752b445fea71f6b24a26da9449ad7e155e6b446c9d?s=96&d=mm&r=g","url":"https:\/\/secure.gravatar.com\/avatar\/073c0153e350a5005b68eb752b445fea71f6b24a26da9449ad7e155e6b446c9d?s=96&d=mm&r=g","contentUrl":"https:\/\/secure.gravatar.com\/avatar\/073c0153e350a5005b68eb752b445fea71f6b24a26da9449ad7e155e6b446c9d?s=96&d=mm&r=g","caption":"Ralf Ittermann"},"givenName":"Ralf","familyName":"Ittermann","jobTitle":"Gesch\u00e4ftsf\u00fchrer und redaktioneller Verantwortlicher","url":"https:\/\/iwell-guard.com\/is\/author\/claude\/","description":"Ralf Ittermann ist Gesch\u00e4ftsf\u00fchrer der Ittermann electronic GmbH und redaktioneller Verantwortlicher des iWell-Guard-Lexikons. Er verbindet langj\u00e4hrige Erfahrung in der Pr\u00e4zisionsfertigung mit medialer Praxis und religionsgeschichtlicher Quellenarbeit.","worksFor":{"@type":"Organization","name":"Ittermann electronic GmbH","url":"https:\/\/ittermann.de\/","address":{"@type":"PostalAddress","streetAddress":"K\u00f6hlergasse 16-18","postalCode":"99842","addressLocality":"Ruhla","addressCountry":"DE"}},"knowsAbout":["Religionsgeschichte","Mythologie","Mediale Praxis","Energetische Diagnostik","Schutzpraxis","Volksglauben","Westliche Esoterik"]},{"@type":"Article","@id":"https:\/\/iwell-guard.com\/is\/morrigan\/#article","isPartOf":{"@id":"https:\/\/iwell-guard.com\/is\/morrigan\/"},"author":{"name":"Ralf Ittermann","@id":"https:\/\/iwell-guard.com\/is\/#\/schema\/person\/ee2a27f1cac3406c7c6fb5820cb7349f"},"headline":"Morrigan","datePublished":"2026-09-05T14:02:46+00:00","dateModified":"2026-09-05T14:18:45+00:00","mainEntityOfPage":{"@id":"https:\/\/iwell-guard.com\/is\/morrigan\/"},"publisher":{"@id":"https:\/\/iwell-guard.com\/is\/#organization"},"image":{"@id":"https:\/\/iwell-guard.com\/is\/morrigan\/#primaryimage"},"thumbnailUrl":"https:\/\/iwell-guard.com\/wp-content\/uploads\/2026\/04\/goetter_keltisch_morrigan.webp","inLanguage":"is","description":"Morrigan, gy\u00f0ja keltneskrar hef\u00f0ar, var\u00f0veitt \u00ed aldara\u00f0ir: kr\u00e1ku-gervi yfir v\u00edgv\u00f6llum, r\u00f6dd \u00ed Cath Maige Tuired."}]}},"_links":{"self":[{"href":"https:\/\/iwell-guard.com\/is\/wp-json\/wp\/v2\/pages\/168761","targetHints":{"allow":["GET"]}}],"collection":[{"href":"https:\/\/iwell-guard.com\/is\/wp-json\/wp\/v2\/pages"}],"about":[{"href":"https:\/\/iwell-guard.com\/is\/wp-json\/wp\/v2\/types\/page"}],"author":[{"embeddable":true,"href":"https:\/\/iwell-guard.com\/is\/wp-json\/wp\/v2\/users\/3"}],"replies":[{"embeddable":true,"href":"https:\/\/iwell-guard.com\/is\/wp-json\/wp\/v2\/comments?post=168761"}],"version-history":[{"count":0,"href":"https:\/\/iwell-guard.com\/is\/wp-json\/wp\/v2\/pages\/168761\/revisions"}],"wp:featuredmedia":[{"embeddable":true,"href":"https:\/\/iwell-guard.com\/is\/wp-json\/wp\/v2\/media\/1733"}],"wp:attachment":[{"href":"https:\/\/iwell-guard.com\/is\/wp-json\/wp\/v2\/media?parent=168761"}],"wp:term":[{"taxonomy":"category","embeddable":true,"href":"https:\/\/iwell-guard.com\/is\/wp-json\/wp\/v2\/categories?post=168761"}],"curies":[{"name":"wp","href":"https:\/\/api.w.org\/{rel}","templated":true}]}}