{"id":168760,"date":"2026-09-05T14:02:45","date_gmt":"2026-09-05T14:02:45","guid":{"rendered":"https:\/\/iwell-guard.com\/?page_id=168760"},"modified":"2026-09-05T14:18:44","modified_gmt":"2026-09-05T14:18:44","slug":"dagda","status":"publish","type":"page","link":"https:\/\/iwell-guard.com\/is\/dagda\/","title":{"rendered":"Dagda"},"content":{"rendered":"\t\t<div data-elementor-type=\"wp-page\" data-elementor-id=\"168760\" class=\"elementor elementor-168760 elementor-1981 elementor-bc-flex-widget\" data-elementor-post-type=\"page\">\n\t\t\t\t<div class=\"elementor-element elementor-element-10fdade e-flex e-con-boxed e-con e-parent\" data-id=\"10fdade\" data-element_type=\"container\" data-e-type=\"container\" data-settings=\"{&quot;background_background&quot;:&quot;classic&quot;}\">\n\t\t\t\t\t<div class=\"e-con-inner\">\n\t\t<div class=\"elementor-element elementor-element-herohlft0 e-flex e-con-boxed e-con e-child\" data-id=\"herohlft0\" data-element_type=\"container\" data-e-type=\"container\">\n\t\t\t\t\t<div class=\"e-con-inner\">\n\t\t<div class=\"elementor-element elementor-element-c3ceb64 e-con-full e-flex e-con e-child\" data-id=\"c3ceb64\" data-element_type=\"container\" data-e-type=\"container\">\n\t\t\t\t<div class=\"elementor-element elementor-element-96ae5e1 elementor-widget elementor-widget-heading\" data-id=\"96ae5e1\" data-element_type=\"widget\" data-e-type=\"widget\" data-widget_type=\"heading.default\">\n\t\t\t\t\t<h1 class=\"elementor-heading-title elementor-size-default\">Dagda, gu\u00f0 \u00far keltneskri hef\u00f0<\/h1>\t\t\t\t<\/div>\n\t\t\t\t<div class=\"elementor-element elementor-element-e45238a elementor-widget elementor-widget-text-editor\" data-id=\"e45238a\" data-element_type=\"widget\" data-e-type=\"widget\" data-widget_type=\"text-editor.default\">\n\t\t\t\t\t\t\t\t\t<p>Dagda er keltneskur gu\u00f0 \u00far \u00edrskri hef\u00f0, \u00feekktur sem \u00bbG\u00f3\u00f0i gu\u00f0inn\u00ab, fa\u00f0ir og herra allra hluta \u00ed hinni go\u00f0s\u00f6gulegu <span class=\"iwg-fachbegriff\" data-tooltip=\"\u00dea\u00f0 hvernig \u00feekking og s\u00f6gur berast \u00e1fram milli kynsl\u00f3\u00f0a.\" tabindex=\"0\">arfs\u00f6gn<\/span>. Hann er mi\u00f0l\u00e6gur gu\u00f0 Tuatha D\u00e9 Danann og er tr\u00faars\u00f6gulega d\u00e6mi um hina ind\u00f3evr\u00f3psku \u00bbherragu\u00f0s\u00ab- e\u00f0a \u00bbalvitringsgu\u00f0s\u00ab-fyrirmynd. Sem fa\u00f0ir- og \u00e6ttargu\u00f0 stendur hann fyrir hina verndandi skipan \u00e6ttarins.<\/p>\t\t\t\t\t\t\t\t<\/div>\n\t\t\t\t<\/div>\n\t\t<div class=\"elementor-element elementor-element-klsbdg01 e-con-full e-flex e-con e-parent\" data-id=\"klsbdg01\" data-element_type=\"container\" data-e-type=\"container\">\n\t\t\t\t<div class=\"elementor-element elementor-element-klshtm01 elementor-widget elementor-widget-html\" data-id=\"klshtm01\" data-element_type=\"widget\" data-e-type=\"widget\" data-widget_type=\"html.default\">\n\t\t\t\t\t<div class=\"iwg-pill-row\"><span class=\"iwg-klasse-badge\" tabindex=\"0\" data-tooltip=\"Gu\u00f0 \/ gy\u00f0ja: Pers\u00f3nuger\u00f0ur h\u00e6sta m\u00e1ttur \u00ed go\u00f0afr\u00e6\u00f0i menningar, me\u00f0 sk\u00fdrt afm\u00f6rku\u00f0 svi\u00f0, n\u00e1tt\u00faru\u00f6fl, \u00f6rl\u00f6g, str\u00ed\u00f0, frj\u00f3semi. Tigna\u00f0ur me\u00f0 helgisi\u00f0um, f\u00f3rnum og hofstofnunum.\">Gu\u00f0<\/span><a href=\"https:\/\/iwell-guard.com\/is\/?page_id=168615\" class=\"iwg-kultur-badge\" tabindex=\"0\" data-tooltip=\"Keltnesk tr\u00faarbr\u00f6g\u00f0 Vestur-Evr\u00f3pu og Bretlandseyja, var\u00f0veitt \u00ed go\u00f0afr\u00e6\u00f0ilegum \u00edrskum og velskum textum.\">Keltneskt<\/a><a href=\"https:\/\/iwell-guard.com\/is\/?page_id=168707\" class=\"iwg-tradition-badge\" tabindex=\"0\" data-tooltip=\"\u00c6\u00f0stu gu\u00f0ir go\u00f0aheims, alheimslegt yfirr\u00e1\u00f0, skapara- e\u00f0a herrae\u00f0li.\">\u00c6\u00f0ri gu\u00f0<\/a><\/div>\t\t\t\t<\/div>\n\t\t\t\t<\/div>\n\t\t<div class=\"elementor-element elementor-element-3f74855 e-con-full e-flex e-con e-child\" data-id=\"3f74855\" data-element_type=\"container\" data-e-type=\"container\">\n\t\t\t\t<div class=\"elementor-element elementor-element-1c30362 elementor-toc--minimized-on-tablet elementor-widget elementor-widget-table-of-contents\" data-id=\"1c30362\" data-element_type=\"widget\" data-e-type=\"widget\" data-settings=\"{&quot;exclude_headings_by_selector&quot;:[],&quot;no_headings_message&quot;:&quot;Engar undirfyrirsagnir fundust \\u00e1 \\u00feessari s\\u00ed\\u00f0u.&quot;,&quot;headings_by_tags&quot;:[&quot;h2&quot;,&quot;h3&quot;],&quot;marker_view&quot;:&quot;bullets&quot;,&quot;minimize_box&quot;:&quot;yes&quot;,&quot;icon&quot;:{&quot;value&quot;:&quot;fas fa-circle&quot;,&quot;library&quot;:&quot;fa-solid&quot;,&quot;rendered_tag&quot;:&quot;&lt;svg class=\\&quot;e-font-icon-svg e-fas-circle\\&quot; viewBox=\\&quot;0 0 512 512\\&quot; xmlns=\\&quot;http:\\\/\\\/www.w3.org\\\/2000\\\/svg\\&quot;&gt;&lt;path d=\\&quot;M256 8C119 8 8 119 8 256s111 248 248 248 248-111 248-248S393 8 256 8z\\&quot;&gt;&lt;\\\/path&gt;&lt;\\\/svg&gt;&quot;},&quot;minimized_on&quot;:&quot;tablet&quot;,&quot;hierarchical_view&quot;:&quot;yes&quot;,&quot;min_height&quot;:{&quot;unit&quot;:&quot;px&quot;,&quot;size&quot;:&quot;&quot;,&quot;sizes&quot;:[]},&quot;min_height_tablet&quot;:{&quot;unit&quot;:&quot;px&quot;,&quot;size&quot;:&quot;&quot;,&quot;sizes&quot;:[]},&quot;min_height_mobile&quot;:{&quot;unit&quot;:&quot;px&quot;,&quot;size&quot;:&quot;&quot;,&quot;sizes&quot;:[]}}\" data-widget_type=\"table-of-contents.default\">\n\t\t\t\t\t\t\t\t\t<div class=\"elementor-toc__header\">\n\t\t\t\t\t\t<h2 class=\"elementor-toc__header-title\">\n\t\t\t\tEfnisyfirlit\t\t\t<\/h2>\n\t\t\t\t\t\t\t\t\t\t<div class=\"elementor-toc__toggle-button elementor-toc__toggle-button--expand\" role=\"button\" tabindex=\"0\" aria-controls=\"elementor-toc__1c30362\" aria-expanded=\"true\" aria-label=\"Open table of contents\"><svg aria-hidden=\"true\" class=\"e-font-icon-svg e-fas-chevron-down\" viewBox=\"0 0 448 512\" xmlns=\"http:\/\/www.w3.org\/2000\/svg\"><path d=\"M207.029 381.476L12.686 187.132c-9.373-9.373-9.373-24.569 0-33.941l22.667-22.667c9.357-9.357 24.522-9.375 33.901-.04L224 284.505l154.745-154.021c9.379-9.335 24.544-9.317 33.901.04l22.667 22.667c9.373 9.373 9.373 24.569 0 33.941L240.971 381.476c-9.373 9.372-24.569 9.372-33.942 0z\"><\/path><\/svg><\/div>\n\t\t\t\t<div class=\"elementor-toc__toggle-button elementor-toc__toggle-button--collapse\" role=\"button\" tabindex=\"0\" aria-controls=\"elementor-toc__1c30362\" aria-expanded=\"true\" aria-label=\"Close table of contents\"><svg aria-hidden=\"true\" class=\"e-font-icon-svg e-fas-chevron-up\" viewBox=\"0 0 448 512\" xmlns=\"http:\/\/www.w3.org\/2000\/svg\"><path d=\"M240.971 130.524l194.343 194.343c9.373 9.373 9.373 24.569 0 33.941l-22.667 22.667c-9.357 9.357-24.522 9.375-33.901.04L224 227.495 69.255 381.516c-9.379 9.335-24.544 9.317-33.901-.04l-22.667-22.667c-9.373-9.373-9.373-24.569 0-33.941L207.03 130.525c9.372-9.373 24.568-9.373 33.941-.001z\"><\/path><\/svg><\/div>\n\t\t\t\t\t<\/div>\n\t\t\t\t<div id=\"elementor-toc__1c30362\" class=\"elementor-toc__body\">\n\t\t\t<div class=\"elementor-toc__spinner-container\">\n\t\t\t\t<svg class=\"elementor-toc__spinner eicon-animation-spin e-font-icon-svg e-eicon-loading\" aria-hidden=\"true\" viewBox=\"0 0 1000 1000\" xmlns=\"http:\/\/www.w3.org\/2000\/svg\"><path d=\"M500 975V858C696 858 858 696 858 500S696 142 500 142 142 304 142 500H25C25 237 238 25 500 25S975 237 975 500 763 975 500 975Z\"><\/path><\/svg>\t\t\t<\/div>\n\t\t<\/div>\n\t\t\t\t\t\t<\/div>\n\t\t\t\t<\/div>\n\t\t\t\t\t<\/div>\n\t\t\t\t<\/div>\n\t\t<div class=\"elementor-element elementor-element-herorght0 e-con-full e-flex e-con e-child\" data-id=\"herorght0\" data-element_type=\"container\" data-e-type=\"container\">\n\t\t\t\t<div class=\"elementor-element elementor-element-heroimg00 iwg-hero-image elementor-widget elementor-widget-image\" data-id=\"heroimg00\" data-element_type=\"widget\" data-e-type=\"widget\" data-widget_type=\"image.default\">\n\t\t\t\t\t\t\t\t\t\t\t\t\t\t\t<img fetchpriority=\"high\" decoding=\"async\" width=\"683\" height=\"1024\" src=\"https:\/\/iwell-guard.com\/wp-content\/uploads\/2026\/04\/goetter_keltisch_dagda-683x1024.webp\" class=\"attachment-large size-large wp-image-170952\" alt=\"Dagda - gu\u00f0 \u00far keltneskri hef\u00f0, s\u00f6guleg myndskreyting\" srcset=\"https:\/\/iwell-guard.com\/wp-content\/uploads\/2026\/04\/goetter_keltisch_dagda-683x1024.webp 683w, https:\/\/iwell-guard.com\/wp-content\/uploads\/2026\/04\/goetter_keltisch_dagda-200x300.webp 200w, https:\/\/iwell-guard.com\/wp-content\/uploads\/2026\/04\/goetter_keltisch_dagda-768x1152.webp 768w, https:\/\/iwell-guard.com\/wp-content\/uploads\/2026\/04\/goetter_keltisch_dagda.webp 1024w\" sizes=\"(max-width: 683px) 100vw, 683px\" \/>\t\t\t\t\t\t\t\t\t\t\t\t\t\t\t<\/div>\n\t\t\t\t<\/div>\n\t\t\t\t\t<\/div>\n\t\t\t\t<\/div>\n\t\t<div class=\"elementor-element elementor-element-32917199 e-flex e-con-boxed e-con e-parent\" data-id=\"32917199\" data-element_type=\"container\" data-e-type=\"container\">\n\t\t\t\t\t<div class=\"e-con-inner\">\n\t\t<div class=\"elementor-element elementor-element-26e916cb e-flex e-con-boxed e-con e-child\" data-id=\"26e916cb\" data-element_type=\"container\" data-e-type=\"container\">\n\t\t\t\t\t<div class=\"e-con-inner\">\n\t\t<div class=\"elementor-element elementor-element-253a40d4 e-flex e-con-boxed e-con e-child\" data-id=\"253a40d4\" data-element_type=\"container\" data-e-type=\"container\">\n\t\t\t\t\t<div class=\"e-con-inner\">\n\t\t\t\t<div class=\"elementor-element elementor-element-1200c304 elementor-widget elementor-widget-heading\" data-id=\"1200c304\" data-element_type=\"widget\" data-e-type=\"widget\" data-widget_type=\"heading.default\">\n\t\t\t\t\t<h2 class=\"elementor-heading-title elementor-size-default\">Dagda<\/h2>\t\t\t\t<\/div>\n\t\t\t\t<div class=\"elementor-element elementor-element-11758e7f elementor-widget elementor-widget-text-editor\" data-id=\"11758e7f\" data-element_type=\"widget\" data-e-type=\"widget\" data-widget_type=\"text-editor.default\">\n\t\t\t\t\t\t\t\t\t<p>Dagda er s\u00fdndur sem afar sterkur, r\u00edkur og fr\u00f3\u00f0ur gu\u00f0, sem r\u00e6\u00f0ur yfir t\u00f3nlist, l\u00e6knislist, sm\u00ed\u00f0akunn\u00e1ttu og <span class=\"iwg-fachbegriff\" data-tooltip=\"I\u00f0kun sem reynir a\u00f0 hafa \u00e1hrif \u00e1 gang hlutanna me\u00f0 s\u00e9rst\u00f6kum ath\u00f6fnum e\u00f0a form\u00falum.\" tabindex=\"0\">t\u00f6frum<\/span>. Mi\u00f0l\u00e6gur er katill hans, Katill n\u00e6gtanna (Coire Ansic), sem allar verur mettast af, og harpa hans sem st\u00fdrir \u00e1rst\u00ed\u00f0unum.<\/p><p>Hann er fa\u00f0ir margra Tuatha D\u00e9 Danann og foringi \u00ed orrustum. \u00cd Cath Maige Tuired kemur hann fram \u00ed str\u00ed\u00f0inu gegn Fomor\u00edum.<\/p>\t\t\t\t\t\t\t\t<\/div>\n\t\t\t\t\t<\/div>\n\t\t\t\t<\/div>\n\t\t<div class=\"elementor-element elementor-element-159dcf9a e-flex e-con-boxed e-con e-child\" data-id=\"159dcf9a\" data-element_type=\"container\" data-e-type=\"container\">\n\t\t\t\t\t<div class=\"e-con-inner\">\n\t\t\t\t<div class=\"elementor-element elementor-element-48cee66f elementor-widget elementor-widget-heading\" data-id=\"48cee66f\" data-element_type=\"widget\" data-e-type=\"widget\" data-widget_type=\"heading.default\">\n\t\t\t\t\t<div class=\"elementor-heading-title elementor-size-default\">Stutt yfirlit: Dagda<\/div>\t\t\t\t<\/div>\n\t\t\t\t<div class=\"elementor-element elementor-element-3f50d82c elementor-widget elementor-widget-text-editor\" data-id=\"3f50d82c\" data-element_type=\"widget\" data-e-type=\"widget\" data-widget_type=\"text-editor.default\">\n\t\t\t\t\t\t\t\t\t<p>Frumtextar eru Lebor Gab\u00e1la \u00c9renn (\u00bbB\u00f3k landvinninganna\u00ab), Cath Maige Tuired (\u00bbOrrustan \u00e1 Mag Tuired-vellinum\u00ab) og Metrical Dindshenchas. \u00deessir mi\u00f0aldalegu \u00edrsku textar, skr\u00e1\u00f0ir \u00e1 8. 12. \u00f6ld, safna saman eldra gu\u00f0fr\u00e6\u00f0ilegu efni. Bernhard Maier og Proinsias Mac Cana hafa f\u00e6rt \u00feessa pers\u00f3nu \u00ed flokk frumf\u00f6\u00f0ur-gu\u00f0s \u00ed ind\u00f3evr\u00f3pskum kerfum, samb\u00e6rileg Dyaus e\u00f0a Zeus-ger\u00f0inni.<\/p>\t\t\t\t\t\t\t\t<\/div>\n\t\t\t\t\t<\/div>\n\t\t\t\t<\/div>\n\t\t\t\t\t<\/div>\n\t\t\t\t<\/div>\n\t\t\t\t\t<\/div>\n\t\t\t\t<\/div>\n\t\t<div class=\"elementor-element elementor-element-18613602 e-flex e-con-boxed e-con e-parent\" data-id=\"18613602\" data-element_type=\"container\" data-e-type=\"container\">\n\t\t\t\t\t<div class=\"e-con-inner\">\n\t\t\t\t<div class=\"elementor-element elementor-element-262b8a9f elementor-widget elementor-widget-heading\" data-id=\"262b8a9f\" data-element_type=\"widget\" data-e-type=\"widget\" data-widget_type=\"heading.default\">\n\t\t\t\t\t<h2 class=\"elementor-heading-title elementor-size-default\">Samhengi<\/h2>\t\t\t\t<\/div>\n\t\t<div class=\"elementor-element elementor-element-46dcb7d e-con-full e-flex e-con e-child\" data-id=\"46dcb7d\" data-element_type=\"container\" data-e-type=\"container\">\n\t\t<div class=\"elementor-element elementor-element-61d3ab3 e-flex e-con-boxed e-con e-child\" data-id=\"61d3ab3\" data-element_type=\"container\" data-e-type=\"container\">\n\t\t\t\t\t<div class=\"e-con-inner\">\n\t\t\t\t<div class=\"elementor-element elementor-element-117c166 elementor-widget elementor-widget-heading\" data-id=\"117c166\" data-element_type=\"widget\" data-e-type=\"widget\" data-widget_type=\"heading.default\">\n\t\t\t\t\t<div class=\"elementor-heading-title elementor-size-default\">T\u00edmabil textanna<\/div>\t\t\t\t<\/div>\n\t\t\t\t<div class=\"elementor-element elementor-element-73997a0 elementor-widget elementor-widget-text-editor\" data-id=\"73997a0\" data-element_type=\"widget\" data-e-type=\"widget\" data-widget_type=\"text-editor.default\">\n\t\t\t\t\t\t\t\t\t<p>S\u00f6gurnar um Dagda voru afrita\u00f0ar fr\u00e1 fyrri hluta \u00edrskra mi\u00f0alda um margar aldir; Cath Maige Tuired er var\u00f0veitt \u00ed handriti fr\u00e1 16. \u00f6ld, en efni \u00feess er tungum\u00e1lalega mun eldra.<\/p><p>Eftir kristnit\u00f6ku endursk\u00f6pu\u00f0u skrifararnir Tuatha D\u00e9 Danann sem fors\u00f6gulega \u00fej\u00f3\u00f0, en kylfa, katill og harpa Dagda h\u00e9ldu velli sem einkenni hans. \u00cd \u00edrskri \u00fej\u00f3\u00f0tr\u00fa lif\u00f0i hann \u00e1fram sem vera tengd s\u00ed\u00f0-h\u00f3lunum, \u00fear sem textar tengja hann sem herra Br\u00fa na B\u00f3inne.<\/p>\t\t\t\t\t\t\t\t<\/div>\n\t\t\t\t\t<\/div>\n\t\t\t\t<\/div>\n\t\t<div class=\"elementor-element elementor-element-d47b156 e-flex e-con-boxed e-con e-child\" data-id=\"d47b156\" data-element_type=\"container\" data-e-type=\"container\">\n\t\t\t\t\t<div class=\"e-con-inner\">\n\t\t\t\t<div class=\"elementor-element elementor-element-ff38c2b elementor-widget elementor-widget-heading\" data-id=\"ff38c2b\" data-element_type=\"widget\" data-e-type=\"widget\" data-widget_type=\"heading.default\">\n\t\t\t\t\t<div class=\"elementor-heading-title elementor-size-default\">\u00datbrei\u00f0slusv\u00e6\u00f0i<\/div>\t\t\t\t<\/div>\n\t\t\t\t<div class=\"elementor-element elementor-element-4e49fcc elementor-widget elementor-widget-text-editor\" data-id=\"4e49fcc\" data-element_type=\"widget\" data-e-type=\"widget\" data-widget_type=\"text-editor.default\">\n\t\t\t\t\t\t\t\t\t<p>Dagda var ekki bundinn vi\u00f0 \u00e1kve\u00f0i\u00f0 sv\u00e6\u00f0i e\u00f0a sta\u00f0setningu, heldur var hann almennt \u00feekktur og tigna\u00f0ur e\u00f0a virtur me\u00f0 lotningarfullum \u00f3tta um allan keltneska heiminn. Hvort sem var \u00ed st\u00f3rum borgarmi\u00f0st\u00f6\u00f0vum e\u00f0a ja\u00f0arsv\u00e6\u00f0um \u00ed sveit, hj\u00e1 samf\u00e9lagslegri yfirst\u00e9tt e\u00f0a me\u00f0al almennings, var andleg e\u00f0a menningarleg \u00fe\u00fd\u00f0ing \u00feessarar veru samfellt vi\u00f0urkennd og almenn.<\/p><p>Auknefnin Eochaid Ollathair, Alfa\u00f0irinn, og Ruad Rofhessa, herra hinnar miklu visku, veita Dagda st\u00f6\u00f0u f\u00f6\u00f0ur yfir Tuatha D\u00e9 Danann og \u00fear me\u00f0 yfir go\u00f0s\u00f6gulegum forfe\u00f0rum \u00cdrlands. Lebor Gab\u00e1la fl\u00e9ttar hann inn \u00ed \u00e6ttart\u00f6luna sem \u00edrskar konungsl\u00ednur v\u00edsu\u00f0u til.<\/p><p>R\u00f3tfesting hans var \u00fe\u00f3 bundin vi\u00f0 \u00cdrland; \u00fatbrei\u00f0sla efnisins \u00e1tti s\u00e9r sta\u00f0 me\u00f0 afritum klaustranna og flutningslist fil\u00eddanna, sem ger\u00f0u hann \u00feekktan um allt landi\u00f0, \u00e1n nokkurrar a\u00f0komu verslunar.<\/p>\t\t\t\t\t\t\t\t<\/div>\n\t\t\t\t\t<\/div>\n\t\t\t\t<\/div>\n\t\t\t\t<\/div>\n\t\t<div class=\"elementor-element elementor-element-db03c39 e-con-full e-flex e-con e-child\" data-id=\"db03c39\" data-element_type=\"container\" data-e-type=\"container\">\n\t\t<div class=\"elementor-element elementor-element-229a87b e-flex e-con-boxed e-con e-child\" data-id=\"229a87b\" data-element_type=\"container\" data-e-type=\"container\">\n\t\t\t\t\t<div class=\"e-con-inner\">\n\t\t\t\t<div class=\"elementor-element elementor-element-1f471fc elementor-widget elementor-widget-heading\" data-id=\"1f471fc\" data-element_type=\"widget\" data-e-type=\"widget\" data-widget_type=\"heading.default\">\n\t\t\t\t\t<div class=\"elementor-heading-title elementor-size-default\">Heimildasta\u00f0a<\/div>\t\t\t\t<\/div>\n\t\t\t\t<div class=\"elementor-element elementor-element-36b1201 elementor-widget elementor-widget-text-editor\" data-id=\"36b1201\" data-element_type=\"widget\" data-e-type=\"widget\" data-widget_type=\"text-editor.default\">\n\t\t\t\t\t\t\t\t\t<p>Frumheimildir: Lebor Gab\u00e1la \u00c9renn (skr\u00e1\u00f0 \u00e1 9. 10. \u00f6ld, umbreytir eldra efni), Cath Maige Tuired (mi\u00f0aldalegt, en eldri ger\u00f0ir eru endurbyggjanlegar), Metrical Dindshenchas.<\/p><p>T\u00edmabil: go\u00f0s\u00f6gurnar endurspegla \u00e1stand j\u00e1rnaldar e\u00f0a fyrri hluta mi\u00f0alda (u.\u00fe.b. 500 f.Kr. 800 e.Kr.), en skr\u00e1ningarnar ur\u00f0u til \u00e1 8. 12. \u00f6ld. Fr\u00e6\u00f0imenn: Mac Cana (Celtic Mythology), Bernhard Maier (Die Religion der Kelten), Sjoestedt (Gods and Heroes of the Celts) fjalla um Dagda \u00e1 kerfisbundinn h\u00e1tt.<\/p>\t\t\t\t\t\t\t\t<\/div>\n\t\t\t\t\t<\/div>\n\t\t\t\t<\/div>\n\t\t\t\t<\/div>\n\t\t\t\t\t<\/div>\n\t\t\t\t<\/div>\n\t\t<div class=\"elementor-element elementor-element-3ae0637c e-flex e-con-boxed e-con e-parent\" data-id=\"3ae0637c\" data-element_type=\"container\" data-e-type=\"container\">\n\t\t\t\t\t<div class=\"e-con-inner\">\n\t\t\t\t<div class=\"elementor-element elementor-element-31d07739 elementor-widget elementor-widget-heading\" data-id=\"31d07739\" data-element_type=\"widget\" data-e-type=\"widget\" data-widget_type=\"heading.default\">\n\t\t\t\t\t<h2 class=\"elementor-heading-title elementor-size-default\">Nafn og heiti<\/h2>\t\t\t\t<\/div>\n\t\t<div class=\"elementor-element elementor-element-b7642947 e-con-full e-flex e-con e-child\" data-id=\"b7642947\" data-element_type=\"container\" data-e-type=\"container\">\n\t\t\t\t<div class=\"elementor-element elementor-element-a086266 elementor-widget elementor-widget-text-editor\" data-id=\"a086266\" data-element_type=\"widget\" data-e-type=\"widget\" data-widget_type=\"text-editor.default\">\n\t\t\t\t\t\t\t\t\t<p>Dagda er s\u00fdndur \u00ed hinum \u00fdmsu heimildum og listahef\u00f0um me\u00f0 \u00e1kve\u00f0num endurteknum myndlegum einkennum, sem haldast tilt\u00f6lulega st\u00f6\u00f0ug yfir \u00e1ratugi og milli mismunandi landsv\u00e6\u00f0a. \u00deessi einkenni eru dj\u00fapt t\u00e1knger\u00f0 og bera mikla \u00fe\u00fd\u00f0ingu; hrein skreyting e\u00f0a tilviljun er \u00fear ekki a\u00f0 finna.<\/p><p>\u00derj\u00e1r eignir Dagda myndast heildst\u00e6tt merkingarkerfi: Kylfan, sem dey\u00f0ir me\u00f0 \u00f6\u00f0rum endanum og l\u00edfgar me\u00f0 hinum, s\u00fdnir vald hans yfir l\u00edfi og dau\u00f0a. Katillinn, sem Cath Maige Tuired segir a\u00f0 engum hafi veri\u00f0 \u00f3mettur fr\u00e1, stendur fyrir n\u00e6gtir og gestrisni.<\/p><p>Harpan, sem hann st\u00fdrir \u00e1rst\u00ed\u00f0unum me\u00f0 og kallar fram hl\u00e1tur, harmakvein og svefn, veitir honum yfirr\u00e1\u00f0 yfir t\u00edma og skapi. Auknefni hans, Eochaid Ollathair, Alfa\u00f0irinn, og titillinn G\u00f3\u00f0i gu\u00f0inn, falla saman \u00ed \u00feessa mynd: s\u00e1 sem kunni \u00edrsku sagnahef\u00f0ina las \u00far \u00feessum atri\u00f0um st\u00f6\u00f0u og \u00e1byrg\u00f0arsvi\u00f0 gu\u00f0sins.<\/p>\t\t\t\t\t\t\t\t<\/div>\n\t\t\t\t<\/div>\n\t\t\t\t\t<\/div>\n\t\t\t\t<\/div>\n\t\t<div class=\"elementor-element elementor-element-709a44a8 e-flex e-con-boxed e-con e-parent\" data-id=\"709a44a8\" data-element_type=\"container\" data-e-type=\"container\">\n\t\t\t\t\t<div class=\"e-con-inner\">\n\t\t\t\t<div class=\"elementor-element elementor-element-2f585873 elementor-widget elementor-widget-heading\" data-id=\"2f585873\" data-element_type=\"widget\" data-e-type=\"widget\" data-widget_type=\"heading.default\">\n\t\t\t\t\t<h2 class=\"elementor-heading-title elementor-size-default\">L\u00fdsing<\/h2>\t\t\t\t<\/div>\n\t\t<div class=\"elementor-element elementor-element-70621c12 e-con-full e-flex e-con e-child\" data-id=\"70621c12\" data-element_type=\"container\" data-e-type=\"container\">\n\t\t\t\t<div class=\"elementor-element elementor-element-4296eb49 elementor-widget elementor-widget-text-editor\" data-id=\"4296eb49\" data-element_type=\"widget\" data-e-type=\"widget\" data-widget_type=\"text-editor.default\">\n\t\t\t\t\t\t\t\t\t<p>Dagda var mi\u00f0l\u00e6gur \u00ed tr\u00faarlegri i\u00f0kun, daglegum helgisi\u00f0um og daglegum skilningi hinna keltnesku. F\u00f3lk sneri s\u00e9r til \u00feessarar veru \u00e1 erfi\u00f0um e\u00f0a \u00e1kve\u00f0num l\u00edfsstundum e\u00f0a \u00e1 tilteknum \u00e1rst\u00ed\u00f0um helgisi\u00f0a, me\u00f0 skipul\u00f6g\u00f0um, oft \u00edbur\u00f0armiklum ath\u00f6fnum, b\u00e6num e\u00f0a f\u00f3rnum.<\/p><p>\u00dea\u00f0 sem vita\u00f0 er um umgengni vi\u00f0 Dagda kemur fr\u00e1 textum sem \u00edrskir fr\u00e6\u00f0imenn og klerkar mi\u00f0alda skr\u00e1\u00f0u eftir f\u00f6stum reglum.<\/p><p>Lebor Gab\u00e1la og Cath Maige Tuired voru afrita\u00f0ar \u00ed klausturskrifstofum af \u00fej\u00e1lfu\u00f0um skrifurum sem bygg\u00f0u \u00e1 kunn\u00e1ttu fil\u00eddanna, hinnar l\u00e6r\u00f0u sk\u00e1ldast\u00e9ttar. Var\u00f0veisla efnisins l\u00e1 \u00feannig \u00ed h\u00f6ndum fagmanna sem unnu eftir venjum sinnar sk\u00f3lahef\u00f0ar.<\/p><p>A\u00f0 efni\u00f0 um Dagda hafi veri\u00f0 afrita\u00f0 \u00edtreka\u00f0 fr\u00e1 fyrri hluta mi\u00f0alda fram til handrita 16. aldar s\u00fdnir hversu miki\u00f0 v\u00e6gi \u00edrskir fr\u00e6\u00f0imenn l\u00f6g\u00f0u \u00ed hann.<\/p><p>Hlutverkin sem textarnir eigna honum eru fj\u00f6lbreytt: me\u00f0 kylfunni gat hann deytt og l\u00edfga\u00f0, katill hans metta\u00f0i heilt samf\u00e9lag, og \u00ed Cath Maige Tuired st\u00fdrir hann me\u00f0 samningum og l\u00e6v\u00edsi umskiptunum fr\u00e1 yfirr\u00e1\u00f0um Fomo\u00edra til skipulags Tuatha D\u00e9 Danann.<\/p>\t\t\t\t\t\t\t\t<\/div>\n\t\t\t\t<\/div>\n\t\t\t\t\t<\/div>\n\t\t\t\t<\/div>\n\t\t<div class=\"elementor-element elementor-element-44e71476 e-flex e-con-boxed e-con e-parent\" data-id=\"44e71476\" data-element_type=\"container\" data-e-type=\"container\">\n\t\t\t\t\t<div class=\"e-con-inner\">\n\t\t\t\t<div class=\"elementor-element elementor-element-3c1fc3f0 elementor-widget elementor-widget-heading\" data-id=\"3c1fc3f0\" data-element_type=\"widget\" data-e-type=\"widget\" data-widget_type=\"heading.default\">\n\t\t\t\t\t<h2 class=\"elementor-heading-title elementor-size-default\">Uppl\u00fdsingaspjald: Dagda<\/h2>\t\t\t\t<\/div>\n\t\t<div class=\"elementor-element elementor-element-84f33b8e e-con-full e-flex e-con e-child\" data-id=\"84f33b8e\" data-element_type=\"container\" data-e-type=\"container\">\n\t\t\t\t<div class=\"elementor-element elementor-element-hqkdc67p elementor-widget elementor-widget-text-editor\" data-id=\"hqkdc67p\" data-element_type=\"widget\" data-e-type=\"widget\" data-widget_type=\"text-editor.default\">\n\t\t\t\t\t\t\t\t\t<p>\u00deessi kynningars\u00ed\u00f0a varpar lj\u00f3si \u00e1 Dagda \u00ed sex v\u00edddum: go\u00f0s\u00f6gulegan uppruna hans og st\u00f6\u00f0u innan Tuatha D\u00e9 Danann, d\u00fdrkunarh\u00f3pa hans og f\u00e9lagslegt samhengi, myndr\u00e6nar einkenni hans og t\u00f6fragripi, kosm\u00edska og herna\u00f0arlega krafta hans, auk a\u00f0fer\u00f0a vi\u00f0 <span class=\"iwg-fachbegriff\" data-tooltip=\"B\u00e6narleg e\u00f0a \u00e1kallandi \u00e1v\u00f6rpun til gu\u00f0s e\u00f0a m\u00e1ttarvalds.\" tabindex=\"0\">\u00e1kall<\/span> og menningarlegra hli\u00f0st\u00e6\u00f0a. \u00deetta veitir heildarmynd af \u00feessum margbrotna frumgu\u00f0i.<\/p>\t\t\t\t\t\t\t\t<\/div>\n\t\t\t\t<\/div>\n\t\t<div class=\"elementor-element elementor-element-pemmx7c5 e-con-full e-flex e-con e-child\" data-id=\"pemmx7c5\" data-element_type=\"container\" data-e-type=\"container\">\n\t\t<div class=\"elementor-element elementor-element-pemmx7c1 e-con-full e-flex e-con e-child\" data-id=\"pemmx7c1\" data-element_type=\"container\" data-e-type=\"container\">\n\t\t<div class=\"elementor-element elementor-element-qh9oavvu iwg-steckbrief-card e-flex e-con-boxed e-con e-child\" data-id=\"qh9oavvu\" data-element_type=\"container\" data-e-type=\"container\">\n\t\t\t\t\t<div class=\"e-con-inner\">\n\t\t\t\t<div class=\"elementor-element elementor-element-awzx8k2k elementor-widget elementor-widget-heading\" data-id=\"awzx8k2k\" data-element_type=\"widget\" data-e-type=\"widget\" data-widget_type=\"heading.default\">\n\t\t\t\t\t<div class=\"elementor-heading-title elementor-size-default\">Uppruni<\/div>\t\t\t\t<\/div>\n\t\t\t\t<div class=\"elementor-element elementor-element-x6rowhv0 elementor-widget elementor-widget-text-editor\" data-id=\"x6rowhv0\" data-element_type=\"widget\" data-e-type=\"widget\" data-widget_type=\"text-editor.default\">\n\t\t\t\t\t\t\t\t\t<p>Dagda tilheyrir Tuatha D\u00e9 Danann, \u00feeirri go\u00f0s\u00f6gulegu gu\u00f0akynsl\u00f3\u00f0 sem byggir \u00cdrland \u00ed Cath Maige Tuired. Hann er sonur alf\u00f6\u00f0ur e\u00f0a sj\u00e1lfsprottinn; \u00e6ttartalan er brotakennd.<\/p><p>Uppruni hans er fyrirkeltneskur e\u00f0a frumind\u00f3evr\u00f3pskur. Landfr\u00e6\u00f0ilega er \u00cdrland kjarnasv\u00e6\u00f0i hans, s\u00e9rstaklega sl\u00e9tturnar vi\u00f0 Mag Tuired. Fyrstu b\u00f3kmenntalegu heimildirnar m\u00e1 finna \u00ed textum fr\u00e1 8.-9. \u00f6ld.<\/p>\t\t\t\t\t\t\t\t<\/div>\n\t\t\t\t\t<\/div>\n\t\t\t\t<\/div>\n\t\t<div class=\"elementor-element elementor-element-8e3o4kxs iwg-steckbrief-card e-flex e-con-boxed e-con e-child\" data-id=\"8e3o4kxs\" data-element_type=\"container\" data-e-type=\"container\">\n\t\t\t\t\t<div class=\"e-con-inner\">\n\t\t\t\t<div class=\"elementor-element elementor-element-08rkdgov elementor-widget elementor-widget-heading\" data-id=\"08rkdgov\" data-element_type=\"widget\" data-e-type=\"widget\" data-widget_type=\"heading.default\">\n\t\t\t\t\t<div class=\"elementor-heading-title elementor-size-default\">Tengt vi\u00f0<\/div>\t\t\t\t<\/div>\n\t\t\t\t<div class=\"elementor-element elementor-element-uwjelx8s elementor-widget elementor-widget-text-editor\" data-id=\"uwjelx8s\" data-element_type=\"widget\" data-e-type=\"widget\" data-widget_type=\"text-editor.default\">\n\t\t\t\t\t\t\t\t\t<p>Dagda var d\u00fdrka\u00f0ur af str\u00ed\u00f0sm\u00f6nnum, dr\u00fa\u00eddum, handverksm\u00f6nnum og konungsfj\u00f6lskyldum. Sem fa\u00f0ir og var\u00f0veitandi \u00feekkingar var hann verndargu\u00f0 l\u00e6rd\u00f3ms. \u00cd samhengi orrusta \u00e1k\u00f6llu\u00f0u str\u00ed\u00f0smenn hann. Konur leitu\u00f0u til hans \u00ed m\u00e1lum frj\u00f3semi. Ketill hans ger\u00f0i hann a\u00f0 verndara velfer\u00f0ar og gjafmildrar \u00fathlutunar innan samf\u00e9lags og \u00e6ttb\u00e1lks.<\/p>\t\t\t\t\t\t\t\t<\/div>\n\t\t\t\t\t<\/div>\n\t\t\t\t<\/div>\n\t\t<div class=\"elementor-element elementor-element-jm2n74ec iwg-steckbrief-card e-flex e-con-boxed e-con e-child\" data-id=\"jm2n74ec\" data-element_type=\"container\" data-e-type=\"container\">\n\t\t\t\t\t<div class=\"e-con-inner\">\n\t\t\t\t<div class=\"elementor-element elementor-element-8vufse4c elementor-widget elementor-widget-heading\" data-id=\"8vufse4c\" data-element_type=\"widget\" data-e-type=\"widget\" data-widget_type=\"heading.default\">\n\t\t\t\t\t<div class=\"elementor-heading-title elementor-size-default\">\u00c1s\u00fdnd<\/div>\t\t\t\t<\/div>\n\t\t\t\t<div class=\"elementor-element elementor-element-mwb9u015 elementor-widget elementor-widget-text-editor\" data-id=\"mwb9u015\" data-element_type=\"widget\" data-e-type=\"widget\" data-widget_type=\"text-editor.default\">\n\t\t\t\t\t\t\t\t\t<p>Dagda er s\u00fdndur sem gildvaxinn, sterkur ma\u00f0ur, oft me\u00f0 sinn einkennandi ketil (Coire Ansic) og t\u00f6frah\u00f6rpu s\u00edna. \u00cd sumum l\u00fdsingum kl\u00e6\u00f0ist hann skikkju \u00far hjartarskinni e\u00f0a einf\u00f6ldum kl\u00e6\u00f0um.<\/p><p>\u00c1s\u00fdnd hans er tignarleg og fornleg, s\u00ed\u00f0ur gl\u00e6sileg en sona hans. Sums sta\u00f0ar er hann s\u00fdndur me\u00f0 kylfu e\u00f0a vopni sem verkar b\u00e6\u00f0i banv\u00e6nt og l\u00e6knandi.<\/p>\t\t\t\t\t\t\t\t<\/div>\n\t\t\t\t\t<\/div>\n\t\t\t\t<\/div>\n\t\t\t\t<\/div>\n\t\t<div class=\"elementor-element elementor-element-pemmx7c2 e-con-full e-flex e-con e-child\" data-id=\"pemmx7c2\" data-element_type=\"container\" data-e-type=\"container\">\n\t\t<div class=\"elementor-element elementor-element-37ss2yr6 iwg-steckbrief-card e-flex e-con-boxed e-con e-child\" data-id=\"37ss2yr6\" data-element_type=\"container\" data-e-type=\"container\">\n\t\t\t\t\t<div class=\"e-con-inner\">\n\t\t\t\t<div class=\"elementor-element elementor-element-3v0wp3wx elementor-widget elementor-widget-heading\" data-id=\"3v0wp3wx\" data-element_type=\"widget\" data-e-type=\"widget\" data-widget_type=\"heading.default\">\n\t\t\t\t\t<div class=\"elementor-heading-title elementor-size-default\">Hlutverk<\/div>\t\t\t\t<\/div>\n\t\t\t\t<div class=\"elementor-element elementor-element-w3247g2m elementor-widget elementor-widget-text-editor\" data-id=\"w3247g2m\" data-element_type=\"widget\" data-e-type=\"widget\" data-widget_type=\"text-editor.default\">\n\t\t\t\t\t\t\t\t\t<strong>Verksvi\u00f0:<\/strong> Dagda (\u201ehinn g\u00f3\u00f0i gu\u00f0&#8220;) er \u00ed \u00edrskri <span class=\"iwg-fachbegriff\" data-tooltip=\"Heildarsafn hef\u00f0bundinna gu\u00f0asagna \u00ed tiltekinni menningu.\" tabindex=\"0\">go\u00f0afr\u00e6\u00f0i<\/span> \u00e6\u00f0sti gu\u00f0 Tuatha D\u00e9 Danann, fa\u00f0irgu\u00f0, herna\u00f0arhetja og allvitur. M\u00e1ttur hans n\u00e6r yfir frj\u00f3semi, akuryrkju, <span class=\"iwg-fachbegriff\" data-tooltip=\"A\u00f0fer\u00f0ir sem \u00e6tla\u00f0 er a\u00f0 hafa \u00e1hrif \u00e1 atbur\u00f0ar\u00e1s me\u00f0 s\u00e9rst\u00f6kum ath\u00f6fnum e\u00f0a form\u00falum.\" tabindex=\"0\">galdur<\/span> og visku. Hann er \u00edmynd hinnar f\u00f6\u00f0urlegu skapandi kraftar og g\u00e6tir <span class=\"iwg-fachbegriff\" data-tooltip=\"A\u00f0fer\u00f0ir sem \u00e6tla\u00f0 er a\u00f0 hafa \u00e1hrif \u00e1 atbur\u00f0ar\u00e1s me\u00f0 s\u00e9rst\u00f6kum ath\u00f6fnum e\u00f0a form\u00falum.\" tabindex=\"0\">t\u00f6fra<\/span>-gripa: \u00f3t\u00e6mandi ketilsins (allsn\u00e6gtir), str\u00ed\u00f0skylfunnar (\u00f3sigrandi) og t\u00f6frah\u00f6rpunnar (vald yfir t\u00edma og tilfinningum). \u00c1hrif hans birtast \u00ed vels\u00e6ld, herna\u00f0arlegum sigri og dj\u00fapri leynivisku. \u00cd Cath Maige Tuired er hann d\u00fdrka\u00f0ur sem verndari landsins og trygging fyrir kosm\u00edskri vels\u00e6ld.\n\t\t\t\t\t\t\t\t<\/div>\n\t\t\t\t\t<\/div>\n\t\t\t\t<\/div>\n\t\t<div class=\"elementor-element elementor-element-0qpjal9w iwg-steckbrief-card e-flex e-con-boxed e-con e-child\" data-id=\"0qpjal9w\" data-element_type=\"container\" data-e-type=\"container\">\n\t\t\t\t\t<div class=\"e-con-inner\">\n\t\t\t\t<div class=\"elementor-element elementor-element-6ndoih0o elementor-widget elementor-widget-heading\" data-id=\"6ndoih0o\" data-element_type=\"widget\" data-e-type=\"widget\" data-widget_type=\"heading.default\">\n\t\t\t\t\t<div class=\"elementor-heading-title elementor-size-default\">Varnarform<\/div>\t\t\t\t<\/div>\n\t\t\t\t<div class=\"elementor-element elementor-element-6684tyh9 elementor-widget elementor-widget-text-editor\" data-id=\"6684tyh9\" data-element_type=\"widget\" data-e-type=\"widget\" data-widget_type=\"text-editor.default\">\n\t\t\t\t\t\t\t\t\t<p>Dagda er talinn f\u00f6\u00f0urlegur og gjafmildur. Dr\u00fa\u00eddar og konungar \u00e1k\u00f6llu\u00f0u hann um visku og <span class=\"iwg-fachbegriff\" data-tooltip=\"\u00d3sk um heill og verndun, oft \u00ed fastri m\u00e1lform\u00falu.\" tabindex=\"0\">blessun<\/span>. \u00c1 kr\u00edsut\u00edmum var ketill hans \u00e1kalla\u00f0ur sem <span class=\"iwg-fachbegriff\" data-tooltip=\"T\u00e1kn sem stendur fyrir hugmynd e\u00f0a merkingu.\" tabindex=\"0\">t\u00e1kn<\/span> um endurkomu allsn\u00e6gta. Sagnaarfurinn kynnir Dagda sem verndar- og blessunargu\u00f0; honum er ekki eigna\u00f0 ska\u00f0legt atferli. \u00cd n\u00fat\u00edmanum sn\u00fdst <span class=\"iwg-fachbegriff\" data-tooltip=\"B\u00e6narleg e\u00f0a \u00e1kallandi \u00e1v\u00f6rpun til gu\u00f0s e\u00f0a m\u00e1ttarvalds.\" tabindex=\"0\">\u00e1kall<\/span> til hans um au\u00f0leg\u00f0, skynsemi og fj\u00f6lskylduvernd. Varnarathafnir eru \u00f3\u00fearfar, enda er hann velvildarfullur.<\/p>\t\t\t\t\t\t\t\t<\/div>\n\t\t\t\t\t<\/div>\n\t\t\t\t<\/div>\n\t\t<div class=\"elementor-element elementor-element-3lfi7x32 iwg-steckbrief-card e-flex e-con-boxed e-con e-child\" data-id=\"3lfi7x32\" data-element_type=\"container\" data-e-type=\"container\">\n\t\t\t\t\t<div class=\"e-con-inner\">\n\t\t\t\t<div class=\"elementor-element elementor-element-0kg99ga1 elementor-widget elementor-widget-heading\" data-id=\"0kg99ga1\" data-element_type=\"widget\" data-e-type=\"widget\" data-widget_type=\"heading.default\">\n\t\t\t\t\t<div class=\"elementor-heading-title elementor-size-default\">Hli\u00f0st\u00e6\u00f0ur Dagda<\/div>\t\t\t\t<\/div>\n\t\t\t\t<div class=\"elementor-element elementor-element-n0fum6kp elementor-widget elementor-widget-text-editor\" data-id=\"n0fum6kp\" data-element_type=\"widget\" data-e-type=\"widget\" data-widget_type=\"text-editor.default\">\n\t\t\t\t\t\t\t\t\t<p>Samb\u00e6rilegir eru J\u00fap\u00edter (r\u00f3mverskur) sem fa\u00f0ir og stj\u00f3rnandi gu\u00f0anna, Seifur (gr\u00edskur) sem alfa\u00f0ir og var\u00f0veitandi reglu, indverski Dyaus Pitar sem himinf\u00f6\u00f0urgu\u00f0 og germanski \u00d3\u00f0inn sem gu\u00f0 visku og m\u00e1ttar. Hugtaki\u00f0 \u201ehinn g\u00f3\u00f0i gu\u00f0&#8220; \u00e1 s\u00e9r hli\u00f0st\u00e6\u00f0u \u00ed titli r\u00f3mverska J\u00fap\u00edters Optimus Maximus (\u201ehinn besti og mesti&#8220;).<\/p>\t\t\t\t\t\t\t\t<\/div>\n\t\t\t\t\t<\/div>\n\t\t\t\t<\/div>\n\t\t\t\t<\/div>\n\t\t\t\t<\/div>\n\t\t\t\t\t<\/div>\n\t\t\t\t<\/div>\n\t\t<div class=\"elementor-element elementor-element-7533bc7a e-flex e-con-boxed e-con e-parent\" data-id=\"7533bc7a\" data-element_type=\"container\" data-e-type=\"container\">\n\t\t\t\t\t<div class=\"e-con-inner\">\n\t\t\t\t<div class=\"elementor-element elementor-element-2447d18d elementor-widget elementor-widget-heading\" data-id=\"2447d18d\" data-element_type=\"widget\" data-e-type=\"widget\" data-widget_type=\"heading.default\">\n\t\t\t\t\t<h2 class=\"elementor-heading-title elementor-size-default\">Varnir \u00ed daglegu l\u00edfi<\/h2>\t\t\t\t<\/div>\n\t\t<div class=\"elementor-element elementor-element-d5d0260c e-con-full e-flex e-con e-child\" data-id=\"d5d0260c\" data-element_type=\"container\" data-e-type=\"container\">\n\t\t\t\t<div class=\"elementor-element elementor-element-341be2ac elementor-widget elementor-widget-text-editor\" data-id=\"341be2ac\" data-element_type=\"widget\" data-e-type=\"widget\" data-widget_type=\"text-editor.default\">\n\t\t\t\t\t\t\t\t\t<p><strong>Rit\u00fa\u00f6l og d\u00fdrkun<\/strong><\/p><p>Dagda var d\u00fdrka\u00f0ur \u00e1 fj\u00f3rum keltnesku h\u00e1t\u00ed\u00f0ard\u00f6gunum, s\u00e9rstaklega Samhain (1. n\u00f3vember), \u00feegar landam\u00e6rin milli l\u00edfs og dau\u00f0a ver\u00f0a gegndr\u00e6p. F\u00f3rnargjafir voru korn, kj\u00f6t og mj\u00f6\u00f0ur. Dr\u00fa\u00eddar framkv\u00e6mdu langar n\u00e6turathafnir til a\u00f0 bi\u00f0ja um <span class=\"iwg-fachbegriff\" data-tooltip=\"\u00d3sk um heill og verndun, oft \u00ed fastri m\u00e1lform\u00falu.\" tabindex=\"0\">blessun<\/span> Dagda fyrir r\u00edka uppskeru og herna\u00f0arlega sigra. Altari hans st\u00f3\u00f0u oft vi\u00f0 helgar lindir.<\/p><p><strong>Form\u00falur og \u00e1kall<\/strong><\/p><p>\u00c1kallanir l\u00f6g\u00f0u \u00e1herslu \u00e1 fj\u00f6lbreytileika hans: \u201eDagda, fa\u00f0ir allra, gef okkur allsn\u00e6gtir og sigur.&#8220; Str\u00ed\u00f0smenn \u00e1k\u00f6llu\u00f0u hann me\u00f0 kylfunni sem str\u00ed\u00f0st\u00e1kn, b\u00e6ndur me\u00f0 h\u00f6rpunni sem tryggingu samr\u00e6mis. Var\u00f0veitt form\u00fala \u00far \u00d3 N\u00e9ill-\u00e6ttart\u00f6lunum hlj\u00f3\u00f0a\u00f0i: \u201eMegi hinn g\u00f3\u00f0i gu\u00f0 r\u00e1\u00f0a \u00farslitum \u00feessarar orrustu fyrir okkur.&#8220;<\/p><p><strong>Verndargripir og verndart\u00e1kn<\/strong><\/p><p>Dagda-kylfan (sem tr\u00e9gripur e\u00f0a grafin mynd) var t\u00e1kn \u00f3sigrandi kraftar. Harpan var endurger\u00f0 \u00ed rit\u00faalhlj\u00f3\u00f0f\u00e6rum. Ketils-<span class=\"iwg-fachbegriff\" data-tooltip=\"T\u00e1kn sem stendur fyrir hugmynd e\u00f0a merkingu.\" tabindex=\"0\">t\u00e1kni\u00f0<\/span> (fj\u00f3rir fimmhyrningar \u00ed hring) var allsn\u00e6gta-<span class=\"iwg-fachbegriff\" data-tooltip=\"Gripur sem borinn er \u00e1 s\u00e9r og talinn hafa verndandi, \u00f3g\u00e6fuafvarnandi m\u00e1tt.\" tabindex=\"0\">verndargripur<\/span>. Gullnar eftirmyndir katla voru var\u00f0veittar sem helgigripir \u00ed keltneskum bygg\u00f0um.<\/p>\n\t\t\t\t\t\t\t\t<\/div>\n\t\t\t\t<\/div>\n\t\t\t\t\t<\/div>\n\t\t\t\t<\/div>\n\t\t<div class=\"elementor-element elementor-element-5a584676 e-flex e-con-boxed e-con e-parent\" data-id=\"5a584676\" data-element_type=\"container\" data-e-type=\"container\">\n\t\t\t\t\t<div class=\"e-con-inner\">\n\t\t\t\t<div class=\"elementor-element elementor-element-6d0757bf elementor-widget elementor-widget-heading\" data-id=\"6d0757bf\" data-element_type=\"widget\" data-e-type=\"widget\" data-widget_type=\"heading.default\">\n\t\t\t\t\t<h2 class=\"elementor-heading-title elementor-size-default\">Dagda, hli\u00f0st\u00e6\u00f0ur \u00ed \u00f6\u00f0rum menningarheimum<\/h2>\t\t\t\t<\/div>\n\t\t<div class=\"elementor-element elementor-element-60563f68 e-con-full e-flex e-con e-child\" data-id=\"60563f68\" data-element_type=\"container\" data-e-type=\"container\">\n\t\t\t\t<div class=\"elementor-element elementor-element-5a93fdd6 elementor-widget elementor-widget-text-editor\" data-id=\"5a93fdd6\" data-element_type=\"widget\" data-e-type=\"widget\" data-widget_type=\"text-editor.default\">\n\t\t\t\t\t\t\t\t\t<p><p><strong>Hef\u00f0 Gy\u00f0inga:<\/strong> Fjarskyldar hli\u00f0st\u00e6\u00f0ur eru myndhverfingar um Gu\u00f0 sem f\u00f6\u00f0urlega um\u00f6nnunarm\u00e1tt (S\u00e1lm. 23) e\u00f0a S\u00edonargu\u00f0 sem trygging velfer\u00f0ar. Engin bein hli\u00f0st\u00e6\u00f0a \u00ed pers\u00f3nuger\u00f0ri gu\u00f0smynd.<\/p><p><strong>Gr\u00edsk-r\u00f3mverski heimurinn:<\/strong> Seifur sem himinfa\u00f0ir, stj\u00f3rnandi og viskugu\u00f0, J\u00fap\u00edter sem r\u00f3mverskt hli\u00f0st\u00e6\u00f0ut\u00e1kn me\u00f0 \u00e1herslu \u00e1 allsn\u00e6gtir og blessunarmi\u00f0lun. Kr\u00f3nos (fa\u00f0ir gu\u00f0anna) og Hades (au\u00f0leg\u00f0argu\u00f0, Pl\u00fatus) s\u00fdna hli\u00f0ar sem tengjast allsn\u00e6gtum og v\u00f6ldum \u00ed undirheimum.<\/p><p><strong>Mes\u00f3p\u00f3tam\u00eda:<\/strong> Enlil sem h\u00e6stsettur gu\u00f0 og verndari reglu, Enki sem viskumi\u00f0lari og gjafmildur af allsn\u00e6gtum. B\u00e1\u00f0ir deila hlutverki Dagda sem alm\u00e1ttugar og viturar f\u00f6\u00f0urger\u00f0ir.<\/p><p><strong>Indland\/As\u00eda:<\/strong> Dyaus Pitar (fa\u00f0ir himins) sem ind\u00f3evr\u00f3psk alfa\u00f0ir-frummynd. Brahman og Varuna sem kosm\u00edsk regluverjandi gu\u00f0ir. Indra sem str\u00ed\u00f0skonungur og <span class=\"iwg-fachbegriff\" data-tooltip=\"\u00d3sk um heill og verndun, oft \u00ed fastri m\u00e1lform\u00falu.\" tabindex=\"0\">blessunar<\/span>gjafi s\u00fdnir hli\u00f0st\u00e6\u00f0ur vi\u00f0 herna\u00f0ar- og au\u00f0leg\u00f0arhli\u00f0ar Dagda.<\/p>\t\t\t\t\t\t\t\t<\/div>\n\t\t\t\t<\/div>\n\t\t\t\t\t<\/div>\n\t\t\t\t<\/div>\n\t\t<div class=\"elementor-element elementor-element-cp9d5e7ef e-flex e-con-boxed e-con e-parent\" data-id=\"cp9d5e7ef\" data-element_type=\"container\" data-e-type=\"container\">\n\t\t\t\t\t<div class=\"e-con-inner\">\n\t\t\t\t<div class=\"elementor-element elementor-element-cpf22caa0 elementor-widget elementor-widget-heading\" data-id=\"cpf22caa0\" data-element_type=\"widget\" data-e-type=\"widget\" data-widget_type=\"heading.default\">\n\t\t\t\t\t<h2 class=\"elementor-heading-title elementor-size-default\">Dagda \u00ed \u00edrskum heimildum<\/h2>\t\t\t\t<\/div>\n\t\t<div class=\"elementor-element elementor-element-cp433da38 e-con-full e-flex e-con e-child\" data-id=\"cp433da38\" data-element_type=\"container\" data-e-type=\"container\">\n\t\t\t\t<div class=\"elementor-element elementor-element-cpd192663 elementor-widget elementor-widget-text-editor\" data-id=\"cpd192663\" data-element_type=\"widget\" data-e-type=\"widget\" data-widget_type=\"text-editor.default\">\n\t\t\t\t\t\t\t\t\t<p>Dagda er ein af meginpers\u00f3num \u00edrskrar <span class=\"iwg-fachbegriff\" data-tooltip=\"Heildarsafn hef\u00f0bundinna go\u00f0sagna innan menningar.\" tabindex=\"0\">go\u00f0afr\u00e6\u00f0i<\/span> og telst til T\u00faatha D\u00e9 Danann, go\u00f0a\u00e6ttar \u00edrskrar <span class=\"iwg-fachbegriff\" data-tooltip=\"Mi\u00f0lun \u00feekkingar og fr\u00e1sagna milli kynsl\u00f3\u00f0a.\" tabindex=\"0\">munnm\u00e6lahef\u00f0ar<\/span>. \u00d3l\u00edkt flestum go\u00f0afr\u00e6\u00f0um er \u00feekking okkar \u00e1 Dagda fengin \u00far mi\u00f0aldahandritum kristinna munka, sem skr\u00e1\u00f0u eldri fr\u00e1sagnarhef\u00f0ir og m\u00f3tu\u00f0u \u00fe\u00e6r \u00e1 sinn h\u00e1tt.<\/p><p>Mikilv\u00e6gustu heimildirnar eru <em>Lebor Gab\u00e1la \u00c9renn<\/em>, B\u00f3k landt\u00f6kunnar, sagnfr\u00e6\u00f0ileg l\u00fdsing \u00e1 landn\u00e1mi \u00cdrlands, og einkum fr\u00e1s\u00f6gnin <em>Cath Maige Tuired<\/em>, orrustan vi\u00f0 Mag Tuired, sem l\u00fdsir bar\u00e1ttu T\u00faatha D\u00e9 Danann vi\u00f0 hina illskeyttu Fomoiri. \u00cd \u00feeirri fr\u00e1s\u00f6gn birtist Dagda me\u00f0 s\u00e9rst\u00f6kum h\u00e6tti.<\/p><p>Dagda kemur \u00fear fram sem m\u00e1ttug en jafnframt gr\u00f3f og a\u00f0 nokkru leyti k\u00f3m\u00edsk pers\u00f3na. Fyrir \u00f6rlagar\u00edka orrustu fer hann \u00ed b\u00fa\u00f0ir Fomoiri, sem a\u00f0 gamni s\u00ednu setja fyrir hann risavaxinn hafragraut \u00far mj\u00f3lk, mj\u00f6li, fitu og heilum sv\u00ednum og ney\u00f0a hann til a\u00f0 lj\u00faka \u00f6llu. Dagda etur allt, \u00fear til hann getur vart hreyft sig.<\/p><p>Fr\u00e6\u00f0imenn telja \u00feennan \u00fe\u00e1tt ekki ni\u00f0randi, heldur v\u00edsbendingu um e\u00f0li Dagda sem gu\u00f0s allsn\u00e6gta og gn\u00f3ttar.<\/p><p>Nafnb\u00f3t hans, sem m\u00e1 t\u00falka sem hinn g\u00f3\u00f0i gu\u00f0, v\u00edsar samkv\u00e6mt heimildunum sj\u00e1lfum til f\u00e6rni frekar en si\u00f0fer\u00f0islegrar g\u00e6sku, \u00feess a\u00f0 hann s\u00e9 g\u00f3\u00f0ur \u00ed \u00f6llu og fr\u00f3\u00f0ur um margt. Skyldar pers\u00f3nur \u00far keltneskum go\u00f0aheimi m\u00e1 finna \u00ed <a href=\"https:\/\/iwell-guard.com\/is\/?page_id=168832\">Lugh<\/a> og <a href=\"https:\/\/iwell-guard.com\/is\/?page_id=168761\">Morr\u00edgan<\/a>.<\/p>\t\t\t\t\t\t\t\t<\/div>\n\t\t\t\t<\/div>\n\t\t\t\t\t<\/div>\n\t\t\t\t<\/div>\n\t\t<div class=\"elementor-element elementor-element-cp922580f e-flex e-con-boxed e-con e-parent\" data-id=\"cp922580f\" data-element_type=\"container\" data-e-type=\"container\">\n\t\t\t\t\t<div class=\"e-con-inner\">\n\t\t\t\t<div class=\"elementor-element elementor-element-cpad7d99f elementor-widget elementor-widget-heading\" data-id=\"cpad7d99f\" data-element_type=\"widget\" data-e-type=\"widget\" data-widget_type=\"heading.default\">\n\t\t\t\t\t<h2 class=\"elementor-heading-title elementor-size-default\">T\u00e1kn Dagda: kylfa, ketill og harpa<\/h2>\t\t\t\t<\/div>\n\t\t<div class=\"elementor-element elementor-element-cpc9509d1 e-con-full e-flex e-con e-child\" data-id=\"cpc9509d1\" data-element_type=\"container\" data-e-type=\"container\">\n\t\t\t\t<div class=\"elementor-element elementor-element-cp0ccd784 elementor-widget elementor-widget-text-editor\" data-id=\"cp0ccd784\" data-element_type=\"widget\" data-e-type=\"widget\" data-widget_type=\"text-editor.default\">\n\t\t\t\t\t\t\t\t\t<p>\u00cd \u00edrskum heimildum einkennist Dagda af \u00feremur einkennandi gripum sem s\u00fdna hlutverk hans \u00e1 sk\u00fdran h\u00e1tt. \u00deessir gripir eru svo \u00e1berandi a\u00f0 \u00feeir koma vi\u00f0 s\u00f6gu \u00ed hvert sinn sem Dagda er l\u00fdst.<\/p><p>Hi\u00f0 fyrsta er risavaxin kylfa, svo st\u00f3r a\u00f0 flytja \u00fearf hana \u00e1 hj\u00f3lum. Annar endi kylfunnar dey\u00f0ir \u00feegar hann lendir \u00e1 manni, en hinn endinn getur vaki\u00f0 hina d\u00e1nu til l\u00edfsins a\u00f0 n\u00fdju.<\/p><p>\u00cd \u00feessu tv\u00f6falda hlutverki felst vald yfir l\u00edfi og dau\u00f0a. Spori\u00f0 sem kylfan dregur eftir j\u00f6r\u00f0inni er sagt l\u00edkjast landamerkjafari milli sv\u00e6\u00f0a.<\/p><p>Anna\u00f0 t\u00e1kni\u00f0 er ketill, einn af fj\u00f3rum fj\u00e1rsj\u00f3\u00f0um sem T\u00faatha D\u00e9 Danann fluttu til \u00cdrlands. Enginn fer \u00f3mettur fr\u00e1 \u00feessum katli. Hann er t\u00e1kn \u00f3endanlegrar f\u00e6\u00f0u og \u00fear me\u00f0 \u00feeirrar gn\u00f3ttar sem Dagda tryggir.<\/p><p>\u00deri\u00f0ja t\u00e1kni\u00f0 er harpa, sem \u00ed einum kafla <em>Cath Maige Tuired<\/em> er r\u00e6nt af Fomoiri. Dagda n\u00e6r henni aftur og kallar hana til s\u00edn me\u00f0 nafni, en \u00fe\u00e1 fl\u00fdgur h\u00fan gegnum ra\u00f0ir fjendanna.<\/p><p>Me\u00f0 \u00feessari h\u00f6rpu getur Dagda leiki\u00f0 \u00ferj\u00e1r tegundir t\u00f3nlistar, sem valda gr\u00e1ti, hl\u00e1tri og svefni, og me\u00f0 \u00fev\u00ed stj\u00f3rna\u00f0 gangi \u00e1rst\u00ed\u00f0anna.<\/p><p>Fr\u00e6\u00f0imenn t\u00falka \u00feessa \u00ferj\u00e1 gripi sem tj\u00e1ning \u00e1 marg\u00fe\u00e6ttu hlutverki Dagda: fyrir str\u00ed\u00f0 og dau\u00f0a, fyrir f\u00e6\u00f0u og frj\u00f3semi, fyrir skipulega t\u00edmar\u00e1s. \u00deannig er Dagda ekki afmarka\u00f0ur s\u00e9rfr\u00e6\u00f0igu\u00f0, heldur v\u00ed\u00f0t\u00e6kt vald.<\/p>\t\t\t\t\t\t\t\t<\/div>\n\t\t\t\t<\/div>\n\t\t\t\t\t<\/div>\n\t\t\t\t<\/div>\n\t\t<div class=\"elementor-element elementor-element-cp0db3559 e-flex e-con-boxed e-con e-parent\" data-id=\"cp0db3559\" data-element_type=\"container\" data-e-type=\"container\">\n\t\t\t\t\t<div class=\"e-con-inner\">\n\t\t\t\t<div class=\"elementor-element elementor-element-cpa0ac868 elementor-widget elementor-widget-heading\" data-id=\"cpa0ac868\" data-element_type=\"widget\" data-e-type=\"widget\" data-widget_type=\"heading.default\">\n\t\t\t\t\t<h2 class=\"elementor-heading-title elementor-size-default\">Dagda og \u00e1rsh\u00e1t\u00ed\u00f0in Samhain<\/h2>\t\t\t\t<\/div>\n\t\t<div class=\"elementor-element elementor-element-cp5ade039 e-con-full e-flex e-con e-child\" data-id=\"cp5ade039\" data-element_type=\"container\" data-e-type=\"container\">\n\t\t\t\t<div class=\"elementor-element elementor-element-cp1220b60 elementor-widget elementor-widget-text-editor\" data-id=\"cp1220b60\" data-element_type=\"widget\" data-e-type=\"widget\" data-widget_type=\"text-editor.default\">\n\t\t\t\t\t\t\t\t\t<p>Einn af \u00feekktustu \u00fe\u00e1ttum s\u00f6gunnar um Dagda tengir hann vi\u00f0 h\u00e1t\u00ed\u00f0ina Samhain, keltnesku \u00e1ram\u00f3ta- og d\u00e1narh\u00e1t\u00ed\u00f0ina sem fellur \u00e1 umskiptin fr\u00e1 hausti til vetrar. <em>Cath Maige Tuired<\/em> greinir fr\u00e1 \u00fev\u00ed a\u00f0 Dagda eigi samfarir um Samhain-leyti\u00f0 vi\u00f0 konu sem stendur yfir flj\u00f3ti sem nefnist Unius.<\/p><p>\u00deessi kona er talin vera Morr\u00edgan, pers\u00f3na tengd str\u00ed\u00f0i, \u00f6rl\u00f6gum og a\u00f0 nokkru leyti fullveldi landsins.<\/p><p>Eftir samfarirnar heitir Morr\u00edgan Dagda hj\u00e1lp sinni gegn Fomoiri og lofar a\u00f0 sj\u00faga bl\u00f3\u00f0 \u00far \u00f3vinalei\u00f0toga. Fundur \u00feeirra er \u00fev\u00ed mun meira en er\u00f3t\u00edskur \u00fe\u00e1ttur: hann er bandalag sem hefur \u00e1hrif \u00e1 \u00farslit orrustunnar.<\/p><p>Fr\u00e6\u00f0imenn sj\u00e1 \u00ed sl\u00edkum fr\u00e1s\u00f6gnum endurteki\u00f0 mynstur innan \u00edrskrar <span class=\"iwg-fachbegriff\" data-tooltip=\"Heildarsafn hef\u00f0bundinna go\u00f0sagna innan menningar.\" tabindex=\"0\">go\u00f0afr\u00e6\u00f0i<\/span>, \u00fear sem sambandi karlkyns <span class=\"iwg-fachbegriff\" data-tooltip=\"Vera sem er d\u00fdrku\u00f0 sem gu\u00f0leg innan tr\u00faarbrag\u00f0a.\" tabindex=\"0\">go\u00f0magns<\/span> og konu sem pers\u00f3nugerir landi\u00f0 e\u00f0a fullveldi\u00f0 er l\u00f6g\u00f0 mikil \u00e1hersla.<\/p><p>T\u00edmasetningin \u00e1 Samhain undirstrikar \u00feetta, enda var h\u00e1t\u00ed\u00f0in talin \u00fer\u00f6skuldst\u00edmi \u00fear sem m\u00f6rkin milli mannheims og annarheims ur\u00f0u gagns\u00e6.<\/p><p>Dagda er einnig tengdur \u00e1kve\u00f0num sta\u00f0 \u00ed \u00edrskri sagnahef\u00f0, grafh\u00f3lnum Br\u00fa na B\u00f3inne, sem n\u00fa er kalla\u00f0ur Newgrange.<\/p><p>Samkv\u00e6mt <span class=\"iwg-fachbegriff\" data-tooltip=\"Mi\u00f0lun \u00feekkingar og fr\u00e1sagna milli kynsl\u00f3\u00f0a.\" tabindex=\"0\">munnm\u00e6lahef\u00f0<\/span> var \u00feessi sta\u00f0ur b\u00fasta\u00f0ur Dagda, sem hann s\u00ed\u00f0ar missti til sonar s\u00edns \u00d3engus fyrir kl\u00f3kindi hans. A\u00f0 einni \u00e1hrifamestu fors\u00f6gulegu mannvirki \u00cdrlands s\u00e9 \u00ed go\u00f0s\u00f6gum eignu\u00f0 Dagda s\u00fdnir fram\u00farskarandi st\u00f6\u00f0u hans \u00ed \u00edrskum go\u00f0aheimi.<\/p>\t\t\t\t\t\t\t\t<\/div>\n\t\t\t\t<\/div>\n\t\t\t\t\t<\/div>\n\t\t\t\t<\/div>\n\t\t<div class=\"elementor-element elementor-element-36dd7469 e-flex e-con-boxed e-con e-parent\" data-id=\"36dd7469\" data-element_type=\"container\" data-e-type=\"container\">\n\t\t\t\t\t<div class=\"e-con-inner\">\n\t\t\t\t<div class=\"elementor-element elementor-element-13760ab4 elementor-widget elementor-widget-heading\" data-id=\"13760ab4\" data-element_type=\"widget\" data-e-type=\"widget\" data-widget_type=\"heading.default\">\n\t\t\t\t\t<h2 class=\"elementor-heading-title elementor-size-default\">\u00cdtarefni og tenglar<\/h2>\t\t\t\t<\/div>\n\t\t<div class=\"elementor-element elementor-element-28c87796 e-con-full e-flex e-con e-child\" data-id=\"28c87796\" data-element_type=\"container\" data-e-type=\"container\">\n\t\t\t\t<div class=\"elementor-element elementor-element-5d6538df elementor-widget elementor-widget-text-editor\" data-id=\"5d6538df\" data-element_type=\"widget\" data-e-type=\"widget\" data-widget_type=\"text-editor.default\">\n\t\t\t\t\t\t\t\t\t<ul><li><a href=\"https:\/\/iwell-guard.com\/is\/?page_id=168833\">Manannan mac Lir, hafgu\u00f0<\/a><\/li><li><a href=\"https:\/\/iwell-guard.com\/is\/?page_id=168832\">Lugh, lj\u00f3sgu\u00f0<\/a><\/li><\/ul>\n\t\t\t\t\t\t\t\t<\/div>\n\t\t\t\t<\/div>\n\t\t\t\t\t<\/div>\n\t\t\t\t<\/div>\n\t\t<div class=\"elementor-element elementor-element-grl4kl40 e-flex e-con-boxed e-con e-parent\" data-id=\"grl4kl40\" data-element_type=\"container\" data-e-type=\"container\">\n\t\t\t\t\t<div class=\"e-con-inner\">\n\t\t\t\t<div class=\"elementor-element elementor-element-bzsbfrmh elementor-widget elementor-widget-heading\" data-id=\"bzsbfrmh\" data-element_type=\"widget\" data-e-type=\"widget\" data-widget_type=\"heading.default\">\n\t\t\t\t\t<h2 class=\"elementor-heading-title elementor-size-default\">Heimildir og fr\u00e6\u00f0irit<\/h2>\t\t\t\t<\/div>\n\t\t<div class=\"elementor-element elementor-element-2c13224a e-con-full e-flex e-con e-child\" data-id=\"2c13224a\" data-element_type=\"container\" data-e-type=\"container\">\n\t\t\t\t<div class=\"elementor-element elementor-element-0eymh9ub elementor-widget elementor-widget-text-editor\" data-id=\"0eymh9ub\" data-element_type=\"widget\" data-e-type=\"widget\" data-widget_type=\"text-editor.default\">\n\t\t\t\t\t\t\t\t\t<footer class=\"iwg-literatur\" data-nosnippet=\"true\"><ul><li><span data-nosnippet>Mac Cana, P.: <em>Celtic Mythology<\/em>. Hamlyn Publishing, 1983.<\/span><\/li><li><span data-nosnippet>MacKillop, J.: <em>Dictionary of Celtic Mythology<\/em>. Oxford University Press, 2004.<\/span><\/li><\/ul>\n<\/footer>\n<p class=\"iwg-bib-more\"><span data-nosnippet>Fleiri undirst\u00f6\u00f0urit \u00ed <a href=\"https:\/\/iwell-guard.com\/is\/?page_id=168730\">heimildaskr\u00e1nni<\/a>.<\/span><\/p>\t\t\t\t\t\t\t\t<\/div>\n\t\t\t\t<\/div>\n\t\t\t\t\t<\/div>\n\t\t\t\t<\/div>\n\t\t<div class=\"elementor-element elementor-element-95bfd36 e-con-boxed e-flex e-con e-parent\" data-id=\"95bfd36\" data-element_type=\"container\" data-e-type=\"container\">\n\t\t\t\t\t<div class=\"e-con-inner\">\n\t\t\t\t<div class=\"elementor-element elementor-element-33e4122 elementor-widget elementor-widget-text-editor\" data-id=\"33e4122\" data-element_type=\"widget\" data-e-type=\"widget\" data-widget_type=\"text-editor.default\">\n\t\t\t\t\t\t\t\t\t\n<h2>Algengar spurningar um Dagda<\/h2>\n<div class=\"iwg-faq-q\"><h3>Hver er Dagda \u00ed \u00edrskri <span class=\"iwg-fachbegriff\" data-tooltip=\"Heildarsafn var\u00f0veittra go\u00f0sagna innan tiltekinnar menningar.\" tabindex=\"0\">go\u00f0afr\u00e6\u00f0i<\/span>?<\/h3><p>Dagda (forn\u00edrska An Dagda, \u201ehinn g\u00f3\u00f0i gu\u00f0\u201c) er ein af mikilv\u00e6gustu go\u00f0averum \u00ed \u00edrsk-keltneskri <span class=\"iwg-fachbegriff\" data-tooltip=\"Heildarsafn var\u00f0veittra go\u00f0sagna innan tiltekinnar menningar.\" tabindex=\"0\">go\u00f0afr\u00e6\u00f0i<\/span>, fa\u00f0irgu\u00f0 Tuatha D\u00e9 Danann, hinnar go\u00f0sagnakenndu h\u00e1lfgu\u00f0a\u00e6ttar sem settist a\u00f0 \u00e1 \u00cdrlandi \u00e1 undan \u00cdrum. Kenniheiti hans, Eochaid Ollathair (hesta-alf\u00f6\u00f0ur) og Ruad Ro-fhessa (rau\u00f0ur allvitur), s\u00fdna st\u00f6\u00f0u hans sem alvalds kosm\u00edsks gu\u00f0s.<\/p><p>Hann \u00e1 \u00ferj\u00e1 magna\u00f0a gripi: ketil (Coire) sem engum \u00fearf a\u00f0 ganga hungra\u00f0ur fr\u00e1, risavaxinn kylfu sem drepur me\u00f0 einum enda en l\u00edfgar vi\u00f0 me\u00f0 hinum, og h\u00f6rpu sem stj\u00f3rnar \u00e1rst\u00ed\u00f0unum.<\/p><\/div>\n<div class=\"iwg-faq-q\"><h3>Hverjir eru \u00fer\u00edr fj\u00e1rsj\u00f3\u00f0ir Dagda?<\/h3><p>\u00der\u00edr magna\u00f0ir eignagripir Dagda eru t\u00e1knmynd fyrir kosm\u00edska hlutverk hans. Ketill Dagda (Coire ansic, \u201ehinn \u00f3endanlegi\u201c) er t\u00e1knmynd \u00f3\u00ferj\u00f3tandi r\u00edkid\u00e6mis, a\u00f0 \u00f6llum l\u00edkindum fyrirmynd gralsminni \u00ed s\u00ed\u00f0ari keltnesk-kristinni hef\u00f0. Kylfan Lorg M\u00f3r er verkf\u00e6ri l\u00edfs og dau\u00f0a sem birtir kosm\u00edska tv\u00ede\u00f0li fa\u00f0irgu\u00f0sins. Harpan Uaithne stj\u00f3rnar s\u00ed\u00f0an \u00e1rst\u00ed\u00f0unum: \u00feegar Dagda leikur \u00e1kve\u00f0i\u00f0 lag koma sumar, vetur, svefn e\u00f0a t\u00e1r yfir heiminn.<\/p><\/div>\n<script type=\"application\/ld+json\">{\"@context\":\"https:\/\/schema.org\",\"@type\":\"FAQPage\",\"mainEntity\":[{\"@type\":\"Question\",\"name\":\"Hver er Dagda \u00ed \u00edrskri go\u00f0afr\u00e6\u00f0i?\",\"acceptedAnswer\":{\"@type\":\"Answer\",\"text\":\"Dagda (forn\u00edrska An Dagda, \u201ehinn g\u00f3\u00f0i gu\u00f0\u201c) er ein af mikilv\u00e6gustu go\u00f0averum \u00ed \u00edrsk-keltneskri go\u00f0afr\u00e6\u00f0i, fa\u00f0irgu\u00f0 Tuatha D\u00e9 Danann, hinnar go\u00f0sagnakenndu h\u00e1lfgu\u00f0a\u00e6ttar sem settist a\u00f0 \u00e1 \u00cdrlandi \u00e1 undan \u00cdrum. Kenniheiti hans, Eochaid Ollathair (hesta-alf\u00f6\u00f0ur) og Ruad Ro-fhessa (rau\u00f0ur allvitur), s\u00fdna st\u00f6\u00f0u hans sem alvalds kosm\u00edsks gu\u00f0s. Hann \u00e1 \u00ferj\u00e1 magna\u00f0a gripi: ketil (Coire) sem engum \u00fearf a\u00f0 ganga hungra\u00f0ur fr\u00e1, risavaxinn kylfu sem drepur me\u00f0 einum enda en l\u00edfgar vi\u00f0 me\u00f0 hinum, og h\u00f6rpu sem stj\u00f3rnar \u00e1rst\u00ed\u00f0unum.\"}},{\"@type\":\"Question\",\"name\":\"Hverjir eru \u00fer\u00edr fj\u00e1rsj\u00f3\u00f0ir Dagda?\",\"acceptedAnswer\":{\"@type\":\"Answer\",\"text\":\"\u00der\u00edr magna\u00f0ir eignagripir Dagda eru t\u00e1knmynd fyrir kosm\u00edska hlutverk hans. Ketill Dagda (Coire ansic, \u201ehinn \u00f3endanlegi\u201c) er t\u00e1knmynd \u00f3\u00ferj\u00f3tandi r\u00edkid\u00e6mis, a\u00f0 \u00f6llum l\u00edkindum fyrirmynd gralsminni \u00ed s\u00ed\u00f0ari keltnesk-kristinni hef\u00f0. Kylfan Lorg M\u00f3r er verkf\u00e6ri l\u00edfs og dau\u00f0a sem birtir kosm\u00edska tv\u00ede\u00f0li fa\u00f0irgu\u00f0sins. Harpan Uaithne stj\u00f3rnar s\u00ed\u00f0an \u00e1rst\u00ed\u00f0unum: \u00feegar Dagda leikur \u00e1kve\u00f0i\u00f0 lag koma sumar, vetur, svefn e\u00f0a t\u00e1r yfir heiminn.\"}}]}<\/script>\t\t\t\t\t\t\t\t<\/div>\n\t\t\t\t\t<\/div>\n\t\t\t\t<\/div>\n\t\t\t\t<\/div>\n\t\t","protected":false},"excerpt":{"rendered":"","protected":false},"author":3,"featured_media":1750,"parent":0,"menu_order":0,"comment_status":"closed","ping_status":"closed","template":"elementor_header_footer","meta":{"_yoast_wpseo_focuskw":"Dagda","_yoast_wpseo_title":"Dagda \u2013 keltneskur fa\u00f0ir- og \u00e6ttargu\u00f0","_yoast_wpseo_metadesc":"Dagda, G\u00f3\u00f0i gu\u00f0inn \u00ed \u00edrskum arfs\u00f6gnum: fa\u00f0ir Tuatha D\u00e9 Danann, herra Coire Ansic-katilsins og h\u00f6rpu sem st\u00fdrir \u00e1rst\u00ed\u00f0unum.","_yoast_wpseo_meta-robots-noindex":"","_yoast_wpseo_canonical":"","_angie_page":false,"gefaehrdungsstufe":"2","wesen_kultur":"keltisch","wesen_klasse":"goetter","footnotes":""},"categories":[],"class_list":["post-168760","page","type-page","status-publish","has-post-thumbnail","hentry"],"yoast_head":"<!-- This site is optimized with the Yoast SEO Premium plugin v27.7 (Yoast SEO v28.3) - https:\/\/yoast.com\/product\/yoast-seo-premium-wordpress\/ -->\n<title>Dagda \u2013 keltneskur fa\u00f0ir- og \u00e6ttargu\u00f0<\/title>\n<meta name=\"description\" content=\"Dagda, G\u00f3\u00f0i gu\u00f0inn \u00ed \u00edrskum arfs\u00f6gnum: fa\u00f0ir Tuatha D\u00e9 Danann, herra Coire Ansic-katilsins og h\u00f6rpu sem st\u00fdrir \u00e1rst\u00ed\u00f0unum.\" \/>\n<meta name=\"robots\" content=\"index, follow, max-snippet:-1, max-image-preview:large, max-video-preview:-1\" \/>\n<link rel=\"canonical\" href=\"https:\/\/iwell-guard.com\/is\/dagda\/\" \/>\n<meta property=\"og:locale\" content=\"is_IS\" \/>\n<meta property=\"og:type\" content=\"article\" \/>\n<meta property=\"og:title\" content=\"Dagda\" \/>\n<meta property=\"og:description\" content=\"Dagda, G\u00f3\u00f0i gu\u00f0inn \u00ed \u00edrskum arfs\u00f6gnum: fa\u00f0ir Tuatha D\u00e9 Danann, herra Coire Ansic-katilsins og h\u00f6rpu sem st\u00fdrir \u00e1rst\u00ed\u00f0unum.\" \/>\n<meta property=\"og:url\" content=\"https:\/\/iwell-guard.com\/is\/dagda\/\" \/>\n<meta property=\"og:site_name\" content=\"iWell Guard\" \/>\n<meta property=\"article:modified_time\" content=\"2026-09-05T14:18:44+00:00\" \/>\n<meta property=\"og:image\" content=\"https:\/\/iwell-guard.com\/wp-content\/uploads\/2026\/04\/goetter_keltisch_dagda.webp\" \/>\n\t<meta property=\"og:image:width\" content=\"1024\" \/>\n\t<meta property=\"og:image:height\" content=\"1536\" \/>\n\t<meta property=\"og:image:type\" content=\"image\/webp\" \/>\n<meta name=\"twitter:card\" content=\"summary_large_image\" \/>\n<script type=\"application\/ld+json\" class=\"yoast-schema-graph\">{\"@context\":\"https:\\\/\\\/schema.org\",\"@graph\":[{\"@type\":\"WebPage\",\"@id\":\"https:\\\/\\\/iwell-guard.com\\\/is\\\/dagda\\\/\",\"url\":\"https:\\\/\\\/iwell-guard.com\\\/is\\\/dagda\\\/\",\"name\":\"Dagda \u2013 keltneskur fa\u00f0ir- og \u00e6ttargu\u00f0\",\"isPartOf\":{\"@id\":\"https:\\\/\\\/iwell-guard.com\\\/is\\\/#website\"},\"primaryImageOfPage\":{\"@id\":\"https:\\\/\\\/iwell-guard.com\\\/is\\\/dagda\\\/#primaryimage\"},\"image\":{\"@id\":\"https:\\\/\\\/iwell-guard.com\\\/is\\\/dagda\\\/#primaryimage\"},\"thumbnailUrl\":\"https:\\\/\\\/iwell-guard.com\\\/wp-content\\\/uploads\\\/2026\\\/04\\\/goetter_keltisch_dagda.webp\",\"datePublished\":\"2026-09-05T14:02:45+00:00\",\"dateModified\":\"2026-09-05T14:18:44+00:00\",\"description\":\"Dagda, G\u00f3\u00f0i gu\u00f0inn \u00ed \u00edrskum arfs\u00f6gnum: fa\u00f0ir Tuatha D\u00e9 Danann, herra Coire Ansic-katilsins og h\u00f6rpu sem st\u00fdrir \u00e1rst\u00ed\u00f0unum.\",\"breadcrumb\":{\"@id\":\"https:\\\/\\\/iwell-guard.com\\\/is\\\/dagda\\\/#breadcrumb\"},\"inLanguage\":\"is\",\"potentialAction\":[{\"@type\":\"ReadAction\",\"target\":[\"https:\\\/\\\/iwell-guard.com\\\/is\\\/dagda\\\/\"]}]},{\"@type\":\"ImageObject\",\"inLanguage\":\"is\",\"@id\":\"https:\\\/\\\/iwell-guard.com\\\/is\\\/dagda\\\/#primaryimage\",\"url\":\"https:\\\/\\\/iwell-guard.com\\\/wp-content\\\/uploads\\\/2026\\\/04\\\/goetter_keltisch_dagda.webp\",\"contentUrl\":\"https:\\\/\\\/iwell-guard.com\\\/wp-content\\\/uploads\\\/2026\\\/04\\\/goetter_keltisch_dagda.webp\",\"width\":1024,\"height\":1536,\"caption\":\"Gu\u00f0ir \u00far keltneskri hef\u00f0.\"},{\"@type\":\"BreadcrumbList\",\"@id\":\"https:\\\/\\\/iwell-guard.com\\\/is\\\/dagda\\\/#breadcrumb\",\"itemListElement\":[{\"@type\":\"ListItem\",\"position\":1,\"name\":\"Start\",\"item\":\"https:\\\/\\\/iwell-guard.com\\\/is\\\/?page_id=168580\"},{\"@type\":\"ListItem\",\"position\":2,\"name\":\"Dagda\"}]},{\"@type\":\"WebSite\",\"@id\":\"https:\\\/\\\/iwell-guard.com\\\/is\\\/#website\",\"url\":\"https:\\\/\\\/iwell-guard.com\\\/is\\\/\",\"name\":\"iWell Guard\",\"description\":\"Schutz vor dunklen Einfl\u00fcssen\",\"publisher\":{\"@id\":\"https:\\\/\\\/iwell-guard.com\\\/is\\\/#organization\"},\"potentialAction\":[{\"@type\":\"SearchAction\",\"target\":{\"@type\":\"EntryPoint\",\"urlTemplate\":\"https:\\\/\\\/iwell-guard.com\\\/is\\\/?s={search_term_string}\"},\"query-input\":{\"@type\":\"PropertyValueSpecification\",\"valueRequired\":true,\"valueName\":\"search_term_string\"}}],\"inLanguage\":\"is\"},{\"@type\":\"Organization\",\"@id\":\"https:\\\/\\\/iwell-guard.com\\\/is\\\/#organization\",\"name\":\"Ittermann electronic GmbH\",\"url\":\"https:\\\/\\\/iwell-guard.com\\\/is\\\/\",\"logo\":{\"@type\":\"ImageObject\",\"inLanguage\":\"is\",\"@id\":\"https:\\\/\\\/iwell-guard.com\\\/is\\\/#\\\/schema\\\/logo\\\/image\\\/\",\"url\":\"https:\\\/\\\/iwell-guard.com\\\/wp-content\\\/uploads\\\/2026\\\/05\\\/Ittermann-Logo-1182x237-1.png\",\"contentUrl\":\"https:\\\/\\\/iwell-guard.com\\\/wp-content\\\/uploads\\\/2026\\\/05\\\/Ittermann-Logo-1182x237-1.png\",\"width\":1182,\"height\":237,\"caption\":\"Ittermann electronic GmbH\"},\"image\":{\"@id\":\"https:\\\/\\\/iwell-guard.com\\\/is\\\/#\\\/schema\\\/logo\\\/image\\\/\"},\"sameAs\":[\"https:\\\/\\\/pantip.com\\\/profile\\\/9367242\",\"https:\\\/\\\/micro.blog\\\/iwellguard\",\"https:\\\/\\\/www.diggerslist.com\\\/iwellguard\\\/about\",\"https:\\\/\\\/skitterphoto.com\\\/photographers\\\/2870314\\\/iwell-guard\",\"https:\\\/\\\/iwellguard.wordpress.com\\\/2026\\\/06\\\/06\\\/iwell-guard\\\/\",\"https:\\\/\\\/hub.docker.com\\\/u\\\/iwellguard\",\"https:\\\/\\\/www.pinterest.com\\\/iwellguard\\\/\",\"https:\\\/\\\/bit.ly\\\/m\\\/iwellguard\",\"https:\\\/\\\/entre-vos-mains.alsace.eu\\\/profiles\\\/iwellguard\\\/activity\",\"https:\\\/\\\/gravatar.com\\\/reallybeded8fd34\",\"https:\\\/\\\/naijamatta.com\\\/iwellguard\",\"https:\\\/\\\/www.goodreads.com\\\/iwellguard\",\"https:\\\/\\\/profile.hatena.ne.jp\\\/iwellguard\\\/\",\"https:\\\/\\\/experiment.com\\\/users\\\/iwellguard\",\"https:\\\/\\\/wakelet.com\\\/@iWellGuard82270\",\"https:\\\/\\\/www.chordie.com\\\/forum\\\/profile.php?id=2555664\",\"https:\\\/\\\/www.instapaper.com\\\/p\\\/17757966\",\"https:\\\/\\\/www.mapleprimes.com\\\/users\\\/iwellguard\",\"https:\\\/\\\/businesslistingplus.com\\\/profile\\\/iwell-guard\\\/\",\"https:\\\/\\\/telegra.ph\\\/iWell-Guard-06-06\",\"https:\\\/\\\/pbase.com\\\/iwellguard\\\/iwellguard\",\"https:\\\/\\\/b.hatena.ne.jp\\\/iwellguard\\\/20260607#bookmark-4788405196491818882\",\"https:\\\/\\\/fliphtml5.com\\\/home\\\/iwellguard\",\"https:\\\/\\\/anyflip.com\\\/homepage\\\/cmiwl#About\",\"https:\\\/\\\/transfur.com\\\/Users\\\/iwellguard\",\"http:\\\/\\\/delphi.larsbo.org\\\/user\\\/iwellguard\",\"https:\\\/\\\/jobs.lajobsportal.org\\\/profiles\\\/8380803-iwell-guard\",\"https:\\\/\\\/md.chaosdorf.de\\\/s\\\/jfbe5SBdJD\",\"https:\\\/\\\/www.lingvolive.com\\\/en-us\\\/profile\\\/9ecaeaca-ce11-4e51-9e71-01d55e2bff36\\\/translations\",\"https:\\\/\\\/www.fitday.com\\\/fitness\\\/forums\\\/members\\\/iwellguard.html\",\"https:\\\/\\\/www.mymeetbook.com\\\/iwellguard\",\"https:\\\/\\\/pxhere.com\\\/en\\\/photographer-me\\\/5040798\",\"https:\\\/\\\/disqus.com\\\/by\\\/iwellguard\\\/about\\\/\",\"https:\\\/\\\/pastelink.net\\\/hjwciqwq\",\"https:\\\/\\\/pubhtml5.com\\\/homepage\\\/scjhn\\\/\",\"https:\\\/\\\/www.bitchute.com\\\/channel\\\/2O2eOKzNqujT\",\"https:\\\/\\\/audiomack.com\\\/iwellguard\"]},{\"@type\":\"Article\",\"@id\":\"https:\\\/\\\/iwell-guard.com\\\/is\\\/dagda\\\/#article\",\"isPartOf\":{\"@id\":\"https:\\\/\\\/iwell-guard.com\\\/is\\\/dagda\\\/\"},\"author\":{\"name\":\"Ralf Ittermann\",\"@id\":\"https:\\\/\\\/iwell-guard.com\\\/is\\\/#\\\/schema\\\/person\\\/ee2a27f1cac3406c7c6fb5820cb7349f\"},\"headline\":\"Dagda\",\"datePublished\":\"2026-09-05T14:02:45+00:00\",\"dateModified\":\"2026-09-05T14:18:44+00:00\",\"mainEntityOfPage\":{\"@id\":\"https:\\\/\\\/iwell-guard.com\\\/is\\\/dagda\\\/\"},\"publisher\":{\"@id\":\"https:\\\/\\\/iwell-guard.com\\\/is\\\/#organization\"},\"image\":{\"@id\":\"https:\\\/\\\/iwell-guard.com\\\/is\\\/dagda\\\/#primaryimage\"},\"thumbnailUrl\":\"https:\\\/\\\/iwell-guard.com\\\/wp-content\\\/uploads\\\/2026\\\/04\\\/goetter_keltisch_dagda.webp\",\"inLanguage\":\"is\",\"description\":\"Dagda, G\u00f3\u00f0i gu\u00f0inn \u00ed \u00edrskum arfs\u00f6gnum: fa\u00f0ir Tuatha D\u00e9 Danann, herra Coire Ansic-katilsins og h\u00f6rpu sem st\u00fdrir \u00e1rst\u00ed\u00f0unum.\"}]}<\/script>\n<!-- \/ Yoast SEO Premium plugin. -->","yoast_head_json":{"title":"Dagda \u2013 keltneskur fa\u00f0ir- og \u00e6ttargu\u00f0","description":"Dagda, G\u00f3\u00f0i gu\u00f0inn \u00ed \u00edrskum arfs\u00f6gnum: fa\u00f0ir Tuatha D\u00e9 Danann, herra Coire Ansic-katilsins og h\u00f6rpu sem st\u00fdrir \u00e1rst\u00ed\u00f0unum.","robots":{"index":"index","follow":"follow","max-snippet":"max-snippet:-1","max-image-preview":"max-image-preview:large","max-video-preview":"max-video-preview:-1"},"canonical":"https:\/\/iwell-guard.com\/is\/dagda\/","og_locale":"is_IS","og_type":"article","og_title":"Dagda","og_description":"Dagda, G\u00f3\u00f0i gu\u00f0inn \u00ed \u00edrskum arfs\u00f6gnum: fa\u00f0ir Tuatha D\u00e9 Danann, herra Coire Ansic-katilsins og h\u00f6rpu sem st\u00fdrir \u00e1rst\u00ed\u00f0unum.","og_url":"https:\/\/iwell-guard.com\/is\/dagda\/","og_site_name":"iWell Guard","article_modified_time":"2026-09-05T14:18:44+00:00","og_image":[{"width":1024,"height":1536,"url":"https:\/\/iwell-guard.com\/wp-content\/uploads\/2026\/04\/goetter_keltisch_dagda.webp","type":"image\/webp"}],"twitter_card":"summary_large_image","schema":{"@context":"https:\/\/schema.org","@graph":[{"@type":"Article","@id":"https:\/\/iwell-guard.com\/is\/dagda\/#article","isPartOf":{"@id":"https:\/\/iwell-guard.com\/is\/dagda\/"},"author":{"name":"Ralf Ittermann","@id":"https:\/\/iwell-guard.com\/is\/#\/schema\/person\/ee2a27f1cac3406c7c6fb5820cb7349f"},"headline":"Dagda","datePublished":"2026-09-05T14:02:45+00:00","dateModified":"2026-09-05T14:18:44+00:00","mainEntityOfPage":{"@id":"https:\/\/iwell-guard.com\/is\/dagda\/"},"publisher":{"@id":"https:\/\/iwell-guard.com\/is\/#organization"},"image":{"@id":"https:\/\/iwell-guard.com\/is\/dagda\/#primaryimage"},"thumbnailUrl":"https:\/\/iwell-guard.com\/wp-content\/uploads\/2026\/04\/goetter_keltisch_dagda.webp","inLanguage":"is","description":"Dagda, G\u00f3\u00f0i gu\u00f0inn \u00ed \u00edrskum arfs\u00f6gnum: fa\u00f0ir Tuatha D\u00e9 Danann, herra Coire Ansic-katilsins og h\u00f6rpu sem st\u00fdrir \u00e1rst\u00ed\u00f0unum."},{"@type":"WebPage","@id":"https:\/\/iwell-guard.com\/is\/dagda\/","url":"https:\/\/iwell-guard.com\/is\/dagda\/","name":"Dagda \u2013 keltneskur fa\u00f0ir- og \u00e6ttargu\u00f0","isPartOf":{"@id":"https:\/\/iwell-guard.com\/is\/#website"},"primaryImageOfPage":{"@id":"https:\/\/iwell-guard.com\/is\/dagda\/#primaryimage"},"image":{"@id":"https:\/\/iwell-guard.com\/is\/dagda\/#primaryimage"},"thumbnailUrl":"https:\/\/iwell-guard.com\/wp-content\/uploads\/2026\/04\/goetter_keltisch_dagda.webp","datePublished":"2026-09-05T14:02:45+00:00","dateModified":"2026-09-05T14:18:44+00:00","description":"Dagda, G\u00f3\u00f0i gu\u00f0inn \u00ed \u00edrskum arfs\u00f6gnum: fa\u00f0ir Tuatha D\u00e9 Danann, herra Coire Ansic-katilsins og h\u00f6rpu sem st\u00fdrir \u00e1rst\u00ed\u00f0unum.","breadcrumb":{"@id":"https:\/\/iwell-guard.com\/is\/dagda\/#breadcrumb"},"inLanguage":"is","potentialAction":[{"@type":"ReadAction","target":["https:\/\/iwell-guard.com\/is\/dagda\/"]}]},{"@type":"ImageObject","inLanguage":"is","@id":"https:\/\/iwell-guard.com\/is\/dagda\/#primaryimage","url":"https:\/\/iwell-guard.com\/wp-content\/uploads\/2026\/04\/goetter_keltisch_dagda.webp","contentUrl":"https:\/\/iwell-guard.com\/wp-content\/uploads\/2026\/04\/goetter_keltisch_dagda.webp","width":1024,"height":1536,"caption":"Gu\u00f0ir \u00far keltneskri hef\u00f0."},{"@type":"BreadcrumbList","@id":"https:\/\/iwell-guard.com\/is\/dagda\/#breadcrumb","itemListElement":[{"@type":"ListItem","position":1,"name":"Start","item":"https:\/\/iwell-guard.com\/is\/?page_id=168580"},{"@type":"ListItem","position":2,"name":"Dagda"}]},{"@type":"WebSite","@id":"https:\/\/iwell-guard.com\/is\/#website","url":"https:\/\/iwell-guard.com\/is\/","name":"iWell Guard","description":"Schutz vor dunklen Einfl\u00fcssen","publisher":{"@id":"https:\/\/iwell-guard.com\/is\/#organization"},"potentialAction":[{"@type":"SearchAction","target":{"@type":"EntryPoint","urlTemplate":"https:\/\/iwell-guard.com\/is\/?s={search_term_string}"},"query-input":{"@type":"PropertyValueSpecification","valueRequired":true,"valueName":"search_term_string"}}],"inLanguage":"is"},{"@type":"Organization","@id":"https:\/\/iwell-guard.com\/is\/#organization","name":"Ittermann electronic GmbH","url":"https:\/\/iwell-guard.com\/is\/","logo":{"@type":"ImageObject","inLanguage":"is","@id":"https:\/\/iwell-guard.com\/is\/#\/schema\/logo\/image\/","url":"https:\/\/iwell-guard.com\/wp-content\/uploads\/2026\/05\/Ittermann-Logo-1182x237-1.png","contentUrl":"https:\/\/iwell-guard.com\/wp-content\/uploads\/2026\/05\/Ittermann-Logo-1182x237-1.png","width":1182,"height":237,"caption":"Ittermann electronic GmbH"},"image":{"@id":"https:\/\/iwell-guard.com\/is\/#\/schema\/logo\/image\/"},"sameAs":["https:\/\/pantip.com\/profile\/9367242","https:\/\/micro.blog\/iwellguard","https:\/\/www.diggerslist.com\/iwellguard\/about","https:\/\/skitterphoto.com\/photographers\/2870314\/iwell-guard","https:\/\/iwellguard.wordpress.com\/2026\/06\/06\/iwell-guard\/","https:\/\/hub.docker.com\/u\/iwellguard","https:\/\/www.pinterest.com\/iwellguard\/","https:\/\/bit.ly\/m\/iwellguard","https:\/\/entre-vos-mains.alsace.eu\/profiles\/iwellguard\/activity","https:\/\/gravatar.com\/reallybeded8fd34","https:\/\/naijamatta.com\/iwellguard","https:\/\/www.goodreads.com\/iwellguard","https:\/\/profile.hatena.ne.jp\/iwellguard\/","https:\/\/experiment.com\/users\/iwellguard","https:\/\/wakelet.com\/@iWellGuard82270","https:\/\/www.chordie.com\/forum\/profile.php?id=2555664","https:\/\/www.instapaper.com\/p\/17757966","https:\/\/www.mapleprimes.com\/users\/iwellguard","https:\/\/businesslistingplus.com\/profile\/iwell-guard\/","https:\/\/telegra.ph\/iWell-Guard-06-06","https:\/\/pbase.com\/iwellguard\/iwellguard","https:\/\/b.hatena.ne.jp\/iwellguard\/20260607#bookmark-4788405196491818882","https:\/\/fliphtml5.com\/home\/iwellguard","https:\/\/anyflip.com\/homepage\/cmiwl#About","https:\/\/transfur.com\/Users\/iwellguard","http:\/\/delphi.larsbo.org\/user\/iwellguard","https:\/\/jobs.lajobsportal.org\/profiles\/8380803-iwell-guard","https:\/\/md.chaosdorf.de\/s\/jfbe5SBdJD","https:\/\/www.lingvolive.com\/en-us\/profile\/9ecaeaca-ce11-4e51-9e71-01d55e2bff36\/translations","https:\/\/www.fitday.com\/fitness\/forums\/members\/iwellguard.html","https:\/\/www.mymeetbook.com\/iwellguard","https:\/\/pxhere.com\/en\/photographer-me\/5040798","https:\/\/disqus.com\/by\/iwellguard\/about\/","https:\/\/pastelink.net\/hjwciqwq","https:\/\/pubhtml5.com\/homepage\/scjhn\/","https:\/\/www.bitchute.com\/channel\/2O2eOKzNqujT","https:\/\/audiomack.com\/iwellguard"]},{"@type":"Person","@id":"https:\/\/iwell-guard.com\/is\/#\/schema\/person\/ee2a27f1cac3406c7c6fb5820cb7349f","name":"Ralf Ittermann","image":{"@type":"ImageObject","inLanguage":"is","@id":"https:\/\/secure.gravatar.com\/avatar\/073c0153e350a5005b68eb752b445fea71f6b24a26da9449ad7e155e6b446c9d?s=96&d=mm&r=g","url":"https:\/\/secure.gravatar.com\/avatar\/073c0153e350a5005b68eb752b445fea71f6b24a26da9449ad7e155e6b446c9d?s=96&d=mm&r=g","contentUrl":"https:\/\/secure.gravatar.com\/avatar\/073c0153e350a5005b68eb752b445fea71f6b24a26da9449ad7e155e6b446c9d?s=96&d=mm&r=g","caption":"Ralf Ittermann"},"givenName":"Ralf","familyName":"Ittermann","jobTitle":"Gesch\u00e4ftsf\u00fchrer und redaktioneller Verantwortlicher","url":"https:\/\/iwell-guard.com\/is\/author\/claude\/","description":"Ralf Ittermann ist Gesch\u00e4ftsf\u00fchrer der Ittermann electronic GmbH und redaktioneller Verantwortlicher des iWell-Guard-Lexikons. Er verbindet langj\u00e4hrige Erfahrung in der Pr\u00e4zisionsfertigung mit medialer Praxis und religionsgeschichtlicher Quellenarbeit.","worksFor":{"@type":"Organization","name":"Ittermann electronic GmbH","url":"https:\/\/ittermann.de\/","address":{"@type":"PostalAddress","streetAddress":"K\u00f6hlergasse 16-18","postalCode":"99842","addressLocality":"Ruhla","addressCountry":"DE"}},"knowsAbout":["Religionsgeschichte","Mythologie","Mediale Praxis","Energetische Diagnostik","Schutzpraxis","Volksglauben","Westliche Esoterik"]},{"@type":"Article","@id":"https:\/\/iwell-guard.com\/is\/dagda\/#article","isPartOf":{"@id":"https:\/\/iwell-guard.com\/is\/dagda\/"},"author":{"name":"Ralf Ittermann","@id":"https:\/\/iwell-guard.com\/is\/#\/schema\/person\/ee2a27f1cac3406c7c6fb5820cb7349f"},"headline":"Dagda","datePublished":"2026-09-05T14:02:45+00:00","dateModified":"2026-09-05T14:18:44+00:00","mainEntityOfPage":{"@id":"https:\/\/iwell-guard.com\/is\/dagda\/"},"publisher":{"@id":"https:\/\/iwell-guard.com\/is\/#organization"},"image":{"@id":"https:\/\/iwell-guard.com\/is\/dagda\/#primaryimage"},"thumbnailUrl":"https:\/\/iwell-guard.com\/wp-content\/uploads\/2026\/04\/goetter_keltisch_dagda.webp","inLanguage":"is","description":"Dagda, G\u00f3\u00f0i gu\u00f0inn \u00ed \u00edrskum arfs\u00f6gnum: fa\u00f0ir Tuatha D\u00e9 Danann, herra Coire Ansic-katilsins og h\u00f6rpu sem st\u00fdrir \u00e1rst\u00ed\u00f0unum."}]}},"_links":{"self":[{"href":"https:\/\/iwell-guard.com\/is\/wp-json\/wp\/v2\/pages\/168760","targetHints":{"allow":["GET"]}}],"collection":[{"href":"https:\/\/iwell-guard.com\/is\/wp-json\/wp\/v2\/pages"}],"about":[{"href":"https:\/\/iwell-guard.com\/is\/wp-json\/wp\/v2\/types\/page"}],"author":[{"embeddable":true,"href":"https:\/\/iwell-guard.com\/is\/wp-json\/wp\/v2\/users\/3"}],"replies":[{"embeddable":true,"href":"https:\/\/iwell-guard.com\/is\/wp-json\/wp\/v2\/comments?post=168760"}],"version-history":[{"count":0,"href":"https:\/\/iwell-guard.com\/is\/wp-json\/wp\/v2\/pages\/168760\/revisions"}],"wp:featuredmedia":[{"embeddable":true,"href":"https:\/\/iwell-guard.com\/is\/wp-json\/wp\/v2\/media\/1750"}],"wp:attachment":[{"href":"https:\/\/iwell-guard.com\/is\/wp-json\/wp\/v2\/media?parent=168760"}],"wp:term":[{"taxonomy":"category","embeddable":true,"href":"https:\/\/iwell-guard.com\/is\/wp-json\/wp\/v2\/categories?post=168760"}],"curies":[{"name":"wp","href":"https:\/\/api.w.org\/{rel}","templated":true}]}}