{"id":168759,"date":"2026-09-05T14:02:45","date_gmt":"2026-09-05T14:02:45","guid":{"rendered":"https:\/\/iwell-guard.com\/?page_id=168759"},"modified":"2026-09-05T14:18:40","modified_gmt":"2026-09-05T14:18:40","slug":"proserpina","status":"publish","type":"page","link":"https:\/\/iwell-guard.com\/is\/proserpina\/","title":{"rendered":"Proserpina"},"content":{"rendered":"\t\t<div data-elementor-type=\"wp-page\" data-elementor-id=\"168759\" class=\"elementor elementor-168759 elementor-1979 elementor-bc-flex-widget\" data-elementor-post-type=\"page\">\n\t\t\t\t<div class=\"elementor-element elementor-element-10fdade e-flex e-con-boxed e-con e-parent\" data-id=\"10fdade\" data-element_type=\"container\" data-e-type=\"container\" data-settings=\"{&quot;background_background&quot;:&quot;classic&quot;}\">\n\t\t\t\t\t<div class=\"e-con-inner\">\n\t\t<div class=\"elementor-element elementor-element-herohlft0 e-flex e-con-boxed e-con e-child\" data-id=\"herohlft0\" data-element_type=\"container\" data-e-type=\"container\">\n\t\t\t\t\t<div class=\"e-con-inner\">\n\t\t<div class=\"elementor-element elementor-element-c3ceb64 e-con-full e-flex e-con e-child\" data-id=\"c3ceb64\" data-element_type=\"container\" data-e-type=\"container\">\n\t\t\t\t<div class=\"elementor-element elementor-element-96ae5e1 elementor-widget elementor-widget-heading\" data-id=\"96ae5e1\" data-element_type=\"widget\" data-e-type=\"widget\" data-widget_type=\"heading.default\">\n\t\t\t\t\t<h1 class=\"elementor-heading-title elementor-size-default\">Proserpina, gy\u00f0ja \u00ed r\u00f3mverskri hef\u00f0<\/h1>\t\t\t\t<\/div>\n\t\t\t\t<div class=\"elementor-element elementor-element-e45238a elementor-widget elementor-widget-text-editor\" data-id=\"e45238a\" data-element_type=\"widget\" data-e-type=\"widget\" data-widget_type=\"text-editor.default\">\n\t\t\t\t\t\t\t\t\t<p>Proserpina er gy\u00f0ja undirheimanna og endurf\u00e6\u00f0ingarins \u00ed r\u00f3mverskri hef\u00f0. H\u00fan er eiginkona Pl\u00fat\u00f3s og drottnari yfir r\u00edki hinna dau\u00f0u, en \u00e1rleg heimkoma hennar til yfirheimanna heldur henni bundinni vi\u00f0 hringr\u00e1s n\u00e1tt\u00farunnar. Tr\u00faarfr\u00e6\u00f0ilega er Proserpina \u00edmynd umskiptanna milli l\u00edfs og dau\u00f0a, milli \u00feess sem er ofan jar\u00f0ar og undir henni.<\/p>\t\t\t\t\t\t\t\t<\/div>\n\t\t\t\t<\/div>\n\t\t<div class=\"elementor-element elementor-element-klsbdg01 e-con-full e-flex e-con e-parent\" data-id=\"klsbdg01\" data-element_type=\"container\" data-e-type=\"container\">\n\t\t\t\t<div class=\"elementor-element elementor-element-klshtm01 elementor-widget elementor-widget-html\" data-id=\"klshtm01\" data-element_type=\"widget\" data-e-type=\"widget\" data-widget_type=\"html.default\">\n\t\t\t\t\t<div class=\"iwg-pill-row\"><span class=\"iwg-klasse-badge\" tabindex=\"0\" data-tooltip=\"Gu\u00f0 \/ gy\u00f0ja: Pers\u00f3nuger\u00f0 \u00e6\u00f0sta valdi\u00f0 \u00ed go\u00f0aheimi menningar, me\u00f0 sk\u00fdrt afm\u00f6rku\u00f0 svi\u00f0, n\u00e1tt\u00faru\u00f6fl, \u00f6rl\u00f6g, herna\u00f0, frj\u00f3semi. D\u00fdrku\u00f0 me\u00f0 helgisi\u00f0um, f\u00f3rnum og musterisstofnunum.\">Gy\u00f0ja<\/span><a href=\"https:\/\/iwell-guard.com\/is\/?page_id=168595\" class=\"iwg-kultur-badge\" tabindex=\"0\" data-tooltip=\"R\u00f3mversk tr\u00faarbr\u00f6g\u00f0 fr\u00e1 konungd\u00f3mi til s\u00ed\u00f0fornaldar, samruna vi\u00f0 gr\u00edsk og etr\u00fask l\u00f6g.\">R\u00f3m<\/a><a href=\"https:\/\/iwell-guard.com\/is\/?page_id=168709\" class=\"iwg-tradition-badge\" tabindex=\"0\" data-tooltip=\"Gu\u00f0ir undirheima og dau\u00f0a, drottnarar handanheimsins, d\u00f3marar hinna dau\u00f0u, lei\u00f0s\u00f6gumenn s\u00e1lna.\">Dau\u00f0agu\u00f0<\/a><\/div>\t\t\t\t<\/div>\n\t\t\t\t<\/div>\n\t\t<div class=\"elementor-element elementor-element-3f74855 e-con-full e-flex e-con e-child\" data-id=\"3f74855\" data-element_type=\"container\" data-e-type=\"container\">\n\t\t\t\t<div class=\"elementor-element elementor-element-1c30362 elementor-toc--minimized-on-tablet elementor-widget elementor-widget-table-of-contents\" data-id=\"1c30362\" data-element_type=\"widget\" data-e-type=\"widget\" data-settings=\"{&quot;exclude_headings_by_selector&quot;:[],&quot;no_headings_message&quot;:&quot;Engar undirfyrirsagnir fundust \\u00e1 \\u00feessari s\\u00ed\\u00f0u.&quot;,&quot;headings_by_tags&quot;:[&quot;h2&quot;,&quot;h3&quot;],&quot;marker_view&quot;:&quot;bullets&quot;,&quot;minimize_box&quot;:&quot;yes&quot;,&quot;icon&quot;:{&quot;value&quot;:&quot;fas fa-circle&quot;,&quot;library&quot;:&quot;fa-solid&quot;,&quot;rendered_tag&quot;:&quot;&lt;svg class=\\&quot;e-font-icon-svg e-fas-circle\\&quot; viewBox=\\&quot;0 0 512 512\\&quot; xmlns=\\&quot;http:\\\/\\\/www.w3.org\\\/2000\\\/svg\\&quot;&gt;&lt;path d=\\&quot;M256 8C119 8 8 119 8 256s111 248 248 248 248-111 248-248S393 8 256 8z\\&quot;&gt;&lt;\\\/path&gt;&lt;\\\/svg&gt;&quot;},&quot;minimized_on&quot;:&quot;tablet&quot;,&quot;hierarchical_view&quot;:&quot;yes&quot;,&quot;min_height&quot;:{&quot;unit&quot;:&quot;px&quot;,&quot;size&quot;:&quot;&quot;,&quot;sizes&quot;:[]},&quot;min_height_tablet&quot;:{&quot;unit&quot;:&quot;px&quot;,&quot;size&quot;:&quot;&quot;,&quot;sizes&quot;:[]},&quot;min_height_mobile&quot;:{&quot;unit&quot;:&quot;px&quot;,&quot;size&quot;:&quot;&quot;,&quot;sizes&quot;:[]}}\" data-widget_type=\"table-of-contents.default\">\n\t\t\t\t\t\t\t\t\t<div class=\"elementor-toc__header\">\n\t\t\t\t\t\t<h2 class=\"elementor-toc__header-title\">\n\t\t\t\tEfnisyfirlit\t\t\t<\/h2>\n\t\t\t\t\t\t\t\t\t\t<div class=\"elementor-toc__toggle-button elementor-toc__toggle-button--expand\" role=\"button\" tabindex=\"0\" aria-controls=\"elementor-toc__1c30362\" aria-expanded=\"true\" aria-label=\"Open table of contents\"><svg aria-hidden=\"true\" class=\"e-font-icon-svg e-fas-chevron-down\" viewBox=\"0 0 448 512\" xmlns=\"http:\/\/www.w3.org\/2000\/svg\"><path d=\"M207.029 381.476L12.686 187.132c-9.373-9.373-9.373-24.569 0-33.941l22.667-22.667c9.357-9.357 24.522-9.375 33.901-.04L224 284.505l154.745-154.021c9.379-9.335 24.544-9.317 33.901.04l22.667 22.667c9.373 9.373 9.373 24.569 0 33.941L240.971 381.476c-9.373 9.372-24.569 9.372-33.942 0z\"><\/path><\/svg><\/div>\n\t\t\t\t<div class=\"elementor-toc__toggle-button elementor-toc__toggle-button--collapse\" role=\"button\" tabindex=\"0\" aria-controls=\"elementor-toc__1c30362\" aria-expanded=\"true\" aria-label=\"Close table of contents\"><svg aria-hidden=\"true\" class=\"e-font-icon-svg e-fas-chevron-up\" viewBox=\"0 0 448 512\" xmlns=\"http:\/\/www.w3.org\/2000\/svg\"><path d=\"M240.971 130.524l194.343 194.343c9.373 9.373 9.373 24.569 0 33.941l-22.667 22.667c-9.357 9.357-24.522 9.375-33.901.04L224 227.495 69.255 381.516c-9.379 9.335-24.544 9.317-33.901-.04l-22.667-22.667c-9.373-9.373-9.373-24.569 0-33.941L207.03 130.525c9.372-9.373 24.568-9.373 33.941-.001z\"><\/path><\/svg><\/div>\n\t\t\t\t\t<\/div>\n\t\t\t\t<div id=\"elementor-toc__1c30362\" class=\"elementor-toc__body\">\n\t\t\t<div class=\"elementor-toc__spinner-container\">\n\t\t\t\t<svg class=\"elementor-toc__spinner eicon-animation-spin e-font-icon-svg e-eicon-loading\" aria-hidden=\"true\" viewBox=\"0 0 1000 1000\" xmlns=\"http:\/\/www.w3.org\/2000\/svg\"><path d=\"M500 975V858C696 858 858 696 858 500S696 142 500 142 142 304 142 500H25C25 237 238 25 500 25S975 237 975 500 763 975 500 975Z\"><\/path><\/svg>\t\t\t<\/div>\n\t\t<\/div>\n\t\t\t\t\t\t<\/div>\n\t\t\t\t<\/div>\n\t\t\t\t\t<\/div>\n\t\t\t\t<\/div>\n\t\t<div class=\"elementor-element elementor-element-herorght0 e-con-full e-flex e-con e-child\" data-id=\"herorght0\" data-element_type=\"container\" data-e-type=\"container\">\n\t\t\t\t<div class=\"elementor-element elementor-element-heroimg00 iwg-hero-image elementor-widget elementor-widget-image\" data-id=\"heroimg00\" data-element_type=\"widget\" data-e-type=\"widget\" data-widget_type=\"image.default\">\n\t\t\t\t\t\t\t\t\t\t\t\t\t\t\t<img fetchpriority=\"high\" decoding=\"async\" width=\"683\" height=\"1024\" src=\"https:\/\/iwell-guard.com\/wp-content\/uploads\/2026\/04\/goetter_rom_proserpina-683x1024.webp\" class=\"attachment-large size-large wp-image-170964\" alt=\"Proserpina - Gu\u00f0ir \u00far r\u00f3mverskri hef\u00f0, s\u00f6guleg og myndskreytandi framsetning\" srcset=\"https:\/\/iwell-guard.com\/wp-content\/uploads\/2026\/04\/goetter_rom_proserpina-683x1024.webp 683w, https:\/\/iwell-guard.com\/wp-content\/uploads\/2026\/04\/goetter_rom_proserpina-200x300.webp 200w, https:\/\/iwell-guard.com\/wp-content\/uploads\/2026\/04\/goetter_rom_proserpina-768x1152.webp 768w, https:\/\/iwell-guard.com\/wp-content\/uploads\/2026\/04\/goetter_rom_proserpina.webp 1024w\" sizes=\"(max-width: 683px) 100vw, 683px\" \/>\t\t\t\t\t\t\t\t\t\t\t\t\t\t\t<\/div>\n\t\t\t\t<\/div>\n\t\t\t\t\t<\/div>\n\t\t\t\t<\/div>\n\t\t<div class=\"elementor-element elementor-element-32917199 e-flex e-con-boxed e-con e-parent\" data-id=\"32917199\" data-element_type=\"container\" data-e-type=\"container\">\n\t\t\t\t\t<div class=\"e-con-inner\">\n\t\t<div class=\"elementor-element elementor-element-26e916cb e-flex e-con-boxed e-con e-child\" data-id=\"26e916cb\" data-element_type=\"container\" data-e-type=\"container\">\n\t\t\t\t\t<div class=\"e-con-inner\">\n\t\t<div class=\"elementor-element elementor-element-253a40d4 e-flex e-con-boxed e-con e-child\" data-id=\"253a40d4\" data-element_type=\"container\" data-e-type=\"container\">\n\t\t\t\t\t<div class=\"e-con-inner\">\n\t\t\t\t<div class=\"elementor-element elementor-element-1200c304 elementor-widget elementor-widget-heading\" data-id=\"1200c304\" data-element_type=\"widget\" data-e-type=\"widget\" data-widget_type=\"heading.default\">\n\t\t\t\t\t<h2 class=\"elementor-heading-title elementor-size-default\">Proserpina<\/h2>\t\t\t\t<\/div>\n\t\t\t\t<div class=\"elementor-element elementor-element-11758e7f elementor-widget elementor-widget-text-editor\" data-id=\"11758e7f\" data-element_type=\"widget\" data-e-type=\"widget\" data-widget_type=\"text-editor.default\">\n\t\t\t\t\t\t\t\t\t<p>Proserpina er \u00edmynd andst\u00e6\u00f0anna milli meyd\u00f3ms og hj\u00f3nabands, milli sakleysis og konunglegs valds. H\u00fan er d\u00f3ttir Ceres (kornsins), eiginkona Pl\u00fat\u00f3s og drottnari hinna dau\u00f0u.<\/p><p><span class=\"iwg-fachbegriff\" data-tooltip=\"Yfirlifu\u00f0 fr\u00e1s\u00f6gn um gu\u00f0i, upphaf og skipan heimsins.\" tabindex=\"0\">Go\u00f0s\u00f6gnin<\/span> um brottn\u00e1m hennar af Pl\u00fat\u00f3 \u00fatsk\u00fdrir \u00e1rst\u00ed\u00f0abundnar breytingar \u00ed gr\u00f3\u00f0ri og skipulag \u00e1rsins. Megin\u00fe\u00e6ttir hennar eru frj\u00f3semi, \u00feroski, umskipti og heimild fyrir n\u00fdju l\u00edfi \u00far r\u00edki hinna dau\u00f0u. Elevs\u00ednsku launhelgarnir f\u00f6gnu\u00f0u hlutverki hennar \u00ed hringr\u00e1s endurn\u00fdjunar heimsins.<\/p>\t\t\t\t\t\t\t\t<\/div>\n\t\t\t\t\t<\/div>\n\t\t\t\t<\/div>\n\t\t<div class=\"elementor-element elementor-element-159dcf9a e-flex e-con-boxed e-con e-child\" data-id=\"159dcf9a\" data-element_type=\"container\" data-e-type=\"container\">\n\t\t\t\t\t<div class=\"e-con-inner\">\n\t\t\t\t<div class=\"elementor-element elementor-element-48cee66f elementor-widget elementor-widget-heading\" data-id=\"48cee66f\" data-element_type=\"widget\" data-e-type=\"widget\" data-widget_type=\"heading.default\">\n\t\t\t\t\t<h2 class=\"elementor-heading-title elementor-size-default\">Stutt yfirlit: Proserpina<\/h2>\t\t\t\t<\/div>\n\t\t\t\t<div class=\"elementor-element elementor-element-3f50d82c elementor-widget elementor-widget-text-editor\" data-id=\"3f50d82c\" data-element_type=\"widget\" data-e-type=\"widget\" data-widget_type=\"text-editor.default\">\n\t\t\t\t\t\t\t\t\t<p>Heimildir: Ummyndanir \u00d3v\u00edds 5. b\u00f3k, Georgica Virgils, Cicero De Natura Deorum, Ummyndanir Ap\u00fale\u00edusar, s\u00e1lmar til Proserpinu, latneskar \u00e1letranir og legsteins\u00e1letranir. Fr\u00e6\u00f0irit: Georg Wissowa, Karl Latte, Walter Burkert (um samruna vi\u00f0 Persef\u00f3nu), Hubert Cancik. D\u00fdrkun Proserpinu var \u00f6flug \u00ed Elevs\u00eds-helgisi\u00f0um, en einnig \u00fatbreidd \u00ed einkaheimilum \u00e1 \u00cdtal\u00edu, \u00ed Gall\u00edu og Afr\u00edku.<\/p>\t\t\t\t\t\t\t\t<\/div>\n\t\t\t\t\t<\/div>\n\t\t\t\t<\/div>\n\t\t\t\t\t<\/div>\n\t\t\t\t<\/div>\n\t\t\t\t\t<\/div>\n\t\t\t\t<\/div>\n\t\t<div class=\"elementor-element elementor-element-18613602 e-flex e-con-boxed e-con e-parent\" data-id=\"18613602\" data-element_type=\"container\" data-e-type=\"container\">\n\t\t\t\t\t<div class=\"e-con-inner\">\n\t\t\t\t<div class=\"elementor-element elementor-element-262b8a9f elementor-widget elementor-widget-heading\" data-id=\"262b8a9f\" data-element_type=\"widget\" data-e-type=\"widget\" data-widget_type=\"heading.default\">\n\t\t\t\t\t<h2 class=\"elementor-heading-title elementor-size-default\">Samhengi<\/h2>\t\t\t\t<\/div>\n\t\t<div class=\"elementor-element elementor-element-46dcb7d e-con-full e-flex e-con e-child\" data-id=\"46dcb7d\" data-element_type=\"container\" data-e-type=\"container\">\n\t\t<div class=\"elementor-element elementor-element-61d3ab3 e-flex e-con-boxed e-con e-child\" data-id=\"61d3ab3\" data-element_type=\"container\" data-e-type=\"container\">\n\t\t\t\t\t<div class=\"e-con-inner\">\n\t\t\t\t<div class=\"elementor-element elementor-element-117c166 elementor-widget elementor-widget-heading\" data-id=\"117c166\" data-element_type=\"widget\" data-e-type=\"widget\" data-widget_type=\"heading.default\">\n\t\t\t\t\t<h3 class=\"elementor-heading-title elementor-size-default\">T\u00edmabil textanna<\/h3>\t\t\t\t<\/div>\n\t\t\t\t<div class=\"elementor-element elementor-element-73997a0 elementor-widget elementor-widget-text-editor\" data-id=\"73997a0\" data-element_type=\"widget\" data-e-type=\"widget\" data-widget_type=\"text-editor.default\">\n\t\t\t\t\t\t\t\t\t<p>Proserpina h\u00e9lt \u00e1fram a\u00f0 vera til sta\u00f0ar l\u00f6ngu eftir a\u00f0 forn d\u00fdrkun hennar lag\u00f0ist af. Fr\u00e1s\u00f6gn \u00d3v\u00edds af brottn\u00e1minu \u00ed Ummyndununum og s\u00ed\u00f0fornaldarkv\u00e6\u00f0i Claudianusar De raptu Proserpinae h\u00e9ldu efninu lifandi, og m\u00e1larar og sk\u00falpt\u00faristar fr\u00e1 endurreisnart\u00edmanum til Berninis og Rossettis t\u00f3ku \u00fea\u00f0 upp. Goethe skrifa\u00f0i einleiksverk um hana. Kjarni go\u00f0s\u00f6gunnar, \u00e1ri\u00f0 sem skiptist milli yfirheima og undirheima, er enn \u00feann dag \u00ed dag \u00feekktasta forna sk\u00fdringin \u00e1 \u00e1rst\u00ed\u00f0unum.<\/p><h3>Go\u00f0sagnafr\u00e6\u00f0ileg sta\u00f0setning<\/h3><p>Proserpina er r\u00f3mversk gy\u00f0ja vorsins og undirheimanna, d\u00f3ttir Ceres. <span class=\"iwg-fachbegriff\" data-tooltip=\"Yfirlifu\u00f0 fr\u00e1s\u00f6gn um gu\u00f0i, upphaf og skipan heimsins.\" tabindex=\"0\">Go\u00f0s\u00f6gnin<\/span> um hana, brottn\u00e1m af Pl\u00fat\u00f3, heimkoma, er lykilatri\u00f0i \u00ed skilningi \u00e1 \u00e1rst\u00ed\u00f0unum. H\u00fan er ekki valdalaus heldur drottnari undirheimanna vi\u00f0 hli\u00f0 Pl\u00fat\u00f3s. H\u00fan er tv\u00edr\u00e6\u00f0 pers\u00f3na umbreytingarins.<\/p>\t\t\t\t\t\t\t\t<\/div>\n\t\t\t\t\t<\/div>\n\t\t\t\t<\/div>\n\t\t<div class=\"elementor-element elementor-element-d47b156 e-flex e-con-boxed e-con e-child\" data-id=\"d47b156\" data-element_type=\"container\" data-e-type=\"container\">\n\t\t\t\t\t<div class=\"e-con-inner\">\n\t\t\t\t<div class=\"elementor-element elementor-element-ff38c2b elementor-widget elementor-widget-heading\" data-id=\"ff38c2b\" data-element_type=\"widget\" data-e-type=\"widget\" data-widget_type=\"heading.default\">\n\t\t\t\t\t<h3 class=\"elementor-heading-title elementor-size-default\">\u00datbrei\u00f0slusv\u00e6\u00f0i<\/h3>\t\t\t\t<\/div>\n\t\t\t\t<div class=\"elementor-element elementor-element-4e49fcc elementor-widget elementor-widget-text-editor\" data-id=\"4e49fcc\" data-element_type=\"widget\" data-e-type=\"widget\" data-widget_type=\"text-editor.default\">\n\t\t\t\t\t\t\t\t\t<p>Proserpina var almennt \u00feekkt og d\u00fdrku\u00f0, e\u00f0a virt me\u00f0 \u00f3tta, um allan hinn r\u00f3mverska heim, \u00e1n takm\u00f6rkunar vi\u00f0 \u00e1kve\u00f0in sv\u00e6\u00f0i e\u00f0a sta\u00f0setningar. Hvort sem \u00fea\u00f0 var \u00ed st\u00f3rum borgarmi\u00f0st\u00f6\u00f0vum e\u00f0a \u00e1 ja\u00f0arsv\u00e6\u00f0um \u00ed dreifb\u00fdli, hj\u00e1 f\u00e9lagslegri yfirst\u00e9tt e\u00f0a me\u00f0al almennings, var andleg e\u00f0a menningarleg \u00fe\u00fd\u00f0ing \u00feessarar v\u00e6ttar vi\u00f0urkennd og \u00fatbreidd alls sta\u00f0ar.<\/p><p>Upptaka Proserpinu \u00ed R\u00f3m var \u00e1kv\u00f6r\u00f0un r\u00edkisins: samkv\u00e6mt S\u00edbyllub\u00f3kunum var d\u00fdrkun hennar, \u00e1samt Dis Pater, komi\u00f0 \u00e1 f\u00f3t \u00e1ri\u00f0 249 f.Kr. til a\u00f0 for\u00f0a samf\u00e9laginu fr\u00e1 \u00f3g\u00e6fu. Gr\u00edska fyrirmynd hennar, Persef\u00f3na, barst til R\u00f3mar gegnum n\u00fdlendurnar \u00e1 Su\u00f0ur-\u00cdtal\u00edu og Sikiley; helgista\u00f0urinn \u00ed Lokr\u00ed og sikileyskir d\u00fdrkunarsta\u00f0ir s\u00fdna hvernig verslun og landn\u00e1m breiddu \u00fat og samr\u00e6mdu d\u00fdrkunina um Mi\u00f0jar\u00f0arhafssv\u00e6\u00f0i\u00f0.<\/p>\t\t\t\t\t\t\t\t<\/div>\n\t\t\t\t\t<\/div>\n\t\t\t\t<\/div>\n\t\t\t\t<\/div>\n\t\t<div class=\"elementor-element elementor-element-db03c39 e-con-full e-flex e-con e-child\" data-id=\"db03c39\" data-element_type=\"container\" data-e-type=\"container\">\n\t\t<div class=\"elementor-element elementor-element-229a87b e-flex e-con-boxed e-con e-child\" data-id=\"229a87b\" data-element_type=\"container\" data-e-type=\"container\">\n\t\t\t\t\t<div class=\"e-con-inner\">\n\t\t\t\t<div class=\"elementor-element elementor-element-1f471fc elementor-widget elementor-widget-heading\" data-id=\"1f471fc\" data-element_type=\"widget\" data-e-type=\"widget\" data-widget_type=\"heading.default\">\n\t\t\t\t\t<h3 class=\"elementor-heading-title elementor-size-default\">Heimildasta\u00f0a<\/h3>\t\t\t\t<\/div>\n\t\t\t\t<div class=\"elementor-element elementor-element-36b1201 elementor-widget elementor-widget-text-editor\" data-id=\"36b1201\" data-element_type=\"widget\" data-e-type=\"widget\" data-widget_type=\"text-editor.default\">\n\t\t\t\t\t\t\t\t\t<p>Frumheimildir: Ummyndanir \u00d3v\u00edds 5. b\u00f3k (brottn\u00e1m Proserpinu), Georgica og Eneasarkvi\u00f0a Virgils, s\u00e1lmur H\u00f3mers til Demetrar (gr\u00edsk hli\u00f0st\u00e6\u00f0a), Cicero De Natura Deorum, harmleikir Seneca.<\/p><p>T\u00edmabil: 5. \u00f6ld f.Kr. til 6. \u00f6ld e.Kr. Fr\u00e6\u00f0imenn: Georg Wissowa, Karl Latte (r\u00f3mversk tr\u00faarbrag\u00f0asaga), Walter Burkert (gr\u00edsk tr\u00faarbr\u00f6g\u00f0), Manfred Clauss (d\u00fdrkun). Fornleifafr\u00e6\u00f0ilegar sannanir: helgista\u00f0ir \u00ed Elevs\u00eds, legsteinar fr\u00e1 r\u00f3mverskum t\u00edma, b\u00f6lvunart\u00f6flur me\u00f0 nafni Proserpinu.<\/p>\t\t\t\t\t\t\t\t<\/div>\n\t\t\t\t\t<\/div>\n\t\t\t\t<\/div>\n\t\t\t\t<\/div>\n\t\t\t\t\t<\/div>\n\t\t\t\t<\/div>\n\t\t<div class=\"elementor-element elementor-element-3ae0637c e-flex e-con-boxed e-con e-parent\" data-id=\"3ae0637c\" data-element_type=\"container\" data-e-type=\"container\">\n\t\t\t\t\t<div class=\"e-con-inner\">\n\t\t\t\t<div class=\"elementor-element elementor-element-31d07739 elementor-widget elementor-widget-heading\" data-id=\"31d07739\" data-element_type=\"widget\" data-e-type=\"widget\" data-widget_type=\"heading.default\">\n\t\t\t\t\t<h2 class=\"elementor-heading-title elementor-size-default\">Nafn og heiti<\/h2>\t\t\t\t<\/div>\n\t\t<div class=\"elementor-element elementor-element-b7642947 e-con-full e-flex e-con e-child\" data-id=\"b7642947\" data-element_type=\"container\" data-e-type=\"container\">\n\t\t\t\t<div class=\"elementor-element elementor-element-a086266 elementor-widget elementor-widget-text-editor\" data-id=\"a086266\" data-element_type=\"widget\" data-e-type=\"widget\" data-widget_type=\"text-editor.default\">\n\t\t\t\t\t\t\t\t\t<p>Proserpina er s\u00fdnd \u00ed \u00fdmsum heimildum og listr\u00e6num hef\u00f0um me\u00f0 \u00e1kve\u00f0num endurteknum myndm\u00e1lseinkennum sem halda s\u00e9r tilt\u00f6lulega st\u00f6\u00f0ugum yfir \u00e1ratugi og milli mismunandi landfr\u00e6\u00f0ilegra sv\u00e6\u00f0a. \u00deessi einkenni eru dj\u00fapt t\u00e1knr\u00e6n og bera mikla \u00fe\u00fd\u00f0ingu; \u00feau m\u00e1 ekki \u00fatsk\u00fdra sem hreina skreytingu e\u00f0a handah\u00f3fskennt val.<\/p><p>Af myndum Proserpinu m\u00e1 lesa tv\u00f6falt e\u00f0li hennar. Korn\u00f6x, bl\u00f3m og granatepli v\u00edsa til frj\u00f3semi og gr\u00f3\u00f0urs, en einnig til \u00e1vaxtarins sem batt hana vi\u00f0 undirheimana vi\u00f0 neyslu hans. Blysi\u00f0 tengist leit m\u00f3\u00f0ur hennar Ceres, h\u00e1s\u00e6ti\u00f0 vi\u00f0 hli\u00f0 Pl\u00fat\u00f3s s\u00fdnir hana sem drottningu r\u00edkis hinna dau\u00f0u. \u00deeir sem kunnu go\u00f0s\u00f6gnina \u00feekktu \u00ed hverju \u00feessara t\u00e1kna eitt skref \u00ed s\u00f6gu hennar: brottn\u00e1m, leit, granatepli, skipt \u00e1r. T\u00e1knin segja go\u00f0s\u00f6gnina um \u00e1rst\u00ed\u00f0irnar \u00ed \u00fe\u00e9ttri mynd.<\/p>\t\t\t\t\t\t\t\t<\/div>\n\t\t\t\t<\/div>\n\t\t\t\t\t<\/div>\n\t\t\t\t<\/div>\n\t\t<div class=\"elementor-element elementor-element-709a44a8 e-flex e-con-boxed e-con e-parent\" data-id=\"709a44a8\" data-element_type=\"container\" data-e-type=\"container\">\n\t\t\t\t\t<div class=\"e-con-inner\">\n\t\t\t\t<div class=\"elementor-element elementor-element-2f585873 elementor-widget elementor-widget-heading\" data-id=\"2f585873\" data-element_type=\"widget\" data-e-type=\"widget\" data-widget_type=\"heading.default\">\n\t\t\t\t\t<h2 class=\"elementor-heading-title elementor-size-default\">L\u00fdsing<\/h2>\t\t\t\t<\/div>\n\t\t<div class=\"elementor-element elementor-element-70621c12 e-con-full e-flex e-con e-child\" data-id=\"70621c12\" data-element_type=\"container\" data-e-type=\"container\">\n\t\t\t\t<div class=\"elementor-element elementor-element-4296eb49 elementor-widget elementor-widget-text-editor\" data-id=\"4296eb49\" data-element_type=\"widget\" data-e-type=\"widget\" data-widget_type=\"text-editor.default\">\n\t\t\t\t\t\t\t\t\t<p>Proserp\u00edna var lykilatri\u00f0i \u00ed tr\u00faarlegri i\u00f0kun, hversdagslegum ath\u00f6fnum og daglegum skilningi R\u00f3mverja. F\u00f3lk sneri s\u00e9r a\u00f0 \u00feessari v\u00e6ttu \u00ed mikilv\u00e6gum e\u00f0a \u00e1kve\u00f0num l\u00edfsa\u00f0st\u00e6\u00f0um e\u00f0a \u00e1 tilteknum \u00e1rst\u00ed\u00f0um, me\u00f0 skipul\u00f6g\u00f0um, oft umfangsmiklum ath\u00f6fnum, b\u00e6num e\u00f0a f\u00f3rnargj\u00f6fum.<\/p><p>D\u00fdrkun Proserp\u00ednu var vandlega reglubundin \u00ed R\u00f3m. \u00c1ri\u00f0 249 f.Kr. var \u00e1tr\u00fana\u00f0ur \u00e1 hana innleiddur formlega \u00e1samt Dis Pater, og f\u00f3rnirnar vi\u00f0 ne\u00f0anjar\u00f0araltari\u00f0 \u00e1 Tarentum \u00e1 Marsvellinum fylgdu n\u00e1kv\u00e6mum tr\u00faarlegum fyrirm\u00e6lum. \u00cd gr\u00edskum leyndard\u00f3msath\u00f6fnum, sem tengdust fyrirmynd hennar Persef\u00f3nu, st\u00fdr\u00f0u s\u00e9rstakir helgisi\u00f0aemb\u00e6ttismenn v\u00edgslunum; \u00fe\u00e1tttaka og framkv\u00e6md voru bundin str\u00f6ngum reglum.<\/p><p>Athafnirnar til hei\u00f0urs Proserp\u00ednu \u00fej\u00f3nu\u00f0u \u00e1kve\u00f0num tilgangi um aldir. Sem gr\u00f3\u00f0urgy\u00f0ja var h\u00fan \u00e1samt Ceres \u00e1k\u00f6llu\u00f0 til a\u00f0 tryggja gr\u00f3anda uppskerunnar, \u00feannig undirst\u00f6\u00f0u f\u00e6\u00f0u\u00f6flunar samf\u00e9lagsins. Sem drottning undirheima t\u00f3k h\u00fan vi\u00f0 gj\u00f6fum sem \u00e6tla\u00f0 var a\u00f0 tryggja hinum l\u00e1tnu miskunnsamar m\u00f3tt\u00f6kur. Go\u00f0sagan um \u00e1rlega uppfer\u00f0 og ni\u00f0urg\u00f6ngu hennar t\u00falka\u00f0i jafnframt \u00e1rst\u00ed\u00f0askiptin og gaf umskiptunum milli l\u00edfs og dau\u00f0a \u00e1\u00fereifanlega mynd.<\/p><h3>\u00c1s\u00fdnd og t\u00e1kn<\/h3><p>Proserp\u00edna er s\u00fdnd \u00e1 umskiptaskei\u00f0um, \u00fdmist ung og vorleg e\u00f0a d\u00f6kk og alvarleg. H\u00fan ber k\u00f3r\u00f3nu og heldur oft \u00e1 lykli. Granatepli\u00f0 er hennar t\u00e1kn (fr\u00e6 endurkomunnar). Byggh\u00e1lmar og bl\u00f3m fylgja henni einnig. Tv\u00edr\u00e6\u00f0ni hennar er hennar styrkur.<\/p>\t\t\t\t\t\t\t\t<\/div>\n\t\t\t\t<\/div>\n\t\t\t\t\t<\/div>\n\t\t\t\t<\/div>\n\t\t<div class=\"elementor-element elementor-element-44e71476 e-flex e-con-boxed e-con e-parent\" data-id=\"44e71476\" data-element_type=\"container\" data-e-type=\"container\">\n\t\t\t\t\t<div class=\"e-con-inner\">\n\t\t\t\t<div class=\"elementor-element elementor-element-3c1fc3f0 elementor-widget elementor-widget-heading\" data-id=\"3c1fc3f0\" data-element_type=\"widget\" data-e-type=\"widget\" data-widget_type=\"heading.default\">\n\t\t\t\t\t<h2 class=\"elementor-heading-title elementor-size-default\">Yfirlit: Proserp\u00edna<\/h2>\t\t\t\t<\/div>\n\t\t<div class=\"elementor-element elementor-element-84f33b8e e-con-full e-flex e-con e-child\" data-id=\"84f33b8e\" data-element_type=\"container\" data-e-type=\"container\">\n\t\t\t\t<div class=\"elementor-element elementor-element-hqkdc67p elementor-widget elementor-widget-text-editor\" data-id=\"hqkdc67p\" data-element_type=\"widget\" data-e-type=\"widget\" data-widget_type=\"text-editor.default\">\n\t\t\t\t\t\t\t\t\t<p>Yfirliti\u00f0 \u00fatsk\u00fdrir e\u00f0li Proserp\u00ednu \u00ed sex v\u00edddum: go\u00f0sagnalegan uppruna hennar og \u00fatbrei\u00f0slu, form d\u00fdrkunar hennar \u00ed tr\u00faarbr\u00f6g\u00f0um og <span class=\"iwg-fachbegriff\" data-tooltip=\"Athafnir sem \u00e6tla\u00f0 er a\u00f0 hafa \u00e1hrif \u00e1 framvindu hlutanna me\u00f0 s\u00e9rst\u00f6kum ath\u00f6fnum e\u00f0a form\u00falum.\" tabindex=\"0\">galdri<\/span>, einkennandi framsetningu hennar \u00ed list og t\u00e1knum, merkingu <span class=\"iwg-fachbegriff\" data-tooltip=\"\u00c1kall e\u00f0a b\u00e6nar\u00e1varp til gu\u00f0s e\u00f0a m\u00e1ttar.\" tabindex=\"0\">\u00e1kalls<\/span> og vir\u00f0ingar, tengdar v\u00e6ttir \u00ed n\u00e1l\u00e6gum menningarheimum og a\u00f0 lokum yfirlit yfir kosm\u00edska hlutverk hennar sem gy\u00f0ju umskipta.<\/p>\t\t\t\t\t\t\t\t<\/div>\n\t\t\t\t<\/div>\n\t\t<div class=\"elementor-element elementor-element-pemmx7c5 e-con-full e-flex e-con e-child\" data-id=\"pemmx7c5\" data-element_type=\"container\" data-e-type=\"container\">\n\t\t<div class=\"elementor-element elementor-element-pemmx7c1 e-con-full e-flex e-con e-child\" data-id=\"pemmx7c1\" data-element_type=\"container\" data-e-type=\"container\">\n\t\t<div class=\"elementor-element elementor-element-qh9oavvu iwg-steckbrief-card e-flex e-con-boxed e-con e-child\" data-id=\"qh9oavvu\" data-element_type=\"container\" data-e-type=\"container\">\n\t\t\t\t\t<div class=\"e-con-inner\">\n\t\t\t\t<div class=\"elementor-element elementor-element-awzx8k2k elementor-widget elementor-widget-heading\" data-id=\"awzx8k2k\" data-element_type=\"widget\" data-e-type=\"widget\" data-widget_type=\"heading.default\">\n\t\t\t\t\t<div class=\"elementor-heading-title elementor-size-default\">Uppruni Proserp\u00ednu<\/div>\t\t\t\t<\/div>\n\t\t\t\t<div class=\"elementor-element elementor-element-x6rowhv0 elementor-widget elementor-widget-text-editor\" data-id=\"x6rowhv0\" data-element_type=\"widget\" data-e-type=\"widget\" data-widget_type=\"text-editor.default\">\n\t\t\t\t\t\t\t\t\t<p>Proserp\u00edna er r\u00f3mverskt form gr\u00edsku Persef\u00f3nu og \u00e1 r\u00e6tur \u00ed ind\u00f3evr\u00f3pskum go\u00f0s\u00f6gum um frj\u00f3semisgy\u00f0jur. <span class=\"iwg-fachbegriff\" data-tooltip=\"Fr\u00e1s\u00f6gn sem var\u00f0veist hefur um gu\u00f0i, uppruna og skipan heimsins.\" tabindex=\"0\">Go\u00f0sagan<\/span> um brottn\u00e1m hennar (\u00e1 lat\u00ednu: raptus) var upphaflega \u00fatsk\u00fdring \u00e1 \u00e1rst\u00ed\u00f0abundnum gr\u00f3\u00f0urhringr\u00e1sum. \u00cd R\u00f3m var Proserp\u00edna d\u00fdrku\u00f0 sem eiginkona Pl\u00fat\u00f3s, sj\u00e1lfst\u00e6\u00f0 og m\u00e1ttug.<\/p><p>Fyrstu heimildir m\u00e1 rekja til 5. aldar f.Kr., en d\u00fdrkunin efldist undir gr\u00edskum \u00e1hrifum (2.-1. \u00f6ld f.Kr.). Eleus\u00ednskar leyndard\u00f3msathafnir breiddu hana \u00fat um hinn <span class=\"iwg-fachbegriff\" data-tooltip=\"T\u00edmabil gr\u00edskrar og r\u00f3mverskrar menningar, um 800 f.Kr. til 600 e.Kr.\" tabindex=\"0\">forna<\/span> heim.<\/p>\t\t\t\t\t\t\t\t<\/div>\n\t\t\t\t\t<\/div>\n\t\t\t\t<\/div>\n\t\t<div class=\"elementor-element elementor-element-8e3o4kxs iwg-steckbrief-card e-flex e-con-boxed e-con e-child\" data-id=\"8e3o4kxs\" data-element_type=\"container\" data-e-type=\"container\">\n\t\t\t\t\t<div class=\"e-con-inner\">\n\t\t\t\t<div class=\"elementor-element elementor-element-08rkdgov elementor-widget elementor-widget-heading\" data-id=\"08rkdgov\" data-element_type=\"widget\" data-e-type=\"widget\" data-widget_type=\"heading.default\">\n\t\t\t\t\t<div class=\"elementor-heading-title elementor-size-default\">Til hverra Proserp\u00edna var \u00e1k\u00f6llu\u00f0<\/div>\t\t\t\t<\/div>\n\t\t\t\t<div class=\"elementor-element elementor-element-uwjelx8s elementor-widget elementor-widget-text-editor\" data-id=\"uwjelx8s\" data-element_type=\"widget\" data-e-type=\"widget\" data-widget_type=\"text-editor.default\">\n\t\t\t\t\t\t\t\t\t<p>Proserp\u00edna var \u00e1k\u00f6llu\u00f0 af b\u00e6ndum vi\u00f0 s\u00e1ningu og uppskeru, af \u00feungu\u00f0um konum (sem trygging n\u00fds l\u00edfs) og af syrgjendum (til a\u00f0 bl\u00ed\u00f0ka hina l\u00e1tnu).<\/p><p>Eleus\u00ednsku leyndard\u00f3msathafnirnar voru strengilega leyndar, en \u00fe\u00e1tttakendur greindu fr\u00e1 hlutverki Proserp\u00ednu sem bur\u00f0arbera vonar eftir dau\u00f0ann. \u00cd einkaheimilum var be\u00f0i\u00f0 til hennar um frj\u00f3semi og vernd barna. Anthesteria (bl\u00f3mah\u00e1t\u00ed\u00f0in) var \u00e1rlegur h\u00e1t\u00ed\u00f0 haldinn henni til hei\u00f0urs.<\/p>\t\t\t\t\t\t\t\t<\/div>\n\t\t\t\t\t<\/div>\n\t\t\t\t<\/div>\n\t\t<div class=\"elementor-element elementor-element-jm2n74ec iwg-steckbrief-card e-flex e-con-boxed e-con e-child\" data-id=\"jm2n74ec\" data-element_type=\"container\" data-e-type=\"container\">\n\t\t\t\t\t<div class=\"e-con-inner\">\n\t\t\t\t<div class=\"elementor-element elementor-element-8vufse4c elementor-widget elementor-widget-heading\" data-id=\"8vufse4c\" data-element_type=\"widget\" data-e-type=\"widget\" data-widget_type=\"heading.default\">\n\t\t\t\t\t<div class=\"elementor-heading-title elementor-size-default\">Framsetning<\/div>\t\t\t\t<\/div>\n\t\t\t\t<div class=\"elementor-element elementor-element-mwb9u015 elementor-widget elementor-widget-text-editor\" data-id=\"mwb9u015\" data-element_type=\"widget\" data-e-type=\"widget\" data-widget_type=\"text-editor.default\">\n\t\t\t\t\t\t\t\t\t<p>Proserp\u00edna var s\u00fdnd sem ung kona e\u00f0a \u00ferosku\u00f0 drottning, allt eftir t\u00edmabili <span class=\"iwg-fachbegriff\" data-tooltip=\"Fr\u00e1s\u00f6gn sem var\u00f0veist hefur um gu\u00f0i, uppruna og skipan heimsins.\" tabindex=\"0\">go\u00f0sagnarinnar<\/span>, ung vi\u00f0 brottn\u00e1mi\u00f0, \u00ferosku\u00f0 og kr\u00fdnd sem drottning undirheima.<\/p><p>T\u00e1kn hennar eru valm\u00faahausinn (<span class=\"iwg-fachbegriff\" data-tooltip=\"Merki sem t\u00e1knar hugmynd e\u00f0a merkingu.\" tabindex=\"0\">t\u00e1kn<\/span> svefns og dau\u00f0a), r\u00edkid\u00e6mishorni\u00f0 (allsn\u00e6gtir), veldissprotinn og blysi\u00f0 (\u00fea\u00f0 l\u00fdsir upp myrkur undirheimanna). \u00c1 myntum sest h\u00fan vi\u00f0 hli\u00f0 Pl\u00fat\u00f3s e\u00f0a ber k\u00f3r\u00f3nu. \u00c1 legsteinum t\u00e1knar h\u00fan umskipti og von um framhaldsl\u00edf.<\/p>\t\t\t\t\t\t\t\t<\/div>\n\t\t\t\t\t<\/div>\n\t\t\t\t<\/div>\n\t\t\t\t<\/div>\n\t\t<div class=\"elementor-element elementor-element-pemmx7c2 e-con-full e-flex e-con e-child\" data-id=\"pemmx7c2\" data-element_type=\"container\" data-e-type=\"container\">\n\t\t<div class=\"elementor-element elementor-element-37ss2yr6 iwg-steckbrief-card e-flex e-con-boxed e-con e-child\" data-id=\"37ss2yr6\" data-element_type=\"container\" data-e-type=\"container\">\n\t\t\t\t\t<div class=\"e-con-inner\">\n\t\t\t\t<div class=\"elementor-element elementor-element-3v0wp3wx elementor-widget elementor-widget-heading\" data-id=\"3v0wp3wx\" data-element_type=\"widget\" data-e-type=\"widget\" data-widget_type=\"heading.default\">\n\t\t\t\t\t<div class=\"elementor-heading-title elementor-size-default\">I\u00f0ja<\/div>\t\t\t\t<\/div>\n\t\t\t\t<div class=\"elementor-element elementor-element-w3247g2m elementor-widget elementor-widget-text-editor\" data-id=\"w3247g2m\" data-element_type=\"widget\" data-e-type=\"widget\" data-widget_type=\"text-editor.default\">\n\t\t\t\t\t\t\t\t\t<p><strong>\u00c1hrifasvi\u00f0:<\/strong> Proserp\u00edna (einnig k\u00f6llu\u00f0 Persef\u00f3na \u00e1 gr\u00edsku) er undirheimagy\u00f0ja R\u00f3mverja, d\u00f3ttir Ceres (Demeter) og eiginkona Pl\u00fat\u00f3s (Hades).<\/p><p>H\u00fan t\u00e1knar umskiptin milli \u00e1rst\u00ed\u00f0a, milli l\u00edfs og dau\u00f0a. Brottn\u00e1m hennar til undirheima og \u00e1rleg endurkoma hennar til m\u00f3\u00f0ur sinnar \u00fatsk\u00fdra skipti sumars og vetrar. H\u00fan er ekki m\u00e1ttlaus e\u00f0a \u00f3virk; \u00ed m\u00f6rgum textum er h\u00fan drottning undirheima, eiginkona me\u00f0 eigi\u00f0 r\u00edki.<\/p>\t\t\t\t\t\t\t\t<\/div>\n\t\t\t\t\t<\/div>\n\t\t\t\t<\/div>\n\t\t<div class=\"elementor-element elementor-element-0qpjal9w iwg-steckbrief-card e-flex e-con-boxed e-con e-child\" data-id=\"0qpjal9w\" data-element_type=\"container\" data-e-type=\"container\">\n\t\t\t\t\t<div class=\"e-con-inner\">\n\t\t\t\t<div class=\"elementor-element elementor-element-6ndoih0o elementor-widget elementor-widget-heading\" data-id=\"6ndoih0o\" data-element_type=\"widget\" data-e-type=\"widget\" data-widget_type=\"heading.default\">\n\t\t\t\t\t<div class=\"elementor-heading-title elementor-size-default\">Verndargripir<\/div>\t\t\t\t<\/div>\n\t\t\t\t<div class=\"elementor-element elementor-element-6684tyh9 elementor-widget elementor-widget-text-editor\" data-id=\"6684tyh9\" data-element_type=\"widget\" data-e-type=\"widget\" data-widget_type=\"text-editor.default\">\n\t\t\t\t\t\t\t\t\t<p>Proserp\u00edna var vi\u00f0fang <span class=\"iwg-fachbegriff\" data-tooltip=\"\u00c1kall e\u00f0a b\u00e6nar\u00e1varp til gu\u00f0s e\u00f0a m\u00e1ttar.\" tabindex=\"0\">\u00e1kalls<\/span> og verndandi d\u00fdrkunar, sem millili\u00f0 milli l\u00edfs og dau\u00f0a, ekki ska\u00f0leg gy\u00f0ja. <span class=\"iwg-fachbegriff\" data-tooltip=\"Gj\u00f6f til gu\u00f0s e\u00f0a m\u00e1ttar til a\u00f0 tj\u00e1 \u00feakkl\u00e6ti, b\u00f3n e\u00f0a lotningu.\" tabindex=\"0\">F\u00f3rnir<\/span> voru valm\u00fai, hunang, \u00e1vextir og sv\u00f6rt d\u00fdr.<\/p><p>\u00cd sorgartilfellum var be\u00f0i\u00f0 til hennar um a\u00f0 taka hina l\u00e1tnu undir vald sitt og veita \u00feeim fri\u00f0. \u00deunga\u00f0ar konur b\u00e1ru verndargripi me\u00f0 mynd hennar. <span class=\"iwg-fachbegriff\" data-tooltip=\"Athafnir sem \u00e6tla\u00f0 er a\u00f0 hafa \u00e1hrif \u00e1 framvindu hlutanna me\u00f0 s\u00e9rst\u00f6kum ath\u00f6fnum e\u00f0a form\u00falum.\" tabindex=\"0\">Galdur<\/span> nota\u00f0i oft nafn hennar til <span class=\"iwg-fachbegriff\" data-tooltip=\"Munnleg ath\u00f6fn sem \u00e6tla\u00f0 er a\u00f0 kalla fram e\u00f0a binda m\u00e1tt.\" tabindex=\"0\">\u00e1kalls<\/span> e\u00f0a til varnar gegn illum \u00f6ndum.<\/p>\t\t\t\t\t\t\t\t<\/div>\n\t\t\t\t\t<\/div>\n\t\t\t\t<\/div>\n\t\t<div class=\"elementor-element elementor-element-3lfi7x32 iwg-steckbrief-card e-flex e-con-boxed e-con e-child\" data-id=\"3lfi7x32\" data-element_type=\"container\" data-e-type=\"container\">\n\t\t\t\t\t<div class=\"e-con-inner\">\n\t\t\t\t<div class=\"elementor-element elementor-element-0kg99ga1 elementor-widget elementor-widget-heading\" data-id=\"0kg99ga1\" data-element_type=\"widget\" data-e-type=\"widget\" data-widget_type=\"heading.default\">\n\t\t\t\t\t<div class=\"elementor-heading-title elementor-size-default\">Samb\u00e6rilegt<\/div>\t\t\t\t<\/div>\n\t\t\t\t<div class=\"elementor-element elementor-element-n0fum6kp elementor-widget elementor-widget-text-editor\" data-id=\"n0fum6kp\" data-element_type=\"widget\" data-e-type=\"widget\" data-widget_type=\"text-editor.default\">\n\t\t\t\t\t\t\t\t\t<p>Persef\u00f3na (gr\u00edsk) er hin bein fyrirmynd og er byggingarlega samsvarandi. Inanna\/Ishtar \u00ed Mes\u00f3p\u00f3tam\u00edu l\u00edkist henni \u00ed f\u00f6r um undirheima, en ekki \u00ed tengslum vi\u00f0 \u00e1rst\u00ed\u00f0irnar. \u00c1 egypsku sv\u00e6\u00f0i s\u00fdnir Osiris (karlkyns) svipu\u00f0 hlutverk sem d\u00f3mari hinna l\u00e1tnu og vonarveita. Hel \u00ed germanskri go\u00f0afr\u00e6\u00f0i er minna tv\u00edr\u00e6\u00f0 drottning undirheima.<\/p>\t\t\t\t\t\t\t\t<\/div>\n\t\t\t\t\t<\/div>\n\t\t\t\t<\/div>\n\t\t\t\t<\/div>\n\t\t\t\t<\/div>\n\t\t\t\t\t<\/div>\n\t\t\t\t<\/div>\n\t\t<div class=\"elementor-element elementor-element-5a584676 e-flex e-con-boxed e-con e-parent\" data-id=\"5a584676\" data-element_type=\"container\" data-e-type=\"container\">\n\t\t\t\t\t<div class=\"e-con-inner\">\n\t\t\t\t<div class=\"elementor-element elementor-element-6d0757bf elementor-widget elementor-widget-heading\" data-id=\"6d0757bf\" data-element_type=\"widget\" data-e-type=\"widget\" data-widget_type=\"heading.default\">\n\t\t\t\t\t<h2 class=\"elementor-heading-title elementor-size-default\">Proserp\u00edna, hli\u00f0st\u00e6\u00f0ur \u00ed \u00f6\u00f0rum menningarheimum<\/h2>\t\t\t\t<\/div>\n\t\t<div class=\"elementor-element elementor-element-60563f68 e-con-full e-flex e-con e-child\" data-id=\"60563f68\" data-element_type=\"container\" data-e-type=\"container\">\n\t\t\t\t<div class=\"elementor-element elementor-element-5a93fdd6 elementor-widget elementor-widget-text-editor\" data-id=\"5a93fdd6\" data-element_type=\"widget\" data-e-type=\"widget\" data-widget_type=\"text-editor.default\">\n\t\t\t\t\t\t\t\t\t<p>Proserpina er r\u00f3mversk \u00fatg\u00e1fa af gr\u00edsku gy\u00f0junni Persef\u00f3nu; <span class=\"iwg-fachbegriff\" data-tooltip=\"Munnm\u00e6lasaga um gu\u00f0i, uppruna og skipan heimsins.\" tabindex=\"0\">go\u00f0s\u00f6gn<\/span> hennar var tengd r\u00f3mverska s\u00e1\u00f0kalendarinu og Eleusinar-v\u00edgslunum. Me\u00f0an Persef\u00f3na er \u00ed gr\u00edsku fj\u00f3r\u00e1rst\u00ed\u00f0a-<span class=\"iwg-fachbegriff\" data-tooltip=\"Munnm\u00e6lasaga um gu\u00f0i, uppruna og skipan heimsins.\" tabindex=\"0\">go\u00f0s\u00f6gninni<\/span> \u00e1fram mi\u00f0l\u00e6gur harmleiksfulltr\u00fai, tekur Proserpina \u00ed r\u00f3mverskri i\u00f0kun a\u00f0 auki a\u00f0 s\u00e9r verndarhlutverk fyrir hj\u00f3naband og heimilisl\u00edf.<\/p>\n<p><p><strong>Hef\u00f0 \u00ed gy\u00f0ingd\u00f3mi:<\/strong> \u00cd <span class=\"iwg-fachbegriff\" data-tooltip=\"Heildarsafn hinna var\u00f0veittu go\u00f0sagna um gu\u00f0i \u00ed tiltekinni menningu.\" tabindex=\"0\">go\u00f0afr\u00e6\u00f0i<\/span> gy\u00f0inga er ekki til nein gy\u00f0ja undirheima. Sheol er \u00f3virkt r\u00edki hinna dau\u00f0u \u00e1n pers\u00f3nuger\u00f0ar drottningar. Ekki fyrr en \u00ed <span class=\"iwg-fachbegriff\" data-tooltip=\"Stefna \u00ed dulhyggju gy\u00f0inga me\u00f0 h\u00f6fu\u00f0ritum eins og Sefer Jezira og S\u00f3har.\" tabindex=\"0\">kabbala<\/span> og heimsslitatextum er geti\u00f0 um engilsl\u00edkar verur, en engin hli\u00f0st\u00e6\u00f0a vi\u00f0 Proserpinu finnst.<\/p><p><strong>Gr\u00edsk-r\u00f3mverski heimurinn:<\/strong> Persef\u00f3na er gr\u00edska frummyndin sem Proserpina byggir \u00e1. \u00cd sameiginlegum helgisi\u00f0um (s\u00e9rstaklega eftir 3. \u00f6ld f.Kr.) runnu n\u00f6fnin og hlutverkin saman, en h\u00e9ldust byggingarlega \u00f3breytt. A\u00f0rar undirheimagy\u00f0jur (Hekate) b\u00e6ttust vi\u00f0 \u00e1n \u00feess a\u00f0 ry\u00f0ja Persef\u00f3nu \u00far vegi.<\/p><p><strong>Mes\u00f3p\u00f3tam\u00eda:<\/strong> Innanna\/Ishtar fer \u00ed fer\u00f0 til undirheima og er \u00fear tekin h\u00f6ndum um t\u00edma en sn\u00fdr aftur, byggingarlega \u00e1\u00feekkt \u00e1rst\u00ed\u00f0ahring Proserpinu, en dramat\u00edskari og minna endurn\u00fdjandi.<\/p><p><strong>Indland\/As\u00eda:<\/strong> \u00cd hind\u00faisma stendur Kali fyrir ey\u00f0ingu og endurn\u00fdjun, en deilir ekki \u00fev\u00ed afmarka\u00f0a hlutverki Proserpinu sem eiginkonu dau\u00f0agu\u00f0s. \u00cd frumb\u00faddisma skortir sl\u00edka pers\u00f3nu; undirheimar eru s\u00ed\u00f0ur pers\u00f3nuger\u00f0ir.<\/p>\t\t\t\t\t\t\t\t<\/div>\n\t\t\t\t<\/div>\n\t\t\t\t\t<\/div>\n\t\t\t\t<\/div>\n\t\t<div class=\"elementor-element elementor-element-cp96567ce e-flex e-con-boxed e-con e-parent\" data-id=\"cp96567ce\" data-element_type=\"container\" data-e-type=\"container\">\n\t\t\t\t\t<div class=\"e-con-inner\">\n\t\t\t\t<div class=\"elementor-element elementor-element-cp39824e6 elementor-widget elementor-widget-heading\" data-id=\"cp39824e6\" data-element_type=\"widget\" data-e-type=\"widget\" data-widget_type=\"heading.default\">\n\t\t\t\t\t<h2 class=\"elementor-heading-title elementor-size-default\">Brottn\u00e1m Proserpinu \u00ed sm\u00e1atri\u00f0um<\/h2>\t\t\t\t<\/div>\n\t\t<div class=\"elementor-element elementor-element-cp625c136 e-con-full e-flex e-con e-child\" data-id=\"cp625c136\" data-element_type=\"container\" data-e-type=\"container\">\n\t\t\t\t<div class=\"elementor-element elementor-element-cp57771b6 elementor-widget elementor-widget-text-editor\" data-id=\"cp57771b6\" data-element_type=\"widget\" data-e-type=\"widget\" data-widget_type=\"text-editor.default\">\n\t\t\t\t\t\t\t\t\t<p>Meginfr\u00e1s\u00f6gnin um Proserpinu er brottn\u00e1m hennar af hendi Pl\u00fat\u00f3s, drottnara undirheima. \u00d3v\u00ed\u00f0 l\u00fdsir henni \u00edtarlega \u00ed fimmtu b\u00f3k <em>Metamorphoses<\/em>, en gefur a\u00f0ra, fr\u00e1brug\u00f0na \u00fatg\u00e1fu \u00ed <em>Fasti<\/em>. Samkv\u00e6mt fr\u00e1s\u00f6gn \u00d3v\u00ed\u00f0s er Proserpina a\u00f0 t\u00edna bl\u00f3m me\u00f0 fylgikonum s\u00ednum \u00ed <span class=\"iwg-fachbegriff\" data-tooltip=\"Heilagur trj\u00e1lundur sem \u00fej\u00f3na\u00f0i sem tilbei\u00f0slusta\u00f0ur.\" tabindex=\"0\">helgum lundi<\/span> n\u00e1l\u00e6gt Pergus-vatninu \u00e1 Sikiley, vi\u00f0 Henna.<\/p><p>Pl\u00fat\u00f3, sem Amor hefur hitt me\u00f0 \u00f6r, s\u00e9r hana, gr\u00edpur hana og ekur me\u00f0 hana \u00ed vagni ni\u00f0ur \u00ed dj\u00fapi\u00f0. J\u00f6r\u00f0in opnast vi\u00f0 Cyane-vatni\u00f0, en vatnad\u00edsin sem \u00fear b\u00fdr veitir tilraun til m\u00f3tspyrnu \u00e1n \u00e1rangurs.<\/p><p>Ceres, m\u00f3\u00f0irin, leitar d\u00f3ttur sinnar um alla j\u00f6r\u00f0ina. \u00cd rei\u00f0i sinni gerir h\u00fan, samkv\u00e6mt \u00d3v\u00ed\u00f0, Sikiley \u00f3frj\u00f3samt. Ekki fyrr en vatnad\u00edsin Arethusa greinir henni fr\u00e1 a\u00f0 h\u00fan hafi s\u00e9\u00f0 Proserpinu sem drottningu undirheima. Ceres leitar til J\u00fap\u00edters.<\/p><p>Endurskilun \u00feeirra m\u00e6\u00f0ra strandar \u00fe\u00f3 \u00e1 skilyr\u00f0i \u00f6rlaganorna: s\u00e1 sem hefur n\u00e6rst \u00e1 f\u00e6\u00f0u \u00ed undirheimum m\u00e1 ekki sn\u00faa aftur. Proserpina haf\u00f0i \u00e9ti\u00f0 sj\u00f6 korn \u00far granatepl\u00ed, og Ascalaphus, sem var\u00f0 vitni a\u00f0 \u00fev\u00ed, breytir h\u00fan \u00ed uglu til hefndar.<\/p><p>J\u00fap\u00edter mi\u00f0lar m\u00e1lum. Proserpina dvelur hluta \u00e1rsins \u00ed efri heimi hj\u00e1 m\u00f3\u00f0ur sinni, hluta \u00ed undirheimum hj\u00e1 Pl\u00fat\u00f3. \u00d3v\u00ed\u00f0 nefnir \u00ed <em>Fasti<\/em> jafna skiptingu, en \u00ed <em>Metamorphoses<\/em> hlutfalli\u00f0 tvo \u00e1 m\u00f3ti einum \u00ed hag efri heims.<\/p><p>\u00deessi \u00f3samr\u00e6mi \u00ed fornum heimildum sj\u00e1lfum s\u00fdnir a\u00f0 fr\u00e1s\u00f6gnin haf\u00f0i enga fastm\u00f3ta\u00f0a, vi\u00f0urkennda mynd. <span class=\"iwg-fachbegriff\" data-tooltip=\"Munnm\u00e6lasaga um gu\u00f0i, uppruna og skipan heimsins.\" tabindex=\"0\">Go\u00f0s\u00f6gnin<\/span> er n\u00e1tengd gr\u00edska Demeter-Persef\u00f3nu efninu, en \u00edtarlegasta \u00fatg\u00e1fa \u00feess er hinn h\u00f3merski <em>Demeter-hymna<\/em>. R\u00f3mverskar b\u00f3kmenntir t\u00f3ku efni\u00f0 a\u00f0 miklu leyti upp, en f\u00e6r\u00f0u s\u00f6gusvi\u00f0i\u00f0 oftar til Sikileyjar, sem talin var helgista\u00f0ur Ceresar.<\/p>\t\t\t\t\t\t\t\t<\/div>\n\t\t\t\t<\/div>\n\t\t\t\t\t<\/div>\n\t\t\t\t<\/div>\n\t\t<div class=\"elementor-element elementor-element-cp5c9ee0b e-flex e-con-boxed e-con e-parent\" data-id=\"cp5c9ee0b\" data-element_type=\"container\" data-e-type=\"container\">\n\t\t\t\t\t<div class=\"e-con-inner\">\n\t\t\t\t<div class=\"elementor-element elementor-element-cp4f63d12 elementor-widget elementor-widget-heading\" data-id=\"cp4f63d12\" data-element_type=\"widget\" data-e-type=\"widget\" data-widget_type=\"heading.default\">\n\t\t\t\t\t<h2 class=\"elementor-heading-title elementor-size-default\">Proserpina og \u00e1rst\u00ed\u00f0ago\u00f0s\u00f6gnin<\/h2>\t\t\t\t<\/div>\n\t\t<div class=\"elementor-element elementor-element-cp39c0a19 e-con-full e-flex e-con e-child\" data-id=\"cp39c0a19\" data-element_type=\"container\" data-e-type=\"container\">\n\t\t\t\t<div class=\"elementor-element elementor-element-cp45c5234 elementor-widget elementor-widget-text-editor\" data-id=\"cp45c5234\" data-element_type=\"widget\" data-e-type=\"widget\" data-widget_type=\"text-editor.default\">\n\t\t\t\t\t\t\t\t\t<p>Fr\u00e1s\u00f6gnin um skipta dv\u00f6l Proserpinu var \u00feegar \u00e1 <span class=\"iwg-fachbegriff\" data-tooltip=\"T\u00edmabil gr\u00edskrar og r\u00f3mverskrar menningar, um 800 f.Kr. til 600 e.Kr.\" tabindex=\"0\">forn\u00f6ld<\/span> t\u00falku\u00f0 sem sk\u00fdring \u00e1 \u00e1rst\u00ed\u00f0askiptum. Dv\u00f6lin \u00ed undirheimum svarar til \u00feess t\u00edma sem gr\u00f3\u00f0ur er \u00ed dvala, endurkoman til m\u00f3\u00f0urinnar til vaxtart\u00edmans.<\/p><p>\u00deessi t\u00falkun er \u00feegar til \u00ed fornum textum, til d\u00e6mis \u00feegar \u00d3v\u00ed\u00f0 tengir sorg Ceresar vi\u00f0 \u00f3frj\u00f3semi jar\u00f0arins. Tr\u00faarbrag\u00f0afr\u00e6\u00f0ilegar ranns\u00f3knir \u00e1 19. og fram \u00e1 20. \u00f6ld, s\u00e9rstaklega \u00ed kringum James Frazer og hina svok\u00f6llu\u00f0u Cambridge Ritualists, bygg\u00f0u \u00far \u00feessu v\u00ed\u00f0t\u00e6ka kenningu um deyjandi og endurf\u00e6\u00f0andi vaxtargu\u00f0i.<\/p><p>N\u00fdrri ranns\u00f3knir eru vark\u00e1rari gagnvart \u00feessari t\u00falkun. \u00de\u00e6r benda \u00e1 a\u00f0 Proserpina er numin brott og r\u00edkir, \u00ed sta\u00f0 \u00feess a\u00f0 deyja, og a\u00f0 hringr\u00e1s Mi\u00f0jar\u00f0arhafsloftslags me\u00f0 \u00feurru sumri og votu vetri passi ekki fyllilega inn \u00ed \u00feetta mynstur.<\/p><p>Sumir fr\u00e6\u00f0imenn lesa <span class=\"iwg-fachbegriff\" data-tooltip=\"Munnm\u00e6lasaga um gu\u00f0i, uppruna og skipan heimsins.\" tabindex=\"0\">go\u00f0s\u00f6gnina<\/span> frekar sem v\u00edgslu- og br\u00fa\u00f0kaupsfr\u00e1s\u00f6gn: Proserpina gengur \u00ed gegnum umbreytinguna fr\u00e1 st\u00falku til konu, fr\u00e1 h\u00fasi m\u00f3\u00f0ur sinnar til h\u00fass eiginmanns. Granatepli\u00f0, sem v\u00ed\u00f0a er tengt frj\u00f3semi og hj\u00f3nabandi, sty\u00f0ur \u00feessa t\u00falkun.<\/p><p>\u00deessar tv\u00e6r t\u00falkanir \u00fatiloka ekki hvor a\u00f0ra. \u00cd <span class=\"iwg-fachbegriff\" data-tooltip=\"T\u00edmabil gr\u00edskrar og r\u00f3mverskrar menningar, um 800 f.Kr. til 600 e.Kr.\" tabindex=\"0\">forn\u00f6ld<\/span> g\u00e1tu s\u00f6mu <span class=\"iwg-fachbegriff\" data-tooltip=\"Munnm\u00e6lasaga um gu\u00f0i, uppruna og skipan heimsins.\" tabindex=\"0\">go\u00f0s\u00f6gninni<\/span> skilist \u00e1 m\u00f6rgum svi\u00f0um samt\u00edmis. Fyrir tilbei\u00f0slu Ceresar og Proserpinu \u00ed R\u00f3m var landb\u00fana\u00f0artengingin \u00fe\u00f3 afgerandi, eins og h\u00e1t\u00ed\u00f0in <em>Cerialia<\/em> \u00ed apr\u00edl s\u00fdnir.<\/p><p>Samhli\u00f0a \u00feessu var einnig pers\u00f3nulegri, handanheimatengd <span class=\"iwg-fachbegriff\" data-tooltip=\"Hin lifa\u00f0a tr\u00faarlega afsta\u00f0a og i\u00f0kun einstaklings.\" tabindex=\"0\">tr\u00far\u00e6kni<\/span>, sem \u00e1tti sinn sta\u00f0 \u00ed launhelgunum og beindist a\u00f0 einstaklingsbundinni von handan dau\u00f0ans. Hversu n\u00e1tengd \u00feessi tv\u00f6 svi\u00f0 voru innan r\u00f3mverskrar <span class=\"iwg-fachbegriff\" data-tooltip=\"Heildarsafn tilbei\u00f0sluathafna fyrir tiltekinn gu\u00f0 e\u00f0a heilaga veru.\" tabindex=\"0\">tilbei\u00f0slu<\/span> er a\u00f0eins a\u00f0 hluta unnt a\u00f0 endurgera af \u00feeim heimildum sem var\u00f0veist hafa.<\/p>\t\t\t\t\t\t\t\t<\/div>\n\t\t\t\t<\/div>\n\t\t\t\t\t<\/div>\n\t\t\t\t<\/div>\n\t\t<div class=\"elementor-element elementor-element-cpa45d7ca e-flex e-con-boxed e-con e-parent\" data-id=\"cpa45d7ca\" data-element_type=\"container\" data-e-type=\"container\">\n\t\t\t\t\t<div class=\"e-con-inner\">\n\t\t\t\t<div class=\"elementor-element elementor-element-cp26d5ef9 elementor-widget elementor-widget-heading\" data-id=\"cp26d5ef9\" data-element_type=\"widget\" data-e-type=\"widget\" data-widget_type=\"heading.default\">\n\t\t\t\t\t<h2 class=\"elementor-heading-title elementor-size-default\">Tilbei\u00f0sla og launhelgar Ceresar og Proserpinu \u00ed R\u00f3m<\/h2>\t\t\t\t<\/div>\n\t\t<div class=\"elementor-element elementor-element-cp09178ee e-con-full e-flex e-con e-child\" data-id=\"cp09178ee\" data-element_type=\"container\" data-e-type=\"container\">\n\t\t\t\t<div class=\"elementor-element elementor-element-cp875fb57 elementor-widget elementor-widget-text-editor\" data-id=\"cp875fb57\" data-element_type=\"widget\" data-e-type=\"widget\" data-widget_type=\"text-editor.default\">\n\t\t\t\t\t\t\t\t\t<p>\u00cd R\u00f3m var Proserpina sjaldan ein tilbe\u00f0in. H\u00fan kemur oftast fram \u00e1samt Ceres. Mikilv\u00e6gasta <span class=\"iwg-fachbegriff\" data-tooltip=\"Byggingu sem er notu\u00f0 til d\u00fdrkunar \u00e1 einum e\u00f0a fleiri gu\u00f0um.\" tabindex=\"0\">musteri<\/span> gy\u00f0janna tveggja st\u00f3\u00f0 \u00e1 Avent\u00ednh\u00e6\u00f0, <span class=\"iwg-fachbegriff\" data-tooltip=\"V\u00edgt me\u00f0 tr\u00faarlegri ath\u00f6fn og \u00fear me\u00f0 teki\u00f0 \u00fat \u00far hversdagsleikanum.\" tabindex=\"0\">v\u00edgt<\/span> samkv\u00e6mt <span class=\"iwg-fachbegriff\" data-tooltip=\"Mi\u00f0lun \u00feekkingar og fr\u00e1sagna milli kynsl\u00f3\u00f0a.\" tabindex=\"0\">munnm\u00e6lum<\/span> snemma \u00e1 fimmtu \u00f6ld fyrir okkar t\u00edmatal, \u00e1samt Liber.<\/p><p>\u00deessi \u00e1tr\u00fana\u00f0ur \u00e1 Avent\u00ednh\u00e6\u00f0 var talinn plebe\u00edsk hli\u00f0st\u00e6\u00f0a patr\u00eds\u00edsku \u00ferenningarinnar \u00e1 Kap\u00edt\u00f3lh\u00e6\u00f0 og bar \u00fear me\u00f0 einnig f\u00e9lagslega og p\u00f3lit\u00edska merkingu.<\/p><p>S\u00e9rstakt form h\u00f6f\u00f0u <em>sacra Cereris<\/em>, gr\u00edskulita\u00f0ur <span class=\"iwg-fachbegriff\" data-tooltip=\"Heildarsafn tr\u00faarlegra d\u00fdrkunarathafna sem tengjast gu\u00f0i e\u00f0a heilagri veru.\" tabindex=\"0\">\u00e1tr\u00fana\u00f0ur<\/span> sem samkv\u00e6mt Cicero var \u00ed umsj\u00e1 gr\u00edskra prestskvenna fr\u00e1 Su\u00f0ur-\u00cdtal\u00edu og st\u00f3\u00f0 eing\u00f6ngu konum til bo\u00f0a. \u00deessi <span class=\"iwg-fachbegriff\" data-tooltip=\"R\u00f6\u00f0 t\u00e1knr\u00e6nna athafna me\u00f0 tr\u00faarlega e\u00f0a menningarlega merkingu.\" tabindex=\"0\">helgisi\u00f0ur<\/span> tengdist eleus\u00ednskum hugmyndum en flutti \u00fe\u00e6r yfir \u00e1 r\u00f3mverska grund.<\/p><p>Auk \u00feess var \u00ed r\u00f3mverska l\u00fd\u00f0veldinu \u00e1 kr\u00edsut\u00edmum haldinn sorgarsi\u00f0ur fyrir Ceres og Proserpina sem samkv\u00e6mt Liv\u00edusi m\u00e1tti fella ni\u00f0ur \u00e1 t\u00edmum alvarlegra opinberra ney\u00f0ar\u00e1standa, \u00fear sem sorg \u00fe\u00f3tti \u00f3vi\u00f0eigandi \u00e1 sl\u00edkum stundum.<\/p><p>Fr\u00e1 keisarat\u00edmanum er einnig var\u00f0veitt h\u00e1t\u00ed\u00f0 sem haldin var a\u00f0 n\u00f3ttu til, <em>Saecularh\u00e1t\u00ed\u00f0in<\/em>, sem f\u00f3r fram me\u00f0 \u00f3reglulegu millibili og \u00fear sem me\u00f0al annars <span class=\"iwg-fachbegriff\" data-tooltip=\"Gj\u00f6f til gu\u00f0s til a\u00f0 tj\u00e1 \u00feakkl\u00e6ti, b\u00e6n e\u00f0a lotningu.\" tabindex=\"0\">f\u00f3rnir<\/span> til Proserpinu sem undirheimagy\u00f0ju gegndu hlutverki. Heimildir um einst\u00f6k atri\u00f0i \u00feessara helgisi\u00f0a eru takmarka\u00f0ar, \u00fear sem launhelgar h\u00e9ldu efni s\u00ednu v\u00edsvitandi \u00f3skr\u00e1\u00f0u.<\/p><p>\u00dea\u00f0 sem vi\u00f0 vitum kemur a\u00f0 mestu fr\u00e1 v\u00edsbendingum hj\u00e1 Cicero, \u00far kristinni gagnr\u00fdni og \u00far \u00e1letrunum og fornleifafr\u00e6\u00f0ilegum heimildum. N\u00e1kv\u00e6m <span class=\"iwg-fachbegriff\" data-tooltip=\"Fastm\u00f3tu\u00f0 skipan gu\u00f0s\u00fej\u00f3nustu tr\u00faarsamf\u00e9lags.\" tabindex=\"0\">helgisi\u00f0askr\u00e1<\/span> er a\u00f0 mestu \u00f3\u00feekkt. Samb\u00e6rileg mynstur m\u00e1 finna hj\u00e1 gr\u00edsku gy\u00f0junni <a href=\"https:\/\/iwell-guard.com\/is\/?page_id=168750\">Persef\u00f3nu<\/a>, en eleus\u00ednskur <span class=\"iwg-fachbegriff\" data-tooltip=\"Heildarsafn tr\u00faarlegra d\u00fdrkunarathafna sem tengjast gu\u00f0i e\u00f0a heilagri veru.\" tabindex=\"0\">\u00e1tr\u00fana\u00f0ur<\/span> hennar er heldur betur skjalfestur.<\/p>\t\t\t\t\t\t\t\t<\/div>\n\t\t\t\t<\/div>\n\t\t\t\t\t<\/div>\n\t\t\t\t<\/div>\n\t\t<div class=\"elementor-element elementor-element-cp3f2b3a9 e-flex e-con-boxed e-con e-parent\" data-id=\"cp3f2b3a9\" data-element_type=\"container\" data-e-type=\"container\">\n\t\t\t\t\t<div class=\"e-con-inner\">\n\t\t\t\t<div class=\"elementor-element elementor-element-cp2b5008f elementor-widget elementor-widget-heading\" data-id=\"cp2b5008f\" data-element_type=\"widget\" data-e-type=\"widget\" data-widget_type=\"heading.default\">\n\t\t\t\t\t<h2 class=\"elementor-heading-title elementor-size-default\">Proserpina \u00ed myndlist og \u00e1 sark\u00f3f\u00f6gum<\/h2>\t\t\t\t<\/div>\n\t\t<div class=\"elementor-element elementor-element-cp9688396 e-con-full e-flex e-con e-child\" data-id=\"cp9688396\" data-element_type=\"container\" data-e-type=\"container\">\n\t\t\t\t<div class=\"elementor-element elementor-element-cp1c2e52e elementor-widget elementor-widget-text-editor\" data-id=\"cp1c2e52e\" data-element_type=\"widget\" data-e-type=\"widget\" data-widget_type=\"text-editor.default\">\n\t\t\t\t\t\t\t\t\t<p>R\u00e1ni\u00f0 \u00e1 Proserpinu er einn af algengustu go\u00f0s\u00f6gunum \u00ed r\u00f3mverskri list. S\u00e9rstaklega algengt er \u00feetta <span class=\"iwg-fachbegriff\" data-tooltip=\"Endurteki\u00f0 innihaldsatri\u00f0i \u00ed list e\u00f0a fr\u00e1s\u00f6gn.\" tabindex=\"0\">myndminni<\/span> \u00e1 sark\u00f3f\u00f6gum fr\u00e1 mi\u00f0ju og seinni keisarat\u00edmanum. Svi\u00f0i\u00f0 s\u00fdnir venjulega Pl\u00fat\u00f3 r\u00edfa Proserpinu upp \u00ed vagn sinn, dreginn af hestum, \u00ed fylgd M\u00ednervu, D\u00ed\u00f6nu og hinnar m\u00f3t\u00fer\u00f3afullu Cyane.<\/p><p>Vali\u00f0 \u00e1 \u00feessu tiltekna myndminni fyrir grafarsamhengi er uppl\u00fdsandi: <span class=\"iwg-fachbegriff\" data-tooltip=\"Var\u00f0veitt fr\u00e1s\u00f6gn um gu\u00f0i, uppruna og skipan heimsins.\" tabindex=\"0\">Go\u00f0s\u00f6gnin<\/span> um \u00f3viljuga f\u00f6r yfir \u00ed undirheimana og hina hlutverkatengdu heimkomu bau\u00f0 upp \u00e1 myndm\u00e1l um dau\u00f0ann sem tj\u00e1\u00f0i b\u00e6\u00f0i missi og von.<\/p><p>Auk \u00feess eru til veggm\u00e1lverk, me\u00f0al annars fr\u00e1 Pompeii, og m\u00f3sa\u00edk sem s\u00fdna r\u00e1ni\u00f0 e\u00f0a Proserpinu r\u00edkjandi \u00ed h\u00e1s\u00e6ti sem drottningu undirheimanna. Sem drottning undirheimanna ber h\u00fan oft skreytt h\u00f6fu\u00f0band e\u00f0a polos, stundum korn\u00f6x e\u00f0a granatepli\u00f0 sem einkennist\u00e1kn.<\/p><p>\u00cd hlutverki s\u00ednu sem drottning situr h\u00fan vi\u00f0 hli\u00f0 Pl\u00fat\u00f3s \u00ed h\u00e1s\u00e6ti, oft me\u00f0 \u00fer\u00edh\u00f6f\u00f0a hundinn Cerberus vi\u00f0 f\u00e6tur s\u00edna.<\/p><p>\u00c1hrif \u00feessarar myndar halda \u00e1fram langt umfram <span class=\"iwg-fachbegriff\" data-tooltip=\"T\u00edmabil gr\u00edskrar og r\u00f3mverskrar menningar, um 800 f.Kr. til 600 e.Kr.\" tabindex=\"0\">forn\u00f6ldina<\/span>. \u00deekktasta n\u00fat\u00edmalega \u00fatf\u00e6rslan er marmarah\u00f3pmyndin <em>Ratto di Proserpina<\/em> eftir Gianlorenzo Bernini fr\u00e1 \u00e1runum um 1621 til 1622, sem fangar augnablik r\u00e1nsins me\u00f0 mikilli hreyfingu.<\/p><p>\u00cd m\u00e1laralist t\u00f3ku me\u00f0al annars Rembrandt og s\u00ed\u00f0ar frumraffael\u00edtarnir, \u00fear \u00e1 me\u00f0al Dante Gabriel Rossetti me\u00f0 mynd sinni <em>Proserpine<\/em>, upp \u00feetta efni. Efni\u00f0 var einnig nota\u00f0 \u00ed t\u00f3nlist, me\u00f0al annars \u00ed barokk\u00f3perum. Fornleifafr\u00e6\u00f0ilegir og listfr\u00e6\u00f0ilegir vitnisbur\u00f0ir gera Proserpinu saman a\u00f0 einni af \u00feeim best mynddokumenteru\u00f0u pers\u00f3num r\u00f3mverskrar <span class=\"iwg-fachbegriff\" data-tooltip=\"Var\u00f0veitt fr\u00e1s\u00f6gn um gu\u00f0i, uppruna og skipan heimsins.\" tabindex=\"0\">go\u00f0sagnar<\/span>.<\/p>\t\t\t\t\t\t\t\t<\/div>\n\t\t\t\t<\/div>\n\t\t\t\t\t<\/div>\n\t\t\t\t<\/div>\n\t\t<div class=\"elementor-element elementor-element-cp1d56957 e-flex e-con-boxed e-con e-parent\" data-id=\"cp1d56957\" data-element_type=\"container\" data-e-type=\"container\">\n\t\t\t\t\t<div class=\"e-con-inner\">\n\t\t\t\t<div class=\"elementor-element elementor-element-cp521bb21 elementor-widget elementor-widget-heading\" data-id=\"cp521bb21\" data-element_type=\"widget\" data-e-type=\"widget\" data-widget_type=\"heading.default\">\n\t\t\t\t\t<h2 class=\"elementor-heading-title elementor-size-default\">Or\u00f0sifjar og tengsl vi\u00f0 Persef\u00f3nu<\/h2>\t\t\t\t<\/div>\n\t\t<div class=\"elementor-element elementor-element-cp47a25ab e-con-full e-flex e-con e-child\" data-id=\"cp47a25ab\" data-element_type=\"container\" data-e-type=\"container\">\n\t\t\t\t<div class=\"elementor-element elementor-element-cp88c9301 elementor-widget elementor-widget-text-editor\" data-id=\"cp88c9301\" data-element_type=\"widget\" data-e-type=\"widget\" data-widget_type=\"text-editor.default\">\n\t\t\t\t\t\t\t\t\t<p>Nafni\u00f0 Proserpina er ekki fullkomlega sk\u00fdrt \u00fat fr\u00e1 tungum\u00e1lahistor\u00edsku sj\u00f3narhorni. <span class=\"iwg-fachbegriff\" data-tooltip=\"T\u00edmabil gr\u00edskrar og r\u00f3mverskrar menningar, um \u00fea\u00f0 bil 800 f.Kr. til 600 e.Kr.\" tabindex=\"0\">Fornaldar<\/span> \u00fej\u00f3\u00f0fr\u00e6\u00f0ileg or\u00f0sk\u00fdring tengdi \u00fea\u00f0 vi\u00f0 latnesku s\u00f6gnina <em>proserpere<\/em>, a\u00f0 skj\u00f3ta upp, og sk\u00fdr\u00f0i \u00fea\u00f0 sem tilv\u00edsun \u00ed uppskotning s\u00e1\u00f0korns. \u00deessa sk\u00fdringu m\u00e1 finna hj\u00e1 Cicero og Varro. N\u00fat\u00edma m\u00e1lv\u00edsindi telja hana vera afleidda t\u00falkun.<\/p><p>L\u00edklegra er a\u00f0 <em>Proserpina<\/em> s\u00e9 hlj\u00f3\u00f0fr\u00e6\u00f0ileg umbreyting \u00e1 gr\u00edska nafninu <em>Persephone<\/em>, hugsanlega mi\u00f0lu\u00f0 \u00ed gegnum etr\u00faskt millistig. \u00c1 etr\u00faskum speglum kemur pers\u00f3nan fram undir nafninu <em>Phersipnai<\/em> e\u00f0a svipu\u00f0um myndum, sem gerir mi\u00f0lun \u00ed gegnum etr\u00fasku tungum\u00e1li\u00f0 l\u00edklega.<\/p><p>Gr\u00edska nafni\u00f0 <em>Persephone<\/em> sj\u00e1lft er einnig tali\u00f0 \u00f3lj\u00f3st og er tali\u00f0 vera fr\u00e1 t\u00edma fyrir Grikkja. Grikkir sj\u00e1lfir \u00feekktu fj\u00f6lda hli\u00f0armynda \u00e1 bor\u00f0 vi\u00f0 <em>Persephatta<\/em> e\u00f0a <em>Pherrephatta<\/em>, sem bendir til fornrar, erfitt t\u00falka\u00f0rar nafngiftar. Hinar fj\u00f6lm\u00f6rgu tilbrig\u00f0i s\u00fdna a\u00f0 pers\u00f3nan var \u00ed <span class=\"iwg-fachbegriff\" data-tooltip=\"Mi\u00f0lun \u00feekkingar og fr\u00e1sagna milli kynsl\u00f3\u00f0a.\" tabindex=\"0\">munnm\u00e6lum<\/span> tungum\u00e1lalega aldrei fullkomlega sta\u00f0fest.<\/p><p>\u00cd r\u00f3mverskri tr\u00fa var Proserpina flj\u00f3tlega sameinu\u00f0 innlendri hugmynd um undirheimana, en var samhli\u00f0a \u00fev\u00ed einnig l\u00f6g\u00f0 a\u00f0 j\u00f6fnu vi\u00f0 \u00edtalska gy\u00f0ju Liberu, kvenkyns hli\u00f0st\u00e6\u00f0u Liber. \u00deessi samsv\u00f6run er ekki samfelld og s\u00fdnir hvernig \u00f3l\u00edkar hef\u00f0ir runnu saman \u00ed pers\u00f3nunni.<\/p><p>Fyrir v\u00edsindalega sko\u00f0un er Proserpina \u00feess vegna gott d\u00e6mi um hvernig gr\u00edskur <span class=\"iwg-fachbegriff\" data-tooltip=\"Fr\u00e1s\u00f6gn sem hefur var\u00f0veist um gu\u00f0i, uppruna og heimsskipan.\" tabindex=\"0\">go\u00f0s\u00f6gn<\/span> var felld inn \u00ed r\u00f3mverska kerfi\u00f0 \u00ed gegnum mi\u00f0lunarmenningar og tengd fyrirliggjandi innlendum \u00fe\u00e1ttum. Fullkomin a\u00f0greining r\u00f3mversku pers\u00f3nunnar fr\u00e1 \u00feeirri gr\u00edsku er varla m\u00f6guleg \u00fat fr\u00e1 var\u00f0veittum heimildum.<\/p>\t\t\t\t\t\t\t\t<\/div>\n\t\t\t\t<\/div>\n\t\t\t\t\t<\/div>\n\t\t\t\t<\/div>\n\t\t<div class=\"elementor-element elementor-element-cpa0b2c61 e-flex e-con-boxed e-con e-parent\" data-id=\"cpa0b2c61\" data-element_type=\"container\" data-e-type=\"container\">\n\t\t\t\t\t<div class=\"e-con-inner\">\n\t\t\t\t<div class=\"elementor-element elementor-element-cp1225fc8 elementor-widget elementor-widget-heading\" data-id=\"cp1225fc8\" data-element_type=\"widget\" data-e-type=\"widget\" data-widget_type=\"heading.default\">\n\t\t\t\t\t<h2 class=\"elementor-heading-title elementor-size-default\">Proserpina sem drottning undirheimanna og \u00ed b\u00f6lb\u00e6nai\u00f0kun<\/h2>\t\t\t\t<\/div>\n\t\t<div class=\"elementor-element elementor-element-cp3d58d11 e-con-full e-flex e-con e-child\" data-id=\"cp3d58d11\" data-element_type=\"container\" data-e-type=\"container\">\n\t\t\t\t<div class=\"elementor-element elementor-element-cp9a4fb59 elementor-widget elementor-widget-text-editor\" data-id=\"cp9a4fb59\" data-element_type=\"widget\" data-e-type=\"widget\" data-widget_type=\"text-editor.default\">\n\t\t\t\t\t\t\t\t\t<p>Auk hlutverks s\u00edns \u00ed \u00e1rst\u00ed\u00f0ago\u00f0s\u00f6gninni haf\u00f0i Proserpina sj\u00e1lfst\u00e6tt hlutverk sem drottning r\u00edkis hinna d\u00e1nu.<\/p><p>\u00cd \u00feessu hlutverki kemur h\u00fan fram \u00ed heimildaflokki sem er s\u00e9rlega uppl\u00fdsandi um daglegt l\u00edf R\u00f3mverja: b\u00f6lb\u00e6nat\u00f6flunum, \u00e1 lat\u00ednu <em>defixiones<\/em>. \u00deessir textar, oftast skornir \u00ed bl\u00fdpl\u00f6tur, voru lag\u00f0ir \u00ed grafir, brunna e\u00f0a lindir og k\u00f6llu\u00f0u \u00e1 m\u00e1ttarv\u00f6ld undirheimanna til a\u00f0 ska\u00f0a andst\u00e6\u00f0ing, hafa \u00e1hrif \u00e1 m\u00e1laferli e\u00f0a n\u00e1 aftur stolnu g\u00f3ssi.<\/p><p>\u00c1 fj\u00f6lm\u00f6rgum var\u00f0veittum t\u00f6flum er Proserpina k\u00f6llu\u00f0 fram \u00e1samt Pl\u00fat\u00f3 e\u00f0a Dis Pater. \u00dear kemur h\u00fan fram undir \u00fdmsum vi\u00f0urnefnum, \u00f6\u00f0ru hvoru einnig samofin \u00f6\u00f0rum undirheimapers\u00f3num.<\/p><p>M\u00e1lfar \u00feessara texta er formlegt og fylgir greinilegum munstrum, sem gefur til kynna a\u00f0 til hafi veri\u00f0 fyrirmyndir e\u00f0a s\u00e9rh\u00e6f\u00f0ir h\u00f6fundar. Fyrir ranns\u00f3knir eru <em>defixiones<\/em> mikilv\u00e6gar vegna \u00feess a\u00f0 \u00fe\u00e6r s\u00fdna <span class=\"iwg-fachbegriff\" data-tooltip=\"Lifu\u00f0 tr\u00faarleg afsta\u00f0a og i\u00f0kun einstaklings.\" tabindex=\"0\">tr\u00faari\u00f0kun<\/span> handan hinna opinberu r\u00edkisd\u00fdrkana og s\u00fdna hvernig f\u00f3lk leita\u00f0i me\u00f0 \u00e1\u00fereifanlegum h\u00e6tti til gu\u00f0anna.<\/p><p>Proserpina var auk \u00feess tengd launum og hegningu \u00ed hinu handan. \u00cd helgisi\u00f0ahugmyndum, sem me\u00f0al annars koma fram \u00ed svok\u00f6llu\u00f0um orf\u00edsk-bakk\u00edsku gullpl\u00f6tunum, gegnir drottning undirheimanna hlutverki sem d\u00f3mari sem hin l\u00e1tna s\u00e1l stenst frammi fyrir e\u00f0a bregst.<\/p><p>Hvort \u00feessar pl\u00f6tur eigi vi\u00f0 Proserpina \u00ed n\u00e1nari r\u00f3mverskri merkingu e\u00f0a almennari, gr\u00edsklita\u00f0a undirheimagy\u00f0ju, er erfitt a\u00f0 \u00e1kve\u00f0a \u00ed hverju tilviki. \u00cd heild s\u00fdnir \u00feessi heimildaflokkur a\u00f0 Proserpina var, umfram b\u00f3kmenntalega go\u00f0sagnapers\u00f3nuna, vi\u00f0takandi raunverulegrar helgisi\u00f0aframkv\u00e6mdar sem n\u00e1\u00f0i fr\u00e1 \u00e1stargaldri til vonar um framhaldsl\u00edf.<\/p>\t\t\t\t\t\t\t\t<\/div>\n\t\t\t\t<\/div>\n\t\t\t\t\t<\/div>\n\t\t\t\t<\/div>\n\t\t<div class=\"elementor-element elementor-element-36dd7469 e-flex e-con-boxed e-con e-parent\" data-id=\"36dd7469\" data-element_type=\"container\" data-e-type=\"container\">\n\t\t\t\t\t<div class=\"e-con-inner\">\n\t\t\t\t<div class=\"elementor-element elementor-element-13760ab4 elementor-widget elementor-widget-heading\" data-id=\"13760ab4\" data-element_type=\"widget\" data-e-type=\"widget\" data-widget_type=\"heading.default\">\n\t\t\t\t\t<h2 class=\"elementor-heading-title elementor-size-default\">\u00cdtarefni og tenglar<\/h2>\t\t\t\t<\/div>\n\t\t<div class=\"elementor-element elementor-element-28c87796 e-con-full e-flex e-con e-child\" data-id=\"28c87796\" data-element_type=\"container\" data-e-type=\"container\">\n\t\t\t\t<div class=\"elementor-element elementor-element-5d6538df elementor-widget elementor-widget-text-editor\" data-id=\"5d6538df\" data-element_type=\"widget\" data-e-type=\"widget\" data-widget_type=\"text-editor.default\">\n\t\t\t\t\t\t\t\t\t<ul><li><a href=\"https:\/\/iwell-guard.com\/is\/?page_id=168595\">R\u00f3m, menning<\/a><\/li><li><a href=\"https:\/\/iwell-guard.com\/is\/?page_id=168753\">Pl\u00fat\u00f3, eiginma\u00f0ur og konungur undirheimanna<\/a><\/li><li><a href=\"https:\/\/iwell-guard.com\/is\/?page_id=168750\">Persef\u00f3na, gr\u00edsk upprunamynd<\/a><\/li><\/ul>\t\t\t\t\t\t\t\t<\/div>\n\t\t\t\t<\/div>\n\t\t\t\t\t<\/div>\n\t\t\t\t<\/div>\n\t\t<div class=\"elementor-element elementor-element-grl4kl40 e-flex e-con-boxed e-con e-parent\" data-id=\"grl4kl40\" data-element_type=\"container\" data-e-type=\"container\">\n\t\t\t\t\t<div class=\"e-con-inner\">\n\t\t\t\t<div class=\"elementor-element elementor-element-bzsbfrmh elementor-widget elementor-widget-heading\" data-id=\"bzsbfrmh\" data-element_type=\"widget\" data-e-type=\"widget\" data-widget_type=\"heading.default\">\n\t\t\t\t\t<h2 class=\"elementor-heading-title elementor-size-default\">Fr\u00e6\u00f0irit<\/h2>\t\t\t\t<\/div>\n\t\t<div class=\"elementor-element elementor-element-2c13224a e-con-full e-flex e-con e-child\" data-id=\"2c13224a\" data-element_type=\"container\" data-e-type=\"container\">\n\t\t\t\t<div class=\"elementor-element elementor-element-0eymh9ub elementor-widget elementor-widget-text-editor\" data-id=\"0eymh9ub\" data-element_type=\"widget\" data-e-type=\"widget\" data-widget_type=\"text-editor.default\">\n\t\t\t\t\t\t\t\t\t<footer class=\"iwg-literatur\" data-nosnippet=\"true\"><ul><li><span data-nosnippet>Beard, Mary \/ North, John \/ Price, Simon: <em>Religions of Rome<\/em>. Cambridge University Press, 1998.<\/span><\/li><li><span data-nosnippet>Foley, Helene P. (Hrsg.): <em>The Homeric Hymn to Demeter: Translation and Commentary<\/em>. Princeton University Press, 1994.<\/span><\/li><li><span data-nosnippet>Caldwell, Richard S.: <em>The Psychology of Religion. A Jungian Perspective<\/em>. Routledge, 1991.<\/span><\/li><\/ul><\/footer>\t\t\t\t\t\t\t\t<\/div>\n\t\t\t\t<\/div>\n\t\t\t\t\t<\/div>\n\t\t\t\t<\/div>\n\t\t<div class=\"elementor-element elementor-element-iwgkw2-add-proserpina e-flex e-con-boxed e-con e-parent\" data-id=\"iwgkw2-add-proserpina\" data-element_type=\"container\" data-e-type=\"container\">\n\t\t\t\t\t<div class=\"e-con-inner\">\n\t\t\t\t<div class=\"elementor-element elementor-element-iwgkw2-add-proserpina-t elementor-widget elementor-widget-text-editor\" data-id=\"iwgkw2-add-proserpina-t\" data-element_type=\"widget\" data-e-type=\"widget\" data-widget_type=\"text-editor.default\">\n\t\t\t\t\t\t\t\t\t<p>Sem <em><span class=\"iwg-fachbegriff\" data-tooltip=\"Vera sem er d\u00fdrku\u00f0 sem gu\u00f0leg innan tr\u00faarbrag\u00f0a.\" tabindex=\"0\">gu\u00f0<\/span><\/em> r\u00f3mverskrar hef\u00f0ar samsvarar Proserpina gr\u00edsku Persef\u00f3nu og skiptir \u00e1ri s\u00ednu milli yfirheims og undirheima; <span class=\"iwg-fachbegriff\" data-tooltip=\"Heild tr\u00faarlegra d\u00fdrkunarathafna fyrir gu\u00f0 e\u00f0a heilaga pers\u00f3nu.\" tabindex=\"0\">d\u00fdrkun<\/span> hennar m\u00f3ta\u00f0i s\u00e1\u00f0h\u00e1t\u00ed\u00f0irnar og <em>libri Sibyllini<\/em>.<\/p>\t\t\t\t\t\t\t\t<\/div>\n\t\t\t\t\t<\/div>\n\t\t\t\t<\/div>\n\t\t\t\t<\/div>\n\t\t","protected":false},"excerpt":{"rendered":"","protected":false},"author":3,"featured_media":1738,"parent":0,"menu_order":0,"comment_status":"closed","ping_status":"closed","template":"elementor_header_footer","meta":{"_yoast_wpseo_focuskw":"Proserpina","_yoast_wpseo_title":"Proserpina \u2013 r\u00f3mversk gy\u00f0ja undirheimanna","_yoast_wpseo_metadesc":"Proserpina, r\u00f3mversk gy\u00f0ja undirheimanna: brottn\u00e1m Pl\u00fat\u00f3s, granatepli\u00f0 og go\u00f0s\u00f6gnin um \u00e1rst\u00ed\u00f0irnar, d\u00fdrkunarsaga fr\u00e1 R\u00f3m til b\u00f6lvunartaflna.","_yoast_wpseo_meta-robots-noindex":"","_yoast_wpseo_canonical":"","_angie_page":false,"gefaehrdungsstufe":"2","wesen_kultur":"rom","wesen_klasse":"goetter","footnotes":""},"categories":[],"class_list":["post-168759","page","type-page","status-publish","has-post-thumbnail","hentry"],"yoast_head":"<!-- This site is optimized with the Yoast SEO Premium plugin v27.7 (Yoast SEO v28.3) - https:\/\/yoast.com\/product\/yoast-seo-premium-wordpress\/ -->\n<title>Proserpina \u2013 r\u00f3mversk gy\u00f0ja undirheimanna<\/title>\n<meta name=\"description\" content=\"Proserpina, r\u00f3mversk gy\u00f0ja undirheimanna: brottn\u00e1m Pl\u00fat\u00f3s, granatepli\u00f0 og go\u00f0s\u00f6gnin um \u00e1rst\u00ed\u00f0irnar, d\u00fdrkunarsaga fr\u00e1 R\u00f3m til b\u00f6lvunartaflna.\" \/>\n<meta name=\"robots\" content=\"index, follow, max-snippet:-1, max-image-preview:large, max-video-preview:-1\" \/>\n<link rel=\"canonical\" href=\"https:\/\/iwell-guard.com\/is\/proserpina\/\" \/>\n<meta property=\"og:locale\" content=\"is_IS\" \/>\n<meta property=\"og:type\" content=\"article\" \/>\n<meta property=\"og:title\" content=\"Proserpina\" \/>\n<meta property=\"og:description\" content=\"Proserpina, r\u00f3mversk gy\u00f0ja undirheimanna: brottn\u00e1m Pl\u00fat\u00f3s, granatepli\u00f0 og go\u00f0s\u00f6gnin um \u00e1rst\u00ed\u00f0irnar, d\u00fdrkunarsaga fr\u00e1 R\u00f3m til b\u00f6lvunartaflna.\" \/>\n<meta property=\"og:url\" content=\"https:\/\/iwell-guard.com\/is\/proserpina\/\" \/>\n<meta property=\"og:site_name\" content=\"iWell Guard\" \/>\n<meta property=\"article:modified_time\" content=\"2026-09-05T14:18:40+00:00\" \/>\n<meta property=\"og:image\" content=\"https:\/\/iwell-guard.com\/wp-content\/uploads\/2026\/04\/goetter_rom_proserpina.webp\" \/>\n\t<meta property=\"og:image:width\" content=\"1024\" \/>\n\t<meta property=\"og:image:height\" content=\"1536\" \/>\n\t<meta property=\"og:image:type\" content=\"image\/webp\" \/>\n<meta name=\"twitter:card\" content=\"summary_large_image\" \/>\n<script type=\"application\/ld+json\" class=\"yoast-schema-graph\">{\"@context\":\"https:\\\/\\\/schema.org\",\"@graph\":[{\"@type\":\"WebPage\",\"@id\":\"https:\\\/\\\/iwell-guard.com\\\/is\\\/proserpina\\\/\",\"url\":\"https:\\\/\\\/iwell-guard.com\\\/is\\\/proserpina\\\/\",\"name\":\"Proserpina \u2013 r\u00f3mversk gy\u00f0ja undirheimanna\",\"isPartOf\":{\"@id\":\"https:\\\/\\\/iwell-guard.com\\\/is\\\/#website\"},\"primaryImageOfPage\":{\"@id\":\"https:\\\/\\\/iwell-guard.com\\\/is\\\/proserpina\\\/#primaryimage\"},\"image\":{\"@id\":\"https:\\\/\\\/iwell-guard.com\\\/is\\\/proserpina\\\/#primaryimage\"},\"thumbnailUrl\":\"https:\\\/\\\/iwell-guard.com\\\/wp-content\\\/uploads\\\/2026\\\/04\\\/goetter_rom_proserpina.webp\",\"datePublished\":\"2026-09-05T14:02:45+00:00\",\"dateModified\":\"2026-09-05T14:18:40+00:00\",\"description\":\"Proserpina, r\u00f3mversk gy\u00f0ja undirheimanna: brottn\u00e1m Pl\u00fat\u00f3s, granatepli\u00f0 og go\u00f0s\u00f6gnin um \u00e1rst\u00ed\u00f0irnar, d\u00fdrkunarsaga fr\u00e1 R\u00f3m til b\u00f6lvunartaflna.\",\"breadcrumb\":{\"@id\":\"https:\\\/\\\/iwell-guard.com\\\/is\\\/proserpina\\\/#breadcrumb\"},\"inLanguage\":\"is\",\"potentialAction\":[{\"@type\":\"ReadAction\",\"target\":[\"https:\\\/\\\/iwell-guard.com\\\/is\\\/proserpina\\\/\"]}]},{\"@type\":\"ImageObject\",\"inLanguage\":\"is\",\"@id\":\"https:\\\/\\\/iwell-guard.com\\\/is\\\/proserpina\\\/#primaryimage\",\"url\":\"https:\\\/\\\/iwell-guard.com\\\/wp-content\\\/uploads\\\/2026\\\/04\\\/goetter_rom_proserpina.webp\",\"contentUrl\":\"https:\\\/\\\/iwell-guard.com\\\/wp-content\\\/uploads\\\/2026\\\/04\\\/goetter_rom_proserpina.webp\",\"width\":1024,\"height\":1536,\"caption\":\"Gu\u00f0ir \u00far r\u00f3mverskri hef\u00f0.\"},{\"@type\":\"BreadcrumbList\",\"@id\":\"https:\\\/\\\/iwell-guard.com\\\/is\\\/proserpina\\\/#breadcrumb\",\"itemListElement\":[{\"@type\":\"ListItem\",\"position\":1,\"name\":\"Start\",\"item\":\"https:\\\/\\\/iwell-guard.com\\\/is\\\/?page_id=168580\"},{\"@type\":\"ListItem\",\"position\":2,\"name\":\"Proserpina\"}]},{\"@type\":\"WebSite\",\"@id\":\"https:\\\/\\\/iwell-guard.com\\\/is\\\/#website\",\"url\":\"https:\\\/\\\/iwell-guard.com\\\/is\\\/\",\"name\":\"iWell Guard\",\"description\":\"Schutz vor dunklen Einfl\u00fcssen\",\"publisher\":{\"@id\":\"https:\\\/\\\/iwell-guard.com\\\/is\\\/#organization\"},\"potentialAction\":[{\"@type\":\"SearchAction\",\"target\":{\"@type\":\"EntryPoint\",\"urlTemplate\":\"https:\\\/\\\/iwell-guard.com\\\/is\\\/?s={search_term_string}\"},\"query-input\":{\"@type\":\"PropertyValueSpecification\",\"valueRequired\":true,\"valueName\":\"search_term_string\"}}],\"inLanguage\":\"is\"},{\"@type\":\"Organization\",\"@id\":\"https:\\\/\\\/iwell-guard.com\\\/is\\\/#organization\",\"name\":\"Ittermann electronic GmbH\",\"url\":\"https:\\\/\\\/iwell-guard.com\\\/is\\\/\",\"logo\":{\"@type\":\"ImageObject\",\"inLanguage\":\"is\",\"@id\":\"https:\\\/\\\/iwell-guard.com\\\/is\\\/#\\\/schema\\\/logo\\\/image\\\/\",\"url\":\"https:\\\/\\\/iwell-guard.com\\\/wp-content\\\/uploads\\\/2026\\\/05\\\/Ittermann-Logo-1182x237-1.png\",\"contentUrl\":\"https:\\\/\\\/iwell-guard.com\\\/wp-content\\\/uploads\\\/2026\\\/05\\\/Ittermann-Logo-1182x237-1.png\",\"width\":1182,\"height\":237,\"caption\":\"Ittermann electronic GmbH\"},\"image\":{\"@id\":\"https:\\\/\\\/iwell-guard.com\\\/is\\\/#\\\/schema\\\/logo\\\/image\\\/\"},\"sameAs\":[\"https:\\\/\\\/pantip.com\\\/profile\\\/9367242\",\"https:\\\/\\\/micro.blog\\\/iwellguard\",\"https:\\\/\\\/www.diggerslist.com\\\/iwellguard\\\/about\",\"https:\\\/\\\/skitterphoto.com\\\/photographers\\\/2870314\\\/iwell-guard\",\"https:\\\/\\\/iwellguard.wordpress.com\\\/2026\\\/06\\\/06\\\/iwell-guard\\\/\",\"https:\\\/\\\/hub.docker.com\\\/u\\\/iwellguard\",\"https:\\\/\\\/www.pinterest.com\\\/iwellguard\\\/\",\"https:\\\/\\\/bit.ly\\\/m\\\/iwellguard\",\"https:\\\/\\\/entre-vos-mains.alsace.eu\\\/profiles\\\/iwellguard\\\/activity\",\"https:\\\/\\\/gravatar.com\\\/reallybeded8fd34\",\"https:\\\/\\\/naijamatta.com\\\/iwellguard\",\"https:\\\/\\\/www.goodreads.com\\\/iwellguard\",\"https:\\\/\\\/profile.hatena.ne.jp\\\/iwellguard\\\/\",\"https:\\\/\\\/experiment.com\\\/users\\\/iwellguard\",\"https:\\\/\\\/wakelet.com\\\/@iWellGuard82270\",\"https:\\\/\\\/www.chordie.com\\\/forum\\\/profile.php?id=2555664\",\"https:\\\/\\\/www.instapaper.com\\\/p\\\/17757966\",\"https:\\\/\\\/www.mapleprimes.com\\\/users\\\/iwellguard\",\"https:\\\/\\\/businesslistingplus.com\\\/profile\\\/iwell-guard\\\/\",\"https:\\\/\\\/telegra.ph\\\/iWell-Guard-06-06\",\"https:\\\/\\\/pbase.com\\\/iwellguard\\\/iwellguard\",\"https:\\\/\\\/b.hatena.ne.jp\\\/iwellguard\\\/20260607#bookmark-4788405196491818882\",\"https:\\\/\\\/fliphtml5.com\\\/home\\\/iwellguard\",\"https:\\\/\\\/anyflip.com\\\/homepage\\\/cmiwl#About\",\"https:\\\/\\\/transfur.com\\\/Users\\\/iwellguard\",\"http:\\\/\\\/delphi.larsbo.org\\\/user\\\/iwellguard\",\"https:\\\/\\\/jobs.lajobsportal.org\\\/profiles\\\/8380803-iwell-guard\",\"https:\\\/\\\/md.chaosdorf.de\\\/s\\\/jfbe5SBdJD\",\"https:\\\/\\\/www.lingvolive.com\\\/en-us\\\/profile\\\/9ecaeaca-ce11-4e51-9e71-01d55e2bff36\\\/translations\",\"https:\\\/\\\/www.fitday.com\\\/fitness\\\/forums\\\/members\\\/iwellguard.html\",\"https:\\\/\\\/www.mymeetbook.com\\\/iwellguard\",\"https:\\\/\\\/pxhere.com\\\/en\\\/photographer-me\\\/5040798\",\"https:\\\/\\\/disqus.com\\\/by\\\/iwellguard\\\/about\\\/\",\"https:\\\/\\\/pastelink.net\\\/hjwciqwq\",\"https:\\\/\\\/pubhtml5.com\\\/homepage\\\/scjhn\\\/\",\"https:\\\/\\\/www.bitchute.com\\\/channel\\\/2O2eOKzNqujT\",\"https:\\\/\\\/audiomack.com\\\/iwellguard\"]},{\"@type\":\"Article\",\"@id\":\"https:\\\/\\\/iwell-guard.com\\\/is\\\/proserpina\\\/#article\",\"isPartOf\":{\"@id\":\"https:\\\/\\\/iwell-guard.com\\\/is\\\/proserpina\\\/\"},\"author\":{\"name\":\"Ralf Ittermann\",\"@id\":\"https:\\\/\\\/iwell-guard.com\\\/is\\\/#\\\/schema\\\/person\\\/ee2a27f1cac3406c7c6fb5820cb7349f\"},\"headline\":\"Proserpina\",\"datePublished\":\"2026-09-05T14:02:45+00:00\",\"dateModified\":\"2026-09-05T14:18:40+00:00\",\"mainEntityOfPage\":{\"@id\":\"https:\\\/\\\/iwell-guard.com\\\/is\\\/proserpina\\\/\"},\"publisher\":{\"@id\":\"https:\\\/\\\/iwell-guard.com\\\/is\\\/#organization\"},\"image\":{\"@id\":\"https:\\\/\\\/iwell-guard.com\\\/is\\\/proserpina\\\/#primaryimage\"},\"thumbnailUrl\":\"https:\\\/\\\/iwell-guard.com\\\/wp-content\\\/uploads\\\/2026\\\/04\\\/goetter_rom_proserpina.webp\",\"inLanguage\":\"is\",\"description\":\"Proserpina, r\u00f3mversk gy\u00f0ja undirheimanna: brottn\u00e1m Pl\u00fat\u00f3s, granatepli\u00f0 og go\u00f0s\u00f6gnin um \u00e1rst\u00ed\u00f0irnar, d\u00fdrkunarsaga fr\u00e1 R\u00f3m til b\u00f6lvunartaflna.\"}]}<\/script>\n<!-- \/ Yoast SEO Premium plugin. -->","yoast_head_json":{"title":"Proserpina \u2013 r\u00f3mversk gy\u00f0ja undirheimanna","description":"Proserpina, r\u00f3mversk gy\u00f0ja undirheimanna: brottn\u00e1m Pl\u00fat\u00f3s, granatepli\u00f0 og go\u00f0s\u00f6gnin um \u00e1rst\u00ed\u00f0irnar, d\u00fdrkunarsaga fr\u00e1 R\u00f3m til b\u00f6lvunartaflna.","robots":{"index":"index","follow":"follow","max-snippet":"max-snippet:-1","max-image-preview":"max-image-preview:large","max-video-preview":"max-video-preview:-1"},"canonical":"https:\/\/iwell-guard.com\/is\/proserpina\/","og_locale":"is_IS","og_type":"article","og_title":"Proserpina","og_description":"Proserpina, r\u00f3mversk gy\u00f0ja undirheimanna: brottn\u00e1m Pl\u00fat\u00f3s, granatepli\u00f0 og go\u00f0s\u00f6gnin um \u00e1rst\u00ed\u00f0irnar, d\u00fdrkunarsaga fr\u00e1 R\u00f3m til b\u00f6lvunartaflna.","og_url":"https:\/\/iwell-guard.com\/is\/proserpina\/","og_site_name":"iWell Guard","article_modified_time":"2026-09-05T14:18:40+00:00","og_image":[{"width":1024,"height":1536,"url":"https:\/\/iwell-guard.com\/wp-content\/uploads\/2026\/04\/goetter_rom_proserpina.webp","type":"image\/webp"}],"twitter_card":"summary_large_image","schema":{"@context":"https:\/\/schema.org","@graph":[{"@type":"Article","@id":"https:\/\/iwell-guard.com\/is\/proserpina\/#article","isPartOf":{"@id":"https:\/\/iwell-guard.com\/is\/proserpina\/"},"author":{"name":"Ralf Ittermann","@id":"https:\/\/iwell-guard.com\/is\/#\/schema\/person\/ee2a27f1cac3406c7c6fb5820cb7349f"},"headline":"Proserpina","datePublished":"2026-09-05T14:02:45+00:00","dateModified":"2026-09-05T14:18:40+00:00","mainEntityOfPage":{"@id":"https:\/\/iwell-guard.com\/is\/proserpina\/"},"publisher":{"@id":"https:\/\/iwell-guard.com\/is\/#organization"},"image":{"@id":"https:\/\/iwell-guard.com\/is\/proserpina\/#primaryimage"},"thumbnailUrl":"https:\/\/iwell-guard.com\/wp-content\/uploads\/2026\/04\/goetter_rom_proserpina.webp","inLanguage":"is","description":"Proserpina, r\u00f3mversk gy\u00f0ja undirheimanna: brottn\u00e1m Pl\u00fat\u00f3s, granatepli\u00f0 og go\u00f0s\u00f6gnin um \u00e1rst\u00ed\u00f0irnar, d\u00fdrkunarsaga fr\u00e1 R\u00f3m til b\u00f6lvunartaflna."},{"@type":"WebPage","@id":"https:\/\/iwell-guard.com\/is\/proserpina\/","url":"https:\/\/iwell-guard.com\/is\/proserpina\/","name":"Proserpina \u2013 r\u00f3mversk gy\u00f0ja undirheimanna","isPartOf":{"@id":"https:\/\/iwell-guard.com\/is\/#website"},"primaryImageOfPage":{"@id":"https:\/\/iwell-guard.com\/is\/proserpina\/#primaryimage"},"image":{"@id":"https:\/\/iwell-guard.com\/is\/proserpina\/#primaryimage"},"thumbnailUrl":"https:\/\/iwell-guard.com\/wp-content\/uploads\/2026\/04\/goetter_rom_proserpina.webp","datePublished":"2026-09-05T14:02:45+00:00","dateModified":"2026-09-05T14:18:40+00:00","description":"Proserpina, r\u00f3mversk gy\u00f0ja undirheimanna: brottn\u00e1m Pl\u00fat\u00f3s, granatepli\u00f0 og go\u00f0s\u00f6gnin um \u00e1rst\u00ed\u00f0irnar, d\u00fdrkunarsaga fr\u00e1 R\u00f3m til b\u00f6lvunartaflna.","breadcrumb":{"@id":"https:\/\/iwell-guard.com\/is\/proserpina\/#breadcrumb"},"inLanguage":"is","potentialAction":[{"@type":"ReadAction","target":["https:\/\/iwell-guard.com\/is\/proserpina\/"]}]},{"@type":"ImageObject","inLanguage":"is","@id":"https:\/\/iwell-guard.com\/is\/proserpina\/#primaryimage","url":"https:\/\/iwell-guard.com\/wp-content\/uploads\/2026\/04\/goetter_rom_proserpina.webp","contentUrl":"https:\/\/iwell-guard.com\/wp-content\/uploads\/2026\/04\/goetter_rom_proserpina.webp","width":1024,"height":1536,"caption":"Gu\u00f0ir \u00far r\u00f3mverskri hef\u00f0."},{"@type":"BreadcrumbList","@id":"https:\/\/iwell-guard.com\/is\/proserpina\/#breadcrumb","itemListElement":[{"@type":"ListItem","position":1,"name":"Start","item":"https:\/\/iwell-guard.com\/is\/?page_id=168580"},{"@type":"ListItem","position":2,"name":"Proserpina"}]},{"@type":"WebSite","@id":"https:\/\/iwell-guard.com\/is\/#website","url":"https:\/\/iwell-guard.com\/is\/","name":"iWell Guard","description":"Schutz vor dunklen Einfl\u00fcssen","publisher":{"@id":"https:\/\/iwell-guard.com\/is\/#organization"},"potentialAction":[{"@type":"SearchAction","target":{"@type":"EntryPoint","urlTemplate":"https:\/\/iwell-guard.com\/is\/?s={search_term_string}"},"query-input":{"@type":"PropertyValueSpecification","valueRequired":true,"valueName":"search_term_string"}}],"inLanguage":"is"},{"@type":"Organization","@id":"https:\/\/iwell-guard.com\/is\/#organization","name":"Ittermann electronic GmbH","url":"https:\/\/iwell-guard.com\/is\/","logo":{"@type":"ImageObject","inLanguage":"is","@id":"https:\/\/iwell-guard.com\/is\/#\/schema\/logo\/image\/","url":"https:\/\/iwell-guard.com\/wp-content\/uploads\/2026\/05\/Ittermann-Logo-1182x237-1.png","contentUrl":"https:\/\/iwell-guard.com\/wp-content\/uploads\/2026\/05\/Ittermann-Logo-1182x237-1.png","width":1182,"height":237,"caption":"Ittermann electronic GmbH"},"image":{"@id":"https:\/\/iwell-guard.com\/is\/#\/schema\/logo\/image\/"},"sameAs":["https:\/\/pantip.com\/profile\/9367242","https:\/\/micro.blog\/iwellguard","https:\/\/www.diggerslist.com\/iwellguard\/about","https:\/\/skitterphoto.com\/photographers\/2870314\/iwell-guard","https:\/\/iwellguard.wordpress.com\/2026\/06\/06\/iwell-guard\/","https:\/\/hub.docker.com\/u\/iwellguard","https:\/\/www.pinterest.com\/iwellguard\/","https:\/\/bit.ly\/m\/iwellguard","https:\/\/entre-vos-mains.alsace.eu\/profiles\/iwellguard\/activity","https:\/\/gravatar.com\/reallybeded8fd34","https:\/\/naijamatta.com\/iwellguard","https:\/\/www.goodreads.com\/iwellguard","https:\/\/profile.hatena.ne.jp\/iwellguard\/","https:\/\/experiment.com\/users\/iwellguard","https:\/\/wakelet.com\/@iWellGuard82270","https:\/\/www.chordie.com\/forum\/profile.php?id=2555664","https:\/\/www.instapaper.com\/p\/17757966","https:\/\/www.mapleprimes.com\/users\/iwellguard","https:\/\/businesslistingplus.com\/profile\/iwell-guard\/","https:\/\/telegra.ph\/iWell-Guard-06-06","https:\/\/pbase.com\/iwellguard\/iwellguard","https:\/\/b.hatena.ne.jp\/iwellguard\/20260607#bookmark-4788405196491818882","https:\/\/fliphtml5.com\/home\/iwellguard","https:\/\/anyflip.com\/homepage\/cmiwl#About","https:\/\/transfur.com\/Users\/iwellguard","http:\/\/delphi.larsbo.org\/user\/iwellguard","https:\/\/jobs.lajobsportal.org\/profiles\/8380803-iwell-guard","https:\/\/md.chaosdorf.de\/s\/jfbe5SBdJD","https:\/\/www.lingvolive.com\/en-us\/profile\/9ecaeaca-ce11-4e51-9e71-01d55e2bff36\/translations","https:\/\/www.fitday.com\/fitness\/forums\/members\/iwellguard.html","https:\/\/www.mymeetbook.com\/iwellguard","https:\/\/pxhere.com\/en\/photographer-me\/5040798","https:\/\/disqus.com\/by\/iwellguard\/about\/","https:\/\/pastelink.net\/hjwciqwq","https:\/\/pubhtml5.com\/homepage\/scjhn\/","https:\/\/www.bitchute.com\/channel\/2O2eOKzNqujT","https:\/\/audiomack.com\/iwellguard"]},{"@type":"Person","@id":"https:\/\/iwell-guard.com\/is\/#\/schema\/person\/ee2a27f1cac3406c7c6fb5820cb7349f","name":"Ralf Ittermann","image":{"@type":"ImageObject","inLanguage":"is","@id":"https:\/\/secure.gravatar.com\/avatar\/073c0153e350a5005b68eb752b445fea71f6b24a26da9449ad7e155e6b446c9d?s=96&d=mm&r=g","url":"https:\/\/secure.gravatar.com\/avatar\/073c0153e350a5005b68eb752b445fea71f6b24a26da9449ad7e155e6b446c9d?s=96&d=mm&r=g","contentUrl":"https:\/\/secure.gravatar.com\/avatar\/073c0153e350a5005b68eb752b445fea71f6b24a26da9449ad7e155e6b446c9d?s=96&d=mm&r=g","caption":"Ralf Ittermann"},"givenName":"Ralf","familyName":"Ittermann","jobTitle":"Gesch\u00e4ftsf\u00fchrer und redaktioneller Verantwortlicher","url":"https:\/\/iwell-guard.com\/is\/author\/claude\/","description":"Ralf Ittermann ist Gesch\u00e4ftsf\u00fchrer der Ittermann electronic GmbH und redaktioneller Verantwortlicher des iWell-Guard-Lexikons. Er verbindet langj\u00e4hrige Erfahrung in der Pr\u00e4zisionsfertigung mit medialer Praxis und religionsgeschichtlicher Quellenarbeit.","worksFor":{"@type":"Organization","name":"Ittermann electronic GmbH","url":"https:\/\/ittermann.de\/","address":{"@type":"PostalAddress","streetAddress":"K\u00f6hlergasse 16-18","postalCode":"99842","addressLocality":"Ruhla","addressCountry":"DE"}},"knowsAbout":["Religionsgeschichte","Mythologie","Mediale Praxis","Energetische Diagnostik","Schutzpraxis","Volksglauben","Westliche Esoterik"]},{"@type":"Article","@id":"https:\/\/iwell-guard.com\/is\/proserpina\/#article","isPartOf":{"@id":"https:\/\/iwell-guard.com\/is\/proserpina\/"},"author":{"name":"Ralf Ittermann","@id":"https:\/\/iwell-guard.com\/is\/#\/schema\/person\/ee2a27f1cac3406c7c6fb5820cb7349f"},"headline":"Proserpina","datePublished":"2026-09-05T14:02:45+00:00","dateModified":"2026-09-05T14:18:40+00:00","mainEntityOfPage":{"@id":"https:\/\/iwell-guard.com\/is\/proserpina\/"},"publisher":{"@id":"https:\/\/iwell-guard.com\/is\/#organization"},"image":{"@id":"https:\/\/iwell-guard.com\/is\/proserpina\/#primaryimage"},"thumbnailUrl":"https:\/\/iwell-guard.com\/wp-content\/uploads\/2026\/04\/goetter_rom_proserpina.webp","inLanguage":"is","description":"Proserpina, r\u00f3mversk gy\u00f0ja undirheimanna: brottn\u00e1m Pl\u00fat\u00f3s, granatepli\u00f0 og go\u00f0s\u00f6gnin um \u00e1rst\u00ed\u00f0irnar, d\u00fdrkunarsaga fr\u00e1 R\u00f3m til b\u00f6lvunartaflna."}]}},"_links":{"self":[{"href":"https:\/\/iwell-guard.com\/is\/wp-json\/wp\/v2\/pages\/168759","targetHints":{"allow":["GET"]}}],"collection":[{"href":"https:\/\/iwell-guard.com\/is\/wp-json\/wp\/v2\/pages"}],"about":[{"href":"https:\/\/iwell-guard.com\/is\/wp-json\/wp\/v2\/types\/page"}],"author":[{"embeddable":true,"href":"https:\/\/iwell-guard.com\/is\/wp-json\/wp\/v2\/users\/3"}],"replies":[{"embeddable":true,"href":"https:\/\/iwell-guard.com\/is\/wp-json\/wp\/v2\/comments?post=168759"}],"version-history":[{"count":0,"href":"https:\/\/iwell-guard.com\/is\/wp-json\/wp\/v2\/pages\/168759\/revisions"}],"wp:featuredmedia":[{"embeddable":true,"href":"https:\/\/iwell-guard.com\/is\/wp-json\/wp\/v2\/media\/1738"}],"wp:attachment":[{"href":"https:\/\/iwell-guard.com\/is\/wp-json\/wp\/v2\/media?parent=168759"}],"wp:term":[{"taxonomy":"category","embeddable":true,"href":"https:\/\/iwell-guard.com\/is\/wp-json\/wp\/v2\/categories?post=168759"}],"curies":[{"name":"wp","href":"https:\/\/api.w.org\/{rel}","templated":true}]}}