{"id":168758,"date":"2026-09-05T14:02:45","date_gmt":"2026-09-05T14:02:45","guid":{"rendered":"https:\/\/iwell-guard.com\/?page_id=168758"},"modified":"2026-09-05T14:18:41","modified_gmt":"2026-09-05T14:18:41","slug":"mikail","status":"publish","type":"page","link":"https:\/\/iwell-guard.com\/is\/mikail\/","title":{"rendered":"Mikail"},"content":{"rendered":"\t\t<div data-elementor-type=\"wp-page\" data-elementor-id=\"168758\" class=\"elementor elementor-168758 elementor-1980 elementor-bc-flex-widget\" data-elementor-post-type=\"page\">\n\t\t\t\t<div class=\"elementor-element elementor-element-10fdade e-flex e-con-boxed e-con e-parent\" data-id=\"10fdade\" data-element_type=\"container\" data-e-type=\"container\" data-settings=\"{&quot;background_background&quot;:&quot;classic&quot;}\">\n\t\t\t\t\t<div class=\"e-con-inner\">\n\t\t<div class=\"elementor-element elementor-element-herohlft0 e-flex e-con-boxed e-con e-child\" data-id=\"herohlft0\" data-element_type=\"container\" data-e-type=\"container\">\n\t\t\t\t\t<div class=\"e-con-inner\">\n\t\t<div class=\"elementor-element elementor-element-c3ceb64 e-con-full e-flex e-con e-child\" data-id=\"c3ceb64\" data-element_type=\"container\" data-e-type=\"container\">\n\t\t\t\t<div class=\"elementor-element elementor-element-96ae5e1 elementor-widget elementor-widget-heading\" data-id=\"96ae5e1\" data-element_type=\"widget\" data-e-type=\"widget\" data-widget_type=\"heading.default\">\n\t\t\t\t\t<h1 class=\"elementor-heading-title elementor-size-default\">Mikail, gu\u00f0 \u00edslamskrar hef\u00f0ar<\/h1>\t\t\t\t<\/div>\n\t\t\t\t<div class=\"elementor-element elementor-element-e45238a elementor-widget elementor-widget-text-editor\" data-id=\"e45238a\" data-element_type=\"widget\" data-e-type=\"widget\" data-widget_type=\"text-editor.default\">\n\t\t\t\t\t\t\t\t\t<p>Mikail er erkiengilsvera \u00edslamskrar hef\u00f0ar, sendibo\u00f0i Gu\u00f0s og veitandi f\u00e6\u00f0u og <span class=\"iwg-fachbegriff\" data-tooltip=\"\u00c1v\u00f6rpun um heill og skj\u00f3l, oft \u00ed fastri m\u00e1lformger\u00f0.\" tabindex=\"0\">blessunar<\/span>. Tr\u00faarv\u00edsindalegt mikilv\u00e6gi hans felst \u00ed \u00fev\u00ed a\u00f0 hann birtir umhyggju Gu\u00f0s, sty\u00f0ur hina tr\u00fau\u00f0u gegn dj\u00f6fullegum andst\u00e6\u00f0ingum og kemur fram \u00ed K\u00f3raninum sem eitt hi\u00f0 m\u00e1ttugasta himneska vera Allah.<\/p>\t\t\t\t\t\t\t\t<\/div>\n\t\t\t\t<\/div>\n\t\t<div class=\"elementor-element elementor-element-klsbdg01 e-con-full e-flex e-con e-parent\" data-id=\"klsbdg01\" data-element_type=\"container\" data-e-type=\"container\">\n\t\t\t\t<div class=\"elementor-element elementor-element-klshtm01 elementor-widget elementor-widget-html\" data-id=\"klshtm01\" data-element_type=\"widget\" data-e-type=\"widget\" data-widget_type=\"html.default\">\n\t\t\t\t\t<div class=\"iwg-pill-row\"><span class=\"iwg-klasse-badge\" tabindex=\"0\" data-tooltip=\"Lj\u00f3sverur: Uppl\u00fdstar, verndandi e\u00f0a kennandi verur, erkienglar, uppstigningarmeistarar, lj\u00f3sar n\u00e1tt\u00faruverur. \u00cd n\u00fdrri og eldri andlegum hef\u00f0um l\u00fdst sem hj\u00e1lpar- og kennaraverur.\">Lj\u00f3svera<\/span><a href=\"https:\/\/iwell-guard.com\/is\/?page_id=168613\" class=\"iwg-kultur-badge\" tabindex=\"0\" data-tooltip=\"\u00cdslamskur tr\u00faarheimur me\u00f0 erkienglum, djinnum og tr\u00faarlegum verum.\">\u00cdslam<\/a><span class=\"iwg-tradition-badge\" tabindex=\"0\" data-tooltip=\"Erkiengill, h\u00e6sta engladeild \u00ed hef\u00f0 Gy\u00f0inga, kristinna og m\u00faslima.\">Erkiengill<\/span><\/div>\t\t\t\t<\/div>\n\t\t\t\t<\/div>\n\t\t<div class=\"elementor-element elementor-element-3f74855 e-con-full e-flex e-con e-child\" data-id=\"3f74855\" data-element_type=\"container\" data-e-type=\"container\">\n\t\t\t\t<div class=\"elementor-element elementor-element-1c30362 elementor-toc--minimized-on-tablet elementor-widget elementor-widget-table-of-contents\" data-id=\"1c30362\" data-element_type=\"widget\" data-e-type=\"widget\" data-settings=\"{&quot;exclude_headings_by_selector&quot;:[],&quot;no_headings_message&quot;:&quot;Engar undirfyrirsagnir fundust \\u00e1 \\u00feessari s\\u00ed\\u00f0u.&quot;,&quot;headings_by_tags&quot;:[&quot;h2&quot;,&quot;h3&quot;],&quot;marker_view&quot;:&quot;bullets&quot;,&quot;minimize_box&quot;:&quot;yes&quot;,&quot;icon&quot;:{&quot;value&quot;:&quot;fas fa-circle&quot;,&quot;library&quot;:&quot;fa-solid&quot;,&quot;rendered_tag&quot;:&quot;&lt;svg class=\\&quot;e-font-icon-svg e-fas-circle\\&quot; viewBox=\\&quot;0 0 512 512\\&quot; xmlns=\\&quot;http:\\\/\\\/www.w3.org\\\/2000\\\/svg\\&quot;&gt;&lt;path d=\\&quot;M256 8C119 8 8 119 8 256s111 248 248 248 248-111 248-248S393 8 256 8z\\&quot;&gt;&lt;\\\/path&gt;&lt;\\\/svg&gt;&quot;},&quot;minimized_on&quot;:&quot;tablet&quot;,&quot;hierarchical_view&quot;:&quot;yes&quot;,&quot;min_height&quot;:{&quot;unit&quot;:&quot;px&quot;,&quot;size&quot;:&quot;&quot;,&quot;sizes&quot;:[]},&quot;min_height_tablet&quot;:{&quot;unit&quot;:&quot;px&quot;,&quot;size&quot;:&quot;&quot;,&quot;sizes&quot;:[]},&quot;min_height_mobile&quot;:{&quot;unit&quot;:&quot;px&quot;,&quot;size&quot;:&quot;&quot;,&quot;sizes&quot;:[]}}\" data-widget_type=\"table-of-contents.default\">\n\t\t\t\t\t\t\t\t\t<div class=\"elementor-toc__header\">\n\t\t\t\t\t\t<h2 class=\"elementor-toc__header-title\">\n\t\t\t\tEfnisyfirlit\t\t\t<\/h2>\n\t\t\t\t\t\t\t\t\t\t<div class=\"elementor-toc__toggle-button elementor-toc__toggle-button--expand\" role=\"button\" tabindex=\"0\" aria-controls=\"elementor-toc__1c30362\" aria-expanded=\"true\" aria-label=\"Open table of contents\"><svg aria-hidden=\"true\" class=\"e-font-icon-svg e-fas-chevron-down\" viewBox=\"0 0 448 512\" xmlns=\"http:\/\/www.w3.org\/2000\/svg\"><path d=\"M207.029 381.476L12.686 187.132c-9.373-9.373-9.373-24.569 0-33.941l22.667-22.667c9.357-9.357 24.522-9.375 33.901-.04L224 284.505l154.745-154.021c9.379-9.335 24.544-9.317 33.901.04l22.667 22.667c9.373 9.373 9.373 24.569 0 33.941L240.971 381.476c-9.373 9.372-24.569 9.372-33.942 0z\"><\/path><\/svg><\/div>\n\t\t\t\t<div class=\"elementor-toc__toggle-button elementor-toc__toggle-button--collapse\" role=\"button\" tabindex=\"0\" aria-controls=\"elementor-toc__1c30362\" aria-expanded=\"true\" aria-label=\"Close table of contents\"><svg aria-hidden=\"true\" class=\"e-font-icon-svg e-fas-chevron-up\" viewBox=\"0 0 448 512\" xmlns=\"http:\/\/www.w3.org\/2000\/svg\"><path d=\"M240.971 130.524l194.343 194.343c9.373 9.373 9.373 24.569 0 33.941l-22.667 22.667c-9.357 9.357-24.522 9.375-33.901.04L224 227.495 69.255 381.516c-9.379 9.335-24.544 9.317-33.901-.04l-22.667-22.667c-9.373-9.373-9.373-24.569 0-33.941L207.03 130.525c9.372-9.373 24.568-9.373 33.941-.001z\"><\/path><\/svg><\/div>\n\t\t\t\t\t<\/div>\n\t\t\t\t<div id=\"elementor-toc__1c30362\" class=\"elementor-toc__body\">\n\t\t\t<div class=\"elementor-toc__spinner-container\">\n\t\t\t\t<svg class=\"elementor-toc__spinner eicon-animation-spin e-font-icon-svg e-eicon-loading\" aria-hidden=\"true\" viewBox=\"0 0 1000 1000\" xmlns=\"http:\/\/www.w3.org\/2000\/svg\"><path d=\"M500 975V858C696 858 858 696 858 500S696 142 500 142 142 304 142 500H25C25 237 238 25 500 25S975 237 975 500 763 975 500 975Z\"><\/path><\/svg>\t\t\t<\/div>\n\t\t<\/div>\n\t\t\t\t\t\t<\/div>\n\t\t\t\t<\/div>\n\t\t\t\t\t<\/div>\n\t\t\t\t<\/div>\n\t\t<div class=\"elementor-element elementor-element-herorght0 e-con-full e-flex e-con e-child\" data-id=\"herorght0\" data-element_type=\"container\" data-e-type=\"container\">\n\t\t\t\t<div class=\"elementor-element elementor-element-heroimg00 iwg-hero-image elementor-widget elementor-widget-image\" data-id=\"heroimg00\" data-element_type=\"widget\" data-e-type=\"widget\" data-widget_type=\"image.default\">\n\t\t\t\t\t\t\t\t\t\t\t\t\t\t\t<img fetchpriority=\"high\" decoding=\"async\" width=\"683\" height=\"1024\" src=\"https:\/\/iwell-guard.com\/wp-content\/uploads\/2026\/04\/goetter_islam_mikail-683x1024.webp\" class=\"attachment-large size-large wp-image-170956\" alt=\"Mikail - Gu\u00f0ir \u00far \u00edslamskri hef\u00f0, s\u00f6guleg myndskreyting\" srcset=\"https:\/\/iwell-guard.com\/wp-content\/uploads\/2026\/04\/goetter_islam_mikail-683x1024.webp 683w, https:\/\/iwell-guard.com\/wp-content\/uploads\/2026\/04\/goetter_islam_mikail-200x300.webp 200w, https:\/\/iwell-guard.com\/wp-content\/uploads\/2026\/04\/goetter_islam_mikail-768x1152.webp 768w, https:\/\/iwell-guard.com\/wp-content\/uploads\/2026\/04\/goetter_islam_mikail.webp 1024w\" sizes=\"(max-width: 683px) 100vw, 683px\" \/>\t\t\t\t\t\t\t\t\t\t\t\t\t\t\t<\/div>\n\t\t\t\t<\/div>\n\t\t\t\t\t<\/div>\n\t\t\t\t<\/div>\n\t\t<div class=\"elementor-element elementor-element-32917199 e-flex e-con-boxed e-con e-parent\" data-id=\"32917199\" data-element_type=\"container\" data-e-type=\"container\">\n\t\t\t\t\t<div class=\"e-con-inner\">\n\t\t<div class=\"elementor-element elementor-element-26e916cb e-flex e-con-boxed e-con e-child\" data-id=\"26e916cb\" data-element_type=\"container\" data-e-type=\"container\">\n\t\t\t\t\t<div class=\"e-con-inner\">\n\t\t<div class=\"elementor-element elementor-element-253a40d4 e-flex e-con-boxed e-con e-child\" data-id=\"253a40d4\" data-element_type=\"container\" data-e-type=\"container\">\n\t\t\t\t\t<div class=\"e-con-inner\">\n\t\t\t\t<div class=\"elementor-element elementor-element-1200c304 elementor-widget elementor-widget-heading\" data-id=\"1200c304\" data-element_type=\"widget\" data-e-type=\"widget\" data-widget_type=\"heading.default\">\n\t\t\t\t\t<h2 class=\"elementor-heading-title elementor-size-default\">Mikail<\/h2>\t\t\t\t<\/div>\n\t\t\t\t<div class=\"elementor-element elementor-element-11758e7f elementor-widget elementor-widget-text-editor\" data-id=\"11758e7f\" data-element_type=\"widget\" data-e-type=\"widget\" data-widget_type=\"text-editor.default\">\n\t\t\t\t\t\t\t\t\t<p>Mikail (einnig Mikha&#8217;il) gegnir hlutverki umsj\u00f3nar<span class=\"iwg-fachbegriff\" data-tooltip=\"\u00cd abraham\u00edsku tr\u00faarbr\u00f6g\u00f0unum himneskur sendibo\u00f0i Gu\u00f0s.\" tabindex=\"0\">engils<\/span> og str\u00ed\u00f0smanns gegn shayatin. Eiginleikar hans felast \u00ed mildi, m\u00e6tti og n\u00e1l\u00e6g\u00f0 vi\u00f0 h\u00e1s\u00e6ti Allah. Meginsagnir eru: veiting manna til \u00cdsraelsmanna (hadith-hef\u00f0ir), bardagi Mika\u00efls gegn Iblis (k\u00f3ran\u00edsk sk\u00fdring), \u00fe\u00e1tttaka vi\u00f0 s\u00e1larvigtun (Yawm ad-Din) og hin dulspekilega hef\u00f0 s\u00faf\u00ed-b\u00f3kmennta.<\/p>\t\t\t\t\t\t\t\t<\/div>\n\t\t\t\t\t<\/div>\n\t\t\t\t<\/div>\n\t\t<div class=\"elementor-element elementor-element-159dcf9a e-flex e-con-boxed e-con e-child\" data-id=\"159dcf9a\" data-element_type=\"container\" data-e-type=\"container\">\n\t\t\t\t\t<div class=\"e-con-inner\">\n\t\t\t\t<div class=\"elementor-element elementor-element-48cee66f elementor-widget elementor-widget-heading\" data-id=\"48cee66f\" data-element_type=\"widget\" data-e-type=\"widget\" data-widget_type=\"heading.default\">\n\t\t\t\t\t<div class=\"elementor-heading-title elementor-size-default\">Stutt yfirlit: Mikail<\/div>\t\t\t\t<\/div>\n\t\t\t\t<div class=\"elementor-element elementor-element-3f50d82c elementor-widget elementor-widget-text-editor\" data-id=\"3f50d82c\" data-element_type=\"widget\" data-e-type=\"widget\" data-widget_type=\"text-editor.default\">\n\t\t\t\t\t\t\t\t\t<p>Mikail kemur fyrir \u00ed k\u00f3ranversum (K\u00f3raninn 2:98, 3:39) og er \u00fatf\u00e6r\u00f0ur \u00ed hadith-s\u00f6fnum (Bukhari, Muslim, Tirmidhi). T\u00edmasetning tilheyrir hinu fyrsta \u00edslamska t\u00edmabili (7. \u00f6ld). Samanbur\u00f0arranns\u00f3knir (Annemarie Schimmel, Patrick Hughes, Stefan Wild, Schmoldt) sta\u00f0festa hlutverk Mika\u00efls sem mikilv\u00e6gt \u00ed \u00edslamskri englafr\u00e6\u00f0i og s\u00fafisma.<\/p>\t\t\t\t\t\t\t\t<\/div>\n\t\t\t\t\t<\/div>\n\t\t\t\t<\/div>\n\t\t\t\t\t<\/div>\n\t\t\t\t<\/div>\n\t\t\t\t\t<\/div>\n\t\t\t\t<\/div>\n\t\t<div class=\"elementor-element elementor-element-18613602 e-flex e-con-boxed e-con e-parent\" data-id=\"18613602\" data-element_type=\"container\" data-e-type=\"container\">\n\t\t\t\t\t<div class=\"e-con-inner\">\n\t\t\t\t<div class=\"elementor-element elementor-element-262b8a9f elementor-widget elementor-widget-heading\" data-id=\"262b8a9f\" data-element_type=\"widget\" data-e-type=\"widget\" data-widget_type=\"heading.default\">\n\t\t\t\t\t<h2 class=\"elementor-heading-title elementor-size-default\">S\u00f6guleg sta\u00f0setning<\/h2>\t\t\t\t<\/div>\n\t\t<div class=\"elementor-element elementor-element-46dcb7d e-con-full e-flex e-con e-child\" data-id=\"46dcb7d\" data-element_type=\"container\" data-e-type=\"container\">\n\t\t<div class=\"elementor-element elementor-element-61d3ab3 e-flex e-con-boxed e-con e-child\" data-id=\"61d3ab3\" data-element_type=\"container\" data-e-type=\"container\">\n\t\t\t\t\t<div class=\"e-con-inner\">\n\t\t\t\t<div class=\"elementor-element elementor-element-117c166 elementor-widget elementor-widget-heading\" data-id=\"117c166\" data-element_type=\"widget\" data-e-type=\"widget\" data-widget_type=\"heading.default\">\n\t\t\t\t\t<div class=\"elementor-heading-title elementor-size-default\">T\u00edmabil textanna<\/div>\t\t\t\t<\/div>\n\t\t\t\t<div class=\"elementor-element elementor-element-73997a0 elementor-widget elementor-widget-text-editor\" data-id=\"73997a0\" data-element_type=\"widget\" data-e-type=\"widget\" data-widget_type=\"text-editor.default\">\n\t\t\t\t\t\t\t\t\t<p>Kenningin um Mikail hefur haldist \u00f3breytt fr\u00e1 opinberunart\u00edma K\u00f3ransins \u00e1 7. \u00f6ld, enda setti nefning hans \u00ed s\u00faru 2,98 s\u00ed\u00f0ari endurt\u00falkunum \u00e1kve\u00f0nar skor\u00f0ur. Tr\u00fain \u00e1 englana, og \u00fear me\u00f0 \u00e1 Mikail, telst enn \u00feann dag \u00ed dag til tr\u00faargrunnsto\u00f0a \u00edslams; tenging hans vi\u00f0 regn og f\u00e6\u00f0u\u00f6flun er enn mi\u00f0la\u00f0 \u00f3breytt \u00ed k\u00f3ran\u00fatlegg og pr\u00e9dikun.<\/p>\t\t\t\t\t\t\t\t<\/div>\n\t\t\t\t\t<\/div>\n\t\t\t\t<\/div>\n\t\t<div class=\"elementor-element elementor-element-d47b156 e-flex e-con-boxed e-con e-child\" data-id=\"d47b156\" data-element_type=\"container\" data-e-type=\"container\">\n\t\t\t\t\t<div class=\"e-con-inner\">\n\t\t\t\t<div class=\"elementor-element elementor-element-ff38c2b elementor-widget elementor-widget-heading\" data-id=\"ff38c2b\" data-element_type=\"widget\" data-e-type=\"widget\" data-widget_type=\"heading.default\">\n\t\t\t\t\t<div class=\"elementor-heading-title elementor-size-default\">\u00datbrei\u00f0slusv\u00e6\u00f0i<\/div>\t\t\t\t<\/div>\n\t\t\t\t<div class=\"elementor-element elementor-element-4e49fcc elementor-widget elementor-widget-text-editor\" data-id=\"4e49fcc\" data-element_type=\"widget\" data-e-type=\"widget\" data-widget_type=\"text-editor.default\">\n\t\t\t\t\t\t\t\t\t<p>Mikail var ekki bundinn vi\u00f0 \u00e1kve\u00f0i\u00f0 sv\u00e6\u00f0i e\u00f0a sta\u00f0setningu, heldur al\u00feekktur og d\u00fdrka\u00f0ur e\u00f0a virtur me\u00f0 lotningu um allan hinn \u00edslamska heim. Hvort sem \u00ed st\u00f3rum borgarmi\u00f0st\u00f6\u00f0vum e\u00f0a \u00e1 fjarl\u00e6gum sveitasv\u00e6\u00f0um, me\u00f0al samf\u00e9lagslegrar yfirst\u00e9ttar e\u00f0a almennrar al\u00fe\u00fd\u00f0u, var andlegt e\u00f0a menningarlegt mikilv\u00e6gi \u00feessarar veru vi\u00f0urkennt og alhli\u00f0a.<\/p><p>\u00deekkingin \u00e1 Mikail breiddist \u00fat me\u00f0 \u00edslam sj\u00e1lfum, fr\u00e1 Arab\u00edu allt til Vestur-Afr\u00edku, Su\u00f0austur-Evr\u00f3pu og Su\u00f0austur-As\u00edu. \u00dear sem nefning hans \u00ed s\u00faru 2,98 er hluti af k\u00f3rantextanum, sem lesinn er alls sta\u00f0ar me\u00f0 s\u00f6mu or\u00f0um, h\u00e9lst kenningin um hann samr\u00e6md \u00ed \u00f6llum sv\u00e6\u00f0um; sv\u00e6\u00f0isbundin s\u00e9rform, eins og \u00feekkjast hj\u00e1 \u00fej\u00f3\u00f0legum verum, n\u00e1\u00f0u vart a\u00f0 myndast um \u00feennan engil.<\/p>\t\t\t\t\t\t\t\t<\/div>\n\t\t\t\t\t<\/div>\n\t\t\t\t<\/div>\n\t\t\t\t<\/div>\n\t\t<div class=\"elementor-element elementor-element-db03c39 e-con-full e-flex e-con e-child\" data-id=\"db03c39\" data-element_type=\"container\" data-e-type=\"container\">\n\t\t<div class=\"elementor-element elementor-element-229a87b e-flex e-con-boxed e-con e-child\" data-id=\"229a87b\" data-element_type=\"container\" data-e-type=\"container\">\n\t\t\t\t\t<div class=\"e-con-inner\">\n\t\t\t\t<div class=\"elementor-element elementor-element-1f471fc elementor-widget elementor-widget-heading\" data-id=\"1f471fc\" data-element_type=\"widget\" data-e-type=\"widget\" data-widget_type=\"heading.default\">\n\t\t\t\t\t<div class=\"elementor-heading-title elementor-size-default\">Heimildasta\u00f0a<\/div>\t\t\t\t<\/div>\n\t\t\t\t<div class=\"elementor-element elementor-element-36b1201 elementor-widget elementor-widget-text-editor\" data-id=\"36b1201\" data-element_type=\"widget\" data-e-type=\"widget\" data-widget_type=\"text-editor.default\">\n\t\t\t\t\t\t\t\t\t<p>Frumheimildir eru K\u00f3raninn (2:98 S\u00e1 sem er fjandma\u00f0ur <span class=\"iwg-fachbegriff\" data-tooltip=\"\u00cd abraham\u00edsku tr\u00faarbr\u00f6g\u00f0unum himneskur sendibo\u00f0i Gu\u00f0s.\" tabindex=\"0\">engilsins<\/span> Gabr\u00edels og Mika\u00edls, 3:39, s\u00fara 2:97, 98, \u00e1 arab\u00edsku, 7. \u00f6ld), hadith-s\u00f6fn (Sahih al-Bukhari 3:229, Sahih Muslim, Jami&#8217;at-Tirmidhi, \u00e1 arab\u00edsku) og tafsir-b\u00f3kmenntir (Tabari, Ibn Kathir, 9.-14. \u00f6ld).<\/p><p><span data-nosnippet>\u00c1 \u00f6\u00f0ru stigi greindu Schimmel (The Mystical Dimensions of Islam, 1975), Hughes (Dictionary of Islam, 1885), Wild (Islamic Angelology, 2002) og McLeod (Judeo-Islamic Angelology) \u00fer\u00f3un Mika\u00efls sem mi\u00f0l\u00e6gs erkiengils \u00edslams.<\/span><\/p>\t\t\t\t\t\t\t\t<\/div>\n\t\t\t\t\t<\/div>\n\t\t\t\t<\/div>\n\t\t\t\t<\/div>\n\t\t\t\t\t<\/div>\n\t\t\t\t<\/div>\n\t\t<div class=\"elementor-element elementor-element-3ae0637c e-flex e-con-boxed e-con e-parent\" data-id=\"3ae0637c\" data-element_type=\"container\" data-e-type=\"container\">\n\t\t\t\t\t<div class=\"e-con-inner\">\n\t\t\t\t<div class=\"elementor-element elementor-element-31d07739 elementor-widget elementor-widget-heading\" data-id=\"31d07739\" data-element_type=\"widget\" data-e-type=\"widget\" data-widget_type=\"heading.default\">\n\t\t\t\t\t<h2 class=\"elementor-heading-title elementor-size-default\">Nafn og afbrig\u00f0i<\/h2>\t\t\t\t<\/div>\n\t\t<div class=\"elementor-element elementor-element-b7642947 e-con-full e-flex e-con e-child\" data-id=\"b7642947\" data-element_type=\"container\" data-e-type=\"container\">\n\t\t\t\t<div class=\"elementor-element elementor-element-a086266 elementor-widget elementor-widget-text-editor\" data-id=\"a086266\" data-element_type=\"widget\" data-e-type=\"widget\" data-widget_type=\"text-editor.default\">\n\t\t\t\t\t\t\t\t\t<p>Mikail er \u00ed hinum \u00fdmsu heimildum og listr\u00e6num hef\u00f0um s\u00fdndur me\u00f0 \u00e1kve\u00f0num endurtekandi t\u00e1knmynda\u00fe\u00e1ttum sem haldast tilt\u00f6lulega \u00f3breyttir yfir \u00e1ratugi og mismunandi landsv\u00e6\u00f0i. \u00deessir \u00fe\u00e6ttir eru ekki einungis skreytilegir e\u00f0a handah\u00f3fskenndir, heldur dj\u00fapt t\u00e1knr\u00e6nt k\u00f3\u00f0a\u00f0ir og bera mikla merkingu.<\/p><p>\u00d3l\u00edkt englum \u00ed myndr\u00edkum hef\u00f0um er Mikail ekki l\u00fdst me\u00f0 litum, vopnum e\u00f0a fylgihlutum \u00ed \u00edslam, \u00fev\u00ed \u00edslamsk kenning for\u00f0ast myndl\u00fdsingu. Kennileiti hans felast \u00feess \u00ed sta\u00f0 \u00ed verkefnum hans: Hef\u00f0in \u00fathlutar honum dreifingu regns, v\u00f6xt jurta og f\u00e6\u00f0u\u00f6flun sk\u00f6punarverunnar. \u00deeir sem \u00feekkja heimildirnar bera kennsl \u00e1 hann n\u00e1kv\u00e6mlega \u00e1 \u00feessu \u00e1byrg\u00f0arsvi\u00f0i; nefning hans me\u00f0 nafni \u00ed s\u00faru 2,98 tryggir st\u00f6\u00f0u hans me\u00f0al hinna miklu engla, vi\u00f0 hli\u00f0 Djibr\u00edls.<\/p>\t\t\t\t\t\t\t\t<\/div>\n\t\t\t\t<\/div>\n\t\t\t\t\t<\/div>\n\t\t\t\t<\/div>\n\t\t<div class=\"elementor-element elementor-element-709a44a8 e-flex e-con-boxed e-con e-parent\" data-id=\"709a44a8\" data-element_type=\"container\" data-e-type=\"container\">\n\t\t\t\t\t<div class=\"e-con-inner\">\n\t\t\t\t<div class=\"elementor-element elementor-element-2f585873 elementor-widget elementor-widget-heading\" data-id=\"2f585873\" data-element_type=\"widget\" data-e-type=\"widget\" data-widget_type=\"heading.default\">\n\t\t\t\t\t<h2 class=\"elementor-heading-title elementor-size-default\">Einkenni<\/h2>\t\t\t\t<\/div>\n\t\t<div class=\"elementor-element elementor-element-70621c12 e-con-full e-flex e-con e-child\" data-id=\"70621c12\" data-element_type=\"container\" data-e-type=\"container\">\n\t\t\t\t<div class=\"elementor-element elementor-element-4296eb49 elementor-widget elementor-widget-text-editor\" data-id=\"4296eb49\" data-element_type=\"widget\" data-e-type=\"widget\" data-widget_type=\"text-editor.default\">\n\t\t\t\t\t\t\t\t\t<p>Mikail var mi\u00f0l\u00e6gur \u00ed tr\u00faarlegri i\u00f0kun, daglegum si\u00f0um og hversdagsskilningi \u00edslams. F\u00f3lk sneri s\u00e9r til \u00feessarar veru \u00e1 mikilv\u00e6gum e\u00f0a \u00e1kve\u00f0num l\u00edfsstundum e\u00f0a \u00e1 \u00e1kve\u00f0num \u00e1rst\u00ed\u00f0um tengdum tr\u00faarath\u00f6fnum, me\u00f0 skipul\u00f6g\u00f0um, oft umfangsmiklum si\u00f0um, b\u00e6num e\u00f0a f\u00f3rnargj\u00f6fum.<\/p><p>Umgengni vi\u00f0 Mikail er \u00ed \u00edslam skilgreind af opinberunartextunum sj\u00e1lfum: Erkiengillinn er nefndur me\u00f0 nafni \u00ed s\u00faru 2,98, frekari l\u00fdsingar \u00e1 verkefnum hans finnast \u00ed hadith-b\u00f3kmenntum. Fr\u00e6\u00f0imenn \u00ed k\u00f3ran\u00fatlegg og hef\u00f0arv\u00edsindum ranns\u00f6ku\u00f0u og r\u00f6\u00f0u\u00f0u \u00feessum fr\u00e1s\u00f6gnum eftir f\u00f6stum a\u00f0fer\u00f0um; frj\u00e1ls, eigin engilfr\u00e6\u00f0i var \u00fear me\u00f0 \u00fatiloku\u00f0.<\/p><p>\u00c1hugi \u00e1 Mikail h\u00e9lst lifandi \u00ed gegnum \u00edslamska s\u00f6gu, \u00fev\u00ed \u00e1byrg\u00f0arsvi\u00f0 hans snerti hversdagsl\u00edfi\u00f0 beint: regn, uppskeru og l\u00edfsvi\u00f0urv\u00e6ri. Hef\u00f0in l\u00fdsir honum sem englinum sem, \u00ed umbo\u00f0i Gu\u00f0s, dreifir f\u00e6\u00f0u\u00f6fluninni; tr\u00fain \u00e1 hann telst auk \u00feess til tr\u00faargreina \u00edslams, \u00fear sem K\u00f3raninn tekur englana sk\u00fdrt inn \u00ed j\u00e1tninguna. Hlutverk hans er \u00fear me\u00f0 frekar veitandi og vi\u00f0haldandi en varna\u00f0arlegt.<\/p>\t\t\t\t\t\t\t\t<\/div>\n\t\t\t\t<\/div>\n\t\t\t\t\t<\/div>\n\t\t\t\t<\/div>\n\t\t<div class=\"elementor-element elementor-element-44e71476 e-flex e-con-boxed e-con e-parent\" data-id=\"44e71476\" data-element_type=\"container\" data-e-type=\"container\">\n\t\t\t\t\t<div class=\"e-con-inner\">\n\t\t\t\t<div class=\"elementor-element elementor-element-3c1fc3f0 elementor-widget elementor-widget-heading\" data-id=\"3c1fc3f0\" data-element_type=\"widget\" data-e-type=\"widget\" data-widget_type=\"heading.default\">\n\t\t\t\t\t<h2 class=\"elementor-heading-title elementor-size-default\">Stutt yfirlit: Mikail<\/h2>\t\t\t\t<\/div>\n\t\t<div class=\"elementor-element elementor-element-84f33b8e e-con-full e-flex e-con e-child\" data-id=\"84f33b8e\" data-element_type=\"container\" data-e-type=\"container\">\n\t\t\t\t<div class=\"elementor-element elementor-element-hqkdc67p elementor-widget elementor-widget-text-editor\" data-id=\"hqkdc67p\" data-element_type=\"widget\" data-e-type=\"widget\" data-widget_type=\"text-editor.default\">\n\t\t\t\t\t\t\t\t\t<p>Yfirliti\u00f0 fjallar um Mikail \u00fat fr\u00e1 sex v\u00edddum: uppruna hans \u00ed k\u00f3ran\u00edskum og hadith-tengdum hef\u00f0um, markh\u00f3p hans me\u00f0al tr\u00faa\u00f0ra m\u00faslima og s\u00fafa, t\u00e1knmyndaeinkenni tengd vatni og lj\u00f3si, hlutverk hans sem veitanda og verndara, samanbur\u00f0 vi\u00f0 kristna og gy\u00f0inglega erkiengla, og dulspekilegt hlutverk hans \u00ed s\u00faf\u00ed-huglei\u00f0slu.<\/p>\t\t\t\t\t\t\t\t<\/div>\n\t\t\t\t<\/div>\n\t\t<div class=\"elementor-element elementor-element-pemmx7c5 e-con-full e-flex e-con e-child\" data-id=\"pemmx7c5\" data-element_type=\"container\" data-e-type=\"container\">\n\t\t<div class=\"elementor-element elementor-element-pemmx7c1 e-con-full e-flex e-con e-child\" data-id=\"pemmx7c1\" data-element_type=\"container\" data-e-type=\"container\">\n\t\t<div class=\"elementor-element elementor-element-qh9oavvu iwg-steckbrief-card e-flex e-con-boxed e-con e-child\" data-id=\"qh9oavvu\" data-element_type=\"container\" data-e-type=\"container\">\n\t\t\t\t\t<div class=\"e-con-inner\">\n\t\t\t\t<div class=\"elementor-element elementor-element-awzx8k2k elementor-widget elementor-widget-heading\" data-id=\"awzx8k2k\" data-element_type=\"widget\" data-e-type=\"widget\" data-widget_type=\"heading.default\">\n\t\t\t\t\t<div class=\"elementor-heading-title elementor-size-default\">Uppruni<\/div>\t\t\t\t<\/div>\n\t\t\t\t<div class=\"elementor-element elementor-element-x6rowhv0 elementor-widget elementor-widget-text-editor\" data-id=\"x6rowhv0\" data-element_type=\"widget\" data-e-type=\"widget\" data-widget_type=\"text-editor.default\">\n\t\t\t\t\t\t\t\t\t<p>Mikail er nefndur \u00ed k\u00f3ranopinberuninni fr\u00e1 7. \u00f6ld \u00ed Arab\u00edu, me\u00f0 r\u00e6tur \u00ed erkiengla-hef\u00f0um jude\u00f3-kristinnar tr\u00faar. Landfr\u00e6\u00f0ilegur uppruni er \u00e1 Arab\u00eduskaganum og \u00ed Mi\u00f0austurl\u00f6ndum. Fyrsta minnst \u00e1 hann er t\u00edmasett \u00ed s\u00faru 2:98 (Med\u00edna-t\u00edmabili\u00f0, 623\u2013632 e.Kr.). Gu\u00f0fr\u00e6\u00f0ileg m\u00f3tun hans sem eins helsta erkiengils, samhli\u00f0a Gabr\u00edel og M\u00edkael, \u00e1tti s\u00e9r sta\u00f0 \u00ed fyrstu hadith-sk\u00fdringum.<\/p>\t\t\t\t\t\t\t\t<\/div>\n\t\t\t\t\t<\/div>\n\t\t\t\t<\/div>\n\t\t<div class=\"elementor-element elementor-element-8e3o4kxs iwg-steckbrief-card e-flex e-con-boxed e-con e-child\" data-id=\"8e3o4kxs\" data-element_type=\"container\" data-e-type=\"container\">\n\t\t\t\t\t<div class=\"e-con-inner\">\n\t\t\t\t<div class=\"elementor-element elementor-element-08rkdgov elementor-widget elementor-widget-heading\" data-id=\"08rkdgov\" data-element_type=\"widget\" data-e-type=\"widget\" data-widget_type=\"heading.default\">\n\t\t\t\t\t<div class=\"elementor-heading-title elementor-size-default\">Vi\u00f0takendur<\/div>\t\t\t\t<\/div>\n\t\t\t\t<div class=\"elementor-element elementor-element-uwjelx8s elementor-widget elementor-widget-text-editor\" data-id=\"uwjelx8s\" data-element_type=\"widget\" data-e-type=\"widget\" data-widget_type=\"text-editor.default\">\n\t\t\t\t\t\t\t\t\t<p>Mikail sneri sig fyrst og fremst a\u00f0 tr\u00fau\u00f0um m\u00faslimum af \u00f6llum \u00fej\u00f3\u00f0f\u00e9lagsst\u00e9ttum. Markh\u00f3purinn er hi\u00f0 tr\u00fafasta f\u00f3lk, dulspekingar (s\u00fafar), sj\u00fakir (\u00ed von um l\u00e6kningu), fer\u00f0alangar (skj\u00f3l) og \u00feeir sem s\u00e6kja varnarm\u00e1tt (gegn illu). Tilefni eru daglegar b\u00e6nir (salah), kreppustundir, f\u00f6stum\u00e1nu\u00f0urinn ramadan og dul\u00fa\u00f0ugar n\u00e6tur-b\u00e6nir (tahajjud). <span class=\"iwg-fachbegriff\" data-tooltip=\"\u00dea\u00f0 a\u00f0 \u00e1kalla e\u00f0a beina b\u00f3n til go\u00f0magns e\u00f0a valds me\u00f0 b\u00e6n e\u00f0a \u00e1k\u00f6llun.\" tabindex=\"0\">\u00c1kalli\u00f0<\/span> fer fram \u00ed <span class=\"iwg-fachbegriff\" data-tooltip=\"Stutt, pers\u00f3nuleg e\u00f0a sameiginleg tr\u00faarleg huglei\u00f0sla.\" tabindex=\"0\">\u00edhugun<\/span> og b\u00e6narb\u00e6n (dua) me\u00f0 <span class=\"iwg-fachbegriff\" data-tooltip=\"\u00dea\u00f0 a\u00f0 heitum heilsu og verndar er heiti\u00f0, oft \u00ed fastri m\u00e1lformi.\" tabindex=\"0\">blessun<\/span> Gu\u00f0s (barakah).<\/p>\t\t\t\t\t\t\t\t<\/div>\n\t\t\t\t\t<\/div>\n\t\t\t\t<\/div>\n\t\t<div class=\"elementor-element elementor-element-jm2n74ec iwg-steckbrief-card e-flex e-con-boxed e-con e-child\" data-id=\"jm2n74ec\" data-element_type=\"container\" data-e-type=\"container\">\n\t\t\t\t\t<div class=\"e-con-inner\">\n\t\t\t\t<div class=\"elementor-element elementor-element-8vufse4c elementor-widget elementor-widget-heading\" data-id=\"8vufse4c\" data-element_type=\"widget\" data-e-type=\"widget\" data-widget_type=\"heading.default\">\n\t\t\t\t\t<div class=\"elementor-heading-title elementor-size-default\">\u00c1s\u00fdnd<\/div>\t\t\t\t<\/div>\n\t\t\t\t<div class=\"elementor-element elementor-element-mwb9u015 elementor-widget elementor-widget-text-editor\" data-id=\"mwb9u015\" data-element_type=\"widget\" data-e-type=\"widget\" data-widget_type=\"text-editor.default\">\n\t\t\t\t\t\t\t\t\t<p>Mikail \u00ed helgimyndalist: karlkyns vera me\u00f0 st\u00f3ra v\u00e6ngi \u00ed gr\u00e6num og gylltum litum, lj\u00f3mandi eins og vatn (\u00e1 arab\u00edsku: bi-suwar al-nur). Kennileiti hans eru sver\u00f0 (bardagi gegn shayatin), vatnssk\u00e1l (<span class=\"iwg-fachbegriff\" data-tooltip=\"\u00dea\u00f0 a\u00f0 heitum heilsu og verndar er heiti\u00f0, oft \u00ed fastri m\u00e1lformi.\" tabindex=\"0\">blessun<\/span>, gr\u00f3ska) og st\u00f6ku sinnum vog (vigtun s\u00e1lna, yawm ad-din). \u00cd s\u00faf\u00edskri sm\u00e1myndalist: gr\u00e6nn kyrtill (gr\u00f3ska), geislabaugur. T\u00e1knr\u00e6n tenging hans vi\u00f0 vatn greinir Mikail fr\u00e1 kristnum erkienglum.<\/p>\t\t\t\t\t\t\t\t<\/div>\n\t\t\t\t\t<\/div>\n\t\t\t\t<\/div>\n\t\t\t\t<\/div>\n\t\t<div class=\"elementor-element elementor-element-pemmx7c2 e-con-full e-flex e-con e-child\" data-id=\"pemmx7c2\" data-element_type=\"container\" data-e-type=\"container\">\n\t\t<div class=\"elementor-element elementor-element-37ss2yr6 iwg-steckbrief-card e-flex e-con-boxed e-con e-child\" data-id=\"37ss2yr6\" data-element_type=\"container\" data-e-type=\"container\">\n\t\t\t\t\t<div class=\"e-con-inner\">\n\t\t\t\t<div class=\"elementor-element elementor-element-3v0wp3wx elementor-widget elementor-widget-heading\" data-id=\"3v0wp3wx\" data-element_type=\"widget\" data-e-type=\"widget\" data-widget_type=\"heading.default\">\n\t\t\t\t\t<div class=\"elementor-heading-title elementor-size-default\">Verkunarsvi\u00f0<\/div>\t\t\t\t<\/div>\n\t\t\t\t<div class=\"elementor-element elementor-element-w3247g2m elementor-widget elementor-widget-text-editor\" data-id=\"w3247g2m\" data-element_type=\"widget\" data-e-type=\"widget\" data-widget_type=\"text-editor.default\">\n\t\t\t\t\t\t\t\t\t<strong>Verksvi\u00f0:<\/strong> M\u012bk\u0101\u02be\u012bl (M\u00edkael) er \u00ed \u00edslam erkiengill n\u00e1\u00f0ar og blessunar, verndari regns, vinda og n\u00e1tt\u00faruaflanna, umsj\u00f3narma\u00f0ur jar\u00f0neskrar framf\u00e6rslu (rizq). Hann stendur \u00ed K\u00f3raninum vi\u00f0 hli\u00f0 Gabr\u00edels og er \u00ed \u00edslamskri <span class=\"iwg-fachbegriff\" data-tooltip=\"Hugmynd um uppbyggingu og skipan heimsins innan tiltekinnar menningar.\" tabindex=\"0\">heimsfr\u00e6\u00f0i<\/span> talinn einn af fj\u00f3rum voldugustu <span class=\"iwg-fachbegriff\" data-tooltip=\"\u00cd hinum abraham\u00edsku tr\u00faarbr\u00f6g\u00f0um himneskur sendibo\u00f0i Gu\u00f0s.\" tabindex=\"0\">englum<\/span> (malak-al-uzzal). M\u00e1ttur hans n\u00e6r yfir efnislega framf\u00e6rslu mannkyns, l\u00e6kningu og skj\u00f3l fr\u00e1 illum \u00e1hrifum. \u00c1hrif hans birtast \u00ed n\u00e6gtum, bata og andlegri vernd. \u00cd s\u00faf\u00edskum skilningi er hann millig\u00f6nguma\u00f0ur gu\u00f0legrar n\u00e1\u00f0ar og jar\u00f0neskrar \u00fearfar.\n\t\t\t\t\t\t\t\t<\/div>\n\t\t\t\t\t<\/div>\n\t\t\t\t<\/div>\n\t\t<div class=\"elementor-element elementor-element-0qpjal9w iwg-steckbrief-card e-flex e-con-boxed e-con e-child\" data-id=\"0qpjal9w\" data-element_type=\"container\" data-e-type=\"container\">\n\t\t\t\t\t<div class=\"e-con-inner\">\n\t\t\t\t<div class=\"elementor-element elementor-element-6ndoih0o elementor-widget elementor-widget-heading\" data-id=\"6ndoih0o\" data-element_type=\"widget\" data-e-type=\"widget\" data-widget_type=\"heading.default\">\n\t\t\t\t\t<div class=\"elementor-heading-title elementor-size-default\">Varnarform<\/div>\t\t\t\t<\/div>\n\t\t\t\t<div class=\"elementor-element elementor-element-6684tyh9 elementor-widget elementor-widget-text-editor\" data-id=\"6684tyh9\" data-element_type=\"widget\" data-e-type=\"widget\" data-widget_type=\"text-editor.default\">\n\t\t\t\t\t\t\t\t\t<p>Mikail var talinn g\u00f3\u00f0, verndandi vera me\u00f0 virka umhyggju. \u00c1k\u00f6llunarh\u00e6ttir hans n\u00e1\u00f0u yfir b\u00e6nir um <span class=\"iwg-fachbegriff\" data-tooltip=\"\u00dea\u00f0 a\u00f0 heitum heilsu og verndar er heiti\u00f0, oft \u00ed fastri m\u00e1lformi.\" tabindex=\"0\">blessun<\/span> (barakah), vernd gegn illum \u00f6flum (shayatin) og framf\u00e6rslu.<\/p><p>\u00cd s\u00faf\u00edskum hef\u00f0um voru huglei\u00f0slur um Mikail i\u00f0ka\u00f0ar (muraqaba) til a\u00f0 n\u00e1 andlegri hreinsun og n\u00e1l\u00e6g\u00f0 vi\u00f0 Allah. Vir\u00f0ingin fyrir Mikail birtist \u00ed lotningu, hreinleikabo\u00f0i (wudhu) fyrir <span class=\"iwg-fachbegriff\" data-tooltip=\"\u00dea\u00f0 a\u00f0 \u00e1kalla e\u00f0a beina b\u00f3n til go\u00f0magns e\u00f0a valds me\u00f0 b\u00e6n e\u00f0a \u00e1k\u00f6llun.\" tabindex=\"0\">\u00e1kall<\/span> og skyldub\u00e6num (salah) undir hans himnesku forsj\u00e1.<\/p>\t\t\t\t\t\t\t\t<\/div>\n\t\t\t\t\t<\/div>\n\t\t\t\t<\/div>\n\t\t<div class=\"elementor-element elementor-element-3lfi7x32 iwg-steckbrief-card e-flex e-con-boxed e-con e-child\" data-id=\"3lfi7x32\" data-element_type=\"container\" data-e-type=\"container\">\n\t\t\t\t\t<div class=\"e-con-inner\">\n\t\t\t\t<div class=\"elementor-element elementor-element-0kg99ga1 elementor-widget elementor-widget-heading\" data-id=\"0kg99ga1\" data-element_type=\"widget\" data-e-type=\"widget\" data-widget_type=\"heading.default\">\n\t\t\t\t\t<div class=\"elementor-heading-title elementor-size-default\">Tengdar verur<\/div>\t\t\t\t<\/div>\n\t\t\t\t<div class=\"elementor-element elementor-element-n0fum6kp elementor-widget elementor-widget-text-editor\" data-id=\"n0fum6kp\" data-element_type=\"widget\" data-e-type=\"widget\" data-widget_type=\"text-editor.default\">\n\t\t\t\t\t\t\t\t\t<p>Samb\u00e6rilegar verur \u00ed \u00edslam: Jibril (Gabr\u00edel, opinberunar<span class=\"iwg-fachbegriff\" data-tooltip=\"\u00cd hinum abraham\u00edsku tr\u00faarbr\u00f6g\u00f0um himneskur sendibo\u00f0i Gu\u00f0s.\" tabindex=\"0\">engill<\/span>), Israfil (l\u00fa\u00f0urs<span class=\"iwg-fachbegriff\" data-tooltip=\"\u00cd hinum abraham\u00edsku tr\u00faarbr\u00f6g\u00f0um himneskur sendibo\u00f0i Gu\u00f0s.\" tabindex=\"0\">engill<\/span>, upprisa), Azrael (dau\u00f0aengill). Utan \u00edslam: hebreski M\u00edkael (herforingi, en minna umhyggjusamur), kristinn M\u00edkael (herna\u00f0arlegur), zoroastr\u00edski Spenta Mainyu (g\u00f3\u00f0ur <span class=\"iwg-fachbegriff\" data-tooltip=\"L\u00edkamslaus vera sem talin er hafa \u00e1hrif \u00ed heiminum.\" tabindex=\"0\">andi<\/span>, umhyggja). Samsetning str\u00ed\u00f0slistar og umhyggju gerir Mikail einstakan.<\/p>\t\t\t\t\t\t\t\t<\/div>\n\t\t\t\t\t<\/div>\n\t\t\t\t<\/div>\n\t\t\t\t<\/div>\n\t\t\t\t<\/div>\n\t\t\t\t\t<\/div>\n\t\t\t\t<\/div>\n\t\t<div class=\"elementor-element elementor-element-7533bc7a e-flex e-con-boxed e-con e-parent\" data-id=\"7533bc7a\" data-element_type=\"container\" data-e-type=\"container\">\n\t\t\t\t\t<div class=\"e-con-inner\">\n\t\t\t\t<div class=\"elementor-element elementor-element-2447d18d elementor-widget elementor-widget-heading\" data-id=\"2447d18d\" data-element_type=\"widget\" data-e-type=\"widget\" data-widget_type=\"heading.default\">\n\t\t\t\t\t<h2 class=\"elementor-heading-title elementor-size-default\">Varnir \u00ed daglegu l\u00edfi<\/h2>\t\t\t\t<\/div>\n\t\t<div class=\"elementor-element elementor-element-d5d0260c e-con-full e-flex e-con e-child\" data-id=\"d5d0260c\" data-element_type=\"container\" data-e-type=\"container\">\n\t\t\t\t<div class=\"elementor-element elementor-element-341be2ac elementor-widget elementor-widget-text-editor\" data-id=\"341be2ac\" data-element_type=\"widget\" data-e-type=\"widget\" data-widget_type=\"text-editor.default\">\n\t\t\t\t\t\t\t\t\t<p><strong>Athafnir og tilbei\u00f0sla<\/strong><\/p><p>M\u012bk\u0101\u02be\u012bl er \u00e1kalla\u00f0ur \u00ed tr\u00faarlegum b\u00e6num (dua), s\u00e9rstaklega \u00ed b\u00e6num um l\u00e6kningu og framf\u00e6rslu. \u00cd s\u00faf\u00edskum dulspekisk\u00f3lum (tariqah) eru s\u00e9rst\u00f6k \u00e1k\u00f6llunarform (wird) fyrir <span class=\"iwg-fachbegriff\" data-tooltip=\"\u00dea\u00f0 a\u00f0 heitum heilsu og verndar er heiti\u00f0, oft \u00ed fastri m\u00e1lformi.\" tabindex=\"0\">blessun<\/span> hans. M\u00edkaelsdagur er \u00ed austr\u00e6num menningarheimum haldinn me\u00f0 b\u00e6num og \u00f6lmusugj\u00f6fum. Moskur s\u00fdna oft skrautskrift me\u00f0 n\u00f6fnum hans.<\/p><p><strong>\u00c1k\u00f6llun og b\u00e6narform<\/strong><\/p><p>Klass\u00edsk \u00e1k\u00f6llun \u00ed k\u00f3ranst\u00edl: \u201eYa Mikail, <span class=\"iwg-fachbegriff\" data-tooltip=\"\u00cd hinum abraham\u00edsku tr\u00faarbr\u00f6g\u00f0um himneskur sendibo\u00f0i Gu\u00f0s.\" tabindex=\"0\">engill<\/span> framf\u00e6rslunnar, lei\u00f0 <span class=\"iwg-fachbegriff\" data-tooltip=\"\u00dea\u00f0 a\u00f0 heitum heilsu og verndar er heiti\u00f0, oft \u00ed fastri m\u00e1lformi.\" tabindex=\"0\">blessun<\/span> ni\u00f0ur til okkar.\u201c S\u00fafar fara me\u00f0 99 n\u00f6fn hans \u00ed huglei\u00f0slu. Var\u00f0veitt form\u00fala hlj\u00f3\u00f0a\u00f0i svo: \u201eM\u012bk\u0101\u02be\u012bl, voldugasti umsj\u00f3narma\u00f0ur, sk\u00fdldu okkur og fj\u00f6lskyldu okkar.\u201c \u00c1k\u00f6llun \u00e1 ney\u00f0art\u00edmum (sj\u00fakd\u00f3mum, skorti) er algeng \u00ed almennum \u00edslam me\u00f0al f\u00f3lksins.<\/p><p><strong>Verndargripir og t\u00e1knmyndir<\/strong><\/p><p>Nafni\u00f0 M\u012bk\u0101\u02be\u012bl \u00ed arab\u00edskri skrautskrift er bori\u00f0 sem <span class=\"iwg-fachbegriff\" data-tooltip=\"Hlutur sem borinn er og talinn hafa verndandi, \u00f3heillafr\u00e1hrekjandi m\u00e1tt.\" tabindex=\"0\">verndargripur<\/span>. Gr\u00e6nir og gylltir litir t\u00e1kna svi\u00f0 hans. \u201e<span class=\"iwg-fachbegriff\" data-tooltip=\"\u00cd hinum abraham\u00edsku tr\u00faarbr\u00f6g\u00f0um himneskur sendibo\u00f0i Gu\u00f0s.\" tabindex=\"0\">Engla<\/span>-innsiglishringurinn\u201c (me\u00f0 M\u012bk\u0101\u02be\u012bl-innsigli) er hef\u00f0bundinn verndargripur. M\u00faslimar bera vers \u00far s\u00faru 2:98 sem skrifa\u00f0a talismana.<\/p>\n\t\t\t\t\t\t\t\t<\/div>\n\t\t\t\t<\/div>\n\t\t\t\t\t<\/div>\n\t\t\t\t<\/div>\n\t\t<div class=\"elementor-element elementor-element-5a584676 e-flex e-con-boxed e-con e-parent\" data-id=\"5a584676\" data-element_type=\"container\" data-e-type=\"container\">\n\t\t\t\t\t<div class=\"e-con-inner\">\n\t\t\t\t<div class=\"elementor-element elementor-element-6d0757bf elementor-widget elementor-widget-heading\" data-id=\"6d0757bf\" data-element_type=\"widget\" data-e-type=\"widget\" data-widget_type=\"heading.default\">\n\t\t\t\t\t<h2 class=\"elementor-heading-title elementor-size-default\">Mikail, hli\u00f0st\u00e6\u00f0ur \u00ed \u00f6\u00f0rum menningarheimum<\/h2>\t\t\t\t<\/div>\n\t\t<div class=\"elementor-element elementor-element-60563f68 e-con-full e-flex e-con e-child\" data-id=\"60563f68\" data-element_type=\"container\" data-e-type=\"container\">\n\t\t\t\t<div class=\"elementor-element elementor-element-5a93fdd6 elementor-widget elementor-widget-text-editor\" data-id=\"5a93fdd6\" data-element_type=\"widget\" data-e-type=\"widget\" data-widget_type=\"text-editor.default\">\n\t\t\t\t\t\t\t\t\t<p><p><strong>J\u00f3\u00f0atr\u00fa:<\/strong> Hinn j\u00fa\u00f0ski M\u00edkael er n\u00e1nasta hli\u00f0st\u00e6\u00f0an (hebreska: Hver er sem Gu\u00f0, sama nafnsifjafr\u00e6\u00f0i). M\u00edkael er \u00fe\u00f3 fyrst og fremst str\u00ed\u00f0s<span class=\"iwg-fachbegriff\" data-tooltip=\"\u00cd abraham\u00edsku tr\u00faarbr\u00f6g\u00f0unum himneskur sendibo\u00f0i Gu\u00f0s.\" tabindex=\"0\">engill<\/span>, sigrari <span class=\"iwg-fachbegriff\" data-tooltip=\"Andlegt vera sem eignu\u00f0 er ska\u00f0leg e\u00f0a tv\u00edbent \u00e1hrif.\" tabindex=\"0\">dj\u00f6fla<\/span>, ekki forsj\u00e1ra\u00f0ili. Opinberunarhlutverk Gabr\u00edels er \u00f3l\u00edkt umhyggju Mika\u00efls. \u00dar\u00edel (d\u00f3mur) \u00e1 s\u00e9r engan hli\u00f0st\u00e6\u00f0u \u00ed hinni mildu vernd Mika\u00efls.<\/p><p><strong>Gr\u00edsk-r\u00f3mverski heimurinn:<\/strong> Engar bein hli\u00f0st\u00e6\u00f0ur. Fjarskyld: Hermes sem sendibo\u00f0i gu\u00f0anna og verndari fer\u00f0alanga, e\u00f0a \u00cdris (himnesk sendibo\u00f0i, en \u00e1n str\u00ed\u00f0sm\u00e1ttar). Pers\u00f3nulega verndarhlutverk Mika\u00efls minnir \u00e1 virkni Hermesar.<\/p><p><strong>Mes\u00f3p\u00f3tam\u00eda:<\/strong> Mes\u00f3p\u00f3tam\u00edsk hli\u00f0st\u00e6\u00f0a: Marduk (lei\u00f0togi gu\u00f0anna, sigur yfir ringulrei\u00f0, ekki beinn <span class=\"iwg-fachbegriff\" data-tooltip=\"\u00cd abraham\u00edsku tr\u00faarbr\u00f6g\u00f0unum himneskur sendibo\u00f0i Gu\u00f0s.\" tabindex=\"0\">engill<\/span>). N\u00e1b\u00fasemin er meiri hj\u00e1 Nabu (skrifari, opinberun). Mikail og Marduk deila samsetningu valds h\u00f6f\u00f0ingja og umhyggjuhlutverks.<\/p><p><strong>Indland\/As\u00eda:<\/strong> Indversk hli\u00f0st\u00e6\u00f0a: Indra (str\u00ed\u00f0sgu\u00f0, lei\u00f0togi gu\u00f0anna, hind\u00faismi). B\u00fadd\u00edsk hli\u00f0st\u00e6\u00f0a: b\u00f3d\u00edsattvar me\u00f0 verndarhlutverk (Avalokitesvara, miskunn). Mikail og Indra deila samsetningu valds og verndar.<\/p>\t\t\t\t\t\t\t\t<\/div>\n\t\t\t\t<\/div>\n\t\t\t\t\t<\/div>\n\t\t\t\t<\/div>\n\t\t<div class=\"elementor-element elementor-element-cp7453048 e-flex e-con-boxed e-con e-parent\" data-id=\"cp7453048\" data-element_type=\"container\" data-e-type=\"container\">\n\t\t\t\t\t<div class=\"e-con-inner\">\n\t\t\t\t<div class=\"elementor-element elementor-element-cp00b4d36 elementor-widget elementor-widget-heading\" data-id=\"cp00b4d36\" data-element_type=\"widget\" data-e-type=\"widget\" data-widget_type=\"heading.default\">\n\t\t\t\t\t<h2 class=\"elementor-heading-title elementor-size-default\">Mikail \u00ed K\u00f3raninum og \u00ed hadith-hef\u00f0inni<\/h2>\t\t\t\t<\/div>\n\t\t<div class=\"elementor-element elementor-element-cp726fb30 e-con-full e-flex e-con e-child\" data-id=\"cp726fb30\" data-element_type=\"container\" data-e-type=\"container\">\n\t\t\t\t<div class=\"elementor-element elementor-element-cpa329f9f elementor-widget elementor-widget-text-editor\" data-id=\"cpa329f9f\" data-element_type=\"widget\" data-e-type=\"widget\" data-widget_type=\"text-editor.default\">\n\t\t\t\t\t\t\t\t\t<p>Mikail, sem \u00e1 \u00fe\u00fdsku er oftast \u00fe\u00fdtt sem Michael, kemur nafngreindur fram \u00ed <em>K\u00f3raninum<\/em> a\u00f0eins einu sinni. \u00cd s\u00faru 2, versi 98, eru Gu\u00f0, <span class=\"iwg-fachbegriff\" data-tooltip=\"\u00cd abraham\u00edsku tr\u00faarbr\u00f6g\u00f0unum himneskur sendibo\u00f0i Gu\u00f0s.\" tabindex=\"0\">englar<\/span> hans, Gabr\u00edel (<em>Dschibril<\/em>) og Michael (<em>Mikal<\/em>) nefndir saman.<\/p><p>Versi\u00f0 stendur \u00ed samhengi umr\u00e6\u00f0u um \u00fea\u00f0 hver s\u00e9 fjandma\u00f0ur Gu\u00f0s og undirstrikar a\u00f0 fjandskapur gegn <span class=\"iwg-fachbegriff\" data-tooltip=\"\u00cd abraham\u00edsku tr\u00faarbr\u00f6g\u00f0unum himneskur sendibo\u00f0i Gu\u00f0s.\" tabindex=\"0\">englum<\/span> Gu\u00f0s jafngildi fjandskap gegn Gu\u00f0i sj\u00e1lfum. \u00deessi stutta nefning er eini beini k\u00f3ran\u00edski grundv\u00f6llurinn fyrir Mikail.<\/p><p>Miklu \u00edtarlegri er <em>hadith<\/em>-b\u00f3kmenntahef\u00f0in og sk\u00fdringarhef\u00f0in. \u00dear er Mikail eigna\u00f0 \u00e1kve\u00f0i\u00f0 hlutverk: hann er <span class=\"iwg-fachbegriff\" data-tooltip=\"\u00cd abraham\u00edsku tr\u00faarbr\u00f6g\u00f0unum himneskur sendibo\u00f0i Gu\u00f0s.\" tabindex=\"0\">engillinn<\/span> sem ber \u00e1byrg\u00f0 \u00e1 l\u00edfsvi\u00f0urv\u00e6ri sk\u00f6punarverunna, \u00e1 regni, gr\u00f3\u00f0ri og forsj\u00e1.<\/p><p>Me\u00f0an Dschibril er talinn bo\u00f0beri opinberunarins, stendur Mikail fyrir vi\u00f0hald hins efnislega heims. Sumar fr\u00e1sagnir eigna honum heri undirsettra <span class=\"iwg-fachbegriff\" data-tooltip=\"\u00cd abraham\u00edsku tr\u00faarbr\u00f6g\u00f0unum himneskur sendibo\u00f0i Gu\u00f0s.\" tabindex=\"0\">engla<\/span> sem stj\u00f3rna hverjum regndropa og hverju laufbla\u00f0i.<\/p><p>\u00cdslamsk fr\u00e6\u00f0i tengdu Mikail auk \u00feess \u00feeirri hef\u00f0 a\u00f0 hann hafi \u00e1samt Dschibril fylgt sp\u00e1manninum M\u00fahame\u00f0 \u00e1 mikilv\u00e6gum stundum \u00ed starfi hans.<\/p><p>\u00cd sk\u00fdringum vi\u00f0 s\u00faruna er auk \u00feess r\u00e6dd j\u00fa\u00f0sk forsaga versins: Samkv\u00e6mt nokkrum fr\u00e1s\u00f6gnum var versi\u00f0 sagt hafa komi\u00f0 sem svar vi\u00f0 \u00feeirri fullyr\u00f0ingu a\u00f0 Mikail v\u00e6ri tr\u00fau\u00f0um velvilja\u00f0ur en Dschibril v\u00e6ri <span class=\"iwg-fachbegriff\" data-tooltip=\"\u00cd abraham\u00edsku tr\u00faarbr\u00f6g\u00f0unum himneskur sendibo\u00f0i Gu\u00f0s.\" tabindex=\"0\">engill<\/span> \u00f3g\u00e6fu. K\u00f3raninn hafnar \u00feessari a\u00f0greiningu og setur b\u00e1\u00f0a <span class=\"iwg-fachbegriff\" data-tooltip=\"\u00cd abraham\u00edsku tr\u00faarbr\u00f6g\u00f0unum himneskur sendibo\u00f0i Gu\u00f0s.\" tabindex=\"0\">englana<\/span> jafnr\u00e9tth\u00e6fa undir hl\u00fd\u00f0ni vi\u00f0 Gu\u00f0.<\/p>\t\t\t\t\t\t\t\t<\/div>\n\t\t\t\t<\/div>\n\t\t\t\t\t<\/div>\n\t\t\t\t<\/div>\n\t\t<div class=\"elementor-element elementor-element-cp54c4455 e-flex e-con-boxed e-con e-parent\" data-id=\"cp54c4455\" data-element_type=\"container\" data-e-type=\"container\">\n\t\t\t\t\t<div class=\"e-con-inner\">\n\t\t\t\t<div class=\"elementor-element elementor-element-cpa72c371 elementor-widget elementor-widget-heading\" data-id=\"cpa72c371\" data-element_type=\"widget\" data-e-type=\"widget\" data-widget_type=\"heading.default\">\n\t\t\t\t\t<h2 class=\"elementor-heading-title elementor-size-default\">Sta\u00f0a \u00ed \u00edslamskri englafr\u00e6\u00f0i<\/h2>\t\t\t\t<\/div>\n\t\t<div class=\"elementor-element elementor-element-cpd924459 e-con-full e-flex e-con e-child\" data-id=\"cpd924459\" data-element_type=\"container\" data-e-type=\"container\">\n\t\t\t\t<div class=\"elementor-element elementor-element-cpd1c5bd3 elementor-widget elementor-widget-text-editor\" data-id=\"cpd1c5bd3\" data-element_type=\"widget\" data-e-type=\"widget\" data-widget_type=\"text-editor.default\">\n\t\t\t\t\t\t\t\t\t<p>\u00cd hinni kerfisbundnu englafr\u00e6\u00f0i \u00edslams (<em>\u02bfilm al-mal\u0101\u02beika<\/em>) telst Mikail til fj\u00f6gurra e\u00f0a fimm \u00e6\u00f0stu englanna, oft \u00e1samt Dschibril, Israfil og Israil, dau\u00f0aengilsins.<\/p><p>\u00deessi stigveldi er ekki \u00fatlistu\u00f0 \u00ed K\u00f3raninum sj\u00e1lfum, heldur var h\u00fan tekin saman af gu\u00f0fr\u00e6\u00f0ingum \u00far hadithum og sk\u00fdringarhef\u00f0. Fr\u00e6\u00f0imenn eins og al-Ghazali og s\u00ed\u00f0ar rit vins\u00e6llar heimsslitafr\u00e6\u00f0i eignu\u00f0u \u00e6\u00f0stu englunum hverjum s\u00edna kosm\u00edsku hlutverki.<\/p><p>Mikail stendur \u00ed \u00feessu kerfi fyrir forsj\u00e1 og fyrir reglubundna virkni n\u00e1tt\u00farunnar. Sumir textar tengja hann vi\u00f0 umsj\u00f3n himneskra for\u00f0ab\u00fara, \u00fea\u00f0an sem regn og f\u00e6\u00f0a koma.<\/p><p>Israfil er tengdur l\u00fa\u00f0urbl\u00e6strinum vi\u00f0 endalok t\u00edmans, Dschibril opinberuninni, Israil dau\u00f0anum. Mikail myndar \u00fear m\u00f3tv\u00e6gi: hann stendur fyrir vi\u00f0hald l\u00edfsins me\u00f0an heimurinn er til.<\/p><p>\u00deessi verkaskipting er d\u00e6mi um hvernig \u00edslamsk <span class=\"iwg-fachbegriff\" data-tooltip=\"V\u00edsindaleg l\u00e6rd\u00f3msfr\u00e6\u00f0i um Gu\u00f0 og tr\u00fa tiltekinnar tr\u00faarbrag\u00f0a.\" tabindex=\"0\">gu\u00f0fr\u00e6\u00f0i<\/span> skilur <span class=\"iwg-fachbegriff\" data-tooltip=\"\u00cd abraham\u00edsku tr\u00faarbr\u00f6g\u00f0unum himneskur sendibo\u00f0i Gu\u00f0s.\" tabindex=\"0\">engla<\/span> ekki einungis sem sendibo\u00f0a, heldur sem bur\u00f0ara\u00f0ila hlutverka innan skipulag\u00f0rar sk\u00f6punar.<\/p><p>Mikilv\u00e6gt fyrir skilning er a\u00f0 \u00edslamsk tr\u00fa skilur <span class=\"iwg-fachbegriff\" data-tooltip=\"\u00cd abraham\u00edsku tr\u00faarbr\u00f6g\u00f0unum himneskur sendibo\u00f0i Gu\u00f0s.\" tabindex=\"0\">engla<\/span> \u00ed grunninn sem verur skapa\u00f0ar \u00far lj\u00f3si, \u00e1n eigin vilja til a\u00f0 risa upp gegn Gu\u00f0i. Mikail getur \u00fev\u00ed ekki falli\u00f0 e\u00f0a gert uppreisn. Hann breytir einungis \u00ed umbo\u00f0i Gu\u00f0s. \u00d3l\u00edkt sumum \u00fej\u00f3\u00f0legum hugmyndum er hann ekki sj\u00e1lfst\u00e6tt starfandi verndarherra, heldur framkv\u00e6mdara\u00f0ili.<\/p><p>Gu\u00f0fr\u00e6\u00f0ilegar b\u00f3kmenntir a\u00f0greina \u00feessa hugmynd greinilega fr\u00e1 d\u00fdrkun: <span class=\"iwg-fachbegriff\" data-tooltip=\"\u00cd abraham\u00edsku tr\u00faarbr\u00f6g\u00f0unum himneskur sendibo\u00f0i Gu\u00f0s.\" tabindex=\"0\">Englar<\/span> eru ekki tilbe\u00f0nir, heldur vi\u00f0urkenndir sem hluti af tr\u00fa \u00e1 hinn \u00f3s\u00fdnilega heim, sem telst til tr\u00faargreina \u00edslams. Skyldar ger\u00f0ir sama flokks finnast \u00ed umhverfi <a href=\"https:\/\/iwell-guard.com\/is\/?page_id=168613\">\u00edslamskrar englatr\u00faar<\/a>.<\/p>\t\t\t\t\t\t\t\t<\/div>\n\t\t\t\t<\/div>\n\t\t\t\t\t<\/div>\n\t\t\t\t<\/div>\n\t\t<div class=\"elementor-element elementor-element-cp4d91998 e-flex e-con-boxed e-con e-parent\" data-id=\"cp4d91998\" data-element_type=\"container\" data-e-type=\"container\">\n\t\t\t\t\t<div class=\"e-con-inner\">\n\t\t\t\t<div class=\"elementor-element elementor-element-cp10e2424 elementor-widget elementor-widget-heading\" data-id=\"cp10e2424\" data-element_type=\"widget\" data-e-type=\"widget\" data-widget_type=\"heading.default\">\n\t\t\t\t\t<h2 class=\"elementor-heading-title elementor-size-default\">Michael, Mikail og hin sameiginlega abraham\u00edska hef\u00f0<\/h2>\t\t\t\t<\/div>\n\t\t<div class=\"elementor-element elementor-element-cpe03560b e-con-full e-flex e-con e-child\" data-id=\"cpe03560b\" data-element_type=\"container\" data-e-type=\"container\">\n\t\t\t\t<div class=\"elementor-element elementor-element-cpcc8af72 elementor-widget elementor-widget-text-editor\" data-id=\"cpcc8af72\" data-element_type=\"widget\" data-e-type=\"widget\" data-widget_type=\"text-editor.default\">\n\t\t\t\t\t\t\t\t\t<p>Mikail er ein af \u00feeim verum sem s\u00fdna s\u00e9rlega vel hi\u00f0 n\u00e1na samspil hinna \u00feriggja eingy\u00f0istr\u00faarbrag\u00f0a. Nafni\u00f0 er dregi\u00f0 af hebreska or\u00f0inu <em>Mikha\u02beel<\/em>, sem er skili\u00f0 sem or\u00f0r\u00e6n spurning: \u201eHver er sem Gu\u00f0?\u201c<\/p><p>\u00cd hebreskum ritum, s\u00e9rstaklega \u00ed Dan\u00edelsb\u00f3k, kemur Mikael fram sem hinn mikli fursti sem stendur v\u00f6r\u00f0 um \u00cdsraels\u00fej\u00f3\u00f0ina. \u00cd kristni var\u00f0 hann h\u00f6fu\u00f0engill og foringi himneskra hersveita, sem sigrar drekann \u00ed Opinberunarb\u00f3k J\u00f3hannesar.<\/p><p>\u00cdslam t\u00f3k upp nafni\u00f0 og grunnhugmyndina um h\u00e1ttsettan engil, en gaf honum s\u00edna eigin s\u00e9rst\u00f6ku \u00e1s\u00fdnd. Herk\u00e6nska hlutverki\u00f0 sem einkennir Mikael \u00ed kristinni mynd v\u00edkur fyrir Mikail.<\/p><p>\u00cd sta\u00f0 \u00feess kemur \u00e1byrg\u00f0 \u00e1 forsj\u00f3n og n\u00e1tt\u00faruskipan. \u00deessi tilf\u00e6rsla er tr\u00faars\u00f6gulega \u00e1hugaver\u00f0: h\u00fan s\u00fdnir a\u00f0 Abrahamstr\u00faarbr\u00f6g\u00f0in \u00ferj\u00fa bera sama nafn en m\u00f3ta veruna \u00e1 mismunandi h\u00e1tt eftir gu\u00f0fr\u00e6\u00f0ilegri \u00fe\u00f6rf.<\/p><p><span data-nosnippet>Ranns\u00f3knir \u00e1 \u00edslamskri englafr\u00e6\u00f0i, me\u00f0al annars verk Stephen Burge \u00ed <em>Angels in Islam<\/em> (2012), hafa varpa\u00f0 lj\u00f3si \u00e1 hvernig \u00edslamskir fr\u00e6\u00f0imenn t\u00f3ku upp eldri hebreskar og kristnar sagnir og felldu \u00fe\u00e6r inn \u00ed eigi\u00f0 kerfi. Burge s\u00fdnir a\u00f0 had\u00edta-s\u00f6fn um engla innihalda a\u00f0 hluta efni sem m\u00e1 rekja til sameiginlegra <span class=\"iwg-fachbegriff\" data-tooltip=\"Umbreytingart\u00edmabil milli fornaldar og mi\u00f0alda, um 3. til 7. \u00f6ld.\" tabindex=\"0\">s\u00ed\u00f0fornaldar<\/span> heimilda.<\/span><\/p><p>Mikail er \u00feannig ekki einangra\u00f0 \u00edslamskt fyrirb\u00e6ri, heldur tengipunktur langrar, deildar sagnahef\u00f0ar. Til samanbur\u00f0ar er vert a\u00f0 l\u00edta \u00e1 <a href=\"https:\/\/iwell-guard.com\/is\/?page_id=168612\">kristna h\u00f6fu\u00f0engla-hef\u00f0ina<\/a>, \u00fear sem sama vera f\u00e9kk t\u00f6luvert \u00f6\u00f0ruv\u00edsi \u00e1herslu.<\/p>\t\t\t\t\t\t\t\t<\/div>\n\t\t\t\t<\/div>\n\t\t\t\t\t<\/div>\n\t\t\t\t<\/div>\n\t\t<div class=\"elementor-element elementor-element-cpffb4dcb e-flex e-con-boxed e-con e-parent\" data-id=\"cpffb4dcb\" data-element_type=\"container\" data-e-type=\"container\">\n\t\t\t\t\t<div class=\"e-con-inner\">\n\t\t\t\t<div class=\"elementor-element elementor-element-cp457764a elementor-widget elementor-widget-heading\" data-id=\"cp457764a\" data-element_type=\"widget\" data-e-type=\"widget\" data-widget_type=\"heading.default\">\n\t\t\t\t\t<h2 class=\"elementor-heading-title elementor-size-default\">Mikail \u00ed tr\u00faari\u00f0kun, t\u00edmatali og \u00fej\u00f3\u00f0tr\u00fa<\/h2>\t\t\t\t<\/div>\n\t\t<div class=\"elementor-element elementor-element-cp2f0cc40 e-con-full e-flex e-con e-child\" data-id=\"cp2f0cc40\" data-element_type=\"container\" data-e-type=\"container\">\n\t\t\t\t<div class=\"elementor-element elementor-element-cp6a42fa7 elementor-widget elementor-widget-text-editor\" data-id=\"cp6a42fa7\" data-element_type=\"widget\" data-e-type=\"widget\" data-widget_type=\"text-editor.default\">\n\t\t\t\t\t\t\t\t\t<p>\u00de\u00f3tt \u00edsl\u00f6msk <span class=\"iwg-fachbegriff\" data-tooltip=\"V\u00edsindaleg fr\u00e6\u00f0igrein um Gu\u00f0 og tr\u00fa tiltekinna tr\u00faarbrag\u00f0a.\" tabindex=\"0\">gu\u00f0fr\u00e6\u00f0i<\/span> \u00fatiloki d\u00fdrkun engla hefur Mikail skili\u00f0 eftir sig spor \u00ed lifandi <span class=\"iwg-fachbegriff\" data-tooltip=\"Lifandi tr\u00faarleg afsta\u00f0a og i\u00f0kun einstaklings.\" tabindex=\"0\">gu\u00f0r\u00e6kni<\/span> \u00fdmissa \u00edslamskra sv\u00e6\u00f0a.<\/p><p>\u00cd hef\u00f0 b\u00e6nakva\u00f0a er hans stundum geti\u00f0 \u00feegar be\u00f0i\u00f0 er um regn e\u00f0a um l\u00edfsbj\u00f6rg, enda eru \u00feau svi\u00f0 honum eignu\u00f0. Sl\u00edkar b\u00e6nir beinast samkv\u00e6mt r\u00e9tttr\u00fana\u00f0arskilningi eing\u00f6ngu til Gu\u00f0s, en nefna \u00fe\u00f3 hlutverk Mika\u00edls til a\u00f0 setja b\u00e6nina \u00ed samhengi.<\/p><p>\u00cd sumum heimildum um tr\u00faarlegt t\u00edmatal er Mikail tengdur \u00e1kve\u00f0num n\u00f3ttum \u00fear sem <span class=\"iwg-fachbegriff\" data-tooltip=\"\u00cd abraham\u00edskum tr\u00faarbr\u00f6g\u00f0um himneskur sendibo\u00f0i Gu\u00f0s.\" tabindex=\"0\">englar<\/span> teljast s\u00e9rstaklega n\u00e1l\u00e6gir, l\u00edkt og \u00ed fr\u00e1s\u00f6gnum af <em>Lailat al-Qadr<\/em>, \u00f6rlagan\u00f3ttinni \u00ed m\u00e1nu\u00f0inum Ramadan.<\/p><p>\u00dear birtast <span class=\"iwg-fachbegriff\" data-tooltip=\"\u00cd abraham\u00edskum tr\u00faarbr\u00f6g\u00f0um himneskur sendibo\u00f0i Gu\u00f0s.\" tabindex=\"0\">englar<\/span> \u00ed st\u00f3rum h\u00f3pum, og sumar hef\u00f0ir tilnefna \u00feeim foringja. Einnig \u00ed vins\u00e6lum heimsslitab\u00f3kmenntum, sem l\u00fdsa atbur\u00f0um d\u00f3msdags, \u00e1 Mikail sinn sess vi\u00f0 hli\u00f0 hinna \u00e6\u00f0stu englanna.<\/p><p>\u00cd al\u00fe\u00fd\u00f0utr\u00fa \u00e1 sumum sv\u00e6\u00f0um, einkum \u00fear sem \u00edslamskar og eldri sta\u00f0bundnar hugmyndir m\u00e6ttust, var Mikail stundum \u00e1litinn sj\u00e1lfst\u00e6\u00f0ari verndarv\u00e6ttur en gu\u00f0fr\u00e6\u00f0in gerir r\u00e1\u00f0 fyrir. V\u00edsindaleg athugun sl\u00edkra fyrirb\u00e6ra s\u00fdnir endurtekna spennu milli l\u00e6r\u00f0rar vi\u00f0mi\u00f0unar og lifa\u00f0rar i\u00f0kunar.<\/p><p>Um Mikail m\u00e1 \u00fe\u00f3 segja a\u00f0 \u00ed \u00f6llum l\u00f6gum <span class=\"iwg-fachbegriff\" data-tooltip=\"Mi\u00f0lun \u00feekkingar og fr\u00e1sagna kynsl\u00f3\u00f0 fram af kynsl\u00f3\u00f0.\" tabindex=\"0\">munnm\u00e6lahef\u00f0ar<\/span> er hann skilinn sem hreinn \u00fej\u00f3nn Gu\u00f0s, en tign hans stafar af hlutverki hans en ekki eigin m\u00e6tti. \u00deessi h\u00f3fstilling greinir hina \u00edsl\u00f6msku mynd sk\u00fdrt fr\u00e1 \u00feeirri au\u00f0ugri go\u00f0sagnamyndun sem a\u00f0rar hef\u00f0ir hafa \u00fer\u00f3a\u00f0 um s\u00f6mu veru.<\/p>\t\t\t\t\t\t\t\t<\/div>\n\t\t\t\t<\/div>\n\t\t\t\t\t<\/div>\n\t\t\t\t<\/div>\n\t\t<div class=\"elementor-element elementor-element-36dd7469 e-flex e-con-boxed e-con e-parent\" data-id=\"36dd7469\" data-element_type=\"container\" data-e-type=\"container\">\n\t\t\t\t\t<div class=\"e-con-inner\">\n\t\t\t\t<div class=\"elementor-element elementor-element-13760ab4 elementor-widget elementor-widget-heading\" data-id=\"13760ab4\" data-element_type=\"widget\" data-e-type=\"widget\" data-widget_type=\"heading.default\">\n\t\t\t\t\t<h2 class=\"elementor-heading-title elementor-size-default\">\u00cdtarefni og tenglar<\/h2>\t\t\t\t<\/div>\n\t\t<div class=\"elementor-element elementor-element-28c87796 e-con-full e-flex e-con e-child\" data-id=\"28c87796\" data-element_type=\"container\" data-e-type=\"container\">\n\t\t\t\t<div class=\"elementor-element elementor-element-5d6538df elementor-widget elementor-widget-text-editor\" data-id=\"5d6538df\" data-element_type=\"widget\" data-e-type=\"widget\" data-widget_type=\"text-editor.default\">\n\t\t\t\t\t\t\t\t\t<ul><li><a href=\"https:\/\/iwell-guard.com\/is\/?page_id=168842\">Israfil, engill upprisunnar<\/a><\/li><\/ul>\n\t\t\t\t\t\t\t\t<\/div>\n\t\t\t\t<\/div>\n\t\t\t\t\t<\/div>\n\t\t\t\t<\/div>\n\t\t<div class=\"elementor-element elementor-element-grl4kl40 e-flex e-con-boxed e-con e-parent\" data-id=\"grl4kl40\" data-element_type=\"container\" data-e-type=\"container\">\n\t\t\t\t\t<div class=\"e-con-inner\">\n\t\t\t\t<div class=\"elementor-element elementor-element-bzsbfrmh elementor-widget elementor-widget-heading\" data-id=\"bzsbfrmh\" data-element_type=\"widget\" data-e-type=\"widget\" data-widget_type=\"heading.default\">\n\t\t\t\t\t<h2 class=\"elementor-heading-title elementor-size-default\">Fr\u00e6\u00f0irit<\/h2>\t\t\t\t<\/div>\n\t\t<div class=\"elementor-element elementor-element-2c13224a e-con-full e-flex e-con e-child\" data-id=\"2c13224a\" data-element_type=\"container\" data-e-type=\"container\">\n\t\t\t\t<div class=\"elementor-element elementor-element-0eymh9ub elementor-widget elementor-widget-text-editor\" data-id=\"0eymh9ub\" data-element_type=\"widget\" data-e-type=\"widget\" data-widget_type=\"text-editor.default\">\n\t\t\t\t\t\t\t\t\t<footer class=\"iwg-literatur\" data-nosnippet=\"true\"><ul><li><span data-nosnippet>Burge, S. M.: <em>Angels in Islam: Jalal Abualrub<\/em>. University Press of America, 1991.<\/span><\/li><li><span data-nosnippet>Seyyed, Hossein Nasr: <em>Islamic Art and Spirituality<\/em>. SUNY Press, 1987.<\/span><\/li><li><span data-nosnippet>Lawson, T. T.: <em>The Crucifixion in the Qur&#8217;an and the Classical Muslim Exegesis<\/em>. Oxford University Press, 2009.<\/span><\/li><\/ul>\n<\/footer>\t\t\t\t\t\t\t\t<\/div>\n\t\t\t\t<\/div>\n\t\t\t\t\t<\/div>\n\t\t\t\t<\/div>\n\t\t\t\t<\/div>\n\t\t","protected":false},"excerpt":{"rendered":"","protected":false},"author":3,"featured_media":1746,"parent":0,"menu_order":0,"comment_status":"closed","ping_status":"closed","template":"elementor_header_footer","meta":{"_yoast_wpseo_focuskw":"Mikail","_yoast_wpseo_title":"Mikail - veitandi f\u00e6\u00f0u og blessunar","_yoast_wpseo_metadesc":"Mikail, erkiengill \u00edslamskrar hef\u00f0ar, sta\u00f0festur skriflega um aldir: veitandi f\u00e6\u00f0u og blessunar, hj\u00e1lparhella gegn shayatin.","_yoast_wpseo_meta-robots-noindex":"","_yoast_wpseo_canonical":"","_angie_page":false,"gefaehrdungsstufe":"","wesen_kultur":"islam","wesen_klasse":"lichtwesen","footnotes":""},"categories":[],"class_list":["post-168758","page","type-page","status-publish","has-post-thumbnail","hentry"],"yoast_head":"<!-- This site is optimized with the Yoast SEO Premium plugin v27.7 (Yoast SEO v28.3) - https:\/\/yoast.com\/product\/yoast-seo-premium-wordpress\/ -->\n<title>Mikail - veitandi f\u00e6\u00f0u og blessunar<\/title>\n<meta name=\"description\" content=\"Mikail, erkiengill \u00edslamskrar hef\u00f0ar, sta\u00f0festur skriflega um aldir: veitandi f\u00e6\u00f0u og blessunar, hj\u00e1lparhella gegn shayatin.\" \/>\n<meta name=\"robots\" content=\"index, follow, max-snippet:-1, max-image-preview:large, max-video-preview:-1\" \/>\n<link rel=\"canonical\" href=\"https:\/\/iwell-guard.com\/is\/mikail\/\" \/>\n<meta property=\"og:locale\" content=\"is_IS\" \/>\n<meta property=\"og:type\" content=\"article\" \/>\n<meta property=\"og:title\" content=\"Mikail\" \/>\n<meta property=\"og:description\" content=\"Mikail, erkiengill \u00edslamskrar hef\u00f0ar, sta\u00f0festur skriflega um aldir: veitandi f\u00e6\u00f0u og blessunar, hj\u00e1lparhella gegn shayatin.\" \/>\n<meta property=\"og:url\" content=\"https:\/\/iwell-guard.com\/is\/mikail\/\" \/>\n<meta property=\"og:site_name\" content=\"iWell Guard\" \/>\n<meta property=\"article:modified_time\" content=\"2026-09-05T14:18:41+00:00\" \/>\n<meta property=\"og:image\" content=\"https:\/\/iwell-guard.com\/wp-content\/uploads\/2026\/04\/goetter_islam_mikail.webp\" \/>\n\t<meta property=\"og:image:width\" content=\"1024\" \/>\n\t<meta property=\"og:image:height\" content=\"1536\" \/>\n\t<meta property=\"og:image:type\" content=\"image\/webp\" \/>\n<meta name=\"twitter:card\" content=\"summary_large_image\" \/>\n<script type=\"application\/ld+json\" class=\"yoast-schema-graph\">{\"@context\":\"https:\\\/\\\/schema.org\",\"@graph\":[{\"@type\":\"WebPage\",\"@id\":\"https:\\\/\\\/iwell-guard.com\\\/is\\\/mikail\\\/\",\"url\":\"https:\\\/\\\/iwell-guard.com\\\/is\\\/mikail\\\/\",\"name\":\"Mikail - veitandi f\u00e6\u00f0u og blessunar\",\"isPartOf\":{\"@id\":\"https:\\\/\\\/iwell-guard.com\\\/is\\\/#website\"},\"primaryImageOfPage\":{\"@id\":\"https:\\\/\\\/iwell-guard.com\\\/is\\\/mikail\\\/#primaryimage\"},\"image\":{\"@id\":\"https:\\\/\\\/iwell-guard.com\\\/is\\\/mikail\\\/#primaryimage\"},\"thumbnailUrl\":\"https:\\\/\\\/iwell-guard.com\\\/wp-content\\\/uploads\\\/2026\\\/04\\\/goetter_islam_mikail.webp\",\"datePublished\":\"2026-09-05T14:02:45+00:00\",\"dateModified\":\"2026-09-05T14:18:41+00:00\",\"description\":\"Mikail, erkiengill \u00edslamskrar hef\u00f0ar, sta\u00f0festur skriflega um aldir: veitandi f\u00e6\u00f0u og blessunar, hj\u00e1lparhella gegn shayatin.\",\"breadcrumb\":{\"@id\":\"https:\\\/\\\/iwell-guard.com\\\/is\\\/mikail\\\/#breadcrumb\"},\"inLanguage\":\"is\",\"potentialAction\":[{\"@type\":\"ReadAction\",\"target\":[\"https:\\\/\\\/iwell-guard.com\\\/is\\\/mikail\\\/\"]}]},{\"@type\":\"ImageObject\",\"inLanguage\":\"is\",\"@id\":\"https:\\\/\\\/iwell-guard.com\\\/is\\\/mikail\\\/#primaryimage\",\"url\":\"https:\\\/\\\/iwell-guard.com\\\/wp-content\\\/uploads\\\/2026\\\/04\\\/goetter_islam_mikail.webp\",\"contentUrl\":\"https:\\\/\\\/iwell-guard.com\\\/wp-content\\\/uploads\\\/2026\\\/04\\\/goetter_islam_mikail.webp\",\"width\":1024,\"height\":1536,\"caption\":\"Gu\u00f0ir \u00far \u00edslamskri hef\u00f0.\"},{\"@type\":\"BreadcrumbList\",\"@id\":\"https:\\\/\\\/iwell-guard.com\\\/is\\\/mikail\\\/#breadcrumb\",\"itemListElement\":[{\"@type\":\"ListItem\",\"position\":1,\"name\":\"Start\",\"item\":\"https:\\\/\\\/iwell-guard.com\\\/is\\\/?page_id=168580\"},{\"@type\":\"ListItem\",\"position\":2,\"name\":\"Mikail\"}]},{\"@type\":\"WebSite\",\"@id\":\"https:\\\/\\\/iwell-guard.com\\\/is\\\/#website\",\"url\":\"https:\\\/\\\/iwell-guard.com\\\/is\\\/\",\"name\":\"iWell Guard\",\"description\":\"Schutz vor dunklen Einfl\u00fcssen\",\"publisher\":{\"@id\":\"https:\\\/\\\/iwell-guard.com\\\/is\\\/#organization\"},\"potentialAction\":[{\"@type\":\"SearchAction\",\"target\":{\"@type\":\"EntryPoint\",\"urlTemplate\":\"https:\\\/\\\/iwell-guard.com\\\/is\\\/?s={search_term_string}\"},\"query-input\":{\"@type\":\"PropertyValueSpecification\",\"valueRequired\":true,\"valueName\":\"search_term_string\"}}],\"inLanguage\":\"is\"},{\"@type\":\"Organization\",\"@id\":\"https:\\\/\\\/iwell-guard.com\\\/is\\\/#organization\",\"name\":\"Ittermann electronic GmbH\",\"url\":\"https:\\\/\\\/iwell-guard.com\\\/is\\\/\",\"logo\":{\"@type\":\"ImageObject\",\"inLanguage\":\"is\",\"@id\":\"https:\\\/\\\/iwell-guard.com\\\/is\\\/#\\\/schema\\\/logo\\\/image\\\/\",\"url\":\"https:\\\/\\\/iwell-guard.com\\\/wp-content\\\/uploads\\\/2026\\\/05\\\/Ittermann-Logo-1182x237-1.png\",\"contentUrl\":\"https:\\\/\\\/iwell-guard.com\\\/wp-content\\\/uploads\\\/2026\\\/05\\\/Ittermann-Logo-1182x237-1.png\",\"width\":1182,\"height\":237,\"caption\":\"Ittermann electronic GmbH\"},\"image\":{\"@id\":\"https:\\\/\\\/iwell-guard.com\\\/is\\\/#\\\/schema\\\/logo\\\/image\\\/\"},\"sameAs\":[\"https:\\\/\\\/pantip.com\\\/profile\\\/9367242\",\"https:\\\/\\\/micro.blog\\\/iwellguard\",\"https:\\\/\\\/www.diggerslist.com\\\/iwellguard\\\/about\",\"https:\\\/\\\/skitterphoto.com\\\/photographers\\\/2870314\\\/iwell-guard\",\"https:\\\/\\\/iwellguard.wordpress.com\\\/2026\\\/06\\\/06\\\/iwell-guard\\\/\",\"https:\\\/\\\/hub.docker.com\\\/u\\\/iwellguard\",\"https:\\\/\\\/www.pinterest.com\\\/iwellguard\\\/\",\"https:\\\/\\\/bit.ly\\\/m\\\/iwellguard\",\"https:\\\/\\\/entre-vos-mains.alsace.eu\\\/profiles\\\/iwellguard\\\/activity\",\"https:\\\/\\\/gravatar.com\\\/reallybeded8fd34\",\"https:\\\/\\\/naijamatta.com\\\/iwellguard\",\"https:\\\/\\\/www.goodreads.com\\\/iwellguard\",\"https:\\\/\\\/profile.hatena.ne.jp\\\/iwellguard\\\/\",\"https:\\\/\\\/experiment.com\\\/users\\\/iwellguard\",\"https:\\\/\\\/wakelet.com\\\/@iWellGuard82270\",\"https:\\\/\\\/www.chordie.com\\\/forum\\\/profile.php?id=2555664\",\"https:\\\/\\\/www.instapaper.com\\\/p\\\/17757966\",\"https:\\\/\\\/www.mapleprimes.com\\\/users\\\/iwellguard\",\"https:\\\/\\\/businesslistingplus.com\\\/profile\\\/iwell-guard\\\/\",\"https:\\\/\\\/telegra.ph\\\/iWell-Guard-06-06\",\"https:\\\/\\\/pbase.com\\\/iwellguard\\\/iwellguard\",\"https:\\\/\\\/b.hatena.ne.jp\\\/iwellguard\\\/20260607#bookmark-4788405196491818882\",\"https:\\\/\\\/fliphtml5.com\\\/home\\\/iwellguard\",\"https:\\\/\\\/anyflip.com\\\/homepage\\\/cmiwl#About\",\"https:\\\/\\\/transfur.com\\\/Users\\\/iwellguard\",\"http:\\\/\\\/delphi.larsbo.org\\\/user\\\/iwellguard\",\"https:\\\/\\\/jobs.lajobsportal.org\\\/profiles\\\/8380803-iwell-guard\",\"https:\\\/\\\/md.chaosdorf.de\\\/s\\\/jfbe5SBdJD\",\"https:\\\/\\\/www.lingvolive.com\\\/en-us\\\/profile\\\/9ecaeaca-ce11-4e51-9e71-01d55e2bff36\\\/translations\",\"https:\\\/\\\/www.fitday.com\\\/fitness\\\/forums\\\/members\\\/iwellguard.html\",\"https:\\\/\\\/www.mymeetbook.com\\\/iwellguard\",\"https:\\\/\\\/pxhere.com\\\/en\\\/photographer-me\\\/5040798\",\"https:\\\/\\\/disqus.com\\\/by\\\/iwellguard\\\/about\\\/\",\"https:\\\/\\\/pastelink.net\\\/hjwciqwq\",\"https:\\\/\\\/pubhtml5.com\\\/homepage\\\/scjhn\\\/\",\"https:\\\/\\\/www.bitchute.com\\\/channel\\\/2O2eOKzNqujT\",\"https:\\\/\\\/audiomack.com\\\/iwellguard\"]},{\"@type\":\"Article\",\"@id\":\"https:\\\/\\\/iwell-guard.com\\\/is\\\/mikail\\\/#article\",\"isPartOf\":{\"@id\":\"https:\\\/\\\/iwell-guard.com\\\/is\\\/mikail\\\/\"},\"author\":{\"name\":\"Ralf Ittermann\",\"@id\":\"https:\\\/\\\/iwell-guard.com\\\/is\\\/#\\\/schema\\\/person\\\/ee2a27f1cac3406c7c6fb5820cb7349f\"},\"headline\":\"Mikail\",\"datePublished\":\"2026-09-05T14:02:45+00:00\",\"dateModified\":\"2026-09-05T14:18:41+00:00\",\"mainEntityOfPage\":{\"@id\":\"https:\\\/\\\/iwell-guard.com\\\/is\\\/mikail\\\/\"},\"publisher\":{\"@id\":\"https:\\\/\\\/iwell-guard.com\\\/is\\\/#organization\"},\"image\":{\"@id\":\"https:\\\/\\\/iwell-guard.com\\\/is\\\/mikail\\\/#primaryimage\"},\"thumbnailUrl\":\"https:\\\/\\\/iwell-guard.com\\\/wp-content\\\/uploads\\\/2026\\\/04\\\/goetter_islam_mikail.webp\",\"inLanguage\":\"is\",\"description\":\"Mikail, erkiengill \u00edslamskrar hef\u00f0ar, sta\u00f0festur skriflega um aldir: veitandi f\u00e6\u00f0u og blessunar, hj\u00e1lparhella gegn shayatin.\"}]}<\/script>\n<!-- \/ Yoast SEO Premium plugin. -->","yoast_head_json":{"title":"Mikail - veitandi f\u00e6\u00f0u og blessunar","description":"Mikail, erkiengill \u00edslamskrar hef\u00f0ar, sta\u00f0festur skriflega um aldir: veitandi f\u00e6\u00f0u og blessunar, hj\u00e1lparhella gegn shayatin.","robots":{"index":"index","follow":"follow","max-snippet":"max-snippet:-1","max-image-preview":"max-image-preview:large","max-video-preview":"max-video-preview:-1"},"canonical":"https:\/\/iwell-guard.com\/is\/mikail\/","og_locale":"is_IS","og_type":"article","og_title":"Mikail","og_description":"Mikail, erkiengill \u00edslamskrar hef\u00f0ar, sta\u00f0festur skriflega um aldir: veitandi f\u00e6\u00f0u og blessunar, hj\u00e1lparhella gegn shayatin.","og_url":"https:\/\/iwell-guard.com\/is\/mikail\/","og_site_name":"iWell Guard","article_modified_time":"2026-09-05T14:18:41+00:00","og_image":[{"width":1024,"height":1536,"url":"https:\/\/iwell-guard.com\/wp-content\/uploads\/2026\/04\/goetter_islam_mikail.webp","type":"image\/webp"}],"twitter_card":"summary_large_image","schema":{"@context":"https:\/\/schema.org","@graph":[{"@type":"Article","@id":"https:\/\/iwell-guard.com\/is\/mikail\/#article","isPartOf":{"@id":"https:\/\/iwell-guard.com\/is\/mikail\/"},"author":{"name":"Ralf Ittermann","@id":"https:\/\/iwell-guard.com\/is\/#\/schema\/person\/ee2a27f1cac3406c7c6fb5820cb7349f"},"headline":"Mikail","datePublished":"2026-09-05T14:02:45+00:00","dateModified":"2026-09-05T14:18:41+00:00","mainEntityOfPage":{"@id":"https:\/\/iwell-guard.com\/is\/mikail\/"},"publisher":{"@id":"https:\/\/iwell-guard.com\/is\/#organization"},"image":{"@id":"https:\/\/iwell-guard.com\/is\/mikail\/#primaryimage"},"thumbnailUrl":"https:\/\/iwell-guard.com\/wp-content\/uploads\/2026\/04\/goetter_islam_mikail.webp","inLanguage":"is","description":"Mikail, erkiengill \u00edslamskrar hef\u00f0ar, sta\u00f0festur skriflega um aldir: veitandi f\u00e6\u00f0u og blessunar, hj\u00e1lparhella gegn shayatin."},{"@type":"WebPage","@id":"https:\/\/iwell-guard.com\/is\/mikail\/","url":"https:\/\/iwell-guard.com\/is\/mikail\/","name":"Mikail - veitandi f\u00e6\u00f0u og blessunar","isPartOf":{"@id":"https:\/\/iwell-guard.com\/is\/#website"},"primaryImageOfPage":{"@id":"https:\/\/iwell-guard.com\/is\/mikail\/#primaryimage"},"image":{"@id":"https:\/\/iwell-guard.com\/is\/mikail\/#primaryimage"},"thumbnailUrl":"https:\/\/iwell-guard.com\/wp-content\/uploads\/2026\/04\/goetter_islam_mikail.webp","datePublished":"2026-09-05T14:02:45+00:00","dateModified":"2026-09-05T14:18:41+00:00","description":"Mikail, erkiengill \u00edslamskrar hef\u00f0ar, sta\u00f0festur skriflega um aldir: veitandi f\u00e6\u00f0u og blessunar, hj\u00e1lparhella gegn shayatin.","breadcrumb":{"@id":"https:\/\/iwell-guard.com\/is\/mikail\/#breadcrumb"},"inLanguage":"is","potentialAction":[{"@type":"ReadAction","target":["https:\/\/iwell-guard.com\/is\/mikail\/"]}]},{"@type":"ImageObject","inLanguage":"is","@id":"https:\/\/iwell-guard.com\/is\/mikail\/#primaryimage","url":"https:\/\/iwell-guard.com\/wp-content\/uploads\/2026\/04\/goetter_islam_mikail.webp","contentUrl":"https:\/\/iwell-guard.com\/wp-content\/uploads\/2026\/04\/goetter_islam_mikail.webp","width":1024,"height":1536,"caption":"Gu\u00f0ir \u00far \u00edslamskri hef\u00f0."},{"@type":"BreadcrumbList","@id":"https:\/\/iwell-guard.com\/is\/mikail\/#breadcrumb","itemListElement":[{"@type":"ListItem","position":1,"name":"Start","item":"https:\/\/iwell-guard.com\/is\/?page_id=168580"},{"@type":"ListItem","position":2,"name":"Mikail"}]},{"@type":"WebSite","@id":"https:\/\/iwell-guard.com\/is\/#website","url":"https:\/\/iwell-guard.com\/is\/","name":"iWell Guard","description":"Schutz vor dunklen Einfl\u00fcssen","publisher":{"@id":"https:\/\/iwell-guard.com\/is\/#organization"},"potentialAction":[{"@type":"SearchAction","target":{"@type":"EntryPoint","urlTemplate":"https:\/\/iwell-guard.com\/is\/?s={search_term_string}"},"query-input":{"@type":"PropertyValueSpecification","valueRequired":true,"valueName":"search_term_string"}}],"inLanguage":"is"},{"@type":"Organization","@id":"https:\/\/iwell-guard.com\/is\/#organization","name":"Ittermann electronic GmbH","url":"https:\/\/iwell-guard.com\/is\/","logo":{"@type":"ImageObject","inLanguage":"is","@id":"https:\/\/iwell-guard.com\/is\/#\/schema\/logo\/image\/","url":"https:\/\/iwell-guard.com\/wp-content\/uploads\/2026\/05\/Ittermann-Logo-1182x237-1.png","contentUrl":"https:\/\/iwell-guard.com\/wp-content\/uploads\/2026\/05\/Ittermann-Logo-1182x237-1.png","width":1182,"height":237,"caption":"Ittermann electronic GmbH"},"image":{"@id":"https:\/\/iwell-guard.com\/is\/#\/schema\/logo\/image\/"},"sameAs":["https:\/\/pantip.com\/profile\/9367242","https:\/\/micro.blog\/iwellguard","https:\/\/www.diggerslist.com\/iwellguard\/about","https:\/\/skitterphoto.com\/photographers\/2870314\/iwell-guard","https:\/\/iwellguard.wordpress.com\/2026\/06\/06\/iwell-guard\/","https:\/\/hub.docker.com\/u\/iwellguard","https:\/\/www.pinterest.com\/iwellguard\/","https:\/\/bit.ly\/m\/iwellguard","https:\/\/entre-vos-mains.alsace.eu\/profiles\/iwellguard\/activity","https:\/\/gravatar.com\/reallybeded8fd34","https:\/\/naijamatta.com\/iwellguard","https:\/\/www.goodreads.com\/iwellguard","https:\/\/profile.hatena.ne.jp\/iwellguard\/","https:\/\/experiment.com\/users\/iwellguard","https:\/\/wakelet.com\/@iWellGuard82270","https:\/\/www.chordie.com\/forum\/profile.php?id=2555664","https:\/\/www.instapaper.com\/p\/17757966","https:\/\/www.mapleprimes.com\/users\/iwellguard","https:\/\/businesslistingplus.com\/profile\/iwell-guard\/","https:\/\/telegra.ph\/iWell-Guard-06-06","https:\/\/pbase.com\/iwellguard\/iwellguard","https:\/\/b.hatena.ne.jp\/iwellguard\/20260607#bookmark-4788405196491818882","https:\/\/fliphtml5.com\/home\/iwellguard","https:\/\/anyflip.com\/homepage\/cmiwl#About","https:\/\/transfur.com\/Users\/iwellguard","http:\/\/delphi.larsbo.org\/user\/iwellguard","https:\/\/jobs.lajobsportal.org\/profiles\/8380803-iwell-guard","https:\/\/md.chaosdorf.de\/s\/jfbe5SBdJD","https:\/\/www.lingvolive.com\/en-us\/profile\/9ecaeaca-ce11-4e51-9e71-01d55e2bff36\/translations","https:\/\/www.fitday.com\/fitness\/forums\/members\/iwellguard.html","https:\/\/www.mymeetbook.com\/iwellguard","https:\/\/pxhere.com\/en\/photographer-me\/5040798","https:\/\/disqus.com\/by\/iwellguard\/about\/","https:\/\/pastelink.net\/hjwciqwq","https:\/\/pubhtml5.com\/homepage\/scjhn\/","https:\/\/www.bitchute.com\/channel\/2O2eOKzNqujT","https:\/\/audiomack.com\/iwellguard"]},{"@type":"Person","@id":"https:\/\/iwell-guard.com\/is\/#\/schema\/person\/ee2a27f1cac3406c7c6fb5820cb7349f","name":"Ralf Ittermann","image":{"@type":"ImageObject","inLanguage":"is","@id":"https:\/\/secure.gravatar.com\/avatar\/073c0153e350a5005b68eb752b445fea71f6b24a26da9449ad7e155e6b446c9d?s=96&d=mm&r=g","url":"https:\/\/secure.gravatar.com\/avatar\/073c0153e350a5005b68eb752b445fea71f6b24a26da9449ad7e155e6b446c9d?s=96&d=mm&r=g","contentUrl":"https:\/\/secure.gravatar.com\/avatar\/073c0153e350a5005b68eb752b445fea71f6b24a26da9449ad7e155e6b446c9d?s=96&d=mm&r=g","caption":"Ralf Ittermann"},"givenName":"Ralf","familyName":"Ittermann","jobTitle":"Gesch\u00e4ftsf\u00fchrer und redaktioneller Verantwortlicher","url":"https:\/\/iwell-guard.com\/is\/author\/claude\/","description":"Ralf Ittermann ist Gesch\u00e4ftsf\u00fchrer der Ittermann electronic GmbH und redaktioneller Verantwortlicher des iWell-Guard-Lexikons. Er verbindet langj\u00e4hrige Erfahrung in der Pr\u00e4zisionsfertigung mit medialer Praxis und religionsgeschichtlicher Quellenarbeit.","worksFor":{"@type":"Organization","name":"Ittermann electronic GmbH","url":"https:\/\/ittermann.de\/","address":{"@type":"PostalAddress","streetAddress":"K\u00f6hlergasse 16-18","postalCode":"99842","addressLocality":"Ruhla","addressCountry":"DE"}},"knowsAbout":["Religionsgeschichte","Mythologie","Mediale Praxis","Energetische Diagnostik","Schutzpraxis","Volksglauben","Westliche Esoterik"]},{"@type":"Article","@id":"https:\/\/iwell-guard.com\/is\/mikail\/#article","isPartOf":{"@id":"https:\/\/iwell-guard.com\/is\/mikail\/"},"author":{"name":"Ralf Ittermann","@id":"https:\/\/iwell-guard.com\/is\/#\/schema\/person\/ee2a27f1cac3406c7c6fb5820cb7349f"},"headline":"Mikail","datePublished":"2026-09-05T14:02:45+00:00","dateModified":"2026-09-05T14:18:41+00:00","mainEntityOfPage":{"@id":"https:\/\/iwell-guard.com\/is\/mikail\/"},"publisher":{"@id":"https:\/\/iwell-guard.com\/is\/#organization"},"image":{"@id":"https:\/\/iwell-guard.com\/is\/mikail\/#primaryimage"},"thumbnailUrl":"https:\/\/iwell-guard.com\/wp-content\/uploads\/2026\/04\/goetter_islam_mikail.webp","inLanguage":"is","description":"Mikail, erkiengill \u00edslamskrar hef\u00f0ar, sta\u00f0festur skriflega um aldir: veitandi f\u00e6\u00f0u og blessunar, hj\u00e1lparhella gegn shayatin."}]}},"_links":{"self":[{"href":"https:\/\/iwell-guard.com\/is\/wp-json\/wp\/v2\/pages\/168758","targetHints":{"allow":["GET"]}}],"collection":[{"href":"https:\/\/iwell-guard.com\/is\/wp-json\/wp\/v2\/pages"}],"about":[{"href":"https:\/\/iwell-guard.com\/is\/wp-json\/wp\/v2\/types\/page"}],"author":[{"embeddable":true,"href":"https:\/\/iwell-guard.com\/is\/wp-json\/wp\/v2\/users\/3"}],"replies":[{"embeddable":true,"href":"https:\/\/iwell-guard.com\/is\/wp-json\/wp\/v2\/comments?post=168758"}],"version-history":[{"count":0,"href":"https:\/\/iwell-guard.com\/is\/wp-json\/wp\/v2\/pages\/168758\/revisions"}],"wp:featuredmedia":[{"embeddable":true,"href":"https:\/\/iwell-guard.com\/is\/wp-json\/wp\/v2\/media\/1746"}],"wp:attachment":[{"href":"https:\/\/iwell-guard.com\/is\/wp-json\/wp\/v2\/media?parent=168758"}],"wp:term":[{"taxonomy":"category","embeddable":true,"href":"https:\/\/iwell-guard.com\/is\/wp-json\/wp\/v2\/categories?post=168758"}],"curies":[{"name":"wp","href":"https:\/\/api.w.org\/{rel}","templated":true}]}}