{"id":168757,"date":"2026-09-05T14:02:43","date_gmt":"2026-09-05T14:02:43","guid":{"rendered":"https:\/\/iwell-guard.com\/?page_id=168757"},"modified":"2026-09-05T14:18:40","modified_gmt":"2026-09-05T14:18:40","slug":"samael","status":"publish","type":"page","link":"https:\/\/iwell-guard.com\/is\/samael\/","title":{"rendered":"Samael"},"content":{"rendered":"\t\t<div data-elementor-type=\"wp-page\" data-elementor-id=\"168757\" class=\"elementor elementor-168757 elementor-1978 elementor-bc-flex-widget\" data-elementor-post-type=\"page\">\n\t\t\t\t<div class=\"elementor-element elementor-element-10fdade e-flex e-con-boxed e-con e-parent\" data-id=\"10fdade\" data-element_type=\"container\" data-e-type=\"container\" data-settings=\"{&quot;background_background&quot;:&quot;classic&quot;}\">\n\t\t\t\t\t<div class=\"e-con-inner\">\n\t\t<div class=\"elementor-element elementor-element-herohlft0 e-flex e-con-boxed e-con e-child\" data-id=\"herohlft0\" data-element_type=\"container\" data-e-type=\"container\">\n\t\t\t\t\t<div class=\"e-con-inner\">\n\t\t<div class=\"elementor-element elementor-element-c3ceb64 e-con-full e-flex e-con e-child\" data-id=\"c3ceb64\" data-element_type=\"container\" data-e-type=\"container\">\n\t\t\t\t<div class=\"elementor-element elementor-element-96ae5e1 elementor-widget elementor-widget-heading\" data-id=\"96ae5e1\" data-element_type=\"widget\" data-e-type=\"widget\" data-widget_type=\"heading.default\">\n\t\t\t\t\t<h1 class=\"elementor-heading-title elementor-size-default\">Samael, gu\u00f0 \u00ed hef\u00f0 Judentum<\/h1>\t\t\t\t<\/div>\n\t\t\t\t<div class=\"elementor-element elementor-element-e45238a elementor-widget elementor-widget-text-editor\" data-id=\"e45238a\" data-element_type=\"widget\" data-e-type=\"widget\" data-widget_type=\"text-editor.default\">\n\t\t\t\t\t\t\t\t\t<p>Samael er erkiengill \u00ed hef\u00f0 <span class=\"iwg-fachbegriff\" data-tooltip=\"Stefna innan j\u00fadenskrar dulspeki me\u00f0 h\u00f6fu\u00f0ritum eins og Sefer Jets\u00edra og Z\u00f3har.\" tabindex=\"0\">kabbalans<\/span>, tv\u00edr\u00e6\u00f0ur m\u00e1ttur milli refsingar og verndar. Tr\u00faarfr\u00e6\u00f0ilegt v\u00e6gi hans felst \u00ed \u00fev\u00ed a\u00f0 hann birtir strangleika Gu\u00f0s (Gev\u00fara), \u00ed dimma helmingi l\u00edfsins-tr\u00e9 Sef\u00edr\u00f3tanna \u00ed <span class=\"iwg-fachbegriff\" data-tooltip=\"Tr\u00faarstefna sem leggur \u00e1herslu \u00e1 beina gu\u00f0sreynslu.\" tabindex=\"0\">dulhyggju<\/span>, og \u00ed fl\u00f3kinni <span class=\"iwg-fachbegriff\" data-tooltip=\"V\u00edsindaleg fr\u00e6\u00f0i um Gu\u00f0 og tr\u00fa tiltekinnar tr\u00faarbrag\u00f0a.\" tabindex=\"0\">gu\u00f0fr\u00e6\u00f0i<\/span> um heilaga rei\u00f0i sem andlegt verkf\u00e6ri.<\/p>\t\t\t\t\t\t\t\t<\/div>\n\t\t\t\t<\/div>\n\t\t<div class=\"elementor-element elementor-element-klsbdg01 e-con-full e-flex e-con e-parent\" data-id=\"klsbdg01\" data-element_type=\"container\" data-e-type=\"container\">\n\t\t\t\t<div class=\"elementor-element elementor-element-klshtm01 elementor-widget elementor-widget-html\" data-id=\"klshtm01\" data-element_type=\"widget\" data-e-type=\"widget\" data-widget_type=\"html.default\">\n\t\t\t\t\t<div class=\"iwg-pill-row\"><span class=\"iwg-klasse-badge\" tabindex=\"0\" data-tooltip=\"Gu\u00f0 \/ gy\u00f0ja: Pers\u00f3nuger\u00f0ur h\u00e6sti m\u00e1ttur \u00ed go\u00f0aveldi menningar, me\u00f0 sk\u00fdrum \u00e1byrg\u00f0arsvi\u00f0um, n\u00e1tt\u00faru\u00f6fl, \u00f6rl\u00f6g, str\u00ed\u00f0, frj\u00f3semi. Tilbe\u00f0inn me\u00f0 d\u00fdrkun, f\u00f3rnum og musterisstofnunum.\">Gu\u00f0<\/span><a href=\"https:\/\/iwell-guard.com\/is\/?page_id=168596\" class=\"iwg-kultur-badge\" tabindex=\"0\" data-tooltip=\"J\u00fadensk tr\u00faarhef\u00f0 fr\u00e1 Tanak til kabbala og n\u00fat\u00edmadulspeki.\">Judentum<\/a><span class=\"iwg-tradition-badge\" tabindex=\"0\" data-tooltip=\"Erkiengill, h\u00e6sta engilst\u00e9tt \u00ed j\u00fadenskri, kristinni og \u00edslamskri hef\u00f0.\">Erkiengill<\/span><\/div>\t\t\t\t<\/div>\n\t\t\t\t<\/div>\n\t\t<div class=\"elementor-element elementor-element-3f74855 e-con-full e-flex e-con e-child\" data-id=\"3f74855\" data-element_type=\"container\" data-e-type=\"container\">\n\t\t\t\t<div class=\"elementor-element elementor-element-1c30362 elementor-toc--minimized-on-tablet elementor-widget elementor-widget-table-of-contents\" data-id=\"1c30362\" data-element_type=\"widget\" data-e-type=\"widget\" data-settings=\"{&quot;exclude_headings_by_selector&quot;:[],&quot;no_headings_message&quot;:&quot;Engar undirfyrirsagnir fundust \\u00e1 \\u00feessari s\\u00ed\\u00f0u.&quot;,&quot;headings_by_tags&quot;:[&quot;h2&quot;,&quot;h3&quot;],&quot;marker_view&quot;:&quot;bullets&quot;,&quot;minimize_box&quot;:&quot;yes&quot;,&quot;icon&quot;:{&quot;value&quot;:&quot;fas fa-circle&quot;,&quot;library&quot;:&quot;fa-solid&quot;,&quot;rendered_tag&quot;:&quot;&lt;svg class=\\&quot;e-font-icon-svg e-fas-circle\\&quot; viewBox=\\&quot;0 0 512 512\\&quot; xmlns=\\&quot;http:\\\/\\\/www.w3.org\\\/2000\\\/svg\\&quot;&gt;&lt;path d=\\&quot;M256 8C119 8 8 119 8 256s111 248 248 248 248-111 248-248S393 8 256 8z\\&quot;&gt;&lt;\\\/path&gt;&lt;\\\/svg&gt;&quot;},&quot;minimized_on&quot;:&quot;tablet&quot;,&quot;hierarchical_view&quot;:&quot;yes&quot;,&quot;min_height&quot;:{&quot;unit&quot;:&quot;px&quot;,&quot;size&quot;:&quot;&quot;,&quot;sizes&quot;:[]},&quot;min_height_tablet&quot;:{&quot;unit&quot;:&quot;px&quot;,&quot;size&quot;:&quot;&quot;,&quot;sizes&quot;:[]},&quot;min_height_mobile&quot;:{&quot;unit&quot;:&quot;px&quot;,&quot;size&quot;:&quot;&quot;,&quot;sizes&quot;:[]}}\" data-widget_type=\"table-of-contents.default\">\n\t\t\t\t\t\t\t\t\t<div class=\"elementor-toc__header\">\n\t\t\t\t\t\t<h2 class=\"elementor-toc__header-title\">\n\t\t\t\tEfnisyfirlit\t\t\t<\/h2>\n\t\t\t\t\t\t\t\t\t\t<div class=\"elementor-toc__toggle-button elementor-toc__toggle-button--expand\" role=\"button\" tabindex=\"0\" aria-controls=\"elementor-toc__1c30362\" aria-expanded=\"true\" aria-label=\"Open table of contents\"><svg aria-hidden=\"true\" class=\"e-font-icon-svg e-fas-chevron-down\" viewBox=\"0 0 448 512\" xmlns=\"http:\/\/www.w3.org\/2000\/svg\"><path d=\"M207.029 381.476L12.686 187.132c-9.373-9.373-9.373-24.569 0-33.941l22.667-22.667c9.357-9.357 24.522-9.375 33.901-.04L224 284.505l154.745-154.021c9.379-9.335 24.544-9.317 33.901.04l22.667 22.667c9.373 9.373 9.373 24.569 0 33.941L240.971 381.476c-9.373 9.372-24.569 9.372-33.942 0z\"><\/path><\/svg><\/div>\n\t\t\t\t<div class=\"elementor-toc__toggle-button elementor-toc__toggle-button--collapse\" role=\"button\" tabindex=\"0\" aria-controls=\"elementor-toc__1c30362\" aria-expanded=\"true\" aria-label=\"Close table of contents\"><svg aria-hidden=\"true\" class=\"e-font-icon-svg e-fas-chevron-up\" viewBox=\"0 0 448 512\" xmlns=\"http:\/\/www.w3.org\/2000\/svg\"><path d=\"M240.971 130.524l194.343 194.343c9.373 9.373 9.373 24.569 0 33.941l-22.667 22.667c-9.357 9.357-24.522 9.375-33.901.04L224 227.495 69.255 381.516c-9.379 9.335-24.544 9.317-33.901-.04l-22.667-22.667c-9.373-9.373-9.373-24.569 0-33.941L207.03 130.525c9.372-9.373 24.568-9.373 33.941-.001z\"><\/path><\/svg><\/div>\n\t\t\t\t\t<\/div>\n\t\t\t\t<div id=\"elementor-toc__1c30362\" class=\"elementor-toc__body\">\n\t\t\t<div class=\"elementor-toc__spinner-container\">\n\t\t\t\t<svg class=\"elementor-toc__spinner eicon-animation-spin e-font-icon-svg e-eicon-loading\" aria-hidden=\"true\" viewBox=\"0 0 1000 1000\" xmlns=\"http:\/\/www.w3.org\/2000\/svg\"><path d=\"M500 975V858C696 858 858 696 858 500S696 142 500 142 142 304 142 500H25C25 237 238 25 500 25S975 237 975 500 763 975 500 975Z\"><\/path><\/svg>\t\t\t<\/div>\n\t\t<\/div>\n\t\t\t\t\t\t<\/div>\n\t\t\t\t<\/div>\n\t\t\t\t\t<\/div>\n\t\t\t\t<\/div>\n\t\t<div class=\"elementor-element elementor-element-herorght0 e-con-full e-flex e-con e-child\" data-id=\"herorght0\" data-element_type=\"container\" data-e-type=\"container\">\n\t\t\t\t<div class=\"elementor-element elementor-element-heroimg00 iwg-hero-image elementor-widget elementor-widget-image\" data-id=\"heroimg00\" data-element_type=\"widget\" data-e-type=\"widget\" data-widget_type=\"image.default\">\n\t\t\t\t\t\t\t\t\t\t\t\t\t\t\t<img fetchpriority=\"high\" decoding=\"async\" width=\"683\" height=\"1024\" src=\"https:\/\/iwell-guard.com\/wp-content\/uploads\/2026\/04\/goetter_judentum_samael-683x1024.webp\" class=\"attachment-large size-large wp-image-170953\" alt=\"Samael - Gu\u00f0ir \u00far tr\u00fa Judentum-hef\u00f0arinnar, s\u00f6guleg-myndskreytt framsetning\" srcset=\"https:\/\/iwell-guard.com\/wp-content\/uploads\/2026\/04\/goetter_judentum_samael-683x1024.webp 683w, https:\/\/iwell-guard.com\/wp-content\/uploads\/2026\/04\/goetter_judentum_samael-200x300.webp 200w, https:\/\/iwell-guard.com\/wp-content\/uploads\/2026\/04\/goetter_judentum_samael-768x1152.webp 768w, https:\/\/iwell-guard.com\/wp-content\/uploads\/2026\/04\/goetter_judentum_samael.webp 1024w\" sizes=\"(max-width: 683px) 100vw, 683px\" \/>\t\t\t\t\t\t\t\t\t\t\t\t\t\t\t<\/div>\n\t\t\t\t<\/div>\n\t\t\t\t\t<\/div>\n\t\t\t\t<\/div>\n\t\t<div class=\"elementor-element elementor-element-32917199 e-flex e-con-boxed e-con e-parent\" data-id=\"32917199\" data-element_type=\"container\" data-e-type=\"container\">\n\t\t\t\t\t<div class=\"e-con-inner\">\n\t\t<div class=\"elementor-element elementor-element-26e916cb e-flex e-con-boxed e-con e-child\" data-id=\"26e916cb\" data-element_type=\"container\" data-e-type=\"container\">\n\t\t\t\t\t<div class=\"e-con-inner\">\n\t\t<div class=\"elementor-element elementor-element-253a40d4 e-flex e-con-boxed e-con e-child\" data-id=\"253a40d4\" data-element_type=\"container\" data-e-type=\"container\">\n\t\t\t\t\t<div class=\"e-con-inner\">\n\t\t\t\t<div class=\"elementor-element elementor-element-1200c304 elementor-widget elementor-widget-heading\" data-id=\"1200c304\" data-element_type=\"widget\" data-e-type=\"widget\" data-widget_type=\"heading.default\">\n\t\t\t\t\t<h2 class=\"elementor-heading-title elementor-size-default\">Samael<\/h2>\t\t\t\t<\/div>\n\t\t\t\t<div class=\"elementor-element elementor-element-11758e7f elementor-widget elementor-widget-text-editor\" data-id=\"11758e7f\" data-element_type=\"widget\" data-e-type=\"widget\" data-widget_type=\"text-editor.default\">\n\t\t\t\t\t\t\t\t\t<p>Samael gegnir hlutverki refsiengils og stundum sem <span class=\"iwg-fachbegriff\" data-tooltip=\"Andlegur vera sem eignu\u00f0 er ska\u00f0leg e\u00f0a tv\u00edr\u00e6\u00f0 \u00e1hrif.\" tabindex=\"0\">dj\u00f6fla<\/span>fursta. Eiginleikar hans fela \u00ed s\u00e9r refsingu, rei\u00f0i, en einnig r\u00e9ttl\u00e6ti.<\/p><p>Me\u00f0al helstu go\u00f0sagna eru: t\u00e6ling Samaels \u00e1 Evu (gy\u00f0ujar\u00f0arrit, hagadoth), hlutverk hans sem \u00e1k\u00e6randi vi\u00f0 h\u00e1s\u00e6ti\u00f0 (Sohar), hin dulspekilega fer\u00f0 um Hekhaloth (Hekhaloth-b\u00f3kmenntir), og hin tv\u00edr\u00e6\u00f0a sta\u00f0a hans sem b\u00e6\u00f0i Gu\u00f0s <span class=\"iwg-fachbegriff\" data-tooltip=\"\u00cd abraham\u00edsku tr\u00faarbr\u00f6g\u00f0unum himnesk sendibo\u00f0avera Gu\u00f0s.\" tabindex=\"0\">engill<\/span> og <span class=\"iwg-fachbegriff\" data-tooltip=\"Andlegur vera sem eignu\u00f0 er ska\u00f0leg e\u00f0a tv\u00edr\u00e6\u00f0 \u00e1hrif.\" tabindex=\"0\">dj\u00f6fla<\/span>konungur (Samael sem konungur dj\u00f6flanna, Sohar I:19a).<\/p>\t\t\t\t\t\t\t\t<\/div>\n\t\t\t\t\t<\/div>\n\t\t\t\t<\/div>\n\t\t<div class=\"elementor-element elementor-element-159dcf9a e-flex e-con-boxed e-con e-child\" data-id=\"159dcf9a\" data-element_type=\"container\" data-e-type=\"container\">\n\t\t\t\t\t<div class=\"e-con-inner\">\n\t\t\t\t<div class=\"elementor-element elementor-element-48cee66f elementor-widget elementor-widget-heading\" data-id=\"48cee66f\" data-element_type=\"widget\" data-e-type=\"widget\" data-widget_type=\"heading.default\">\n\t\t\t\t\t<div class=\"elementor-heading-title elementor-size-default\">Skj\u00f3tt yfirlit: Samael<\/div>\t\t\t\t<\/div>\n\t\t\t\t<div class=\"elementor-element elementor-element-3f50d82c elementor-widget elementor-widget-text-editor\" data-id=\"3f50d82c\" data-element_type=\"widget\" data-e-type=\"widget\" data-widget_type=\"text-editor.default\">\n\t\t\t\t\t\t\t\t\t<p>Samael kemur \u00far j\u00fadenskum ap\u00f3kr\u00fdfum og kabbal\u00edskum heimildum: Sefer ha-Raz\u00edm (3. til 4. \u00f6ld), Hekhalot-ritin (5. til 6. \u00f6ld, \u00e1 hebresku), og s\u00e9rstaklega Z\u00f3har (13. \u00f6ld). Meginsv\u00e6\u00f0ing hans \u00e1 s\u00e9r sta\u00f0 \u00e1 <span class=\"iwg-fachbegriff\" data-tooltip=\"Skei\u00f0 milli fornaldar og mi\u00f0alda, um 3. til 7. \u00f6ld.\" tabindex=\"0\">s\u00ed\u00f0forn\u00f6ld<\/span> me\u00f0 \u00e1herslu \u00ed <span class=\"iwg-fachbegriff\" data-tooltip=\"Stefna innan j\u00fadenskrar dulspeki me\u00f0 h\u00f6fu\u00f0ritum eins og Sefer Jets\u00edra og Z\u00f3har.\" tabindex=\"0\">kabbalanum<\/span>. Ranns\u00f3knarsta\u00f0a (Scholem, Karppe, Wolfson) s\u00fdnir Samael sem samruna-mynd, m\u00f3tu\u00f0 af tv\u00edhyggju-gnost\u00edk og zoroastr\u00edskum \u00e1hrifum.<\/p>\t\t\t\t\t\t\t\t<\/div>\n\t\t\t\t\t<\/div>\n\t\t\t\t<\/div>\n\t\t\t\t\t<\/div>\n\t\t\t\t<\/div>\n\t\t\t\t\t<\/div>\n\t\t\t\t<\/div>\n\t\t<div class=\"elementor-element elementor-element-18613602 e-flex e-con-boxed e-con e-parent\" data-id=\"18613602\" data-element_type=\"container\" data-e-type=\"container\">\n\t\t\t\t\t<div class=\"e-con-inner\">\n\t\t\t\t<div class=\"elementor-element elementor-element-262b8a9f elementor-widget elementor-widget-heading\" data-id=\"262b8a9f\" data-element_type=\"widget\" data-e-type=\"widget\" data-widget_type=\"heading.default\">\n\t\t\t\t\t<h2 class=\"elementor-heading-title elementor-size-default\">Samhengi<\/h2>\t\t\t\t<\/div>\n\t\t<div class=\"elementor-element elementor-element-46dcb7d e-con-full e-flex e-con e-child\" data-id=\"46dcb7d\" data-element_type=\"container\" data-e-type=\"container\">\n\t\t<div class=\"elementor-element elementor-element-61d3ab3 e-flex e-con-boxed e-con e-child\" data-id=\"61d3ab3\" data-element_type=\"container\" data-e-type=\"container\">\n\t\t\t\t\t<div class=\"e-con-inner\">\n\t\t\t\t<div class=\"elementor-element elementor-element-117c166 elementor-widget elementor-widget-heading\" data-id=\"117c166\" data-element_type=\"widget\" data-e-type=\"widget\" data-widget_type=\"heading.default\">\n\t\t\t\t\t<div class=\"elementor-heading-title elementor-size-default\">T\u00edmabil textanna<\/div>\t\t\t\t<\/div>\n\t\t\t\t<div class=\"elementor-element elementor-element-73997a0 elementor-widget elementor-widget-text-editor\" data-id=\"73997a0\" data-element_type=\"widget\" data-e-type=\"widget\" data-widget_type=\"text-editor.default\">\n\t\t\t\t\t\t\t\t\t<p>Mynd Samaels m\u00e1 rekja um u.\u00fe.b. eitt og h\u00e1lft \u00e1r\u00fe\u00fasund \u00ed heimildum, fr\u00e1 umfj\u00f6llun \u00ed fyrstu ap\u00f3kalypt\u00edsku ritunum, gegnum Talm\u00fad og Midrash, allt til Z\u00f3hars og l\u00far\u00ed\u00f6nsku kabbalans. \u00c1herslur breyttust: \u00far \u00e1k\u00e6randa og dau\u00f0aengli rabb\u00ednsku ritanna var\u00f0 hann \u00ed kabbalanum fursti hinnar dj\u00f6fullegu gagnveraldar. Nafn hans birtist enn \u00ed n\u00fat\u00edma dulspeki og d\u00e6gurmenningu, a\u00f0 mestu \u00ed tengslum vi\u00f0 \u00feessi eldri l\u00f6g.<\/p>\t\t\t\t\t\t\t\t<\/div>\n\t\t\t\t\t<\/div>\n\t\t\t\t<\/div>\n\t\t<div class=\"elementor-element elementor-element-d47b156 e-flex e-con-boxed e-con e-child\" data-id=\"d47b156\" data-element_type=\"container\" data-e-type=\"container\">\n\t\t\t\t\t<div class=\"e-con-inner\">\n\t\t\t\t<div class=\"elementor-element elementor-element-ff38c2b elementor-widget elementor-widget-heading\" data-id=\"ff38c2b\" data-element_type=\"widget\" data-e-type=\"widget\" data-widget_type=\"heading.default\">\n\t\t\t\t\t<div class=\"elementor-heading-title elementor-size-default\">\u00datbrei\u00f0slusv\u00e6\u00f0i<\/div>\t\t\t\t<\/div>\n\t\t\t\t<div class=\"elementor-element elementor-element-4e49fcc elementor-widget elementor-widget-text-editor\" data-id=\"4e49fcc\" data-element_type=\"widget\" data-e-type=\"widget\" data-widget_type=\"text-editor.default\">\n\t\t\t\t\t\t\t\t\t<p>Samael var ekki bundinn \u00e1kve\u00f0nu sv\u00e6\u00f0i e\u00f0a sta\u00f0, heldur var hann \u00feekktur og tilbe\u00f0inn e\u00f0a vir\u00f0ingarfullur \u00f3tti hans var alsherjar innan alls heims Judentum. Hvort sem \u00fea\u00f0 var \u00ed st\u00f3rum borgum e\u00f0a \u00e1 ja\u00f0arsv\u00e6\u00f0um \u00ed dreifb\u00fdli, hvort sem \u00fea\u00f0 var me\u00f0al f\u00e9lagslegrar yfirst\u00e9ttar e\u00f0a almennrar al\u00fe\u00fd\u00f0u, var andleg e\u00f0a menningarleg \u00fe\u00fd\u00f0ing \u00feessarar veru vi\u00f0urkennd samfellt og alsherjarlega.<\/p><p>Samael var ekki bundinn sta\u00f0bundinni \u00fej\u00f3\u00f0tr\u00fa, heldur var hann hluti af l\u00e6r\u00f0um b\u00f3kmenntum Judentum, sem lesnar voru \u00ed \u00f6llum samf\u00e9l\u00f6gum dreifingarins. Me\u00f0 Talm\u00fad, Midrash og s\u00ed\u00f0ar Z\u00f3har b\u00e1rust hugmyndirnar um \u00e1k\u00e6randann og dau\u00f0aengilinn fr\u00e1 Bab\u00fdlon\u00edu og landinu \u00cdsrael til Sp\u00e1nar, til Provence, til \u00cdtal\u00edu og Austur-Evr\u00f3pu. \u00dev\u00ed a\u00f0 samf\u00e9l\u00f6gin studdust vi\u00f0 s\u00f6mu ritin h\u00e9lst mynd Samaels fur\u00f0u samr\u00e6md yfir langar vegalengdir.<\/p>\t\t\t\t\t\t\t\t<\/div>\n\t\t\t\t\t<\/div>\n\t\t\t\t<\/div>\n\t\t\t\t<\/div>\n\t\t<div class=\"elementor-element elementor-element-db03c39 e-con-full e-flex e-con e-child\" data-id=\"db03c39\" data-element_type=\"container\" data-e-type=\"container\">\n\t\t<div class=\"elementor-element elementor-element-229a87b e-flex e-con-boxed e-con e-child\" data-id=\"229a87b\" data-element_type=\"container\" data-e-type=\"container\">\n\t\t\t\t\t<div class=\"e-con-inner\">\n\t\t\t\t<div class=\"elementor-element elementor-element-1f471fc elementor-widget elementor-widget-heading\" data-id=\"1f471fc\" data-element_type=\"widget\" data-e-type=\"widget\" data-widget_type=\"heading.default\">\n\t\t\t\t\t<div class=\"elementor-heading-title elementor-size-default\">Heimildasta\u00f0a<\/div>\t\t\t\t<\/div>\n\t\t\t\t<div class=\"elementor-element elementor-element-36b1201 elementor-widget elementor-widget-text-editor\" data-id=\"36b1201\" data-element_type=\"widget\" data-e-type=\"widget\" data-widget_type=\"text-editor.default\">\n\t\t\t\t\t\t\t\t\t<p>Meginheimildir eru Sefer ha-Raz\u00edm (\u00e1 hebresku, 3. til 4. \u00f6ld), Hekhalot Rabbati (\u00e1 hebresku, 5. til 6. \u00f6ld), Z\u00f3har I:19a, b, 55a (\u00e1 arame\u00edsku, 13. \u00f6ld, \u00fatg\u00e1fa Isaacs Luria), og Pirke de-Rabbi El\u00edeser 13 (10. \u00f6ld).<\/p><p><span data-nosnippet>\u00cd s\u00ed\u00f0ari greiningu ranns\u00f6ku\u00f0u Scholem (Jewish Mysticism, 1941; Kabbalah, 1974), Karppe (\u00c9sot\u00e9risme et Cabale, \u00e1 fr\u00f6nsku, 1909), Wolfson (Through a Speculum That Shines, 1994) og Abrams (Kabbalistic Imaginery) samrunauppruna Samaels \u00far gnost\u00edk, zoroastrisma og j\u00fadenskri d\u00e6mon\u00f3l\u00f3g\u00edu fyrri t\u00edma.<\/span><\/p>\t\t\t\t\t\t\t\t<\/div>\n\t\t\t\t\t<\/div>\n\t\t\t\t<\/div>\n\t\t\t\t<\/div>\n\t\t\t\t\t<\/div>\n\t\t\t\t<\/div>\n\t\t<div class=\"elementor-element elementor-element-3ae0637c e-flex e-con-boxed e-con e-parent\" data-id=\"3ae0637c\" data-element_type=\"container\" data-e-type=\"container\">\n\t\t\t\t\t<div class=\"e-con-inner\">\n\t\t\t\t<div class=\"elementor-element elementor-element-31d07739 elementor-widget elementor-widget-heading\" data-id=\"31d07739\" data-element_type=\"widget\" data-e-type=\"widget\" data-widget_type=\"heading.default\">\n\t\t\t\t\t<h2 class=\"elementor-heading-title elementor-size-default\">Nafn og afbrig\u00f0i<\/h2>\t\t\t\t<\/div>\n\t\t<div class=\"elementor-element elementor-element-b7642947 e-con-full e-flex e-con e-child\" data-id=\"b7642947\" data-element_type=\"container\" data-e-type=\"container\">\n\t\t\t\t<div class=\"elementor-element elementor-element-a086266 elementor-widget elementor-widget-text-editor\" data-id=\"a086266\" data-element_type=\"widget\" data-e-type=\"widget\" data-widget_type=\"text-editor.default\">\n\t\t\t\t\t\t\t\t\t<p>Samael er s\u00fdndur \u00ed \u00fdmsum heimildum og listr\u00e6num hef\u00f0um me\u00f0 \u00e1kve\u00f0num endurteknum t\u00e1knmyndum sem haldast tilt\u00f6lulega st\u00f6\u00f0ugar yfir \u00e1ratugi og mismunandi landsv\u00e6\u00f0i. \u00deessi t\u00e1kn eru dj\u00fapt merkingarb\u00e6r og bera mikla \u00fe\u00fd\u00f0ingu; \u00feau eru engan veginn valin af tilviljun e\u00f0a til skreytingar.<\/p><p>Samael er \u00ed heimildunum l\u00fdst fremur me\u00f0 hlutverkum en myndum, \u00fev\u00ed j\u00fadenska hef\u00f0in hefur f\u00e1 myndl\u00edk framsetningarform. Einkenni hans eru emb\u00e6tti og minni: \u00e1k\u00e6randinn fyrir hinum himneska d\u00f3mi, dau\u00f0aengillinn me\u00f0 sver\u00f0i\u00f0 sem galldrepi hangir \u00e1 endanum, riddari h\u00f6ggormsins \u00ed Midrash um syndafalli\u00f0, og \u00ed kabbalanum fursti S\u00edtra Akra og f\u00e9lagi Lilith. \u00deeir sem \u00feekkja rabb\u00ednsku og kabbal\u00edsku b\u00f3kmenntirnar geta \u00fat fr\u00e1 \u00feessum eiginleikum \u00e1kvar\u00f0a\u00f0 n\u00e1kv\u00e6mlega st\u00f6\u00f0u og verksvi\u00f0 Samaels.<\/p>\t\t\t\t\t\t\t\t<\/div>\n\t\t\t\t<\/div>\n\t\t\t\t\t<\/div>\n\t\t\t\t<\/div>\n\t\t<div class=\"elementor-element elementor-element-709a44a8 e-flex e-con-boxed e-con e-parent\" data-id=\"709a44a8\" data-element_type=\"container\" data-e-type=\"container\">\n\t\t\t\t\t<div class=\"e-con-inner\">\n\t\t\t\t<div class=\"elementor-element elementor-element-2f585873 elementor-widget elementor-widget-heading\" data-id=\"2f585873\" data-element_type=\"widget\" data-e-type=\"widget\" data-widget_type=\"heading.default\">\n\t\t\t\t\t<h2 class=\"elementor-heading-title elementor-size-default\">L\u00fdsing<\/h2>\t\t\t\t<\/div>\n\t\t<div class=\"elementor-element elementor-element-70621c12 e-con-full e-flex e-con e-child\" data-id=\"70621c12\" data-element_type=\"container\" data-e-type=\"container\">\n\t\t\t\t<div class=\"elementor-element elementor-element-4296eb49 elementor-widget elementor-widget-text-editor\" data-id=\"4296eb49\" data-element_type=\"widget\" data-e-type=\"widget\" data-widget_type=\"text-editor.default\">\n\t\t\t\t\t\t\t\t\t<p>Samael var mikilv\u00e6gur \u00ed tr\u00faarlegri i\u00f0kun, daglegum ath\u00f6fnum og hversdagslegum skilningi j\u00fadaisma. F\u00f3lk sneri s\u00e9r til \u00feessarar veru \u00e1 erfi\u00f0um e\u00f0a s\u00e9rst\u00f6kum t\u00edmam\u00f3tum l\u00edfsins e\u00f0a \u00e1 tilteknum \u00e1rst\u00ed\u00f0um tengdum si\u00f0um, me\u00f0 skipul\u00f6g\u00f0um, oft fl\u00f3knum ath\u00f6fnum, b\u00e6num e\u00f0a f\u00f3rnargj\u00f6fum.<\/p><p>\u00cd hef\u00f0 J\u00fadaismans var umgengni vi\u00f0 Samael \u00ed h\u00f6ndum l\u00e6rimeistara, ekki almennrar tr\u00faari\u00f0kunar. Talm\u00fa\u00f0 og Midrash fjalla um hann innan skipulag\u00f0rar t\u00falkunarhef\u00f0ar, og kabbalistar felldu hann inn \u00ed kerfi sitt um Sitra Achra, hina hli\u00f0ina. Einnig varnarathafnir gegn dau\u00f0aengilinum, svo sem tilteknar b\u00e6nir og verndarform\u00falur, fylgdu hef\u00f0bundnum reglum og voru var\u00f0veittar og pr\u00f3fa\u00f0ar af rabb\u00ednskum yfirv\u00f6ldum.<\/p><p>A\u00f0 hef\u00f0in um Samael h\u00e9lst \u00f3slitin fr\u00e1 Talm\u00fa\u00f0 til kabbala m\u00e1 rekja til hagn\u00fdts gagns hennar fyrir kenninguna. Pers\u00f3nan \u00fej\u00f3na\u00f0i m\u00f6rgum hlutverkum: Sem \u00e1k\u00e6randi \u00fatsk\u00fdr\u00f0i h\u00fan hva\u00f0an tilraunir og freistingar koma, \u00e1n \u00feess a\u00f0 leggja \u00e1byrg\u00f0ina \u00e1 Gu\u00f0 sj\u00e1lfan. Sem dau\u00f0aengill gaf h\u00fan dau\u00f0anum nafngreinanlega mynd sem verndarb\u00e6nir m\u00e1tti beina a\u00f0. \u00cd kabbala \u00fej\u00f3na\u00f0i Samael \u00fev\u00ed hlutverki a\u00f0 hugsa hi\u00f0 illa sem s\u00e9rstakt svi\u00f0 innan sk\u00f6punarskipulagsins.<\/p>\t\t\t\t\t\t\t\t<\/div>\n\t\t\t\t<\/div>\n\t\t\t\t\t<\/div>\n\t\t\t\t<\/div>\n\t\t<div class=\"elementor-element elementor-element-44e71476 e-flex e-con-boxed e-con e-parent\" data-id=\"44e71476\" data-element_type=\"container\" data-e-type=\"container\">\n\t\t\t\t\t<div class=\"e-con-inner\">\n\t\t\t\t<div class=\"elementor-element elementor-element-3c1fc3f0 elementor-widget elementor-widget-heading\" data-id=\"3c1fc3f0\" data-element_type=\"widget\" data-e-type=\"widget\" data-widget_type=\"heading.default\">\n\t\t\t\t\t<h2 class=\"elementor-heading-title elementor-size-default\">Skr\u00e1: Samael<\/h2>\t\t\t\t<\/div>\n\t\t<div class=\"elementor-element elementor-element-84f33b8e e-con-full e-flex e-con e-child\" data-id=\"84f33b8e\" data-element_type=\"container\" data-e-type=\"container\">\n\t\t\t\t<div class=\"elementor-element elementor-element-hqkdc67p elementor-widget elementor-widget-text-editor\" data-id=\"hqkdc67p\" data-element_type=\"widget\" data-e-type=\"widget\" data-widget_type=\"text-editor.default\">\n\t\t\t\t\t\t\t\t\t<p>Skr\u00e1in fjallar um Samael \u00fat fr\u00e1 sex v\u00edddum: fl\u00f3kinn uppruna hans \u00ed gnost\u00edkisma og <span class=\"iwg-fachbegriff\" data-tooltip=\"Stefna \u00ed j\u00fad\u00edskri dulhyggju me\u00f0 a\u00f0alritum eins og Sefer Jezira og Sohar.\" tabindex=\"0\">kabbala<\/span>, markh\u00f3p hans me\u00f0al myst\u00edskra kabbalista me\u00f0 \u00e1huga \u00e1 dj\u00f6fullegri <span class=\"iwg-fachbegriff\" data-tooltip=\"Athafnir sem reyna a\u00f0 hafa \u00e1hrif \u00e1 gang atbur\u00f0a me\u00f0 s\u00e9rst\u00f6kum verkum e\u00f0a form\u00falum.\" tabindex=\"0\">t\u00f6frum<\/span>, myndr\u00e6nar birtingar hans sem hegningar-<span class=\"iwg-fachbegriff\" data-tooltip=\"\u00cd abraham\u00edskum tr\u00faarbr\u00f6g\u00f0um himneskur sendibo\u00f0i Gu\u00f0s.\" tabindex=\"0\">engils<\/span> e\u00f0a <span class=\"iwg-fachbegriff\" data-tooltip=\"Andleg vera sem eignu\u00f0 er ska\u00f0leg e\u00f0a tv\u00edbent \u00e1hrif.\" tabindex=\"0\">dj\u00f6fla<\/span>-konungs, virknislega tv\u00edr\u00e6\u00f0ni hans milli hegningar og fr\u00e6\u00f0slu, samanbur\u00f0 vi\u00f0 a\u00f0ra dj\u00f6fullega erkiengla (\u00dar\u00edel, Rag\u00fael), og \u00edhugunarlegt hlutverk hans \u00ed Hekhaloth-<span class=\"iwg-fachbegriff\" data-tooltip=\"Tr\u00faarleg stefna sem leggur \u00e1herslu \u00e1 beina upplifun af Gu\u00f0i.\" tabindex=\"0\">myst\u00edk<\/span>.<\/p>\t\t\t\t\t\t\t\t<\/div>\n\t\t\t\t<\/div>\n\t\t<div class=\"elementor-element elementor-element-pemmx7c5 e-con-full e-flex e-con e-child\" data-id=\"pemmx7c5\" data-element_type=\"container\" data-e-type=\"container\">\n\t\t<div class=\"elementor-element elementor-element-pemmx7c1 e-con-full e-flex e-con e-child\" data-id=\"pemmx7c1\" data-element_type=\"container\" data-e-type=\"container\">\n\t\t<div class=\"elementor-element elementor-element-qh9oavvu iwg-steckbrief-card e-flex e-con-boxed e-con e-child\" data-id=\"qh9oavvu\" data-element_type=\"container\" data-e-type=\"container\">\n\t\t\t\t\t<div class=\"e-con-inner\">\n\t\t\t\t<div class=\"elementor-element elementor-element-awzx8k2k elementor-widget elementor-widget-heading\" data-id=\"awzx8k2k\" data-element_type=\"widget\" data-e-type=\"widget\" data-widget_type=\"heading.default\">\n\t\t\t\t\t<div class=\"elementor-heading-title elementor-size-default\">Uppruni Samaels<\/div>\t\t\t\t<\/div>\n\t\t\t\t<div class=\"elementor-element elementor-element-x6rowhv0 elementor-widget elementor-widget-text-editor\" data-id=\"x6rowhv0\" data-element_type=\"widget\" data-e-type=\"widget\" data-widget_type=\"text-editor.default\">\n\t\t\t\t\t\t\t\t\t<p>Samael er upprunninn \u00e1 <span class=\"iwg-fachbegriff\" data-tooltip=\"Umbreytingart\u00edmabil milli fornaldar og mi\u00f0alda, um 3. til 7. \u00f6ld.\" tabindex=\"0\">s\u00ed\u00f0forn\u00f6ld<\/span> (3. 4. \u00f6ld, Sefer ha-Razim) me\u00f0 kabbal\u00edskri festingu \u00e1 13. \u00f6ld (Sohar). Landfr\u00e6\u00f0ilegur uppruni hans er \u00ed J\u00fadeu og s\u00ed\u00f0ari mi\u00f0st\u00f6\u00f0vum <span class=\"iwg-fachbegriff\" data-tooltip=\"Stefna \u00ed j\u00fad\u00edskri dulhyggju me\u00f0 a\u00f0alritum eins og Sefer Jezira og Sohar.\" tabindex=\"0\">kabbala<\/span> (Provence, Sp\u00e1ni, Safed).<\/p><p>Elsta minnst er \u00ed Sefer ha-Razim (3. 4. \u00f6ld). Gu\u00f0fr\u00e6\u00f0ileg m\u00f3tun hans sem konungs dj\u00f6flanna ver\u00f0ur fyrst til \u00ed Sohar (13. \u00f6ld), sem s\u00ed\u00f0ar \u00e1hrif gnost\u00edsk-tv\u00edhyggjulegrar hugsunar.<\/p>\t\t\t\t\t\t\t\t<\/div>\n\t\t\t\t\t<\/div>\n\t\t\t\t<\/div>\n\t\t<div class=\"elementor-element elementor-element-8e3o4kxs iwg-steckbrief-card e-flex e-con-boxed e-con e-child\" data-id=\"8e3o4kxs\" data-element_type=\"container\" data-e-type=\"container\">\n\t\t\t\t\t<div class=\"e-con-inner\">\n\t\t\t\t<div class=\"elementor-element elementor-element-08rkdgov elementor-widget elementor-widget-heading\" data-id=\"08rkdgov\" data-element_type=\"widget\" data-e-type=\"widget\" data-widget_type=\"heading.default\">\n\t\t\t\t\t<div class=\"elementor-heading-title elementor-size-default\">Markh\u00f3pur Samaels<\/div>\t\t\t\t<\/div>\n\t\t\t\t<div class=\"elementor-element elementor-element-uwjelx8s elementor-widget elementor-widget-text-editor\" data-id=\"uwjelx8s\" data-element_type=\"widget\" data-e-type=\"widget\" data-widget_type=\"text-editor.default\">\n\t\t\t\t\t\t\t\t\t<p>Samael sneri s\u00e9r fyrst og fremst a\u00f0 myst\u00edskt lengra komnum kabbalistum. Markh\u00f3purinn eru myst\u00edkerar me\u00f0 \u00e1huga \u00e1 dj\u00f6fullegum <span class=\"iwg-fachbegriff\" data-tooltip=\"Athafnir sem reyna a\u00f0 hafa \u00e1hrif \u00e1 gang atbur\u00f0a me\u00f0 s\u00e9rst\u00f6kum verkum e\u00f0a form\u00falum.\" tabindex=\"0\">t\u00f6frum<\/span>, <span class=\"iwg-fachbegriff\" data-tooltip=\"Munnlegt ath\u00e6fi sem \u00e6tla\u00f0 er a\u00f0 kalla fram e\u00f0a binda m\u00e1tt.\" tabindex=\"0\">\u00e1kalli<\/span> og gnost\u00edskri \u00feekkingu. Tilefni eru myst\u00edskar s\u00fdnir (Hekhaloth-fer\u00f0ir), yfirb\u00f3tarverk (yfirb\u00f3t sem samband vi\u00f0 Samael), t\u00f6fraathafnir (Yichudim) og \u00e1t\u00f6k vi\u00f0 innri dj\u00f6fla. <span class=\"iwg-fachbegriff\" data-tooltip=\"B\u00e6naleg e\u00f0a \u00e1k\u00f6llandi \u00e1v\u00f6rpun gu\u00f0s e\u00f0a m\u00e1ttar.\" tabindex=\"0\">\u00c1kalli\u00f0<\/span> \u00e1 s\u00e9r sta\u00f0 fremur \u00ed einkalegri <span class=\"iwg-fachbegriff\" data-tooltip=\"Tr\u00faarleg stefna sem leggur \u00e1herslu \u00e1 beina upplifun af Gu\u00f0i.\" tabindex=\"0\">myst\u00edk<\/span> en opinberri <span class=\"iwg-fachbegriff\" data-tooltip=\"Heild tr\u00faarlegra d\u00fdrkunarathafna fyrir gu\u00f0 e\u00f0a heilaga veru.\" tabindex=\"0\">d\u00fdrkun<\/span>.<\/p>\t\t\t\t\t\t\t\t<\/div>\n\t\t\t\t\t<\/div>\n\t\t\t\t<\/div>\n\t\t<div class=\"elementor-element elementor-element-jm2n74ec iwg-steckbrief-card e-flex e-con-boxed e-con e-child\" data-id=\"jm2n74ec\" data-element_type=\"container\" data-e-type=\"container\">\n\t\t\t\t\t<div class=\"e-con-inner\">\n\t\t\t\t<div class=\"elementor-element elementor-element-8vufse4c elementor-widget elementor-widget-heading\" data-id=\"8vufse4c\" data-element_type=\"widget\" data-e-type=\"widget\" data-widget_type=\"heading.default\">\n\t\t\t\t\t<div class=\"elementor-heading-title elementor-size-default\">\u00c1s\u00fdnd Samaels<\/div>\t\t\t\t<\/div>\n\t\t\t\t<div class=\"elementor-element elementor-element-mwb9u015 elementor-widget elementor-widget-text-editor\" data-id=\"mwb9u015\" data-element_type=\"widget\" data-e-type=\"widget\" data-widget_type=\"text-editor.default\">\n\t\t\t\t\t\t\t\t\t<p>Samael myndr\u00e6nt: karlkyns e\u00f0a kynlaus vera me\u00f0 svarta e\u00f0a rau\u00f0a v\u00e6ngi, alvarlegt e\u00f0a rei\u00f0ilegt andlit. Einkenni eru sver\u00f0 e\u00f0a spj\u00f3t (hegning), eldur, stundum sn\u00e1kur (t\u00e6landi hli\u00f0). \u00cd Sohar og hj\u00e1 Luria: Samael ber k\u00f3r\u00f3nu \u00far sk\u00e1linni (Qelippa, hi\u00f0 illa svi\u00f0) og er hrikaleg a\u00f0 sj\u00e1. <span class=\"iwg-fachbegriff\" data-tooltip=\"Fr\u00e6\u00f0i um myndefni og merkingu \u00feeirra.\" tabindex=\"0\">Myndfr\u00e6\u00f0in<\/span> er breytileg milli hegningar-<span class=\"iwg-fachbegriff\" data-tooltip=\"\u00cd abraham\u00edskum tr\u00faarbr\u00f6g\u00f0um himneskur sendibo\u00f0i Gu\u00f0s.\" tabindex=\"0\">engils<\/span> og <span class=\"iwg-fachbegriff\" data-tooltip=\"Andleg vera sem eignu\u00f0 er ska\u00f0leg e\u00f0a tv\u00edbent \u00e1hrif.\" tabindex=\"0\">dj\u00f6fla<\/span>-konungs.<\/p>\t\t\t\t\t\t\t\t<\/div>\n\t\t\t\t\t<\/div>\n\t\t\t\t<\/div>\n\t\t\t\t<\/div>\n\t\t<div class=\"elementor-element elementor-element-pemmx7c2 e-con-full e-flex e-con e-child\" data-id=\"pemmx7c2\" data-element_type=\"container\" data-e-type=\"container\">\n\t\t<div class=\"elementor-element elementor-element-37ss2yr6 iwg-steckbrief-card e-flex e-con-boxed e-con e-child\" data-id=\"37ss2yr6\" data-element_type=\"container\" data-e-type=\"container\">\n\t\t\t\t\t<div class=\"e-con-inner\">\n\t\t\t\t<div class=\"elementor-element elementor-element-3v0wp3wx elementor-widget elementor-widget-heading\" data-id=\"3v0wp3wx\" data-element_type=\"widget\" data-e-type=\"widget\" data-widget_type=\"heading.default\">\n\t\t\t\t\t<div class=\"elementor-heading-title elementor-size-default\">\u00c1hrif Samaels<\/div>\t\t\t\t<\/div>\n\t\t\t\t<div class=\"elementor-element elementor-element-w3247g2m elementor-widget elementor-widget-text-editor\" data-id=\"w3247g2m\" data-element_type=\"widget\" data-e-type=\"widget\" data-widget_type=\"text-editor.default\">\n\t\t\t\t\t\t\t\t\t<p><strong>Verkunarsvi\u00f0:<\/strong> Samael (\u05e1\u05de\u05d0\u05dc, \u201eeitur Gu\u00f0s&#8220;) kemur fram \u00ed rabb\u00ednskum og kabbal\u00edskum ritum sem erkiengill dau\u00f0ans, sem \u00edmynd hins hegningarsama gu\u00f0lega r\u00e9ttl\u00e6tis (Middat ha-Din) og \u00ed s\u00ed\u00f0ari t\u00falkun sem lei\u00f0togi fallinna <span class=\"iwg-fachbegriff\" data-tooltip=\"\u00cd abraham\u00edskum tr\u00faarbr\u00f6g\u00f0um himneskur sendibo\u00f0i Gu\u00f0s.\" tabindex=\"0\">engla<\/span>.<\/p><p>\u00cd <em><span class=\"iwg-fachbegriff\" data-tooltip=\"A\u00f0alrit rabb\u00ednsks j\u00fadaisma me\u00f0 \u00fatlegging \u00e1 tr\u00faarlegri hef\u00f0.\" tabindex=\"0\">Talm\u00fa\u00f0<\/span> Yerushalmi<\/em> (Sanhedrin 24a) er hann <span class=\"iwg-fachbegriff\" data-tooltip=\"Engill sem eignu\u00f0 er verndun einnar manneskju.\" tabindex=\"0\">verndarengill<\/span> Esa\u00fa, og \u00ed <em>Targum Pseudo-Jonathan<\/em> vi\u00f0 1. M\u00f3seb\u00f3k 3 kemur hann fram sem sn\u00e1kurinn \u00ed Parad\u00eds.<\/p><p><em>Sohar<\/em> (II, 35a) skipar honum sem eiginmanni Lilith og h\u00f6fu\u00f0 Sitra Achra (hinnar \u201ehli\u00f0ar&#8220;, dj\u00f6fullegs m\u00f3tp\u00f3ls vi\u00f0 heim t\u00edu sef\u00edr\u00f3tanna).<\/p><p>Verk hans felur \u00ed s\u00e9r sj\u00fakd\u00f3ma, freistingar, dau\u00f0a, hann er framkv\u00e6mdara\u00f0ili gu\u00f0legs d\u00f3ms: skipa\u00f0ur fullnustua\u00f0ili, ekki uppreisnarma\u00f0ur eins og kristni Satan. \u00cd l\u00far\u00edsku <span class=\"iwg-fachbegriff\" data-tooltip=\"Stefna \u00ed j\u00fad\u00edskri dulhyggju me\u00f0 a\u00f0alritum eins og Sefer Jezira og Sohar.\" tabindex=\"0\">kabbala<\/span> er hrun hans tengt vi\u00f0 \u201ebrot skipanna&#8220; (Schvirat ha-Kelim).<\/p>\t\t\t\t\t\t\t\t<\/div>\n\t\t\t\t\t<\/div>\n\t\t\t\t<\/div>\n\t\t<div class=\"elementor-element elementor-element-0qpjal9w iwg-steckbrief-card e-flex e-con-boxed e-con e-child\" data-id=\"0qpjal9w\" data-element_type=\"container\" data-e-type=\"container\">\n\t\t\t\t\t<div class=\"e-con-inner\">\n\t\t\t\t<div class=\"elementor-element elementor-element-6ndoih0o elementor-widget elementor-widget-heading\" data-id=\"6ndoih0o\" data-element_type=\"widget\" data-e-type=\"widget\" data-widget_type=\"heading.default\">\n\t\t\t\t\t<div class=\"elementor-heading-title elementor-size-default\">V\u00f6rn gegn Samael<\/div>\t\t\t\t<\/div>\n\t\t\t\t<div class=\"elementor-element elementor-element-6684tyh9 elementor-widget elementor-widget-text-editor\" data-id=\"6684tyh9\" data-element_type=\"widget\" data-e-type=\"widget\" data-widget_type=\"text-editor.default\">\n\t\t\t\t\t\t\t\t\t<p>Samael var talinn h\u00e6ttulegur og tv\u00edr\u00e6\u00f0ur, ekki alfari\u00f0 illur e\u00f0a g\u00f3\u00f0ur. \u00c1kallsathafnir voru f\u00e1t\u00ed\u00f0ar og \u00e1h\u00e6ttusamar. \u00cd Hekhaloth-textum voru <span class=\"iwg-fachbegriff\" data-tooltip=\"Bei\u00f0jandi e\u00f0a \u00e1kallandi \u00e1varp til gu\u00f0s e\u00f0a m\u00e1ttarvalds.\" tabindex=\"0\">\u00e1kallanir<\/span> stunda\u00f0ar undir strangri helgisi\u00f0abundinni \u00f6ryggisg\u00e6slu. Verndara\u00f0ger\u00f0ir f\u00f3lu \u00ed s\u00e9r hreinsun, \u00e1kall til Gu\u00f0s og notkun verndargripa me\u00f0 helgum n\u00f6fnum. Vir\u00f0ingin fyrir Samael birtist sem \u00f3tti og vark\u00e1rni, ekki lotning.<\/p>\t\t\t\t\t\t\t\t<\/div>\n\t\t\t\t\t<\/div>\n\t\t\t\t<\/div>\n\t\t<div class=\"elementor-element elementor-element-3lfi7x32 iwg-steckbrief-card e-flex e-con-boxed e-con e-child\" data-id=\"3lfi7x32\" data-element_type=\"container\" data-e-type=\"container\">\n\t\t\t\t\t<div class=\"e-con-inner\">\n\t\t\t\t<div class=\"elementor-element elementor-element-0kg99ga1 elementor-widget elementor-widget-heading\" data-id=\"0kg99ga1\" data-element_type=\"widget\" data-e-type=\"widget\" data-widget_type=\"heading.default\">\n\t\t\t\t\t<div class=\"elementor-heading-title elementor-size-default\">Hli\u00f0st\u00e6\u00f0ur Samaels<\/div>\t\t\t\t<\/div>\n\t\t\t\t<div class=\"elementor-element elementor-element-n0fum6kp elementor-widget elementor-widget-text-editor\" data-id=\"n0fum6kp\" data-element_type=\"widget\" data-e-type=\"widget\" data-widget_type=\"text-editor.default\">\n\t\t\t\t\t\t\t\t\t<p>Samb\u00e6rilegar verur: \u00dar\u00edel (elds<span class=\"iwg-fachbegriff\" data-tooltip=\"\u00cd abraham\u00edsku tr\u00faarbr\u00f6g\u00f0unum himnesk sendibo\u00f0avera Gu\u00f0s.\" tabindex=\"0\">engill<\/span> refsingarinnar, en ekki dj\u00f6fullegur), Rag\u00fael (heimsleg r\u00e9ttl\u00e6ti), Kam\u00fael (strangleiki Gu\u00f0s, oft samsvarandi Samael). Utan gy\u00f0ingd\u00f3ms: Ahriman (sar\u00fe\u00fastrskur andst\u00e6\u00f0ingur, tv\u00edhyggja), Azazel (<span class=\"iwg-fachbegriff\" data-tooltip=\"Andlegur vera sem eignu\u00f0 er ska\u00f0leg e\u00f0a tv\u00edr\u00e6\u00f0 \u00e1hrif.\" tabindex=\"0\">dj\u00f6fla<\/span>fursti, en ekki erkiengill). Tv\u00edr\u00e6\u00f0ni refsingar og verndar er s\u00e9rkenni Samaels.<\/p>\t\t\t\t\t\t\t\t<\/div>\n\t\t\t\t\t<\/div>\n\t\t\t\t<\/div>\n\t\t\t\t<\/div>\n\t\t\t\t<\/div>\n\t\t\t\t\t<\/div>\n\t\t\t\t<\/div>\n\t\t<div class=\"elementor-element elementor-element-7533bc7a e-flex e-con-boxed e-con e-parent\" data-id=\"7533bc7a\" data-element_type=\"container\" data-e-type=\"container\">\n\t\t\t\t\t<div class=\"e-con-inner\">\n\t\t\t\t<div class=\"elementor-element elementor-element-2447d18d elementor-widget elementor-widget-heading\" data-id=\"2447d18d\" data-element_type=\"widget\" data-e-type=\"widget\" data-widget_type=\"heading.default\">\n\t\t\t\t\t<h2 class=\"elementor-heading-title elementor-size-default\">Varnir \u00ed daglegu l\u00edfi<\/h2>\t\t\t\t<\/div>\n\t\t<div class=\"elementor-element elementor-element-d5d0260c e-con-full e-flex e-con e-child\" data-id=\"d5d0260c\" data-element_type=\"container\" data-e-type=\"container\">\n\t\t\t\t<div class=\"elementor-element elementor-element-341be2ac elementor-widget elementor-widget-text-editor\" data-id=\"341be2ac\" data-element_type=\"widget\" data-e-type=\"widget\" data-widget_type=\"text-editor.default\">\n\t\t\t\t\t\t\t\t\t<p><strong>Verndarathafnir gegn illum \u00f6flum<\/strong><\/p><p>Gy\u00f0ingleg <span class=\"iwg-fachbegriff\" data-tooltip=\"Tr\u00faarstefna sem leggur \u00e1herslu \u00e1 beina gu\u00f0sreynslu.\" tabindex=\"0\">dulspeki<\/span> kennir hef\u00f0bundi\u00f0 ekki beina lotningu Samaels, heldur v\u00f6rn gegn honum. Kv\u00f6ldi\u00f0 fyrir hv\u00edldardaginn (<em>Erev Shabbat<\/em>) er tali\u00f0 s\u00e9rstaklega vi\u00f0kv\u00e6mur t\u00edmi: a\u00f0 tendra hv\u00edldardagskertin, leggja hv\u00edtan d\u00fak \u00e1 bor\u00f0i\u00f0 og \u00fe\u00f6gnin fyrir Kiddusch eru verndara\u00f0ger\u00f0ir gegn illum \u00f6flum.<\/p><p><em>S\u00f3har<\/em> r\u00e1\u00f0leggur a\u00f0 fara me\u00f0 S\u00e1lm 91 fyrir svefn til varnar gegn \u201epl\u00e1gum n\u00e6tur&#8220;.<\/p><p><strong>\u00c1kallanir og <span class=\"iwg-fachbegriff\" data-tooltip=\"T\u00f6frabundin e\u00f0a kirkjuleg \u00fatsk\u00fafun; einnig a\u00f0 binda m\u00e1tt me\u00f0 form\u00falu.\" tabindex=\"0\">bannf\u00e6ringar<\/span>form\u00falur<\/strong><\/p><p>Handrit ashkenas\u00edskra gy\u00f0inga fr\u00e1 mi\u00f0\u00f6ldum (svo sem <em>Sefer Raziel ha-Malakh<\/em>) var\u00f0veita <span class=\"iwg-fachbegriff\" data-tooltip=\"T\u00f6frabundin e\u00f0a kirkjuleg \u00fatsk\u00fafun; einnig a\u00f0 binda m\u00e1tt me\u00f0 form\u00falu.\" tabindex=\"0\">bannf\u00e6ringar<\/span>form\u00falur gegn Samael, sem a\u00f0 mestu byggja \u00e1 <span class=\"iwg-fachbegriff\" data-tooltip=\"Bei\u00f0jandi e\u00f0a \u00e1kallandi \u00e1varp til gu\u00f0s e\u00f0a m\u00e1ttarvalds.\" tabindex=\"0\">\u00e1kalli<\/span> tetragrammatonsins og erkienglanna M\u00edkaels, Gabr\u00edels, \u00dar\u00edels og Rafaels.<\/p><p>Kabbal\u00edska <em>Pulsa de-Nura<\/em> var s\u00ed\u00f0ar a\u00f0l\u00f6gu\u00f0 til nota \u00ed helgisi\u00f0um gegn honum. Form\u00falan \u201eMi ka-El, mi ka-Adonai&#8220; (Hver er eins og Gu\u00f0?) er talin bein <span class=\"iwg-fachbegriff\" data-tooltip=\"Bei\u00f0jandi e\u00f0a \u00e1kallandi \u00e1varp til gu\u00f0s e\u00f0a m\u00e1ttarvalds.\" tabindex=\"0\">\u00e1k\u00f6lun<\/span> M\u00edkaels gegn Samael.<\/p><p><strong>Verndargripir og t\u00e1knmyndir<\/strong><\/p><p><em>Mesusa<\/em> \u00e1 dyrastafnum (5. M\u00f3s 6:9, 11:20) er hef\u00f0bundi\u00f0 t\u00falku\u00f0 sem varnarvirki gegn Samael og fylgdarli\u00f0i hans (sbr. <em>Menachot<\/em> 33b). Verndargripir me\u00f0 Dav\u00ed\u00f0sstj\u00f6rnunni (<em>Magen David<\/em>) e\u00f0a 72-stafa nafni Gu\u00f0s (Schem ha-Mephorasch) finnast \u00ed <span class=\"iwg-fachbegriff\" data-tooltip=\"Stefna innan gy\u00f0inglegrar dulspeki me\u00f0 h\u00f6fu\u00f0verkum eins og Sefer Jezira og S\u00f3har.\" tabindex=\"0\">kabbala<\/span>-fr\u00e6\u00f0um.<\/p><p>Dagleg notkun tefillin (2. M\u00f3s 13:16) telst st\u00f6\u00f0ug v\u00f6rn; \u00ed jemenskum samf\u00e9l\u00f6gum er vafningstextinn s\u00e9rstaklega talinn sn\u00faa gegn <em>Sitra Achra<\/em>.<\/p>\t\t\t\t\t\t\t\t<\/div>\n\t\t\t\t<\/div>\n\t\t\t\t\t<\/div>\n\t\t\t\t<\/div>\n\t\t<div class=\"elementor-element elementor-element-5a584676 e-flex e-con-boxed e-con e-parent\" data-id=\"5a584676\" data-element_type=\"container\" data-e-type=\"container\">\n\t\t\t\t\t<div class=\"e-con-inner\">\n\t\t\t\t<div class=\"elementor-element elementor-element-6d0757bf elementor-widget elementor-widget-heading\" data-id=\"6d0757bf\" data-element_type=\"widget\" data-e-type=\"widget\" data-widget_type=\"heading.default\">\n\t\t\t\t\t<h2 class=\"elementor-heading-title elementor-size-default\">Samael, hli\u00f0st\u00e6\u00f0ur \u00ed \u00f6\u00f0rum menningarheimum<\/h2>\t\t\t\t<\/div>\n\t\t<div class=\"elementor-element elementor-element-60563f68 e-con-full e-flex e-con e-child\" data-id=\"60563f68\" data-element_type=\"container\" data-e-type=\"container\">\n\t\t\t\t<div class=\"elementor-element elementor-element-5a93fdd6 elementor-widget elementor-widget-text-editor\" data-id=\"5a93fdd6\" data-element_type=\"widget\" data-e-type=\"widget\" data-widget_type=\"text-editor.default\">\n\t\t\t\t\t\t\t\t\t<p><p><strong>Gy\u00f0ingleg hef\u00f0:<\/strong> Samael er \u00ed samkeppni vi\u00f0 \u00dar\u00edel og Kam\u00fael (b\u00e1\u00f0ir einnig refsiengla). Munurinn er s\u00e1 a\u00f0 Samael er dj\u00f6fulger\u00f0ur, \u00e1 me\u00f0an \u00dar\u00edel og Kam\u00fael eru tv\u00edr\u00e6\u00f0ir en ekki dj\u00f6fullegir. Sohar-textarnir s\u00fdna Samael sem hina hli\u00f0 refsingarinnar, fallinn \u00ed tv\u00edhyggju. Azazel (syndaselsdj\u00f6full) er hli\u00f0st\u00e6\u00f0 vera \u00e1n erkiengilsst\u00f6\u00f0u.<\/p><p><strong>Gr\u00edsk-r\u00f3mverski heimurinn:<\/strong> Engar beinar hli\u00f0st\u00e6\u00f0ur. Fjarskylt: Hel\u00edos\/Apollon sem d\u00f3mari, e\u00f0a Erin\u00fdurnar\/Evmen\u00ed\u00f0urnar sem refsidj\u00f6flar. Dj\u00f6fullega d\u00f3mshlutverki\u00f0 tengir \u00fe\u00e6r saman. Einnig Hades (konungur undirheima) ber dj\u00f6fulleg einkenni.<\/p><p><strong>Mes\u00f3p\u00f3tam\u00eda:<\/strong> Mes\u00f3p\u00f3tam\u00edsk hli\u00f0st\u00e6\u00f0a: Nergal (str\u00ed\u00f0s- og dreps\u00f3ttargu\u00f0, r\u00edkisstj\u00f3ri undirheima, tv\u00edr\u00e6\u00f0ur). Samsetning gu\u00f0legs valds og dj\u00f6fullegs e\u00f0lis sameinar Samael og Nergal. Einnig Kingu (glundro\u00f0adj\u00f6full, andst\u00e6\u00f0ingur Marduks) hefur svipa\u00f0 dj\u00f6fullegt hlutverk.<\/p><p><strong>Indland\/As\u00eda:<\/strong> Indversk hli\u00f0st\u00e6\u00f0a: R\u00fadra (rei\u00f0igu\u00f0, tort\u00edming, en einnig vernd, hind\u00faismi). Tv\u00edr\u00e6\u00f0a e\u00f0li\u00f0 sameinar Samael og R\u00fadra. B\u00fadd\u00edsk hli\u00f0st\u00e6\u00f0a: Mahakala (dimmur verndargu\u00f0). B\u00e1\u00f0ir eru strangir og h\u00e6ttulegir, en ekki hreint dj\u00f6fullegir.<\/p>\t\t\t\t\t\t\t\t<\/div>\n\t\t\t\t<\/div>\n\t\t\t\t\t<\/div>\n\t\t\t\t<\/div>\n\t\t<div class=\"elementor-element elementor-element-cpe83adf5 e-flex e-con-boxed e-con e-parent\" data-id=\"cpe83adf5\" data-element_type=\"container\" data-e-type=\"container\">\n\t\t\t\t\t<div class=\"e-con-inner\">\n\t\t\t\t<div class=\"elementor-element elementor-element-cp4e5bfd7 elementor-widget elementor-widget-heading\" data-id=\"cp4e5bfd7\" data-element_type=\"widget\" data-e-type=\"widget\" data-widget_type=\"heading.default\">\n\t\t\t\t\t<h2 class=\"elementor-heading-title elementor-size-default\">Samael \u00ed rabb\u00ednsku b\u00f3kmenntunum og \u00ed Midrash<\/h2>\t\t\t\t<\/div>\n\t\t<div class=\"elementor-element elementor-element-cpee52509 e-con-full e-flex e-con e-child\" data-id=\"cpee52509\" data-element_type=\"container\" data-e-type=\"container\">\n\t\t\t\t<div class=\"elementor-element elementor-element-cpe3b4347 elementor-widget elementor-widget-text-editor\" data-id=\"cpe3b4347\" data-element_type=\"widget\" data-e-type=\"widget\" data-widget_type=\"text-editor.default\">\n\t\t\t\t\t\t\t\t\t<p>Samael (\u00e1 hebresku um \u00fea\u00f0 bil <em>Sammael<\/em>) er ein af mikilv\u00e6gustu dj\u00f6fullegu og englal\u00edku verum \u00ed hef\u00f0um Gy\u00f0inga. \u00cd hebresku bibl\u00edunni sj\u00e1lfri kemur hann hins vegar hvergi fyrir; \u00fea\u00f0 er fyrst \u00ed b\u00f3kmenntum eftir t\u00edma Bibl\u00edunnar sem hans er geti\u00f0. \u00cdtarleg \u00fatf\u00e6rsla \u00e1 pers\u00f3nu hans birtist \u00ed Midrash, \u00ed haggad\u00edskri <span class=\"iwg-fachbegriff\" data-tooltip=\"Yfirf\u00e6rsla \u00feekkingar og fr\u00e1sagna milli kynsl\u00f3\u00f0a.\" tabindex=\"0\">arfleif\u00f0<\/span> og \u00ed ap\u00f3kr\u00fdfum ritum fr\u00e1 \u00f6ldunum eftir Krist.<\/p><p>\u00cd \u00feessum b\u00f3kmenntum er Samael margslungin pers\u00f3na. Honum er oft l\u00fdst sem h\u00e1ttsettum <span class=\"iwg-fachbegriff\" data-tooltip=\"\u00cd tr\u00faarbr\u00f6g\u00f0um Abrahams himneskur sendibo\u00f0i Gu\u00f0s.\" tabindex=\"0\">engli<\/span>, en jafnframt sem \u00e1k\u00e6randa og andst\u00e6\u00f0ingi sem rennur saman vi\u00f0 hlutverk himnesks \u00e1k\u00e6randa, <em>Satans<\/em>.<\/p><p>\u00cd m\u00f6rgum Midrash-ritum er Samael talinn vera s\u00e1 <span class=\"iwg-fachbegriff\" data-tooltip=\"\u00cd tr\u00faarbr\u00f6g\u00f0um Abrahams himneskur sendibo\u00f0i Gu\u00f0s.\" tabindex=\"0\">engill<\/span> sem st\u00fdrir \u00ed bakgrunni fr\u00e1s\u00f6gninni um syndafalli\u00f0; ein hef\u00f0 gerir hann a\u00f0 hinum eiginlega h\u00f6fundi t\u00e6lingarinnar \u00ed Edengar\u00f0inum, sem notar h\u00f6ggorminn e\u00f0a er tengdur honum.<\/p><p>A\u00f0rir textar tengja Samael vi\u00f0 tilraunina til a\u00f0 hindra e\u00f0a koma \u00ed veg fyrir f\u00f3rn Abrahams \u00e1 \u00cdsak, e\u00f0a vi\u00f0 raunir Jobs.<\/p><p>S\u00e9rstaklega \u00feekkt <span class=\"iwg-fachbegriff\" data-tooltip=\"Yfirf\u00e6rsla \u00feekkingar og fr\u00e1sagna milli kynsl\u00f3\u00f0a.\" tabindex=\"0\">arfleif\u00f0<\/span> gerir Samael a\u00f0 dau\u00f0aenglinum, \u00feeirri veru sem tekur s\u00e1lina fr\u00e1 manninum. \u00cd \u00feessu hlutverki er hann framkv\u00e6mdara\u00f0ili innan \u00feeirrar skipulags sem Gu\u00f0 hefur sett, \u00fev\u00ed langt umfram \u00fea\u00f0 a\u00f0 vera einfaldlega illur.<\/p><p>Fr\u00e1 tr\u00faarbrag\u00f0afr\u00e6\u00f0ilegu sj\u00f3narmi\u00f0i er \u00feessi margbreytileiki einkennandi: \u00cd rabb\u00ednskri hugsun kemur Samael fram sem h\u00e6ttuleg, \u00e1k\u00e6randi, dau\u00f0ab\u00e6r vera sem er \u00fe\u00f3 \u00e1fram hluti af himnesku stigveldinu, ekki m\u00f3tgu\u00f0 andsp\u00e6nis Gu\u00f0i. Sk\u00f6rp a\u00f0greining milli <span class=\"iwg-fachbegriff\" data-tooltip=\"\u00cd tr\u00faarbr\u00f6g\u00f0um Abrahams himneskur sendibo\u00f0i Gu\u00f0s.\" tabindex=\"0\">engils<\/span> og dj\u00f6fuls, eins og s\u00ed\u00f0ari t\u00edma hugmyndir \u00feekkja, hefur h\u00e9r ekki enn \u00e1tt s\u00e9r sta\u00f0.<\/p>\t\t\t\t\t\t\t\t<\/div>\n\t\t\t\t<\/div>\n\t\t\t\t\t<\/div>\n\t\t\t\t<\/div>\n\t\t<div class=\"elementor-element elementor-element-cpcd05cd9 e-flex e-con-boxed e-con e-parent\" data-id=\"cpcd05cd9\" data-element_type=\"container\" data-e-type=\"container\">\n\t\t\t\t\t<div class=\"e-con-inner\">\n\t\t\t\t<div class=\"elementor-element elementor-element-cp59c59e6 elementor-widget elementor-widget-heading\" data-id=\"cp59c59e6\" data-element_type=\"widget\" data-e-type=\"widget\" data-widget_type=\"heading.default\">\n\t\t\t\t\t<h2 class=\"elementor-heading-title elementor-size-default\">Nafni\u00f0 og spurningin um merkingu \u00feess<\/h2>\t\t\t\t<\/div>\n\t\t<div class=\"elementor-element elementor-element-cp6a96f0f e-con-full e-flex e-con e-child\" data-id=\"cp6a96f0f\" data-element_type=\"container\" data-e-type=\"container\">\n\t\t\t\t<div class=\"elementor-element elementor-element-cpfe876ad elementor-widget elementor-widget-text-editor\" data-id=\"cpfe876ad\" data-element_type=\"widget\" data-e-type=\"widget\" data-widget_type=\"text-editor.default\">\n\t\t\t\t\t\t\t\t\t<p>Uppruni or\u00f0sins Samael hefur lengi veri\u00f0 umr\u00e6\u00f0uefni t\u00falkunar, \u00e1n \u00feess a\u00f0 fullkomlega sta\u00f0fest sk\u00fdring s\u00e9 til. Seinni hluti nafnsins, <em>-el<\/em>, er sk\u00fdr: \u00fea\u00f0 er hebreska or\u00f0i\u00f0 fyrir Gu\u00f0, sem birtist \u00ed m\u00f6rgum englan\u00f6fnum eins og M\u00edkael e\u00f0a Gabr\u00edel. \u00dea\u00f0 einkennir Samael sem veru sem upphaflega tilheyrir hinni engilegu tilverusvi\u00f0i.<\/p><p>Fyrri hluti nafnsins, <em>sam-<\/em>, er t\u00falka\u00f0ur \u00e1 mismunandi vegu. Algeng sk\u00fdring tengir hann vi\u00f0 hebreska or\u00f0i\u00f0 <em>sam<\/em>, sem \u00fe\u00fd\u00f0ir eitur; Samael v\u00e6ri \u00fe\u00e1 eitur Gu\u00f0s e\u00f0a hinn eitra\u00f0i Gu\u00f0s, sem myndi falla vel a\u00f0 hlutverki hans sem dau\u00f0aengils og t\u00e6landa.<\/p><p>\u00deessi t\u00falkun er g\u00f6mul og er sett fram \u00ed hef\u00f0inni sj\u00e1lfri. A\u00f0rar till\u00f6gur ganga \u00fat fr\u00e1 r\u00f3t me\u00f0 merkingunni blinda, \u00fear sem Samael v\u00e6ri hinn blindi Gu\u00f0s e\u00f0a s\u00e1 sem gerir blindan; \u00feessi t\u00falkun var tekin upp \u00ed kabb\u00f6lskum b\u00f3kmenntum og tengd hugmyndinni um a\u00f0 hi\u00f0 illa v\u00e6ri \u00e1kve\u00f0in tegund blekkingar.<\/p><p>Ranns\u00f3knir benda \u00e1 a\u00f0 sl\u00edkar nafnask\u00fdringar s\u00e9u oft eftirfarandi t\u00falkanir sem segja meira um skilning \u00e1 pers\u00f3nunni \u00e1 \u00e1kve\u00f0nu t\u00edmabili en um raunverulegan tungum\u00e1lalegan uppruna. \u00dea\u00f0 eina sem er \u00f6ruggt er tengingin vi\u00f0 Gu\u00f0 \u00ed endingunni.<\/p><p>\u00d3vissan um fyrra atkv\u00e6\u00f0i\u00f0 er sj\u00e1lf uppl\u00fdsandi: h\u00fan s\u00fdnir a\u00f0 jafnvel hef\u00f0 Gy\u00f0inga upplif\u00f0i nafni\u00f0 sem eitthva\u00f0 sem kref\u00f0ist t\u00falkunar og tengdi \u00fea\u00f0 vi\u00f0 \u00fe\u00e1 eiginleika Samaels sem voru mi\u00f0l\u00e6gir hverju sinni, eitur, dau\u00f0a, blekkingu.<\/p>\t\t\t\t\t\t\t\t<\/div>\n\t\t\t\t<\/div>\n\t\t\t\t\t<\/div>\n\t\t\t\t<\/div>\n\t\t<div class=\"elementor-element elementor-element-cp80c149a e-flex e-con-boxed e-con e-parent\" data-id=\"cp80c149a\" data-element_type=\"container\" data-e-type=\"container\">\n\t\t\t\t\t<div class=\"e-con-inner\">\n\t\t\t\t<div class=\"elementor-element elementor-element-cp9718754 elementor-widget elementor-widget-heading\" data-id=\"cp9718754\" data-element_type=\"widget\" data-e-type=\"widget\" data-widget_type=\"heading.default\">\n\t\t\t\t\t<h2 class=\"elementor-heading-title elementor-size-default\">Samael \u00ed Kabbala og sem eiginma\u00f0ur Lilith<\/h2>\t\t\t\t<\/div>\n\t\t<div class=\"elementor-element elementor-element-cp7a0e1a3 e-con-full e-flex e-con e-child\" data-id=\"cp7a0e1a3\" data-element_type=\"container\" data-e-type=\"container\">\n\t\t\t\t<div class=\"elementor-element elementor-element-cp194ea76 elementor-widget elementor-widget-text-editor\" data-id=\"cp194ea76\" data-element_type=\"widget\" data-e-type=\"widget\" data-widget_type=\"text-editor.default\">\n\t\t\t\t\t\t\t\t\t<p>\u00cd mi\u00f0aldalegum <span class=\"iwg-fachbegriff\" data-tooltip=\"Straumur \u00ed gy\u00f0inglegri dulspeki me\u00f0 h\u00f6fu\u00f0ritum eins og Sefer Jets\u00edra og Sohar.\" tabindex=\"0\">kabbala<\/span>, s\u00e9rstaklega \u00ed b\u00f3kmenntunum um <em>Sohar<\/em> og \u00ed s\u00ed\u00f0ari kabbal\u00edskum kerfum, f\u00e6r Samael kerfisbundna st\u00f6\u00f0u innan kenningarinnar um hi\u00f0 illa.<\/p><p>H\u00e9r er hann h\u00f6fu\u00f0 <em>Sitra Achra<\/em>, hinnar hli\u00f0arinnar, \u00fea\u00f0 er s\u00fa andgu\u00f0lega svi\u00f0 sem hugsu\u00f0 er sem dimm samsv\u00f6run vi\u00f0 heim gu\u00f0legra \u00fatgeislana. Samael stendur \u00ed \u00feessu kerfi \u00ed fararbroddi hinna \u00f3hreinu afla, l\u00edkt og \u00e1 hinni heil\u00f6gu hli\u00f0 stendur \u00e6\u00f0sti <span class=\"iwg-fachbegriff\" data-tooltip=\"\u00cd abraham\u00edsku tr\u00faarbr\u00f6g\u00f0unum himnesk sendibo\u00f0avera Gu\u00f0s.\" tabindex=\"0\">engill<\/span>.<\/p><p>N\u00e1tengd \u00feessu er hugmyndin um Samael sem eiginmann <a href=\"https:\/\/iwell-guard.com\/is\/?page_id=168607\">Lilith<\/a>. Pari\u00f0 Samael og Lilith myndar \u00ed kabbal\u00edskri <span class=\"iwg-fachbegriff\" data-tooltip=\"Heild \u00feeirra go\u00f0sagna sem var\u00f0veist hafa um gu\u00f0i tiltekinnar menningar.\" tabindex=\"0\">go\u00f0afr\u00e6\u00f0i<\/span> dimma samsv\u00f6run vi\u00f0 heilagt par og er tali\u00f0 uppspretta fleiri dj\u00f6fullegra vera.<\/p><p>Sameining \u00feeirra er t\u00falku\u00f0 sem uppspretta \u00fatbrei\u00f0slu hins illa \u00ed heiminum. \u00deessi hugmynd um par er s\u00e9rst\u00f6k kabbal\u00edsk \u00fatf\u00e6rsla sem er ekki a\u00f0 finna \u00ed eldri rabb\u00ednskum b\u00f3kmenntum.<\/p><p>V\u00edsindalega s\u00e9\u00f0 er kabbal\u00edska kenningin um Samael \u00e1hrifamiki\u00f0 d\u00e6mi um kerfisbindingu hins illa innan eingy\u00f0islegs ramma. <em>Sitra Achra<\/em> er ekki sj\u00e1lfst\u00e6\u00f0ur andgu\u00f0, heldur er h\u00fan \u00e1fram h\u00e1\u00f0 hinni gu\u00f0legu skipan og talin lokum undirsett henni. Samael birtir \u00ed \u00feessu kerfi m\u00f6guleikann \u00e1 hinu illa \u00e1n \u00feess a\u00f0 <span class=\"iwg-fachbegriff\" data-tooltip=\"Tr\u00fain \u00e1 einn einasta gu\u00f0.\" tabindex=\"0\">eingy\u00f0istr\u00fa<\/span> s\u00e9 yfirgefin.<\/p><p>S\u00ed\u00f0ari dulspekilegir og okk\u00falt\u00edskir straumar n\u00fat\u00edmans hafa losa\u00f0 Samael \u00far \u00feessu gu\u00f0fr\u00e6\u00f0ilega samhengi og gert hann a\u00f0 hluta til a\u00f0 sj\u00e1lfst\u00e6\u00f0ri veru, sem missir \u00fe\u00f3 marks af kabbal\u00edska kjarnanum um a\u00f0 hin hli\u00f0in s\u00e9 einnig hluti af einni heild sem Gu\u00f0 \u00e1kve\u00f0ur.<\/p>\t\t\t\t\t\t\t\t<\/div>\n\t\t\t\t<\/div>\n\t\t\t\t\t<\/div>\n\t\t\t\t<\/div>\n\t\t<div class=\"elementor-element elementor-element-cp69c20b3 e-flex e-con-boxed e-con e-parent\" data-id=\"cp69c20b3\" data-element_type=\"container\" data-e-type=\"container\">\n\t\t\t\t\t<div class=\"e-con-inner\">\n\t\t\t\t<div class=\"elementor-element elementor-element-cp02f3474 elementor-widget elementor-widget-heading\" data-id=\"cp02f3474\" data-element_type=\"widget\" data-e-type=\"widget\" data-widget_type=\"heading.default\">\n\t\t\t\t\t<h2 class=\"elementor-heading-title elementor-size-default\">Samael, verndarengill Esa\u00fa og R\u00f3mar<\/h2>\t\t\t\t<\/div>\n\t\t<div class=\"elementor-element elementor-element-cp6801553 e-con-full e-flex e-con e-child\" data-id=\"cp6801553\" data-element_type=\"container\" data-e-type=\"container\">\n\t\t\t\t<div class=\"elementor-element elementor-element-cpce51878 elementor-widget elementor-widget-text-editor\" data-id=\"cpce51878\" data-element_type=\"widget\" data-e-type=\"widget\" data-widget_type=\"text-editor.default\">\n\t\t\t\t\t\t\t\t\t<p>S\u00e9rstakur arfsagnastraumur tengir Samael vi\u00f0 hugmyndina um himneska verndarengla \u00fej\u00f3\u00f0anna. Samkv\u00e6mt vi\u00f0horfi sem er algengt \u00ed rabb\u00ednskum ritum hefur hver \u00fej\u00f3\u00f0 himneskan h\u00f6f\u00f0ingja e\u00f0a <span class=\"iwg-fachbegriff\" data-tooltip=\"\u00cd abraham\u00edskum tr\u00faarbr\u00f6g\u00f0um himneskur sendibo\u00f0i Gu\u00f0s.\" tabindex=\"0\">engil<\/span>, sem kemur fram fyrir hennar h\u00f6nd og talar m\u00e1li hennar. \u00cd \u00feessu samhengi ver\u00f0ur Samael himneskur h\u00f6f\u00f0ingi Esa\u00fa og \u00fear me\u00f0 R\u00f3mar.<\/p><p>\u00deessa tengingu m\u00e1 skilja \u00ed s\u00f6gulegu lj\u00f3si. \u00cd hef\u00f0 Gy\u00f0inga er Esa\u00fa talinn \u00e6ttfa\u00f0ir Ed\u00f3ms, og \u00e1 s\u00ed\u00f0bibl\u00edulegum t\u00edma var\u00f0 Ed\u00f3m a\u00f0 t\u00e1kni fyrir R\u00f3m og s\u00ed\u00f0ar fyrir kristi\u00f0 vald, \u00feannig fyrir st\u00f3rveldi\u00f0 sem gy\u00f0inga\u00fej\u00f3\u00f0in lif\u00f0i og lei\u00f0 undir.<\/p><p>Me\u00f0 \u00fev\u00ed a\u00f0 Samael, \u00e1k\u00e6randinn og andst\u00e6\u00f0ingurinn, er ger\u00f0ur a\u00f0 himneskum fulltr\u00faa \u00feessa fjandsamlega valds, f\u00e6r hin s\u00f6gulega reynsla af erlendri yfirdrottnun og \u00ferengingu kosm\u00edska t\u00falkun. Bar\u00e1ttan milli Jakobs og Esa\u00fa, milli \u00cdsraels og Ed\u00f3ms, endurspeglast \u00ed himneskum \u00e1t\u00f6kum milli <span class=\"iwg-fachbegriff\" data-tooltip=\"Engill sem talinn er vernda \u00e1kve\u00f0inn einstakling.\" tabindex=\"0\">verndarengils<\/span> \u00cdsraels og Samaels.<\/p><p>\u00deekkt aggad\u00edsk fr\u00e1s\u00f6gn t\u00falkar jafnvel n\u00e6turgl\u00edmu Jakobs vi\u00f0 \u00e1na Jabbok, sem greint er fr\u00e1 \u00ed M\u00f3seb\u00f3k, sem bar\u00e1ttu Jakobs vi\u00f0 Samael, engilfursta Esa\u00fa. V\u00edsindalega s\u00fdnir \u00feessi arfsagnastraumur hvernig dj\u00f6fulleg vera gat or\u00f0i\u00f0 bur\u00f0arberi s\u00f6gu-gu\u00f0fr\u00e6\u00f0ilegrar t\u00falkunar.<\/p><p>H\u00e9r er Samael pers\u00f3nugerving hins fjandsamlega s\u00f6gulega valds og gengur \u00feannig lengra en sem t\u00e6landinn \u00ed Edengar\u00f0inum e\u00f0a dau\u00f0aengillinn. \u00deessi samtenging dj\u00f6flafr\u00e6\u00f0i og s\u00f6gut\u00falkunar er mikilv\u00e6gt einkenni gy\u00f0inglegrar hugsunar og a\u00f0greinir Samaels-veruna fr\u00e1 einf\u00f6ldum einstaklingsbundnum t\u00e6landa.<\/p>\t\t\t\t\t\t\t\t<\/div>\n\t\t\t\t<\/div>\n\t\t\t\t\t<\/div>\n\t\t\t\t<\/div>\n\t\t<div class=\"elementor-element elementor-element-36dd7469 e-flex e-con-boxed e-con e-parent\" data-id=\"36dd7469\" data-element_type=\"container\" data-e-type=\"container\">\n\t\t\t\t\t<div class=\"e-con-inner\">\n\t\t\t\t<div class=\"elementor-element elementor-element-13760ab4 elementor-widget elementor-widget-heading\" data-id=\"13760ab4\" data-element_type=\"widget\" data-e-type=\"widget\" data-widget_type=\"heading.default\">\n\t\t\t\t\t<h2 class=\"elementor-heading-title elementor-size-default\">\u00cdtarefni og tenglar<\/h2>\t\t\t\t<\/div>\n\t\t<div class=\"elementor-element elementor-element-28c87796 e-con-full e-flex e-con e-child\" data-id=\"28c87796\" data-element_type=\"container\" data-e-type=\"container\">\n\t\t\t\t<div class=\"elementor-element elementor-element-5d6538df elementor-widget elementor-widget-text-editor\" data-id=\"5d6538df\" data-element_type=\"widget\" data-e-type=\"widget\" data-widget_type=\"text-editor.default\">\n\t\t\t\t\t\t\t\t\t<ul><li><a href=\"https:\/\/iwell-guard.com\/is\/?page_id=168607\">Lilith, eiginkona Samaels \u00ed l\u00far\u00edanskri kabbala<\/a><\/li><li><a href=\"https:\/\/iwell-guard.com\/is\/?page_id=168611\">Azazel, tengdur fallinn engill \u00ed 1. Enoksb\u00f3k<\/a><\/li><li><a href=\"https:\/\/iwell-guard.com\/is\/?page_id=168758\">M\u00edkael, h\u00f6fu\u00f0andst\u00e6\u00f0ingur Samaels \u00ed engjaskipaninni<\/a><\/li><li><a href=\"https:\/\/iwell-guard.com\/is\/?page_id=168841\">Azrael, tengdur dau\u00f0aengill \u00ed \u00edslamskri hef\u00f0<\/a><\/li><li><a href=\"https:\/\/iwell-guard.com\/is\/?page_id=168608\">Shedim, dj\u00f6fulleg sveit undir stj\u00f3rn Samaels<\/a><\/li><li><a href=\"https:\/\/iwell-guard.com\/is\/?page_id=168596\">Gy\u00f0ingd\u00f3mur, tr\u00faarlegt samhengi<\/a><\/li><\/ul>\t\t\t\t\t\t\t\t<\/div>\n\t\t\t\t<\/div>\n\t\t\t\t\t<\/div>\n\t\t\t\t<\/div>\n\t\t<div class=\"elementor-element elementor-element-grl4kl40 e-flex e-con-boxed e-con e-parent\" data-id=\"grl4kl40\" data-element_type=\"container\" data-e-type=\"container\">\n\t\t\t\t\t<div class=\"e-con-inner\">\n\t\t\t\t<div class=\"elementor-element elementor-element-bzsbfrmh elementor-widget elementor-widget-heading\" data-id=\"bzsbfrmh\" data-element_type=\"widget\" data-e-type=\"widget\" data-widget_type=\"heading.default\">\n\t\t\t\t\t<h2 class=\"elementor-heading-title elementor-size-default\">Heimildir (\u00farval)<\/h2>\t\t\t\t<\/div>\n\t\t<div class=\"elementor-element elementor-element-2c13224a e-con-full e-flex e-con e-child\" data-id=\"2c13224a\" data-element_type=\"container\" data-e-type=\"container\">\n\t\t\t\t<div class=\"elementor-element elementor-element-0eymh9ub elementor-widget elementor-widget-text-editor\" data-id=\"0eymh9ub\" data-element_type=\"widget\" data-e-type=\"widget\" data-widget_type=\"text-editor.default\">\n\t\t\t\t\t\t\t\t\t<footer class=\"iwg-literatur\" data-nosnippet=\"true\"><ul><li><span data-nosnippet>Scholem, Gershom: <em>Die j\u00fcdische <span class=\"iwg-fachbegriff\" data-tooltip=\"Tr\u00faarlegur straumur me\u00f0 \u00e1herslu \u00e1 beina Gu\u00f0sreynslu.\" tabindex=\"0\">Mystik<\/span> in ihren Hauptstr\u00f6mungen<\/em>. Suhrkamp, Frankfurt a.M. 1980.<\/span><\/li><li><span data-nosnippet>Scholem, Gershom: <em>Von der mystischen Gestalt der <span class=\"iwg-fachbegriff\" data-tooltip=\"Vera sem d\u00fdrku\u00f0 er sem gu\u00f0leg innan tr\u00faarbrag\u00f0a.\" tabindex=\"0\">Gottheit<\/span><\/em>. Suhrkamp, Frankfurt a.M. 1973.<\/span><\/li><li><span data-nosnippet>Idel, Moshe: <em>Kabbalah: New Perspectives<\/em>. Yale University Press, New Haven 1988.<\/span><\/li><li><span data-nosnippet>Mach, Michael: <em>Entwicklungsstadien des j\u00fcdischen Engelglaubens in vorrabbinischer Zeit<\/em>. Mohr Siebeck, T\u00fcbingen 1992.<\/span><\/li><li><span data-nosnippet>Davidson, Gustav: <em>A Dictionary of Angels<\/em>. The Free Press, New York 1967.<\/span><\/li><li><span data-nosnippet>Patai, Raphael: <em>The Hebrew Goddess<\/em>. Wayne State UP, Detroit 1990.<\/span><\/li><\/ul><\/footer>\t\t\t\t\t\t\t\t<\/div>\n\t\t\t\t<\/div>\n\t\t\t\t\t<\/div>\n\t\t\t\t<\/div>\n\t\t\t\t<\/div>\n\t\t","protected":false},"excerpt":{"rendered":"","protected":false},"author":3,"featured_media":1749,"parent":0,"menu_order":0,"comment_status":"closed","ping_status":"closed","template":"elementor_header_footer","meta":{"_yoast_wpseo_focuskw":"Samael","_yoast_wpseo_title":"Samael - engill milli refsingar og verndar","_yoast_wpseo_metadesc":"Samael, \u00feekktur \u00ed skrifu\u00f0um heimildum um margar aldir: erkiengill \u00ed hef\u00f0 kabbalans, milli refsingar og verndar, \u00e1k\u00e6randi vi\u00f0 h\u00e1s\u00e6ti\u00f0 \u00ed Z\u00f3har.","_yoast_wpseo_meta-robots-noindex":"","_yoast_wpseo_canonical":"","_angie_page":false,"gefaehrdungsstufe":"4","wesen_kultur":"judentum","wesen_klasse":"goetter","footnotes":""},"categories":[],"class_list":["post-168757","page","type-page","status-publish","has-post-thumbnail","hentry"],"yoast_head":"<!-- This site is optimized with the Yoast SEO Premium plugin v27.7 (Yoast SEO v28.3) - https:\/\/yoast.com\/product\/yoast-seo-premium-wordpress\/ -->\n<title>Samael - engill milli refsingar og verndar<\/title>\n<meta name=\"description\" content=\"Samael, \u00feekktur \u00ed skrifu\u00f0um heimildum um margar aldir: erkiengill \u00ed hef\u00f0 kabbalans, milli refsingar og verndar, \u00e1k\u00e6randi vi\u00f0 h\u00e1s\u00e6ti\u00f0 \u00ed Z\u00f3har.\" \/>\n<meta name=\"robots\" content=\"index, follow, max-snippet:-1, max-image-preview:large, max-video-preview:-1\" \/>\n<link rel=\"canonical\" href=\"https:\/\/iwell-guard.com\/is\/samael\/\" \/>\n<meta property=\"og:locale\" content=\"is_IS\" \/>\n<meta property=\"og:type\" content=\"article\" \/>\n<meta property=\"og:title\" content=\"Samael\" \/>\n<meta property=\"og:description\" content=\"Samael, \u00feekktur \u00ed skrifu\u00f0um heimildum um margar aldir: erkiengill \u00ed hef\u00f0 kabbalans, milli refsingar og verndar, \u00e1k\u00e6randi vi\u00f0 h\u00e1s\u00e6ti\u00f0 \u00ed Z\u00f3har.\" \/>\n<meta property=\"og:url\" content=\"https:\/\/iwell-guard.com\/is\/samael\/\" \/>\n<meta property=\"og:site_name\" content=\"iWell Guard\" \/>\n<meta property=\"article:modified_time\" content=\"2026-09-05T14:18:40+00:00\" \/>\n<meta property=\"og:image\" content=\"https:\/\/iwell-guard.com\/wp-content\/uploads\/2026\/04\/goetter_judentum_samael.webp\" \/>\n\t<meta property=\"og:image:width\" content=\"1024\" \/>\n\t<meta property=\"og:image:height\" content=\"1536\" \/>\n\t<meta property=\"og:image:type\" content=\"image\/webp\" \/>\n<meta name=\"twitter:card\" content=\"summary_large_image\" \/>\n<script type=\"application\/ld+json\" class=\"yoast-schema-graph\">{\"@context\":\"https:\\\/\\\/schema.org\",\"@graph\":[{\"@type\":\"WebPage\",\"@id\":\"https:\\\/\\\/iwell-guard.com\\\/is\\\/samael\\\/\",\"url\":\"https:\\\/\\\/iwell-guard.com\\\/is\\\/samael\\\/\",\"name\":\"Samael - engill milli refsingar og verndar\",\"isPartOf\":{\"@id\":\"https:\\\/\\\/iwell-guard.com\\\/is\\\/#website\"},\"primaryImageOfPage\":{\"@id\":\"https:\\\/\\\/iwell-guard.com\\\/is\\\/samael\\\/#primaryimage\"},\"image\":{\"@id\":\"https:\\\/\\\/iwell-guard.com\\\/is\\\/samael\\\/#primaryimage\"},\"thumbnailUrl\":\"https:\\\/\\\/iwell-guard.com\\\/wp-content\\\/uploads\\\/2026\\\/04\\\/goetter_judentum_samael.webp\",\"datePublished\":\"2026-09-05T14:02:43+00:00\",\"dateModified\":\"2026-09-05T14:18:40+00:00\",\"description\":\"Samael, \u00feekktur \u00ed skrifu\u00f0um heimildum um margar aldir: erkiengill \u00ed hef\u00f0 kabbalans, milli refsingar og verndar, \u00e1k\u00e6randi vi\u00f0 h\u00e1s\u00e6ti\u00f0 \u00ed Z\u00f3har.\",\"breadcrumb\":{\"@id\":\"https:\\\/\\\/iwell-guard.com\\\/is\\\/samael\\\/#breadcrumb\"},\"inLanguage\":\"is\",\"potentialAction\":[{\"@type\":\"ReadAction\",\"target\":[\"https:\\\/\\\/iwell-guard.com\\\/is\\\/samael\\\/\"]}]},{\"@type\":\"ImageObject\",\"inLanguage\":\"is\",\"@id\":\"https:\\\/\\\/iwell-guard.com\\\/is\\\/samael\\\/#primaryimage\",\"url\":\"https:\\\/\\\/iwell-guard.com\\\/wp-content\\\/uploads\\\/2026\\\/04\\\/goetter_judentum_samael.webp\",\"contentUrl\":\"https:\\\/\\\/iwell-guard.com\\\/wp-content\\\/uploads\\\/2026\\\/04\\\/goetter_judentum_samael.webp\",\"width\":1024,\"height\":1536,\"caption\":\"Gu\u00f0ir \u00far tr\u00fa Judentum-hef\u00f0arinnar.\"},{\"@type\":\"BreadcrumbList\",\"@id\":\"https:\\\/\\\/iwell-guard.com\\\/is\\\/samael\\\/#breadcrumb\",\"itemListElement\":[{\"@type\":\"ListItem\",\"position\":1,\"name\":\"Start\",\"item\":\"https:\\\/\\\/iwell-guard.com\\\/is\\\/?page_id=168580\"},{\"@type\":\"ListItem\",\"position\":2,\"name\":\"Samael\"}]},{\"@type\":\"WebSite\",\"@id\":\"https:\\\/\\\/iwell-guard.com\\\/is\\\/#website\",\"url\":\"https:\\\/\\\/iwell-guard.com\\\/is\\\/\",\"name\":\"iWell Guard\",\"description\":\"Schutz vor dunklen Einfl\u00fcssen\",\"publisher\":{\"@id\":\"https:\\\/\\\/iwell-guard.com\\\/is\\\/#organization\"},\"potentialAction\":[{\"@type\":\"SearchAction\",\"target\":{\"@type\":\"EntryPoint\",\"urlTemplate\":\"https:\\\/\\\/iwell-guard.com\\\/is\\\/?s={search_term_string}\"},\"query-input\":{\"@type\":\"PropertyValueSpecification\",\"valueRequired\":true,\"valueName\":\"search_term_string\"}}],\"inLanguage\":\"is\"},{\"@type\":\"Organization\",\"@id\":\"https:\\\/\\\/iwell-guard.com\\\/is\\\/#organization\",\"name\":\"Ittermann electronic GmbH\",\"url\":\"https:\\\/\\\/iwell-guard.com\\\/is\\\/\",\"logo\":{\"@type\":\"ImageObject\",\"inLanguage\":\"is\",\"@id\":\"https:\\\/\\\/iwell-guard.com\\\/is\\\/#\\\/schema\\\/logo\\\/image\\\/\",\"url\":\"https:\\\/\\\/iwell-guard.com\\\/wp-content\\\/uploads\\\/2026\\\/05\\\/Ittermann-Logo-1182x237-1.png\",\"contentUrl\":\"https:\\\/\\\/iwell-guard.com\\\/wp-content\\\/uploads\\\/2026\\\/05\\\/Ittermann-Logo-1182x237-1.png\",\"width\":1182,\"height\":237,\"caption\":\"Ittermann electronic GmbH\"},\"image\":{\"@id\":\"https:\\\/\\\/iwell-guard.com\\\/is\\\/#\\\/schema\\\/logo\\\/image\\\/\"},\"sameAs\":[\"https:\\\/\\\/pantip.com\\\/profile\\\/9367242\",\"https:\\\/\\\/micro.blog\\\/iwellguard\",\"https:\\\/\\\/www.diggerslist.com\\\/iwellguard\\\/about\",\"https:\\\/\\\/skitterphoto.com\\\/photographers\\\/2870314\\\/iwell-guard\",\"https:\\\/\\\/iwellguard.wordpress.com\\\/2026\\\/06\\\/06\\\/iwell-guard\\\/\",\"https:\\\/\\\/hub.docker.com\\\/u\\\/iwellguard\",\"https:\\\/\\\/www.pinterest.com\\\/iwellguard\\\/\",\"https:\\\/\\\/bit.ly\\\/m\\\/iwellguard\",\"https:\\\/\\\/entre-vos-mains.alsace.eu\\\/profiles\\\/iwellguard\\\/activity\",\"https:\\\/\\\/gravatar.com\\\/reallybeded8fd34\",\"https:\\\/\\\/naijamatta.com\\\/iwellguard\",\"https:\\\/\\\/www.goodreads.com\\\/iwellguard\",\"https:\\\/\\\/profile.hatena.ne.jp\\\/iwellguard\\\/\",\"https:\\\/\\\/experiment.com\\\/users\\\/iwellguard\",\"https:\\\/\\\/wakelet.com\\\/@iWellGuard82270\",\"https:\\\/\\\/www.chordie.com\\\/forum\\\/profile.php?id=2555664\",\"https:\\\/\\\/www.instapaper.com\\\/p\\\/17757966\",\"https:\\\/\\\/www.mapleprimes.com\\\/users\\\/iwellguard\",\"https:\\\/\\\/businesslistingplus.com\\\/profile\\\/iwell-guard\\\/\",\"https:\\\/\\\/telegra.ph\\\/iWell-Guard-06-06\",\"https:\\\/\\\/pbase.com\\\/iwellguard\\\/iwellguard\",\"https:\\\/\\\/b.hatena.ne.jp\\\/iwellguard\\\/20260607#bookmark-4788405196491818882\",\"https:\\\/\\\/fliphtml5.com\\\/home\\\/iwellguard\",\"https:\\\/\\\/anyflip.com\\\/homepage\\\/cmiwl#About\",\"https:\\\/\\\/transfur.com\\\/Users\\\/iwellguard\",\"http:\\\/\\\/delphi.larsbo.org\\\/user\\\/iwellguard\",\"https:\\\/\\\/jobs.lajobsportal.org\\\/profiles\\\/8380803-iwell-guard\",\"https:\\\/\\\/md.chaosdorf.de\\\/s\\\/jfbe5SBdJD\",\"https:\\\/\\\/www.lingvolive.com\\\/en-us\\\/profile\\\/9ecaeaca-ce11-4e51-9e71-01d55e2bff36\\\/translations\",\"https:\\\/\\\/www.fitday.com\\\/fitness\\\/forums\\\/members\\\/iwellguard.html\",\"https:\\\/\\\/www.mymeetbook.com\\\/iwellguard\",\"https:\\\/\\\/pxhere.com\\\/en\\\/photographer-me\\\/5040798\",\"https:\\\/\\\/disqus.com\\\/by\\\/iwellguard\\\/about\\\/\",\"https:\\\/\\\/pastelink.net\\\/hjwciqwq\",\"https:\\\/\\\/pubhtml5.com\\\/homepage\\\/scjhn\\\/\",\"https:\\\/\\\/www.bitchute.com\\\/channel\\\/2O2eOKzNqujT\",\"https:\\\/\\\/audiomack.com\\\/iwellguard\"]},{\"@type\":\"Article\",\"@id\":\"https:\\\/\\\/iwell-guard.com\\\/is\\\/samael\\\/#article\",\"isPartOf\":{\"@id\":\"https:\\\/\\\/iwell-guard.com\\\/is\\\/samael\\\/\"},\"author\":{\"name\":\"Ralf Ittermann\",\"@id\":\"https:\\\/\\\/iwell-guard.com\\\/is\\\/#\\\/schema\\\/person\\\/ee2a27f1cac3406c7c6fb5820cb7349f\"},\"headline\":\"Samael\",\"datePublished\":\"2026-09-05T14:02:43+00:00\",\"dateModified\":\"2026-09-05T14:18:40+00:00\",\"mainEntityOfPage\":{\"@id\":\"https:\\\/\\\/iwell-guard.com\\\/is\\\/samael\\\/\"},\"publisher\":{\"@id\":\"https:\\\/\\\/iwell-guard.com\\\/is\\\/#organization\"},\"image\":{\"@id\":\"https:\\\/\\\/iwell-guard.com\\\/is\\\/samael\\\/#primaryimage\"},\"thumbnailUrl\":\"https:\\\/\\\/iwell-guard.com\\\/wp-content\\\/uploads\\\/2026\\\/04\\\/goetter_judentum_samael.webp\",\"inLanguage\":\"is\",\"description\":\"Samael, \u00feekktur \u00ed skrifu\u00f0um heimildum um margar aldir: erkiengill \u00ed hef\u00f0 kabbalans, milli refsingar og verndar, \u00e1k\u00e6randi vi\u00f0 h\u00e1s\u00e6ti\u00f0 \u00ed Z\u00f3har.\"}]}<\/script>\n<!-- \/ Yoast SEO Premium plugin. -->","yoast_head_json":{"title":"Samael - engill milli refsingar og verndar","description":"Samael, \u00feekktur \u00ed skrifu\u00f0um heimildum um margar aldir: erkiengill \u00ed hef\u00f0 kabbalans, milli refsingar og verndar, \u00e1k\u00e6randi vi\u00f0 h\u00e1s\u00e6ti\u00f0 \u00ed Z\u00f3har.","robots":{"index":"index","follow":"follow","max-snippet":"max-snippet:-1","max-image-preview":"max-image-preview:large","max-video-preview":"max-video-preview:-1"},"canonical":"https:\/\/iwell-guard.com\/is\/samael\/","og_locale":"is_IS","og_type":"article","og_title":"Samael","og_description":"Samael, \u00feekktur \u00ed skrifu\u00f0um heimildum um margar aldir: erkiengill \u00ed hef\u00f0 kabbalans, milli refsingar og verndar, \u00e1k\u00e6randi vi\u00f0 h\u00e1s\u00e6ti\u00f0 \u00ed Z\u00f3har.","og_url":"https:\/\/iwell-guard.com\/is\/samael\/","og_site_name":"iWell Guard","article_modified_time":"2026-09-05T14:18:40+00:00","og_image":[{"width":1024,"height":1536,"url":"https:\/\/iwell-guard.com\/wp-content\/uploads\/2026\/04\/goetter_judentum_samael.webp","type":"image\/webp"}],"twitter_card":"summary_large_image","schema":{"@context":"https:\/\/schema.org","@graph":[{"@type":"Article","@id":"https:\/\/iwell-guard.com\/is\/samael\/#article","isPartOf":{"@id":"https:\/\/iwell-guard.com\/is\/samael\/"},"author":{"name":"Ralf Ittermann","@id":"https:\/\/iwell-guard.com\/is\/#\/schema\/person\/ee2a27f1cac3406c7c6fb5820cb7349f"},"headline":"Samael","datePublished":"2026-09-05T14:02:43+00:00","dateModified":"2026-09-05T14:18:40+00:00","mainEntityOfPage":{"@id":"https:\/\/iwell-guard.com\/is\/samael\/"},"publisher":{"@id":"https:\/\/iwell-guard.com\/is\/#organization"},"image":{"@id":"https:\/\/iwell-guard.com\/is\/samael\/#primaryimage"},"thumbnailUrl":"https:\/\/iwell-guard.com\/wp-content\/uploads\/2026\/04\/goetter_judentum_samael.webp","inLanguage":"is","description":"Samael, \u00feekktur \u00ed skrifu\u00f0um heimildum um margar aldir: erkiengill \u00ed hef\u00f0 kabbalans, milli refsingar og verndar, \u00e1k\u00e6randi vi\u00f0 h\u00e1s\u00e6ti\u00f0 \u00ed Z\u00f3har."},{"@type":"WebPage","@id":"https:\/\/iwell-guard.com\/is\/samael\/","url":"https:\/\/iwell-guard.com\/is\/samael\/","name":"Samael - engill milli refsingar og verndar","isPartOf":{"@id":"https:\/\/iwell-guard.com\/is\/#website"},"primaryImageOfPage":{"@id":"https:\/\/iwell-guard.com\/is\/samael\/#primaryimage"},"image":{"@id":"https:\/\/iwell-guard.com\/is\/samael\/#primaryimage"},"thumbnailUrl":"https:\/\/iwell-guard.com\/wp-content\/uploads\/2026\/04\/goetter_judentum_samael.webp","datePublished":"2026-09-05T14:02:43+00:00","dateModified":"2026-09-05T14:18:40+00:00","description":"Samael, \u00feekktur \u00ed skrifu\u00f0um heimildum um margar aldir: erkiengill \u00ed hef\u00f0 kabbalans, milli refsingar og verndar, \u00e1k\u00e6randi vi\u00f0 h\u00e1s\u00e6ti\u00f0 \u00ed Z\u00f3har.","breadcrumb":{"@id":"https:\/\/iwell-guard.com\/is\/samael\/#breadcrumb"},"inLanguage":"is","potentialAction":[{"@type":"ReadAction","target":["https:\/\/iwell-guard.com\/is\/samael\/"]}]},{"@type":"ImageObject","inLanguage":"is","@id":"https:\/\/iwell-guard.com\/is\/samael\/#primaryimage","url":"https:\/\/iwell-guard.com\/wp-content\/uploads\/2026\/04\/goetter_judentum_samael.webp","contentUrl":"https:\/\/iwell-guard.com\/wp-content\/uploads\/2026\/04\/goetter_judentum_samael.webp","width":1024,"height":1536,"caption":"Gu\u00f0ir \u00far tr\u00fa Judentum-hef\u00f0arinnar."},{"@type":"BreadcrumbList","@id":"https:\/\/iwell-guard.com\/is\/samael\/#breadcrumb","itemListElement":[{"@type":"ListItem","position":1,"name":"Start","item":"https:\/\/iwell-guard.com\/is\/?page_id=168580"},{"@type":"ListItem","position":2,"name":"Samael"}]},{"@type":"WebSite","@id":"https:\/\/iwell-guard.com\/is\/#website","url":"https:\/\/iwell-guard.com\/is\/","name":"iWell Guard","description":"Schutz vor dunklen Einfl\u00fcssen","publisher":{"@id":"https:\/\/iwell-guard.com\/is\/#organization"},"potentialAction":[{"@type":"SearchAction","target":{"@type":"EntryPoint","urlTemplate":"https:\/\/iwell-guard.com\/is\/?s={search_term_string}"},"query-input":{"@type":"PropertyValueSpecification","valueRequired":true,"valueName":"search_term_string"}}],"inLanguage":"is"},{"@type":"Organization","@id":"https:\/\/iwell-guard.com\/is\/#organization","name":"Ittermann electronic GmbH","url":"https:\/\/iwell-guard.com\/is\/","logo":{"@type":"ImageObject","inLanguage":"is","@id":"https:\/\/iwell-guard.com\/is\/#\/schema\/logo\/image\/","url":"https:\/\/iwell-guard.com\/wp-content\/uploads\/2026\/05\/Ittermann-Logo-1182x237-1.png","contentUrl":"https:\/\/iwell-guard.com\/wp-content\/uploads\/2026\/05\/Ittermann-Logo-1182x237-1.png","width":1182,"height":237,"caption":"Ittermann electronic GmbH"},"image":{"@id":"https:\/\/iwell-guard.com\/is\/#\/schema\/logo\/image\/"},"sameAs":["https:\/\/pantip.com\/profile\/9367242","https:\/\/micro.blog\/iwellguard","https:\/\/www.diggerslist.com\/iwellguard\/about","https:\/\/skitterphoto.com\/photographers\/2870314\/iwell-guard","https:\/\/iwellguard.wordpress.com\/2026\/06\/06\/iwell-guard\/","https:\/\/hub.docker.com\/u\/iwellguard","https:\/\/www.pinterest.com\/iwellguard\/","https:\/\/bit.ly\/m\/iwellguard","https:\/\/entre-vos-mains.alsace.eu\/profiles\/iwellguard\/activity","https:\/\/gravatar.com\/reallybeded8fd34","https:\/\/naijamatta.com\/iwellguard","https:\/\/www.goodreads.com\/iwellguard","https:\/\/profile.hatena.ne.jp\/iwellguard\/","https:\/\/experiment.com\/users\/iwellguard","https:\/\/wakelet.com\/@iWellGuard82270","https:\/\/www.chordie.com\/forum\/profile.php?id=2555664","https:\/\/www.instapaper.com\/p\/17757966","https:\/\/www.mapleprimes.com\/users\/iwellguard","https:\/\/businesslistingplus.com\/profile\/iwell-guard\/","https:\/\/telegra.ph\/iWell-Guard-06-06","https:\/\/pbase.com\/iwellguard\/iwellguard","https:\/\/b.hatena.ne.jp\/iwellguard\/20260607#bookmark-4788405196491818882","https:\/\/fliphtml5.com\/home\/iwellguard","https:\/\/anyflip.com\/homepage\/cmiwl#About","https:\/\/transfur.com\/Users\/iwellguard","http:\/\/delphi.larsbo.org\/user\/iwellguard","https:\/\/jobs.lajobsportal.org\/profiles\/8380803-iwell-guard","https:\/\/md.chaosdorf.de\/s\/jfbe5SBdJD","https:\/\/www.lingvolive.com\/en-us\/profile\/9ecaeaca-ce11-4e51-9e71-01d55e2bff36\/translations","https:\/\/www.fitday.com\/fitness\/forums\/members\/iwellguard.html","https:\/\/www.mymeetbook.com\/iwellguard","https:\/\/pxhere.com\/en\/photographer-me\/5040798","https:\/\/disqus.com\/by\/iwellguard\/about\/","https:\/\/pastelink.net\/hjwciqwq","https:\/\/pubhtml5.com\/homepage\/scjhn\/","https:\/\/www.bitchute.com\/channel\/2O2eOKzNqujT","https:\/\/audiomack.com\/iwellguard"]},{"@type":"Person","@id":"https:\/\/iwell-guard.com\/is\/#\/schema\/person\/ee2a27f1cac3406c7c6fb5820cb7349f","name":"Ralf Ittermann","image":{"@type":"ImageObject","inLanguage":"is","@id":"https:\/\/secure.gravatar.com\/avatar\/073c0153e350a5005b68eb752b445fea71f6b24a26da9449ad7e155e6b446c9d?s=96&d=mm&r=g","url":"https:\/\/secure.gravatar.com\/avatar\/073c0153e350a5005b68eb752b445fea71f6b24a26da9449ad7e155e6b446c9d?s=96&d=mm&r=g","contentUrl":"https:\/\/secure.gravatar.com\/avatar\/073c0153e350a5005b68eb752b445fea71f6b24a26da9449ad7e155e6b446c9d?s=96&d=mm&r=g","caption":"Ralf Ittermann"},"givenName":"Ralf","familyName":"Ittermann","jobTitle":"Gesch\u00e4ftsf\u00fchrer und redaktioneller Verantwortlicher","url":"https:\/\/iwell-guard.com\/is\/author\/claude\/","description":"Ralf Ittermann ist Gesch\u00e4ftsf\u00fchrer der Ittermann electronic GmbH und redaktioneller Verantwortlicher des iWell-Guard-Lexikons. Er verbindet langj\u00e4hrige Erfahrung in der Pr\u00e4zisionsfertigung mit medialer Praxis und religionsgeschichtlicher Quellenarbeit.","worksFor":{"@type":"Organization","name":"Ittermann electronic GmbH","url":"https:\/\/ittermann.de\/","address":{"@type":"PostalAddress","streetAddress":"K\u00f6hlergasse 16-18","postalCode":"99842","addressLocality":"Ruhla","addressCountry":"DE"}},"knowsAbout":["Religionsgeschichte","Mythologie","Mediale Praxis","Energetische Diagnostik","Schutzpraxis","Volksglauben","Westliche Esoterik"]},{"@type":"Article","@id":"https:\/\/iwell-guard.com\/is\/samael\/#article","isPartOf":{"@id":"https:\/\/iwell-guard.com\/is\/samael\/"},"author":{"name":"Ralf Ittermann","@id":"https:\/\/iwell-guard.com\/is\/#\/schema\/person\/ee2a27f1cac3406c7c6fb5820cb7349f"},"headline":"Samael","datePublished":"2026-09-05T14:02:43+00:00","dateModified":"2026-09-05T14:18:40+00:00","mainEntityOfPage":{"@id":"https:\/\/iwell-guard.com\/is\/samael\/"},"publisher":{"@id":"https:\/\/iwell-guard.com\/is\/#organization"},"image":{"@id":"https:\/\/iwell-guard.com\/is\/samael\/#primaryimage"},"thumbnailUrl":"https:\/\/iwell-guard.com\/wp-content\/uploads\/2026\/04\/goetter_judentum_samael.webp","inLanguage":"is","description":"Samael, \u00feekktur \u00ed skrifu\u00f0um heimildum um margar aldir: erkiengill \u00ed hef\u00f0 kabbalans, milli refsingar og verndar, \u00e1k\u00e6randi vi\u00f0 h\u00e1s\u00e6ti\u00f0 \u00ed Z\u00f3har."}]}},"_links":{"self":[{"href":"https:\/\/iwell-guard.com\/is\/wp-json\/wp\/v2\/pages\/168757","targetHints":{"allow":["GET"]}}],"collection":[{"href":"https:\/\/iwell-guard.com\/is\/wp-json\/wp\/v2\/pages"}],"about":[{"href":"https:\/\/iwell-guard.com\/is\/wp-json\/wp\/v2\/types\/page"}],"author":[{"embeddable":true,"href":"https:\/\/iwell-guard.com\/is\/wp-json\/wp\/v2\/users\/3"}],"replies":[{"embeddable":true,"href":"https:\/\/iwell-guard.com\/is\/wp-json\/wp\/v2\/comments?post=168757"}],"version-history":[{"count":0,"href":"https:\/\/iwell-guard.com\/is\/wp-json\/wp\/v2\/pages\/168757\/revisions"}],"wp:featuredmedia":[{"embeddable":true,"href":"https:\/\/iwell-guard.com\/is\/wp-json\/wp\/v2\/media\/1749"}],"wp:attachment":[{"href":"https:\/\/iwell-guard.com\/is\/wp-json\/wp\/v2\/media?parent=168757"}],"wp:term":[{"taxonomy":"category","embeddable":true,"href":"https:\/\/iwell-guard.com\/is\/wp-json\/wp\/v2\/categories?post=168757"}],"curies":[{"name":"wp","href":"https:\/\/api.w.org\/{rel}","templated":true}]}}