{"id":168756,"date":"2026-09-05T14:02:43","date_gmt":"2026-09-05T14:02:43","guid":{"rendered":"https:\/\/iwell-guard.com\/?page_id=168756"},"modified":"2026-09-05T14:18:37","modified_gmt":"2026-09-05T14:18:37","slug":"ereshkigal","status":"publish","type":"page","link":"https:\/\/iwell-guard.com\/is\/ereshkigal\/","title":{"rendered":"Ereshkigal"},"content":{"rendered":"\t\t<div data-elementor-type=\"wp-page\" data-elementor-id=\"168756\" class=\"elementor elementor-168756 elementor-1970 elementor-bc-flex-widget\" data-elementor-post-type=\"page\">\n\t\t\t\t<div class=\"elementor-element elementor-element-10fdade e-flex e-con-boxed e-con e-parent\" data-id=\"10fdade\" data-element_type=\"container\" data-e-type=\"container\" data-settings=\"{&quot;background_background&quot;:&quot;classic&quot;}\">\n\t\t\t\t\t<div class=\"e-con-inner\">\n\t\t<div class=\"elementor-element elementor-element-herohlft0 e-flex e-con-boxed e-con e-child\" data-id=\"herohlft0\" data-element_type=\"container\" data-e-type=\"container\">\n\t\t\t\t\t<div class=\"e-con-inner\">\n\t\t<div class=\"elementor-element elementor-element-c3ceb64 e-con-full e-flex e-con e-child\" data-id=\"c3ceb64\" data-element_type=\"container\" data-e-type=\"container\">\n\t\t\t\t<div class=\"elementor-element elementor-element-96ae5e1 elementor-widget elementor-widget-heading\" data-id=\"96ae5e1\" data-element_type=\"widget\" data-e-type=\"widget\" data-widget_type=\"heading.default\">\n\t\t\t\t\t<h1 class=\"elementor-heading-title elementor-size-default\">Ereshkigal, gy\u00f0ja \u00ed mes\u00f3p\u00f3tam\u00edskri hef\u00f0<\/h1>\t\t\t\t<\/div>\n\t\t\t\t<div class=\"elementor-element elementor-element-e45238a elementor-widget elementor-widget-text-editor\" data-id=\"e45238a\" data-element_type=\"widget\" data-e-type=\"widget\" data-widget_type=\"text-editor.default\">\n\t\t\t\t\t\t\t\t\t<p>Ereshkigal er gy\u00f0ja \u00ed mes\u00f3p\u00f3tam\u00edskri hef\u00f0.<\/p><p>H\u00fasfreyja undirheimanna, systir Ishtar, drottning yfir Kur og Irkalla. Ereshkigal er valdamesta gy\u00f0ja undirheimanna, ekki illgj\u00f6rn heldur \u00f3sveigjanleg.<\/p><p>Me\u00f0an systir hennar Ishtar reikar um j\u00f6r\u00f0 og himin, sit Ereshkigal \u00f3snertanleg \u00ed Irkalla, r\u00edki hinna d\u00e1nu, og r\u00edkir me\u00f0 eiginmanni s\u00ednum Nergal yfir \u00f6llum sem fara yfir m\u00f6rkin til hins framli\u00f0na heims. H\u00fan tekur ekki au\u00f0veldlega \u00e1 m\u00f3ti gestum, s\u00e1 sem st\u00edgur fyrir h\u00e1s\u00e6ti hennar ver\u00f0ur a\u00f0 vera hr\u00e6\u00f0slulaus e\u00f0a b\u00f6lva\u00f0ur.<\/p>\t\t\t\t\t\t\t\t<\/div>\n\t\t\t\t<\/div>\n\t\t<div class=\"elementor-element elementor-element-klsbdg01 e-con-full e-flex e-con e-parent\" data-id=\"klsbdg01\" data-element_type=\"container\" data-e-type=\"container\">\n\t\t\t\t<div class=\"elementor-element elementor-element-klshtm01 elementor-widget elementor-widget-html\" data-id=\"klshtm01\" data-element_type=\"widget\" data-e-type=\"widget\" data-widget_type=\"html.default\">\n\t\t\t\t\t<div class=\"iwg-pill-row\"><span class=\"iwg-klasse-badge\" tabindex=\"0\" data-tooltip=\"Gu\u00f0\/gy\u00f0ja: Pers\u00f3nuger\u00f0 h\u00e6sta vald \u00ed go\u00f0afr\u00e6\u00f0i menningarheims, me\u00f0 sk\u00fdrar valdsvi\u00f0, n\u00e1tt\u00faru\u00f6fl, \u00f6rl\u00f6g, str\u00ed\u00f0, frj\u00f3semi. Tignu\u00f0 me\u00f0 d\u00fdrkun, f\u00f3rnum og musterisstofnunum.\">Gy\u00f0ja<\/span><a href=\"https:\/\/iwell-guard.com\/is\/?page_id=168583\" class=\"iwg-kultur-badge\" tabindex=\"0\" data-tooltip=\"Vagga skjalfestrar tr\u00faarbrag\u00f0a, S\u00famer, Akkad, Bab\u00fdlon, Ass\u00fdr\u00eda (u.\u00fe.b. 3500 f.Kr. til 330 f.Kr.).\">Mes\u00f3p\u00f3tam\u00eda<\/a><a href=\"https:\/\/iwell-guard.com\/is\/?page_id=168709\" class=\"iwg-tradition-badge\" tabindex=\"0\" data-tooltip=\"Gu\u00f0ir undirheima og dau\u00f0a, drottnarar handanheims, d\u00f3marar hinna d\u00e1nu, lei\u00f0s\u00f6gumenn s\u00e1lna.\">Dau\u00f0agu\u00f0d\u00f3mur<\/a><\/div>\t\t\t\t<\/div>\n\t\t\t\t<\/div>\n\t\t<div class=\"elementor-element elementor-element-3f74855 e-con-full e-flex e-con e-child\" data-id=\"3f74855\" data-element_type=\"container\" data-e-type=\"container\">\n\t\t\t\t<div class=\"elementor-element elementor-element-1c30362 elementor-toc--minimized-on-tablet elementor-widget elementor-widget-table-of-contents\" data-id=\"1c30362\" data-element_type=\"widget\" data-e-type=\"widget\" data-settings=\"{&quot;exclude_headings_by_selector&quot;:[],&quot;no_headings_message&quot;:&quot;Engar undirfyrirsagnir fundust \\u00e1 \\u00feessari s\\u00ed\\u00f0u.&quot;,&quot;headings_by_tags&quot;:[&quot;h2&quot;,&quot;h3&quot;],&quot;marker_view&quot;:&quot;bullets&quot;,&quot;minimize_box&quot;:&quot;yes&quot;,&quot;icon&quot;:{&quot;value&quot;:&quot;fas fa-circle&quot;,&quot;library&quot;:&quot;fa-solid&quot;,&quot;rendered_tag&quot;:&quot;&lt;svg class=\\&quot;e-font-icon-svg e-fas-circle\\&quot; viewBox=\\&quot;0 0 512 512\\&quot; xmlns=\\&quot;http:\\\/\\\/www.w3.org\\\/2000\\\/svg\\&quot;&gt;&lt;path d=\\&quot;M256 8C119 8 8 119 8 256s111 248 248 248 248-111 248-248S393 8 256 8z\\&quot;&gt;&lt;\\\/path&gt;&lt;\\\/svg&gt;&quot;},&quot;minimized_on&quot;:&quot;tablet&quot;,&quot;hierarchical_view&quot;:&quot;yes&quot;,&quot;min_height&quot;:{&quot;unit&quot;:&quot;px&quot;,&quot;size&quot;:&quot;&quot;,&quot;sizes&quot;:[]},&quot;min_height_tablet&quot;:{&quot;unit&quot;:&quot;px&quot;,&quot;size&quot;:&quot;&quot;,&quot;sizes&quot;:[]},&quot;min_height_mobile&quot;:{&quot;unit&quot;:&quot;px&quot;,&quot;size&quot;:&quot;&quot;,&quot;sizes&quot;:[]}}\" data-widget_type=\"table-of-contents.default\">\n\t\t\t\t\t\t\t\t\t<div class=\"elementor-toc__header\">\n\t\t\t\t\t\t<h2 class=\"elementor-toc__header-title\">\n\t\t\t\tEfnisyfirlit\t\t\t<\/h2>\n\t\t\t\t\t\t\t\t\t\t<div class=\"elementor-toc__toggle-button elementor-toc__toggle-button--expand\" role=\"button\" tabindex=\"0\" aria-controls=\"elementor-toc__1c30362\" aria-expanded=\"true\" aria-label=\"Open table of contents\"><svg aria-hidden=\"true\" class=\"e-font-icon-svg e-fas-chevron-down\" viewBox=\"0 0 448 512\" xmlns=\"http:\/\/www.w3.org\/2000\/svg\"><path d=\"M207.029 381.476L12.686 187.132c-9.373-9.373-9.373-24.569 0-33.941l22.667-22.667c9.357-9.357 24.522-9.375 33.901-.04L224 284.505l154.745-154.021c9.379-9.335 24.544-9.317 33.901.04l22.667 22.667c9.373 9.373 9.373 24.569 0 33.941L240.971 381.476c-9.373 9.372-24.569 9.372-33.942 0z\"><\/path><\/svg><\/div>\n\t\t\t\t<div class=\"elementor-toc__toggle-button elementor-toc__toggle-button--collapse\" role=\"button\" tabindex=\"0\" aria-controls=\"elementor-toc__1c30362\" aria-expanded=\"true\" aria-label=\"Close table of contents\"><svg aria-hidden=\"true\" class=\"e-font-icon-svg e-fas-chevron-up\" viewBox=\"0 0 448 512\" xmlns=\"http:\/\/www.w3.org\/2000\/svg\"><path d=\"M240.971 130.524l194.343 194.343c9.373 9.373 9.373 24.569 0 33.941l-22.667 22.667c-9.357 9.357-24.522 9.375-33.901.04L224 227.495 69.255 381.516c-9.379 9.335-24.544 9.317-33.901-.04l-22.667-22.667c-9.373-9.373-9.373-24.569 0-33.941L207.03 130.525c9.372-9.373 24.568-9.373 33.941-.001z\"><\/path><\/svg><\/div>\n\t\t\t\t\t<\/div>\n\t\t\t\t<div id=\"elementor-toc__1c30362\" class=\"elementor-toc__body\">\n\t\t\t<div class=\"elementor-toc__spinner-container\">\n\t\t\t\t<svg class=\"elementor-toc__spinner eicon-animation-spin e-font-icon-svg e-eicon-loading\" aria-hidden=\"true\" viewBox=\"0 0 1000 1000\" xmlns=\"http:\/\/www.w3.org\/2000\/svg\"><path d=\"M500 975V858C696 858 858 696 858 500S696 142 500 142 142 304 142 500H25C25 237 238 25 500 25S975 237 975 500 763 975 500 975Z\"><\/path><\/svg>\t\t\t<\/div>\n\t\t<\/div>\n\t\t\t\t\t\t<\/div>\n\t\t\t\t<\/div>\n\t\t\t\t\t<\/div>\n\t\t\t\t<\/div>\n\t\t<div class=\"elementor-element elementor-element-herorght0 e-con-full e-flex e-con e-child\" data-id=\"herorght0\" data-element_type=\"container\" data-e-type=\"container\">\n\t\t\t\t<div class=\"elementor-element elementor-element-heroimg00 iwg-hero-image elementor-widget elementor-widget-image\" data-id=\"heroimg00\" data-element_type=\"widget\" data-e-type=\"widget\" data-widget_type=\"image.default\">\n\t\t\t\t\t\t\t\t\t\t\t\t\t\t\t<img fetchpriority=\"high\" decoding=\"async\" width=\"683\" height=\"1024\" src=\"https:\/\/iwell-guard.com\/wp-content\/uploads\/2026\/04\/goetter_mesopotamien_ereshkigal-683x1024.webp\" class=\"attachment-large size-large wp-image-170967\" alt=\"Ereshkigal - Gu\u00f0ir \u00far mes\u00f3p\u00f3tam\u00edskri hef\u00f0, s\u00f6guleg-myndr\u00e6n framsetning\" srcset=\"https:\/\/iwell-guard.com\/wp-content\/uploads\/2026\/04\/goetter_mesopotamien_ereshkigal-683x1024.webp 683w, https:\/\/iwell-guard.com\/wp-content\/uploads\/2026\/04\/goetter_mesopotamien_ereshkigal-200x300.webp 200w, https:\/\/iwell-guard.com\/wp-content\/uploads\/2026\/04\/goetter_mesopotamien_ereshkigal-768x1152.webp 768w, https:\/\/iwell-guard.com\/wp-content\/uploads\/2026\/04\/goetter_mesopotamien_ereshkigal.webp 1024w\" sizes=\"(max-width: 683px) 100vw, 683px\" \/>\t\t\t\t\t\t\t\t\t\t\t\t\t\t\t<\/div>\n\t\t\t\t<\/div>\n\t\t\t\t\t<\/div>\n\t\t\t\t<\/div>\n\t\t<div class=\"elementor-element elementor-element-32917199 e-flex e-con-boxed e-con e-parent\" data-id=\"32917199\" data-element_type=\"container\" data-e-type=\"container\">\n\t\t\t\t\t<div class=\"e-con-inner\">\n\t\t<div class=\"elementor-element elementor-element-26e916cb e-flex e-con-boxed e-con e-child\" data-id=\"26e916cb\" data-element_type=\"container\" data-e-type=\"container\">\n\t\t\t\t\t<div class=\"e-con-inner\">\n\t\t<div class=\"elementor-element elementor-element-253a40d4 e-flex e-con-boxed e-con e-child\" data-id=\"253a40d4\" data-element_type=\"container\" data-e-type=\"container\">\n\t\t\t\t\t<div class=\"e-con-inner\">\n\t\t\t\t<div class=\"elementor-element elementor-element-1200c304 elementor-widget elementor-widget-heading\" data-id=\"1200c304\" data-element_type=\"widget\" data-e-type=\"widget\" data-widget_type=\"heading.default\">\n\t\t\t\t\t<h2 class=\"elementor-heading-title elementor-size-default\">Ereshkigal<\/h2>\t\t\t\t<\/div>\n\t\t\t\t\t<\/div>\n\t\t\t\t<\/div>\n\t\t<div class=\"elementor-element elementor-element-159dcf9a e-flex e-con-boxed e-con e-child\" data-id=\"159dcf9a\" data-element_type=\"container\" data-e-type=\"container\">\n\t\t\t\t\t<div class=\"e-con-inner\">\n\t\t\t\t<div class=\"elementor-element elementor-element-48cee66f elementor-widget elementor-widget-heading\" data-id=\"48cee66f\" data-element_type=\"widget\" data-e-type=\"widget\" data-widget_type=\"heading.default\">\n\t\t\t\t\t<h2 class=\"elementor-heading-title elementor-size-default\">Skj\u00f3t yfirlit: Ereshkigal<\/h2>\t\t\t\t<\/div>\n\t\t\t\t<div class=\"elementor-element elementor-element-3f50d82c elementor-widget elementor-widget-text-editor\" data-id=\"3f50d82c\" data-element_type=\"widget\" data-e-type=\"widget\" data-widget_type=\"text-editor.default\">\n\t\t\t\t\t\t\t\t\t<p><strong>Tegund:<\/strong> H\u00f6fu\u00f0go\u00f0m\u00f6gn Mes\u00f3p\u00f3tam\u00edu, drottning undirheimanna<br><span class=\"iwg-fachbegriff\" data-tooltip=\"Heildarsafn gu\u00f0a innan tr\u00faarbrag\u00f0a e\u00f0a menningar.\" tabindex=\"0\">Go\u00f0aheimur<\/span>: S\u00famer, Akkad\/Bab\u00fdlon\/Ass\u00fdr\u00eda<br>Hlutverk: R\u00edkjandi yfir d\u00e1narheimum (Kur, Irkalla), d\u00f3mari yfir hinum l\u00e1tnu, r\u00e6\u00f0ur \u00f6rl\u00f6gum hinna framli\u00f0nu<br>Helstu einkenni: Ennisdj\u00e1sn, svartur skikkja, \u00f6rlagatafla, sj\u00f6 hli\u00f0ver\u00f0ir<br>Helstu tilbei\u00f0slusta\u00f0ir: Kutha (\u00e1samt Nergal), engin eigin st\u00f3r <span class=\"iwg-fachbegriff\" data-tooltip=\"Bygging sem er helgu\u00f0 d\u00fdrkun einnar e\u00f0a fleiri gu\u00f0vera.\" tabindex=\"0\">musteri<\/span><br>Maki: Nergal (samkv\u00e6mt go\u00f0s\u00f6gninni um ni\u00f0urg\u00f6ngu Inn\u00f6nnu)<\/p>\t\t\t\t\t\t\t\t<\/div>\n\t\t\t\t\t<\/div>\n\t\t\t\t<\/div>\n\t\t\t\t\t<\/div>\n\t\t\t\t<\/div>\n\t\t\t\t\t<\/div>\n\t\t\t\t<\/div>\n\t\t<div class=\"elementor-element elementor-element-18613602 e-flex e-con-boxed e-con e-parent\" data-id=\"18613602\" data-element_type=\"container\" data-e-type=\"container\">\n\t\t\t\t\t<div class=\"e-con-inner\">\n\t\t\t\t<div class=\"elementor-element elementor-element-262b8a9f elementor-widget elementor-widget-heading\" data-id=\"262b8a9f\" data-element_type=\"widget\" data-e-type=\"widget\" data-widget_type=\"heading.default\">\n\t\t\t\t\t<h2 class=\"elementor-heading-title elementor-size-default\">S\u00f6guleg sta\u00f0setning<\/h2>\t\t\t\t<\/div>\n\t\t<div class=\"elementor-element elementor-element-46dcb7d e-con-full e-flex e-con e-child\" data-id=\"46dcb7d\" data-element_type=\"container\" data-e-type=\"container\">\n\t\t<div class=\"elementor-element elementor-element-61d3ab3 e-flex e-con-boxed e-con e-child\" data-id=\"61d3ab3\" data-element_type=\"container\" data-e-type=\"container\">\n\t\t\t\t\t<div class=\"e-con-inner\">\n\t\t\t\t<div class=\"elementor-element elementor-element-117c166 elementor-widget elementor-widget-heading\" data-id=\"117c166\" data-element_type=\"widget\" data-e-type=\"widget\" data-widget_type=\"heading.default\">\n\t\t\t\t\t<h3 class=\"elementor-heading-title elementor-size-default\">T\u00edmabil textanna<\/h3>\t\t\t\t<\/div>\n\t\t\t\t<div class=\"elementor-element elementor-element-73997a0 elementor-widget elementor-widget-text-editor\" data-id=\"73997a0\" data-element_type=\"widget\" data-e-type=\"widget\" data-widget_type=\"text-editor.default\">\n\t\t\t\t\t\t\t\t\t<p>Ereshkigal er skjalfest allt fr\u00e1 3. \u00e1r\u00fe\u00fasundi f.Kr. (s\u00famersk heimild).<\/p><p>Meginbl\u00f3mat\u00edmi go\u00f0sagna hennar er \u00e1 fornbab\u00fdlonska t\u00edmanum (fyrri hluti 2. \u00e1r\u00fe\u00fasunds f.Kr.) me\u00f0 tveimur megins\u00f6gum. Fyrri sagan er ni\u00f0urganga Inn\u00f6nnu \u00ed undirheimana: Innanna kemur til Ereshkigal, er drepin og s\u00ed\u00f0an l\u00edfgu\u00f0 aftur me\u00f0 millig\u00f6ngu Ea. Eiginma\u00f0ur hennar Dumuzi ver\u00f0ur a\u00f0 fara ni\u00f0ur \u00ed undirheimana til yfirb\u00f3ta. Seinni sagan er Nergal og Ereshkigal: Nergal kemur \u00ed undirheimana, er fyrst b\u00f6lva\u00f0ur af henni og ver\u00f0ur s\u00ed\u00f0an eiginma\u00f0ur hennar. \u00deetta er go\u00f0sagnamynstur fe\u00f0raveldis sem kn\u00fdr hina fornu drottningu undirheimanna \u00ed hj\u00f3nabandsst\u00f6\u00f0u.<\/p><p>\u00cd s\u00ed\u00f0ari hef\u00f0um var\u00f0 mikil hnignun \u00e1 beinni d\u00fdrkun hennar, h\u00fan er hr\u00e6\u00f0ileg, ekki \u00e1sts\u00e6l.<\/p>\t\t\t\t\t\t\t\t<\/div>\n\t\t\t\t\t<\/div>\n\t\t\t\t<\/div>\n\t\t<div class=\"elementor-element elementor-element-d47b156 e-flex e-con-boxed e-con e-child\" data-id=\"d47b156\" data-element_type=\"container\" data-e-type=\"container\">\n\t\t\t\t\t<div class=\"e-con-inner\">\n\t\t\t\t<div class=\"elementor-element elementor-element-ff38c2b elementor-widget elementor-widget-heading\" data-id=\"ff38c2b\" data-element_type=\"widget\" data-e-type=\"widget\" data-widget_type=\"heading.default\">\n\t\t\t\t\t<h3 class=\"elementor-heading-title elementor-size-default\">\u00datbrei\u00f0slusv\u00e6\u00f0i<\/h3>\t\t\t\t<\/div>\n\t\t\t\t<div class=\"elementor-element elementor-element-4e49fcc elementor-widget elementor-widget-text-editor\" data-id=\"4e49fcc\" data-element_type=\"widget\" data-e-type=\"widget\" data-widget_type=\"text-editor.default\">\n\t\t\t\t\t\t\t\t\t<p>Bein <span class=\"iwg-fachbegriff\" data-tooltip=\"Bygging sem er notu\u00f0 til d\u00fdrkunar \u00e1 einum e\u00f0a fleiri gu\u00f0d\u00f3mum.\" tabindex=\"0\">musteri<\/span> Ereshkigal eru f\u00e1t\u00ed\u00f0 \u00ed heimildum, h\u00fan er hin hr\u00e6\u00f0ilega gy\u00f0ja hinna d\u00e1nu. A\u00f0ald\u00fdrkunarsta\u00f0ur hennar og Nergals saman er <strong>Kutha<\/strong> (n\u00fa Tell Ibrahim, nor\u00f0an Bab\u00fdlon), \u201eborg Nergals\u201c sem var talin inngangur a\u00f0 undirheimunum.<\/p><p>\u00cd pers\u00f3nulegri <span class=\"iwg-fachbegriff\" data-tooltip=\"Heild tr\u00faarlegra d\u00fdrkunarathafna fyrir gu\u00f0d\u00f3m e\u00f0a heilaga vera.\" tabindex=\"0\">d\u00fdrkun<\/span> var h\u00fan \u00e1k\u00f6llu\u00f0 fremur \u00ed d\u00e1narsi\u00f0um og sei\u00f0textum en \u00ed eigin musterum. \u00cd gr\u00edsk-r\u00f3mverskri t\u00f6fra- og gu\u00f0fr\u00e6\u00f0ilegri hef\u00f0 (t.d. PGM IV) var h\u00fan tekin upp sem valdamikil \u00e1kallsgy\u00f0ja.<\/p>\t\t\t\t\t\t\t\t<\/div>\n\t\t\t\t\t<\/div>\n\t\t\t\t<\/div>\n\t\t\t\t<\/div>\n\t\t<div class=\"elementor-element elementor-element-db03c39 e-con-full e-flex e-con e-child\" data-id=\"db03c39\" data-element_type=\"container\" data-e-type=\"container\">\n\t\t<div class=\"elementor-element elementor-element-229a87b e-flex e-con-boxed e-con e-child\" data-id=\"229a87b\" data-element_type=\"container\" data-e-type=\"container\">\n\t\t\t\t\t<div class=\"e-con-inner\">\n\t\t\t\t<div class=\"elementor-element elementor-element-1f471fc elementor-widget elementor-widget-heading\" data-id=\"1f471fc\" data-element_type=\"widget\" data-e-type=\"widget\" data-widget_type=\"heading.default\">\n\t\t\t\t\t<h3 class=\"elementor-heading-title elementor-size-default\">Heimildasta\u00f0a<\/h3>\t\t\t\t<\/div>\n\t\t\t\t<div class=\"elementor-element elementor-element-36b1201 elementor-widget elementor-widget-text-editor\" data-id=\"36b1201\" data-element_type=\"widget\" data-e-type=\"widget\" data-widget_type=\"text-editor.default\">\n\t\t\t\t\t\t\t\t\t<p>Meginheimildir: <em>Innanna ni\u00f0ur \u00ed undirheima<\/em> (s\u00famersk, 2. \u00e1r\u00fe\u00fasund f.Kr.), <em>Ishtar ni\u00f0ur \u00ed undirheima<\/em> (akkad\u00edsk, styttri \u00fatg\u00e1fa), <em>Nergal og Ereshkigal<\/em>-kv\u00e6\u00f0i\u00f0 (mi\u00f0-ass\u00fdr\u00edsk og s\u00ed\u00f0bab\u00fdlonsk ger\u00f0), <em>Gilgameskvi\u00f0a<\/em> tafla XII (fr\u00e1s\u00f6gn Enkidu af undirheimunum).<\/p><p>Heimildaritger\u00f0ir: Wolkstein\/Kramer, <em>Inanna<\/em>; Lambert, <em>Babylonian Wisdom Literature<\/em>; Bott\u00e9ro, <em>La plus vieille religion<\/em>; Black\/Green, <em>Gods, Demons and Symbols<\/em>.<\/p>\t\t\t\t\t\t\t\t<\/div>\n\t\t\t\t\t<\/div>\n\t\t\t\t<\/div>\n\t\t\t\t<\/div>\n\t\t\t\t\t<\/div>\n\t\t\t\t<\/div>\n\t\t<div class=\"elementor-element elementor-element-3ae0637c e-flex e-con-boxed e-con e-parent\" data-id=\"3ae0637c\" data-element_type=\"container\" data-e-type=\"container\">\n\t\t\t\t\t<div class=\"e-con-inner\">\n\t\t\t\t<div class=\"elementor-element elementor-element-31d07739 elementor-widget elementor-widget-heading\" data-id=\"31d07739\" data-element_type=\"widget\" data-e-type=\"widget\" data-widget_type=\"heading.default\">\n\t\t\t\t\t<h2 class=\"elementor-heading-title elementor-size-default\">Nafn og heiti<\/h2>\t\t\t\t<\/div>\n\t\t<div class=\"elementor-element elementor-element-b7642947 e-con-full e-flex e-con e-child\" data-id=\"b7642947\" data-element_type=\"container\" data-e-type=\"container\">\n\t\t\t\t<div class=\"elementor-element elementor-element-a086266 elementor-widget elementor-widget-text-editor\" data-id=\"a086266\" data-element_type=\"widget\" data-e-type=\"widget\" data-widget_type=\"text-editor.default\">\n\t\t\t\t\t\t\t\t\t<p>Ereshkigal er oft s\u00fdnd h\u00e1s\u00e6tandi, drottningarlega, me\u00f0 krossk\u00f3r\u00f3nu og veldissprota. Augu hennar l\u00fdsa me\u00f0 ne\u00f0anjar\u00f0areldi e\u00f0a myrkri. H\u00fan ber svartan e\u00f0a d\u00f6kkfj\u00f3lubl\u00e1r kl\u00e6\u00f0i, umkringd dj\u00f6flum og s\u00e1lum hinna d\u00e1nu.<\/p><p>Sums sta\u00f0ar sit h\u00fan vi\u00f0 hli\u00f0 Nergals, d\u00f6kks eiginmanns s\u00edns. K\u00f3r\u00f3na hennar (<em>hyrningagull<\/em>) skilur hana fr\u00e1 dau\u00f0legri a\u00f0alsmennsku. <span class=\"iwg-fachbegriff\" data-tooltip=\"T\u00e1kn sem stendur fyrir hugmynd e\u00f0a merkingu.\" tabindex=\"0\">T\u00e1kn<\/span> valds hennar er hin loku\u00f0u dyr, \u00f3f\u00e1anleg fyrir hina lifandi, \u00f3umfl\u00fdjanleg fyrir hina dau\u00f0legu.<\/p>\t\t\t\t\t\t\t\t<\/div>\n\t\t\t\t<\/div>\n\t\t\t\t\t<\/div>\n\t\t\t\t<\/div>\n\t\t<div class=\"elementor-element elementor-element-709a44a8 e-flex e-con-boxed e-con e-parent\" data-id=\"709a44a8\" data-element_type=\"container\" data-e-type=\"container\">\n\t\t\t\t\t<div class=\"e-con-inner\">\n\t\t\t\t<div class=\"elementor-element elementor-element-2f585873 elementor-widget elementor-widget-heading\" data-id=\"2f585873\" data-element_type=\"widget\" data-e-type=\"widget\" data-widget_type=\"heading.default\">\n\t\t\t\t\t<h2 class=\"elementor-heading-title elementor-size-default\">L\u00fdsing<\/h2>\t\t\t\t<\/div>\n\t\t<div class=\"elementor-element elementor-element-70621c12 e-con-full e-flex e-con e-child\" data-id=\"70621c12\" data-element_type=\"container\" data-e-type=\"container\">\n\t\t\t\t<div class=\"elementor-element elementor-element-4296eb49 elementor-widget elementor-widget-text-editor\" data-id=\"4296eb49\" data-element_type=\"widget\" data-e-type=\"widget\" data-widget_type=\"text-editor.default\">\n\t\t\t\t\t\t\t\t\t<p>Ereshkigal tekur \u00e1 m\u00f3ti s\u00e1lum hinna framli\u00f0nu og \u00e1kve\u00f0ur \u00f6rl\u00f6g \u00feeirra \u00ed Irkalla. H\u00fan er ekki tilfinningalaus eins og h\u00fan er sums sta\u00f0ar l\u00fdst, heldur vitur og rei\u00f0, s\u00e1 sem br\u00fdtur l\u00f6g undirheimanna kynnist hefnd hennar.<\/p><p>\u00cd s\u00f6gunni um <em>ni\u00f0urg\u00f6ngu Ishtar<\/em> birtist h\u00fan sem si\u00f0r\u00e6nt afl: Ishtar reynir a\u00f0 komast inn \u00ed undirheimana, og Ereshkigal svarar tilrauninni me\u00f0 dau\u00f0a. Engar st\u00f3rar opinberar h\u00e1t\u00ed\u00f0ir voru haldnar henni til hei\u00f0urs, en henni voru f\u00e6r\u00f0ar f\u00f3rnir \u00ed einkasi\u00f0um til minningar um hina d\u00e1nu og til a\u00f0 bl\u00ed\u00f0ka vald hennar.<\/p><h3>\u00c1s\u00fdnd og t\u00e1knm\u00e1l<\/h3><p><em>Ereshkigal<\/em> er s\u00fdnd sem d\u00f6kk, tignarlega kl\u00e6dd gy\u00f0ja me\u00f0 k\u00f3r\u00f3nu \u00far hornum, t\u00e1kn drottningarvalds hennar. H\u00fa\u00f0 hennar er d\u00f6kkbl\u00e1 e\u00f0a gr\u00e1sv\u00f6rt, augu hennar l\u00fdsa me\u00f0 \u00f3hugnanlegu lj\u00f3si.<\/p><p>H\u00fan ber \u00feungt h\u00f6fu\u00f0dj\u00e1sn og sit \u00ed h\u00e1s\u00e6ti \u00far steini e\u00f0a beinum. L\u00edkami hennar er tignarlegur en undir s\u00e9st kv\u00f6l e\u00f0a b\u00e6ld rei\u00f0i. \u00c1ttarma <span class=\"iwg-fachbegriff\" data-tooltip=\"Andleg vera sem \u00e1 a\u00f0 hafa ska\u00f0leg e\u00f0a margslungin \u00e1hrif.\" tabindex=\"0\">dj\u00f6full<\/span> e\u00f0a slanga geta veri\u00f0 \u00fej\u00f3nar hennar. Myrkri\u00f0 sj\u00e1lft er kl\u00e6\u00f0i hennar.<\/p>\t\t\t\t\t\t\t\t<\/div>\n\t\t\t\t<\/div>\n\t\t\t\t\t<\/div>\n\t\t\t\t<\/div>\n\t\t<div class=\"elementor-element elementor-element-44e71476 e-flex e-con-boxed e-con e-parent\" data-id=\"44e71476\" data-element_type=\"container\" data-e-type=\"container\">\n\t\t\t\t\t<div class=\"e-con-inner\">\n\t\t\t\t<div class=\"elementor-element elementor-element-3c1fc3f0 elementor-widget elementor-widget-heading\" data-id=\"3c1fc3f0\" data-element_type=\"widget\" data-e-type=\"widget\" data-widget_type=\"heading.default\">\n\t\t\t\t\t<h2 class=\"elementor-heading-title elementor-size-default\">Skyndiyfirlit: Ereshkigal<\/h2>\t\t\t\t<\/div>\n\t\t<div class=\"elementor-element elementor-element-84f33b8e e-con-full e-flex e-con e-child\" data-id=\"84f33b8e\" data-element_type=\"container\" data-e-type=\"container\">\n\t\t\t\t<div class=\"elementor-element elementor-element-hqkdc67p elementor-widget elementor-widget-text-editor\" data-id=\"hqkdc67p\" data-element_type=\"widget\" data-e-type=\"widget\" data-widget_type=\"text-editor.default\">\n\t\t\t\t\t\t\t\t\t<p>Mikilv\u00e6gustu \u00fe\u00e6ttir Ereshkigal \u00ed hnotskurn. Eftirfarandi reitir taka saman uppruna, hlutverk, \u00e1s\u00fdnd, d\u00fdrkun, t\u00e1kn og menningarlega hli\u00f0st\u00e6\u00f0ur.<\/p>\t\t\t\t\t\t\t\t<\/div>\n\t\t\t\t<\/div>\n\t\t<div class=\"elementor-element elementor-element-pemmx7c5 e-con-full e-flex e-con e-child\" data-id=\"pemmx7c5\" data-element_type=\"container\" data-e-type=\"container\">\n\t\t<div class=\"elementor-element elementor-element-pemmx7c1 e-con-full e-flex e-con e-child\" data-id=\"pemmx7c1\" data-element_type=\"container\" data-e-type=\"container\">\n\t\t<div class=\"elementor-element elementor-element-qh9oavvu iwg-steckbrief-card e-flex e-con-boxed e-con e-child\" data-id=\"qh9oavvu\" data-element_type=\"container\" data-e-type=\"container\">\n\t\t\t\t\t<div class=\"e-con-inner\">\n\t\t\t\t<div class=\"elementor-element elementor-element-awzx8k2k elementor-widget elementor-widget-heading\" data-id=\"awzx8k2k\" data-element_type=\"widget\" data-e-type=\"widget\" data-widget_type=\"heading.default\">\n\t\t\t\t\t<div class=\"elementor-heading-title elementor-size-default\">Hef\u00f0<\/div>\t\t\t\t<\/div>\n\t\t\t\t<div class=\"elementor-element elementor-element-x6rowhv0 elementor-widget elementor-widget-text-editor\" data-id=\"x6rowhv0\" data-element_type=\"widget\" data-e-type=\"widget\" data-widget_type=\"text-editor.default\">\n\t\t\t\t\t\t\t\t\t<p>Ereshkigal (s\u00famerskt <em>Ere\u0161-ki-gal<\/em>, \u201eh\u00fasfreyja hinnar miklu jar\u00f0ar\u201c = undirheimanna) er d\u00f3ttir Anu (himinsins) og jar\u00f0argy\u00f0junnar. Systir In\u00f6nnu\/Ishtar (mi\u00f0l\u00e6g \u00ed ni\u00f0urg\u00f6ngu-<span class=\"iwg-fachbegriff\" data-tooltip=\"Yfirlifu\u00f0 fr\u00e1s\u00f6gn um gu\u00f0i, uppruna og skipan heimsins.\" tabindex=\"0\">go\u00f0s\u00f6gunni<\/span>), \u00ed eldri hef\u00f0 einr\u00e1\u00f0 drottning undirheimanna, \u00ed s\u00ed\u00f0ari hef\u00f0 eiginkona Nergals. M\u00f3\u00f0ir <em>Ningishzida<\/em> (h\u00f6ggorms-gu\u00f0s undirheimanna) og <em>Namtar<\/em> (sendibo\u00f0a \u00f6rlaganna). D\u00f3ttir Ninazu \u00ed nokkrum \u00fatg\u00e1fum.<\/p>\t\t\t\t\t\t\t\t<\/div>\n\t\t\t\t\t<\/div>\n\t\t\t\t<\/div>\n\t\t<div class=\"elementor-element elementor-element-8e3o4kxs iwg-steckbrief-card e-flex e-con-boxed e-con e-child\" data-id=\"8e3o4kxs\" data-element_type=\"container\" data-e-type=\"container\">\n\t\t\t\t\t<div class=\"e-con-inner\">\n\t\t\t\t<div class=\"elementor-element elementor-element-08rkdgov elementor-widget elementor-widget-heading\" data-id=\"08rkdgov\" data-element_type=\"widget\" data-e-type=\"widget\" data-widget_type=\"heading.default\">\n\t\t\t\t\t<div class=\"elementor-heading-title elementor-size-default\">Vi\u00f0takendur<\/div>\t\t\t\t<\/div>\n\t\t\t\t<div class=\"elementor-element elementor-element-uwjelx8s elementor-widget elementor-widget-text-editor\" data-id=\"uwjelx8s\" data-element_type=\"widget\" data-e-type=\"widget\" data-widget_type=\"text-editor.default\">\n\t\t\t\t\t\t\t\t\t<p>Drottning r\u00edkis hinna dau\u00f0u, <em>Kur<\/em> e\u00f0a <em>Irkalla<\/em>, handan sj\u00f6 dyra undirheimanna. H\u00fan var\u00f0veitir <em>\u00f6rlagat\u00f6fluna<\/em> (mes), sem geymir skr\u00e1\u00f0 \u00f6rl\u00f6g allra dau\u00f0ra.<\/p><p>\u00c1n hennar leyfis kemst engin \u00far r\u00edki hinna dau\u00f0u (\u00ed ni\u00f0urg\u00f6ngu-<span class=\"iwg-fachbegriff\" data-tooltip=\"Yfirlifu\u00f0 fr\u00e1s\u00f6gn um gu\u00f0i, uppruna og skipan heimsins.\" tabindex=\"0\">go\u00f0s\u00f6gu<\/span> In\u00f6nnu m\u00e1 Inanna a\u00f0eins sn\u00faa aftur me\u00f0 hj\u00e1lp Ea og me\u00f0 fri\u00f0\u00fe\u00e6gingar-<span class=\"iwg-fachbegriff\" data-tooltip=\"Gj\u00f6f til gu\u00f0d\u00f3ms til a\u00f0 tj\u00e1 \u00feakkl\u00e6ti, b\u00f3n e\u00f0a lotningu.\" tabindex=\"0\">f\u00f3rn<\/span> Dumuzis). \u00cd pers\u00f3nulegri <span class=\"iwg-fachbegriff\" data-tooltip=\"Heild tr\u00faarlegra tilbei\u00f0sluathafna fyrir gu\u00f0 e\u00f0a heilaga v\u00e6tt.\" tabindex=\"0\">d\u00fdrkun<\/span> er h\u00fan <span class=\"iwg-fachbegriff\" data-tooltip=\"A\u00f0 \u00e1kalla e\u00f0a \u00e1heita gu\u00f0 e\u00f0a m\u00e1tt me\u00f0 b\u00f3n e\u00f0a galdri.\" tabindex=\"0\">\u00e1k\u00f6llu\u00f0<\/span> \u00ed \u00fatfararsi\u00f0um og \u00ed hef\u00f0 svartrar <span class=\"iwg-fachbegriff\" data-tooltip=\"Athafnir sem \u00e6tla\u00f0 er a\u00f0 hafa \u00e1hrif \u00e1 r\u00e1s atbur\u00f0a me\u00f0 s\u00e9rst\u00f6kum gj\u00f6r\u00f0um e\u00f0a form\u00falum.\" tabindex=\"0\">galdra<\/span> (PGM-galdra\u00feulur).<\/p>\t\t\t\t\t\t\t\t<\/div>\n\t\t\t\t\t<\/div>\n\t\t\t\t<\/div>\n\t\t<div class=\"elementor-element elementor-element-jm2n74ec iwg-steckbrief-card e-flex e-con-boxed e-con e-child\" data-id=\"jm2n74ec\" data-element_type=\"container\" data-e-type=\"container\">\n\t\t\t\t\t<div class=\"e-con-inner\">\n\t\t\t\t<div class=\"elementor-element elementor-element-8vufse4c elementor-widget elementor-widget-heading\" data-id=\"8vufse4c\" data-element_type=\"widget\" data-e-type=\"widget\" data-widget_type=\"heading.default\">\n\t\t\t\t\t<div class=\"elementor-heading-title elementor-size-default\">\u00c1s\u00fdnd<\/div>\t\t\t\t<\/div>\n\t\t\t\t<div class=\"elementor-element elementor-element-mwb9u015 elementor-widget elementor-widget-text-editor\" data-id=\"mwb9u015\" data-element_type=\"widget\" data-e-type=\"widget\" data-widget_type=\"text-editor.default\">\n\t\t\t\t\t\t\t\t\t<p>Ereshkigal hefur enga fasta myndr\u00e6nan b\u00faning. \u00cd go\u00f0sagnatextum er henni l\u00fdst sem d\u00f6kkri og tignarlegri v\u00e6tt, me\u00f0 skrautbandi, sv\u00f6rtum skikkju, l\u00f6ngum kyrtli. H\u00fan sest \u00ed h\u00e1s\u00e6ti sitt \u00ed dimmum sal, umkringd sj\u00f6 <em>Anunnaki<\/em>-d\u00f3murum s\u00ednum.<\/p><p>\u00deegar h\u00fan tekur \u00e1 m\u00f3ti In\u00f6nnu er andlit hennar bl\u00e1tt og gulf\u00f6lt (t\u00e1kn sj\u00fakd\u00f3ms og dau\u00f0a). Fylgihlutir: \u00f6rlagataflan, ritst\u00edll. Fylgdarmenn: Namtar (v\u00edsir hennar), Ningishzida (sonur hennar, h\u00f6ggormsgu\u00f0).<\/p>\t\t\t\t\t\t\t\t<\/div>\n\t\t\t\t\t<\/div>\n\t\t\t\t<\/div>\n\t\t\t\t<\/div>\n\t\t<div class=\"elementor-element elementor-element-pemmx7c2 e-con-full e-flex e-con e-child\" data-id=\"pemmx7c2\" data-element_type=\"container\" data-e-type=\"container\">\n\t\t<div class=\"elementor-element elementor-element-37ss2yr6 iwg-steckbrief-card e-flex e-con-boxed e-con e-child\" data-id=\"37ss2yr6\" data-element_type=\"container\" data-e-type=\"container\">\n\t\t\t\t\t<div class=\"e-con-inner\">\n\t\t\t\t<div class=\"elementor-element elementor-element-3v0wp3wx elementor-widget elementor-widget-heading\" data-id=\"3v0wp3wx\" data-element_type=\"widget\" data-e-type=\"widget\" data-widget_type=\"heading.default\">\n\t\t\t\t\t<div class=\"elementor-heading-title elementor-size-default\">\u00c1hrifasvi\u00f0 Ereshkigal<\/div>\t\t\t\t<\/div>\n\t\t\t\t<div class=\"elementor-element elementor-element-w3247g2m elementor-widget elementor-widget-text-editor\" data-id=\"w3247g2m\" data-element_type=\"widget\" data-e-type=\"widget\" data-widget_type=\"text-editor.default\">\n\t\t\t\t\t\t\t\t\t<p><strong>\u00c1hrifasvi\u00f0:<\/strong> Ereshkigal var sjaldan \u00e1k\u00f6llu\u00f0 beint, \u00fev\u00ed h\u00fan var \u00f3ttast. En \u00ed hverjum d\u00e1narsi\u00f0 (<span class=\"iwg-fachbegriff\" data-tooltip=\"Fastm\u00f3tu\u00f0, endurtekin tr\u00faarleg ath\u00f6fn.\" tabindex=\"0\">helgisi\u00f0<\/span>) var h\u00fan vi\u00f0st\u00f6dd sem vi\u00f0takandi hinna l\u00e1tnu. \u00cd s\u00e6ringahef\u00f0inni (<span class=\"iwg-fachbegriff\" tabindex=\"0\" data-tooltip=\"Akkad\u00edsk s\u00e6ringasyrpa fr\u00e1 1. \u00e1r\u00fe\u00fasundi f.Kr.; \u00edtarlegasta var\u00f0veitta mes\u00f3p\u00f3tam\u00edska safn galdravarnarsi\u00f0a.\">Maqlu<\/span>, Shurpu) var h\u00fan \u00e1k\u00f6llu\u00f0 sem \u00f3ttalegur hj\u00e1lpari gegn svartri <span class=\"iwg-fachbegriff\" data-tooltip=\"Athafnir sem reyna a\u00f0 hafa \u00e1hrif \u00e1 gang m\u00e1la me\u00f0 s\u00e9rst\u00f6kum gj\u00f6r\u00f0um e\u00f0a form\u00falum.\" tabindex=\"0\">galdralist<\/span>.<\/p><p>\u00cd gr\u00edsk-r\u00f3mverskri t\u00f6fra- og gu\u00f0fr\u00e6\u00f0ihef\u00f0 (Papyri Graecae Magicae) var h\u00fan k\u00f6llu\u00f0 <em>Ereschigal<\/em> og sams\u00f6mu\u00f0 Hekate \u00ed s\u00e6ringum. \u00cd n\u00fat\u00edma dulspekilegri m\u00f3tt\u00f6ku er h\u00fan oft notu\u00f0 sem <span class=\"iwg-fachbegriff\" data-tooltip=\"T\u00e1kn sem stendur fyrir hugmynd e\u00f0a merkingu.\" tabindex=\"0\">t\u00e1kn<\/span> undirheimam\u00e1ttar og \u00f3bugandi \u00ferautseigju.<\/p>\t\t\t\t\t\t\t\t<\/div>\n\t\t\t\t\t<\/div>\n\t\t\t\t<\/div>\n\t\t<div class=\"elementor-element elementor-element-0qpjal9w iwg-steckbrief-card e-flex e-con-boxed e-con e-child\" data-id=\"0qpjal9w\" data-element_type=\"container\" data-e-type=\"container\">\n\t\t\t\t\t<div class=\"e-con-inner\">\n\t\t\t\t<div class=\"elementor-element elementor-element-6ndoih0o elementor-widget elementor-widget-heading\" data-id=\"6ndoih0o\" data-element_type=\"widget\" data-e-type=\"widget\" data-widget_type=\"heading.default\">\n\t\t\t\t\t<div class=\"elementor-heading-title elementor-size-default\">V\u00f6rn gegn Ereshkigal<\/div>\t\t\t\t<\/div>\n\t\t\t\t<div class=\"elementor-element elementor-element-6684tyh9 elementor-widget elementor-widget-text-editor\" data-id=\"6684tyh9\" data-element_type=\"widget\" data-e-type=\"widget\" data-widget_type=\"text-editor.default\">\n\t\t\t\t\t\t\t\t\t<p>Skrautband, sv\u00f6rt skikkja, \u00f6rlagataflan (mes), sj\u00f6 dyravar\u00f0ar, Namtar (v\u00edsir), Ningishzida (sonur, h\u00f6ggormsgu\u00f0). Heil\u00f6g planta: asf\u00f3del (\u00ed n\u00fat\u00edma m\u00f3tt\u00f6ku). Heilagt tala: 7 (sj\u00f6 dyr undirheimanna, sj\u00f6 Anunnaki-d\u00f3marar). Heilagir litir: svartur, d\u00f6kkbl\u00e1r.<\/p>\t\t\t\t\t\t\t\t<\/div>\n\t\t\t\t\t<\/div>\n\t\t\t\t<\/div>\n\t\t<div class=\"elementor-element elementor-element-3lfi7x32 iwg-steckbrief-card e-flex e-con-boxed e-con e-child\" data-id=\"3lfi7x32\" data-element_type=\"container\" data-e-type=\"container\">\n\t\t\t\t\t<div class=\"e-con-inner\">\n\t\t\t\t<div class=\"elementor-element elementor-element-0kg99ga1 elementor-widget elementor-widget-heading\" data-id=\"0kg99ga1\" data-element_type=\"widget\" data-e-type=\"widget\" data-widget_type=\"heading.default\">\n\t\t\t\t\t<div class=\"elementor-heading-title elementor-size-default\">Tengdar verur<\/div>\t\t\t\t<\/div>\n\t\t\t\t<div class=\"elementor-element elementor-element-n0fum6kp elementor-widget elementor-widget-text-editor\" data-id=\"n0fum6kp\" data-element_type=\"widget\" data-e-type=\"widget\" data-widget_type=\"text-editor.default\">\n\t\t\t\t\t\t\t\t\t<p><em>Inanna\/Ishtar<\/em> (Mes\u00f3p\u00f3tam\u00eda, systir, andst\u00e6\u00f0ingur \u00ed ni\u00f0urg\u00f6ngu-<span class=\"iwg-fachbegriff\" data-tooltip=\"Yfirlifu\u00f0 fr\u00e1s\u00f6gn um gu\u00f0i, uppruna og skipan heimsins.\" tabindex=\"0\">go\u00f0s\u00f6gunni<\/span>), <em>Nergal<\/em> (Mes\u00f3p\u00f3tam\u00eda, eiginma\u00f0ur \u00ed s\u00ed\u00f0ari hef\u00f0), <em>Persef\u00f3na<\/em> (Grikkland, drottning undirheimanna), <em>Hekate<\/em> (Grikkland, \u00ed PGM-textum bein sams\u00f6mu\u00f0 Ereshkigal), <em>Hel<\/em> (germanskt, drottning undirheimanna), <em>Mictecacihuatl<\/em> (aztekst), <em>Izanami<\/em> (Japan, drottning Yomi), <em>Hine-nui-te-p\u014d<\/em> (m\u0101or\u00ed). Kvent\u00fdpan drottning undirheimanna kemur fyrir \u00ed fj\u00f6lm\u00f6rgum menningarheimum, oft me\u00f0 spennu m\u00f3\u00f0ur-\/d\u00f3ttur-tvenndar (Ereshkigal-Inanna, Demeter-Persef\u00f3na, Izanami-Amaterasu).<\/p>\t\t\t\t\t\t\t\t<\/div>\n\t\t\t\t\t<\/div>\n\t\t\t\t<\/div>\n\t\t\t\t<\/div>\n\t\t\t\t<\/div>\n\t\t\t\t\t<\/div>\n\t\t\t\t<\/div>\n\t\t<div class=\"elementor-element elementor-element-7533bc7a e-flex e-con-boxed e-con e-parent\" data-id=\"7533bc7a\" data-element_type=\"container\" data-e-type=\"container\">\n\t\t\t\t\t<div class=\"e-con-inner\">\n\t\t\t\t<div class=\"elementor-element elementor-element-2447d18d elementor-widget elementor-widget-heading\" data-id=\"2447d18d\" data-element_type=\"widget\" data-e-type=\"widget\" data-widget_type=\"heading.default\">\n\t\t\t\t\t<h2 class=\"elementor-heading-title elementor-size-default\">Verndarr\u00e1\u00f0 \u00ed framkv\u00e6md<\/h2>\t\t\t\t<\/div>\n\t\t<div class=\"elementor-element elementor-element-d5d0260c e-con-full e-flex e-con e-child\" data-id=\"d5d0260c\" data-element_type=\"container\" data-e-type=\"container\">\n\t\t\t\t<div class=\"elementor-element elementor-element-341be2ac elementor-widget elementor-widget-text-editor\" data-id=\"341be2ac\" data-element_type=\"widget\" data-e-type=\"widget\" data-widget_type=\"text-editor.default\">\n\t\t\t\t\t\t\t\t\t<h3>Verndarrit gegn illu<\/h3><p>Ereshkigal, drottning undirheimanna (Kur-nu-gi-a, \u201elandi\u00f0 \u00e1n afturkomu&#8220;), var ekki d\u00fdrku\u00f0 beint heldur <span class=\"iwg-fachbegriff\" tabindex=\"0\" data-tooltip=\"Illt-fr\u00e1hrekjandi; verndart\u00e1kn (Pazuzu, Hamsa, Nazar) verja gegn ska\u00f0legum g\u00f6ldrum og illu auga.\">for\u00f0u\u00f0 me\u00f0 verndarath\u00f6fnum<\/span>, si\u00f0irnir stefndu a\u00f0 \u00fev\u00ed a\u00f0 halda sendibo\u00f0um hennar (Galla, Edimmu) fjarri me\u00f0 hreinsun \u00fer\u00f6skulda. Hreinsunarsyrpan <em>b\u012bt rimki<\/em>, \u00fear sem konungur var vatns\u00feveginn, stefndi s\u00e9rstaklega a\u00f0 v\u00f6rn gegn m\u00e1ttum undirheimanna (sbr. Bott\u00e9ro, <em>Mesopotamia<\/em>).<\/p><h3>Galdra\u00feulur<\/h3><p>\u00cd <span class=\"iwg-fachbegriff\" data-tooltip=\"Yfirlifu\u00f0 fr\u00e1s\u00f6gn um gu\u00f0i, uppruna og skipan heimsins.\" tabindex=\"0\">go\u00f0s\u00f6gunni<\/span> \u201eNi\u00f0urganga In\u00f6nnu-Ishtar til Helv\u00edtis&#8220; (akkad\u00edskt, Foster, <em>Before the Muses<\/em>) koma fram megin\u00e1kallanir til Ereshkigal, gy\u00f0jan er afkl\u00e6dd vi\u00f0 hverja af sj\u00f6 dyrum, si\u00f0bundin sj\u00e1lfsminnkun. S\u00ed\u00f0ar galdratextar fr\u00e1 Assur (1. \u00e1r\u00fe\u00fasund f.Kr.) \u00e1kalla Ereshkigal sem \u201e\u0161\u0113pti-\u0161a-ir\u1e63itim&#8220; (\u00fe\u00e1 sem setur spor jar\u00f0arins) til a\u00f0 st\u00f6\u00f0va veikindi hinna dau\u00f0u.<\/p><h3>Verndargripir og t\u00e1knmyndir<\/h3><p><span data-nosnippet>Verndarn\u00e1lar \u00far leir me\u00f0 \u00e1letru\u00f0um \u201einnganga-<span class=\"iwg-fachbegriff\" data-tooltip=\"Texti sem hefur veri\u00f0 ristur e\u00f0a greyptur \u00e1 fastan efnivi\u00f0.\" tabindex=\"0\">\u00e1letrun<\/span>&#8220; (\u201eMegi Ereshkigal ekki koma til m\u00edn&#8220;) voru grafnar vi\u00f0 h\u00fasdyr (uppgr\u00f6ftur \u00ed Nimrud, Mallowan 1953-57). \u00c1 Ka-skalen-innsiglum m\u00e1 finna <span class=\"iwg-fachbegriff\" data-tooltip=\"T\u00e1kn sem stendur fyrir hugmynd e\u00f0a merkingu.\" tabindex=\"0\">t\u00e1kn<\/span> \u00f6fugu spj\u00f3tsins, merki um hli\u00f0 undirheimanna. Lapis lazuli-pl\u00f6tur me\u00f0 nafni hennar voru lag\u00f0ar \u00ed grafir hinna d\u00e1nu sem gr\u00f6fargj\u00f6f.<\/span><\/p>\t\t\t\t\t\t\t\t<\/div>\n\t\t\t\t<\/div>\n\t\t\t\t\t<\/div>\n\t\t\t\t<\/div>\n\t\t<div class=\"elementor-element elementor-element-5a584676 e-flex e-con-boxed e-con e-parent\" data-id=\"5a584676\" data-element_type=\"container\" data-e-type=\"container\">\n\t\t\t\t\t<div class=\"e-con-inner\">\n\t\t\t\t<div class=\"elementor-element elementor-element-6d0757bf elementor-widget elementor-widget-heading\" data-id=\"6d0757bf\" data-element_type=\"widget\" data-e-type=\"widget\" data-widget_type=\"heading.default\">\n\t\t\t\t\t<h2 class=\"elementor-heading-title elementor-size-default\">Ereshkigal, hli\u00f0st\u00e6\u00f0ur \u00ed \u00f6\u00f0rum menningarheimum<\/h2>\t\t\t\t<\/div>\n\t\t<div class=\"elementor-element elementor-element-60563f68 e-con-full e-flex e-con e-child\" data-id=\"60563f68\" data-element_type=\"container\" data-e-type=\"container\">\n\t\t\t\t<div class=\"elementor-element elementor-element-5a93fdd6 elementor-widget elementor-widget-text-editor\" data-id=\"5a93fdd6\" data-element_type=\"widget\" data-e-type=\"widget\" data-widget_type=\"text-editor.default\">\n\t\t\t\t\t\t\t\t\t<p>Ereshkigal minnir \u00e1 gr\u00edsku gy\u00f0juna Persef\u00f3nu e\u00f0a Heru, sem einnig fara me\u00f0 undirheimalegt e\u00f0a \u00f3s\u00fdnilegt vald. Me\u00f0 Hades deilir h\u00fan yfirr\u00e1\u00f0um yfir r\u00edki hinna dau\u00f0u, en er \u00f3l\u00edk honum \u00ed kvenleika s\u00ednum og stefnum\u00f3tandi valdi.<\/p><p>Egypska \u00cdsis og indverska Kali hafa svipa\u00f0a \u00fe\u00e6tti, gu\u00f0legar konur sem hafa umsj\u00f3n me\u00f0 l\u00edfi og dau\u00f0a. \u00d3snertanleiki og r\u00e9ttl\u00e6ti Ereshkigal gera hana a\u00f0 einni fl\u00f3knustu kvenkyns gu\u00f0d\u00f3mi fornaldar.<\/p>\t\t\t\t\t\t\t\t<\/div>\n\t\t\t\t<\/div>\n\t\t\t\t\t<\/div>\n\t\t\t\t<\/div>\n\t\t<div class=\"elementor-element elementor-element-cp5fe2f09 e-flex e-con-boxed e-con e-parent\" data-id=\"cp5fe2f09\" data-element_type=\"container\" data-e-type=\"container\">\n\t\t\t\t\t<div class=\"e-con-inner\">\n\t\t\t\t<div class=\"elementor-element elementor-element-cp1899066 elementor-widget elementor-widget-heading\" data-id=\"cp1899066\" data-element_type=\"widget\" data-e-type=\"widget\" data-widget_type=\"heading.default\">\n\t\t\t\t\t<h2 class=\"elementor-heading-title elementor-size-default\">Fer\u00f0 In\u00f6nnu til undirheima: Kjarnasagan<\/h2>\t\t\t\t<\/div>\n\t\t<div class=\"elementor-element elementor-element-cpb1e5f28 e-con-full e-flex e-con e-child\" data-id=\"cpb1e5f28\" data-element_type=\"container\" data-e-type=\"container\">\n\t\t\t\t<div class=\"elementor-element elementor-element-cp25852c2 elementor-widget elementor-widget-text-editor\" data-id=\"cp25852c2\" data-element_type=\"widget\" data-e-type=\"widget\" data-widget_type=\"text-editor.default\">\n\t\t\t\t\t\t\t\t\t<p>Mikilv\u00e6gasta heimildin um Ereshkigal er s\u00famerska <span class=\"iwg-fachbegriff\" data-tooltip=\"Munnm\u00e6lasaga um gu\u00f0i, uppruna og skipan heimsins.\" tabindex=\"0\">go\u00f0s\u00f6gnin<\/span> um ni\u00f0urg\u00f6ngu In\u00f6nnu til undirheima, var\u00f0veitt \u00e1 fleygr\u00fanat\u00f6flum fr\u00e1 byrjun annars \u00e1r\u00fe\u00fasunds f.Kr. Sagan segir fr\u00e1 \u00fev\u00ed hvernig himingy\u00f0jan Inanna \u00e1kve\u00f0ur a\u00f0 st\u00edga ni\u00f0ur \u00ed r\u00edki eldri systur sinnar, Ereshkigal, landi\u00f0 \u00e1n afturkomu.<\/p><p>Vi\u00f0 sj\u00f6 hli\u00f0 undirheimanna ver\u00f0ur Inanna a\u00f0 fara \u00far einni fl\u00edk e\u00f0a skarti \u00ed hvert skipti, \u00fear til h\u00fan stendur nakin og svipt v\u00f6ldum s\u00ednum frammi fyrir Ereshkigal og hinum sj\u00f6 undirheimad\u00f3murum, Anunna. \u00deeir l\u00edta \u00e1 hana me\u00f0 dau\u00f0ans augnar\u00e1\u00f0i og Inanna ver\u00f0ur a\u00f0 l\u00edki sem hengt er upp \u00e1 staur.<\/p><p>A\u00f0eins me\u00f0 \u00edhlutun hins vitra gu\u00f0s Enki, sem sendir ni\u00f0ur tv\u00e6r kynlausar verur me\u00f0 l\u00edfsf\u00e6\u00f0u og l\u00edfsvatn, tekst a\u00f0 l\u00edfga In\u00f6nnu vi\u00f0. Henni er \u00fe\u00f3 a\u00f0eins leyft a\u00f0 komast undan gegn \u00fev\u00ed a\u00f0 \u00fatvega sta\u00f0gengil, og s\u00e1 sta\u00f0gengill ver\u00f0ur a\u00f0 lokum eiginma\u00f0ur hennar, Dumuzi.<\/p><p>N\u00e1in akkad\u00edsk ger\u00f0, <span class=\"iwg-fachbegriff\" data-tooltip=\"Munnm\u00e6lasaga um gu\u00f0i, uppruna og skipan heimsins.\" tabindex=\"0\">go\u00f0s\u00f6gnin<\/span> um ni\u00f0urg\u00f6ngu Ishtar til Helv\u00edtis, er styttri og v\u00edkur fr\u00e1 \u00ed sm\u00e1atri\u00f0um. <span class=\"iwg-fachbegriff\" data-tooltip=\"Fr\u00e6\u00f0igreinin sem rannsakar tr\u00faarbr\u00f6g\u00f0 samanbur\u00f0arlega og \u00e1n tr\u00faarlegrar bindingar.\" tabindex=\"0\">Tr\u00faarbrag\u00f0afr\u00e6\u00f0in<\/span> hefur rannsaka\u00f0 textann \u00edtarlega, me\u00f0al annars me\u00f0 tilliti til <span class=\"iwg-fachbegriff\" data-tooltip=\"Endurteki\u00f0 innihaldsatri\u00f0i \u00ed list e\u00f0a fr\u00e1s\u00f6gn.\" tabindex=\"0\">stefjaminnisins<\/span> um afkl\u00e6\u00f0andi ni\u00f0urg\u00f6ngu og spurningarnar um hugsanlegan tr\u00faarlegan bakgrunn.<\/p><p>\u00cd brennidepli stendur Ereshkigal sem \u00f3bugandi h\u00fasfreyja sv\u00e6\u00f0is \u00fear sem l\u00f6gm\u00e1l gilda sem jafnvel voldug gy\u00f0ja getur ekki broti\u00f0 \u00e1n aflei\u00f0inga.<\/p>\t\t\t\t\t\t\t\t<\/div>\n\t\t\t\t<\/div>\n\t\t\t\t\t<\/div>\n\t\t\t\t<\/div>\n\t\t<div class=\"elementor-element elementor-element-cp1e15695 e-flex e-con-boxed e-con e-parent\" data-id=\"cp1e15695\" data-element_type=\"container\" data-e-type=\"container\">\n\t\t\t\t\t<div class=\"e-con-inner\">\n\t\t\t\t<div class=\"elementor-element elementor-element-cp6f90e0e elementor-widget elementor-widget-heading\" data-id=\"cp6f90e0e\" data-element_type=\"widget\" data-e-type=\"widget\" data-widget_type=\"heading.default\">\n\t\t\t\t\t<h2 class=\"elementor-heading-title elementor-size-default\">Ereshkigal og Nergal: Sagan um hj\u00f3naband stj\u00f3rnenda undirheimanna<\/h2>\t\t\t\t<\/div>\n\t\t<div class=\"elementor-element elementor-element-cpac150ca e-con-full e-flex e-con e-child\" data-id=\"cpac150ca\" data-element_type=\"container\" data-e-type=\"container\">\n\t\t\t\t<div class=\"elementor-element elementor-element-cp0688c1f elementor-widget elementor-widget-text-editor\" data-id=\"cp0688c1f\" data-element_type=\"widget\" data-e-type=\"widget\" data-widget_type=\"text-editor.default\">\n\t\t\t\t\t\t\t\t\t<p>\u00d6nnur mikilv\u00e6g <span class=\"iwg-fachbegriff\" data-tooltip=\"Munnm\u00e6lasaga um gu\u00f0i, uppruna og skipan heimsins.\" tabindex=\"0\">go\u00f0s\u00f6gn<\/span> \u00fatsk\u00fdrir hvernig Ereshkigal f\u00e9kk eiginmann sinn. Textinn Nergal og Ereshkigal hefur var\u00f0veist \u00ed nokkrum ger\u00f0um, me\u00f0al annars styttri ger\u00f0 fr\u00e1 Tell el-Amarna \u00ed Egyptalandi fr\u00e1 14. \u00f6ld f.Kr. og lengri ger\u00f0 \u00far b\u00f3kasafni Assurban\u00edpals fr\u00e1 7. \u00f6ld.<\/p><p>Sagan hefst \u00e1 veislu himnagu\u00f0anna sem Ereshkigal getur ekki teki\u00f0 \u00fe\u00e1tt \u00ed, \u00fev\u00ed h\u00fan m\u00e1 ekki yfirgefa undirheimana. H\u00fan sendir sendibo\u00f0a sinn upp til a\u00f0 n\u00e1 s\u00ednum hluta. Gu\u00f0inn Nergal vanr\u00e6kir a\u00f0 standa upp fyrir \u00feessum sendibo\u00f0a, sem er talin m\u00f3\u00f0gun.<\/p><p>Til yfirb\u00f3tar ver\u00f0ur Nergal a\u00f0 st\u00edga ni\u00f0ur \u00ed undirheimana. \u00dear \u00e1 milli hans og Ereshkigal ver\u00f0ur samfarir. \u00cd lengri ger\u00f0inni reynir Nergal fyrst a\u00f0 fl\u00fdja, en Ereshkigal h\u00f3tar a\u00f0 senda hina dau\u00f0u upp til a\u00f0 \u00e9ta hina lifandi, ver\u00f0i honum ekki skila\u00f0. A\u00f0 lokum sn\u00fdr Nergal aftur og ver\u00f0ur me\u00f0stj\u00f3rnandi undirheimanna.<\/p><p>\u00deessi saga er tr\u00faars\u00f6gulega uppl\u00fdsandi, \u00fev\u00ed h\u00fan s\u00fdnir a\u00f0 mes\u00f3p\u00f3tam\u00edska <span class=\"iwg-fachbegriff\" data-tooltip=\"Heild gu\u00f0a tr\u00faarbrag\u00f0a e\u00f0a menningar.\" tabindex=\"0\">go\u00f0aveldi\u00f0<\/span> skipulag\u00f0i undirheimana einnig me\u00f0 skipul\u00f6g\u00f0u valdakerfi. Eldri heimildir kenna Ereshkigal sem einr\u00e1\u00f0a h\u00fasfreyju e\u00f0a nefna Gugalanna sem eiginmann.<\/p><p>Tengingin vi\u00f0 Nergal er l\u00edklega s\u00ed\u00f0ari gu\u00f0fr\u00e6\u00f0ileg kerfisbinding sem sameina\u00f0i tv\u00e6r hugmyndir um undirheima. Fr\u00e6\u00f0imenn r\u00e6\u00f0a hvort \u00ed \u00feessu megi einnig sj\u00e1 spegil p\u00f3lit\u00edskra e\u00f0a tr\u00faarlegra breytinga.<\/p>\t\t\t\t\t\t\t\t<\/div>\n\t\t\t\t<\/div>\n\t\t\t\t\t<\/div>\n\t\t\t\t<\/div>\n\t\t<div class=\"elementor-element elementor-element-cpbfb7dfc e-flex e-con-boxed e-con e-parent\" data-id=\"cpbfb7dfc\" data-element_type=\"container\" data-e-type=\"container\">\n\t\t\t\t\t<div class=\"e-con-inner\">\n\t\t\t\t<div class=\"elementor-element elementor-element-cpede8ea1 elementor-widget elementor-widget-heading\" data-id=\"cpede8ea1\" data-element_type=\"widget\" data-e-type=\"widget\" data-widget_type=\"heading.default\">\n\t\t\t\t\t<h2 class=\"elementor-heading-title elementor-size-default\">Undirheimar Mes\u00f3p\u00f3tam\u00edumanna og r\u00edki Ereshkigal<\/h2>\t\t\t\t<\/div>\n\t\t<div class=\"elementor-element elementor-element-cpfe9f0b1 e-con-full e-flex e-con e-child\" data-id=\"cpfe9f0b1\" data-element_type=\"container\" data-e-type=\"container\">\n\t\t\t\t<div class=\"elementor-element elementor-element-cp8ee7cb2 elementor-widget elementor-widget-text-editor\" data-id=\"cp8ee7cb2\" data-element_type=\"widget\" data-e-type=\"widget\" data-widget_type=\"text-editor.default\">\n\t\t\t\t\t\t\t\t\t<p>Til a\u00f0 skilja st\u00f6\u00f0u Ereshkigal er mes\u00f3p\u00f3tam\u00edsk hugmynd um undirheimana sj\u00e1lfa afgerandi. \u00deeir eru l\u00fdstir \u00ed textunum sem d\u00f6kkur sta\u00f0ur, landi\u00f0 \u00e1n afturkomu, \u00fear sem hinir dau\u00f0u \u00e9ta ryk og hafa leir a\u00f0 f\u00e6\u00f0u, kl\u00e6ddir eins og fuglar \u00ed fja\u00f0urham.<\/p><p>\u00deetta er ekki sta\u00f0ur si\u00f0fer\u00f0islegrar refsingar, heldur sameiginleg, gle\u00f0ilaus \u00f6rl\u00f6g allra hinna framli\u00f0nu, \u00e1n tillits til verka \u00feeirra.<\/p><p>Yfir \u00feessu r\u00edki r\u00edkir Ereshkigal. Nafn hennar \u00fe\u00fd\u00f0ir eitthva\u00f0 \u00e1 \u00fe\u00e1 lei\u00f0 a\u00f0 h\u00fasfreyja hinnar miklu jar\u00f0ar e\u00f0a h\u00fasfreyja hins mikla ne\u00f0ra, \u00fear sem hi\u00f0 mikla land er umskrifun undirheimanna.<\/p><p>H\u00fan b\u00fdr \u00ed h\u00f6ll me\u00f0 n\u00f6fnum eins og Ganzir, varinni af sj\u00f6 hli\u00f0um og v\u00edsi hennar Namtar, bo\u00f0bera \u00f6rlaga og pestar. Vi\u00f0 hli\u00f0 hennar standa Anunna sem d\u00f3msvald.<\/p><p>Einkennandi fyrir mes\u00f3p\u00f3tam\u00edsku hugmyndina er strangleiki laga undirheimanna. S\u00e1 sem st\u00edgur ni\u00f0ur er bundinn \u00feeirri reglu a\u00f0 a\u00f0eins sta\u00f0gengill leyfi fl\u00f3tta. Jafnvel gu\u00f0ir eru \u00feessum l\u00f6gum undirseldir, eins og \u00f6rl\u00f6g In\u00f6nnu s\u00fdna. Ereshkigal er \u00feannig \u00edmynd alheimsskipulags sem ekki ver\u00f0ur m\u00fata\u00f0.<\/p><p>Hi\u00f0 fr\u00e6ga kv\u00e6\u00f0i <em>Gilgameskvi\u00f0a<\/em> speglar s\u00f6mu d\u00f6kku s\u00fdn \u00ed l\u00fdsingu sinni \u00e1 r\u00edki hinna dau\u00f0u. <span class=\"iwg-fachbegriff\" data-tooltip=\"Fr\u00e6\u00f0igreinin sem rannsakar tr\u00faarbr\u00f6g\u00f0 samanbur\u00f0arlega og \u00e1n tr\u00faarlegrar bindingar.\" tabindex=\"0\">Tr\u00faarbrag\u00f0afr\u00e6\u00f0in<\/span> s\u00e9r \u00ed Ereshkigal s\u00ed\u00f0ur illv\u00edga en nau\u00f0synlega v\u00e6ttu, sem fyllir hinn \u00f3hj\u00e1kv\u00e6milega p\u00f3l dau\u00f0ans innan annars l\u00edfsj\u00e1tandi heimsmyndar.<\/p>\t\t\t\t\t\t\t\t<\/div>\n\t\t\t\t<\/div>\n\t\t\t\t\t<\/div>\n\t\t\t\t<\/div>\n\t\t<div class=\"elementor-element elementor-element-36dd7469 e-flex e-con-boxed e-con e-parent\" data-id=\"36dd7469\" data-element_type=\"container\" data-e-type=\"container\">\n\t\t\t\t\t<div class=\"e-con-inner\">\n\t\t\t\t<div class=\"elementor-element elementor-element-13760ab4 elementor-widget elementor-widget-heading\" data-id=\"13760ab4\" data-element_type=\"widget\" data-e-type=\"widget\" data-widget_type=\"heading.default\">\n\t\t\t\t\t<h2 class=\"elementor-heading-title elementor-size-default\">\u00cdtarefni og tenglar<\/h2>\t\t\t\t<\/div>\n\t\t<div class=\"elementor-element elementor-element-28c87796 e-con-full e-flex e-con e-child\" data-id=\"28c87796\" data-element_type=\"container\" data-e-type=\"container\">\n\t\t\t\t<div class=\"elementor-element elementor-element-5d6538df elementor-widget elementor-widget-text-editor\" data-id=\"5d6538df\" data-element_type=\"widget\" data-e-type=\"widget\" data-widget_type=\"text-editor.default\">\n\t\t\t\t\t\t\t\t\t<ul><li><a href=\"https:\/\/iwell-guard.com\/is\/?page_id=168799\">Ishtar, akkad\u00edsk systir<\/a><\/li><li><a href=\"https:\/\/iwell-guard.com\/is\/?page_id=168749\">Nergal, eiginma\u00f0ur \u00ed s\u00ed\u00f0ari hef\u00f0<\/a><\/li><li><a href=\"https:\/\/iwell-guard.com\/is\/?page_id=168750\">Persef\u00f3na, gr\u00edsk samsv\u00f6run<\/a><\/li><li><a href=\"https:\/\/iwell-guard.com\/is\/?page_id=168601\">Hekate, sett \u00ed samband vi\u00f0 Ereshkigal \u00ed PGM-hef\u00f0inni<\/a><\/li><li><a href=\"https:\/\/iwell-guard.com\/is\/?page_id=168583\">Mes\u00f3p\u00f3tam\u00eda, yfirlit yfir go\u00f0aveldi<\/a><\/li><li><a href=\"https:\/\/iwell-guard.com\/is\/?page_id=168709\">Dau\u00f0agu\u00f0ir, undirflokkur<\/a><\/li><li><a href=\"https:\/\/iwell-guard.com\/is\/?page_id=168679\">Gu\u00f0ir, yfirlit yfir flokka<\/a><\/li><\/ul>\t\t\t\t\t\t\t\t<\/div>\n\t\t\t\t<\/div>\n\t\t\t\t\t<\/div>\n\t\t\t\t<\/div>\n\t\t<div class=\"elementor-element elementor-element-grl4kl40 e-flex e-con-boxed e-con e-parent\" data-id=\"grl4kl40\" data-element_type=\"container\" data-e-type=\"container\">\n\t\t\t\t\t<div class=\"e-con-inner\">\n\t\t\t\t<div class=\"elementor-element elementor-element-bzsbfrmh elementor-widget elementor-widget-heading\" data-id=\"bzsbfrmh\" data-element_type=\"widget\" data-e-type=\"widget\" data-widget_type=\"heading.default\">\n\t\t\t\t\t<h2 class=\"elementor-heading-title elementor-size-default\">Heimildir og fr\u00e6\u00f0irit<\/h2>\t\t\t\t<\/div>\n\t\t<div class=\"elementor-element elementor-element-2c13224a e-con-full e-flex e-con e-child\" data-id=\"2c13224a\" data-element_type=\"container\" data-e-type=\"container\">\n\t\t\t\t<div class=\"elementor-element elementor-element-0eymh9ub elementor-widget elementor-widget-text-editor\" data-id=\"0eymh9ub\" data-element_type=\"widget\" data-e-type=\"widget\" data-widget_type=\"text-editor.default\">\n\t\t\t\t\t\t\t\t\t<footer class=\"iwg-literatur\" data-nosnippet=\"true\"><ul><li><span data-nosnippet>Wolkstein, Diane \/ Kramer, Samuel Noah: <em>Inanna. Queen of Heaven and Earth<\/em>. New York 1983.<\/span><\/li><li><span data-nosnippet>Betz, Hans Dieter (Hg.): <em>The Greek Magical Papyri in Translation<\/em>. Chicago 1986 (Ereshkigal-Hekate-<span class=\"iwg-fachbegriff\" data-tooltip=\"Samruni hugmynda e\u00f0a gu\u00f0a \u00far mismunandi tr\u00faarhef\u00f0um.\" tabindex=\"0\">samruni (synkretismi)<\/span>).<\/span><\/li><li>Walde, Christine (Hg.): <em>Der Neue Pauly<\/em> (uppflettior\u00f0 &bdquo;Ereschkigal&ldquo;).<\/li><\/ul><\/footer>\n<p class=\"iwg-bib-more\"><span data-nosnippet>Fleiri heimildir \u00ed <a href=\"https:\/\/iwell-guard.com\/is\/?page_id=168730\">heimildaskr\u00e1nni<\/a>.<\/span><\/p>\t\t\t\t\t\t\t\t<\/div>\n\t\t\t\t<\/div>\n\t\t\t\t\t<\/div>\n\t\t\t\t<\/div>\n\t\t\t\t<\/div>\n\t\t","protected":false},"excerpt":{"rendered":"","protected":false},"author":3,"featured_media":1735,"parent":0,"menu_order":0,"comment_status":"closed","ping_status":"closed","template":"elementor_header_footer","meta":{"_yoast_wpseo_focuskw":"Ereshkigal","_yoast_wpseo_title":"Ereshkigal \u2013 H\u00fasfreyja mes\u00f3p\u00f3tam\u00edsku undirheimanna","_yoast_wpseo_metadesc":"Ereshkigal, h\u00fasfreyja mes\u00f3p\u00f3tam\u00edsku undirheimanna. Systir Ishtar, eiginkona Nergals: drottning yfir hinum d\u00e1nu og hinum sj\u00f6 hli\u00f0um myrkursins.","_yoast_wpseo_meta-robots-noindex":"","_yoast_wpseo_canonical":"","_angie_page":false,"gefaehrdungsstufe":"3","wesen_kultur":"mesopotamien","wesen_klasse":"goetter","footnotes":""},"categories":[],"class_list":["post-168756","page","type-page","status-publish","has-post-thumbnail","hentry"],"yoast_head":"<!-- This site is optimized with the Yoast SEO Premium plugin v27.7 (Yoast SEO v28.3) - https:\/\/yoast.com\/product\/yoast-seo-premium-wordpress\/ -->\n<title>Ereshkigal \u2013 H\u00fasfreyja mes\u00f3p\u00f3tam\u00edsku undirheimanna<\/title>\n<meta name=\"description\" content=\"Ereshkigal, h\u00fasfreyja mes\u00f3p\u00f3tam\u00edsku undirheimanna. Systir Ishtar, eiginkona Nergals: drottning yfir hinum d\u00e1nu og hinum sj\u00f6 hli\u00f0um myrkursins.\" \/>\n<meta name=\"robots\" content=\"index, follow, max-snippet:-1, max-image-preview:large, max-video-preview:-1\" \/>\n<link rel=\"canonical\" href=\"https:\/\/iwell-guard.com\/is\/ereshkigal\/\" \/>\n<meta property=\"og:locale\" content=\"is_IS\" \/>\n<meta property=\"og:type\" content=\"article\" \/>\n<meta property=\"og:title\" content=\"Ereshkigal\" \/>\n<meta property=\"og:description\" content=\"Ereshkigal, h\u00fasfreyja mes\u00f3p\u00f3tam\u00edsku undirheimanna. Systir Ishtar, eiginkona Nergals: drottning yfir hinum d\u00e1nu og hinum sj\u00f6 hli\u00f0um myrkursins.\" \/>\n<meta property=\"og:url\" content=\"https:\/\/iwell-guard.com\/is\/ereshkigal\/\" \/>\n<meta property=\"og:site_name\" content=\"iWell Guard\" \/>\n<meta property=\"article:modified_time\" content=\"2026-09-05T14:18:37+00:00\" \/>\n<meta property=\"og:image\" content=\"https:\/\/iwell-guard.com\/wp-content\/uploads\/2026\/04\/goetter_mesopotamien_ereshkigal.webp\" \/>\n\t<meta property=\"og:image:width\" content=\"1024\" \/>\n\t<meta property=\"og:image:height\" content=\"1536\" \/>\n\t<meta property=\"og:image:type\" content=\"image\/webp\" \/>\n<meta name=\"twitter:card\" content=\"summary_large_image\" \/>\n<script type=\"application\/ld+json\" class=\"yoast-schema-graph\">{\"@context\":\"https:\\\/\\\/schema.org\",\"@graph\":[{\"@type\":\"WebPage\",\"@id\":\"https:\\\/\\\/iwell-guard.com\\\/is\\\/ereshkigal\\\/\",\"url\":\"https:\\\/\\\/iwell-guard.com\\\/is\\\/ereshkigal\\\/\",\"name\":\"Ereshkigal \u2013 H\u00fasfreyja mes\u00f3p\u00f3tam\u00edsku undirheimanna\",\"isPartOf\":{\"@id\":\"https:\\\/\\\/iwell-guard.com\\\/is\\\/#website\"},\"primaryImageOfPage\":{\"@id\":\"https:\\\/\\\/iwell-guard.com\\\/is\\\/ereshkigal\\\/#primaryimage\"},\"image\":{\"@id\":\"https:\\\/\\\/iwell-guard.com\\\/is\\\/ereshkigal\\\/#primaryimage\"},\"thumbnailUrl\":\"https:\\\/\\\/iwell-guard.com\\\/wp-content\\\/uploads\\\/2026\\\/04\\\/goetter_mesopotamien_ereshkigal.webp\",\"datePublished\":\"2026-09-05T14:02:43+00:00\",\"dateModified\":\"2026-09-05T14:18:37+00:00\",\"description\":\"Ereshkigal, h\u00fasfreyja mes\u00f3p\u00f3tam\u00edsku undirheimanna. Systir Ishtar, eiginkona Nergals: drottning yfir hinum d\u00e1nu og hinum sj\u00f6 hli\u00f0um myrkursins.\",\"breadcrumb\":{\"@id\":\"https:\\\/\\\/iwell-guard.com\\\/is\\\/ereshkigal\\\/#breadcrumb\"},\"inLanguage\":\"is\",\"potentialAction\":[{\"@type\":\"ReadAction\",\"target\":[\"https:\\\/\\\/iwell-guard.com\\\/is\\\/ereshkigal\\\/\"]}]},{\"@type\":\"ImageObject\",\"inLanguage\":\"is\",\"@id\":\"https:\\\/\\\/iwell-guard.com\\\/is\\\/ereshkigal\\\/#primaryimage\",\"url\":\"https:\\\/\\\/iwell-guard.com\\\/wp-content\\\/uploads\\\/2026\\\/04\\\/goetter_mesopotamien_ereshkigal.webp\",\"contentUrl\":\"https:\\\/\\\/iwell-guard.com\\\/wp-content\\\/uploads\\\/2026\\\/04\\\/goetter_mesopotamien_ereshkigal.webp\",\"width\":1024,\"height\":1536,\"caption\":\"Gu\u00f0ir \u00far mes\u00f3p\u00f3tam\u00edskri hef\u00f0.\"},{\"@type\":\"BreadcrumbList\",\"@id\":\"https:\\\/\\\/iwell-guard.com\\\/is\\\/ereshkigal\\\/#breadcrumb\",\"itemListElement\":[{\"@type\":\"ListItem\",\"position\":1,\"name\":\"Start\",\"item\":\"https:\\\/\\\/iwell-guard.com\\\/is\\\/?page_id=168580\"},{\"@type\":\"ListItem\",\"position\":2,\"name\":\"Ereshkigal\"}]},{\"@type\":\"WebSite\",\"@id\":\"https:\\\/\\\/iwell-guard.com\\\/is\\\/#website\",\"url\":\"https:\\\/\\\/iwell-guard.com\\\/is\\\/\",\"name\":\"iWell Guard\",\"description\":\"Schutz vor dunklen Einfl\u00fcssen\",\"publisher\":{\"@id\":\"https:\\\/\\\/iwell-guard.com\\\/is\\\/#organization\"},\"potentialAction\":[{\"@type\":\"SearchAction\",\"target\":{\"@type\":\"EntryPoint\",\"urlTemplate\":\"https:\\\/\\\/iwell-guard.com\\\/is\\\/?s={search_term_string}\"},\"query-input\":{\"@type\":\"PropertyValueSpecification\",\"valueRequired\":true,\"valueName\":\"search_term_string\"}}],\"inLanguage\":\"is\"},{\"@type\":\"Organization\",\"@id\":\"https:\\\/\\\/iwell-guard.com\\\/is\\\/#organization\",\"name\":\"Ittermann electronic GmbH\",\"url\":\"https:\\\/\\\/iwell-guard.com\\\/is\\\/\",\"logo\":{\"@type\":\"ImageObject\",\"inLanguage\":\"is\",\"@id\":\"https:\\\/\\\/iwell-guard.com\\\/is\\\/#\\\/schema\\\/logo\\\/image\\\/\",\"url\":\"https:\\\/\\\/iwell-guard.com\\\/wp-content\\\/uploads\\\/2026\\\/05\\\/Ittermann-Logo-1182x237-1.png\",\"contentUrl\":\"https:\\\/\\\/iwell-guard.com\\\/wp-content\\\/uploads\\\/2026\\\/05\\\/Ittermann-Logo-1182x237-1.png\",\"width\":1182,\"height\":237,\"caption\":\"Ittermann electronic GmbH\"},\"image\":{\"@id\":\"https:\\\/\\\/iwell-guard.com\\\/is\\\/#\\\/schema\\\/logo\\\/image\\\/\"},\"sameAs\":[\"https:\\\/\\\/pantip.com\\\/profile\\\/9367242\",\"https:\\\/\\\/micro.blog\\\/iwellguard\",\"https:\\\/\\\/www.diggerslist.com\\\/iwellguard\\\/about\",\"https:\\\/\\\/skitterphoto.com\\\/photographers\\\/2870314\\\/iwell-guard\",\"https:\\\/\\\/iwellguard.wordpress.com\\\/2026\\\/06\\\/06\\\/iwell-guard\\\/\",\"https:\\\/\\\/hub.docker.com\\\/u\\\/iwellguard\",\"https:\\\/\\\/www.pinterest.com\\\/iwellguard\\\/\",\"https:\\\/\\\/bit.ly\\\/m\\\/iwellguard\",\"https:\\\/\\\/entre-vos-mains.alsace.eu\\\/profiles\\\/iwellguard\\\/activity\",\"https:\\\/\\\/gravatar.com\\\/reallybeded8fd34\",\"https:\\\/\\\/naijamatta.com\\\/iwellguard\",\"https:\\\/\\\/www.goodreads.com\\\/iwellguard\",\"https:\\\/\\\/profile.hatena.ne.jp\\\/iwellguard\\\/\",\"https:\\\/\\\/experiment.com\\\/users\\\/iwellguard\",\"https:\\\/\\\/wakelet.com\\\/@iWellGuard82270\",\"https:\\\/\\\/www.chordie.com\\\/forum\\\/profile.php?id=2555664\",\"https:\\\/\\\/www.instapaper.com\\\/p\\\/17757966\",\"https:\\\/\\\/www.mapleprimes.com\\\/users\\\/iwellguard\",\"https:\\\/\\\/businesslistingplus.com\\\/profile\\\/iwell-guard\\\/\",\"https:\\\/\\\/telegra.ph\\\/iWell-Guard-06-06\",\"https:\\\/\\\/pbase.com\\\/iwellguard\\\/iwellguard\",\"https:\\\/\\\/b.hatena.ne.jp\\\/iwellguard\\\/20260607#bookmark-4788405196491818882\",\"https:\\\/\\\/fliphtml5.com\\\/home\\\/iwellguard\",\"https:\\\/\\\/anyflip.com\\\/homepage\\\/cmiwl#About\",\"https:\\\/\\\/transfur.com\\\/Users\\\/iwellguard\",\"http:\\\/\\\/delphi.larsbo.org\\\/user\\\/iwellguard\",\"https:\\\/\\\/jobs.lajobsportal.org\\\/profiles\\\/8380803-iwell-guard\",\"https:\\\/\\\/md.chaosdorf.de\\\/s\\\/jfbe5SBdJD\",\"https:\\\/\\\/www.lingvolive.com\\\/en-us\\\/profile\\\/9ecaeaca-ce11-4e51-9e71-01d55e2bff36\\\/translations\",\"https:\\\/\\\/www.fitday.com\\\/fitness\\\/forums\\\/members\\\/iwellguard.html\",\"https:\\\/\\\/www.mymeetbook.com\\\/iwellguard\",\"https:\\\/\\\/pxhere.com\\\/en\\\/photographer-me\\\/5040798\",\"https:\\\/\\\/disqus.com\\\/by\\\/iwellguard\\\/about\\\/\",\"https:\\\/\\\/pastelink.net\\\/hjwciqwq\",\"https:\\\/\\\/pubhtml5.com\\\/homepage\\\/scjhn\\\/\",\"https:\\\/\\\/www.bitchute.com\\\/channel\\\/2O2eOKzNqujT\",\"https:\\\/\\\/audiomack.com\\\/iwellguard\"]},{\"@type\":\"Article\",\"@id\":\"https:\\\/\\\/iwell-guard.com\\\/is\\\/ereshkigal\\\/#article\",\"isPartOf\":{\"@id\":\"https:\\\/\\\/iwell-guard.com\\\/is\\\/ereshkigal\\\/\"},\"author\":{\"name\":\"Ralf Ittermann\",\"@id\":\"https:\\\/\\\/iwell-guard.com\\\/is\\\/#\\\/schema\\\/person\\\/ee2a27f1cac3406c7c6fb5820cb7349f\"},\"headline\":\"Ereshkigal\",\"datePublished\":\"2026-09-05T14:02:43+00:00\",\"dateModified\":\"2026-09-05T14:18:37+00:00\",\"mainEntityOfPage\":{\"@id\":\"https:\\\/\\\/iwell-guard.com\\\/is\\\/ereshkigal\\\/\"},\"publisher\":{\"@id\":\"https:\\\/\\\/iwell-guard.com\\\/is\\\/#organization\"},\"image\":{\"@id\":\"https:\\\/\\\/iwell-guard.com\\\/is\\\/ereshkigal\\\/#primaryimage\"},\"thumbnailUrl\":\"https:\\\/\\\/iwell-guard.com\\\/wp-content\\\/uploads\\\/2026\\\/04\\\/goetter_mesopotamien_ereshkigal.webp\",\"inLanguage\":\"is\",\"description\":\"Ereshkigal, h\u00fasfreyja mes\u00f3p\u00f3tam\u00edsku undirheimanna. Systir Ishtar, eiginkona Nergals: drottning yfir hinum d\u00e1nu og hinum sj\u00f6 hli\u00f0um myrkursins.\"}]}<\/script>\n<!-- \/ Yoast SEO Premium plugin. -->","yoast_head_json":{"title":"Ereshkigal \u2013 H\u00fasfreyja mes\u00f3p\u00f3tam\u00edsku undirheimanna","description":"Ereshkigal, h\u00fasfreyja mes\u00f3p\u00f3tam\u00edsku undirheimanna. Systir Ishtar, eiginkona Nergals: drottning yfir hinum d\u00e1nu og hinum sj\u00f6 hli\u00f0um myrkursins.","robots":{"index":"index","follow":"follow","max-snippet":"max-snippet:-1","max-image-preview":"max-image-preview:large","max-video-preview":"max-video-preview:-1"},"canonical":"https:\/\/iwell-guard.com\/is\/ereshkigal\/","og_locale":"is_IS","og_type":"article","og_title":"Ereshkigal","og_description":"Ereshkigal, h\u00fasfreyja mes\u00f3p\u00f3tam\u00edsku undirheimanna. Systir Ishtar, eiginkona Nergals: drottning yfir hinum d\u00e1nu og hinum sj\u00f6 hli\u00f0um myrkursins.","og_url":"https:\/\/iwell-guard.com\/is\/ereshkigal\/","og_site_name":"iWell Guard","article_modified_time":"2026-09-05T14:18:37+00:00","og_image":[{"width":1024,"height":1536,"url":"https:\/\/iwell-guard.com\/wp-content\/uploads\/2026\/04\/goetter_mesopotamien_ereshkigal.webp","type":"image\/webp"}],"twitter_card":"summary_large_image","schema":{"@context":"https:\/\/schema.org","@graph":[{"@type":"Article","@id":"https:\/\/iwell-guard.com\/is\/ereshkigal\/#article","isPartOf":{"@id":"https:\/\/iwell-guard.com\/is\/ereshkigal\/"},"author":{"name":"Ralf Ittermann","@id":"https:\/\/iwell-guard.com\/is\/#\/schema\/person\/ee2a27f1cac3406c7c6fb5820cb7349f"},"headline":"Ereshkigal","datePublished":"2026-09-05T14:02:43+00:00","dateModified":"2026-09-05T14:18:37+00:00","mainEntityOfPage":{"@id":"https:\/\/iwell-guard.com\/is\/ereshkigal\/"},"publisher":{"@id":"https:\/\/iwell-guard.com\/is\/#organization"},"image":{"@id":"https:\/\/iwell-guard.com\/is\/ereshkigal\/#primaryimage"},"thumbnailUrl":"https:\/\/iwell-guard.com\/wp-content\/uploads\/2026\/04\/goetter_mesopotamien_ereshkigal.webp","inLanguage":"is","description":"Ereshkigal, h\u00fasfreyja mes\u00f3p\u00f3tam\u00edsku undirheimanna. Systir Ishtar, eiginkona Nergals: drottning yfir hinum d\u00e1nu og hinum sj\u00f6 hli\u00f0um myrkursins."},{"@type":"WebPage","@id":"https:\/\/iwell-guard.com\/is\/ereshkigal\/","url":"https:\/\/iwell-guard.com\/is\/ereshkigal\/","name":"Ereshkigal \u2013 H\u00fasfreyja mes\u00f3p\u00f3tam\u00edsku undirheimanna","isPartOf":{"@id":"https:\/\/iwell-guard.com\/is\/#website"},"primaryImageOfPage":{"@id":"https:\/\/iwell-guard.com\/is\/ereshkigal\/#primaryimage"},"image":{"@id":"https:\/\/iwell-guard.com\/is\/ereshkigal\/#primaryimage"},"thumbnailUrl":"https:\/\/iwell-guard.com\/wp-content\/uploads\/2026\/04\/goetter_mesopotamien_ereshkigal.webp","datePublished":"2026-09-05T14:02:43+00:00","dateModified":"2026-09-05T14:18:37+00:00","description":"Ereshkigal, h\u00fasfreyja mes\u00f3p\u00f3tam\u00edsku undirheimanna. Systir Ishtar, eiginkona Nergals: drottning yfir hinum d\u00e1nu og hinum sj\u00f6 hli\u00f0um myrkursins.","breadcrumb":{"@id":"https:\/\/iwell-guard.com\/is\/ereshkigal\/#breadcrumb"},"inLanguage":"is","potentialAction":[{"@type":"ReadAction","target":["https:\/\/iwell-guard.com\/is\/ereshkigal\/"]}]},{"@type":"ImageObject","inLanguage":"is","@id":"https:\/\/iwell-guard.com\/is\/ereshkigal\/#primaryimage","url":"https:\/\/iwell-guard.com\/wp-content\/uploads\/2026\/04\/goetter_mesopotamien_ereshkigal.webp","contentUrl":"https:\/\/iwell-guard.com\/wp-content\/uploads\/2026\/04\/goetter_mesopotamien_ereshkigal.webp","width":1024,"height":1536,"caption":"Gu\u00f0ir \u00far mes\u00f3p\u00f3tam\u00edskri hef\u00f0."},{"@type":"BreadcrumbList","@id":"https:\/\/iwell-guard.com\/is\/ereshkigal\/#breadcrumb","itemListElement":[{"@type":"ListItem","position":1,"name":"Start","item":"https:\/\/iwell-guard.com\/is\/?page_id=168580"},{"@type":"ListItem","position":2,"name":"Ereshkigal"}]},{"@type":"WebSite","@id":"https:\/\/iwell-guard.com\/is\/#website","url":"https:\/\/iwell-guard.com\/is\/","name":"iWell Guard","description":"Schutz vor dunklen Einfl\u00fcssen","publisher":{"@id":"https:\/\/iwell-guard.com\/is\/#organization"},"potentialAction":[{"@type":"SearchAction","target":{"@type":"EntryPoint","urlTemplate":"https:\/\/iwell-guard.com\/is\/?s={search_term_string}"},"query-input":{"@type":"PropertyValueSpecification","valueRequired":true,"valueName":"search_term_string"}}],"inLanguage":"is"},{"@type":"Organization","@id":"https:\/\/iwell-guard.com\/is\/#organization","name":"Ittermann electronic GmbH","url":"https:\/\/iwell-guard.com\/is\/","logo":{"@type":"ImageObject","inLanguage":"is","@id":"https:\/\/iwell-guard.com\/is\/#\/schema\/logo\/image\/","url":"https:\/\/iwell-guard.com\/wp-content\/uploads\/2026\/05\/Ittermann-Logo-1182x237-1.png","contentUrl":"https:\/\/iwell-guard.com\/wp-content\/uploads\/2026\/05\/Ittermann-Logo-1182x237-1.png","width":1182,"height":237,"caption":"Ittermann electronic GmbH"},"image":{"@id":"https:\/\/iwell-guard.com\/is\/#\/schema\/logo\/image\/"},"sameAs":["https:\/\/pantip.com\/profile\/9367242","https:\/\/micro.blog\/iwellguard","https:\/\/www.diggerslist.com\/iwellguard\/about","https:\/\/skitterphoto.com\/photographers\/2870314\/iwell-guard","https:\/\/iwellguard.wordpress.com\/2026\/06\/06\/iwell-guard\/","https:\/\/hub.docker.com\/u\/iwellguard","https:\/\/www.pinterest.com\/iwellguard\/","https:\/\/bit.ly\/m\/iwellguard","https:\/\/entre-vos-mains.alsace.eu\/profiles\/iwellguard\/activity","https:\/\/gravatar.com\/reallybeded8fd34","https:\/\/naijamatta.com\/iwellguard","https:\/\/www.goodreads.com\/iwellguard","https:\/\/profile.hatena.ne.jp\/iwellguard\/","https:\/\/experiment.com\/users\/iwellguard","https:\/\/wakelet.com\/@iWellGuard82270","https:\/\/www.chordie.com\/forum\/profile.php?id=2555664","https:\/\/www.instapaper.com\/p\/17757966","https:\/\/www.mapleprimes.com\/users\/iwellguard","https:\/\/businesslistingplus.com\/profile\/iwell-guard\/","https:\/\/telegra.ph\/iWell-Guard-06-06","https:\/\/pbase.com\/iwellguard\/iwellguard","https:\/\/b.hatena.ne.jp\/iwellguard\/20260607#bookmark-4788405196491818882","https:\/\/fliphtml5.com\/home\/iwellguard","https:\/\/anyflip.com\/homepage\/cmiwl#About","https:\/\/transfur.com\/Users\/iwellguard","http:\/\/delphi.larsbo.org\/user\/iwellguard","https:\/\/jobs.lajobsportal.org\/profiles\/8380803-iwell-guard","https:\/\/md.chaosdorf.de\/s\/jfbe5SBdJD","https:\/\/www.lingvolive.com\/en-us\/profile\/9ecaeaca-ce11-4e51-9e71-01d55e2bff36\/translations","https:\/\/www.fitday.com\/fitness\/forums\/members\/iwellguard.html","https:\/\/www.mymeetbook.com\/iwellguard","https:\/\/pxhere.com\/en\/photographer-me\/5040798","https:\/\/disqus.com\/by\/iwellguard\/about\/","https:\/\/pastelink.net\/hjwciqwq","https:\/\/pubhtml5.com\/homepage\/scjhn\/","https:\/\/www.bitchute.com\/channel\/2O2eOKzNqujT","https:\/\/audiomack.com\/iwellguard"]},{"@type":"Person","@id":"https:\/\/iwell-guard.com\/is\/#\/schema\/person\/ee2a27f1cac3406c7c6fb5820cb7349f","name":"Ralf Ittermann","image":{"@type":"ImageObject","inLanguage":"is","@id":"https:\/\/secure.gravatar.com\/avatar\/073c0153e350a5005b68eb752b445fea71f6b24a26da9449ad7e155e6b446c9d?s=96&d=mm&r=g","url":"https:\/\/secure.gravatar.com\/avatar\/073c0153e350a5005b68eb752b445fea71f6b24a26da9449ad7e155e6b446c9d?s=96&d=mm&r=g","contentUrl":"https:\/\/secure.gravatar.com\/avatar\/073c0153e350a5005b68eb752b445fea71f6b24a26da9449ad7e155e6b446c9d?s=96&d=mm&r=g","caption":"Ralf Ittermann"},"givenName":"Ralf","familyName":"Ittermann","jobTitle":"Gesch\u00e4ftsf\u00fchrer und redaktioneller Verantwortlicher","url":"https:\/\/iwell-guard.com\/is\/author\/claude\/","description":"Ralf Ittermann ist Gesch\u00e4ftsf\u00fchrer der Ittermann electronic GmbH und redaktioneller Verantwortlicher des iWell-Guard-Lexikons. Er verbindet langj\u00e4hrige Erfahrung in der Pr\u00e4zisionsfertigung mit medialer Praxis und religionsgeschichtlicher Quellenarbeit.","worksFor":{"@type":"Organization","name":"Ittermann electronic GmbH","url":"https:\/\/ittermann.de\/","address":{"@type":"PostalAddress","streetAddress":"K\u00f6hlergasse 16-18","postalCode":"99842","addressLocality":"Ruhla","addressCountry":"DE"}},"knowsAbout":["Religionsgeschichte","Mythologie","Mediale Praxis","Energetische Diagnostik","Schutzpraxis","Volksglauben","Westliche Esoterik"]},{"@type":"Article","@id":"https:\/\/iwell-guard.com\/is\/ereshkigal\/#article","isPartOf":{"@id":"https:\/\/iwell-guard.com\/is\/ereshkigal\/"},"author":{"name":"Ralf Ittermann","@id":"https:\/\/iwell-guard.com\/is\/#\/schema\/person\/ee2a27f1cac3406c7c6fb5820cb7349f"},"headline":"Ereshkigal","datePublished":"2026-09-05T14:02:43+00:00","dateModified":"2026-09-05T14:18:37+00:00","mainEntityOfPage":{"@id":"https:\/\/iwell-guard.com\/is\/ereshkigal\/"},"publisher":{"@id":"https:\/\/iwell-guard.com\/is\/#organization"},"image":{"@id":"https:\/\/iwell-guard.com\/is\/ereshkigal\/#primaryimage"},"thumbnailUrl":"https:\/\/iwell-guard.com\/wp-content\/uploads\/2026\/04\/goetter_mesopotamien_ereshkigal.webp","inLanguage":"is","description":"Ereshkigal, h\u00fasfreyja mes\u00f3p\u00f3tam\u00edsku undirheimanna. Systir Ishtar, eiginkona Nergals: drottning yfir hinum d\u00e1nu og hinum sj\u00f6 hli\u00f0um myrkursins."}]}},"_links":{"self":[{"href":"https:\/\/iwell-guard.com\/is\/wp-json\/wp\/v2\/pages\/168756","targetHints":{"allow":["GET"]}}],"collection":[{"href":"https:\/\/iwell-guard.com\/is\/wp-json\/wp\/v2\/pages"}],"about":[{"href":"https:\/\/iwell-guard.com\/is\/wp-json\/wp\/v2\/types\/page"}],"author":[{"embeddable":true,"href":"https:\/\/iwell-guard.com\/is\/wp-json\/wp\/v2\/users\/3"}],"replies":[{"embeddable":true,"href":"https:\/\/iwell-guard.com\/is\/wp-json\/wp\/v2\/comments?post=168756"}],"version-history":[{"count":0,"href":"https:\/\/iwell-guard.com\/is\/wp-json\/wp\/v2\/pages\/168756\/revisions"}],"wp:featuredmedia":[{"embeddable":true,"href":"https:\/\/iwell-guard.com\/is\/wp-json\/wp\/v2\/media\/1735"}],"wp:attachment":[{"href":"https:\/\/iwell-guard.com\/is\/wp-json\/wp\/v2\/media?parent=168756"}],"wp:term":[{"taxonomy":"category","embeddable":true,"href":"https:\/\/iwell-guard.com\/is\/wp-json\/wp\/v2\/categories?post=168756"}],"curies":[{"name":"wp","href":"https:\/\/api.w.org\/{rel}","templated":true}]}}