{"id":168753,"date":"2026-09-05T14:02:42","date_gmt":"2026-09-05T14:02:42","guid":{"rendered":"https:\/\/iwell-guard.com\/?page_id=168753"},"modified":"2026-09-05T14:18:32","modified_gmt":"2026-09-05T14:18:32","slug":"pluto","status":"publish","type":"page","link":"https:\/\/iwell-guard.com\/is\/pluto\/","title":{"rendered":"Pl\u00fat\u00f3"},"content":{"rendered":"\t\t<div data-elementor-type=\"wp-page\" data-elementor-id=\"168753\" class=\"elementor elementor-168753 elementor-1966 elementor-bc-flex-widget\" data-elementor-post-type=\"page\">\n\t\t\t\t<div class=\"elementor-element elementor-element-10fdade e-flex e-con-boxed e-con e-parent\" data-id=\"10fdade\" data-element_type=\"container\" data-e-type=\"container\" data-settings=\"{&quot;background_background&quot;:&quot;classic&quot;}\">\n\t\t\t\t\t<div class=\"e-con-inner\">\n\t\t<div class=\"elementor-element elementor-element-herohlft0 e-flex e-con-boxed e-con e-child\" data-id=\"herohlft0\" data-element_type=\"container\" data-e-type=\"container\">\n\t\t\t\t\t<div class=\"e-con-inner\">\n\t\t<div class=\"elementor-element elementor-element-c3ceb64 e-con-full e-flex e-con e-child\" data-id=\"c3ceb64\" data-element_type=\"container\" data-e-type=\"container\">\n\t\t\t\t<div class=\"elementor-element elementor-element-96ae5e1 elementor-widget elementor-widget-heading\" data-id=\"96ae5e1\" data-element_type=\"widget\" data-e-type=\"widget\" data-widget_type=\"heading.default\">\n\t\t\t\t\t<h1 class=\"elementor-heading-title elementor-size-default\">Pl\u00fat\u00f3, gu\u00f0 r\u00f3mverskrar hef\u00f0ar<\/h1>\t\t\t\t<\/div>\n\t\t\t\t<div class=\"elementor-element elementor-element-e45238a elementor-widget elementor-widget-text-editor\" data-id=\"e45238a\" data-element_type=\"widget\" data-e-type=\"widget\" data-widget_type=\"text-editor.default\">\n\t\t\t\t\t\t\t\t\t<p>Pl\u00fat\u00f3 er gu\u00f0 undirheima og au\u00f0leg\u00f0ar \u00ed r\u00f3mverskri hef\u00f0. Nafni\u00f0 sj\u00e1lft \u00fe\u00fd\u00f0ir \u201ehinn r\u00edki\u201d og v\u00edsar til jar\u00f0arg\u00e6\u00f0a ne\u00f0anjar\u00f0ar. Tr\u00faarfr\u00e6\u00f0ilega er Pl\u00fat\u00f3 gott d\u00e6mi um tv\u00edr\u00e6\u00f0ni jar\u00f0neskra gu\u00f0d\u00f3ma sem eru b\u00e6\u00f0i \u00f3gnvekjandi og l\u00edfgefandi, d\u00f3mari hinna l\u00e1tnu og verndari jar\u00f0ar.<\/p>\t\t\t\t\t\t\t\t<\/div>\n\t\t\t\t<\/div>\n\t\t<div class=\"elementor-element elementor-element-klsbdg01 e-con-full e-flex e-con e-parent\" data-id=\"klsbdg01\" data-element_type=\"container\" data-e-type=\"container\">\n\t\t\t\t<div class=\"elementor-element elementor-element-klshtm01 elementor-widget elementor-widget-html\" data-id=\"klshtm01\" data-element_type=\"widget\" data-e-type=\"widget\" data-widget_type=\"html.default\">\n\t\t\t\t\t<div class=\"iwg-pill-row\"><span class=\"iwg-klasse-badge\" tabindex=\"0\" data-tooltip=\"Gu\u00f0 \/ gy\u00f0ja: Pers\u00f3nuger\u00f0 \u00e6\u00f0sta vald \u00ed go\u00f0sagnaheimi menningar, me\u00f0 sk\u00fdrar valdssvi\u00f0, n\u00e1tt\u00faru\u00f6fl, \u00f6rl\u00f6g, str\u00ed\u00f0, frj\u00f3semi. D\u00fdrku\u00f0 me\u00f0 helgisi\u00f0um, f\u00f3rnum og hofastofnunum.\">Gu\u00f0<\/span><a href=\"https:\/\/iwell-guard.com\/is\/?page_id=168595\" class=\"iwg-kultur-badge\" tabindex=\"0\" data-tooltip=\"R\u00f3mversk tr\u00faarbr\u00f6g\u00f0 fr\u00e1 konungd\u00f3mi til s\u00ed\u00f0fornaldar, samofin gr\u00edskum og etr\u00faskum l\u00f6gum.\">R\u00f3m<\/a><a href=\"https:\/\/iwell-guard.com\/is\/?page_id=168709\" class=\"iwg-tradition-badge\" tabindex=\"0\" data-tooltip=\"Gu\u00f0ir undirheima og dau\u00f0ans, r\u00e1\u00f0amenn hins framli\u00f0na, d\u00f3marar hinna l\u00e1tnu, fylgjendur s\u00e1lna.\">Dau\u00f0agu\u00f0<\/a><\/div>\t\t\t\t<\/div>\n\t\t\t\t<\/div>\n\t\t<div class=\"elementor-element elementor-element-3f74855 e-con-full e-flex e-con e-child\" data-id=\"3f74855\" data-element_type=\"container\" data-e-type=\"container\">\n\t\t\t\t<div class=\"elementor-element elementor-element-1c30362 elementor-toc--minimized-on-tablet elementor-widget elementor-widget-table-of-contents\" data-id=\"1c30362\" data-element_type=\"widget\" data-e-type=\"widget\" data-settings=\"{&quot;exclude_headings_by_selector&quot;:[],&quot;no_headings_message&quot;:&quot;Engar undirfyrirsagnir fundust \\u00e1 \\u00feessari s\\u00ed\\u00f0u.&quot;,&quot;headings_by_tags&quot;:[&quot;h2&quot;,&quot;h3&quot;],&quot;marker_view&quot;:&quot;bullets&quot;,&quot;minimize_box&quot;:&quot;yes&quot;,&quot;icon&quot;:{&quot;value&quot;:&quot;fas fa-circle&quot;,&quot;library&quot;:&quot;fa-solid&quot;,&quot;rendered_tag&quot;:&quot;&lt;svg class=\\&quot;e-font-icon-svg e-fas-circle\\&quot; viewBox=\\&quot;0 0 512 512\\&quot; xmlns=\\&quot;http:\\\/\\\/www.w3.org\\\/2000\\\/svg\\&quot;&gt;&lt;path d=\\&quot;M256 8C119 8 8 119 8 256s111 248 248 248 248-111 248-248S393 8 256 8z\\&quot;&gt;&lt;\\\/path&gt;&lt;\\\/svg&gt;&quot;},&quot;minimized_on&quot;:&quot;tablet&quot;,&quot;hierarchical_view&quot;:&quot;yes&quot;,&quot;min_height&quot;:{&quot;unit&quot;:&quot;px&quot;,&quot;size&quot;:&quot;&quot;,&quot;sizes&quot;:[]},&quot;min_height_tablet&quot;:{&quot;unit&quot;:&quot;px&quot;,&quot;size&quot;:&quot;&quot;,&quot;sizes&quot;:[]},&quot;min_height_mobile&quot;:{&quot;unit&quot;:&quot;px&quot;,&quot;size&quot;:&quot;&quot;,&quot;sizes&quot;:[]}}\" data-widget_type=\"table-of-contents.default\">\n\t\t\t\t\t\t\t\t\t<div class=\"elementor-toc__header\">\n\t\t\t\t\t\t<h2 class=\"elementor-toc__header-title\">\n\t\t\t\tEfnisyfirlit\t\t\t<\/h2>\n\t\t\t\t\t\t\t\t\t\t<div class=\"elementor-toc__toggle-button elementor-toc__toggle-button--expand\" role=\"button\" tabindex=\"0\" aria-controls=\"elementor-toc__1c30362\" aria-expanded=\"true\" aria-label=\"Open table of contents\"><svg aria-hidden=\"true\" class=\"e-font-icon-svg e-fas-chevron-down\" viewBox=\"0 0 448 512\" xmlns=\"http:\/\/www.w3.org\/2000\/svg\"><path d=\"M207.029 381.476L12.686 187.132c-9.373-9.373-9.373-24.569 0-33.941l22.667-22.667c9.357-9.357 24.522-9.375 33.901-.04L224 284.505l154.745-154.021c9.379-9.335 24.544-9.317 33.901.04l22.667 22.667c9.373 9.373 9.373 24.569 0 33.941L240.971 381.476c-9.373 9.372-24.569 9.372-33.942 0z\"><\/path><\/svg><\/div>\n\t\t\t\t<div class=\"elementor-toc__toggle-button elementor-toc__toggle-button--collapse\" role=\"button\" tabindex=\"0\" aria-controls=\"elementor-toc__1c30362\" aria-expanded=\"true\" aria-label=\"Close table of contents\"><svg aria-hidden=\"true\" class=\"e-font-icon-svg e-fas-chevron-up\" viewBox=\"0 0 448 512\" xmlns=\"http:\/\/www.w3.org\/2000\/svg\"><path d=\"M240.971 130.524l194.343 194.343c9.373 9.373 9.373 24.569 0 33.941l-22.667 22.667c-9.357 9.357-24.522 9.375-33.901.04L224 227.495 69.255 381.516c-9.379 9.335-24.544 9.317-33.901-.04l-22.667-22.667c-9.373-9.373-9.373-24.569 0-33.941L207.03 130.525c9.372-9.373 24.568-9.373 33.941-.001z\"><\/path><\/svg><\/div>\n\t\t\t\t\t<\/div>\n\t\t\t\t<div id=\"elementor-toc__1c30362\" class=\"elementor-toc__body\">\n\t\t\t<div class=\"elementor-toc__spinner-container\">\n\t\t\t\t<svg class=\"elementor-toc__spinner eicon-animation-spin e-font-icon-svg e-eicon-loading\" aria-hidden=\"true\" viewBox=\"0 0 1000 1000\" xmlns=\"http:\/\/www.w3.org\/2000\/svg\"><path d=\"M500 975V858C696 858 858 696 858 500S696 142 500 142 142 304 142 500H25C25 237 238 25 500 25S975 237 975 500 763 975 500 975Z\"><\/path><\/svg>\t\t\t<\/div>\n\t\t<\/div>\n\t\t\t\t\t\t<\/div>\n\t\t\t\t<\/div>\n\t\t\t\t\t<\/div>\n\t\t\t\t<\/div>\n\t\t<div class=\"elementor-element elementor-element-herorght0 e-con-full e-flex e-con e-child\" data-id=\"herorght0\" data-element_type=\"container\" data-e-type=\"container\">\n\t\t\t\t<div class=\"elementor-element elementor-element-heroimg00 iwg-hero-image elementor-widget elementor-widget-image\" data-id=\"heroimg00\" data-element_type=\"widget\" data-e-type=\"widget\" data-widget_type=\"image.default\">\n\t\t\t\t\t\t\t\t\t\t\t\t\t\t\t<img fetchpriority=\"high\" decoding=\"async\" width=\"683\" height=\"1024\" src=\"https:\/\/iwell-guard.com\/wp-content\/uploads\/2026\/04\/goetter_rom_pluto-683x1024.webp\" class=\"attachment-large size-large wp-image-170965\" alt=\"Pluto - gu\u00f0ir \u00far r\u00f3mverskri hef\u00f0, s\u00f6guleg myndskreyting\" srcset=\"https:\/\/iwell-guard.com\/wp-content\/uploads\/2026\/04\/goetter_rom_pluto-683x1024.webp 683w, https:\/\/iwell-guard.com\/wp-content\/uploads\/2026\/04\/goetter_rom_pluto-200x300.webp 200w, https:\/\/iwell-guard.com\/wp-content\/uploads\/2026\/04\/goetter_rom_pluto-768x1152.webp 768w, https:\/\/iwell-guard.com\/wp-content\/uploads\/2026\/04\/goetter_rom_pluto.webp 1024w\" sizes=\"(max-width: 683px) 100vw, 683px\" \/>\t\t\t\t\t\t\t\t\t\t\t\t\t\t\t<\/div>\n\t\t\t\t<\/div>\n\t\t\t\t\t<\/div>\n\t\t\t\t<\/div>\n\t\t<div class=\"elementor-element elementor-element-32917199 e-flex e-con-boxed e-con e-parent\" data-id=\"32917199\" data-element_type=\"container\" data-e-type=\"container\">\n\t\t\t\t\t<div class=\"e-con-inner\">\n\t\t<div class=\"elementor-element elementor-element-26e916cb e-flex e-con-boxed e-con e-child\" data-id=\"26e916cb\" data-element_type=\"container\" data-e-type=\"container\">\n\t\t\t\t\t<div class=\"e-con-inner\">\n\t\t<div class=\"elementor-element elementor-element-253a40d4 e-flex e-con-boxed e-con e-child\" data-id=\"253a40d4\" data-element_type=\"container\" data-e-type=\"container\">\n\t\t\t\t\t<div class=\"e-con-inner\">\n\t\t\t\t<div class=\"elementor-element elementor-element-1200c304 elementor-widget elementor-widget-heading\" data-id=\"1200c304\" data-element_type=\"widget\" data-e-type=\"widget\" data-widget_type=\"heading.default\">\n\t\t\t\t\t<h2 class=\"elementor-heading-title elementor-size-default\">Pl\u00fat\u00f3<\/h2>\t\t\t\t<\/div>\n\t\t\t\t<div class=\"elementor-element elementor-element-11758e7f elementor-widget elementor-widget-text-editor\" data-id=\"11758e7f\" data-element_type=\"widget\" data-e-type=\"widget\" data-widget_type=\"text-editor.default\">\n\t\t\t\t\t\t\t\t\t<p>Pl\u00fat\u00f3 r\u00e6\u00f0ur yfir r\u00edki hinna l\u00e1tnu, \u00e1samt eiginkonu sinni Proserp\u00ednu. Hann er ekki illur heldur tr\u00far skyldu sinni og reglu, strangur herra undirheima. Meginhli\u00f0ar hans eru vald yfir dau\u00f0anum, hreinsun me\u00f0 dau\u00f0a, falin au\u00f0lindir og frj\u00f3semi ne\u00f0anjar\u00f0ar. <span class=\"iwg-fachbegriff\" data-tooltip=\"Bygging sem er n\u00fdtt til d\u00fdrkunar \u00e1 einum e\u00f0a fleiri gu\u00f0d\u00f3mum.\" tabindex=\"0\">Hofi\u00f0<\/span> \u00ed Tarracina (Volterra) og d\u00fdrkun Chthonii (gu\u00f0a ne\u00f0anjar\u00f0ar) sta\u00f0festa v\u00ed\u00f0t\u00e6ka tilbei\u00f0slu hans.<\/p>\t\t\t\t\t\t\t\t<\/div>\n\t\t\t\t\t<\/div>\n\t\t\t\t<\/div>\n\t\t<div class=\"elementor-element elementor-element-159dcf9a e-flex e-con-boxed e-con e-child\" data-id=\"159dcf9a\" data-element_type=\"container\" data-e-type=\"container\">\n\t\t\t\t\t<div class=\"e-con-inner\">\n\t\t\t\t<div class=\"elementor-element elementor-element-48cee66f elementor-widget elementor-widget-heading\" data-id=\"48cee66f\" data-element_type=\"widget\" data-e-type=\"widget\" data-widget_type=\"heading.default\">\n\t\t\t\t\t<h2 class=\"elementor-heading-title elementor-size-default\">Yfirlit: Pl\u00fat\u00f3<\/h2>\t\t\t\t<\/div>\n\t\t\t\t<div class=\"elementor-element elementor-element-3f50d82c elementor-widget elementor-widget-text-editor\" data-id=\"3f50d82c\" data-element_type=\"widget\" data-e-type=\"widget\" data-widget_type=\"text-editor.default\">\n\t\t\t\t\t\t\t\t\t<p>Heimildir eru fj\u00f6lmargar: Eneasarkvi\u00f0a Vergils (6. b\u00f3k, fer\u00f0 til undirheima), Ummyndanir \u00d3v\u00ed\u00f0s, Cicero De Natura Deorum, Seneca, latneskar legsteina\u00e1letranir og b\u00f6lvunart\u00f6flur (defixiones). \u00c1 s\u00ed\u00f0ari t\u00edmum hafa Karl Latte, Georg Wissowa og <span class=\"iwg-fachbegriff\" tabindex=\"0\" data-tooltip=\"\u00de\u00fdskur tr\u00faarbrag\u00f0afr\u00e6\u00f0ingur (1931\u20132015); h\u00f6fu\u00f0rit Griechische Religion (1977).\">Walter Burkert<\/span> greint tengslin milli Pl\u00fat\u00f3s, Hades og gu\u00f0a ne\u00f0anjar\u00f0ar. \u00datbrei\u00f0slan n\u00e1\u00f0i yfir \u00cdtal\u00edu, Gall\u00edu og Afr\u00edku.<\/p>\t\t\t\t\t\t\t\t<\/div>\n\t\t\t\t\t<\/div>\n\t\t\t\t<\/div>\n\t\t\t\t\t<\/div>\n\t\t\t\t<\/div>\n\t\t\t\t\t<\/div>\n\t\t\t\t<\/div>\n\t\t<div class=\"elementor-element elementor-element-18613602 e-flex e-con-boxed e-con e-parent\" data-id=\"18613602\" data-element_type=\"container\" data-e-type=\"container\">\n\t\t\t\t\t<div class=\"e-con-inner\">\n\t\t\t\t<div class=\"elementor-element elementor-element-262b8a9f elementor-widget elementor-widget-heading\" data-id=\"262b8a9f\" data-element_type=\"widget\" data-e-type=\"widget\" data-widget_type=\"heading.default\">\n\t\t\t\t\t<h2 class=\"elementor-heading-title elementor-size-default\">S\u00f6guleg sta\u00f0setning<\/h2>\t\t\t\t<\/div>\n\t\t<div class=\"elementor-element elementor-element-46dcb7d e-con-full e-flex e-con e-child\" data-id=\"46dcb7d\" data-element_type=\"container\" data-e-type=\"container\">\n\t\t<div class=\"elementor-element elementor-element-61d3ab3 e-flex e-con-boxed e-con e-child\" data-id=\"61d3ab3\" data-element_type=\"container\" data-e-type=\"container\">\n\t\t\t\t\t<div class=\"e-con-inner\">\n\t\t\t\t<div class=\"elementor-element elementor-element-117c166 elementor-widget elementor-widget-heading\" data-id=\"117c166\" data-element_type=\"widget\" data-e-type=\"widget\" data-widget_type=\"heading.default\">\n\t\t\t\t\t<h3 class=\"elementor-heading-title elementor-size-default\">T\u00edmabil textanna<\/h3>\t\t\t\t<\/div>\n\t\t\t\t<div class=\"elementor-element elementor-element-73997a0 elementor-widget elementor-widget-text-editor\" data-id=\"73997a0\" data-element_type=\"widget\" data-e-type=\"widget\" data-widget_type=\"text-editor.default\">\n\t\t\t\t\t\t\t\t\t<p>Pers\u00f3na Pl\u00fat\u00f3s lif\u00f0i af endalok fornaldartr\u00faarbrag\u00f0anna. Vergill og \u00d3v\u00ed\u00f0 festu r\u00e1ni\u00f0 \u00e1 Proserp\u00ednu \u00ed sessi \u00ed latneskum b\u00f3kmenntum, \u00fea\u00f0an sem sagan barst \u00e1fram til mi\u00f0alda og endurreisnart\u00edmans.<\/p><p>Dante ger\u00f0i Pl\u00fat\u00f3 a\u00f0 pers\u00f3nu \u00ed helv\u00edti s\u00ednu, og Bernini skapa\u00f0i me\u00f0 R\u00e1ni Proserp\u00ednu eitt kunnasta h\u00f6ggmyndaverk barokkt\u00edmans. \u00c1ri\u00f0 1930 f\u00e9kk svo n\u00fdfundinn himinhn\u00f6ttur \u00e1 ja\u00f0ri s\u00f3lkerfisins nafn gu\u00f0sins.<\/p><h3>Go\u00f0sagnafr\u00e6\u00f0ileg sta\u00f0setning<\/h3><p>Pl\u00fat\u00f3 er r\u00f3mverskur gu\u00f0 undirheima, dau\u00f0ans og au\u00f0leg\u00f0ar. \u00d3l\u00edkt gr\u00edska Hades er hann sterkari tengdur Lat\u00edum. Hann er talinn nau\u00f0synlegur og virtur, engin illkvittni fylgir honum. Yfirr\u00e1\u00f0 hans yfir au\u00f0leg\u00f0 ne\u00f0anjar\u00f0ar tengja hann vi\u00f0 vels\u00e6ld. Hann r\u00e6\u00f0ur yfir landam\u00e6rum.<\/p>\t\t\t\t\t\t\t\t<\/div>\n\t\t\t\t\t<\/div>\n\t\t\t\t<\/div>\n\t\t<div class=\"elementor-element elementor-element-d47b156 e-flex e-con-boxed e-con e-child\" data-id=\"d47b156\" data-element_type=\"container\" data-e-type=\"container\">\n\t\t\t\t\t<div class=\"e-con-inner\">\n\t\t\t\t<div class=\"elementor-element elementor-element-ff38c2b elementor-widget elementor-widget-heading\" data-id=\"ff38c2b\" data-element_type=\"widget\" data-e-type=\"widget\" data-widget_type=\"heading.default\">\n\t\t\t\t\t<h3 class=\"elementor-heading-title elementor-size-default\">\u00datbrei\u00f0slusv\u00e6\u00f0i<\/h3>\t\t\t\t<\/div>\n\t\t\t\t<div class=\"elementor-element elementor-element-4e49fcc elementor-widget elementor-widget-text-editor\" data-id=\"4e49fcc\" data-element_type=\"widget\" data-e-type=\"widget\" data-widget_type=\"text-editor.default\">\n\t\t\t\t\t\t\t\t\t<p>Pl\u00fat\u00f3 var v\u00ed\u00f0kunnur og d\u00fdrka\u00f0ur e\u00f0a virtur me\u00f0 lotningarfullri lotningu um allan hinn r\u00f3mverska heim, \u00e1n bindingar vi\u00f0 \u00e1kve\u00f0in sv\u00e6\u00f0i e\u00f0a sta\u00f0i. Hvort sem \u00ed st\u00f3rum borgarsetrum e\u00f0a \u00ed dreifb\u00fdlum sveitum, hj\u00e1 f\u00e9lagslegri yfirst\u00e9tt e\u00f0a almennu f\u00f3lki, var andleg e\u00f0a menningarleg \u00fe\u00fd\u00f0ing \u00feessarar veru vi\u00f0urkennd og alhli\u00f0a.<\/p><p>D\u00fdrkun herra undirheima var \u00ed R\u00f3m r\u00edkism\u00e1l, ekki einkam\u00e1l: Aldarleikirnir (Ludi Saeculares) fyrir Dis Pater og Proserp\u00ednu voru haldnir \u00e1 vegum \u00f6ldungar\u00e1\u00f0sins og v\u00f6r\u00f0u\u00f0u samf\u00e9lagi\u00f0 \u00ed heild.<\/p><p>Gr\u00edski Pluton barst til R\u00f3mar um Su\u00f0ur-\u00cdtal\u00edu og gr\u00edsku n\u00fdlendurnar \u00fear, \u00fear sem hann rann saman vi\u00f0 hinn innlenda Dis Pater; \u00feannig breiddist tilt\u00f6lulega samr\u00e6md mynd gu\u00f0sins \u00fat um yfirr\u00e1\u00f0asv\u00e6\u00f0i R\u00f3maveldis.<\/p>\t\t\t\t\t\t\t\t<\/div>\n\t\t\t\t\t<\/div>\n\t\t\t\t<\/div>\n\t\t\t\t<\/div>\n\t\t<div class=\"elementor-element elementor-element-db03c39 e-con-full e-flex e-con e-child\" data-id=\"db03c39\" data-element_type=\"container\" data-e-type=\"container\">\n\t\t<div class=\"elementor-element elementor-element-229a87b e-flex e-con-boxed e-con e-child\" data-id=\"229a87b\" data-element_type=\"container\" data-e-type=\"container\">\n\t\t\t\t\t<div class=\"e-con-inner\">\n\t\t\t\t<div class=\"elementor-element elementor-element-1f471fc elementor-widget elementor-widget-heading\" data-id=\"1f471fc\" data-element_type=\"widget\" data-e-type=\"widget\" data-widget_type=\"heading.default\">\n\t\t\t\t\t<h3 class=\"elementor-heading-title elementor-size-default\">Heimildasta\u00f0a<\/h3>\t\t\t\t<\/div>\n\t\t\t\t<div class=\"elementor-element elementor-element-36b1201 elementor-widget elementor-widget-text-editor\" data-id=\"36b1201\" data-element_type=\"widget\" data-e-type=\"widget\" data-widget_type=\"text-editor.default\">\n\t\t\t\t\t\t\t\t\t<p>Frumheimildir: Eneasarkvi\u00f0a Vergils 6. b\u00f3k, Ummyndanir \u00d3v\u00ed\u00f0s 5. b\u00f3k (R\u00e1ni\u00f0 \u00e1 Proserp\u00ednu), \u00d3\u00f0ar H\u00f3rat\u00edusar, Skopst\u00e6lur Martials, harmleikir Senecu (Hercules Furens, Octavia), Cicero, Ummyndanir Ap\u00faleiusar. T\u00edmabil: 4. \u00f6ld f.Kr. til 6. \u00f6ld e.Kr. Fr\u00e6\u00f0imenn: Georg Wissowa, Karl Latte (R\u00f6mische Religionsgeschichte), Walter Burkert, Hendrik Versnel, Filippo Coarelli (<span class=\"iwg-fachbegriff\" data-tooltip=\"Fr\u00e6\u00f0igrein sem rannsakar fyrri menningarheima me\u00f0 efnislegum fundum.\" tabindex=\"0\">fornleifafr\u00e6\u00f0i<\/span>). Sannanir: Inscriptiones Latinae Selectae, minnismerki fr\u00e1 Volsinii, Tarracina.<\/p>\t\t\t\t\t\t\t\t<\/div>\n\t\t\t\t\t<\/div>\n\t\t\t\t<\/div>\n\t\t\t\t<\/div>\n\t\t\t\t\t<\/div>\n\t\t\t\t<\/div>\n\t\t<div class=\"elementor-element elementor-element-3ae0637c e-flex e-con-boxed e-con e-parent\" data-id=\"3ae0637c\" data-element_type=\"container\" data-e-type=\"container\">\n\t\t\t\t\t<div class=\"e-con-inner\">\n\t\t\t\t<div class=\"elementor-element elementor-element-31d07739 elementor-widget elementor-widget-heading\" data-id=\"31d07739\" data-element_type=\"widget\" data-e-type=\"widget\" data-widget_type=\"heading.default\">\n\t\t\t\t\t<h2 class=\"elementor-heading-title elementor-size-default\">Nafn og afbrig\u00f0i<\/h2>\t\t\t\t<\/div>\n\t\t<div class=\"elementor-element elementor-element-b7642947 e-con-full e-flex e-con e-child\" data-id=\"b7642947\" data-element_type=\"container\" data-e-type=\"container\">\n\t\t\t\t<div class=\"elementor-element elementor-element-a086266 elementor-widget elementor-widget-text-editor\" data-id=\"a086266\" data-element_type=\"widget\" data-e-type=\"widget\" data-widget_type=\"text-editor.default\">\n\t\t\t\t\t\t\t\t\t<p>Pl\u00fat\u00f3 er s\u00fdndur \u00ed hinum \u00fdmsu heimildum og listr\u00e6num hef\u00f0um me\u00f0 \u00e1kve\u00f0num endurteknum myndr\u00e6num t\u00e1knum sem halda s\u00e9r tilt\u00f6lulega st\u00f6\u00f0ug yfir \u00e1ratugi og landsv\u00e6\u00f0i. \u00deessi t\u00e1kn eru dj\u00fapt merkingarhla\u00f0in og bera mikla \u00fe\u00fd\u00f0ingu; \u00feau eru engan veginn valin einungis til skrauts e\u00f0a af tilviljun.<\/p><p>Myndir af Pl\u00fat\u00f3 gera valdsvi\u00f0 hans lj\u00f3st. Sprotinn au\u00f0kennir hann sem herra undirheima, h\u00e1s\u00e6ti\u00f0 vi\u00f0 hli\u00f0 Proserp\u00ednu sem konung r\u00edkis hinna dau\u00f0u. Fullhornhorn (cornu copiae) v\u00edsar til seinni merkingarlags nafnsins: gr\u00edska Pluton er dregi\u00f0 af plutos, au\u00f0leg\u00f0, og v\u00edsar til fj\u00e1rsj\u00f3\u00f0a og \u00e1vaxta jar\u00f0ar sem koma \u00far dj\u00fapi hennar.<\/p><p>\u00der\u00edh\u00f6f\u00f0a hundurinn Kerberos vi\u00f0 hli\u00f0 hans og vagninn sem hann r\u00e6nir Proserp\u00ednu \u00e1 tilheyra einnig fastri myndhef\u00f0. \u00deeir sem \u00feekktu fornt myndm\u00e1l l\u00e1su \u00far \u00fev\u00ed valdsvi\u00f0 og st\u00f6\u00f0u gu\u00f0sins.<\/p>\t\t\t\t\t\t\t\t<\/div>\n\t\t\t\t<\/div>\n\t\t\t\t\t<\/div>\n\t\t\t\t<\/div>\n\t\t<div class=\"elementor-element elementor-element-709a44a8 e-flex e-con-boxed e-con e-parent\" data-id=\"709a44a8\" data-element_type=\"container\" data-e-type=\"container\">\n\t\t\t\t\t<div class=\"e-con-inner\">\n\t\t\t\t<div class=\"elementor-element elementor-element-2f585873 elementor-widget elementor-widget-heading\" data-id=\"2f585873\" data-element_type=\"widget\" data-e-type=\"widget\" data-widget_type=\"heading.default\">\n\t\t\t\t\t<h2 class=\"elementor-heading-title elementor-size-default\">Einkenni<\/h2>\t\t\t\t<\/div>\n\t\t<div class=\"elementor-element elementor-element-70621c12 e-con-full e-flex e-con e-child\" data-id=\"70621c12\" data-element_type=\"container\" data-e-type=\"container\">\n\t\t\t\t<div class=\"elementor-element elementor-element-4296eb49 elementor-widget elementor-widget-text-editor\" data-id=\"4296eb49\" data-element_type=\"widget\" data-e-type=\"widget\" data-widget_type=\"text-editor.default\">\n\t\t\t\t\t\t\t\t\t<p>Pl\u00fat\u00f3 var mi\u00f0l\u00e6gur \u00ed tr\u00faari\u00f0kun, hversdagslegum helgisi\u00f0um og daglegum skilningi R\u00f3mverja. F\u00f3lk leita\u00f0i til \u00feessarar veru \u00e1 erfi\u00f0um e\u00f0a afm\u00f6rku\u00f0um t\u00edmam\u00f3tum \u00ed l\u00edfinu e\u00f0a \u00e1 tilteknum t\u00edmum \u00e1rsins \u00feegar helgisi\u00f0ir voru haldnir, me\u00f0 skipul\u00f6g\u00f0um, oft \u00edbur\u00f0armiklum ath\u00f6fnum, b\u00e6num e\u00f0a f\u00f3rnargj\u00f6fum.<\/p><p>\u00cd R\u00f3m \u00e1tti Pl\u00fat\u00f3 s\u00e9r varla sj\u00e1lfst\u00e6\u00f0a d\u00fdrkun me\u00f0 f\u00f6stu musteri og prestast\u00e9tt. Helgisi\u00f0ir fyrir undirheimagu\u00f0ina fylgdu \u00fe\u00f3 f\u00f6stum reglum r\u00f3mversks helgir\u00e9ttar: f\u00f3rnir til jar\u00f0neskra gu\u00f0a (chthon\u00edskra) voru f\u00e6r\u00f0ar \u00ed gryfjum, oft a\u00f0 n\u00e6turlagi, og oftast \u00ed nafni Dis Pater, sem Pl\u00fat\u00f3 rann a\u00f0 miklu leyti saman vi\u00f0.<\/p><p>\u00dea\u00f0 a\u00f0 R\u00f3mverjar d\u00fdrku\u00f0u gu\u00f0 undirheimanna \u00f6ldum saman \u00e1tti s\u00e9r hagn\u00fdtar \u00e1st\u00e6\u00f0ur.<\/p><p>Helgisi\u00f0irnir \u00fej\u00f3nu\u00f0u \u00f3l\u00edkum tilgangi: \u00feeir \u00e1ttu a\u00f0 fri\u00f0a hina l\u00e1tnu og hindra a\u00f0 \u00feeir s\u00e6ktu inn \u00ed heim hinna lifandi, \u00feeir fylgdu greftrun og minningarath\u00f6fnum um hina l\u00e1tnu, og \u00ed Ludi Tarentini, s\u00ed\u00f0ar \u00d6ldunarleikunum (Ludi Saeculares), var Dis Pater og Proserp\u00edna \u00e1k\u00f6llu\u00f0 til a\u00f0 afst\u00fdra \u00f3g\u00e6fu fr\u00e1 borginni og hefja n\u00fdtt t\u00edmabil.<\/p><h3>\u00c1s\u00fdnd og t\u00e1knm\u00e1l<\/h3><p>Pl\u00fat\u00f3 er s\u00fdndur alvarlegur, tignarlegur, oft \u00ed d\u00f6kkum skikkjum. Veldissproti t\u00e1knar v\u00f6ld hans. Svartur og d\u00f6kkgr\u00e1r eru litir hans. Valm\u00fai og s\u00fdprus eru <span class=\"iwg-fachbegriff\" data-tooltip=\"\u00dea\u00f0 sem tilheyrir hinu gu\u00f0d\u00f3mlega og er \u00fear me\u00f0 undan\u00feegi\u00f0 hversdagslegri notkun.\" tabindex=\"0\">heilagt<\/span> honum. Stundum ber hann k\u00f3r\u00f3nu. J\u00f6r\u00f0in gapir undir f\u00f3tum hans.<\/p>\t\t\t\t\t\t\t\t<\/div>\n\t\t\t\t<\/div>\n\t\t\t\t\t<\/div>\n\t\t\t\t<\/div>\n\t\t<div class=\"elementor-element elementor-element-44e71476 e-flex e-con-boxed e-con e-parent\" data-id=\"44e71476\" data-element_type=\"container\" data-e-type=\"container\">\n\t\t\t\t\t<div class=\"e-con-inner\">\n\t\t\t\t<div class=\"elementor-element elementor-element-3c1fc3f0 elementor-widget elementor-widget-heading\" data-id=\"3c1fc3f0\" data-element_type=\"widget\" data-e-type=\"widget\" data-widget_type=\"heading.default\">\n\t\t\t\t\t<h2 class=\"elementor-heading-title elementor-size-default\">Yfirlit: Pl\u00fat\u00f3<\/h2>\t\t\t\t<\/div>\n\t\t<div class=\"elementor-element elementor-element-84f33b8e e-con-full e-flex e-con e-child\" data-id=\"84f33b8e\" data-element_type=\"container\" data-e-type=\"container\">\n\t\t\t\t<div class=\"elementor-element elementor-element-hqkdc67p elementor-widget elementor-widget-text-editor\" data-id=\"hqkdc67p\" data-element_type=\"widget\" data-e-type=\"widget\" data-widget_type=\"text-editor.default\">\n\t\t\t\t\t\t\t\t\t<p>Yfirliti\u00f0 dregur upp mynd af sex svi\u00f0um \u00ed valdi Pl\u00fat\u00f3s: go\u00f0s\u00f6gulega og s\u00f6guleg uppruna hans, prestlega og t\u00f6fralega i\u00f0kun tengda d\u00fdrkun hans, einkennandi framsetningu \u00ed list og t\u00e1knm\u00e1li, mikilv\u00e6gi <span class=\"iwg-fachbegriff\" data-tooltip=\"B\u00e6nleg e\u00f0a \u00e1kallandi \u00e1v\u00f6rpun til gu\u00f0d\u00f3ms e\u00f0a m\u00e1ttar.\" tabindex=\"0\">\u00e1kalls<\/span> og vir\u00f0ingar fyrir dau\u00f0agu\u00f0inum, samanbur\u00f0 vi\u00f0 tengdar verur annarra menningarheima og a\u00f0 lokum heildars\u00fdn \u00e1 hlutverk hans \u00ed heimsmyndinni.<\/p>\t\t\t\t\t\t\t\t<\/div>\n\t\t\t\t<\/div>\n\t\t<div class=\"elementor-element elementor-element-pemmx7c5 e-con-full e-flex e-con e-child\" data-id=\"pemmx7c5\" data-element_type=\"container\" data-e-type=\"container\">\n\t\t<div class=\"elementor-element elementor-element-pemmx7c1 e-con-full e-flex e-con e-child\" data-id=\"pemmx7c1\" data-element_type=\"container\" data-e-type=\"container\">\n\t\t<div class=\"elementor-element elementor-element-qh9oavvu iwg-steckbrief-card e-flex e-con-boxed e-con e-child\" data-id=\"qh9oavvu\" data-element_type=\"container\" data-e-type=\"container\">\n\t\t\t\t\t<div class=\"e-con-inner\">\n\t\t\t\t<div class=\"elementor-element elementor-element-awzx8k2k elementor-widget elementor-widget-heading\" data-id=\"awzx8k2k\" data-element_type=\"widget\" data-e-type=\"widget\" data-widget_type=\"heading.default\">\n\t\t\t\t\t<div class=\"elementor-heading-title elementor-size-default\">Menningarsamhengi<\/div>\t\t\t\t<\/div>\n\t\t\t\t<div class=\"elementor-element elementor-element-x6rowhv0 elementor-widget elementor-widget-text-editor\" data-id=\"x6rowhv0\" data-element_type=\"widget\" data-e-type=\"widget\" data-widget_type=\"text-editor.default\">\n\t\t\t\t\t\t\t\t\t<p>Pl\u00fat\u00f3 er r\u00f3mverska myndin af gr\u00edska gu\u00f0inum Hades og rekur uppruna sinn til ind\u00f3evr\u00f3pskra undirheimagu\u00f0a. <span class=\"iwg-fachbegriff\" data-tooltip=\"\u00d6ll tr\u00faarleg d\u00fdrkunarath\u00e6fi tileinku\u00f0 gu\u00f0d\u00f3mi e\u00f0a heilagri veru.\" tabindex=\"0\">D\u00fdrkunin<\/span> var r\u00f3tfest \u00e1 Etr\u00far\u00edu og var s\u00ed\u00f0ar tekin upp af R\u00f3mverjum. \u00c1 \u00edt\u00f6lskum helgist\u00f6\u00f0um (s\u00e9rstaklega Tarracina og Volsinii) voru helgid\u00f3mar tileinka\u00f0ir Pl\u00fat\u00f3 \u00feegar stofna\u00f0ir \u00e1 5. \u00f6ld f.Kr.<\/p><p>R\u00f3mverski Pl\u00fatus (gu\u00f0 velmegunar) var \u00f6nnur vera, en var oft rugla\u00f0 saman vi\u00f0 Pl\u00fat\u00f3. <span class=\"iwg-fachbegriff\" data-tooltip=\"\u00d6ll tr\u00faarleg d\u00fdrkunarath\u00e6fi tileinku\u00f0 gu\u00f0d\u00f3mi e\u00f0a heilagri veru.\" tabindex=\"0\">D\u00fdrkun<\/span> hans var s\u00ed\u00f0ur opinber, heldur meira einkabundin lotning og t\u00f6frai\u00f0kun.<\/p>\t\t\t\t\t\t\t\t<\/div>\n\t\t\t\t\t<\/div>\n\t\t\t\t<\/div>\n\t\t<div class=\"elementor-element elementor-element-8e3o4kxs iwg-steckbrief-card e-flex e-con-boxed e-con e-child\" data-id=\"8e3o4kxs\" data-element_type=\"container\" data-e-type=\"container\">\n\t\t\t\t\t<div class=\"e-con-inner\">\n\t\t\t\t<div class=\"elementor-element elementor-element-08rkdgov elementor-widget elementor-widget-heading\" data-id=\"08rkdgov\" data-element_type=\"widget\" data-e-type=\"widget\" data-widget_type=\"heading.default\">\n\t\t\t\t\t<div class=\"elementor-heading-title elementor-size-default\">Vi\u00f0takendur<\/div>\t\t\t\t<\/div>\n\t\t\t\t<div class=\"elementor-element elementor-element-uwjelx8s elementor-widget elementor-widget-text-editor\" data-id=\"uwjelx8s\" data-element_type=\"widget\" data-e-type=\"widget\" data-widget_type=\"text-editor.default\">\n\t\t\t\t\t\t\t\t\t<p>Kalla\u00f0 var \u00e1 Pl\u00fat\u00f3 af \u00f6llum dau\u00f0legum, vi\u00f0 sorgaratbur\u00f0i, vi\u00f0 d\u00f3msei\u00f0a (til a\u00f0 styrkja \u00fe\u00e1 me\u00f0 m\u00e6tti undirheima), af b\u00e6ndum vegna akurb\u00f6lvana (defixio), og af t\u00f6fram\u00f6nnum vi\u00f0 dau\u00f0ami\u00f0lun.<\/p><p>S\u00e9rstaklega h\u00e9ldu etr\u00faskir haruspices (innyflasp\u00e1menn) og r\u00f3mverskir prestar tileinka\u00f0ir ch\u00fe\u00f3n\u00edskum gu\u00f0um \u00feessari <span class=\"iwg-fachbegriff\" data-tooltip=\"\u00d6ll tr\u00faarleg d\u00fdrkunarath\u00e6fi tileinku\u00f0 gu\u00f0d\u00f3mi e\u00f0a heilagri veru.\" tabindex=\"0\">d\u00fdrkun<\/span> vi\u00f0. \u00c1 einkaheimilum voru Pl\u00fat\u00f3-styttur reistar til a\u00f0 vaka yfir gr\u00f6fum. Lemuria-h\u00e1t\u00ed\u00f0in (9., 11. og 13. ma\u00ed) var heimilisath\u00f6fn til a\u00f0 bl\u00ed\u00f0ka andar undirheimanna.<\/p>\t\t\t\t\t\t\t\t<\/div>\n\t\t\t\t\t<\/div>\n\t\t\t\t<\/div>\n\t\t<div class=\"elementor-element elementor-element-jm2n74ec iwg-steckbrief-card e-flex e-con-boxed e-con e-child\" data-id=\"jm2n74ec\" data-element_type=\"container\" data-e-type=\"container\">\n\t\t\t\t\t<div class=\"e-con-inner\">\n\t\t\t\t<div class=\"elementor-element elementor-element-8vufse4c elementor-widget elementor-widget-heading\" data-id=\"8vufse4c\" data-element_type=\"widget\" data-e-type=\"widget\" data-widget_type=\"heading.default\">\n\t\t\t\t\t<div class=\"elementor-heading-title elementor-size-default\">Framsetning<\/div>\t\t\t\t<\/div>\n\t\t\t\t<div class=\"elementor-element elementor-element-mwb9u015 elementor-widget elementor-widget-text-editor\" data-id=\"mwb9u015\" data-element_type=\"widget\" data-e-type=\"widget\" data-widget_type=\"text-editor.default\">\n\t\t\t\t\t\t\t\t\t<p>Pl\u00fat\u00f3 var s\u00fdndur sem skeggja\u00f0ur, alv\u00f6rugefinn ma\u00f0ur, oft \u00ed h\u00e1s\u00e6ti \u00ed klettum e\u00f0a hellum, stundum me\u00f0 sprota e\u00f0a sn\u00e1k.<\/p><p>T\u00e1kn hans eru merg\u00f0arhorni\u00f0 (cornucopia, <span class=\"iwg-fachbegriff\" data-tooltip=\"Merki sem stendur fyrir hugmynd e\u00f0a merkingu.\" tabindex=\"0\">t\u00e1kn<\/span> au\u00f0leg\u00f0ar undirheimanna), draums\u00f3leyjarhaus (<span class=\"iwg-fachbegriff\" data-tooltip=\"Merki sem stendur fyrir hugmynd e\u00f0a merkingu.\" tabindex=\"0\">t\u00e1kn<\/span> svefns og dau\u00f0a), sn\u00e1kurinn, myntir e\u00f0a fj\u00e1rsj\u00f3\u00f0ir. \u00c1 myntum s\u00e9st hann sitjandi \u00ed h\u00e1s\u00e6ti vi\u00f0 hli\u00f0 Prosper\u00ednu. Legsteinar s\u00fdna hann sem d\u00f3mara yfir hinum l\u00e1tnu.<\/p>\t\t\t\t\t\t\t\t<\/div>\n\t\t\t\t\t<\/div>\n\t\t\t\t<\/div>\n\t\t\t\t<\/div>\n\t\t<div class=\"elementor-element elementor-element-pemmx7c2 e-con-full e-flex e-con e-child\" data-id=\"pemmx7c2\" data-element_type=\"container\" data-e-type=\"container\">\n\t\t<div class=\"elementor-element elementor-element-37ss2yr6 iwg-steckbrief-card e-flex e-con-boxed e-con e-child\" data-id=\"37ss2yr6\" data-element_type=\"container\" data-e-type=\"container\">\n\t\t\t\t\t<div class=\"e-con-inner\">\n\t\t\t\t<div class=\"elementor-element elementor-element-3v0wp3wx elementor-widget elementor-widget-heading\" data-id=\"3v0wp3wx\" data-element_type=\"widget\" data-e-type=\"widget\" data-widget_type=\"heading.default\">\n\t\t\t\t\t<div class=\"elementor-heading-title elementor-size-default\">Verkunarsvi\u00f0<\/div>\t\t\t\t<\/div>\n\t\t\t\t<div class=\"elementor-element elementor-element-w3247g2m elementor-widget elementor-widget-text-editor\" data-id=\"w3247g2m\" data-element_type=\"widget\" data-e-type=\"widget\" data-widget_type=\"text-editor.default\">\n\t\t\t\t\t\t\t\t\t<p><strong>Verkunarsvi\u00f0:<\/strong> Pl\u00fat\u00f3 (e\u00f0a Dis Pater) er drottnari r\u00f3mverskra undirheima, br\u00f3\u00f0ir J\u00fap\u00edters og Nept\u00fanusar. Hann er talinn r\u00e9ttl\u00e1tur stj\u00f3rnandi handanheimsins, og arfsagan eignar honum ekki illa eiginleika. \u00cd R\u00f3m var hann \u00e1varpa\u00f0ur \u00e1n augnsambands, f\u00f3lk sneri s\u00e9r undan og tala\u00f0i til hans.<\/p><p>Au\u00f0leg\u00f0 (*ploutus*, allsn\u00e6gtir) er tengd honum, \u00fev\u00ed \u00f6ll jar\u00f0efni og gr\u00f3\u00f0ur jar\u00f0ar koma \u00far r\u00edki hans. Hann er \u00fe\u00f6gli gu\u00f0inn sem geymir allt \u00ed s\u00e9r.<\/p>\t\t\t\t\t\t\t\t<\/div>\n\t\t\t\t\t<\/div>\n\t\t\t\t<\/div>\n\t\t<div class=\"elementor-element elementor-element-0qpjal9w iwg-steckbrief-card e-flex e-con-boxed e-con e-child\" data-id=\"0qpjal9w\" data-element_type=\"container\" data-e-type=\"container\">\n\t\t\t\t\t<div class=\"e-con-inner\">\n\t\t\t\t<div class=\"elementor-element elementor-element-6ndoih0o elementor-widget elementor-widget-heading\" data-id=\"6ndoih0o\" data-element_type=\"widget\" data-e-type=\"widget\" data-widget_type=\"heading.default\">\n\t\t\t\t\t<div class=\"elementor-heading-title elementor-size-default\">Varnarform<\/div>\t\t\t\t<\/div>\n\t\t\t\t<div class=\"elementor-element elementor-element-6684tyh9 elementor-widget elementor-widget-text-editor\" data-id=\"6684tyh9\" data-element_type=\"widget\" data-e-type=\"widget\" data-widget_type=\"text-editor.default\">\n\t\t\t\t\t\t\t\t\t<p>Pl\u00fat\u00f3 naut lotningarfullrar <span class=\"iwg-fachbegriff\" data-tooltip=\"B\u00e6narleg e\u00f0a s\u00e6randi \u00e1v\u00f6rpun til go\u00f0s e\u00f0a m\u00e1ttar.\" tabindex=\"0\">\u00e1kalls<\/span>, bori\u00f0 uppi af vir\u00f0ingu fyrir n\u00e1tt\u00faruaflinu fremur en \u00f3tta vi\u00f0 refsingu. <span class=\"iwg-fachbegriff\" data-tooltip=\"Gj\u00f6f til go\u00f0s til a\u00f0 tj\u00e1 \u00fe\u00f6kk, b\u00e6n e\u00f0a lotningu.\" tabindex=\"0\">F\u00f3rnir<\/span> voru svartlitu\u00f0 d\u00fdr (hr\u00fatar, naut), hunang og bl\u00f3\u00f0f\u00f3rnir.<\/p><p>B\u00f6lvunart\u00f6flur (defixiones) me\u00f0 \u00e1ristum n\u00f6fnum voru lag\u00f0ar \u00ed grafir og musteri til a\u00f0 bi\u00f0ja Pl\u00fat\u00f3 um r\u00e9ttl\u00e6ti e\u00f0a hefnd. Lofor\u00f0 gefin Pl\u00fat\u00f3 voru talin bindandi frekar en jar\u00f0neskir ei\u00f0ar, sem var undantekning \u00ed r\u00f3mverskri tr\u00faari\u00f0kun.<\/p>\t\t\t\t\t\t\t\t<\/div>\n\t\t\t\t\t<\/div>\n\t\t\t\t<\/div>\n\t\t<div class=\"elementor-element elementor-element-3lfi7x32 iwg-steckbrief-card e-flex e-con-boxed e-con e-child\" data-id=\"3lfi7x32\" data-element_type=\"container\" data-e-type=\"container\">\n\t\t\t\t\t<div class=\"e-con-inner\">\n\t\t\t\t<div class=\"elementor-element elementor-element-0kg99ga1 elementor-widget elementor-widget-heading\" data-id=\"0kg99ga1\" data-element_type=\"widget\" data-e-type=\"widget\" data-widget_type=\"heading.default\">\n\t\t\t\t\t<div class=\"elementor-heading-title elementor-size-default\">Hli\u00f0st\u00e6\u00f0ur Pl\u00fat\u00f3s<\/div>\t\t\t\t<\/div>\n\t\t\t\t<div class=\"elementor-element elementor-element-n0fum6kp elementor-widget elementor-widget-text-editor\" data-id=\"n0fum6kp\" data-element_type=\"widget\" data-e-type=\"widget\" data-widget_type=\"text-editor.default\">\n\t\t\t\t\t\t\t\t\t<p>Hades (gr\u00edska) er n\u00e1nasta hli\u00f0st\u00e6\u00f0an, me\u00f0 svipu\u00f0 hlutverk og t\u00e1kn. Etr\u00faski Aitn\/Aita er frum-Pl\u00fat\u00f3. \u00c1 Mes\u00f3p\u00f3tam\u00edu-sv\u00e6\u00f0inu samsvarar Nergal undirheimagu\u00f0inum me\u00f0 l\u00edkri virkni. \u00c1 egypsku sv\u00e6\u00f0inu birtir \u00d3s\u00edris drottnun undirheima og endurf\u00e6\u00f0ingu. \u00deessir gu\u00f0d\u00f3mar deila tv\u00edr\u00e6\u00f0ninni milli \u00f3gnar og nau\u00f0synlegrar heimsskipulagsreglu.<\/p>\t\t\t\t\t\t\t\t<\/div>\n\t\t\t\t\t<\/div>\n\t\t\t\t<\/div>\n\t\t\t\t<\/div>\n\t\t\t\t<\/div>\n\t\t\t\t\t<\/div>\n\t\t\t\t<\/div>\n\t\t<div class=\"elementor-element elementor-element-5a584676 e-flex e-con-boxed e-con e-parent\" data-id=\"5a584676\" data-element_type=\"container\" data-e-type=\"container\">\n\t\t\t\t\t<div class=\"e-con-inner\">\n\t\t\t\t<div class=\"elementor-element elementor-element-6d0757bf elementor-widget elementor-widget-heading\" data-id=\"6d0757bf\" data-element_type=\"widget\" data-e-type=\"widget\" data-widget_type=\"heading.default\">\n\t\t\t\t\t<h2 class=\"elementor-heading-title elementor-size-default\">Pl\u00fat\u00f3, hli\u00f0st\u00e6\u00f0ur \u00ed \u00f6\u00f0rum menningarheimum<\/h2>\t\t\t\t<\/div>\n\t\t<div class=\"elementor-element elementor-element-60563f68 e-con-full e-flex e-con e-child\" data-id=\"60563f68\" data-element_type=\"container\" data-e-type=\"container\">\n\t\t\t\t<div class=\"elementor-element elementor-element-5a93fdd6 elementor-widget elementor-widget-text-editor\" data-id=\"5a93fdd6\" data-element_type=\"widget\" data-e-type=\"widget\" data-widget_type=\"text-editor.default\">\n\t\t\t\t\t\t\t\t\t<p>R\u00f3mverski Pl\u00fat\u00f3 samsvarar a\u00f0 hlutverki gr\u00edska Hades, en \u00ed r\u00f3mverskri tr\u00faari\u00f0kun er hann ofinn vi\u00f0b\u00f3tar ch\u00fe\u00f3n\u00edskum og landb\u00fana\u00f0artengdum \u00fe\u00e1ttum. <span class=\"iwg-fachbegriff\" data-tooltip=\"Heildarsafn tr\u00faarlegra d\u00fdrkunarathafna fyrir go\u00f0 e\u00f0a heilaga veru.\" tabindex=\"0\">D\u00fdrkun<\/span> hans skarast vi\u00f0 d\u00fdrkun Dis Pater og Orcusar, en \u00ed keisarad\u00e6minu er h\u00fan meira mi\u00f0u\u00f0 a\u00f0 au\u00f0i og frj\u00f3semi jar\u00f0ar en gr\u00edska fyrirmyndin.<\/p>\n<p><p><strong>Gy\u00f0ingleg hef\u00f0:<\/strong> Gy\u00f0inglega Sheol er ekki r\u00edki me\u00f0 pers\u00f3nuger\u00f0um gu\u00f0i, heldur einfaldlega r\u00edki hinna dau\u00f0u. S\u00ed\u00f0ar (\u00ed heimsslitaritum) eru <span class=\"iwg-fachbegriff\" data-tooltip=\"\u00cd abraham\u00edskum tr\u00faarbr\u00f6g\u00f0um himneskur sendibo\u00f0i Gu\u00f0s.\" tabindex=\"0\">englar<\/span> nefndir sem d\u00f3marar, en ekkert samsvarar Pl\u00fat\u00f3. Hades-Pl\u00fat\u00f3-<span class=\"iwg-fachbegriff\" data-tooltip=\"Samruni hugmynda e\u00f0a go\u00f0a \u00far \u00f3l\u00edkum tr\u00faarhef\u00f0um.\" tabindex=\"0\">samruni<\/span> (synkretismi) er sta\u00f0festur \u00ed hellen\u00edskum gy\u00f0ingd\u00f3mi, en ekki <span class=\"iwg-fachbegriff\" tabindex=\"0\" data-tooltip=\"Tilheyrandi f\u00f6stum helgum ritasafni tr\u00faarbrag\u00f0a; \u00f3kan\u00f3n\u00edskir textar teljast ap\u00f3kr\u00fdfir.\">kan\u00f3n\u00edskur<\/span>.<\/p><p><strong>Gr\u00edsk-r\u00f3mverski heimurinn:<\/strong> Hades er fyrirrennari og hli\u00f0st\u00e6\u00f0a Pl\u00fat\u00f3s. R\u00f3mverjar bygg\u00f0u \u00e1 gr\u00edskum hugmyndum en l\u00f6g\u00f0u meiri \u00e1herslu \u00e1 d\u00f3msvald og reglu. Hermes Psychopompos (s\u00e1lnalei\u00f0s\u00f6guma\u00f0ur) er vi\u00f0b\u00f3t, ekki keppinautur.<\/p><p><strong>Mes\u00f3p\u00f3tam\u00eda:<\/strong> Nergal og Ereshkigal (gy\u00f0ja undirheima) r\u00edkja saman yfir r\u00edki hinna dau\u00f0u. Nergal deilir me\u00f0 Pl\u00fat\u00f3 str\u00ed\u00f0sm\u00e6tti og ch\u00fe\u00f3n\u00edskum krafti. Ereshkigal er har\u00f0ari d\u00f3mari en Proserp\u00edna.<\/p><p><strong>Indland\/As\u00eda:<\/strong> Yama er ved\u00edski dau\u00f0agu\u00f0inn, sem heldur uppi reglu hinna dau\u00f0u. Engin bein hli\u00f0st\u00e6\u00f0a, en byggingarlega \u00e1\u00feekkur: skipuleggjandi undirheima, strangur og r\u00e9ttl\u00e1tur. \u00cd b\u00faddisma er undirheimurinn minna pers\u00f3nuger\u00f0ur, \u00e1n nokkurrar hli\u00f0st\u00e6\u00f0u vi\u00f0 Pl\u00fat\u00f3.<\/p>\t\t\t\t\t\t\t\t<\/div>\n\t\t\t\t<\/div>\n\t\t\t\t\t<\/div>\n\t\t\t\t<\/div>\n\t\t<div class=\"elementor-element elementor-element-cp63e7126 e-flex e-con-boxed e-con e-parent\" data-id=\"cp63e7126\" data-element_type=\"container\" data-e-type=\"container\">\n\t\t\t\t\t<div class=\"e-con-inner\">\n\t\t\t\t<div class=\"elementor-element elementor-element-cp9bbe5a9 elementor-widget elementor-widget-heading\" data-id=\"cp9bbe5a9\" data-element_type=\"widget\" data-e-type=\"widget\" data-widget_type=\"heading.default\">\n\t\t\t\t\t<h2 class=\"elementor-heading-title elementor-size-default\">Dis Pater, Orcus og r\u00f3mversk n\u00f6fn gu\u00f0s hinna dau\u00f0u<\/h2>\t\t\t\t<\/div>\n\t\t<div class=\"elementor-element elementor-element-cpcb0d808 e-con-full e-flex e-con e-child\" data-id=\"cpcb0d808\" data-element_type=\"container\" data-e-type=\"container\">\n\t\t\t\t<div class=\"elementor-element elementor-element-cp75de8e9 elementor-widget elementor-widget-text-editor\" data-id=\"cp75de8e9\" data-element_type=\"widget\" data-e-type=\"widget\" data-widget_type=\"text-editor.default\">\n\t\t\t\t\t\t\t\t\t<p>R\u00f3mverski gu\u00f0 undirheimanna kom fram undir m\u00f6rgum n\u00f6fnum, og samband \u00feeirra \u00e1 milli er fr\u00f3\u00f0legt fyrir tr\u00faarbrag\u00f0as\u00f6gu. <em>Pl\u00fat\u00f3<\/em> sj\u00e1lft er lat\u00ednsk mynd gr\u00edska heitisins <em>Plouton<\/em>, hins r\u00edka, og kom til R\u00f3mar me\u00f0 uppt\u00f6ku gr\u00edskra hugmynda. Vi\u00f0 hli\u00f0 \u00feess voru eldri, innlend heiti.<\/p><p>Mikilv\u00e6gast \u00feeirra er <em>Dis Pater<\/em>, hinn r\u00edki fa\u00f0ir. Nafni\u00f0 <em>Dis<\/em> er tali\u00f0 dregi\u00f0 af <em>dives<\/em>, r\u00edkur, og er \u00feannig bein lat\u00ednsk hli\u00f0st\u00e6\u00f0a gr\u00edska heitisins Plouton. H\u00e9r v\u00edsar au\u00f0leg\u00f0in l\u00edka til \u00feess sem liggur undir j\u00f6r\u00f0inni, kornsins og fj\u00e1rsj\u00f3\u00f0a jar\u00f0vegsins.<\/p><p>\u00deri\u00f0ja nafni\u00f0 er <em>Orcus<\/em>, en uppruni \u00feess er umdeildur; Orcus gat \u00e1tt vi\u00f0 b\u00e6\u00f0i gu\u00f0inn sj\u00e1lfan, undirheimana og refsandi, \u00f3gnvekjandi m\u00e1tt. Af Orcus er \u00edtalska or\u00f0i\u00f0 <em>orco<\/em> leitt, og a\u00f0 lokum or\u00f0i\u00f0 \u00f3freskja (ogre).<\/p><p>\u00deessi margbreytileiki nafnanna s\u00fdnir a\u00f0 r\u00f3mverska hugmyndin um gu\u00f0 hinna dau\u00f0u var m\u00f3tu\u00f0 \u00far m\u00f6rgum \u00e1ttum: \u00far innlendri hef\u00f0 sem tengdist Dis Pater og Orcus, og \u00far gr\u00edskri <span class=\"iwg-fachbegriff\" data-tooltip=\"Fr\u00e6\u00f0ileg kenning um gu\u00f0 og tr\u00fa innan tr\u00faarbrag\u00f0a.\" tabindex=\"0\">gu\u00f0fr\u00e6\u00f0i<\/span> sem f\u00e6r\u00f0i me\u00f0 nafninu Pl\u00fat\u00f3 fram \u00fer\u00f3a\u00f0a <span class=\"iwg-fachbegriff\" data-tooltip=\"Heildarsafn arfleiddra gu\u00f0asagna \u00ed menningu.\" tabindex=\"0\">go\u00f0afr\u00e6\u00f0i<\/span> Hadesar.<\/p><p>Fr\u00e6\u00f0imenn telja a\u00f0 innlendar r\u00f3mverskar hugmyndir hafi upphaflega veri\u00f0 minna pers\u00f3nuger\u00f0ar og efnisminni \u00ed s\u00f6gnum en \u00fe\u00e6r gr\u00edsku. A\u00f0eins me\u00f0 sams\u00f6muninni vi\u00f0 Hades-Plouton f\u00e9kk r\u00f3mverski gu\u00f0 undirheimanna s\u00edna full\u00fer\u00f3u\u00f0u mynd og s\u00f6gur s\u00ednar, fyrst og fremst r\u00e6nin \u00e1 <a href=\"https:\/\/iwell-guard.com\/is\/?page_id=168759\">Proserp\u00ednu<\/a>.<\/p>\t\t\t\t\t\t\t\t<\/div>\n\t\t\t\t<\/div>\n\t\t\t\t\t<\/div>\n\t\t\t\t<\/div>\n\t\t<div class=\"elementor-element elementor-element-cpc860d54 e-flex e-con-boxed e-con e-parent\" data-id=\"cpc860d54\" data-element_type=\"container\" data-e-type=\"container\">\n\t\t\t\t\t<div class=\"e-con-inner\">\n\t\t\t\t<div class=\"elementor-element elementor-element-cpabb6594 elementor-widget elementor-widget-heading\" data-id=\"cpabb6594\" data-element_type=\"widget\" data-e-type=\"widget\" data-widget_type=\"heading.default\">\n\t\t\t\t\t<h2 class=\"elementor-heading-title elementor-size-default\">Ludi Tarentini og altari\u00f0 \u00e1 V\u00edgvellinum<\/h2>\t\t\t\t<\/div>\n\t\t<div class=\"elementor-element elementor-element-cp9b61d10 e-con-full e-flex e-con e-child\" data-id=\"cp9b61d10\" data-element_type=\"container\" data-e-type=\"container\">\n\t\t\t\t<div class=\"elementor-element elementor-element-cpf79ffd5 elementor-widget elementor-widget-text-editor\" data-id=\"cpf79ffd5\" data-element_type=\"widget\" data-e-type=\"widget\" data-widget_type=\"text-editor.default\">\n\t\t\t\t\t\t\t\t\t<p>S\u00e9rst\u00f6k r\u00f3mversk <span class=\"iwg-fachbegriff\" data-tooltip=\"\u00d6ll tr\u00faarleg d\u00fdrkun sem tileinku\u00f0 er gu\u00f0i e\u00f0a heilagri v\u00e6ttu.\" tabindex=\"0\">d\u00fdrkun<\/span> \u00e1 Dis Pater og Proserp\u00ednu haf\u00f0i mi\u00f0st\u00f6\u00f0 s\u00edna \u00e1 V\u00edgvellinum (Marsfeld) \u00e1 sta\u00f0 sem h\u00e9t <em>Tarentum<\/em> e\u00f0a <em>Terentum<\/em>. \u00dear var ne\u00f0anjar\u00f0ar <span class=\"iwg-fachbegriff\" data-tooltip=\"Upph\u00e6kka\u00f0ur sta\u00f0ur e\u00f0a bor\u00f0 fyrir f\u00f3rnir og tr\u00faarathafnir.\" tabindex=\"0\">altari<\/span> sem var a\u00f0eins grafi\u00f0 upp og nota\u00f0 vi\u00f0 \u00e1kve\u00f0in tilefni.<\/p><p>Samkv\u00e6mt stofns\u00f6gninni skal Sab\u00edni a\u00f0 nafni Valesius hafa grafi\u00f0 \u00fear og fundi\u00f0 <span class=\"iwg-fachbegriff\" data-tooltip=\"Upph\u00e6kka\u00f0ur sta\u00f0ur e\u00f0a bor\u00f0 fyrir f\u00f3rnir og tr\u00faarathafnir.\" tabindex=\"0\">altari\u00f0<\/span> \u00feegar hann leita\u00f0i l\u00e6kningar fyrir b\u00f6rn s\u00edn.<\/p><p>\u00c1 \u00feessum sta\u00f0 voru <em>Ludi Tarentini<\/em> haldnir, n\u00e6turleikir og <span class=\"iwg-fachbegriff\" data-tooltip=\"Gj\u00f6f til gu\u00f0s til a\u00f0 tj\u00e1 \u00feakkl\u00e6ti, b\u00e6n e\u00f0a lotningu.\" tabindex=\"0\">f\u00f3rnir<\/span> til gu\u00f0anna \u00ed undirdj\u00fapunum.<\/p><p>\u00dar \u00feessari hef\u00f0 \u00fer\u00f3u\u00f0ust <em>Ludi Saeculares<\/em>, aldarleikirnir, sem voru haldnir a\u00f0eins einu sinni \u00e1 hverju <em>saeculum<\/em>, t\u00edmabili sem var um \u00fea\u00f0 bil hundra\u00f0 e\u00f0a hundra\u00f0 og t\u00edu \u00e1r, me\u00f0 \u00feeim r\u00f6kum a\u00f0 engin manneskja skyldi upplifa \u00fe\u00e1 tvisvar. Leikirnir marku\u00f0u umskiptin fr\u00e1 einni \u00f6ld til annarrar.<\/p><p>S\u00e9rstaklega vel eru heimildir var\u00f0veittar um aldarleikina sem keisari \u00c1g\u00fastus l\u00e9t halda \u00e1ri\u00f0 17 f.Kr.<\/p><p>Fyrir \u00feetta tilefni orti H\u00f3rat\u00edus <em>Carmen Saeculare<\/em>, sem sungi\u00f0 var af drengja- og st\u00falknak\u00f3rum. \u00c1letrun sem skjalfestir h\u00e1t\u00ed\u00f0arhaldi\u00f0 er var\u00f0veitt og er talin mikilv\u00e6g heimild.<\/p><p>\u00dat fr\u00e1 tr\u00faarbrag\u00f0afr\u00e6\u00f0ilegu sj\u00f3narmi\u00f0i er \u00feessi vitnisbur\u00f0ur mikilv\u00e6gur: Hann s\u00fdnir a\u00f0 Dis Pater f\u00f3r \u00ed r\u00edkistr\u00fa R\u00f3mverja langt \u00fat fyrir hlutverk vi\u00f0takanda einkalegra dau\u00f0aathafna. Hann kemur \u00fear fram sem m\u00e1ttur tengdur gangi hinna miklu t\u00edmaskei\u00f0a og helgisi\u00f0abundinni endurn\u00fdjun samf\u00e9lagsins. N\u00e6turlegar, d\u00f6kkar f\u00f3rnir til gu\u00f0a undirheimanna voru \u00feannig fastur hluti af r\u00f3mverskri h\u00e1t\u00ed\u00f0askr\u00e1.<\/p>\t\t\t\t\t\t\t\t<\/div>\n\t\t\t\t<\/div>\n\t\t\t\t\t<\/div>\n\t\t\t\t<\/div>\n\t\t<div class=\"elementor-element elementor-element-cp303ceab e-flex e-con-boxed e-con e-parent\" data-id=\"cp303ceab\" data-element_type=\"container\" data-e-type=\"container\">\n\t\t\t\t\t<div class=\"e-con-inner\">\n\t\t\t\t<div class=\"elementor-element elementor-element-cp40a75b5 elementor-widget elementor-widget-heading\" data-id=\"cp40a75b5\" data-element_type=\"widget\" data-e-type=\"widget\" data-widget_type=\"heading.default\">\n\t\t\t\t\t<h2 class=\"elementor-heading-title elementor-size-default\">Au\u00f0leg\u00f0 \u00far undirdj\u00fapunum: Pl\u00fat\u00f3, n\u00e1mugr\u00f6ft og gr\u00f3\u00f0urmagn<\/h2>\t\t\t\t<\/div>\n\t\t<div class=\"elementor-element elementor-element-cpd3c2a83 e-con-full e-flex e-con e-child\" data-id=\"cpd3c2a83\" data-element_type=\"container\" data-e-type=\"container\">\n\t\t\t\t<div class=\"elementor-element elementor-element-cp4cdbc79 elementor-widget elementor-widget-text-editor\" data-id=\"cp4cdbc79\" data-element_type=\"widget\" data-e-type=\"widget\" data-widget_type=\"text-editor.default\">\n\t\t\t\t\t\t\t\t\t<p>\u00c1berandi einkenni Pl\u00fat\u00f3s er nafni\u00f0 hans sj\u00e1lft, hinn r\u00edki. \u00deessi tengsl dau\u00f0agu\u00f0s og au\u00f0leg\u00f0ar eru engin tilviljun, heldur birtingarmynd samhangandi hugmyndar.<\/p><p>J\u00f6r\u00f0in, sem hinir d\u00e1nu st\u00edga ni\u00f0ur \u00ed, er \u00e1 sama t\u00edma j\u00f6r\u00f0in sem korni\u00f0 vex upp \u00far og \u00fear sem m\u00e1lmar og gimsteinar liggja. S\u00e1 sem r\u00e6\u00f0ur undirheimum r\u00e6\u00f0ur \u00fear me\u00f0 einnig \u00feessum fj\u00e1rsj\u00f3\u00f0um.<\/p><p>\u00cd <span class=\"iwg-fachbegriff\" data-tooltip=\"T\u00edmabil gr\u00edskrar og r\u00f3mverskrar menningar, um 800 f.Kr. til 600 e.Kr.\" tabindex=\"0\">forn\u00f6ld<\/span> var Pl\u00fat\u00f3 \u00fev\u00ed tengdur au\u00f0leg\u00f0 jar\u00f0ar, b\u00e6\u00f0i landb\u00fana\u00f0i og n\u00e1mugreftri. Gr\u00edska gu\u00f0inn <em>Pl\u00fatos<\/em>, sem er pers\u00f3nugerving au\u00f0leg\u00f0ar \u00ed \u00ferengri merkingu, \u00fearf a\u00f0 a\u00f0greina fr\u00e1 Pl\u00fatoni, en n\u00f6fnin tv\u00f6 eru svo l\u00edk a\u00f0 \u00feeim var \u00feegar \u00e1 <span class=\"iwg-fachbegriff\" data-tooltip=\"T\u00edmabil gr\u00edskrar og r\u00f3mverskrar menningar, um 800 f.Kr. til 600 e.Kr.\" tabindex=\"0\">forn\u00f6ld<\/span> blanda\u00f0 saman.<\/p><p>N\u00e1in tengsl undirheimagu\u00f0sins vi\u00f0 Proserp\u00ednu, sem sj\u00e1lf kemur fram sem gr\u00f3\u00f0urgy\u00f0ja, styrkja \u00feennan \u00fe\u00e1tt: \u00c1rleg ni\u00f0urst\u00edga hennar og uppst\u00edga er bundin vaxandi og hnignandi kornuppskeru.<\/p><p>V\u00edsindalega s\u00fdnir \u00feetta a\u00f0 R\u00f3mverjar og Grikkir hugsu\u00f0u dau\u00f0a og gr\u00f3\u00f0urs\u00e6ld ekki sem hreinar andst\u00e6\u00f0ur. Sama j\u00f6r\u00f0in sem gleypir gefur einnig af s\u00e9r. Dau\u00f0agu\u00f0inn er \u00fev\u00ed meira en \u00f3gnvekjandi vera: Hann er \u00e1 sama t\u00edma trygging fyrir hringr\u00e1s sem hinir lifandi eru h\u00e1\u00f0ir.<\/p><p>\u00cd myndlist var Pl\u00fat\u00f3 \u00f6\u00f0ru hvoru s\u00fdndur me\u00f0 hornhorn, <span class=\"iwg-fachbegriff\" data-tooltip=\"T\u00e1kn sem stendur fyrir hugmynd e\u00f0a merkingu.\" tabindex=\"0\">t\u00e1kn<\/span> ofr\u00edkis, sem gerir \u00feessa j\u00e1kv\u00e6\u00f0u hli\u00f0 s\u00fdnilega. \u00der\u00e1tt fyrir \u00fea\u00f0 voru \u00fe\u00e6r hef\u00f0bundnu f\u00f3rnara\u00f0fer\u00f0ir sem tilheyra jar\u00f0gu\u00f0um nota\u00f0ar vi\u00f0 f\u00f3rnir til hans: d\u00f6kk d\u00fdr, bl\u00f3\u00f0i veitt ni\u00f0ur \u00ed j\u00f6r\u00f0ina, og alvarleg, dj\u00fapt hugsandi rit\u00faalsta\u00f0a.<\/p>\t\t\t\t\t\t\t\t<\/div>\n\t\t\t\t<\/div>\n\t\t\t\t\t<\/div>\n\t\t\t\t<\/div>\n\t\t<div class=\"elementor-element elementor-element-cp7308312 e-flex e-con-boxed e-con e-parent\" data-id=\"cp7308312\" data-element_type=\"container\" data-e-type=\"container\">\n\t\t\t\t\t<div class=\"e-con-inner\">\n\t\t\t\t<div class=\"elementor-element elementor-element-cp3e9d09b elementor-widget elementor-widget-heading\" data-id=\"cp3e9d09b\" data-element_type=\"widget\" data-e-type=\"widget\" data-widget_type=\"heading.default\">\n\t\t\t\t\t<h2 class=\"elementor-heading-title elementor-size-default\">Fr\u00e1 gu\u00f0i til dvergreikistj\u00f6rnu: N\u00fat\u00edma nafnasaga<\/h2>\t\t\t\t<\/div>\n\t\t<div class=\"elementor-element elementor-element-cp72760ea e-con-full e-flex e-con e-child\" data-id=\"cp72760ea\" data-element_type=\"container\" data-e-type=\"container\">\n\t\t\t\t<div class=\"elementor-element elementor-element-cp64c91ff elementor-widget elementor-widget-text-editor\" data-id=\"cp64c91ff\" data-element_type=\"widget\" data-e-type=\"widget\" data-widget_type=\"text-editor.default\">\n\t\t\t\t\t\t\t\t\t<p><span data-nosnippet>Nafni\u00f0 Pl\u00fat\u00f3 hefur \u00e1 20. \u00f6ldinni \u00e1tt s\u00e9r seinni feril, langt fr\u00e1 fornri tr\u00fa. \u00deegar n\u00fdr himintungl fannst \u00e1ri\u00f0 1930 vi\u00f0 Lowell-stj\u00f6rnust\u00f6\u00f0ina \u00ed Arizona, utan Nept\u00fanusar, var leita\u00f0 a\u00f0 nafni.<\/span><\/p><p>Till\u00f6guna ger\u00f0i Venetia Burney, ellefu \u00e1ra sk\u00f3last\u00falka fr\u00e1 Oxford, sem haf\u00f0i \u00e1huga \u00e1 <span class=\"iwg-fachbegriff\" data-tooltip=\"T\u00edmabil gr\u00edskrar og r\u00f3mverskrar menningar, um 800 f.Kr. til 600 e.Kr.\" tabindex=\"0\">forna<\/span> <span class=\"iwg-fachbegriff\" data-tooltip=\"Heild \u00feeirra sagna um gu\u00f0i sem var\u00f0veist hafa \u00ed tiltekinni menningu.\" tabindex=\"0\">go\u00f0afr\u00e6\u00f0i<\/span>. Nafn gu\u00f0s hins dimma, fjarl\u00e6ga undirheims virtist vi\u00f0 s\u00e6mandi \u00feessum fjarl\u00e6ga, kalda himintungli.<\/p><p>Tillagan n\u00e1\u00f0i fram a\u00f0 ganga einnig \u00fev\u00ed fyrstu tveir stafir nafnsins, P og L, voru \u00e1 sama t\u00edma upphafsstafir Percival Lowell, stofnanda stj\u00f6rnust\u00f6\u00f0varinnar, sem haf\u00f0i lengi leita\u00f0 a\u00f0 sl\u00edkri reikistj\u00f6rnu.<\/p><p><span data-nosnippet>Stjarnfr\u00e6\u00f0ilegt <span class=\"iwg-fachbegriff\" data-tooltip=\"T\u00e1kn sem stendur fyrir hugmynd e\u00f0a merkingu.\" tabindex=\"0\">t\u00e1kn<\/span> himintunglsins tengir \u00feessa tvo stafi. Pl\u00fat\u00f3 var \u00ed fyrstu talin n\u00edunda reikistjarna s\u00f3lkerfisins. \u00c1ri\u00f0 2006 var h\u00fan endurflokku\u00f0 sem dvergreikistjarna af Al\u00fej\u00f3\u00f0asamt\u00f6kum stj\u00f6rnufr\u00e6\u00f0inga, \u00e1kv\u00f6r\u00f0un sem olli \u00f3venju sterkum vi\u00f0br\u00f6g\u00f0um me\u00f0al almennings.<\/span><\/p><p>V\u00edsindalega er \u00feessi \u00fe\u00e1ttur d\u00e6mi um \u00e1framhaldandi \u00e1hrif fornra gu\u00f0anafna \u00ed n\u00fat\u00edma v\u00edsindam\u00e1li.<\/p><p>Eins og reikistj\u00f6rnurnar J\u00fap\u00edter, Mars, Venus og Nept\u00fanus, ber \u00feessi himintungl nafn r\u00f3mversks gu\u00f0s, og me\u00f0 \u00fev\u00ed fluttist heilt hugtakasv\u00e6\u00f0i \u00e1fram: St\u00e6rsta tungl Pl\u00fat\u00f3s heitir Karon, eftir ferjumanni undirheimanna, og \u00f6nnur tungl bera n\u00f6fn eins og Styx og Kerberos.<\/p><p><span class=\"iwg-fachbegriff\" data-tooltip=\"T\u00edmabil gr\u00edskrar og r\u00f3mverskrar menningar, um 800 f.Kr. til 600 e.Kr.\" tabindex=\"0\">Forn<\/span> landafr\u00e6\u00f0i handanheimsins hefur \u00feannig, svipt tr\u00faarlegu innihaldi s\u00ednu, or\u00f0i\u00f0 uppspretta fyrir stjarnfr\u00e6\u00f0ilega nafngift. Dau\u00f0agu\u00f0 R\u00f3mverja er \u00ed dag flestum m\u00f6nnum kunnur fyrst og fremst sem fjarl\u00e6gur \u00edsk\u00f6ggull \u00e1 ja\u00f0ri s\u00f3lkerfisins.<\/p>\t\t\t\t\t\t\t\t<\/div>\n\t\t\t\t<\/div>\n\t\t\t\t\t<\/div>\n\t\t\t\t<\/div>\n\t\t<div class=\"elementor-element elementor-element-36dd7469 e-flex e-con-boxed e-con e-parent\" data-id=\"36dd7469\" data-element_type=\"container\" data-e-type=\"container\">\n\t\t\t\t\t<div class=\"e-con-inner\">\n\t\t\t\t<div class=\"elementor-element elementor-element-13760ab4 elementor-widget elementor-widget-heading\" data-id=\"13760ab4\" data-element_type=\"widget\" data-e-type=\"widget\" data-widget_type=\"heading.default\">\n\t\t\t\t\t<h2 class=\"elementor-heading-title elementor-size-default\">\u00cdtarefni og tenglar<\/h2>\t\t\t\t<\/div>\n\t\t<div class=\"elementor-element elementor-element-28c87796 e-con-full e-flex e-con e-child\" data-id=\"28c87796\" data-element_type=\"container\" data-e-type=\"container\">\n\t\t\t\t<div class=\"elementor-element elementor-element-5d6538df elementor-widget elementor-widget-text-editor\" data-id=\"5d6538df\" data-element_type=\"widget\" data-e-type=\"widget\" data-widget_type=\"text-editor.default\">\n\t\t\t\t\t\t\t\t\t<ul><li><a href=\"https:\/\/iwell-guard.com\/is\/?page_id=168595\">R\u00f3m, menning<\/a><\/li><li><a href=\"https:\/\/iwell-guard.com\/is\/?page_id=168759\">Proserp\u00edna, eiginkona, drottning undirheima<\/a><\/li><li><a href=\"https:\/\/iwell-guard.com\/is\/?page_id=168716\">Hades, gr\u00edska samsv\u00f6runin<\/a><\/li><\/ul>\t\t\t\t\t\t\t\t<\/div>\n\t\t\t\t<\/div>\n\t\t\t\t\t<\/div>\n\t\t\t\t<\/div>\n\t\t<div class=\"elementor-element elementor-element-grl4kl40 e-flex e-con-boxed e-con e-parent\" data-id=\"grl4kl40\" data-element_type=\"container\" data-e-type=\"container\">\n\t\t\t\t\t<div class=\"e-con-inner\">\n\t\t\t\t<div class=\"elementor-element elementor-element-bzsbfrmh elementor-widget elementor-widget-heading\" data-id=\"bzsbfrmh\" data-element_type=\"widget\" data-e-type=\"widget\" data-widget_type=\"heading.default\">\n\t\t\t\t\t<h2 class=\"elementor-heading-title elementor-size-default\">Heimildir og fr\u00e6\u00f0irit<\/h2>\t\t\t\t<\/div>\n\t\t<div class=\"elementor-element elementor-element-2c13224a e-con-full e-flex e-con e-child\" data-id=\"2c13224a\" data-element_type=\"container\" data-e-type=\"container\">\n\t\t\t\t<div class=\"elementor-element elementor-element-0eymh9ub elementor-widget elementor-widget-text-editor\" data-id=\"0eymh9ub\" data-element_type=\"widget\" data-e-type=\"widget\" data-widget_type=\"text-editor.default\">\n\t\t\t\t\t\t\t\t\t<footer class=\"iwg-literatur\" data-nosnippet=\"true\"><ul><li><span data-nosnippet>Beard, Mary \/ North, John \/ Price, Simon: <em>Religions of Rome<\/em>. Cambridge University Press, 1998.<\/span><\/li><li><span data-nosnippet>Burkert, Walter: <em>Greek Religion<\/em>. Harvard University Press, 1985.<\/span><\/li><li><span data-nosnippet>Turcan, Robert: <em>The Cults of the Roman Empire<\/em>. Blackwell Publishers, 1996.<\/span><\/li><\/ul><\/footer>\t\t\t\t\t\t\t\t<\/div>\n\t\t\t\t<\/div>\n\t\t\t\t\t<\/div>\n\t\t\t\t<\/div>\n\t\t<div class=\"elementor-element elementor-element-iwgkw2-add-pluto e-flex e-con-boxed e-con e-parent\" data-id=\"iwgkw2-add-pluto\" data-element_type=\"container\" data-e-type=\"container\">\n\t\t\t\t\t<div class=\"e-con-inner\">\n\t\t\t\t<div class=\"elementor-element elementor-element-iwgkw2-add-pluto-t elementor-widget elementor-widget-text-editor\" data-id=\"iwgkw2-add-pluto-t\" data-element_type=\"widget\" data-e-type=\"widget\" data-widget_type=\"text-editor.default\">\n\t\t\t\t\t\t\t\t\t<p>Sem <em><span class=\"iwg-fachbegriff\" data-tooltip=\"Vera sem er d\u00fdrku\u00f0 sem gu\u00f0leg innan tr\u00faarbrag\u00f0a.\" tabindex=\"0\">gu\u00f0<\/span><\/em> \u00ed r\u00f3mverskri hef\u00f0 sameinar Pl\u00fat\u00f3 gr\u00edska Hades me\u00f0 forn\u00edt\u00f6lskum hugmyndum um jar\u00f0arau\u00f0leg\u00f0 og r\u00edkir yfir r\u00edki hinna d\u00e1nu, jar\u00f0arau\u00f0lindum og ne\u00f0anjar\u00f0arl\u00f6gum heimsins.<\/p>\t\t\t\t\t\t\t\t<\/div>\n\t\t\t\t\t<\/div>\n\t\t\t\t<\/div>\n\t\t\t\t<\/div>\n\t\t","protected":false},"excerpt":{"rendered":"","protected":false},"author":3,"featured_media":1737,"parent":0,"menu_order":0,"comment_status":"closed","ping_status":"closed","template":"elementor_header_footer","meta":{"_yoast_wpseo_focuskw":"Pl\u00fat\u00f3","_yoast_wpseo_title":"Pl\u00fat\u00f3 \u2013 r\u00f3mverskur gu\u00f0 undirheima","_yoast_wpseo_metadesc":"Pl\u00fat\u00f3, r\u00f3mverskur gu\u00f0 undirheima og au\u00f0leg\u00f0ar, var\u00f0veittur \u00ed heimildum um aldir: eiginma\u00f0ur Proserp\u00ednu, d\u00f3mari yfir hinum l\u00e1tnu, me\u00f0 hof \u00ed Tarracina.","_yoast_wpseo_meta-robots-noindex":"","_yoast_wpseo_canonical":"","_angie_page":false,"gefaehrdungsstufe":"2","wesen_kultur":"rom","wesen_klasse":"goetter","footnotes":""},"categories":[],"class_list":["post-168753","page","type-page","status-publish","has-post-thumbnail","hentry"],"yoast_head":"<!-- This site is optimized with the Yoast SEO Premium plugin v27.7 (Yoast SEO v28.3) - https:\/\/yoast.com\/product\/yoast-seo-premium-wordpress\/ -->\n<title>Pl\u00fat\u00f3 \u2013 r\u00f3mverskur gu\u00f0 undirheima<\/title>\n<meta name=\"description\" content=\"Pl\u00fat\u00f3, r\u00f3mverskur gu\u00f0 undirheima og au\u00f0leg\u00f0ar, var\u00f0veittur \u00ed heimildum um aldir: eiginma\u00f0ur Proserp\u00ednu, d\u00f3mari yfir hinum l\u00e1tnu, me\u00f0 hof \u00ed Tarracina.\" \/>\n<meta name=\"robots\" content=\"index, follow, max-snippet:-1, max-image-preview:large, max-video-preview:-1\" \/>\n<link rel=\"canonical\" href=\"https:\/\/iwell-guard.com\/is\/pluto\/\" \/>\n<meta property=\"og:locale\" content=\"is_IS\" \/>\n<meta property=\"og:type\" content=\"article\" \/>\n<meta property=\"og:title\" content=\"Pl\u00fat\u00f3\" \/>\n<meta property=\"og:description\" content=\"Pl\u00fat\u00f3, r\u00f3mverskur gu\u00f0 undirheima og au\u00f0leg\u00f0ar, var\u00f0veittur \u00ed heimildum um aldir: eiginma\u00f0ur Proserp\u00ednu, d\u00f3mari yfir hinum l\u00e1tnu, me\u00f0 hof \u00ed Tarracina.\" \/>\n<meta property=\"og:url\" content=\"https:\/\/iwell-guard.com\/is\/pluto\/\" \/>\n<meta property=\"og:site_name\" content=\"iWell Guard\" \/>\n<meta property=\"article:modified_time\" content=\"2026-09-05T14:18:32+00:00\" \/>\n<meta property=\"og:image\" content=\"https:\/\/iwell-guard.com\/wp-content\/uploads\/2026\/04\/goetter_rom_pluto.webp\" \/>\n\t<meta property=\"og:image:width\" content=\"1024\" \/>\n\t<meta property=\"og:image:height\" content=\"1536\" \/>\n\t<meta property=\"og:image:type\" content=\"image\/webp\" \/>\n<meta name=\"twitter:card\" content=\"summary_large_image\" \/>\n<script type=\"application\/ld+json\" class=\"yoast-schema-graph\">{\"@context\":\"https:\\\/\\\/schema.org\",\"@graph\":[{\"@type\":\"WebPage\",\"@id\":\"https:\\\/\\\/iwell-guard.com\\\/is\\\/pluto\\\/\",\"url\":\"https:\\\/\\\/iwell-guard.com\\\/is\\\/pluto\\\/\",\"name\":\"Pl\u00fat\u00f3 \u2013 r\u00f3mverskur gu\u00f0 undirheima\",\"isPartOf\":{\"@id\":\"https:\\\/\\\/iwell-guard.com\\\/is\\\/#website\"},\"primaryImageOfPage\":{\"@id\":\"https:\\\/\\\/iwell-guard.com\\\/is\\\/pluto\\\/#primaryimage\"},\"image\":{\"@id\":\"https:\\\/\\\/iwell-guard.com\\\/is\\\/pluto\\\/#primaryimage\"},\"thumbnailUrl\":\"https:\\\/\\\/iwell-guard.com\\\/wp-content\\\/uploads\\\/2026\\\/04\\\/goetter_rom_pluto.webp\",\"datePublished\":\"2026-09-05T14:02:42+00:00\",\"dateModified\":\"2026-09-05T14:18:32+00:00\",\"description\":\"Pl\u00fat\u00f3, r\u00f3mverskur gu\u00f0 undirheima og au\u00f0leg\u00f0ar, var\u00f0veittur \u00ed heimildum um aldir: eiginma\u00f0ur Proserp\u00ednu, d\u00f3mari yfir hinum l\u00e1tnu, me\u00f0 hof \u00ed Tarracina.\",\"breadcrumb\":{\"@id\":\"https:\\\/\\\/iwell-guard.com\\\/is\\\/pluto\\\/#breadcrumb\"},\"inLanguage\":\"is\",\"potentialAction\":[{\"@type\":\"ReadAction\",\"target\":[\"https:\\\/\\\/iwell-guard.com\\\/is\\\/pluto\\\/\"]}]},{\"@type\":\"ImageObject\",\"inLanguage\":\"is\",\"@id\":\"https:\\\/\\\/iwell-guard.com\\\/is\\\/pluto\\\/#primaryimage\",\"url\":\"https:\\\/\\\/iwell-guard.com\\\/wp-content\\\/uploads\\\/2026\\\/04\\\/goetter_rom_pluto.webp\",\"contentUrl\":\"https:\\\/\\\/iwell-guard.com\\\/wp-content\\\/uploads\\\/2026\\\/04\\\/goetter_rom_pluto.webp\",\"width\":1024,\"height\":1536,\"caption\":\"Gu\u00f0ir \u00far r\u00f3mverskri hef\u00f0.\"},{\"@type\":\"BreadcrumbList\",\"@id\":\"https:\\\/\\\/iwell-guard.com\\\/is\\\/pluto\\\/#breadcrumb\",\"itemListElement\":[{\"@type\":\"ListItem\",\"position\":1,\"name\":\"Start\",\"item\":\"https:\\\/\\\/iwell-guard.com\\\/is\\\/?page_id=168580\"},{\"@type\":\"ListItem\",\"position\":2,\"name\":\"Pl\u00fat\u00f3\"}]},{\"@type\":\"WebSite\",\"@id\":\"https:\\\/\\\/iwell-guard.com\\\/is\\\/#website\",\"url\":\"https:\\\/\\\/iwell-guard.com\\\/is\\\/\",\"name\":\"iWell Guard\",\"description\":\"Schutz vor dunklen Einfl\u00fcssen\",\"publisher\":{\"@id\":\"https:\\\/\\\/iwell-guard.com\\\/is\\\/#organization\"},\"potentialAction\":[{\"@type\":\"SearchAction\",\"target\":{\"@type\":\"EntryPoint\",\"urlTemplate\":\"https:\\\/\\\/iwell-guard.com\\\/is\\\/?s={search_term_string}\"},\"query-input\":{\"@type\":\"PropertyValueSpecification\",\"valueRequired\":true,\"valueName\":\"search_term_string\"}}],\"inLanguage\":\"is\"},{\"@type\":\"Organization\",\"@id\":\"https:\\\/\\\/iwell-guard.com\\\/is\\\/#organization\",\"name\":\"Ittermann electronic GmbH\",\"url\":\"https:\\\/\\\/iwell-guard.com\\\/is\\\/\",\"logo\":{\"@type\":\"ImageObject\",\"inLanguage\":\"is\",\"@id\":\"https:\\\/\\\/iwell-guard.com\\\/is\\\/#\\\/schema\\\/logo\\\/image\\\/\",\"url\":\"https:\\\/\\\/iwell-guard.com\\\/wp-content\\\/uploads\\\/2026\\\/05\\\/Ittermann-Logo-1182x237-1.png\",\"contentUrl\":\"https:\\\/\\\/iwell-guard.com\\\/wp-content\\\/uploads\\\/2026\\\/05\\\/Ittermann-Logo-1182x237-1.png\",\"width\":1182,\"height\":237,\"caption\":\"Ittermann electronic GmbH\"},\"image\":{\"@id\":\"https:\\\/\\\/iwell-guard.com\\\/is\\\/#\\\/schema\\\/logo\\\/image\\\/\"},\"sameAs\":[\"https:\\\/\\\/pantip.com\\\/profile\\\/9367242\",\"https:\\\/\\\/micro.blog\\\/iwellguard\",\"https:\\\/\\\/www.diggerslist.com\\\/iwellguard\\\/about\",\"https:\\\/\\\/skitterphoto.com\\\/photographers\\\/2870314\\\/iwell-guard\",\"https:\\\/\\\/iwellguard.wordpress.com\\\/2026\\\/06\\\/06\\\/iwell-guard\\\/\",\"https:\\\/\\\/hub.docker.com\\\/u\\\/iwellguard\",\"https:\\\/\\\/www.pinterest.com\\\/iwellguard\\\/\",\"https:\\\/\\\/bit.ly\\\/m\\\/iwellguard\",\"https:\\\/\\\/entre-vos-mains.alsace.eu\\\/profiles\\\/iwellguard\\\/activity\",\"https:\\\/\\\/gravatar.com\\\/reallybeded8fd34\",\"https:\\\/\\\/naijamatta.com\\\/iwellguard\",\"https:\\\/\\\/www.goodreads.com\\\/iwellguard\",\"https:\\\/\\\/profile.hatena.ne.jp\\\/iwellguard\\\/\",\"https:\\\/\\\/experiment.com\\\/users\\\/iwellguard\",\"https:\\\/\\\/wakelet.com\\\/@iWellGuard82270\",\"https:\\\/\\\/www.chordie.com\\\/forum\\\/profile.php?id=2555664\",\"https:\\\/\\\/www.instapaper.com\\\/p\\\/17757966\",\"https:\\\/\\\/www.mapleprimes.com\\\/users\\\/iwellguard\",\"https:\\\/\\\/businesslistingplus.com\\\/profile\\\/iwell-guard\\\/\",\"https:\\\/\\\/telegra.ph\\\/iWell-Guard-06-06\",\"https:\\\/\\\/pbase.com\\\/iwellguard\\\/iwellguard\",\"https:\\\/\\\/b.hatena.ne.jp\\\/iwellguard\\\/20260607#bookmark-4788405196491818882\",\"https:\\\/\\\/fliphtml5.com\\\/home\\\/iwellguard\",\"https:\\\/\\\/anyflip.com\\\/homepage\\\/cmiwl#About\",\"https:\\\/\\\/transfur.com\\\/Users\\\/iwellguard\",\"http:\\\/\\\/delphi.larsbo.org\\\/user\\\/iwellguard\",\"https:\\\/\\\/jobs.lajobsportal.org\\\/profiles\\\/8380803-iwell-guard\",\"https:\\\/\\\/md.chaosdorf.de\\\/s\\\/jfbe5SBdJD\",\"https:\\\/\\\/www.lingvolive.com\\\/en-us\\\/profile\\\/9ecaeaca-ce11-4e51-9e71-01d55e2bff36\\\/translations\",\"https:\\\/\\\/www.fitday.com\\\/fitness\\\/forums\\\/members\\\/iwellguard.html\",\"https:\\\/\\\/www.mymeetbook.com\\\/iwellguard\",\"https:\\\/\\\/pxhere.com\\\/en\\\/photographer-me\\\/5040798\",\"https:\\\/\\\/disqus.com\\\/by\\\/iwellguard\\\/about\\\/\",\"https:\\\/\\\/pastelink.net\\\/hjwciqwq\",\"https:\\\/\\\/pubhtml5.com\\\/homepage\\\/scjhn\\\/\",\"https:\\\/\\\/www.bitchute.com\\\/channel\\\/2O2eOKzNqujT\",\"https:\\\/\\\/audiomack.com\\\/iwellguard\"]},{\"@type\":\"Article\",\"@id\":\"https:\\\/\\\/iwell-guard.com\\\/is\\\/pluto\\\/#article\",\"isPartOf\":{\"@id\":\"https:\\\/\\\/iwell-guard.com\\\/is\\\/pluto\\\/\"},\"author\":{\"name\":\"Ralf Ittermann\",\"@id\":\"https:\\\/\\\/iwell-guard.com\\\/is\\\/#\\\/schema\\\/person\\\/ee2a27f1cac3406c7c6fb5820cb7349f\"},\"headline\":\"Pl\u00fat\u00f3\",\"datePublished\":\"2026-09-05T14:02:42+00:00\",\"dateModified\":\"2026-09-05T14:18:32+00:00\",\"mainEntityOfPage\":{\"@id\":\"https:\\\/\\\/iwell-guard.com\\\/is\\\/pluto\\\/\"},\"publisher\":{\"@id\":\"https:\\\/\\\/iwell-guard.com\\\/is\\\/#organization\"},\"image\":{\"@id\":\"https:\\\/\\\/iwell-guard.com\\\/is\\\/pluto\\\/#primaryimage\"},\"thumbnailUrl\":\"https:\\\/\\\/iwell-guard.com\\\/wp-content\\\/uploads\\\/2026\\\/04\\\/goetter_rom_pluto.webp\",\"inLanguage\":\"is\",\"description\":\"Pl\u00fat\u00f3, r\u00f3mverskur gu\u00f0 undirheima og au\u00f0leg\u00f0ar, var\u00f0veittur \u00ed heimildum um aldir: eiginma\u00f0ur Proserp\u00ednu, d\u00f3mari yfir hinum l\u00e1tnu, me\u00f0 hof \u00ed Tarracina.\"}]}<\/script>\n<!-- \/ Yoast SEO Premium plugin. -->","yoast_head_json":{"title":"Pl\u00fat\u00f3 \u2013 r\u00f3mverskur gu\u00f0 undirheima","description":"Pl\u00fat\u00f3, r\u00f3mverskur gu\u00f0 undirheima og au\u00f0leg\u00f0ar, var\u00f0veittur \u00ed heimildum um aldir: eiginma\u00f0ur Proserp\u00ednu, d\u00f3mari yfir hinum l\u00e1tnu, me\u00f0 hof \u00ed Tarracina.","robots":{"index":"index","follow":"follow","max-snippet":"max-snippet:-1","max-image-preview":"max-image-preview:large","max-video-preview":"max-video-preview:-1"},"canonical":"https:\/\/iwell-guard.com\/is\/pluto\/","og_locale":"is_IS","og_type":"article","og_title":"Pl\u00fat\u00f3","og_description":"Pl\u00fat\u00f3, r\u00f3mverskur gu\u00f0 undirheima og au\u00f0leg\u00f0ar, var\u00f0veittur \u00ed heimildum um aldir: eiginma\u00f0ur Proserp\u00ednu, d\u00f3mari yfir hinum l\u00e1tnu, me\u00f0 hof \u00ed Tarracina.","og_url":"https:\/\/iwell-guard.com\/is\/pluto\/","og_site_name":"iWell Guard","article_modified_time":"2026-09-05T14:18:32+00:00","og_image":[{"width":1024,"height":1536,"url":"https:\/\/iwell-guard.com\/wp-content\/uploads\/2026\/04\/goetter_rom_pluto.webp","type":"image\/webp"}],"twitter_card":"summary_large_image","schema":{"@context":"https:\/\/schema.org","@graph":[{"@type":"Article","@id":"https:\/\/iwell-guard.com\/is\/pluto\/#article","isPartOf":{"@id":"https:\/\/iwell-guard.com\/is\/pluto\/"},"author":{"name":"Ralf Ittermann","@id":"https:\/\/iwell-guard.com\/is\/#\/schema\/person\/ee2a27f1cac3406c7c6fb5820cb7349f"},"headline":"Pl\u00fat\u00f3","datePublished":"2026-09-05T14:02:42+00:00","dateModified":"2026-09-05T14:18:32+00:00","mainEntityOfPage":{"@id":"https:\/\/iwell-guard.com\/is\/pluto\/"},"publisher":{"@id":"https:\/\/iwell-guard.com\/is\/#organization"},"image":{"@id":"https:\/\/iwell-guard.com\/is\/pluto\/#primaryimage"},"thumbnailUrl":"https:\/\/iwell-guard.com\/wp-content\/uploads\/2026\/04\/goetter_rom_pluto.webp","inLanguage":"is","description":"Pl\u00fat\u00f3, r\u00f3mverskur gu\u00f0 undirheima og au\u00f0leg\u00f0ar, var\u00f0veittur \u00ed heimildum um aldir: eiginma\u00f0ur Proserp\u00ednu, d\u00f3mari yfir hinum l\u00e1tnu, me\u00f0 hof \u00ed Tarracina."},{"@type":"WebPage","@id":"https:\/\/iwell-guard.com\/is\/pluto\/","url":"https:\/\/iwell-guard.com\/is\/pluto\/","name":"Pl\u00fat\u00f3 \u2013 r\u00f3mverskur gu\u00f0 undirheima","isPartOf":{"@id":"https:\/\/iwell-guard.com\/is\/#website"},"primaryImageOfPage":{"@id":"https:\/\/iwell-guard.com\/is\/pluto\/#primaryimage"},"image":{"@id":"https:\/\/iwell-guard.com\/is\/pluto\/#primaryimage"},"thumbnailUrl":"https:\/\/iwell-guard.com\/wp-content\/uploads\/2026\/04\/goetter_rom_pluto.webp","datePublished":"2026-09-05T14:02:42+00:00","dateModified":"2026-09-05T14:18:32+00:00","description":"Pl\u00fat\u00f3, r\u00f3mverskur gu\u00f0 undirheima og au\u00f0leg\u00f0ar, var\u00f0veittur \u00ed heimildum um aldir: eiginma\u00f0ur Proserp\u00ednu, d\u00f3mari yfir hinum l\u00e1tnu, me\u00f0 hof \u00ed Tarracina.","breadcrumb":{"@id":"https:\/\/iwell-guard.com\/is\/pluto\/#breadcrumb"},"inLanguage":"is","potentialAction":[{"@type":"ReadAction","target":["https:\/\/iwell-guard.com\/is\/pluto\/"]}]},{"@type":"ImageObject","inLanguage":"is","@id":"https:\/\/iwell-guard.com\/is\/pluto\/#primaryimage","url":"https:\/\/iwell-guard.com\/wp-content\/uploads\/2026\/04\/goetter_rom_pluto.webp","contentUrl":"https:\/\/iwell-guard.com\/wp-content\/uploads\/2026\/04\/goetter_rom_pluto.webp","width":1024,"height":1536,"caption":"Gu\u00f0ir \u00far r\u00f3mverskri hef\u00f0."},{"@type":"BreadcrumbList","@id":"https:\/\/iwell-guard.com\/is\/pluto\/#breadcrumb","itemListElement":[{"@type":"ListItem","position":1,"name":"Start","item":"https:\/\/iwell-guard.com\/is\/?page_id=168580"},{"@type":"ListItem","position":2,"name":"Pl\u00fat\u00f3"}]},{"@type":"WebSite","@id":"https:\/\/iwell-guard.com\/is\/#website","url":"https:\/\/iwell-guard.com\/is\/","name":"iWell Guard","description":"Schutz vor dunklen Einfl\u00fcssen","publisher":{"@id":"https:\/\/iwell-guard.com\/is\/#organization"},"potentialAction":[{"@type":"SearchAction","target":{"@type":"EntryPoint","urlTemplate":"https:\/\/iwell-guard.com\/is\/?s={search_term_string}"},"query-input":{"@type":"PropertyValueSpecification","valueRequired":true,"valueName":"search_term_string"}}],"inLanguage":"is"},{"@type":"Organization","@id":"https:\/\/iwell-guard.com\/is\/#organization","name":"Ittermann electronic GmbH","url":"https:\/\/iwell-guard.com\/is\/","logo":{"@type":"ImageObject","inLanguage":"is","@id":"https:\/\/iwell-guard.com\/is\/#\/schema\/logo\/image\/","url":"https:\/\/iwell-guard.com\/wp-content\/uploads\/2026\/05\/Ittermann-Logo-1182x237-1.png","contentUrl":"https:\/\/iwell-guard.com\/wp-content\/uploads\/2026\/05\/Ittermann-Logo-1182x237-1.png","width":1182,"height":237,"caption":"Ittermann electronic GmbH"},"image":{"@id":"https:\/\/iwell-guard.com\/is\/#\/schema\/logo\/image\/"},"sameAs":["https:\/\/pantip.com\/profile\/9367242","https:\/\/micro.blog\/iwellguard","https:\/\/www.diggerslist.com\/iwellguard\/about","https:\/\/skitterphoto.com\/photographers\/2870314\/iwell-guard","https:\/\/iwellguard.wordpress.com\/2026\/06\/06\/iwell-guard\/","https:\/\/hub.docker.com\/u\/iwellguard","https:\/\/www.pinterest.com\/iwellguard\/","https:\/\/bit.ly\/m\/iwellguard","https:\/\/entre-vos-mains.alsace.eu\/profiles\/iwellguard\/activity","https:\/\/gravatar.com\/reallybeded8fd34","https:\/\/naijamatta.com\/iwellguard","https:\/\/www.goodreads.com\/iwellguard","https:\/\/profile.hatena.ne.jp\/iwellguard\/","https:\/\/experiment.com\/users\/iwellguard","https:\/\/wakelet.com\/@iWellGuard82270","https:\/\/www.chordie.com\/forum\/profile.php?id=2555664","https:\/\/www.instapaper.com\/p\/17757966","https:\/\/www.mapleprimes.com\/users\/iwellguard","https:\/\/businesslistingplus.com\/profile\/iwell-guard\/","https:\/\/telegra.ph\/iWell-Guard-06-06","https:\/\/pbase.com\/iwellguard\/iwellguard","https:\/\/b.hatena.ne.jp\/iwellguard\/20260607#bookmark-4788405196491818882","https:\/\/fliphtml5.com\/home\/iwellguard","https:\/\/anyflip.com\/homepage\/cmiwl#About","https:\/\/transfur.com\/Users\/iwellguard","http:\/\/delphi.larsbo.org\/user\/iwellguard","https:\/\/jobs.lajobsportal.org\/profiles\/8380803-iwell-guard","https:\/\/md.chaosdorf.de\/s\/jfbe5SBdJD","https:\/\/www.lingvolive.com\/en-us\/profile\/9ecaeaca-ce11-4e51-9e71-01d55e2bff36\/translations","https:\/\/www.fitday.com\/fitness\/forums\/members\/iwellguard.html","https:\/\/www.mymeetbook.com\/iwellguard","https:\/\/pxhere.com\/en\/photographer-me\/5040798","https:\/\/disqus.com\/by\/iwellguard\/about\/","https:\/\/pastelink.net\/hjwciqwq","https:\/\/pubhtml5.com\/homepage\/scjhn\/","https:\/\/www.bitchute.com\/channel\/2O2eOKzNqujT","https:\/\/audiomack.com\/iwellguard"]},{"@type":"Person","@id":"https:\/\/iwell-guard.com\/is\/#\/schema\/person\/ee2a27f1cac3406c7c6fb5820cb7349f","name":"Ralf Ittermann","image":{"@type":"ImageObject","inLanguage":"is","@id":"https:\/\/secure.gravatar.com\/avatar\/073c0153e350a5005b68eb752b445fea71f6b24a26da9449ad7e155e6b446c9d?s=96&d=mm&r=g","url":"https:\/\/secure.gravatar.com\/avatar\/073c0153e350a5005b68eb752b445fea71f6b24a26da9449ad7e155e6b446c9d?s=96&d=mm&r=g","contentUrl":"https:\/\/secure.gravatar.com\/avatar\/073c0153e350a5005b68eb752b445fea71f6b24a26da9449ad7e155e6b446c9d?s=96&d=mm&r=g","caption":"Ralf Ittermann"},"givenName":"Ralf","familyName":"Ittermann","jobTitle":"Gesch\u00e4ftsf\u00fchrer und redaktioneller Verantwortlicher","url":"https:\/\/iwell-guard.com\/is\/author\/claude\/","description":"Ralf Ittermann ist Gesch\u00e4ftsf\u00fchrer der Ittermann electronic GmbH und redaktioneller Verantwortlicher des iWell-Guard-Lexikons. Er verbindet langj\u00e4hrige Erfahrung in der Pr\u00e4zisionsfertigung mit medialer Praxis und religionsgeschichtlicher Quellenarbeit.","worksFor":{"@type":"Organization","name":"Ittermann electronic GmbH","url":"https:\/\/ittermann.de\/","address":{"@type":"PostalAddress","streetAddress":"K\u00f6hlergasse 16-18","postalCode":"99842","addressLocality":"Ruhla","addressCountry":"DE"}},"knowsAbout":["Religionsgeschichte","Mythologie","Mediale Praxis","Energetische Diagnostik","Schutzpraxis","Volksglauben","Westliche Esoterik"]},{"@type":"Article","@id":"https:\/\/iwell-guard.com\/is\/pluto\/#article","isPartOf":{"@id":"https:\/\/iwell-guard.com\/is\/pluto\/"},"author":{"name":"Ralf Ittermann","@id":"https:\/\/iwell-guard.com\/is\/#\/schema\/person\/ee2a27f1cac3406c7c6fb5820cb7349f"},"headline":"Pl\u00fat\u00f3","datePublished":"2026-09-05T14:02:42+00:00","dateModified":"2026-09-05T14:18:32+00:00","mainEntityOfPage":{"@id":"https:\/\/iwell-guard.com\/is\/pluto\/"},"publisher":{"@id":"https:\/\/iwell-guard.com\/is\/#organization"},"image":{"@id":"https:\/\/iwell-guard.com\/is\/pluto\/#primaryimage"},"thumbnailUrl":"https:\/\/iwell-guard.com\/wp-content\/uploads\/2026\/04\/goetter_rom_pluto.webp","inLanguage":"is","description":"Pl\u00fat\u00f3, r\u00f3mverskur gu\u00f0 undirheima og au\u00f0leg\u00f0ar, var\u00f0veittur \u00ed heimildum um aldir: eiginma\u00f0ur Proserp\u00ednu, d\u00f3mari yfir hinum l\u00e1tnu, me\u00f0 hof \u00ed Tarracina."}]}},"_links":{"self":[{"href":"https:\/\/iwell-guard.com\/is\/wp-json\/wp\/v2\/pages\/168753","targetHints":{"allow":["GET"]}}],"collection":[{"href":"https:\/\/iwell-guard.com\/is\/wp-json\/wp\/v2\/pages"}],"about":[{"href":"https:\/\/iwell-guard.com\/is\/wp-json\/wp\/v2\/types\/page"}],"author":[{"embeddable":true,"href":"https:\/\/iwell-guard.com\/is\/wp-json\/wp\/v2\/users\/3"}],"replies":[{"embeddable":true,"href":"https:\/\/iwell-guard.com\/is\/wp-json\/wp\/v2\/comments?post=168753"}],"version-history":[{"count":0,"href":"https:\/\/iwell-guard.com\/is\/wp-json\/wp\/v2\/pages\/168753\/revisions"}],"wp:featuredmedia":[{"embeddable":true,"href":"https:\/\/iwell-guard.com\/is\/wp-json\/wp\/v2\/media\/1737"}],"wp:attachment":[{"href":"https:\/\/iwell-guard.com\/is\/wp-json\/wp\/v2\/media?parent=168753"}],"wp:term":[{"taxonomy":"category","embeddable":true,"href":"https:\/\/iwell-guard.com\/is\/wp-json\/wp\/v2\/categories?post=168753"}],"curies":[{"name":"wp","href":"https:\/\/api.w.org\/{rel}","templated":true}]}}