{"id":168750,"date":"2026-09-05T14:02:40","date_gmt":"2026-09-05T14:02:40","guid":{"rendered":"https:\/\/iwell-guard.com\/?page_id=168750"},"modified":"2026-09-05T14:18:27","modified_gmt":"2026-09-05T14:18:27","slug":"persefona","status":"publish","type":"page","link":"https:\/\/iwell-guard.com\/is\/persefona\/","title":{"rendered":"Persef\u00f3na"},"content":{"rendered":"\t\t<div data-elementor-type=\"wp-page\" data-elementor-id=\"168750\" class=\"elementor elementor-168750 elementor-1963 elementor-bc-flex-widget\" data-elementor-post-type=\"page\">\n\t\t\t\t<div class=\"elementor-element elementor-element-10fdade e-flex e-con-boxed e-con e-parent\" data-id=\"10fdade\" data-element_type=\"container\" data-e-type=\"container\" data-settings=\"{&quot;background_background&quot;:&quot;classic&quot;}\">\n\t\t\t\t\t<div class=\"e-con-inner\">\n\t\t<div class=\"elementor-element elementor-element-herohlft0 e-flex e-con-boxed e-con e-child\" data-id=\"herohlft0\" data-element_type=\"container\" data-e-type=\"container\">\n\t\t\t\t\t<div class=\"e-con-inner\">\n\t\t<div class=\"elementor-element elementor-element-c3ceb64 e-con-full e-flex e-con e-child\" data-id=\"c3ceb64\" data-element_type=\"container\" data-e-type=\"container\">\n\t\t\t\t<div class=\"elementor-element elementor-element-96ae5e1 elementor-widget elementor-widget-heading\" data-id=\"96ae5e1\" data-element_type=\"widget\" data-e-type=\"widget\" data-widget_type=\"heading.default\">\n\t\t\t\t\t<h1 class=\"elementor-heading-title elementor-size-default\">Persef\u00f3na, gy\u00f0ja hinnar gr\u00edsku hef\u00f0ar<\/h1>\t\t\t\t<\/div>\n\t\t\t\t<div class=\"elementor-element elementor-element-e45238a elementor-widget elementor-widget-text-editor\" data-id=\"e45238a\" data-element_type=\"widget\" data-e-type=\"widget\" data-widget_type=\"text-editor.default\">\n\t\t\t\t\t\t\t\t\t<p>D\u00f3ttir gr\u00f3anda, drottning undirheimanna, \u00edmynd umbreytinga. Persef\u00f3na (einnig k\u00f6llu\u00f0 K\u00f3ra) er d\u00f3ttir Demetru og tengili\u00f0ur jar\u00f0ar og undirheima.<\/p><p>Brottn\u00e1m hennar af hendi Hadesar setur mark sitt \u00e1 skilning gr\u00edskrar menningar \u00e1 dau\u00f0a, endurf\u00e6\u00f0ingu og \u00e1rst\u00ed\u00f0ahringnum. H\u00fan r\u00edkir sem vir\u00f0uleg drottning vi\u00f0 hli\u00f0 Hadesar, gy\u00f0ja sem sameinar strengleika og hluttekningu.<\/p><p>Persef\u00f3na er gy\u00f0ja hinnar gr\u00edsku hef\u00f0ar, d\u00f3ttir Demetru og drottning undirheimanna.<\/p>\t\t\t\t\t\t\t\t<\/div>\n\t\t\t\t<\/div>\n\t\t<div class=\"elementor-element elementor-element-klsbdg01 e-con-full e-flex e-con e-parent\" data-id=\"klsbdg01\" data-element_type=\"container\" data-e-type=\"container\">\n\t\t\t\t<div class=\"elementor-element elementor-element-klshtm01 elementor-widget elementor-widget-html\" data-id=\"klshtm01\" data-element_type=\"widget\" data-e-type=\"widget\" data-widget_type=\"html.default\">\n\t\t\t\t\t<div class=\"iwg-pill-row\"><span class=\"iwg-klasse-badge\" tabindex=\"0\" data-tooltip=\"Gu\u00f0\/gy\u00f0ja: Pers\u00f3nuger\u00f0 \u00e6\u00f0sta vald \u00ed go\u00f0aheimi menningar, me\u00f0 sk\u00fdr valdsvi\u00f0, n\u00e1tt\u00faru\u00f6fl, \u00f6rl\u00f6g, str\u00ed\u00f0, gr\u00f3andi. D\u00fdrku\u00f0 me\u00f0 helgisi\u00f0um, f\u00f3rnum og hofsstofnunum.\">Gy\u00f0ja<\/span><a href=\"https:\/\/iwell-guard.com\/is\/?page_id=168594\" class=\"iwg-kultur-badge\" tabindex=\"0\" data-tooltip=\"Tr\u00faarbr\u00f6g\u00f0 og go\u00f0afr\u00e6\u00f0i Grikklands hins forna, fr\u00e1 m\u00fdkenskum t\u00edma til s\u00ed\u00f0fornaldar.\">Grikkland<\/a><a href=\"https:\/\/iwell-guard.com\/is\/?page_id=168709\" class=\"iwg-tradition-badge\" tabindex=\"0\" data-tooltip=\"Gu\u00f0ir undirheima og dau\u00f0ans, herrar hins framli\u00f0na, d\u00f3marar s\u00e1lna, lei\u00f0s\u00f6gumenn s\u00e1lna.\">D\u00e1nargu\u00f0<\/a><\/div>\t\t\t\t<\/div>\n\t\t\t\t<\/div>\n\t\t<div class=\"elementor-element elementor-element-3f74855 e-con-full e-flex e-con e-child\" data-id=\"3f74855\" data-element_type=\"container\" data-e-type=\"container\">\n\t\t\t\t<div class=\"elementor-element elementor-element-1c30362 elementor-toc--minimized-on-tablet elementor-widget elementor-widget-table-of-contents\" data-id=\"1c30362\" data-element_type=\"widget\" data-e-type=\"widget\" data-settings=\"{&quot;exclude_headings_by_selector&quot;:[],&quot;no_headings_message&quot;:&quot;Engar undirfyrirsagnir fundust \\u00e1 \\u00feessari s\\u00ed\\u00f0u.&quot;,&quot;headings_by_tags&quot;:[&quot;h2&quot;,&quot;h3&quot;],&quot;marker_view&quot;:&quot;bullets&quot;,&quot;minimize_box&quot;:&quot;yes&quot;,&quot;icon&quot;:{&quot;value&quot;:&quot;fas fa-circle&quot;,&quot;library&quot;:&quot;fa-solid&quot;,&quot;rendered_tag&quot;:&quot;&lt;svg class=\\&quot;e-font-icon-svg e-fas-circle\\&quot; viewBox=\\&quot;0 0 512 512\\&quot; xmlns=\\&quot;http:\\\/\\\/www.w3.org\\\/2000\\\/svg\\&quot;&gt;&lt;path d=\\&quot;M256 8C119 8 8 119 8 256s111 248 248 248 248-111 248-248S393 8 256 8z\\&quot;&gt;&lt;\\\/path&gt;&lt;\\\/svg&gt;&quot;},&quot;minimized_on&quot;:&quot;tablet&quot;,&quot;hierarchical_view&quot;:&quot;yes&quot;,&quot;min_height&quot;:{&quot;unit&quot;:&quot;px&quot;,&quot;size&quot;:&quot;&quot;,&quot;sizes&quot;:[]},&quot;min_height_tablet&quot;:{&quot;unit&quot;:&quot;px&quot;,&quot;size&quot;:&quot;&quot;,&quot;sizes&quot;:[]},&quot;min_height_mobile&quot;:{&quot;unit&quot;:&quot;px&quot;,&quot;size&quot;:&quot;&quot;,&quot;sizes&quot;:[]}}\" data-widget_type=\"table-of-contents.default\">\n\t\t\t\t\t\t\t\t\t<div class=\"elementor-toc__header\">\n\t\t\t\t\t\t<h2 class=\"elementor-toc__header-title\">\n\t\t\t\tEfnisyfirlit\t\t\t<\/h2>\n\t\t\t\t\t\t\t\t\t\t<div class=\"elementor-toc__toggle-button elementor-toc__toggle-button--expand\" role=\"button\" tabindex=\"0\" aria-controls=\"elementor-toc__1c30362\" aria-expanded=\"true\" aria-label=\"Open table of contents\"><svg aria-hidden=\"true\" class=\"e-font-icon-svg e-fas-chevron-down\" viewBox=\"0 0 448 512\" xmlns=\"http:\/\/www.w3.org\/2000\/svg\"><path d=\"M207.029 381.476L12.686 187.132c-9.373-9.373-9.373-24.569 0-33.941l22.667-22.667c9.357-9.357 24.522-9.375 33.901-.04L224 284.505l154.745-154.021c9.379-9.335 24.544-9.317 33.901.04l22.667 22.667c9.373 9.373 9.373 24.569 0 33.941L240.971 381.476c-9.373 9.372-24.569 9.372-33.942 0z\"><\/path><\/svg><\/div>\n\t\t\t\t<div class=\"elementor-toc__toggle-button elementor-toc__toggle-button--collapse\" role=\"button\" tabindex=\"0\" aria-controls=\"elementor-toc__1c30362\" aria-expanded=\"true\" aria-label=\"Close table of contents\"><svg aria-hidden=\"true\" class=\"e-font-icon-svg e-fas-chevron-up\" viewBox=\"0 0 448 512\" xmlns=\"http:\/\/www.w3.org\/2000\/svg\"><path d=\"M240.971 130.524l194.343 194.343c9.373 9.373 9.373 24.569 0 33.941l-22.667 22.667c-9.357 9.357-24.522 9.375-33.901.04L224 227.495 69.255 381.516c-9.379 9.335-24.544 9.317-33.901-.04l-22.667-22.667c-9.373-9.373-9.373-24.569 0-33.941L207.03 130.525c9.372-9.373 24.568-9.373 33.941-.001z\"><\/path><\/svg><\/div>\n\t\t\t\t\t<\/div>\n\t\t\t\t<div id=\"elementor-toc__1c30362\" class=\"elementor-toc__body\">\n\t\t\t<div class=\"elementor-toc__spinner-container\">\n\t\t\t\t<svg class=\"elementor-toc__spinner eicon-animation-spin e-font-icon-svg e-eicon-loading\" aria-hidden=\"true\" viewBox=\"0 0 1000 1000\" xmlns=\"http:\/\/www.w3.org\/2000\/svg\"><path d=\"M500 975V858C696 858 858 696 858 500S696 142 500 142 142 304 142 500H25C25 237 238 25 500 25S975 237 975 500 763 975 500 975Z\"><\/path><\/svg>\t\t\t<\/div>\n\t\t<\/div>\n\t\t\t\t\t\t<\/div>\n\t\t\t\t<\/div>\n\t\t\t\t\t<\/div>\n\t\t\t\t<\/div>\n\t\t<div class=\"elementor-element elementor-element-herorght0 e-con-full e-flex e-con e-child\" data-id=\"herorght0\" data-element_type=\"container\" data-e-type=\"container\">\n\t\t\t\t<div class=\"elementor-element elementor-element-heroimg00 iwg-hero-image elementor-widget elementor-widget-image\" data-id=\"heroimg00\" data-element_type=\"widget\" data-e-type=\"widget\" data-widget_type=\"image.default\">\n\t\t\t\t\t\t\t\t\t\t\t\t\t\t\t<img fetchpriority=\"high\" decoding=\"async\" width=\"683\" height=\"1024\" src=\"https:\/\/iwell-guard.com\/wp-content\/uploads\/2026\/04\/goetter_griechenland_persephone-683x1024.webp\" class=\"attachment-large size-large wp-image-170977\" alt=\"Persef\u00f3na - Gu\u00f0ir \u00far gr\u00edskri hef\u00f0, s\u00f6guleg-myndskreytt\" srcset=\"https:\/\/iwell-guard.com\/wp-content\/uploads\/2026\/04\/goetter_griechenland_persephone-683x1024.webp 683w, https:\/\/iwell-guard.com\/wp-content\/uploads\/2026\/04\/goetter_griechenland_persephone-200x300.webp 200w, https:\/\/iwell-guard.com\/wp-content\/uploads\/2026\/04\/goetter_griechenland_persephone-768x1152.webp 768w, https:\/\/iwell-guard.com\/wp-content\/uploads\/2026\/04\/goetter_griechenland_persephone.webp 1024w\" sizes=\"(max-width: 683px) 100vw, 683px\" \/>\t\t\t\t\t\t\t\t\t\t\t\t\t\t\t<\/div>\n\t\t\t\t<\/div>\n\t\t\t\t\t<\/div>\n\t\t\t\t<\/div>\n\t\t<div class=\"elementor-element elementor-element-32917199 e-flex e-con-boxed e-con e-parent\" data-id=\"32917199\" data-element_type=\"container\" data-e-type=\"container\">\n\t\t\t\t\t<div class=\"e-con-inner\">\n\t\t<div class=\"elementor-element elementor-element-26e916cb e-flex e-con-boxed e-con e-child\" data-id=\"26e916cb\" data-element_type=\"container\" data-e-type=\"container\">\n\t\t\t\t\t<div class=\"e-con-inner\">\n\t\t<div class=\"elementor-element elementor-element-253a40d4 e-flex e-con-boxed e-con e-child\" data-id=\"253a40d4\" data-element_type=\"container\" data-e-type=\"container\">\n\t\t\t\t\t<div class=\"e-con-inner\">\n\t\t\t\t<div class=\"elementor-element elementor-element-1200c304 elementor-widget elementor-widget-heading\" data-id=\"1200c304\" data-element_type=\"widget\" data-e-type=\"widget\" data-widget_type=\"heading.default\">\n\t\t\t\t\t<h2 class=\"elementor-heading-title elementor-size-default\">Persef\u00f3na<\/h2>\t\t\t\t<\/div>\n\t\t\t\t\t<\/div>\n\t\t\t\t<\/div>\n\t\t<div class=\"elementor-element elementor-element-159dcf9a e-flex e-con-boxed e-con e-child\" data-id=\"159dcf9a\" data-element_type=\"container\" data-e-type=\"container\">\n\t\t\t\t\t<div class=\"e-con-inner\">\n\t\t\t\t<div class=\"elementor-element elementor-element-48cee66f elementor-widget elementor-widget-heading\" data-id=\"48cee66f\" data-element_type=\"widget\" data-e-type=\"widget\" data-widget_type=\"heading.default\">\n\t\t\t\t\t<h2 class=\"elementor-heading-title elementor-size-default\">Skj\u00f3tt yfirlit: Persef\u00f3na<\/h2>\t\t\t\t<\/div>\n\t\t\t\t<div class=\"elementor-element elementor-element-3f50d82c elementor-widget elementor-widget-text-editor\" data-id=\"3f50d82c\" data-element_type=\"widget\" data-e-type=\"widget\" data-widget_type=\"text-editor.default\">\n\t\t\t\t\t\t\t\t\t<p><strong>Ger\u00f0:<\/strong> Gr\u00edsk h\u00f6fu\u00f0gy\u00f0ja, gy\u00f0ja undirheima og gr\u00f3anda<br><span class=\"iwg-fachbegriff\" data-tooltip=\"Heild go\u00f0a innan tr\u00faarbrag\u00f0a e\u00f0a menningar.\" tabindex=\"0\">Go\u00f0aheimur<\/span>: Grikkland (\u00d3lympos og undirheimar)<br>Hlutverk: Drottning undirheimanna, v\u00f6xtur og hnignun gr\u00f3\u00f0urs, launhelgar<br>Megina\u00f0kenni: Granatepli, blys, kornkrans<br>Helstu d\u00fdrkunarsta\u00f0ir: Eleusis, Lokroi Epizephyrioi, Sikiley (Enna)<br>R\u00f3mverskt hli\u00f0st\u00e6\u00f0a: Proserpina<\/p>\t\t\t\t\t\t\t\t<\/div>\n\t\t\t\t\t<\/div>\n\t\t\t\t<\/div>\n\t\t\t\t\t<\/div>\n\t\t\t\t<\/div>\n\t\t\t\t\t<\/div>\n\t\t\t\t<\/div>\n\t\t<div class=\"elementor-element elementor-element-18613602 e-flex e-con-boxed e-con e-parent\" data-id=\"18613602\" data-element_type=\"container\" data-e-type=\"container\">\n\t\t\t\t\t<div class=\"e-con-inner\">\n\t\t\t\t<div class=\"elementor-element elementor-element-262b8a9f elementor-widget elementor-widget-heading\" data-id=\"262b8a9f\" data-element_type=\"widget\" data-e-type=\"widget\" data-widget_type=\"heading.default\">\n\t\t\t\t\t<h2 class=\"elementor-heading-title elementor-size-default\">Samhengi<\/h2>\t\t\t\t<\/div>\n\t\t<div class=\"elementor-element elementor-element-46dcb7d e-con-full e-flex e-con e-child\" data-id=\"46dcb7d\" data-element_type=\"container\" data-e-type=\"container\">\n\t\t<div class=\"elementor-element elementor-element-61d3ab3 e-flex e-con-boxed e-con e-child\" data-id=\"61d3ab3\" data-element_type=\"container\" data-e-type=\"container\">\n\t\t\t\t\t<div class=\"e-con-inner\">\n\t\t\t\t<div class=\"elementor-element elementor-element-117c166 elementor-widget elementor-widget-heading\" data-id=\"117c166\" data-element_type=\"widget\" data-e-type=\"widget\" data-widget_type=\"heading.default\">\n\t\t\t\t\t<h3 class=\"elementor-heading-title elementor-size-default\">T\u00edmabil textanna<\/h3>\t\t\t\t<\/div>\n\t\t\t\t<div class=\"elementor-element elementor-element-73997a0 elementor-widget elementor-widget-text-editor\" data-id=\"73997a0\" data-element_type=\"widget\" data-e-type=\"widget\" data-widget_type=\"text-editor.default\">\n\t\t\t\t\t\t\t\t\t<p><span data-nosnippet>Go\u00f0sagnir um Persef\u00f3nu eru b\u00f3kmenntalega sta\u00f0festar allt fr\u00e1 H\u00f3mer (8. \u00f6ld f.Kr.); h\u00f6fu\u00f0go\u00f0s\u00f6gnin (brottn\u00e1m af hendi Hadesar) er s\u00f6g\u00f0 \u00ed sm\u00e1atri\u00f0um \u00ed <em>H\u00f3merska Demetru-hymnanum<\/em>. Eleus\u00ednsku launhelgarnar, einar mikilv\u00e6gustu launhelgar hins forna heims, sn\u00faast um s\u00f6gu m\u00e6\u00f0gnanna Demetru og Persef\u00f3nu, \u00fe\u00e6r st\u00f3\u00f0u samfellt \u00ed n\u00e6rri 2000 \u00e1r, \u00fear til \u00dee\u00f3d\u00f3s\u00edus l\u00e9t banna \u00fe\u00e6r \u00e1ri\u00f0 392 e.Kr.<\/span><\/p>\t\t\t\t\t\t\t\t<\/div>\n\t\t\t\t\t<\/div>\n\t\t\t\t<\/div>\n\t\t<div class=\"elementor-element elementor-element-d47b156 e-flex e-con-boxed e-con e-child\" data-id=\"d47b156\" data-element_type=\"container\" data-e-type=\"container\">\n\t\t\t\t\t<div class=\"e-con-inner\">\n\t\t\t\t<div class=\"elementor-element elementor-element-ff38c2b elementor-widget elementor-widget-heading\" data-id=\"ff38c2b\" data-element_type=\"widget\" data-e-type=\"widget\" data-widget_type=\"heading.default\">\n\t\t\t\t\t<h3 class=\"elementor-heading-title elementor-size-default\">\u00datbrei\u00f0slusv\u00e6\u00f0i<\/h3>\t\t\t\t<\/div>\n\t\t\t\t<div class=\"elementor-element elementor-element-4e49fcc elementor-widget elementor-widget-text-editor\" data-id=\"4e49fcc\" data-element_type=\"widget\" data-e-type=\"widget\" data-widget_type=\"text-editor.default\">\n\t\t\t\t\t\t\t\t\t<p>Mikilv\u00e6gasti d\u00fdrkunarsta\u00f0ur: <strong>Eleusis<\/strong> vi\u00f0 A\u00feenu (fr\u00e6gustu launhelgarnar). Auk \u00feess: Sikiley (Enna sem s\u00f6gusvi\u00f0 brottn\u00e1msins), Lokroi Epizephyrioi (su\u00f0ur\u00edtalskur s\u00e9rstakur <span class=\"iwg-fachbegriff\" data-tooltip=\"Heild tr\u00faarlegra d\u00fdrkunarathafna fyrir gu\u00f0 e\u00f0a heilaga v\u00e6ttu.\" tabindex=\"0\">helgisi\u00f0ad\u00fdrkun<\/span> me\u00f0 leirt\u00f6flum), Korin\u00fea, \u00deeba. \u00c1 hellen\u00edsk-r\u00f3mverskum t\u00edma barst sams\u00f6mun Persef\u00f3nu sem Proserpinu um allt Mi\u00f0jar\u00f0arhafssv\u00e6\u00f0i\u00f0.<\/p>\t\t\t\t\t\t\t\t<\/div>\n\t\t\t\t\t<\/div>\n\t\t\t\t<\/div>\n\t\t\t\t<\/div>\n\t\t<div class=\"elementor-element elementor-element-db03c39 e-con-full e-flex e-con e-child\" data-id=\"db03c39\" data-element_type=\"container\" data-e-type=\"container\">\n\t\t<div class=\"elementor-element elementor-element-229a87b e-flex e-con-boxed e-con e-child\" data-id=\"229a87b\" data-element_type=\"container\" data-e-type=\"container\">\n\t\t\t\t\t<div class=\"e-con-inner\">\n\t\t\t\t<div class=\"elementor-element elementor-element-1f471fc elementor-widget elementor-widget-heading\" data-id=\"1f471fc\" data-element_type=\"widget\" data-e-type=\"widget\" data-widget_type=\"heading.default\">\n\t\t\t\t\t<h3 class=\"elementor-heading-title elementor-size-default\">Heimildasta\u00f0a<\/h3>\t\t\t\t<\/div>\n\t\t\t\t<div class=\"elementor-element elementor-element-36b1201 elementor-widget elementor-widget-text-editor\" data-id=\"36b1201\" data-element_type=\"widget\" data-e-type=\"widget\" data-widget_type=\"text-editor.default\">\n\t\t\t\t\t\t\t\t\t<p>Helstu heimildir: <em>H\u00f3mers\u00e1lmurinn til Demeter<\/em> (lengsta <span class=\"iwg-fachbegriff\" data-tooltip=\"T\u00edmabil gr\u00edskrar og r\u00f3mverskrar menningar, um \u00fea\u00f0 bil 800 f.Kr. til 600 e.Kr.\" tabindex=\"0\">forna<\/span> fr\u00e1s\u00f6gnin af <span class=\"iwg-fachbegriff\" data-tooltip=\"Hef\u00f0bundin fr\u00e1s\u00f6gn um gu\u00f0i, uppruna og skipan heimsins.\" tabindex=\"0\">go\u00f0s\u00f6gunni<\/span>), <em>Gu\u00f0afr\u00e6\u00f0i<\/em> Hes\u00edodosar, Hesychios-gl\u00f3surnar um Eleusis-helgisi\u00f0ina, Lokroi-pinakes (leirmyndat\u00f6flur), <em>L\u00fdsing \u00e1 Grikklandi<\/em> eftir P\u00e1san\u00edas (Eleusis-kaflinn). Fr\u00e6\u00f0irit: Burkert, <em><span class=\"iwg-fachbegriff\" data-tooltip=\"T\u00edmabil gr\u00edskrar og r\u00f3mverskrar menningar, um \u00fea\u00f0 bil 800 f.Kr. til 600 e.Kr.\" tabindex=\"0\">Forn<\/span> leyndard\u00f3mar<\/em>; Foley, <em>The Homeric Hymn to Demeter<\/em>; Clinton, <em>The Eleusinian Mysteries<\/em>.<\/p>\t\t\t\t\t\t\t\t<\/div>\n\t\t\t\t\t<\/div>\n\t\t\t\t<\/div>\n\t\t\t\t<\/div>\n\t\t\t\t\t<\/div>\n\t\t\t\t<\/div>\n\t\t<div class=\"elementor-element elementor-element-3ae0637c e-flex e-con-boxed e-con e-parent\" data-id=\"3ae0637c\" data-element_type=\"container\" data-e-type=\"container\">\n\t\t\t\t\t<div class=\"e-con-inner\">\n\t\t\t\t<div class=\"elementor-element elementor-element-31d07739 elementor-widget elementor-widget-heading\" data-id=\"31d07739\" data-element_type=\"widget\" data-e-type=\"widget\" data-widget_type=\"heading.default\">\n\t\t\t\t\t<h2 class=\"elementor-heading-title elementor-size-default\">Nafn<\/h2>\t\t\t\t<\/div>\n\t\t<div class=\"elementor-element elementor-element-b7642947 e-con-full e-flex e-con e-child\" data-id=\"b7642947\" data-element_type=\"container\" data-e-type=\"container\">\n\t\t\t\t<div class=\"elementor-element elementor-element-a086266 elementor-widget elementor-widget-text-editor\" data-id=\"a086266\" data-element_type=\"widget\" data-e-type=\"widget\" data-widget_type=\"text-editor.default\">\n\t\t\t\t\t\t\t\t\t<p>Persef\u00f3na er s\u00fdnd sem vir\u00f0uleg kona, oft me\u00f0 k\u00f3r\u00f3nu e\u00f0a h\u00f6fu\u00f0dj\u00e1sn, og oft situr h\u00fan \u00e1 h\u00e1s\u00e6ti vi\u00f0 hli\u00f0 Hadesar. A\u00f0kenni hennar eru granatepli (<span class=\"iwg-fachbegriff\" data-tooltip=\"T\u00e1kn sem stendur fyrir hugmynd e\u00f0a merkingu.\" tabindex=\"0\">t\u00e1kn<\/span> tengsla hennar vi\u00f0 undirheimana), blys (Demetra leita\u00f0i hennar me\u00f0 blysi), valm\u00fai og korn.<\/p><p>\u00cd undirheimunum ber h\u00fan konungleg kl\u00e6\u00f0i, en \u00feegar h\u00fan dvelur \u00e1 j\u00f6r\u00f0u er h\u00fan s\u00fdnd ung og bl\u00f3mstrandi.<\/p>\t\t\t\t\t\t\t\t<\/div>\n\t\t\t\t<\/div>\n\t\t\t\t\t<\/div>\n\t\t\t\t<\/div>\n\t\t<div class=\"elementor-element elementor-element-709a44a8 e-flex e-con-boxed e-con e-parent\" data-id=\"709a44a8\" data-element_type=\"container\" data-e-type=\"container\">\n\t\t\t\t\t<div class=\"e-con-inner\">\n\t\t\t\t<div class=\"elementor-element elementor-element-2f585873 elementor-widget elementor-widget-heading\" data-id=\"2f585873\" data-element_type=\"widget\" data-e-type=\"widget\" data-widget_type=\"heading.default\">\n\t\t\t\t\t<h2 class=\"elementor-heading-title elementor-size-default\">Einkenni<\/h2>\t\t\t\t<\/div>\n\t\t<div class=\"elementor-element elementor-element-70621c12 e-con-full e-flex e-con e-child\" data-id=\"70621c12\" data-element_type=\"container\" data-e-type=\"container\">\n\t\t\t\t<div class=\"elementor-element elementor-element-4296eb49 elementor-widget elementor-widget-text-editor\" data-id=\"4296eb49\" data-element_type=\"widget\" data-e-type=\"widget\" data-widget_type=\"text-editor.default\">\n\t\t\t\t\t\t\t\t\t<p>Persef\u00f3na r\u00edkir \u00e1samt Hadesi yfir undirheimunum. H\u00fan er ekki grimm heldur r\u00e9ttl\u00e1t, h\u00fan hlustar \u00e1 b\u00e6nir hinna framli\u00f0nu og hvetur eiginmann sinn til mildi. \u00cd Eleusis f\u00f3ru fram launhelgasi\u00f0ir sem endurspilu\u00f0u ni\u00f0urg\u00f6ngu og heimkomu Persef\u00f3nu og veittu tr\u00fau\u00f0um von um s\u00e6lt l\u00edf eftir dau\u00f0ann.<\/p><p>Heimkoma Persef\u00f3nu \u00far undirheimum til jar\u00f0ar bo\u00f0ar vori\u00f0; f\u00f6r hennar ni\u00f0ur \u00ed dj\u00fapi\u00f0 bo\u00f0ar hausti\u00f0. Saga hennar s\u00fdnir \u00fej\u00e1ningu sem nau\u00f0syn og ummyndar hana me\u00f0 reisn.<\/p><p><strong>\u00c1s\u00fdnd og t\u00e1knm\u00e1l<\/strong><\/p><p>Persef\u00f3na er s\u00fdnd sem f\u00f6gur, tignarleg kona, \u00fdmist ung og bl\u00f3mum skreytt (sem K\u00f3ra) e\u00f0a \u00feroska\u00f0ri og kr\u00fdnd t\u00ed\u00f6ru (sem drottning undirheima). Granatepli\u00f0 er hennar helsta a\u00f0kenni, \u00e1v\u00f6xturinn sem h\u00fan \u00e1t af og sem batt hana vi\u00f0 Hades. Blysi\u00f0 (l\u00edkt og hj\u00e1 Demetru) t\u00e1knar fer\u00f0ir hennar milli heimanna.<\/p><p>Korni\u00f0 og valm\u00fainn eru henni heilagir, s\u00f6mulei\u00f0is nartissan (bl\u00f3mi\u00f0 sem h\u00fan var a\u00f0 t\u00edna \u00feegar Hades nam hana). Litur hennar breytist: hv\u00edtur e\u00f0a krema\u00f0ur sem mey, d\u00f6kkrau\u00f0ur e\u00f0a svartur sem drottning undirheima. H\u00fan er sj\u00e1lf \u00edmynd umbreytingar: a\u00f0 lifa \u00ed gegnum missi og endurheimt, ekki a\u00f0eins eitt \u00e1stand af tveimur.<\/p>\t\t\t\t\t\t\t\t<\/div>\n\t\t\t\t<\/div>\n\t\t\t\t\t<\/div>\n\t\t\t\t<\/div>\n\t\t<div class=\"elementor-element elementor-element-44e71476 e-flex e-con-boxed e-con e-parent\" data-id=\"44e71476\" data-element_type=\"container\" data-e-type=\"container\">\n\t\t\t\t\t<div class=\"e-con-inner\">\n\t\t\t\t<div class=\"elementor-element elementor-element-3c1fc3f0 elementor-widget elementor-widget-heading\" data-id=\"3c1fc3f0\" data-element_type=\"widget\" data-e-type=\"widget\" data-widget_type=\"heading.default\">\n\t\t\t\t\t<h2 class=\"elementor-heading-title elementor-size-default\">Yfirlit: Persef\u00f3na<\/h2>\t\t\t\t<\/div>\n\t\t<div class=\"elementor-element elementor-element-84f33b8e e-con-full e-flex e-con e-child\" data-id=\"84f33b8e\" data-element_type=\"container\" data-e-type=\"container\">\n\t\t\t\t<div class=\"elementor-element elementor-element-hqkdc67p elementor-widget elementor-widget-text-editor\" data-id=\"hqkdc67p\" data-element_type=\"widget\" data-e-type=\"widget\" data-widget_type=\"text-editor.default\">\n\t\t\t\t\t\t\t\t\t<p>Mikilv\u00e6gustu atri\u00f0i um Persef\u00f3nu \u00ed hnotskurn. Eftirfarandi reitir taka saman uppruna, hlutverk, \u00e1s\u00fdnd, d\u00fdrkun, t\u00e1kn og hli\u00f0st\u00e6\u00f0ur.<\/p>\t\t\t\t\t\t\t\t<\/div>\n\t\t\t\t<\/div>\n\t\t<div class=\"elementor-element elementor-element-pemmx7c5 e-con-full e-flex e-con e-child\" data-id=\"pemmx7c5\" data-element_type=\"container\" data-e-type=\"container\">\n\t\t<div class=\"elementor-element elementor-element-pemmx7c1 e-con-full e-flex e-con e-child\" data-id=\"pemmx7c1\" data-element_type=\"container\" data-e-type=\"container\">\n\t\t<div class=\"elementor-element elementor-element-qh9oavvu iwg-steckbrief-card e-flex e-con-boxed e-con e-child\" data-id=\"qh9oavvu\" data-element_type=\"container\" data-e-type=\"container\">\n\t\t\t\t\t<div class=\"e-con-inner\">\n\t\t\t\t<div class=\"elementor-element elementor-element-awzx8k2k elementor-widget elementor-widget-heading\" data-id=\"awzx8k2k\" data-element_type=\"widget\" data-e-type=\"widget\" data-widget_type=\"heading.default\">\n\t\t\t\t\t<div class=\"elementor-heading-title elementor-size-default\">Uppruni Persef\u00f3nu<\/div>\t\t\t\t<\/div>\n\t\t\t\t<div class=\"elementor-element elementor-element-x6rowhv0 elementor-widget elementor-widget-text-editor\" data-id=\"x6rowhv0\" data-element_type=\"widget\" data-e-type=\"widget\" data-widget_type=\"text-editor.default\">\n\t\t\t\t\t\t\t\t\t<p>Persef\u00f3na er d\u00f3ttir Seifs og Demetru. \u00cd meginef<span class=\"iwg-fachbegriff\" data-tooltip=\"Yfirf\u00e6r\u00f0 fr\u00e1s\u00f6gn um gu\u00f0i, uppruna og skipan heimsins.\" tabindex=\"0\">n<\/span>i go\u00f0s\u00f6gunni nemur <em>Hades<\/em>, herra undirheimanna, hana me\u00f0 valdi; m\u00f3\u00f0ir hennar Demetra leitar hennar \u00f6rv\u00e6ntingarfull og l\u00e6tur gr\u00f3\u00f0ur jar\u00f0ar visna.<\/p><p>A\u00f0 lokum er samkomulag mi\u00f0la\u00f0: Persef\u00f3na dvelur einn \u00feri\u00f0jung \u00e1rsins hj\u00e1 Hadesi (vetur) og tvo \u00feri\u00f0junga hj\u00e1 Demetru (sumar). Granatepli\u00f0, sem h\u00fan n\u00e6rist \u00e1 \u00ed undirheimunum, bindur hana vi\u00f0 Hades.<\/p>\t\t\t\t\t\t\t\t<\/div>\n\t\t\t\t\t<\/div>\n\t\t\t\t<\/div>\n\t\t<div class=\"elementor-element elementor-element-8e3o4kxs iwg-steckbrief-card e-flex e-con-boxed e-con e-child\" data-id=\"8e3o4kxs\" data-element_type=\"container\" data-e-type=\"container\">\n\t\t\t\t\t<div class=\"e-con-inner\">\n\t\t\t\t<div class=\"elementor-element elementor-element-08rkdgov elementor-widget elementor-widget-heading\" data-id=\"08rkdgov\" data-element_type=\"widget\" data-e-type=\"widget\" data-widget_type=\"heading.default\">\n\t\t\t\t\t<div class=\"elementor-heading-title elementor-size-default\">Tengt vi\u00f0<\/div>\t\t\t\t<\/div>\n\t\t\t\t<div class=\"elementor-element elementor-element-uwjelx8s elementor-widget elementor-widget-text-editor\" data-id=\"uwjelx8s\" data-element_type=\"widget\" data-e-type=\"widget\" data-widget_type=\"text-editor.default\">\n\t\t\t\t\t\t\t\t\t<p>Drottning undirheimanna (K\u00f3ru-hli\u00f0 \u00e1 m\u00f3ti Persef\u00f3nu-hli\u00f0, mey og drottning). \u00cd eleus\u00ednskri hef\u00f0 er h\u00fan millig\u00f6ngukona milli l\u00edfs og dau\u00f0a, launhelgarnar h\u00e9tu hinum v\u00edg\u00f0u s\u00e6lu l\u00edfi eftir dau\u00f0ann undir hennar handlei\u00f0slu. Tengsl vi\u00f0 gr\u00f3andahringinn: v\u00f6xtur og f\u00f6lnun jurtaheimsins fyrir tilstilli n\u00e1vistar hennar og fjarveru \u00e1 j\u00f6r\u00f0u. \u00c1 Sikiley var h\u00fan verndargy\u00f0ja meyja.<\/p>\t\t\t\t\t\t\t\t<\/div>\n\t\t\t\t\t<\/div>\n\t\t\t\t<\/div>\n\t\t<div class=\"elementor-element elementor-element-jm2n74ec iwg-steckbrief-card e-flex e-con-boxed e-con e-child\" data-id=\"jm2n74ec\" data-element_type=\"container\" data-e-type=\"container\">\n\t\t\t\t\t<div class=\"e-con-inner\">\n\t\t\t\t<div class=\"elementor-element elementor-element-8vufse4c elementor-widget elementor-widget-heading\" data-id=\"8vufse4c\" data-element_type=\"widget\" data-e-type=\"widget\" data-widget_type=\"heading.default\">\n\t\t\t\t\t<div class=\"elementor-heading-title elementor-size-default\">Framsetning<\/div>\t\t\t\t<\/div>\n\t\t\t\t<div class=\"elementor-element elementor-element-mwb9u015 elementor-widget elementor-widget-text-editor\" data-id=\"mwb9u015\" data-element_type=\"widget\" data-e-type=\"widget\" data-widget_type=\"text-editor.default\">\n\t\t\t\t\t\t\t\t\t<p>Ung kona, oft me\u00f0 granatepli \u00ed hendi, kornax-k\u00f3r\u00f3nu e\u00f0a blys. \u00cd undirheimamynd sinni situr h\u00fan \u00ed h\u00e1s\u00e6ti vi\u00f0 hli\u00f0 Hadesar, oft me\u00f0 alvarlegan svip. \u00c1 lokr\u00edsku pinakes-pl\u00f6tunum er h\u00fan oft s\u00fdnd \u00ed br\u00fa\u00f0kaupsatri\u00f0inu me\u00f0 Hadesi. Sem Kore (mey) me\u00f0 pol-k\u00f3r\u00f3nu (h\u00e1an strokkhatt). Fylgd hennar er oft Hekate (me\u00f0 blys) og Hermes (fylgd til yfirheims aftur).<\/p>\t\t\t\t\t\t\t\t<\/div>\n\t\t\t\t\t<\/div>\n\t\t\t\t<\/div>\n\t\t\t\t<\/div>\n\t\t<div class=\"elementor-element elementor-element-pemmx7c2 e-con-full e-flex e-con e-child\" data-id=\"pemmx7c2\" data-element_type=\"container\" data-e-type=\"container\">\n\t\t<div class=\"elementor-element elementor-element-37ss2yr6 iwg-steckbrief-card e-flex e-con-boxed e-con e-child\" data-id=\"37ss2yr6\" data-element_type=\"container\" data-e-type=\"container\">\n\t\t\t\t\t<div class=\"e-con-inner\">\n\t\t\t\t<div class=\"elementor-element elementor-element-3v0wp3wx elementor-widget elementor-widget-heading\" data-id=\"3v0wp3wx\" data-element_type=\"widget\" data-e-type=\"widget\" data-widget_type=\"heading.default\">\n\t\t\t\t\t<div class=\"elementor-heading-title elementor-size-default\">Hlutverk<\/div>\t\t\t\t<\/div>\n\t\t\t\t<div class=\"elementor-element elementor-element-w3247g2m elementor-widget elementor-widget-text-editor\" data-id=\"w3247g2m\" data-element_type=\"widget\" data-e-type=\"widget\" data-widget_type=\"text-editor.default\">\n\t\t\t\t\t\t\t\t\t<p><strong>Wirkungsbereich:<\/strong> Persef\u00f3na var lykilpers\u00f3na \u00ed eleus\u00edsku leyndard\u00f3munum. V\u00edg\u00f0ir menn hva\u00f0an\u00e6va \u00far Mi\u00f0jar\u00f0arhafinu fer\u00f0u\u00f0ust til Eleusis til a\u00f0 upplifa hina 9 daga l\u00f6ngu leynilegu helgiath\u00f6fn.<\/p><p>\u00cd pers\u00f3nulegri <span class=\"iwg-fachbegriff\" data-tooltip=\"Heild tr\u00faarlegra d\u00fdrkunarathafna sem tileinka\u00f0ar eru gu\u00f0i e\u00f0a heilagri veru.\" tabindex=\"0\">d\u00fdrkun<\/span> var h\u00fan \u00e1k\u00f6llu\u00f0 af konum fyrir br\u00fa\u00f0kaup (sem mey er st\u00edgur inn \u00ed n\u00fdtt l\u00edfsskei\u00f0). \u00cd d\u00e1nar<span class=\"iwg-fachbegriff\" data-tooltip=\"Heild tr\u00faarlegra d\u00fdrkunarathafna sem tileinka\u00f0ar eru gu\u00f0i e\u00f0a heilagri veru.\" tabindex=\"0\">d\u00fdrkun<\/span> var h\u00fan verndargy\u00f0ja hinna l\u00e1tnu, og granatepla-t\u00e1kn eru algeng \u00ed gj\u00f6fum sem lag\u00f0ar voru \u00ed gr\u00edsk grafh\u00fdsi.<\/p>\t\t\t\t\t\t\t\t<\/div>\n\t\t\t\t\t<\/div>\n\t\t\t\t<\/div>\n\t\t<div class=\"elementor-element elementor-element-0qpjal9w iwg-steckbrief-card e-flex e-con-boxed e-con e-child\" data-id=\"0qpjal9w\" data-element_type=\"container\" data-e-type=\"container\">\n\t\t\t\t\t<div class=\"e-con-inner\">\n\t\t\t\t<div class=\"elementor-element elementor-element-6ndoih0o elementor-widget elementor-widget-heading\" data-id=\"6ndoih0o\" data-element_type=\"widget\" data-e-type=\"widget\" data-widget_type=\"heading.default\">\n\t\t\t\t\t<div class=\"elementor-heading-title elementor-size-default\">Vernd<\/div>\t\t\t\t<\/div>\n\t\t\t\t<div class=\"elementor-element elementor-element-6684tyh9 elementor-widget elementor-widget-text-editor\" data-id=\"6684tyh9\" data-element_type=\"widget\" data-e-type=\"widget\" data-widget_type=\"text-editor.default\">\n\t\t\t\t\t\t\t\t\t<p>Granatepli (bindingar-<span class=\"iwg-fachbegriff\" data-tooltip=\"T\u00e1kn sem stendur fyrir hugmynd e\u00f0a merkingu.\" tabindex=\"0\">t\u00e1kn<\/span> vi\u00f0 undirheimana), blys (leit Demeter), kornax-k\u00f3r\u00f3na (gr\u00f3\u00f0ur\u00fe\u00e1ttur), pol-k\u00f3r\u00f3na, asf\u00f3delos (bl\u00f3m undirheimanna), sver\u00f0 (Lokroi-hef\u00f0in). Pl\u00f6ntur: granatepli, kornax, asf\u00f3delos, valm\u00fai. Heil\u00f6g d\u00fdr: sn\u00e1kur.<\/p>\t\t\t\t\t\t\t\t<\/div>\n\t\t\t\t\t<\/div>\n\t\t\t\t<\/div>\n\t\t<div class=\"elementor-element elementor-element-3lfi7x32 iwg-steckbrief-card e-flex e-con-boxed e-con e-child\" data-id=\"3lfi7x32\" data-element_type=\"container\" data-e-type=\"container\">\n\t\t\t\t\t<div class=\"e-con-inner\">\n\t\t\t\t<div class=\"elementor-element elementor-element-0kg99ga1 elementor-widget elementor-widget-heading\" data-id=\"0kg99ga1\" data-element_type=\"widget\" data-e-type=\"widget\" data-widget_type=\"heading.default\">\n\t\t\t\t\t<div class=\"elementor-heading-title elementor-size-default\">Tengdar verur<\/div>\t\t\t\t<\/div>\n\t\t\t\t<div class=\"elementor-element elementor-element-n0fum6kp elementor-widget elementor-widget-text-editor\" data-id=\"n0fum6kp\" data-element_type=\"widget\" data-e-type=\"widget\" data-widget_type=\"text-editor.default\">\n\t\t\t\t\t\t\t\t\t<p><em>Proserp\u00edna<\/em> (R\u00f3m, n\u00e6r samhlj\u00f3\u00f0a yfirtaka), <em>Innana\/Ishtar<\/em> (Mes\u00f3p\u00f3tam\u00eda, fer\u00f0 til undirheima), <em>Ereshkigal<\/em> (Mes\u00f3p\u00f3tam\u00eda, drottning undirheima), <em>Hel<\/em> (germanskt, drottning undirheima), <em>Sita<\/em> (hind\u00faismi, tengsl vi\u00f0 j\u00f6r\u00f0ina, hvarf \u00ed j\u00f6r\u00f0ina), <em>Izanami<\/em> (Japan, sk\u00f6punargy\u00f0ja f\u00f6st \u00ed Yomi).<\/p>\t\t\t\t\t\t\t\t<\/div>\n\t\t\t\t\t<\/div>\n\t\t\t\t<\/div>\n\t\t\t\t<\/div>\n\t\t\t\t<\/div>\n\t\t\t\t\t<\/div>\n\t\t\t\t<\/div>\n\t\t<div class=\"elementor-element elementor-element-7533bc7a e-flex e-con-boxed e-con e-parent\" data-id=\"7533bc7a\" data-element_type=\"container\" data-e-type=\"container\">\n\t\t\t\t\t<div class=\"e-con-inner\">\n\t\t\t\t<div class=\"elementor-element elementor-element-2447d18d elementor-widget elementor-widget-heading\" data-id=\"2447d18d\" data-element_type=\"widget\" data-e-type=\"widget\" data-widget_type=\"heading.default\">\n\t\t\t\t\t<h2 class=\"elementor-heading-title elementor-size-default\">Verndarr\u00e1\u00f0 \u00ed framkv\u00e6md<\/h2>\t\t\t\t<\/div>\n\t\t<div class=\"elementor-element elementor-element-d5d0260c e-con-full e-flex e-con e-child\" data-id=\"d5d0260c\" data-element_type=\"container\" data-e-type=\"container\">\n\t\t\t\t<div class=\"elementor-element elementor-element-341be2ac elementor-widget elementor-widget-text-editor\" data-id=\"341be2ac\" data-element_type=\"widget\" data-e-type=\"widget\" data-widget_type=\"text-editor.default\">\n\t\t\t\t\t\t\t\t\t<p><strong>Athafnir til varnar<\/strong><\/p><p>Persef\u00f3na, drottning undirheima, var s\u00ed\u00f0ur tilefni varnarathafna en fri\u00f0\u00fe\u00e6gingarathafna. \u00dear sem nafn hennar var bori\u00f0 fram me\u00f0 var\u00fa\u00f0 \u00ed daglegu tali, k\u00f6llu\u00f0u menn hana oft dulnefninu Kore, \u201emeyjan\u201c, m\u00e1l vir\u00f0ingar gagnvart ne\u00f0anjar\u00f0arkr\u00f6ftunum.<\/p><p>\u00cd Eleusis-launhelgunum var vonin um g\u00f3\u00f0 \u00f6rl\u00f6g \u00ed handandheimi \u00ed brennidepli, s\u00ed\u00f0ur varnir gegn illu.<\/p><p>Sk\u00fdrt merkjanleg hl\u00edf\u00f0arhef\u00f0 eru orf\u00edsk-bakk\u00edsk gullbl\u00f6\u00f0in: \u00feunnar, \u00e1skrifa\u00f0ar gulllamellur sem lag\u00f0ar voru \u00ed grafir hinna l\u00e1tnu og innih\u00e9ldu lei\u00f0beiningar fyrir f\u00f6rina um undirheima og \u00e1v\u00f6rp til Persef\u00f3nu. \u00deau \u00e1tti a\u00f0 tryggja hinum l\u00e1tna \u00f6ruggan yfirgang, hl\u00edf\u00f0argripur \u00ed eiginlegum skilningi.<\/p><p><strong>\u00c1kallanir<\/strong><\/p><p>Eleusis-launhelgarnir voru mikilv\u00e6gasta d\u00fdrkunarlei\u00f0in til a\u00f0 n\u00e1 s\u00e9r g\u00f3\u00f0u sambandi vi\u00f0 Persef\u00f3nu og Demeter: innv\u00edg\u00f0ir vonu\u00f0ust til betri \u00f6rlaga eftir dau\u00f0ann. Auk \u00feess \u00feekkja orf\u00edsku gullbl\u00f6\u00f0in form\u00e6lingar sem leg\u00f0u s\u00e1linni \u00ed undirheimum r\u00e9ttar \u00e1varpsor\u00f0 til drottningarinnar, svo h\u00fan t\u00e6ki \u00e1 m\u00f3ti henni me\u00f0 miskunn. Go\u00f0sagan um granatepli\u00f0, en fr\u00e6 \u00feess bundu Persef\u00f3nu vi\u00f0 undirheimana, minnti einnig \u00e1 var\u00fa\u00f0 gagnvart mat \u00far r\u00edki hinna l\u00e1tnu.<\/p><p><strong>Verndargripir og hl\u00edf\u00f0art\u00e1kn<\/strong><\/p><p>Persef\u00f3na var \u00ed gr\u00edskri d\u00fdrkun me\u00f0h\u00f6ndlu\u00f0 af vir\u00f0ingu sem drottning undirheima, ekki var um varnir a\u00f0 r\u00e6\u00f0a: menn k\u00f6llu\u00f0u hana oft a\u00f0eins Kore, meyjuna, e\u00f0a umritu\u00f0u hana me\u00f0 velvildarheitum til a\u00f0 for\u00f0ast hi\u00f0 raunverulega nafn hennar. Vernd \u00ed samskiptum vi\u00f0 r\u00edki hennar s\u00f3ttu Grikkir \u00ed gegnum r\u00e9ttar greftrunar- og d\u00e1narathafnir sem trygg\u00f0u hinum l\u00e1tna \u00f6ruggan yfirgang. B\u00f6lvunart\u00f6flur (defixiones) s\u00fdna aftur \u00e1 m\u00f3ti a\u00f0 hana m\u00e1tti einnig \u00e1kalla me\u00f0 markvissum h\u00e6tti, og \u00fev\u00ed gilti vir\u00f0ingarfull umgengni vi\u00f0 nafn hennar sem regla.<\/p><p><strong><span class=\"iwg-fachbegriff\" data-tooltip=\"Heild tr\u00faarlegra d\u00fdrkunarathafna fyrir gu\u00f0 e\u00f0a heilaga vera.\" tabindex=\"0\">D\u00fdrkun<\/span> og tilbei\u00f0sla<\/strong><\/p><p>Persef\u00f3na var lykilf\u00edg\u00fara \u00ed Eleusis-launhelgunum, kannski enn mikilv\u00e6gari en m\u00f3\u00f0ir hennar Demeter. Brottn\u00e1m hennar og heimkoma voru svi\u00f0sett \u00e1 \u00e1hrifamikinn h\u00e1tt, og innv\u00edg\u00f0ir upplif\u00f0u \u00feessa fer\u00f0 \u00ed helgisi\u00f0aformi. Anthesteria, h\u00e1t\u00ed\u00f0 fyrir Persef\u00f3nu og gu\u00f0i undirheima, var t\u00edmi \u00feegar m\u00f6rkin milli l\u00edfs og dau\u00f0a ur\u00f0u \u00feunn.<\/p><p>Konur b\u00e1\u00f0u til Persef\u00f3nu \u00e1 kyn\u00feroskaskei\u00f0i og vi\u00f0 hj\u00f3naband, sem verndarvera umbreytingarins yfir \u00ed kvenhlutverk. Kore-myndin var d\u00fdrku\u00f0 sem verndarvera meyd\u00f3ms; Hadesar-drottningin sem verndarvera hj\u00f3nabands og m\u00f3\u00f0urhlutverks. Prestynjur mi\u00f0lu\u00f0u tv\u00ede\u00f0li hennar sem sam\u00fe\u00e6ttingu \u00ed sta\u00f0 m\u00f3tsagnar.<\/p>\t\t\t\t\t\t\t\t<\/div>\n\t\t\t\t<\/div>\n\t\t\t\t\t<\/div>\n\t\t\t\t<\/div>\n\t\t<div class=\"elementor-element elementor-element-5a584676 e-flex e-con-boxed e-con e-parent\" data-id=\"5a584676\" data-element_type=\"container\" data-e-type=\"container\">\n\t\t\t\t\t<div class=\"e-con-inner\">\n\t\t\t\t<div class=\"elementor-element elementor-element-6d0757bf elementor-widget elementor-widget-heading\" data-id=\"6d0757bf\" data-element_type=\"widget\" data-e-type=\"widget\" data-widget_type=\"heading.default\">\n\t\t\t\t\t<h2 class=\"elementor-heading-title elementor-size-default\">Persef\u00f3na, hli\u00f0st\u00e6\u00f0ur \u00ed \u00f6\u00f0rum menningarheimum<\/h2>\t\t\t\t<\/div>\n\t\t<div class=\"elementor-element elementor-element-60563f68 e-con-full e-flex e-con e-child\" data-id=\"60563f68\" data-element_type=\"container\" data-e-type=\"container\">\n\t\t\t\t<div class=\"elementor-element elementor-element-5a93fdd6 elementor-widget elementor-widget-text-editor\" data-id=\"5a93fdd6\" data-element_type=\"widget\" data-e-type=\"widget\" data-widget_type=\"text-editor.default\">\n\t\t\t\t\t\t\t\t\t<p>Svipa\u00f0ar undirheimagy\u00f0jur finnast \u00ed \u00f6\u00f0rum menningarheimum: Innana\/Ishtar (Mes\u00f3p\u00f3tam\u00eda) fer einnig um undirheima; Izanami (Japan) r\u00edkir yfir r\u00edki hinna l\u00e1tnu. Granatepli-atbur\u00f0ur Persef\u00f3nu minnir \u00e1 keltnesk undirheimagaldur og indverskar brottn\u00e1mss\u00f6gur. \u00c1rst\u00ed\u00f0abundinn hringferill hennar tengir hana vi\u00f0 gr\u00f3\u00f0urgo\u00f0m\u00f6gn eins og Osiris e\u00f0a D\u00ed\u00f3n\u00fdsos.<\/p>\t\t\t\t\t\t\t\t<\/div>\n\t\t\t\t<\/div>\n\t\t\t\t\t<\/div>\n\t\t\t\t<\/div>\n\t\t<div class=\"elementor-element elementor-element-cp8742374 e-flex e-con-boxed e-con e-parent\" data-id=\"cp8742374\" data-element_type=\"container\" data-e-type=\"container\">\n\t\t\t\t\t<div class=\"e-con-inner\">\n\t\t\t\t<div class=\"elementor-element elementor-element-cp23b39fb elementor-widget elementor-widget-heading\" data-id=\"cp23b39fb\" data-element_type=\"widget\" data-e-type=\"widget\" data-widget_type=\"heading.default\">\n\t\t\t\t\t<h2 class=\"elementor-heading-title elementor-size-default\">Brottn\u00e1m Persef\u00f3nu \u00ed H\u00f3mers\u00e1lmi til Demeter<\/h2>\t\t\t\t<\/div>\n\t\t<div class=\"elementor-element elementor-element-cp4da9781 e-con-full e-flex e-con e-child\" data-id=\"cp4da9781\" data-element_type=\"container\" data-e-type=\"container\">\n\t\t\t\t<div class=\"elementor-element elementor-element-cp9c8ea7c elementor-widget elementor-widget-text-editor\" data-id=\"cp9c8ea7c\" data-element_type=\"widget\" data-e-type=\"widget\" data-widget_type=\"text-editor.default\">\n\t\t\t\t\t\t\t\t\t<p>\u00cdtarlegasta <span class=\"iwg-fachbegriff\" data-tooltip=\"T\u00edmabil gr\u00edskrar og r\u00f3mverskrar menningar, um \u00fea\u00f0 bil 800 f.Kr. til 600 e.Kr.\" tabindex=\"0\">forna<\/span> fr\u00e1s\u00f6gnin af Persef\u00f3nu er \u00ed hinum svokalla\u00f0a h\u00f3merska s\u00e1lmi til <a href=\"https:\/\/iwell-guard.com\/is\/?page_id=168787\">Demeter<\/a>, texta sem var\u00f0 til \u00e1 7. e\u00f0a 6. \u00f6ld f.Kr.<\/p><p>Hann segir fr\u00e1 \u00fev\u00ed hvernig st\u00falkan, oftast k\u00f6llu\u00f0 <em>Kore<\/em> \u00ed s\u00e1lminum, \u00fea\u00f0 er einfaldlega st\u00falkan, safnar bl\u00f3mum \u00e1 engi. \u00deegar h\u00fan gr\u00edpur um s\u00e9rlega fagra p\u00e1skalilju opnast j\u00f6r\u00f0in og <a href=\"https:\/\/iwell-guard.com\/is\/?page_id=168716\">Hades<\/a> r\u00e6nir henni \u00e1 vagni s\u00ednum ni\u00f0ur \u00ed undirheima.<\/p><p>Demeter leitar d\u00f3ttur sinnar um alla j\u00f6r\u00f0ina \u00ed n\u00edu daga og f\u00e6r loks a\u00f0 vita hva\u00f0 ger\u00f0ist fr\u00e1 Hel\u00edosi, hinum alsj\u00e1andi s\u00f3lgu\u00f0i.<\/p><p>Af rei\u00f0i og sorg dregur h\u00fan sig \u00ed hl\u00e9 fr\u00e1 gu\u00f0unum, l\u00e6tur akrana ver\u00f0a \u00f3frj\u00f3a og h\u00f3tar a\u00f0 l\u00e1ta mannkyni\u00f0 hungra til dau\u00f0a. \u00dea\u00f0 er ekki fyrr en \u00fe\u00e1 a\u00f0 Seifur er neyddur til a\u00f0 l\u00e1ta undan og senda Hermes til undirheima til a\u00f0 n\u00e1 Persef\u00f3nu aftur.<\/p><p>Sagan af granateplakjarninu er afgerandi. \u00c1\u00f0ur en Persef\u00f3na fer \u00far undirheimum gefur Hades henni granateplakjarna a\u00f0 \u00e9ta. S\u00e1 sem hefur smakka\u00f0 f\u00e6\u00f0u hinna dau\u00f0u er bundinn undirheimunum. \u00deannig ver\u00f0ur ni\u00f0ursta\u00f0an s\u00fa m\u00e1lami\u00f0lun a\u00f0 Persef\u00f3na ver\u00f0ur a\u00f0 dvelja hluta \u00e1rsins hj\u00e1 Hades og hluta hj\u00e1 m\u00f3\u00f0ur sinni.<\/p><p>S\u00e1lmurinn tengir \u00feannig <span class=\"iwg-fachbegriff\" data-tooltip=\"Hef\u00f0bundin fr\u00e1s\u00f6gn um gu\u00f0i, uppruna og skipan heimsins.\" tabindex=\"0\">go\u00f0s\u00f6guna<\/span> beint vi\u00f0 \u00e1rst\u00ed\u00f0askiptin og vi\u00f0 v\u00f6xt og hnignun gr\u00f3\u00f0urs. \u00c1 sama t\u00edma er hann stofns\u00f6gn eleus\u00edsku launhelganna, sem textinn segir a\u00f0 Demeter sj\u00e1lf hafi komi\u00f0 \u00e1 f\u00f3t.<\/p>\t\t\t\t\t\t\t\t<\/div>\n\t\t\t\t<\/div>\n\t\t\t\t\t<\/div>\n\t\t\t\t<\/div>\n\t\t<div class=\"elementor-element elementor-element-cpfe3dad8 e-flex e-con-boxed e-con e-parent\" data-id=\"cpfe3dad8\" data-element_type=\"container\" data-e-type=\"container\">\n\t\t\t\t\t<div class=\"e-con-inner\">\n\t\t\t\t<div class=\"elementor-element elementor-element-cp24a098d elementor-widget elementor-widget-heading\" data-id=\"cp24a098d\" data-element_type=\"widget\" data-e-type=\"widget\" data-widget_type=\"heading.default\">\n\t\t\t\t\t<h2 class=\"elementor-heading-title elementor-size-default\">Drottning undirheima<\/h2>\t\t\t\t<\/div>\n\t\t<div class=\"elementor-element elementor-element-cp198d44d e-con-full e-flex e-con e-child\" data-id=\"cp198d44d\" data-element_type=\"container\" data-e-type=\"container\">\n\t\t\t\t<div class=\"elementor-element elementor-element-cpe43e879 elementor-widget elementor-widget-text-editor\" data-id=\"cpe43e879\" data-element_type=\"widget\" data-e-type=\"widget\" data-widget_type=\"text-editor.default\">\n\t\t\t\t\t\t\t\t\t<p>\u00de\u00f3tt r\u00e1nssagan m\u00f3ti mynd Persef\u00f3nu mj\u00f6g, er h\u00fan \u00ed hinni lifandi gr\u00edsku tr\u00faarhef\u00f0 fyrst og fremst drottning r\u00edkis hinna dau\u00f0u. Vi\u00f0 hli\u00f0 Hades r\u00edkir h\u00fan yfir hinum framli\u00f0nu, og \u00ed \u00fev\u00ed hlutverki kemur h\u00fan oftar fram og af meiri lotningu en sem st\u00falkan sem r\u00e6nt var.<\/p><p>Grikkir voru oft \u00f3f\u00fasir a\u00f0 nefna nafn hennar og k\u00f6llu\u00f0u hana me\u00f0 umskrifum, til d\u00e6mis <em>Hagne<\/em>, hina hreinu, e\u00f0a einfaldlega gy\u00f0juna.<\/p><p>\u00cd \u00feessu hlutverki kemur Persef\u00f3na fram \u00ed m\u00f6rgum b\u00f3kmenntalegum atri\u00f0um. \u00cd <em>\u00d3dysseifskvi\u00f0u<\/em> er \u00fea\u00f0 Persef\u00f3na sem sendir skara hinna dau\u00f0u upp til \u00d3dysseifs og hrekur \u00fe\u00e1 aftur brott.<\/p><p>\u00cd Orfeusar-go\u00f0s\u00f6gninni er h\u00fan s\u00fa sem l\u00e6tur snortast af s\u00f6ng sk\u00e1ldsins og veitir leyfi til a\u00f0 Evrid\u00eds sn\u00fai til baka. Einnig \u00e1 bannf\u00f3rnart\u00f6flum, hinum svok\u00f6llu\u00f0u <em>defixiones<\/em>, sem lag\u00f0ar voru \u00ed grafir hinna dau\u00f0u, er h\u00fan \u00e1k\u00f6llu\u00f0 sem m\u00e1ttarvald yfir skuggunum.<\/p><p>\u00deetta tv\u00ed\u00fe\u00e6tta hlutverk, d\u00f3ttir gr\u00f3\u00f0urgy\u00f0junnar og drottning hinna dau\u00f0u, hefur lengi veri\u00f0 ranns\u00f3knarefni. Walter Burkert lag\u00f0i \u00ed riti s\u00ednu <em>Griechische Religion<\/em> \u00e1herslu \u00e1 a\u00f0 \u00feessir tveir \u00fe\u00e6ttir eigi saman: korni\u00f0 ver\u00f0ur a\u00f0 fara ni\u00f0ur \u00ed j\u00f6r\u00f0ina, \u00ed myrkri\u00f0, til a\u00f0 n\u00fdtt l\u00edf megi ver\u00f0a til.<\/p><p>Persef\u00f3na er \u00feannig \u00edmynd tengsla dau\u00f0a og frj\u00f3semi, sem var beinl\u00ednis \u00e1\u00fereifanleg \u00ed akuryrkju; h\u00e9r er ekki um tv\u00f6 \u00f3tengd hlutverk a\u00f0 r\u00e6\u00f0a. S\u00fa vir\u00f0ing sem Grikkir s\u00fdndu henni \u00ed hlutverki drottningar undirheima s\u00fdnir a\u00f0 h\u00fan var s\u00ed\u00f0ur skilin sem <span class=\"iwg-fachbegriff\" data-tooltip=\"Gj\u00f6f til go\u00f0magns til a\u00f0 tj\u00e1 \u00feakkl\u00e6ti, b\u00f3n e\u00f0a lotningu.\" tabindex=\"0\">f\u00f3rnarlamb<\/span> gl\u00e6ps en sem alvarlegt heimsvald.<\/p>\t\t\t\t\t\t\t\t<\/div>\n\t\t\t\t<\/div>\n\t\t\t\t\t<\/div>\n\t\t\t\t<\/div>\n\t\t<div class=\"elementor-element elementor-element-cp9b8f38d e-flex e-con-boxed e-con e-parent\" data-id=\"cp9b8f38d\" data-element_type=\"container\" data-e-type=\"container\">\n\t\t\t\t\t<div class=\"e-con-inner\">\n\t\t\t\t<div class=\"elementor-element elementor-element-cp2bff7ff elementor-widget elementor-widget-heading\" data-id=\"cp2bff7ff\" data-element_type=\"widget\" data-e-type=\"widget\" data-widget_type=\"heading.default\">\n\t\t\t\t\t<h2 class=\"elementor-heading-title elementor-size-default\">Persef\u00f3na \u00ed eleus\u00edsku launhelgunum<\/h2>\t\t\t\t<\/div>\n\t\t<div class=\"elementor-element elementor-element-cp7292d98 e-con-full e-flex e-con e-child\" data-id=\"cp7292d98\" data-element_type=\"container\" data-e-type=\"container\">\n\t\t\t\t<div class=\"elementor-element elementor-element-cp6de0ebe elementor-widget elementor-widget-text-editor\" data-id=\"cp6de0ebe\" data-element_type=\"widget\" data-e-type=\"widget\" data-widget_type=\"text-editor.default\">\n\t\t\t\t\t\t\t\t\t<p><span class=\"iwg-fachbegriff\" data-tooltip=\"Heilagur sta\u00f0ur tileinka\u00f0ur d\u00fdrkun gu\u00f0s e\u00f0a gu\u00f0legrar veru.\" tabindex=\"0\">Helgista\u00f0urinn<\/span> \u00ed Eleusis n\u00e1l\u00e6gt A\u00feenu var mikilv\u00e6gasti sta\u00f0ur d\u00fdrkunar Persef\u00f3nu og Demeter \u00ed hinum gr\u00edska heimi.<\/p><p>\u00dear voru eleus\u00edsku leyndard\u00f3marnir haldnir \u00ed meira en \u00fe\u00fasund \u00e1r, v\u00edgsluathafnir sem \u00e1ttu a\u00f0 veita hinum innv\u00edg\u00f0u, <em>mystai<\/em>, betri von um \u00f6rl\u00f6g s\u00edn eftir dau\u00f0ann. S\u00e1lmurinn til Demeter rekur stofnun \u00feessarar d\u00fdrkunar til leitar Demeter a\u00f0 d\u00f3ttur sinni.<\/p><p>L\u00edti\u00f0 er vita\u00f0 um n\u00e1kv\u00e6mt framgangsm\u00e1ta hinna leynilegu helgiathafna, \u00fev\u00ed hinir innv\u00edg\u00f0u voru bundnir \u00feagnarheiti og h\u00e9ldu \u00fea\u00f0 me\u00f0 athyglisver\u00f0ri einur\u00f0.<\/p><p>Ytri umgj\u00f6r\u00f0in er \u00fe\u00f3 \u00f6rugg: <span class=\"iwg-fachbegriff\" data-tooltip=\"H\u00e1t\u00ed\u00f0leg tr\u00faarleg skr\u00fa\u00f0ganga.\" tabindex=\"0\">skr\u00fa\u00f0ganga<\/span> fr\u00e1 A\u00feenu til Eleusis eftir Heil\u00f6gu g\u00f6tunni, f\u00f6stut\u00edmar, s\u00e9rstakur drykkur, <em>kykeon<\/em>, og n\u00e6turh\u00e1t\u00ed\u00f0ir \u00ed Telesterion, hinni st\u00f3ru v\u00edgsluh\u00f6ll. \u00cd brennidepli vir\u00f0ist hafa veri\u00f0 svi\u00f0setning e\u00f0a vakning \u00f6rlaga gy\u00f0janna tveggja, allt fr\u00e1 a\u00f0skilna\u00f0i til endursameiningar.<\/p><p>Fr\u00e6\u00f0imenn hafa lengi r\u00e6tt hva\u00f0 hinum innv\u00edg\u00f0u var \u00ed raun heiti\u00f0 \u00fear og \u00ed hverju reynslan f\u00f3lst. <span class=\"iwg-fachbegriff\" data-tooltip=\"T\u00edmabil gr\u00edskrar og r\u00f3mverskrar menningar, um \u00fea\u00f0 bil 800 f.Kr. til 600 e.Kr.\" tabindex=\"0\">Forn<\/span> heimildir, allt fr\u00e1 Pindari til kristinna h\u00f6funda, benda til a\u00f0 leyndard\u00f3marnir hafi veitt huggun andsp\u00e6nis dau\u00f0anum.<\/p><p>Endurkoma Persef\u00f3nu \u00far undirheimum var \u00fear t\u00e1kn vonarinnar um a\u00f0 dau\u00f0i mannsins s\u00e9 ekki s\u00ed\u00f0asta or\u00f0i\u00f0.<\/p><p>Mikilv\u00e6gt er a\u00f0 taka fram edr\u00falega a\u00f0 vi\u00f0 \u00feekkjum ekki kjarnaath\u00f6fnina sj\u00e1lfa. Allar n\u00fat\u00edmat\u00falkanir, fr\u00e1 hlutl\u00e6gum sk\u00fdringum til \u00feeirra sem gera r\u00e1\u00f0 fyrir jurtaeitri e\u00f0a v\u00edmuefni \u00ed <em>kykeon<\/em>, eru \u00e1fram tilg\u00e1tur sem gl\u00edma vi\u00f0 v\u00edsvitandi g\u00f6t\u00f3tta heimildast\u00f6\u00f0u.<\/p>\t\t\t\t\t\t\t\t<\/div>\n\t\t\t\t<\/div>\n\t\t\t\t\t<\/div>\n\t\t\t\t<\/div>\n\t\t<div class=\"elementor-element elementor-element-cp60fe985 e-flex e-con-boxed e-con e-parent\" data-id=\"cp60fe985\" data-element_type=\"container\" data-e-type=\"container\">\n\t\t\t\t\t<div class=\"e-con-inner\">\n\t\t\t\t<div class=\"elementor-element elementor-element-cp75c4864 elementor-widget elementor-widget-heading\" data-id=\"cp75c4864\" data-element_type=\"widget\" data-e-type=\"widget\" data-widget_type=\"heading.default\">\n\t\t\t\t\t<h2 class=\"elementor-heading-title elementor-size-default\">T\u00e1knmyndir og tilbei\u00f0sla \u00e1 Sikiley og \u00ed Su\u00f0ur-\u00cdtal\u00edu<\/h2>\t\t\t\t<\/div>\n\t\t<div class=\"elementor-element elementor-element-cp2b58f9b e-con-full e-flex e-con e-child\" data-id=\"cp2b58f9b\" data-element_type=\"container\" data-e-type=\"container\">\n\t\t\t\t<div class=\"elementor-element elementor-element-cpbe4c059 elementor-widget elementor-widget-text-editor\" data-id=\"cpbe4c059\" data-element_type=\"widget\" data-e-type=\"widget\" data-widget_type=\"text-editor.default\">\n\t\t\t\t\t\t\t\t\t<p>\u00cd myndlist birtist Persef\u00f3na \u00ed tveimur meginmyndum. Sem K\u00f3ra er h\u00fan ungleg kvenkynsvera, oft me\u00f0 korn\u00f6x, blys e\u00f0a bl\u00f3m, og varla a\u00f0greinanleg fr\u00e1 \u00f6\u00f0rum ungum gy\u00f0jum.<\/p><p>Sem drottning undirheima situr h\u00fan \u00ed h\u00e1s\u00e6ti vi\u00f0 hli\u00f0 Hadesar, oft me\u00f0 veldissprota, stundum me\u00f0 granateplinu sem t\u00e1kn. Vasamyndir fr\u00e1 5. og 4. \u00f6ld f.Kr. s\u00fdna endurteki\u00f0 brottn\u00e1mi\u00f0 af Hadesi, vagninn, opna j\u00f6r\u00f0ina og Demetru \u00ed leit.<\/p><p>S\u00e9rstaklega mikil var d\u00fdrkunin \u00e1 Sikiley og \u00ed gr\u00edsku borgunum \u00ed Su\u00f0ur-\u00cdtal\u00edu. Sikiley var talin vera vettvangur brottn\u00e1msins; sv\u00e6\u00f0i\u00f0 vi\u00f0 Pergusa-vatni\u00f0 n\u00e1l\u00e6gt Enna var samsama\u00f0 bl\u00f3maenginu.<\/p><p>\u00cd Lokroi Epizephyrioi \u00ed Kalabr\u00edu fundust mikill fj\u00f6ldi leirtafla, hinar svok\u00f6llu\u00f0u pinakes, sem s\u00fdna atri\u00f0i \u00far go\u00f0s\u00f6gninni um Persef\u00f3nu og <span class=\"iwg-fachbegriff\" data-tooltip=\"Heildarsafn tr\u00faarlegra tilbei\u00f0sluathafna fyrir gu\u00f0 e\u00f0a heilagt vera.\" tabindex=\"0\">helgisi\u00f0um<\/span> hennar. \u00de\u00e6r veita f\u00e1g\u00e6ta inns\u00fdn \u00ed hugmyndaheim sta\u00f0bundins samf\u00e9lags og tengja Persef\u00f3nu \u00fear einnig vi\u00f0 hj\u00f3naband og hj\u00faskaparl\u00edf.<\/p><p>Mikilv\u00e6gi Persef\u00f3nu \u00ed \u00feessu sv\u00e6\u00f0i tengist efnahagsskipulaginu. Sikiley var eitt af st\u00e6rstu kornhl\u00f6\u00f0um hins forna heims, og gy\u00f0ja sem s\u00e1 um korni\u00f0 og undirheimana haf\u00f0i h\u00e9r fastan sess.<\/p><p>Cicero greinir \u00ed r\u00e6\u00f0um s\u00ednum gegn Verres \u00edtarlega fr\u00e1 hinu fr\u00e6ga <span class=\"iwg-fachbegriff\" data-tooltip=\"Heilagur sta\u00f0ur helga\u00f0ur tilbei\u00f0slu gu\u00f0s e\u00f0a heilagrar veru.\" tabindex=\"0\">helgista\u00f0<\/span> gy\u00f0junnar vi\u00f0 Enna og gu\u00f0lasti r\u00f3mverska landstj\u00f3rans gagnvart honum. Sl\u00edk vitni s\u00fdna a\u00f0 Persef\u00f3na var mun meira en pers\u00f3na \u00ed sk\u00e1ldskap: m\u00e1ttarvald sem helgista\u00f0ir hennar h\u00e9ldu \u00e1fram a\u00f0 nj\u00f3ta vir\u00f0ingar og au\u00f0leg\u00f0ar \u00e1 r\u00f3mverskum t\u00edma.<\/p>\t\t\t\t\t\t\t\t<\/div>\n\t\t\t\t<\/div>\n\t\t\t\t\t<\/div>\n\t\t\t\t<\/div>\n\t\t<div class=\"elementor-element elementor-element-36dd7469 e-flex e-con-boxed e-con e-parent\" data-id=\"36dd7469\" data-element_type=\"container\" data-e-type=\"container\">\n\t\t\t\t\t<div class=\"e-con-inner\">\n\t\t\t\t<div class=\"elementor-element elementor-element-13760ab4 elementor-widget elementor-widget-heading\" data-id=\"13760ab4\" data-element_type=\"widget\" data-e-type=\"widget\" data-widget_type=\"heading.default\">\n\t\t\t\t\t<h2 class=\"elementor-heading-title elementor-size-default\">\u00cdtarefni og tenglar<\/h2>\t\t\t\t<\/div>\n\t\t<div class=\"elementor-element elementor-element-28c87796 e-con-full e-flex e-con e-child\" data-id=\"28c87796\" data-element_type=\"container\" data-e-type=\"container\">\n\t\t\t\t<div class=\"elementor-element elementor-element-5d6538df elementor-widget elementor-widget-text-editor\" data-id=\"5d6538df\" data-element_type=\"widget\" data-e-type=\"widget\" data-widget_type=\"text-editor.default\">\n\t\t\t\t\t\t\t\t\t<ul><li><a href=\"https:\/\/iwell-guard.com\/is\/?page_id=168787\">Demetra, m\u00f3\u00f0ir<\/a><\/li><li><a href=\"https:\/\/iwell-guard.com\/is\/?page_id=168716\">Hades, eiginma\u00f0ur \u00ed undirheimum<\/a><\/li><li><a href=\"https:\/\/iwell-guard.com\/is\/?page_id=168601\">Hekate, f\u00f6runautur \u00ed go\u00f0s\u00f6gninni<\/a><\/li><li><a href=\"https:\/\/iwell-guard.com\/is\/?page_id=168759\">Proserp\u00edna, r\u00f3mverskt hli\u00f0st\u00e6\u00f0a<\/a><\/li><li><a href=\"https:\/\/iwell-guard.com\/is\/?page_id=168594\">Grikkland, yfirlit yfir go\u00f0heim<\/a><\/li><li><a href=\"https:\/\/iwell-guard.com\/is\/?page_id=168679\">Gu\u00f0ir, yfirlit yfir flokka<\/a><\/li><\/ul>\t\t\t\t\t\t\t\t<\/div>\n\t\t\t\t<\/div>\n\t\t\t\t\t<\/div>\n\t\t\t\t<\/div>\n\t\t<div class=\"elementor-element elementor-element-grl4kl40 e-flex e-con-boxed e-con e-parent\" data-id=\"grl4kl40\" data-element_type=\"container\" data-e-type=\"container\">\n\t\t\t\t\t<div class=\"e-con-inner\">\n\t\t\t\t<div class=\"elementor-element elementor-element-bzsbfrmh elementor-widget elementor-widget-heading\" data-id=\"bzsbfrmh\" data-element_type=\"widget\" data-e-type=\"widget\" data-widget_type=\"heading.default\">\n\t\t\t\t\t<h2 class=\"elementor-heading-title elementor-size-default\">Heimildir og fr\u00e6\u00f0irit<\/h2>\t\t\t\t<\/div>\n\t\t<div class=\"elementor-element elementor-element-2c13224a e-con-full e-flex e-con e-child\" data-id=\"2c13224a\" data-element_type=\"container\" data-e-type=\"container\">\n\t\t\t\t<div class=\"elementor-element elementor-element-0eymh9ub elementor-widget elementor-widget-text-editor\" data-id=\"0eymh9ub\" data-element_type=\"widget\" data-e-type=\"widget\" data-widget_type=\"text-editor.default\">\n\t\t\t\t\t\t\t\t\t<footer class=\"iwg-literatur\" data-nosnippet=\"true\"><ul><li><span data-nosnippet>Burkert, Walter: <em><span class=\"iwg-fachbegriff\" data-tooltip=\"T\u00edmabil gr\u00edskrar og r\u00f3mverskrar menningar, um 800 f.Kr. til 600 e.Kr.\" tabindex=\"0\">Antike<\/span> Mysterien. Funktionen und Gehalt<\/em>. M\u00fcnchen 1990.<\/span><\/li><li><span data-nosnippet>Foley, Helene P.: <em>The Homeric Hymn to Demeter<\/em>. Princeton 1994.<\/span><\/li><li><span data-nosnippet>Clinton, Kevin: <em>Myth and Cult. The Iconography of the Eleusinian Mysteries<\/em>. Stockholm 1992.<\/span><\/li><li>Walde, Christine (Hg.): <em>Der Neue Pauly<\/em> (uppflettior\u00f0 \u201ePersephone\u201c).<\/li><li>Pausanias: <em>Beschreibung Griechenlands<\/em>, Buch I (Eleusis).<\/li><\/ul><\/footer>\n<p class=\"iwg-bib-more\"><span data-nosnippet>Fleiri grunnrit \u00ed <a href=\"https:\/\/iwell-guard.com\/is\/?page_id=168730\">heimildaskr\u00e1nni<\/a>.<\/span><\/p>\t\t\t\t\t\t\t\t<\/div>\n\t\t\t\t<\/div>\n\t\t\t\t\t<\/div>\n\t\t\t\t<\/div>\n\t\t<div class=\"elementor-element elementor-element-iwgkw2-add-persephone e-flex e-con-boxed e-con e-parent\" data-id=\"iwgkw2-add-persephone\" data-element_type=\"container\" data-e-type=\"container\">\n\t\t\t\t\t<div class=\"e-con-inner\">\n\t\t\t\t<div class=\"elementor-element elementor-element-iwgkw2-add-persephone-t elementor-widget elementor-widget-text-editor\" data-id=\"iwgkw2-add-persephone-t\" data-element_type=\"widget\" data-e-type=\"widget\" data-widget_type=\"text-editor.default\">\n\t\t\t\t\t\t\t\t\t<p>\u00cd gr\u00edskri <em><span class=\"iwg-fachbegriff\" data-tooltip=\"Heildarsafn go\u00f0sagna sem var\u00f0veist hafa \u00ed menningu.\" tabindex=\"0\">go\u00f0afr\u00e6\u00f0i<\/span><\/em> er Persef\u00f3na t\u00e1knmynd \u00e1rst\u00ed\u00f0askiptanna: sem d\u00f3ttir Demetru og eiginkona Hadesar skiptir h\u00fan \u00e1ri s\u00ednu milli yfirheima og undirheima, og h\u00fan er d\u00fdrku\u00f0 sem K\u00f3ra \u00ed eleus\u00ednsku helgileikjunum.<\/p>\t\t\t\t\t\t\t\t<\/div>\n\t\t\t\t\t<\/div>\n\t\t\t\t<\/div>\n\t\t<div class=\"elementor-element elementor-element-c678c54 e-con-boxed e-flex e-con e-parent\" data-id=\"c678c54\" data-element_type=\"container\" data-e-type=\"container\">\n\t\t\t\t\t<div class=\"e-con-inner\">\n\t\t\t\t<div class=\"elementor-element elementor-element-c343e0f elementor-widget elementor-widget-text-editor\" data-id=\"c343e0f\" data-element_type=\"widget\" data-e-type=\"widget\" data-widget_type=\"text-editor.default\">\n\t\t\t\t\t\t\t\t\t\n<h2>Algengar spurningar um Persef\u00f3nu<\/h2>\n<div class=\"iwg-faq-q\"><h3>Hver er Persef\u00f3na \u00ed gr\u00edskri <span class=\"iwg-fachbegriff\" data-tooltip=\"Heild yfirf\u00e6r\u00f0ra gu\u00f0asagna einnar menningar.\" tabindex=\"0\">go\u00f0afr\u00e6\u00f0i<\/span>?<\/h3><p>Persef\u00f3na (\u00e1 r\u00f3mversku Proserp\u00edna) er d\u00f3ttir Demeter (uppskerugy\u00f0ju) og Seifs. Kjarni <span class=\"iwg-fachbegriff\" data-tooltip=\"Hef\u00f0bundin fr\u00e1s\u00f6gn um gu\u00f0i, uppruna og skipan heimsins.\" tabindex=\"0\">go\u00f0s\u00f6gunnar<\/span>: Persef\u00f3nu er r\u00e6nt af Hadesi, herra undirheimanna. Demeter syrgir svo mj\u00f6g a\u00f0 j\u00f6r\u00f0in ver\u00f0ur \u00f3frj\u00f3.<\/p><p>Seifur mi\u00f0lar m\u00e1lum, og Persef\u00f3na f\u00e6r a\u00f0 vera tvo \u00feri\u00f0ju hluta \u00e1rsins hj\u00e1 m\u00f3\u00f0ur sinni (vor, sumar, haust) og einn \u00feri\u00f0ja sem drottning undirheimanna (vetur). \u00deessi <span class=\"iwg-fachbegriff\" data-tooltip=\"Hef\u00f0bundin fr\u00e1s\u00f6gn um gu\u00f0i, uppruna og skipan heimsins.\" tabindex=\"0\">go\u00f0s\u00f6gn<\/span> er tr\u00faarleg sk\u00fdring \u00e1 \u00e1rst\u00ed\u00f0ahringnum og grundv\u00f6llur eleus\u00edsku leyndard\u00f3manna.<\/p><\/div>\n<div class=\"iwg-faq-q\"><h3>Hva\u00f0 voru eleus\u00edsku leyndard\u00f3marnir?<\/h3><p>Eleus\u00edsku leyndard\u00f3marnir voru mikilv\u00e6gasta leyndard\u00f3mad\u00fdrkun hins forna Grikklands, i\u00f0ku\u00f0 \u00ed t\u00e6p tv\u00f6 \u00fe\u00fasund \u00e1r (um 1500 f.Kr. til 392 e.Kr.).<\/p><p>\u00cd <span class=\"iwg-fachbegriff\" data-tooltip=\"Heilagur sta\u00f0ur tileinka\u00f0ur d\u00fdrkun gu\u00f0s e\u00f0a gu\u00f0legrar veru.\" tabindex=\"0\">helgista\u00f0num<\/span> \u00ed Eleusis n\u00e1l\u00e6gt A\u00feenu upplif\u00f0u hinir innv\u00edg\u00f0u leikrit Demeter og Persef\u00f3nu sem <span class=\"iwg-fachbegriff\" data-tooltip=\"Helgiath\u00f6fn \u00fear sem einhver er tekinn inn \u00ed n\u00fdja st\u00f6\u00f0u e\u00f0a samf\u00e9lag.\" tabindex=\"0\">v\u00edgslu<\/span>, sem lofor\u00f0 um a\u00f0 dau\u00f0inn v\u00e6ri ekki endalokin. N\u00e1kv\u00e6mar athafnir voru undir str\u00f6ngustu leynd (eleus\u00edska \u00feagnarskyldan). Me\u00f0al fr\u00e6gra innv\u00edg\u00f0ra voru me\u00f0al annars S\u00f3f\u00f3kles, Platon, Cicero, \u00c1g\u00fastus og Mark\u00fas \u00c1rel\u00edus.<\/p><\/div>\n<script type=\"application\/ld+json\">{\"@context\":\"https:\/\/schema.org\",\"@type\":\"FAQPage\",\"mainEntity\":[{\"@type\":\"Question\",\"name\":\"Wer ist Persephone in der griechischen Mythologie?\",\"acceptedAnswer\":{\"@type\":\"Answer\",\"text\":\"Persephone (r\u00f6misch Proserpina) ist die Tochter der Demeter (Ernteg\u00f6ttin) und des Zeus. Der zentrale Mythos: Persephone wird von Hades, dem Herrscher der Unterwelt, geraubt. Demeter trauert so sehr, dass die Erde d\u00fcrr wird.Zeus vermittelt, Persephone darf zwei Drittel des Jahres bei der Mutter (Fr\u00fchling, Sommer, Herbst), ein Drittel als K\u00f6nigin der Unterwelt verbringen (Winter). Dieser Mythos ist die religi\u00f6se Erkl\u00e4rung des Jahreszyklus und Grundlage der Eleusinischen Mysterien.\"}},{\"@type\":\"Question\",\"name\":\"Was waren die Eleusinischen Mysterien?\",\"acceptedAnswer\":{\"@type\":\"Answer\",\"text\":\"Die Eleusinischen Mysterien waren der wichtigste Mysterienkult des antiken Griechenlands, \u00fcber fast zweitausend Jahre praktiziert (etwa 1500 v. Chr. bis 392 n. Chr.).Im Heiligtum von Eleusis bei Athen erlebten Eingeweihte das Drama von Demeter und Persephone als Initiation, als Versprechen, dass auch der Tod nicht das Ende bedeutet. Die genauen Riten waren strengstes Geheimnis (Eleusinische Schweigepflicht). Ber\u00fchmte Eingeweihte waren u.a. Sophokles, Platon, Cicero, Augustus und Marc Aurel.\"}}]}<\/script>\t\t\t\t\t\t\t\t<\/div>\n\t\t\t\t\t<\/div>\n\t\t\t\t<\/div>\n\t\t\t\t<\/div>\n\t\t","protected":false},"excerpt":{"rendered":"","protected":false},"author":3,"featured_media":1725,"parent":0,"menu_order":0,"comment_status":"closed","ping_status":"closed","template":"elementor_header_footer","meta":{"_yoast_wpseo_focuskw":"Persef\u00f3na","_yoast_wpseo_title":"Persef\u00f3na \u2013 gr\u00edsk gy\u00f0ja undirheimanna","_yoast_wpseo_metadesc":"D\u00f3ttir Demetru, drottning undirheimanna, granatepli og eleus\u00ednsku launhelgarnar. T\u00e1kn dau\u00f0a, endurf\u00e6\u00f0ingar og \u00e1rst\u00ed\u00f0ahringsins.","_yoast_wpseo_meta-robots-noindex":"","_yoast_wpseo_canonical":"","_angie_page":false,"gefaehrdungsstufe":"2","wesen_kultur":"griechenland","wesen_klasse":"goetter","footnotes":""},"categories":[],"class_list":["post-168750","page","type-page","status-publish","has-post-thumbnail","hentry"],"yoast_head":"<!-- This site is optimized with the Yoast SEO Premium plugin v27.7 (Yoast SEO v28.3) - https:\/\/yoast.com\/product\/yoast-seo-premium-wordpress\/ -->\n<title>Persef\u00f3na \u2013 gr\u00edsk gy\u00f0ja undirheimanna<\/title>\n<meta name=\"description\" content=\"D\u00f3ttir Demetru, drottning undirheimanna, granatepli og eleus\u00ednsku launhelgarnar. T\u00e1kn dau\u00f0a, endurf\u00e6\u00f0ingar og \u00e1rst\u00ed\u00f0ahringsins.\" \/>\n<meta name=\"robots\" content=\"index, follow, max-snippet:-1, max-image-preview:large, max-video-preview:-1\" \/>\n<link rel=\"canonical\" href=\"https:\/\/iwell-guard.com\/is\/persefona\/\" \/>\n<meta property=\"og:locale\" content=\"is_IS\" \/>\n<meta property=\"og:type\" content=\"article\" \/>\n<meta property=\"og:title\" content=\"Persef\u00f3na\" \/>\n<meta property=\"og:description\" content=\"D\u00f3ttir Demetru, drottning undirheimanna, granatepli og eleus\u00ednsku launhelgarnar. T\u00e1kn dau\u00f0a, endurf\u00e6\u00f0ingar og \u00e1rst\u00ed\u00f0ahringsins.\" \/>\n<meta property=\"og:url\" content=\"https:\/\/iwell-guard.com\/is\/persefona\/\" \/>\n<meta property=\"og:site_name\" content=\"iWell Guard\" \/>\n<meta property=\"article:modified_time\" content=\"2026-09-05T14:18:27+00:00\" \/>\n<meta property=\"og:image\" content=\"https:\/\/iwell-guard.com\/wp-content\/uploads\/2026\/04\/goetter_griechenland_persephone.webp\" \/>\n\t<meta property=\"og:image:width\" content=\"1024\" \/>\n\t<meta property=\"og:image:height\" content=\"1536\" \/>\n\t<meta property=\"og:image:type\" content=\"image\/webp\" \/>\n<meta name=\"twitter:card\" content=\"summary_large_image\" \/>\n<script type=\"application\/ld+json\" class=\"yoast-schema-graph\">{\"@context\":\"https:\\\/\\\/schema.org\",\"@graph\":[{\"@type\":\"WebPage\",\"@id\":\"https:\\\/\\\/iwell-guard.com\\\/is\\\/persefona\\\/\",\"url\":\"https:\\\/\\\/iwell-guard.com\\\/is\\\/persefona\\\/\",\"name\":\"Persef\u00f3na \u2013 gr\u00edsk gy\u00f0ja undirheimanna\",\"isPartOf\":{\"@id\":\"https:\\\/\\\/iwell-guard.com\\\/is\\\/#website\"},\"primaryImageOfPage\":{\"@id\":\"https:\\\/\\\/iwell-guard.com\\\/is\\\/persefona\\\/#primaryimage\"},\"image\":{\"@id\":\"https:\\\/\\\/iwell-guard.com\\\/is\\\/persefona\\\/#primaryimage\"},\"thumbnailUrl\":\"https:\\\/\\\/iwell-guard.com\\\/wp-content\\\/uploads\\\/2026\\\/04\\\/goetter_griechenland_persephone.webp\",\"datePublished\":\"2026-09-05T14:02:40+00:00\",\"dateModified\":\"2026-09-05T14:18:27+00:00\",\"description\":\"D\u00f3ttir Demetru, drottning undirheimanna, granatepli og eleus\u00ednsku launhelgarnar. T\u00e1kn dau\u00f0a, endurf\u00e6\u00f0ingar og \u00e1rst\u00ed\u00f0ahringsins.\",\"breadcrumb\":{\"@id\":\"https:\\\/\\\/iwell-guard.com\\\/is\\\/persefona\\\/#breadcrumb\"},\"inLanguage\":\"is\",\"potentialAction\":[{\"@type\":\"ReadAction\",\"target\":[\"https:\\\/\\\/iwell-guard.com\\\/is\\\/persefona\\\/\"]}]},{\"@type\":\"ImageObject\",\"inLanguage\":\"is\",\"@id\":\"https:\\\/\\\/iwell-guard.com\\\/is\\\/persefona\\\/#primaryimage\",\"url\":\"https:\\\/\\\/iwell-guard.com\\\/wp-content\\\/uploads\\\/2026\\\/04\\\/goetter_griechenland_persephone.webp\",\"contentUrl\":\"https:\\\/\\\/iwell-guard.com\\\/wp-content\\\/uploads\\\/2026\\\/04\\\/goetter_griechenland_persephone.webp\",\"width\":1024,\"height\":1536,\"caption\":\"Gu\u00f0ir \u00far gr\u00edskri hef\u00f0.\"},{\"@type\":\"BreadcrumbList\",\"@id\":\"https:\\\/\\\/iwell-guard.com\\\/is\\\/persefona\\\/#breadcrumb\",\"itemListElement\":[{\"@type\":\"ListItem\",\"position\":1,\"name\":\"Start\",\"item\":\"https:\\\/\\\/iwell-guard.com\\\/is\\\/?page_id=168580\"},{\"@type\":\"ListItem\",\"position\":2,\"name\":\"Persef\u00f3na\"}]},{\"@type\":\"WebSite\",\"@id\":\"https:\\\/\\\/iwell-guard.com\\\/is\\\/#website\",\"url\":\"https:\\\/\\\/iwell-guard.com\\\/is\\\/\",\"name\":\"iWell Guard\",\"description\":\"Schutz vor dunklen Einfl\u00fcssen\",\"publisher\":{\"@id\":\"https:\\\/\\\/iwell-guard.com\\\/is\\\/#organization\"},\"potentialAction\":[{\"@type\":\"SearchAction\",\"target\":{\"@type\":\"EntryPoint\",\"urlTemplate\":\"https:\\\/\\\/iwell-guard.com\\\/is\\\/?s={search_term_string}\"},\"query-input\":{\"@type\":\"PropertyValueSpecification\",\"valueRequired\":true,\"valueName\":\"search_term_string\"}}],\"inLanguage\":\"is\"},{\"@type\":\"Organization\",\"@id\":\"https:\\\/\\\/iwell-guard.com\\\/is\\\/#organization\",\"name\":\"Ittermann electronic GmbH\",\"url\":\"https:\\\/\\\/iwell-guard.com\\\/is\\\/\",\"logo\":{\"@type\":\"ImageObject\",\"inLanguage\":\"is\",\"@id\":\"https:\\\/\\\/iwell-guard.com\\\/is\\\/#\\\/schema\\\/logo\\\/image\\\/\",\"url\":\"https:\\\/\\\/iwell-guard.com\\\/wp-content\\\/uploads\\\/2026\\\/05\\\/Ittermann-Logo-1182x237-1.png\",\"contentUrl\":\"https:\\\/\\\/iwell-guard.com\\\/wp-content\\\/uploads\\\/2026\\\/05\\\/Ittermann-Logo-1182x237-1.png\",\"width\":1182,\"height\":237,\"caption\":\"Ittermann electronic GmbH\"},\"image\":{\"@id\":\"https:\\\/\\\/iwell-guard.com\\\/is\\\/#\\\/schema\\\/logo\\\/image\\\/\"},\"sameAs\":[\"https:\\\/\\\/pantip.com\\\/profile\\\/9367242\",\"https:\\\/\\\/micro.blog\\\/iwellguard\",\"https:\\\/\\\/www.diggerslist.com\\\/iwellguard\\\/about\",\"https:\\\/\\\/skitterphoto.com\\\/photographers\\\/2870314\\\/iwell-guard\",\"https:\\\/\\\/iwellguard.wordpress.com\\\/2026\\\/06\\\/06\\\/iwell-guard\\\/\",\"https:\\\/\\\/hub.docker.com\\\/u\\\/iwellguard\",\"https:\\\/\\\/www.pinterest.com\\\/iwellguard\\\/\",\"https:\\\/\\\/bit.ly\\\/m\\\/iwellguard\",\"https:\\\/\\\/entre-vos-mains.alsace.eu\\\/profiles\\\/iwellguard\\\/activity\",\"https:\\\/\\\/gravatar.com\\\/reallybeded8fd34\",\"https:\\\/\\\/naijamatta.com\\\/iwellguard\",\"https:\\\/\\\/www.goodreads.com\\\/iwellguard\",\"https:\\\/\\\/profile.hatena.ne.jp\\\/iwellguard\\\/\",\"https:\\\/\\\/experiment.com\\\/users\\\/iwellguard\",\"https:\\\/\\\/wakelet.com\\\/@iWellGuard82270\",\"https:\\\/\\\/www.chordie.com\\\/forum\\\/profile.php?id=2555664\",\"https:\\\/\\\/www.instapaper.com\\\/p\\\/17757966\",\"https:\\\/\\\/www.mapleprimes.com\\\/users\\\/iwellguard\",\"https:\\\/\\\/businesslistingplus.com\\\/profile\\\/iwell-guard\\\/\",\"https:\\\/\\\/telegra.ph\\\/iWell-Guard-06-06\",\"https:\\\/\\\/pbase.com\\\/iwellguard\\\/iwellguard\",\"https:\\\/\\\/b.hatena.ne.jp\\\/iwellguard\\\/20260607#bookmark-4788405196491818882\",\"https:\\\/\\\/fliphtml5.com\\\/home\\\/iwellguard\",\"https:\\\/\\\/anyflip.com\\\/homepage\\\/cmiwl#About\",\"https:\\\/\\\/transfur.com\\\/Users\\\/iwellguard\",\"http:\\\/\\\/delphi.larsbo.org\\\/user\\\/iwellguard\",\"https:\\\/\\\/jobs.lajobsportal.org\\\/profiles\\\/8380803-iwell-guard\",\"https:\\\/\\\/md.chaosdorf.de\\\/s\\\/jfbe5SBdJD\",\"https:\\\/\\\/www.lingvolive.com\\\/en-us\\\/profile\\\/9ecaeaca-ce11-4e51-9e71-01d55e2bff36\\\/translations\",\"https:\\\/\\\/www.fitday.com\\\/fitness\\\/forums\\\/members\\\/iwellguard.html\",\"https:\\\/\\\/www.mymeetbook.com\\\/iwellguard\",\"https:\\\/\\\/pxhere.com\\\/en\\\/photographer-me\\\/5040798\",\"https:\\\/\\\/disqus.com\\\/by\\\/iwellguard\\\/about\\\/\",\"https:\\\/\\\/pastelink.net\\\/hjwciqwq\",\"https:\\\/\\\/pubhtml5.com\\\/homepage\\\/scjhn\\\/\",\"https:\\\/\\\/www.bitchute.com\\\/channel\\\/2O2eOKzNqujT\",\"https:\\\/\\\/audiomack.com\\\/iwellguard\"]},{\"@type\":\"Article\",\"@id\":\"https:\\\/\\\/iwell-guard.com\\\/is\\\/persefona\\\/#article\",\"isPartOf\":{\"@id\":\"https:\\\/\\\/iwell-guard.com\\\/is\\\/persefona\\\/\"},\"author\":{\"name\":\"Ralf Ittermann\",\"@id\":\"https:\\\/\\\/iwell-guard.com\\\/is\\\/#\\\/schema\\\/person\\\/ee2a27f1cac3406c7c6fb5820cb7349f\"},\"headline\":\"Persef\u00f3na\",\"datePublished\":\"2026-09-05T14:02:40+00:00\",\"dateModified\":\"2026-09-05T14:18:27+00:00\",\"mainEntityOfPage\":{\"@id\":\"https:\\\/\\\/iwell-guard.com\\\/is\\\/persefona\\\/\"},\"publisher\":{\"@id\":\"https:\\\/\\\/iwell-guard.com\\\/is\\\/#organization\"},\"image\":{\"@id\":\"https:\\\/\\\/iwell-guard.com\\\/is\\\/persefona\\\/#primaryimage\"},\"thumbnailUrl\":\"https:\\\/\\\/iwell-guard.com\\\/wp-content\\\/uploads\\\/2026\\\/04\\\/goetter_griechenland_persephone.webp\",\"inLanguage\":\"is\",\"description\":\"D\u00f3ttir Demetru, drottning undirheimanna, granatepli og eleus\u00ednsku launhelgarnar. T\u00e1kn dau\u00f0a, endurf\u00e6\u00f0ingar og \u00e1rst\u00ed\u00f0ahringsins.\"}]}<\/script>\n<!-- \/ Yoast SEO Premium plugin. -->","yoast_head_json":{"title":"Persef\u00f3na \u2013 gr\u00edsk gy\u00f0ja undirheimanna","description":"D\u00f3ttir Demetru, drottning undirheimanna, granatepli og eleus\u00ednsku launhelgarnar. T\u00e1kn dau\u00f0a, endurf\u00e6\u00f0ingar og \u00e1rst\u00ed\u00f0ahringsins.","robots":{"index":"index","follow":"follow","max-snippet":"max-snippet:-1","max-image-preview":"max-image-preview:large","max-video-preview":"max-video-preview:-1"},"canonical":"https:\/\/iwell-guard.com\/is\/persefona\/","og_locale":"is_IS","og_type":"article","og_title":"Persef\u00f3na","og_description":"D\u00f3ttir Demetru, drottning undirheimanna, granatepli og eleus\u00ednsku launhelgarnar. T\u00e1kn dau\u00f0a, endurf\u00e6\u00f0ingar og \u00e1rst\u00ed\u00f0ahringsins.","og_url":"https:\/\/iwell-guard.com\/is\/persefona\/","og_site_name":"iWell Guard","article_modified_time":"2026-09-05T14:18:27+00:00","og_image":[{"width":1024,"height":1536,"url":"https:\/\/iwell-guard.com\/wp-content\/uploads\/2026\/04\/goetter_griechenland_persephone.webp","type":"image\/webp"}],"twitter_card":"summary_large_image","schema":{"@context":"https:\/\/schema.org","@graph":[{"@type":"Article","@id":"https:\/\/iwell-guard.com\/is\/persefona\/#article","isPartOf":{"@id":"https:\/\/iwell-guard.com\/is\/persefona\/"},"author":{"name":"Ralf Ittermann","@id":"https:\/\/iwell-guard.com\/is\/#\/schema\/person\/ee2a27f1cac3406c7c6fb5820cb7349f"},"headline":"Persef\u00f3na","datePublished":"2026-09-05T14:02:40+00:00","dateModified":"2026-09-05T14:18:27+00:00","mainEntityOfPage":{"@id":"https:\/\/iwell-guard.com\/is\/persefona\/"},"publisher":{"@id":"https:\/\/iwell-guard.com\/is\/#organization"},"image":{"@id":"https:\/\/iwell-guard.com\/is\/persefona\/#primaryimage"},"thumbnailUrl":"https:\/\/iwell-guard.com\/wp-content\/uploads\/2026\/04\/goetter_griechenland_persephone.webp","inLanguage":"is","description":"D\u00f3ttir Demetru, drottning undirheimanna, granatepli og eleus\u00ednsku launhelgarnar. T\u00e1kn dau\u00f0a, endurf\u00e6\u00f0ingar og \u00e1rst\u00ed\u00f0ahringsins."},{"@type":"WebPage","@id":"https:\/\/iwell-guard.com\/is\/persefona\/","url":"https:\/\/iwell-guard.com\/is\/persefona\/","name":"Persef\u00f3na \u2013 gr\u00edsk gy\u00f0ja undirheimanna","isPartOf":{"@id":"https:\/\/iwell-guard.com\/is\/#website"},"primaryImageOfPage":{"@id":"https:\/\/iwell-guard.com\/is\/persefona\/#primaryimage"},"image":{"@id":"https:\/\/iwell-guard.com\/is\/persefona\/#primaryimage"},"thumbnailUrl":"https:\/\/iwell-guard.com\/wp-content\/uploads\/2026\/04\/goetter_griechenland_persephone.webp","datePublished":"2026-09-05T14:02:40+00:00","dateModified":"2026-09-05T14:18:27+00:00","description":"D\u00f3ttir Demetru, drottning undirheimanna, granatepli og eleus\u00ednsku launhelgarnar. T\u00e1kn dau\u00f0a, endurf\u00e6\u00f0ingar og \u00e1rst\u00ed\u00f0ahringsins.","breadcrumb":{"@id":"https:\/\/iwell-guard.com\/is\/persefona\/#breadcrumb"},"inLanguage":"is","potentialAction":[{"@type":"ReadAction","target":["https:\/\/iwell-guard.com\/is\/persefona\/"]}]},{"@type":"ImageObject","inLanguage":"is","@id":"https:\/\/iwell-guard.com\/is\/persefona\/#primaryimage","url":"https:\/\/iwell-guard.com\/wp-content\/uploads\/2026\/04\/goetter_griechenland_persephone.webp","contentUrl":"https:\/\/iwell-guard.com\/wp-content\/uploads\/2026\/04\/goetter_griechenland_persephone.webp","width":1024,"height":1536,"caption":"Gu\u00f0ir \u00far gr\u00edskri hef\u00f0."},{"@type":"BreadcrumbList","@id":"https:\/\/iwell-guard.com\/is\/persefona\/#breadcrumb","itemListElement":[{"@type":"ListItem","position":1,"name":"Start","item":"https:\/\/iwell-guard.com\/is\/?page_id=168580"},{"@type":"ListItem","position":2,"name":"Persef\u00f3na"}]},{"@type":"WebSite","@id":"https:\/\/iwell-guard.com\/is\/#website","url":"https:\/\/iwell-guard.com\/is\/","name":"iWell Guard","description":"Schutz vor dunklen Einfl\u00fcssen","publisher":{"@id":"https:\/\/iwell-guard.com\/is\/#organization"},"potentialAction":[{"@type":"SearchAction","target":{"@type":"EntryPoint","urlTemplate":"https:\/\/iwell-guard.com\/is\/?s={search_term_string}"},"query-input":{"@type":"PropertyValueSpecification","valueRequired":true,"valueName":"search_term_string"}}],"inLanguage":"is"},{"@type":"Organization","@id":"https:\/\/iwell-guard.com\/is\/#organization","name":"Ittermann electronic GmbH","url":"https:\/\/iwell-guard.com\/is\/","logo":{"@type":"ImageObject","inLanguage":"is","@id":"https:\/\/iwell-guard.com\/is\/#\/schema\/logo\/image\/","url":"https:\/\/iwell-guard.com\/wp-content\/uploads\/2026\/05\/Ittermann-Logo-1182x237-1.png","contentUrl":"https:\/\/iwell-guard.com\/wp-content\/uploads\/2026\/05\/Ittermann-Logo-1182x237-1.png","width":1182,"height":237,"caption":"Ittermann electronic GmbH"},"image":{"@id":"https:\/\/iwell-guard.com\/is\/#\/schema\/logo\/image\/"},"sameAs":["https:\/\/pantip.com\/profile\/9367242","https:\/\/micro.blog\/iwellguard","https:\/\/www.diggerslist.com\/iwellguard\/about","https:\/\/skitterphoto.com\/photographers\/2870314\/iwell-guard","https:\/\/iwellguard.wordpress.com\/2026\/06\/06\/iwell-guard\/","https:\/\/hub.docker.com\/u\/iwellguard","https:\/\/www.pinterest.com\/iwellguard\/","https:\/\/bit.ly\/m\/iwellguard","https:\/\/entre-vos-mains.alsace.eu\/profiles\/iwellguard\/activity","https:\/\/gravatar.com\/reallybeded8fd34","https:\/\/naijamatta.com\/iwellguard","https:\/\/www.goodreads.com\/iwellguard","https:\/\/profile.hatena.ne.jp\/iwellguard\/","https:\/\/experiment.com\/users\/iwellguard","https:\/\/wakelet.com\/@iWellGuard82270","https:\/\/www.chordie.com\/forum\/profile.php?id=2555664","https:\/\/www.instapaper.com\/p\/17757966","https:\/\/www.mapleprimes.com\/users\/iwellguard","https:\/\/businesslistingplus.com\/profile\/iwell-guard\/","https:\/\/telegra.ph\/iWell-Guard-06-06","https:\/\/pbase.com\/iwellguard\/iwellguard","https:\/\/b.hatena.ne.jp\/iwellguard\/20260607#bookmark-4788405196491818882","https:\/\/fliphtml5.com\/home\/iwellguard","https:\/\/anyflip.com\/homepage\/cmiwl#About","https:\/\/transfur.com\/Users\/iwellguard","http:\/\/delphi.larsbo.org\/user\/iwellguard","https:\/\/jobs.lajobsportal.org\/profiles\/8380803-iwell-guard","https:\/\/md.chaosdorf.de\/s\/jfbe5SBdJD","https:\/\/www.lingvolive.com\/en-us\/profile\/9ecaeaca-ce11-4e51-9e71-01d55e2bff36\/translations","https:\/\/www.fitday.com\/fitness\/forums\/members\/iwellguard.html","https:\/\/www.mymeetbook.com\/iwellguard","https:\/\/pxhere.com\/en\/photographer-me\/5040798","https:\/\/disqus.com\/by\/iwellguard\/about\/","https:\/\/pastelink.net\/hjwciqwq","https:\/\/pubhtml5.com\/homepage\/scjhn\/","https:\/\/www.bitchute.com\/channel\/2O2eOKzNqujT","https:\/\/audiomack.com\/iwellguard"]},{"@type":"Person","@id":"https:\/\/iwell-guard.com\/is\/#\/schema\/person\/ee2a27f1cac3406c7c6fb5820cb7349f","name":"Ralf Ittermann","image":{"@type":"ImageObject","inLanguage":"is","@id":"https:\/\/secure.gravatar.com\/avatar\/073c0153e350a5005b68eb752b445fea71f6b24a26da9449ad7e155e6b446c9d?s=96&d=mm&r=g","url":"https:\/\/secure.gravatar.com\/avatar\/073c0153e350a5005b68eb752b445fea71f6b24a26da9449ad7e155e6b446c9d?s=96&d=mm&r=g","contentUrl":"https:\/\/secure.gravatar.com\/avatar\/073c0153e350a5005b68eb752b445fea71f6b24a26da9449ad7e155e6b446c9d?s=96&d=mm&r=g","caption":"Ralf Ittermann"},"givenName":"Ralf","familyName":"Ittermann","jobTitle":"Gesch\u00e4ftsf\u00fchrer und redaktioneller Verantwortlicher","url":"https:\/\/iwell-guard.com\/is\/author\/claude\/","description":"Ralf Ittermann ist Gesch\u00e4ftsf\u00fchrer der Ittermann electronic GmbH und redaktioneller Verantwortlicher des iWell-Guard-Lexikons. Er verbindet langj\u00e4hrige Erfahrung in der Pr\u00e4zisionsfertigung mit medialer Praxis und religionsgeschichtlicher Quellenarbeit.","worksFor":{"@type":"Organization","name":"Ittermann electronic GmbH","url":"https:\/\/ittermann.de\/","address":{"@type":"PostalAddress","streetAddress":"K\u00f6hlergasse 16-18","postalCode":"99842","addressLocality":"Ruhla","addressCountry":"DE"}},"knowsAbout":["Religionsgeschichte","Mythologie","Mediale Praxis","Energetische Diagnostik","Schutzpraxis","Volksglauben","Westliche Esoterik"]},{"@type":"Article","@id":"https:\/\/iwell-guard.com\/is\/persefona\/#article","isPartOf":{"@id":"https:\/\/iwell-guard.com\/is\/persefona\/"},"author":{"name":"Ralf Ittermann","@id":"https:\/\/iwell-guard.com\/is\/#\/schema\/person\/ee2a27f1cac3406c7c6fb5820cb7349f"},"headline":"Persef\u00f3na","datePublished":"2026-09-05T14:02:40+00:00","dateModified":"2026-09-05T14:18:27+00:00","mainEntityOfPage":{"@id":"https:\/\/iwell-guard.com\/is\/persefona\/"},"publisher":{"@id":"https:\/\/iwell-guard.com\/is\/#organization"},"image":{"@id":"https:\/\/iwell-guard.com\/is\/persefona\/#primaryimage"},"thumbnailUrl":"https:\/\/iwell-guard.com\/wp-content\/uploads\/2026\/04\/goetter_griechenland_persephone.webp","inLanguage":"is","description":"D\u00f3ttir Demetru, drottning undirheimanna, granatepli og eleus\u00ednsku launhelgarnar. T\u00e1kn dau\u00f0a, endurf\u00e6\u00f0ingar og \u00e1rst\u00ed\u00f0ahringsins."}]}},"_links":{"self":[{"href":"https:\/\/iwell-guard.com\/is\/wp-json\/wp\/v2\/pages\/168750","targetHints":{"allow":["GET"]}}],"collection":[{"href":"https:\/\/iwell-guard.com\/is\/wp-json\/wp\/v2\/pages"}],"about":[{"href":"https:\/\/iwell-guard.com\/is\/wp-json\/wp\/v2\/types\/page"}],"author":[{"embeddable":true,"href":"https:\/\/iwell-guard.com\/is\/wp-json\/wp\/v2\/users\/3"}],"replies":[{"embeddable":true,"href":"https:\/\/iwell-guard.com\/is\/wp-json\/wp\/v2\/comments?post=168750"}],"version-history":[{"count":0,"href":"https:\/\/iwell-guard.com\/is\/wp-json\/wp\/v2\/pages\/168750\/revisions"}],"wp:featuredmedia":[{"embeddable":true,"href":"https:\/\/iwell-guard.com\/is\/wp-json\/wp\/v2\/media\/1725"}],"wp:attachment":[{"href":"https:\/\/iwell-guard.com\/is\/wp-json\/wp\/v2\/media?parent=168750"}],"wp:term":[{"taxonomy":"category","embeddable":true,"href":"https:\/\/iwell-guard.com\/is\/wp-json\/wp\/v2\/categories?post=168750"}],"curies":[{"name":"wp","href":"https:\/\/api.w.org\/{rel}","templated":true}]}}